{"id":145208,"date":"2026-09-03T16:28:06","date_gmt":"2026-09-03T16:28:06","guid":{"rendered":"https:\/\/iwell-guard.com\/?page_id=145208"},"modified":"2026-09-03T16:49:45","modified_gmt":"2026-09-03T16:49:45","slug":"hlasy-a-zkusenosti","status":"publish","type":"page","link":"https:\/\/iwell-guard.com\/cs\/hlasy-a-zkusenosti\/","title":{"rendered":"Hlasy a zku\u0161enosti"},"content":{"rendered":"\t\t<div data-elementor-type=\"wp-page\" data-elementor-id=\"145208\" class=\"elementor elementor-145208 elementor-1795 elementor-bc-flex-widget\" data-elementor-post-type=\"page\">\n\t\t\t\t<div class=\"elementor-element elementor-element-am-erfhub-hero e-flex e-con-boxed e-con e-parent\" data-id=\"am-erfhub-hero\" data-element_type=\"container\" data-e-type=\"container\" data-settings=\"{&quot;background_background&quot;:&quot;classic&quot;}\">\n\t\t\t\t\t<div class=\"e-con-inner\">\n\t\t<div class=\"elementor-element elementor-element-am-erfhub-herohl e-flex e-con-boxed e-con e-child\" data-id=\"am-erfhub-herohl\" data-element_type=\"container\" data-e-type=\"container\">\n\t\t\t\t\t<div class=\"e-con-inner\">\n\t\t<div class=\"elementor-element elementor-element-am-erfhub-h1lead e-con-full e-flex e-con e-child\" data-id=\"am-erfhub-h1lead\" data-element_type=\"container\" data-e-type=\"container\">\n\t\t\t\t<div class=\"elementor-element elementor-element-am-erfhub-h1w elementor-widget elementor-widget-heading\" data-id=\"am-erfhub-h1w\" data-element_type=\"widget\" data-e-type=\"widget\" data-widget_type=\"heading.default\">\n\t\t\t\t\t<h1 class=\"elementor-heading-title elementor-size-default\">Hlasy a zku\u0161enosti<\/h1>\t\t\t\t<\/div>\n\t\t\t\t<div class=\"elementor-element elementor-element-am-erfhub-lead elementor-widget elementor-widget-text-editor\" data-id=\"am-erfhub-lead\" data-element_type=\"widget\" data-e-type=\"widget\" data-widget_type=\"text-editor.default\">\n\t\t\t\t\t\t\t\t\t<p>Zku\u0161enosti s iWell Guard od nositelek a nositel\u016f z r\u016fzn\u00fdch pozorovac\u00edch pozic. Tento p\u0159ehled p\u0159edstavuje metodick\u00e9 za\u0159azen\u00ed p\u0159\u00edsp\u011bvk\u016f, podm\u00ednky ochrany osobn\u00edch \u00fadaj\u016f a mo\u017enost vlastn\u00edho zasl\u00e1n\u00ed zku\u0161enosti.<\/p>\t\t\t\t\t\t\t\t<\/div>\n\t\t\t\t<\/div>\n\t\t<div class=\"elementor-element elementor-element-am-erfhub-klsbdg e-con-full e-flex e-con e-parent\" data-id=\"am-erfhub-klsbdg\" data-element_type=\"container\" data-e-type=\"container\">\n\t\t\t\t<div class=\"elementor-element elementor-element-am-erfhub-klshtm elementor-widget elementor-widget-html\" data-id=\"am-erfhub-klshtm\" data-element_type=\"widget\" data-e-type=\"widget\" data-widget_type=\"html.default\">\n\t\t\t\t\t<div class=\"iwg-pill-row\"><span class=\"iwg-klasse-badge\" tabindex=\"0\" data-tooltip=\"Sb\u00edrka hlas\u016f: zku\u0161enosti jednotliv\u00fdch nositel\u016f s vn\u00edm\u00e1n\u00edm iWell Guard, metodicky uspo\u0159\u00e1dan\u00e9 podle typu autora.\">Hlasy<\/span><span class=\"iwg-kultur-badge\" tabindex=\"0\" data-tooltip=\"Vlastn\u00ed kategorie zdroj\u016f vedle religionisticko-historick\u00fdch zdroj\u016f, medi\u00e1ln\u00edch informac\u00ed a vnit\u0159n\u00ed nauky tradice iWell Guard.\">Vlastn\u00ed zku\u0161enosti<\/span><\/div>\t\t\t\t<\/div>\n\t\t\t\t<\/div>\n\t\t<div class=\"elementor-element elementor-element-am-erfhub-tocbox e-con-full e-flex e-con e-child\" data-id=\"am-erfhub-tocbox\" data-element_type=\"container\" data-e-type=\"container\">\n\t\t\t\t<div class=\"elementor-element elementor-element-am-erfhub-toc elementor-toc--minimized-on-tablet elementor-widget elementor-widget-table-of-contents\" data-id=\"am-erfhub-toc\" data-element_type=\"widget\" data-e-type=\"widget\" data-settings=\"{&quot;exclude_headings_by_selector&quot;:[],&quot;no_headings_message&quot;:&quot;Na t\\u00e9to str\\u00e1nce nebyly nalezeny \\u017e\\u00e1dn\\u00e9 nadpisy.&quot;,&quot;headings_by_tags&quot;:[&quot;h2&quot;,&quot;h3&quot;],&quot;marker_view&quot;:&quot;bullets&quot;,&quot;minimize_box&quot;:&quot;yes&quot;,&quot;icon&quot;:{&quot;value&quot;:&quot;fas fa-circle&quot;,&quot;library&quot;:&quot;fa-solid&quot;,&quot;rendered_tag&quot;:&quot;&lt;svg class=\\&quot;e-font-icon-svg e-fas-circle\\&quot; viewBox=\\&quot;0 0 512 512\\&quot; xmlns=\\&quot;http:\\\/\\\/www.w3.org\\\/2000\\\/svg\\&quot;&gt;&lt;path d=\\&quot;M256 8C119 8 8 119 8 256s111 248 248 248 248-111 248-248S393 8 256 8z\\&quot;&gt;&lt;\\\/path&gt;&lt;\\\/svg&gt;&quot;},&quot;minimized_on&quot;:&quot;tablet&quot;,&quot;hierarchical_view&quot;:&quot;yes&quot;,&quot;min_height&quot;:{&quot;unit&quot;:&quot;px&quot;,&quot;size&quot;:&quot;&quot;,&quot;sizes&quot;:[]},&quot;min_height_tablet&quot;:{&quot;unit&quot;:&quot;px&quot;,&quot;size&quot;:&quot;&quot;,&quot;sizes&quot;:[]},&quot;min_height_mobile&quot;:{&quot;unit&quot;:&quot;px&quot;,&quot;size&quot;:&quot;&quot;,&quot;sizes&quot;:[]}}\" data-widget_type=\"table-of-contents.default\">\n\t\t\t\t\t\t\t\t\t<div class=\"elementor-toc__header\">\n\t\t\t\t\t\t<h2 class=\"elementor-toc__header-title\">\n\t\t\t\tObsah\t\t\t<\/h2>\n\t\t\t\t\t\t\t\t\t\t<div class=\"elementor-toc__toggle-button elementor-toc__toggle-button--expand\" role=\"button\" tabindex=\"0\" aria-controls=\"elementor-toc__am-erfhub-toc\" aria-expanded=\"true\" aria-label=\"Open table of contents\"><svg aria-hidden=\"true\" class=\"e-font-icon-svg e-fas-chevron-down\" viewBox=\"0 0 448 512\" xmlns=\"http:\/\/www.w3.org\/2000\/svg\"><path d=\"M207.029 381.476L12.686 187.132c-9.373-9.373-9.373-24.569 0-33.941l22.667-22.667c9.357-9.357 24.522-9.375 33.901-.04L224 284.505l154.745-154.021c9.379-9.335 24.544-9.317 33.901.04l22.667 22.667c9.373 9.373 9.373 24.569 0 33.941L240.971 381.476c-9.373 9.372-24.569 9.372-33.942 0z\"><\/path><\/svg><\/div>\n\t\t\t\t<div class=\"elementor-toc__toggle-button elementor-toc__toggle-button--collapse\" role=\"button\" tabindex=\"0\" aria-controls=\"elementor-toc__am-erfhub-toc\" aria-expanded=\"true\" aria-label=\"Close table of contents\"><svg aria-hidden=\"true\" class=\"e-font-icon-svg e-fas-chevron-up\" viewBox=\"0 0 448 512\" xmlns=\"http:\/\/www.w3.org\/2000\/svg\"><path d=\"M240.971 130.524l194.343 194.343c9.373 9.373 9.373 24.569 0 33.941l-22.667 22.667c-9.357 9.357-24.522 9.375-33.901.04L224 227.495 69.255 381.516c-9.379 9.335-24.544 9.317-33.901-.04l-22.667-22.667c-9.373-9.373-9.373-24.569 0-33.941L207.03 130.525c9.372-9.373 24.568-9.373 33.941-.001z\"><\/path><\/svg><\/div>\n\t\t\t\t\t<\/div>\n\t\t\t\t<div id=\"elementor-toc__am-erfhub-toc\" class=\"elementor-toc__body\">\n\t\t\t<div class=\"elementor-toc__spinner-container\">\n\t\t\t\t<svg class=\"elementor-toc__spinner eicon-animation-spin e-font-icon-svg e-eicon-loading\" aria-hidden=\"true\" viewBox=\"0 0 1000 1000\" xmlns=\"http:\/\/www.w3.org\/2000\/svg\"><path d=\"M500 975V858C696 858 858 696 858 500S696 142 500 142 142 304 142 500H25C25 237 238 25 500 25S975 237 975 500 763 975 500 975Z\"><\/path><\/svg>\t\t\t<\/div>\n\t\t<\/div>\n\t\t\t\t\t\t<\/div>\n\t\t\t\t<\/div>\n\t\t\t\t\t<\/div>\n\t\t\t\t<\/div>\n\t\t<div class=\"elementor-element elementor-element-am-erfhub-herorg e-flex e-con-boxed e-con e-child\" data-id=\"am-erfhub-herorg\" data-element_type=\"container\" data-e-type=\"container\">\n\t\t\t\t\t<div class=\"e-con-inner\">\n\t\t\t\t<div class=\"elementor-element elementor-element-am-erfhub-heroim iwg-hero-image elementor-widget elementor-widget-image\" data-id=\"am-erfhub-heroim\" data-element_type=\"widget\" data-e-type=\"widget\" data-widget_type=\"image.default\">\n\t\t\t\t\t\t\t\t\t\t\t\t\t\t\t<img fetchpriority=\"high\" decoding=\"async\" width=\"800\" height=\"441\" src=\"https:\/\/iwell-guard.com\/wp-content\/uploads\/2026\/05\/Lava-1200x661-Hintergrund-sym-1024x564.webp\" class=\"attachment-large size-large wp-image-2259\" alt=\"iWell Guard Schutzanh\u00e4nger, schwarzer Karbonfaser-Chip mit goldfarbenen Akzenten\" srcset=\"https:\/\/iwell-guard.com\/wp-content\/uploads\/2026\/05\/Lava-1200x661-Hintergrund-sym-1024x564.webp 1024w, https:\/\/iwell-guard.com\/wp-content\/uploads\/2026\/05\/Lava-1200x661-Hintergrund-sym-300x165.webp 300w, https:\/\/iwell-guard.com\/wp-content\/uploads\/2026\/05\/Lava-1200x661-Hintergrund-sym-768x423.webp 768w, https:\/\/iwell-guard.com\/wp-content\/uploads\/2026\/05\/Lava-1200x661-Hintergrund-sym.webp 1200w\" sizes=\"(max-width: 800px) 100vw, 800px\" \/>\t\t\t\t\t\t\t\t\t\t\t\t\t\t\t<\/div>\n\t\t\t\t\t<\/div>\n\t\t\t\t<\/div>\n\t\t\t\t\t<\/div>\n\t\t\t\t<\/div>\n\t\t<div class=\"elementor-element elementor-element-klaerung1777529180 e-con-boxed e-flex e-con e-parent\" data-id=\"klaerung1777529180\" data-element_type=\"container\" data-e-type=\"container\">\n\t\t\t\t\t<div class=\"e-con-inner\">\n\t\t\t\t<div class=\"elementor-element elementor-element-klar1777529180 elementor-widget elementor-widget-text-editor\" data-id=\"klar1777529180\" data-element_type=\"widget\" data-e-type=\"widget\" data-widget_type=\"text-editor.default\">\n\t\t\t\t\t\t\t\t\t\n<p data-nosnippet=\"true\"><em>Na t\u00e9to str\u00e1nce shroma\u017e\u010fujeme <strong>zku\u0161enosti<\/strong> nositelek a nositel\u016f ochrann\u00e9ho p\u0159\u00edv\u011bsku, vy\u0161kolen\u00fdch m\u00e9di\u00ed, energetick\u00fdch prakti\u010dek a citliv\u00fdch soukrom\u00fdch osob. Ka\u017ed\u00fd <strong>hlas<\/strong> je jmenovit\u011b ozna\u010den, metodicky za\u0159azen a formulov\u00e1n bez slibu vyl\u00e9\u010den\u00ed.<\/em><\/p><p>Ve st\u0159edu t\u011bchto zku\u0161enost\u00ed stoj\u00ed <strong>ochrann\u00fd p\u0159\u00edv\u011bsek<\/strong> iWell Guard jako praktick\u00fd n\u00e1stroj, s jeho\u017e pomoc\u00ed byly zde zaznamenan\u00e9 \u00fa\u010dinky pro\u017eity.<\/p>\t\t\t\t\t\t\t\t<\/div>\n\t\t\t\t\t<\/div>\n\t\t\t\t<\/div>\n\t\t<div class=\"elementor-element elementor-element-clstrsec1777543109 e-con-boxed e-flex e-con e-parent\" data-id=\"clstrsec1777543109\" data-element_type=\"container\" data-e-type=\"container\">\n\t\t\t\t\t<div class=\"e-con-inner\">\n\t\t\t\t<div class=\"elementor-element elementor-element-h21777543109 elementor-widget elementor-widget-heading\" data-id=\"h21777543109\" data-element_type=\"widget\" data-e-type=\"widget\" data-widget_type=\"heading.default\">\n\t\t\t\t\t<h2 class=\"elementor-heading-title elementor-size-default\">Zku\u0161enosti: hlasy vy\u0161kolen\u00fdch m\u00e9di\u00ed<\/h2>\t\t\t\t<\/div>\n\t\t\t\t<div class=\"elementor-element elementor-element-txt1777543109 elementor-widget elementor-widget-text-editor\" data-id=\"txt1777543109\" data-element_type=\"widget\" data-e-type=\"widget\" data-widget_type=\"text-editor.default\">\n\t\t\t\t\t\t\t\t\t\n<p>Na t\u00e9to str\u00e1nce stoj\u00ed v centru zku\u0161enosti, v\u00fdpov\u011bdi vy\u0161kolen\u00fdch m\u00e9di\u00ed, energetick\u00fdch prakti\u010dek a citliv\u00fdch nositelek, kter\u00e9 p\u0159\u00edv\u011bsek nos\u00ed v b\u011b\u017en\u00e9m \u017eivot\u011b. Ka\u017ed\u00fd hlas je jmenovit\u011b ozna\u010den.<\/p><p data-nosnippet=\"true\">Zku\u0161enosti zve\u0159ej\u0148ujeme pouze s v\u00fdslovn\u00fdm souhlasem a s jasn\u00fdm upozorn\u011bn\u00edm, \u017ee se jedn\u00e1 o osobn\u00ed vjemy, nikoli sliby vyl\u00e9\u010den\u00ed nebo v\u011bdeck\u00fd d\u016fkaz.<\/p><p>Metodick\u00e9 za\u0159azen\u00ed ka\u017ed\u00e9ho jednotliv\u00e9ho hlasu najdete v \u010d\u00e1sti <a href=\"https:\/\/iwell-guard.com\/cs\/?page_id=145207\">Metodika<\/a>; n\u00e1stroj energetick\u00e9 diagnostiky pod odkazem <a href=\"https:\/\/iwell-guard.com\/cs\/?page_id=145253\">Prov\u011b\u0159en\u00ed v kosmick\u00e9m informa\u010dn\u00edm poli<\/a>.<\/p>\t\t\t\t\t\t\t\t<\/div>\n\t\t\t\t\t<\/div>\n\t\t\t\t<\/div>\n\t\t<div class=\"elementor-element elementor-element-x404-s0 e-con-boxed e-flex e-con e-parent\" data-id=\"x404-s0\" data-element_type=\"container\" data-e-type=\"container\">\n\t\t\t\t\t<div class=\"e-con-inner\">\n\t\t\t\t<div class=\"elementor-element elementor-element-x404-h0 elementor-widget elementor-widget-heading\" data-id=\"x404-h0\" data-element_type=\"widget\" data-e-type=\"widget\" data-widget_type=\"heading.default\">\n\t\t\t\t\t<h2 class=\"elementor-heading-title elementor-size-default\">\u00davod<\/h2>\t\t\t\t<\/div>\n\t\t<div class=\"elementor-element elementor-element-x404-s0-bw e-flex e-con-boxed e-con e-parent\" data-id=\"x404-s0-bw\" data-element_type=\"container\" data-e-type=\"container\" data-settings=\"{&quot;background_background&quot;:&quot;classic&quot;}\">\n\t\t\t\t\t<div class=\"e-con-inner\">\n\t\t\t\t<div class=\"elementor-element elementor-element-x404-t0 elementor-widget elementor-widget-text-editor\" data-id=\"x404-t0\" data-element_type=\"widget\" data-e-type=\"widget\" data-widget_type=\"text-editor.default\">\n\t\t\t\t\t\t\t\t\t<p>Zde shroma\u017e\u010fujeme zku\u0161enosti lid\u00ed, kte\u0159\u00ed p\u0159\u00edv\u011bsek pou\u017e\u00edvaj\u00ed. Hlavn\u00edmi c\u00edlov\u00fdmi skupinami, od nich\u017e n\u00e1m p\u0159ich\u00e1z\u00ed obzvl\u00e1\u0161t\u011b mnoho reakc\u00ed, jsou vy\u0161kolen\u00e1 m\u00e9dia a citliv\u00ed lid\u00e9, tedy osoby, kter\u00e9 d\u00edky sv\u00fdm percep\u010dn\u00edm schopnostem nebo energetick\u00e9 citlivosti mohou obzvl\u00e1\u0161t\u011b diferencovan\u011b za\u0159adit to, co vn\u00edmaj\u00ed.<\/p><p>V\u0161echny p\u0159\u00edsp\u011bvky jsou zde uvedeny s v\u00fdslovn\u00fdm souhlasem jejich autor\u016f. Kdo sv\u016fj souhlas odvol\u00e1, jeho p\u0159\u00edsp\u011bvek je neprodlen\u011b odstran\u011bn. Anonymizovan\u00e9 p\u0159\u00edsp\u011bvky nesou ozna\u010den\u00ed role (\u201em\u00e9dium\u201c, \u201ecitliv\u00fd \u010dlov\u011bk\u201c, \u201el\u00e9\u010ditelka\u201c), aby \u010dten\u00e1\u0159 mohl za\u0159adit perspektivu. Obsahov\u011b p\u0159\u00edsp\u011bvky nikdy neupravujeme, formulace nevyhlazujeme a kr\u00e1t\u00edme je pouze se souhlasem autor\u016f.<\/p><div><h3>Postaven\u00ed zku\u0161enost\u00ed v metodice iWell Guard<\/h3><p>Zku\u0161enosti tvo\u0159\u00ed na iWell Guard vlastn\u00ed, metodicky jasn\u011b vyzna\u010denou kategorii zdroj\u016f. Stoj\u00ed vedle t\u0159\u00ed dal\u0161\u00edch kategori\u00ed zdroj\u016f, kter\u00e9 na webu pou\u017e\u00edv\u00e1me: religionisticko-akademick\u00e9 zdroje (citovan\u00e9 s uveden\u00edm autora, d\u00edla a roku), medi\u00e1ln\u00ed informace z kosmick\u00e9ho informa\u010dn\u00edho pole (viz <a href=\"https:\/\/iwell-guard.com\/cs\/?page_id=145207\">Metodika<\/a>) a vnit\u0159n\u00ed nauka tradice iWell Guard.<\/p><p>Zku\u0161enosti nejsou v\u011bdeck\u00fdmi d\u016fkazy, n\u00fdbr\u017e subjektivn\u00edmi v\u00fdpov\u011b\u010fmi jednotliv\u00fdch nositelek a nositel\u016f o jejich vn\u00edm\u00e1n\u00ed p\u0159\u00edv\u011bsku.<\/p><p>P\u0159\u00edsp\u011bvky posuzujeme podle pozorovac\u00ed pozice autora: vy\u0161kolen\u00e1 m\u00e9dia a lid\u00e9 s v\u00fdraznou energetickou citlivost\u00ed obvykle poskytuj\u00ed diferencovan\u011bj\u0161\u00ed pozorov\u00e1n\u00ed, proto\u017ee dok\u00e1\u017eou rozli\u0161it energetick\u00e9 vrstvy, kter\u00e9 pro ostatn\u00ed z\u016fst\u00e1vaj\u00ed neviditeln\u00e9.<\/p><p>P\u0159\u00edsp\u011bvky soukrom\u00fdch osob nejsou o nic m\u00e9n\u011b hodnotn\u00e9, popisuj\u00ed v\u0161ak sp\u00ed\u0161e rovinu \u00fa\u010dinku v b\u011b\u017en\u00e9m \u017eivot\u011b ne\u017e energetickou hloubkovou strukturu. Ob\u011b perspektivy pat\u0159\u00ed do jednoho p\u0159ehledu, kter\u00fd dokumentuje p\u0159\u00edv\u011bsek v cel\u00e9 jeho \u0161\u00ed\u0159i.<\/p><\/div>\t\t\t\t\t\t\t\t<\/div>\n\t\t\t\t\t<\/div>\n\t\t\t\t<\/div>\n\t\t\t\t\t<\/div>\n\t\t\t\t<\/div>\n\t\t<div class=\"elementor-element elementor-element-x404-s1 e-con-boxed e-flex e-con e-parent\" data-id=\"x404-s1\" data-element_type=\"container\" data-e-type=\"container\">\n\t\t\t\t\t<div class=\"e-con-inner\">\n\t\t\t\t<div class=\"elementor-element elementor-element-x404-h1 elementor-widget elementor-widget-heading\" data-id=\"x404-h1\" data-element_type=\"widget\" data-e-type=\"widget\" data-widget_type=\"heading.default\">\n\t\t\t\t\t<h2 class=\"elementor-heading-title elementor-size-default\">Souhlas a transparentnost<\/h2>\t\t\t\t<\/div>\n\t\t<div class=\"elementor-element elementor-element-x404-s1-bw e-flex e-con-boxed e-con e-parent\" data-id=\"x404-s1-bw\" data-element_type=\"container\" data-e-type=\"container\" data-settings=\"{&quot;background_background&quot;:&quot;classic&quot;}\">\n\t\t\t\t\t<div class=\"e-con-inner\">\n\t\t\t\t<div class=\"elementor-element elementor-element-x404-t1 elementor-widget elementor-widget-text-editor\" data-id=\"x404-t1\" data-element_type=\"widget\" data-e-type=\"widget\" data-widget_type=\"text-editor.default\">\n\t\t\t\t\t\t\t\t\t<p>Zve\u0159ej\u0148ujeme zde pouze to, co dok\u00e1\u017eeme dolo\u017eit: ka\u017ed\u00fd souhlas je p\u00edsemn\u011b zdokumentov\u00e1n (e-mailem, dopisem nebo webov\u00fdm formul\u00e1\u0159em se za\u0161krt\u00e1vac\u00edm polem souhlasu). Osobn\u00ed \u00fadaje autor\u016f v pln\u00e9m zn\u011bn\u00ed z\u016fst\u00e1vaj\u00ed intern\u00ed, na webu se zobrazuje pouze zobrazovan\u00e9 jm\u00e9no podle dohodnut\u00e9 \u00farovn\u011b anonymizace.<\/p><p>Pokud autor sv\u016fj souhlas odvol\u00e1, p\u0159\u00edsp\u011bvek neprodlen\u011b odstran\u00edme (GDPR \u010dl. 7 odst. 3, pr\u00e1vo na odvol\u00e1n\u00ed souhlasu). Na reakce k jednotliv\u00fdm p\u0159\u00edsp\u011bvk\u016fm odpov\u00edd\u00e1me transparentn\u011b.<\/p><div><h3>Pr\u00e1vn\u00ed r\u00e1mec ochrany osobn\u00edch \u00fadaj\u016f<\/h3><p>Zku\u0161enosti zve\u0159ej\u0148ujeme v\u00fdhradn\u011b na z\u00e1klad\u011b p\u00edsemn\u00e9ho souhlasu autor\u016f ve smyslu \u010dl. 7 obecn\u00e9ho na\u0159\u00edzen\u00ed o ochran\u011b osobn\u00edch \u00fadaj\u016f (GDPR). Osobn\u00ed \u00fadaje autor\u016f v pln\u00e9m zn\u011bn\u00ed z\u016fst\u00e1vaj\u00ed intern\u00ed a nejsou p\u0159ed\u00e1v\u00e1ny t\u0159et\u00edm stran\u00e1m.<\/p><p>Na webu se zobrazuje pouze zobrazovan\u00e9 jm\u00e9no podle \u00farovn\u011b anonymizace dohodnut\u00e9 s autorem (cel\u00e9 jm\u00e9no, k\u0159estn\u00ed jm\u00e9no a inici\u00e1la, ozna\u010den\u00ed role jako \u201em\u00e9dium\u201c nebo \u201ecitliv\u00fd \u010dlov\u011bk\u201c, nebo \u00fapln\u00e1 anonymita). Zvolen\u00e1 \u00farove\u0148 je viditeln\u00e1 p\u0159\u00edmo v p\u0159\u00edsp\u011bvku.<\/p><p>Ka\u017ed\u00fd souhlas lze kdykoli odvolat (\u010dl. 7 odst. 3 GDPR). V p\u0159\u00edpad\u011b odvol\u00e1n\u00ed odstran\u00edme p\u0159\u00edsp\u011bvek do deseti pracovn\u00edch dn\u016f. Podrobn\u00fd pr\u00e1vn\u00ed v\u00fdklad obsahuje na\u0161e <a href=\"https:\/\/iwell-guard.com\/cs\/?page_id=145250\">Prohl\u00e1\u0161en\u00ed o ochran\u011b osobn\u00edch \u00fadaj\u016f<\/a>; s \u017e\u00e1dostmi o n\u00e1hled do \u00fadaj\u016f ulo\u017een\u00fdch k va\u0161\u00ed osob\u011b se obra\u0165te na e-mailovou adresu uvedenou v <a href=\"https:\/\/iwell-guard.com\/cs\/?page_id=145249\">tir\u00e1\u017ei<\/a>.<\/p><\/div><div><h3>Co zku\u0161enosti nejsou<\/h3><p data-nosnippet=\"true\">Zku\u0161enosti na iWell Guard nejsou v\u011bdeck\u00fdmi studiemi \u00fa\u010dinnosti, nejsou medic\u00ednsk\u00fdmi sliby vyl\u00e9\u010den\u00ed a nejsou z\u00e1rukami individu\u00e1ln\u00edch z\u00e1\u017eitk\u016f. Jsou subjektivn\u00edmi vjemy jednotliv\u00fdch osob, kter\u00e9 sv\u00e9 pozorov\u00e1n\u00ed uvolnily ke zve\u0159ejn\u011bn\u00ed se souhlasem. Jin\u00ed nositel\u00e9 mohou m\u00edt jin\u00e9 vjemy; to je metodicky o\u010dek\u00e1vateln\u00e9 a nen\u00ed v rozporu.<\/p><p data-nosnippet=\"true\">Z pr\u00e1vn\u00edch d\u016fvod\u016f d\u00e1le upozor\u0148ujeme: zku\u0161enosti nenahrazuj\u00ed l\u00e9ka\u0159skou, psychologickou ani pr\u00e1vn\u00ed poradu. Kdo se pot\u00fdk\u00e1 se zdravotn\u00edmi symptomy nebo akutn\u00ed kriz\u00ed, m\u011bl by vyhledat kvalifikovan\u00e9 odborn\u00edky. iWell Guard je ochrann\u00fd p\u0159\u00edv\u011bsek, nikoli zdravotnick\u00fd prost\u0159edek ve smyslu pr\u00e1vn\u00edch p\u0159edpis\u016f o zdravotnick\u00fdch prost\u0159edc\u00edch. \u00dapln\u00e9 pr\u00e1vn\u00ed za\u0159azen\u00ed obsahuje str\u00e1nka <a href=\"https:\/\/iwell-guard.com\/cs\/?page_id=145402\">Pr\u00e1vn\u00ed upozorn\u011bn\u00ed<\/a>.<\/p><\/div>\t\t\t\t\t\t\t\t<\/div>\n\t\t\t\t\t<\/div>\n\t\t\t\t<\/div>\n\t\t\t\t\t<\/div>\n\t\t\t\t<\/div>\n\t\t<div class=\"elementor-element elementor-element-x404-s2 e-con-boxed e-flex e-con e-parent\" data-id=\"x404-s2\" data-element_type=\"container\" data-e-type=\"container\">\n\t\t\t\t\t<div class=\"e-con-inner\">\n\t\t\t\t<div class=\"elementor-element elementor-element-x404-h2 elementor-widget elementor-widget-heading\" data-id=\"x404-h2\" data-element_type=\"widget\" data-e-type=\"widget\" data-widget_type=\"heading.default\">\n\t\t\t\t\t<h2 class=\"elementor-heading-title elementor-size-default\">Hlasy m\u00e9di\u00ed<\/h2>\t\t\t\t<\/div>\n\t\t<div class=\"elementor-element elementor-element-x404-s2-bw e-flex e-con-boxed e-con e-parent\" data-id=\"x404-s2-bw\" data-element_type=\"container\" data-e-type=\"container\" data-settings=\"{&quot;background_background&quot;:&quot;classic&quot;}\">\n\t\t\t\t\t<div class=\"e-con-inner\">\n\t\t\t\t<div class=\"elementor-element elementor-element-x404-t2 elementor-widget elementor-widget-text-editor\" data-id=\"x404-t2\" data-element_type=\"widget\" data-e-type=\"widget\" data-widget_type=\"text-editor.default\">\n\t\t\t\t\t\t\t\t\t<p>Vy\u0161kolen\u00e1 m\u00e9dia, kter\u00e1 pracuj\u00ed s kosmick\u00fdm informa\u010dn\u00edm polem, a terapeuti zde popisuj\u00ed sv\u00e9 vn\u00edm\u00e1n\u00ed a praxi s ochrann\u00fdm p\u0159\u00edv\u011bskem. Tyto zaznamenan\u00e9 v\u00fdpov\u011bdi jsou sou\u010dasn\u00fdmi sv\u011bdectv\u00edmi jednotlivc\u016f, jejich\u017e zpr\u00e1vy jsou subjektivn\u00ed a nep\u0159edstavuj\u00ed v\u011bdeckou verifikaci, mohou v\u0161ak b\u00fdt zachyceny v r\u00e1mci kvalitativn\u00edch v\u00fdzkumn\u00fdch metod.<\/p>\t\t\t\t\t\t\t\t<\/div>\n\t\t\t\t\t<\/div>\n\t\t\t\t<\/div>\n\t\t\t\t\t<\/div>\n\t\t\t\t<\/div>\n\t\t<div class=\"elementor-element elementor-element-x404-s3 e-con-boxed e-flex e-con e-parent\" data-id=\"x404-s3\" data-element_type=\"container\" data-e-type=\"container\">\n\t\t\t\t\t<div class=\"e-con-inner\">\n\t\t\t\t<div class=\"elementor-element elementor-element-x404-h3 elementor-widget elementor-widget-heading\" data-id=\"x404-h3\" data-element_type=\"widget\" data-e-type=\"widget\" data-widget_type=\"heading.default\">\n\t\t\t\t\t<h2 class=\"elementor-heading-title elementor-size-default\">V\u00fdpov\u011bdi citliv\u00fdch lid\u00ed<\/h2>\t\t\t\t<\/div>\n\t\t<div class=\"elementor-element elementor-element-x404-s3-bw e-flex e-con-boxed e-con e-parent\" data-id=\"x404-s3-bw\" data-element_type=\"container\" data-e-type=\"container\" data-settings=\"{&quot;background_background&quot;:&quot;classic&quot;}\">\n\t\t\t\t\t<div class=\"e-con-inner\">\n\t\t\t\t<div class=\"elementor-element elementor-element-x404-t3 elementor-widget elementor-widget-text-editor\" data-id=\"x404-t3\" data-element_type=\"widget\" data-e-type=\"widget\" data-widget_type=\"text-editor.default\">\n\t\t\t\t\t\t\t\t\t<p>Zde vypr\u00e1v\u011bj\u00ed lid\u00e9, kte\u0159\u00ed jsou energeticky hypersenzitivn\u00ed nebo obzvl\u00e1\u0161t\u011b citliv\u011b reaguj\u00ed na sv\u00e9 okol\u00ed.<\/p><h3>Anonym, citliv\u00fd \u010dlov\u011bk \u00b7 Doba pou\u017e\u00edv\u00e1n\u00ed: 3 t\u00fddny<\/h3><p>&#8222;Od t\u00e9 doby, co nos\u00edm p\u0159\u00edv\u011bsek, je tlak v hlav\u011b p\u0159i dlouh\u00e9m sledov\u00e1n\u00ed obrazovky v\u00fdrazn\u011b men\u0161\u00ed. \u017d\u00e1dn\u00e1 reklama, prost\u011b moje zku\u0161enost.&#8220;<\/p>\n\n<div class=\"iwg-experiences-grid\">\n <article class=\"iwg-experience-card\">\n <blockquote>C\u00edt\u00edm kolem sebe zcela obklopuj\u00edc\u00ed ochrann\u00fd \u0161t\u00edt, podobn\u00fd kokonu. Jedin\u00e9 spojen\u00ed, kter\u00e9 proch\u00e1z\u00ed, vede z koruny k centr\u00e1ln\u00edmu slunci (prazdroji) a z ko\u0159enov\u00e9 \u010dakry do st\u0159edu Zem\u011b (Gaii) jako uzemn\u011bn\u00ed. Ciz\u00ed energie jsou zcela odst\u00edn\u011bny. \u017d\u00e1dn\u00fd <span class=\"iwg-fachbegriff\" data-tooltip=\"Roz\u0161\u00ed\u0159en\u00e1 p\u0159edstava, \u017ee z\u00e1vistiv\u00fd pohled jin\u00e9 osoby m\u016f\u017ee zp\u016fsobit \u0161kodu.\" tabindex=\"0\">zl\u00fd pohled<\/span> ani jin\u00e1 \u010dern\u00e1 <span class=\"iwg-fachbegriff\" data-tooltip=\"Praktiky, kter\u00e9 se sna\u017e\u00ed prost\u0159ednictv\u00edm zvl\u00e1\u0161tn\u00edch \u00fakon\u016f nebo formul\u00ed zas\u00e1hnout do b\u011bhu v\u011bc\u00ed.\" tabindex=\"0\">magie<\/span> neprojde. C\u00edt\u00edm intenzivn\u00ed energetick\u00fd torus. Ten p\u016fsob\u00ed a\u017e do 7. astr\u00e1ln\u00ed \u00farovn\u011b. Duchov\u00e9 a d\u00e9moni se dostanou jen do 6. \u00farovn\u011b.<\/blockquote>\n <cite>Holger G. Seehausen Altmark<\/cite>\n <\/article>\n <article class=\"iwg-experience-card\">\n <blockquote>C\u00edtila jsem, jak se ze srde\u010dn\u00ed \u010dakry n\u011bco v\u00ed\u0159iv\u011b uvolnilo. C\u00edtila jsem to v hlav\u011b a na zubech, jako s\u00e1n\u00ed u pyramidy. T\u00e1hlo to nahoru v hlav\u011b, ta se uvolnila, pak to \u0161lo dol\u016f a\u017e do nohou. C\u00edtila jsem spojen\u00ed sm\u011brem dol\u016f i nahoru.<\/blockquote>\n <cite>Sabine v. L. aus L.<\/cite>\n <\/article>\n <article class=\"iwg-experience-card\">\n <blockquote>D\u0159\u00edve \u201e\u00fatoky&#8220; bl\u00edzko srdce, p\u0159es lopatku a\u017e do hrudi. T\u00edse\u0148 na hrudi. Po nasazen\u00ed p\u0159\u00edv\u011bsku \u00fatoky ustaly. Prvn\u00ed noc neklidn\u00fd sp\u00e1nek a \u0161patn\u00e9 us\u00edn\u00e1n\u00ed kv\u016fli n\u00e1hle vy\u0161\u0161\u00ed energii. R\u00e1no \u017e\u00e1dn\u00e9 no\u010dn\u00ed \u00fatoky, v\u00edce energie, svobodn\u011bj\u0161\u00ed <span class=\"iwg-fachbegriff\" data-tooltip=\"Net\u011blesn\u00e1 bytost, j\u00ed\u017e je p\u0159isuzov\u00e1n \u00fa\u010dinek ve sv\u011bt\u011b.\" tabindex=\"0\">duch<\/span>.<\/blockquote>\n <cite>Silvia R. aus N.<\/cite>\n <\/article>\n <article class=\"iwg-experience-card\">\n <blockquote>V prvn\u00edm t\u00fddnu se zd\u00e1lo, \u017ee se v\u0161echny \u00fatoky, kter\u00e9 se staly, opakovaly, ale bez negativn\u00edch dopad\u016f. Pak to zase zmizelo. Poci\u0165ovan\u00fd pr\u016fst\u0159el, tlak na srdci, ale bez strachu a p\u0159\u00edm\u00e9 bolesti. Pot\u00e9 v\u0161e zmizelo a v\u0161e se zd\u00e1 leh\u010d\u00ed. Hlava je voln\u011bj\u0161\u00ed. Od nasazen\u00ed p\u0159\u00edv\u011bsku \u017e\u00e1dn\u00e9 \u010dernomagick\u00e9 \u00fatoky.<\/blockquote>\n <cite>Rosemarie I. aus G.<\/cite>\n <\/article>\n <article class=\"iwg-experience-card\">\n <blockquote>C\u00edt\u00edm kolem sebe ochrann\u00fd kokon. Nejd\u0159\u00edve reagovalo srdce a \u010delo. U m\u011b u\u017e nen\u00ed v\u0161e tak dramatick\u00e9 jako d\u0159\u00edv. Jsem jasn\u011b vymezen\u00e1. U\u017e nem\u00e1m no\u010dn\u00ed d\u011bsy. Moje ko\u010dka v\u017edycky sp\u00e1vala v posteli u m\u00e9 hlavy. Od t\u00e9 doby, co m\u00e1m p\u0159\u00edv\u011bsek, sp\u00ed ve sv\u00e9m ko\u0161\u00edku. U\u017e m\u011b nemus\u00ed chr\u00e1nit.<\/blockquote>\n <cite>Anja aus F.<\/cite>\n <\/article>\n<\/div>\n<aside class=\"iwg-experiences-disclaimer\">\n <strong>Osobn\u00ed vjemy.<\/strong> Zde uveden\u00e9 zpr\u00e1vy jsou individu\u00e1ln\u00edmi zku\u0161enostmi jednotliv\u00fdch nositelek a nositel\u016f. Nejsou p\u0159\u00edslibem uzdraven\u00ed, v\u011bdeck\u00fdm d\u016fkazem \u00fa\u010dinku ani z\u00e1rukou srovnateln\u00fdch vjem\u016f u jin\u00fdch osob. iWell Guard nen\u00ed zdravotnick\u00fd prost\u0159edek a nenahrazuje l\u00e9ka\u0159skou ani psychoterapeutickou l\u00e9\u010dbu.\n<\/aside>\n\t\t\t\t\t\t\t\t<\/div>\n\t\t\t\t\t<\/div>\n\t\t\t\t<\/div>\n\t\t\t\t\t<\/div>\n\t\t\t\t<\/div>\n\t\t<div class=\"elementor-element elementor-element-x404-s4 e-con-boxed e-flex e-con e-parent\" data-id=\"x404-s4\" data-element_type=\"container\" data-e-type=\"container\">\n\t\t\t\t\t<div class=\"e-con-inner\">\n\t\t\t\t<div class=\"elementor-element elementor-element-x404-h4 elementor-widget elementor-widget-heading\" data-id=\"x404-h4\" data-element_type=\"widget\" data-e-type=\"widget\" data-widget_type=\"heading.default\">\n\t\t\t\t\t<h2 class=\"elementor-heading-title elementor-size-default\">V\u00fdpov\u011bdi odborn\u00edk\u016f<\/h2>\t\t\t\t<\/div>\n\t\t<div class=\"elementor-element elementor-element-x404-s4-bw e-flex e-con-boxed e-con e-parent\" data-id=\"x404-s4-bw\" data-element_type=\"container\" data-e-type=\"container\" data-settings=\"{&quot;background_background&quot;:&quot;classic&quot;}\">\n\t\t\t\t\t<div class=\"e-con-inner\">\n\t\t\t\t<div class=\"elementor-element elementor-element-x404-t4 elementor-widget elementor-widget-text-editor\" data-id=\"x404-t4\" data-element_type=\"widget\" data-e-type=\"widget\" data-widget_type=\"text-editor.default\">\n\t\t\t\t\t\t\t\t\t<h3>Zaslat zku\u0161enosti<\/h3><p>Za\u017eili jste osobn\u00ed setk\u00e1n\u00ed s bytost\u00ed popsanou v tomto port\u00e1lu, zjeven\u00ed ducha, nevysv\u011btliteln\u00fd sen, ud\u00e1lost interpretovanou jako synchronicita, \u0161amanskou vizi nebo medialn\u011b p\u0159ijat\u00e9 obrazy? iwell-guard.com od roku 2024 systematicky sb\u00edr\u00e1 takov\u00e9 zpr\u00e1vy, aby vedle religionistick\u00fdch a akademick\u00fdch sekc\u00ed zdokumentoval dopl\u0148uj\u00edc\u00ed rozm\u011br zku\u0161enost\u00ed.<\/p><p>P\u0159ij\u00edmat lze z\u00e1\u017eitkov\u00e9 zpr\u00e1vy v n\u011bmeck\u00e9m jazyce v rozsahu minim\u00e1ln\u011b 200 a maxim\u00e1ln\u011b 3000 slov.<\/p><p>D\u016fle\u017eit\u00e9 je: co nejp\u0159esn\u011bj\u0161\u00ed \u010dasov\u00e9 a m\u00edstn\u00ed za\u0159azen\u00ed, popis vlastn\u00edho v\u00fdchoz\u00edho stavu (bd\u011bl\u00fd stav, <span class=\"iwg-fachbegriff\" tabindex=\"0\" data-tooltip=\"Zm\u011bn\u011bn\u00fd stav v\u011bdom\u00ed se z\u00fa\u017eenou pozornost\u00ed, v \u0161amansk\u00e9 a mediumn\u00ed praxi v\u011bdom\u011b vyvol\u00e1van\u00fd.\">tranz<\/span>, polosp\u00e1nek atd.), diferencovan\u00fd popis vn\u00edm\u00e1n\u00ed (vid\u011bn\u00ed, sly\u0161en\u00ed, c\u00edt\u011bn\u00ed, \u010dich\u00e1n\u00ed) a pokud mo\u017eno retrospektivn\u00ed za\u0159azen\u00ed. Osobn\u00ed \u00fadaje jsou na po\u017e\u00e1d\u00e1n\u00ed anonymizov\u00e1ny; p\u0159ednostn\u011b jsou za\u0159azov\u00e1ny ov\u011b\u0159iteln\u00e9 zpr\u00e1vy (nap\u0159. s nez\u00e1visl\u00fdmi sv\u011bdky nebo dokument\u00e1rn\u00edmi stopami). Zasl\u00e1n\u00ed p\u0159es kontaktn\u00ed formul\u00e1\u0159 v z\u00e1pat\u00ed.<\/p>\t\t\t\t\t\t\t\t<\/div>\n\t\t\t\t\t<\/div>\n\t\t\t\t<\/div>\n\t\t\t\t\t<\/div>\n\t\t\t\t<\/div>\n\t\t<div class=\"elementor-element elementor-element-x404-s5 e-con-boxed e-flex e-con e-parent\" data-id=\"x404-s5\" data-element_type=\"container\" data-e-type=\"container\">\n\t\t\t\t\t<div class=\"e-con-inner\">\n\t\t\t\t<div class=\"elementor-element elementor-element-x404-h5 elementor-widget elementor-widget-heading\" data-id=\"x404-h5\" data-element_type=\"widget\" data-e-type=\"widget\" data-widget_type=\"heading.default\">\n\t\t\t\t\t<h2 class=\"elementor-heading-title elementor-size-default\">V\u00fdpov\u011bdi soukrom\u00fdch osob<\/h2>\t\t\t\t<\/div>\n\t\t<div class=\"elementor-element elementor-element-x404-s5-bw e-flex e-con-boxed e-con e-parent\" data-id=\"x404-s5-bw\" data-element_type=\"container\" data-e-type=\"container\" data-settings=\"{&quot;background_background&quot;:&quot;classic&quot;}\">\n\t\t\t\t\t<div class=\"e-con-inner\">\n\t\t\t\t<div class=\"elementor-element elementor-element-x404-t5 elementor-widget elementor-widget-text-editor\" data-id=\"x404-t5\" data-element_type=\"widget\" data-e-type=\"widget\" data-widget_type=\"text-editor.default\">\n\t\t\t\t\t\t\t\t\t<h3>Redak\u010dn\u00ed kontrola a kategorizace<\/h3><p>Zaslan\u00e9 zpr\u00e1vy proch\u00e1zej\u00ed t\u0159\u00edstup\u0148ov\u00fdm redak\u010dn\u00edm procesem. <strong>Prvn\u00ed stupe\u0148:<\/strong> form\u00e1ln\u00ed kontrola, \u00faplnost \u00fadaj\u016f, minim\u00e1ln\u00ed d\u00e9lka, koherentn\u00ed struktura.<\/p><p><strong>Druh\u00fd stupe\u0148:<\/strong> obsahov\u00e9 za\u0159azen\u00ed, kter\u00e9 t\u0159\u00edd\u011b bytost\u00ed (<span class=\"iwg-fachbegriff\" data-tooltip=\"Net\u011blesn\u00e1 bytost, j\u00ed\u017e je p\u0159isuzov\u00e1n \u00fa\u010dinek ve sv\u011bt\u011b.\" tabindex=\"0\">duch<\/span>, <span class=\"iwg-fachbegriff\" data-tooltip=\"Bytost uct\u00edvan\u00e1 jako bo\u017esk\u00e1 v r\u00e1mci n\u00e1bo\u017eenstv\u00ed.\" tabindex=\"0\">bo\u017estvo<\/span>, <span class=\"iwg-fachbegriff\" data-tooltip=\"Duchovn\u00ed bytost, j\u00ed\u017e je p\u0159isuzov\u00e1n \u0161kodliv\u00fd nebo rozporn\u00fd \u00fa\u010dinek.\" tabindex=\"0\">d\u00e9mon<\/span>, bytost sv\u011btla, p\u0159\u00edrodn\u00ed duch) a jak\u00e9 kulturn\u00ed tradici popsan\u00fd jev nejl\u00e9pe odpov\u00edd\u00e1? Zde se tak\u00e9 zkoum\u00e1, zda psychologick\u00e9, neurologick\u00e9 nebo soci\u00e1ln\u00ed vzorce vysv\u011btlen\u00ed (hypnopompie, <span class=\"iwg-fachbegriff\" tabindex=\"0\" data-tooltip=\"Tendence vn\u00edm\u00e1n\u00ed rozpozn\u00e1vat v n\u00e1hodn\u00fdch podn\u011btech (mraky, st\u00edny) obli\u010deje nebo postavy.\">pareidolie<\/span>, kolektivn\u00ed podmi\u0148ov\u00e1n\u00ed) nep\u016fsob\u00ed plausibiln\u011bji ne\u017e r\u00e1mec vztahuj\u00edc\u00ed se k bytosti.<\/p><p><strong>T\u0159et\u00ed stupe\u0148:<\/strong> k\u0159\u00ed\u017eov\u00e9 porovn\u00e1n\u00ed, zda zpr\u00e1va odpov\u00edd\u00e1 strukturn\u011b podobn\u00fdm zpr\u00e1v\u00e1m z jin\u00fdch kulturn\u00edch okruh\u016f nebo historick\u00fdch obdob\u00ed. \u0158\u00edd\u00edme se z\u00e1sadou: fenomenologie p\u0159ed ontologi\u00ed.<\/p><p>To znamen\u00e1: dokumentujeme, jak bylo n\u011bco pro\u017eito, ani\u017e bychom se nutn\u011b vyjad\u0159ovali k tomu, co to \u201eskute\u010dn\u011b&#8220; bylo. Zku\u0161enostn\u00ed zpr\u00e1vy jsou zve\u0159ej\u0148ov\u00e1ny anonymizovan\u011b ve vlastn\u00ed rubrice a jsou p\u0159i\u0159azov\u00e1ny jako k\u0159\u00ed\u017eov\u00fd odkaz k p\u0159\u00edslu\u0161n\u00fdm detailn\u00edm str\u00e1nk\u00e1m bytost\u00ed.<\/p>\t\t\t\t\t\t\t\t<\/div>\n\t\t\t\t\t<\/div>\n\t\t\t\t<\/div>\n\t\t\t\t\t<\/div>\n\t\t\t\t<\/div>\n\t\t<div class=\"elementor-element elementor-element-x404-s6 e-con-boxed e-flex e-con e-parent\" data-id=\"x404-s6\" data-element_type=\"container\" data-e-type=\"container\">\n\t\t\t\t\t<div class=\"e-con-inner\">\n\t\t\t\t<div class=\"elementor-element elementor-element-x404-h6 elementor-widget elementor-widget-heading\" data-id=\"x404-h6\" data-element_type=\"widget\" data-e-type=\"widget\" data-widget_type=\"heading.default\">\n\t\t\t\t\t<h2 class=\"elementor-heading-title elementor-size-default\">Odeslat vlastn\u00ed zku\u0161enost<\/h2>\t\t\t\t<\/div>\n\t\t<div class=\"elementor-element elementor-element-x404-s6-bw e-flex e-con-boxed e-con e-parent\" data-id=\"x404-s6-bw\" data-element_type=\"container\" data-e-type=\"container\" data-settings=\"{&quot;background_background&quot;:&quot;classic&quot;}\">\n\t\t\t\t\t<div class=\"e-con-inner\">\n\t\t\t\t<div class=\"elementor-element elementor-element-x404-t6 elementor-widget elementor-widget-text-editor\" data-id=\"x404-t6\" data-element_type=\"widget\" data-e-type=\"widget\" data-widget_type=\"text-editor.default\">\n\t\t\t\t\t\t\t\t\t<p>Pokud p\u0159\u00edv\u011bsek pou\u017e\u00edv\u00e1te a chcete se s n\u00e1mi pod\u011blit o svou zku\u0161enost, vyu\u017eijte pros\u00edm n\u00e1\u0161 <a href=\"https:\/\/iwell-guard.com\/cs\/?page_id=145258\">kontaktn\u00ed formul\u00e1\u0159<\/a>. Chceme z\u016fstat transparentn\u00ed: souhlas se zve\u0159ejn\u011bn\u00edm potvrzujete v\u00fdslovn\u011b, sami ur\u010dujete m\u00edru anonymizace a souhlas m\u016f\u017eete kdykoli odvolat.<\/p><p>Co bychom si p\u0159\u00e1li:<\/p><ul><li>Konkr\u00e9tn\u00ed kontext (jak dlouho, v jak\u00fdch situac\u00edch)<\/li><li>Vlastn\u00ed vn\u00edm\u00e1n\u00ed bez slibov\u00e1n\u00ed l\u00e9\u010div\u00e9ho \u00fa\u010dinku ostatn\u00edm<\/li><li>Podpis nebo potvrzen\u00ed prav\u00e9ho jm\u00e9na e-mailem (zve\u0159ej\u0148ujeme pouze zobrazovan\u00e9 jm\u00e9no)<\/li><li>Uveden\u00ed typu autora (m\u00e9dium, citliv\u00fd \u010dlov\u011bk, odborn\u00edk, soukrom\u00e1 osoba)<\/li><\/ul>\t\t\t\t\t\t\t\t<\/div>\n\t\t\t\t\t<\/div>\n\t\t\t\t<\/div>\n\t\t\t\t\t<\/div>\n\t\t\t\t<\/div>\n\t\t<div class=\"elementor-element elementor-element-x404-s7 e-con-boxed e-flex e-con e-parent\" data-id=\"x404-s7\" data-element_type=\"container\" data-e-type=\"container\">\n\t\t\t\t\t<div class=\"e-con-inner\">\n\t\t\t\t<div class=\"elementor-element elementor-element-x404-h7 elementor-widget elementor-widget-heading\" data-id=\"x404-h7\" data-element_type=\"widget\" data-e-type=\"widget\" data-widget_type=\"heading.default\">\n\t\t\t\t\t<h2 class=\"elementor-heading-title elementor-size-default\">Upozorn\u011bn\u00ed<\/h2>\t\t\t\t<\/div>\n\t\t<div class=\"elementor-element elementor-element-x404-s7-bw e-flex e-con-boxed e-con e-parent\" data-id=\"x404-s7-bw\" data-element_type=\"container\" data-e-type=\"container\" data-settings=\"{&quot;background_background&quot;:&quot;classic&quot;}\">\n\t\t\t\t\t<div class=\"e-con-inner\">\n\t\t\t\t<div class=\"elementor-element elementor-element-x404-t7 elementor-widget elementor-widget-text-editor\" data-id=\"x404-t7\" data-element_type=\"widget\" data-e-type=\"widget\" data-widget_type=\"text-editor.default\">\n\t\t\t\t\t\t\t\t\t<footer class=\"iwg-literatur\"><p data-nosnippet=\"true\"><em>Zku\u0161enosti jsou osobn\u00ed, subjektivn\u00ed v\u00fdpov\u011bdi jednotliv\u00fdch u\u017eivatelek a u\u017eivatel\u016f. Nejsou v\u011bdeck\u00fdm d\u016fkazem, slibem l\u00e9\u010div\u00e9ho \u00fa\u010dinku ani z\u00e1rukou individu\u00e1ln\u00edho z\u00e1\u017eitku. V\u0161echny zde uveden\u00e9 zku\u0161enosti jsou zve\u0159ejn\u011bny se souhlasem jejich autor\u016f.<\/em><\/p><p><em>V\u00edce k metodice na\u0161\u00ed pr\u00e1ce se zku\u0161enostmi u\u017eivatel\u016f: <a href=\"https:\/\/iwell-guard.com\/cs\/?page_id=145207#benutzerkommentare\">\/methodik\/#benutzerkommentare<\/a><\/em><\/p><h3>Metodick\u00e9 rozd\u011blen\u00ed zku\u0161enost\u00ed<\/h3><p>Zku\u0161enosti d\u011bl\u00edme podle jednoduch\u00e9 klasifikace: Vy\u0161kolen\u00e1 m\u00e9dia jsou osoby s dokumentovanou prax\u00ed a vzd\u011bl\u00e1n\u00edm v medi\u00e1ln\u00edch postupech, jejich zku\u0161enosti b\u00fdvaj\u00ed zpravidla metodicky reflektovan\u00e9 a dopln\u011bn\u00e9 o ov\u011b\u0159ovac\u00ed p\u0159\u00edstupy.<\/p><p>Citliv\u00ed lid\u00e9 jsou energeticky p\u0159ecitliv\u011bl\u00ed bez form\u00e1ln\u00edho vzd\u011bl\u00e1n\u00ed, jejich zku\u0161enosti zachycuj\u00ed subjektivn\u00ed vn\u00edm\u00e1n\u00ed bez metodick\u00e9ho n\u00e1roku. Odborn\u00edci jsou l\u00e9\u010ditel\u00e9, terapeuti a energeti\u010dt\u00ed pracovn\u00edci, kte\u0159\u00ed s p\u0159\u00edv\u011bskem pracuj\u00ed v profesion\u00e1ln\u00edm kontextu. Soukrom\u00e9 osoby jsou nositel\u00e9 bez medi\u00e1ln\u00edho nebo profesion\u00e1ln\u00edho z\u00e1zem\u00ed.<\/p><h3>Co netvrd\u00edme<\/h3><p>Prost\u0159ednictv\u00edm zku\u0161enost\u00ed neuv\u00e1d\u00edme \u017e\u00e1dn\u00e1 tvrzen\u00ed o \u00fa\u010dinku ve v\u011bdeck\u00e9m smyslu. Zku\u0161enosti jsou subjektivn\u00edm vn\u00edm\u00e1n\u00edm jednotliv\u00fdch osob; nejsou reprezentativn\u00ed, nejsou reprodukovateln\u00e9, nejsou klinicky validovan\u00e9.<\/p><p>Zda popisovan\u00e9 vjemy vych\u00e1zej\u00ed z re\u00e1ln\u00e9ho energetick\u00e9ho \u00fa\u010dinku, z placebo efektu, z konfirma\u010dn\u00edho v\u00fdb\u011bru vn\u00edm\u00e1n\u00ed nebo z kombinace t\u011bchto mechanism\u016f, je p\u0159edm\u011btem v\u011bdeck\u00e9ho a psychologick\u00e9ho v\u00fdzkumu, kter\u00fd zde nerozhodujeme.<\/p><h3>Pro\u010d zku\u0161enosti p\u0159esto zve\u0159ej\u0148ujeme<\/h3><p>Tyto zku\u0161enosti maj\u00ed dokument\u00e1rn\u00ed hodnotu. Ukazuj\u00ed rozmanitost kontext\u016f pou\u017eit\u00ed, poskytuj\u00ed ostatn\u00edm nositel\u016fm srovn\u00e1vac\u00ed materi\u00e1l a jsou sou\u010d\u00e1st\u00ed rozvoje reflektovan\u00e9 tradice praxe.<\/p><p>Webov\u00e1 str\u00e1nka o ochrann\u00e9m p\u0159\u00edv\u011bsku, kter\u00e1 by obsahovala pouze teoretick\u00e1 vysv\u011btlen\u00ed bez zku\u0161enost\u00ed z praxe, by byla nekompletn\u00ed; chceme d\u00e1t zku\u0161enostem s pou\u017e\u00edv\u00e1n\u00edm prostor, kter\u00fd jim n\u00e1le\u017e\u00ed, ani\u017e bychom je interpretovali nad r\u00e1mec toho, co skute\u010dn\u011b jsou.<\/p><h3>Ochrana osobn\u00edch \u00fadaj\u016f a souhlas<\/h3><p>V\u0161echny zve\u0159ejn\u011bn\u00e9 zku\u0161enosti obsahuj\u00ed v\u00fdhradn\u011b \u00fadaje, k jejich\u017e zve\u0159ejn\u011bn\u00ed n\u00e1m dala p\u0159\u00edslu\u0161n\u00e1 osoba v\u00fdslovn\u00fd souhlas. Cel\u00e1 jm\u00e9na osob uv\u00e1d\u00edme pouze p\u0159i explicitn\u00edm svolen\u00ed; jinak pou\u017e\u00edv\u00e1me zkratky k\u0159estn\u00edch jmen nebo anonymizovan\u00e1 ozna\u010den\u00ed.<\/p><p>Profesn\u00ed z\u00e1zem\u00ed a region\u00e1ln\u00ed \u00fadaje uv\u00e1d\u00edme pouze tehdy, pokud jsou pro za\u0159azen\u00ed zku\u0161enosti relevantn\u00ed a byly osobou schv\u00e1leny. Zku\u0161enosti lze na \u017e\u00e1dost kdykoli odstranit; povinnost jednou poskytnutou zku\u0161enost d\u00e1le udr\u017eovat neexistuje.<\/p><div data-nosnippet=\"true\" class=\"iwg-litliste\"><p><strong>Standardn\u00ed literatura (srovn\u00e1vac\u00ed <span class=\"iwg-fachbegriff\" data-tooltip=\"V\u011bda, kter\u00e1 zkoum\u00e1 n\u00e1bo\u017eenstv\u00ed srovn\u00e1vac\u00edm zp\u016fsobem a bez vyznava\u010dsk\u00e9 v\u00e1zanosti.\" tabindex=\"0\">religionistika<\/span>):<\/strong><\/p><ul><li><span data-nosnippet><strong>Hanegraaff, Wouter J. (Ed.)<\/strong>: <em>Dictionary of <span class=\"iwg-fachbegriff\" data-tooltip=\"Pozdn\u011b antick\u00fd n\u00e1bo\u017eensk\u00fd proud, kter\u00fd u\u010dil o sp\u00e1se skrze zvl\u00e1\u0161tn\u00ed sp\u00e1sn\u00e9 pozn\u00e1n\u00ed.\" tabindex=\"0\">Gnosis<\/span> and Western Esotericism. Brill, Leiden 2005.<\/em><\/span><\/li><li><span data-nosnippet><strong>Smith, Jonathan Z.<\/strong>: <em>Map Is Not Territory. Studies in the History of Religions. Brill, Leiden 1978.<\/em><\/span><\/li><\/ul><\/div><\/footer>\n<p class=\"iwg-bib-more\"><span data-nosnippet>Dal\u0161\u00ed standardn\u00ed d\u00edla najdete v <a href=\"https:\/\/iwell-guard.com\/cs\/?page_id=145257\">seznamu literatury<\/a>.<\/span><\/p>\t\t\t\t\t\t\t\t<\/div>\n\t\t\t\t\t<\/div>\n\t\t\t\t<\/div>\n\t\t\t\t\t<\/div>\n\t\t\t\t<\/div>\n\t\t\t\t<\/div>\n\t\t","protected":false},"excerpt":{"rendered":"","protected":false},"author":3,"featured_media":3412,"parent":0,"menu_order":0,"comment_status":"closed","ping_status":"closed","template":"elementor_header_footer","meta":{"_yoast_wpseo_focuskw":"Zku\u0161enosti s ochrann\u00fdm p\u0159\u00edv\u011bskem","_yoast_wpseo_title":"Zku\u0161enosti a hlasy z praxe","_yoast_wpseo_metadesc":"Zku\u0161enosti vy\u0161kolen\u00fdch m\u00e9di\u00ed a citliv\u00fdch lid\u00ed s iWell Guard. Metodicky p\u0159esn\u011b a v\u011bcn\u011b za\u0159azeno.","_yoast_wpseo_meta-robots-noindex":"","_yoast_wpseo_canonical":"","_angie_page":false,"gefaehrdungsstufe":"","wesen_kultur":"","wesen_klasse":"","footnotes":""},"categories":[],"class_list":["post-145208","page","type-page","status-publish","has-post-thumbnail","hentry"],"yoast_head":"<!-- This site is optimized with the Yoast SEO Premium plugin v27.7 (Yoast SEO v28.3) - https:\/\/yoast.com\/product\/yoast-seo-premium-wordpress\/ -->\n<title>Zku\u0161enosti a hlasy z praxe<\/title>\n<meta name=\"description\" content=\"Zku\u0161enosti vy\u0161kolen\u00fdch m\u00e9di\u00ed a citliv\u00fdch lid\u00ed s iWell Guard. Metodicky p\u0159esn\u011b a v\u011bcn\u011b za\u0159azeno.\" \/>\n<meta name=\"robots\" content=\"index, follow, max-snippet:-1, max-image-preview:large, max-video-preview:-1\" \/>\n<link rel=\"canonical\" href=\"https:\/\/iwell-guard.com\/cs\/hlasy-a-zkusenosti\/\" \/>\n<meta property=\"og:locale\" content=\"cs_CZ\" \/>\n<meta property=\"og:type\" content=\"article\" \/>\n<meta property=\"og:title\" content=\"Hlasy a zku\u0161enosti\" \/>\n<meta property=\"og:description\" content=\"Zku\u0161enosti vy\u0161kolen\u00fdch m\u00e9di\u00ed a citliv\u00fdch lid\u00ed s iWell Guard. Metodicky p\u0159esn\u011b a v\u011bcn\u011b za\u0159azeno.\" \/>\n<meta property=\"og:url\" content=\"https:\/\/iwell-guard.com\/cs\/hlasy-a-zkusenosti\/\" \/>\n<meta property=\"og:site_name\" content=\"iWell Guard\" \/>\n<meta property=\"article:modified_time\" content=\"2026-09-03T16:49:45+00:00\" \/>\n<meta property=\"og:image\" content=\"https:\/\/iwell-guard.com\/wp-content\/uploads\/2026\/05\/service_erfahrungen.webp\" \/>\n\t<meta property=\"og:image:width\" content=\"1024\" \/>\n\t<meta property=\"og:image:height\" content=\"1536\" \/>\n\t<meta property=\"og:image:type\" content=\"image\/webp\" \/>\n<meta name=\"twitter:card\" content=\"summary_large_image\" \/>\n<script type=\"application\/ld+json\" class=\"yoast-schema-graph\">{\"@context\":\"https:\\\/\\\/schema.org\",\"@graph\":[{\"@type\":\"WebPage\",\"@id\":\"https:\\\/\\\/iwell-guard.com\\\/cs\\\/hlasy-a-zkusenosti\\\/\",\"url\":\"https:\\\/\\\/iwell-guard.com\\\/cs\\\/hlasy-a-zkusenosti\\\/\",\"name\":\"Zku\u0161enosti a hlasy z praxe\",\"isPartOf\":{\"@id\":\"https:\\\/\\\/iwell-guard.com\\\/cs\\\/#website\"},\"primaryImageOfPage\":{\"@id\":\"https:\\\/\\\/iwell-guard.com\\\/cs\\\/hlasy-a-zkusenosti\\\/#primaryimage\"},\"image\":{\"@id\":\"https:\\\/\\\/iwell-guard.com\\\/cs\\\/hlasy-a-zkusenosti\\\/#primaryimage\"},\"thumbnailUrl\":\"https:\\\/\\\/iwell-guard.com\\\/wp-content\\\/uploads\\\/2026\\\/05\\\/service_erfahrungen.webp\",\"datePublished\":\"2026-09-03T16:28:06+00:00\",\"dateModified\":\"2026-09-03T16:49:45+00:00\",\"description\":\"Zku\u0161enosti vy\u0161kolen\u00fdch m\u00e9di\u00ed a citliv\u00fdch lid\u00ed s iWell Guard. Metodicky p\u0159esn\u011b a v\u011bcn\u011b za\u0159azeno.\",\"breadcrumb\":{\"@id\":\"https:\\\/\\\/iwell-guard.com\\\/cs\\\/hlasy-a-zkusenosti\\\/#breadcrumb\"},\"inLanguage\":\"cs\",\"potentialAction\":[{\"@type\":\"ReadAction\",\"target\":[\"https:\\\/\\\/iwell-guard.com\\\/cs\\\/hlasy-a-zkusenosti\\\/\"]}]},{\"@type\":\"ImageObject\",\"inLanguage\":\"cs\",\"@id\":\"https:\\\/\\\/iwell-guard.com\\\/cs\\\/hlasy-a-zkusenosti\\\/#primaryimage\",\"url\":\"https:\\\/\\\/iwell-guard.com\\\/wp-content\\\/uploads\\\/2026\\\/05\\\/service_erfahrungen.webp\",\"contentUrl\":\"https:\\\/\\\/iwell-guard.com\\\/wp-content\\\/uploads\\\/2026\\\/05\\\/service_erfahrungen.webp\",\"width\":1024,\"height\":1536,\"caption\":\"Ilustrativn\u00ed zobrazen\u00ed.\"},{\"@type\":\"BreadcrumbList\",\"@id\":\"https:\\\/\\\/iwell-guard.com\\\/cs\\\/hlasy-a-zkusenosti\\\/#breadcrumb\",\"itemListElement\":[{\"@type\":\"ListItem\",\"position\":1,\"name\":\"Start\",\"item\":\"https:\\\/\\\/iwell-guard.com\\\/cs\\\/?page_id=145107\"},{\"@type\":\"ListItem\",\"position\":2,\"name\":\"Hlasy a zku\u0161enosti\"}]},{\"@type\":\"WebSite\",\"@id\":\"https:\\\/\\\/iwell-guard.com\\\/cs\\\/#website\",\"url\":\"https:\\\/\\\/iwell-guard.com\\\/cs\\\/\",\"name\":\"iWell Guard\",\"description\":\"Schutz vor dunklen Einfl\u00fcssen\",\"publisher\":{\"@id\":\"https:\\\/\\\/iwell-guard.com\\\/cs\\\/#organization\"},\"potentialAction\":[{\"@type\":\"SearchAction\",\"target\":{\"@type\":\"EntryPoint\",\"urlTemplate\":\"https:\\\/\\\/iwell-guard.com\\\/cs\\\/?s={search_term_string}\"},\"query-input\":{\"@type\":\"PropertyValueSpecification\",\"valueRequired\":true,\"valueName\":\"search_term_string\"}}],\"inLanguage\":\"cs\"},{\"@type\":\"Organization\",\"@id\":\"https:\\\/\\\/iwell-guard.com\\\/cs\\\/#organization\",\"name\":\"Ittermann electronic GmbH\",\"url\":\"https:\\\/\\\/iwell-guard.com\\\/cs\\\/\",\"logo\":{\"@type\":\"ImageObject\",\"inLanguage\":\"cs\",\"@id\":\"https:\\\/\\\/iwell-guard.com\\\/cs\\\/#\\\/schema\\\/logo\\\/image\\\/\",\"url\":\"https:\\\/\\\/iwell-guard.com\\\/wp-content\\\/uploads\\\/2026\\\/05\\\/Ittermann-Logo-1182x237-1.png\",\"contentUrl\":\"https:\\\/\\\/iwell-guard.com\\\/wp-content\\\/uploads\\\/2026\\\/05\\\/Ittermann-Logo-1182x237-1.png\",\"width\":1182,\"height\":237,\"caption\":\"Ittermann electronic GmbH\"},\"image\":{\"@id\":\"https:\\\/\\\/iwell-guard.com\\\/cs\\\/#\\\/schema\\\/logo\\\/image\\\/\"},\"sameAs\":[\"https:\\\/\\\/pantip.com\\\/profile\\\/9367242\",\"https:\\\/\\\/micro.blog\\\/iwellguard\",\"https:\\\/\\\/www.diggerslist.com\\\/iwellguard\\\/about\",\"https:\\\/\\\/skitterphoto.com\\\/photographers\\\/2870314\\\/iwell-guard\",\"https:\\\/\\\/iwellguard.wordpress.com\\\/2026\\\/06\\\/06\\\/iwell-guard\\\/\",\"https:\\\/\\\/hub.docker.com\\\/u\\\/iwellguard\",\"https:\\\/\\\/www.pinterest.com\\\/iwellguard\\\/\",\"https:\\\/\\\/bit.ly\\\/m\\\/iwellguard\",\"https:\\\/\\\/entre-vos-mains.alsace.eu\\\/profiles\\\/iwellguard\\\/activity\",\"https:\\\/\\\/gravatar.com\\\/reallybeded8fd34\",\"https:\\\/\\\/naijamatta.com\\\/iwellguard\",\"https:\\\/\\\/www.goodreads.com\\\/iwellguard\",\"https:\\\/\\\/profile.hatena.ne.jp\\\/iwellguard\\\/\",\"https:\\\/\\\/experiment.com\\\/users\\\/iwellguard\",\"https:\\\/\\\/wakelet.com\\\/@iWellGuard82270\",\"https:\\\/\\\/www.chordie.com\\\/forum\\\/profile.php?id=2555664\",\"https:\\\/\\\/www.instapaper.com\\\/p\\\/17757966\",\"https:\\\/\\\/www.mapleprimes.com\\\/users\\\/iwellguard\",\"https:\\\/\\\/businesslistingplus.com\\\/profile\\\/iwell-guard\\\/\",\"https:\\\/\\\/telegra.ph\\\/iWell-Guard-06-06\",\"https:\\\/\\\/pbase.com\\\/iwellguard\\\/iwellguard\",\"https:\\\/\\\/b.hatena.ne.jp\\\/iwellguard\\\/20260607#bookmark-4788405196491818882\",\"https:\\\/\\\/fliphtml5.com\\\/home\\\/iwellguard\",\"https:\\\/\\\/anyflip.com\\\/homepage\\\/cmiwl#About\",\"https:\\\/\\\/transfur.com\\\/Users\\\/iwellguard\",\"http:\\\/\\\/delphi.larsbo.org\\\/user\\\/iwellguard\",\"https:\\\/\\\/jobs.lajobsportal.org\\\/profiles\\\/8380803-iwell-guard\",\"https:\\\/\\\/md.chaosdorf.de\\\/s\\\/jfbe5SBdJD\",\"https:\\\/\\\/www.lingvolive.com\\\/en-us\\\/profile\\\/9ecaeaca-ce11-4e51-9e71-01d55e2bff36\\\/translations\",\"https:\\\/\\\/www.fitday.com\\\/fitness\\\/forums\\\/members\\\/iwellguard.html\",\"https:\\\/\\\/www.mymeetbook.com\\\/iwellguard\",\"https:\\\/\\\/pxhere.com\\\/en\\\/photographer-me\\\/5040798\",\"https:\\\/\\\/disqus.com\\\/by\\\/iwellguard\\\/about\\\/\",\"https:\\\/\\\/pastelink.net\\\/hjwciqwq\",\"https:\\\/\\\/pubhtml5.com\\\/homepage\\\/scjhn\\\/\",\"https:\\\/\\\/www.bitchute.com\\\/channel\\\/2O2eOKzNqujT\",\"https:\\\/\\\/audiomack.com\\\/iwellguard\"]}]}<\/script>\n<!-- \/ Yoast SEO Premium plugin. -->","yoast_head_json":{"title":"Zku\u0161enosti a hlasy z praxe","description":"Zku\u0161enosti vy\u0161kolen\u00fdch m\u00e9di\u00ed a citliv\u00fdch lid\u00ed s iWell Guard. Metodicky p\u0159esn\u011b a v\u011bcn\u011b za\u0159azeno.","robots":{"index":"index","follow":"follow","max-snippet":"max-snippet:-1","max-image-preview":"max-image-preview:large","max-video-preview":"max-video-preview:-1"},"canonical":"https:\/\/iwell-guard.com\/cs\/hlasy-a-zkusenosti\/","og_locale":"cs_CZ","og_type":"article","og_title":"Hlasy a zku\u0161enosti","og_description":"Zku\u0161enosti vy\u0161kolen\u00fdch m\u00e9di\u00ed a citliv\u00fdch lid\u00ed s iWell Guard. Metodicky p\u0159esn\u011b a v\u011bcn\u011b za\u0159azeno.","og_url":"https:\/\/iwell-guard.com\/cs\/hlasy-a-zkusenosti\/","og_site_name":"iWell Guard","article_modified_time":"2026-09-03T16:49:45+00:00","og_image":[{"width":1024,"height":1536,"url":"https:\/\/iwell-guard.com\/wp-content\/uploads\/2026\/05\/service_erfahrungen.webp","type":"image\/webp"}],"twitter_card":"summary_large_image","schema":{"@context":"https:\/\/schema.org","@graph":[{"@type":"WebPage","@id":"https:\/\/iwell-guard.com\/cs\/hlasy-a-zkusenosti\/","url":"https:\/\/iwell-guard.com\/cs\/hlasy-a-zkusenosti\/","name":"Zku\u0161enosti a hlasy z praxe","isPartOf":{"@id":"https:\/\/iwell-guard.com\/cs\/#website"},"primaryImageOfPage":{"@id":"https:\/\/iwell-guard.com\/cs\/hlasy-a-zkusenosti\/#primaryimage"},"image":{"@id":"https:\/\/iwell-guard.com\/cs\/hlasy-a-zkusenosti\/#primaryimage"},"thumbnailUrl":"https:\/\/iwell-guard.com\/wp-content\/uploads\/2026\/05\/service_erfahrungen.webp","datePublished":"2026-09-03T16:28:06+00:00","dateModified":"2026-09-03T16:49:45+00:00","description":"Zku\u0161enosti vy\u0161kolen\u00fdch m\u00e9di\u00ed a citliv\u00fdch lid\u00ed s iWell Guard. Metodicky p\u0159esn\u011b a v\u011bcn\u011b za\u0159azeno.","breadcrumb":{"@id":"https:\/\/iwell-guard.com\/cs\/hlasy-a-zkusenosti\/#breadcrumb"},"inLanguage":"cs","potentialAction":[{"@type":"ReadAction","target":["https:\/\/iwell-guard.com\/cs\/hlasy-a-zkusenosti\/"]}]},{"@type":"ImageObject","inLanguage":"cs","@id":"https:\/\/iwell-guard.com\/cs\/hlasy-a-zkusenosti\/#primaryimage","url":"https:\/\/iwell-guard.com\/wp-content\/uploads\/2026\/05\/service_erfahrungen.webp","contentUrl":"https:\/\/iwell-guard.com\/wp-content\/uploads\/2026\/05\/service_erfahrungen.webp","width":1024,"height":1536,"caption":"Ilustrativn\u00ed zobrazen\u00ed."},{"@type":"BreadcrumbList","@id":"https:\/\/iwell-guard.com\/cs\/hlasy-a-zkusenosti\/#breadcrumb","itemListElement":[{"@type":"ListItem","position":1,"name":"Start","item":"https:\/\/iwell-guard.com\/cs\/?page_id=145107"},{"@type":"ListItem","position":2,"name":"Hlasy a zku\u0161enosti"}]},{"@type":"WebSite","@id":"https:\/\/iwell-guard.com\/cs\/#website","url":"https:\/\/iwell-guard.com\/cs\/","name":"iWell Guard","description":"Schutz vor dunklen Einfl\u00fcssen","publisher":{"@id":"https:\/\/iwell-guard.com\/cs\/#organization"},"potentialAction":[{"@type":"SearchAction","target":{"@type":"EntryPoint","urlTemplate":"https:\/\/iwell-guard.com\/cs\/?s={search_term_string}"},"query-input":{"@type":"PropertyValueSpecification","valueRequired":true,"valueName":"search_term_string"}}],"inLanguage":"cs"},{"@type":"Organization","@id":"https:\/\/iwell-guard.com\/cs\/#organization","name":"Ittermann electronic GmbH","url":"https:\/\/iwell-guard.com\/cs\/","logo":{"@type":"ImageObject","inLanguage":"cs","@id":"https:\/\/iwell-guard.com\/cs\/#\/schema\/logo\/image\/","url":"https:\/\/iwell-guard.com\/wp-content\/uploads\/2026\/05\/Ittermann-Logo-1182x237-1.png","contentUrl":"https:\/\/iwell-guard.com\/wp-content\/uploads\/2026\/05\/Ittermann-Logo-1182x237-1.png","width":1182,"height":237,"caption":"Ittermann electronic GmbH"},"image":{"@id":"https:\/\/iwell-guard.com\/cs\/#\/schema\/logo\/image\/"},"sameAs":["https:\/\/pantip.com\/profile\/9367242","https:\/\/micro.blog\/iwellguard","https:\/\/www.diggerslist.com\/iwellguard\/about","https:\/\/skitterphoto.com\/photographers\/2870314\/iwell-guard","https:\/\/iwellguard.wordpress.com\/2026\/06\/06\/iwell-guard\/","https:\/\/hub.docker.com\/u\/iwellguard","https:\/\/www.pinterest.com\/iwellguard\/","https:\/\/bit.ly\/m\/iwellguard","https:\/\/entre-vos-mains.alsace.eu\/profiles\/iwellguard\/activity","https:\/\/gravatar.com\/reallybeded8fd34","https:\/\/naijamatta.com\/iwellguard","https:\/\/www.goodreads.com\/iwellguard","https:\/\/profile.hatena.ne.jp\/iwellguard\/","https:\/\/experiment.com\/users\/iwellguard","https:\/\/wakelet.com\/@iWellGuard82270","https:\/\/www.chordie.com\/forum\/profile.php?id=2555664","https:\/\/www.instapaper.com\/p\/17757966","https:\/\/www.mapleprimes.com\/users\/iwellguard","https:\/\/businesslistingplus.com\/profile\/iwell-guard\/","https:\/\/telegra.ph\/iWell-Guard-06-06","https:\/\/pbase.com\/iwellguard\/iwellguard","https:\/\/b.hatena.ne.jp\/iwellguard\/20260607#bookmark-4788405196491818882","https:\/\/fliphtml5.com\/home\/iwellguard","https:\/\/anyflip.com\/homepage\/cmiwl#About","https:\/\/transfur.com\/Users\/iwellguard","http:\/\/delphi.larsbo.org\/user\/iwellguard","https:\/\/jobs.lajobsportal.org\/profiles\/8380803-iwell-guard","https:\/\/md.chaosdorf.de\/s\/jfbe5SBdJD","https:\/\/www.lingvolive.com\/en-us\/profile\/9ecaeaca-ce11-4e51-9e71-01d55e2bff36\/translations","https:\/\/www.fitday.com\/fitness\/forums\/members\/iwellguard.html","https:\/\/www.mymeetbook.com\/iwellguard","https:\/\/pxhere.com\/en\/photographer-me\/5040798","https:\/\/disqus.com\/by\/iwellguard\/about\/","https:\/\/pastelink.net\/hjwciqwq","https:\/\/pubhtml5.com\/homepage\/scjhn\/","https:\/\/www.bitchute.com\/channel\/2O2eOKzNqujT","https:\/\/audiomack.com\/iwellguard"]}]}},"_links":{"self":[{"href":"https:\/\/iwell-guard.com\/cs\/wp-json\/wp\/v2\/pages\/145208","targetHints":{"allow":["GET"]}}],"collection":[{"href":"https:\/\/iwell-guard.com\/cs\/wp-json\/wp\/v2\/pages"}],"about":[{"href":"https:\/\/iwell-guard.com\/cs\/wp-json\/wp\/v2\/types\/page"}],"author":[{"embeddable":true,"href":"https:\/\/iwell-guard.com\/cs\/wp-json\/wp\/v2\/users\/3"}],"replies":[{"embeddable":true,"href":"https:\/\/iwell-guard.com\/cs\/wp-json\/wp\/v2\/comments?post=145208"}],"version-history":[{"count":0,"href":"https:\/\/iwell-guard.com\/cs\/wp-json\/wp\/v2\/pages\/145208\/revisions"}],"wp:featuredmedia":[{"embeddable":true,"href":"https:\/\/iwell-guard.com\/cs\/wp-json\/wp\/v2\/media\/3412"}],"wp:attachment":[{"href":"https:\/\/iwell-guard.com\/cs\/wp-json\/wp\/v2\/media?parent=145208"}],"wp:term":[{"taxonomy":"category","embeddable":true,"href":"https:\/\/iwell-guard.com\/cs\/wp-json\/wp\/v2\/categories?post=145208"}],"curies":[{"name":"wp","href":"https:\/\/api.w.org\/{rel}","templated":true}]}}