{"id":145158,"date":"2026-09-03T16:27:36","date_gmt":"2026-09-03T16:27:36","guid":{"rendered":"https:\/\/iwell-guard.com\/?page_id=145158"},"modified":"2026-09-03T16:48:24","modified_gmt":"2026-09-03T16:48:24","slug":"mahr","status":"publish","type":"page","link":"https:\/\/iwell-guard.com\/cs\/mahr\/","title":{"rendered":"Mahr"},"content":{"rendered":"\t\t<div data-elementor-type=\"wp-page\" data-elementor-id=\"145158\" class=\"elementor elementor-145158 elementor-1032\" data-elementor-post-type=\"page\">\n\t\t\t\t<div class=\"elementor-element elementor-element-10fdade e-flex e-con-boxed e-con e-parent\" data-id=\"10fdade\" data-element_type=\"container\" data-e-type=\"container\" data-settings=\"{&quot;background_background&quot;:&quot;classic&quot;}\">\n\t\t\t\t\t<div class=\"e-con-inner\">\n\t\t<div class=\"elementor-element elementor-element-herohlft0 e-flex e-con-boxed e-con e-child\" data-id=\"herohlft0\" data-element_type=\"container\" data-e-type=\"container\">\n\t\t\t\t\t<div class=\"e-con-inner\">\n\t\t<div class=\"elementor-element elementor-element-c3ceb64 e-con-full e-flex e-con e-child\" data-id=\"c3ceb64\" data-element_type=\"container\" data-e-type=\"container\">\n\t\t\t\t<div class=\"elementor-element elementor-element-96ae5e1 elementor-widget elementor-widget-heading\" data-id=\"96ae5e1\" data-element_type=\"widget\" data-e-type=\"widget\" data-widget_type=\"heading.default\">\n\t\t\t\t\t<h1 class=\"elementor-heading-title elementor-size-default\">Mahr, duch germ\u00e1nsk\u00e9 tradice<\/h1>\t\t\t\t<\/div>\n\t\t\t\t<div class=\"elementor-element elementor-element-e45238a elementor-widget elementor-widget-text-editor\" data-id=\"e45238a\" data-element_type=\"widget\" data-e-type=\"widget\" data-widget_type=\"text-editor.default\">\n\t\t\t\t\t\t\t\t\t<p>Mahr je <span class=\"iwg-fachbegriff\" data-tooltip=\"Bezt\u011blesn\u00e1 bytost, j\u00ed\u017e se p\u0159isuzuje p\u016fsoben\u00ed ve sv\u011bt\u011b.\" tabindex=\"0\">duch<\/span> germ\u00e1nsk\u00e9 tradice.<\/p><p><strong>\u017densk\u00e1 no\u010dn\u00ed tla\u010ditelka, jazykov\u011b dochovan\u00e1 prapostava.<\/strong><\/p>\t\t\t\t\t\t\t\t<\/div>\n\t\t\t\t<\/div>\n\t\t<div class=\"elementor-element elementor-element-klsbdg01 e-con-full e-flex e-con e-parent\" data-id=\"klsbdg01\" data-element_type=\"container\" data-e-type=\"container\">\n\t\t\t\t<div class=\"elementor-element elementor-element-klshtm01 elementor-widget elementor-widget-html\" data-id=\"klshtm01\" data-element_type=\"widget\" data-e-type=\"widget\" data-widget_type=\"html.default\">\n\t\t\t\t\t<div class=\"iwg-pill-row\"><span class=\"iwg-klasse-badge\" tabindex=\"0\" data-tooltip=\"Duch: Net\u011blesn\u00e1 nebo polo\u0442\u011blesn\u00e1 bytost, zesnul\u00ed, p\u0159\u00edrodn\u00ed bytosti, dom\u00e1c\u00ed duchov\u00e9 nebo str\u00e1\u017eci prah\u016f. P\u016fsob\u00ed v ka\u017edodenn\u00edm \u017eivot\u011b, \u010dasto v\u00e1z\u00e1n na m\u00edsta nebo rodiny.\">Duch<\/span><a href=\"https:\/\/iwell-guard.com\/cs\/?page_id=145141\" class=\"iwg-kultur-badge\" tabindex=\"0\" data-tooltip=\"P\u0159edk\u0159es\u0165ansk\u00fd sv\u011bt boh\u016f a duch\u016f severn\u00ed a st\u0159edn\u00ed Evropy.\">Germ\u00e1nsk\u00fd<\/a><\/div>\t\t\t\t<\/div>\n\t\t\t\t<\/div>\n\t\t<div class=\"elementor-element elementor-element-3f74855 e-con-full e-flex e-con e-child\" data-id=\"3f74855\" data-element_type=\"container\" data-e-type=\"container\">\n\t\t\t\t<div class=\"elementor-element elementor-element-1c30362 elementor-toc--minimized-on-tablet elementor-widget elementor-widget-table-of-contents\" data-id=\"1c30362\" data-element_type=\"widget\" data-e-type=\"widget\" data-settings=\"{&quot;exclude_headings_by_selector&quot;:[],&quot;no_headings_message&quot;:&quot;Na t\\u00e9to str\\u00e1nce nebyly nalezeny \\u017e\\u00e1dn\\u00e9 nadpisy.&quot;,&quot;headings_by_tags&quot;:[&quot;h2&quot;,&quot;h3&quot;],&quot;marker_view&quot;:&quot;bullets&quot;,&quot;icon&quot;:{&quot;value&quot;:&quot;fas fa-circle&quot;,&quot;library&quot;:&quot;fa-solid&quot;,&quot;rendered_tag&quot;:&quot;&lt;svg class=\\&quot;e-font-icon-svg e-fas-circle\\&quot; viewBox=\\&quot;0 0 512 512\\&quot; xmlns=\\&quot;http:\\\/\\\/www.w3.org\\\/2000\\\/svg\\&quot;&gt;&lt;path d=\\&quot;M256 8C119 8 8 119 8 256s111 248 248 248 248-111 248-248S393 8 256 8z\\&quot;&gt;&lt;\\\/path&gt;&lt;\\\/svg&gt;&quot;},&quot;minimize_box&quot;:&quot;yes&quot;,&quot;minimized_on&quot;:&quot;tablet&quot;,&quot;hierarchical_view&quot;:&quot;yes&quot;,&quot;min_height&quot;:{&quot;unit&quot;:&quot;px&quot;,&quot;size&quot;:&quot;&quot;,&quot;sizes&quot;:[]},&quot;min_height_tablet&quot;:{&quot;unit&quot;:&quot;px&quot;,&quot;size&quot;:&quot;&quot;,&quot;sizes&quot;:[]},&quot;min_height_mobile&quot;:{&quot;unit&quot;:&quot;px&quot;,&quot;size&quot;:&quot;&quot;,&quot;sizes&quot;:[]}}\" data-widget_type=\"table-of-contents.default\">\n\t\t\t\t\t\t\t\t\t<div class=\"elementor-toc__header\">\n\t\t\t\t\t\t<h2 class=\"elementor-toc__header-title\">\n\t\t\t\tObsah\t\t\t<\/h2>\n\t\t\t\t\t\t\t\t\t\t<div class=\"elementor-toc__toggle-button elementor-toc__toggle-button--expand\" role=\"button\" tabindex=\"0\" aria-controls=\"elementor-toc__1c30362\" aria-expanded=\"true\" aria-label=\"Open table of contents\"><svg aria-hidden=\"true\" class=\"e-font-icon-svg e-fas-chevron-down\" viewBox=\"0 0 448 512\" xmlns=\"http:\/\/www.w3.org\/2000\/svg\"><path d=\"M207.029 381.476L12.686 187.132c-9.373-9.373-9.373-24.569 0-33.941l22.667-22.667c9.357-9.357 24.522-9.375 33.901-.04L224 284.505l154.745-154.021c9.379-9.335 24.544-9.317 33.901.04l22.667 22.667c9.373 9.373 9.373 24.569 0 33.941L240.971 381.476c-9.373 9.372-24.569 9.372-33.942 0z\"><\/path><\/svg><\/div>\n\t\t\t\t<div class=\"elementor-toc__toggle-button elementor-toc__toggle-button--collapse\" role=\"button\" tabindex=\"0\" aria-controls=\"elementor-toc__1c30362\" aria-expanded=\"true\" aria-label=\"Close table of contents\"><svg aria-hidden=\"true\" class=\"e-font-icon-svg e-fas-chevron-up\" viewBox=\"0 0 448 512\" xmlns=\"http:\/\/www.w3.org\/2000\/svg\"><path d=\"M240.971 130.524l194.343 194.343c9.373 9.373 9.373 24.569 0 33.941l-22.667 22.667c-9.357 9.357-24.522 9.375-33.901.04L224 227.495 69.255 381.516c-9.379 9.335-24.544 9.317-33.901-.04l-22.667-22.667c-9.373-9.373-9.373-24.569 0-33.941L207.03 130.525c9.372-9.373 24.568-9.373 33.941-.001z\"><\/path><\/svg><\/div>\n\t\t\t\t\t<\/div>\n\t\t\t\t<div id=\"elementor-toc__1c30362\" class=\"elementor-toc__body\">\n\t\t\t<div class=\"elementor-toc__spinner-container\">\n\t\t\t\t<svg class=\"elementor-toc__spinner eicon-animation-spin e-font-icon-svg e-eicon-loading\" aria-hidden=\"true\" viewBox=\"0 0 1000 1000\" xmlns=\"http:\/\/www.w3.org\/2000\/svg\"><path d=\"M500 975V858C696 858 858 696 858 500S696 142 500 142 142 304 142 500H25C25 237 238 25 500 25S975 237 975 500 763 975 500 975Z\"><\/path><\/svg>\t\t\t<\/div>\n\t\t<\/div>\n\t\t\t\t\t\t<\/div>\n\t\t\t\t<\/div>\n\t\t\t\t\t<\/div>\n\t\t\t\t<\/div>\n\t\t<div class=\"elementor-element elementor-element-herorght0 e-con-full e-flex e-con e-child\" data-id=\"herorght0\" data-element_type=\"container\" data-e-type=\"container\">\n\t\t\t\t<div class=\"elementor-element elementor-element-heroimg00 iwg-hero-image elementor-widget elementor-widget-image\" data-id=\"heroimg00\" data-element_type=\"widget\" data-e-type=\"widget\" data-widget_type=\"image.default\">\n\t\t\t\t\t\t\t\t\t\t\t\t\t\t\t<img fetchpriority=\"high\" decoding=\"async\" width=\"683\" height=\"1024\" src=\"https:\/\/iwell-guard.com\/wp-content\/uploads\/2026\/04\/geister_germanisch_mahr-683x1024.webp\" class=\"attachment-large size-large wp-image-147546\" alt=\"Mahr - duchov\u00e9 z germ\u00e1nsk\u00e9 tradice, historicko-ilustrativn\u00ed\" srcset=\"https:\/\/iwell-guard.com\/wp-content\/uploads\/2026\/04\/geister_germanisch_mahr-683x1024.webp 683w, https:\/\/iwell-guard.com\/wp-content\/uploads\/2026\/04\/geister_germanisch_mahr-200x300.webp 200w, https:\/\/iwell-guard.com\/wp-content\/uploads\/2026\/04\/geister_germanisch_mahr-768x1152.webp 768w, https:\/\/iwell-guard.com\/wp-content\/uploads\/2026\/04\/geister_germanisch_mahr.webp 1024w\" sizes=\"(max-width: 683px) 100vw, 683px\" \/>\t\t\t\t\t\t\t\t\t\t\t\t\t\t\t<\/div>\n\t\t\t\t<\/div>\n\t\t\t\t\t<\/div>\n\t\t\t\t<\/div>\n\t\t<div class=\"elementor-element elementor-element-32917199 e-flex e-con-boxed e-con e-parent\" data-id=\"32917199\" data-element_type=\"container\" data-e-type=\"container\">\n\t\t\t\t\t<div class=\"e-con-inner\">\n\t\t<div class=\"elementor-element elementor-element-26e916cb e-flex e-con-boxed e-con e-child\" data-id=\"26e916cb\" data-element_type=\"container\" data-e-type=\"container\">\n\t\t\t\t\t<div class=\"e-con-inner\">\n\t\t<div class=\"elementor-element elementor-element-253a40d4 e-flex e-con-boxed e-con e-child\" data-id=\"253a40d4\" data-element_type=\"container\" data-e-type=\"container\">\n\t\t\t\t\t<div class=\"e-con-inner\">\n\t\t\t\t<div class=\"elementor-element elementor-element-1200c304 elementor-widget elementor-widget-heading\" data-id=\"1200c304\" data-element_type=\"widget\" data-e-type=\"widget\" data-widget_type=\"heading.default\">\n\t\t\t\t\t<h2 class=\"elementor-heading-title elementor-size-default\">Mahr<\/h2>\t\t\t\t<\/div>\n\t\t\t\t<div class=\"elementor-element elementor-element-11758e7f elementor-widget elementor-widget-text-editor\" data-id=\"11758e7f\" data-element_type=\"widget\" data-e-type=\"widget\" data-widget_type=\"text-editor.default\">\n\t\t\t\t\t\t\t\t\t<p>Mahr (nebo Mahra, tradi\u010dn\u011b \u017eensk\u00e1 postava) je postava germ\u00e1nsk\u00e9ho lidov\u00e9ho pod\u00e1n\u00ed, bl\u00edzce spojen\u00e1 s Alpem.<\/p><p>Oba jsou no\u010dn\u00edmi tla\u010div\u00fdmi duchy, oba zp\u016fsobuj\u00ed no\u010dn\u00ed d\u011bsy a <a class=\"iwg-fachbegriff\" href=\"https:\/\/iwell-guard.com\/cs\/?page_id=145416\" tabindex=\"0\" data-tooltip=\"Stav vn\u00edm\u00e1n\u00ed, kdy je v\u011bdom\u00ed bd\u011bl\u00e9, ale t\u011blo je d\u00edky REM atonii je\u0161t\u011b obrn\u011bno; \u010dasto spojen\u00fd s halucinacemi.\" style=\"color:inherit;text-decoration:none\">sp\u00e1nkovou paral\u00fdzu<\/a>. Rozd\u00edl je jazykov\u011b-historick\u00fd: Mahr poch\u00e1z\u00ed ze star\u0161\u00ed, prageerm\u00e1nsk\u00e9 vrstvy (germ. <em>*maran-<\/em>), dolo\u017een\u00e9 ve staroanglick\u00e9m <em>m\u00e6re<\/em>, staroseversk\u00e9m <em>mara<\/em>, staron\u011bmeck\u00e9m <em>mara<\/em>. Anglick\u00e9 <em>nightmare<\/em> a francouzsk\u00e9 <em>cauchemar<\/em> nesou toto slovo a\u017e do dne\u0161n\u00edch dn\u00ed.<\/p><div><p><strong>\u017densk\u00e1 postava v seversk\u00e9m a n\u011bmeck\u00e9m <span class=\"iwg-fachbegriff\" data-tooltip=\"P\u0159ed\u00e1v\u00e1n\u00ed v\u011bdomost\u00ed a vypr\u00e1v\u011bn\u00ed nap\u0159\u00ed\u010d generacemi.\" tabindex=\"0\">pod\u00e1n\u00ed<\/span><\/strong><\/p><p>Mahra se v seversk\u00e9m a n\u011bmeck\u00e9m <span class=\"iwg-fachbegriff\" data-tooltip=\"P\u0159ed\u00e1v\u00e1n\u00ed v\u011bdomost\u00ed a vypr\u00e1v\u011bn\u00ed nap\u0159\u00ed\u010d generacemi.\" tabindex=\"0\">pod\u00e1n\u00ed<\/span> \u010dasto objevuje jako \u017eensk\u00e1 no\u010dn\u00ed postava. V Snorriho Sturlusonov\u011b <em>Prosaick\u00e9 Edd\u011b<\/em> (napsan\u00e9 kolem roku 1220) jsou pops\u00e1ny poh\u00e1dkovo-d\u00e9monick\u00e9 \u017eensk\u00e9 postavy, jejich\u017e povaha kol\u00eds\u00e1 mezi bohyn\u00ed a d\u00e9monkou.<\/p><p>A\u010dkoli Edda Mahru v\u00fdslovn\u011b nejmenuje, popsan\u00e1 no\u010dn\u00ed su\u017eov\u00e1n\u00ed \u017eensk\u00fdmi bytostmi odpov\u00eddaj\u00ed pozd\u011bji zaznamenan\u00fdm zpr\u00e1v\u00e1m o Mah\u0159e. \u0160v\u00e9dsk\u00e1 a n\u011bmeck\u00e1 lidov\u00e1 tradice ran\u00e9ho novov\u011bku pak tuto postavu bl\u00ed\u017ee vymezila.<\/p><p>Jacobus Sprenger a dal\u0161\u00ed demonologov\u00e9 Kladiva na \u010darod\u011bjnice popisovali \u017eensk\u00e9 no\u010dn\u00ed d\u00e9mony, kte\u0159\u00ed su\u017eovali mu\u017ee a st\u00fdkali se s nimi. Tyto bytosti byly v jednotliv\u00fdch p\u0159\u00edpadech identifikov\u00e1ny jako M\u00e4hra nebo Mahr, co\u017e nazna\u010duje kontinuitu mezi pohanskou severskou tradic\u00ed a k\u0159es\u0165anskou demonologi\u00ed.<\/p><p>Mahra tedy nebyla prim\u00e1rn\u011b p\u0159evzata z ciz\u00edch tradic, ale byla m\u00edstn\u00edm produktem s vlastn\u00ed historickou hloubkou.<\/p><\/div>\t\t\t\t\t\t\t\t<\/div>\n\t\t\t\t\t<\/div>\n\t\t\t\t<\/div>\n\t\t<div class=\"elementor-element elementor-element-159dcf9a e-flex e-con-boxed e-con e-child\" data-id=\"159dcf9a\" data-element_type=\"container\" data-e-type=\"container\">\n\t\t\t\t\t<div class=\"e-con-inner\">\n\t\t\t\t<div class=\"elementor-element elementor-element-48cee66f elementor-widget elementor-widget-heading\" data-id=\"48cee66f\" data-element_type=\"widget\" data-e-type=\"widget\" data-widget_type=\"heading.default\">\n\t\t\t\t\t<h2 class=\"elementor-heading-title elementor-size-default\">P\u0159ehled: Mahr<\/h2>\t\t\t\t<\/div>\n\t\t\t\t<div class=\"elementor-element elementor-element-3f50d82c elementor-widget elementor-widget-text-editor\" data-id=\"3f50d82c\" data-element_type=\"widget\" data-e-type=\"widget\" data-widget_type=\"text-editor.default\">\n\t\t\t\t\t\t\t\t\t<p><strong>Typ:<\/strong> \u017densk\u00fd tla\u010div\u00fd duch noci<br>P\u016fvod: Star\u00e1 germ\u00e1nsk\u00e1 vrstva (<em>*maran-<\/em>)<br>Texty: starosever\u0161tina, staroangli\u010dtina, st\u0159edon\u011bm\u010dina; Grimm, folkloristick\u00e9 sb\u00edrky<br>Obdob\u00ed: od ran\u00e9ho st\u0159edov\u011bku po sou\u010dasnost (jazykov\u011b dodnes)<br>Ochrana: jako u Alpa \u2013 drud\u016fv k\u0159\u00ed\u017e, boty, ocel, <span class=\"iwg-fachbegriff\" data-tooltip=\"Jazykov\u00e9 obr\u00e1cen\u00ed \u010dlov\u011bka k bo\u017estvu.\" tabindex=\"0\">modlitba<\/span><\/p>\t\t\t\t\t\t\t\t<\/div>\n\t\t\t\t\t<\/div>\n\t\t\t\t<\/div>\n\t\t\t\t\t<\/div>\n\t\t\t\t<\/div>\n\t\t\t\t\t<\/div>\n\t\t\t\t<\/div>\n\t\t<div class=\"elementor-element elementor-element-18613602 e-flex e-con-boxed e-con e-parent\" data-id=\"18613602\" data-element_type=\"container\" data-e-type=\"container\">\n\t\t\t\t\t<div class=\"e-con-inner\">\n\t\t\t\t<div class=\"elementor-element elementor-element-262b8a9f elementor-widget elementor-widget-heading\" data-id=\"262b8a9f\" data-element_type=\"widget\" data-e-type=\"widget\" data-widget_type=\"heading.default\">\n\t\t\t\t\t<h2 class=\"elementor-heading-title elementor-size-default\">Za\u0159azen\u00ed<\/h2>\t\t\t\t<\/div>\n\t\t<div class=\"elementor-element elementor-element-46dcb7d e-con-full e-flex e-con e-child\" data-id=\"46dcb7d\" data-element_type=\"container\" data-e-type=\"container\">\n\t\t<div class=\"elementor-element elementor-element-61d3ab3 e-flex e-con-boxed e-con e-child\" data-id=\"61d3ab3\" data-element_type=\"container\" data-e-type=\"container\">\n\t\t\t\t\t<div class=\"e-con-inner\">\n\t\t\t\t<div class=\"elementor-element elementor-element-117c166 elementor-widget elementor-widget-heading\" data-id=\"117c166\" data-element_type=\"widget\" data-e-type=\"widget\" data-widget_type=\"heading.default\">\n\t\t\t\t\t<div class=\"elementor-heading-title elementor-size-default\">Zeitraum der Texte<\/div>\t\t\t\t<\/div>\n\t\t\t\t<div class=\"elementor-element elementor-element-73997a0 elementor-widget elementor-widget-text-editor\" data-id=\"73997a0\" data-element_type=\"widget\" data-e-type=\"widget\" data-widget_type=\"text-editor.default\">\n\t\t\t\t\t\t\t\t\t<p>Jazykov\u011b dolo\u017eeno jako prageerm\u00e1nsk\u00e9 (spole\u010dn\u00fd ko\u0159en ve starosever\u0161tin\u011b, staroangli\u010dtin\u011b, staron\u011bm\u010din\u011b). St\u0159edov\u011bk\u00e9 doklady v literatu\u0159e a pr\u00e1vn\u00edch pramenech. Bohat\u011b zdokumentov\u00e1no v 19. stolet\u00ed (Grimm). Dodnes \u017eije ve slovech \u201enightmare\u201c \/ \u201ecauchemar\u201c \/ \u201eno\u010dn\u00ed mara\u201c (posledn\u00ed jako synonymum pro ob\u011b postavy).<\/p>\t\t\t\t\t\t\t\t<\/div>\n\t\t\t\t\t<\/div>\n\t\t\t\t<\/div>\n\t\t<div class=\"elementor-element elementor-element-d47b156 e-flex e-con-boxed e-con e-child\" data-id=\"d47b156\" data-element_type=\"container\" data-e-type=\"container\">\n\t\t\t\t\t<div class=\"e-con-inner\">\n\t\t\t\t<div class=\"elementor-element elementor-element-ff38c2b elementor-widget elementor-widget-heading\" data-id=\"ff38c2b\" data-element_type=\"widget\" data-e-type=\"widget\" data-widget_type=\"heading.default\">\n\t\t\t\t\t<div class=\"elementor-heading-title elementor-size-default\">Verbreitungsraum<\/div>\t\t\t\t<\/div>\n\t\t\t\t<div class=\"elementor-element elementor-element-4e49fcc elementor-widget elementor-widget-text-editor\" data-id=\"4e49fcc\" data-element_type=\"widget\" data-e-type=\"widget\" data-widget_type=\"text-editor.default\">\n\t\t\t\t\t\t\t\t\t<p>Cel\u00fd germ\u00e1nsk\u00fd prostor, s region\u00e1ln\u00edmi n\u00e1zvy: Mahr (n\u011bm.), mare (angl. v <em>nightmare<\/em>), mara (staroseversky\/\u0161v\u00e9dsky), Mart\/M\u00e5rt, Mahrt, nizozemsky <em>nachtmerrie<\/em>. P\u0159es francouzsk\u00e9 <em>cauchemar<\/em> se roz\u0161\u00ed\u0159ilo i do rom\u00e1nsk\u00fdch jazyk\u016f.<\/p>\t\t\t\t\t\t\t\t<\/div>\n\t\t\t\t\t<\/div>\n\t\t\t\t<\/div>\n\t\t\t\t<\/div>\n\t\t<div class=\"elementor-element elementor-element-db03c39 e-con-full e-flex e-con e-child\" data-id=\"db03c39\" data-element_type=\"container\" data-e-type=\"container\">\n\t\t<div class=\"elementor-element elementor-element-229a87b e-flex e-con-boxed e-con e-child\" data-id=\"229a87b\" data-element_type=\"container\" data-e-type=\"container\">\n\t\t\t\t\t<div class=\"e-con-inner\">\n\t\t\t\t<div class=\"elementor-element elementor-element-1f471fc elementor-widget elementor-widget-heading\" data-id=\"1f471fc\" data-element_type=\"widget\" data-e-type=\"widget\" data-widget_type=\"heading.default\">\n\t\t\t\t\t<div class=\"elementor-heading-title elementor-size-default\">Quellenlage<\/div>\t\t\t\t<\/div>\n\t\t\t\t<div class=\"elementor-element elementor-element-36b1201 elementor-widget elementor-widget-text-editor\" data-id=\"36b1201\" data-element_type=\"widget\" data-e-type=\"widget\" data-widget_type=\"text-editor.default\">\n\t\t\t\t\t\t\t\t\t<p>Staroanglick\u00e9 l\u00e9ka\u0159sk\u00e9 texty, staroseversk\u00e9 s\u00e1gy (kr\u00e1l Vanlandi je v Ynglinga saga zabit Marou), st\u0159edon\u011bmeck\u00e9 pr\u00e1vn\u00ed prameny, Grimmova <span class=\"iwg-fachbegriff\" data-tooltip=\"Souhrn tradovan\u00fdch vypr\u00e1v\u011bn\u00ed o boz\u00edch v dan\u00e9 kultu\u0159e.\" tabindex=\"0\">mytologie<\/span>, folkloristick\u00e9 archivy 19.\/20. stolet\u00ed.<\/p>\t\t\t\t\t\t\t\t<\/div>\n\t\t\t\t\t<\/div>\n\t\t\t\t<\/div>\n\t\t\t\t<\/div>\n\t\t\t\t\t<\/div>\n\t\t\t\t<\/div>\n\t\t<div class=\"elementor-element elementor-element-3ae0637c e-flex e-con-boxed e-con e-parent\" data-id=\"3ae0637c\" data-element_type=\"container\" data-e-type=\"container\">\n\t\t\t\t\t<div class=\"e-con-inner\">\n\t\t\t\t<div class=\"elementor-element elementor-element-31d07739 elementor-widget elementor-widget-heading\" data-id=\"31d07739\" data-element_type=\"widget\" data-e-type=\"widget\" data-widget_type=\"heading.default\">\n\t\t\t\t\t<h2 class=\"elementor-heading-title elementor-size-default\">Jm\u00e9no<\/h2>\t\t\t\t<\/div>\n\t\t<div class=\"elementor-element elementor-element-b7642947 e-con-full e-flex e-con e-child\" data-id=\"b7642947\" data-element_type=\"container\" data-e-type=\"container\">\n\t\t\t\t<div class=\"elementor-element elementor-element-a086266 elementor-widget elementor-widget-text-editor\" data-id=\"a086266\" data-element_type=\"widget\" data-e-type=\"widget\" data-widget_type=\"text-editor.default\">\n\t\t\t\t\t\t\t\t\t<p><strong>Staroseversky:<\/strong> <em>mara<\/em>, mno\u017en\u00e9 \u010d\u00edslo <em>marur<\/em>.<br>Staroangli\u010dtina: <em>m\u00e6re<\/em>.<br>Staron\u011bm\u010dina: <em>mara<\/em>.<br>Modern\u00ed formy: Nachtmahr, Nachtmar, Mart, M\u00e5rt, Mahrt, angl. <em>nightmare<\/em>, franc. <em>cauchemar<\/em>.<br>P\u0159\u00edbuzn\u00fd: Alp (mu\u017esk\u00fd rod, \u010dasto synonymum).<\/p><p>Ynglinga saga vypr\u00e1v\u00ed, jak \u0161v\u00e9dsk\u00e1 kr\u00e1lovna-\u010darod\u011bjka Hulda pos\u00edl\u00e1 Maru na kr\u00e1le Vanlandiho, kter\u00fd je ve sp\u00e1nku ve sv\u00e9 posteli udup\u00e1n. Jde o jeden z nejstar\u0161\u00edch liter\u00e1rn\u00edch doklad\u016f a ukazuje smrt\u00edc\u00ed s\u00edlu t\u00e9to postavy.<\/p>\t\t\t\t\t\t\t\t<\/div>\n\t\t\t\t<\/div>\n\t\t\t\t\t<\/div>\n\t\t\t\t<\/div>\n\t\t<div class=\"elementor-element elementor-element-709a44a8 e-flex e-con-boxed e-con e-parent\" data-id=\"709a44a8\" data-element_type=\"container\" data-e-type=\"container\">\n\t\t\t\t\t<div class=\"e-con-inner\">\n\t\t\t\t<div class=\"elementor-element elementor-element-2f585873 elementor-widget elementor-widget-heading\" data-id=\"2f585873\" data-element_type=\"widget\" data-e-type=\"widget\" data-widget_type=\"heading.default\">\n\t\t\t\t\t<h2 class=\"elementor-heading-title elementor-size-default\">Povahov\u00e9 rysy<\/h2>\t\t\t\t<\/div>\n\t\t<div class=\"elementor-element elementor-element-70621c12 e-con-full e-flex e-con e-child\" data-id=\"70621c12\" data-element_type=\"container\" data-e-type=\"container\">\n\t\t\t\t<div class=\"elementor-element elementor-element-4296eb49 elementor-widget elementor-widget-text-editor\" data-id=\"4296eb49\" data-element_type=\"widget\" data-e-type=\"widget\" data-widget_type=\"text-editor.default\">\n\t\t\t\t\t\t\t\t\t<p><strong>Vzhled<\/strong><\/p><p>\u017densk\u00e1 postava, mal\u00e1, s dlouh\u00fdmi rozcuchan\u00fdmi vlasy. Um\u00ed se prom\u011bnit ve zv\u00ed\u0159e, v ko\u010dku, psa nebo pavouka. Vnik\u00e1 kl\u00ed\u010dovou d\u00edrkou, kom\u00ednem nebo \u0161kv\u00edrou ve dve\u0159\u00edch. V n\u011bkter\u00fdch kraj\u00edch je popisov\u00e1na jako kr\u00e1sn\u00e1 mlad\u00e1 \u017eena, jinde jako scvrkl\u00e1 sta\u0159ena.<\/p><p><strong>Chov\u00e1n\u00ed<\/strong><\/p><p>Used\u00e1 na hru\u010f sp\u00edc\u00edho, tla\u010d\u00ed ho, odn\u00edm\u00e1 dech a zp\u016fsobuje no\u010dn\u00ed d\u011bsy. M\u016f\u017ee tak\u00e9 \u201eje\u017edit&#8220; na kon\u00edch, r\u00e1no se pak objevuj\u00ed zapleten\u00e9 h\u0159\u00edvy (\u201emo\u0159ena zapl\u00e9t\u00e1&#8220;) a vy\u010derpan\u00e1 zv\u00ed\u0159ata. V nejhor\u0161\u00edch p\u0159\u00edpadech m\u011blo m\u00edt toto po\u010d\u00edn\u00e1n\u00ed smrteln\u00e9 n\u00e1sledky (Ynglinga saga).<\/p><p><strong>Oblast p\u016fsoben\u00ed<\/strong><\/p><p>Lo\u017enice, kon\u00edrna. Za zvl\u00e1\u0161t\u011b nebezpe\u010dn\u00e9 jsou pova\u017eov\u00e1ny ur\u010dit\u00e9 noci (mezn\u00ed dny, \u010dtvrte\u010dn\u00ed noci). Lid\u00e9 se slab\u00fdm krevn\u00edm ob\u011bhem, po t\u011b\u017ek\u00e9m j\u00eddle nebo ve sp\u00e1nku na z\u00e1dech jsou podle lidov\u00e9 p\u0159edstavy zraniteln\u011bj\u0161\u00ed.<\/p><p><strong>Mytologick\u00e9 za\u0159azen\u00ed<\/strong><\/p><p>Prastar\u00e1 germ\u00e1nsk\u00e1 tradice. Mo\u017en\u00e1 souvis\u00ed s p\u0159edstavou putuj\u00edc\u00ed du\u0161e (<em>mara<\/em> jako odlou\u010den\u00e1 \u017eensk\u00e1 podoba du\u0161e, kter\u00e1 se v noci vyd\u00e1v\u00e1 na cesty). Ve slovansk\u00e9 tradici existuj\u00ed bl\u00edzce p\u0159\u00edbuzn\u00e9 postavy (Mora, Mura).<\/p><p><strong>Vzhled a symbolika<\/strong><\/p><p>Mory b\u00fdvaj\u00ed popisov\u00e1ny jako matn\u00e9 st\u00edny, kter\u00e9 usedaj\u00ed na sp\u00edc\u00ed osoby. N\u011bkdy se objevuj\u00ed jako elf\u00ed bytosti. Alb (p\u0159\u00edzrak) se m\u016f\u017ee prom\u011bnit ve zv\u00ed\u0159e, v kon\u011b, pt\u00e1ka nebo ko\u010dku. Sev\u0159en\u00ed hrudi a pot\u00ed\u017ee s d\u00fdch\u00e1n\u00edm jsou jejich typick\u00fdm znamen\u00edm. Za ochranu je pova\u017eov\u00e1no \u017eelezo.<\/p><div><p><strong>\u010carod\u011bjnictv\u00ed a lidov\u00e1 tradice ran\u00e9ho novov\u011bku<\/strong><\/p><p>V n\u011bmecky mluv\u00edc\u00edch zem\u00edch 16. a\u017e 18. stolet\u00ed byla mora \u00fazce spojena s \u010darod\u011bjnictv\u00edm. Obvin\u011bn\u00e9 \u010darod\u011bjnice byly mimo jin\u00e9 ob\u017ealov\u00e1ny, \u017ee v noci v podob\u011b mory usedaly na sp\u00edc\u00ed lidi, zp\u016fsobovaly no\u010dn\u00ed d\u011bsy a sv\u00e1d\u011bly mu\u017ee.<\/p><p><strong>Hranice mezi d\u00e9monickou bytost\u00ed a \u010darod\u011bjnic\u00ed, kter\u00e1 se do t\u00e9to podoby magicky prom\u011b\u0148ovala, byla \u010dasto nejasn\u00e1. Vesnick\u00e9 pod\u00e1n\u00ed vypr\u00e1v\u011blo o \u017een\u00e1ch, kter\u00e9 <em>jezdily jako mora<\/em>, tedy vys\u00edlaly svou du\u0161i v t\u00e9to podob\u011b na cesty, zat\u00edmco jejich t\u011blo spalo.<\/strong><\/p><p><span data-nosnippet>Tato v\u00edra nebyla omezena na jeden region, ale byla roz\u0161\u00ed\u0159ena po cel\u00e9 n\u011bmecky mluv\u00edc\u00ed oblasti a Skandin\u00e1vii. Jakob Grimm zaznamenal v <em>Deutsche <span class=\"iwg-fachbegriff\" data-tooltip=\"Souhrn tradovan\u00fdch vypr\u00e1v\u011bn\u00ed o boz\u00edch ur\u010dit\u00e9 kultury.\" tabindex=\"0\">Mythologie<\/span><\/em> (1835) stovky vypr\u00e1v\u011bn\u00ed o mo\u0159en\u011b z r\u016fzn\u00fdch kraj\u016f a uk\u00e1zal, \u017ee tradice mory byla star\u0161\u00ed a roz\u0161\u00ed\u0159en\u011bj\u0161\u00ed, ne\u017e tehdej\u0161\u00ed akademick\u00fd z\u00e1jem p\u0159edpokl\u00e1dal.<\/span><\/p><\/div>\t\t\t\t\t\t\t\t<\/div>\n\t\t\t\t<\/div>\n\t\t\t\t\t<\/div>\n\t\t\t\t<\/div>\n\t\t<div class=\"elementor-element elementor-element-44e71476 e-flex e-con-boxed e-con e-parent\" data-id=\"44e71476\" data-element_type=\"container\" data-e-type=\"container\">\n\t\t\t\t\t<div class=\"e-con-inner\">\n\t\t\t\t<div class=\"elementor-element elementor-element-3c1fc3f0 elementor-widget elementor-widget-heading\" data-id=\"3c1fc3f0\" data-element_type=\"widget\" data-e-type=\"widget\" data-widget_type=\"heading.default\">\n\t\t\t\t\t<h2 class=\"elementor-heading-title elementor-size-default\">Profil: Mahr<\/h2>\t\t\t\t<\/div>\n\t\t<div class=\"elementor-element elementor-element-84f33b8e e-con-full e-flex e-con e-child\" data-id=\"84f33b8e\" data-element_type=\"container\" data-e-type=\"container\">\n\t\t\t\t<div class=\"elementor-element elementor-element-hqkdc67p elementor-widget elementor-widget-text-editor\" data-id=\"hqkdc67p\" data-element_type=\"widget\" data-e-type=\"widget\" data-widget_type=\"text-editor.default\">\n\t\t\t\t\t\t\t\t\t<p>Nejd\u016fle\u017eit\u011bj\u0161\u00ed rysy bytosti Mahr na prvn\u00ed pohled.<\/p>\t\t\t\t\t\t\t\t<\/div>\n\t\t\t\t<\/div>\n\t\t<div class=\"elementor-element elementor-element-pemmx7c5 e-con-full e-flex e-con e-child\" data-id=\"pemmx7c5\" data-element_type=\"container\" data-e-type=\"container\">\n\t\t<div class=\"elementor-element elementor-element-pemmx7c1 e-con-full e-flex e-con e-child\" data-id=\"pemmx7c1\" data-element_type=\"container\" data-e-type=\"container\">\n\t\t<div class=\"elementor-element elementor-element-qh9oavvu iwg-steckbrief-card e-flex e-con-boxed e-con e-child\" data-id=\"qh9oavvu\" data-element_type=\"container\" data-e-type=\"container\">\n\t\t\t\t\t<div class=\"e-con-inner\">\n\t\t\t\t<div class=\"elementor-element elementor-element-awzx8k2k elementor-widget elementor-widget-heading\" data-id=\"awzx8k2k\" data-element_type=\"widget\" data-e-type=\"widget\" data-widget_type=\"heading.default\">\n\t\t\t\t\t<div class=\"elementor-heading-title elementor-size-default\">Kulturn\u00ed kontext<\/div>\t\t\t\t<\/div>\n\t\t\t\t<div class=\"elementor-element elementor-element-x6rowhv0 elementor-widget elementor-widget-text-editor\" data-id=\"x6rowhv0\" data-element_type=\"widget\" data-e-type=\"widget\" data-widget_type=\"text-editor.default\">\n\t\t\t\t\t\t\t\t\t<p>Prastar\u00e1 germ\u00e1nsk\u00e1 vrstva; mo\u017en\u00e1 putuj\u00edc\u00ed \u017eensk\u00e1 podoba du\u0161e. Jazykov\u011b se dodnes zachovala ve slovech \u201enightmare\u201c a \u201ecauchemar\u201c.<\/p>\t\t\t\t\t\t\t\t<\/div>\n\t\t\t\t\t<\/div>\n\t\t\t\t<\/div>\n\t\t<div class=\"elementor-element elementor-element-8e3o4kxs iwg-steckbrief-card e-flex e-con-boxed e-con e-child\" data-id=\"8e3o4kxs\" data-element_type=\"container\" data-e-type=\"container\">\n\t\t\t\t\t<div class=\"e-con-inner\">\n\t\t\t\t<div class=\"elementor-element elementor-element-08rkdgov elementor-widget elementor-widget-heading\" data-id=\"08rkdgov\" data-element_type=\"widget\" data-e-type=\"widget\" data-widget_type=\"heading.default\">\n\t\t\t\t\t<div class=\"elementor-heading-title elementor-size-default\">Adres\u00e1ti<\/div>\t\t\t\t<\/div>\n\t\t\t\t<div class=\"elementor-element elementor-element-uwjelx8s elementor-widget elementor-widget-text-editor\" data-id=\"uwjelx8s\" data-element_type=\"widget\" data-e-type=\"widget\" data-widget_type=\"text-editor.default\">\n\t\t\t\t\t\t\t\t\t<p>Sp\u00edc\u00ed lid\u00e9 (ve sp\u00e1nku na z\u00e1dech, po t\u011b\u017ek\u00e9m j\u00eddle), kon\u011b ve st\u00e1ji. Zvl\u00e1\u0161t\u011b ohro\u017een\u00e9 jsou ur\u010dit\u00e9 mezn\u00ed noci.<\/p>\t\t\t\t\t\t\t\t<\/div>\n\t\t\t\t\t<\/div>\n\t\t\t\t<\/div>\n\t\t<div class=\"elementor-element elementor-element-jm2n74ec iwg-steckbrief-card e-flex e-con-boxed e-con e-child\" data-id=\"jm2n74ec\" data-element_type=\"container\" data-e-type=\"container\">\n\t\t\t\t\t<div class=\"e-con-inner\">\n\t\t\t\t<div class=\"elementor-element elementor-element-8vufse4c elementor-widget elementor-widget-heading\" data-id=\"8vufse4c\" data-element_type=\"widget\" data-e-type=\"widget\" data-widget_type=\"heading.default\">\n\t\t\t\t\t<div class=\"elementor-heading-title elementor-size-default\">Vzhled Mahr<\/div>\t\t\t\t<\/div>\n\t\t\t\t<div class=\"elementor-element elementor-element-mwb9u015 elementor-widget elementor-widget-text-editor\" data-id=\"mwb9u015\" data-element_type=\"widget\" data-e-type=\"widget\" data-widget_type=\"text-editor.default\">\n\t\t\t\t\t\t\t\t\t<p>\u017densk\u00e1 postava, mal\u00e1, s dlouh\u00fdmi rozcuchan\u00fdmi vlasy. Schopna prom\u011bny do zv\u00ed\u0159ec\u00ed podoby (ko\u010dka, pavouk). V r\u016fzn\u00fdch kraj\u00edch je l\u00ed\u010dena bu\u010f jako kr\u00e1sn\u00e1 \u017eena, nebo jako sta\u0159ena.<\/p>\t\t\t\t\t\t\t\t<\/div>\n\t\t\t\t\t<\/div>\n\t\t\t\t<\/div>\n\t\t\t\t<\/div>\n\t\t<div class=\"elementor-element elementor-element-pemmx7c2 e-con-full e-flex e-con e-child\" data-id=\"pemmx7c2\" data-element_type=\"container\" data-e-type=\"container\">\n\t\t<div class=\"elementor-element elementor-element-37ss2yr6 iwg-steckbrief-card e-flex e-con-boxed e-con e-child\" data-id=\"37ss2yr6\" data-element_type=\"container\" data-e-type=\"container\">\n\t\t\t\t\t<div class=\"e-con-inner\">\n\t\t\t\t<div class=\"elementor-element elementor-element-3v0wp3wx elementor-widget elementor-widget-heading\" data-id=\"3v0wp3wx\" data-element_type=\"widget\" data-e-type=\"widget\" data-widget_type=\"heading.default\">\n\t\t\t\t\t<div class=\"elementor-heading-title elementor-size-default\">Funkce<\/div>\t\t\t\t<\/div>\n\t\t\t\t<div class=\"elementor-element elementor-element-w3247g2m elementor-widget elementor-widget-text-editor\" data-id=\"w3247g2m\" data-element_type=\"widget\" data-e-type=\"widget\" data-widget_type=\"text-editor.default\">\n\t\t\t\t\t\t\t\t\t<p>Tla\u010d\u00ed, odeb\u00edr\u00e1 dech, zp\u016fsobuje no\u010dn\u00ed d\u011bsy. \u201eJezd\u00ed\u201c na kon\u00edch. V liter\u00e1rn\u00ed <span class=\"iwg-fachbegriff\" data-tooltip=\"Tradov\u00e1n\u00ed v\u011bdomost\u00ed a vypr\u00e1v\u011bn\u00ed mezi generacemi.\" tabindex=\"0\">tradici<\/span> m\u016f\u017ee p\u016fsobit i smrteln\u011b (Ynglinga saga).<\/p>\t\t\t\t\t\t\t\t<\/div>\n\t\t\t\t\t<\/div>\n\t\t\t\t<\/div>\n\t\t<div class=\"elementor-element elementor-element-0qpjal9w iwg-steckbrief-card e-flex e-con-boxed e-con e-child\" data-id=\"0qpjal9w\" data-element_type=\"container\" data-e-type=\"container\">\n\t\t\t\t\t<div class=\"e-con-inner\">\n\t\t\t\t<div class=\"elementor-element elementor-element-6ndoih0o elementor-widget elementor-widget-heading\" data-id=\"6ndoih0o\" data-element_type=\"widget\" data-e-type=\"widget\" data-widget_type=\"heading.default\">\n\t\t\t\t\t<div class=\"elementor-heading-title elementor-size-default\">Ochrana<\/div>\t\t\t\t<\/div>\n\t\t\t\t<div class=\"elementor-element elementor-element-6684tyh9 elementor-widget elementor-widget-text-editor\" data-id=\"6684tyh9\" data-element_type=\"widget\" data-e-type=\"widget\" data-widget_type=\"text-editor.default\">\n\t\t\t\t\t\t\t\t\t<p>Stejn\u011b jako u alpa: drudova noha, boty postaven\u00e9 obr\u00e1cen\u011b p\u0159ed postel\u00ed, n\u016f\u017e pod pol\u0161t\u00e1\u0159em. Nav\u00edc: kancion\u00e1l nebo \u017ealt\u00e1\u0159 pod pol\u0161t\u00e1\u0159em, znamen\u00ed k\u0159\u00ed\u017ee p\u0159i ulehnut\u00ed.<\/p>\t\t\t\t\t\t\t\t<\/div>\n\t\t\t\t\t<\/div>\n\t\t\t\t<\/div>\n\t\t<div class=\"elementor-element elementor-element-3lfi7x32 iwg-steckbrief-card e-flex e-con-boxed e-con e-child\" data-id=\"3lfi7x32\" data-element_type=\"container\" data-e-type=\"container\">\n\t\t\t\t\t<div class=\"e-con-inner\">\n\t\t\t\t<div class=\"elementor-element elementor-element-0kg99ga1 elementor-widget elementor-widget-heading\" data-id=\"0kg99ga1\" data-element_type=\"widget\" data-e-type=\"widget\" data-widget_type=\"heading.default\">\n\t\t\t\t\t<div class=\"elementor-heading-title elementor-size-default\">Srovnateln\u00e9 bytosti<\/div>\t\t\t\t<\/div>\n\t\t\t\t<div class=\"elementor-element elementor-element-n0fum6kp elementor-widget elementor-widget-text-editor\" data-id=\"n0fum6kp\" data-element_type=\"widget\" data-e-type=\"widget\" data-widget_type=\"text-editor.default\">\n\t\t\t\t\t\t\t\t\t<p>Alp (bl\u00edzk\u00fd p\u0159\u00edbuzn\u00fd), slovansk\u00e1 Mora\/Mura, <a href=\"https:\/\/iwell-guard.com\/cs\/?page_id=145112\">Lil\u016b a Lil\u012btu<\/a>, <a href=\"https:\/\/iwell-guard.com\/cs\/?page_id=145134\">Lilith<\/a>, <a href=\"https:\/\/iwell-guard.com\/cs\/?page_id=145125\">Empusa<\/a>, <a href=\"https:\/\/iwell-guard.com\/cs\/?page_id=145131\">Striga<\/a>.<\/p>\t\t\t\t\t\t\t\t<\/div>\n\t\t\t\t\t<\/div>\n\t\t\t\t<\/div>\n\t\t\t\t<\/div>\n\t\t\t\t<\/div>\n\t\t\t\t\t<\/div>\n\t\t\t\t<\/div>\n\t\t<div class=\"elementor-element elementor-element-7533bc7a e-flex e-con-boxed e-con e-parent\" data-id=\"7533bc7a\" data-element_type=\"container\" data-e-type=\"container\">\n\t\t\t\t\t<div class=\"e-con-inner\">\n\t\t\t\t<div class=\"elementor-element elementor-element-2447d18d elementor-widget elementor-widget-heading\" data-id=\"2447d18d\" data-element_type=\"widget\" data-e-type=\"widget\" data-widget_type=\"heading.default\">\n\t\t\t\t\t<h2 class=\"elementor-heading-title elementor-size-default\">Ochrana a v\u00fdklad<\/h2>\t\t\t\t<\/div>\n\t\t<div class=\"elementor-element elementor-element-d5d0260c e-con-full e-flex e-con e-child\" data-id=\"d5d0260c\" data-element_type=\"container\" data-e-type=\"container\">\n\t\t\t\t<div class=\"elementor-element elementor-element-341be2ac elementor-widget elementor-widget-text-editor\" data-id=\"341be2ac\" data-element_type=\"widget\" data-e-type=\"widget\" data-widget_type=\"text-editor.default\">\n\t\t\t\t\t\t\t\t\t<p><strong>Ochrann\u00e1 praxe<\/strong><\/p><p>Toto\u017en\u00e1 s ochranou p\u0159ed alpem: drudova noha, boty postaven\u00e9 obr\u00e1cen\u011b, n\u016f\u017e pod pol\u0161t\u00e1\u0159em, \u017ealt\u00e1\u0159 nebo bible pod hlavou. Region\u00e1ln\u011b: ko\u0161t\u011b se \u0161t\u011btinami nahoru postaven\u00e9 v kout\u011b, panenka ze sl\u00e1my ve st\u00e1ji.<\/p><p><strong>Ochrana kon\u00ed<\/strong><\/p><p>Ve st\u00e1ji proti \u201ejezd\u011bn\u00ed\u201c mahr: zrc\u00e1tko na krku kon\u011b, posv\u011bcen\u00e9 amulety, ho\u0159\u00edc\u00ed st\u00e1jov\u00e1 sv\u00edtilna. Zamotan\u00e9 k\u0161tice r\u00e1no byly pokl\u00e1d\u00e1ny za jasn\u00e9 znamen\u00ed n\u00e1v\u0161t\u011bvy mahr.<\/p><p><strong>Modern\u00ed v\u00fdklad<\/strong><\/p><p>Podobn\u011b jako alp je i mahr dnes ch\u00e1p\u00e1na jako jev <a class=\"iwg-fachbegriff\" href=\"https:\/\/iwell-guard.com\/cs\/?page_id=145416\" tabindex=\"0\" data-tooltip=\"Stav bd\u011blosti p\u0159i svalov\u00e9 atonii REM f\u00e1ze; celosv\u011btov\u011b vykl\u00e1d\u00e1n jako z\u00e1\u017eitek s duchy (mahr, Old Hag, kanashibari) \u2013 neurologicky vysv\u011btliteln\u00fd.\" style=\"color:inherit;text-decoration:none\">sp\u00e1nkov\u00e9 paral\u00fdzy<\/a>. Folkloristick\u00fd v\u00fdzkum (David Hufford a dal\u0161\u00ed) uk\u00e1zal, \u017ee pro\u017eitkov\u00e1 fenomenologie je nap\u0159\u00ed\u010d kulturami st\u00e1l\u00e1, mytologick\u00e9 obrazy se li\u0161\u00ed, ale samotn\u00fd z\u00e1\u017eitek z\u016fst\u00e1v\u00e1.<\/p>\t\t\t\t\t\t\t\t<\/div>\n\t\t\t\t<\/div>\n\t\t\t\t\t<\/div>\n\t\t\t\t<\/div>\n\t\t<div class=\"elementor-element elementor-element-5a584676 e-flex e-con-boxed e-con e-parent\" data-id=\"5a584676\" data-element_type=\"container\" data-e-type=\"container\">\n\t\t\t\t\t<div class=\"e-con-inner\">\n\t\t\t\t<div class=\"elementor-element elementor-element-6d0757bf elementor-widget elementor-widget-heading\" data-id=\"6d0757bf\" data-element_type=\"widget\" data-e-type=\"widget\" data-widget_type=\"heading.default\">\n\t\t\t\t\t<h2 class=\"elementor-heading-title elementor-size-default\">Paralely a recepce<\/h2>\t\t\t\t<\/div>\n\t\t<div class=\"elementor-element elementor-element-60563f68 e-con-full e-flex e-con e-child\" data-id=\"60563f68\" data-element_type=\"container\" data-e-type=\"container\">\n\t\t\t\t<div class=\"elementor-element elementor-element-5a93fdd6 elementor-widget elementor-widget-text-editor\" data-id=\"5a93fdd6\" data-element_type=\"widget\" data-e-type=\"widget\" data-widget_type=\"text-editor.default\">\n\t\t\t\t\t\t\t\t\t<footer class=\"iwg-literatur\"><p><strong>Panerm\u00e1nsk\u00e9 a slovansk\u00e9 paralely<\/strong><\/p><p>Alp v n\u011bmecky mluv\u00edc\u00edch zem\u00edch, <em>mare<\/em> v anglick\u00e9m, <em>mara<\/em> v seversk\u00e9m, <em>mora<\/em>\/<em>mura<\/em> ve slovansk\u00e9m prostoru. V\u0161echny odkazuj\u00ed na spole\u010dnou indoevropskou nebo dokonce je\u0161t\u011b star\u0161\u00ed vrstvu.<\/p><p><strong><span class=\"iwg-fachbegriff\" data-tooltip=\"Epocha \u0159eck\u00e9 a \u0159\u00edmsk\u00e9 kultury, p\u0159ibli\u017en\u011b 800 p\u0159. n. l. a\u017e 600 n. l.\" tabindex=\"0\">Antika<\/span> a paralely<\/strong><\/p><p><a href=\"https:\/\/iwell-guard.com\/cs\/?page_id=145112\">Lil\u016b a Lil\u012btu<\/a>, <a href=\"https:\/\/iwell-guard.com\/cs\/?page_id=145134\">Lilith<\/a>, <a href=\"https:\/\/iwell-guard.com\/cs\/?page_id=145125\">Empusa<\/a>, <a href=\"https:\/\/iwell-guard.com\/cs\/?page_id=145131\">Striga<\/a> sd\u00edlej\u00ed s Mahr strukturu i funkci. \u017densk\u00e1 no\u010dn\u00ed postava, kter\u00e1 su\u017euje sp\u00e1\u010de, je celosv\u011btov\u011b roz\u0161\u00ed\u0159en\u00fd <span class=\"iwg-fachbegriff\" data-tooltip=\"Opakuj\u00edc\u00ed se obsahov\u00fd prvek v um\u011bn\u00ed nebo vypr\u00e1v\u011bn\u00ed.\" tabindex=\"0\">motiv<\/span>.<\/p><p><strong>Reflexe v kultu\u0159e<\/strong><\/p><p>F\u00fcssliho <em>Nachtmahr<\/em> (1781) je nejzn\u00e1m\u011bj\u0161\u00edm v\u00fdtvarn\u00fdm zpodobn\u011bn\u00edm. Heineho poezie a Goeth\u016fv Kr\u00e1l duch\u016f toto <span class=\"iwg-fachbegriff\" data-tooltip=\"Opakuj\u00edc\u00ed se obsahov\u00fd prvek v um\u011bn\u00ed nebo vypr\u00e1v\u011bn\u00ed.\" tabindex=\"0\">motiv<\/span> zpracov\u00e1vaj\u00ed. Modern\u00ed hororov\u00e1 literatura a filmy tuto postavu pravideln\u011b vyu\u017e\u00edvaj\u00ed.<\/p><p><strong>P\u0159etrv\u00e1v\u00e1n\u00ed a reflexe:<\/strong> Tradice Mahr \u017eije d\u00e1l v modern\u00edm <span class=\"iwg-fachbegriff\" data-tooltip=\"N\u00e1bo\u017eensk\u00fd syst\u00e9m, ve kter\u00e9m specialist\u00e9 komunikuj\u00ed se sv\u011btem duch\u016f.\" tabindex=\"0\">\u0161amanismu<\/span>. Fenom\u00e9ny no\u010dn\u00ed hr\u016fzy jsou s n\u00ed \u010d\u00e1ste\u010dn\u011b spojov\u00e1ny. V z\u00e1padn\u00ed psychologii je Alb jevem, kter\u00fd p\u0159esahuje jednotliv\u00e9 kultury. Ve fantasy jsou Mahr \u010dasto elf\u00ed trickstery. Kultura Alp z\u016fst\u00e1v\u00e1 \u017eiv\u00e1 v Bavorsku.<\/p><div data-nosnippet=\"true\" class=\"iwg-litliste\"><\/div><\/footer><div><p><strong>Fyzick\u00e1 a demonick\u00e1 povaha Mahr<\/strong><\/p><p>Opakuj\u00edc\u00edm se <span class=\"iwg-fachbegriff\" data-tooltip=\"Opakuj\u00edc\u00ed se obsahov\u00fd prvek v um\u011bn\u00ed nebo vypr\u00e1v\u011bn\u00ed.\" tabindex=\"0\">motivem<\/span> ve zpr\u00e1v\u00e1ch je ambivalentn\u00ed fyzick\u00e1 p\u0159\u00edtomnost Mahr. N\u011bkter\u00e1 vypr\u00e1v\u011bn\u00ed hovo\u0159\u00ed o hmatateln\u00e9 bytosti, huben\u00e9 \u017een\u011b s dlouh\u00fdmi nehty a bled\u00fdm obli\u010dejem, kter\u00e1 prov\u00e1d\u00ed \u0161krt\u00edc\u00ed pohyby.<\/p><p>Jin\u00e1 sv\u011bdectv\u00ed naopak sp\u00ed\u0161e nazna\u010duj\u00ed duchovn\u00ed nebo prchavou p\u0159\u00edtomnost, jakousi zvnit\u0159n\u011bnou formu strachu, kter\u00e1 se vymyk\u00e1 fyzick\u00e9mu uchopen\u00ed. Tato ambivalence d\u011bl\u00e1 z Mahr bytost, kter\u00e1 nen\u00ed zcela duchovn\u00ed ani zcela t\u011blesn\u00e1, n\u00fdbr\u017e stoj\u00ed na hranici obou.<\/p><p>Ot\u00e1zka, zda m\u00e1 b\u00fdt Mahr ch\u00e1p\u00e1na jako demonick\u00e1 bytost, jako projekce lidsk\u00e9ho strachu nebo jako d\u016fsledek l\u00e9ka\u0159sk\u00e9 poruchy sp\u00e1nku, byla ve folkloristice zodpov\u00edd\u00e1na r\u016fzn\u011b. Dne\u0161n\u00ed <span class=\"iwg-fachbegriff\" data-tooltip=\"V\u011bda, kter\u00e1 zkoum\u00e1 n\u00e1bo\u017eenstv\u00ed srovn\u00e1vac\u00edm zp\u016fsobem a bez vyzn\u00e1n\u00ed v\u00edry.\" tabindex=\"0\">religionistika<\/span> tuto ambivalenci uzn\u00e1v\u00e1, ani\u017e by ji rozpou\u0161t\u011bla, a ch\u00e1pe Mahr jako kulturn\u00ed produkt s re\u00e1ln\u00fdmi soci\u00e1ln\u00edmi a psychologick\u00fdmi funkcemi.<\/p><\/div>\t\t\t\t\t\t\t\t<\/div>\n\t\t\t\t<\/div>\n\t\t\t\t\t<\/div>\n\t\t\t\t<\/div>\n\t\t<div class=\"elementor-element elementor-element-cpf76f55e e-flex e-con-boxed e-con e-parent\" data-id=\"cpf76f55e\" data-element_type=\"container\" data-e-type=\"container\">\n\t\t\t\t\t<div class=\"e-con-inner\">\n\t\t\t\t<div class=\"elementor-element elementor-element-cp607ca10 elementor-widget elementor-widget-heading\" data-id=\"cp607ca10\" data-element_type=\"widget\" data-e-type=\"widget\" data-widget_type=\"heading.default\">\n\t\t\t\t\t<h2 class=\"elementor-heading-title elementor-size-default\">Mahr a evropsk\u00e9 slovo pro no\u010dn\u00ed d\u011bs<\/h2>\t\t\t\t<\/div>\n\t\t<div class=\"elementor-element elementor-element-cpee16b4c e-con-full e-flex e-con e-child\" data-id=\"cpee16b4c\" data-element_type=\"container\" data-e-type=\"container\">\n\t\t\t\t<div class=\"elementor-element elementor-element-cp91fe14d elementor-widget elementor-widget-text-editor\" data-id=\"cp91fe14d\" data-element_type=\"widget\" data-e-type=\"widget\" data-widget_type=\"text-editor.default\">\n\t\t\t\t\t\t\t\t\t<p><em>Mahr<\/em> je jazykov\u011b jednou z nejvlivn\u011bj\u0161\u00edch duchovn\u00edch bytost\u00ed germ\u00e1nsk\u00e9 <span class=\"iwg-fachbegriff\" data-tooltip=\"P\u0159ed\u00e1v\u00e1n\u00ed v\u011bdomost\u00ed a vypr\u00e1v\u011bn\u00ed mezi generacemi.\" tabindex=\"0\">tradice<\/span>. Jej\u00ed jm\u00e9no je zakotveno v anglick\u00e9m <em>nightmare<\/em>, francouzsk\u00e9m <em>cauchemar<\/em> a v n\u011bkolika dal\u0161\u00edch evropsk\u00fdch slovech pro no\u010dn\u00ed d\u011bs. Tyto stopy ukazuj\u00ed, \u017ee p\u0159edstava \u017eensk\u00e9ho dus\u00edc\u00edho ducha, kter\u00fd v noci su\u017euje sp\u00e1\u010de, byla v z\u00e1padn\u00ed Evrop\u011b zna\u010dn\u011b roz\u0161\u00ed\u0159en\u00e1 a m\u00e1 hlubok\u00e9 ko\u0159eny.<\/p><p>Tato slovn\u00ed rodina je dob\u0159e dolo\u017eena nap\u0159\u00ed\u010d germ\u00e1nsk\u00fdmi jazyky, ve star\u00e9 horn\u00ed n\u011bm\u010din\u011b, ve star\u00e9 angli\u010dtin\u011b jako <em>m\u00e6re<\/em>, ve star\u00e9 sever\u0161tin\u011b jako <em>mara<\/em>. Staroseversk\u00e1 literatura obsahuje v\u00fdmluvn\u00e9 vypr\u00e1v\u011bn\u00ed v <em>Ynglinga saze<\/em> Snorriho Sturlusona: kr\u00e1l Vanlandi je udu\u0161en k smrti <em>marou<\/em>, kter\u00e1 mu nejprve \u0161lape na nohy a pot\u00e9 na hlavu.<\/p><p>Toto m\u00edsto pat\u0159\u00ed k nejstar\u0161\u00edm rozs\u00e1hlej\u0161\u00edm liter\u00e1rn\u00edm sv\u011bdectv\u00edm dan\u00e9 p\u0159edstavy a ukazuje, \u017ee Mahr mohla b\u00fdt ji\u017e ve st\u0159edov\u011bku ch\u00e1p\u00e1na jako smrteln\u00e1 hrozba.<\/p><p>Jazykov\u011bdn\u00fd v\u00fdzkum navrhl r\u016fzn\u00e9 v\u00fdklady ko\u0159ene slova, mimo jin\u00e9 souvislost se slovesem znamenaj\u00edc\u00edm \u201edrtit\u201c nebo \u201ema\u010dkat\u201c, co\u017e by dob\u0159e odpov\u00eddalo funkci dus\u00edc\u00edho ducha. Zcela ov\u011b\u0159enou etymologii v\u0161ak nem\u00e1me. Jist\u00e9 je ov\u0161em velk\u00e9 geografick\u00e9 a \u010dasov\u00e9 roz\u0161\u00ed\u0159en\u00ed tohoto slova.<\/p><p>Mahr je tak p\u0159\u00edkladem toho, jak duchovn\u00ed bytost m\u016f\u017ee prost\u0159ednictv\u00edm jazyka vyv\u00edjet \u00fa\u010dinek, kter\u00fd dalece p\u0159etrv\u00e1 jej\u00ed p\u016fvodn\u00ed v\u00edrov\u00e9 z\u00e1zem\u00ed. Kdo dnes mluv\u00ed o no\u010dn\u00ed hr\u016fze, pou\u017e\u00edv\u00e1, ani\u017e by to tu\u0161il, jm\u00e9no star\u00e9ho dus\u00edc\u00edho ducha.<\/p>\t\t\t\t\t\t\t\t<\/div>\n\t\t\t\t<\/div>\n\t\t\t\t\t<\/div>\n\t\t\t\t<\/div>\n\t\t<div class=\"elementor-element elementor-element-cp599ff74 e-flex e-con-boxed e-con e-parent\" data-id=\"cp599ff74\" data-element_type=\"container\" data-e-type=\"container\">\n\t\t\t\t\t<div class=\"e-con-inner\">\n\t\t\t\t<div class=\"elementor-element elementor-element-cpcaa6cd3 elementor-widget elementor-widget-heading\" data-id=\"cpcaa6cd3\" data-element_type=\"widget\" data-e-type=\"widget\" data-widget_type=\"heading.default\">\n\t\t\t\t\t<h2 class=\"elementor-heading-title elementor-size-default\">Mahr mezi duchovn\u00ed bytost\u00ed a vyslanou du\u0161\u00ed<\/h2>\t\t\t\t<\/div>\n\t\t<div class=\"elementor-element elementor-element-cp5ca891c e-con-full e-flex e-con e-child\" data-id=\"cp5ca891c\" data-element_type=\"container\" data-e-type=\"container\">\n\t\t\t\t<div class=\"elementor-element elementor-element-cp888ab8f elementor-widget elementor-widget-text-editor\" data-id=\"cp888ab8f\" data-element_type=\"widget\" data-e-type=\"widget\" data-widget_type=\"text-editor.default\">\n\t\t\t\t\t\t\t\t\t<p>Lidov\u00e1 <span class=\"iwg-fachbegriff\" data-tooltip=\"P\u0159ed\u00e1v\u00e1n\u00ed v\u011bdomost\u00ed a vypr\u00e1v\u011bn\u00ed mezi generacemi.\" tabindex=\"0\">tradice<\/span> o Mahr nen\u00ed jednotn\u00e1, ale spojuje dva odli\u0161n\u00e9 vysv\u011btluj\u00edc\u00ed modely. Podle jednoho je Mahr samostatn\u00e1 duchovn\u00ed bytost, kter\u00e1 p\u0159ich\u00e1z\u00ed z vn\u011bj\u0161ku a su\u017euje sp\u00e1\u010de.<\/p><p>Podle druh\u00e9ho je Mahr vyslanou du\u0161\u00ed nebo vyslanou v\u016fl\u00ed \u017eij\u00edc\u00edho \u010dlov\u011bka. V tomto druh\u00e9m v\u00fdkladu jeden \u010dlov\u011bk, \u010dasto ani\u017e by o tom s\u00e1m v\u011bd\u011bl, ve sp\u00e1nku su\u017euje jin\u00e9ho t\u00edm, \u017ee \u010d\u00e1st jeho bytosti opust\u00ed t\u011blo a obch\u00e1z\u00ed jako Mahr.<\/p><p>Z t\u00e9to druh\u00e9 p\u0159edstavy vznikly konkr\u00e9tn\u00ed vypr\u00e1v\u011bc\u00ed vzory. Roz\u0161\u00ed\u0159en\u00fd typ vypr\u00e1v\u011bn\u00ed popisuje, \u017ee Mahr pronik\u00e1 do lo\u017enice mal\u00fdm otvorem, nap\u0159\u00edklad suchou d\u00edrkou ve d\u0159ev\u011b. Pokud se otvor zacpe, nem\u016f\u017ee se dostat ven a je zajata.<\/p><p>R\u00e1no se pak na tomto m\u00edst\u011b najde osoba, \u010dasto \u017eena, kter\u00e1 je odhalena jako Mahr. V n\u011bkter\u00fdch verz\u00edch si mu\u017e tuto \u017eenu vezme za man\u017eelku, av\u0161ak jakmile je jednou zacpan\u00fd otvor znovu otev\u0159en, zmiz\u00ed tou samou cestou.<\/p><p>Tato vypr\u00e1v\u011bn\u00ed spojuj\u00ed Mahr \u00fazce s v\u00edrou v \u010darod\u011bjnice a s p\u0159edstavami o voln\u011b se pohybuj\u00edc\u00ed du\u0161i. Religionistick\u00fd a folkloristick\u00fd v\u00fdzkum v tom vid\u00ed slou\u010den\u00ed n\u011bkolika vrstev: star\u00e9 p\u0159edstavy o no\u010dn\u00ed dus\u00edc\u00ed bytosti, p\u0159edstavy o vyslan\u00e9 du\u0161i a ran\u011b novov\u011bk\u00e9 \u010darod\u011bjnick\u00e9 v\u00edry.<\/p><p>Mahr proto nen\u00ed jasn\u011b vymezenou bytost\u00ed s pevn\u00fdm \u017eivotopisem, n\u00fdbr\u017e uzlov\u00fdm bodem, ve kter\u00e9m se k\u0159i\u017euj\u00ed r\u016fzn\u00e9 v\u00edrov\u00e9 p\u0159edstavy. Pr\u00e1v\u011b tato mnohovrstevnatost ji \u010din\u00ed pro bad\u00e1n\u00ed o lidov\u00e9 v\u00ed\u0159e v duchy tak p\u0159\u00ednosnou.<\/p>\t\t\t\t\t\t\t\t<\/div>\n\t\t\t\t<\/div>\n\t\t\t\t\t<\/div>\n\t\t\t\t<\/div>\n\t\t<div class=\"elementor-element elementor-element-cpaac957d e-flex e-con-boxed e-con e-parent\" data-id=\"cpaac957d\" data-element_type=\"container\" data-e-type=\"container\">\n\t\t\t\t\t<div class=\"e-con-inner\">\n\t\t\t\t<div class=\"elementor-element elementor-element-cp91fb037 elementor-widget elementor-widget-heading\" data-id=\"cp91fb037\" data-element_type=\"widget\" data-e-type=\"widget\" data-widget_type=\"heading.default\">\n\t\t\t\t\t<h2 class=\"elementor-heading-title elementor-size-default\">Ojet\u00ed ob\u011bti: Mahr, zv\u00ed\u0159e a \u010dlov\u011bk<\/h2>\t\t\t\t<\/div>\n\t\t<div class=\"elementor-element elementor-element-cp75a2800 e-con-full e-flex e-con e-child\" data-id=\"cp75a2800\" data-element_type=\"container\" data-e-type=\"container\">\n\t\t\t\t<div class=\"elementor-element elementor-element-cpa41a19d elementor-widget elementor-widget-text-editor\" data-id=\"cpa41a19d\" data-element_type=\"widget\" data-e-type=\"widget\" data-widget_type=\"text-editor.default\">\n\t\t\t\t\t\t\t\t\t<p>Samostatn\u00e1 linie <span class=\"iwg-fachbegriff\" data-tooltip=\"P\u0159ed\u00e1v\u00e1n\u00ed znalost\u00ed a vypr\u00e1v\u011bn\u00ed z generace na generaci.\" tabindex=\"0\">tradice<\/span> o Mahr se net\u00fdk\u00e1 \u010dlov\u011bka, ale dobytka. Ve velk\u00e9 \u010d\u00e1sti n\u011bmecky mluv\u00edc\u00ed oblasti a Skandin\u00e1vie byla Mahr pova\u017eov\u00e1na i za tr\u00fdznitelku kon\u00ed.<\/p><p>K\u016f\u0148, kter\u00fd r\u00e1no st\u00e1l ve st\u00e1ji vy\u010derpan\u00fd, zpocen\u00fd a se zplst\u011bnou h\u0159\u00edvou, byl pokl\u00e1d\u00e1n za j\u00edzdu Mahr. Zauzlovan\u00e9, zplst\u011bn\u00e9 prameny v h\u0159\u00edv\u011b se ozna\u010dovaly jako <em>Mahrlocken<\/em> (kade\u0159e Mahr) nebo podobn\u00fdmi v\u00fdrazy a byly vykl\u00e1d\u00e1ny jako viditeln\u00fd d\u016fkaz no\u010dn\u00ed n\u00e1v\u0161t\u011bvy.<\/p><p>Tato p\u0159edstava vysv\u011btluje skute\u010dn\u00e9 hospod\u00e1\u0159sk\u00e9 pozorov\u00e1n\u00ed: kon\u011b mohou skute\u010dn\u011b p\u0159es noc zpotit a m\u00edt zplst\u011bnou h\u0159\u00edvu, a\u0165 u\u017e kv\u016fli nemoci, neklidu nebo parazit\u016fm.<\/p><p>Na pozad\u00ed v\u00edry v Mahr se toto pozorov\u00e1n\u00ed stalo potvrzen\u00edm duchovn\u00ed n\u00e1v\u0161t\u011bvy. Z toho vypl\u00fdvala ochrann\u00e1 opat\u0159en\u00ed ve st\u00e1ji: zav\u011b\u0161ovaly se ur\u010dit\u00e9 p\u0159edm\u011bty, do d\u0159eva se vyr\u00fdvaly znaky nebo se spol\u00e9halo na ochrann\u00e9 rostliny, aby Mahr z\u016fstala v odstupu.<\/p><p>V\u00fdraz pro zplst\u011bnou h\u0159\u00edvu se v n\u011bkter\u00fdch oblastech p\u0159enesl i na lidsk\u00fd jev, na siln\u011b zplst\u011bn\u00e9, ji\u017e neroz\u010desateln\u00e9 vlasy. N\u00e1rodopisn\u00fd v\u00fdzkum tento p\u0159esun p\u0159edstavy o Mahr z lo\u017enice do st\u00e1je a od z\u00e1\u017eitku sp\u00e1nkov\u00e9 paral\u00fdzy k pozorov\u00e1n\u00ed na zv\u00ed\u0159eti dob\u0159e zdokumentoval.<\/p><p>Ukazuje se tak v\u00fdmluvn\u011b, jak se jednou zaveden\u00e9 vysv\u011btluj\u00edc\u00ed sch\u00e9ma roz\u0161i\u0159uje na st\u00e1le nov\u00e9 jevy. Co Mahr p\u016fvodn\u011b vysv\u011btlovala, byla no\u010dn\u00ed \u00fazkost z du\u0161en\u00ed u \u010dlov\u011bka. Co nav\u00edc vysv\u011btlovala, byla \u0159ada dal\u0161\u00edch n\u00e1padn\u00fdch, nevysv\u011btlen\u00fdch pozorov\u00e1n\u00ed, kter\u00e1 bylo mo\u017en\u00e9 zasadit do t\u00e9ho\u017e v\u00fdkladov\u00e9ho r\u00e1mce.<\/p>\t\t\t\t\t\t\t\t<\/div>\n\t\t\t\t<\/div>\n\t\t\t\t\t<\/div>\n\t\t\t\t<\/div>\n\t\t<div class=\"elementor-element elementor-element-36dd7469 e-flex e-con-boxed e-con e-parent\" data-id=\"36dd7469\" data-element_type=\"container\" data-e-type=\"container\">\n\t\t\t\t\t<div class=\"e-con-inner\">\n\t\t\t\t<div class=\"elementor-element elementor-element-13760ab4 elementor-widget elementor-widget-heading\" data-id=\"13760ab4\" data-element_type=\"widget\" data-e-type=\"widget\" data-widget_type=\"heading.default\">\n\t\t\t\t\t<h2 class=\"elementor-heading-title elementor-size-default\">Souvisej\u00edc\u00ed odkazy<\/h2>\t\t\t\t<\/div>\n\t\t<div class=\"elementor-element elementor-element-28c87796 e-con-full e-flex e-con e-child\" data-id=\"28c87796\" data-element_type=\"container\" data-e-type=\"container\">\n\t\t\t\t<div class=\"elementor-element elementor-element-5d6538df elementor-widget elementor-widget-text-editor\" data-id=\"5d6538df\" data-element_type=\"widget\" data-e-type=\"widget\" data-widget_type=\"text-editor.default\">\n\t\t\t\t\t\t\t\t\t<p>Doporu\u010den\u00e9 intern\u00ed odkazy:<\/p><ul><li><a href=\"https:\/\/iwell-guard.com\/cs\/?page_id=145141\">Germ\u00e1nsk\u00e1<\/a><\/li><li><a href=\"https:\/\/iwell-guard.com\/cs\/?page_id=145154\">Alp<\/a> (nejbli\u017e\u0161\u00ed p\u0159\u00edbuzenstv\u00ed), <a href=\"https:\/\/iwell-guard.com\/cs\/?page_id=145155\">Draugr<\/a>, <a href=\"https:\/\/iwell-guard.com\/cs\/?page_id=145156\">Nix<\/a>, <a href=\"https:\/\/iwell-guard.com\/cs\/?page_id=145157\">Troll<\/a><\/li><li><a href=\"https:\/\/iwell-guard.com\/cs\/?page_id=145112\">Lil\u016b a Lil\u012btu<\/a>, <a href=\"https:\/\/iwell-guard.com\/cs\/?page_id=145134\">Lilith<\/a><\/li><li><a class=\"iwg-fachbegriff\" href=\"https:\/\/iwell-guard.com\/cs\/?page_id=145416\" tabindex=\"0\" data-tooltip=\"Bd\u011bl\u00fd stav se svalovou REM-atoni\u00ed; celosv\u011btov\u011b vykl\u00e1d\u00e1n jako z\u00e1\u017eitek duchovn\u00ed bytosti (Mahr, Old Hag, Kanashibari) \u2013 neurologicky vysv\u011btliteln\u00fd.\" style=\"color:inherit;text-decoration:none\">Sp\u00e1nkov\u00e1 paral\u00fdza<\/a>ov\u00fd v\u00fdzkum<\/li><li>F\u00fcssli, \u201eDer Nachtmahr\u201c<\/li><\/ul>\t\t\t\t\t\t\t\t<\/div>\n\t\t\t\t<\/div>\n\t\t\t\t\t<\/div>\n\t\t\t\t<\/div>\n\t\t<div class=\"elementor-element elementor-element-grl4kl40 e-flex e-con-boxed e-con e-parent\" data-id=\"grl4kl40\" data-element_type=\"container\" data-e-type=\"container\">\n\t\t\t\t\t<div class=\"e-con-inner\">\n\t\t\t\t<div class=\"elementor-element elementor-element-bzsbfrmh elementor-widget elementor-widget-heading\" data-id=\"bzsbfrmh\" data-element_type=\"widget\" data-e-type=\"widget\" data-widget_type=\"heading.default\">\n\t\t\t\t\t<h2 class=\"elementor-heading-title elementor-size-default\">Literatura (v\u00fdb\u011br)<\/h2>\t\t\t\t<\/div>\n\t\t<div class=\"elementor-element elementor-element-2c13224a e-con-full e-flex e-con e-child\" data-id=\"2c13224a\" data-element_type=\"container\" data-e-type=\"container\">\n\t\t\t\t<div class=\"elementor-element elementor-element-0eymh9ub elementor-widget elementor-widget-text-editor\" data-id=\"0eymh9ub\" data-element_type=\"widget\" data-e-type=\"widget\" data-widget_type=\"text-editor.default\">\n\t\t\t\t\t\t\t\t\t<footer class=\"iwg-literatur\" data-nosnippet=\"true\"><p>V\u00fdb\u011br kl\u00ed\u010dov\u00fdch prac\u00ed o Mahr:<\/p><ul><li><span data-nosnippet>Hufford, David J.: <em><a href=\"https:\/\/www.pennpress.org\/9780812213058\/the-terror-that-comes-in-the-night\/\" target=\"_blank\" rel=\"noopener noreferrer\">The Terror That Comes in the Night<\/a><\/em>. Philadelphia 1982.<\/span><\/li><li><span data-nosnippet>Roscher, Wilhelm Heinrich: <em>Ephialtes<\/em>. Leipzig 1900.<\/span><\/li><li><span data-nosnippet>Grimm, Jacob: <em><a href=\"https:\/\/en.wikipedia.org\/wiki\/Deutsche_Mythologie\" target=\"_blank\" rel=\"noopener noreferrer\">Deutsche Mythologie<\/a><\/em>. Berlin 1875, 78.<\/span><\/li><li><span data-nosnippet>Kvideland, Reimund \/ Sehmsdorf, Henning: <em>Scandinavian Folk Belief and Legend<\/em>. Minneapolis 1988.<\/span><\/li><\/ul><\/footer>\n<p class=\"iwg-bib-more\"><span data-nosnippet>Dal\u0161\u00ed standardn\u00ed d\u00edla v <a href=\"https:\/\/iwell-guard.com\/cs\/?page_id=145257\">seznamu literatury<\/a>.<\/span><\/p>\t\t\t\t\t\t\t\t<\/div>\n\t\t\t\t<\/div>\n\t\t\t\t\t<\/div>\n\t\t\t\t<\/div>\n\t\t<div class=\"elementor-element elementor-element-iwgca-mahr-sec e-flex e-con-boxed e-con e-parent\" data-id=\"iwgca-mahr-sec\" data-element_type=\"container\" data-e-type=\"container\" id=\"iwg-ca-mahr\">\n\t\t\t\t\t<div class=\"e-con-inner\">\n\t\t\t\t<div class=\"elementor-element elementor-element-iwgca-mahr-te iwg-ca-textwrap elementor-widget elementor-widget-text-editor\" data-id=\"iwgca-mahr-te\" data-element_type=\"widget\" data-e-type=\"widget\" data-widget_type=\"text-editor.default\">\n\t\t\t\t\t\t\t\t\t<div data-nosnippet=\"true\"><p class=\"iwg-ca-bridge\">Popsan\u00e1 ochrann\u00e1 praxe je religionistick\u00fdm za\u0159azen\u00edm historick\u00fdch tradic. iWell Guard navazuje na tuto kulturn\u011b-historickou linii nositeln\u00fdch ochrann\u00fdch p\u0159edm\u011bt\u016f a p\u0159edstavuje jej\u00ed sou\u010dasnou podobu. <a href=\"\/ueber-iwell-guard\/?utm_source=iwell-guard.com&#038;utm_medium=text-link&#038;utm_campaign=schadwesen-tradition\">V\u00edce o iWell Guard \u2192<\/a><\/p><\/div>\t\t\t\t\t\t\t\t<\/div>\n\t\t\t\t\t<\/div>\n\t\t\t\t<\/div>\n\t\t\t\t<\/div>\n\t\t","protected":false},"excerpt":{"rendered":"","protected":false},"author":3,"featured_media":1681,"parent":0,"menu_order":0,"comment_status":"closed","ping_status":"closed","template":"elementor_header_footer","meta":{"_yoast_wpseo_focuskw":"Mahr","_yoast_wpseo_title":"Mahr - \u017densk\u00e1 no\u010dn\u00ed tla\u010ditelka","_yoast_wpseo_metadesc":"Mahr, \u017eensk\u00e1 no\u010dn\u00ed tla\u010ditelka germ\u00e1nsk\u00e9 tradice. Jazykov\u011b dochovan\u00e1 prapostava spojen\u00e1 s t\u00edhou snu a no\u010dn\u00ed ma\u0159enou.","_yoast_wpseo_meta-robots-noindex":"","_yoast_wpseo_canonical":"","_angie_page":false,"gefaehrdungsstufe":"3","wesen_kultur":"germanisch","wesen_klasse":"geister","footnotes":""},"categories":[],"class_list":["post-145158","page","type-page","status-publish","has-post-thumbnail","hentry"],"yoast_head":"<!-- This site is optimized with the Yoast SEO Premium plugin v27.7 (Yoast SEO v28.3) - https:\/\/yoast.com\/product\/yoast-seo-premium-wordpress\/ -->\n<title>Mahr - \u017densk\u00e1 no\u010dn\u00ed tla\u010ditelka<\/title>\n<meta name=\"description\" content=\"Mahr, \u017eensk\u00e1 no\u010dn\u00ed tla\u010ditelka germ\u00e1nsk\u00e9 tradice. Jazykov\u011b dochovan\u00e1 prapostava spojen\u00e1 s t\u00edhou snu a no\u010dn\u00ed ma\u0159enou.\" \/>\n<meta name=\"robots\" content=\"index, follow, max-snippet:-1, max-image-preview:large, max-video-preview:-1\" \/>\n<link rel=\"canonical\" href=\"https:\/\/iwell-guard.com\/cs\/mahr\/\" \/>\n<meta property=\"og:locale\" content=\"cs_CZ\" \/>\n<meta property=\"og:type\" content=\"article\" \/>\n<meta property=\"og:title\" content=\"Mahr\" \/>\n<meta property=\"og:description\" content=\"Mahr, \u017eensk\u00e1 no\u010dn\u00ed tla\u010ditelka germ\u00e1nsk\u00e9 tradice. Jazykov\u011b dochovan\u00e1 prapostava spojen\u00e1 s t\u00edhou snu a no\u010dn\u00ed ma\u0159enou.\" \/>\n<meta property=\"og:url\" content=\"https:\/\/iwell-guard.com\/cs\/mahr\/\" \/>\n<meta property=\"og:site_name\" content=\"iWell Guard\" \/>\n<meta property=\"article:modified_time\" content=\"2026-09-03T16:48:24+00:00\" \/>\n<meta property=\"og:image\" content=\"https:\/\/iwell-guard.com\/wp-content\/uploads\/2026\/04\/geister_germanisch_mahr.webp\" \/>\n\t<meta property=\"og:image:width\" content=\"1024\" \/>\n\t<meta property=\"og:image:height\" content=\"1536\" \/>\n\t<meta property=\"og:image:type\" content=\"image\/webp\" \/>\n<meta name=\"twitter:card\" content=\"summary_large_image\" \/>\n<script type=\"application\/ld+json\" class=\"yoast-schema-graph\">{\"@context\":\"https:\\\/\\\/schema.org\",\"@graph\":[{\"@type\":\"WebPage\",\"@id\":\"https:\\\/\\\/iwell-guard.com\\\/cs\\\/mahr\\\/\",\"url\":\"https:\\\/\\\/iwell-guard.com\\\/cs\\\/mahr\\\/\",\"name\":\"Mahr - \u017densk\u00e1 no\u010dn\u00ed tla\u010ditelka\",\"isPartOf\":{\"@id\":\"https:\\\/\\\/iwell-guard.com\\\/cs\\\/#website\"},\"primaryImageOfPage\":{\"@id\":\"https:\\\/\\\/iwell-guard.com\\\/cs\\\/mahr\\\/#primaryimage\"},\"image\":{\"@id\":\"https:\\\/\\\/iwell-guard.com\\\/cs\\\/mahr\\\/#primaryimage\"},\"thumbnailUrl\":\"https:\\\/\\\/iwell-guard.com\\\/wp-content\\\/uploads\\\/2026\\\/04\\\/geister_germanisch_mahr.webp\",\"datePublished\":\"2026-09-03T16:27:36+00:00\",\"dateModified\":\"2026-09-03T16:48:24+00:00\",\"description\":\"Mahr, \u017eensk\u00e1 no\u010dn\u00ed tla\u010ditelka germ\u00e1nsk\u00e9 tradice. Jazykov\u011b dochovan\u00e1 prapostava spojen\u00e1 s t\u00edhou snu a no\u010dn\u00ed ma\u0159enou.\",\"breadcrumb\":{\"@id\":\"https:\\\/\\\/iwell-guard.com\\\/cs\\\/mahr\\\/#breadcrumb\"},\"inLanguage\":\"cs\",\"potentialAction\":[{\"@type\":\"ReadAction\",\"target\":[\"https:\\\/\\\/iwell-guard.com\\\/cs\\\/mahr\\\/\"]}]},{\"@type\":\"ImageObject\",\"inLanguage\":\"cs\",\"@id\":\"https:\\\/\\\/iwell-guard.com\\\/cs\\\/mahr\\\/#primaryimage\",\"url\":\"https:\\\/\\\/iwell-guard.com\\\/wp-content\\\/uploads\\\/2026\\\/04\\\/geister_germanisch_mahr.webp\",\"contentUrl\":\"https:\\\/\\\/iwell-guard.com\\\/wp-content\\\/uploads\\\/2026\\\/04\\\/geister_germanisch_mahr.webp\",\"width\":1024,\"height\":1536,\"caption\":\"Duchov\u00e9 z germ\u00e1nsk\u00e9 tradice.\"},{\"@type\":\"BreadcrumbList\",\"@id\":\"https:\\\/\\\/iwell-guard.com\\\/cs\\\/mahr\\\/#breadcrumb\",\"itemListElement\":[{\"@type\":\"ListItem\",\"position\":1,\"name\":\"Start\",\"item\":\"https:\\\/\\\/iwell-guard.com\\\/cs\\\/?page_id=145107\"},{\"@type\":\"ListItem\",\"position\":2,\"name\":\"Mahr\"}]},{\"@type\":\"WebSite\",\"@id\":\"https:\\\/\\\/iwell-guard.com\\\/cs\\\/#website\",\"url\":\"https:\\\/\\\/iwell-guard.com\\\/cs\\\/\",\"name\":\"iWell Guard\",\"description\":\"Schutz vor dunklen Einfl\u00fcssen\",\"publisher\":{\"@id\":\"https:\\\/\\\/iwell-guard.com\\\/cs\\\/#organization\"},\"potentialAction\":[{\"@type\":\"SearchAction\",\"target\":{\"@type\":\"EntryPoint\",\"urlTemplate\":\"https:\\\/\\\/iwell-guard.com\\\/cs\\\/?s={search_term_string}\"},\"query-input\":{\"@type\":\"PropertyValueSpecification\",\"valueRequired\":true,\"valueName\":\"search_term_string\"}}],\"inLanguage\":\"cs\"},{\"@type\":\"Organization\",\"@id\":\"https:\\\/\\\/iwell-guard.com\\\/cs\\\/#organization\",\"name\":\"Ittermann electronic GmbH\",\"url\":\"https:\\\/\\\/iwell-guard.com\\\/cs\\\/\",\"logo\":{\"@type\":\"ImageObject\",\"inLanguage\":\"cs\",\"@id\":\"https:\\\/\\\/iwell-guard.com\\\/cs\\\/#\\\/schema\\\/logo\\\/image\\\/\",\"url\":\"https:\\\/\\\/iwell-guard.com\\\/wp-content\\\/uploads\\\/2026\\\/05\\\/Ittermann-Logo-1182x237-1.png\",\"contentUrl\":\"https:\\\/\\\/iwell-guard.com\\\/wp-content\\\/uploads\\\/2026\\\/05\\\/Ittermann-Logo-1182x237-1.png\",\"width\":1182,\"height\":237,\"caption\":\"Ittermann electronic GmbH\"},\"image\":{\"@id\":\"https:\\\/\\\/iwell-guard.com\\\/cs\\\/#\\\/schema\\\/logo\\\/image\\\/\"},\"sameAs\":[\"https:\\\/\\\/pantip.com\\\/profile\\\/9367242\",\"https:\\\/\\\/micro.blog\\\/iwellguard\",\"https:\\\/\\\/www.diggerslist.com\\\/iwellguard\\\/about\",\"https:\\\/\\\/skitterphoto.com\\\/photographers\\\/2870314\\\/iwell-guard\",\"https:\\\/\\\/iwellguard.wordpress.com\\\/2026\\\/06\\\/06\\\/iwell-guard\\\/\",\"https:\\\/\\\/hub.docker.com\\\/u\\\/iwellguard\",\"https:\\\/\\\/www.pinterest.com\\\/iwellguard\\\/\",\"https:\\\/\\\/bit.ly\\\/m\\\/iwellguard\",\"https:\\\/\\\/entre-vos-mains.alsace.eu\\\/profiles\\\/iwellguard\\\/activity\",\"https:\\\/\\\/gravatar.com\\\/reallybeded8fd34\",\"https:\\\/\\\/naijamatta.com\\\/iwellguard\",\"https:\\\/\\\/www.goodreads.com\\\/iwellguard\",\"https:\\\/\\\/profile.hatena.ne.jp\\\/iwellguard\\\/\",\"https:\\\/\\\/experiment.com\\\/users\\\/iwellguard\",\"https:\\\/\\\/wakelet.com\\\/@iWellGuard82270\",\"https:\\\/\\\/www.chordie.com\\\/forum\\\/profile.php?id=2555664\",\"https:\\\/\\\/www.instapaper.com\\\/p\\\/17757966\",\"https:\\\/\\\/www.mapleprimes.com\\\/users\\\/iwellguard\",\"https:\\\/\\\/businesslistingplus.com\\\/profile\\\/iwell-guard\\\/\",\"https:\\\/\\\/telegra.ph\\\/iWell-Guard-06-06\",\"https:\\\/\\\/pbase.com\\\/iwellguard\\\/iwellguard\",\"https:\\\/\\\/b.hatena.ne.jp\\\/iwellguard\\\/20260607#bookmark-4788405196491818882\",\"https:\\\/\\\/fliphtml5.com\\\/home\\\/iwellguard\",\"https:\\\/\\\/anyflip.com\\\/homepage\\\/cmiwl#About\",\"https:\\\/\\\/transfur.com\\\/Users\\\/iwellguard\",\"http:\\\/\\\/delphi.larsbo.org\\\/user\\\/iwellguard\",\"https:\\\/\\\/jobs.lajobsportal.org\\\/profiles\\\/8380803-iwell-guard\",\"https:\\\/\\\/md.chaosdorf.de\\\/s\\\/jfbe5SBdJD\",\"https:\\\/\\\/www.lingvolive.com\\\/en-us\\\/profile\\\/9ecaeaca-ce11-4e51-9e71-01d55e2bff36\\\/translations\",\"https:\\\/\\\/www.fitday.com\\\/fitness\\\/forums\\\/members\\\/iwellguard.html\",\"https:\\\/\\\/www.mymeetbook.com\\\/iwellguard\",\"https:\\\/\\\/pxhere.com\\\/en\\\/photographer-me\\\/5040798\",\"https:\\\/\\\/disqus.com\\\/by\\\/iwellguard\\\/about\\\/\",\"https:\\\/\\\/pastelink.net\\\/hjwciqwq\",\"https:\\\/\\\/pubhtml5.com\\\/homepage\\\/scjhn\\\/\",\"https:\\\/\\\/www.bitchute.com\\\/channel\\\/2O2eOKzNqujT\",\"https:\\\/\\\/audiomack.com\\\/iwellguard\"]},{\"@type\":\"Article\",\"@id\":\"https:\\\/\\\/iwell-guard.com\\\/cs\\\/mahr\\\/#article\",\"isPartOf\":{\"@id\":\"https:\\\/\\\/iwell-guard.com\\\/cs\\\/mahr\\\/\"},\"author\":{\"name\":\"Ralf Ittermann\",\"@id\":\"https:\\\/\\\/iwell-guard.com\\\/cs\\\/#\\\/schema\\\/person\\\/ee2a27f1cac3406c7c6fb5820cb7349f\"},\"headline\":\"Mahr\",\"datePublished\":\"2026-09-03T16:27:36+00:00\",\"dateModified\":\"2026-09-03T16:48:24+00:00\",\"mainEntityOfPage\":{\"@id\":\"https:\\\/\\\/iwell-guard.com\\\/cs\\\/mahr\\\/\"},\"publisher\":{\"@id\":\"https:\\\/\\\/iwell-guard.com\\\/cs\\\/#organization\"},\"image\":{\"@id\":\"https:\\\/\\\/iwell-guard.com\\\/cs\\\/mahr\\\/#primaryimage\"},\"thumbnailUrl\":\"https:\\\/\\\/iwell-guard.com\\\/wp-content\\\/uploads\\\/2026\\\/04\\\/geister_germanisch_mahr.webp\",\"inLanguage\":\"cs\",\"description\":\"Mahr, \u017eensk\u00e1 no\u010dn\u00ed tla\u010ditelka germ\u00e1nsk\u00e9 tradice. Jazykov\u011b dochovan\u00e1 prapostava spojen\u00e1 s t\u00edhou snu a no\u010dn\u00ed ma\u0159enou.\"}]}<\/script>\n<!-- \/ Yoast SEO Premium plugin. -->","yoast_head_json":{"title":"Mahr - \u017densk\u00e1 no\u010dn\u00ed tla\u010ditelka","description":"Mahr, \u017eensk\u00e1 no\u010dn\u00ed tla\u010ditelka germ\u00e1nsk\u00e9 tradice. Jazykov\u011b dochovan\u00e1 prapostava spojen\u00e1 s t\u00edhou snu a no\u010dn\u00ed ma\u0159enou.","robots":{"index":"index","follow":"follow","max-snippet":"max-snippet:-1","max-image-preview":"max-image-preview:large","max-video-preview":"max-video-preview:-1"},"canonical":"https:\/\/iwell-guard.com\/cs\/mahr\/","og_locale":"cs_CZ","og_type":"article","og_title":"Mahr","og_description":"Mahr, \u017eensk\u00e1 no\u010dn\u00ed tla\u010ditelka germ\u00e1nsk\u00e9 tradice. Jazykov\u011b dochovan\u00e1 prapostava spojen\u00e1 s t\u00edhou snu a no\u010dn\u00ed ma\u0159enou.","og_url":"https:\/\/iwell-guard.com\/cs\/mahr\/","og_site_name":"iWell Guard","article_modified_time":"2026-09-03T16:48:24+00:00","og_image":[{"width":1024,"height":1536,"url":"https:\/\/iwell-guard.com\/wp-content\/uploads\/2026\/04\/geister_germanisch_mahr.webp","type":"image\/webp"}],"twitter_card":"summary_large_image","schema":{"@context":"https:\/\/schema.org","@graph":[{"@type":"Article","@id":"https:\/\/iwell-guard.com\/cs\/mahr\/#article","isPartOf":{"@id":"https:\/\/iwell-guard.com\/cs\/mahr\/"},"author":{"name":"Ralf Ittermann","@id":"https:\/\/iwell-guard.com\/cs\/#\/schema\/person\/ee2a27f1cac3406c7c6fb5820cb7349f"},"headline":"Mahr","datePublished":"2026-09-03T16:27:36+00:00","dateModified":"2026-09-03T16:48:24+00:00","mainEntityOfPage":{"@id":"https:\/\/iwell-guard.com\/cs\/mahr\/"},"publisher":{"@id":"https:\/\/iwell-guard.com\/cs\/#organization"},"image":{"@id":"https:\/\/iwell-guard.com\/cs\/mahr\/#primaryimage"},"thumbnailUrl":"https:\/\/iwell-guard.com\/wp-content\/uploads\/2026\/04\/geister_germanisch_mahr.webp","inLanguage":"cs","description":"Mahr, \u017eensk\u00e1 no\u010dn\u00ed tla\u010ditelka germ\u00e1nsk\u00e9 tradice. Jazykov\u011b dochovan\u00e1 prapostava spojen\u00e1 s t\u00edhou snu a no\u010dn\u00ed ma\u0159enou."},{"@type":"WebPage","@id":"https:\/\/iwell-guard.com\/cs\/mahr\/","url":"https:\/\/iwell-guard.com\/cs\/mahr\/","name":"Mahr - \u017densk\u00e1 no\u010dn\u00ed tla\u010ditelka","isPartOf":{"@id":"https:\/\/iwell-guard.com\/cs\/#website"},"primaryImageOfPage":{"@id":"https:\/\/iwell-guard.com\/cs\/mahr\/#primaryimage"},"image":{"@id":"https:\/\/iwell-guard.com\/cs\/mahr\/#primaryimage"},"thumbnailUrl":"https:\/\/iwell-guard.com\/wp-content\/uploads\/2026\/04\/geister_germanisch_mahr.webp","datePublished":"2026-09-03T16:27:36+00:00","dateModified":"2026-09-03T16:48:24+00:00","description":"Mahr, \u017eensk\u00e1 no\u010dn\u00ed tla\u010ditelka germ\u00e1nsk\u00e9 tradice. Jazykov\u011b dochovan\u00e1 prapostava spojen\u00e1 s t\u00edhou snu a no\u010dn\u00ed ma\u0159enou.","breadcrumb":{"@id":"https:\/\/iwell-guard.com\/cs\/mahr\/#breadcrumb"},"inLanguage":"cs","potentialAction":[{"@type":"ReadAction","target":["https:\/\/iwell-guard.com\/cs\/mahr\/"]}]},{"@type":"ImageObject","inLanguage":"cs","@id":"https:\/\/iwell-guard.com\/cs\/mahr\/#primaryimage","url":"https:\/\/iwell-guard.com\/wp-content\/uploads\/2026\/04\/geister_germanisch_mahr.webp","contentUrl":"https:\/\/iwell-guard.com\/wp-content\/uploads\/2026\/04\/geister_germanisch_mahr.webp","width":1024,"height":1536,"caption":"Duchov\u00e9 z germ\u00e1nsk\u00e9 tradice."},{"@type":"BreadcrumbList","@id":"https:\/\/iwell-guard.com\/cs\/mahr\/#breadcrumb","itemListElement":[{"@type":"ListItem","position":1,"name":"Start","item":"https:\/\/iwell-guard.com\/cs\/?page_id=145107"},{"@type":"ListItem","position":2,"name":"Mahr"}]},{"@type":"WebSite","@id":"https:\/\/iwell-guard.com\/cs\/#website","url":"https:\/\/iwell-guard.com\/cs\/","name":"iWell Guard","description":"Schutz vor dunklen Einfl\u00fcssen","publisher":{"@id":"https:\/\/iwell-guard.com\/cs\/#organization"},"potentialAction":[{"@type":"SearchAction","target":{"@type":"EntryPoint","urlTemplate":"https:\/\/iwell-guard.com\/cs\/?s={search_term_string}"},"query-input":{"@type":"PropertyValueSpecification","valueRequired":true,"valueName":"search_term_string"}}],"inLanguage":"cs"},{"@type":"Organization","@id":"https:\/\/iwell-guard.com\/cs\/#organization","name":"Ittermann electronic GmbH","url":"https:\/\/iwell-guard.com\/cs\/","logo":{"@type":"ImageObject","inLanguage":"cs","@id":"https:\/\/iwell-guard.com\/cs\/#\/schema\/logo\/image\/","url":"https:\/\/iwell-guard.com\/wp-content\/uploads\/2026\/05\/Ittermann-Logo-1182x237-1.png","contentUrl":"https:\/\/iwell-guard.com\/wp-content\/uploads\/2026\/05\/Ittermann-Logo-1182x237-1.png","width":1182,"height":237,"caption":"Ittermann electronic GmbH"},"image":{"@id":"https:\/\/iwell-guard.com\/cs\/#\/schema\/logo\/image\/"},"sameAs":["https:\/\/pantip.com\/profile\/9367242","https:\/\/micro.blog\/iwellguard","https:\/\/www.diggerslist.com\/iwellguard\/about","https:\/\/skitterphoto.com\/photographers\/2870314\/iwell-guard","https:\/\/iwellguard.wordpress.com\/2026\/06\/06\/iwell-guard\/","https:\/\/hub.docker.com\/u\/iwellguard","https:\/\/www.pinterest.com\/iwellguard\/","https:\/\/bit.ly\/m\/iwellguard","https:\/\/entre-vos-mains.alsace.eu\/profiles\/iwellguard\/activity","https:\/\/gravatar.com\/reallybeded8fd34","https:\/\/naijamatta.com\/iwellguard","https:\/\/www.goodreads.com\/iwellguard","https:\/\/profile.hatena.ne.jp\/iwellguard\/","https:\/\/experiment.com\/users\/iwellguard","https:\/\/wakelet.com\/@iWellGuard82270","https:\/\/www.chordie.com\/forum\/profile.php?id=2555664","https:\/\/www.instapaper.com\/p\/17757966","https:\/\/www.mapleprimes.com\/users\/iwellguard","https:\/\/businesslistingplus.com\/profile\/iwell-guard\/","https:\/\/telegra.ph\/iWell-Guard-06-06","https:\/\/pbase.com\/iwellguard\/iwellguard","https:\/\/b.hatena.ne.jp\/iwellguard\/20260607#bookmark-4788405196491818882","https:\/\/fliphtml5.com\/home\/iwellguard","https:\/\/anyflip.com\/homepage\/cmiwl#About","https:\/\/transfur.com\/Users\/iwellguard","http:\/\/delphi.larsbo.org\/user\/iwellguard","https:\/\/jobs.lajobsportal.org\/profiles\/8380803-iwell-guard","https:\/\/md.chaosdorf.de\/s\/jfbe5SBdJD","https:\/\/www.lingvolive.com\/en-us\/profile\/9ecaeaca-ce11-4e51-9e71-01d55e2bff36\/translations","https:\/\/www.fitday.com\/fitness\/forums\/members\/iwellguard.html","https:\/\/www.mymeetbook.com\/iwellguard","https:\/\/pxhere.com\/en\/photographer-me\/5040798","https:\/\/disqus.com\/by\/iwellguard\/about\/","https:\/\/pastelink.net\/hjwciqwq","https:\/\/pubhtml5.com\/homepage\/scjhn\/","https:\/\/www.bitchute.com\/channel\/2O2eOKzNqujT","https:\/\/audiomack.com\/iwellguard"]},{"@type":"Person","@id":"https:\/\/iwell-guard.com\/cs\/#\/schema\/person\/ee2a27f1cac3406c7c6fb5820cb7349f","name":"Ralf Ittermann","image":{"@type":"ImageObject","inLanguage":"cs","@id":"https:\/\/secure.gravatar.com\/avatar\/073c0153e350a5005b68eb752b445fea71f6b24a26da9449ad7e155e6b446c9d?s=96&d=mm&r=g","url":"https:\/\/secure.gravatar.com\/avatar\/073c0153e350a5005b68eb752b445fea71f6b24a26da9449ad7e155e6b446c9d?s=96&d=mm&r=g","contentUrl":"https:\/\/secure.gravatar.com\/avatar\/073c0153e350a5005b68eb752b445fea71f6b24a26da9449ad7e155e6b446c9d?s=96&d=mm&r=g","caption":"Ralf Ittermann"},"givenName":"Ralf","familyName":"Ittermann","jobTitle":"Gesch\u00e4ftsf\u00fchrer und redaktioneller Verantwortlicher","url":"https:\/\/iwell-guard.com\/cs\/author\/claude\/","description":"Ralf Ittermann ist Gesch\u00e4ftsf\u00fchrer der Ittermann electronic GmbH und redaktioneller Verantwortlicher des iWell-Guard-Lexikons. Er verbindet langj\u00e4hrige Erfahrung in der Pr\u00e4zisionsfertigung mit medialer Praxis und religionsgeschichtlicher Quellenarbeit.","worksFor":{"@type":"Organization","name":"Ittermann electronic GmbH","url":"https:\/\/ittermann.de\/","address":{"@type":"PostalAddress","streetAddress":"K\u00f6hlergasse 16-18","postalCode":"99842","addressLocality":"Ruhla","addressCountry":"DE"}},"knowsAbout":["Religionsgeschichte","Mythologie","Mediale Praxis","Energetische Diagnostik","Schutzpraxis","Volksglauben","Westliche Esoterik"]},{"@type":"Article","@id":"https:\/\/iwell-guard.com\/cs\/mahr\/#article","isPartOf":{"@id":"https:\/\/iwell-guard.com\/cs\/mahr\/"},"author":{"name":"Ralf Ittermann","@id":"https:\/\/iwell-guard.com\/cs\/#\/schema\/person\/ee2a27f1cac3406c7c6fb5820cb7349f"},"headline":"Mahr","datePublished":"2026-09-03T16:27:36+00:00","dateModified":"2026-09-03T16:48:24+00:00","mainEntityOfPage":{"@id":"https:\/\/iwell-guard.com\/cs\/mahr\/"},"publisher":{"@id":"https:\/\/iwell-guard.com\/cs\/#organization"},"image":{"@id":"https:\/\/iwell-guard.com\/cs\/mahr\/#primaryimage"},"thumbnailUrl":"https:\/\/iwell-guard.com\/wp-content\/uploads\/2026\/04\/geister_germanisch_mahr.webp","inLanguage":"cs","description":"Mahr, \u017eensk\u00e1 no\u010dn\u00ed tla\u010ditelka germ\u00e1nsk\u00e9 tradice. Jazykov\u011b dochovan\u00e1 prapostava spojen\u00e1 s t\u00edhou snu a no\u010dn\u00ed ma\u0159enou."}]}},"_links":{"self":[{"href":"https:\/\/iwell-guard.com\/cs\/wp-json\/wp\/v2\/pages\/145158","targetHints":{"allow":["GET"]}}],"collection":[{"href":"https:\/\/iwell-guard.com\/cs\/wp-json\/wp\/v2\/pages"}],"about":[{"href":"https:\/\/iwell-guard.com\/cs\/wp-json\/wp\/v2\/types\/page"}],"author":[{"embeddable":true,"href":"https:\/\/iwell-guard.com\/cs\/wp-json\/wp\/v2\/users\/3"}],"replies":[{"embeddable":true,"href":"https:\/\/iwell-guard.com\/cs\/wp-json\/wp\/v2\/comments?post=145158"}],"version-history":[{"count":0,"href":"https:\/\/iwell-guard.com\/cs\/wp-json\/wp\/v2\/pages\/145158\/revisions"}],"wp:featuredmedia":[{"embeddable":true,"href":"https:\/\/iwell-guard.com\/cs\/wp-json\/wp\/v2\/media\/1681"}],"wp:attachment":[{"href":"https:\/\/iwell-guard.com\/cs\/wp-json\/wp\/v2\/media?parent=145158"}],"wp:term":[{"taxonomy":"category","embeddable":true,"href":"https:\/\/iwell-guard.com\/cs\/wp-json\/wp\/v2\/categories?post=145158"}],"curies":[{"name":"wp","href":"https:\/\/api.w.org\/{rel}","templated":true}]}}