{"id":145142,"date":"2026-09-03T16:27:28","date_gmt":"2026-09-03T16:27:28","guid":{"rendered":"https:\/\/iwell-guard.com\/?page_id=145142"},"modified":"2026-09-03T16:47:59","modified_gmt":"2026-09-03T16:47:59","slug":"keltska","status":"publish","type":"page","link":"https:\/\/iwell-guard.com\/cs\/keltska\/","title":{"rendered":"Keltsk\u00e1"},"content":{"rendered":"\t\t<div data-elementor-type=\"wp-page\" data-elementor-id=\"145142\" class=\"elementor elementor-145142 elementor-1016\" data-elementor-post-type=\"page\">\n\t\t\t\t<div class=\"elementor-element elementor-element-k-hero-rebuilt-keltis iwg-kultur-hero e-flex e-con-boxed e-con e-parent\" data-id=\"k-hero-rebuilt-keltis\" data-element_type=\"container\" data-e-type=\"container\">\n\t\t\t\t\t<div class=\"e-con-inner\">\n\t\t<div class=\"elementor-element elementor-element-khleft-keltis iwg-kultur-hero-left e-flex e-con-boxed e-con e-child\" data-id=\"khleft-keltis\" data-element_type=\"container\" data-e-type=\"container\">\n\t\t\t\t\t<div class=\"e-con-inner\">\n\t\t\t\t<div class=\"elementor-element elementor-element-k-h1-keltisch elementor-widget elementor-widget-heading\" data-id=\"k-h1-keltisch\" data-element_type=\"widget\" data-e-type=\"widget\" data-widget_type=\"heading.default\">\n\t\t\t\t\t<h1 class=\"elementor-heading-title elementor-size-default\">Kelt\u0161t\u00ed bohov\u00e9, Tuatha D\u00e9 Danann a druidstv\u00ed<\/h1>\t\t\t\t<\/div>\n\t\t<div class=\"elementor-element elementor-element-aj11-hero-lead-keltis e-con-full e-flex e-con e-child\" data-id=\"aj11-hero-lead-keltis\" data-element_type=\"container\" data-e-type=\"container\">\n\t\t\t\t<div class=\"elementor-element elementor-element-k-lead-keltisch elementor-widget elementor-widget-text-editor\" data-id=\"k-lead-keltisch\" data-element_type=\"widget\" data-e-type=\"widget\" data-widget_type=\"text-editor.default\">\n\t\t\t\t\t\t\t\t\t<p><strong>Bytosti z keltsk\u00e9 tradice<\/strong> na iWell Guard. Keltsko-irsk\u00e1 a galsk\u00e1 tradice. Hlavn\u00ed prameny: irsk\u00e9 s\u00e1hov\u00e9 cykly (ulstersk\u00fd, mytologick\u00fd), Lebor Gab\u00e1la \u00c9renn, archeologick\u00e9 n\u00e1lezy z Galie. Naleznete zde keltsk\u00e9 bohy Tuatha D\u00e9 Danann a znalosti druidstv\u00ed, kn\u011b\u017esk\u00fdch str\u00e1\u017ec\u016f m\u00fdtu a \u0159\u00e1du.<\/p>\t\t\t\t\t\t\t\t<\/div>\n\t\t\t\t<\/div>\n\t\t<div class=\"elementor-element elementor-element-aj11-hero-toc-keltis e-con-full e-flex e-con e-child\" data-id=\"aj11-hero-toc-keltis\" data-element_type=\"container\" data-e-type=\"container\">\n\t\t\t\t<div class=\"elementor-element elementor-element-k-toc-keltisch elementor-widget elementor-widget-text-editor\" data-id=\"k-toc-keltisch\" data-element_type=\"widget\" data-e-type=\"widget\" data-widget_type=\"text-editor.default\">\n\t\t\t\t\t\t\t\t\t<p><strong>Obsah t\u00e9to str\u00e1nky:<\/strong><\/p><ul><li><a href=\"#k-keltisch-h1\">Za\u0159azen\u00ed<\/a><\/li><li><a href=\"#x-keltisch-h100\">Historie a panteon<\/a><\/li><li><a href=\"#x-keltisch-h101\">Bytosti v ka\u017edodenn\u00edm \u017eivot\u011b<\/a><\/li><li><a href=\"#x-keltisch-h102\">Dne\u0161n\u00ed v\u00fdznam<\/a><\/li><li><a href=\"#k-keltisch-h2\">Bohov\u00e9 (7)<\/a><\/li><li><a href=\"#k-keltisch-h3\">Duchov\u00e9 (6)<\/a><\/li><li><a href=\"#458e611\">Podrobn\u011bji<\/a><\/li><\/ul>\t\t\t\t\t\t\t\t<\/div>\n\t\t\t\t<\/div>\n\t\t\t\t\t<\/div>\n\t\t\t\t<\/div>\n\t\t<div class=\"elementor-element elementor-element-khrght-keltis iwg-kultur-hero-right e-flex e-con-boxed e-con e-child\" data-id=\"khrght-keltis\" data-element_type=\"container\" data-e-type=\"container\">\n\t\t\t\t\t<div class=\"e-con-inner\">\n\t\t\t\t<div class=\"elementor-element elementor-element-k-img-keltisch iwg-hero-image elementor-widget elementor-widget-image\" data-id=\"k-img-keltisch\" data-element_type=\"widget\" data-e-type=\"widget\" data-widget_type=\"image.default\">\n\t\t\t\t\t\t\t\t\t\t\t\t\t\t\t<img fetchpriority=\"high\" decoding=\"async\" width=\"683\" height=\"1024\" src=\"https:\/\/iwell-guard.com\/wp-content\/uploads\/2026\/04\/goetter_keltisch_cailleach-683x1024.webp\" class=\"attachment-large size-large wp-image-1614\" alt=\"Keltsk\u00e1\" srcset=\"https:\/\/iwell-guard.com\/wp-content\/uploads\/2026\/04\/goetter_keltisch_cailleach-683x1024.webp 683w, https:\/\/iwell-guard.com\/wp-content\/uploads\/2026\/04\/goetter_keltisch_cailleach-200x300.webp 200w, https:\/\/iwell-guard.com\/wp-content\/uploads\/2026\/04\/goetter_keltisch_cailleach-768x1152.webp 768w, https:\/\/iwell-guard.com\/wp-content\/uploads\/2026\/04\/goetter_keltisch_cailleach.webp 1024w\" sizes=\"(max-width: 683px) 100vw, 683px\" \/>\t\t\t\t\t\t\t\t\t\t\t\t\t\t\t<\/div>\n\t\t\t\t\t<\/div>\n\t\t\t\t<\/div>\n\t\t\t\t\t<\/div>\n\t\t\t\t<\/div>\n\t\t\t\t<section class=\"elementor-section elementor-top-section elementor-element elementor-element-sec-iwgcomp2-keltisch elementor-section-boxed elementor-section-height-default elementor-section-height-default\" data-id=\"sec-iwgcomp2-keltisch\" data-element_type=\"section\" data-e-type=\"section\">\n\t\t\t\t\t\t<div class=\"elementor-container elementor-column-gap-default\">\n\t\t\t\t\t<div class=\"elementor-column elementor-col-100 elementor-top-column elementor-element elementor-element-col-iwgcomp2-keltisch\" data-id=\"col-iwgcomp2-keltisch\" data-element_type=\"column\" data-e-type=\"column\">\n\t\t\t<div class=\"elementor-widget-wrap elementor-element-populated\">\n\t\t\t\t\t\t<div class=\"elementor-element elementor-element-iwgcomp2-keltisch elementor-widget elementor-widget-text-editor\" data-id=\"iwgcomp2-keltisch\" data-element_type=\"widget\" data-e-type=\"widget\" data-widget_type=\"text-editor.default\">\n\t\t\t\t\t\t\t\t\t<p>Tato str\u00e1nka dokumentuje <strong>keltsk\u00e9<\/strong> n\u00e1bo\u017eenstv\u00ed od Galie po Irsko.<\/p>\t\t\t\t\t\t\t\t<\/div>\n\t\t\t\t\t<\/div>\n\t\t<\/div>\n\t\t\t\t\t<\/div>\n\t\t<\/section>\n\t\t<div class=\"elementor-element elementor-element-clstrsec-aj12-keltisch e-con-boxed e-flex e-con e-parent\" data-id=\"clstrsec-aj12-keltisch\" data-element_type=\"container\" data-e-type=\"container\">\n\t\t\t\t\t<div class=\"e-con-inner\">\n\t\t\t\t<div class=\"elementor-element elementor-element-clstrh2-aj12-keltis elementor-widget elementor-widget-heading\" data-id=\"clstrh2-aj12-keltis\" data-element_type=\"widget\" data-e-type=\"widget\" data-widget_type=\"heading.default\">\n\t\t\t\t\t<h2 class=\"elementor-heading-title elementor-size-default\">Druidov\u00e9, ostrovy a \u00fastn\u00ed tradice<\/h2>\t\t\t\t<\/div>\n\t\t<div class=\"elementor-element elementor-element-aj12-cluster-text-keltisch e-con-full e-flex e-con e-child\" data-id=\"aj12-cluster-text-keltisch\" data-element_type=\"container\" data-e-type=\"container\">\n\t\t\t\t<div class=\"elementor-element elementor-element-aj12-cluster-text-keltis-t elementor-widget elementor-widget-text-editor\" data-id=\"aj12-cluster-text-keltis-t\" data-element_type=\"widget\" data-e-type=\"widget\" data-widget_type=\"text-editor.default\">\n\t\t\t\t\t\t\t\t\t<p>Keltsk\u00e9 n\u00e1bo\u017eenstv\u00ed je <strong>nejh\u016f\u0159e dokumentovanou<\/strong> z velk\u00fdch evropsk\u00fdch tradic. Druidov\u00e9 p\u0159ed\u00e1vali n\u00e1bo\u017eensk\u00e9 pozn\u00e1n\u00ed v\u00fdhradn\u011b \u00fastn\u011b, p\u00edsemn\u00e9 prameny se objevuj\u00ed a\u017e prost\u0159ednictv\u00edm \u0159\u00edmsk\u00e9ho a st\u0159edov\u011bk\u00e9ho irsk\u00e9ho zprost\u0159edkov\u00e1n\u00ed. Caesar a dal\u0161\u00ed <span class=\"iwg-fachbegriff\" data-tooltip=\"Epocha \u0159eck\u00e9 a \u0159\u00edmsk\u00e9 kultury, zhruba od 800 p\u0159. n. l. do 600 n. l.\" tabindex=\"0\">anti\u010dt\u00ed<\/span> auto\u0159i popisuj\u00ed tuto praxi z pozice pozorovatele, \u010dasto se zabarven\u00edm politick\u00fdm.<\/p>\n<p><strong>Irsk\u00e1 a vel\u0161sk\u00e1 st\u0159edov\u011bk\u00e1 literatura<\/strong> uchov\u00e1v\u00e1 mytologick\u00e9 l\u00e1tky, Lebor Gab\u00e1la, ulsterskou <span class=\"iwg-fachbegriff\" data-tooltip=\"Tradovan\u00fd p\u0159\u00edb\u011bh s \u010dasto historick\u00fdm j\u00e1drem a fantastick\u00fdmi rysy.\" tabindex=\"0\">s\u00e1hu<\/span>, vypr\u00e1v\u011bn\u00ed Mabinogi, av\u0161ak filtrovan\u00e9 k\u0159es\u0165anskou tradic\u00ed. Bohov\u00e9 se v nich objevuj\u00ed euhemerizovan\u00ed jako b\u00fdval\u00ed kr\u00e1lov\u00e9 nebo hrdinov\u00e9. Tuatha D\u00e9 Danann jsou bohov\u00e9, kte\u0159\u00ed se st\u00e1hli do s\u00eddhov\u00fdch pahork\u016f.<\/p>\n<p>Charakteristick\u00e9 je <strong>spojen\u00ed s krajinou<\/strong>: svat\u00e9 prameny, stromy, kopce a hrani\u010dn\u00ed m\u00edsta (mezi zem\u00ed a mo\u0159em, lesem a polem) maj\u00ed n\u00e1bo\u017eensk\u00fd v\u00fdznam. Sv\u00e1tky jako Samhain, Imbolc, Beltane a Lughnasa strukturuj\u00ed rok. Tato vrstva m\u00e1 dlouh\u00e9 p\u0159e\u017e\u00edv\u00e1n\u00ed v keltsk\u00e9 lidov\u00e9 v\u00ed\u0159e a v novopohansk\u00fdch hnut\u00edch.<\/p>\t\t\t\t\t\t\t\t<\/div>\n\t\t\t\t<\/div>\n\t\t\t\t\t<\/div>\n\t\t\t\t<\/div>\n\t\t<div class=\"elementor-element elementor-element-k-keltisch-s1 e-con-boxed e-flex e-con e-parent\" data-id=\"k-keltisch-s1\" data-element_type=\"container\" data-e-type=\"container\">\n\t\t\t\t\t<div class=\"e-con-inner\">\n\t\t\t\t<div class=\"elementor-element elementor-element-k-keltisch-h1 elementor-widget elementor-widget-heading\" data-id=\"k-keltisch-h1\" data-element_type=\"widget\" data-e-type=\"widget\" data-widget_type=\"heading.default\">\n\t\t\t\t\t<h2 class=\"elementor-heading-title elementor-size-default\">Za\u0159azen\u00ed<\/h2>\t\t\t\t<\/div>\n\t\t<div class=\"elementor-element elementor-element-aj11-inner-0003 e-con-full e-flex e-con e-child\" data-id=\"aj11-inner-0003\" data-element_type=\"container\" data-e-type=\"container\">\n\t\t\t\t<div class=\"elementor-element elementor-element-k-keltisch-t1 elementor-widget elementor-widget-text-editor\" data-id=\"k-keltisch-t1\" data-element_type=\"widget\" data-e-type=\"widget\" data-widget_type=\"text-editor.default\">\n\t\t\t\t\t\t\t\t\t<p><strong>Obdob\u00ed:<\/strong> <span class=\"iwg-fachbegriff\" data-tooltip=\"Prehistorick\u00e1 epocha n\u00e1sleduj\u00edc\u00ed po dob\u011b bronzov\u00e9, charakteristick\u00e1 zpracov\u00e1n\u00edm \u017eeleza.\" tabindex=\"0\">doba \u017eelezn\u00e1<\/span> (800 p\u0159. n. l.) a\u017e christianizace (5.\u20139. stol. n. l.).<\/p><p>Roz\u0161\u00ed\u0159en\u00ed: Britsk\u00e9 ostrovy, Galie, Hisp\u00e1nie, oblast Dunaje a\u017e po Galatii (Mal\u00e1 Asie).<\/p><p>Prameny: irsk\u00e9 s\u00e1hy (Ulstersk\u00fd cyklus, Mytologick\u00fd cyklus), Lebor Gab\u00e1la \u00c9renn, T\u00e1in B\u00f3 C\u00faailnge, Mabinogion (vel\u0161tina), galo\u0159\u00edmsk\u00e9 n\u00e1pisy.<\/p><p><span class=\"iwg-fachbegriff\" data-tooltip=\"Souhrn boh\u016f ur\u010dit\u00e9ho n\u00e1bo\u017eenstv\u00ed nebo kultury.\" tabindex=\"0\">Panteon<\/span> a t\u0159\u00eddy bytost\u00ed: Tuatha D\u00e9 Danann (Dagda, Lugh, Brigid, Morrigan), Cernunnos, Manann\u00e1n, s\u00eddhe, banshee, leprikoni.<\/p>\t\t\t\t\t\t\t\t<\/div>\n\t\t\t\t<\/div>\n\t\t\t\t\t<\/div>\n\t\t\t\t<\/div>\n\t\t<div class=\"elementor-element elementor-element-x-keltisch-s100 e-con-boxed e-flex e-con e-parent\" data-id=\"x-keltisch-s100\" data-element_type=\"container\" data-e-type=\"container\">\n\t\t\t\t\t<div class=\"e-con-inner\">\n\t\t\t\t<div class=\"elementor-element elementor-element-x-keltisch-h100 elementor-widget elementor-widget-heading\" data-id=\"x-keltisch-h100\" data-element_type=\"widget\" data-e-type=\"widget\" data-widget_type=\"heading.default\">\n\t\t\t\t\t<h2 class=\"elementor-heading-title elementor-size-default\">D\u011bjiny a panteon<\/h2>\t\t\t\t<\/div>\n\t\t<div class=\"elementor-element elementor-element-aj11-inner-0004 e-con-full e-flex e-con e-child\" data-id=\"aj11-inner-0004\" data-element_type=\"container\" data-e-type=\"container\">\n\t\t\t\t<div class=\"elementor-element elementor-element-x-keltisch-t100 elementor-widget elementor-widget-text-editor\" data-id=\"x-keltisch-t100\" data-element_type=\"widget\" data-e-type=\"widget\" data-widget_type=\"text-editor.default\">\n\t\t\t\t\t\t\t\t\t<p>Keltsk\u00e9 n\u00e1bo\u017eenstv\u00ed se zachovalo pouze fragment\u00e1rn\u011b, d\u00edky \u00fastn\u00ed tradici a pozdn\u00edm p\u00edsemn\u00fdm sv\u011bdectv\u00edm (\u0158\u00edman\u00e9, pozd\u011bji k\u0159es\u0165an\u0161t\u00ed mni\u0161i). Jeho p\u016fvodn\u00ed struktura byla decentralizovan\u00e1: ka\u017ed\u00fd kmen m\u011bl vedle nadregion\u00e1ln\u00edch postav <span class=\"iwg-fachbegriff\" data-tooltip=\"Souhrn boh\u016f ur\u010dit\u00e9ho n\u00e1bo\u017eenstv\u00ed nebo kultury.\" tabindex=\"0\">panteonu<\/span> i sv\u00e9 m\u00edstn\u00ed bo\u017estva, a druidsk\u00e1 kn\u011b\u017esk\u00e1 kasta p\u0159ed\u00e1vala pozn\u00e1n\u00ed \u00fastn\u011b, co\u017e se p\u0159i p\u0159echodu k p\u00edsemn\u00fdm kultur\u00e1m ztratilo.<\/p><p>\u00dast\u0159edn\u00edmi bo\u017esk\u00fdmi postavami jsou Dagda (praotec), Lugh (\u0159emesla, v\u00e1lka), Brigid (l\u00e9\u010ditelstv\u00ed, ohe\u0148, poezie) a Morrigan (v\u00e1lka, osud). Koncept s\u00eddhe popisuje nadp\u0159irozen\u00e9 bytosti, kter\u00e9 \u017eij\u00ed v pahorc\u00edch a skryt\u00fdch oblastech.<\/p><p>Christianizace od 5. do 12. stolet\u00ed tuto praxi vytla\u010dila; n\u011bkter\u00e1 bo\u017estva byla p\u0159em\u011bn\u011bna na svat\u00e9 (z Brigid se stala svat\u00e1 Brigid). Keltsk\u00e1 renesance 19. stolet\u00ed se pokusila o romantizovanou rekonstrukci, a modern\u00ed prameny z\u016fst\u00e1vaj\u00ed spekulativn\u00ed.<\/p>\t\t\t\t\t\t\t\t<\/div>\n\t\t\t\t<\/div>\n\t\t\t\t\t<\/div>\n\t\t\t\t<\/div>\n\t\t<div class=\"elementor-element elementor-element-x-keltisch-s101 e-con-boxed e-flex e-con e-parent\" data-id=\"x-keltisch-s101\" data-element_type=\"container\" data-e-type=\"container\">\n\t\t\t\t\t<div class=\"e-con-inner\">\n\t\t\t\t<div class=\"elementor-element elementor-element-x-keltisch-h101 elementor-widget elementor-widget-heading\" data-id=\"x-keltisch-h101\" data-element_type=\"widget\" data-e-type=\"widget\" data-widget_type=\"heading.default\">\n\t\t\t\t\t<h2 class=\"elementor-heading-title elementor-size-default\">Bytosti v ka\u017edodenn\u00edm \u017eivot\u011b<\/h2>\t\t\t\t<\/div>\n\t\t<div class=\"elementor-element elementor-element-aj11-inner-0005 e-con-full e-flex e-con e-child\" data-id=\"aj11-inner-0005\" data-element_type=\"container\" data-e-type=\"container\">\n\t\t\t\t<div class=\"elementor-element elementor-element-x-keltisch-t101 elementor-widget elementor-widget-text-editor\" data-id=\"x-keltisch-t101\" data-element_type=\"widget\" data-e-type=\"widget\" data-widget_type=\"text-editor.default\">\n\t\t\t\t\t\t\t\t\t<p>Druid\u0161t\u00ed kn\u011b\u017e\u00ed vedli ob\u011btn\u00ed ritu\u00e1ly (lidsk\u00e9 ob\u011bti dokl\u00e1daj\u00ed <span class=\"iwg-fachbegriff\" data-tooltip=\"Epocha \u0159eck\u00e9 a \u0159\u00edmsk\u00e9 kultury, zhruba od 800 p\u0159. n. l. do 600 n. l.\" tabindex=\"0\">anti\u010dt\u00ed<\/span> auto\u0159i) a <span class=\"iwg-fachbegriff\" data-tooltip=\"Souhrnn\u00fd pojem pro praktiky, jimi\u017e se zji\u0161\u0165uje v\u016fle boh\u016f.\" tabindex=\"0\">divinaci<\/span>. Samhain (p\u0159elom roku) a dal\u0161\u00ed sv\u00e1tky ozna\u010dovaly duchovn\u011b kritick\u00e9 okam\u017eiky, l\u00e9\u010ditelstv\u00ed a <span class=\"iwg-fachbegriff\" data-tooltip=\"Vykl\u00e1d\u00e1n\u00ed znamen\u00ed za \u00fa\u010delem pozn\u00e1n\u00ed skryt\u00e9ho nebo budouc\u00edho.\" tabindex=\"0\">v\u011b\u0161t\u011bn\u00ed<\/span> byly specializovan\u00fdmi rolemi.<\/p><p>Duchovn\u00ed bytosti a s\u00eddhe nebyly pova\u017eov\u00e1ny za d\u00e9monick\u00e9, ale za ambivalentn\u00ed: nebezpe\u010dn\u00e9 pro nezasv\u011bcen\u00e9, av\u0161ak respektovan\u00e9 zasv\u011bcen\u00fdmi. Byly roz\u0161\u00ed\u0159eny ochrann\u00e9 ritu\u00e1ly proti u\u0159knut\u00ed a nadp\u0159irozen\u00fdm sil\u00e1m, stejn\u011b jako kmenov\u00e9 totemy a spojen\u00ed se zv\u00ed\u0159aty (druidov\u00e9 jako m\u011b\u0148avci).<\/p><p><span class=\"iwg-fachbegriff\" data-tooltip=\"N\u00e1bo\u017eensk\u00e9 p\u0159edstavy a zvyky roz\u0161\u00ed\u0159en\u00e9 v ka\u017edodenn\u00edm \u017eivot\u011b.\" tabindex=\"0\">Lidov\u00e1 v\u00edra<\/span> ve v\u00edly, duchy a magick\u00e9 techniky p\u0159e\u017eila v lidov\u00e9 tradici, zejm\u00e9na v Irsku, Skotsku a Walesu. Svat\u00e9 prameny a h\u00e1je byly kultovn\u00edmi m\u00edsty.<\/p>\t\t\t\t\t\t\t\t<\/div>\n\t\t\t\t<\/div>\n\t\t\t\t\t<\/div>\n\t\t\t\t<\/div>\n\t\t<div class=\"elementor-element elementor-element-x-keltisch-s102 e-con-boxed e-flex e-con e-parent\" data-id=\"x-keltisch-s102\" data-element_type=\"container\" data-e-type=\"container\">\n\t\t\t\t\t<div class=\"e-con-inner\">\n\t\t\t\t<div class=\"elementor-element elementor-element-x-keltisch-h102 elementor-widget elementor-widget-heading\" data-id=\"x-keltisch-h102\" data-element_type=\"widget\" data-e-type=\"widget\" data-widget_type=\"heading.default\">\n\t\t\t\t\t<h2 class=\"elementor-heading-title elementor-size-default\">Dne\u0161n\u00ed v\u00fdznam<\/h2>\t\t\t\t<\/div>\n\t\t<div class=\"elementor-element elementor-element-aj11-inner-0006 e-con-full e-flex e-con e-child\" data-id=\"aj11-inner-0006\" data-element_type=\"container\" data-e-type=\"container\">\n\t\t\t\t<div class=\"elementor-element elementor-element-x-keltisch-t102 elementor-widget elementor-widget-text-editor\" data-id=\"x-keltisch-t102\" data-element_type=\"widget\" data-e-type=\"widget\" data-widget_type=\"text-editor.default\">\n\t\t\t\t\t\t\t\t\t<p>\u017div\u00e9 keltsk\u00e9 n\u00e1bo\u017eenstv\u00ed ji\u017e neexistuje; christianizace tuto tradici vymazala. Lidov\u00e1 tradice (irsk\u00e1 a skotsk\u00e1 v\u00edra ve v\u00edly, tulen\u00edch lid\u00ed a banshee) uchov\u00e1v\u00e1 fragment\u00e1rn\u00ed poz\u016fstatky, a keltsk\u00e1 renesance 19. a 20. stolet\u00ed (Yeats, Synge, Celtic Twilight) romantizovala prameny pro liter\u00e1rn\u00ed \u00fa\u010dely.<\/p><p>Modern\u00ed novopohansk\u00e1 hnut\u00ed se pokou\u0161ej\u00ed o rekonstrukci, z\u016fst\u00e1vaj\u00ed v\u0161ak spekulativn\u00ed a ideologicky nesourod\u00e1. Popul\u00e1rn\u00ed kultura (fantasy literatura, Harry Potter, videohry) vyu\u017e\u00edv\u00e1 keltskou estetiku.<\/p><p>Z akademick\u00e9ho hlediska z\u016fst\u00e1v\u00e1 keltsk\u00e9 n\u00e1bo\u017eenstv\u00ed nejist\u00e9 a fragment\u00e1rn\u00ed. V Irsku a Skotsku slou\u017e\u00ed keltsk\u00e9 symboly jako markery kulturn\u00ed identity, m\u00e9n\u011b jako \u017eit\u00e1 n\u00e1bo\u017eensk\u00e1 tradice.<\/p>\t\t\t\t\t\t\t\t<\/div>\n\t\t\t\t<\/div>\n\t\t\t\t\t<\/div>\n\t\t\t\t<\/div>\n\t\t<div class=\"elementor-element elementor-element-k-keltisch-s2 e-con-boxed e-flex e-con e-parent\" data-id=\"k-keltisch-s2\" data-element_type=\"container\" data-e-type=\"container\">\n\t\t\t\t\t<div class=\"e-con-inner\">\n\t\t\t\t<div class=\"elementor-element elementor-element-k-keltisch-h2 elementor-widget elementor-widget-heading\" data-id=\"k-keltisch-h2\" data-element_type=\"widget\" data-e-type=\"widget\" data-widget_type=\"heading.default\">\n\t\t\t\t\t<h2 class=\"elementor-heading-title elementor-size-default\">Bohov\u00e9 (11)<\/h2>\t\t\t\t<\/div>\n\t\t<div class=\"elementor-element elementor-element-aj11-inner-0007 e-con-full e-flex e-con e-child\" data-id=\"aj11-inner-0007\" data-element_type=\"container\" data-e-type=\"container\">\n\t\t\t\t<div class=\"elementor-element elementor-element-k-keltisch-t2 elementor-widget elementor-widget-text-editor\" data-id=\"k-keltisch-t2\" data-element_type=\"widget\" data-e-type=\"widget\" data-widget_type=\"text-editor.default\">\n\t\t\t\t\t\t\t\t\t<div class=\"iwg-wesen-grid\"><a class=\"iwg-wesen-card\" href=\"https:\/\/iwell-guard.com\/cs\/brigid\/\" aria-label=\"Brigid\"><div class=\"iwg-wesen-card-imgwrap\"><img decoding=\"async\" src=\"https:\/\/iwell-guard.com\/wp-content\/uploads\/2026\/04\/goetter_keltisch_brigid-200x300.webp\" alt=\"Brigid\" loading=\"lazy\"><\/div><div class=\"iwg-wesen-card-body\"><div class=\"iwg-wesen-card-name\">Brigid<\/div><div class=\"iwg-wesen-card-arrow\">\u2192 K bytosti<\/div><\/div><\/a><a class=\"iwg-wesen-card\" href=\"https:\/\/iwell-guard.com\/cs\/cailleach\/\" aria-label=\"Cailleach\"><div class=\"iwg-wesen-card-imgwrap\"><img decoding=\"async\" src=\"https:\/\/iwell-guard.com\/wp-content\/uploads\/2026\/04\/goetter_keltisch_cailleach-200x300.webp\" alt=\"Cailleach\" loading=\"lazy\"><\/div><div class=\"iwg-wesen-card-body\"><div class=\"iwg-wesen-card-name\">Cailleach<\/div><div class=\"iwg-wesen-card-arrow\">\u2192 K bytosti<\/div><\/div><\/a><a class=\"iwg-wesen-card\" href=\"https:\/\/iwell-guard.com\/cs\/cernunnos\/\" aria-label=\"Cernunnos\"><div class=\"iwg-wesen-card-imgwrap\"><img decoding=\"async\" src=\"https:\/\/iwell-guard.com\/wp-content\/uploads\/2026\/04\/goetter_keltisch_cernunnos-200x300.webp\" alt=\"Cernunnos\" loading=\"lazy\"><\/div><div class=\"iwg-wesen-card-body\"><div class=\"iwg-wesen-card-name\">Cernunnos<\/div><div class=\"iwg-wesen-card-arrow\">\u2192 K bytosti<\/div><\/div><\/a><a class=\"iwg-wesen-card\" href=\"https:\/\/iwell-guard.com\/cs\/dagda\/\" aria-label=\"Dagda\"><div class=\"iwg-wesen-card-imgwrap\"><img decoding=\"async\" src=\"https:\/\/iwell-guard.com\/wp-content\/uploads\/2026\/04\/goetter_keltisch_dagda-200x300.webp\" alt=\"Dagda\" loading=\"lazy\"><\/div><div class=\"iwg-wesen-card-body\"><div class=\"iwg-wesen-card-name\">Dagda<\/div><div class=\"iwg-wesen-card-arrow\">\u2192 K bytosti<\/div><\/div><\/a><a class=\"iwg-wesen-card\" href=\"https:\/\/iwell-guard.com\/cs\/lugh\/\" aria-label=\"Lugh\"><div class=\"iwg-wesen-card-imgwrap\"><img decoding=\"async\" src=\"https:\/\/iwell-guard.com\/wp-content\/uploads\/2026\/04\/goetter_keltisch_lugh-200x300.webp\" alt=\"Lugh\" loading=\"lazy\"><\/div><div class=\"iwg-wesen-card-body\"><div class=\"iwg-wesen-card-name\">Lugh<\/div><div class=\"iwg-wesen-card-arrow\">\u2192 K bytosti<\/div><\/div><\/a><a class=\"iwg-wesen-card\" href=\"https:\/\/iwell-guard.com\/cs\/manannan-mac-lir\/\" aria-label=\"Manannan mac Lir\"><div class=\"iwg-wesen-card-imgwrap\"><img decoding=\"async\" src=\"https:\/\/iwell-guard.com\/wp-content\/uploads\/2026\/04\/goetter_keltisch_manannan-mac-lir-200x300.webp\" alt=\"Manannan mac Lir\" loading=\"lazy\"><\/div><div class=\"iwg-wesen-card-body\"><div class=\"iwg-wesen-card-name\">Manannan mac Lir<\/div><div class=\"iwg-wesen-card-arrow\">\u2192 K bytosti<\/div><\/div><\/a><a class=\"iwg-wesen-card\" href=\"https:\/\/iwell-guard.com\/cs\/morrigan\/\" aria-label=\"Morrigan\"><div class=\"iwg-wesen-card-imgwrap\"><img decoding=\"async\" src=\"https:\/\/iwell-guard.com\/wp-content\/uploads\/2026\/04\/goetter_keltisch_morrigan-200x300.webp\" alt=\"Morrigan\" loading=\"lazy\"><\/div><div class=\"iwg-wesen-card-body\"><div class=\"iwg-wesen-card-name\">Morrigan<\/div><div class=\"iwg-wesen-card-arrow\">\u2192 K bytosti<\/div><\/div><\/a><a class=\"iwg-wesen-card\" href=\"https:\/\/iwell-guard.com\/cs\/danu\/\" aria-label=\"Danu\"><div class=\"iwg-wesen-card-imgwrap\"><img decoding=\"async\" src=\"https:\/\/iwell-guard.com\/wp-content\/uploads\/2026\/05\/goetter_keltisch_danu-200x300.webp\" alt=\"Danu\" loading=\"lazy\"><\/div><div class=\"iwg-wesen-card-body\"><div class=\"iwg-wesen-card-name\">Danu<\/div><div class=\"iwg-wesen-card-arrow\">\u2192 K bytosti<\/div><\/div><\/a><a class=\"iwg-wesen-card\" href=\"https:\/\/iwell-guard.com\/cs\/epona\/\" aria-label=\"Epona\"><div class=\"iwg-wesen-card-imgwrap\"><img decoding=\"async\" src=\"https:\/\/iwell-guard.com\/wp-content\/uploads\/2026\/05\/goetter_keltisch_epona-200x300.webp\" alt=\"Epona\" loading=\"lazy\"><\/div><div class=\"iwg-wesen-card-body\"><div class=\"iwg-wesen-card-name\">Epona<\/div><div class=\"iwg-wesen-card-arrow\">\u2192 K bytosti<\/div><\/div><\/a><a class=\"iwg-wesen-card\" href=\"https:\/\/iwell-guard.com\/cs\/aengus\/\" aria-label=\"Aengus\"><div class=\"iwg-wesen-card-imgwrap\"><img decoding=\"async\" src=\"https:\/\/iwell-guard.com\/wp-content\/uploads\/2026\/05\/goetter_keltisch_aengus-200x300.webp\" alt=\"Aengus\" loading=\"lazy\"><\/div><div class=\"iwg-wesen-card-body\"><div class=\"iwg-wesen-card-name\">Aengus<\/div><div class=\"iwg-wesen-card-arrow\">\u2192 K bytosti<\/div><\/div><\/a><a class=\"iwg-wesen-card\" href=\"https:\/\/iwell-guard.com\/cs\/ceridwen\/\" aria-label=\"Ceridwen\"><div class=\"iwg-wesen-card-imgwrap\"><img decoding=\"async\" src=\"https:\/\/iwell-guard.com\/wp-content\/uploads\/2026\/05\/goetter_keltisch_ceridwen-200x300.webp\" alt=\"Ceridwen\" loading=\"lazy\"><\/div><div class=\"iwg-wesen-card-body\"><div class=\"iwg-wesen-card-name\">Ceridwen<\/div><div class=\"iwg-wesen-card-arrow\">\u2192 K bytosti<\/div><\/div><\/a><\/div>\t\t\t\t\t\t\t\t<\/div>\n\t\t\t\t<\/div>\n\t\t\t\t\t<\/div>\n\t\t\t\t<\/div>\n\t\t<div class=\"elementor-element elementor-element-k-keltisch-s3 e-con-boxed e-flex e-con e-parent\" data-id=\"k-keltisch-s3\" data-element_type=\"container\" data-e-type=\"container\">\n\t\t\t\t\t<div class=\"e-con-inner\">\n\t\t\t\t<div class=\"elementor-element elementor-element-k-keltisch-h3 elementor-widget elementor-widget-heading\" data-id=\"k-keltisch-h3\" data-element_type=\"widget\" data-e-type=\"widget\" data-widget_type=\"heading.default\">\n\t\t\t\t\t<h2 class=\"elementor-heading-title elementor-size-default\">Duchov\u00e9 (6)<\/h2>\t\t\t\t<\/div>\n\t\t<div class=\"elementor-element elementor-element-aj11-inner-0008 e-con-full e-flex e-con e-child\" data-id=\"aj11-inner-0008\" data-element_type=\"container\" data-e-type=\"container\">\n\t\t\t\t<div class=\"elementor-element elementor-element-k-keltisch-t3 elementor-widget elementor-widget-text-editor\" data-id=\"k-keltisch-t3\" data-element_type=\"widget\" data-e-type=\"widget\" data-widget_type=\"text-editor.default\">\n\t\t\t\t\t\t\t\t\t<div class=\"iwg-wesen-grid\"><a class=\"iwg-wesen-card\" href=\"https:\/\/iwell-guard.com\/cs\/banshee\/\" aria-label=\"Banshee\"><div class=\"iwg-wesen-card-imgwrap\"><img decoding=\"async\" src=\"https:\/\/iwell-guard.com\/wp-content\/uploads\/2026\/04\/geister_keltisch_banshee-200x300.webp\" alt=\"Banshee\" loading=\"lazy\"><\/div><div class=\"iwg-wesen-card-body\"><div class=\"iwg-wesen-card-name\">Banshee<\/div><div class=\"iwg-wesen-card-arrow\">\u2192 K bytosti<\/div><\/div><\/a><a class=\"iwg-wesen-card\" href=\"https:\/\/iwell-guard.com\/cs\/dullahan\/\" aria-label=\"Dullahan\"><div class=\"iwg-wesen-card-imgwrap\"><img decoding=\"async\" src=\"https:\/\/iwell-guard.com\/wp-content\/uploads\/2026\/04\/geister_keltisch_dullahan-200x300.webp\" alt=\"Dullahan\" loading=\"lazy\"><\/div><div class=\"iwg-wesen-card-body\"><div class=\"iwg-wesen-card-name\">Dullahan<\/div><div class=\"iwg-wesen-card-arrow\">\u2192 K bytosti<\/div><\/div><\/a><a class=\"iwg-wesen-card\" href=\"https:\/\/iwell-guard.com\/cs\/leanan-sidhe\/\" aria-label=\"Leanan Sidhe\"><div class=\"iwg-wesen-card-imgwrap\"><img decoding=\"async\" src=\"https:\/\/iwell-guard.com\/wp-content\/uploads\/2026\/04\/geister_keltisch_leanan-sidhe-200x300.webp\" alt=\"Leanan Sidhe\" loading=\"lazy\"><\/div><div class=\"iwg-wesen-card-body\"><div class=\"iwg-wesen-card-name\">Leanan Sidhe<\/div><div class=\"iwg-wesen-card-arrow\">\u2192 K bytosti<\/div><\/div><\/a><a class=\"iwg-wesen-card\" href=\"https:\/\/iwell-guard.com\/cs\/puca\/\" aria-label=\"P\u00faca\"><div class=\"iwg-wesen-card-imgwrap\"><img decoding=\"async\" src=\"https:\/\/iwell-guard.com\/wp-content\/uploads\/2026\/04\/geister_keltisch_puca-200x300.webp\" alt=\"P\u00faca\" loading=\"lazy\"><\/div><div class=\"iwg-wesen-card-body\"><div class=\"iwg-wesen-card-name\">P\u00faca<\/div><div class=\"iwg-wesen-card-arrow\">\u2192 K bytosti<\/div><\/div><\/a><a class=\"iwg-wesen-card\" href=\"https:\/\/iwell-guard.com\/cs\/sluagh\/\" aria-label=\"Sluagh\"><div class=\"iwg-wesen-card-imgwrap\"><img decoding=\"async\" src=\"https:\/\/iwell-guard.com\/wp-content\/uploads\/2026\/04\/geister_keltisch_sluagh-200x300.webp\" alt=\"Sluagh\" loading=\"lazy\"><\/div><div class=\"iwg-wesen-card-body\"><div class=\"iwg-wesen-card-name\">Sluagh<\/div><div class=\"iwg-wesen-card-arrow\">\u2192 K bytosti<\/div><\/div><\/a><a class=\"iwg-wesen-card\" href=\"https:\/\/iwell-guard.com\/cs\/aos-si-lid-pahorku\/\" aria-label=\"Aos S\u00ed \u2013 lid pahork\u016f irsk\u00e9ho jin\u00e9ho sv\u011bta\"><div class=\"iwg-wesen-card-imgwrap\"><img decoding=\"async\" src=\"https:\/\/iwell-guard.com\/wp-content\/uploads\/2026\/05\/geister_keltisch_aos-si-200x300.webp\" alt=\"Aos S\u00ed \u2013 lid pahork\u016f irsk\u00e9ho jin\u00e9ho sv\u011bta\" loading=\"lazy\"><\/div><div class=\"iwg-wesen-card-body\"><div class=\"iwg-wesen-card-name\">Aos S\u00ed \u2013 lid pahork\u016f irsk\u00e9ho jin\u00e9ho sv\u011bta<\/div><div class=\"iwg-wesen-card-arrow\">\u2192 K bytosti<\/div><\/div><\/a><\/div>\t\t\t\t\t\t\t\t<\/div>\n\t\t\t\t<\/div>\n\t\t\t\t\t<\/div>\n\t\t\t\t<\/div>\n\t\t<div class=\"elementor-element elementor-element-x-keltisch-s-faq e-con-boxed e-flex e-con e-parent\" data-id=\"x-keltisch-s-faq\" data-element_type=\"container\" data-e-type=\"container\">\n\t\t\t\t\t<div class=\"e-con-inner\">\n\t\t\t\t<div class=\"elementor-element elementor-element-x-keltisch-h-faq elementor-widget elementor-widget-heading\" data-id=\"x-keltisch-h-faq\" data-element_type=\"widget\" data-e-type=\"widget\" data-widget_type=\"heading.default\">\n\t\t\t\t\t<h2 class=\"elementor-heading-title elementor-size-default\">\u010casto kladen\u00e9 ot\u00e1zky o keltsk\u00fdch boz\u00edch<\/h2>\t\t\t\t<\/div>\n\t\t<div class=\"elementor-element elementor-element-aj11-inner-0006 e-con-full e-flex e-con e-child\" data-id=\"aj11-inner-0006\" data-element_type=\"container\" data-e-type=\"container\">\n\t\t\t\t<div class=\"elementor-element elementor-element-x-keltisch-t-faq elementor-widget elementor-widget-text-editor\" data-id=\"x-keltisch-t-faq\" data-element_type=\"widget\" data-e-type=\"widget\" data-widget_type=\"text-editor.default\">\n\t\t\t\t\t\t\t\t\t<h3>Kolik je keltsk\u00fdch boh\u016f?<\/h3>\n<p>Keltsk\u00fd <span class=\"iwg-fachbegriff\" data-tooltip=\"Souhrn boh\u016f ur\u010dit\u00e9ho n\u00e1bo\u017eenstv\u00ed nebo kultury.\" tabindex=\"0\">pantheon<\/span> je region\u00e1ln\u011b velmi odli\u0161n\u00fd. V Irsku tvo\u0159\u00ed Tuatha D\u00e9 Danann p\u0159ibli\u017en\u011b 50 a\u017e 100 jmenovit\u011b uv\u00e1d\u011bn\u00fdch boh\u016f (Dagda, Lugh, Brigid, Morrigan, Manann\u00e1n, Aengus a dal\u0161\u00ed). Ve Walesu p\u0159in\u00e1\u0161\u00ed Mabinogion paraleln\u00ed <span class=\"iwg-fachbegriff\" data-tooltip=\"Souhrn boh\u016f ur\u010dit\u00e9ho n\u00e1bo\u017eenstv\u00ed nebo kultury.\" tabindex=\"0\">pantheon<\/span> (Rhiannon, Math, Arianrhod, Lleu Llaw Gyffes).<\/p><p>Galie m\u011bla p\u0159ed \u0159\u00edmsk\u00fdm dobyt\u00edm p\u0159es 400 dolo\u017een\u00fdch boh\u016f, \u010dasto velmi m\u00edstn\u00edch. N\u00e1pisy a sochy ukazuj\u00ed mimo\u0159\u00e1dnou pestrost: keltsk\u00e9 n\u00e1bo\u017eenstv\u00ed bylo polyteistick\u00e9 a siln\u011b region\u00e1ln\u011b formovan\u00e9.<\/p>\n<h3>Kdo je nejvy\u0161\u0161\u00ed keltsk\u00fd b\u016fh?<\/h3>\n<p>Neexistuje jedin\u00fd hlavn\u00ed b\u016fh, keltsk\u00e9 n\u00e1bo\u017eenstv\u00ed je polycentrick\u00e9. V Irsku plat\u00ed Dagda za v\u016fdce Tuatha D\u00e9 Danann (dobrotiv\u00fd, s kotl\u00edkem a palic\u00ed), Lugh za boha sv\u011btla a nejuniverz\u00e1ln\u011bj\u0161\u00edho hrdinu.<\/p><p>U Gal\u016f byl Lugus (Lugh) hlavn\u00edm bohem; Caesar (De Bello Gallico) ho ztoto\u017enil s Merkurem. Ve Walesu nen\u00ed \u017e\u00e1dn\u00e1 jasn\u00e1 hlava pantheonu. Druidov\u00e9 zprost\u0159edkov\u00e1vali mezi bohy.<\/p>\n<h3>Co je Tuatha D\u00e9 Danann?<\/h3>\n<p>Tuatha D\u00e9 Danann (kmen bohyn\u011b Danu) je mytick\u00fd bo\u017esk\u00fd lid Irska. P\u0159i\u0161li po \u010dty\u0159ech p\u0159edchoz\u00edch generac\u00edch (Cessair, Partholon, Nemed, Firbolg) a p\u0159inesli s sebou \u010dty\u0159i magick\u00e9 poklady: me\u010d Nuad\u016fv, kop\u00ed Lughovo, kotl\u00edk Dagd\u016fv a Lia F\u00e1il (korunova\u010dn\u00ed k\u00e1men).<\/p><p>Pozd\u011bji byli pora\u017eeni Mileziany (p\u0159edky dne\u0161n\u00edch Ir\u016f) a st\u00e1hli se do Jin\u00e9ho sv\u011bta (do s\u00eddhe, pahork\u016f), kde podle <span class=\"iwg-fachbegriff\" data-tooltip=\"P\u0159ed\u00e1v\u00e1n\u00ed znalost\u00ed a vypr\u00e1v\u011bn\u00ed nap\u0159\u00ed\u010d generacemi.\" tabindex=\"0\">tradice<\/span> \u017eij\u00ed jako v\u00edly a\u017e do sou\u010dasnosti.<\/p>\n<h3>Kdo byli druidov\u00e9?<\/h3>\n<p>Druidov\u00e9 byli kelt\u0161t\u00ed kn\u011b\u017e\u00ed, soudci, u\u010ditel\u00e9 a l\u00e9\u010ditel\u00e9, elitn\u00ed intelektu\u00e1ln\u00ed t\u0159\u00edda s dvacetilet\u00fdm vzd\u011bl\u00e1v\u00e1n\u00edm. V\u0161e p\u0159ed\u00e1vali \u00fastn\u011b, ani\u017e by zapisovali svat\u00e9 texty, proto po \u0159\u00edmsk\u00e9m a k\u0159es\u0165ansk\u00e9m dobyt\u00ed do\u0161lo k dramatick\u00e9 ztr\u00e1t\u011b pramen\u016f.<\/p><p><span data-nosnippet>Caesar uv\u00e1d\u00ed, \u017ee v\u011b\u0159ili ve st\u011bhov\u00e1n\u00ed du\u0161\u00ed. Dne\u0161n\u00ed druidismus, kter\u00fd zalo\u017eil Iolo Morganwg v roce 1792 jako vel\u0161sk\u00e9 bardstv\u00ed a kter\u00fd se pozd\u011bji roz\u0161\u00ed\u0159il mezin\u00e1rodn\u011b, je rekonstrukc\u00ed bez p\u0159\u00edm\u00e9 kontinuity.<\/span><\/p>\n<h3>Co znamenaj\u00ed Samhain, Imbolc, Beltane a Lughnasadh?<\/h3>\n<p>\u010cty\u0159i hlavn\u00ed keltsk\u00e9 sv\u00e1tky ozna\u010duj\u00ed zem\u011bd\u011blsk\u00e9 p\u0159echody: Samhain (1. listopadu), po\u010d\u00e1tek zimy a br\u00e1na do Jin\u00e9ho sv\u011bta, p\u016fvod Halloweenu; Imbolc (1. \u00fanora), po\u010d\u00e1tek jara a sv\u00e1tek Brigid; Beltane (1. kv\u011btna), po\u010d\u00e1tek l\u00e9ta, sv\u00e1tek Belenose s oh\u0148ov\u00fdmi ritu\u00e1ly; a Lughnasadh (1. srpna), po\u010d\u00e1tek sklizn\u011b s Lughov\u00fdmi hrami.<\/p><p>Tato data le\u017e\u00ed zhruba \u0161est t\u00fddn\u016f p\u0159ed slunovraty a rovnodennostmi; keltsk\u00fd rok byl uspo\u0159\u00e1d\u00e1n odli\u0161n\u011b od \u0159\u00edmsk\u00e9ho.<\/p>\n<h3>Co odli\u0161uje keltsk\u00e9, galsk\u00e9 a vel\u0161sk\u00e9?<\/h3>\n<p>\u201eKeltsk\u00fd&#8220; je pojem odkazuj\u00edc\u00ed na jazykovou skupinu: Irov\u00e9, Skotov\u00e9, Vel\u0161an\u00e9, Bretonci, Gala\u0165an\u00e9 a sta\u0159\u00ed Galov\u00e9 mluv\u00ed nebo mluvili p\u0159\u00edbuzn\u00fdmi jazyky. Obsahov\u011b se mytologie p\u0159ekr\u00fdvaj\u00ed, ale ka\u017ed\u00fd region m\u00e1 sv\u016fj vlastn\u00ed <span class=\"iwg-fachbegriff\" data-tooltip=\"Souhrn boh\u016f ur\u010dit\u00e9ho n\u00e1bo\u017eenstv\u00ed nebo kultury.\" tabindex=\"0\">pantheon<\/span>.<\/p><p>Irsko-gaelsk\u00e1 tradice zn\u00e1 Tuatha D\u00e9 Danann (Dagda, Lugh, Morrigan, Brigid), vel\u0161sk\u00e1 bohy z Mabinogionu (Rhiannon, Pwyll, Math, Arianrhod), galsk\u00e1 (p\u0159ed\u0159\u00edmsk\u00e1 ve Francii) Belenose, Cernunna a Eponu, dnes zn\u00e1m\u00e9 jen fragment\u00e1rn\u011b z n\u00e1pis\u016f. Existence panceltstv\u00ed je v religionistice sporn\u00e1.<\/p>\n<script type=\"application\/ld+json\">{\"@context\": \"https:\/\/schema.org\", \"@type\": \"FAQPage\", \"mainEntity\": [{\"@type\": \"Question\", \"name\": \"Kolik je keltsk\u00fdch boh\u016f?\", \"acceptedAnswer\": {\"@type\": \"Answer\", \"text\": \"Keltsk\u00fd pantheon je region\u00e1ln\u011b velmi odli\u0161n\u00fd. V Irsku tvo\u0159\u00ed Tuatha D\u00e9 Danann p\u0159ibli\u017en\u011b 50 a\u017e 100 jmenovit\u011b uv\u00e1d\u011bn\u00fdch boh\u016f (Dagda, Lugh, Brigid, Morrigan, Manann\u00e1n, Aengus a dal\u0161\u00ed). Ve Walesu p\u0159in\u00e1\u0161\u00ed Mabinogion paraleln\u00ed pantheon (Rhiannon, Math, Arianrhod, Lleu Llaw Gyffes). Galie m\u011bla p\u0159ed \u0159\u00edmsk\u00fdm dobyt\u00edm p\u0159es 400 dolo\u017een\u00fdch boh\u016f, \u010dasto velmi m\u00edstn\u00edch. N\u00e1pisy a sochy ukazuj\u00ed mimo\u0159\u00e1dnou pestrost: keltsk\u00e9 n\u00e1bo\u017eenstv\u00ed bylo polyteistick\u00e9 a siln\u011b region\u00e1ln\u011b formovan\u00e9.\"}}, {\"@type\": \"Question\", \"name\": \"Kdo je nejvy\u0161\u0161\u00ed keltsk\u00fd b\u016fh?\", \"acceptedAnswer\": {\"@type\": \"Answer\", \"text\": \"Neexistuje jedin\u00fd hlavn\u00ed b\u016fh, keltsk\u00e9 n\u00e1bo\u017eenstv\u00ed je polycentrick\u00e9. V Irsku plat\u00ed Dagda za v\u016fdce Tuatha D\u00e9 Danann (dobrotiv\u00fd, s kotl\u00edkem a palic\u00ed), Lugh za boha sv\u011btla a nejuniverz\u00e1ln\u011bj\u0161\u00edho hrdinu. U Gal\u016f byl Lugus (Lugh) hlavn\u00edm bohem; Caesar (De Bello Gallico) ho ztoto\u017enil s Merkurem. Ve Walesu nen\u00ed \u017e\u00e1dn\u00e1 jasn\u00e1 hlava pantheonu. Druidov\u00e9 zprost\u0159edkov\u00e1vali mezi bohy.\"}}, {\"@type\": \"Question\", \"name\": \"Co je Tuatha D\u00e9 Danann?\", \"acceptedAnswer\": {\"@type\": \"Answer\", \"text\": \"Tuatha D\u00e9 Danann (kmen bohyn\u011b Danu) je mytick\u00fd bo\u017esk\u00fd lid Irska. P\u0159i\u0161li po \u010dty\u0159ech p\u0159edchoz\u00edch generac\u00edch (Cessair, Partholon, Nemed, Firbolg) a p\u0159inesli s sebou \u010dty\u0159i magick\u00e9 poklady: me\u010d Nuad\u016fv, kop\u00ed Lughovo, kotl\u00edk Dagd\u016fv a Lia F\u00e1il (korunova\u010dn\u00ed k\u00e1men). Pozd\u011bji byli pora\u017eeni Mileziany (p\u0159edky dne\u0161n\u00edch Ir\u016f) a st\u00e1hli se do Jin\u00e9ho sv\u011bta (do s\u00eddhe, pahork\u016f), kde podle tradice \u017eij\u00ed jako v\u00edly a\u017e do sou\u010dasnosti.\"}}, {\"@type\": \"Question\", \"name\": \"Kdo byli druidov\u00e9?\", \"acceptedAnswer\": {\"@type\": \"Answer\", \"text\": \"Druidov\u00e9 byli kelt\u0161t\u00ed kn\u011b\u017e\u00ed, soudci, u\u010ditel\u00e9 a l\u00e9\u010ditel\u00e9, elitn\u00ed intelektu\u00e1ln\u00ed t\u0159\u00edda s dvacetilet\u00fdm vzd\u011bl\u00e1v\u00e1n\u00edm. V\u0161e p\u0159ed\u00e1vali \u00fastn\u011b, ani\u017e by zapisovali svat\u00e9 texty, proto po \u0159\u00edmsk\u00e9m a k\u0159es\u0165ansk\u00e9m dobyt\u00ed do\u0161lo k dramatick\u00e9 ztr\u00e1t\u011b pramen\u016f. Caesar uv\u00e1d\u00ed, \u017ee v\u011b\u0159ili ve st\u011bhov\u00e1n\u00ed du\u0161\u00ed. Dne\u0161n\u00ed druidismus, kter\u00fd zalo\u017eil Iolo Morganwg v roce 1792 jako vel\u0161sk\u00e9 bardstv\u00ed a kter\u00fd se pozd\u011bji roz\u0161\u00ed\u0159il mezin\u00e1rodn\u011b, je rekonstrukc\u00ed bez p\u0159\u00edm\u00e9 kontinuity.\"}}, {\"@type\": \"Question\", \"name\": \"Co znamenaj\u00ed Samhain, Imbolc, Beltane a Lughnasadh?\", \"acceptedAnswer\": {\"@type\": \"Answer\", \"text\": \"\u010cty\u0159i hlavn\u00ed keltsk\u00e9 sv\u00e1tky ozna\u010duj\u00ed zem\u011bd\u011blsk\u00e9 p\u0159echody: Samhain (1. listopadu), po\u010d\u00e1tek zimy a br\u00e1na do Jin\u00e9ho sv\u011bta, p\u016fvod Halloweenu; Imbolc (1. \u00fanora), po\u010d\u00e1tek jara a sv\u00e1tek Brigid; Beltane (1. kv\u011btna), po\u010d\u00e1tek l\u00e9ta, sv\u00e1tek Belenose s oh\u0148ov\u00fdmi ritu\u00e1ly; a Lughnasadh (1. srpna), po\u010d\u00e1tek sklizn\u011b s Lughov\u00fdmi hrami. Tato data le\u017e\u00ed zhruba \u0161est t\u00fddn\u016f p\u0159ed slunovraty a rovnodennostmi; keltsk\u00fd rok byl uspo\u0159\u00e1d\u00e1n odli\u0161n\u011b od \u0159\u00edmsk\u00e9ho.\"}}, {\"@type\": \"Question\", \"name\": \"Co odli\u0161uje keltsk\u00e9, galsk\u00e9 a vel\u0161sk\u00e9?\", \"acceptedAnswer\": {\"@type\": \"Answer\", \"text\": \"\u201eKeltsk\u00fd\\\" je pojem odkazuj\u00edc\u00ed na jazykovou skupinu: Irov\u00e9, Skotov\u00e9, Vel\u0161an\u00e9, Bretonci, Gala\u0165an\u00e9 a sta\u0159\u00ed Galov\u00e9 mluv\u00ed nebo mluvili p\u0159\u00edbuzn\u00fdmi jazyky. Obsahov\u011b se mytologie p\u0159ekr\u00fdvaj\u00ed, ale ka\u017ed\u00fd region m\u00e1 sv\u016fj vlastn\u00ed pantheon. Irsko-gaelsk\u00e1 tradice zn\u00e1 Tuatha D\u00e9 Danann (Dagda, Lugh, Morrigan, Brigid), vel\u0161sk\u00e1 bohy z Mabinogionu (Rhiannon, Pwyll, Math, Arianrhod), galsk\u00e1 (p\u0159ed\u0159\u00edmsk\u00e1 ve Francii) Belenose, Cernunna a Eponu, dnes zn\u00e1m\u00e9 jen fragment\u00e1rn\u011b z n\u00e1pis\u016f. Existence panceltstv\u00ed je v religionistice sporn\u00e1.\"}}]}<\/script>\t\t\t\t\t\t\t\t<\/div>\n\t\t\t\t<\/div>\n\t\t\t\t\t<\/div>\n\t\t\t\t<\/div>\n\t\t<div class=\"elementor-element elementor-element-178deea e-con-boxed e-flex e-con e-parent\" data-id=\"178deea\" data-element_type=\"container\" data-e-type=\"container\">\n\t\t\t\t\t<div class=\"e-con-inner\">\n\t\t\t\t<div class=\"elementor-element elementor-element-458e611 elementor-widget elementor-widget-heading\" data-id=\"458e611\" data-element_type=\"widget\" data-e-type=\"widget\" data-widget_type=\"heading.default\">\n\t\t\t\t\t<h2 class=\"elementor-heading-title elementor-size-default\">Podrobn\u011bji<\/h2>\t\t\t\t<\/div>\n\t\t\t\t<div class=\"elementor-element elementor-element-cc6fa0f elementor-widget elementor-widget-heading\" data-id=\"cc6fa0f\" data-element_type=\"widget\" data-e-type=\"widget\" data-widget_type=\"heading.default\">\n\t\t\t\t\t<h3 class=\"elementor-heading-title elementor-size-default\">Ostrovn\u00ed a kontinent\u00e1ln\u00ed Keltov\u00e9<\/h3>\t\t\t\t<\/div>\n\t\t<div class=\"elementor-element elementor-element-aj11-inner-0009 e-con-full e-flex e-con e-child\" data-id=\"aj11-inner-0009\" data-element_type=\"container\" data-e-type=\"container\">\n\t\t\t\t<div class=\"elementor-element elementor-element-f113f05 elementor-widget elementor-widget-text-editor\" data-id=\"f113f05\" data-element_type=\"widget\" data-e-type=\"widget\" data-widget_type=\"text-editor.default\">\n\t\t\t\t\t\t\t\t\t<p>Keltsk\u00e9 n\u00e1bo\u017eenstv\u00ed zahrnuje dva kulturn\u011b p\u0159\u00edbuzn\u00e9, ale velmi rozd\u00edln\u011b dochovan\u00e9 okruhy: ostrovn\u00ed Kelty (Irsko, Wales, Skotsko) a kontinent\u00e1ln\u00ed Kelty (Galie, Britannie, Galatie).<\/p><p>O kontinent\u00e1ln\u00edch Keltech m\u00e1me t\u00e9m\u011b\u0159 jen \u0159\u00edmsko-\u0159eck\u00e9 vn\u011bj\u0161\u00ed zpr\u00e1vy (Caesar, Strab\u00f3n, Lucanus) a epigrafick\u00e9 stopy. Ostrovn\u00ed Keltov\u00e9 sv\u00e9 m\u00fdty, Lebor Gab\u00e1la, Ulstersk\u00fd cyklus, Mabinogi, dochovali p\u00edsemn\u011b, zprost\u0159edkov\u00e1ny k\u0159es\u0165anstv\u00edm.<\/p>\t\t\t\t\t\t\t\t<\/div>\n\t\t\t\t<\/div>\n\t\t\t\t<div class=\"elementor-element elementor-element-6c4c201 elementor-widget elementor-widget-heading\" data-id=\"6c4c201\" data-element_type=\"widget\" data-e-type=\"widget\" data-widget_type=\"heading.default\">\n\t\t\t\t\t<h3 class=\"elementor-heading-title elementor-size-default\">Druidov\u00e9 a jejich moc<\/h3>\t\t\t\t<\/div>\n\t\t<div class=\"elementor-element elementor-element-bw-460bec3-48f99b5 e-flex e-con-boxed e-con e-parent\" data-id=\"bw-460bec3-48f99b5\" data-element_type=\"container\" data-e-type=\"container\" data-settings=\"{&quot;background_background&quot;:&quot;classic&quot;}\">\n\t\t\t\t\t<div class=\"e-con-inner\">\n\t\t\t\t<div class=\"elementor-element elementor-element-460bec3 elementor-widget elementor-widget-text-editor\" data-id=\"460bec3\" data-element_type=\"widget\" data-e-type=\"widget\" data-widget_type=\"text-editor.default\">\n\t\t\t\t\t\t\t\t\t<p>Druidov\u00e9 byli v keltsk\u00fdch spole\u010dnostech sou\u010dasn\u011b kn\u011b\u017e\u00edmi, soudci, u\u010diteli, l\u00e9\u010diteli a astronomy. Caesar uv\u00e1d\u00ed, \u017ee se vzd\u011bl\u00e1vali dvacet let a v\u0161e tradovali \u00fastn\u011b.<\/p><p>\u0158\u00edmsk\u00e9 dobyt\u00ed druidy v Galii systematicky potla\u010dilo; v Irsku p\u0159e\u017eili a\u017e do christianizace v 5. stolet\u00ed. Stav bard\u016f (filid) p\u0159evzal \u010d\u00e1st jejich funkc\u00ed.<\/p>\t\t\t\t\t\t\t\t<\/div>\n\t\t\t\t\t<\/div>\n\t\t\t\t<\/div>\n\t\t\t\t<div class=\"elementor-element elementor-element-62c7d18 elementor-widget elementor-widget-heading\" data-id=\"62c7d18\" data-element_type=\"widget\" data-e-type=\"widget\" data-widget_type=\"heading.default\">\n\t\t\t\t\t<h3 class=\"elementor-heading-title elementor-size-default\">Koncept Jin\u00e9ho sv\u011bta<\/h3>\t\t\t\t<\/div>\n\t\t<div class=\"elementor-element elementor-element-bw-bb1548a-e17aa76 e-flex e-con-boxed e-con e-parent\" data-id=\"bw-bb1548a-e17aa76\" data-element_type=\"container\" data-e-type=\"container\" data-settings=\"{&quot;background_background&quot;:&quot;classic&quot;}\">\n\t\t\t\t\t<div class=\"e-con-inner\">\n\t\t\t\t<div class=\"elementor-element elementor-element-bb1548a elementor-widget elementor-widget-text-editor\" data-id=\"bb1548a\" data-element_type=\"widget\" data-e-type=\"widget\" data-widget_type=\"text-editor.default\">\n\t\t\t\t\t\t\t\t\t<p>\u00dast\u0159edn\u00edm prvkem keltsk\u00e9ho sv\u011bton\u00e1zoru je Jin\u00fd sv\u011bt (T\u00edr na n\u00d3g, Annwn), nikoli posmrtn\u00fd \u017eivot v k\u0159es\u0165ansk\u00e9m smyslu, ale paraleln\u00ed prostor skute\u010dnosti, kter\u00fd se na ur\u010dit\u00fdch m\u00edstech a v ur\u010dit\u00fdch \u010dasech (Samhain, Beltane) st\u00e1v\u00e1 pr\u016fchodn\u00fdm.<\/p><p>S\u00eddhe, bytosti kopcov\u00e9ho lidu, v n\u011bm s\u00eddl\u00ed a setk\u00e1vaj\u00ed se s lidmi mezi vst\u0159\u00edcnost\u00ed a nebezpe\u010d\u00edm.<\/p>\t\t\t\t\t\t\t\t<\/div>\n\t\t\t\t\t<\/div>\n\t\t\t\t<\/div>\n\t\t\t\t<div class=\"elementor-element elementor-element-9ba661e elementor-widget elementor-widget-heading\" data-id=\"9ba661e\" data-element_type=\"widget\" data-e-type=\"widget\" data-widget_type=\"heading.default\">\n\t\t\t\t\t<h3 class=\"elementor-heading-title elementor-size-default\">Renesance a neopaganismus<\/h3>\t\t\t\t<\/div>\n\t\t<div class=\"elementor-element elementor-element-bw-c5aa179-f455a4f e-flex e-con-boxed e-con e-parent\" data-id=\"bw-c5aa179-f455a4f\" data-element_type=\"container\" data-e-type=\"container\" data-settings=\"{&quot;background_background&quot;:&quot;classic&quot;}\">\n\t\t\t\t\t<div class=\"e-con-inner\">\n\t\t\t\t<div class=\"elementor-element elementor-element-c5aa179 elementor-widget elementor-widget-text-editor\" data-id=\"c5aa179\" data-element_type=\"widget\" data-e-type=\"widget\" data-widget_type=\"text-editor.default\">\n\t\t\t\t\t\t\t\t\t<footer class=\"iwg-literatur\"><p>V 18. a 19. stolet\u00ed bylo keltsk\u00e9 n\u00e1bo\u017eenstv\u00ed znovu vynalezeno, od Iola Morganwga, kter\u00fd zkonstruoval falzifikovan\u00e9 druidsk\u00e9 ritu\u00e1ly, a\u017e k W. B. Yeatsovi a irsk\u00e9 liter\u00e1rn\u00ed renesanci.<\/p><p>Modern\u00ed novodruidsk\u00e9 hnut\u00ed a proud wiccy \u010derpaj\u00ed z t\u00e9to druh\u00e9, romantick\u00e9 vrstvy. Na iWell Guard p\u0159\u00edsn\u011b rozli\u0161ujeme mezi historicky dolo\u017een\u00fdm keltsk\u00fdm materi\u00e1lem a jeho romantickou recepc\u00ed.<\/p><h3>Stav v\u00fdzkumu<\/h3><p><span data-nosnippet>Keltsk\u00e9 n\u00e1bo\u017eenstv\u00ed je metodicky obt\u00ed\u017en\u00e9 zkoumat, proto\u017ee p\u00edsemn\u00e9 prameny byly seps\u00e1ny a\u017e po christianizaci. Standardn\u00edmi d\u00edly jsou Miranda Green (<em>The Celtic World<\/em>, 1995) a Bernhard Maier (<em>Die Religion der Kelten<\/em>, 2001).<\/span><\/p><p>Kritick\u00e9 zpracov\u00e1n\u00ed modern\u00ed \u201ekeltsk\u00e9 renesance&#8220; a jej\u00ed v\u011bdeck\u00e9 legitimity poskytuje Marion Bowman v n\u011bkolika p\u0159\u00edsp\u011bvc\u00edch k modern\u00edm podob\u00e1m keltstv\u00ed.<\/p><div data-nosnippet=\"true\" class=\"iwg-litliste\"><\/div><\/footer>\n<p class=\"iwg-bib-more\"><span data-nosnippet>Dal\u0161\u00ed standardn\u00ed d\u00edla v <a href=\"https:\/\/iwell-guard.com\/cs\/?page_id=145257\">seznamu literatury<\/a>.<\/span><\/p>\t\t\t\t\t\t\t\t<\/div>\n\t\t\t\t\t<\/div>\n\t\t\t\t<\/div>\n\t\t\t\t\t<\/div>\n\t\t\t\t<\/div>\n\t\t<div class=\"elementor-element elementor-element-iwgcc-keltisch-sec e-flex e-con-boxed e-con e-parent\" data-id=\"iwgcc-keltisch-sec\" data-element_type=\"container\" data-e-type=\"container\" id=\"iwg-cc-keltisch\">\n\t\t\t\t\t<div class=\"e-con-inner\">\n\t\t<div class=\"elementor-element elementor-element-iwgcc-keltisch-inner e-flex e-con-boxed e-con e-parent\" data-id=\"iwgcc-keltisch-inner\" data-element_type=\"container\" data-e-type=\"container\" data-settings=\"{&quot;background_background&quot;:&quot;classic&quot;}\">\n\t\t\t\t\t<div class=\"e-con-inner\">\n\t\t\t\t<div class=\"elementor-element elementor-element-iwgcc-keltisch-h elementor-widget elementor-widget-heading\" data-id=\"iwgcc-keltisch-h\" data-element_type=\"widget\" data-e-type=\"widget\" data-widget_type=\"heading.default\">\n\t\t\t\t\t<h2 class=\"elementor-heading-title elementor-size-default\">Ochrann\u00e9 p\u0159edm\u011bty v t\u00e9to kulturn\u00ed tradici<\/h2>\t\t\t\t<\/div>\n\t\t\t\t<div class=\"elementor-element elementor-element-iwgcc-keltisch-t elementor-widget elementor-widget-text-editor\" data-id=\"iwgcc-keltisch-t\" data-element_type=\"widget\" data-e-type=\"widget\" data-widget_type=\"text-editor.default\">\n\t\t\t\t\t\t\t\t\t<p>Keltsk\u00e1 ochrann\u00e1 praxe znala triskely, uzlov\u00e9 p\u0159\u00edv\u011bsky a druidsk\u00e9 amulety; bronzov\u00e9 a zlat\u00e9 p\u0159edm\u011bty se zv\u00ed\u0159ec\u00ed a spir\u00e1lovou ornamentikou doprov\u00e1zely v\u00e1le\u010dn\u00edky a poutn\u00edky.<\/p><div data-nosnippet=\"true\"><p>iWell Guard navazuje na tuto kulturn\u011b-historickou linii nositeln\u00fdch ochrann\u00fdch p\u0159edm\u011bt\u016f v sou\u010dasn\u00e9 materi\u00e1lov\u00e9 architektu\u0159e, vyr\u00e1b\u011bno v N\u011bmecku. 41 vrstev, ryz\u00ed zlato, platina, st\u0159\u00edbro. 30denn\u00ed pr\u00e1vo na vr\u00e1cen\u00ed.<\/p><\/div>\t\t\t\t\t\t\t\t<\/div>\n\t\t\t\t<div class=\"elementor-element elementor-element-iwgcc-keltisch-b iwg-cc-button iwg-cc-cta-2026-05-13 elementor-widget elementor-widget-jet-button\" data-id=\"iwgcc-keltisch-b\" data-element_type=\"widget\" data-e-type=\"widget\" data-widget_type=\"jet-button.default\">\n\t\t\t\t<div class=\"elementor-widget-container\">\n\t\t\t\t\t<div class=\"elementor-jet-button jet-elements\"><div class=\"jet-button__container\"><a class=\"jet-button__instance jet-button__instance--icon-left hover-effect-1\" href=\"\/ueber-iwell-guard\/?utm_source=iwell-guard.com&amp;utm_medium=info-box&amp;utm_campaign=kultur-tradition\"><div class=\"jet-button__plane jet-button__plane-normal\"><\/div><div class=\"jet-button__plane jet-button__plane-hover\"><\/div><div class=\"jet-button__state jet-button__state-normal\"><span class=\"jet-button__label\">V\u00edce o iWell Guard<\/span><\/div><div class=\"jet-button__state jet-button__state-hover\"><span class=\"jet-button__label\">V\u00edce o iWell Guard<\/span><\/div><\/a><\/div><\/div><style>.elementor-element.elementor-element-iwgcc-keltisch-b .jet-button__instance{width:320px;height:56px;}.elementor-element.elementor-element-iwgcc-keltisch-b .jet-button__state-normal .jet-button__label{text-align:center;margin:0px 0px 0px 0px;color:#1a1b20;font-family:Montserrat,sans-serif;font-size:13px;font-weight:400;letter-spacing:4px;line-height:1.714em;text-transform:uppercase;}.elementor-element.elementor-element-iwgcc-keltisch-b .jet-button__state-hover .jet-button__label{text-align:center;margin:0px 0px 0px 0px;color:#FECC76;font-family:Montserrat,sans-serif;font-size:13px;font-weight:400;letter-spacing:4px;line-height:1.714em;text-transform:uppercase;}.elementor-element.elementor-element-iwgcc-keltisch-b .jet-button__plane-normal{background-color:#FECC76;border-style:solid;border-color:#C99540;border-width:2px 2px 2px 2px;}.elementor-element.elementor-element-iwgcc-keltisch-b .jet-button__plane-hover{background-color:rgba(0,0,0,0.55);border-style:solid;border-color:#FECC76;border-width:2px 2px 2px 2px;}<\/style>\t\t\t\t<\/div>\n\t\t\t\t<\/div>\n\t\t\t\t<div class=\"elementor-element elementor-element-iwgcc-keltisch-d elementor-widget elementor-widget-text-editor\" data-id=\"iwgcc-keltisch-d\" data-element_type=\"widget\" data-e-type=\"widget\" data-widget_type=\"text-editor.default\">\n\t\t\t\t\t\t\t\t\t<div data-nosnippet=\"true\"><p style=\"text-align:center;font-size:13px;opacity:0.7;margin-top:14px\" data-nosnippet=\"true\">Osobn\u00ed zku\u0161enosti se mohou li\u0161it. Nejedn\u00e1 se o zdravotnick\u00fd prost\u0159edek. Nen\u00ed slibem l\u00e9\u010div\u00e9ho \u00fa\u010dinku.<\/p><\/div>\t\t\t\t\t\t\t\t<\/div>\n\t\t\t\t\t<\/div>\n\t\t\t\t<\/div>\n\t\t\t\t\t<\/div>\n\t\t\t\t<\/div>\n\t\t<div class=\"elementor-element elementor-element-iwgkw2-add-keltisch e-flex e-con-boxed e-con e-parent\" data-id=\"iwgkw2-add-keltisch\" data-element_type=\"container\" data-e-type=\"container\">\n\t\t\t\t\t<div class=\"e-con-inner\">\n\t\t\t\t<div class=\"elementor-element elementor-element-iwgkw2-add-keltisch-t elementor-widget elementor-widget-text-editor\" data-id=\"iwgkw2-add-keltisch-t\" data-element_type=\"widget\" data-e-type=\"widget\" data-widget_type=\"text-editor.default\">\n\t\t\t\t\t\t\t\t\t<p>Keltsk\u00e1 <strong><span class=\"iwg-fachbegriff\" data-tooltip=\"Souhrn tradovan\u00fdch vypr\u00e1v\u011bn\u00ed o boz\u00edch ur\u010dit\u00e9 kultury.\" tabindex=\"0\">mytologie<\/span><\/strong> nen\u00ed dochov\u00e1na v jednotn\u00e9m korpusu, ale mus\u00ed b\u00fdt rekonstruov\u00e1na z ostrovn\u011b keltsk\u00fdch vypr\u00e1v\u011bc\u00edch cykl\u016f, kontinent\u00e1ln\u011b keltsk\u00fdch n\u00e1pis\u016f a \u0159\u00edmsk\u00fdch zpr\u00e1v.<\/p>\t\t\t\t\t\t\t\t<\/div>\n\t\t\t\t\t<\/div>\n\t\t\t\t<\/div>\n\t\t<div class=\"elementor-element elementor-element-iwgssrev-keltisch e-flex e-con-boxed e-con e-parent\" data-id=\"iwgssrev-keltisch\" data-element_type=\"container\" data-e-type=\"container\">\n\t\t\t\t\t<div class=\"e-con-inner\">\n\t\t\t\t<div class=\"elementor-element elementor-element-iwgssrev-keltisch-h elementor-widget elementor-widget-heading\" data-id=\"iwgssrev-keltisch-h\" data-element_type=\"widget\" data-e-type=\"widget\" data-widget_type=\"heading.default\">\n\t\t\t\t\t<h2 class=\"elementor-heading-title elementor-size-default\">Ochrann\u00e9 symboly z keltsk\u00e9ho sv\u011bta<\/h2>\t\t\t\t<\/div>\n\t\t\t\t<div class=\"elementor-element elementor-element-iwgssrev-keltisch-t elementor-widget elementor-widget-text-editor\" data-id=\"iwgssrev-keltisch-t\" data-element_type=\"widget\" data-e-type=\"widget\" data-widget_type=\"text-editor.default\">\n\t\t\t\t\t\t\t\t\t<p>Lexikon ochrann\u00fdch symbol\u016f se v\u011bnuje n\u011bkolika znak\u016fm a p\u0159edm\u011bt\u016fm z keltsk\u00e9ho sv\u011bta na samostatn\u00fdch str\u00e1nk\u00e1ch: <a href=\"https:\/\/iwell-guard.com\/cs\/?page_id=145701\">Awen<\/a>, <a href=\"https:\/\/iwell-guard.com\/cs\/?page_id=145700\">Brigidin k\u0159\u00ed\u017e<\/a>, <a href=\"https:\/\/iwell-guard.com\/cs\/?page_id=145740\">Keltsk\u00fd uzel<\/a>, <a href=\"https:\/\/iwell-guard.com\/cs\/?page_id=145668\">Keltsk\u00fd k\u0159\u00ed\u017e<\/a>, <a href=\"https:\/\/iwell-guard.com\/cs\/?page_id=145667\">Triquetra<\/a> a <a href=\"https:\/\/iwell-guard.com\/cs\/?page_id=145702\">Triskele<\/a>. Kulturn\u011b p\u0159esahuj\u00edc\u00ed p\u0159ehled nab\u00edz\u00ed str\u00e1nka o <a href=\"https:\/\/iwell-guard.com\/cs\/?page_id=145429\">ochrann\u00fdch symbolech<\/a>.<\/p>\t\t\t\t\t\t\t\t<\/div>\n\t\t\t\t\t<\/div>\n\t\t\t\t<\/div>\n\t\t\t\t<\/div>\n\t\t","protected":false},"excerpt":{"rendered":"","protected":false},"author":3,"featured_media":1614,"parent":0,"menu_order":0,"comment_status":"closed","ping_status":"closed","template":"elementor_header_footer","meta":{"_yoast_wpseo_focuskw":"kelt\u0161t\u00ed bohov\u00e9","_yoast_wpseo_title":"Kelt\u0161t\u00ed bohov\u00e9 \u2013 Tuatha D\u00e9 Danann, druidov\u00e9 | iWell Guard","_yoast_wpseo_metadesc":"Bohov\u00e9 Kelt\u016f: Dagda, Lugh, Morrigan, Brigid, Cernunnos, Manann\u00e1n. Mytologie Irska, Walesu a Galie, druidsk\u00e9 tradice.","_yoast_wpseo_meta-robots-noindex":"","_yoast_wpseo_canonical":"","_angie_page":false,"gefaehrdungsstufe":"","wesen_kultur":"","wesen_klasse":"","footnotes":""},"categories":[],"class_list":["post-145142","page","type-page","status-publish","has-post-thumbnail","hentry"],"yoast_head":"<!-- This site is optimized with the Yoast SEO Premium plugin v27.7 (Yoast SEO v28.3) - https:\/\/yoast.com\/product\/yoast-seo-premium-wordpress\/ -->\n<title>Kelt\u0161t\u00ed bohov\u00e9 \u2013 Tuatha D\u00e9 Danann, druidov\u00e9 | iWell Guard<\/title>\n<meta name=\"description\" content=\"Bohov\u00e9 Kelt\u016f: Dagda, Lugh, Morrigan, Brigid, Cernunnos, Manann\u00e1n. Mytologie Irska, Walesu a Galie, druidsk\u00e9 tradice.\" \/>\n<meta name=\"robots\" content=\"index, follow, max-snippet:-1, max-image-preview:large, max-video-preview:-1\" \/>\n<link rel=\"canonical\" href=\"https:\/\/iwell-guard.com\/cs\/keltska\/\" \/>\n<meta property=\"og:locale\" content=\"cs_CZ\" \/>\n<meta property=\"og:type\" content=\"article\" \/>\n<meta property=\"og:title\" content=\"Keltsk\u00e1\" \/>\n<meta property=\"og:description\" content=\"Bohov\u00e9 Kelt\u016f: Dagda, Lugh, Morrigan, Brigid, Cernunnos, Manann\u00e1n. Mytologie Irska, Walesu a Galie, druidsk\u00e9 tradice.\" \/>\n<meta property=\"og:url\" content=\"https:\/\/iwell-guard.com\/cs\/keltska\/\" \/>\n<meta property=\"og:site_name\" content=\"iWell Guard\" \/>\n<meta property=\"article:modified_time\" content=\"2026-09-03T16:47:59+00:00\" \/>\n<meta property=\"og:image\" content=\"https:\/\/iwell-guard.com\/wp-content\/uploads\/2026\/04\/goetter_keltisch_cailleach.webp\" \/>\n\t<meta property=\"og:image:width\" content=\"1024\" \/>\n\t<meta property=\"og:image:height\" content=\"1536\" \/>\n\t<meta property=\"og:image:type\" content=\"image\/webp\" \/>\n<meta name=\"twitter:card\" content=\"summary_large_image\" \/>\n<script type=\"application\/ld+json\" class=\"yoast-schema-graph\">{\"@context\":\"https:\\\/\\\/schema.org\",\"@graph\":[{\"@type\":\"WebPage\",\"@id\":\"https:\\\/\\\/iwell-guard.com\\\/cs\\\/keltska\\\/\",\"url\":\"https:\\\/\\\/iwell-guard.com\\\/cs\\\/keltska\\\/\",\"name\":\"Kelt\u0161t\u00ed bohov\u00e9 \u2013 Tuatha D\u00e9 Danann, druidov\u00e9 | iWell Guard\",\"isPartOf\":{\"@id\":\"https:\\\/\\\/iwell-guard.com\\\/cs\\\/#website\"},\"primaryImageOfPage\":{\"@id\":\"https:\\\/\\\/iwell-guard.com\\\/cs\\\/keltska\\\/#primaryimage\"},\"image\":{\"@id\":\"https:\\\/\\\/iwell-guard.com\\\/cs\\\/keltska\\\/#primaryimage\"},\"thumbnailUrl\":\"https:\\\/\\\/iwell-guard.com\\\/wp-content\\\/uploads\\\/2026\\\/04\\\/goetter_keltisch_cailleach.webp\",\"datePublished\":\"2026-09-03T16:27:28+00:00\",\"dateModified\":\"2026-09-03T16:47:59+00:00\",\"description\":\"Bohov\u00e9 Kelt\u016f: Dagda, Lugh, Morrigan, Brigid, Cernunnos, Manann\u00e1n. Mytologie Irska, Walesu a Galie, druidsk\u00e9 tradice.\",\"breadcrumb\":{\"@id\":\"https:\\\/\\\/iwell-guard.com\\\/cs\\\/keltska\\\/#breadcrumb\"},\"inLanguage\":\"cs\",\"potentialAction\":[{\"@type\":\"ReadAction\",\"target\":[\"https:\\\/\\\/iwell-guard.com\\\/cs\\\/keltska\\\/\"]}]},{\"@type\":\"ImageObject\",\"inLanguage\":\"cs\",\"@id\":\"https:\\\/\\\/iwell-guard.com\\\/cs\\\/keltska\\\/#primaryimage\",\"url\":\"https:\\\/\\\/iwell-guard.com\\\/wp-content\\\/uploads\\\/2026\\\/04\\\/goetter_keltisch_cailleach.webp\",\"contentUrl\":\"https:\\\/\\\/iwell-guard.com\\\/wp-content\\\/uploads\\\/2026\\\/04\\\/goetter_keltisch_cailleach.webp\",\"width\":1024,\"height\":1536,\"caption\":\"Bohov\u00e9 z keltsk\u00e9 tradice.\"},{\"@type\":\"BreadcrumbList\",\"@id\":\"https:\\\/\\\/iwell-guard.com\\\/cs\\\/keltska\\\/#breadcrumb\",\"itemListElement\":[{\"@type\":\"ListItem\",\"position\":1,\"name\":\"Start\",\"item\":\"https:\\\/\\\/iwell-guard.com\\\/cs\\\/?page_id=145107\"},{\"@type\":\"ListItem\",\"position\":2,\"name\":\"Keltsk\u00e1\"}]},{\"@type\":\"WebSite\",\"@id\":\"https:\\\/\\\/iwell-guard.com\\\/cs\\\/#website\",\"url\":\"https:\\\/\\\/iwell-guard.com\\\/cs\\\/\",\"name\":\"iWell Guard\",\"description\":\"Schutz vor dunklen Einfl\u00fcssen\",\"publisher\":{\"@id\":\"https:\\\/\\\/iwell-guard.com\\\/cs\\\/#organization\"},\"potentialAction\":[{\"@type\":\"SearchAction\",\"target\":{\"@type\":\"EntryPoint\",\"urlTemplate\":\"https:\\\/\\\/iwell-guard.com\\\/cs\\\/?s={search_term_string}\"},\"query-input\":{\"@type\":\"PropertyValueSpecification\",\"valueRequired\":true,\"valueName\":\"search_term_string\"}}],\"inLanguage\":\"cs\"},{\"@type\":\"Organization\",\"@id\":\"https:\\\/\\\/iwell-guard.com\\\/cs\\\/#organization\",\"name\":\"Ittermann electronic GmbH\",\"url\":\"https:\\\/\\\/iwell-guard.com\\\/cs\\\/\",\"logo\":{\"@type\":\"ImageObject\",\"inLanguage\":\"cs\",\"@id\":\"https:\\\/\\\/iwell-guard.com\\\/cs\\\/#\\\/schema\\\/logo\\\/image\\\/\",\"url\":\"https:\\\/\\\/iwell-guard.com\\\/wp-content\\\/uploads\\\/2026\\\/05\\\/Ittermann-Logo-1182x237-1.png\",\"contentUrl\":\"https:\\\/\\\/iwell-guard.com\\\/wp-content\\\/uploads\\\/2026\\\/05\\\/Ittermann-Logo-1182x237-1.png\",\"width\":1182,\"height\":237,\"caption\":\"Ittermann electronic GmbH\"},\"image\":{\"@id\":\"https:\\\/\\\/iwell-guard.com\\\/cs\\\/#\\\/schema\\\/logo\\\/image\\\/\"},\"sameAs\":[\"https:\\\/\\\/pantip.com\\\/profile\\\/9367242\",\"https:\\\/\\\/micro.blog\\\/iwellguard\",\"https:\\\/\\\/www.diggerslist.com\\\/iwellguard\\\/about\",\"https:\\\/\\\/skitterphoto.com\\\/photographers\\\/2870314\\\/iwell-guard\",\"https:\\\/\\\/iwellguard.wordpress.com\\\/2026\\\/06\\\/06\\\/iwell-guard\\\/\",\"https:\\\/\\\/hub.docker.com\\\/u\\\/iwellguard\",\"https:\\\/\\\/www.pinterest.com\\\/iwellguard\\\/\",\"https:\\\/\\\/bit.ly\\\/m\\\/iwellguard\",\"https:\\\/\\\/entre-vos-mains.alsace.eu\\\/profiles\\\/iwellguard\\\/activity\",\"https:\\\/\\\/gravatar.com\\\/reallybeded8fd34\",\"https:\\\/\\\/naijamatta.com\\\/iwellguard\",\"https:\\\/\\\/www.goodreads.com\\\/iwellguard\",\"https:\\\/\\\/profile.hatena.ne.jp\\\/iwellguard\\\/\",\"https:\\\/\\\/experiment.com\\\/users\\\/iwellguard\",\"https:\\\/\\\/wakelet.com\\\/@iWellGuard82270\",\"https:\\\/\\\/www.chordie.com\\\/forum\\\/profile.php?id=2555664\",\"https:\\\/\\\/www.instapaper.com\\\/p\\\/17757966\",\"https:\\\/\\\/www.mapleprimes.com\\\/users\\\/iwellguard\",\"https:\\\/\\\/businesslistingplus.com\\\/profile\\\/iwell-guard\\\/\",\"https:\\\/\\\/telegra.ph\\\/iWell-Guard-06-06\",\"https:\\\/\\\/pbase.com\\\/iwellguard\\\/iwellguard\",\"https:\\\/\\\/b.hatena.ne.jp\\\/iwellguard\\\/20260607#bookmark-4788405196491818882\",\"https:\\\/\\\/fliphtml5.com\\\/home\\\/iwellguard\",\"https:\\\/\\\/anyflip.com\\\/homepage\\\/cmiwl#About\",\"https:\\\/\\\/transfur.com\\\/Users\\\/iwellguard\",\"http:\\\/\\\/delphi.larsbo.org\\\/user\\\/iwellguard\",\"https:\\\/\\\/jobs.lajobsportal.org\\\/profiles\\\/8380803-iwell-guard\",\"https:\\\/\\\/md.chaosdorf.de\\\/s\\\/jfbe5SBdJD\",\"https:\\\/\\\/www.lingvolive.com\\\/en-us\\\/profile\\\/9ecaeaca-ce11-4e51-9e71-01d55e2bff36\\\/translations\",\"https:\\\/\\\/www.fitday.com\\\/fitness\\\/forums\\\/members\\\/iwellguard.html\",\"https:\\\/\\\/www.mymeetbook.com\\\/iwellguard\",\"https:\\\/\\\/pxhere.com\\\/en\\\/photographer-me\\\/5040798\",\"https:\\\/\\\/disqus.com\\\/by\\\/iwellguard\\\/about\\\/\",\"https:\\\/\\\/pastelink.net\\\/hjwciqwq\",\"https:\\\/\\\/pubhtml5.com\\\/homepage\\\/scjhn\\\/\",\"https:\\\/\\\/www.bitchute.com\\\/channel\\\/2O2eOKzNqujT\",\"https:\\\/\\\/audiomack.com\\\/iwellguard\"]}]}<\/script>\n<!-- \/ Yoast SEO Premium plugin. -->","yoast_head_json":{"title":"Kelt\u0161t\u00ed bohov\u00e9 \u2013 Tuatha D\u00e9 Danann, druidov\u00e9 | iWell Guard","description":"Bohov\u00e9 Kelt\u016f: Dagda, Lugh, Morrigan, Brigid, Cernunnos, Manann\u00e1n. Mytologie Irska, Walesu a Galie, druidsk\u00e9 tradice.","robots":{"index":"index","follow":"follow","max-snippet":"max-snippet:-1","max-image-preview":"max-image-preview:large","max-video-preview":"max-video-preview:-1"},"canonical":"https:\/\/iwell-guard.com\/cs\/keltska\/","og_locale":"cs_CZ","og_type":"article","og_title":"Keltsk\u00e1","og_description":"Bohov\u00e9 Kelt\u016f: Dagda, Lugh, Morrigan, Brigid, Cernunnos, Manann\u00e1n. Mytologie Irska, Walesu a Galie, druidsk\u00e9 tradice.","og_url":"https:\/\/iwell-guard.com\/cs\/keltska\/","og_site_name":"iWell Guard","article_modified_time":"2026-09-03T16:47:59+00:00","og_image":[{"width":1024,"height":1536,"url":"https:\/\/iwell-guard.com\/wp-content\/uploads\/2026\/04\/goetter_keltisch_cailleach.webp","type":"image\/webp"}],"twitter_card":"summary_large_image","schema":{"@context":"https:\/\/schema.org","@graph":[{"@type":"WebPage","@id":"https:\/\/iwell-guard.com\/cs\/keltska\/","url":"https:\/\/iwell-guard.com\/cs\/keltska\/","name":"Kelt\u0161t\u00ed bohov\u00e9 \u2013 Tuatha D\u00e9 Danann, druidov\u00e9 | iWell Guard","isPartOf":{"@id":"https:\/\/iwell-guard.com\/cs\/#website"},"primaryImageOfPage":{"@id":"https:\/\/iwell-guard.com\/cs\/keltska\/#primaryimage"},"image":{"@id":"https:\/\/iwell-guard.com\/cs\/keltska\/#primaryimage"},"thumbnailUrl":"https:\/\/iwell-guard.com\/wp-content\/uploads\/2026\/04\/goetter_keltisch_cailleach.webp","datePublished":"2026-09-03T16:27:28+00:00","dateModified":"2026-09-03T16:47:59+00:00","description":"Bohov\u00e9 Kelt\u016f: Dagda, Lugh, Morrigan, Brigid, Cernunnos, Manann\u00e1n. Mytologie Irska, Walesu a Galie, druidsk\u00e9 tradice.","breadcrumb":{"@id":"https:\/\/iwell-guard.com\/cs\/keltska\/#breadcrumb"},"inLanguage":"cs","potentialAction":[{"@type":"ReadAction","target":["https:\/\/iwell-guard.com\/cs\/keltska\/"]}]},{"@type":"ImageObject","inLanguage":"cs","@id":"https:\/\/iwell-guard.com\/cs\/keltska\/#primaryimage","url":"https:\/\/iwell-guard.com\/wp-content\/uploads\/2026\/04\/goetter_keltisch_cailleach.webp","contentUrl":"https:\/\/iwell-guard.com\/wp-content\/uploads\/2026\/04\/goetter_keltisch_cailleach.webp","width":1024,"height":1536,"caption":"Bohov\u00e9 z keltsk\u00e9 tradice."},{"@type":"BreadcrumbList","@id":"https:\/\/iwell-guard.com\/cs\/keltska\/#breadcrumb","itemListElement":[{"@type":"ListItem","position":1,"name":"Start","item":"https:\/\/iwell-guard.com\/cs\/?page_id=145107"},{"@type":"ListItem","position":2,"name":"Keltsk\u00e1"}]},{"@type":"WebSite","@id":"https:\/\/iwell-guard.com\/cs\/#website","url":"https:\/\/iwell-guard.com\/cs\/","name":"iWell Guard","description":"Schutz vor dunklen Einfl\u00fcssen","publisher":{"@id":"https:\/\/iwell-guard.com\/cs\/#organization"},"potentialAction":[{"@type":"SearchAction","target":{"@type":"EntryPoint","urlTemplate":"https:\/\/iwell-guard.com\/cs\/?s={search_term_string}"},"query-input":{"@type":"PropertyValueSpecification","valueRequired":true,"valueName":"search_term_string"}}],"inLanguage":"cs"},{"@type":"Organization","@id":"https:\/\/iwell-guard.com\/cs\/#organization","name":"Ittermann electronic GmbH","url":"https:\/\/iwell-guard.com\/cs\/","logo":{"@type":"ImageObject","inLanguage":"cs","@id":"https:\/\/iwell-guard.com\/cs\/#\/schema\/logo\/image\/","url":"https:\/\/iwell-guard.com\/wp-content\/uploads\/2026\/05\/Ittermann-Logo-1182x237-1.png","contentUrl":"https:\/\/iwell-guard.com\/wp-content\/uploads\/2026\/05\/Ittermann-Logo-1182x237-1.png","width":1182,"height":237,"caption":"Ittermann electronic GmbH"},"image":{"@id":"https:\/\/iwell-guard.com\/cs\/#\/schema\/logo\/image\/"},"sameAs":["https:\/\/pantip.com\/profile\/9367242","https:\/\/micro.blog\/iwellguard","https:\/\/www.diggerslist.com\/iwellguard\/about","https:\/\/skitterphoto.com\/photographers\/2870314\/iwell-guard","https:\/\/iwellguard.wordpress.com\/2026\/06\/06\/iwell-guard\/","https:\/\/hub.docker.com\/u\/iwellguard","https:\/\/www.pinterest.com\/iwellguard\/","https:\/\/bit.ly\/m\/iwellguard","https:\/\/entre-vos-mains.alsace.eu\/profiles\/iwellguard\/activity","https:\/\/gravatar.com\/reallybeded8fd34","https:\/\/naijamatta.com\/iwellguard","https:\/\/www.goodreads.com\/iwellguard","https:\/\/profile.hatena.ne.jp\/iwellguard\/","https:\/\/experiment.com\/users\/iwellguard","https:\/\/wakelet.com\/@iWellGuard82270","https:\/\/www.chordie.com\/forum\/profile.php?id=2555664","https:\/\/www.instapaper.com\/p\/17757966","https:\/\/www.mapleprimes.com\/users\/iwellguard","https:\/\/businesslistingplus.com\/profile\/iwell-guard\/","https:\/\/telegra.ph\/iWell-Guard-06-06","https:\/\/pbase.com\/iwellguard\/iwellguard","https:\/\/b.hatena.ne.jp\/iwellguard\/20260607#bookmark-4788405196491818882","https:\/\/fliphtml5.com\/home\/iwellguard","https:\/\/anyflip.com\/homepage\/cmiwl#About","https:\/\/transfur.com\/Users\/iwellguard","http:\/\/delphi.larsbo.org\/user\/iwellguard","https:\/\/jobs.lajobsportal.org\/profiles\/8380803-iwell-guard","https:\/\/md.chaosdorf.de\/s\/jfbe5SBdJD","https:\/\/www.lingvolive.com\/en-us\/profile\/9ecaeaca-ce11-4e51-9e71-01d55e2bff36\/translations","https:\/\/www.fitday.com\/fitness\/forums\/members\/iwellguard.html","https:\/\/www.mymeetbook.com\/iwellguard","https:\/\/pxhere.com\/en\/photographer-me\/5040798","https:\/\/disqus.com\/by\/iwellguard\/about\/","https:\/\/pastelink.net\/hjwciqwq","https:\/\/pubhtml5.com\/homepage\/scjhn\/","https:\/\/www.bitchute.com\/channel\/2O2eOKzNqujT","https:\/\/audiomack.com\/iwellguard"]}]}},"_links":{"self":[{"href":"https:\/\/iwell-guard.com\/cs\/wp-json\/wp\/v2\/pages\/145142","targetHints":{"allow":["GET"]}}],"collection":[{"href":"https:\/\/iwell-guard.com\/cs\/wp-json\/wp\/v2\/pages"}],"about":[{"href":"https:\/\/iwell-guard.com\/cs\/wp-json\/wp\/v2\/types\/page"}],"author":[{"embeddable":true,"href":"https:\/\/iwell-guard.com\/cs\/wp-json\/wp\/v2\/users\/3"}],"replies":[{"embeddable":true,"href":"https:\/\/iwell-guard.com\/cs\/wp-json\/wp\/v2\/comments?post=145142"}],"version-history":[{"count":0,"href":"https:\/\/iwell-guard.com\/cs\/wp-json\/wp\/v2\/pages\/145142\/revisions"}],"wp:featuredmedia":[{"embeddable":true,"href":"https:\/\/iwell-guard.com\/cs\/wp-json\/wp\/v2\/media\/1614"}],"wp:attachment":[{"href":"https:\/\/iwell-guard.com\/cs\/wp-json\/wp\/v2\/media?parent=145142"}],"wp:term":[{"taxonomy":"category","embeddable":true,"href":"https:\/\/iwell-guard.com\/cs\/wp-json\/wp\/v2\/categories?post=145142"}],"curies":[{"name":"wp","href":"https:\/\/api.w.org\/{rel}","templated":true}]}}