{"id":145141,"date":"2026-09-03T16:27:28","date_gmt":"2026-09-03T16:27:28","guid":{"rendered":"https:\/\/iwell-guard.com\/?page_id=145141"},"modified":"2026-09-03T16:47:55","modified_gmt":"2026-09-03T16:47:55","slug":"germansky","status":"publish","type":"page","link":"https:\/\/iwell-guard.com\/cs\/germansky\/","title":{"rendered":"Germ\u00e1nsk\u00fd"},"content":{"rendered":"\t\t<div data-elementor-type=\"wp-page\" data-elementor-id=\"145141\" class=\"elementor elementor-145141 elementor-1015\" data-elementor-post-type=\"page\">\n\t\t\t\t<div class=\"elementor-element elementor-element-k-hero-rebuilt-german iwg-kultur-hero e-flex e-con-boxed e-con e-parent\" data-id=\"k-hero-rebuilt-german\" data-element_type=\"container\" data-e-type=\"container\">\n\t\t\t\t\t<div class=\"e-con-inner\">\n\t\t<div class=\"elementor-element elementor-element-khleft-german iwg-kultur-hero-left e-flex e-con-boxed e-con e-child\" data-id=\"khleft-german\" data-element_type=\"container\" data-e-type=\"container\">\n\t\t\t\t\t<div class=\"e-con-inner\">\n\t\t\t\t<div class=\"elementor-element elementor-element-k-h1-germanisch elementor-widget elementor-widget-heading\" data-id=\"k-h1-germanisch\" data-element_type=\"widget\" data-e-type=\"widget\" data-widget_type=\"heading.default\">\n\t\t\t\t\t<h1 class=\"elementor-heading-title elementor-size-default\">Sever\u0161t\u00ed bohov\u00e9, \u00c1sov\u00e9, Vanov\u00e9 a germ\u00e1nsk\u00e1 mytologie<\/h1>\t\t\t\t<\/div>\n\t\t<div class=\"elementor-element elementor-element-aj11-hero-lead-german e-con-full e-flex e-con e-child\" data-id=\"aj11-hero-lead-german\" data-element_type=\"container\" data-e-type=\"container\">\n\t\t\t\t<div class=\"elementor-element elementor-element-k-lead-germanisch elementor-widget elementor-widget-text-editor\" data-id=\"k-lead-germanisch\" data-element_type=\"widget\" data-e-type=\"widget\" data-widget_type=\"text-editor.default\">\n\t\t\t\t\t\t\t\t\t<p><strong>Bytosti z germ\u00e1nsk\u00e9 tradice<\/strong> na iWell Guard. P\u0159edk\u0159es\u0165ansk\u00fd sv\u011bt boh\u016f a duch\u016f severn\u00ed a st\u0159edn\u00ed Evropy. Hlavn\u00ed prameny: Snorra Edda, Edda p\u00edsn\u00ed, skaldsk\u00e1 poezie, archeologick\u00e9 n\u00e1lezy.<\/p>\t\t\t\t\t\t\t\t<\/div>\n\t\t\t\t<\/div>\n\t\t<div class=\"elementor-element elementor-element-aj11-hero-toc-german e-con-full e-flex e-con e-child\" data-id=\"aj11-hero-toc-german\" data-element_type=\"container\" data-e-type=\"container\">\n\t\t\t\t<div class=\"elementor-element elementor-element-k-toc-germanisch elementor-widget elementor-widget-text-editor\" data-id=\"k-toc-germanisch\" data-element_type=\"widget\" data-e-type=\"widget\" data-widget_type=\"text-editor.default\">\n\t\t\t\t\t\t\t\t\t<p><strong>Obsah t\u00e9to str\u00e1nky:<\/strong><\/p><ul><li><a href=\"#k-germanisch-h1\">Za\u0159azen\u00ed<\/a><\/li><li><a href=\"#x-germanisch-h100\">Historie a panteon<\/a><\/li><li><a href=\"#x-germanisch-h101\">Bytosti v ka\u017edodenn\u00edm \u017eivot\u011b<\/a><\/li><li><a href=\"#x-germanisch-h102\">Sou\u010dasn\u00fd v\u00fdznam<\/a><\/li><li><a href=\"#k-germanisch-h2\">Bohov\u00e9 (6)<\/a><\/li><li><a href=\"#k-germanisch-h3\">Duchov\u00e9 (6)<\/a><\/li><li><a href=\"#72d1854\">Podrobn\u011bji<\/a><\/li><\/ul>\t\t\t\t\t\t\t\t<\/div>\n\t\t\t\t<\/div>\n\t\t\t\t\t<\/div>\n\t\t\t\t<\/div>\n\t\t<div class=\"elementor-element elementor-element-khrght-german iwg-kultur-hero-right e-flex e-con-boxed e-con e-child\" data-id=\"khrght-german\" data-element_type=\"container\" data-e-type=\"container\">\n\t\t\t\t\t<div class=\"e-con-inner\">\n\t\t\t\t<div class=\"elementor-element elementor-element-k-img-germanisch iwg-hero-image elementor-widget elementor-widget-image\" data-id=\"k-img-germanisch\" data-element_type=\"widget\" data-e-type=\"widget\" data-widget_type=\"image.default\">\n\t\t\t\t\t\t\t\t\t\t\t\t\t\t\t<img fetchpriority=\"high\" decoding=\"async\" width=\"683\" height=\"1024\" src=\"https:\/\/iwell-guard.com\/wp-content\/uploads\/2026\/04\/goetter_germanisch_odin-683x1024.webp\" class=\"attachment-large size-large wp-image-147504\" alt=\"Odin - bohov\u00e9 z germ\u00e1nsk\u00e9 tradice, historicko-ilustrativn\u00ed\" srcset=\"https:\/\/iwell-guard.com\/wp-content\/uploads\/2026\/04\/goetter_germanisch_odin-683x1024.webp 683w, https:\/\/iwell-guard.com\/wp-content\/uploads\/2026\/04\/goetter_germanisch_odin-200x300.webp 200w, https:\/\/iwell-guard.com\/wp-content\/uploads\/2026\/04\/goetter_germanisch_odin-768x1152.webp 768w, https:\/\/iwell-guard.com\/wp-content\/uploads\/2026\/04\/goetter_germanisch_odin.webp 1024w\" sizes=\"(max-width: 683px) 100vw, 683px\" \/>\t\t\t\t\t\t\t\t\t\t\t\t\t\t\t<\/div>\n\t\t\t\t\t<\/div>\n\t\t\t\t<\/div>\n\t\t\t\t\t<\/div>\n\t\t\t\t<\/div>\n\t\t\t\t<section class=\"elementor-section elementor-top-section elementor-element elementor-element-sec-iwgcomp2-germanisch elementor-section-boxed elementor-section-height-default elementor-section-height-default\" data-id=\"sec-iwgcomp2-germanisch\" data-element_type=\"section\" data-e-type=\"section\">\n\t\t\t\t\t\t<div class=\"elementor-container elementor-column-gap-default\">\n\t\t\t\t\t<div class=\"elementor-column elementor-col-100 elementor-top-column elementor-element elementor-element-col-iwgcomp2-germanisch\" data-id=\"col-iwgcomp2-germanisch\" data-element_type=\"column\" data-e-type=\"column\">\n\t\t\t<div class=\"elementor-widget-wrap elementor-element-populated\">\n\t\t\t\t\t\t<div class=\"elementor-element elementor-element-iwgcomp2-germanisch elementor-widget elementor-widget-text-editor\" data-id=\"iwgcomp2-germanisch\" data-element_type=\"widget\" data-e-type=\"widget\" data-widget_type=\"text-editor.default\">\n\t\t\t\t\t\t\t\t\t<p>Tato str\u00e1nka dokumentuje <strong>germ\u00e1nsk\u00e9<\/strong> n\u00e1bo\u017eenstv\u00ed od <span class=\"iwg-fachbegriff\" data-tooltip=\"Prehistorick\u00e1 epocha po dob\u011b bronzov\u00e9, charakteristick\u00e1 zpracov\u00e1n\u00edm \u017eeleza.\" tabindex=\"0\">doby \u017eelezn\u00e9<\/span>&#8211;<span class=\"iwg-fachbegriff\" data-tooltip=\"Souhrn boh\u016f ur\u010dit\u00e9ho n\u00e1bo\u017eenstv\u00ed nebo kultury.\" tabindex=\"0\">panteonu<\/span> a\u017e po dobu Eddy.<\/p>\t\t\t\t\t\t\t\t<\/div>\n\t\t\t\t\t<\/div>\n\t\t<\/div>\n\t\t\t\t\t<\/div>\n\t\t<\/section>\n\t\t<div class=\"elementor-element elementor-element-clstrsec-aj12-germanis e-con-boxed e-flex e-con e-parent\" data-id=\"clstrsec-aj12-germanis\" data-element_type=\"container\" data-e-type=\"container\">\n\t\t\t\t\t<div class=\"e-con-inner\">\n\t\t\t\t<div class=\"elementor-element elementor-element-clstrh2-aj12-german elementor-widget elementor-widget-heading\" data-id=\"clstrh2-aj12-german\" data-element_type=\"widget\" data-e-type=\"widget\" data-widget_type=\"heading.default\">\n\t\t\t\t\t<h2 class=\"elementor-heading-title elementor-size-default\">Edda, dv\u016fr boh\u016f a severn\u00ed m\u00fdty<\/h2>\t\t\t\t<\/div>\n\t\t<div class=\"elementor-element elementor-element-aj12-cluster-text-germanis e-con-full e-flex e-con e-child\" data-id=\"aj12-cluster-text-germanis\" data-element_type=\"container\" data-e-type=\"container\">\n\t\t\t\t<div class=\"elementor-element elementor-element-aj12-cluster-text-german-t elementor-widget elementor-widget-text-editor\" data-id=\"aj12-cluster-text-german-t\" data-element_type=\"widget\" data-e-type=\"widget\" data-widget_type=\"text-editor.default\">\n\t\t\t\t\t\t\t\t\t<p>Germ\u00e1nsk\u00e9 n\u00e1bo\u017eenstv\u00ed je z hlediska kritiky pramen\u016f obt\u00ed\u017enou tradic\u00ed. To, co o n\u011bm v\u00edme, poch\u00e1z\u00ed t\u00e9m\u011b\u0159 v\u00fdhradn\u011b z pozdn\u00ed k\u0159es\u0165ansko-islandsk\u00e9 tradice: Edda p\u00edsn\u00ed a Snorra Edda byly sestaveny ve 13. stolet\u00ed, dlouho pot\u00e9, co severn\u00ed pohanstv\u00ed p\u0159estalo b\u00fdt \u017eiv\u00fdm n\u00e1bo\u017eenstv\u00edm.<\/p><p>P\u0159edk\u0159es\u0165ansk\u00e9 n\u00e1pisy, runy a m\u00edstn\u00ed jm\u00e9na dokresluj\u00ed obraz, ale nenahrazuj\u00ed ho.<\/p>\n<p>Ve st\u0159edu stoj\u00ed dva rody boh\u016f: v\u00e1le\u010dni\u010dt\u00ed \u00c1sov\u00e9 kolem Odina, Thora, T\u00fdra a Frigg a na plodnost zam\u011b\u0159en\u00ed Vanov\u00e9 kolem Freye, Freyji a Nj\u00f6rda.<\/p><p>Mytologicky je tento syst\u00e9m dynamick\u00fd: kon\u010d\u00ed Ragnar\u00f6kem, z\u00e1nikem boh\u016f, \u010d\u00edm\u017e z\u00edsk\u00e1v\u00e1 eschatologickou hloubku, kterou jin\u00e9 polyteistick\u00e9 syst\u00e9my neznaj\u00ed.<\/p>\n<p><strong>Lidov\u00e1 v\u00edra<\/strong> se soust\u0159edila na ochrann\u00e9 duchy: dom\u00e1c\u00ed duchy (hausv\u00e4ttr), zemsk\u00e9 duchy (landv\u00e4ttir), fylgje (osobn\u00ed duchy osudu), disy (\u017eensk\u00e9 duchy p\u0159edk\u016f). Tato vrstva je z n\u00e1bo\u017eensko-historick\u00e9ho hlediska \u010dasto hlub\u0161\u00ed a star\u0161\u00ed ne\u017e \u00e1sovsk\u00e1 <span class=\"iwg-fachbegriff\" data-tooltip=\"Souhrn tradovan\u00fdch vypr\u00e1v\u011bn\u00ed o boz\u00edch ur\u010dit\u00e9 kultury.\" tabindex=\"0\">mytologie<\/span> a p\u0159e\u017e\u00edvala ve skandin\u00e1vsk\u00fdch lidov\u00fdch zvyc\u00edch a\u017e do 19. stolet\u00ed.<\/p>\t\t\t\t\t\t\t\t<\/div>\n\t\t\t\t<\/div>\n\t\t\t\t\t<\/div>\n\t\t\t\t<\/div>\n\t\t<div class=\"elementor-element elementor-element-k-germanisch-s1 e-con-boxed e-flex e-con e-parent\" data-id=\"k-germanisch-s1\" data-element_type=\"container\" data-e-type=\"container\">\n\t\t\t\t\t<div class=\"e-con-inner\">\n\t\t\t\t<div class=\"elementor-element elementor-element-k-germanisch-h1 elementor-widget elementor-widget-heading\" data-id=\"k-germanisch-h1\" data-element_type=\"widget\" data-e-type=\"widget\" data-widget_type=\"heading.default\">\n\t\t\t\t\t<h2 class=\"elementor-heading-title elementor-size-default\">Za\u0159azen\u00ed<\/h2>\t\t\t\t<\/div>\n\t\t<div class=\"elementor-element elementor-element-aj11-inner-0003 e-con-full e-flex e-con e-child\" data-id=\"aj11-inner-0003\" data-element_type=\"container\" data-e-type=\"container\">\n\t\t\t\t<div class=\"elementor-element elementor-element-k-germanisch-t1 elementor-widget elementor-widget-text-editor\" data-id=\"k-germanisch-t1\" data-element_type=\"widget\" data-e-type=\"widget\" data-widget_type=\"text-editor.default\">\n\t\t\t\t\t\t\t\t\t<p><strong>\u010casov\u00e9 obdob\u00ed:<\/strong> <span class=\"iwg-fachbegriff\" data-tooltip=\"Prehistorick\u00e1 epocha, v n\u00ed\u017e byl bronz nejd\u016fle\u017eit\u011bj\u0161\u00edm kovem pro n\u00e1stroje.\" tabindex=\"0\">doba bronzov\u00e1<\/span> (1500 p\u0159. Kr.) a\u017e christianizace (10.-12. stol.). Texty: Snorra Edda (1220), Edda p\u00edsn\u00ed.<\/p><p>Roz\u0161\u00ed\u0159en\u00ed: Skandin\u00e1vie, kontinent\u00e1ln\u00ed Germ\u00e1nie, Britsk\u00e9 ostrovy. Expanze doby viking\u016f a\u017e do Ruska a Severn\u00ed Ameriky.<\/p><p>Prameny: Snorra Edda, Edda p\u00edsn\u00ed, skaldsk\u00e1 poezie, Saxo Grammaticus, Tacitova Germania, runov\u00e9 n\u00e1pisy.<\/p><p><span class=\"iwg-fachbegriff\" data-tooltip=\"Souhrn boh\u016f ur\u010dit\u00e9ho n\u00e1bo\u017eenstv\u00ed nebo kultury.\" tabindex=\"0\">Panteon<\/span> a t\u0159\u00eddy bytost\u00ed: \u00c1sov\u00e9 (Odin, Thor, Frigg), Vanov\u00e9 (Freyr, Freyja), ob\u0159i, trpasl\u00edci, elfov\u00e9, norny.<\/p>\t\t\t\t\t\t\t\t<\/div>\n\t\t\t\t<\/div>\n\t\t\t\t\t<\/div>\n\t\t\t\t<\/div>\n\t\t<div class=\"elementor-element elementor-element-x-germanisch-s100 e-con-boxed e-flex e-con e-parent\" data-id=\"x-germanisch-s100\" data-element_type=\"container\" data-e-type=\"container\">\n\t\t\t\t\t<div class=\"e-con-inner\">\n\t\t\t\t<div class=\"elementor-element elementor-element-x-germanisch-h100 elementor-widget elementor-widget-heading\" data-id=\"x-germanisch-h100\" data-element_type=\"widget\" data-e-type=\"widget\" data-widget_type=\"heading.default\">\n\t\t\t\t\t<h2 class=\"elementor-heading-title elementor-size-default\">D\u011bjiny a panteon<\/h2>\t\t\t\t<\/div>\n\t\t<div class=\"elementor-element elementor-element-aj11-inner-0004 e-con-full e-flex e-con e-child\" data-id=\"aj11-inner-0004\" data-element_type=\"container\" data-e-type=\"container\">\n\t\t\t\t<div class=\"elementor-element elementor-element-x-germanisch-t100 elementor-widget elementor-widget-text-editor\" data-id=\"x-germanisch-t100\" data-element_type=\"widget\" data-e-type=\"widget\" data-widget_type=\"text-editor.default\">\n\t\t\t\t\t\t\t\t\t<p>Germ\u00e1nsk\u00e9 n\u00e1bo\u017eenstv\u00ed p\u0159ed christianizac\u00ed je zn\u00e1mo pouze d\u00edky archeologick\u00fdm n\u00e1lez\u016fm, pozdn\u00edm p\u00edsemn\u00fdm pramen\u016fm (Edd\u00e1m) a <span class=\"iwg-fachbegriff\" data-tooltip=\"Epocha \u0159eck\u00e9 a \u0159\u00edmsk\u00e9 kultury, p\u0159ibli\u017en\u011b 800 p\u0159. Kr. a\u017e 600 n. l.\" tabindex=\"0\">antick\u00fdm<\/span> pramen\u016fm (Tacitus). Rekonstruovan\u00fd <span class=\"iwg-fachbegriff\" data-tooltip=\"Souhrn boh\u016f ur\u010dit\u00e9ho n\u00e1bo\u017eenstv\u00ed nebo kultury.\" tabindex=\"0\">panteon<\/span> se d\u011bl\u00ed na dv\u011b kosmick\u00e9 dynastie: \u00c1sy (bohy po\u0159\u00e1dku a v\u00e1lky, veden\u00e9 Odinem a Thorem) a Vany (bohy plodnosti a <span class=\"iwg-fachbegriff\" data-tooltip=\"Praktiky, kter\u00e9 se pomoc\u00ed zvl\u00e1\u0161tn\u00edch \u00fakon\u016f nebo formul\u00ed sna\u017e\u00ed zas\u00e1hnout do b\u011bhu v\u011bc\u00ed.\" tabindex=\"0\">magie<\/span>). Mytologicky je toto zachyceno jako d\u0159\u00edv\u011bj\u0161\u00ed v\u00e1lka mezi ob\u011bma dynastiemi.<\/p><p>Kosmick\u00fd kone\u010dn\u00fd stav Ragnar\u00f6k popisuje cyklick\u00e9 zni\u010den\u00ed a znovuzrozen\u00ed sv\u011bta. Mezi d\u016fle\u017eit\u00e9 postavy pat\u0159\u00ed Odin (moudrost, v\u00e1lka, <span class=\"iwg-fachbegriff\" data-tooltip=\"Praktiky, kter\u00e9 se pomoc\u00ed zvl\u00e1\u0161tn\u00edch \u00fakon\u016f nebo formul\u00ed sna\u017e\u00ed zas\u00e1hnout do b\u011bhu v\u011bc\u00ed.\" tabindex=\"0\">magie<\/span>), Thor (hrom, po\u0159\u00e1dek), Freyja (l\u00e1ska, v\u00e1lka, <span class=\"iwg-fachbegriff\" data-tooltip=\"Praktiky, kter\u00e9 se pomoc\u00ed zvl\u00e1\u0161tn\u00edch \u00fakon\u016f nebo formul\u00ed sna\u017e\u00ed zas\u00e1hnout do b\u011bhu v\u011bc\u00ed.\" tabindex=\"0\">magie<\/span>) a Loki (chaos, p\u0159ekra\u010dov\u00e1n\u00ed hranic).<\/p><p>P\u00edsemn\u00e9 prameny poch\u00e1zej\u00ed od autor\u016f k\u0159es\u0165ansk\u00e9 doby a jsou proto ideologicky zabarven\u00e9; p\u016fvodn\u00ed ritu\u00e1ly jsou ztraceny.<\/p>\t\t\t\t\t\t\t\t<\/div>\n\t\t\t\t<\/div>\n\t\t\t\t\t<\/div>\n\t\t\t\t<\/div>\n\t\t<div class=\"elementor-element elementor-element-x-germanisch-s101 e-con-boxed e-flex e-con e-parent\" data-id=\"x-germanisch-s101\" data-element_type=\"container\" data-e-type=\"container\">\n\t\t\t\t\t<div class=\"e-con-inner\">\n\t\t\t\t<div class=\"elementor-element elementor-element-x-germanisch-h101 elementor-widget elementor-widget-heading\" data-id=\"x-germanisch-h101\" data-element_type=\"widget\" data-e-type=\"widget\" data-widget_type=\"heading.default\">\n\t\t\t\t\t<h2 class=\"elementor-heading-title elementor-size-default\">Bytosti v ka\u017edodenn\u00edm \u017eivot\u011b<\/h2>\t\t\t\t<\/div>\n\t\t<div class=\"elementor-element elementor-element-aj11-inner-0005 e-con-full e-flex e-con e-child\" data-id=\"aj11-inner-0005\" data-element_type=\"container\" data-e-type=\"container\">\n\t\t\t\t<div class=\"elementor-element elementor-element-x-germanisch-t101 elementor-widget elementor-widget-text-editor\" data-id=\"x-germanisch-t101\" data-element_type=\"widget\" data-e-type=\"widget\" data-widget_type=\"text-editor.default\">\n\t\t\t\t\t\t\t\t\t<p>Rekonstruovateln\u00e9 praktiky zahrnuj\u00ed ob\u011btn\u00ed ritu\u00e1ly (bl\u00f3t), runovou divinaci a ritu\u00e1ln\u00ed \u00fakony pro sklize\u0148 a v\u00e1lku. Kultovn\u00edmi centry byly svat\u00e9 h\u00e1je a prameny, skaldov\u00e9 a kn\u011b\u017e\u00ed uchov\u00e1vali mytologick\u00e9 znalosti a ochrann\u00e9 ritu\u00e1ly a runov\u00e9 p\u00edsmo slou\u017eily k duchovn\u00ed ochran\u011b.<\/p><p>Christianizace od 8. do 12. stolet\u00ed tyto praktiky vytla\u010dila; p\u0159e\u017e\u00edvaly v\u0161ak v lidov\u00fdch tradic\u00edch (Valpur\u017eina noc, m\u00e1jov\u00e9 slavnosti) a v region\u00e1ln\u00ed v\u00ed\u0159e v duchy. Duchovn\u00ed bytosti jako alfar (elfov\u00e9) a disy (ochrann\u00ed duchov\u00e9) z\u016fstaly p\u0159\u00edtomn\u00e9 v lidov\u00e9 tradici a v\u011b\u0161tkyn\u011b (v\u00f6lvy) byly specializovan\u00fdmi odbornicemi na kontakt s duchy.<\/p>\t\t\t\t\t\t\t\t<\/div>\n\t\t\t\t<\/div>\n\t\t\t\t\t<\/div>\n\t\t\t\t<\/div>\n\t\t<div class=\"elementor-element elementor-element-x-germanisch-s102 e-con-boxed e-flex e-con e-parent\" data-id=\"x-germanisch-s102\" data-element_type=\"container\" data-e-type=\"container\">\n\t\t\t\t\t<div class=\"e-con-inner\">\n\t\t\t\t<div class=\"elementor-element elementor-element-x-germanisch-h102 elementor-widget elementor-widget-heading\" data-id=\"x-germanisch-h102\" data-element_type=\"widget\" data-e-type=\"widget\" data-widget_type=\"heading.default\">\n\t\t\t\t\t<h2 class=\"elementor-heading-title elementor-size-default\">Dne\u0161n\u00ed v\u00fdznam<\/h2>\t\t\t\t<\/div>\n\t\t<div class=\"elementor-element elementor-element-aj11-inner-0006 e-con-full e-flex e-con e-child\" data-id=\"aj11-inner-0006\" data-element_type=\"container\" data-e-type=\"container\">\n\t\t\t\t<div class=\"elementor-element elementor-element-x-germanisch-t102 elementor-widget elementor-widget-text-editor\" data-id=\"x-germanisch-t102\" data-element_type=\"widget\" data-e-type=\"widget\" data-widget_type=\"text-editor.default\">\n\t\t\t\t\t\t\t\t\t<p>Germ\u00e1nsk\u00e9 n\u00e1bo\u017eenstv\u00ed ji\u017e neexistuje jako \u017eiv\u00e1 tradice. Jeho archeologick\u00e1 a liter\u00e1rn\u00ed rekonstrukce je akademicky p\u0159\u00edsn\u00e1, z\u016fst\u00e1v\u00e1 v\u0161ak spekulativn\u00ed. Modern\u00ed hnut\u00ed \u00c1satr\u00fa se od 20. stolet\u00ed sna\u017e\u00ed o obnovu, je v\u0161ak ideologicky nejednotn\u00e9 a bylo zneu\u017eito krajn\u011b pravicov\u00fdmi skupinami.<\/p><p>Popul\u00e1rn\u00ed kultura (Tolkien, Marvel Thor, videohry) estetizovala severn\u00ed <span class=\"iwg-fachbegriff\" data-tooltip=\"Souhrn tradovan\u00fdch vypr\u00e1v\u011bn\u00ed o boz\u00edch ur\u010dit\u00e9 kultury.\" tabindex=\"0\">mytologii<\/span> a u\u010dinila ji p\u0159\u00edstupnou masov\u00e9 kultu\u0159e. M\u00fdty dnes slou\u017e\u00ed jako metafory pro psychologick\u00e1 a existenci\u00e1ln\u00ed t\u00e9mata, nikoli jako \u017eiv\u00fd syst\u00e9m v\u00edry.<\/p>\t\t\t\t\t\t\t\t<\/div>\n\t\t\t\t<\/div>\n\t\t\t\t\t<\/div>\n\t\t\t\t<\/div>\n\t\t<div class=\"elementor-element elementor-element-k-germanisch-s2 e-con-boxed e-flex e-con e-parent\" data-id=\"k-germanisch-s2\" data-element_type=\"container\" data-e-type=\"container\">\n\t\t\t\t\t<div class=\"e-con-inner\">\n\t\t\t\t<div class=\"elementor-element elementor-element-k-germanisch-h2 elementor-widget elementor-widget-heading\" data-id=\"k-germanisch-h2\" data-element_type=\"widget\" data-e-type=\"widget\" data-widget_type=\"heading.default\">\n\t\t\t\t\t<h2 class=\"elementor-heading-title elementor-size-default\">Bohov\u00e9 (12)<\/h2>\t\t\t\t<\/div>\n\t\t<div class=\"elementor-element elementor-element-aj11-inner-0007 e-con-full e-flex e-con e-child\" data-id=\"aj11-inner-0007\" data-element_type=\"container\" data-e-type=\"container\">\n\t\t\t\t<div class=\"elementor-element elementor-element-k-germanisch-t2 elementor-widget elementor-widget-text-editor\" data-id=\"k-germanisch-t2\" data-element_type=\"widget\" data-e-type=\"widget\" data-widget_type=\"text-editor.default\">\n\t\t\t\t\t\t\t\t\t<div class=\"iwg-wesen-grid\"><a class=\"iwg-wesen-card\" href=\"https:\/\/iwell-guard.com\/cs\/freyja\/\" aria-label=\"Freyja\"><div class=\"iwg-wesen-card-imgwrap\"><img decoding=\"async\" src=\"https:\/\/iwell-guard.com\/wp-content\/uploads\/2026\/04\/goetter_germanisch_freyja-200x300.webp\" alt=\"Freyja\" loading=\"lazy\"><\/div><div class=\"iwg-wesen-card-body\"><div class=\"iwg-wesen-card-name\">Freyja<\/div><div class=\"iwg-wesen-card-arrow\">\u2192 K bytosti<\/div><\/div><\/a><a class=\"iwg-wesen-card\" href=\"https:\/\/iwell-guard.com\/cs\/frigg\/\" aria-label=\"Frigg\"><div class=\"iwg-wesen-card-imgwrap\"><img decoding=\"async\" src=\"https:\/\/iwell-guard.com\/wp-content\/uploads\/2026\/04\/goetter_germanisch_frigg-200x300.webp\" alt=\"Frigg\" loading=\"lazy\"><\/div><div class=\"iwg-wesen-card-body\"><div class=\"iwg-wesen-card-name\">Frigg<\/div><div class=\"iwg-wesen-card-arrow\">\u2192 K bytosti<\/div><\/div><\/a><a class=\"iwg-wesen-card\" href=\"https:\/\/iwell-guard.com\/cs\/hel\/\" aria-label=\"Hel\"><div class=\"iwg-wesen-card-imgwrap\"><img decoding=\"async\" src=\"https:\/\/iwell-guard.com\/wp-content\/uploads\/2026\/04\/goetter_germanisch_hel-200x300.webp\" alt=\"Hel\" loading=\"lazy\"><\/div><div class=\"iwg-wesen-card-body\"><div class=\"iwg-wesen-card-name\">Hel<\/div><div class=\"iwg-wesen-card-arrow\">\u2192 K bytosti<\/div><\/div><\/a><a class=\"iwg-wesen-card\" href=\"https:\/\/iwell-guard.com\/cs\/loki\/\" aria-label=\"Loki\"><div class=\"iwg-wesen-card-imgwrap\"><img decoding=\"async\" src=\"https:\/\/iwell-guard.com\/wp-content\/uploads\/2026\/04\/goetter_germanisch_loki-200x300.webp\" alt=\"Loki\" loading=\"lazy\"><\/div><div class=\"iwg-wesen-card-body\"><div class=\"iwg-wesen-card-name\">Loki<\/div><div class=\"iwg-wesen-card-arrow\">\u2192 K bytosti<\/div><\/div><\/a><a class=\"iwg-wesen-card\" href=\"https:\/\/iwell-guard.com\/cs\/odin\/\" aria-label=\"Odin\"><div class=\"iwg-wesen-card-imgwrap\"><img decoding=\"async\" src=\"https:\/\/iwell-guard.com\/wp-content\/uploads\/2026\/04\/goetter_germanisch_odin-200x300.webp\" alt=\"Odin\" loading=\"lazy\"><\/div><div class=\"iwg-wesen-card-body\"><div class=\"iwg-wesen-card-name\">Odin<\/div><div class=\"iwg-wesen-card-arrow\">\u2192 K bytosti<\/div><\/div><\/a><a class=\"iwg-wesen-card\" href=\"https:\/\/iwell-guard.com\/cs\/thor\/\" aria-label=\"Thor\"><div class=\"iwg-wesen-card-imgwrap\"><img decoding=\"async\" src=\"https:\/\/iwell-guard.com\/wp-content\/uploads\/2026\/04\/goetter_germanisch_thor-200x300.webp\" alt=\"Thor\" loading=\"lazy\"><\/div><div class=\"iwg-wesen-card-body\"><div class=\"iwg-wesen-card-name\">Thor<\/div><div class=\"iwg-wesen-card-arrow\">\u2192 K bytosti<\/div><\/div><\/a><a class=\"iwg-wesen-card\" href=\"https:\/\/iwell-guard.com\/cs\/tyr\/\" aria-label=\"T\u00fdr\"><div class=\"iwg-wesen-card-imgwrap\"><img decoding=\"async\" src=\"https:\/\/iwell-guard.com\/wp-content\/uploads\/2026\/05\/goetter_germanisch_tyr-1-200x300.webp\" alt=\"T\u00fdr\" loading=\"lazy\"><\/div><div class=\"iwg-wesen-card-body\"><div class=\"iwg-wesen-card-name\">T\u00fdr<\/div><div class=\"iwg-wesen-card-arrow\">\u2192 K bytosti<\/div><\/div><\/a><a class=\"iwg-wesen-card\" href=\"https:\/\/iwell-guard.com\/cs\/heimdall\/\" aria-label=\"Heimdall\"><div class=\"iwg-wesen-card-imgwrap\"><img decoding=\"async\" src=\"https:\/\/iwell-guard.com\/wp-content\/uploads\/2026\/05\/goetter_germanisch_heimdall-200x300.webp\" alt=\"Heimdall\" loading=\"lazy\"><\/div><div class=\"iwg-wesen-card-body\"><div class=\"iwg-wesen-card-name\">Heimdall<\/div><div class=\"iwg-wesen-card-arrow\">\u2192 K bytosti<\/div><\/div><\/a><a class=\"iwg-wesen-card\" href=\"https:\/\/iwell-guard.com\/cs\/baldur\/\" aria-label=\"Baldur\"><div class=\"iwg-wesen-card-imgwrap\"><img decoding=\"async\" src=\"https:\/\/iwell-guard.com\/wp-content\/uploads\/2026\/05\/goetter_germanisch_baldur-200x300.webp\" alt=\"Baldur\" loading=\"lazy\"><\/div><div class=\"iwg-wesen-card-body\"><div class=\"iwg-wesen-card-name\">Baldur<\/div><div class=\"iwg-wesen-card-arrow\">\u2192 K bytosti<\/div><\/div><\/a><a class=\"iwg-wesen-card\" href=\"https:\/\/iwell-guard.com\/cs\/idun\/\" aria-label=\"Idun\"><div class=\"iwg-wesen-card-imgwrap\"><img decoding=\"async\" src=\"https:\/\/iwell-guard.com\/wp-content\/uploads\/2026\/05\/goetter_germanisch_idun-200x300.webp\" alt=\"Idun\" loading=\"lazy\"><\/div><div class=\"iwg-wesen-card-body\"><div class=\"iwg-wesen-card-name\">Idun<\/div><div class=\"iwg-wesen-card-arrow\">\u2192 K bytosti<\/div><\/div><\/a><a class=\"iwg-wesen-card\" href=\"https:\/\/iwell-guard.com\/cs\/njord\/\" aria-label=\"Njord\"><div class=\"iwg-wesen-card-imgwrap\"><img decoding=\"async\" src=\"https:\/\/iwell-guard.com\/wp-content\/uploads\/2026\/05\/goetter_germanisch_njord-200x300.webp\" alt=\"Njord\" loading=\"lazy\"><\/div><div class=\"iwg-wesen-card-body\"><div class=\"iwg-wesen-card-name\">Njord<\/div><div class=\"iwg-wesen-card-arrow\">\u2192 K bytosti<\/div><\/div><\/a><a class=\"iwg-wesen-card\" href=\"https:\/\/iwell-guard.com\/cs\/freyr\/\" aria-label=\"Freyr\"><div class=\"iwg-wesen-card-imgwrap\"><img decoding=\"async\" src=\"https:\/\/iwell-guard.com\/wp-content\/uploads\/2026\/05\/goetter_germanisch_freyr-200x300.webp\" alt=\"Freyr\" loading=\"lazy\"><\/div><div class=\"iwg-wesen-card-body\"><div class=\"iwg-wesen-card-name\">Freyr<\/div><div class=\"iwg-wesen-card-arrow\">\u2192 K bytosti<\/div><\/div><\/a><\/div>\t\t\t\t\t\t\t\t<\/div>\n\t\t\t\t<\/div>\n\t\t\t\t\t<\/div>\n\t\t\t\t<\/div>\n\t\t<div class=\"elementor-element elementor-element-k-germanisch-s3 e-con-boxed e-flex e-con e-parent\" data-id=\"k-germanisch-s3\" data-element_type=\"container\" data-e-type=\"container\">\n\t\t\t\t\t<div class=\"e-con-inner\">\n\t\t\t\t<div class=\"elementor-element elementor-element-k-germanisch-h3 elementor-widget elementor-widget-heading\" data-id=\"k-germanisch-h3\" data-element_type=\"widget\" data-e-type=\"widget\" data-widget_type=\"heading.default\">\n\t\t\t\t\t<h2 class=\"elementor-heading-title elementor-size-default\">Duchov\u00e9 (6)<\/h2>\t\t\t\t<\/div>\n\t\t<div class=\"elementor-element elementor-element-aj11-inner-0008 e-con-full e-flex e-con e-child\" data-id=\"aj11-inner-0008\" data-element_type=\"container\" data-e-type=\"container\">\n\t\t\t\t<div class=\"elementor-element elementor-element-k-germanisch-t3 elementor-widget elementor-widget-text-editor\" data-id=\"k-germanisch-t3\" data-element_type=\"widget\" data-e-type=\"widget\" data-widget_type=\"text-editor.default\">\n\t\t\t\t\t\t\t\t\t<div class=\"iwg-wesen-grid\"><a class=\"iwg-wesen-card\" href=\"https:\/\/iwell-guard.com\/cs\/alp\/\" aria-label=\"Alp\"><div class=\"iwg-wesen-card-imgwrap\"><img decoding=\"async\" src=\"https:\/\/iwell-guard.com\/wp-content\/uploads\/2026\/04\/geister_germanisch_alp-200x300.webp\" alt=\"Alp\" loading=\"lazy\"><\/div><div class=\"iwg-wesen-card-body\"><div class=\"iwg-wesen-card-name\">Alp<\/div><div class=\"iwg-wesen-card-arrow\">\u2192 K bytosti<\/div><\/div><\/a><a class=\"iwg-wesen-card\" href=\"https:\/\/iwell-guard.com\/cs\/draugr\/\" aria-label=\"Draugr\"><div class=\"iwg-wesen-card-imgwrap\"><img decoding=\"async\" src=\"https:\/\/iwell-guard.com\/wp-content\/uploads\/2026\/04\/geister_germanisch_draugr-200x300.webp\" alt=\"Draugr\" loading=\"lazy\"><\/div><div class=\"iwg-wesen-card-body\"><div class=\"iwg-wesen-card-name\">Draugr<\/div><div class=\"iwg-wesen-card-arrow\">\u2192 K bytosti<\/div><\/div><\/a><a class=\"iwg-wesen-card\" href=\"https:\/\/iwell-guard.com\/cs\/mahr\/\" aria-label=\"Mahr\"><div class=\"iwg-wesen-card-imgwrap\"><img decoding=\"async\" src=\"https:\/\/iwell-guard.com\/wp-content\/uploads\/2026\/04\/geister_germanisch_mahr-200x300.webp\" alt=\"Mahr\" loading=\"lazy\"><\/div><div class=\"iwg-wesen-card-body\"><div class=\"iwg-wesen-card-name\">Mahr<\/div><div class=\"iwg-wesen-card-arrow\">\u2192 K bytosti<\/div><\/div><\/a><a class=\"iwg-wesen-card\" href=\"https:\/\/iwell-guard.com\/cs\/nix\/\" aria-label=\"Nix\"><div class=\"iwg-wesen-card-imgwrap\"><img decoding=\"async\" src=\"https:\/\/iwell-guard.com\/wp-content\/uploads\/2026\/04\/geister_germanisch_nix-200x300.webp\" alt=\"Nix\" loading=\"lazy\"><\/div><div class=\"iwg-wesen-card-body\"><div class=\"iwg-wesen-card-name\">Nix<\/div><div class=\"iwg-wesen-card-arrow\">\u2192 K bytosti<\/div><\/div><\/a><a class=\"iwg-wesen-card\" href=\"https:\/\/iwell-guard.com\/cs\/troll\/\" aria-label=\"Troll\"><div class=\"iwg-wesen-card-imgwrap\"><img decoding=\"async\" src=\"https:\/\/iwell-guard.com\/wp-content\/uploads\/2026\/04\/geister_germanisch_troll-200x300.webp\" alt=\"Troll\" loading=\"lazy\"><\/div><div class=\"iwg-wesen-card-body\"><div class=\"iwg-wesen-card-name\">Troll<\/div><div class=\"iwg-wesen-card-arrow\">\u2192 K bytosti<\/div><\/div><\/a><a class=\"iwg-wesen-card\" href=\"https:\/\/iwell-guard.com\/cs\/ragnarok-zanik-sveta-severska-mytologie\/\" aria-label=\"Ragnar\u00f6k \u2013 z\u00e1nik sv\u011bta v seversk\u00e9 mytologii\"><div class=\"iwg-wesen-card-imgwrap\"><img decoding=\"async\" src=\"https:\/\/iwell-guard.com\/wp-content\/uploads\/2026\/05\/phaenomene_germanisch_ragnaroek-200x300.webp\" alt=\"Ragnar\u00f6k \u2013 z\u00e1nik sv\u011bta v seversk\u00e9 mytologii\" loading=\"lazy\"><\/div><div class=\"iwg-wesen-card-body\"><div class=\"iwg-wesen-card-name\">Ragnar\u00f6k \u2013 z\u00e1nik sv\u011bta v seversk\u00e9 mytologii<\/div><div class=\"iwg-wesen-card-arrow\">\u2192 K bytosti<\/div><\/div><\/a><\/div>\t\t\t\t\t\t\t\t<\/div>\n\t\t\t\t<\/div>\n\t\t\t\t\t<\/div>\n\t\t\t\t<\/div>\n\t\t<div class=\"elementor-element elementor-element-x-germanisch-s-faq e-con-boxed e-flex e-con e-parent\" data-id=\"x-germanisch-s-faq\" data-element_type=\"container\" data-e-type=\"container\">\n\t\t\t\t\t<div class=\"e-con-inner\">\n\t\t\t\t<div class=\"elementor-element elementor-element-x-germanisch-h-faq elementor-widget elementor-widget-heading\" data-id=\"x-germanisch-h-faq\" data-element_type=\"widget\" data-e-type=\"widget\" data-widget_type=\"heading.default\">\n\t\t\t\t\t<h2 class=\"elementor-heading-title elementor-size-default\">\u010casto kladen\u00e9 ot\u00e1zky o seversk\u00fdch boz\u00edch<\/h2>\t\t\t\t<\/div>\n\t\t<div class=\"elementor-element elementor-element-aj11-inner-0006 e-con-full e-flex e-con e-child\" data-id=\"aj11-inner-0006\" data-element_type=\"container\" data-e-type=\"container\">\n\t\t\t\t<div class=\"elementor-element elementor-element-x-germanisch-t-faq elementor-widget elementor-widget-text-editor\" data-id=\"x-germanisch-t-faq\" data-element_type=\"widget\" data-e-type=\"widget\" data-widget_type=\"text-editor.default\">\n\t\t\t\t\t\t\t\t\t<h3>Kolik existuje seversk\u00fdch boh\u016f?<\/h3>\n<p>Seversk\u00e9 <span class=\"iwg-fachbegriff\" data-tooltip=\"Souhrn v\u0161ech boh\u016f ur\u010dit\u00e9ho n\u00e1bo\u017eenstv\u00ed nebo kultury.\" tabindex=\"0\">pantheon<\/span> zahrnuje dva bo\u017e\u00ed rody: \u00c1sy (Aesir) s p\u0159ibli\u017en\u011b 13 hlavn\u00edmi bohy (\u00d3din, Thor, T\u00fdr, Heimdall, Baldr, Bragi, Forseti, H\u00f6d, Vidar, Vali, Ull a dal\u0161\u00ed) a Vany (Vanir) s Nj\u00f6rdem, Freyem a Freyou jako kl\u00ed\u010dov\u00fdmi postavami.<\/p><p>K nim pat\u0159\u00ed \u00e1synje (Frigg, Idun, Sif, Skadi, Saga) a bezpo\u010det p\u0159\u00edrodn\u00edch bytost\u00ed, obr\u016f, trpasl\u00edk\u016f, elf\u016f a valk\u00fdr. Edda celkem uv\u00e1d\u00ed p\u0159ibli\u017en\u011b 50 a\u017e 60 jmenovit\u011b zm\u00edn\u011bn\u00fdch boh\u016f a bohyn\u00ed.<\/p>\n<h3>Kdo je nejvy\u0161\u0161\u00ed seversk\u00fd b\u016fh?<\/h3>\n<p>\u00d3din (tak\u00e9 Wodan \u010di Woden) je hlavn\u00edm bohem pantheonu \u00c1s\u016f, bohem mudrosti, poezie, <span class=\"iwg-fachbegriff\" data-tooltip=\"Praktiky, kter\u00e9 se zvl\u00e1\u0161tn\u00edmi \u00fakony \u010di formulemi sna\u017e\u00ed zas\u00e1hnout do b\u011bhu v\u011bc\u00ed.\" tabindex=\"0\">magie<\/span>, v\u00e1lky a mrtv\u00fdch. Za jedin\u00fd lok z M\u00edmirovy studnice ob\u011btoval oko a dev\u011bt dn\u00ed visel na sv\u011btov\u00e9m stromu Yggdrasilu, aby z\u00edskal runy.<\/p><p>Thor je jeho syn a v lidov\u00e9 v\u00ed\u0159e, zejm\u00e9na mezi zem\u011bd\u011blci a mo\u0159eplavci, obl\u00edben\u011bj\u0161\u00ed, av\u0161ak \u00d3dinovi n\u00e1le\u017e\u00ed kosmick\u00e9 prvenstv\u00ed.<\/p>\n<h3>\u010c\u00edm se li\u0161\u00ed \u00c1sov\u00e9 a Vanov\u00e9?<\/h3>\n<p>\u00c1sov\u00e9 a Vanov\u00e9 jsou dva bo\u017e\u00ed rody. \u00c1sov\u00e9 (\u00d3din, Thor, T\u00fdr, Heimdall, Baldr) p\u0159edstavuj\u00ed v\u00e1lku, pr\u00e1vo, kr\u00e1lovstv\u00ed a osud, Vanov\u00e9 (Nj\u00f6rd, Frey, Freya) plodnost, m\u00edr a bohatstv\u00ed.<\/p><p>Po v\u00e1lce Van\u016f si oba rody vym\u011bnily rukojm\u00ed, Nj\u00f6rd, Frey a Freya p\u0159i\u0161li k \u00c1s\u016fm. Z religionistick\u00e9ho hlediska je toto rozd\u011blen\u00ed ch\u00e1p\u00e1no jako poz\u016fstatek splynut\u00ed dvou p\u0159edgerm\u00e1nsk\u00fdch n\u00e1bo\u017eensk\u00fdch vrstev.<\/p>\n<h3>Co je Ragnar\u00f6k a kdy nastane?<\/h3>\n<p>Ragnar\u00f6k je soumrak boh\u016f, konec sou\u010dasn\u00e9ho \u0159\u00e1du sv\u011bta. P\u0159edzv\u011bst\u00ed jsou t\u0159i zimy bez l\u00e9ta (Fimbulzima), bratrovra\u017eedn\u00e1 v\u00e1lka a rozpad mravn\u00edho \u0159\u00e1du.<\/p><p>B\u011bhem Ragnar\u00f6ku se Loki vyprost\u00ed z pout, Fenris\u016fv vlk pohlt\u00ed \u00d3dina, Thor zabije Midgardsk\u00e9ho hada a zem\u0159e na jeho jed, Frey padne v boji se Surtem a Heimdall zaduje na rohu Gjallarhorn. Po katastrof\u011b povstane nov\u00fd, o\u010di\u0161t\u011bn\u00fd sv\u011bt s Baldrov\u00fdm n\u00e1vratem.<\/p>\n<h3>Co je Yggdrasil?<\/h3>\n<p>Yggdrasil je sv\u011btov\u00fd strom, v\u011b\u010dn\u011b zelen\u00fd jasan, kter\u00fd nese vesm\u00edr. T\u0159i ko\u0159eny sahaj\u00ed do \u00c1sgardu (k boh\u016fm), do J\u00f6tunheimu (k obr\u016fm) a do Niflheimu (do podsv\u011bt\u00ed Hel); u nich se nach\u00e1zej\u00ed t\u0159i studny, Urd (osud), M\u00edmir (mudrost) a Hvergelmir (prvotn\u00ed pramen).<\/p><p>Kmen spojuje dev\u011bt sv\u011bt\u016f. Veverka Ratatoskr b\u011bh\u00e1 mezi orlem v korun\u011b a drakem N\u00eddh\u00f6ggem u ko\u0159en\u016f a p\u0159en\u00e1\u0161\u00ed mezi nimi ur\u00e1\u017eky.<\/p>\n<h3>Kter\u00e9mu seversk\u00e9mu bohu je <span class=\"iwg-fachbegriff\" data-tooltip=\"Prost\u0159ednictv\u00edm n\u00e1bo\u017eensk\u00e9ho \u00fakonu p\u0159ed\u00e1no svat\u00e9mu a t\u00edm vy\u0148ato z b\u011b\u017en\u00e9ho ka\u017edodenn\u00edho \u017eivota.\" tabindex=\"0\">zasv\u011bcen<\/span> kter\u00fd den t\u00fddne?<\/h3>\n<p>Germ\u00e1nsk\u00e9 n\u00e1zvy dn\u016f t\u00fddne odr\u00e1\u017eej\u00ed <span class=\"iwg-fachbegriff\" data-tooltip=\"Souhrn v\u0161ech boh\u016f ur\u010dit\u00e9ho n\u00e1bo\u017eenstv\u00ed nebo kultury.\" tabindex=\"0\">pantheon<\/span>: \u00dater\u00fd (anglicky Tuesday) pat\u0159\u00ed T\u00fdrovi (Tiwaz, Tiu), st\u0159eda (Wednesday) \u00d3dinovi\/Wodanovi, co\u017e je v angli\u010dtin\u011b p\u0159\u00edmo patrn\u00e9 jako \u201eWoden&#8217;s day\u201c.<\/p><p>\u010ctvrtek (Thursday) je Thor\u016fv den; n\u011bmeck\u00fd n\u00e1zev Donnerstag ukazuje na Donara, star\u0161\u00ed formu Thora. P\u00e1tek (Friday) pat\u0159\u00ed Freye nebo Frigg, o \u010dem\u017e se badatel\u00e9 p\u0159ou. Tyto n\u00e1zvy dn\u016f nahradily v germ\u00e1nsk\u00e9 oblasti \u0159\u00edmsk\u00fd t\u00fdden pojmenovan\u00fd podle planet.<\/p>\n<script type=\"application\/ld+json\">{\"@context\": \"https:\/\/schema.org\", \"@type\": \"FAQPage\", \"mainEntity\": [{\"@type\": \"Question\", \"name\": \"Kolik existuje seversk\u00fdch boh\u016f?\", \"acceptedAnswer\": {\"@type\": \"Answer\", \"text\": \"Seversk\u00e9 pantheon zahrnuje dva bo\u017e\u00ed rody: \u00c1sy (Aesir) s p\u0159ibli\u017en\u011b 13 hlavn\u00edmi bohy (\u00d3din, Thor, T\u00fdr, Heimdall, Baldr, Bragi, Forseti, H\u00f6d, Vidar, Vali, Ull a dal\u0161\u00ed) a Vany (Vanir) s Nj\u00f6rdem, Freyem a Freyou jako kl\u00ed\u010dov\u00fdmi postavami. K nim pat\u0159\u00ed \u00e1synje (Frigg, Idun, Sif, Skadi, Saga) a bezpo\u010det p\u0159\u00edrodn\u00edch bytost\u00ed, obr\u016f, trpasl\u00edk\u016f, elf\u016f a valk\u00fdr. Edda celkem uv\u00e1d\u00ed p\u0159ibli\u017en\u011b 50 a\u017e 60 jmenovit\u011b zm\u00edn\u011bn\u00fdch boh\u016f a bohyn\u00ed.\"}}, {\"@type\": \"Question\", \"name\": \"Kdo je nejvy\u0161\u0161\u00ed seversk\u00fd b\u016fh?\", \"acceptedAnswer\": {\"@type\": \"Answer\", \"text\": \"\u00d3din (tak\u00e9 Wodan \u010di Woden) je hlavn\u00edm bohem pantheonu \u00c1s\u016f, bohem mudrosti, poezie, magie, v\u00e1lky a mrtv\u00fdch. Za jedin\u00fd lok z M\u00edmirovy studnice ob\u011btoval oko a dev\u011bt dn\u00ed visel na sv\u011btov\u00e9m stromu Yggdrasilu, aby z\u00edskal runy. Thor je jeho syn a v lidov\u00e9 v\u00ed\u0159e, zejm\u00e9na mezi zem\u011bd\u011blci a mo\u0159eplavci, obl\u00edben\u011bj\u0161\u00ed, av\u0161ak \u00d3dinovi n\u00e1le\u017e\u00ed kosmick\u00e9 prvenstv\u00ed.\"}}, {\"@type\": \"Question\", \"name\": \"\u010c\u00edm se li\u0161\u00ed \u00c1sov\u00e9 a Vanov\u00e9?\", \"acceptedAnswer\": {\"@type\": \"Answer\", \"text\": \"\u00c1sov\u00e9 a Vanov\u00e9 jsou dva bo\u017e\u00ed rody. \u00c1sov\u00e9 (\u00d3din, Thor, T\u00fdr, Heimdall, Baldr) p\u0159edstavuj\u00ed v\u00e1lku, pr\u00e1vo, kr\u00e1lovstv\u00ed a osud, Vanov\u00e9 (Nj\u00f6rd, Frey, Freya) plodnost, m\u00edr a bohatstv\u00ed. Po v\u00e1lce Van\u016f si oba rody vym\u011bnily rukojm\u00ed, Nj\u00f6rd, Frey a Freya p\u0159i\u0161li k \u00c1s\u016fm. Z v\u011bdeck\u00e9ho hlediska je toto rozd\u011blen\u00ed ch\u00e1p\u00e1no jako poz\u016fstatek splynut\u00ed dvou p\u0159edgerm\u00e1nsk\u00fdch n\u00e1bo\u017eensk\u00fdch vrstev.\"}}, {\"@type\": \"Question\", \"name\": \"Co je Ragnar\u00f6k a kdy nastane?\", \"acceptedAnswer\": {\"@type\": \"Answer\", \"text\": \"Ragnar\u00f6k je soumrak boh\u016f, konec sou\u010dasn\u00e9ho \u0159\u00e1du sv\u011bta. P\u0159edzv\u011bst\u00ed jsou t\u0159i zimy bez l\u00e9ta (Fimbulzima), bratrovra\u017eedn\u00e1 v\u00e1lka a rozpad mravn\u00edho \u0159\u00e1du. B\u011bhem Ragnar\u00f6ku se Loki vyprost\u00ed z pout, Fenris\u016fv vlk pohlt\u00ed \u00d3dina, Thor zabije Midgardsk\u00e9ho hada a zem\u0159e na jeho jed, Frey padne v boji se Surtem a Heimdall zaduje na rohu Gjallarhorn. Po katastrof\u011b povstane nov\u00fd, o\u010di\u0161t\u011bn\u00fd sv\u011bt s Baldrov\u00fdm n\u00e1vratem.\"}}, {\"@type\": \"Question\", \"name\": \"Co je Yggdrasil?\", \"acceptedAnswer\": {\"@type\": \"Answer\", \"text\": \"Yggdrasil je sv\u011btov\u00fd strom, v\u011b\u010dn\u011b zelen\u00fd jasan, kter\u00fd nese vesm\u00edr. T\u0159i ko\u0159eny sahaj\u00ed do \u00c1sgardu (k boh\u016fm), do J\u00f6tunheimu (k obr\u016fm) a do Niflheimu (do podsv\u011bt\u00ed Hel); u nich se nach\u00e1zej\u00ed t\u0159i studny, Urd (osud), M\u00edmir (mudrost) a Hvergelmir (prvotn\u00ed pramen). Kmen spojuje dev\u011bt sv\u011bt\u016f. Veverka Ratatoskr b\u011bh\u00e1 mezi orlem v korun\u011b a drakem N\u00eddh\u00f6ggem u ko\u0159en\u016f a p\u0159en\u00e1\u0161\u00ed mezi nimi ur\u00e1\u017eky.\"}}, {\"@type\": \"Question\", \"name\": \"Kter\u00e9mu seversk\u00e9mu bohu je zasv\u011bcen kter\u00fd den t\u00fddne?\", \"acceptedAnswer\": {\"@type\": \"Answer\", \"text\": \"Germ\u00e1nsk\u00e9 n\u00e1zvy dn\u016f t\u00fddne odr\u00e1\u017eej\u00ed pantheon: \u00dater\u00fd (anglicky Tuesday) pat\u0159\u00ed T\u00fdrovi (Tiwaz, Tiu), st\u0159eda (Wednesday) \u00d3dinovi\/Wodanovi, co\u017e je v angli\u010dtin\u011b p\u0159\u00edmo patrn\u00e9 jako \u201eWoden's day\\\" . \u010ctvrtek (Thursday) je Thor\u016fv den; n\u011bmeck\u00fd n\u00e1zev Donnerstag ukazuje na Donara, star\u0161\u00ed formu Thora. P\u00e1tek (Friday) pat\u0159\u00ed Freye nebo Frigg, o \u010dem\u017e se badatel\u00e9 p\u0159ou. Tyto n\u00e1zvy dn\u016f nahradily v germ\u00e1nsk\u00e9 oblasti \u0159\u00edmsk\u00fd t\u00fdden pojmenovan\u00fd podle planet.\"}}]}<\/script>\t\t\t\t\t\t\t\t<\/div>\n\t\t\t\t<\/div>\n\t\t\t\t\t<\/div>\n\t\t\t\t<\/div>\n\t\t<div class=\"elementor-element elementor-element-9f85551 e-con-boxed e-flex e-con e-parent\" data-id=\"9f85551\" data-element_type=\"container\" data-e-type=\"container\">\n\t\t\t\t\t<div class=\"e-con-inner\">\n\t\t\t\t<div class=\"elementor-element elementor-element-72d1854 elementor-widget elementor-widget-heading\" data-id=\"72d1854\" data-element_type=\"widget\" data-e-type=\"widget\" data-widget_type=\"heading.default\">\n\t\t\t\t\t<h2 class=\"elementor-heading-title elementor-size-default\">Podrobn\u011bji<\/h2>\t\t\t\t<\/div>\n\t\t\t\t<div class=\"elementor-element elementor-element-1421b68 elementor-widget elementor-widget-heading\" data-id=\"1421b68\" data-element_type=\"widget\" data-e-type=\"widget\" data-widget_type=\"heading.default\">\n\t\t\t\t\t<h3 class=\"elementor-heading-title elementor-size-default\">Problematika pramen\u016f<\/h3>\t\t\t\t<\/div>\n\t\t<div class=\"elementor-element elementor-element-aj11-inner-0009 e-con-full e-flex e-con e-child\" data-id=\"aj11-inner-0009\" data-element_type=\"container\" data-e-type=\"container\">\n\t\t\t\t<div class=\"elementor-element elementor-element-1faa1dd elementor-widget elementor-widget-text-editor\" data-id=\"1faa1dd\" data-element_type=\"widget\" data-e-type=\"widget\" data-widget_type=\"text-editor.default\">\n\t\t\t\t\t\t\t\t\t<p>Germ\u00e1nsk\u00e9 n\u00e1bo\u017eenstv\u00ed je dolo\u017eeno mnohem h\u016f\u0159e ne\u017e \u0159eck\u00e9 nebo mezopot\u00e1msk\u00e9. Nejd\u016fle\u017eit\u011bj\u0161\u00ed prameny, Snorriho Sturlusonova Prozaick\u00e1 Edda a anonymn\u00ed B\u00e1snick\u00e1 Edda, byly zaps\u00e1ny ve 13. stolet\u00ed na Islandu, tedy stalet\u00ed po christianizaci.<\/p><p>K tomu se p\u0159id\u00e1v\u00e1 Tacitova Germania, islandsk\u00e9 s\u00e1gy a archeologick\u00e9 n\u00e1lezy. Kontinent\u00e1ln\u00ed germ\u00e1nsk\u00e1 tradice je t\u00e9m\u011b\u0159 v\u00fdhradn\u011b zn\u00e1ma z druh\u00e9 ruky.<\/p>\t\t\t\t\t\t\t\t<\/div>\n\t\t\t\t<\/div>\n\t\t\t\t<div class=\"elementor-element elementor-element-4f78a30 elementor-widget elementor-widget-heading\" data-id=\"4f78a30\" data-element_type=\"widget\" data-e-type=\"widget\" data-widget_type=\"heading.default\">\n\t\t\t\t\t<h3 class=\"elementor-heading-title elementor-size-default\">\u00c1sov\u00e9, Vanov\u00e9 a ob\u0159i<\/h3>\t\t\t\t<\/div>\n\t\t<div class=\"elementor-element elementor-element-bw-90dac6c-19472f9 e-flex e-con-boxed e-con e-parent\" data-id=\"bw-90dac6c-19472f9\" data-element_type=\"container\" data-e-type=\"container\" data-settings=\"{&quot;background_background&quot;:&quot;classic&quot;}\">\n\t\t\t\t\t<div class=\"e-con-inner\">\n\t\t\t\t<div class=\"elementor-element elementor-element-90dac6c elementor-widget elementor-widget-text-editor\" data-id=\"90dac6c\" data-element_type=\"widget\" data-e-type=\"widget\" data-widget_type=\"text-editor.default\">\n\t\t\t\t\t\t\t\t\t<p>Germ\u00e1nsk\u00fd <span class=\"iwg-fachbegriff\" data-tooltip=\"Souhrn boh\u016f ur\u010dit\u00e9ho n\u00e1bo\u017eenstv\u00ed nebo kultury.\" tabindex=\"0\">panteon<\/span> zn\u00e1 dva rody boh\u016f: \u00c1sy (\u00d3din, Thor, T\u00fdr, Frigg, Loki) a star\u0161\u00ed, na plodnost zam\u011b\u0159en\u00e9 Vany (Nj\u00f6rd, Freyr, Freyja).<\/p><p>Oba rody vedly v\u00e1lku, kter\u00e1 skon\u010dila v\u00fdm\u011bnou rukojm\u00ed, mytolog\u00e9m pro historick\u00e9 splynut\u00ed dvou kultovn\u00edch vrstev. Vedle nich stoj\u00ed ob\u0159i (j\u00f6tunn) jako kosmick\u00e9 prap\u016fvodn\u00ed s\u00edly.<\/p>\t\t\t\t\t\t\t\t<\/div>\n\t\t\t\t\t<\/div>\n\t\t\t\t<\/div>\n\t\t\t\t<div class=\"elementor-element elementor-element-7034308 elementor-widget elementor-widget-heading\" data-id=\"7034308\" data-element_type=\"widget\" data-e-type=\"widget\" data-widget_type=\"heading.default\">\n\t\t\t\t\t<h3 class=\"elementor-heading-title elementor-size-default\">Ragnar\u00f6k a cyklick\u00fd \u010das<\/h3>\t\t\t\t<\/div>\n\t\t<div class=\"elementor-element elementor-element-bw-4c66308-86a31f7 e-flex e-con-boxed e-con e-parent\" data-id=\"bw-4c66308-86a31f7\" data-element_type=\"container\" data-e-type=\"container\" data-settings=\"{&quot;background_background&quot;:&quot;classic&quot;}\">\n\t\t\t\t\t<div class=\"e-con-inner\">\n\t\t\t\t<div class=\"elementor-element elementor-element-4c66308 elementor-widget elementor-widget-text-editor\" data-id=\"4c66308\" data-element_type=\"widget\" data-e-type=\"widget\" data-widget_type=\"text-editor.default\">\n\t\t\t\t\t\t\t\t\t<p>Na rozd\u00edl od v\u011bt\u0161iny antick\u00fdch mytologi\u00ed zn\u00e1 germ\u00e1nsk\u00e1 tradice jasn\u00fd konec: Ragnar\u00f6k, z\u00e1nik boh\u016f. V\u00f6lusp\u00e1 popisuje z\u00e1v\u011bre\u010dnou bitvu v detailech, Thor um\u00edr\u00e1 v boji proti Midgardsk\u00e9mu hadu, \u00d3din v tlam\u011b vlka Fenrira.<\/p><p>Pot\u00e9 v\u0161ak z mo\u0159e vystoup\u00ed nov\u00e1 zem\u011b a n\u011bkte\u0159\u00ed bohov\u00e9 se vr\u00e1t\u00ed.<\/p>\t\t\t\t\t\t\t\t<\/div>\n\t\t\t\t\t<\/div>\n\t\t\t\t<\/div>\n\t\t\t\t<div class=\"elementor-element elementor-element-5a0ae0b elementor-widget elementor-widget-heading\" data-id=\"5a0ae0b\" data-element_type=\"widget\" data-e-type=\"widget\" data-widget_type=\"heading.default\">\n\t\t\t\t\t<h3 class=\"elementor-heading-title elementor-size-default\">Magick\u00e1 praxe a runy<\/h3>\t\t\t\t<\/div>\n\t\t<div class=\"elementor-element elementor-element-bw-874aa76-27ff3bf e-flex e-con-boxed e-con e-parent\" data-id=\"bw-874aa76-27ff3bf\" data-element_type=\"container\" data-e-type=\"container\" data-settings=\"{&quot;background_background&quot;:&quot;classic&quot;}\">\n\t\t\t\t\t<div class=\"e-con-inner\">\n\t\t\t\t<div class=\"elementor-element elementor-element-874aa76 elementor-widget elementor-widget-text-editor\" data-id=\"874aa76\" data-element_type=\"widget\" data-e-type=\"widget\" data-widget_type=\"text-editor.default\">\n\t\t\t\t\t\t\t\t\t<p>Runy, star\u0161\u00ed <span class=\"iwg-fachbegriff\" data-tooltip=\"Podle prvn\u00edch znak\u016f nazvan\u00e9 po\u0159ad\u00ed germ\u00e1nsk\u00e9 runov\u00e9 abecedy.\" tabindex=\"0\">futhark<\/span>, mlad\u0161\u00ed a anglosask\u00fd, byly v\u00edc ne\u017e jen p\u00edsemn\u00fd syst\u00e9m. N\u00e1pisy na zbran\u00edch, amuletech a n\u00e1hrobn\u00edch kamenech dokl\u00e1daj\u00ed jejich ritu\u00e1ln\u00ed pou\u017eit\u00ed, a \u00d3dinova sebeob\u011b\u0165 na sv\u011btov\u00e9m stromu Yggdrasilu je pokl\u00e1d\u00e1na za mytologick\u00e9 zd\u016fvodn\u011bn\u00ed runov\u00e9 magie.<\/p><p>Prameny d\u00e1le znaj\u00ed galdr (zp\u00edvanou magii) a sei\u00f0r, \u0161amanskou transovou praxi.<\/p><h3>Stav bad\u00e1n\u00ed<\/h3><p>Germ\u00e1nsk\u00e9 n\u00e1bo\u017eenstv\u00ed je metodicky obt\u00ed\u017en\u00e9 zkoumat, proto\u017ee velk\u00e1 \u010d\u00e1st pramen\u016f, Snorra Edda a Gylfaginning, byla redigov\u00e1na a\u017e ve 13. stolet\u00ed na ji\u017e christianizovan\u00e9m Islandu.<\/p><p>Standardn\u00edmi d\u00edly jsou Hilda Ellis Davidson (<em>Gods and Myths of Northern Europe<\/em>, 1964), Rudolf Simek (<em>Lexikon der germanischen <span class=\"iwg-fachbegriff\" data-tooltip=\"Souhrn tradovan\u00fdch vypr\u00e1v\u011bn\u00ed o boz\u00edch ur\u010dit\u00e9 kultury.\" tabindex=\"0\">Mythologie<\/span><\/em>, 1995) a Anders Hultg\u00e5rd s n\u011bkolika p\u0159\u00edsp\u011bvky k indoevropsk\u00e9 historii n\u00e1bo\u017eenstv\u00ed.<\/p>\t\t\t\t\t\t\t\t<\/div>\n\t\t\t\t\t<\/div>\n\t\t\t\t<\/div>\n\t\t\t\t\t<\/div>\n\t\t\t\t<\/div>\n\t\t<div class=\"elementor-element elementor-element-iwgcc-germanis-sec e-flex e-con-boxed e-con e-parent\" data-id=\"iwgcc-germanis-sec\" data-element_type=\"container\" data-e-type=\"container\" id=\"iwg-cc-germanisch\">\n\t\t\t\t\t<div class=\"e-con-inner\">\n\t\t<div class=\"elementor-element elementor-element-iwgcc-germanis-inner e-flex e-con-boxed e-con e-parent\" data-id=\"iwgcc-germanis-inner\" data-element_type=\"container\" data-e-type=\"container\" data-settings=\"{&quot;background_background&quot;:&quot;classic&quot;}\">\n\t\t\t\t\t<div class=\"e-con-inner\">\n\t\t\t\t<div class=\"elementor-element elementor-element-iwgcc-germanis-h elementor-widget elementor-widget-heading\" data-id=\"iwgcc-germanis-h\" data-element_type=\"widget\" data-e-type=\"widget\" data-widget_type=\"heading.default\">\n\t\t\t\t\t<h2 class=\"elementor-heading-title elementor-size-default\">Ochrann\u00e9 p\u0159edm\u011bty v t\u00e9to kulturn\u00ed tradici<\/h2>\t\t\t\t<\/div>\n\t\t\t\t<div class=\"elementor-element elementor-element-iwgcc-germanis-t elementor-widget elementor-widget-text-editor\" data-id=\"iwgcc-germanis-t\" data-element_type=\"widget\" data-e-type=\"widget\" data-widget_type=\"text-editor.default\">\n\t\t\t\t\t\t\t\t\t<div data-nosnippet=\"true\"><p>V germ\u00e1nsko-seversk\u00e9 tradici byly p\u0159\u00edv\u011bsky s Thorov\u00fdm kladivem (Mj\u00f6lnir) a runov\u00e9 kameny nejb\u011b\u017en\u011bj\u0161\u00edmi nositeln\u00fdmi ochrann\u00fdmi znamen\u00edmi.<\/p><div data-nosnippet=\"true\"><p>iWell Guard se \u0159ad\u00ed do t\u00e9to kulturn\u011b-historick\u00e9 linie nositeln\u00fdch ochrann\u00fdch p\u0159edm\u011bt\u016f, v sou\u010dasn\u00e9 materi\u00e1lov\u00e9 architektu\u0159e, vyr\u00e1b\u011bno v N\u011bmecku. 41 vrstev, ryz\u00ed zlato, platina, st\u0159\u00edbro. 30denn\u00ed pr\u00e1vo na vr\u00e1cen\u00ed.<\/p><\/div><\/div>\t\t\t\t\t\t\t\t<\/div>\n\t\t\t\t<div class=\"elementor-element elementor-element-iwgcc-germanis-b iwg-cc-button iwg-cc-cta-2026-05-13 elementor-widget elementor-widget-jet-button\" data-id=\"iwgcc-germanis-b\" data-element_type=\"widget\" data-e-type=\"widget\" data-widget_type=\"jet-button.default\">\n\t\t\t\t<div class=\"elementor-widget-container\">\n\t\t\t\t\t<div class=\"elementor-jet-button jet-elements\"><div class=\"jet-button__container\"><a class=\"jet-button__instance jet-button__instance--icon-left hover-effect-1\" href=\"\/ueber-iwell-guard\/?utm_source=iwell-guard.com&amp;utm_medium=info-box&amp;utm_campaign=kultur-tradition\"><div class=\"jet-button__plane jet-button__plane-normal\"><\/div><div class=\"jet-button__plane jet-button__plane-hover\"><\/div><div class=\"jet-button__state jet-button__state-normal\"><span class=\"jet-button__label\">V\u00edce o iWell Guard<\/span><\/div><div class=\"jet-button__state jet-button__state-hover\"><span class=\"jet-button__label\">V\u00edce o iWell Guard<\/span><\/div><\/a><\/div><\/div><style>.elementor-element.elementor-element-iwgcc-germanis-b .jet-button__instance{width:320px;height:56px;}.elementor-element.elementor-element-iwgcc-germanis-b .jet-button__state-normal .jet-button__label{text-align:center;margin:0px 0px 0px 0px;color:#1a1b20;font-family:Montserrat,sans-serif;font-size:13px;font-weight:400;letter-spacing:4px;line-height:1.714em;text-transform:uppercase;}.elementor-element.elementor-element-iwgcc-germanis-b .jet-button__state-hover .jet-button__label{text-align:center;margin:0px 0px 0px 0px;color:#FECC76;font-family:Montserrat,sans-serif;font-size:13px;font-weight:400;letter-spacing:4px;line-height:1.714em;text-transform:uppercase;}.elementor-element.elementor-element-iwgcc-germanis-b .jet-button__plane-normal{background-color:#FECC76;border-style:solid;border-color:#C99540;border-width:2px 2px 2px 2px;}.elementor-element.elementor-element-iwgcc-germanis-b .jet-button__plane-hover{background-color:rgba(0,0,0,0.55);border-style:solid;border-color:#FECC76;border-width:2px 2px 2px 2px;}<\/style>\t\t\t\t<\/div>\n\t\t\t\t<\/div>\n\t\t\t\t<div class=\"elementor-element elementor-element-iwgcc-germanis-d elementor-widget elementor-widget-text-editor\" data-id=\"iwgcc-germanis-d\" data-element_type=\"widget\" data-e-type=\"widget\" data-widget_type=\"text-editor.default\">\n\t\t\t\t\t\t\t\t\t<div data-nosnippet=\"true\"><p style=\"text-align:center;font-size:13px;opacity:0.7;margin-top:14px\" data-nosnippet=\"true\">Osobn\u00ed zku\u0161enosti se mohou li\u0161it. Nejedn\u00e1 se o zdravotnick\u00fd prost\u0159edek. Nen\u00ed slibem l\u00e9\u010div\u00e9ho \u00fa\u010dinku.<\/p><\/div>\t\t\t\t\t\t\t\t<\/div>\n\t\t\t\t\t<\/div>\n\t\t\t\t<\/div>\n\t\t\t\t\t<\/div>\n\t\t\t\t<\/div>\n\t\t<div class=\"elementor-element elementor-element-iwgssrev-germanisch e-flex e-con-boxed e-con e-parent\" data-id=\"iwgssrev-germanisch\" data-element_type=\"container\" data-e-type=\"container\">\n\t\t\t\t\t<div class=\"e-con-inner\">\n\t\t\t\t<div class=\"elementor-element elementor-element-iwgssrev-germanisch-h elementor-widget elementor-widget-heading\" data-id=\"iwgssrev-germanisch-h\" data-element_type=\"widget\" data-e-type=\"widget\" data-widget_type=\"heading.default\">\n\t\t\t\t\t<h2 class=\"elementor-heading-title elementor-size-default\">Ochrann\u00e9 symboly z germ\u00e1nsk\u00e9ho sv\u011bta<\/h2>\t\t\t\t<\/div>\n\t\t\t\t<div class=\"elementor-element elementor-element-iwgssrev-germanisch-t elementor-widget elementor-widget-text-editor\" data-id=\"iwgssrev-germanisch-t\" data-element_type=\"widget\" data-e-type=\"widget\" data-widget_type=\"text-editor.default\">\n\t\t\t\t\t\t\t\t\t<p>Lexikon ochrann\u00fdch symbol\u016f se na samostatn\u00fdch str\u00e1nk\u00e1ch v\u011bnuje n\u011bkolika znak\u016fm a p\u0159edm\u011bt\u016fm z germ\u00e1nsk\u00e9ho sv\u011bta: <a href=\"https:\/\/iwell-guard.com\/cs\/?page_id=145698\">brakte\u00e1t<\/a>, <a href=\"https:\/\/iwell-guard.com\/cs\/?page_id=145697\">ochrann\u00e9 runy<\/a>, <a href=\"https:\/\/iwell-guard.com\/cs\/?page_id=145651\">Thorovo kladivo<\/a>, <a href=\"https:\/\/iwell-guard.com\/cs\/?page_id=145699\">troll\u00ed k\u0159\u00ed\u017e<\/a>, <a href=\"https:\/\/iwell-guard.com\/cs\/?page_id=145665\">valknut<\/a>, <a href=\"https:\/\/iwell-guard.com\/cs\/?page_id=145666\">vegv\u00edsir<\/a> a <a href=\"https:\/\/iwell-guard.com\/cs\/?page_id=145695\">\u00c6gishj\u00e1lmur<\/a>. P\u0159ehled nap\u0159\u00ed\u010d kulturami nab\u00edz\u00ed str\u00e1nka o <a href=\"https:\/\/iwell-guard.com\/cs\/?page_id=145429\">ochrann\u00fdch symbolech<\/a>.<\/p>\t\t\t\t\t\t\t\t<\/div>\n\t\t\t\t\t<\/div>\n\t\t\t\t<\/div>\n\t\t\t\t<\/div>\n\t\t","protected":false},"excerpt":{"rendered":"","protected":false},"author":3,"featured_media":1723,"parent":0,"menu_order":0,"comment_status":"closed","ping_status":"closed","template":"elementor_header_footer","meta":{"_yoast_wpseo_focuskw":"sever\u0161t\u00ed bohov\u00e9","_yoast_wpseo_title":"Sever\u0161t\u00ed bohov\u00e9 \u2013 \u00c1sov\u00e9, Vanov\u00e9, Edda | iWell Guard","_yoast_wpseo_metadesc":"Sever\u0161t\u00ed bohov\u00e9 a germ\u00e1nsk\u00e1 mytologie: Odin, Thor, Freyja, Loki, Hel. Tradice Eddy, Yggdrasil, Ragnar\u00f6k. Panteon \u00c1s\u016f a Van\u016f.","_yoast_wpseo_meta-robots-noindex":"","_yoast_wpseo_canonical":"","_angie_page":false,"gefaehrdungsstufe":"","wesen_kultur":"","wesen_klasse":"","footnotes":""},"categories":[],"class_list":["post-145141","page","type-page","status-publish","has-post-thumbnail","hentry"],"yoast_head":"<!-- This site is optimized with the Yoast SEO Premium plugin v27.7 (Yoast SEO v28.3) - https:\/\/yoast.com\/product\/yoast-seo-premium-wordpress\/ -->\n<title>Sever\u0161t\u00ed bohov\u00e9 \u2013 \u00c1sov\u00e9, Vanov\u00e9, Edda | iWell Guard<\/title>\n<meta name=\"description\" content=\"Sever\u0161t\u00ed bohov\u00e9 a germ\u00e1nsk\u00e1 mytologie: Odin, Thor, Freyja, Loki, Hel. Tradice Eddy, Yggdrasil, Ragnar\u00f6k. Panteon \u00c1s\u016f a Van\u016f.\" \/>\n<meta name=\"robots\" content=\"index, follow, max-snippet:-1, max-image-preview:large, max-video-preview:-1\" \/>\n<link rel=\"canonical\" href=\"https:\/\/iwell-guard.com\/cs\/germansky\/\" \/>\n<meta property=\"og:locale\" content=\"cs_CZ\" \/>\n<meta property=\"og:type\" content=\"article\" \/>\n<meta property=\"og:title\" content=\"Germ\u00e1nsk\u00fd\" \/>\n<meta property=\"og:description\" content=\"Sever\u0161t\u00ed bohov\u00e9 a germ\u00e1nsk\u00e1 mytologie: Odin, Thor, Freyja, Loki, Hel. Tradice Eddy, Yggdrasil, Ragnar\u00f6k. Panteon \u00c1s\u016f a Van\u016f.\" \/>\n<meta property=\"og:url\" content=\"https:\/\/iwell-guard.com\/cs\/germansky\/\" \/>\n<meta property=\"og:site_name\" content=\"iWell Guard\" \/>\n<meta property=\"article:modified_time\" content=\"2026-09-03T16:47:55+00:00\" \/>\n<meta property=\"og:image\" content=\"https:\/\/iwell-guard.com\/wp-content\/uploads\/2026\/04\/goetter_germanisch_odin.webp\" \/>\n\t<meta property=\"og:image:width\" content=\"1024\" \/>\n\t<meta property=\"og:image:height\" content=\"1536\" \/>\n\t<meta property=\"og:image:type\" content=\"image\/webp\" \/>\n<meta name=\"twitter:card\" content=\"summary_large_image\" \/>\n<script type=\"application\/ld+json\" class=\"yoast-schema-graph\">{\"@context\":\"https:\\\/\\\/schema.org\",\"@graph\":[{\"@type\":\"WebPage\",\"@id\":\"https:\\\/\\\/iwell-guard.com\\\/cs\\\/germansky\\\/\",\"url\":\"https:\\\/\\\/iwell-guard.com\\\/cs\\\/germansky\\\/\",\"name\":\"Sever\u0161t\u00ed bohov\u00e9 \u2013 \u00c1sov\u00e9, Vanov\u00e9, Edda | iWell Guard\",\"isPartOf\":{\"@id\":\"https:\\\/\\\/iwell-guard.com\\\/cs\\\/#website\"},\"primaryImageOfPage\":{\"@id\":\"https:\\\/\\\/iwell-guard.com\\\/cs\\\/germansky\\\/#primaryimage\"},\"image\":{\"@id\":\"https:\\\/\\\/iwell-guard.com\\\/cs\\\/germansky\\\/#primaryimage\"},\"thumbnailUrl\":\"https:\\\/\\\/iwell-guard.com\\\/wp-content\\\/uploads\\\/2026\\\/04\\\/goetter_germanisch_odin.webp\",\"datePublished\":\"2026-09-03T16:27:28+00:00\",\"dateModified\":\"2026-09-03T16:47:55+00:00\",\"description\":\"Sever\u0161t\u00ed bohov\u00e9 a germ\u00e1nsk\u00e1 mytologie: Odin, Thor, Freyja, Loki, Hel. Tradice Eddy, Yggdrasil, Ragnar\u00f6k. Panteon \u00c1s\u016f a Van\u016f.\",\"breadcrumb\":{\"@id\":\"https:\\\/\\\/iwell-guard.com\\\/cs\\\/germansky\\\/#breadcrumb\"},\"inLanguage\":\"cs\",\"potentialAction\":[{\"@type\":\"ReadAction\",\"target\":[\"https:\\\/\\\/iwell-guard.com\\\/cs\\\/germansky\\\/\"]}]},{\"@type\":\"ImageObject\",\"inLanguage\":\"cs\",\"@id\":\"https:\\\/\\\/iwell-guard.com\\\/cs\\\/germansky\\\/#primaryimage\",\"url\":\"https:\\\/\\\/iwell-guard.com\\\/wp-content\\\/uploads\\\/2026\\\/04\\\/goetter_germanisch_odin.webp\",\"contentUrl\":\"https:\\\/\\\/iwell-guard.com\\\/wp-content\\\/uploads\\\/2026\\\/04\\\/goetter_germanisch_odin.webp\",\"width\":1024,\"height\":1536,\"caption\":\"Bohov\u00e9 z germ\u00e1nsk\u00e9 tradice.\"},{\"@type\":\"BreadcrumbList\",\"@id\":\"https:\\\/\\\/iwell-guard.com\\\/cs\\\/germansky\\\/#breadcrumb\",\"itemListElement\":[{\"@type\":\"ListItem\",\"position\":1,\"name\":\"Start\",\"item\":\"https:\\\/\\\/iwell-guard.com\\\/cs\\\/?page_id=145107\"},{\"@type\":\"ListItem\",\"position\":2,\"name\":\"Germ\u00e1nsk\u00fd\"}]},{\"@type\":\"WebSite\",\"@id\":\"https:\\\/\\\/iwell-guard.com\\\/cs\\\/#website\",\"url\":\"https:\\\/\\\/iwell-guard.com\\\/cs\\\/\",\"name\":\"iWell Guard\",\"description\":\"Schutz vor dunklen Einfl\u00fcssen\",\"publisher\":{\"@id\":\"https:\\\/\\\/iwell-guard.com\\\/cs\\\/#organization\"},\"potentialAction\":[{\"@type\":\"SearchAction\",\"target\":{\"@type\":\"EntryPoint\",\"urlTemplate\":\"https:\\\/\\\/iwell-guard.com\\\/cs\\\/?s={search_term_string}\"},\"query-input\":{\"@type\":\"PropertyValueSpecification\",\"valueRequired\":true,\"valueName\":\"search_term_string\"}}],\"inLanguage\":\"cs\"},{\"@type\":\"Organization\",\"@id\":\"https:\\\/\\\/iwell-guard.com\\\/cs\\\/#organization\",\"name\":\"Ittermann electronic GmbH\",\"url\":\"https:\\\/\\\/iwell-guard.com\\\/cs\\\/\",\"logo\":{\"@type\":\"ImageObject\",\"inLanguage\":\"cs\",\"@id\":\"https:\\\/\\\/iwell-guard.com\\\/cs\\\/#\\\/schema\\\/logo\\\/image\\\/\",\"url\":\"https:\\\/\\\/iwell-guard.com\\\/wp-content\\\/uploads\\\/2026\\\/05\\\/Ittermann-Logo-1182x237-1.png\",\"contentUrl\":\"https:\\\/\\\/iwell-guard.com\\\/wp-content\\\/uploads\\\/2026\\\/05\\\/Ittermann-Logo-1182x237-1.png\",\"width\":1182,\"height\":237,\"caption\":\"Ittermann electronic GmbH\"},\"image\":{\"@id\":\"https:\\\/\\\/iwell-guard.com\\\/cs\\\/#\\\/schema\\\/logo\\\/image\\\/\"},\"sameAs\":[\"https:\\\/\\\/pantip.com\\\/profile\\\/9367242\",\"https:\\\/\\\/micro.blog\\\/iwellguard\",\"https:\\\/\\\/www.diggerslist.com\\\/iwellguard\\\/about\",\"https:\\\/\\\/skitterphoto.com\\\/photographers\\\/2870314\\\/iwell-guard\",\"https:\\\/\\\/iwellguard.wordpress.com\\\/2026\\\/06\\\/06\\\/iwell-guard\\\/\",\"https:\\\/\\\/hub.docker.com\\\/u\\\/iwellguard\",\"https:\\\/\\\/www.pinterest.com\\\/iwellguard\\\/\",\"https:\\\/\\\/bit.ly\\\/m\\\/iwellguard\",\"https:\\\/\\\/entre-vos-mains.alsace.eu\\\/profiles\\\/iwellguard\\\/activity\",\"https:\\\/\\\/gravatar.com\\\/reallybeded8fd34\",\"https:\\\/\\\/naijamatta.com\\\/iwellguard\",\"https:\\\/\\\/www.goodreads.com\\\/iwellguard\",\"https:\\\/\\\/profile.hatena.ne.jp\\\/iwellguard\\\/\",\"https:\\\/\\\/experiment.com\\\/users\\\/iwellguard\",\"https:\\\/\\\/wakelet.com\\\/@iWellGuard82270\",\"https:\\\/\\\/www.chordie.com\\\/forum\\\/profile.php?id=2555664\",\"https:\\\/\\\/www.instapaper.com\\\/p\\\/17757966\",\"https:\\\/\\\/www.mapleprimes.com\\\/users\\\/iwellguard\",\"https:\\\/\\\/businesslistingplus.com\\\/profile\\\/iwell-guard\\\/\",\"https:\\\/\\\/telegra.ph\\\/iWell-Guard-06-06\",\"https:\\\/\\\/pbase.com\\\/iwellguard\\\/iwellguard\",\"https:\\\/\\\/b.hatena.ne.jp\\\/iwellguard\\\/20260607#bookmark-4788405196491818882\",\"https:\\\/\\\/fliphtml5.com\\\/home\\\/iwellguard\",\"https:\\\/\\\/anyflip.com\\\/homepage\\\/cmiwl#About\",\"https:\\\/\\\/transfur.com\\\/Users\\\/iwellguard\",\"http:\\\/\\\/delphi.larsbo.org\\\/user\\\/iwellguard\",\"https:\\\/\\\/jobs.lajobsportal.org\\\/profiles\\\/8380803-iwell-guard\",\"https:\\\/\\\/md.chaosdorf.de\\\/s\\\/jfbe5SBdJD\",\"https:\\\/\\\/www.lingvolive.com\\\/en-us\\\/profile\\\/9ecaeaca-ce11-4e51-9e71-01d55e2bff36\\\/translations\",\"https:\\\/\\\/www.fitday.com\\\/fitness\\\/forums\\\/members\\\/iwellguard.html\",\"https:\\\/\\\/www.mymeetbook.com\\\/iwellguard\",\"https:\\\/\\\/pxhere.com\\\/en\\\/photographer-me\\\/5040798\",\"https:\\\/\\\/disqus.com\\\/by\\\/iwellguard\\\/about\\\/\",\"https:\\\/\\\/pastelink.net\\\/hjwciqwq\",\"https:\\\/\\\/pubhtml5.com\\\/homepage\\\/scjhn\\\/\",\"https:\\\/\\\/www.bitchute.com\\\/channel\\\/2O2eOKzNqujT\",\"https:\\\/\\\/audiomack.com\\\/iwellguard\"]}]}<\/script>\n<!-- \/ Yoast SEO Premium plugin. -->","yoast_head_json":{"title":"Sever\u0161t\u00ed bohov\u00e9 \u2013 \u00c1sov\u00e9, Vanov\u00e9, Edda | iWell Guard","description":"Sever\u0161t\u00ed bohov\u00e9 a germ\u00e1nsk\u00e1 mytologie: Odin, Thor, Freyja, Loki, Hel. Tradice Eddy, Yggdrasil, Ragnar\u00f6k. Panteon \u00c1s\u016f a Van\u016f.","robots":{"index":"index","follow":"follow","max-snippet":"max-snippet:-1","max-image-preview":"max-image-preview:large","max-video-preview":"max-video-preview:-1"},"canonical":"https:\/\/iwell-guard.com\/cs\/germansky\/","og_locale":"cs_CZ","og_type":"article","og_title":"Germ\u00e1nsk\u00fd","og_description":"Sever\u0161t\u00ed bohov\u00e9 a germ\u00e1nsk\u00e1 mytologie: Odin, Thor, Freyja, Loki, Hel. Tradice Eddy, Yggdrasil, Ragnar\u00f6k. Panteon \u00c1s\u016f a Van\u016f.","og_url":"https:\/\/iwell-guard.com\/cs\/germansky\/","og_site_name":"iWell Guard","article_modified_time":"2026-09-03T16:47:55+00:00","og_image":[{"width":1024,"height":1536,"url":"https:\/\/iwell-guard.com\/wp-content\/uploads\/2026\/04\/goetter_germanisch_odin.webp","type":"image\/webp"}],"twitter_card":"summary_large_image","schema":{"@context":"https:\/\/schema.org","@graph":[{"@type":"WebPage","@id":"https:\/\/iwell-guard.com\/cs\/germansky\/","url":"https:\/\/iwell-guard.com\/cs\/germansky\/","name":"Sever\u0161t\u00ed bohov\u00e9 \u2013 \u00c1sov\u00e9, Vanov\u00e9, Edda | iWell Guard","isPartOf":{"@id":"https:\/\/iwell-guard.com\/cs\/#website"},"primaryImageOfPage":{"@id":"https:\/\/iwell-guard.com\/cs\/germansky\/#primaryimage"},"image":{"@id":"https:\/\/iwell-guard.com\/cs\/germansky\/#primaryimage"},"thumbnailUrl":"https:\/\/iwell-guard.com\/wp-content\/uploads\/2026\/04\/goetter_germanisch_odin.webp","datePublished":"2026-09-03T16:27:28+00:00","dateModified":"2026-09-03T16:47:55+00:00","description":"Sever\u0161t\u00ed bohov\u00e9 a germ\u00e1nsk\u00e1 mytologie: Odin, Thor, Freyja, Loki, Hel. Tradice Eddy, Yggdrasil, Ragnar\u00f6k. Panteon \u00c1s\u016f a Van\u016f.","breadcrumb":{"@id":"https:\/\/iwell-guard.com\/cs\/germansky\/#breadcrumb"},"inLanguage":"cs","potentialAction":[{"@type":"ReadAction","target":["https:\/\/iwell-guard.com\/cs\/germansky\/"]}]},{"@type":"ImageObject","inLanguage":"cs","@id":"https:\/\/iwell-guard.com\/cs\/germansky\/#primaryimage","url":"https:\/\/iwell-guard.com\/wp-content\/uploads\/2026\/04\/goetter_germanisch_odin.webp","contentUrl":"https:\/\/iwell-guard.com\/wp-content\/uploads\/2026\/04\/goetter_germanisch_odin.webp","width":1024,"height":1536,"caption":"Bohov\u00e9 z germ\u00e1nsk\u00e9 tradice."},{"@type":"BreadcrumbList","@id":"https:\/\/iwell-guard.com\/cs\/germansky\/#breadcrumb","itemListElement":[{"@type":"ListItem","position":1,"name":"Start","item":"https:\/\/iwell-guard.com\/cs\/?page_id=145107"},{"@type":"ListItem","position":2,"name":"Germ\u00e1nsk\u00fd"}]},{"@type":"WebSite","@id":"https:\/\/iwell-guard.com\/cs\/#website","url":"https:\/\/iwell-guard.com\/cs\/","name":"iWell Guard","description":"Schutz vor dunklen Einfl\u00fcssen","publisher":{"@id":"https:\/\/iwell-guard.com\/cs\/#organization"},"potentialAction":[{"@type":"SearchAction","target":{"@type":"EntryPoint","urlTemplate":"https:\/\/iwell-guard.com\/cs\/?s={search_term_string}"},"query-input":{"@type":"PropertyValueSpecification","valueRequired":true,"valueName":"search_term_string"}}],"inLanguage":"cs"},{"@type":"Organization","@id":"https:\/\/iwell-guard.com\/cs\/#organization","name":"Ittermann electronic GmbH","url":"https:\/\/iwell-guard.com\/cs\/","logo":{"@type":"ImageObject","inLanguage":"cs","@id":"https:\/\/iwell-guard.com\/cs\/#\/schema\/logo\/image\/","url":"https:\/\/iwell-guard.com\/wp-content\/uploads\/2026\/05\/Ittermann-Logo-1182x237-1.png","contentUrl":"https:\/\/iwell-guard.com\/wp-content\/uploads\/2026\/05\/Ittermann-Logo-1182x237-1.png","width":1182,"height":237,"caption":"Ittermann electronic GmbH"},"image":{"@id":"https:\/\/iwell-guard.com\/cs\/#\/schema\/logo\/image\/"},"sameAs":["https:\/\/pantip.com\/profile\/9367242","https:\/\/micro.blog\/iwellguard","https:\/\/www.diggerslist.com\/iwellguard\/about","https:\/\/skitterphoto.com\/photographers\/2870314\/iwell-guard","https:\/\/iwellguard.wordpress.com\/2026\/06\/06\/iwell-guard\/","https:\/\/hub.docker.com\/u\/iwellguard","https:\/\/www.pinterest.com\/iwellguard\/","https:\/\/bit.ly\/m\/iwellguard","https:\/\/entre-vos-mains.alsace.eu\/profiles\/iwellguard\/activity","https:\/\/gravatar.com\/reallybeded8fd34","https:\/\/naijamatta.com\/iwellguard","https:\/\/www.goodreads.com\/iwellguard","https:\/\/profile.hatena.ne.jp\/iwellguard\/","https:\/\/experiment.com\/users\/iwellguard","https:\/\/wakelet.com\/@iWellGuard82270","https:\/\/www.chordie.com\/forum\/profile.php?id=2555664","https:\/\/www.instapaper.com\/p\/17757966","https:\/\/www.mapleprimes.com\/users\/iwellguard","https:\/\/businesslistingplus.com\/profile\/iwell-guard\/","https:\/\/telegra.ph\/iWell-Guard-06-06","https:\/\/pbase.com\/iwellguard\/iwellguard","https:\/\/b.hatena.ne.jp\/iwellguard\/20260607#bookmark-4788405196491818882","https:\/\/fliphtml5.com\/home\/iwellguard","https:\/\/anyflip.com\/homepage\/cmiwl#About","https:\/\/transfur.com\/Users\/iwellguard","http:\/\/delphi.larsbo.org\/user\/iwellguard","https:\/\/jobs.lajobsportal.org\/profiles\/8380803-iwell-guard","https:\/\/md.chaosdorf.de\/s\/jfbe5SBdJD","https:\/\/www.lingvolive.com\/en-us\/profile\/9ecaeaca-ce11-4e51-9e71-01d55e2bff36\/translations","https:\/\/www.fitday.com\/fitness\/forums\/members\/iwellguard.html","https:\/\/www.mymeetbook.com\/iwellguard","https:\/\/pxhere.com\/en\/photographer-me\/5040798","https:\/\/disqus.com\/by\/iwellguard\/about\/","https:\/\/pastelink.net\/hjwciqwq","https:\/\/pubhtml5.com\/homepage\/scjhn\/","https:\/\/www.bitchute.com\/channel\/2O2eOKzNqujT","https:\/\/audiomack.com\/iwellguard"]}]}},"_links":{"self":[{"href":"https:\/\/iwell-guard.com\/cs\/wp-json\/wp\/v2\/pages\/145141","targetHints":{"allow":["GET"]}}],"collection":[{"href":"https:\/\/iwell-guard.com\/cs\/wp-json\/wp\/v2\/pages"}],"about":[{"href":"https:\/\/iwell-guard.com\/cs\/wp-json\/wp\/v2\/types\/page"}],"author":[{"embeddable":true,"href":"https:\/\/iwell-guard.com\/cs\/wp-json\/wp\/v2\/users\/3"}],"replies":[{"embeddable":true,"href":"https:\/\/iwell-guard.com\/cs\/wp-json\/wp\/v2\/comments?post=145141"}],"version-history":[{"count":0,"href":"https:\/\/iwell-guard.com\/cs\/wp-json\/wp\/v2\/pages\/145141\/revisions"}],"wp:featuredmedia":[{"embeddable":true,"href":"https:\/\/iwell-guard.com\/cs\/wp-json\/wp\/v2\/media\/1723"}],"wp:attachment":[{"href":"https:\/\/iwell-guard.com\/cs\/wp-json\/wp\/v2\/media?parent=145141"}],"wp:term":[{"taxonomy":"category","embeddable":true,"href":"https:\/\/iwell-guard.com\/cs\/wp-json\/wp\/v2\/categories?post=145141"}],"curies":[{"name":"wp","href":"https:\/\/api.w.org\/{rel}","templated":true}]}}