{"id":172622,"date":"2026-09-05T15:53:38","date_gmt":"2026-09-05T15:53:38","guid":{"rendered":"https:\/\/iwell-guard.com\/?page_id=172622"},"modified":"2026-09-05T17:14:38","modified_gmt":"2026-09-05T17:14:38","slug":"gordolobo","status":"publish","type":"page","link":"https:\/\/iwell-guard.com\/ca\/gordolobo\/","title":{"rendered":"Gordolobo"},"content":{"rendered":"\t\t<div data-elementor-type=\"wp-page\" data-elementor-id=\"172622\" class=\"elementor elementor-172622 elementor-20504 elementor-bc-flex-widget\" data-elementor-post-type=\"page\">\n\t\t\t\t<div class=\"elementor-element elementor-element-iwgs-wacholder-hero e-flex e-con-boxed e-con e-parent\" data-id=\"iwgs-wacholder-hero\" data-element_type=\"container\" data-e-type=\"container\">\n\t\t\t\t\t<div class=\"e-con-inner\">\n\t\t<div class=\"elementor-element elementor-element-iw-wacholder-hero-left e-con-full e-flex e-con e-child\" data-id=\"iw-wacholder-hero-left\" data-element_type=\"container\" data-e-type=\"container\">\n\t\t\t\t<div class=\"elementor-element elementor-element-iwgs-wacholder-h1 elementor-widget elementor-widget-heading\" data-id=\"iwgs-wacholder-h1\" data-element_type=\"widget\" data-e-type=\"widget\" data-widget_type=\"heading.default\">\n\t\t\t\t\t<h1 class=\"elementor-heading-title elementor-size-default\">Gordolobo \u2013 Herba protectora contra els llamps i els esperits malignes<\/h1>\t\t\t\t<\/div>\n\t\t<div class=\"elementor-element elementor-element-iw-wacholder-hero-bw e-con-full e-flex e-con e-child\" data-id=\"iw-wacholder-hero-bw\" data-element_type=\"container\" data-e-type=\"container\">\n\t\t\t\t<div class=\"elementor-element elementor-element-iwgs-wacholder-pills elementor-widget elementor-widget-html\" data-id=\"iwgs-wacholder-pills\" data-element_type=\"widget\" data-e-type=\"widget\" data-widget_type=\"html.default\">\n\t\t\t\t\t<div class=\"iwg-pill-row\"><span class=\"iwg-klasse-badge\" tabindex=\"0\" data-tooltip=\"Tipus d'element protector.\">Herba protectora<\/span><a href=\"https:\/\/iwell-guard.com\/ca\/?page_id=172581\" class=\"iwg-kultur-badge\" tabindex=\"0\" data-tooltip=\"A la visi\u00f3 general de les herbes protectores.\">Herbes protectores<\/a><\/div>\t\t\t\t<\/div>\n\t\t\t\t<div class=\"elementor-element elementor-element-iwgs-wacholder-lead elementor-widget elementor-widget-text-editor\" data-id=\"iwgs-wacholder-lead\" data-element_type=\"widget\" data-e-type=\"widget\" data-widget_type=\"text-editor.default\">\n\t\t\t\t\t\t\t\t\t<p>El gordolobo (Verbascum), anomenat popularment tamb\u00e9 ciri celestial, ciri del tro o ciri del temps, es considera des de temps antics una planta amb una for\u00e7a especial, orientada cap al cel. La seva tija recta, sovint tan alta com una persona, s&#8217;interpretava com un signe visible de la connexi\u00f3 entre la terra i el cel.<\/p><p>La tradici\u00f3 atribueix al gordolobo poders m\u00e0gics que actuarien sobretot contra dos perills: la caiguda de llamps i els esperits malignes. Tamb\u00e9 es diu que protegia els vianants de les b\u00e8sties fer\u00e9stegues quan portaven a sobre un tros de la planta.<\/p>\n<p class=\"iwg-kwfix\">La creen\u00e7a popular atribueix al gordolobo poders m\u00e0gics contra els llamps i els esperits malignes. Com a herba protectora contra els llamps i els esperits malignes, el gordolobo ha acompanyat els vianants des de sempre en camins perillosos.<\/p>\t\t\t\t\t\t\t\t<\/div>\n\t\t\t\t<\/div>\n\t\t\t\t<\/div>\n\t\t<div class=\"elementor-element elementor-element-iw-wacholder-hero-img e-con-full e-flex e-con e-child\" data-id=\"iw-wacholder-hero-img\" data-element_type=\"container\" data-e-type=\"container\">\n\t\t\t\t<div class=\"elementor-element elementor-element-iwgs-wacholder-himg iwg-hero-image elementor-widget elementor-widget-image\" data-id=\"iwgs-wacholder-himg\" data-element_type=\"widget\" data-e-type=\"widget\" data-widget_type=\"image.default\">\n\t\t\t\t\t\t\t\t\t\t\t\t\t\t\t<img fetchpriority=\"high\" decoding=\"async\" width=\"683\" height=\"1024\" src=\"https:\/\/iwell-guard.com\/wp-content\/uploads\/2026\/05\/schutzsymbol_germanisch_wacholder-683x1024.png\" class=\"attachment-large size-large wp-image-173198\" alt=\"Verbena \u2013 planta protectora i ritual, il\u00b7lustraci\u00f3 hist\u00f2rica\" srcset=\"https:\/\/iwell-guard.com\/wp-content\/uploads\/2026\/05\/schutzsymbol_germanisch_wacholder-683x1024.png 683w, https:\/\/iwell-guard.com\/wp-content\/uploads\/2026\/05\/schutzsymbol_germanisch_wacholder-200x300.png 200w, https:\/\/iwell-guard.com\/wp-content\/uploads\/2026\/05\/schutzsymbol_germanisch_wacholder-768x1152.png 768w, https:\/\/iwell-guard.com\/wp-content\/uploads\/2026\/05\/schutzsymbol_germanisch_wacholder.png 1024w\" sizes=\"(max-width: 683px) 100vw, 683px\" \/>\t\t\t\t\t\t\t\t\t\t\t\t\t\t\t<\/div>\n\t\t\t\t<\/div>\n\t\t\t\t\t<\/div>\n\t\t\t\t<\/div>\n\t\t<div class=\"elementor-element elementor-element-iwgs-wacholder-s0 e-flex e-con-boxed e-con e-parent\" data-id=\"iwgs-wacholder-s0\" data-element_type=\"container\" data-e-type=\"container\">\n\t\t\t\t\t<div class=\"e-con-inner\">\n\t\t\t\t<div class=\"elementor-element elementor-element-iwgs-wacholder-s0h elementor-widget elementor-widget-heading\" data-id=\"iwgs-wacholder-s0h\" data-element_type=\"widget\" data-e-type=\"widget\" data-widget_type=\"heading.default\">\n\t\t\t\t\t<h2 class=\"elementor-heading-title elementor-size-default\">Resum r\u00e0pid<\/h2>\t\t\t\t<\/div>\n\t\t<div class=\"elementor-element elementor-element-iw-wacholder-s0-bw e-con-full e-flex e-con e-child\" data-id=\"iw-wacholder-s0-bw\" data-element_type=\"container\" data-e-type=\"container\">\n\t\t\t\t<div class=\"elementor-element elementor-element-iwgs-wacholder-s0t elementor-widget elementor-widget-text-editor\" data-id=\"iwgs-wacholder-s0t\" data-element_type=\"widget\" data-e-type=\"widget\" data-widget_type=\"text-editor.default\">\n\t\t\t\t\t\t\t\t\t<p>El gordolobo (Verbascum, diverses esp\u00e8cies com V. thapsus i V. densiflorum) \u00e9s una planta biennal de creixement alt, amb un fullatge dens i coton\u00f3s i flors grogues al llarg d&#8217;una tija en forma de ciri. Creix preferentment en llocs secs i assolellats, vores de camins i erms.<\/p><p>Noms populars com ciri celestial, ciri del tro, ciri del temps i herba de la Mare de D\u00e9u remeten al seu paper tradicional com a planta protectora contra el mal temps. Com a herba bene\u00efda, formava part fixa dels manats d&#8217;herbes que es bene\u00efen per la festa de l&#8217;Assumpci\u00f3 de la Mare de D\u00e9u.<\/p>\t\t\t\t\t\t\t\t<\/div>\n\t\t\t\t<\/div>\n\t\t\t\t\t<\/div>\n\t\t\t\t<\/div>\n\t\t<div class=\"elementor-element elementor-element-iwgs-wacholder-s1 e-flex e-con-boxed e-con e-parent\" data-id=\"iwgs-wacholder-s1\" data-element_type=\"container\" data-e-type=\"container\">\n\t\t\t\t\t<div class=\"e-con-inner\">\n\t\t\t\t<div class=\"elementor-element elementor-element-iwgs-wacholder-s1h elementor-widget elementor-widget-heading\" data-id=\"iwgs-wacholder-s1h\" data-element_type=\"widget\" data-e-type=\"widget\" data-widget_type=\"heading.default\">\n\t\t\t\t\t<h2 class=\"elementor-heading-title elementor-size-default\">Origen i tradici\u00f3<\/h2>\t\t\t\t<\/div>\n\t\t<div class=\"elementor-element elementor-element-iw-wacholder-s1-bw e-con-full e-flex e-con e-child\" data-id=\"iw-wacholder-s1-bw\" data-element_type=\"container\" data-e-type=\"container\">\n\t\t\t\t<div class=\"elementor-element elementor-element-iwgs-wacholder-s1t elementor-widget elementor-widget-text-editor\" data-id=\"iwgs-wacholder-s1t\" data-element_type=\"widget\" data-e-type=\"widget\" data-widget_type=\"text-editor.default\">\n\t\t\t\t\t\t\t\t\t<p>El nom en alt alemany antic \u00abhimilbrando\u00bb (foc del cel) descriu la planta com una mena de torxa encesa que assenyala cap al cel. Untada amb pega o quitr\u00e0 i encesa, la tija florida servia antigament, de fet, com a torxa senzilla, d&#8217;on ve tamb\u00e9 el nom de \u00abciri reial\u00bb (gordolobo).<\/p><p>En la tradici\u00f3 cristiana, la planta es va associar a la Mare de D\u00e9u i, com a herba de la Mare de D\u00e9u, va esdevenir part fixa del manat d&#8217;herbes que es bene\u00efa a l&#8217;esgl\u00e9sia el 15 d&#8217;agost, festa de l&#8217;Assumpci\u00f3. Aquest estatus d&#8217;herba bene\u00efda explica per qu\u00e8 en moltes regions el gordolobo tamb\u00e9 es coneixia com a herba de benedicci\u00f3.<\/p><p>F\u00f3rmules de benedicci\u00f3 com \u00abLa nostra Senyora camina per la terra, porta el foc del cel a la m\u00e0\u00bb testimonien la relaci\u00f3 estreta entre la veneraci\u00f3 de Maria i la m\u00e0gia de les plantes, t\u00edpica de la creen\u00e7a popular tardana.<\/p>\t\t\t\t\t\t\t\t<\/div>\n\t\t\t\t<\/div>\n\t\t\t\t\t<\/div>\n\t\t\t\t<\/div>\n\t\t<div class=\"elementor-element elementor-element-iwgs-wacholder-s2 e-flex e-con-boxed e-con e-parent\" data-id=\"iwgs-wacholder-s2\" data-element_type=\"container\" data-e-type=\"container\">\n\t\t\t\t\t<div class=\"e-con-inner\">\n\t\t\t\t<div class=\"elementor-element elementor-element-iwgs-wacholder-s2h elementor-widget elementor-widget-heading\" data-id=\"iwgs-wacholder-s2h\" data-element_type=\"widget\" data-e-type=\"widget\" data-widget_type=\"heading.default\">\n\t\t\t\t\t<h2 class=\"elementor-heading-title elementor-size-default\">Principi d'acci\u00f3 segons la tradici\u00f3<\/h2>\t\t\t\t<\/div>\n\t\t<div class=\"elementor-element elementor-element-iw-wacholder-s2-bw e-con-full e-flex e-con e-child\" data-id=\"iw-wacholder-s2-bw\" data-element_type=\"container\" data-e-type=\"container\">\n\t\t\t\t<div class=\"elementor-element elementor-element-iwgs-wacholder-s2t elementor-widget elementor-widget-text-editor\" data-id=\"iwgs-wacholder-s2t\" data-element_type=\"widget\" data-e-type=\"widget\" data-widget_type=\"text-editor.default\">\n\t\t\t\t\t\t\t\t\t<p>Segons la tradici\u00f3, el gordolobo protegeix per dues vies: per la seva forma i per la seva benedicci\u00f3. El seu creixement recte i alt, que s&#8217;enfila de la terra cap al cel, s&#8217;interpretava com un senyal natural de la seva capacitat de desviar els llamps de la casa i de la propietat.<\/p><p>Per aix\u00f2 es col\u00b7locaven tiges o flors assecades sota la teulada, al capcer o a prop de la casa, en la creen\u00e7a que la planta atreia cap a ella la for\u00e7a de la tempesta. Com a herba bene\u00efda, formant part del manat d&#8217;herbes, se li atribu\u00efa a m\u00e9s una for\u00e7a protectora legitimada per l&#8217;Esgl\u00e9sia, que anava m\u00e9s enll\u00e0 de la simple m\u00e0gia vegetal.<\/p><p>Es diu que als vianants, portar una tija o una petita bossa amb flors els oferia protecci\u00f3 contra les b\u00e8sties fer\u00e9stegues, una idea que situa la planta entre les herbes protectores dels viatgers i dels camins.<\/p>\t\t\t\t\t\t\t\t<\/div>\n\t\t\t\t<\/div>\n\t\t\t\t\t<\/div>\n\t\t\t\t<\/div>\n\t\t<div class=\"elementor-element elementor-element-iwgs-wacholder-s3 e-flex e-con-boxed e-con e-parent\" data-id=\"iwgs-wacholder-s3\" data-element_type=\"container\" data-e-type=\"container\">\n\t\t\t\t\t<div class=\"e-con-inner\">\n\t\t\t\t<div class=\"elementor-element elementor-element-iwgs-wacholder-s3h elementor-widget elementor-widget-heading\" data-id=\"iwgs-wacholder-s3h\" data-element_type=\"widget\" data-e-type=\"widget\" data-widget_type=\"heading.default\">\n\t\t\t\t\t<h2 class=\"elementor-heading-title elementor-size-default\">Difusi\u00f3 transcultural<\/h2>\t\t\t\t<\/div>\n\t\t<div class=\"elementor-element elementor-element-iw-wacholder-s3-bw e-con-full e-flex e-con e-child\" data-id=\"iw-wacholder-s3-bw\" data-element_type=\"container\" data-e-type=\"container\">\n\t\t\t\t<div class=\"elementor-element elementor-element-iwgs-wacholder-s3t elementor-widget elementor-widget-text-editor\" data-id=\"iwgs-wacholder-s3t\" data-element_type=\"widget\" data-e-type=\"widget\" data-widget_type=\"text-editor.default\">\n\t\t\t\t\t\t\t\t\t<p>El gordolobo es troba est\u00e8s per gran part d&#8217;Europa, el nord d&#8217;\u00c0frica i \u00c0sia, i amb ell tamb\u00e9 la creen\u00e7a en el seu poder protector. A Anglaterra i a Escandin\u00e0via est\u00e0 documentada la idea que la planta protegeix dels esperits malignes i de la bruixeria si es planta a prop de la casa.<\/p><p>A l&#8217;\u00cdndia, a esp\u00e8cies emparentades de Verbascum se&#8217;ls atribueix des de fa temps un poder contra els esperits malignes i la m\u00e0gia: fragments assecats de la planta es portaven en petites bosses o es penjaven a portes i finestres, de manera semblant a la pr\u00e0ctica centreeuropea del manat d&#8217;herbes. Aquest paral\u00b7lelisme entre \u00e0mbits culturals molt distants mostra fins a quin punt est\u00e0 estesa l&#8217;atribuci\u00f3 de poder m\u00e0gic a plantes altes i vistoses.<\/p>\t\t\t\t\t\t\t\t<\/div>\n\t\t\t\t<\/div>\n\t\t\t\t\t<\/div>\n\t\t\t\t<\/div>\n\t\t<div class=\"elementor-element elementor-element-iwgs-wacholder-s4 e-flex e-con-boxed e-con e-parent\" data-id=\"iwgs-wacholder-s4\" data-element_type=\"container\" data-e-type=\"container\">\n\t\t\t\t\t<div class=\"e-con-inner\">\n\t\t\t\t<div class=\"elementor-element elementor-element-iwgs-wacholder-s4h elementor-widget elementor-widget-heading\" data-id=\"iwgs-wacholder-s4h\" data-element_type=\"widget\" data-e-type=\"widget\" data-widget_type=\"heading.default\">\n\t\t\t\t\t<h2 class=\"elementor-heading-title elementor-size-default\">Contra qu\u00e8 s'utilitza<\/h2>\t\t\t\t<\/div>\n\t\t<div class=\"elementor-element elementor-element-iw-wacholder-s4-bw e-con-full e-flex e-con e-child\" data-id=\"iw-wacholder-s4-bw\" data-element_type=\"container\" data-e-type=\"container\">\n\t\t\t\t<div class=\"elementor-element elementor-element-iwgs-wacholder-s4t elementor-widget elementor-widget-text-editor\" data-id=\"iwgs-wacholder-s4t\" data-element_type=\"widget\" data-e-type=\"widget\" data-widget_type=\"text-editor.default\">\n\t\t\t\t\t\t\t\t\t<p>Al centre de la tradici\u00f3 hi ha la protecci\u00f3 contra la caiguda de llamps, que en moltes regions s&#8217;ha atribu\u00eft al gordolobo. A m\u00e9s, es considera una protecci\u00f3 contra els esperits malignes i els dimonis, que s&#8217;havien de repel\u00b7lir a portes i finestres.<\/p><p>Es diu que els vianants es protegien de les b\u00e8sties fer\u00e9stegues portant parts de la planta, i en algunes tradicions el gordolobo protegeix tamb\u00e9 contra els embruixaments i els sortilegis nocius dirigits contra la casa i el bestiar. El <a href=\"https:\/\/iwell-guard.com\/ca\/bruixola-de-proteccio\/\">Br\u00faixola de Protecci\u00f3<\/a> classifica en detall aquestes amenaces.<\/p>\t\t\t\t\t\t\t\t<\/div>\n\t\t\t\t<\/div>\n\t\t\t\t\t<\/div>\n\t\t\t\t<\/div>\n\t\t<div class=\"elementor-element elementor-element-iwgs-wacholder-s5 e-flex e-con-boxed e-con e-parent\" data-id=\"iwgs-wacholder-s5\" data-element_type=\"container\" data-e-type=\"container\">\n\t\t\t\t\t<div class=\"e-con-inner\">\n\t\t\t\t<div class=\"elementor-element elementor-element-iwgs-wacholder-s5h elementor-widget elementor-widget-heading\" data-id=\"iwgs-wacholder-s5h\" data-element_type=\"widget\" data-e-type=\"widget\" data-widget_type=\"heading.default\">\n\t\t\t\t\t<h2 class=\"elementor-heading-title elementor-size-default\">Aplicaci\u00f3 i l\u00edmits<\/h2>\t\t\t\t<\/div>\n\t\t<div class=\"elementor-element elementor-element-iw-wacholder-s5-bw e-con-full e-flex e-con e-child\" data-id=\"iw-wacholder-s5-bw\" data-element_type=\"container\" data-e-type=\"container\">\n\t\t\t\t<div class=\"elementor-element elementor-element-iwgs-wacholder-s5t elementor-widget elementor-widget-text-editor\" data-id=\"iwgs-wacholder-s5t\" data-element_type=\"widget\" data-e-type=\"widget\" data-widget_type=\"text-editor.default\">\n\t\t\t\t\t\t\t\t\t<p>Segons la pr\u00e0ctica transmesa, es penjaven tiges assecades de gordolobo o els seus ra\u00efms de flors a portes i finestres, o es guardaven sota la teulada. Tamb\u00e9 es portaven a sobre petites bosses amb flors assecades, de manera semblant a l&#8217;\u00fas d&#8217;altres herbes protectores.<\/p><p>Com a part del manat d&#8217;herbes, la planta es bene\u00efa un cop l&#8217;any per la festa de l&#8217;Assumpci\u00f3 i despr\u00e9s es guardava a casa, sovint sobre la porta o al rac\u00f3 del Senyor. Algunes tradicions tamb\u00e9 parlen de cremar la planta com a encens per repel\u00b7lir forces m\u00e0giques malignes i dimonis.<\/p><p>Un l\u00edmit el trobem en la diversitat dels costums regionals: quina part de la planta s&#8217;utilitzava i de quina manera variava considerablement d&#8217;una regi\u00f3 a l&#8217;altra, cosa que dificulta un \u00fas uniforme.<\/p>\t\t\t\t\t\t\t\t<\/div>\n\t\t\t\t<\/div>\n\t\t\t\t\t<\/div>\n\t\t\t\t<\/div>\n\t\t<div class=\"elementor-element elementor-element-iwgs-wacholder-lit e-flex e-con-boxed e-con e-parent\" data-id=\"iwgs-wacholder-lit\" data-element_type=\"container\" data-e-type=\"container\">\n\t\t\t\t\t<div class=\"e-con-inner\">\n\t\t\t\t<div class=\"elementor-element elementor-element-iwgs-wacholder-lith elementor-widget elementor-widget-heading\" data-id=\"iwgs-wacholder-lith\" data-element_type=\"widget\" data-e-type=\"widget\" data-widget_type=\"heading.default\">\n\t\t\t\t\t<h2 class=\"elementor-heading-title elementor-size-default\">Bibliografia (selecci\u00f3)<\/h2>\t\t\t\t<\/div>\n\t\t<div class=\"elementor-element elementor-element-iw-wacholder-lit-bw e-con-full e-flex e-con e-child\" data-id=\"iw-wacholder-lit-bw\" data-element_type=\"container\" data-e-type=\"container\">\n\t\t\t\t<div class=\"elementor-element elementor-element-iwgs-wacholder-litt elementor-widget elementor-widget-html\" data-id=\"iwgs-wacholder-litt\" data-element_type=\"widget\" data-e-type=\"widget\" data-widget_type=\"html.default\">\n\t\t\t\t\t<footer data-nosnippet=\"true\"><ul><li>Handw\u00f6rterbuch des deutschen Aberglaubens. Hrsg. von Hanns B\u00e4chtold-St\u00e4ubli. Berlin: de Gruyter, 1927-1942.<\/li><li>Heinrich Marzell (unter Mitwirkung von Wilhelm Wissmann): W\u00f6rterbuch der deutschen Pflanzennamen. Leipzig\/Stuttgart: Hirzel, 1943-1979.<\/li><li>Heinrich Marzell: Geschichte und Volkskunde der deutschen Heilpflanzen. Stuttgart: Wissenschaftliche Verlagsgesellschaft, 1938 (Neudruck Hildesheim: Olms, 2002).<\/li><li>Siegfried Seligmann: Der b\u00f6se Blick und Verwandtes. Berlin: Barsdorf, 1910.<\/li><\/ul><\/footer>\t\t\t\t<\/div>\n\t\t\t\t<\/div>\n\t\t\t\t\t<\/div>\n\t\t\t\t<\/div>\n\t\t<div class=\"elementor-element elementor-element-iwgs-wacholder-kwd e-flex e-con-boxed e-con e-parent\" data-id=\"iwgs-wacholder-kwd\" data-element_type=\"container\" data-e-type=\"container\">\n\t\t\t\t\t<div class=\"e-con-inner\">\n\t\t<div class=\"elementor-element elementor-element-iw-wacholder-kwd-bw e-con-full e-flex e-con e-child\" data-id=\"iw-wacholder-kwd-bw\" data-element_type=\"container\" data-e-type=\"container\">\n\t\t\t\t<div class=\"elementor-element elementor-element-iwgs-wacholder-kwdt elementor-widget elementor-widget-text-editor\" data-id=\"iwgs-wacholder-kwdt\" data-element_type=\"widget\" data-e-type=\"widget\" data-widget_type=\"text-editor.default\">\n\t\t\t\t\t\t\t\t\t<p><em>Termes clau relacionats: gordolobo ciri celestial herba de la mare de deu ciri del temps.<\/em><\/p>\t\t\t\t\t\t\t\t<\/div>\n\t\t\t\t<\/div>\n\t\t\t\t\t<\/div>\n\t\t\t\t<\/div>\n\t\t<div class=\"elementor-element elementor-element-iwgs-wacholder-cc e-flex e-con-boxed e-con e-parent\" data-id=\"iwgs-wacholder-cc\" data-element_type=\"container\" data-e-type=\"container\" id=\"iwg-cc-wacholder\">\n\t\t\t\t\t<div class=\"e-con-inner\">\n\t\t<div class=\"elementor-element elementor-element-iwgs-wacholder-ccinner e-flex e-con-boxed e-con e-parent\" data-id=\"iwgs-wacholder-ccinner\" data-element_type=\"container\" data-e-type=\"container\" data-settings=\"{&quot;background_background&quot;:&quot;classic&quot;}\">\n\t\t\t\t\t<div class=\"e-con-inner\">\n\t\t\t\t<div class=\"elementor-element elementor-element-iwgs-wacholder-cch elementor-widget elementor-widget-heading\" data-id=\"iwgs-wacholder-cch\" data-element_type=\"widget\" data-e-type=\"widget\" data-widget_type=\"heading.default\">\n\t\t\t\t\t<h2 class=\"elementor-heading-title elementor-size-default\">iWell Guard i tradicions de protecci\u00f3<\/h2>\t\t\t\t<\/div>\n\t\t\t\t<div class=\"elementor-element elementor-element-iwgs-wacholder-cct elementor-widget elementor-widget-text-editor\" data-id=\"iwgs-wacholder-cct\" data-element_type=\"widget\" data-e-type=\"widget\" data-widget_type=\"text-editor.default\">\n\t\t\t\t\t\t\t\t\t<p>El gordolobo uneix dues idees de protecci\u00f3 que a primera vista semblen molt allunyades: la protecci\u00f3 contra la for\u00e7a visible de la natura que \u00e9s el llamp i la protecci\u00f3 contra el m\u00f3n invisible dels esperits. Ambdues concepcions comparteixen el desig de preservar la casa i la fam\u00edlia de forces que s&#8217;escapen al control hum\u00e0. Aquest desig d&#8217;una frontera fiable contra el que \u00e9s incontrolable \u00e9s el principi que segueix tamb\u00e9 l&#8217;<a href=\"https:\/\/iwell-guard.com\/ca\/penjoll-protector-iwell-guard-comprar\/\">iWell Guard<\/a>.<\/p><p>All\u00e0 on el gordolobo penjava a la teulada o a la porta, el penjoll porta la mateixa idea de protecci\u00f3 sobre el cos, sempre disponible i no lligat al lloc de la casa.<\/p>\t\t\t\t\t\t\t\t<\/div>\n\t\t\t\t<div class=\"elementor-element elementor-element-iwgs-wacholder-ccb iwg-cc-button iwg-cc-cta-2026-05-13 elementor-widget elementor-widget-jet-button\" data-id=\"iwgs-wacholder-ccb\" data-element_type=\"widget\" data-e-type=\"widget\" data-widget_type=\"jet-button.default\">\n\t\t\t\t<div class=\"elementor-widget-container\">\n\t\t\t\t\t<div class=\"elementor-jet-button jet-elements\"><div class=\"jet-button__container\"><a class=\"jet-button__instance jet-button__instance--icon-left hover-effect-1\" href=\"\/schutzanhaenger-iwell-guard-kaufen\/?utm_source=iwell-guard.com&amp;utm_medium=info-box&amp;utm_campaign=schutzsymbole\"><div class=\"jet-button__plane jet-button__plane-normal\"><\/div><div class=\"jet-button__plane jet-button__plane-hover\"><\/div><div class=\"jet-button__state jet-button__state-normal\"><span class=\"jet-button__label\">M\u00e9s informaci\u00f3 sobre l'iWell Guard<\/span><\/div><div class=\"jet-button__state jet-button__state-hover\"><span class=\"jet-button__label\">M\u00e9s informaci\u00f3 sobre l'iWell Guard<\/span><\/div><\/a><\/div><\/div><style>.elementor-element.elementor-element-iwgs-wacholder-ccb .jet-button__instance{width:320px;height:56px;}.elementor-element.elementor-element-iwgs-wacholder-ccb .jet-button__state-normal .jet-button__label{text-align:center;margin:0px 0px 0px 0px;color:#1a1b20;font-family:Montserrat,sans-serif;font-size:13px;font-weight:400;letter-spacing:4px;line-height:1.714em;text-transform:uppercase;}.elementor-element.elementor-element-iwgs-wacholder-ccb .jet-button__state-hover .jet-button__label{text-align:center;margin:0px 0px 0px 0px;color:#FECC76;font-family:Montserrat,sans-serif;font-size:13px;font-weight:400;letter-spacing:4px;line-height:1.714em;text-transform:uppercase;}.elementor-element.elementor-element-iwgs-wacholder-ccb .jet-button__plane-normal{background-color:#FECC76;border-style:solid;border-color:#C99540;border-width:2px 2px 2px 2px;}.elementor-element.elementor-element-iwgs-wacholder-ccb .jet-button__plane-hover{background-color:rgba(0,0,0,0.55);border-style:solid;border-color:#FECC76;border-width:2px 2px 2px 2px;}<\/style>\t\t\t\t<\/div>\n\t\t\t\t<\/div>\n\t\t\t\t<div class=\"elementor-element elementor-element-iwgs-wacholder-ccd elementor-widget elementor-widget-text-editor\" data-id=\"iwgs-wacholder-ccd\" data-element_type=\"widget\" data-e-type=\"widget\" data-widget_type=\"text-editor.default\">\n\t\t\t\t\t\t\t\t\t<p style=\"text-align:center;font-size:13px;opacity:0.7;margin-top:14px\" data-nosnippet=\"true\">Les experi\u00e8ncies personals poden variar. No \u00e9s un producte sanitari. No es garanteix cap curaci\u00f3.<\/p>\t\t\t\t\t\t\t\t<\/div>\n\t\t\t\t\t<\/div>\n\t\t\t\t<\/div>\n\t\t\t\t\t<\/div>\n\t\t\t\t<\/div>\n\t\t<div class=\"elementor-element elementor-element-iwgs-wacholder-disc e-flex e-con-boxed e-con e-parent\" data-id=\"iwgs-wacholder-disc\" data-element_type=\"container\" data-e-type=\"container\">\n\t\t\t\t\t<div class=\"e-con-inner\">\n\t\t<div class=\"elementor-element elementor-element-iw-wacholder-disc-bw e-con-full e-flex e-con e-child\" data-id=\"iw-wacholder-disc-bw\" data-element_type=\"container\" data-e-type=\"container\">\n\t\t\t\t<div class=\"elementor-element elementor-element-iwgs-wacholder-discw elementor-widget elementor-widget-html\" data-id=\"iwgs-wacholder-discw\" data-element_type=\"widget\" data-e-type=\"widget\" data-widget_type=\"html.default\">\n\t\t\t\t\t<footer data-nosnippet=\"true\" class=\"iwg-disclaimer-block\"><p data-nosnippet=\"true\">iWell Guard <strong>no \u00e9s un producte sanitari<\/strong> i no substitueix cap tractament m\u00e8dic o psicoterap\u00e8utic. Els continguts presentats aqu\u00ed s\u00f3n una contextualitzaci\u00f3 des de la ci\u00e8ncia de les religions i la hist\u00f2ria cultural, no una promesa d'efecte espiritual.<\/p><\/footer>\t\t\t\t<\/div>\n\t\t\t\t<\/div>\n\t\t\t\t\t<\/div>\n\t\t\t\t<\/div>\n\t\t\t\t<\/div>\n\t\t","protected":false},"excerpt":{"rendered":"","protected":false},"author":3,"featured_media":20534,"parent":0,"menu_order":0,"comment_status":"closed","ping_status":"closed","template":"elementor_header_footer","meta":{"_yoast_wpseo_focuskw":"gordolobo herba protectora","_yoast_wpseo_title":"Gordolobo: herba protectora contra els llamps i els esperits","_yoast_wpseo_metadesc":"El gordolobo en la creen\u00e7a popular: protecci\u00f3 contra els llamps, els esperits malignes i les b\u00e8sties fer\u00e9stegues, herba de la Mare de D\u00e9u i part de les benediccions d'herbes.","_yoast_wpseo_meta-robots-noindex":"","_yoast_wpseo_canonical":"","_angie_page":false,"gefaehrdungsstufe":"","wesen_kultur":"","wesen_klasse":"","footnotes":""},"categories":[],"class_list":["post-172622","page","type-page","status-publish","has-post-thumbnail","hentry"],"yoast_head":"<!-- This site is optimized with the Yoast SEO Premium plugin v27.7 (Yoast SEO v28.3) - https:\/\/yoast.com\/product\/yoast-seo-premium-wordpress\/ -->\n<title>Gordolobo: herba protectora contra els llamps i els esperits<\/title>\n<meta name=\"description\" content=\"El gordolobo en la creen\u00e7a popular: protecci\u00f3 contra els llamps, els esperits malignes i les b\u00e8sties fer\u00e9stegues, herba de la Mare de D\u00e9u i part de les benediccions d&#039;herbes.\" \/>\n<meta name=\"robots\" content=\"index, follow, max-snippet:-1, max-image-preview:large, max-video-preview:-1\" \/>\n<link rel=\"canonical\" href=\"https:\/\/iwell-guard.com\/ca\/gordolobo\/\" \/>\n<meta property=\"og:locale\" content=\"ca_ES\" \/>\n<meta property=\"og:type\" content=\"article\" \/>\n<meta property=\"og:title\" content=\"Gordolobo\" \/>\n<meta property=\"og:description\" content=\"El gordolobo en la creen\u00e7a popular: protecci\u00f3 contra els llamps, els esperits malignes i les b\u00e8sties fer\u00e9stegues, herba de la Mare de D\u00e9u i part de les benediccions d&#039;herbes.\" \/>\n<meta property=\"og:url\" content=\"https:\/\/iwell-guard.com\/ca\/gordolobo\/\" \/>\n<meta property=\"og:site_name\" content=\"iWell Guard\" \/>\n<meta property=\"article:modified_time\" content=\"2026-09-05T17:14:38+00:00\" \/>\n<meta property=\"og:image\" content=\"https:\/\/iwell-guard.com\/wp-content\/uploads\/2026\/07\/schutzsymbol_universell_koenigskerze.webp\" \/>\n\t<meta property=\"og:image:width\" content=\"1024\" \/>\n\t<meta property=\"og:image:height\" content=\"1536\" \/>\n\t<meta property=\"og:image:type\" content=\"image\/webp\" \/>\n<meta name=\"twitter:card\" content=\"summary_large_image\" \/>\n<script type=\"application\/ld+json\" class=\"yoast-schema-graph\">{\"@context\":\"https:\\\/\\\/schema.org\",\"@graph\":[{\"@type\":\"WebPage\",\"@id\":\"https:\\\/\\\/iwell-guard.com\\\/ca\\\/gordolobo\\\/\",\"url\":\"https:\\\/\\\/iwell-guard.com\\\/ca\\\/gordolobo\\\/\",\"name\":\"Gordolobo: herba protectora contra els llamps i els esperits\",\"isPartOf\":{\"@id\":\"https:\\\/\\\/iwell-guard.com\\\/ca\\\/#website\"},\"primaryImageOfPage\":{\"@id\":\"https:\\\/\\\/iwell-guard.com\\\/ca\\\/gordolobo\\\/#primaryimage\"},\"image\":{\"@id\":\"https:\\\/\\\/iwell-guard.com\\\/ca\\\/gordolobo\\\/#primaryimage\"},\"thumbnailUrl\":\"https:\\\/\\\/iwell-guard.com\\\/wp-content\\\/uploads\\\/2026\\\/07\\\/schutzsymbol_universell_koenigskerze.webp\",\"datePublished\":\"2026-09-05T15:53:38+00:00\",\"dateModified\":\"2026-09-05T17:14:38+00:00\",\"description\":\"El gordolobo en la creen\u00e7a popular: protecci\u00f3 contra els llamps, els esperits malignes i les b\u00e8sties fer\u00e9stegues, herba de la Mare de D\u00e9u i part de les benediccions d'herbes.\",\"breadcrumb\":{\"@id\":\"https:\\\/\\\/iwell-guard.com\\\/ca\\\/gordolobo\\\/#breadcrumb\"},\"inLanguage\":\"ca\",\"potentialAction\":[{\"@type\":\"ReadAction\",\"target\":[\"https:\\\/\\\/iwell-guard.com\\\/ca\\\/gordolobo\\\/\"]}]},{\"@type\":\"ImageObject\",\"inLanguage\":\"ca\",\"@id\":\"https:\\\/\\\/iwell-guard.com\\\/ca\\\/gordolobo\\\/#primaryimage\",\"url\":\"https:\\\/\\\/iwell-guard.com\\\/wp-content\\\/uploads\\\/2026\\\/07\\\/schutzsymbol_universell_koenigskerze.webp\",\"contentUrl\":\"https:\\\/\\\/iwell-guard.com\\\/wp-content\\\/uploads\\\/2026\\\/07\\\/schutzsymbol_universell_koenigskerze.webp\",\"width\":1024,\"height\":1536,\"caption\":\"Gordolobo assecat amb flors grogues daurades sobre un fons de pedra fosca\"},{\"@type\":\"BreadcrumbList\",\"@id\":\"https:\\\/\\\/iwell-guard.com\\\/ca\\\/gordolobo\\\/#breadcrumb\",\"itemListElement\":[{\"@type\":\"ListItem\",\"position\":1,\"name\":\"Start\",\"item\":\"https:\\\/\\\/iwell-guard.com\\\/ca\\\/?page_id=171333\"},{\"@type\":\"ListItem\",\"position\":2,\"name\":\"Gordolobo\"}]},{\"@type\":\"WebSite\",\"@id\":\"https:\\\/\\\/iwell-guard.com\\\/ca\\\/#website\",\"url\":\"https:\\\/\\\/iwell-guard.com\\\/ca\\\/\",\"name\":\"iWell Guard\",\"description\":\"Schutz vor dunklen Einfl\u00fcssen\",\"publisher\":{\"@id\":\"https:\\\/\\\/iwell-guard.com\\\/ca\\\/#organization\"},\"potentialAction\":[{\"@type\":\"SearchAction\",\"target\":{\"@type\":\"EntryPoint\",\"urlTemplate\":\"https:\\\/\\\/iwell-guard.com\\\/ca\\\/?s={search_term_string}\"},\"query-input\":{\"@type\":\"PropertyValueSpecification\",\"valueRequired\":true,\"valueName\":\"search_term_string\"}}],\"inLanguage\":\"ca\"},{\"@type\":\"Organization\",\"@id\":\"https:\\\/\\\/iwell-guard.com\\\/ca\\\/#organization\",\"name\":\"Ittermann electronic GmbH\",\"url\":\"https:\\\/\\\/iwell-guard.com\\\/ca\\\/\",\"logo\":{\"@type\":\"ImageObject\",\"inLanguage\":\"ca\",\"@id\":\"https:\\\/\\\/iwell-guard.com\\\/ca\\\/#\\\/schema\\\/logo\\\/image\\\/\",\"url\":\"https:\\\/\\\/iwell-guard.com\\\/wp-content\\\/uploads\\\/2026\\\/05\\\/Ittermann-Logo-1182x237-1.png\",\"contentUrl\":\"https:\\\/\\\/iwell-guard.com\\\/wp-content\\\/uploads\\\/2026\\\/05\\\/Ittermann-Logo-1182x237-1.png\",\"width\":1182,\"height\":237,\"caption\":\"Ittermann electronic GmbH\"},\"image\":{\"@id\":\"https:\\\/\\\/iwell-guard.com\\\/ca\\\/#\\\/schema\\\/logo\\\/image\\\/\"},\"sameAs\":[\"https:\\\/\\\/pantip.com\\\/profile\\\/9367242\",\"https:\\\/\\\/micro.blog\\\/iwellguard\",\"https:\\\/\\\/www.diggerslist.com\\\/iwellguard\\\/about\",\"https:\\\/\\\/skitterphoto.com\\\/photographers\\\/2870314\\\/iwell-guard\",\"https:\\\/\\\/iwellguard.wordpress.com\\\/2026\\\/06\\\/06\\\/iwell-guard\\\/\",\"https:\\\/\\\/hub.docker.com\\\/u\\\/iwellguard\",\"https:\\\/\\\/www.pinterest.com\\\/iwellguard\\\/\",\"https:\\\/\\\/bit.ly\\\/m\\\/iwellguard\",\"https:\\\/\\\/entre-vos-mains.alsace.eu\\\/profiles\\\/iwellguard\\\/activity\",\"https:\\\/\\\/gravatar.com\\\/reallybeded8fd34\",\"https:\\\/\\\/naijamatta.com\\\/iwellguard\",\"https:\\\/\\\/www.goodreads.com\\\/iwellguard\",\"https:\\\/\\\/profile.hatena.ne.jp\\\/iwellguard\\\/\",\"https:\\\/\\\/experiment.com\\\/users\\\/iwellguard\",\"https:\\\/\\\/wakelet.com\\\/@iWellGuard82270\",\"https:\\\/\\\/www.chordie.com\\\/forum\\\/profile.php?id=2555664\",\"https:\\\/\\\/www.instapaper.com\\\/p\\\/17757966\",\"https:\\\/\\\/www.mapleprimes.com\\\/users\\\/iwellguard\",\"https:\\\/\\\/businesslistingplus.com\\\/profile\\\/iwell-guard\\\/\",\"https:\\\/\\\/telegra.ph\\\/iWell-Guard-06-06\",\"https:\\\/\\\/pbase.com\\\/iwellguard\\\/iwellguard\",\"https:\\\/\\\/b.hatena.ne.jp\\\/iwellguard\\\/20260607#bookmark-4788405196491818882\",\"https:\\\/\\\/fliphtml5.com\\\/home\\\/iwellguard\",\"https:\\\/\\\/anyflip.com\\\/homepage\\\/cmiwl#About\",\"https:\\\/\\\/transfur.com\\\/Users\\\/iwellguard\",\"http:\\\/\\\/delphi.larsbo.org\\\/user\\\/iwellguard\",\"https:\\\/\\\/jobs.lajobsportal.org\\\/profiles\\\/8380803-iwell-guard\",\"https:\\\/\\\/md.chaosdorf.de\\\/s\\\/jfbe5SBdJD\",\"https:\\\/\\\/www.lingvolive.com\\\/en-us\\\/profile\\\/9ecaeaca-ce11-4e51-9e71-01d55e2bff36\\\/translations\",\"https:\\\/\\\/www.fitday.com\\\/fitness\\\/forums\\\/members\\\/iwellguard.html\",\"https:\\\/\\\/www.mymeetbook.com\\\/iwellguard\",\"https:\\\/\\\/pxhere.com\\\/en\\\/photographer-me\\\/5040798\",\"https:\\\/\\\/disqus.com\\\/by\\\/iwellguard\\\/about\\\/\",\"https:\\\/\\\/pastelink.net\\\/hjwciqwq\",\"https:\\\/\\\/pubhtml5.com\\\/homepage\\\/scjhn\\\/\",\"https:\\\/\\\/www.bitchute.com\\\/channel\\\/2O2eOKzNqujT\",\"https:\\\/\\\/audiomack.com\\\/iwellguard\"]}]}<\/script>\n<!-- \/ Yoast SEO Premium plugin. -->","yoast_head_json":{"title":"Gordolobo: herba protectora contra els llamps i els esperits","description":"El gordolobo en la creen\u00e7a popular: protecci\u00f3 contra els llamps, els esperits malignes i les b\u00e8sties fer\u00e9stegues, herba de la Mare de D\u00e9u i part de les benediccions d'herbes.","robots":{"index":"index","follow":"follow","max-snippet":"max-snippet:-1","max-image-preview":"max-image-preview:large","max-video-preview":"max-video-preview:-1"},"canonical":"https:\/\/iwell-guard.com\/ca\/gordolobo\/","og_locale":"ca_ES","og_type":"article","og_title":"Gordolobo","og_description":"El gordolobo en la creen\u00e7a popular: protecci\u00f3 contra els llamps, els esperits malignes i les b\u00e8sties fer\u00e9stegues, herba de la Mare de D\u00e9u i part de les benediccions d'herbes.","og_url":"https:\/\/iwell-guard.com\/ca\/gordolobo\/","og_site_name":"iWell Guard","article_modified_time":"2026-09-05T17:14:38+00:00","og_image":[{"width":1024,"height":1536,"url":"https:\/\/iwell-guard.com\/wp-content\/uploads\/2026\/07\/schutzsymbol_universell_koenigskerze.webp","type":"image\/webp"}],"twitter_card":"summary_large_image","schema":{"@context":"https:\/\/schema.org","@graph":[{"@type":"WebPage","@id":"https:\/\/iwell-guard.com\/ca\/gordolobo\/","url":"https:\/\/iwell-guard.com\/ca\/gordolobo\/","name":"Gordolobo: herba protectora contra els llamps i els esperits","isPartOf":{"@id":"https:\/\/iwell-guard.com\/ca\/#website"},"primaryImageOfPage":{"@id":"https:\/\/iwell-guard.com\/ca\/gordolobo\/#primaryimage"},"image":{"@id":"https:\/\/iwell-guard.com\/ca\/gordolobo\/#primaryimage"},"thumbnailUrl":"https:\/\/iwell-guard.com\/wp-content\/uploads\/2026\/07\/schutzsymbol_universell_koenigskerze.webp","datePublished":"2026-09-05T15:53:38+00:00","dateModified":"2026-09-05T17:14:38+00:00","description":"El gordolobo en la creen\u00e7a popular: protecci\u00f3 contra els llamps, els esperits malignes i les b\u00e8sties fer\u00e9stegues, herba de la Mare de D\u00e9u i part de les benediccions d'herbes.","breadcrumb":{"@id":"https:\/\/iwell-guard.com\/ca\/gordolobo\/#breadcrumb"},"inLanguage":"ca","potentialAction":[{"@type":"ReadAction","target":["https:\/\/iwell-guard.com\/ca\/gordolobo\/"]}]},{"@type":"ImageObject","inLanguage":"ca","@id":"https:\/\/iwell-guard.com\/ca\/gordolobo\/#primaryimage","url":"https:\/\/iwell-guard.com\/wp-content\/uploads\/2026\/07\/schutzsymbol_universell_koenigskerze.webp","contentUrl":"https:\/\/iwell-guard.com\/wp-content\/uploads\/2026\/07\/schutzsymbol_universell_koenigskerze.webp","width":1024,"height":1536,"caption":"Gordolobo assecat amb flors grogues daurades sobre un fons de pedra fosca"},{"@type":"BreadcrumbList","@id":"https:\/\/iwell-guard.com\/ca\/gordolobo\/#breadcrumb","itemListElement":[{"@type":"ListItem","position":1,"name":"Start","item":"https:\/\/iwell-guard.com\/ca\/?page_id=171333"},{"@type":"ListItem","position":2,"name":"Gordolobo"}]},{"@type":"WebSite","@id":"https:\/\/iwell-guard.com\/ca\/#website","url":"https:\/\/iwell-guard.com\/ca\/","name":"iWell Guard","description":"Schutz vor dunklen Einfl\u00fcssen","publisher":{"@id":"https:\/\/iwell-guard.com\/ca\/#organization"},"potentialAction":[{"@type":"SearchAction","target":{"@type":"EntryPoint","urlTemplate":"https:\/\/iwell-guard.com\/ca\/?s={search_term_string}"},"query-input":{"@type":"PropertyValueSpecification","valueRequired":true,"valueName":"search_term_string"}}],"inLanguage":"ca"},{"@type":"Organization","@id":"https:\/\/iwell-guard.com\/ca\/#organization","name":"Ittermann electronic GmbH","url":"https:\/\/iwell-guard.com\/ca\/","logo":{"@type":"ImageObject","inLanguage":"ca","@id":"https:\/\/iwell-guard.com\/ca\/#\/schema\/logo\/image\/","url":"https:\/\/iwell-guard.com\/wp-content\/uploads\/2026\/05\/Ittermann-Logo-1182x237-1.png","contentUrl":"https:\/\/iwell-guard.com\/wp-content\/uploads\/2026\/05\/Ittermann-Logo-1182x237-1.png","width":1182,"height":237,"caption":"Ittermann electronic GmbH"},"image":{"@id":"https:\/\/iwell-guard.com\/ca\/#\/schema\/logo\/image\/"},"sameAs":["https:\/\/pantip.com\/profile\/9367242","https:\/\/micro.blog\/iwellguard","https:\/\/www.diggerslist.com\/iwellguard\/about","https:\/\/skitterphoto.com\/photographers\/2870314\/iwell-guard","https:\/\/iwellguard.wordpress.com\/2026\/06\/06\/iwell-guard\/","https:\/\/hub.docker.com\/u\/iwellguard","https:\/\/www.pinterest.com\/iwellguard\/","https:\/\/bit.ly\/m\/iwellguard","https:\/\/entre-vos-mains.alsace.eu\/profiles\/iwellguard\/activity","https:\/\/gravatar.com\/reallybeded8fd34","https:\/\/naijamatta.com\/iwellguard","https:\/\/www.goodreads.com\/iwellguard","https:\/\/profile.hatena.ne.jp\/iwellguard\/","https:\/\/experiment.com\/users\/iwellguard","https:\/\/wakelet.com\/@iWellGuard82270","https:\/\/www.chordie.com\/forum\/profile.php?id=2555664","https:\/\/www.instapaper.com\/p\/17757966","https:\/\/www.mapleprimes.com\/users\/iwellguard","https:\/\/businesslistingplus.com\/profile\/iwell-guard\/","https:\/\/telegra.ph\/iWell-Guard-06-06","https:\/\/pbase.com\/iwellguard\/iwellguard","https:\/\/b.hatena.ne.jp\/iwellguard\/20260607#bookmark-4788405196491818882","https:\/\/fliphtml5.com\/home\/iwellguard","https:\/\/anyflip.com\/homepage\/cmiwl#About","https:\/\/transfur.com\/Users\/iwellguard","http:\/\/delphi.larsbo.org\/user\/iwellguard","https:\/\/jobs.lajobsportal.org\/profiles\/8380803-iwell-guard","https:\/\/md.chaosdorf.de\/s\/jfbe5SBdJD","https:\/\/www.lingvolive.com\/en-us\/profile\/9ecaeaca-ce11-4e51-9e71-01d55e2bff36\/translations","https:\/\/www.fitday.com\/fitness\/forums\/members\/iwellguard.html","https:\/\/www.mymeetbook.com\/iwellguard","https:\/\/pxhere.com\/en\/photographer-me\/5040798","https:\/\/disqus.com\/by\/iwellguard\/about\/","https:\/\/pastelink.net\/hjwciqwq","https:\/\/pubhtml5.com\/homepage\/scjhn\/","https:\/\/www.bitchute.com\/channel\/2O2eOKzNqujT","https:\/\/audiomack.com\/iwellguard"]}]}},"_links":{"self":[{"href":"https:\/\/iwell-guard.com\/ca\/wp-json\/wp\/v2\/pages\/172622","targetHints":{"allow":["GET"]}}],"collection":[{"href":"https:\/\/iwell-guard.com\/ca\/wp-json\/wp\/v2\/pages"}],"about":[{"href":"https:\/\/iwell-guard.com\/ca\/wp-json\/wp\/v2\/types\/page"}],"author":[{"embeddable":true,"href":"https:\/\/iwell-guard.com\/ca\/wp-json\/wp\/v2\/users\/3"}],"replies":[{"embeddable":true,"href":"https:\/\/iwell-guard.com\/ca\/wp-json\/wp\/v2\/comments?post=172622"}],"version-history":[{"count":0,"href":"https:\/\/iwell-guard.com\/ca\/wp-json\/wp\/v2\/pages\/172622\/revisions"}],"wp:featuredmedia":[{"embeddable":true,"href":"https:\/\/iwell-guard.com\/ca\/wp-json\/wp\/v2\/media\/20534"}],"wp:attachment":[{"href":"https:\/\/iwell-guard.com\/ca\/wp-json\/wp\/v2\/media?parent=172622"}],"wp:term":[{"taxonomy":"category","embeddable":true,"href":"https:\/\/iwell-guard.com\/ca\/wp-json\/wp\/v2\/categories?post=172622"}],"curies":[{"name":"wp","href":"https:\/\/api.w.org\/{rel}","templated":true}]}}