{"id":172613,"date":"2026-09-05T15:53:22","date_gmt":"2026-09-05T15:53:22","guid":{"rendered":"https:\/\/iwell-guard.com\/?page_id=172613"},"modified":"2026-09-05T17:14:32","modified_gmt":"2026-09-05T17:14:32","slug":"verbena","status":"publish","type":"page","link":"https:\/\/iwell-guard.com\/ca\/verbena\/","title":{"rendered":"Verbena"},"content":{"rendered":"\t\t<div data-elementor-type=\"wp-page\" data-elementor-id=\"172613\" class=\"elementor elementor-172613 elementor-20503 elementor-bc-flex-widget\" data-elementor-post-type=\"page\">\n\t\t\t\t<div class=\"elementor-element elementor-element-iwgs-wacholder-hero e-flex e-con-boxed e-con e-parent\" data-id=\"iwgs-wacholder-hero\" data-element_type=\"container\" data-e-type=\"container\">\n\t\t\t\t\t<div class=\"e-con-inner\">\n\t\t<div class=\"elementor-element elementor-element-iw-wacholder-hero-left e-con-full e-flex e-con e-child\" data-id=\"iw-wacholder-hero-left\" data-element_type=\"container\" data-e-type=\"container\">\n\t\t\t\t<div class=\"elementor-element elementor-element-iwgs-wacholder-h1 elementor-widget elementor-widget-heading\" data-id=\"iwgs-wacholder-h1\" data-element_type=\"widget\" data-e-type=\"widget\" data-widget_type=\"heading.default\">\n\t\t\t\t\t<h1 class=\"elementor-heading-title elementor-size-default\">Verbena \u2013 herba m\u00e0gica i protectora de la tradici\u00f3<\/h1>\t\t\t\t<\/div>\n\t\t<div class=\"elementor-element elementor-element-iw-wacholder-hero-bw e-con-full e-flex e-con e-child\" data-id=\"iw-wacholder-hero-bw\" data-element_type=\"container\" data-e-type=\"container\">\n\t\t\t\t<div class=\"elementor-element elementor-element-iwgs-wacholder-pills elementor-widget elementor-widget-html\" data-id=\"iwgs-wacholder-pills\" data-element_type=\"widget\" data-e-type=\"widget\" data-widget_type=\"html.default\">\n\t\t\t\t\t<div class=\"iwg-pill-row\"><span class=\"iwg-klasse-badge\" tabindex=\"0\" data-tooltip=\"Tipus d'element protector.\">Herba protectora<\/span><a href=\"https:\/\/iwell-guard.com\/ca\/?page_id=172581\" class=\"iwg-kultur-badge\" tabindex=\"0\" data-tooltip=\"A la visi\u00f3 general de les herbes protectores.\">Herbes protectores<\/a><\/div>\t\t\t\t<\/div>\n\t\t\t\t<div class=\"elementor-element elementor-element-iwgs-wacholder-lead elementor-widget elementor-widget-text-editor\" data-id=\"iwgs-wacholder-lead\" data-element_type=\"widget\" data-e-type=\"widget\" data-widget_type=\"text-editor.default\">\n\t\t\t\t\t\t\t\t\t<p>La verbena (Verbena officinalis), popularment coneguda tamb\u00e9 com herba dels desitjos o herba dels druides, \u00e9s una de les plantes d&#8217;Europa m\u00e9s estretament relacionades amb la m\u00e0gia i la protecci\u00f3. Ja entre celtes i germ\u00e0nics, segons la tradici\u00f3, era considerada una herba sagrada amb un poder especial.<\/p><p>El nom llat\u00ed Hierobotane, l'\u00bbherba sagrada\u00bb, remet a la seva veneraci\u00f3 ja a l&#8217;antiguitat. En la creen\u00e7a popular medieval es deia que la verbena feia el seu portador invulnerable a armes tallants, punxants i de foc, una idea que probablement est\u00e0 a l&#8217;origen del nom alemany \u00abEisenkraut\u00bb (literalment \u00abherba de ferro\u00bb).<\/p>\n<p class=\"iwg-kwfix\">La verbena \u00e9s considerada en la tradici\u00f3 una herba cl\u00e0ssica de m\u00e0gia i protecci\u00f3.<\/p>\t\t\t\t\t\t\t\t<\/div>\n\t\t\t\t<\/div>\n\t\t\t\t<\/div>\n\t\t<div class=\"elementor-element elementor-element-iw-wacholder-hero-img e-con-full e-flex e-con e-child\" data-id=\"iw-wacholder-hero-img\" data-element_type=\"container\" data-e-type=\"container\">\n\t\t\t\t<div class=\"elementor-element elementor-element-iwgs-wacholder-himg iwg-hero-image elementor-widget elementor-widget-image\" data-id=\"iwgs-wacholder-himg\" data-element_type=\"widget\" data-e-type=\"widget\" data-widget_type=\"image.default\">\n\t\t\t\t\t\t\t\t\t\t\t\t\t\t\t<img fetchpriority=\"high\" decoding=\"async\" width=\"683\" height=\"1024\" src=\"https:\/\/iwell-guard.com\/wp-content\/uploads\/2026\/05\/schutzsymbol_germanisch_wacholder-683x1024.png\" class=\"attachment-large size-large wp-image-173198\" alt=\"Verbena \u2013 planta protectora i ritual, il\u00b7lustraci\u00f3 hist\u00f2rica\" srcset=\"https:\/\/iwell-guard.com\/wp-content\/uploads\/2026\/05\/schutzsymbol_germanisch_wacholder-683x1024.png 683w, https:\/\/iwell-guard.com\/wp-content\/uploads\/2026\/05\/schutzsymbol_germanisch_wacholder-200x300.png 200w, https:\/\/iwell-guard.com\/wp-content\/uploads\/2026\/05\/schutzsymbol_germanisch_wacholder-768x1152.png 768w, https:\/\/iwell-guard.com\/wp-content\/uploads\/2026\/05\/schutzsymbol_germanisch_wacholder.png 1024w\" sizes=\"(max-width: 683px) 100vw, 683px\" \/>\t\t\t\t\t\t\t\t\t\t\t\t\t\t\t<\/div>\n\t\t\t\t<\/div>\n\t\t\t\t\t<\/div>\n\t\t\t\t<\/div>\n\t\t<div class=\"elementor-element elementor-element-iwgs-wacholder-s0 e-flex e-con-boxed e-con e-parent\" data-id=\"iwgs-wacholder-s0\" data-element_type=\"container\" data-e-type=\"container\">\n\t\t\t\t\t<div class=\"e-con-inner\">\n\t\t\t\t<div class=\"elementor-element elementor-element-iwgs-wacholder-s0h elementor-widget elementor-widget-heading\" data-id=\"iwgs-wacholder-s0h\" data-element_type=\"widget\" data-e-type=\"widget\" data-widget_type=\"heading.default\">\n\t\t\t\t\t<h2 class=\"elementor-heading-title elementor-size-default\">Resum r\u00e0pid<\/h2>\t\t\t\t<\/div>\n\t\t<div class=\"elementor-element elementor-element-iw-wacholder-s0-bw e-con-full e-flex e-con e-child\" data-id=\"iw-wacholder-s0-bw\" data-element_type=\"container\" data-e-type=\"container\">\n\t\t\t\t<div class=\"elementor-element elementor-element-iwgs-wacholder-s0t elementor-widget elementor-widget-text-editor\" data-id=\"iwgs-wacholder-s0t\" data-element_type=\"widget\" data-e-type=\"widget\" data-widget_type=\"text-editor.default\">\n\t\t\t\t\t\t\t\t\t<p>La verbena (Verbena officinalis) \u00e9s una planta perenne discreta, aut\u00f2ctona de tot Europa, amb petites flors violetes. Malgrat el seu aspecte modest, \u00e9s una de les plantes amb una tradici\u00f3 m\u00e0gica i protectora particularment rica a l&#8217;espai europeu.<\/p><p>En la parla popular alemanya rep noms com herba dels desitjos, herba miraculosa, herba dels coloms o herba dels druides, que remeten al poder especial que se li atribueix. Com a component d&#8217;<a href=\"https:\/\/iwell-guard.com\/ca\/amulet\/\">amulets<\/a>, com a ingredient de la coneguda aigua de verbena i com a herba d&#8217;encens, apareix documentada en la tradici\u00f3.<\/p>\t\t\t\t\t\t\t\t<\/div>\n\t\t\t\t<\/div>\n\t\t\t\t\t<\/div>\n\t\t\t\t<\/div>\n\t\t<div class=\"elementor-element elementor-element-iwgs-wacholder-s1 e-flex e-con-boxed e-con e-parent\" data-id=\"iwgs-wacholder-s1\" data-element_type=\"container\" data-e-type=\"container\">\n\t\t\t\t\t<div class=\"e-con-inner\">\n\t\t\t\t<div class=\"elementor-element elementor-element-iwgs-wacholder-s1h elementor-widget elementor-widget-heading\" data-id=\"iwgs-wacholder-s1h\" data-element_type=\"widget\" data-e-type=\"widget\" data-widget_type=\"heading.default\">\n\t\t\t\t\t<h2 class=\"elementor-heading-title elementor-size-default\">Origen i tradici\u00f3<\/h2>\t\t\t\t<\/div>\n\t\t<div class=\"elementor-element elementor-element-iw-wacholder-s1-bw e-con-full e-flex e-con e-child\" data-id=\"iw-wacholder-s1-bw\" data-element_type=\"container\" data-e-type=\"container\">\n\t\t\t\t<div class=\"elementor-element elementor-element-iwgs-wacholder-s1t elementor-widget elementor-widget-text-editor\" data-id=\"iwgs-wacholder-s1t\" data-element_type=\"widget\" data-e-type=\"widget\" data-widget_type=\"text-editor.default\">\n\t\t\t\t\t\t\t\t\t<p>La veneraci\u00f3 de la verbena es remunta a l&#8217;antiguitat. Grecs i romans li atorgaven un significat ritual, s&#8217;usava en cerim\u00f2nies d&#8217;ofrenes i es valorava com a herba purificadora. En les cultures c\u00e8ltiques, segons la tradici\u00f3, sembla que era recollida pels druides en moments determinats i seguint regles estrictes.<\/p><p>Herbaris medievals i manuscrits m\u00e0gics descrisquen rituals de recol\u00b7lecci\u00f3 elaborats: l&#8217;arrel s&#8217;havia de cobrir amb mel, desenterrar-se entre oracions i, segons algunes fonts, no tocar-se amb ferro, una contradicci\u00f3 amb el nom alemany que la tradici\u00f3 no resol. Un vell vers mnemot\u00e8cnic recomana fins i tot excavar amb or en lloc de ferro.<\/p><p>En la creen\u00e7a popular de parla alemanya, la verbena es penjava en petites bosses al coll dels infants per protegir-los del mal d&#8217;ull i de l&#8217;embruixament, una pr\u00e0ctica documentada espor\u00e0dicament fins a temps relativament recents.<\/p>\t\t\t\t\t\t\t\t<\/div>\n\t\t\t\t<\/div>\n\t\t\t\t\t<\/div>\n\t\t\t\t<\/div>\n\t\t<div class=\"elementor-element elementor-element-iwgs-wacholder-s2 e-flex e-con-boxed e-con e-parent\" data-id=\"iwgs-wacholder-s2\" data-element_type=\"container\" data-e-type=\"container\">\n\t\t\t\t\t<div class=\"e-con-inner\">\n\t\t\t\t<div class=\"elementor-element elementor-element-iwgs-wacholder-s2h elementor-widget elementor-widget-heading\" data-id=\"iwgs-wacholder-s2h\" data-element_type=\"widget\" data-e-type=\"widget\" data-widget_type=\"heading.default\">\n\t\t\t\t\t<h2 class=\"elementor-heading-title elementor-size-default\">Principi d'acci\u00f3 segons la tradici\u00f3<\/h2>\t\t\t\t<\/div>\n\t\t<div class=\"elementor-element elementor-element-iw-wacholder-s2-bw e-con-full e-flex e-con e-child\" data-id=\"iw-wacholder-s2-bw\" data-element_type=\"container\" data-e-type=\"container\">\n\t\t\t\t<div class=\"elementor-element elementor-element-iwgs-wacholder-s2t elementor-widget elementor-widget-text-editor\" data-id=\"iwgs-wacholder-s2t\" data-element_type=\"widget\" data-e-type=\"widget\" data-widget_type=\"text-editor.default\">\n\t\t\t\t\t\t\t\t\t<p>A la verbena se li atribueix en la tradici\u00f3 un doble efecte: d&#8217;una banda, faria invulnerable f\u00edsicament, \u00e9s a dir, protegiria d&#8217;armes i lesions, i de l&#8217;altra, preservaria d&#8217;atacs invisibles com l&#8217;embruixament i el mal d&#8217;ull. Aquest doble paper com a protecci\u00f3 contra el perill visible i l&#8217;invisible \u00e9s inusualment marcat entre les herbes protectores.<\/p><p>Com a base d&#8217;aquest poder es considerava la puresa especial de la planta, ja present en el nom Hierobotane. La coneguda aigua de verbena, obtinguda de les fulles, s&#8217;usava per aspergir estances i objectes, amb la idea que la for\u00e7a continguda a l&#8217;herba es transmetia a all\u00f2 aspergit.<\/p>\t\t\t\t\t\t\t\t<\/div>\n\t\t\t\t<\/div>\n\t\t\t\t\t<\/div>\n\t\t\t\t<\/div>\n\t\t<div class=\"elementor-element elementor-element-iwgs-wacholder-s3 e-flex e-con-boxed e-con e-parent\" data-id=\"iwgs-wacholder-s3\" data-element_type=\"container\" data-e-type=\"container\">\n\t\t\t\t\t<div class=\"e-con-inner\">\n\t\t\t\t<div class=\"elementor-element elementor-element-iwgs-wacholder-s3h elementor-widget elementor-widget-heading\" data-id=\"iwgs-wacholder-s3h\" data-element_type=\"widget\" data-e-type=\"widget\" data-widget_type=\"heading.default\">\n\t\t\t\t\t<h2 class=\"elementor-heading-title elementor-size-default\">Difusi\u00f3 transcultural<\/h2>\t\t\t\t<\/div>\n\t\t<div class=\"elementor-element elementor-element-iw-wacholder-s3-bw e-con-full e-flex e-con e-child\" data-id=\"iw-wacholder-s3-bw\" data-element_type=\"container\" data-e-type=\"container\">\n\t\t\t\t<div class=\"elementor-element elementor-element-iwgs-wacholder-s3t elementor-widget elementor-widget-text-editor\" data-id=\"iwgs-wacholder-s3t\" data-element_type=\"widget\" data-e-type=\"widget\" data-widget_type=\"text-editor.default\">\n\t\t\t\t\t\t\t\t\t<p>La verbena \u00e9s una de les poques plantes protectores cuya tradici\u00f3 es pot resseguir de manera gaireb\u00e9 ininterrompuda des de l&#8217;antiguitat fins a l&#8217;\u00e8poca moderna. Per als romans era considerada una planta sagrada de J\u00fapiter i s&#8217;entregava als enviats, amb l&#8217;esperan\u00e7a que els ofer\u00eds protecci\u00f3 en els viatges i les negociacions.<\/p><p>En l&#8217;\u00e0mbit c\u00e8ltic, especialment a la G\u00e0l\u00b7lia i les illes Brit\u00e0niques, el vincle amb els druides est\u00e0 ben arrelat en la literatura folkl\u00f2rica, encara que els rituals hist\u00f2rics concrets nom\u00e9s s&#8217;han transm\u00e8s de manera fragment\u00e0ria. A l&#8217;Anglaterra anglosaxona, la verbena era invocada juntament amb altres herbes sagrades en un conegut encanteri, el \u00abNine Herbs Charm\u00bb, contra la malaltia i el ver\u00ed.<\/p><p>Aquesta \u00e0mplia tradici\u00f3, que es pot seguir al llarg de segles i espais culturals, situa la verbena entre les plantes centrals de la ci\u00e8ncia herbal protectora europea.<\/p>\t\t\t\t\t\t\t\t<\/div>\n\t\t\t\t<\/div>\n\t\t\t\t\t<\/div>\n\t\t\t\t<\/div>\n\t\t<div class=\"elementor-element elementor-element-iwgs-wacholder-s4 e-flex e-con-boxed e-con e-parent\" data-id=\"iwgs-wacholder-s4\" data-element_type=\"container\" data-e-type=\"container\">\n\t\t\t\t\t<div class=\"e-con-inner\">\n\t\t\t\t<div class=\"elementor-element elementor-element-iwgs-wacholder-s4h elementor-widget elementor-widget-heading\" data-id=\"iwgs-wacholder-s4h\" data-element_type=\"widget\" data-e-type=\"widget\" data-widget_type=\"heading.default\">\n\t\t\t\t\t<h2 class=\"elementor-heading-title elementor-size-default\">Contra qu\u00e8 s'utilitza<\/h2>\t\t\t\t<\/div>\n\t\t<div class=\"elementor-element elementor-element-iw-wacholder-s4-bw e-con-full e-flex e-con e-child\" data-id=\"iw-wacholder-s4-bw\" data-element_type=\"container\" data-e-type=\"container\">\n\t\t\t\t<div class=\"elementor-element elementor-element-iwgs-wacholder-s4t elementor-widget elementor-widget-text-editor\" data-id=\"iwgs-wacholder-s4t\" data-element_type=\"widget\" data-e-type=\"widget\" data-widget_type=\"text-editor.default\">\n\t\t\t\t\t\t\t\t\t<p>La tradici\u00f3 fa servir la verbena sobretot contra l&#8217;embruixament i la m\u00e0gia maligna. Tamb\u00e9 hi trobem la creen\u00e7a que protegia de la viol\u00e8ncia armada, del mal d&#8217;ull sobre infants i bestiar, i en general del mal d&#8217;ull.<\/p><p>En algunes regions, la verbena tamb\u00e9 s&#8217;entregava a viatgers i als seus cavalls per protegir-los d&#8217;accidents i trobades hostils durant el cam\u00ed. El <a href=\"https:\/\/iwell-guard.com\/ca\/bruixola-de-proteccio\/\">Br\u00faixola de Protecci\u00f3<\/a> associa aquestes amenaces a les herbes per a les quals estan documentades a les fonts.<\/p>\t\t\t\t\t\t\t\t<\/div>\n\t\t\t\t<\/div>\n\t\t\t\t\t<\/div>\n\t\t\t\t<\/div>\n\t\t<div class=\"elementor-element elementor-element-iwgs-wacholder-s5 e-flex e-con-boxed e-con e-parent\" data-id=\"iwgs-wacholder-s5\" data-element_type=\"container\" data-e-type=\"container\">\n\t\t\t\t\t<div class=\"e-con-inner\">\n\t\t\t\t<div class=\"elementor-element elementor-element-iwgs-wacholder-s5h elementor-widget elementor-widget-heading\" data-id=\"iwgs-wacholder-s5h\" data-element_type=\"widget\" data-e-type=\"widget\" data-widget_type=\"heading.default\">\n\t\t\t\t\t<h2 class=\"elementor-heading-title elementor-size-default\">Aplicaci\u00f3 i l\u00edmits<\/h2>\t\t\t\t<\/div>\n\t\t<div class=\"elementor-element elementor-element-iw-wacholder-s5-bw e-con-full e-flex e-con e-child\" data-id=\"iw-wacholder-s5-bw\" data-element_type=\"container\" data-e-type=\"container\">\n\t\t\t\t<div class=\"elementor-element elementor-element-iwgs-wacholder-s5t elementor-widget elementor-widget-text-editor\" data-id=\"iwgs-wacholder-s5t\" data-element_type=\"widget\" data-e-type=\"widget\" data-widget_type=\"text-editor.default\">\n\t\t\t\t\t\t\t\t\t<p>Segons la pr\u00e0ctica tradicional, la verbena assecada es portava al cos en petites bosses o s&#8217;usava com a ingredient d&#8217;amulets. Tamb\u00e9 est\u00e0 documentat el seu \u00fas com a <a href=\"https:\/\/iwell-guard.com\/ca\/fumigacio-i-purificacio\/\">encens<\/a>, en qu\u00e8 l&#8217;herba assecada es cremava lentament per alliberar les estances d&#8217;influ\u00e8ncies perjudicials.<\/p><p>L&#8217;esmentada aigua de verbena s&#8217;usava per aspergir llindars i objectes, seguint pr\u00e0ctiques similars amb <a href=\"https:\/\/iwell-guard.com\/ca\/la-sal-com-a-proteccio\/\">sal<\/a> i aigua bene\u00efda.<\/p><p>Un l\u00edmit d&#8217;aquesta tradici\u00f3 rau en les instruccions contradict\u00f2ries de recol\u00b7lecci\u00f3: segons la font, la planta s&#8217;havia de desenterrar amb la m\u00e0 nua, amb or o sota determinades constel\u00b7lacions, el qual apunta a un coneixement poc uniforme i molt variable segons la regi\u00f3.<\/p>\t\t\t\t\t\t\t\t<\/div>\n\t\t\t\t<\/div>\n\t\t\t\t\t<\/div>\n\t\t\t\t<\/div>\n\t\t<div class=\"elementor-element elementor-element-iwgs-wacholder-lit e-flex e-con-boxed e-con e-parent\" data-id=\"iwgs-wacholder-lit\" data-element_type=\"container\" data-e-type=\"container\">\n\t\t\t\t\t<div class=\"e-con-inner\">\n\t\t\t\t<div class=\"elementor-element elementor-element-iwgs-wacholder-lith elementor-widget elementor-widget-heading\" data-id=\"iwgs-wacholder-lith\" data-element_type=\"widget\" data-e-type=\"widget\" data-widget_type=\"heading.default\">\n\t\t\t\t\t<h2 class=\"elementor-heading-title elementor-size-default\">Bibliografia (selecci\u00f3)<\/h2>\t\t\t\t<\/div>\n\t\t<div class=\"elementor-element elementor-element-iw-wacholder-lit-bw e-con-full e-flex e-con e-child\" data-id=\"iw-wacholder-lit-bw\" data-element_type=\"container\" data-e-type=\"container\">\n\t\t\t\t<div class=\"elementor-element elementor-element-iwgs-wacholder-litt elementor-widget elementor-widget-html\" data-id=\"iwgs-wacholder-litt\" data-element_type=\"widget\" data-e-type=\"widget\" data-widget_type=\"html.default\">\n\t\t\t\t\t<footer data-nosnippet=\"true\"><ul><li>Handw\u00f6rterbuch des deutschen Aberglaubens. Hrsg. von Hanns B\u00e4chtold-St\u00e4ubli. Berlin: de Gruyter, 1927-1942.<\/li><li>Heinrich Marzell (unter Mitwirkung von Wilhelm Wissmann): W\u00f6rterbuch der deutschen Pflanzennamen. Leipzig\/Stuttgart: Hirzel, 1943-1979.<\/li><li>Jacob Grimm: Deutsche Mythologie. G\u00f6ttingen: Dieterichsche Buchhandlung, 1835.<\/li><li>Edwin und Mona A. Radford: Encyclopaedia of Superstitions. London: Hutchinson, 1961.<\/li><li>Adolf Spamer: Romanusb\u00fcchlein. Berlin: Akademie-Verlag, 1958.<\/li><\/ul><\/footer>\t\t\t\t<\/div>\n\t\t\t\t<\/div>\n\t\t\t\t\t<\/div>\n\t\t\t\t<\/div>\n\t\t<div class=\"elementor-element elementor-element-iwgs-wacholder-kwd e-flex e-con-boxed e-con e-parent\" data-id=\"iwgs-wacholder-kwd\" data-element_type=\"container\" data-e-type=\"container\">\n\t\t\t\t\t<div class=\"e-con-inner\">\n\t\t<div class=\"elementor-element elementor-element-iw-wacholder-kwd-bw e-con-full e-flex e-con e-child\" data-id=\"iw-wacholder-kwd-bw\" data-element_type=\"container\" data-e-type=\"container\">\n\t\t\t\t<div class=\"elementor-element elementor-element-iwgs-wacholder-kwdt elementor-widget elementor-widget-text-editor\" data-id=\"iwgs-wacholder-kwdt\" data-element_type=\"widget\" data-e-type=\"widget\" data-widget_type=\"text-editor.default\">\n\t\t\t\t\t\t\t\t\t<p><em>Termes clau relacionats: verbena herba dels desitjos herba dels druides.<\/em><\/p>\t\t\t\t\t\t\t\t<\/div>\n\t\t\t\t<\/div>\n\t\t\t\t\t<\/div>\n\t\t\t\t<\/div>\n\t\t<div class=\"elementor-element elementor-element-iwgs-wacholder-cc e-flex e-con-boxed e-con e-parent\" data-id=\"iwgs-wacholder-cc\" data-element_type=\"container\" data-e-type=\"container\" id=\"iwg-cc-wacholder\">\n\t\t\t\t\t<div class=\"e-con-inner\">\n\t\t<div class=\"elementor-element elementor-element-iwgs-wacholder-ccinner e-flex e-con-boxed e-con e-parent\" data-id=\"iwgs-wacholder-ccinner\" data-element_type=\"container\" data-e-type=\"container\" data-settings=\"{&quot;background_background&quot;:&quot;classic&quot;}\">\n\t\t\t\t\t<div class=\"e-con-inner\">\n\t\t\t\t<div class=\"elementor-element elementor-element-iwgs-wacholder-cch elementor-widget elementor-widget-heading\" data-id=\"iwgs-wacholder-cch\" data-element_type=\"widget\" data-e-type=\"widget\" data-widget_type=\"heading.default\">\n\t\t\t\t\t<h2 class=\"elementor-heading-title elementor-size-default\">iWell Guard i tradicions de protecci\u00f3<\/h2>\t\t\t\t<\/div>\n\t\t\t\t<div class=\"elementor-element elementor-element-iwgs-wacholder-cct elementor-widget elementor-widget-text-editor\" data-id=\"iwgs-wacholder-cct\" data-element_type=\"widget\" data-e-type=\"widget\" data-widget_type=\"text-editor.default\">\n\t\t\t\t\t\t\t\t\t<p>La idea que una planta pogu\u00e9s fer invulnerable i, alhora, protegir d&#8217;atacs invisibles mostra com de estretament es concebien junts la protecci\u00f3 f\u00edsica i espiritual en la creen\u00e7a popular. Aquest principi d&#8217;un efecte protector portat sobre el cos de manera cont\u00ednua \u00e9s recollit per l&#8217;<a href=\"https:\/\/iwell-guard.com\/ca\/penjoll-protector-iwell-guard-comprar\/\">iWell Guard<\/a>.<\/p><p>All\u00f2 que la bossa de verbena al coll de l&#8217;infant havia de proporcionar, \u00e9s a dir, un company constant contra el perill invisible, el penjoll ho trasllada a una forma actual, sense pretendre l&#8217;antic efecte m\u00e0gic.<\/p>\t\t\t\t\t\t\t\t<\/div>\n\t\t\t\t<div class=\"elementor-element elementor-element-iwgs-wacholder-ccb iwg-cc-button iwg-cc-cta-2026-05-13 elementor-widget elementor-widget-jet-button\" data-id=\"iwgs-wacholder-ccb\" data-element_type=\"widget\" data-e-type=\"widget\" data-widget_type=\"jet-button.default\">\n\t\t\t\t<div class=\"elementor-widget-container\">\n\t\t\t\t\t<div class=\"elementor-jet-button jet-elements\"><div class=\"jet-button__container\"><a class=\"jet-button__instance jet-button__instance--icon-left hover-effect-1\" href=\"\/schutzanhaenger-iwell-guard-kaufen\/?utm_source=iwell-guard.com&amp;utm_medium=info-box&amp;utm_campaign=schutzsymbole\"><div class=\"jet-button__plane jet-button__plane-normal\"><\/div><div class=\"jet-button__plane jet-button__plane-hover\"><\/div><div class=\"jet-button__state jet-button__state-normal\"><span class=\"jet-button__label\">M\u00e9s informaci\u00f3 sobre l'iWell Guard<\/span><\/div><div class=\"jet-button__state jet-button__state-hover\"><span class=\"jet-button__label\">M\u00e9s informaci\u00f3 sobre l'iWell Guard<\/span><\/div><\/a><\/div><\/div><style>.elementor-element.elementor-element-iwgs-wacholder-ccb .jet-button__instance{width:320px;height:56px;}.elementor-element.elementor-element-iwgs-wacholder-ccb .jet-button__state-normal .jet-button__label{text-align:center;margin:0px 0px 0px 0px;color:#1a1b20;font-family:Montserrat,sans-serif;font-size:13px;font-weight:400;letter-spacing:4px;line-height:1.714em;text-transform:uppercase;}.elementor-element.elementor-element-iwgs-wacholder-ccb .jet-button__state-hover .jet-button__label{text-align:center;margin:0px 0px 0px 0px;color:#FECC76;font-family:Montserrat,sans-serif;font-size:13px;font-weight:400;letter-spacing:4px;line-height:1.714em;text-transform:uppercase;}.elementor-element.elementor-element-iwgs-wacholder-ccb .jet-button__plane-normal{background-color:#FECC76;border-style:solid;border-color:#C99540;border-width:2px 2px 2px 2px;}.elementor-element.elementor-element-iwgs-wacholder-ccb .jet-button__plane-hover{background-color:rgba(0,0,0,0.55);border-style:solid;border-color:#FECC76;border-width:2px 2px 2px 2px;}<\/style>\t\t\t\t<\/div>\n\t\t\t\t<\/div>\n\t\t\t\t<div class=\"elementor-element elementor-element-iwgs-wacholder-ccd elementor-widget elementor-widget-text-editor\" data-id=\"iwgs-wacholder-ccd\" data-element_type=\"widget\" data-e-type=\"widget\" data-widget_type=\"text-editor.default\">\n\t\t\t\t\t\t\t\t\t<p style=\"text-align:center;font-size:13px;opacity:0.7;margin-top:14px\" data-nosnippet=\"true\">Les experi\u00e8ncies personals poden variar. No \u00e9s un producte sanitari. No es garanteix cap curaci\u00f3.<\/p>\t\t\t\t\t\t\t\t<\/div>\n\t\t\t\t\t<\/div>\n\t\t\t\t<\/div>\n\t\t\t\t\t<\/div>\n\t\t\t\t<\/div>\n\t\t<div class=\"elementor-element elementor-element-iwgs-wacholder-disc e-flex e-con-boxed e-con e-parent\" data-id=\"iwgs-wacholder-disc\" data-element_type=\"container\" data-e-type=\"container\">\n\t\t\t\t\t<div class=\"e-con-inner\">\n\t\t<div class=\"elementor-element elementor-element-iw-wacholder-disc-bw e-con-full e-flex e-con e-child\" data-id=\"iw-wacholder-disc-bw\" data-element_type=\"container\" data-e-type=\"container\">\n\t\t\t\t<div class=\"elementor-element elementor-element-iwgs-wacholder-discw elementor-widget elementor-widget-html\" data-id=\"iwgs-wacholder-discw\" data-element_type=\"widget\" data-e-type=\"widget\" data-widget_type=\"html.default\">\n\t\t\t\t\t<footer data-nosnippet=\"true\" class=\"iwg-disclaimer-block\"><p data-nosnippet=\"true\">iWell Guard <strong>no \u00e9s un producte sanitari<\/strong> i no substitueix cap tractament m\u00e8dic o psicoterap\u00e8utic. Els continguts presentats aqu\u00ed s\u00f3n una contextualitzaci\u00f3 des de la ci\u00e8ncia de les religions i la hist\u00f2ria cultural, no una promesa d'efecte espiritual.<\/p><\/footer>\t\t\t\t<\/div>\n\t\t\t\t<\/div>\n\t\t\t\t\t<\/div>\n\t\t\t\t<\/div>\n\t\t\t\t<\/div>\n\t\t","protected":false},"excerpt":{"rendered":"","protected":false},"author":3,"featured_media":20532,"parent":0,"menu_order":0,"comment_status":"closed","ping_status":"closed","template":"elementor_header_footer","meta":{"_yoast_wpseo_focuskw":"verbena herba protectora","_yoast_wpseo_title":"Verbena: herba m\u00e0gica i protectora en la creen\u00e7a popular","_yoast_wpseo_metadesc":"La verbena com a herba m\u00e0gica i protectora: druides, aigua de verbena i la tradici\u00f3 de l'herba miraculosa en la creen\u00e7a popular.","_yoast_wpseo_meta-robots-noindex":"","_yoast_wpseo_canonical":"","_angie_page":false,"gefaehrdungsstufe":"","wesen_kultur":"","wesen_klasse":"","footnotes":""},"categories":[],"class_list":["post-172613","page","type-page","status-publish","has-post-thumbnail","hentry"],"yoast_head":"<!-- This site is optimized with the Yoast SEO Premium plugin v27.7 (Yoast SEO v28.3) - https:\/\/yoast.com\/product\/yoast-seo-premium-wordpress\/ -->\n<title>Verbena: herba m\u00e0gica i protectora en la creen\u00e7a popular<\/title>\n<meta name=\"description\" content=\"La verbena com a herba m\u00e0gica i protectora: druides, aigua de verbena i la tradici\u00f3 de l&#039;herba miraculosa en la creen\u00e7a popular.\" \/>\n<meta name=\"robots\" content=\"index, follow, max-snippet:-1, max-image-preview:large, max-video-preview:-1\" \/>\n<link rel=\"canonical\" href=\"https:\/\/iwell-guard.com\/ca\/verbena\/\" \/>\n<meta property=\"og:locale\" content=\"ca_ES\" \/>\n<meta property=\"og:type\" content=\"article\" \/>\n<meta property=\"og:title\" content=\"Verbena\" \/>\n<meta property=\"og:description\" content=\"La verbena com a herba m\u00e0gica i protectora: druides, aigua de verbena i la tradici\u00f3 de l&#039;herba miraculosa en la creen\u00e7a popular.\" \/>\n<meta property=\"og:url\" content=\"https:\/\/iwell-guard.com\/ca\/verbena\/\" \/>\n<meta property=\"og:site_name\" content=\"iWell Guard\" \/>\n<meta property=\"article:modified_time\" content=\"2026-09-05T17:14:32+00:00\" \/>\n<meta property=\"og:image\" content=\"https:\/\/iwell-guard.com\/wp-content\/uploads\/2026\/07\/schutzsymbol_universell_eisenkraut.webp\" \/>\n\t<meta property=\"og:image:width\" content=\"1024\" \/>\n\t<meta property=\"og:image:height\" content=\"1536\" \/>\n\t<meta property=\"og:image:type\" content=\"image\/webp\" \/>\n<meta name=\"twitter:card\" content=\"summary_large_image\" \/>\n<script type=\"application\/ld+json\" class=\"yoast-schema-graph\">{\"@context\":\"https:\\\/\\\/schema.org\",\"@graph\":[{\"@type\":\"WebPage\",\"@id\":\"https:\\\/\\\/iwell-guard.com\\\/ca\\\/verbena\\\/\",\"url\":\"https:\\\/\\\/iwell-guard.com\\\/ca\\\/verbena\\\/\",\"name\":\"Verbena: herba m\u00e0gica i protectora en la creen\u00e7a popular\",\"isPartOf\":{\"@id\":\"https:\\\/\\\/iwell-guard.com\\\/ca\\\/#website\"},\"primaryImageOfPage\":{\"@id\":\"https:\\\/\\\/iwell-guard.com\\\/ca\\\/verbena\\\/#primaryimage\"},\"image\":{\"@id\":\"https:\\\/\\\/iwell-guard.com\\\/ca\\\/verbena\\\/#primaryimage\"},\"thumbnailUrl\":\"https:\\\/\\\/iwell-guard.com\\\/wp-content\\\/uploads\\\/2026\\\/07\\\/schutzsymbol_universell_eisenkraut.webp\",\"datePublished\":\"2026-09-05T15:53:22+00:00\",\"dateModified\":\"2026-09-05T17:14:32+00:00\",\"description\":\"La verbena com a herba m\u00e0gica i protectora: druides, aigua de verbena i la tradici\u00f3 de l'herba miraculosa en la creen\u00e7a popular.\",\"breadcrumb\":{\"@id\":\"https:\\\/\\\/iwell-guard.com\\\/ca\\\/verbena\\\/#breadcrumb\"},\"inLanguage\":\"ca\",\"potentialAction\":[{\"@type\":\"ReadAction\",\"target\":[\"https:\\\/\\\/iwell-guard.com\\\/ca\\\/verbena\\\/\"]}]},{\"@type\":\"ImageObject\",\"inLanguage\":\"ca\",\"@id\":\"https:\\\/\\\/iwell-guard.com\\\/ca\\\/verbena\\\/#primaryimage\",\"url\":\"https:\\\/\\\/iwell-guard.com\\\/wp-content\\\/uploads\\\/2026\\\/07\\\/schutzsymbol_universell_eisenkraut.webp\",\"contentUrl\":\"https:\\\/\\\/iwell-guard.com\\\/wp-content\\\/uploads\\\/2026\\\/07\\\/schutzsymbol_universell_eisenkraut.webp\",\"width\":1024,\"height\":1536,\"caption\":\"Verbena assecada amb delicades espigues florals sobre un fons de pedra fosca\"},{\"@type\":\"BreadcrumbList\",\"@id\":\"https:\\\/\\\/iwell-guard.com\\\/ca\\\/verbena\\\/#breadcrumb\",\"itemListElement\":[{\"@type\":\"ListItem\",\"position\":1,\"name\":\"Start\",\"item\":\"https:\\\/\\\/iwell-guard.com\\\/ca\\\/?page_id=171333\"},{\"@type\":\"ListItem\",\"position\":2,\"name\":\"Verbena\"}]},{\"@type\":\"WebSite\",\"@id\":\"https:\\\/\\\/iwell-guard.com\\\/ca\\\/#website\",\"url\":\"https:\\\/\\\/iwell-guard.com\\\/ca\\\/\",\"name\":\"iWell Guard\",\"description\":\"Schutz vor dunklen Einfl\u00fcssen\",\"publisher\":{\"@id\":\"https:\\\/\\\/iwell-guard.com\\\/ca\\\/#organization\"},\"potentialAction\":[{\"@type\":\"SearchAction\",\"target\":{\"@type\":\"EntryPoint\",\"urlTemplate\":\"https:\\\/\\\/iwell-guard.com\\\/ca\\\/?s={search_term_string}\"},\"query-input\":{\"@type\":\"PropertyValueSpecification\",\"valueRequired\":true,\"valueName\":\"search_term_string\"}}],\"inLanguage\":\"ca\"},{\"@type\":\"Organization\",\"@id\":\"https:\\\/\\\/iwell-guard.com\\\/ca\\\/#organization\",\"name\":\"Ittermann electronic GmbH\",\"url\":\"https:\\\/\\\/iwell-guard.com\\\/ca\\\/\",\"logo\":{\"@type\":\"ImageObject\",\"inLanguage\":\"ca\",\"@id\":\"https:\\\/\\\/iwell-guard.com\\\/ca\\\/#\\\/schema\\\/logo\\\/image\\\/\",\"url\":\"https:\\\/\\\/iwell-guard.com\\\/wp-content\\\/uploads\\\/2026\\\/05\\\/Ittermann-Logo-1182x237-1.png\",\"contentUrl\":\"https:\\\/\\\/iwell-guard.com\\\/wp-content\\\/uploads\\\/2026\\\/05\\\/Ittermann-Logo-1182x237-1.png\",\"width\":1182,\"height\":237,\"caption\":\"Ittermann electronic GmbH\"},\"image\":{\"@id\":\"https:\\\/\\\/iwell-guard.com\\\/ca\\\/#\\\/schema\\\/logo\\\/image\\\/\"},\"sameAs\":[\"https:\\\/\\\/pantip.com\\\/profile\\\/9367242\",\"https:\\\/\\\/micro.blog\\\/iwellguard\",\"https:\\\/\\\/www.diggerslist.com\\\/iwellguard\\\/about\",\"https:\\\/\\\/skitterphoto.com\\\/photographers\\\/2870314\\\/iwell-guard\",\"https:\\\/\\\/iwellguard.wordpress.com\\\/2026\\\/06\\\/06\\\/iwell-guard\\\/\",\"https:\\\/\\\/hub.docker.com\\\/u\\\/iwellguard\",\"https:\\\/\\\/www.pinterest.com\\\/iwellguard\\\/\",\"https:\\\/\\\/bit.ly\\\/m\\\/iwellguard\",\"https:\\\/\\\/entre-vos-mains.alsace.eu\\\/profiles\\\/iwellguard\\\/activity\",\"https:\\\/\\\/gravatar.com\\\/reallybeded8fd34\",\"https:\\\/\\\/naijamatta.com\\\/iwellguard\",\"https:\\\/\\\/www.goodreads.com\\\/iwellguard\",\"https:\\\/\\\/profile.hatena.ne.jp\\\/iwellguard\\\/\",\"https:\\\/\\\/experiment.com\\\/users\\\/iwellguard\",\"https:\\\/\\\/wakelet.com\\\/@iWellGuard82270\",\"https:\\\/\\\/www.chordie.com\\\/forum\\\/profile.php?id=2555664\",\"https:\\\/\\\/www.instapaper.com\\\/p\\\/17757966\",\"https:\\\/\\\/www.mapleprimes.com\\\/users\\\/iwellguard\",\"https:\\\/\\\/businesslistingplus.com\\\/profile\\\/iwell-guard\\\/\",\"https:\\\/\\\/telegra.ph\\\/iWell-Guard-06-06\",\"https:\\\/\\\/pbase.com\\\/iwellguard\\\/iwellguard\",\"https:\\\/\\\/b.hatena.ne.jp\\\/iwellguard\\\/20260607#bookmark-4788405196491818882\",\"https:\\\/\\\/fliphtml5.com\\\/home\\\/iwellguard\",\"https:\\\/\\\/anyflip.com\\\/homepage\\\/cmiwl#About\",\"https:\\\/\\\/transfur.com\\\/Users\\\/iwellguard\",\"http:\\\/\\\/delphi.larsbo.org\\\/user\\\/iwellguard\",\"https:\\\/\\\/jobs.lajobsportal.org\\\/profiles\\\/8380803-iwell-guard\",\"https:\\\/\\\/md.chaosdorf.de\\\/s\\\/jfbe5SBdJD\",\"https:\\\/\\\/www.lingvolive.com\\\/en-us\\\/profile\\\/9ecaeaca-ce11-4e51-9e71-01d55e2bff36\\\/translations\",\"https:\\\/\\\/www.fitday.com\\\/fitness\\\/forums\\\/members\\\/iwellguard.html\",\"https:\\\/\\\/www.mymeetbook.com\\\/iwellguard\",\"https:\\\/\\\/pxhere.com\\\/en\\\/photographer-me\\\/5040798\",\"https:\\\/\\\/disqus.com\\\/by\\\/iwellguard\\\/about\\\/\",\"https:\\\/\\\/pastelink.net\\\/hjwciqwq\",\"https:\\\/\\\/pubhtml5.com\\\/homepage\\\/scjhn\\\/\",\"https:\\\/\\\/www.bitchute.com\\\/channel\\\/2O2eOKzNqujT\",\"https:\\\/\\\/audiomack.com\\\/iwellguard\"]}]}<\/script>\n<!-- \/ Yoast SEO Premium plugin. -->","yoast_head_json":{"title":"Verbena: herba m\u00e0gica i protectora en la creen\u00e7a popular","description":"La verbena com a herba m\u00e0gica i protectora: druides, aigua de verbena i la tradici\u00f3 de l'herba miraculosa en la creen\u00e7a popular.","robots":{"index":"index","follow":"follow","max-snippet":"max-snippet:-1","max-image-preview":"max-image-preview:large","max-video-preview":"max-video-preview:-1"},"canonical":"https:\/\/iwell-guard.com\/ca\/verbena\/","og_locale":"ca_ES","og_type":"article","og_title":"Verbena","og_description":"La verbena com a herba m\u00e0gica i protectora: druides, aigua de verbena i la tradici\u00f3 de l'herba miraculosa en la creen\u00e7a popular.","og_url":"https:\/\/iwell-guard.com\/ca\/verbena\/","og_site_name":"iWell Guard","article_modified_time":"2026-09-05T17:14:32+00:00","og_image":[{"width":1024,"height":1536,"url":"https:\/\/iwell-guard.com\/wp-content\/uploads\/2026\/07\/schutzsymbol_universell_eisenkraut.webp","type":"image\/webp"}],"twitter_card":"summary_large_image","schema":{"@context":"https:\/\/schema.org","@graph":[{"@type":"WebPage","@id":"https:\/\/iwell-guard.com\/ca\/verbena\/","url":"https:\/\/iwell-guard.com\/ca\/verbena\/","name":"Verbena: herba m\u00e0gica i protectora en la creen\u00e7a popular","isPartOf":{"@id":"https:\/\/iwell-guard.com\/ca\/#website"},"primaryImageOfPage":{"@id":"https:\/\/iwell-guard.com\/ca\/verbena\/#primaryimage"},"image":{"@id":"https:\/\/iwell-guard.com\/ca\/verbena\/#primaryimage"},"thumbnailUrl":"https:\/\/iwell-guard.com\/wp-content\/uploads\/2026\/07\/schutzsymbol_universell_eisenkraut.webp","datePublished":"2026-09-05T15:53:22+00:00","dateModified":"2026-09-05T17:14:32+00:00","description":"La verbena com a herba m\u00e0gica i protectora: druides, aigua de verbena i la tradici\u00f3 de l'herba miraculosa en la creen\u00e7a popular.","breadcrumb":{"@id":"https:\/\/iwell-guard.com\/ca\/verbena\/#breadcrumb"},"inLanguage":"ca","potentialAction":[{"@type":"ReadAction","target":["https:\/\/iwell-guard.com\/ca\/verbena\/"]}]},{"@type":"ImageObject","inLanguage":"ca","@id":"https:\/\/iwell-guard.com\/ca\/verbena\/#primaryimage","url":"https:\/\/iwell-guard.com\/wp-content\/uploads\/2026\/07\/schutzsymbol_universell_eisenkraut.webp","contentUrl":"https:\/\/iwell-guard.com\/wp-content\/uploads\/2026\/07\/schutzsymbol_universell_eisenkraut.webp","width":1024,"height":1536,"caption":"Verbena assecada amb delicades espigues florals sobre un fons de pedra fosca"},{"@type":"BreadcrumbList","@id":"https:\/\/iwell-guard.com\/ca\/verbena\/#breadcrumb","itemListElement":[{"@type":"ListItem","position":1,"name":"Start","item":"https:\/\/iwell-guard.com\/ca\/?page_id=171333"},{"@type":"ListItem","position":2,"name":"Verbena"}]},{"@type":"WebSite","@id":"https:\/\/iwell-guard.com\/ca\/#website","url":"https:\/\/iwell-guard.com\/ca\/","name":"iWell Guard","description":"Schutz vor dunklen Einfl\u00fcssen","publisher":{"@id":"https:\/\/iwell-guard.com\/ca\/#organization"},"potentialAction":[{"@type":"SearchAction","target":{"@type":"EntryPoint","urlTemplate":"https:\/\/iwell-guard.com\/ca\/?s={search_term_string}"},"query-input":{"@type":"PropertyValueSpecification","valueRequired":true,"valueName":"search_term_string"}}],"inLanguage":"ca"},{"@type":"Organization","@id":"https:\/\/iwell-guard.com\/ca\/#organization","name":"Ittermann electronic GmbH","url":"https:\/\/iwell-guard.com\/ca\/","logo":{"@type":"ImageObject","inLanguage":"ca","@id":"https:\/\/iwell-guard.com\/ca\/#\/schema\/logo\/image\/","url":"https:\/\/iwell-guard.com\/wp-content\/uploads\/2026\/05\/Ittermann-Logo-1182x237-1.png","contentUrl":"https:\/\/iwell-guard.com\/wp-content\/uploads\/2026\/05\/Ittermann-Logo-1182x237-1.png","width":1182,"height":237,"caption":"Ittermann electronic GmbH"},"image":{"@id":"https:\/\/iwell-guard.com\/ca\/#\/schema\/logo\/image\/"},"sameAs":["https:\/\/pantip.com\/profile\/9367242","https:\/\/micro.blog\/iwellguard","https:\/\/www.diggerslist.com\/iwellguard\/about","https:\/\/skitterphoto.com\/photographers\/2870314\/iwell-guard","https:\/\/iwellguard.wordpress.com\/2026\/06\/06\/iwell-guard\/","https:\/\/hub.docker.com\/u\/iwellguard","https:\/\/www.pinterest.com\/iwellguard\/","https:\/\/bit.ly\/m\/iwellguard","https:\/\/entre-vos-mains.alsace.eu\/profiles\/iwellguard\/activity","https:\/\/gravatar.com\/reallybeded8fd34","https:\/\/naijamatta.com\/iwellguard","https:\/\/www.goodreads.com\/iwellguard","https:\/\/profile.hatena.ne.jp\/iwellguard\/","https:\/\/experiment.com\/users\/iwellguard","https:\/\/wakelet.com\/@iWellGuard82270","https:\/\/www.chordie.com\/forum\/profile.php?id=2555664","https:\/\/www.instapaper.com\/p\/17757966","https:\/\/www.mapleprimes.com\/users\/iwellguard","https:\/\/businesslistingplus.com\/profile\/iwell-guard\/","https:\/\/telegra.ph\/iWell-Guard-06-06","https:\/\/pbase.com\/iwellguard\/iwellguard","https:\/\/b.hatena.ne.jp\/iwellguard\/20260607#bookmark-4788405196491818882","https:\/\/fliphtml5.com\/home\/iwellguard","https:\/\/anyflip.com\/homepage\/cmiwl#About","https:\/\/transfur.com\/Users\/iwellguard","http:\/\/delphi.larsbo.org\/user\/iwellguard","https:\/\/jobs.lajobsportal.org\/profiles\/8380803-iwell-guard","https:\/\/md.chaosdorf.de\/s\/jfbe5SBdJD","https:\/\/www.lingvolive.com\/en-us\/profile\/9ecaeaca-ce11-4e51-9e71-01d55e2bff36\/translations","https:\/\/www.fitday.com\/fitness\/forums\/members\/iwellguard.html","https:\/\/www.mymeetbook.com\/iwellguard","https:\/\/pxhere.com\/en\/photographer-me\/5040798","https:\/\/disqus.com\/by\/iwellguard\/about\/","https:\/\/pastelink.net\/hjwciqwq","https:\/\/pubhtml5.com\/homepage\/scjhn\/","https:\/\/www.bitchute.com\/channel\/2O2eOKzNqujT","https:\/\/audiomack.com\/iwellguard"]}]}},"_links":{"self":[{"href":"https:\/\/iwell-guard.com\/ca\/wp-json\/wp\/v2\/pages\/172613","targetHints":{"allow":["GET"]}}],"collection":[{"href":"https:\/\/iwell-guard.com\/ca\/wp-json\/wp\/v2\/pages"}],"about":[{"href":"https:\/\/iwell-guard.com\/ca\/wp-json\/wp\/v2\/types\/page"}],"author":[{"embeddable":true,"href":"https:\/\/iwell-guard.com\/ca\/wp-json\/wp\/v2\/users\/3"}],"replies":[{"embeddable":true,"href":"https:\/\/iwell-guard.com\/ca\/wp-json\/wp\/v2\/comments?post=172613"}],"version-history":[{"count":0,"href":"https:\/\/iwell-guard.com\/ca\/wp-json\/wp\/v2\/pages\/172613\/revisions"}],"wp:featuredmedia":[{"embeddable":true,"href":"https:\/\/iwell-guard.com\/ca\/wp-json\/wp\/v2\/media\/20532"}],"wp:attachment":[{"href":"https:\/\/iwell-guard.com\/ca\/wp-json\/wp\/v2\/media?parent=172613"}],"wp:term":[{"taxonomy":"category","embeddable":true,"href":"https:\/\/iwell-guard.com\/ca\/wp-json\/wp\/v2\/categories?post=172613"}],"curies":[{"name":"wp","href":"https:\/\/api.w.org\/{rel}","templated":true}]}}