{"id":172601,"date":"2026-09-05T15:53:01","date_gmt":"2026-09-05T15:53:01","guid":{"rendered":"https:\/\/iwell-guard.com\/?page_id=172601"},"modified":"2026-09-05T17:18:19","modified_gmt":"2026-09-05T17:18:19","slug":"mitologia-romanesa","status":"publish","type":"page","link":"https:\/\/iwell-guard.com\/ca\/mitologia-romanesa\/","title":{"rendered":"Mitologia romanesa"},"content":{"rendered":"\t\t<div data-elementor-type=\"wp-page\" data-elementor-id=\"172601\" class=\"elementor elementor-172601 elementor-20574 elementor-bc-flex-widget\" data-elementor-post-type=\"page\">\n\t\t\t\t<div class=\"elementor-element elementor-element-iwgcn-sami-hero iwg-kultur-hero e-flex e-con-boxed e-con e-parent\" data-id=\"iwgcn-sami-hero\" data-element_type=\"container\" data-e-type=\"container\">\n\t\t\t\t\t<div class=\"e-con-inner\">\n\t\t<div class=\"elementor-element elementor-element-iwgcn-sami-hl iwg-kultur-hero-left e-flex e-con-boxed e-con e-child\" data-id=\"iwgcn-sami-hl\" data-element_type=\"container\" data-e-type=\"container\">\n\t\t\t\t\t<div class=\"e-con-inner\">\n\t\t\t\t<div class=\"elementor-element elementor-element-iwgcn-sami-h1 elementor-widget elementor-widget-heading\" data-id=\"iwgcn-sami-h1\" data-element_type=\"widget\" data-e-type=\"widget\" data-widget_type=\"heading.default\">\n\t\t\t\t\t<h1 class=\"elementor-heading-title elementor-size-default\">Strigoi, Iele i el m\u00f3n d'esperits dels C\u00e0rpats romanesos<\/h1>\t\t\t\t<\/div>\n\t\t<div class=\"elementor-element elementor-element-iwgcn-sami-leadc e-con-full e-flex e-con e-child\" data-id=\"iwgcn-sami-leadc\" data-element_type=\"container\" data-e-type=\"container\">\n\t\t\t\t<div class=\"elementor-element elementor-element-iwgcn-sami-lead elementor-widget elementor-widget-text-editor\" data-id=\"iwgcn-sami-lead\" data-element_type=\"widget\" data-e-type=\"widget\" data-widget_type=\"text-editor.default\">\n\t\t\t\t\t\t\t\t\t<p>La tradici\u00f3 popular romanesa combina una marcada creen\u00e7a en els morts al voltant dels Strigoi i els Moroi amb \u00e9ssers de la natura com les Iele, que dansen, la mare del bosc Muma P\u0103durii i la creen\u00e7a en l&#8217;home llop al voltant del Pricolici. Aquestes concepcions van sorgir en una societat rural que, al costat de l&#8217;Esgl\u00e9sia ortodoxa romanesa, va conservar durant segles costums propis de protecci\u00f3 contra morts vivents i esperits, especialment a Transsilv\u00e0nia, Mold\u00e0via i Val\u00e0quia.<\/p>\n<p class=\"iwg-kwfix\">La mitologia romanesa es diferencia clarament del mite literari de Dr\u00e0cula, que prov\u00e9 de la novel\u00b7la de Bram Stoker de 1897 i nom\u00e9s t\u00e9 una vinculaci\u00f3 laxa amb la veritable tradici\u00f3 popular romanesa. Aquest article introdueix el m\u00f3n d&#8217;esperits dels C\u00e0rpats romanesos, que es distingeix clarament del mite literari de Dr\u00e0cula.<\/p>\t\t\t\t\t\t\t\t<\/div>\n\t\t\t\t<\/div>\n\t\t\t\t\t<\/div>\n\t\t\t\t<\/div>\n\t\t<div class=\"elementor-element elementor-element-iwgcn-sami-hr iwg-kultur-hero-right e-flex e-con-boxed e-con e-child\" data-id=\"iwgcn-sami-hr\" data-element_type=\"container\" data-e-type=\"container\">\n\t\t\t\t\t<div class=\"e-con-inner\">\n\t\t\t\t<div class=\"elementor-element elementor-element-iwgcn-sami-himg iwg-hero-image elementor-widget elementor-widget-image\" data-id=\"iwgcn-sami-himg\" data-element_type=\"widget\" data-e-type=\"widget\" data-widget_type=\"image.default\">\n\t\t\t\t\t\t\t\t\t\t\t\t\t\t\t<img fetchpriority=\"high\" decoding=\"async\" width=\"683\" height=\"1024\" src=\"https:\/\/iwell-guard.com\/wp-content\/uploads\/2026\/05\/goetter_sami_beaivi-683x1024.webp\" class=\"attachment-large size-large wp-image-173521\" alt=\"Beaivi - d\u00e9us de la tradici\u00f3 sami, il\u00b7lustraci\u00f3 historicoreferencial\" srcset=\"https:\/\/iwell-guard.com\/wp-content\/uploads\/2026\/05\/goetter_sami_beaivi-683x1024.webp 683w, https:\/\/iwell-guard.com\/wp-content\/uploads\/2026\/05\/goetter_sami_beaivi-200x300.webp 200w, https:\/\/iwell-guard.com\/wp-content\/uploads\/2026\/05\/goetter_sami_beaivi-768x1152.webp 768w, https:\/\/iwell-guard.com\/wp-content\/uploads\/2026\/05\/goetter_sami_beaivi.webp 1024w\" sizes=\"(max-width: 683px) 100vw, 683px\" \/>\t\t\t\t\t\t\t\t\t\t\t\t\t\t\t<\/div>\n\t\t\t\t\t<\/div>\n\t\t\t\t<\/div>\n\t\t\t\t\t<\/div>\n\t\t\t\t<\/div>\n\t\t\t\t<section class=\"elementor-section elementor-top-section elementor-element elementor-element-sec-iwgcomp-sami elementor-section-boxed elementor-section-height-default elementor-section-height-default\" data-id=\"sec-iwgcomp-sami\" data-element_type=\"section\" data-e-type=\"section\">\n\t\t\t\t\t\t<div class=\"elementor-container elementor-column-gap-default\">\n\t\t\t\t\t<div class=\"elementor-column elementor-col-100 elementor-top-column elementor-element elementor-element-col-iwgcomp-sami\" data-id=\"col-iwgcomp-sami\" data-element_type=\"column\" data-e-type=\"column\">\n\t\t\t<div class=\"elementor-widget-wrap elementor-element-populated\">\n\t\t\t\t\t\t<div class=\"elementor-element elementor-element-iwgcomp-sami elementor-widget elementor-widget-text-editor\" data-id=\"iwgcomp-sami\" data-element_type=\"widget\" data-e-type=\"widget\" data-widget_type=\"text-editor.default\">\n\t\t\t\t\t\t\t\t\t<p>La creen\u00e7a romanesa en el <strong><span class=\"iwg-fachbegriff\" data-tooltip=\"Concepci\u00f3 segons la qual els difunts, en determinades condicions, tornen al m\u00f3n dels vius com a morts vivents.\" tabindex=\"0\">retorn dels morts<\/span><\/strong> al voltant dels <a href=\"https:\/\/iwell-guard.com\/ca\/strigoi\/\">Strigoi<\/a> i els <a href=\"https:\/\/iwell-guard.com\/ca\/moroi\/\">Moroi<\/a> constitueix l&#8217;eix de la tradici\u00f3 popular als pobles dels C\u00e0rpats.<\/p>\n<p class=\"iwg-kwfix\">La mitologia romanesa es divideix en la creen\u00e7a ancestral i en els morts, les dones de l&#8217;aire conegudes com les <a href=\"https:\/\/iwell-guard.com\/ca\/iele\/\">Iele<\/a>, l&#8217;\u00e9sser del bosc <a href=\"https:\/\/iwell-guard.com\/ca\/muma-padurii\/\">Muma P\u0103durii<\/a> i la creen\u00e7a en l&#8217;home llop al voltant del <a href=\"https:\/\/iwell-guard.com\/ca\/pricolici\/\">Pricolici<\/a>. Aquestes tradicions encara es transmeten avui dia, sobretot en regions rurals de Transsilv\u00e0nia i Mold\u00e0via.<\/p>\t\t\t\t\t\t\t\t<\/div>\n\t\t\t\t\t<\/div>\n\t\t<\/div>\n\t\t\t\t\t<\/div>\n\t\t<\/section>\n\t\t<div class=\"elementor-element elementor-element-iwgcn-sami-s0 e-flex e-con-boxed e-con e-parent\" data-id=\"iwgcn-sami-s0\" data-element_type=\"container\" data-e-type=\"container\">\n\t\t\t\t\t<div class=\"e-con-inner\">\n\t\t\t\t<div class=\"elementor-element elementor-element-iwgcn-sami-s0h elementor-widget elementor-widget-heading\" data-id=\"iwgcn-sami-s0h\" data-element_type=\"widget\" data-e-type=\"widget\" data-widget_type=\"heading.default\">\n\t\t\t\t\t<h2 class=\"elementor-heading-title elementor-size-default\">Transsilv\u00e0nia, Mold\u00e0via, Val\u00e0quia: el paisatge religi\u00f3s de Romania<\/h2>\t\t\t\t<\/div>\n\t\t<div class=\"elementor-element elementor-element-iwgcn-sami-s0-c e-con-full e-flex e-con e-child\" data-id=\"iwgcn-sami-s0-c\" data-element_type=\"container\" data-e-type=\"container\">\n\t\t\t\t<div class=\"elementor-element elementor-element-iwgcn-sami-s0t elementor-widget elementor-widget-text-editor\" data-id=\"iwgcn-sami-s0t\" data-element_type=\"widget\" data-e-type=\"widget\" data-widget_type=\"text-editor.default\">\n\t\t\t\t\t\t\t\t\t<p>Romania \u00e9s majorit\u00e0riament de tradici\u00f3 ortodoxa romanesa, amb minories cat\u00f2liques i reformades sobretot a Transsilv\u00e0nia, on durant segles van viure costat a costat poblacions romaneses, hongareses i de llengua alemanya, els saxons de Transsilv\u00e0nia. La creen\u00e7a popular al voltant dels Strigoi, les Iele i altres \u00e9ssers afins es va desenvolupar en paral\u00b7lel a la pietat eclesi\u00e0stica, sovint estretament entrella\u00e7ada amb festivitats cristianes i calendaris de sants.<\/p>\n<p>Especialment en zones apartades com Maramure\u0219, les valls carp\u00e0tiques de Mold\u00e0via i parts de Val\u00e0quia, els costums funeraris i de protecci\u00f3 arcaics van romandre vius fins al segle XX. Els etn\u00f2grafs van documentar aquestes tradicions a partir de finals del segle XIX, quan el folklore roman\u00e8s es va establir com a disciplina pr\u00f2pia.<\/p>\n<p class=\"iwg-kwfix\">Les l\u00ednies b\u00e0siques d&#8217;aquesta tradici\u00f3: un culte ancestral i als morts al voltant dels Strigoi i els Moroi, un calendari de nits perilloses en qu\u00e8 les Iele i els esperits vaguen, i costums de protecci\u00f3 que encara es transmeten avui dia en regions rurals de Romania.<\/p>\t\t\t\t\t\t\t\t<\/div>\n\t\t\t\t<\/div>\n\t\t\t\t\t<\/div>\n\t\t\t\t<\/div>\n\t\t<div class=\"elementor-element elementor-element-iwgcn-sami-s1 e-flex e-con-boxed e-con e-parent\" data-id=\"iwgcn-sami-s1\" data-element_type=\"container\" data-e-type=\"container\">\n\t\t\t\t\t<div class=\"e-con-inner\">\n\t\t\t\t<div class=\"elementor-element elementor-element-iwgcn-sami-s1h elementor-widget elementor-widget-heading\" data-id=\"iwgcn-sami-s1h\" data-element_type=\"widget\" data-e-type=\"widget\" data-widget_type=\"heading.default\">\n\t\t\t\t\t<h2 class=\"elementor-heading-title elementor-size-default\">Strigoi i Moroi: dues formes del retorn dels morts a Romania<\/h2>\t\t\t\t<\/div>\n\t\t<div class=\"elementor-element elementor-element-iwgcn-sami-s1-c e-con-full e-flex e-con e-child\" data-id=\"iwgcn-sami-s1-c\" data-element_type=\"container\" data-e-type=\"container\">\n\t\t\t\t<div class=\"elementor-element elementor-element-iwgcn-sami-s1t elementor-widget elementor-widget-text-editor\" data-id=\"iwgcn-sami-s1t\" data-element_type=\"widget\" data-e-type=\"widget\" data-widget_type=\"text-editor.default\">\n\t\t\t\t\t\t\t\t\t<p>Segons la creen\u00e7a popular romanesa, un <a href=\"https:\/\/iwell-guard.com\/ca\/strigoi\/\">Strigoi<\/a> \u00e9s un difunt que torna de la tomba per llevar for\u00e7a o sang als vius. La tradici\u00f3 distingeix entre strigoi vii, persones vives amb aquesta predisposici\u00f3, per exemple com a set\u00e8 fill del mateix sexe d&#8217;una fam\u00edlia o nascudes fora del matrimoni, i strigoi mor\u021bi, difunts que tornen despr\u00e9s de la mort, sovint perqu\u00e8 els ritus funeraris no es van dur a terme correctament.<\/p>\n<p>El <a href=\"https:\/\/iwell-guard.com\/ca\/moroi\/\">Moroi<\/a> es considera, en moltes regions, una forma m\u00e9s suau i menys agressiva del retorn dels morts, mentre que en altres tradicions el terme s&#8217;utilitza gaireb\u00e9 de manera intercanviable amb Strigoi; en la tradici\u00f3 oral no existeix una sistem\u00e0tica unificada per a tot Romania. El camp l\u00e8xic prov\u00e9 del llat\u00ed striga\/strix, origin\u00e0riament vinculat a mussols nocturns i figures de bruixa, emparentat amb l&#8217;itali\u00e0 strega i l&#8217;imaginari de la bruixa.<\/p>\n<p>Com a protecci\u00f3 es feien servir all a portes i finestres, claus de ferro al ta\u00fct, una estaca de fusta de roure o teix travessant el cor i, en casos persistents, la decapitaci\u00f3 i el reenterrament amb la cara cap avall.<\/p>\t\t\t\t\t\t\t\t<\/div>\n\t\t\t\t<\/div>\n\t\t\t\t\t<\/div>\n\t\t\t\t<\/div>\n\t\t<div class=\"elementor-element elementor-element-iwgcn-sami-s2 e-flex e-con-boxed e-con e-parent\" data-id=\"iwgcn-sami-s2\" data-element_type=\"container\" data-e-type=\"container\">\n\t\t\t\t\t<div class=\"e-con-inner\">\n\t\t\t\t<div class=\"elementor-element elementor-element-iwgcn-sami-s2h elementor-widget elementor-widget-heading\" data-id=\"iwgcn-sami-s2h\" data-element_type=\"widget\" data-e-type=\"widget\" data-widget_type=\"heading.default\">\n\t\t\t\t\t<h2 class=\"elementor-heading-title elementor-size-default\">Iele: les dones de l'aire que dansen<\/h2>\t\t\t\t<\/div>\n\t\t<div class=\"elementor-element elementor-element-iwgcn-sami-s2-c e-con-full e-flex e-con e-child\" data-id=\"iwgcn-sami-s2-c\" data-element_type=\"container\" data-e-type=\"container\">\n\t\t\t\t<div class=\"elementor-element elementor-element-iwgcn-sami-s2t elementor-widget elementor-widget-text-editor\" data-id=\"iwgcn-sami-s2t\" data-element_type=\"widget\" data-e-type=\"widget\" data-widget_type=\"text-editor.default\">\n\t\t\t\t\t\t\t\t\t<p>Les <a href=\"https:\/\/iwell-guard.com\/ca\/iele\/\">Iele<\/a> es consideren dones de l&#8217;aire, belles per\u00f2 perilloses, que dansen de nit en llocs solitaris. La seva festa coincideix tradicionalment amb les S\u00e2nziene, la festa romanesa del solstici d&#8217;estiu al voltant del 24 de juny, que uneix costums precristians del solstici amb el dia de Sant Joan. Aquesta nit es considera que el cel \u00e9s especialment permeable a la m\u00e0gia.<\/p>\n<p>Segons la tradici\u00f3, qui observa la dansa de les Iele s&#8217;arrisca a la par\u00e0lisi, la mudesa, la p\u00e8rdua de l&#8217;o\u00efda o la bogeria; els homes es consideraven especialment vulnerables. La protecci\u00f3 venia de rituals de foc, com saltar per sobre de fogueres del solstici, i d&#8217;evitar certes clarianes i cru\u00eflles durant les nits de S\u00e2nziene.<\/p>\t\t\t\t\t\t\t\t<\/div>\n\t\t\t\t<\/div>\n\t\t\t\t\t<\/div>\n\t\t\t\t<\/div>\n\t\t<div class=\"elementor-element elementor-element-iwgcn-sami-s3 e-flex e-con-boxed e-con e-parent\" data-id=\"iwgcn-sami-s3\" data-element_type=\"container\" data-e-type=\"container\">\n\t\t\t\t\t<div class=\"e-con-inner\">\n\t\t\t\t<div class=\"elementor-element elementor-element-iwgcn-sami-s3h elementor-widget elementor-widget-heading\" data-id=\"iwgcn-sami-s3h\" data-element_type=\"widget\" data-e-type=\"widget\" data-widget_type=\"heading.default\">\n\t\t\t\t\t<h2 class=\"elementor-heading-title elementor-size-default\">Muma P\u0103durii, la mare del bosc<\/h2>\t\t\t\t<\/div>\n\t\t<div class=\"elementor-element elementor-element-iwgcn-sami-s3-c e-con-full e-flex e-con e-child\" data-id=\"iwgcn-sami-s3-c\" data-element_type=\"container\" data-e-type=\"container\">\n\t\t\t\t<div class=\"elementor-element elementor-element-iwgcn-sami-s3t elementor-widget elementor-widget-text-editor\" data-id=\"iwgcn-sami-s3t\" data-element_type=\"widget\" data-e-type=\"widget\" data-widget_type=\"text-editor.default\">\n\t\t\t\t\t\t\t\t\t<p><a href=\"https:\/\/iwell-guard.com\/ca\/muma-padurii\/\">Muma P\u0103durii<\/a>, literalment mare del bosc, \u00e9s una figura femenina vella i lletja que habita al fons del bosc, en una cabana o en un arbre buit. Es considera ambivalent: d&#8217;una banda protegeix animals i plantes i guareix zones malaltes del bosc, de l&#8217;altra allunya els intrusos fent-los embogir, i \u00e9s vista pels infants com una figura terror\u00edfica que atrau els desobedients cap al bosc.<\/p>\n<p>En narracions que s&#8217;assemblen al patr\u00f3 d&#8217;H\u00e4nsel i Gretel, un infant enganya la mare del bosc i l&#8217;empeny cap al seu propi forn. En la recerca, Muma P\u0103durii es compara amb altres figures europees de mare del bosc i espantar-infants, com Baba Jaga, sense ser-hi id\u00e8ntica.<\/p>\t\t\t\t\t\t\t\t<\/div>\n\t\t\t\t<\/div>\n\t\t\t\t\t<\/div>\n\t\t\t\t<\/div>\n\t\t<div class=\"elementor-element elementor-element-x-sami-s-faq e-flex e-con-boxed e-con e-parent\" data-id=\"x-sami-s-faq\" data-element_type=\"container\" data-e-type=\"container\">\n\t\t\t\t\t<div class=\"e-con-inner\">\n\t\t\t\t<div class=\"elementor-element elementor-element-x-sami-h-faq elementor-widget elementor-widget-heading\" data-id=\"x-sami-h-faq\" data-element_type=\"widget\" data-e-type=\"widget\" data-widget_type=\"heading.default\">\n\t\t\t\t\t<h2 class=\"elementor-heading-title elementor-size-default\">Preguntes freq\u00fcents sobre la mitologia romanesa<\/h2>\t\t\t\t<\/div>\n\t\t<div class=\"elementor-element elementor-element-iwgcn-sami-s3-c e-con-full e-flex e-con e-child\" data-id=\"iwgcn-sami-s3-c\" data-element_type=\"container\" data-e-type=\"container\">\n\t\t\t\t<div class=\"elementor-element elementor-element-x-sami-t-faq elementor-widget elementor-widget-text-editor\" data-id=\"x-sami-t-faq\" data-element_type=\"widget\" data-e-type=\"widget\" data-widget_type=\"text-editor.default\">\n\t\t\t\t\t\t\t\t\t<h3>Quina \u00e9s la difer\u00e8ncia entre Strigoi i Moroi?<\/h3>\n<p>Segons la creen\u00e7a popular romanesa, l&#8217;Strigoi \u00e9s considerat un difunt que torna de la tomba, mentre que el Moroi es descriu en moltes regions com una forma m\u00e9s suau i menys agressiva de retorn dels morts. Tanmateix, no existeix una distinci\u00f3 uniforme a tota Romania dins la tradici\u00f3 oral.<\/p>\n<h3>Qui \u00e9s Muma P\u0103durii?<\/h3>\n<p>Muma P\u0103durii, la mare del bosc, \u00e9s una figura ambivalent del folklore roman\u00e8s: protegeix el bosc i els animals, per\u00f2 alhora \u00e9s considerada una figura terror\u00edfica per als infants, que atrau els desobedients cap al bosc.<\/p>\n<h3>Dracula forma part de la tradici\u00f3 popular romanesa?<\/h3>\n<p>No. Dracula \u00e9s un personatge literari creat per Bram Stoker el 1897, que nom\u00e9s va prendre el nom del Vlad III hist\u00f2ric. La creen\u00e7a popular romanesa en l&#8217;Strigoi \u00e9s molt m\u00e9s antiga i es diferencia en aspectes essencials del clix\u00e9 occidental del vampir.<\/p>\n<h3>Qu\u00e8 s\u00f3n les Iele?<\/h3>\n<p>Les Iele s\u00f3n dones voladores dansaires de la mitologia romanesa, la seva aparici\u00f3 s&#8217;associa tradicionalment amb la festa d&#8217;estiu de S\u00e2nziene. Segons la tradici\u00f3, qui observa la seva dansa nocturna corre el risc de par\u00e0lisi o bogeria.<\/p>\n<script type=\"application\/ld+json\">{\"@context\": \"https:\/\/schema.org\", \"@type\": \"FAQPage\", \"mainEntity\": [{\"@type\": \"Question\", \"name\": \"Quina \u00e9s la difer\u00e8ncia entre Strigoi i Moroi?\", \"acceptedAnswer\": {\"@type\": \"Answer\", \"text\": \"Segons la creen\u00e7a popular romanesa, l'Strigoi \u00e9s considerat un difunt que torna de la tomba, mentre que el Moroi es descriu en moltes regions com una forma m\u00e9s suau i menys agressiva de retorn dels morts. Tanmateix, no existeix una distinci\u00f3 uniforme a tota Romania dins la tradici\u00f3 oral.\"}}, {\"@type\": \"Question\", \"name\": \"Qui \u00e9s Muma P\u0103durii?\", \"acceptedAnswer\": {\"@type\": \"Answer\", \"text\": \"Muma P\u0103durii, la mare del bosc, \u00e9s una figura ambivalent del folklore roman\u00e8s: protegeix el bosc i els animals, per\u00f2 alhora \u00e9s considerada una figura terror\u00edfica per als infants, que atrau els desobedients cap al bosc.\"}}, {\"@type\": \"Question\", \"name\": \"Dracula forma part de la tradici\u00f3 popular romanesa?\", \"acceptedAnswer\": {\"@type\": \"Answer\", \"text\": \"No. Dracula \u00e9s un personatge literari creat per Bram Stoker el 1897, que nom\u00e9s va prendre el nom del Vlad III hist\u00f2ric. La creen\u00e7a popular romanesa en l'Strigoi \u00e9s molt m\u00e9s antiga i es diferencia en aspectes essencials del clix\u00e9 occidental del vampir.\"}}, {\"@type\": \"Question\", \"name\": \"Qu\u00e8 s\u00f3n les Iele?\", \"acceptedAnswer\": {\"@type\": \"Answer\", \"text\": \"Les Iele s\u00f3n dones voladores dansaires de la mitologia romanesa, la seva aparici\u00f3 s'associa tradicionalment amb la festa d'estiu de S\u00e2nziene. Segons la tradici\u00f3, qui observa la seva dansa nocturna corre el risc de par\u00e0lisi o bogeria.\"}}]}<\/script>\t\t\t\t\t\t\t\t<\/div>\n\t\t\t\t<\/div>\n\t\t\t\t\t<\/div>\n\t\t\t\t<\/div>\n\t\t<div class=\"elementor-element elementor-element-iwgcn-sami-s4 e-flex e-con-boxed e-con e-parent\" data-id=\"iwgcn-sami-s4\" data-element_type=\"container\" data-e-type=\"container\">\n\t\t\t\t\t<div class=\"e-con-inner\">\n\t\t\t\t<div class=\"elementor-element elementor-element-iwgcn-sami-s4h elementor-widget elementor-widget-heading\" data-id=\"iwgcn-sami-s4h\" data-element_type=\"widget\" data-e-type=\"widget\" data-widget_type=\"heading.default\">\n\t\t\t\t\t<h2 class=\"elementor-heading-title elementor-size-default\">Pricolici i V\u00e2rcolac: la creen\u00e7a romanesa en l'home llop<\/h2>\t\t\t\t<\/div>\n\t\t<div class=\"elementor-element elementor-element-iwgcn-sami-s4-c e-con-full e-flex e-con e-child\" data-id=\"iwgcn-sami-s4-c\" data-element_type=\"container\" data-e-type=\"container\">\n\t\t\t\t<div class=\"elementor-element elementor-element-iwgcn-sami-s4t elementor-widget elementor-widget-text-editor\" data-id=\"iwgcn-sami-s4t\" data-element_type=\"widget\" data-e-type=\"widget\" data-widget_type=\"text-editor.default\">\n\t\t\t\t\t\t\t\t\t<p>El <a href=\"https:\/\/iwell-guard.com\/ca\/pricolici\/\">Pricolici<\/a> es considera un mort vivent llop: una persona, sovint un home violent, que es transforma en llop o gos en vida o despr\u00e9s de la mort. A difer\u00e8ncia de l&#8217;Strigoi, el Pricolici conserva sempre trets llupins; relacionat per\u00f2 no id\u00e8ntic \u00e9s el V\u00e2rcolac, al qual en algunes regions tamb\u00e9 s&#8217;atribueixen trets de gnom o la capacitat d&#8217;engolir el sol i la lluna, provocant aix\u00ed eclipsis.<\/p>\n<p>A les zones rurals de Romania, els llops especialment grans o agressius encara s&#8217;associen ocasionalment de manera popular amb el Pricolici. Els costums de protecci\u00f3 s&#8217;assemblen als utilitzats contra l&#8217;Strigoi: all, ferro i rituals funeraris acurats.<\/p>\t\t\t\t\t\t\t\t<\/div>\n\t\t\t\t<\/div>\n\t\t\t\t\t<\/div>\n\t\t\t\t<\/div>\n\t\t<div class=\"elementor-element elementor-element-iwgcn-sami-s5 e-flex e-con-boxed e-con e-parent\" data-id=\"iwgcn-sami-s5\" data-element_type=\"container\" data-e-type=\"container\">\n\t\t\t\t\t<div class=\"e-con-inner\">\n\t\t\t\t<div class=\"elementor-element elementor-element-iwgcn-sami-s5h elementor-widget elementor-widget-heading\" data-id=\"iwgcn-sami-s5h\" data-element_type=\"widget\" data-e-type=\"widget\" data-widget_type=\"heading.default\">\n\t\t\t\t\t<h2 class=\"elementor-heading-title elementor-size-default\">Sf\u00e2ntul Andrei: el calendari dels costums de protecci\u00f3<\/h2>\t\t\t\t<\/div>\n\t\t<div class=\"elementor-element elementor-element-iwgcn-sami-s5-c e-con-full e-flex e-con e-child\" data-id=\"iwgcn-sami-s5-c\" data-element_type=\"container\" data-e-type=\"container\">\n\t\t\t\t<div class=\"elementor-element elementor-element-iwgcn-sami-s5t elementor-widget elementor-widget-text-editor\" data-id=\"iwgcn-sami-s5t\" data-element_type=\"widget\" data-e-type=\"widget\" data-widget_type=\"text-editor.default\">\n\t\t\t\t\t\t\t\t\t<p>La nit de Sant Andreu (Sf\u00e2ntul Andrei), del 29 al 30 de novembre, es considera en moltes regions de Romania la nit en qu\u00e8 l&#8217;Strigoi i els llops estan especialment actius. Per aix\u00f2, els pagesos penjaven all a portes i finestres, marcaven el bestiar amb senyals d&#8217;all i, en la mesura del possible, evitaven camins solitaris.<\/p>\n<p>Altres mesures de protecci\u00f3 es referien a l&#8217;enterrament mateix: claus de f\u00e8retre de ferro, punxar la tomba amb una branca d&#8217;espines o posar pes sobre el cos havien d&#8217;impedir que un difunt es convert\u00eds en Strigoi. Aquests costums van ser tolerats de manera desigual per l&#8217;Esgl\u00e9sia ortodoxa romanesa, oficialment desaprovats per\u00f2 mantinguts durant generacions en la pr\u00e0ctica rural.<\/p>\t\t\t\t\t\t\t\t<\/div>\n\t\t\t\t<\/div>\n\t\t\t\t\t<\/div>\n\t\t\t\t<\/div>\n\t\t<div class=\"elementor-element elementor-element-iwgcn-sami-s6 e-flex e-con-boxed e-con e-parent\" data-id=\"iwgcn-sami-s6\" data-element_type=\"container\" data-e-type=\"container\">\n\t\t\t\t\t<div class=\"e-con-inner\">\n\t\t\t\t<div class=\"elementor-element elementor-element-iwgcn-sami-s6h elementor-widget elementor-widget-heading\" data-id=\"iwgcn-sami-s6h\" data-element_type=\"widget\" data-e-type=\"widget\" data-widget_type=\"heading.default\">\n\t\t\t\t\t<h2 class=\"elementor-heading-title elementor-size-default\">De la creen\u00e7a popular al mite literari de Dracula<\/h2>\t\t\t\t<\/div>\n\t\t<div class=\"elementor-element elementor-element-iwgcn-sami-s6-c e-con-full e-flex e-con e-child\" data-id=\"iwgcn-sami-s6-c\" data-element_type=\"container\" data-e-type=\"container\">\n\t\t\t\t<div class=\"elementor-element elementor-element-iwgcn-sami-s6t elementor-widget elementor-widget-text-editor\" data-id=\"iwgcn-sami-s6t\" data-element_type=\"widget\" data-e-type=\"widget\" data-widget_type=\"text-editor.default\">\n\t\t\t\t\t\t\t\t\t<p>El Vlad III hist\u00f2ric (Vlad \u021aepe\u0219, l&#8217;Empalador), voivoda valac del segle XV, no est\u00e0 origin\u00e0riament relacionat amb la creen\u00e7a en l&#8217;Strigoi. El seu sobrenom Dracul fa refer\u00e8ncia a la pertinen\u00e7a del seu pare a l&#8217;Orde del Drac, no al diable ni al vampir. Bram Stoker el 1897 nom\u00e9s va prendre el nom per a la seva novel\u00b7la <em>Dracula<\/em>, basant-se sobretot en relats de viatge com <em>The Land Beyond the Forest<\/em> d&#8217;Emily Gerard, de 1888, i no en un viatge a Romania ni en un coneixement sistem\u00e0tic de la tradici\u00f3 popular romanesa.<\/p>\n<p>El personatge literari del vampir es diferencia en aspectes essencials de l&#8217;Strigoi popular: l&#8217;aversi\u00f3 a la creu, la capa i el port aristocr\u00e0tic s\u00f3n invencions de la cultura popular occidental dels segles XIX i XX. L&#8217;Strigoi de la tradici\u00f3 oral, en canvi, \u00e9s normalment un habitant del poble el retorn del qual s&#8217;explica per errors concrets en l&#8217;enterrament o per circumst\u00e0ncies vitals. Des del punt de vista de la ci\u00e8ncia de la religi\u00f3, la separaci\u00f3 entre la creen\u00e7a popular en els morts i el mite literari de Dracula es considera necess\u00e0ria per situar adequadament ambdues tradicions.<\/p>\t\t\t\t\t\t\t\t<\/div>\n\t\t\t\t<\/div>\n\t\t\t\t\t<\/div>\n\t\t\t\t<\/div>\n\t\t<div class=\"elementor-element elementor-element-cp2d9a92a3 e-flex e-con-boxed e-con e-parent\" data-id=\"cp2d9a92a3\" data-element_type=\"container\" data-e-type=\"container\">\n\t\t\t\t\t<div class=\"e-con-inner\">\n\t\t\t\t<div class=\"elementor-element elementor-element-cp2515827f elementor-widget elementor-widget-heading\" data-id=\"cp2515827f\" data-element_type=\"widget\" data-e-type=\"widget\" data-widget_type=\"heading.default\">\n\t\t\t\t\t<h2 class=\"elementor-heading-title elementor-size-default\">Diversitat regional: Transsilv\u00e0nia, Mold\u00e0via i Val\u00e0quia<\/h2>\t\t\t\t<\/div>\n\t\t<div class=\"elementor-element elementor-element-cp25cbddf2 e-flex e-con-boxed e-con e-child\" data-id=\"cp25cbddf2\" data-element_type=\"container\" data-e-type=\"container\">\n\t\t\t\t\t<div class=\"e-con-inner\">\n\t\t\t\t<div class=\"elementor-element elementor-element-cp240cdc6c elementor-widget elementor-widget-text-editor\" data-id=\"cp240cdc6c\" data-element_type=\"widget\" data-e-type=\"widget\" data-widget_type=\"text-editor.default\">\n\t\t\t\t\t\t\t\t\t<p>Romania no \u00e9s un espai religi\u00f3s i etnogr\u00e0fic uniforme. Transsilv\u00e0nia (Ardeal), Mold\u00e0via i Val\u00e0quia han seguit desenvolupaments hist\u00f2rics propis, amb ve\u00efnats, formes de govern i barreges de poblaci\u00f3 diferents. Aquesta diversitat tamb\u00e9 es reflecteix en la creen\u00e7a popular.<\/p>\n<p>A Transsilv\u00e0nia, els romanesos van viure durant segles al costat de szeklers de llengua hongaresa i colons saxons transsilvans d&#8217;origen alemany. L&#8217;intercanvi entre aquests grups va marcar motius llegendaris locals, sense que en result\u00e9s una tradici\u00f3 narrativa uniforme. A Mold\u00e0via i Val\u00e0quia, per la seva banda, es van desenvolupar formes pr\u00f2pies de la creen\u00e7a en l&#8217;Strigoi i les Iele, que podien variar de vall a vall.<\/p>\n<p>Especialment a regions muntanyoses a\u00efllades com Maramure\u0219 o les muntanyes Apuseni, els costums funeraris i de protecci\u00f3 m\u00e9s antics es van mantenir vius m\u00e9s temps que als centres urbans. Els viatgers i etn\u00f2grafs del segle XIX van descriure repetidament aquestes zones com a espais de refugi de conceptes arcaics, una valoraci\u00f3 que, des de la perspectiva actual de la ci\u00e8ncia de la religi\u00f3, cal llegir amb precauci\u00f3, ja que pressuposa un desnivell de modernitzaci\u00f3 que no sempre queda demostrat.<\/p>\n<p>Les afirmacions generals sobre la mitologia romanesa amaguen, doncs, difer\u00e8ncies regionals que continuen essent importants per a una comprensi\u00f3 m\u00e9s precisa.<\/p>\t\t\t\t\t\t\t\t<\/div>\n\t\t\t\t\t<\/div>\n\t\t\t\t<\/div>\n\t\t\t\t\t<\/div>\n\t\t\t\t<\/div>\n\t\t<div class=\"elementor-element elementor-element-cp2b1a3dae e-flex e-con-boxed e-con e-parent\" data-id=\"cp2b1a3dae\" data-element_type=\"container\" data-e-type=\"container\">\n\t\t\t\t\t<div class=\"e-con-inner\">\n\t\t\t\t<div class=\"elementor-element elementor-element-cp282c06ff elementor-widget elementor-widget-heading\" data-id=\"cp282c06ff\" data-element_type=\"widget\" data-e-type=\"widget\" data-widget_type=\"heading.default\">\n\t\t\t\t\t<h2 class=\"elementor-heading-title elementor-size-default\">El calendari dels esperits: Sf\u00e2ntul Andrei i Rusalii<\/h2>\t\t\t\t<\/div>\n\t\t<div class=\"elementor-element elementor-element-cp228b4522 e-flex e-con-boxed e-con e-child\" data-id=\"cp228b4522\" data-element_type=\"container\" data-e-type=\"container\">\n\t\t\t\t\t<div class=\"e-con-inner\">\n\t\t\t\t<div class=\"elementor-element elementor-element-cp261454c5 elementor-widget elementor-widget-text-editor\" data-id=\"cp261454c5\" data-element_type=\"widget\" data-e-type=\"widget\" data-widget_type=\"text-editor.default\">\n\t\t\t\t\t\t\t\t\t<p>La creen\u00e7a popular romanesa situa els per\u00edodes perillosos d&#8217;esperits dins del calendari eclesi\u00e0stic anual. La nit de Sant Andreu, el 29\/30 de novembre, es considera en moltes regions com la nit en qu\u00e8 els Strigoi i els llops s\u00f3n especialment actius; per aix\u00f2 els pagesos penjaven all a les portes i marcs de les finestres i marcaven el bestiar amb senyals d&#8217;all.<\/p>\n<p>La setmana de Rusalii, la Pentecosta ortodoxa, s&#8217;associa tradicionalment amb les <a href=\"https:\/\/iwell-guard.com\/ca\/iele\/\">Iele<\/a>; durant aquest per\u00edode cal evitar certes feines, com rentar la roba a l&#8217;aire lliure, per no enutjar les dones de l&#8217;aire. Tamb\u00e9 la nit de S\u00e2nziene, a finals de juny, la festa romanesa del solstici d&#8217;estiu, es compta entre les <span class=\"iwg-fachbegriff\" data-tooltip=\"Dies o nits als quals la creen\u00e7a popular atribueix forces especials, sovint perilloses.\" tabindex=\"0\">\u00e8poques llindar<\/span> considerades m\u00e0giques de l&#8217;any.<\/p>\n<p>Aquest calendari de nits perilloses uneix idees precristianes sobre les transicions estacionals amb el cicle festiu de l&#8217;Esgl\u00e9sia ortodoxa, un patr\u00f3 que es troba en formes similars en altres parts del sud-est i del centre d&#8217;Europa.<\/p>\t\t\t\t\t\t\t\t<\/div>\n\t\t\t\t\t<\/div>\n\t\t\t\t<\/div>\n\t\t\t\t\t<\/div>\n\t\t\t\t<\/div>\n\t\t<div class=\"elementor-element elementor-element-cp295547c2 e-flex e-con-boxed e-con e-parent\" data-id=\"cp295547c2\" data-element_type=\"container\" data-e-type=\"container\">\n\t\t\t\t\t<div class=\"e-con-inner\">\n\t\t\t\t<div class=\"elementor-element elementor-element-cp28944fb0 elementor-widget elementor-widget-heading\" data-id=\"cp28944fb0\" data-element_type=\"widget\" data-e-type=\"widget\" data-widget_type=\"heading.default\">\n\t\t\t\t\t<h2 class=\"elementor-heading-title elementor-size-default\">Fonts: col\u00b7leccions etnogr\u00e0fiques i treball de camp<\/h2>\t\t\t\t<\/div>\n\t\t<div class=\"elementor-element elementor-element-cp23d59da4 e-flex e-con-boxed e-con e-child\" data-id=\"cp23d59da4\" data-element_type=\"container\" data-e-type=\"container\">\n\t\t\t\t\t<div class=\"e-con-inner\">\n\t\t\t\t<div class=\"elementor-element elementor-element-cp2ce157b6 elementor-widget elementor-widget-text-editor\" data-id=\"cp2ce157b6\" data-element_type=\"widget\" data-e-type=\"widget\" data-widget_type=\"text-editor.default\">\n\t\t\t\t\t\t\t\t\t<p>La transmissi\u00f3 escrita de la religi\u00f3 popular romanesa prov\u00e9 majorit\u00e0riament de col\u00b7leccions etnogr\u00e0fiques de finals del segle XIX i principis del XX. Folkloristes romanesos com Simion Florea Marian, Tudor Pamfile i Elena Niculi\u021b\u0103-Voronca van recollir relats, rituals i costums als pobles, sovint en col\u00b7laboraci\u00f3 directa amb narradors locals.<\/p>\n<p>Una font \u00e0mpliament rebuda fora de Romania \u00e9s l&#8217;estudi <em>The Vampire in Roumania<\/em>, de l&#8217;etn\u00f2grafa brit\u00e0nica Agnes Murgoci, que el 1926, basant-se en les seves pr\u00f2pies notes de camp i treballs previs romanesos, va presentar la creen\u00e7a en els Strigoi a un p\u00fablic especialitzat de parla anglesa. Ja hi distingia de manera sistem\u00e0tica entre les condicions en qu\u00e8 alg\u00fa podia convertir-se en Strigoi en vida o despr\u00e9s de la mort.<\/p>\n<p>L&#8217;etnologia romanesa moderna, com els treballs d&#8217;Ion Ghinoiu i Ion Talo\u0219, situa aquestes col\u00b7leccions m\u00e9s antigues en un marc m\u00e9s ampli del calendari pag\u00e8s i el culte als morts del sud-est d&#8217;Europa. Com passa amb moltes <span class=\"iwg-fachbegriff\" data-tooltip=\"La transmissi\u00f3 de coneixements i relats de generaci\u00f3 en generaci\u00f3.\" tabindex=\"0\">tradicions orals<\/span>, la situaci\u00f3 de les fonts continua sent fragment\u00e0ria, desigual segons la regi\u00f3 i fortament marcada per la perspectiva dels diferents recol\u00b7lectors.<\/p>\t\t\t\t\t\t\t\t<\/div>\n\t\t\t\t\t<\/div>\n\t\t\t\t<\/div>\n\t\t\t\t\t<\/div>\n\t\t\t\t<\/div>\n\t\t<div class=\"elementor-element elementor-element-cp2c009332 e-flex e-con-boxed e-con e-parent\" data-id=\"cp2c009332\" data-element_type=\"container\" data-e-type=\"container\">\n\t\t\t\t\t<div class=\"e-con-inner\">\n\t\t\t\t<div class=\"elementor-element elementor-element-cp225c94da elementor-widget elementor-widget-heading\" data-id=\"cp225c94da\" data-element_type=\"widget\" data-e-type=\"widget\" data-widget_type=\"heading.default\">\n\t\t\t\t\t<h2 class=\"elementor-heading-title elementor-size-default\">Dr\u00e0cula, Vlad \u021aepe\u0219 i la separaci\u00f3 dels mites<\/h2>\t\t\t\t<\/div>\n\t\t<div class=\"elementor-element elementor-element-cp2c7191ab e-flex e-con-boxed e-con e-child\" data-id=\"cp2c7191ab\" data-element_type=\"container\" data-e-type=\"container\">\n\t\t\t\t\t<div class=\"e-con-inner\">\n\t\t\t\t<div class=\"elementor-element elementor-element-cp23f4061d elementor-widget elementor-widget-text-editor\" data-id=\"cp23f4061d\" data-element_type=\"widget\" data-e-type=\"widget\" data-widget_type=\"text-editor.default\">\n\t\t\t\t\t\t\t\t\t<p>Poques figures han marcat tant la imatge internacional de Romania com Dr\u00e0cula, encara que el personatge de la novel\u00b7la t\u00e9 una relaci\u00f3 m\u00e9s b\u00e9 feble amb la veritable tradici\u00f3 popular. Bram Stoker va escriure la seva novel\u00b7la el 1897 a Londres, sense haver viatjat mai a Romania. Com a fonts va utilitzar sobretot relats de viatge com el d&#8217;Emily Gerard, aix\u00ed com literatura vamp\u00edrica occidental m\u00e9s antiga dels segles XVIII i XIX.<\/p>\n<p>El nom Dr\u00e0cula prov\u00e9 del voivoda hist\u00f2ric valac Vlad III, anomenat Vlad \u021aepe\u0219, l&#8217;Empalador, pel seu m\u00e8tode d&#8217;execuci\u00f3 tan conegut. El seu sobrenom Dracul feia refer\u00e8ncia a la pertinen\u00e7a del seu pare a l&#8217;Orde del Drac (en llat\u00ed draco), un orde de cavalleria per a la defensa contra els otomans, i no a cap vincle amb vampirs o amb el diable.<\/p>\n<p>L&#8217;<a href=\"https:\/\/iwell-guard.com\/ca\/strigoi\/\">Strigoi<\/a> roman\u00e8s de la tradici\u00f3 oral es diferencia en aspectes essencials del vampir occidental de la cultura popular: no porta capa, en origen no evita necess\u00e0riament la creu ni l&#8217;esgl\u00e9sia, i el seu retorn s&#8217;explica normalment per infraccions concretes dels costums funeraris, no per una maledicci\u00f3 sobrenatural d&#8217;origen aristocr\u00e0tic.<\/p>\n<p>Des del punt de vista dels estudis religiosos, per tant, es considera important distingir el mite literari de Dr\u00e0cula, com a fenomen propi de la <span class=\"iwg-fachbegriff\" data-tooltip=\"La transmissi\u00f3 de coneixements i relats de generaci\u00f3 en generaci\u00f3.\" tabindex=\"0\">tradici\u00f3<\/span> occidental, de la veritable religi\u00f3 popular romanesa al voltant dels Strigoi i els Moroi. Ambdues tradicions tenen fonts, funcions i hist\u00f2ries d&#8217;origen pr\u00f2pies.<\/p>\t\t\t\t\t\t\t\t<\/div>\n\t\t\t\t\t<\/div>\n\t\t\t\t<\/div>\n\t\t\t\t\t<\/div>\n\t\t\t\t<\/div>\n\t\t<div class=\"elementor-element elementor-element-iwgha-sami-sec e-flex e-con-boxed e-con e-parent\" data-id=\"iwgha-sami-sec\" data-element_type=\"container\" data-e-type=\"container\">\n\t\t\t\t\t<div class=\"e-con-inner\">\n\t\t\t\t<div class=\"elementor-element elementor-element-iwgha-sami-h elementor-widget elementor-widget-heading\" data-id=\"iwgha-sami-h\" data-element_type=\"widget\" data-e-type=\"widget\" data-widget_type=\"heading.default\">\n\t\t\t\t\t<h2 class=\"elementor-heading-title elementor-size-default\">\u00c9ssers d'aquesta tradici\u00f3 (5)<\/h2>\t\t\t\t<\/div>\n\t\t<div class=\"elementor-element elementor-element-iwgha-sami-gc e-flex e-con-boxed e-con e-parent\" data-id=\"iwgha-sami-gc\" data-element_type=\"container\" data-e-type=\"container\">\n\t\t\t\t\t<div class=\"e-con-inner\">\n\t\t\t\t<div class=\"elementor-element elementor-element-iwgha-sami-grid elementor-widget elementor-widget-text-editor\" data-id=\"iwgha-sami-grid\" data-element_type=\"widget\" data-e-type=\"widget\" data-widget_type=\"text-editor.default\">\n\t\t\t\t\t\t\t\t\t<div class=\"iwg-wesen-grid\"><a class=\"iwg-wesen-card\" href=\"https:\/\/iwell-guard.com\/ca\/muma-padurii\/\" aria-label=\"Muma P\u0103durii\"><div class=\"iwg-wesen-card-imgwrap\"><img decoding=\"async\" src=\"https:\/\/iwell-guard.com\/wp-content\/uploads\/2026\/07\/geister_rumaenisch_muma-padurii-200x300.webp\" alt=\"Muma P\u0103durii\" loading=\"lazy\"><\/div><div class=\"iwg-wesen-card-body\"><div class=\"iwg-wesen-card-name\">Muma P\u0103durii<\/div><div class=\"iwg-wesen-card-arrow\">\u2192 A l&#039;\u00e9sser<\/div><\/div><\/a><a class=\"iwg-wesen-card\" href=\"https:\/\/iwell-guard.com\/ca\/iele\/\" aria-label=\"Iele\"><div class=\"iwg-wesen-card-imgwrap\"><img decoding=\"async\" src=\"https:\/\/iwell-guard.com\/wp-content\/uploads\/2026\/07\/geister_rumaenisch_iele-200x300.webp\" alt=\"Iele\" loading=\"lazy\"><\/div><div class=\"iwg-wesen-card-body\"><div class=\"iwg-wesen-card-name\">Iele<\/div><div class=\"iwg-wesen-card-arrow\">\u2192 A l&#039;\u00e9sser<\/div><\/div><\/a><a class=\"iwg-wesen-card\" href=\"https:\/\/iwell-guard.com\/ca\/strigoi\/\" aria-label=\"Strigoi\"><div class=\"iwg-wesen-card-imgwrap\"><img decoding=\"async\" src=\"https:\/\/iwell-guard.com\/wp-content\/uploads\/2026\/07\/daemonen_rumaenisch_strigoi-200x300.webp\" alt=\"Strigoi\" loading=\"lazy\"><\/div><div class=\"iwg-wesen-card-body\"><div class=\"iwg-wesen-card-name\">Strigoi<\/div><div class=\"iwg-wesen-card-arrow\">\u2192 A l&#039;\u00e9sser<\/div><\/div><\/a><a class=\"iwg-wesen-card\" href=\"https:\/\/iwell-guard.com\/ca\/pricolici\/\" aria-label=\"Pricolici\"><div class=\"iwg-wesen-card-imgwrap\"><img decoding=\"async\" src=\"https:\/\/iwell-guard.com\/wp-content\/uploads\/2026\/07\/daemonen_rumaenisch_pricolici-200x300.webp\" alt=\"Pricolici\" loading=\"lazy\"><\/div><div class=\"iwg-wesen-card-body\"><div class=\"iwg-wesen-card-name\">Pricolici<\/div><div class=\"iwg-wesen-card-arrow\">\u2192 A l&#039;\u00e9sser<\/div><\/div><\/a><a class=\"iwg-wesen-card\" href=\"https:\/\/iwell-guard.com\/ca\/moroi\/\" aria-label=\"Moroi\"><div class=\"iwg-wesen-card-imgwrap\"><img decoding=\"async\" src=\"https:\/\/iwell-guard.com\/wp-content\/uploads\/2026\/07\/daemonen_rumaenisch_moroi-200x300.webp\" alt=\"Moroi\" loading=\"lazy\"><\/div><div class=\"iwg-wesen-card-body\"><div class=\"iwg-wesen-card-name\">Moroi<\/div><div class=\"iwg-wesen-card-arrow\">\u2192 A l&#039;\u00e9sser<\/div><\/div><\/a><\/div>\t\t\t\t\t\t\t\t<\/div>\n\t\t\t\t\t<\/div>\n\t\t\t\t<\/div>\n\t\t\t\t\t<\/div>\n\t\t\t\t<\/div>\n\t\t<div class=\"elementor-element elementor-element-iwgkw2-add-sami e-flex e-con-boxed e-con e-parent\" data-id=\"iwgkw2-add-sami\" data-element_type=\"container\" data-e-type=\"container\">\n\t\t\t\t\t<div class=\"e-con-inner\">\n\t\t\t\t<div class=\"elementor-element elementor-element-iwgkw2-add-sami-t elementor-widget elementor-widget-text-editor\" data-id=\"iwgkw2-add-sami-t\" data-element_type=\"widget\" data-e-type=\"widget\" data-widget_type=\"text-editor.default\">\n\t\t\t\t\t\t\t\t\t<p>La <em>creen\u00e7a en els strigoi<\/em> i la m\u00e9s \u00e0mplia <em>creen\u00e7a popular romanesa<\/em> al voltant de les Iele, la Muma P\u0103durii i els Pricolici uneixen el culte als avantpassats, els costums funeraris i els rituals de protecci\u00f3 en una pr\u00e0ctica de protecci\u00f3 pr\u00f2pia, destinada a preservar les fam\u00edlies i els pobles dels no-morts i dels esperits de la natura.<\/p>\t\t\t\t\t\t\t\t<\/div>\n\t\t\t\t\t<\/div>\n\t\t\t\t<\/div>\n\t\t<div class=\"elementor-element elementor-element-iwgcn-sami-kwd e-flex e-con-boxed e-con e-parent\" data-id=\"iwgcn-sami-kwd\" data-element_type=\"container\" data-e-type=\"container\">\n\t\t\t\t\t<div class=\"e-con-inner\">\n\t\t<div class=\"elementor-element elementor-element-iwgcn-sami-kwd-c e-con-full e-flex e-con e-child\" data-id=\"iwgcn-sami-kwd-c\" data-element_type=\"container\" data-e-type=\"container\">\n\t\t\t\t<div class=\"elementor-element elementor-element-iwgcn-sami-kwdt elementor-widget elementor-widget-text-editor\" data-id=\"iwgcn-sami-kwdt\" data-element_type=\"widget\" data-e-type=\"widget\" data-widget_type=\"text-editor.default\">\n\t\t\t\t\t\t\t\t\t<p><em>Conceptes clau relacionats: Strigoi Moroi Iele Pricolici Muma Padurii S\u00e2nziene V\u00e2rcolac Transsilv\u00e0nia Carpats Val\u00e0quia.<\/em><\/p>\t\t\t\t\t\t\t\t<\/div>\n\t\t\t\t<\/div>\n\t\t\t\t\t<\/div>\n\t\t\t\t<\/div>\n\t\t<div class=\"elementor-element elementor-element-iwgcn-sami-cc e-flex e-con-boxed e-con e-parent\" data-id=\"iwgcn-sami-cc\" data-element_type=\"container\" data-e-type=\"container\" id=\"iwg-cc-sami\">\n\t\t\t\t\t<div class=\"e-con-inner\">\n\t\t<div class=\"elementor-element elementor-element-iwgcn-sami-ccinner e-flex e-con-boxed e-con e-parent\" data-id=\"iwgcn-sami-ccinner\" data-element_type=\"container\" data-e-type=\"container\" data-settings=\"{&quot;background_background&quot;:&quot;classic&quot;}\">\n\t\t\t\t\t<div class=\"e-con-inner\">\n\t\t\t\t<div class=\"elementor-element elementor-element-iwgcn-sami-cch elementor-widget elementor-widget-heading\" data-id=\"iwgcn-sami-cch\" data-element_type=\"widget\" data-e-type=\"widget\" data-widget_type=\"heading.default\">\n\t\t\t\t\t<h2 class=\"elementor-heading-title elementor-size-default\">Objectes de protecci\u00f3 d'aquesta tradici\u00f3 cultural<\/h2>\t\t\t\t<\/div>\n\t\t\t\t<div class=\"elementor-element elementor-element-iwgcn-sami-cct elementor-widget elementor-widget-text-editor\" data-id=\"iwgcn-sami-cct\" data-element_type=\"widget\" data-e-type=\"widget\" data-widget_type=\"text-editor.default\">\n\t\t\t\t\t\t\t\t\t<p>La tradici\u00f3 romanesa coneix l&#8217;\u00fas d&#8217;<a href=\"https:\/\/iwell-guard.com\/ca\/all-com-a-proteccio\/\">all<\/a> a les portes i als marcs de les finestres, claus i ganivets de <a href=\"https:\/\/iwell-guard.com\/ca\/ferro-i-ferro-fred\/\">ferro<\/a> al ta\u00fct, branques bene\u00efdes d&#8217;espina i d&#8217;espinal blanc, aix\u00ed com el tocar de <a href=\"https:\/\/iwell-guard.com\/ca\/campanes-i-esquelles-com-a-proteccio-sorollosa\/\">campanes d&#8217;esgl\u00e9sia<\/a> per allunyar els Strigoi i els esperits malignes; els amulets personals port\u00e0tils estan menys documentats en la tradici\u00f3 popular que la protecci\u00f3 de la casa i de la tomba. El <a href=\"https:\/\/iwell-guard.com\/ca\/bruixola-de-proteccio\/\">Br\u00faixola de Protecci\u00f3<\/a> ofereix una visi\u00f3 comparativa entre cultures.<\/p>\n<div data-nosnippet=\"true\"><p>iWell Guard s&#8217;integra en aquesta l\u00ednia culturohist\u00f2rica d&#8217;objectes de protecci\u00f3 port\u00e0tils, amb una arquitectura de materials contempor\u00e0nia, fabricat a Alemanya. 41 capes, or aut\u00e8ntic, plat\u00ed, plata. Dret de devoluci\u00f3 de 30 dies.<\/p><\/div>\t\t\t\t\t\t\t\t<\/div>\n\t\t\t\t<div class=\"elementor-element elementor-element-iwgcn-sami-ccb iwg-cc-button iwg-cc-cta-2026-05-13 elementor-widget elementor-widget-jet-button\" data-id=\"iwgcn-sami-ccb\" data-element_type=\"widget\" data-e-type=\"widget\" data-widget_type=\"jet-button.default\">\n\t\t\t\t<div class=\"elementor-widget-container\">\n\t\t\t\t\t<div class=\"elementor-jet-button jet-elements\"><div class=\"jet-button__container\"><a class=\"jet-button__instance jet-button__instance--icon-left hover-effect-1\" href=\"\/ueber-iwell-guard\/?utm_source=iwell-guard.com&amp;utm_medium=info-box&amp;utm_campaign=kultur-tradition\"><div class=\"jet-button__plane jet-button__plane-normal\"><\/div><div class=\"jet-button__plane jet-button__plane-hover\"><\/div><div class=\"jet-button__state jet-button__state-normal\"><span class=\"jet-button__label\">M\u00e9s informaci\u00f3 sobre l'iWell Guard<\/span><\/div><div class=\"jet-button__state jet-button__state-hover\"><span class=\"jet-button__label\">M\u00e9s informaci\u00f3 sobre l'iWell Guard<\/span><\/div><\/a><\/div><\/div><style>.elementor-element.elementor-element-iwgcn-sami-ccb .jet-button__instance{width:320px;height:56px;}.elementor-element.elementor-element-iwgcn-sami-ccb .jet-button__state-normal .jet-button__label{text-align:center;margin:0px 0px 0px 0px;color:#1a1b20;font-family:Montserrat,sans-serif;font-size:13px;font-weight:400;letter-spacing:4px;line-height:1.714em;text-transform:uppercase;}.elementor-element.elementor-element-iwgcn-sami-ccb .jet-button__state-hover .jet-button__label{text-align:center;margin:0px 0px 0px 0px;color:#FECC76;font-family:Montserrat,sans-serif;font-size:13px;font-weight:400;letter-spacing:4px;line-height:1.714em;text-transform:uppercase;}.elementor-element.elementor-element-iwgcn-sami-ccb .jet-button__plane-normal{background-color:#FECC76;border-style:solid;border-color:#C99540;border-width:2px 2px 2px 2px;}.elementor-element.elementor-element-iwgcn-sami-ccb .jet-button__plane-hover{background-color:rgba(0,0,0,0.55);border-style:solid;border-color:#FECC76;border-width:2px 2px 2px 2px;}<\/style>\t\t\t\t<\/div>\n\t\t\t\t<\/div>\n\t\t\t\t<div class=\"elementor-element elementor-element-iwgcn-sami-ccd elementor-widget elementor-widget-text-editor\" data-id=\"iwgcn-sami-ccd\" data-element_type=\"widget\" data-e-type=\"widget\" data-widget_type=\"text-editor.default\">\n\t\t\t\t\t\t\t\t\t<div data-nosnippet=\"true\"><p style=\"text-align:center;font-size:13px;opacity:0.7;margin-top:14px\" data-nosnippet=\"true\">Les experi\u00e8ncies personals poden variar. No \u00e9s un producte sanitari. No \u00e9s una promesa de curaci\u00f3.<\/p><\/div>\t\t\t\t\t\t\t\t<\/div>\n\t\t\t\t\t<\/div>\n\t\t\t\t<\/div>\n\t\t\t\t\t<\/div>\n\t\t\t\t<\/div>\n\t\t<div class=\"elementor-element elementor-element-iwgcn-sami-disc e-flex e-con-boxed e-con e-parent\" data-id=\"iwgcn-sami-disc\" data-element_type=\"container\" data-e-type=\"container\">\n\t\t\t\t\t<div class=\"e-con-inner\">\n\t\t\t\t<div class=\"elementor-element elementor-element-iwgcn-sami-discw elementor-widget elementor-widget-html\" data-id=\"iwgcn-sami-discw\" data-element_type=\"widget\" data-e-type=\"widget\" data-widget_type=\"html.default\">\n\t\t\t\t\t<footer data-nosnippet=\"true\" class=\"iwg-disclaimer-block\"><p data-nosnippet=\"true\">iWell Guard <strong>no \u00e9s un producte sanitari<\/strong> i no substitueix cap tractament m\u00e8dic o psicoterap\u00e8utic. Els continguts d'hist\u00f2ria de les religions s\u00f3n una classificaci\u00f3 culturohist\u00f2rica, no una recomanaci\u00f3 de pr\u00e0ctica espiritual.<\/p><\/footer>\t\t\t\t<\/div>\n\t\t\t\t\t<\/div>\n\t\t\t\t<\/div>\n\t\t\t\t<\/div>\n\t\t","protected":false},"excerpt":{"rendered":"","protected":false},"author":3,"featured_media":20175,"parent":0,"menu_order":0,"comment_status":"closed","ping_status":"closed","template":"elementor_header_footer","meta":{"_yoast_wpseo_focuskw":"mitologia romanesa","_yoast_wpseo_title":"Mitologia romanesa: Strigoi, Iele i Moroi","_yoast_wpseo_metadesc":"Strigoi, Moroi, Iele i Pricolici: la tradici\u00f3 popular romanesa explicada des de la ci\u00e8ncia de la religi\u00f3, amb una delimitaci\u00f3 respecte del mite literari de Dr\u00e0cula.","_yoast_wpseo_meta-robots-noindex":"","_yoast_wpseo_canonical":"","_angie_page":false,"gefaehrdungsstufe":"","wesen_kultur":"","wesen_klasse":"","footnotes":""},"categories":[],"class_list":["post-172601","page","type-page","status-publish","has-post-thumbnail","hentry"],"yoast_head":"<!-- This site is optimized with the Yoast SEO Premium plugin v27.7 (Yoast SEO v28.3) - https:\/\/yoast.com\/product\/yoast-seo-premium-wordpress\/ -->\n<title>Mitologia romanesa: Strigoi, Iele i Moroi<\/title>\n<meta name=\"description\" content=\"Strigoi, Moroi, Iele i Pricolici: la tradici\u00f3 popular romanesa explicada des de la ci\u00e8ncia de la religi\u00f3, amb una delimitaci\u00f3 respecte del mite literari de Dr\u00e0cula.\" \/>\n<meta name=\"robots\" content=\"index, follow, max-snippet:-1, max-image-preview:large, max-video-preview:-1\" \/>\n<link rel=\"canonical\" href=\"https:\/\/iwell-guard.com\/ca\/mitologia-romanesa\/\" \/>\n<meta property=\"og:locale\" content=\"ca_ES\" \/>\n<meta property=\"og:type\" content=\"article\" \/>\n<meta property=\"og:title\" content=\"Mitologia romanesa\" \/>\n<meta property=\"og:description\" content=\"Strigoi, Moroi, Iele i Pricolici: la tradici\u00f3 popular romanesa explicada des de la ci\u00e8ncia de la religi\u00f3, amb una delimitaci\u00f3 respecte del mite literari de Dr\u00e0cula.\" \/>\n<meta property=\"og:url\" content=\"https:\/\/iwell-guard.com\/ca\/mitologia-romanesa\/\" \/>\n<meta property=\"og:site_name\" content=\"iWell Guard\" \/>\n<meta property=\"article:modified_time\" content=\"2026-09-05T17:18:19+00:00\" \/>\n<meta property=\"og:image\" content=\"https:\/\/iwell-guard.com\/wp-content\/uploads\/2026\/07\/daemonen_rumaenisch_strigoi.webp\" \/>\n\t<meta property=\"og:image:width\" content=\"1024\" \/>\n\t<meta property=\"og:image:height\" content=\"1536\" \/>\n\t<meta property=\"og:image:type\" content=\"image\/webp\" \/>\n<meta name=\"twitter:card\" content=\"summary_large_image\" \/>\n<script type=\"application\/ld+json\" class=\"yoast-schema-graph\">{\"@context\":\"https:\\\/\\\/schema.org\",\"@graph\":[{\"@type\":\"WebPage\",\"@id\":\"https:\\\/\\\/iwell-guard.com\\\/ca\\\/mitologia-romanesa\\\/\",\"url\":\"https:\\\/\\\/iwell-guard.com\\\/ca\\\/mitologia-romanesa\\\/\",\"name\":\"Mitologia romanesa: Strigoi, Iele i Moroi\",\"isPartOf\":{\"@id\":\"https:\\\/\\\/iwell-guard.com\\\/ca\\\/#website\"},\"primaryImageOfPage\":{\"@id\":\"https:\\\/\\\/iwell-guard.com\\\/ca\\\/mitologia-romanesa\\\/#primaryimage\"},\"image\":{\"@id\":\"https:\\\/\\\/iwell-guard.com\\\/ca\\\/mitologia-romanesa\\\/#primaryimage\"},\"thumbnailUrl\":\"https:\\\/\\\/iwell-guard.com\\\/wp-content\\\/uploads\\\/2026\\\/07\\\/daemonen_rumaenisch_strigoi.webp\",\"datePublished\":\"2026-09-05T15:53:01+00:00\",\"dateModified\":\"2026-09-05T17:18:19+00:00\",\"description\":\"Strigoi, Moroi, Iele i Pricolici: la tradici\u00f3 popular romanesa explicada des de la ci\u00e8ncia de la religi\u00f3, amb una delimitaci\u00f3 respecte del mite literari de Dr\u00e0cula.\",\"breadcrumb\":{\"@id\":\"https:\\\/\\\/iwell-guard.com\\\/ca\\\/mitologia-romanesa\\\/#breadcrumb\"},\"inLanguage\":\"ca\",\"potentialAction\":[{\"@type\":\"ReadAction\",\"target\":[\"https:\\\/\\\/iwell-guard.com\\\/ca\\\/mitologia-romanesa\\\/\"]}]},{\"@type\":\"ImageObject\",\"inLanguage\":\"ca\",\"@id\":\"https:\\\/\\\/iwell-guard.com\\\/ca\\\/mitologia-romanesa\\\/#primaryimage\",\"url\":\"https:\\\/\\\/iwell-guard.com\\\/wp-content\\\/uploads\\\/2026\\\/07\\\/daemonen_rumaenisch_strigoi.webp\",\"contentUrl\":\"https:\\\/\\\/iwell-guard.com\\\/wp-content\\\/uploads\\\/2026\\\/07\\\/daemonen_rumaenisch_strigoi.webp\",\"width\":1024,\"height\":1536,\"caption\":\"Strigoi, dimoni de la tradici\u00f3 romanesa\"},{\"@type\":\"BreadcrumbList\",\"@id\":\"https:\\\/\\\/iwell-guard.com\\\/ca\\\/mitologia-romanesa\\\/#breadcrumb\",\"itemListElement\":[{\"@type\":\"ListItem\",\"position\":1,\"name\":\"Start\",\"item\":\"https:\\\/\\\/iwell-guard.com\\\/ca\\\/?page_id=171333\"},{\"@type\":\"ListItem\",\"position\":2,\"name\":\"Mitologia romanesa\"}]},{\"@type\":\"WebSite\",\"@id\":\"https:\\\/\\\/iwell-guard.com\\\/ca\\\/#website\",\"url\":\"https:\\\/\\\/iwell-guard.com\\\/ca\\\/\",\"name\":\"iWell Guard\",\"description\":\"Schutz vor dunklen Einfl\u00fcssen\",\"publisher\":{\"@id\":\"https:\\\/\\\/iwell-guard.com\\\/ca\\\/#organization\"},\"potentialAction\":[{\"@type\":\"SearchAction\",\"target\":{\"@type\":\"EntryPoint\",\"urlTemplate\":\"https:\\\/\\\/iwell-guard.com\\\/ca\\\/?s={search_term_string}\"},\"query-input\":{\"@type\":\"PropertyValueSpecification\",\"valueRequired\":true,\"valueName\":\"search_term_string\"}}],\"inLanguage\":\"ca\"},{\"@type\":\"Organization\",\"@id\":\"https:\\\/\\\/iwell-guard.com\\\/ca\\\/#organization\",\"name\":\"Ittermann electronic GmbH\",\"url\":\"https:\\\/\\\/iwell-guard.com\\\/ca\\\/\",\"logo\":{\"@type\":\"ImageObject\",\"inLanguage\":\"ca\",\"@id\":\"https:\\\/\\\/iwell-guard.com\\\/ca\\\/#\\\/schema\\\/logo\\\/image\\\/\",\"url\":\"https:\\\/\\\/iwell-guard.com\\\/wp-content\\\/uploads\\\/2026\\\/05\\\/Ittermann-Logo-1182x237-1.png\",\"contentUrl\":\"https:\\\/\\\/iwell-guard.com\\\/wp-content\\\/uploads\\\/2026\\\/05\\\/Ittermann-Logo-1182x237-1.png\",\"width\":1182,\"height\":237,\"caption\":\"Ittermann electronic GmbH\"},\"image\":{\"@id\":\"https:\\\/\\\/iwell-guard.com\\\/ca\\\/#\\\/schema\\\/logo\\\/image\\\/\"},\"sameAs\":[\"https:\\\/\\\/pantip.com\\\/profile\\\/9367242\",\"https:\\\/\\\/micro.blog\\\/iwellguard\",\"https:\\\/\\\/www.diggerslist.com\\\/iwellguard\\\/about\",\"https:\\\/\\\/skitterphoto.com\\\/photographers\\\/2870314\\\/iwell-guard\",\"https:\\\/\\\/iwellguard.wordpress.com\\\/2026\\\/06\\\/06\\\/iwell-guard\\\/\",\"https:\\\/\\\/hub.docker.com\\\/u\\\/iwellguard\",\"https:\\\/\\\/www.pinterest.com\\\/iwellguard\\\/\",\"https:\\\/\\\/bit.ly\\\/m\\\/iwellguard\",\"https:\\\/\\\/entre-vos-mains.alsace.eu\\\/profiles\\\/iwellguard\\\/activity\",\"https:\\\/\\\/gravatar.com\\\/reallybeded8fd34\",\"https:\\\/\\\/naijamatta.com\\\/iwellguard\",\"https:\\\/\\\/www.goodreads.com\\\/iwellguard\",\"https:\\\/\\\/profile.hatena.ne.jp\\\/iwellguard\\\/\",\"https:\\\/\\\/experiment.com\\\/users\\\/iwellguard\",\"https:\\\/\\\/wakelet.com\\\/@iWellGuard82270\",\"https:\\\/\\\/www.chordie.com\\\/forum\\\/profile.php?id=2555664\",\"https:\\\/\\\/www.instapaper.com\\\/p\\\/17757966\",\"https:\\\/\\\/www.mapleprimes.com\\\/users\\\/iwellguard\",\"https:\\\/\\\/businesslistingplus.com\\\/profile\\\/iwell-guard\\\/\",\"https:\\\/\\\/telegra.ph\\\/iWell-Guard-06-06\",\"https:\\\/\\\/pbase.com\\\/iwellguard\\\/iwellguard\",\"https:\\\/\\\/b.hatena.ne.jp\\\/iwellguard\\\/20260607#bookmark-4788405196491818882\",\"https:\\\/\\\/fliphtml5.com\\\/home\\\/iwellguard\",\"https:\\\/\\\/anyflip.com\\\/homepage\\\/cmiwl#About\",\"https:\\\/\\\/transfur.com\\\/Users\\\/iwellguard\",\"http:\\\/\\\/delphi.larsbo.org\\\/user\\\/iwellguard\",\"https:\\\/\\\/jobs.lajobsportal.org\\\/profiles\\\/8380803-iwell-guard\",\"https:\\\/\\\/md.chaosdorf.de\\\/s\\\/jfbe5SBdJD\",\"https:\\\/\\\/www.lingvolive.com\\\/en-us\\\/profile\\\/9ecaeaca-ce11-4e51-9e71-01d55e2bff36\\\/translations\",\"https:\\\/\\\/www.fitday.com\\\/fitness\\\/forums\\\/members\\\/iwellguard.html\",\"https:\\\/\\\/www.mymeetbook.com\\\/iwellguard\",\"https:\\\/\\\/pxhere.com\\\/en\\\/photographer-me\\\/5040798\",\"https:\\\/\\\/disqus.com\\\/by\\\/iwellguard\\\/about\\\/\",\"https:\\\/\\\/pastelink.net\\\/hjwciqwq\",\"https:\\\/\\\/pubhtml5.com\\\/homepage\\\/scjhn\\\/\",\"https:\\\/\\\/www.bitchute.com\\\/channel\\\/2O2eOKzNqujT\",\"https:\\\/\\\/audiomack.com\\\/iwellguard\"]}]}<\/script>\n<!-- \/ Yoast SEO Premium plugin. -->","yoast_head_json":{"title":"Mitologia romanesa: Strigoi, Iele i Moroi","description":"Strigoi, Moroi, Iele i Pricolici: la tradici\u00f3 popular romanesa explicada des de la ci\u00e8ncia de la religi\u00f3, amb una delimitaci\u00f3 respecte del mite literari de Dr\u00e0cula.","robots":{"index":"index","follow":"follow","max-snippet":"max-snippet:-1","max-image-preview":"max-image-preview:large","max-video-preview":"max-video-preview:-1"},"canonical":"https:\/\/iwell-guard.com\/ca\/mitologia-romanesa\/","og_locale":"ca_ES","og_type":"article","og_title":"Mitologia romanesa","og_description":"Strigoi, Moroi, Iele i Pricolici: la tradici\u00f3 popular romanesa explicada des de la ci\u00e8ncia de la religi\u00f3, amb una delimitaci\u00f3 respecte del mite literari de Dr\u00e0cula.","og_url":"https:\/\/iwell-guard.com\/ca\/mitologia-romanesa\/","og_site_name":"iWell Guard","article_modified_time":"2026-09-05T17:18:19+00:00","og_image":[{"width":1024,"height":1536,"url":"https:\/\/iwell-guard.com\/wp-content\/uploads\/2026\/07\/daemonen_rumaenisch_strigoi.webp","type":"image\/webp"}],"twitter_card":"summary_large_image","schema":{"@context":"https:\/\/schema.org","@graph":[{"@type":"WebPage","@id":"https:\/\/iwell-guard.com\/ca\/mitologia-romanesa\/","url":"https:\/\/iwell-guard.com\/ca\/mitologia-romanesa\/","name":"Mitologia romanesa: Strigoi, Iele i Moroi","isPartOf":{"@id":"https:\/\/iwell-guard.com\/ca\/#website"},"primaryImageOfPage":{"@id":"https:\/\/iwell-guard.com\/ca\/mitologia-romanesa\/#primaryimage"},"image":{"@id":"https:\/\/iwell-guard.com\/ca\/mitologia-romanesa\/#primaryimage"},"thumbnailUrl":"https:\/\/iwell-guard.com\/wp-content\/uploads\/2026\/07\/daemonen_rumaenisch_strigoi.webp","datePublished":"2026-09-05T15:53:01+00:00","dateModified":"2026-09-05T17:18:19+00:00","description":"Strigoi, Moroi, Iele i Pricolici: la tradici\u00f3 popular romanesa explicada des de la ci\u00e8ncia de la religi\u00f3, amb una delimitaci\u00f3 respecte del mite literari de Dr\u00e0cula.","breadcrumb":{"@id":"https:\/\/iwell-guard.com\/ca\/mitologia-romanesa\/#breadcrumb"},"inLanguage":"ca","potentialAction":[{"@type":"ReadAction","target":["https:\/\/iwell-guard.com\/ca\/mitologia-romanesa\/"]}]},{"@type":"ImageObject","inLanguage":"ca","@id":"https:\/\/iwell-guard.com\/ca\/mitologia-romanesa\/#primaryimage","url":"https:\/\/iwell-guard.com\/wp-content\/uploads\/2026\/07\/daemonen_rumaenisch_strigoi.webp","contentUrl":"https:\/\/iwell-guard.com\/wp-content\/uploads\/2026\/07\/daemonen_rumaenisch_strigoi.webp","width":1024,"height":1536,"caption":"Strigoi, dimoni de la tradici\u00f3 romanesa"},{"@type":"BreadcrumbList","@id":"https:\/\/iwell-guard.com\/ca\/mitologia-romanesa\/#breadcrumb","itemListElement":[{"@type":"ListItem","position":1,"name":"Start","item":"https:\/\/iwell-guard.com\/ca\/?page_id=171333"},{"@type":"ListItem","position":2,"name":"Mitologia romanesa"}]},{"@type":"WebSite","@id":"https:\/\/iwell-guard.com\/ca\/#website","url":"https:\/\/iwell-guard.com\/ca\/","name":"iWell Guard","description":"Schutz vor dunklen Einfl\u00fcssen","publisher":{"@id":"https:\/\/iwell-guard.com\/ca\/#organization"},"potentialAction":[{"@type":"SearchAction","target":{"@type":"EntryPoint","urlTemplate":"https:\/\/iwell-guard.com\/ca\/?s={search_term_string}"},"query-input":{"@type":"PropertyValueSpecification","valueRequired":true,"valueName":"search_term_string"}}],"inLanguage":"ca"},{"@type":"Organization","@id":"https:\/\/iwell-guard.com\/ca\/#organization","name":"Ittermann electronic GmbH","url":"https:\/\/iwell-guard.com\/ca\/","logo":{"@type":"ImageObject","inLanguage":"ca","@id":"https:\/\/iwell-guard.com\/ca\/#\/schema\/logo\/image\/","url":"https:\/\/iwell-guard.com\/wp-content\/uploads\/2026\/05\/Ittermann-Logo-1182x237-1.png","contentUrl":"https:\/\/iwell-guard.com\/wp-content\/uploads\/2026\/05\/Ittermann-Logo-1182x237-1.png","width":1182,"height":237,"caption":"Ittermann electronic GmbH"},"image":{"@id":"https:\/\/iwell-guard.com\/ca\/#\/schema\/logo\/image\/"},"sameAs":["https:\/\/pantip.com\/profile\/9367242","https:\/\/micro.blog\/iwellguard","https:\/\/www.diggerslist.com\/iwellguard\/about","https:\/\/skitterphoto.com\/photographers\/2870314\/iwell-guard","https:\/\/iwellguard.wordpress.com\/2026\/06\/06\/iwell-guard\/","https:\/\/hub.docker.com\/u\/iwellguard","https:\/\/www.pinterest.com\/iwellguard\/","https:\/\/bit.ly\/m\/iwellguard","https:\/\/entre-vos-mains.alsace.eu\/profiles\/iwellguard\/activity","https:\/\/gravatar.com\/reallybeded8fd34","https:\/\/naijamatta.com\/iwellguard","https:\/\/www.goodreads.com\/iwellguard","https:\/\/profile.hatena.ne.jp\/iwellguard\/","https:\/\/experiment.com\/users\/iwellguard","https:\/\/wakelet.com\/@iWellGuard82270","https:\/\/www.chordie.com\/forum\/profile.php?id=2555664","https:\/\/www.instapaper.com\/p\/17757966","https:\/\/www.mapleprimes.com\/users\/iwellguard","https:\/\/businesslistingplus.com\/profile\/iwell-guard\/","https:\/\/telegra.ph\/iWell-Guard-06-06","https:\/\/pbase.com\/iwellguard\/iwellguard","https:\/\/b.hatena.ne.jp\/iwellguard\/20260607#bookmark-4788405196491818882","https:\/\/fliphtml5.com\/home\/iwellguard","https:\/\/anyflip.com\/homepage\/cmiwl#About","https:\/\/transfur.com\/Users\/iwellguard","http:\/\/delphi.larsbo.org\/user\/iwellguard","https:\/\/jobs.lajobsportal.org\/profiles\/8380803-iwell-guard","https:\/\/md.chaosdorf.de\/s\/jfbe5SBdJD","https:\/\/www.lingvolive.com\/en-us\/profile\/9ecaeaca-ce11-4e51-9e71-01d55e2bff36\/translations","https:\/\/www.fitday.com\/fitness\/forums\/members\/iwellguard.html","https:\/\/www.mymeetbook.com\/iwellguard","https:\/\/pxhere.com\/en\/photographer-me\/5040798","https:\/\/disqus.com\/by\/iwellguard\/about\/","https:\/\/pastelink.net\/hjwciqwq","https:\/\/pubhtml5.com\/homepage\/scjhn\/","https:\/\/www.bitchute.com\/channel\/2O2eOKzNqujT","https:\/\/audiomack.com\/iwellguard"]}]}},"_links":{"self":[{"href":"https:\/\/iwell-guard.com\/ca\/wp-json\/wp\/v2\/pages\/172601","targetHints":{"allow":["GET"]}}],"collection":[{"href":"https:\/\/iwell-guard.com\/ca\/wp-json\/wp\/v2\/pages"}],"about":[{"href":"https:\/\/iwell-guard.com\/ca\/wp-json\/wp\/v2\/types\/page"}],"author":[{"embeddable":true,"href":"https:\/\/iwell-guard.com\/ca\/wp-json\/wp\/v2\/users\/3"}],"replies":[{"embeddable":true,"href":"https:\/\/iwell-guard.com\/ca\/wp-json\/wp\/v2\/comments?post=172601"}],"version-history":[{"count":0,"href":"https:\/\/iwell-guard.com\/ca\/wp-json\/wp\/v2\/pages\/172601\/revisions"}],"wp:featuredmedia":[{"embeddable":true,"href":"https:\/\/iwell-guard.com\/ca\/wp-json\/wp\/v2\/media\/20175"}],"wp:attachment":[{"href":"https:\/\/iwell-guard.com\/ca\/wp-json\/wp\/v2\/media?parent=172601"}],"wp:term":[{"taxonomy":"category","embeddable":true,"href":"https:\/\/iwell-guard.com\/ca\/wp-json\/wp\/v2\/categories?post=172601"}],"curies":[{"name":"wp","href":"https:\/\/api.w.org\/{rel}","templated":true}]}}