{"id":172598,"date":"2026-09-05T15:52:56","date_gmt":"2026-09-05T15:52:56","guid":{"rendered":"https:\/\/iwell-guard.com\/?page_id=172598"},"modified":"2026-09-05T17:18:00","modified_gmt":"2026-09-05T17:18:00","slug":"mitologia-baltica","status":"publish","type":"page","link":"https:\/\/iwell-guard.com\/ca\/mitologia-baltica\/","title":{"rendered":"Mitologia b\u00e0ltica"},"content":{"rendered":"\t\t<div data-elementor-type=\"wp-page\" data-elementor-id=\"172598\" class=\"elementor elementor-172598 elementor-20568 elementor-bc-flex-widget\" data-elementor-post-type=\"page\">\n\t\t\t\t<div class=\"elementor-element elementor-element-iwgcn-sami-hero iwg-kultur-hero e-flex e-con-boxed e-con e-parent\" data-id=\"iwgcn-sami-hero\" data-element_type=\"container\" data-e-type=\"container\">\n\t\t\t\t\t<div class=\"e-con-inner\">\n\t\t<div class=\"elementor-element elementor-element-iwgcn-sami-hl iwg-kultur-hero-left e-flex e-con-boxed e-con e-child\" data-id=\"iwgcn-sami-hl\" data-element_type=\"container\" data-e-type=\"container\">\n\t\t\t\t\t<div class=\"e-con-inner\">\n\t\t\t\t<div class=\"elementor-element elementor-element-iwgcn-sami-h1 elementor-widget elementor-widget-heading\" data-id=\"iwgcn-sami-h1\" data-element_type=\"widget\" data-e-type=\"widget\" data-widget_type=\"heading.default\">\n\t\t\t\t\t<h1 class=\"elementor-heading-title elementor-size-default\">D\u00e9us b\u00e0ltics, Perk\u016bnas i la mitologia de Litu\u00e0nia i Let\u00f2nia<\/h1>\t\t\t\t<\/div>\n\t\t<div class=\"elementor-element elementor-element-iwgcn-sami-leadc e-con-full e-flex e-con e-child\" data-id=\"iwgcn-sami-leadc\" data-element_type=\"container\" data-e-type=\"container\">\n\t\t\t\t<div class=\"elementor-element elementor-element-iwgcn-sami-lead elementor-widget elementor-widget-text-editor\" data-id=\"iwgcn-sami-lead\" data-element_type=\"widget\" data-e-type=\"widget\" data-widget_type=\"text-editor.default\">\n\t\t\t\t\t\t\t\t\t<p>Els b\u00e0ltics, lituans i letons, repartits pels actuals estats de Litu\u00e0nia i Let\u00f2nia, van conservar, amb una cristianitzaci\u00f3 que no es va completar fins al 1387 i, a la regi\u00f3 de \u017demaitija, fins i tot fins al 1413, la religi\u00f3 precristiana que va perdurar m\u00e9s temps a Europa. Les can\u00e7ons populars conegudes com a Dainas, el culte al foc de la llar al voltant de la deessa Gabija i la veneraci\u00f3 de la serp dom\u00e8stica Zaltys formen una capa religiosa indoeuropea especialment arcaica i pr\u00f2pia.<\/p>\n<p class=\"iwg-kwfix\">El m\u00f3n dels d\u00e9us b\u00e0ltics est\u00e0 estretament lligat a la casa, la llar i les forces del paisatge.<\/p>\t\t\t\t\t\t\t\t<\/div>\n\t\t\t\t<\/div>\n\t\t\t\t\t<\/div>\n\t\t\t\t<\/div>\n\t\t<div class=\"elementor-element elementor-element-iwgcn-sami-hr iwg-kultur-hero-right e-flex e-con-boxed e-con e-child\" data-id=\"iwgcn-sami-hr\" data-element_type=\"container\" data-e-type=\"container\">\n\t\t\t\t\t<div class=\"e-con-inner\">\n\t\t\t\t<div class=\"elementor-element elementor-element-iwgcn-sami-himg iwg-hero-image elementor-widget elementor-widget-image\" data-id=\"iwgcn-sami-himg\" data-element_type=\"widget\" data-e-type=\"widget\" data-widget_type=\"image.default\">\n\t\t\t\t\t\t\t\t\t\t\t\t\t\t\t<img fetchpriority=\"high\" decoding=\"async\" width=\"683\" height=\"1024\" src=\"https:\/\/iwell-guard.com\/wp-content\/uploads\/2026\/05\/goetter_sami_beaivi-683x1024.webp\" class=\"attachment-large size-large wp-image-173521\" alt=\"Beaivi - d\u00e9us de la tradici\u00f3 sami, il\u00b7lustraci\u00f3 historicoreferencial\" srcset=\"https:\/\/iwell-guard.com\/wp-content\/uploads\/2026\/05\/goetter_sami_beaivi-683x1024.webp 683w, https:\/\/iwell-guard.com\/wp-content\/uploads\/2026\/05\/goetter_sami_beaivi-200x300.webp 200w, https:\/\/iwell-guard.com\/wp-content\/uploads\/2026\/05\/goetter_sami_beaivi-768x1152.webp 768w, https:\/\/iwell-guard.com\/wp-content\/uploads\/2026\/05\/goetter_sami_beaivi.webp 1024w\" sizes=\"(max-width: 683px) 100vw, 683px\" \/>\t\t\t\t\t\t\t\t\t\t\t\t\t\t\t<\/div>\n\t\t\t\t\t<\/div>\n\t\t\t\t<\/div>\n\t\t\t\t\t<\/div>\n\t\t\t\t<\/div>\n\t\t\t\t<section class=\"elementor-section elementor-top-section elementor-element elementor-element-sec-iwgcomp-sami elementor-section-boxed elementor-section-height-default elementor-section-height-default\" data-id=\"sec-iwgcomp-sami\" data-element_type=\"section\" data-e-type=\"section\">\n\t\t\t\t\t\t<div class=\"elementor-container elementor-column-gap-default\">\n\t\t\t\t\t<div class=\"elementor-column elementor-col-100 elementor-top-column elementor-element elementor-element-col-iwgcomp-sami\" data-id=\"col-iwgcomp-sami\" data-element_type=\"column\" data-e-type=\"column\">\n\t\t\t<div class=\"elementor-widget-wrap elementor-element-populated\">\n\t\t\t\t\t\t<div class=\"elementor-element elementor-element-iwgcomp-sami elementor-widget elementor-widget-text-editor\" data-id=\"iwgcomp-sami\" data-element_type=\"widget\" data-e-type=\"widget\" data-widget_type=\"text-editor.default\">\n\t\t\t\t\t\t\t\t\t<p>La tradici\u00f3 b\u00e0ltica de les <strong><span class=\"iwg-fachbegriff\" data-tooltip=\"Can\u00e7ons populars breus i de transmissi\u00f3 oral de Litu\u00e0nia i Let\u00f2nia, la font m\u00e9s important sobre les concepcions precristianes.\" tabindex=\"0\">Dainas<\/span><\/strong> constitueix la columna vertebral de la reconstrucci\u00f3 de la religi\u00f3 precristiana al B\u00e0ltic.<\/p>\n<p class=\"iwg-kwfix\">Els d\u00e9us b\u00e0ltics es divideixen en poders celestials i meteorol\u00f2gics entorn del d\u00e9u del tro Perk\u016bnas, esperits dom\u00e8stics com Kaukas i Aitvaras, i una gran quantitat de de\u00eftats maternals que governen el bosc, el foc i l&#8217;aigua. Encara avui es conserven aquests motius a Litu\u00e0nia i Let\u00f2nia.<\/p>\t\t\t\t\t\t\t\t<\/div>\n\t\t\t\t\t<\/div>\n\t\t<\/div>\n\t\t\t\t\t<\/div>\n\t\t<\/section>\n\t\t<div class=\"elementor-element elementor-element-iwgcn-sami-s0 e-flex e-con-boxed e-con e-parent\" data-id=\"iwgcn-sami-s0\" data-element_type=\"container\" data-e-type=\"container\">\n\t\t\t\t\t<div class=\"e-con-inner\">\n\t\t\t\t<div class=\"elementor-element elementor-element-iwgcn-sami-s0h elementor-widget elementor-widget-heading\" data-id=\"iwgcn-sami-s0h\" data-element_type=\"widget\" data-e-type=\"widget\" data-widget_type=\"heading.default\">\n\t\t\t\t\t<h2 class=\"elementor-heading-title elementor-size-default\">B\u00e0ltics, llengua i territori d'assentament<\/h2>\t\t\t\t<\/div>\n\t\t<div class=\"elementor-element elementor-element-iwgcn-sami-s0-c e-con-full e-flex e-con e-child\" data-id=\"iwgcn-sami-s0-c\" data-element_type=\"container\" data-e-type=\"container\">\n\t\t\t\t<div class=\"elementor-element elementor-element-iwgcn-sami-s0t elementor-widget elementor-widget-text-editor\" data-id=\"iwgcn-sami-s0t\" data-element_type=\"widget\" data-e-type=\"widget\" data-widget_type=\"text-editor.default\">\n\t\t\t\t\t\t\t\t\t<p>La fam\u00edlia ling\u00fc\u00edstica b\u00e0ltica, una branca pr\u00f2pia de les lleng\u00fces indoeuropees, compr\u00e8n les lleng\u00fces vives litu\u00e0 i let\u00f3, aix\u00ed com la llengua occidental b\u00e0ltica dels prussians, extingida al segle XVII. Des del punt de vista ling\u00fc\u00edstic, les lleng\u00fces b\u00e0ltiques es consideren especialment arcaiques i, per aix\u00f2, importants per a la reconstrucci\u00f3 de les condicions indoeuropees.<\/p><p>El territori d&#8217;assentament compr\u00e8n els actuals estats de Litu\u00e0nia i Let\u00f2nia, a la costa b\u00e0ltica. La cristianitzaci\u00f3 de Litu\u00e0nia es va produir oficialment el 1387, sota el gran duc Jogaila, mentre que la regi\u00f3 de \u017demaitija (Baixa Litu\u00e0nia) va seguir el 1413, com una de les \u00faltimes regions paganes d&#8217;Europa; hi ha testimonis a\u00efllats de pr\u00e0ctiques precristianes fins al segle XVIII.<\/p>\n<p class=\"iwg-kwfix\">El cel i la llar ordenen el m\u00f3n dels d\u00e9us b\u00e0ltics: a dalt, el d\u00e9u del tro Perk\u016bnas; a la casa, la deessa del foc Gabija; al paisatge, les nombroses de\u00eftats maternals. La tradici\u00f3 de les Dainas de Litu\u00e0nia i Let\u00f2nia mant\u00e9 aquest coneixement viu encara avui.<\/p>\t\t\t\t\t\t\t\t<\/div>\n\t\t\t\t<\/div>\n\t\t\t\t\t<\/div>\n\t\t\t\t<\/div>\n\t\t<div class=\"elementor-element elementor-element-iwgcn-sami-s1 e-flex e-con-boxed e-con e-parent\" data-id=\"iwgcn-sami-s1\" data-element_type=\"container\" data-e-type=\"container\">\n\t\t\t\t\t<div class=\"e-con-inner\">\n\t\t\t\t<div class=\"elementor-element elementor-element-iwgcn-sami-s1h elementor-widget elementor-widget-heading\" data-id=\"iwgcn-sami-s1h\" data-element_type=\"widget\" data-e-type=\"widget\" data-widget_type=\"heading.default\">\n\t\t\t\t\t<h2 class=\"elementor-heading-title elementor-size-default\">Pante\u00f3: Dievas, Perk\u016bnas, Laima, Saul\u0117<\/h2>\t\t\t\t<\/div>\n\t\t<div class=\"elementor-element elementor-element-iwgcn-sami-s1-c e-con-full e-flex e-con e-child\" data-id=\"iwgcn-sami-s1-c\" data-element_type=\"container\" data-e-type=\"container\">\n\t\t\t\t<div class=\"elementor-element elementor-element-iwgcn-sami-s1t elementor-widget elementor-widget-text-editor\" data-id=\"iwgcn-sami-s1t\" data-element_type=\"widget\" data-e-type=\"widget\" data-widget_type=\"text-editor.default\">\n\t\t\t\t\t\t\t\t\t<p>Dievas, en litu\u00e0, o Dievs, en let\u00f3, designa el d\u00e9u del cel, una figura llunyana i ordenadora. Perk\u016bnas, en litu\u00e0, i P\u0113rkons, en let\u00f3, \u00e9s el d\u00e9u del tro, encarregat de les tempestes, la fertilitat i la just\u00edcia. Laima \u00e9s la deessa del dest\u00ed i de la sort, que vetlla pel naixement i el cam\u00ed de la vida, mentre que Saul\u0117, en litu\u00e0, o Saule, en let\u00f3, \u00e9s la de\u00eftat solar femenina. A Let\u00f2nia hi apareix tamb\u00e9 M\u0101ra com a de\u00eftat de la terra i mare, al costat de Dievs i Laima.<\/p><p>Velinas, en litu\u00e0, o Velns, en let\u00f3, \u00e9s una figura del m\u00e9s enll\u00e0 i dels morts que, despr\u00e9s de la cristianitzaci\u00f3, es va fondre progressivament amb el diable cristi\u00e0. A m\u00e9s d&#8217;aquestes grans figures, la tradici\u00f3 coneix de\u00eftats pr\u00f2pies per a \u00e0mbits concrets, com el d\u00e9u del vent <a href=\"https:\/\/iwell-guard.com\/ca\/vejopatis\/\">V\u0117jopatis<\/a> o l&#8217;esperit dom\u00e8stic let\u00f3 <a href=\"https:\/\/iwell-guard.com\/ca\/majas-gars\/\">M\u0101jas gars<\/a>, que vetlla per la casa i el mas. La tradici\u00f3 letona coneix, a m\u00e9s, un ampli sistema d&#8217;unes setanta \u00abmares\u00bb (m\u0101tes), sobiranes personificades de diversos \u00e0mbits naturals com el bosc, el mar, el vent o el foc.<\/p>\t\t\t\t\t\t\t\t<\/div>\n\t\t\t\t<\/div>\n\t\t\t\t\t<\/div>\n\t\t\t\t<\/div>\n\t\t<div class=\"elementor-element elementor-element-iwgcn-sami-s2 e-flex e-con-boxed e-con e-parent\" data-id=\"iwgcn-sami-s2\" data-element_type=\"container\" data-e-type=\"container\">\n\t\t\t\t\t<div class=\"e-con-inner\">\n\t\t\t\t<div class=\"elementor-element elementor-element-iwgcn-sami-s2h elementor-widget elementor-widget-heading\" data-id=\"iwgcn-sami-s2h\" data-element_type=\"widget\" data-e-type=\"widget\" data-widget_type=\"heading.default\">\n\t\t\t\t\t<h2 class=\"elementor-heading-title elementor-size-default\">Les Dainas com a font de la hist\u00f2ria de la religi\u00f3<\/h2>\t\t\t\t<\/div>\n\t\t<div class=\"elementor-element elementor-element-iwgcn-sami-s2-c e-con-full e-flex e-con e-child\" data-id=\"iwgcn-sami-s2-c\" data-element_type=\"container\" data-e-type=\"container\">\n\t\t\t\t<div class=\"elementor-element elementor-element-iwgcn-sami-s2t elementor-widget elementor-widget-text-editor\" data-id=\"iwgcn-sami-s2t\" data-element_type=\"widget\" data-e-type=\"widget\" data-widget_type=\"text-editor.default\">\n\t\t\t\t\t\t\t\t\t<p>Les Dainas s\u00f3n can\u00e7ons populars lituanes i letones breus, normalment de quatre versos, transmeses oralment durant generacions i considerades una finestra gaireb\u00e9 no cristianitzada a les concepcions precristianes. El jurista i folklorista let\u00f3 Kri\u0161j\u0101nis Barons va recopilar entre 1894 i 1915 gaireb\u00e9 218.000 Dainas en sis volums, i el corpus let\u00f3 complet de tots els recopiladors compr\u00e8n, segons estimacions, m\u00e9s d&#8217;un mili\u00f3 de textos.<\/p><p>L&#8217;armari de Dainas, elaborat cap al 1880 segons el disseny de Barons i amb m\u00e9s de 350.000 fitxes, forma part des del 2001 del Patrimoni Documental de la UNESCO i es conserva actualment a la Biblioteca Nacional de Let\u00f2nia. Tamb\u00e9 a Litu\u00e0nia, les can\u00e7ons populars, contes i noms de lloc recopilats constitueixen una font central per a la reconstrucci\u00f3 de la hist\u00f2ria de la religi\u00f3.<\/p>\t\t\t\t\t\t\t\t<\/div>\n\t\t\t\t<\/div>\n\t\t\t\t\t<\/div>\n\t\t\t\t<\/div>\n\t\t<div class=\"elementor-element elementor-element-iwgcn-sami-s3 e-flex e-con-boxed e-con e-parent\" data-id=\"iwgcn-sami-s3\" data-element_type=\"container\" data-e-type=\"container\">\n\t\t\t\t\t<div class=\"e-con-inner\">\n\t\t\t\t<div class=\"elementor-element elementor-element-iwgcn-sami-s3h elementor-widget elementor-widget-heading\" data-id=\"iwgcn-sami-s3h\" data-element_type=\"widget\" data-e-type=\"widget\" data-widget_type=\"heading.default\">\n\t\t\t\t\t<h2 class=\"elementor-heading-title elementor-size-default\">El culte al foc al voltant de Gabija<\/h2>\t\t\t\t<\/div>\n\t\t<div class=\"elementor-element elementor-element-iwgcn-sami-s3-c e-con-full e-flex e-con e-child\" data-id=\"iwgcn-sami-s3-c\" data-element_type=\"container\" data-e-type=\"container\">\n\t\t\t\t<div class=\"elementor-element elementor-element-iwgcn-sami-s3t elementor-widget elementor-widget-text-editor\" data-id=\"iwgcn-sami-s3t\" data-element_type=\"widget\" data-e-type=\"widget\" data-widget_type=\"text-editor.default\">\n\t\t\t\t\t\t\t\t\t<p><a href=\"https:\/\/iwell-guard.com\/ca\/gabija\/\">Gabija<\/a> \u00e9s la deessa lituana del foc de la llar, guardiana de la casa i la fam\u00edlia, representada en forma zoomorfa com a gat, cigonya o gall, o com una dona vestida de vermell. El seu culte exigia un tracte respectu\u00f3s amb el foc: no es podia escopir ni trepitjar, les brases es cobrien amb cura a la nit en lloc d&#8217;apagar-les, i el pa i la sal eren considerats <span class=\"iwg-fachbegriff\" data-tooltip=\"Ofrena a una de\u00eftat per expressar gratitud, petici\u00f3 o veneraci\u00f3.\" tabindex=\"0\">ofrenes<\/span> adequades.<\/p><p>La font principal d&#8217;aquest culte \u00e9s l&#8217;obra De diis Samagitarum, publicada el 1615 per l&#8217;erudit polon\u00e8s Jan \u0141asicki. A Let\u00f2nia hi apareix, dins el sistema let\u00f3 de les \u00abmares\u00bb, una figura af\u00ed: Uguns m\u0101te, la mare del foc.<\/p>\t\t\t\t\t\t\t\t<\/div>\n\t\t\t\t<\/div>\n\t\t\t\t\t<\/div>\n\t\t\t\t<\/div>\n\t\t<div class=\"elementor-element elementor-element-x-sami-s-faq e-flex e-con-boxed e-con e-parent\" data-id=\"x-sami-s-faq\" data-element_type=\"container\" data-e-type=\"container\">\n\t\t\t\t\t<div class=\"e-con-inner\">\n\t\t\t\t<div class=\"elementor-element elementor-element-x-sami-h-faq elementor-widget elementor-widget-heading\" data-id=\"x-sami-h-faq\" data-element_type=\"widget\" data-e-type=\"widget\" data-widget_type=\"heading.default\">\n\t\t\t\t\t<h2 class=\"elementor-heading-title elementor-size-default\">Preguntes freq\u00fcents sobre la mitologia b\u00e0ltica<\/h2>\t\t\t\t<\/div>\n\t\t<div class=\"elementor-element elementor-element-iwgcn-sami-s3-c e-con-full e-flex e-con e-child\" data-id=\"iwgcn-sami-s3-c\" data-element_type=\"container\" data-e-type=\"container\">\n\t\t\t\t<div class=\"elementor-element elementor-element-x-sami-t-faq elementor-widget elementor-widget-text-editor\" data-id=\"x-sami-t-faq\" data-element_type=\"widget\" data-e-type=\"widget\" data-widget_type=\"text-editor.default\">\n\t\t\t\t\t\t\t\t\t<h3>Qui s\u00f3n els b\u00e0ltics?<\/h3>\n<p>Entre els b\u00e0ltics es compten els lituans i els letons, aix\u00ed com els prussians, extingits al segle XVII. Parlen lleng\u00fces d&#8217;una branca pr\u00f2pia i especialment arcaica de la fam\u00edlia de lleng\u00fces indoeuropees, i s&#8217;assenten a l&#8217;actual Litu\u00e0nia i Let\u00f2nia, a la vora del mar B\u00e0ltic.<\/p>\n<h3>Per qu\u00e8 Litu\u00e0nia es va cristianitzar tan tard?<\/h3>\n<p>Litu\u00e0nia va adoptar oficialment el cristianisme l&#8217;any 1387, mentre que la regi\u00f3 de \u017demaitija (Baixa Litu\u00e0nia) no ho va fer fins al 1413. Per aix\u00f2 Litu\u00e0nia \u00e9s considerada el territori europeu que va romandre precristi\u00e0 durant m\u00e9s temps, afavorit per la seva for\u00e7a pol\u00edtica com a gran ducat i la seva posici\u00f3 perif\u00e8rica.<\/p>\n<h3>Qu\u00e8 s\u00f3n les dainas?<\/h3>\n<p>Les dainas s\u00f3n can\u00e7ons populars breus, lituanes i letones, transmeses oralment, que constitueixen una de les fonts m\u00e9s importants de la religi\u00f3 precristiana. Kri\u0161j\u0101nis Barons en va recollir nom\u00e9s a Let\u00f2nia gaireb\u00e9 218.000, conservades a l&#8217;armari de dainas de la Biblioteca Nacional de Let\u00f2nia.<\/p>\n<h3>Qu\u00e8 \u00e9s la serp dom\u00e8stica Zaltys?<\/h3>\n<p>Zaltys, en litu\u00e0, o Zalktis, en let\u00f3, \u00e9s la serp d&#8217;aigua, considerada un animal dom\u00e8stic sagrat que s&#8217;alimentava amb llet i no es podia matar. Se la considerava protectora de la llar i del bestiar, i de vegades s&#8217;associava amb la mare de la llet letona, Piena m\u0101te.<\/p>\n<script type=\"application\/ld+json\">{\"@context\": \"https:\/\/schema.org\", \"@type\": \"FAQPage\", \"mainEntity\": [{\"@type\": \"Question\", \"name\": \"Qui s\u00f3n els b\u00e0ltics?\", \"acceptedAnswer\": {\"@type\": \"Answer\", \"text\": \"Entre els b\u00e0ltics es compten els lituans i els letons, aix\u00ed com els prussians, extingits al segle XVII. Parlen lleng\u00fces d'una branca pr\u00f2pia i especialment arcaica de la fam\u00edlia de lleng\u00fces indoeuropees, i s'assenten a l'actual Litu\u00e0nia i Let\u00f2nia, a la vora del mar B\u00e0ltic.\"}}, {\"@type\": \"Question\", \"name\": \"Per qu\u00e8 Litu\u00e0nia es va cristianitzar tan tard?\", \"acceptedAnswer\": {\"@type\": \"Answer\", \"text\": \"Litu\u00e0nia va adoptar oficialment el cristianisme l'any 1387, mentre que la regi\u00f3 de \u017demaitija (Baixa Litu\u00e0nia) no ho va fer fins al 1413. Per aix\u00f2 Litu\u00e0nia \u00e9s considerada el territori europeu que va romandre precristi\u00e0 durant m\u00e9s temps, afavorit per la seva for\u00e7a pol\u00edtica com a gran ducat i la seva posici\u00f3 perif\u00e8rica.\"}}, {\"@type\": \"Question\", \"name\": \"Qu\u00e8 s\u00f3n les dainas?\", \"acceptedAnswer\": {\"@type\": \"Answer\", \"text\": \"Les dainas s\u00f3n can\u00e7ons populars breus, lituanes i letones, transmeses oralment, que constitueixen una de les fonts m\u00e9s importants de la religi\u00f3 precristiana. Kri\u0161j\u0101nis Barons en va recollir nom\u00e9s a Let\u00f2nia gaireb\u00e9 218.000, conservades a l'armari de dainas de la Biblioteca Nacional de Let\u00f2nia.\"}}, {\"@type\": \"Question\", \"name\": \"Qu\u00e8 \u00e9s la serp dom\u00e8stica Zaltys?\", \"acceptedAnswer\": {\"@type\": \"Answer\", \"text\": \"Zaltys, en litu\u00e0, o Zalktis, en let\u00f3, \u00e9s la serp d'aigua, considerada un animal dom\u00e8stic sagrat que s'alimentava amb llet i no es podia matar. Se la considerava protectora de la llar i del bestiar, i de vegades s'associava amb la mare de la llet letona, Piena m\u0101te.\"}}]}<\/script>\t\t\t\t\t\t\t\t<\/div>\n\t\t\t\t<\/div>\n\t\t\t\t\t<\/div>\n\t\t\t\t<\/div>\n\t\t<div class=\"elementor-element elementor-element-iwgcn-sami-s4 e-flex e-con-boxed e-con e-parent\" data-id=\"iwgcn-sami-s4\" data-element_type=\"container\" data-e-type=\"container\">\n\t\t\t\t\t<div class=\"e-con-inner\">\n\t\t\t\t<div class=\"elementor-element elementor-element-iwgcn-sami-s4h elementor-widget elementor-widget-heading\" data-id=\"iwgcn-sami-s4h\" data-element_type=\"widget\" data-e-type=\"widget\" data-widget_type=\"heading.default\">\n\t\t\t\t\t<h2 class=\"elementor-heading-title elementor-size-default\">La serp dom\u00e8stica Zaltys i la seva veneraci\u00f3<\/h2>\t\t\t\t<\/div>\n\t\t<div class=\"elementor-element elementor-element-iwgcn-sami-s4-c e-con-full e-flex e-con e-child\" data-id=\"iwgcn-sami-s4-c\" data-element_type=\"container\" data-e-type=\"container\">\n\t\t\t\t<div class=\"elementor-element elementor-element-iwgcn-sami-s4t elementor-widget elementor-widget-text-editor\" data-id=\"iwgcn-sami-s4t\" data-element_type=\"widget\" data-e-type=\"widget\" data-widget_type=\"text-editor.default\">\n\t\t\t\t\t\t\t\t\t<p><a href=\"https:\/\/iwell-guard.com\/ca\/zaltys\/\">\u017daltys<\/a>, en litu\u00e0, o Zalktis, en let\u00f3, designa la serp d&#8217;aigua, que en la tradici\u00f3 b\u00e0ltica era considerada un animal dom\u00e8stic sagrat i portador de sort. S&#8217;alimentava regularment amb llet, i la seva pres\u00e8ncia a la casa o a l&#8217;estable representava protecci\u00f3 per als habitants i el bestiar; una dita molt estesa afirma que el sol plora en veure una Zaltys morta.<\/p><p>El tab\u00fa de matar serps d&#8217;aigua est\u00e0 documentat etnogr\u00e0ficament fins a l&#8217;\u00e8poca moderna, entre altres pels historiadors de les religions Jonas Balys i Haralds Biezais, aix\u00ed com per Marija Gimbutas. La veneraci\u00f3 de la Zaltys tamb\u00e9 s&#8217;ha documentat ocasionalment entre els prussians.<\/p>\t\t\t\t\t\t\t\t<\/div>\n\t\t\t\t<\/div>\n\t\t\t\t\t<\/div>\n\t\t\t\t<\/div>\n\t\t<div class=\"elementor-element elementor-element-iwgcn-sami-s5 e-flex e-con-boxed e-con e-parent\" data-id=\"iwgcn-sami-s5\" data-element_type=\"container\" data-e-type=\"container\">\n\t\t\t\t\t<div class=\"e-con-inner\">\n\t\t\t\t<div class=\"elementor-element elementor-element-iwgcn-sami-s5h elementor-widget elementor-widget-heading\" data-id=\"iwgcn-sami-s5h\" data-element_type=\"widget\" data-e-type=\"widget\" data-widget_type=\"heading.default\">\n\t\t\t\t\t<h2 class=\"elementor-heading-title elementor-size-default\">Mares del bosc: Me\u017ea m\u0101te i Medeina<\/h2>\t\t\t\t<\/div>\n\t\t<div class=\"elementor-element elementor-element-iwgcn-sami-s5-c e-con-full e-flex e-con e-child\" data-id=\"iwgcn-sami-s5-c\" data-element_type=\"container\" data-e-type=\"container\">\n\t\t\t\t<div class=\"elementor-element elementor-element-iwgcn-sami-s5t elementor-widget elementor-widget-text-editor\" data-id=\"iwgcn-sami-s5t\" data-element_type=\"widget\" data-e-type=\"widget\" data-widget_type=\"text-editor.default\">\n\t\t\t\t\t\t\t\t\t<p><a href=\"https:\/\/iwell-guard.com\/ca\/meza-mate\/\">Me\u017ea m\u0101te<\/a>, la mare del bosc letona, pertany a l&#8217;ampli sistema let\u00f3 de de\u00eftats mares (m\u0101tes) i protegeix ca\u00e7adors, treballadors forestals i pastors; de vegades se li atribueix com a company un Me\u017eat\u0113vs, un pare del bosc. A Litu\u00e0nia, <a href=\"https:\/\/iwell-guard.com\/ca\/medeina\/\">Medeina<\/a> compleix una funci\u00f3 similar com a sobirana del bosc i de la ca\u00e7a, amb la llebre com a animal atribut.<\/p><p>Ja la cr\u00f2nica hipatiana de 1252 i, m\u00e9s tard, el cronista polon\u00e8s Jan D\u0142ugosz, al segle XV, van comparar Medeina amb la deessa romana de la ca\u00e7a Diana. L&#8217;investigador de lituan\u00edstica Algirdas Julien Greimas la va interpretar com una figura verge i ca\u00e7adora, de vegades imaginada tamb\u00e9 com una lloba.<\/p>\t\t\t\t\t\t\t\t<\/div>\n\t\t\t\t<\/div>\n\t\t\t\t\t<\/div>\n\t\t\t\t<\/div>\n\t\t<div class=\"elementor-element elementor-element-iwgcn-sami-s6 e-flex e-con-boxed e-con e-parent\" data-id=\"iwgcn-sami-s6\" data-element_type=\"container\" data-e-type=\"container\">\n\t\t\t\t\t<div class=\"e-con-inner\">\n\t\t\t\t<div class=\"elementor-element elementor-element-iwgcn-sami-s6h elementor-widget elementor-widget-heading\" data-id=\"iwgcn-sami-s6h\" data-element_type=\"widget\" data-e-type=\"widget\" data-widget_type=\"heading.default\">\n\t\t\t\t\t<h2 class=\"elementor-heading-title elementor-size-default\">Cristianitzaci\u00f3 for\u00e7ada i reapropiaci\u00f3 actual<\/h2>\t\t\t\t<\/div>\n\t\t<div class=\"elementor-element elementor-element-iwgcn-sami-s6-c e-con-full e-flex e-con e-child\" data-id=\"iwgcn-sami-s6-c\" data-element_type=\"container\" data-e-type=\"container\">\n\t\t\t\t<div class=\"elementor-element elementor-element-iwgcn-sami-s6t elementor-widget elementor-widget-text-editor\" data-id=\"iwgcn-sami-s6t\" data-element_type=\"widget\" data-e-type=\"widget\" data-widget_type=\"text-editor.default\">\n\t\t\t\t\t\t\t\t\t<p>La cristianitzaci\u00f3 dels b\u00e0ltics va ser un proc\u00e9s especialment llarg i, en part, violent. Els estats de l&#8217;Orde Teut\u00f2nic i de l&#8217;Orde dels Portaespases van dur a terme missions sota pressi\u00f3 militar des del segle XIII, mentre que Litu\u00e0nia, com a gran ducat independent, no va acceptar el baptisme fins al 1387, per c\u00e0lcul pol\u00edtic. Els relats sobre sacrificis prohibits al foc, als arbres i a les serps arriben fins al segle XVIII.<\/p><p>Des de finals del segle XX, i especialment despr\u00e9s de la independ\u00e8ncia de Litu\u00e0nia i Let\u00f2nia el 1990 i el 1991, s&#8217;ha produ\u00eft una reapropiaci\u00f3 cultural, visible en el moviment neopag\u00e0 Romuva a Litu\u00e0nia i en el moviment Dievtur\u012bba a Let\u00f2nia, aix\u00ed com en el manteniment de les dainas, els festivals de can\u00e7\u00f3 popular i els costums relacionats amb esperits dom\u00e8stics com <a href=\"https:\/\/iwell-guard.com\/ca\/kaukas\/\">Kaukas<\/a> i <a href=\"https:\/\/iwell-guard.com\/ca\/aitvaras\/\">Aitvaras<\/a>. Les obres de refer\u00e8ncia en l&#8217;estudi de les religions provenen de Marija Gimbutas, Algirdas Julien Greimas, Haralds Biezais i Norbertas V\u0117lius.<\/p>\t\t\t\t\t\t\t\t<\/div>\n\t\t\t\t<\/div>\n\t\t\t\t\t<\/div>\n\t\t\t\t<\/div>\n\t\t<div class=\"elementor-element elementor-element-cp2d9a92a3 e-flex e-con-boxed e-con e-parent\" data-id=\"cp2d9a92a3\" data-element_type=\"container\" data-e-type=\"container\">\n\t\t\t\t\t<div class=\"e-con-inner\">\n\t\t\t\t<div class=\"elementor-element elementor-element-cp2515827f elementor-widget elementor-widget-heading\" data-id=\"cp2515827f\" data-element_type=\"widget\" data-e-type=\"widget\" data-widget_type=\"heading.default\">\n\t\t\t\t\t<h2 class=\"elementor-heading-title elementor-size-default\">Dues lleng\u00fces, un espai cultural i les seves difer\u00e8ncies internes<\/h2>\t\t\t\t<\/div>\n\t\t<div class=\"elementor-element elementor-element-cp25cbddf2 e-flex e-con-boxed e-con e-child\" data-id=\"cp25cbddf2\" data-element_type=\"container\" data-e-type=\"container\">\n\t\t\t\t\t<div class=\"e-con-inner\">\n\t\t\t\t<div class=\"elementor-element elementor-element-cp240cdc6c elementor-widget elementor-widget-text-editor\" data-id=\"cp240cdc6c\" data-element_type=\"widget\" data-e-type=\"widget\" data-widget_type=\"text-editor.default\">\n\t\t\t\t\t\t\t\t\t<p>L&#8217;espai cultural b\u00e0ltic compr\u00e8n els lituans i els letons, aix\u00ed com els prussians, extingits al segle XVII, la llengua dels quals nom\u00e9s s&#8217;ha conservat de manera fragment\u00e0ria. El litu\u00e0 i el let\u00f3, encara que estretament emparentats, s\u00f3n des de fa temps lleng\u00fces independents, i tamb\u00e9 les concepcions religioses dels dos pobles difereixen considerablement en els detalls.<\/p><p>Especialment notable \u00e9s la difer\u00e8ncia en el sistema let\u00f3 de mares, que amb unes setanta mares de la natura personificades (m\u0101tes) est\u00e0 molt m\u00e9s elaborat i diferenciat que la tradici\u00f3 lituana, en la qual, en canvi, predominen figures individuals ben definides com Medeina o Gabija.<\/p><p>Tamb\u00e9 els costums variaven regionalment, segons el paisatge, la ubicaci\u00f3 costanera o d&#8217;interior i l&#8217;orientaci\u00f3 econ\u00f2mica, com l&#8217;agricultura, la pesca o la silvicultura. Les afirmacions generals sobre \u00abla religi\u00f3 b\u00e0ltica\u00bb amaguen aquesta diversitat interna, tant entre els dos pobles com dins de cadascun.<\/p><p>Ambdues tradicions comparteixen la posici\u00f3 central del d\u00e9u del tro, Perk\u016bnas en litu\u00e0, P\u0113rkons en let\u00f3, la import\u00e0ncia del foc de la llar, la veneraci\u00f3 de la serp dom\u00e8stica Zaltys i les dainas com a g\u00e8nere de font oral m\u00e9s important. Tot i aix\u00f2, tamb\u00e9 aquests elements comuns estan documentats de manera diferent segons la regi\u00f3.<\/p>\t\t\t\t\t\t\t\t<\/div>\n\t\t\t\t\t<\/div>\n\t\t\t\t<\/div>\n\t\t\t\t\t<\/div>\n\t\t\t\t<\/div>\n\t\t<div class=\"elementor-element elementor-element-cp2b1a3dae e-flex e-con-boxed e-con e-parent\" data-id=\"cp2b1a3dae\" data-element_type=\"container\" data-e-type=\"container\">\n\t\t\t\t\t<div class=\"e-con-inner\">\n\t\t\t\t<div class=\"elementor-element elementor-element-cp282c06ff elementor-widget elementor-widget-heading\" data-id=\"cp282c06ff\" data-element_type=\"widget\" data-e-type=\"widget\" data-widget_type=\"heading.default\">\n\t\t\t\t\t<h2 class=\"elementor-heading-title elementor-size-default\">Dainas, de\u00eftats mares i els poders de la cosmovisi\u00f3 b\u00e0ltica<\/h2>\t\t\t\t<\/div>\n\t\t<div class=\"elementor-element elementor-element-cp228b4522 e-flex e-con-boxed e-con e-child\" data-id=\"cp228b4522\" data-element_type=\"container\" data-e-type=\"container\">\n\t\t\t\t\t<div class=\"e-con-inner\">\n\t\t\t\t<div class=\"elementor-element elementor-element-cp261454c5 elementor-widget elementor-widget-text-editor\" data-id=\"cp261454c5\" data-element_type=\"widget\" data-e-type=\"widget\" data-widget_type=\"text-editor.default\">\n\t\t\t\t\t\t\t\t\t<p>El llegat religi\u00f3s m\u00e9s conegut dels b\u00e0ltics s\u00f3n les dainas, can\u00e7ons populars breus, normalment de quatre versos, que conserven concepcions religioses en un llenguatge condensat i formulari. Canten tant la vida quotidiana de la casa, el camp i la fam\u00edlia com les grans figures del pante\u00f3, i es consideren relativament poc influenciades pel cristianisme.<\/p><p>L&#8217;etn\u00f2leg let\u00f3 Kri\u0161j\u0101nis Barons va recopilar entre 1894 i 1915 gaireb\u00e9 218.000 dainas i les va ordenar en sis volums; el seu sistema constitueix encara avui la base de la investigaci\u00f3 sobre la can\u00e7\u00f3 popular letona. Tot el corpus let\u00f3, incloent-hi recopilacions posteriors, s&#8217;estima en m\u00e9s d&#8217;un mili\u00f3 de textos, i a Litu\u00e0nia existeixen col\u00b7leccions d&#8217;una magnitud comparable.<\/p><p>La cosmovisi\u00f3 b\u00e0ltica coneix un d\u00e9u celeste lluny\u00e0, Dievas o b\u00e9 Dievs, un d\u00e9u del tro central, Perk\u016bnas o b\u00e9 P\u0113rkons, aix\u00ed com divinitats del dest\u00ed, del sol i de la terra com Laima, Saul\u0117 i, a Let\u00f2nia, M\u0101ra. A m\u00e9s, a Let\u00f2nia existeix un extens sistema d&#8217;unes setanta divinitats mare que governen \u00e0mbits concrets del paisatge i de la vida, des de la mare del bosc <a href=\"https:\/\/iwell-guard.com\/ca\/meza-mate\/\">Me\u017ea m\u0101te<\/a>, passant per la mare del foc Uguns m\u0101te, fins a la mare del mar J\u016bras m\u0101te.<\/p><p>La casa i el mas tenen les seves pr\u00f2pies pot\u00e8ncies protectores: la deessa del foc <a href=\"https:\/\/iwell-guard.com\/ca\/gabija\/\">Gabija<\/a>, la serp dom\u00e8stica <a href=\"https:\/\/iwell-guard.com\/ca\/zaltys\/\">Zaltys<\/a> i esperits dom\u00e8stics ambivalents com <a href=\"https:\/\/iwell-guard.com\/ca\/kaukas\/\">Kaukas<\/a> i el fog\u00f3s <a href=\"https:\/\/iwell-guard.com\/ca\/aitvaras\/\">Aitvaras<\/a>, que porten riquesa per\u00f2 tamb\u00e9 desgr\u00e0cia si es descuiden. Per a \u00e0mbits naturals concrets hi ha altres figures, com el d\u00e9u litu\u00e0 del vent <a href=\"https:\/\/iwell-guard.com\/ca\/vejopatis\/\">V\u0117jopatis<\/a>, l&#8217;esperit dom\u00e8stic let\u00f3 <a href=\"https:\/\/iwell-guard.com\/ca\/majas-gars\/\">M\u0101jas gars<\/a> i la divinitat <a href=\"https:\/\/iwell-guard.com\/ca\/jagaubis\/\">Jagaubis<\/a>, esmentada en fonts de l&#8217;edat moderna.<\/p><p>Sobre la sistem\u00e0tica exacta d&#8217;aquest pante\u00f3 no hi ha un acord complet en la investigaci\u00f3, perqu\u00e8 les primeres fonts escrites provenen de cronistes i missioners cristians, i la recopilaci\u00f3 posterior de can\u00e7ons populars no va comen\u00e7ar fins al segle XIX. Marija Gimbutas, Algirdas Julien Greimas i Haralds Biezais han presentat interpretacions diferents, en part rivals, d&#8217;aquest material.<\/p>\t\t\t\t\t\t\t\t<\/div>\n\t\t\t\t\t<\/div>\n\t\t\t\t<\/div>\n\t\t\t\t\t<\/div>\n\t\t\t\t<\/div>\n\t\t<div class=\"elementor-element elementor-element-cp295547c2 e-flex e-con-boxed e-con e-parent\" data-id=\"cp295547c2\" data-element_type=\"container\" data-e-type=\"container\">\n\t\t\t\t\t<div class=\"e-con-inner\">\n\t\t\t\t<div class=\"elementor-element elementor-element-cp28944fb0 elementor-widget elementor-widget-heading\" data-id=\"cp28944fb0\" data-element_type=\"widget\" data-e-type=\"widget\" data-widget_type=\"heading.default\">\n\t\t\t\t\t<h2 class=\"elementor-heading-title elementor-size-default\">Les fonts: cr\u00f2niques, informes de missioners i recopilacions de can\u00e7ons populars<\/h2>\t\t\t\t<\/div>\n\t\t<div class=\"elementor-element elementor-element-cp23d59da4 e-flex e-con-boxed e-con e-child\" data-id=\"cp23d59da4\" data-element_type=\"container\" data-e-type=\"container\">\n\t\t\t\t\t<div class=\"e-con-inner\">\n\t\t\t\t<div class=\"elementor-element elementor-element-cp2ce157b6 elementor-widget elementor-widget-text-editor\" data-id=\"cp2ce157b6\" data-element_type=\"widget\" data-e-type=\"widget\" data-widget_type=\"text-editor.default\">\n\t\t\t\t\t\t\t\t\t<p>La <span class=\"iwg-fachbegriff\" data-tooltip=\"La transmissi\u00f3 de coneixements i relats a trav\u00e9s de generacions.\" tabindex=\"0\">transmissi\u00f3<\/span> escrita m\u00e9s antiga sobre la religi\u00f3 b\u00e0ltica prov\u00e9 de l&#8217;exterior, sobretot de cronistes i missioners cristians relacionats amb les croades de l&#8217;Orde Teut\u00f2nic i de l&#8217;Orde dels Portaespases a la regi\u00f3 b\u00e0ltica. Entre les fonts m\u00e9s antigues es troben la cr\u00f2nica d&#8217;Enric de Let\u00f2nia, dels anys 1225 a 1227, i la Cr\u00f2nica rimada de Liv\u00f2nia.<\/p><p>Al segle XIV, el cronista de l&#8217;orde Pere de Dusburg (1326) va informar sobre pr\u00e0ctiques dels prussians, i al segle XVI van seguir els controvertits escrits de Simon Grunau (1519 a 1529). Una de les fonts modernes m\u00e9s importants \u00e9s l&#8217;obra De diis Samagitarum, impresa el 1615 pel savi polon\u00e8s Jan \u0141asicki, que enumera nombroses divinitats i rituals de Litu\u00e0nia i de \u017demaitija, entre ells tamb\u00e9 mencions d&#8217;una divinitat anomenada <a href=\"https:\/\/iwell-guard.com\/ca\/jagaubis\/\">Jagaubis<\/a>, la compet\u00e8ncia exacta de la qual no es transmet de manera uniforme a les fonts.<\/p><p>Aquests textos primerencs s\u00f3n rics en informaci\u00f3 per\u00f2 profundament esbiaixats, ja que el seu objectiu era sobretot justificar la missi\u00f3 o combatre costums considerats <span class=\"iwg-fachbegriff\" data-tooltip=\"Des del punt de vista cristi\u00e0: pertanyent a una religi\u00f3 preexistent o no cristiana.\" tabindex=\"0\">pagans<\/span>, no descriure&#8217;ls de manera neutral.<\/p><p>Un segon grup de fonts, m\u00e9s recent, el formen les dainas, els contes i els noms de lloc recopilats al segle XIX i a principis del XX. El jurista let\u00f3 Kri\u0161j\u0101nis Barons i, m\u00e9s tard, investigadors com Jonas Balys a Litu\u00e0nia van presentar aix\u00ed un corpus extens, predominantment de transmissi\u00f3 oral, molt menys marcat per una intenci\u00f3 d&#8217;interpretaci\u00f3 cristiana que les cr\u00f2niques anteriors.<\/p><p>Al segle XX es van afegir an\u00e0lisis cient\u00edfiques sistem\u00e0tiques, per exemple les de Marija Gimbutas, que va combinar dades arqueol\u00f2giques i ling\u00fc\u00edstiques, les d&#8217;Algirdas Julien Greimas, que va analitzar els mites des d&#8217;una perspectiva estructuralista, i les de Haralds Biezais, que a l&#8217;exili suec va estudiar sobretot material let\u00f3 i va examinar cr\u00edticament les tesis sobre el matriarcat. Norbertas V\u0117lius va establir, amb una recopilaci\u00f3 de fonts en diversos volums, una base important per a la investigaci\u00f3 posterior.<\/p><p>En conjunt, els investigadors subratllen que la documentaci\u00f3 sobre la religi\u00f3 b\u00e0ltica \u00e9s desigual i est\u00e0 dispersa al llarg de segles, per la qual cosa qualsevol visi\u00f3 de conjunt ha de conviure amb incerteses considerables i llacunes regionals.<\/p>\t\t\t\t\t\t\t\t<\/div>\n\t\t\t\t\t<\/div>\n\t\t\t\t<\/div>\n\t\t\t\t\t<\/div>\n\t\t\t\t<\/div>\n\t\t<div class=\"elementor-element elementor-element-cp2c009332 e-flex e-con-boxed e-con e-parent\" data-id=\"cp2c009332\" data-element_type=\"container\" data-e-type=\"container\">\n\t\t\t\t\t<div class=\"e-con-inner\">\n\t\t\t\t<div class=\"elementor-element elementor-element-cp225c94da elementor-widget elementor-widget-heading\" data-id=\"cp225c94da\" data-element_type=\"widget\" data-e-type=\"widget\" data-widget_type=\"heading.default\">\n\t\t\t\t\t<h2 class=\"elementor-heading-title elementor-size-default\">Missioneria for\u00e7ada, opressi\u00f3 i reapropiaci\u00f3 actual<\/h2>\t\t\t\t<\/div>\n\t\t<div class=\"elementor-element elementor-element-cp2c7191ab e-flex e-con-boxed e-con e-child\" data-id=\"cp2c7191ab\" data-element_type=\"container\" data-e-type=\"container\">\n\t\t\t\t\t<div class=\"e-con-inner\">\n\t\t\t\t<div class=\"elementor-element elementor-element-cp23f4061d elementor-widget elementor-widget-text-editor\" data-id=\"cp23f4061d\" data-element_type=\"widget\" data-e-type=\"widget\" data-widget_type=\"text-editor.default\">\n\t\t\t\t\t\t\t\t\t<p>La cristianitzaci\u00f3 dels b\u00e0ltics va ser un proc\u00e9s llarg i, en part, violent. L&#8217;Orde Teut\u00f2nic i l&#8217;Orde dels Portaespases van fer proselitisme des del segle 13 entre els prussians i els habitants de Let\u00f2nia i Est\u00f2nia sota pressi\u00f3 militar, amb p\u00e8rdues considerables de vides i de cultura pr\u00f2pia; la llengua dels prussians es va extingir al segle 17.<\/p><p>Litu\u00e0nia, com a gran ducat independent, va adoptar el cristianisme el 1387 sota el gran duc Jogaila per c\u00e0lcul pol\u00edtic, per segellar la uni\u00f3 amb Pol\u00f2nia i treure la base a les croades de l&#8217;Orde Teut\u00f2nic. El territori de \u017demaitija (Baixa Litu\u00e0nia) no ho va fer fins al 1413, despr\u00e9s de la vict\u00f2ria sobre l&#8217;orde a Tannenberg el 1410. Hi ha testimonis puntuals d&#8217;ofrenes continuades al foc, als arbres, a les serps i a altres objectes sagrats fins ben entrat el segle 18.<\/p><p>Als segles 19 i 20, la pressi\u00f3 religiosa es va combinar amb una pressi\u00f3 ling\u00fc\u00edstica i cultural: sota el domini tsarista i, m\u00e9s tard, sovi\u00e8tic, la llengua i la cultura lituanes i letones van ser fortament restringides en diversos per\u00edodes.<\/p><p>Des de finals del segle 20, i especialment despr\u00e9s de la recuperaci\u00f3 de la independ\u00e8ncia de Litu\u00e0nia i Let\u00f2nia el 1990 i el 1991, s&#8217;observa un nou inter\u00e8s per la <span class=\"iwg-fachbegriff\" data-tooltip=\"La transmissi\u00f3 de coneixements i relats al llarg de generacions.\" tabindex=\"0\">tradici\u00f3<\/span> precristiana. Aix\u00f2 es fa pal\u00e8s en el moviment neopag\u00e0 Romuva a Litu\u00e0nia, que el 2015 hi va obtenir un reconeixement oficial, i en el moviment Dievtur\u012bba de Let\u00f2nia, sorgit ja durant el per\u00edode d&#8217;entreguerres.<\/p><p>Aquest inter\u00e8s tamb\u00e9 es manifesta en la conservaci\u00f3 de les dainas, en els festivals de can\u00e7\u00f3 popular, inclosos a la Llista Representativa del Patrimoni Cultural Immaterial de la UNESCO, i en un inter\u00e8s acad\u00e8mic i art\u00edstic creixent pels motius precristians.<\/p><p>Tot i aix\u00f2, no es pot parlar d&#8217;un renaixement ampli de l&#8217;antiga religi\u00f3 com a pr\u00e0ctica majorit\u00e0ria i viscuda. La majoria de lituans i letons tenen una formaci\u00f3 confessional cristiana, i l&#8217;inter\u00e8s per el passat precristi\u00e0 \u00e9s sobretot una q\u00fcesti\u00f3 d&#8217;autoafirmaci\u00f3 cultural i de reflexi\u00f3 hist\u00f2rica.<\/p>\t\t\t\t\t\t\t\t<\/div>\n\t\t\t\t\t<\/div>\n\t\t\t\t<\/div>\n\t\t\t\t\t<\/div>\n\t\t\t\t<\/div>\n\t\t<div class=\"elementor-element elementor-element-iwgha-sami-sec e-flex e-con-boxed e-con e-parent\" data-id=\"iwgha-sami-sec\" data-element_type=\"container\" data-e-type=\"container\">\n\t\t\t\t\t<div class=\"e-con-inner\">\n\t\t\t\t<div class=\"elementor-element elementor-element-iwgha-sami-h elementor-widget elementor-widget-heading\" data-id=\"iwgha-sami-h\" data-element_type=\"widget\" data-e-type=\"widget\" data-widget_type=\"heading.default\">\n\t\t\t\t\t<h2 class=\"elementor-heading-title elementor-size-default\">\u00c9ssers d'aquesta tradici\u00f3 (9)<\/h2>\t\t\t\t<\/div>\n\t\t<div class=\"elementor-element elementor-element-iwgha-sami-gc e-flex e-con-boxed e-con e-parent\" data-id=\"iwgha-sami-gc\" data-element_type=\"container\" data-e-type=\"container\">\n\t\t\t\t\t<div class=\"e-con-inner\">\n\t\t\t\t<div class=\"elementor-element elementor-element-iwgha-sami-grid elementor-widget elementor-widget-text-editor\" data-id=\"iwgha-sami-grid\" data-element_type=\"widget\" data-e-type=\"widget\" data-widget_type=\"text-editor.default\">\n\t\t\t\t\t\t\t\t\t<div class=\"iwg-wesen-grid\"><a class=\"iwg-wesen-card\" href=\"https:\/\/iwell-guard.com\/ca\/meza-mate\/\" aria-label=\"Me\u017ea m\u0101te\"><div class=\"iwg-wesen-card-imgwrap\"><img decoding=\"async\" src=\"https:\/\/iwell-guard.com\/wp-content\/uploads\/2026\/07\/goetter_baltikum_meza-mate-200x300.webp\" alt=\"Me\u017ea m\u0101te\" loading=\"lazy\"><\/div><div class=\"iwg-wesen-card-body\"><div class=\"iwg-wesen-card-name\">Me\u017ea m\u0101te<\/div><div class=\"iwg-wesen-card-arrow\">\u2192 A l&#039;\u00e9sser<\/div><\/div><\/a><a class=\"iwg-wesen-card\" href=\"https:\/\/iwell-guard.com\/ca\/medeina\/\" aria-label=\"Medeina\"><div class=\"iwg-wesen-card-imgwrap\"><img decoding=\"async\" src=\"https:\/\/iwell-guard.com\/wp-content\/uploads\/2026\/07\/goetter_baltikum_medeina-200x300.webp\" alt=\"Medeina\" loading=\"lazy\"><\/div><div class=\"iwg-wesen-card-body\"><div class=\"iwg-wesen-card-name\">Medeina<\/div><div class=\"iwg-wesen-card-arrow\">\u2192 A l&#039;\u00e9sser<\/div><\/div><\/a><a class=\"iwg-wesen-card\" href=\"https:\/\/iwell-guard.com\/ca\/jagaubis\/\" aria-label=\"Jagaubis\"><div class=\"iwg-wesen-card-imgwrap\"><img decoding=\"async\" src=\"https:\/\/iwell-guard.com\/wp-content\/uploads\/2026\/07\/geister_baltisch_jagaubis-200x300.webp\" alt=\"Jagaubis\" loading=\"lazy\"><\/div><div class=\"iwg-wesen-card-body\"><div class=\"iwg-wesen-card-name\">Jagaubis<\/div><div class=\"iwg-wesen-card-arrow\">\u2192 A l&#039;\u00e9sser<\/div><\/div><\/a><a class=\"iwg-wesen-card\" href=\"https:\/\/iwell-guard.com\/ca\/gabija\/\" aria-label=\"Gabija\"><div class=\"iwg-wesen-card-imgwrap\"><img decoding=\"async\" src=\"https:\/\/iwell-guard.com\/wp-content\/uploads\/2026\/07\/goetter_baltisch_gabija-200x300.webp\" alt=\"Gabija\" loading=\"lazy\"><\/div><div class=\"iwg-wesen-card-body\"><div class=\"iwg-wesen-card-name\">Gabija<\/div><div class=\"iwg-wesen-card-arrow\">\u2192 A l&#039;\u00e9sser<\/div><\/div><\/a><a class=\"iwg-wesen-card\" href=\"https:\/\/iwell-guard.com\/ca\/vejopatis\/\" aria-label=\"Vejopatis\"><div class=\"iwg-wesen-card-imgwrap\"><img decoding=\"async\" src=\"https:\/\/iwell-guard.com\/wp-content\/uploads\/2026\/07\/goetter_baltisch_vejopatis-200x300.webp\" alt=\"Vejopatis\" loading=\"lazy\"><\/div><div class=\"iwg-wesen-card-body\"><div class=\"iwg-wesen-card-name\">Vejopatis<\/div><div class=\"iwg-wesen-card-arrow\">\u2192 A l&#039;\u00e9sser<\/div><\/div><\/a><a class=\"iwg-wesen-card\" href=\"https:\/\/iwell-guard.com\/ca\/zaltys\/\" aria-label=\"\u017daltys\"><div class=\"iwg-wesen-card-imgwrap\"><img decoding=\"async\" src=\"https:\/\/iwell-guard.com\/wp-content\/uploads\/2026\/07\/geister_baltisch_zaltys-200x300.webp\" alt=\"\u017daltys\" loading=\"lazy\"><\/div><div class=\"iwg-wesen-card-body\"><div class=\"iwg-wesen-card-name\">\u017daltys<\/div><div class=\"iwg-wesen-card-arrow\">\u2192 A l&#039;\u00e9sser<\/div><\/div><\/a><a class=\"iwg-wesen-card\" href=\"https:\/\/iwell-guard.com\/ca\/majas-gars\/\" aria-label=\"M\u0101jas gars\"><div class=\"iwg-wesen-card-imgwrap\"><img decoding=\"async\" src=\"https:\/\/iwell-guard.com\/wp-content\/uploads\/2026\/07\/geister_baltisch_majas-gars-200x300.webp\" alt=\"M\u0101jas gars\" loading=\"lazy\"><\/div><div class=\"iwg-wesen-card-body\"><div class=\"iwg-wesen-card-name\">M\u0101jas gars<\/div><div class=\"iwg-wesen-card-arrow\">\u2192 A l&#039;\u00e9sser<\/div><\/div><\/a><a class=\"iwg-wesen-card\" href=\"https:\/\/iwell-guard.com\/ca\/kaukas\/\" aria-label=\"Kaukas\"><div class=\"iwg-wesen-card-imgwrap\"><img decoding=\"async\" src=\"https:\/\/iwell-guard.com\/wp-content\/uploads\/2026\/07\/geister_baltisch_kaukas-200x300.webp\" alt=\"Kaukas\" loading=\"lazy\"><\/div><div class=\"iwg-wesen-card-body\"><div class=\"iwg-wesen-card-name\">Kaukas<\/div><div class=\"iwg-wesen-card-arrow\">\u2192 A l&#039;\u00e9sser<\/div><\/div><\/a><a class=\"iwg-wesen-card\" href=\"https:\/\/iwell-guard.com\/ca\/aitvaras\/\" aria-label=\"Aitvaras\"><div class=\"iwg-wesen-card-imgwrap\"><img decoding=\"async\" src=\"https:\/\/iwell-guard.com\/wp-content\/uploads\/2026\/07\/geister_baltisch_aitvaras-200x300.webp\" alt=\"Aitvaras\" loading=\"lazy\"><\/div><div class=\"iwg-wesen-card-body\"><div class=\"iwg-wesen-card-name\">Aitvaras<\/div><div class=\"iwg-wesen-card-arrow\">\u2192 A l&#039;\u00e9sser<\/div><\/div><\/a><\/div>\t\t\t\t\t\t\t\t<\/div>\n\t\t\t\t\t<\/div>\n\t\t\t\t<\/div>\n\t\t\t\t\t<\/div>\n\t\t\t\t<\/div>\n\t\t<div class=\"elementor-element elementor-element-iwgkw2-add-sami e-flex e-con-boxed e-con e-parent\" data-id=\"iwgkw2-add-sami\" data-element_type=\"container\" data-e-type=\"container\">\n\t\t\t\t\t<div class=\"e-con-inner\">\n\t\t\t\t<div class=\"elementor-element elementor-element-iwgkw2-add-sami-t elementor-widget elementor-widget-text-editor\" data-id=\"iwgkw2-add-sami-t\" data-element_type=\"widget\" data-e-type=\"widget\" data-widget_type=\"text-editor.default\">\n\t\t\t\t\t\t\t\t\t<p>El <em>culte al foc de Gabija<\/em>, litolet\u00f3, combina el foc de la llar, les ofrenes i preceptes de puresa en una pr\u00e0ctica pr\u00f2pia de protecci\u00f3 per a la casa i la fam\u00edlia, mentre que la <em>serp dom\u00e8stica Zaltys<\/em> era considerada un animal protector viu per a la prosperitat i la seguretat de la llar i el bestiar.<\/p>\t\t\t\t\t\t\t\t<\/div>\n\t\t\t\t\t<\/div>\n\t\t\t\t<\/div>\n\t\t<div class=\"elementor-element elementor-element-iwgcn-sami-kwd e-flex e-con-boxed e-con e-parent\" data-id=\"iwgcn-sami-kwd\" data-element_type=\"container\" data-e-type=\"container\">\n\t\t\t\t\t<div class=\"e-con-inner\">\n\t\t<div class=\"elementor-element elementor-element-iwgcn-sami-kwd-c e-con-full e-flex e-con e-child\" data-id=\"iwgcn-sami-kwd-c\" data-element_type=\"container\" data-e-type=\"container\">\n\t\t\t\t<div class=\"elementor-element elementor-element-iwgcn-sami-kwdt elementor-widget elementor-widget-text-editor\" data-id=\"iwgcn-sami-kwdt\" data-element_type=\"widget\" data-e-type=\"widget\" data-widget_type=\"text-editor.default\">\n\t\t\t\t\t\t\t\t\t<p><em>Termes clau relacionats: Perk\u016bnas P\u0113rkons Dievas Dievs Laima Saul\u0117 Gabija Zaltys Dainas Litu\u00e0nia Let\u00f2nia.<\/em><\/p>\t\t\t\t\t\t\t\t<\/div>\n\t\t\t\t<\/div>\n\t\t\t\t\t<\/div>\n\t\t\t\t<\/div>\n\t\t<div class=\"elementor-element elementor-element-iwgcn-sami-cc e-flex e-con-boxed e-con e-parent\" data-id=\"iwgcn-sami-cc\" data-element_type=\"container\" data-e-type=\"container\" id=\"iwg-cc-sami\">\n\t\t\t\t\t<div class=\"e-con-inner\">\n\t\t<div class=\"elementor-element elementor-element-iwgcn-sami-ccinner e-flex e-con-boxed e-con e-parent\" data-id=\"iwgcn-sami-ccinner\" data-element_type=\"container\" data-e-type=\"container\" data-settings=\"{&quot;background_background&quot;:&quot;classic&quot;}\">\n\t\t\t\t\t<div class=\"e-con-inner\">\n\t\t\t\t<div class=\"elementor-element elementor-element-iwgcn-sami-cch elementor-widget elementor-widget-heading\" data-id=\"iwgcn-sami-cch\" data-element_type=\"widget\" data-e-type=\"widget\" data-widget_type=\"heading.default\">\n\t\t\t\t\t<h2 class=\"elementor-heading-title elementor-size-default\">Objectes de protecci\u00f3 d'aquesta tradici\u00f3 cultural<\/h2>\t\t\t\t<\/div>\n\t\t\t\t<div class=\"elementor-element elementor-element-iwgcn-sami-cct elementor-widget elementor-widget-text-editor\" data-id=\"iwgcn-sami-cct\" data-element_type=\"widget\" data-e-type=\"widget\" data-widget_type=\"text-editor.default\">\n\t\t\t\t\t\t\t\t\t<p>La tradici\u00f3 b\u00e0ltica coneix el foc de la llar de Gabija, guardat amb cura, la serp dom\u00e8stica Zaltys, alimentada amb llet com a animal protector viu, i esperits dom\u00e8stics ambivalents com Kaukas i el fog\u00f3s Aitvaras, que porten prosperitat per\u00f2 que, si es descuiden, tamb\u00e9 poden portar desgr\u00e0cia; els amulets port\u00e0tils estan menys documentats a les fonts que aquestes formes de protecci\u00f3 lligades a la casa i al mas, comparables, si de cas, amb el <a href=\"https:\/\/iwell-guard.com\/ca\/ferro-i-ferro-fred\/\">ferro<\/a> o els <a href=\"https:\/\/iwell-guard.com\/ca\/sarro-protector-i-breverl\/\">sacs protectors<\/a> d&#8217;altres cultures. El <a href=\"https:\/\/iwell-guard.com\/ca\/bruixola-de-proteccio\/\">Br\u00faixola de Protecci\u00f3<\/a> ofereix una visi\u00f3 general dels objectes de protecci\u00f3 de diverses tradicions.<\/p><div data-nosnippet=\"true\"><p>iWell Guard s&#8217;insereix en aquesta l\u00ednia hist\u00f2rico-cultural d&#8217;objectes de protecci\u00f3 port\u00e0tils, en una arquitectura de materials contempor\u00e0nia, fabricat a Alemanya. 41 capes, or aut\u00e8ntic, plat\u00ed, plata. Dret de devoluci\u00f3 de 30 dies.<\/p><\/div>\t\t\t\t\t\t\t\t<\/div>\n\t\t\t\t<div class=\"elementor-element elementor-element-iwgcn-sami-ccb iwg-cc-button iwg-cc-cta-2026-05-13 elementor-widget elementor-widget-jet-button\" data-id=\"iwgcn-sami-ccb\" data-element_type=\"widget\" data-e-type=\"widget\" data-widget_type=\"jet-button.default\">\n\t\t\t\t<div class=\"elementor-widget-container\">\n\t\t\t\t\t<div class=\"elementor-jet-button jet-elements\"><div class=\"jet-button__container\"><a class=\"jet-button__instance jet-button__instance--icon-left hover-effect-1\" href=\"\/ueber-iwell-guard\/?utm_source=iwell-guard.com&amp;utm_medium=info-box&amp;utm_campaign=kultur-tradition\"><div class=\"jet-button__plane jet-button__plane-normal\"><\/div><div class=\"jet-button__plane jet-button__plane-hover\"><\/div><div class=\"jet-button__state jet-button__state-normal\"><span class=\"jet-button__label\">M\u00e9s informaci\u00f3 sobre l'iWell Guard<\/span><\/div><div class=\"jet-button__state jet-button__state-hover\"><span class=\"jet-button__label\">M\u00e9s informaci\u00f3 sobre l'iWell Guard<\/span><\/div><\/a><\/div><\/div><style>.elementor-element.elementor-element-iwgcn-sami-ccb .jet-button__instance{width:320px;height:56px;}.elementor-element.elementor-element-iwgcn-sami-ccb .jet-button__state-normal .jet-button__label{text-align:center;margin:0px 0px 0px 0px;color:#1a1b20;font-family:Montserrat,sans-serif;font-size:13px;font-weight:400;letter-spacing:4px;line-height:1.714em;text-transform:uppercase;}.elementor-element.elementor-element-iwgcn-sami-ccb .jet-button__state-hover .jet-button__label{text-align:center;margin:0px 0px 0px 0px;color:#FECC76;font-family:Montserrat,sans-serif;font-size:13px;font-weight:400;letter-spacing:4px;line-height:1.714em;text-transform:uppercase;}.elementor-element.elementor-element-iwgcn-sami-ccb .jet-button__plane-normal{background-color:#FECC76;border-style:solid;border-color:#C99540;border-width:2px 2px 2px 2px;}.elementor-element.elementor-element-iwgcn-sami-ccb .jet-button__plane-hover{background-color:rgba(0,0,0,0.55);border-style:solid;border-color:#FECC76;border-width:2px 2px 2px 2px;}<\/style>\t\t\t\t<\/div>\n\t\t\t\t<\/div>\n\t\t\t\t<div class=\"elementor-element elementor-element-iwgcn-sami-ccd elementor-widget elementor-widget-text-editor\" data-id=\"iwgcn-sami-ccd\" data-element_type=\"widget\" data-e-type=\"widget\" data-widget_type=\"text-editor.default\">\n\t\t\t\t\t\t\t\t\t<div data-nosnippet=\"true\"><p style=\"text-align:center;font-size:13px;opacity:0.7;margin-top:14px\" data-nosnippet=\"true\">Les experi\u00e8ncies personals poden variar. No \u00e9s un producte sanitari. No \u00e9s una promesa de curaci\u00f3.<\/p><\/div>\t\t\t\t\t\t\t\t<\/div>\n\t\t\t\t\t<\/div>\n\t\t\t\t<\/div>\n\t\t\t\t\t<\/div>\n\t\t\t\t<\/div>\n\t\t<div class=\"elementor-element elementor-element-iwgcn-sami-disc e-flex e-con-boxed e-con e-parent\" data-id=\"iwgcn-sami-disc\" data-element_type=\"container\" data-e-type=\"container\">\n\t\t\t\t\t<div class=\"e-con-inner\">\n\t\t\t\t<div class=\"elementor-element elementor-element-iwgcn-sami-discw elementor-widget elementor-widget-html\" data-id=\"iwgcn-sami-discw\" data-element_type=\"widget\" data-e-type=\"widget\" data-widget_type=\"html.default\">\n\t\t\t\t\t<footer data-nosnippet=\"true\" class=\"iwg-disclaimer-block\"><p data-nosnippet=\"true\">iWell Guard <strong>no \u00e9s un producte sanitari<\/strong> i no substitueix cap tractament m\u00e8dic o psicoterap\u00e8utic. Els continguts d'hist\u00f2ria de les religions s\u00f3n una classificaci\u00f3 culturohist\u00f2rica, no una recomanaci\u00f3 de pr\u00e0ctica espiritual.<\/p><\/footer>\t\t\t\t<\/div>\n\t\t\t\t\t<\/div>\n\t\t\t\t<\/div>\n\t\t\t\t<\/div>\n\t\t","protected":false},"excerpt":{"rendered":"","protected":false},"author":3,"featured_media":20404,"parent":0,"menu_order":0,"comment_status":"closed","ping_status":"closed","template":"elementor_header_footer","meta":{"_yoast_wpseo_focuskw":"mitologia baltica","_yoast_wpseo_title":"Mitologia b\u00e0ltica: d\u00e9us de Litu\u00e0nia i Let\u00f2nia","_yoast_wpseo_metadesc":"Perk\u016bnas, Gabija i la serp dom\u00e8stica Zaltys: la mitologia b\u00e0ltica de Litu\u00e0nia i Let\u00f2nia explicada des d'una base rigorosa en ci\u00e8ncies de la religi\u00f3.","_yoast_wpseo_meta-robots-noindex":"","_yoast_wpseo_canonical":"","_angie_page":false,"gefaehrdungsstufe":"","wesen_kultur":"","wesen_klasse":"","footnotes":""},"categories":[],"class_list":["post-172598","page","type-page","status-publish","has-post-thumbnail","hentry"],"yoast_head":"<!-- This site is optimized with the Yoast SEO Premium plugin v27.7 (Yoast SEO v28.3) - https:\/\/yoast.com\/product\/yoast-seo-premium-wordpress\/ -->\n<title>Mitologia b\u00e0ltica: d\u00e9us de Litu\u00e0nia i Let\u00f2nia<\/title>\n<meta name=\"description\" content=\"Perk\u016bnas, Gabija i la serp dom\u00e8stica Zaltys: la mitologia b\u00e0ltica de Litu\u00e0nia i Let\u00f2nia explicada des d&#039;una base rigorosa en ci\u00e8ncies de la religi\u00f3.\" \/>\n<meta name=\"robots\" content=\"index, follow, max-snippet:-1, max-image-preview:large, max-video-preview:-1\" \/>\n<link rel=\"canonical\" href=\"https:\/\/iwell-guard.com\/ca\/mitologia-baltica\/\" \/>\n<meta property=\"og:locale\" content=\"ca_ES\" \/>\n<meta property=\"og:type\" content=\"article\" \/>\n<meta property=\"og:title\" content=\"Mitologia b\u00e0ltica\" \/>\n<meta property=\"og:description\" content=\"Perk\u016bnas, Gabija i la serp dom\u00e8stica Zaltys: la mitologia b\u00e0ltica de Litu\u00e0nia i Let\u00f2nia explicada des d&#039;una base rigorosa en ci\u00e8ncies de la religi\u00f3.\" \/>\n<meta property=\"og:url\" content=\"https:\/\/iwell-guard.com\/ca\/mitologia-baltica\/\" \/>\n<meta property=\"og:site_name\" content=\"iWell Guard\" \/>\n<meta property=\"article:modified_time\" content=\"2026-09-05T17:18:00+00:00\" \/>\n<meta property=\"og:image\" content=\"https:\/\/iwell-guard.com\/wp-content\/uploads\/2026\/07\/goetter_baltikum_medeina.webp\" \/>\n\t<meta property=\"og:image:width\" content=\"1024\" \/>\n\t<meta property=\"og:image:height\" content=\"1536\" \/>\n\t<meta property=\"og:image:type\" content=\"image\/webp\" \/>\n<meta name=\"twitter:card\" content=\"summary_large_image\" \/>\n<script type=\"application\/ld+json\" class=\"yoast-schema-graph\">{\"@context\":\"https:\\\/\\\/schema.org\",\"@graph\":[{\"@type\":\"WebPage\",\"@id\":\"https:\\\/\\\/iwell-guard.com\\\/ca\\\/mitologia-baltica\\\/\",\"url\":\"https:\\\/\\\/iwell-guard.com\\\/ca\\\/mitologia-baltica\\\/\",\"name\":\"Mitologia b\u00e0ltica: d\u00e9us de Litu\u00e0nia i Let\u00f2nia\",\"isPartOf\":{\"@id\":\"https:\\\/\\\/iwell-guard.com\\\/ca\\\/#website\"},\"primaryImageOfPage\":{\"@id\":\"https:\\\/\\\/iwell-guard.com\\\/ca\\\/mitologia-baltica\\\/#primaryimage\"},\"image\":{\"@id\":\"https:\\\/\\\/iwell-guard.com\\\/ca\\\/mitologia-baltica\\\/#primaryimage\"},\"thumbnailUrl\":\"https:\\\/\\\/iwell-guard.com\\\/wp-content\\\/uploads\\\/2026\\\/07\\\/goetter_baltikum_medeina.webp\",\"datePublished\":\"2026-09-05T15:52:56+00:00\",\"dateModified\":\"2026-09-05T17:18:00+00:00\",\"description\":\"Perk\u016bnas, Gabija i la serp dom\u00e8stica Zaltys: la mitologia b\u00e0ltica de Litu\u00e0nia i Let\u00f2nia explicada des d'una base rigorosa en ci\u00e8ncies de la religi\u00f3.\",\"breadcrumb\":{\"@id\":\"https:\\\/\\\/iwell-guard.com\\\/ca\\\/mitologia-baltica\\\/#breadcrumb\"},\"inLanguage\":\"ca\",\"potentialAction\":[{\"@type\":\"ReadAction\",\"target\":[\"https:\\\/\\\/iwell-guard.com\\\/ca\\\/mitologia-baltica\\\/\"]}]},{\"@type\":\"ImageObject\",\"inLanguage\":\"ca\",\"@id\":\"https:\\\/\\\/iwell-guard.com\\\/ca\\\/mitologia-baltica\\\/#primaryimage\",\"url\":\"https:\\\/\\\/iwell-guard.com\\\/wp-content\\\/uploads\\\/2026\\\/07\\\/goetter_baltikum_medeina.webp\",\"contentUrl\":\"https:\\\/\\\/iwell-guard.com\\\/wp-content\\\/uploads\\\/2026\\\/07\\\/goetter_baltikum_medeina.webp\",\"width\":1024,\"height\":1536,\"caption\":\"Medeina, deessa de la tradici\u00f3 b\u00e0ltica\"},{\"@type\":\"BreadcrumbList\",\"@id\":\"https:\\\/\\\/iwell-guard.com\\\/ca\\\/mitologia-baltica\\\/#breadcrumb\",\"itemListElement\":[{\"@type\":\"ListItem\",\"position\":1,\"name\":\"Start\",\"item\":\"https:\\\/\\\/iwell-guard.com\\\/ca\\\/?page_id=171333\"},{\"@type\":\"ListItem\",\"position\":2,\"name\":\"Mitologia b\u00e0ltica\"}]},{\"@type\":\"WebSite\",\"@id\":\"https:\\\/\\\/iwell-guard.com\\\/ca\\\/#website\",\"url\":\"https:\\\/\\\/iwell-guard.com\\\/ca\\\/\",\"name\":\"iWell Guard\",\"description\":\"Schutz vor dunklen Einfl\u00fcssen\",\"publisher\":{\"@id\":\"https:\\\/\\\/iwell-guard.com\\\/ca\\\/#organization\"},\"potentialAction\":[{\"@type\":\"SearchAction\",\"target\":{\"@type\":\"EntryPoint\",\"urlTemplate\":\"https:\\\/\\\/iwell-guard.com\\\/ca\\\/?s={search_term_string}\"},\"query-input\":{\"@type\":\"PropertyValueSpecification\",\"valueRequired\":true,\"valueName\":\"search_term_string\"}}],\"inLanguage\":\"ca\"},{\"@type\":\"Organization\",\"@id\":\"https:\\\/\\\/iwell-guard.com\\\/ca\\\/#organization\",\"name\":\"Ittermann electronic GmbH\",\"url\":\"https:\\\/\\\/iwell-guard.com\\\/ca\\\/\",\"logo\":{\"@type\":\"ImageObject\",\"inLanguage\":\"ca\",\"@id\":\"https:\\\/\\\/iwell-guard.com\\\/ca\\\/#\\\/schema\\\/logo\\\/image\\\/\",\"url\":\"https:\\\/\\\/iwell-guard.com\\\/wp-content\\\/uploads\\\/2026\\\/05\\\/Ittermann-Logo-1182x237-1.png\",\"contentUrl\":\"https:\\\/\\\/iwell-guard.com\\\/wp-content\\\/uploads\\\/2026\\\/05\\\/Ittermann-Logo-1182x237-1.png\",\"width\":1182,\"height\":237,\"caption\":\"Ittermann electronic GmbH\"},\"image\":{\"@id\":\"https:\\\/\\\/iwell-guard.com\\\/ca\\\/#\\\/schema\\\/logo\\\/image\\\/\"},\"sameAs\":[\"https:\\\/\\\/pantip.com\\\/profile\\\/9367242\",\"https:\\\/\\\/micro.blog\\\/iwellguard\",\"https:\\\/\\\/www.diggerslist.com\\\/iwellguard\\\/about\",\"https:\\\/\\\/skitterphoto.com\\\/photographers\\\/2870314\\\/iwell-guard\",\"https:\\\/\\\/iwellguard.wordpress.com\\\/2026\\\/06\\\/06\\\/iwell-guard\\\/\",\"https:\\\/\\\/hub.docker.com\\\/u\\\/iwellguard\",\"https:\\\/\\\/www.pinterest.com\\\/iwellguard\\\/\",\"https:\\\/\\\/bit.ly\\\/m\\\/iwellguard\",\"https:\\\/\\\/entre-vos-mains.alsace.eu\\\/profiles\\\/iwellguard\\\/activity\",\"https:\\\/\\\/gravatar.com\\\/reallybeded8fd34\",\"https:\\\/\\\/naijamatta.com\\\/iwellguard\",\"https:\\\/\\\/www.goodreads.com\\\/iwellguard\",\"https:\\\/\\\/profile.hatena.ne.jp\\\/iwellguard\\\/\",\"https:\\\/\\\/experiment.com\\\/users\\\/iwellguard\",\"https:\\\/\\\/wakelet.com\\\/@iWellGuard82270\",\"https:\\\/\\\/www.chordie.com\\\/forum\\\/profile.php?id=2555664\",\"https:\\\/\\\/www.instapaper.com\\\/p\\\/17757966\",\"https:\\\/\\\/www.mapleprimes.com\\\/users\\\/iwellguard\",\"https:\\\/\\\/businesslistingplus.com\\\/profile\\\/iwell-guard\\\/\",\"https:\\\/\\\/telegra.ph\\\/iWell-Guard-06-06\",\"https:\\\/\\\/pbase.com\\\/iwellguard\\\/iwellguard\",\"https:\\\/\\\/b.hatena.ne.jp\\\/iwellguard\\\/20260607#bookmark-4788405196491818882\",\"https:\\\/\\\/fliphtml5.com\\\/home\\\/iwellguard\",\"https:\\\/\\\/anyflip.com\\\/homepage\\\/cmiwl#About\",\"https:\\\/\\\/transfur.com\\\/Users\\\/iwellguard\",\"http:\\\/\\\/delphi.larsbo.org\\\/user\\\/iwellguard\",\"https:\\\/\\\/jobs.lajobsportal.org\\\/profiles\\\/8380803-iwell-guard\",\"https:\\\/\\\/md.chaosdorf.de\\\/s\\\/jfbe5SBdJD\",\"https:\\\/\\\/www.lingvolive.com\\\/en-us\\\/profile\\\/9ecaeaca-ce11-4e51-9e71-01d55e2bff36\\\/translations\",\"https:\\\/\\\/www.fitday.com\\\/fitness\\\/forums\\\/members\\\/iwellguard.html\",\"https:\\\/\\\/www.mymeetbook.com\\\/iwellguard\",\"https:\\\/\\\/pxhere.com\\\/en\\\/photographer-me\\\/5040798\",\"https:\\\/\\\/disqus.com\\\/by\\\/iwellguard\\\/about\\\/\",\"https:\\\/\\\/pastelink.net\\\/hjwciqwq\",\"https:\\\/\\\/pubhtml5.com\\\/homepage\\\/scjhn\\\/\",\"https:\\\/\\\/www.bitchute.com\\\/channel\\\/2O2eOKzNqujT\",\"https:\\\/\\\/audiomack.com\\\/iwellguard\"]}]}<\/script>\n<!-- \/ Yoast SEO Premium plugin. -->","yoast_head_json":{"title":"Mitologia b\u00e0ltica: d\u00e9us de Litu\u00e0nia i Let\u00f2nia","description":"Perk\u016bnas, Gabija i la serp dom\u00e8stica Zaltys: la mitologia b\u00e0ltica de Litu\u00e0nia i Let\u00f2nia explicada des d'una base rigorosa en ci\u00e8ncies de la religi\u00f3.","robots":{"index":"index","follow":"follow","max-snippet":"max-snippet:-1","max-image-preview":"max-image-preview:large","max-video-preview":"max-video-preview:-1"},"canonical":"https:\/\/iwell-guard.com\/ca\/mitologia-baltica\/","og_locale":"ca_ES","og_type":"article","og_title":"Mitologia b\u00e0ltica","og_description":"Perk\u016bnas, Gabija i la serp dom\u00e8stica Zaltys: la mitologia b\u00e0ltica de Litu\u00e0nia i Let\u00f2nia explicada des d'una base rigorosa en ci\u00e8ncies de la religi\u00f3.","og_url":"https:\/\/iwell-guard.com\/ca\/mitologia-baltica\/","og_site_name":"iWell Guard","article_modified_time":"2026-09-05T17:18:00+00:00","og_image":[{"width":1024,"height":1536,"url":"https:\/\/iwell-guard.com\/wp-content\/uploads\/2026\/07\/goetter_baltikum_medeina.webp","type":"image\/webp"}],"twitter_card":"summary_large_image","schema":{"@context":"https:\/\/schema.org","@graph":[{"@type":"WebPage","@id":"https:\/\/iwell-guard.com\/ca\/mitologia-baltica\/","url":"https:\/\/iwell-guard.com\/ca\/mitologia-baltica\/","name":"Mitologia b\u00e0ltica: d\u00e9us de Litu\u00e0nia i Let\u00f2nia","isPartOf":{"@id":"https:\/\/iwell-guard.com\/ca\/#website"},"primaryImageOfPage":{"@id":"https:\/\/iwell-guard.com\/ca\/mitologia-baltica\/#primaryimage"},"image":{"@id":"https:\/\/iwell-guard.com\/ca\/mitologia-baltica\/#primaryimage"},"thumbnailUrl":"https:\/\/iwell-guard.com\/wp-content\/uploads\/2026\/07\/goetter_baltikum_medeina.webp","datePublished":"2026-09-05T15:52:56+00:00","dateModified":"2026-09-05T17:18:00+00:00","description":"Perk\u016bnas, Gabija i la serp dom\u00e8stica Zaltys: la mitologia b\u00e0ltica de Litu\u00e0nia i Let\u00f2nia explicada des d'una base rigorosa en ci\u00e8ncies de la religi\u00f3.","breadcrumb":{"@id":"https:\/\/iwell-guard.com\/ca\/mitologia-baltica\/#breadcrumb"},"inLanguage":"ca","potentialAction":[{"@type":"ReadAction","target":["https:\/\/iwell-guard.com\/ca\/mitologia-baltica\/"]}]},{"@type":"ImageObject","inLanguage":"ca","@id":"https:\/\/iwell-guard.com\/ca\/mitologia-baltica\/#primaryimage","url":"https:\/\/iwell-guard.com\/wp-content\/uploads\/2026\/07\/goetter_baltikum_medeina.webp","contentUrl":"https:\/\/iwell-guard.com\/wp-content\/uploads\/2026\/07\/goetter_baltikum_medeina.webp","width":1024,"height":1536,"caption":"Medeina, deessa de la tradici\u00f3 b\u00e0ltica"},{"@type":"BreadcrumbList","@id":"https:\/\/iwell-guard.com\/ca\/mitologia-baltica\/#breadcrumb","itemListElement":[{"@type":"ListItem","position":1,"name":"Start","item":"https:\/\/iwell-guard.com\/ca\/?page_id=171333"},{"@type":"ListItem","position":2,"name":"Mitologia b\u00e0ltica"}]},{"@type":"WebSite","@id":"https:\/\/iwell-guard.com\/ca\/#website","url":"https:\/\/iwell-guard.com\/ca\/","name":"iWell Guard","description":"Schutz vor dunklen Einfl\u00fcssen","publisher":{"@id":"https:\/\/iwell-guard.com\/ca\/#organization"},"potentialAction":[{"@type":"SearchAction","target":{"@type":"EntryPoint","urlTemplate":"https:\/\/iwell-guard.com\/ca\/?s={search_term_string}"},"query-input":{"@type":"PropertyValueSpecification","valueRequired":true,"valueName":"search_term_string"}}],"inLanguage":"ca"},{"@type":"Organization","@id":"https:\/\/iwell-guard.com\/ca\/#organization","name":"Ittermann electronic GmbH","url":"https:\/\/iwell-guard.com\/ca\/","logo":{"@type":"ImageObject","inLanguage":"ca","@id":"https:\/\/iwell-guard.com\/ca\/#\/schema\/logo\/image\/","url":"https:\/\/iwell-guard.com\/wp-content\/uploads\/2026\/05\/Ittermann-Logo-1182x237-1.png","contentUrl":"https:\/\/iwell-guard.com\/wp-content\/uploads\/2026\/05\/Ittermann-Logo-1182x237-1.png","width":1182,"height":237,"caption":"Ittermann electronic GmbH"},"image":{"@id":"https:\/\/iwell-guard.com\/ca\/#\/schema\/logo\/image\/"},"sameAs":["https:\/\/pantip.com\/profile\/9367242","https:\/\/micro.blog\/iwellguard","https:\/\/www.diggerslist.com\/iwellguard\/about","https:\/\/skitterphoto.com\/photographers\/2870314\/iwell-guard","https:\/\/iwellguard.wordpress.com\/2026\/06\/06\/iwell-guard\/","https:\/\/hub.docker.com\/u\/iwellguard","https:\/\/www.pinterest.com\/iwellguard\/","https:\/\/bit.ly\/m\/iwellguard","https:\/\/entre-vos-mains.alsace.eu\/profiles\/iwellguard\/activity","https:\/\/gravatar.com\/reallybeded8fd34","https:\/\/naijamatta.com\/iwellguard","https:\/\/www.goodreads.com\/iwellguard","https:\/\/profile.hatena.ne.jp\/iwellguard\/","https:\/\/experiment.com\/users\/iwellguard","https:\/\/wakelet.com\/@iWellGuard82270","https:\/\/www.chordie.com\/forum\/profile.php?id=2555664","https:\/\/www.instapaper.com\/p\/17757966","https:\/\/www.mapleprimes.com\/users\/iwellguard","https:\/\/businesslistingplus.com\/profile\/iwell-guard\/","https:\/\/telegra.ph\/iWell-Guard-06-06","https:\/\/pbase.com\/iwellguard\/iwellguard","https:\/\/b.hatena.ne.jp\/iwellguard\/20260607#bookmark-4788405196491818882","https:\/\/fliphtml5.com\/home\/iwellguard","https:\/\/anyflip.com\/homepage\/cmiwl#About","https:\/\/transfur.com\/Users\/iwellguard","http:\/\/delphi.larsbo.org\/user\/iwellguard","https:\/\/jobs.lajobsportal.org\/profiles\/8380803-iwell-guard","https:\/\/md.chaosdorf.de\/s\/jfbe5SBdJD","https:\/\/www.lingvolive.com\/en-us\/profile\/9ecaeaca-ce11-4e51-9e71-01d55e2bff36\/translations","https:\/\/www.fitday.com\/fitness\/forums\/members\/iwellguard.html","https:\/\/www.mymeetbook.com\/iwellguard","https:\/\/pxhere.com\/en\/photographer-me\/5040798","https:\/\/disqus.com\/by\/iwellguard\/about\/","https:\/\/pastelink.net\/hjwciqwq","https:\/\/pubhtml5.com\/homepage\/scjhn\/","https:\/\/www.bitchute.com\/channel\/2O2eOKzNqujT","https:\/\/audiomack.com\/iwellguard"]}]}},"_links":{"self":[{"href":"https:\/\/iwell-guard.com\/ca\/wp-json\/wp\/v2\/pages\/172598","targetHints":{"allow":["GET"]}}],"collection":[{"href":"https:\/\/iwell-guard.com\/ca\/wp-json\/wp\/v2\/pages"}],"about":[{"href":"https:\/\/iwell-guard.com\/ca\/wp-json\/wp\/v2\/types\/page"}],"author":[{"embeddable":true,"href":"https:\/\/iwell-guard.com\/ca\/wp-json\/wp\/v2\/users\/3"}],"replies":[{"embeddable":true,"href":"https:\/\/iwell-guard.com\/ca\/wp-json\/wp\/v2\/comments?post=172598"}],"version-history":[{"count":0,"href":"https:\/\/iwell-guard.com\/ca\/wp-json\/wp\/v2\/pages\/172598\/revisions"}],"wp:featuredmedia":[{"embeddable":true,"href":"https:\/\/iwell-guard.com\/ca\/wp-json\/wp\/v2\/media\/20404"}],"wp:attachment":[{"href":"https:\/\/iwell-guard.com\/ca\/wp-json\/wp\/v2\/media?parent=172598"}],"wp:term":[{"taxonomy":"category","embeddable":true,"href":"https:\/\/iwell-guard.com\/ca\/wp-json\/wp\/v2\/categories?post=172598"}],"curies":[{"name":"wp","href":"https:\/\/api.w.org\/{rel}","templated":true}]}}