{"id":172595,"date":"2026-09-05T15:52:52","date_gmt":"2026-09-05T15:52:52","guid":{"rendered":"https:\/\/iwell-guard.com\/?page_id=172595"},"modified":"2026-09-05T17:17:41","modified_gmt":"2026-09-05T17:17:41","slug":"mitologia-finlandesa","status":"publish","type":"page","link":"https:\/\/iwell-guard.com\/ca\/mitologia-finlandesa\/","title":{"rendered":"Mitologia finlandesa"},"content":{"rendered":"\t\t<div data-elementor-type=\"wp-page\" data-elementor-id=\"172595\" class=\"elementor elementor-172595 elementor-20562 elementor-bc-flex-widget\" data-elementor-post-type=\"page\">\n\t\t\t\t<div class=\"elementor-element elementor-element-iwgcn-sami-hero iwg-kultur-hero e-flex e-con-boxed e-con e-parent\" data-id=\"iwgcn-sami-hero\" data-element_type=\"container\" data-e-type=\"container\">\n\t\t\t\t\t<div class=\"e-con-inner\">\n\t\t<div class=\"elementor-element elementor-element-iwgcn-sami-hl iwg-kultur-hero-left e-flex e-con-boxed e-con e-child\" data-id=\"iwgcn-sami-hl\" data-element_type=\"container\" data-e-type=\"container\">\n\t\t\t\t\t<div class=\"e-con-inner\">\n\t\t\t\t<div class=\"elementor-element elementor-element-iwgcn-sami-h1 elementor-widget elementor-widget-heading\" data-id=\"iwgcn-sami-h1\" data-element_type=\"widget\" data-e-type=\"widget\" data-widget_type=\"heading.default\">\n\t\t\t\t\t<h1 class=\"elementor-heading-title elementor-size-default\">Mitologia finlandesa, el bosc de Tapio i el m\u00f3n aqu\u00e0tic d'Ahti<\/h1>\t\t\t\t<\/div>\n\t\t<div class=\"elementor-element elementor-element-iwgcn-sami-leadc e-con-full e-flex e-con e-child\" data-id=\"iwgcn-sami-leadc\" data-element_type=\"container\" data-e-type=\"container\">\n\t\t\t\t<div class=\"elementor-element elementor-element-iwgcn-sami-lead elementor-widget elementor-widget-text-editor\" data-id=\"iwgcn-sami-lead\" data-element_type=\"widget\" data-e-type=\"widget\" data-widget_type=\"text-editor.default\">\n\t\t\t\t\t\t\t\t\t<p>La mitologia finlandesa es basa principalment en la tradici\u00f3 oral dels cants r\u00fanics de Car\u00e8lia, que el metge i fil\u00f2leg Elias L\u00f6nnrot va compilar al segle XIX en l&#8217;epopeia nacional Kalevala. Les figures centrals s\u00f3n Tapio, senyor del bosc, i Ahti, senyor de l&#8217;aigua, envoltats d&#8217;un variat m\u00f3n d&#8217;esperits Haltija que habiten les cases, la sauna i el paisatge.<\/p>\n<p class=\"iwg-kwfix\">La mitologia del Kalevala uneix aix\u00ed una tradici\u00f3 precristiana transmesa mitjan\u00e7ant el cant amb un univers d&#8217;esperits del bosc, de l&#8217;aigua i de la llar que perviu fins avui.<\/p>\t\t\t\t\t\t\t\t<\/div>\n\t\t\t\t<\/div>\n\t\t\t\t\t<\/div>\n\t\t\t\t<\/div>\n\t\t<div class=\"elementor-element elementor-element-iwgcn-sami-hr iwg-kultur-hero-right e-flex e-con-boxed e-con e-child\" data-id=\"iwgcn-sami-hr\" data-element_type=\"container\" data-e-type=\"container\">\n\t\t\t\t\t<div class=\"e-con-inner\">\n\t\t\t\t<div class=\"elementor-element elementor-element-iwgcn-sami-himg iwg-hero-image elementor-widget elementor-widget-image\" data-id=\"iwgcn-sami-himg\" data-element_type=\"widget\" data-e-type=\"widget\" data-widget_type=\"image.default\">\n\t\t\t\t\t\t\t\t\t\t\t\t\t\t\t<img fetchpriority=\"high\" decoding=\"async\" width=\"683\" height=\"1024\" src=\"https:\/\/iwell-guard.com\/wp-content\/uploads\/2026\/05\/goetter_sami_beaivi-683x1024.webp\" class=\"attachment-large size-large wp-image-173521\" alt=\"Beaivi - d\u00e9us de la tradici\u00f3 sami, il\u00b7lustraci\u00f3 historicoreferencial\" srcset=\"https:\/\/iwell-guard.com\/wp-content\/uploads\/2026\/05\/goetter_sami_beaivi-683x1024.webp 683w, https:\/\/iwell-guard.com\/wp-content\/uploads\/2026\/05\/goetter_sami_beaivi-200x300.webp 200w, https:\/\/iwell-guard.com\/wp-content\/uploads\/2026\/05\/goetter_sami_beaivi-768x1152.webp 768w, https:\/\/iwell-guard.com\/wp-content\/uploads\/2026\/05\/goetter_sami_beaivi.webp 1024w\" sizes=\"(max-width: 683px) 100vw, 683px\" \/>\t\t\t\t\t\t\t\t\t\t\t\t\t\t\t<\/div>\n\t\t\t\t\t<\/div>\n\t\t\t\t<\/div>\n\t\t\t\t\t<\/div>\n\t\t\t\t<\/div>\n\t\t\t\t<section class=\"elementor-section elementor-top-section elementor-element elementor-element-sec-iwgcomp-sami elementor-section-boxed elementor-section-height-default elementor-section-height-default\" data-id=\"sec-iwgcomp-sami\" data-element_type=\"section\" data-e-type=\"section\">\n\t\t\t\t\t\t<div class=\"elementor-container elementor-column-gap-default\">\n\t\t\t\t\t<div class=\"elementor-column elementor-col-100 elementor-top-column elementor-element elementor-element-col-iwgcomp-sami\" data-id=\"col-iwgcomp-sami\" data-element_type=\"column\" data-e-type=\"column\">\n\t\t\t<div class=\"elementor-widget-wrap elementor-element-populated\">\n\t\t\t\t\t\t<div class=\"elementor-element elementor-element-iwgcomp-sami elementor-widget elementor-widget-text-editor\" data-id=\"iwgcomp-sami\" data-element_type=\"widget\" data-e-type=\"widget\" data-widget_type=\"text-editor.default\">\n\t\t\t\t\t\t\t\t\t<p>La concepci\u00f3 finlandesa del <strong><span class=\"iwg-fachbegriff\" data-tooltip=\"Un esperit protector o de lloc en el folklore finland\u00e8s que habita cases, boscos o indrets naturals.\" tabindex=\"0\">Haltija<\/span><\/strong> constitueix l&#8217;estructura b\u00e0sica d&#8217;un m\u00f3n d&#8217;esperits en el qual cada lloc, cada granja i cada bosc t\u00e9 el seu propi esperit guardi\u00e0.<\/p>\n<p class=\"iwg-kwfix\">La mitologia del Kalevala organitza el pante\u00f3 en la fam\u00edlia del bosc al voltant de Tapio, el m\u00f3n aqu\u00e0tic al voltant d&#8217;Ahti i els nombrosos esperits Haltija de la vida quotidiana. Aquestes figures encara marquen avui la manera finlandesa de narrar el bosc i la sauna.<\/p>\t\t\t\t\t\t\t\t<\/div>\n\t\t\t\t\t<\/div>\n\t\t<\/div>\n\t\t\t\t\t<\/div>\n\t\t<\/section>\n\t\t<div class=\"elementor-element elementor-element-iwgcn-sami-s0 e-flex e-con-boxed e-con e-parent\" data-id=\"iwgcn-sami-s0\" data-element_type=\"container\" data-e-type=\"container\">\n\t\t\t\t\t<div class=\"e-con-inner\">\n\t\t\t\t<div class=\"elementor-element elementor-element-iwgcn-sami-s0h elementor-widget elementor-widget-heading\" data-id=\"iwgcn-sami-s0h\" data-element_type=\"widget\" data-e-type=\"widget\" data-widget_type=\"heading.default\">\n\t\t\t\t\t<h2 class=\"elementor-heading-title elementor-size-default\">El Kalevala i la tradici\u00f3 carelia dels cants r\u00fanics<\/h2>\t\t\t\t<\/div>\n\t\t<div class=\"elementor-element elementor-element-iwgcn-sami-s0-c e-con-full e-flex e-con e-child\" data-id=\"iwgcn-sami-s0-c\" data-element_type=\"container\" data-e-type=\"container\">\n\t\t\t\t<div class=\"elementor-element elementor-element-iwgcn-sami-s0t elementor-widget elementor-widget-text-editor\" data-id=\"iwgcn-sami-s0t\" data-element_type=\"widget\" data-e-type=\"widget\" data-widget_type=\"text-editor.default\">\n\t\t\t\t\t\t\t\t\t<p>La base de la mitologia finlandesa no \u00e9s una font escrita antiga tancada, sin\u00f3 una tradici\u00f3 oral de cants r\u00fanics viva fins al segle XIX, conservada sobretot a Car\u00e8lia. El metge i recol\u00b7lector Elias L\u00f6nnrot va viatjar repetidament a aquesta regi\u00f3 entre les d\u00e8cades de 1820 i 1840 per recollir cants, i els va compilar el 1835, ampliats el 1849, en l&#8217;epopeia nacional Kalevala.<\/p><p>El Kalevala \u00e9s, per tant, una compilaci\u00f3 liter\u00e0ria, no una transcripci\u00f3 directa d&#8217;un sistema de creences precristi\u00e0. Estudiosos de la religi\u00f3 com Anna-Leena Siikala i Juha Pentik\u00e4inen assenyalen que l&#8217;elaboraci\u00f3 de L\u00f6nnrot va imposar un ordre narratiu propi sobre un repertori de cants origin\u00e0riament m\u00e9s divers i variable segons la regi\u00f3.<\/p>\n<p class=\"iwg-kwfix\">Malgrat aquesta elaboraci\u00f3 liter\u00e0ria, la mitologia del Kalevala es considera la font m\u00e9s important per a figures com Tapio, Ahti i les divinitats del bosc de la fam\u00edlia de Tapio.<\/p>\t\t\t\t\t\t\t\t<\/div>\n\t\t\t\t<\/div>\n\t\t\t\t\t<\/div>\n\t\t\t\t<\/div>\n\t\t<div class=\"elementor-element elementor-element-iwgcn-sami-s1 e-flex e-con-boxed e-con e-parent\" data-id=\"iwgcn-sami-s1\" data-element_type=\"container\" data-e-type=\"container\">\n\t\t\t\t\t<div class=\"e-con-inner\">\n\t\t\t\t<div class=\"elementor-element elementor-element-iwgcn-sami-s1h elementor-widget elementor-widget-heading\" data-id=\"iwgcn-sami-s1h\" data-element_type=\"widget\" data-e-type=\"widget\" data-widget_type=\"heading.default\">\n\t\t\t\t\t<h2 class=\"elementor-heading-title elementor-size-default\">La fam\u00edlia del bosc: Tapio, Mielikki, Nyyrikki, Tuulikki, Tellervo<\/h2>\t\t\t\t<\/div>\n\t\t<div class=\"elementor-element elementor-element-iwgcn-sami-s1-c e-con-full e-flex e-con e-child\" data-id=\"iwgcn-sami-s1-c\" data-element_type=\"container\" data-e-type=\"container\">\n\t\t\t\t<div class=\"elementor-element elementor-element-iwgcn-sami-s1t elementor-widget elementor-widget-text-editor\" data-id=\"iwgcn-sami-s1t\" data-element_type=\"widget\" data-e-type=\"widget\" data-widget_type=\"text-editor.default\">\n\t\t\t\t\t\t\t\t\t<p><a href=\"https:\/\/iwell-guard.com\/ca\/tapio\/\">Tapio<\/a> \u00e9s considerat el senyor del bosc i dels animals salvatges, a qui els ca\u00e7adors demanaven captura abans de sortir a ca\u00e7ar. Al seu costat hi ha <a href=\"https:\/\/iwell-guard.com\/ca\/mielikki\/\">Mielikki<\/a>, sovint descrita com la seva dona, senyora del bosc i protectora de la fauna. El seu fill com\u00fa, <a href=\"https:\/\/iwell-guard.com\/ca\/nyyrikki\/\">Nyyrikki<\/a>, \u00e9s considerat el patr\u00f3 dels ca\u00e7adors i el marcador de camins al bosc.<\/p><p>A la fam\u00edlia del bosc tamb\u00e9 pertanyen les filles <a href=\"https:\/\/iwell-guard.com\/ca\/tuulikki\/\">Tuulikki<\/a> i <a href=\"https:\/\/iwell-guard.com\/ca\/tellervo\/\">Tellervo<\/a>, que en diferents variants dels cants r\u00fanics es descriuen, de manera en part superposada, com a guardianes dels animals del bosc i dels ramats. Aquesta ambig\u00fcitat \u00e9s t\u00edpica de figures transmeses oralment, els papers de les quals podien variar lleugerament d&#8217;un cantor a un altre.<\/p>\t\t\t\t\t\t\t\t<\/div>\n\t\t\t\t<\/div>\n\t\t\t\t\t<\/div>\n\t\t\t\t<\/div>\n\t\t<div class=\"elementor-element elementor-element-iwgcn-sami-s2 e-flex e-con-boxed e-con e-parent\" data-id=\"iwgcn-sami-s2\" data-element_type=\"container\" data-e-type=\"container\">\n\t\t\t\t\t<div class=\"e-con-inner\">\n\t\t\t\t<div class=\"elementor-element elementor-element-iwgcn-sami-s2h elementor-widget elementor-widget-heading\" data-id=\"iwgcn-sami-s2h\" data-element_type=\"widget\" data-e-type=\"widget\" data-widget_type=\"heading.default\">\n\t\t\t\t\t<h2 class=\"elementor-heading-title elementor-size-default\">El m\u00f3n aqu\u00e0tic: Ahti, Vellamo i Iku-Turso<\/h2>\t\t\t\t<\/div>\n\t\t<div class=\"elementor-element elementor-element-iwgcn-sami-s2-c e-con-full e-flex e-con e-child\" data-id=\"iwgcn-sami-s2-c\" data-element_type=\"container\" data-e-type=\"container\">\n\t\t\t\t<div class=\"elementor-element elementor-element-iwgcn-sami-s2t elementor-widget elementor-widget-text-editor\" data-id=\"iwgcn-sami-s2t\" data-element_type=\"widget\" data-e-type=\"widget\" data-widget_type=\"text-editor.default\">\n\t\t\t\t\t\t\t\t\t<p>En el folklore, <a href=\"https:\/\/iwell-guard.com\/ca\/ahti\/\">Ahti<\/a> \u00e9s considerat el senyor de les aig\u00fces i de l&#8217;abund\u00e0ncia de peix, i el seu regne, Ahtola, es troba al fons dels llacs i del mar; en el mateix Kalevala, L\u00f6nnrot utilitza el nom Ahti tamb\u00e9 com a ep\u00edtet de l&#8217;heroi Lemmink\u00e4inen, fet que en la recerca porta a distingir entre el d\u00e9u de l&#8217;aigua m\u00e9s antic i la figura liter\u00e0ria. La seva esposa <a href=\"https:\/\/iwell-guard.com\/ca\/vellamo\/\">Vellamo<\/a> governa com a deessa del mar sobre el m\u00f3n aqu\u00e0tic.<\/p><p>Com a figura amena\u00e7adora de les profunditats es considera <a href=\"https:\/\/iwell-guard.com\/ca\/iku-turso\/\">Iku-Turso<\/a>, un monstre mar\u00ed el nom del qual alguns investigadors relacionen amb la morsa. El <a href=\"https:\/\/iwell-guard.com\/ca\/vesihiisi\/\">Vesihiisi<\/a>, un esperit Hiisi habitant de l&#8217;aigua, i el sinistre <a href=\"https:\/\/iwell-guard.com\/ca\/nakki\/\">N\u00e4kki<\/a>, completen aquest m\u00f3n aqu\u00e0tic com a figures oposades m\u00e9s inquietants a Ahti i Vellamo.<\/p>\t\t\t\t\t\t\t\t<\/div>\n\t\t\t\t<\/div>\n\t\t\t\t\t<\/div>\n\t\t\t\t<\/div>\n\t\t<div class=\"elementor-element elementor-element-iwgcn-sami-s3 e-flex e-con-boxed e-con e-parent\" data-id=\"iwgcn-sami-s3\" data-element_type=\"container\" data-e-type=\"container\">\n\t\t\t\t\t<div class=\"e-con-inner\">\n\t\t\t\t<div class=\"elementor-element elementor-element-iwgcn-sami-s3h elementor-widget elementor-widget-heading\" data-id=\"iwgcn-sami-s3h\" data-element_type=\"widget\" data-e-type=\"widget\" data-widget_type=\"heading.default\">\n\t\t\t\t\t<h2 class=\"elementor-heading-title elementor-size-default\">La sauna i el l\u00f6yly: un espai propi ritual i religi\u00f3s<\/h2>\t\t\t\t<\/div>\n\t\t<div class=\"elementor-element elementor-element-iwgcn-sami-s3-c e-con-full e-flex e-con e-child\" data-id=\"iwgcn-sami-s3-c\" data-element_type=\"container\" data-e-type=\"container\">\n\t\t\t\t<div class=\"elementor-element elementor-element-iwgcn-sami-s3t elementor-widget elementor-widget-text-editor\" data-id=\"iwgcn-sami-s3t\" data-element_type=\"widget\" data-e-type=\"widget\" data-widget_type=\"text-editor.default\">\n\t\t\t\t\t\t\t\t\t<p>La sauna ocupava en la vida quotidiana tradicional finlandesa un lloc especial que anava m\u00e9s enll\u00e0 de la simple higiene corporal. Es considerava un espai de puresa ritual, on tenien lloc els parts, s&#8217;hi tenia cura dels malalts i s&#8217;hi rentaven els difunts abans de l&#8217;enterrament. Es creia que el l\u00f6yly, el vapor generat en llan\u00e7ar aigua sobre les pedres calentes, tenia \u00e0nima pr\u00f2pia o era habitat per un Haltija propi, al qual calia mostrar respecte, per exemple mantenint el silenci i un comportament adequat.<\/p><p>Segons el folklore, qui aixecava la veu a la sauna, blasfemava o es comportava amb manca de respecte podia enutjar l&#8217;esperit de la sauna i atreure malaltia o mala sort. Aquesta estreta relaci\u00f3 entre purificaci\u00f3, curaci\u00f3 i creen\u00e7a en els esperits mostra fins a quin punt la concepci\u00f3 dels Haltija estava arrelada en la vida quotidiana finlandesa, molt m\u00e9s enll\u00e0 del bosc i de l&#8217;aigua.<\/p>\t\t\t\t\t\t\t\t<\/div>\n\t\t\t\t<\/div>\n\t\t\t\t\t<\/div>\n\t\t\t\t<\/div>\n\t\t<div class=\"elementor-element elementor-element-x-sami-s-faq e-flex e-con-boxed e-con e-parent\" data-id=\"x-sami-s-faq\" data-element_type=\"container\" data-e-type=\"container\">\n\t\t\t\t\t<div class=\"e-con-inner\">\n\t\t\t\t<div class=\"elementor-element elementor-element-x-sami-h-faq elementor-widget elementor-widget-heading\" data-id=\"x-sami-h-faq\" data-element_type=\"widget\" data-e-type=\"widget\" data-widget_type=\"heading.default\">\n\t\t\t\t\t<h2 class=\"elementor-heading-title elementor-size-default\">Preguntes freq\u00fcents sobre la mitologia finlandesa<\/h2>\t\t\t\t<\/div>\n\t\t<div class=\"elementor-element elementor-element-iwgcn-sami-s3-c e-con-full e-flex e-con e-child\" data-id=\"iwgcn-sami-s3-c\" data-element_type=\"container\" data-e-type=\"container\">\n\t\t\t\t<div class=\"elementor-element elementor-element-x-sami-t-faq elementor-widget elementor-widget-text-editor\" data-id=\"x-sami-t-faq\" data-element_type=\"widget\" data-e-type=\"widget\" data-widget_type=\"text-editor.default\">\n\t\t\t\t\t\t\t\t\t<h3>Qu\u00e8 \u00e9s el Kalevala?<\/h3>\n<p>El Kalevala \u00e9s l&#8217;epopeia nacional finlandesa, que Elias L\u00f6nnrot va compilar a partir de cants r\u00fanics de transmissi\u00f3 oral de Car\u00e8lia i va publicar el 1835, ampliada el 1849. \u00c9s la font m\u00e9s important, encara que liter\u00e0riament elaborada, de la mitologia finlandesa.<\/p>\n<h3>Qui \u00e9s Tapio?<\/h3>\n<p>Tapio \u00e9s, en la creen\u00e7a popular finlandesa, el senyor del bosc i dels animals salvatges. Els ca\u00e7adors li adre\u00e7aven precs abans de sortir a ca\u00e7ar; l&#8217;acompanyen la seva dona Mielikki i diversos fills, com Nyyrikki.<\/p>\n<h3>Qu\u00e8 \u00e9s un Haltija?<\/h3>\n<p>Haltija \u00e9s un terme gen\u00e8ric per als esperits protectors i tutelars dels llocs en la creen\u00e7a popular finlandesa, que habiten cases, boscos, aig\u00fces o la sauna. El Tonttu, un esperit dom\u00e8stic, \u00e9s considerat una de les manifestacions m\u00e9s conegudes d&#8217;aquest m\u00f3n d&#8217;esperits Haltija.<\/p>\n<h3>Qu\u00e8 va passar amb la religi\u00f3 precristiana finlandesa?<\/h3>\n<p>Amb la cristianitzaci\u00f3 a partir del segle XII, el vell m\u00f3n de d\u00e9us i esperits es va veure relegat, per\u00f2 va perviure en la creen\u00e7a popular, en les f\u00f3rmules m\u00e0giques i en el cant r\u00fanic de Car\u00e8lia fins al segle XIX, abans que L\u00f6nnrot el fix\u00e9s liter\u00e0riament en el Kalevala.<\/p>\n<script type=\"application\/ld+json\">{\"@context\": \"https:\/\/schema.org\", \"@type\": \"FAQPage\", \"mainEntity\": [{\"@type\": \"Question\", \"name\": \"Qu\u00e8 \u00e9s el Kalevala?\", \"acceptedAnswer\": {\"@type\": \"Answer\", \"text\": \"El Kalevala \u00e9s l'epopeia nacional finlandesa, que Elias L\u00f6nnrot va compilar a partir de cants r\u00fanics de transmissi\u00f3 oral de Car\u00e8lia i va publicar el 1835, ampliada el 1849. \u00c9s la font m\u00e9s important, encara que liter\u00e0riament elaborada, de la mitologia finlandesa.\"}}, {\"@type\": \"Question\", \"name\": \"Qui \u00e9s Tapio?\", \"acceptedAnswer\": {\"@type\": \"Answer\", \"text\": \"Tapio \u00e9s, en la creen\u00e7a popular finlandesa, el senyor del bosc i dels animals salvatges. Els ca\u00e7adors li adre\u00e7aven precs abans de sortir a ca\u00e7ar; l'acompanyen la seva dona Mielikki i diversos fills, com Nyyrikki.\"}}, {\"@type\": \"Question\", \"name\": \"Qu\u00e8 \u00e9s un Haltija?\", \"acceptedAnswer\": {\"@type\": \"Answer\", \"text\": \"Haltija \u00e9s un terme gen\u00e8ric per als esperits protectors i tutelars dels llocs en la creen\u00e7a popular finlandesa, que habiten cases, boscos, aig\u00fces o la sauna. El Tonttu, un esperit dom\u00e8stic, \u00e9s considerat una de les manifestacions m\u00e9s conegudes d'aquest m\u00f3n d'esperits Haltija.\"}}, {\"@type\": \"Question\", \"name\": \"Qu\u00e8 va passar amb la religi\u00f3 precristiana finlandesa?\", \"acceptedAnswer\": {\"@type\": \"Answer\", \"text\": \"Amb la cristianitzaci\u00f3 a partir del segle XII, el vell m\u00f3n de d\u00e9us i esperits es va veure relegat, per\u00f2 va perviure en la creen\u00e7a popular, en les f\u00f3rmules m\u00e0giques i en el cant r\u00fanic de Car\u00e8lia fins al segle XIX, abans que L\u00f6nnrot el fix\u00e9s liter\u00e0riament en el Kalevala.\"}}]}<\/script>\t\t\t\t\t\t\t\t<\/div>\n\t\t\t\t<\/div>\n\t\t\t\t\t<\/div>\n\t\t\t\t<\/div>\n\t\t<div class=\"elementor-element elementor-element-iwgcn-sami-s4 e-flex e-con-boxed e-con e-parent\" data-id=\"iwgcn-sami-s4\" data-element_type=\"container\" data-e-type=\"container\">\n\t\t\t\t\t<div class=\"e-con-inner\">\n\t\t\t\t<div class=\"elementor-element elementor-element-iwgcn-sami-s4h elementor-widget elementor-widget-heading\" data-id=\"iwgcn-sami-s4h\" data-element_type=\"widget\" data-e-type=\"widget\" data-widget_type=\"heading.default\">\n\t\t\t\t\t<h2 class=\"elementor-heading-title elementor-size-default\">El m\u00f3n d'esperits Haltija: Tonttu, Maahinen i Hiisi<\/h2>\t\t\t\t<\/div>\n\t\t<div class=\"elementor-element elementor-element-iwgcn-sami-s4-c e-con-full e-flex e-con e-child\" data-id=\"iwgcn-sami-s4-c\" data-element_type=\"container\" data-e-type=\"container\">\n\t\t\t\t<div class=\"elementor-element elementor-element-iwgcn-sami-s4t elementor-widget elementor-widget-text-editor\" data-id=\"iwgcn-sami-s4t\" data-element_type=\"widget\" data-e-type=\"widget\" data-widget_type=\"text-editor.default\">\n\t\t\t\t\t\t\t\t\t<p>El <a href=\"https:\/\/iwell-guard.com\/ca\/haltija\/\">Haltija<\/a> \u00e9s el terme gen\u00e8ric per als esperits protectors lligats a un lloc o objecte determinat. El m\u00e9s conegut \u00e9s el <a href=\"https:\/\/iwell-guard.com\/ca\/tonttu\/\">Tonttu<\/a>, un esperit de la granja i de la casa que protegeix les propietats sempre que se&#8217;l tracti amb respecte; nom\u00e9s al segle XX aquesta figura es va anar fonent, en la cultura popular, amb la figura nadalenca del follet.<\/p><p>\u00c9ssers concebuts com a subterranis, com el <a href=\"https:\/\/iwell-guard.com\/ca\/maahinen\/\">Maahinen<\/a>, es consideraven sensibles a qualsevol pertorbaci\u00f3 del seu lloc de resid\u00e8ncia, per exemple a causa d&#8217;obres de construcci\u00f3. El terme <a href=\"https:\/\/iwell-guard.com\/ca\/hiisi\/\">Hiisi<\/a> designava origin\u00e0riament un bosquet sagrat o un lloc de sacrifici, i nom\u00e9s sota la influ\u00e8ncia cristiana es va transformar per designar un esperit o un trol sinistre.<\/p>\t\t\t\t\t\t\t\t<\/div>\n\t\t\t\t<\/div>\n\t\t\t\t\t<\/div>\n\t\t\t\t<\/div>\n\t\t<div class=\"elementor-element elementor-element-iwgcn-sami-s5 e-flex e-con-boxed e-con e-parent\" data-id=\"iwgcn-sami-s5\" data-element_type=\"container\" data-e-type=\"container\">\n\t\t\t\t\t<div class=\"e-con-inner\">\n\t\t\t\t<div class=\"elementor-element elementor-element-iwgcn-sami-s5h elementor-widget elementor-widget-heading\" data-id=\"iwgcn-sami-s5h\" data-element_type=\"widget\" data-e-type=\"widget\" data-widget_type=\"heading.default\">\n\t\t\t\t\t<h2 class=\"elementor-heading-title elementor-size-default\">Vent, art de la ferreria i origen del m\u00f3n: Tuuletar i Ilmarinen<\/h2>\t\t\t\t<\/div>\n\t\t<div class=\"elementor-element elementor-element-iwgcn-sami-s5-c e-con-full e-flex e-con e-child\" data-id=\"iwgcn-sami-s5-c\" data-element_type=\"container\" data-e-type=\"container\">\n\t\t\t\t<div class=\"elementor-element elementor-element-iwgcn-sami-s5t elementor-widget elementor-widget-text-editor\" data-id=\"iwgcn-sami-s5t\" data-element_type=\"widget\" data-e-type=\"widget\" data-widget_type=\"text-editor.default\">\n\t\t\t\t\t\t\t\t\t<p>La <a href=\"https:\/\/iwell-guard.com\/ca\/tuuletar\/\">Tuuletar<\/a>, literalment \u00abfilla del vent\u00bb, apareix en els cants de m\u00e0gia meteorol\u00f2gica del Kalevala. L&#8217;<a href=\"https:\/\/iwell-guard.com\/ca\/ilmarinen\/\">Ilmarinen<\/a>, el nom del qual est\u00e0 emparentat amb la paraula finlandesa per a aire i cel, \u00e9s considerat el forjador etern que, segons la narraci\u00f3, va forjar la volta celeste i va crear el m\u00e0gic Sampo; en la recerca es discuteix si darrere l&#8217;heroi del Kalevala s&#8217;amaga origin\u00e0riament una antiga divinitat celeste.<\/p>\t\t\t\t\t\t\t\t<\/div>\n\t\t\t\t<\/div>\n\t\t\t\t\t<\/div>\n\t\t\t\t<\/div>\n\t\t<div class=\"elementor-element elementor-element-iwgcn-sami-s6 e-flex e-con-boxed e-con e-parent\" data-id=\"iwgcn-sami-s6\" data-element_type=\"container\" data-e-type=\"container\">\n\t\t\t\t\t<div class=\"e-con-inner\">\n\t\t\t\t<div class=\"elementor-element elementor-element-iwgcn-sami-s6h elementor-widget elementor-widget-heading\" data-id=\"iwgcn-sami-s6h\" data-element_type=\"widget\" data-e-type=\"widget\" data-widget_type=\"heading.default\">\n\t\t\t\t\t<h2 class=\"elementor-heading-title elementor-size-default\">Cristianitzaci\u00f3, el Kalevala de L\u00f6nnrot i la recepci\u00f3 actual<\/h2>\t\t\t\t<\/div>\n\t\t<div class=\"elementor-element elementor-element-iwgcn-sami-s6-c e-con-full e-flex e-con e-child\" data-id=\"iwgcn-sami-s6-c\" data-element_type=\"container\" data-e-type=\"container\">\n\t\t\t\t<div class=\"elementor-element elementor-element-iwgcn-sami-s6t elementor-widget elementor-widget-text-editor\" data-id=\"iwgcn-sami-s6t\" data-element_type=\"widget\" data-e-type=\"widget\" data-widget_type=\"text-editor.default\">\n\t\t\t\t\t\t\t\t\t<p>La cristianitzaci\u00f3 de Finl\u00e0ndia, impulsada des del segle XII per la missi\u00f3 sueca i, a la Finl\u00e0ndia oriental, per la missi\u00f3 ortodoxa, va relegar el vell m\u00f3n de d\u00e9us i esperits sense arribar a esborrar-lo del tot. Les f\u00f3rmules m\u00e0giques, els cants r\u00fanics i la creen\u00e7a popular en el Tonttu, el Haltija i els esperits de l&#8217;aigua van perviure, sobretot a Car\u00e8lia, fins al segle XIX.<\/p><p>El Kalevala d&#8217;Elias L\u00f6nnrot, de 1835 i 1849, va fer accessible per primera vegada aquesta tradici\u00f3 oral a un p\u00fablic ampli i es va convertir en una pe\u00e7a clau del moviment nacional finland\u00e8s. Investigadors posteriors com Martti Haavio i Anna-Leena Siikala van posar de manifest fins a quin punt l&#8217;elaboraci\u00f3 liter\u00e0ria de L\u00f6nnrot va allisar i ordenar el material original, molt m\u00e9s divers regionalment.<\/p><p>Avui dia, la mitologia del Kalevala pervin sobretot en la literatura, l&#8217;art i un inter\u00e8s folkl\u00f2ric pels costums de la sauna i els esperits de la natura, m\u00e9s que no pas com a religi\u00f3 practicada.<\/p>\t\t\t\t\t\t\t\t<\/div>\n\t\t\t\t<\/div>\n\t\t\t\t\t<\/div>\n\t\t\t\t<\/div>\n\t\t<div class=\"elementor-element elementor-element-cp2d9a92a3 e-flex e-con-boxed e-con e-parent\" data-id=\"cp2d9a92a3\" data-element_type=\"container\" data-e-type=\"container\">\n\t\t\t\t\t<div class=\"e-con-inner\">\n\t\t\t\t<div class=\"elementor-element elementor-element-cp2515827f elementor-widget elementor-widget-heading\" data-id=\"cp2515827f\" data-element_type=\"widget\" data-e-type=\"widget\" data-widget_type=\"heading.default\">\n\t\t\t\t\t<h2 class=\"elementor-heading-title elementor-size-default\">Cant r\u00fanic oral en lloc d'un pante\u00f3 tancat<\/h2>\t\t\t\t<\/div>\n\t\t<div class=\"elementor-element elementor-element-cp25cbddf2 e-flex e-con-boxed e-con e-child\" data-id=\"cp25cbddf2\" data-element_type=\"container\" data-e-type=\"container\">\n\t\t\t\t\t<div class=\"e-con-inner\">\n\t\t\t\t<div class=\"elementor-element elementor-element-cp240cdc6c elementor-widget elementor-widget-text-editor\" data-id=\"cp240cdc6c\" data-element_type=\"widget\" data-e-type=\"widget\" data-widget_type=\"text-editor.default\">\n\t\t\t\t\t\t\t\t\t<p>A difer\u00e8ncia, per exemple, de la mitologia n\u00f2rdica, amb les seves fonts medievals en prosa i en vers, la mitologia finlandesa es basa en una tradici\u00f3 de cant oral viva fins al segle XIX, el cant r\u00fanic, conreada sobretot a Car\u00e8lia, la regi\u00f3 fronterera oriental amb R\u00fassia.<\/p><p>Aquests cants no eren uniformes, sin\u00f3 que variaven de cantor a cantor i de poble a poble. Elias L\u00f6nnrot, que va viatjar diverses vegades a Car\u00e8lia entre els anys 1820 i 1840, va escollir, combinar i ordenar a partir d&#8217;aquest material l&#8217;epopeia nacional Kalevala, publicada per primera vegada el 1835 i en una versi\u00f3 ampliada el 1849.<\/p><p>La mitologia del Kalevala \u00e9s, doncs, un comprom\u00eds entre la diversitat oral i l&#8217;ordre literari. Investigadors com Anna-Leena Siikala subratllen que el Kalevala de L\u00f6nnrot va crear una narraci\u00f3 coherent que no existia en aquesta forma en el corpus de cants original.<\/p><p>Per a la classificaci\u00f3 des de la ci\u00e8ncia de la religi\u00f3, aix\u00f2 vol dir que figures com Tapio o Ahti estan ben documentades gr\u00e0cies a nombroses variants de cants independents, per\u00f2 que el seu ordre jer\u00e0rquic exacte dins el Kalevala s&#8217;ha d&#8217;atribuir m\u00e9s a la configuraci\u00f3 de L\u00f6nnrot que a un sistema original.<\/p>\t\t\t\t\t\t\t\t<\/div>\n\t\t\t\t\t<\/div>\n\t\t\t\t<\/div>\n\t\t\t\t\t<\/div>\n\t\t\t\t<\/div>\n\t\t<div class=\"elementor-element elementor-element-cp2b1a3dae e-flex e-con-boxed e-con e-parent\" data-id=\"cp2b1a3dae\" data-element_type=\"container\" data-e-type=\"container\">\n\t\t\t\t\t<div class=\"e-con-inner\">\n\t\t\t\t<div class=\"elementor-element elementor-element-cp282c06ff elementor-widget elementor-widget-heading\" data-id=\"cp282c06ff\" data-element_type=\"widget\" data-e-type=\"widget\" data-widget_type=\"heading.default\">\n\t\t\t\t\t<h2 class=\"elementor-heading-title elementor-size-default\">Bosc, aigua i casa: les tres esferes del m\u00f3n dels esperits<\/h2>\t\t\t\t<\/div>\n\t\t<div class=\"elementor-element elementor-element-cp228b4522 e-flex e-con-boxed e-con e-child\" data-id=\"cp228b4522\" data-element_type=\"container\" data-e-type=\"container\">\n\t\t\t\t\t<div class=\"e-con-inner\">\n\t\t\t\t<div class=\"elementor-element elementor-element-cp261454c5 elementor-widget elementor-widget-text-editor\" data-id=\"cp261454c5\" data-element_type=\"widget\" data-e-type=\"widget\" data-widget_type=\"text-editor.default\">\n\t\t\t\t\t\t\t\t\t<p>La cosmovisi\u00f3 popular finesa es divideix, des del punt de vista de la ci\u00e8ncia de la religi\u00f3, en diverses esferes, de les quals les m\u00e9s importants s\u00f3n el bosc, l&#8217;aigua i la pr\u00f2pia granja. Sobre el bosc regna Tapio juntament amb la seva fam\u00edlia, Mielikki, Nyyrikki, Tuulikki i Tellervo, als quals els ca\u00e7adors oferien s\u00fapliques i petites ofrenes abans de la cacera per assegurar-se l&#8217;\u00e8xit i el retorn segur.<\/p><p>El m\u00f3n de l&#8217;aigua est\u00e0 sota el domini d&#8217;Ahti i la seva esposa Vellamo, el regne dels quals, Ahtola, es troba al fons de llacs i mars. Els pescadors els adre\u00e7aven les seves peticions, mentre que \u00e9ssers amena\u00e7adors com el Vesihiisi o el monstre mar\u00ed Iku-Turso encarnaven els perills de l&#8217;aigua.<\/p><p>La pr\u00f2pia granja, finalment, es trobava sota la protecci\u00f3 d&#8217;un Haltija, sovint amb la figura del Tonttu, que vigilava la casa i el bestiar sempre que els habitants el tractessin amb respecte, per exemple amb petites ofrenes de menjar. En canvi, \u00e9ssers emparentats i m\u00e9s inquietants com el Maahinen habitaven el subsol i reaccionaven amb sensibilitat davant les pertorbacions.<\/p><p>Aquestes tres esferes, el bosc, l&#8217;aigua i la casa, ordenaven religiosament la vida quotidiana de la poblaci\u00f3 rural finesa i continuen sent avui la classificaci\u00f3 central amb la qual la recerca descriu la mitologia finesa.<\/p>\t\t\t\t\t\t\t\t<\/div>\n\t\t\t\t\t<\/div>\n\t\t\t\t<\/div>\n\t\t\t\t\t<\/div>\n\t\t\t\t<\/div>\n\t\t<div class=\"elementor-element elementor-element-cp295547c2 e-flex e-con-boxed e-con e-parent\" data-id=\"cp295547c2\" data-element_type=\"container\" data-e-type=\"container\">\n\t\t\t\t\t<div class=\"e-con-inner\">\n\t\t\t\t<div class=\"elementor-element elementor-element-cp28944fb0 elementor-widget elementor-widget-heading\" data-id=\"cp28944fb0\" data-element_type=\"widget\" data-e-type=\"widget\" data-widget_type=\"heading.default\">\n\t\t\t\t\t<h2 class=\"elementor-heading-title elementor-size-default\">Les fonts: les recopilacions de L\u00f6nnrot i la tradici\u00f3 cantora car\u00e8lia<\/h2>\t\t\t\t<\/div>\n\t\t<div class=\"elementor-element elementor-element-cp23d59da4 e-flex e-con-boxed e-con e-child\" data-id=\"cp23d59da4\" data-element_type=\"container\" data-e-type=\"container\">\n\t\t\t\t\t<div class=\"e-con-inner\">\n\t\t\t\t<div class=\"elementor-element elementor-element-cp2ce157b6 elementor-widget elementor-widget-text-editor\" data-id=\"cp2ce157b6\" data-element_type=\"widget\" data-e-type=\"widget\" data-widget_type=\"text-editor.default\">\n\t\t\t\t\t\t\t\t\t<p>La font principal de la mitologia finesa \u00e9s el Kalevala, que Elias L\u00f6nnrot va compilar a partir de cants r\u00fanics orals que ell mateix va recollir entre cantors carelis. Portadors destacats d&#8217;aquesta <span class=\"iwg-fachbegriff\" data-tooltip=\"La transmissi\u00f3 de coneixements i relats al llarg de generacions.\" tabindex=\"0\">tradici\u00f3<\/span> van ser cantors com Arhippa Perttunen, els cants del qual van proporcionar una gran part del material.<\/p><p>L\u00f6nnrot, per\u00f2, no va ser nom\u00e9s recopilador, sin\u00f3 tamb\u00e9 editor: va unir cants individuals en una narraci\u00f3 cont\u00ednua i va harmonitzar les contradiccions entre les diverses variants dels cantors. El Kalevala que va publicar el 1835 i, en una versi\u00f3 ampliada, el 1849, \u00e9s per tant una obra liter\u00e0ria amb base folkl\u00f2rica, no una transcripci\u00f3 directa d&#8217;un sistema de creences unitari.<\/p><p>Posteriorment, investigadors com Martti Haavio, en la seva Suomalainen mytologia (1967), i Anna-Leena Siikala, en els seus estudis sobre el xamanisme i la formaci\u00f3 dels mites, van recollir material addicional a partir de f\u00f3rmules m\u00e0giques, cants de lament i informes etnogr\u00e0fics, per aprofundir la imatge de la religi\u00f3 popular finesa m\u00e9s enll\u00e0 del Kalevala.<\/p><p>Aquest estat de les fonts deixa clar que cal distingir entre la diversitat oral original de Car\u00e8lia i la mitologia del Kalevala, ordenada liter\u00e0riament.<\/p>\t\t\t\t\t\t\t\t<\/div>\n\t\t\t\t\t<\/div>\n\t\t\t\t<\/div>\n\t\t\t\t\t<\/div>\n\t\t\t\t<\/div>\n\t\t<div class=\"elementor-element elementor-element-cp2c009332 e-flex e-con-boxed e-con e-parent\" data-id=\"cp2c009332\" data-element_type=\"container\" data-e-type=\"container\">\n\t\t\t\t\t<div class=\"e-con-inner\">\n\t\t\t\t<div class=\"elementor-element elementor-element-cp225c94da elementor-widget elementor-widget-heading\" data-id=\"cp225c94da\" data-element_type=\"widget\" data-e-type=\"widget\" data-widget_type=\"heading.default\">\n\t\t\t\t\t<h2 class=\"elementor-heading-title elementor-size-default\">Cristianitzaci\u00f3, moviment nacional i recepci\u00f3 actual<\/h2>\t\t\t\t<\/div>\n\t\t<div class=\"elementor-element elementor-element-cp2c7191ab e-flex e-con-boxed e-con e-child\" data-id=\"cp2c7191ab\" data-element_type=\"container\" data-e-type=\"container\">\n\t\t\t\t\t<div class=\"e-con-inner\">\n\t\t\t\t<div class=\"elementor-element elementor-element-cp23f4061d elementor-widget elementor-widget-text-editor\" data-id=\"cp23f4061d\" data-element_type=\"widget\" data-e-type=\"widget\" data-widget_type=\"text-editor.default\">\n\t\t\t\t\t\t\t\t\t<p>La cristianitzaci\u00f3 de Finl\u00e0ndia va comen\u00e7ar al segle XII, a l&#8217;oest per mitj\u00e0 de la missi\u00f3 sueca i a l&#8217;est per la missi\u00f3 ortodoxa, i es va perllongar durant segles. En zones remotes, especialment a la frontera russo-car\u00e8lia, elements de l&#8217;antiga religi\u00f3, els cants r\u00fanics, les f\u00f3rmules m\u00e0giques i la creen\u00e7a en els esperits Haltija, es van mantenir en \u00fas fins al segle XIX, sovint al costat del cristianisme, no en lloc seu.<\/p><p>Precisament en aquestes zones perif\u00e8riques va ser on Elias L\u00f6nnrot va trobar la base per al seu Kalevala. La publicaci\u00f3 de l&#8217;epopeia el 1835 i el 1849 va coincidir amb un per\u00edode de despertar de la consci\u00e8ncia nacional finesa dins del Gran Ducat de Finl\u00e0ndia, sota domini rus, i es va convertir en un text identitari central del moviment nacional fin\u00e8s.<\/p><p>Al segle XX, investigadors com Martti Haavio, Juha Pentik\u00e4inen i Anna-Leena Siikala van examinar amb m\u00e9s precisi\u00f3 la relaci\u00f3 entre l&#8217;elaboraci\u00f3 liter\u00e0ria de L\u00f6nnrot i la diversitat oral original, i van situar la mitologia del Kalevala m\u00e9s clarament en el context de la religiositat popular finesa i, per a parts de Finl\u00e0ndia oriental, de la pr\u00e0ctica xam\u00e0nica.<\/p><p>Avui dia, la mitologia del Kalevala \u00e9s sobretot un patrimoni literari i cultural, visible en l&#8217;art, en l&#8217;onom\u00e0stica i en una connexi\u00f3 encara viva amb la sauna i la naturalesa, m\u00e9s que no pas una religi\u00f3 practicada en sentit estricte.<\/p>\t\t\t\t\t\t\t\t<\/div>\n\t\t\t\t\t<\/div>\n\t\t\t\t<\/div>\n\t\t\t\t\t<\/div>\n\t\t\t\t<\/div>\n\t\t<div class=\"elementor-element elementor-element-iwgha-sami-sec e-flex e-con-boxed e-con e-parent\" data-id=\"iwgha-sami-sec\" data-element_type=\"container\" data-e-type=\"container\">\n\t\t\t\t\t<div class=\"e-con-inner\">\n\t\t\t\t<div class=\"elementor-element elementor-element-iwgha-sami-h elementor-widget elementor-widget-heading\" data-id=\"iwgha-sami-h\" data-element_type=\"widget\" data-e-type=\"widget\" data-widget_type=\"heading.default\">\n\t\t\t\t\t<h2 class=\"elementor-heading-title elementor-size-default\">\u00c9ssers d'aquesta tradici\u00f3 (16)<\/h2>\t\t\t\t<\/div>\n\t\t<div class=\"elementor-element elementor-element-iwgha-sami-gc e-flex e-con-boxed e-con e-parent\" data-id=\"iwgha-sami-gc\" data-element_type=\"container\" data-e-type=\"container\">\n\t\t\t\t\t<div class=\"e-con-inner\">\n\t\t\t\t<div class=\"elementor-element elementor-element-iwgha-sami-grid elementor-widget elementor-widget-text-editor\" data-id=\"iwgha-sami-grid\" data-element_type=\"widget\" data-e-type=\"widget\" data-widget_type=\"text-editor.default\">\n\t\t\t\t\t\t\t\t\t<div class=\"iwg-wesen-grid\"><a class=\"iwg-wesen-card\" href=\"https:\/\/iwell-guard.com\/ca\/tuulikki\/\" aria-label=\"Tuulikki\"><div class=\"iwg-wesen-card-imgwrap\"><img decoding=\"async\" src=\"https:\/\/iwell-guard.com\/wp-content\/uploads\/2026\/07\/goetter_finnland_tuulikki-199x300.webp\" alt=\"Tuulikki\" loading=\"lazy\"><\/div><div class=\"iwg-wesen-card-body\"><div class=\"iwg-wesen-card-name\">Tuulikki<\/div><div class=\"iwg-wesen-card-arrow\">\u2192 A l&#039;\u00e9sser<\/div><\/div><\/a><a class=\"iwg-wesen-card\" href=\"https:\/\/iwell-guard.com\/ca\/tellervo\/\" aria-label=\"Tellervo\"><div class=\"iwg-wesen-card-imgwrap\"><img decoding=\"async\" src=\"https:\/\/iwell-guard.com\/wp-content\/uploads\/2026\/07\/goetter_finnland_tellervo-200x300.webp\" alt=\"Tellervo\" loading=\"lazy\"><\/div><div class=\"iwg-wesen-card-body\"><div class=\"iwg-wesen-card-name\">Tellervo<\/div><div class=\"iwg-wesen-card-arrow\">\u2192 A l&#039;\u00e9sser<\/div><\/div><\/a><a class=\"iwg-wesen-card\" href=\"https:\/\/iwell-guard.com\/ca\/tapio\/\" aria-label=\"Tapio\"><div class=\"iwg-wesen-card-imgwrap\"><img decoding=\"async\" src=\"https:\/\/iwell-guard.com\/wp-content\/uploads\/2026\/07\/goetter_finnland_tapio-200x300.webp\" alt=\"Tapio\" loading=\"lazy\"><\/div><div class=\"iwg-wesen-card-body\"><div class=\"iwg-wesen-card-name\">Tapio<\/div><div class=\"iwg-wesen-card-arrow\">\u2192 A l&#039;\u00e9sser<\/div><\/div><\/a><a class=\"iwg-wesen-card\" href=\"https:\/\/iwell-guard.com\/ca\/nyyrikki\/\" aria-label=\"Nyyrikki\"><div class=\"iwg-wesen-card-imgwrap\"><img decoding=\"async\" src=\"https:\/\/iwell-guard.com\/wp-content\/uploads\/2026\/07\/goetter_finnland_nyyrikki-200x300.webp\" alt=\"Nyyrikki\" loading=\"lazy\"><\/div><div class=\"iwg-wesen-card-body\"><div class=\"iwg-wesen-card-name\">Nyyrikki<\/div><div class=\"iwg-wesen-card-arrow\">\u2192 A l&#039;\u00e9sser<\/div><\/div><\/a><a class=\"iwg-wesen-card\" href=\"https:\/\/iwell-guard.com\/ca\/mielikki\/\" aria-label=\"Mielikki\"><div class=\"iwg-wesen-card-imgwrap\"><img decoding=\"async\" src=\"https:\/\/iwell-guard.com\/wp-content\/uploads\/2026\/07\/goetter_finnland_mielikki-200x300.webp\" alt=\"Mielikki\" loading=\"lazy\"><\/div><div class=\"iwg-wesen-card-body\"><div class=\"iwg-wesen-card-name\">Mielikki<\/div><div class=\"iwg-wesen-card-arrow\">\u2192 A l&#039;\u00e9sser<\/div><\/div><\/a><a class=\"iwg-wesen-card\" href=\"https:\/\/iwell-guard.com\/ca\/vesihiisi\/\" aria-label=\"Vesihiisi\"><div class=\"iwg-wesen-card-imgwrap\"><img decoding=\"async\" src=\"https:\/\/iwell-guard.com\/wp-content\/uploads\/2026\/07\/daemonen_finnisch_vesihiisi-200x300.webp\" alt=\"Vesihiisi\" loading=\"lazy\"><\/div><div class=\"iwg-wesen-card-body\"><div class=\"iwg-wesen-card-name\">Vesihiisi<\/div><div class=\"iwg-wesen-card-arrow\">\u2192 A l&#039;\u00e9sser<\/div><\/div><\/a><a class=\"iwg-wesen-card\" href=\"https:\/\/iwell-guard.com\/ca\/vellamo\/\" aria-label=\"Vellamo\"><div class=\"iwg-wesen-card-imgwrap\"><img decoding=\"async\" src=\"https:\/\/iwell-guard.com\/wp-content\/uploads\/2026\/07\/goetter_finnisch_vellamo-200x300.webp\" alt=\"Vellamo\" loading=\"lazy\"><\/div><div class=\"iwg-wesen-card-body\"><div class=\"iwg-wesen-card-name\">Vellamo<\/div><div class=\"iwg-wesen-card-arrow\">\u2192 A l&#039;\u00e9sser<\/div><\/div><\/a><a class=\"iwg-wesen-card\" href=\"https:\/\/iwell-guard.com\/ca\/nakki\/\" aria-label=\"N\u00e4kki\"><div class=\"iwg-wesen-card-imgwrap\"><img decoding=\"async\" src=\"https:\/\/iwell-guard.com\/wp-content\/uploads\/2026\/07\/geister_finnisch_naekki-200x300.webp\" alt=\"N\u00e4kki\" loading=\"lazy\"><\/div><div class=\"iwg-wesen-card-body\"><div class=\"iwg-wesen-card-name\">N\u00e4kki<\/div><div class=\"iwg-wesen-card-arrow\">\u2192 A l&#039;\u00e9sser<\/div><\/div><\/a><a class=\"iwg-wesen-card\" href=\"https:\/\/iwell-guard.com\/ca\/iku-turso\/\" aria-label=\"Iku-Turso\"><div class=\"iwg-wesen-card-imgwrap\"><img decoding=\"async\" src=\"https:\/\/iwell-guard.com\/wp-content\/uploads\/2026\/07\/daemonen_finnisch_iku-turso-200x300.webp\" alt=\"Iku-Turso\" loading=\"lazy\"><\/div><div class=\"iwg-wesen-card-body\"><div class=\"iwg-wesen-card-name\">Iku-Turso<\/div><div class=\"iwg-wesen-card-arrow\">\u2192 A l&#039;\u00e9sser<\/div><\/div><\/a><a class=\"iwg-wesen-card\" href=\"https:\/\/iwell-guard.com\/ca\/ahti\/\" aria-label=\"Ahti\"><div class=\"iwg-wesen-card-imgwrap\"><img decoding=\"async\" src=\"https:\/\/iwell-guard.com\/wp-content\/uploads\/2026\/07\/goetter_finnisch_ahti-200x300.webp\" alt=\"Ahti\" loading=\"lazy\"><\/div><div class=\"iwg-wesen-card-body\"><div class=\"iwg-wesen-card-name\">Ahti<\/div><div class=\"iwg-wesen-card-arrow\">\u2192 A l&#039;\u00e9sser<\/div><\/div><\/a><a class=\"iwg-wesen-card\" href=\"https:\/\/iwell-guard.com\/ca\/tuuletar\/\" aria-label=\"Tuuletar\"><div class=\"iwg-wesen-card-imgwrap\"><img decoding=\"async\" src=\"https:\/\/iwell-guard.com\/wp-content\/uploads\/2026\/07\/geister_finnisch_tuuletar-200x300.webp\" alt=\"Tuuletar\" loading=\"lazy\"><\/div><div class=\"iwg-wesen-card-body\"><div class=\"iwg-wesen-card-name\">Tuuletar<\/div><div class=\"iwg-wesen-card-arrow\">\u2192 A l&#039;\u00e9sser<\/div><\/div><\/a><a class=\"iwg-wesen-card\" href=\"https:\/\/iwell-guard.com\/ca\/ilmarinen\/\" aria-label=\"Ilmarinen\"><div class=\"iwg-wesen-card-imgwrap\"><img decoding=\"async\" src=\"https:\/\/iwell-guard.com\/wp-content\/uploads\/2026\/07\/goetter_finnisch_ilmarinen-200x300.webp\" alt=\"Ilmarinen\" loading=\"lazy\"><\/div><div class=\"iwg-wesen-card-body\"><div class=\"iwg-wesen-card-name\">Ilmarinen<\/div><div class=\"iwg-wesen-card-arrow\">\u2192 A l&#039;\u00e9sser<\/div><\/div><\/a><a class=\"iwg-wesen-card\" href=\"https:\/\/iwell-guard.com\/ca\/maahinen\/\" aria-label=\"Maahinen\"><div class=\"iwg-wesen-card-imgwrap\"><img decoding=\"async\" src=\"https:\/\/iwell-guard.com\/wp-content\/uploads\/2026\/07\/geister_finnisch_maahinen-200x300.webp\" alt=\"Maahinen\" loading=\"lazy\"><\/div><div class=\"iwg-wesen-card-body\"><div class=\"iwg-wesen-card-name\">Maahinen<\/div><div class=\"iwg-wesen-card-arrow\">\u2192 A l&#039;\u00e9sser<\/div><\/div><\/a><a class=\"iwg-wesen-card\" href=\"https:\/\/iwell-guard.com\/ca\/hiisi\/\" aria-label=\"Hiisi\"><div class=\"iwg-wesen-card-imgwrap\"><img decoding=\"async\" src=\"https:\/\/iwell-guard.com\/wp-content\/uploads\/2026\/07\/geister_finnisch_hiisi-200x300.webp\" alt=\"Hiisi\" loading=\"lazy\"><\/div><div class=\"iwg-wesen-card-body\"><div class=\"iwg-wesen-card-name\">Hiisi<\/div><div class=\"iwg-wesen-card-arrow\">\u2192 A l&#039;\u00e9sser<\/div><\/div><\/a><a class=\"iwg-wesen-card\" href=\"https:\/\/iwell-guard.com\/ca\/tonttu\/\" aria-label=\"Tonttu\"><div class=\"iwg-wesen-card-imgwrap\"><img decoding=\"async\" src=\"https:\/\/iwell-guard.com\/wp-content\/uploads\/2026\/07\/geister_finnisch_tonttu-200x300.webp\" alt=\"Tonttu\" loading=\"lazy\"><\/div><div class=\"iwg-wesen-card-body\"><div class=\"iwg-wesen-card-name\">Tonttu<\/div><div class=\"iwg-wesen-card-arrow\">\u2192 A l&#039;\u00e9sser<\/div><\/div><\/a><a class=\"iwg-wesen-card\" href=\"https:\/\/iwell-guard.com\/ca\/haltija\/\" aria-label=\"Haltija\"><div class=\"iwg-wesen-card-imgwrap\"><img decoding=\"async\" src=\"https:\/\/iwell-guard.com\/wp-content\/uploads\/2026\/07\/geister_finnisch_haltija-200x300.webp\" alt=\"Haltija\" loading=\"lazy\"><\/div><div class=\"iwg-wesen-card-body\"><div class=\"iwg-wesen-card-name\">Haltija<\/div><div class=\"iwg-wesen-card-arrow\">\u2192 A l&#039;\u00e9sser<\/div><\/div><\/a><\/div>\t\t\t\t\t\t\t\t<\/div>\n\t\t\t\t\t<\/div>\n\t\t\t\t<\/div>\n\t\t\t\t\t<\/div>\n\t\t\t\t<\/div>\n\t\t<div class=\"elementor-element elementor-element-iwgkw2-add-sami e-flex e-con-boxed e-con e-parent\" data-id=\"iwgkw2-add-sami\" data-element_type=\"container\" data-e-type=\"container\">\n\t\t\t\t\t<div class=\"e-con-inner\">\n\t\t\t\t<div class=\"elementor-element elementor-element-iwgkw2-add-sami-t elementor-widget elementor-widget-text-editor\" data-id=\"iwgkw2-add-sami-t\" data-element_type=\"widget\" data-e-type=\"widget\" data-widget_type=\"text-editor.default\">\n\t\t\t\t\t\t\t\t\t<p>La <em>mitologia del Kalevala<\/em> uneix els cants r\u00fanics, el m\u00f3n dels esperits Haltija i les <em>divinitats del bosc de Tapio<\/em> en una pr\u00e0ctica de protecci\u00f3 pr\u00f2pia, en la qual ca\u00e7adors, pescadors i habitants de les granges buscaven el favor de Tapio, Ahti i Tonttu amb petites ofrenes.<\/p>\t\t\t\t\t\t\t\t<\/div>\n\t\t\t\t\t<\/div>\n\t\t\t\t<\/div>\n\t\t<div class=\"elementor-element elementor-element-iwgcn-sami-kwd e-flex e-con-boxed e-con e-parent\" data-id=\"iwgcn-sami-kwd\" data-element_type=\"container\" data-e-type=\"container\">\n\t\t\t\t\t<div class=\"e-con-inner\">\n\t\t<div class=\"elementor-element elementor-element-iwgcn-sami-kwd-c e-con-full e-flex e-con e-child\" data-id=\"iwgcn-sami-kwd-c\" data-element_type=\"container\" data-e-type=\"container\">\n\t\t\t\t<div class=\"elementor-element elementor-element-iwgcn-sami-kwdt elementor-widget elementor-widget-text-editor\" data-id=\"iwgcn-sami-kwdt\" data-element_type=\"widget\" data-e-type=\"widget\" data-widget_type=\"text-editor.default\">\n\t\t\t\t\t\t\t\t\t<p><em>Conceptes clau relacionats: Kalevala Tapio Ahti Vellamo Mielikki Haltija Tonttu Hiisi Car\u00e8lia L\u00f6nnrot.<\/em><\/p>\t\t\t\t\t\t\t\t<\/div>\n\t\t\t\t<\/div>\n\t\t\t\t\t<\/div>\n\t\t\t\t<\/div>\n\t\t<div class=\"elementor-element elementor-element-iwgcn-sami-cc e-flex e-con-boxed e-con e-parent\" data-id=\"iwgcn-sami-cc\" data-element_type=\"container\" data-e-type=\"container\" id=\"iwg-cc-sami\">\n\t\t\t\t\t<div class=\"e-con-inner\">\n\t\t<div class=\"elementor-element elementor-element-iwgcn-sami-ccinner e-flex e-con-boxed e-con e-parent\" data-id=\"iwgcn-sami-ccinner\" data-element_type=\"container\" data-e-type=\"container\" data-settings=\"{&quot;background_background&quot;:&quot;classic&quot;}\">\n\t\t\t\t\t<div class=\"e-con-inner\">\n\t\t\t\t<div class=\"elementor-element elementor-element-iwgcn-sami-cch elementor-widget elementor-widget-heading\" data-id=\"iwgcn-sami-cch\" data-element_type=\"widget\" data-e-type=\"widget\" data-widget_type=\"heading.default\">\n\t\t\t\t\t<h2 class=\"elementor-heading-title elementor-size-default\">Objectes de protecci\u00f3 d'aquesta tradici\u00f3 cultural<\/h2>\t\t\t\t<\/div>\n\t\t\t\t<div class=\"elementor-element elementor-element-iwgcn-sami-cct elementor-widget elementor-widget-text-editor\" data-id=\"iwgcn-sami-cct\" data-element_type=\"widget\" data-e-type=\"widget\" data-widget_type=\"text-editor.default\">\n\t\t\t\t\t\t\t\t\t<p>La tradici\u00f3 finesa coneix petites ofrenes de menjar per al Tonttu com a esperit de la llar, <a href=\"https:\/\/iwell-guard.com\/ca\/?page_id=172590\">f\u00f3rmules m\u00e0giques<\/a> i cants r\u00fanics per protegir-se dels esperits de l&#8217;aigua i del bosc, aix\u00ed com la sauna com a espai de protecci\u00f3 ritualment purificat amb el seu propi esperit L\u00f6yly; els <a href=\"https:\/\/iwell-guard.com\/ca\/amulet\/\">amulets<\/a> port\u00e0tils estan menys documentats que els costums lligats a un lloc concret. El <a href=\"https:\/\/iwell-guard.com\/ca\/bruixola-de-proteccio\/\">Br\u00faixola de Protecci\u00f3<\/a> ofereix una visi\u00f3 general de les formes de protecci\u00f3 de diverses cultures.<\/p><div data-nosnippet=\"true\"><p>iWell Guard s&#8217;inscriu en aquesta l\u00ednia historicocultural d&#8217;objectes de protecci\u00f3 port\u00e0tils, amb una arquitectura de materials contempor\u00e0nia, fabricat a Alemanya. 41 capes, or aut\u00e8ntic, plat\u00ed, plata. Dret de devoluci\u00f3 de 30 dies.<\/p><\/div>\t\t\t\t\t\t\t\t<\/div>\n\t\t\t\t<div class=\"elementor-element elementor-element-iwgcn-sami-ccb iwg-cc-button iwg-cc-cta-2026-05-13 elementor-widget elementor-widget-jet-button\" data-id=\"iwgcn-sami-ccb\" data-element_type=\"widget\" data-e-type=\"widget\" data-widget_type=\"jet-button.default\">\n\t\t\t\t<div class=\"elementor-widget-container\">\n\t\t\t\t\t<div class=\"elementor-jet-button jet-elements\"><div class=\"jet-button__container\"><a class=\"jet-button__instance jet-button__instance--icon-left hover-effect-1\" href=\"\/ueber-iwell-guard\/?utm_source=iwell-guard.com&amp;utm_medium=info-box&amp;utm_campaign=kultur-tradition\"><div class=\"jet-button__plane jet-button__plane-normal\"><\/div><div class=\"jet-button__plane jet-button__plane-hover\"><\/div><div class=\"jet-button__state jet-button__state-normal\"><span class=\"jet-button__label\">M\u00e9s informaci\u00f3 sobre l'iWell Guard<\/span><\/div><div class=\"jet-button__state jet-button__state-hover\"><span class=\"jet-button__label\">M\u00e9s informaci\u00f3 sobre l'iWell Guard<\/span><\/div><\/a><\/div><\/div><style>.elementor-element.elementor-element-iwgcn-sami-ccb .jet-button__instance{width:320px;height:56px;}.elementor-element.elementor-element-iwgcn-sami-ccb .jet-button__state-normal .jet-button__label{text-align:center;margin:0px 0px 0px 0px;color:#1a1b20;font-family:Montserrat,sans-serif;font-size:13px;font-weight:400;letter-spacing:4px;line-height:1.714em;text-transform:uppercase;}.elementor-element.elementor-element-iwgcn-sami-ccb .jet-button__state-hover .jet-button__label{text-align:center;margin:0px 0px 0px 0px;color:#FECC76;font-family:Montserrat,sans-serif;font-size:13px;font-weight:400;letter-spacing:4px;line-height:1.714em;text-transform:uppercase;}.elementor-element.elementor-element-iwgcn-sami-ccb .jet-button__plane-normal{background-color:#FECC76;border-style:solid;border-color:#C99540;border-width:2px 2px 2px 2px;}.elementor-element.elementor-element-iwgcn-sami-ccb .jet-button__plane-hover{background-color:rgba(0,0,0,0.55);border-style:solid;border-color:#FECC76;border-width:2px 2px 2px 2px;}<\/style>\t\t\t\t<\/div>\n\t\t\t\t<\/div>\n\t\t\t\t<div class=\"elementor-element elementor-element-iwgcn-sami-ccd elementor-widget elementor-widget-text-editor\" data-id=\"iwgcn-sami-ccd\" data-element_type=\"widget\" data-e-type=\"widget\" data-widget_type=\"text-editor.default\">\n\t\t\t\t\t\t\t\t\t<div data-nosnippet=\"true\"><p style=\"text-align:center;font-size:13px;opacity:0.7;margin-top:14px\" data-nosnippet=\"true\">Les experi\u00e8ncies personals poden variar. No \u00e9s un producte sanitari. No \u00e9s una promesa de curaci\u00f3.<\/p><\/div>\t\t\t\t\t\t\t\t<\/div>\n\t\t\t\t\t<\/div>\n\t\t\t\t<\/div>\n\t\t\t\t\t<\/div>\n\t\t\t\t<\/div>\n\t\t<div class=\"elementor-element elementor-element-iwgcn-sami-disc e-flex e-con-boxed e-con e-parent\" data-id=\"iwgcn-sami-disc\" data-element_type=\"container\" data-e-type=\"container\">\n\t\t\t\t\t<div class=\"e-con-inner\">\n\t\t\t\t<div class=\"elementor-element elementor-element-iwgcn-sami-discw elementor-widget elementor-widget-html\" data-id=\"iwgcn-sami-discw\" data-element_type=\"widget\" data-e-type=\"widget\" data-widget_type=\"html.default\">\n\t\t\t\t\t<footer data-nosnippet=\"true\" class=\"iwg-disclaimer-block\"><p data-nosnippet=\"true\">iWell Guard <strong>no \u00e9s un producte sanitari<\/strong> i no substitueix cap tractament m\u00e8dic o psicoterap\u00e8utic. Els continguts d'hist\u00f2ria de les religions s\u00f3n una classificaci\u00f3 culturohist\u00f2rica, no una recomanaci\u00f3 de pr\u00e0ctica espiritual.<\/p><\/footer>\t\t\t\t<\/div>\n\t\t\t\t\t<\/div>\n\t\t\t\t<\/div>\n\t\t\t\t<\/div>\n\t\t","protected":false},"excerpt":{"rendered":"","protected":false},"author":3,"featured_media":20431,"parent":0,"menu_order":0,"comment_status":"closed","ping_status":"closed","template":"elementor_header_footer","meta":{"_yoast_wpseo_focuskw":"mitologia finlandesa","_yoast_wpseo_title":"Mitologia finlandesa: Kalevala, Tapio i Ahti","_yoast_wpseo_metadesc":"El d\u00e9u del bosc Tapio, la divinitat de l'aigua Ahti i el m\u00f3n dels esperits Haltija del Kalevala: la mitologia finlandesa des d'una perspectiva religiol\u00f3gica.","_yoast_wpseo_meta-robots-noindex":"","_yoast_wpseo_canonical":"","_angie_page":false,"gefaehrdungsstufe":"","wesen_kultur":"","wesen_klasse":"","footnotes":""},"categories":[],"class_list":["post-172595","page","type-page","status-publish","has-post-thumbnail","hentry"],"yoast_head":"<!-- This site is optimized with the Yoast SEO Premium plugin v27.7 (Yoast SEO v28.3) - https:\/\/yoast.com\/product\/yoast-seo-premium-wordpress\/ -->\n<title>Mitologia finlandesa: Kalevala, Tapio i Ahti<\/title>\n<meta name=\"description\" content=\"El d\u00e9u del bosc Tapio, la divinitat de l&#039;aigua Ahti i el m\u00f3n dels esperits Haltija del Kalevala: la mitologia finlandesa des d&#039;una perspectiva religiol\u00f3gica.\" \/>\n<meta name=\"robots\" content=\"index, follow, max-snippet:-1, max-image-preview:large, max-video-preview:-1\" \/>\n<link rel=\"canonical\" href=\"https:\/\/iwell-guard.com\/ca\/mitologia-finlandesa\/\" \/>\n<meta property=\"og:locale\" content=\"ca_ES\" \/>\n<meta property=\"og:type\" content=\"article\" \/>\n<meta property=\"og:title\" content=\"Mitologia finlandesa\" \/>\n<meta property=\"og:description\" content=\"El d\u00e9u del bosc Tapio, la divinitat de l&#039;aigua Ahti i el m\u00f3n dels esperits Haltija del Kalevala: la mitologia finlandesa des d&#039;una perspectiva religiol\u00f3gica.\" \/>\n<meta property=\"og:url\" content=\"https:\/\/iwell-guard.com\/ca\/mitologia-finlandesa\/\" \/>\n<meta property=\"og:site_name\" content=\"iWell Guard\" \/>\n<meta property=\"article:modified_time\" content=\"2026-09-05T17:17:41+00:00\" \/>\n<meta property=\"og:image\" content=\"https:\/\/iwell-guard.com\/wp-content\/uploads\/2026\/07\/goetter_finnland_tapio.webp\" \/>\n\t<meta property=\"og:image:width\" content=\"1024\" \/>\n\t<meta property=\"og:image:height\" content=\"1536\" \/>\n\t<meta property=\"og:image:type\" content=\"image\/webp\" \/>\n<meta name=\"twitter:card\" content=\"summary_large_image\" \/>\n<script type=\"application\/ld+json\" class=\"yoast-schema-graph\">{\"@context\":\"https:\\\/\\\/schema.org\",\"@graph\":[{\"@type\":\"WebPage\",\"@id\":\"https:\\\/\\\/iwell-guard.com\\\/ca\\\/mitologia-finlandesa\\\/\",\"url\":\"https:\\\/\\\/iwell-guard.com\\\/ca\\\/mitologia-finlandesa\\\/\",\"name\":\"Mitologia finlandesa: Kalevala, Tapio i Ahti\",\"isPartOf\":{\"@id\":\"https:\\\/\\\/iwell-guard.com\\\/ca\\\/#website\"},\"primaryImageOfPage\":{\"@id\":\"https:\\\/\\\/iwell-guard.com\\\/ca\\\/mitologia-finlandesa\\\/#primaryimage\"},\"image\":{\"@id\":\"https:\\\/\\\/iwell-guard.com\\\/ca\\\/mitologia-finlandesa\\\/#primaryimage\"},\"thumbnailUrl\":\"https:\\\/\\\/iwell-guard.com\\\/wp-content\\\/uploads\\\/2026\\\/07\\\/goetter_finnland_tapio.webp\",\"datePublished\":\"2026-09-05T15:52:52+00:00\",\"dateModified\":\"2026-09-05T17:17:41+00:00\",\"description\":\"El d\u00e9u del bosc Tapio, la divinitat de l'aigua Ahti i el m\u00f3n dels esperits Haltija del Kalevala: la mitologia finlandesa des d'una perspectiva religiol\u00f3gica.\",\"breadcrumb\":{\"@id\":\"https:\\\/\\\/iwell-guard.com\\\/ca\\\/mitologia-finlandesa\\\/#breadcrumb\"},\"inLanguage\":\"ca\",\"potentialAction\":[{\"@type\":\"ReadAction\",\"target\":[\"https:\\\/\\\/iwell-guard.com\\\/ca\\\/mitologia-finlandesa\\\/\"]}]},{\"@type\":\"ImageObject\",\"inLanguage\":\"ca\",\"@id\":\"https:\\\/\\\/iwell-guard.com\\\/ca\\\/mitologia-finlandesa\\\/#primaryimage\",\"url\":\"https:\\\/\\\/iwell-guard.com\\\/wp-content\\\/uploads\\\/2026\\\/07\\\/goetter_finnland_tapio.webp\",\"contentUrl\":\"https:\\\/\\\/iwell-guard.com\\\/wp-content\\\/uploads\\\/2026\\\/07\\\/goetter_finnland_tapio.webp\",\"width\":1024,\"height\":1536,\"caption\":\"Tapio, d\u00e9u de la tradici\u00f3 finlandesa\"},{\"@type\":\"BreadcrumbList\",\"@id\":\"https:\\\/\\\/iwell-guard.com\\\/ca\\\/mitologia-finlandesa\\\/#breadcrumb\",\"itemListElement\":[{\"@type\":\"ListItem\",\"position\":1,\"name\":\"Start\",\"item\":\"https:\\\/\\\/iwell-guard.com\\\/ca\\\/?page_id=171333\"},{\"@type\":\"ListItem\",\"position\":2,\"name\":\"Mitologia finlandesa\"}]},{\"@type\":\"WebSite\",\"@id\":\"https:\\\/\\\/iwell-guard.com\\\/ca\\\/#website\",\"url\":\"https:\\\/\\\/iwell-guard.com\\\/ca\\\/\",\"name\":\"iWell Guard\",\"description\":\"Schutz vor dunklen Einfl\u00fcssen\",\"publisher\":{\"@id\":\"https:\\\/\\\/iwell-guard.com\\\/ca\\\/#organization\"},\"potentialAction\":[{\"@type\":\"SearchAction\",\"target\":{\"@type\":\"EntryPoint\",\"urlTemplate\":\"https:\\\/\\\/iwell-guard.com\\\/ca\\\/?s={search_term_string}\"},\"query-input\":{\"@type\":\"PropertyValueSpecification\",\"valueRequired\":true,\"valueName\":\"search_term_string\"}}],\"inLanguage\":\"ca\"},{\"@type\":\"Organization\",\"@id\":\"https:\\\/\\\/iwell-guard.com\\\/ca\\\/#organization\",\"name\":\"Ittermann electronic GmbH\",\"url\":\"https:\\\/\\\/iwell-guard.com\\\/ca\\\/\",\"logo\":{\"@type\":\"ImageObject\",\"inLanguage\":\"ca\",\"@id\":\"https:\\\/\\\/iwell-guard.com\\\/ca\\\/#\\\/schema\\\/logo\\\/image\\\/\",\"url\":\"https:\\\/\\\/iwell-guard.com\\\/wp-content\\\/uploads\\\/2026\\\/05\\\/Ittermann-Logo-1182x237-1.png\",\"contentUrl\":\"https:\\\/\\\/iwell-guard.com\\\/wp-content\\\/uploads\\\/2026\\\/05\\\/Ittermann-Logo-1182x237-1.png\",\"width\":1182,\"height\":237,\"caption\":\"Ittermann electronic GmbH\"},\"image\":{\"@id\":\"https:\\\/\\\/iwell-guard.com\\\/ca\\\/#\\\/schema\\\/logo\\\/image\\\/\"},\"sameAs\":[\"https:\\\/\\\/pantip.com\\\/profile\\\/9367242\",\"https:\\\/\\\/micro.blog\\\/iwellguard\",\"https:\\\/\\\/www.diggerslist.com\\\/iwellguard\\\/about\",\"https:\\\/\\\/skitterphoto.com\\\/photographers\\\/2870314\\\/iwell-guard\",\"https:\\\/\\\/iwellguard.wordpress.com\\\/2026\\\/06\\\/06\\\/iwell-guard\\\/\",\"https:\\\/\\\/hub.docker.com\\\/u\\\/iwellguard\",\"https:\\\/\\\/www.pinterest.com\\\/iwellguard\\\/\",\"https:\\\/\\\/bit.ly\\\/m\\\/iwellguard\",\"https:\\\/\\\/entre-vos-mains.alsace.eu\\\/profiles\\\/iwellguard\\\/activity\",\"https:\\\/\\\/gravatar.com\\\/reallybeded8fd34\",\"https:\\\/\\\/naijamatta.com\\\/iwellguard\",\"https:\\\/\\\/www.goodreads.com\\\/iwellguard\",\"https:\\\/\\\/profile.hatena.ne.jp\\\/iwellguard\\\/\",\"https:\\\/\\\/experiment.com\\\/users\\\/iwellguard\",\"https:\\\/\\\/wakelet.com\\\/@iWellGuard82270\",\"https:\\\/\\\/www.chordie.com\\\/forum\\\/profile.php?id=2555664\",\"https:\\\/\\\/www.instapaper.com\\\/p\\\/17757966\",\"https:\\\/\\\/www.mapleprimes.com\\\/users\\\/iwellguard\",\"https:\\\/\\\/businesslistingplus.com\\\/profile\\\/iwell-guard\\\/\",\"https:\\\/\\\/telegra.ph\\\/iWell-Guard-06-06\",\"https:\\\/\\\/pbase.com\\\/iwellguard\\\/iwellguard\",\"https:\\\/\\\/b.hatena.ne.jp\\\/iwellguard\\\/20260607#bookmark-4788405196491818882\",\"https:\\\/\\\/fliphtml5.com\\\/home\\\/iwellguard\",\"https:\\\/\\\/anyflip.com\\\/homepage\\\/cmiwl#About\",\"https:\\\/\\\/transfur.com\\\/Users\\\/iwellguard\",\"http:\\\/\\\/delphi.larsbo.org\\\/user\\\/iwellguard\",\"https:\\\/\\\/jobs.lajobsportal.org\\\/profiles\\\/8380803-iwell-guard\",\"https:\\\/\\\/md.chaosdorf.de\\\/s\\\/jfbe5SBdJD\",\"https:\\\/\\\/www.lingvolive.com\\\/en-us\\\/profile\\\/9ecaeaca-ce11-4e51-9e71-01d55e2bff36\\\/translations\",\"https:\\\/\\\/www.fitday.com\\\/fitness\\\/forums\\\/members\\\/iwellguard.html\",\"https:\\\/\\\/www.mymeetbook.com\\\/iwellguard\",\"https:\\\/\\\/pxhere.com\\\/en\\\/photographer-me\\\/5040798\",\"https:\\\/\\\/disqus.com\\\/by\\\/iwellguard\\\/about\\\/\",\"https:\\\/\\\/pastelink.net\\\/hjwciqwq\",\"https:\\\/\\\/pubhtml5.com\\\/homepage\\\/scjhn\\\/\",\"https:\\\/\\\/www.bitchute.com\\\/channel\\\/2O2eOKzNqujT\",\"https:\\\/\\\/audiomack.com\\\/iwellguard\"]}]}<\/script>\n<!-- \/ Yoast SEO Premium plugin. -->","yoast_head_json":{"title":"Mitologia finlandesa: Kalevala, Tapio i Ahti","description":"El d\u00e9u del bosc Tapio, la divinitat de l'aigua Ahti i el m\u00f3n dels esperits Haltija del Kalevala: la mitologia finlandesa des d'una perspectiva religiol\u00f3gica.","robots":{"index":"index","follow":"follow","max-snippet":"max-snippet:-1","max-image-preview":"max-image-preview:large","max-video-preview":"max-video-preview:-1"},"canonical":"https:\/\/iwell-guard.com\/ca\/mitologia-finlandesa\/","og_locale":"ca_ES","og_type":"article","og_title":"Mitologia finlandesa","og_description":"El d\u00e9u del bosc Tapio, la divinitat de l'aigua Ahti i el m\u00f3n dels esperits Haltija del Kalevala: la mitologia finlandesa des d'una perspectiva religiol\u00f3gica.","og_url":"https:\/\/iwell-guard.com\/ca\/mitologia-finlandesa\/","og_site_name":"iWell Guard","article_modified_time":"2026-09-05T17:17:41+00:00","og_image":[{"width":1024,"height":1536,"url":"https:\/\/iwell-guard.com\/wp-content\/uploads\/2026\/07\/goetter_finnland_tapio.webp","type":"image\/webp"}],"twitter_card":"summary_large_image","schema":{"@context":"https:\/\/schema.org","@graph":[{"@type":"WebPage","@id":"https:\/\/iwell-guard.com\/ca\/mitologia-finlandesa\/","url":"https:\/\/iwell-guard.com\/ca\/mitologia-finlandesa\/","name":"Mitologia finlandesa: Kalevala, Tapio i Ahti","isPartOf":{"@id":"https:\/\/iwell-guard.com\/ca\/#website"},"primaryImageOfPage":{"@id":"https:\/\/iwell-guard.com\/ca\/mitologia-finlandesa\/#primaryimage"},"image":{"@id":"https:\/\/iwell-guard.com\/ca\/mitologia-finlandesa\/#primaryimage"},"thumbnailUrl":"https:\/\/iwell-guard.com\/wp-content\/uploads\/2026\/07\/goetter_finnland_tapio.webp","datePublished":"2026-09-05T15:52:52+00:00","dateModified":"2026-09-05T17:17:41+00:00","description":"El d\u00e9u del bosc Tapio, la divinitat de l'aigua Ahti i el m\u00f3n dels esperits Haltija del Kalevala: la mitologia finlandesa des d'una perspectiva religiol\u00f3gica.","breadcrumb":{"@id":"https:\/\/iwell-guard.com\/ca\/mitologia-finlandesa\/#breadcrumb"},"inLanguage":"ca","potentialAction":[{"@type":"ReadAction","target":["https:\/\/iwell-guard.com\/ca\/mitologia-finlandesa\/"]}]},{"@type":"ImageObject","inLanguage":"ca","@id":"https:\/\/iwell-guard.com\/ca\/mitologia-finlandesa\/#primaryimage","url":"https:\/\/iwell-guard.com\/wp-content\/uploads\/2026\/07\/goetter_finnland_tapio.webp","contentUrl":"https:\/\/iwell-guard.com\/wp-content\/uploads\/2026\/07\/goetter_finnland_tapio.webp","width":1024,"height":1536,"caption":"Tapio, d\u00e9u de la tradici\u00f3 finlandesa"},{"@type":"BreadcrumbList","@id":"https:\/\/iwell-guard.com\/ca\/mitologia-finlandesa\/#breadcrumb","itemListElement":[{"@type":"ListItem","position":1,"name":"Start","item":"https:\/\/iwell-guard.com\/ca\/?page_id=171333"},{"@type":"ListItem","position":2,"name":"Mitologia finlandesa"}]},{"@type":"WebSite","@id":"https:\/\/iwell-guard.com\/ca\/#website","url":"https:\/\/iwell-guard.com\/ca\/","name":"iWell Guard","description":"Schutz vor dunklen Einfl\u00fcssen","publisher":{"@id":"https:\/\/iwell-guard.com\/ca\/#organization"},"potentialAction":[{"@type":"SearchAction","target":{"@type":"EntryPoint","urlTemplate":"https:\/\/iwell-guard.com\/ca\/?s={search_term_string}"},"query-input":{"@type":"PropertyValueSpecification","valueRequired":true,"valueName":"search_term_string"}}],"inLanguage":"ca"},{"@type":"Organization","@id":"https:\/\/iwell-guard.com\/ca\/#organization","name":"Ittermann electronic GmbH","url":"https:\/\/iwell-guard.com\/ca\/","logo":{"@type":"ImageObject","inLanguage":"ca","@id":"https:\/\/iwell-guard.com\/ca\/#\/schema\/logo\/image\/","url":"https:\/\/iwell-guard.com\/wp-content\/uploads\/2026\/05\/Ittermann-Logo-1182x237-1.png","contentUrl":"https:\/\/iwell-guard.com\/wp-content\/uploads\/2026\/05\/Ittermann-Logo-1182x237-1.png","width":1182,"height":237,"caption":"Ittermann electronic GmbH"},"image":{"@id":"https:\/\/iwell-guard.com\/ca\/#\/schema\/logo\/image\/"},"sameAs":["https:\/\/pantip.com\/profile\/9367242","https:\/\/micro.blog\/iwellguard","https:\/\/www.diggerslist.com\/iwellguard\/about","https:\/\/skitterphoto.com\/photographers\/2870314\/iwell-guard","https:\/\/iwellguard.wordpress.com\/2026\/06\/06\/iwell-guard\/","https:\/\/hub.docker.com\/u\/iwellguard","https:\/\/www.pinterest.com\/iwellguard\/","https:\/\/bit.ly\/m\/iwellguard","https:\/\/entre-vos-mains.alsace.eu\/profiles\/iwellguard\/activity","https:\/\/gravatar.com\/reallybeded8fd34","https:\/\/naijamatta.com\/iwellguard","https:\/\/www.goodreads.com\/iwellguard","https:\/\/profile.hatena.ne.jp\/iwellguard\/","https:\/\/experiment.com\/users\/iwellguard","https:\/\/wakelet.com\/@iWellGuard82270","https:\/\/www.chordie.com\/forum\/profile.php?id=2555664","https:\/\/www.instapaper.com\/p\/17757966","https:\/\/www.mapleprimes.com\/users\/iwellguard","https:\/\/businesslistingplus.com\/profile\/iwell-guard\/","https:\/\/telegra.ph\/iWell-Guard-06-06","https:\/\/pbase.com\/iwellguard\/iwellguard","https:\/\/b.hatena.ne.jp\/iwellguard\/20260607#bookmark-4788405196491818882","https:\/\/fliphtml5.com\/home\/iwellguard","https:\/\/anyflip.com\/homepage\/cmiwl#About","https:\/\/transfur.com\/Users\/iwellguard","http:\/\/delphi.larsbo.org\/user\/iwellguard","https:\/\/jobs.lajobsportal.org\/profiles\/8380803-iwell-guard","https:\/\/md.chaosdorf.de\/s\/jfbe5SBdJD","https:\/\/www.lingvolive.com\/en-us\/profile\/9ecaeaca-ce11-4e51-9e71-01d55e2bff36\/translations","https:\/\/www.fitday.com\/fitness\/forums\/members\/iwellguard.html","https:\/\/www.mymeetbook.com\/iwellguard","https:\/\/pxhere.com\/en\/photographer-me\/5040798","https:\/\/disqus.com\/by\/iwellguard\/about\/","https:\/\/pastelink.net\/hjwciqwq","https:\/\/pubhtml5.com\/homepage\/scjhn\/","https:\/\/www.bitchute.com\/channel\/2O2eOKzNqujT","https:\/\/audiomack.com\/iwellguard"]}]}},"_links":{"self":[{"href":"https:\/\/iwell-guard.com\/ca\/wp-json\/wp\/v2\/pages\/172595","targetHints":{"allow":["GET"]}}],"collection":[{"href":"https:\/\/iwell-guard.com\/ca\/wp-json\/wp\/v2\/pages"}],"about":[{"href":"https:\/\/iwell-guard.com\/ca\/wp-json\/wp\/v2\/types\/page"}],"author":[{"embeddable":true,"href":"https:\/\/iwell-guard.com\/ca\/wp-json\/wp\/v2\/users\/3"}],"replies":[{"embeddable":true,"href":"https:\/\/iwell-guard.com\/ca\/wp-json\/wp\/v2\/comments?post=172595"}],"version-history":[{"count":0,"href":"https:\/\/iwell-guard.com\/ca\/wp-json\/wp\/v2\/pages\/172595\/revisions"}],"wp:featuredmedia":[{"embeddable":true,"href":"https:\/\/iwell-guard.com\/ca\/wp-json\/wp\/v2\/media\/20431"}],"wp:attachment":[{"href":"https:\/\/iwell-guard.com\/ca\/wp-json\/wp\/v2\/media?parent=172595"}],"wp:term":[{"taxonomy":"category","embeddable":true,"href":"https:\/\/iwell-guard.com\/ca\/wp-json\/wp\/v2\/categories?post=172595"}],"curies":[{"name":"wp","href":"https:\/\/api.w.org\/{rel}","templated":true}]}}