{"id":172567,"date":"2026-09-05T15:52:07","date_gmt":"2026-09-05T15:52:07","guid":{"rendered":"https:\/\/iwell-guard.com\/?page_id=172567"},"modified":"2026-09-05T17:13:03","modified_gmt":"2026-09-05T17:13:03","slug":"krampus","status":"publish","type":"page","link":"https:\/\/iwell-guard.com\/ca\/krampus\/","title":{"rendered":"Krampus"},"content":{"rendered":"\t\t<div data-elementor-type=\"wp-page\" data-elementor-id=\"172567\" class=\"elementor elementor-172567 elementor-20474\" data-elementor-post-type=\"page\">\n\t\t\t\t<div class=\"elementor-element elementor-element-10fdade e-flex e-con-boxed e-con e-parent\" data-id=\"10fdade\" data-element_type=\"container\" data-e-type=\"container\" data-settings=\"{&quot;background_background&quot;:&quot;classic&quot;}\">\n\t\t\t\t\t<div class=\"e-con-inner\">\n\t\t<div class=\"elementor-element elementor-element-herohlft0 e-flex e-con-boxed e-con e-child\" data-id=\"herohlft0\" data-element_type=\"container\" data-e-type=\"container\">\n\t\t\t\t\t<div class=\"e-con-inner\">\n\t\t<div class=\"elementor-element elementor-element-c3ceb64 e-con-full e-flex e-con e-child\" data-id=\"c3ceb64\" data-element_type=\"container\" data-e-type=\"container\">\n\t\t\t\t<div class=\"elementor-element elementor-element-96ae5e1 elementor-widget elementor-widget-heading\" data-id=\"96ae5e1\" data-element_type=\"widget\" data-e-type=\"widget\" data-widget_type=\"heading.default\">\n\t\t\t\t\t<h1 class=\"elementor-heading-title elementor-size-default\">Krampus, acompanyant banyut de sant Nicolau<\/h1>\t\t\t\t<\/div>\n\t\t\t\t<div class=\"elementor-element elementor-element-e45238a elementor-widget elementor-widget-text-editor\" data-id=\"e45238a\" data-element_type=\"widget\" data-e-type=\"widget\" data-widget_type=\"text-editor.default\">\n\t\t\t\t\t\t\t\t\t<p>El Krampus \u00e9s un <span class=\"iwg-fachbegriff\" data-tooltip=\"Ser espiritual al qual s'atribueix un efecte perjudicial o ambivalent.\" tabindex=\"0\">dimoni<\/span> de la tradici\u00f3 alpina.<\/p><p><strong>Dimoni hivernal banyut amb vara, cadena i cove.<\/strong><\/p>\t\t\t\t\t\t\t\t<\/div>\n\t\t\t\t<\/div>\n\t\t<div class=\"elementor-element elementor-element-klsbdg01 e-con-full e-flex e-con e-child\" data-id=\"klsbdg01\" data-element_type=\"container\" data-e-type=\"container\">\n\t\t\t\t<div class=\"elementor-element elementor-element-klshtm01 elementor-widget elementor-widget-html\" data-id=\"klshtm01\" data-element_type=\"widget\" data-e-type=\"widget\" data-widget_type=\"html.default\">\n\t\t\t\t\t<div class=\"iwg-pill-row\"><span class=\"iwg-klasse-badge\" tabindex=\"0\" data-tooltip=\"Dimoni: ser sobrenatural amb un efecte generalment perjudicial o ambivalent. Es situa entre d\u00e9us i humans, provoca malaltia, temptaci\u00f3 o mala sort, i s'allunya mitjan\u00e7ant conjurs, objectes apotropaics i rituals.\">Dimoni<\/span><a href=\"https:\/\/iwell-guard.com\/ca\/?page_id=172603\" class=\"iwg-kultur-badge\" tabindex=\"0\" data-tooltip=\"M\u00f3n llegendari de la regi\u00f3 alpina: Baviera, \u00c0ustria, Su\u00efssa i el Tirol del Sud, des dels esperits dels alps fins a les figures de les Rauhn\u00e4chte.\">Regi\u00f3 alpina<\/a><\/div>\t\t\t\t<\/div>\n\t\t\t\t<\/div>\n\t\t<div class=\"elementor-element elementor-element-3f74855 e-con-full e-flex e-con e-child\" data-id=\"3f74855\" data-element_type=\"container\" data-e-type=\"container\">\n\t\t\t\t<div class=\"elementor-element elementor-element-1c30362 elementor-toc--minimized-on-tablet elementor-widget elementor-widget-table-of-contents\" data-id=\"1c30362\" data-element_type=\"widget\" data-e-type=\"widget\" data-settings=\"{&quot;exclude_headings_by_selector&quot;:[],&quot;no_headings_message&quot;:&quot;No s&#039;ha trobat cap encap\\u00e7alament en aquesta p\\u00e0gina.&quot;,&quot;headings_by_tags&quot;:[&quot;h2&quot;,&quot;h3&quot;],&quot;marker_view&quot;:&quot;bullets&quot;,&quot;icon&quot;:{&quot;value&quot;:&quot;fas fa-circle&quot;,&quot;library&quot;:&quot;fa-solid&quot;,&quot;rendered_tag&quot;:&quot;&lt;svg class=\\&quot;e-font-icon-svg e-fas-circle\\&quot; viewBox=\\&quot;0 0 512 512\\&quot; xmlns=\\&quot;http:\\\/\\\/www.w3.org\\\/2000\\\/svg\\&quot;&gt;&lt;path d=\\&quot;M256 8C119 8 8 119 8 256s111 248 248 248 248-111 248-248S393 8 256 8z\\&quot;&gt;&lt;\\\/path&gt;&lt;\\\/svg&gt;&quot;},&quot;minimize_box&quot;:&quot;yes&quot;,&quot;minimized_on&quot;:&quot;tablet&quot;,&quot;hierarchical_view&quot;:&quot;yes&quot;,&quot;min_height&quot;:{&quot;unit&quot;:&quot;px&quot;,&quot;size&quot;:&quot;&quot;,&quot;sizes&quot;:[]},&quot;min_height_tablet&quot;:{&quot;unit&quot;:&quot;px&quot;,&quot;size&quot;:&quot;&quot;,&quot;sizes&quot;:[]},&quot;min_height_mobile&quot;:{&quot;unit&quot;:&quot;px&quot;,&quot;size&quot;:&quot;&quot;,&quot;sizes&quot;:[]}}\" data-widget_type=\"table-of-contents.default\">\n\t\t\t\t\t\t\t\t\t<div class=\"elementor-toc__header\">\n\t\t\t\t\t\t<h2 class=\"elementor-toc__header-title\">\n\t\t\t\t\u00cdndex\t\t\t<\/h2>\n\t\t\t\t\t\t\t\t\t\t<div class=\"elementor-toc__toggle-button elementor-toc__toggle-button--expand\" role=\"button\" tabindex=\"0\" aria-controls=\"elementor-toc__1c30362\" aria-expanded=\"true\" aria-label=\"Open table of contents\"><svg aria-hidden=\"true\" class=\"e-font-icon-svg e-fas-chevron-down\" viewBox=\"0 0 448 512\" xmlns=\"http:\/\/www.w3.org\/2000\/svg\"><path d=\"M207.029 381.476L12.686 187.132c-9.373-9.373-9.373-24.569 0-33.941l22.667-22.667c9.357-9.357 24.522-9.375 33.901-.04L224 284.505l154.745-154.021c9.379-9.335 24.544-9.317 33.901.04l22.667 22.667c9.373 9.373 9.373 24.569 0 33.941L240.971 381.476c-9.373 9.372-24.569 9.372-33.942 0z\"><\/path><\/svg><\/div>\n\t\t\t\t<div class=\"elementor-toc__toggle-button elementor-toc__toggle-button--collapse\" role=\"button\" tabindex=\"0\" aria-controls=\"elementor-toc__1c30362\" aria-expanded=\"true\" aria-label=\"Close table of contents\"><svg aria-hidden=\"true\" class=\"e-font-icon-svg e-fas-chevron-up\" viewBox=\"0 0 448 512\" xmlns=\"http:\/\/www.w3.org\/2000\/svg\"><path d=\"M240.971 130.524l194.343 194.343c9.373 9.373 9.373 24.569 0 33.941l-22.667 22.667c-9.357 9.357-24.522 9.375-33.901.04L224 227.495 69.255 381.516c-9.379 9.335-24.544 9.317-33.901-.04l-22.667-22.667c-9.373-9.373-9.373-24.569 0-33.941L207.03 130.525c9.372-9.373 24.568-9.373 33.941-.001z\"><\/path><\/svg><\/div>\n\t\t\t\t\t<\/div>\n\t\t\t\t<div id=\"elementor-toc__1c30362\" class=\"elementor-toc__body\">\n\t\t\t<div class=\"elementor-toc__spinner-container\">\n\t\t\t\t<svg class=\"elementor-toc__spinner eicon-animation-spin e-font-icon-svg e-eicon-loading\" aria-hidden=\"true\" viewBox=\"0 0 1000 1000\" xmlns=\"http:\/\/www.w3.org\/2000\/svg\"><path d=\"M500 975V858C696 858 858 696 858 500S696 142 500 142 142 304 142 500H25C25 237 238 25 500 25S975 237 975 500 763 975 500 975Z\"><\/path><\/svg>\t\t\t<\/div>\n\t\t<\/div>\n\t\t\t\t\t\t<\/div>\n\t\t\t\t<\/div>\n\t\t\t\t\t<\/div>\n\t\t\t\t<\/div>\n\t\t<div class=\"elementor-element elementor-element-herorght0 e-con-full e-flex e-con e-child\" data-id=\"herorght0\" data-element_type=\"container\" data-e-type=\"container\">\n\t\t\t\t<div class=\"elementor-element elementor-element-heroimg00 iwg-hero-image elementor-widget elementor-widget-image\" data-id=\"heroimg00\" data-element_type=\"widget\" data-e-type=\"widget\" data-widget_type=\"image.default\">\n\t\t\t\t\t\t\t\t\t\t\t\t\t\t\t<img fetchpriority=\"high\" decoding=\"async\" width=\"683\" height=\"1024\" src=\"https:\/\/iwell-guard.com\/wp-content\/uploads\/2026\/07\/daemonen_alpin_krampus-683x1024.webp\" class=\"attachment-large size-large wp-image-172650\" alt=\"Krampus - Dimonis de la tradici\u00f3 alpina, il\u00b7lustraci\u00f3 historicista\" srcset=\"https:\/\/iwell-guard.com\/wp-content\/uploads\/2026\/07\/daemonen_alpin_krampus-683x1024.webp 683w, https:\/\/iwell-guard.com\/wp-content\/uploads\/2026\/07\/daemonen_alpin_krampus-200x300.webp 200w, https:\/\/iwell-guard.com\/wp-content\/uploads\/2026\/07\/daemonen_alpin_krampus-768x1152.webp 768w, https:\/\/iwell-guard.com\/wp-content\/uploads\/2026\/07\/daemonen_alpin_krampus.webp 1024w\" sizes=\"(max-width: 683px) 100vw, 683px\" \/>\t\t\t\t\t\t\t\t\t\t\t\t\t\t\t<\/div>\n\t\t\t\t<\/div>\n\t\t\t\t\t<\/div>\n\t\t\t\t<\/div>\n\t\t<div class=\"elementor-element elementor-element-32917199 e-flex e-con-boxed e-con e-parent\" data-id=\"32917199\" data-element_type=\"container\" data-e-type=\"container\">\n\t\t\t\t\t<div class=\"e-con-inner\">\n\t\t<div class=\"elementor-element elementor-element-26e916cb e-flex e-con-boxed e-con e-child\" data-id=\"26e916cb\" data-element_type=\"container\" data-e-type=\"container\">\n\t\t\t\t\t<div class=\"e-con-inner\">\n\t\t<div class=\"elementor-element elementor-element-253a40d4 e-flex e-con-boxed e-con e-child\" data-id=\"253a40d4\" data-element_type=\"container\" data-e-type=\"container\">\n\t\t\t\t\t<div class=\"e-con-inner\">\n\t\t\t\t<div class=\"elementor-element elementor-element-1200c304 elementor-widget elementor-widget-heading\" data-id=\"1200c304\" data-element_type=\"widget\" data-e-type=\"widget\" data-widget_type=\"heading.default\">\n\t\t\t\t\t<div class=\"elementor-heading-title elementor-size-default\">Krampus<\/div>\t\t\t\t<\/div>\n\t\t\t\t<div class=\"elementor-element elementor-element-11758e7f elementor-widget elementor-widget-text-editor\" data-id=\"11758e7f\" data-element_type=\"widget\" data-e-type=\"widget\" data-widget_type=\"text-editor.default\">\n\t\t\t\t\t\t\t\t\t<p>El Krampus \u00e9s la figura fosca que acompanya sant Nicolau als Alps orientals: banyut, pelut i equipat amb cadena i vara, mentre sant Nicolau obsequia els infants bons. La figura est\u00e0 documentada gr\u00e0ficament des de 1582 a Die\u00dfen am Ammersee, i com a personatge aut\u00f2nom de targetes nom\u00e9s des de mitjans del segle XIX.<\/p><p>A les desfilades de Krampus, de Salzburg a Car\u00edntia, encara avui apareix com una figura demon\u00edaca sorollosa i esporuguidora de l&#8217;\u00e8poca hivernal, amb una m\u00e0scara de fusta tallada, una cadena que sona i una vara de branques de bedoll. La nit del 5 de desembre, vig\u00edlia de la festivitat de sant Nicolau, continua sent la seva data fixa d&#8217;aparici\u00f3.<\/p>\t\t\t\t\t\t\t\t<\/div>\n\t\t\t\t\t<\/div>\n\t\t\t\t<\/div>\n\t\t<div class=\"elementor-element elementor-element-159dcf9a e-flex e-con-boxed e-con e-child\" data-id=\"159dcf9a\" data-element_type=\"container\" data-e-type=\"container\">\n\t\t\t\t\t<div class=\"e-con-inner\">\n\t\t\t\t<div class=\"elementor-element elementor-element-48cee66f elementor-widget elementor-widget-heading\" data-id=\"48cee66f\" data-element_type=\"widget\" data-e-type=\"widget\" data-widget_type=\"heading.default\">\n\t\t\t\t\t<div class=\"elementor-heading-title elementor-size-default\">D'un cop d'ull: Krampus<\/div>\t\t\t\t<\/div>\n\t\t\t\t<div class=\"elementor-element elementor-element-3f50d82c elementor-widget elementor-widget-text-editor\" data-id=\"3f50d82c\" data-element_type=\"widget\" data-e-type=\"widget\" data-widget_type=\"text-editor.default\">\n\t\t\t\t\t\t\t\t\t<p><strong>Tipus:<\/strong> dimoni hivernal i acompanyant de sant Nicolau<br>Origen: Alps orientals, documentat gr\u00e0ficament des de 1582 a Die\u00dfen am Ammersee<br>Textos: actes eclesi\u00e0stics de prohibici\u00f3 des del segle XVII, targetes de Krampus a partir d&#8217;aproximadament 1850<br>Per\u00edode: com a personatge de targetes des de mitjans del segle XIX, tradici\u00f3 encara viva avui<br>Aparen\u00e7a: figura banyuda i pelut amb m\u00e0scara de fusta, cadena, vara i cove<\/p>\t\t\t\t\t\t\t\t<\/div>\n\t\t\t\t\t<\/div>\n\t\t\t\t<\/div>\n\t\t\t\t\t<\/div>\n\t\t\t\t<\/div>\n\t\t\t\t\t<\/div>\n\t\t\t\t<\/div>\n\t\t<div class=\"elementor-element elementor-element-18613602 e-flex e-con-boxed e-con e-parent\" data-id=\"18613602\" data-element_type=\"container\" data-e-type=\"container\">\n\t\t\t\t\t<div class=\"e-con-inner\">\n\t\t\t\t<div class=\"elementor-element elementor-element-262b8a9f elementor-widget elementor-widget-heading\" data-id=\"262b8a9f\" data-element_type=\"widget\" data-e-type=\"widget\" data-widget_type=\"heading.default\">\n\t\t\t\t\t<h2 class=\"elementor-heading-title elementor-size-default\">Rerefons hist\u00f2ric<\/h2>\t\t\t\t<\/div>\n\t\t<div class=\"elementor-element elementor-element-46dcb7d e-con-full e-flex e-con e-child\" data-id=\"46dcb7d\" data-element_type=\"container\" data-e-type=\"container\">\n\t\t<div class=\"elementor-element elementor-element-61d3ab3 e-flex e-con-boxed e-con e-child\" data-id=\"61d3ab3\" data-element_type=\"container\" data-e-type=\"container\">\n\t\t\t\t\t<div class=\"e-con-inner\">\n\t\t\t\t<div class=\"elementor-element elementor-element-117c166 elementor-widget elementor-widget-heading\" data-id=\"117c166\" data-element_type=\"widget\" data-e-type=\"widget\" data-widget_type=\"heading.default\">\n\t\t\t\t\t<h3 class=\"elementor-heading-title elementor-size-default\">Per\u00edode dels textos<\/h3>\t\t\t\t<\/div>\n\t\t\t\t<div class=\"elementor-element elementor-element-73997a0 elementor-widget elementor-widget-text-editor\" data-id=\"73997a0\" data-element_type=\"widget\" data-e-type=\"widget\" data-widget_type=\"text-editor.default\">\n\t\t\t\t\t\t\t\t\t<p>Documentat gr\u00e0ficament des de 1582 a Die\u00dfen am Ammersee, com a personatge aut\u00f2nom de targetes nom\u00e9s des de mitjans del segle XIX. Les actes eclesi\u00e0stiques de prohibici\u00f3 es remunten fins al segle XVII.<\/p>\t\t\t\t\t\t\t\t<\/div>\n\t\t\t\t\t<\/div>\n\t\t\t\t<\/div>\n\t\t<div class=\"elementor-element elementor-element-d47b156 e-flex e-con-boxed e-con e-child\" data-id=\"d47b156\" data-element_type=\"container\" data-e-type=\"container\">\n\t\t\t\t\t<div class=\"e-con-inner\">\n\t\t\t\t<div class=\"elementor-element elementor-element-ff38c2b elementor-widget elementor-widget-heading\" data-id=\"ff38c2b\" data-element_type=\"widget\" data-e-type=\"widget\" data-widget_type=\"heading.default\">\n\t\t\t\t\t<h3 class=\"elementor-heading-title elementor-size-default\">\u00c0rea de difusi\u00f3<\/h3>\t\t\t\t<\/div>\n\t\t\t\t<div class=\"elementor-element elementor-element-4e49fcc elementor-widget elementor-widget-text-editor\" data-id=\"4e49fcc\" data-element_type=\"widget\" data-e-type=\"widget\" data-widget_type=\"text-editor.default\">\n\t\t\t\t\t\t\t\t\t<p>Salzburg, Tirol, Car\u00edntia, Est\u00edria, Baviera i el Tirol del Sud: el Krampus est\u00e0 present a tota la regi\u00f3 dels Alps orientals i les regions ve\u00efnes bavareses.<\/p>\t\t\t\t\t\t\t\t<\/div>\n\t\t\t\t\t<\/div>\n\t\t\t\t<\/div>\n\t\t\t\t<\/div>\n\t\t<div class=\"elementor-element elementor-element-db03c39 e-con-full e-flex e-con e-child\" data-id=\"db03c39\" data-element_type=\"container\" data-e-type=\"container\">\n\t\t<div class=\"elementor-element elementor-element-229a87b e-flex e-con-boxed e-con e-child\" data-id=\"229a87b\" data-element_type=\"container\" data-e-type=\"container\">\n\t\t\t\t\t<div class=\"e-con-inner\">\n\t\t\t\t<div class=\"elementor-element elementor-element-1f471fc elementor-widget elementor-widget-heading\" data-id=\"1f471fc\" data-element_type=\"widget\" data-e-type=\"widget\" data-widget_type=\"heading.default\">\n\t\t\t\t\t<h3 class=\"elementor-heading-title elementor-size-default\">Estat de les fonts<\/h3>\t\t\t\t<\/div>\n\t\t\t\t<div class=\"elementor-element elementor-element-36b1201 elementor-widget elementor-widget-text-editor\" data-id=\"36b1201\" data-element_type=\"widget\" data-e-type=\"widget\" data-widget_type=\"text-editor.default\">\n\t\t\t\t\t\t\t\t\t<p>Ben documentat mitjan\u00e7ant actes eclesi\u00e0stiques de prohibici\u00f3 des del segle XVII, targetes de Krampus a partir d&#8217;aproximadament 1850 i descripcions etnogr\u00e0fiques de les desfilades de Krampus i Perchten.<\/p>\t\t\t\t\t\t\t\t<\/div>\n\t\t\t\t\t<\/div>\n\t\t\t\t<\/div>\n\t\t\t\t<\/div>\n\t\t\t\t\t<\/div>\n\t\t\t\t<\/div>\n\t\t<div class=\"elementor-element elementor-element-3ae0637c e-flex e-con-boxed e-con e-parent\" data-id=\"3ae0637c\" data-element_type=\"container\" data-e-type=\"container\">\n\t\t\t\t\t<div class=\"e-con-inner\">\n\t\t\t\t<div class=\"elementor-element elementor-element-31d07739 elementor-widget elementor-widget-heading\" data-id=\"31d07739\" data-element_type=\"widget\" data-e-type=\"widget\" data-widget_type=\"heading.default\">\n\t\t\t\t\t<h2 class=\"elementor-heading-title elementor-size-default\">Nom i variants<\/h2>\t\t\t\t<\/div>\n\t\t<div class=\"elementor-element elementor-element-b7642947 e-con-full e-flex e-con e-child\" data-id=\"b7642947\" data-element_type=\"container\" data-e-type=\"container\">\n\t\t\t\t<div class=\"elementor-element elementor-element-a086266 elementor-widget elementor-widget-text-editor\" data-id=\"a086266\" data-element_type=\"widget\" data-e-type=\"widget\" data-widget_type=\"text-editor.default\">\n\t\t\t\t\t\t\t\t\t<p><strong>Bavar\u00e8s-austr\u00edac:<\/strong> el nom sol atribuir-se a Krampen, un mot que designa alguna cosa marcida o amb forma de garra, emparentat amb el baix alemany mitj\u00e0 krampe, ganxo. La derivaci\u00f3 exacta no es considera del tot confirmada.<\/p>\t\t\t\t\t\t\t\t<\/div>\n\t\t\t\t<\/div>\n\t\t\t\t\t<\/div>\n\t\t\t\t<\/div>\n\t\t<div class=\"elementor-element elementor-element-709a44a8 e-flex e-con-boxed e-con e-parent\" data-id=\"709a44a8\" data-element_type=\"container\" data-e-type=\"container\">\n\t\t\t\t\t<div class=\"e-con-inner\">\n\t\t\t\t<div class=\"elementor-element elementor-element-2f585873 elementor-widget elementor-widget-heading\" data-id=\"2f585873\" data-element_type=\"widget\" data-e-type=\"widget\" data-widget_type=\"heading.default\">\n\t\t\t\t\t<h2 class=\"elementor-heading-title elementor-size-default\">Aparen\u00e7a i simbolisme<\/h2>\t\t\t\t<\/div>\n\t\t<div class=\"elementor-element elementor-element-70621c12 e-con-full e-flex e-con e-child\" data-id=\"70621c12\" data-element_type=\"container\" data-e-type=\"container\">\n\t\t\t\t<div class=\"elementor-element elementor-element-4296eb49 elementor-widget elementor-widget-text-editor\" data-id=\"4296eb49\" data-element_type=\"widget\" data-e-type=\"widget\" data-widget_type=\"text-editor.default\">\n\t\t\t\t\t\t\t\t\t<p><strong>Aparen\u00e7a<\/strong><\/p><p>Banyut, amb la llengua llarga i cobert de pelatge, la m\u00e0scara tradicionalment tallada en fusta de pi negre o de til\u00b7ler; cada colla t\u00e9 els seus propis estils de m\u00e0scara. S\u00f3n caracter\u00edstiques la cadena que sona, la vara de branques de bedoll i el cove a l&#8217;esquena.<\/p><p><strong>Efecte<\/strong><\/p><p>La combinaci\u00f3 de soroll, pelatge i cadena el converteix alhora en un ser sotm\u00e8s i un ser que sotmet: un dimoni hivernal al servei de sant Nicolau que conserva visiblement la seva amena\u00e7a original. En alguns llocs, un conjunt de cascavells intensifica encara m\u00e9s el soroll de la seva aparici\u00f3.<\/p>\t\t\t\t\t\t\t\t<\/div>\n\t\t\t\t<\/div>\n\t\t\t\t\t<\/div>\n\t\t\t\t<\/div>\n\t\t<div class=\"elementor-element elementor-element-44e71476 e-flex e-con-boxed e-con e-parent\" data-id=\"44e71476\" data-element_type=\"container\" data-e-type=\"container\">\n\t\t\t\t\t<div class=\"e-con-inner\">\n\t\t\t\t<div class=\"elementor-element elementor-element-3c1fc3f0 elementor-widget elementor-widget-heading\" data-id=\"3c1fc3f0\" data-element_type=\"widget\" data-e-type=\"widget\" data-widget_type=\"heading.default\">\n\t\t\t\t\t<h2 class=\"elementor-heading-title elementor-size-default\">Fitxa: Krampus<\/h2>\t\t\t\t<\/div>\n\t\t<div class=\"elementor-element elementor-element-84f33b8e e-con-full e-flex e-con e-child\" data-id=\"84f33b8e\" data-element_type=\"container\" data-e-type=\"container\">\n\t\t\t\t<div class=\"elementor-element elementor-element-hqkdc67p elementor-widget elementor-widget-text-editor\" data-id=\"hqkdc67p\" data-element_type=\"widget\" data-e-type=\"widget\" data-widget_type=\"text-editor.default\">\n\t\t\t\t\t\t\t\t\t<p>Els aspectes m\u00e9s importants de la figura de la vara d&#8217;un cop d&#8217;ull.<\/p>\t\t\t\t\t\t\t\t<\/div>\n\t\t\t\t<\/div>\n\t\t<div class=\"elementor-element elementor-element-pemmx7c5 e-con-full e-flex e-con e-child\" data-id=\"pemmx7c5\" data-element_type=\"container\" data-e-type=\"container\">\n\t\t<div class=\"elementor-element elementor-element-pemmx7c1 e-con-full e-flex e-con e-child\" data-id=\"pemmx7c1\" data-element_type=\"container\" data-e-type=\"container\">\n\t\t<div class=\"elementor-element elementor-element-qh9oavvu iwg-steckbrief-card e-flex e-con-boxed e-con e-child\" data-id=\"qh9oavvu\" data-element_type=\"container\" data-e-type=\"container\">\n\t\t\t\t\t<div class=\"e-con-inner\">\n\t\t\t\t<div class=\"elementor-element elementor-element-awzx8k2k elementor-widget elementor-widget-heading\" data-id=\"awzx8k2k\" data-element_type=\"widget\" data-e-type=\"widget\" data-widget_type=\"heading.default\">\n\t\t\t\t\t<div class=\"elementor-heading-title elementor-size-default\">Tradici\u00f3<\/div>\t\t\t\t<\/div>\n\t\t\t\t<div class=\"elementor-element elementor-element-x6rowhv0 elementor-widget elementor-widget-text-editor\" data-id=\"x6rowhv0\" data-element_type=\"widget\" data-e-type=\"widget\" data-widget_type=\"text-editor.default\">\n\t\t\t\t\t\t\t\t\t<p>Figura hivernal acompanyant de sant Nicolau als Alps orientals, establerta des de la Contrareforma com una parella fixa de recompensa i c\u00e0stig.<\/p>\t\t\t\t\t\t\t\t<\/div>\n\t\t\t\t\t<\/div>\n\t\t\t\t<\/div>\n\t\t<div class=\"elementor-element elementor-element-8e3o4kxs iwg-steckbrief-card e-flex e-con-boxed e-con e-child\" data-id=\"8e3o4kxs\" data-element_type=\"container\" data-e-type=\"container\">\n\t\t\t\t\t<div class=\"e-con-inner\">\n\t\t\t\t<div class=\"elementor-element elementor-element-08rkdgov elementor-widget elementor-widget-heading\" data-id=\"08rkdgov\" data-element_type=\"widget\" data-e-type=\"widget\" data-widget_type=\"heading.default\">\n\t\t\t\t\t<div class=\"elementor-heading-title elementor-size-default\">Relacionat amb<\/div>\t\t\t\t<\/div>\n\t\t\t\t<div class=\"elementor-element elementor-element-uwjelx8s elementor-widget elementor-widget-text-editor\" data-id=\"uwjelx8s\" data-element_type=\"widget\" data-e-type=\"widget\" data-widget_type=\"text-editor.default\">\n\t\t\t\t\t\t\t\t\t<p>Els infants malcriats com a p\u00fablic declarat de l&#8217;amena\u00e7a, i a la desfilada, a m\u00e9s, tot el p\u00fablic reunit a les desfilades de Krampus.<\/p>\t\t\t\t\t\t\t\t<\/div>\n\t\t\t\t\t<\/div>\n\t\t\t\t<\/div>\n\t\t<div class=\"elementor-element elementor-element-jm2n74ec iwg-steckbrief-card e-flex e-con-boxed e-con e-child\" data-id=\"jm2n74ec\" data-element_type=\"container\" data-e-type=\"container\">\n\t\t\t\t\t<div class=\"e-con-inner\">\n\t\t\t\t<div class=\"elementor-element elementor-element-8vufse4c elementor-widget elementor-widget-heading\" data-id=\"8vufse4c\" data-element_type=\"widget\" data-e-type=\"widget\" data-widget_type=\"heading.default\">\n\t\t\t\t\t<div class=\"elementor-heading-title elementor-size-default\">Representaci\u00f3<\/div>\t\t\t\t<\/div>\n\t\t\t\t<div class=\"elementor-element elementor-element-mwb9u015 elementor-widget elementor-widget-text-editor\" data-id=\"mwb9u015\" data-element_type=\"widget\" data-e-type=\"widget\" data-widget_type=\"text-editor.default\">\n\t\t\t\t\t\t\t\t\t<p>M\u00e0scara de fusta tallada, pelatge, cadena, vara de branques de bedoll i el cove a l&#8217;esquena; la forma de les banyes i la llargada de la llengua varien d&#8217;una colla a l&#8217;altra.<\/p>\t\t\t\t\t\t\t\t<\/div>\n\t\t\t\t\t<\/div>\n\t\t\t\t<\/div>\n\t\t\t\t<\/div>\n\t\t<div class=\"elementor-element elementor-element-pemmx7c2 e-con-full e-flex e-con e-child\" data-id=\"pemmx7c2\" data-element_type=\"container\" data-e-type=\"container\">\n\t\t<div class=\"elementor-element elementor-element-37ss2yr6 iwg-steckbrief-card e-flex e-con-boxed e-con e-child\" data-id=\"37ss2yr6\" data-element_type=\"container\" data-e-type=\"container\">\n\t\t\t\t\t<div class=\"e-con-inner\">\n\t\t\t\t<div class=\"elementor-element elementor-element-3v0wp3wx elementor-widget elementor-widget-heading\" data-id=\"3v0wp3wx\" data-element_type=\"widget\" data-e-type=\"widget\" data-widget_type=\"heading.default\">\n\t\t\t\t\t<div class=\"elementor-heading-title elementor-size-default\">Funci\u00f3<\/div>\t\t\t\t<\/div>\n\t\t\t\t<div class=\"elementor-element elementor-element-w3247g2m elementor-widget elementor-widget-text-editor\" data-id=\"w3247g2m\" data-element_type=\"widget\" data-e-type=\"widget\" data-widget_type=\"text-editor.default\">\n\t\t\t\t\t\t\t\t\t<p>Figura de contrast punitiva davant el sant Nicolau que recompensa, amb un paper m\u00e9s antic com a esperit hivernal errant, temut durant les Rauhn\u00e4chte.<\/p>\t\t\t\t\t\t\t\t<\/div>\n\t\t\t\t\t<\/div>\n\t\t\t\t<\/div>\n\t\t<div class=\"elementor-element elementor-element-0qpjal9w iwg-steckbrief-card e-flex e-con-boxed e-con e-child\" data-id=\"0qpjal9w\" data-element_type=\"container\" data-e-type=\"container\">\n\t\t\t\t\t<div class=\"e-con-inner\">\n\t\t\t\t<div class=\"elementor-element elementor-element-6ndoih0o elementor-widget elementor-widget-heading\" data-id=\"6ndoih0o\" data-element_type=\"widget\" data-e-type=\"widget\" data-widget_type=\"heading.default\">\n\t\t\t\t\t<div class=\"elementor-heading-title elementor-size-default\">Formes de defensa<\/div>\t\t\t\t<\/div>\n\t\t\t\t<div class=\"elementor-element elementor-element-6684tyh9 elementor-widget elementor-widget-text-editor\" data-id=\"6684tyh9\" data-element_type=\"widget\" data-e-type=\"widget\" data-widget_type=\"text-editor.default\">\n\t\t\t\t\t\t\t\t\t<p>Fumigaci\u00f3 amb encens, soroll de campanes i cadenes, benedicci\u00f3 eclesi\u00e0stica del ti\u00f3 i aigua beneita al voltant del dia de sant Nicolau.<\/p>\t\t\t\t\t\t\t\t<\/div>\n\t\t\t\t\t<\/div>\n\t\t\t\t<\/div>\n\t\t<div class=\"elementor-element elementor-element-3lfi7x32 iwg-steckbrief-card e-flex e-con-boxed e-con e-child\" data-id=\"3lfi7x32\" data-element_type=\"container\" data-e-type=\"container\">\n\t\t\t\t\t<div class=\"e-con-inner\">\n\t\t\t\t<div class=\"elementor-element elementor-element-0kg99ga1 elementor-widget elementor-widget-heading\" data-id=\"0kg99ga1\" data-element_type=\"widget\" data-e-type=\"widget\" data-widget_type=\"heading.default\">\n\t\t\t\t\t<div class=\"elementor-heading-title elementor-size-default\">Elements comparables<\/div>\t\t\t\t<\/div>\n\t\t\t\t<div class=\"elementor-element elementor-element-n0fum6kp elementor-widget elementor-widget-text-editor\" data-id=\"n0fum6kp\" data-element_type=\"widget\" data-e-type=\"widget\" data-widget_type=\"text-editor.default\">\n\t\t\t\t\t\t\t\t\t<p>L&#8217;<a href=\"https:\/\/iwell-guard.com\/ca\/oni\/\">Oni<\/a> japon\u00e8s com a exemple comparatiu lluny\u00e0 d&#8217;exorcisme ritual de dimonis, a m\u00e9s de parents regionals com el Klaubauf i el Buttnmandl.<\/p>\t\t\t\t\t\t\t\t<\/div>\n\t\t\t\t\t<\/div>\n\t\t\t\t<\/div>\n\t\t\t\t<\/div>\n\t\t\t\t<\/div>\n\t\t\t\t\t<\/div>\n\t\t\t\t<\/div>\n\t\t<div class=\"elementor-element elementor-element-15d411e e-flex e-con-boxed e-con e-parent\" data-id=\"15d411e\" data-element_type=\"container\" data-e-type=\"container\">\n\t\t\t\t\t<div class=\"e-con-inner\">\n\t\t\t\t<div class=\"elementor-element elementor-element- elementor-widget elementor-widget-heading\" data-id=\"\" data-element_type=\"widget\" data-e-type=\"widget\" data-widget_type=\"heading.default\">\n\t\t\t\t\t<h2 class=\"elementor-heading-title elementor-size-default\">Interpretaci\u00f3: l'espant amb una funci\u00f3<\/h2>\t\t\t\t<\/div>\n\t\t<div class=\"elementor-element elementor-element- e-con-full e-flex e-con e-child\" data-id=\"\" data-element_type=\"container\" data-e-type=\"container\">\n\t\t\t\t<div class=\"elementor-element elementor-element- elementor-widget elementor-widget-text-editor\" data-id=\"\" data-element_type=\"widget\" data-e-type=\"widget\" data-widget_type=\"text-editor.default\">\n\t\t\t\t\t\t\t\t\t<p>La ci\u00e8ncia de les religions llegeix el Krampus com una figura terror\u00edfica ordenada. El costum posa en escena la por de manera controlada, la vincula a regles i la resol al final. L&#8217;infant viu l&#8217;amena\u00e7a, per\u00f2 tamb\u00e9 experimenta que passa i que el sant t\u00e9 l&#8217;\u00faltima paraula.<\/p><p>A aix\u00f2 s&#8217;hi afegeix una lectura apotropaica, \u00e9s a dir, la interpretaci\u00f3 del soroll i la m\u00e0scara com a mitjans contra el mal. Esquelles, crits i cara aterridora haurien, segons aquesta lectura, d&#8217;allunyar la foscor de l&#8217;hivern. Aquesta interpretaci\u00f3 \u00e9s molt estesa, per\u00f2 com a explicaci\u00f3 hist\u00f2rica del costum continua sent una hip\u00f2tesi.<\/p><p>Destacable \u00e9s el doble paper de la figura: el Krampus encarna l&#8217;amena\u00e7a i alhora la conjura. Qui porta la m\u00e0scara fa que l&#8217;espant sigui manejable. Precisament aquesta l\u00f2gica vincula el costum alp\u00ed amb pr\u00e0ctiques de protecci\u00f3 de moltes cultures, que donen un rostre al mal per poder controlar-lo.<\/p>\t\t\t\t\t\t\t\t<\/div>\n\t\t\t\t<\/div>\n\t\t\t\t\t<\/div>\n\t\t\t\t<\/div>\n\t\t<div class=\"elementor-element elementor-element-48c3e6f e-flex e-con-boxed e-con e-parent\" data-id=\"48c3e6f\" data-element_type=\"container\" data-e-type=\"container\">\n\t\t\t\t\t<div class=\"e-con-inner\">\n\t\t\t\t<div class=\"elementor-element elementor-element- elementor-widget elementor-widget-heading\" data-id=\"\" data-element_type=\"widget\" data-e-type=\"widget\" data-widget_type=\"heading.default\">\n\t\t\t\t\t<h2 class=\"elementor-heading-title elementor-size-default\">Interpretaci\u00f3: l'espant amb una funci\u00f3<\/h2>\t\t\t\t<\/div>\n\t\t<div class=\"elementor-element elementor-element- e-con-full e-flex e-con e-child\" data-id=\"\" data-element_type=\"container\" data-e-type=\"container\">\n\t\t\t\t<div class=\"elementor-element elementor-element- elementor-widget elementor-widget-text-editor\" data-id=\"\" data-element_type=\"widget\" data-e-type=\"widget\" data-widget_type=\"text-editor.default\">\n\t\t\t\t\t\t\t\t\t<p>La ci\u00e8ncia de les religions llegeix el Krampus com una figura terror\u00edfica ordenada. El costum posa en escena la por de manera controlada, la vincula a regles i la resol al final. L&#8217;infant viu l&#8217;amena\u00e7a, per\u00f2 tamb\u00e9 experimenta que passa i que el sant t\u00e9 l&#8217;\u00faltima paraula.<\/p><p>A aix\u00f2 s&#8217;hi afegeix una lectura apotropaica, \u00e9s a dir, la interpretaci\u00f3 del soroll i la m\u00e0scara com a mitjans contra el mal. Esquelles, crits i cara aterridora haurien, segons aquesta lectura, d&#8217;allunyar la foscor de l&#8217;hivern. Aquesta interpretaci\u00f3 \u00e9s molt estesa, per\u00f2 com a explicaci\u00f3 hist\u00f2rica del costum continua sent una hip\u00f2tesi.<\/p><p>Destacable \u00e9s el doble paper de la figura: el Krampus encarna l&#8217;amena\u00e7a i alhora la conjura. Qui porta la m\u00e0scara fa que l&#8217;espant sigui manejable. Precisament aquesta l\u00f2gica vincula el costum alp\u00ed amb pr\u00e0ctiques de protecci\u00f3 de moltes cultures, que donen un rostre al mal per poder controlar-lo.<\/p>\t\t\t\t\t\t\t\t<\/div>\n\t\t\t\t<\/div>\n\t\t\t\t\t<\/div>\n\t\t\t\t<\/div>\n\t\t<div class=\"elementor-element elementor-element-44e12e3 e-flex e-con-boxed e-con e-parent\" data-id=\"44e12e3\" data-element_type=\"container\" data-e-type=\"container\">\n\t\t\t\t\t<div class=\"e-con-inner\">\n\t\t\t\t<div class=\"elementor-element elementor-element- elementor-widget elementor-widget-heading\" data-id=\"\" data-element_type=\"widget\" data-e-type=\"widget\" data-widget_type=\"heading.default\">\n\t\t\t\t\t<h2 class=\"elementor-heading-title elementor-size-default\">Interpretaci\u00f3: l'espant amb una funci\u00f3<\/h2>\t\t\t\t<\/div>\n\t\t<div class=\"elementor-element elementor-element- e-con-full e-flex e-con e-child\" data-id=\"\" data-element_type=\"container\" data-e-type=\"container\">\n\t\t\t\t<div class=\"elementor-element elementor-element- elementor-widget elementor-widget-text-editor\" data-id=\"\" data-element_type=\"widget\" data-e-type=\"widget\" data-widget_type=\"text-editor.default\">\n\t\t\t\t\t\t\t\t\t<p>La ci\u00e8ncia de les religions llegeix el Krampus com una figura terror\u00edfica ordenada. El costum posa en escena la por de manera controlada, la vincula a regles i la resol al final. L&#8217;infant viu l&#8217;amena\u00e7a, per\u00f2 tamb\u00e9 experimenta que passa i que el sant t\u00e9 l&#8217;\u00faltima paraula.<\/p><p>A aix\u00f2 s&#8217;hi afegeix una lectura apotropaica, \u00e9s a dir, la interpretaci\u00f3 del soroll i la m\u00e0scara com a mitjans contra el mal. Esquelles, crits i cara aterridora haurien, segons aquesta lectura, d&#8217;allunyar la foscor de l&#8217;hivern. Aquesta interpretaci\u00f3 \u00e9s molt estesa, per\u00f2 com a explicaci\u00f3 hist\u00f2rica del costum continua sent una hip\u00f2tesi.<\/p><p>Destacable \u00e9s el doble paper de la figura: el Krampus encarna l&#8217;amena\u00e7a i alhora la conjura. Qui porta la m\u00e0scara fa que l&#8217;espant sigui manejable. Precisament aquesta l\u00f2gica vincula el costum alp\u00ed amb pr\u00e0ctiques de protecci\u00f3 de moltes cultures, que donen un rostre al mal per poder controlar-lo.<\/p>\t\t\t\t\t\t\t\t<\/div>\n\t\t\t\t<\/div>\n\t\t\t\t\t<\/div>\n\t\t\t\t<\/div>\n\t\t<div class=\"elementor-element elementor-element-963f3bd e-flex e-con-boxed e-con e-parent\" data-id=\"963f3bd\" data-element_type=\"container\" data-e-type=\"container\">\n\t\t\t\t\t<div class=\"e-con-inner\">\n\t\t\t\t<div class=\"elementor-element elementor-element- elementor-widget elementor-widget-heading\" data-id=\"\" data-element_type=\"widget\" data-e-type=\"widget\" data-widget_type=\"heading.default\">\n\t\t\t\t\t<h2 class=\"elementor-heading-title elementor-size-default\">Interpretaci\u00f3: l'espant amb una funci\u00f3<\/h2>\t\t\t\t<\/div>\n\t\t<div class=\"elementor-element elementor-element- e-con-full e-flex e-con e-child\" data-id=\"\" data-element_type=\"container\" data-e-type=\"container\">\n\t\t\t\t<div class=\"elementor-element elementor-element- elementor-widget elementor-widget-text-editor\" data-id=\"\" data-element_type=\"widget\" data-e-type=\"widget\" data-widget_type=\"text-editor.default\">\n\t\t\t\t\t\t\t\t\t<p>La ci\u00e8ncia de les religions llegeix el Krampus com una figura terror\u00edfica ordenada. El costum posa en escena la por de manera controlada, la vincula a regles i la resol al final. L&#8217;infant viu l&#8217;amena\u00e7a, per\u00f2 tamb\u00e9 experimenta que passa i que el sant t\u00e9 l&#8217;\u00faltima paraula.<\/p><p>A aix\u00f2 s&#8217;hi afegeix una lectura apotropaica, \u00e9s a dir, la interpretaci\u00f3 del soroll i la m\u00e0scara com a mitjans contra el mal. Esquelles, crits i cara aterridora haurien, segons aquesta lectura, d&#8217;allunyar la foscor de l&#8217;hivern. Aquesta interpretaci\u00f3 \u00e9s molt estesa, per\u00f2 com a explicaci\u00f3 hist\u00f2rica del costum continua sent una hip\u00f2tesi.<\/p><p>Destacable \u00e9s el doble paper de la figura: el Krampus encarna l&#8217;amena\u00e7a i alhora la conjura. Qui porta la m\u00e0scara fa que l&#8217;espant sigui manejable. Precisament aquesta l\u00f2gica vincula el costum alp\u00ed amb pr\u00e0ctiques de protecci\u00f3 de moltes cultures, que donen un rostre al mal per poder controlar-lo.<\/p>\t\t\t\t\t\t\t\t<\/div>\n\t\t\t\t<\/div>\n\t\t\t\t\t<\/div>\n\t\t\t\t<\/div>\n\t\t<div class=\"elementor-element elementor-element-28db130 e-flex e-con-boxed e-con e-parent\" data-id=\"28db130\" data-element_type=\"container\" data-e-type=\"container\">\n\t\t\t\t\t<div class=\"e-con-inner\">\n\t\t\t\t<div class=\"elementor-element elementor-element- elementor-widget elementor-widget-heading\" data-id=\"\" data-element_type=\"widget\" data-e-type=\"widget\" data-widget_type=\"heading.default\">\n\t\t\t\t\t<h2 class=\"elementor-heading-title elementor-size-default\">Interpretaci\u00f3: l'espant amb una funci\u00f3<\/h2>\t\t\t\t<\/div>\n\t\t<div class=\"elementor-element elementor-element- e-con-full e-flex e-con e-child\" data-id=\"\" data-element_type=\"container\" data-e-type=\"container\">\n\t\t\t\t<div class=\"elementor-element elementor-element- elementor-widget elementor-widget-text-editor\" data-id=\"\" data-element_type=\"widget\" data-e-type=\"widget\" data-widget_type=\"text-editor.default\">\n\t\t\t\t\t\t\t\t\t<p>La ci\u00e8ncia de les religions llegeix el Krampus com una figura terror\u00edfica ordenada. El costum posa en escena la por de manera controlada, la vincula a regles i la resol al final. L&#8217;infant viu l&#8217;amena\u00e7a, per\u00f2 tamb\u00e9 experimenta que passa i que el sant t\u00e9 l&#8217;\u00faltima paraula.<\/p><p>A aix\u00f2 s&#8217;hi afegeix una lectura apotropaica, \u00e9s a dir, la interpretaci\u00f3 del soroll i la m\u00e0scara com a mitjans contra el mal. Esquelles, crits i cara aterridora haurien, segons aquesta lectura, d&#8217;allunyar la foscor de l&#8217;hivern. Aquesta interpretaci\u00f3 \u00e9s molt estesa, per\u00f2 com a explicaci\u00f3 hist\u00f2rica del costum continua sent una hip\u00f2tesi.<\/p><p>Destacable \u00e9s el doble paper de la figura: el Krampus encarna l&#8217;amena\u00e7a i alhora la conjura. Qui porta la m\u00e0scara fa que l&#8217;espant sigui manejable. Precisament aquesta l\u00f2gica vincula el costum alp\u00ed amb pr\u00e0ctiques de protecci\u00f3 de moltes cultures, que donen un rostre al mal per poder controlar-lo.<\/p>\t\t\t\t\t\t\t\t<\/div>\n\t\t\t\t<\/div>\n\t\t\t\t\t<\/div>\n\t\t\t\t<\/div>\n\t\t<div class=\"elementor-element elementor-element-a49137d e-flex e-con-boxed e-con e-parent\" data-id=\"a49137d\" data-element_type=\"container\" data-e-type=\"container\">\n\t\t\t\t\t<div class=\"e-con-inner\">\n\t\t\t\t<div class=\"elementor-element elementor-element- elementor-widget elementor-widget-heading\" data-id=\"\" data-element_type=\"widget\" data-e-type=\"widget\" data-widget_type=\"heading.default\">\n\t\t\t\t\t<h2 class=\"elementor-heading-title elementor-size-default\">Interpretaci\u00f3: l'espant amb una funci\u00f3<\/h2>\t\t\t\t<\/div>\n\t\t<div class=\"elementor-element elementor-element- e-con-full e-flex e-con e-child\" data-id=\"\" data-element_type=\"container\" data-e-type=\"container\">\n\t\t\t\t<div class=\"elementor-element elementor-element- elementor-widget elementor-widget-text-editor\" data-id=\"\" data-element_type=\"widget\" data-e-type=\"widget\" data-widget_type=\"text-editor.default\">\n\t\t\t\t\t\t\t\t\t<p>La ci\u00e8ncia de les religions llegeix el Krampus com una figura terror\u00edfica ordenada. El costum posa en escena la por de manera controlada, la vincula a regles i la resol al final. L&#8217;infant viu l&#8217;amena\u00e7a, per\u00f2 tamb\u00e9 experimenta que passa i que el sant t\u00e9 l&#8217;\u00faltima paraula.<\/p><p>A aix\u00f2 s&#8217;hi afegeix una lectura apotropaica, \u00e9s a dir, la interpretaci\u00f3 del soroll i la m\u00e0scara com a mitjans contra el mal. Esquelles, crits i cara aterridora haurien, segons aquesta lectura, d&#8217;allunyar la foscor de l&#8217;hivern. Aquesta interpretaci\u00f3 \u00e9s molt estesa, per\u00f2 com a explicaci\u00f3 hist\u00f2rica del costum continua sent una hip\u00f2tesi.<\/p><p>Destacable \u00e9s el doble paper de la figura: el Krampus encarna l&#8217;amena\u00e7a i alhora la conjura. Qui porta la m\u00e0scara fa que l&#8217;espant sigui manejable. Precisament aquesta l\u00f2gica vincula el costum alp\u00ed amb pr\u00e0ctiques de protecci\u00f3 de moltes cultures, que donen un rostre al mal per poder controlar-lo.<\/p>\t\t\t\t\t\t\t\t<\/div>\n\t\t\t\t<\/div>\n\t\t\t\t\t<\/div>\n\t\t\t\t<\/div>\n\t\t<div class=\"elementor-element elementor-element-7533bc7a e-flex e-con-boxed e-con e-parent\" data-id=\"7533bc7a\" data-element_type=\"container\" data-e-type=\"container\">\n\t\t\t\t\t<div class=\"e-con-inner\">\n\t\t\t\t<div class=\"elementor-element elementor-element-2447d18d elementor-widget elementor-widget-heading\" data-id=\"2447d18d\" data-element_type=\"widget\" data-e-type=\"widget\" data-widget_type=\"heading.default\">\n\t\t\t\t\t<h2 class=\"elementor-heading-title elementor-size-default\">De la ca\u00e7a de les Perchten a la targeta del Krampus<\/h2>\t\t\t\t<\/div>\n\t\t<div class=\"elementor-element elementor-element-d5d0260c e-con-full e-flex e-con e-child\" data-id=\"d5d0260c\" data-element_type=\"container\" data-e-type=\"container\">\n\t\t\t\t<div class=\"elementor-element elementor-element-341be2ac elementor-widget elementor-widget-text-editor\" data-id=\"341be2ac\" data-element_type=\"widget\" data-e-type=\"widget\" data-widget_type=\"text-editor.default\">\n\t\t\t\t\t\t\t\t\t<p>El testimoni m\u00e9s antic conegut d&#8217;una desfilada d&#8217;aquest tipus data de l&#8217;any 1582 a Die\u00dfen am Ammersee, on els participants d&#8217;una ca\u00e7a de Perchten van ser recompensats per foragitar els mals esperits de l&#8217;hivern. La vinculaci\u00f3 entre Sant Nicolau i el Krampus com a parella oposada de recompensa i c\u00e0stig es va consolidar en l&#8217;\u00e8poca de la Contrareforma, quan l&#8217;Esgl\u00e9sia cat\u00f2lica volia enfortir el culte a Sant Nicolau. Als segles XVII i XVIII, les desfilades de Perchten i Krampus a Baviera, Salzburg i el Tirol van ser prohibides repetidament com a aldarulls contraris a la policia i la religi\u00f3, ja que sovint degeneraven en gresques amb beguda.<\/p><p>A partir de mitjan segle XIX van sorgir les anomenades targetes del Krampus, amb les quals hom desitjava en broma als coneguts una pallissa a c\u00e0rrec del Krampus. Regionalment apareixen figures emparentades amb altres noms, com el Klaubauf o el Buttnmandl; als segles XX i XXI el Krampus es va estendre m\u00e9s enll\u00e0 de la regi\u00f3 alpina i va ser adoptat tamb\u00e9 internacionalment.<\/p>\t\t\t\t\t\t\t\t<\/div>\n\t\t\t\t<\/div>\n\t\t\t\t\t<\/div>\n\t\t\t\t<\/div>\n\t\t<div class=\"elementor-element elementor-element-5a584676 e-flex e-con-boxed e-con e-parent\" data-id=\"5a584676\" data-element_type=\"container\" data-e-type=\"container\">\n\t\t\t\t\t<div class=\"e-con-inner\">\n\t\t\t\t<div class=\"elementor-element elementor-element-6d0757bf elementor-widget elementor-widget-heading\" data-id=\"6d0757bf\" data-element_type=\"widget\" data-e-type=\"widget\" data-widget_type=\"heading.default\">\n\t\t\t\t\t<h2 class=\"elementor-heading-title elementor-size-default\">Del motiu de la targeta al costum d'hivern actual<\/h2>\t\t\t\t<\/div>\n\t\t<div class=\"elementor-element elementor-element-60563f68 e-con-full e-flex e-con e-child\" data-id=\"60563f68\" data-element_type=\"container\" data-e-type=\"container\">\n\t\t\t\t<div class=\"elementor-element elementor-element-5a93fdd6 elementor-widget elementor-widget-text-editor\" data-id=\"5a93fdd6\" data-element_type=\"widget\" data-e-type=\"widget\" data-widget_type=\"text-editor.default\">\n\t\t\t\t\t\t\t\t\t<p>Les targetes del Krampus de finals del segle XIX van portar aviat la figura a la correspond\u00e8ncia privada. Al segle XXI, les desfilades del Krampus es van convertir en un costum d&#8217;hivern amb gran ress\u00f2 tur\u00edstic, amb vestits elaborats, de vegades de diversos quilos de pes, i m\u00e0scares esculpides amb gran art. Internacionalment, la figura es va fer coneguda sobretot gr\u00e0cies al film nord-americ\u00e0 Krampus (2015), que la mostra molt desfigurada com a pur dimoni d&#8217;horror; a \u00c0ustria, en canvi, es mant\u00e9 sobretot com un costum associatiu arrelat localment.<\/p><p>El Krampus encarna el principi de la figura contrastant: nom\u00e9s enfrontat al Sant Nicolau recompensador, la figura amena\u00e7adora desplega tot el seu efecte pedag\u00f2gic. Des de la ci\u00e8ncia de les religions, el costum es pot llegir com un ritual hivernal d&#8217;expulsi\u00f3, que va unir antigues idees precristianes sobre esperits hivernals errants amb la llegenda del bisbe de Mira. Les prohibicions de l&#8217;edat moderna mostren alhora que les autoritats temien la desfilada com a ocasi\u00f3 de gresca i transgressi\u00f3 de l\u00edmits, un tret que encara ressona en l&#8217;actual conviv\u00e8ncia entre por i festa popular.<\/p>\t\t\t\t\t\t\t\t<\/div>\n\t\t\t\t<\/div>\n\t\t\t\t\t<\/div>\n\t\t\t\t<\/div>\n\t\t<div class=\"elementor-element elementor-element-9f6cae2 e-flex e-con-boxed e-con e-parent\" data-id=\"9f6cae2\" data-element_type=\"container\" data-e-type=\"container\">\n\t\t\t\t\t<div class=\"e-con-inner\">\n\t\t\t\t<div class=\"elementor-element elementor-element- elementor-widget elementor-widget-heading\" data-id=\"\" data-element_type=\"widget\" data-e-type=\"widget\" data-widget_type=\"heading.default\">\n\t\t\t\t\t<h2 class=\"elementor-heading-title elementor-size-default\">Interpretaci\u00f3: l'espant amb una funci\u00f3<\/h2>\t\t\t\t<\/div>\n\t\t<div class=\"elementor-element elementor-element- e-con-full e-flex e-con e-child\" data-id=\"\" data-element_type=\"container\" data-e-type=\"container\">\n\t\t\t\t<div class=\"elementor-element elementor-element- elementor-widget elementor-widget-text-editor\" data-id=\"\" data-element_type=\"widget\" data-e-type=\"widget\" data-widget_type=\"text-editor.default\">\n\t\t\t\t\t\t\t\t\t<p>La ci\u00e8ncia de les religions llegeix el Krampus com una figura terror\u00edfica ordenada. El costum posa en escena la por de manera controlada, la vincula a regles i la resol al final. L&#8217;infant viu l&#8217;amena\u00e7a, per\u00f2 tamb\u00e9 experimenta que passa i que el sant t\u00e9 l&#8217;\u00faltima paraula.<\/p><p>A aix\u00f2 s&#8217;hi afegeix una lectura apotropaica, \u00e9s a dir, la interpretaci\u00f3 del soroll i la m\u00e0scara com a mitjans contra el mal. Esquelles, crits i cara aterridora haurien, segons aquesta lectura, d&#8217;allunyar la foscor de l&#8217;hivern. Aquesta interpretaci\u00f3 \u00e9s molt estesa, per\u00f2 com a explicaci\u00f3 hist\u00f2rica del costum continua sent una hip\u00f2tesi.<\/p><p>Destacable \u00e9s el doble paper de la figura: el Krampus encarna l&#8217;amena\u00e7a i alhora la conjura. Qui porta la m\u00e0scara fa que l&#8217;espant sigui manejable. Precisament aquesta l\u00f2gica vincula el costum alp\u00ed amb pr\u00e0ctiques de protecci\u00f3 de moltes cultures, que donen un rostre al mal per poder controlar-lo.<\/p>\t\t\t\t\t\t\t\t<\/div>\n\t\t\t\t<\/div>\n\t\t\t\t\t<\/div>\n\t\t\t\t<\/div>\n\t\t<div class=\"elementor-element elementor-element-cp9a031aa e-flex e-con-boxed e-con e-parent\" data-id=\"cp9a031aa\" data-element_type=\"container\" data-e-type=\"container\">\n\t\t\t\t\t<div class=\"e-con-inner\">\n\t\t\t\t<div class=\"elementor-element elementor-element-cp9193514 elementor-widget elementor-widget-heading\" data-id=\"cp9193514\" data-element_type=\"widget\" data-e-type=\"widget\" data-widget_type=\"heading.default\">\n\t\t\t\t\t<h2 class=\"elementor-heading-title elementor-size-default\">La protecci\u00f3 durant les Rauhn\u00e4chte i la Blochsegen<\/h2>\t\t\t\t<\/div>\n\t\t<div class=\"elementor-element elementor-element-cp02ca0ee e-con-full e-flex e-con e-child\" data-id=\"cp02ca0ee\" data-element_type=\"container\" data-e-type=\"container\">\n\t\t\t\t<div class=\"elementor-element elementor-element-cp444e0f1 elementor-widget elementor-widget-text-editor\" data-id=\"cp444e0f1\" data-element_type=\"widget\" data-e-type=\"widget\" data-widget_type=\"text-editor.default\">\n\t\t\t\t\t\t\t\t\t<p>En la tradici\u00f3, el Krampus no es considera tant un adversari a rebutjar com una pres\u00e8ncia convidada, encara que temuda, del temps de les Rauhn\u00e4chte (les dotze nits entre Nadal i l&#8217;Epifania). La protecci\u00f3 es dirigia sobretot a la casa en el seu conjunt: les cambres i les estables s&#8217;ensumaven amb encens per allunyar els esperits hivernals errants, i les campanes i els cops de fuet servien per foragitar el mal en general. La benedicci\u00f3 eclesi\u00e0stica del tronc, la Blochsegen, i l&#8217;aspersi\u00f3 amb aigua beneita al voltant del dia de Sant Nicolau completaven aquesta protecci\u00f3. Als infants se&#8217;ls aconsellava sobretot bon comportament durant tot l&#8217;any, ja que segons la llegenda la vara colpejava precisament aquells que s&#8217;havien portat malament durant l&#8217;any.<\/p>\t\t\t\t\t\t\t\t<\/div>\n\t\t\t\t<\/div>\n\t\t\t\t\t<\/div>\n\t\t\t\t<\/div>\n\t\t<div class=\"elementor-element elementor-element-f4af3fd e-flex e-con-boxed e-con e-parent\" data-id=\"f4af3fd\" data-element_type=\"container\" data-e-type=\"container\">\n\t\t\t\t\t<div class=\"e-con-inner\">\n\t\t\t\t<div class=\"elementor-element elementor-element- elementor-widget elementor-widget-heading\" data-id=\"\" data-element_type=\"widget\" data-e-type=\"widget\" data-widget_type=\"heading.default\">\n\t\t\t\t\t<h2 class=\"elementor-heading-title elementor-size-default\">Interpretaci\u00f3: l'espant amb una funci\u00f3<\/h2>\t\t\t\t<\/div>\n\t\t<div class=\"elementor-element elementor-element- e-con-full e-flex e-con e-child\" data-id=\"\" data-element_type=\"container\" data-e-type=\"container\">\n\t\t\t\t<div class=\"elementor-element elementor-element- elementor-widget elementor-widget-text-editor\" data-id=\"\" data-element_type=\"widget\" data-e-type=\"widget\" data-widget_type=\"text-editor.default\">\n\t\t\t\t\t\t\t\t\t<p>La ci\u00e8ncia de les religions llegeix el Krampus com una figura terror\u00edfica ordenada. El costum posa en escena la por de manera controlada, la vincula a regles i la resol al final. L&#8217;infant viu l&#8217;amena\u00e7a, per\u00f2 tamb\u00e9 experimenta que passa i que el sant t\u00e9 l&#8217;\u00faltima paraula.<\/p><p>A aix\u00f2 s&#8217;hi afegeix una lectura apotropaica, \u00e9s a dir, la interpretaci\u00f3 del soroll i la m\u00e0scara com a mitjans contra el mal. Esquelles, crits i cara aterridora haurien, segons aquesta lectura, d&#8217;allunyar la foscor de l&#8217;hivern. Aquesta interpretaci\u00f3 \u00e9s molt estesa, per\u00f2 com a explicaci\u00f3 hist\u00f2rica del costum continua sent una hip\u00f2tesi.<\/p><p>Destacable \u00e9s el doble paper de la figura: el Krampus encarna l&#8217;amena\u00e7a i alhora la conjura. Qui porta la m\u00e0scara fa que l&#8217;espant sigui manejable. Precisament aquesta l\u00f2gica vincula el costum alp\u00ed amb pr\u00e0ctiques de protecci\u00f3 de moltes cultures, que donen un rostre al mal per poder controlar-lo.<\/p>\t\t\t\t\t\t\t\t<\/div>\n\t\t\t\t<\/div>\n\t\t\t\t\t<\/div>\n\t\t\t\t<\/div>\n\t\t<div class=\"elementor-element elementor-element-cp11de5b2 e-flex e-con-boxed e-con e-parent\" data-id=\"cp11de5b2\" data-element_type=\"container\" data-e-type=\"container\">\n\t\t\t\t\t<div class=\"e-con-inner\">\n\t\t\t\t<div class=\"elementor-element elementor-element-cp8d35271 elementor-widget elementor-widget-heading\" data-id=\"cp8d35271\" data-element_type=\"widget\" data-e-type=\"widget\" data-widget_type=\"heading.default\">\n\t\t\t\t\t<h2 class=\"elementor-heading-title elementor-size-default\">L'expulsi\u00f3 de dimonis en comparaci\u00f3 cultural<\/h2>\t\t\t\t<\/div>\n\t\t<div class=\"elementor-element elementor-element-cp02f26b8 e-con-full e-flex e-con e-child\" data-id=\"cp02f26b8\" data-element_type=\"container\" data-e-type=\"container\">\n\t\t\t\t<div class=\"elementor-element elementor-element-cp58c4390 elementor-widget elementor-widget-text-editor\" data-id=\"cp58c4390\" data-element_type=\"widget\" data-e-type=\"widget\" data-widget_type=\"text-editor.default\">\n\t\t\t\t\t\t\t\t\t<p>No es documenta un equivalent directe del Krampus fora de l&#8217;espai alp\u00ed, per\u00f2 s\u00ed un patr\u00f3 ritual similar d&#8217;expulsi\u00f3 de dimonis. En la festa japonesa de Setsubun, a l&#8217;inici de la primavera, es llencen mongetes de soia torrades per foragitar els <a href=\"https:\/\/iwell-guard.com\/ca\/oni\/\">Oni<\/a> banyuts, tamb\u00e9 figures esfere\u00efdores que amb la seva aparici\u00f3 anual han de restablir l&#8217;ordre. A difer\u00e8ncia del Krampus, l&#8217;Oni actua com a adversari pur, no com a acompanyant domesticat d&#8217;una figura ben\u00e8vola. Dins l&#8217;espai alp\u00ed, hi s\u00f3n pr\u00f2xims l&#8217;<a href=\"https:\/\/iwell-guard.com\/ca\/home-salvatge\/\">Home Salvatge<\/a> (Wilde Mann) i el <a href=\"https:\/\/iwell-guard.com\/ca\/rubezahl\/\">R\u00fcbezahl<\/a>, figures emparentades de terror i natura.<\/p>\t\t\t\t\t\t\t\t<\/div>\n\t\t\t\t<\/div>\n\t\t\t\t\t<\/div>\n\t\t\t\t<\/div>\n\t\t<div class=\"elementor-element elementor-element-cp406577c e-flex e-con-boxed e-con e-parent\" data-id=\"cp406577c\" data-element_type=\"container\" data-e-type=\"container\">\n\t\t\t\t\t<div class=\"e-con-inner\">\n\t\t\t\t<div class=\"elementor-element elementor-element-cpdd9c543 elementor-widget elementor-widget-heading\" data-id=\"cpdd9c543\" data-element_type=\"widget\" data-e-type=\"widget\" data-widget_type=\"heading.default\">\n\t\t\t\t\t<h2 class=\"elementor-heading-title elementor-size-default\">Preguntes freq\u00fcents sobre el Krampus<\/h2>\t\t\t\t<\/div>\n\t\t<div class=\"elementor-element elementor-element-cp9e731bb e-con-full e-flex e-con e-child\" data-id=\"cp9e731bb\" data-element_type=\"container\" data-e-type=\"container\">\n\t\t\t\t<div class=\"elementor-element elementor-element-cpa7c898c elementor-widget elementor-widget-text-editor\" data-id=\"cpa7c898c\" data-element_type=\"widget\" data-e-type=\"widget\" data-widget_type=\"text-editor.default\">\n\t\t\t\t\t\t\t\t\t<p><strong>\u00c9s el Krampus un diable o un esperit de la natura?<\/strong><\/p><p>Totes dues interpretacions apareixen en la recerca. La cadena amb la qual es presenta remet a una idea m\u00e9s antiga d&#8217;un esperit hivernal origin\u00e0riament m\u00e9s salvatge, ara sotm\u00e8s, mentre que les banyes i la classificaci\u00f3 eclesi\u00e0stica el van apropar m\u00e9s al diable des de la Contrareforma. En el costum, per\u00f2, no \u00e9s un diable en sentit eclesi\u00e0stic: actua per enc\u00e0rrec de Sant Nicolau i li resta subordinat.<\/p><p><strong>Per qu\u00e8 apareix el Krampus juntament amb Sant Nicolau?<\/strong><\/p><p>L&#8217;aparellament va sorgir sobretot per oferir als infants una parella clara de contraris entre recompensa i c\u00e0stig. Hist\u00f2ricament, per\u00f2, el Krampus est\u00e0 documentat com m\u00e9s antic que aquesta associaci\u00f3 fixa i origin\u00e0riament tamb\u00e9 apareixia independentment dels costums de Sant Nicolau.<\/p><p><strong>Realment es rep un cop de vara a la cursa del Krampus?<\/strong><\/p><p>S\u00ed, el fuet amb la vara forma part del costum viu i molts espectadors el cerquen deliberadament. Els corredors solen seguir regles de comportament pr\u00f2pies de cada colla, de manera que es tracta d&#8217;un ritual consensuat, encara que rude.<\/p><p><strong>Qu\u00e8 fa el Krampus?<\/strong><\/p><p>El Krampus acompanya Sant Nicolau el 5 i el 6 de desembre. Amena\u00e7a els infants desobedients amb la vara i la cadena, mentre que Sant Nicolau recompensa els bons. A les curses del Krampus, persones emmascarades amb pells i m\u00e0scares de fusta esculpides recorren els carrers. En la visita a les cases es queda en l&#8217;amena\u00e7a, mentre que en la cursa el cop de vara forma part del costum en molts llocs.<\/p><p><strong>Quan ve el Krampus?<\/strong><\/p><p>La nit del Krampus \u00e9s el 5 de desembre, la vig\u00edlia del dia de Sant Nicolau. En molts llocs, el Krampus acompanya Sant Nicolau tamb\u00e9 el 6 de desembre en la visita a les cases. Les curses del Krampus solen tenir lloc entre finals de novembre i el 6 de desembre.<\/p><p><strong>Com es diu el Krampus a Alemanya?<\/strong><\/p><p>A Baviera la figura tamb\u00e9 es coneix com Krampus; a la regi\u00f3 de Berchtesgaden apareixen a m\u00e9s els Buttnmandln. A la zona central i del nord d&#8217;Alemanya, el paper d&#8217;acompanyant de Sant Nicolau el fa Knecht Ruprecht, una figura pr\u00f2pia i m\u00e9s suau.<\/p>\t\t\t\t\t\t\t\t<\/div>\n\t\t\t\t<div class=\"elementor-element elementor-element-9850ef7 elementor-widget elementor-widget-html\" data-id=\"9850ef7\" data-element_type=\"widget\" data-e-type=\"widget\" data-widget_type=\"html.default\">\n\t\t\t\t\t<script type=\"application\/ld+json\">{\"@context\": \"https:\/\/schema.org\", \"@type\": \"FAQPage\", \"mainEntity\": [{\"@type\": \"Question\", \"name\": \"\u00c9s el Krampus un diable o un esperit de la natura?\", \"acceptedAnswer\": {\"@type\": \"Answer\", \"text\": \"Totes dues interpretacions apareixen en la recerca. La cadena amb la qual es presenta remet a una idea m\u00e9s antiga d'un esperit hivernal origin\u00e0riament m\u00e9s salvatge, ara sotm\u00e8s, mentre que les banyes i la classificaci\u00f3 eclesi\u00e0stica el van apropar m\u00e9s al diable des de la Contrareforma. En el costum, per\u00f2, no \u00e9s un diable en sentit eclesi\u00e0stic: actua per enc\u00e0rrec de Sant Nicolau i li resta subordinat.\"}}, {\"@type\": \"Question\", \"name\": \"Per qu\u00e8 apareix el Krampus juntament amb Sant Nicolau?\", \"acceptedAnswer\": {\"@type\": \"Answer\", \"text\": \"L'aparellament va sorgir sobretot per oferir als infants una parella clara de contraris entre recompensa i c\u00e0stig. Hist\u00f2ricament, per\u00f2, el Krampus est\u00e0 documentat com m\u00e9s antic que aquesta associaci\u00f3 fixa i origin\u00e0riament tamb\u00e9 apareixia independentment dels costums de Sant Nicolau.\"}}, {\"@type\": \"Question\", \"name\": \"Realment es rep un cop de vara a la cursa del Krampus?\", \"acceptedAnswer\": {\"@type\": \"Answer\", \"text\": \"S\u00ed, el fuet amb la vara forma part del costum viu i molts espectadors el cerquen deliberadament. Els corredors solen seguir regles de comportament pr\u00f2pies de cada colla, de manera que es tracta d'un ritual consensuat, encara que rude.\"}}, {\"@type\": \"Question\", \"name\": \"Qu\u00e8 fa el Krampus?\", \"acceptedAnswer\": {\"@type\": \"Answer\", \"text\": \"El Krampus acompanya Sant Nicolau el 5 i el 6 de desembre. Amena\u00e7a els infants desobedients amb la vara i la cadena, mentre que Sant Nicolau recompensa els bons. A les curses del Krampus, persones emmascarades amb pells i m\u00e0scares de fusta esculpides recorren els carrers. En la visita a les cases es queda en l'amena\u00e7a, mentre que en la cursa el cop de vara forma part del costum en molts llocs.\"}}, {\"@type\": \"Question\", \"name\": \"Quan ve el Krampus?\", \"acceptedAnswer\": {\"@type\": \"Answer\", \"text\": \"La nit del Krampus \u00e9s el 5 de desembre, la vig\u00edlia del dia de Sant Nicolau. En molts llocs, el Krampus acompanya Sant Nicolau tamb\u00e9 el 6 de desembre en la visita a les cases. Les curses del Krampus solen tenir lloc entre finals de novembre i el 6 de desembre.\"}}, {\"@type\": \"Question\", \"name\": \"Com es diu el Krampus a Alemanya?\", \"acceptedAnswer\": {\"@type\": \"Answer\", \"text\": \"A Baviera la figura tamb\u00e9 es coneix com Krampus; a la regi\u00f3 de Berchtesgaden apareixen a m\u00e9s els Buttnmandln. A la zona central i del nord d'Alemanya, el paper d'acompanyant de Sant Nicolau el fa Knecht Ruprecht, una figura pr\u00f2pia i m\u00e9s suau.\"}}]}<\/script>\t\t\t\t<\/div>\n\t\t\t\t<\/div>\n\t\t\t\t\t<\/div>\n\t\t\t\t<\/div>\n\t\t<div class=\"elementor-element elementor-element-36dd7469 e-flex e-con-boxed e-con e-parent\" data-id=\"36dd7469\" data-element_type=\"container\" data-e-type=\"container\">\n\t\t\t\t\t<div class=\"e-con-inner\">\n\t\t\t\t<div class=\"elementor-element elementor-element-13760ab4 elementor-widget elementor-widget-heading\" data-id=\"13760ab4\" data-element_type=\"widget\" data-e-type=\"widget\" data-widget_type=\"heading.default\">\n\t\t\t\t\t<h2 class=\"elementor-heading-title elementor-size-default\">Enlla\u00e7os relacionats<\/h2>\t\t\t\t<\/div>\n\t\t<div class=\"elementor-element elementor-element-28c87796 e-con-full e-flex e-con e-child\" data-id=\"28c87796\" data-element_type=\"container\" data-e-type=\"container\">\n\t\t\t\t<div class=\"elementor-element elementor-element-5d6538df elementor-widget elementor-widget-text-editor\" data-id=\"5d6538df\" data-element_type=\"widget\" data-e-type=\"widget\" data-widget_type=\"text-editor.default\">\n\t\t\t\t\t\t\t\t\t<p>Enlla\u00e7os interns recomanats:<\/p><ul><li><a href=\"https:\/\/iwell-guard.com\/ca\/?page_id=172603\">Espai alp\u00ed<\/a> \u2013 totes les figures del m\u00f3n llegendari alp\u00ed<\/li><li><a href=\"https:\/\/iwell-guard.com\/ca\/?page_id=172568\">Frau Perchta<\/a>, <a href=\"https:\/\/iwell-guard.com\/ca\/?page_id=172569\">Habergei\u00df<\/a>, <a href=\"https:\/\/iwell-guard.com\/ca\/?page_id=172577\">Nachtkrapp<\/a> \u2013 altres figures de les Rauhn\u00e4chte<\/li><li><a href=\"https:\/\/iwell-guard.com\/ca\/fumigacio-i-purificacio\/\">Fumigaci\u00f3<\/a>, <a href=\"https:\/\/iwell-guard.com\/ca\/campanes-i-esquelles-com-a-proteccio-sorollosa\/\">Campanes<\/a>, <a href=\"https:\/\/iwell-guard.com\/ca\/aigua-beneita\/\">Aigua bene\u00efda<\/a>, <a href=\"https:\/\/iwell-guard.com\/ca\/proteccio-llar-ritual-llindar\/\">Protecci\u00f3 de la llar<\/a>, <a href=\"https:\/\/iwell-guard.com\/ca\/foc-protector-i-llum-llindar\/\">Foc protector<\/a> \u2013 formes de protecci\u00f3 tradicionals<\/li><li><a href=\"https:\/\/iwell-guard.com\/ca\/bruixola-de-proteccio\/\">Br\u00faixola de protecci\u00f3<\/a> \u2013 visi\u00f3 general dels amulets protectors<\/li><\/ul><p>Qui vulgui seguir la l\u00f2gica de l&#8217;espant domesticat trobar\u00e0 al l\u00e8xic ve\u00efns del Krampus: l&#8217;<a href=\"https:\/\/iwell-guard.com\/ca\/alp\/\">Alp<\/a> com a esperit opressor nocturn de la creen\u00e7a popular alemanya, el <a href=\"https:\/\/iwell-guard.com\/ca\/tatzelwurm\/\">Tatzelwurm<\/a> com a criatura esfere\u00efdora de l&#8217;espai alp\u00ed i el <a href=\"https:\/\/iwell-guard.com\/ca\/klabautermann\/\">Klabautermann<\/a> com a esperit avisador dels mariners. La p\u00e0gina sobre la <a href=\"https:\/\/iwell-guard.com\/ca\/germanica\/\">tradici\u00f3 germ\u00e0nica<\/a> ofereix una visi\u00f3 general d&#8217;aquesta tradici\u00f3.<\/p>\t\t\t\t\t\t\t\t<\/div>\n\t\t\t\t<\/div>\n\t\t\t\t\t<\/div>\n\t\t\t\t<\/div>\n\t\t<div class=\"elementor-element elementor-element-grl4kl40 e-flex e-con-boxed e-con e-parent\" data-id=\"grl4kl40\" data-element_type=\"container\" data-e-type=\"container\">\n\t\t\t\t\t<div class=\"e-con-inner\">\n\t\t\t\t<div class=\"elementor-element elementor-element-bzsbfrmh elementor-widget elementor-widget-heading\" data-id=\"bzsbfrmh\" data-element_type=\"widget\" data-e-type=\"widget\" data-widget_type=\"heading.default\">\n\t\t\t\t\t<h2 class=\"elementor-heading-title elementor-size-default\">Bibliografia (selecci\u00f3)<\/h2>\t\t\t\t<\/div>\n\t\t<div class=\"elementor-element elementor-element-2c13224a e-con-full e-flex e-con e-child\" data-id=\"2c13224a\" data-element_type=\"container\" data-e-type=\"container\">\n\t\t\t\t<div class=\"elementor-element elementor-element-0eymh9ub elementor-widget elementor-widget-text-editor\" data-id=\"0eymh9ub\" data-element_type=\"widget\" data-e-type=\"widget\" data-widget_type=\"text-editor.default\">\n\t\t\t\t\t\t\t\t\t<footer class=\"iwg-literatur\" data-nosnippet=\"true\"><p>Una selecci\u00f3 de fonts i estudis fonamentals:<\/p><ul><li><span data-nosnippet>B\u00e4chtold-St\u00e4ubli, Hanns (Hg.): <em>Handw\u00f6rterbuch des deutschen Aberglaubens<\/em>. 10 Bde. Berlin\/Leipzig 1927\u20131942 (Neudruck Berlin\/New York 1987).<\/span><\/li><li><span data-nosnippet>Waschnitius, Viktor: <em>Perht, Holda und verwandte Gestalten. Ein Beitrag zur deutschen Religionsgeschichte<\/em>. Wien 1913.<\/span><\/li><li><span data-nosnippet>Zingerle, Ignaz Vinzenz: <em>Sitten, Br\u00e4uche und Meinungen des Tiroler Volkes<\/em>. 2. Auflage, Innsbruck 1871.<\/span><\/li><li><span data-nosnippet>Bruce, Maurice: <em>The Krampus in Styria<\/em>. In: Folklore, Bd. 69, 1958.<\/span><\/li><li><span data-nosnippet>Ridenour, Al: <em>The Krampus and the Old, Dark Christmas: Roots and Rebirth of the Folkloric Devil<\/em>. Port Townsend 2016.<\/span><\/li><\/ul><\/footer>\n<p class=\"iwg-bib-more\"><span data-nosnippet>M\u00e9s obres de refer\u00e8ncia al <a href=\"https:\/\/iwell-guard.com\/ca\/literatura\/\">llistat bibliogr\u00e0fic<\/a>.<\/span><\/p>\t\t\t\t\t\t\t\t<\/div>\n\t\t\t\t<\/div>\n\t\t\t\t\t<\/div>\n\t\t\t\t<\/div>\n\t\t<div class=\"elementor-element elementor-element-iwgkw2-add-hulijing e-flex e-con-boxed e-con e-parent\" data-id=\"iwgkw2-add-hulijing\" data-element_type=\"container\" data-e-type=\"container\">\n\t\t\t\t\t<div class=\"e-con-inner\">\n\t\t\t\t<div class=\"elementor-element elementor-element-iwgkw2-add-hulijing-t elementor-widget elementor-widget-text-editor\" data-id=\"iwgkw2-add-hulijing-t\" data-element_type=\"widget\" data-e-type=\"widget\" data-widget_type=\"text-editor.default\">\n\t\t\t\t\t\t\t\t\t<p>La figura coneguda com el Krampus, portador de vara dels Alps, es mant\u00e9 estretament lligada a la nit del 5 de desembre, i en la cursa del Krampus actual el seu joc hivernal entre por i festa popular perdura encara avui.<\/p>\t\t\t\t\t\t\t\t<\/div>\n\t\t\t\t\t<\/div>\n\t\t\t\t<\/div>\n\t\t\t\t<\/div>\n\t\t","protected":false},"excerpt":{"rendered":"","protected":false},"author":3,"featured_media":20516,"parent":0,"menu_order":0,"comment_status":"closed","ping_status":"closed","template":"elementor_header_footer","meta":{"_yoast_wpseo_focuskw":"krampus","_yoast_wpseo_title":"Krampus: origen, significat i tradicions","_yoast_wpseo_metadesc":"Qui \u00e9s el Krampus? L'origen del nom, la nit del Krampus el 5 de desembre, la difer\u00e8ncia amb els Perchten i el Knecht Ruprecht, i les grans desfilades de Krampus.","_yoast_wpseo_meta-robots-noindex":"","_yoast_wpseo_canonical":"","_angie_page":false,"gefaehrdungsstufe":"3","wesen_kultur":"alpin","wesen_klasse":"daemonen","footnotes":""},"categories":[],"class_list":["post-172567","page","type-page","status-publish","has-post-thumbnail","hentry"],"yoast_head":"<!-- This site is optimized with the Yoast SEO Premium plugin v27.7 (Yoast SEO v28.3) - https:\/\/yoast.com\/product\/yoast-seo-premium-wordpress\/ -->\n<title>Krampus: origen, significat i tradicions<\/title>\n<meta name=\"description\" content=\"Qui \u00e9s el Krampus? L&#039;origen del nom, la nit del Krampus el 5 de desembre, la difer\u00e8ncia amb els Perchten i el Knecht Ruprecht, i les grans desfilades de Krampus.\" \/>\n<meta name=\"robots\" content=\"index, follow, max-snippet:-1, max-image-preview:large, max-video-preview:-1\" \/>\n<link rel=\"canonical\" href=\"https:\/\/iwell-guard.com\/ca\/krampus\/\" \/>\n<meta property=\"og:locale\" content=\"ca_ES\" \/>\n<meta property=\"og:type\" content=\"article\" \/>\n<meta property=\"og:title\" content=\"Krampus\" \/>\n<meta property=\"og:description\" content=\"Qui \u00e9s el Krampus? L&#039;origen del nom, la nit del Krampus el 5 de desembre, la difer\u00e8ncia amb els Perchten i el Knecht Ruprecht, i les grans desfilades de Krampus.\" \/>\n<meta property=\"og:url\" content=\"https:\/\/iwell-guard.com\/ca\/krampus\/\" \/>\n<meta property=\"og:site_name\" content=\"iWell Guard\" \/>\n<meta property=\"article:modified_time\" content=\"2026-09-05T17:13:03+00:00\" \/>\n<meta property=\"og:image\" content=\"https:\/\/iwell-guard.com\/wp-content\/uploads\/2026\/07\/daemonen_alpin_krampus.webp\" \/>\n\t<meta property=\"og:image:width\" content=\"1024\" \/>\n\t<meta property=\"og:image:height\" content=\"1536\" \/>\n\t<meta property=\"og:image:type\" content=\"image\/webp\" \/>\n<meta name=\"twitter:card\" content=\"summary_large_image\" \/>\n<script type=\"application\/ld+json\" class=\"yoast-schema-graph\">{\"@context\":\"https:\\\/\\\/schema.org\",\"@graph\":[{\"@type\":\"Article\",\"@id\":\"https:\\\/\\\/iwell-guard.com\\\/ca\\\/krampus\\\/#article\",\"isPartOf\":{\"@id\":\"https:\\\/\\\/iwell-guard.com\\\/ca\\\/krampus\\\/\"},\"author\":{\"name\":\"Ralf Ittermann\",\"@id\":\"https:\\\/\\\/iwell-guard.com\\\/ca\\\/#\\\/schema\\\/person\\\/ee2a27f1cac3406c7c6fb5820cb7349f\"},\"headline\":\"Krampus\",\"datePublished\":\"2026-09-05T15:52:07+00:00\",\"dateModified\":\"2026-09-05T17:13:03+00:00\",\"mainEntityOfPage\":{\"@id\":\"https:\\\/\\\/iwell-guard.com\\\/ca\\\/krampus\\\/\"},\"publisher\":{\"@id\":\"https:\\\/\\\/iwell-guard.com\\\/ca\\\/#organization\"},\"image\":{\"@id\":\"https:\\\/\\\/iwell-guard.com\\\/ca\\\/krampus\\\/#primaryimage\"},\"thumbnailUrl\":\"https:\\\/\\\/iwell-guard.com\\\/wp-content\\\/uploads\\\/2026\\\/07\\\/daemonen_alpin_krampus.webp\",\"inLanguage\":\"ca\",\"description\":\"Qui \u00e9s el Krampus? L'origen del nom, la nit del Krampus el 5 de desembre, la difer\u00e8ncia amb els Perchten i el Knecht Ruprecht, i les grans desfilades de Krampus.\"},{\"@type\":\"WebPage\",\"@id\":\"https:\\\/\\\/iwell-guard.com\\\/ca\\\/krampus\\\/\",\"url\":\"https:\\\/\\\/iwell-guard.com\\\/ca\\\/krampus\\\/\",\"name\":\"Krampus: origen, significat i tradicions\",\"isPartOf\":{\"@id\":\"https:\\\/\\\/iwell-guard.com\\\/ca\\\/#website\"},\"primaryImageOfPage\":{\"@id\":\"https:\\\/\\\/iwell-guard.com\\\/ca\\\/krampus\\\/#primaryimage\"},\"image\":{\"@id\":\"https:\\\/\\\/iwell-guard.com\\\/ca\\\/krampus\\\/#primaryimage\"},\"thumbnailUrl\":\"https:\\\/\\\/iwell-guard.com\\\/wp-content\\\/uploads\\\/2026\\\/07\\\/daemonen_alpin_krampus.webp\",\"datePublished\":\"2026-09-05T15:52:07+00:00\",\"dateModified\":\"2026-09-05T17:13:03+00:00\",\"description\":\"Qui \u00e9s el Krampus? L'origen del nom, la nit del Krampus el 5 de desembre, la difer\u00e8ncia amb els Perchten i el Knecht Ruprecht, i les grans desfilades de Krampus.\",\"breadcrumb\":{\"@id\":\"https:\\\/\\\/iwell-guard.com\\\/ca\\\/krampus\\\/#breadcrumb\"},\"inLanguage\":\"ca\",\"potentialAction\":[{\"@type\":\"ReadAction\",\"target\":[\"https:\\\/\\\/iwell-guard.com\\\/ca\\\/krampus\\\/\"]}]},{\"@type\":\"ImageObject\",\"inLanguage\":\"ca\",\"@id\":\"https:\\\/\\\/iwell-guard.com\\\/ca\\\/krampus\\\/#primaryimage\",\"url\":\"https:\\\/\\\/iwell-guard.com\\\/wp-content\\\/uploads\\\/2026\\\/07\\\/daemonen_alpin_krampus.webp\",\"contentUrl\":\"https:\\\/\\\/iwell-guard.com\\\/wp-content\\\/uploads\\\/2026\\\/07\\\/daemonen_alpin_krampus.webp\",\"width\":1024,\"height\":1536,\"caption\":\"Krampus - Dimonis de la tradici\u00f3 alpina, il\u00b7lustraci\u00f3 historicista\"},{\"@type\":\"BreadcrumbList\",\"@id\":\"https:\\\/\\\/iwell-guard.com\\\/ca\\\/krampus\\\/#breadcrumb\",\"itemListElement\":[{\"@type\":\"ListItem\",\"position\":1,\"name\":\"Start\",\"item\":\"https:\\\/\\\/iwell-guard.com\\\/ca\\\/?page_id=171333\"},{\"@type\":\"ListItem\",\"position\":2,\"name\":\"Krampus\"}]},{\"@type\":\"WebSite\",\"@id\":\"https:\\\/\\\/iwell-guard.com\\\/ca\\\/#website\",\"url\":\"https:\\\/\\\/iwell-guard.com\\\/ca\\\/\",\"name\":\"iWell Guard\",\"description\":\"Schutz vor dunklen Einfl\u00fcssen\",\"publisher\":{\"@id\":\"https:\\\/\\\/iwell-guard.com\\\/ca\\\/#organization\"},\"potentialAction\":[{\"@type\":\"SearchAction\",\"target\":{\"@type\":\"EntryPoint\",\"urlTemplate\":\"https:\\\/\\\/iwell-guard.com\\\/ca\\\/?s={search_term_string}\"},\"query-input\":{\"@type\":\"PropertyValueSpecification\",\"valueRequired\":true,\"valueName\":\"search_term_string\"}}],\"inLanguage\":\"ca\"},{\"@type\":\"Organization\",\"@id\":\"https:\\\/\\\/iwell-guard.com\\\/ca\\\/#organization\",\"name\":\"Ittermann electronic GmbH\",\"url\":\"https:\\\/\\\/iwell-guard.com\\\/ca\\\/\",\"logo\":{\"@type\":\"ImageObject\",\"inLanguage\":\"ca\",\"@id\":\"https:\\\/\\\/iwell-guard.com\\\/ca\\\/#\\\/schema\\\/logo\\\/image\\\/\",\"url\":\"https:\\\/\\\/iwell-guard.com\\\/wp-content\\\/uploads\\\/2026\\\/05\\\/Ittermann-Logo-1182x237-1.png\",\"contentUrl\":\"https:\\\/\\\/iwell-guard.com\\\/wp-content\\\/uploads\\\/2026\\\/05\\\/Ittermann-Logo-1182x237-1.png\",\"width\":1182,\"height\":237,\"caption\":\"Ittermann electronic GmbH\"},\"image\":{\"@id\":\"https:\\\/\\\/iwell-guard.com\\\/ca\\\/#\\\/schema\\\/logo\\\/image\\\/\"},\"sameAs\":[\"https:\\\/\\\/pantip.com\\\/profile\\\/9367242\",\"https:\\\/\\\/micro.blog\\\/iwellguard\",\"https:\\\/\\\/www.diggerslist.com\\\/iwellguard\\\/about\",\"https:\\\/\\\/skitterphoto.com\\\/photographers\\\/2870314\\\/iwell-guard\",\"https:\\\/\\\/iwellguard.wordpress.com\\\/2026\\\/06\\\/06\\\/iwell-guard\\\/\",\"https:\\\/\\\/hub.docker.com\\\/u\\\/iwellguard\",\"https:\\\/\\\/www.pinterest.com\\\/iwellguard\\\/\",\"https:\\\/\\\/bit.ly\\\/m\\\/iwellguard\",\"https:\\\/\\\/entre-vos-mains.alsace.eu\\\/profiles\\\/iwellguard\\\/activity\",\"https:\\\/\\\/gravatar.com\\\/reallybeded8fd34\",\"https:\\\/\\\/naijamatta.com\\\/iwellguard\",\"https:\\\/\\\/www.goodreads.com\\\/iwellguard\",\"https:\\\/\\\/profile.hatena.ne.jp\\\/iwellguard\\\/\",\"https:\\\/\\\/experiment.com\\\/users\\\/iwellguard\",\"https:\\\/\\\/wakelet.com\\\/@iWellGuard82270\",\"https:\\\/\\\/www.chordie.com\\\/forum\\\/profile.php?id=2555664\",\"https:\\\/\\\/www.instapaper.com\\\/p\\\/17757966\",\"https:\\\/\\\/www.mapleprimes.com\\\/users\\\/iwellguard\",\"https:\\\/\\\/businesslistingplus.com\\\/profile\\\/iwell-guard\\\/\",\"https:\\\/\\\/telegra.ph\\\/iWell-Guard-06-06\",\"https:\\\/\\\/pbase.com\\\/iwellguard\\\/iwellguard\",\"https:\\\/\\\/b.hatena.ne.jp\\\/iwellguard\\\/20260607#bookmark-4788405196491818882\",\"https:\\\/\\\/fliphtml5.com\\\/home\\\/iwellguard\",\"https:\\\/\\\/anyflip.com\\\/homepage\\\/cmiwl#About\",\"https:\\\/\\\/transfur.com\\\/Users\\\/iwellguard\",\"http:\\\/\\\/delphi.larsbo.org\\\/user\\\/iwellguard\",\"https:\\\/\\\/jobs.lajobsportal.org\\\/profiles\\\/8380803-iwell-guard\",\"https:\\\/\\\/md.chaosdorf.de\\\/s\\\/jfbe5SBdJD\",\"https:\\\/\\\/www.lingvolive.com\\\/en-us\\\/profile\\\/9ecaeaca-ce11-4e51-9e71-01d55e2bff36\\\/translations\",\"https:\\\/\\\/www.fitday.com\\\/fitness\\\/forums\\\/members\\\/iwellguard.html\",\"https:\\\/\\\/www.mymeetbook.com\\\/iwellguard\",\"https:\\\/\\\/pxhere.com\\\/en\\\/photographer-me\\\/5040798\",\"https:\\\/\\\/disqus.com\\\/by\\\/iwellguard\\\/about\\\/\",\"https:\\\/\\\/pastelink.net\\\/hjwciqwq\",\"https:\\\/\\\/pubhtml5.com\\\/homepage\\\/scjhn\\\/\",\"https:\\\/\\\/www.bitchute.com\\\/channel\\\/2O2eOKzNqujT\",\"https:\\\/\\\/audiomack.com\\\/iwellguard\"]},{\"@type\":\"Person\",\"@id\":\"https:\\\/\\\/iwell-guard.com\\\/ca\\\/#\\\/schema\\\/person\\\/ee2a27f1cac3406c7c6fb5820cb7349f\",\"name\":\"Ralf Ittermann\",\"image\":{\"@type\":\"ImageObject\",\"inLanguage\":\"ca\",\"@id\":\"https:\\\/\\\/secure.gravatar.com\\\/avatar\\\/073c0153e350a5005b68eb752b445fea71f6b24a26da9449ad7e155e6b446c9d?s=96&d=mm&r=g\",\"url\":\"https:\\\/\\\/secure.gravatar.com\\\/avatar\\\/073c0153e350a5005b68eb752b445fea71f6b24a26da9449ad7e155e6b446c9d?s=96&d=mm&r=g\",\"contentUrl\":\"https:\\\/\\\/secure.gravatar.com\\\/avatar\\\/073c0153e350a5005b68eb752b445fea71f6b24a26da9449ad7e155e6b446c9d?s=96&d=mm&r=g\",\"caption\":\"Ralf Ittermann\"},\"givenName\":\"Ralf\",\"familyName\":\"Ittermann\",\"jobTitle\":\"Gesch\u00e4ftsf\u00fchrer und redaktioneller Verantwortlicher\",\"url\":\"https:\\\/\\\/iwell-guard.com\\\/ca\\\/author\\\/claude\\\/\",\"description\":\"Ralf Ittermann ist Gesch\u00e4ftsf\u00fchrer der Ittermann electronic GmbH und redaktioneller Verantwortlicher des iWell-Guard-Lexikons. Er verbindet langj\u00e4hrige Erfahrung in der Pr\u00e4zisionsfertigung mit medialer Praxis und religionsgeschichtlicher Quellenarbeit.\",\"worksFor\":{\"@type\":\"Organization\",\"name\":\"Ittermann electronic GmbH\",\"url\":\"https:\\\/\\\/ittermann.de\\\/\",\"address\":{\"@type\":\"PostalAddress\",\"streetAddress\":\"K\u00f6hlergasse 16-18\",\"postalCode\":\"99842\",\"addressLocality\":\"Ruhla\",\"addressCountry\":\"DE\"}},\"knowsAbout\":[\"Religionsgeschichte\",\"Mythologie\",\"Mediale Praxis\",\"Energetische Diagnostik\",\"Schutzpraxis\",\"Volksglauben\",\"Westliche Esoterik\"]},{\"@type\":\"Article\",\"@id\":\"https:\\\/\\\/iwell-guard.com\\\/ca\\\/krampus\\\/#article\",\"isPartOf\":{\"@id\":\"https:\\\/\\\/iwell-guard.com\\\/ca\\\/krampus\\\/\"},\"author\":{\"name\":\"Ralf Ittermann\",\"@id\":\"https:\\\/\\\/iwell-guard.com\\\/ca\\\/#\\\/schema\\\/person\\\/ee2a27f1cac3406c7c6fb5820cb7349f\"},\"headline\":\"Krampus\",\"datePublished\":\"2026-09-05T15:52:07+00:00\",\"dateModified\":\"2026-09-05T17:13:03+00:00\",\"mainEntityOfPage\":{\"@id\":\"https:\\\/\\\/iwell-guard.com\\\/ca\\\/krampus\\\/\"},\"publisher\":{\"@id\":\"https:\\\/\\\/iwell-guard.com\\\/ca\\\/#organization\"},\"image\":{\"@id\":\"https:\\\/\\\/iwell-guard.com\\\/ca\\\/krampus\\\/#primaryimage\"},\"thumbnailUrl\":\"https:\\\/\\\/iwell-guard.com\\\/wp-content\\\/uploads\\\/2026\\\/07\\\/daemonen_alpin_krampus.webp\",\"inLanguage\":\"ca\",\"description\":\"Qui \u00e9s el Krampus? L'origen del nom, la nit del Krampus el 5 de desembre, la difer\u00e8ncia amb els Perchten i el Knecht Ruprecht, i les grans desfilades de Krampus.\"}]}<\/script>\n<!-- \/ Yoast SEO Premium plugin. -->","yoast_head_json":{"title":"Krampus: origen, significat i tradicions","description":"Qui \u00e9s el Krampus? L'origen del nom, la nit del Krampus el 5 de desembre, la difer\u00e8ncia amb els Perchten i el Knecht Ruprecht, i les grans desfilades de Krampus.","robots":{"index":"index","follow":"follow","max-snippet":"max-snippet:-1","max-image-preview":"max-image-preview:large","max-video-preview":"max-video-preview:-1"},"canonical":"https:\/\/iwell-guard.com\/ca\/krampus\/","og_locale":"ca_ES","og_type":"article","og_title":"Krampus","og_description":"Qui \u00e9s el Krampus? L'origen del nom, la nit del Krampus el 5 de desembre, la difer\u00e8ncia amb els Perchten i el Knecht Ruprecht, i les grans desfilades de Krampus.","og_url":"https:\/\/iwell-guard.com\/ca\/krampus\/","og_site_name":"iWell Guard","article_modified_time":"2026-09-05T17:13:03+00:00","og_image":[{"width":1024,"height":1536,"url":"https:\/\/iwell-guard.com\/wp-content\/uploads\/2026\/07\/daemonen_alpin_krampus.webp","type":"image\/webp"}],"twitter_card":"summary_large_image","schema":{"@context":"https:\/\/schema.org","@graph":[{"@type":"Article","@id":"https:\/\/iwell-guard.com\/ca\/krampus\/#article","isPartOf":{"@id":"https:\/\/iwell-guard.com\/ca\/krampus\/"},"author":{"name":"Ralf Ittermann","@id":"https:\/\/iwell-guard.com\/ca\/#\/schema\/person\/ee2a27f1cac3406c7c6fb5820cb7349f"},"headline":"Krampus","datePublished":"2026-09-05T15:52:07+00:00","dateModified":"2026-09-05T17:13:03+00:00","mainEntityOfPage":{"@id":"https:\/\/iwell-guard.com\/ca\/krampus\/"},"publisher":{"@id":"https:\/\/iwell-guard.com\/ca\/#organization"},"image":{"@id":"https:\/\/iwell-guard.com\/ca\/krampus\/#primaryimage"},"thumbnailUrl":"https:\/\/iwell-guard.com\/wp-content\/uploads\/2026\/07\/daemonen_alpin_krampus.webp","inLanguage":"ca","description":"Qui \u00e9s el Krampus? L'origen del nom, la nit del Krampus el 5 de desembre, la difer\u00e8ncia amb els Perchten i el Knecht Ruprecht, i les grans desfilades de Krampus."},{"@type":"WebPage","@id":"https:\/\/iwell-guard.com\/ca\/krampus\/","url":"https:\/\/iwell-guard.com\/ca\/krampus\/","name":"Krampus: origen, significat i tradicions","isPartOf":{"@id":"https:\/\/iwell-guard.com\/ca\/#website"},"primaryImageOfPage":{"@id":"https:\/\/iwell-guard.com\/ca\/krampus\/#primaryimage"},"image":{"@id":"https:\/\/iwell-guard.com\/ca\/krampus\/#primaryimage"},"thumbnailUrl":"https:\/\/iwell-guard.com\/wp-content\/uploads\/2026\/07\/daemonen_alpin_krampus.webp","datePublished":"2026-09-05T15:52:07+00:00","dateModified":"2026-09-05T17:13:03+00:00","description":"Qui \u00e9s el Krampus? L'origen del nom, la nit del Krampus el 5 de desembre, la difer\u00e8ncia amb els Perchten i el Knecht Ruprecht, i les grans desfilades de Krampus.","breadcrumb":{"@id":"https:\/\/iwell-guard.com\/ca\/krampus\/#breadcrumb"},"inLanguage":"ca","potentialAction":[{"@type":"ReadAction","target":["https:\/\/iwell-guard.com\/ca\/krampus\/"]}]},{"@type":"ImageObject","inLanguage":"ca","@id":"https:\/\/iwell-guard.com\/ca\/krampus\/#primaryimage","url":"https:\/\/iwell-guard.com\/wp-content\/uploads\/2026\/07\/daemonen_alpin_krampus.webp","contentUrl":"https:\/\/iwell-guard.com\/wp-content\/uploads\/2026\/07\/daemonen_alpin_krampus.webp","width":1024,"height":1536,"caption":"Krampus - Dimonis de la tradici\u00f3 alpina, il\u00b7lustraci\u00f3 historicista"},{"@type":"BreadcrumbList","@id":"https:\/\/iwell-guard.com\/ca\/krampus\/#breadcrumb","itemListElement":[{"@type":"ListItem","position":1,"name":"Start","item":"https:\/\/iwell-guard.com\/ca\/?page_id=171333"},{"@type":"ListItem","position":2,"name":"Krampus"}]},{"@type":"WebSite","@id":"https:\/\/iwell-guard.com\/ca\/#website","url":"https:\/\/iwell-guard.com\/ca\/","name":"iWell Guard","description":"Schutz vor dunklen Einfl\u00fcssen","publisher":{"@id":"https:\/\/iwell-guard.com\/ca\/#organization"},"potentialAction":[{"@type":"SearchAction","target":{"@type":"EntryPoint","urlTemplate":"https:\/\/iwell-guard.com\/ca\/?s={search_term_string}"},"query-input":{"@type":"PropertyValueSpecification","valueRequired":true,"valueName":"search_term_string"}}],"inLanguage":"ca"},{"@type":"Organization","@id":"https:\/\/iwell-guard.com\/ca\/#organization","name":"Ittermann electronic GmbH","url":"https:\/\/iwell-guard.com\/ca\/","logo":{"@type":"ImageObject","inLanguage":"ca","@id":"https:\/\/iwell-guard.com\/ca\/#\/schema\/logo\/image\/","url":"https:\/\/iwell-guard.com\/wp-content\/uploads\/2026\/05\/Ittermann-Logo-1182x237-1.png","contentUrl":"https:\/\/iwell-guard.com\/wp-content\/uploads\/2026\/05\/Ittermann-Logo-1182x237-1.png","width":1182,"height":237,"caption":"Ittermann electronic GmbH"},"image":{"@id":"https:\/\/iwell-guard.com\/ca\/#\/schema\/logo\/image\/"},"sameAs":["https:\/\/pantip.com\/profile\/9367242","https:\/\/micro.blog\/iwellguard","https:\/\/www.diggerslist.com\/iwellguard\/about","https:\/\/skitterphoto.com\/photographers\/2870314\/iwell-guard","https:\/\/iwellguard.wordpress.com\/2026\/06\/06\/iwell-guard\/","https:\/\/hub.docker.com\/u\/iwellguard","https:\/\/www.pinterest.com\/iwellguard\/","https:\/\/bit.ly\/m\/iwellguard","https:\/\/entre-vos-mains.alsace.eu\/profiles\/iwellguard\/activity","https:\/\/gravatar.com\/reallybeded8fd34","https:\/\/naijamatta.com\/iwellguard","https:\/\/www.goodreads.com\/iwellguard","https:\/\/profile.hatena.ne.jp\/iwellguard\/","https:\/\/experiment.com\/users\/iwellguard","https:\/\/wakelet.com\/@iWellGuard82270","https:\/\/www.chordie.com\/forum\/profile.php?id=2555664","https:\/\/www.instapaper.com\/p\/17757966","https:\/\/www.mapleprimes.com\/users\/iwellguard","https:\/\/businesslistingplus.com\/profile\/iwell-guard\/","https:\/\/telegra.ph\/iWell-Guard-06-06","https:\/\/pbase.com\/iwellguard\/iwellguard","https:\/\/b.hatena.ne.jp\/iwellguard\/20260607#bookmark-4788405196491818882","https:\/\/fliphtml5.com\/home\/iwellguard","https:\/\/anyflip.com\/homepage\/cmiwl#About","https:\/\/transfur.com\/Users\/iwellguard","http:\/\/delphi.larsbo.org\/user\/iwellguard","https:\/\/jobs.lajobsportal.org\/profiles\/8380803-iwell-guard","https:\/\/md.chaosdorf.de\/s\/jfbe5SBdJD","https:\/\/www.lingvolive.com\/en-us\/profile\/9ecaeaca-ce11-4e51-9e71-01d55e2bff36\/translations","https:\/\/www.fitday.com\/fitness\/forums\/members\/iwellguard.html","https:\/\/www.mymeetbook.com\/iwellguard","https:\/\/pxhere.com\/en\/photographer-me\/5040798","https:\/\/disqus.com\/by\/iwellguard\/about\/","https:\/\/pastelink.net\/hjwciqwq","https:\/\/pubhtml5.com\/homepage\/scjhn\/","https:\/\/www.bitchute.com\/channel\/2O2eOKzNqujT","https:\/\/audiomack.com\/iwellguard"]},{"@type":"Person","@id":"https:\/\/iwell-guard.com\/ca\/#\/schema\/person\/ee2a27f1cac3406c7c6fb5820cb7349f","name":"Ralf Ittermann","image":{"@type":"ImageObject","inLanguage":"ca","@id":"https:\/\/secure.gravatar.com\/avatar\/073c0153e350a5005b68eb752b445fea71f6b24a26da9449ad7e155e6b446c9d?s=96&d=mm&r=g","url":"https:\/\/secure.gravatar.com\/avatar\/073c0153e350a5005b68eb752b445fea71f6b24a26da9449ad7e155e6b446c9d?s=96&d=mm&r=g","contentUrl":"https:\/\/secure.gravatar.com\/avatar\/073c0153e350a5005b68eb752b445fea71f6b24a26da9449ad7e155e6b446c9d?s=96&d=mm&r=g","caption":"Ralf Ittermann"},"givenName":"Ralf","familyName":"Ittermann","jobTitle":"Gesch\u00e4ftsf\u00fchrer und redaktioneller Verantwortlicher","url":"https:\/\/iwell-guard.com\/ca\/author\/claude\/","description":"Ralf Ittermann ist Gesch\u00e4ftsf\u00fchrer der Ittermann electronic GmbH und redaktioneller Verantwortlicher des iWell-Guard-Lexikons. Er verbindet langj\u00e4hrige Erfahrung in der Pr\u00e4zisionsfertigung mit medialer Praxis und religionsgeschichtlicher Quellenarbeit.","worksFor":{"@type":"Organization","name":"Ittermann electronic GmbH","url":"https:\/\/ittermann.de\/","address":{"@type":"PostalAddress","streetAddress":"K\u00f6hlergasse 16-18","postalCode":"99842","addressLocality":"Ruhla","addressCountry":"DE"}},"knowsAbout":["Religionsgeschichte","Mythologie","Mediale Praxis","Energetische Diagnostik","Schutzpraxis","Volksglauben","Westliche Esoterik"]},{"@type":"Article","@id":"https:\/\/iwell-guard.com\/ca\/krampus\/#article","isPartOf":{"@id":"https:\/\/iwell-guard.com\/ca\/krampus\/"},"author":{"name":"Ralf Ittermann","@id":"https:\/\/iwell-guard.com\/ca\/#\/schema\/person\/ee2a27f1cac3406c7c6fb5820cb7349f"},"headline":"Krampus","datePublished":"2026-09-05T15:52:07+00:00","dateModified":"2026-09-05T17:13:03+00:00","mainEntityOfPage":{"@id":"https:\/\/iwell-guard.com\/ca\/krampus\/"},"publisher":{"@id":"https:\/\/iwell-guard.com\/ca\/#organization"},"image":{"@id":"https:\/\/iwell-guard.com\/ca\/krampus\/#primaryimage"},"thumbnailUrl":"https:\/\/iwell-guard.com\/wp-content\/uploads\/2026\/07\/daemonen_alpin_krampus.webp","inLanguage":"ca","description":"Qui \u00e9s el Krampus? L'origen del nom, la nit del Krampus el 5 de desembre, la difer\u00e8ncia amb els Perchten i el Knecht Ruprecht, i les grans desfilades de Krampus."}]}},"_links":{"self":[{"href":"https:\/\/iwell-guard.com\/ca\/wp-json\/wp\/v2\/pages\/172567","targetHints":{"allow":["GET"]}}],"collection":[{"href":"https:\/\/iwell-guard.com\/ca\/wp-json\/wp\/v2\/pages"}],"about":[{"href":"https:\/\/iwell-guard.com\/ca\/wp-json\/wp\/v2\/types\/page"}],"author":[{"embeddable":true,"href":"https:\/\/iwell-guard.com\/ca\/wp-json\/wp\/v2\/users\/3"}],"replies":[{"embeddable":true,"href":"https:\/\/iwell-guard.com\/ca\/wp-json\/wp\/v2\/comments?post=172567"}],"version-history":[{"count":0,"href":"https:\/\/iwell-guard.com\/ca\/wp-json\/wp\/v2\/pages\/172567\/revisions"}],"wp:featuredmedia":[{"embeddable":true,"href":"https:\/\/iwell-guard.com\/ca\/wp-json\/wp\/v2\/media\/20516"}],"wp:attachment":[{"href":"https:\/\/iwell-guard.com\/ca\/wp-json\/wp\/v2\/media?parent=172567"}],"wp:term":[{"taxonomy":"category","embeddable":true,"href":"https:\/\/iwell-guard.com\/ca\/wp-json\/wp\/v2\/categories?post=172567"}],"curies":[{"name":"wp","href":"https:\/\/api.w.org\/{rel}","templated":true}]}}