{"id":172039,"date":"2026-09-05T15:44:33","date_gmt":"2026-09-05T15:44:33","guid":{"rendered":"https:\/\/iwell-guard.com\/?page_id=172039"},"modified":"2026-09-05T16:13:44","modified_gmt":"2026-09-05T16:13:44","slug":"encens","status":"publish","type":"page","link":"https:\/\/iwell-guard.com\/ca\/encens\/","title":{"rendered":"Encens"},"content":{"rendered":"\t\t<div data-elementor-type=\"wp-page\" data-elementor-id=\"172039\" class=\"elementor elementor-172039 elementor-3796 elementor-bc-flex-widget\" data-elementor-post-type=\"page\">\n\t\t\t\t<div class=\"elementor-element elementor-element-iwgs-weihrauch-hero e-flex e-con-boxed e-con e-parent\" data-id=\"iwgs-weihrauch-hero\" data-element_type=\"container\" data-e-type=\"container\">\n\t\t\t\t\t<div class=\"e-con-inner\">\n\t\t<div class=\"elementor-element elementor-element-iw-weihrauch-hero-left e-con-full e-flex e-con e-child\" data-id=\"iw-weihrauch-hero-left\" data-element_type=\"container\" data-e-type=\"container\">\n\t\t\t\t<div class=\"elementor-element elementor-element-iwgs-weihrauch-h1 elementor-widget elementor-widget-heading\" data-id=\"iwgs-weihrauch-h1\" data-element_type=\"widget\" data-e-type=\"widget\" data-widget_type=\"heading.default\">\n\t\t\t\t\t<h1 class=\"elementor-heading-title elementor-size-default\">Encens \u2014 Resina d'encens per a la purificaci\u00f3 i la protecci\u00f3<\/h1>\t\t\t\t<\/div>\n\t\t<div class=\"elementor-element elementor-element-iw-weihrauch-hero-bw e-con-full e-flex e-con e-child\" data-id=\"iw-weihrauch-hero-bw\" data-element_type=\"container\" data-e-type=\"container\">\n\t\t\t\t<div class=\"elementor-element elementor-element-iwgs-weihrauch-pills elementor-widget elementor-widget-html\" data-id=\"iwgs-weihrauch-pills\" data-element_type=\"widget\" data-e-type=\"widget\" data-widget_type=\"html.default\">\n\t\t\t\t\t<div class=\"iwg-pill-row\"><span class=\"iwg-klasse-badge\" tabindex=\"0\" data-tooltip=\"Tipus de mitj\u00e0 de protecci\u00f3.\">Mitj\u00e0 per a cremar encens<\/span><a href=\"https:\/\/iwell-guard.com\/ca\/?page_id=172025\" class=\"iwg-kultur-badge\" tabindex=\"0\" data-tooltip=\"Anar a la visi\u00f3 general.\">Encens i purificaci\u00f3<\/a><\/div>\t\t\t\t<\/div>\n\t\t\t\t<div class=\"elementor-element elementor-element-iwgs-weihrauch-lead elementor-widget elementor-widget-text-editor\" data-id=\"iwgs-weihrauch-lead\" data-element_type=\"widget\" data-e-type=\"widget\" data-widget_type=\"text-editor.default\">\n\t\t\t\t\t\t\t\t\t<p>L&#8217;encens \u00e9s, des de fa almenys 4000 anys, el fumigant m\u00e9s important dels actes religiosos i rituals. La resina, obtinguda del tronc de l&#8217;arbre Boswellia, es cremava tant en els temples egipcis com en els santuaris de l&#8217;antic Israel i en els altars romans.<\/p><p>La seva import\u00e0ncia per a la purificaci\u00f3, la protecci\u00f3 i el contacte amb el sagrat travessa la hist\u00f2ria de les religions d&#8217;una manera que cap altra subst\u00e0ncia assoleix. A la <a href=\"https:\/\/iwell-guard.com\/ca\/?page_id=172025\">p\u00e0gina general sobre fumigaci\u00f3 i purificaci\u00f3<\/a>, l&#8217;encens \u00e9s l&#8217;obra de refer\u00e8ncia que serveix per situar els altres materials de fumigaci\u00f3.<\/p>\n<p class=\"iwg-kwfix\">L&#8217;encens \u00e9s probablement la resina de fumigaci\u00f3 m\u00e9s coneguda i es considera, des de l&#8217;antiguitat, un mitj\u00e0 de purificaci\u00f3.<\/p>\t\t\t\t\t\t\t\t<\/div>\n\t\t\t\t<\/div>\n\t\t\t\t<\/div>\n\t\t<div class=\"elementor-element elementor-element-iw-weihrauch-hero-img e-con-full e-flex e-con e-child\" data-id=\"iw-weihrauch-hero-img\" data-element_type=\"container\" data-e-type=\"container\">\n\t\t\t\t<div class=\"elementor-element elementor-element-iwgs-weihrauch-himg iwg-hero-image elementor-widget elementor-widget-image\" data-id=\"iwgs-weihrauch-himg\" data-element_type=\"widget\" data-e-type=\"widget\" data-widget_type=\"image.default\">\n\t\t\t\t\t\t\t\t\t\t\t\t\t\t\t<img fetchpriority=\"high\" decoding=\"async\" width=\"683\" height=\"1024\" src=\"https:\/\/iwell-guard.com\/wp-content\/uploads\/2026\/05\/schutzsymbol_universell_weihrauch-683x1024.png\" class=\"attachment-large size-large wp-image-173197\" alt=\"Encens \u2013 resina de fumigaci\u00f3 per a la purificaci\u00f3 i la protecci\u00f3, il\u00b7lustraci\u00f3 hist\u00f2rica\" srcset=\"https:\/\/iwell-guard.com\/wp-content\/uploads\/2026\/05\/schutzsymbol_universell_weihrauch-683x1024.png 683w, https:\/\/iwell-guard.com\/wp-content\/uploads\/2026\/05\/schutzsymbol_universell_weihrauch-200x300.png 200w, https:\/\/iwell-guard.com\/wp-content\/uploads\/2026\/05\/schutzsymbol_universell_weihrauch-768x1152.png 768w, https:\/\/iwell-guard.com\/wp-content\/uploads\/2026\/05\/schutzsymbol_universell_weihrauch.png 1024w\" sizes=\"(max-width: 683px) 100vw, 683px\" \/>\t\t\t\t\t\t\t\t\t\t\t\t\t\t\t<\/div>\n\t\t\t\t<\/div>\n\t\t\t\t\t<\/div>\n\t\t\t\t<\/div>\n\t\t<div class=\"elementor-element elementor-element-iwgs-weihrauch-s0 e-flex e-con-boxed e-con e-parent\" data-id=\"iwgs-weihrauch-s0\" data-element_type=\"container\" data-e-type=\"container\">\n\t\t\t\t\t<div class=\"e-con-inner\">\n\t\t\t\t<div class=\"elementor-element elementor-element-iwgs-weihrauch-s0h elementor-widget elementor-widget-heading\" data-id=\"iwgs-weihrauch-s0h\" data-element_type=\"widget\" data-e-type=\"widget\" data-widget_type=\"heading.default\">\n\t\t\t\t\t<h2 class=\"elementor-heading-title elementor-size-default\">Resum r\u00e0pid<\/h2>\t\t\t\t<\/div>\n\t\t<div class=\"elementor-element elementor-element-iw-weihrauch-s0-bw e-con-full e-flex e-con e-child\" data-id=\"iw-weihrauch-s0-bw\" data-element_type=\"container\" data-e-type=\"container\">\n\t\t\t\t<div class=\"elementor-element elementor-element-iwgs-weihrauch-s0t elementor-widget elementor-widget-text-editor\" data-id=\"iwgs-weihrauch-s0t\" data-element_type=\"widget\" data-e-type=\"widget\" data-widget_type=\"text-editor.default\">\n\t\t\t\t\t\t\t\t\t<p>L&#8217;encens \u00e9s la resina assecada de l&#8217;arbre Boswellia, originari principalment de l&#8217;\u00c0frica oriental i la pen\u00ednsula Ar\u00e0biga. Segons la <span class=\"iwg-fachbegriff\" data-tooltip=\"La transmissi\u00f3 de coneixements i relats al llarg de generacions.\" tabindex=\"0\">tradici\u00f3<\/span>, el fum que s&#8217;eleva \u00e9s considerat un portador de <span class=\"iwg-fachbegriff\" data-tooltip=\"L'adre\u00e7ament verbal de l'\u00e9sser hum\u00e0 a una divinitat.\" tabindex=\"0\">preg\u00e0ria<\/span> i de protecci\u00f3, que condueix cap amunt les influ\u00e8ncies perjudicials i obre l&#8217;espai per al sagrat.<\/p><p>L&#8217;olor caracter\u00edstica, dol\u00e7a i resinosa, marca en moltes tradicions la pres\u00e8ncia del div\u00ed. L&#8217;encens es crema en grans sobre carb\u00f3 o en forma de bastonets de fumigaci\u00f3.<\/p>\t\t\t\t\t\t\t\t<\/div>\n\t\t\t\t<\/div>\n\t\t\t\t\t<\/div>\n\t\t\t\t<\/div>\n\t\t<div class=\"elementor-element elementor-element-iwgs-weihrauch-s1 e-flex e-con-boxed e-con e-parent\" data-id=\"iwgs-weihrauch-s1\" data-element_type=\"container\" data-e-type=\"container\">\n\t\t\t\t\t<div class=\"e-con-inner\">\n\t\t\t\t<div class=\"elementor-element elementor-element-iwgs-weihrauch-s1h elementor-widget elementor-widget-heading\" data-id=\"iwgs-weihrauch-s1h\" data-element_type=\"widget\" data-e-type=\"widget\" data-widget_type=\"heading.default\">\n\t\t\t\t\t<h2 class=\"elementor-heading-title elementor-size-default\">Origen i tradici\u00f3<\/h2>\t\t\t\t<\/div>\n\t\t<div class=\"elementor-element elementor-element-iw-weihrauch-s1-bw e-con-full e-flex e-con e-child\" data-id=\"iw-weihrauch-s1-bw\" data-element_type=\"container\" data-e-type=\"container\">\n\t\t\t\t<div class=\"elementor-element elementor-element-iwgs-weihrauch-s1t elementor-widget elementor-widget-text-editor\" data-id=\"iwgs-weihrauch-s1t\" data-element_type=\"widget\" data-e-type=\"widget\" data-widget_type=\"text-editor.default\">\n\t\t\t\t\t\t\t\t\t<p>Els testimonis m\u00e9s antics de l&#8217;\u00fas de l&#8217;encens provenen de l&#8217;antic Egipte, on es cremava als temples amb el nom de Kapet o com a component del fumigant compost Kyphi.<\/p><p>L&#8217;Antic Testament prescriu l&#8217;encens com a part de l&#8217;ofrena del temple: al Llibre de l&#8217;\u00c8xode es descriu la recepta del fumigant sagrat, i el fum de l&#8217;encens s&#8217;hi considera un senyal visible de la preg\u00e0ria que puja fins a D\u00e9u. El Salm 141 recull aquesta imatge: \u00abQue la meva <span class=\"iwg-fachbegriff\" data-tooltip=\"L'adre\u00e7ament verbal de l'\u00e9sser hum\u00e0 a una divinitat.\" tabindex=\"0\">preg\u00e0ria<\/span> s&#8217;alci davant teu com l&#8217;encens.\u00bb<\/p>\n<p>A Mesopot\u00e0mia, l&#8217;encens formava part dels rituals per aplacar i allunyar els dimonis (utukku). Els sacerdots exorcistes de la tradici\u00f3 antiga babil\u00f2nica utilitzaven fumigants espec\u00edfics per a determinats rituals de protecci\u00f3; l&#8217;encens hi representava la purificaci\u00f3 de l&#8217;espai abans que es pronunci\u00e9s una f\u00f3rmula d&#8217;exorcisme.<\/p>\n<p>En l&#8217;\u00e0mbit grecorom\u00e0, l&#8217;encens, en grec libanos, era l&#8217;ofrena est\u00e0ndard a les divinitats. El fum portava la <span class=\"iwg-fachbegriff\" data-tooltip=\"L'adre\u00e7ament verbal de l'\u00e9sser hum\u00e0 a una divinitat.\" tabindex=\"0\">preg\u00e0ria<\/span> cap amunt i delimitava el recinte sagrat de l&#8217;\u00e0mbit quotidi\u00e0.<\/p>\n<p>En la tradici\u00f3 cristiana, l&#8217;encens va ser incorporat a la <span class=\"iwg-fachbegriff\" data-tooltip=\"Per\u00edode de transici\u00f3 entre l'antiguitat i l'edat mitjana, aproximadament del segle III al VII.\" tabindex=\"0\">antiguitat tardana<\/span> a la <span class=\"iwg-fachbegriff\" data-tooltip=\"L'ordre establert del culte religi\u00f3s d'una comunitat de fe.\" tabindex=\"0\">lit\u00fargia<\/span>. Tant en el <span class=\"iwg-fachbegriff\" data-tooltip=\"Un acte religi\u00f3s fixat i recurrent.\" tabindex=\"0\">ritu<\/span> bizant\u00ed com en el llat\u00ed, encara avui es considera un senyal de preg\u00e0ria, de rever\u00e8ncia i de santificaci\u00f3. En la pr\u00e0ctica cat\u00f2lica i ortodoxa, l&#8217;encens acompanya la missa, el baptisme, els sagraments dels moribunds i la <span class=\"iwg-fachbegriff\" data-tooltip=\"L'acte ritual mitjan\u00e7ant el qual es dona una benedicci\u00f3.\" tabindex=\"0\">benedicci\u00f3<\/span> de les cases.<\/p>\t\t\t\t\t\t\t\t<\/div>\n\t\t\t\t<\/div>\n\t\t\t\t\t<\/div>\n\t\t\t\t<\/div>\n\t\t<div class=\"elementor-element elementor-element-iwgs-weihrauch-s2 e-flex e-con-boxed e-con e-parent\" data-id=\"iwgs-weihrauch-s2\" data-element_type=\"container\" data-e-type=\"container\">\n\t\t\t\t\t<div class=\"e-con-inner\">\n\t\t\t\t<div class=\"elementor-element elementor-element-iwgs-weihrauch-s2h elementor-widget elementor-widget-heading\" data-id=\"iwgs-weihrauch-s2h\" data-element_type=\"widget\" data-e-type=\"widget\" data-widget_type=\"heading.default\">\n\t\t\t\t\t<h2 class=\"elementor-heading-title elementor-size-default\">Principi d'acci\u00f3 segons la tradici\u00f3<\/h2>\t\t\t\t<\/div>\n\t\t<div class=\"elementor-element elementor-element-iw-weihrauch-s2-bw e-con-full e-flex e-con e-child\" data-id=\"iw-weihrauch-s2-bw\" data-element_type=\"container\" data-e-type=\"container\">\n\t\t\t\t<div class=\"elementor-element elementor-element-iwgs-weihrauch-s2t elementor-widget elementor-widget-text-editor\" data-id=\"iwgs-weihrauch-s2t\" data-element_type=\"widget\" data-e-type=\"widget\" data-widget_type=\"text-editor.default\">\n\t\t\t\t\t\t\t\t\t<p>La <span class=\"iwg-fachbegriff\" data-tooltip=\"La transmissi\u00f3 de coneixements i relats al llarg de generacions.\" tabindex=\"0\">tradici\u00f3<\/span> coneix dues maneres principals d&#8217;actuar de l&#8217;encens. D&#8217;una banda, el seu fum es considera un mitj\u00e0 de delimitaci\u00f3: transforma un lloc ordinari en un recinte sagrat, ja que marca la frontera invisible entre l&#8217;espai prof\u00e0 i el sacre.<\/p><p>All\u00f2 que entra en aquest recinte entra en contacte amb la <span class=\"iwg-fachbegriff\" data-tooltip=\"Acte ritual mitjan\u00e7ant el qual un objecte, lloc o persona es consagra a l'\u00e0mbit religi\u00f3s.\" tabindex=\"0\">consagraci\u00f3<\/span> que transporta el fum, i les influ\u00e8ncies perjudicials es consideren, en la <span class=\"iwg-fachbegriff\" data-tooltip=\"La transmissi\u00f3 de coneixements i relats al llarg de generacions.\" tabindex=\"0\">tradici\u00f3<\/span>, incompatibles amb aquest estat.<\/p>\n<p>D&#8217;altra banda, s&#8217;atribueix a l&#8217;olor d&#8217;encens un efecte repel\u00b7lent envers els \u00e9ssers inferiors o perjudicials. Tant en la demonologia antiga babil\u00f2nica com en la jueva i la cristiana es descriu la incompatibilitat dels dimonis amb all\u00f2 sagrat i amb determinades olors.<\/p><p>El Llibre de Tobies, un dels llibres deuterocan\u00f2nics de la B\u00edblia, narra com el fum del fetge de peix cremat i del fumigant allunya el <span class=\"iwg-fachbegriff\" data-tooltip=\"\u00c9sser espiritual al qual s'atribueix un efecte perjudicial o ambivalent.\" tabindex=\"0\">dimoni<\/span> Asmodeu. Encara que all\u00e0 l&#8217;encens no \u00e9s directament el mitj\u00e0 emprat, forma part del mateix marc interpretatiu.<\/p>\t\t\t\t\t\t\t\t<\/div>\n\t\t\t\t<\/div>\n\t\t\t\t\t<\/div>\n\t\t\t\t<\/div>\n\t\t<div class=\"elementor-element elementor-element-iwgs-weihrauch-s3 e-flex e-con-boxed e-con e-parent\" data-id=\"iwgs-weihrauch-s3\" data-element_type=\"container\" data-e-type=\"container\">\n\t\t\t\t\t<div class=\"e-con-inner\">\n\t\t\t\t<div class=\"elementor-element elementor-element-iwgs-weihrauch-s3h elementor-widget elementor-widget-heading\" data-id=\"iwgs-weihrauch-s3h\" data-element_type=\"widget\" data-e-type=\"widget\" data-widget_type=\"heading.default\">\n\t\t\t\t\t<h2 class=\"elementor-heading-title elementor-size-default\">Difusi\u00f3 transcultural<\/h2>\t\t\t\t<\/div>\n\t\t<div class=\"elementor-element elementor-element-iw-weihrauch-s3-bw e-con-full e-flex e-con e-child\" data-id=\"iw-weihrauch-s3-bw\" data-element_type=\"container\" data-e-type=\"container\">\n\t\t\t\t<div class=\"elementor-element elementor-element-iwgs-weihrauch-s3t elementor-widget elementor-widget-text-editor\" data-id=\"iwgs-weihrauch-s3t\" data-element_type=\"widget\" data-e-type=\"widget\" data-widget_type=\"text-editor.default\">\n\t\t\t\t\t\t\t\t\t<p>L&#8217;encens \u00e9s el fumigant amb la major difusi\u00f3 geogr\u00e0fica i temporal. A l&#8217;Orient Mitj\u00e0 i al nord d&#8217;\u00c0frica va ser, durant mil\u00b7lennis, el material de culte central; les rutes comercials de l&#8217;<span class=\"iwg-fachbegriff\" data-tooltip=\"\u00c8poca de la cultura grega i romana, aproximadament del 800 aC al 600 dC.\" tabindex=\"0\">antiguitat<\/span>, les anomenades rutes de l&#8217;encens, en porten el nom.<\/p><p>A l&#8217;\u00cdndia forma part del <span class=\"iwg-fachbegriff\" data-tooltip=\"Una seq\u00fc\u00e8ncia ordenada d'accions simb\u00f2liques amb significat religi\u00f3s o cultural.\" tabindex=\"0\">ritual<\/span> del puja, on la fumigaci\u00f3 atreu les divinitats i allunya els esperits impurs. En la pr\u00e0ctica tibetana, l&#8217;encens s&#8217;utilitza com a part dels rituals de purificaci\u00f3 (sang) per allunyar esperits perjudicials i influ\u00e8ncies funestes.<\/p>\n<p>En la creen\u00e7a popular europea, l&#8217;encens s&#8217;associa sobretot amb la pr\u00e0ctica de protecci\u00f3 cristiana. L&#8217;encens bene\u00eft de la process\u00f3 de Reis es cremava en moltes regions sobre les portes i finestres de la casa per protegir-la durant el nou any.<\/p><p>Beneir les cases amb encens el dia de Reis \u00e9s encara avui una pr\u00e0ctica estesa a Baviera, \u00c0ustria i Su\u00efssa.<\/p>\n<p>En combinaci\u00f3 amb la <a href=\"https:\/\/iwell-guard.com\/ca\/?page_id=172023\">mirra<\/a>, l&#8217;encens forma una parella de fumigants cl\u00e0ssica, considerada en diverses tradicions especialment efica\u00e7: l&#8217;encens representa all\u00f2 llumin\u00f3s i acollidor; la mirra, all\u00f2 que delimita i protegeix davant la mort i el mal.<\/p>\t\t\t\t\t\t\t\t<\/div>\n\t\t\t\t<\/div>\n\t\t\t\t\t<\/div>\n\t\t\t\t<\/div>\n\t\t<div class=\"elementor-element elementor-element-iwgs-weihrauch-s4 e-flex e-con-boxed e-con e-parent\" data-id=\"iwgs-weihrauch-s4\" data-element_type=\"container\" data-e-type=\"container\">\n\t\t\t\t\t<div class=\"e-con-inner\">\n\t\t\t\t<div class=\"elementor-element elementor-element-iwgs-weihrauch-s4h elementor-widget elementor-widget-heading\" data-id=\"iwgs-weihrauch-s4h\" data-element_type=\"widget\" data-e-type=\"widget\" data-widget_type=\"heading.default\">\n\t\t\t\t\t<h2 class=\"elementor-heading-title elementor-size-default\">Contra qu\u00e8 s'utilitza<\/h2>\t\t\t\t<\/div>\n\t\t<div class=\"elementor-element elementor-element-iw-weihrauch-s4-bw e-con-full e-flex e-con e-child\" data-id=\"iw-weihrauch-s4-bw\" data-element_type=\"container\" data-e-type=\"container\">\n\t\t\t\t<div class=\"elementor-element elementor-element-iwgs-weihrauch-s4t elementor-widget elementor-widget-text-editor\" data-id=\"iwgs-weihrauch-s4t\" data-element_type=\"widget\" data-e-type=\"widget\" data-widget_type=\"text-editor.default\">\n\t\t\t\t\t\t\t\t\t<p>En la <span class=\"iwg-fachbegriff\" data-tooltip=\"La transmissi\u00f3 de coneixements i relats al llarg de generacions.\" tabindex=\"0\">tradici\u00f3<\/span> s&#8217;utilitza l&#8217;encens contra una \u00e0mplia categoria d&#8217;\u00e9ssers nocius. Entre ells hi ha, en primer lloc, esperits impurs i dimonis, tal com es descriuen en la <span class=\"iwg-fachbegriff\" data-tooltip=\"La transmissi\u00f3 de coneixements i relats al llarg de generacions.\" tabindex=\"0\">tradici\u00f3<\/span> mesopot\u00e0mica, jueva, cristiana i isl\u00e0mica: \u00e9ssers que s&#8217;aferren a cases, llindars o persones concretes i hi causen mal.<\/p><p>Es creu que el fum expulsa aquests \u00e9ssers o els impedeix tornar a entrar en un espai purificat.<\/p>\n<p>En la <span class=\"iwg-fachbegriff\" data-tooltip=\"Ci\u00e8ncia que estudia la cultura popular, els costums i les creences transmeses.\" tabindex=\"0\">folklor\u00edstica<\/span> europea, l&#8217;encens apareix tamb\u00e9 com a remei contra el mal d&#8217;ull i, en un sentit m\u00e9s ampli, contra la bruixeria. Fumar una cambra de malalt amb encens no nom\u00e9s havia d&#8217;afavorir el proc\u00e9s de curaci\u00f3, sin\u00f3 tamb\u00e9 repel\u00b7lir influ\u00e8ncies nocives externes.<\/p>\n<p>El <a href=\"https:\/\/iwell-guard.com\/ca\/?page_id=172028\">Schutz-Kompass<\/a> a iwell-guard.com recull els tipus d&#8217;\u00e9ssers contra els quals, segons diverses tradicions, l&#8217;encens s&#8217;ha transm\u00e8s com a contramesura.<\/p>\t\t\t\t\t\t\t\t<\/div>\n\t\t\t\t<\/div>\n\t\t\t\t\t<\/div>\n\t\t\t\t<\/div>\n\t\t<div class=\"elementor-element elementor-element-iwgs-weihrauch-s5 e-flex e-con-boxed e-con e-parent\" data-id=\"iwgs-weihrauch-s5\" data-element_type=\"container\" data-e-type=\"container\">\n\t\t\t\t\t<div class=\"e-con-inner\">\n\t\t\t\t<div class=\"elementor-element elementor-element-iwgs-weihrauch-s5h elementor-widget elementor-widget-heading\" data-id=\"iwgs-weihrauch-s5h\" data-element_type=\"widget\" data-e-type=\"widget\" data-widget_type=\"heading.default\">\n\t\t\t\t\t<h2 class=\"elementor-heading-title elementor-size-default\">Aplicaci\u00f3 i l\u00edmits<\/h2>\t\t\t\t<\/div>\n\t\t<div class=\"elementor-element elementor-element-iw-weihrauch-s5-bw e-con-full e-flex e-con e-child\" data-id=\"iw-weihrauch-s5-bw\" data-element_type=\"container\" data-e-type=\"container\">\n\t\t\t\t<div class=\"elementor-element elementor-element-iwgs-weihrauch-s5t elementor-widget elementor-widget-text-editor\" data-id=\"iwgs-weihrauch-s5t\" data-element_type=\"widget\" data-e-type=\"widget\" data-widget_type=\"text-editor.default\">\n\t\t\t\t\t\t\t\t\t<p>Tradicionalment, l&#8217;encens es crema sobre carb\u00f3 vegetal; el fum es fa passar per l&#8217;espai amb un recipient, el tur\u00edbul. En la pr\u00e0ctica quotidiana \u00e9s habitual l&#8217;\u00fas de varetes d&#8217;encens amb extracte o oli de resina d&#8217;encens, encara que la tradici\u00f3 popular atribueix un efecte m\u00e9s fort al fum de la resina pura que als productes elaborats.<\/p>\n<p>La <span class=\"iwg-fachbegriff\" data-tooltip=\"La transmissi\u00f3 de coneixements i relats al llarg de generacions.\" tabindex=\"0\">tradici\u00f3<\/span> estableix un marc d&#8217;actuaci\u00f3 clar: fumigar s&#8217;ha de fer amb intenci\u00f3 i concentraci\u00f3, no de manera casual.<\/p><p>Segons la tradici\u00f3, les finestres i les portes es tanquen (perqu\u00e8 el fum impregni l&#8217;espai) o s&#8217;obren (perqu\u00e8 les influ\u00e8ncies nocives siguin expulsades a l&#8217;exterior amb el fum). Quina variant s&#8217;aplica dep\u00e8n de l&#8217;objectiu perseguit: purificaci\u00f3 per contenci\u00f3 o per expulsi\u00f3.<\/p>\n<p>Com a l\u00edmit de la pr\u00e0ctica, la mateixa <span class=\"iwg-fachbegriff\" data-tooltip=\"La transmissi\u00f3 de coneixements i relats al llarg de generacions.\" tabindex=\"0\">tradici\u00f3<\/span> reconeix que l&#8217;encens sol no constitueix una protecci\u00f3 completa. Forma part d&#8217;un context ritual i complementa altres mitjans de protecci\u00f3. Les persones que sospiten d&#8217;una influ\u00e8ncia concreta poden trobar en el <a href=\"https:\/\/iwell-guard.com\/ca\/?page_id=172028\">Schutz-Kompass<\/a> indicacions sobre quines combinacions recomanen les diferents tradicions.<\/p>\t\t\t\t\t\t\t\t<\/div>\n\t\t\t\t<\/div>\n\t\t\t\t\t<\/div>\n\t\t\t\t<\/div>\n\t\t<div class=\"elementor-element elementor-element-iwgs-weihrauch-lit e-flex e-con-boxed e-con e-parent\" data-id=\"iwgs-weihrauch-lit\" data-element_type=\"container\" data-e-type=\"container\">\n\t\t\t\t\t<div class=\"e-con-inner\">\n\t\t\t\t<div class=\"elementor-element elementor-element-iwgs-weihrauch-lith elementor-widget elementor-widget-heading\" data-id=\"iwgs-weihrauch-lith\" data-element_type=\"widget\" data-e-type=\"widget\" data-widget_type=\"heading.default\">\n\t\t\t\t\t<h2 class=\"elementor-heading-title elementor-size-default\">Bibliografia (selecci\u00f3)<\/h2>\t\t\t\t<\/div>\n\t\t<div class=\"elementor-element elementor-element-iw-weihrauch-lit-bw e-con-full e-flex e-con e-child\" data-id=\"iw-weihrauch-lit-bw\" data-element_type=\"container\" data-e-type=\"container\">\n\t\t\t\t<div class=\"elementor-element elementor-element-iwgs-weihrauch-litt elementor-widget elementor-widget-html\" data-id=\"iwgs-weihrauch-litt\" data-element_type=\"widget\" data-e-type=\"widget\" data-widget_type=\"html.default\">\n\t\t\t\t\t<footer data-nosnippet=\"true\"><ul><li>Handw\u00f6rterbuch des deutschen Aberglaubens. Hrsg. von Hanns B\u00e4chtold-St\u00e4ubli. Berlin: de Gruyter, 1927-1942.<\/li><li>Nigel Groom: Frankincense and Myrrh: A Study of the Arabian Incense Trade. London: Longman, 1981.<\/li><li>Karel van der Toorn, Bob Becking, Pieter W. van der Horst (Hrsg.): Dictionary of Deities and Demons in the Bible. Leiden: Brill, 1999.<\/li><li>Richard Kieckhefer: Magic in the Middle Ages. Cambridge: Cambridge University Press, 1989.<\/li><li>Manfred Lurker: W\u00f6rterbuch der Symbolik. Stuttgart: Kr\u00f6ner, 1991.<\/li><\/ul><\/footer>\t\t\t\t<\/div>\n\t\t\t\t<\/div>\n\t\t\t\t\t<\/div>\n\t\t\t\t<\/div>\n\t\t<div class=\"elementor-element elementor-element-iwgs-weihrauch-kwd e-flex e-con-boxed e-con e-parent\" data-id=\"iwgs-weihrauch-kwd\" data-element_type=\"container\" data-e-type=\"container\">\n\t\t\t\t\t<div class=\"e-con-inner\">\n\t\t<div class=\"elementor-element elementor-element-iw-weihrauch-kwd-bw e-con-full e-flex e-con e-child\" data-id=\"iw-weihrauch-kwd-bw\" data-element_type=\"container\" data-e-type=\"container\">\n\t\t\t\t<div class=\"elementor-element elementor-element-iwgs-weihrauch-kwdt elementor-widget elementor-widget-text-editor\" data-id=\"iwgs-weihrauch-kwdt\" data-element_type=\"widget\" data-e-type=\"widget\" data-widget_type=\"text-editor.default\">\n\t\t\t\t\t\t\t\t\t<p><em>Termes clau relacionats: encens olib\u00e0 fumigaci\u00f3 efecte.<\/em><\/p>\t\t\t\t\t\t\t\t<\/div>\n\t\t\t\t<\/div>\n\t\t\t\t\t<\/div>\n\t\t\t\t<\/div>\n\t\t<div class=\"elementor-element elementor-element-iwgs-weihrauch-cc e-flex e-con-boxed e-con e-parent\" data-id=\"iwgs-weihrauch-cc\" data-element_type=\"container\" data-e-type=\"container\" id=\"iwg-cc-weihrauch\">\n\t\t\t\t\t<div class=\"e-con-inner\">\n\t\t<div class=\"elementor-element elementor-element-iwgs-weihrauch-ccinner e-flex e-con-boxed e-con e-parent\" data-id=\"iwgs-weihrauch-ccinner\" data-element_type=\"container\" data-e-type=\"container\" data-settings=\"{&quot;background_background&quot;:&quot;classic&quot;}\">\n\t\t\t\t\t<div class=\"e-con-inner\">\n\t\t\t\t<div class=\"elementor-element elementor-element-iwgs-weihrauch-cch elementor-widget elementor-widget-heading\" data-id=\"iwgs-weihrauch-cch\" data-element_type=\"widget\" data-e-type=\"widget\" data-widget_type=\"heading.default\">\n\t\t\t\t\t<h2 class=\"elementor-heading-title elementor-size-default\">iWell Guard i tradicions de protecci\u00f3<\/h2>\t\t\t\t<\/div>\n\t\t\t\t<div class=\"elementor-element elementor-element-iwgs-weihrauch-cct elementor-widget elementor-widget-text-editor\" data-id=\"iwgs-weihrauch-cct\" data-element_type=\"widget\" data-e-type=\"widget\" data-widget_type=\"text-editor.default\">\n\t\t\t\t\t\t\t\t\t<p>L&#8217;encens representa el principi segons el qual la protecci\u00f3 sorgeix d&#8217;una pr\u00e0ctica cont\u00ednua, mitjan\u00e7ant fumigacions repetides, mitjan\u00e7ant la renovaci\u00f3 de la <span class=\"iwg-fachbegriff\" data-tooltip=\"Acte ritual pel qual un objecte, lloc o persona es consagra a l'\u00e0mbit religi\u00f3s.\" tabindex=\"0\">consagraci\u00f3<\/span>.<\/p><p>L&#8217;<a href=\"https:\/\/iwell-guard.com\/ca\/penjoll-protector-iwell-guard-comprar\/\">iWell Guard<\/a> tradueix aquest principi a una forma portable: un s\u00edmbol de protecci\u00f3 que porta en si les tradicions desenvolupades al llarg de mil\u00b7lennis en diverses cultures, i que acompanya permanentment la persona sense necessitat d&#8217;un ritual peri\u00f2dic.<\/p><p>La idea d&#8217;entendre la protecci\u00f3 com quelcom que cal mantenir activament uneix l&#8217;antic sacerdot fumigador amb el portador modern de l&#8217;anellet.<\/p>\t\t\t\t\t\t\t\t<\/div>\n\t\t\t\t<div class=\"elementor-element elementor-element-iwgs-weihrauch-ccb iwg-cc-button iwg-cc-cta-2026-05-13 elementor-widget elementor-widget-jet-button\" data-id=\"iwgs-weihrauch-ccb\" data-element_type=\"widget\" data-e-type=\"widget\" data-widget_type=\"jet-button.default\">\n\t\t\t\t<div class=\"elementor-widget-container\">\n\t\t\t\t\t<div class=\"elementor-jet-button jet-elements\"><div class=\"jet-button__container\"><a class=\"jet-button__instance jet-button__instance--icon-left hover-effect-1\" href=\"\/schutzanhaenger-iwell-guard-kaufen\/?utm_source=iwell-guard.com&amp;utm_medium=info-box&amp;utm_campaign=schutzsymbole\"><div class=\"jet-button__plane jet-button__plane-normal\"><\/div><div class=\"jet-button__plane jet-button__plane-hover\"><\/div><div class=\"jet-button__state jet-button__state-normal\"><span class=\"jet-button__label\">M\u00e9s informaci\u00f3 sobre l'iWell Guard<\/span><\/div><div class=\"jet-button__state jet-button__state-hover\"><span class=\"jet-button__label\">M\u00e9s informaci\u00f3 sobre l'iWell Guard<\/span><\/div><\/a><\/div><\/div><style>.elementor-element.elementor-element-iwgs-weihrauch-ccb .jet-button__instance{width:320px;height:56px;}.elementor-element.elementor-element-iwgs-weihrauch-ccb .jet-button__state-normal .jet-button__label{text-align:center;margin:0px 0px 0px 0px;color:#1a1b20;font-family:Montserrat,sans-serif;font-size:13px;font-weight:400;letter-spacing:4px;line-height:1.714em;text-transform:uppercase;}.elementor-element.elementor-element-iwgs-weihrauch-ccb .jet-button__state-hover .jet-button__label{text-align:center;margin:0px 0px 0px 0px;color:#FECC76;font-family:Montserrat,sans-serif;font-size:13px;font-weight:400;letter-spacing:4px;line-height:1.714em;text-transform:uppercase;}.elementor-element.elementor-element-iwgs-weihrauch-ccb .jet-button__plane-normal{background-color:#FECC76;border-style:solid;border-color:#C99540;border-width:2px 2px 2px 2px;}.elementor-element.elementor-element-iwgs-weihrauch-ccb .jet-button__plane-hover{background-color:rgba(0,0,0,0.55);border-style:solid;border-color:#FECC76;border-width:2px 2px 2px 2px;}<\/style>\t\t\t\t<\/div>\n\t\t\t\t<\/div>\n\t\t\t\t<div class=\"elementor-element elementor-element-iwgs-weihrauch-ccd elementor-widget elementor-widget-text-editor\" data-id=\"iwgs-weihrauch-ccd\" data-element_type=\"widget\" data-e-type=\"widget\" data-widget_type=\"text-editor.default\">\n\t\t\t\t\t\t\t\t\t<p style=\"text-align:center;font-size:13px;opacity:0.7;margin-top:14px\" data-nosnippet=\"true\">Les experi\u00e8ncies personals poden variar. No \u00e9s un producte sanitari. No es garanteix cap curaci\u00f3.<\/p>\t\t\t\t\t\t\t\t<\/div>\n\t\t\t\t\t<\/div>\n\t\t\t\t<\/div>\n\t\t\t\t\t<\/div>\n\t\t\t\t<\/div>\n\t\t<div class=\"elementor-element elementor-element-iwgs-weihrauch-disc e-flex e-con-boxed e-con e-parent\" data-id=\"iwgs-weihrauch-disc\" data-element_type=\"container\" data-e-type=\"container\">\n\t\t\t\t\t<div class=\"e-con-inner\">\n\t\t<div class=\"elementor-element elementor-element-iw-weihrauch-disc-bw e-con-full e-flex e-con e-child\" data-id=\"iw-weihrauch-disc-bw\" data-element_type=\"container\" data-e-type=\"container\">\n\t\t\t\t<div class=\"elementor-element elementor-element-iwgs-weihrauch-discw elementor-widget elementor-widget-html\" data-id=\"iwgs-weihrauch-discw\" data-element_type=\"widget\" data-e-type=\"widget\" data-widget_type=\"html.default\">\n\t\t\t\t\t<footer data-nosnippet=\"true\" class=\"iwg-disclaimer-block\"><p data-nosnippet=\"true\">iWell Guard <strong>no \u00e9s un producte sanitari<\/strong> i no substitueix cap tractament m\u00e8dic o psicoterap\u00e8utic. Els continguts presentats aqu\u00ed s\u00f3n una contextualitzaci\u00f3 des de la ci\u00e8ncia de les religions i la hist\u00f2ria cultural, no una promesa d'efecte espiritual.<\/p><\/footer>\t\t\t\t<\/div>\n\t\t\t\t<\/div>\n\t\t\t\t\t<\/div>\n\t\t\t\t<\/div>\n\t\t\t\t<\/div>\n\t\t","protected":false},"excerpt":{"rendered":"","protected":false},"author":3,"featured_media":4138,"parent":0,"menu_order":0,"comment_status":"closed","ping_status":"closed","template":"elementor_header_footer","meta":{"_yoast_wpseo_focuskw":"encens","_yoast_wpseo_title":"Encens - Fumigaci\u00f3 per a la protecci\u00f3","_yoast_wpseo_metadesc":"L'encens com a protecci\u00f3: origen, principi d'acci\u00f3 i transmissi\u00f3 intercultural del fumigant m\u00e9s antic del m\u00f3n.","_yoast_wpseo_meta-robots-noindex":"","_yoast_wpseo_canonical":"","_angie_page":false,"gefaehrdungsstufe":"","wesen_kultur":"","wesen_klasse":"","footnotes":""},"categories":[],"class_list":["post-172039","page","type-page","status-publish","has-post-thumbnail","hentry"],"yoast_head":"<!-- This site is optimized with the Yoast SEO Premium plugin v27.7 (Yoast SEO v28.3) - https:\/\/yoast.com\/product\/yoast-seo-premium-wordpress\/ -->\n<title>Encens - Fumigaci\u00f3 per a la protecci\u00f3<\/title>\n<meta name=\"description\" content=\"L&#039;encens com a protecci\u00f3: origen, principi d&#039;acci\u00f3 i transmissi\u00f3 intercultural del fumigant m\u00e9s antic del m\u00f3n.\" \/>\n<meta name=\"robots\" content=\"index, follow, max-snippet:-1, max-image-preview:large, max-video-preview:-1\" \/>\n<link rel=\"canonical\" href=\"https:\/\/iwell-guard.com\/ca\/encens\/\" \/>\n<meta property=\"og:locale\" content=\"ca_ES\" \/>\n<meta property=\"og:type\" content=\"article\" \/>\n<meta property=\"og:title\" content=\"Encens\" \/>\n<meta property=\"og:description\" content=\"L&#039;encens com a protecci\u00f3: origen, principi d&#039;acci\u00f3 i transmissi\u00f3 intercultural del fumigant m\u00e9s antic del m\u00f3n.\" \/>\n<meta property=\"og:url\" content=\"https:\/\/iwell-guard.com\/ca\/encens\/\" \/>\n<meta property=\"og:site_name\" content=\"iWell Guard\" \/>\n<meta property=\"article:modified_time\" content=\"2026-09-05T16:13:44+00:00\" \/>\n<meta property=\"og:image\" content=\"https:\/\/iwell-guard.com\/wp-content\/uploads\/2026\/05\/schutzsymbol_universell_weihrauch.png\" \/>\n\t<meta property=\"og:image:width\" content=\"1024\" \/>\n\t<meta property=\"og:image:height\" content=\"1536\" \/>\n\t<meta property=\"og:image:type\" content=\"image\/png\" \/>\n<meta name=\"twitter:card\" content=\"summary_large_image\" \/>\n<script type=\"application\/ld+json\" class=\"yoast-schema-graph\">{\"@context\":\"https:\\\/\\\/schema.org\",\"@graph\":[{\"@type\":\"WebPage\",\"@id\":\"https:\\\/\\\/iwell-guard.com\\\/ca\\\/encens\\\/\",\"url\":\"https:\\\/\\\/iwell-guard.com\\\/ca\\\/encens\\\/\",\"name\":\"Encens - Fumigaci\u00f3 per a la protecci\u00f3\",\"isPartOf\":{\"@id\":\"https:\\\/\\\/iwell-guard.com\\\/ca\\\/#website\"},\"primaryImageOfPage\":{\"@id\":\"https:\\\/\\\/iwell-guard.com\\\/ca\\\/encens\\\/#primaryimage\"},\"image\":{\"@id\":\"https:\\\/\\\/iwell-guard.com\\\/ca\\\/encens\\\/#primaryimage\"},\"thumbnailUrl\":\"https:\\\/\\\/iwell-guard.com\\\/wp-content\\\/uploads\\\/2026\\\/05\\\/schutzsymbol_universell_weihrauch.png\",\"datePublished\":\"2026-09-05T15:44:33+00:00\",\"dateModified\":\"2026-09-05T16:13:44+00:00\",\"description\":\"L'encens com a protecci\u00f3: origen, principi d'acci\u00f3 i transmissi\u00f3 intercultural del fumigant m\u00e9s antic del m\u00f3n.\",\"breadcrumb\":{\"@id\":\"https:\\\/\\\/iwell-guard.com\\\/ca\\\/encens\\\/#breadcrumb\"},\"inLanguage\":\"ca\",\"potentialAction\":[{\"@type\":\"ReadAction\",\"target\":[\"https:\\\/\\\/iwell-guard.com\\\/ca\\\/encens\\\/\"]}]},{\"@type\":\"ImageObject\",\"inLanguage\":\"ca\",\"@id\":\"https:\\\/\\\/iwell-guard.com\\\/ca\\\/encens\\\/#primaryimage\",\"url\":\"https:\\\/\\\/iwell-guard.com\\\/wp-content\\\/uploads\\\/2026\\\/05\\\/schutzsymbol_universell_weihrauch.png\",\"contentUrl\":\"https:\\\/\\\/iwell-guard.com\\\/wp-content\\\/uploads\\\/2026\\\/05\\\/schutzsymbol_universell_weihrauch.png\",\"width\":1024,\"height\":1536,\"caption\":\"Encens \u2013 resina de fumigaci\u00f3 per a la purificaci\u00f3 i la protecci\u00f3, il\u00b7lustraci\u00f3 hist\u00f2rica\"},{\"@type\":\"BreadcrumbList\",\"@id\":\"https:\\\/\\\/iwell-guard.com\\\/ca\\\/encens\\\/#breadcrumb\",\"itemListElement\":[{\"@type\":\"ListItem\",\"position\":1,\"name\":\"Start\",\"item\":\"https:\\\/\\\/iwell-guard.com\\\/ca\\\/?page_id=171333\"},{\"@type\":\"ListItem\",\"position\":2,\"name\":\"Encens\"}]},{\"@type\":\"WebSite\",\"@id\":\"https:\\\/\\\/iwell-guard.com\\\/ca\\\/#website\",\"url\":\"https:\\\/\\\/iwell-guard.com\\\/ca\\\/\",\"name\":\"iWell Guard\",\"description\":\"Schutz vor dunklen Einfl\u00fcssen\",\"publisher\":{\"@id\":\"https:\\\/\\\/iwell-guard.com\\\/ca\\\/#organization\"},\"potentialAction\":[{\"@type\":\"SearchAction\",\"target\":{\"@type\":\"EntryPoint\",\"urlTemplate\":\"https:\\\/\\\/iwell-guard.com\\\/ca\\\/?s={search_term_string}\"},\"query-input\":{\"@type\":\"PropertyValueSpecification\",\"valueRequired\":true,\"valueName\":\"search_term_string\"}}],\"inLanguage\":\"ca\"},{\"@type\":\"Organization\",\"@id\":\"https:\\\/\\\/iwell-guard.com\\\/ca\\\/#organization\",\"name\":\"Ittermann electronic GmbH\",\"url\":\"https:\\\/\\\/iwell-guard.com\\\/ca\\\/\",\"logo\":{\"@type\":\"ImageObject\",\"inLanguage\":\"ca\",\"@id\":\"https:\\\/\\\/iwell-guard.com\\\/ca\\\/#\\\/schema\\\/logo\\\/image\\\/\",\"url\":\"https:\\\/\\\/iwell-guard.com\\\/wp-content\\\/uploads\\\/2026\\\/05\\\/Ittermann-Logo-1182x237-1.png\",\"contentUrl\":\"https:\\\/\\\/iwell-guard.com\\\/wp-content\\\/uploads\\\/2026\\\/05\\\/Ittermann-Logo-1182x237-1.png\",\"width\":1182,\"height\":237,\"caption\":\"Ittermann electronic GmbH\"},\"image\":{\"@id\":\"https:\\\/\\\/iwell-guard.com\\\/ca\\\/#\\\/schema\\\/logo\\\/image\\\/\"},\"sameAs\":[\"https:\\\/\\\/pantip.com\\\/profile\\\/9367242\",\"https:\\\/\\\/micro.blog\\\/iwellguard\",\"https:\\\/\\\/www.diggerslist.com\\\/iwellguard\\\/about\",\"https:\\\/\\\/skitterphoto.com\\\/photographers\\\/2870314\\\/iwell-guard\",\"https:\\\/\\\/iwellguard.wordpress.com\\\/2026\\\/06\\\/06\\\/iwell-guard\\\/\",\"https:\\\/\\\/hub.docker.com\\\/u\\\/iwellguard\",\"https:\\\/\\\/www.pinterest.com\\\/iwellguard\\\/\",\"https:\\\/\\\/bit.ly\\\/m\\\/iwellguard\",\"https:\\\/\\\/entre-vos-mains.alsace.eu\\\/profiles\\\/iwellguard\\\/activity\",\"https:\\\/\\\/gravatar.com\\\/reallybeded8fd34\",\"https:\\\/\\\/naijamatta.com\\\/iwellguard\",\"https:\\\/\\\/www.goodreads.com\\\/iwellguard\",\"https:\\\/\\\/profile.hatena.ne.jp\\\/iwellguard\\\/\",\"https:\\\/\\\/experiment.com\\\/users\\\/iwellguard\",\"https:\\\/\\\/wakelet.com\\\/@iWellGuard82270\",\"https:\\\/\\\/www.chordie.com\\\/forum\\\/profile.php?id=2555664\",\"https:\\\/\\\/www.instapaper.com\\\/p\\\/17757966\",\"https:\\\/\\\/www.mapleprimes.com\\\/users\\\/iwellguard\",\"https:\\\/\\\/businesslistingplus.com\\\/profile\\\/iwell-guard\\\/\",\"https:\\\/\\\/telegra.ph\\\/iWell-Guard-06-06\",\"https:\\\/\\\/pbase.com\\\/iwellguard\\\/iwellguard\",\"https:\\\/\\\/b.hatena.ne.jp\\\/iwellguard\\\/20260607#bookmark-4788405196491818882\",\"https:\\\/\\\/fliphtml5.com\\\/home\\\/iwellguard\",\"https:\\\/\\\/anyflip.com\\\/homepage\\\/cmiwl#About\",\"https:\\\/\\\/transfur.com\\\/Users\\\/iwellguard\",\"http:\\\/\\\/delphi.larsbo.org\\\/user\\\/iwellguard\",\"https:\\\/\\\/jobs.lajobsportal.org\\\/profiles\\\/8380803-iwell-guard\",\"https:\\\/\\\/md.chaosdorf.de\\\/s\\\/jfbe5SBdJD\",\"https:\\\/\\\/www.lingvolive.com\\\/en-us\\\/profile\\\/9ecaeaca-ce11-4e51-9e71-01d55e2bff36\\\/translations\",\"https:\\\/\\\/www.fitday.com\\\/fitness\\\/forums\\\/members\\\/iwellguard.html\",\"https:\\\/\\\/www.mymeetbook.com\\\/iwellguard\",\"https:\\\/\\\/pxhere.com\\\/en\\\/photographer-me\\\/5040798\",\"https:\\\/\\\/disqus.com\\\/by\\\/iwellguard\\\/about\\\/\",\"https:\\\/\\\/pastelink.net\\\/hjwciqwq\",\"https:\\\/\\\/pubhtml5.com\\\/homepage\\\/scjhn\\\/\",\"https:\\\/\\\/www.bitchute.com\\\/channel\\\/2O2eOKzNqujT\",\"https:\\\/\\\/audiomack.com\\\/iwellguard\"]}]}<\/script>\n<!-- \/ Yoast SEO Premium plugin. -->","yoast_head_json":{"title":"Encens - Fumigaci\u00f3 per a la protecci\u00f3","description":"L'encens com a protecci\u00f3: origen, principi d'acci\u00f3 i transmissi\u00f3 intercultural del fumigant m\u00e9s antic del m\u00f3n.","robots":{"index":"index","follow":"follow","max-snippet":"max-snippet:-1","max-image-preview":"max-image-preview:large","max-video-preview":"max-video-preview:-1"},"canonical":"https:\/\/iwell-guard.com\/ca\/encens\/","og_locale":"ca_ES","og_type":"article","og_title":"Encens","og_description":"L'encens com a protecci\u00f3: origen, principi d'acci\u00f3 i transmissi\u00f3 intercultural del fumigant m\u00e9s antic del m\u00f3n.","og_url":"https:\/\/iwell-guard.com\/ca\/encens\/","og_site_name":"iWell Guard","article_modified_time":"2026-09-05T16:13:44+00:00","og_image":[{"width":1024,"height":1536,"url":"https:\/\/iwell-guard.com\/wp-content\/uploads\/2026\/05\/schutzsymbol_universell_weihrauch.png","type":"image\/png"}],"twitter_card":"summary_large_image","schema":{"@context":"https:\/\/schema.org","@graph":[{"@type":"WebPage","@id":"https:\/\/iwell-guard.com\/ca\/encens\/","url":"https:\/\/iwell-guard.com\/ca\/encens\/","name":"Encens - Fumigaci\u00f3 per a la protecci\u00f3","isPartOf":{"@id":"https:\/\/iwell-guard.com\/ca\/#website"},"primaryImageOfPage":{"@id":"https:\/\/iwell-guard.com\/ca\/encens\/#primaryimage"},"image":{"@id":"https:\/\/iwell-guard.com\/ca\/encens\/#primaryimage"},"thumbnailUrl":"https:\/\/iwell-guard.com\/wp-content\/uploads\/2026\/05\/schutzsymbol_universell_weihrauch.png","datePublished":"2026-09-05T15:44:33+00:00","dateModified":"2026-09-05T16:13:44+00:00","description":"L'encens com a protecci\u00f3: origen, principi d'acci\u00f3 i transmissi\u00f3 intercultural del fumigant m\u00e9s antic del m\u00f3n.","breadcrumb":{"@id":"https:\/\/iwell-guard.com\/ca\/encens\/#breadcrumb"},"inLanguage":"ca","potentialAction":[{"@type":"ReadAction","target":["https:\/\/iwell-guard.com\/ca\/encens\/"]}]},{"@type":"ImageObject","inLanguage":"ca","@id":"https:\/\/iwell-guard.com\/ca\/encens\/#primaryimage","url":"https:\/\/iwell-guard.com\/wp-content\/uploads\/2026\/05\/schutzsymbol_universell_weihrauch.png","contentUrl":"https:\/\/iwell-guard.com\/wp-content\/uploads\/2026\/05\/schutzsymbol_universell_weihrauch.png","width":1024,"height":1536,"caption":"Encens \u2013 resina de fumigaci\u00f3 per a la purificaci\u00f3 i la protecci\u00f3, il\u00b7lustraci\u00f3 hist\u00f2rica"},{"@type":"BreadcrumbList","@id":"https:\/\/iwell-guard.com\/ca\/encens\/#breadcrumb","itemListElement":[{"@type":"ListItem","position":1,"name":"Start","item":"https:\/\/iwell-guard.com\/ca\/?page_id=171333"},{"@type":"ListItem","position":2,"name":"Encens"}]},{"@type":"WebSite","@id":"https:\/\/iwell-guard.com\/ca\/#website","url":"https:\/\/iwell-guard.com\/ca\/","name":"iWell Guard","description":"Schutz vor dunklen Einfl\u00fcssen","publisher":{"@id":"https:\/\/iwell-guard.com\/ca\/#organization"},"potentialAction":[{"@type":"SearchAction","target":{"@type":"EntryPoint","urlTemplate":"https:\/\/iwell-guard.com\/ca\/?s={search_term_string}"},"query-input":{"@type":"PropertyValueSpecification","valueRequired":true,"valueName":"search_term_string"}}],"inLanguage":"ca"},{"@type":"Organization","@id":"https:\/\/iwell-guard.com\/ca\/#organization","name":"Ittermann electronic GmbH","url":"https:\/\/iwell-guard.com\/ca\/","logo":{"@type":"ImageObject","inLanguage":"ca","@id":"https:\/\/iwell-guard.com\/ca\/#\/schema\/logo\/image\/","url":"https:\/\/iwell-guard.com\/wp-content\/uploads\/2026\/05\/Ittermann-Logo-1182x237-1.png","contentUrl":"https:\/\/iwell-guard.com\/wp-content\/uploads\/2026\/05\/Ittermann-Logo-1182x237-1.png","width":1182,"height":237,"caption":"Ittermann electronic GmbH"},"image":{"@id":"https:\/\/iwell-guard.com\/ca\/#\/schema\/logo\/image\/"},"sameAs":["https:\/\/pantip.com\/profile\/9367242","https:\/\/micro.blog\/iwellguard","https:\/\/www.diggerslist.com\/iwellguard\/about","https:\/\/skitterphoto.com\/photographers\/2870314\/iwell-guard","https:\/\/iwellguard.wordpress.com\/2026\/06\/06\/iwell-guard\/","https:\/\/hub.docker.com\/u\/iwellguard","https:\/\/www.pinterest.com\/iwellguard\/","https:\/\/bit.ly\/m\/iwellguard","https:\/\/entre-vos-mains.alsace.eu\/profiles\/iwellguard\/activity","https:\/\/gravatar.com\/reallybeded8fd34","https:\/\/naijamatta.com\/iwellguard","https:\/\/www.goodreads.com\/iwellguard","https:\/\/profile.hatena.ne.jp\/iwellguard\/","https:\/\/experiment.com\/users\/iwellguard","https:\/\/wakelet.com\/@iWellGuard82270","https:\/\/www.chordie.com\/forum\/profile.php?id=2555664","https:\/\/www.instapaper.com\/p\/17757966","https:\/\/www.mapleprimes.com\/users\/iwellguard","https:\/\/businesslistingplus.com\/profile\/iwell-guard\/","https:\/\/telegra.ph\/iWell-Guard-06-06","https:\/\/pbase.com\/iwellguard\/iwellguard","https:\/\/b.hatena.ne.jp\/iwellguard\/20260607#bookmark-4788405196491818882","https:\/\/fliphtml5.com\/home\/iwellguard","https:\/\/anyflip.com\/homepage\/cmiwl#About","https:\/\/transfur.com\/Users\/iwellguard","http:\/\/delphi.larsbo.org\/user\/iwellguard","https:\/\/jobs.lajobsportal.org\/profiles\/8380803-iwell-guard","https:\/\/md.chaosdorf.de\/s\/jfbe5SBdJD","https:\/\/www.lingvolive.com\/en-us\/profile\/9ecaeaca-ce11-4e51-9e71-01d55e2bff36\/translations","https:\/\/www.fitday.com\/fitness\/forums\/members\/iwellguard.html","https:\/\/www.mymeetbook.com\/iwellguard","https:\/\/pxhere.com\/en\/photographer-me\/5040798","https:\/\/disqus.com\/by\/iwellguard\/about\/","https:\/\/pastelink.net\/hjwciqwq","https:\/\/pubhtml5.com\/homepage\/scjhn\/","https:\/\/www.bitchute.com\/channel\/2O2eOKzNqujT","https:\/\/audiomack.com\/iwellguard"]}]}},"_links":{"self":[{"href":"https:\/\/iwell-guard.com\/ca\/wp-json\/wp\/v2\/pages\/172039","targetHints":{"allow":["GET"]}}],"collection":[{"href":"https:\/\/iwell-guard.com\/ca\/wp-json\/wp\/v2\/pages"}],"about":[{"href":"https:\/\/iwell-guard.com\/ca\/wp-json\/wp\/v2\/types\/page"}],"author":[{"embeddable":true,"href":"https:\/\/iwell-guard.com\/ca\/wp-json\/wp\/v2\/users\/3"}],"replies":[{"embeddable":true,"href":"https:\/\/iwell-guard.com\/ca\/wp-json\/wp\/v2\/comments?post=172039"}],"version-history":[{"count":0,"href":"https:\/\/iwell-guard.com\/ca\/wp-json\/wp\/v2\/pages\/172039\/revisions"}],"wp:featuredmedia":[{"embeddable":true,"href":"https:\/\/iwell-guard.com\/ca\/wp-json\/wp\/v2\/media\/4138"}],"wp:attachment":[{"href":"https:\/\/iwell-guard.com\/ca\/wp-json\/wp\/v2\/media?parent=172039"}],"wp:term":[{"taxonomy":"category","embeddable":true,"href":"https:\/\/iwell-guard.com\/ca\/wp-json\/wp\/v2\/categories?post=172039"}],"curies":[{"name":"wp","href":"https:\/\/api.w.org\/{rel}","templated":true}]}}