{"id":172034,"date":"2026-09-05T15:44:31","date_gmt":"2026-09-05T15:44:31","guid":{"rendered":"https:\/\/iwell-guard.com\/?page_id=172034"},"modified":"2026-09-05T16:13:36","modified_gmt":"2026-09-05T16:13:36","slug":"rituals-de-proteccio-i-invocacio","status":"publish","type":"page","link":"https:\/\/iwell-guard.com\/ca\/rituals-de-proteccio-i-invocacio\/","title":{"rendered":"Rituals de protecci\u00f3 i invocaci\u00f3"},"content":{"rendered":"\t\t<div data-elementor-type=\"wp-page\" data-elementor-id=\"172034\" class=\"elementor elementor-172034 elementor-3791 elementor-bc-flex-widget\" data-elementor-post-type=\"page\">\n\t\t\t\t<div class=\"elementor-element elementor-element-iwgs-schutzrituale-hero e-flex e-con-boxed e-con e-parent\" data-id=\"iwgs-schutzrituale-hero\" data-element_type=\"container\" data-e-type=\"container\">\n\t\t\t\t\t<div class=\"e-con-inner\">\n\t\t<div class=\"elementor-element elementor-element-iw-schutzrituale-hero-left e-con-full e-flex e-con e-child\" data-id=\"iw-schutzrituale-hero-left\" data-element_type=\"container\" data-e-type=\"container\">\n\t\t\t\t<div class=\"elementor-element elementor-element-iwgs-schutzrituale-h1 elementor-widget elementor-widget-heading\" data-id=\"iwgs-schutzrituale-h1\" data-element_type=\"widget\" data-e-type=\"widget\" data-widget_type=\"heading.default\">\n\t\t\t\t\t<h1 class=\"elementor-heading-title elementor-size-default\">Rituals de protecci\u00f3 i invocaci\u00f3<\/h1>\t\t\t\t<\/div>\n\t\t<div class=\"elementor-element elementor-element-iw-schutzrituale-hero-bw e-con-full e-flex e-con e-child\" data-id=\"iw-schutzrituale-hero-bw\" data-element_type=\"container\" data-e-type=\"container\">\n\t\t\t\t<div class=\"elementor-element elementor-element-iwgs-schutzrituale-pills elementor-widget elementor-widget-html\" data-id=\"iwgs-schutzrituale-pills\" data-element_type=\"widget\" data-e-type=\"widget\" data-widget_type=\"html.default\">\n\t\t\t\t\t<div class=\"iwg-pill-row\"><span class=\"iwg-klasse-badge\" tabindex=\"0\" data-tooltip=\"Tipus de mitj\u00e0 de protecci\u00f3.\">Tipus de mitj\u00e0 de protecci\u00f3<\/span><a href=\"https:\/\/iwell-guard.com\/ca\/?page_id=172028\" class=\"iwg-kultur-badge\" tabindex=\"0\" data-tooltip=\"Anar a la visi\u00f3 general.\">Br\u00faixola de Protecci\u00f3<\/a><\/div>\t\t\t\t<\/div>\n\t\t\t\t<div class=\"elementor-element elementor-element-iwgs-schutzrituale-lead elementor-widget elementor-widget-text-editor\" data-id=\"iwgs-schutzrituale-lead\" data-element_type=\"widget\" data-e-type=\"widget\" data-widget_type=\"text-editor.default\">\n\t\t\t\t\t\t\t\t\t<p>Per rituals de protecci\u00f3 i invocacions, l&#8217;<span class=\"iwg-fachbegriff\" data-tooltip=\"Ci\u00e8ncia que estudia la cultura quotidiana, els costums i les idees transmeses.\" tabindex=\"0\">etnologia<\/span> ent\u00e9n un grup de pr\u00e0ctiques que no es basen en un objecte material, sin\u00f3 en l&#8217;acci\u00f3, la paraula o el gest.<\/p><p>A difer\u00e8ncia d&#8217;un <span class=\"iwg-fachbegriff\" data-tooltip=\"Un objecte que es porta al cos i al qual s'atribueix un efecte protector i que allunya el mal.\" tabindex=\"0\">amulet<\/span>, que es porta, o d&#8217;una l\u00ednia de sal, que es tra\u00e7a, un ritual de protecci\u00f3 desplega el seu efecte transm\u00e8s en l&#8217;execuci\u00f3: en la pronunciaci\u00f3 d&#8217;una f\u00f3rmula, en el tra\u00e7at d&#8217;un cercle, en l&#8217;adre\u00e7ament d&#8217;una preg\u00e0ria a un \u00e9sser protector. En aquestes tradicions, l&#8217;acci\u00f3 mateixa es considera el nucli efectiu, no un objecte que es conserva despr\u00e9s.<\/p>\n<p>Aquest tipus de mitj\u00e0 de protecci\u00f3 est\u00e0 documentat en totes les cultures conegudes. Des de les f\u00f3rmules d&#8217;exorcisme de les tauletes cune\u00efformes babil\u00f2niques, passant pels encanteris germ\u00e0nics de Merseburg, fins a les preg\u00e0ries de protecci\u00f3 dels llibres de devoci\u00f3 dom\u00e8stica cristians, es mant\u00e9 un fil continu: les persones es dirigien amb paraules i gestos contra all\u00f2 que percebien com una amena\u00e7a. La forma i el contingut varien considerablement, per\u00f2 el principi b\u00e0sic es mant\u00e9 id\u00e8ntic.<\/p>\t\t\t\t\t\t\t\t<\/div>\n\t\t\t\t<\/div>\n\t\t\t\t<\/div>\n\t\t<div class=\"elementor-element elementor-element-iw-schutzrituale-hero-img e-con-full e-flex e-con e-child\" data-id=\"iw-schutzrituale-hero-img\" data-element_type=\"container\" data-e-type=\"container\">\n\t\t\t\t<div class=\"elementor-element elementor-element-iwgs-schutzrituale-himg iwg-hero-image elementor-widget elementor-widget-image\" data-id=\"iwgs-schutzrituale-himg\" data-element_type=\"widget\" data-e-type=\"widget\" data-widget_type=\"image.default\">\n\t\t\t\t\t\t\t\t\t\t\t\t\t\t\t<img fetchpriority=\"high\" decoding=\"async\" width=\"683\" height=\"1024\" src=\"https:\/\/iwell-guard.com\/wp-content\/uploads\/2026\/05\/schutzsymbol_universell_schutzrituale-683x1024.png\" class=\"attachment-large size-large wp-image-4146\" alt=\"Rituals de protecci\u00f3 i invocaci\u00f3\" srcset=\"https:\/\/iwell-guard.com\/wp-content\/uploads\/2026\/05\/schutzsymbol_universell_schutzrituale-683x1024.png 683w, https:\/\/iwell-guard.com\/wp-content\/uploads\/2026\/05\/schutzsymbol_universell_schutzrituale-200x300.png 200w, https:\/\/iwell-guard.com\/wp-content\/uploads\/2026\/05\/schutzsymbol_universell_schutzrituale-768x1152.png 768w, https:\/\/iwell-guard.com\/wp-content\/uploads\/2026\/05\/schutzsymbol_universell_schutzrituale.png 1024w\" sizes=\"(max-width: 683px) 100vw, 683px\" \/>\t\t\t\t\t\t\t\t\t\t\t\t\t\t\t<\/div>\n\t\t\t\t<\/div>\n\t\t\t\t\t<\/div>\n\t\t\t\t<\/div>\n\t\t<div class=\"elementor-element elementor-element-iwgs-schutzrituale-s0 e-flex e-con-boxed e-con e-parent\" data-id=\"iwgs-schutzrituale-s0\" data-element_type=\"container\" data-e-type=\"container\">\n\t\t\t\t\t<div class=\"e-con-inner\">\n\t\t\t\t<div class=\"elementor-element elementor-element-iwgs-schutzrituale-s0h elementor-widget elementor-widget-heading\" data-id=\"iwgs-schutzrituale-s0h\" data-element_type=\"widget\" data-e-type=\"widget\" data-widget_type=\"heading.default\">\n\t\t\t\t\t<h2 class=\"elementor-heading-title elementor-size-default\">Trets comuns i principi d'acci\u00f3<\/h2>\t\t\t\t<\/div>\n\t\t<div class=\"elementor-element elementor-element-iw-schutzrituale-s0-bw e-con-full e-flex e-con e-child\" data-id=\"iw-schutzrituale-s0-bw\" data-element_type=\"container\" data-e-type=\"container\">\n\t\t\t\t<div class=\"elementor-element elementor-element-iwgs-schutzrituale-s0t elementor-widget elementor-widget-text-editor\" data-id=\"iwgs-schutzrituale-s0t\" data-element_type=\"widget\" data-e-type=\"widget\" data-widget_type=\"text-editor.default\">\n\t\t\t\t\t\t\t\t\t<p>El que uneix els diferents rituals de protecci\u00f3 \u00e9s la seva l\u00f2gica de transmissi\u00f3: l&#8217;efic\u00e0cia es considera vinculada a determinades condicions, concretament a la forma correcta d&#8217;execuci\u00f3, a l&#8217;autoritat de qui pronuncia la f\u00f3rmula o a la refer\u00e8ncia a un poder superior.<\/p><p>Un exorcisme recitat incorrectament es considera, en la majoria de tradicions, inefica\u00e7 o fins i tot es pot tornar contra qui el pronuncia. La f\u00f3rmula ha de ser exacta, la intenci\u00f3 ha de ser clara i sovint cal invocar expressament una inst\u00e0ncia superior, sigui un nom div\u00ed, una figura ang\u00e8lica o l&#8217;autoritat dels avantpassats.<\/p>\n<p>Un altre tret com\u00fa \u00e9s la distinci\u00f3 entre defensa i <span class=\"iwg-fachbegriff\" data-tooltip=\"L'acte de dirigir-se a una divinitat o poder amb una petici\u00f3 o exorcisme.\" tabindex=\"0\">invocaci\u00f3<\/span>. Els rituals de defensa es dirigeixen directament contra un \u00e9sser o una for\u00e7a percebuts com a hostils: pretenen expulsar-los, lligar-los o mantenir-los allunyats.<\/p><p>Les invocacions, en canvi, s&#8217;adrecen a un \u00e9sser protector i en demanen ajut. A la pr\u00e0ctica, ambdues formes sovint es combinen, ja que moltes f\u00f3rmules alhora invoquen un esperit protector i rebutgen una esfera nociva.<\/p>\t\t\t\t\t\t\t\t<\/div>\n\t\t\t\t<\/div>\n\t\t\t\t\t<\/div>\n\t\t\t\t<\/div>\n\t\t<div class=\"elementor-element elementor-element-iwgs-schutzrituale-s1 e-flex e-con-boxed e-con e-parent\" data-id=\"iwgs-schutzrituale-s1\" data-element_type=\"container\" data-e-type=\"container\">\n\t\t\t\t\t<div class=\"e-con-inner\">\n\t\t\t\t<div class=\"elementor-element elementor-element-iwgs-schutzrituale-s1h elementor-widget elementor-widget-heading\" data-id=\"iwgs-schutzrituale-s1h\" data-element_type=\"widget\" data-e-type=\"widget\" data-widget_type=\"heading.default\">\n\t\t\t\t\t<h2 class=\"elementor-heading-title elementor-size-default\">Visi\u00f3 general transcultural<\/h2>\t\t\t\t<\/div>\n\t\t<div class=\"elementor-element elementor-element-iw-schutzrituale-s1-bw e-con-full e-flex e-con e-child\" data-id=\"iw-schutzrituale-s1-bw\" data-element_type=\"container\" data-e-type=\"container\">\n\t\t\t\t<div class=\"elementor-element elementor-element-iwgs-schutzrituale-s1t elementor-widget elementor-widget-text-editor\" data-id=\"iwgs-schutzrituale-s1t\" data-element_type=\"widget\" data-e-type=\"widget\" data-widget_type=\"text-editor.default\">\n\t\t\t\t\t\t\t\t\t<p>Les cinc p\u00e0gines de detall d&#8217;aquesta categoria cobreixen les principals formes que distingeixen la <span class=\"iwg-fachbegriff\" data-tooltip=\"La transmissi\u00f3 de coneixements i relats al llarg de generacions.\" tabindex=\"0\">tradici\u00f3<\/span> i l&#8217;<span class=\"iwg-fachbegriff\" data-tooltip=\"Ci\u00e8ncia que estudia la cultura quotidiana, els costums i les idees transmeses.\" tabindex=\"0\">etnologia<\/span>.<\/p>\n<p>El <a href=\"https:\/\/iwell-guard.com\/ca\/?page_id=172001\">cercle de protecci\u00f3<\/a> \u00e9s una de les formes de protecci\u00f3 ritual m\u00e9s antigues i esteses. En la <span class=\"iwg-fachbegriff\" data-tooltip=\"La transmissi\u00f3 de coneixements i relats al llarg de generacions.\" tabindex=\"0\">tradici\u00f3<\/span>, el cercle tra\u00e7at o marcat es considera una frontera que els \u00e9ssers nocius no poden travessar. Des dels rituals de protecci\u00f3 grecs, passant per la pr\u00e0ctica isl\u00e0mica, fins a la <span class=\"iwg-fachbegriff\" data-tooltip=\"Pr\u00e0ctiques que pretenen intervenir en el curs dels esdeveniments mitjan\u00e7ant accions o f\u00f3rmules especials.\" tabindex=\"0\">m\u00e0gia<\/span> europea moderna, el cercle apareix com un espai delimitat i sagrat.<\/p>\n<p>El <a href=\"https:\/\/iwell-guard.com\/ca\/?page_id=172013\">encanteri d&#8217;exorcisme<\/a> representa el g\u00e8nere de f\u00f3rmules parlades o escrites destinades a lligar, allunyar o impedir l&#8217;acci\u00f3 d&#8217;un \u00e9sser. La <span class=\"iwg-fachbegriff\" data-tooltip=\"La transmissi\u00f3 de coneixements i relats al llarg de generacions.\" tabindex=\"0\">tradici\u00f3<\/span> coneix f\u00f3rmules d&#8217;exorcisme contra dimonis, esperits, el mal d&#8217;ull i dimonis causants de malalties. La forma i l&#8217;estructura d&#8217;aquestes f\u00f3rmules segueixen en moltes cultures els mateixos patrons ret\u00f2rics: designaci\u00f3, ordre, autoritat.<\/p>\n<p>L&#8217;<a href=\"https:\/\/iwell-guard.com\/ca\/?page_id=172015\">encanteri<\/a> \u00e9s una pr\u00e0ctica especialment ben documentada a l&#8217;\u00e0mbit de parla alemanya, en la qual es pronuncien f\u00f3rmules transmeses per evitar una influ\u00e8ncia sobre una persona o un animal. Es diferencia de l&#8217;encanteri d&#8217;exorcisme perqu\u00e8 sovint es dirigeix a la curaci\u00f3 m\u00e9s que a la simple expulsi\u00f3, i perqu\u00e8 tradicionalment est\u00e0 vinculat a persones concretes considerades capacitades per a la pr\u00e0ctica.<\/p>\n<p>La p\u00e0gina <a href=\"https:\/\/iwell-guard.com\/ca\/?page_id=172029\">Invocar l&#8217;\u00e0ngel guardi\u00e0<\/a> es dedica a la <span class=\"iwg-fachbegriff\" data-tooltip=\"L'acte de dirigir-se a una divinitat o poder amb una petici\u00f3 o exorcisme.\" tabindex=\"0\">invocaci\u00f3<\/span> d&#8217;\u00e9ssers espirituals protectors, documentada en tradicions d&#8217;arreu del m\u00f3n. Ja sigui com a <span class=\"iwg-fachbegriff\" data-tooltip=\"Un \u00e0ngel al qual s'atribueix la protecci\u00f3 d'una persona concreta.\" tabindex=\"0\">\u00e0ngel guardi\u00e0<\/span> cristi\u00e0, com a \u00e0ngel protector isl\u00e0mic, com a Ishta-Devata hinduista o com a esperit protector de tradicions ind\u00edgenes: la idea de demanar l&#8217;ajut d&#8217;un \u00e9sser poder\u00f3s \u00e9s pr\u00e0cticament universal.<\/p>\n<p>Finalment, la <a href=\"https:\/\/iwell-guard.com\/ca\/?page_id=172018\">protecci\u00f3 de la llar<\/a> compr\u00e8n rituals que protegeixen no una persona, sin\u00f3 un lloc, una porta, un llindar, una llar o un edifici. Aquestes pr\u00e0ctiques sovint combinen l&#8217;execuci\u00f3 ritual amb la col\u00b7locaci\u00f3 de mitjans de protecci\u00f3 materials, i estableixen aix\u00ed un pont amb la categoria dels amulets i s\u00edmbols de protecci\u00f3.<\/p>\t\t\t\t\t\t\t\t<\/div>\n\t\t\t\t<\/div>\n\t\t\t\t\t<\/div>\n\t\t\t\t<\/div>\n\t\t<div class=\"elementor-element elementor-element-iwgs-schutzrituale-s2 e-flex e-con-boxed e-con e-parent\" data-id=\"iwgs-schutzrituale-s2\" data-element_type=\"container\" data-e-type=\"container\">\n\t\t\t\t\t<div class=\"e-con-inner\">\n\t\t\t\t<div class=\"elementor-element elementor-element-iwgs-schutzrituale-s2h elementor-widget elementor-widget-heading\" data-id=\"iwgs-schutzrituale-s2h\" data-element_type=\"widget\" data-e-type=\"widget\" data-widget_type=\"heading.default\">\n\t\t\t\t\t<h2 class=\"elementor-heading-title elementor-size-default\">Aplicaci\u00f3 i l\u00edmits<\/h2>\t\t\t\t<\/div>\n\t\t<div class=\"elementor-element elementor-element-iw-schutzrituale-s2-bw e-con-full e-flex e-con e-child\" data-id=\"iw-schutzrituale-s2-bw\" data-element_type=\"container\" data-e-type=\"container\">\n\t\t\t\t<div class=\"elementor-element elementor-element-iwgs-schutzrituale-s2t elementor-widget elementor-widget-text-editor\" data-id=\"iwgs-schutzrituale-s2t\" data-element_type=\"widget\" data-e-type=\"widget\" data-widget_type=\"text-editor.default\">\n\t\t\t\t\t\t\t\t\t<p>En totes les tradicions que transmeten rituals de protecci\u00f3, tamb\u00e9 es troba una consci\u00e8ncia dels seus l\u00edmits. Les f\u00f3rmules que no s&#8217;han transm\u00e8s completament es consideren perdudes i, per tant, ineficaces. Segons moltes tradicions, les invocacions pronunciades sense una actitud interior adequada no seran escoltades. El cercle de protecci\u00f3 falla si s&#8217;obre abans que l&#8217;execuci\u00f3 hagi acabat.<\/p>\n<p>Aquestes limitacions transmeses deixen clar que els rituals de protecci\u00f3 mai es van concebre com una t\u00e8cnica mec\u00e0nica, sin\u00f3 com un acte de comunicaci\u00f3 dins d&#8217;un entramat de relacions: entre la persona i l&#8217;\u00e9sser protector, entre la comunitat i la pr\u00e0ctica transmesa, entre qui l&#8217;executa i la font d&#8217;autoritat a la qual es refereix.<\/p><p>Aquesta comprensi\u00f3 tamb\u00e9 explica per qu\u00e8, en cultures que es diferencien profundament en mat\u00e8ria, llengua i religi\u00f3, presenten estructures tan semblants.<\/p>\t\t\t\t\t\t\t\t<\/div>\n\t\t\t\t<\/div>\n\t\t\t\t\t<\/div>\n\t\t\t\t<\/div>\n\t\t<div class=\"elementor-element elementor-element-iwgs-schutzrituale-s3 e-flex e-con-boxed e-con e-parent\" data-id=\"iwgs-schutzrituale-s3\" data-element_type=\"container\" data-e-type=\"container\">\n\t\t\t\t\t<div class=\"e-con-inner\">\n\t\t\t\t<div class=\"elementor-element elementor-element-iwgs-schutzrituale-s3h elementor-widget elementor-widget-heading\" data-id=\"iwgs-schutzrituale-s3h\" data-element_type=\"widget\" data-e-type=\"widget\" data-widget_type=\"heading.default\">\n\t\t\t\t\t<h2 class=\"elementor-heading-title elementor-size-default\">Al Br\u00faixola de Protecci\u00f3<\/h2>\t\t\t\t<\/div>\n\t\t<div class=\"elementor-element elementor-element-iw-schutzrituale-s3-bw e-con-full e-flex e-con e-child\" data-id=\"iw-schutzrituale-s3-bw\" data-element_type=\"container\" data-e-type=\"container\">\n\t\t\t\t<div class=\"elementor-element elementor-element-iwgs-schutzrituale-s3t elementor-widget elementor-widget-text-editor\" data-id=\"iwgs-schutzrituale-s3t\" data-element_type=\"widget\" data-e-type=\"widget\" data-widget_type=\"text-editor.default\">\n\t\t\t\t\t\t\t\t\t<p>Els rituals de protecci\u00f3 recollits en aquesta categoria estan vinculats a <a href=\"https:\/\/iwell-guard.com\/ca\/?page_id=172028\">Schutz-Kompass<\/a> amb els \u00e9ssers contra els quals, segons la <span class=\"iwg-fachbegriff\" data-tooltip=\"La transmissi\u00f3 de coneixements i relats al llarg de generacions.\" tabindex=\"0\">tradici\u00f3<\/span>, s&#8217;utilitzen. Qui busca rituals adequats contra un determinat <span class=\"iwg-fachbegriff\" data-tooltip=\"\u00c9sser espiritual al qual s'atribueix un efecte nociu o ambivalent.\" tabindex=\"0\">dimoni<\/span>, <span class=\"iwg-fachbegriff\" data-tooltip=\"Un \u00e9sser incorpori al qual s'atribueix efecte en el m\u00f3n.\" tabindex=\"0\">esperit<\/span> o \u00e9sser hi trobar\u00e0 les connexions corresponents directament a l&#8217;entrada de l&#8217;\u00e9sser en q\u00fcesti\u00f3.<\/p>\t\t\t\t\t\t\t\t<\/div>\n\t\t\t\t<\/div>\n\t\t\t\t\t<\/div>\n\t\t\t\t<\/div>\n\t\t<div class=\"elementor-element elementor-element-iwgs-schutzrituale-lit e-flex e-con-boxed e-con e-parent\" data-id=\"iwgs-schutzrituale-lit\" data-element_type=\"container\" data-e-type=\"container\">\n\t\t\t\t\t<div class=\"e-con-inner\">\n\t\t\t\t<div class=\"elementor-element elementor-element-iwgs-schutzrituale-lith elementor-widget elementor-widget-heading\" data-id=\"iwgs-schutzrituale-lith\" data-element_type=\"widget\" data-e-type=\"widget\" data-widget_type=\"heading.default\">\n\t\t\t\t\t<h2 class=\"elementor-heading-title elementor-size-default\">Bibliografia (selecci\u00f3)<\/h2>\t\t\t\t<\/div>\n\t\t<div class=\"elementor-element elementor-element-iw-schutzrituale-lit-bw e-con-full e-flex e-con e-child\" data-id=\"iw-schutzrituale-lit-bw\" data-element_type=\"container\" data-e-type=\"container\">\n\t\t\t\t<div class=\"elementor-element elementor-element-iwgs-schutzrituale-litt elementor-widget elementor-widget-html\" data-id=\"iwgs-schutzrituale-litt\" data-element_type=\"widget\" data-e-type=\"widget\" data-widget_type=\"html.default\">\n\t\t\t\t\t<footer data-nosnippet=\"true\"><ul><li>Handw\u00f6rterbuch des deutschen Aberglaubens, hrsg. von Hanns B\u00e4chtold-St\u00e4ubli, Berlin\/Leipzig 1927-1942.<\/li><li>Keith Thomas: Religion and the Decline of Magic, London 1971.<\/li><li>Richard Kieckhefer: Magic in the Middle Ages, Cambridge 1989.<\/li><li>Manfred Lurker: W\u00f6rterbuch der Symbolik, Stuttgart 1988.<\/li><li>Hans-Werner Goetz: Prosopographie der mittelalterlichen Hagiographie (zu Schutzgebeten und Anrufungen).<\/li><li>Franz Dornseiff: Das Alphabet in Mystik und Magie, Leipzig\/Berlin 1925 (zu Formeln und Bannspr\u00fcchen).<\/li><\/ul><\/footer>\t\t\t\t<\/div>\n\t\t\t\t<\/div>\n\t\t\t\t\t<\/div>\n\t\t\t\t<\/div>\n\t\t<div class=\"elementor-element elementor-element-iwgs-schutzrituale-kwd e-flex e-con-boxed e-con e-parent\" data-id=\"iwgs-schutzrituale-kwd\" data-element_type=\"container\" data-e-type=\"container\">\n\t\t\t\t\t<div class=\"e-con-inner\">\n\t\t<div class=\"elementor-element elementor-element-iw-schutzrituale-kwd-bw e-con-full e-flex e-con e-child\" data-id=\"iw-schutzrituale-kwd-bw\" data-element_type=\"container\" data-e-type=\"container\">\n\t\t\t\t<div class=\"elementor-element elementor-element-iwgs-schutzrituale-kwdt elementor-widget elementor-widget-text-editor\" data-id=\"iwgs-schutzrituale-kwdt\" data-element_type=\"widget\" data-e-type=\"widget\" data-widget_type=\"text-editor.default\">\n\t\t\t\t\t\t\t\t\t<p><em>Termes clau relacionats: rituals de protecci\u00f3 ritual de protecci\u00f3 f\u00f3rmula d&#8217;exorcisme cercle de protecci\u00f3 <span class=\"iwg-fachbegriff\" data-tooltip=\"Un \u00e0ngel al qual s'atribueix la protecci\u00f3 d'una persona en concret.\" tabindex=\"0\">\u00e0ngel de la guarda<\/span> invocar.<\/em><\/p>\t\t\t\t\t\t\t\t<\/div>\n\t\t\t\t<\/div>\n\t\t\t\t\t<\/div>\n\t\t\t\t<\/div>\n\t\t<div class=\"elementor-element elementor-element-iwgs-schutzrituale-cc e-flex e-con-boxed e-con e-parent\" data-id=\"iwgs-schutzrituale-cc\" data-element_type=\"container\" data-e-type=\"container\" id=\"iwg-cc-schutzrituale\">\n\t\t\t\t\t<div class=\"e-con-inner\">\n\t\t<div class=\"elementor-element elementor-element-iwgs-schutzrituale-ccinner e-flex e-con-boxed e-con e-parent\" data-id=\"iwgs-schutzrituale-ccinner\" data-element_type=\"container\" data-e-type=\"container\" data-settings=\"{&quot;background_background&quot;:&quot;classic&quot;}\">\n\t\t\t\t\t<div class=\"e-con-inner\">\n\t\t\t\t<div class=\"elementor-element elementor-element-iwgs-schutzrituale-cch elementor-widget elementor-widget-heading\" data-id=\"iwgs-schutzrituale-cch\" data-element_type=\"widget\" data-e-type=\"widget\" data-widget_type=\"heading.default\">\n\t\t\t\t\t<h2 class=\"elementor-heading-title elementor-size-default\">iWell Guard i tradicions de protecci\u00f3<\/h2>\t\t\t\t<\/div>\n\t\t\t\t<div class=\"elementor-element elementor-element-iwgs-schutzrituale-cct elementor-widget elementor-widget-text-editor\" data-id=\"iwgs-schutzrituale-cct\" data-element_type=\"widget\" data-e-type=\"widget\" data-widget_type=\"text-editor.default\">\n\t\t\t\t\t\t\t\t\t<p>Els rituals de protecci\u00f3 transmesos testimonien l&#8217;intent de moltes cultures d&#8217;abordar l&#8217;invisible mitjan\u00e7ant una pr\u00e0ctica deliberada. L&#8217;<a href=\"https:\/\/iwell-guard.com\/ca\/penjoll-protector-iwell-guard-comprar\/\">iWell Guard<\/a> s&#8217;inspira en aquesta idea: uneix en un s\u00edmbol portat s\u00edmbols i tradicions de protecci\u00f3 que van sorgir de manera independent en cultures diferents.<\/p><p>Aix\u00f2 no substitueix cap tradici\u00f3 ni cap pr\u00e0ctica individual, per\u00f2 pot servir com a objecte d&#8217;acompanyament per a qui busca una connexi\u00f3 tangible amb aquestes idees de protecci\u00f3 transmeses.<\/p>\t\t\t\t\t\t\t\t<\/div>\n\t\t\t\t<div class=\"elementor-element elementor-element-iwgs-schutzrituale-ccb iwg-cc-button iwg-cc-cta-2026-05-13 elementor-widget elementor-widget-jet-button\" data-id=\"iwgs-schutzrituale-ccb\" data-element_type=\"widget\" data-e-type=\"widget\" data-widget_type=\"jet-button.default\">\n\t\t\t\t<div class=\"elementor-widget-container\">\n\t\t\t\t\t<div class=\"elementor-jet-button jet-elements\"><div class=\"jet-button__container\"><a class=\"jet-button__instance jet-button__instance--icon-left hover-effect-1\" href=\"\/schutzanhaenger-iwell-guard-kaufen\/?utm_source=iwell-guard.com&amp;utm_medium=info-box&amp;utm_campaign=schutzsymbole\"><div class=\"jet-button__plane jet-button__plane-normal\"><\/div><div class=\"jet-button__plane jet-button__plane-hover\"><\/div><div class=\"jet-button__state jet-button__state-normal\"><span class=\"jet-button__label\">M\u00e9s informaci\u00f3 sobre l'iWell Guard<\/span><\/div><div class=\"jet-button__state jet-button__state-hover\"><span class=\"jet-button__label\">M\u00e9s informaci\u00f3 sobre l'iWell Guard<\/span><\/div><\/a><\/div><\/div><style>.elementor-element.elementor-element-iwgs-schutzrituale-ccb .jet-button__instance{width:320px;height:56px;}.elementor-element.elementor-element-iwgs-schutzrituale-ccb .jet-button__state-normal .jet-button__label{text-align:center;margin:0px 0px 0px 0px;color:#1a1b20;font-family:Montserrat,sans-serif;font-size:13px;font-weight:400;letter-spacing:4px;line-height:1.714em;text-transform:uppercase;}.elementor-element.elementor-element-iwgs-schutzrituale-ccb .jet-button__state-hover .jet-button__label{text-align:center;margin:0px 0px 0px 0px;color:#FECC76;font-family:Montserrat,sans-serif;font-size:13px;font-weight:400;letter-spacing:4px;line-height:1.714em;text-transform:uppercase;}.elementor-element.elementor-element-iwgs-schutzrituale-ccb .jet-button__plane-normal{background-color:#FECC76;border-style:solid;border-color:#C99540;border-width:2px 2px 2px 2px;}.elementor-element.elementor-element-iwgs-schutzrituale-ccb .jet-button__plane-hover{background-color:rgba(0,0,0,0.55);border-style:solid;border-color:#FECC76;border-width:2px 2px 2px 2px;}<\/style>\t\t\t\t<\/div>\n\t\t\t\t<\/div>\n\t\t\t\t<div class=\"elementor-element elementor-element-iwgs-schutzrituale-ccd elementor-widget elementor-widget-text-editor\" data-id=\"iwgs-schutzrituale-ccd\" data-element_type=\"widget\" data-e-type=\"widget\" data-widget_type=\"text-editor.default\">\n\t\t\t\t\t\t\t\t\t<p style=\"text-align:center;font-size:13px;opacity:0.7;margin-top:14px\" data-nosnippet=\"true\">Les experi\u00e8ncies personals poden variar. No \u00e9s un producte sanitari. No es garanteix cap curaci\u00f3.<\/p>\t\t\t\t\t\t\t\t<\/div>\n\t\t\t\t\t<\/div>\n\t\t\t\t<\/div>\n\t\t\t\t\t<\/div>\n\t\t\t\t<\/div>\n\t\t<div class=\"elementor-element elementor-element-iwgs-schutzrituale-disc e-flex e-con-boxed e-con e-parent\" data-id=\"iwgs-schutzrituale-disc\" data-element_type=\"container\" data-e-type=\"container\">\n\t\t\t\t\t<div class=\"e-con-inner\">\n\t\t<div class=\"elementor-element elementor-element-iw-schutzrituale-disc-bw e-con-full e-flex e-con e-child\" data-id=\"iw-schutzrituale-disc-bw\" data-element_type=\"container\" data-e-type=\"container\">\n\t\t\t\t<div class=\"elementor-element elementor-element-iwgs-schutzrituale-discw elementor-widget elementor-widget-html\" data-id=\"iwgs-schutzrituale-discw\" data-element_type=\"widget\" data-e-type=\"widget\" data-widget_type=\"html.default\">\n\t\t\t\t\t<footer data-nosnippet=\"true\" class=\"iwg-disclaimer-block\"><p data-nosnippet=\"true\">iWell Guard <strong>no \u00e9s un producte sanitari<\/strong> i no substitueix cap tractament m\u00e8dic o psicoterap\u00e8utic. Els continguts presentats aqu\u00ed s\u00f3n una contextualitzaci\u00f3 des de la ci\u00e8ncia de les religions i la hist\u00f2ria cultural, no una promesa d'efecte espiritual.<\/p><\/footer>\t\t\t\t<\/div>\n\t\t\t\t<\/div>\n\t\t\t\t\t<\/div>\n\t\t\t\t<\/div>\n\t\t\t\t<\/div>\n\t\t","protected":false},"excerpt":{"rendered":"","protected":false},"author":3,"featured_media":4146,"parent":0,"menu_order":0,"comment_status":"closed","ping_status":"closed","template":"elementor_header_footer","meta":{"_yoast_wpseo_focuskw":"rituals-de-proteccio","_yoast_wpseo_title":"Rituals de protecci\u00f3 i invocaci\u00f3 de \u00e9ssers protectors","_yoast_wpseo_metadesc":"Cercle de protecci\u00f3, f\u00f3rmula d'exorcisme, encanteri, \u00e0ngel guardi\u00e0 i protecci\u00f3 de la llar: els principals rituals de protecci\u00f3 en una visi\u00f3 transcultural.","_yoast_wpseo_meta-robots-noindex":"","_yoast_wpseo_canonical":"","_angie_page":false,"gefaehrdungsstufe":"","wesen_kultur":"","wesen_klasse":"","footnotes":""},"categories":[],"class_list":["post-172034","page","type-page","status-publish","has-post-thumbnail","hentry"],"yoast_head":"<!-- This site is optimized with the Yoast SEO Premium plugin v27.7 (Yoast SEO v28.3) - https:\/\/yoast.com\/product\/yoast-seo-premium-wordpress\/ -->\n<title>Rituals de protecci\u00f3 i invocaci\u00f3 de \u00e9ssers protectors<\/title>\n<meta name=\"description\" content=\"Cercle de protecci\u00f3, f\u00f3rmula d&#039;exorcisme, encanteri, \u00e0ngel guardi\u00e0 i protecci\u00f3 de la llar: els principals rituals de protecci\u00f3 en una visi\u00f3 transcultural.\" \/>\n<meta name=\"robots\" content=\"index, follow, max-snippet:-1, max-image-preview:large, max-video-preview:-1\" \/>\n<link rel=\"canonical\" href=\"https:\/\/iwell-guard.com\/ca\/rituals-de-proteccio-i-invocacio\/\" \/>\n<meta property=\"og:locale\" content=\"ca_ES\" \/>\n<meta property=\"og:type\" content=\"article\" \/>\n<meta property=\"og:title\" content=\"Rituals de protecci\u00f3 i invocaci\u00f3\" \/>\n<meta property=\"og:description\" content=\"Cercle de protecci\u00f3, f\u00f3rmula d&#039;exorcisme, encanteri, \u00e0ngel guardi\u00e0 i protecci\u00f3 de la llar: els principals rituals de protecci\u00f3 en una visi\u00f3 transcultural.\" \/>\n<meta property=\"og:url\" content=\"https:\/\/iwell-guard.com\/ca\/rituals-de-proteccio-i-invocacio\/\" \/>\n<meta property=\"og:site_name\" content=\"iWell Guard\" \/>\n<meta property=\"article:modified_time\" content=\"2026-09-05T16:13:36+00:00\" \/>\n<meta property=\"og:image\" content=\"https:\/\/iwell-guard.com\/wp-content\/uploads\/2026\/05\/schutzsymbol_universell_schutzrituale.png\" \/>\n\t<meta property=\"og:image:width\" content=\"1024\" \/>\n\t<meta property=\"og:image:height\" content=\"1536\" \/>\n\t<meta property=\"og:image:type\" content=\"image\/png\" \/>\n<meta name=\"twitter:card\" content=\"summary_large_image\" \/>\n<script type=\"application\/ld+json\" class=\"yoast-schema-graph\">{\"@context\":\"https:\\\/\\\/schema.org\",\"@graph\":[{\"@type\":\"WebPage\",\"@id\":\"https:\\\/\\\/iwell-guard.com\\\/ca\\\/rituals-de-proteccio-i-invocacio\\\/\",\"url\":\"https:\\\/\\\/iwell-guard.com\\\/ca\\\/rituals-de-proteccio-i-invocacio\\\/\",\"name\":\"Rituals de protecci\u00f3 i invocaci\u00f3 de \u00e9ssers protectors\",\"isPartOf\":{\"@id\":\"https:\\\/\\\/iwell-guard.com\\\/ca\\\/#website\"},\"primaryImageOfPage\":{\"@id\":\"https:\\\/\\\/iwell-guard.com\\\/ca\\\/rituals-de-proteccio-i-invocacio\\\/#primaryimage\"},\"image\":{\"@id\":\"https:\\\/\\\/iwell-guard.com\\\/ca\\\/rituals-de-proteccio-i-invocacio\\\/#primaryimage\"},\"thumbnailUrl\":\"https:\\\/\\\/iwell-guard.com\\\/wp-content\\\/uploads\\\/2026\\\/05\\\/schutzsymbol_universell_schutzrituale.png\",\"datePublished\":\"2026-09-05T15:44:31+00:00\",\"dateModified\":\"2026-09-05T16:13:36+00:00\",\"description\":\"Cercle de protecci\u00f3, f\u00f3rmula d'exorcisme, encanteri, \u00e0ngel guardi\u00e0 i protecci\u00f3 de la llar: els principals rituals de protecci\u00f3 en una visi\u00f3 transcultural.\",\"breadcrumb\":{\"@id\":\"https:\\\/\\\/iwell-guard.com\\\/ca\\\/rituals-de-proteccio-i-invocacio\\\/#breadcrumb\"},\"inLanguage\":\"ca\",\"potentialAction\":[{\"@type\":\"ReadAction\",\"target\":[\"https:\\\/\\\/iwell-guard.com\\\/ca\\\/rituals-de-proteccio-i-invocacio\\\/\"]}]},{\"@type\":\"ImageObject\",\"inLanguage\":\"ca\",\"@id\":\"https:\\\/\\\/iwell-guard.com\\\/ca\\\/rituals-de-proteccio-i-invocacio\\\/#primaryimage\",\"url\":\"https:\\\/\\\/iwell-guard.com\\\/wp-content\\\/uploads\\\/2026\\\/05\\\/schutzsymbol_universell_schutzrituale.png\",\"contentUrl\":\"https:\\\/\\\/iwell-guard.com\\\/wp-content\\\/uploads\\\/2026\\\/05\\\/schutzsymbol_universell_schutzrituale.png\",\"width\":1024,\"height\":1536,\"caption\":\"Rituals de protecci\u00f3 i invocaci\u00f3: il\u00b7lustraci\u00f3 simb\u00f2lica amb espelmes i cercle de protecci\u00f3\"},{\"@type\":\"BreadcrumbList\",\"@id\":\"https:\\\/\\\/iwell-guard.com\\\/ca\\\/rituals-de-proteccio-i-invocacio\\\/#breadcrumb\",\"itemListElement\":[{\"@type\":\"ListItem\",\"position\":1,\"name\":\"Start\",\"item\":\"https:\\\/\\\/iwell-guard.com\\\/ca\\\/?page_id=171333\"},{\"@type\":\"ListItem\",\"position\":2,\"name\":\"Rituals de protecci\u00f3 i invocaci\u00f3\"}]},{\"@type\":\"WebSite\",\"@id\":\"https:\\\/\\\/iwell-guard.com\\\/ca\\\/#website\",\"url\":\"https:\\\/\\\/iwell-guard.com\\\/ca\\\/\",\"name\":\"iWell Guard\",\"description\":\"Schutz vor dunklen Einfl\u00fcssen\",\"publisher\":{\"@id\":\"https:\\\/\\\/iwell-guard.com\\\/ca\\\/#organization\"},\"potentialAction\":[{\"@type\":\"SearchAction\",\"target\":{\"@type\":\"EntryPoint\",\"urlTemplate\":\"https:\\\/\\\/iwell-guard.com\\\/ca\\\/?s={search_term_string}\"},\"query-input\":{\"@type\":\"PropertyValueSpecification\",\"valueRequired\":true,\"valueName\":\"search_term_string\"}}],\"inLanguage\":\"ca\"},{\"@type\":\"Organization\",\"@id\":\"https:\\\/\\\/iwell-guard.com\\\/ca\\\/#organization\",\"name\":\"Ittermann electronic GmbH\",\"url\":\"https:\\\/\\\/iwell-guard.com\\\/ca\\\/\",\"logo\":{\"@type\":\"ImageObject\",\"inLanguage\":\"ca\",\"@id\":\"https:\\\/\\\/iwell-guard.com\\\/ca\\\/#\\\/schema\\\/logo\\\/image\\\/\",\"url\":\"https:\\\/\\\/iwell-guard.com\\\/wp-content\\\/uploads\\\/2026\\\/05\\\/Ittermann-Logo-1182x237-1.png\",\"contentUrl\":\"https:\\\/\\\/iwell-guard.com\\\/wp-content\\\/uploads\\\/2026\\\/05\\\/Ittermann-Logo-1182x237-1.png\",\"width\":1182,\"height\":237,\"caption\":\"Ittermann electronic GmbH\"},\"image\":{\"@id\":\"https:\\\/\\\/iwell-guard.com\\\/ca\\\/#\\\/schema\\\/logo\\\/image\\\/\"},\"sameAs\":[\"https:\\\/\\\/pantip.com\\\/profile\\\/9367242\",\"https:\\\/\\\/micro.blog\\\/iwellguard\",\"https:\\\/\\\/www.diggerslist.com\\\/iwellguard\\\/about\",\"https:\\\/\\\/skitterphoto.com\\\/photographers\\\/2870314\\\/iwell-guard\",\"https:\\\/\\\/iwellguard.wordpress.com\\\/2026\\\/06\\\/06\\\/iwell-guard\\\/\",\"https:\\\/\\\/hub.docker.com\\\/u\\\/iwellguard\",\"https:\\\/\\\/www.pinterest.com\\\/iwellguard\\\/\",\"https:\\\/\\\/bit.ly\\\/m\\\/iwellguard\",\"https:\\\/\\\/entre-vos-mains.alsace.eu\\\/profiles\\\/iwellguard\\\/activity\",\"https:\\\/\\\/gravatar.com\\\/reallybeded8fd34\",\"https:\\\/\\\/naijamatta.com\\\/iwellguard\",\"https:\\\/\\\/www.goodreads.com\\\/iwellguard\",\"https:\\\/\\\/profile.hatena.ne.jp\\\/iwellguard\\\/\",\"https:\\\/\\\/experiment.com\\\/users\\\/iwellguard\",\"https:\\\/\\\/wakelet.com\\\/@iWellGuard82270\",\"https:\\\/\\\/www.chordie.com\\\/forum\\\/profile.php?id=2555664\",\"https:\\\/\\\/www.instapaper.com\\\/p\\\/17757966\",\"https:\\\/\\\/www.mapleprimes.com\\\/users\\\/iwellguard\",\"https:\\\/\\\/businesslistingplus.com\\\/profile\\\/iwell-guard\\\/\",\"https:\\\/\\\/telegra.ph\\\/iWell-Guard-06-06\",\"https:\\\/\\\/pbase.com\\\/iwellguard\\\/iwellguard\",\"https:\\\/\\\/b.hatena.ne.jp\\\/iwellguard\\\/20260607#bookmark-4788405196491818882\",\"https:\\\/\\\/fliphtml5.com\\\/home\\\/iwellguard\",\"https:\\\/\\\/anyflip.com\\\/homepage\\\/cmiwl#About\",\"https:\\\/\\\/transfur.com\\\/Users\\\/iwellguard\",\"http:\\\/\\\/delphi.larsbo.org\\\/user\\\/iwellguard\",\"https:\\\/\\\/jobs.lajobsportal.org\\\/profiles\\\/8380803-iwell-guard\",\"https:\\\/\\\/md.chaosdorf.de\\\/s\\\/jfbe5SBdJD\",\"https:\\\/\\\/www.lingvolive.com\\\/en-us\\\/profile\\\/9ecaeaca-ce11-4e51-9e71-01d55e2bff36\\\/translations\",\"https:\\\/\\\/www.fitday.com\\\/fitness\\\/forums\\\/members\\\/iwellguard.html\",\"https:\\\/\\\/www.mymeetbook.com\\\/iwellguard\",\"https:\\\/\\\/pxhere.com\\\/en\\\/photographer-me\\\/5040798\",\"https:\\\/\\\/disqus.com\\\/by\\\/iwellguard\\\/about\\\/\",\"https:\\\/\\\/pastelink.net\\\/hjwciqwq\",\"https:\\\/\\\/pubhtml5.com\\\/homepage\\\/scjhn\\\/\",\"https:\\\/\\\/www.bitchute.com\\\/channel\\\/2O2eOKzNqujT\",\"https:\\\/\\\/audiomack.com\\\/iwellguard\"]}]}<\/script>\n<!-- \/ Yoast SEO Premium plugin. -->","yoast_head_json":{"title":"Rituals de protecci\u00f3 i invocaci\u00f3 de \u00e9ssers protectors","description":"Cercle de protecci\u00f3, f\u00f3rmula d'exorcisme, encanteri, \u00e0ngel guardi\u00e0 i protecci\u00f3 de la llar: els principals rituals de protecci\u00f3 en una visi\u00f3 transcultural.","robots":{"index":"index","follow":"follow","max-snippet":"max-snippet:-1","max-image-preview":"max-image-preview:large","max-video-preview":"max-video-preview:-1"},"canonical":"https:\/\/iwell-guard.com\/ca\/rituals-de-proteccio-i-invocacio\/","og_locale":"ca_ES","og_type":"article","og_title":"Rituals de protecci\u00f3 i invocaci\u00f3","og_description":"Cercle de protecci\u00f3, f\u00f3rmula d'exorcisme, encanteri, \u00e0ngel guardi\u00e0 i protecci\u00f3 de la llar: els principals rituals de protecci\u00f3 en una visi\u00f3 transcultural.","og_url":"https:\/\/iwell-guard.com\/ca\/rituals-de-proteccio-i-invocacio\/","og_site_name":"iWell Guard","article_modified_time":"2026-09-05T16:13:36+00:00","og_image":[{"width":1024,"height":1536,"url":"https:\/\/iwell-guard.com\/wp-content\/uploads\/2026\/05\/schutzsymbol_universell_schutzrituale.png","type":"image\/png"}],"twitter_card":"summary_large_image","schema":{"@context":"https:\/\/schema.org","@graph":[{"@type":"WebPage","@id":"https:\/\/iwell-guard.com\/ca\/rituals-de-proteccio-i-invocacio\/","url":"https:\/\/iwell-guard.com\/ca\/rituals-de-proteccio-i-invocacio\/","name":"Rituals de protecci\u00f3 i invocaci\u00f3 de \u00e9ssers protectors","isPartOf":{"@id":"https:\/\/iwell-guard.com\/ca\/#website"},"primaryImageOfPage":{"@id":"https:\/\/iwell-guard.com\/ca\/rituals-de-proteccio-i-invocacio\/#primaryimage"},"image":{"@id":"https:\/\/iwell-guard.com\/ca\/rituals-de-proteccio-i-invocacio\/#primaryimage"},"thumbnailUrl":"https:\/\/iwell-guard.com\/wp-content\/uploads\/2026\/05\/schutzsymbol_universell_schutzrituale.png","datePublished":"2026-09-05T15:44:31+00:00","dateModified":"2026-09-05T16:13:36+00:00","description":"Cercle de protecci\u00f3, f\u00f3rmula d'exorcisme, encanteri, \u00e0ngel guardi\u00e0 i protecci\u00f3 de la llar: els principals rituals de protecci\u00f3 en una visi\u00f3 transcultural.","breadcrumb":{"@id":"https:\/\/iwell-guard.com\/ca\/rituals-de-proteccio-i-invocacio\/#breadcrumb"},"inLanguage":"ca","potentialAction":[{"@type":"ReadAction","target":["https:\/\/iwell-guard.com\/ca\/rituals-de-proteccio-i-invocacio\/"]}]},{"@type":"ImageObject","inLanguage":"ca","@id":"https:\/\/iwell-guard.com\/ca\/rituals-de-proteccio-i-invocacio\/#primaryimage","url":"https:\/\/iwell-guard.com\/wp-content\/uploads\/2026\/05\/schutzsymbol_universell_schutzrituale.png","contentUrl":"https:\/\/iwell-guard.com\/wp-content\/uploads\/2026\/05\/schutzsymbol_universell_schutzrituale.png","width":1024,"height":1536,"caption":"Rituals de protecci\u00f3 i invocaci\u00f3: il\u00b7lustraci\u00f3 simb\u00f2lica amb espelmes i cercle de protecci\u00f3"},{"@type":"BreadcrumbList","@id":"https:\/\/iwell-guard.com\/ca\/rituals-de-proteccio-i-invocacio\/#breadcrumb","itemListElement":[{"@type":"ListItem","position":1,"name":"Start","item":"https:\/\/iwell-guard.com\/ca\/?page_id=171333"},{"@type":"ListItem","position":2,"name":"Rituals de protecci\u00f3 i invocaci\u00f3"}]},{"@type":"WebSite","@id":"https:\/\/iwell-guard.com\/ca\/#website","url":"https:\/\/iwell-guard.com\/ca\/","name":"iWell Guard","description":"Schutz vor dunklen Einfl\u00fcssen","publisher":{"@id":"https:\/\/iwell-guard.com\/ca\/#organization"},"potentialAction":[{"@type":"SearchAction","target":{"@type":"EntryPoint","urlTemplate":"https:\/\/iwell-guard.com\/ca\/?s={search_term_string}"},"query-input":{"@type":"PropertyValueSpecification","valueRequired":true,"valueName":"search_term_string"}}],"inLanguage":"ca"},{"@type":"Organization","@id":"https:\/\/iwell-guard.com\/ca\/#organization","name":"Ittermann electronic GmbH","url":"https:\/\/iwell-guard.com\/ca\/","logo":{"@type":"ImageObject","inLanguage":"ca","@id":"https:\/\/iwell-guard.com\/ca\/#\/schema\/logo\/image\/","url":"https:\/\/iwell-guard.com\/wp-content\/uploads\/2026\/05\/Ittermann-Logo-1182x237-1.png","contentUrl":"https:\/\/iwell-guard.com\/wp-content\/uploads\/2026\/05\/Ittermann-Logo-1182x237-1.png","width":1182,"height":237,"caption":"Ittermann electronic GmbH"},"image":{"@id":"https:\/\/iwell-guard.com\/ca\/#\/schema\/logo\/image\/"},"sameAs":["https:\/\/pantip.com\/profile\/9367242","https:\/\/micro.blog\/iwellguard","https:\/\/www.diggerslist.com\/iwellguard\/about","https:\/\/skitterphoto.com\/photographers\/2870314\/iwell-guard","https:\/\/iwellguard.wordpress.com\/2026\/06\/06\/iwell-guard\/","https:\/\/hub.docker.com\/u\/iwellguard","https:\/\/www.pinterest.com\/iwellguard\/","https:\/\/bit.ly\/m\/iwellguard","https:\/\/entre-vos-mains.alsace.eu\/profiles\/iwellguard\/activity","https:\/\/gravatar.com\/reallybeded8fd34","https:\/\/naijamatta.com\/iwellguard","https:\/\/www.goodreads.com\/iwellguard","https:\/\/profile.hatena.ne.jp\/iwellguard\/","https:\/\/experiment.com\/users\/iwellguard","https:\/\/wakelet.com\/@iWellGuard82270","https:\/\/www.chordie.com\/forum\/profile.php?id=2555664","https:\/\/www.instapaper.com\/p\/17757966","https:\/\/www.mapleprimes.com\/users\/iwellguard","https:\/\/businesslistingplus.com\/profile\/iwell-guard\/","https:\/\/telegra.ph\/iWell-Guard-06-06","https:\/\/pbase.com\/iwellguard\/iwellguard","https:\/\/b.hatena.ne.jp\/iwellguard\/20260607#bookmark-4788405196491818882","https:\/\/fliphtml5.com\/home\/iwellguard","https:\/\/anyflip.com\/homepage\/cmiwl#About","https:\/\/transfur.com\/Users\/iwellguard","http:\/\/delphi.larsbo.org\/user\/iwellguard","https:\/\/jobs.lajobsportal.org\/profiles\/8380803-iwell-guard","https:\/\/md.chaosdorf.de\/s\/jfbe5SBdJD","https:\/\/www.lingvolive.com\/en-us\/profile\/9ecaeaca-ce11-4e51-9e71-01d55e2bff36\/translations","https:\/\/www.fitday.com\/fitness\/forums\/members\/iwellguard.html","https:\/\/www.mymeetbook.com\/iwellguard","https:\/\/pxhere.com\/en\/photographer-me\/5040798","https:\/\/disqus.com\/by\/iwellguard\/about\/","https:\/\/pastelink.net\/hjwciqwq","https:\/\/pubhtml5.com\/homepage\/scjhn\/","https:\/\/www.bitchute.com\/channel\/2O2eOKzNqujT","https:\/\/audiomack.com\/iwellguard"]}]}},"_links":{"self":[{"href":"https:\/\/iwell-guard.com\/ca\/wp-json\/wp\/v2\/pages\/172034","targetHints":{"allow":["GET"]}}],"collection":[{"href":"https:\/\/iwell-guard.com\/ca\/wp-json\/wp\/v2\/pages"}],"about":[{"href":"https:\/\/iwell-guard.com\/ca\/wp-json\/wp\/v2\/types\/page"}],"author":[{"embeddable":true,"href":"https:\/\/iwell-guard.com\/ca\/wp-json\/wp\/v2\/users\/3"}],"replies":[{"embeddable":true,"href":"https:\/\/iwell-guard.com\/ca\/wp-json\/wp\/v2\/comments?post=172034"}],"version-history":[{"count":0,"href":"https:\/\/iwell-guard.com\/ca\/wp-json\/wp\/v2\/pages\/172034\/revisions"}],"wp:featuredmedia":[{"embeddable":true,"href":"https:\/\/iwell-guard.com\/ca\/wp-json\/wp\/v2\/media\/4146"}],"wp:attachment":[{"href":"https:\/\/iwell-guard.com\/ca\/wp-json\/wp\/v2\/media?parent=172034"}],"wp:term":[{"taxonomy":"category","embeddable":true,"href":"https:\/\/iwell-guard.com\/ca\/wp-json\/wp\/v2\/categories?post=172034"}],"curies":[{"name":"wp","href":"https:\/\/api.w.org\/{rel}","templated":true}]}}