{"id":172032,"date":"2026-09-05T15:44:30","date_gmt":"2026-09-05T15:44:30","guid":{"rendered":"https:\/\/iwell-guard.com\/?page_id=172032"},"modified":"2026-09-05T16:13:34","modified_gmt":"2026-09-05T16:13:34","slug":"la-creu-com-a-signe-de-proteccio","status":"publish","type":"page","link":"https:\/\/iwell-guard.com\/ca\/la-creu-com-a-signe-de-proteccio\/","title":{"rendered":"La creu com a signe protector"},"content":{"rendered":"\t\t<div data-elementor-type=\"wp-page\" data-elementor-id=\"172032\" class=\"elementor elementor-172032 elementor-3790 elementor-bc-flex-widget\" data-elementor-post-type=\"page\">\n\t\t\t\t<div class=\"elementor-element elementor-element-iwgs-schutzkreuz-hero e-flex e-con-boxed e-con e-parent\" data-id=\"iwgs-schutzkreuz-hero\" data-element_type=\"container\" data-e-type=\"container\">\n\t\t\t\t\t<div class=\"e-con-inner\">\n\t\t<div class=\"elementor-element elementor-element-iw-schutzkreuz-hero-left e-con-full e-flex e-con e-child\" data-id=\"iw-schutzkreuz-hero-left\" data-element_type=\"container\" data-e-type=\"container\">\n\t\t\t\t<div class=\"elementor-element elementor-element-iwgs-schutzkreuz-h1 elementor-widget elementor-widget-heading\" data-id=\"iwgs-schutzkreuz-h1\" data-element_type=\"widget\" data-e-type=\"widget\" data-widget_type=\"heading.default\">\n\t\t\t\t\t<h1 class=\"elementor-heading-title elementor-size-default\">La creu com a signe protector<\/h1>\t\t\t\t<\/div>\n\t\t<div class=\"elementor-element elementor-element-iw-schutzkreuz-hero-bw e-con-full e-flex e-con e-child\" data-id=\"iw-schutzkreuz-hero-bw\" data-element_type=\"container\" data-e-type=\"container\">\n\t\t\t\t<div class=\"elementor-element elementor-element-iwgs-schutzkreuz-pills elementor-widget elementor-widget-html\" data-id=\"iwgs-schutzkreuz-pills\" data-element_type=\"widget\" data-e-type=\"widget\" data-widget_type=\"html.default\">\n\t\t\t\t\t<div class=\"iwg-pill-row\"><span class=\"iwg-klasse-badge\" tabindex=\"0\" data-tooltip=\"Tipus d'amulet de protecci\u00f3.\">Signe de protecci\u00f3<\/span><a href=\"https:\/\/iwell-guard.com\/ca\/simbols-de-proteccio\/\" class=\"iwg-kultur-badge\" tabindex=\"0\" data-tooltip=\"Anar a la visi\u00f3 general.\">Signes i s\u00edmbols<\/a><\/div>\t\t\t\t<\/div>\n\t\t\t\t<div class=\"elementor-element elementor-element-iwgs-schutzkreuz-lead elementor-widget elementor-widget-text-editor\" data-id=\"iwgs-schutzkreuz-lead\" data-element_type=\"widget\" data-e-type=\"widget\" data-widget_type=\"text-editor.default\">\n\t\t\t\t\t\t\t\t\t<p>La creu \u00e9s un dels signes geom\u00e8trics m\u00e9s antics de la humanitat. Com a mitj\u00e0 apotropaic, \u00e9s a dir, com a signe de defensa contra influ\u00e8ncies nocives, \u00e9s molt anterior al cristianisme.<\/p><p>Al mateix temps, va rebre a trav\u00e9s de la <span class=\"iwg-fachbegriff\" data-tooltip=\"La transmissi\u00f3 de coneixements i relats al llarg de generacions.\" tabindex=\"0\">tradici\u00f3<\/span> cristiana una c\u00e0rrega simb\u00f2lica tan profunda que, en el context europeu, resta indissolublement lligada a aquesta tradici\u00f3. El que en queda \u00e9s un signe d&#8217;un abast cultural extraordinari.<\/p>\n<p>Aquesta p\u00e0gina descriu les creences populars i la <span class=\"iwg-fachbegriff\" data-tooltip=\"La transmissi\u00f3 de coneixements i relats al llarg de generacions.\" tabindex=\"0\">tradici\u00f3<\/span> entorn de la creu com a signe de protecci\u00f3.<\/p><p>Es refereix a la dimensi\u00f3 apotropaica, no a la <span class=\"iwg-fachbegriff\" data-tooltip=\"La disciplina cient\u00edfica sobre D\u00e9u i la fe d'una religi\u00f3.\" tabindex=\"0\">teologia<\/span>. L&#8217;enfocament folkl\u00f2ric \u00e9s el determinant: qu\u00e8 atribu\u00efa la gent a la creu, on la col\u00b7locava, contra qui la dirigia? Una comparaci\u00f3 amb altres signes de protecci\u00f3 es pot trobar a <a href=\"https:\/\/iwell-guard.com\/ca\/simbols-de-proteccio\/\">S\u00edmbols de protecci\u00f3<\/a>; la <a href=\"https:\/\/iwell-guard.com\/ca\/?page_id=172028\">Br\u00faixola de protecci\u00f3<\/a> mostra contra quins tipus de sers es va utilitzar la creu segons la <span class=\"iwg-fachbegriff\" data-tooltip=\"La transmissi\u00f3 de coneixements i relats al llarg de generacions.\" tabindex=\"0\">tradici\u00f3<\/span>.<\/p>\t\t\t\t\t\t\t\t<\/div>\n\t\t\t\t<\/div>\n\t\t\t\t<\/div>\n\t\t<div class=\"elementor-element elementor-element-iw-schutzkreuz-hero-img e-con-full e-flex e-con e-child\" data-id=\"iw-schutzkreuz-hero-img\" data-element_type=\"container\" data-e-type=\"container\">\n\t\t\t\t<div class=\"elementor-element elementor-element-iwgs-schutzkreuz-himg iwg-hero-image elementor-widget elementor-widget-image\" data-id=\"iwgs-schutzkreuz-himg\" data-element_type=\"widget\" data-e-type=\"widget\" data-widget_type=\"image.default\">\n\t\t\t\t\t\t\t\t\t\t\t\t\t\t\t<img fetchpriority=\"high\" decoding=\"async\" width=\"683\" height=\"1024\" src=\"https:\/\/iwell-guard.com\/wp-content\/uploads\/2026\/05\/schutzsymbol_christentum_schutzkreuz-683x1024.png\" class=\"attachment-large size-large wp-image-173213\" alt=\"La creu com a signe de protecci\u00f3, il\u00b7lustraci\u00f3 hist\u00f2rica\" srcset=\"https:\/\/iwell-guard.com\/wp-content\/uploads\/2026\/05\/schutzsymbol_christentum_schutzkreuz-683x1024.png 683w, https:\/\/iwell-guard.com\/wp-content\/uploads\/2026\/05\/schutzsymbol_christentum_schutzkreuz-200x300.png 200w, https:\/\/iwell-guard.com\/wp-content\/uploads\/2026\/05\/schutzsymbol_christentum_schutzkreuz-768x1152.png 768w, https:\/\/iwell-guard.com\/wp-content\/uploads\/2026\/05\/schutzsymbol_christentum_schutzkreuz.png 1024w\" sizes=\"(max-width: 683px) 100vw, 683px\" \/>\t\t\t\t\t\t\t\t\t\t\t\t\t\t\t<\/div>\n\t\t\t\t<\/div>\n\t\t\t\t\t<\/div>\n\t\t\t\t<\/div>\n\t\t<div class=\"elementor-element elementor-element-iwgs-schutzkreuz-s0 e-flex e-con-boxed e-con e-parent\" data-id=\"iwgs-schutzkreuz-s0\" data-element_type=\"container\" data-e-type=\"container\">\n\t\t\t\t\t<div class=\"e-con-inner\">\n\t\t\t\t<div class=\"elementor-element elementor-element-iwgs-schutzkreuz-s0h elementor-widget elementor-widget-heading\" data-id=\"iwgs-schutzkreuz-s0h\" data-element_type=\"widget\" data-e-type=\"widget\" data-widget_type=\"heading.default\">\n\t\t\t\t\t<h2 class=\"elementor-heading-title elementor-size-default\">Resum r\u00e0pid<\/h2>\t\t\t\t<\/div>\n\t\t<div class=\"elementor-element elementor-element-iw-schutzkreuz-s0-bw e-con-full e-flex e-con e-child\" data-id=\"iw-schutzkreuz-s0-bw\" data-element_type=\"container\" data-e-type=\"container\">\n\t\t\t\t<div class=\"elementor-element elementor-element-iwgs-schutzkreuz-s0t elementor-widget elementor-widget-text-editor\" data-id=\"iwgs-schutzkreuz-s0t\" data-element_type=\"widget\" data-e-type=\"widget\" data-widget_type=\"text-editor.default\">\n\t\t\t\t\t\t\t\t\t<p>En la <span class=\"iwg-fachbegriff\" data-tooltip=\"La transmissi\u00f3 de coneixements i relats al llarg de generacions.\" tabindex=\"0\">tradici\u00f3<\/span> europea de car\u00e0cter cristi\u00e0, el signe de la creu es considera un dels mitjans de defensa m\u00e9s poderosos contra dimonis, diables, vampirs, esperits i el mal d&#8217;ull. Es fa com a gest sobre el propi front o el pit, es grava com a signe als marcs de les portes, es pinta sobre el gra i el bestiar, sobre pans i b\u00f3tes, i es mant\u00e9 sobre els moribunds.<\/p><p>Molt abans del cristianisme es troben formes de creu en aixovars funeraris, en cer\u00e0mica i en parets de cases en moltes cultures, que atribu\u00efen a la creu, com a forma geom\u00e8trica b\u00e0sica, un poder ordenador o protector. El signe de la creu cristi\u00e0 va refor\u00e7ar i va superposar aquests estrats m\u00e9s antics, per\u00f2 va conservar-ne la funci\u00f3 pr\u00e0ctica: un gest de protecci\u00f3 r\u00e0pid i disponible en tot moment.<\/p>\t\t\t\t\t\t\t\t<\/div>\n\t\t\t\t<\/div>\n\t\t\t\t\t<\/div>\n\t\t\t\t<\/div>\n\t\t<div class=\"elementor-element elementor-element-iwgs-schutzkreuz-s1 e-flex e-con-boxed e-con e-parent\" data-id=\"iwgs-schutzkreuz-s1\" data-element_type=\"container\" data-e-type=\"container\">\n\t\t\t\t\t<div class=\"e-con-inner\">\n\t\t\t\t<div class=\"elementor-element elementor-element-iwgs-schutzkreuz-s1h elementor-widget elementor-widget-heading\" data-id=\"iwgs-schutzkreuz-s1h\" data-element_type=\"widget\" data-e-type=\"widget\" data-widget_type=\"heading.default\">\n\t\t\t\t\t<h2 class=\"elementor-heading-title elementor-size-default\">Origen i tradici\u00f3<\/h2>\t\t\t\t<\/div>\n\t\t<div class=\"elementor-element elementor-element-iw-schutzkreuz-s1-bw e-con-full e-flex e-con e-child\" data-id=\"iw-schutzkreuz-s1-bw\" data-element_type=\"container\" data-e-type=\"container\">\n\t\t\t\t<div class=\"elementor-element elementor-element-iwgs-schutzkreuz-s1t elementor-widget elementor-widget-text-editor\" data-id=\"iwgs-schutzkreuz-s1t\" data-element_type=\"widget\" data-e-type=\"widget\" data-widget_type=\"text-editor.default\">\n\t\t\t\t\t\t\t\t\t<p>Els signes en forma de creu es troben tan enrere en la hist\u00f2ria cultural humana que no es pot assenyalar cap origen \u00fanic. La creu senzilla de bra\u00e7os iguals, una l\u00ednia vertical i una horitzontal, \u00e9s una de les formes geom\u00e8triques m\u00e9s simples; ha sorgit de manera independent a tots els continents. L&#8217;\u00fas apotropaic de la creu a l&#8217;Europa preromana i precristiana est\u00e0 documentat per a l&#8217;edat del bronze mitjan\u00e7ant troballes funer\u00e0ries.<\/p>\n<p>El signe de la creu adquireix un significat especial en el context antic a trav\u00e9s del s\u00edmbol solar: la creu de roda, amb quatre bra\u00e7os iguals dins un cercle, apareix en objectes de culte de l&#8217;edat del bronze i en carros de la regi\u00f3 n\u00f2rica. El seu vincle amb el sol, la for\u00e7a ordenadora i creadora de vida, en fa un signe de l&#8217;ordre c\u00f2smic contra el caos.<\/p>\n<p>La creu cristiana afegeix una dimensi\u00f3 hist\u00f2rico-teol\u00f2gica: representa la superaci\u00f3 de la mort i del mal mitjan\u00e7ant el patiment i la resurrecci\u00f3 de Crist.<\/p><p>En la <span class=\"iwg-fachbegriff\" data-tooltip=\"La transmissi\u00f3 de coneixements i relats al llarg de generacions.\" tabindex=\"0\">tradici\u00f3<\/span> paleocristiana i medieval, aquest significat teol\u00f2gic es trasllada directament a la pr\u00e0ctica de defensa: la creu expulsa el diable i els seus ajudants perqu\u00e8 \u00e9s el signe de la seva derrota. Els pares de l&#8217;esgl\u00e9sia i les creences populars comparteixen aquesta convicci\u00f3 b\u00e0sica, encara que amb una profunditat teol\u00f2gica molt diferent.<\/p>\n<p>En les creences populars de l&#8217;edat mitjana i el comen\u00e7ament de l&#8217;edat moderna, el signe de la creu \u00e9s omnipresent. Els artesans el gravaven a les bigues de les teulades, els flequers el marcaven a la massa del pa, les llevadores el dibuixaven al front dels nadons, i els pagesos el gravaven a la terra just sembrada del camp.<\/p><p>Aquesta pr\u00e0ctica es desenvolupava en paral\u00b7lel a la doctrina eclesi\u00e0stica oficial i sovint era dif\u00edcil de distingir-ne.<\/p>\t\t\t\t\t\t\t\t<\/div>\n\t\t\t\t<\/div>\n\t\t\t\t\t<\/div>\n\t\t\t\t<\/div>\n\t\t<div class=\"elementor-element elementor-element-iwgs-schutzkreuz-s2 e-flex e-con-boxed e-con e-parent\" data-id=\"iwgs-schutzkreuz-s2\" data-element_type=\"container\" data-e-type=\"container\">\n\t\t\t\t\t<div class=\"e-con-inner\">\n\t\t\t\t<div class=\"elementor-element elementor-element-iwgs-schutzkreuz-s2h elementor-widget elementor-widget-heading\" data-id=\"iwgs-schutzkreuz-s2h\" data-element_type=\"widget\" data-e-type=\"widget\" data-widget_type=\"heading.default\">\n\t\t\t\t\t<h2 class=\"elementor-heading-title elementor-size-default\">Principi d'acci\u00f3 segons la tradici\u00f3<\/h2>\t\t\t\t<\/div>\n\t\t<div class=\"elementor-element elementor-element-iw-schutzkreuz-s2-bw e-con-full e-flex e-con e-child\" data-id=\"iw-schutzkreuz-s2-bw\" data-element_type=\"container\" data-e-type=\"container\">\n\t\t\t\t<div class=\"elementor-element elementor-element-iwgs-schutzkreuz-s2t elementor-widget elementor-widget-text-editor\" data-id=\"iwgs-schutzkreuz-s2t\" data-element_type=\"widget\" data-e-type=\"widget\" data-widget_type=\"text-editor.default\">\n\t\t\t\t\t\t\t\t\t<p>La <span class=\"iwg-fachbegriff\" data-tooltip=\"La transmissi\u00f3 de coneixements i relats al llarg de generacions.\" tabindex=\"0\">tradici\u00f3<\/span> coneix diverses explicacions per a l&#8217;efic\u00e0cia de la creu, segons el context i la tradici\u00f3. En les creences populars cristianes predomina la idea que la creu recorda al diable i als sers demon\u00edacs el seu origen: van ser ven\u00e7uts per Crist, la creu \u00e9s el signe d&#8217;aquesta derrota, i en veure el signe han de retirar-se.<\/p>\n<p>Un estrat m\u00e9s antic explica l&#8217;efic\u00e0cia de manera geom\u00e8trica: la creu divideix l&#8217;espai en quatre parts iguals i marca alhora els quatre punts cardinals. Tanca l&#8217;espai simb\u00f2licament, com un quadrat completament assegurat que no deixa cap escletxa. Aquesta idea \u00e9s independent del significat cristi\u00e0; es troba en contextos precristians i en cultures no cristianes.<\/p>\n<p>A aix\u00f2 s&#8217;hi afegeix la idea del punt d&#8217;encreuament: a la creu es troben dues l\u00ednies, i els punts d&#8217;encreuament tenen en moltes tradicions populars un poder especial, tant protector com perill\u00f3s. El llindar, el encreuament de camins i el travesser de la creu comparteixen aquest car\u00e0cter: s\u00f3n punts de transici\u00f3 on es troben forces.<\/p>\n<p>El gest de la creu, fer-se el senyal sobre la pr\u00f2pia persona o sobre un objecte, transmet aquesta for\u00e7a directament a qui el porta o a l&#8217;objecte. El gest es pot fer r\u00e0pidament, no requereix cap material i est\u00e0 disponible en qualsevol moment, cosa que en fa un dels actes de protecci\u00f3 m\u00e9s estesos en la hist\u00f2ria de les creences populars europees.<\/p>\t\t\t\t\t\t\t\t<\/div>\n\t\t\t\t<\/div>\n\t\t\t\t\t<\/div>\n\t\t\t\t<\/div>\n\t\t<div class=\"elementor-element elementor-element-iwgs-schutzkreuz-s3 e-flex e-con-boxed e-con e-parent\" data-id=\"iwgs-schutzkreuz-s3\" data-element_type=\"container\" data-e-type=\"container\">\n\t\t\t\t\t<div class=\"e-con-inner\">\n\t\t\t\t<div class=\"elementor-element elementor-element-iwgs-schutzkreuz-s3h elementor-widget elementor-widget-heading\" data-id=\"iwgs-schutzkreuz-s3h\" data-element_type=\"widget\" data-e-type=\"widget\" data-widget_type=\"heading.default\">\n\t\t\t\t\t<h2 class=\"elementor-heading-title elementor-size-default\">Difusi\u00f3 transcultural<\/h2>\t\t\t\t<\/div>\n\t\t<div class=\"elementor-element elementor-element-iw-schutzkreuz-s3-bw e-con-full e-flex e-con e-child\" data-id=\"iw-schutzkreuz-s3-bw\" data-element_type=\"container\" data-e-type=\"container\">\n\t\t\t\t<div class=\"elementor-element elementor-element-iwgs-schutzkreuz-s3t elementor-widget elementor-widget-text-editor\" data-id=\"iwgs-schutzkreuz-s3t\" data-element_type=\"widget\" data-e-type=\"widget\" data-widget_type=\"text-editor.default\">\n\t\t\t\t\t\t\t\t\t<p>L&#8217;\u00fas apotropaic de la creu est\u00e0 marcat de manera dominant pel cristianisme a Europa, per\u00f2 es troba en variants estructurals molt m\u00e9s enll\u00e0. En el context hind\u00fa, la Svastika, la creu gammada, \u00e9s un signe de benestar i protecci\u00f3 amb mil\u00b7lennis de continu\u00eftat; la forma b\u00e0sica \u00e9s la creu de bra\u00e7os iguals amb els extrems doblegats. En el budisme, el signe apareix als temples com a marca de bona sort i protecci\u00f3.<\/p>\n<p>En les cultures ind\u00edgenes de l&#8217;Am\u00e8rica del Nord, la creu de bra\u00e7os iguals \u00e9s habitual com a signe dels punts cardinals: ordena l&#8217;espai segons les quatre direccions i representa la totalitat c\u00f2smica. No hi ha una relaci\u00f3 directa amb el folklore europeu; es tracta de desenvolupaments paral\u00b7lels.<\/p>\n<p>En la tradici\u00f3 ortodoxa eti\u00f2pica, la creu \u00e9s el s\u00edmbol protector dominant i apareix en amulets, creus processionals i entrades de cases en una gran varietat de formes que van molt m\u00e9s enll\u00e0 de la diversitat formal europea. L&#8217;\u00fas apotropaic hi \u00e9s viu encara avui i no es limita a la creen\u00e7a popular privada, sin\u00f3 que est\u00e0 arrelat en la mateixa esgl\u00e9sia.<\/p>\n<p>En l&#8217;\u00e0mbit cultural isl\u00e0mic, la creu com a tal no t\u00e9 cap paper protector, per\u00f2 signes estructuralment relacionats que ordenen l&#8217;espai en quatre parts es troben en inscripcions d&#8217;<span class=\"iwg-fachbegriff\" data-tooltip=\"Un objecte que es porta al qual s'atribueix un efecte protector i que allunya el mal.\" tabindex=\"0\">amulets<\/span> \u00e0rabs.<\/p>\t\t\t\t\t\t\t\t<\/div>\n\t\t\t\t<\/div>\n\t\t\t\t\t<\/div>\n\t\t\t\t<\/div>\n\t\t<div class=\"elementor-element elementor-element-iwgs-schutzkreuz-s4 e-flex e-con-boxed e-con e-parent\" data-id=\"iwgs-schutzkreuz-s4\" data-element_type=\"container\" data-e-type=\"container\">\n\t\t\t\t\t<div class=\"e-con-inner\">\n\t\t\t\t<div class=\"elementor-element elementor-element-iwgs-schutzkreuz-s4h elementor-widget elementor-widget-heading\" data-id=\"iwgs-schutzkreuz-s4h\" data-element_type=\"widget\" data-e-type=\"widget\" data-widget_type=\"heading.default\">\n\t\t\t\t\t<h2 class=\"elementor-heading-title elementor-size-default\">Contra qu\u00e8 s'utilitza<\/h2>\t\t\t\t<\/div>\n\t\t<div class=\"elementor-element elementor-element-iw-schutzkreuz-s4-bw e-con-full e-flex e-con e-child\" data-id=\"iw-schutzkreuz-s4-bw\" data-element_type=\"container\" data-e-type=\"container\">\n\t\t\t\t<div class=\"elementor-element elementor-element-iwgs-schutzkreuz-s4t elementor-widget elementor-widget-text-editor\" data-id=\"iwgs-schutzkreuz-s4t\" data-element_type=\"widget\" data-e-type=\"widget\" data-widget_type=\"text-editor.default\">\n\t\t\t\t\t\t\t\t\t<p>En la tradici\u00f3 popular europea, la creu com a signe de protecci\u00f3 s&#8217;utilitzava contra els seg\u00fcents tipus d&#8217;\u00e9ssers i amenaces:<\/p>\n<ul>\n<li>Dimonis i diables en el sentit cristi\u00e0, \u00e9s a dir, \u00e9ssers de l&#8217;\u00e0mbit del mal als quals la <span class=\"iwg-fachbegriff\" data-tooltip=\"La doctrina cient\u00edfica sobre D\u00e9u i sobre la creen\u00e7a d'una religi\u00f3.\" tabindex=\"0\">teologia<\/span> cristiana atribu\u00efa una exist\u00e8ncia pr\u00f2pia.<\/li>\n<li>Vampirs i morts vivents: en la tradici\u00f3 popular de l&#8217;Europa de l&#8217;Est, especialment a les zones sud-eslaves, romaneses i hongareses, la creu \u00e9s un dels mitjans m\u00e9s importants contra el mort vivent (vampir), junt amb l&#8217;all i l&#8217;estaca.<\/li>\n<li>Bruixes i causants de malefici: la creu sobre el llindar de la porta, gravada als marcs de les portes o marcada als aliments, havia d&#8217;impedir l&#8217;entrada de les bruixes o desviar el seu efecte dany\u00f3s.<\/li>\n<li>El mal d&#8217;ull i el malefici per enveja: fer-se r\u00e0pidament el senyal de la creu en trobar-se amb una persona o situaci\u00f3 considerada nefasta servia com a protecci\u00f3 immediata.<\/li>\n<li>Els esperits i les \u00e0nimes dels morts, que romanien inquietes i podien fer mal als vius: els senyals de creu a les tombes i a les obertures de les cases havien de mantenir aquestes \u00e0nimes al seu lloc.<\/li>\n<\/ul>\t\t\t\t\t\t\t\t<\/div>\n\t\t\t\t<\/div>\n\t\t\t\t\t<\/div>\n\t\t\t\t<\/div>\n\t\t<div class=\"elementor-element elementor-element-iwgs-schutzkreuz-s5 e-flex e-con-boxed e-con e-parent\" data-id=\"iwgs-schutzkreuz-s5\" data-element_type=\"container\" data-e-type=\"container\">\n\t\t\t\t\t<div class=\"e-con-inner\">\n\t\t\t\t<div class=\"elementor-element elementor-element-iwgs-schutzkreuz-s5h elementor-widget elementor-widget-heading\" data-id=\"iwgs-schutzkreuz-s5h\" data-element_type=\"widget\" data-e-type=\"widget\" data-widget_type=\"heading.default\">\n\t\t\t\t\t<h2 class=\"elementor-heading-title elementor-size-default\">Aplicaci\u00f3 i l\u00edmits<\/h2>\t\t\t\t<\/div>\n\t\t<div class=\"elementor-element elementor-element-iw-schutzkreuz-s5-bw e-con-full e-flex e-con e-child\" data-id=\"iw-schutzkreuz-s5-bw\" data-element_type=\"container\" data-e-type=\"container\">\n\t\t\t\t<div class=\"elementor-element elementor-element-iwgs-schutzkreuz-s5t elementor-widget elementor-widget-text-editor\" data-id=\"iwgs-schutzkreuz-s5t\" data-element_type=\"widget\" data-e-type=\"widget\" data-widget_type=\"text-editor.default\">\n\t\t\t\t\t\t\t\t\t<p>Les formes d&#8217;\u00fas de la creu com a signe de protecci\u00f3 s\u00f3n extraordin\u00e0riament variades. Gravada o pintada de manera permanent, apareix en bigues, marcs de portes, ampits de finestres, parets d&#8217;estables, arques i eines agr\u00edcoles. Com a signe de llindar, serveix per protegir l&#8217;entrada. Aplicada sobre objectes comestibles com el pa i la mantega, protegeix contra l&#8217;embruixament del menjar.<\/p>\n<p>Com a gest situacional, fer-se el senyal de la creu protegeix la persona en un moment determinat: en entrar en un lloc sospit\u00f3s, en despertar-se d&#8217;un malson, en sentir sorolls inquietants. Aquest \u00fas encara \u00e9s viu avui dia a les llars creients i no es considera superstici\u00f3, sin\u00f3 un gest de preg\u00e0ria.<\/p>\n<p>En la creen\u00e7a popular, que anava m\u00e9s enll\u00e0 del que la teologia aprovava, tamb\u00e9 s&#8217;utilitzaven formes m\u00e9s espec\u00edfiques: la triple creu al front d&#8217;un infant, la creu de branques de palma, la creu bene\u00efda del Dimecres de Cendra. Aquestes combinacions de la forma de la creu amb la <span class=\"iwg-fachbegriff\" data-tooltip=\"Concessi\u00f3 de salvaci\u00f3 i protecci\u00f3, sovint en una f\u00f3rmula ling\u00fc\u00edstica fixa.\" tabindex=\"0\">benedicci\u00f3<\/span> eclesi\u00e0stica es consideraven especialment eficaces.<\/p>\n<p>La mateixa <span class=\"iwg-fachbegriff\" data-tooltip=\"La transmissi\u00f3 de coneixements i relats al llarg de generacions.\" tabindex=\"0\">tradici\u00f3<\/span> coneix l\u00edmits: un senyal de creu fet sense fe o amb mala intenci\u00f3 es considerava, en el pensament popular piad\u00f3s, menys efica\u00e7 o gens efica\u00e7.<\/p><p>Tamb\u00e9 els senyals de creu tallats o pintats a la fusta perdien, segons la <span class=\"iwg-fachbegriff\" data-tooltip=\"La transmissi\u00f3 de coneixements i relats al llarg de generacions.\" tabindex=\"0\">tradici\u00f3<\/span>, la seva efic\u00e0cia quan es feien malb\u00e9, es desvanien o s&#8217;erosionaven. En algunes tradicions regionals, la creu s&#8217;havia de renovar cada any, per exemple en determinades festes eclesi\u00e0stiques.<\/p>\t\t\t\t\t\t\t\t<\/div>\n\t\t\t\t<\/div>\n\t\t\t\t\t<\/div>\n\t\t\t\t<\/div>\n\t\t<div class=\"elementor-element elementor-element-iwgs-schutzkreuz-lit e-flex e-con-boxed e-con e-parent\" data-id=\"iwgs-schutzkreuz-lit\" data-element_type=\"container\" data-e-type=\"container\">\n\t\t\t\t\t<div class=\"e-con-inner\">\n\t\t\t\t<div class=\"elementor-element elementor-element-iwgs-schutzkreuz-lith elementor-widget elementor-widget-heading\" data-id=\"iwgs-schutzkreuz-lith\" data-element_type=\"widget\" data-e-type=\"widget\" data-widget_type=\"heading.default\">\n\t\t\t\t\t<h2 class=\"elementor-heading-title elementor-size-default\">Bibliografia (selecci\u00f3)<\/h2>\t\t\t\t<\/div>\n\t\t<div class=\"elementor-element elementor-element-iw-schutzkreuz-lit-bw e-con-full e-flex e-con e-child\" data-id=\"iw-schutzkreuz-lit-bw\" data-element_type=\"container\" data-e-type=\"container\">\n\t\t\t\t<div class=\"elementor-element elementor-element-iwgs-schutzkreuz-litt elementor-widget elementor-widget-html\" data-id=\"iwgs-schutzkreuz-litt\" data-element_type=\"widget\" data-e-type=\"widget\" data-widget_type=\"html.default\">\n\t\t\t\t\t<footer data-nosnippet=\"true\"><ul><li>B\u00e4chtold-St\u00e4ubli, Hanns (Hrsg.): Handw\u00f6rterbuch des deutschen Aberglaubens. De Gruyter, Berlin, 1927-1942. Artikel \"Kreuz\", \"Kreuzzeichen\", \"Bekreuzigen\".<\/li><li>Dinzelbacher, Peter (Hrsg.): Europ\u00e4ische Mentalit\u00e4tsgeschichte. Kr\u00f6ner, Stuttgart, 1993.<\/li><li>P\u00f3cs, \u00c9va: Between the Living and the Dead. A Perspective on Witches and Seers in the Early Modern Age. Central European University Press, Budapest, 1999.<\/li><li>Klaniczay, G\u00e1bor: The Uses of Supernatural Power. The Transformation of Popular Religion in Medieval and Early-Modern Europe. Princeton University Press, Princeton, 1990.<\/li><li>Lurker, Manfred: W\u00f6rterbuch der Symbolik. 5. Auflage, Kr\u00f6ner, Stuttgart, 1991.<\/li><\/ul><\/footer>\t\t\t\t<\/div>\n\t\t\t\t<\/div>\n\t\t\t\t\t<\/div>\n\t\t\t\t<\/div>\n\t\t<div class=\"elementor-element elementor-element-iwgs-schutzkreuz-kwd e-flex e-con-boxed e-con e-parent\" data-id=\"iwgs-schutzkreuz-kwd\" data-element_type=\"container\" data-e-type=\"container\">\n\t\t\t\t\t<div class=\"e-con-inner\">\n\t\t<div class=\"elementor-element elementor-element-iw-schutzkreuz-kwd-bw e-con-full e-flex e-con e-child\" data-id=\"iw-schutzkreuz-kwd-bw\" data-element_type=\"container\" data-e-type=\"container\">\n\t\t\t\t<div class=\"elementor-element elementor-element-iwgs-schutzkreuz-kwdt elementor-widget elementor-widget-text-editor\" data-id=\"iwgs-schutzkreuz-kwdt\" data-element_type=\"widget\" data-e-type=\"widget\" data-widget_type=\"text-editor.default\">\n\t\t\t\t\t\t\t\t\t<p><em>Termes clau relacionats: creu signe de protecci\u00f3 senyal de la creu apotropaic protecci\u00f3 contra dimonis.<\/em><\/p>\t\t\t\t\t\t\t\t<\/div>\n\t\t\t\t<\/div>\n\t\t\t\t\t<\/div>\n\t\t\t\t<\/div>\n\t\t<div class=\"elementor-element elementor-element-iwgs-schutzkreuz-cc e-flex e-con-boxed e-con e-parent\" data-id=\"iwgs-schutzkreuz-cc\" data-element_type=\"container\" data-e-type=\"container\" id=\"iwg-cc-schutzkreuz\">\n\t\t\t\t\t<div class=\"e-con-inner\">\n\t\t<div class=\"elementor-element elementor-element-iwgs-schutzkreuz-ccinner e-flex e-con-boxed e-con e-parent\" data-id=\"iwgs-schutzkreuz-ccinner\" data-element_type=\"container\" data-e-type=\"container\" data-settings=\"{&quot;background_background&quot;:&quot;classic&quot;}\">\n\t\t\t\t\t<div class=\"e-con-inner\">\n\t\t\t\t<div class=\"elementor-element elementor-element-iwgs-schutzkreuz-cch elementor-widget elementor-widget-heading\" data-id=\"iwgs-schutzkreuz-cch\" data-element_type=\"widget\" data-e-type=\"widget\" data-widget_type=\"heading.default\">\n\t\t\t\t\t<h2 class=\"elementor-heading-title elementor-size-default\">iWell Guard i tradicions de protecci\u00f3<\/h2>\t\t\t\t<\/div>\n\t\t\t\t<div class=\"elementor-element elementor-element-iwgs-schutzkreuz-cct elementor-widget elementor-widget-text-editor\" data-id=\"iwgs-schutzkreuz-cct\" data-element_type=\"widget\" data-e-type=\"widget\" data-widget_type=\"text-editor.default\">\n\t\t\t\t\t\t\t\t\t<p>La creu com a signe de protecci\u00f3 representa el principi de la forma que ordena l&#8217;espai i estableix l\u00edmits: divideix, tanca i marca. All\u00f2 que la tradici\u00f3 cristiana va posar en primer pla, \u00e9s a dir, el signe de la superaci\u00f3, ja existia en una capa m\u00e9s antiga com a signe de l&#8217;ordre complet.<\/p>\n<p>El <a href=\"https:\/\/iwell-guard.com\/ca\/penjoll-protector-iwell-guard-comprar\/\">iWell Guard<\/a> combina aquesta idea amb elements d&#8217;altres tradicions de protecci\u00f3. No \u00e9s un <span class=\"iwg-fachbegriff\" data-tooltip=\"Un signe que representa de manera simb\u00f2lica una idea o un significat.\" tabindex=\"0\">s\u00edmbol<\/span> religi\u00f3s, sin\u00f3 una s\u00edntesi: un signe que recull la convicci\u00f3 b\u00e0sica comuna a moltes cultures segons la qual un signe portat amb una intenci\u00f3 clara mant\u00e9 el vincle amb la tradici\u00f3 de protecci\u00f3. Es pot trobar m\u00e9s informaci\u00f3 sobre com es reuneixen diferents signes i cultures al <a href=\"https:\/\/iwell-guard.com\/ca\/?page_id=172028\">Br\u00faixola de Protecci\u00f3<\/a>.<\/p>\t\t\t\t\t\t\t\t<\/div>\n\t\t\t\t<div class=\"elementor-element elementor-element-iwgs-schutzkreuz-ccb iwg-cc-button iwg-cc-cta-2026-05-13 elementor-widget elementor-widget-jet-button\" data-id=\"iwgs-schutzkreuz-ccb\" data-element_type=\"widget\" data-e-type=\"widget\" data-widget_type=\"jet-button.default\">\n\t\t\t\t<div class=\"elementor-widget-container\">\n\t\t\t\t\t<div class=\"elementor-jet-button jet-elements\"><div class=\"jet-button__container\"><a class=\"jet-button__instance jet-button__instance--icon-left hover-effect-1\" href=\"\/schutzanhaenger-iwell-guard-kaufen\/?utm_source=iwell-guard.com&amp;utm_medium=info-box&amp;utm_campaign=schutzsymbole\"><div class=\"jet-button__plane jet-button__plane-normal\"><\/div><div class=\"jet-button__plane jet-button__plane-hover\"><\/div><div class=\"jet-button__state jet-button__state-normal\"><span class=\"jet-button__label\">M\u00e9s informaci\u00f3 sobre l'iWell Guard<\/span><\/div><div class=\"jet-button__state jet-button__state-hover\"><span class=\"jet-button__label\">M\u00e9s informaci\u00f3 sobre l'iWell Guard<\/span><\/div><\/a><\/div><\/div><style>.elementor-element.elementor-element-iwgs-schutzkreuz-ccb .jet-button__instance{width:320px;height:56px;}.elementor-element.elementor-element-iwgs-schutzkreuz-ccb .jet-button__state-normal .jet-button__label{text-align:center;margin:0px 0px 0px 0px;color:#1a1b20;font-family:Montserrat,sans-serif;font-size:13px;font-weight:400;letter-spacing:4px;line-height:1.714em;text-transform:uppercase;}.elementor-element.elementor-element-iwgs-schutzkreuz-ccb .jet-button__state-hover .jet-button__label{text-align:center;margin:0px 0px 0px 0px;color:#FECC76;font-family:Montserrat,sans-serif;font-size:13px;font-weight:400;letter-spacing:4px;line-height:1.714em;text-transform:uppercase;}.elementor-element.elementor-element-iwgs-schutzkreuz-ccb .jet-button__plane-normal{background-color:#FECC76;border-style:solid;border-color:#C99540;border-width:2px 2px 2px 2px;}.elementor-element.elementor-element-iwgs-schutzkreuz-ccb .jet-button__plane-hover{background-color:rgba(0,0,0,0.55);border-style:solid;border-color:#FECC76;border-width:2px 2px 2px 2px;}<\/style>\t\t\t\t<\/div>\n\t\t\t\t<\/div>\n\t\t\t\t<div class=\"elementor-element elementor-element-iwgs-schutzkreuz-ccd elementor-widget elementor-widget-text-editor\" data-id=\"iwgs-schutzkreuz-ccd\" data-element_type=\"widget\" data-e-type=\"widget\" data-widget_type=\"text-editor.default\">\n\t\t\t\t\t\t\t\t\t<p style=\"text-align:center;font-size:13px;opacity:0.7;margin-top:14px\" data-nosnippet=\"true\">Les experi\u00e8ncies personals poden variar. No \u00e9s un producte sanitari. No es garanteix cap curaci\u00f3.<\/p>\t\t\t\t\t\t\t\t<\/div>\n\t\t\t\t\t<\/div>\n\t\t\t\t<\/div>\n\t\t\t\t\t<\/div>\n\t\t\t\t<\/div>\n\t\t<div class=\"elementor-element elementor-element-iwgs-schutzkreuz-disc e-flex e-con-boxed e-con e-parent\" data-id=\"iwgs-schutzkreuz-disc\" data-element_type=\"container\" data-e-type=\"container\">\n\t\t\t\t\t<div class=\"e-con-inner\">\n\t\t<div class=\"elementor-element elementor-element-iw-schutzkreuz-disc-bw e-con-full e-flex e-con e-child\" data-id=\"iw-schutzkreuz-disc-bw\" data-element_type=\"container\" data-e-type=\"container\">\n\t\t\t\t<div class=\"elementor-element elementor-element-iwgs-schutzkreuz-discw elementor-widget elementor-widget-html\" data-id=\"iwgs-schutzkreuz-discw\" data-element_type=\"widget\" data-e-type=\"widget\" data-widget_type=\"html.default\">\n\t\t\t\t\t<footer data-nosnippet=\"true\" class=\"iwg-disclaimer-block\"><p data-nosnippet=\"true\">iWell Guard <strong>no \u00e9s un producte sanitari<\/strong> i no substitueix cap tractament m\u00e8dic o psicoterap\u00e8utic. Els continguts presentats aqu\u00ed s\u00f3n una contextualitzaci\u00f3 des de la ci\u00e8ncia de les religions i la hist\u00f2ria cultural, no una promesa d'efecte espiritual.<\/p><\/footer>\t\t\t\t<\/div>\n\t\t\t\t<\/div>\n\t\t\t\t\t<\/div>\n\t\t\t\t<\/div>\n\t\t\t\t<\/div>\n\t\t","protected":false},"excerpt":{"rendered":"","protected":false},"author":3,"featured_media":4106,"parent":0,"menu_order":0,"comment_status":"closed","ping_status":"closed","template":"elementor_header_footer","meta":{"_yoast_wpseo_focuskw":"creu signe proteccio","_yoast_wpseo_title":"La creu com a signe de protecci\u00f3 contra dimonis","_yoast_wpseo_metadesc":"De la creu de llindar al gest: com la tradici\u00f3 fa servir la creu com a signe de protecci\u00f3 contra dimonis, esperits i mal d'ull.","_yoast_wpseo_meta-robots-noindex":"","_yoast_wpseo_canonical":"","_angie_page":false,"gefaehrdungsstufe":"","wesen_kultur":"","wesen_klasse":"","footnotes":""},"categories":[],"class_list":["post-172032","page","type-page","status-publish","has-post-thumbnail","hentry"],"yoast_head":"<!-- This site is optimized with the Yoast SEO Premium plugin v27.7 (Yoast SEO v28.3) - https:\/\/yoast.com\/product\/yoast-seo-premium-wordpress\/ -->\n<title>La creu com a signe de protecci\u00f3 contra dimonis<\/title>\n<meta name=\"description\" content=\"De la creu de llindar al gest: com la tradici\u00f3 fa servir la creu com a signe de protecci\u00f3 contra dimonis, esperits i mal d&#039;ull.\" \/>\n<meta name=\"robots\" content=\"index, follow, max-snippet:-1, max-image-preview:large, max-video-preview:-1\" \/>\n<link rel=\"canonical\" href=\"https:\/\/iwell-guard.com\/ca\/la-creu-com-a-signe-de-proteccio\/\" \/>\n<meta property=\"og:locale\" content=\"ca_ES\" \/>\n<meta property=\"og:type\" content=\"article\" \/>\n<meta property=\"og:title\" content=\"La creu com a signe protector\" \/>\n<meta property=\"og:description\" content=\"De la creu de llindar al gest: com la tradici\u00f3 fa servir la creu com a signe de protecci\u00f3 contra dimonis, esperits i mal d&#039;ull.\" \/>\n<meta property=\"og:url\" content=\"https:\/\/iwell-guard.com\/ca\/la-creu-com-a-signe-de-proteccio\/\" \/>\n<meta property=\"og:site_name\" content=\"iWell Guard\" \/>\n<meta property=\"article:modified_time\" content=\"2026-09-05T16:13:34+00:00\" \/>\n<meta property=\"og:image\" content=\"https:\/\/iwell-guard.com\/wp-content\/uploads\/2026\/05\/schutzsymbol_christentum_schutzkreuz.png\" \/>\n\t<meta property=\"og:image:width\" content=\"1024\" \/>\n\t<meta property=\"og:image:height\" content=\"1536\" \/>\n\t<meta property=\"og:image:type\" content=\"image\/png\" \/>\n<meta name=\"twitter:card\" content=\"summary_large_image\" \/>\n<script type=\"application\/ld+json\" class=\"yoast-schema-graph\">{\"@context\":\"https:\\\/\\\/schema.org\",\"@graph\":[{\"@type\":\"WebPage\",\"@id\":\"https:\\\/\\\/iwell-guard.com\\\/ca\\\/la-creu-com-a-signe-de-proteccio\\\/\",\"url\":\"https:\\\/\\\/iwell-guard.com\\\/ca\\\/la-creu-com-a-signe-de-proteccio\\\/\",\"name\":\"La creu com a signe de protecci\u00f3 contra dimonis\",\"isPartOf\":{\"@id\":\"https:\\\/\\\/iwell-guard.com\\\/ca\\\/#website\"},\"primaryImageOfPage\":{\"@id\":\"https:\\\/\\\/iwell-guard.com\\\/ca\\\/la-creu-com-a-signe-de-proteccio\\\/#primaryimage\"},\"image\":{\"@id\":\"https:\\\/\\\/iwell-guard.com\\\/ca\\\/la-creu-com-a-signe-de-proteccio\\\/#primaryimage\"},\"thumbnailUrl\":\"https:\\\/\\\/iwell-guard.com\\\/wp-content\\\/uploads\\\/2026\\\/05\\\/schutzsymbol_christentum_schutzkreuz.png\",\"datePublished\":\"2026-09-05T15:44:30+00:00\",\"dateModified\":\"2026-09-05T16:13:34+00:00\",\"description\":\"De la creu de llindar al gest: com la tradici\u00f3 fa servir la creu com a signe de protecci\u00f3 contra dimonis, esperits i mal d'ull.\",\"breadcrumb\":{\"@id\":\"https:\\\/\\\/iwell-guard.com\\\/ca\\\/la-creu-com-a-signe-de-proteccio\\\/#breadcrumb\"},\"inLanguage\":\"ca\",\"potentialAction\":[{\"@type\":\"ReadAction\",\"target\":[\"https:\\\/\\\/iwell-guard.com\\\/ca\\\/la-creu-com-a-signe-de-proteccio\\\/\"]}]},{\"@type\":\"ImageObject\",\"inLanguage\":\"ca\",\"@id\":\"https:\\\/\\\/iwell-guard.com\\\/ca\\\/la-creu-com-a-signe-de-proteccio\\\/#primaryimage\",\"url\":\"https:\\\/\\\/iwell-guard.com\\\/wp-content\\\/uploads\\\/2026\\\/05\\\/schutzsymbol_christentum_schutzkreuz.png\",\"contentUrl\":\"https:\\\/\\\/iwell-guard.com\\\/wp-content\\\/uploads\\\/2026\\\/05\\\/schutzsymbol_christentum_schutzkreuz.png\",\"width\":1024,\"height\":1536,\"caption\":\"La creu com a signe de protecci\u00f3, il\u00b7lustraci\u00f3 hist\u00f2rica\"},{\"@type\":\"BreadcrumbList\",\"@id\":\"https:\\\/\\\/iwell-guard.com\\\/ca\\\/la-creu-com-a-signe-de-proteccio\\\/#breadcrumb\",\"itemListElement\":[{\"@type\":\"ListItem\",\"position\":1,\"name\":\"Start\",\"item\":\"https:\\\/\\\/iwell-guard.com\\\/ca\\\/?page_id=171333\"},{\"@type\":\"ListItem\",\"position\":2,\"name\":\"La creu com a signe protector\"}]},{\"@type\":\"WebSite\",\"@id\":\"https:\\\/\\\/iwell-guard.com\\\/ca\\\/#website\",\"url\":\"https:\\\/\\\/iwell-guard.com\\\/ca\\\/\",\"name\":\"iWell Guard\",\"description\":\"Schutz vor dunklen Einfl\u00fcssen\",\"publisher\":{\"@id\":\"https:\\\/\\\/iwell-guard.com\\\/ca\\\/#organization\"},\"potentialAction\":[{\"@type\":\"SearchAction\",\"target\":{\"@type\":\"EntryPoint\",\"urlTemplate\":\"https:\\\/\\\/iwell-guard.com\\\/ca\\\/?s={search_term_string}\"},\"query-input\":{\"@type\":\"PropertyValueSpecification\",\"valueRequired\":true,\"valueName\":\"search_term_string\"}}],\"inLanguage\":\"ca\"},{\"@type\":\"Organization\",\"@id\":\"https:\\\/\\\/iwell-guard.com\\\/ca\\\/#organization\",\"name\":\"Ittermann electronic GmbH\",\"url\":\"https:\\\/\\\/iwell-guard.com\\\/ca\\\/\",\"logo\":{\"@type\":\"ImageObject\",\"inLanguage\":\"ca\",\"@id\":\"https:\\\/\\\/iwell-guard.com\\\/ca\\\/#\\\/schema\\\/logo\\\/image\\\/\",\"url\":\"https:\\\/\\\/iwell-guard.com\\\/wp-content\\\/uploads\\\/2026\\\/05\\\/Ittermann-Logo-1182x237-1.png\",\"contentUrl\":\"https:\\\/\\\/iwell-guard.com\\\/wp-content\\\/uploads\\\/2026\\\/05\\\/Ittermann-Logo-1182x237-1.png\",\"width\":1182,\"height\":237,\"caption\":\"Ittermann electronic GmbH\"},\"image\":{\"@id\":\"https:\\\/\\\/iwell-guard.com\\\/ca\\\/#\\\/schema\\\/logo\\\/image\\\/\"},\"sameAs\":[\"https:\\\/\\\/pantip.com\\\/profile\\\/9367242\",\"https:\\\/\\\/micro.blog\\\/iwellguard\",\"https:\\\/\\\/www.diggerslist.com\\\/iwellguard\\\/about\",\"https:\\\/\\\/skitterphoto.com\\\/photographers\\\/2870314\\\/iwell-guard\",\"https:\\\/\\\/iwellguard.wordpress.com\\\/2026\\\/06\\\/06\\\/iwell-guard\\\/\",\"https:\\\/\\\/hub.docker.com\\\/u\\\/iwellguard\",\"https:\\\/\\\/www.pinterest.com\\\/iwellguard\\\/\",\"https:\\\/\\\/bit.ly\\\/m\\\/iwellguard\",\"https:\\\/\\\/entre-vos-mains.alsace.eu\\\/profiles\\\/iwellguard\\\/activity\",\"https:\\\/\\\/gravatar.com\\\/reallybeded8fd34\",\"https:\\\/\\\/naijamatta.com\\\/iwellguard\",\"https:\\\/\\\/www.goodreads.com\\\/iwellguard\",\"https:\\\/\\\/profile.hatena.ne.jp\\\/iwellguard\\\/\",\"https:\\\/\\\/experiment.com\\\/users\\\/iwellguard\",\"https:\\\/\\\/wakelet.com\\\/@iWellGuard82270\",\"https:\\\/\\\/www.chordie.com\\\/forum\\\/profile.php?id=2555664\",\"https:\\\/\\\/www.instapaper.com\\\/p\\\/17757966\",\"https:\\\/\\\/www.mapleprimes.com\\\/users\\\/iwellguard\",\"https:\\\/\\\/businesslistingplus.com\\\/profile\\\/iwell-guard\\\/\",\"https:\\\/\\\/telegra.ph\\\/iWell-Guard-06-06\",\"https:\\\/\\\/pbase.com\\\/iwellguard\\\/iwellguard\",\"https:\\\/\\\/b.hatena.ne.jp\\\/iwellguard\\\/20260607#bookmark-4788405196491818882\",\"https:\\\/\\\/fliphtml5.com\\\/home\\\/iwellguard\",\"https:\\\/\\\/anyflip.com\\\/homepage\\\/cmiwl#About\",\"https:\\\/\\\/transfur.com\\\/Users\\\/iwellguard\",\"http:\\\/\\\/delphi.larsbo.org\\\/user\\\/iwellguard\",\"https:\\\/\\\/jobs.lajobsportal.org\\\/profiles\\\/8380803-iwell-guard\",\"https:\\\/\\\/md.chaosdorf.de\\\/s\\\/jfbe5SBdJD\",\"https:\\\/\\\/www.lingvolive.com\\\/en-us\\\/profile\\\/9ecaeaca-ce11-4e51-9e71-01d55e2bff36\\\/translations\",\"https:\\\/\\\/www.fitday.com\\\/fitness\\\/forums\\\/members\\\/iwellguard.html\",\"https:\\\/\\\/www.mymeetbook.com\\\/iwellguard\",\"https:\\\/\\\/pxhere.com\\\/en\\\/photographer-me\\\/5040798\",\"https:\\\/\\\/disqus.com\\\/by\\\/iwellguard\\\/about\\\/\",\"https:\\\/\\\/pastelink.net\\\/hjwciqwq\",\"https:\\\/\\\/pubhtml5.com\\\/homepage\\\/scjhn\\\/\",\"https:\\\/\\\/www.bitchute.com\\\/channel\\\/2O2eOKzNqujT\",\"https:\\\/\\\/audiomack.com\\\/iwellguard\"]}]}<\/script>\n<!-- \/ Yoast SEO Premium plugin. -->","yoast_head_json":{"title":"La creu com a signe de protecci\u00f3 contra dimonis","description":"De la creu de llindar al gest: com la tradici\u00f3 fa servir la creu com a signe de protecci\u00f3 contra dimonis, esperits i mal d'ull.","robots":{"index":"index","follow":"follow","max-snippet":"max-snippet:-1","max-image-preview":"max-image-preview:large","max-video-preview":"max-video-preview:-1"},"canonical":"https:\/\/iwell-guard.com\/ca\/la-creu-com-a-signe-de-proteccio\/","og_locale":"ca_ES","og_type":"article","og_title":"La creu com a signe protector","og_description":"De la creu de llindar al gest: com la tradici\u00f3 fa servir la creu com a signe de protecci\u00f3 contra dimonis, esperits i mal d'ull.","og_url":"https:\/\/iwell-guard.com\/ca\/la-creu-com-a-signe-de-proteccio\/","og_site_name":"iWell Guard","article_modified_time":"2026-09-05T16:13:34+00:00","og_image":[{"width":1024,"height":1536,"url":"https:\/\/iwell-guard.com\/wp-content\/uploads\/2026\/05\/schutzsymbol_christentum_schutzkreuz.png","type":"image\/png"}],"twitter_card":"summary_large_image","schema":{"@context":"https:\/\/schema.org","@graph":[{"@type":"WebPage","@id":"https:\/\/iwell-guard.com\/ca\/la-creu-com-a-signe-de-proteccio\/","url":"https:\/\/iwell-guard.com\/ca\/la-creu-com-a-signe-de-proteccio\/","name":"La creu com a signe de protecci\u00f3 contra dimonis","isPartOf":{"@id":"https:\/\/iwell-guard.com\/ca\/#website"},"primaryImageOfPage":{"@id":"https:\/\/iwell-guard.com\/ca\/la-creu-com-a-signe-de-proteccio\/#primaryimage"},"image":{"@id":"https:\/\/iwell-guard.com\/ca\/la-creu-com-a-signe-de-proteccio\/#primaryimage"},"thumbnailUrl":"https:\/\/iwell-guard.com\/wp-content\/uploads\/2026\/05\/schutzsymbol_christentum_schutzkreuz.png","datePublished":"2026-09-05T15:44:30+00:00","dateModified":"2026-09-05T16:13:34+00:00","description":"De la creu de llindar al gest: com la tradici\u00f3 fa servir la creu com a signe de protecci\u00f3 contra dimonis, esperits i mal d'ull.","breadcrumb":{"@id":"https:\/\/iwell-guard.com\/ca\/la-creu-com-a-signe-de-proteccio\/#breadcrumb"},"inLanguage":"ca","potentialAction":[{"@type":"ReadAction","target":["https:\/\/iwell-guard.com\/ca\/la-creu-com-a-signe-de-proteccio\/"]}]},{"@type":"ImageObject","inLanguage":"ca","@id":"https:\/\/iwell-guard.com\/ca\/la-creu-com-a-signe-de-proteccio\/#primaryimage","url":"https:\/\/iwell-guard.com\/wp-content\/uploads\/2026\/05\/schutzsymbol_christentum_schutzkreuz.png","contentUrl":"https:\/\/iwell-guard.com\/wp-content\/uploads\/2026\/05\/schutzsymbol_christentum_schutzkreuz.png","width":1024,"height":1536,"caption":"La creu com a signe de protecci\u00f3, il\u00b7lustraci\u00f3 hist\u00f2rica"},{"@type":"BreadcrumbList","@id":"https:\/\/iwell-guard.com\/ca\/la-creu-com-a-signe-de-proteccio\/#breadcrumb","itemListElement":[{"@type":"ListItem","position":1,"name":"Start","item":"https:\/\/iwell-guard.com\/ca\/?page_id=171333"},{"@type":"ListItem","position":2,"name":"La creu com a signe protector"}]},{"@type":"WebSite","@id":"https:\/\/iwell-guard.com\/ca\/#website","url":"https:\/\/iwell-guard.com\/ca\/","name":"iWell Guard","description":"Schutz vor dunklen Einfl\u00fcssen","publisher":{"@id":"https:\/\/iwell-guard.com\/ca\/#organization"},"potentialAction":[{"@type":"SearchAction","target":{"@type":"EntryPoint","urlTemplate":"https:\/\/iwell-guard.com\/ca\/?s={search_term_string}"},"query-input":{"@type":"PropertyValueSpecification","valueRequired":true,"valueName":"search_term_string"}}],"inLanguage":"ca"},{"@type":"Organization","@id":"https:\/\/iwell-guard.com\/ca\/#organization","name":"Ittermann electronic GmbH","url":"https:\/\/iwell-guard.com\/ca\/","logo":{"@type":"ImageObject","inLanguage":"ca","@id":"https:\/\/iwell-guard.com\/ca\/#\/schema\/logo\/image\/","url":"https:\/\/iwell-guard.com\/wp-content\/uploads\/2026\/05\/Ittermann-Logo-1182x237-1.png","contentUrl":"https:\/\/iwell-guard.com\/wp-content\/uploads\/2026\/05\/Ittermann-Logo-1182x237-1.png","width":1182,"height":237,"caption":"Ittermann electronic GmbH"},"image":{"@id":"https:\/\/iwell-guard.com\/ca\/#\/schema\/logo\/image\/"},"sameAs":["https:\/\/pantip.com\/profile\/9367242","https:\/\/micro.blog\/iwellguard","https:\/\/www.diggerslist.com\/iwellguard\/about","https:\/\/skitterphoto.com\/photographers\/2870314\/iwell-guard","https:\/\/iwellguard.wordpress.com\/2026\/06\/06\/iwell-guard\/","https:\/\/hub.docker.com\/u\/iwellguard","https:\/\/www.pinterest.com\/iwellguard\/","https:\/\/bit.ly\/m\/iwellguard","https:\/\/entre-vos-mains.alsace.eu\/profiles\/iwellguard\/activity","https:\/\/gravatar.com\/reallybeded8fd34","https:\/\/naijamatta.com\/iwellguard","https:\/\/www.goodreads.com\/iwellguard","https:\/\/profile.hatena.ne.jp\/iwellguard\/","https:\/\/experiment.com\/users\/iwellguard","https:\/\/wakelet.com\/@iWellGuard82270","https:\/\/www.chordie.com\/forum\/profile.php?id=2555664","https:\/\/www.instapaper.com\/p\/17757966","https:\/\/www.mapleprimes.com\/users\/iwellguard","https:\/\/businesslistingplus.com\/profile\/iwell-guard\/","https:\/\/telegra.ph\/iWell-Guard-06-06","https:\/\/pbase.com\/iwellguard\/iwellguard","https:\/\/b.hatena.ne.jp\/iwellguard\/20260607#bookmark-4788405196491818882","https:\/\/fliphtml5.com\/home\/iwellguard","https:\/\/anyflip.com\/homepage\/cmiwl#About","https:\/\/transfur.com\/Users\/iwellguard","http:\/\/delphi.larsbo.org\/user\/iwellguard","https:\/\/jobs.lajobsportal.org\/profiles\/8380803-iwell-guard","https:\/\/md.chaosdorf.de\/s\/jfbe5SBdJD","https:\/\/www.lingvolive.com\/en-us\/profile\/9ecaeaca-ce11-4e51-9e71-01d55e2bff36\/translations","https:\/\/www.fitday.com\/fitness\/forums\/members\/iwellguard.html","https:\/\/www.mymeetbook.com\/iwellguard","https:\/\/pxhere.com\/en\/photographer-me\/5040798","https:\/\/disqus.com\/by\/iwellguard\/about\/","https:\/\/pastelink.net\/hjwciqwq","https:\/\/pubhtml5.com\/homepage\/scjhn\/","https:\/\/www.bitchute.com\/channel\/2O2eOKzNqujT","https:\/\/audiomack.com\/iwellguard"]}]}},"_links":{"self":[{"href":"https:\/\/iwell-guard.com\/ca\/wp-json\/wp\/v2\/pages\/172032","targetHints":{"allow":["GET"]}}],"collection":[{"href":"https:\/\/iwell-guard.com\/ca\/wp-json\/wp\/v2\/pages"}],"about":[{"href":"https:\/\/iwell-guard.com\/ca\/wp-json\/wp\/v2\/types\/page"}],"author":[{"embeddable":true,"href":"https:\/\/iwell-guard.com\/ca\/wp-json\/wp\/v2\/users\/3"}],"replies":[{"embeddable":true,"href":"https:\/\/iwell-guard.com\/ca\/wp-json\/wp\/v2\/comments?post=172032"}],"version-history":[{"count":0,"href":"https:\/\/iwell-guard.com\/ca\/wp-json\/wp\/v2\/pages\/172032\/revisions"}],"wp:featuredmedia":[{"embeddable":true,"href":"https:\/\/iwell-guard.com\/ca\/wp-json\/wp\/v2\/media\/4106"}],"wp:attachment":[{"href":"https:\/\/iwell-guard.com\/ca\/wp-json\/wp\/v2\/media?parent=172032"}],"wp:term":[{"taxonomy":"category","embeddable":true,"href":"https:\/\/iwell-guard.com\/ca\/wp-json\/wp\/v2\/categories?post=172032"}],"curies":[{"name":"wp","href":"https:\/\/api.w.org\/{rel}","templated":true}]}}