{"id":172031,"date":"2026-09-05T15:44:29","date_gmt":"2026-09-05T15:44:29","guid":{"rendered":"https:\/\/iwell-guard.com\/?page_id=172031"},"modified":"2026-09-05T16:13:32","modified_gmt":"2026-09-05T16:13:32","slug":"campanes-protectores-so","status":"publish","type":"page","link":"https:\/\/iwell-guard.com\/ca\/campanes-protectores-so\/","title":{"rendered":"Campanes protectores i el so de les campanes"},"content":{"rendered":"\t\t<div data-elementor-type=\"wp-page\" data-elementor-id=\"172031\" class=\"elementor elementor-172031 elementor-3788 elementor-bc-flex-widget\" data-elementor-post-type=\"page\">\n\t\t\t\t<div class=\"elementor-element elementor-element-iwgs-schutzglocken-hero e-flex e-con-boxed e-con e-parent\" data-id=\"iwgs-schutzglocken-hero\" data-element_type=\"container\" data-e-type=\"container\">\n\t\t\t\t\t<div class=\"e-con-inner\">\n\t\t<div class=\"elementor-element elementor-element-iw-schutzglocken-hero-left e-con-full e-flex e-con e-child\" data-id=\"iw-schutzglocken-hero-left\" data-element_type=\"container\" data-e-type=\"container\">\n\t\t\t\t<div class=\"elementor-element elementor-element-iwgs-schutzglocken-h1 elementor-widget elementor-widget-heading\" data-id=\"iwgs-schutzglocken-h1\" data-element_type=\"widget\" data-e-type=\"widget\" data-widget_type=\"heading.default\">\n\t\t\t\t\t<h1 class=\"elementor-heading-title elementor-size-default\">Campanes protectores i el so de les campanes<\/h1>\t\t\t\t<\/div>\n\t\t<div class=\"elementor-element elementor-element-iw-schutzglocken-hero-bw e-con-full e-flex e-con e-child\" data-id=\"iw-schutzglocken-hero-bw\" data-element_type=\"container\" data-e-type=\"container\">\n\t\t\t\t<div class=\"elementor-element elementor-element-iwgs-schutzglocken-pills elementor-widget elementor-widget-html\" data-id=\"iwgs-schutzglocken-pills\" data-element_type=\"widget\" data-e-type=\"widget\" data-widget_type=\"html.default\">\n\t\t\t\t\t<div class=\"iwg-pill-row\"><span class=\"iwg-klasse-badge\" tabindex=\"0\" data-tooltip=\"Tipus d'amulet protector.\">So i llum<\/span><a href=\"https:\/\/iwell-guard.com\/ca\/?page_id=172020\" class=\"iwg-kultur-badge\" tabindex=\"0\" data-tooltip=\"A la visi\u00f3 general.\">So i llum<\/a><\/div>\t\t\t\t<\/div>\n\t\t\t\t<div class=\"elementor-element elementor-element-iwgs-schutzglocken-lead elementor-widget elementor-widget-text-editor\" data-id=\"iwgs-schutzglocken-lead\" data-element_type=\"widget\" data-e-type=\"widget\" data-widget_type=\"text-editor.default\">\n\t\t\t\t\t\t\t\t\t<p>El so d&#8217;una campana ressona m\u00e9s enll\u00e0 d&#8217;all\u00f2 que qualsevol signe pintat pot abastar. Aquesta propietat, la de travessar l&#8217;espai i ocupar-lo ac\u00fasticament, ha fet que cultures de pr\u00e0cticament tots els continents hagin atribu\u00eft una funci\u00f3 protectora a campanes, esquelles, c\u00edmbals i instruments similars.<\/p><p>La <span class=\"iwg-fachbegriff\" data-tooltip=\"La transmissi\u00f3 de coneixements i narracions al llarg de generacions.\" tabindex=\"0\">tradici\u00f3<\/span> descriu el so de la campana no principalment com un est\u00edmul ac\u00fastic, sin\u00f3 com una acci\u00f3 sobre un tipus de realitat nom\u00e9s parcialment accessible a la vida quotidiana: un so que percep l&#8217;invisible i l&#8217;obliga a retirar-se.<\/p>\n<p>Les campanes com a mitj\u00e0 de protecci\u00f3 es diferencien dels amulets o teixits protectors pel fet que la seva efic\u00e0cia est\u00e0 lligada al moment de sonar. Una campana muda t\u00e9, segons la <span class=\"iwg-fachbegriff\" data-tooltip=\"La transmissi\u00f3 de coneixements i narracions al llarg de generacions.\" tabindex=\"0\">tradici\u00f3<\/span>, un estatus diferent d&#8217;una que \u00e9s tocada. Per aix\u00f2 les campanes formen part de la categoria dels <a href=\"https:\/\/iwell-guard.com\/ca\/?page_id=172020\">mitjans de so i llum<\/a>: actius, ef\u00edmers, dependents de l&#8217;acte d&#8217;\u00fas.<\/p>\t\t\t\t\t\t\t\t<\/div>\n\t\t\t\t<\/div>\n\t\t\t\t<\/div>\n\t\t<div class=\"elementor-element elementor-element-iw-schutzglocken-hero-img e-con-full e-flex e-con e-child\" data-id=\"iw-schutzglocken-hero-img\" data-element_type=\"container\" data-e-type=\"container\">\n\t\t\t\t<div class=\"elementor-element elementor-element-iwgs-schutzglocken-himg iwg-hero-image elementor-widget elementor-widget-image\" data-id=\"iwgs-schutzglocken-himg\" data-element_type=\"widget\" data-e-type=\"widget\" data-widget_type=\"image.default\">\n\t\t\t\t\t\t\t\t\t\t\t\t\t\t\t<img fetchpriority=\"high\" decoding=\"async\" width=\"683\" height=\"1024\" src=\"https:\/\/iwell-guard.com\/wp-content\/uploads\/2026\/05\/schutzsymbol_christentum_schutzglocken-683x1024.png\" class=\"attachment-large size-large wp-image-173202\" alt=\"Campanes protectores i el so de les campanes, il\u00b7lustraci\u00f3 hist\u00f2rica\" srcset=\"https:\/\/iwell-guard.com\/wp-content\/uploads\/2026\/05\/schutzsymbol_christentum_schutzglocken-683x1024.png 683w, https:\/\/iwell-guard.com\/wp-content\/uploads\/2026\/05\/schutzsymbol_christentum_schutzglocken-200x300.png 200w, https:\/\/iwell-guard.com\/wp-content\/uploads\/2026\/05\/schutzsymbol_christentum_schutzglocken-768x1152.png 768w, https:\/\/iwell-guard.com\/wp-content\/uploads\/2026\/05\/schutzsymbol_christentum_schutzglocken.png 1024w\" sizes=\"(max-width: 683px) 100vw, 683px\" \/>\t\t\t\t\t\t\t\t\t\t\t\t\t\t\t<\/div>\n\t\t\t\t<\/div>\n\t\t\t\t\t<\/div>\n\t\t\t\t<\/div>\n\t\t<div class=\"elementor-element elementor-element-iwgs-schutzglocken-s0 e-flex e-con-boxed e-con e-parent\" data-id=\"iwgs-schutzglocken-s0\" data-element_type=\"container\" data-e-type=\"container\">\n\t\t\t\t\t<div class=\"e-con-inner\">\n\t\t\t\t<div class=\"elementor-element elementor-element-iwgs-schutzglocken-s0h elementor-widget elementor-widget-heading\" data-id=\"iwgs-schutzglocken-s0h\" data-element_type=\"widget\" data-e-type=\"widget\" data-widget_type=\"heading.default\">\n\t\t\t\t\t<h2 class=\"elementor-heading-title elementor-size-default\">Resum r\u00e0pid<\/h2>\t\t\t\t<\/div>\n\t\t<div class=\"elementor-element elementor-element-iw-schutzglocken-s0-bw e-con-full e-flex e-con e-child\" data-id=\"iw-schutzglocken-s0-bw\" data-element_type=\"container\" data-e-type=\"container\">\n\t\t\t\t<div class=\"elementor-element elementor-element-iwgs-schutzglocken-s0t elementor-widget elementor-widget-text-editor\" data-id=\"iwgs-schutzglocken-s0t\" data-element_type=\"widget\" data-e-type=\"widget\" data-widget_type=\"text-editor.default\">\n\t\t\t\t\t\t\t\t\t<p>Segons la <span class=\"iwg-fachbegriff\" data-tooltip=\"La transmissi\u00f3 de coneixements i narracions al llarg de generacions.\" tabindex=\"0\">tradici\u00f3<\/span>, el so de la campana \u00e9s un mitj\u00e0 per fer fugir esperits i dimonis nocius, marcar ac\u00fasticament espais sagrats o protegits, i assegurar <span class=\"iwg-fachbegriff\" data-tooltip=\"Pertanyent a una seq\u00fc\u00e8ncia d'actes religiosos establerta.\" tabindex=\"0\">ritualment<\/span> transicions com la nit, els canvis d&#8217;any o la mort.<\/p><p>Es descriu el to de la campana com insuportable per al mal, perqu\u00e8 encarna l&#8217;ordre, la comunitat i la sacralitat. Les esquelles, a petita escala, complien la mateixa funci\u00f3 en animals, infants i portes. Segons la <span class=\"iwg-fachbegriff\" data-tooltip=\"La transmissi\u00f3 de coneixements i narracions al llarg de generacions.\" tabindex=\"0\">tradici\u00f3<\/span>, l&#8217;efecte protector es manifesta en el toc, no en la simple pres\u00e8ncia de la campana.<\/p>\t\t\t\t\t\t\t\t<\/div>\n\t\t\t\t<\/div>\n\t\t\t\t\t<\/div>\n\t\t\t\t<\/div>\n\t\t<div class=\"elementor-element elementor-element-iwgs-schutzglocken-s1 e-flex e-con-boxed e-con e-parent\" data-id=\"iwgs-schutzglocken-s1\" data-element_type=\"container\" data-e-type=\"container\">\n\t\t\t\t\t<div class=\"e-con-inner\">\n\t\t\t\t<div class=\"elementor-element elementor-element-iwgs-schutzglocken-s1h elementor-widget elementor-widget-heading\" data-id=\"iwgs-schutzglocken-s1h\" data-element_type=\"widget\" data-e-type=\"widget\" data-widget_type=\"heading.default\">\n\t\t\t\t\t<h2 class=\"elementor-heading-title elementor-size-default\">Origen i tradici\u00f3<\/h2>\t\t\t\t<\/div>\n\t\t<div class=\"elementor-element elementor-element-iw-schutzglocken-s1-bw e-con-full e-flex e-con e-child\" data-id=\"iw-schutzglocken-s1-bw\" data-element_type=\"container\" data-e-type=\"container\">\n\t\t\t\t<div class=\"elementor-element elementor-element-iwgs-schutzglocken-s1t elementor-widget elementor-widget-text-editor\" data-id=\"iwgs-schutzglocken-s1t\" data-element_type=\"widget\" data-e-type=\"widget\" data-widget_type=\"text-editor.default\">\n\t\t\t\t\t\t\t\t\t<p>Els testimonis m\u00e9s antics de campanes amb funci\u00f3 apotropaica provenen de l&#8217;Orient Pr\u00f2xim i de la Mediterr\u00e0nia oriental. S&#8217;han trobat petites esquelles de bronze en tombes i sobre peces de vestir, cuya significaci\u00f3 ritual suggereixen inscripcions i aixovars.<\/p><p>A l&#8217;Antic Testament es descriu que el summe sacerdot portava campanetes d&#8217;or a la vora del seu vestit, que sonaven en entrar al Sant dels Sants, probablement per allunyar els esperits malignes i indicar la pres\u00e8ncia del sacerdot.<\/p>\n<p>A l&#8217;Europa medieval es va desenvolupar una \u00e0mplia simbologia de campanes. Les campanes d&#8217;esgl\u00e9sia eren batejades, bene\u00efdes, dedicades a sants i inscrites en llat\u00ed contra el llamp, la tempesta i el diable. La creen\u00e7a popular atribu\u00efa al toc de campanes la capacitat d&#8217;allunyar els dimonis de la tempesta, acompanyar les \u00e0nimes en el cam\u00ed cap a l&#8217;altra vida i impedir la feina de les bruixes.<\/p><p>La frase vivos voco, mortuos plango, fulgura frango, que es podria traduir com \u00abals vius crido, als morts ploro, els llamps trenco\u00bb, apareix en nombroses campanes d&#8217;esgl\u00e9sia alemanyes i resumeix la triple funci\u00f3: crear comunitat, acompanyar els morts, allunyar el mal.<\/p>\n<p>Al Jap\u00f3, les campanes de temple, les Bonsh\u014d, tenen un paper central en la purificaci\u00f3 de la impuresa i en l&#8217;allunyament dels esperits malignes.<\/p><p>En els canvis d&#8217;any, especialment durant el Sh\u014dgatsu, la festa de Cap d&#8217;Any, les campanes es toquen 108 vegades, un nombre que correspon als 108 desitjos humans que se suposa que el so ha de dissoldre. Petits carill\u00f3 de vent i esquelles, els Furin, sonen a l&#8217;estiu i, segons la creen\u00e7a popular, mantenen a dist\u00e0ncia els esperits portadors de desgr\u00e0cia.<\/p>\n<p>En el budisme tibet\u00e0, la campana de m\u00e0, la Drilbu, forma part del repertori b\u00e0sic d&#8217;objectes rituals. S&#8217;utilitza juntament amb el Vajra i s&#8217;ent\u00e9n com l&#8217;encarnaci\u00f3 de la saviesa i la buidor. Es diu que el seu so dissol obstacles, allunya els dimonis i purifica l&#8217;espai per a les pr\u00e0ctiques meditatives.<\/p>\t\t\t\t\t\t\t\t<\/div>\n\t\t\t\t<\/div>\n\t\t\t\t\t<\/div>\n\t\t\t\t<\/div>\n\t\t<div class=\"elementor-element elementor-element-iwgs-schutzglocken-s2 e-flex e-con-boxed e-con e-parent\" data-id=\"iwgs-schutzglocken-s2\" data-element_type=\"container\" data-e-type=\"container\">\n\t\t\t\t\t<div class=\"e-con-inner\">\n\t\t\t\t<div class=\"elementor-element elementor-element-iwgs-schutzglocken-s2h elementor-widget elementor-widget-heading\" data-id=\"iwgs-schutzglocken-s2h\" data-element_type=\"widget\" data-e-type=\"widget\" data-widget_type=\"heading.default\">\n\t\t\t\t\t<h2 class=\"elementor-heading-title elementor-size-default\">Principi d'acci\u00f3 segons la tradici\u00f3<\/h2>\t\t\t\t<\/div>\n\t\t<div class=\"elementor-element elementor-element-iw-schutzglocken-s2-bw e-con-full e-flex e-con e-child\" data-id=\"iw-schutzglocken-s2-bw\" data-element_type=\"container\" data-e-type=\"container\">\n\t\t\t\t<div class=\"elementor-element elementor-element-iwgs-schutzglocken-s2t elementor-widget elementor-widget-text-editor\" data-id=\"iwgs-schutzglocken-s2t\" data-element_type=\"widget\" data-e-type=\"widget\" data-widget_type=\"text-editor.default\">\n\t\t\t\t\t\t\t\t\t<p>La <span class=\"iwg-fachbegriff\" data-tooltip=\"La transmissi\u00f3 de coneixements i narracions al llarg de generacions.\" tabindex=\"0\">tradici\u00f3<\/span> explica l&#8217;efecte protector del so de la campana de diverses maneres, que tanmateix comparteixen un nucli similar. El so de la campana s&#8217;ent\u00e9n com una expressi\u00f3 d&#8217;ordre, comunitat i autoritat sagrada. All\u00f2 que \u00e9s hostil a aquests valors no pot suportar el so.<\/p>\n<p>En fonts d&#8217;inspiraci\u00f3 cristiana, el so de la campana es troba sota la protecci\u00f3 de la benedicci\u00f3 i encarna la pres\u00e8ncia de D\u00e9u o dels seus sants. Els dimonis i els esperits malignes fugen d&#8217;all\u00f2 que els \u00e9s essencialment ali\u00e8.<\/p><p>En tradicions de l&#8217;Extrem Orient, el to es descriu com una vibraci\u00f3 que dissol o trenca energies desharm\u00f2niques. En la creen\u00e7a popular d&#8217;arrel germ\u00e0nica i c\u00e8ltica, el soroll en general es considerava una protecci\u00f3: els \u00e9ssers que busquen silenci i fosca es veuen pertorbats per un so fort i es veuen for\u00e7ats a fugir.<\/p>\n<p>Una segona explicaci\u00f3 posa l&#8217;accent en l&#8217;ona sonora com una acci\u00f3 f\u00edsica sobre plans subtils: el to no nom\u00e9s arriba a l&#8217;o\u00efda, sin\u00f3 que actua sobre estrats de la realitat que no s\u00f3n perceptibles pel sentit ordinari.<\/p><p>Aquesta descripci\u00f3 es troba en tradicions xam\u00e0niques d&#8217;arreu del m\u00f3n, que utilitzen el tambor i el bol de so com a instruments per accedir a altres estats de consci\u00e8ncia i, des d&#8217;all\u00e0, dirigir-se a \u00e9ssers nocius o expulsar-los.<\/p>\t\t\t\t\t\t\t\t<\/div>\n\t\t\t\t<\/div>\n\t\t\t\t\t<\/div>\n\t\t\t\t<\/div>\n\t\t<div class=\"elementor-element elementor-element-iwgs-schutzglocken-s3 e-flex e-con-boxed e-con e-parent\" data-id=\"iwgs-schutzglocken-s3\" data-element_type=\"container\" data-e-type=\"container\">\n\t\t\t\t\t<div class=\"e-con-inner\">\n\t\t\t\t<div class=\"elementor-element elementor-element-iwgs-schutzglocken-s3h elementor-widget elementor-widget-heading\" data-id=\"iwgs-schutzglocken-s3h\" data-element_type=\"widget\" data-e-type=\"widget\" data-widget_type=\"heading.default\">\n\t\t\t\t\t<h2 class=\"elementor-heading-title elementor-size-default\">Difusi\u00f3 transcultural<\/h2>\t\t\t\t<\/div>\n\t\t<div class=\"elementor-element elementor-element-iw-schutzglocken-s3-bw e-con-full e-flex e-con e-child\" data-id=\"iw-schutzglocken-s3-bw\" data-element_type=\"container\" data-e-type=\"container\">\n\t\t\t\t<div class=\"elementor-element elementor-element-iwgs-schutzglocken-s3t elementor-widget elementor-widget-text-editor\" data-id=\"iwgs-schutzglocken-s3t\" data-element_type=\"widget\" data-e-type=\"widget\" data-widget_type=\"text-editor.default\">\n\t\t\t\t\t\t\t\t\t<p>Europa: campanes d&#8217;esgl\u00e9sia, campanetes de porta, esquellots per al bestiar, esquelles a cotxets i bressols. En el <span class=\"iwg-fachbegriff\" data-tooltip=\"El conjunt de costums transmesos d'una comunitat.\" tabindex=\"0\">costumari<\/span> alp\u00ed, la vestimenta amb esquelles i les curses de m\u00e0scares en els canvis d&#8217;any s&#8217;associen a la finalitat d&#8217;espantar els mals esperits de l&#8217;any vell.<\/p>\n<p>Jap\u00f3: campanes de <span class=\"iwg-fachbegriff\" data-tooltip=\"Un edifici dedicat a la veneraci\u00f3 d'una o diverses divinitats.\" tabindex=\"0\">temple<\/span> i de santuari, campanetes furin, esquelles kagura en els rituals <span class=\"iwg-fachbegriff\" data-tooltip=\"La religi\u00f3 ind\u00edgena del Jap\u00f3, marcada per la veneraci\u00f3 dels kami.\" tabindex=\"0\">sintoistes<\/span>. Les miko, sacerdotesses del santuari, utilitzen esquelles en la dansa per fer present els d\u00e9us i purificar l&#8217;espai.<\/p>\n<p>Tibet i Nepal: rituals amb drilbu, bols tibetans i dorje. Els bols tibetans tamb\u00e9 s&#8217;utilitzen en la creen\u00e7a popular per purificar l&#8217;espai, dirigint el seu so cap a tots els racons d&#8217;un edifici.<\/p>\n<p>\u00c0frica Occidental i tradicions afroamericanes: esquelles i campanetes en peces de roba ritual i m\u00e0scares de la societat Eg\u00fang\u00fan marquen la pres\u00e8ncia dels avantpassats i mantenen a dist\u00e0ncia els esperits pertorbadors.<\/p>\n<p>\u00cdndia: les campanes de temple (ghanta) se sonen a l&#8217;inici i al final del ritual puja. La <span class=\"iwg-fachbegriff\" data-tooltip=\"La transmissi\u00f3 de coneixements i relats al llarg de generacions.\" tabindex=\"0\">tradici\u00f3<\/span> descriu el so com a agradable per als d\u00e9us i desagradable per als dimonis, perqu\u00e8 imita la vibraci\u00f3 de l&#8217;Om.<\/p>\t\t\t\t\t\t\t\t<\/div>\n\t\t\t\t<\/div>\n\t\t\t\t\t<\/div>\n\t\t\t\t<\/div>\n\t\t<div class=\"elementor-element elementor-element-iwgs-schutzglocken-s4 e-flex e-con-boxed e-con e-parent\" data-id=\"iwgs-schutzglocken-s4\" data-element_type=\"container\" data-e-type=\"container\">\n\t\t\t\t\t<div class=\"e-con-inner\">\n\t\t\t\t<div class=\"elementor-element elementor-element-iwgs-schutzglocken-s4h elementor-widget elementor-widget-heading\" data-id=\"iwgs-schutzglocken-s4h\" data-element_type=\"widget\" data-e-type=\"widget\" data-widget_type=\"heading.default\">\n\t\t\t\t\t<h2 class=\"elementor-heading-title elementor-size-default\">Contra qu\u00e8 s'utilitza<\/h2>\t\t\t\t<\/div>\n\t\t<div class=\"elementor-element elementor-element-iw-schutzglocken-s4-bw e-con-full e-flex e-con e-child\" data-id=\"iw-schutzglocken-s4-bw\" data-element_type=\"container\" data-e-type=\"container\">\n\t\t\t\t<div class=\"elementor-element elementor-element-iwgs-schutzglocken-s4t elementor-widget elementor-widget-text-editor\" data-id=\"iwgs-schutzglocken-s4t\" data-element_type=\"widget\" data-e-type=\"widget\" data-widget_type=\"text-editor.default\">\n\t\t\t\t\t\t\t\t\t<p>La <span class=\"iwg-fachbegriff\" data-tooltip=\"La transmissi\u00f3 de coneixements i relats al llarg de generacions.\" tabindex=\"0\">tradici\u00f3<\/span> descriu el so de les campanes com especialment efica\u00e7 contra els \u00e9ssers que prefereixen el silenci, la foscor i el desordre. Segons diverses tradicions, hi figuren:<\/p>\n<p>Esperits de difunts que no han trobat el seu lloc, anomenats morts inquiets o sense vincle. En moltes regions europees es feien sonar les campanes de l&#8217;esgl\u00e9sia per guiar les \u00e0nimes de manera segura cap a l&#8217;altra vida i evitar que romanguessin entre els vius.<\/p>\n<p>Dimonis i esperits nocius que habiten en cases, camins o llocs concrets. Especialment de nit, en els canvis d&#8217;any i durant les tempestes, aquests \u00e9ssers es consideraven actius, i el so de les campanes era un mitj\u00e0 per tancar-los el pas.<\/p>\n<p>Bruixes i persones amb poder de fer mal. En la tradici\u00f3 popular europea medieval i moderna, es considerava que el toc de campanes era efica\u00e7 contra els maleficis, perqu\u00e8 interrompia la influ\u00e8ncia de la persona que els provocava o la molestava en la seva feina.<\/p>\n<p>\u00c9ssers de la natura que actuen en fronteres i llindars, com els alps, les nixes i figures similars que, segons la descripci\u00f3 popular, mostren sensibilitat al soroll.<\/p>\n<p>Trobareu assignacions m\u00e9s precises sobre quines classes d&#8217;\u00e9ssers del l\u00e8xic es relacionen amb el so de les campanes al <a href=\"https:\/\/iwell-guard.com\/ca\/?page_id=172028\">Br\u00faixola de Protecci\u00f3<\/a>.<\/p>\t\t\t\t\t\t\t\t<\/div>\n\t\t\t\t<\/div>\n\t\t\t\t\t<\/div>\n\t\t\t\t<\/div>\n\t\t<div class=\"elementor-element elementor-element-iwgs-schutzglocken-s5 e-flex e-con-boxed e-con e-parent\" data-id=\"iwgs-schutzglocken-s5\" data-element_type=\"container\" data-e-type=\"container\">\n\t\t\t\t\t<div class=\"e-con-inner\">\n\t\t\t\t<div class=\"elementor-element elementor-element-iwgs-schutzglocken-s5h elementor-widget elementor-widget-heading\" data-id=\"iwgs-schutzglocken-s5h\" data-element_type=\"widget\" data-e-type=\"widget\" data-widget_type=\"heading.default\">\n\t\t\t\t\t<h2 class=\"elementor-heading-title elementor-size-default\">Aplicaci\u00f3 i l\u00edmits<\/h2>\t\t\t\t<\/div>\n\t\t<div class=\"elementor-element elementor-element-iw-schutzglocken-s5-bw e-con-full e-flex e-con e-child\" data-id=\"iw-schutzglocken-s5-bw\" data-element_type=\"container\" data-e-type=\"container\">\n\t\t\t\t<div class=\"elementor-element elementor-element-iwgs-schutzglocken-s5t elementor-widget elementor-widget-text-editor\" data-id=\"iwgs-schutzglocken-s5t\" data-element_type=\"widget\" data-e-type=\"widget\" data-widget_type=\"text-editor.default\">\n\t\t\t\t\t\t\t\t\t<p>L&#8217;\u00fas pr\u00e0ctic de les campanes com a mitj\u00e0 de protecci\u00f3 segueix, segons la <span class=\"iwg-fachbegriff\" data-tooltip=\"La transmissi\u00f3 de coneixements i relats al llarg de generacions.\" tabindex=\"0\">tradici\u00f3<\/span>, uns patrons determinats. Les campanes s&#8217;utilitzen a l&#8217;inici i al final dels rituals per obrir i tancar l&#8217;espai.<\/p><p>Es col\u00b7loquen en llindars: portes d&#8217;entrada, entrades d&#8217;estables, finestres. Se sonen en moments determinats, especialment a l&#8217;arribada de la fosca, durant les tempestes, en els canvis d&#8217;any i en la mort d&#8217;un membre de la comunitat.<\/p>\n<p>Els l\u00edmits rauen en el fet que el so de la campana no crea una barrera permanent. Actua en el moment de sonar i durant un per\u00edode limitat despr\u00e9s. Una campana que no s&#8217;ha fet sonar des de fa setmanes, segons la creen\u00e7a popular, ja no t\u00e9 un efecte protector actiu, encara que la seva mera pres\u00e8ncia conservi una certa for\u00e7a simb\u00f2lica.<\/p>\n<p>No totes les amenaces es consideren sensibles al so. Els \u00e9ssers associats expl\u00edcitament amb el soroll i el desordre no es poden espantar amb el so. I l&#8217;efecte, segons moltes tradicions, tamb\u00e9 dep\u00e8n de la intenci\u00f3 de qui toca la campana: un so mec\u00e0nic, sense consci\u00e8ncia del prop\u00f2sit, es considera menys efica\u00e7 que un toc ritual conscient.<\/p>\t\t\t\t\t\t\t\t<\/div>\n\t\t\t\t<\/div>\n\t\t\t\t\t<\/div>\n\t\t\t\t<\/div>\n\t\t<div class=\"elementor-element elementor-element-iwgs-schutzglocken-lit e-flex e-con-boxed e-con e-parent\" data-id=\"iwgs-schutzglocken-lit\" data-element_type=\"container\" data-e-type=\"container\">\n\t\t\t\t\t<div class=\"e-con-inner\">\n\t\t\t\t<div class=\"elementor-element elementor-element-iwgs-schutzglocken-lith elementor-widget elementor-widget-heading\" data-id=\"iwgs-schutzglocken-lith\" data-element_type=\"widget\" data-e-type=\"widget\" data-widget_type=\"heading.default\">\n\t\t\t\t\t<h2 class=\"elementor-heading-title elementor-size-default\">Bibliografia (selecci\u00f3)<\/h2>\t\t\t\t<\/div>\n\t\t<div class=\"elementor-element elementor-element-iw-schutzglocken-lit-bw e-con-full e-flex e-con e-child\" data-id=\"iw-schutzglocken-lit-bw\" data-element_type=\"container\" data-e-type=\"container\">\n\t\t\t\t<div class=\"elementor-element elementor-element-iwgs-schutzglocken-litt elementor-widget elementor-widget-html\" data-id=\"iwgs-schutzglocken-litt\" data-element_type=\"widget\" data-e-type=\"widget\" data-widget_type=\"html.default\">\n\t\t\t\t\t<footer data-nosnippet=\"true\"><ul><li>Handw\u00f6rterbuch des deutschen Aberglaubens, hrsg. von Hanns B\u00e4chtold-St\u00e4ubli, Artikel \"Glocke\", Bd. 3, Berlin\/Leipzig 1930\/31.<\/li><li>Lurker, Manfred: W\u00f6rterbuch der Symbolik. Stuttgart 1988.<\/li><li>Eliade, Mircea: Shamanism: Archaic Techniques of Ecstasy. Princeton 1964.<\/li><li>Ono, Sokyo: Shinto: The Kami Way. Rutland\/Tokio 1962.<\/li><li>Rechenberg, Almut: Die Kirchenglocke. Geschichte und Symbolik. M\u00fcnchen 1994.<\/li><\/ul><\/footer>\t\t\t\t<\/div>\n\t\t\t\t<\/div>\n\t\t\t\t\t<\/div>\n\t\t\t\t<\/div>\n\t\t<div class=\"elementor-element elementor-element-iwgs-schutzglocken-kwd e-flex e-con-boxed e-con e-parent\" data-id=\"iwgs-schutzglocken-kwd\" data-element_type=\"container\" data-e-type=\"container\">\n\t\t\t\t\t<div class=\"e-con-inner\">\n\t\t<div class=\"elementor-element elementor-element-iw-schutzglocken-kwd-bw e-con-full e-flex e-con e-child\" data-id=\"iw-schutzglocken-kwd-bw\" data-element_type=\"container\" data-e-type=\"container\">\n\t\t\t\t<div class=\"elementor-element elementor-element-iwgs-schutzglocken-kwdt elementor-widget elementor-widget-text-editor\" data-id=\"iwgs-schutzglocken-kwdt\" data-element_type=\"widget\" data-e-type=\"widget\" data-widget_type=\"text-editor.default\">\n\t\t\t\t\t\t\t\t\t<p><em>Termes clau relacionats: campanes de protecci\u00f3, so de campanes, esquelles, so, protecci\u00f3, campana d&#8217;esgl\u00e9sia.<\/em><\/p>\t\t\t\t\t\t\t\t<\/div>\n\t\t\t\t<\/div>\n\t\t\t\t\t<\/div>\n\t\t\t\t<\/div>\n\t\t<div class=\"elementor-element elementor-element-iwgs-schutzglocken-cc e-flex e-con-boxed e-con e-parent\" data-id=\"iwgs-schutzglocken-cc\" data-element_type=\"container\" data-e-type=\"container\" id=\"iwg-cc-schutzglocken\">\n\t\t\t\t\t<div class=\"e-con-inner\">\n\t\t<div class=\"elementor-element elementor-element-iwgs-schutzglocken-ccinner e-flex e-con-boxed e-con e-parent\" data-id=\"iwgs-schutzglocken-ccinner\" data-element_type=\"container\" data-e-type=\"container\" data-settings=\"{&quot;background_background&quot;:&quot;classic&quot;}\">\n\t\t\t\t\t<div class=\"e-con-inner\">\n\t\t\t\t<div class=\"elementor-element elementor-element-iwgs-schutzglocken-cch elementor-widget elementor-widget-heading\" data-id=\"iwgs-schutzglocken-cch\" data-element_type=\"widget\" data-e-type=\"widget\" data-widget_type=\"heading.default\">\n\t\t\t\t\t<h2 class=\"elementor-heading-title elementor-size-default\">iWell Guard i tradicions de protecci\u00f3<\/h2>\t\t\t\t<\/div>\n\t\t\t\t<div class=\"elementor-element elementor-element-iwgs-schutzglocken-cct elementor-widget elementor-widget-text-editor\" data-id=\"iwgs-schutzglocken-cct\" data-element_type=\"widget\" data-e-type=\"widget\" data-widget_type=\"text-editor.default\">\n\t\t\t\t\t\t\t\t\t<p>El so de les campanes com a principi de protecci\u00f3 es troba en cultures que no tenien cap coneixement m\u00fatu. Sigui el drilbu tibet\u00e0, el furin japon\u00e8s o la campana d&#8217;esgl\u00e9sia centreeuropea: la convicci\u00f3 que el so canvia alguna cosa en l&#8217;espai i pertorba les influ\u00e8ncies nocives \u00e9s una experi\u00e8ncia sorgida de manera independent.<\/p><p>L&#8217;<a href=\"https:\/\/iwell-guard.com\/ca\/penjoll-protector-iwell-guard-comprar\/\">iWell Guard<\/a> recull aquestes l\u00ednies de tradici\u00f3 protectora i les reuneix en un objecte que es porta a sobre. No sona, per\u00f2 porta amb ell el record d&#8217;aquests principis, com a part d&#8217;una pr\u00e0ctica de protecci\u00f3 conscientment configurada.<\/p>\t\t\t\t\t\t\t\t<\/div>\n\t\t\t\t<div class=\"elementor-element elementor-element-iwgs-schutzglocken-ccb iwg-cc-button iwg-cc-cta-2026-05-13 elementor-widget elementor-widget-jet-button\" data-id=\"iwgs-schutzglocken-ccb\" data-element_type=\"widget\" data-e-type=\"widget\" data-widget_type=\"jet-button.default\">\n\t\t\t\t<div class=\"elementor-widget-container\">\n\t\t\t\t\t<div class=\"elementor-jet-button jet-elements\"><div class=\"jet-button__container\"><a class=\"jet-button__instance jet-button__instance--icon-left hover-effect-1\" href=\"\/schutzanhaenger-iwell-guard-kaufen\/?utm_source=iwell-guard.com&amp;utm_medium=info-box&amp;utm_campaign=schutzsymbole\"><div class=\"jet-button__plane jet-button__plane-normal\"><\/div><div class=\"jet-button__plane jet-button__plane-hover\"><\/div><div class=\"jet-button__state jet-button__state-normal\"><span class=\"jet-button__label\">M\u00e9s informaci\u00f3 sobre l'iWell Guard<\/span><\/div><div class=\"jet-button__state jet-button__state-hover\"><span class=\"jet-button__label\">M\u00e9s informaci\u00f3 sobre l'iWell Guard<\/span><\/div><\/a><\/div><\/div><style>.elementor-element.elementor-element-iwgs-schutzglocken-ccb .jet-button__instance{width:320px;height:56px;}.elementor-element.elementor-element-iwgs-schutzglocken-ccb .jet-button__state-normal .jet-button__label{text-align:center;margin:0px 0px 0px 0px;color:#1a1b20;font-family:Montserrat,sans-serif;font-size:13px;font-weight:400;letter-spacing:4px;line-height:1.714em;text-transform:uppercase;}.elementor-element.elementor-element-iwgs-schutzglocken-ccb .jet-button__state-hover .jet-button__label{text-align:center;margin:0px 0px 0px 0px;color:#FECC76;font-family:Montserrat,sans-serif;font-size:13px;font-weight:400;letter-spacing:4px;line-height:1.714em;text-transform:uppercase;}.elementor-element.elementor-element-iwgs-schutzglocken-ccb .jet-button__plane-normal{background-color:#FECC76;border-style:solid;border-color:#C99540;border-width:2px 2px 2px 2px;}.elementor-element.elementor-element-iwgs-schutzglocken-ccb .jet-button__plane-hover{background-color:rgba(0,0,0,0.55);border-style:solid;border-color:#FECC76;border-width:2px 2px 2px 2px;}<\/style>\t\t\t\t<\/div>\n\t\t\t\t<\/div>\n\t\t\t\t<div class=\"elementor-element elementor-element-iwgs-schutzglocken-ccd elementor-widget elementor-widget-text-editor\" data-id=\"iwgs-schutzglocken-ccd\" data-element_type=\"widget\" data-e-type=\"widget\" data-widget_type=\"text-editor.default\">\n\t\t\t\t\t\t\t\t\t<p style=\"text-align:center;font-size:13px;opacity:0.7;margin-top:14px\" data-nosnippet=\"true\">Les experi\u00e8ncies personals poden variar. No \u00e9s un producte sanitari. No es garanteix cap curaci\u00f3.<\/p>\t\t\t\t\t\t\t\t<\/div>\n\t\t\t\t\t<\/div>\n\t\t\t\t<\/div>\n\t\t\t\t\t<\/div>\n\t\t\t\t<\/div>\n\t\t<div class=\"elementor-element elementor-element-iwgs-schutzglocken-disc e-flex e-con-boxed e-con e-parent\" data-id=\"iwgs-schutzglocken-disc\" data-element_type=\"container\" data-e-type=\"container\">\n\t\t\t\t\t<div class=\"e-con-inner\">\n\t\t<div class=\"elementor-element elementor-element-iw-schutzglocken-disc-bw e-con-full e-flex e-con e-child\" data-id=\"iw-schutzglocken-disc-bw\" data-element_type=\"container\" data-e-type=\"container\">\n\t\t\t\t<div class=\"elementor-element elementor-element-iwgs-schutzglocken-discw elementor-widget elementor-widget-html\" data-id=\"iwgs-schutzglocken-discw\" data-element_type=\"widget\" data-e-type=\"widget\" data-widget_type=\"html.default\">\n\t\t\t\t\t<footer data-nosnippet=\"true\" class=\"iwg-disclaimer-block\"><p data-nosnippet=\"true\">iWell Guard <strong>no \u00e9s un producte sanitari<\/strong> i no substitueix cap tractament m\u00e8dic o psicoterap\u00e8utic. Els continguts presentats aqu\u00ed s\u00f3n una contextualitzaci\u00f3 des de la ci\u00e8ncia de les religions i la hist\u00f2ria cultural, no una promesa d'efecte espiritual.<\/p><\/footer>\t\t\t\t<\/div>\n\t\t\t\t<\/div>\n\t\t\t\t\t<\/div>\n\t\t\t\t<\/div>\n\t\t\t\t<\/div>\n\t\t","protected":false},"excerpt":{"rendered":"","protected":false},"author":3,"featured_media":4121,"parent":0,"menu_order":0,"comment_status":"closed","ping_status":"closed","template":"elementor_header_footer","meta":{"_yoast_wpseo_focuskw":"campanes-protectores","_yoast_wpseo_title":"Campanes protectores i el so de les campanes","_yoast_wpseo_metadesc":"Qu\u00e8 atribueix la tradici\u00f3 a campanes i esquelles com a mitj\u00e0 de protecci\u00f3: origen, principi d'acci\u00f3 i difusi\u00f3 intercultural.","_yoast_wpseo_meta-robots-noindex":"","_yoast_wpseo_canonical":"","_angie_page":false,"gefaehrdungsstufe":"","wesen_kultur":"","wesen_klasse":"","footnotes":""},"categories":[],"class_list":["post-172031","page","type-page","status-publish","has-post-thumbnail","hentry"],"yoast_head":"<!-- This site is optimized with the Yoast SEO Premium plugin v27.7 (Yoast SEO v28.3) - https:\/\/yoast.com\/product\/yoast-seo-premium-wordpress\/ -->\n<title>Campanes protectores i el so de les campanes<\/title>\n<meta name=\"description\" content=\"Qu\u00e8 atribueix la tradici\u00f3 a campanes i esquelles com a mitj\u00e0 de protecci\u00f3: origen, principi d&#039;acci\u00f3 i difusi\u00f3 intercultural.\" \/>\n<meta name=\"robots\" content=\"index, follow, max-snippet:-1, max-image-preview:large, max-video-preview:-1\" \/>\n<link rel=\"canonical\" href=\"https:\/\/iwell-guard.com\/ca\/campanes-protectores-so\/\" \/>\n<meta property=\"og:locale\" content=\"ca_ES\" \/>\n<meta property=\"og:type\" content=\"article\" \/>\n<meta property=\"og:title\" content=\"Campanes protectores i el so de les campanes\" \/>\n<meta property=\"og:description\" content=\"Qu\u00e8 atribueix la tradici\u00f3 a campanes i esquelles com a mitj\u00e0 de protecci\u00f3: origen, principi d&#039;acci\u00f3 i difusi\u00f3 intercultural.\" \/>\n<meta property=\"og:url\" content=\"https:\/\/iwell-guard.com\/ca\/campanes-protectores-so\/\" \/>\n<meta property=\"og:site_name\" content=\"iWell Guard\" \/>\n<meta property=\"article:modified_time\" content=\"2026-09-05T16:13:32+00:00\" \/>\n<meta property=\"og:image\" content=\"https:\/\/iwell-guard.com\/wp-content\/uploads\/2026\/05\/schutzsymbol_christentum_schutzglocken.png\" \/>\n\t<meta property=\"og:image:width\" content=\"1024\" \/>\n\t<meta property=\"og:image:height\" content=\"1536\" \/>\n\t<meta property=\"og:image:type\" content=\"image\/png\" \/>\n<meta name=\"twitter:card\" content=\"summary_large_image\" \/>\n<script type=\"application\/ld+json\" class=\"yoast-schema-graph\">{\"@context\":\"https:\\\/\\\/schema.org\",\"@graph\":[{\"@type\":\"WebPage\",\"@id\":\"https:\\\/\\\/iwell-guard.com\\\/ca\\\/campanes-protectores-so\\\/\",\"url\":\"https:\\\/\\\/iwell-guard.com\\\/ca\\\/campanes-protectores-so\\\/\",\"name\":\"Campanes protectores i el so de les campanes\",\"isPartOf\":{\"@id\":\"https:\\\/\\\/iwell-guard.com\\\/ca\\\/#website\"},\"primaryImageOfPage\":{\"@id\":\"https:\\\/\\\/iwell-guard.com\\\/ca\\\/campanes-protectores-so\\\/#primaryimage\"},\"image\":{\"@id\":\"https:\\\/\\\/iwell-guard.com\\\/ca\\\/campanes-protectores-so\\\/#primaryimage\"},\"thumbnailUrl\":\"https:\\\/\\\/iwell-guard.com\\\/wp-content\\\/uploads\\\/2026\\\/05\\\/schutzsymbol_christentum_schutzglocken.png\",\"datePublished\":\"2026-09-05T15:44:29+00:00\",\"dateModified\":\"2026-09-05T16:13:32+00:00\",\"description\":\"Qu\u00e8 atribueix la tradici\u00f3 a campanes i esquelles com a mitj\u00e0 de protecci\u00f3: origen, principi d'acci\u00f3 i difusi\u00f3 intercultural.\",\"breadcrumb\":{\"@id\":\"https:\\\/\\\/iwell-guard.com\\\/ca\\\/campanes-protectores-so\\\/#breadcrumb\"},\"inLanguage\":\"ca\",\"potentialAction\":[{\"@type\":\"ReadAction\",\"target\":[\"https:\\\/\\\/iwell-guard.com\\\/ca\\\/campanes-protectores-so\\\/\"]}]},{\"@type\":\"ImageObject\",\"inLanguage\":\"ca\",\"@id\":\"https:\\\/\\\/iwell-guard.com\\\/ca\\\/campanes-protectores-so\\\/#primaryimage\",\"url\":\"https:\\\/\\\/iwell-guard.com\\\/wp-content\\\/uploads\\\/2026\\\/05\\\/schutzsymbol_christentum_schutzglocken.png\",\"contentUrl\":\"https:\\\/\\\/iwell-guard.com\\\/wp-content\\\/uploads\\\/2026\\\/05\\\/schutzsymbol_christentum_schutzglocken.png\",\"width\":1024,\"height\":1536,\"caption\":\"Campanes protectores i el so de les campanes, il\u00b7lustraci\u00f3 hist\u00f2rica\"},{\"@type\":\"BreadcrumbList\",\"@id\":\"https:\\\/\\\/iwell-guard.com\\\/ca\\\/campanes-protectores-so\\\/#breadcrumb\",\"itemListElement\":[{\"@type\":\"ListItem\",\"position\":1,\"name\":\"Start\",\"item\":\"https:\\\/\\\/iwell-guard.com\\\/ca\\\/?page_id=171333\"},{\"@type\":\"ListItem\",\"position\":2,\"name\":\"Campanes protectores i el so de les campanes\"}]},{\"@type\":\"WebSite\",\"@id\":\"https:\\\/\\\/iwell-guard.com\\\/ca\\\/#website\",\"url\":\"https:\\\/\\\/iwell-guard.com\\\/ca\\\/\",\"name\":\"iWell Guard\",\"description\":\"Schutz vor dunklen Einfl\u00fcssen\",\"publisher\":{\"@id\":\"https:\\\/\\\/iwell-guard.com\\\/ca\\\/#organization\"},\"potentialAction\":[{\"@type\":\"SearchAction\",\"target\":{\"@type\":\"EntryPoint\",\"urlTemplate\":\"https:\\\/\\\/iwell-guard.com\\\/ca\\\/?s={search_term_string}\"},\"query-input\":{\"@type\":\"PropertyValueSpecification\",\"valueRequired\":true,\"valueName\":\"search_term_string\"}}],\"inLanguage\":\"ca\"},{\"@type\":\"Organization\",\"@id\":\"https:\\\/\\\/iwell-guard.com\\\/ca\\\/#organization\",\"name\":\"Ittermann electronic GmbH\",\"url\":\"https:\\\/\\\/iwell-guard.com\\\/ca\\\/\",\"logo\":{\"@type\":\"ImageObject\",\"inLanguage\":\"ca\",\"@id\":\"https:\\\/\\\/iwell-guard.com\\\/ca\\\/#\\\/schema\\\/logo\\\/image\\\/\",\"url\":\"https:\\\/\\\/iwell-guard.com\\\/wp-content\\\/uploads\\\/2026\\\/05\\\/Ittermann-Logo-1182x237-1.png\",\"contentUrl\":\"https:\\\/\\\/iwell-guard.com\\\/wp-content\\\/uploads\\\/2026\\\/05\\\/Ittermann-Logo-1182x237-1.png\",\"width\":1182,\"height\":237,\"caption\":\"Ittermann electronic GmbH\"},\"image\":{\"@id\":\"https:\\\/\\\/iwell-guard.com\\\/ca\\\/#\\\/schema\\\/logo\\\/image\\\/\"},\"sameAs\":[\"https:\\\/\\\/pantip.com\\\/profile\\\/9367242\",\"https:\\\/\\\/micro.blog\\\/iwellguard\",\"https:\\\/\\\/www.diggerslist.com\\\/iwellguard\\\/about\",\"https:\\\/\\\/skitterphoto.com\\\/photographers\\\/2870314\\\/iwell-guard\",\"https:\\\/\\\/iwellguard.wordpress.com\\\/2026\\\/06\\\/06\\\/iwell-guard\\\/\",\"https:\\\/\\\/hub.docker.com\\\/u\\\/iwellguard\",\"https:\\\/\\\/www.pinterest.com\\\/iwellguard\\\/\",\"https:\\\/\\\/bit.ly\\\/m\\\/iwellguard\",\"https:\\\/\\\/entre-vos-mains.alsace.eu\\\/profiles\\\/iwellguard\\\/activity\",\"https:\\\/\\\/gravatar.com\\\/reallybeded8fd34\",\"https:\\\/\\\/naijamatta.com\\\/iwellguard\",\"https:\\\/\\\/www.goodreads.com\\\/iwellguard\",\"https:\\\/\\\/profile.hatena.ne.jp\\\/iwellguard\\\/\",\"https:\\\/\\\/experiment.com\\\/users\\\/iwellguard\",\"https:\\\/\\\/wakelet.com\\\/@iWellGuard82270\",\"https:\\\/\\\/www.chordie.com\\\/forum\\\/profile.php?id=2555664\",\"https:\\\/\\\/www.instapaper.com\\\/p\\\/17757966\",\"https:\\\/\\\/www.mapleprimes.com\\\/users\\\/iwellguard\",\"https:\\\/\\\/businesslistingplus.com\\\/profile\\\/iwell-guard\\\/\",\"https:\\\/\\\/telegra.ph\\\/iWell-Guard-06-06\",\"https:\\\/\\\/pbase.com\\\/iwellguard\\\/iwellguard\",\"https:\\\/\\\/b.hatena.ne.jp\\\/iwellguard\\\/20260607#bookmark-4788405196491818882\",\"https:\\\/\\\/fliphtml5.com\\\/home\\\/iwellguard\",\"https:\\\/\\\/anyflip.com\\\/homepage\\\/cmiwl#About\",\"https:\\\/\\\/transfur.com\\\/Users\\\/iwellguard\",\"http:\\\/\\\/delphi.larsbo.org\\\/user\\\/iwellguard\",\"https:\\\/\\\/jobs.lajobsportal.org\\\/profiles\\\/8380803-iwell-guard\",\"https:\\\/\\\/md.chaosdorf.de\\\/s\\\/jfbe5SBdJD\",\"https:\\\/\\\/www.lingvolive.com\\\/en-us\\\/profile\\\/9ecaeaca-ce11-4e51-9e71-01d55e2bff36\\\/translations\",\"https:\\\/\\\/www.fitday.com\\\/fitness\\\/forums\\\/members\\\/iwellguard.html\",\"https:\\\/\\\/www.mymeetbook.com\\\/iwellguard\",\"https:\\\/\\\/pxhere.com\\\/en\\\/photographer-me\\\/5040798\",\"https:\\\/\\\/disqus.com\\\/by\\\/iwellguard\\\/about\\\/\",\"https:\\\/\\\/pastelink.net\\\/hjwciqwq\",\"https:\\\/\\\/pubhtml5.com\\\/homepage\\\/scjhn\\\/\",\"https:\\\/\\\/www.bitchute.com\\\/channel\\\/2O2eOKzNqujT\",\"https:\\\/\\\/audiomack.com\\\/iwellguard\"]}]}<\/script>\n<!-- \/ Yoast SEO Premium plugin. -->","yoast_head_json":{"title":"Campanes protectores i el so de les campanes","description":"Qu\u00e8 atribueix la tradici\u00f3 a campanes i esquelles com a mitj\u00e0 de protecci\u00f3: origen, principi d'acci\u00f3 i difusi\u00f3 intercultural.","robots":{"index":"index","follow":"follow","max-snippet":"max-snippet:-1","max-image-preview":"max-image-preview:large","max-video-preview":"max-video-preview:-1"},"canonical":"https:\/\/iwell-guard.com\/ca\/campanes-protectores-so\/","og_locale":"ca_ES","og_type":"article","og_title":"Campanes protectores i el so de les campanes","og_description":"Qu\u00e8 atribueix la tradici\u00f3 a campanes i esquelles com a mitj\u00e0 de protecci\u00f3: origen, principi d'acci\u00f3 i difusi\u00f3 intercultural.","og_url":"https:\/\/iwell-guard.com\/ca\/campanes-protectores-so\/","og_site_name":"iWell Guard","article_modified_time":"2026-09-05T16:13:32+00:00","og_image":[{"width":1024,"height":1536,"url":"https:\/\/iwell-guard.com\/wp-content\/uploads\/2026\/05\/schutzsymbol_christentum_schutzglocken.png","type":"image\/png"}],"twitter_card":"summary_large_image","schema":{"@context":"https:\/\/schema.org","@graph":[{"@type":"WebPage","@id":"https:\/\/iwell-guard.com\/ca\/campanes-protectores-so\/","url":"https:\/\/iwell-guard.com\/ca\/campanes-protectores-so\/","name":"Campanes protectores i el so de les campanes","isPartOf":{"@id":"https:\/\/iwell-guard.com\/ca\/#website"},"primaryImageOfPage":{"@id":"https:\/\/iwell-guard.com\/ca\/campanes-protectores-so\/#primaryimage"},"image":{"@id":"https:\/\/iwell-guard.com\/ca\/campanes-protectores-so\/#primaryimage"},"thumbnailUrl":"https:\/\/iwell-guard.com\/wp-content\/uploads\/2026\/05\/schutzsymbol_christentum_schutzglocken.png","datePublished":"2026-09-05T15:44:29+00:00","dateModified":"2026-09-05T16:13:32+00:00","description":"Qu\u00e8 atribueix la tradici\u00f3 a campanes i esquelles com a mitj\u00e0 de protecci\u00f3: origen, principi d'acci\u00f3 i difusi\u00f3 intercultural.","breadcrumb":{"@id":"https:\/\/iwell-guard.com\/ca\/campanes-protectores-so\/#breadcrumb"},"inLanguage":"ca","potentialAction":[{"@type":"ReadAction","target":["https:\/\/iwell-guard.com\/ca\/campanes-protectores-so\/"]}]},{"@type":"ImageObject","inLanguage":"ca","@id":"https:\/\/iwell-guard.com\/ca\/campanes-protectores-so\/#primaryimage","url":"https:\/\/iwell-guard.com\/wp-content\/uploads\/2026\/05\/schutzsymbol_christentum_schutzglocken.png","contentUrl":"https:\/\/iwell-guard.com\/wp-content\/uploads\/2026\/05\/schutzsymbol_christentum_schutzglocken.png","width":1024,"height":1536,"caption":"Campanes protectores i el so de les campanes, il\u00b7lustraci\u00f3 hist\u00f2rica"},{"@type":"BreadcrumbList","@id":"https:\/\/iwell-guard.com\/ca\/campanes-protectores-so\/#breadcrumb","itemListElement":[{"@type":"ListItem","position":1,"name":"Start","item":"https:\/\/iwell-guard.com\/ca\/?page_id=171333"},{"@type":"ListItem","position":2,"name":"Campanes protectores i el so de les campanes"}]},{"@type":"WebSite","@id":"https:\/\/iwell-guard.com\/ca\/#website","url":"https:\/\/iwell-guard.com\/ca\/","name":"iWell Guard","description":"Schutz vor dunklen Einfl\u00fcssen","publisher":{"@id":"https:\/\/iwell-guard.com\/ca\/#organization"},"potentialAction":[{"@type":"SearchAction","target":{"@type":"EntryPoint","urlTemplate":"https:\/\/iwell-guard.com\/ca\/?s={search_term_string}"},"query-input":{"@type":"PropertyValueSpecification","valueRequired":true,"valueName":"search_term_string"}}],"inLanguage":"ca"},{"@type":"Organization","@id":"https:\/\/iwell-guard.com\/ca\/#organization","name":"Ittermann electronic GmbH","url":"https:\/\/iwell-guard.com\/ca\/","logo":{"@type":"ImageObject","inLanguage":"ca","@id":"https:\/\/iwell-guard.com\/ca\/#\/schema\/logo\/image\/","url":"https:\/\/iwell-guard.com\/wp-content\/uploads\/2026\/05\/Ittermann-Logo-1182x237-1.png","contentUrl":"https:\/\/iwell-guard.com\/wp-content\/uploads\/2026\/05\/Ittermann-Logo-1182x237-1.png","width":1182,"height":237,"caption":"Ittermann electronic GmbH"},"image":{"@id":"https:\/\/iwell-guard.com\/ca\/#\/schema\/logo\/image\/"},"sameAs":["https:\/\/pantip.com\/profile\/9367242","https:\/\/micro.blog\/iwellguard","https:\/\/www.diggerslist.com\/iwellguard\/about","https:\/\/skitterphoto.com\/photographers\/2870314\/iwell-guard","https:\/\/iwellguard.wordpress.com\/2026\/06\/06\/iwell-guard\/","https:\/\/hub.docker.com\/u\/iwellguard","https:\/\/www.pinterest.com\/iwellguard\/","https:\/\/bit.ly\/m\/iwellguard","https:\/\/entre-vos-mains.alsace.eu\/profiles\/iwellguard\/activity","https:\/\/gravatar.com\/reallybeded8fd34","https:\/\/naijamatta.com\/iwellguard","https:\/\/www.goodreads.com\/iwellguard","https:\/\/profile.hatena.ne.jp\/iwellguard\/","https:\/\/experiment.com\/users\/iwellguard","https:\/\/wakelet.com\/@iWellGuard82270","https:\/\/www.chordie.com\/forum\/profile.php?id=2555664","https:\/\/www.instapaper.com\/p\/17757966","https:\/\/www.mapleprimes.com\/users\/iwellguard","https:\/\/businesslistingplus.com\/profile\/iwell-guard\/","https:\/\/telegra.ph\/iWell-Guard-06-06","https:\/\/pbase.com\/iwellguard\/iwellguard","https:\/\/b.hatena.ne.jp\/iwellguard\/20260607#bookmark-4788405196491818882","https:\/\/fliphtml5.com\/home\/iwellguard","https:\/\/anyflip.com\/homepage\/cmiwl#About","https:\/\/transfur.com\/Users\/iwellguard","http:\/\/delphi.larsbo.org\/user\/iwellguard","https:\/\/jobs.lajobsportal.org\/profiles\/8380803-iwell-guard","https:\/\/md.chaosdorf.de\/s\/jfbe5SBdJD","https:\/\/www.lingvolive.com\/en-us\/profile\/9ecaeaca-ce11-4e51-9e71-01d55e2bff36\/translations","https:\/\/www.fitday.com\/fitness\/forums\/members\/iwellguard.html","https:\/\/www.mymeetbook.com\/iwellguard","https:\/\/pxhere.com\/en\/photographer-me\/5040798","https:\/\/disqus.com\/by\/iwellguard\/about\/","https:\/\/pastelink.net\/hjwciqwq","https:\/\/pubhtml5.com\/homepage\/scjhn\/","https:\/\/www.bitchute.com\/channel\/2O2eOKzNqujT","https:\/\/audiomack.com\/iwellguard"]}]}},"_links":{"self":[{"href":"https:\/\/iwell-guard.com\/ca\/wp-json\/wp\/v2\/pages\/172031","targetHints":{"allow":["GET"]}}],"collection":[{"href":"https:\/\/iwell-guard.com\/ca\/wp-json\/wp\/v2\/pages"}],"about":[{"href":"https:\/\/iwell-guard.com\/ca\/wp-json\/wp\/v2\/types\/page"}],"author":[{"embeddable":true,"href":"https:\/\/iwell-guard.com\/ca\/wp-json\/wp\/v2\/users\/3"}],"replies":[{"embeddable":true,"href":"https:\/\/iwell-guard.com\/ca\/wp-json\/wp\/v2\/comments?post=172031"}],"version-history":[{"count":0,"href":"https:\/\/iwell-guard.com\/ca\/wp-json\/wp\/v2\/pages\/172031\/revisions"}],"wp:featuredmedia":[{"embeddable":true,"href":"https:\/\/iwell-guard.com\/ca\/wp-json\/wp\/v2\/media\/4121"}],"wp:attachment":[{"href":"https:\/\/iwell-guard.com\/ca\/wp-json\/wp\/v2\/media?parent=172031"}],"wp:term":[{"taxonomy":"category","embeddable":true,"href":"https:\/\/iwell-guard.com\/ca\/wp-json\/wp\/v2\/categories?post=172031"}],"curies":[{"name":"wp","href":"https:\/\/api.w.org\/{rel}","templated":true}]}}