{"id":172029,"date":"2026-09-05T15:44:29","date_gmt":"2026-09-05T15:44:29","guid":{"rendered":"https:\/\/iwell-guard.com\/?page_id=172029"},"modified":"2026-09-05T16:13:29","modified_gmt":"2026-09-05T16:13:29","slug":"invocar-angel-guarda","status":"publish","type":"page","link":"https:\/\/iwell-guard.com\/ca\/invocar-angel-guarda\/","title":{"rendered":"Invocar l&#8217;\u00e0ngel de la guarda"},"content":{"rendered":"\t\t<div data-elementor-type=\"wp-page\" data-elementor-id=\"172029\" class=\"elementor elementor-172029 elementor-3786 elementor-bc-flex-widget\" data-elementor-post-type=\"page\">\n\t\t\t\t<div class=\"elementor-element elementor-element-iwgs-schutzengel-anrufen-hero e-flex e-con-boxed e-con e-parent\" data-id=\"iwgs-schutzengel-anrufen-hero\" data-element_type=\"container\" data-e-type=\"container\">\n\t\t\t\t\t<div class=\"e-con-inner\">\n\t\t<div class=\"elementor-element elementor-element-iw-schutzengel-anrufen-hero-left e-con-full e-flex e-con e-child\" data-id=\"iw-schutzengel-anrufen-hero-left\" data-element_type=\"container\" data-e-type=\"container\">\n\t\t\t\t<div class=\"elementor-element elementor-element-iwgs-schutzengel-anrufen-h1 elementor-widget elementor-widget-heading\" data-id=\"iwgs-schutzengel-anrufen-h1\" data-element_type=\"widget\" data-e-type=\"widget\" data-widget_type=\"heading.default\">\n\t\t\t\t\t<h1 class=\"elementor-heading-title elementor-size-default\">Invocar l'\u00e0ngel de la guarda \u2014 la s\u00faplica d'assist\u00e8ncia<\/h1>\t\t\t\t<\/div>\n\t\t<div class=\"elementor-element elementor-element-iw-schutzengel-anrufen-hero-bw e-con-full e-flex e-con e-child\" data-id=\"iw-schutzengel-anrufen-hero-bw\" data-element_type=\"container\" data-e-type=\"container\">\n\t\t\t\t<div class=\"elementor-element elementor-element-iwgs-schutzengel-anrufen-pills elementor-widget elementor-widget-html\" data-id=\"iwgs-schutzengel-anrufen-pills\" data-element_type=\"widget\" data-e-type=\"widget\" data-widget_type=\"html.default\">\n\t\t\t\t\t<div class=\"iwg-pill-row\"><span class=\"iwg-klasse-badge\" tabindex=\"0\" data-tooltip=\"Tipus de mitj\u00e0 de protecci\u00f3.\">Pr\u00e0ctica de protecci\u00f3<\/span><a href=\"https:\/\/iwell-guard.com\/ca\/?page_id=172034\" class=\"iwg-kultur-badge\" tabindex=\"0\" data-tooltip=\"A la visi\u00f3 general.\">Rituals de protecci\u00f3 i invocaci\u00f3<\/a><\/div>\t\t\t\t<\/div>\n\t\t\t\t<div class=\"elementor-element elementor-element-iwgs-schutzengel-anrufen-lead elementor-widget elementor-widget-text-editor\" data-id=\"iwgs-schutzengel-anrufen-lead\" data-element_type=\"widget\" data-e-type=\"widget\" data-widget_type=\"text-editor.default\">\n\t\t\t\t\t\t\t\t\t<p>La <span class=\"iwg-fachbegriff\" data-tooltip=\"L'acte de dirigir-se, suplicant o conjurant, a una divinitat o poder.\" tabindex=\"0\">invocaci\u00f3<\/span> d&#8217;un \u00e9sser protector \u00e9s una de les formes m\u00e9s esteses de pr\u00e0ctica religiosa: la s\u00faplica adre\u00e7ada a un \u00e9sser poder\u00f3s i ben\u00e8vol perqu\u00e8 vetlli per alg\u00fa, acompanyi una persona o allunyi una influ\u00e8ncia perjudicial.<\/p><p>Sota el terme \u00abinvocar l&#8217;<span class=\"iwg-fachbegriff\" data-tooltip=\"Un \u00e0ngel al qual s'atribueix la protecci\u00f3 d'una persona concreta.\" tabindex=\"0\">\u00e0ngel de la guarda<\/span>\u00bb es poden agrupar moltes tradicions diferents que, tot i emprar noms i imatges diversos per a aquests \u00e9ssers protectors, comparteixen una mateixa idea de fons: l&#8217;\u00e9sser hum\u00e0 no est\u00e0 sol, pot demanar assist\u00e8ncia.<\/p>\n<p>Aquesta <span class=\"iwg-fachbegriff\" data-tooltip=\"La transmissi\u00f3 de coneixements i relats al llarg de generacions.\" tabindex=\"0\">tradici\u00f3<\/span> no es limita en absolut al cristianisme, tot i que la idea de l&#8217;\u00e0ngel de la guarda personal a l&#8217;\u00e0mbit de parla alemanya est\u00e0 marcada sobretot per la tradici\u00f3 cristiana.<\/p><p>Es troben concepcions equivalents en gaireb\u00e9 totes les regions del m\u00f3n i en molts sistemes de pensament: a l&#8217;islam hi ha els \u00e0ngels guardians, a l&#8217;hinduisme la <span class=\"iwg-fachbegriff\" data-tooltip=\"Un \u00e9sser venerat com a div\u00ed dins una religi\u00f3.\" tabindex=\"0\">divinitat<\/span> personal, al xintoisme els Ujigami com a esperits protectors d&#8217;una casa o d&#8217;un llinatge, i en tradicions africanes els esperits ancestrals que protegeixen els seus descendents.<\/p>\n<p>La <span class=\"iwg-fachbegriff\" data-tooltip=\"L'acte de dirigir-se, suplicant o conjurant, a una divinitat o poder.\" tabindex=\"0\">invocaci\u00f3<\/span> de l&#8217;\u00e0ngel de la guarda pertany a la categoria dels <a href=\"https:\/\/iwell-guard.com\/ca\/?page_id=172034\">rituals i invocacions de protecci\u00f3<\/a>. Aqu\u00ed es presenta la invocaci\u00f3 de l&#8217;\u00e0ngel de la guarda com una invocaci\u00f3 de protecci\u00f3, juntament amb la forma en qu\u00e8 s&#8217;ha transm\u00e8s.<\/p>\t\t\t\t\t\t\t\t<\/div>\n\t\t\t\t<\/div>\n\t\t\t\t<\/div>\n\t\t<div class=\"elementor-element elementor-element-iw-schutzengel-anrufen-hero-img e-con-full e-flex e-con e-child\" data-id=\"iw-schutzengel-anrufen-hero-img\" data-element_type=\"container\" data-e-type=\"container\">\n\t\t\t\t<div class=\"elementor-element elementor-element-iwgs-schutzengel-anrufen-himg iwg-hero-image elementor-widget elementor-widget-image\" data-id=\"iwgs-schutzengel-anrufen-himg\" data-element_type=\"widget\" data-e-type=\"widget\" data-widget_type=\"image.default\">\n\t\t\t\t\t\t\t\t\t\t\t\t\t\t\t<img fetchpriority=\"high\" decoding=\"async\" width=\"683\" height=\"1024\" src=\"https:\/\/iwell-guard.com\/wp-content\/uploads\/2026\/05\/schutzsymbol_christentum_schutzengel-683x1024.png\" class=\"attachment-large size-large wp-image-4116\" alt=\"Invocar l\u2019\u00e0ngel de la guarda\" srcset=\"https:\/\/iwell-guard.com\/wp-content\/uploads\/2026\/05\/schutzsymbol_christentum_schutzengel-683x1024.png 683w, https:\/\/iwell-guard.com\/wp-content\/uploads\/2026\/05\/schutzsymbol_christentum_schutzengel-200x300.png 200w, https:\/\/iwell-guard.com\/wp-content\/uploads\/2026\/05\/schutzsymbol_christentum_schutzengel-768x1152.png 768w, https:\/\/iwell-guard.com\/wp-content\/uploads\/2026\/05\/schutzsymbol_christentum_schutzengel.png 1024w\" sizes=\"(max-width: 683px) 100vw, 683px\" \/>\t\t\t\t\t\t\t\t\t\t\t\t\t\t\t<\/div>\n\t\t\t\t<\/div>\n\t\t\t\t\t<\/div>\n\t\t\t\t<\/div>\n\t\t<div class=\"elementor-element elementor-element-iwgs-schutzengel-anrufen-s0 e-flex e-con-boxed e-con e-parent\" data-id=\"iwgs-schutzengel-anrufen-s0\" data-element_type=\"container\" data-e-type=\"container\">\n\t\t\t\t\t<div class=\"e-con-inner\">\n\t\t\t\t<div class=\"elementor-element elementor-element-iwgs-schutzengel-anrufen-s0h elementor-widget elementor-widget-heading\" data-id=\"iwgs-schutzengel-anrufen-s0h\" data-element_type=\"widget\" data-e-type=\"widget\" data-widget_type=\"heading.default\">\n\t\t\t\t\t<h2 class=\"elementor-heading-title elementor-size-default\">Resum r\u00e0pid<\/h2>\t\t\t\t<\/div>\n\t\t<div class=\"elementor-element elementor-element-iw-schutzengel-anrufen-s0-bw e-con-full e-flex e-con e-child\" data-id=\"iw-schutzengel-anrufen-s0-bw\" data-element_type=\"container\" data-e-type=\"container\">\n\t\t\t\t<div class=\"elementor-element elementor-element-iwgs-schutzengel-anrufen-s0t elementor-widget elementor-widget-text-editor\" data-id=\"iwgs-schutzengel-anrufen-s0t\" data-element_type=\"widget\" data-e-type=\"widget\" data-widget_type=\"text-editor.default\">\n\t\t\t\t\t\t\t\t\t<p>Segons la <span class=\"iwg-fachbegriff\" data-tooltip=\"La transmissi\u00f3 de coneixements i relats al llarg de generacions.\" tabindex=\"0\">tradici\u00f3<\/span>, l&#8217;<span class=\"iwg-fachbegriff\" data-tooltip=\"Un \u00e0ngel al qual s'atribueix la protecci\u00f3 d'una persona concreta.\" tabindex=\"0\">\u00e0ngel de la guarda<\/span> o l&#8217;\u00e9sser protector equivalent es considera un \u00e9sser assignat a una persona concreta, que l&#8217;acompanya, l&#8217;adverteix i la protegeix d&#8217;influ\u00e8ncies perjudicials. La <span class=\"iwg-fachbegriff\" data-tooltip=\"L'acte de dirigir-se, suplicant o conjurant, a una divinitat o poder.\" tabindex=\"0\">invocaci\u00f3<\/span>, l&#8217;<span class=\"iwg-fachbegriff\" data-tooltip=\"L'adre\u00e7ament ling\u00fc\u00edstic de l'\u00e9sser hum\u00e0 a una divinitat.\" tabindex=\"0\">oraci\u00f3<\/span> o la s\u00faplica adre\u00e7ada a aquest \u00e9sser activa o aprofundeix, segons aquesta <span class=\"iwg-fachbegriff\" data-tooltip=\"La transmissi\u00f3 de coneixements i relats al llarg de generacions.\" tabindex=\"0\">tradici\u00f3<\/span>, la relaci\u00f3 de protecci\u00f3.<\/p><p>\u00c9ssers protectors d&#8217;aquest tipus estan documentats en la tradici\u00f3 cristiana, jueva, isl\u00e0mica, hinduista, budista i animista. Segons la majoria de tradicions, la protecci\u00f3 no es considera un automatisme, sin\u00f3 una relaci\u00f3 que cal cultivar.<\/p>\t\t\t\t\t\t\t\t<\/div>\n\t\t\t\t<\/div>\n\t\t\t\t\t<\/div>\n\t\t\t\t<\/div>\n\t\t<div class=\"elementor-element elementor-element-iwgs-schutzengel-anrufen-s1 e-flex e-con-boxed e-con e-parent\" data-id=\"iwgs-schutzengel-anrufen-s1\" data-element_type=\"container\" data-e-type=\"container\">\n\t\t\t\t\t<div class=\"e-con-inner\">\n\t\t\t\t<div class=\"elementor-element elementor-element-iwgs-schutzengel-anrufen-s1h elementor-widget elementor-widget-heading\" data-id=\"iwgs-schutzengel-anrufen-s1h\" data-element_type=\"widget\" data-e-type=\"widget\" data-widget_type=\"heading.default\">\n\t\t\t\t\t<h2 class=\"elementor-heading-title elementor-size-default\">Origen i tradici\u00f3<\/h2>\t\t\t\t<\/div>\n\t\t<div class=\"elementor-element elementor-element-iw-schutzengel-anrufen-s1-bw e-con-full e-flex e-con e-child\" data-id=\"iw-schutzengel-anrufen-s1-bw\" data-element_type=\"container\" data-e-type=\"container\">\n\t\t\t\t<div class=\"elementor-element elementor-element-iwgs-schutzengel-anrufen-s1t elementor-widget elementor-widget-text-editor\" data-id=\"iwgs-schutzengel-anrufen-s1t\" data-element_type=\"widget\" data-e-type=\"widget\" data-widget_type=\"text-editor.default\">\n\t\t\t\t\t\t\t\t\t<p>Els testimonis m\u00e9s antics d&#8217;\u00e9ssers protectors personals provenen de l&#8217;antiga Mesopot\u00e0mia. El concepte del Lamassu i del Shedu designa all\u00e0 \u00e9ssers espirituals protectors, associats a una casa o a una persona, que actuen com a tamp\u00f3 entre l&#8217;\u00e9sser hum\u00e0 i les forces nocives.<\/p><p>Aquests \u00e9ssers eren representats en imatges, invocats i honrats amb ofrenes. La seva abs\u00e8ncia o retirada es considerava causa de malaltia i infortuni.<\/p>\n<p>A l&#8217;antiga Gr\u00e8cia existeix el concepte del daimon, un esperit protector personal assignat a una persona en n\u00e9ixer. S\u00f2crates descriu el seu daimon com una veu interior que l&#8217;aparta d&#8217;actuar malament. Aquesta idea no \u00e9s id\u00e8ntica a l&#8217;<span class=\"iwg-fachbegriff\" data-tooltip=\"Un \u00e0ngel al qual s'atribueix la protecci\u00f3 d'una persona individual.\" tabindex=\"0\">\u00e0ngel de la guarda<\/span> cristi\u00e0, per\u00f2 mostra la mateixa estructura de fons: un \u00e9sser superior assignat personalment a l&#8217;\u00e9sser hum\u00e0.<\/p>\n<p>En el judaisme, a partir dels relats b\u00edblics en els quals els <span class=\"iwg-fachbegriff\" data-tooltip=\"En les religions abrah\u00e0miques, un \u00e9sser missatger celestial de D\u00e9u.\" tabindex=\"0\">\u00e0ngels<\/span> apareixen com a missatgers divins, es desenvolupa la idea de l&#8217;\u00e0ngel de la guarda personal. En el <span class=\"iwg-fachbegriff\" data-tooltip=\"Obra principal del judaisme rab\u00ednic amb interpretaci\u00f3 de la tradici\u00f3 religiosa.\" tabindex=\"0\">Talmud<\/span> i en la <span class=\"iwg-fachbegriff\" data-tooltip=\"Corrent religi\u00f3s centrat en l'experi\u00e8ncia directa de D\u00e9u.\" tabindex=\"0\">m\u00edstica<\/span> jueva, especialment en la <span class=\"iwg-fachbegriff\" data-tooltip=\"Corrent de la m\u00edstica jueva amb obres principals com el Sefer Ietsir\u00e0 i el Zohar.\" tabindex=\"0\">c\u00e0bala<\/span>, els <span class=\"iwg-fachbegriff\" data-tooltip=\"En les religions abrah\u00e0miques, un \u00e9sser missatger celestial de D\u00e9u.\" tabindex=\"0\">\u00e0ngels<\/span> es descriuen com a acompanyants assignats a una persona. L&#8217;<span class=\"iwg-fachbegriff\" data-tooltip=\"En les religions abrah\u00e0miques, un \u00e9sser missatger celestial de D\u00e9u.\" tabindex=\"0\">\u00e0ngel<\/span> Metatron i altres \u00e0ngels amb nom propi apareixen com a protectors.<\/p>\n<p>En el cristianisme, la idea de l&#8217;\u00e0ngel de la guarda personal es consolida sobretot a partir de passatges b\u00edblics com el Salm 91 (\u00abEll ha ordenat als seus \u00e0ngels que et guardin en tots els teus camins\u00bb) i a trav\u00e9s de la <span class=\"iwg-fachbegriff\" data-tooltip=\"La doctrina cient\u00edfica sobre D\u00e9u i sobre la fe d'una religi\u00f3.\" tabindex=\"0\">teologia<\/span> patr\u00edstica dels segles IV i V.<\/p><p>Or\u00edgenes i Climent d&#8217;Alexandria discuteixen expl\u00edcitament que a cada persona li \u00e9s assignat un <span class=\"iwg-fachbegriff\" data-tooltip=\"En les religions abrah\u00e0miques, un \u00e9sser missatger celestial de D\u00e9u.\" tabindex=\"0\">\u00e0ngel<\/span>. De la pr\u00e0ctica lit\u00fargica sorgeix la <span class=\"iwg-fachbegriff\" data-tooltip=\"La invocaci\u00f3 s\u00faplica o conjurat\u00f2ria a una divinitat o poder.\" tabindex=\"0\">preg\u00e0ria<\/span> a l&#8217;<span class=\"iwg-fachbegriff\" data-tooltip=\"Un \u00e0ngel al qual s'atribueix la protecci\u00f3 d'una persona individual.\" tabindex=\"0\">\u00e0ngel de la guarda<\/span>, encara avui estesa en el catolicisme popular alemany.<\/p>\n<p>En l&#8217;islam, la <span class=\"iwg-fachbegriff\" data-tooltip=\"La transmissi\u00f3 de coneixement i relats a trav\u00e9s de generacions.\" tabindex=\"0\">tradici\u00f3<\/span> coneix els Hafaza, els \u00e0ngels guardians assignats a cada persona, que registren les seves accions. A m\u00e9s, en la <span class=\"iwg-fachbegriff\" data-tooltip=\"La religiositat viscuda en el dia a dia, sovint al costat de la doctrina oficial.\" tabindex=\"0\">pietat popular<\/span> isl\u00e0mica hi ha pr\u00e0ctiques d&#8217;<span class=\"iwg-fachbegriff\" data-tooltip=\"La invocaci\u00f3 s\u00faplica o conjurat\u00f2ria a una divinitat o poder.\" tabindex=\"0\">invocaci\u00f3<\/span> d&#8217;aquests \u00e0ngels guardians per demanar protecci\u00f3, especialment davant els genis i el mal d&#8217;ull.<\/p>\t\t\t\t\t\t\t\t<\/div>\n\t\t\t\t<\/div>\n\t\t\t\t\t<\/div>\n\t\t\t\t<\/div>\n\t\t<div class=\"elementor-element elementor-element-iwgs-schutzengel-anrufen-s2 e-flex e-con-boxed e-con e-parent\" data-id=\"iwgs-schutzengel-anrufen-s2\" data-element_type=\"container\" data-e-type=\"container\">\n\t\t\t\t\t<div class=\"e-con-inner\">\n\t\t\t\t<div class=\"elementor-element elementor-element-iwgs-schutzengel-anrufen-s2h elementor-widget elementor-widget-heading\" data-id=\"iwgs-schutzengel-anrufen-s2h\" data-element_type=\"widget\" data-e-type=\"widget\" data-widget_type=\"heading.default\">\n\t\t\t\t\t<h2 class=\"elementor-heading-title elementor-size-default\">Principi d'acci\u00f3 segons la tradici\u00f3<\/h2>\t\t\t\t<\/div>\n\t\t<div class=\"elementor-element elementor-element-iw-schutzengel-anrufen-s2-bw e-con-full e-flex e-con e-child\" data-id=\"iw-schutzengel-anrufen-s2-bw\" data-element_type=\"container\" data-e-type=\"container\">\n\t\t\t\t<div class=\"elementor-element elementor-element-iwgs-schutzengel-anrufen-s2t elementor-widget elementor-widget-text-editor\" data-id=\"iwgs-schutzengel-anrufen-s2t\" data-element_type=\"widget\" data-e-type=\"widget\" data-widget_type=\"text-editor.default\">\n\t\t\t\t\t\t\t\t\t<p>El principi de funcionament de la <span class=\"iwg-fachbegriff\" data-tooltip=\"La invocaci\u00f3 s\u00faplica o conjurat\u00f2ria a una divinitat o poder.\" tabindex=\"0\">invocaci\u00f3<\/span> de l&#8217;<span class=\"iwg-fachbegriff\" data-tooltip=\"Un \u00e0ngel al qual s'atribueix la protecci\u00f3 d'una persona individual.\" tabindex=\"0\">\u00e0ngel de la guarda<\/span> es basa en una idea de relaci\u00f3. L&#8217;<span class=\"iwg-fachbegriff\" data-tooltip=\"Un \u00e0ngel al qual s'atribueix la protecci\u00f3 d'una persona individual.\" tabindex=\"0\">\u00e0ngel de la guarda<\/span> o l&#8217;\u00e9sser protector est\u00e0 assignat a la persona, per\u00f2 en moltes tradicions la seva ajuda requereix un desig actiu per part de l&#8217;\u00e9sser hum\u00e0.<\/p><p>La <span class=\"iwg-fachbegriff\" data-tooltip=\"La invocaci\u00f3 s\u00faplica o conjurat\u00f2ria a una divinitat o poder.\" tabindex=\"0\">invocaci\u00f3<\/span> \u00e9s el senyal que la persona desitja aquest suport i reconeix la relaci\u00f3. Qui no invoca no per aix\u00f2 queda necess\u00e0riament sense protecci\u00f3, per\u00f2 en la <span class=\"iwg-fachbegriff\" data-tooltip=\"La religiositat viscuda en el dia a dia, sovint al costat de la doctrina oficial.\" tabindex=\"0\">pietat popular<\/span> la <span class=\"iwg-fachbegriff\" data-tooltip=\"La invocaci\u00f3 s\u00faplica o conjurat\u00f2ria a una divinitat o poder.\" tabindex=\"0\">preg\u00e0ria<\/span> activa es considera un refor\u00e7 de la relaci\u00f3 de protecci\u00f3.<\/p>\n<p>En moltes tradicions, l&#8217;<span class=\"iwg-fachbegriff\" data-tooltip=\"Un \u00e0ngel al qual s'atribueix la protecci\u00f3 d'una persona individual.\" tabindex=\"0\">\u00e0ngel de la guarda<\/span> no protegeix mitjan\u00e7ant la confrontaci\u00f3 directa amb un \u00e9sser nociu, sin\u00f3 a trav\u00e9s de l&#8217;enfortiment i l&#8217;advert\u00e8ncia: adverteix la persona en somnis, dirigeix la seva atenci\u00f3 cap als perills, enforteix la seva capacitat de resist\u00e8ncia interior.<\/p><p>La defensa directa, \u00e9s a dir que l&#8217;<span class=\"iwg-fachbegriff\" data-tooltip=\"En les religions abrah\u00e0miques, un \u00e9sser missatger celestial de D\u00e9u.\" tabindex=\"0\">\u00e0ngel<\/span> combati un <span class=\"iwg-fachbegriff\" data-tooltip=\"\u00c9sser espiritual al qual s'atribueix un efecte nociu o ambivalent.\" tabindex=\"0\">dimoni<\/span>, tamb\u00e9 es troba documentada, per\u00f2 m\u00e9s en la literatura hagiogr\u00e0fica que en la tradici\u00f3 popular.<\/p>\t\t\t\t\t\t\t\t<\/div>\n\t\t\t\t<\/div>\n\t\t\t\t\t<\/div>\n\t\t\t\t<\/div>\n\t\t<div class=\"elementor-element elementor-element-iwgs-schutzengel-anrufen-s3 e-flex e-con-boxed e-con e-parent\" data-id=\"iwgs-schutzengel-anrufen-s3\" data-element_type=\"container\" data-e-type=\"container\">\n\t\t\t\t\t<div class=\"e-con-inner\">\n\t\t\t\t<div class=\"elementor-element elementor-element-iwgs-schutzengel-anrufen-s3h elementor-widget elementor-widget-heading\" data-id=\"iwgs-schutzengel-anrufen-s3h\" data-element_type=\"widget\" data-e-type=\"widget\" data-widget_type=\"heading.default\">\n\t\t\t\t\t<h2 class=\"elementor-heading-title elementor-size-default\">Difusi\u00f3 transcultural<\/h2>\t\t\t\t<\/div>\n\t\t<div class=\"elementor-element elementor-element-iw-schutzengel-anrufen-s3-bw e-con-full e-flex e-con e-child\" data-id=\"iw-schutzengel-anrufen-s3-bw\" data-element_type=\"container\" data-e-type=\"container\">\n\t\t\t\t<div class=\"elementor-element elementor-element-iwgs-schutzengel-anrufen-s3t elementor-widget elementor-widget-text-editor\" data-id=\"iwgs-schutzengel-anrufen-s3t\" data-element_type=\"widget\" data-e-type=\"widget\" data-widget_type=\"text-editor.default\">\n\t\t\t\t\t\t\t\t\t<p>M\u00e9s enll\u00e0 de les religions abrah\u00e0miques, la idea d&#8217;un \u00e9sser protector personal es troba en moltes altres tradicions.<\/p><p>A l&#8217;hinduisme, el concepte de l&#8217;Ishta-Devata, la <span class=\"iwg-fachbegriff\" data-tooltip=\"Un \u00e9sser venerat com a div\u00ed dins d'una religi\u00f3.\" tabindex=\"0\">divinitat<\/span> venerada personalment, hi est\u00e0 estretament emparentat: qui considera una determinada <span class=\"iwg-fachbegriff\" data-tooltip=\"Un \u00e9sser venerat com a div\u00ed dins d'una religi\u00f3.\" tabindex=\"0\">divinitat<\/span> com la seva divinitat protectora personal i la invoca regularment, es troba sota la seva protecci\u00f3 especial. Ganesh, Durga o Hanuman s\u00f3n invocats amb especial freq\u00fc\u00e8ncia en aquesta funci\u00f3.<\/p>\n<p>En el sintoisme japon\u00e8s, l&#8217;Ujigami, l&#8217;esperit protector d&#8217;una fam\u00edlia o llinatge, vetlla pels seus. Els <span class=\"iwg-fachbegriff\" data-tooltip=\"Un edifici destinat a la veneraci\u00f3 d'una o diverses divinitats.\" tabindex=\"0\">temples<\/span> i santuaris es mantenen en el seu honor. En la tradici\u00f3 budista del Jap\u00f3, bodhisattves com Kannon actuen com a protectors als quals es pot demanar ajuda.<\/p>\n<p>En les tradicions animistes de l&#8217;\u00c0frica i Oceania, sovint s\u00f3n els esperits ancestrals els que assumeixen aquesta funci\u00f3 protectora. Se&#8217;ls invoca regularment, se&#8217;ls ofrenen dons i se&#8217;ls demana la seva atenci\u00f3. Aquesta relaci\u00f3 de protecci\u00f3 est\u00e0 estretament vinculada a l&#8217;estructura social de la comunitat.<\/p>\n<p>Tamb\u00e9 en les tradicions xam\u00e0niques de Sib\u00e8ria i Am\u00e8rica del Nord existeix el concepte de l&#8217;esperit protector personal o animal de poder, que serveix com a company i protector del xaman o de la persona en q\u00fcesti\u00f3.<\/p>\t\t\t\t\t\t\t\t<\/div>\n\t\t\t\t<\/div>\n\t\t\t\t\t<\/div>\n\t\t\t\t<\/div>\n\t\t<div class=\"elementor-element elementor-element-iwgs-schutzengel-anrufen-s4 e-flex e-con-boxed e-con e-parent\" data-id=\"iwgs-schutzengel-anrufen-s4\" data-element_type=\"container\" data-e-type=\"container\">\n\t\t\t\t\t<div class=\"e-con-inner\">\n\t\t\t\t<div class=\"elementor-element elementor-element-iwgs-schutzengel-anrufen-s4h elementor-widget elementor-widget-heading\" data-id=\"iwgs-schutzengel-anrufen-s4h\" data-element_type=\"widget\" data-e-type=\"widget\" data-widget_type=\"heading.default\">\n\t\t\t\t\t<h2 class=\"elementor-heading-title elementor-size-default\">Contra qu\u00e8 s'utilitza<\/h2>\t\t\t\t<\/div>\n\t\t<div class=\"elementor-element elementor-element-iw-schutzengel-anrufen-s4-bw e-con-full e-flex e-con e-child\" data-id=\"iw-schutzengel-anrufen-s4-bw\" data-element_type=\"container\" data-e-type=\"container\">\n\t\t\t\t<div class=\"elementor-element elementor-element-iwgs-schutzengel-anrufen-s4t elementor-widget elementor-widget-text-editor\" data-id=\"iwgs-schutzengel-anrufen-s4t\" data-element_type=\"widget\" data-e-type=\"widget\" data-widget_type=\"text-editor.default\">\n\t\t\t\t\t\t\t\t\t<p>La <span class=\"iwg-fachbegriff\" data-tooltip=\"L'acte de dirigir-se de manera suplicant o conjuradora a una divinitat o poder.\" tabindex=\"0\">invocaci\u00f3<\/span> de l&#8217;\u00e0ngel protector es dirigeix, segons la <span class=\"iwg-fachbegriff\" data-tooltip=\"La transmissi\u00f3 de coneixements i relats a trav\u00e9s de les generacions.\" tabindex=\"0\">tradici\u00f3<\/span>, contra tot l&#8217;espectre d&#8217;influ\u00e8ncies perjudicials que poden afectar l&#8217;\u00e9sser hum\u00e0 des de l&#8217;exterior. S&#8217;esmenten amb especial freq\u00fc\u00e8ncia:<\/p>\n<p>Dimonis i esperits malignes, considerats enemics de l&#8217;\u00e9sser hum\u00e0 que volen fer-li mal en el cos, l&#8217;<span class=\"iwg-fachbegriff\" data-tooltip=\"Un \u00e9sser sense cos al qual s'atribueix efecte en el m\u00f3n.\" tabindex=\"0\">esperit<\/span> o l&#8217;\u00e0nima. El mal d&#8217;ull i la m\u00e0gia nociva, \u00e9s a dir, influ\u00e8ncies provocades per una intenci\u00f3 humana. Accidents i perills imprevistos de la vida quotidiana, davant els quals l&#8217;<span class=\"iwg-fachbegriff\" data-tooltip=\"Un \u00e0ngel al qual s'atribueix la protecci\u00f3 d'una persona individual.\" tabindex=\"0\">\u00e0ngel protector<\/span> avisa i guia com a acompanyant invisible.<\/p><p>Atacs d&#8217;esperits nocturns i dimonis del malson, que actuen durant el son, \u00e9s a dir, en un estat de vulnerabilitat. Perills m\u00e9s generals per a la vida, com la malaltia, els viatges i la guerra, per als quals el cristianisme medieval va desenvolupar oracions espec\u00edfiques a l&#8217;<span class=\"iwg-fachbegriff\" data-tooltip=\"Un \u00e0ngel al qual s'atribueix la protecci\u00f3 d'una persona individual.\" tabindex=\"0\">\u00e0ngel protector<\/span>.<\/p>\t\t\t\t\t\t\t\t<\/div>\n\t\t\t\t<\/div>\n\t\t\t\t\t<\/div>\n\t\t\t\t<\/div>\n\t\t<div class=\"elementor-element elementor-element-iwgs-schutzengel-anrufen-s5 e-flex e-con-boxed e-con e-parent\" data-id=\"iwgs-schutzengel-anrufen-s5\" data-element_type=\"container\" data-e-type=\"container\">\n\t\t\t\t\t<div class=\"e-con-inner\">\n\t\t\t\t<div class=\"elementor-element elementor-element-iwgs-schutzengel-anrufen-s5h elementor-widget elementor-widget-heading\" data-id=\"iwgs-schutzengel-anrufen-s5h\" data-element_type=\"widget\" data-e-type=\"widget\" data-widget_type=\"heading.default\">\n\t\t\t\t\t<h2 class=\"elementor-heading-title elementor-size-default\">Aplicaci\u00f3 i l\u00edmits<\/h2>\t\t\t\t<\/div>\n\t\t<div class=\"elementor-element elementor-element-iw-schutzengel-anrufen-s5-bw e-con-full e-flex e-con e-child\" data-id=\"iw-schutzengel-anrufen-s5-bw\" data-element_type=\"container\" data-e-type=\"container\">\n\t\t\t\t<div class=\"elementor-element elementor-element-iwgs-schutzengel-anrufen-s5t elementor-widget elementor-widget-text-editor\" data-id=\"iwgs-schutzengel-anrufen-s5t\" data-element_type=\"widget\" data-e-type=\"widget\" data-widget_type=\"text-editor.default\">\n\t\t\t\t\t\t\t\t\t<p>Segons la <span class=\"iwg-fachbegriff\" data-tooltip=\"La transmissi\u00f3 de coneixements i relats a trav\u00e9s de les generacions.\" tabindex=\"0\">tradici\u00f3<\/span>, la <span class=\"iwg-fachbegriff\" data-tooltip=\"L'acte de dirigir-se de manera suplicant o conjuradora a una divinitat o poder.\" tabindex=\"0\">invocaci\u00f3<\/span> de l&#8217;\u00e0ngel protector es considera una pr\u00e0ctica sempre permesa i desitjada, que no requereix cap capacitaci\u00f3 especial. Segons la <span class=\"iwg-fachbegriff\" data-tooltip=\"La religiositat viscuda en la vida quotidiana, sovint al costat de la doctrina oficial.\" tabindex=\"0\">religiositat popular<\/span> cristiana, tota persona t\u00e9 el seu <span class=\"iwg-fachbegriff\" data-tooltip=\"Un \u00e0ngel al qual s'atribueix la protecci\u00f3 d'una persona individual.\" tabindex=\"0\">\u00e0ngel protector<\/span>, i tothom pot invocar-lo.<\/p><p>Aquesta obertura distingeix la <span class=\"iwg-fachbegriff\" data-tooltip=\"L'acte de dirigir-se de manera suplicant o conjuradora a una divinitat o poder.\" tabindex=\"0\">invocaci\u00f3<\/span> de l&#8217;<span class=\"iwg-fachbegriff\" data-tooltip=\"Un \u00e0ngel al qual s'atribueix la protecci\u00f3 d'una persona individual.\" tabindex=\"0\">\u00e0ngel protector<\/span> de la f\u00f3rmula d&#8217;exorcisme especialitzada o de l&#8217;ensalmament, que segons la <span class=\"iwg-fachbegriff\" data-tooltip=\"La transmissi\u00f3 de coneixements i relats a trav\u00e9s de les generacions.\" tabindex=\"0\">tradici\u00f3<\/span> estan reservats a persones especials.<\/p>\n<p>Els l\u00edmits transmesos de la <span class=\"iwg-fachbegriff\" data-tooltip=\"L'acte de dirigir-se de manera suplicant o conjuradora a una divinitat o poder.\" tabindex=\"0\">invocaci\u00f3<\/span> de l&#8217;<span class=\"iwg-fachbegriff\" data-tooltip=\"Un \u00e0ngel al qual s'atribueix la protecci\u00f3 d'una persona individual.\" tabindex=\"0\">\u00e0ngel protector<\/span> fan refer\u00e8ncia m\u00e9s a la seva efic\u00e0cia que a la seva licitud: presuposa sinceritat i confian\u00e7a. Una <span class=\"iwg-fachbegriff\" data-tooltip=\"L'adre\u00e7a verbal de l'\u00e9sser hum\u00e0 a una divinitat.\" tabindex=\"0\">oraci\u00f3<\/span> pronunciada sense implicaci\u00f3 interior es considera poc efica\u00e7 en la tradici\u00f3 popular.<\/p><p>A m\u00e9s, l&#8217;<span class=\"iwg-fachbegriff\" data-tooltip=\"Un \u00e0ngel al qual s'atribueix la protecci\u00f3 d'una persona individual.\" tabindex=\"0\">\u00e0ngel protector<\/span> no \u00e9s un instrument per a intencions malicioses: protegeix, per\u00f2 en la tradici\u00f3 cristiana i isl\u00e0mica no es descriu com un \u00e9sser que es pugui dirigir contra altres persones.<\/p>\n<p>Estretament emparentat pel seu contingut amb la <span class=\"iwg-fachbegriff\" data-tooltip=\"L'acte de dirigir-se de manera suplicant o conjuradora a una divinitat o poder.\" tabindex=\"0\">invocaci\u00f3<\/span> de l&#8217;<span class=\"iwg-fachbegriff\" data-tooltip=\"Un \u00e0ngel al qual s'atribueix la protecci\u00f3 d'una persona individual.\" tabindex=\"0\">\u00e0ngel protector<\/span> \u00e9s l&#8217;<a href=\"https:\/\/iwell-guard.com\/ca\/?page_id=172015\">ensalmament<\/a>, on una persona demana protecci\u00f3 en representaci\u00f3 d&#8217;una altra. La difer\u00e8ncia rau en el fet que l&#8217;ensalmament utilitza una f\u00f3rmula transmesa, mentre que la <span class=\"iwg-fachbegriff\" data-tooltip=\"L'acte de dirigir-se de manera suplicant o conjuradora a una divinitat o poder.\" tabindex=\"0\">invocaci\u00f3<\/span> de l&#8217;<span class=\"iwg-fachbegriff\" data-tooltip=\"Un \u00e0ngel al qual s'atribueix la protecci\u00f3 d'una persona individual.\" tabindex=\"0\">\u00e0ngel protector<\/span> pot ser m\u00e9s lliure en la paraula i la forma.<\/p>\t\t\t\t\t\t\t\t<\/div>\n\t\t\t\t<\/div>\n\t\t\t\t\t<\/div>\n\t\t\t\t<\/div>\n\t\t<div class=\"elementor-element elementor-element-iwgs-schutzengel-anrufen-lit e-flex e-con-boxed e-con e-parent\" data-id=\"iwgs-schutzengel-anrufen-lit\" data-element_type=\"container\" data-e-type=\"container\">\n\t\t\t\t\t<div class=\"e-con-inner\">\n\t\t\t\t<div class=\"elementor-element elementor-element-iwgs-schutzengel-anrufen-lith elementor-widget elementor-widget-heading\" data-id=\"iwgs-schutzengel-anrufen-lith\" data-element_type=\"widget\" data-e-type=\"widget\" data-widget_type=\"heading.default\">\n\t\t\t\t\t<h2 class=\"elementor-heading-title elementor-size-default\">Bibliografia (selecci\u00f3)<\/h2>\t\t\t\t<\/div>\n\t\t<div class=\"elementor-element elementor-element-iw-schutzengel-anrufen-lit-bw e-con-full e-flex e-con e-child\" data-id=\"iw-schutzengel-anrufen-lit-bw\" data-element_type=\"container\" data-e-type=\"container\">\n\t\t\t\t<div class=\"elementor-element elementor-element-iwgs-schutzengel-anrufen-litt elementor-widget elementor-widget-html\" data-id=\"iwgs-schutzengel-anrufen-litt\" data-element_type=\"widget\" data-e-type=\"widget\" data-widget_type=\"html.default\">\n\t\t\t\t\t<footer data-nosnippet=\"true\"><ul><li>Gustav Davidson: A Dictionary of Angels. Including the Fallen Angels, New York 1967.<\/li><li>Karl E. Loning \/ Erich Zenger: Als Anfang schuf Gott (sobre les concepcions dels \u00e0ngels en el judaisme i el cristianisme), Freiburg 1997.<\/li><li>David Albert Jones: Angels. A History, Oxford 2010.<\/li><li>Handw\u00f6rterbuch des deutschen Aberglaubens, ed. per Hanns B\u00e4chtold-St\u00e4ubli, Berl\u00edn\/Leipzig 1927-1942 (articles \"Engel\", \"Schutzgeist\").<\/li><li>Annemarie Schimmel: Die Zeichen Gottes. Die religi\u00f6se Welt des Islam, Munic 1995 (sobre les concepcions dels \u00e0ngels en l'islam).<\/li><li>Johann Figl (ed.): Handbuch Religionswissenschaft, Innsbruck\/Viena 2003 (sobre esperits protectors en diferents regions del m\u00f3n).<\/li><\/ul><\/footer>\t\t\t\t<\/div>\n\t\t\t\t<\/div>\n\t\t\t\t\t<\/div>\n\t\t\t\t<\/div>\n\t\t<div class=\"elementor-element elementor-element-iwgs-schutzengel-anrufen-kwd e-flex e-con-boxed e-con e-parent\" data-id=\"iwgs-schutzengel-anrufen-kwd\" data-element_type=\"container\" data-e-type=\"container\">\n\t\t\t\t\t<div class=\"e-con-inner\">\n\t\t<div class=\"elementor-element elementor-element-iw-schutzengel-anrufen-kwd-bw e-con-full e-flex e-con e-child\" data-id=\"iw-schutzengel-anrufen-kwd-bw\" data-element_type=\"container\" data-e-type=\"container\">\n\t\t\t\t<div class=\"elementor-element elementor-element-iwgs-schutzengel-anrufen-kwdt elementor-widget elementor-widget-text-editor\" data-id=\"iwgs-schutzengel-anrufen-kwdt\" data-element_type=\"widget\" data-e-type=\"widget\" data-widget_type=\"text-editor.default\">\n\t\t\t\t\t\t\t\t\t<p><em>Conceptes clau relacionats: invocaci\u00f3 de l&#8217;<span class=\"iwg-fachbegriff\" data-tooltip=\"Un \u00e0ngel al qual s'atribueix la protecci\u00f3 d'una persona concreta.\" tabindex=\"0\">\u00e0ngel de la guarda<\/span>, invocaci\u00f3 ang\u00e8lica, oraci\u00f3 de protecci\u00f3.<\/em><\/p>\t\t\t\t\t\t\t\t<\/div>\n\t\t\t\t<\/div>\n\t\t\t\t\t<\/div>\n\t\t\t\t<\/div>\n\t\t<div class=\"elementor-element elementor-element-iwgs-schutzengel-anrufen-cc e-flex e-con-boxed e-con e-parent\" data-id=\"iwgs-schutzengel-anrufen-cc\" data-element_type=\"container\" data-e-type=\"container\" id=\"iwg-cc-schutzengel-anrufen\">\n\t\t\t\t\t<div class=\"e-con-inner\">\n\t\t<div class=\"elementor-element elementor-element-iwgs-schutzengel-anrufen-ccinner e-flex e-con-boxed e-con e-parent\" data-id=\"iwgs-schutzengel-anrufen-ccinner\" data-element_type=\"container\" data-e-type=\"container\" data-settings=\"{&quot;background_background&quot;:&quot;classic&quot;}\">\n\t\t\t\t\t<div class=\"e-con-inner\">\n\t\t\t\t<div class=\"elementor-element elementor-element-iwgs-schutzengel-anrufen-cch elementor-widget elementor-widget-heading\" data-id=\"iwgs-schutzengel-anrufen-cch\" data-element_type=\"widget\" data-e-type=\"widget\" data-widget_type=\"heading.default\">\n\t\t\t\t\t<h2 class=\"elementor-heading-title elementor-size-default\">iWell Guard i tradicions de protecci\u00f3<\/h2>\t\t\t\t<\/div>\n\t\t\t\t<div class=\"elementor-element elementor-element-iwgs-schutzengel-anrufen-cct elementor-widget elementor-widget-text-editor\" data-id=\"iwgs-schutzengel-anrufen-cct\" data-element_type=\"widget\" data-e-type=\"widget\" data-widget_type=\"text-editor.default\">\n\t\t\t\t\t\t\t\t\t<p>La idea de l&#8217;\u00e9sser protector com a aliat, que pot ser invocat i que acompanya la persona en els moments dif\u00edcils, \u00e9s una de les experi\u00e8ncies espirituals m\u00e9s constants de la humanitat. L&#8217;<a href=\"https:\/\/iwell-guard.com\/ca\/penjoll-protector-iwell-guard-comprar\/\">iWell Guard<\/a> reuneix s\u00edmbols de protecci\u00f3 de tradicions en les quals aquests aliats reben noms i formes diferents.<\/p><p>No pret\u00e9n substituir la pr\u00e0ctica personal, per\u00f2 pot servir com a record que es porta a sobre: el recordatori de que la protecci\u00f3 no \u00e9s nom\u00e9s material i que, en totes les cultures, els vincles amb els \u00e9ssers protectors es consideren reals i dignes de ser conreats.<\/p>\t\t\t\t\t\t\t\t<\/div>\n\t\t\t\t<div class=\"elementor-element elementor-element-iwgs-schutzengel-anrufen-ccb iwg-cc-button iwg-cc-cta-2026-05-13 elementor-widget elementor-widget-jet-button\" data-id=\"iwgs-schutzengel-anrufen-ccb\" data-element_type=\"widget\" data-e-type=\"widget\" data-widget_type=\"jet-button.default\">\n\t\t\t\t<div class=\"elementor-widget-container\">\n\t\t\t\t\t<div class=\"elementor-jet-button jet-elements\"><div class=\"jet-button__container\"><a class=\"jet-button__instance jet-button__instance--icon-left hover-effect-1\" href=\"\/schutzanhaenger-iwell-guard-kaufen\/?utm_source=iwell-guard.com&amp;utm_medium=info-box&amp;utm_campaign=schutzsymbole\"><div class=\"jet-button__plane jet-button__plane-normal\"><\/div><div class=\"jet-button__plane jet-button__plane-hover\"><\/div><div class=\"jet-button__state jet-button__state-normal\"><span class=\"jet-button__label\">M\u00e9s informaci\u00f3 sobre l'iWell Guard<\/span><\/div><div class=\"jet-button__state jet-button__state-hover\"><span class=\"jet-button__label\">M\u00e9s informaci\u00f3 sobre l'iWell Guard<\/span><\/div><\/a><\/div><\/div><style>.elementor-element.elementor-element-iwgs-schutzengel-anrufen-ccb .jet-button__instance{width:320px;height:56px;}.elementor-element.elementor-element-iwgs-schutzengel-anrufen-ccb .jet-button__state-normal .jet-button__label{text-align:center;margin:0px 0px 0px 0px;color:#1a1b20;font-family:Montserrat,sans-serif;font-size:13px;font-weight:400;letter-spacing:4px;line-height:1.714em;text-transform:uppercase;}.elementor-element.elementor-element-iwgs-schutzengel-anrufen-ccb .jet-button__state-hover .jet-button__label{text-align:center;margin:0px 0px 0px 0px;color:#FECC76;font-family:Montserrat,sans-serif;font-size:13px;font-weight:400;letter-spacing:4px;line-height:1.714em;text-transform:uppercase;}.elementor-element.elementor-element-iwgs-schutzengel-anrufen-ccb .jet-button__plane-normal{background-color:#FECC76;border-style:solid;border-color:#C99540;border-width:2px 2px 2px 2px;}.elementor-element.elementor-element-iwgs-schutzengel-anrufen-ccb .jet-button__plane-hover{background-color:rgba(0,0,0,0.55);border-style:solid;border-color:#FECC76;border-width:2px 2px 2px 2px;}<\/style>\t\t\t\t<\/div>\n\t\t\t\t<\/div>\n\t\t\t\t<div class=\"elementor-element elementor-element-iwgs-schutzengel-anrufen-ccd elementor-widget elementor-widget-text-editor\" data-id=\"iwgs-schutzengel-anrufen-ccd\" data-element_type=\"widget\" data-e-type=\"widget\" data-widget_type=\"text-editor.default\">\n\t\t\t\t\t\t\t\t\t<p style=\"text-align:center;font-size:13px;opacity:0.7;margin-top:14px\" data-nosnippet=\"true\">Les experi\u00e8ncies personals poden variar. No \u00e9s un producte sanitari. No es garanteix cap curaci\u00f3.<\/p>\t\t\t\t\t\t\t\t<\/div>\n\t\t\t\t\t<\/div>\n\t\t\t\t<\/div>\n\t\t\t\t\t<\/div>\n\t\t\t\t<\/div>\n\t\t<div class=\"elementor-element elementor-element-iwgs-schutzengel-anrufen-disc e-flex e-con-boxed e-con e-parent\" data-id=\"iwgs-schutzengel-anrufen-disc\" data-element_type=\"container\" data-e-type=\"container\">\n\t\t\t\t\t<div class=\"e-con-inner\">\n\t\t<div class=\"elementor-element elementor-element-iw-schutzengel-anrufen-disc-bw e-con-full e-flex e-con e-child\" data-id=\"iw-schutzengel-anrufen-disc-bw\" data-element_type=\"container\" data-e-type=\"container\">\n\t\t\t\t<div class=\"elementor-element elementor-element-iwgs-schutzengel-anrufen-discw elementor-widget elementor-widget-html\" data-id=\"iwgs-schutzengel-anrufen-discw\" data-element_type=\"widget\" data-e-type=\"widget\" data-widget_type=\"html.default\">\n\t\t\t\t\t<footer data-nosnippet=\"true\" class=\"iwg-disclaimer-block\"><p data-nosnippet=\"true\">iWell Guard <strong>no \u00e9s un producte sanitari<\/strong> i no substitueix cap tractament m\u00e8dic o psicoterap\u00e8utic. Els continguts presentats aqu\u00ed s\u00f3n una contextualitzaci\u00f3 des de la ci\u00e8ncia de les religions i la hist\u00f2ria cultural, no una promesa d'efecte espiritual.<\/p><\/footer>\t\t\t\t<\/div>\n\t\t\t\t<\/div>\n\t\t\t\t\t<\/div>\n\t\t\t\t<\/div>\n\t\t\t\t<\/div>\n\t\t","protected":false},"excerpt":{"rendered":"","protected":false},"author":3,"featured_media":4116,"parent":0,"menu_order":0,"comment_status":"closed","ping_status":"closed","template":"elementor_header_footer","meta":{"_yoast_wpseo_focuskw":"invocar l'\u00e0ngel de la guarda","_yoast_wpseo_title":"Invocar l'\u00e0ngel de la guarda - Invocaci\u00f3 de protecci\u00f3","_yoast_wpseo_metadesc":"Invocar l'\u00e0ngel de la guarda: tradici\u00f3 i rerefons de la invocaci\u00f3 ang\u00e8lica en la tradici\u00f3 cristiana, isl\u00e0mica i d'altres cultures.","_yoast_wpseo_meta-robots-noindex":"","_yoast_wpseo_canonical":"","_angie_page":false,"gefaehrdungsstufe":"","wesen_kultur":"","wesen_klasse":"","footnotes":""},"categories":[],"class_list":["post-172029","page","type-page","status-publish","has-post-thumbnail","hentry"],"yoast_head":"<!-- This site is optimized with the Yoast SEO Premium plugin v27.7 (Yoast SEO v28.3) - https:\/\/yoast.com\/product\/yoast-seo-premium-wordpress\/ -->\n<title>Invocar l&#039;\u00e0ngel de la guarda - Invocaci\u00f3 de protecci\u00f3<\/title>\n<meta name=\"description\" content=\"Invocar l&#039;\u00e0ngel de la guarda: tradici\u00f3 i rerefons de la invocaci\u00f3 ang\u00e8lica en la tradici\u00f3 cristiana, isl\u00e0mica i d&#039;altres cultures.\" \/>\n<meta name=\"robots\" content=\"index, follow, max-snippet:-1, max-image-preview:large, max-video-preview:-1\" \/>\n<link rel=\"canonical\" href=\"https:\/\/iwell-guard.com\/ca\/invocar-angel-guarda\/\" \/>\n<meta property=\"og:locale\" content=\"ca_ES\" \/>\n<meta property=\"og:type\" content=\"article\" \/>\n<meta property=\"og:title\" content=\"Invocar l&#039;\u00e0ngel de la guarda\" \/>\n<meta property=\"og:description\" content=\"Invocar l&#039;\u00e0ngel de la guarda: tradici\u00f3 i rerefons de la invocaci\u00f3 ang\u00e8lica en la tradici\u00f3 cristiana, isl\u00e0mica i d&#039;altres cultures.\" \/>\n<meta property=\"og:url\" content=\"https:\/\/iwell-guard.com\/ca\/invocar-angel-guarda\/\" \/>\n<meta property=\"og:site_name\" content=\"iWell Guard\" \/>\n<meta property=\"article:modified_time\" content=\"2026-09-05T16:13:29+00:00\" \/>\n<meta property=\"og:image\" content=\"https:\/\/iwell-guard.com\/wp-content\/uploads\/2026\/05\/schutzsymbol_christentum_schutzengel-683x1024.png\" \/>\n\t<meta property=\"og:image:width\" content=\"683\" \/>\n\t<meta property=\"og:image:height\" content=\"1024\" \/>\n\t<meta property=\"og:image:type\" content=\"image\/png\" \/>\n<meta name=\"twitter:card\" content=\"summary_large_image\" \/>\n<script type=\"application\/ld+json\" class=\"yoast-schema-graph\">{\"@context\":\"https:\\\/\\\/schema.org\",\"@graph\":[{\"@type\":\"WebPage\",\"@id\":\"https:\\\/\\\/iwell-guard.com\\\/ca\\\/invocar-angel-guarda\\\/\",\"url\":\"https:\\\/\\\/iwell-guard.com\\\/ca\\\/invocar-angel-guarda\\\/\",\"name\":\"Invocar l'\u00e0ngel de la guarda - Invocaci\u00f3 de protecci\u00f3\",\"isPartOf\":{\"@id\":\"https:\\\/\\\/iwell-guard.com\\\/ca\\\/#website\"},\"primaryImageOfPage\":{\"@id\":\"https:\\\/\\\/iwell-guard.com\\\/ca\\\/invocar-angel-guarda\\\/#primaryimage\"},\"image\":{\"@id\":\"https:\\\/\\\/iwell-guard.com\\\/ca\\\/invocar-angel-guarda\\\/#primaryimage\"},\"thumbnailUrl\":\"https:\\\/\\\/iwell-guard.com\\\/wp-content\\\/uploads\\\/2026\\\/05\\\/schutzsymbol_christentum_schutzengel.png\",\"datePublished\":\"2026-09-05T15:44:29+00:00\",\"dateModified\":\"2026-09-05T16:13:29+00:00\",\"description\":\"Invocar l'\u00e0ngel de la guarda: tradici\u00f3 i rerefons de la invocaci\u00f3 ang\u00e8lica en la tradici\u00f3 cristiana, isl\u00e0mica i d'altres cultures.\",\"breadcrumb\":{\"@id\":\"https:\\\/\\\/iwell-guard.com\\\/ca\\\/invocar-angel-guarda\\\/#breadcrumb\"},\"inLanguage\":\"ca\",\"potentialAction\":[{\"@type\":\"ReadAction\",\"target\":[\"https:\\\/\\\/iwell-guard.com\\\/ca\\\/invocar-angel-guarda\\\/\"]}]},{\"@type\":\"ImageObject\",\"inLanguage\":\"ca\",\"@id\":\"https:\\\/\\\/iwell-guard.com\\\/ca\\\/invocar-angel-guarda\\\/#primaryimage\",\"url\":\"https:\\\/\\\/iwell-guard.com\\\/wp-content\\\/uploads\\\/2026\\\/05\\\/schutzsymbol_christentum_schutzengel.png\",\"contentUrl\":\"https:\\\/\\\/iwell-guard.com\\\/wp-content\\\/uploads\\\/2026\\\/05\\\/schutzsymbol_christentum_schutzengel.png\",\"width\":1024,\"height\":1536,\"caption\":\"Invocar l'\u00e0ngel de la guarda: la s\u00faplica d'ajuda, en clau historicoil\u00b7lustrativa\"},{\"@type\":\"BreadcrumbList\",\"@id\":\"https:\\\/\\\/iwell-guard.com\\\/ca\\\/invocar-angel-guarda\\\/#breadcrumb\",\"itemListElement\":[{\"@type\":\"ListItem\",\"position\":1,\"name\":\"Start\",\"item\":\"https:\\\/\\\/iwell-guard.com\\\/ca\\\/?page_id=171333\"},{\"@type\":\"ListItem\",\"position\":2,\"name\":\"Invocar l&#8217;\u00e0ngel de la guarda\"}]},{\"@type\":\"WebSite\",\"@id\":\"https:\\\/\\\/iwell-guard.com\\\/ca\\\/#website\",\"url\":\"https:\\\/\\\/iwell-guard.com\\\/ca\\\/\",\"name\":\"iWell Guard\",\"description\":\"Schutz vor dunklen Einfl\u00fcssen\",\"publisher\":{\"@id\":\"https:\\\/\\\/iwell-guard.com\\\/ca\\\/#organization\"},\"potentialAction\":[{\"@type\":\"SearchAction\",\"target\":{\"@type\":\"EntryPoint\",\"urlTemplate\":\"https:\\\/\\\/iwell-guard.com\\\/ca\\\/?s={search_term_string}\"},\"query-input\":{\"@type\":\"PropertyValueSpecification\",\"valueRequired\":true,\"valueName\":\"search_term_string\"}}],\"inLanguage\":\"ca\"},{\"@type\":\"Organization\",\"@id\":\"https:\\\/\\\/iwell-guard.com\\\/ca\\\/#organization\",\"name\":\"Ittermann electronic GmbH\",\"url\":\"https:\\\/\\\/iwell-guard.com\\\/ca\\\/\",\"logo\":{\"@type\":\"ImageObject\",\"inLanguage\":\"ca\",\"@id\":\"https:\\\/\\\/iwell-guard.com\\\/ca\\\/#\\\/schema\\\/logo\\\/image\\\/\",\"url\":\"https:\\\/\\\/iwell-guard.com\\\/wp-content\\\/uploads\\\/2026\\\/05\\\/Ittermann-Logo-1182x237-1.png\",\"contentUrl\":\"https:\\\/\\\/iwell-guard.com\\\/wp-content\\\/uploads\\\/2026\\\/05\\\/Ittermann-Logo-1182x237-1.png\",\"width\":1182,\"height\":237,\"caption\":\"Ittermann electronic GmbH\"},\"image\":{\"@id\":\"https:\\\/\\\/iwell-guard.com\\\/ca\\\/#\\\/schema\\\/logo\\\/image\\\/\"},\"sameAs\":[\"https:\\\/\\\/pantip.com\\\/profile\\\/9367242\",\"https:\\\/\\\/micro.blog\\\/iwellguard\",\"https:\\\/\\\/www.diggerslist.com\\\/iwellguard\\\/about\",\"https:\\\/\\\/skitterphoto.com\\\/photographers\\\/2870314\\\/iwell-guard\",\"https:\\\/\\\/iwellguard.wordpress.com\\\/2026\\\/06\\\/06\\\/iwell-guard\\\/\",\"https:\\\/\\\/hub.docker.com\\\/u\\\/iwellguard\",\"https:\\\/\\\/www.pinterest.com\\\/iwellguard\\\/\",\"https:\\\/\\\/bit.ly\\\/m\\\/iwellguard\",\"https:\\\/\\\/entre-vos-mains.alsace.eu\\\/profiles\\\/iwellguard\\\/activity\",\"https:\\\/\\\/gravatar.com\\\/reallybeded8fd34\",\"https:\\\/\\\/naijamatta.com\\\/iwellguard\",\"https:\\\/\\\/www.goodreads.com\\\/iwellguard\",\"https:\\\/\\\/profile.hatena.ne.jp\\\/iwellguard\\\/\",\"https:\\\/\\\/experiment.com\\\/users\\\/iwellguard\",\"https:\\\/\\\/wakelet.com\\\/@iWellGuard82270\",\"https:\\\/\\\/www.chordie.com\\\/forum\\\/profile.php?id=2555664\",\"https:\\\/\\\/www.instapaper.com\\\/p\\\/17757966\",\"https:\\\/\\\/www.mapleprimes.com\\\/users\\\/iwellguard\",\"https:\\\/\\\/businesslistingplus.com\\\/profile\\\/iwell-guard\\\/\",\"https:\\\/\\\/telegra.ph\\\/iWell-Guard-06-06\",\"https:\\\/\\\/pbase.com\\\/iwellguard\\\/iwellguard\",\"https:\\\/\\\/b.hatena.ne.jp\\\/iwellguard\\\/20260607#bookmark-4788405196491818882\",\"https:\\\/\\\/fliphtml5.com\\\/home\\\/iwellguard\",\"https:\\\/\\\/anyflip.com\\\/homepage\\\/cmiwl#About\",\"https:\\\/\\\/transfur.com\\\/Users\\\/iwellguard\",\"http:\\\/\\\/delphi.larsbo.org\\\/user\\\/iwellguard\",\"https:\\\/\\\/jobs.lajobsportal.org\\\/profiles\\\/8380803-iwell-guard\",\"https:\\\/\\\/md.chaosdorf.de\\\/s\\\/jfbe5SBdJD\",\"https:\\\/\\\/www.lingvolive.com\\\/en-us\\\/profile\\\/9ecaeaca-ce11-4e51-9e71-01d55e2bff36\\\/translations\",\"https:\\\/\\\/www.fitday.com\\\/fitness\\\/forums\\\/members\\\/iwellguard.html\",\"https:\\\/\\\/www.mymeetbook.com\\\/iwellguard\",\"https:\\\/\\\/pxhere.com\\\/en\\\/photographer-me\\\/5040798\",\"https:\\\/\\\/disqus.com\\\/by\\\/iwellguard\\\/about\\\/\",\"https:\\\/\\\/pastelink.net\\\/hjwciqwq\",\"https:\\\/\\\/pubhtml5.com\\\/homepage\\\/scjhn\\\/\",\"https:\\\/\\\/www.bitchute.com\\\/channel\\\/2O2eOKzNqujT\",\"https:\\\/\\\/audiomack.com\\\/iwellguard\"]}]}<\/script>\n<!-- \/ Yoast SEO Premium plugin. -->","yoast_head_json":{"title":"Invocar l'\u00e0ngel de la guarda - Invocaci\u00f3 de protecci\u00f3","description":"Invocar l'\u00e0ngel de la guarda: tradici\u00f3 i rerefons de la invocaci\u00f3 ang\u00e8lica en la tradici\u00f3 cristiana, isl\u00e0mica i d'altres cultures.","robots":{"index":"index","follow":"follow","max-snippet":"max-snippet:-1","max-image-preview":"max-image-preview:large","max-video-preview":"max-video-preview:-1"},"canonical":"https:\/\/iwell-guard.com\/ca\/invocar-angel-guarda\/","og_locale":"ca_ES","og_type":"article","og_title":"Invocar l'\u00e0ngel de la guarda","og_description":"Invocar l'\u00e0ngel de la guarda: tradici\u00f3 i rerefons de la invocaci\u00f3 ang\u00e8lica en la tradici\u00f3 cristiana, isl\u00e0mica i d'altres cultures.","og_url":"https:\/\/iwell-guard.com\/ca\/invocar-angel-guarda\/","og_site_name":"iWell Guard","article_modified_time":"2026-09-05T16:13:29+00:00","og_image":[{"width":683,"height":1024,"url":"https:\/\/iwell-guard.com\/wp-content\/uploads\/2026\/05\/schutzsymbol_christentum_schutzengel-683x1024.png","type":"image\/png"}],"twitter_card":"summary_large_image","schema":{"@context":"https:\/\/schema.org","@graph":[{"@type":"WebPage","@id":"https:\/\/iwell-guard.com\/ca\/invocar-angel-guarda\/","url":"https:\/\/iwell-guard.com\/ca\/invocar-angel-guarda\/","name":"Invocar l'\u00e0ngel de la guarda - Invocaci\u00f3 de protecci\u00f3","isPartOf":{"@id":"https:\/\/iwell-guard.com\/ca\/#website"},"primaryImageOfPage":{"@id":"https:\/\/iwell-guard.com\/ca\/invocar-angel-guarda\/#primaryimage"},"image":{"@id":"https:\/\/iwell-guard.com\/ca\/invocar-angel-guarda\/#primaryimage"},"thumbnailUrl":"https:\/\/iwell-guard.com\/wp-content\/uploads\/2026\/05\/schutzsymbol_christentum_schutzengel.png","datePublished":"2026-09-05T15:44:29+00:00","dateModified":"2026-09-05T16:13:29+00:00","description":"Invocar l'\u00e0ngel de la guarda: tradici\u00f3 i rerefons de la invocaci\u00f3 ang\u00e8lica en la tradici\u00f3 cristiana, isl\u00e0mica i d'altres cultures.","breadcrumb":{"@id":"https:\/\/iwell-guard.com\/ca\/invocar-angel-guarda\/#breadcrumb"},"inLanguage":"ca","potentialAction":[{"@type":"ReadAction","target":["https:\/\/iwell-guard.com\/ca\/invocar-angel-guarda\/"]}]},{"@type":"ImageObject","inLanguage":"ca","@id":"https:\/\/iwell-guard.com\/ca\/invocar-angel-guarda\/#primaryimage","url":"https:\/\/iwell-guard.com\/wp-content\/uploads\/2026\/05\/schutzsymbol_christentum_schutzengel.png","contentUrl":"https:\/\/iwell-guard.com\/wp-content\/uploads\/2026\/05\/schutzsymbol_christentum_schutzengel.png","width":1024,"height":1536,"caption":"Invocar l'\u00e0ngel de la guarda: la s\u00faplica d'ajuda, en clau historicoil\u00b7lustrativa"},{"@type":"BreadcrumbList","@id":"https:\/\/iwell-guard.com\/ca\/invocar-angel-guarda\/#breadcrumb","itemListElement":[{"@type":"ListItem","position":1,"name":"Start","item":"https:\/\/iwell-guard.com\/ca\/?page_id=171333"},{"@type":"ListItem","position":2,"name":"Invocar l&#8217;\u00e0ngel de la guarda"}]},{"@type":"WebSite","@id":"https:\/\/iwell-guard.com\/ca\/#website","url":"https:\/\/iwell-guard.com\/ca\/","name":"iWell Guard","description":"Schutz vor dunklen Einfl\u00fcssen","publisher":{"@id":"https:\/\/iwell-guard.com\/ca\/#organization"},"potentialAction":[{"@type":"SearchAction","target":{"@type":"EntryPoint","urlTemplate":"https:\/\/iwell-guard.com\/ca\/?s={search_term_string}"},"query-input":{"@type":"PropertyValueSpecification","valueRequired":true,"valueName":"search_term_string"}}],"inLanguage":"ca"},{"@type":"Organization","@id":"https:\/\/iwell-guard.com\/ca\/#organization","name":"Ittermann electronic GmbH","url":"https:\/\/iwell-guard.com\/ca\/","logo":{"@type":"ImageObject","inLanguage":"ca","@id":"https:\/\/iwell-guard.com\/ca\/#\/schema\/logo\/image\/","url":"https:\/\/iwell-guard.com\/wp-content\/uploads\/2026\/05\/Ittermann-Logo-1182x237-1.png","contentUrl":"https:\/\/iwell-guard.com\/wp-content\/uploads\/2026\/05\/Ittermann-Logo-1182x237-1.png","width":1182,"height":237,"caption":"Ittermann electronic GmbH"},"image":{"@id":"https:\/\/iwell-guard.com\/ca\/#\/schema\/logo\/image\/"},"sameAs":["https:\/\/pantip.com\/profile\/9367242","https:\/\/micro.blog\/iwellguard","https:\/\/www.diggerslist.com\/iwellguard\/about","https:\/\/skitterphoto.com\/photographers\/2870314\/iwell-guard","https:\/\/iwellguard.wordpress.com\/2026\/06\/06\/iwell-guard\/","https:\/\/hub.docker.com\/u\/iwellguard","https:\/\/www.pinterest.com\/iwellguard\/","https:\/\/bit.ly\/m\/iwellguard","https:\/\/entre-vos-mains.alsace.eu\/profiles\/iwellguard\/activity","https:\/\/gravatar.com\/reallybeded8fd34","https:\/\/naijamatta.com\/iwellguard","https:\/\/www.goodreads.com\/iwellguard","https:\/\/profile.hatena.ne.jp\/iwellguard\/","https:\/\/experiment.com\/users\/iwellguard","https:\/\/wakelet.com\/@iWellGuard82270","https:\/\/www.chordie.com\/forum\/profile.php?id=2555664","https:\/\/www.instapaper.com\/p\/17757966","https:\/\/www.mapleprimes.com\/users\/iwellguard","https:\/\/businesslistingplus.com\/profile\/iwell-guard\/","https:\/\/telegra.ph\/iWell-Guard-06-06","https:\/\/pbase.com\/iwellguard\/iwellguard","https:\/\/b.hatena.ne.jp\/iwellguard\/20260607#bookmark-4788405196491818882","https:\/\/fliphtml5.com\/home\/iwellguard","https:\/\/anyflip.com\/homepage\/cmiwl#About","https:\/\/transfur.com\/Users\/iwellguard","http:\/\/delphi.larsbo.org\/user\/iwellguard","https:\/\/jobs.lajobsportal.org\/profiles\/8380803-iwell-guard","https:\/\/md.chaosdorf.de\/s\/jfbe5SBdJD","https:\/\/www.lingvolive.com\/en-us\/profile\/9ecaeaca-ce11-4e51-9e71-01d55e2bff36\/translations","https:\/\/www.fitday.com\/fitness\/forums\/members\/iwellguard.html","https:\/\/www.mymeetbook.com\/iwellguard","https:\/\/pxhere.com\/en\/photographer-me\/5040798","https:\/\/disqus.com\/by\/iwellguard\/about\/","https:\/\/pastelink.net\/hjwciqwq","https:\/\/pubhtml5.com\/homepage\/scjhn\/","https:\/\/www.bitchute.com\/channel\/2O2eOKzNqujT","https:\/\/audiomack.com\/iwellguard"]}]}},"_links":{"self":[{"href":"https:\/\/iwell-guard.com\/ca\/wp-json\/wp\/v2\/pages\/172029","targetHints":{"allow":["GET"]}}],"collection":[{"href":"https:\/\/iwell-guard.com\/ca\/wp-json\/wp\/v2\/pages"}],"about":[{"href":"https:\/\/iwell-guard.com\/ca\/wp-json\/wp\/v2\/types\/page"}],"author":[{"embeddable":true,"href":"https:\/\/iwell-guard.com\/ca\/wp-json\/wp\/v2\/users\/3"}],"replies":[{"embeddable":true,"href":"https:\/\/iwell-guard.com\/ca\/wp-json\/wp\/v2\/comments?post=172029"}],"version-history":[{"count":0,"href":"https:\/\/iwell-guard.com\/ca\/wp-json\/wp\/v2\/pages\/172029\/revisions"}],"wp:featuredmedia":[{"embeddable":true,"href":"https:\/\/iwell-guard.com\/ca\/wp-json\/wp\/v2\/media\/4116"}],"wp:attachment":[{"href":"https:\/\/iwell-guard.com\/ca\/wp-json\/wp\/v2\/media?parent=172029"}],"wp:term":[{"taxonomy":"category","embeddable":true,"href":"https:\/\/iwell-guard.com\/ca\/wp-json\/wp\/v2\/categories?post=172029"}],"curies":[{"name":"wp","href":"https:\/\/api.w.org\/{rel}","templated":true}]}}