{"id":172027,"date":"2026-09-05T15:44:27","date_gmt":"2026-09-05T15:44:27","guid":{"rendered":"https:\/\/iwell-guard.com\/?page_id=172027"},"modified":"2026-09-05T16:13:25","modified_gmt":"2026-09-05T16:13:25","slug":"la-sal-com-a-proteccio","status":"publish","type":"page","link":"https:\/\/iwell-guard.com\/ca\/la-sal-com-a-proteccio\/","title":{"rendered":"La sal com a protecci\u00f3"},"content":{"rendered":"\t\t<div data-elementor-type=\"wp-page\" data-elementor-id=\"172027\" class=\"elementor elementor-172027 elementor-3784 elementor-bc-flex-widget\" data-elementor-post-type=\"page\">\n\t\t\t\t<div class=\"elementor-element elementor-element-iwgs-salz-hero e-flex e-con-boxed e-con e-parent\" data-id=\"iwgs-salz-hero\" data-element_type=\"container\" data-e-type=\"container\">\n\t\t\t\t\t<div class=\"e-con-inner\">\n\t\t<div class=\"elementor-element elementor-element-iw-salz-hero-left e-con-full e-flex e-con e-child\" data-id=\"iw-salz-hero-left\" data-element_type=\"container\" data-e-type=\"container\">\n\t\t\t\t<div class=\"elementor-element elementor-element-iwgs-salz-h1 elementor-widget elementor-widget-heading\" data-id=\"iwgs-salz-h1\" data-element_type=\"widget\" data-e-type=\"widget\" data-widget_type=\"heading.default\">\n\t\t\t\t\t<h1 class=\"elementor-heading-title elementor-size-default\">La sal com a protecci\u00f3 \u2014 purificaci\u00f3 i tra\u00e7at de l\u00edmits<\/h1>\t\t\t\t<\/div>\n\t\t<div class=\"elementor-element elementor-element-iw-salz-hero-bw e-con-full e-flex e-con e-child\" data-id=\"iw-salz-hero-bw\" data-element_type=\"container\" data-e-type=\"container\">\n\t\t\t\t<div class=\"elementor-element elementor-element-iwgs-salz-pills elementor-widget elementor-widget-html\" data-id=\"iwgs-salz-pills\" data-element_type=\"widget\" data-e-type=\"widget\" data-widget_type=\"html.default\">\n\t\t\t\t\t<div class=\"iwg-pill-row\"><span class=\"iwg-klasse-badge\" tabindex=\"0\" data-tooltip=\"Tipus de mitj\u00e0 de protecci\u00f3.\">Subst\u00e0ncia protectora<\/span><a href=\"https:\/\/iwell-guard.com\/ca\/?page_id=172010\" class=\"iwg-kultur-badge\" tabindex=\"0\" data-tooltip=\"Anar a la visi\u00f3 general.\">Subst\u00e0ncies protectores i plantes<\/a><\/div>\t\t\t\t<\/div>\n\t\t\t\t<div class=\"elementor-element elementor-element-iwgs-salz-lead elementor-widget elementor-widget-text-editor\" data-id=\"iwgs-salz-lead\" data-element_type=\"widget\" data-e-type=\"widget\" data-widget_type=\"text-editor.default\">\n\t\t\t\t\t\t\t\t\t<p>La sal \u00e9s una de les subst\u00e0ncies protectores m\u00e9s antigues i culturalment m\u00e9s esteses que coneix la <span class=\"iwg-fachbegriff\" data-tooltip=\"Ci\u00e8ncia que estudia la cultura quotidiana, els costums i les creences transmeses.\" tabindex=\"0\">etnologia<\/span>.<\/p><p>Com a mineral que serveix des de temps antics per conservar aliments, la sal va rebre aviat una c\u00e0rrega simb\u00f2lica: all\u00f2 que preserva la carn de la putrefacci\u00f3, segons aquesta l\u00f2gica popular, tamb\u00e9 pot protegir els vius d&#8217;all\u00f2 nociu. La <span class=\"iwg-fachbegriff\" data-tooltip=\"La transmissi\u00f3 de coneixements i relats al llarg de generacions.\" tabindex=\"0\">tradici\u00f3<\/span> de diverses cultures atribueix a la sal propietats purificadores, conjuradores i protectores de l\u00edmits.<\/p>\n<p>A les p\u00e0gines de <a href=\"https:\/\/iwell-guard.com\/ca\/?page_id=172010\">subst\u00e0ncies i plantes protectores<\/a>, la sal constitueix l&#8217;exemple m\u00e9s conegut i m\u00e9s est\u00e8s: una subst\u00e0ncia quotidiana que en gaireb\u00e9 totes les cultures dom\u00e8stiques del Vell M\u00f3n es va convertir en un remei protector.<\/p>\n<p class=\"iwg-kwfix\">Una l\u00ednia de sal actua com un tra\u00e7at de l\u00edmits que, segons la tradici\u00f3, els \u00e9ssers nocius no poden travessar. Les l\u00ednies de sal es consideren, segons la tradici\u00f3, l\u00edmits efica\u00e7os contra influ\u00e8ncies nocives.<\/p>\t\t\t\t\t\t\t\t<\/div>\n\t\t\t\t<\/div>\n\t\t\t\t<\/div>\n\t\t<div class=\"elementor-element elementor-element-iw-salz-hero-img e-con-full e-flex e-con e-child\" data-id=\"iw-salz-hero-img\" data-element_type=\"container\" data-e-type=\"container\">\n\t\t\t\t<div class=\"elementor-element elementor-element-iwgs-salz-himg iwg-hero-image elementor-widget elementor-widget-image\" data-id=\"iwgs-salz-himg\" data-element_type=\"widget\" data-e-type=\"widget\" data-widget_type=\"image.default\">\n\t\t\t\t\t\t\t\t\t\t\t\t\t\t\t<img fetchpriority=\"high\" decoding=\"async\" width=\"683\" height=\"1024\" src=\"https:\/\/iwell-guard.com\/wp-content\/uploads\/2026\/05\/schutzsymbol_universell_salz-683x1024.png\" class=\"attachment-large size-large wp-image-4115\" alt=\"La sal com a protecci\u00f3\" srcset=\"https:\/\/iwell-guard.com\/wp-content\/uploads\/2026\/05\/schutzsymbol_universell_salz-683x1024.png 683w, https:\/\/iwell-guard.com\/wp-content\/uploads\/2026\/05\/schutzsymbol_universell_salz-200x300.png 200w, https:\/\/iwell-guard.com\/wp-content\/uploads\/2026\/05\/schutzsymbol_universell_salz-768x1152.png 768w, https:\/\/iwell-guard.com\/wp-content\/uploads\/2026\/05\/schutzsymbol_universell_salz.png 1024w\" sizes=\"(max-width: 683px) 100vw, 683px\" \/>\t\t\t\t\t\t\t\t\t\t\t\t\t\t\t<\/div>\n\t\t\t\t<\/div>\n\t\t\t\t\t<\/div>\n\t\t\t\t<\/div>\n\t\t<div class=\"elementor-element elementor-element-iwgs-salz-s0 e-flex e-con-boxed e-con e-parent\" data-id=\"iwgs-salz-s0\" data-element_type=\"container\" data-e-type=\"container\">\n\t\t\t\t\t<div class=\"e-con-inner\">\n\t\t\t\t<div class=\"elementor-element elementor-element-iwgs-salz-s0h elementor-widget elementor-widget-heading\" data-id=\"iwgs-salz-s0h\" data-element_type=\"widget\" data-e-type=\"widget\" data-widget_type=\"heading.default\">\n\t\t\t\t\t<h2 class=\"elementor-heading-title elementor-size-default\">Resum r\u00e0pid<\/h2>\t\t\t\t<\/div>\n\t\t<div class=\"elementor-element elementor-element-iw-salz-s0-bw e-con-full e-flex e-con e-child\" data-id=\"iw-salz-s0-bw\" data-element_type=\"container\" data-e-type=\"container\">\n\t\t\t\t<div class=\"elementor-element elementor-element-iwgs-salz-s0t elementor-widget elementor-widget-text-editor\" data-id=\"iwgs-salz-s0t\" data-element_type=\"widget\" data-e-type=\"widget\" data-widget_type=\"text-editor.default\">\n\t\t\t\t\t\t\t\t\t<p>Segons la <span class=\"iwg-fachbegriff\" data-tooltip=\"La transmissi\u00f3 de coneixements i relats al llarg de generacions.\" tabindex=\"0\">tradici\u00f3<\/span>, la sal \u00e9s un agent purificador que tant rebutja les amenaces externes com expulsa la impuresa ja introdu\u00efda. S&#8217;escampa als llindars, als racons de les habitacions i sobre les obertures de les portes.<\/p><p>Moltes tradicions fan servir la sal en entrar en una casa nova o en rituals de baptisme, per purificar l&#8217;espai o la persona. Segons diverses tradicions, la sal marina o la sal crua i no processada es considera especialment efica\u00e7.<\/p>\t\t\t\t\t\t\t\t<\/div>\n\t\t\t\t<\/div>\n\t\t\t\t\t<\/div>\n\t\t\t\t<\/div>\n\t\t<div class=\"elementor-element elementor-element-iwgs-salz-s1 e-flex e-con-boxed e-con e-parent\" data-id=\"iwgs-salz-s1\" data-element_type=\"container\" data-e-type=\"container\">\n\t\t\t\t\t<div class=\"e-con-inner\">\n\t\t\t\t<div class=\"elementor-element elementor-element-iwgs-salz-s1h elementor-widget elementor-widget-heading\" data-id=\"iwgs-salz-s1h\" data-element_type=\"widget\" data-e-type=\"widget\" data-widget_type=\"heading.default\">\n\t\t\t\t\t<h2 class=\"elementor-heading-title elementor-size-default\">Origen i tradici\u00f3<\/h2>\t\t\t\t<\/div>\n\t\t<div class=\"elementor-element elementor-element-iw-salz-s1-bw e-con-full e-flex e-con e-child\" data-id=\"iw-salz-s1-bw\" data-element_type=\"container\" data-e-type=\"container\">\n\t\t\t\t<div class=\"elementor-element elementor-element-iwgs-salz-s1t elementor-widget elementor-widget-text-editor\" data-id=\"iwgs-salz-s1t\" data-element_type=\"widget\" data-e-type=\"widget\" data-widget_type=\"text-editor.default\">\n\t\t\t\t\t\t\t\t\t<p>L&#8217;\u00fas protector de la sal est\u00e0 documentat en fonts escrites des de l&#8217;antiguitat. A l&#8217;Antic Testament, la sal s&#8217;esmenta com a component d&#8217;ofrenes i ritus de purificaci\u00f3: segons 2 Reis 2,19-22, el profeta Elisa llan\u00e7a sal en una font enverinada per purificar-la.<\/p><p>En el <span class=\"iwg-fachbegriff\" data-tooltip=\"Un acte religi\u00f3s establert i recurrent.\" tabindex=\"0\">ritu<\/span> rom\u00e0, els nadons eren escampats amb sal poc despr\u00e9s de n\u00e9ixer per mantenir allunyats els influxos malignes, un <span class=\"iwg-fachbegriff\" data-tooltip=\"Una pr\u00e0ctica transmesa i repetida regularment en una comunitat.\" tabindex=\"0\">costum<\/span> que va passar, de forma adaptada, a la lit\u00fargia baptismal cristiana.<\/p>\n<p>En l&#8217;<span class=\"iwg-fachbegriff\" data-tooltip=\"Ci\u00e8ncia que estudia la cultura quotidiana, els costums i les creences transmeses.\" tabindex=\"0\">etnologia<\/span> alemanya de l&#8217;edat mitjana i de l&#8217;inici de l&#8217;edat moderna, la sal apareix com a remei protector en una gran varietat de contextos.<\/p><p>El diccionari manual de la superstici\u00f3 alemanya (Handw\u00f6rterbuch des deutschen Aberglaubens) recull testimonis de sal al llindar, sal als estables de vaques contra l&#8217;embruixament de la llet, sal als bressols contra el risc de canvi de nen i sal com a component de mescles protectores juntament amb altres subst\u00e0ncies.<\/p>\n<p>En l&#8217;<span class=\"iwg-fachbegriff\" data-tooltip=\"Ci\u00e8ncia que estudia la cultura quotidiana, els costums i les creences transmeses.\" tabindex=\"0\">etnologia<\/span> de l&#8217;Europa de l&#8217;Est, especialment en zones amb una forta tradici\u00f3 de vampirs, la sal forma part, juntament amb l&#8217;<a href=\"https:\/\/iwell-guard.com\/ca\/?page_id=172021\">all<\/a>, de l&#8217;equipament b\u00e0sic de protecci\u00f3.<\/p><p>Al Jap\u00f3, despr\u00e9s dels funerals, s&#8217;escampa sal sobre el llindar per allunyar el retorn dels morts; el mateix principi es troba en altres cultures de l&#8217;\u00c0sia oriental. En la <span class=\"iwg-fachbegriff\" data-tooltip=\"La religiositat viscuda en la vida quotidiana, sovint al costat de la doctrina oficial.\" tabindex=\"0\">religiositat popular<\/span> isl\u00e0mica, la sal es considera al Nord d&#8217;\u00c0frica i l&#8217;Orient Mitj\u00e0 una protecci\u00f3 contra els jinns.<\/p>\t\t\t\t\t\t\t\t<\/div>\n\t\t\t\t<\/div>\n\t\t\t\t\t<\/div>\n\t\t\t\t<\/div>\n\t\t<div class=\"elementor-element elementor-element-iwgs-salz-s2 e-flex e-con-boxed e-con e-parent\" data-id=\"iwgs-salz-s2\" data-element_type=\"container\" data-e-type=\"container\">\n\t\t\t\t\t<div class=\"e-con-inner\">\n\t\t\t\t<div class=\"elementor-element elementor-element-iwgs-salz-s2h elementor-widget elementor-widget-heading\" data-id=\"iwgs-salz-s2h\" data-element_type=\"widget\" data-e-type=\"widget\" data-widget_type=\"heading.default\">\n\t\t\t\t\t<h2 class=\"elementor-heading-title elementor-size-default\">Principi d'acci\u00f3 segons la tradici\u00f3<\/h2>\t\t\t\t<\/div>\n\t\t<div class=\"elementor-element elementor-element-iw-salz-s2-bw e-con-full e-flex e-con e-child\" data-id=\"iw-salz-s2-bw\" data-element_type=\"container\" data-e-type=\"container\">\n\t\t\t\t<div class=\"elementor-element elementor-element-iwgs-salz-s2t elementor-widget elementor-widget-text-editor\" data-id=\"iwgs-salz-s2t\" data-element_type=\"widget\" data-e-type=\"widget\" data-widget_type=\"text-editor.default\">\n\t\t\t\t\t\t\t\t\t<p>Per qu\u00e8 la <span class=\"iwg-fachbegriff\" data-tooltip=\"La transmissi\u00f3 de coneixements i relats al llarg de generacions.\" tabindex=\"0\">tradici\u00f3<\/span> atribueix aquesta for\u00e7a a la sal? La literatura etnol\u00f2gica esmenta diverses explicacions complement\u00e0ries.<\/p>\n<p>La propietat conservant de la sal es va transferir simb\u00f2licament a una qualitat general de conjurar all\u00f2 corromput. All\u00f2 que es podreix, all\u00f2 que es dissol i all\u00f2 que busca la foscor i la humitat, segons aquesta l\u00f2gica, no resisteix l&#8217;efecte assecant i purificador de la sal.<\/p>\n<p>A aix\u00f2 s&#8217;hi afegeix la qualitat lim\u00edtrofa de la sal: com a mineral del mar, \u00e9s a dir, de la gran superf\u00edcie d&#8217;aigua que separa, la sal es considera en moltes cultures una subst\u00e0ncia natural de frontera.<\/p><p>Una l\u00ednia de sal marca un l\u00edmit que se suposa infranquejable per als \u00e9ssers nocius. Aquesta idea es troba especialment present en la defensa europea contra les bruixes, on les l\u00ednies de sal als llindars de les portes s\u00f3n una de les mesures de protecci\u00f3 m\u00e9s descrites.<\/p>\n<p>Finalment, en les cultures de tradici\u00f3 cristiana, la sal porta una c\u00e0rrega sacramental pr\u00f2pia: com a component de l&#8217;aigua beneita i del ritu del baptisme, \u00e9s una subst\u00e0ncia santificada per l&#8217;Esgl\u00e9sia que, en la pr\u00e0ctica de la fe popular, va estendre el seu efecte a l&#8217;\u00e0mbit dom\u00e8stic.<\/p>\t\t\t\t\t\t\t\t<\/div>\n\t\t\t\t<\/div>\n\t\t\t\t\t<\/div>\n\t\t\t\t<\/div>\n\t\t<div class=\"elementor-element elementor-element-iwgs-salz-s3 e-flex e-con-boxed e-con e-parent\" data-id=\"iwgs-salz-s3\" data-element_type=\"container\" data-e-type=\"container\">\n\t\t\t\t\t<div class=\"e-con-inner\">\n\t\t\t\t<div class=\"elementor-element elementor-element-iwgs-salz-s3h elementor-widget elementor-widget-heading\" data-id=\"iwgs-salz-s3h\" data-element_type=\"widget\" data-e-type=\"widget\" data-widget_type=\"heading.default\">\n\t\t\t\t\t<h2 class=\"elementor-heading-title elementor-size-default\">Difusi\u00f3 transcultural<\/h2>\t\t\t\t<\/div>\n\t\t<div class=\"elementor-element elementor-element-iw-salz-s3-bw e-con-full e-flex e-con e-child\" data-id=\"iw-salz-s3-bw\" data-element_type=\"container\" data-e-type=\"container\">\n\t\t\t\t<div class=\"elementor-element elementor-element-iwgs-salz-s3t elementor-widget elementor-widget-text-editor\" data-id=\"iwgs-salz-s3t\" data-element_type=\"widget\" data-e-type=\"widget\" data-widget_type=\"text-editor.default\">\n\t\t\t\t\t\t\t\t\t<p>La funci\u00f3 protectora de la sal est\u00e0 documentada en un nombre remarcable de cultures:<\/p>\n<p>A <strong>Europa<\/strong>, la l\u00ednia de sal al llindar de la porta apareix a la <span class=\"iwg-fachbegriff\" data-tooltip=\"La transmissi\u00f3 de coneixements i relats al llarg de generacions.\" tabindex=\"0\">tradici\u00f3<\/span> des d&#8217;Irlanda fins a Bulg\u00e0ria, passant per Alemanya i Pol\u00f2nia. A Anglaterra era <span class=\"iwg-fachbegriff\" data-tooltip=\"Una pr\u00e0ctica transmesa i repetida regularment en una comunitat.\" tabindex=\"0\">costum<\/span> posar una mica de sal a la llengua d&#8217;un nad\u00f3 abans que sort\u00eds de casa per primera vegada.<\/p>\n<p>A l&#8217;<strong>Orient Mitj\u00e0<\/strong> i al nord d&#8217;\u00c0frica, la sal \u00e9s una de les subst\u00e0ncies de purificaci\u00f3 <span class=\"iwg-fachbegriff\" data-tooltip=\"Que pertany a un procediment religi\u00f3s establert.\" tabindex=\"0\">ritual<\/span> m\u00e9s antigues. En algunes regions, les cambres on alg\u00fa ha mort o on hi ha hagut una malaltia greu s&#8217;esquitxen amb sal abans que la fam\u00edlia hi torni.<\/p>\n<p>A l&#8217;<strong>\u00c0sia Oriental<\/strong> \u00e9s molt estesa l&#8217;obligaci\u00f3 d&#8217;escampar sal despr\u00e9s dels funerals. Al Jap\u00f3 (tradici\u00f3 <span class=\"iwg-fachbegriff\" data-tooltip=\"La religi\u00f3 ind\u00edgena del Jap\u00f3, marcada per la veneraci\u00f3 dels kami.\" tabindex=\"0\">sintoista<\/span>) i a la Xina (en la creen\u00e7a popular taoista), la sal es considera un dels pocs remeis efica\u00e7os tamb\u00e9 contra portadors de mala sort especialment forts o esperits dels morts inquiets.<\/p>\n<p>A l&#8217;<strong>\u00cdndia<\/strong> trobem la sal en rituals de defensa contra el mal d&#8217;ull i les influ\u00e8ncies demon\u00edaques, sovint combinada amb altres subst\u00e0ncies protectores com la c\u00farcuma i el pebre vermell picant.<\/p>\t\t\t\t\t\t\t\t<\/div>\n\t\t\t\t<\/div>\n\t\t\t\t\t<\/div>\n\t\t\t\t<\/div>\n\t\t<div class=\"elementor-element elementor-element-iwgs-salz-s4 e-flex e-con-boxed e-con e-parent\" data-id=\"iwgs-salz-s4\" data-element_type=\"container\" data-e-type=\"container\">\n\t\t\t\t\t<div class=\"e-con-inner\">\n\t\t\t\t<div class=\"elementor-element elementor-element-iwgs-salz-s4h elementor-widget elementor-widget-heading\" data-id=\"iwgs-salz-s4h\" data-element_type=\"widget\" data-e-type=\"widget\" data-widget_type=\"heading.default\">\n\t\t\t\t\t<h2 class=\"elementor-heading-title elementor-size-default\">Contra qu\u00e8 s'utilitza<\/h2>\t\t\t\t<\/div>\n\t\t<div class=\"elementor-element elementor-element-iw-salz-s4-bw e-con-full e-flex e-con e-child\" data-id=\"iw-salz-s4-bw\" data-element_type=\"container\" data-e-type=\"container\">\n\t\t\t\t<div class=\"elementor-element elementor-element-iwgs-salz-s4t elementor-widget elementor-widget-text-editor\" data-id=\"iwgs-salz-s4t\" data-element_type=\"widget\" data-e-type=\"widget\" data-widget_type=\"text-editor.default\">\n\t\t\t\t\t\t\t\t\t<p>Segons la <span class=\"iwg-fachbegriff\" data-tooltip=\"La transmissi\u00f3 de coneixements i relats al llarg de generacions.\" tabindex=\"0\">tradici\u00f3<\/span> etnol\u00f2gica, la sal s&#8217;utilitzava principalment contra les seg\u00fcents categories d&#8217;\u00e9sser i d&#8217;influ\u00e8ncies:<\/p>\n<p>Contra les <strong>bruixes i els maleficis<\/strong>: la tradici\u00f3 europea sobre la bruixeria atribueix a les bruixes la incapacitat de tocar la sal o de creuar una l\u00ednia de sal. Qui volia protegir la mantega o la llet d&#8217;un embruix escampava sal a l&#8217;estable o a la llet abans del proc\u00e9s de fer mantega.<\/p>\n<p>Contra els <strong>esperits del llindar i els morts que retornen<\/strong>: en cultures on el l\u00edmit entre vius i morts es considerava perill\u00f3s, la sal marcava el llindar com una zona de bloqueig contra un retorn no desitjat.<\/p>\n<p>Contra els <strong>dimonis i la impuresa en general<\/strong>: en rituals de purificaci\u00f3 de diverses religions, la sal serveix per alliberar una estan\u00e7a o una persona d&#8217;una adher\u00e8ncia demon\u00edaca abans d&#8217;aplicar un remei m\u00e9s espec\u00edfic.<\/p>\n<p>Contra el <strong>mal d&#8217;ull<\/strong>: en cultures mediterr\u00e0nies i de l&#8217;Orient Mitj\u00e0, la sal \u00e9s, junt amb l&#8217;<a href=\"https:\/\/iwell-guard.com\/ca\/?page_id=172021\">all<\/a>, un remei habitual per repel\u00b7lir o dissoldre l&#8217;efecte del mal d&#8217;ull.<\/p>\t\t\t\t\t\t\t\t<\/div>\n\t\t\t\t<\/div>\n\t\t\t\t\t<\/div>\n\t\t\t\t<\/div>\n\t\t<div class=\"elementor-element elementor-element-iwgs-salz-s5 e-flex e-con-boxed e-con e-parent\" data-id=\"iwgs-salz-s5\" data-element_type=\"container\" data-e-type=\"container\">\n\t\t\t\t\t<div class=\"e-con-inner\">\n\t\t\t\t<div class=\"elementor-element elementor-element-iwgs-salz-s5h elementor-widget elementor-widget-heading\" data-id=\"iwgs-salz-s5h\" data-element_type=\"widget\" data-e-type=\"widget\" data-widget_type=\"heading.default\">\n\t\t\t\t\t<h2 class=\"elementor-heading-title elementor-size-default\">Aplicaci\u00f3 i l\u00edmits<\/h2>\t\t\t\t<\/div>\n\t\t<div class=\"elementor-element elementor-element-iw-salz-s5-bw e-con-full e-flex e-con e-child\" data-id=\"iw-salz-s5-bw\" data-element_type=\"container\" data-e-type=\"container\">\n\t\t\t\t<div class=\"elementor-element elementor-element-iwgs-salz-s5t elementor-widget elementor-widget-text-editor\" data-id=\"iwgs-salz-s5t\" data-element_type=\"widget\" data-e-type=\"widget\" data-widget_type=\"text-editor.default\">\n\t\t\t\t\t\t\t\t\t<p>Les formes d&#8217;\u00fas transmeses m\u00e9s habituals s\u00f3n la l\u00ednia de sal als llindars de les portes i les lleixes de les finestres, l&#8217;escampament de sal per les cantonades i els peus de les parets de les estances, la barreja amb l&#8217;aigua de neteja i l&#8217;\u00fas com a component de saquets protectors o mescles de defensa.<\/p>\n<p>La <span class=\"iwg-fachbegriff\" data-tooltip=\"La transmissi\u00f3 de coneixements i relats al llarg de generacions.\" tabindex=\"0\">tradici\u00f3<\/span> sovint indica com a condici\u00f3 de qualitat la sal crua o no processada: la sal marina o la sal de roca grossa es consideren m\u00e9s eficaces que la sal fina de taula. Algunes instruccions d&#8217;\u00fas exigeixen que la sal sigui bene\u00efda o encantada abans de fer-se servir, de manera que uneixen l&#8217;objecte protector amb un acte ritual.<\/p>\n<p>L&#8217;<span class=\"iwg-fachbegriff\" data-tooltip=\"Ci\u00e8ncia que estudia la cultura popular, els costums i les creences transmeses.\" tabindex=\"0\">etnologia<\/span> descriu un l\u00edmit de l&#8217;efecte protector all\u00e0 on la l\u00ednia o l&#8217;escampament no \u00e9s complet: els buits en la l\u00ednia de sal permetrien que l&#8217;\u00e9sser hi pass\u00e9s. La pluja o la humitat del terra, que dissolen la sal, es consideren en algunes tradicions com una disminuci\u00f3 de l&#8217;efecte protector.<\/p>\n<p>Cap de les aplicacions transmeses constitueix una garantia de protecci\u00f3 demostrada. Els continguts presentats aqu\u00ed reflecteixen la <span class=\"iwg-fachbegriff\" data-tooltip=\"La transmissi\u00f3 de coneixements i relats al llarg de generacions.\" tabindex=\"0\">tradici\u00f3<\/span> etnol\u00f2gica, no recomanacions pr\u00f2pies.<\/p>\t\t\t\t\t\t\t\t<\/div>\n\t\t\t\t<\/div>\n\t\t\t\t\t<\/div>\n\t\t\t\t<\/div>\n\t\t<div class=\"elementor-element elementor-element-iwgs-salz-lit e-flex e-con-boxed e-con e-parent\" data-id=\"iwgs-salz-lit\" data-element_type=\"container\" data-e-type=\"container\">\n\t\t\t\t\t<div class=\"e-con-inner\">\n\t\t\t\t<div class=\"elementor-element elementor-element-iwgs-salz-lith elementor-widget elementor-widget-heading\" data-id=\"iwgs-salz-lith\" data-element_type=\"widget\" data-e-type=\"widget\" data-widget_type=\"heading.default\">\n\t\t\t\t\t<h2 class=\"elementor-heading-title elementor-size-default\">Bibliografia (selecci\u00f3)<\/h2>\t\t\t\t<\/div>\n\t\t<div class=\"elementor-element elementor-element-iw-salz-lit-bw e-con-full e-flex e-con e-child\" data-id=\"iw-salz-lit-bw\" data-element_type=\"container\" data-e-type=\"container\">\n\t\t\t\t<div class=\"elementor-element elementor-element-iwgs-salz-litt elementor-widget elementor-widget-html\" data-id=\"iwgs-salz-litt\" data-element_type=\"widget\" data-e-type=\"widget\" data-widget_type=\"html.default\">\n\t\t\t\t\t<footer data-nosnippet=\"true\"><ul><li>Handw\u00f6rterbuch des deutschen Aberglaubens. Hrsg. von Hanns B\u00e4chtold-St\u00e4ubli und Eduard Hoffmann-Krayer. Berlin \/ Leipzig 1927-1942. Artikel \"Salz\".<\/li><li>Jacob Grimm: Deutsche Mythologie. 4. Auflage, Berlin 1875-1878.<\/li><li>Alan Dundes (Hrsg.): The Evil Eye: A Casebook. University of Wisconsin Press, 1992.<\/li><li>Leander Petzoldt: Kleines Lexikon der D\u00e4monen und Elementargeister. M\u00fcnchen 1990.<\/li><li>Paul Barber: Vampires, Burial, and Death. Yale University Press, 1988.<\/li><\/ul><\/footer>\t\t\t\t<\/div>\n\t\t\t\t<\/div>\n\t\t\t\t\t<\/div>\n\t\t\t\t<\/div>\n\t\t<div class=\"elementor-element elementor-element-iwgs-salz-kwd e-flex e-con-boxed e-con e-parent\" data-id=\"iwgs-salz-kwd\" data-element_type=\"container\" data-e-type=\"container\">\n\t\t\t\t\t<div class=\"e-con-inner\">\n\t\t<div class=\"elementor-element elementor-element-iw-salz-kwd-bw e-con-full e-flex e-con e-child\" data-id=\"iw-salz-kwd-bw\" data-element_type=\"container\" data-e-type=\"container\">\n\t\t\t\t<div class=\"elementor-element elementor-element-iwgs-salz-kwdt elementor-widget elementor-widget-text-editor\" data-id=\"iwgs-salz-kwdt\" data-element_type=\"widget\" data-e-type=\"widget\" data-widget_type=\"text-editor.default\">\n\t\t\t\t\t\t\t\t\t<p><em>Termes clau relacionats: sal protecci\u00f3 l\u00ednia de sal llindar purificaci\u00f3.<\/em><\/p>\t\t\t\t\t\t\t\t<\/div>\n\t\t\t\t<\/div>\n\t\t\t\t\t<\/div>\n\t\t\t\t<\/div>\n\t\t<div class=\"elementor-element elementor-element-iwgs-salz-cc e-flex e-con-boxed e-con e-parent\" data-id=\"iwgs-salz-cc\" data-element_type=\"container\" data-e-type=\"container\" id=\"iwg-cc-salz\">\n\t\t\t\t\t<div class=\"e-con-inner\">\n\t\t<div class=\"elementor-element elementor-element-iwgs-salz-ccinner e-flex e-con-boxed e-con e-parent\" data-id=\"iwgs-salz-ccinner\" data-element_type=\"container\" data-e-type=\"container\" data-settings=\"{&quot;background_background&quot;:&quot;classic&quot;}\">\n\t\t\t\t\t<div class=\"e-con-inner\">\n\t\t\t\t<div class=\"elementor-element elementor-element-iwgs-salz-cch elementor-widget elementor-widget-heading\" data-id=\"iwgs-salz-cch\" data-element_type=\"widget\" data-e-type=\"widget\" data-widget_type=\"heading.default\">\n\t\t\t\t\t<h2 class=\"elementor-heading-title elementor-size-default\">iWell Guard i tradicions de protecci\u00f3<\/h2>\t\t\t\t<\/div>\n\t\t\t\t<div class=\"elementor-element elementor-element-iwgs-salz-cct elementor-widget elementor-widget-text-editor\" data-id=\"iwgs-salz-cct\" data-element_type=\"widget\" data-e-type=\"widget\" data-widget_type=\"text-editor.default\">\n\t\t\t\t\t\t\t\t\t<p>La sal representa una de les creences protectores m\u00e9s antigues i culturalment m\u00e9s esteses de la humanitat: la idea que certes subst\u00e0ncies naturals porten en si una for\u00e7a delimitadora i purificadora. Aquesta idea b\u00e0sica, que les subst\u00e0ncies procedents de la natura actuen com a portadores de protecci\u00f3, es condensa en el concepte de l&#8217;<a href=\"https:\/\/iwell-guard.com\/ca\/penjoll-protector-iwell-guard-comprar\/\">iWell Guard<\/a>, que com a objecte protector port\u00e0til aplega els fils de tradici\u00f3 de diverses cultures.<\/p>\t\t\t\t\t\t\t\t<\/div>\n\t\t\t\t<div class=\"elementor-element elementor-element-iwgs-salz-ccb iwg-cc-button iwg-cc-cta-2026-05-13 elementor-widget elementor-widget-jet-button\" data-id=\"iwgs-salz-ccb\" data-element_type=\"widget\" data-e-type=\"widget\" data-widget_type=\"jet-button.default\">\n\t\t\t\t<div class=\"elementor-widget-container\">\n\t\t\t\t\t<div class=\"elementor-jet-button jet-elements\"><div class=\"jet-button__container\"><a class=\"jet-button__instance jet-button__instance--icon-left hover-effect-1\" href=\"\/schutzanhaenger-iwell-guard-kaufen\/?utm_source=iwell-guard.com&amp;utm_medium=info-box&amp;utm_campaign=schutzsymbole\"><div class=\"jet-button__plane jet-button__plane-normal\"><\/div><div class=\"jet-button__plane jet-button__plane-hover\"><\/div><div class=\"jet-button__state jet-button__state-normal\"><span class=\"jet-button__label\">M\u00e9s informaci\u00f3 sobre l'iWell Guard<\/span><\/div><div class=\"jet-button__state jet-button__state-hover\"><span class=\"jet-button__label\">M\u00e9s informaci\u00f3 sobre l'iWell Guard<\/span><\/div><\/a><\/div><\/div><style>.elementor-element.elementor-element-iwgs-salz-ccb .jet-button__instance{width:320px;height:56px;}.elementor-element.elementor-element-iwgs-salz-ccb .jet-button__state-normal .jet-button__label{text-align:center;margin:0px 0px 0px 0px;color:#1a1b20;font-family:Montserrat,sans-serif;font-size:13px;font-weight:400;letter-spacing:4px;line-height:1.714em;text-transform:uppercase;}.elementor-element.elementor-element-iwgs-salz-ccb .jet-button__state-hover .jet-button__label{text-align:center;margin:0px 0px 0px 0px;color:#FECC76;font-family:Montserrat,sans-serif;font-size:13px;font-weight:400;letter-spacing:4px;line-height:1.714em;text-transform:uppercase;}.elementor-element.elementor-element-iwgs-salz-ccb .jet-button__plane-normal{background-color:#FECC76;border-style:solid;border-color:#C99540;border-width:2px 2px 2px 2px;}.elementor-element.elementor-element-iwgs-salz-ccb .jet-button__plane-hover{background-color:rgba(0,0,0,0.55);border-style:solid;border-color:#FECC76;border-width:2px 2px 2px 2px;}<\/style>\t\t\t\t<\/div>\n\t\t\t\t<\/div>\n\t\t\t\t<div class=\"elementor-element elementor-element-iwgs-salz-ccd elementor-widget elementor-widget-text-editor\" data-id=\"iwgs-salz-ccd\" data-element_type=\"widget\" data-e-type=\"widget\" data-widget_type=\"text-editor.default\">\n\t\t\t\t\t\t\t\t\t<p style=\"text-align:center;font-size:13px;opacity:0.7;margin-top:14px\" data-nosnippet=\"true\">Les experi\u00e8ncies personals poden variar. No \u00e9s un producte sanitari. No es garanteix cap curaci\u00f3.<\/p>\t\t\t\t\t\t\t\t<\/div>\n\t\t\t\t\t<\/div>\n\t\t\t\t<\/div>\n\t\t\t\t\t<\/div>\n\t\t\t\t<\/div>\n\t\t<div class=\"elementor-element elementor-element-iwgs-salz-disc e-flex e-con-boxed e-con e-parent\" data-id=\"iwgs-salz-disc\" data-element_type=\"container\" data-e-type=\"container\">\n\t\t\t\t\t<div class=\"e-con-inner\">\n\t\t<div class=\"elementor-element elementor-element-iw-salz-disc-bw e-con-full e-flex e-con e-child\" data-id=\"iw-salz-disc-bw\" data-element_type=\"container\" data-e-type=\"container\">\n\t\t\t\t<div class=\"elementor-element elementor-element-iwgs-salz-discw elementor-widget elementor-widget-html\" data-id=\"iwgs-salz-discw\" data-element_type=\"widget\" data-e-type=\"widget\" data-widget_type=\"html.default\">\n\t\t\t\t\t<footer data-nosnippet=\"true\" class=\"iwg-disclaimer-block\"><p data-nosnippet=\"true\">iWell Guard <strong>no \u00e9s un producte sanitari<\/strong> i no substitueix cap tractament m\u00e8dic o psicoterap\u00e8utic. Els continguts presentats aqu\u00ed s\u00f3n una contextualitzaci\u00f3 des de la ci\u00e8ncia de les religions i la hist\u00f2ria cultural, no una promesa d'efecte espiritual.<\/p><\/footer>\t\t\t\t<\/div>\n\t\t\t\t<\/div>\n\t\t\t\t\t<\/div>\n\t\t\t\t<\/div>\n\t\t\t\t<\/div>\n\t\t","protected":false},"excerpt":{"rendered":"","protected":false},"author":3,"featured_media":4115,"parent":0,"menu_order":0,"comment_status":"closed","ping_status":"closed","template":"elementor_header_footer","meta":{"_yoast_wpseo_focuskw":"sal proteccio","_yoast_wpseo_title":"La sal com a protecci\u00f3 - L\u00ednies, llindars, purificaci\u00f3","_yoast_wpseo_metadesc":"Segons la tradici\u00f3, la sal \u00e9s un poder\u00f3s agent purificador i una protecci\u00f3 de llindar contra dimonis i bruixes. Origen, principi d'acci\u00f3 i aplicaci\u00f3.","_yoast_wpseo_meta-robots-noindex":"","_yoast_wpseo_canonical":"","_angie_page":false,"gefaehrdungsstufe":"","wesen_kultur":"","wesen_klasse":"","footnotes":""},"categories":[],"class_list":["post-172027","page","type-page","status-publish","has-post-thumbnail","hentry"],"yoast_head":"<!-- This site is optimized with the Yoast SEO Premium plugin v27.7 (Yoast SEO v28.3) - https:\/\/yoast.com\/product\/yoast-seo-premium-wordpress\/ -->\n<title>La sal com a protecci\u00f3 - L\u00ednies, llindars, purificaci\u00f3<\/title>\n<meta name=\"description\" content=\"Segons la tradici\u00f3, la sal \u00e9s un poder\u00f3s agent purificador i una protecci\u00f3 de llindar contra dimonis i bruixes. Origen, principi d&#039;acci\u00f3 i aplicaci\u00f3.\" \/>\n<meta name=\"robots\" content=\"index, follow, max-snippet:-1, max-image-preview:large, max-video-preview:-1\" \/>\n<link rel=\"canonical\" href=\"https:\/\/iwell-guard.com\/ca\/la-sal-com-a-proteccio\/\" \/>\n<meta property=\"og:locale\" content=\"ca_ES\" \/>\n<meta property=\"og:type\" content=\"article\" \/>\n<meta property=\"og:title\" content=\"La sal com a protecci\u00f3\" \/>\n<meta property=\"og:description\" content=\"Segons la tradici\u00f3, la sal \u00e9s un poder\u00f3s agent purificador i una protecci\u00f3 de llindar contra dimonis i bruixes. Origen, principi d&#039;acci\u00f3 i aplicaci\u00f3.\" \/>\n<meta property=\"og:url\" content=\"https:\/\/iwell-guard.com\/ca\/la-sal-com-a-proteccio\/\" \/>\n<meta property=\"og:site_name\" content=\"iWell Guard\" \/>\n<meta property=\"article:modified_time\" content=\"2026-09-05T16:13:25+00:00\" \/>\n<meta property=\"og:image\" content=\"https:\/\/iwell-guard.com\/wp-content\/uploads\/2026\/05\/schutzsymbol_universell_salz.png\" \/>\n\t<meta property=\"og:image:width\" content=\"1024\" \/>\n\t<meta property=\"og:image:height\" content=\"1536\" \/>\n\t<meta property=\"og:image:type\" content=\"image\/png\" \/>\n<meta name=\"twitter:card\" content=\"summary_large_image\" \/>\n<script type=\"application\/ld+json\" class=\"yoast-schema-graph\">{\"@context\":\"https:\\\/\\\/schema.org\",\"@graph\":[{\"@type\":\"WebPage\",\"@id\":\"https:\\\/\\\/iwell-guard.com\\\/ca\\\/la-sal-com-a-proteccio\\\/\",\"url\":\"https:\\\/\\\/iwell-guard.com\\\/ca\\\/la-sal-com-a-proteccio\\\/\",\"name\":\"La sal com a protecci\u00f3 - L\u00ednies, llindars, purificaci\u00f3\",\"isPartOf\":{\"@id\":\"https:\\\/\\\/iwell-guard.com\\\/ca\\\/#website\"},\"primaryImageOfPage\":{\"@id\":\"https:\\\/\\\/iwell-guard.com\\\/ca\\\/la-sal-com-a-proteccio\\\/#primaryimage\"},\"image\":{\"@id\":\"https:\\\/\\\/iwell-guard.com\\\/ca\\\/la-sal-com-a-proteccio\\\/#primaryimage\"},\"thumbnailUrl\":\"https:\\\/\\\/iwell-guard.com\\\/wp-content\\\/uploads\\\/2026\\\/05\\\/schutzsymbol_universell_salz.png\",\"datePublished\":\"2026-09-05T15:44:27+00:00\",\"dateModified\":\"2026-09-05T16:13:25+00:00\",\"description\":\"Segons la tradici\u00f3, la sal \u00e9s un poder\u00f3s agent purificador i una protecci\u00f3 de llindar contra dimonis i bruixes. Origen, principi d'acci\u00f3 i aplicaci\u00f3.\",\"breadcrumb\":{\"@id\":\"https:\\\/\\\/iwell-guard.com\\\/ca\\\/la-sal-com-a-proteccio\\\/#breadcrumb\"},\"inLanguage\":\"ca\",\"potentialAction\":[{\"@type\":\"ReadAction\",\"target\":[\"https:\\\/\\\/iwell-guard.com\\\/ca\\\/la-sal-com-a-proteccio\\\/\"]}]},{\"@type\":\"ImageObject\",\"inLanguage\":\"ca\",\"@id\":\"https:\\\/\\\/iwell-guard.com\\\/ca\\\/la-sal-com-a-proteccio\\\/#primaryimage\",\"url\":\"https:\\\/\\\/iwell-guard.com\\\/wp-content\\\/uploads\\\/2026\\\/05\\\/schutzsymbol_universell_salz.png\",\"contentUrl\":\"https:\\\/\\\/iwell-guard.com\\\/wp-content\\\/uploads\\\/2026\\\/05\\\/schutzsymbol_universell_salz.png\",\"width\":1024,\"height\":1536,\"caption\":\"La sal com a protecci\u00f3: purificaci\u00f3 i tra\u00e7at de l\u00edmits, il\u00b7lustraci\u00f3 historicocultural\"},{\"@type\":\"BreadcrumbList\",\"@id\":\"https:\\\/\\\/iwell-guard.com\\\/ca\\\/la-sal-com-a-proteccio\\\/#breadcrumb\",\"itemListElement\":[{\"@type\":\"ListItem\",\"position\":1,\"name\":\"Start\",\"item\":\"https:\\\/\\\/iwell-guard.com\\\/ca\\\/?page_id=171333\"},{\"@type\":\"ListItem\",\"position\":2,\"name\":\"La sal com a protecci\u00f3\"}]},{\"@type\":\"WebSite\",\"@id\":\"https:\\\/\\\/iwell-guard.com\\\/ca\\\/#website\",\"url\":\"https:\\\/\\\/iwell-guard.com\\\/ca\\\/\",\"name\":\"iWell Guard\",\"description\":\"Schutz vor dunklen Einfl\u00fcssen\",\"publisher\":{\"@id\":\"https:\\\/\\\/iwell-guard.com\\\/ca\\\/#organization\"},\"potentialAction\":[{\"@type\":\"SearchAction\",\"target\":{\"@type\":\"EntryPoint\",\"urlTemplate\":\"https:\\\/\\\/iwell-guard.com\\\/ca\\\/?s={search_term_string}\"},\"query-input\":{\"@type\":\"PropertyValueSpecification\",\"valueRequired\":true,\"valueName\":\"search_term_string\"}}],\"inLanguage\":\"ca\"},{\"@type\":\"Organization\",\"@id\":\"https:\\\/\\\/iwell-guard.com\\\/ca\\\/#organization\",\"name\":\"Ittermann electronic GmbH\",\"url\":\"https:\\\/\\\/iwell-guard.com\\\/ca\\\/\",\"logo\":{\"@type\":\"ImageObject\",\"inLanguage\":\"ca\",\"@id\":\"https:\\\/\\\/iwell-guard.com\\\/ca\\\/#\\\/schema\\\/logo\\\/image\\\/\",\"url\":\"https:\\\/\\\/iwell-guard.com\\\/wp-content\\\/uploads\\\/2026\\\/05\\\/Ittermann-Logo-1182x237-1.png\",\"contentUrl\":\"https:\\\/\\\/iwell-guard.com\\\/wp-content\\\/uploads\\\/2026\\\/05\\\/Ittermann-Logo-1182x237-1.png\",\"width\":1182,\"height\":237,\"caption\":\"Ittermann electronic GmbH\"},\"image\":{\"@id\":\"https:\\\/\\\/iwell-guard.com\\\/ca\\\/#\\\/schema\\\/logo\\\/image\\\/\"},\"sameAs\":[\"https:\\\/\\\/pantip.com\\\/profile\\\/9367242\",\"https:\\\/\\\/micro.blog\\\/iwellguard\",\"https:\\\/\\\/www.diggerslist.com\\\/iwellguard\\\/about\",\"https:\\\/\\\/skitterphoto.com\\\/photographers\\\/2870314\\\/iwell-guard\",\"https:\\\/\\\/iwellguard.wordpress.com\\\/2026\\\/06\\\/06\\\/iwell-guard\\\/\",\"https:\\\/\\\/hub.docker.com\\\/u\\\/iwellguard\",\"https:\\\/\\\/www.pinterest.com\\\/iwellguard\\\/\",\"https:\\\/\\\/bit.ly\\\/m\\\/iwellguard\",\"https:\\\/\\\/entre-vos-mains.alsace.eu\\\/profiles\\\/iwellguard\\\/activity\",\"https:\\\/\\\/gravatar.com\\\/reallybeded8fd34\",\"https:\\\/\\\/naijamatta.com\\\/iwellguard\",\"https:\\\/\\\/www.goodreads.com\\\/iwellguard\",\"https:\\\/\\\/profile.hatena.ne.jp\\\/iwellguard\\\/\",\"https:\\\/\\\/experiment.com\\\/users\\\/iwellguard\",\"https:\\\/\\\/wakelet.com\\\/@iWellGuard82270\",\"https:\\\/\\\/www.chordie.com\\\/forum\\\/profile.php?id=2555664\",\"https:\\\/\\\/www.instapaper.com\\\/p\\\/17757966\",\"https:\\\/\\\/www.mapleprimes.com\\\/users\\\/iwellguard\",\"https:\\\/\\\/businesslistingplus.com\\\/profile\\\/iwell-guard\\\/\",\"https:\\\/\\\/telegra.ph\\\/iWell-Guard-06-06\",\"https:\\\/\\\/pbase.com\\\/iwellguard\\\/iwellguard\",\"https:\\\/\\\/b.hatena.ne.jp\\\/iwellguard\\\/20260607#bookmark-4788405196491818882\",\"https:\\\/\\\/fliphtml5.com\\\/home\\\/iwellguard\",\"https:\\\/\\\/anyflip.com\\\/homepage\\\/cmiwl#About\",\"https:\\\/\\\/transfur.com\\\/Users\\\/iwellguard\",\"http:\\\/\\\/delphi.larsbo.org\\\/user\\\/iwellguard\",\"https:\\\/\\\/jobs.lajobsportal.org\\\/profiles\\\/8380803-iwell-guard\",\"https:\\\/\\\/md.chaosdorf.de\\\/s\\\/jfbe5SBdJD\",\"https:\\\/\\\/www.lingvolive.com\\\/en-us\\\/profile\\\/9ecaeaca-ce11-4e51-9e71-01d55e2bff36\\\/translations\",\"https:\\\/\\\/www.fitday.com\\\/fitness\\\/forums\\\/members\\\/iwellguard.html\",\"https:\\\/\\\/www.mymeetbook.com\\\/iwellguard\",\"https:\\\/\\\/pxhere.com\\\/en\\\/photographer-me\\\/5040798\",\"https:\\\/\\\/disqus.com\\\/by\\\/iwellguard\\\/about\\\/\",\"https:\\\/\\\/pastelink.net\\\/hjwciqwq\",\"https:\\\/\\\/pubhtml5.com\\\/homepage\\\/scjhn\\\/\",\"https:\\\/\\\/www.bitchute.com\\\/channel\\\/2O2eOKzNqujT\",\"https:\\\/\\\/audiomack.com\\\/iwellguard\"]}]}<\/script>\n<!-- \/ Yoast SEO Premium plugin. -->","yoast_head_json":{"title":"La sal com a protecci\u00f3 - L\u00ednies, llindars, purificaci\u00f3","description":"Segons la tradici\u00f3, la sal \u00e9s un poder\u00f3s agent purificador i una protecci\u00f3 de llindar contra dimonis i bruixes. Origen, principi d'acci\u00f3 i aplicaci\u00f3.","robots":{"index":"index","follow":"follow","max-snippet":"max-snippet:-1","max-image-preview":"max-image-preview:large","max-video-preview":"max-video-preview:-1"},"canonical":"https:\/\/iwell-guard.com\/ca\/la-sal-com-a-proteccio\/","og_locale":"ca_ES","og_type":"article","og_title":"La sal com a protecci\u00f3","og_description":"Segons la tradici\u00f3, la sal \u00e9s un poder\u00f3s agent purificador i una protecci\u00f3 de llindar contra dimonis i bruixes. Origen, principi d'acci\u00f3 i aplicaci\u00f3.","og_url":"https:\/\/iwell-guard.com\/ca\/la-sal-com-a-proteccio\/","og_site_name":"iWell Guard","article_modified_time":"2026-09-05T16:13:25+00:00","og_image":[{"width":1024,"height":1536,"url":"https:\/\/iwell-guard.com\/wp-content\/uploads\/2026\/05\/schutzsymbol_universell_salz.png","type":"image\/png"}],"twitter_card":"summary_large_image","schema":{"@context":"https:\/\/schema.org","@graph":[{"@type":"WebPage","@id":"https:\/\/iwell-guard.com\/ca\/la-sal-com-a-proteccio\/","url":"https:\/\/iwell-guard.com\/ca\/la-sal-com-a-proteccio\/","name":"La sal com a protecci\u00f3 - L\u00ednies, llindars, purificaci\u00f3","isPartOf":{"@id":"https:\/\/iwell-guard.com\/ca\/#website"},"primaryImageOfPage":{"@id":"https:\/\/iwell-guard.com\/ca\/la-sal-com-a-proteccio\/#primaryimage"},"image":{"@id":"https:\/\/iwell-guard.com\/ca\/la-sal-com-a-proteccio\/#primaryimage"},"thumbnailUrl":"https:\/\/iwell-guard.com\/wp-content\/uploads\/2026\/05\/schutzsymbol_universell_salz.png","datePublished":"2026-09-05T15:44:27+00:00","dateModified":"2026-09-05T16:13:25+00:00","description":"Segons la tradici\u00f3, la sal \u00e9s un poder\u00f3s agent purificador i una protecci\u00f3 de llindar contra dimonis i bruixes. Origen, principi d'acci\u00f3 i aplicaci\u00f3.","breadcrumb":{"@id":"https:\/\/iwell-guard.com\/ca\/la-sal-com-a-proteccio\/#breadcrumb"},"inLanguage":"ca","potentialAction":[{"@type":"ReadAction","target":["https:\/\/iwell-guard.com\/ca\/la-sal-com-a-proteccio\/"]}]},{"@type":"ImageObject","inLanguage":"ca","@id":"https:\/\/iwell-guard.com\/ca\/la-sal-com-a-proteccio\/#primaryimage","url":"https:\/\/iwell-guard.com\/wp-content\/uploads\/2026\/05\/schutzsymbol_universell_salz.png","contentUrl":"https:\/\/iwell-guard.com\/wp-content\/uploads\/2026\/05\/schutzsymbol_universell_salz.png","width":1024,"height":1536,"caption":"La sal com a protecci\u00f3: purificaci\u00f3 i tra\u00e7at de l\u00edmits, il\u00b7lustraci\u00f3 historicocultural"},{"@type":"BreadcrumbList","@id":"https:\/\/iwell-guard.com\/ca\/la-sal-com-a-proteccio\/#breadcrumb","itemListElement":[{"@type":"ListItem","position":1,"name":"Start","item":"https:\/\/iwell-guard.com\/ca\/?page_id=171333"},{"@type":"ListItem","position":2,"name":"La sal com a protecci\u00f3"}]},{"@type":"WebSite","@id":"https:\/\/iwell-guard.com\/ca\/#website","url":"https:\/\/iwell-guard.com\/ca\/","name":"iWell Guard","description":"Schutz vor dunklen Einfl\u00fcssen","publisher":{"@id":"https:\/\/iwell-guard.com\/ca\/#organization"},"potentialAction":[{"@type":"SearchAction","target":{"@type":"EntryPoint","urlTemplate":"https:\/\/iwell-guard.com\/ca\/?s={search_term_string}"},"query-input":{"@type":"PropertyValueSpecification","valueRequired":true,"valueName":"search_term_string"}}],"inLanguage":"ca"},{"@type":"Organization","@id":"https:\/\/iwell-guard.com\/ca\/#organization","name":"Ittermann electronic GmbH","url":"https:\/\/iwell-guard.com\/ca\/","logo":{"@type":"ImageObject","inLanguage":"ca","@id":"https:\/\/iwell-guard.com\/ca\/#\/schema\/logo\/image\/","url":"https:\/\/iwell-guard.com\/wp-content\/uploads\/2026\/05\/Ittermann-Logo-1182x237-1.png","contentUrl":"https:\/\/iwell-guard.com\/wp-content\/uploads\/2026\/05\/Ittermann-Logo-1182x237-1.png","width":1182,"height":237,"caption":"Ittermann electronic GmbH"},"image":{"@id":"https:\/\/iwell-guard.com\/ca\/#\/schema\/logo\/image\/"},"sameAs":["https:\/\/pantip.com\/profile\/9367242","https:\/\/micro.blog\/iwellguard","https:\/\/www.diggerslist.com\/iwellguard\/about","https:\/\/skitterphoto.com\/photographers\/2870314\/iwell-guard","https:\/\/iwellguard.wordpress.com\/2026\/06\/06\/iwell-guard\/","https:\/\/hub.docker.com\/u\/iwellguard","https:\/\/www.pinterest.com\/iwellguard\/","https:\/\/bit.ly\/m\/iwellguard","https:\/\/entre-vos-mains.alsace.eu\/profiles\/iwellguard\/activity","https:\/\/gravatar.com\/reallybeded8fd34","https:\/\/naijamatta.com\/iwellguard","https:\/\/www.goodreads.com\/iwellguard","https:\/\/profile.hatena.ne.jp\/iwellguard\/","https:\/\/experiment.com\/users\/iwellguard","https:\/\/wakelet.com\/@iWellGuard82270","https:\/\/www.chordie.com\/forum\/profile.php?id=2555664","https:\/\/www.instapaper.com\/p\/17757966","https:\/\/www.mapleprimes.com\/users\/iwellguard","https:\/\/businesslistingplus.com\/profile\/iwell-guard\/","https:\/\/telegra.ph\/iWell-Guard-06-06","https:\/\/pbase.com\/iwellguard\/iwellguard","https:\/\/b.hatena.ne.jp\/iwellguard\/20260607#bookmark-4788405196491818882","https:\/\/fliphtml5.com\/home\/iwellguard","https:\/\/anyflip.com\/homepage\/cmiwl#About","https:\/\/transfur.com\/Users\/iwellguard","http:\/\/delphi.larsbo.org\/user\/iwellguard","https:\/\/jobs.lajobsportal.org\/profiles\/8380803-iwell-guard","https:\/\/md.chaosdorf.de\/s\/jfbe5SBdJD","https:\/\/www.lingvolive.com\/en-us\/profile\/9ecaeaca-ce11-4e51-9e71-01d55e2bff36\/translations","https:\/\/www.fitday.com\/fitness\/forums\/members\/iwellguard.html","https:\/\/www.mymeetbook.com\/iwellguard","https:\/\/pxhere.com\/en\/photographer-me\/5040798","https:\/\/disqus.com\/by\/iwellguard\/about\/","https:\/\/pastelink.net\/hjwciqwq","https:\/\/pubhtml5.com\/homepage\/scjhn\/","https:\/\/www.bitchute.com\/channel\/2O2eOKzNqujT","https:\/\/audiomack.com\/iwellguard"]}]}},"_links":{"self":[{"href":"https:\/\/iwell-guard.com\/ca\/wp-json\/wp\/v2\/pages\/172027","targetHints":{"allow":["GET"]}}],"collection":[{"href":"https:\/\/iwell-guard.com\/ca\/wp-json\/wp\/v2\/pages"}],"about":[{"href":"https:\/\/iwell-guard.com\/ca\/wp-json\/wp\/v2\/types\/page"}],"author":[{"embeddable":true,"href":"https:\/\/iwell-guard.com\/ca\/wp-json\/wp\/v2\/users\/3"}],"replies":[{"embeddable":true,"href":"https:\/\/iwell-guard.com\/ca\/wp-json\/wp\/v2\/comments?post=172027"}],"version-history":[{"count":0,"href":"https:\/\/iwell-guard.com\/ca\/wp-json\/wp\/v2\/pages\/172027\/revisions"}],"wp:featuredmedia":[{"embeddable":true,"href":"https:\/\/iwell-guard.com\/ca\/wp-json\/wp\/v2\/media\/4115"}],"wp:attachment":[{"href":"https:\/\/iwell-guard.com\/ca\/wp-json\/wp\/v2\/media?parent=172027"}],"wp:term":[{"taxonomy":"category","embeddable":true,"href":"https:\/\/iwell-guard.com\/ca\/wp-json\/wp\/v2\/categories?post=172027"}],"curies":[{"name":"wp","href":"https:\/\/api.w.org\/{rel}","templated":true}]}}