{"id":172025,"date":"2026-09-05T15:44:26","date_gmt":"2026-09-05T15:44:26","guid":{"rendered":"https:\/\/iwell-guard.com\/?page_id=172025"},"modified":"2026-09-05T16:13:22","modified_gmt":"2026-09-05T16:13:22","slug":"fumigacio-i-purificacio","status":"publish","type":"page","link":"https:\/\/iwell-guard.com\/ca\/fumigacio-i-purificacio\/","title":{"rendered":"Fumigaci\u00f3 i purificaci\u00f3"},"content":{"rendered":"\t\t<div data-elementor-type=\"wp-page\" data-elementor-id=\"172025\" class=\"elementor elementor-172025 elementor-3782 elementor-bc-flex-widget\" data-elementor-post-type=\"page\">\n\t\t\t\t<div class=\"elementor-element elementor-element-iwgs-raeuchern-hero e-flex e-con-boxed e-con e-parent\" data-id=\"iwgs-raeuchern-hero\" data-element_type=\"container\" data-e-type=\"container\">\n\t\t\t\t\t<div class=\"e-con-inner\">\n\t\t<div class=\"elementor-element elementor-element-iw-raeuchern-hero-left e-con-full e-flex e-con e-child\" data-id=\"iw-raeuchern-hero-left\" data-element_type=\"container\" data-e-type=\"container\">\n\t\t\t\t<div class=\"elementor-element elementor-element-iwgs-raeuchern-h1 elementor-widget elementor-widget-heading\" data-id=\"iwgs-raeuchern-h1\" data-element_type=\"widget\" data-e-type=\"widget\" data-widget_type=\"heading.default\">\n\t\t\t\t\t<h1 class=\"elementor-heading-title elementor-size-default\">Fumigaci\u00f3 i purificaci\u00f3<\/h1>\t\t\t\t<\/div>\n\t\t<div class=\"elementor-element elementor-element-iw-raeuchern-hero-bw e-con-full e-flex e-con e-child\" data-id=\"iw-raeuchern-hero-bw\" data-element_type=\"container\" data-e-type=\"container\">\n\t\t\t\t<div class=\"elementor-element elementor-element-iwgs-raeuchern-pills elementor-widget elementor-widget-html\" data-id=\"iwgs-raeuchern-pills\" data-element_type=\"widget\" data-e-type=\"widget\" data-widget_type=\"html.default\">\n\t\t\t\t\t<div class=\"iwg-pill-row\"><span class=\"iwg-klasse-badge\" tabindex=\"0\" data-tooltip=\"Tipus de mitj\u00e0 de protecci\u00f3.\">Tipus de mitj\u00e0 de protecci\u00f3<\/span><a href=\"https:\/\/iwell-guard.com\/ca\/?page_id=172028\" class=\"iwg-kultur-badge\" tabindex=\"0\" data-tooltip=\"Anar a la visi\u00f3 general.\">Br\u00faixola de Protecci\u00f3<\/a><\/div>\t\t\t\t<\/div>\n\t\t\t\t<div class=\"elementor-element elementor-element-iwgs-raeuchern-lead elementor-widget elementor-widget-text-editor\" data-id=\"iwgs-raeuchern-lead\" data-element_type=\"widget\" data-e-type=\"widget\" data-widget_type=\"text-editor.default\">\n\t\t\t\t\t\t\t\t\t<p>La fumigaci\u00f3 \u00e9s una de les formes m\u00e9s antigues de purificaci\u00f3 ritual. El principi \u00e9s el mateix arreu: una subst\u00e0ncia es crema, el seu fum s&#8217;eleva i, segons la <span class=\"iwg-fachbegriff\" data-tooltip=\"La transmissi\u00f3 de coneixements i relats al llarg de generacions.\" tabindex=\"0\">tradici\u00f3<\/span>, no nom\u00e9s transforma l&#8217;atmosfera d&#8217;un espai, sin\u00f3 tamb\u00e9 la seva qualitat invisible.<\/p><p>Es pret\u00e9n que les influ\u00e8ncies nocives quedin lligades, expulsades o neutralitzades; els llindars, les persones i els objectes que mereixen protecci\u00f3 han de ser <span class=\"iwg-fachbegriff\" data-tooltip=\"Lliurat a all\u00f2 sagrat mitjan\u00e7ant un acte religi\u00f3s i, per tant, apartat de l'\u00e0mbit quotidi\u00e0.\" tabindex=\"0\">consagrats<\/span> o resguardats pel fum.<\/p>\n<p>El que va impulsar cultures de continents diferents \u00e9s estructuralment gaireb\u00e9 id\u00e8ntic, tot i que no sabien res les unes de les altres. Els sacerdots egipcis fumigaven les sales del temple amb kyphi abans de comen\u00e7ar els actes sagrats. Els pobles ind\u00edgenes d&#8217;Am\u00e8rica del Nord duien a terme rituals de purificaci\u00f3 amb feixos de s\u00e0lvia blanca.<\/p><p>Els germ\u00e0nics, durant la nit del fum, expulsaven les forces malignes de la casa i de l&#8217;estable amb branques de ginebre enceses. Els sacerdots cat\u00f2lics fan servir el tur\u00edbul des de fa segles a la missa i en les oracions pels difunts. Totes aquestes pr\u00e0ctiques parteixen del fet que el fum \u00e9s una subst\u00e0ncia fronterera: no pertany del tot al s\u00f2lid ni del tot a l&#8217;aeri, es mou entre els dos plans.<\/p>\n<p>Aquesta p\u00e0gina central presenta les sis subst\u00e0ncies de fumigaci\u00f3 incloses al <a href=\"https:\/\/iwell-guard.com\/ca\/?page_id=172028\">Br\u00faixola de Protecci\u00f3<\/a>. Cada p\u00e0gina de detall explica l&#8217;origen, el principi d&#8217;acci\u00f3 segons la <span class=\"iwg-fachbegriff\" data-tooltip=\"La transmissi\u00f3 de coneixements i relats al llarg de generacions.\" tabindex=\"0\">tradici\u00f3<\/span> i els \u00e9ssers contra els quals s&#8217;utilitzava aquesta subst\u00e0ncia.<\/p>\n<p class=\"iwg-kwfix\">La fumigaci\u00f3 serveix alhora per a la purificaci\u00f3 i per a la protecci\u00f3 contra influ\u00e8ncies no desitjades.<\/p>\t\t\t\t\t\t\t\t<\/div>\n\t\t\t\t<\/div>\n\t\t\t\t<\/div>\n\t\t<div class=\"elementor-element elementor-element-iw-raeuchern-hero-img e-con-full e-flex e-con e-child\" data-id=\"iw-raeuchern-hero-img\" data-element_type=\"container\" data-e-type=\"container\">\n\t\t\t\t<div class=\"elementor-element elementor-element-iwgs-raeuchern-himg iwg-hero-image elementor-widget elementor-widget-image\" data-id=\"iwgs-raeuchern-himg\" data-element_type=\"widget\" data-e-type=\"widget\" data-widget_type=\"image.default\">\n\t\t\t\t\t\t\t\t\t\t\t\t\t\t\t<img fetchpriority=\"high\" decoding=\"async\" width=\"683\" height=\"1024\" src=\"https:\/\/iwell-guard.com\/wp-content\/uploads\/2026\/05\/schutzsymbol_universell_raeuchern-683x1024.png\" class=\"attachment-large size-large wp-image-173192\" alt=\"Fumigaci\u00f3 i purificaci\u00f3: el fum ascendent com a s\u00edmbol de la purificaci\u00f3\" srcset=\"https:\/\/iwell-guard.com\/wp-content\/uploads\/2026\/05\/schutzsymbol_universell_raeuchern-683x1024.png 683w, https:\/\/iwell-guard.com\/wp-content\/uploads\/2026\/05\/schutzsymbol_universell_raeuchern-200x300.png 200w, https:\/\/iwell-guard.com\/wp-content\/uploads\/2026\/05\/schutzsymbol_universell_raeuchern-768x1152.png 768w, https:\/\/iwell-guard.com\/wp-content\/uploads\/2026\/05\/schutzsymbol_universell_raeuchern.png 1024w\" sizes=\"(max-width: 683px) 100vw, 683px\" \/>\t\t\t\t\t\t\t\t\t\t\t\t\t\t\t<\/div>\n\t\t\t\t<\/div>\n\t\t\t\t\t<\/div>\n\t\t\t\t<\/div>\n\t\t<div class=\"elementor-element elementor-element-iwgs-raeuchern-s0 e-flex e-con-boxed e-con e-parent\" data-id=\"iwgs-raeuchern-s0\" data-element_type=\"container\" data-e-type=\"container\">\n\t\t\t\t\t<div class=\"e-con-inner\">\n\t\t\t\t<div class=\"elementor-element elementor-element-iwgs-raeuchern-s0h elementor-widget elementor-widget-heading\" data-id=\"iwgs-raeuchern-s0h\" data-element_type=\"widget\" data-e-type=\"widget\" data-widget_type=\"heading.default\">\n\t\t\t\t\t<h2 class=\"elementor-heading-title elementor-size-default\">Trets comuns i principi d'acci\u00f3<\/h2>\t\t\t\t<\/div>\n\t\t<div class=\"elementor-element elementor-element-iw-raeuchern-s0-bw e-con-full e-flex e-con e-child\" data-id=\"iw-raeuchern-s0-bw\" data-element_type=\"container\" data-e-type=\"container\">\n\t\t\t\t<div class=\"elementor-element elementor-element-iwgs-raeuchern-s0t elementor-widget elementor-widget-text-editor\" data-id=\"iwgs-raeuchern-s0t\" data-element_type=\"widget\" data-e-type=\"widget\" data-widget_type=\"text-editor.default\">\n\t\t\t\t\t\t\t\t\t<p>En la tradici\u00f3 popular, totes les subst\u00e0ncies de fumigaci\u00f3 comparteixen un patr\u00f3 com\u00fa. El fum ascendent es considera un mitj\u00e0 de transport: s&#8217;emporta cap amunt les influ\u00e8ncies nocives i les allunya; alhora forma una mena de cortina que impedeix que \u00e9ssers no desitjats hi actu\u00efn.<\/p><p>Aquesta cortina pot ser espacial, quan es fumiga una casa, o personal, quan una persona \u00e9s condu\u00efda o fumigada pel fum.<\/p>\n<p>A m\u00e9s, hi ha l&#8217;aspecte de la marca. El fum de la fumigaci\u00f3 indica que un espai, una persona o un acte est\u00e0 sota protecci\u00f3. En moltes tradicions, l&#8217;olor mateixa \u00e9s l&#8217;element protector: all\u00f2 que als humans els resulta agradable o <span class=\"iwg-fachbegriff\" data-tooltip=\"Pertanyent a all\u00f2 div\u00ed i, per tant, apartat de l'\u00fas quotidi\u00e0.\" tabindex=\"0\">sagrat<\/span> repel\u00b7leix all\u00f2 nociu.<\/p><p>L&#8217;encens i la mirra fan olor de proximitat divina tant en la tradici\u00f3 cristiana com en l&#8217;antiga orientalitat; on hi ha aquesta proximitat, el mal no t\u00e9 lloc.<\/p>\n<p>Segons la majoria de tradicions, el que \u00e9s decisiu per a l&#8217;efecte no \u00e9s tant la subst\u00e0ncia qu\u00edmica com el coneixement del seu origen, l&#8217;\u00fas correcte i la intenci\u00f3 de qui la fa servir. Aix\u00f2 distingeix la purificaci\u00f3 ritual de la simple crema de material.<\/p>\t\t\t\t\t\t\t\t<\/div>\n\t\t\t\t<\/div>\n\t\t\t\t\t<\/div>\n\t\t\t\t<\/div>\n\t\t<div class=\"elementor-element elementor-element-iwgs-raeuchern-s1 e-flex e-con-boxed e-con e-parent\" data-id=\"iwgs-raeuchern-s1\" data-element_type=\"container\" data-e-type=\"container\">\n\t\t\t\t\t<div class=\"e-con-inner\">\n\t\t\t\t<div class=\"elementor-element elementor-element-iwgs-raeuchern-s1h elementor-widget elementor-widget-heading\" data-id=\"iwgs-raeuchern-s1h\" data-element_type=\"widget\" data-e-type=\"widget\" data-widget_type=\"heading.default\">\n\t\t\t\t\t<h2 class=\"elementor-heading-title elementor-size-default\">Visi\u00f3 general transcultural<\/h2>\t\t\t\t<\/div>\n\t\t<div class=\"elementor-element elementor-element-iw-raeuchern-s1-bw e-con-full e-flex e-con e-child\" data-id=\"iw-raeuchern-s1-bw\" data-element_type=\"container\" data-e-type=\"container\">\n\t\t\t\t<div class=\"elementor-element elementor-element-iwgs-raeuchern-s1t elementor-widget elementor-widget-text-editor\" data-id=\"iwgs-raeuchern-s1t\" data-element_type=\"widget\" data-e-type=\"widget\" data-widget_type=\"text-editor.default\">\n\t\t\t\t\t\t\t\t\t<p><strong><a href=\"https:\/\/iwell-guard.com\/ca\/?page_id=172039\">L&#8217;encens<\/a><\/strong> \u00e9s el material d&#8217;encensament m\u00e9s antic documentat en la hist\u00f2ria escrita. La resina de l&#8217;arbre Boswellia ja es cremava a l&#8217;antic Egipte i a Mesopot\u00e0mia en temples per invocar les divinitats i mantenir a ratlla les influ\u00e8ncies nocives. En la <span class=\"iwg-fachbegriff\" data-tooltip=\"L'ordre establert del culte d'una comunitat religiosa.\" tabindex=\"0\">lit\u00fargia<\/span> cristiana, l&#8217;encens continua sent avui el material d&#8217;encensament central per a la <span class=\"iwg-fachbegriff\" data-tooltip=\"Concessi\u00f3 de salut i protecci\u00f3, sovint en forma ling\u00fc\u00edstica fixa.\" tabindex=\"0\">benedicci\u00f3<\/span>, la <span class=\"iwg-fachbegriff\" data-tooltip=\"Acte ritual pel qual un objecte, lloc o persona \u00e9s lliurat a l'\u00e0mbit religi\u00f3s.\" tabindex=\"0\">consagraci\u00f3<\/span> i l&#8217;acompanyament dels difunts.<\/p>\n<p><strong><a href=\"https:\/\/iwell-guard.com\/ca\/?page_id=172026\">La s\u00e0lvia<\/a><\/strong> representa el <span class=\"iwg-fachbegriff\" data-tooltip=\"Una seq\u00fc\u00e8ncia regulada d'accions simb\u00f2liques amb significat religi\u00f3s o cultural.\" tabindex=\"0\">ritual<\/span> nord-americ\u00e0 del smudging. La s\u00e0lvia blanca (Salvia apiana) va ser utilitzada per nombrosos pobles ind\u00edgenes dels actuals Estats Units per purificar espais, persones i llocs cerimonials d&#8217;influ\u00e8ncies negatives. El fum del feix de s\u00e0lvia hauria de retenir les energies nocives i fer-les sortir de l&#8217;espai.<\/p>\n<p><strong><a href=\"https:\/\/iwell-guard.com\/ca\/?page_id=172038\">El ginebre<\/a><\/strong> \u00e9s el material d&#8217;encensament cl\u00e0ssic de la creen\u00e7a popular de parla alemanya. Durant les anomenades nits de fum, les dotze nits entre Nadal i el dia de Reis, els habitants de les cases recorrien la llar i l&#8217;estable amb branques de ginebre enceses per expulsar els esperits malignes i els esperits de malalties. El fum picant i resin\u00f3s es considerava especialment efica\u00e7 contra els \u00e9ssers nocturns.<\/p>\n<p><strong><a href=\"https:\/\/iwell-guard.com\/ca\/?page_id=172024\">El Palo Santo<\/a><\/strong> \u00e9s la fusta sagrada de la regi\u00f3 andina. Aquesta fusta d&#8217;encensament de l&#8217;arbre Bursera s&#8217;utilitza en la medicina popular i en el <span class=\"iwg-fachbegriff\" data-tooltip=\"Sistema religi\u00f3s en qu\u00e8 especialistes es comuniquen amb el m\u00f3n dels esperits.\" tabindex=\"0\">xamanisme<\/span> de Sud-am\u00e8rica per expulsar esperits malignes, purificar espais i acompanyar rituals de protecci\u00f3. L&#8217;olor caracter\u00edstica i dol\u00e7enca es considera, en aquesta <span class=\"iwg-fachbegriff\" data-tooltip=\"La transmissi\u00f3 de coneixements i relats a trav\u00e9s de generacions.\" tabindex=\"0\">tradici\u00f3 oral<\/span>, un signe de la santedat de la fusta.<\/p>\n<p><strong><a href=\"https:\/\/iwell-guard.com\/ca\/?page_id=172023\">La mirra<\/a><\/strong> \u00e9s la resina que acompanya l&#8217;encens. A l&#8217;antic Egipte, en el m\u00f3n sem\u00edtic i en la tradici\u00f3 cristiana, la mirra representava la purificaci\u00f3 i l&#8217;acompanyament dels difunts. Com a contrapunt de l&#8217;encens clar, la mirra t\u00e9, pel seu olor pesant i amarg, fama de resina de la separaci\u00f3: acompanya el tr\u00e0nsit entre els mons i protegeix durant aquest pas.<\/p>\n<p><strong><a href=\"https:\/\/iwell-guard.com\/ca\/?page_id=172040\">L&#8217;aigua beneita<\/a><\/strong> tamb\u00e9 forma part de les subst\u00e0ncies de purificaci\u00f3, tot i que no \u00e9s un material d&#8217;encensament en sentit estricte. L&#8217;aigua bene\u00efda de la tradici\u00f3 cristiana compleix la mateixa funci\u00f3 que el fum de l&#8217;encens: purifica, consagra i protegeix per aspersi\u00f3. Com que la l\u00f2gica de la protecci\u00f3 \u00e9s id\u00e8ntica, l&#8217;aigua beneita es tracta en aquest context juntament amb els materials d&#8217;encensament.<\/p>\t\t\t\t\t\t\t\t<\/div>\n\t\t\t\t<\/div>\n\t\t\t\t\t<\/div>\n\t\t\t\t<\/div>\n\t\t<div class=\"elementor-element elementor-element-iwgs-raeuchern-s2 e-flex e-con-boxed e-con e-parent\" data-id=\"iwgs-raeuchern-s2\" data-element_type=\"container\" data-e-type=\"container\">\n\t\t\t\t\t<div class=\"e-con-inner\">\n\t\t\t\t<div class=\"elementor-element elementor-element-iwgs-raeuchern-s2h elementor-widget elementor-widget-heading\" data-id=\"iwgs-raeuchern-s2h\" data-element_type=\"widget\" data-e-type=\"widget\" data-widget_type=\"heading.default\">\n\t\t\t\t\t<h2 class=\"elementor-heading-title elementor-size-default\">Aplicaci\u00f3 i l\u00edmits<\/h2>\t\t\t\t<\/div>\n\t\t<div class=\"elementor-element elementor-element-iw-raeuchern-s2-bw e-con-full e-flex e-con e-child\" data-id=\"iw-raeuchern-s2-bw\" data-element_type=\"container\" data-e-type=\"container\">\n\t\t\t\t<div class=\"elementor-element elementor-element-iwgs-raeuchern-s2t elementor-widget elementor-widget-text-editor\" data-id=\"iwgs-raeuchern-s2t\" data-element_type=\"widget\" data-e-type=\"widget\" data-widget_type=\"text-editor.default\">\n\t\t\t\t\t\t\t\t\t<p>Les sis subst\u00e0ncies s&#8217;apliquen, segons cada <span class=\"iwg-fachbegriff\" data-tooltip=\"La transmissi\u00f3 de coneixements i relats a trav\u00e9s de generacions.\" tabindex=\"0\">tradici\u00f3<\/span>, seguint regles determinades: en el moment adequat, en el lloc adequat i amb la intenci\u00f3 adequada.<\/p><p>La tradici\u00f3 popular distingeix entre una purificaci\u00f3 de car\u00e0cter preventiu (que es realitza regularment) i una purificaci\u00f3 com a resposta a un fet concret, com traslladar-se a una casa nova, una malaltia greu o la sensaci\u00f3 d&#8217;una influ\u00e8ncia aliena.<\/p>\n<p>La pr\u00f2pia <span class=\"iwg-fachbegriff\" data-tooltip=\"La transmissi\u00f3 de coneixements i relats a trav\u00e9s de generacions.\" tabindex=\"0\">tradici\u00f3<\/span> assenyala els l\u00edmits d&#8217;aquestes pr\u00e0ctiques: cap subst\u00e0ncia per cremar substitueix un concepte de protecci\u00f3 integral. Per aix\u00f2, en moltes tradicions, cremar herbes o resines es combina amb altres mitjans de protecci\u00f3, com s\u00edmbols, f\u00f3rmules o l&#8217;\u00fas d&#8217;un amulet.<\/p><p>El <a href=\"https:\/\/iwell-guard.com\/ca\/?page_id=172028\">Br\u00faixola de Protecci\u00f3<\/a> d&#8217;iwell-guard.com mostra quins mitjans de protecci\u00f3 es van emprar, en quines tradicions, contra quins tipus d&#8217;\u00e9ssers, i aix\u00ed fa visibles les combinacions que les cultures han transm\u00e8s com especialment eficaces.<\/p>\n<p data-nosnippet=\"true\">A m\u00e9s, cal tenir en compte que les tradicions descriuen pr\u00e0ctiques folkl\u00f2riques. Aquesta p\u00e0gina documenta i explica sense fer promeses de curaci\u00f3 ni garanties de protecci\u00f3.<\/p>\t\t\t\t\t\t\t\t<\/div>\n\t\t\t\t<\/div>\n\t\t\t\t\t<\/div>\n\t\t\t\t<\/div>\n\t\t<div class=\"elementor-element elementor-element-iwgs-raeuchern-s3 e-flex e-con-boxed e-con e-parent\" data-id=\"iwgs-raeuchern-s3\" data-element_type=\"container\" data-e-type=\"container\">\n\t\t\t\t\t<div class=\"e-con-inner\">\n\t\t\t\t<div class=\"elementor-element elementor-element-iwgs-raeuchern-s3h elementor-widget elementor-widget-heading\" data-id=\"iwgs-raeuchern-s3h\" data-element_type=\"widget\" data-e-type=\"widget\" data-widget_type=\"heading.default\">\n\t\t\t\t\t<h2 class=\"elementor-heading-title elementor-size-default\">Al Br\u00faixola de Protecci\u00f3<\/h2>\t\t\t\t<\/div>\n\t\t<div class=\"elementor-element elementor-element-iw-raeuchern-s3-bw e-con-full e-flex e-con e-child\" data-id=\"iw-raeuchern-s3-bw\" data-element_type=\"container\" data-e-type=\"container\">\n\t\t\t\t<div class=\"elementor-element elementor-element-iwgs-raeuchern-s3t elementor-widget elementor-widget-text-editor\" data-id=\"iwgs-raeuchern-s3t\" data-element_type=\"widget\" data-e-type=\"widget\" data-widget_type=\"text-editor.default\">\n\t\t\t\t\t\t\t\t\t<p>Les subst\u00e0ncies per cremar presentades en aquesta p\u00e0gina estan enlla\u00e7ades, a la <a href=\"https:\/\/iwell-guard.com\/ca\/?page_id=172028\">Br\u00faixola de Protecci\u00f3<\/a>, amb els tipus d&#8217;\u00e9ssers contra els quals, segons la <span class=\"iwg-fachbegriff\" data-tooltip=\"La transmissi\u00f3 de coneixements i relats a trav\u00e9s de generacions.\" tabindex=\"0\">tradici\u00f3<\/span>, es van utilitzar. Qui vulgui saber quina subst\u00e0ncia es va emprar, en quina cultura, contra quin tipus d&#8217;esperits o dimonis, hi trobar\u00e0 el panorama complet.<\/p><p>Els filtres per cultura, classe i \u00e9sser permeten cercar de manera espec\u00edfica les tradicions m\u00e9s properes al propi context d&#8217;experi\u00e8ncia.<\/p>\t\t\t\t\t\t\t\t<\/div>\n\t\t\t\t<\/div>\n\t\t\t\t\t<\/div>\n\t\t\t\t<\/div>\n\t\t<div class=\"elementor-element elementor-element-iwgs-raeuchern-lit e-flex e-con-boxed e-con e-parent\" data-id=\"iwgs-raeuchern-lit\" data-element_type=\"container\" data-e-type=\"container\">\n\t\t\t\t\t<div class=\"e-con-inner\">\n\t\t\t\t<div class=\"elementor-element elementor-element-iwgs-raeuchern-lith elementor-widget elementor-widget-heading\" data-id=\"iwgs-raeuchern-lith\" data-element_type=\"widget\" data-e-type=\"widget\" data-widget_type=\"heading.default\">\n\t\t\t\t\t<h2 class=\"elementor-heading-title elementor-size-default\">Bibliografia (selecci\u00f3)<\/h2>\t\t\t\t<\/div>\n\t\t<div class=\"elementor-element elementor-element-iw-raeuchern-lit-bw e-con-full e-flex e-con e-child\" data-id=\"iw-raeuchern-lit-bw\" data-element_type=\"container\" data-e-type=\"container\">\n\t\t\t\t<div class=\"elementor-element elementor-element-iwgs-raeuchern-litt elementor-widget elementor-widget-html\" data-id=\"iwgs-raeuchern-litt\" data-element_type=\"widget\" data-e-type=\"widget\" data-widget_type=\"html.default\">\n\t\t\t\t\t<footer data-nosnippet=\"true\"><ul><li>Handw\u00f6rterbuch des deutschen Aberglaubens. Hrsg. von Hanns B\u00e4chtold-St\u00e4ubli. Berlin: de Gruyter, 1927-1942.<\/li><li>Monika Hinterbichler: R\u00e4uchern: Geschichte, Rezepte und Rituale. M\u00fcnchen: Gr\u00e4fe und Unzer, 2002.<\/li><li>Mircea Eliade: Das Heilige und das Profane. Hamburg: Rowohlt, 1957.<\/li><li>Keith Thomas: Religion and the Decline of Magic. London: Weidenfeld and Nicolson, 1971.<\/li><li>Richard Kieckhefer: Magic in the Middle Ages. Cambridge: Cambridge University Press, 1989.<\/li><\/ul><\/footer>\t\t\t\t<\/div>\n\t\t\t\t<\/div>\n\t\t\t\t\t<\/div>\n\t\t\t\t<\/div>\n\t\t<div class=\"elementor-element elementor-element-iwgs-raeuchern-kwd e-flex e-con-boxed e-con e-parent\" data-id=\"iwgs-raeuchern-kwd\" data-element_type=\"container\" data-e-type=\"container\">\n\t\t\t\t\t<div class=\"e-con-inner\">\n\t\t<div class=\"elementor-element elementor-element-iw-raeuchern-kwd-bw e-con-full e-flex e-con e-child\" data-id=\"iw-raeuchern-kwd-bw\" data-element_type=\"container\" data-e-type=\"container\">\n\t\t\t\t<div class=\"elementor-element elementor-element-iwgs-raeuchern-kwdt elementor-widget elementor-widget-text-editor\" data-id=\"iwgs-raeuchern-kwdt\" data-element_type=\"widget\" data-e-type=\"widget\" data-widget_type=\"text-editor.default\">\n\t\t\t\t\t\t\t\t\t<p><em>Termes clau relacionats: fumigaci\u00f3 protecci\u00f3 encens purificaci\u00f3 resines rituals de purificaci\u00f3.<\/em><\/p>\t\t\t\t\t\t\t\t<\/div>\n\t\t\t\t<\/div>\n\t\t\t\t\t<\/div>\n\t\t\t\t<\/div>\n\t\t<div class=\"elementor-element elementor-element-iwgs-raeuchern-cc e-flex e-con-boxed e-con e-parent\" data-id=\"iwgs-raeuchern-cc\" data-element_type=\"container\" data-e-type=\"container\" id=\"iwg-cc-raeuchern\">\n\t\t\t\t\t<div class=\"e-con-inner\">\n\t\t<div class=\"elementor-element elementor-element-iwgs-raeuchern-ccinner e-flex e-con-boxed e-con e-parent\" data-id=\"iwgs-raeuchern-ccinner\" data-element_type=\"container\" data-e-type=\"container\" data-settings=\"{&quot;background_background&quot;:&quot;classic&quot;}\">\n\t\t\t\t\t<div class=\"e-con-inner\">\n\t\t\t\t<div class=\"elementor-element elementor-element-iwgs-raeuchern-cch elementor-widget elementor-widget-heading\" data-id=\"iwgs-raeuchern-cch\" data-element_type=\"widget\" data-e-type=\"widget\" data-widget_type=\"heading.default\">\n\t\t\t\t\t<h2 class=\"elementor-heading-title elementor-size-default\">iWell Guard i tradicions de protecci\u00f3<\/h2>\t\t\t\t<\/div>\n\t\t\t\t<div class=\"elementor-element elementor-element-iwgs-raeuchern-cct elementor-widget elementor-widget-text-editor\" data-id=\"iwgs-raeuchern-cct\" data-element_type=\"widget\" data-e-type=\"widget\" data-widget_type=\"text-editor.default\">\n\t\t\t\t\t\t\t\t\t<p>La diversitat de pr\u00e0ctiques de fumigaci\u00f3 mostra que persones de diversos continents van arribar a conclusions semblants: un espai o una persona pot ser posat, mitjan\u00e7ant accions determinades, en un estat que dificulta o impedeix la influ\u00e8ncia externa.<\/p><p>L&#8217;<a href=\"https:\/\/iwell-guard.com\/ca\/penjoll-protector-iwell-guard-comprar\/\">iWell Guard<\/a> recupera aquestes tradicions i les condensa en un s\u00edmbol de protecci\u00f3 que es porta damunt. All\u00f2 que les cultures aconseguien per a l&#8217;espai mitjan\u00e7ant la fumigaci\u00f3, el penjoll ho vol aconseguir per a la persona: un record permanent i portat amb un mateix de la voluntat de protecci\u00f3, nascut de tradicions de m\u00faltiples cultures.<\/p>\t\t\t\t\t\t\t\t<\/div>\n\t\t\t\t<div class=\"elementor-element elementor-element-iwgs-raeuchern-ccb iwg-cc-button iwg-cc-cta-2026-05-13 elementor-widget elementor-widget-jet-button\" data-id=\"iwgs-raeuchern-ccb\" data-element_type=\"widget\" data-e-type=\"widget\" data-widget_type=\"jet-button.default\">\n\t\t\t\t<div class=\"elementor-widget-container\">\n\t\t\t\t\t<div class=\"elementor-jet-button jet-elements\"><div class=\"jet-button__container\"><a class=\"jet-button__instance jet-button__instance--icon-left hover-effect-1\" href=\"\/schutzanhaenger-iwell-guard-kaufen\/?utm_source=iwell-guard.com&amp;utm_medium=info-box&amp;utm_campaign=schutzsymbole\"><div class=\"jet-button__plane jet-button__plane-normal\"><\/div><div class=\"jet-button__plane jet-button__plane-hover\"><\/div><div class=\"jet-button__state jet-button__state-normal\"><span class=\"jet-button__label\">M\u00e9s informaci\u00f3 sobre l'iWell Guard<\/span><\/div><div class=\"jet-button__state jet-button__state-hover\"><span class=\"jet-button__label\">M\u00e9s informaci\u00f3 sobre l'iWell Guard<\/span><\/div><\/a><\/div><\/div><style>.elementor-element.elementor-element-iwgs-raeuchern-ccb .jet-button__instance{width:320px;height:56px;}.elementor-element.elementor-element-iwgs-raeuchern-ccb .jet-button__state-normal .jet-button__label{text-align:center;margin:0px 0px 0px 0px;color:#1a1b20;font-family:Montserrat,sans-serif;font-size:13px;font-weight:400;letter-spacing:4px;line-height:1.714em;text-transform:uppercase;}.elementor-element.elementor-element-iwgs-raeuchern-ccb .jet-button__state-hover .jet-button__label{text-align:center;margin:0px 0px 0px 0px;color:#FECC76;font-family:Montserrat,sans-serif;font-size:13px;font-weight:400;letter-spacing:4px;line-height:1.714em;text-transform:uppercase;}.elementor-element.elementor-element-iwgs-raeuchern-ccb .jet-button__plane-normal{background-color:#FECC76;border-style:solid;border-color:#C99540;border-width:2px 2px 2px 2px;}.elementor-element.elementor-element-iwgs-raeuchern-ccb .jet-button__plane-hover{background-color:rgba(0,0,0,0.55);border-style:solid;border-color:#FECC76;border-width:2px 2px 2px 2px;}<\/style>\t\t\t\t<\/div>\n\t\t\t\t<\/div>\n\t\t\t\t<div class=\"elementor-element elementor-element-iwgs-raeuchern-ccd elementor-widget elementor-widget-text-editor\" data-id=\"iwgs-raeuchern-ccd\" data-element_type=\"widget\" data-e-type=\"widget\" data-widget_type=\"text-editor.default\">\n\t\t\t\t\t\t\t\t\t<p style=\"text-align:center;font-size:13px;opacity:0.7;margin-top:14px\" data-nosnippet=\"true\">Les experi\u00e8ncies personals poden variar. No \u00e9s un producte sanitari. No es garanteix cap curaci\u00f3.<\/p>\t\t\t\t\t\t\t\t<\/div>\n\t\t\t\t\t<\/div>\n\t\t\t\t<\/div>\n\t\t\t\t\t<\/div>\n\t\t\t\t<\/div>\n\t\t<div class=\"elementor-element elementor-element-iwgs-raeuchern-disc e-flex e-con-boxed e-con e-parent\" data-id=\"iwgs-raeuchern-disc\" data-element_type=\"container\" data-e-type=\"container\">\n\t\t\t\t\t<div class=\"e-con-inner\">\n\t\t<div class=\"elementor-element elementor-element-iw-raeuchern-disc-bw e-con-full e-flex e-con e-child\" data-id=\"iw-raeuchern-disc-bw\" data-element_type=\"container\" data-e-type=\"container\">\n\t\t\t\t<div class=\"elementor-element elementor-element-iwgs-raeuchern-discw elementor-widget elementor-widget-html\" data-id=\"iwgs-raeuchern-discw\" data-element_type=\"widget\" data-e-type=\"widget\" data-widget_type=\"html.default\">\n\t\t\t\t\t<footer data-nosnippet=\"true\" class=\"iwg-disclaimer-block\"><p data-nosnippet=\"true\">iWell Guard <strong>no \u00e9s un producte sanitari<\/strong> i no substitueix cap tractament m\u00e8dic o psicoterap\u00e8utic. Els continguts presentats aqu\u00ed s\u00f3n una contextualitzaci\u00f3 des de la ci\u00e8ncia de les religions i la hist\u00f2ria cultural, no una promesa d'efecte espiritual.<\/p><\/footer>\t\t\t\t<\/div>\n\t\t\t\t<\/div>\n\t\t\t\t\t<\/div>\n\t\t\t\t<\/div>\n\t\t\t\t<\/div>\n\t\t","protected":false},"excerpt":{"rendered":"","protected":false},"author":3,"featured_media":4143,"parent":0,"menu_order":0,"comment_status":"closed","ping_status":"closed","template":"elementor_header_footer","meta":{"_yoast_wpseo_focuskw":"fumigacio proteccio","_yoast_wpseo_title":"Fumigaci\u00f3 i purificaci\u00f3 per a l'protecci\u00f3","_yoast_wpseo_metadesc":"Fumigaci\u00f3 com a protecci\u00f3: encens, s\u00e0lvia, ginebre i molt m\u00e9s en una visi\u00f3 transcultural a iwell-guard.com.","_yoast_wpseo_meta-robots-noindex":"","_yoast_wpseo_canonical":"","_angie_page":false,"gefaehrdungsstufe":"","wesen_kultur":"","wesen_klasse":"","footnotes":""},"categories":[],"class_list":["post-172025","page","type-page","status-publish","has-post-thumbnail","hentry"],"yoast_head":"<!-- This site is optimized with the Yoast SEO Premium plugin v27.7 (Yoast SEO v28.3) - https:\/\/yoast.com\/product\/yoast-seo-premium-wordpress\/ -->\n<title>Fumigaci\u00f3 i purificaci\u00f3 per a l&#039;protecci\u00f3<\/title>\n<meta name=\"description\" content=\"Fumigaci\u00f3 com a protecci\u00f3: encens, s\u00e0lvia, ginebre i molt m\u00e9s en una visi\u00f3 transcultural a iwell-guard.com.\" \/>\n<meta name=\"robots\" content=\"index, follow, max-snippet:-1, max-image-preview:large, max-video-preview:-1\" \/>\n<link rel=\"canonical\" href=\"https:\/\/iwell-guard.com\/ca\/fumigacio-i-purificacio\/\" \/>\n<meta property=\"og:locale\" content=\"ca_ES\" \/>\n<meta property=\"og:type\" content=\"article\" \/>\n<meta property=\"og:title\" content=\"Fumigaci\u00f3 i purificaci\u00f3\" \/>\n<meta property=\"og:description\" content=\"Fumigaci\u00f3 com a protecci\u00f3: encens, s\u00e0lvia, ginebre i molt m\u00e9s en una visi\u00f3 transcultural a iwell-guard.com.\" \/>\n<meta property=\"og:url\" content=\"https:\/\/iwell-guard.com\/ca\/fumigacio-i-purificacio\/\" \/>\n<meta property=\"og:site_name\" content=\"iWell Guard\" \/>\n<meta property=\"article:modified_time\" content=\"2026-09-05T16:13:22+00:00\" \/>\n<meta property=\"og:image\" content=\"https:\/\/iwell-guard.com\/wp-content\/uploads\/2026\/05\/schutzsymbol_universell_raeuchern-683x1024.png\" \/>\n\t<meta property=\"og:image:width\" content=\"683\" \/>\n\t<meta property=\"og:image:height\" content=\"1024\" \/>\n\t<meta property=\"og:image:type\" content=\"image\/png\" \/>\n<meta name=\"twitter:card\" content=\"summary_large_image\" \/>\n<script type=\"application\/ld+json\" class=\"yoast-schema-graph\">{\"@context\":\"https:\\\/\\\/schema.org\",\"@graph\":[{\"@type\":\"WebPage\",\"@id\":\"https:\\\/\\\/iwell-guard.com\\\/ca\\\/fumigacio-i-purificacio\\\/\",\"url\":\"https:\\\/\\\/iwell-guard.com\\\/ca\\\/fumigacio-i-purificacio\\\/\",\"name\":\"Fumigaci\u00f3 i purificaci\u00f3 per a l'protecci\u00f3\",\"isPartOf\":{\"@id\":\"https:\\\/\\\/iwell-guard.com\\\/ca\\\/#website\"},\"primaryImageOfPage\":{\"@id\":\"https:\\\/\\\/iwell-guard.com\\\/ca\\\/fumigacio-i-purificacio\\\/#primaryimage\"},\"image\":{\"@id\":\"https:\\\/\\\/iwell-guard.com\\\/ca\\\/fumigacio-i-purificacio\\\/#primaryimage\"},\"thumbnailUrl\":\"https:\\\/\\\/iwell-guard.com\\\/wp-content\\\/uploads\\\/2026\\\/05\\\/schutzsymbol_universell_raeuchern.png\",\"datePublished\":\"2026-09-05T15:44:26+00:00\",\"dateModified\":\"2026-09-05T16:13:22+00:00\",\"description\":\"Fumigaci\u00f3 com a protecci\u00f3: encens, s\u00e0lvia, ginebre i molt m\u00e9s en una visi\u00f3 transcultural a iwell-guard.com.\",\"breadcrumb\":{\"@id\":\"https:\\\/\\\/iwell-guard.com\\\/ca\\\/fumigacio-i-purificacio\\\/#breadcrumb\"},\"inLanguage\":\"ca\",\"potentialAction\":[{\"@type\":\"ReadAction\",\"target\":[\"https:\\\/\\\/iwell-guard.com\\\/ca\\\/fumigacio-i-purificacio\\\/\"]}]},{\"@type\":\"ImageObject\",\"inLanguage\":\"ca\",\"@id\":\"https:\\\/\\\/iwell-guard.com\\\/ca\\\/fumigacio-i-purificacio\\\/#primaryimage\",\"url\":\"https:\\\/\\\/iwell-guard.com\\\/wp-content\\\/uploads\\\/2026\\\/05\\\/schutzsymbol_universell_raeuchern.png\",\"contentUrl\":\"https:\\\/\\\/iwell-guard.com\\\/wp-content\\\/uploads\\\/2026\\\/05\\\/schutzsymbol_universell_raeuchern.png\",\"width\":1024,\"height\":1536,\"caption\":\"Fumigaci\u00f3 i purificaci\u00f3: el fum ascendent com a s\u00edmbol de la purificaci\u00f3\"},{\"@type\":\"BreadcrumbList\",\"@id\":\"https:\\\/\\\/iwell-guard.com\\\/ca\\\/fumigacio-i-purificacio\\\/#breadcrumb\",\"itemListElement\":[{\"@type\":\"ListItem\",\"position\":1,\"name\":\"Start\",\"item\":\"https:\\\/\\\/iwell-guard.com\\\/ca\\\/?page_id=171333\"},{\"@type\":\"ListItem\",\"position\":2,\"name\":\"Fumigaci\u00f3 i purificaci\u00f3\"}]},{\"@type\":\"WebSite\",\"@id\":\"https:\\\/\\\/iwell-guard.com\\\/ca\\\/#website\",\"url\":\"https:\\\/\\\/iwell-guard.com\\\/ca\\\/\",\"name\":\"iWell Guard\",\"description\":\"Schutz vor dunklen Einfl\u00fcssen\",\"publisher\":{\"@id\":\"https:\\\/\\\/iwell-guard.com\\\/ca\\\/#organization\"},\"potentialAction\":[{\"@type\":\"SearchAction\",\"target\":{\"@type\":\"EntryPoint\",\"urlTemplate\":\"https:\\\/\\\/iwell-guard.com\\\/ca\\\/?s={search_term_string}\"},\"query-input\":{\"@type\":\"PropertyValueSpecification\",\"valueRequired\":true,\"valueName\":\"search_term_string\"}}],\"inLanguage\":\"ca\"},{\"@type\":\"Organization\",\"@id\":\"https:\\\/\\\/iwell-guard.com\\\/ca\\\/#organization\",\"name\":\"Ittermann electronic GmbH\",\"url\":\"https:\\\/\\\/iwell-guard.com\\\/ca\\\/\",\"logo\":{\"@type\":\"ImageObject\",\"inLanguage\":\"ca\",\"@id\":\"https:\\\/\\\/iwell-guard.com\\\/ca\\\/#\\\/schema\\\/logo\\\/image\\\/\",\"url\":\"https:\\\/\\\/iwell-guard.com\\\/wp-content\\\/uploads\\\/2026\\\/05\\\/Ittermann-Logo-1182x237-1.png\",\"contentUrl\":\"https:\\\/\\\/iwell-guard.com\\\/wp-content\\\/uploads\\\/2026\\\/05\\\/Ittermann-Logo-1182x237-1.png\",\"width\":1182,\"height\":237,\"caption\":\"Ittermann electronic GmbH\"},\"image\":{\"@id\":\"https:\\\/\\\/iwell-guard.com\\\/ca\\\/#\\\/schema\\\/logo\\\/image\\\/\"},\"sameAs\":[\"https:\\\/\\\/pantip.com\\\/profile\\\/9367242\",\"https:\\\/\\\/micro.blog\\\/iwellguard\",\"https:\\\/\\\/www.diggerslist.com\\\/iwellguard\\\/about\",\"https:\\\/\\\/skitterphoto.com\\\/photographers\\\/2870314\\\/iwell-guard\",\"https:\\\/\\\/iwellguard.wordpress.com\\\/2026\\\/06\\\/06\\\/iwell-guard\\\/\",\"https:\\\/\\\/hub.docker.com\\\/u\\\/iwellguard\",\"https:\\\/\\\/www.pinterest.com\\\/iwellguard\\\/\",\"https:\\\/\\\/bit.ly\\\/m\\\/iwellguard\",\"https:\\\/\\\/entre-vos-mains.alsace.eu\\\/profiles\\\/iwellguard\\\/activity\",\"https:\\\/\\\/gravatar.com\\\/reallybeded8fd34\",\"https:\\\/\\\/naijamatta.com\\\/iwellguard\",\"https:\\\/\\\/www.goodreads.com\\\/iwellguard\",\"https:\\\/\\\/profile.hatena.ne.jp\\\/iwellguard\\\/\",\"https:\\\/\\\/experiment.com\\\/users\\\/iwellguard\",\"https:\\\/\\\/wakelet.com\\\/@iWellGuard82270\",\"https:\\\/\\\/www.chordie.com\\\/forum\\\/profile.php?id=2555664\",\"https:\\\/\\\/www.instapaper.com\\\/p\\\/17757966\",\"https:\\\/\\\/www.mapleprimes.com\\\/users\\\/iwellguard\",\"https:\\\/\\\/businesslistingplus.com\\\/profile\\\/iwell-guard\\\/\",\"https:\\\/\\\/telegra.ph\\\/iWell-Guard-06-06\",\"https:\\\/\\\/pbase.com\\\/iwellguard\\\/iwellguard\",\"https:\\\/\\\/b.hatena.ne.jp\\\/iwellguard\\\/20260607#bookmark-4788405196491818882\",\"https:\\\/\\\/fliphtml5.com\\\/home\\\/iwellguard\",\"https:\\\/\\\/anyflip.com\\\/homepage\\\/cmiwl#About\",\"https:\\\/\\\/transfur.com\\\/Users\\\/iwellguard\",\"http:\\\/\\\/delphi.larsbo.org\\\/user\\\/iwellguard\",\"https:\\\/\\\/jobs.lajobsportal.org\\\/profiles\\\/8380803-iwell-guard\",\"https:\\\/\\\/md.chaosdorf.de\\\/s\\\/jfbe5SBdJD\",\"https:\\\/\\\/www.lingvolive.com\\\/en-us\\\/profile\\\/9ecaeaca-ce11-4e51-9e71-01d55e2bff36\\\/translations\",\"https:\\\/\\\/www.fitday.com\\\/fitness\\\/forums\\\/members\\\/iwellguard.html\",\"https:\\\/\\\/www.mymeetbook.com\\\/iwellguard\",\"https:\\\/\\\/pxhere.com\\\/en\\\/photographer-me\\\/5040798\",\"https:\\\/\\\/disqus.com\\\/by\\\/iwellguard\\\/about\\\/\",\"https:\\\/\\\/pastelink.net\\\/hjwciqwq\",\"https:\\\/\\\/pubhtml5.com\\\/homepage\\\/scjhn\\\/\",\"https:\\\/\\\/www.bitchute.com\\\/channel\\\/2O2eOKzNqujT\",\"https:\\\/\\\/audiomack.com\\\/iwellguard\"]}]}<\/script>\n<!-- \/ Yoast SEO Premium plugin. -->","yoast_head_json":{"title":"Fumigaci\u00f3 i purificaci\u00f3 per a l'protecci\u00f3","description":"Fumigaci\u00f3 com a protecci\u00f3: encens, s\u00e0lvia, ginebre i molt m\u00e9s en una visi\u00f3 transcultural a iwell-guard.com.","robots":{"index":"index","follow":"follow","max-snippet":"max-snippet:-1","max-image-preview":"max-image-preview:large","max-video-preview":"max-video-preview:-1"},"canonical":"https:\/\/iwell-guard.com\/ca\/fumigacio-i-purificacio\/","og_locale":"ca_ES","og_type":"article","og_title":"Fumigaci\u00f3 i purificaci\u00f3","og_description":"Fumigaci\u00f3 com a protecci\u00f3: encens, s\u00e0lvia, ginebre i molt m\u00e9s en una visi\u00f3 transcultural a iwell-guard.com.","og_url":"https:\/\/iwell-guard.com\/ca\/fumigacio-i-purificacio\/","og_site_name":"iWell Guard","article_modified_time":"2026-09-05T16:13:22+00:00","og_image":[{"width":683,"height":1024,"url":"https:\/\/iwell-guard.com\/wp-content\/uploads\/2026\/05\/schutzsymbol_universell_raeuchern-683x1024.png","type":"image\/png"}],"twitter_card":"summary_large_image","schema":{"@context":"https:\/\/schema.org","@graph":[{"@type":"WebPage","@id":"https:\/\/iwell-guard.com\/ca\/fumigacio-i-purificacio\/","url":"https:\/\/iwell-guard.com\/ca\/fumigacio-i-purificacio\/","name":"Fumigaci\u00f3 i purificaci\u00f3 per a l'protecci\u00f3","isPartOf":{"@id":"https:\/\/iwell-guard.com\/ca\/#website"},"primaryImageOfPage":{"@id":"https:\/\/iwell-guard.com\/ca\/fumigacio-i-purificacio\/#primaryimage"},"image":{"@id":"https:\/\/iwell-guard.com\/ca\/fumigacio-i-purificacio\/#primaryimage"},"thumbnailUrl":"https:\/\/iwell-guard.com\/wp-content\/uploads\/2026\/05\/schutzsymbol_universell_raeuchern.png","datePublished":"2026-09-05T15:44:26+00:00","dateModified":"2026-09-05T16:13:22+00:00","description":"Fumigaci\u00f3 com a protecci\u00f3: encens, s\u00e0lvia, ginebre i molt m\u00e9s en una visi\u00f3 transcultural a iwell-guard.com.","breadcrumb":{"@id":"https:\/\/iwell-guard.com\/ca\/fumigacio-i-purificacio\/#breadcrumb"},"inLanguage":"ca","potentialAction":[{"@type":"ReadAction","target":["https:\/\/iwell-guard.com\/ca\/fumigacio-i-purificacio\/"]}]},{"@type":"ImageObject","inLanguage":"ca","@id":"https:\/\/iwell-guard.com\/ca\/fumigacio-i-purificacio\/#primaryimage","url":"https:\/\/iwell-guard.com\/wp-content\/uploads\/2026\/05\/schutzsymbol_universell_raeuchern.png","contentUrl":"https:\/\/iwell-guard.com\/wp-content\/uploads\/2026\/05\/schutzsymbol_universell_raeuchern.png","width":1024,"height":1536,"caption":"Fumigaci\u00f3 i purificaci\u00f3: el fum ascendent com a s\u00edmbol de la purificaci\u00f3"},{"@type":"BreadcrumbList","@id":"https:\/\/iwell-guard.com\/ca\/fumigacio-i-purificacio\/#breadcrumb","itemListElement":[{"@type":"ListItem","position":1,"name":"Start","item":"https:\/\/iwell-guard.com\/ca\/?page_id=171333"},{"@type":"ListItem","position":2,"name":"Fumigaci\u00f3 i purificaci\u00f3"}]},{"@type":"WebSite","@id":"https:\/\/iwell-guard.com\/ca\/#website","url":"https:\/\/iwell-guard.com\/ca\/","name":"iWell Guard","description":"Schutz vor dunklen Einfl\u00fcssen","publisher":{"@id":"https:\/\/iwell-guard.com\/ca\/#organization"},"potentialAction":[{"@type":"SearchAction","target":{"@type":"EntryPoint","urlTemplate":"https:\/\/iwell-guard.com\/ca\/?s={search_term_string}"},"query-input":{"@type":"PropertyValueSpecification","valueRequired":true,"valueName":"search_term_string"}}],"inLanguage":"ca"},{"@type":"Organization","@id":"https:\/\/iwell-guard.com\/ca\/#organization","name":"Ittermann electronic GmbH","url":"https:\/\/iwell-guard.com\/ca\/","logo":{"@type":"ImageObject","inLanguage":"ca","@id":"https:\/\/iwell-guard.com\/ca\/#\/schema\/logo\/image\/","url":"https:\/\/iwell-guard.com\/wp-content\/uploads\/2026\/05\/Ittermann-Logo-1182x237-1.png","contentUrl":"https:\/\/iwell-guard.com\/wp-content\/uploads\/2026\/05\/Ittermann-Logo-1182x237-1.png","width":1182,"height":237,"caption":"Ittermann electronic GmbH"},"image":{"@id":"https:\/\/iwell-guard.com\/ca\/#\/schema\/logo\/image\/"},"sameAs":["https:\/\/pantip.com\/profile\/9367242","https:\/\/micro.blog\/iwellguard","https:\/\/www.diggerslist.com\/iwellguard\/about","https:\/\/skitterphoto.com\/photographers\/2870314\/iwell-guard","https:\/\/iwellguard.wordpress.com\/2026\/06\/06\/iwell-guard\/","https:\/\/hub.docker.com\/u\/iwellguard","https:\/\/www.pinterest.com\/iwellguard\/","https:\/\/bit.ly\/m\/iwellguard","https:\/\/entre-vos-mains.alsace.eu\/profiles\/iwellguard\/activity","https:\/\/gravatar.com\/reallybeded8fd34","https:\/\/naijamatta.com\/iwellguard","https:\/\/www.goodreads.com\/iwellguard","https:\/\/profile.hatena.ne.jp\/iwellguard\/","https:\/\/experiment.com\/users\/iwellguard","https:\/\/wakelet.com\/@iWellGuard82270","https:\/\/www.chordie.com\/forum\/profile.php?id=2555664","https:\/\/www.instapaper.com\/p\/17757966","https:\/\/www.mapleprimes.com\/users\/iwellguard","https:\/\/businesslistingplus.com\/profile\/iwell-guard\/","https:\/\/telegra.ph\/iWell-Guard-06-06","https:\/\/pbase.com\/iwellguard\/iwellguard","https:\/\/b.hatena.ne.jp\/iwellguard\/20260607#bookmark-4788405196491818882","https:\/\/fliphtml5.com\/home\/iwellguard","https:\/\/anyflip.com\/homepage\/cmiwl#About","https:\/\/transfur.com\/Users\/iwellguard","http:\/\/delphi.larsbo.org\/user\/iwellguard","https:\/\/jobs.lajobsportal.org\/profiles\/8380803-iwell-guard","https:\/\/md.chaosdorf.de\/s\/jfbe5SBdJD","https:\/\/www.lingvolive.com\/en-us\/profile\/9ecaeaca-ce11-4e51-9e71-01d55e2bff36\/translations","https:\/\/www.fitday.com\/fitness\/forums\/members\/iwellguard.html","https:\/\/www.mymeetbook.com\/iwellguard","https:\/\/pxhere.com\/en\/photographer-me\/5040798","https:\/\/disqus.com\/by\/iwellguard\/about\/","https:\/\/pastelink.net\/hjwciqwq","https:\/\/pubhtml5.com\/homepage\/scjhn\/","https:\/\/www.bitchute.com\/channel\/2O2eOKzNqujT","https:\/\/audiomack.com\/iwellguard"]}]}},"_links":{"self":[{"href":"https:\/\/iwell-guard.com\/ca\/wp-json\/wp\/v2\/pages\/172025","targetHints":{"allow":["GET"]}}],"collection":[{"href":"https:\/\/iwell-guard.com\/ca\/wp-json\/wp\/v2\/pages"}],"about":[{"href":"https:\/\/iwell-guard.com\/ca\/wp-json\/wp\/v2\/types\/page"}],"author":[{"embeddable":true,"href":"https:\/\/iwell-guard.com\/ca\/wp-json\/wp\/v2\/users\/3"}],"replies":[{"embeddable":true,"href":"https:\/\/iwell-guard.com\/ca\/wp-json\/wp\/v2\/comments?post=172025"}],"version-history":[{"count":0,"href":"https:\/\/iwell-guard.com\/ca\/wp-json\/wp\/v2\/pages\/172025\/revisions"}],"wp:featuredmedia":[{"embeddable":true,"href":"https:\/\/iwell-guard.com\/ca\/wp-json\/wp\/v2\/media\/4143"}],"wp:attachment":[{"href":"https:\/\/iwell-guard.com\/ca\/wp-json\/wp\/v2\/media?parent=172025"}],"wp:term":[{"taxonomy":"category","embeddable":true,"href":"https:\/\/iwell-guard.com\/ca\/wp-json\/wp\/v2\/categories?post=172025"}],"curies":[{"name":"wp","href":"https:\/\/api.w.org\/{rel}","templated":true}]}}