{"id":172024,"date":"2026-09-05T15:44:26","date_gmt":"2026-09-05T15:44:26","guid":{"rendered":"https:\/\/iwell-guard.com\/?page_id=172024"},"modified":"2026-09-05T16:13:20","modified_gmt":"2026-09-05T16:13:20","slug":"palo-santo","status":"publish","type":"page","link":"https:\/\/iwell-guard.com\/ca\/palo-santo\/","title":{"rendered":"Palo Santo"},"content":{"rendered":"\t\t<div data-elementor-type=\"wp-page\" data-elementor-id=\"172024\" class=\"elementor elementor-172024 elementor-3781 elementor-bc-flex-widget\" data-elementor-post-type=\"page\">\n\t\t\t\t<div class=\"elementor-element elementor-element-iwgs-palo-santo-hero e-flex e-con-boxed e-con e-parent\" data-id=\"iwgs-palo-santo-hero\" data-element_type=\"container\" data-e-type=\"container\">\n\t\t\t\t\t<div class=\"e-con-inner\">\n\t\t<div class=\"elementor-element elementor-element-iw-palo-santo-hero-left e-con-full e-flex e-con e-child\" data-id=\"iw-palo-santo-hero-left\" data-element_type=\"container\" data-e-type=\"container\">\n\t\t\t\t<div class=\"elementor-element elementor-element-iwgs-palo-santo-h1 elementor-widget elementor-widget-heading\" data-id=\"iwgs-palo-santo-h1\" data-element_type=\"widget\" data-e-type=\"widget\" data-widget_type=\"heading.default\">\n\t\t\t\t\t<h1 class=\"elementor-heading-title elementor-size-default\">Palo Santo \u2014 la fusta sagrada de fumigaci\u00f3 de Sud-am\u00e8rica<\/h1>\t\t\t\t<\/div>\n\t\t<div class=\"elementor-element elementor-element-iw-palo-santo-hero-bw e-con-full e-flex e-con e-child\" data-id=\"iw-palo-santo-hero-bw\" data-element_type=\"container\" data-e-type=\"container\">\n\t\t\t\t<div class=\"elementor-element elementor-element-iwgs-palo-santo-pills elementor-widget elementor-widget-html\" data-id=\"iwgs-palo-santo-pills\" data-element_type=\"widget\" data-e-type=\"widget\" data-widget_type=\"html.default\">\n\t\t\t\t\t<div class=\"iwg-pill-row\"><span class=\"iwg-klasse-badge\" tabindex=\"0\" data-tooltip=\"Tipus de mitj\u00e0 de protecci\u00f3.\">Mitj\u00e0 per a cremar encens<\/span><a href=\"https:\/\/iwell-guard.com\/ca\/?page_id=172025\" class=\"iwg-kultur-badge\" tabindex=\"0\" data-tooltip=\"Anar a la visi\u00f3 general.\">Encens i purificaci\u00f3<\/a><\/div>\t\t\t\t<\/div>\n\t\t\t\t<div class=\"elementor-element elementor-element-iwgs-palo-santo-lead elementor-widget elementor-widget-text-editor\" data-id=\"iwgs-palo-santo-lead\" data-element_type=\"widget\" data-e-type=\"widget\" data-widget_type=\"text-editor.default\">\n\t\t\t\t\t\t\t\t\t<p>Palo Santo significa en castell\u00e0 \u00abfusta sagrada\u00bb. El nom fa refer\u00e8ncia a la posici\u00f3 que aquesta fusta de fumigaci\u00f3 ocupa en la tradici\u00f3 popular de la regi\u00f3 andina i de la Sud-am\u00e8rica tropical: no \u00e9s nom\u00e9s un producte de fumigaci\u00f3 com molts altres, sin\u00f3 una eina del xaman i el curandero, que, per la seva raresa i el seu olor caracter\u00edstica, es considera especialment poderosa.<\/p><p>A difer\u00e8ncia de l&#8217;<a href=\"https:\/\/iwell-guard.com\/ca\/?page_id=172039\">encens<\/a> o la <a href=\"https:\/\/iwell-guard.com\/ca\/?page_id=172023\">mirra<\/a>, que es cremen com a resines, en el cas del Palo Santo es crema la fusta mateixa; les encenalls, trossos o bastonets del tronc de l&#8217;arbre Bursera graveolens desprenen, en encendre&#8217;s, un fum dol\u00e7 i resin\u00f3s, amb un lleuger toc de c\u00edtrics i menta.<\/p><p>A la <a href=\"https:\/\/iwell-guard.com\/ca\/?page_id=172025\">p\u00e0gina general sobre fumigaci\u00f3 i purificaci\u00f3<\/a>, Palo Santo representa la l\u00ednia sud-americana de la tradici\u00f3 ritual de fumigaci\u00f3. Aquesta fitxa exposa el prestigi sagrat de qu\u00e8 gaudeix Palo Santo en la tradici\u00f3 sud-americana de fumigaci\u00f3. Palo Santo \u00e9s una fusta sagrada per a fumigar, i les seccions seg\u00fcents descriuen l&#8217;origen i l&#8217;\u00fas d&#8217;aquest material.<\/p>\t\t\t\t\t\t\t\t<\/div>\n\t\t\t\t<\/div>\n\t\t\t\t<\/div>\n\t\t<div class=\"elementor-element elementor-element-iw-palo-santo-hero-img e-con-full e-flex e-con e-child\" data-id=\"iw-palo-santo-hero-img\" data-element_type=\"container\" data-e-type=\"container\">\n\t\t\t\t<div class=\"elementor-element elementor-element-iwgs-palo-santo-himg iwg-hero-image elementor-widget elementor-widget-image\" data-id=\"iwgs-palo-santo-himg\" data-element_type=\"widget\" data-e-type=\"widget\" data-widget_type=\"image.default\">\n\t\t\t\t\t\t\t\t\t\t\t\t\t\t\t<img fetchpriority=\"high\" decoding=\"async\" width=\"683\" height=\"1024\" src=\"https:\/\/iwell-guard.com\/wp-content\/uploads\/2026\/05\/schutzsymbol_anden_palo-santo-683x1024.png\" class=\"attachment-large size-large wp-image-173206\" alt=\"Palo Santo, la fusta sagrada d&apos;encens de Sud-am\u00e8rica, il\u00b7lustraci\u00f3 historicista\" srcset=\"https:\/\/iwell-guard.com\/wp-content\/uploads\/2026\/05\/schutzsymbol_anden_palo-santo-683x1024.png 683w, https:\/\/iwell-guard.com\/wp-content\/uploads\/2026\/05\/schutzsymbol_anden_palo-santo-200x300.png 200w, https:\/\/iwell-guard.com\/wp-content\/uploads\/2026\/05\/schutzsymbol_anden_palo-santo-768x1152.png 768w, https:\/\/iwell-guard.com\/wp-content\/uploads\/2026\/05\/schutzsymbol_anden_palo-santo.png 1024w\" sizes=\"(max-width: 683px) 100vw, 683px\" \/>\t\t\t\t\t\t\t\t\t\t\t\t\t\t\t<\/div>\n\t\t\t\t<\/div>\n\t\t\t\t\t<\/div>\n\t\t\t\t<\/div>\n\t\t<div class=\"elementor-element elementor-element-iwgs-palo-santo-s0 e-flex e-con-boxed e-con e-parent\" data-id=\"iwgs-palo-santo-s0\" data-element_type=\"container\" data-e-type=\"container\">\n\t\t\t\t\t<div class=\"e-con-inner\">\n\t\t\t\t<div class=\"elementor-element elementor-element-iwgs-palo-santo-s0h elementor-widget elementor-widget-heading\" data-id=\"iwgs-palo-santo-s0h\" data-element_type=\"widget\" data-e-type=\"widget\" data-widget_type=\"heading.default\">\n\t\t\t\t\t<h2 class=\"elementor-heading-title elementor-size-default\">Resum r\u00e0pid<\/h2>\t\t\t\t<\/div>\n\t\t<div class=\"elementor-element elementor-element-iw-palo-santo-s0-bw e-con-full e-flex e-con e-child\" data-id=\"iw-palo-santo-s0-bw\" data-element_type=\"container\" data-e-type=\"container\">\n\t\t\t\t<div class=\"elementor-element elementor-element-iwgs-palo-santo-s0t elementor-widget elementor-widget-text-editor\" data-id=\"iwgs-palo-santo-s0t\" data-element_type=\"widget\" data-e-type=\"widget\" data-widget_type=\"text-editor.default\">\n\t\t\t\t\t\t\t\t\t<p>Palo Santo (Bursera graveolens) creix als boscos secs de l&#8217;Equador, el Per\u00fa i altres pa\u00efsos sud-americans. La fusta desenvolupa la seva olor caracter\u00edstica nom\u00e9s despr\u00e9s de la mort natural de l&#8217;arbre o d&#8217;una branca: els olis essencials es formen a la fusta morta al llarg de diversos anys.<\/p><p>En la <span class=\"iwg-fachbegriff\" data-tooltip=\"La transmissi\u00f3 de coneixements i relats al llarg de generacions.\" tabindex=\"0\">tradici\u00f3<\/span> dels pobles ind\u00edgenes i en la creen\u00e7a popular llatinoamericana, Palo Santo es considera un remei contra els esperits malignes, un acompanyant dels rituals xam\u00e0nics i una protecci\u00f3 davant d&#8217;influ\u00e8ncies negatives. Es creu que el seu fum allunya les forces nocives i, al mateix temps, atreu energies bones i curatives.<\/p>\t\t\t\t\t\t\t\t<\/div>\n\t\t\t\t<\/div>\n\t\t\t\t\t<\/div>\n\t\t\t\t<\/div>\n\t\t<div class=\"elementor-element elementor-element-iwgs-palo-santo-s1 e-flex e-con-boxed e-con e-parent\" data-id=\"iwgs-palo-santo-s1\" data-element_type=\"container\" data-e-type=\"container\">\n\t\t\t\t\t<div class=\"e-con-inner\">\n\t\t\t\t<div class=\"elementor-element elementor-element-iwgs-palo-santo-s1h elementor-widget elementor-widget-heading\" data-id=\"iwgs-palo-santo-s1h\" data-element_type=\"widget\" data-e-type=\"widget\" data-widget_type=\"heading.default\">\n\t\t\t\t\t<h2 class=\"elementor-heading-title elementor-size-default\">Origen i tradici\u00f3<\/h2>\t\t\t\t<\/div>\n\t\t<div class=\"elementor-element elementor-element-iw-palo-santo-s1-bw e-con-full e-flex e-con e-child\" data-id=\"iw-palo-santo-s1-bw\" data-element_type=\"container\" data-e-type=\"container\">\n\t\t\t\t<div class=\"elementor-element elementor-element-iwgs-palo-santo-s1t elementor-widget elementor-widget-text-editor\" data-id=\"iwgs-palo-santo-s1t\" data-element_type=\"widget\" data-e-type=\"widget\" data-widget_type=\"text-editor.default\">\n\t\t\t\t\t\t\t\t\t<p>L&#8217;\u00fas de Palo Santo es remunta molt enrere en la <span class=\"iwg-fachbegriff\" data-tooltip=\"La transmissi\u00f3 de coneixements i relats al llarg de generacions.\" tabindex=\"0\">tradici\u00f3<\/span> oral dels pobles ind\u00edgenes de l&#8217;Equador i el Per\u00fa. Xamans i curanderos de les cultures andines, entre ells representants de la tradici\u00f3 del curanderisme, feien servir la fusta en rituals de curaci\u00f3, cerim\u00f2nies de purificaci\u00f3 i com a mitj\u00e0 d&#8217;acompanyament per a la comunicaci\u00f3 amb el m\u00f3n dels esperits.<\/p><p>Segons diverses tradicions, els inques feien servir aquesta fusta en ocasions cerimonials; tot i aix\u00f2, resulta dif\u00edcil establir una documentaci\u00f3 escrita fiable de l&#8217;\u00e8poca precolonial, atesa la manca de fonts escrites.<\/p>\n<p>Amb la colonitzaci\u00f3 de Sud-am\u00e8rica i la influ\u00e8ncia del catolicisme espanyol, l&#8217;\u00fas ind\u00edgena es va barrejar amb elements cristians.<\/p><p>El nom mateix \u00abfusta sagrada\u00bb \u00e9s un producte d&#8217;aquesta barreja: reflecteix la reinterpretaci\u00f3 cristiana per la qual la fusta de fumigaci\u00f3 es va vincular al concepte del sagrat. En la creen\u00e7a popular sincr\u00e8tica de l&#8217;Am\u00e8rica Llatina, que combina elements ind\u00edgenes, africans i europeus, Palo Santo va continuar sent un mitj\u00e0 de protecci\u00f3 ben establert.<\/p>\n<p>En temps m\u00e9s recents, Palo Santo va arribar al m\u00f3n occidental a trav\u00e9s dels moviments de benestar i New Age, on es comercialitza, de manera similar a la salvia blanca, com a mitj\u00e0 de purificaci\u00f3 universal. En aquest proc\u00e9s, sovint es perden els contextos rituals espec\u00edfics en qu\u00e8 la fusta s&#8217;utilitzava originalment.<\/p>\t\t\t\t\t\t\t\t<\/div>\n\t\t\t\t<\/div>\n\t\t\t\t\t<\/div>\n\t\t\t\t<\/div>\n\t\t<div class=\"elementor-element elementor-element-iwgs-palo-santo-s2 e-flex e-con-boxed e-con e-parent\" data-id=\"iwgs-palo-santo-s2\" data-element_type=\"container\" data-e-type=\"container\">\n\t\t\t\t\t<div class=\"e-con-inner\">\n\t\t\t\t<div class=\"elementor-element elementor-element-iwgs-palo-santo-s2h elementor-widget elementor-widget-heading\" data-id=\"iwgs-palo-santo-s2h\" data-element_type=\"widget\" data-e-type=\"widget\" data-widget_type=\"heading.default\">\n\t\t\t\t\t<h2 class=\"elementor-heading-title elementor-size-default\">Principi d'acci\u00f3 segons la tradici\u00f3<\/h2>\t\t\t\t<\/div>\n\t\t<div class=\"elementor-element elementor-element-iw-palo-santo-s2-bw e-con-full e-flex e-con e-child\" data-id=\"iw-palo-santo-s2-bw\" data-element_type=\"container\" data-e-type=\"container\">\n\t\t\t\t<div class=\"elementor-element elementor-element-iwgs-palo-santo-s2t elementor-widget elementor-widget-text-editor\" data-id=\"iwgs-palo-santo-s2t\" data-element_type=\"widget\" data-e-type=\"widget\" data-widget_type=\"text-editor.default\">\n\t\t\t\t\t\t\t\t\t<p>En la <span class=\"iwg-fachbegriff\" data-tooltip=\"La transmissi\u00f3 de coneixements i relats al llarg de generacions.\" tabindex=\"0\">tradici\u00f3<\/span> andina i curanderista, Palo Santo actua en dos plans alhora. D&#8217;una banda, es considera que el seu fum repel\u00b7leix els esperits nocius i les influ\u00e8ncies negatives (susto, dany, mal aire, \u00e9s a dir, esperit de l&#8217;espant, malefici i mal aire en el sentit tradicional).<\/p><p>D&#8217;altra banda, es creu que l&#8217;olor atreu esperits i forces beneficioses i protectores. Aix\u00ed, el <span class=\"iwg-fachbegriff\" data-tooltip=\"Especialista religi\u00f3s al qual s'atribueix la mediaci\u00f3 entre els humans i el m\u00f3n dels esperits.\" tabindex=\"0\">xaman<\/span> o curandero utilitza Palo Santo no nom\u00e9s per expulsar, sin\u00f3 tamb\u00e9 per convidar: crea un espai purificat en el qual pot entrar all\u00f2 que cura.<\/p>\n<p>Aquest doble aspecte, expulsar i convidar, distingeix Palo Santo, en la seva funci\u00f3 tradicional, dels mitjans purament defensius com el <a href=\"https:\/\/iwell-guard.com\/ca\/?page_id=172038\">ginebre<\/a>, al qual s&#8217;atribueix un efecte m\u00e9s b\u00e9 repel\u00b7lent i frenador. La idea que la protecci\u00f3 no consisteix nom\u00e9s a defensar-se, sin\u00f3 tamb\u00e9 a atreure el b\u00e9, \u00e9s caracter\u00edstica de la tradici\u00f3 andina.<\/p>\n<p>Segons aquesta <span class=\"iwg-fachbegriff\" data-tooltip=\"La transmissi\u00f3 de coneixements i relats al llarg de generacions.\" tabindex=\"0\">tradici\u00f3<\/span>, \u00e9s essencial per a la seva efic\u00e0cia que la fusta hagi mort de manera natural. Es creu que la fusta tallada no posseeix la mateixa for\u00e7a ritual que la fusta que ha mort per si mateixa i que ha rom\u00e0s diversos anys al terra abans de ser recollida.<\/p><p>El temps que necessita la fusta per desenvolupar la seva olor no \u00e9s casual en la <span class=\"iwg-fachbegriff\" data-tooltip=\"La transmissi\u00f3 de coneixements i relats al llarg de generacions.\" tabindex=\"0\">tradici\u00f3<\/span>: \u00e9s el preu de la seva efic\u00e0cia.<\/p>\t\t\t\t\t\t\t\t<\/div>\n\t\t\t\t<\/div>\n\t\t\t\t\t<\/div>\n\t\t\t\t<\/div>\n\t\t<div class=\"elementor-element elementor-element-iwgs-palo-santo-s3 e-flex e-con-boxed e-con e-parent\" data-id=\"iwgs-palo-santo-s3\" data-element_type=\"container\" data-e-type=\"container\">\n\t\t\t\t\t<div class=\"e-con-inner\">\n\t\t\t\t<div class=\"elementor-element elementor-element-iwgs-palo-santo-s3h elementor-widget elementor-widget-heading\" data-id=\"iwgs-palo-santo-s3h\" data-element_type=\"widget\" data-e-type=\"widget\" data-widget_type=\"heading.default\">\n\t\t\t\t\t<h2 class=\"elementor-heading-title elementor-size-default\">Difusi\u00f3 transcultural<\/h2>\t\t\t\t<\/div>\n\t\t<div class=\"elementor-element elementor-element-iw-palo-santo-s3-bw e-con-full e-flex e-con e-child\" data-id=\"iw-palo-santo-s3-bw\" data-element_type=\"container\" data-e-type=\"container\">\n\t\t\t\t<div class=\"elementor-element elementor-element-iwgs-palo-santo-s3t elementor-widget elementor-widget-text-editor\" data-id=\"iwgs-palo-santo-s3t\" data-element_type=\"widget\" data-e-type=\"widget\" data-widget_type=\"text-editor.default\">\n\t\t\t\t\t\t\t\t\t<p>Palo Santo, en la seva forma original, es limita a Sud-am\u00e8rica, ja que l&#8217;arbre Bursera graveolens nom\u00e9s hi creix. Tot i aix\u00f2, hi ha conceptes similars en altres cultures, \u00e9s a dir, la fumigaci\u00f3 amb fusta morta de manera natural o especialment envellida.<\/p><p>En la fumigaci\u00f3 tibetana s&#8217;utilitzen certs tipus de fusta i resines que necessiten un llarg per\u00edode de maduraci\u00f3. Al Jap\u00f3, la fumigaci\u00f3 amb fusta d&#8217;agar (oud) tamb\u00e9 est\u00e0 vinculada a la raresa i la maduraci\u00f3 lenta de la fusta; la l\u00f2gica ritual de la preciositat i l&#8217;efic\u00e0cia de la fusta madurada hi \u00e9s estructuralment emparentada.<\/p>\n<p>A l&#8217;Equador i al Per\u00fa, Palo Santo \u00e9s avui alhora un <span class=\"iwg-fachbegriff\" data-tooltip=\"Un signe que representa una idea o un significat.\" tabindex=\"0\">s\u00edmbol<\/span> nacional i un producte econ\u00f2mic. L&#8217;exportaci\u00f3 de la fusta est\u00e0 regulada per llei, perqu\u00e8 un \u00fas incontrolat ha posat en risc les poblacions de l&#8217;arbre. Aix\u00f2 converteix Palo Santo en un dels pocs productes de fumigaci\u00f3 el vessant tradicional del qual tamb\u00e9 t\u00e9 una dimensi\u00f3 de protecci\u00f3 ecol\u00f2gica.<\/p>\t\t\t\t\t\t\t\t<\/div>\n\t\t\t\t<\/div>\n\t\t\t\t\t<\/div>\n\t\t\t\t<\/div>\n\t\t<div class=\"elementor-element elementor-element-iwgs-palo-santo-s4 e-flex e-con-boxed e-con e-parent\" data-id=\"iwgs-palo-santo-s4\" data-element_type=\"container\" data-e-type=\"container\">\n\t\t\t\t\t<div class=\"e-con-inner\">\n\t\t\t\t<div class=\"elementor-element elementor-element-iwgs-palo-santo-s4h elementor-widget elementor-widget-heading\" data-id=\"iwgs-palo-santo-s4h\" data-element_type=\"widget\" data-e-type=\"widget\" data-widget_type=\"heading.default\">\n\t\t\t\t\t<h2 class=\"elementor-heading-title elementor-size-default\">Contra qu\u00e8 s'utilitza<\/h2>\t\t\t\t<\/div>\n\t\t<div class=\"elementor-element elementor-element-iw-palo-santo-s4-bw e-con-full e-flex e-con e-child\" data-id=\"iw-palo-santo-s4-bw\" data-element_type=\"container\" data-e-type=\"container\">\n\t\t\t\t<div class=\"elementor-element elementor-element-iwgs-palo-santo-s4t elementor-widget elementor-widget-text-editor\" data-id=\"iwgs-palo-santo-s4t\" data-element_type=\"widget\" data-e-type=\"widget\" data-widget_type=\"text-editor.default\">\n\t\t\t\t\t\t\t\t\t<p>En la <span class=\"iwg-fachbegriff\" data-tooltip=\"La transmissi\u00f3 de coneixements i relats al llarg de generacions.\" tabindex=\"0\">tradici\u00f3<\/span> curanderista i xam\u00e0nica, el Palo Santo s&#8217;utilitza contra les seg\u00fcents categories d&#8217;influ\u00e8ncies perjudicials:<\/p>\n<ul>\n<li>Mal aire, literalment \u00abaire dolent\u00bb: influ\u00e8ncies que s&#8217;adhereixen per certs llocs, moments o trobades i que causen malaltia<\/li>\n<li>Mal de ojo, el mal d&#8217;ull: influ\u00e8ncia intencionada o no intencionada causada per l&#8217;enveja o una atenci\u00f3 intensa<\/li>\n<li>Susto, l&#8217;esglai: estat en el qual, segons la <span class=\"iwg-fachbegriff\" data-tooltip=\"La transmissi\u00f3 de coneixements i relats al llarg de generacions.\" tabindex=\"0\">tradici\u00f3<\/span>, una part de l&#8217;\u00e0nima abandona el cos a causa d&#8217;un ensurt, i esperits protectors han de fer-la tornar<\/li>\n<li>Influ\u00e8ncia d&#8217;esperits lligats a un lloc que causen pertorbacions<\/li>\n<li>Una <span class=\"iwg-fachbegriff\" data-tooltip=\"Pr\u00e0ctiques que pretenen intervenir en el curs dels esdeveniments mitjan\u00e7ant accions o f\u00f3rmules especials.\" tabindex=\"0\">m\u00e0gia<\/span> mal\u00e8vola general (da\u00f1o) dirigida a una persona per part de tercers<\/li>\n<\/ul>\n<p>Aquestes categories corresponen a una cosmovisi\u00f3 espec\u00edficament andina, per\u00f2 es poden comparar estructuralment amb categories similars d&#8217;altres cultures. La <a href=\"https:\/\/iwell-guard.com\/ca\/?page_id=172028\">Br\u00faixola de Protecci\u00f3<\/a> classifica el Palo Santo segons els tipus d&#8217;\u00e9ssers amb els quals est\u00e0 tradicionalment vinculat.<\/p>\t\t\t\t\t\t\t\t<\/div>\n\t\t\t\t<\/div>\n\t\t\t\t\t<\/div>\n\t\t\t\t<\/div>\n\t\t<div class=\"elementor-element elementor-element-iwgs-palo-santo-s5 e-flex e-con-boxed e-con e-parent\" data-id=\"iwgs-palo-santo-s5\" data-element_type=\"container\" data-e-type=\"container\">\n\t\t\t\t\t<div class=\"e-con-inner\">\n\t\t\t\t<div class=\"elementor-element elementor-element-iwgs-palo-santo-s5h elementor-widget elementor-widget-heading\" data-id=\"iwgs-palo-santo-s5h\" data-element_type=\"widget\" data-e-type=\"widget\" data-widget_type=\"heading.default\">\n\t\t\t\t\t<h2 class=\"elementor-heading-title elementor-size-default\">Aplicaci\u00f3 i l\u00edmits<\/h2>\t\t\t\t<\/div>\n\t\t<div class=\"elementor-element elementor-element-iw-palo-santo-s5-bw e-con-full e-flex e-con e-child\" data-id=\"iw-palo-santo-s5-bw\" data-element_type=\"container\" data-e-type=\"container\">\n\t\t\t\t<div class=\"elementor-element elementor-element-iwgs-palo-santo-s5t elementor-widget elementor-widget-text-editor\" data-id=\"iwgs-palo-santo-s5t\" data-element_type=\"widget\" data-e-type=\"widget\" data-widget_type=\"text-editor.default\">\n\t\t\t\t\t\t\t\t\t<p>El Palo Santo s&#8217;enc\u00e9n normalment com un tros o encenall de fusta i despr\u00e9s s&#8217;apaga bufant, de manera que fumeja com una barreta d&#8217;encens. El fum es porta per l&#8217;estan\u00e7a o sobre la persona. Segons la <span class=\"iwg-fachbegriff\" data-tooltip=\"La transmissi\u00f3 de coneixements i relats al llarg de generacions.\" tabindex=\"0\">tradici\u00f3<\/span>, aquesta acci\u00f3 es fa amb una intenci\u00f3 clara; cremar-lo simplement sense concentraci\u00f3 es considera menys efectiu.<\/p>\n<p>Un l\u00edmit important de la pr\u00e0ctica \u00e9s la q\u00fcesti\u00f3 de l&#8217;origen. El Palo Santo sostenible, collit legalment a partir de fusta morta natural, es diferencia tant en la <span class=\"iwg-fachbegriff\" data-tooltip=\"La transmissi\u00f3 de coneixements i relats al llarg de generacions.\" tabindex=\"0\">tradici\u00f3<\/span> com en la valoraci\u00f3 ecol\u00f2gica dels productes fabricats industrialment. Qui vulgui utilitzar el Palo Santo d&#8217;acord amb la <span class=\"iwg-fachbegriff\" data-tooltip=\"La transmissi\u00f3 de coneixements i relats al llarg de generacions.\" tabindex=\"0\">tradici\u00f3<\/span> hauria de fixar-se en productes certificats procedents de l&#8217;Equador o el Per\u00fa amb els justificants corresponents.<\/p>\n<p>Com tots els materials d&#8217;encens, el Palo Santo no \u00e9s, segons la <span class=\"iwg-fachbegriff\" data-tooltip=\"La transmissi\u00f3 de coneixements i relats al llarg de generacions.\" tabindex=\"0\">tradici\u00f3<\/span>, un remei universal ni un substitut d&#8217;altres mesures de protecci\u00f3. La seva for\u00e7a rau en la combinaci\u00f3 de purificaci\u00f3 i invitaci\u00f3 a all\u00f2 ben\u00e8fic; per a \u00e9ssers perjudicials espec\u00edfics, la <span class=\"iwg-fachbegriff\" data-tooltip=\"La transmissi\u00f3 de coneixements i relats al llarg de generacions.\" tabindex=\"0\">tradici\u00f3<\/span> recomana mitjans complementaris, documentats a la <a href=\"https:\/\/iwell-guard.com\/ca\/?page_id=172028\">Br\u00faixola de Protecci\u00f3<\/a>.<\/p>\t\t\t\t\t\t\t\t<\/div>\n\t\t\t\t<\/div>\n\t\t\t\t\t<\/div>\n\t\t\t\t<\/div>\n\t\t<div class=\"elementor-element elementor-element-iwgs-palo-santo-lit e-flex e-con-boxed e-con e-parent\" data-id=\"iwgs-palo-santo-lit\" data-element_type=\"container\" data-e-type=\"container\">\n\t\t\t\t\t<div class=\"e-con-inner\">\n\t\t\t\t<div class=\"elementor-element elementor-element-iwgs-palo-santo-lith elementor-widget elementor-widget-heading\" data-id=\"iwgs-palo-santo-lith\" data-element_type=\"widget\" data-e-type=\"widget\" data-widget_type=\"heading.default\">\n\t\t\t\t\t<h2 class=\"elementor-heading-title elementor-size-default\">Bibliografia (selecci\u00f3)<\/h2>\t\t\t\t<\/div>\n\t\t<div class=\"elementor-element elementor-element-iw-palo-santo-lit-bw e-con-full e-flex e-con e-child\" data-id=\"iw-palo-santo-lit-bw\" data-element_type=\"container\" data-e-type=\"container\">\n\t\t\t\t<div class=\"elementor-element elementor-element-iwgs-palo-santo-litt elementor-widget elementor-widget-html\" data-id=\"iwgs-palo-santo-litt\" data-element_type=\"widget\" data-e-type=\"widget\" data-widget_type=\"html.default\">\n\t\t\t\t\t<footer data-nosnippet=\"true\"><ul><li>Don Callaway, Joel Janetski, Omer Stewart: Ute. In: Handbook of North American Indians, Bd. 11. Washington: Smithsonian Institution, 1986.<\/li><li>Luis Eduardo Luna, Pablo Amaringo: Ayahuasca Visions: The Religious Iconography of a Peruvian Shaman. Berkeley: North Atlantic Books, 1991.<\/li><li>Claudia M\u00fcller-Ebeling, Christian R\u00e4tsch, Wolf-Dieter Storl: Witchcraft Medicine: Healing Arts, Shamanic Practices and Forbidden Plants. Rochester: Inner Traditions, 2003.<\/li><li>Silvia Ravera: Herbalism: A Guide to Using Herbs and Plant Medicine for Healing and Wellbeing. Bath: Parragon, 2004.<\/li><li>Stefan Michalak: Ethnobotanisches W\u00f6rterbuch Lateinamerika. Frankfurt: Peter Lang, 2008.<\/li><\/ul><\/footer>\t\t\t\t<\/div>\n\t\t\t\t<\/div>\n\t\t\t\t\t<\/div>\n\t\t\t\t<\/div>\n\t\t<div class=\"elementor-element elementor-element-iwgs-palo-santo-kwd e-flex e-con-boxed e-con e-parent\" data-id=\"iwgs-palo-santo-kwd\" data-element_type=\"container\" data-e-type=\"container\">\n\t\t\t\t\t<div class=\"e-con-inner\">\n\t\t<div class=\"elementor-element elementor-element-iw-palo-santo-kwd-bw e-con-full e-flex e-con e-child\" data-id=\"iw-palo-santo-kwd-bw\" data-element_type=\"container\" data-e-type=\"container\">\n\t\t\t\t<div class=\"elementor-element elementor-element-iwgs-palo-santo-kwdt elementor-widget elementor-widget-text-editor\" data-id=\"iwgs-palo-santo-kwdt\" data-element_type=\"widget\" data-e-type=\"widget\" data-widget_type=\"text-editor.default\">\n\t\t\t\t\t\t\t\t\t<p><em>Termes clau relacionats: palo santo fusta sagrada efectes fusta d&#8217;encens.<\/em><\/p>\t\t\t\t\t\t\t\t<\/div>\n\t\t\t\t<\/div>\n\t\t\t\t\t<\/div>\n\t\t\t\t<\/div>\n\t\t<div class=\"elementor-element elementor-element-iwgs-palo-santo-cc e-flex e-con-boxed e-con e-parent\" data-id=\"iwgs-palo-santo-cc\" data-element_type=\"container\" data-e-type=\"container\" id=\"iwg-cc-palo-santo\">\n\t\t\t\t\t<div class=\"e-con-inner\">\n\t\t<div class=\"elementor-element elementor-element-iwgs-palo-santo-ccinner e-flex e-con-boxed e-con e-parent\" data-id=\"iwgs-palo-santo-ccinner\" data-element_type=\"container\" data-e-type=\"container\" data-settings=\"{&quot;background_background&quot;:&quot;classic&quot;}\">\n\t\t\t\t\t<div class=\"e-con-inner\">\n\t\t\t\t<div class=\"elementor-element elementor-element-iwgs-palo-santo-cch elementor-widget elementor-widget-heading\" data-id=\"iwgs-palo-santo-cch\" data-element_type=\"widget\" data-e-type=\"widget\" data-widget_type=\"heading.default\">\n\t\t\t\t\t<h2 class=\"elementor-heading-title elementor-size-default\">iWell Guard i tradicions de protecci\u00f3<\/h2>\t\t\t\t<\/div>\n\t\t\t\t<div class=\"elementor-element elementor-element-iwgs-palo-santo-cct elementor-widget elementor-widget-text-editor\" data-id=\"iwgs-palo-santo-cct\" data-element_type=\"widget\" data-e-type=\"widget\" data-widget_type=\"text-editor.default\">\n\t\t\t\t\t\t\t\t\t<p>El Palo Santo encarna el principi que la protecci\u00f3 no \u00e9s nom\u00e9s defensa, sin\u00f3 tamb\u00e9 la cura activa d&#8217;un espai ben ordenat, on all\u00f2 ben\u00e8fic hi t\u00e9 lloc. L&#8217;<a href=\"https:\/\/iwell-guard.com\/ca\/penjoll-protector-iwell-guard-comprar\/\">iWell Guard<\/a> porta aquesta idea en si mateix: uneix elements de tradicions de diverses cultures que totes parteixen del fet que una persona pot configurar activament el seu espai personal de protecci\u00f3.<\/p><p>El principi sud-americ\u00e0 del doble fumigat, expulsar i convidar, es reflecteix en l&#8217;enfocament de l&#8217;iWell Guard, que no es limita a la defensa, sin\u00f3 que busca una connexi\u00f3 enfortidora amb la pr\u00f2pia intenci\u00f3 de protecci\u00f3.<\/p>\t\t\t\t\t\t\t\t<\/div>\n\t\t\t\t<div class=\"elementor-element elementor-element-iwgs-palo-santo-ccb iwg-cc-button iwg-cc-cta-2026-05-13 elementor-widget elementor-widget-jet-button\" data-id=\"iwgs-palo-santo-ccb\" data-element_type=\"widget\" data-e-type=\"widget\" data-widget_type=\"jet-button.default\">\n\t\t\t\t<div class=\"elementor-widget-container\">\n\t\t\t\t\t<div class=\"elementor-jet-button jet-elements\"><div class=\"jet-button__container\"><a class=\"jet-button__instance jet-button__instance--icon-left hover-effect-1\" href=\"\/schutzanhaenger-iwell-guard-kaufen\/?utm_source=iwell-guard.com&amp;utm_medium=info-box&amp;utm_campaign=schutzsymbole\"><div class=\"jet-button__plane jet-button__plane-normal\"><\/div><div class=\"jet-button__plane jet-button__plane-hover\"><\/div><div class=\"jet-button__state jet-button__state-normal\"><span class=\"jet-button__label\">M\u00e9s informaci\u00f3 sobre l'iWell Guard<\/span><\/div><div class=\"jet-button__state jet-button__state-hover\"><span class=\"jet-button__label\">M\u00e9s informaci\u00f3 sobre l'iWell Guard<\/span><\/div><\/a><\/div><\/div><style>.elementor-element.elementor-element-iwgs-palo-santo-ccb .jet-button__instance{width:320px;height:56px;}.elementor-element.elementor-element-iwgs-palo-santo-ccb .jet-button__state-normal .jet-button__label{text-align:center;margin:0px 0px 0px 0px;color:#1a1b20;font-family:Montserrat,sans-serif;font-size:13px;font-weight:400;letter-spacing:4px;line-height:1.714em;text-transform:uppercase;}.elementor-element.elementor-element-iwgs-palo-santo-ccb .jet-button__state-hover .jet-button__label{text-align:center;margin:0px 0px 0px 0px;color:#FECC76;font-family:Montserrat,sans-serif;font-size:13px;font-weight:400;letter-spacing:4px;line-height:1.714em;text-transform:uppercase;}.elementor-element.elementor-element-iwgs-palo-santo-ccb .jet-button__plane-normal{background-color:#FECC76;border-style:solid;border-color:#C99540;border-width:2px 2px 2px 2px;}.elementor-element.elementor-element-iwgs-palo-santo-ccb .jet-button__plane-hover{background-color:rgba(0,0,0,0.55);border-style:solid;border-color:#FECC76;border-width:2px 2px 2px 2px;}<\/style>\t\t\t\t<\/div>\n\t\t\t\t<\/div>\n\t\t\t\t<div class=\"elementor-element elementor-element-iwgs-palo-santo-ccd elementor-widget elementor-widget-text-editor\" data-id=\"iwgs-palo-santo-ccd\" data-element_type=\"widget\" data-e-type=\"widget\" data-widget_type=\"text-editor.default\">\n\t\t\t\t\t\t\t\t\t<p style=\"text-align:center;font-size:13px;opacity:0.7;margin-top:14px\" data-nosnippet=\"true\">Les experi\u00e8ncies personals poden variar. No \u00e9s un producte sanitari. No es garanteix cap curaci\u00f3.<\/p>\t\t\t\t\t\t\t\t<\/div>\n\t\t\t\t\t<\/div>\n\t\t\t\t<\/div>\n\t\t\t\t\t<\/div>\n\t\t\t\t<\/div>\n\t\t<div class=\"elementor-element elementor-element-iwgs-palo-santo-disc e-flex e-con-boxed e-con e-parent\" data-id=\"iwgs-palo-santo-disc\" data-element_type=\"container\" data-e-type=\"container\">\n\t\t\t\t\t<div class=\"e-con-inner\">\n\t\t<div class=\"elementor-element elementor-element-iw-palo-santo-disc-bw e-con-full e-flex e-con e-child\" data-id=\"iw-palo-santo-disc-bw\" data-element_type=\"container\" data-e-type=\"container\">\n\t\t\t\t<div class=\"elementor-element elementor-element-iwgs-palo-santo-discw elementor-widget elementor-widget-html\" data-id=\"iwgs-palo-santo-discw\" data-element_type=\"widget\" data-e-type=\"widget\" data-widget_type=\"html.default\">\n\t\t\t\t\t<footer data-nosnippet=\"true\" class=\"iwg-disclaimer-block\"><p data-nosnippet=\"true\">iWell Guard <strong>no \u00e9s un producte sanitari<\/strong> i no substitueix cap tractament m\u00e8dic o psicoterap\u00e8utic. Els continguts presentats aqu\u00ed s\u00f3n una contextualitzaci\u00f3 des de la ci\u00e8ncia de les religions i la hist\u00f2ria cultural, no una promesa d'efecte espiritual.<\/p><\/footer>\t\t\t\t<\/div>\n\t\t\t\t<\/div>\n\t\t\t\t\t<\/div>\n\t\t\t\t<\/div>\n\t\t\t\t<\/div>\n\t\t","protected":false},"excerpt":{"rendered":"","protected":false},"author":3,"featured_media":4114,"parent":0,"menu_order":0,"comment_status":"closed","ping_status":"closed","template":"elementor_header_footer","meta":{"_yoast_wpseo_focuskw":"palo santo","_yoast_wpseo_title":"Palo Santo - Fusta sagrada per a fumigar","_yoast_wpseo_metadesc":"Palo Santo: tradici\u00f3 de la fusta sagrada de Sud-am\u00e8rica, el seu \u00fas en el xamanisme i el seu significat com a mitj\u00e0 de purificaci\u00f3.","_yoast_wpseo_meta-robots-noindex":"","_yoast_wpseo_canonical":"","_angie_page":false,"gefaehrdungsstufe":"","wesen_kultur":"","wesen_klasse":"","footnotes":""},"categories":[],"class_list":["post-172024","page","type-page","status-publish","has-post-thumbnail","hentry"],"yoast_head":"<!-- This site is optimized with the Yoast SEO Premium plugin v27.7 (Yoast SEO v28.3) - https:\/\/yoast.com\/product\/yoast-seo-premium-wordpress\/ -->\n<title>Palo Santo - Fusta sagrada per a fumigar<\/title>\n<meta name=\"description\" content=\"Palo Santo: tradici\u00f3 de la fusta sagrada de Sud-am\u00e8rica, el seu \u00fas en el xamanisme i el seu significat com a mitj\u00e0 de purificaci\u00f3.\" \/>\n<meta name=\"robots\" content=\"index, follow, max-snippet:-1, max-image-preview:large, max-video-preview:-1\" \/>\n<link rel=\"canonical\" href=\"https:\/\/iwell-guard.com\/ca\/palo-santo\/\" \/>\n<meta property=\"og:locale\" content=\"ca_ES\" \/>\n<meta property=\"og:type\" content=\"article\" \/>\n<meta property=\"og:title\" content=\"Palo Santo\" \/>\n<meta property=\"og:description\" content=\"Palo Santo: tradici\u00f3 de la fusta sagrada de Sud-am\u00e8rica, el seu \u00fas en el xamanisme i el seu significat com a mitj\u00e0 de purificaci\u00f3.\" \/>\n<meta property=\"og:url\" content=\"https:\/\/iwell-guard.com\/ca\/palo-santo\/\" \/>\n<meta property=\"og:site_name\" content=\"iWell Guard\" \/>\n<meta property=\"article:modified_time\" content=\"2026-09-05T16:13:20+00:00\" \/>\n<meta property=\"og:image\" content=\"https:\/\/iwell-guard.com\/wp-content\/uploads\/2026\/05\/schutzsymbol_anden_palo-santo-683x1024.png\" \/>\n\t<meta property=\"og:image:width\" content=\"683\" \/>\n\t<meta property=\"og:image:height\" content=\"1024\" \/>\n\t<meta property=\"og:image:type\" content=\"image\/png\" \/>\n<meta name=\"twitter:card\" content=\"summary_large_image\" \/>\n<script type=\"application\/ld+json\" class=\"yoast-schema-graph\">{\"@context\":\"https:\\\/\\\/schema.org\",\"@graph\":[{\"@type\":\"WebPage\",\"@id\":\"https:\\\/\\\/iwell-guard.com\\\/ca\\\/palo-santo\\\/\",\"url\":\"https:\\\/\\\/iwell-guard.com\\\/ca\\\/palo-santo\\\/\",\"name\":\"Palo Santo - Fusta sagrada per a fumigar\",\"isPartOf\":{\"@id\":\"https:\\\/\\\/iwell-guard.com\\\/ca\\\/#website\"},\"primaryImageOfPage\":{\"@id\":\"https:\\\/\\\/iwell-guard.com\\\/ca\\\/palo-santo\\\/#primaryimage\"},\"image\":{\"@id\":\"https:\\\/\\\/iwell-guard.com\\\/ca\\\/palo-santo\\\/#primaryimage\"},\"thumbnailUrl\":\"https:\\\/\\\/iwell-guard.com\\\/wp-content\\\/uploads\\\/2026\\\/05\\\/schutzsymbol_anden_palo-santo.png\",\"datePublished\":\"2026-09-05T15:44:26+00:00\",\"dateModified\":\"2026-09-05T16:13:20+00:00\",\"description\":\"Palo Santo: tradici\u00f3 de la fusta sagrada de Sud-am\u00e8rica, el seu \u00fas en el xamanisme i el seu significat com a mitj\u00e0 de purificaci\u00f3.\",\"breadcrumb\":{\"@id\":\"https:\\\/\\\/iwell-guard.com\\\/ca\\\/palo-santo\\\/#breadcrumb\"},\"inLanguage\":\"ca\",\"potentialAction\":[{\"@type\":\"ReadAction\",\"target\":[\"https:\\\/\\\/iwell-guard.com\\\/ca\\\/palo-santo\\\/\"]}]},{\"@type\":\"ImageObject\",\"inLanguage\":\"ca\",\"@id\":\"https:\\\/\\\/iwell-guard.com\\\/ca\\\/palo-santo\\\/#primaryimage\",\"url\":\"https:\\\/\\\/iwell-guard.com\\\/wp-content\\\/uploads\\\/2026\\\/05\\\/schutzsymbol_anden_palo-santo.png\",\"contentUrl\":\"https:\\\/\\\/iwell-guard.com\\\/wp-content\\\/uploads\\\/2026\\\/05\\\/schutzsymbol_anden_palo-santo.png\",\"width\":1024,\"height\":1536,\"caption\":\"Palo Santo, la fusta sagrada d'encens de Sud-am\u00e8rica, il\u00b7lustraci\u00f3 historicista\"},{\"@type\":\"BreadcrumbList\",\"@id\":\"https:\\\/\\\/iwell-guard.com\\\/ca\\\/palo-santo\\\/#breadcrumb\",\"itemListElement\":[{\"@type\":\"ListItem\",\"position\":1,\"name\":\"Start\",\"item\":\"https:\\\/\\\/iwell-guard.com\\\/ca\\\/?page_id=171333\"},{\"@type\":\"ListItem\",\"position\":2,\"name\":\"Palo Santo\"}]},{\"@type\":\"WebSite\",\"@id\":\"https:\\\/\\\/iwell-guard.com\\\/ca\\\/#website\",\"url\":\"https:\\\/\\\/iwell-guard.com\\\/ca\\\/\",\"name\":\"iWell Guard\",\"description\":\"Schutz vor dunklen Einfl\u00fcssen\",\"publisher\":{\"@id\":\"https:\\\/\\\/iwell-guard.com\\\/ca\\\/#organization\"},\"potentialAction\":[{\"@type\":\"SearchAction\",\"target\":{\"@type\":\"EntryPoint\",\"urlTemplate\":\"https:\\\/\\\/iwell-guard.com\\\/ca\\\/?s={search_term_string}\"},\"query-input\":{\"@type\":\"PropertyValueSpecification\",\"valueRequired\":true,\"valueName\":\"search_term_string\"}}],\"inLanguage\":\"ca\"},{\"@type\":\"Organization\",\"@id\":\"https:\\\/\\\/iwell-guard.com\\\/ca\\\/#organization\",\"name\":\"Ittermann electronic GmbH\",\"url\":\"https:\\\/\\\/iwell-guard.com\\\/ca\\\/\",\"logo\":{\"@type\":\"ImageObject\",\"inLanguage\":\"ca\",\"@id\":\"https:\\\/\\\/iwell-guard.com\\\/ca\\\/#\\\/schema\\\/logo\\\/image\\\/\",\"url\":\"https:\\\/\\\/iwell-guard.com\\\/wp-content\\\/uploads\\\/2026\\\/05\\\/Ittermann-Logo-1182x237-1.png\",\"contentUrl\":\"https:\\\/\\\/iwell-guard.com\\\/wp-content\\\/uploads\\\/2026\\\/05\\\/Ittermann-Logo-1182x237-1.png\",\"width\":1182,\"height\":237,\"caption\":\"Ittermann electronic GmbH\"},\"image\":{\"@id\":\"https:\\\/\\\/iwell-guard.com\\\/ca\\\/#\\\/schema\\\/logo\\\/image\\\/\"},\"sameAs\":[\"https:\\\/\\\/pantip.com\\\/profile\\\/9367242\",\"https:\\\/\\\/micro.blog\\\/iwellguard\",\"https:\\\/\\\/www.diggerslist.com\\\/iwellguard\\\/about\",\"https:\\\/\\\/skitterphoto.com\\\/photographers\\\/2870314\\\/iwell-guard\",\"https:\\\/\\\/iwellguard.wordpress.com\\\/2026\\\/06\\\/06\\\/iwell-guard\\\/\",\"https:\\\/\\\/hub.docker.com\\\/u\\\/iwellguard\",\"https:\\\/\\\/www.pinterest.com\\\/iwellguard\\\/\",\"https:\\\/\\\/bit.ly\\\/m\\\/iwellguard\",\"https:\\\/\\\/entre-vos-mains.alsace.eu\\\/profiles\\\/iwellguard\\\/activity\",\"https:\\\/\\\/gravatar.com\\\/reallybeded8fd34\",\"https:\\\/\\\/naijamatta.com\\\/iwellguard\",\"https:\\\/\\\/www.goodreads.com\\\/iwellguard\",\"https:\\\/\\\/profile.hatena.ne.jp\\\/iwellguard\\\/\",\"https:\\\/\\\/experiment.com\\\/users\\\/iwellguard\",\"https:\\\/\\\/wakelet.com\\\/@iWellGuard82270\",\"https:\\\/\\\/www.chordie.com\\\/forum\\\/profile.php?id=2555664\",\"https:\\\/\\\/www.instapaper.com\\\/p\\\/17757966\",\"https:\\\/\\\/www.mapleprimes.com\\\/users\\\/iwellguard\",\"https:\\\/\\\/businesslistingplus.com\\\/profile\\\/iwell-guard\\\/\",\"https:\\\/\\\/telegra.ph\\\/iWell-Guard-06-06\",\"https:\\\/\\\/pbase.com\\\/iwellguard\\\/iwellguard\",\"https:\\\/\\\/b.hatena.ne.jp\\\/iwellguard\\\/20260607#bookmark-4788405196491818882\",\"https:\\\/\\\/fliphtml5.com\\\/home\\\/iwellguard\",\"https:\\\/\\\/anyflip.com\\\/homepage\\\/cmiwl#About\",\"https:\\\/\\\/transfur.com\\\/Users\\\/iwellguard\",\"http:\\\/\\\/delphi.larsbo.org\\\/user\\\/iwellguard\",\"https:\\\/\\\/jobs.lajobsportal.org\\\/profiles\\\/8380803-iwell-guard\",\"https:\\\/\\\/md.chaosdorf.de\\\/s\\\/jfbe5SBdJD\",\"https:\\\/\\\/www.lingvolive.com\\\/en-us\\\/profile\\\/9ecaeaca-ce11-4e51-9e71-01d55e2bff36\\\/translations\",\"https:\\\/\\\/www.fitday.com\\\/fitness\\\/forums\\\/members\\\/iwellguard.html\",\"https:\\\/\\\/www.mymeetbook.com\\\/iwellguard\",\"https:\\\/\\\/pxhere.com\\\/en\\\/photographer-me\\\/5040798\",\"https:\\\/\\\/disqus.com\\\/by\\\/iwellguard\\\/about\\\/\",\"https:\\\/\\\/pastelink.net\\\/hjwciqwq\",\"https:\\\/\\\/pubhtml5.com\\\/homepage\\\/scjhn\\\/\",\"https:\\\/\\\/www.bitchute.com\\\/channel\\\/2O2eOKzNqujT\",\"https:\\\/\\\/audiomack.com\\\/iwellguard\"]}]}<\/script>\n<!-- \/ Yoast SEO Premium plugin. -->","yoast_head_json":{"title":"Palo Santo - Fusta sagrada per a fumigar","description":"Palo Santo: tradici\u00f3 de la fusta sagrada de Sud-am\u00e8rica, el seu \u00fas en el xamanisme i el seu significat com a mitj\u00e0 de purificaci\u00f3.","robots":{"index":"index","follow":"follow","max-snippet":"max-snippet:-1","max-image-preview":"max-image-preview:large","max-video-preview":"max-video-preview:-1"},"canonical":"https:\/\/iwell-guard.com\/ca\/palo-santo\/","og_locale":"ca_ES","og_type":"article","og_title":"Palo Santo","og_description":"Palo Santo: tradici\u00f3 de la fusta sagrada de Sud-am\u00e8rica, el seu \u00fas en el xamanisme i el seu significat com a mitj\u00e0 de purificaci\u00f3.","og_url":"https:\/\/iwell-guard.com\/ca\/palo-santo\/","og_site_name":"iWell Guard","article_modified_time":"2026-09-05T16:13:20+00:00","og_image":[{"width":683,"height":1024,"url":"https:\/\/iwell-guard.com\/wp-content\/uploads\/2026\/05\/schutzsymbol_anden_palo-santo-683x1024.png","type":"image\/png"}],"twitter_card":"summary_large_image","schema":{"@context":"https:\/\/schema.org","@graph":[{"@type":"WebPage","@id":"https:\/\/iwell-guard.com\/ca\/palo-santo\/","url":"https:\/\/iwell-guard.com\/ca\/palo-santo\/","name":"Palo Santo - Fusta sagrada per a fumigar","isPartOf":{"@id":"https:\/\/iwell-guard.com\/ca\/#website"},"primaryImageOfPage":{"@id":"https:\/\/iwell-guard.com\/ca\/palo-santo\/#primaryimage"},"image":{"@id":"https:\/\/iwell-guard.com\/ca\/palo-santo\/#primaryimage"},"thumbnailUrl":"https:\/\/iwell-guard.com\/wp-content\/uploads\/2026\/05\/schutzsymbol_anden_palo-santo.png","datePublished":"2026-09-05T15:44:26+00:00","dateModified":"2026-09-05T16:13:20+00:00","description":"Palo Santo: tradici\u00f3 de la fusta sagrada de Sud-am\u00e8rica, el seu \u00fas en el xamanisme i el seu significat com a mitj\u00e0 de purificaci\u00f3.","breadcrumb":{"@id":"https:\/\/iwell-guard.com\/ca\/palo-santo\/#breadcrumb"},"inLanguage":"ca","potentialAction":[{"@type":"ReadAction","target":["https:\/\/iwell-guard.com\/ca\/palo-santo\/"]}]},{"@type":"ImageObject","inLanguage":"ca","@id":"https:\/\/iwell-guard.com\/ca\/palo-santo\/#primaryimage","url":"https:\/\/iwell-guard.com\/wp-content\/uploads\/2026\/05\/schutzsymbol_anden_palo-santo.png","contentUrl":"https:\/\/iwell-guard.com\/wp-content\/uploads\/2026\/05\/schutzsymbol_anden_palo-santo.png","width":1024,"height":1536,"caption":"Palo Santo, la fusta sagrada d'encens de Sud-am\u00e8rica, il\u00b7lustraci\u00f3 historicista"},{"@type":"BreadcrumbList","@id":"https:\/\/iwell-guard.com\/ca\/palo-santo\/#breadcrumb","itemListElement":[{"@type":"ListItem","position":1,"name":"Start","item":"https:\/\/iwell-guard.com\/ca\/?page_id=171333"},{"@type":"ListItem","position":2,"name":"Palo Santo"}]},{"@type":"WebSite","@id":"https:\/\/iwell-guard.com\/ca\/#website","url":"https:\/\/iwell-guard.com\/ca\/","name":"iWell Guard","description":"Schutz vor dunklen Einfl\u00fcssen","publisher":{"@id":"https:\/\/iwell-guard.com\/ca\/#organization"},"potentialAction":[{"@type":"SearchAction","target":{"@type":"EntryPoint","urlTemplate":"https:\/\/iwell-guard.com\/ca\/?s={search_term_string}"},"query-input":{"@type":"PropertyValueSpecification","valueRequired":true,"valueName":"search_term_string"}}],"inLanguage":"ca"},{"@type":"Organization","@id":"https:\/\/iwell-guard.com\/ca\/#organization","name":"Ittermann electronic GmbH","url":"https:\/\/iwell-guard.com\/ca\/","logo":{"@type":"ImageObject","inLanguage":"ca","@id":"https:\/\/iwell-guard.com\/ca\/#\/schema\/logo\/image\/","url":"https:\/\/iwell-guard.com\/wp-content\/uploads\/2026\/05\/Ittermann-Logo-1182x237-1.png","contentUrl":"https:\/\/iwell-guard.com\/wp-content\/uploads\/2026\/05\/Ittermann-Logo-1182x237-1.png","width":1182,"height":237,"caption":"Ittermann electronic GmbH"},"image":{"@id":"https:\/\/iwell-guard.com\/ca\/#\/schema\/logo\/image\/"},"sameAs":["https:\/\/pantip.com\/profile\/9367242","https:\/\/micro.blog\/iwellguard","https:\/\/www.diggerslist.com\/iwellguard\/about","https:\/\/skitterphoto.com\/photographers\/2870314\/iwell-guard","https:\/\/iwellguard.wordpress.com\/2026\/06\/06\/iwell-guard\/","https:\/\/hub.docker.com\/u\/iwellguard","https:\/\/www.pinterest.com\/iwellguard\/","https:\/\/bit.ly\/m\/iwellguard","https:\/\/entre-vos-mains.alsace.eu\/profiles\/iwellguard\/activity","https:\/\/gravatar.com\/reallybeded8fd34","https:\/\/naijamatta.com\/iwellguard","https:\/\/www.goodreads.com\/iwellguard","https:\/\/profile.hatena.ne.jp\/iwellguard\/","https:\/\/experiment.com\/users\/iwellguard","https:\/\/wakelet.com\/@iWellGuard82270","https:\/\/www.chordie.com\/forum\/profile.php?id=2555664","https:\/\/www.instapaper.com\/p\/17757966","https:\/\/www.mapleprimes.com\/users\/iwellguard","https:\/\/businesslistingplus.com\/profile\/iwell-guard\/","https:\/\/telegra.ph\/iWell-Guard-06-06","https:\/\/pbase.com\/iwellguard\/iwellguard","https:\/\/b.hatena.ne.jp\/iwellguard\/20260607#bookmark-4788405196491818882","https:\/\/fliphtml5.com\/home\/iwellguard","https:\/\/anyflip.com\/homepage\/cmiwl#About","https:\/\/transfur.com\/Users\/iwellguard","http:\/\/delphi.larsbo.org\/user\/iwellguard","https:\/\/jobs.lajobsportal.org\/profiles\/8380803-iwell-guard","https:\/\/md.chaosdorf.de\/s\/jfbe5SBdJD","https:\/\/www.lingvolive.com\/en-us\/profile\/9ecaeaca-ce11-4e51-9e71-01d55e2bff36\/translations","https:\/\/www.fitday.com\/fitness\/forums\/members\/iwellguard.html","https:\/\/www.mymeetbook.com\/iwellguard","https:\/\/pxhere.com\/en\/photographer-me\/5040798","https:\/\/disqus.com\/by\/iwellguard\/about\/","https:\/\/pastelink.net\/hjwciqwq","https:\/\/pubhtml5.com\/homepage\/scjhn\/","https:\/\/www.bitchute.com\/channel\/2O2eOKzNqujT","https:\/\/audiomack.com\/iwellguard"]}]}},"_links":{"self":[{"href":"https:\/\/iwell-guard.com\/ca\/wp-json\/wp\/v2\/pages\/172024","targetHints":{"allow":["GET"]}}],"collection":[{"href":"https:\/\/iwell-guard.com\/ca\/wp-json\/wp\/v2\/pages"}],"about":[{"href":"https:\/\/iwell-guard.com\/ca\/wp-json\/wp\/v2\/types\/page"}],"author":[{"embeddable":true,"href":"https:\/\/iwell-guard.com\/ca\/wp-json\/wp\/v2\/users\/3"}],"replies":[{"embeddable":true,"href":"https:\/\/iwell-guard.com\/ca\/wp-json\/wp\/v2\/comments?post=172024"}],"version-history":[{"count":0,"href":"https:\/\/iwell-guard.com\/ca\/wp-json\/wp\/v2\/pages\/172024\/revisions"}],"wp:featuredmedia":[{"embeddable":true,"href":"https:\/\/iwell-guard.com\/ca\/wp-json\/wp\/v2\/media\/4114"}],"wp:attachment":[{"href":"https:\/\/iwell-guard.com\/ca\/wp-json\/wp\/v2\/media?parent=172024"}],"wp:term":[{"taxonomy":"category","embeddable":true,"href":"https:\/\/iwell-guard.com\/ca\/wp-json\/wp\/v2\/categories?post=172024"}],"curies":[{"name":"wp","href":"https:\/\/api.w.org\/{rel}","templated":true}]}}