{"id":172023,"date":"2026-09-05T15:44:25","date_gmt":"2026-09-05T15:44:25","guid":{"rendered":"https:\/\/iwell-guard.com\/?page_id=172023"},"modified":"2026-09-05T16:13:19","modified_gmt":"2026-09-05T16:13:19","slug":"mirra","status":"publish","type":"page","link":"https:\/\/iwell-guard.com\/ca\/mirra\/","title":{"rendered":"Mirra"},"content":{"rendered":"\t\t<div data-elementor-type=\"wp-page\" data-elementor-id=\"172023\" class=\"elementor elementor-172023 elementor-3780 elementor-bc-flex-widget\" data-elementor-post-type=\"page\">\n\t\t\t\t<div class=\"elementor-element elementor-element-iwgs-myrrhe-hero e-flex e-con-boxed e-con e-parent\" data-id=\"iwgs-myrrhe-hero\" data-element_type=\"container\" data-e-type=\"container\">\n\t\t\t\t\t<div class=\"e-con-inner\">\n\t\t<div class=\"elementor-element elementor-element-iw-myrrhe-hero-left e-con-full e-flex e-con e-child\" data-id=\"iw-myrrhe-hero-left\" data-element_type=\"container\" data-e-type=\"container\">\n\t\t\t\t<div class=\"elementor-element elementor-element-iwgs-myrrhe-h1 elementor-widget elementor-widget-heading\" data-id=\"iwgs-myrrhe-h1\" data-element_type=\"widget\" data-e-type=\"widget\" data-widget_type=\"heading.default\">\n\t\t\t\t\t<h1 class=\"elementor-heading-title elementor-size-default\">Mirra \u2014 Resina d'encens per a la purificaci\u00f3<\/h1>\t\t\t\t<\/div>\n\t\t<div class=\"elementor-element elementor-element-iw-myrrhe-hero-bw e-con-full e-flex e-con e-child\" data-id=\"iw-myrrhe-hero-bw\" data-element_type=\"container\" data-e-type=\"container\">\n\t\t\t\t<div class=\"elementor-element elementor-element-iwgs-myrrhe-pills elementor-widget elementor-widget-html\" data-id=\"iwgs-myrrhe-pills\" data-element_type=\"widget\" data-e-type=\"widget\" data-widget_type=\"html.default\">\n\t\t\t\t\t<div class=\"iwg-pill-row\"><span class=\"iwg-klasse-badge\" tabindex=\"0\" data-tooltip=\"Tipus de mitj\u00e0 de protecci\u00f3.\">Mitj\u00e0 per a cremar encens<\/span><a href=\"https:\/\/iwell-guard.com\/ca\/?page_id=172025\" class=\"iwg-kultur-badge\" tabindex=\"0\" data-tooltip=\"Anar a la visi\u00f3 general.\">Encens i purificaci\u00f3<\/a><\/div>\t\t\t\t<\/div>\n\t\t\t\t<div class=\"elementor-element elementor-element-iwgs-myrrhe-lead elementor-widget elementor-widget-text-editor\" data-id=\"iwgs-myrrhe-lead\" data-element_type=\"widget\" data-e-type=\"widget\" data-widget_type=\"text-editor.default\">\n\t\t\t\t\t\t\t\t\t<p>La mirra i l&#8217;<a href=\"https:\/\/iwell-guard.com\/ca\/?page_id=172039\">encens<\/a> formen des de fa mil\u00b7lennis una parella. On apareix una d&#8217;aquestes subst\u00e0ncies, l&#8217;altra sol no estar lluny; totes dues provenen d&#8217;arbres resin\u00edfers de la mateixa zona geogr\u00e0fica, totes dues es transportaven per les mateixes rutes comercials antigues, i totes dues es van integrar en els mateixos sistemes religiosos.<\/p><p>Tot i aix\u00f2, cadascuna de les dues resines d&#8217;encens t\u00e9 el seu propi perfil. La mirra \u00e9s la resina m\u00e9s fosca i amarga, amb una olor que oscil\u00b7la entre all\u00f2 especiat i all\u00f2 medicinal.<\/p><p>En la <span class=\"iwg-fachbegriff\" data-tooltip=\"La transmissi\u00f3 de coneixement i narracions a trav\u00e9s de generacions.\" tabindex=\"0\">tradici\u00f3<\/span> no representa el que \u00e9s llumin\u00f3s i acollidor, sin\u00f3 el que delimita, el que purifica en el sentit de la ferida i de la transici\u00f3: en moltes tradicions acompanya la mort, el ritual de curaci\u00f3 i la defensa contra all\u00f2 nociu. Com a part de la gamma d&#8217;<a href=\"https:\/\/iwell-guard.com\/ca\/?page_id=172025\">encens i purificaci\u00f3<\/a>, la mirra representa la l\u00ednia profunda, medicinal i ritual de la purificaci\u00f3.<\/p>\t\t\t\t\t\t\t\t<\/div>\n\t\t\t\t<\/div>\n\t\t\t\t<\/div>\n\t\t<div class=\"elementor-element elementor-element-iw-myrrhe-hero-img e-con-full e-flex e-con e-child\" data-id=\"iw-myrrhe-hero-img\" data-element_type=\"container\" data-e-type=\"container\">\n\t\t\t\t<div class=\"elementor-element elementor-element-iwgs-myrrhe-himg iwg-hero-image elementor-widget elementor-widget-image\" data-id=\"iwgs-myrrhe-himg\" data-element_type=\"widget\" data-e-type=\"widget\" data-widget_type=\"image.default\">\n\t\t\t\t\t\t\t\t\t\t\t\t\t\t\t<img fetchpriority=\"high\" decoding=\"async\" width=\"683\" height=\"1024\" src=\"https:\/\/iwell-guard.com\/wp-content\/uploads\/2026\/05\/schutzsymbol_nahost_myrrhe-683x1024.png\" class=\"attachment-large size-large wp-image-173193\" alt=\"Mirra \u2013 resina d&apos;encens per a la purificaci\u00f3, il\u00b7lustrativa des del punt de vista hist\u00f2ric\" srcset=\"https:\/\/iwell-guard.com\/wp-content\/uploads\/2026\/05\/schutzsymbol_nahost_myrrhe-683x1024.png 683w, https:\/\/iwell-guard.com\/wp-content\/uploads\/2026\/05\/schutzsymbol_nahost_myrrhe-200x300.png 200w, https:\/\/iwell-guard.com\/wp-content\/uploads\/2026\/05\/schutzsymbol_nahost_myrrhe-768x1152.png 768w, https:\/\/iwell-guard.com\/wp-content\/uploads\/2026\/05\/schutzsymbol_nahost_myrrhe.png 1024w\" sizes=\"(max-width: 683px) 100vw, 683px\" \/>\t\t\t\t\t\t\t\t\t\t\t\t\t\t\t<\/div>\n\t\t\t\t<\/div>\n\t\t\t\t\t<\/div>\n\t\t\t\t<\/div>\n\t\t<div class=\"elementor-element elementor-element-iwgs-myrrhe-s0 e-flex e-con-boxed e-con e-parent\" data-id=\"iwgs-myrrhe-s0\" data-element_type=\"container\" data-e-type=\"container\">\n\t\t\t\t\t<div class=\"e-con-inner\">\n\t\t\t\t<div class=\"elementor-element elementor-element-iwgs-myrrhe-s0h elementor-widget elementor-widget-heading\" data-id=\"iwgs-myrrhe-s0h\" data-element_type=\"widget\" data-e-type=\"widget\" data-widget_type=\"heading.default\">\n\t\t\t\t\t<h2 class=\"elementor-heading-title elementor-size-default\">Resum r\u00e0pid<\/h2>\t\t\t\t<\/div>\n\t\t<div class=\"elementor-element elementor-element-iw-myrrhe-s0-bw e-con-full e-flex e-con e-child\" data-id=\"iw-myrrhe-s0-bw\" data-element_type=\"container\" data-e-type=\"container\">\n\t\t\t\t<div class=\"elementor-element elementor-element-iwgs-myrrhe-s0t elementor-widget elementor-widget-text-editor\" data-id=\"iwgs-myrrhe-s0t\" data-element_type=\"widget\" data-e-type=\"widget\" data-widget_type=\"text-editor.default\">\n\t\t\t\t\t\t\t\t\t<p>La mirra \u00e9s la goma-resina de l&#8217;arbre Commiphora, originari principalment de Som\u00e0lia, Eti\u00f2pia, Eritrea i els pa\u00efsos de la pen\u00ednsula Ar\u00e0biga. La resina de color marr\u00f3 vermell\u00f3s flueix a trav\u00e9s d&#8217;esquerdes naturals o de talls fets al tronc i s&#8217;asseca a l&#8217;aire formant grans irregulars.<\/p><p>En cremar-se sobre carb\u00f3, la mirra despr\u00e8n una olor pesada, lleugerament amarga. En la <span class=\"iwg-fachbegriff\" data-tooltip=\"La transmissi\u00f3 de coneixement i narracions a trav\u00e9s de generacions.\" tabindex=\"0\">tradici\u00f3<\/span> es considera una resina purificadora per a ferides i transicions, una protecci\u00f3 per als morts i els moribunds, i un mitj\u00e0 contra els esperits nocius que actuen als llindars entre la vida i la mort.<\/p>\t\t\t\t\t\t\t\t<\/div>\n\t\t\t\t<\/div>\n\t\t\t\t\t<\/div>\n\t\t\t\t<\/div>\n\t\t<div class=\"elementor-element elementor-element-iwgs-myrrhe-s1 e-flex e-con-boxed e-con e-parent\" data-id=\"iwgs-myrrhe-s1\" data-element_type=\"container\" data-e-type=\"container\">\n\t\t\t\t\t<div class=\"e-con-inner\">\n\t\t\t\t<div class=\"elementor-element elementor-element-iwgs-myrrhe-s1h elementor-widget elementor-widget-heading\" data-id=\"iwgs-myrrhe-s1h\" data-element_type=\"widget\" data-e-type=\"widget\" data-widget_type=\"heading.default\">\n\t\t\t\t\t<h2 class=\"elementor-heading-title elementor-size-default\">Origen i tradici\u00f3<\/h2>\t\t\t\t<\/div>\n\t\t<div class=\"elementor-element elementor-element-iw-myrrhe-s1-bw e-con-full e-flex e-con e-child\" data-id=\"iw-myrrhe-s1-bw\" data-element_type=\"container\" data-e-type=\"container\">\n\t\t\t\t<div class=\"elementor-element elementor-element-iwgs-myrrhe-s1t elementor-widget elementor-widget-text-editor\" data-id=\"iwgs-myrrhe-s1t\" data-element_type=\"widget\" data-e-type=\"widget\" data-widget_type=\"text-editor.default\">\n\t\t\t\t\t\t\t\t\t<p>Els testimonis m\u00e9s antics de l&#8217;\u00fas de la mirra provenen de l&#8217;antic Egipte. Formava part essencial del proc\u00e9s d&#8217;embalsamament; en aquest context representa la protecci\u00f3 del cos del difunt en el seu cam\u00ed cap a l&#8217;altre m\u00f3n.<\/p><p>Es creia que el cos del difunt havia de ser protegit per la resina no nom\u00e9s de la descomposici\u00f3, sin\u00f3 tamb\u00e9 de la influ\u00e8ncia de forces nocives que, segons la concepci\u00f3 eg\u00edpcia, amena\u00e7aven el cam\u00ed de transici\u00f3.<\/p>\n<p>A l&#8217;Antic Testament, la mirra apareix en diversos passatges, tant com a oli perfumat, com al C\u00e0ntic dels C\u00e0ntics, com a part de l&#8217;oli sagrat de la unci\u00f3 (\u00c8xode 30:23).<\/p><p>Al Nou Testament, els mags d&#8217;Orient porten al Nen Jes\u00fas acabat de n\u00e9ixer or, encens i mirra; la mirra es interpreta tradicionalment pels te\u00f2legs com una al\u00b7lusi\u00f3 al futur sofriment i mort de Jes\u00fas, ja que en la pr\u00e0ctica jueva i cristiana primerenca la mirra s&#8217;associava amb l&#8217;acompanyament dels difunts.<\/p>\n<p>En l&#8217;<span class=\"iwg-fachbegriff\" data-tooltip=\"\u00c8poca de la cultura grega i romana, aproximadament del 800 aC al 600 dC.\" tabindex=\"0\">Antiguitat<\/span> grecoromana, la mirra era coneguda com a subst\u00e0ncia arom\u00e0tica, remei medicinal i <span class=\"iwg-fachbegriff\" data-tooltip=\"L'objecte o l'aliment concret que s'ofereix a una divinitat.\" tabindex=\"0\">ofrena<\/span>. Els escriptors Diosc\u00f2rides i Plini el Vell descriuen les seves propietats medicinals; el seu \u00fas ritual es va desenvolupar en paral\u00b7lel.<\/p><p>En la literatura rab\u00ednica, la mirra \u00e9s un dels ingredients de l&#8217;encens del Temple (Ketoret), on es cremava di\u00e0riament junt amb altres resines i herbes sobre l&#8217;altar d&#8217;or de l&#8217;encens.<\/p>\t\t\t\t\t\t\t\t<\/div>\n\t\t\t\t<\/div>\n\t\t\t\t\t<\/div>\n\t\t\t\t<\/div>\n\t\t<div class=\"elementor-element elementor-element-iwgs-myrrhe-s2 e-flex e-con-boxed e-con e-parent\" data-id=\"iwgs-myrrhe-s2\" data-element_type=\"container\" data-e-type=\"container\">\n\t\t\t\t\t<div class=\"e-con-inner\">\n\t\t\t\t<div class=\"elementor-element elementor-element-iwgs-myrrhe-s2h elementor-widget elementor-widget-heading\" data-id=\"iwgs-myrrhe-s2h\" data-element_type=\"widget\" data-e-type=\"widget\" data-widget_type=\"heading.default\">\n\t\t\t\t\t<h2 class=\"elementor-heading-title elementor-size-default\">Principi d'acci\u00f3 segons la tradici\u00f3<\/h2>\t\t\t\t<\/div>\n\t\t<div class=\"elementor-element elementor-element-iw-myrrhe-s2-bw e-con-full e-flex e-con e-child\" data-id=\"iw-myrrhe-s2-bw\" data-element_type=\"container\" data-e-type=\"container\">\n\t\t\t\t<div class=\"elementor-element elementor-element-iwgs-myrrhe-s2t elementor-widget elementor-widget-text-editor\" data-id=\"iwgs-myrrhe-s2t\" data-element_type=\"widget\" data-e-type=\"widget\" data-widget_type=\"text-editor.default\">\n\t\t\t\t\t\t\t\t\t<p>El principi d&#8217;acci\u00f3 de la mirra en la tradici\u00f3 protectora es diferencia del de l&#8217;encens per la seva orientaci\u00f3 cap a all\u00f2 que delimita. Mentre que l&#8217;encens, segons la <span class=\"iwg-fachbegriff\" data-tooltip=\"La transmissi\u00f3 de coneixement i narracions a trav\u00e9s de generacions.\" tabindex=\"0\">tradici\u00f3<\/span>, m\u00e9s b\u00e9 atrau el sagrat i obre l&#8217;espai al div\u00ed, la mirra es considera una resina que tra\u00e7a i segella l\u00edmits.<\/p><p>El cos del difunt s&#8217;hi segella; l&#8217;espai o la persona sotmesos al seu fum reben una mena de closca invisible.<\/p>\n<p>En el marc interpretatiu de diverses tradicions, la mirra t\u00e9 una afinitat especial amb el l\u00edmit entre la vida i la mort. Aquest l\u00edmit es considera un punt de permeabilitat perill\u00f3s: en moltes tradicions, les forces nocives aprofiten el moment de la mort o l&#8217;espai al voltant d&#8217;un difunt per exercir la seva influ\u00e8ncia. La mirra protegeix tant el moribund com els supervivents.<\/p>\n<p>L&#8217;amargor de la resina es considera, en la simbologia de diverses cultures, protectora: all\u00f2 que \u00e9s amarg t\u00e9 la capacitat de rebutjar el que \u00e9s nociu, perqu\u00e8 posseeix ell mateix una qualitat forta i repel\u00b7lent.<\/p>\t\t\t\t\t\t\t\t<\/div>\n\t\t\t\t<\/div>\n\t\t\t\t\t<\/div>\n\t\t\t\t<\/div>\n\t\t<div class=\"elementor-element elementor-element-iwgs-myrrhe-s3 e-flex e-con-boxed e-con e-parent\" data-id=\"iwgs-myrrhe-s3\" data-element_type=\"container\" data-e-type=\"container\">\n\t\t\t\t\t<div class=\"e-con-inner\">\n\t\t\t\t<div class=\"elementor-element elementor-element-iwgs-myrrhe-s3h elementor-widget elementor-widget-heading\" data-id=\"iwgs-myrrhe-s3h\" data-element_type=\"widget\" data-e-type=\"widget\" data-widget_type=\"heading.default\">\n\t\t\t\t\t<h2 class=\"elementor-heading-title elementor-size-default\">Difusi\u00f3 transcultural<\/h2>\t\t\t\t<\/div>\n\t\t<div class=\"elementor-element elementor-element-iw-myrrhe-s3-bw e-con-full e-flex e-con e-child\" data-id=\"iw-myrrhe-s3-bw\" data-element_type=\"container\" data-e-type=\"container\">\n\t\t\t\t<div class=\"elementor-element elementor-element-iwgs-myrrhe-s3t elementor-widget elementor-widget-text-editor\" data-id=\"iwgs-myrrhe-s3t\" data-element_type=\"widget\" data-e-type=\"widget\" data-widget_type=\"text-editor.default\">\n\t\t\t\t\t\t\t\t\t<p>L&#8217;\u00e0rea de difusi\u00f3 de la mirra com a subst\u00e0ncia d&#8217;encens correspon en gran mesura a la de l&#8217;encens: el nord d&#8217;\u00c0frica, el Pr\u00f2xim Orient, la regi\u00f3 mediterr\u00e0nia i, gr\u00e0cies al comer\u00e7, tota Europa i l&#8217;\u00c0sia Occidental.<\/p>\n<p>A Eti\u00f2pia, on \u00e9s aut\u00f2cton l&#8217;arbre Commiphora, la mirra encara forma part de la vida quotidiana de l&#8217;Esgl\u00e9sia copta ortodoxa: es crema als serveis religiosos i s&#8217;utilitza per a l&#8217;oli sagrat (Qibat) amb el qual s&#8217;unceix els cristians.<\/p>\n<p>Al m\u00f3n isl\u00e0mic, la mirra \u00e9s habitual com a encens i remei medicinal; en la medicina popular \u00e0rab es considera, junt amb l&#8217;encens, un mitj\u00e0 contra els djinns i una protecci\u00f3 de la llar contra influ\u00e8ncies nocives.<\/p>\n<p>Al subcontinent indi, la varietat estretament emparentada Commiphora wightii (guggul) \u00e9s la resina d&#8217;encens central en els rituals hind\u00fas, i compleix estructuralment la mateixa funci\u00f3 purificadora que la mirra en l&#8217;\u00e0mbit sem\u00edtic.<\/p>\t\t\t\t\t\t\t\t<\/div>\n\t\t\t\t<\/div>\n\t\t\t\t\t<\/div>\n\t\t\t\t<\/div>\n\t\t<div class=\"elementor-element elementor-element-iwgs-myrrhe-s4 e-flex e-con-boxed e-con e-parent\" data-id=\"iwgs-myrrhe-s4\" data-element_type=\"container\" data-e-type=\"container\">\n\t\t\t\t\t<div class=\"e-con-inner\">\n\t\t\t\t<div class=\"elementor-element elementor-element-iwgs-myrrhe-s4h elementor-widget elementor-widget-heading\" data-id=\"iwgs-myrrhe-s4h\" data-element_type=\"widget\" data-e-type=\"widget\" data-widget_type=\"heading.default\">\n\t\t\t\t\t<h2 class=\"elementor-heading-title elementor-size-default\">Contra qu\u00e8 s'utilitza<\/h2>\t\t\t\t<\/div>\n\t\t<div class=\"elementor-element elementor-element-iw-myrrhe-s4-bw e-con-full e-flex e-con e-child\" data-id=\"iw-myrrhe-s4-bw\" data-element_type=\"container\" data-e-type=\"container\">\n\t\t\t\t<div class=\"elementor-element elementor-element-iwgs-myrrhe-s4t elementor-widget elementor-widget-text-editor\" data-id=\"iwgs-myrrhe-s4t\" data-element_type=\"widget\" data-e-type=\"widget\" data-widget_type=\"text-editor.default\">\n\t\t\t\t\t\t\t\t\t<p>La tradici\u00f3 protectora fa servir la mirra sobretot en situacions l\u00edmit: en el moment de la mort, a la casa d&#8217;un difunt i en punts de pas entre mons. Les categories d&#8217;\u00e9ssers nocius contra els quals actua la mirra estan orientades a aquestes zones frontereres:<\/p>\n<ul>\n<li>Esperits dels morts i esperits que assetgen el moribund o la fam\u00edlia d&#8217;un difunt<\/li>\n<li>Dimonis que utilitzen els llindars entre la vida i la mort (documentats en diverses tradicions antigues)<\/li>\n<li>Influ\u00e8ncies nocives del m\u00f3n dels morts sobre els vius, per exemple a causa de vincles no resolts o pretensions dels morts no satisfetes<\/li>\n<li>Influ\u00e8ncies impures associades a la malaltia i les ferides<\/li>\n<\/ul>\n<p>En combinaci\u00f3 amb l&#8217;encens, tal com es transmet cl\u00e0ssicament en el <span class=\"iwg-fachbegriff\" data-tooltip=\"Una seq\u00fc\u00e8ncia regulada d'accions simb\u00f2liques amb significat religi\u00f3s o cultural.\" tabindex=\"0\">ritual<\/span> cristi\u00e0 i jueu, la mirra complementa l&#8217;encens: aquest obre l&#8217;espai a all\u00f2 sagrat, aquella el segella contra all\u00f2 nociu. El <a href=\"https:\/\/iwell-guard.com\/ca\/?page_id=172028\">Schutz-Kompass<\/a> cont\u00e9 l&#8217;assignaci\u00f3 dels tipus d&#8217;\u00e9ssers per als quals la mirra es transmet com a contramesura.<\/p>\t\t\t\t\t\t\t\t<\/div>\n\t\t\t\t<\/div>\n\t\t\t\t\t<\/div>\n\t\t\t\t<\/div>\n\t\t<div class=\"elementor-element elementor-element-iwgs-myrrhe-s5 e-flex e-con-boxed e-con e-parent\" data-id=\"iwgs-myrrhe-s5\" data-element_type=\"container\" data-e-type=\"container\">\n\t\t\t\t\t<div class=\"e-con-inner\">\n\t\t\t\t<div class=\"elementor-element elementor-element-iwgs-myrrhe-s5h elementor-widget elementor-widget-heading\" data-id=\"iwgs-myrrhe-s5h\" data-element_type=\"widget\" data-e-type=\"widget\" data-widget_type=\"heading.default\">\n\t\t\t\t\t<h2 class=\"elementor-heading-title elementor-size-default\">Aplicaci\u00f3 i l\u00edmits<\/h2>\t\t\t\t<\/div>\n\t\t<div class=\"elementor-element elementor-element-iw-myrrhe-s5-bw e-con-full e-flex e-con e-child\" data-id=\"iw-myrrhe-s5-bw\" data-element_type=\"container\" data-e-type=\"container\">\n\t\t\t\t<div class=\"elementor-element elementor-element-iwgs-myrrhe-s5t elementor-widget elementor-widget-text-editor\" data-id=\"iwgs-myrrhe-s5t\" data-element_type=\"widget\" data-e-type=\"widget\" data-widget_type=\"text-editor.default\">\n\t\t\t\t\t\t\t\t\t<p>La mirra sol cremar-se en forma de grans sobre carb\u00f3 d&#8217;encens, sola o en barreges, cl\u00e0ssicament amb encens. El fum \u00e9s m\u00e9s pesat que el fum d&#8217;encens i es mant\u00e9 m\u00e9s temps a l&#8217;espai.<\/p><p>En la tradici\u00f3 lit\u00fargica de les esgl\u00e9sies ortodoxa i cat\u00f2lica, la mirra s&#8217;utilitza com a part de la preparaci\u00f3 de l&#8217;encens, encara que la crema pura de resina de mirra \u00e9s menys freq\u00fcent en el <span class=\"iwg-fachbegriff\" data-tooltip=\"Una acci\u00f3 religiosa fixa i recurrent.\" tabindex=\"0\">ritu<\/span> occidental que en la tradici\u00f3 oriental.<\/p>\n<p>Per a l&#8217;\u00fas dom\u00e8stic regeixen, segons la tradici\u00f3 popular, les mateixes regles b\u00e0siques que per a l&#8217;encens: una intenci\u00f3 conscient, el moment adequat i una fumigaci\u00f3 sistem\u00e0tica de l&#8217;espai. Segons la <span class=\"iwg-fachbegriff\" data-tooltip=\"La transmissi\u00f3 de coneixements i relats al llarg de generacions.\" tabindex=\"0\">tradici\u00f3<\/span>, la mirra \u00e9s especialment adequada per a espais que han estat en contacte amb la malaltia o la mort, i per a purificacions despr\u00e9s d&#8217;esdeveniments dolorosos.<\/p>\n<p>Com a l\u00edmit de la pr\u00e0ctica, val tamb\u00e9 aqu\u00ed: cremar encens no substitueix un concepte de protecci\u00f3 integral. Segons la <span class=\"iwg-fachbegriff\" data-tooltip=\"La transmissi\u00f3 de coneixements i relats al llarg de generacions.\" tabindex=\"0\">tradici\u00f3<\/span>, la mirra \u00e9s especialment efica\u00e7 en les situacions l\u00edmit que tradicionalment acompanya; per a altres necessitats de protecci\u00f3, la <span class=\"iwg-fachbegriff\" data-tooltip=\"La transmissi\u00f3 de coneixements i relats al llarg de generacions.\" tabindex=\"0\">tradici\u00f3<\/span> recomana altres mitjans complementaris, que el <a href=\"https:\/\/iwell-guard.com\/ca\/?page_id=172028\">Schutz-Kompass<\/a> enumera.<\/p>\t\t\t\t\t\t\t\t<\/div>\n\t\t\t\t<\/div>\n\t\t\t\t\t<\/div>\n\t\t\t\t<\/div>\n\t\t<div class=\"elementor-element elementor-element-iwgs-myrrhe-lit e-flex e-con-boxed e-con e-parent\" data-id=\"iwgs-myrrhe-lit\" data-element_type=\"container\" data-e-type=\"container\">\n\t\t\t\t\t<div class=\"e-con-inner\">\n\t\t\t\t<div class=\"elementor-element elementor-element-iwgs-myrrhe-lith elementor-widget elementor-widget-heading\" data-id=\"iwgs-myrrhe-lith\" data-element_type=\"widget\" data-e-type=\"widget\" data-widget_type=\"heading.default\">\n\t\t\t\t\t<h2 class=\"elementor-heading-title elementor-size-default\">Bibliografia (selecci\u00f3)<\/h2>\t\t\t\t<\/div>\n\t\t<div class=\"elementor-element elementor-element-iw-myrrhe-lit-bw e-con-full e-flex e-con e-child\" data-id=\"iw-myrrhe-lit-bw\" data-element_type=\"container\" data-e-type=\"container\">\n\t\t\t\t<div class=\"elementor-element elementor-element-iwgs-myrrhe-litt elementor-widget elementor-widget-html\" data-id=\"iwgs-myrrhe-litt\" data-element_type=\"widget\" data-e-type=\"widget\" data-widget_type=\"html.default\">\n\t\t\t\t\t<footer data-nosnippet=\"true\"><ul><li>Nigel Groom: Frankincense and Myrrh: A Study of the Arabian Incense Trade. London: Longman, 1981.<\/li><li>Lise Manniche: An Ancient Egyptian Herbal. London: British Museum Press, 1989.<\/li><li>Karel van der Toorn, Bob Becking, Pieter W. van der Horst (Hrsg.): Dictionary of Deities and Demons in the Bible. Leiden: Brill, 1999.<\/li><li>Paul Faure: Parfums et aromates de l'Antiquit\u00e9. Paris: Fayard, 1987.<\/li><li>Manfred Lurker: W\u00f6rterbuch der Symbolik. Stuttgart: Kr\u00f6ner, 1991.<\/li><\/ul><\/footer>\t\t\t\t<\/div>\n\t\t\t\t<\/div>\n\t\t\t\t\t<\/div>\n\t\t\t\t<\/div>\n\t\t<div class=\"elementor-element elementor-element-iwgs-myrrhe-kwd e-flex e-con-boxed e-con e-parent\" data-id=\"iwgs-myrrhe-kwd\" data-element_type=\"container\" data-e-type=\"container\">\n\t\t\t\t\t<div class=\"e-con-inner\">\n\t\t<div class=\"elementor-element elementor-element-iw-myrrhe-kwd-bw e-con-full e-flex e-con e-child\" data-id=\"iw-myrrhe-kwd-bw\" data-element_type=\"container\" data-e-type=\"container\">\n\t\t\t\t<div class=\"elementor-element elementor-element-iwgs-myrrhe-kwdt elementor-widget elementor-widget-text-editor\" data-id=\"iwgs-myrrhe-kwdt\" data-element_type=\"widget\" data-e-type=\"widget\" data-widget_type=\"text-editor.default\">\n\t\t\t\t\t\t\t\t\t<p><em>Termes clau relacionats: mirra cremar resina de mirra resina d&#8217;encens.<\/em><\/p>\t\t\t\t\t\t\t\t<\/div>\n\t\t\t\t<\/div>\n\t\t\t\t\t<\/div>\n\t\t\t\t<\/div>\n\t\t<div class=\"elementor-element elementor-element-iwgs-myrrhe-cc e-flex e-con-boxed e-con e-parent\" data-id=\"iwgs-myrrhe-cc\" data-element_type=\"container\" data-e-type=\"container\" id=\"iwg-cc-myrrhe\">\n\t\t\t\t\t<div class=\"e-con-inner\">\n\t\t<div class=\"elementor-element elementor-element-iwgs-myrrhe-ccinner e-flex e-con-boxed e-con e-parent\" data-id=\"iwgs-myrrhe-ccinner\" data-element_type=\"container\" data-e-type=\"container\" data-settings=\"{&quot;background_background&quot;:&quot;classic&quot;}\">\n\t\t\t\t\t<div class=\"e-con-inner\">\n\t\t\t\t<div class=\"elementor-element elementor-element-iwgs-myrrhe-cch elementor-widget elementor-widget-heading\" data-id=\"iwgs-myrrhe-cch\" data-element_type=\"widget\" data-e-type=\"widget\" data-widget_type=\"heading.default\">\n\t\t\t\t\t<h2 class=\"elementor-heading-title elementor-size-default\">iWell Guard i tradicions de protecci\u00f3<\/h2>\t\t\t\t<\/div>\n\t\t\t\t<div class=\"elementor-element elementor-element-iwgs-myrrhe-cct elementor-widget elementor-widget-text-editor\" data-id=\"iwgs-myrrhe-cct\" data-element_type=\"widget\" data-e-type=\"widget\" data-widget_type=\"text-editor.default\">\n\t\t\t\t\t\t\t\t\t<p>La mirra representa la idea que la protecci\u00f3 \u00e9s especialment important en situacions de transici\u00f3: quan la vida canvia, quan els l\u00edmits es tornen permeables, quan un es troba entre estats. L&#8217;<a href=\"https:\/\/iwell-guard.com\/ca\/penjoll-protector-iwell-guard-comprar\/\">iWell Guard<\/a> est\u00e0 pensat com un acompanyant permanent, present precisament en aquests moments de transici\u00f3.<\/p><p>Condensa les intencions protectores de diverses cultures en un s\u00edmbol que es porta sempre amb un, i fa aix\u00ed que el principi de la delimitaci\u00f3 pr\u00f2pia de la mirra sigui accessible de manera propera al cos i permanent, sense estar lligat a un proc\u00e9s de cremar encens.<\/p>\t\t\t\t\t\t\t\t<\/div>\n\t\t\t\t<div class=\"elementor-element elementor-element-iwgs-myrrhe-ccb iwg-cc-button iwg-cc-cta-2026-05-13 elementor-widget elementor-widget-jet-button\" data-id=\"iwgs-myrrhe-ccb\" data-element_type=\"widget\" data-e-type=\"widget\" data-widget_type=\"jet-button.default\">\n\t\t\t\t<div class=\"elementor-widget-container\">\n\t\t\t\t\t<div class=\"elementor-jet-button jet-elements\"><div class=\"jet-button__container\"><a class=\"jet-button__instance jet-button__instance--icon-left hover-effect-1\" href=\"\/schutzanhaenger-iwell-guard-kaufen\/?utm_source=iwell-guard.com&amp;utm_medium=info-box&amp;utm_campaign=schutzsymbole\"><div class=\"jet-button__plane jet-button__plane-normal\"><\/div><div class=\"jet-button__plane jet-button__plane-hover\"><\/div><div class=\"jet-button__state jet-button__state-normal\"><span class=\"jet-button__label\">M\u00e9s informaci\u00f3 sobre l'iWell Guard<\/span><\/div><div class=\"jet-button__state jet-button__state-hover\"><span class=\"jet-button__label\">M\u00e9s informaci\u00f3 sobre l'iWell Guard<\/span><\/div><\/a><\/div><\/div><style>.elementor-element.elementor-element-iwgs-myrrhe-ccb .jet-button__instance{width:320px;height:56px;}.elementor-element.elementor-element-iwgs-myrrhe-ccb .jet-button__state-normal .jet-button__label{text-align:center;margin:0px 0px 0px 0px;color:#1a1b20;font-family:Montserrat,sans-serif;font-size:13px;font-weight:400;letter-spacing:4px;line-height:1.714em;text-transform:uppercase;}.elementor-element.elementor-element-iwgs-myrrhe-ccb .jet-button__state-hover .jet-button__label{text-align:center;margin:0px 0px 0px 0px;color:#FECC76;font-family:Montserrat,sans-serif;font-size:13px;font-weight:400;letter-spacing:4px;line-height:1.714em;text-transform:uppercase;}.elementor-element.elementor-element-iwgs-myrrhe-ccb .jet-button__plane-normal{background-color:#FECC76;border-style:solid;border-color:#C99540;border-width:2px 2px 2px 2px;}.elementor-element.elementor-element-iwgs-myrrhe-ccb .jet-button__plane-hover{background-color:rgba(0,0,0,0.55);border-style:solid;border-color:#FECC76;border-width:2px 2px 2px 2px;}<\/style>\t\t\t\t<\/div>\n\t\t\t\t<\/div>\n\t\t\t\t<div class=\"elementor-element elementor-element-iwgs-myrrhe-ccd elementor-widget elementor-widget-text-editor\" data-id=\"iwgs-myrrhe-ccd\" data-element_type=\"widget\" data-e-type=\"widget\" data-widget_type=\"text-editor.default\">\n\t\t\t\t\t\t\t\t\t<p style=\"text-align:center;font-size:13px;opacity:0.7;margin-top:14px\" data-nosnippet=\"true\">Les experi\u00e8ncies personals poden variar. No \u00e9s un producte sanitari. No es garanteix cap curaci\u00f3.<\/p>\t\t\t\t\t\t\t\t<\/div>\n\t\t\t\t\t<\/div>\n\t\t\t\t<\/div>\n\t\t\t\t\t<\/div>\n\t\t\t\t<\/div>\n\t\t<div class=\"elementor-element elementor-element-iwgs-myrrhe-disc e-flex e-con-boxed e-con e-parent\" data-id=\"iwgs-myrrhe-disc\" data-element_type=\"container\" data-e-type=\"container\">\n\t\t\t\t\t<div class=\"e-con-inner\">\n\t\t<div class=\"elementor-element elementor-element-iw-myrrhe-disc-bw e-con-full e-flex e-con e-child\" data-id=\"iw-myrrhe-disc-bw\" data-element_type=\"container\" data-e-type=\"container\">\n\t\t\t\t<div class=\"elementor-element elementor-element-iwgs-myrrhe-discw elementor-widget elementor-widget-html\" data-id=\"iwgs-myrrhe-discw\" data-element_type=\"widget\" data-e-type=\"widget\" data-widget_type=\"html.default\">\n\t\t\t\t\t<footer data-nosnippet=\"true\" class=\"iwg-disclaimer-block\"><p data-nosnippet=\"true\">iWell Guard <strong>no \u00e9s un producte sanitari<\/strong> i no substitueix cap tractament m\u00e8dic o psicoterap\u00e8utic. Els continguts presentats aqu\u00ed s\u00f3n una contextualitzaci\u00f3 des de la ci\u00e8ncia de les religions i la hist\u00f2ria cultural, no una promesa d'efecte espiritual.<\/p><\/footer>\t\t\t\t<\/div>\n\t\t\t\t<\/div>\n\t\t\t\t\t<\/div>\n\t\t\t\t<\/div>\n\t\t\t\t<\/div>\n\t\t","protected":false},"excerpt":{"rendered":"","protected":false},"author":3,"featured_media":4142,"parent":0,"menu_order":0,"comment_status":"closed","ping_status":"closed","template":"elementor_header_footer","meta":{"_yoast_wpseo_focuskw":"mirra","_yoast_wpseo_title":"Mirra - Resina d'encens per a la purificaci\u00f3","_yoast_wpseo_metadesc":"La mirra com a resina d'encens: origen, principi d'acci\u00f3 segons la tradici\u00f3 i significat transcultural d'aquesta resina fosca en la protecci\u00f3 i l'acompanyament dels difunts.","_yoast_wpseo_meta-robots-noindex":"","_yoast_wpseo_canonical":"","_angie_page":false,"gefaehrdungsstufe":"","wesen_kultur":"","wesen_klasse":"","footnotes":""},"categories":[],"class_list":["post-172023","page","type-page","status-publish","has-post-thumbnail","hentry"],"yoast_head":"<!-- This site is optimized with the Yoast SEO Premium plugin v27.7 (Yoast SEO v28.3) - https:\/\/yoast.com\/product\/yoast-seo-premium-wordpress\/ -->\n<title>Mirra - Resina d&#039;encens per a la purificaci\u00f3<\/title>\n<meta name=\"description\" content=\"La mirra com a resina d&#039;encens: origen, principi d&#039;acci\u00f3 segons la tradici\u00f3 i significat transcultural d&#039;aquesta resina fosca en la protecci\u00f3 i l&#039;acompanyament dels difunts.\" \/>\n<meta name=\"robots\" content=\"index, follow, max-snippet:-1, max-image-preview:large, max-video-preview:-1\" \/>\n<link rel=\"canonical\" href=\"https:\/\/iwell-guard.com\/ca\/mirra\/\" \/>\n<meta property=\"og:locale\" content=\"ca_ES\" \/>\n<meta property=\"og:type\" content=\"article\" \/>\n<meta property=\"og:title\" content=\"Mirra\" \/>\n<meta property=\"og:description\" content=\"La mirra com a resina d&#039;encens: origen, principi d&#039;acci\u00f3 segons la tradici\u00f3 i significat transcultural d&#039;aquesta resina fosca en la protecci\u00f3 i l&#039;acompanyament dels difunts.\" \/>\n<meta property=\"og:url\" content=\"https:\/\/iwell-guard.com\/ca\/mirra\/\" \/>\n<meta property=\"og:site_name\" content=\"iWell Guard\" \/>\n<meta property=\"article:modified_time\" content=\"2026-09-05T16:13:19+00:00\" \/>\n<meta property=\"og:image\" content=\"https:\/\/iwell-guard.com\/wp-content\/uploads\/2026\/05\/schutzsymbol_nahost_myrrhe.png\" \/>\n\t<meta property=\"og:image:width\" content=\"1024\" \/>\n\t<meta property=\"og:image:height\" content=\"1536\" \/>\n\t<meta property=\"og:image:type\" content=\"image\/png\" \/>\n<meta name=\"twitter:card\" content=\"summary_large_image\" \/>\n<script type=\"application\/ld+json\" class=\"yoast-schema-graph\">{\"@context\":\"https:\\\/\\\/schema.org\",\"@graph\":[{\"@type\":\"WebPage\",\"@id\":\"https:\\\/\\\/iwell-guard.com\\\/ca\\\/mirra\\\/\",\"url\":\"https:\\\/\\\/iwell-guard.com\\\/ca\\\/mirra\\\/\",\"name\":\"Mirra - Resina d'encens per a la purificaci\u00f3\",\"isPartOf\":{\"@id\":\"https:\\\/\\\/iwell-guard.com\\\/ca\\\/#website\"},\"primaryImageOfPage\":{\"@id\":\"https:\\\/\\\/iwell-guard.com\\\/ca\\\/mirra\\\/#primaryimage\"},\"image\":{\"@id\":\"https:\\\/\\\/iwell-guard.com\\\/ca\\\/mirra\\\/#primaryimage\"},\"thumbnailUrl\":\"https:\\\/\\\/iwell-guard.com\\\/wp-content\\\/uploads\\\/2026\\\/05\\\/schutzsymbol_nahost_myrrhe.png\",\"datePublished\":\"2026-09-05T15:44:25+00:00\",\"dateModified\":\"2026-09-05T16:13:19+00:00\",\"description\":\"La mirra com a resina d'encens: origen, principi d'acci\u00f3 segons la tradici\u00f3 i significat transcultural d'aquesta resina fosca en la protecci\u00f3 i l'acompanyament dels difunts.\",\"breadcrumb\":{\"@id\":\"https:\\\/\\\/iwell-guard.com\\\/ca\\\/mirra\\\/#breadcrumb\"},\"inLanguage\":\"ca\",\"potentialAction\":[{\"@type\":\"ReadAction\",\"target\":[\"https:\\\/\\\/iwell-guard.com\\\/ca\\\/mirra\\\/\"]}]},{\"@type\":\"ImageObject\",\"inLanguage\":\"ca\",\"@id\":\"https:\\\/\\\/iwell-guard.com\\\/ca\\\/mirra\\\/#primaryimage\",\"url\":\"https:\\\/\\\/iwell-guard.com\\\/wp-content\\\/uploads\\\/2026\\\/05\\\/schutzsymbol_nahost_myrrhe.png\",\"contentUrl\":\"https:\\\/\\\/iwell-guard.com\\\/wp-content\\\/uploads\\\/2026\\\/05\\\/schutzsymbol_nahost_myrrhe.png\",\"width\":1024,\"height\":1536,\"caption\":\"Mirra \u2013 resina d'encens per a la purificaci\u00f3, il\u00b7lustrativa des del punt de vista hist\u00f2ric\"},{\"@type\":\"BreadcrumbList\",\"@id\":\"https:\\\/\\\/iwell-guard.com\\\/ca\\\/mirra\\\/#breadcrumb\",\"itemListElement\":[{\"@type\":\"ListItem\",\"position\":1,\"name\":\"Start\",\"item\":\"https:\\\/\\\/iwell-guard.com\\\/ca\\\/?page_id=171333\"},{\"@type\":\"ListItem\",\"position\":2,\"name\":\"Mirra\"}]},{\"@type\":\"WebSite\",\"@id\":\"https:\\\/\\\/iwell-guard.com\\\/ca\\\/#website\",\"url\":\"https:\\\/\\\/iwell-guard.com\\\/ca\\\/\",\"name\":\"iWell Guard\",\"description\":\"Schutz vor dunklen Einfl\u00fcssen\",\"publisher\":{\"@id\":\"https:\\\/\\\/iwell-guard.com\\\/ca\\\/#organization\"},\"potentialAction\":[{\"@type\":\"SearchAction\",\"target\":{\"@type\":\"EntryPoint\",\"urlTemplate\":\"https:\\\/\\\/iwell-guard.com\\\/ca\\\/?s={search_term_string}\"},\"query-input\":{\"@type\":\"PropertyValueSpecification\",\"valueRequired\":true,\"valueName\":\"search_term_string\"}}],\"inLanguage\":\"ca\"},{\"@type\":\"Organization\",\"@id\":\"https:\\\/\\\/iwell-guard.com\\\/ca\\\/#organization\",\"name\":\"Ittermann electronic GmbH\",\"url\":\"https:\\\/\\\/iwell-guard.com\\\/ca\\\/\",\"logo\":{\"@type\":\"ImageObject\",\"inLanguage\":\"ca\",\"@id\":\"https:\\\/\\\/iwell-guard.com\\\/ca\\\/#\\\/schema\\\/logo\\\/image\\\/\",\"url\":\"https:\\\/\\\/iwell-guard.com\\\/wp-content\\\/uploads\\\/2026\\\/05\\\/Ittermann-Logo-1182x237-1.png\",\"contentUrl\":\"https:\\\/\\\/iwell-guard.com\\\/wp-content\\\/uploads\\\/2026\\\/05\\\/Ittermann-Logo-1182x237-1.png\",\"width\":1182,\"height\":237,\"caption\":\"Ittermann electronic GmbH\"},\"image\":{\"@id\":\"https:\\\/\\\/iwell-guard.com\\\/ca\\\/#\\\/schema\\\/logo\\\/image\\\/\"},\"sameAs\":[\"https:\\\/\\\/pantip.com\\\/profile\\\/9367242\",\"https:\\\/\\\/micro.blog\\\/iwellguard\",\"https:\\\/\\\/www.diggerslist.com\\\/iwellguard\\\/about\",\"https:\\\/\\\/skitterphoto.com\\\/photographers\\\/2870314\\\/iwell-guard\",\"https:\\\/\\\/iwellguard.wordpress.com\\\/2026\\\/06\\\/06\\\/iwell-guard\\\/\",\"https:\\\/\\\/hub.docker.com\\\/u\\\/iwellguard\",\"https:\\\/\\\/www.pinterest.com\\\/iwellguard\\\/\",\"https:\\\/\\\/bit.ly\\\/m\\\/iwellguard\",\"https:\\\/\\\/entre-vos-mains.alsace.eu\\\/profiles\\\/iwellguard\\\/activity\",\"https:\\\/\\\/gravatar.com\\\/reallybeded8fd34\",\"https:\\\/\\\/naijamatta.com\\\/iwellguard\",\"https:\\\/\\\/www.goodreads.com\\\/iwellguard\",\"https:\\\/\\\/profile.hatena.ne.jp\\\/iwellguard\\\/\",\"https:\\\/\\\/experiment.com\\\/users\\\/iwellguard\",\"https:\\\/\\\/wakelet.com\\\/@iWellGuard82270\",\"https:\\\/\\\/www.chordie.com\\\/forum\\\/profile.php?id=2555664\",\"https:\\\/\\\/www.instapaper.com\\\/p\\\/17757966\",\"https:\\\/\\\/www.mapleprimes.com\\\/users\\\/iwellguard\",\"https:\\\/\\\/businesslistingplus.com\\\/profile\\\/iwell-guard\\\/\",\"https:\\\/\\\/telegra.ph\\\/iWell-Guard-06-06\",\"https:\\\/\\\/pbase.com\\\/iwellguard\\\/iwellguard\",\"https:\\\/\\\/b.hatena.ne.jp\\\/iwellguard\\\/20260607#bookmark-4788405196491818882\",\"https:\\\/\\\/fliphtml5.com\\\/home\\\/iwellguard\",\"https:\\\/\\\/anyflip.com\\\/homepage\\\/cmiwl#About\",\"https:\\\/\\\/transfur.com\\\/Users\\\/iwellguard\",\"http:\\\/\\\/delphi.larsbo.org\\\/user\\\/iwellguard\",\"https:\\\/\\\/jobs.lajobsportal.org\\\/profiles\\\/8380803-iwell-guard\",\"https:\\\/\\\/md.chaosdorf.de\\\/s\\\/jfbe5SBdJD\",\"https:\\\/\\\/www.lingvolive.com\\\/en-us\\\/profile\\\/9ecaeaca-ce11-4e51-9e71-01d55e2bff36\\\/translations\",\"https:\\\/\\\/www.fitday.com\\\/fitness\\\/forums\\\/members\\\/iwellguard.html\",\"https:\\\/\\\/www.mymeetbook.com\\\/iwellguard\",\"https:\\\/\\\/pxhere.com\\\/en\\\/photographer-me\\\/5040798\",\"https:\\\/\\\/disqus.com\\\/by\\\/iwellguard\\\/about\\\/\",\"https:\\\/\\\/pastelink.net\\\/hjwciqwq\",\"https:\\\/\\\/pubhtml5.com\\\/homepage\\\/scjhn\\\/\",\"https:\\\/\\\/www.bitchute.com\\\/channel\\\/2O2eOKzNqujT\",\"https:\\\/\\\/audiomack.com\\\/iwellguard\"]}]}<\/script>\n<!-- \/ Yoast SEO Premium plugin. -->","yoast_head_json":{"title":"Mirra - Resina d'encens per a la purificaci\u00f3","description":"La mirra com a resina d'encens: origen, principi d'acci\u00f3 segons la tradici\u00f3 i significat transcultural d'aquesta resina fosca en la protecci\u00f3 i l'acompanyament dels difunts.","robots":{"index":"index","follow":"follow","max-snippet":"max-snippet:-1","max-image-preview":"max-image-preview:large","max-video-preview":"max-video-preview:-1"},"canonical":"https:\/\/iwell-guard.com\/ca\/mirra\/","og_locale":"ca_ES","og_type":"article","og_title":"Mirra","og_description":"La mirra com a resina d'encens: origen, principi d'acci\u00f3 segons la tradici\u00f3 i significat transcultural d'aquesta resina fosca en la protecci\u00f3 i l'acompanyament dels difunts.","og_url":"https:\/\/iwell-guard.com\/ca\/mirra\/","og_site_name":"iWell Guard","article_modified_time":"2026-09-05T16:13:19+00:00","og_image":[{"width":1024,"height":1536,"url":"https:\/\/iwell-guard.com\/wp-content\/uploads\/2026\/05\/schutzsymbol_nahost_myrrhe.png","type":"image\/png"}],"twitter_card":"summary_large_image","schema":{"@context":"https:\/\/schema.org","@graph":[{"@type":"WebPage","@id":"https:\/\/iwell-guard.com\/ca\/mirra\/","url":"https:\/\/iwell-guard.com\/ca\/mirra\/","name":"Mirra - Resina d'encens per a la purificaci\u00f3","isPartOf":{"@id":"https:\/\/iwell-guard.com\/ca\/#website"},"primaryImageOfPage":{"@id":"https:\/\/iwell-guard.com\/ca\/mirra\/#primaryimage"},"image":{"@id":"https:\/\/iwell-guard.com\/ca\/mirra\/#primaryimage"},"thumbnailUrl":"https:\/\/iwell-guard.com\/wp-content\/uploads\/2026\/05\/schutzsymbol_nahost_myrrhe.png","datePublished":"2026-09-05T15:44:25+00:00","dateModified":"2026-09-05T16:13:19+00:00","description":"La mirra com a resina d'encens: origen, principi d'acci\u00f3 segons la tradici\u00f3 i significat transcultural d'aquesta resina fosca en la protecci\u00f3 i l'acompanyament dels difunts.","breadcrumb":{"@id":"https:\/\/iwell-guard.com\/ca\/mirra\/#breadcrumb"},"inLanguage":"ca","potentialAction":[{"@type":"ReadAction","target":["https:\/\/iwell-guard.com\/ca\/mirra\/"]}]},{"@type":"ImageObject","inLanguage":"ca","@id":"https:\/\/iwell-guard.com\/ca\/mirra\/#primaryimage","url":"https:\/\/iwell-guard.com\/wp-content\/uploads\/2026\/05\/schutzsymbol_nahost_myrrhe.png","contentUrl":"https:\/\/iwell-guard.com\/wp-content\/uploads\/2026\/05\/schutzsymbol_nahost_myrrhe.png","width":1024,"height":1536,"caption":"Mirra \u2013 resina d'encens per a la purificaci\u00f3, il\u00b7lustrativa des del punt de vista hist\u00f2ric"},{"@type":"BreadcrumbList","@id":"https:\/\/iwell-guard.com\/ca\/mirra\/#breadcrumb","itemListElement":[{"@type":"ListItem","position":1,"name":"Start","item":"https:\/\/iwell-guard.com\/ca\/?page_id=171333"},{"@type":"ListItem","position":2,"name":"Mirra"}]},{"@type":"WebSite","@id":"https:\/\/iwell-guard.com\/ca\/#website","url":"https:\/\/iwell-guard.com\/ca\/","name":"iWell Guard","description":"Schutz vor dunklen Einfl\u00fcssen","publisher":{"@id":"https:\/\/iwell-guard.com\/ca\/#organization"},"potentialAction":[{"@type":"SearchAction","target":{"@type":"EntryPoint","urlTemplate":"https:\/\/iwell-guard.com\/ca\/?s={search_term_string}"},"query-input":{"@type":"PropertyValueSpecification","valueRequired":true,"valueName":"search_term_string"}}],"inLanguage":"ca"},{"@type":"Organization","@id":"https:\/\/iwell-guard.com\/ca\/#organization","name":"Ittermann electronic GmbH","url":"https:\/\/iwell-guard.com\/ca\/","logo":{"@type":"ImageObject","inLanguage":"ca","@id":"https:\/\/iwell-guard.com\/ca\/#\/schema\/logo\/image\/","url":"https:\/\/iwell-guard.com\/wp-content\/uploads\/2026\/05\/Ittermann-Logo-1182x237-1.png","contentUrl":"https:\/\/iwell-guard.com\/wp-content\/uploads\/2026\/05\/Ittermann-Logo-1182x237-1.png","width":1182,"height":237,"caption":"Ittermann electronic GmbH"},"image":{"@id":"https:\/\/iwell-guard.com\/ca\/#\/schema\/logo\/image\/"},"sameAs":["https:\/\/pantip.com\/profile\/9367242","https:\/\/micro.blog\/iwellguard","https:\/\/www.diggerslist.com\/iwellguard\/about","https:\/\/skitterphoto.com\/photographers\/2870314\/iwell-guard","https:\/\/iwellguard.wordpress.com\/2026\/06\/06\/iwell-guard\/","https:\/\/hub.docker.com\/u\/iwellguard","https:\/\/www.pinterest.com\/iwellguard\/","https:\/\/bit.ly\/m\/iwellguard","https:\/\/entre-vos-mains.alsace.eu\/profiles\/iwellguard\/activity","https:\/\/gravatar.com\/reallybeded8fd34","https:\/\/naijamatta.com\/iwellguard","https:\/\/www.goodreads.com\/iwellguard","https:\/\/profile.hatena.ne.jp\/iwellguard\/","https:\/\/experiment.com\/users\/iwellguard","https:\/\/wakelet.com\/@iWellGuard82270","https:\/\/www.chordie.com\/forum\/profile.php?id=2555664","https:\/\/www.instapaper.com\/p\/17757966","https:\/\/www.mapleprimes.com\/users\/iwellguard","https:\/\/businesslistingplus.com\/profile\/iwell-guard\/","https:\/\/telegra.ph\/iWell-Guard-06-06","https:\/\/pbase.com\/iwellguard\/iwellguard","https:\/\/b.hatena.ne.jp\/iwellguard\/20260607#bookmark-4788405196491818882","https:\/\/fliphtml5.com\/home\/iwellguard","https:\/\/anyflip.com\/homepage\/cmiwl#About","https:\/\/transfur.com\/Users\/iwellguard","http:\/\/delphi.larsbo.org\/user\/iwellguard","https:\/\/jobs.lajobsportal.org\/profiles\/8380803-iwell-guard","https:\/\/md.chaosdorf.de\/s\/jfbe5SBdJD","https:\/\/www.lingvolive.com\/en-us\/profile\/9ecaeaca-ce11-4e51-9e71-01d55e2bff36\/translations","https:\/\/www.fitday.com\/fitness\/forums\/members\/iwellguard.html","https:\/\/www.mymeetbook.com\/iwellguard","https:\/\/pxhere.com\/en\/photographer-me\/5040798","https:\/\/disqus.com\/by\/iwellguard\/about\/","https:\/\/pastelink.net\/hjwciqwq","https:\/\/pubhtml5.com\/homepage\/scjhn\/","https:\/\/www.bitchute.com\/channel\/2O2eOKzNqujT","https:\/\/audiomack.com\/iwellguard"]}]}},"_links":{"self":[{"href":"https:\/\/iwell-guard.com\/ca\/wp-json\/wp\/v2\/pages\/172023","targetHints":{"allow":["GET"]}}],"collection":[{"href":"https:\/\/iwell-guard.com\/ca\/wp-json\/wp\/v2\/pages"}],"about":[{"href":"https:\/\/iwell-guard.com\/ca\/wp-json\/wp\/v2\/types\/page"}],"author":[{"embeddable":true,"href":"https:\/\/iwell-guard.com\/ca\/wp-json\/wp\/v2\/users\/3"}],"replies":[{"embeddable":true,"href":"https:\/\/iwell-guard.com\/ca\/wp-json\/wp\/v2\/comments?post=172023"}],"version-history":[{"count":0,"href":"https:\/\/iwell-guard.com\/ca\/wp-json\/wp\/v2\/pages\/172023\/revisions"}],"wp:featuredmedia":[{"embeddable":true,"href":"https:\/\/iwell-guard.com\/ca\/wp-json\/wp\/v2\/media\/4142"}],"wp:attachment":[{"href":"https:\/\/iwell-guard.com\/ca\/wp-json\/wp\/v2\/media?parent=172023"}],"wp:term":[{"taxonomy":"category","embeddable":true,"href":"https:\/\/iwell-guard.com\/ca\/wp-json\/wp\/v2\/categories?post=172023"}],"curies":[{"name":"wp","href":"https:\/\/api.w.org\/{rel}","templated":true}]}}