{"id":172021,"date":"2026-09-05T15:44:24","date_gmt":"2026-09-05T15:44:24","guid":{"rendered":"https:\/\/iwell-guard.com\/?page_id=172021"},"modified":"2026-09-05T16:13:16","modified_gmt":"2026-09-05T16:13:16","slug":"all-com-a-proteccio","status":"publish","type":"page","link":"https:\/\/iwell-guard.com\/ca\/all-com-a-proteccio\/","title":{"rendered":"L&#8217;all com a protecci\u00f3"},"content":{"rendered":"\t\t<div data-elementor-type=\"wp-page\" data-elementor-id=\"172021\" class=\"elementor elementor-172021 elementor-3778 elementor-bc-flex-widget\" data-elementor-post-type=\"page\">\n\t\t\t\t<div class=\"elementor-element elementor-element-iwgs-knoblauch-hero e-flex e-con-boxed e-con e-parent\" data-id=\"iwgs-knoblauch-hero\" data-element_type=\"container\" data-e-type=\"container\">\n\t\t\t\t\t<div class=\"e-con-inner\">\n\t\t<div class=\"elementor-element elementor-element-iw-knoblauch-hero-left e-con-full e-flex e-con e-child\" data-id=\"iw-knoblauch-hero-left\" data-element_type=\"container\" data-e-type=\"container\">\n\t\t\t\t<div class=\"elementor-element elementor-element-iwgs-knoblauch-h1 elementor-widget elementor-widget-heading\" data-id=\"iwgs-knoblauch-h1\" data-element_type=\"widget\" data-e-type=\"widget\" data-widget_type=\"heading.default\">\n\t\t\t\t\t<h1 class=\"elementor-heading-title elementor-size-default\">L'all com a protecci\u00f3<\/h1>\t\t\t\t<\/div>\n\t\t<div class=\"elementor-element elementor-element-iw-knoblauch-hero-bw e-con-full e-flex e-con e-child\" data-id=\"iw-knoblauch-hero-bw\" data-element_type=\"container\" data-e-type=\"container\">\n\t\t\t\t<div class=\"elementor-element elementor-element-iwgs-knoblauch-pills elementor-widget elementor-widget-html\" data-id=\"iwgs-knoblauch-pills\" data-element_type=\"widget\" data-e-type=\"widget\" data-widget_type=\"html.default\">\n\t\t\t\t\t<div class=\"iwg-pill-row\"><span class=\"iwg-klasse-badge\" tabindex=\"0\" data-tooltip=\"Tipus de mitj\u00e0 de protecci\u00f3.\">Subst\u00e0ncia protectora<\/span><a href=\"https:\/\/iwell-guard.com\/ca\/?page_id=172010\" class=\"iwg-kultur-badge\" tabindex=\"0\" data-tooltip=\"Anar a la visi\u00f3 general.\">Subst\u00e0ncies protectores i plantes<\/a><\/div>\t\t\t\t<\/div>\n\t\t\t\t<div class=\"elementor-element elementor-element-iwgs-knoblauch-lead elementor-widget elementor-widget-text-editor\" data-id=\"iwgs-knoblauch-lead\" data-element_type=\"widget\" data-e-type=\"widget\" data-widget_type=\"text-editor.default\">\n\t\t\t\t\t\t\t\t\t<p>L&#8217;all \u00e9s un dels amulets protectors m\u00e9s coneguts de la tradici\u00f3 popular, i la seva fama va molt m\u00e9s enll\u00e0 de la imatge popularitzada per les llegendes de vampirs.<\/p><p>Aquest bulb, amb la seva olor caracter\u00edstica, va ser considerat en nombroses cultures com una planta protectora: contra \u00e9ssers xucladors de sang, contra el mal d&#8217;ull, contra dimonis i contra tota mena de mal provinent del m\u00f3n dels esperits. Aquesta funci\u00f3 protectora est\u00e0 documentada des d&#8217;Europa fins al Pr\u00f2xim Orient i l&#8217;\u00c0sia Oriental.<\/p>\n<p>Com a part de les <a href=\"https:\/\/iwell-guard.com\/ca\/?page_id=172010\">subst\u00e0ncies i plantes protectores<\/a>, l&#8217;all pertany al grup dels remeis protectors vegetals, l&#8217;efecte dels quals la <span class=\"iwg-fachbegriff\" data-tooltip=\"La transmissi\u00f3 de coneixements i narracions al llarg de generacions.\" tabindex=\"0\">tradici\u00f3<\/span> atribueix principalment a l&#8217;olor, el picant i una for\u00e7a repulsiva inherent a la planta. Aquesta funci\u00f3 protectora folkl\u00f2rica s&#8217;ha de distingir estrictament de qualsevol afirmaci\u00f3 d&#8217;efecte m\u00e8dic: all\u00f2 que descriu la <span class=\"iwg-fachbegriff\" data-tooltip=\"La transmissi\u00f3 de coneixements i narracions al llarg de generacions.\" tabindex=\"0\">tradici\u00f3<\/span> \u00e9s la <span class=\"iwg-fachbegriff\" data-tooltip=\"Creences i costums religiosos estesos en la vida quotidiana.\" tabindex=\"0\">creen\u00e7a popular<\/span>, no un efecte curatiu demostrat.<\/p>\t\t\t\t\t\t\t\t<\/div>\n\t\t\t\t<\/div>\n\t\t\t\t<\/div>\n\t\t<div class=\"elementor-element elementor-element-iw-knoblauch-hero-img e-con-full e-flex e-con e-child\" data-id=\"iw-knoblauch-hero-img\" data-element_type=\"container\" data-e-type=\"container\">\n\t\t\t\t<div class=\"elementor-element elementor-element-iwgs-knoblauch-himg iwg-hero-image elementor-widget elementor-widget-image\" data-id=\"iwgs-knoblauch-himg\" data-element_type=\"widget\" data-e-type=\"widget\" data-widget_type=\"image.default\">\n\t\t\t\t\t\t\t\t\t\t\t\t\t\t\t<img fetchpriority=\"high\" decoding=\"async\" width=\"683\" height=\"1024\" src=\"https:\/\/iwell-guard.com\/wp-content\/uploads\/2026\/05\/schutzsymbol_mediterran_knoblauch-683x1024.png\" class=\"attachment-large size-large wp-image-173208\" alt=\"L&apos;all com a protecci\u00f3, il\u00b7lustraci\u00f3 hist\u00f2rica\" srcset=\"https:\/\/iwell-guard.com\/wp-content\/uploads\/2026\/05\/schutzsymbol_mediterran_knoblauch-683x1024.png 683w, https:\/\/iwell-guard.com\/wp-content\/uploads\/2026\/05\/schutzsymbol_mediterran_knoblauch-200x300.png 200w, https:\/\/iwell-guard.com\/wp-content\/uploads\/2026\/05\/schutzsymbol_mediterran_knoblauch-768x1152.png 768w, https:\/\/iwell-guard.com\/wp-content\/uploads\/2026\/05\/schutzsymbol_mediterran_knoblauch.png 1024w\" sizes=\"(max-width: 683px) 100vw, 683px\" \/>\t\t\t\t\t\t\t\t\t\t\t\t\t\t\t<\/div>\n\t\t\t\t<\/div>\n\t\t\t\t\t<\/div>\n\t\t\t\t<\/div>\n\t\t<div class=\"elementor-element elementor-element-iwgs-knoblauch-s0 e-flex e-con-boxed e-con e-parent\" data-id=\"iwgs-knoblauch-s0\" data-element_type=\"container\" data-e-type=\"container\">\n\t\t\t\t\t<div class=\"e-con-inner\">\n\t\t\t\t<div class=\"elementor-element elementor-element-iwgs-knoblauch-s0h elementor-widget elementor-widget-heading\" data-id=\"iwgs-knoblauch-s0h\" data-element_type=\"widget\" data-e-type=\"widget\" data-widget_type=\"heading.default\">\n\t\t\t\t\t<h2 class=\"elementor-heading-title elementor-size-default\">Resum r\u00e0pid<\/h2>\t\t\t\t<\/div>\n\t\t<div class=\"elementor-element elementor-element-iw-knoblauch-s0-bw e-con-full e-flex e-con e-child\" data-id=\"iw-knoblauch-s0-bw\" data-element_type=\"container\" data-e-type=\"container\">\n\t\t\t\t<div class=\"elementor-element elementor-element-iwgs-knoblauch-s0t elementor-widget elementor-widget-text-editor\" data-id=\"iwgs-knoblauch-s0t\" data-element_type=\"widget\" data-e-type=\"widget\" data-widget_type=\"text-editor.default\">\n\t\t\t\t\t\t\t\t\t<p>Segons la <span class=\"iwg-fachbegriff\" data-tooltip=\"La transmissi\u00f3 de coneixements i narracions al llarg de generacions.\" tabindex=\"0\">tradici\u00f3<\/span>, l&#8217;all \u00e9s un dels remeis m\u00e9s importants contra els vampirs i \u00e9ssers de tipus vamp\u00edric a l&#8217;Europa de l&#8217;Est i la Mediterr\u00e0nia. A m\u00e9s, en moltes cultures s&#8217;utilitza contra el mal d&#8217;ull, contra dimonis i contra esperits causants de malalties.<\/p><p>Les formes d&#8217;\u00fas m\u00e9s habituals s\u00f3n les trenes d&#8217;all assecades penjades a portes i finestres, els grans d&#8217;all a prop dels llits, sobretot dels infants, i el fet de fregar llindes i obertures de parets. L&#8217;efecte protector s&#8217;atribueix al picant intens i a l&#8217;olor penetrant de la planta.<\/p>\t\t\t\t\t\t\t\t<\/div>\n\t\t\t\t<\/div>\n\t\t\t\t\t<\/div>\n\t\t\t\t<\/div>\n\t\t<div class=\"elementor-element elementor-element-iwgs-knoblauch-s1 e-flex e-con-boxed e-con e-parent\" data-id=\"iwgs-knoblauch-s1\" data-element_type=\"container\" data-e-type=\"container\">\n\t\t\t\t\t<div class=\"e-con-inner\">\n\t\t\t\t<div class=\"elementor-element elementor-element-iwgs-knoblauch-s1h elementor-widget elementor-widget-heading\" data-id=\"iwgs-knoblauch-s1h\" data-element_type=\"widget\" data-e-type=\"widget\" data-widget_type=\"heading.default\">\n\t\t\t\t\t<h2 class=\"elementor-heading-title elementor-size-default\">Origen i tradici\u00f3<\/h2>\t\t\t\t<\/div>\n\t\t<div class=\"elementor-element elementor-element-iw-knoblauch-s1-bw e-con-full e-flex e-con e-child\" data-id=\"iw-knoblauch-s1-bw\" data-element_type=\"container\" data-e-type=\"container\">\n\t\t\t\t<div class=\"elementor-element elementor-element-iwgs-knoblauch-s1t elementor-widget elementor-widget-text-editor\" data-id=\"iwgs-knoblauch-s1t\" data-element_type=\"widget\" data-e-type=\"widget\" data-widget_type=\"text-editor.default\">\n\t\t\t\t\t\t\t\t\t<p>L&#8217;\u00fas protector m\u00e0gic de l&#8217;all est\u00e0 documentat en fonts escrites des de l&#8217;<span class=\"iwg-fachbegriff\" data-tooltip=\"\u00c8poca de la cultura grega i romana, aproximadament del 800 a. C. al 600 d. C.\" tabindex=\"0\">antiguitat<\/span>. Papirs egipcis i fonts de l&#8217;antiga Gr\u00e8cia fan refer\u00e8ncia al poder repulsiu de l&#8217;all contra els esperits. En la creen\u00e7a popular grega, es col\u00b7locava all a les cru\u00eflles, considerades llocs freq\u00fcentats per H\u00e8cate i el seu seguici d&#8217;esperits, per mantenir-los allunyats.<\/p>\n<p>A Europa, la relaci\u00f3 entre l&#8217;all i la protecci\u00f3 contra els vampirs est\u00e0 documentada des de l&#8217;edat mitjana, tot i que la seva forma m\u00e9s coneguda est\u00e0 fortament marcada per la tradici\u00f3 balc\u00e0nica dels segles XVII al XIX.<\/p><p><span data-nosnippet>Informes austr\u00edacs i serbis d&#8217;aquesta \u00e8poca, recollits en fonts vampirol\u00f2giques com el cas d&#8217;Arnaud Paole (1726), descriuen l&#8217;all com un dels remeis habituals davant la sospita de vampirisme: a la boca del sospit\u00f3s, damunt els llindars de la casa afectada, dins la tomba.<\/span><\/p>\n<p>Alhora, existeix una tradici\u00f3 de l&#8217;all com a protecci\u00f3 contra el mal d&#8217;ull independent de la tradici\u00f3 vamp\u00edrica.<\/p><p>Aquesta \u00e9s especialment forta a la Mediterr\u00e0nia: a Gr\u00e8cia, el sud d&#8217;It\u00e0lia, Turquia i el Pr\u00f2xim Orient, portar un tros d&#8217;all o penjar trenes d&#8217;all es considera una protecci\u00f3 contra el Nazar, el mal d&#8217;ull. Juntament amb la <a href=\"https:\/\/iwell-guard.com\/ca\/?page_id=172027\">sal<\/a> i els amulets blaus en forma d&#8217;ull, l&#8217;all forma en aquesta regi\u00f3 un conjunt cl\u00e0ssic de remeis protectors.<\/p>\t\t\t\t\t\t\t\t<\/div>\n\t\t\t\t<\/div>\n\t\t\t\t\t<\/div>\n\t\t\t\t<\/div>\n\t\t<div class=\"elementor-element elementor-element-iwgs-knoblauch-s2 e-flex e-con-boxed e-con e-parent\" data-id=\"iwgs-knoblauch-s2\" data-element_type=\"container\" data-e-type=\"container\">\n\t\t\t\t\t<div class=\"e-con-inner\">\n\t\t\t\t<div class=\"elementor-element elementor-element-iwgs-knoblauch-s2h elementor-widget elementor-widget-heading\" data-id=\"iwgs-knoblauch-s2h\" data-element_type=\"widget\" data-e-type=\"widget\" data-widget_type=\"heading.default\">\n\t\t\t\t\t<h2 class=\"elementor-heading-title elementor-size-default\">Principi d'acci\u00f3 segons la tradici\u00f3<\/h2>\t\t\t\t<\/div>\n\t\t<div class=\"elementor-element elementor-element-iw-knoblauch-s2-bw e-con-full e-flex e-con e-child\" data-id=\"iw-knoblauch-s2-bw\" data-element_type=\"container\" data-e-type=\"container\">\n\t\t\t\t<div class=\"elementor-element elementor-element-iwgs-knoblauch-s2t elementor-widget elementor-widget-text-editor\" data-id=\"iwgs-knoblauch-s2t\" data-element_type=\"widget\" data-e-type=\"widget\" data-widget_type=\"text-editor.default\">\n\t\t\t\t\t\t\t\t\t<p>La <span class=\"iwg-fachbegriff\" data-tooltip=\"La transmissi\u00f3 de coneixements i narracions al llarg de generacions.\" tabindex=\"0\">tradici\u00f3<\/span> atribueix l&#8217;efecte protector de l&#8217;all a diverses propietats.<\/p>\n<p>L&#8217;olor penetrant \u00e9s l&#8217;explicaci\u00f3 m\u00e9s esmentada. Els \u00e9ssers que, segons la creen\u00e7a popular, estan lligats a determinades qualitats de l&#8217;aire, la foscor, el silenci, el fred, no podrien suportar, segons aquesta l\u00f2gica, la intensa pres\u00e8ncia sensorial de l&#8217;all.<\/p><p>L&#8217;olor com a marcador de l\u00edmit \u00e9s molt present en la tradici\u00f3 popular: el que fa una olor forta pot mantenir allunyat all\u00f2 invisible.<\/p>\n<p>En les cultures europees d&#8217;arrel cristiana existeix a m\u00e9s una interpretaci\u00f3 simb\u00f2lica: el bulb, que es forma sota terra i en ser arrencat passa a un nou element, es considera una planta llindar, un mitjancer entre l&#8217;esfera subterr\u00e0nia i la terrenal. Aquesta propietat la converteix, segons la l\u00f2gica popular, en un remei adequat contra \u00e9ssers que utilitzen el mateix llindar.<\/p>\n<p>La <span class=\"iwg-fachbegriff\" data-tooltip=\"La transmissi\u00f3 de coneixements i narracions al llarg de generacions.\" tabindex=\"0\">tradici\u00f3<\/span> esmenta tamb\u00e9 la intensa vitalitat de la planta com a explicaci\u00f3: l&#8217;all creix en condicions on altres plantes fallen, els seus bulbs sobreviuen a la sequera i al fred. Aquesta for\u00e7a vital es transmet, segons la creen\u00e7a popular, a la seva funci\u00f3 protectora.<\/p>\t\t\t\t\t\t\t\t<\/div>\n\t\t\t\t<\/div>\n\t\t\t\t\t<\/div>\n\t\t\t\t<\/div>\n\t\t<div class=\"elementor-element elementor-element-iwgs-knoblauch-s3 e-flex e-con-boxed e-con e-parent\" data-id=\"iwgs-knoblauch-s3\" data-element_type=\"container\" data-e-type=\"container\">\n\t\t\t\t\t<div class=\"e-con-inner\">\n\t\t\t\t<div class=\"elementor-element elementor-element-iwgs-knoblauch-s3h elementor-widget elementor-widget-heading\" data-id=\"iwgs-knoblauch-s3h\" data-element_type=\"widget\" data-e-type=\"widget\" data-widget_type=\"heading.default\">\n\t\t\t\t\t<h2 class=\"elementor-heading-title elementor-size-default\">Difusi\u00f3 transcultural<\/h2>\t\t\t\t<\/div>\n\t\t<div class=\"elementor-element elementor-element-iw-knoblauch-s3-bw e-con-full e-flex e-con e-child\" data-id=\"iw-knoblauch-s3-bw\" data-element_type=\"container\" data-e-type=\"container\">\n\t\t\t\t<div class=\"elementor-element elementor-element-iwgs-knoblauch-s3t elementor-widget elementor-widget-text-editor\" data-id=\"iwgs-knoblauch-s3t\" data-element_type=\"widget\" data-e-type=\"widget\" data-widget_type=\"text-editor.default\">\n\t\t\t\t\t\t\t\t\t<p>L&#8217;\u00fas de l&#8217;all com a remei protector est\u00e0 documentat en diversos continents, encara que amb \u00e8mfasis diferents.<\/p>\n<p>A <strong>l&#8217;Europa de l&#8217;Est<\/strong> \u00e9s on la relaci\u00f3 amb la protecci\u00f3 contra vampirs \u00e9s m\u00e9s forta. De S\u00e8rbia a Romania, Ucra\u00efna i Bulg\u00e0ria fins a Pol\u00f2nia, l&#8217;all forma part de l&#8217;equipament est\u00e0ndard de protecci\u00f3 contra vampirs i \u00e9ssers de tipus vamp\u00edric. L&#8217;\u00fas de l&#8217;all en l&#8217;alimentaci\u00f3, a les portes i als llits apareix de manera constant en informes etnogr\u00e0fics dels segles XIX i inicis del XX.<\/p>\n<p>A la <strong>Mediterr\u00e0nia<\/strong>, predomina la funci\u00f3 protectora contra el mal d&#8217;ull. Les trenes d&#8217;all penjades a les portes de les cases, els trossos d&#8217;all a prop dels llits dels infants i portar petits trossos d&#8217;all s\u00f3n pr\u00e0ctiques esteses a Gr\u00e8cia, el sud d&#8217;It\u00e0lia, Espanya i el Llevant.<\/p>\n<p>Al <strong>Pr\u00f2xim Orient<\/strong>, algunes tradicions populars isl\u00e0miques descriuen l&#8217;all com un remei protector contra els Djinn i altres esperits nocius.<\/p>\n<p>A l&#8217;<strong>\u00c0sia Oriental<\/strong>, la tradici\u00f3 popular japonesa utilitza l&#8217;all de manera limitada com a protecci\u00f3 contra dimonis i esperits malignes; s&#8217;observen usos similars en algunes cultures regionals xineses.<\/p>\n<p>En la tradici\u00f3 popular <strong>\u00edndia<\/strong>, l&#8217;all s&#8217;esmenta ocasionalment en rituals de protecci\u00f3 contra dimonis i influ\u00e8ncies malignes, encara que hi t\u00e9 un paper menys central que en les tradicions europees.<\/p>\t\t\t\t\t\t\t\t<\/div>\n\t\t\t\t<\/div>\n\t\t\t\t\t<\/div>\n\t\t\t\t<\/div>\n\t\t<div class=\"elementor-element elementor-element-iwgs-knoblauch-s4 e-flex e-con-boxed e-con e-parent\" data-id=\"iwgs-knoblauch-s4\" data-element_type=\"container\" data-e-type=\"container\">\n\t\t\t\t\t<div class=\"e-con-inner\">\n\t\t\t\t<div class=\"elementor-element elementor-element-iwgs-knoblauch-s4h elementor-widget elementor-widget-heading\" data-id=\"iwgs-knoblauch-s4h\" data-element_type=\"widget\" data-e-type=\"widget\" data-widget_type=\"heading.default\">\n\t\t\t\t\t<h2 class=\"elementor-heading-title elementor-size-default\">Contra qu\u00e8 s'utilitza<\/h2>\t\t\t\t<\/div>\n\t\t<div class=\"elementor-element elementor-element-iw-knoblauch-s4-bw e-con-full e-flex e-con e-child\" data-id=\"iw-knoblauch-s4-bw\" data-element_type=\"container\" data-e-type=\"container\">\n\t\t\t\t<div class=\"elementor-element elementor-element-iwgs-knoblauch-s4t elementor-widget elementor-widget-text-editor\" data-id=\"iwgs-knoblauch-s4t\" data-element_type=\"widget\" data-e-type=\"widget\" data-widget_type=\"text-editor.default\">\n\t\t\t\t\t\t\t\t\t<p>Segons la tradici\u00f3, l&#8217;all s&#8217;ha emprat principalment contra els seg\u00fcents tipus d&#8217;\u00e9ssers i formes d&#8217;influ\u00e8ncia:<\/p>\n<p>Contra <strong>vampirs i xucladors de sang<\/strong>: aquest \u00e9s l&#8217;\u00e0mbit m\u00e9s conegut popularment. En la <span class=\"iwg-fachbegriff\" data-tooltip=\"La transmissi\u00f3 de coneixements i relats al llarg de generacions.\" tabindex=\"0\">tradici\u00f3<\/span> de l&#8217;Europa de l&#8217;Est, l&#8217;all forma part del conjunt b\u00e0sic de defensa contra els vampirs. Es diu que els strigoi, vrykolakas, upyr i \u00e9ssers similars no poden suportar l&#8217;all.<\/p>\n<p>Contra <strong>el mal d&#8217;ull<\/strong>: a la Mediterr\u00e0nia i al Pr\u00f2xim Orient, l&#8217;all es considera un remei efica\u00e7 contra l&#8217;efecte del mal d&#8217;ull, que en aquestes cultures es tenia per una for\u00e7a nociva real.<\/p>\n<p>Contra <strong>dimonis i esperits nocius<\/strong>: en diverses cultures s&#8217;utilitza l&#8217;all per purificar espais de pres\u00e8ncia demon\u00edaca o per impedir l&#8217;entrada de dimonis.<\/p>\n<p>Contra <strong>esperits causants de malaltia<\/strong>: en algunes tradicions populars, on la malaltia es considera causada per esperits, l&#8217;all serveix com a protecci\u00f3 contra la seva intrusi\u00f3.<\/p>\t\t\t\t\t\t\t\t<\/div>\n\t\t\t\t<\/div>\n\t\t\t\t\t<\/div>\n\t\t\t\t<\/div>\n\t\t<div class=\"elementor-element elementor-element-iwgs-knoblauch-s5 e-flex e-con-boxed e-con e-parent\" data-id=\"iwgs-knoblauch-s5\" data-element_type=\"container\" data-e-type=\"container\">\n\t\t\t\t\t<div class=\"e-con-inner\">\n\t\t\t\t<div class=\"elementor-element elementor-element-iwgs-knoblauch-s5h elementor-widget elementor-widget-heading\" data-id=\"iwgs-knoblauch-s5h\" data-element_type=\"widget\" data-e-type=\"widget\" data-widget_type=\"heading.default\">\n\t\t\t\t\t<h2 class=\"elementor-heading-title elementor-size-default\">Aplicaci\u00f3 i l\u00edmits<\/h2>\t\t\t\t<\/div>\n\t\t<div class=\"elementor-element elementor-element-iw-knoblauch-s5-bw e-con-full e-flex e-con e-child\" data-id=\"iw-knoblauch-s5-bw\" data-element_type=\"container\" data-e-type=\"container\">\n\t\t\t\t<div class=\"elementor-element elementor-element-iwgs-knoblauch-s5t elementor-widget elementor-widget-text-editor\" data-id=\"iwgs-knoblauch-s5t\" data-element_type=\"widget\" data-e-type=\"widget\" data-widget_type=\"text-editor.default\">\n\t\t\t\t\t\t\t\t\t<p>Les trenes d&#8217;all assecat penjades sobre portes i finestres s\u00f3n la forma m\u00e9s estesa. Es col\u00b7loquen grans individuals en escletxes, marcs de portes o sota llindes. En algunes tradicions de l&#8217;Europa de l&#8217;Est, l&#8217;all es cus a la roba o es porta en una bosseta protectora. En anar a dormir, es posen grans sota el coix\u00ed o dins la funda.<\/p>\n<p>Algunes tradicions exigeixen all fresc perqu\u00e8 faci efecte protector; l&#8217;all assecat o conservat en vinagre es considera, en certes tradicions, menys efica\u00e7. Altres fonts no hi veuen cap difer\u00e8ncia.<\/p>\n<p>Important: la tradici\u00f3 folkl\u00f2rica de protecci\u00f3 de l&#8217;all es refereix exclusivament a la defensa contra \u00e9ssers espirituals i influ\u00e8ncies sobrenaturals, tal com les descriu la <span class=\"iwg-fachbegriff\" data-tooltip=\"La transmissi\u00f3 de coneixements i relats al llarg de generacions.\" tabindex=\"0\">tradici\u00f3<\/span>. No s&#8217;hi associa cap afirmaci\u00f3 d&#8217;efecte m\u00e8dic.<\/p>\t\t\t\t\t\t\t\t<\/div>\n\t\t\t\t<\/div>\n\t\t\t\t\t<\/div>\n\t\t\t\t<\/div>\n\t\t<div class=\"elementor-element elementor-element-iwgs-knoblauch-lit e-flex e-con-boxed e-con e-parent\" data-id=\"iwgs-knoblauch-lit\" data-element_type=\"container\" data-e-type=\"container\">\n\t\t\t\t\t<div class=\"e-con-inner\">\n\t\t\t\t<div class=\"elementor-element elementor-element-iwgs-knoblauch-lith elementor-widget elementor-widget-heading\" data-id=\"iwgs-knoblauch-lith\" data-element_type=\"widget\" data-e-type=\"widget\" data-widget_type=\"heading.default\">\n\t\t\t\t\t<h2 class=\"elementor-heading-title elementor-size-default\">Bibliografia (selecci\u00f3)<\/h2>\t\t\t\t<\/div>\n\t\t<div class=\"elementor-element elementor-element-iw-knoblauch-lit-bw e-con-full e-flex e-con e-child\" data-id=\"iw-knoblauch-lit-bw\" data-element_type=\"container\" data-e-type=\"container\">\n\t\t\t\t<div class=\"elementor-element elementor-element-iwgs-knoblauch-litt elementor-widget elementor-widget-html\" data-id=\"iwgs-knoblauch-litt\" data-element_type=\"widget\" data-e-type=\"widget\" data-widget_type=\"html.default\">\n\t\t\t\t\t<footer data-nosnippet=\"true\"><ul><li>Handw\u00f6rterbuch des deutschen Aberglaubens. Hrsg. von Hanns B\u00e4chtold-St\u00e4ubli und Eduard Hoffmann-Krayer. Berlin \/ Leipzig 1927-1942. Artikel \"Knoblauch\".<\/li><li>Paul Barber: Vampires, Burial, and Death. Yale University Press, 1988.<\/li><li>Alan Dundes (Hrsg.): The Evil Eye: A Casebook. University of Wisconsin Press, 1992.<\/li><li>Montague Summers: The Vampire in Europe. London 1929.<\/li><li>Leander Petzoldt: Kleines Lexikon der D\u00e4monen und Elementargeister. M\u00fcnchen 1990.<\/li><\/ul><\/footer>\t\t\t\t<\/div>\n\t\t\t\t<\/div>\n\t\t\t\t\t<\/div>\n\t\t\t\t<\/div>\n\t\t<div class=\"elementor-element elementor-element-iwgs-knoblauch-kwd e-flex e-con-boxed e-con e-parent\" data-id=\"iwgs-knoblauch-kwd\" data-element_type=\"container\" data-e-type=\"container\">\n\t\t\t\t\t<div class=\"e-con-inner\">\n\t\t<div class=\"elementor-element elementor-element-iw-knoblauch-kwd-bw e-con-full e-flex e-con e-child\" data-id=\"iw-knoblauch-kwd-bw\" data-element_type=\"container\" data-e-type=\"container\">\n\t\t\t\t<div class=\"elementor-element elementor-element-iwgs-knoblauch-kwdt elementor-widget elementor-widget-text-editor\" data-id=\"iwgs-knoblauch-kwdt\" data-element_type=\"widget\" data-e-type=\"widget\" data-widget_type=\"text-editor.default\">\n\t\t\t\t\t\t\t\t\t<p><em>Termes clau relacionats: all protecci\u00f3 vampir mal d&#8217;ull.<\/em><\/p>\t\t\t\t\t\t\t\t<\/div>\n\t\t\t\t<\/div>\n\t\t\t\t\t<\/div>\n\t\t\t\t<\/div>\n\t\t<div class=\"elementor-element elementor-element-iwgs-knoblauch-cc e-flex e-con-boxed e-con e-parent\" data-id=\"iwgs-knoblauch-cc\" data-element_type=\"container\" data-e-type=\"container\" id=\"iwg-cc-knoblauch\">\n\t\t\t\t\t<div class=\"e-con-inner\">\n\t\t<div class=\"elementor-element elementor-element-iwgs-knoblauch-ccinner e-flex e-con-boxed e-con e-parent\" data-id=\"iwgs-knoblauch-ccinner\" data-element_type=\"container\" data-e-type=\"container\" data-settings=\"{&quot;background_background&quot;:&quot;classic&quot;}\">\n\t\t\t\t\t<div class=\"e-con-inner\">\n\t\t\t\t<div class=\"elementor-element elementor-element-iwgs-knoblauch-cch elementor-widget elementor-widget-heading\" data-id=\"iwgs-knoblauch-cch\" data-element_type=\"widget\" data-e-type=\"widget\" data-widget_type=\"heading.default\">\n\t\t\t\t\t<h2 class=\"elementor-heading-title elementor-size-default\">iWell Guard i tradicions de protecci\u00f3<\/h2>\t\t\t\t<\/div>\n\t\t\t\t<div class=\"elementor-element elementor-element-iwgs-knoblauch-cct elementor-widget elementor-widget-text-editor\" data-id=\"iwgs-knoblauch-cct\" data-element_type=\"widget\" data-e-type=\"widget\" data-widget_type=\"text-editor.default\">\n\t\t\t\t\t\t\t\t\t<p>L&#8217;all mostra com una planta comuna es va entendre, en moltes cultures i de manera simult\u00e0nia i independent, com a portadora de protecci\u00f3. Aquesta creen\u00e7a recurrent, que certes subst\u00e0ncies naturals contenen en si una for\u00e7a protectora, constitueix el rerefons del concepte de l&#8217;<a href=\"https:\/\/iwell-guard.com\/ca\/penjoll-protector-iwell-guard-comprar\/\">iWell Guard<\/a>, que com a objecte protector port\u00e0til uneix diversos fils de tradicions del pensament protector hum\u00e0.<\/p>\t\t\t\t\t\t\t\t<\/div>\n\t\t\t\t<div class=\"elementor-element elementor-element-iwgs-knoblauch-ccb iwg-cc-button iwg-cc-cta-2026-05-13 elementor-widget elementor-widget-jet-button\" data-id=\"iwgs-knoblauch-ccb\" data-element_type=\"widget\" data-e-type=\"widget\" data-widget_type=\"jet-button.default\">\n\t\t\t\t<div class=\"elementor-widget-container\">\n\t\t\t\t\t<div class=\"elementor-jet-button jet-elements\"><div class=\"jet-button__container\"><a class=\"jet-button__instance jet-button__instance--icon-left hover-effect-1\" href=\"\/schutzanhaenger-iwell-guard-kaufen\/?utm_source=iwell-guard.com&amp;utm_medium=info-box&amp;utm_campaign=schutzsymbole\"><div class=\"jet-button__plane jet-button__plane-normal\"><\/div><div class=\"jet-button__plane jet-button__plane-hover\"><\/div><div class=\"jet-button__state jet-button__state-normal\"><span class=\"jet-button__label\">M\u00e9s informaci\u00f3 sobre l'iWell Guard<\/span><\/div><div class=\"jet-button__state jet-button__state-hover\"><span class=\"jet-button__label\">M\u00e9s informaci\u00f3 sobre l'iWell Guard<\/span><\/div><\/a><\/div><\/div><style>.elementor-element.elementor-element-iwgs-knoblauch-ccb .jet-button__instance{width:320px;height:56px;}.elementor-element.elementor-element-iwgs-knoblauch-ccb .jet-button__state-normal .jet-button__label{text-align:center;margin:0px 0px 0px 0px;color:#1a1b20;font-family:Montserrat,sans-serif;font-size:13px;font-weight:400;letter-spacing:4px;line-height:1.714em;text-transform:uppercase;}.elementor-element.elementor-element-iwgs-knoblauch-ccb .jet-button__state-hover .jet-button__label{text-align:center;margin:0px 0px 0px 0px;color:#FECC76;font-family:Montserrat,sans-serif;font-size:13px;font-weight:400;letter-spacing:4px;line-height:1.714em;text-transform:uppercase;}.elementor-element.elementor-element-iwgs-knoblauch-ccb .jet-button__plane-normal{background-color:#FECC76;border-style:solid;border-color:#C99540;border-width:2px 2px 2px 2px;}.elementor-element.elementor-element-iwgs-knoblauch-ccb .jet-button__plane-hover{background-color:rgba(0,0,0,0.55);border-style:solid;border-color:#FECC76;border-width:2px 2px 2px 2px;}<\/style>\t\t\t\t<\/div>\n\t\t\t\t<\/div>\n\t\t\t\t<div class=\"elementor-element elementor-element-iwgs-knoblauch-ccd elementor-widget elementor-widget-text-editor\" data-id=\"iwgs-knoblauch-ccd\" data-element_type=\"widget\" data-e-type=\"widget\" data-widget_type=\"text-editor.default\">\n\t\t\t\t\t\t\t\t\t<p style=\"text-align:center;font-size:13px;opacity:0.7;margin-top:14px\" data-nosnippet=\"true\">Les experi\u00e8ncies personals poden variar. No \u00e9s un producte sanitari. No es garanteix cap curaci\u00f3.<\/p>\t\t\t\t\t\t\t\t<\/div>\n\t\t\t\t\t<\/div>\n\t\t\t\t<\/div>\n\t\t\t\t\t<\/div>\n\t\t\t\t<\/div>\n\t\t<div class=\"elementor-element elementor-element-iwgs-knoblauch-disc e-flex e-con-boxed e-con e-parent\" data-id=\"iwgs-knoblauch-disc\" data-element_type=\"container\" data-e-type=\"container\">\n\t\t\t\t\t<div class=\"e-con-inner\">\n\t\t<div class=\"elementor-element elementor-element-iw-knoblauch-disc-bw e-con-full e-flex e-con e-child\" data-id=\"iw-knoblauch-disc-bw\" data-element_type=\"container\" data-e-type=\"container\">\n\t\t\t\t<div class=\"elementor-element elementor-element-iwgs-knoblauch-discw elementor-widget elementor-widget-html\" data-id=\"iwgs-knoblauch-discw\" data-element_type=\"widget\" data-e-type=\"widget\" data-widget_type=\"html.default\">\n\t\t\t\t\t<footer data-nosnippet=\"true\" class=\"iwg-disclaimer-block\"><p data-nosnippet=\"true\">iWell Guard <strong>no \u00e9s un producte sanitari<\/strong> i no substitueix cap tractament m\u00e8dic o psicoterap\u00e8utic. Els continguts presentats aqu\u00ed s\u00f3n una contextualitzaci\u00f3 des de la ci\u00e8ncia de les religions i la hist\u00f2ria cultural, no una promesa d'efecte espiritual.<\/p><\/footer>\t\t\t\t<\/div>\n\t\t\t\t<\/div>\n\t\t\t\t\t<\/div>\n\t\t\t\t<\/div>\n\t\t\t\t<\/div>\n\t\t","protected":false},"excerpt":{"rendered":"","protected":false},"author":3,"featured_media":4112,"parent":0,"menu_order":0,"comment_status":"closed","ping_status":"closed","template":"elementor_header_footer","meta":{"_yoast_wpseo_focuskw":"protecci\u00f3 all","_yoast_wpseo_title":"L'all com a protecci\u00f3 contra influ\u00e8ncies malignes","_yoast_wpseo_metadesc":"Segons la tradici\u00f3, l'all protegeix contra vampirs, mal d'ull i dimonis. Origen, principi d'acci\u00f3 i difusi\u00f3 a trav\u00e9s de les cultures.","_yoast_wpseo_meta-robots-noindex":"","_yoast_wpseo_canonical":"","_angie_page":false,"gefaehrdungsstufe":"","wesen_kultur":"","wesen_klasse":"","footnotes":""},"categories":[],"class_list":["post-172021","page","type-page","status-publish","has-post-thumbnail","hentry"],"yoast_head":"<!-- This site is optimized with the Yoast SEO Premium plugin v27.7 (Yoast SEO v28.3) - https:\/\/yoast.com\/product\/yoast-seo-premium-wordpress\/ -->\n<title>L&#039;all com a protecci\u00f3 contra influ\u00e8ncies malignes<\/title>\n<meta name=\"description\" content=\"Segons la tradici\u00f3, l&#039;all protegeix contra vampirs, mal d&#039;ull i dimonis. Origen, principi d&#039;acci\u00f3 i difusi\u00f3 a trav\u00e9s de les cultures.\" \/>\n<meta name=\"robots\" content=\"index, follow, max-snippet:-1, max-image-preview:large, max-video-preview:-1\" \/>\n<link rel=\"canonical\" href=\"https:\/\/iwell-guard.com\/ca\/all-com-a-proteccio\/\" \/>\n<meta property=\"og:locale\" content=\"ca_ES\" \/>\n<meta property=\"og:type\" content=\"article\" \/>\n<meta property=\"og:title\" content=\"L&#039;all com a protecci\u00f3\" \/>\n<meta property=\"og:description\" content=\"Segons la tradici\u00f3, l&#039;all protegeix contra vampirs, mal d&#039;ull i dimonis. Origen, principi d&#039;acci\u00f3 i difusi\u00f3 a trav\u00e9s de les cultures.\" \/>\n<meta property=\"og:url\" content=\"https:\/\/iwell-guard.com\/ca\/all-com-a-proteccio\/\" \/>\n<meta property=\"og:site_name\" content=\"iWell Guard\" \/>\n<meta property=\"article:modified_time\" content=\"2026-09-05T16:13:16+00:00\" \/>\n<meta property=\"og:image\" content=\"https:\/\/iwell-guard.com\/wp-content\/uploads\/2026\/05\/schutzsymbol_mediterran_knoblauch.png\" \/>\n\t<meta property=\"og:image:width\" content=\"1024\" \/>\n\t<meta property=\"og:image:height\" content=\"1536\" \/>\n\t<meta property=\"og:image:type\" content=\"image\/png\" \/>\n<meta name=\"twitter:card\" content=\"summary_large_image\" \/>\n<script type=\"application\/ld+json\" class=\"yoast-schema-graph\">{\"@context\":\"https:\\\/\\\/schema.org\",\"@graph\":[{\"@type\":\"WebPage\",\"@id\":\"https:\\\/\\\/iwell-guard.com\\\/ca\\\/all-com-a-proteccio\\\/\",\"url\":\"https:\\\/\\\/iwell-guard.com\\\/ca\\\/all-com-a-proteccio\\\/\",\"name\":\"L'all com a protecci\u00f3 contra influ\u00e8ncies malignes\",\"isPartOf\":{\"@id\":\"https:\\\/\\\/iwell-guard.com\\\/ca\\\/#website\"},\"primaryImageOfPage\":{\"@id\":\"https:\\\/\\\/iwell-guard.com\\\/ca\\\/all-com-a-proteccio\\\/#primaryimage\"},\"image\":{\"@id\":\"https:\\\/\\\/iwell-guard.com\\\/ca\\\/all-com-a-proteccio\\\/#primaryimage\"},\"thumbnailUrl\":\"https:\\\/\\\/iwell-guard.com\\\/wp-content\\\/uploads\\\/2026\\\/05\\\/schutzsymbol_mediterran_knoblauch.png\",\"datePublished\":\"2026-09-05T15:44:24+00:00\",\"dateModified\":\"2026-09-05T16:13:16+00:00\",\"description\":\"Segons la tradici\u00f3, l'all protegeix contra vampirs, mal d'ull i dimonis. Origen, principi d'acci\u00f3 i difusi\u00f3 a trav\u00e9s de les cultures.\",\"breadcrumb\":{\"@id\":\"https:\\\/\\\/iwell-guard.com\\\/ca\\\/all-com-a-proteccio\\\/#breadcrumb\"},\"inLanguage\":\"ca\",\"potentialAction\":[{\"@type\":\"ReadAction\",\"target\":[\"https:\\\/\\\/iwell-guard.com\\\/ca\\\/all-com-a-proteccio\\\/\"]}]},{\"@type\":\"ImageObject\",\"inLanguage\":\"ca\",\"@id\":\"https:\\\/\\\/iwell-guard.com\\\/ca\\\/all-com-a-proteccio\\\/#primaryimage\",\"url\":\"https:\\\/\\\/iwell-guard.com\\\/wp-content\\\/uploads\\\/2026\\\/05\\\/schutzsymbol_mediterran_knoblauch.png\",\"contentUrl\":\"https:\\\/\\\/iwell-guard.com\\\/wp-content\\\/uploads\\\/2026\\\/05\\\/schutzsymbol_mediterran_knoblauch.png\",\"width\":1024,\"height\":1536,\"caption\":\"L'all com a protecci\u00f3, il\u00b7lustraci\u00f3 hist\u00f2rica\"},{\"@type\":\"BreadcrumbList\",\"@id\":\"https:\\\/\\\/iwell-guard.com\\\/ca\\\/all-com-a-proteccio\\\/#breadcrumb\",\"itemListElement\":[{\"@type\":\"ListItem\",\"position\":1,\"name\":\"Start\",\"item\":\"https:\\\/\\\/iwell-guard.com\\\/ca\\\/?page_id=171333\"},{\"@type\":\"ListItem\",\"position\":2,\"name\":\"L&#8217;all com a protecci\u00f3\"}]},{\"@type\":\"WebSite\",\"@id\":\"https:\\\/\\\/iwell-guard.com\\\/ca\\\/#website\",\"url\":\"https:\\\/\\\/iwell-guard.com\\\/ca\\\/\",\"name\":\"iWell Guard\",\"description\":\"Schutz vor dunklen Einfl\u00fcssen\",\"publisher\":{\"@id\":\"https:\\\/\\\/iwell-guard.com\\\/ca\\\/#organization\"},\"potentialAction\":[{\"@type\":\"SearchAction\",\"target\":{\"@type\":\"EntryPoint\",\"urlTemplate\":\"https:\\\/\\\/iwell-guard.com\\\/ca\\\/?s={search_term_string}\"},\"query-input\":{\"@type\":\"PropertyValueSpecification\",\"valueRequired\":true,\"valueName\":\"search_term_string\"}}],\"inLanguage\":\"ca\"},{\"@type\":\"Organization\",\"@id\":\"https:\\\/\\\/iwell-guard.com\\\/ca\\\/#organization\",\"name\":\"Ittermann electronic GmbH\",\"url\":\"https:\\\/\\\/iwell-guard.com\\\/ca\\\/\",\"logo\":{\"@type\":\"ImageObject\",\"inLanguage\":\"ca\",\"@id\":\"https:\\\/\\\/iwell-guard.com\\\/ca\\\/#\\\/schema\\\/logo\\\/image\\\/\",\"url\":\"https:\\\/\\\/iwell-guard.com\\\/wp-content\\\/uploads\\\/2026\\\/05\\\/Ittermann-Logo-1182x237-1.png\",\"contentUrl\":\"https:\\\/\\\/iwell-guard.com\\\/wp-content\\\/uploads\\\/2026\\\/05\\\/Ittermann-Logo-1182x237-1.png\",\"width\":1182,\"height\":237,\"caption\":\"Ittermann electronic GmbH\"},\"image\":{\"@id\":\"https:\\\/\\\/iwell-guard.com\\\/ca\\\/#\\\/schema\\\/logo\\\/image\\\/\"},\"sameAs\":[\"https:\\\/\\\/pantip.com\\\/profile\\\/9367242\",\"https:\\\/\\\/micro.blog\\\/iwellguard\",\"https:\\\/\\\/www.diggerslist.com\\\/iwellguard\\\/about\",\"https:\\\/\\\/skitterphoto.com\\\/photographers\\\/2870314\\\/iwell-guard\",\"https:\\\/\\\/iwellguard.wordpress.com\\\/2026\\\/06\\\/06\\\/iwell-guard\\\/\",\"https:\\\/\\\/hub.docker.com\\\/u\\\/iwellguard\",\"https:\\\/\\\/www.pinterest.com\\\/iwellguard\\\/\",\"https:\\\/\\\/bit.ly\\\/m\\\/iwellguard\",\"https:\\\/\\\/entre-vos-mains.alsace.eu\\\/profiles\\\/iwellguard\\\/activity\",\"https:\\\/\\\/gravatar.com\\\/reallybeded8fd34\",\"https:\\\/\\\/naijamatta.com\\\/iwellguard\",\"https:\\\/\\\/www.goodreads.com\\\/iwellguard\",\"https:\\\/\\\/profile.hatena.ne.jp\\\/iwellguard\\\/\",\"https:\\\/\\\/experiment.com\\\/users\\\/iwellguard\",\"https:\\\/\\\/wakelet.com\\\/@iWellGuard82270\",\"https:\\\/\\\/www.chordie.com\\\/forum\\\/profile.php?id=2555664\",\"https:\\\/\\\/www.instapaper.com\\\/p\\\/17757966\",\"https:\\\/\\\/www.mapleprimes.com\\\/users\\\/iwellguard\",\"https:\\\/\\\/businesslistingplus.com\\\/profile\\\/iwell-guard\\\/\",\"https:\\\/\\\/telegra.ph\\\/iWell-Guard-06-06\",\"https:\\\/\\\/pbase.com\\\/iwellguard\\\/iwellguard\",\"https:\\\/\\\/b.hatena.ne.jp\\\/iwellguard\\\/20260607#bookmark-4788405196491818882\",\"https:\\\/\\\/fliphtml5.com\\\/home\\\/iwellguard\",\"https:\\\/\\\/anyflip.com\\\/homepage\\\/cmiwl#About\",\"https:\\\/\\\/transfur.com\\\/Users\\\/iwellguard\",\"http:\\\/\\\/delphi.larsbo.org\\\/user\\\/iwellguard\",\"https:\\\/\\\/jobs.lajobsportal.org\\\/profiles\\\/8380803-iwell-guard\",\"https:\\\/\\\/md.chaosdorf.de\\\/s\\\/jfbe5SBdJD\",\"https:\\\/\\\/www.lingvolive.com\\\/en-us\\\/profile\\\/9ecaeaca-ce11-4e51-9e71-01d55e2bff36\\\/translations\",\"https:\\\/\\\/www.fitday.com\\\/fitness\\\/forums\\\/members\\\/iwellguard.html\",\"https:\\\/\\\/www.mymeetbook.com\\\/iwellguard\",\"https:\\\/\\\/pxhere.com\\\/en\\\/photographer-me\\\/5040798\",\"https:\\\/\\\/disqus.com\\\/by\\\/iwellguard\\\/about\\\/\",\"https:\\\/\\\/pastelink.net\\\/hjwciqwq\",\"https:\\\/\\\/pubhtml5.com\\\/homepage\\\/scjhn\\\/\",\"https:\\\/\\\/www.bitchute.com\\\/channel\\\/2O2eOKzNqujT\",\"https:\\\/\\\/audiomack.com\\\/iwellguard\"]}]}<\/script>\n<!-- \/ Yoast SEO Premium plugin. -->","yoast_head_json":{"title":"L'all com a protecci\u00f3 contra influ\u00e8ncies malignes","description":"Segons la tradici\u00f3, l'all protegeix contra vampirs, mal d'ull i dimonis. Origen, principi d'acci\u00f3 i difusi\u00f3 a trav\u00e9s de les cultures.","robots":{"index":"index","follow":"follow","max-snippet":"max-snippet:-1","max-image-preview":"max-image-preview:large","max-video-preview":"max-video-preview:-1"},"canonical":"https:\/\/iwell-guard.com\/ca\/all-com-a-proteccio\/","og_locale":"ca_ES","og_type":"article","og_title":"L'all com a protecci\u00f3","og_description":"Segons la tradici\u00f3, l'all protegeix contra vampirs, mal d'ull i dimonis. Origen, principi d'acci\u00f3 i difusi\u00f3 a trav\u00e9s de les cultures.","og_url":"https:\/\/iwell-guard.com\/ca\/all-com-a-proteccio\/","og_site_name":"iWell Guard","article_modified_time":"2026-09-05T16:13:16+00:00","og_image":[{"width":1024,"height":1536,"url":"https:\/\/iwell-guard.com\/wp-content\/uploads\/2026\/05\/schutzsymbol_mediterran_knoblauch.png","type":"image\/png"}],"twitter_card":"summary_large_image","schema":{"@context":"https:\/\/schema.org","@graph":[{"@type":"WebPage","@id":"https:\/\/iwell-guard.com\/ca\/all-com-a-proteccio\/","url":"https:\/\/iwell-guard.com\/ca\/all-com-a-proteccio\/","name":"L'all com a protecci\u00f3 contra influ\u00e8ncies malignes","isPartOf":{"@id":"https:\/\/iwell-guard.com\/ca\/#website"},"primaryImageOfPage":{"@id":"https:\/\/iwell-guard.com\/ca\/all-com-a-proteccio\/#primaryimage"},"image":{"@id":"https:\/\/iwell-guard.com\/ca\/all-com-a-proteccio\/#primaryimage"},"thumbnailUrl":"https:\/\/iwell-guard.com\/wp-content\/uploads\/2026\/05\/schutzsymbol_mediterran_knoblauch.png","datePublished":"2026-09-05T15:44:24+00:00","dateModified":"2026-09-05T16:13:16+00:00","description":"Segons la tradici\u00f3, l'all protegeix contra vampirs, mal d'ull i dimonis. Origen, principi d'acci\u00f3 i difusi\u00f3 a trav\u00e9s de les cultures.","breadcrumb":{"@id":"https:\/\/iwell-guard.com\/ca\/all-com-a-proteccio\/#breadcrumb"},"inLanguage":"ca","potentialAction":[{"@type":"ReadAction","target":["https:\/\/iwell-guard.com\/ca\/all-com-a-proteccio\/"]}]},{"@type":"ImageObject","inLanguage":"ca","@id":"https:\/\/iwell-guard.com\/ca\/all-com-a-proteccio\/#primaryimage","url":"https:\/\/iwell-guard.com\/wp-content\/uploads\/2026\/05\/schutzsymbol_mediterran_knoblauch.png","contentUrl":"https:\/\/iwell-guard.com\/wp-content\/uploads\/2026\/05\/schutzsymbol_mediterran_knoblauch.png","width":1024,"height":1536,"caption":"L'all com a protecci\u00f3, il\u00b7lustraci\u00f3 hist\u00f2rica"},{"@type":"BreadcrumbList","@id":"https:\/\/iwell-guard.com\/ca\/all-com-a-proteccio\/#breadcrumb","itemListElement":[{"@type":"ListItem","position":1,"name":"Start","item":"https:\/\/iwell-guard.com\/ca\/?page_id=171333"},{"@type":"ListItem","position":2,"name":"L&#8217;all com a protecci\u00f3"}]},{"@type":"WebSite","@id":"https:\/\/iwell-guard.com\/ca\/#website","url":"https:\/\/iwell-guard.com\/ca\/","name":"iWell Guard","description":"Schutz vor dunklen Einfl\u00fcssen","publisher":{"@id":"https:\/\/iwell-guard.com\/ca\/#organization"},"potentialAction":[{"@type":"SearchAction","target":{"@type":"EntryPoint","urlTemplate":"https:\/\/iwell-guard.com\/ca\/?s={search_term_string}"},"query-input":{"@type":"PropertyValueSpecification","valueRequired":true,"valueName":"search_term_string"}}],"inLanguage":"ca"},{"@type":"Organization","@id":"https:\/\/iwell-guard.com\/ca\/#organization","name":"Ittermann electronic GmbH","url":"https:\/\/iwell-guard.com\/ca\/","logo":{"@type":"ImageObject","inLanguage":"ca","@id":"https:\/\/iwell-guard.com\/ca\/#\/schema\/logo\/image\/","url":"https:\/\/iwell-guard.com\/wp-content\/uploads\/2026\/05\/Ittermann-Logo-1182x237-1.png","contentUrl":"https:\/\/iwell-guard.com\/wp-content\/uploads\/2026\/05\/Ittermann-Logo-1182x237-1.png","width":1182,"height":237,"caption":"Ittermann electronic GmbH"},"image":{"@id":"https:\/\/iwell-guard.com\/ca\/#\/schema\/logo\/image\/"},"sameAs":["https:\/\/pantip.com\/profile\/9367242","https:\/\/micro.blog\/iwellguard","https:\/\/www.diggerslist.com\/iwellguard\/about","https:\/\/skitterphoto.com\/photographers\/2870314\/iwell-guard","https:\/\/iwellguard.wordpress.com\/2026\/06\/06\/iwell-guard\/","https:\/\/hub.docker.com\/u\/iwellguard","https:\/\/www.pinterest.com\/iwellguard\/","https:\/\/bit.ly\/m\/iwellguard","https:\/\/entre-vos-mains.alsace.eu\/profiles\/iwellguard\/activity","https:\/\/gravatar.com\/reallybeded8fd34","https:\/\/naijamatta.com\/iwellguard","https:\/\/www.goodreads.com\/iwellguard","https:\/\/profile.hatena.ne.jp\/iwellguard\/","https:\/\/experiment.com\/users\/iwellguard","https:\/\/wakelet.com\/@iWellGuard82270","https:\/\/www.chordie.com\/forum\/profile.php?id=2555664","https:\/\/www.instapaper.com\/p\/17757966","https:\/\/www.mapleprimes.com\/users\/iwellguard","https:\/\/businesslistingplus.com\/profile\/iwell-guard\/","https:\/\/telegra.ph\/iWell-Guard-06-06","https:\/\/pbase.com\/iwellguard\/iwellguard","https:\/\/b.hatena.ne.jp\/iwellguard\/20260607#bookmark-4788405196491818882","https:\/\/fliphtml5.com\/home\/iwellguard","https:\/\/anyflip.com\/homepage\/cmiwl#About","https:\/\/transfur.com\/Users\/iwellguard","http:\/\/delphi.larsbo.org\/user\/iwellguard","https:\/\/jobs.lajobsportal.org\/profiles\/8380803-iwell-guard","https:\/\/md.chaosdorf.de\/s\/jfbe5SBdJD","https:\/\/www.lingvolive.com\/en-us\/profile\/9ecaeaca-ce11-4e51-9e71-01d55e2bff36\/translations","https:\/\/www.fitday.com\/fitness\/forums\/members\/iwellguard.html","https:\/\/www.mymeetbook.com\/iwellguard","https:\/\/pxhere.com\/en\/photographer-me\/5040798","https:\/\/disqus.com\/by\/iwellguard\/about\/","https:\/\/pastelink.net\/hjwciqwq","https:\/\/pubhtml5.com\/homepage\/scjhn\/","https:\/\/www.bitchute.com\/channel\/2O2eOKzNqujT","https:\/\/audiomack.com\/iwellguard"]}]}},"_links":{"self":[{"href":"https:\/\/iwell-guard.com\/ca\/wp-json\/wp\/v2\/pages\/172021","targetHints":{"allow":["GET"]}}],"collection":[{"href":"https:\/\/iwell-guard.com\/ca\/wp-json\/wp\/v2\/pages"}],"about":[{"href":"https:\/\/iwell-guard.com\/ca\/wp-json\/wp\/v2\/types\/page"}],"author":[{"embeddable":true,"href":"https:\/\/iwell-guard.com\/ca\/wp-json\/wp\/v2\/users\/3"}],"replies":[{"embeddable":true,"href":"https:\/\/iwell-guard.com\/ca\/wp-json\/wp\/v2\/comments?post=172021"}],"version-history":[{"count":0,"href":"https:\/\/iwell-guard.com\/ca\/wp-json\/wp\/v2\/pages\/172021\/revisions"}],"wp:featuredmedia":[{"embeddable":true,"href":"https:\/\/iwell-guard.com\/ca\/wp-json\/wp\/v2\/media\/4112"}],"wp:attachment":[{"href":"https:\/\/iwell-guard.com\/ca\/wp-json\/wp\/v2\/media?parent=172021"}],"wp:term":[{"taxonomy":"category","embeddable":true,"href":"https:\/\/iwell-guard.com\/ca\/wp-json\/wp\/v2\/categories?post=172021"}],"curies":[{"name":"wp","href":"https:\/\/api.w.org\/{rel}","templated":true}]}}