{"id":172020,"date":"2026-09-05T15:44:24","date_gmt":"2026-09-05T15:44:24","guid":{"rendered":"https:\/\/iwell-guard.com\/?page_id=172020"},"modified":"2026-09-05T16:13:14","modified_gmt":"2026-09-05T16:13:14","slug":"so-i-llum-contra-amenaces","status":"publish","type":"page","link":"https:\/\/iwell-guard.com\/ca\/so-i-llum-contra-amenaces\/","title":{"rendered":"So i llum per protegir-se"},"content":{"rendered":"\t\t<div data-elementor-type=\"wp-page\" data-elementor-id=\"172020\" class=\"elementor elementor-172020 elementor-3777 elementor-bc-flex-widget\" data-elementor-post-type=\"page\">\n\t\t\t\t<div class=\"elementor-element elementor-element-iwgs-klang-und-licht-hero e-flex e-con-boxed e-con e-parent\" data-id=\"iwgs-klang-und-licht-hero\" data-element_type=\"container\" data-e-type=\"container\">\n\t\t\t\t\t<div class=\"e-con-inner\">\n\t\t<div class=\"elementor-element elementor-element-iw-klang-und-licht-hero-left e-con-full e-flex e-con e-child\" data-id=\"iw-klang-und-licht-hero-left\" data-element_type=\"container\" data-e-type=\"container\">\n\t\t\t\t<div class=\"elementor-element elementor-element-iwgs-klang-und-licht-h1 elementor-widget elementor-widget-heading\" data-id=\"iwgs-klang-und-licht-h1\" data-element_type=\"widget\" data-e-type=\"widget\" data-widget_type=\"heading.default\">\n\t\t\t\t\t<h1 class=\"elementor-heading-title elementor-size-default\">So i llum per protegir-se<\/h1>\t\t\t\t<\/div>\n\t\t<div class=\"elementor-element elementor-element-iw-klang-und-licht-hero-bw e-con-full e-flex e-con e-child\" data-id=\"iw-klang-und-licht-hero-bw\" data-element_type=\"container\" data-e-type=\"container\">\n\t\t\t\t<div class=\"elementor-element elementor-element-iwgs-klang-und-licht-pills elementor-widget elementor-widget-html\" data-id=\"iwgs-klang-und-licht-pills\" data-element_type=\"widget\" data-e-type=\"widget\" data-widget_type=\"html.default\">\n\t\t\t\t\t<div class=\"iwg-pill-row\"><span class=\"iwg-klasse-badge\" tabindex=\"0\" data-tooltip=\"Tipus de mitj\u00e0 de protecci\u00f3.\">Tipus de mitj\u00e0 de protecci\u00f3<\/span><a href=\"https:\/\/iwell-guard.com\/ca\/?page_id=172028\" class=\"iwg-kultur-badge\" tabindex=\"0\" data-tooltip=\"Anar a la visi\u00f3 general.\">Br\u00faixola de Protecci\u00f3<\/a><\/div>\t\t\t\t<\/div>\n\t\t\t\t<div class=\"elementor-element elementor-element-iwgs-klang-und-licht-lead elementor-widget elementor-widget-text-editor\" data-id=\"iwgs-klang-und-licht-lead\" data-element_type=\"widget\" data-e-type=\"widget\" data-widget_type=\"text-editor.default\">\n\t\t\t\t\t\t\t\t\t<p>Entre els mitjans de protecci\u00f3 que coneix la tradici\u00f3 popular, el so i la llum ocupen un lloc especial: s\u00f3n ef\u00edmers, valuosos i es poden generar en qualsevol lloc. Un so de campanes no es pot portar a la butxaca, i una espelma no es pot clavar a un edifici.<\/p><p>El seu efecte es manifesta en el moment en qu\u00e8 s&#8217;utilitzen, no de manera permanent. Precisament aqu\u00ed rau el seu car\u00e0cter com a mitjans de protecci\u00f3 actius, que les persones utilitzen conscientment quan perceben una amena\u00e7a o volen marcar un l\u00edmit.<\/p>\n<p>Cultures de tots els continents han descrit el so i la llum com a mitjans de defensa. Les formes varien: campanes d&#8217;esgl\u00e9sia a Europa, cimbells a l&#8217;\u00c0sia budista, tambors en rituals de l&#8217;\u00c0frica occidental.<\/p><p>Torxes al llindar, espelmes sobre l&#8217;<span class=\"iwg-fachbegriff\" data-tooltip=\"Lloc elevat o taula per a ofrenes i actes religiosos.\" tabindex=\"0\">altar<\/span>, focatges en la nit del solstici. El que els uneix \u00e9s el principi b\u00e0sic: el so i la llum travessen l&#8217;espai, marquen una pres\u00e8ncia i, segons la <span class=\"iwg-fachbegriff\" data-tooltip=\"La transmissi\u00f3 de coneixements i relats a trav\u00e9s de generacions.\" tabindex=\"0\">tradici\u00f3<\/span>, s\u00f3n incompatibles amb all\u00f2 que causa dany.<\/p>\n<p>En aquesta p\u00e0gina trobar\u00e0 una visi\u00f3 general d&#8217;aquesta categoria, els punts en com\u00fa dels principis d&#8217;acci\u00f3 i una breu presentaci\u00f3 de les tres p\u00e0gines de detall: <a href=\"https:\/\/iwell-guard.com\/ca\/?page_id=172031\">campanes protectores<\/a>, <a href=\"https:\/\/iwell-guard.com\/ca\/?page_id=172033\">espelma protectora<\/a> i <a href=\"https:\/\/iwell-guard.com\/ca\/?page_id=172030\">foc protector<\/a>. Aix\u00ed, el so i la llum serveixen per defensar-se de les entitats nocives, cuya proximitat la tradici\u00f3 associa amb el silenci i la foscor.<\/p>\t\t\t\t\t\t\t\t<\/div>\n\t\t\t\t<\/div>\n\t\t\t\t<\/div>\n\t\t<div class=\"elementor-element elementor-element-iw-klang-und-licht-hero-img e-con-full e-flex e-con e-child\" data-id=\"iw-klang-und-licht-hero-img\" data-element_type=\"container\" data-e-type=\"container\">\n\t\t\t\t<div class=\"elementor-element elementor-element-iwgs-klang-und-licht-himg iwg-hero-image elementor-widget elementor-widget-image\" data-id=\"iwgs-klang-und-licht-himg\" data-element_type=\"widget\" data-e-type=\"widget\" data-widget_type=\"image.default\">\n\t\t\t\t\t\t\t\t\t\t\t\t\t\t\t<img fetchpriority=\"high\" decoding=\"async\" width=\"683\" height=\"1024\" src=\"https:\/\/iwell-guard.com\/wp-content\/uploads\/2026\/05\/schutzsymbol_universell_klang-und-licht-683x1024.png\" class=\"attachment-large size-large wp-image-173194\" alt=\"So i llum contra el mal: campana i resplendor\" srcset=\"https:\/\/iwell-guard.com\/wp-content\/uploads\/2026\/05\/schutzsymbol_universell_klang-und-licht-683x1024.png 683w, https:\/\/iwell-guard.com\/wp-content\/uploads\/2026\/05\/schutzsymbol_universell_klang-und-licht-200x300.png 200w, https:\/\/iwell-guard.com\/wp-content\/uploads\/2026\/05\/schutzsymbol_universell_klang-und-licht-768x1152.png 768w, https:\/\/iwell-guard.com\/wp-content\/uploads\/2026\/05\/schutzsymbol_universell_klang-und-licht.png 1024w\" sizes=\"(max-width: 683px) 100vw, 683px\" \/>\t\t\t\t\t\t\t\t\t\t\t\t\t\t\t<\/div>\n\t\t\t\t<\/div>\n\t\t\t\t\t<\/div>\n\t\t\t\t<\/div>\n\t\t<div class=\"elementor-element elementor-element-iwgs-klang-und-licht-s0 e-flex e-con-boxed e-con e-parent\" data-id=\"iwgs-klang-und-licht-s0\" data-element_type=\"container\" data-e-type=\"container\">\n\t\t\t\t\t<div class=\"e-con-inner\">\n\t\t\t\t<div class=\"elementor-element elementor-element-iwgs-klang-und-licht-s0h elementor-widget elementor-widget-heading\" data-id=\"iwgs-klang-und-licht-s0h\" data-element_type=\"widget\" data-e-type=\"widget\" data-widget_type=\"heading.default\">\n\t\t\t\t\t<h2 class=\"elementor-heading-title elementor-size-default\">Trets comuns i principi d'acci\u00f3<\/h2>\t\t\t\t<\/div>\n\t\t<div class=\"elementor-element elementor-element-iw-klang-und-licht-s0-bw e-con-full e-flex e-con e-child\" data-id=\"iw-klang-und-licht-s0-bw\" data-element_type=\"container\" data-e-type=\"container\">\n\t\t\t\t<div class=\"elementor-element elementor-element-iwgs-klang-und-licht-s0t elementor-widget elementor-widget-text-editor\" data-id=\"iwgs-klang-und-licht-s0t\" data-element_type=\"widget\" data-e-type=\"widget\" data-widget_type=\"text-editor.default\">\n\t\t\t\t\t\t\t\t\t<p>El so i la llum comparteixen, en la <span class=\"iwg-fachbegriff\" data-tooltip=\"La transmissi\u00f3 de coneixements i relats a trav\u00e9s de generacions.\" tabindex=\"0\">tradici\u00f3<\/span>, diverses caracter\u00edstiques que fonamenten el seu car\u00e0cter protector.<\/p>\n<p>En primer lloc, es consideren formes d&#8217;energia que transformen un espai des de dins. Una espelma encesa canvia l&#8217;atmosfera d&#8217;una habitaci\u00f3 de manera diferent a com ho fa un <span class=\"iwg-fachbegriff\" data-tooltip=\"Un objecte que es porta al cos i al qual s'atribueix un efecte protector contra el mal.\" tabindex=\"0\">amulet<\/span> penjat. El so d&#8217;una campana travessa parets que un signe pintat no pot traspassar.<\/p><p>La <span class=\"iwg-fachbegriff\" data-tooltip=\"La transmissi\u00f3 de coneixements i relats a trav\u00e9s de generacions.\" tabindex=\"0\">tradici\u00f3<\/span> descriu aquesta for\u00e7a de penetraci\u00f3 com a essencial: all\u00f2 que actua en la foscor es fa visible; all\u00f2 que opera en silenci queda pertorbat.<\/p>\n<p>En segon lloc, el so i la llum estan lligats a una acci\u00f3 humana. Alg\u00fa ha de fer sonar la campana, encendre la flama, fer foc. Aquest acte es considera, en moltes tradicions, part del mateix acte de protecci\u00f3, perqu\u00e8 concentra intenci\u00f3 i atenci\u00f3. La mera pres\u00e8ncia d&#8217;una campana sense fer-la sonar o d&#8217;una espelma sense flama no rep, segons la <span class=\"iwg-fachbegriff\" data-tooltip=\"La transmissi\u00f3 de coneixements i relats a trav\u00e9s de generacions.\" tabindex=\"0\">tradici\u00f3<\/span>, cap efecte protector.<\/p>\n<p>En tercer lloc, hi ha una associaci\u00f3 comuna amb els llindars i les transicions. Les campanes es fan sonar en moments especials, no de manera cont\u00ednua. Les espelmes cremen a la nit, no en ple dia. Els focs s&#8217;encenen al solstici i a l&#8217;inici de l&#8217;hivern. La <span class=\"iwg-fachbegriff\" data-tooltip=\"La transmissi\u00f3 de coneixements i relats a trav\u00e9s de generacions.\" tabindex=\"0\">tradici\u00f3<\/span> situa el perill als l\u00edmits: entre el dia i la nit, entre les estacions, entre el conegut i el desconegut.<\/p>\t\t\t\t\t\t\t\t<\/div>\n\t\t\t\t<\/div>\n\t\t\t\t\t<\/div>\n\t\t\t\t<\/div>\n\t\t<div class=\"elementor-element elementor-element-iwgs-klang-und-licht-s1 e-flex e-con-boxed e-con e-parent\" data-id=\"iwgs-klang-und-licht-s1\" data-element_type=\"container\" data-e-type=\"container\">\n\t\t\t\t\t<div class=\"e-con-inner\">\n\t\t\t\t<div class=\"elementor-element elementor-element-iwgs-klang-und-licht-s1h elementor-widget elementor-widget-heading\" data-id=\"iwgs-klang-und-licht-s1h\" data-element_type=\"widget\" data-e-type=\"widget\" data-widget_type=\"heading.default\">\n\t\t\t\t\t<h2 class=\"elementor-heading-title elementor-size-default\">Visi\u00f3 general transcultural<\/h2>\t\t\t\t<\/div>\n\t\t<div class=\"elementor-element elementor-element-iw-klang-und-licht-s1-bw e-con-full e-flex e-con e-child\" data-id=\"iw-klang-und-licht-s1-bw\" data-element_type=\"container\" data-e-type=\"container\">\n\t\t\t\t<div class=\"elementor-element elementor-element-iwgs-klang-und-licht-s1t elementor-widget elementor-widget-text-editor\" data-id=\"iwgs-klang-und-licht-s1t\" data-element_type=\"widget\" data-e-type=\"widget\" data-widget_type=\"text-editor.default\">\n\t\t\t\t\t\t\t\t\t<p>Les tres p\u00e0gines de detall d&#8217;aquesta categoria tracten les formes m\u00e9s importants.<\/p>\n<p><strong><a href=\"https:\/\/iwell-guard.com\/ca\/?page_id=172031\">Campanes protectores i el so de les campanes<\/a>:<\/strong> El so d&#8217;una campana o esquella es considera, en la <span class=\"iwg-fachbegriff\" data-tooltip=\"La transmissi\u00f3 de coneixements i relats a trav\u00e9s de generacions.\" tabindex=\"0\">tradici\u00f3<\/span> europea, japonesa i tibetana, un mitj\u00e0 per allunyar les entitats nocives i definir espais sagrats. Segons fonts medievals, les campanes d&#8217;esgl\u00e9sia havien de mantenir allunyats els dimonis i apaivagar les tempestes. Les esquelles petites en collars d&#8217;animals, cotxets de nad\u00f3 i manetes de porta tenien la mateixa funci\u00f3 apotropaica a petita escala.<\/p>\n<p><strong><a href=\"https:\/\/iwell-guard.com\/ca\/?page_id=172033\">L&#8217;espelma protectora<\/a>:<\/strong> Llum en forma controlada i compacta. L&#8217;espelma se situa en la transici\u00f3 entre la simple llum i l&#8217;acci\u00f3 ritual: s&#8217;enc\u00e9n amb intenci\u00f3, sovint es beneeix, de vegades es marca amb signes. En tradicions cristianes, jueves, paganes i sincretistes, l&#8217;espelma crema per defensar-se de les entitats nocturnes, protegir els moribunds i mantenir oberta una connexi\u00f3 amb el sagrat.<\/p>\n<p><strong><a href=\"https:\/\/iwell-guard.com\/ca\/?page_id=172030\">Foc protector i llum de llindar<\/a>:<\/strong> El foc obert \u00e9s la variant m\u00e9s antiga i de major abast. Els focs d&#8217;emerg\u00e8ncia, els focs de solstici i els focs d&#8217;estable servien, en la tradici\u00f3 popular europea, per a la purificaci\u00f3 col\u00b7lectiva i per marcar els l\u00edmits de l&#8217;any, moments en qu\u00e8 es considerava que les forces nocives eren especialment actives. Foc a la porta de casa, torxes al voltant dels camps, creus de carb\u00f3 sobre el llindar: la llum com a delimitaci\u00f3.<\/p>\t\t\t\t\t\t\t\t<\/div>\n\t\t\t\t<\/div>\n\t\t\t\t\t<\/div>\n\t\t\t\t<\/div>\n\t\t<div class=\"elementor-element elementor-element-iwgs-klang-und-licht-s2 e-flex e-con-boxed e-con e-parent\" data-id=\"iwgs-klang-und-licht-s2\" data-element_type=\"container\" data-e-type=\"container\">\n\t\t\t\t\t<div class=\"e-con-inner\">\n\t\t\t\t<div class=\"elementor-element elementor-element-iwgs-klang-und-licht-s2h elementor-widget elementor-widget-heading\" data-id=\"iwgs-klang-und-licht-s2h\" data-element_type=\"widget\" data-e-type=\"widget\" data-widget_type=\"heading.default\">\n\t\t\t\t\t<h2 class=\"elementor-heading-title elementor-size-default\">Aplicaci\u00f3 i l\u00edmits<\/h2>\t\t\t\t<\/div>\n\t\t<div class=\"elementor-element elementor-element-iw-klang-und-licht-s2-bw e-con-full e-flex e-con e-child\" data-id=\"iw-klang-und-licht-s2-bw\" data-element_type=\"container\" data-e-type=\"container\">\n\t\t\t\t<div class=\"elementor-element elementor-element-iwgs-klang-und-licht-s2t elementor-widget elementor-widget-text-editor\" data-id=\"iwgs-klang-und-licht-s2t\" data-element_type=\"widget\" data-e-type=\"widget\" data-widget_type=\"text-editor.default\">\n\t\t\t\t\t\t\t\t\t<p>La <span class=\"iwg-fachbegriff\" data-tooltip=\"La transmissi\u00f3 de coneixements i relats a trav\u00e9s de generacions.\" tabindex=\"0\">tradici\u00f3<\/span> descriu el so i la llum com a efica\u00e7os contra una gran varietat d&#8217;amenaces, per\u00f2 tamb\u00e9 subratlla condicions i l\u00edmits. Fer sonar una campana sense fe ni coneixement del seu prop\u00f2sit es considerava, per a molts transmissors de la tradici\u00f3, inefica\u00e7. L&#8217;espelma que crema sense atenci\u00f3 t\u00e9, en la pr\u00e0ctica ritual popular, un estatus diferent de la que s&#8217;enc\u00e9n amb consci\u00e8ncia.<\/p>\n<p>Segons la tradici\u00f3 coincident, el so i la llum no s\u00f3n barreres de protecci\u00f3 permanents. Creen una finestra de seguretat, no una muralla. Qui camina de nit amb una espelma per una zona inquietant est\u00e0, segons la <span class=\"iwg-fachbegriff\" data-tooltip=\"La transmissi\u00f3 de coneixements i relats a trav\u00e9s de generacions.\" tabindex=\"0\">tradici\u00f3<\/span>, m\u00e9s protegit que alg\u00fa sense llum. Per\u00f2 la <span class=\"iwg-fachbegriff\" data-tooltip=\"La transmissi\u00f3 de coneixements i relats a trav\u00e9s de generacions.\" tabindex=\"0\">tradici\u00f3<\/span> subratlla, al mateix temps, que l&#8217;extinci\u00f3 de la flama interromp immediatament l&#8217;efecte protector.<\/p>\n<p>Un altre l\u00edmit rau en la naturalesa de l&#8217;amena\u00e7a. No totes les entitats nocives es consideren, en la tradici\u00f3 popular, sensibles al so o a la llum. Certs esperits de la terra o entitats expl\u00edcitament associades al foc no es poden allunyar amb aquests mitjans. Quines entitats es descriuen com a vulnerables a quins mitjans de protecci\u00f3 ho mostra el <a href=\"https:\/\/iwell-guard.com\/ca\/?page_id=172028\">Br\u00faixola de protecci\u00f3<\/a>.<\/p>\t\t\t\t\t\t\t\t<\/div>\n\t\t\t\t<\/div>\n\t\t\t\t\t<\/div>\n\t\t\t\t<\/div>\n\t\t<div class=\"elementor-element elementor-element-iwgs-klang-und-licht-s3 e-flex e-con-boxed e-con e-parent\" data-id=\"iwgs-klang-und-licht-s3\" data-element_type=\"container\" data-e-type=\"container\">\n\t\t\t\t\t<div class=\"e-con-inner\">\n\t\t\t\t<div class=\"elementor-element elementor-element-iwgs-klang-und-licht-s3h elementor-widget elementor-widget-heading\" data-id=\"iwgs-klang-und-licht-s3h\" data-element_type=\"widget\" data-e-type=\"widget\" data-widget_type=\"heading.default\">\n\t\t\t\t\t<h2 class=\"elementor-heading-title elementor-size-default\">Al Br\u00faixola de Protecci\u00f3<\/h2>\t\t\t\t<\/div>\n\t\t<div class=\"elementor-element elementor-element-iw-klang-und-licht-s3-bw e-con-full e-flex e-con e-child\" data-id=\"iw-klang-und-licht-s3-bw\" data-element_type=\"container\" data-e-type=\"container\">\n\t\t\t\t<div class=\"elementor-element elementor-element-iwgs-klang-und-licht-s3t elementor-widget elementor-widget-text-editor\" data-id=\"iwgs-klang-und-licht-s3t\" data-element_type=\"widget\" data-e-type=\"widget\" data-widget_type=\"text-editor.default\">\n\t\t\t\t\t\t\t\t\t<p>Al <a href=\"https:\/\/iwell-guard.com\/ca\/?page_id=172028\">Comp\u00e0s de Protecci\u00f3<\/a>, les campanes protectores, les espelmes protectores i els focs protectors estan vinculats amb els \u00e9ssers contra els quals, segons la <span class=\"iwg-fachbegriff\" data-tooltip=\"La transmissi\u00f3 de coneixements i relats al llarg de generacions.\" tabindex=\"0\">tradici\u00f3<\/span>, s&#8217;utilitzaven. All\u00e0 podeu veure d&#8217;un cop d&#8217;ull quines classes d&#8217;\u00e9ssers i cultures descriuen aquests mitjans de protecci\u00f3, i en quin grau de perill es recomanen.<\/p>\t\t\t\t\t\t\t\t<\/div>\n\t\t\t\t<\/div>\n\t\t\t\t\t<\/div>\n\t\t\t\t<\/div>\n\t\t<div class=\"elementor-element elementor-element-iwgs-klang-und-licht-lit e-flex e-con-boxed e-con e-parent\" data-id=\"iwgs-klang-und-licht-lit\" data-element_type=\"container\" data-e-type=\"container\">\n\t\t\t\t\t<div class=\"e-con-inner\">\n\t\t\t\t<div class=\"elementor-element elementor-element-iwgs-klang-und-licht-lith elementor-widget elementor-widget-heading\" data-id=\"iwgs-klang-und-licht-lith\" data-element_type=\"widget\" data-e-type=\"widget\" data-widget_type=\"heading.default\">\n\t\t\t\t\t<h2 class=\"elementor-heading-title elementor-size-default\">Bibliografia (selecci\u00f3)<\/h2>\t\t\t\t<\/div>\n\t\t<div class=\"elementor-element elementor-element-iw-klang-und-licht-lit-bw e-con-full e-flex e-con e-child\" data-id=\"iw-klang-und-licht-lit-bw\" data-element_type=\"container\" data-e-type=\"container\">\n\t\t\t\t<div class=\"elementor-element elementor-element-iwgs-klang-und-licht-litt elementor-widget elementor-widget-html\" data-id=\"iwgs-klang-und-licht-litt\" data-element_type=\"widget\" data-e-type=\"widget\" data-widget_type=\"html.default\">\n\t\t\t\t\t<footer data-nosnippet=\"true\"><ul><li>Handw\u00f6rterbuch des deutschen Aberglaubens, hrsg. von Hanns B\u00e4chtold-St\u00e4ubli, 10 Bde., Berlin\/Leipzig 1927-1942 (Neudr. Berlin 1987).<\/li><li>P\u00f3cs, \u00c9va: Between the Living and the Dead. A Perspective on Witches and Seers in the Early Modern Age. Budapest 1999.<\/li><li>Eliade, Mircea: Das Heilige und das Profane. Vom Wesen des Religi\u00f6sen. Hamburg 1957.<\/li><li>Frazer, James George: Der goldene Zweig. Das Geheimnis von Glauben und Sitten der V\u00f6lker. K\u00f6ln 1968.<\/li><li>Lurker, Manfred: W\u00f6rterbuch der Symbolik. Stuttgart 1988.<\/li><\/ul><\/footer>\t\t\t\t<\/div>\n\t\t\t\t<\/div>\n\t\t\t\t\t<\/div>\n\t\t\t\t<\/div>\n\t\t<div class=\"elementor-element elementor-element-iwgs-klang-und-licht-kwd e-flex e-con-boxed e-con e-parent\" data-id=\"iwgs-klang-und-licht-kwd\" data-element_type=\"container\" data-e-type=\"container\">\n\t\t\t\t\t<div class=\"e-con-inner\">\n\t\t<div class=\"elementor-element elementor-element-iw-klang-und-licht-kwd-bw e-con-full e-flex e-con e-child\" data-id=\"iw-klang-und-licht-kwd-bw\" data-element_type=\"container\" data-e-type=\"container\">\n\t\t\t\t<div class=\"elementor-element elementor-element-iwgs-klang-und-licht-kwdt elementor-widget elementor-widget-text-editor\" data-id=\"iwgs-klang-und-licht-kwdt\" data-element_type=\"widget\" data-e-type=\"widget\" data-widget_type=\"text-editor.default\">\n\t\t\t\t\t\t\t\t\t<p><em>Conceptes clau relacionats: so i llum protecci\u00f3 campanes defensa espelma protectora foc protector soroll esperits.<\/em><\/p>\t\t\t\t\t\t\t\t<\/div>\n\t\t\t\t<\/div>\n\t\t\t\t\t<\/div>\n\t\t\t\t<\/div>\n\t\t<div class=\"elementor-element elementor-element-iwgs-klang-und-licht-cc e-flex e-con-boxed e-con e-parent\" data-id=\"iwgs-klang-und-licht-cc\" data-element_type=\"container\" data-e-type=\"container\" id=\"iwg-cc-klang-und-licht\">\n\t\t\t\t\t<div class=\"e-con-inner\">\n\t\t<div class=\"elementor-element elementor-element-iwgs-klang-und-licht-ccinner e-flex e-con-boxed e-con e-parent\" data-id=\"iwgs-klang-und-licht-ccinner\" data-element_type=\"container\" data-e-type=\"container\" data-settings=\"{&quot;background_background&quot;:&quot;classic&quot;}\">\n\t\t\t\t\t<div class=\"e-con-inner\">\n\t\t\t\t<div class=\"elementor-element elementor-element-iwgs-klang-und-licht-cch elementor-widget elementor-widget-heading\" data-id=\"iwgs-klang-und-licht-cch\" data-element_type=\"widget\" data-e-type=\"widget\" data-widget_type=\"heading.default\">\n\t\t\t\t\t<h2 class=\"elementor-heading-title elementor-size-default\">iWell Guard i tradicions de protecci\u00f3<\/h2>\t\t\t\t<\/div>\n\t\t\t\t<div class=\"elementor-element elementor-element-iwgs-klang-und-licht-cct elementor-widget elementor-widget-text-editor\" data-id=\"iwgs-klang-und-licht-cct\" data-element_type=\"widget\" data-e-type=\"widget\" data-widget_type=\"text-editor.default\">\n\t\t\t\t\t\t\t\t\t<p>La connexi\u00f3 entre so, llum i protecci\u00f3 es troba en cultures que no sabien res les unes de les altres. Campanes europees, c\u00edmbals tibetans, torxes de l&#8217;antic Egipte: pertot arreu va sorgir l&#8217;experi\u00e8ncia de que el so i la llum canvien alguna cosa en l&#8217;espai.<\/p><p>L&#8217;<a href=\"https:\/\/iwell-guard.com\/ca\/penjoll-protector-iwell-guard-comprar\/\">iWell Guard<\/a> es va desenvolupar amb la voluntat de reunir aquestes tradicions de protecci\u00f3 en una forma portable que acompanyi a qui el duu independentment del temps i el lloc. No substitueix l&#8217;\u00fas ritual del so i la llum tal com el descriu la <span class=\"iwg-fachbegriff\" data-tooltip=\"La transmissi\u00f3 de coneixements i relats al llarg de generacions.\" tabindex=\"0\">tradici\u00f3<\/span>, sin\u00f3 que el complementa com un record permanent d&#8217;aquests principis, dut sempre a sobre.<\/p>\t\t\t\t\t\t\t\t<\/div>\n\t\t\t\t<div class=\"elementor-element elementor-element-iwgs-klang-und-licht-ccb iwg-cc-button iwg-cc-cta-2026-05-13 elementor-widget elementor-widget-jet-button\" data-id=\"iwgs-klang-und-licht-ccb\" data-element_type=\"widget\" data-e-type=\"widget\" data-widget_type=\"jet-button.default\">\n\t\t\t\t<div class=\"elementor-widget-container\">\n\t\t\t\t\t<div class=\"elementor-jet-button jet-elements\"><div class=\"jet-button__container\"><a class=\"jet-button__instance jet-button__instance--icon-left hover-effect-1\" href=\"\/schutzanhaenger-iwell-guard-kaufen\/?utm_source=iwell-guard.com&amp;utm_medium=info-box&amp;utm_campaign=schutzsymbole\"><div class=\"jet-button__plane jet-button__plane-normal\"><\/div><div class=\"jet-button__plane jet-button__plane-hover\"><\/div><div class=\"jet-button__state jet-button__state-normal\"><span class=\"jet-button__label\">M\u00e9s informaci\u00f3 sobre l'iWell Guard<\/span><\/div><div class=\"jet-button__state jet-button__state-hover\"><span class=\"jet-button__label\">M\u00e9s informaci\u00f3 sobre l'iWell Guard<\/span><\/div><\/a><\/div><\/div><style>.elementor-element.elementor-element-iwgs-klang-und-licht-ccb .jet-button__instance{width:320px;height:56px;}.elementor-element.elementor-element-iwgs-klang-und-licht-ccb .jet-button__state-normal .jet-button__label{text-align:center;margin:0px 0px 0px 0px;color:#1a1b20;font-family:Montserrat,sans-serif;font-size:13px;font-weight:400;letter-spacing:4px;line-height:1.714em;text-transform:uppercase;}.elementor-element.elementor-element-iwgs-klang-und-licht-ccb .jet-button__state-hover .jet-button__label{text-align:center;margin:0px 0px 0px 0px;color:#FECC76;font-family:Montserrat,sans-serif;font-size:13px;font-weight:400;letter-spacing:4px;line-height:1.714em;text-transform:uppercase;}.elementor-element.elementor-element-iwgs-klang-und-licht-ccb .jet-button__plane-normal{background-color:#FECC76;border-style:solid;border-color:#C99540;border-width:2px 2px 2px 2px;}.elementor-element.elementor-element-iwgs-klang-und-licht-ccb .jet-button__plane-hover{background-color:rgba(0,0,0,0.55);border-style:solid;border-color:#FECC76;border-width:2px 2px 2px 2px;}<\/style>\t\t\t\t<\/div>\n\t\t\t\t<\/div>\n\t\t\t\t<div class=\"elementor-element elementor-element-iwgs-klang-und-licht-ccd elementor-widget elementor-widget-text-editor\" data-id=\"iwgs-klang-und-licht-ccd\" data-element_type=\"widget\" data-e-type=\"widget\" data-widget_type=\"text-editor.default\">\n\t\t\t\t\t\t\t\t\t<p style=\"text-align:center;font-size:13px;opacity:0.7;margin-top:14px\" data-nosnippet=\"true\">Les experi\u00e8ncies personals poden variar. No \u00e9s un producte sanitari. No es garanteix cap curaci\u00f3.<\/p>\t\t\t\t\t\t\t\t<\/div>\n\t\t\t\t\t<\/div>\n\t\t\t\t<\/div>\n\t\t\t\t\t<\/div>\n\t\t\t\t<\/div>\n\t\t<div class=\"elementor-element elementor-element-iwgs-klang-und-licht-disc e-flex e-con-boxed e-con e-parent\" data-id=\"iwgs-klang-und-licht-disc\" data-element_type=\"container\" data-e-type=\"container\">\n\t\t\t\t\t<div class=\"e-con-inner\">\n\t\t<div class=\"elementor-element elementor-element-iw-klang-und-licht-disc-bw e-con-full e-flex e-con e-child\" data-id=\"iw-klang-und-licht-disc-bw\" data-element_type=\"container\" data-e-type=\"container\">\n\t\t\t\t<div class=\"elementor-element elementor-element-iwgs-klang-und-licht-discw elementor-widget elementor-widget-html\" data-id=\"iwgs-klang-und-licht-discw\" data-element_type=\"widget\" data-e-type=\"widget\" data-widget_type=\"html.default\">\n\t\t\t\t\t<footer data-nosnippet=\"true\" class=\"iwg-disclaimer-block\"><p data-nosnippet=\"true\">iWell Guard <strong>no \u00e9s un producte sanitari<\/strong> i no substitueix cap tractament m\u00e8dic o psicoterap\u00e8utic. Els continguts presentats aqu\u00ed s\u00f3n una contextualitzaci\u00f3 des de la ci\u00e8ncia de les religions i la hist\u00f2ria cultural, no una promesa d'efecte espiritual.<\/p><\/footer>\t\t\t\t<\/div>\n\t\t\t\t<\/div>\n\t\t\t\t\t<\/div>\n\t\t\t\t<\/div>\n\t\t\t\t<\/div>\n\t\t","protected":false},"excerpt":{"rendered":"","protected":false},"author":3,"featured_media":4141,"parent":0,"menu_order":0,"comment_status":"closed","ping_status":"closed","template":"elementor_header_footer","meta":{"_yoast_wpseo_focuskw":"proteccio so i llum","_yoast_wpseo_title":"So i llum per protegir-se de les entitats nocives","_yoast_wpseo_metadesc":"Campanes, espelmes i foc com a mitjans de protecci\u00f3: qu\u00e8 atribueix la tradici\u00f3 al so i la llum davant les entitats nocives.","_yoast_wpseo_meta-robots-noindex":"","_yoast_wpseo_canonical":"","_angie_page":false,"gefaehrdungsstufe":"","wesen_kultur":"","wesen_klasse":"","footnotes":""},"categories":[],"class_list":["post-172020","page","type-page","status-publish","has-post-thumbnail","hentry"],"yoast_head":"<!-- This site is optimized with the Yoast SEO Premium plugin v27.7 (Yoast SEO v28.3) - https:\/\/yoast.com\/product\/yoast-seo-premium-wordpress\/ -->\n<title>So i llum per protegir-se de les entitats nocives<\/title>\n<meta name=\"description\" content=\"Campanes, espelmes i foc com a mitjans de protecci\u00f3: qu\u00e8 atribueix la tradici\u00f3 al so i la llum davant les entitats nocives.\" \/>\n<meta name=\"robots\" content=\"index, follow, max-snippet:-1, max-image-preview:large, max-video-preview:-1\" \/>\n<link rel=\"canonical\" href=\"https:\/\/iwell-guard.com\/ca\/so-i-llum-contra-amenaces\/\" \/>\n<meta property=\"og:locale\" content=\"ca_ES\" \/>\n<meta property=\"og:type\" content=\"article\" \/>\n<meta property=\"og:title\" content=\"So i llum per protegir-se\" \/>\n<meta property=\"og:description\" content=\"Campanes, espelmes i foc com a mitjans de protecci\u00f3: qu\u00e8 atribueix la tradici\u00f3 al so i la llum davant les entitats nocives.\" \/>\n<meta property=\"og:url\" content=\"https:\/\/iwell-guard.com\/ca\/so-i-llum-contra-amenaces\/\" \/>\n<meta property=\"og:site_name\" content=\"iWell Guard\" \/>\n<meta property=\"article:modified_time\" content=\"2026-09-05T16:13:14+00:00\" \/>\n<meta property=\"og:image\" content=\"https:\/\/iwell-guard.com\/wp-content\/uploads\/2026\/05\/schutzsymbol_universell_klang-und-licht.png\" \/>\n\t<meta property=\"og:image:width\" content=\"1024\" \/>\n\t<meta property=\"og:image:height\" content=\"1536\" \/>\n\t<meta property=\"og:image:type\" content=\"image\/png\" \/>\n<meta name=\"twitter:card\" content=\"summary_large_image\" \/>\n<script type=\"application\/ld+json\" class=\"yoast-schema-graph\">{\"@context\":\"https:\\\/\\\/schema.org\",\"@graph\":[{\"@type\":\"WebPage\",\"@id\":\"https:\\\/\\\/iwell-guard.com\\\/ca\\\/so-i-llum-contra-amenaces\\\/\",\"url\":\"https:\\\/\\\/iwell-guard.com\\\/ca\\\/so-i-llum-contra-amenaces\\\/\",\"name\":\"So i llum per protegir-se de les entitats nocives\",\"isPartOf\":{\"@id\":\"https:\\\/\\\/iwell-guard.com\\\/ca\\\/#website\"},\"primaryImageOfPage\":{\"@id\":\"https:\\\/\\\/iwell-guard.com\\\/ca\\\/so-i-llum-contra-amenaces\\\/#primaryimage\"},\"image\":{\"@id\":\"https:\\\/\\\/iwell-guard.com\\\/ca\\\/so-i-llum-contra-amenaces\\\/#primaryimage\"},\"thumbnailUrl\":\"https:\\\/\\\/iwell-guard.com\\\/wp-content\\\/uploads\\\/2026\\\/05\\\/schutzsymbol_universell_klang-und-licht.png\",\"datePublished\":\"2026-09-05T15:44:24+00:00\",\"dateModified\":\"2026-09-05T16:13:14+00:00\",\"description\":\"Campanes, espelmes i foc com a mitjans de protecci\u00f3: qu\u00e8 atribueix la tradici\u00f3 al so i la llum davant les entitats nocives.\",\"breadcrumb\":{\"@id\":\"https:\\\/\\\/iwell-guard.com\\\/ca\\\/so-i-llum-contra-amenaces\\\/#breadcrumb\"},\"inLanguage\":\"ca\",\"potentialAction\":[{\"@type\":\"ReadAction\",\"target\":[\"https:\\\/\\\/iwell-guard.com\\\/ca\\\/so-i-llum-contra-amenaces\\\/\"]}]},{\"@type\":\"ImageObject\",\"inLanguage\":\"ca\",\"@id\":\"https:\\\/\\\/iwell-guard.com\\\/ca\\\/so-i-llum-contra-amenaces\\\/#primaryimage\",\"url\":\"https:\\\/\\\/iwell-guard.com\\\/wp-content\\\/uploads\\\/2026\\\/05\\\/schutzsymbol_universell_klang-und-licht.png\",\"contentUrl\":\"https:\\\/\\\/iwell-guard.com\\\/wp-content\\\/uploads\\\/2026\\\/05\\\/schutzsymbol_universell_klang-und-licht.png\",\"width\":1024,\"height\":1536,\"caption\":\"So i llum contra el mal: campana i resplendor\"},{\"@type\":\"BreadcrumbList\",\"@id\":\"https:\\\/\\\/iwell-guard.com\\\/ca\\\/so-i-llum-contra-amenaces\\\/#breadcrumb\",\"itemListElement\":[{\"@type\":\"ListItem\",\"position\":1,\"name\":\"Start\",\"item\":\"https:\\\/\\\/iwell-guard.com\\\/ca\\\/?page_id=171333\"},{\"@type\":\"ListItem\",\"position\":2,\"name\":\"So i llum per protegir-se\"}]},{\"@type\":\"WebSite\",\"@id\":\"https:\\\/\\\/iwell-guard.com\\\/ca\\\/#website\",\"url\":\"https:\\\/\\\/iwell-guard.com\\\/ca\\\/\",\"name\":\"iWell Guard\",\"description\":\"Schutz vor dunklen Einfl\u00fcssen\",\"publisher\":{\"@id\":\"https:\\\/\\\/iwell-guard.com\\\/ca\\\/#organization\"},\"potentialAction\":[{\"@type\":\"SearchAction\",\"target\":{\"@type\":\"EntryPoint\",\"urlTemplate\":\"https:\\\/\\\/iwell-guard.com\\\/ca\\\/?s={search_term_string}\"},\"query-input\":{\"@type\":\"PropertyValueSpecification\",\"valueRequired\":true,\"valueName\":\"search_term_string\"}}],\"inLanguage\":\"ca\"},{\"@type\":\"Organization\",\"@id\":\"https:\\\/\\\/iwell-guard.com\\\/ca\\\/#organization\",\"name\":\"Ittermann electronic GmbH\",\"url\":\"https:\\\/\\\/iwell-guard.com\\\/ca\\\/\",\"logo\":{\"@type\":\"ImageObject\",\"inLanguage\":\"ca\",\"@id\":\"https:\\\/\\\/iwell-guard.com\\\/ca\\\/#\\\/schema\\\/logo\\\/image\\\/\",\"url\":\"https:\\\/\\\/iwell-guard.com\\\/wp-content\\\/uploads\\\/2026\\\/05\\\/Ittermann-Logo-1182x237-1.png\",\"contentUrl\":\"https:\\\/\\\/iwell-guard.com\\\/wp-content\\\/uploads\\\/2026\\\/05\\\/Ittermann-Logo-1182x237-1.png\",\"width\":1182,\"height\":237,\"caption\":\"Ittermann electronic GmbH\"},\"image\":{\"@id\":\"https:\\\/\\\/iwell-guard.com\\\/ca\\\/#\\\/schema\\\/logo\\\/image\\\/\"},\"sameAs\":[\"https:\\\/\\\/pantip.com\\\/profile\\\/9367242\",\"https:\\\/\\\/micro.blog\\\/iwellguard\",\"https:\\\/\\\/www.diggerslist.com\\\/iwellguard\\\/about\",\"https:\\\/\\\/skitterphoto.com\\\/photographers\\\/2870314\\\/iwell-guard\",\"https:\\\/\\\/iwellguard.wordpress.com\\\/2026\\\/06\\\/06\\\/iwell-guard\\\/\",\"https:\\\/\\\/hub.docker.com\\\/u\\\/iwellguard\",\"https:\\\/\\\/www.pinterest.com\\\/iwellguard\\\/\",\"https:\\\/\\\/bit.ly\\\/m\\\/iwellguard\",\"https:\\\/\\\/entre-vos-mains.alsace.eu\\\/profiles\\\/iwellguard\\\/activity\",\"https:\\\/\\\/gravatar.com\\\/reallybeded8fd34\",\"https:\\\/\\\/naijamatta.com\\\/iwellguard\",\"https:\\\/\\\/www.goodreads.com\\\/iwellguard\",\"https:\\\/\\\/profile.hatena.ne.jp\\\/iwellguard\\\/\",\"https:\\\/\\\/experiment.com\\\/users\\\/iwellguard\",\"https:\\\/\\\/wakelet.com\\\/@iWellGuard82270\",\"https:\\\/\\\/www.chordie.com\\\/forum\\\/profile.php?id=2555664\",\"https:\\\/\\\/www.instapaper.com\\\/p\\\/17757966\",\"https:\\\/\\\/www.mapleprimes.com\\\/users\\\/iwellguard\",\"https:\\\/\\\/businesslistingplus.com\\\/profile\\\/iwell-guard\\\/\",\"https:\\\/\\\/telegra.ph\\\/iWell-Guard-06-06\",\"https:\\\/\\\/pbase.com\\\/iwellguard\\\/iwellguard\",\"https:\\\/\\\/b.hatena.ne.jp\\\/iwellguard\\\/20260607#bookmark-4788405196491818882\",\"https:\\\/\\\/fliphtml5.com\\\/home\\\/iwellguard\",\"https:\\\/\\\/anyflip.com\\\/homepage\\\/cmiwl#About\",\"https:\\\/\\\/transfur.com\\\/Users\\\/iwellguard\",\"http:\\\/\\\/delphi.larsbo.org\\\/user\\\/iwellguard\",\"https:\\\/\\\/jobs.lajobsportal.org\\\/profiles\\\/8380803-iwell-guard\",\"https:\\\/\\\/md.chaosdorf.de\\\/s\\\/jfbe5SBdJD\",\"https:\\\/\\\/www.lingvolive.com\\\/en-us\\\/profile\\\/9ecaeaca-ce11-4e51-9e71-01d55e2bff36\\\/translations\",\"https:\\\/\\\/www.fitday.com\\\/fitness\\\/forums\\\/members\\\/iwellguard.html\",\"https:\\\/\\\/www.mymeetbook.com\\\/iwellguard\",\"https:\\\/\\\/pxhere.com\\\/en\\\/photographer-me\\\/5040798\",\"https:\\\/\\\/disqus.com\\\/by\\\/iwellguard\\\/about\\\/\",\"https:\\\/\\\/pastelink.net\\\/hjwciqwq\",\"https:\\\/\\\/pubhtml5.com\\\/homepage\\\/scjhn\\\/\",\"https:\\\/\\\/www.bitchute.com\\\/channel\\\/2O2eOKzNqujT\",\"https:\\\/\\\/audiomack.com\\\/iwellguard\"]}]}<\/script>\n<!-- \/ Yoast SEO Premium plugin. -->","yoast_head_json":{"title":"So i llum per protegir-se de les entitats nocives","description":"Campanes, espelmes i foc com a mitjans de protecci\u00f3: qu\u00e8 atribueix la tradici\u00f3 al so i la llum davant les entitats nocives.","robots":{"index":"index","follow":"follow","max-snippet":"max-snippet:-1","max-image-preview":"max-image-preview:large","max-video-preview":"max-video-preview:-1"},"canonical":"https:\/\/iwell-guard.com\/ca\/so-i-llum-contra-amenaces\/","og_locale":"ca_ES","og_type":"article","og_title":"So i llum per protegir-se","og_description":"Campanes, espelmes i foc com a mitjans de protecci\u00f3: qu\u00e8 atribueix la tradici\u00f3 al so i la llum davant les entitats nocives.","og_url":"https:\/\/iwell-guard.com\/ca\/so-i-llum-contra-amenaces\/","og_site_name":"iWell Guard","article_modified_time":"2026-09-05T16:13:14+00:00","og_image":[{"width":1024,"height":1536,"url":"https:\/\/iwell-guard.com\/wp-content\/uploads\/2026\/05\/schutzsymbol_universell_klang-und-licht.png","type":"image\/png"}],"twitter_card":"summary_large_image","schema":{"@context":"https:\/\/schema.org","@graph":[{"@type":"WebPage","@id":"https:\/\/iwell-guard.com\/ca\/so-i-llum-contra-amenaces\/","url":"https:\/\/iwell-guard.com\/ca\/so-i-llum-contra-amenaces\/","name":"So i llum per protegir-se de les entitats nocives","isPartOf":{"@id":"https:\/\/iwell-guard.com\/ca\/#website"},"primaryImageOfPage":{"@id":"https:\/\/iwell-guard.com\/ca\/so-i-llum-contra-amenaces\/#primaryimage"},"image":{"@id":"https:\/\/iwell-guard.com\/ca\/so-i-llum-contra-amenaces\/#primaryimage"},"thumbnailUrl":"https:\/\/iwell-guard.com\/wp-content\/uploads\/2026\/05\/schutzsymbol_universell_klang-und-licht.png","datePublished":"2026-09-05T15:44:24+00:00","dateModified":"2026-09-05T16:13:14+00:00","description":"Campanes, espelmes i foc com a mitjans de protecci\u00f3: qu\u00e8 atribueix la tradici\u00f3 al so i la llum davant les entitats nocives.","breadcrumb":{"@id":"https:\/\/iwell-guard.com\/ca\/so-i-llum-contra-amenaces\/#breadcrumb"},"inLanguage":"ca","potentialAction":[{"@type":"ReadAction","target":["https:\/\/iwell-guard.com\/ca\/so-i-llum-contra-amenaces\/"]}]},{"@type":"ImageObject","inLanguage":"ca","@id":"https:\/\/iwell-guard.com\/ca\/so-i-llum-contra-amenaces\/#primaryimage","url":"https:\/\/iwell-guard.com\/wp-content\/uploads\/2026\/05\/schutzsymbol_universell_klang-und-licht.png","contentUrl":"https:\/\/iwell-guard.com\/wp-content\/uploads\/2026\/05\/schutzsymbol_universell_klang-und-licht.png","width":1024,"height":1536,"caption":"So i llum contra el mal: campana i resplendor"},{"@type":"BreadcrumbList","@id":"https:\/\/iwell-guard.com\/ca\/so-i-llum-contra-amenaces\/#breadcrumb","itemListElement":[{"@type":"ListItem","position":1,"name":"Start","item":"https:\/\/iwell-guard.com\/ca\/?page_id=171333"},{"@type":"ListItem","position":2,"name":"So i llum per protegir-se"}]},{"@type":"WebSite","@id":"https:\/\/iwell-guard.com\/ca\/#website","url":"https:\/\/iwell-guard.com\/ca\/","name":"iWell Guard","description":"Schutz vor dunklen Einfl\u00fcssen","publisher":{"@id":"https:\/\/iwell-guard.com\/ca\/#organization"},"potentialAction":[{"@type":"SearchAction","target":{"@type":"EntryPoint","urlTemplate":"https:\/\/iwell-guard.com\/ca\/?s={search_term_string}"},"query-input":{"@type":"PropertyValueSpecification","valueRequired":true,"valueName":"search_term_string"}}],"inLanguage":"ca"},{"@type":"Organization","@id":"https:\/\/iwell-guard.com\/ca\/#organization","name":"Ittermann electronic GmbH","url":"https:\/\/iwell-guard.com\/ca\/","logo":{"@type":"ImageObject","inLanguage":"ca","@id":"https:\/\/iwell-guard.com\/ca\/#\/schema\/logo\/image\/","url":"https:\/\/iwell-guard.com\/wp-content\/uploads\/2026\/05\/Ittermann-Logo-1182x237-1.png","contentUrl":"https:\/\/iwell-guard.com\/wp-content\/uploads\/2026\/05\/Ittermann-Logo-1182x237-1.png","width":1182,"height":237,"caption":"Ittermann electronic GmbH"},"image":{"@id":"https:\/\/iwell-guard.com\/ca\/#\/schema\/logo\/image\/"},"sameAs":["https:\/\/pantip.com\/profile\/9367242","https:\/\/micro.blog\/iwellguard","https:\/\/www.diggerslist.com\/iwellguard\/about","https:\/\/skitterphoto.com\/photographers\/2870314\/iwell-guard","https:\/\/iwellguard.wordpress.com\/2026\/06\/06\/iwell-guard\/","https:\/\/hub.docker.com\/u\/iwellguard","https:\/\/www.pinterest.com\/iwellguard\/","https:\/\/bit.ly\/m\/iwellguard","https:\/\/entre-vos-mains.alsace.eu\/profiles\/iwellguard\/activity","https:\/\/gravatar.com\/reallybeded8fd34","https:\/\/naijamatta.com\/iwellguard","https:\/\/www.goodreads.com\/iwellguard","https:\/\/profile.hatena.ne.jp\/iwellguard\/","https:\/\/experiment.com\/users\/iwellguard","https:\/\/wakelet.com\/@iWellGuard82270","https:\/\/www.chordie.com\/forum\/profile.php?id=2555664","https:\/\/www.instapaper.com\/p\/17757966","https:\/\/www.mapleprimes.com\/users\/iwellguard","https:\/\/businesslistingplus.com\/profile\/iwell-guard\/","https:\/\/telegra.ph\/iWell-Guard-06-06","https:\/\/pbase.com\/iwellguard\/iwellguard","https:\/\/b.hatena.ne.jp\/iwellguard\/20260607#bookmark-4788405196491818882","https:\/\/fliphtml5.com\/home\/iwellguard","https:\/\/anyflip.com\/homepage\/cmiwl#About","https:\/\/transfur.com\/Users\/iwellguard","http:\/\/delphi.larsbo.org\/user\/iwellguard","https:\/\/jobs.lajobsportal.org\/profiles\/8380803-iwell-guard","https:\/\/md.chaosdorf.de\/s\/jfbe5SBdJD","https:\/\/www.lingvolive.com\/en-us\/profile\/9ecaeaca-ce11-4e51-9e71-01d55e2bff36\/translations","https:\/\/www.fitday.com\/fitness\/forums\/members\/iwellguard.html","https:\/\/www.mymeetbook.com\/iwellguard","https:\/\/pxhere.com\/en\/photographer-me\/5040798","https:\/\/disqus.com\/by\/iwellguard\/about\/","https:\/\/pastelink.net\/hjwciqwq","https:\/\/pubhtml5.com\/homepage\/scjhn\/","https:\/\/www.bitchute.com\/channel\/2O2eOKzNqujT","https:\/\/audiomack.com\/iwellguard"]}]}},"_links":{"self":[{"href":"https:\/\/iwell-guard.com\/ca\/wp-json\/wp\/v2\/pages\/172020","targetHints":{"allow":["GET"]}}],"collection":[{"href":"https:\/\/iwell-guard.com\/ca\/wp-json\/wp\/v2\/pages"}],"about":[{"href":"https:\/\/iwell-guard.com\/ca\/wp-json\/wp\/v2\/types\/page"}],"author":[{"embeddable":true,"href":"https:\/\/iwell-guard.com\/ca\/wp-json\/wp\/v2\/users\/3"}],"replies":[{"embeddable":true,"href":"https:\/\/iwell-guard.com\/ca\/wp-json\/wp\/v2\/comments?post=172020"}],"version-history":[{"count":0,"href":"https:\/\/iwell-guard.com\/ca\/wp-json\/wp\/v2\/pages\/172020\/revisions"}],"wp:featuredmedia":[{"embeddable":true,"href":"https:\/\/iwell-guard.com\/ca\/wp-json\/wp\/v2\/media\/4141"}],"wp:attachment":[{"href":"https:\/\/iwell-guard.com\/ca\/wp-json\/wp\/v2\/media?parent=172020"}],"wp:term":[{"taxonomy":"category","embeddable":true,"href":"https:\/\/iwell-guard.com\/ca\/wp-json\/wp\/v2\/categories?post=172020"}],"curies":[{"name":"wp","href":"https:\/\/api.w.org\/{rel}","templated":true}]}}