{"id":172019,"date":"2026-09-05T15:44:23","date_gmt":"2026-09-05T15:44:23","guid":{"rendered":"https:\/\/iwell-guard.com\/?page_id=172019"},"modified":"2026-09-05T16:13:13","modified_gmt":"2026-09-05T16:13:13","slug":"herba-de-sant-joan","status":"publish","type":"page","link":"https:\/\/iwell-guard.com\/ca\/herba-de-sant-joan\/","title":{"rendered":"Herba de Sant Joan"},"content":{"rendered":"\t\t<div data-elementor-type=\"wp-page\" data-elementor-id=\"172019\" class=\"elementor elementor-172019 elementor-3776 elementor-bc-flex-widget\" data-elementor-post-type=\"page\">\n\t\t\t\t<div class=\"elementor-element elementor-element-iwgs-johanniskraut-hero e-flex e-con-boxed e-con e-parent\" data-id=\"iwgs-johanniskraut-hero\" data-element_type=\"container\" data-e-type=\"container\">\n\t\t\t\t\t<div class=\"e-con-inner\">\n\t\t<div class=\"elementor-element elementor-element-iw-johanniskraut-hero-left e-con-full e-flex e-con e-child\" data-id=\"iw-johanniskraut-hero-left\" data-element_type=\"container\" data-e-type=\"container\">\n\t\t\t\t<div class=\"elementor-element elementor-element-iwgs-johanniskraut-h1 elementor-widget elementor-widget-heading\" data-id=\"iwgs-johanniskraut-h1\" data-element_type=\"widget\" data-e-type=\"widget\" data-widget_type=\"heading.default\">\n\t\t\t\t\t<h1 class=\"elementor-heading-title elementor-size-default\">Herba de Sant Joan \u2014 Planta protectora del solstici<\/h1>\t\t\t\t<\/div>\n\t\t<div class=\"elementor-element elementor-element-iw-johanniskraut-hero-bw e-con-full e-flex e-con e-child\" data-id=\"iw-johanniskraut-hero-bw\" data-element_type=\"container\" data-e-type=\"container\">\n\t\t\t\t<div class=\"elementor-element elementor-element-iwgs-johanniskraut-pills elementor-widget elementor-widget-html\" data-id=\"iwgs-johanniskraut-pills\" data-element_type=\"widget\" data-e-type=\"widget\" data-widget_type=\"html.default\">\n\t\t\t\t\t<div class=\"iwg-pill-row\"><span class=\"iwg-klasse-badge\" tabindex=\"0\" data-tooltip=\"Tipus de mitj\u00e0 de protecci\u00f3.\">Subst\u00e0ncia protectora<\/span><a href=\"https:\/\/iwell-guard.com\/ca\/?page_id=172010\" class=\"iwg-kultur-badge\" tabindex=\"0\" data-tooltip=\"Anar a la visi\u00f3 general.\">Subst\u00e0ncies protectores i plantes<\/a><\/div>\t\t\t\t<\/div>\n\t\t\t\t<div class=\"elementor-element elementor-element-iwgs-johanniskraut-lead elementor-widget elementor-widget-text-editor\" data-id=\"iwgs-johanniskraut-lead\" data-element_type=\"widget\" data-e-type=\"widget\" data-widget_type=\"text-editor.default\">\n\t\t\t\t\t\t\t\t\t<p>L&#8217;herba de Sant Joan porta en la bot\u00e0nica llatina un dels sobrenoms populars m\u00e9s expressius que mai ha rebut una planta medicinal: <em>Fuga daemonum<\/em>, la fugida dels dimonis.<\/p><p>Aquest nom, documentat des de l&#8217;edat mitjana en textos bot\u00e0nics i teol\u00f2gics, resumeix l&#8217;ess\u00e8ncia de la <span class=\"iwg-fachbegriff\" data-tooltip=\"La transmissi\u00f3 de coneixements i relats al llarg de generacions.\" tabindex=\"0\">tradici\u00f3<\/span> popular: l&#8217;herba, que floreix plenament al voltant de la festivitat de Sant Joan, el 24 de juny, hauria d&#8217;allunyar de la casa i de la persona dimonis, \u00edncubs i altres esperits nocius.<\/p>\n<p>L&#8217;herba de Sant Joan forma part de les <a href=\"https:\/\/iwell-guard.com\/ca\/?page_id=172010\">subst\u00e0ncies i plantes protectores<\/a> i ocupa un lloc especial entre les plantes protectores, ja que \u00e9s l&#8217;\u00fanica d&#8217;aquest grup que porta un nom llat\u00ed de protecci\u00f3 aprovat per l&#8217;Esgl\u00e9sia: la denominaci\u00f3 <em>Fuga daemonum<\/em> indica que fins i tot l&#8217;Esgl\u00e9sia medieval coneixia aquesta atribuci\u00f3 protectora, la va documentar i la va incorporar a la seva bot\u00e0nica sense rebutjar-la.<\/p><p>Important: aquesta p\u00e0gina tracta exclusivament la tradici\u00f3 folkl\u00f2rica de protecci\u00f3. Les afirmacions m\u00e8diques o farmacol\u00f2giques sobre aquesta herba no s\u00f3n objecte d&#8217;aquest article. La proximitat al solstici marca fins avui la interpretaci\u00f3 popular de l&#8217;herba de Sant Joan com a planta protectora.<\/p>\t\t\t\t\t\t\t\t<\/div>\n\t\t\t\t<\/div>\n\t\t\t\t<\/div>\n\t\t<div class=\"elementor-element elementor-element-iw-johanniskraut-hero-img e-con-full e-flex e-con e-child\" data-id=\"iw-johanniskraut-hero-img\" data-element_type=\"container\" data-e-type=\"container\">\n\t\t\t\t<div class=\"elementor-element elementor-element-iwgs-johanniskraut-himg iwg-hero-image elementor-widget elementor-widget-image\" data-id=\"iwgs-johanniskraut-himg\" data-element_type=\"widget\" data-e-type=\"widget\" data-widget_type=\"image.default\">\n\t\t\t\t\t\t\t\t\t\t\t\t\t\t\t<img fetchpriority=\"high\" decoding=\"async\" width=\"683\" height=\"1024\" src=\"https:\/\/iwell-guard.com\/wp-content\/uploads\/2026\/05\/schutzsymbol_germanisch_johanniskraut-683x1024.png\" class=\"attachment-large size-large wp-image-173209\" alt=\"Herba de Sant Joan: planta protectora del solstici, il\u00b7lustraci\u00f3 hist\u00f2rica\" srcset=\"https:\/\/iwell-guard.com\/wp-content\/uploads\/2026\/05\/schutzsymbol_germanisch_johanniskraut-683x1024.png 683w, https:\/\/iwell-guard.com\/wp-content\/uploads\/2026\/05\/schutzsymbol_germanisch_johanniskraut-200x300.png 200w, https:\/\/iwell-guard.com\/wp-content\/uploads\/2026\/05\/schutzsymbol_germanisch_johanniskraut-768x1152.png 768w, https:\/\/iwell-guard.com\/wp-content\/uploads\/2026\/05\/schutzsymbol_germanisch_johanniskraut.png 1024w\" sizes=\"(max-width: 683px) 100vw, 683px\" \/>\t\t\t\t\t\t\t\t\t\t\t\t\t\t\t<\/div>\n\t\t\t\t<\/div>\n\t\t\t\t\t<\/div>\n\t\t\t\t<\/div>\n\t\t<div class=\"elementor-element elementor-element-iwgs-johanniskraut-s0 e-flex e-con-boxed e-con e-parent\" data-id=\"iwgs-johanniskraut-s0\" data-element_type=\"container\" data-e-type=\"container\">\n\t\t\t\t\t<div class=\"e-con-inner\">\n\t\t\t\t<div class=\"elementor-element elementor-element-iwgs-johanniskraut-s0h elementor-widget elementor-widget-heading\" data-id=\"iwgs-johanniskraut-s0h\" data-element_type=\"widget\" data-e-type=\"widget\" data-widget_type=\"heading.default\">\n\t\t\t\t\t<h2 class=\"elementor-heading-title elementor-size-default\">Resum r\u00e0pid<\/h2>\t\t\t\t<\/div>\n\t\t<div class=\"elementor-element elementor-element-iw-johanniskraut-s0-bw e-con-full e-flex e-con e-child\" data-id=\"iw-johanniskraut-s0-bw\" data-element_type=\"container\" data-e-type=\"container\">\n\t\t\t\t<div class=\"elementor-element elementor-element-iwgs-johanniskraut-s0t elementor-widget elementor-widget-text-editor\" data-id=\"iwgs-johanniskraut-s0t\" data-element_type=\"widget\" data-e-type=\"widget\" data-widget_type=\"text-editor.default\">\n\t\t\t\t\t\t\t\t\t<p>Segons la <span class=\"iwg-fachbegriff\" data-tooltip=\"La transmissi\u00f3 de coneixements i narracions al llarg de generacions.\" tabindex=\"0\">tradici\u00f3<\/span>, l&#8217;herba de Sant Joan \u00e9s considerada una planta protectora contra dimonis, \u00edncubs i influ\u00e8ncies nocturnes en general. L&#8217;herba s&#8217;asseca i es penja en ramells sobre les entrades, als marcs de les finestres i als llits.<\/p><p>Es considera especialment potent l&#8217;herba recollida el dia de Sant Joan. Les flors grogues daurades i el tint vermell de les fulles esclafades s&#8217;interpreten, en la <span class=\"iwg-fachbegriff\" data-tooltip=\"La transmissi\u00f3 de coneixements i narracions al llarg de generacions.\" tabindex=\"0\">tradici\u00f3<\/span>, com a s\u00edmbol de la for\u00e7a de la llum que fa retrocedir la foscor.<\/p>\t\t\t\t\t\t\t\t<\/div>\n\t\t\t\t<\/div>\n\t\t\t\t\t<\/div>\n\t\t\t\t<\/div>\n\t\t<div class=\"elementor-element elementor-element-iwgs-johanniskraut-s1 e-flex e-con-boxed e-con e-parent\" data-id=\"iwgs-johanniskraut-s1\" data-element_type=\"container\" data-e-type=\"container\">\n\t\t\t\t\t<div class=\"e-con-inner\">\n\t\t\t\t<div class=\"elementor-element elementor-element-iwgs-johanniskraut-s1h elementor-widget elementor-widget-heading\" data-id=\"iwgs-johanniskraut-s1h\" data-element_type=\"widget\" data-e-type=\"widget\" data-widget_type=\"heading.default\">\n\t\t\t\t\t<h2 class=\"elementor-heading-title elementor-size-default\">Origen i tradici\u00f3<\/h2>\t\t\t\t<\/div>\n\t\t<div class=\"elementor-element elementor-element-iw-johanniskraut-s1-bw e-con-full e-flex e-con e-child\" data-id=\"iw-johanniskraut-s1-bw\" data-element_type=\"container\" data-e-type=\"container\">\n\t\t\t\t<div class=\"elementor-element elementor-element-iwgs-johanniskraut-s1t elementor-widget elementor-widget-text-editor\" data-id=\"iwgs-johanniskraut-s1t\" data-element_type=\"widget\" data-e-type=\"widget\" data-widget_type=\"text-editor.default\">\n\t\t\t\t\t\t\t\t\t<p>El nom de l&#8217;herba de Sant Joan remet a Joan Baptista, la festa del qual se celebra el 24 de juny. El solstici d&#8217;estiu cau poc abans d&#8217;aquesta data, i en la tradici\u00f3 popular els focs de solstici del costumari precristi\u00e0 es van fondre amb la veneraci\u00f3 cristiana del sant.<\/p><p>Les plantes collides en aquest moment es consideraven especialment potents perqu\u00e8 haurien absorbit el m\u00e0xim de la for\u00e7a solar.<\/p>\n<p><em>Hypericum perforatum<\/em>, el nom bot\u00e0nic de la planta, cont\u00e9 una pista en el propi ep\u00edtet: les fulles, mirades a contrallum, mostren petites perforacions que la tradici\u00f3 popular interpretava com a marques de punxada o ferida. Aquesta associaci\u00f3 amb el patiment del Baptista va refor\u00e7ar la c\u00e0rrega religiosa de l&#8217;herba.<\/p>\n<p>En la bot\u00e0nica medieval de Konrad von Megenberg (<em>Buch der Natur<\/em>, segle XIV) s&#8217;esmenta l&#8217;herba de Sant Joan en el context de la defensa contra dimonis i \u00edncubs. Paracels, el metge i fil\u00f2sof natural de principis del segle XVI, descriu l&#8217;herba en relaci\u00f3 amb la llum, la purificaci\u00f3 i la defensa contra els esperits.<\/p>\n<p>En la tradici\u00f3 popular alemanya, documentada extensament en el Handw\u00f6rterbuch des deutschen Aberglaubens, penjar manats d&#8217;herba de Sant Joan el dia de Sant Joan \u00e9s una de les pr\u00e0ctiques dom\u00e8stiques m\u00e9s esteses. Qui oblidava tallar herba fresca el dia de Sant Joan i penjar-la sobre la porta era considerat, en algunes regions, desprotegit per a l&#8217;any vinent.<\/p>\t\t\t\t\t\t\t\t<\/div>\n\t\t\t\t<\/div>\n\t\t\t\t\t<\/div>\n\t\t\t\t<\/div>\n\t\t<div class=\"elementor-element elementor-element-iwgs-johanniskraut-s2 e-flex e-con-boxed e-con e-parent\" data-id=\"iwgs-johanniskraut-s2\" data-element_type=\"container\" data-e-type=\"container\">\n\t\t\t\t\t<div class=\"e-con-inner\">\n\t\t\t\t<div class=\"elementor-element elementor-element-iwgs-johanniskraut-s2h elementor-widget elementor-widget-heading\" data-id=\"iwgs-johanniskraut-s2h\" data-element_type=\"widget\" data-e-type=\"widget\" data-widget_type=\"heading.default\">\n\t\t\t\t\t<h2 class=\"elementor-heading-title elementor-size-default\">Principi d'acci\u00f3 segons la tradici\u00f3<\/h2>\t\t\t\t<\/div>\n\t\t<div class=\"elementor-element elementor-element-iw-johanniskraut-s2-bw e-con-full e-flex e-con e-child\" data-id=\"iw-johanniskraut-s2-bw\" data-element_type=\"container\" data-e-type=\"container\">\n\t\t\t\t<div class=\"elementor-element elementor-element-iwgs-johanniskraut-s2t elementor-widget elementor-widget-text-editor\" data-id=\"iwgs-johanniskraut-s2t\" data-element_type=\"widget\" data-e-type=\"widget\" data-widget_type=\"text-editor.default\">\n\t\t\t\t\t\t\t\t\t<p>La <span class=\"iwg-fachbegriff\" data-tooltip=\"La transmissi\u00f3 de coneixements i relats al llarg de generacions.\" tabindex=\"0\">tradici\u00f3<\/span> fonamenta la for\u00e7a protectora de l&#8217;herba de Sant Joan en diversos nivells.<\/p>\n<p>L&#8217;atribuci\u00f3 lum\u00ednica \u00e9s la m\u00e9s forta. L&#8217;herba floreix d&#8217;un groc intens en el moment de les hores de llum m\u00e9s llargues de l&#8217;any, i el colorant vermell, la hipericina, que surt de les flors esclafades, es va interpretar com llum solar coagulada o com a sang simb\u00f2lica del sant solar. Segons aquesta l\u00f2gica de la tradici\u00f3, els \u00e9ssers que cerquen la foscor no poden resistir aquesta for\u00e7a lum\u00ednica concentrada.<\/p>\n<p>A aix\u00f2 s&#8217;hi afegeix el moment de la collita: en la creen\u00e7a popular, les plantes collides el dia de Sant Joan es troben en el punt culminant de la seva for\u00e7a natural. Segons aquesta concepci\u00f3, la frontera entre la pot\u00e8ncia ordin\u00e0ria d&#8217;una planta i el seu efecte protector no rau en la qu\u00edmica, sin\u00f3 en el moment de la collita i la constel\u00b7laci\u00f3 d&#8217;energia c\u00f2smica que hi va lligada.<\/p>\n<p>Finalment, la denominaci\u00f3 eclesi\u00e0stica <em>Fuga daemonum<\/em> aporta profunditat a la tradici\u00f3: si fins i tot la bot\u00e0nica erudita en llat\u00ed de l&#8217;edat mitjana esmentava aquesta herba en relaci\u00f3 amb la defensa contra dimonis, la pr\u00e0ctica popular va trobar un suport en la cultura escrita que altres plantes protectores no tenien.<\/p>\t\t\t\t\t\t\t\t<\/div>\n\t\t\t\t<\/div>\n\t\t\t\t\t<\/div>\n\t\t\t\t<\/div>\n\t\t<div class=\"elementor-element elementor-element-iwgs-johanniskraut-s3 e-flex e-con-boxed e-con e-parent\" data-id=\"iwgs-johanniskraut-s3\" data-element_type=\"container\" data-e-type=\"container\">\n\t\t\t\t\t<div class=\"e-con-inner\">\n\t\t\t\t<div class=\"elementor-element elementor-element-iwgs-johanniskraut-s3h elementor-widget elementor-widget-heading\" data-id=\"iwgs-johanniskraut-s3h\" data-element_type=\"widget\" data-e-type=\"widget\" data-widget_type=\"heading.default\">\n\t\t\t\t\t<h2 class=\"elementor-heading-title elementor-size-default\">Difusi\u00f3 transcultural<\/h2>\t\t\t\t<\/div>\n\t\t<div class=\"elementor-element elementor-element-iw-johanniskraut-s3-bw e-con-full e-flex e-con e-child\" data-id=\"iw-johanniskraut-s3-bw\" data-element_type=\"container\" data-e-type=\"container\">\n\t\t\t\t<div class=\"elementor-element elementor-element-iwgs-johanniskraut-s3t elementor-widget elementor-widget-text-editor\" data-id=\"iwgs-johanniskraut-s3t\" data-element_type=\"widget\" data-e-type=\"widget\" data-widget_type=\"text-editor.default\">\n\t\t\t\t\t\t\t\t\t<p>L&#8217;herba de Sant Joan com a planta protectora \u00e9s, en primer lloc, un fenomen centreeuropeu, per\u00f2 tamb\u00e9 ha deixat rastres en cultures ve\u00efnes.<\/p>\n<p>A <strong>Europa central i occidental<\/strong>, la pr\u00e0ctica protectora de Sant Joan est\u00e0 documentada de manera generalitzada. Des de Baviera fins a \u00c0ustria, Su\u00efssa, Fran\u00e7a, Pol\u00f2nia i els pa\u00efsos b\u00e0ltics, el fet de penjar herba de Sant Joan el dia de Sant Joan apareix com un costum de protecci\u00f3 uniforme.<\/p>\n<p>A <strong>Escandin\u00e0via<\/strong> es coneixen pr\u00e0ctiques similars amb herbes de solstici. L&#8217;herba en si \u00e9s menys freq\u00fcent, per\u00f2 la l\u00f2gica de l&#8217;herba del solstici com a planta protectora troba equival\u00e8ncies en herbes locals com la valeriana.<\/p>\n<p>Al <strong>sud d&#8217;Europa<\/strong> i a la <strong>Mediterr\u00e0nia<\/strong>, el dia de Sant Joan com a data de collita d&#8217;herbes m\u00e0giques tamb\u00e9 est\u00e0 est\u00e8s, i en algunes regions d&#8217;It\u00e0lia i Gr\u00e8cia l&#8217;herba de Sant Joan t\u00e9 un paper semblant al de l&#8217;\u00e0mbit de parla alemanya.<\/p>\n<p>Al <strong>nord d&#8217;\u00c0frica i el Pr\u00f2xim Orient<\/strong>, la planta \u00e9s menys present com a mitj\u00e0 de protecci\u00f3, per\u00f2 algunes fonts de medicina popular berber i \u00e0rab l&#8217;associen amb la defensa contra esperits.<\/p>\t\t\t\t\t\t\t\t<\/div>\n\t\t\t\t<\/div>\n\t\t\t\t\t<\/div>\n\t\t\t\t<\/div>\n\t\t<div class=\"elementor-element elementor-element-iwgs-johanniskraut-s4 e-flex e-con-boxed e-con e-parent\" data-id=\"iwgs-johanniskraut-s4\" data-element_type=\"container\" data-e-type=\"container\">\n\t\t\t\t\t<div class=\"e-con-inner\">\n\t\t\t\t<div class=\"elementor-element elementor-element-iwgs-johanniskraut-s4h elementor-widget elementor-widget-heading\" data-id=\"iwgs-johanniskraut-s4h\" data-element_type=\"widget\" data-e-type=\"widget\" data-widget_type=\"heading.default\">\n\t\t\t\t\t<h2 class=\"elementor-heading-title elementor-size-default\">Contra qu\u00e8 s'utilitza<\/h2>\t\t\t\t<\/div>\n\t\t<div class=\"elementor-element elementor-element-iw-johanniskraut-s4-bw e-con-full e-flex e-con e-child\" data-id=\"iw-johanniskraut-s4-bw\" data-element_type=\"container\" data-e-type=\"container\">\n\t\t\t\t<div class=\"elementor-element elementor-element-iwgs-johanniskraut-s4t elementor-widget elementor-widget-text-editor\" data-id=\"iwgs-johanniskraut-s4t\" data-element_type=\"widget\" data-e-type=\"widget\" data-widget_type=\"text-editor.default\">\n\t\t\t\t\t\t\t\t\t<p>Segons la tradici\u00f3, es considera que l&#8217;herba de Sant Joan protegeix especialment contra:<\/p>\n<p>Contra <strong>dimonis i influ\u00e8ncies demon\u00edaques<\/strong>: el nom <em>Fuga daemonum<\/em> ho indica directament. La planta ha de mantenir els dimonis allunyats dels espais i obligar-los a abandonar una llar on estigui penjada.<\/p>\n<p>Contra <strong>\u00e0lfs i malsons nocturns<\/strong>: en la tradici\u00f3 popular centreeuropea, l&#8217;\u00e0lf, un esperit nocturn que s&#8217;asseu sobre les persones adormides i les turmenta amb malsons, \u00e9s un dels principals objectius de la pr\u00e0ctica de protecci\u00f3 amb herba de Sant Joan. Es penjaven manats al cap\u00e7al dels llits i sobre les portes dels dormitoris per mantenir l&#8217;\u00e0lf allunyat.<\/p>\n<p>Contra <strong>bruixes i maleficis<\/strong>: l&#8217;herba de Sant Joan penjada a portes i finestres tamb\u00e9 es considera una protecci\u00f3 contra l&#8217;entrada de bruixes o contra els efectes de maleficis dirigits contra la casa.<\/p>\n<p>Contra <strong>influ\u00e8ncies malignes generals en el per\u00edode del solstici<\/strong>: en la pr\u00e0ctica popular, la festa de Sant Joan marca l&#8217;inici de la \u00abmeitat de l&#8217;any m\u00e9s perillosa\u00bb, en la qual es creu que les forces sobrenaturals s\u00f3n m\u00e9s actives. L&#8217;herba fresca es considera l&#8217;equipament de protecci\u00f3 estacional per a aquest per\u00edode.<\/p>\t\t\t\t\t\t\t\t<\/div>\n\t\t\t\t<\/div>\n\t\t\t\t\t<\/div>\n\t\t\t\t<\/div>\n\t\t<div class=\"elementor-element elementor-element-iwgs-johanniskraut-s5 e-flex e-con-boxed e-con e-parent\" data-id=\"iwgs-johanniskraut-s5\" data-element_type=\"container\" data-e-type=\"container\">\n\t\t\t\t\t<div class=\"e-con-inner\">\n\t\t\t\t<div class=\"elementor-element elementor-element-iwgs-johanniskraut-s5h elementor-widget elementor-widget-heading\" data-id=\"iwgs-johanniskraut-s5h\" data-element_type=\"widget\" data-e-type=\"widget\" data-widget_type=\"heading.default\">\n\t\t\t\t\t<h2 class=\"elementor-heading-title elementor-size-default\">Aplicaci\u00f3 i l\u00edmits<\/h2>\t\t\t\t<\/div>\n\t\t<div class=\"elementor-element elementor-element-iw-johanniskraut-s5-bw e-con-full e-flex e-con e-child\" data-id=\"iw-johanniskraut-s5-bw\" data-element_type=\"container\" data-e-type=\"container\">\n\t\t\t\t<div class=\"elementor-element elementor-element-iwgs-johanniskraut-s5t elementor-widget elementor-widget-text-editor\" data-id=\"iwgs-johanniskraut-s5t\" data-element_type=\"widget\" data-e-type=\"widget\" data-widget_type=\"text-editor.default\">\n\t\t\t\t\t\t\t\t\t<p>Els manats assecats es pengen sobre les entrades, als marcs de finestres i als dormitoris. Segons la <span class=\"iwg-fachbegriff\" data-tooltip=\"La transmissi\u00f3 de coneixements i relats al llarg de generacions.\" tabindex=\"0\">tradici\u00f3<\/span>, el moment \u00f2ptim \u00e9s el dia de Sant Joan mateix o poc abans: l&#8217;herba tallada en aquest moment porta tota la for\u00e7a del sol. L&#8217;herba collida fora d&#8217;aquest per\u00edode es considera, en una interpretaci\u00f3 estricta de la <span class=\"iwg-fachbegriff\" data-tooltip=\"La transmissi\u00f3 de coneixements i relats al llarg de generacions.\" tabindex=\"0\">tradici\u00f3<\/span>, menys efica\u00e7.<\/p>\n<p>Algunes tradicions exigeixen collir l&#8217;herba sense eines de ferro, \u00e9s a dir amb les mans nues o amb un ganivet de fusta, per no pertorbar la for\u00e7a natural. Altres no imposen cap restricci\u00f3 d&#8217;aquest tipus.<\/p>\n<p>L&#8217;efecte protector est\u00e0 vinculat al lloc on penja l&#8217;herba: protegeix l&#8217;espai, no la persona que el deixa. Per a la protecci\u00f3 personal en despla\u00e7aments, altres tradicions cosien l&#8217;herba dins d&#8217;una petita bossa protectora.<\/p>\n<p>Aquesta <span class=\"iwg-fachbegriff\" data-tooltip=\"La transmissi\u00f3 de coneixements i relats al llarg de generacions.\" tabindex=\"0\">tradici\u00f3<\/span> no comporta cap afirmaci\u00f3 d&#8217;efecte m\u00e8dic.<\/p>\t\t\t\t\t\t\t\t<\/div>\n\t\t\t\t<\/div>\n\t\t\t\t\t<\/div>\n\t\t\t\t<\/div>\n\t\t<div class=\"elementor-element elementor-element-iwgs-johanniskraut-lit e-flex e-con-boxed e-con e-parent\" data-id=\"iwgs-johanniskraut-lit\" data-element_type=\"container\" data-e-type=\"container\">\n\t\t\t\t\t<div class=\"e-con-inner\">\n\t\t\t\t<div class=\"elementor-element elementor-element-iwgs-johanniskraut-lith elementor-widget elementor-widget-heading\" data-id=\"iwgs-johanniskraut-lith\" data-element_type=\"widget\" data-e-type=\"widget\" data-widget_type=\"heading.default\">\n\t\t\t\t\t<h2 class=\"elementor-heading-title elementor-size-default\">Bibliografia (selecci\u00f3)<\/h2>\t\t\t\t<\/div>\n\t\t<div class=\"elementor-element elementor-element-iw-johanniskraut-lit-bw e-con-full e-flex e-con e-child\" data-id=\"iw-johanniskraut-lit-bw\" data-element_type=\"container\" data-e-type=\"container\">\n\t\t\t\t<div class=\"elementor-element elementor-element-iwgs-johanniskraut-litt elementor-widget elementor-widget-html\" data-id=\"iwgs-johanniskraut-litt\" data-element_type=\"widget\" data-e-type=\"widget\" data-widget_type=\"html.default\">\n\t\t\t\t\t<footer data-nosnippet=\"true\"><ul><li>Handw\u00f6rterbuch des deutschen Aberglaubens. Hrsg. von Hanns B\u00e4chtold-St\u00e4ubli und Eduard Hoffmann-Krayer. Berlin \/ Leipzig 1927-1942. Article \"Johanniskraut\".<\/li><li>Konrad von Megenberg: Buch der Natur. 14. Jahrhundert (Hrsg. Franz Pfeiffer, Stuttgart 1861).<\/li><li>Marzell, Heinrich: W\u00f6rterbuch der deutschen Pflanzennamen. Leipzig 1943-1979.<\/li><li>Richard Kieckhefer: Magic in the Middle Ages. Cambridge University Press, 1989.<\/li><li>Jacob Grimm: Deutsche Mythologie. 4. Auflage, Berlin 1875-1878.<\/li><\/ul><\/footer>\t\t\t\t<\/div>\n\t\t\t\t<\/div>\n\t\t\t\t\t<\/div>\n\t\t\t\t<\/div>\n\t\t<div class=\"elementor-element elementor-element-iwgs-johanniskraut-kwd e-flex e-con-boxed e-con e-parent\" data-id=\"iwgs-johanniskraut-kwd\" data-element_type=\"container\" data-e-type=\"container\">\n\t\t\t\t\t<div class=\"e-con-inner\">\n\t\t<div class=\"elementor-element elementor-element-iw-johanniskraut-kwd-bw e-con-full e-flex e-con e-child\" data-id=\"iw-johanniskraut-kwd-bw\" data-element_type=\"container\" data-e-type=\"container\">\n\t\t\t\t<div class=\"elementor-element elementor-element-iwgs-johanniskraut-kwdt elementor-widget elementor-widget-text-editor\" data-id=\"iwgs-johanniskraut-kwdt\" data-element_type=\"widget\" data-e-type=\"widget\" data-widget_type=\"text-editor.default\">\n\t\t\t\t\t\t\t\t\t<p><em>Termes clau relacionats: herba de sant joan protecci\u00f3 fuga daemonum herba dels dimonis <span class=\"iwg-fachbegriff\" data-tooltip=\"Creences i costums religiosos difosos en la vida quotidiana.\" tabindex=\"0\">creen\u00e7a popular<\/span>.<\/em><\/p>\t\t\t\t\t\t\t\t<\/div>\n\t\t\t\t<\/div>\n\t\t\t\t\t<\/div>\n\t\t\t\t<\/div>\n\t\t<div class=\"elementor-element elementor-element-iwgs-johanniskraut-cc e-flex e-con-boxed e-con e-parent\" data-id=\"iwgs-johanniskraut-cc\" data-element_type=\"container\" data-e-type=\"container\" id=\"iwg-cc-johanniskraut\">\n\t\t\t\t\t<div class=\"e-con-inner\">\n\t\t<div class=\"elementor-element elementor-element-iwgs-johanniskraut-ccinner e-flex e-con-boxed e-con e-parent\" data-id=\"iwgs-johanniskraut-ccinner\" data-element_type=\"container\" data-e-type=\"container\" data-settings=\"{&quot;background_background&quot;:&quot;classic&quot;}\">\n\t\t\t\t\t<div class=\"e-con-inner\">\n\t\t\t\t<div class=\"elementor-element elementor-element-iwgs-johanniskraut-cch elementor-widget elementor-widget-heading\" data-id=\"iwgs-johanniskraut-cch\" data-element_type=\"widget\" data-e-type=\"widget\" data-widget_type=\"heading.default\">\n\t\t\t\t\t<h2 class=\"elementor-heading-title elementor-size-default\">iWell Guard i tradicions de protecci\u00f3<\/h2>\t\t\t\t<\/div>\n\t\t\t\t<div class=\"elementor-element elementor-element-iwgs-johanniskraut-cct elementor-widget elementor-widget-text-editor\" data-id=\"iwgs-johanniskraut-cct\" data-element_type=\"widget\" data-e-type=\"widget\" data-widget_type=\"text-editor.default\">\n\t\t\t\t\t\t\t\t\t<p>La <span class=\"iwg-fachbegriff\" data-tooltip=\"La transmissi\u00f3 de coneixements i relats al llarg de generacions.\" tabindex=\"0\">tradici\u00f3<\/span> de l&#8217;herba de Sant Joan mostra com la llum i la natura es van unir per formar una idea de protecci\u00f3 que va romandre viva durant segles.<\/p><p>La idea de que certes plantes i subst\u00e0ncies, recollides en el moment i el lloc adequats, despleguen un efecte protector s&#8217;enlla\u00e7a amb el concepte de l&#8217;<a href=\"https:\/\/iwell-guard.com\/ca\/penjoll-protector-iwell-guard-comprar\/\">iWell Guard<\/a>, un objecte que reuneix els fils de la tradici\u00f3 del pensament protector de moltes cultures.<\/p>\t\t\t\t\t\t\t\t<\/div>\n\t\t\t\t<div class=\"elementor-element elementor-element-iwgs-johanniskraut-ccb iwg-cc-button iwg-cc-cta-2026-05-13 elementor-widget elementor-widget-jet-button\" data-id=\"iwgs-johanniskraut-ccb\" data-element_type=\"widget\" data-e-type=\"widget\" data-widget_type=\"jet-button.default\">\n\t\t\t\t<div class=\"elementor-widget-container\">\n\t\t\t\t\t<div class=\"elementor-jet-button jet-elements\"><div class=\"jet-button__container\"><a class=\"jet-button__instance jet-button__instance--icon-left hover-effect-1\" href=\"\/schutzanhaenger-iwell-guard-kaufen\/?utm_source=iwell-guard.com&amp;utm_medium=info-box&amp;utm_campaign=schutzsymbole\"><div class=\"jet-button__plane jet-button__plane-normal\"><\/div><div class=\"jet-button__plane jet-button__plane-hover\"><\/div><div class=\"jet-button__state jet-button__state-normal\"><span class=\"jet-button__label\">M\u00e9s informaci\u00f3 sobre l'iWell Guard<\/span><\/div><div class=\"jet-button__state jet-button__state-hover\"><span class=\"jet-button__label\">M\u00e9s informaci\u00f3 sobre l'iWell Guard<\/span><\/div><\/a><\/div><\/div><style>.elementor-element.elementor-element-iwgs-johanniskraut-ccb .jet-button__instance{width:320px;height:56px;}.elementor-element.elementor-element-iwgs-johanniskraut-ccb .jet-button__state-normal .jet-button__label{text-align:center;margin:0px 0px 0px 0px;color:#1a1b20;font-family:Montserrat,sans-serif;font-size:13px;font-weight:400;letter-spacing:4px;line-height:1.714em;text-transform:uppercase;}.elementor-element.elementor-element-iwgs-johanniskraut-ccb .jet-button__state-hover .jet-button__label{text-align:center;margin:0px 0px 0px 0px;color:#FECC76;font-family:Montserrat,sans-serif;font-size:13px;font-weight:400;letter-spacing:4px;line-height:1.714em;text-transform:uppercase;}.elementor-element.elementor-element-iwgs-johanniskraut-ccb .jet-button__plane-normal{background-color:#FECC76;border-style:solid;border-color:#C99540;border-width:2px 2px 2px 2px;}.elementor-element.elementor-element-iwgs-johanniskraut-ccb .jet-button__plane-hover{background-color:rgba(0,0,0,0.55);border-style:solid;border-color:#FECC76;border-width:2px 2px 2px 2px;}<\/style>\t\t\t\t<\/div>\n\t\t\t\t<\/div>\n\t\t\t\t<div class=\"elementor-element elementor-element-iwgs-johanniskraut-ccd elementor-widget elementor-widget-text-editor\" data-id=\"iwgs-johanniskraut-ccd\" data-element_type=\"widget\" data-e-type=\"widget\" data-widget_type=\"text-editor.default\">\n\t\t\t\t\t\t\t\t\t<p style=\"text-align:center;font-size:13px;opacity:0.7;margin-top:14px\" data-nosnippet=\"true\">Les experi\u00e8ncies personals poden variar. No \u00e9s un producte sanitari. No es garanteix cap curaci\u00f3.<\/p>\t\t\t\t\t\t\t\t<\/div>\n\t\t\t\t\t<\/div>\n\t\t\t\t<\/div>\n\t\t\t\t\t<\/div>\n\t\t\t\t<\/div>\n\t\t<div class=\"elementor-element elementor-element-iwgs-johanniskraut-disc e-flex e-con-boxed e-con e-parent\" data-id=\"iwgs-johanniskraut-disc\" data-element_type=\"container\" data-e-type=\"container\">\n\t\t\t\t\t<div class=\"e-con-inner\">\n\t\t<div class=\"elementor-element elementor-element-iw-johanniskraut-disc-bw e-con-full e-flex e-con e-child\" data-id=\"iw-johanniskraut-disc-bw\" data-element_type=\"container\" data-e-type=\"container\">\n\t\t\t\t<div class=\"elementor-element elementor-element-iwgs-johanniskraut-discw elementor-widget elementor-widget-html\" data-id=\"iwgs-johanniskraut-discw\" data-element_type=\"widget\" data-e-type=\"widget\" data-widget_type=\"html.default\">\n\t\t\t\t\t<footer data-nosnippet=\"true\" class=\"iwg-disclaimer-block\"><p data-nosnippet=\"true\">iWell Guard <strong>no \u00e9s un producte sanitari<\/strong> i no substitueix cap tractament m\u00e8dic o psicoterap\u00e8utic. Els continguts presentats aqu\u00ed s\u00f3n una contextualitzaci\u00f3 des de la ci\u00e8ncia de les religions i la hist\u00f2ria cultural, no una promesa d'efecte espiritual.<\/p><\/footer>\t\t\t\t<\/div>\n\t\t\t\t<\/div>\n\t\t\t\t\t<\/div>\n\t\t\t\t<\/div>\n\t\t\t\t<\/div>\n\t\t","protected":false},"excerpt":{"rendered":"","protected":false},"author":3,"featured_media":4111,"parent":0,"menu_order":0,"comment_status":"closed","ping_status":"closed","template":"elementor_header_footer","meta":{"_yoast_wpseo_focuskw":"herba de sant joan proteccio","_yoast_wpseo_title":"Herba de Sant Joan com a planta protectora","_yoast_wpseo_metadesc":"Fuga daemonum: la tradici\u00f3 atribueix a l'herba de Sant Joan el poder d'allunyar dimonis i esperits nocturns. Origen, principi d'acci\u00f3, \u00fas.","_yoast_wpseo_meta-robots-noindex":"","_yoast_wpseo_canonical":"","_angie_page":false,"gefaehrdungsstufe":"","wesen_kultur":"","wesen_klasse":"","footnotes":""},"categories":[],"class_list":["post-172019","page","type-page","status-publish","has-post-thumbnail","hentry"],"yoast_head":"<!-- This site is optimized with the Yoast SEO Premium plugin v27.7 (Yoast SEO v28.3) - https:\/\/yoast.com\/product\/yoast-seo-premium-wordpress\/ -->\n<title>Herba de Sant Joan com a planta protectora<\/title>\n<meta name=\"description\" content=\"Fuga daemonum: la tradici\u00f3 atribueix a l&#039;herba de Sant Joan el poder d&#039;allunyar dimonis i esperits nocturns. Origen, principi d&#039;acci\u00f3, \u00fas.\" \/>\n<meta name=\"robots\" content=\"index, follow, max-snippet:-1, max-image-preview:large, max-video-preview:-1\" \/>\n<link rel=\"canonical\" href=\"https:\/\/iwell-guard.com\/ca\/herba-de-sant-joan\/\" \/>\n<meta property=\"og:locale\" content=\"ca_ES\" \/>\n<meta property=\"og:type\" content=\"article\" \/>\n<meta property=\"og:title\" content=\"Herba de Sant Joan\" \/>\n<meta property=\"og:description\" content=\"Fuga daemonum: la tradici\u00f3 atribueix a l&#039;herba de Sant Joan el poder d&#039;allunyar dimonis i esperits nocturns. Origen, principi d&#039;acci\u00f3, \u00fas.\" \/>\n<meta property=\"og:url\" content=\"https:\/\/iwell-guard.com\/ca\/herba-de-sant-joan\/\" \/>\n<meta property=\"og:site_name\" content=\"iWell Guard\" \/>\n<meta property=\"article:modified_time\" content=\"2026-09-05T16:13:13+00:00\" \/>\n<meta property=\"og:image\" content=\"https:\/\/iwell-guard.com\/wp-content\/uploads\/2026\/05\/schutzsymbol_germanisch_johanniskraut.png\" \/>\n\t<meta property=\"og:image:width\" content=\"1024\" \/>\n\t<meta property=\"og:image:height\" content=\"1536\" \/>\n\t<meta property=\"og:image:type\" content=\"image\/png\" \/>\n<meta name=\"twitter:card\" content=\"summary_large_image\" \/>\n<script type=\"application\/ld+json\" class=\"yoast-schema-graph\">{\"@context\":\"https:\\\/\\\/schema.org\",\"@graph\":[{\"@type\":\"WebPage\",\"@id\":\"https:\\\/\\\/iwell-guard.com\\\/ca\\\/herba-de-sant-joan\\\/\",\"url\":\"https:\\\/\\\/iwell-guard.com\\\/ca\\\/herba-de-sant-joan\\\/\",\"name\":\"Herba de Sant Joan com a planta protectora\",\"isPartOf\":{\"@id\":\"https:\\\/\\\/iwell-guard.com\\\/ca\\\/#website\"},\"primaryImageOfPage\":{\"@id\":\"https:\\\/\\\/iwell-guard.com\\\/ca\\\/herba-de-sant-joan\\\/#primaryimage\"},\"image\":{\"@id\":\"https:\\\/\\\/iwell-guard.com\\\/ca\\\/herba-de-sant-joan\\\/#primaryimage\"},\"thumbnailUrl\":\"https:\\\/\\\/iwell-guard.com\\\/wp-content\\\/uploads\\\/2026\\\/05\\\/schutzsymbol_germanisch_johanniskraut.png\",\"datePublished\":\"2026-09-05T15:44:23+00:00\",\"dateModified\":\"2026-09-05T16:13:13+00:00\",\"description\":\"Fuga daemonum: la tradici\u00f3 atribueix a l'herba de Sant Joan el poder d'allunyar dimonis i esperits nocturns. Origen, principi d'acci\u00f3, \u00fas.\",\"breadcrumb\":{\"@id\":\"https:\\\/\\\/iwell-guard.com\\\/ca\\\/herba-de-sant-joan\\\/#breadcrumb\"},\"inLanguage\":\"ca\",\"potentialAction\":[{\"@type\":\"ReadAction\",\"target\":[\"https:\\\/\\\/iwell-guard.com\\\/ca\\\/herba-de-sant-joan\\\/\"]}]},{\"@type\":\"ImageObject\",\"inLanguage\":\"ca\",\"@id\":\"https:\\\/\\\/iwell-guard.com\\\/ca\\\/herba-de-sant-joan\\\/#primaryimage\",\"url\":\"https:\\\/\\\/iwell-guard.com\\\/wp-content\\\/uploads\\\/2026\\\/05\\\/schutzsymbol_germanisch_johanniskraut.png\",\"contentUrl\":\"https:\\\/\\\/iwell-guard.com\\\/wp-content\\\/uploads\\\/2026\\\/05\\\/schutzsymbol_germanisch_johanniskraut.png\",\"width\":1024,\"height\":1536,\"caption\":\"Herba de Sant Joan: planta protectora del solstici, il\u00b7lustraci\u00f3 hist\u00f2rica\"},{\"@type\":\"BreadcrumbList\",\"@id\":\"https:\\\/\\\/iwell-guard.com\\\/ca\\\/herba-de-sant-joan\\\/#breadcrumb\",\"itemListElement\":[{\"@type\":\"ListItem\",\"position\":1,\"name\":\"Start\",\"item\":\"https:\\\/\\\/iwell-guard.com\\\/ca\\\/?page_id=171333\"},{\"@type\":\"ListItem\",\"position\":2,\"name\":\"Herba de Sant Joan\"}]},{\"@type\":\"WebSite\",\"@id\":\"https:\\\/\\\/iwell-guard.com\\\/ca\\\/#website\",\"url\":\"https:\\\/\\\/iwell-guard.com\\\/ca\\\/\",\"name\":\"iWell Guard\",\"description\":\"Schutz vor dunklen Einfl\u00fcssen\",\"publisher\":{\"@id\":\"https:\\\/\\\/iwell-guard.com\\\/ca\\\/#organization\"},\"potentialAction\":[{\"@type\":\"SearchAction\",\"target\":{\"@type\":\"EntryPoint\",\"urlTemplate\":\"https:\\\/\\\/iwell-guard.com\\\/ca\\\/?s={search_term_string}\"},\"query-input\":{\"@type\":\"PropertyValueSpecification\",\"valueRequired\":true,\"valueName\":\"search_term_string\"}}],\"inLanguage\":\"ca\"},{\"@type\":\"Organization\",\"@id\":\"https:\\\/\\\/iwell-guard.com\\\/ca\\\/#organization\",\"name\":\"Ittermann electronic GmbH\",\"url\":\"https:\\\/\\\/iwell-guard.com\\\/ca\\\/\",\"logo\":{\"@type\":\"ImageObject\",\"inLanguage\":\"ca\",\"@id\":\"https:\\\/\\\/iwell-guard.com\\\/ca\\\/#\\\/schema\\\/logo\\\/image\\\/\",\"url\":\"https:\\\/\\\/iwell-guard.com\\\/wp-content\\\/uploads\\\/2026\\\/05\\\/Ittermann-Logo-1182x237-1.png\",\"contentUrl\":\"https:\\\/\\\/iwell-guard.com\\\/wp-content\\\/uploads\\\/2026\\\/05\\\/Ittermann-Logo-1182x237-1.png\",\"width\":1182,\"height\":237,\"caption\":\"Ittermann electronic GmbH\"},\"image\":{\"@id\":\"https:\\\/\\\/iwell-guard.com\\\/ca\\\/#\\\/schema\\\/logo\\\/image\\\/\"},\"sameAs\":[\"https:\\\/\\\/pantip.com\\\/profile\\\/9367242\",\"https:\\\/\\\/micro.blog\\\/iwellguard\",\"https:\\\/\\\/www.diggerslist.com\\\/iwellguard\\\/about\",\"https:\\\/\\\/skitterphoto.com\\\/photographers\\\/2870314\\\/iwell-guard\",\"https:\\\/\\\/iwellguard.wordpress.com\\\/2026\\\/06\\\/06\\\/iwell-guard\\\/\",\"https:\\\/\\\/hub.docker.com\\\/u\\\/iwellguard\",\"https:\\\/\\\/www.pinterest.com\\\/iwellguard\\\/\",\"https:\\\/\\\/bit.ly\\\/m\\\/iwellguard\",\"https:\\\/\\\/entre-vos-mains.alsace.eu\\\/profiles\\\/iwellguard\\\/activity\",\"https:\\\/\\\/gravatar.com\\\/reallybeded8fd34\",\"https:\\\/\\\/naijamatta.com\\\/iwellguard\",\"https:\\\/\\\/www.goodreads.com\\\/iwellguard\",\"https:\\\/\\\/profile.hatena.ne.jp\\\/iwellguard\\\/\",\"https:\\\/\\\/experiment.com\\\/users\\\/iwellguard\",\"https:\\\/\\\/wakelet.com\\\/@iWellGuard82270\",\"https:\\\/\\\/www.chordie.com\\\/forum\\\/profile.php?id=2555664\",\"https:\\\/\\\/www.instapaper.com\\\/p\\\/17757966\",\"https:\\\/\\\/www.mapleprimes.com\\\/users\\\/iwellguard\",\"https:\\\/\\\/businesslistingplus.com\\\/profile\\\/iwell-guard\\\/\",\"https:\\\/\\\/telegra.ph\\\/iWell-Guard-06-06\",\"https:\\\/\\\/pbase.com\\\/iwellguard\\\/iwellguard\",\"https:\\\/\\\/b.hatena.ne.jp\\\/iwellguard\\\/20260607#bookmark-4788405196491818882\",\"https:\\\/\\\/fliphtml5.com\\\/home\\\/iwellguard\",\"https:\\\/\\\/anyflip.com\\\/homepage\\\/cmiwl#About\",\"https:\\\/\\\/transfur.com\\\/Users\\\/iwellguard\",\"http:\\\/\\\/delphi.larsbo.org\\\/user\\\/iwellguard\",\"https:\\\/\\\/jobs.lajobsportal.org\\\/profiles\\\/8380803-iwell-guard\",\"https:\\\/\\\/md.chaosdorf.de\\\/s\\\/jfbe5SBdJD\",\"https:\\\/\\\/www.lingvolive.com\\\/en-us\\\/profile\\\/9ecaeaca-ce11-4e51-9e71-01d55e2bff36\\\/translations\",\"https:\\\/\\\/www.fitday.com\\\/fitness\\\/forums\\\/members\\\/iwellguard.html\",\"https:\\\/\\\/www.mymeetbook.com\\\/iwellguard\",\"https:\\\/\\\/pxhere.com\\\/en\\\/photographer-me\\\/5040798\",\"https:\\\/\\\/disqus.com\\\/by\\\/iwellguard\\\/about\\\/\",\"https:\\\/\\\/pastelink.net\\\/hjwciqwq\",\"https:\\\/\\\/pubhtml5.com\\\/homepage\\\/scjhn\\\/\",\"https:\\\/\\\/www.bitchute.com\\\/channel\\\/2O2eOKzNqujT\",\"https:\\\/\\\/audiomack.com\\\/iwellguard\"]}]}<\/script>\n<!-- \/ Yoast SEO Premium plugin. -->","yoast_head_json":{"title":"Herba de Sant Joan com a planta protectora","description":"Fuga daemonum: la tradici\u00f3 atribueix a l'herba de Sant Joan el poder d'allunyar dimonis i esperits nocturns. Origen, principi d'acci\u00f3, \u00fas.","robots":{"index":"index","follow":"follow","max-snippet":"max-snippet:-1","max-image-preview":"max-image-preview:large","max-video-preview":"max-video-preview:-1"},"canonical":"https:\/\/iwell-guard.com\/ca\/herba-de-sant-joan\/","og_locale":"ca_ES","og_type":"article","og_title":"Herba de Sant Joan","og_description":"Fuga daemonum: la tradici\u00f3 atribueix a l'herba de Sant Joan el poder d'allunyar dimonis i esperits nocturns. Origen, principi d'acci\u00f3, \u00fas.","og_url":"https:\/\/iwell-guard.com\/ca\/herba-de-sant-joan\/","og_site_name":"iWell Guard","article_modified_time":"2026-09-05T16:13:13+00:00","og_image":[{"width":1024,"height":1536,"url":"https:\/\/iwell-guard.com\/wp-content\/uploads\/2026\/05\/schutzsymbol_germanisch_johanniskraut.png","type":"image\/png"}],"twitter_card":"summary_large_image","schema":{"@context":"https:\/\/schema.org","@graph":[{"@type":"WebPage","@id":"https:\/\/iwell-guard.com\/ca\/herba-de-sant-joan\/","url":"https:\/\/iwell-guard.com\/ca\/herba-de-sant-joan\/","name":"Herba de Sant Joan com a planta protectora","isPartOf":{"@id":"https:\/\/iwell-guard.com\/ca\/#website"},"primaryImageOfPage":{"@id":"https:\/\/iwell-guard.com\/ca\/herba-de-sant-joan\/#primaryimage"},"image":{"@id":"https:\/\/iwell-guard.com\/ca\/herba-de-sant-joan\/#primaryimage"},"thumbnailUrl":"https:\/\/iwell-guard.com\/wp-content\/uploads\/2026\/05\/schutzsymbol_germanisch_johanniskraut.png","datePublished":"2026-09-05T15:44:23+00:00","dateModified":"2026-09-05T16:13:13+00:00","description":"Fuga daemonum: la tradici\u00f3 atribueix a l'herba de Sant Joan el poder d'allunyar dimonis i esperits nocturns. Origen, principi d'acci\u00f3, \u00fas.","breadcrumb":{"@id":"https:\/\/iwell-guard.com\/ca\/herba-de-sant-joan\/#breadcrumb"},"inLanguage":"ca","potentialAction":[{"@type":"ReadAction","target":["https:\/\/iwell-guard.com\/ca\/herba-de-sant-joan\/"]}]},{"@type":"ImageObject","inLanguage":"ca","@id":"https:\/\/iwell-guard.com\/ca\/herba-de-sant-joan\/#primaryimage","url":"https:\/\/iwell-guard.com\/wp-content\/uploads\/2026\/05\/schutzsymbol_germanisch_johanniskraut.png","contentUrl":"https:\/\/iwell-guard.com\/wp-content\/uploads\/2026\/05\/schutzsymbol_germanisch_johanniskraut.png","width":1024,"height":1536,"caption":"Herba de Sant Joan: planta protectora del solstici, il\u00b7lustraci\u00f3 hist\u00f2rica"},{"@type":"BreadcrumbList","@id":"https:\/\/iwell-guard.com\/ca\/herba-de-sant-joan\/#breadcrumb","itemListElement":[{"@type":"ListItem","position":1,"name":"Start","item":"https:\/\/iwell-guard.com\/ca\/?page_id=171333"},{"@type":"ListItem","position":2,"name":"Herba de Sant Joan"}]},{"@type":"WebSite","@id":"https:\/\/iwell-guard.com\/ca\/#website","url":"https:\/\/iwell-guard.com\/ca\/","name":"iWell Guard","description":"Schutz vor dunklen Einfl\u00fcssen","publisher":{"@id":"https:\/\/iwell-guard.com\/ca\/#organization"},"potentialAction":[{"@type":"SearchAction","target":{"@type":"EntryPoint","urlTemplate":"https:\/\/iwell-guard.com\/ca\/?s={search_term_string}"},"query-input":{"@type":"PropertyValueSpecification","valueRequired":true,"valueName":"search_term_string"}}],"inLanguage":"ca"},{"@type":"Organization","@id":"https:\/\/iwell-guard.com\/ca\/#organization","name":"Ittermann electronic GmbH","url":"https:\/\/iwell-guard.com\/ca\/","logo":{"@type":"ImageObject","inLanguage":"ca","@id":"https:\/\/iwell-guard.com\/ca\/#\/schema\/logo\/image\/","url":"https:\/\/iwell-guard.com\/wp-content\/uploads\/2026\/05\/Ittermann-Logo-1182x237-1.png","contentUrl":"https:\/\/iwell-guard.com\/wp-content\/uploads\/2026\/05\/Ittermann-Logo-1182x237-1.png","width":1182,"height":237,"caption":"Ittermann electronic GmbH"},"image":{"@id":"https:\/\/iwell-guard.com\/ca\/#\/schema\/logo\/image\/"},"sameAs":["https:\/\/pantip.com\/profile\/9367242","https:\/\/micro.blog\/iwellguard","https:\/\/www.diggerslist.com\/iwellguard\/about","https:\/\/skitterphoto.com\/photographers\/2870314\/iwell-guard","https:\/\/iwellguard.wordpress.com\/2026\/06\/06\/iwell-guard\/","https:\/\/hub.docker.com\/u\/iwellguard","https:\/\/www.pinterest.com\/iwellguard\/","https:\/\/bit.ly\/m\/iwellguard","https:\/\/entre-vos-mains.alsace.eu\/profiles\/iwellguard\/activity","https:\/\/gravatar.com\/reallybeded8fd34","https:\/\/naijamatta.com\/iwellguard","https:\/\/www.goodreads.com\/iwellguard","https:\/\/profile.hatena.ne.jp\/iwellguard\/","https:\/\/experiment.com\/users\/iwellguard","https:\/\/wakelet.com\/@iWellGuard82270","https:\/\/www.chordie.com\/forum\/profile.php?id=2555664","https:\/\/www.instapaper.com\/p\/17757966","https:\/\/www.mapleprimes.com\/users\/iwellguard","https:\/\/businesslistingplus.com\/profile\/iwell-guard\/","https:\/\/telegra.ph\/iWell-Guard-06-06","https:\/\/pbase.com\/iwellguard\/iwellguard","https:\/\/b.hatena.ne.jp\/iwellguard\/20260607#bookmark-4788405196491818882","https:\/\/fliphtml5.com\/home\/iwellguard","https:\/\/anyflip.com\/homepage\/cmiwl#About","https:\/\/transfur.com\/Users\/iwellguard","http:\/\/delphi.larsbo.org\/user\/iwellguard","https:\/\/jobs.lajobsportal.org\/profiles\/8380803-iwell-guard","https:\/\/md.chaosdorf.de\/s\/jfbe5SBdJD","https:\/\/www.lingvolive.com\/en-us\/profile\/9ecaeaca-ce11-4e51-9e71-01d55e2bff36\/translations","https:\/\/www.fitday.com\/fitness\/forums\/members\/iwellguard.html","https:\/\/www.mymeetbook.com\/iwellguard","https:\/\/pxhere.com\/en\/photographer-me\/5040798","https:\/\/disqus.com\/by\/iwellguard\/about\/","https:\/\/pastelink.net\/hjwciqwq","https:\/\/pubhtml5.com\/homepage\/scjhn\/","https:\/\/www.bitchute.com\/channel\/2O2eOKzNqujT","https:\/\/audiomack.com\/iwellguard"]}]}},"_links":{"self":[{"href":"https:\/\/iwell-guard.com\/ca\/wp-json\/wp\/v2\/pages\/172019","targetHints":{"allow":["GET"]}}],"collection":[{"href":"https:\/\/iwell-guard.com\/ca\/wp-json\/wp\/v2\/pages"}],"about":[{"href":"https:\/\/iwell-guard.com\/ca\/wp-json\/wp\/v2\/types\/page"}],"author":[{"embeddable":true,"href":"https:\/\/iwell-guard.com\/ca\/wp-json\/wp\/v2\/users\/3"}],"replies":[{"embeddable":true,"href":"https:\/\/iwell-guard.com\/ca\/wp-json\/wp\/v2\/comments?post=172019"}],"version-history":[{"count":0,"href":"https:\/\/iwell-guard.com\/ca\/wp-json\/wp\/v2\/pages\/172019\/revisions"}],"wp:featuredmedia":[{"embeddable":true,"href":"https:\/\/iwell-guard.com\/ca\/wp-json\/wp\/v2\/media\/4111"}],"wp:attachment":[{"href":"https:\/\/iwell-guard.com\/ca\/wp-json\/wp\/v2\/media?parent=172019"}],"wp:term":[{"taxonomy":"category","embeddable":true,"href":"https:\/\/iwell-guard.com\/ca\/wp-json\/wp\/v2\/categories?post=172019"}],"curies":[{"name":"wp","href":"https:\/\/api.w.org\/{rel}","templated":true}]}}