{"id":172018,"date":"2026-09-05T15:44:23","date_gmt":"2026-09-05T15:44:23","guid":{"rendered":"https:\/\/iwell-guard.com\/?page_id=172018"},"modified":"2026-09-05T16:13:11","modified_gmt":"2026-09-05T16:13:11","slug":"proteccio-llar-ritual-llindar","status":"publish","type":"page","link":"https:\/\/iwell-guard.com\/ca\/proteccio-llar-ritual-llindar\/","title":{"rendered":"Protecci\u00f3 de la llar i ritual del llindar"},"content":{"rendered":"\t\t<div data-elementor-type=\"wp-page\" data-elementor-id=\"172018\" class=\"elementor elementor-172018 elementor-3774 elementor-bc-flex-widget\" data-elementor-post-type=\"page\">\n\t\t\t\t<div class=\"elementor-element elementor-element-iwgs-hausschutz-hero e-flex e-con-boxed e-con e-parent\" data-id=\"iwgs-hausschutz-hero\" data-element_type=\"container\" data-e-type=\"container\">\n\t\t\t\t\t<div class=\"e-con-inner\">\n\t\t<div class=\"elementor-element elementor-element-iw-hausschutz-hero-left e-con-full e-flex e-con e-child\" data-id=\"iw-hausschutz-hero-left\" data-element_type=\"container\" data-e-type=\"container\">\n\t\t\t\t<div class=\"elementor-element elementor-element-iwgs-hausschutz-h1 elementor-widget elementor-widget-heading\" data-id=\"iwgs-hausschutz-h1\" data-element_type=\"widget\" data-e-type=\"widget\" data-widget_type=\"heading.default\">\n\t\t\t\t\t<h1 class=\"elementor-heading-title elementor-size-default\">Protecci\u00f3 de la llar i ritual del llindar<\/h1>\t\t\t\t<\/div>\n\t\t<div class=\"elementor-element elementor-element-iw-hausschutz-hero-bw e-con-full e-flex e-con e-child\" data-id=\"iw-hausschutz-hero-bw\" data-element_type=\"container\" data-e-type=\"container\">\n\t\t\t\t<div class=\"elementor-element elementor-element-iwgs-hausschutz-pills elementor-widget elementor-widget-html\" data-id=\"iwgs-hausschutz-pills\" data-element_type=\"widget\" data-e-type=\"widget\" data-widget_type=\"html.default\">\n\t\t\t\t\t<div class=\"iwg-pill-row\"><span class=\"iwg-klasse-badge\" tabindex=\"0\" data-tooltip=\"Tipus de mitj\u00e0 de protecci\u00f3.\">Pr\u00e0ctica de protecci\u00f3<\/span><a href=\"https:\/\/iwell-guard.com\/ca\/?page_id=172034\" class=\"iwg-kultur-badge\" tabindex=\"0\" data-tooltip=\"A la visi\u00f3 general.\">Rituals de protecci\u00f3 i invocaci\u00f3<\/a><\/div>\t\t\t\t<\/div>\n\t\t\t\t<div class=\"elementor-element elementor-element-iwgs-hausschutz-lead elementor-widget elementor-widget-text-editor\" data-id=\"iwgs-hausschutz-lead\" data-element_type=\"widget\" data-e-type=\"widget\" data-widget_type=\"text-editor.default\">\n\t\t\t\t\t\t\t\t\t<p>Per protecci\u00f3 de la llar i rituals del llindar, l&#8217;<span class=\"iwg-fachbegriff\" data-tooltip=\"Ci\u00e8ncia que estudia la cultura quotidiana, els costums i les tradicions transmeses.\" tabindex=\"0\">etnologia<\/span> ent\u00e9n un conjunt de pr\u00e0ctiques que no s&#8217;adrecen a una persona concreta, sin\u00f3 a un lloc: la casa com a espai vital, el seu llindar com a transici\u00f3 entre l&#8217;interior i l&#8217;exterior, i les seves portes com a punts permeables de la frontera.<\/p><p>Aquests rituals sovint combinen diversos tipus d&#8217;amulets de protecci\u00f3: poden incloure una f\u00f3rmula d&#8217;exorcisme, un s\u00edmbol protector sobre la porta, una subst\u00e0ncia material al llindar i una <span class=\"iwg-fachbegriff\" data-tooltip=\"L'acte de dirigir-se a una divinitat o poder amb una s\u00faplica o invocaci\u00f3.\" tabindex=\"0\">invocaci\u00f3<\/span> a un \u00e9sser protector. D&#8217;aquesta manera, la casa sencera s&#8217;ha de convertir en un espai protegit i sagrat.<\/p>\n<p>El que distingeix la protecci\u00f3 de la llar d&#8217;altres pr\u00e0ctiques protectores \u00e9s la seva durabilitat. Mentre que un <a href=\"https:\/\/iwell-guard.com\/ca\/?page_id=172001\">cercle de protecci\u00f3<\/a> es tra\u00e7a per a un acte concret, la protecci\u00f3 de la llar pret\u00e9n crear o mantenir un estat permanent.<\/p><p>Els amulets de protecci\u00f3 es col\u00b7loquen una vegada, els rituals es duen a terme una vegada o de manera estacional, i llavors es considera que la casa gaudeix d&#8217;una protecci\u00f3 duradora. Aquesta l\u00f2gica converteix la protecci\u00f3 de la llar en una de les pr\u00e0ctiques protectores m\u00e9s properes a la vida quotidiana dins la <span class=\"iwg-fachbegriff\" data-tooltip=\"La transmissi\u00f3 de coneixements i relats al llarg de generacions.\" tabindex=\"0\">tradici\u00f3<\/span>.<\/p>\n<p>La protecci\u00f3 de la llar pertany a la categoria de <a href=\"https:\/\/iwell-guard.com\/ca\/?page_id=172034\">rituals de protecci\u00f3 i invocacions<\/a>. El ritual del llindar constitueix un element central d&#8217;aquesta pr\u00e0ctica protectora quotidiana a l&#8217;entrada de la casa.<\/p>\t\t\t\t\t\t\t\t<\/div>\n\t\t\t\t<\/div>\n\t\t\t\t<\/div>\n\t\t<div class=\"elementor-element elementor-element-iw-hausschutz-hero-img e-con-full e-flex e-con e-child\" data-id=\"iw-hausschutz-hero-img\" data-element_type=\"container\" data-e-type=\"container\">\n\t\t\t\t<div class=\"elementor-element elementor-element-iwgs-hausschutz-himg iwg-hero-image elementor-widget elementor-widget-image\" data-id=\"iwgs-hausschutz-himg\" data-element_type=\"widget\" data-e-type=\"widget\" data-widget_type=\"image.default\">\n\t\t\t\t\t\t\t\t\t\t\t\t\t\t\t<img fetchpriority=\"high\" decoding=\"async\" width=\"683\" height=\"1024\" src=\"https:\/\/iwell-guard.com\/wp-content\/uploads\/2026\/05\/schutzsymbol_universell_hausschutz-683x1024.png\" class=\"attachment-large size-large wp-image-4109\" alt=\"Protecci\u00f3 de la llar i ritual del llindar\" srcset=\"https:\/\/iwell-guard.com\/wp-content\/uploads\/2026\/05\/schutzsymbol_universell_hausschutz-683x1024.png 683w, https:\/\/iwell-guard.com\/wp-content\/uploads\/2026\/05\/schutzsymbol_universell_hausschutz-200x300.png 200w, https:\/\/iwell-guard.com\/wp-content\/uploads\/2026\/05\/schutzsymbol_universell_hausschutz-768x1152.png 768w, https:\/\/iwell-guard.com\/wp-content\/uploads\/2026\/05\/schutzsymbol_universell_hausschutz.png 1024w\" sizes=\"(max-width: 683px) 100vw, 683px\" \/>\t\t\t\t\t\t\t\t\t\t\t\t\t\t\t<\/div>\n\t\t\t\t<\/div>\n\t\t\t\t\t<\/div>\n\t\t\t\t<\/div>\n\t\t<div class=\"elementor-element elementor-element-iwgs-hausschutz-s0 e-flex e-con-boxed e-con e-parent\" data-id=\"iwgs-hausschutz-s0\" data-element_type=\"container\" data-e-type=\"container\">\n\t\t\t\t\t<div class=\"e-con-inner\">\n\t\t\t\t<div class=\"elementor-element elementor-element-iwgs-hausschutz-s0h elementor-widget elementor-widget-heading\" data-id=\"iwgs-hausschutz-s0h\" data-element_type=\"widget\" data-e-type=\"widget\" data-widget_type=\"heading.default\">\n\t\t\t\t\t<h2 class=\"elementor-heading-title elementor-size-default\">Resum r\u00e0pid<\/h2>\t\t\t\t<\/div>\n\t\t<div class=\"elementor-element elementor-element-iw-hausschutz-s0-bw e-con-full e-flex e-con e-child\" data-id=\"iw-hausschutz-s0-bw\" data-element_type=\"container\" data-e-type=\"container\">\n\t\t\t\t<div class=\"elementor-element elementor-element-iwgs-hausschutz-s0t elementor-widget elementor-widget-text-editor\" data-id=\"iwgs-hausschutz-s0t\" data-element_type=\"widget\" data-e-type=\"widget\" data-widget_type=\"text-editor.default\">\n\t\t\t\t\t\t\t\t\t<p>La protecci\u00f3 de la llar compr\u00e8n, en la <span class=\"iwg-fachbegriff\" data-tooltip=\"La transmissi\u00f3 de coneixements i relats al llarg de generacions.\" tabindex=\"0\">tradici\u00f3<\/span>, rituals i mitjans destinats a protegir la casa i els seus habitants d&#8217;influ\u00e8ncies hostils de l&#8217;exterior. Els punts centrals s\u00f3n la porta i el llindar com a transicions, on es col\u00b7loquen s\u00edmbols protectors, plantes medicinals o f\u00f3rmules de benedicci\u00f3.<\/p><p>La llar de foc es considera, en moltes cultures, la seu de l&#8217;esperit de la llar, i la seva cura garanteix la protecci\u00f3 de la casa. Els rituals estacionals, especialment en els punts d&#8217;inflexi\u00f3 com la nit de Walpurgis, el solstici d&#8217;estiu o la nit de Cap d&#8217;Any, renoven la protecci\u00f3. Aquesta <span class=\"iwg-fachbegriff\" data-tooltip=\"La transmissi\u00f3 de coneixements i relats al llarg de generacions.\" tabindex=\"0\">tradici\u00f3<\/span> est\u00e0 ben documentada en les tradicions germ\u00e0nica, eslava, c\u00e8ltica, grega i asi\u00e0tica.<\/p>\t\t\t\t\t\t\t\t<\/div>\n\t\t\t\t<\/div>\n\t\t\t\t\t<\/div>\n\t\t\t\t<\/div>\n\t\t<div class=\"elementor-element elementor-element-iwgs-hausschutz-s1 e-flex e-con-boxed e-con e-parent\" data-id=\"iwgs-hausschutz-s1\" data-element_type=\"container\" data-e-type=\"container\">\n\t\t\t\t\t<div class=\"e-con-inner\">\n\t\t\t\t<div class=\"elementor-element elementor-element-iwgs-hausschutz-s1h elementor-widget elementor-widget-heading\" data-id=\"iwgs-hausschutz-s1h\" data-element_type=\"widget\" data-e-type=\"widget\" data-widget_type=\"heading.default\">\n\t\t\t\t\t<h2 class=\"elementor-heading-title elementor-size-default\">Origen i tradici\u00f3<\/h2>\t\t\t\t<\/div>\n\t\t<div class=\"elementor-element elementor-element-iw-hausschutz-s1-bw e-con-full e-flex e-con e-child\" data-id=\"iw-hausschutz-s1-bw\" data-element_type=\"container\" data-e-type=\"container\">\n\t\t\t\t<div class=\"elementor-element elementor-element-iwgs-hausschutz-s1t elementor-widget elementor-widget-text-editor\" data-id=\"iwgs-hausschutz-s1t\" data-element_type=\"widget\" data-e-type=\"widget\" data-widget_type=\"text-editor.default\">\n\t\t\t\t\t\t\t\t\t<p>La idea de protegir la casa mitjan\u00e7ant accions i s\u00edmbols especials \u00e9s tan antiga com la mateixa construcci\u00f3.<\/p><p>Troballes arqueol\u00f2giques d&#8217;assentaments neol\u00edtics d&#8217;Europa suggereixen accions rituals en la col\u00b7locaci\u00f3 de la primera pedra: ossos d&#8217;animals, monedes o altres objectes enterrats als fonaments per posar la casa sota protecci\u00f3. Aquesta pr\u00e0ctica, coneguda com a ofrena de construcci\u00f3, est\u00e0 documentada fins ben entrat el segle XIX.<\/p>\n<p>En l&#8217;<span class=\"iwg-fachbegriff\" data-tooltip=\"\u00c8poca de la cultura grega i romana, aproximadament entre el 800 aC i el 600 dC.\" tabindex=\"0\">Antiguitat<\/span> grecoromana, la protecci\u00f3 de la casa estava institucionalitzada religiosament. Els Lars i Penats dels romans eren d\u00e9us dom\u00e8stics que rebien petites ofrenes di\u00e0ries. Un lararium, un petit altar dom\u00e8stic, formava part de l&#8217;equipament b\u00e0sic de moltes cases romanes.<\/p><p>Descuidar aquesta cura es considerava causa de mala sort. A Gr\u00e8cia, H\u00e8cate, com a deessa dels llindars i les transicions, exercia una funci\u00f3 similar, i la seva imatge apareixia sovint a les portes d&#8217;entrada.<\/p>\n<p>En l&#8217;\u00e0mbit germ\u00e0nic i n\u00f2rdic es coneix el tomte o nisse dom\u00e8stic, un petit \u00e9sser espiritual que viu a la casa o a l&#8217;estable i ajuda els seus habitants sempre que se&#8217;l tracti amb respecte.<\/p><p>Deixar regularment llet o farinetes de civada per al tomte \u00e9s una pr\u00e0ctica derivada d&#8217;un <span class=\"iwg-fachbegriff\" data-tooltip=\"Una acci\u00f3 transmesa, repetida regularment dins d'una comunitat.\" tabindex=\"0\">costum<\/span> de pietat popular, que encara es practicava al segle XX. L&#8217;esperit de la llar no \u00e9s una for\u00e7a invocada des de l&#8217;exterior, sin\u00f3 un \u00e9sser resident a la casa, la cura del qual garanteix alhora la protecci\u00f3 de la llar.<\/p>\n<p>En l&#8217;\u00e0mbit eslau, aquesta figura correspon al domovoi, un esperit dom\u00e8stic que es diu que viu a prop de la llar de foc o sota el llindar. Tamb\u00e9 ell vol ser tingut cura, i la seva abs\u00e8ncia o la seva c\u00f2lera es consideren un mal senyal per als habitants.<\/p>\t\t\t\t\t\t\t\t<\/div>\n\t\t\t\t<\/div>\n\t\t\t\t\t<\/div>\n\t\t\t\t<\/div>\n\t\t<div class=\"elementor-element elementor-element-iwgs-hausschutz-s2 e-flex e-con-boxed e-con e-parent\" data-id=\"iwgs-hausschutz-s2\" data-element_type=\"container\" data-e-type=\"container\">\n\t\t\t\t\t<div class=\"e-con-inner\">\n\t\t\t\t<div class=\"elementor-element elementor-element-iwgs-hausschutz-s2h elementor-widget elementor-widget-heading\" data-id=\"iwgs-hausschutz-s2h\" data-element_type=\"widget\" data-e-type=\"widget\" data-widget_type=\"heading.default\">\n\t\t\t\t\t<h2 class=\"elementor-heading-title elementor-size-default\">Principi d'acci\u00f3 segons la tradici\u00f3<\/h2>\t\t\t\t<\/div>\n\t\t<div class=\"elementor-element elementor-element-iw-hausschutz-s2-bw e-con-full e-flex e-con e-child\" data-id=\"iw-hausschutz-s2-bw\" data-element_type=\"container\" data-e-type=\"container\">\n\t\t\t\t<div class=\"elementor-element elementor-element-iwgs-hausschutz-s2t elementor-widget elementor-widget-text-editor\" data-id=\"iwgs-hausschutz-s2t\" data-element_type=\"widget\" data-e-type=\"widget\" data-widget_type=\"text-editor.default\">\n\t\t\t\t\t\t\t\t\t<p>El principi d&#8217;acci\u00f3 de la protecci\u00f3 de la llar es basa en una combinaci\u00f3 de marcatge de fronteres i relaci\u00f3 de cura. El marcatge de fronteres s&#8217;adre\u00e7a especialment als punts febles de la casa: portes i finestres, xemeneia i llar de foc, acc\u00e9s al soterrani.<\/p><p>Aquests punts es consideren transicions per on poden entrar no nom\u00e9s persones i objectes, sin\u00f3 tamb\u00e9 forces i \u00e9ssers nocius. S\u00edmbols protectors sobre la porta, franges de sal al llindar o amulets de protecci\u00f3 col\u00b7locats, com una ferradura o un manat d&#8217;herba de Sant Joan, marquen aquests punts com a assegurats.<\/p>\n<p>La relaci\u00f3 de cura s&#8217;aplica a l&#8217;esperit de la llar o al d\u00e9u protector: cal renovar-la regularment, mitjan\u00e7ant ofrenes, purificaci\u00f3 o rituals estacionals. All\u00e0 on aquesta cura s&#8217;atura, la protecci\u00f3 es considera que s&#8217;esvaeix. Aquesta idea est\u00e0 difosa a trav\u00e9s de les cultures i explica per qu\u00e8 la protecci\u00f3 de la llar no \u00e9s un acte puntual, sin\u00f3 una pr\u00e0ctica continuada.<\/p>\t\t\t\t\t\t\t\t<\/div>\n\t\t\t\t<\/div>\n\t\t\t\t\t<\/div>\n\t\t\t\t<\/div>\n\t\t<div class=\"elementor-element elementor-element-iwgs-hausschutz-s3 e-flex e-con-boxed e-con e-parent\" data-id=\"iwgs-hausschutz-s3\" data-element_type=\"container\" data-e-type=\"container\">\n\t\t\t\t\t<div class=\"e-con-inner\">\n\t\t\t\t<div class=\"elementor-element elementor-element-iwgs-hausschutz-s3h elementor-widget elementor-widget-heading\" data-id=\"iwgs-hausschutz-s3h\" data-element_type=\"widget\" data-e-type=\"widget\" data-widget_type=\"heading.default\">\n\t\t\t\t\t<h2 class=\"elementor-heading-title elementor-size-default\">Difusi\u00f3 transcultural<\/h2>\t\t\t\t<\/div>\n\t\t<div class=\"elementor-element elementor-element-iw-hausschutz-s3-bw e-con-full e-flex e-con e-child\" data-id=\"iw-hausschutz-s3-bw\" data-element_type=\"container\" data-e-type=\"container\">\n\t\t\t\t<div class=\"elementor-element elementor-element-iwgs-hausschutz-s3t elementor-widget elementor-widget-text-editor\" data-id=\"iwgs-hausschutz-s3t\" data-element_type=\"widget\" data-e-type=\"widget\" data-widget_type=\"text-editor.default\">\n\t\t\t\t\t\t\t\t\t<p>La <span class=\"iwg-fachbegriff\" data-tooltip=\"La transmissi\u00f3 de coneixements i relats a trav\u00e9s de generacions.\" tabindex=\"0\">tradici\u00f3<\/span> de la protecci\u00f3 de la llar \u00e9s global. A la Xina, a l&#8217;inici de l&#8217;any nou, s&#8217;enganxen a la porta d&#8217;entrada les imatges dels d\u00e9us de la porta, anomenades Menshen. Aquestes imatges representen d\u00e9us guerrers que han de protegir la casa d&#8217;esperits no convidats i de mals. El <span class=\"iwg-fachbegriff\" data-tooltip=\"Una seq\u00fc\u00e8ncia regulada d'accions simb\u00f2liques amb significat religi\u00f3s o cultural.\" tabindex=\"0\">ritual<\/span> est\u00e0 profundament arrelat en la creen\u00e7a popular xinesa i encara es practica avui.<\/p>\n<p>En el <span class=\"iwg-fachbegriff\" data-tooltip=\"La religi\u00f3 ind\u00edgena del Jap\u00f3, marcada per la veneraci\u00f3 dels kami.\" tabindex=\"0\">sintoisme<\/span> japon\u00e8s, una corda shimenawa, feta de palla trenada, es penja en llocs sagrats i tamb\u00e9 a les cases, per marcar l&#8217;espai com <span class=\"iwg-fachbegriff\" data-tooltip=\"Pertanyent a l'\u00e0mbit sagrat o religi\u00f3s, en oposici\u00f3 a prof\u00e0.\" tabindex=\"0\">sagrat<\/span> i lliure de forces perjudicials. La porta es considera la frontera entre l&#8217;espai habitat i l&#8217;exterior, que \u00e9s espiritualment insegur.<\/p>\n<p>En gran part de l&#8217;Orient Mitj\u00e0 i del Nord d&#8217;\u00c0frica, es col\u00b7loca una hamsa o un ull blau, conegut com a <span class=\"iwg-fachbegriff\" data-tooltip=\"Un objecte que es porta al qual s'atribueix un efecte protector i que allunya el mal.\" tabindex=\"0\">amulet<\/span> nazar, sobre la porta d&#8217;entrada. Aquest mitj\u00e0 de protecci\u00f3 ha de repel\u00b7lir el mal d&#8217;ull, que podria arribar als habitants a trav\u00e9s de la porta.<\/p>\n<p>En el context jueu, la mezuz\u00e0, una petita capseta amb un text de la Tor\u00e0 a la llinda de la porta, \u00e9s una de les formes centrals de protecci\u00f3 de la llar. Uneix el deure religi\u00f3s amb la <span class=\"iwg-fachbegriff\" data-tooltip=\"La transmissi\u00f3 de coneixements i relats a trav\u00e9s de generacions.\" tabindex=\"0\">tradici\u00f3<\/span> que la casa i els seus habitants estan sota la protecci\u00f3 de D\u00e9u mentre la seva paraula estigui al llindar.<\/p>\n<p>A l&#8217;Europa cristiana, la benedicci\u00f3 de la llar, una placa amb una f\u00f3rmula de benedicci\u00f3, sovint amb text b\u00edblic i el monograma de Crist, estava molt estesa. Es col\u00b7loca sobre la porta d&#8217;entrada o a la zona d&#8217;acc\u00e9s. En moltes regions d&#8217;Alemanya, \u00c0ustria i Su\u00efssa aquesta pr\u00e0ctica es conserva fins avui.<\/p>\t\t\t\t\t\t\t\t<\/div>\n\t\t\t\t<\/div>\n\t\t\t\t\t<\/div>\n\t\t\t\t<\/div>\n\t\t<div class=\"elementor-element elementor-element-iwgs-hausschutz-s4 e-flex e-con-boxed e-con e-parent\" data-id=\"iwgs-hausschutz-s4\" data-element_type=\"container\" data-e-type=\"container\">\n\t\t\t\t\t<div class=\"e-con-inner\">\n\t\t\t\t<div class=\"elementor-element elementor-element-iwgs-hausschutz-s4h elementor-widget elementor-widget-heading\" data-id=\"iwgs-hausschutz-s4h\" data-element_type=\"widget\" data-e-type=\"widget\" data-widget_type=\"heading.default\">\n\t\t\t\t\t<h2 class=\"elementor-heading-title elementor-size-default\">Contra qu\u00e8 s'utilitza<\/h2>\t\t\t\t<\/div>\n\t\t<div class=\"elementor-element elementor-element-iw-hausschutz-s4-bw e-con-full e-flex e-con e-child\" data-id=\"iw-hausschutz-s4-bw\" data-element_type=\"container\" data-e-type=\"container\">\n\t\t\t\t<div class=\"elementor-element elementor-element-iwgs-hausschutz-s4t elementor-widget elementor-widget-text-editor\" data-id=\"iwgs-hausschutz-s4t\" data-element_type=\"widget\" data-e-type=\"widget\" data-widget_type=\"text-editor.default\">\n\t\t\t\t\t\t\t\t\t<p>La protecci\u00f3 de la llar es dirigeix, segons la <span class=\"iwg-fachbegriff\" data-tooltip=\"La transmissi\u00f3 de coneixements i relats a trav\u00e9s de generacions.\" tabindex=\"0\">tradici\u00f3<\/span>, contra totes les formes d&#8217;influ\u00e8ncia que intenten penetrar m\u00e9s enll\u00e0 dels l\u00edmits exteriors de la casa. Les categories esmentades amb m\u00e9s freq\u00fc\u00e8ncia s\u00f3n:<\/p>\n<p>Esperits malignes i dimonis que esperen poder entrar a la casa i hi accedeixen per portes o finestres desprotegides. Bruixes i maleficis dirigits des de fora contra la casa o els seus habitants. El mal d&#8217;ull, que pot ser introdu\u00eft a la casa per visitants o ve\u00efns, de manera involunt\u00e0ria o intencionada.<\/p><p>Dimonis de malaltia i forces nefastes, especialment en certes \u00e8poques de l&#8217;any en qu\u00e8 el l\u00edmit entre els mons es considera m\u00e9s permeable, com durant les Rauhn\u00e4chte (les dotze nits entre Nadal i l&#8217;Epifania), entre Nadal i la festa dels Reis. Esperits errants dels difunts, lligats a un lloc o a una fam\u00edlia, considerats molestos o perjudicials.<\/p>\t\t\t\t\t\t\t\t<\/div>\n\t\t\t\t<\/div>\n\t\t\t\t\t<\/div>\n\t\t\t\t<\/div>\n\t\t<div class=\"elementor-element elementor-element-iwgs-hausschutz-s5 e-flex e-con-boxed e-con e-parent\" data-id=\"iwgs-hausschutz-s5\" data-element_type=\"container\" data-e-type=\"container\">\n\t\t\t\t\t<div class=\"e-con-inner\">\n\t\t\t\t<div class=\"elementor-element elementor-element-iwgs-hausschutz-s5h elementor-widget elementor-widget-heading\" data-id=\"iwgs-hausschutz-s5h\" data-element_type=\"widget\" data-e-type=\"widget\" data-widget_type=\"heading.default\">\n\t\t\t\t\t<h2 class=\"elementor-heading-title elementor-size-default\">Aplicaci\u00f3 i l\u00edmits<\/h2>\t\t\t\t<\/div>\n\t\t<div class=\"elementor-element elementor-element-iw-hausschutz-s5-bw e-con-full e-flex e-con e-child\" data-id=\"iw-hausschutz-s5-bw\" data-element_type=\"container\" data-e-type=\"container\">\n\t\t\t\t<div class=\"elementor-element elementor-element-iwgs-hausschutz-s5t elementor-widget elementor-widget-text-editor\" data-id=\"iwgs-hausschutz-s5t\" data-element_type=\"widget\" data-e-type=\"widget\" data-widget_type=\"text-editor.default\">\n\t\t\t\t\t\t\t\t\t<p>Segons la <span class=\"iwg-fachbegriff\" data-tooltip=\"La transmissi\u00f3 de coneixements i relats a trav\u00e9s de generacions.\" tabindex=\"0\">tradici\u00f3<\/span>, la protecci\u00f3 de la llar s&#8217;ha de renovar peri\u00f2dicament. Els rituals estacionals, especialment en els punts d&#8217;inflexi\u00f3 de l&#8217;any, estan ben documentats en les tradicions populars europees: escampar encens per la casa el dia de Reis, penjar herba de Sant Joan la nit de Sant Joan, o fumigar l&#8217;estable i les habitacions en determinades nits.<\/p><p>Tamb\u00e9 estan molt estesos els rituals de trasllat, les accions protectores que es realitzen en ocupar per primera vegada una casa nova.<\/p>\n<p>Un dels l\u00edmits m\u00e9s destacats de la protecci\u00f3 de la llar \u00e9s l&#8217;hospitalitat: qui \u00e9s convidat a la casa queda subjecte a la seva protecci\u00f3, per\u00f2 tamb\u00e9 pot debilitar-la.<\/p><p>En moltes tradicions es recomana no portar a casa objectes amb una c\u00e0rrega negativa intensa i no deixar travessar el llindar a visitants dels quals se sospita una intenci\u00f3 perjudicial. Aquestes tradicions expliquen per qu\u00e8 el llindar t\u00e9 un significat simb\u00f2lic especial en totes les cultures documentades.<\/p>\n<p>La protecci\u00f3 de la llar es complementa amb altres mitjans de protecci\u00f3 d&#8217;aquesta categoria, especialment amb la <a href=\"https:\/\/iwell-guard.com\/ca\/?page_id=172013\">f\u00f3rmula d&#8217;exorcisme<\/a>, que es pot pronunciar en traslladar-se o en fer una neteja, i amb el <a href=\"https:\/\/iwell-guard.com\/ca\/?page_id=172015\">conjur<\/a>, que s&#8217;utilitza quan ja s&#8217;ha produ\u00eft un dany a una casa o als seus habitants.<\/p>\t\t\t\t\t\t\t\t<\/div>\n\t\t\t\t<\/div>\n\t\t\t\t\t<\/div>\n\t\t\t\t<\/div>\n\t\t<div class=\"elementor-element elementor-element-iwgs-hausschutz-lit e-flex e-con-boxed e-con e-parent\" data-id=\"iwgs-hausschutz-lit\" data-element_type=\"container\" data-e-type=\"container\">\n\t\t\t\t\t<div class=\"e-con-inner\">\n\t\t\t\t<div class=\"elementor-element elementor-element-iwgs-hausschutz-lith elementor-widget elementor-widget-heading\" data-id=\"iwgs-hausschutz-lith\" data-element_type=\"widget\" data-e-type=\"widget\" data-widget_type=\"heading.default\">\n\t\t\t\t\t<h2 class=\"elementor-heading-title elementor-size-default\">Bibliografia (selecci\u00f3)<\/h2>\t\t\t\t<\/div>\n\t\t<div class=\"elementor-element elementor-element-iw-hausschutz-lit-bw e-con-full e-flex e-con e-child\" data-id=\"iw-hausschutz-lit-bw\" data-element_type=\"container\" data-e-type=\"container\">\n\t\t\t\t<div class=\"elementor-element elementor-element-iwgs-hausschutz-litt elementor-widget elementor-widget-html\" data-id=\"iwgs-hausschutz-litt\" data-element_type=\"widget\" data-e-type=\"widget\" data-widget_type=\"html.default\">\n\t\t\t\t\t<footer data-nosnippet=\"true\"><ul><li>Handw\u00f6rterbuch des deutschen Aberglaubens, hrsg. von Hanns B\u00e4chtold-St\u00e4ubli, Berlin\/Leipzig 1927-1942 (Artikel \"Haus\", \"Schwelle\", \"Hausgeist\").<\/li><li>Keith Thomas: Religion and the Decline of Magic, London 1971.<\/li><li>Paul S\u00e9billot: Le Folklore de France, 4 Bde., Paris 1904-1907 (zu Hausgeistern und Schwellenritualen).<\/li><li>Adolf Spamer: Romanusb\u00fcchlein. Historisch-philologischer Kommentar, Berlin 1958 (zu deutschen Haussegensformeln).<\/li><li>Manfred Lurker: W\u00f6rterbuch der Symbolik, Stuttgart 1988.<\/li><li>Eva P\u00f3cs: Between the Living and the Dead. A Perspective on Witches and Seers in the Early Modern Age, Budapest 1999 (zu Hausgeistern im osteurop\u00e4ischen Kontext).<\/li><\/ul><\/footer>\t\t\t\t<\/div>\n\t\t\t\t<\/div>\n\t\t\t\t\t<\/div>\n\t\t\t\t<\/div>\n\t\t<div class=\"elementor-element elementor-element-iwgs-hausschutz-kwd e-flex e-con-boxed e-con e-parent\" data-id=\"iwgs-hausschutz-kwd\" data-element_type=\"container\" data-e-type=\"container\">\n\t\t\t\t\t<div class=\"e-con-inner\">\n\t\t<div class=\"elementor-element elementor-element-iw-hausschutz-kwd-bw e-con-full e-flex e-con e-child\" data-id=\"iw-hausschutz-kwd-bw\" data-element_type=\"container\" data-e-type=\"container\">\n\t\t\t\t<div class=\"elementor-element elementor-element-iwgs-hausschutz-kwdt elementor-widget elementor-widget-text-editor\" data-id=\"iwgs-hausschutz-kwdt\" data-element_type=\"widget\" data-e-type=\"widget\" data-widget_type=\"text-editor.default\">\n\t\t\t\t\t\t\t\t\t<p><em>Termes clau relacionats: protecci\u00f3 de la llar, protecci\u00f3 del llindar, benedicci\u00f3 de la llar, protecci\u00f3 de la porta.<\/em><\/p>\t\t\t\t\t\t\t\t<\/div>\n\t\t\t\t<\/div>\n\t\t\t\t\t<\/div>\n\t\t\t\t<\/div>\n\t\t<div class=\"elementor-element elementor-element-iwgs-hausschutz-cc e-flex e-con-boxed e-con e-parent\" data-id=\"iwgs-hausschutz-cc\" data-element_type=\"container\" data-e-type=\"container\" id=\"iwg-cc-hausschutz\">\n\t\t\t\t\t<div class=\"e-con-inner\">\n\t\t<div class=\"elementor-element elementor-element-iwgs-hausschutz-ccinner e-flex e-con-boxed e-con e-parent\" data-id=\"iwgs-hausschutz-ccinner\" data-element_type=\"container\" data-e-type=\"container\" data-settings=\"{&quot;background_background&quot;:&quot;classic&quot;}\">\n\t\t\t\t\t<div class=\"e-con-inner\">\n\t\t\t\t<div class=\"elementor-element elementor-element-iwgs-hausschutz-cch elementor-widget elementor-widget-heading\" data-id=\"iwgs-hausschutz-cch\" data-element_type=\"widget\" data-e-type=\"widget\" data-widget_type=\"heading.default\">\n\t\t\t\t\t<h2 class=\"elementor-heading-title elementor-size-default\">iWell Guard i tradicions de protecci\u00f3<\/h2>\t\t\t\t<\/div>\n\t\t\t\t<div class=\"elementor-element elementor-element-iwgs-hausschutz-cct elementor-widget elementor-widget-text-editor\" data-id=\"iwgs-hausschutz-cct\" data-element_type=\"widget\" data-e-type=\"widget\" data-widget_type=\"text-editor.default\">\n\t\t\t\t\t\t\t\t\t<p>La protecci\u00f3 de la llar mostra fins a quin punt els \u00e9ssers humans, arreu del m\u00f3n, han considerat el lloc on viuen com un espai digne i susceptible de ser protegit. Les tradicions que marquen el llindar, la porta i la llar de foc com a punts especials de protecci\u00f3 reflecteixen una visi\u00f3 del m\u00f3n en la qual l&#8217;exterior \u00e9s insegur i l&#8217;interior ha de ser fortificat.<\/p><p>L&#8217;<a href=\"https:\/\/iwell-guard.com\/ca\/penjoll-protector-iwell-guard-comprar\/\">iWell Guard<\/a> \u00e9s un acompanyant personal de protecci\u00f3 que porta els s\u00edmbols d&#8217;aquestes tradicions: com a signe portat, \u00e9s una variant m\u00f2bil de la idea que hi ha darrere de les imatges dels d\u00e9us de la porta, la mezuz\u00e0 i la benedicci\u00f3 de la llar, la connexi\u00f3 amb una <span class=\"iwg-fachbegriff\" data-tooltip=\"La transmissi\u00f3 de coneixements i relats a trav\u00e9s de generacions.\" tabindex=\"0\">tradici\u00f3<\/span> que considera l&#8217;\u00e9sser hum\u00e0 digne de protecci\u00f3 i la protecci\u00f3 mateixa com una fita assolible.<\/p>\t\t\t\t\t\t\t\t<\/div>\n\t\t\t\t<div class=\"elementor-element elementor-element-iwgs-hausschutz-ccb iwg-cc-button iwg-cc-cta-2026-05-13 elementor-widget elementor-widget-jet-button\" data-id=\"iwgs-hausschutz-ccb\" data-element_type=\"widget\" data-e-type=\"widget\" data-widget_type=\"jet-button.default\">\n\t\t\t\t<div class=\"elementor-widget-container\">\n\t\t\t\t\t<div class=\"elementor-jet-button jet-elements\"><div class=\"jet-button__container\"><a class=\"jet-button__instance jet-button__instance--icon-left hover-effect-1\" href=\"\/schutzanhaenger-iwell-guard-kaufen\/?utm_source=iwell-guard.com&amp;utm_medium=info-box&amp;utm_campaign=schutzsymbole\"><div class=\"jet-button__plane jet-button__plane-normal\"><\/div><div class=\"jet-button__plane jet-button__plane-hover\"><\/div><div class=\"jet-button__state jet-button__state-normal\"><span class=\"jet-button__label\">M\u00e9s informaci\u00f3 sobre l'iWell Guard<\/span><\/div><div class=\"jet-button__state jet-button__state-hover\"><span class=\"jet-button__label\">M\u00e9s informaci\u00f3 sobre l'iWell Guard<\/span><\/div><\/a><\/div><\/div><style>.elementor-element.elementor-element-iwgs-hausschutz-ccb .jet-button__instance{width:320px;height:56px;}.elementor-element.elementor-element-iwgs-hausschutz-ccb .jet-button__state-normal .jet-button__label{text-align:center;margin:0px 0px 0px 0px;color:#1a1b20;font-family:Montserrat,sans-serif;font-size:13px;font-weight:400;letter-spacing:4px;line-height:1.714em;text-transform:uppercase;}.elementor-element.elementor-element-iwgs-hausschutz-ccb .jet-button__state-hover .jet-button__label{text-align:center;margin:0px 0px 0px 0px;color:#FECC76;font-family:Montserrat,sans-serif;font-size:13px;font-weight:400;letter-spacing:4px;line-height:1.714em;text-transform:uppercase;}.elementor-element.elementor-element-iwgs-hausschutz-ccb .jet-button__plane-normal{background-color:#FECC76;border-style:solid;border-color:#C99540;border-width:2px 2px 2px 2px;}.elementor-element.elementor-element-iwgs-hausschutz-ccb .jet-button__plane-hover{background-color:rgba(0,0,0,0.55);border-style:solid;border-color:#FECC76;border-width:2px 2px 2px 2px;}<\/style>\t\t\t\t<\/div>\n\t\t\t\t<\/div>\n\t\t\t\t<div class=\"elementor-element elementor-element-iwgs-hausschutz-ccd elementor-widget elementor-widget-text-editor\" data-id=\"iwgs-hausschutz-ccd\" data-element_type=\"widget\" data-e-type=\"widget\" data-widget_type=\"text-editor.default\">\n\t\t\t\t\t\t\t\t\t<p style=\"text-align:center;font-size:13px;opacity:0.7;margin-top:14px\" data-nosnippet=\"true\">Les experi\u00e8ncies personals poden variar. No \u00e9s un producte sanitari. No es garanteix cap curaci\u00f3.<\/p>\t\t\t\t\t\t\t\t<\/div>\n\t\t\t\t\t<\/div>\n\t\t\t\t<\/div>\n\t\t\t\t\t<\/div>\n\t\t\t\t<\/div>\n\t\t<div class=\"elementor-element elementor-element-iwgs-hausschutz-disc e-flex e-con-boxed e-con e-parent\" data-id=\"iwgs-hausschutz-disc\" data-element_type=\"container\" data-e-type=\"container\">\n\t\t\t\t\t<div class=\"e-con-inner\">\n\t\t<div class=\"elementor-element elementor-element-iw-hausschutz-disc-bw e-con-full e-flex e-con e-child\" data-id=\"iw-hausschutz-disc-bw\" data-element_type=\"container\" data-e-type=\"container\">\n\t\t\t\t<div class=\"elementor-element elementor-element-iwgs-hausschutz-discw elementor-widget elementor-widget-html\" data-id=\"iwgs-hausschutz-discw\" data-element_type=\"widget\" data-e-type=\"widget\" data-widget_type=\"html.default\">\n\t\t\t\t\t<footer data-nosnippet=\"true\" class=\"iwg-disclaimer-block\"><p data-nosnippet=\"true\">iWell Guard <strong>no \u00e9s un producte sanitari<\/strong> i no substitueix cap tractament m\u00e8dic o psicoterap\u00e8utic. Els continguts presentats aqu\u00ed s\u00f3n una contextualitzaci\u00f3 des de la ci\u00e8ncia de les religions i la hist\u00f2ria cultural, no una promesa d'efecte espiritual.<\/p><\/footer>\t\t\t\t<\/div>\n\t\t\t\t<\/div>\n\t\t\t\t\t<\/div>\n\t\t\t\t<\/div>\n\t\t\t\t<\/div>\n\t\t","protected":false},"excerpt":{"rendered":"","protected":false},"author":3,"featured_media":4109,"parent":0,"menu_order":0,"comment_status":"closed","ping_status":"closed","template":"elementor_header_footer","meta":{"_yoast_wpseo_focuskw":"proteccio-de-la-llar","_yoast_wpseo_title":"Protecci\u00f3 de la llar i ritual del llindar","_yoast_wpseo_metadesc":"Protecci\u00f3 de la llar i ritual del llindar: porta, llar de foc i llindar com a punts de protecci\u00f3. Panorama etnol\u00f2gic sobre origen, principi d'acci\u00f3 i difusi\u00f3.","_yoast_wpseo_meta-robots-noindex":"","_yoast_wpseo_canonical":"","_angie_page":false,"gefaehrdungsstufe":"","wesen_kultur":"","wesen_klasse":"","footnotes":""},"categories":[],"class_list":["post-172018","page","type-page","status-publish","has-post-thumbnail","hentry"],"yoast_head":"<!-- This site is optimized with the Yoast SEO Premium plugin v27.7 (Yoast SEO v28.3) - https:\/\/yoast.com\/product\/yoast-seo-premium-wordpress\/ -->\n<title>Protecci\u00f3 de la llar i ritual del llindar<\/title>\n<meta name=\"description\" content=\"Protecci\u00f3 de la llar i ritual del llindar: porta, llar de foc i llindar com a punts de protecci\u00f3. Panorama etnol\u00f2gic sobre origen, principi d&#039;acci\u00f3 i difusi\u00f3.\" \/>\n<meta name=\"robots\" content=\"index, follow, max-snippet:-1, max-image-preview:large, max-video-preview:-1\" \/>\n<link rel=\"canonical\" href=\"https:\/\/iwell-guard.com\/ca\/proteccio-llar-ritual-llindar\/\" \/>\n<meta property=\"og:locale\" content=\"ca_ES\" \/>\n<meta property=\"og:type\" content=\"article\" \/>\n<meta property=\"og:title\" content=\"Protecci\u00f3 de la llar i ritual del llindar\" \/>\n<meta property=\"og:description\" content=\"Protecci\u00f3 de la llar i ritual del llindar: porta, llar de foc i llindar com a punts de protecci\u00f3. Panorama etnol\u00f2gic sobre origen, principi d&#039;acci\u00f3 i difusi\u00f3.\" \/>\n<meta property=\"og:url\" content=\"https:\/\/iwell-guard.com\/ca\/proteccio-llar-ritual-llindar\/\" \/>\n<meta property=\"og:site_name\" content=\"iWell Guard\" \/>\n<meta property=\"article:modified_time\" content=\"2026-09-05T16:13:11+00:00\" \/>\n<meta property=\"og:image\" content=\"https:\/\/iwell-guard.com\/wp-content\/uploads\/2026\/05\/schutzsymbol_universell_hausschutz-683x1024.png\" \/>\n\t<meta property=\"og:image:width\" content=\"683\" \/>\n\t<meta property=\"og:image:height\" content=\"1024\" \/>\n\t<meta property=\"og:image:type\" content=\"image\/png\" \/>\n<meta name=\"twitter:card\" content=\"summary_large_image\" \/>\n<script type=\"application\/ld+json\" class=\"yoast-schema-graph\">{\"@context\":\"https:\\\/\\\/schema.org\",\"@graph\":[{\"@type\":\"WebPage\",\"@id\":\"https:\\\/\\\/iwell-guard.com\\\/ca\\\/proteccio-llar-ritual-llindar\\\/\",\"url\":\"https:\\\/\\\/iwell-guard.com\\\/ca\\\/proteccio-llar-ritual-llindar\\\/\",\"name\":\"Protecci\u00f3 de la llar i ritual del llindar\",\"isPartOf\":{\"@id\":\"https:\\\/\\\/iwell-guard.com\\\/ca\\\/#website\"},\"primaryImageOfPage\":{\"@id\":\"https:\\\/\\\/iwell-guard.com\\\/ca\\\/proteccio-llar-ritual-llindar\\\/#primaryimage\"},\"image\":{\"@id\":\"https:\\\/\\\/iwell-guard.com\\\/ca\\\/proteccio-llar-ritual-llindar\\\/#primaryimage\"},\"thumbnailUrl\":\"https:\\\/\\\/iwell-guard.com\\\/wp-content\\\/uploads\\\/2026\\\/05\\\/schutzsymbol_universell_hausschutz.png\",\"datePublished\":\"2026-09-05T15:44:23+00:00\",\"dateModified\":\"2026-09-05T16:13:11+00:00\",\"description\":\"Protecci\u00f3 de la llar i ritual del llindar: porta, llar de foc i llindar com a punts de protecci\u00f3. Panorama etnol\u00f2gic sobre origen, principi d'acci\u00f3 i difusi\u00f3.\",\"breadcrumb\":{\"@id\":\"https:\\\/\\\/iwell-guard.com\\\/ca\\\/proteccio-llar-ritual-llindar\\\/#breadcrumb\"},\"inLanguage\":\"ca\",\"potentialAction\":[{\"@type\":\"ReadAction\",\"target\":[\"https:\\\/\\\/iwell-guard.com\\\/ca\\\/proteccio-llar-ritual-llindar\\\/\"]}]},{\"@type\":\"ImageObject\",\"inLanguage\":\"ca\",\"@id\":\"https:\\\/\\\/iwell-guard.com\\\/ca\\\/proteccio-llar-ritual-llindar\\\/#primaryimage\",\"url\":\"https:\\\/\\\/iwell-guard.com\\\/wp-content\\\/uploads\\\/2026\\\/05\\\/schutzsymbol_universell_hausschutz.png\",\"contentUrl\":\"https:\\\/\\\/iwell-guard.com\\\/wp-content\\\/uploads\\\/2026\\\/05\\\/schutzsymbol_universell_hausschutz.png\",\"width\":1024,\"height\":1536,\"caption\":\"Protecci\u00f3 de la llar i ritual del llindar, il\u00b7lustraci\u00f3 hist\u00f2rica\"},{\"@type\":\"BreadcrumbList\",\"@id\":\"https:\\\/\\\/iwell-guard.com\\\/ca\\\/proteccio-llar-ritual-llindar\\\/#breadcrumb\",\"itemListElement\":[{\"@type\":\"ListItem\",\"position\":1,\"name\":\"Start\",\"item\":\"https:\\\/\\\/iwell-guard.com\\\/ca\\\/?page_id=171333\"},{\"@type\":\"ListItem\",\"position\":2,\"name\":\"Protecci\u00f3 de la llar i ritual del llindar\"}]},{\"@type\":\"WebSite\",\"@id\":\"https:\\\/\\\/iwell-guard.com\\\/ca\\\/#website\",\"url\":\"https:\\\/\\\/iwell-guard.com\\\/ca\\\/\",\"name\":\"iWell Guard\",\"description\":\"Schutz vor dunklen Einfl\u00fcssen\",\"publisher\":{\"@id\":\"https:\\\/\\\/iwell-guard.com\\\/ca\\\/#organization\"},\"potentialAction\":[{\"@type\":\"SearchAction\",\"target\":{\"@type\":\"EntryPoint\",\"urlTemplate\":\"https:\\\/\\\/iwell-guard.com\\\/ca\\\/?s={search_term_string}\"},\"query-input\":{\"@type\":\"PropertyValueSpecification\",\"valueRequired\":true,\"valueName\":\"search_term_string\"}}],\"inLanguage\":\"ca\"},{\"@type\":\"Organization\",\"@id\":\"https:\\\/\\\/iwell-guard.com\\\/ca\\\/#organization\",\"name\":\"Ittermann electronic GmbH\",\"url\":\"https:\\\/\\\/iwell-guard.com\\\/ca\\\/\",\"logo\":{\"@type\":\"ImageObject\",\"inLanguage\":\"ca\",\"@id\":\"https:\\\/\\\/iwell-guard.com\\\/ca\\\/#\\\/schema\\\/logo\\\/image\\\/\",\"url\":\"https:\\\/\\\/iwell-guard.com\\\/wp-content\\\/uploads\\\/2026\\\/05\\\/Ittermann-Logo-1182x237-1.png\",\"contentUrl\":\"https:\\\/\\\/iwell-guard.com\\\/wp-content\\\/uploads\\\/2026\\\/05\\\/Ittermann-Logo-1182x237-1.png\",\"width\":1182,\"height\":237,\"caption\":\"Ittermann electronic GmbH\"},\"image\":{\"@id\":\"https:\\\/\\\/iwell-guard.com\\\/ca\\\/#\\\/schema\\\/logo\\\/image\\\/\"},\"sameAs\":[\"https:\\\/\\\/pantip.com\\\/profile\\\/9367242\",\"https:\\\/\\\/micro.blog\\\/iwellguard\",\"https:\\\/\\\/www.diggerslist.com\\\/iwellguard\\\/about\",\"https:\\\/\\\/skitterphoto.com\\\/photographers\\\/2870314\\\/iwell-guard\",\"https:\\\/\\\/iwellguard.wordpress.com\\\/2026\\\/06\\\/06\\\/iwell-guard\\\/\",\"https:\\\/\\\/hub.docker.com\\\/u\\\/iwellguard\",\"https:\\\/\\\/www.pinterest.com\\\/iwellguard\\\/\",\"https:\\\/\\\/bit.ly\\\/m\\\/iwellguard\",\"https:\\\/\\\/entre-vos-mains.alsace.eu\\\/profiles\\\/iwellguard\\\/activity\",\"https:\\\/\\\/gravatar.com\\\/reallybeded8fd34\",\"https:\\\/\\\/naijamatta.com\\\/iwellguard\",\"https:\\\/\\\/www.goodreads.com\\\/iwellguard\",\"https:\\\/\\\/profile.hatena.ne.jp\\\/iwellguard\\\/\",\"https:\\\/\\\/experiment.com\\\/users\\\/iwellguard\",\"https:\\\/\\\/wakelet.com\\\/@iWellGuard82270\",\"https:\\\/\\\/www.chordie.com\\\/forum\\\/profile.php?id=2555664\",\"https:\\\/\\\/www.instapaper.com\\\/p\\\/17757966\",\"https:\\\/\\\/www.mapleprimes.com\\\/users\\\/iwellguard\",\"https:\\\/\\\/businesslistingplus.com\\\/profile\\\/iwell-guard\\\/\",\"https:\\\/\\\/telegra.ph\\\/iWell-Guard-06-06\",\"https:\\\/\\\/pbase.com\\\/iwellguard\\\/iwellguard\",\"https:\\\/\\\/b.hatena.ne.jp\\\/iwellguard\\\/20260607#bookmark-4788405196491818882\",\"https:\\\/\\\/fliphtml5.com\\\/home\\\/iwellguard\",\"https:\\\/\\\/anyflip.com\\\/homepage\\\/cmiwl#About\",\"https:\\\/\\\/transfur.com\\\/Users\\\/iwellguard\",\"http:\\\/\\\/delphi.larsbo.org\\\/user\\\/iwellguard\",\"https:\\\/\\\/jobs.lajobsportal.org\\\/profiles\\\/8380803-iwell-guard\",\"https:\\\/\\\/md.chaosdorf.de\\\/s\\\/jfbe5SBdJD\",\"https:\\\/\\\/www.lingvolive.com\\\/en-us\\\/profile\\\/9ecaeaca-ce11-4e51-9e71-01d55e2bff36\\\/translations\",\"https:\\\/\\\/www.fitday.com\\\/fitness\\\/forums\\\/members\\\/iwellguard.html\",\"https:\\\/\\\/www.mymeetbook.com\\\/iwellguard\",\"https:\\\/\\\/pxhere.com\\\/en\\\/photographer-me\\\/5040798\",\"https:\\\/\\\/disqus.com\\\/by\\\/iwellguard\\\/about\\\/\",\"https:\\\/\\\/pastelink.net\\\/hjwciqwq\",\"https:\\\/\\\/pubhtml5.com\\\/homepage\\\/scjhn\\\/\",\"https:\\\/\\\/www.bitchute.com\\\/channel\\\/2O2eOKzNqujT\",\"https:\\\/\\\/audiomack.com\\\/iwellguard\"]}]}<\/script>\n<!-- \/ Yoast SEO Premium plugin. -->","yoast_head_json":{"title":"Protecci\u00f3 de la llar i ritual del llindar","description":"Protecci\u00f3 de la llar i ritual del llindar: porta, llar de foc i llindar com a punts de protecci\u00f3. Panorama etnol\u00f2gic sobre origen, principi d'acci\u00f3 i difusi\u00f3.","robots":{"index":"index","follow":"follow","max-snippet":"max-snippet:-1","max-image-preview":"max-image-preview:large","max-video-preview":"max-video-preview:-1"},"canonical":"https:\/\/iwell-guard.com\/ca\/proteccio-llar-ritual-llindar\/","og_locale":"ca_ES","og_type":"article","og_title":"Protecci\u00f3 de la llar i ritual del llindar","og_description":"Protecci\u00f3 de la llar i ritual del llindar: porta, llar de foc i llindar com a punts de protecci\u00f3. Panorama etnol\u00f2gic sobre origen, principi d'acci\u00f3 i difusi\u00f3.","og_url":"https:\/\/iwell-guard.com\/ca\/proteccio-llar-ritual-llindar\/","og_site_name":"iWell Guard","article_modified_time":"2026-09-05T16:13:11+00:00","og_image":[{"width":683,"height":1024,"url":"https:\/\/iwell-guard.com\/wp-content\/uploads\/2026\/05\/schutzsymbol_universell_hausschutz-683x1024.png","type":"image\/png"}],"twitter_card":"summary_large_image","schema":{"@context":"https:\/\/schema.org","@graph":[{"@type":"WebPage","@id":"https:\/\/iwell-guard.com\/ca\/proteccio-llar-ritual-llindar\/","url":"https:\/\/iwell-guard.com\/ca\/proteccio-llar-ritual-llindar\/","name":"Protecci\u00f3 de la llar i ritual del llindar","isPartOf":{"@id":"https:\/\/iwell-guard.com\/ca\/#website"},"primaryImageOfPage":{"@id":"https:\/\/iwell-guard.com\/ca\/proteccio-llar-ritual-llindar\/#primaryimage"},"image":{"@id":"https:\/\/iwell-guard.com\/ca\/proteccio-llar-ritual-llindar\/#primaryimage"},"thumbnailUrl":"https:\/\/iwell-guard.com\/wp-content\/uploads\/2026\/05\/schutzsymbol_universell_hausschutz.png","datePublished":"2026-09-05T15:44:23+00:00","dateModified":"2026-09-05T16:13:11+00:00","description":"Protecci\u00f3 de la llar i ritual del llindar: porta, llar de foc i llindar com a punts de protecci\u00f3. Panorama etnol\u00f2gic sobre origen, principi d'acci\u00f3 i difusi\u00f3.","breadcrumb":{"@id":"https:\/\/iwell-guard.com\/ca\/proteccio-llar-ritual-llindar\/#breadcrumb"},"inLanguage":"ca","potentialAction":[{"@type":"ReadAction","target":["https:\/\/iwell-guard.com\/ca\/proteccio-llar-ritual-llindar\/"]}]},{"@type":"ImageObject","inLanguage":"ca","@id":"https:\/\/iwell-guard.com\/ca\/proteccio-llar-ritual-llindar\/#primaryimage","url":"https:\/\/iwell-guard.com\/wp-content\/uploads\/2026\/05\/schutzsymbol_universell_hausschutz.png","contentUrl":"https:\/\/iwell-guard.com\/wp-content\/uploads\/2026\/05\/schutzsymbol_universell_hausschutz.png","width":1024,"height":1536,"caption":"Protecci\u00f3 de la llar i ritual del llindar, il\u00b7lustraci\u00f3 hist\u00f2rica"},{"@type":"BreadcrumbList","@id":"https:\/\/iwell-guard.com\/ca\/proteccio-llar-ritual-llindar\/#breadcrumb","itemListElement":[{"@type":"ListItem","position":1,"name":"Start","item":"https:\/\/iwell-guard.com\/ca\/?page_id=171333"},{"@type":"ListItem","position":2,"name":"Protecci\u00f3 de la llar i ritual del llindar"}]},{"@type":"WebSite","@id":"https:\/\/iwell-guard.com\/ca\/#website","url":"https:\/\/iwell-guard.com\/ca\/","name":"iWell Guard","description":"Schutz vor dunklen Einfl\u00fcssen","publisher":{"@id":"https:\/\/iwell-guard.com\/ca\/#organization"},"potentialAction":[{"@type":"SearchAction","target":{"@type":"EntryPoint","urlTemplate":"https:\/\/iwell-guard.com\/ca\/?s={search_term_string}"},"query-input":{"@type":"PropertyValueSpecification","valueRequired":true,"valueName":"search_term_string"}}],"inLanguage":"ca"},{"@type":"Organization","@id":"https:\/\/iwell-guard.com\/ca\/#organization","name":"Ittermann electronic GmbH","url":"https:\/\/iwell-guard.com\/ca\/","logo":{"@type":"ImageObject","inLanguage":"ca","@id":"https:\/\/iwell-guard.com\/ca\/#\/schema\/logo\/image\/","url":"https:\/\/iwell-guard.com\/wp-content\/uploads\/2026\/05\/Ittermann-Logo-1182x237-1.png","contentUrl":"https:\/\/iwell-guard.com\/wp-content\/uploads\/2026\/05\/Ittermann-Logo-1182x237-1.png","width":1182,"height":237,"caption":"Ittermann electronic GmbH"},"image":{"@id":"https:\/\/iwell-guard.com\/ca\/#\/schema\/logo\/image\/"},"sameAs":["https:\/\/pantip.com\/profile\/9367242","https:\/\/micro.blog\/iwellguard","https:\/\/www.diggerslist.com\/iwellguard\/about","https:\/\/skitterphoto.com\/photographers\/2870314\/iwell-guard","https:\/\/iwellguard.wordpress.com\/2026\/06\/06\/iwell-guard\/","https:\/\/hub.docker.com\/u\/iwellguard","https:\/\/www.pinterest.com\/iwellguard\/","https:\/\/bit.ly\/m\/iwellguard","https:\/\/entre-vos-mains.alsace.eu\/profiles\/iwellguard\/activity","https:\/\/gravatar.com\/reallybeded8fd34","https:\/\/naijamatta.com\/iwellguard","https:\/\/www.goodreads.com\/iwellguard","https:\/\/profile.hatena.ne.jp\/iwellguard\/","https:\/\/experiment.com\/users\/iwellguard","https:\/\/wakelet.com\/@iWellGuard82270","https:\/\/www.chordie.com\/forum\/profile.php?id=2555664","https:\/\/www.instapaper.com\/p\/17757966","https:\/\/www.mapleprimes.com\/users\/iwellguard","https:\/\/businesslistingplus.com\/profile\/iwell-guard\/","https:\/\/telegra.ph\/iWell-Guard-06-06","https:\/\/pbase.com\/iwellguard\/iwellguard","https:\/\/b.hatena.ne.jp\/iwellguard\/20260607#bookmark-4788405196491818882","https:\/\/fliphtml5.com\/home\/iwellguard","https:\/\/anyflip.com\/homepage\/cmiwl#About","https:\/\/transfur.com\/Users\/iwellguard","http:\/\/delphi.larsbo.org\/user\/iwellguard","https:\/\/jobs.lajobsportal.org\/profiles\/8380803-iwell-guard","https:\/\/md.chaosdorf.de\/s\/jfbe5SBdJD","https:\/\/www.lingvolive.com\/en-us\/profile\/9ecaeaca-ce11-4e51-9e71-01d55e2bff36\/translations","https:\/\/www.fitday.com\/fitness\/forums\/members\/iwellguard.html","https:\/\/www.mymeetbook.com\/iwellguard","https:\/\/pxhere.com\/en\/photographer-me\/5040798","https:\/\/disqus.com\/by\/iwellguard\/about\/","https:\/\/pastelink.net\/hjwciqwq","https:\/\/pubhtml5.com\/homepage\/scjhn\/","https:\/\/www.bitchute.com\/channel\/2O2eOKzNqujT","https:\/\/audiomack.com\/iwellguard"]}]}},"_links":{"self":[{"href":"https:\/\/iwell-guard.com\/ca\/wp-json\/wp\/v2\/pages\/172018","targetHints":{"allow":["GET"]}}],"collection":[{"href":"https:\/\/iwell-guard.com\/ca\/wp-json\/wp\/v2\/pages"}],"about":[{"href":"https:\/\/iwell-guard.com\/ca\/wp-json\/wp\/v2\/types\/page"}],"author":[{"embeddable":true,"href":"https:\/\/iwell-guard.com\/ca\/wp-json\/wp\/v2\/users\/3"}],"replies":[{"embeddable":true,"href":"https:\/\/iwell-guard.com\/ca\/wp-json\/wp\/v2\/comments?post=172018"}],"version-history":[{"count":0,"href":"https:\/\/iwell-guard.com\/ca\/wp-json\/wp\/v2\/pages\/172018\/revisions"}],"wp:featuredmedia":[{"embeddable":true,"href":"https:\/\/iwell-guard.com\/ca\/wp-json\/wp\/v2\/media\/4109"}],"wp:attachment":[{"href":"https:\/\/iwell-guard.com\/ca\/wp-json\/wp\/v2\/media?parent=172018"}],"wp:term":[{"taxonomy":"category","embeddable":true,"href":"https:\/\/iwell-guard.com\/ca\/wp-json\/wp\/v2\/categories?post=172018"}],"curies":[{"name":"wp","href":"https:\/\/api.w.org\/{rel}","templated":true}]}}