{"id":172017,"date":"2026-09-05T15:44:22","date_gmt":"2026-09-05T15:44:22","guid":{"rendered":"https:\/\/iwell-guard.com\/?page_id=172017"},"modified":"2026-09-05T16:13:10","modified_gmt":"2026-09-05T16:13:10","slug":"ferro-i-ferro-fred","status":"publish","type":"page","link":"https:\/\/iwell-guard.com\/ca\/ferro-i-ferro-fred\/","title":{"rendered":"Ferro i ferro fred"},"content":{"rendered":"\t\t<div data-elementor-type=\"wp-page\" data-elementor-id=\"172017\" class=\"elementor elementor-172017 elementor-3773 elementor-bc-flex-widget\" data-elementor-post-type=\"page\">\n\t\t\t\t<div class=\"elementor-element elementor-element-iwgs-eisen-hero e-flex e-con-boxed e-con e-parent\" data-id=\"iwgs-eisen-hero\" data-element_type=\"container\" data-e-type=\"container\">\n\t\t\t\t\t<div class=\"e-con-inner\">\n\t\t<div class=\"elementor-element elementor-element-iw-eisen-hero-left e-con-full e-flex e-con e-child\" data-id=\"iw-eisen-hero-left\" data-element_type=\"container\" data-e-type=\"container\">\n\t\t\t\t<div class=\"elementor-element elementor-element-iwgs-eisen-h1 elementor-widget elementor-widget-heading\" data-id=\"iwgs-eisen-h1\" data-element_type=\"widget\" data-e-type=\"widget\" data-widget_type=\"heading.default\">\n\t\t\t\t\t<h1 class=\"elementor-heading-title elementor-size-default\">Ferro i ferro fred<\/h1>\t\t\t\t<\/div>\n\t\t<div class=\"elementor-element elementor-element-iw-eisen-hero-bw e-con-full e-flex e-con e-child\" data-id=\"iw-eisen-hero-bw\" data-element_type=\"container\" data-e-type=\"container\">\n\t\t\t\t<div class=\"elementor-element elementor-element-iwgs-eisen-pills elementor-widget elementor-widget-html\" data-id=\"iwgs-eisen-pills\" data-element_type=\"widget\" data-e-type=\"widget\" data-widget_type=\"html.default\">\n\t\t\t\t\t<div class=\"iwg-pill-row\"><span class=\"iwg-klasse-badge\" tabindex=\"0\" data-tooltip=\"Tipus de mitj\u00e0 de protecci\u00f3.\">Subst\u00e0ncia protectora<\/span><a href=\"https:\/\/iwell-guard.com\/ca\/?page_id=172010\" class=\"iwg-kultur-badge\" tabindex=\"0\" data-tooltip=\"Anar a la visi\u00f3 general.\">Subst\u00e0ncies protectores i plantes<\/a><\/div>\t\t\t\t<\/div>\n\t\t\t\t<div class=\"elementor-element elementor-element-iwgs-eisen-lead elementor-widget elementor-widget-text-editor\" data-id=\"iwgs-eisen-lead\" data-element_type=\"widget\" data-e-type=\"widget\" data-widget_type=\"text-editor.default\">\n\t\t\t\t\t\t\t\t\t<p>Pocs mitjans de protecci\u00f3 estan tan fermament arrelats en la tradici\u00f3 popular europea com el ferro. Des de les illes brit\u00e0niques fins a l&#8217;Europa de l&#8217;Est, des d&#8217;Escandin\u00e0via fins a la Mediterr\u00e0nia, aquest metall es considera una barrera insuperable contra una \u00e0mplia classe d&#8217;\u00e9ssers nocius.<\/p><p>En aquest context, el concepte de \u00abferro fred\u00bb t\u00e9 una import\u00e0ncia especial: el metall en brut, no treballat, que encara no ha vist el martell del ferrer i que, segons la concepci\u00f3 popular, conserva intacta la seva for\u00e7a natural de conjur.<\/p>\n<p>El ferro forma part del grup de <a href=\"https:\/\/iwell-guard.com\/ca\/?page_id=172010\">subst\u00e0ncies i plantes protectores<\/a> i hi ocupa la posici\u00f3 d&#8217;un metall de bloqueig universal: menys orientat a la purificaci\u00f3 que la <a href=\"https:\/\/iwell-guard.com\/ca\/?page_id=172027\">sal<\/a>, per\u00f2 actuant directament sobre la ruptura f\u00edsica i m\u00e0gica de les forces hostils.<\/p>\t\t\t\t\t\t\t\t<\/div>\n\t\t\t\t<\/div>\n\t\t\t\t<\/div>\n\t\t<div class=\"elementor-element elementor-element-iw-eisen-hero-img e-con-full e-flex e-con e-child\" data-id=\"iw-eisen-hero-img\" data-element_type=\"container\" data-e-type=\"container\">\n\t\t\t\t<div class=\"elementor-element elementor-element-iwgs-eisen-himg iwg-hero-image elementor-widget elementor-widget-image\" data-id=\"iwgs-eisen-himg\" data-element_type=\"widget\" data-e-type=\"widget\" data-widget_type=\"image.default\">\n\t\t\t\t\t\t\t\t\t\t\t\t\t\t\t<img fetchpriority=\"high\" decoding=\"async\" width=\"683\" height=\"1024\" src=\"https:\/\/iwell-guard.com\/wp-content\/uploads\/2026\/05\/schutzsymbol_universell_eisen-683x1024.png\" class=\"attachment-large size-large wp-image-173211\" alt=\"Ferro i ferro fred, il\u00b7lustraci\u00f3 hist\u00f2rica\" srcset=\"https:\/\/iwell-guard.com\/wp-content\/uploads\/2026\/05\/schutzsymbol_universell_eisen-683x1024.png 683w, https:\/\/iwell-guard.com\/wp-content\/uploads\/2026\/05\/schutzsymbol_universell_eisen-200x300.png 200w, https:\/\/iwell-guard.com\/wp-content\/uploads\/2026\/05\/schutzsymbol_universell_eisen-768x1152.png 768w, https:\/\/iwell-guard.com\/wp-content\/uploads\/2026\/05\/schutzsymbol_universell_eisen.png 1024w\" sizes=\"(max-width: 683px) 100vw, 683px\" \/>\t\t\t\t\t\t\t\t\t\t\t\t\t\t\t<\/div>\n\t\t\t\t<\/div>\n\t\t\t\t\t<\/div>\n\t\t\t\t<\/div>\n\t\t<div class=\"elementor-element elementor-element-iwgs-eisen-s0 e-flex e-con-boxed e-con e-parent\" data-id=\"iwgs-eisen-s0\" data-element_type=\"container\" data-e-type=\"container\">\n\t\t\t\t\t<div class=\"e-con-inner\">\n\t\t\t\t<div class=\"elementor-element elementor-element-iwgs-eisen-s0h elementor-widget elementor-widget-heading\" data-id=\"iwgs-eisen-s0h\" data-element_type=\"widget\" data-e-type=\"widget\" data-widget_type=\"heading.default\">\n\t\t\t\t\t<h2 class=\"elementor-heading-title elementor-size-default\">Resum r\u00e0pid<\/h2>\t\t\t\t<\/div>\n\t\t<div class=\"elementor-element elementor-element-iw-eisen-s0-bw e-con-full e-flex e-con e-child\" data-id=\"iw-eisen-s0-bw\" data-element_type=\"container\" data-e-type=\"container\">\n\t\t\t\t<div class=\"elementor-element elementor-element-iwgs-eisen-s0t elementor-widget elementor-widget-text-editor\" data-id=\"iwgs-eisen-s0t\" data-element_type=\"widget\" data-e-type=\"widget\" data-widget_type=\"text-editor.default\">\n\t\t\t\t\t\t\t\t\t<p>En la <span class=\"iwg-fachbegriff\" data-tooltip=\"La transmissi\u00f3 de coneixements i relats al llarg de generacions.\" tabindex=\"0\">tradici\u00f3<\/span>, el ferro es considera el mitj\u00e0 material m\u00e9s efica\u00e7 contra \u00e9ssers no humans, especialment contra fades, follets, elfs i altres esperits de la natura similars. Claus de ferro als brancals de les portes, ferradures sobre les entrades, anells de ferro al voltant dels bressols i el simple fet d&#8217;agafar un objecte de ferro es troben entre les accions protectores m\u00e9s descrites.<\/p><p>El terme \u00abferro fred\u00bb designa el metall no forjat o en brut, al qual s&#8217;atribueix un efecte de conjur especialment fort. En les tradicions c\u00e8ltiques, l&#8217;enemistat entre el ferro i els \u00e9ssers de les fades es considera absoluta i no necessita explicaci\u00f3: \u00e9s una propietat donada del m\u00f3n.<\/p>\t\t\t\t\t\t\t\t<\/div>\n\t\t\t\t<\/div>\n\t\t\t\t\t<\/div>\n\t\t\t\t<\/div>\n\t\t<div class=\"elementor-element elementor-element-iwgs-eisen-s1 e-flex e-con-boxed e-con e-parent\" data-id=\"iwgs-eisen-s1\" data-element_type=\"container\" data-e-type=\"container\">\n\t\t\t\t\t<div class=\"e-con-inner\">\n\t\t\t\t<div class=\"elementor-element elementor-element-iwgs-eisen-s1h elementor-widget elementor-widget-heading\" data-id=\"iwgs-eisen-s1h\" data-element_type=\"widget\" data-e-type=\"widget\" data-widget_type=\"heading.default\">\n\t\t\t\t\t<h2 class=\"elementor-heading-title elementor-size-default\">Origen i tradici\u00f3<\/h2>\t\t\t\t<\/div>\n\t\t<div class=\"elementor-element elementor-element-iw-eisen-s1-bw e-con-full e-flex e-con e-child\" data-id=\"iw-eisen-s1-bw\" data-element_type=\"container\" data-e-type=\"container\">\n\t\t\t\t<div class=\"elementor-element elementor-element-iwgs-eisen-s1t elementor-widget elementor-widget-text-editor\" data-id=\"iwgs-eisen-s1t\" data-element_type=\"widget\" data-e-type=\"widget\" data-widget_type=\"text-editor.default\">\n\t\t\t\t\t\t\t\t\t<p>La <span class=\"iwg-fachbegriff\" data-tooltip=\"La transmissi\u00f3 de coneixements i relats al llarg de generacions.\" tabindex=\"0\">tradici\u00f3<\/span> del ferro com a mitj\u00e0 de protecci\u00f3 est\u00e0 estretament lligada a la transici\u00f3 de l&#8217;<span class=\"iwg-fachbegriff\" data-tooltip=\"\u00c8poca prehist\u00f2rica en qu\u00e8 el bronze era el metall m\u00e9s important per a les eines.\" tabindex=\"0\">edat del bronze<\/span> a l&#8217;<span class=\"iwg-fachbegriff\" data-tooltip=\"\u00c8poca prehist\u00f2rica posterior a l'edat del bronze, caracteritzada per la manufactura del ferro.\" tabindex=\"0\">edat del ferro<\/span>.<\/p><p>Durant mil\u00b7lennis, la manufactura del ferro va ser un ofici especialitzat i envoltat de misteri: en moltes cultures, el ferrer ocupava una posici\u00f3 entre els mons, i el seu metall es considerava alguna cosa que desafiava o superava l&#8217;ordre de les pot\u00e8ncies anteriors. Segons aquesta l\u00f2gica, els \u00e9ssers que pertanyien a l&#8217;ordre antic no podien oposar-se al nou metall.<\/p>\n<p>En les tradicions irlandeses i escoceses, l&#8217;enemistat entre el ferro i el poble de les fades est\u00e0 documentada de manera especialment extensa. A principis del segle XIX, Thomas Keightley va recollir nombrosos relats en qu\u00e8 el fet de tocar o mostrar un objecte de ferro feia fugir el poble de les fades.<\/p><p>Les branques de fusta de moixera, tamb\u00e9 considerades fusta protectora, s&#8217;utilitzaven sovint en aquesta tradici\u00f3 juntament amb un tros de ferro.<\/p>\n<p>A Alemanya i \u00c0ustria, el Handw\u00f6rterbuch des deutschen Aberglaubens documenta claus de ferro com a protecci\u00f3 a les portes de les cases i les quadres, ferro sota el coix\u00ed contra els malsons, i trossos de ferro als bressols dels infants contra el nen bescanviat.<\/p><p>El <span class=\"iwg-fachbegriff\" data-tooltip=\"Una acci\u00f3 transmesa i repetida regularment en una comunitat.\" tabindex=\"0\">costum<\/span> de penjar una ferradura sobre la porta d&#8217;entrada uneix, en la tradici\u00f3 popular, l&#8217;efecte protector del ferro amb la forma de la ferradura, que al seu torn es considera un s\u00edmbol de sort i protecci\u00f3.<\/p>\n<p>En les tradicions n\u00f2rdiques, els ferrers gaudien d&#8217;una veneraci\u00f3 especial, i d\u00e9us ferrers com el germ\u00e0nic Wieland es trobaven entre les figures mitol\u00f2giques m\u00e9s poderoses. Aquest respecte pel ferro es tradu\u00efa en nombrosos costums de protecci\u00f3: les relles d&#8217;arada es guardaven amb cura especial durant les nits d&#8217;hivern, i les fulles de dalla es clavaven a terra abans de la primera tempesta de tardor.<\/p>\t\t\t\t\t\t\t\t<\/div>\n\t\t\t\t<\/div>\n\t\t\t\t\t<\/div>\n\t\t\t\t<\/div>\n\t\t<div class=\"elementor-element elementor-element-iwgs-eisen-s2 e-flex e-con-boxed e-con e-parent\" data-id=\"iwgs-eisen-s2\" data-element_type=\"container\" data-e-type=\"container\">\n\t\t\t\t\t<div class=\"e-con-inner\">\n\t\t\t\t<div class=\"elementor-element elementor-element-iwgs-eisen-s2h elementor-widget elementor-widget-heading\" data-id=\"iwgs-eisen-s2h\" data-element_type=\"widget\" data-e-type=\"widget\" data-widget_type=\"heading.default\">\n\t\t\t\t\t<h2 class=\"elementor-heading-title elementor-size-default\">Principi d'acci\u00f3 segons la tradici\u00f3<\/h2>\t\t\t\t<\/div>\n\t\t<div class=\"elementor-element elementor-element-iw-eisen-s2-bw e-con-full e-flex e-con e-child\" data-id=\"iw-eisen-s2-bw\" data-element_type=\"container\" data-e-type=\"container\">\n\t\t\t\t<div class=\"elementor-element elementor-element-iwgs-eisen-s2t elementor-widget elementor-widget-text-editor\" data-id=\"iwgs-eisen-s2t\" data-element_type=\"widget\" data-e-type=\"widget\" data-widget_type=\"text-editor.default\">\n\t\t\t\t\t\t\t\t\t<p>La <span class=\"iwg-fachbegriff\" data-tooltip=\"La transmissi\u00f3 de coneixements i relats al llarg de generacions.\" tabindex=\"0\">tradici\u00f3<\/span> ofereix diverses explicacions de per qu\u00e8 el ferro exerceix un efecte de conjur sobre els \u00e9ssers hostils.<\/p>\n<p>La m\u00e9s estesa \u00e9s la idea que el ferro pertany a un ordre diferent, m\u00e9s recent, que els \u00e9ssers que allunya. Segons la concepci\u00f3 c\u00e8ltica, les fades, els elfs i els esperits emparentats s\u00f3n \u00e9ssers de l&#8217;antic temps, del m\u00f3n anterior al ferro. El metall representa un domini hum\u00e0 sobre la natura que aquests \u00e9ssers troben insuportable o insuperable.<\/p>\n<p>A aix\u00f2 s&#8217;afegeix, en la <span class=\"iwg-fachbegriff\" data-tooltip=\"La transmissi\u00f3 de coneixements i relats al llarg de generacions.\" tabindex=\"0\">tradici\u00f3<\/span> d&#8217;arrel cristiana, una justificaci\u00f3 teol\u00f2gica: el ferro es considera un metall de la creaci\u00f3, oposat al diab\u00f2lic i al demon\u00edac, perqu\u00e8 encarna l&#8217;ordre de D\u00e9u. D&#8217;aquesta capa de la <span class=\"iwg-fachbegriff\" data-tooltip=\"La transmissi\u00f3 de coneixements i relats al llarg de generacions.\" tabindex=\"0\">tradici\u00f3<\/span> prov\u00e9 el <span class=\"iwg-fachbegriff\" data-tooltip=\"Una acci\u00f3 transmesa i repetida regularment en una comunitat.\" tabindex=\"0\">costum<\/span> de fondre les campanes de les esgl\u00e9sies amb ferro o bronze, afegint aix\u00ed una subst\u00e0ncia material de protecci\u00f3 al so.<\/p>\n<p>Un tercer nivell d&#8217;explicaci\u00f3, especialment present en les tradicions germ\u00e0niques, subratlla la relaci\u00f3 del ferro amb el foc i el llamp: el ferro que ha estat colpejat per un llamp es considera un mitj\u00e0 de protecci\u00f3 especialment potent. Tor, com a d\u00e9u del tro i protector dels humans, combat amb un martell de ferro; el metall porta aquesta vinculaci\u00f3 amb la for\u00e7a celestial.<\/p>\t\t\t\t\t\t\t\t<\/div>\n\t\t\t\t<\/div>\n\t\t\t\t\t<\/div>\n\t\t\t\t<\/div>\n\t\t<div class=\"elementor-element elementor-element-iwgs-eisen-s3 e-flex e-con-boxed e-con e-parent\" data-id=\"iwgs-eisen-s3\" data-element_type=\"container\" data-e-type=\"container\">\n\t\t\t\t\t<div class=\"e-con-inner\">\n\t\t\t\t<div class=\"elementor-element elementor-element-iwgs-eisen-s3h elementor-widget elementor-widget-heading\" data-id=\"iwgs-eisen-s3h\" data-element_type=\"widget\" data-e-type=\"widget\" data-widget_type=\"heading.default\">\n\t\t\t\t\t<h2 class=\"elementor-heading-title elementor-size-default\">Difusi\u00f3 transcultural<\/h2>\t\t\t\t<\/div>\n\t\t<div class=\"elementor-element elementor-element-iw-eisen-s3-bw e-con-full e-flex e-con e-child\" data-id=\"iw-eisen-s3-bw\" data-element_type=\"container\" data-e-type=\"container\">\n\t\t\t\t<div class=\"elementor-element elementor-element-iwgs-eisen-s3t elementor-widget elementor-widget-text-editor\" data-id=\"iwgs-eisen-s3t\" data-element_type=\"widget\" data-e-type=\"widget\" data-widget_type=\"text-editor.default\">\n\t\t\t\t\t\t\t\t\t<p>La tradici\u00f3 de protecci\u00f3 del ferro \u00e9s sobretot un fenomen europeu, per\u00f2 es troba tamb\u00e9 en altres indrets.<\/p>\n<p>Al <strong>nord-oest d&#8217;Europa<\/strong>, especialment a les illes brit\u00e0niques i a Irlanda, el ferro contra el poble fe\u00e8ric \u00e9s el mitj\u00e0 de protecci\u00f3 m\u00e9s \u00e0mpliament documentat. Ferradures de ferro, anells de ferro i el fet de tocar objectes de ferro s\u00f3n omnipresents en els relats de creences populars irlandesos i escocesos dels segles XVIII i XIX.<\/p>\n<p>A l&#8217;<strong>Europa central i oriental<\/strong>, el ferro es considera una protecci\u00f3 contra bruixes, \u00e9ssers vamp\u00edrics i esperits dels llindars. Els claus de ferro als marcs de les portes i als llindars de les portes formen part de les mesures de protecci\u00f3 documentades de manera generalitzada des del Rin fins al V\u00edstula.<\/p>\n<p>Al <strong>Pr\u00f2xim Orient<\/strong>, algunes tradicions de creences populars \u00e0rabs i perses descriuen el ferro com a protecci\u00f3 contra els genis (djinn). Anells de ferro o amulets amb incrustacions de ferro es troben en la medicina popular de la regi\u00f3 del Llevant.<\/p>\n<p>A l&#8217;<strong>\u00c0sia oriental<\/strong>, el ferro t\u00e9 una funci\u00f3 protectora menys central, per\u00f2 apareix en algunes tradicions purificadores xineses i coreanes com a material repel\u00b7lent.<\/p>\t\t\t\t\t\t\t\t<\/div>\n\t\t\t\t<\/div>\n\t\t\t\t\t<\/div>\n\t\t\t\t<\/div>\n\t\t<div class=\"elementor-element elementor-element-iwgs-eisen-s4 e-flex e-con-boxed e-con e-parent\" data-id=\"iwgs-eisen-s4\" data-element_type=\"container\" data-e-type=\"container\">\n\t\t\t\t\t<div class=\"e-con-inner\">\n\t\t\t\t<div class=\"elementor-element elementor-element-iwgs-eisen-s4h elementor-widget elementor-widget-heading\" data-id=\"iwgs-eisen-s4h\" data-element_type=\"widget\" data-e-type=\"widget\" data-widget_type=\"heading.default\">\n\t\t\t\t\t<h2 class=\"elementor-heading-title elementor-size-default\">Contra qu\u00e8 s'utilitza<\/h2>\t\t\t\t<\/div>\n\t\t<div class=\"elementor-element elementor-element-iw-eisen-s4-bw e-con-full e-flex e-con e-child\" data-id=\"iw-eisen-s4-bw\" data-element_type=\"container\" data-e-type=\"container\">\n\t\t\t\t<div class=\"elementor-element elementor-element-iwgs-eisen-s4t elementor-widget elementor-widget-text-editor\" data-id=\"iwgs-eisen-s4t\" data-element_type=\"widget\" data-e-type=\"widget\" data-widget_type=\"text-editor.default\">\n\t\t\t\t\t\t\t\t\t<p>Segons la tradici\u00f3 transmesa, el ferro actua principalment contra els seg\u00fcents tipus d&#8217;\u00e9ssers:<\/p>\n<p>Contra <strong>\u00e9ssers fe\u00e8rics, elfs i follets<\/strong>: aquest \u00e9s l&#8217;\u00e0mbit m\u00e9s \u00e0mpliament documentat. Segons la <span class=\"iwg-fachbegriff\" data-tooltip=\"La transmissi\u00f3 de coneixements i relats al llarg de generacions.\" tabindex=\"0\">tradici\u00f3<\/span> c\u00e8ltica i n\u00f2rdica, el ferro \u00e9s l&#8217;\u00fanic mitj\u00e0 material que mant\u00e9 a ratlla o expulsa el poble fe\u00e8ric de manera fiable. Segons alguns relats, els nadons bescanviats, \u00e9s a dir, infants substitu\u00efts per fades, s\u00f3n obligats a retornar l&#8217;infant hum\u00e0 quan se&#8217;ls mostra ferro.<\/p>\n<p>Contra <strong>bruixes i malefici<\/strong>: els claus de ferro als marcs de les portes, les ferradures de ferro i els trossos de ferro sota el llindar es consideren protecci\u00f3 contra l&#8217;entrada de bruixes o l&#8217;efecte de malefici sobre la casa i la finca.<\/p>\n<p>Contra <strong>malsons i l&#8217;Alp<\/strong>: segons la <span class=\"iwg-fachbegriff\" data-tooltip=\"La transmissi\u00f3 de coneixements i relats al llarg de generacions.\" tabindex=\"0\">tradici\u00f3<\/span> centreeuropea, un tros de ferro sota el coix\u00ed o al cap\u00e7al del llit hauria de mantenir a ratlla l&#8217;Alp, un dimoni nocturn que s&#8217;asseu sobre el pit de qui dorm.<\/p>\n<p>Contra <strong>l&#8217;acci\u00f3 demon\u00edaca en general<\/strong>: el ferro col\u00b7locat als llindars i a les obertures de les portes hauria d&#8217;actuar com a barrera universal contra esperits nocius.<\/p>\t\t\t\t\t\t\t\t<\/div>\n\t\t\t\t<\/div>\n\t\t\t\t\t<\/div>\n\t\t\t\t<\/div>\n\t\t<div class=\"elementor-element elementor-element-iwgs-eisen-s5 e-flex e-con-boxed e-con e-parent\" data-id=\"iwgs-eisen-s5\" data-element_type=\"container\" data-e-type=\"container\">\n\t\t\t\t\t<div class=\"e-con-inner\">\n\t\t\t\t<div class=\"elementor-element elementor-element-iwgs-eisen-s5h elementor-widget elementor-widget-heading\" data-id=\"iwgs-eisen-s5h\" data-element_type=\"widget\" data-e-type=\"widget\" data-widget_type=\"heading.default\">\n\t\t\t\t\t<h2 class=\"elementor-heading-title elementor-size-default\">Aplicaci\u00f3 i l\u00edmits<\/h2>\t\t\t\t<\/div>\n\t\t<div class=\"elementor-element elementor-element-iw-eisen-s5-bw e-con-full e-flex e-con e-child\" data-id=\"iw-eisen-s5-bw\" data-element_type=\"container\" data-e-type=\"container\">\n\t\t\t\t<div class=\"elementor-element elementor-element-iwgs-eisen-s5t elementor-widget elementor-widget-text-editor\" data-id=\"iwgs-eisen-s5t\" data-element_type=\"widget\" data-e-type=\"widget\" data-widget_type=\"text-editor.default\">\n\t\t\t\t\t\t\t\t\t<p>Els claus de ferro als marcs de les portes s\u00f3n la forma m\u00e9s estesa i senzilla. La ferradura sobre l&#8217;entrada combina material protector i forma protectora. Els trossos de ferro als bressols o sota els llits protegeixen les persones que dormen, especialment els nadons, considerats particularment necessitats de protecci\u00f3. En algunes tradicions n&#8217;hi ha prou d&#8217;agafar un objecte de ferro, com un ganivet al cintur\u00f3, per plantar cara a un \u00e9sser fe\u00e8ric.<\/p>\n<p>La <span class=\"iwg-fachbegriff\" data-tooltip=\"La transmissi\u00f3 de coneixements i relats al llarg de generacions.\" tabindex=\"0\">tradici\u00f3<\/span> distingeix entre ferro treballat i ferro no treballat. El \u00abferro fred\u00bb, que mai no ha passat pel foc, es considera m\u00e9s fort. Segons algunes tradicions, el rovell disminueix l&#8217;efecte protector, mentre que altres tradicions consideren el rovell un proc\u00e9s d&#8217;envelliment innocu del material que no anul\u00b7la la seva for\u00e7a.<\/p>\n<div data-nosnippet=\"true\"><p>Cap de les aplicacions transmeses constitueix una garantia de protecci\u00f3 demostrada. Els continguts aqu\u00ed presentats reflecteixen la <span class=\"iwg-fachbegriff\" data-tooltip=\"La transmissi\u00f3 de coneixements i relats al llarg de generacions.\" tabindex=\"0\">tradici\u00f3<\/span> folkl\u00f2rica.<\/p><\/div>\t\t\t\t\t\t\t\t<\/div>\n\t\t\t\t<\/div>\n\t\t\t\t\t<\/div>\n\t\t\t\t<\/div>\n\t\t<div class=\"elementor-element elementor-element-iwgs-eisen-lit e-flex e-con-boxed e-con e-parent\" data-id=\"iwgs-eisen-lit\" data-element_type=\"container\" data-e-type=\"container\">\n\t\t\t\t\t<div class=\"e-con-inner\">\n\t\t\t\t<div class=\"elementor-element elementor-element-iwgs-eisen-lith elementor-widget elementor-widget-heading\" data-id=\"iwgs-eisen-lith\" data-element_type=\"widget\" data-e-type=\"widget\" data-widget_type=\"heading.default\">\n\t\t\t\t\t<h2 class=\"elementor-heading-title elementor-size-default\">Bibliografia (selecci\u00f3)<\/h2>\t\t\t\t<\/div>\n\t\t<div class=\"elementor-element elementor-element-iw-eisen-lit-bw e-con-full e-flex e-con e-child\" data-id=\"iw-eisen-lit-bw\" data-element_type=\"container\" data-e-type=\"container\">\n\t\t\t\t<div class=\"elementor-element elementor-element-iwgs-eisen-litt elementor-widget elementor-widget-html\" data-id=\"iwgs-eisen-litt\" data-element_type=\"widget\" data-e-type=\"widget\" data-widget_type=\"html.default\">\n\t\t\t\t\t<footer data-nosnippet=\"true\"><ul><li>Handw\u00f6rterbuch des deutschen Aberglaubens. Hrsg. von Hanns B\u00e4chtold-St\u00e4ubli und Eduard Hoffmann-Krayer. Berlin \/ Leipzig 1927-1942. Artikel \"Eisen\".<\/li><li>Thomas Keightley: The Fairy Mythology. London 1828.<\/li><li>Jacob Grimm: Deutsche Mythologie. 4. Auflage, Berlin 1875-1878.<\/li><li>Katharine Briggs: A Dictionary of Fairies. London 1976.<\/li><li>Leander Petzoldt: Kleines Lexikon der D\u00e4monen und Elementargeister. M\u00fcnchen 1990.<\/li><\/ul><\/footer>\t\t\t\t<\/div>\n\t\t\t\t<\/div>\n\t\t\t\t\t<\/div>\n\t\t\t\t<\/div>\n\t\t<div class=\"elementor-element elementor-element-iwgs-eisen-kwd e-flex e-con-boxed e-con e-parent\" data-id=\"iwgs-eisen-kwd\" data-element_type=\"container\" data-e-type=\"container\">\n\t\t\t\t\t<div class=\"e-con-inner\">\n\t\t<div class=\"elementor-element elementor-element-iw-eisen-kwd-bw e-con-full e-flex e-con e-child\" data-id=\"iw-eisen-kwd-bw\" data-element_type=\"container\" data-e-type=\"container\">\n\t\t\t\t<div class=\"elementor-element elementor-element-iwgs-eisen-kwdt elementor-widget elementor-widget-text-editor\" data-id=\"iwgs-eisen-kwdt\" data-element_type=\"widget\" data-e-type=\"widget\" data-widget_type=\"text-editor.default\">\n\t\t\t\t\t\t\t\t\t<p><em>Termes clau relacionats: ferro protecci\u00f3 fred contra fades clau de ferro.<\/em><\/p>\t\t\t\t\t\t\t\t<\/div>\n\t\t\t\t<\/div>\n\t\t\t\t\t<\/div>\n\t\t\t\t<\/div>\n\t\t<div class=\"elementor-element elementor-element-iwgs-eisen-cc e-flex e-con-boxed e-con e-parent\" data-id=\"iwgs-eisen-cc\" data-element_type=\"container\" data-e-type=\"container\" id=\"iwg-cc-eisen\">\n\t\t\t\t\t<div class=\"e-con-inner\">\n\t\t<div class=\"elementor-element elementor-element-iwgs-eisen-ccinner e-flex e-con-boxed e-con e-parent\" data-id=\"iwgs-eisen-ccinner\" data-element_type=\"container\" data-e-type=\"container\" data-settings=\"{&quot;background_background&quot;:&quot;classic&quot;}\">\n\t\t\t\t\t<div class=\"e-con-inner\">\n\t\t\t\t<div class=\"elementor-element elementor-element-iwgs-eisen-cch elementor-widget elementor-widget-heading\" data-id=\"iwgs-eisen-cch\" data-element_type=\"widget\" data-e-type=\"widget\" data-widget_type=\"heading.default\">\n\t\t\t\t\t<h2 class=\"elementor-heading-title elementor-size-default\">iWell Guard i tradicions de protecci\u00f3<\/h2>\t\t\t\t<\/div>\n\t\t\t\t<div class=\"elementor-element elementor-element-iwgs-eisen-cct elementor-widget elementor-widget-text-editor\" data-id=\"iwgs-eisen-cct\" data-element_type=\"widget\" data-e-type=\"widget\" data-widget_type=\"text-editor.default\">\n\t\t\t\t\t\t\t\t\t<p>El ferro representa una convicci\u00f3 profunda de la tradici\u00f3 popular: que el material adequat en el lloc adequat bloqueja les influ\u00e8ncies nocives. La idea de portar una protecci\u00f3 que concentri qualitats materials protectores troba el seu equivalent en l&#8217;<a href=\"https:\/\/iwell-guard.com\/ca\/penjoll-protector-iwell-guard-comprar\/\">iWell Guard<\/a>, que, com a objecte de protecci\u00f3 port\u00e0til, recull i uneix fils de tradici\u00f3 de diverses cultures.<\/p>\t\t\t\t\t\t\t\t<\/div>\n\t\t\t\t<div class=\"elementor-element elementor-element-iwgs-eisen-ccb iwg-cc-button iwg-cc-cta-2026-05-13 elementor-widget elementor-widget-jet-button\" data-id=\"iwgs-eisen-ccb\" data-element_type=\"widget\" data-e-type=\"widget\" data-widget_type=\"jet-button.default\">\n\t\t\t\t<div class=\"elementor-widget-container\">\n\t\t\t\t\t<div class=\"elementor-jet-button jet-elements\"><div class=\"jet-button__container\"><a class=\"jet-button__instance jet-button__instance--icon-left hover-effect-1\" href=\"\/schutzanhaenger-iwell-guard-kaufen\/?utm_source=iwell-guard.com&amp;utm_medium=info-box&amp;utm_campaign=schutzsymbole\"><div class=\"jet-button__plane jet-button__plane-normal\"><\/div><div class=\"jet-button__plane jet-button__plane-hover\"><\/div><div class=\"jet-button__state jet-button__state-normal\"><span class=\"jet-button__label\">M\u00e9s informaci\u00f3 sobre l'iWell Guard<\/span><\/div><div class=\"jet-button__state jet-button__state-hover\"><span class=\"jet-button__label\">M\u00e9s informaci\u00f3 sobre l'iWell Guard<\/span><\/div><\/a><\/div><\/div><style>.elementor-element.elementor-element-iwgs-eisen-ccb .jet-button__instance{width:320px;height:56px;}.elementor-element.elementor-element-iwgs-eisen-ccb .jet-button__state-normal .jet-button__label{text-align:center;margin:0px 0px 0px 0px;color:#1a1b20;font-family:Montserrat,sans-serif;font-size:13px;font-weight:400;letter-spacing:4px;line-height:1.714em;text-transform:uppercase;}.elementor-element.elementor-element-iwgs-eisen-ccb .jet-button__state-hover .jet-button__label{text-align:center;margin:0px 0px 0px 0px;color:#FECC76;font-family:Montserrat,sans-serif;font-size:13px;font-weight:400;letter-spacing:4px;line-height:1.714em;text-transform:uppercase;}.elementor-element.elementor-element-iwgs-eisen-ccb .jet-button__plane-normal{background-color:#FECC76;border-style:solid;border-color:#C99540;border-width:2px 2px 2px 2px;}.elementor-element.elementor-element-iwgs-eisen-ccb .jet-button__plane-hover{background-color:rgba(0,0,0,0.55);border-style:solid;border-color:#FECC76;border-width:2px 2px 2px 2px;}<\/style>\t\t\t\t<\/div>\n\t\t\t\t<\/div>\n\t\t\t\t<div class=\"elementor-element elementor-element-iwgs-eisen-ccd elementor-widget elementor-widget-text-editor\" data-id=\"iwgs-eisen-ccd\" data-element_type=\"widget\" data-e-type=\"widget\" data-widget_type=\"text-editor.default\">\n\t\t\t\t\t\t\t\t\t<p style=\"text-align:center;font-size:13px;opacity:0.7;margin-top:14px\" data-nosnippet=\"true\">Les experi\u00e8ncies personals poden variar. No \u00e9s un producte sanitari. No es garanteix cap curaci\u00f3.<\/p>\t\t\t\t\t\t\t\t<\/div>\n\t\t\t\t\t<\/div>\n\t\t\t\t<\/div>\n\t\t\t\t\t<\/div>\n\t\t\t\t<\/div>\n\t\t<div class=\"elementor-element elementor-element-iwgs-eisen-disc e-flex e-con-boxed e-con e-parent\" data-id=\"iwgs-eisen-disc\" data-element_type=\"container\" data-e-type=\"container\">\n\t\t\t\t\t<div class=\"e-con-inner\">\n\t\t<div class=\"elementor-element elementor-element-iw-eisen-disc-bw e-con-full e-flex e-con e-child\" data-id=\"iw-eisen-disc-bw\" data-element_type=\"container\" data-e-type=\"container\">\n\t\t\t\t<div class=\"elementor-element elementor-element-iwgs-eisen-discw elementor-widget elementor-widget-html\" data-id=\"iwgs-eisen-discw\" data-element_type=\"widget\" data-e-type=\"widget\" data-widget_type=\"html.default\">\n\t\t\t\t\t<footer data-nosnippet=\"true\" class=\"iwg-disclaimer-block\"><p data-nosnippet=\"true\">iWell Guard <strong>no \u00e9s un producte sanitari<\/strong> i no substitueix cap tractament m\u00e8dic o psicoterap\u00e8utic. Els continguts presentats aqu\u00ed s\u00f3n una contextualitzaci\u00f3 des de la ci\u00e8ncia de les religions i la hist\u00f2ria cultural, no una promesa d'efecte espiritual.<\/p><\/footer>\t\t\t\t<\/div>\n\t\t\t\t<\/div>\n\t\t\t\t\t<\/div>\n\t\t\t\t<\/div>\n\t\t\t\t<\/div>\n\t\t","protected":false},"excerpt":{"rendered":"","protected":false},"author":3,"featured_media":4108,"parent":0,"menu_order":0,"comment_status":"closed","ping_status":"closed","template":"elementor_header_footer","meta":{"_yoast_wpseo_focuskw":"proteccio de ferro","_yoast_wpseo_title":"Ferro i ferro fred com a protecci\u00f3","_yoast_wpseo_metadesc":"En la tradici\u00f3, el ferro \u00e9s considerat el conjur m\u00e9s poder\u00f3s contra fades, follets i bruixes. Origen, principi d'acci\u00f3 i difusi\u00f3 transcultural.","_yoast_wpseo_meta-robots-noindex":"","_yoast_wpseo_canonical":"","_angie_page":false,"gefaehrdungsstufe":"","wesen_kultur":"","wesen_klasse":"","footnotes":""},"categories":[],"class_list":["post-172017","page","type-page","status-publish","has-post-thumbnail","hentry"],"yoast_head":"<!-- This site is optimized with the Yoast SEO Premium plugin v27.7 (Yoast SEO v28.3) - https:\/\/yoast.com\/product\/yoast-seo-premium-wordpress\/ -->\n<title>Ferro i ferro fred com a protecci\u00f3<\/title>\n<meta name=\"description\" content=\"En la tradici\u00f3, el ferro \u00e9s considerat el conjur m\u00e9s poder\u00f3s contra fades, follets i bruixes. Origen, principi d&#039;acci\u00f3 i difusi\u00f3 transcultural.\" \/>\n<meta name=\"robots\" content=\"index, follow, max-snippet:-1, max-image-preview:large, max-video-preview:-1\" \/>\n<link rel=\"canonical\" href=\"https:\/\/iwell-guard.com\/ca\/ferro-i-ferro-fred\/\" \/>\n<meta property=\"og:locale\" content=\"ca_ES\" \/>\n<meta property=\"og:type\" content=\"article\" \/>\n<meta property=\"og:title\" content=\"Ferro i ferro fred\" \/>\n<meta property=\"og:description\" content=\"En la tradici\u00f3, el ferro \u00e9s considerat el conjur m\u00e9s poder\u00f3s contra fades, follets i bruixes. Origen, principi d&#039;acci\u00f3 i difusi\u00f3 transcultural.\" \/>\n<meta property=\"og:url\" content=\"https:\/\/iwell-guard.com\/ca\/ferro-i-ferro-fred\/\" \/>\n<meta property=\"og:site_name\" content=\"iWell Guard\" \/>\n<meta property=\"article:modified_time\" content=\"2026-09-05T16:13:10+00:00\" \/>\n<meta property=\"og:image\" content=\"https:\/\/iwell-guard.com\/wp-content\/uploads\/2026\/05\/schutzsymbol_universell_eisen.png\" \/>\n\t<meta property=\"og:image:width\" content=\"1024\" \/>\n\t<meta property=\"og:image:height\" content=\"1536\" \/>\n\t<meta property=\"og:image:type\" content=\"image\/png\" \/>\n<meta name=\"twitter:card\" content=\"summary_large_image\" \/>\n<script type=\"application\/ld+json\" class=\"yoast-schema-graph\">{\"@context\":\"https:\\\/\\\/schema.org\",\"@graph\":[{\"@type\":\"WebPage\",\"@id\":\"https:\\\/\\\/iwell-guard.com\\\/ca\\\/ferro-i-ferro-fred\\\/\",\"url\":\"https:\\\/\\\/iwell-guard.com\\\/ca\\\/ferro-i-ferro-fred\\\/\",\"name\":\"Ferro i ferro fred com a protecci\u00f3\",\"isPartOf\":{\"@id\":\"https:\\\/\\\/iwell-guard.com\\\/ca\\\/#website\"},\"primaryImageOfPage\":{\"@id\":\"https:\\\/\\\/iwell-guard.com\\\/ca\\\/ferro-i-ferro-fred\\\/#primaryimage\"},\"image\":{\"@id\":\"https:\\\/\\\/iwell-guard.com\\\/ca\\\/ferro-i-ferro-fred\\\/#primaryimage\"},\"thumbnailUrl\":\"https:\\\/\\\/iwell-guard.com\\\/wp-content\\\/uploads\\\/2026\\\/05\\\/schutzsymbol_universell_eisen.png\",\"datePublished\":\"2026-09-05T15:44:22+00:00\",\"dateModified\":\"2026-09-05T16:13:10+00:00\",\"description\":\"En la tradici\u00f3, el ferro \u00e9s considerat el conjur m\u00e9s poder\u00f3s contra fades, follets i bruixes. Origen, principi d'acci\u00f3 i difusi\u00f3 transcultural.\",\"breadcrumb\":{\"@id\":\"https:\\\/\\\/iwell-guard.com\\\/ca\\\/ferro-i-ferro-fred\\\/#breadcrumb\"},\"inLanguage\":\"ca\",\"potentialAction\":[{\"@type\":\"ReadAction\",\"target\":[\"https:\\\/\\\/iwell-guard.com\\\/ca\\\/ferro-i-ferro-fred\\\/\"]}]},{\"@type\":\"ImageObject\",\"inLanguage\":\"ca\",\"@id\":\"https:\\\/\\\/iwell-guard.com\\\/ca\\\/ferro-i-ferro-fred\\\/#primaryimage\",\"url\":\"https:\\\/\\\/iwell-guard.com\\\/wp-content\\\/uploads\\\/2026\\\/05\\\/schutzsymbol_universell_eisen.png\",\"contentUrl\":\"https:\\\/\\\/iwell-guard.com\\\/wp-content\\\/uploads\\\/2026\\\/05\\\/schutzsymbol_universell_eisen.png\",\"width\":1024,\"height\":1536,\"caption\":\"Ferro i ferro fred, il\u00b7lustraci\u00f3 hist\u00f2rica\"},{\"@type\":\"BreadcrumbList\",\"@id\":\"https:\\\/\\\/iwell-guard.com\\\/ca\\\/ferro-i-ferro-fred\\\/#breadcrumb\",\"itemListElement\":[{\"@type\":\"ListItem\",\"position\":1,\"name\":\"Start\",\"item\":\"https:\\\/\\\/iwell-guard.com\\\/ca\\\/?page_id=171333\"},{\"@type\":\"ListItem\",\"position\":2,\"name\":\"Ferro i ferro fred\"}]},{\"@type\":\"WebSite\",\"@id\":\"https:\\\/\\\/iwell-guard.com\\\/ca\\\/#website\",\"url\":\"https:\\\/\\\/iwell-guard.com\\\/ca\\\/\",\"name\":\"iWell Guard\",\"description\":\"Schutz vor dunklen Einfl\u00fcssen\",\"publisher\":{\"@id\":\"https:\\\/\\\/iwell-guard.com\\\/ca\\\/#organization\"},\"potentialAction\":[{\"@type\":\"SearchAction\",\"target\":{\"@type\":\"EntryPoint\",\"urlTemplate\":\"https:\\\/\\\/iwell-guard.com\\\/ca\\\/?s={search_term_string}\"},\"query-input\":{\"@type\":\"PropertyValueSpecification\",\"valueRequired\":true,\"valueName\":\"search_term_string\"}}],\"inLanguage\":\"ca\"},{\"@type\":\"Organization\",\"@id\":\"https:\\\/\\\/iwell-guard.com\\\/ca\\\/#organization\",\"name\":\"Ittermann electronic GmbH\",\"url\":\"https:\\\/\\\/iwell-guard.com\\\/ca\\\/\",\"logo\":{\"@type\":\"ImageObject\",\"inLanguage\":\"ca\",\"@id\":\"https:\\\/\\\/iwell-guard.com\\\/ca\\\/#\\\/schema\\\/logo\\\/image\\\/\",\"url\":\"https:\\\/\\\/iwell-guard.com\\\/wp-content\\\/uploads\\\/2026\\\/05\\\/Ittermann-Logo-1182x237-1.png\",\"contentUrl\":\"https:\\\/\\\/iwell-guard.com\\\/wp-content\\\/uploads\\\/2026\\\/05\\\/Ittermann-Logo-1182x237-1.png\",\"width\":1182,\"height\":237,\"caption\":\"Ittermann electronic GmbH\"},\"image\":{\"@id\":\"https:\\\/\\\/iwell-guard.com\\\/ca\\\/#\\\/schema\\\/logo\\\/image\\\/\"},\"sameAs\":[\"https:\\\/\\\/pantip.com\\\/profile\\\/9367242\",\"https:\\\/\\\/micro.blog\\\/iwellguard\",\"https:\\\/\\\/www.diggerslist.com\\\/iwellguard\\\/about\",\"https:\\\/\\\/skitterphoto.com\\\/photographers\\\/2870314\\\/iwell-guard\",\"https:\\\/\\\/iwellguard.wordpress.com\\\/2026\\\/06\\\/06\\\/iwell-guard\\\/\",\"https:\\\/\\\/hub.docker.com\\\/u\\\/iwellguard\",\"https:\\\/\\\/www.pinterest.com\\\/iwellguard\\\/\",\"https:\\\/\\\/bit.ly\\\/m\\\/iwellguard\",\"https:\\\/\\\/entre-vos-mains.alsace.eu\\\/profiles\\\/iwellguard\\\/activity\",\"https:\\\/\\\/gravatar.com\\\/reallybeded8fd34\",\"https:\\\/\\\/naijamatta.com\\\/iwellguard\",\"https:\\\/\\\/www.goodreads.com\\\/iwellguard\",\"https:\\\/\\\/profile.hatena.ne.jp\\\/iwellguard\\\/\",\"https:\\\/\\\/experiment.com\\\/users\\\/iwellguard\",\"https:\\\/\\\/wakelet.com\\\/@iWellGuard82270\",\"https:\\\/\\\/www.chordie.com\\\/forum\\\/profile.php?id=2555664\",\"https:\\\/\\\/www.instapaper.com\\\/p\\\/17757966\",\"https:\\\/\\\/www.mapleprimes.com\\\/users\\\/iwellguard\",\"https:\\\/\\\/businesslistingplus.com\\\/profile\\\/iwell-guard\\\/\",\"https:\\\/\\\/telegra.ph\\\/iWell-Guard-06-06\",\"https:\\\/\\\/pbase.com\\\/iwellguard\\\/iwellguard\",\"https:\\\/\\\/b.hatena.ne.jp\\\/iwellguard\\\/20260607#bookmark-4788405196491818882\",\"https:\\\/\\\/fliphtml5.com\\\/home\\\/iwellguard\",\"https:\\\/\\\/anyflip.com\\\/homepage\\\/cmiwl#About\",\"https:\\\/\\\/transfur.com\\\/Users\\\/iwellguard\",\"http:\\\/\\\/delphi.larsbo.org\\\/user\\\/iwellguard\",\"https:\\\/\\\/jobs.lajobsportal.org\\\/profiles\\\/8380803-iwell-guard\",\"https:\\\/\\\/md.chaosdorf.de\\\/s\\\/jfbe5SBdJD\",\"https:\\\/\\\/www.lingvolive.com\\\/en-us\\\/profile\\\/9ecaeaca-ce11-4e51-9e71-01d55e2bff36\\\/translations\",\"https:\\\/\\\/www.fitday.com\\\/fitness\\\/forums\\\/members\\\/iwellguard.html\",\"https:\\\/\\\/www.mymeetbook.com\\\/iwellguard\",\"https:\\\/\\\/pxhere.com\\\/en\\\/photographer-me\\\/5040798\",\"https:\\\/\\\/disqus.com\\\/by\\\/iwellguard\\\/about\\\/\",\"https:\\\/\\\/pastelink.net\\\/hjwciqwq\",\"https:\\\/\\\/pubhtml5.com\\\/homepage\\\/scjhn\\\/\",\"https:\\\/\\\/www.bitchute.com\\\/channel\\\/2O2eOKzNqujT\",\"https:\\\/\\\/audiomack.com\\\/iwellguard\"]}]}<\/script>\n<!-- \/ Yoast SEO Premium plugin. -->","yoast_head_json":{"title":"Ferro i ferro fred com a protecci\u00f3","description":"En la tradici\u00f3, el ferro \u00e9s considerat el conjur m\u00e9s poder\u00f3s contra fades, follets i bruixes. Origen, principi d'acci\u00f3 i difusi\u00f3 transcultural.","robots":{"index":"index","follow":"follow","max-snippet":"max-snippet:-1","max-image-preview":"max-image-preview:large","max-video-preview":"max-video-preview:-1"},"canonical":"https:\/\/iwell-guard.com\/ca\/ferro-i-ferro-fred\/","og_locale":"ca_ES","og_type":"article","og_title":"Ferro i ferro fred","og_description":"En la tradici\u00f3, el ferro \u00e9s considerat el conjur m\u00e9s poder\u00f3s contra fades, follets i bruixes. Origen, principi d'acci\u00f3 i difusi\u00f3 transcultural.","og_url":"https:\/\/iwell-guard.com\/ca\/ferro-i-ferro-fred\/","og_site_name":"iWell Guard","article_modified_time":"2026-09-05T16:13:10+00:00","og_image":[{"width":1024,"height":1536,"url":"https:\/\/iwell-guard.com\/wp-content\/uploads\/2026\/05\/schutzsymbol_universell_eisen.png","type":"image\/png"}],"twitter_card":"summary_large_image","schema":{"@context":"https:\/\/schema.org","@graph":[{"@type":"WebPage","@id":"https:\/\/iwell-guard.com\/ca\/ferro-i-ferro-fred\/","url":"https:\/\/iwell-guard.com\/ca\/ferro-i-ferro-fred\/","name":"Ferro i ferro fred com a protecci\u00f3","isPartOf":{"@id":"https:\/\/iwell-guard.com\/ca\/#website"},"primaryImageOfPage":{"@id":"https:\/\/iwell-guard.com\/ca\/ferro-i-ferro-fred\/#primaryimage"},"image":{"@id":"https:\/\/iwell-guard.com\/ca\/ferro-i-ferro-fred\/#primaryimage"},"thumbnailUrl":"https:\/\/iwell-guard.com\/wp-content\/uploads\/2026\/05\/schutzsymbol_universell_eisen.png","datePublished":"2026-09-05T15:44:22+00:00","dateModified":"2026-09-05T16:13:10+00:00","description":"En la tradici\u00f3, el ferro \u00e9s considerat el conjur m\u00e9s poder\u00f3s contra fades, follets i bruixes. Origen, principi d'acci\u00f3 i difusi\u00f3 transcultural.","breadcrumb":{"@id":"https:\/\/iwell-guard.com\/ca\/ferro-i-ferro-fred\/#breadcrumb"},"inLanguage":"ca","potentialAction":[{"@type":"ReadAction","target":["https:\/\/iwell-guard.com\/ca\/ferro-i-ferro-fred\/"]}]},{"@type":"ImageObject","inLanguage":"ca","@id":"https:\/\/iwell-guard.com\/ca\/ferro-i-ferro-fred\/#primaryimage","url":"https:\/\/iwell-guard.com\/wp-content\/uploads\/2026\/05\/schutzsymbol_universell_eisen.png","contentUrl":"https:\/\/iwell-guard.com\/wp-content\/uploads\/2026\/05\/schutzsymbol_universell_eisen.png","width":1024,"height":1536,"caption":"Ferro i ferro fred, il\u00b7lustraci\u00f3 hist\u00f2rica"},{"@type":"BreadcrumbList","@id":"https:\/\/iwell-guard.com\/ca\/ferro-i-ferro-fred\/#breadcrumb","itemListElement":[{"@type":"ListItem","position":1,"name":"Start","item":"https:\/\/iwell-guard.com\/ca\/?page_id=171333"},{"@type":"ListItem","position":2,"name":"Ferro i ferro fred"}]},{"@type":"WebSite","@id":"https:\/\/iwell-guard.com\/ca\/#website","url":"https:\/\/iwell-guard.com\/ca\/","name":"iWell Guard","description":"Schutz vor dunklen Einfl\u00fcssen","publisher":{"@id":"https:\/\/iwell-guard.com\/ca\/#organization"},"potentialAction":[{"@type":"SearchAction","target":{"@type":"EntryPoint","urlTemplate":"https:\/\/iwell-guard.com\/ca\/?s={search_term_string}"},"query-input":{"@type":"PropertyValueSpecification","valueRequired":true,"valueName":"search_term_string"}}],"inLanguage":"ca"},{"@type":"Organization","@id":"https:\/\/iwell-guard.com\/ca\/#organization","name":"Ittermann electronic GmbH","url":"https:\/\/iwell-guard.com\/ca\/","logo":{"@type":"ImageObject","inLanguage":"ca","@id":"https:\/\/iwell-guard.com\/ca\/#\/schema\/logo\/image\/","url":"https:\/\/iwell-guard.com\/wp-content\/uploads\/2026\/05\/Ittermann-Logo-1182x237-1.png","contentUrl":"https:\/\/iwell-guard.com\/wp-content\/uploads\/2026\/05\/Ittermann-Logo-1182x237-1.png","width":1182,"height":237,"caption":"Ittermann electronic GmbH"},"image":{"@id":"https:\/\/iwell-guard.com\/ca\/#\/schema\/logo\/image\/"},"sameAs":["https:\/\/pantip.com\/profile\/9367242","https:\/\/micro.blog\/iwellguard","https:\/\/www.diggerslist.com\/iwellguard\/about","https:\/\/skitterphoto.com\/photographers\/2870314\/iwell-guard","https:\/\/iwellguard.wordpress.com\/2026\/06\/06\/iwell-guard\/","https:\/\/hub.docker.com\/u\/iwellguard","https:\/\/www.pinterest.com\/iwellguard\/","https:\/\/bit.ly\/m\/iwellguard","https:\/\/entre-vos-mains.alsace.eu\/profiles\/iwellguard\/activity","https:\/\/gravatar.com\/reallybeded8fd34","https:\/\/naijamatta.com\/iwellguard","https:\/\/www.goodreads.com\/iwellguard","https:\/\/profile.hatena.ne.jp\/iwellguard\/","https:\/\/experiment.com\/users\/iwellguard","https:\/\/wakelet.com\/@iWellGuard82270","https:\/\/www.chordie.com\/forum\/profile.php?id=2555664","https:\/\/www.instapaper.com\/p\/17757966","https:\/\/www.mapleprimes.com\/users\/iwellguard","https:\/\/businesslistingplus.com\/profile\/iwell-guard\/","https:\/\/telegra.ph\/iWell-Guard-06-06","https:\/\/pbase.com\/iwellguard\/iwellguard","https:\/\/b.hatena.ne.jp\/iwellguard\/20260607#bookmark-4788405196491818882","https:\/\/fliphtml5.com\/home\/iwellguard","https:\/\/anyflip.com\/homepage\/cmiwl#About","https:\/\/transfur.com\/Users\/iwellguard","http:\/\/delphi.larsbo.org\/user\/iwellguard","https:\/\/jobs.lajobsportal.org\/profiles\/8380803-iwell-guard","https:\/\/md.chaosdorf.de\/s\/jfbe5SBdJD","https:\/\/www.lingvolive.com\/en-us\/profile\/9ecaeaca-ce11-4e51-9e71-01d55e2bff36\/translations","https:\/\/www.fitday.com\/fitness\/forums\/members\/iwellguard.html","https:\/\/www.mymeetbook.com\/iwellguard","https:\/\/pxhere.com\/en\/photographer-me\/5040798","https:\/\/disqus.com\/by\/iwellguard\/about\/","https:\/\/pastelink.net\/hjwciqwq","https:\/\/pubhtml5.com\/homepage\/scjhn\/","https:\/\/www.bitchute.com\/channel\/2O2eOKzNqujT","https:\/\/audiomack.com\/iwellguard"]}]}},"_links":{"self":[{"href":"https:\/\/iwell-guard.com\/ca\/wp-json\/wp\/v2\/pages\/172017","targetHints":{"allow":["GET"]}}],"collection":[{"href":"https:\/\/iwell-guard.com\/ca\/wp-json\/wp\/v2\/pages"}],"about":[{"href":"https:\/\/iwell-guard.com\/ca\/wp-json\/wp\/v2\/types\/page"}],"author":[{"embeddable":true,"href":"https:\/\/iwell-guard.com\/ca\/wp-json\/wp\/v2\/users\/3"}],"replies":[{"embeddable":true,"href":"https:\/\/iwell-guard.com\/ca\/wp-json\/wp\/v2\/comments?post=172017"}],"version-history":[{"count":0,"href":"https:\/\/iwell-guard.com\/ca\/wp-json\/wp\/v2\/pages\/172017\/revisions"}],"wp:featuredmedia":[{"embeddable":true,"href":"https:\/\/iwell-guard.com\/ca\/wp-json\/wp\/v2\/media\/4108"}],"wp:attachment":[{"href":"https:\/\/iwell-guard.com\/ca\/wp-json\/wp\/v2\/media?parent=172017"}],"wp:term":[{"taxonomy":"category","embeddable":true,"href":"https:\/\/iwell-guard.com\/ca\/wp-json\/wp\/v2\/categories?post=172017"}],"curies":[{"name":"wp","href":"https:\/\/api.w.org\/{rel}","templated":true}]}}