{"id":172016,"date":"2026-09-05T15:44:22","date_gmt":"2026-09-05T15:44:22","guid":{"rendered":"https:\/\/iwell-guard.com\/?page_id=172016"},"modified":"2026-09-05T16:13:09","modified_gmt":"2026-09-05T16:13:09","slug":"drudenfuss-i-pentagrama","status":"publish","type":"page","link":"https:\/\/iwell-guard.com\/ca\/drudenfuss-i-pentagrama\/","title":{"rendered":"Drudenfu\u00df i pentagrama"},"content":{"rendered":"\t\t<div data-elementor-type=\"wp-page\" data-elementor-id=\"172016\" class=\"elementor elementor-172016 elementor-3772 elementor-bc-flex-widget\" data-elementor-post-type=\"page\">\n\t\t\t\t<div class=\"elementor-element elementor-element-iwgs-drudenfuss-hero e-flex e-con-boxed e-con e-parent\" data-id=\"iwgs-drudenfuss-hero\" data-element_type=\"container\" data-e-type=\"container\">\n\t\t\t\t\t<div class=\"e-con-inner\">\n\t\t<div class=\"elementor-element elementor-element-iw-drudenfuss-hero-left e-con-full e-flex e-con e-child\" data-id=\"iw-drudenfuss-hero-left\" data-element_type=\"container\" data-e-type=\"container\">\n\t\t\t\t<div class=\"elementor-element elementor-element-iwgs-drudenfuss-h1 elementor-widget elementor-widget-heading\" data-id=\"iwgs-drudenfuss-h1\" data-element_type=\"widget\" data-e-type=\"widget\" data-widget_type=\"heading.default\">\n\t\t\t\t\t<h1 class=\"elementor-heading-title elementor-size-default\">Drudenfu\u00df i pentagrama<\/h1>\t\t\t\t<\/div>\n\t\t<div class=\"elementor-element elementor-element-iw-drudenfuss-hero-bw e-con-full e-flex e-con e-child\" data-id=\"iw-drudenfuss-hero-bw\" data-element_type=\"container\" data-e-type=\"container\">\n\t\t\t\t<div class=\"elementor-element elementor-element-iwgs-drudenfuss-pills elementor-widget elementor-widget-html\" data-id=\"iwgs-drudenfuss-pills\" data-element_type=\"widget\" data-e-type=\"widget\" data-widget_type=\"html.default\">\n\t\t\t\t\t<div class=\"iwg-pill-row\"><span class=\"iwg-klasse-badge\" tabindex=\"0\" data-tooltip=\"Tipus d'amulet de protecci\u00f3.\">Signe de protecci\u00f3<\/span><a href=\"https:\/\/iwell-guard.com\/ca\/simbols-de-proteccio\/\" class=\"iwg-kultur-badge\" tabindex=\"0\" data-tooltip=\"Anar a la visi\u00f3 general.\">Signes i s\u00edmbols<\/a><\/div>\t\t\t\t<\/div>\n\t\t\t\t<div class=\"elementor-element elementor-element-iwgs-drudenfuss-lead elementor-widget elementor-widget-text-editor\" data-id=\"iwgs-drudenfuss-lead\" data-element_type=\"widget\" data-e-type=\"widget\" data-widget_type=\"text-editor.default\">\n\t\t\t\t\t\t\t\t\t<p>El Drudenfu\u00df \u00e9s un dels signes de protecci\u00f3 m\u00e9s coneguts de la creen\u00e7a popular de parla alemanya. Es tracta d&#8217;un motiu en forma d&#8217;estrella de cinc puntes que es pot dibuixar amb un sol tra\u00e7, sense aixecar el llapis.<\/p><p>Aquesta caracter\u00edstica, el tra\u00e7 lineal tancat, es considerava en la <span class=\"iwg-fachbegriff\" data-tooltip=\"La transmissi\u00f3 de coneixements i relats al llarg de generacions.\" tabindex=\"0\">tradici\u00f3<\/span> essencial per a la seva for\u00e7a protectora: un signe aix\u00ed no t\u00e9 principi ni fi i, per tant, segons la creen\u00e7a, no deixa cap entrada oberta.<\/p>\n<p>El nom \u00abDrudenfu\u00df\u00bb fa refer\u00e8ncia a la Drude, un \u00e9sser opressor nocturn de la creen\u00e7a popular alpina i de la regi\u00f3 bavaresa i austr\u00edaca. Signes emparentats i creences similars, per\u00f2, es troben molt m\u00e9s enll\u00e0 d&#8217;aquest \u00e0mbit, tant en la filosofia de l&#8217;Antiguitat tardana com en la <span class=\"iwg-fachbegriff\" data-tooltip=\"La transmissi\u00f3 de coneixements i relats al llarg de generacions.\" tabindex=\"0\">tradici\u00f3<\/span> \u00e0rab medieval.<\/p>\n<p>Aquesta p\u00e0gina situa el signe en el seu context etnol\u00f2gic. No ofereix cap garantia de protecci\u00f3, sin\u00f3 que descriu all\u00f2 que les cultures li han atribu\u00eft. Qui busqui una visi\u00f3 general dels signes emparentats la trobar\u00e0 a la p\u00e0gina de resum <a href=\"https:\/\/iwell-guard.com\/ca\/simbols-de-proteccio\/\">S\u00edmbols de protecci\u00f3<\/a>; el <a href=\"https:\/\/iwell-guard.com\/ca\/?page_id=172028\">Br\u00faixola de protecci\u00f3<\/a> relaciona el Drudenfu\u00df amb els \u00e9ssers contra els quals, segons la <span class=\"iwg-fachbegriff\" data-tooltip=\"La transmissi\u00f3 de coneixements i relats al llarg de generacions.\" tabindex=\"0\">tradici\u00f3<\/span>, s&#8217;utilitzava.<\/p>\t\t\t\t\t\t\t\t<\/div>\n\t\t\t\t<\/div>\n\t\t\t\t<\/div>\n\t\t<div class=\"elementor-element elementor-element-iw-drudenfuss-hero-img e-con-full e-flex e-con e-child\" data-id=\"iw-drudenfuss-hero-img\" data-element_type=\"container\" data-e-type=\"container\">\n\t\t\t\t<div class=\"elementor-element elementor-element-iwgs-drudenfuss-himg iwg-hero-image elementor-widget elementor-widget-image\" data-id=\"iwgs-drudenfuss-himg\" data-element_type=\"widget\" data-e-type=\"widget\" data-widget_type=\"image.default\">\n\t\t\t\t\t\t\t\t\t\t\t\t\t\t\t<img fetchpriority=\"high\" decoding=\"async\" width=\"683\" height=\"1024\" src=\"https:\/\/iwell-guard.com\/wp-content\/uploads\/2026\/05\/schutzsymbol_germanisch_drudenfuss-683x1024.png\" class=\"attachment-large size-large wp-image-173212\" alt=\"Drudenfu\u00df i pentagrama, il\u00b7lustraci\u00f3 hist\u00f2rica\" srcset=\"https:\/\/iwell-guard.com\/wp-content\/uploads\/2026\/05\/schutzsymbol_germanisch_drudenfuss-683x1024.png 683w, https:\/\/iwell-guard.com\/wp-content\/uploads\/2026\/05\/schutzsymbol_germanisch_drudenfuss-200x300.png 200w, https:\/\/iwell-guard.com\/wp-content\/uploads\/2026\/05\/schutzsymbol_germanisch_drudenfuss-768x1152.png 768w, https:\/\/iwell-guard.com\/wp-content\/uploads\/2026\/05\/schutzsymbol_germanisch_drudenfuss.png 1024w\" sizes=\"(max-width: 683px) 100vw, 683px\" \/>\t\t\t\t\t\t\t\t\t\t\t\t\t\t\t<\/div>\n\t\t\t\t<\/div>\n\t\t\t\t\t<\/div>\n\t\t\t\t<\/div>\n\t\t<div class=\"elementor-element elementor-element-iwgs-drudenfuss-s0 e-flex e-con-boxed e-con e-parent\" data-id=\"iwgs-drudenfuss-s0\" data-element_type=\"container\" data-e-type=\"container\">\n\t\t\t\t\t<div class=\"e-con-inner\">\n\t\t\t\t<div class=\"elementor-element elementor-element-iwgs-drudenfuss-s0h elementor-widget elementor-widget-heading\" data-id=\"iwgs-drudenfuss-s0h\" data-element_type=\"widget\" data-e-type=\"widget\" data-widget_type=\"heading.default\">\n\t\t\t\t\t<h2 class=\"elementor-heading-title elementor-size-default\">Resum r\u00e0pid<\/h2>\t\t\t\t<\/div>\n\t\t<div class=\"elementor-element elementor-element-iw-drudenfuss-s0-bw e-con-full e-flex e-con e-child\" data-id=\"iw-drudenfuss-s0-bw\" data-element_type=\"container\" data-e-type=\"container\">\n\t\t\t\t<div class=\"elementor-element elementor-element-iwgs-drudenfuss-s0t elementor-widget elementor-widget-text-editor\" data-id=\"iwgs-drudenfuss-s0t\" data-element_type=\"widget\" data-e-type=\"widget\" data-widget_type=\"text-editor.default\">\n\t\t\t\t\t\t\t\t\t<p>En la <span class=\"iwg-fachbegriff\" data-tooltip=\"La transmissi\u00f3 de coneixements i relats al llarg de generacions.\" tabindex=\"0\">tradici\u00f3<\/span>, el Drudenfu\u00df es considera un signe apotropaic: havia d&#8217;impedir que les Drudes, els elfs i altres influ\u00e8ncies nocturnes penetressin a la casa o al lloc on es dormia. El signe es tra\u00e7a o es pinta com un tra\u00e7 lineal \u00fanic i tancat a les portes, als marcs de les finestres i sobre estris.<\/p><p>Fora de l&#8217;\u00e0mbit de parla alemanya, el mateix <span class=\"iwg-fachbegriff\" data-tooltip=\"Un signe que representa una idea o un significat.\" tabindex=\"0\">s\u00edmbol<\/span> geom\u00e8tric es coneix com a pentagrama, i en la <span class=\"iwg-fachbegriff\" data-tooltip=\"La transmissi\u00f3 de coneixements i relats al llarg de generacions.\" tabindex=\"0\">tradici\u00f3<\/span> pitag\u00f2rica va ser, entre altres coses, un senyal de reconeixement entre iniciats, al qual tamb\u00e9 s&#8217;atribu\u00efen propietats protectores. En la creen\u00e7a popular de la baixa edat mitjana i la primera modernitat, el Drudenfu\u00df estava tan est\u00e8s a la regi\u00f3 del sud d&#8217;Alemanya i \u00c0ustria que apareix en r\u00e8tols de tavernes, fa\u00e7anes de baguls i bigues de cases.<\/p>\t\t\t\t\t\t\t\t<\/div>\n\t\t\t\t<\/div>\n\t\t\t\t\t<\/div>\n\t\t\t\t<\/div>\n\t\t<div class=\"elementor-element elementor-element-iwgs-drudenfuss-s1 e-flex e-con-boxed e-con e-parent\" data-id=\"iwgs-drudenfuss-s1\" data-element_type=\"container\" data-e-type=\"container\">\n\t\t\t\t\t<div class=\"e-con-inner\">\n\t\t\t\t<div class=\"elementor-element elementor-element-iwgs-drudenfuss-s1h elementor-widget elementor-widget-heading\" data-id=\"iwgs-drudenfuss-s1h\" data-element_type=\"widget\" data-e-type=\"widget\" data-widget_type=\"heading.default\">\n\t\t\t\t\t<h2 class=\"elementor-heading-title elementor-size-default\">Origen i tradici\u00f3<\/h2>\t\t\t\t<\/div>\n\t\t<div class=\"elementor-element elementor-element-iw-drudenfuss-s1-bw e-con-full e-flex e-con e-child\" data-id=\"iw-drudenfuss-s1-bw\" data-element_type=\"container\" data-e-type=\"container\">\n\t\t\t\t<div class=\"elementor-element elementor-element-iwgs-drudenfuss-s1t elementor-widget elementor-widget-text-editor\" data-id=\"iwgs-drudenfuss-s1t\" data-element_type=\"widget\" data-e-type=\"widget\" data-widget_type=\"text-editor.default\">\n\t\t\t\t\t\t\t\t\t<p>Els testimonis m\u00e9s antics del motiu de l&#8217;estrella de cinc puntes com a signe intencionat provenen de la regi\u00f3 de Mesopot\u00e0mia, on apareix en cer\u00e0mica i tauletes d&#8217;argila. Tot i aix\u00f2, no s&#8217;hi pot documentar clarament un significat protector o apotropaic; els signes tenien m\u00e9s b\u00e9 un car\u00e0cter classificatori.<\/p>\n<p>En l&#8217;\u00e0mbit cultural grec, l&#8217;escola pitag\u00f2rica va adoptar el pentagrama com a signe de reconeixement. Fonts tardanes del neoplatonisme el van interpretar com a <span class=\"iwg-fachbegriff\" data-tooltip=\"Un signe que representa una idea o un significat.\" tabindex=\"0\">s\u00edmbol<\/span> d&#8217;harmonia i salut; el terme \u00abHygieia\u00bb s&#8217;inscrivia de vegades a les puntes. Des d&#8217;aquesta tradici\u00f3 erudita, el signe va arribar a l&#8217;horitz\u00f3 cultural europeu a trav\u00e9s de la <span class=\"iwg-fachbegriff\" data-tooltip=\"La transmissi\u00f3 de coneixements i relats al llarg de generacions.\" tabindex=\"0\">tradici\u00f3<\/span> \u00e0rab i la filosofia escol\u00e0stica medieval.<\/p>\n<p>En la creen\u00e7a popular de parla alemanya, el nom \u00abDrudenfu\u00df\u00bb est\u00e0 documentat des de la baixa edat mitjana. La Drude, escrita de vegades tamb\u00e9 \u00abTrude\u00bb, \u00e9s un \u00e9sser que, segons la <span class=\"iwg-fachbegriff\" data-tooltip=\"La transmissi\u00f3 de coneixements i relats al llarg de generacions.\" tabindex=\"0\">tradici\u00f3<\/span>, s&#8217;ajeu de nit sobre el pit de les persones adormides i els oprimeix la respiraci\u00f3, produint aquella sensaci\u00f3 d&#8217;ofegament que avui correspon al fenomen del son conegut com a par\u00e0lisi del son.<\/p><p>Es creia que l&#8217;empremta del peu d&#8217;aquest \u00e9sser deixava el motiu de cinc puntes, d&#8217;aqu\u00ed el nom.<\/p>\n<p>El \u00abFaust\u00bb de Johann Wolfgang von Goethe cont\u00e9 la coneguda escena en qu\u00e8 Mefist\u00f2fil queda atrapat pel pentagrama al marc de la porta, la qual cosa mostra fins a quin punt aquesta creen\u00e7a encara era viva a principis del segle XIX. El signe al llindar o al marc de la porta es considerava una barrera per als \u00e9ssers que intentaven entrar.<\/p>\t\t\t\t\t\t\t\t<\/div>\n\t\t\t\t<\/div>\n\t\t\t\t\t<\/div>\n\t\t\t\t<\/div>\n\t\t<div class=\"elementor-element elementor-element-iwgs-drudenfuss-s2 e-flex e-con-boxed e-con e-parent\" data-id=\"iwgs-drudenfuss-s2\" data-element_type=\"container\" data-e-type=\"container\">\n\t\t\t\t\t<div class=\"e-con-inner\">\n\t\t\t\t<div class=\"elementor-element elementor-element-iwgs-drudenfuss-s2h elementor-widget elementor-widget-heading\" data-id=\"iwgs-drudenfuss-s2h\" data-element_type=\"widget\" data-e-type=\"widget\" data-widget_type=\"heading.default\">\n\t\t\t\t\t<h2 class=\"elementor-heading-title elementor-size-default\">Principi d'acci\u00f3 segons la tradici\u00f3<\/h2>\t\t\t\t<\/div>\n\t\t<div class=\"elementor-element elementor-element-iw-drudenfuss-s2-bw e-con-full e-flex e-con e-child\" data-id=\"iw-drudenfuss-s2-bw\" data-element_type=\"container\" data-e-type=\"container\">\n\t\t\t\t<div class=\"elementor-element elementor-element-iwgs-drudenfuss-s2t elementor-widget elementor-widget-text-editor\" data-id=\"iwgs-drudenfuss-s2t\" data-element_type=\"widget\" data-e-type=\"widget\" data-widget_type=\"text-editor.default\">\n\t\t\t\t\t\t\t\t\t<p>La <span class=\"iwg-fachbegriff\" data-tooltip=\"La transmissi\u00f3 de coneixements i relats a trav\u00e9s de les generacions.\" tabindex=\"0\">tradici\u00f3<\/span> explica l&#8217;efecte del peu de bruixa de dues maneres estretament relacionades. En primer lloc, el tra\u00e7at continu i tancat de l\u00ednies es considera la clau: un \u00e9sser que s&#8217;aproximi a un signe aix\u00ed es veuria obligat a seguir el recorregut de la l\u00ednia sense trobar cap sortida, quedant aix\u00ed lligat o distret fins que acaba la nit.<\/p><p>En segon lloc, el signe s&#8217;ent\u00e9n com una barrera al llindar que impedeix f\u00edsicament que un \u00e9sser travessi la porta.<\/p>\n<p>Ambd\u00f3s models explicatius pressuposen que determinats \u00e9ssers reaccionen a formes geom\u00e8triques i han de participar de les seves regles. Aquesta idea es troba de forma molt semblant tamb\u00e9 en el <a href=\"https:\/\/iwell-guard.com\/ca\/?page_id=172001\">cercle protector<\/a>, que com a l\u00ednia tra\u00e7ada assegura l&#8217;espai interior. La difer\u00e8ncia: el peu de bruixa \u00e9s un signe permanent en llocs fixos, no un <span class=\"iwg-fachbegriff\" data-tooltip=\"Una seq\u00fc\u00e8ncia reglada d'accions simb\u00f2liques amb significat religi\u00f3s o cultural.\" tabindex=\"0\">ritual<\/span> puntual.<\/p>\n<p>En la <span class=\"iwg-fachbegriff\" data-tooltip=\"Pr\u00e0ctiques que pretenen intervenir en el curs de les coses mitjan\u00e7ant accions o f\u00f3rmules especials.\" tabindex=\"0\">m\u00e0gia<\/span> erudita de l&#8217;edat mitjana i de l&#8217;inici de l&#8217;edat moderna, el pentagrama es va utilitzar com a mitj\u00e0 per lligar esperits: qui el dibuixava amb les proporcions correctes i hi escrivia el nom de l&#8217;\u00e9sser que volia lligar, havia de poder confinar-lo dins del signe.<\/p><p>Aquesta <span class=\"iwg-fachbegriff\" data-tooltip=\"La transmissi\u00f3 de coneixements i relats a trav\u00e9s de les generacions.\" tabindex=\"0\">tradici\u00f3<\/span> erudita s&#8217;ha de distingir de la pr\u00e0ctica popular de protecci\u00f3 de la llar, per\u00f2 comparteix el principi b\u00e0sic de la forma tancada que lliga.<\/p>\t\t\t\t\t\t\t\t<\/div>\n\t\t\t\t<\/div>\n\t\t\t\t\t<\/div>\n\t\t\t\t<\/div>\n\t\t<div class=\"elementor-element elementor-element-iwgs-drudenfuss-s3 e-flex e-con-boxed e-con e-parent\" data-id=\"iwgs-drudenfuss-s3\" data-element_type=\"container\" data-e-type=\"container\">\n\t\t\t\t\t<div class=\"e-con-inner\">\n\t\t\t\t<div class=\"elementor-element elementor-element-iwgs-drudenfuss-s3h elementor-widget elementor-widget-heading\" data-id=\"iwgs-drudenfuss-s3h\" data-element_type=\"widget\" data-e-type=\"widget\" data-widget_type=\"heading.default\">\n\t\t\t\t\t<h2 class=\"elementor-heading-title elementor-size-default\">Difusi\u00f3 transcultural<\/h2>\t\t\t\t<\/div>\n\t\t<div class=\"elementor-element elementor-element-iw-drudenfuss-s3-bw e-con-full e-flex e-con e-child\" data-id=\"iw-drudenfuss-s3-bw\" data-element_type=\"container\" data-e-type=\"container\">\n\t\t\t\t<div class=\"elementor-element elementor-element-iwgs-drudenfuss-s3t elementor-widget elementor-widget-text-editor\" data-id=\"iwgs-drudenfuss-s3t\" data-element_type=\"widget\" data-e-type=\"widget\" data-widget_type=\"text-editor.default\">\n\t\t\t\t\t\t\t\t\t<p>El motiu estel\u00b7lar de cinc puntes apareix en nombroses cultures, sense que sempre es pugui demostrar una transmissi\u00f3 directa. En el cristianisme et\u00edop, el signe apareix com a \u00absegell de Salom\u00f3\u00bb en amulets i pergamins destinats a protegir contra dimonis i el mal d&#8217;ull.<\/p><p>En la <span class=\"iwg-fachbegriff\" data-tooltip=\"La transmissi\u00f3 de coneixements i relats a trav\u00e9s de les generacions.\" tabindex=\"0\">tradici\u00f3<\/span> isl\u00e0mica medieval es troba com un dels segells en textos m\u00e0gics \u00e0rabs. A l&#8217;Europa medieval es va utilitzar \u00e0mpliament tant en la pr\u00e0ctica popular de defensa com en la <span class=\"iwg-fachbegriff\" data-tooltip=\"Pr\u00e0ctiques que pretenen intervenir en el curs de les coses mitjan\u00e7ant accions o f\u00f3rmules especials.\" tabindex=\"0\">m\u00e0gia<\/span> erudita.<\/p>\n<p>La <span class=\"iwg-fachbegriff\" data-tooltip=\"La transmissi\u00f3 de coneixements i relats a trav\u00e9s de les generacions.\" tabindex=\"0\">tradici\u00f3<\/span> dels cherokee i d&#8217;altres cultures nord-americanes coneix els seus propis motius de cinc puntes, per\u00f2 en aquest cas no es pot establir cap relaci\u00f3 amb el peu de bruixa europeu; es tracta de desenvolupaments independents.<\/p>\n<p>El peu de bruixa com a signe de la casa est\u00e0 ben documentat sobretot a la zona d&#8217;Alemanya del sud, \u00c0ustria i Su\u00efssa. M\u00e9s cap al nord predominen altres signes de protecci\u00f3, com les runes o la denominada \u00abcreu de bruixa\u00bb. A Anglaterra hi ha un terme relacionat, \u00abwitch&#8217;s foot\u00bb, i en l&#8217;arqueologia dom\u00e8stica del pa\u00eds apareixen pentagrames gravats en marcs de porta i lleixes de xemeneia.<\/p>\t\t\t\t\t\t\t\t<\/div>\n\t\t\t\t<\/div>\n\t\t\t\t\t<\/div>\n\t\t\t\t<\/div>\n\t\t<div class=\"elementor-element elementor-element-iwgs-drudenfuss-s4 e-flex e-con-boxed e-con e-parent\" data-id=\"iwgs-drudenfuss-s4\" data-element_type=\"container\" data-e-type=\"container\">\n\t\t\t\t\t<div class=\"e-con-inner\">\n\t\t\t\t<div class=\"elementor-element elementor-element-iwgs-drudenfuss-s4h elementor-widget elementor-widget-heading\" data-id=\"iwgs-drudenfuss-s4h\" data-element_type=\"widget\" data-e-type=\"widget\" data-widget_type=\"heading.default\">\n\t\t\t\t\t<h2 class=\"elementor-heading-title elementor-size-default\">Contra qu\u00e8 s'utilitza<\/h2>\t\t\t\t<\/div>\n\t\t<div class=\"elementor-element elementor-element-iw-drudenfuss-s4-bw e-con-full e-flex e-con e-child\" data-id=\"iw-drudenfuss-s4-bw\" data-element_type=\"container\" data-e-type=\"container\">\n\t\t\t\t<div class=\"elementor-element elementor-element-iwgs-drudenfuss-s4t elementor-widget elementor-widget-text-editor\" data-id=\"iwgs-drudenfuss-s4t\" data-element_type=\"widget\" data-e-type=\"widget\" data-widget_type=\"text-editor.default\">\n\t\t\t\t\t\t\t\t\t<p>En la <span class=\"iwg-fachbegriff\" data-tooltip=\"La transmissi\u00f3 de coneixements i relats a trav\u00e9s de les generacions.\" tabindex=\"0\">tradici\u00f3<\/span> popular, el peu de bruixa es dirigeix principalment contra les drudes: \u00e9ssers nocturns opressors que s&#8217;ajeuen sobre la persona adormida, la paralitzen i la turmenten. Aquesta mateixa categoria inclou l&#8217;alp, conegut en el folklore del nord d&#8217;Alemanya i escandinau com a \u00abMahr\u00bb o \u00abMare\u00bb, i altres \u00e9ssers que actuen durant el son.<\/p>\n<p>A m\u00e9s, el signe s&#8217;utilitza en la <span class=\"iwg-fachbegriff\" data-tooltip=\"La transmissi\u00f3 de coneixements i relats a trav\u00e9s de les generacions.\" tabindex=\"0\">tradici\u00f3<\/span> contra:<\/p>\n<ul>\n<li>Bruixes i persones amb coneixements m\u00e0gics, de les quals es deia que podien travessar portes tancades o fer mal al bestiar i a les provisions.<\/li>\n<li>Fantasmes i morts vivents, considerats lligats a determinats camins o llindars.<\/li>\n<li>Influ\u00e8ncies perjudicials generals provinents de l&#8217;exterior sobre la casa, l&#8217;estable i el lloc de dormir, sense que se&#8217;n precis\u00e9s la naturalesa exacta.<\/li>\n<\/ul>\n<p>En la <span class=\"iwg-fachbegriff\" data-tooltip=\"Pr\u00e0ctiques que pretenen intervenir en el curs de les coses mitjan\u00e7ant accions o f\u00f3rmules especials.\" tabindex=\"0\">m\u00e0gia<\/span> erudita dels segles XVI al XVIII, el seu \u00fas es va estendre a lligar i conjurar dimonis en el sentit dels llibres del diable i dels manuals d&#8217;invocaci\u00f3 de l&#8217;\u00e8poca. Aquesta pr\u00e0ctica difereix considerablement de la senzilla tradici\u00f3 de protecci\u00f3 de la llar, per\u00f2 mostra com d&#8217;\u00e0mpliament es va emprar el signe.<\/p>\t\t\t\t\t\t\t\t<\/div>\n\t\t\t\t<\/div>\n\t\t\t\t\t<\/div>\n\t\t\t\t<\/div>\n\t\t<div class=\"elementor-element elementor-element-iwgs-drudenfuss-s5 e-flex e-con-boxed e-con e-parent\" data-id=\"iwgs-drudenfuss-s5\" data-element_type=\"container\" data-e-type=\"container\">\n\t\t\t\t\t<div class=\"e-con-inner\">\n\t\t\t\t<div class=\"elementor-element elementor-element-iwgs-drudenfuss-s5h elementor-widget elementor-widget-heading\" data-id=\"iwgs-drudenfuss-s5h\" data-element_type=\"widget\" data-e-type=\"widget\" data-widget_type=\"heading.default\">\n\t\t\t\t\t<h2 class=\"elementor-heading-title elementor-size-default\">Aplicaci\u00f3 i l\u00edmits<\/h2>\t\t\t\t<\/div>\n\t\t<div class=\"elementor-element elementor-element-iw-drudenfuss-s5-bw e-con-full e-flex e-con e-child\" data-id=\"iw-drudenfuss-s5-bw\" data-element_type=\"container\" data-e-type=\"container\">\n\t\t\t\t<div class=\"elementor-element elementor-element-iwgs-drudenfuss-s5t elementor-widget elementor-widget-text-editor\" data-id=\"iwgs-drudenfuss-s5t\" data-element_type=\"widget\" data-e-type=\"widget\" data-widget_type=\"text-editor.default\">\n\t\t\t\t\t\t\t\t\t<p>L&#8217;aplicaci\u00f3 popular era senzilla i duradora: el peu de bruixa es gravava en bigues o marcs de porta, es pintava a les parets de l&#8217;estable de vaques o es col\u00b7locava en objectes com arques i motlles per a la mantega. Segons la <span class=\"iwg-fachbegriff\" data-tooltip=\"La transmissi\u00f3 de coneixements i relats a trav\u00e9s de les generacions.\" tabindex=\"0\">tradici\u00f3<\/span>, era essencial que el signe es dibuix\u00e9s d&#8217;un sol tra\u00e7, sense aixecar l&#8217;estri d&#8217;escriure, ja que nom\u00e9s aix\u00ed es formava la l\u00ednia tancada sense interrupci\u00f3.<\/p>\n<p>Col\u00b7locat al llindar de la porta o a la finestra, havia de bloquejar l&#8217;entrada. Dibuixat a terra a l&#8217;habitaci\u00f3 o en un full de paper sota el llit, havia de protegir la persona que hi descansava.<\/p>\n<p>La mateixa <span class=\"iwg-fachbegriff\" data-tooltip=\"La transmissi\u00f3 de coneixements i relats a trav\u00e9s de les generacions.\" tabindex=\"0\">tradici\u00f3<\/span> reconeix l\u00edmits: un peu de bruixa dibuixat de manera incompleta, amb la l\u00ednia interrompuda, es considerava inefica\u00e7 o fins i tot una invitaci\u00f3, ja que deixava una entrada oberta a l&#8217;\u00e9sser. Tamb\u00e9 el mal estat de conservaci\u00f3 d&#8217;un signe gravat, per exemple per la intemp\u00e8rie o el desgast, es considerava un possible debilitament de l&#8217;efecte protector.<\/p>\n<p>Hist\u00f2ricament, cal tenir en compte tamb\u00e9 que signes d&#8217;aquest tipus s&#8217;utilitzaven sobretot en combinaci\u00f3 amb altres mesures: herbes al llindar, objectes bene\u00efts, f\u00f3rmules de preg\u00e0ria. El peu de bruixa rarament era l&#8217;\u00fanic mitj\u00e0, sin\u00f3 part d&#8217;una pr\u00e0ctica de protecci\u00f3 m\u00e9s \u00e0mplia.<\/p>\t\t\t\t\t\t\t\t<\/div>\n\t\t\t\t<\/div>\n\t\t\t\t\t<\/div>\n\t\t\t\t<\/div>\n\t\t<div class=\"elementor-element elementor-element-iwgs-drudenfuss-lit e-flex e-con-boxed e-con e-parent\" data-id=\"iwgs-drudenfuss-lit\" data-element_type=\"container\" data-e-type=\"container\">\n\t\t\t\t\t<div class=\"e-con-inner\">\n\t\t\t\t<div class=\"elementor-element elementor-element-iwgs-drudenfuss-lith elementor-widget elementor-widget-heading\" data-id=\"iwgs-drudenfuss-lith\" data-element_type=\"widget\" data-e-type=\"widget\" data-widget_type=\"heading.default\">\n\t\t\t\t\t<h2 class=\"elementor-heading-title elementor-size-default\">Bibliografia (selecci\u00f3)<\/h2>\t\t\t\t<\/div>\n\t\t<div class=\"elementor-element elementor-element-iw-drudenfuss-lit-bw e-con-full e-flex e-con e-child\" data-id=\"iw-drudenfuss-lit-bw\" data-element_type=\"container\" data-e-type=\"container\">\n\t\t\t\t<div class=\"elementor-element elementor-element-iwgs-drudenfuss-litt elementor-widget elementor-widget-html\" data-id=\"iwgs-drudenfuss-litt\" data-element_type=\"widget\" data-e-type=\"widget\" data-widget_type=\"html.default\">\n\t\t\t\t\t<footer data-nosnippet=\"true\"><ul><li>B\u00e4chtold-St\u00e4ubli, Hanns (Hrsg.): Handw\u00f6rterbuch des deutschen Aberglaubens. De Gruyter, Berlin, 1927-1942. Articles \"Drudenfu\u00df\", \"Drude\", \"Pentagramm\".<\/li><li>Grimm, Jacob: Deutsche Mythologie. 4. Auflage, Berlin, 1875-1878.<\/li><li>Lecouteux, Claude: Das Reich der Nachtd\u00e4monen. Angst und Aberglaube im Mittelalter. D\u00fcsseldorf, 2001.<\/li><li>Sch\u00f6ck, Inge: Hexenglaube in der Gegenwart. T\u00fcbingen, 1978.<\/li><li>Kieckhefer, Richard: Magic in the Middle Ages. Cambridge University Press, Cambridge, 1989.<\/li><\/ul><\/footer>\t\t\t\t<\/div>\n\t\t\t\t<\/div>\n\t\t\t\t\t<\/div>\n\t\t\t\t<\/div>\n\t\t<div class=\"elementor-element elementor-element-iwgs-drudenfuss-kwd e-flex e-con-boxed e-con e-parent\" data-id=\"iwgs-drudenfuss-kwd\" data-element_type=\"container\" data-e-type=\"container\">\n\t\t\t\t\t<div class=\"e-con-inner\">\n\t\t<div class=\"elementor-element elementor-element-iw-drudenfuss-kwd-bw e-con-full e-flex e-con e-child\" data-id=\"iw-drudenfuss-kwd-bw\" data-element_type=\"container\" data-e-type=\"container\">\n\t\t\t\t<div class=\"elementor-element elementor-element-iwgs-drudenfuss-kwdt elementor-widget elementor-widget-text-editor\" data-id=\"iwgs-drudenfuss-kwdt\" data-element_type=\"widget\" data-e-type=\"widget\" data-widget_type=\"text-editor.default\">\n\t\t\t\t\t\t\t\t\t<p><em>Termes clau relacionats: drudenfuss pentagrama pedra de druda alp defensa.<\/em><\/p>\t\t\t\t\t\t\t\t<\/div>\n\t\t\t\t<\/div>\n\t\t\t\t\t<\/div>\n\t\t\t\t<\/div>\n\t\t<div class=\"elementor-element elementor-element-iwgs-drudenfuss-cc e-flex e-con-boxed e-con e-parent\" data-id=\"iwgs-drudenfuss-cc\" data-element_type=\"container\" data-e-type=\"container\" id=\"iwg-cc-drudenfuss\">\n\t\t\t\t\t<div class=\"e-con-inner\">\n\t\t<div class=\"elementor-element elementor-element-iwgs-drudenfuss-ccinner e-flex e-con-boxed e-con e-parent\" data-id=\"iwgs-drudenfuss-ccinner\" data-element_type=\"container\" data-e-type=\"container\" data-settings=\"{&quot;background_background&quot;:&quot;classic&quot;}\">\n\t\t\t\t\t<div class=\"e-con-inner\">\n\t\t\t\t<div class=\"elementor-element elementor-element-iwgs-drudenfuss-cch elementor-widget elementor-widget-heading\" data-id=\"iwgs-drudenfuss-cch\" data-element_type=\"widget\" data-e-type=\"widget\" data-widget_type=\"heading.default\">\n\t\t\t\t\t<h2 class=\"elementor-heading-title elementor-size-default\">iWell Guard i tradicions de protecci\u00f3<\/h2>\t\t\t\t<\/div>\n\t\t\t\t<div class=\"elementor-element elementor-element-iwgs-drudenfuss-cct elementor-widget elementor-widget-text-editor\" data-id=\"iwgs-drudenfuss-cct\" data-element_type=\"widget\" data-e-type=\"widget\" data-widget_type=\"text-editor.default\">\n\t\t\t\t\t\t\t\t\t<p>Cultures de diversos continents han observat de manera independent que certes formes geom\u00e8triques i signes es viuen com una frontera entre el que est\u00e0 protegit i el que resulta amena\u00e7ador. El Drudenfu\u00df representa l&#8217;her\u00e8ncia europea d&#8217;aquesta pr\u00e0ctica: un signe permanent, ancorat al llindar, que marca l&#8217;\u00e0mbit d&#8217;influ\u00e8ncia de qui el porta.<\/p>\n<p>El <a href=\"https:\/\/iwell-guard.com\/ca\/penjoll-protector-iwell-guard-comprar\/\">iWell Guard<\/a> recupera aquest principi en un altre nivell: com a signe portat sobre el cos que condensa aquesta tradici\u00f3 protectora i converteix la mateixa persona en llindar. Qui vulgui saber m\u00e9s sobre com diverses cultures han desenvolupat les seves tradicions de protecci\u00f3 i com el Br\u00faixola de Protecci\u00f3 les reuneix, pot comen\u00e7ar a <a href=\"https:\/\/iwell-guard.com\/ca\/?page_id=172028\">\/schutz-kompass\/<\/a>.<\/p>\t\t\t\t\t\t\t\t<\/div>\n\t\t\t\t<div class=\"elementor-element elementor-element-iwgs-drudenfuss-ccb iwg-cc-button iwg-cc-cta-2026-05-13 elementor-widget elementor-widget-jet-button\" data-id=\"iwgs-drudenfuss-ccb\" data-element_type=\"widget\" data-e-type=\"widget\" data-widget_type=\"jet-button.default\">\n\t\t\t\t<div class=\"elementor-widget-container\">\n\t\t\t\t\t<div class=\"elementor-jet-button jet-elements\"><div class=\"jet-button__container\"><a class=\"jet-button__instance jet-button__instance--icon-left hover-effect-1\" href=\"\/schutzanhaenger-iwell-guard-kaufen\/?utm_source=iwell-guard.com&amp;utm_medium=info-box&amp;utm_campaign=schutzsymbole\"><div class=\"jet-button__plane jet-button__plane-normal\"><\/div><div class=\"jet-button__plane jet-button__plane-hover\"><\/div><div class=\"jet-button__state jet-button__state-normal\"><span class=\"jet-button__label\">M\u00e9s informaci\u00f3 sobre l'iWell Guard<\/span><\/div><div class=\"jet-button__state jet-button__state-hover\"><span class=\"jet-button__label\">M\u00e9s informaci\u00f3 sobre l'iWell Guard<\/span><\/div><\/a><\/div><\/div><style>.elementor-element.elementor-element-iwgs-drudenfuss-ccb .jet-button__instance{width:320px;height:56px;}.elementor-element.elementor-element-iwgs-drudenfuss-ccb .jet-button__state-normal .jet-button__label{text-align:center;margin:0px 0px 0px 0px;color:#1a1b20;font-family:Montserrat,sans-serif;font-size:13px;font-weight:400;letter-spacing:4px;line-height:1.714em;text-transform:uppercase;}.elementor-element.elementor-element-iwgs-drudenfuss-ccb .jet-button__state-hover .jet-button__label{text-align:center;margin:0px 0px 0px 0px;color:#FECC76;font-family:Montserrat,sans-serif;font-size:13px;font-weight:400;letter-spacing:4px;line-height:1.714em;text-transform:uppercase;}.elementor-element.elementor-element-iwgs-drudenfuss-ccb .jet-button__plane-normal{background-color:#FECC76;border-style:solid;border-color:#C99540;border-width:2px 2px 2px 2px;}.elementor-element.elementor-element-iwgs-drudenfuss-ccb .jet-button__plane-hover{background-color:rgba(0,0,0,0.55);border-style:solid;border-color:#FECC76;border-width:2px 2px 2px 2px;}<\/style>\t\t\t\t<\/div>\n\t\t\t\t<\/div>\n\t\t\t\t<div class=\"elementor-element elementor-element-iwgs-drudenfuss-ccd elementor-widget elementor-widget-text-editor\" data-id=\"iwgs-drudenfuss-ccd\" data-element_type=\"widget\" data-e-type=\"widget\" data-widget_type=\"text-editor.default\">\n\t\t\t\t\t\t\t\t\t<p style=\"text-align:center;font-size:13px;opacity:0.7;margin-top:14px\" data-nosnippet=\"true\">Les experi\u00e8ncies personals poden variar. No \u00e9s un producte sanitari. No es garanteix cap curaci\u00f3.<\/p>\t\t\t\t\t\t\t\t<\/div>\n\t\t\t\t\t<\/div>\n\t\t\t\t<\/div>\n\t\t\t\t\t<\/div>\n\t\t\t\t<\/div>\n\t\t<div class=\"elementor-element elementor-element-iwgs-drudenfuss-disc e-flex e-con-boxed e-con e-parent\" data-id=\"iwgs-drudenfuss-disc\" data-element_type=\"container\" data-e-type=\"container\">\n\t\t\t\t\t<div class=\"e-con-inner\">\n\t\t<div class=\"elementor-element elementor-element-iw-drudenfuss-disc-bw e-con-full e-flex e-con e-child\" data-id=\"iw-drudenfuss-disc-bw\" data-element_type=\"container\" data-e-type=\"container\">\n\t\t\t\t<div class=\"elementor-element elementor-element-iwgs-drudenfuss-discw elementor-widget elementor-widget-html\" data-id=\"iwgs-drudenfuss-discw\" data-element_type=\"widget\" data-e-type=\"widget\" data-widget_type=\"html.default\">\n\t\t\t\t\t<footer data-nosnippet=\"true\" class=\"iwg-disclaimer-block\"><p data-nosnippet=\"true\">iWell Guard <strong>no \u00e9s un producte sanitari<\/strong> i no substitueix cap tractament m\u00e8dic o psicoterap\u00e8utic. Els continguts presentats aqu\u00ed s\u00f3n una contextualitzaci\u00f3 des de la ci\u00e8ncia de les religions i la hist\u00f2ria cultural, no una promesa d'efecte espiritual.<\/p><\/footer>\t\t\t\t<\/div>\n\t\t\t\t<\/div>\n\t\t\t\t\t<\/div>\n\t\t\t\t<\/div>\n\t\t\t\t<\/div>\n\t\t","protected":false},"excerpt":{"rendered":"","protected":false},"author":3,"featured_media":4107,"parent":0,"menu_order":0,"comment_status":"closed","ping_status":"closed","template":"elementor_header_footer","meta":{"_yoast_wpseo_focuskw":"drudenfuss","_yoast_wpseo_title":"Drudenfu\u00df i pentagrama com a signes de protecci\u00f3","_yoast_wpseo_metadesc":"Qu\u00e8 atribueixen la tradici\u00f3 i la creen\u00e7a popular al Drudenfu\u00df com a signe de protecci\u00f3: origen, principi d'acci\u00f3, \u00fas i difusi\u00f3 cultural.","_yoast_wpseo_meta-robots-noindex":"","_yoast_wpseo_canonical":"","_angie_page":false,"gefaehrdungsstufe":"","wesen_kultur":"","wesen_klasse":"","footnotes":""},"categories":[],"class_list":["post-172016","page","type-page","status-publish","has-post-thumbnail","hentry"],"yoast_head":"<!-- This site is optimized with the Yoast SEO Premium plugin v27.7 (Yoast SEO v28.3) - https:\/\/yoast.com\/product\/yoast-seo-premium-wordpress\/ -->\n<title>Drudenfu\u00df i pentagrama com a signes de protecci\u00f3<\/title>\n<meta name=\"description\" content=\"Qu\u00e8 atribueixen la tradici\u00f3 i la creen\u00e7a popular al Drudenfu\u00df com a signe de protecci\u00f3: origen, principi d&#039;acci\u00f3, \u00fas i difusi\u00f3 cultural.\" \/>\n<meta name=\"robots\" content=\"index, follow, max-snippet:-1, max-image-preview:large, max-video-preview:-1\" \/>\n<link rel=\"canonical\" href=\"https:\/\/iwell-guard.com\/ca\/drudenfuss-i-pentagrama\/\" \/>\n<meta property=\"og:locale\" content=\"ca_ES\" \/>\n<meta property=\"og:type\" content=\"article\" \/>\n<meta property=\"og:title\" content=\"Drudenfu\u00df i pentagrama\" \/>\n<meta property=\"og:description\" content=\"Qu\u00e8 atribueixen la tradici\u00f3 i la creen\u00e7a popular al Drudenfu\u00df com a signe de protecci\u00f3: origen, principi d&#039;acci\u00f3, \u00fas i difusi\u00f3 cultural.\" \/>\n<meta property=\"og:url\" content=\"https:\/\/iwell-guard.com\/ca\/drudenfuss-i-pentagrama\/\" \/>\n<meta property=\"og:site_name\" content=\"iWell Guard\" \/>\n<meta property=\"article:modified_time\" content=\"2026-09-05T16:13:09+00:00\" \/>\n<meta property=\"og:image\" content=\"https:\/\/iwell-guard.com\/wp-content\/uploads\/2026\/05\/schutzsymbol_germanisch_drudenfuss-683x1024.png\" \/>\n\t<meta property=\"og:image:width\" content=\"683\" \/>\n\t<meta property=\"og:image:height\" content=\"1024\" \/>\n\t<meta property=\"og:image:type\" content=\"image\/png\" \/>\n<meta name=\"twitter:card\" content=\"summary_large_image\" \/>\n<script type=\"application\/ld+json\" class=\"yoast-schema-graph\">{\"@context\":\"https:\\\/\\\/schema.org\",\"@graph\":[{\"@type\":\"WebPage\",\"@id\":\"https:\\\/\\\/iwell-guard.com\\\/ca\\\/drudenfuss-i-pentagrama\\\/\",\"url\":\"https:\\\/\\\/iwell-guard.com\\\/ca\\\/drudenfuss-i-pentagrama\\\/\",\"name\":\"Drudenfu\u00df i pentagrama com a signes de protecci\u00f3\",\"isPartOf\":{\"@id\":\"https:\\\/\\\/iwell-guard.com\\\/ca\\\/#website\"},\"primaryImageOfPage\":{\"@id\":\"https:\\\/\\\/iwell-guard.com\\\/ca\\\/drudenfuss-i-pentagrama\\\/#primaryimage\"},\"image\":{\"@id\":\"https:\\\/\\\/iwell-guard.com\\\/ca\\\/drudenfuss-i-pentagrama\\\/#primaryimage\"},\"thumbnailUrl\":\"https:\\\/\\\/iwell-guard.com\\\/wp-content\\\/uploads\\\/2026\\\/05\\\/schutzsymbol_germanisch_drudenfuss.png\",\"datePublished\":\"2026-09-05T15:44:22+00:00\",\"dateModified\":\"2026-09-05T16:13:09+00:00\",\"description\":\"Qu\u00e8 atribueixen la tradici\u00f3 i la creen\u00e7a popular al Drudenfu\u00df com a signe de protecci\u00f3: origen, principi d'acci\u00f3, \u00fas i difusi\u00f3 cultural.\",\"breadcrumb\":{\"@id\":\"https:\\\/\\\/iwell-guard.com\\\/ca\\\/drudenfuss-i-pentagrama\\\/#breadcrumb\"},\"inLanguage\":\"ca\",\"potentialAction\":[{\"@type\":\"ReadAction\",\"target\":[\"https:\\\/\\\/iwell-guard.com\\\/ca\\\/drudenfuss-i-pentagrama\\\/\"]}]},{\"@type\":\"ImageObject\",\"inLanguage\":\"ca\",\"@id\":\"https:\\\/\\\/iwell-guard.com\\\/ca\\\/drudenfuss-i-pentagrama\\\/#primaryimage\",\"url\":\"https:\\\/\\\/iwell-guard.com\\\/wp-content\\\/uploads\\\/2026\\\/05\\\/schutzsymbol_germanisch_drudenfuss.png\",\"contentUrl\":\"https:\\\/\\\/iwell-guard.com\\\/wp-content\\\/uploads\\\/2026\\\/05\\\/schutzsymbol_germanisch_drudenfuss.png\",\"width\":1024,\"height\":1536,\"caption\":\"Drudenfu\u00df i pentagrama, il\u00b7lustraci\u00f3 hist\u00f2rica\"},{\"@type\":\"BreadcrumbList\",\"@id\":\"https:\\\/\\\/iwell-guard.com\\\/ca\\\/drudenfuss-i-pentagrama\\\/#breadcrumb\",\"itemListElement\":[{\"@type\":\"ListItem\",\"position\":1,\"name\":\"Start\",\"item\":\"https:\\\/\\\/iwell-guard.com\\\/ca\\\/?page_id=171333\"},{\"@type\":\"ListItem\",\"position\":2,\"name\":\"Drudenfu\u00df i pentagrama\"}]},{\"@type\":\"WebSite\",\"@id\":\"https:\\\/\\\/iwell-guard.com\\\/ca\\\/#website\",\"url\":\"https:\\\/\\\/iwell-guard.com\\\/ca\\\/\",\"name\":\"iWell Guard\",\"description\":\"Schutz vor dunklen Einfl\u00fcssen\",\"publisher\":{\"@id\":\"https:\\\/\\\/iwell-guard.com\\\/ca\\\/#organization\"},\"potentialAction\":[{\"@type\":\"SearchAction\",\"target\":{\"@type\":\"EntryPoint\",\"urlTemplate\":\"https:\\\/\\\/iwell-guard.com\\\/ca\\\/?s={search_term_string}\"},\"query-input\":{\"@type\":\"PropertyValueSpecification\",\"valueRequired\":true,\"valueName\":\"search_term_string\"}}],\"inLanguage\":\"ca\"},{\"@type\":\"Organization\",\"@id\":\"https:\\\/\\\/iwell-guard.com\\\/ca\\\/#organization\",\"name\":\"Ittermann electronic GmbH\",\"url\":\"https:\\\/\\\/iwell-guard.com\\\/ca\\\/\",\"logo\":{\"@type\":\"ImageObject\",\"inLanguage\":\"ca\",\"@id\":\"https:\\\/\\\/iwell-guard.com\\\/ca\\\/#\\\/schema\\\/logo\\\/image\\\/\",\"url\":\"https:\\\/\\\/iwell-guard.com\\\/wp-content\\\/uploads\\\/2026\\\/05\\\/Ittermann-Logo-1182x237-1.png\",\"contentUrl\":\"https:\\\/\\\/iwell-guard.com\\\/wp-content\\\/uploads\\\/2026\\\/05\\\/Ittermann-Logo-1182x237-1.png\",\"width\":1182,\"height\":237,\"caption\":\"Ittermann electronic GmbH\"},\"image\":{\"@id\":\"https:\\\/\\\/iwell-guard.com\\\/ca\\\/#\\\/schema\\\/logo\\\/image\\\/\"},\"sameAs\":[\"https:\\\/\\\/pantip.com\\\/profile\\\/9367242\",\"https:\\\/\\\/micro.blog\\\/iwellguard\",\"https:\\\/\\\/www.diggerslist.com\\\/iwellguard\\\/about\",\"https:\\\/\\\/skitterphoto.com\\\/photographers\\\/2870314\\\/iwell-guard\",\"https:\\\/\\\/iwellguard.wordpress.com\\\/2026\\\/06\\\/06\\\/iwell-guard\\\/\",\"https:\\\/\\\/hub.docker.com\\\/u\\\/iwellguard\",\"https:\\\/\\\/www.pinterest.com\\\/iwellguard\\\/\",\"https:\\\/\\\/bit.ly\\\/m\\\/iwellguard\",\"https:\\\/\\\/entre-vos-mains.alsace.eu\\\/profiles\\\/iwellguard\\\/activity\",\"https:\\\/\\\/gravatar.com\\\/reallybeded8fd34\",\"https:\\\/\\\/naijamatta.com\\\/iwellguard\",\"https:\\\/\\\/www.goodreads.com\\\/iwellguard\",\"https:\\\/\\\/profile.hatena.ne.jp\\\/iwellguard\\\/\",\"https:\\\/\\\/experiment.com\\\/users\\\/iwellguard\",\"https:\\\/\\\/wakelet.com\\\/@iWellGuard82270\",\"https:\\\/\\\/www.chordie.com\\\/forum\\\/profile.php?id=2555664\",\"https:\\\/\\\/www.instapaper.com\\\/p\\\/17757966\",\"https:\\\/\\\/www.mapleprimes.com\\\/users\\\/iwellguard\",\"https:\\\/\\\/businesslistingplus.com\\\/profile\\\/iwell-guard\\\/\",\"https:\\\/\\\/telegra.ph\\\/iWell-Guard-06-06\",\"https:\\\/\\\/pbase.com\\\/iwellguard\\\/iwellguard\",\"https:\\\/\\\/b.hatena.ne.jp\\\/iwellguard\\\/20260607#bookmark-4788405196491818882\",\"https:\\\/\\\/fliphtml5.com\\\/home\\\/iwellguard\",\"https:\\\/\\\/anyflip.com\\\/homepage\\\/cmiwl#About\",\"https:\\\/\\\/transfur.com\\\/Users\\\/iwellguard\",\"http:\\\/\\\/delphi.larsbo.org\\\/user\\\/iwellguard\",\"https:\\\/\\\/jobs.lajobsportal.org\\\/profiles\\\/8380803-iwell-guard\",\"https:\\\/\\\/md.chaosdorf.de\\\/s\\\/jfbe5SBdJD\",\"https:\\\/\\\/www.lingvolive.com\\\/en-us\\\/profile\\\/9ecaeaca-ce11-4e51-9e71-01d55e2bff36\\\/translations\",\"https:\\\/\\\/www.fitday.com\\\/fitness\\\/forums\\\/members\\\/iwellguard.html\",\"https:\\\/\\\/www.mymeetbook.com\\\/iwellguard\",\"https:\\\/\\\/pxhere.com\\\/en\\\/photographer-me\\\/5040798\",\"https:\\\/\\\/disqus.com\\\/by\\\/iwellguard\\\/about\\\/\",\"https:\\\/\\\/pastelink.net\\\/hjwciqwq\",\"https:\\\/\\\/pubhtml5.com\\\/homepage\\\/scjhn\\\/\",\"https:\\\/\\\/www.bitchute.com\\\/channel\\\/2O2eOKzNqujT\",\"https:\\\/\\\/audiomack.com\\\/iwellguard\"]}]}<\/script>\n<!-- \/ Yoast SEO Premium plugin. -->","yoast_head_json":{"title":"Drudenfu\u00df i pentagrama com a signes de protecci\u00f3","description":"Qu\u00e8 atribueixen la tradici\u00f3 i la creen\u00e7a popular al Drudenfu\u00df com a signe de protecci\u00f3: origen, principi d'acci\u00f3, \u00fas i difusi\u00f3 cultural.","robots":{"index":"index","follow":"follow","max-snippet":"max-snippet:-1","max-image-preview":"max-image-preview:large","max-video-preview":"max-video-preview:-1"},"canonical":"https:\/\/iwell-guard.com\/ca\/drudenfuss-i-pentagrama\/","og_locale":"ca_ES","og_type":"article","og_title":"Drudenfu\u00df i pentagrama","og_description":"Qu\u00e8 atribueixen la tradici\u00f3 i la creen\u00e7a popular al Drudenfu\u00df com a signe de protecci\u00f3: origen, principi d'acci\u00f3, \u00fas i difusi\u00f3 cultural.","og_url":"https:\/\/iwell-guard.com\/ca\/drudenfuss-i-pentagrama\/","og_site_name":"iWell Guard","article_modified_time":"2026-09-05T16:13:09+00:00","og_image":[{"width":683,"height":1024,"url":"https:\/\/iwell-guard.com\/wp-content\/uploads\/2026\/05\/schutzsymbol_germanisch_drudenfuss-683x1024.png","type":"image\/png"}],"twitter_card":"summary_large_image","schema":{"@context":"https:\/\/schema.org","@graph":[{"@type":"WebPage","@id":"https:\/\/iwell-guard.com\/ca\/drudenfuss-i-pentagrama\/","url":"https:\/\/iwell-guard.com\/ca\/drudenfuss-i-pentagrama\/","name":"Drudenfu\u00df i pentagrama com a signes de protecci\u00f3","isPartOf":{"@id":"https:\/\/iwell-guard.com\/ca\/#website"},"primaryImageOfPage":{"@id":"https:\/\/iwell-guard.com\/ca\/drudenfuss-i-pentagrama\/#primaryimage"},"image":{"@id":"https:\/\/iwell-guard.com\/ca\/drudenfuss-i-pentagrama\/#primaryimage"},"thumbnailUrl":"https:\/\/iwell-guard.com\/wp-content\/uploads\/2026\/05\/schutzsymbol_germanisch_drudenfuss.png","datePublished":"2026-09-05T15:44:22+00:00","dateModified":"2026-09-05T16:13:09+00:00","description":"Qu\u00e8 atribueixen la tradici\u00f3 i la creen\u00e7a popular al Drudenfu\u00df com a signe de protecci\u00f3: origen, principi d'acci\u00f3, \u00fas i difusi\u00f3 cultural.","breadcrumb":{"@id":"https:\/\/iwell-guard.com\/ca\/drudenfuss-i-pentagrama\/#breadcrumb"},"inLanguage":"ca","potentialAction":[{"@type":"ReadAction","target":["https:\/\/iwell-guard.com\/ca\/drudenfuss-i-pentagrama\/"]}]},{"@type":"ImageObject","inLanguage":"ca","@id":"https:\/\/iwell-guard.com\/ca\/drudenfuss-i-pentagrama\/#primaryimage","url":"https:\/\/iwell-guard.com\/wp-content\/uploads\/2026\/05\/schutzsymbol_germanisch_drudenfuss.png","contentUrl":"https:\/\/iwell-guard.com\/wp-content\/uploads\/2026\/05\/schutzsymbol_germanisch_drudenfuss.png","width":1024,"height":1536,"caption":"Drudenfu\u00df i pentagrama, il\u00b7lustraci\u00f3 hist\u00f2rica"},{"@type":"BreadcrumbList","@id":"https:\/\/iwell-guard.com\/ca\/drudenfuss-i-pentagrama\/#breadcrumb","itemListElement":[{"@type":"ListItem","position":1,"name":"Start","item":"https:\/\/iwell-guard.com\/ca\/?page_id=171333"},{"@type":"ListItem","position":2,"name":"Drudenfu\u00df i pentagrama"}]},{"@type":"WebSite","@id":"https:\/\/iwell-guard.com\/ca\/#website","url":"https:\/\/iwell-guard.com\/ca\/","name":"iWell Guard","description":"Schutz vor dunklen Einfl\u00fcssen","publisher":{"@id":"https:\/\/iwell-guard.com\/ca\/#organization"},"potentialAction":[{"@type":"SearchAction","target":{"@type":"EntryPoint","urlTemplate":"https:\/\/iwell-guard.com\/ca\/?s={search_term_string}"},"query-input":{"@type":"PropertyValueSpecification","valueRequired":true,"valueName":"search_term_string"}}],"inLanguage":"ca"},{"@type":"Organization","@id":"https:\/\/iwell-guard.com\/ca\/#organization","name":"Ittermann electronic GmbH","url":"https:\/\/iwell-guard.com\/ca\/","logo":{"@type":"ImageObject","inLanguage":"ca","@id":"https:\/\/iwell-guard.com\/ca\/#\/schema\/logo\/image\/","url":"https:\/\/iwell-guard.com\/wp-content\/uploads\/2026\/05\/Ittermann-Logo-1182x237-1.png","contentUrl":"https:\/\/iwell-guard.com\/wp-content\/uploads\/2026\/05\/Ittermann-Logo-1182x237-1.png","width":1182,"height":237,"caption":"Ittermann electronic GmbH"},"image":{"@id":"https:\/\/iwell-guard.com\/ca\/#\/schema\/logo\/image\/"},"sameAs":["https:\/\/pantip.com\/profile\/9367242","https:\/\/micro.blog\/iwellguard","https:\/\/www.diggerslist.com\/iwellguard\/about","https:\/\/skitterphoto.com\/photographers\/2870314\/iwell-guard","https:\/\/iwellguard.wordpress.com\/2026\/06\/06\/iwell-guard\/","https:\/\/hub.docker.com\/u\/iwellguard","https:\/\/www.pinterest.com\/iwellguard\/","https:\/\/bit.ly\/m\/iwellguard","https:\/\/entre-vos-mains.alsace.eu\/profiles\/iwellguard\/activity","https:\/\/gravatar.com\/reallybeded8fd34","https:\/\/naijamatta.com\/iwellguard","https:\/\/www.goodreads.com\/iwellguard","https:\/\/profile.hatena.ne.jp\/iwellguard\/","https:\/\/experiment.com\/users\/iwellguard","https:\/\/wakelet.com\/@iWellGuard82270","https:\/\/www.chordie.com\/forum\/profile.php?id=2555664","https:\/\/www.instapaper.com\/p\/17757966","https:\/\/www.mapleprimes.com\/users\/iwellguard","https:\/\/businesslistingplus.com\/profile\/iwell-guard\/","https:\/\/telegra.ph\/iWell-Guard-06-06","https:\/\/pbase.com\/iwellguard\/iwellguard","https:\/\/b.hatena.ne.jp\/iwellguard\/20260607#bookmark-4788405196491818882","https:\/\/fliphtml5.com\/home\/iwellguard","https:\/\/anyflip.com\/homepage\/cmiwl#About","https:\/\/transfur.com\/Users\/iwellguard","http:\/\/delphi.larsbo.org\/user\/iwellguard","https:\/\/jobs.lajobsportal.org\/profiles\/8380803-iwell-guard","https:\/\/md.chaosdorf.de\/s\/jfbe5SBdJD","https:\/\/www.lingvolive.com\/en-us\/profile\/9ecaeaca-ce11-4e51-9e71-01d55e2bff36\/translations","https:\/\/www.fitday.com\/fitness\/forums\/members\/iwellguard.html","https:\/\/www.mymeetbook.com\/iwellguard","https:\/\/pxhere.com\/en\/photographer-me\/5040798","https:\/\/disqus.com\/by\/iwellguard\/about\/","https:\/\/pastelink.net\/hjwciqwq","https:\/\/pubhtml5.com\/homepage\/scjhn\/","https:\/\/www.bitchute.com\/channel\/2O2eOKzNqujT","https:\/\/audiomack.com\/iwellguard"]}]}},"_links":{"self":[{"href":"https:\/\/iwell-guard.com\/ca\/wp-json\/wp\/v2\/pages\/172016","targetHints":{"allow":["GET"]}}],"collection":[{"href":"https:\/\/iwell-guard.com\/ca\/wp-json\/wp\/v2\/pages"}],"about":[{"href":"https:\/\/iwell-guard.com\/ca\/wp-json\/wp\/v2\/types\/page"}],"author":[{"embeddable":true,"href":"https:\/\/iwell-guard.com\/ca\/wp-json\/wp\/v2\/users\/3"}],"replies":[{"embeddable":true,"href":"https:\/\/iwell-guard.com\/ca\/wp-json\/wp\/v2\/comments?post=172016"}],"version-history":[{"count":0,"href":"https:\/\/iwell-guard.com\/ca\/wp-json\/wp\/v2\/pages\/172016\/revisions"}],"wp:featuredmedia":[{"embeddable":true,"href":"https:\/\/iwell-guard.com\/ca\/wp-json\/wp\/v2\/media\/4107"}],"wp:attachment":[{"href":"https:\/\/iwell-guard.com\/ca\/wp-json\/wp\/v2\/media?parent=172016"}],"wp:term":[{"taxonomy":"category","embeddable":true,"href":"https:\/\/iwell-guard.com\/ca\/wp-json\/wp\/v2\/categories?post=172016"}],"curies":[{"name":"wp","href":"https:\/\/api.w.org\/{rel}","templated":true}]}}