{"id":172015,"date":"2026-09-05T15:44:21","date_gmt":"2026-09-05T15:44:21","guid":{"rendered":"https:\/\/iwell-guard.com\/?page_id=172015"},"modified":"2026-09-05T16:13:07","modified_gmt":"2026-09-05T16:13:07","slug":"conjurar","status":"publish","type":"page","link":"https:\/\/iwell-guard.com\/ca\/conjurar\/","title":{"rendered":"Conjurar"},"content":{"rendered":"\t\t<div data-elementor-type=\"wp-page\" data-elementor-id=\"172015\" class=\"elementor elementor-172015 elementor-3771 elementor-bc-flex-widget\" data-elementor-post-type=\"page\">\n\t\t\t\t<div class=\"elementor-element elementor-element-iwgs-besprechen-hero e-flex e-con-boxed e-con e-parent\" data-id=\"iwgs-besprechen-hero\" data-element_type=\"container\" data-e-type=\"container\">\n\t\t\t\t\t<div class=\"e-con-inner\">\n\t\t<div class=\"elementor-element elementor-element-iw-besprechen-hero-left e-con-full e-flex e-con e-child\" data-id=\"iw-besprechen-hero-left\" data-element_type=\"container\" data-e-type=\"container\">\n\t\t\t\t<div class=\"elementor-element elementor-element-iwgs-besprechen-h1 elementor-widget elementor-widget-heading\" data-id=\"iwgs-besprechen-h1\" data-element_type=\"widget\" data-e-type=\"widget\" data-widget_type=\"heading.default\">\n\t\t\t\t\t<h1 class=\"elementor-heading-title elementor-size-default\">Conjurar \u2014 la paraula protectora curativa<\/h1>\t\t\t\t<\/div>\n\t\t<div class=\"elementor-element elementor-element-iw-besprechen-hero-bw e-con-full e-flex e-con e-child\" data-id=\"iw-besprechen-hero-bw\" data-element_type=\"container\" data-e-type=\"container\">\n\t\t\t\t<div class=\"elementor-element elementor-element-iwgs-besprechen-pills elementor-widget elementor-widget-html\" data-id=\"iwgs-besprechen-pills\" data-element_type=\"widget\" data-e-type=\"widget\" data-widget_type=\"html.default\">\n\t\t\t\t\t<div class=\"iwg-pill-row\"><span class=\"iwg-klasse-badge\" tabindex=\"0\" data-tooltip=\"Tipus de mitj\u00e0 de protecci\u00f3.\">Pr\u00e0ctica de protecci\u00f3<\/span><a href=\"https:\/\/iwell-guard.com\/ca\/?page_id=172034\" class=\"iwg-kultur-badge\" tabindex=\"0\" data-tooltip=\"A la visi\u00f3 general.\">Rituals de protecci\u00f3 i invocaci\u00f3<\/a><\/div>\t\t\t\t<\/div>\n\t\t\t\t<div class=\"elementor-element elementor-element-iwgs-besprechen-lead elementor-widget elementor-widget-text-editor\" data-id=\"iwgs-besprechen-lead\" data-element_type=\"widget\" data-e-type=\"widget\" data-widget_type=\"text-editor.default\">\n\t\t\t\t\t\t\t\t\t<p>El conjurar \u00e9s una pr\u00e0ctica especialment ben documentada en la tradici\u00f3 popular de parla alemanya, en la qual una persona intenta apartar el dany d&#8217;una persona o animal pronunciant en veu baixa o a mitja veu una f\u00f3rmula transmesa per tradici\u00f3.<\/p><p>La paraula \u00abbesprechen\u00bb (conjurar) significa aqu\u00ed recobrir alg\u00fa o alguna cosa amb una f\u00f3rmula, \u00e9s a dir, embolcallar-la amb paraules per protegir-la d&#8217;un efecte nociu o per anul\u00b7lar un efecte ja produ\u00eft.<\/p>\n<p>El conjurar es distingeix del <a href=\"https:\/\/iwell-guard.com\/ca\/?page_id=172013\">conjur d&#8217;expulsi\u00f3<\/a> en un punt essencial: no es dirigeix tant a expulsar o lligar un \u00e9sser com a la persona o l&#8217;animal que ha de ser guarit o protegit.<\/p><p>Les f\u00f3rmules del conjurar solen ser, en la <span class=\"iwg-fachbegriff\" data-tooltip=\"La transmissi\u00f3 de coneixements i relats al llarg de generacions.\" tabindex=\"0\">tradici\u00f3<\/span>, m\u00e9s curtes, concretes i adaptades a determinats mals o perills, com hemorr\u00e0gies, cremades, el mal d&#8217;ull, l&#8217;erisipela o malalties infantils.<\/p><p>Al mateix temps, en moltes tradicions la pr\u00e0ctica presuposa una capacitaci\u00f3 especial de la persona que conjura, definida per origen, edat, sexe o una facultat entesa com a do div\u00ed.<\/p>\n<p>El conjurar pertany a la categoria dels <a href=\"https:\/\/iwell-guard.com\/ca\/?page_id=172034\">rituals de protecci\u00f3 i invocacions<\/a>.<\/p>\n<p class=\"iwg-kwfix\">El conjurar utilitza la paraula protectora pronunciada com a mitj\u00e0 contra la malaltia i el mal.<\/p>\t\t\t\t\t\t\t\t<\/div>\n\t\t\t\t<\/div>\n\t\t\t\t<\/div>\n\t\t<div class=\"elementor-element elementor-element-iw-besprechen-hero-img e-con-full e-flex e-con e-child\" data-id=\"iw-besprechen-hero-img\" data-element_type=\"container\" data-e-type=\"container\">\n\t\t\t\t<div class=\"elementor-element elementor-element-iwgs-besprechen-himg iwg-hero-image elementor-widget elementor-widget-image\" data-id=\"iwgs-besprechen-himg\" data-element_type=\"widget\" data-e-type=\"widget\" data-widget_type=\"image.default\">\n\t\t\t\t\t\t\t\t\t\t\t\t\t\t\t<img fetchpriority=\"high\" decoding=\"async\" width=\"683\" height=\"1024\" src=\"https:\/\/iwell-guard.com\/wp-content\/uploads\/2026\/05\/schutzsymbol_germanisch_besprechen-683x1024.png\" class=\"attachment-large size-large wp-image-4105\" alt=\"Conjurar\" srcset=\"https:\/\/iwell-guard.com\/wp-content\/uploads\/2026\/05\/schutzsymbol_germanisch_besprechen-683x1024.png 683w, https:\/\/iwell-guard.com\/wp-content\/uploads\/2026\/05\/schutzsymbol_germanisch_besprechen-200x300.png 200w, https:\/\/iwell-guard.com\/wp-content\/uploads\/2026\/05\/schutzsymbol_germanisch_besprechen-768x1152.png 768w, https:\/\/iwell-guard.com\/wp-content\/uploads\/2026\/05\/schutzsymbol_germanisch_besprechen.png 1024w\" sizes=\"(max-width: 683px) 100vw, 683px\" \/>\t\t\t\t\t\t\t\t\t\t\t\t\t\t\t<\/div>\n\t\t\t\t<\/div>\n\t\t\t\t\t<\/div>\n\t\t\t\t<\/div>\n\t\t<div class=\"elementor-element elementor-element-iwgs-besprechen-s0 e-flex e-con-boxed e-con e-parent\" data-id=\"iwgs-besprechen-s0\" data-element_type=\"container\" data-e-type=\"container\">\n\t\t\t\t\t<div class=\"e-con-inner\">\n\t\t\t\t<div class=\"elementor-element elementor-element-iwgs-besprechen-s0h elementor-widget elementor-widget-heading\" data-id=\"iwgs-besprechen-s0h\" data-element_type=\"widget\" data-e-type=\"widget\" data-widget_type=\"heading.default\">\n\t\t\t\t\t<h2 class=\"elementor-heading-title elementor-size-default\">Resum r\u00e0pid<\/h2>\t\t\t\t<\/div>\n\t\t<div class=\"elementor-element elementor-element-iw-besprechen-s0-bw e-con-full e-flex e-con e-child\" data-id=\"iw-besprechen-s0-bw\" data-element_type=\"container\" data-e-type=\"container\">\n\t\t\t\t<div class=\"elementor-element elementor-element-iwgs-besprechen-s0t elementor-widget elementor-widget-text-editor\" data-id=\"iwgs-besprechen-s0t\" data-element_type=\"widget\" data-e-type=\"widget\" data-widget_type=\"text-editor.default\">\n\t\t\t\t\t\t\t\t\t<p>Conjurar designa el fet de pronunciar de manera protectora o curativa una f\u00f3rmula transmesa sobre una persona o un animal. En la tradici\u00f3 popular de parla alemanya, aquesta pr\u00e0ctica est\u00e0 ben documentada des de l&#8217;edat mitjana fins a principis del segle XX. Combina elements cristians, la <span class=\"iwg-fachbegriff\" data-tooltip=\"L'acte de dirigir-se a una divinitat o poder amb s\u00faplica o conjur.\" tabindex=\"0\">invocaci\u00f3<\/span> de sants o noms de D\u00e9u, amb estructures precristianes, precedents mitol\u00f2gics i f\u00f3rmules territorials.<\/p><p>No tothom es considera capacitat, sin\u00f3 persones especials com dones grans, el set\u00e8 fill o la llevadora. En moltes tradicions, la f\u00f3rmula \u00e9s secreta i no es pot pronunciar en veu alta ni davant de desconeguts.<\/p>\t\t\t\t\t\t\t\t<\/div>\n\t\t\t\t<\/div>\n\t\t\t\t\t<\/div>\n\t\t\t\t<\/div>\n\t\t<div class=\"elementor-element elementor-element-iwgs-besprechen-s1 e-flex e-con-boxed e-con e-parent\" data-id=\"iwgs-besprechen-s1\" data-element_type=\"container\" data-e-type=\"container\">\n\t\t\t\t\t<div class=\"e-con-inner\">\n\t\t\t\t<div class=\"elementor-element elementor-element-iwgs-besprechen-s1h elementor-widget elementor-widget-heading\" data-id=\"iwgs-besprechen-s1h\" data-element_type=\"widget\" data-e-type=\"widget\" data-widget_type=\"heading.default\">\n\t\t\t\t\t<h2 class=\"elementor-heading-title elementor-size-default\">Origen i tradici\u00f3<\/h2>\t\t\t\t<\/div>\n\t\t<div class=\"elementor-element elementor-element-iw-besprechen-s1-bw e-con-full e-flex e-con e-child\" data-id=\"iw-besprechen-s1-bw\" data-element_type=\"container\" data-e-type=\"container\">\n\t\t\t\t<div class=\"elementor-element elementor-element-iwgs-besprechen-s1t elementor-widget elementor-widget-text-editor\" data-id=\"iwgs-besprechen-s1t\" data-element_type=\"widget\" data-e-type=\"widget\" data-widget_type=\"text-editor.default\">\n\t\t\t\t\t\t\t\t\t<p>Les arrels del conjurar es remunten a m\u00e9s enll\u00e0 de la <span class=\"iwg-fachbegriff\" data-tooltip=\"La transmissi\u00f3 de coneixements i relats al llarg de generacions.\" tabindex=\"0\">tradici\u00f3<\/span> cristiana.<\/p><p>Els Encanteris de Merseburg del segle X, els testimonis m\u00e9s antics conservats de parla alemanya d&#8217;aquest tipus, mostren una estructura b\u00e0sica considerada caracter\u00edstica d&#8217;aquesta pr\u00e0ctica: un precedent mitol\u00f2gic, en el qual un d\u00e9u o heroi resol un problema, seguit de la f\u00f3rmula \u00abAix\u00ed com llavors va succeir, aix\u00ed que ara succeeixi\u00bb.<\/p><p>Aquesta estructura, l&#8217;anomenat tipus historiola, es troba en f\u00f3rmules de conjur de tot Europa, la qual cosa suggereix una gran antiguitat i una \u00e0mplia difusi\u00f3.<\/p>\n<p>En la tradici\u00f3 cristiana, els noms dels d\u00e9us pagans se substitueixen per Jes\u00fas, Maria i els sants, per\u00f2 l&#8217;estructura sovint continua sent reconeixiblement similar.<\/p><p>La persona que conjura invoca que Crist va guarir una ferida, que Maria va apartar la febre del nen Jes\u00fas, per continuar despr\u00e9s: aix\u00ed tamb\u00e9 ha de guarir aquesta ferida, aix\u00ed tamb\u00e9 ha de retirar-se aquesta febre. El dret can\u00f2nic ha condemnat repetidament aquestes pr\u00e0ctiques, la qual cosa demostra la seva difusi\u00f3 i persist\u00e8ncia.<\/p>\n<p>A l&#8217;edat moderna, els processos de bruixeria, els llibres de consells m\u00e8dics i les actes de visites diocesanes documenten que el conjurar estava molt est\u00e8s en la vida quotidiana.<\/p><p>Sovint es tractava de dones que conjuraven per al seu poble o comunitat, \u00e9s a dir, tenien disponibles f\u00f3rmules per a ferides, malalties del bestiar o danys causats pel mal d&#8217;ull. Al segle XIX, els folkloristes d&#8217;Alemanya, \u00c0ustria i Su\u00efssa van elaborar extenses col\u00b7leccions d&#8217;aquestes f\u00f3rmules.<\/p>\t\t\t\t\t\t\t\t<\/div>\n\t\t\t\t<\/div>\n\t\t\t\t\t<\/div>\n\t\t\t\t<\/div>\n\t\t<div class=\"elementor-element elementor-element-iwgs-besprechen-s2 e-flex e-con-boxed e-con e-parent\" data-id=\"iwgs-besprechen-s2\" data-element_type=\"container\" data-e-type=\"container\">\n\t\t\t\t\t<div class=\"e-con-inner\">\n\t\t\t\t<div class=\"elementor-element elementor-element-iwgs-besprechen-s2h elementor-widget elementor-widget-heading\" data-id=\"iwgs-besprechen-s2h\" data-element_type=\"widget\" data-e-type=\"widget\" data-widget_type=\"heading.default\">\n\t\t\t\t\t<h2 class=\"elementor-heading-title elementor-size-default\">Principi d'acci\u00f3 segons la tradici\u00f3<\/h2>\t\t\t\t<\/div>\n\t\t<div class=\"elementor-element elementor-element-iw-besprechen-s2-bw e-con-full e-flex e-con e-child\" data-id=\"iw-besprechen-s2-bw\" data-element_type=\"container\" data-e-type=\"container\">\n\t\t\t\t<div class=\"elementor-element elementor-element-iwgs-besprechen-s2t elementor-widget elementor-widget-text-editor\" data-id=\"iwgs-besprechen-s2t\" data-element_type=\"widget\" data-e-type=\"widget\" data-widget_type=\"text-editor.default\">\n\t\t\t\t\t\t\t\t\t<p>El principi d&#8217;acci\u00f3 del conjurar es basa en la idea que la parla, quan s&#8217;expressa correctament i amb l&#8217;actitud interior adequada, exerceix una for\u00e7a ordenadora sobre el camp d&#8217;informaci\u00f3 c\u00f2smic.<\/p><p>El dany, l&#8217;efecte, el mal, es considera com quelcom que s&#8217;ha acostat a una persona des de fora. La f\u00f3rmula anomena aquest mal, el declara ali\u00e8 i no pertanyent, i el rebutja.<\/p>\n<p>La invocaci\u00f3 de l&#8217;autoritat sagrada \u00e9s central en aquest proc\u00e9s: la persona que conjura no parla en nom propi, sin\u00f3 com a mediadora o mediador d&#8217;una for\u00e7a que est\u00e0 per sobre d&#8217;ella.<\/p><p>Aquesta \u00e9s la ra\u00f3 per la qual, en moltes tradicions, la pr\u00e0ctica est\u00e0 lligada a un tipus determinat de persona: no tothom pot o t\u00e9 perm\u00e8s exercir aquesta funci\u00f3 mediadora. On falta la capacitaci\u00f3 personal, la f\u00f3rmula es considera inefica\u00e7.<\/p>\n<p>La transmissi\u00f3 secreta de la f\u00f3rmula, de dona a home, del m\u00e9s gran al m\u00e9s jove, en un moment determinat i sota condicions determinades, tamb\u00e9 forma part fixa de la l\u00f2gica de la tradici\u00f3. Les f\u00f3rmules que es coneixen p\u00fablicament es consideren, en moltes descripcions, gastades o m\u00e9s febles.<\/p>\t\t\t\t\t\t\t\t<\/div>\n\t\t\t\t<\/div>\n\t\t\t\t\t<\/div>\n\t\t\t\t<\/div>\n\t\t<div class=\"elementor-element elementor-element-iwgs-besprechen-s3 e-flex e-con-boxed e-con e-parent\" data-id=\"iwgs-besprechen-s3\" data-element_type=\"container\" data-e-type=\"container\">\n\t\t\t\t\t<div class=\"e-con-inner\">\n\t\t\t\t<div class=\"elementor-element elementor-element-iwgs-besprechen-s3h elementor-widget elementor-widget-heading\" data-id=\"iwgs-besprechen-s3h\" data-element_type=\"widget\" data-e-type=\"widget\" data-widget_type=\"heading.default\">\n\t\t\t\t\t<h2 class=\"elementor-heading-title elementor-size-default\">Difusi\u00f3 transcultural<\/h2>\t\t\t\t<\/div>\n\t\t<div class=\"elementor-element elementor-element-iw-besprechen-s3-bw e-con-full e-flex e-con e-child\" data-id=\"iw-besprechen-s3-bw\" data-element_type=\"container\" data-e-type=\"container\">\n\t\t\t\t<div class=\"elementor-element elementor-element-iwgs-besprechen-s3t elementor-widget elementor-widget-text-editor\" data-id=\"iwgs-besprechen-s3t\" data-element_type=\"widget\" data-e-type=\"widget\" data-widget_type=\"text-editor.default\">\n\t\t\t\t\t\t\t\t\t<p>El principi b\u00e0sic del conjurar no es limita a l&#8217;\u00e0mbit de parla alemanya. Es poden trobar pr\u00e0ctiques emparentades en pr\u00e0cticament totes les tradicions populars europees. A Escandin\u00e0via, els praticants s&#8217;anomenen kloka gubbar o kloka gummor, homes savis i dones savies.<\/p><p>A Anglaterra es parla de \u00abcunning folk\u00bb, que treien f\u00f3rmules de conjur de manuscrits antics. A R\u00fassia i a la resta de l&#8217;\u00e0mbit eslau existeix l&#8217;anomenat scheptanie, el xiuxiueig de paraules curatives, estructuralment molt emparentat amb el conjurar alemany.<\/p>\n<p>A Irlanda i Esc\u00f2cia s&#8217;han transm\u00e8s f\u00f3rmules curatives en ga\u00e8lic, anomenades ortha o eolas, que presenten la mateixa estructura historiola. Una f\u00f3rmula irlandesa per guarir cremades invoca santa Brigida, que va guarir una ferida, tal com una f\u00f3rmula del baix alemany per al mateix problema fa refer\u00e8ncia a Crist.<\/p>\n<p>Tamb\u00e9 fora d&#8217;Europa es troben pr\u00e0ctiques estructuralment emparentades. En parts de l&#8217;\u00c0frica Occidental i en la tradici\u00f3 afrocaribenya es coneixen f\u00f3rmules que es pronuncien sobre una persona malalta o amena\u00e7ada i que han de produir una for\u00e7a protectora o curativa. En algunes regions de l&#8217;Am\u00e8rica Llatina s&#8217;ha conservat la superposici\u00f3 colonial de tradicions de conjur ind\u00edgenes i cristianes.<\/p>\t\t\t\t\t\t\t\t<\/div>\n\t\t\t\t<\/div>\n\t\t\t\t\t<\/div>\n\t\t\t\t<\/div>\n\t\t<div class=\"elementor-element elementor-element-iwgs-besprechen-s4 e-flex e-con-boxed e-con e-parent\" data-id=\"iwgs-besprechen-s4\" data-element_type=\"container\" data-e-type=\"container\">\n\t\t\t\t\t<div class=\"e-con-inner\">\n\t\t\t\t<div class=\"elementor-element elementor-element-iwgs-besprechen-s4h elementor-widget elementor-widget-heading\" data-id=\"iwgs-besprechen-s4h\" data-element_type=\"widget\" data-e-type=\"widget\" data-widget_type=\"heading.default\">\n\t\t\t\t\t<h2 class=\"elementor-heading-title elementor-size-default\">Contra qu\u00e8 s'utilitza<\/h2>\t\t\t\t<\/div>\n\t\t<div class=\"elementor-element elementor-element-iw-besprechen-s4-bw e-con-full e-flex e-con e-child\" data-id=\"iw-besprechen-s4-bw\" data-element_type=\"container\" data-e-type=\"container\">\n\t\t\t\t<div class=\"elementor-element elementor-element-iwgs-besprechen-s4t elementor-widget elementor-widget-text-editor\" data-id=\"iwgs-besprechen-s4t\" data-element_type=\"widget\" data-e-type=\"widget\" data-widget_type=\"text-editor.default\">\n\t\t\t\t\t\t\t\t\t<p>El fet de \u00abbesprechen\u00bb (recitar) es dirigeix, segons la <span class=\"iwg-fachbegriff\" data-tooltip=\"La transmissi\u00f3 de coneixements i relats al llarg de generacions.\" tabindex=\"0\">tradici\u00f3<\/span>, sobretot contra influ\u00e8ncies que han actuat o continuen actuant sobre una persona des de fora. Entre els \u00e0mbits d&#8217;aplicaci\u00f3 documentats m\u00e9s freq\u00fcents hi ha:<\/p>\n<p>El mal d&#8217;ull, que en moltes cultures s&#8217;ent\u00e9n com una for\u00e7a transmesa per enveja o mala intenci\u00f3 que provoca malaltia o infortuni. Esperits i fantasmes, especialment aquells que despr\u00e9s de la mort d&#8217;una persona han rom\u00e0s intranquils i persegueixen o emmalalteixen els vius.<\/p><p>Les maledicions de bruixa i els encanteris mal\u00e8fics, \u00e9s a dir, influ\u00e8ncies exercides per una altra persona amb mala intenci\u00f3. Certes malalties de les persones i del bestiar, que en el m\u00f3n preindustrial sovint s&#8217;atribu\u00efen a una influ\u00e8ncia sobrenatural, entre elles l&#8217;erisipela, la roseola, els cucs o l&#8217;\u00e0lep. Finalment, els \u00e0leps i els malsons nocturns, considerats causa d&#8217;insomni, angoixa d&#8217;ofegament i esglais nocturns.<\/p>\t\t\t\t\t\t\t\t<\/div>\n\t\t\t\t<\/div>\n\t\t\t\t\t<\/div>\n\t\t\t\t<\/div>\n\t\t<div class=\"elementor-element elementor-element-iwgs-besprechen-s5 e-flex e-con-boxed e-con e-parent\" data-id=\"iwgs-besprechen-s5\" data-element_type=\"container\" data-e-type=\"container\">\n\t\t\t\t\t<div class=\"e-con-inner\">\n\t\t\t\t<div class=\"elementor-element elementor-element-iwgs-besprechen-s5h elementor-widget elementor-widget-heading\" data-id=\"iwgs-besprechen-s5h\" data-element_type=\"widget\" data-e-type=\"widget\" data-widget_type=\"heading.default\">\n\t\t\t\t\t<h2 class=\"elementor-heading-title elementor-size-default\">Aplicaci\u00f3 i l\u00edmits<\/h2>\t\t\t\t<\/div>\n\t\t<div class=\"elementor-element elementor-element-iw-besprechen-s5-bw e-con-full e-flex e-con e-child\" data-id=\"iw-besprechen-s5-bw\" data-element_type=\"container\" data-e-type=\"container\">\n\t\t\t\t<div class=\"elementor-element elementor-element-iwgs-besprechen-s5t elementor-widget elementor-widget-text-editor\" data-id=\"iwgs-besprechen-s5t\" data-element_type=\"widget\" data-e-type=\"widget\" data-widget_type=\"text-editor.default\">\n\t\t\t\t\t\t\t\t\t<p>Segons la <span class=\"iwg-fachbegriff\" data-tooltip=\"La transmissi\u00f3 de coneixements i relats al llarg de generacions.\" tabindex=\"0\">tradici\u00f3<\/span>, el fet de recitar la f\u00f3rmula est\u00e0 subjecte a certes condicions que varien segons la regi\u00f3 i la font, per\u00f2 que mostren un nucli com\u00fa. La f\u00f3rmula ha de ser correcta, \u00e9s a dir, transmesa \u00edntegrament i pronunciada sense alteracions.<\/p><p>La persona que la recita ha de ser considerada capacitada. Normalment, l&#8217;acte no s&#8217;ha d&#8217;observar, o almenys la f\u00f3rmula en si no s&#8217;ha de pronunciar en veu audible. En algunes tradicions es prescriu un moment concret del dia, sovint l&#8217;alba o la posta de sol.<\/p>\n<p>Entre els l\u00edmits transmesos hi ha tamb\u00e9 la idea que aquesta pr\u00e0ctica no funciona contra un adversari m\u00e9s poder\u00f3s. Contra un <span class=\"iwg-fachbegriff\" data-tooltip=\"\u00c9sser espiritual al qual s'atribueix un efecte nociu o ambivalent.\" tabindex=\"0\">dimoni<\/span> de gran nivell, una simple f\u00f3rmula de guarici\u00f3 no n&#8217;hi ha prou; cal el ritual d&#8217;exorcisme complet. Segons aquesta l\u00f2gica, aquesta pr\u00e0ctica \u00e9s apta per a influ\u00e8ncies quotidianes, no per a casos extraordinaris.<\/p>\n<p>T\u00e9 una estreta relaci\u00f3 amb la <a href=\"https:\/\/iwell-guard.com\/ca\/?page_id=172013\">f\u00f3rmula d&#8217;exorcisme<\/a>, per\u00f2 se&#8217;n distingeix pel fet de centrar-se en la persona afectada en lloc de l&#8217;\u00e9sser que hi actua. En algunes tradicions es combinen totes dues formes: la f\u00f3rmula primer es dirigeix a la persona i despr\u00e9s expulsa el mal.<\/p>\t\t\t\t\t\t\t\t<\/div>\n\t\t\t\t<\/div>\n\t\t\t\t\t<\/div>\n\t\t\t\t<\/div>\n\t\t<div class=\"elementor-element elementor-element-iwgs-besprechen-lit e-flex e-con-boxed e-con e-parent\" data-id=\"iwgs-besprechen-lit\" data-element_type=\"container\" data-e-type=\"container\">\n\t\t\t\t\t<div class=\"e-con-inner\">\n\t\t\t\t<div class=\"elementor-element elementor-element-iwgs-besprechen-lith elementor-widget elementor-widget-heading\" data-id=\"iwgs-besprechen-lith\" data-element_type=\"widget\" data-e-type=\"widget\" data-widget_type=\"heading.default\">\n\t\t\t\t\t<h2 class=\"elementor-heading-title elementor-size-default\">Bibliografia (selecci\u00f3)<\/h2>\t\t\t\t<\/div>\n\t\t<div class=\"elementor-element elementor-element-iw-besprechen-lit-bw e-con-full e-flex e-con e-child\" data-id=\"iw-besprechen-lit-bw\" data-element_type=\"container\" data-e-type=\"container\">\n\t\t\t\t<div class=\"elementor-element elementor-element-iwgs-besprechen-litt elementor-widget elementor-widget-html\" data-id=\"iwgs-besprechen-litt\" data-element_type=\"widget\" data-e-type=\"widget\" data-widget_type=\"html.default\">\n\t\t\t\t\t<footer data-nosnippet=\"true\"><ul><li>Handw\u00f6rterbuch des deutschen Aberglaubens, hrsg. von Hanns B\u00e4chtold-St\u00e4ubli, Berlin\/Leipzig 1927-1942 (Artikel \"Besprechen\", \"Heilsegen\").<\/li><li>Wolfgang Spiewok (Hrsg.): Die Merseburger Zauberspr\u00fcche, Stuttgart 1991.<\/li><li>Keith Thomas: Religion and the Decline of Magic, London 1971.<\/li><li>Wayland D. Hand: Magical Medicine. The Folkloric Component of Medicine in the Folk Belief, Custom, and Ritual of the Peoples of Europe and America, Berkeley 1980.<\/li><li>Inge Lecouteux: Charmes, conjurations et b\u00e9n\u00e9dictions. Lexique et formules, Paris 1996 (zu Formeln und ihrer Verbreitung in Europa).<\/li><li>Lutz R\u00f6hrich: Geb\u00e4rde, Metapher, Parodie. Studien zur Sprache und Volksdichtung, D\u00fcsseldorf 1967.<\/li><\/ul><\/footer>\t\t\t\t<\/div>\n\t\t\t\t<\/div>\n\t\t\t\t\t<\/div>\n\t\t\t\t<\/div>\n\t\t<div class=\"elementor-element elementor-element-iwgs-besprechen-kwd e-flex e-con-boxed e-con e-parent\" data-id=\"iwgs-besprechen-kwd\" data-element_type=\"container\" data-e-type=\"container\">\n\t\t\t\t\t<div class=\"e-con-inner\">\n\t\t<div class=\"elementor-element elementor-element-iw-besprechen-kwd-bw e-con-full e-flex e-con e-child\" data-id=\"iw-besprechen-kwd-bw\" data-element_type=\"container\" data-e-type=\"container\">\n\t\t\t\t<div class=\"elementor-element elementor-element-iwgs-besprechen-kwdt elementor-widget elementor-widget-text-editor\" data-id=\"iwgs-besprechen-kwdt\" data-element_type=\"widget\" data-e-type=\"widget\" data-widget_type=\"text-editor.default\">\n\t\t\t\t\t\t\t\t\t<p><em>Termes clau relacionats: besprechen, recitador, curaci\u00f3 per la fe, f\u00f3rmula de guarici\u00f3.<\/em><\/p>\t\t\t\t\t\t\t\t<\/div>\n\t\t\t\t<\/div>\n\t\t\t\t\t<\/div>\n\t\t\t\t<\/div>\n\t\t<div class=\"elementor-element elementor-element-iwgs-besprechen-cc e-flex e-con-boxed e-con e-parent\" data-id=\"iwgs-besprechen-cc\" data-element_type=\"container\" data-e-type=\"container\" id=\"iwg-cc-besprechen\">\n\t\t\t\t\t<div class=\"e-con-inner\">\n\t\t<div class=\"elementor-element elementor-element-iwgs-besprechen-ccinner e-flex e-con-boxed e-con e-parent\" data-id=\"iwgs-besprechen-ccinner\" data-element_type=\"container\" data-e-type=\"container\" data-settings=\"{&quot;background_background&quot;:&quot;classic&quot;}\">\n\t\t\t\t\t<div class=\"e-con-inner\">\n\t\t\t\t<div class=\"elementor-element elementor-element-iwgs-besprechen-cch elementor-widget elementor-widget-heading\" data-id=\"iwgs-besprechen-cch\" data-element_type=\"widget\" data-e-type=\"widget\" data-widget_type=\"heading.default\">\n\t\t\t\t\t<h2 class=\"elementor-heading-title elementor-size-default\">iWell Guard i tradicions de protecci\u00f3<\/h2>\t\t\t\t<\/div>\n\t\t\t\t<div class=\"elementor-element elementor-element-iwgs-besprechen-cct elementor-widget elementor-widget-text-editor\" data-id=\"iwgs-besprechen-cct\" data-element_type=\"widget\" data-e-type=\"widget\" data-widget_type=\"text-editor.default\">\n\t\t\t\t\t\t\t\t\t<p>El \u00abbesprechen\u00bb mostra fins a quin punt est\u00e0 arrelada la idea que el llenguatge i el <span class=\"iwg-fachbegriff\" data-tooltip=\"Un signe que representa una idea o un significat.\" tabindex=\"0\">s\u00edmbol<\/span> poden crear un espai protector al voltant d&#8217;una persona.<\/p><p>Aquesta idea, que s&#8217;est\u00e9n des dels encanteris de Merseburg fins a les f\u00f3rmules de benedicci\u00f3 medievals i la medicina popular del segle 20, troba una expressi\u00f3 moderna en l&#8217;<a href=\"https:\/\/iwell-guard.com\/ca\/penjoll-protector-iwell-guard-comprar\/\">iWell Guard<\/a>: un objecte que aplega el pensament protector de moltes tradicions i que, com a s\u00edmbol portat, mant\u00e9 el vincle amb aquestes tradicions.<\/p>\t\t\t\t\t\t\t\t<\/div>\n\t\t\t\t<div class=\"elementor-element elementor-element-iwgs-besprechen-ccb iwg-cc-button iwg-cc-cta-2026-05-13 elementor-widget elementor-widget-jet-button\" data-id=\"iwgs-besprechen-ccb\" data-element_type=\"widget\" data-e-type=\"widget\" data-widget_type=\"jet-button.default\">\n\t\t\t\t<div class=\"elementor-widget-container\">\n\t\t\t\t\t<div class=\"elementor-jet-button jet-elements\"><div class=\"jet-button__container\"><a class=\"jet-button__instance jet-button__instance--icon-left hover-effect-1\" href=\"\/schutzanhaenger-iwell-guard-kaufen\/?utm_source=iwell-guard.com&amp;utm_medium=info-box&amp;utm_campaign=schutzsymbole\"><div class=\"jet-button__plane jet-button__plane-normal\"><\/div><div class=\"jet-button__plane jet-button__plane-hover\"><\/div><div class=\"jet-button__state jet-button__state-normal\"><span class=\"jet-button__label\">M\u00e9s informaci\u00f3 sobre l'iWell Guard<\/span><\/div><div class=\"jet-button__state jet-button__state-hover\"><span class=\"jet-button__label\">M\u00e9s informaci\u00f3 sobre l'iWell Guard<\/span><\/div><\/a><\/div><\/div><style>.elementor-element.elementor-element-iwgs-besprechen-ccb .jet-button__instance{width:320px;height:56px;}.elementor-element.elementor-element-iwgs-besprechen-ccb .jet-button__state-normal .jet-button__label{text-align:center;margin:0px 0px 0px 0px;color:#1a1b20;font-family:Montserrat,sans-serif;font-size:13px;font-weight:400;letter-spacing:4px;line-height:1.714em;text-transform:uppercase;}.elementor-element.elementor-element-iwgs-besprechen-ccb .jet-button__state-hover .jet-button__label{text-align:center;margin:0px 0px 0px 0px;color:#FECC76;font-family:Montserrat,sans-serif;font-size:13px;font-weight:400;letter-spacing:4px;line-height:1.714em;text-transform:uppercase;}.elementor-element.elementor-element-iwgs-besprechen-ccb .jet-button__plane-normal{background-color:#FECC76;border-style:solid;border-color:#C99540;border-width:2px 2px 2px 2px;}.elementor-element.elementor-element-iwgs-besprechen-ccb .jet-button__plane-hover{background-color:rgba(0,0,0,0.55);border-style:solid;border-color:#FECC76;border-width:2px 2px 2px 2px;}<\/style>\t\t\t\t<\/div>\n\t\t\t\t<\/div>\n\t\t\t\t<div class=\"elementor-element elementor-element-iwgs-besprechen-ccd elementor-widget elementor-widget-text-editor\" data-id=\"iwgs-besprechen-ccd\" data-element_type=\"widget\" data-e-type=\"widget\" data-widget_type=\"text-editor.default\">\n\t\t\t\t\t\t\t\t\t<p style=\"text-align:center;font-size:13px;opacity:0.7;margin-top:14px\" data-nosnippet=\"true\">Les experi\u00e8ncies personals poden variar. No \u00e9s un producte sanitari. No es garanteix cap curaci\u00f3.<\/p>\t\t\t\t\t\t\t\t<\/div>\n\t\t\t\t\t<\/div>\n\t\t\t\t<\/div>\n\t\t\t\t\t<\/div>\n\t\t\t\t<\/div>\n\t\t<div class=\"elementor-element elementor-element-iwgs-besprechen-disc e-flex e-con-boxed e-con e-parent\" data-id=\"iwgs-besprechen-disc\" data-element_type=\"container\" data-e-type=\"container\">\n\t\t\t\t\t<div class=\"e-con-inner\">\n\t\t<div class=\"elementor-element elementor-element-iw-besprechen-disc-bw e-con-full e-flex e-con e-child\" data-id=\"iw-besprechen-disc-bw\" data-element_type=\"container\" data-e-type=\"container\">\n\t\t\t\t<div class=\"elementor-element elementor-element-iwgs-besprechen-discw elementor-widget elementor-widget-html\" data-id=\"iwgs-besprechen-discw\" data-element_type=\"widget\" data-e-type=\"widget\" data-widget_type=\"html.default\">\n\t\t\t\t\t<footer data-nosnippet=\"true\" class=\"iwg-disclaimer-block\"><p data-nosnippet=\"true\">iWell Guard <strong>no \u00e9s un producte sanitari<\/strong> i no substitueix cap tractament m\u00e8dic o psicoterap\u00e8utic. Els continguts presentats aqu\u00ed s\u00f3n una contextualitzaci\u00f3 des de la ci\u00e8ncia de les religions i la hist\u00f2ria cultural, no una promesa d'efecte espiritual.<\/p><\/footer>\t\t\t\t<\/div>\n\t\t\t\t<\/div>\n\t\t\t\t\t<\/div>\n\t\t\t\t<\/div>\n\t\t\t\t<\/div>\n\t\t","protected":false},"excerpt":{"rendered":"","protected":false},"author":3,"featured_media":4105,"parent":0,"menu_order":0,"comment_status":"closed","ping_status":"closed","template":"elementor_header_footer","meta":{"_yoast_wpseo_focuskw":"conjurar","_yoast_wpseo_title":"Conjurar - f\u00f3rmules curatives i protectores","_yoast_wpseo_metadesc":"El conjurar en la tradici\u00f3 popular alemanya: origen de la f\u00f3rmula curativa, principi d'acci\u00f3 segons la tradici\u00f3 i formes emparentades interculturals.","_yoast_wpseo_meta-robots-noindex":"","_yoast_wpseo_canonical":"","_angie_page":false,"gefaehrdungsstufe":"","wesen_kultur":"","wesen_klasse":"","footnotes":""},"categories":[],"class_list":["post-172015","page","type-page","status-publish","has-post-thumbnail","hentry"],"yoast_head":"<!-- This site is optimized with the Yoast SEO Premium plugin v27.7 (Yoast SEO v28.3) - https:\/\/yoast.com\/product\/yoast-seo-premium-wordpress\/ -->\n<title>Conjurar - f\u00f3rmules curatives i protectores<\/title>\n<meta name=\"description\" content=\"El conjurar en la tradici\u00f3 popular alemanya: origen de la f\u00f3rmula curativa, principi d&#039;acci\u00f3 segons la tradici\u00f3 i formes emparentades interculturals.\" \/>\n<meta name=\"robots\" content=\"index, follow, max-snippet:-1, max-image-preview:large, max-video-preview:-1\" \/>\n<link rel=\"canonical\" href=\"https:\/\/iwell-guard.com\/ca\/conjurar\/\" \/>\n<meta property=\"og:locale\" content=\"ca_ES\" \/>\n<meta property=\"og:type\" content=\"article\" \/>\n<meta property=\"og:title\" content=\"Conjurar\" \/>\n<meta property=\"og:description\" content=\"El conjurar en la tradici\u00f3 popular alemanya: origen de la f\u00f3rmula curativa, principi d&#039;acci\u00f3 segons la tradici\u00f3 i formes emparentades interculturals.\" \/>\n<meta property=\"og:url\" content=\"https:\/\/iwell-guard.com\/ca\/conjurar\/\" \/>\n<meta property=\"og:site_name\" content=\"iWell Guard\" \/>\n<meta property=\"article:modified_time\" content=\"2026-09-05T16:13:07+00:00\" \/>\n<meta property=\"og:image\" content=\"https:\/\/iwell-guard.com\/wp-content\/uploads\/2026\/05\/schutzsymbol_germanisch_besprechen.png\" \/>\n\t<meta property=\"og:image:width\" content=\"1024\" \/>\n\t<meta property=\"og:image:height\" content=\"1536\" \/>\n\t<meta property=\"og:image:type\" content=\"image\/png\" \/>\n<meta name=\"twitter:card\" content=\"summary_large_image\" \/>\n<script type=\"application\/ld+json\" class=\"yoast-schema-graph\">{\"@context\":\"https:\\\/\\\/schema.org\",\"@graph\":[{\"@type\":\"WebPage\",\"@id\":\"https:\\\/\\\/iwell-guard.com\\\/ca\\\/conjurar\\\/\",\"url\":\"https:\\\/\\\/iwell-guard.com\\\/ca\\\/conjurar\\\/\",\"name\":\"Conjurar - f\u00f3rmules curatives i protectores\",\"isPartOf\":{\"@id\":\"https:\\\/\\\/iwell-guard.com\\\/ca\\\/#website\"},\"primaryImageOfPage\":{\"@id\":\"https:\\\/\\\/iwell-guard.com\\\/ca\\\/conjurar\\\/#primaryimage\"},\"image\":{\"@id\":\"https:\\\/\\\/iwell-guard.com\\\/ca\\\/conjurar\\\/#primaryimage\"},\"thumbnailUrl\":\"https:\\\/\\\/iwell-guard.com\\\/wp-content\\\/uploads\\\/2026\\\/05\\\/schutzsymbol_germanisch_besprechen.png\",\"datePublished\":\"2026-09-05T15:44:21+00:00\",\"dateModified\":\"2026-09-05T16:13:07+00:00\",\"description\":\"El conjurar en la tradici\u00f3 popular alemanya: origen de la f\u00f3rmula curativa, principi d'acci\u00f3 segons la tradici\u00f3 i formes emparentades interculturals.\",\"breadcrumb\":{\"@id\":\"https:\\\/\\\/iwell-guard.com\\\/ca\\\/conjurar\\\/#breadcrumb\"},\"inLanguage\":\"ca\",\"potentialAction\":[{\"@type\":\"ReadAction\",\"target\":[\"https:\\\/\\\/iwell-guard.com\\\/ca\\\/conjurar\\\/\"]}]},{\"@type\":\"ImageObject\",\"inLanguage\":\"ca\",\"@id\":\"https:\\\/\\\/iwell-guard.com\\\/ca\\\/conjurar\\\/#primaryimage\",\"url\":\"https:\\\/\\\/iwell-guard.com\\\/wp-content\\\/uploads\\\/2026\\\/05\\\/schutzsymbol_germanisch_besprechen.png\",\"contentUrl\":\"https:\\\/\\\/iwell-guard.com\\\/wp-content\\\/uploads\\\/2026\\\/05\\\/schutzsymbol_germanisch_besprechen.png\",\"width\":1024,\"height\":1536,\"caption\":\"Beneir amb paraules: la paraula protectora curativa, il\u00b7lustrada hist\u00f2ricament\"},{\"@type\":\"BreadcrumbList\",\"@id\":\"https:\\\/\\\/iwell-guard.com\\\/ca\\\/conjurar\\\/#breadcrumb\",\"itemListElement\":[{\"@type\":\"ListItem\",\"position\":1,\"name\":\"Start\",\"item\":\"https:\\\/\\\/iwell-guard.com\\\/ca\\\/?page_id=171333\"},{\"@type\":\"ListItem\",\"position\":2,\"name\":\"Conjurar\"}]},{\"@type\":\"WebSite\",\"@id\":\"https:\\\/\\\/iwell-guard.com\\\/ca\\\/#website\",\"url\":\"https:\\\/\\\/iwell-guard.com\\\/ca\\\/\",\"name\":\"iWell Guard\",\"description\":\"Schutz vor dunklen Einfl\u00fcssen\",\"publisher\":{\"@id\":\"https:\\\/\\\/iwell-guard.com\\\/ca\\\/#organization\"},\"potentialAction\":[{\"@type\":\"SearchAction\",\"target\":{\"@type\":\"EntryPoint\",\"urlTemplate\":\"https:\\\/\\\/iwell-guard.com\\\/ca\\\/?s={search_term_string}\"},\"query-input\":{\"@type\":\"PropertyValueSpecification\",\"valueRequired\":true,\"valueName\":\"search_term_string\"}}],\"inLanguage\":\"ca\"},{\"@type\":\"Organization\",\"@id\":\"https:\\\/\\\/iwell-guard.com\\\/ca\\\/#organization\",\"name\":\"Ittermann electronic GmbH\",\"url\":\"https:\\\/\\\/iwell-guard.com\\\/ca\\\/\",\"logo\":{\"@type\":\"ImageObject\",\"inLanguage\":\"ca\",\"@id\":\"https:\\\/\\\/iwell-guard.com\\\/ca\\\/#\\\/schema\\\/logo\\\/image\\\/\",\"url\":\"https:\\\/\\\/iwell-guard.com\\\/wp-content\\\/uploads\\\/2026\\\/05\\\/Ittermann-Logo-1182x237-1.png\",\"contentUrl\":\"https:\\\/\\\/iwell-guard.com\\\/wp-content\\\/uploads\\\/2026\\\/05\\\/Ittermann-Logo-1182x237-1.png\",\"width\":1182,\"height\":237,\"caption\":\"Ittermann electronic GmbH\"},\"image\":{\"@id\":\"https:\\\/\\\/iwell-guard.com\\\/ca\\\/#\\\/schema\\\/logo\\\/image\\\/\"},\"sameAs\":[\"https:\\\/\\\/pantip.com\\\/profile\\\/9367242\",\"https:\\\/\\\/micro.blog\\\/iwellguard\",\"https:\\\/\\\/www.diggerslist.com\\\/iwellguard\\\/about\",\"https:\\\/\\\/skitterphoto.com\\\/photographers\\\/2870314\\\/iwell-guard\",\"https:\\\/\\\/iwellguard.wordpress.com\\\/2026\\\/06\\\/06\\\/iwell-guard\\\/\",\"https:\\\/\\\/hub.docker.com\\\/u\\\/iwellguard\",\"https:\\\/\\\/www.pinterest.com\\\/iwellguard\\\/\",\"https:\\\/\\\/bit.ly\\\/m\\\/iwellguard\",\"https:\\\/\\\/entre-vos-mains.alsace.eu\\\/profiles\\\/iwellguard\\\/activity\",\"https:\\\/\\\/gravatar.com\\\/reallybeded8fd34\",\"https:\\\/\\\/naijamatta.com\\\/iwellguard\",\"https:\\\/\\\/www.goodreads.com\\\/iwellguard\",\"https:\\\/\\\/profile.hatena.ne.jp\\\/iwellguard\\\/\",\"https:\\\/\\\/experiment.com\\\/users\\\/iwellguard\",\"https:\\\/\\\/wakelet.com\\\/@iWellGuard82270\",\"https:\\\/\\\/www.chordie.com\\\/forum\\\/profile.php?id=2555664\",\"https:\\\/\\\/www.instapaper.com\\\/p\\\/17757966\",\"https:\\\/\\\/www.mapleprimes.com\\\/users\\\/iwellguard\",\"https:\\\/\\\/businesslistingplus.com\\\/profile\\\/iwell-guard\\\/\",\"https:\\\/\\\/telegra.ph\\\/iWell-Guard-06-06\",\"https:\\\/\\\/pbase.com\\\/iwellguard\\\/iwellguard\",\"https:\\\/\\\/b.hatena.ne.jp\\\/iwellguard\\\/20260607#bookmark-4788405196491818882\",\"https:\\\/\\\/fliphtml5.com\\\/home\\\/iwellguard\",\"https:\\\/\\\/anyflip.com\\\/homepage\\\/cmiwl#About\",\"https:\\\/\\\/transfur.com\\\/Users\\\/iwellguard\",\"http:\\\/\\\/delphi.larsbo.org\\\/user\\\/iwellguard\",\"https:\\\/\\\/jobs.lajobsportal.org\\\/profiles\\\/8380803-iwell-guard\",\"https:\\\/\\\/md.chaosdorf.de\\\/s\\\/jfbe5SBdJD\",\"https:\\\/\\\/www.lingvolive.com\\\/en-us\\\/profile\\\/9ecaeaca-ce11-4e51-9e71-01d55e2bff36\\\/translations\",\"https:\\\/\\\/www.fitday.com\\\/fitness\\\/forums\\\/members\\\/iwellguard.html\",\"https:\\\/\\\/www.mymeetbook.com\\\/iwellguard\",\"https:\\\/\\\/pxhere.com\\\/en\\\/photographer-me\\\/5040798\",\"https:\\\/\\\/disqus.com\\\/by\\\/iwellguard\\\/about\\\/\",\"https:\\\/\\\/pastelink.net\\\/hjwciqwq\",\"https:\\\/\\\/pubhtml5.com\\\/homepage\\\/scjhn\\\/\",\"https:\\\/\\\/www.bitchute.com\\\/channel\\\/2O2eOKzNqujT\",\"https:\\\/\\\/audiomack.com\\\/iwellguard\"]}]}<\/script>\n<!-- \/ Yoast SEO Premium plugin. -->","yoast_head_json":{"title":"Conjurar - f\u00f3rmules curatives i protectores","description":"El conjurar en la tradici\u00f3 popular alemanya: origen de la f\u00f3rmula curativa, principi d'acci\u00f3 segons la tradici\u00f3 i formes emparentades interculturals.","robots":{"index":"index","follow":"follow","max-snippet":"max-snippet:-1","max-image-preview":"max-image-preview:large","max-video-preview":"max-video-preview:-1"},"canonical":"https:\/\/iwell-guard.com\/ca\/conjurar\/","og_locale":"ca_ES","og_type":"article","og_title":"Conjurar","og_description":"El conjurar en la tradici\u00f3 popular alemanya: origen de la f\u00f3rmula curativa, principi d'acci\u00f3 segons la tradici\u00f3 i formes emparentades interculturals.","og_url":"https:\/\/iwell-guard.com\/ca\/conjurar\/","og_site_name":"iWell Guard","article_modified_time":"2026-09-05T16:13:07+00:00","og_image":[{"width":1024,"height":1536,"url":"https:\/\/iwell-guard.com\/wp-content\/uploads\/2026\/05\/schutzsymbol_germanisch_besprechen.png","type":"image\/png"}],"twitter_card":"summary_large_image","schema":{"@context":"https:\/\/schema.org","@graph":[{"@type":"WebPage","@id":"https:\/\/iwell-guard.com\/ca\/conjurar\/","url":"https:\/\/iwell-guard.com\/ca\/conjurar\/","name":"Conjurar - f\u00f3rmules curatives i protectores","isPartOf":{"@id":"https:\/\/iwell-guard.com\/ca\/#website"},"primaryImageOfPage":{"@id":"https:\/\/iwell-guard.com\/ca\/conjurar\/#primaryimage"},"image":{"@id":"https:\/\/iwell-guard.com\/ca\/conjurar\/#primaryimage"},"thumbnailUrl":"https:\/\/iwell-guard.com\/wp-content\/uploads\/2026\/05\/schutzsymbol_germanisch_besprechen.png","datePublished":"2026-09-05T15:44:21+00:00","dateModified":"2026-09-05T16:13:07+00:00","description":"El conjurar en la tradici\u00f3 popular alemanya: origen de la f\u00f3rmula curativa, principi d'acci\u00f3 segons la tradici\u00f3 i formes emparentades interculturals.","breadcrumb":{"@id":"https:\/\/iwell-guard.com\/ca\/conjurar\/#breadcrumb"},"inLanguage":"ca","potentialAction":[{"@type":"ReadAction","target":["https:\/\/iwell-guard.com\/ca\/conjurar\/"]}]},{"@type":"ImageObject","inLanguage":"ca","@id":"https:\/\/iwell-guard.com\/ca\/conjurar\/#primaryimage","url":"https:\/\/iwell-guard.com\/wp-content\/uploads\/2026\/05\/schutzsymbol_germanisch_besprechen.png","contentUrl":"https:\/\/iwell-guard.com\/wp-content\/uploads\/2026\/05\/schutzsymbol_germanisch_besprechen.png","width":1024,"height":1536,"caption":"Beneir amb paraules: la paraula protectora curativa, il\u00b7lustrada hist\u00f2ricament"},{"@type":"BreadcrumbList","@id":"https:\/\/iwell-guard.com\/ca\/conjurar\/#breadcrumb","itemListElement":[{"@type":"ListItem","position":1,"name":"Start","item":"https:\/\/iwell-guard.com\/ca\/?page_id=171333"},{"@type":"ListItem","position":2,"name":"Conjurar"}]},{"@type":"WebSite","@id":"https:\/\/iwell-guard.com\/ca\/#website","url":"https:\/\/iwell-guard.com\/ca\/","name":"iWell Guard","description":"Schutz vor dunklen Einfl\u00fcssen","publisher":{"@id":"https:\/\/iwell-guard.com\/ca\/#organization"},"potentialAction":[{"@type":"SearchAction","target":{"@type":"EntryPoint","urlTemplate":"https:\/\/iwell-guard.com\/ca\/?s={search_term_string}"},"query-input":{"@type":"PropertyValueSpecification","valueRequired":true,"valueName":"search_term_string"}}],"inLanguage":"ca"},{"@type":"Organization","@id":"https:\/\/iwell-guard.com\/ca\/#organization","name":"Ittermann electronic GmbH","url":"https:\/\/iwell-guard.com\/ca\/","logo":{"@type":"ImageObject","inLanguage":"ca","@id":"https:\/\/iwell-guard.com\/ca\/#\/schema\/logo\/image\/","url":"https:\/\/iwell-guard.com\/wp-content\/uploads\/2026\/05\/Ittermann-Logo-1182x237-1.png","contentUrl":"https:\/\/iwell-guard.com\/wp-content\/uploads\/2026\/05\/Ittermann-Logo-1182x237-1.png","width":1182,"height":237,"caption":"Ittermann electronic GmbH"},"image":{"@id":"https:\/\/iwell-guard.com\/ca\/#\/schema\/logo\/image\/"},"sameAs":["https:\/\/pantip.com\/profile\/9367242","https:\/\/micro.blog\/iwellguard","https:\/\/www.diggerslist.com\/iwellguard\/about","https:\/\/skitterphoto.com\/photographers\/2870314\/iwell-guard","https:\/\/iwellguard.wordpress.com\/2026\/06\/06\/iwell-guard\/","https:\/\/hub.docker.com\/u\/iwellguard","https:\/\/www.pinterest.com\/iwellguard\/","https:\/\/bit.ly\/m\/iwellguard","https:\/\/entre-vos-mains.alsace.eu\/profiles\/iwellguard\/activity","https:\/\/gravatar.com\/reallybeded8fd34","https:\/\/naijamatta.com\/iwellguard","https:\/\/www.goodreads.com\/iwellguard","https:\/\/profile.hatena.ne.jp\/iwellguard\/","https:\/\/experiment.com\/users\/iwellguard","https:\/\/wakelet.com\/@iWellGuard82270","https:\/\/www.chordie.com\/forum\/profile.php?id=2555664","https:\/\/www.instapaper.com\/p\/17757966","https:\/\/www.mapleprimes.com\/users\/iwellguard","https:\/\/businesslistingplus.com\/profile\/iwell-guard\/","https:\/\/telegra.ph\/iWell-Guard-06-06","https:\/\/pbase.com\/iwellguard\/iwellguard","https:\/\/b.hatena.ne.jp\/iwellguard\/20260607#bookmark-4788405196491818882","https:\/\/fliphtml5.com\/home\/iwellguard","https:\/\/anyflip.com\/homepage\/cmiwl#About","https:\/\/transfur.com\/Users\/iwellguard","http:\/\/delphi.larsbo.org\/user\/iwellguard","https:\/\/jobs.lajobsportal.org\/profiles\/8380803-iwell-guard","https:\/\/md.chaosdorf.de\/s\/jfbe5SBdJD","https:\/\/www.lingvolive.com\/en-us\/profile\/9ecaeaca-ce11-4e51-9e71-01d55e2bff36\/translations","https:\/\/www.fitday.com\/fitness\/forums\/members\/iwellguard.html","https:\/\/www.mymeetbook.com\/iwellguard","https:\/\/pxhere.com\/en\/photographer-me\/5040798","https:\/\/disqus.com\/by\/iwellguard\/about\/","https:\/\/pastelink.net\/hjwciqwq","https:\/\/pubhtml5.com\/homepage\/scjhn\/","https:\/\/www.bitchute.com\/channel\/2O2eOKzNqujT","https:\/\/audiomack.com\/iwellguard"]}]}},"_links":{"self":[{"href":"https:\/\/iwell-guard.com\/ca\/wp-json\/wp\/v2\/pages\/172015","targetHints":{"allow":["GET"]}}],"collection":[{"href":"https:\/\/iwell-guard.com\/ca\/wp-json\/wp\/v2\/pages"}],"about":[{"href":"https:\/\/iwell-guard.com\/ca\/wp-json\/wp\/v2\/types\/page"}],"author":[{"embeddable":true,"href":"https:\/\/iwell-guard.com\/ca\/wp-json\/wp\/v2\/users\/3"}],"replies":[{"embeddable":true,"href":"https:\/\/iwell-guard.com\/ca\/wp-json\/wp\/v2\/comments?post=172015"}],"version-history":[{"count":0,"href":"https:\/\/iwell-guard.com\/ca\/wp-json\/wp\/v2\/pages\/172015\/revisions"}],"wp:featuredmedia":[{"embeddable":true,"href":"https:\/\/iwell-guard.com\/ca\/wp-json\/wp\/v2\/media\/4105"}],"wp:attachment":[{"href":"https:\/\/iwell-guard.com\/ca\/wp-json\/wp\/v2\/media?parent=172015"}],"wp:term":[{"taxonomy":"category","embeddable":true,"href":"https:\/\/iwell-guard.com\/ca\/wp-json\/wp\/v2\/categories?post=172015"}],"curies":[{"name":"wp","href":"https:\/\/api.w.org\/{rel}","templated":true}]}}