{"id":172011,"date":"2026-09-05T15:44:19","date_gmt":"2026-09-05T15:44:19","guid":{"rendered":"https:\/\/iwell-guard.com\/?page_id=172011"},"modified":"2026-09-05T16:13:01","modified_gmt":"2026-09-05T16:13:01","slug":"amulet","status":"publish","type":"page","link":"https:\/\/iwell-guard.com\/ca\/amulet\/","title":{"rendered":"Amulet"},"content":{"rendered":"\t\t<div data-elementor-type=\"wp-page\" data-elementor-id=\"172011\" class=\"elementor elementor-172011 elementor-3767 elementor-bc-flex-widget\" data-elementor-post-type=\"page\">\n\t\t\t\t<div class=\"elementor-element elementor-element-iwgs-amulett-hero e-flex e-con-boxed e-con e-parent\" data-id=\"iwgs-amulett-hero\" data-element_type=\"container\" data-e-type=\"container\">\n\t\t\t\t\t<div class=\"e-con-inner\">\n\t\t<div class=\"elementor-element elementor-element-iw-amulett-hero-left e-con-full e-flex e-con e-child\" data-id=\"iw-amulett-hero-left\" data-element_type=\"container\" data-e-type=\"container\">\n\t\t\t\t<div class=\"elementor-element elementor-element-iwgs-amulett-h1 elementor-widget elementor-widget-heading\" data-id=\"iwgs-amulett-h1\" data-element_type=\"widget\" data-e-type=\"widget\" data-widget_type=\"heading.default\">\n\t\t\t\t\t<h1 class=\"elementor-heading-title elementor-size-default\">L'amulet \u2014 protecci\u00f3 portada de la m\u00e0gia popular<\/h1>\t\t\t\t<\/div>\n\t\t<div class=\"elementor-element elementor-element-iw-amulett-hero-bw e-con-full e-flex e-con e-child\" data-id=\"iw-amulett-hero-bw\" data-element_type=\"container\" data-e-type=\"container\">\n\t\t\t\t<div class=\"elementor-element elementor-element-iwgs-amulett-pills elementor-widget elementor-widget-html\" data-id=\"iwgs-amulett-pills\" data-element_type=\"widget\" data-e-type=\"widget\" data-widget_type=\"html.default\">\n\t\t\t\t\t<div class=\"iwg-pill-row\"><span class=\"iwg-klasse-badge\" tabindex=\"0\" data-tooltip=\"Tipus de mitj\u00e0 de protecci\u00f3.\">Objecte de protecci\u00f3<\/span><a href=\"https:\/\/iwell-guard.com\/ca\/?page_id=172012\" class=\"iwg-kultur-badge\" tabindex=\"0\" data-tooltip=\"Anar a la visi\u00f3 general.\">Amulets i objectes de protecci\u00f3<\/a><\/div>\t\t\t\t<\/div>\n\t\t\t\t<div class=\"elementor-element elementor-element-iwgs-amulett-lead elementor-widget elementor-widget-text-editor\" data-id=\"iwgs-amulett-lead\" data-element_type=\"widget\" data-e-type=\"widget\" data-widget_type=\"text-editor.default\">\n\t\t\t\t\t\t\t\t\t<p>L&#8217;<span class=\"iwg-fachbegriff\" data-tooltip=\"Un objecte portat al cos al qual s'atribueix un efecte protector i preventiu contra el mal.\" tabindex=\"0\">amulet<\/span> \u00e9s un objecte al qual la <span class=\"iwg-fachbegriff\" data-tooltip=\"La transmissi\u00f3 de coneixements i relats al llarg de generacions.\" tabindex=\"0\">tradici\u00f3<\/span> atribueix la capacitat de protegir el seu portador d&#8217;influ\u00e8ncies nocives.<\/p><p>A difer\u00e8ncia del <a href=\"https:\/\/iwell-guard.com\/ca\/?page_id=172037\">talism\u00e0<\/a>, que es carrega d&#8217;un efecte espec\u00edfic mitjan\u00e7ant una intenci\u00f3 conscient i sovint un proc\u00e9s de fabricaci\u00f3 determinat, l&#8217;<span class=\"iwg-fachbegriff\" data-tooltip=\"Un objecte portat al cos al qual s'atribueix un efecte protector i preventiu contra el mal.\" tabindex=\"0\">amulet<\/span> es considera un portador de protecci\u00f3 passiu: actua per all\u00f2 que \u00e9s, pel seu material, la seva forma, els seus signes o el seu lloc d&#8217;origen, no principalment per una intenci\u00f3 que se li hagi impr\u00e8s.<\/p>\n<p>La paraula ens arriba a trav\u00e9s del llat\u00ed <em>amuletum<\/em>. Plini el Vell la utilitza al segle I dC sense cap explicaci\u00f3 addicional, com si fos evident. Qu\u00e8 s&#8217;amaga exactament darrere d&#8217;aquesta paraula, si una arrel p\u00fanica, \u00e0rab o sem\u00edtica, no est\u00e0 del tot resolt en la recerca.<\/p><p>La cosa en si, en tot cas, \u00e9s m\u00e9s antiga que la paraula: els objectes portats sobre el cos que, segons tot el que permet interpretar el registre arqueol\u00f2gic, tenien una funci\u00f3 protectora, es remunten al paleol\u00edtic.<\/p>\n<p>L&#8217;<span class=\"iwg-fachbegriff\" data-tooltip=\"Un objecte portat al cos al qual s'atribueix un efecte protector i preventiu contra el mal.\" tabindex=\"0\">amulet<\/span> pertany a la categoria <a href=\"https:\/\/iwell-guard.com\/ca\/?page_id=172012\">Amulets i objectes de protecci\u00f3<\/a>, la forma m\u00e9s antiga i m\u00e9s estesa de protecci\u00f3 portada.<\/p>\n<p class=\"iwg-kwfix\">Des de la prehist\u00f2ria, l&#8217;\u00e9sser hum\u00e0 porta amulets; en la m\u00e0gia popular es compten entre els mitjans de protecci\u00f3 m\u00e9s antics que existeixen.<\/p>\t\t\t\t\t\t\t\t<\/div>\n\t\t\t\t<\/div>\n\t\t\t\t<\/div>\n\t\t<div class=\"elementor-element elementor-element-iw-amulett-hero-img e-con-full e-flex e-con e-child\" data-id=\"iw-amulett-hero-img\" data-element_type=\"container\" data-e-type=\"container\">\n\t\t\t\t<div class=\"elementor-element elementor-element-iwgs-amulett-himg iwg-hero-image elementor-widget elementor-widget-image\" data-id=\"iwgs-amulett-himg\" data-element_type=\"widget\" data-e-type=\"widget\" data-widget_type=\"image.default\">\n\t\t\t\t\t\t\t\t\t\t\t\t\t\t\t<img fetchpriority=\"high\" decoding=\"async\" width=\"683\" height=\"1024\" src=\"https:\/\/iwell-guard.com\/wp-content\/uploads\/2026\/05\/schutzsymbol_universell_amulett-683x1024.png\" class=\"attachment-large size-large wp-image-4102\" alt=\"Amulett \u2013 traditionelles Schutzzeichen als Anh\u00e4nger\" srcset=\"https:\/\/iwell-guard.com\/wp-content\/uploads\/2026\/05\/schutzsymbol_universell_amulett-683x1024.png 683w, https:\/\/iwell-guard.com\/wp-content\/uploads\/2026\/05\/schutzsymbol_universell_amulett-200x300.png 200w, https:\/\/iwell-guard.com\/wp-content\/uploads\/2026\/05\/schutzsymbol_universell_amulett-768x1152.png 768w, https:\/\/iwell-guard.com\/wp-content\/uploads\/2026\/05\/schutzsymbol_universell_amulett.png 1024w\" sizes=\"(max-width: 683px) 100vw, 683px\" \/>\t\t\t\t\t\t\t\t\t\t\t\t\t\t\t<\/div>\n\t\t\t\t<\/div>\n\t\t\t\t\t<\/div>\n\t\t\t\t<\/div>\n\t\t<div class=\"elementor-element elementor-element-iwgs-amulett-s0 e-flex e-con-boxed e-con e-parent\" data-id=\"iwgs-amulett-s0\" data-element_type=\"container\" data-e-type=\"container\">\n\t\t\t\t\t<div class=\"e-con-inner\">\n\t\t\t\t<div class=\"elementor-element elementor-element-iwgs-amulett-s0h elementor-widget elementor-widget-heading\" data-id=\"iwgs-amulett-s0h\" data-element_type=\"widget\" data-e-type=\"widget\" data-widget_type=\"heading.default\">\n\t\t\t\t\t<h2 class=\"elementor-heading-title elementor-size-default\">Resum r\u00e0pid<\/h2>\t\t\t\t<\/div>\n\t\t<div class=\"elementor-element elementor-element-iw-amulett-s0-bw e-con-full e-flex e-con e-child\" data-id=\"iw-amulett-s0-bw\" data-element_type=\"container\" data-e-type=\"container\">\n\t\t\t\t<div class=\"elementor-element elementor-element-iwgs-amulett-s0t elementor-widget elementor-widget-text-editor\" data-id=\"iwgs-amulett-s0t\" data-element_type=\"widget\" data-e-type=\"widget\" data-widget_type=\"text-editor.default\">\n\t\t\t\t\t\t\t\t\t<p>L&#8217;<span class=\"iwg-fachbegriff\" data-tooltip=\"Un objecte portat al cos al qual s'atribueix un efecte protector i preventiu contra el mal.\" tabindex=\"0\">amulet<\/span> \u00e9s un objecte portat sobre el cos o fixat en un lloc, al qual s&#8217;atribueix una for\u00e7a defensiva pr\u00f2pia. El seu efecte es considera lligat al material, a la forma o a signes incorporats, no a una acci\u00f3 continuada. Est\u00e0 documentat en totes les cultures conegudes, des dels jaciments paleol\u00edtics fins a l&#8217;actualitat.<\/p><p>La <span class=\"iwg-fachbegriff\" data-tooltip=\"La transmissi\u00f3 de coneixements i relats al llarg de generacions.\" tabindex=\"0\">tradici\u00f3<\/span> distingeix entre amulets que protegeixen del mal d&#8217;ull, els que allunyen la malaltia i els que actuen contra \u00e9ssers espirituals nocius. Una <span class=\"iwg-fachbegriff\" data-tooltip=\"Acte ritual pel qual un objecte, lloc o persona \u00e9s lliurat a l'\u00e0mbit religi\u00f3s.\" tabindex=\"0\">consagraci\u00f3<\/span> feta per una persona capacitada o un sacerdot es considera, en moltes tradicions, un refor\u00e7 de l&#8217;efecte, per\u00f2 no una condici\u00f3 necess\u00e0ria.<\/p>\t\t\t\t\t\t\t\t<\/div>\n\t\t\t\t<\/div>\n\t\t\t\t\t<\/div>\n\t\t\t\t<\/div>\n\t\t<div class=\"elementor-element elementor-element-iwgs-amulett-s1 e-flex e-con-boxed e-con e-parent\" data-id=\"iwgs-amulett-s1\" data-element_type=\"container\" data-e-type=\"container\">\n\t\t\t\t\t<div class=\"e-con-inner\">\n\t\t\t\t<div class=\"elementor-element elementor-element-iwgs-amulett-s1h elementor-widget elementor-widget-heading\" data-id=\"iwgs-amulett-s1h\" data-element_type=\"widget\" data-e-type=\"widget\" data-widget_type=\"heading.default\">\n\t\t\t\t\t<h2 class=\"elementor-heading-title elementor-size-default\">Origen i tradici\u00f3<\/h2>\t\t\t\t<\/div>\n\t\t<div class=\"elementor-element elementor-element-iw-amulett-s1-bw e-con-full e-flex e-con e-child\" data-id=\"iw-amulett-s1-bw\" data-element_type=\"container\" data-e-type=\"container\">\n\t\t\t\t<div class=\"elementor-element elementor-element-iwgs-amulett-s1t elementor-widget elementor-widget-text-editor\" data-id=\"iwgs-amulett-s1t\" data-element_type=\"widget\" data-e-type=\"widget\" data-widget_type=\"text-editor.default\">\n\t\t\t\t\t\t\t\t\t<p>Els testimonis materials m\u00e9s antics del costum de portar objectes de protecci\u00f3 provenen de troballes funer\u00e0ries neol\u00edtiques i paleol\u00edtiques. Dents perforades, closques, pedres foradades i petites figures d&#8217;animals es portaven sobre el cos o la roba d&#8217;una manera que suggereix idees de protecci\u00f3 o de for\u00e7a, encara que el significat exacte ja no es pot reconstruir.<\/p>\n<p>En l&#8217;alta cultura eg\u00edpcia es va desenvolupar una pr\u00e0ctica d&#8217;amulets molt elaborada, documentada durant mil\u00b7lennis. Determinats objectes, com el <span class=\"iwg-fachbegriff\" data-tooltip=\"Un signe que representa una idea o significat.\" tabindex=\"0\">s\u00edmbol<\/span> Djed d&#8217;estabilitat, l&#8217;<span class=\"iwg-fachbegriff\" data-tooltip=\"L'ull d'Horus, s\u00edmbol egipci antic de la curaci\u00f3 i la integritat.\" tabindex=\"0\">ull d&#8217;Udjat<\/span> d&#8217;integritat, o el lla\u00e7 Ankh de la vida, es fabricaven amb faian\u00e7a, cornalina, lapisl\u00e0tzuli o or, i s&#8217;oferien tant als vius com als morts.<\/p><p>Els textos del Llibre dels Morts descriuen, per a nombrosos amulets, regles precises de fabricaci\u00f3: quin material, quin color, quina <span class=\"iwg-fachbegriff\" data-tooltip=\"Un text gravat o cisellat en un suport s\u00f2lid.\" tabindex=\"0\">inscripci\u00f3<\/span>. Aquesta precisi\u00f3 mostra que no es partia d&#8217;un \u00abobjecte de protecci\u00f3\u00bb general, sin\u00f3 d&#8217;objectes amb efectes espec\u00edfics.<\/p>\n<p>Mesopot\u00e0mia coneix una cultura d&#8217;amulets igualment especialitzada. Es plegaven tauletes d&#8217;argila amb f\u00f3rmules d&#8217;exorcisme, es cosien dins de lli i es portaven sobre el cos; alhora, formaven part de la protecci\u00f3 de la llar petites figures de divinitats protectores, les anomenades figures de Lamassu en miniatura.<\/p>\n<p>A l&#8217;<span class=\"iwg-fachbegriff\" data-tooltip=\"\u00c8poca de la cultura grega i romana, aproximadament del 800 aC al 600 dC.\" tabindex=\"0\">antiguitat<\/span> grega i romana, els amulets estan ben documentats: l&#8217;<span class=\"iwg-fachbegriff\" data-tooltip=\"Un objecte portat al cos al qual s'atribueix un efecte protector i preventiu contra el mal.\" tabindex=\"0\">amulet<\/span> bulla, que els nens romans portaven fins a l&#8217;edat adulta, la lunula com a ornament del coll per a les noies, els penjolls f\u00e0l\u00b7lics com a protecci\u00f3 contra el mal d&#8217;ull. Els autors m\u00e8dics llatins, com Plini, discuteixen els amulets amb certa escepticisme, per\u00f2 els descriuen com a part integral de la pr\u00e0ctica quotidiana.<\/p>\n<p>L&#8217;edat mitjana va continuar aquesta tradici\u00f3. Els amulets cristians, rel\u00edquies, palmes bene\u00efdes, medallons Agnus Dei, es van afegir a les formes m\u00e9s antigues, per\u00f2 rarament les van despla\u00e7ar del tot. La medicina popular dels segles XV al XVIII, documentada en nombrosos manuscrits i impresos, coneix un gran nombre d&#8217;amulets amb finalitats espec\u00edfiques: cartes de protecci\u00f3 contra la febre, papers amb f\u00f3rmules contra l&#8217;erisipela, pedres contra l&#8217;epil\u00e8psia.<\/p>\t\t\t\t\t\t\t\t<\/div>\n\t\t\t\t<\/div>\n\t\t\t\t\t<\/div>\n\t\t\t\t<\/div>\n\t\t<div class=\"elementor-element elementor-element-iwgs-amulett-s2 e-flex e-con-boxed e-con e-parent\" data-id=\"iwgs-amulett-s2\" data-element_type=\"container\" data-e-type=\"container\">\n\t\t\t\t\t<div class=\"e-con-inner\">\n\t\t\t\t<div class=\"elementor-element elementor-element-iwgs-amulett-s2h elementor-widget elementor-widget-heading\" data-id=\"iwgs-amulett-s2h\" data-element_type=\"widget\" data-e-type=\"widget\" data-widget_type=\"heading.default\">\n\t\t\t\t\t<h2 class=\"elementor-heading-title elementor-size-default\">Principi d'acci\u00f3 segons la tradici\u00f3<\/h2>\t\t\t\t<\/div>\n\t\t<div class=\"elementor-element elementor-element-iw-amulett-s2-bw e-con-full e-flex e-con e-child\" data-id=\"iw-amulett-s2-bw\" data-element_type=\"container\" data-e-type=\"container\">\n\t\t\t\t<div class=\"elementor-element elementor-element-iwgs-amulett-s2t elementor-widget elementor-widget-text-editor\" data-id=\"iwgs-amulett-s2t\" data-element_type=\"widget\" data-e-type=\"widget\" data-widget_type=\"text-editor.default\">\n\t\t\t\t\t\t\t\t\t<p>Les tradicions descriuen el principi de funcionament de l&#8217;amulet de maneres molt diferents, i seria erroni voler reduir-les a un \u00fanic denominador. Tot i aix\u00ed, es poden identificar algunes idees recurrents.<\/p>\n<p>Un primer grup situa l&#8217;efecte en el material mateix. Determinades pedres, metalls o materials org\u00e0nics es consideren protectors per naturalesa, perqu\u00e8 posseeixen una qualitat oposada al que causa dany. A les corals vermelles, per exemple, se&#8217;ls atribu\u00efa a la Mediterr\u00e0nia la capacitat d&#8217;atreure i neutralitzar influ\u00e8ncies malignes, motiu pel qual s&#8217;enterbolien o es trencaven quan havien absorbit alguna cosa.<\/p>\n<p>Una altra idea situa l&#8217;efecte en la forma: l&#8217;ull mira enrere, el nus lliga, el cercle tanca. Segons aquesta l\u00f2gica, les formes tenen una resson\u00e0ncia simb\u00f2lica amb certes forces que va m\u00e9s enll\u00e0 del purament material.<\/p>\n<p>Un tercer grup, dominant en la comprensi\u00f3 erudita de l&#8217;amulet a l&#8217;edat mitjana i a la primera modernitat, situa l&#8217;efecte en el nom div\u00ed, la f\u00f3rmula o el signe inscrit: l&#8217;<span class=\"iwg-fachbegriff\" data-tooltip=\"Un objecte que es porta al cos i al qual s'atribueix un efecte protector i preservador contra el mal.\" tabindex=\"0\">amulet<\/span> \u00e9s portador d&#8217;una realitat ling\u00fc\u00edstica o simb\u00f2lica que actua sobre el camp d&#8217;informaci\u00f3 c\u00f2smic.<\/p>\n<p>A la pr\u00e0ctica, aquestes idees es barregen. Un <span class=\"iwg-fachbegriff\" data-tooltip=\"Un objecte que es porta al cos i al qual s'atribueix un efecte protector i preservador contra el mal.\" tabindex=\"0\">amulet<\/span> pot dur un material amb for\u00e7a natural en una forma simb\u00f2licament efica\u00e7 i, a m\u00e9s, presentar una <span class=\"iwg-fachbegriff\" data-tooltip=\"Un text gravat o esculpit en un suport s\u00f2lid.\" tabindex=\"0\">inscripci\u00f3<\/span>.<\/p>\t\t\t\t\t\t\t\t<\/div>\n\t\t\t\t<\/div>\n\t\t\t\t\t<\/div>\n\t\t\t\t<\/div>\n\t\t<div class=\"elementor-element elementor-element-iwgs-amulett-s3 e-flex e-con-boxed e-con e-parent\" data-id=\"iwgs-amulett-s3\" data-element_type=\"container\" data-e-type=\"container\">\n\t\t\t\t\t<div class=\"e-con-inner\">\n\t\t\t\t<div class=\"elementor-element elementor-element-iwgs-amulett-s3h elementor-widget elementor-widget-heading\" data-id=\"iwgs-amulett-s3h\" data-element_type=\"widget\" data-e-type=\"widget\" data-widget_type=\"heading.default\">\n\t\t\t\t\t<h2 class=\"elementor-heading-title elementor-size-default\">Difusi\u00f3 transcultural<\/h2>\t\t\t\t<\/div>\n\t\t<div class=\"elementor-element elementor-element-iw-amulett-s3-bw e-con-full e-flex e-con e-child\" data-id=\"iw-amulett-s3-bw\" data-element_type=\"container\" data-e-type=\"container\">\n\t\t\t\t<div class=\"elementor-element elementor-element-iwgs-amulett-s3t elementor-widget elementor-widget-text-editor\" data-id=\"iwgs-amulett-s3t\" data-element_type=\"widget\" data-e-type=\"widget\" data-widget_type=\"text-editor.default\">\n\t\t\t\t\t\t\t\t\t<p>L&#8217;<span class=\"iwg-fachbegriff\" data-tooltip=\"Un objecte que es porta al cos i al qual s'atribueix un efecte protector i preservador contra el mal.\" tabindex=\"0\">amulet<\/span> no coneix fronteres culturals. Est\u00e0 documentat tant al sud-est asi\u00e0tic com a les cultures precolombines d&#8217;Am\u00e8rica, tant a l&#8217;\u00c0frica subsahariana com a l&#8217;estepa de l&#8217;\u00c0sia central. Les formes varien considerablement, per\u00f2 la idea de fons, portar un petit objecte sobre el cos que exerceix un efecte protector, \u00e9s universal.<\/p>\n<p>Alguns paral\u00b7lelismes resulten reveladors. L&#8217;<em>omamori<\/em> japon\u00e8s, una bosseta teixida o estampada procedent del <span class=\"iwg-fachbegriff\" data-tooltip=\"Un petit lloc sagrat de cust\u00f2dia o de devoci\u00f3.\" tabindex=\"0\">santuari<\/span> o del <span class=\"iwg-fachbegriff\" data-tooltip=\"Una construcci\u00f3 destinada a la veneraci\u00f3 d'una o diverses divinitats.\" tabindex=\"0\">temple<\/span>, correspon en la seva estructura b\u00e0sica al breverl cristi\u00e0 de l&#8217;espai alp\u00ed: un car\u00e0cter escrit o un <span class=\"iwg-fachbegriff\" data-tooltip=\"Un signe que representa una idea o un significat.\" tabindex=\"0\">s\u00edmbol<\/span> tancat en un teixit i portat sobre el cos.<\/p><p>La l\u00f2gica de fons, transportar un objecte consagrat o dotat de for\u00e7a, \u00e9s id\u00e8ntica, encara que el marc religi\u00f3s sigui completament diferent.<\/p>\n<p>A l&#8217;\u00c0frica occidental i a la di\u00e0spora afroamericana es coneixen els <em>grisgris<\/em> o les bosses <em>mojo<\/em>, que contenen una barreja de materials, signes i f\u00f3rmules de preg\u00e0ria, s&#8217;activen en el moment de la fabricaci\u00f3 per una persona qualificada i es porten sobre el cos com a protecci\u00f3 duradora.<\/p><p>La semblan\u00e7a amb la bosseta protectora europea \u00e9s sorprenent, sense que calgui suposar cap contacte hist\u00f2ric per explicar-la.<\/p>\t\t\t\t\t\t\t\t<\/div>\n\t\t\t\t<\/div>\n\t\t\t\t\t<\/div>\n\t\t\t\t<\/div>\n\t\t<div class=\"elementor-element elementor-element-iwgs-amulett-s4 e-flex e-con-boxed e-con e-parent\" data-id=\"iwgs-amulett-s4\" data-element_type=\"container\" data-e-type=\"container\">\n\t\t\t\t\t<div class=\"e-con-inner\">\n\t\t\t\t<div class=\"elementor-element elementor-element-iwgs-amulett-s4h elementor-widget elementor-widget-heading\" data-id=\"iwgs-amulett-s4h\" data-element_type=\"widget\" data-e-type=\"widget\" data-widget_type=\"heading.default\">\n\t\t\t\t\t<h2 class=\"elementor-heading-title elementor-size-default\">Contra qu\u00e8 s'utilitza<\/h2>\t\t\t\t<\/div>\n\t\t<div class=\"elementor-element elementor-element-iw-amulett-s4-bw e-con-full e-flex e-con e-child\" data-id=\"iw-amulett-s4-bw\" data-element_type=\"container\" data-e-type=\"container\">\n\t\t\t\t<div class=\"elementor-element elementor-element-iwgs-amulett-s4t elementor-widget elementor-widget-text-editor\" data-id=\"iwgs-amulett-s4t\" data-element_type=\"widget\" data-e-type=\"widget\" data-widget_type=\"text-editor.default\">\n\t\t\t\t\t\t\t\t\t<p>La <span class=\"iwg-fachbegriff\" data-tooltip=\"La transmissi\u00f3 de coneixements i relats al llarg de generacions.\" tabindex=\"0\">tradici\u00f3<\/span> coneix amulets que actuen contra diferents tipus d&#8217;influ\u00e8ncia perjudicial. Al <a href=\"https:\/\/iwell-guard.com\/ca\/?page_id=172028\">Br\u00faixola de Protecci\u00f3<\/a> s&#8217;exposen les relacions entre els tipus d&#8217;<span class=\"iwg-fachbegriff\" data-tooltip=\"Un objecte que es porta al cos i al qual s'atribueix un efecte protector i preservador contra el mal.\" tabindex=\"0\">amulet<\/span> i determinats \u00e9ssers. En resum, es pot dir el seg\u00fcent:<\/p>\n<p>Contra el mal d&#8217;ull, el <em>malocchio<\/em> o l&#8217;<em>ayin hara<\/em>, es documenten amulets amb motiu d&#8217;ull o de color vermell: l&#8217;<span class=\"iwg-fachbegriff\" data-tooltip=\"Un objecte que es porta al cos i al qual s'atribueix un efecte protector i preservador contra el mal.\" tabindex=\"0\">amulet<\/span> blau amb ull del Pr\u00f2xim Orient, les corals vermelles a la Mediterr\u00e0nia, els amulets de banyeta a la zona italiana.<\/p>\n<p>Contra els \u00e9ssers espirituals nocius, dimonis, malsons, \u00e9ssers que ronden de nit, es consideren efica\u00e7os els amulets fets de materials protectors o que porten noms sagrats. En la tradici\u00f3 popular europea, un paper amb un nom div\u00ed o una cita b\u00edblica portat al coll oferia protecci\u00f3.<\/p>\n<p>Contra la bruixeria i l&#8217;atac m\u00e0gic servien especialment els amulets de contram\u00e0gia: plantes o materials als quals s&#8217;atribu\u00efa la capacitat de retornar o dissoldre els maleficis.<\/p>\n<p>Contra les malalties que la <span class=\"iwg-fachbegriff\" data-tooltip=\"La transmissi\u00f3 de coneixements i relats al llarg de generacions.\" tabindex=\"0\">tradici\u00f3<\/span> m\u00e8dica popular atribu\u00efa a causes sobrenaturals, es descriuen amulets espec\u00edfics que funcionen segons el principi de semblan\u00e7a o el principi de contrast.<\/p>\t\t\t\t\t\t\t\t<\/div>\n\t\t\t\t<\/div>\n\t\t\t\t\t<\/div>\n\t\t\t\t<\/div>\n\t\t<div class=\"elementor-element elementor-element-iwgs-amulett-s5 e-flex e-con-boxed e-con e-parent\" data-id=\"iwgs-amulett-s5\" data-element_type=\"container\" data-e-type=\"container\">\n\t\t\t\t\t<div class=\"e-con-inner\">\n\t\t\t\t<div class=\"elementor-element elementor-element-iwgs-amulett-s5h elementor-widget elementor-widget-heading\" data-id=\"iwgs-amulett-s5h\" data-element_type=\"widget\" data-e-type=\"widget\" data-widget_type=\"heading.default\">\n\t\t\t\t\t<h2 class=\"elementor-heading-title elementor-size-default\">Aplicaci\u00f3 i l\u00edmits<\/h2>\t\t\t\t<\/div>\n\t\t<div class=\"elementor-element elementor-element-iw-amulett-s5-bw e-con-full e-flex e-con e-child\" data-id=\"iw-amulett-s5-bw\" data-element_type=\"container\" data-e-type=\"container\">\n\t\t\t\t<div class=\"elementor-element elementor-element-iwgs-amulett-s5t elementor-widget elementor-widget-text-editor\" data-id=\"iwgs-amulett-s5t\" data-element_type=\"widget\" data-e-type=\"widget\" data-widget_type=\"text-editor.default\">\n\t\t\t\t\t\t\t\t\t<p>Un <span class=\"iwg-fachbegriff\" data-tooltip=\"Un objecte portat al qual s'atribueix un efecte protector i que allunya el mal.\" tabindex=\"0\">amulet<\/span> desplega el seu efecte, segons la l\u00f2gica de la tradici\u00f3, nom\u00e9s quan es fabrica, es porta i es conserva correctament. Sembla obvi, per\u00f2 designa regles importants.<\/p>\n<p>La qualitat del material ha de ser adequada: una pedra de baixa qualitat, una imitaci\u00f3 barata o un metall equivocat, segons moltes tradicions, anul\u00b7len l&#8217;efecte pret\u00e8s. L&#8217;autenticitat del material no \u00e9s un criteri est\u00e8tic, sin\u00f3 funcional.<\/p>\n<p>Portar-lo sobre el cos es considera decisiu per a la protecci\u00f3 personal. Un <span class=\"iwg-fachbegriff\" data-tooltip=\"Un objecte portat al qual s'atribueix un efecte protector i que allunya el mal.\" tabindex=\"0\">amulet<\/span> guardat en un calaix, segons aquesta l\u00f2gica, serveix de poc. Algunes tradicions coneixen excepcions per als amulets de la llar, que tenen el seu \u00e0mbit protector en un lloc determinat.<\/p>\n<p>El fet que es faci malb\u00e9 o es trenqui es considera, en moltes tradicions, un senyal de que l&#8217;<span class=\"iwg-fachbegriff\" data-tooltip=\"Un objecte portat al qual s'atribueix un efecte protector i que allunya el mal.\" tabindex=\"0\">amulet<\/span> ha absorbit alguna cosa, i de vegades tamb\u00e9 un av\u00eds de que s&#8217;ha esgotat i s&#8217;ha de renovar. Llen\u00e7ar un <span class=\"iwg-fachbegriff\" data-tooltip=\"Un objecte portat al qual s'atribueix un efecte protector i que allunya el mal.\" tabindex=\"0\">amulet<\/span> trencat sense substituir-lo es considera arriscat en algunes tradicions de creences populars.<\/p>\n<p>Els l\u00edmits s\u00f3n tan clars com les possibilitats. Cap <span class=\"iwg-fachbegriff\" data-tooltip=\"Un objecte portat al qual s'atribueix un efecte protector i que allunya el mal.\" tabindex=\"0\">amulet<\/span> protegeix de tot. La <span class=\"iwg-fachbegriff\" data-tooltip=\"La transmissi\u00f3 de coneixements i relats al llarg de generacions.\" tabindex=\"0\">tradici\u00f3<\/span> sempre \u00e9s espec\u00edfica: aix\u00f2 i all\u00f2 protegeix d&#8217;aix\u00f2 i d&#8217;all\u00f2 altre. Qui espera cobrir amb un \u00fanic objecte tota forma d&#8217;influ\u00e8ncia nociva actua, segons la l\u00f2gica de les creences populars, de manera ing\u00e8nua.<\/p>\t\t\t\t\t\t\t\t<\/div>\n\t\t\t\t<\/div>\n\t\t\t\t\t<\/div>\n\t\t\t\t<\/div>\n\t\t<div class=\"elementor-element elementor-element-iwgs-amulett-lit e-flex e-con-boxed e-con e-parent\" data-id=\"iwgs-amulett-lit\" data-element_type=\"container\" data-e-type=\"container\">\n\t\t\t\t\t<div class=\"e-con-inner\">\n\t\t\t\t<div class=\"elementor-element elementor-element-iwgs-amulett-lith elementor-widget elementor-widget-heading\" data-id=\"iwgs-amulett-lith\" data-element_type=\"widget\" data-e-type=\"widget\" data-widget_type=\"heading.default\">\n\t\t\t\t\t<h2 class=\"elementor-heading-title elementor-size-default\">Bibliografia (selecci\u00f3)<\/h2>\t\t\t\t<\/div>\n\t\t<div class=\"elementor-element elementor-element-iw-amulett-lit-bw e-con-full e-flex e-con e-child\" data-id=\"iw-amulett-lit-bw\" data-element_type=\"container\" data-e-type=\"container\">\n\t\t\t\t<div class=\"elementor-element elementor-element-iwgs-amulett-litt elementor-widget elementor-widget-html\" data-id=\"iwgs-amulett-litt\" data-element_type=\"widget\" data-e-type=\"widget\" data-widget_type=\"html.default\">\n\t\t\t\t\t<footer data-nosnippet=\"true\"><ul><li>Christoph Daxelm\u00fcller: <em>Zauberpraktiken. Eine Ideengeschichte der Magie<\/em>. Artemis &amp; Winkler, 1993.<\/li><li>Richard Kieckhefer: <em>Magic in the Middle Ages<\/em>. Cambridge University Press, 2000.<\/li><li>Carol Andrews: <em>Amulets of Ancient Egypt<\/em>. British Museum Press, 1994.<\/li><li>Wayland D. Hand: <em>Magical Medicine<\/em>. University of California Press, 1980.<\/li><li>Lutz R\u00f6hrich (Hrsg.): <em>Enzyklop\u00e4die des M\u00e4rchens<\/em>, article \"Amulett\". De Gruyter, 1977 ff.<\/li><\/ul><\/footer>\t\t\t\t<\/div>\n\t\t\t\t<\/div>\n\t\t\t\t\t<\/div>\n\t\t\t\t<\/div>\n\t\t<div class=\"elementor-element elementor-element-iwgs-amulett-kwd e-flex e-con-boxed e-con e-parent\" data-id=\"iwgs-amulett-kwd\" data-element_type=\"container\" data-e-type=\"container\">\n\t\t\t\t\t<div class=\"e-con-inner\">\n\t\t<div class=\"elementor-element elementor-element-iw-amulett-kwd-bw e-con-full e-flex e-con e-child\" data-id=\"iw-amulett-kwd-bw\" data-element_type=\"container\" data-e-type=\"container\">\n\t\t\t\t<div class=\"elementor-element elementor-element-iwgs-amulett-kwdt elementor-widget elementor-widget-text-editor\" data-id=\"iwgs-amulett-kwdt\" data-element_type=\"widget\" data-e-type=\"widget\" data-widget_type=\"text-editor.default\">\n\t\t\t\t\t\t\t\t\t<p><em>Termes clau relacionats: <span class=\"iwg-fachbegriff\" data-tooltip=\"Un objecte portat al qual s'atribueix un efecte protector i que allunya el mal.\" tabindex=\"0\">amulet<\/span> significat amulet protector efecte.<\/em><\/p>\t\t\t\t\t\t\t\t<\/div>\n\t\t\t\t<\/div>\n\t\t\t\t\t<\/div>\n\t\t\t\t<\/div>\n\t\t<div class=\"elementor-element elementor-element-iwgs-amulett-cc e-flex e-con-boxed e-con e-parent\" data-id=\"iwgs-amulett-cc\" data-element_type=\"container\" data-e-type=\"container\" id=\"iwg-cc-amulett\">\n\t\t\t\t\t<div class=\"e-con-inner\">\n\t\t<div class=\"elementor-element elementor-element-iwgs-amulett-ccinner e-flex e-con-boxed e-con e-parent\" data-id=\"iwgs-amulett-ccinner\" data-element_type=\"container\" data-e-type=\"container\" data-settings=\"{&quot;background_background&quot;:&quot;classic&quot;}\">\n\t\t\t\t\t<div class=\"e-con-inner\">\n\t\t\t\t<div class=\"elementor-element elementor-element-iwgs-amulett-cch elementor-widget elementor-widget-heading\" data-id=\"iwgs-amulett-cch\" data-element_type=\"widget\" data-e-type=\"widget\" data-widget_type=\"heading.default\">\n\t\t\t\t\t<h2 class=\"elementor-heading-title elementor-size-default\">iWell Guard i tradicions de protecci\u00f3<\/h2>\t\t\t\t<\/div>\n\t\t\t\t<div class=\"elementor-element elementor-element-iwgs-amulett-cct elementor-widget elementor-widget-text-editor\" data-id=\"iwgs-amulett-cct\" data-element_type=\"widget\" data-e-type=\"widget\" data-widget_type=\"text-editor.default\">\n\t\t\t\t\t\t\t\t\t<p>El <a href=\"https:\/\/iwell-guard.com\/ca\/penjoll-protector-iwell-guard-comprar\/\">iWell Guard<\/a> s&#8217;inscriu en la tradici\u00f3 de l&#8217;amulet protector portat sobre el cos, tal com es va desenvolupar de manera independent a Egipte, a \u00c0sia, a Europa i a Am\u00e8rica.<\/p><p>Recull la idea b\u00e0sica que un objecte acuradament dissenyat i portat sobre el cos condensa el camp d&#8217;informaci\u00f3 c\u00f2smica de manera que oposa un objecte concret a les influ\u00e8ncies nocives. No \u00e9s cap garantia ni cap promesa, sin\u00f3 una correspond\u00e8ncia amb all\u00f2 que les cultures han considerat sensat al llarg de mil\u00b7lennis.<\/p>\t\t\t\t\t\t\t\t<\/div>\n\t\t\t\t<div class=\"elementor-element elementor-element-iwgs-amulett-ccb iwg-cc-button iwg-cc-cta-2026-05-13 elementor-widget elementor-widget-jet-button\" data-id=\"iwgs-amulett-ccb\" data-element_type=\"widget\" data-e-type=\"widget\" data-widget_type=\"jet-button.default\">\n\t\t\t\t<div class=\"elementor-widget-container\">\n\t\t\t\t\t<div class=\"elementor-jet-button jet-elements\"><div class=\"jet-button__container\"><a class=\"jet-button__instance jet-button__instance--icon-left hover-effect-1\" href=\"\/schutzanhaenger-iwell-guard-kaufen\/?utm_source=iwell-guard.com&amp;utm_medium=info-box&amp;utm_campaign=schutzsymbole\"><div class=\"jet-button__plane jet-button__plane-normal\"><\/div><div class=\"jet-button__plane jet-button__plane-hover\"><\/div><div class=\"jet-button__state jet-button__state-normal\"><span class=\"jet-button__label\">M\u00e9s informaci\u00f3 sobre l'iWell Guard<\/span><\/div><div class=\"jet-button__state jet-button__state-hover\"><span class=\"jet-button__label\">M\u00e9s informaci\u00f3 sobre l'iWell Guard<\/span><\/div><\/a><\/div><\/div><style>.elementor-element.elementor-element-iwgs-amulett-ccb .jet-button__instance{width:320px;height:56px;}.elementor-element.elementor-element-iwgs-amulett-ccb .jet-button__state-normal .jet-button__label{text-align:center;margin:0px 0px 0px 0px;color:#1a1b20;font-family:Montserrat,sans-serif;font-size:13px;font-weight:400;letter-spacing:4px;line-height:1.714em;text-transform:uppercase;}.elementor-element.elementor-element-iwgs-amulett-ccb .jet-button__state-hover .jet-button__label{text-align:center;margin:0px 0px 0px 0px;color:#FECC76;font-family:Montserrat,sans-serif;font-size:13px;font-weight:400;letter-spacing:4px;line-height:1.714em;text-transform:uppercase;}.elementor-element.elementor-element-iwgs-amulett-ccb .jet-button__plane-normal{background-color:#FECC76;border-style:solid;border-color:#C99540;border-width:2px 2px 2px 2px;}.elementor-element.elementor-element-iwgs-amulett-ccb .jet-button__plane-hover{background-color:rgba(0,0,0,0.55);border-style:solid;border-color:#FECC76;border-width:2px 2px 2px 2px;}<\/style>\t\t\t\t<\/div>\n\t\t\t\t<\/div>\n\t\t\t\t<div class=\"elementor-element elementor-element-iwgs-amulett-ccd elementor-widget elementor-widget-text-editor\" data-id=\"iwgs-amulett-ccd\" data-element_type=\"widget\" data-e-type=\"widget\" data-widget_type=\"text-editor.default\">\n\t\t\t\t\t\t\t\t\t<p style=\"text-align:center;font-size:13px;opacity:0.7;margin-top:14px\" data-nosnippet=\"true\">Les experi\u00e8ncies personals poden variar. No \u00e9s un producte sanitari. No es garanteix cap curaci\u00f3.<\/p>\t\t\t\t\t\t\t\t<\/div>\n\t\t\t\t\t<\/div>\n\t\t\t\t<\/div>\n\t\t\t\t\t<\/div>\n\t\t\t\t<\/div>\n\t\t<div class=\"elementor-element elementor-element-iwgs-amulett-disc e-flex e-con-boxed e-con e-parent\" data-id=\"iwgs-amulett-disc\" data-element_type=\"container\" data-e-type=\"container\">\n\t\t\t\t\t<div class=\"e-con-inner\">\n\t\t<div class=\"elementor-element elementor-element-iw-amulett-disc-bw e-con-full e-flex e-con e-child\" data-id=\"iw-amulett-disc-bw\" data-element_type=\"container\" data-e-type=\"container\">\n\t\t\t\t<div class=\"elementor-element elementor-element-iwgs-amulett-discw elementor-widget elementor-widget-html\" data-id=\"iwgs-amulett-discw\" data-element_type=\"widget\" data-e-type=\"widget\" data-widget_type=\"html.default\">\n\t\t\t\t\t<footer data-nosnippet=\"true\" class=\"iwg-disclaimer-block\"><p data-nosnippet=\"true\">iWell Guard <strong>no \u00e9s un producte sanitari<\/strong> i no substitueix cap tractament m\u00e8dic o psicoterap\u00e8utic. Els continguts presentats aqu\u00ed s\u00f3n una contextualitzaci\u00f3 des de la ci\u00e8ncia de les religions i la hist\u00f2ria cultural, no una promesa d'efecte espiritual.<\/p><\/footer>\t\t\t\t<\/div>\n\t\t\t\t<\/div>\n\t\t\t\t\t<\/div>\n\t\t\t\t<\/div>\n\t\t\t\t<\/div>\n\t\t","protected":false},"excerpt":{"rendered":"","protected":false},"author":3,"featured_media":4102,"parent":0,"menu_order":0,"comment_status":"closed","ping_status":"closed","template":"elementor_header_footer","meta":{"_yoast_wpseo_focuskw":"amulet","_yoast_wpseo_title":"Amulet - protecci\u00f3 portada des de la prehist\u00f2ria","_yoast_wpseo_metadesc":"Qu\u00e8 \u00e9s un amulet? Origen, principi d'acci\u00f3 i difusi\u00f3 transcultural del m\u00e9s antic mitj\u00e0 de protecci\u00f3 portat sobre el cos. Basat en dades folkl\u00f2riques.","_yoast_wpseo_meta-robots-noindex":"","_yoast_wpseo_canonical":"","_angie_page":false,"gefaehrdungsstufe":"","wesen_kultur":"","wesen_klasse":"","footnotes":""},"categories":[],"class_list":["post-172011","page","type-page","status-publish","has-post-thumbnail","hentry"],"yoast_head":"<!-- This site is optimized with the Yoast SEO Premium plugin v27.7 (Yoast SEO v28.3) - https:\/\/yoast.com\/product\/yoast-seo-premium-wordpress\/ -->\n<title>Amulet - protecci\u00f3 portada des de la prehist\u00f2ria<\/title>\n<meta name=\"description\" content=\"Qu\u00e8 \u00e9s un amulet? Origen, principi d&#039;acci\u00f3 i difusi\u00f3 transcultural del m\u00e9s antic mitj\u00e0 de protecci\u00f3 portat sobre el cos. Basat en dades folkl\u00f2riques.\" \/>\n<meta name=\"robots\" content=\"index, follow, max-snippet:-1, max-image-preview:large, max-video-preview:-1\" \/>\n<link rel=\"canonical\" href=\"https:\/\/iwell-guard.com\/ca\/amulet\/\" \/>\n<meta property=\"og:locale\" content=\"ca_ES\" \/>\n<meta property=\"og:type\" content=\"article\" \/>\n<meta property=\"og:title\" content=\"Amulet\" \/>\n<meta property=\"og:description\" content=\"Qu\u00e8 \u00e9s un amulet? Origen, principi d&#039;acci\u00f3 i difusi\u00f3 transcultural del m\u00e9s antic mitj\u00e0 de protecci\u00f3 portat sobre el cos. Basat en dades folkl\u00f2riques.\" \/>\n<meta property=\"og:url\" content=\"https:\/\/iwell-guard.com\/ca\/amulet\/\" \/>\n<meta property=\"og:site_name\" content=\"iWell Guard\" \/>\n<meta property=\"article:modified_time\" content=\"2026-09-05T16:13:01+00:00\" \/>\n<meta property=\"og:image\" content=\"https:\/\/iwell-guard.com\/wp-content\/uploads\/2026\/05\/schutzsymbol_universell_amulett.png\" \/>\n\t<meta property=\"og:image:width\" content=\"1024\" \/>\n\t<meta property=\"og:image:height\" content=\"1536\" \/>\n\t<meta property=\"og:image:type\" content=\"image\/png\" \/>\n<meta name=\"twitter:card\" content=\"summary_large_image\" \/>\n<script type=\"application\/ld+json\" class=\"yoast-schema-graph\">{\"@context\":\"https:\\\/\\\/schema.org\",\"@graph\":[{\"@type\":\"WebPage\",\"@id\":\"https:\\\/\\\/iwell-guard.com\\\/ca\\\/amulet\\\/\",\"url\":\"https:\\\/\\\/iwell-guard.com\\\/ca\\\/amulet\\\/\",\"name\":\"Amulet - protecci\u00f3 portada des de la prehist\u00f2ria\",\"isPartOf\":{\"@id\":\"https:\\\/\\\/iwell-guard.com\\\/ca\\\/#website\"},\"primaryImageOfPage\":{\"@id\":\"https:\\\/\\\/iwell-guard.com\\\/ca\\\/amulet\\\/#primaryimage\"},\"image\":{\"@id\":\"https:\\\/\\\/iwell-guard.com\\\/ca\\\/amulet\\\/#primaryimage\"},\"thumbnailUrl\":\"https:\\\/\\\/iwell-guard.com\\\/wp-content\\\/uploads\\\/2026\\\/05\\\/schutzsymbol_universell_amulett.png\",\"datePublished\":\"2026-09-05T15:44:19+00:00\",\"dateModified\":\"2026-09-05T16:13:01+00:00\",\"description\":\"Qu\u00e8 \u00e9s un amulet? Origen, principi d'acci\u00f3 i difusi\u00f3 transcultural del m\u00e9s antic mitj\u00e0 de protecci\u00f3 portat sobre el cos. Basat en dades folkl\u00f2riques.\",\"breadcrumb\":{\"@id\":\"https:\\\/\\\/iwell-guard.com\\\/ca\\\/amulet\\\/#breadcrumb\"},\"inLanguage\":\"ca\",\"potentialAction\":[{\"@type\":\"ReadAction\",\"target\":[\"https:\\\/\\\/iwell-guard.com\\\/ca\\\/amulet\\\/\"]}]},{\"@type\":\"ImageObject\",\"inLanguage\":\"ca\",\"@id\":\"https:\\\/\\\/iwell-guard.com\\\/ca\\\/amulet\\\/#primaryimage\",\"url\":\"https:\\\/\\\/iwell-guard.com\\\/wp-content\\\/uploads\\\/2026\\\/05\\\/schutzsymbol_universell_amulett.png\",\"contentUrl\":\"https:\\\/\\\/iwell-guard.com\\\/wp-content\\\/uploads\\\/2026\\\/05\\\/schutzsymbol_universell_amulett.png\",\"width\":1024,\"height\":1536,\"caption\":\"Amulet: signe de protecci\u00f3 tradicional en forma de penjoll\"},{\"@type\":\"BreadcrumbList\",\"@id\":\"https:\\\/\\\/iwell-guard.com\\\/ca\\\/amulet\\\/#breadcrumb\",\"itemListElement\":[{\"@type\":\"ListItem\",\"position\":1,\"name\":\"Start\",\"item\":\"https:\\\/\\\/iwell-guard.com\\\/ca\\\/?page_id=171333\"},{\"@type\":\"ListItem\",\"position\":2,\"name\":\"Amulet\"}]},{\"@type\":\"WebSite\",\"@id\":\"https:\\\/\\\/iwell-guard.com\\\/ca\\\/#website\",\"url\":\"https:\\\/\\\/iwell-guard.com\\\/ca\\\/\",\"name\":\"iWell Guard\",\"description\":\"Schutz vor dunklen Einfl\u00fcssen\",\"publisher\":{\"@id\":\"https:\\\/\\\/iwell-guard.com\\\/ca\\\/#organization\"},\"potentialAction\":[{\"@type\":\"SearchAction\",\"target\":{\"@type\":\"EntryPoint\",\"urlTemplate\":\"https:\\\/\\\/iwell-guard.com\\\/ca\\\/?s={search_term_string}\"},\"query-input\":{\"@type\":\"PropertyValueSpecification\",\"valueRequired\":true,\"valueName\":\"search_term_string\"}}],\"inLanguage\":\"ca\"},{\"@type\":\"Organization\",\"@id\":\"https:\\\/\\\/iwell-guard.com\\\/ca\\\/#organization\",\"name\":\"Ittermann electronic GmbH\",\"url\":\"https:\\\/\\\/iwell-guard.com\\\/ca\\\/\",\"logo\":{\"@type\":\"ImageObject\",\"inLanguage\":\"ca\",\"@id\":\"https:\\\/\\\/iwell-guard.com\\\/ca\\\/#\\\/schema\\\/logo\\\/image\\\/\",\"url\":\"https:\\\/\\\/iwell-guard.com\\\/wp-content\\\/uploads\\\/2026\\\/05\\\/Ittermann-Logo-1182x237-1.png\",\"contentUrl\":\"https:\\\/\\\/iwell-guard.com\\\/wp-content\\\/uploads\\\/2026\\\/05\\\/Ittermann-Logo-1182x237-1.png\",\"width\":1182,\"height\":237,\"caption\":\"Ittermann electronic GmbH\"},\"image\":{\"@id\":\"https:\\\/\\\/iwell-guard.com\\\/ca\\\/#\\\/schema\\\/logo\\\/image\\\/\"},\"sameAs\":[\"https:\\\/\\\/pantip.com\\\/profile\\\/9367242\",\"https:\\\/\\\/micro.blog\\\/iwellguard\",\"https:\\\/\\\/www.diggerslist.com\\\/iwellguard\\\/about\",\"https:\\\/\\\/skitterphoto.com\\\/photographers\\\/2870314\\\/iwell-guard\",\"https:\\\/\\\/iwellguard.wordpress.com\\\/2026\\\/06\\\/06\\\/iwell-guard\\\/\",\"https:\\\/\\\/hub.docker.com\\\/u\\\/iwellguard\",\"https:\\\/\\\/www.pinterest.com\\\/iwellguard\\\/\",\"https:\\\/\\\/bit.ly\\\/m\\\/iwellguard\",\"https:\\\/\\\/entre-vos-mains.alsace.eu\\\/profiles\\\/iwellguard\\\/activity\",\"https:\\\/\\\/gravatar.com\\\/reallybeded8fd34\",\"https:\\\/\\\/naijamatta.com\\\/iwellguard\",\"https:\\\/\\\/www.goodreads.com\\\/iwellguard\",\"https:\\\/\\\/profile.hatena.ne.jp\\\/iwellguard\\\/\",\"https:\\\/\\\/experiment.com\\\/users\\\/iwellguard\",\"https:\\\/\\\/wakelet.com\\\/@iWellGuard82270\",\"https:\\\/\\\/www.chordie.com\\\/forum\\\/profile.php?id=2555664\",\"https:\\\/\\\/www.instapaper.com\\\/p\\\/17757966\",\"https:\\\/\\\/www.mapleprimes.com\\\/users\\\/iwellguard\",\"https:\\\/\\\/businesslistingplus.com\\\/profile\\\/iwell-guard\\\/\",\"https:\\\/\\\/telegra.ph\\\/iWell-Guard-06-06\",\"https:\\\/\\\/pbase.com\\\/iwellguard\\\/iwellguard\",\"https:\\\/\\\/b.hatena.ne.jp\\\/iwellguard\\\/20260607#bookmark-4788405196491818882\",\"https:\\\/\\\/fliphtml5.com\\\/home\\\/iwellguard\",\"https:\\\/\\\/anyflip.com\\\/homepage\\\/cmiwl#About\",\"https:\\\/\\\/transfur.com\\\/Users\\\/iwellguard\",\"http:\\\/\\\/delphi.larsbo.org\\\/user\\\/iwellguard\",\"https:\\\/\\\/jobs.lajobsportal.org\\\/profiles\\\/8380803-iwell-guard\",\"https:\\\/\\\/md.chaosdorf.de\\\/s\\\/jfbe5SBdJD\",\"https:\\\/\\\/www.lingvolive.com\\\/en-us\\\/profile\\\/9ecaeaca-ce11-4e51-9e71-01d55e2bff36\\\/translations\",\"https:\\\/\\\/www.fitday.com\\\/fitness\\\/forums\\\/members\\\/iwellguard.html\",\"https:\\\/\\\/www.mymeetbook.com\\\/iwellguard\",\"https:\\\/\\\/pxhere.com\\\/en\\\/photographer-me\\\/5040798\",\"https:\\\/\\\/disqus.com\\\/by\\\/iwellguard\\\/about\\\/\",\"https:\\\/\\\/pastelink.net\\\/hjwciqwq\",\"https:\\\/\\\/pubhtml5.com\\\/homepage\\\/scjhn\\\/\",\"https:\\\/\\\/www.bitchute.com\\\/channel\\\/2O2eOKzNqujT\",\"https:\\\/\\\/audiomack.com\\\/iwellguard\"]}]}<\/script>\n<!-- \/ Yoast SEO Premium plugin. -->","yoast_head_json":{"title":"Amulet - protecci\u00f3 portada des de la prehist\u00f2ria","description":"Qu\u00e8 \u00e9s un amulet? Origen, principi d'acci\u00f3 i difusi\u00f3 transcultural del m\u00e9s antic mitj\u00e0 de protecci\u00f3 portat sobre el cos. Basat en dades folkl\u00f2riques.","robots":{"index":"index","follow":"follow","max-snippet":"max-snippet:-1","max-image-preview":"max-image-preview:large","max-video-preview":"max-video-preview:-1"},"canonical":"https:\/\/iwell-guard.com\/ca\/amulet\/","og_locale":"ca_ES","og_type":"article","og_title":"Amulet","og_description":"Qu\u00e8 \u00e9s un amulet? Origen, principi d'acci\u00f3 i difusi\u00f3 transcultural del m\u00e9s antic mitj\u00e0 de protecci\u00f3 portat sobre el cos. Basat en dades folkl\u00f2riques.","og_url":"https:\/\/iwell-guard.com\/ca\/amulet\/","og_site_name":"iWell Guard","article_modified_time":"2026-09-05T16:13:01+00:00","og_image":[{"width":1024,"height":1536,"url":"https:\/\/iwell-guard.com\/wp-content\/uploads\/2026\/05\/schutzsymbol_universell_amulett.png","type":"image\/png"}],"twitter_card":"summary_large_image","schema":{"@context":"https:\/\/schema.org","@graph":[{"@type":"WebPage","@id":"https:\/\/iwell-guard.com\/ca\/amulet\/","url":"https:\/\/iwell-guard.com\/ca\/amulet\/","name":"Amulet - protecci\u00f3 portada des de la prehist\u00f2ria","isPartOf":{"@id":"https:\/\/iwell-guard.com\/ca\/#website"},"primaryImageOfPage":{"@id":"https:\/\/iwell-guard.com\/ca\/amulet\/#primaryimage"},"image":{"@id":"https:\/\/iwell-guard.com\/ca\/amulet\/#primaryimage"},"thumbnailUrl":"https:\/\/iwell-guard.com\/wp-content\/uploads\/2026\/05\/schutzsymbol_universell_amulett.png","datePublished":"2026-09-05T15:44:19+00:00","dateModified":"2026-09-05T16:13:01+00:00","description":"Qu\u00e8 \u00e9s un amulet? Origen, principi d'acci\u00f3 i difusi\u00f3 transcultural del m\u00e9s antic mitj\u00e0 de protecci\u00f3 portat sobre el cos. Basat en dades folkl\u00f2riques.","breadcrumb":{"@id":"https:\/\/iwell-guard.com\/ca\/amulet\/#breadcrumb"},"inLanguage":"ca","potentialAction":[{"@type":"ReadAction","target":["https:\/\/iwell-guard.com\/ca\/amulet\/"]}]},{"@type":"ImageObject","inLanguage":"ca","@id":"https:\/\/iwell-guard.com\/ca\/amulet\/#primaryimage","url":"https:\/\/iwell-guard.com\/wp-content\/uploads\/2026\/05\/schutzsymbol_universell_amulett.png","contentUrl":"https:\/\/iwell-guard.com\/wp-content\/uploads\/2026\/05\/schutzsymbol_universell_amulett.png","width":1024,"height":1536,"caption":"Amulet: signe de protecci\u00f3 tradicional en forma de penjoll"},{"@type":"BreadcrumbList","@id":"https:\/\/iwell-guard.com\/ca\/amulet\/#breadcrumb","itemListElement":[{"@type":"ListItem","position":1,"name":"Start","item":"https:\/\/iwell-guard.com\/ca\/?page_id=171333"},{"@type":"ListItem","position":2,"name":"Amulet"}]},{"@type":"WebSite","@id":"https:\/\/iwell-guard.com\/ca\/#website","url":"https:\/\/iwell-guard.com\/ca\/","name":"iWell Guard","description":"Schutz vor dunklen Einfl\u00fcssen","publisher":{"@id":"https:\/\/iwell-guard.com\/ca\/#organization"},"potentialAction":[{"@type":"SearchAction","target":{"@type":"EntryPoint","urlTemplate":"https:\/\/iwell-guard.com\/ca\/?s={search_term_string}"},"query-input":{"@type":"PropertyValueSpecification","valueRequired":true,"valueName":"search_term_string"}}],"inLanguage":"ca"},{"@type":"Organization","@id":"https:\/\/iwell-guard.com\/ca\/#organization","name":"Ittermann electronic GmbH","url":"https:\/\/iwell-guard.com\/ca\/","logo":{"@type":"ImageObject","inLanguage":"ca","@id":"https:\/\/iwell-guard.com\/ca\/#\/schema\/logo\/image\/","url":"https:\/\/iwell-guard.com\/wp-content\/uploads\/2026\/05\/Ittermann-Logo-1182x237-1.png","contentUrl":"https:\/\/iwell-guard.com\/wp-content\/uploads\/2026\/05\/Ittermann-Logo-1182x237-1.png","width":1182,"height":237,"caption":"Ittermann electronic GmbH"},"image":{"@id":"https:\/\/iwell-guard.com\/ca\/#\/schema\/logo\/image\/"},"sameAs":["https:\/\/pantip.com\/profile\/9367242","https:\/\/micro.blog\/iwellguard","https:\/\/www.diggerslist.com\/iwellguard\/about","https:\/\/skitterphoto.com\/photographers\/2870314\/iwell-guard","https:\/\/iwellguard.wordpress.com\/2026\/06\/06\/iwell-guard\/","https:\/\/hub.docker.com\/u\/iwellguard","https:\/\/www.pinterest.com\/iwellguard\/","https:\/\/bit.ly\/m\/iwellguard","https:\/\/entre-vos-mains.alsace.eu\/profiles\/iwellguard\/activity","https:\/\/gravatar.com\/reallybeded8fd34","https:\/\/naijamatta.com\/iwellguard","https:\/\/www.goodreads.com\/iwellguard","https:\/\/profile.hatena.ne.jp\/iwellguard\/","https:\/\/experiment.com\/users\/iwellguard","https:\/\/wakelet.com\/@iWellGuard82270","https:\/\/www.chordie.com\/forum\/profile.php?id=2555664","https:\/\/www.instapaper.com\/p\/17757966","https:\/\/www.mapleprimes.com\/users\/iwellguard","https:\/\/businesslistingplus.com\/profile\/iwell-guard\/","https:\/\/telegra.ph\/iWell-Guard-06-06","https:\/\/pbase.com\/iwellguard\/iwellguard","https:\/\/b.hatena.ne.jp\/iwellguard\/20260607#bookmark-4788405196491818882","https:\/\/fliphtml5.com\/home\/iwellguard","https:\/\/anyflip.com\/homepage\/cmiwl#About","https:\/\/transfur.com\/Users\/iwellguard","http:\/\/delphi.larsbo.org\/user\/iwellguard","https:\/\/jobs.lajobsportal.org\/profiles\/8380803-iwell-guard","https:\/\/md.chaosdorf.de\/s\/jfbe5SBdJD","https:\/\/www.lingvolive.com\/en-us\/profile\/9ecaeaca-ce11-4e51-9e71-01d55e2bff36\/translations","https:\/\/www.fitday.com\/fitness\/forums\/members\/iwellguard.html","https:\/\/www.mymeetbook.com\/iwellguard","https:\/\/pxhere.com\/en\/photographer-me\/5040798","https:\/\/disqus.com\/by\/iwellguard\/about\/","https:\/\/pastelink.net\/hjwciqwq","https:\/\/pubhtml5.com\/homepage\/scjhn\/","https:\/\/www.bitchute.com\/channel\/2O2eOKzNqujT","https:\/\/audiomack.com\/iwellguard"]}]}},"_links":{"self":[{"href":"https:\/\/iwell-guard.com\/ca\/wp-json\/wp\/v2\/pages\/172011","targetHints":{"allow":["GET"]}}],"collection":[{"href":"https:\/\/iwell-guard.com\/ca\/wp-json\/wp\/v2\/pages"}],"about":[{"href":"https:\/\/iwell-guard.com\/ca\/wp-json\/wp\/v2\/types\/page"}],"author":[{"embeddable":true,"href":"https:\/\/iwell-guard.com\/ca\/wp-json\/wp\/v2\/users\/3"}],"replies":[{"embeddable":true,"href":"https:\/\/iwell-guard.com\/ca\/wp-json\/wp\/v2\/comments?post=172011"}],"version-history":[{"count":0,"href":"https:\/\/iwell-guard.com\/ca\/wp-json\/wp\/v2\/pages\/172011\/revisions"}],"wp:featuredmedia":[{"embeddable":true,"href":"https:\/\/iwell-guard.com\/ca\/wp-json\/wp\/v2\/media\/4102"}],"wp:attachment":[{"href":"https:\/\/iwell-guard.com\/ca\/wp-json\/wp\/v2\/media?parent=172011"}],"wp:term":[{"taxonomy":"category","embeddable":true,"href":"https:\/\/iwell-guard.com\/ca\/wp-json\/wp\/v2\/categories?post=172011"}],"curies":[{"name":"wp","href":"https:\/\/api.w.org\/{rel}","templated":true}]}}