{"id":172003,"date":"2026-09-05T15:44:15","date_gmt":"2026-09-05T15:44:15","guid":{"rendered":"https:\/\/iwell-guard.com\/?page_id=172003"},"modified":"2026-09-05T16:12:48","modified_gmt":"2026-09-05T16:12:48","slug":"mirall-com-a-mitja-de-proteccio-principi-de-la-reflexio","status":"publish","type":"page","link":"https:\/\/iwell-guard.com\/ca\/mirall-com-a-mitja-de-proteccio-principi-de-la-reflexio\/","title":{"rendered":"El mirall com a mitj\u00e0 de protecci\u00f3: el principi de la reflexi\u00f3"},"content":{"rendered":"\t\t<div data-elementor-type=\"wp-page\" data-elementor-id=\"172003\" class=\"elementor elementor-172003 elementor-3743 elementor-bc-flex-widget\" data-elementor-post-type=\"page\">\n\t\t\t\t<div class=\"elementor-element elementor-element-iwgs-spiegelabweh-hero e-flex e-con-boxed e-con e-parent\" data-id=\"iwgs-spiegelabweh-hero\" data-element_type=\"container\" data-e-type=\"container\">\n\t\t\t\t\t<div class=\"e-con-inner\">\n\t\t<div class=\"elementor-element elementor-element-iwgs-spiegelabweh-hl e-flex e-con-boxed e-con e-parent\" data-id=\"iwgs-spiegelabweh-hl\" data-element_type=\"container\" data-e-type=\"container\">\n\t\t\t\t\t<div class=\"e-con-inner\">\n\t\t<div class=\"elementor-element elementor-element-iwgs-spiegelabweh-hlbox e-con-full e-flex e-con e-parent\" data-id=\"iwgs-spiegelabweh-hlbox\" data-element_type=\"container\" data-e-type=\"container\">\n\t\t\t\t<div class=\"elementor-element elementor-element-iwgs-spiegelabweh-h1 elementor-widget elementor-widget-heading\" data-id=\"iwgs-spiegelabweh-h1\" data-element_type=\"widget\" data-e-type=\"widget\" data-widget_type=\"heading.default\">\n\t\t\t\t\t<h1 class=\"elementor-heading-title elementor-size-default\">El mirall com a mitj\u00e0 de protecci\u00f3: retornar el mal<\/h1>\t\t\t\t<\/div>\n\t\t\t\t<div class=\"elementor-element elementor-element-iwgs-spiegelabweh-lead elementor-widget elementor-widget-text-editor\" data-id=\"iwgs-spiegelabweh-lead\" data-element_type=\"widget\" data-e-type=\"widget\" data-widget_type=\"text-editor.default\">\n\t\t\t\t\t\t\t\t\t<p>El mirall \u00e9s un dels objectes m\u00e9s estesos als quals s&#8217;atribueix un significat protector. La idea subjacent \u00e9s la de la reflexi\u00f3: una influ\u00e8ncia nociva s&#8217;hauria de reflectir en la superf\u00edcie reflectant i tornar al seu punt d&#8217;origen.<\/p><p>Aquest article situa el mirall de protecci\u00f3 des de la ci\u00e8ncia de la religi\u00f3 i en resegueix les traces des de l&#8217;<span class=\"iwg-fachbegriff\" data-tooltip=\"\u00c8poca de la cultura grega i romana, aproximadament del 800 aC al 600 dC\" tabindex=\"0\">Antiguitat<\/span> fins a la seva recepci\u00f3 actual. En aquest proc\u00e9s, es distingeix entre el <span class=\"iwg-fachbegriff\" data-tooltip=\"El conjunt de costums transmesos d'una comunitat.\" tabindex=\"0\">costumari<\/span> documentat hist\u00f2ricament i la interpretaci\u00f3 moderna.<\/p>\n<p class=\"iwg-kwfix\">El mirall com a mitj\u00e0 de protecci\u00f3 ha de retornar el mal al seu emissor.<\/p>\t\t\t\t\t\t\t\t<\/div>\n\t\t\t\t<\/div>\n\t\t\t\t<div class=\"elementor-element elementor-element-iwgs-spiegelabweh-pills elementor-widget elementor-widget-html\" data-id=\"iwgs-spiegelabweh-pills\" data-element_type=\"widget\" data-e-type=\"widget\" data-widget_type=\"html.default\">\n\t\t\t\t\t<div class=\"iwg-pill-row\"><span class=\"iwg-klasse-badge\" tabindex=\"0\" data-tooltip=\"S\u00edmbol protector, amulet o objecte apotropaic.\">S\u00edmbol protector<\/span><a href=\"https:\/\/iwell-guard.com\/ca\/simbols-de-proteccio\/\" class=\"iwg-kultur-badge\" tabindex=\"0\" data-tooltip=\"Tradici\u00f3 protectora: transcultural\">Transcultural<\/a><span class=\"iwg-tradition-badge\" tabindex=\"0\" data-tooltip=\"Un principi general en qu\u00e8 es basen els costums protectors.\">Principi protector<\/span><\/div>\t\t\t\t<\/div>\n\t\t\t\t\t<\/div>\n\t\t\t\t<\/div>\n\t\t<div class=\"elementor-element elementor-element-iwgs-spiegelabweh-hr e-con-full e-flex e-con e-parent\" data-id=\"iwgs-spiegelabweh-hr\" data-element_type=\"container\" data-e-type=\"container\">\n\t\t\t\t<div class=\"elementor-element elementor-element-iwgs-spiegelabweh-himg iwg-hero-image elementor-widget elementor-widget-image\" data-id=\"iwgs-spiegelabweh-himg\" data-element_type=\"widget\" data-e-type=\"widget\" data-widget_type=\"image.default\">\n\t\t\t\t\t\t\t\t\t\t\t\t\t\t\t<img fetchpriority=\"high\" decoding=\"async\" width=\"683\" height=\"1024\" src=\"https:\/\/iwell-guard.com\/wp-content\/uploads\/2026\/05\/schutzsymbol_universell_spiegel-abwehr-683x1024.webp\" class=\"attachment-large size-large wp-image-3580\" alt=\"El mirall com a mitj\u00e0 de protecci\u00f3: el principi de la reflexi\u00f3\" srcset=\"https:\/\/iwell-guard.com\/wp-content\/uploads\/2026\/05\/schutzsymbol_universell_spiegel-abwehr-683x1024.webp 683w, https:\/\/iwell-guard.com\/wp-content\/uploads\/2026\/05\/schutzsymbol_universell_spiegel-abwehr-200x300.webp 200w, https:\/\/iwell-guard.com\/wp-content\/uploads\/2026\/05\/schutzsymbol_universell_spiegel-abwehr-768x1152.webp 768w, https:\/\/iwell-guard.com\/wp-content\/uploads\/2026\/05\/schutzsymbol_universell_spiegel-abwehr.webp 1024w\" sizes=\"(max-width: 683px) 100vw, 683px\" \/>\t\t\t\t\t\t\t\t\t\t\t\t\t\t\t<\/div>\n\t\t\t\t<\/div>\n\t\t\t\t\t<\/div>\n\t\t\t\t<\/div>\n\t\t<div class=\"elementor-element elementor-element-iwgs-spiegelabweh-s0 e-flex e-con-boxed e-con e-parent\" data-id=\"iwgs-spiegelabweh-s0\" data-element_type=\"container\" data-e-type=\"container\">\n\t\t\t\t\t<div class=\"e-con-inner\">\n\t\t\t\t<div class=\"elementor-element elementor-element-iwgs-spiegelabweh-s0h elementor-widget elementor-widget-heading\" data-id=\"iwgs-spiegelabweh-s0h\" data-element_type=\"widget\" data-e-type=\"widget\" data-widget_type=\"heading.default\">\n\t\t\t\t\t<h2 class=\"elementor-heading-title elementor-size-default\">Situaci\u00f3: qu\u00e8 \u00e9s el mirall de protecci\u00f3<\/h2>\t\t\t\t<\/div>\n\t\t<div class=\"elementor-element elementor-element-iwgs-spiegelabweh-s0box e-con-full e-flex e-con e-parent\" data-id=\"iwgs-spiegelabweh-s0box\" data-element_type=\"container\" data-e-type=\"container\">\n\t\t\t\t<div class=\"elementor-element elementor-element-iwgs-spiegelabweh-s0t elementor-widget elementor-widget-text-editor\" data-id=\"iwgs-spiegelabweh-s0t\" data-element_type=\"widget\" data-e-type=\"widget\" data-widget_type=\"text-editor.default\">\n\t\t\t\t\t\t\t\t\t<p>El mirall de protecci\u00f3 \u00e9s un mirall o una superf\u00edcie reflectant a la qual s&#8217;atribueix una funci\u00f3 protectora. Es col\u00b7loca a les cases, a les portes, a les finestres o al cos i ha de repel\u00b7lir influ\u00e8ncies nocives.<\/p><p>La idea b\u00e0sica \u00e9s la reflexi\u00f3. Un mirall reflecteix la llum i la imatge que hi incideixen. Aquesta propietat quotidiana es va transferir a la idea de que tamb\u00e9 es podia reflectir una influ\u00e8ncia nociva.<\/p><p>Sovint el mirall de protecci\u00f3 s&#8217;adre\u00e7a contra la mirada considerada nociva, que en moltes cultures s&#8217;ent\u00e9n com a font de malauran\u00e7a. El mirall ha de reenviar aquesta mirada al seu punt d&#8217;origen.<\/p><p>Les formes van des del petit mirallet cosit en teixit o joieria fins al gran mirall col\u00b7locat a la fa\u00e7ana de la casa. Tamb\u00e9 s&#8217;han utilitzat en aquesta funci\u00f3 superf\u00edcies met\u00e0l\u00b7liques polides i objectes brillants.<\/p><p>Dins dels <a href=\"https:\/\/iwell-guard.com\/ca\/simbols-de-proteccio\/\">s\u00edmbols de protecci\u00f3<\/a>, el mirall pertany al grup d&#8217;objectes protectors que no s&#8217;interpreten mitjan\u00e7ant un motiu pict\u00f2ric, sin\u00f3 mitjan\u00e7ant una propietat f\u00edsica. Aquesta propietat \u00e9s la reflexi\u00f3.<\/p><p>El mirall de protecci\u00f3 es situa aix\u00ed entre l&#8217;objecte i el <span class=\"iwg-fachbegriff\" data-tooltip=\"Un signe que representa una idea o significat.\" tabindex=\"0\">s\u00edmbol<\/span>. \u00c9s un mirall real amb una reflexi\u00f3 real, al qual alhora se li atribueix un significat que va m\u00e9s enll\u00e0 de l&#8217;\u00f2ptica.<\/p><p>El mirall de protecci\u00f3 est\u00e0 estretament vinculat a la idea de la mirada considerada nociva, molt estesa en moltes cultures. Aquesta mirada s&#8217;ent\u00e9n com quelcom que emana d&#8217;una persona i incideix sobre un objectiu. El mirall actua precisament sobre aquesta idea en intentar redirigir la mirada.<\/p>\t\t\t\t\t\t\t\t<\/div>\n\t\t\t\t<\/div>\n\t\t\t\t\t<\/div>\n\t\t\t\t<\/div>\n\t\t<div class=\"elementor-element elementor-element-iwgs-spiegelabweh-s1 e-flex e-con-boxed e-con e-parent\" data-id=\"iwgs-spiegelabweh-s1\" data-element_type=\"container\" data-e-type=\"container\">\n\t\t\t\t\t<div class=\"e-con-inner\">\n\t\t\t\t<div class=\"elementor-element elementor-element-iwgs-spiegelabweh-s1h elementor-widget elementor-widget-heading\" data-id=\"iwgs-spiegelabweh-s1h\" data-element_type=\"widget\" data-e-type=\"widget\" data-widget_type=\"heading.default\">\n\t\t\t\t\t<h2 class=\"elementor-heading-title elementor-size-default\">Origen i profunditat hist\u00f2rica del mirall de protecci\u00f3<\/h2>\t\t\t\t<\/div>\n\t\t<div class=\"elementor-element elementor-element-iwgs-spiegelabweh-s1box e-con-full e-flex e-con e-parent\" data-id=\"iwgs-spiegelabweh-s1box\" data-element_type=\"container\" data-e-type=\"container\">\n\t\t\t\t<div class=\"elementor-element elementor-element-iwgs-spiegelabweh-s1t elementor-widget elementor-widget-text-editor\" data-id=\"iwgs-spiegelabweh-s1t\" data-element_type=\"widget\" data-e-type=\"widget\" data-widget_type=\"text-editor.default\">\n\t\t\t\t\t\t\t\t\t<p>Els miralls es coneixen des de la prehist\u00f2ria, primer com a pedres i superf\u00edcies met\u00e0l\u00b7liques polides, m\u00e9s tard com a miralls de vidre. Des de ben aviat, el mirall va estar associat a un significat que anava m\u00e9s enll\u00e0 de la simple representaci\u00f3.<\/p><p>De l&#8217;Orient Antic i d&#8217;Egipte es coneixen miralls com a objectes amb significat cultual. Apareixen en tombes i en \u00e0mbits de temple, fet que els atorga un paper m\u00e9s enll\u00e0 de la funci\u00f3 quotidiana.<\/p><p>A la Xina, el mirall t\u00e9 una hist\u00f2ria particularment profunda. Els miralls de bronze es fabricaven des de la primera <span class=\"iwg-fachbegriff\" data-tooltip=\"\u00c8poca prehist\u00f2rica en qu\u00e8 el bronze era el metall m\u00e9s important per a estris.\" tabindex=\"0\">edat del bronze<\/span>, sovint decorats amb patrons cosmol\u00f2gics a la part posterior, i eren considerats objectes significatius.<\/p><p>De la Xina prov\u00e9 tamb\u00e9 el mirall de protecci\u00f3 m\u00e9s conegut, el mirall octagonal amb un marc simb\u00f2lic, que es col\u00b7loca sobre les portes. Es tracta amb detall a l&#8217;article sobre el <a href=\"https:\/\/iwell-guard.com\/ca\/?page_id=171898\">mirall bagua<\/a>.<\/p><p>A Europa, el mirall de vidre es va estendre des de la baixa edat mitjana. Amb ell es van associar nombrosos costums i idees, alguns dels quals recullen la interpretaci\u00f3 protectora.<\/p><p>En conjunt, es constata que en moltes cultures es va atorgar al mirall un significat que anava m\u00e9s enll\u00e0 de la representaci\u00f3. La interpretaci\u00f3 protectora forma part d&#8217;aquest ampli camp de significats.<\/p><p>Amb la difusi\u00f3 del mirall de vidre veneci\u00e0 a l&#8217;inici de l&#8217;edat moderna, el mirall es va fer accessible en general i va atraure nombroses idees noves. El mirall de vidre clar i pla va substituir els antics miralls met\u00e0l\u00b7lics i va marcar la relaci\u00f3 amb l&#8217;objecte. Molts dels costums de mirall transmesos es vinculen a aquest ampli canvi.<\/p>\t\t\t\t\t\t\t\t<\/div>\n\t\t\t\t<\/div>\n\t\t\t\t\t<\/div>\n\t\t\t\t<\/div>\n\t\t<div class=\"elementor-element elementor-element-iwgs-spiegelabweh-s2 e-flex e-con-boxed e-con e-parent\" data-id=\"iwgs-spiegelabweh-s2\" data-element_type=\"container\" data-e-type=\"container\">\n\t\t\t\t\t<div class=\"e-con-inner\">\n\t\t\t\t<div class=\"elementor-element elementor-element-iwgs-spiegelabweh-s2h elementor-widget elementor-widget-heading\" data-id=\"iwgs-spiegelabweh-s2h\" data-element_type=\"widget\" data-e-type=\"widget\" data-widget_type=\"heading.default\">\n\t\t\t\t\t<h2 class=\"elementor-heading-title elementor-size-default\">La idea subjacent de la reflexi\u00f3<\/h2>\t\t\t\t<\/div>\n\t\t<div class=\"elementor-element elementor-element-iwgs-spiegelabweh-s2box e-con-full e-flex e-con e-parent\" data-id=\"iwgs-spiegelabweh-s2box\" data-element_type=\"container\" data-e-type=\"container\">\n\t\t\t\t<div class=\"elementor-element elementor-element-iwgs-spiegelabweh-s2t elementor-widget elementor-widget-text-editor\" data-id=\"iwgs-spiegelabweh-s2t\" data-element_type=\"widget\" data-e-type=\"widget\" data-widget_type=\"text-editor.default\">\n\t\t\t\t\t\t\t\t\t<p>El nucli conceptual del mirall de protecci\u00f3 \u00e9s la idea de la reflexi\u00f3. Un mirall reflecteix visiblement all\u00f2 que hi incideix. Aquesta propietat visible va esdevenir el fonament d&#8217;una interpretaci\u00f3 transferida.<\/p><p>En moltes cultures s&#8217;assumeix que les influ\u00e8ncies nocives emanen d&#8217;una font i s&#8217;adrecen cap a un objectiu. Quan una influ\u00e8ncia d&#8217;aquest tipus incideix sobre un mirall, segons aquesta idea no hauria de penetrar-hi, sin\u00f3 invertir-se.<\/p><p>Sovint aquesta idea s&#8217;adre\u00e7a contra la mirada considerada nociva. La mirada s&#8217;ent\u00e9n com quelcom que s&#8217;emet. El mirall ha de captar aquesta mirada i redirigir-la al seu punt d&#8217;origen.<\/p><p>Una segona idea \u00e9s la distracci\u00f3 mitjan\u00e7ant el reflex. Algunes tradicions parteixen de la idea que un \u00e9sser nociu queda aturat o conf\u00f3s davant el seu propi reflex abans de continuar el seu cam\u00ed.<\/p><p>Estretament relacionada amb aix\u00f2 hi ha la idea de la lluentor. Les superf\u00edcies brillants i llampants es consideraven en moltes cultures un mitj\u00e0 per atreure una mirada i aix\u00ed distreure-la del seu objectiu real.<\/p><p>La idea aqu\u00ed descrita \u00e9s una explicaci\u00f3 de car\u00e0cter historicocultural. Descriu per qu\u00e8 es va atorgar al mirall un significat protector i documenta una creen\u00e7a. No constitueix una prova d&#8217;efic\u00e0cia. La investigaci\u00f3 descriu la idea sense confirmar-la.<\/p>\t\t\t\t\t\t\t\t<\/div>\n\t\t\t\t<\/div>\n\t\t\t\t\t<\/div>\n\t\t\t\t<\/div>\n\t\t<div class=\"elementor-element elementor-element-iwgs-spiegelabweh-s3 e-flex e-con-boxed e-con e-parent\" data-id=\"iwgs-spiegelabweh-s3\" data-element_type=\"container\" data-e-type=\"container\">\n\t\t\t\t\t<div class=\"e-con-inner\">\n\t\t\t\t<div class=\"elementor-element elementor-element-iwgs-spiegelabweh-s3h elementor-widget elementor-widget-heading\" data-id=\"iwgs-spiegelabweh-s3h\" data-element_type=\"widget\" data-e-type=\"widget\" data-widget_type=\"heading.default\">\n\t\t\t\t\t<h2 class=\"elementor-heading-title elementor-size-default\">Exemples de l'antiguitat i del Pr\u00f2xim Orient<\/h2>\t\t\t\t<\/div>\n\t\t<div class=\"elementor-element elementor-element-iwgs-spiegelabweh-s3box e-con-full e-flex e-con e-parent\" data-id=\"iwgs-spiegelabweh-s3box\" data-element_type=\"container\" data-e-type=\"container\">\n\t\t\t\t<div class=\"elementor-element elementor-element-iwgs-spiegelabweh-s3t elementor-widget elementor-widget-text-editor\" data-id=\"iwgs-spiegelabweh-s3t\" data-element_type=\"widget\" data-e-type=\"widget\" data-widget_type=\"text-editor.default\">\n\t\t\t\t\t\t\t\t\t<p>De l&#8217;Egipte fara\u00f2nic es coneixen miralls com a ofrenes funer\u00e0ries i com a objectes de culte. Se&#8217;ls atribu\u00efa, en relaci\u00f3 amb determinades divinitats i amb concepcions sobre la llum, un significat que anava m\u00e9s enll\u00e0 de la funci\u00f3 quotidiana.<\/p><p>En el m\u00f3n grec i rom\u00e0 els miralls eren objectes habituals, sovint de metall polit. Els textos de l&#8217;<span class=\"iwg-fachbegriff\" data-tooltip=\"\u00c8poca de la cultura grega i romana, aproximadament del 800 aC al 600 dC\" tabindex=\"0\">Antiguitat<\/span> esmenten els miralls en relaci\u00f3 amb concepcions sobre la imatge, l&#8217;\u00e0nima i la mirada.<\/p><p>A l&#8217;Orient Pr\u00f2xim es documenten petits elements reflectants en joies i amulets. Els penjolls brillants i lluents havien d&#8217;atreure la mirada cap a ells mateixos i aix\u00ed desviar-la de qui els portava.<\/p><p>De la <span class=\"iwg-fachbegriff\" data-tooltip=\"Pr\u00e0ctiques que pretenen intervenir en el curs de les coses mitjan\u00e7ant accions o f\u00f3rmules especials.\" tabindex=\"0\">m\u00e0gia<\/span> antiga es coneixen procediments en els quals un mirall o una superf\u00edcie brillant hi tenen un paper. Aquests procediments es refereixen sobretot a l&#8217;acte de mirar i interpretar, per\u00f2 toquen tamb\u00e9 l&#8217;\u00e0mbit m\u00e9s ampli del significat del mirall.<\/p><p>En general, es constata a la Mediterr\u00e0nia antiga que el mirall tenia un camp de significats molt ampli. La interpretaci\u00f3 defensiva hi conviu amb concepcions sobre la imatge, l&#8217;\u00e0nima i l&#8217;<span class=\"iwg-fachbegriff\" data-tooltip=\"La interpretaci\u00f3 de senyals per con\u00e8ixer all\u00f2 ocult o all\u00f2 que ha de venir.\" tabindex=\"0\">endevinaci\u00f3<\/span>.<\/p><p>Aquests exemples deixen clar que el mirall a l&#8217;<span class=\"iwg-fachbegriff\" data-tooltip=\"\u00c8poca de la cultura grega i romana, aproximadament del 800 aC al 600 dC\" tabindex=\"0\">Antiguitat<\/span> no era un simple objecte quotidi\u00e0. Formava part d&#8217;una xarxa de concepcions a la qual la interpretaci\u00f3 defensiva posterior es va poder vincular.<\/p><p>Tamb\u00e9 del m\u00f3n etrusc es conserven miralls de bronze ricament decorats, els reversos dels quals mostren escenes de <span class=\"iwg-fachbegriff\" data-tooltip=\"Un relat transm\u00e8s sobre d\u00e9us, or\u00edgens i l'ordre del m\u00f3n.\" tabindex=\"0\">mite<\/span> i <span class=\"iwg-fachbegriff\" data-tooltip=\"El conjunt d'actes rituals de veneraci\u00f3 dedicats a una divinitat o figura sagrada.\" tabindex=\"0\">culte<\/span>. Aquests miralls es feien servir com a ofrenes funer\u00e0ries i es consideraven objectes amb un significat que anava m\u00e9s enll\u00e0 de la vida quotidiana. S&#8217;inscriuen en l&#8217;ampli camp de significats de l&#8217;<span class=\"iwg-fachbegriff\" data-tooltip=\"\u00c8poca de la cultura grega i romana, aproximadament del 800 aC al 600 dC\" tabindex=\"0\">Antiguitat<\/span> al qual la interpretaci\u00f3 defensiva posterior es va vincular.<\/p>\t\t\t\t\t\t\t\t<\/div>\n\t\t\t\t<\/div>\n\t\t\t\t\t<\/div>\n\t\t\t\t<\/div>\n\t\t<div class=\"elementor-element elementor-element-iwgs-spiegelabweh-s4 e-flex e-con-boxed e-con e-parent\" data-id=\"iwgs-spiegelabweh-s4\" data-element_type=\"container\" data-e-type=\"container\">\n\t\t\t\t\t<div class=\"e-con-inner\">\n\t\t\t\t<div class=\"elementor-element elementor-element-iwgs-spiegelabweh-s4h elementor-widget elementor-widget-heading\" data-id=\"iwgs-spiegelabweh-s4h\" data-element_type=\"widget\" data-e-type=\"widget\" data-widget_type=\"heading.default\">\n\t\t\t\t\t<h2 class=\"elementor-heading-title elementor-size-default\">Exemples de la m\u00e0gia popular europea<\/h2>\t\t\t\t<\/div>\n\t\t<div class=\"elementor-element elementor-element-iwgs-spiegelabweh-s4box e-con-full e-flex e-con e-parent\" data-id=\"iwgs-spiegelabweh-s4box\" data-element_type=\"container\" data-e-type=\"container\">\n\t\t\t\t<div class=\"elementor-element elementor-element-iwgs-spiegelabweh-s4t elementor-widget elementor-widget-text-editor\" data-id=\"iwgs-spiegelabweh-s4t\" data-element_type=\"widget\" data-e-type=\"widget\" data-widget_type=\"text-editor.default\">\n\t\t\t\t\t\t\t\t\t<p>En la m\u00e0gia popular europea, el mirall es relaciona amb nombrosos costums. Les recopilacions de folklore documenten miralls que es col\u00b7locaven en llocs considerats perillosos o que s&#8217;utilitzaven en determinades ocasions.<\/p><p>Un <span class=\"iwg-fachbegriff\" data-tooltip=\"Una pr\u00e0ctica transmesa i repetida regularment en una comunitat.\" tabindex=\"0\">costum<\/span> molt est\u00e8s \u00e9s el de cobrir o girar els miralls en cas de dol. Les fonts folkl\u00f2riques ho documenten en moltes regions. La interpretaci\u00f3 exacta d&#8217;aquest costum no \u00e9s un\u00e0nime en la recerca.<\/p><p>En algunes regions es col\u00b7locaven penjolls brillants i petits elements reflectants a la roba i a les joies. Havien d&#8217;atreure cap a ells mateixos la mirada considerada nociva i aix\u00ed desviar-la de qui els portava.<\/p><p>Es documenten miralls col\u00b7locats a les cases en algunes zones. Es posaven a finestres o portes i havien de retornar una influ\u00e8ncia procedent de l&#8217;exterior.<\/p><p>Els testimonis sobre costums relacionats amb els miralls documenten les expectatives de qui els practicava, no un efecte comprovat. Mostren que el mirall era ent\u00e8s com un objecte de significat especial.<\/p><p>Amb el declivi dels costums m\u00e0gics dom\u00e8stics, molts d&#8217;aquests costums relacionats amb els miralls van perdre el seu paper quotidi\u00e0. Alguns, com el de cobrir els miralls en cas de dol, es van mantenir m\u00e9s temps a nivell regional.<\/p><p>De l&#8217;\u00e0mbit de parla alemanya, les recopilacions de folklore documenten que els miralls de l&#8217;estan\u00e7a es cobrien o giraven en determinades ocasions. A m\u00e9s del dol, aix\u00f2 es registra tamb\u00e9 per a les tempestes i per al naixement d&#8217;un infant. El Handw\u00f6rterbuch des deutschen Aberglaubens relaciona aquests costums amb la idea que la superf\u00edcie reflectant requereix una atenci\u00f3 especial en moments delicats.<\/p>\t\t\t\t\t\t\t\t<\/div>\n\t\t\t\t<\/div>\n\t\t\t\t\t<\/div>\n\t\t\t\t<\/div>\n\t\t<div class=\"elementor-element elementor-element-iwgs-spiegelabweh-s5 e-flex e-con-boxed e-con e-parent\" data-id=\"iwgs-spiegelabweh-s5\" data-element_type=\"container\" data-e-type=\"container\">\n\t\t\t\t\t<div class=\"e-con-inner\">\n\t\t\t\t<div class=\"elementor-element elementor-element-iwgs-spiegelabweh-s5h elementor-widget elementor-widget-heading\" data-id=\"iwgs-spiegelabweh-s5h\" data-element_type=\"widget\" data-e-type=\"widget\" data-widget_type=\"heading.default\">\n\t\t\t\t\t<h2 class=\"elementor-heading-title elementor-size-default\">Exemples de l'\u00c0sia i d'altres cultures<\/h2>\t\t\t\t<\/div>\n\t\t<div class=\"elementor-element elementor-element-iwgs-spiegelabweh-s5box e-con-full e-flex e-con e-parent\" data-id=\"iwgs-spiegelabweh-s5box\" data-element_type=\"container\" data-e-type=\"container\">\n\t\t\t\t<div class=\"elementor-element elementor-element-iwgs-spiegelabweh-s5t elementor-widget elementor-widget-text-editor\" data-id=\"iwgs-spiegelabweh-s5t\" data-element_type=\"widget\" data-e-type=\"widget\" data-widget_type=\"text-editor.default\">\n\t\t\t\t\t\t\t\t\t<p>A la Xina, el mirall protector ocupa un lloc especialment consolidat. El <a href=\"https:\/\/iwell-guard.com\/ca\/?page_id=171898\">mirall Bagua<\/a> octogonal es col\u00b7loca sobre les portes i ha de retornar les influ\u00e8ncies procedents de l&#8217;exterior. Encara avui s&#8217;utilitza.<\/p><p>En la tradici\u00f3 mongola i tibetobudista, el toli hi t\u00e9 un paper: un disc de metall rod\u00f3. S&#8217;utilitza, entre altres coses, en l&#8217;\u00e0mbit ritual i s&#8217;associa a la puresa i a la protecci\u00f3.<\/p><p>A l&#8217;\u00c0sia meridional, els petits miralls s\u00f3n freq\u00fcents en brodats i teixits. Aquesta brodadura amb miralls decora roba i teles i alhora s&#8217;associa a la idea de desviar la mirada considerada nociva.<\/p><p>En diverses cultures, les superf\u00edcies de metall polit i els objectes brillants s&#8217;han utilitzat de manera semblant. La brillantor es considerava un mitj\u00e0 per atreure una mirada i aix\u00ed neutralitzar-la.<\/p><p>M\u00e9s enll\u00e0 d&#8217;aquests \u00e0mbits, es constata que en moltes cultures s&#8217;ha donat al mirall una interpretaci\u00f3 defensiva. La idea de la reflexi\u00f3 no \u00e9s un <span class=\"iwg-fachbegriff\" data-tooltip=\"Un element tem\u00e0tic recurrent en l'art o en la narraci\u00f3.\" tabindex=\"0\">motiu<\/span> exclusiu d&#8217;una \u00fanica tradici\u00f3.<\/p><p>La diversitat dels exemples deixa clar que el mirall protector s&#8217;ha d&#8217;entendre com un principi. Apareix all\u00e0 on la reflexi\u00f3 del mirall es trasllada a la idea d&#8217;influ\u00e8ncies nocives.<\/p><p>En parts de l&#8217;Am\u00e8rica del Sud i Central es conserven discos de pedra polida d&#8217;obsidiana als quals, en \u00e8poca precolonial, s&#8217;atribu\u00efa un significat especial. S&#8217;utilitzaven per mirar i interpretar i s&#8217;associaven a idees sobre la llum i la reflexi\u00f3. Aquests exemples mostren que la interpretaci\u00f3 de la superf\u00edcie reflectant no es va limitar a l&#8217;\u00e0mbit eurasi\u00e0tic.<\/p>\t\t\t\t\t\t\t\t<\/div>\n\t\t\t\t<\/div>\n\t\t\t\t\t<\/div>\n\t\t\t\t<\/div>\n\t\t<div class=\"elementor-element elementor-element-iwgs-spiegelabweh-s6 e-flex e-con-boxed e-con e-parent\" data-id=\"iwgs-spiegelabweh-s6\" data-element_type=\"container\" data-e-type=\"container\">\n\t\t\t\t\t<div class=\"e-con-inner\">\n\t\t\t\t<div class=\"elementor-element elementor-element-iwgs-spiegelabweh-s6h elementor-widget elementor-widget-heading\" data-id=\"iwgs-spiegelabweh-s6h\" data-element_type=\"widget\" data-e-type=\"widget\" data-widget_type=\"heading.default\">\n\t\t\t\t\t<h2 class=\"elementor-heading-title elementor-size-default\">Aplicaci\u00f3 en el ritual i la vida quotidiana<\/h2>\t\t\t\t<\/div>\n\t\t<div class=\"elementor-element elementor-element-iwgs-spiegelabweh-s6box e-con-full e-flex e-con e-parent\" data-id=\"iwgs-spiegelabweh-s6box\" data-element_type=\"container\" data-e-type=\"container\">\n\t\t\t\t<div class=\"elementor-element elementor-element-iwgs-spiegelabweh-s6t elementor-widget elementor-widget-text-editor\" data-id=\"iwgs-spiegelabweh-s6t\" data-element_type=\"widget\" data-e-type=\"widget\" data-widget_type=\"text-editor.default\">\n\t\t\t\t\t\t\t\t\t<p>El mirall protector es col\u00b7locava sobretot a les entrades de les cases en la vida quotidiana. Sobre portes i finestres, havia de retornar una influ\u00e8ncia procedent de l&#8217;exterior. Aquest \u00fas el vincula amb la protecci\u00f3 dels llindars.<\/p><p>Com a element port\u00e0til, el mirall es va incorporar a joies, vestimenta i amulets. Petites superf\u00edcies reflectants acompanyaven qui les portava i havien de desviar la mirada considerada perjudicial.<\/p><p>En contextos rituals, el mirall tenia de vegades un paper en accions destinades a protegir un lloc o una persona. En aquests casos, el mirall s&#8217;orientava de manera deliberada, per exemple cap al costat considerat en perill.<\/p><p>L&#8217;orientaci\u00f3 sovint era important. El mirall protector havia d&#8217;apuntar cap a l&#8217;exterior, cap al carrer, cap a la propietat ve\u00efna o cap al camp obert. Orientat cap a l&#8217;interior, en moltes tradicions es considerava inadequat.<\/p><p>Alguns costums vinculaven la col\u00b7locaci\u00f3 d&#8217;un mirall amb paraules pronunciades o amb un moment determinat. El mirall formava llavors part d&#8217;una acci\u00f3 m\u00e9s \u00e0mplia, i no era nom\u00e9s un objecte col\u00b7locat.<\/p><p>No existeix un ordre ritual uniforme per al mirall protector. La forma exacta depenia de la regi\u00f3 i de la tradici\u00f3, tal com ha constatat repetidament la investigaci\u00f3 etnol\u00f2gica.<\/p><p>Tamb\u00e9 el moment de la col\u00b7locaci\u00f3 estava fixat en algunes tradicions. Un mirall s&#8217;havia de col\u00b7locar a una hora determinada del dia o en un dia concret, perqu\u00e8 assol\u00eds el significat que se li atribu\u00efa. Aquestes prescripcions mostren que el mirall protector podia estar integrat en un <span class=\"iwg-fachbegriff\" data-tooltip=\"Una acci\u00f3 transmesa i repetida regularment en una comunitat.\" tabindex=\"0\">costum<\/span> reglat.<\/p>\t\t\t\t\t\t\t\t<\/div>\n\t\t\t\t<\/div>\n\t\t\t\t\t<\/div>\n\t\t\t\t<\/div>\n\t\t<div class=\"elementor-element elementor-element-iwgs-spiegelabweh-s7 e-flex e-con-boxed e-con e-parent\" data-id=\"iwgs-spiegelabweh-s7\" data-element_type=\"container\" data-e-type=\"container\">\n\t\t\t\t\t<div class=\"e-con-inner\">\n\t\t\t\t<div class=\"elementor-element elementor-element-iwgs-spiegelabweh-s7h elementor-widget elementor-widget-heading\" data-id=\"iwgs-spiegelabweh-s7h\" data-element_type=\"widget\" data-e-type=\"widget\" data-widget_type=\"heading.default\">\n\t\t\t\t\t<h2 class=\"elementor-heading-title elementor-size-default\">Formes de protecci\u00f3 relacionades i delimitaci\u00f3<\/h2>\t\t\t\t<\/div>\n\t\t<div class=\"elementor-element elementor-element-iwgs-spiegelabweh-s7box e-con-full e-flex e-con e-parent\" data-id=\"iwgs-spiegelabweh-s7box\" data-element_type=\"container\" data-e-type=\"container\">\n\t\t\t\t<div class=\"elementor-element elementor-element-iwgs-spiegelabweh-s7t elementor-widget elementor-widget-text-editor\" data-id=\"iwgs-spiegelabweh-s7t\" data-element_type=\"widget\" data-e-type=\"widget\" data-widget_type=\"text-editor.default\">\n\t\t\t\t\t\t\t\t\t<p>El mirall protector est\u00e0 estretament relacionat amb el motiu de l&#8217;ull contra la mirada perjudicial. El <a href=\"https:\/\/iwell-guard.com\/ca\/?page_id=171877\">Nazar Boncu\u011fu<\/a> s&#8217;adre\u00e7a, com el mirall, contra la mirada, per\u00f2 treballa amb un motiu figuratiu en lloc de la reflexi\u00f3.<\/p><p>El mirall tamb\u00e9 est\u00e0 estretament vinculat a tots els elements de protecci\u00f3 brillants. Penjolls resplendents, perles i superf\u00edcies met\u00e0l\u00b7liques comparteixen amb el mirall la idea que la brillantor atreu i desvia la mirada.<\/p><p>El mirall es diferencia de l&#8217;amulet purament figuratiu per la seva propietat f\u00edsica. Un amulet figuratiu porta un <span class=\"iwg-fachbegriff\" data-tooltip=\"Un element de contingut recurrent en l'art o la narraci\u00f3.\" tabindex=\"0\">motiu<\/span> pintat o gravat. El mirall, en canvi, reflecteix realment la llum, i \u00e9s a aquesta propietat real que s&#8217;ancora la interpretaci\u00f3.<\/p><p>Hi ha una frontera respecte al mirall com a instrument endevinatori. En algunes tradicions, una superf\u00edcie reflectant serveix per mirar-hi i interpretar-hi. Aquest \u00fas s&#8217;ha de distingir del mirall protector, encara que ambd\u00f3s utilitzin el mateix objecte.<\/p><p>El mirall protector tamb\u00e9 s&#8217;ha de distingir del mirall com a mera decoraci\u00f3. Un mirall decoratiu no porta necess\u00e0riament una interpretaci\u00f3 protectora. El que \u00e9s decisiu \u00e9s la funci\u00f3 de reflexi\u00f3 que se li atribueix.<\/p><p>Situar-lo en aquest context proper ajuda a definir amb precisi\u00f3 el mirall protector. \u00c9s un objecte al qual, a causa de la seva reflexi\u00f3, s&#8217;atribueix una funci\u00f3 defensiva, i es diferencia dels amulets figuratius i del mirall endevinatori.<\/p><p>Hi ha tamb\u00e9 una frontera respecte al mirall com a mitj\u00e0 d&#8217;autocontemplaci\u00f3. En aquest \u00fas quotidi\u00e0, el mirall serveix per comprovar el propi aspecte i no porta cap interpretaci\u00f3 defensiva. Nom\u00e9s la funci\u00f3 de reflexi\u00f3 que se li atribueix converteix l&#8217;objecte quotidi\u00e0 en un mirall protector.<\/p>\t\t\t\t\t\t\t\t<\/div>\n\t\t\t\t<\/div>\n\t\t\t\t\t<\/div>\n\t\t\t\t<\/div>\n\t\t<div class=\"elementor-element elementor-element-iwgs-spiegelabweh-s8 e-flex e-con-boxed e-con e-parent\" data-id=\"iwgs-spiegelabweh-s8\" data-element_type=\"container\" data-e-type=\"container\">\n\t\t\t\t\t<div class=\"e-con-inner\">\n\t\t\t\t<div class=\"elementor-element elementor-element-iwgs-spiegelabweh-s8h elementor-widget elementor-widget-heading\" data-id=\"iwgs-spiegelabweh-s8h\" data-element_type=\"widget\" data-e-type=\"widget\" data-widget_type=\"heading.default\">\n\t\t\t\t\t<h2 class=\"elementor-heading-title elementor-size-default\">Recepci\u00f3 actual del mirall protector<\/h2>\t\t\t\t<\/div>\n\t\t<div class=\"elementor-element elementor-element-iwgs-spiegelabweh-s8box e-con-full e-flex e-con e-parent\" data-id=\"iwgs-spiegelabweh-s8box\" data-element_type=\"container\" data-e-type=\"container\">\n\t\t\t\t<div class=\"elementor-element elementor-element-iwgs-spiegelabweh-s8t elementor-widget elementor-widget-text-editor\" data-id=\"iwgs-spiegelabweh-s8t\" data-element_type=\"widget\" data-e-type=\"widget\" data-widget_type=\"text-editor.default\">\n\t\t\t\t\t\t\t\t\t<p>El mirall bagua encara s&#8217;utilitza avui i es col\u00b7loca sobre les portes en entorns d&#8217;influ\u00e8ncia est-asi\u00e0tica. Tamb\u00e9 a pa\u00efsos occidentals es ven i s&#8217;utilitza en relaci\u00f3 amb doctrines de l&#8217;espai.<\/p><p>En l&#8217;<span class=\"iwg-fachbegriff\" data-tooltip=\"Terme gen\u00e8ric per a doctrines que reclamen un coneixement ocult, accessible nom\u00e9s als iniciats.\" tabindex=\"0\">esoterisme<\/span> modern, el mirall es descriu sovint com un mitj\u00e0 de protecci\u00f3. Hi ha instruccions amb l&#8217;ajuda de les quals s&#8217;ha d&#8217;orientar un mirall per protegir. A aquestes ofertes se&#8217;ls atribueixen efectes que no estan demostrats.<\/p><p>Aquestes pr\u00e0ctiques actuals s&#8217;han d&#8217;analitzar amb esperit cr\u00edtic. El mirall s&#8217;ha d&#8217;entendre com un <span class=\"iwg-fachbegriff\" data-tooltip=\"Un signe que representa una idea o un significat.\" tabindex=\"0\">s\u00edmbol<\/span> cultural i com un objecte amb una llarga hist\u00f2ria de significat, no com un mitj\u00e0 de protecci\u00f3 verificable.<\/p><p>En la cultura popular, el mirall apareix sovint com un lloc de pas i de perill. Pel\u00b7l\u00edcules i narracions recuperen l&#8217;antic i complex significat del mirall i el vinculen amb motius inquietants.<\/p><p>Per a la <span class=\"iwg-fachbegriff\" data-tooltip=\"La ci\u00e8ncia que estudia les religions de manera comparativa i sense vinculaci\u00f3 de fe.\" tabindex=\"0\">ci\u00e8ncia de les religions<\/span>, el mirall protector \u00e9s un exemple did\u00e0ctic. Mostra com una propietat f\u00edsica, la reflexi\u00f3, va poder convertir-se en la base d&#8217;una interpretaci\u00f3 defensiva.<\/p><p>Qui avui s&#8217;interessa pel mirall protector hi troba sobretot un tema d&#8217;hist\u00f2ria cultural. Un tractament objectiu separa la hist\u00f2ria documentada del costum de les promeses d&#8217;efectes moderns, que no resisteixen una comprovaci\u00f3.<\/p><p>En la investigaci\u00f3 sobre construcci\u00f3 i en l&#8217;estudi de la cultura material, els miralls i els elements brillants col\u00b7locats a les cases s\u00f3n un objecte d&#8217;estudi reconegut. Es documenten i s&#8217;interpreten com a testimonis d&#8217;antics costums dom\u00e8stics. D&#8217;aquesta manera, el mirall protector segueix sent tangible fins i tot all\u00e0 on la creen\u00e7a original ja fa temps que ha deixat de ser viva.<\/p>\t\t\t\t\t\t\t\t<\/div>\n\t\t\t\t<\/div>\n\t\t\t\t\t<\/div>\n\t\t\t\t<\/div>\n\t\t<div class=\"elementor-element elementor-element-iwgs-spiegelabweh-lit e-flex e-con-boxed e-con e-parent\" data-id=\"iwgs-spiegelabweh-lit\" data-element_type=\"container\" data-e-type=\"container\">\n\t\t\t\t\t<div class=\"e-con-inner\">\n\t\t\t\t<div class=\"elementor-element elementor-element-iwgs-spiegelabweh-lith elementor-widget elementor-widget-heading\" data-id=\"iwgs-spiegelabweh-lith\" data-element_type=\"widget\" data-e-type=\"widget\" data-widget_type=\"heading.default\">\n\t\t\t\t\t<h2 class=\"elementor-heading-title elementor-size-default\">Bibliografia (selecci\u00f3)<\/h2>\t\t\t\t<\/div>\n\t\t<div class=\"elementor-element elementor-element-iwgs-spiegelabweh-litbox e-con-full e-flex e-con e-parent\" data-id=\"iwgs-spiegelabweh-litbox\" data-element_type=\"container\" data-e-type=\"container\">\n\t\t\t\t<div class=\"elementor-element elementor-element-iwgs-spiegelabweh-litt elementor-widget elementor-widget-html\" data-id=\"iwgs-spiegelabweh-litt\" data-element_type=\"widget\" data-e-type=\"widget\" data-widget_type=\"html.default\">\n\t\t\t\t\t<footer data-nosnippet=\"true\"><ul><li>Liselotte Hansmann, Lenz Kriss-Rettenbeck: <em>Amulett und Talisman. Erscheinungsform und Geschichte<\/em> (1966)<\/li><li>Alan Dundes (Hrsg.): <em>The Evil Eye. A Casebook<\/em> (1981)<\/li><li>Hanns B\u00e4chtold-St\u00e4ubli (Hrsg.): <em>Handw\u00f6rterbuch des deutschen Aberglaubens<\/em> (1927-1942)<\/li><li>Wolfram Eberhard: <em>Lexikon chinesischer Symbole<\/em> (1983)<\/li><li>Sabine Melchior-Bonnet: <em>Der Spiegel. Geschichte eines Kultobjekts<\/em> (1994)<\/li><\/ul><\/footer>\t\t\t\t<\/div>\n\t\t\t\t<\/div>\n\t\t\t\t\t<\/div>\n\t\t\t\t<\/div>\n\t\t<div class=\"elementor-element elementor-element-iwgs-spiegelabweh-kwd e-flex e-con-boxed e-con e-parent\" data-id=\"iwgs-spiegelabweh-kwd\" data-element_type=\"container\" data-e-type=\"container\">\n\t\t\t\t\t<div class=\"e-con-inner\">\n\t\t\t\t<div class=\"elementor-element elementor-element-iwgs-spiegelabweh-kwdt elementor-widget elementor-widget-text-editor\" data-id=\"iwgs-spiegelabweh-kwdt\" data-element_type=\"widget\" data-e-type=\"widget\" data-widget_type=\"text-editor.default\">\n\t\t\t\t\t\t\t\t\t<p><em>Termes clau relacionats: mirall com a mitj\u00e0 de protecci\u00f3 mirall bagua toli reflexi\u00f3 <span class=\"iwg-fachbegriff\" data-tooltip=\"Creen\u00e7a estesa segons la qual una mirada envejosa d'una altra persona pot causar dany.\" tabindex=\"0\">mal d&#8217;ull<\/span> brodat amb miralls penjolls brillants reflexi\u00f3 <span class=\"iwg-fachbegriff\" data-tooltip=\"Que allunya el mal: dit de signes i objectes destinats a mantenir a dist\u00e0ncia influ\u00e8ncies perjudicials.\" tabindex=\"0\">apotropaic<\/span> mirall protector.<\/em><\/p>\t\t\t\t\t\t\t\t<\/div>\n\t\t\t\t\t<\/div>\n\t\t\t\t<\/div>\n\t\t<div class=\"elementor-element elementor-element-iwgs-spiegelabweh-cc e-flex e-con-boxed e-con e-parent\" data-id=\"iwgs-spiegelabweh-cc\" data-element_type=\"container\" data-e-type=\"container\" id=\"iwg-cc-spiegel-abwehr\">\n\t\t\t\t\t<div class=\"e-con-inner\">\n\t\t<div class=\"elementor-element elementor-element-iwgs-spiegelabweh-ccinner e-flex e-con-boxed e-con e-parent\" data-id=\"iwgs-spiegelabweh-ccinner\" data-element_type=\"container\" data-e-type=\"container\" data-settings=\"{&quot;background_background&quot;:&quot;classic&quot;}\">\n\t\t\t\t\t<div class=\"e-con-inner\">\n\t\t\t\t<div class=\"elementor-element elementor-element-iwgs-spiegelabweh-cch elementor-widget elementor-widget-heading\" data-id=\"iwgs-spiegelabweh-cch\" data-element_type=\"widget\" data-e-type=\"widget\" data-widget_type=\"heading.default\">\n\t\t\t\t\t<h2 class=\"elementor-heading-title elementor-size-default\">iWell Guard i tradicions de protecci\u00f3<\/h2>\t\t\t\t<\/div>\n\t\t\t\t<div class=\"elementor-element elementor-element-iwgs-spiegelabweh-cct elementor-widget elementor-widget-text-editor\" data-id=\"iwgs-spiegelabweh-cct\" data-element_type=\"widget\" data-e-type=\"widget\" data-widget_type=\"text-editor.default\">\n\t\t\t\t\t\t\t\t\t<p>iWell Guard s&#8217;inscriu en la l\u00ednia culturalment i hist\u00f2ricament arrelada dels objectes de protecci\u00f3 portables, a la qual tamb\u00e9 pertany el mirall protector. Un acompanyant modern per a persones que viuen amb s\u00edmbols de protecci\u00f3: fabricat a Alemanya, 41 capes d&#8217;or fi, plat\u00ed i plata, amb dret de devoluci\u00f3 de 30 dies.<\/p>\t\t\t\t\t\t\t\t<\/div>\n\t\t\t\t<div class=\"elementor-element elementor-element-iwgs-spiegelabweh-ccb iwg-cc-button iwg-cc-cta-2026-05-13 elementor-widget elementor-widget-jet-button\" data-id=\"iwgs-spiegelabweh-ccb\" data-element_type=\"widget\" data-e-type=\"widget\" data-widget_type=\"jet-button.default\">\n\t\t\t\t<div class=\"elementor-widget-container\">\n\t\t\t\t\t<div class=\"elementor-jet-button jet-elements\"><div class=\"jet-button__container\"><a class=\"jet-button__instance jet-button__instance--icon-left hover-effect-1\" href=\"\/schutzanhaenger-iwell-guard-kaufen\/?utm_source=iwell-guard.com&amp;utm_medium=info-box&amp;utm_campaign=schutzsymbole\"><div class=\"jet-button__plane jet-button__plane-normal\"><\/div><div class=\"jet-button__plane jet-button__plane-hover\"><\/div><div class=\"jet-button__state jet-button__state-normal\"><span class=\"jet-button__label\">M\u00e9s informaci\u00f3 sobre l'iWell Guard<\/span><\/div><div class=\"jet-button__state jet-button__state-hover\"><span class=\"jet-button__label\">M\u00e9s informaci\u00f3 sobre l'iWell Guard<\/span><\/div><\/a><\/div><\/div><style>.elementor-element.elementor-element-iwgs-spiegelabweh-ccb .jet-button__instance{width:320px;height:56px;}.elementor-element.elementor-element-iwgs-spiegelabweh-ccb .jet-button__state-normal .jet-button__label{text-align:center;margin:0px 0px 0px 0px;color:#1a1b20;font-family:Montserrat,sans-serif;font-size:13px;font-weight:400;letter-spacing:4px;line-height:1.714em;text-transform:uppercase;}.elementor-element.elementor-element-iwgs-spiegelabweh-ccb .jet-button__state-hover .jet-button__label{text-align:center;margin:0px 0px 0px 0px;color:#FECC76;font-family:Montserrat,sans-serif;font-size:13px;font-weight:400;letter-spacing:4px;line-height:1.714em;text-transform:uppercase;}.elementor-element.elementor-element-iwgs-spiegelabweh-ccb .jet-button__plane-normal{background-color:#FECC76;border-style:solid;border-color:#C99540;border-width:2px 2px 2px 2px;}.elementor-element.elementor-element-iwgs-spiegelabweh-ccb .jet-button__plane-hover{background-color:rgba(0,0,0,0.55);border-style:solid;border-color:#FECC76;border-width:2px 2px 2px 2px;}<\/style>\t\t\t\t<\/div>\n\t\t\t\t<\/div>\n\t\t\t\t<div class=\"elementor-element elementor-element-iwgs-spiegelabweh-ccd elementor-widget elementor-widget-text-editor\" data-id=\"iwgs-spiegelabweh-ccd\" data-element_type=\"widget\" data-e-type=\"widget\" data-widget_type=\"text-editor.default\">\n\t\t\t\t\t\t\t\t\t<p style=\"text-align:center;font-size:13px;opacity:0.7;margin-top:14px\" data-nosnippet=\"true\">Les experi\u00e8ncies personals poden variar. No \u00e9s un producte sanitari. No es garanteix cap curaci\u00f3.<\/p>\t\t\t\t\t\t\t\t<\/div>\n\t\t\t\t\t<\/div>\n\t\t\t\t<\/div>\n\t\t\t\t\t<\/div>\n\t\t\t\t<\/div>\n\t\t<div class=\"elementor-element elementor-element-iwgs-spiegelabweh-disc e-flex e-con-boxed e-con e-parent\" data-id=\"iwgs-spiegelabweh-disc\" data-element_type=\"container\" data-e-type=\"container\">\n\t\t\t\t\t<div class=\"e-con-inner\">\n\t\t\t\t<div class=\"elementor-element elementor-element-iwgs-spiegelabweh-discw elementor-widget elementor-widget-html\" data-id=\"iwgs-spiegelabweh-discw\" data-element_type=\"widget\" data-e-type=\"widget\" data-widget_type=\"html.default\">\n\t\t\t\t\t<footer data-nosnippet=\"true\" class=\"iwg-disclaimer-block\"><p data-nosnippet=\"true\">iWell Guard <strong>no \u00e9s un producte sanitari<\/strong> i no substitueix cap tractament m\u00e8dic o psicoterap\u00e8utic. Els continguts presentats aqu\u00ed s\u00f3n una contextualitzaci\u00f3 des de la ci\u00e8ncia de les religions i la hist\u00f2ria cultural, no una promesa d'efecte espiritual.<\/p><\/footer>\t\t\t\t<\/div>\n\t\t\t\t\t<\/div>\n\t\t\t\t<\/div>\n\t\t\t\t<\/div>\n\t\t","protected":false},"excerpt":{"rendered":"","protected":false},"author":3,"featured_media":3580,"parent":0,"menu_order":0,"comment_status":"closed","ping_status":"closed","template":"elementor_header_footer","meta":{"_yoast_wpseo_focuskw":"Mirall com a mitj\u00e0 de protecci\u00f3","_yoast_wpseo_title":"Mirall com a mitj\u00e0 de protecci\u00f3: principi de la reflexi\u00f3","_yoast_wpseo_metadesc":"El mirall com a mitj\u00e0 de protecci\u00f3: el principi de la reflexi\u00f3, des del mirall bagua fins a la m\u00e0gia popular europea, situat des de la ci\u00e8ncia de la religi\u00f3.","_yoast_wpseo_meta-robots-noindex":"","_yoast_wpseo_canonical":"","_angie_page":false,"gefaehrdungsstufe":"","wesen_kultur":"","wesen_klasse":"","footnotes":""},"categories":[],"class_list":["post-172003","page","type-page","status-publish","has-post-thumbnail","hentry"],"yoast_head":"<!-- This site is optimized with the Yoast SEO Premium plugin v27.7 (Yoast SEO v28.3) - https:\/\/yoast.com\/product\/yoast-seo-premium-wordpress\/ -->\n<title>Mirall com a mitj\u00e0 de protecci\u00f3: principi de la reflexi\u00f3<\/title>\n<meta name=\"description\" content=\"El mirall com a mitj\u00e0 de protecci\u00f3: el principi de la reflexi\u00f3, des del mirall bagua fins a la m\u00e0gia popular europea, situat des de la ci\u00e8ncia de la religi\u00f3.\" \/>\n<meta name=\"robots\" content=\"index, follow, max-snippet:-1, max-image-preview:large, max-video-preview:-1\" \/>\n<link rel=\"canonical\" href=\"https:\/\/iwell-guard.com\/ca\/mirall-com-a-mitja-de-proteccio-principi-de-la-reflexio\/\" \/>\n<meta property=\"og:locale\" content=\"ca_ES\" \/>\n<meta property=\"og:type\" content=\"article\" \/>\n<meta property=\"og:title\" content=\"El mirall com a mitj\u00e0 de protecci\u00f3: el principi de la reflexi\u00f3\" \/>\n<meta property=\"og:description\" content=\"El mirall com a mitj\u00e0 de protecci\u00f3: el principi de la reflexi\u00f3, des del mirall bagua fins a la m\u00e0gia popular europea, situat des de la ci\u00e8ncia de la religi\u00f3.\" \/>\n<meta property=\"og:url\" content=\"https:\/\/iwell-guard.com\/ca\/mirall-com-a-mitja-de-proteccio-principi-de-la-reflexio\/\" \/>\n<meta property=\"og:site_name\" content=\"iWell Guard\" \/>\n<meta property=\"article:modified_time\" content=\"2026-09-05T16:12:48+00:00\" \/>\n<meta property=\"og:image\" content=\"https:\/\/iwell-guard.com\/wp-content\/uploads\/2026\/05\/schutzsymbol_universell_spiegel-abwehr.webp\" \/>\n\t<meta property=\"og:image:width\" content=\"1024\" \/>\n\t<meta property=\"og:image:height\" content=\"1536\" \/>\n\t<meta property=\"og:image:type\" content=\"image\/webp\" \/>\n<meta name=\"twitter:card\" content=\"summary_large_image\" \/>\n<script type=\"application\/ld+json\" class=\"yoast-schema-graph\">{\"@context\":\"https:\\\/\\\/schema.org\",\"@graph\":[{\"@type\":\"WebPage\",\"@id\":\"https:\\\/\\\/iwell-guard.com\\\/ca\\\/mirall-com-a-mitja-de-proteccio-principi-de-la-reflexio\\\/\",\"url\":\"https:\\\/\\\/iwell-guard.com\\\/ca\\\/mirall-com-a-mitja-de-proteccio-principi-de-la-reflexio\\\/\",\"name\":\"Mirall com a mitj\u00e0 de protecci\u00f3: principi de la reflexi\u00f3\",\"isPartOf\":{\"@id\":\"https:\\\/\\\/iwell-guard.com\\\/ca\\\/#website\"},\"primaryImageOfPage\":{\"@id\":\"https:\\\/\\\/iwell-guard.com\\\/ca\\\/mirall-com-a-mitja-de-proteccio-principi-de-la-reflexio\\\/#primaryimage\"},\"image\":{\"@id\":\"https:\\\/\\\/iwell-guard.com\\\/ca\\\/mirall-com-a-mitja-de-proteccio-principi-de-la-reflexio\\\/#primaryimage\"},\"thumbnailUrl\":\"https:\\\/\\\/iwell-guard.com\\\/wp-content\\\/uploads\\\/2026\\\/05\\\/schutzsymbol_universell_spiegel-abwehr.webp\",\"datePublished\":\"2026-09-05T15:44:15+00:00\",\"dateModified\":\"2026-09-05T16:12:48+00:00\",\"description\":\"El mirall com a mitj\u00e0 de protecci\u00f3: el principi de la reflexi\u00f3, des del mirall bagua fins a la m\u00e0gia popular europea, situat des de la ci\u00e8ncia de la religi\u00f3.\",\"breadcrumb\":{\"@id\":\"https:\\\/\\\/iwell-guard.com\\\/ca\\\/mirall-com-a-mitja-de-proteccio-principi-de-la-reflexio\\\/#breadcrumb\"},\"inLanguage\":\"ca\",\"potentialAction\":[{\"@type\":\"ReadAction\",\"target\":[\"https:\\\/\\\/iwell-guard.com\\\/ca\\\/mirall-com-a-mitja-de-proteccio-principi-de-la-reflexio\\\/\"]}]},{\"@type\":\"ImageObject\",\"inLanguage\":\"ca\",\"@id\":\"https:\\\/\\\/iwell-guard.com\\\/ca\\\/mirall-com-a-mitja-de-proteccio-principi-de-la-reflexio\\\/#primaryimage\",\"url\":\"https:\\\/\\\/iwell-guard.com\\\/wp-content\\\/uploads\\\/2026\\\/05\\\/schutzsymbol_universell_spiegel-abwehr.webp\",\"contentUrl\":\"https:\\\/\\\/iwell-guard.com\\\/wp-content\\\/uploads\\\/2026\\\/05\\\/schutzsymbol_universell_spiegel-abwehr.webp\",\"width\":1024,\"height\":1536,\"caption\":\"S\u00edmbol de protecci\u00f3. Il\u00b7lustraci\u00f3 muse\u00edstica de bodeg\u00f3.\"},{\"@type\":\"BreadcrumbList\",\"@id\":\"https:\\\/\\\/iwell-guard.com\\\/ca\\\/mirall-com-a-mitja-de-proteccio-principi-de-la-reflexio\\\/#breadcrumb\",\"itemListElement\":[{\"@type\":\"ListItem\",\"position\":1,\"name\":\"Start\",\"item\":\"https:\\\/\\\/iwell-guard.com\\\/ca\\\/?page_id=171333\"},{\"@type\":\"ListItem\",\"position\":2,\"name\":\"El mirall com a mitj\u00e0 de protecci\u00f3: el principi de la reflexi\u00f3\"}]},{\"@type\":\"WebSite\",\"@id\":\"https:\\\/\\\/iwell-guard.com\\\/ca\\\/#website\",\"url\":\"https:\\\/\\\/iwell-guard.com\\\/ca\\\/\",\"name\":\"iWell Guard\",\"description\":\"Schutz vor dunklen Einfl\u00fcssen\",\"publisher\":{\"@id\":\"https:\\\/\\\/iwell-guard.com\\\/ca\\\/#organization\"},\"potentialAction\":[{\"@type\":\"SearchAction\",\"target\":{\"@type\":\"EntryPoint\",\"urlTemplate\":\"https:\\\/\\\/iwell-guard.com\\\/ca\\\/?s={search_term_string}\"},\"query-input\":{\"@type\":\"PropertyValueSpecification\",\"valueRequired\":true,\"valueName\":\"search_term_string\"}}],\"inLanguage\":\"ca\"},{\"@type\":\"Organization\",\"@id\":\"https:\\\/\\\/iwell-guard.com\\\/ca\\\/#organization\",\"name\":\"Ittermann electronic GmbH\",\"url\":\"https:\\\/\\\/iwell-guard.com\\\/ca\\\/\",\"logo\":{\"@type\":\"ImageObject\",\"inLanguage\":\"ca\",\"@id\":\"https:\\\/\\\/iwell-guard.com\\\/ca\\\/#\\\/schema\\\/logo\\\/image\\\/\",\"url\":\"https:\\\/\\\/iwell-guard.com\\\/wp-content\\\/uploads\\\/2026\\\/05\\\/Ittermann-Logo-1182x237-1.png\",\"contentUrl\":\"https:\\\/\\\/iwell-guard.com\\\/wp-content\\\/uploads\\\/2026\\\/05\\\/Ittermann-Logo-1182x237-1.png\",\"width\":1182,\"height\":237,\"caption\":\"Ittermann electronic GmbH\"},\"image\":{\"@id\":\"https:\\\/\\\/iwell-guard.com\\\/ca\\\/#\\\/schema\\\/logo\\\/image\\\/\"},\"sameAs\":[\"https:\\\/\\\/pantip.com\\\/profile\\\/9367242\",\"https:\\\/\\\/micro.blog\\\/iwellguard\",\"https:\\\/\\\/www.diggerslist.com\\\/iwellguard\\\/about\",\"https:\\\/\\\/skitterphoto.com\\\/photographers\\\/2870314\\\/iwell-guard\",\"https:\\\/\\\/iwellguard.wordpress.com\\\/2026\\\/06\\\/06\\\/iwell-guard\\\/\",\"https:\\\/\\\/hub.docker.com\\\/u\\\/iwellguard\",\"https:\\\/\\\/www.pinterest.com\\\/iwellguard\\\/\",\"https:\\\/\\\/bit.ly\\\/m\\\/iwellguard\",\"https:\\\/\\\/entre-vos-mains.alsace.eu\\\/profiles\\\/iwellguard\\\/activity\",\"https:\\\/\\\/gravatar.com\\\/reallybeded8fd34\",\"https:\\\/\\\/naijamatta.com\\\/iwellguard\",\"https:\\\/\\\/www.goodreads.com\\\/iwellguard\",\"https:\\\/\\\/profile.hatena.ne.jp\\\/iwellguard\\\/\",\"https:\\\/\\\/experiment.com\\\/users\\\/iwellguard\",\"https:\\\/\\\/wakelet.com\\\/@iWellGuard82270\",\"https:\\\/\\\/www.chordie.com\\\/forum\\\/profile.php?id=2555664\",\"https:\\\/\\\/www.instapaper.com\\\/p\\\/17757966\",\"https:\\\/\\\/www.mapleprimes.com\\\/users\\\/iwellguard\",\"https:\\\/\\\/businesslistingplus.com\\\/profile\\\/iwell-guard\\\/\",\"https:\\\/\\\/telegra.ph\\\/iWell-Guard-06-06\",\"https:\\\/\\\/pbase.com\\\/iwellguard\\\/iwellguard\",\"https:\\\/\\\/b.hatena.ne.jp\\\/iwellguard\\\/20260607#bookmark-4788405196491818882\",\"https:\\\/\\\/fliphtml5.com\\\/home\\\/iwellguard\",\"https:\\\/\\\/anyflip.com\\\/homepage\\\/cmiwl#About\",\"https:\\\/\\\/transfur.com\\\/Users\\\/iwellguard\",\"http:\\\/\\\/delphi.larsbo.org\\\/user\\\/iwellguard\",\"https:\\\/\\\/jobs.lajobsportal.org\\\/profiles\\\/8380803-iwell-guard\",\"https:\\\/\\\/md.chaosdorf.de\\\/s\\\/jfbe5SBdJD\",\"https:\\\/\\\/www.lingvolive.com\\\/en-us\\\/profile\\\/9ecaeaca-ce11-4e51-9e71-01d55e2bff36\\\/translations\",\"https:\\\/\\\/www.fitday.com\\\/fitness\\\/forums\\\/members\\\/iwellguard.html\",\"https:\\\/\\\/www.mymeetbook.com\\\/iwellguard\",\"https:\\\/\\\/pxhere.com\\\/en\\\/photographer-me\\\/5040798\",\"https:\\\/\\\/disqus.com\\\/by\\\/iwellguard\\\/about\\\/\",\"https:\\\/\\\/pastelink.net\\\/hjwciqwq\",\"https:\\\/\\\/pubhtml5.com\\\/homepage\\\/scjhn\\\/\",\"https:\\\/\\\/www.bitchute.com\\\/channel\\\/2O2eOKzNqujT\",\"https:\\\/\\\/audiomack.com\\\/iwellguard\"]}]}<\/script>\n<!-- \/ Yoast SEO Premium plugin. -->","yoast_head_json":{"title":"Mirall com a mitj\u00e0 de protecci\u00f3: principi de la reflexi\u00f3","description":"El mirall com a mitj\u00e0 de protecci\u00f3: el principi de la reflexi\u00f3, des del mirall bagua fins a la m\u00e0gia popular europea, situat des de la ci\u00e8ncia de la religi\u00f3.","robots":{"index":"index","follow":"follow","max-snippet":"max-snippet:-1","max-image-preview":"max-image-preview:large","max-video-preview":"max-video-preview:-1"},"canonical":"https:\/\/iwell-guard.com\/ca\/mirall-com-a-mitja-de-proteccio-principi-de-la-reflexio\/","og_locale":"ca_ES","og_type":"article","og_title":"El mirall com a mitj\u00e0 de protecci\u00f3: el principi de la reflexi\u00f3","og_description":"El mirall com a mitj\u00e0 de protecci\u00f3: el principi de la reflexi\u00f3, des del mirall bagua fins a la m\u00e0gia popular europea, situat des de la ci\u00e8ncia de la religi\u00f3.","og_url":"https:\/\/iwell-guard.com\/ca\/mirall-com-a-mitja-de-proteccio-principi-de-la-reflexio\/","og_site_name":"iWell Guard","article_modified_time":"2026-09-05T16:12:48+00:00","og_image":[{"width":1024,"height":1536,"url":"https:\/\/iwell-guard.com\/wp-content\/uploads\/2026\/05\/schutzsymbol_universell_spiegel-abwehr.webp","type":"image\/webp"}],"twitter_card":"summary_large_image","schema":{"@context":"https:\/\/schema.org","@graph":[{"@type":"WebPage","@id":"https:\/\/iwell-guard.com\/ca\/mirall-com-a-mitja-de-proteccio-principi-de-la-reflexio\/","url":"https:\/\/iwell-guard.com\/ca\/mirall-com-a-mitja-de-proteccio-principi-de-la-reflexio\/","name":"Mirall com a mitj\u00e0 de protecci\u00f3: principi de la reflexi\u00f3","isPartOf":{"@id":"https:\/\/iwell-guard.com\/ca\/#website"},"primaryImageOfPage":{"@id":"https:\/\/iwell-guard.com\/ca\/mirall-com-a-mitja-de-proteccio-principi-de-la-reflexio\/#primaryimage"},"image":{"@id":"https:\/\/iwell-guard.com\/ca\/mirall-com-a-mitja-de-proteccio-principi-de-la-reflexio\/#primaryimage"},"thumbnailUrl":"https:\/\/iwell-guard.com\/wp-content\/uploads\/2026\/05\/schutzsymbol_universell_spiegel-abwehr.webp","datePublished":"2026-09-05T15:44:15+00:00","dateModified":"2026-09-05T16:12:48+00:00","description":"El mirall com a mitj\u00e0 de protecci\u00f3: el principi de la reflexi\u00f3, des del mirall bagua fins a la m\u00e0gia popular europea, situat des de la ci\u00e8ncia de la religi\u00f3.","breadcrumb":{"@id":"https:\/\/iwell-guard.com\/ca\/mirall-com-a-mitja-de-proteccio-principi-de-la-reflexio\/#breadcrumb"},"inLanguage":"ca","potentialAction":[{"@type":"ReadAction","target":["https:\/\/iwell-guard.com\/ca\/mirall-com-a-mitja-de-proteccio-principi-de-la-reflexio\/"]}]},{"@type":"ImageObject","inLanguage":"ca","@id":"https:\/\/iwell-guard.com\/ca\/mirall-com-a-mitja-de-proteccio-principi-de-la-reflexio\/#primaryimage","url":"https:\/\/iwell-guard.com\/wp-content\/uploads\/2026\/05\/schutzsymbol_universell_spiegel-abwehr.webp","contentUrl":"https:\/\/iwell-guard.com\/wp-content\/uploads\/2026\/05\/schutzsymbol_universell_spiegel-abwehr.webp","width":1024,"height":1536,"caption":"S\u00edmbol de protecci\u00f3. Il\u00b7lustraci\u00f3 muse\u00edstica de bodeg\u00f3."},{"@type":"BreadcrumbList","@id":"https:\/\/iwell-guard.com\/ca\/mirall-com-a-mitja-de-proteccio-principi-de-la-reflexio\/#breadcrumb","itemListElement":[{"@type":"ListItem","position":1,"name":"Start","item":"https:\/\/iwell-guard.com\/ca\/?page_id=171333"},{"@type":"ListItem","position":2,"name":"El mirall com a mitj\u00e0 de protecci\u00f3: el principi de la reflexi\u00f3"}]},{"@type":"WebSite","@id":"https:\/\/iwell-guard.com\/ca\/#website","url":"https:\/\/iwell-guard.com\/ca\/","name":"iWell Guard","description":"Schutz vor dunklen Einfl\u00fcssen","publisher":{"@id":"https:\/\/iwell-guard.com\/ca\/#organization"},"potentialAction":[{"@type":"SearchAction","target":{"@type":"EntryPoint","urlTemplate":"https:\/\/iwell-guard.com\/ca\/?s={search_term_string}"},"query-input":{"@type":"PropertyValueSpecification","valueRequired":true,"valueName":"search_term_string"}}],"inLanguage":"ca"},{"@type":"Organization","@id":"https:\/\/iwell-guard.com\/ca\/#organization","name":"Ittermann electronic GmbH","url":"https:\/\/iwell-guard.com\/ca\/","logo":{"@type":"ImageObject","inLanguage":"ca","@id":"https:\/\/iwell-guard.com\/ca\/#\/schema\/logo\/image\/","url":"https:\/\/iwell-guard.com\/wp-content\/uploads\/2026\/05\/Ittermann-Logo-1182x237-1.png","contentUrl":"https:\/\/iwell-guard.com\/wp-content\/uploads\/2026\/05\/Ittermann-Logo-1182x237-1.png","width":1182,"height":237,"caption":"Ittermann electronic GmbH"},"image":{"@id":"https:\/\/iwell-guard.com\/ca\/#\/schema\/logo\/image\/"},"sameAs":["https:\/\/pantip.com\/profile\/9367242","https:\/\/micro.blog\/iwellguard","https:\/\/www.diggerslist.com\/iwellguard\/about","https:\/\/skitterphoto.com\/photographers\/2870314\/iwell-guard","https:\/\/iwellguard.wordpress.com\/2026\/06\/06\/iwell-guard\/","https:\/\/hub.docker.com\/u\/iwellguard","https:\/\/www.pinterest.com\/iwellguard\/","https:\/\/bit.ly\/m\/iwellguard","https:\/\/entre-vos-mains.alsace.eu\/profiles\/iwellguard\/activity","https:\/\/gravatar.com\/reallybeded8fd34","https:\/\/naijamatta.com\/iwellguard","https:\/\/www.goodreads.com\/iwellguard","https:\/\/profile.hatena.ne.jp\/iwellguard\/","https:\/\/experiment.com\/users\/iwellguard","https:\/\/wakelet.com\/@iWellGuard82270","https:\/\/www.chordie.com\/forum\/profile.php?id=2555664","https:\/\/www.instapaper.com\/p\/17757966","https:\/\/www.mapleprimes.com\/users\/iwellguard","https:\/\/businesslistingplus.com\/profile\/iwell-guard\/","https:\/\/telegra.ph\/iWell-Guard-06-06","https:\/\/pbase.com\/iwellguard\/iwellguard","https:\/\/b.hatena.ne.jp\/iwellguard\/20260607#bookmark-4788405196491818882","https:\/\/fliphtml5.com\/home\/iwellguard","https:\/\/anyflip.com\/homepage\/cmiwl#About","https:\/\/transfur.com\/Users\/iwellguard","http:\/\/delphi.larsbo.org\/user\/iwellguard","https:\/\/jobs.lajobsportal.org\/profiles\/8380803-iwell-guard","https:\/\/md.chaosdorf.de\/s\/jfbe5SBdJD","https:\/\/www.lingvolive.com\/en-us\/profile\/9ecaeaca-ce11-4e51-9e71-01d55e2bff36\/translations","https:\/\/www.fitday.com\/fitness\/forums\/members\/iwellguard.html","https:\/\/www.mymeetbook.com\/iwellguard","https:\/\/pxhere.com\/en\/photographer-me\/5040798","https:\/\/disqus.com\/by\/iwellguard\/about\/","https:\/\/pastelink.net\/hjwciqwq","https:\/\/pubhtml5.com\/homepage\/scjhn\/","https:\/\/www.bitchute.com\/channel\/2O2eOKzNqujT","https:\/\/audiomack.com\/iwellguard"]}]}},"_links":{"self":[{"href":"https:\/\/iwell-guard.com\/ca\/wp-json\/wp\/v2\/pages\/172003","targetHints":{"allow":["GET"]}}],"collection":[{"href":"https:\/\/iwell-guard.com\/ca\/wp-json\/wp\/v2\/pages"}],"about":[{"href":"https:\/\/iwell-guard.com\/ca\/wp-json\/wp\/v2\/types\/page"}],"author":[{"embeddable":true,"href":"https:\/\/iwell-guard.com\/ca\/wp-json\/wp\/v2\/users\/3"}],"replies":[{"embeddable":true,"href":"https:\/\/iwell-guard.com\/ca\/wp-json\/wp\/v2\/comments?post=172003"}],"version-history":[{"count":0,"href":"https:\/\/iwell-guard.com\/ca\/wp-json\/wp\/v2\/pages\/172003\/revisions"}],"wp:featuredmedia":[{"embeddable":true,"href":"https:\/\/iwell-guard.com\/ca\/wp-json\/wp\/v2\/media\/3580"}],"wp:attachment":[{"href":"https:\/\/iwell-guard.com\/ca\/wp-json\/wp\/v2\/media?parent=172003"}],"wp:term":[{"taxonomy":"category","embeddable":true,"href":"https:\/\/iwell-guard.com\/ca\/wp-json\/wp\/v2\/categories?post=172003"}],"curies":[{"name":"wp","href":"https:\/\/api.w.org\/{rel}","templated":true}]}}