{"id":172001,"date":"2026-09-05T15:44:14","date_gmt":"2026-09-05T15:44:14","guid":{"rendered":"https:\/\/iwell-guard.com\/?page_id=172001"},"modified":"2026-09-05T16:12:45","modified_gmt":"2026-09-05T16:12:45","slug":"cercle-de-proteccio-com-delimitacio-contra-el-mal","status":"publish","type":"page","link":"https:\/\/iwell-guard.com\/ca\/cercle-de-proteccio-com-delimitacio-contra-el-mal\/","title":{"rendered":"El cercle de protecci\u00f3 com a delimitaci\u00f3 contra el mal"},"content":{"rendered":"\t\t<div data-elementor-type=\"wp-page\" data-elementor-id=\"172001\" class=\"elementor elementor-172001 elementor-3741 elementor-bc-flex-widget\" data-elementor-post-type=\"page\">\n\t\t\t\t<div class=\"elementor-element elementor-element-iwgs-schutzkreis-hero e-flex e-con-boxed e-con e-parent\" data-id=\"iwgs-schutzkreis-hero\" data-element_type=\"container\" data-e-type=\"container\">\n\t\t\t\t\t<div class=\"e-con-inner\">\n\t\t<div class=\"elementor-element elementor-element-iw-schutzkreis-hero-bw e-con-full e-flex e-con e-child\" data-id=\"iw-schutzkreis-hero-bw\" data-element_type=\"container\" data-e-type=\"container\">\n\t\t<div class=\"elementor-element elementor-element-iwgs-schutzkreis-hl e-flex e-con-boxed e-con e-parent\" data-id=\"iwgs-schutzkreis-hl\" data-element_type=\"container\" data-e-type=\"container\">\n\t\t\t\t\t<div class=\"e-con-inner\">\n\t\t<div class=\"elementor-element elementor-element-iwgs-schutzkreis-hlbox e-con-full e-flex e-con e-parent\" data-id=\"iwgs-schutzkreis-hlbox\" data-element_type=\"container\" data-e-type=\"container\">\n\t\t\t\t<div class=\"elementor-element elementor-element-iwgs-schutzkreis-h1 elementor-widget elementor-widget-heading\" data-id=\"iwgs-schutzkreis-h1\" data-element_type=\"widget\" data-e-type=\"widget\" data-widget_type=\"heading.default\">\n\t\t\t\t\t<h1 class=\"elementor-heading-title elementor-size-default\">El cercle de protecci\u00f3: el cercle tra\u00e7at com a frontera contra influ\u00e8ncies nocives<\/h1>\t\t\t\t<\/div>\n\t\t\t\t<div class=\"elementor-element elementor-element-iwgs-schutzkreis-lead elementor-widget elementor-widget-text-editor\" data-id=\"iwgs-schutzkreis-lead\" data-element_type=\"widget\" data-e-type=\"widget\" data-widget_type=\"text-editor.default\">\n\t\t\t\t\t\t\t\t\t<p>El cercle de protecci\u00f3 \u00e9s una de les formes de protecci\u00f3 m\u00e9s senzilles i, al mateix temps, m\u00e9s esteses. Consisteix en una l\u00ednia tancada que envolta un espai o una persona i tra\u00e7a una frontera entre un \u00e0mbit considerat segur i un altre considerat perill\u00f3s.<\/p><p>Aquest article situa el cercle des d&#8217;una perspectiva de ci\u00e8ncies de la religi\u00f3 i segueix les seves petjades des de l&#8217;<span class=\"iwg-fachbegriff\" data-tooltip=\"\u00c8poca de la cultura grega i romana, aproximadament del 800 aC al 600 dC\" tabindex=\"0\">Antiguitat<\/span> fins a la recepci\u00f3 actual. Es distingeix entre el <span class=\"iwg-fachbegriff\" data-tooltip=\"El conjunt de costums transmesos d'una comunitat.\" tabindex=\"0\">costumari<\/span> hist\u00f2ricament documentat i la interpretaci\u00f3 esot\u00e8rica moderna.<\/p>\n<p class=\"iwg-kwfix\">El cercle tra\u00e7at forma una frontera destinada a mantenir fora les influ\u00e8ncies nocives.<\/p>\t\t\t\t\t\t\t\t<\/div>\n\t\t\t\t<\/div>\n\t\t\t\t<div class=\"elementor-element elementor-element-iwgs-schutzkreis-pills elementor-widget elementor-widget-html\" data-id=\"iwgs-schutzkreis-pills\" data-element_type=\"widget\" data-e-type=\"widget\" data-widget_type=\"html.default\">\n\t\t\t\t\t<div class=\"iwg-pill-row\"><span class=\"iwg-klasse-badge\" tabindex=\"0\" data-tooltip=\"S\u00edmbol de protecci\u00f3, amulet o objecte apotropaic.\">S\u00edmbol de protecci\u00f3<\/span><a href=\"https:\/\/iwell-guard.com\/ca\/simbols-de-proteccio\/\" class=\"iwg-kultur-badge\" tabindex=\"0\" data-tooltip=\"Tradici\u00f3 de protecci\u00f3: Transcultural\">Transcultural<\/a><span class=\"iwg-tradition-badge\" tabindex=\"0\" data-tooltip=\"Una acci\u00f3 ritual per repel\u00b7lir la desgr\u00e0cia.\">Ritu d'aversi\u00f3<\/span><\/div>\t\t\t\t<\/div>\n\t\t\t\t\t<\/div>\n\t\t\t\t<\/div>\n\t\t<div class=\"elementor-element elementor-element-iwgs-schutzkreis-hr e-con-full e-flex e-con e-parent\" data-id=\"iwgs-schutzkreis-hr\" data-element_type=\"container\" data-e-type=\"container\">\n\t\t\t\t<div class=\"elementor-element elementor-element-iwgs-schutzkreis-himg iwg-hero-image elementor-widget elementor-widget-image\" data-id=\"iwgs-schutzkreis-himg\" data-element_type=\"widget\" data-e-type=\"widget\" data-widget_type=\"image.default\">\n\t\t\t\t\t\t\t\t\t\t\t\t\t\t\t<img fetchpriority=\"high\" decoding=\"async\" width=\"683\" height=\"1024\" src=\"https:\/\/iwell-guard.com\/wp-content\/uploads\/2026\/05\/schutzsymbol_universell_schutzkreis-683x1024.webp\" class=\"attachment-large size-large wp-image-3578\" alt=\"El cercle de protecci\u00f3 com a delimitaci\u00f3 contra el mal\" srcset=\"https:\/\/iwell-guard.com\/wp-content\/uploads\/2026\/05\/schutzsymbol_universell_schutzkreis-683x1024.webp 683w, https:\/\/iwell-guard.com\/wp-content\/uploads\/2026\/05\/schutzsymbol_universell_schutzkreis-200x300.webp 200w, https:\/\/iwell-guard.com\/wp-content\/uploads\/2026\/05\/schutzsymbol_universell_schutzkreis-768x1152.webp 768w, https:\/\/iwell-guard.com\/wp-content\/uploads\/2026\/05\/schutzsymbol_universell_schutzkreis.webp 1024w\" sizes=\"(max-width: 683px) 100vw, 683px\" \/>\t\t\t\t\t\t\t\t\t\t\t\t\t\t\t<\/div>\n\t\t\t\t<\/div>\n\t\t\t\t<\/div>\n\t\t\t\t\t<\/div>\n\t\t\t\t<\/div>\n\t\t<div class=\"elementor-element elementor-element-iwgs-schutzkreis-s0 e-flex e-con-boxed e-con e-parent\" data-id=\"iwgs-schutzkreis-s0\" data-element_type=\"container\" data-e-type=\"container\">\n\t\t\t\t\t<div class=\"e-con-inner\">\n\t\t\t\t<div class=\"elementor-element elementor-element-iwgs-schutzkreis-s0h elementor-widget elementor-widget-heading\" data-id=\"iwgs-schutzkreis-s0h\" data-element_type=\"widget\" data-e-type=\"widget\" data-widget_type=\"heading.default\">\n\t\t\t\t\t<h2 class=\"elementor-heading-title elementor-size-default\">Delimitaci\u00f3 conceptual: qu\u00e8 \u00e9s el cercle de protecci\u00f3<\/h2>\t\t\t\t<\/div>\n\t\t<div class=\"elementor-element elementor-element-iw-schutzkreis-s0-bw e-con-full e-flex e-con e-child\" data-id=\"iw-schutzkreis-s0-bw\" data-element_type=\"container\" data-e-type=\"container\">\n\t\t<div class=\"elementor-element elementor-element-iwgs-schutzkreis-s0box e-con-full e-flex e-con e-parent\" data-id=\"iwgs-schutzkreis-s0box\" data-element_type=\"container\" data-e-type=\"container\">\n\t\t\t\t<div class=\"elementor-element elementor-element-iwgs-schutzkreis-s0t elementor-widget elementor-widget-text-editor\" data-id=\"iwgs-schutzkreis-s0t\" data-element_type=\"widget\" data-e-type=\"widget\" data-widget_type=\"text-editor.default\">\n\t\t\t\t\t\t\t\t\t<p>El cercle de protecci\u00f3 \u00e9s una l\u00ednia tancada, generalment circular, que es tra\u00e7a deliberadament al voltant d&#8217;un lloc, un objecte o una persona. La seva caracter\u00edstica distintiva \u00e9s la clausura. Nom\u00e9s la l\u00ednia ininterrompuda converteix una marca en una frontera que separa un espai interior d&#8217;un espai exterior.<\/p><p>La idea fonamental del cercle \u00e9s la delimitaci\u00f3. A l&#8217;interior hi ha un \u00e0mbit que ha de considerar-se protegit, i a l&#8217;exterior l&#8217;\u00e0mbit al qual s&#8217;atribueixen influ\u00e8ncies nocives. El cercle no \u00e9s, doncs, un motiu visual, sin\u00f3 alhora una acci\u00f3 i una l\u00ednia.<\/p><p>El cercle es pot tra\u00e7ar amb mitjans diversos. Es documenten l\u00ednies fetes amb guix, cendra, sal, farina o simplement solcs gravats a terra. Tamb\u00e9 caminar al voltant d&#8217;un espai o envoltar un lloc es podia entendre com el tra\u00e7at d&#8217;un cercle.<\/p><p>A m\u00e9s del cercle tra\u00e7at f\u00edsicament, existeix el cercle imaginat o pronunciat. En aquest cas, la frontera no es marca de manera visible, sin\u00f3 que es tra\u00e7a mitjan\u00e7ant paraules o la imaginaci\u00f3. Ambdues formes segueixen el mateix principi de delimitaci\u00f3.<\/p><p>Dins dels <a href=\"https:\/\/iwell-guard.com\/ca\/simbols-de-proteccio\/\">s\u00edmbols de protecci\u00f3<\/a>, el cercle forma part de les formes de protecci\u00f3 geom\u00e8triques. No treballa amb una imatge reconeixible, sin\u00f3 amb una forma pura que en moltes cultures es considera expressi\u00f3 de clausura i totalitat.<\/p><p>El cercle de protecci\u00f3 apareix tant com a acci\u00f3 puntual dins d&#8217;un <span class=\"iwg-fachbegriff\" data-tooltip=\"Una seq\u00fc\u00e8ncia regulada d'accions simb\u00f2liques amb significat religi\u00f3s o cultural.\" tabindex=\"0\">ritual<\/span> com a marca permanent. En el primer cas desapareix despr\u00e9s de l&#8217;\u00fas, en el segon roman com a l\u00ednia al lloc, per exemple com a cercle al voltant d&#8217;un edifici.<\/p>\t\t\t\t\t\t\t\t<\/div>\n\t\t\t\t<\/div>\n\t\t\t\t<\/div>\n\t\t\t\t\t<\/div>\n\t\t\t\t<\/div>\n\t\t<div class=\"elementor-element elementor-element-iwgs-schutzkreis-s1 e-flex e-con-boxed e-con e-parent\" data-id=\"iwgs-schutzkreis-s1\" data-element_type=\"container\" data-e-type=\"container\">\n\t\t\t\t\t<div class=\"e-con-inner\">\n\t\t\t\t<div class=\"elementor-element elementor-element-iwgs-schutzkreis-s1h elementor-widget elementor-widget-heading\" data-id=\"iwgs-schutzkreis-s1h\" data-element_type=\"widget\" data-e-type=\"widget\" data-widget_type=\"heading.default\">\n\t\t\t\t\t<h2 class=\"elementor-heading-title elementor-size-default\">Origen i profunditat hist\u00f2rica del cercle de protecci\u00f3<\/h2>\t\t\t\t<\/div>\n\t\t<div class=\"elementor-element elementor-element-iw-schutzkreis-s1-bw e-con-full e-flex e-con e-child\" data-id=\"iw-schutzkreis-s1-bw\" data-element_type=\"container\" data-e-type=\"container\">\n\t\t<div class=\"elementor-element elementor-element-iwgs-schutzkreis-s1box e-con-full e-flex e-con e-parent\" data-id=\"iwgs-schutzkreis-s1box\" data-element_type=\"container\" data-e-type=\"container\">\n\t\t\t\t<div class=\"elementor-element elementor-element-iwgs-schutzkreis-s1t elementor-widget elementor-widget-text-editor\" data-id=\"iwgs-schutzkreis-s1t\" data-element_type=\"widget\" data-e-type=\"widget\" data-widget_type=\"text-editor.default\">\n\t\t\t\t\t\t\t\t\t<p>El cercle com a forma de protecci\u00f3 dif\u00edcilment es pot reduir a un \u00fanic origen. La idea d&#8217;una l\u00ednia fronterera tancada es documenta de manera independent en molt\u00edssimes cultures, la qual cosa fa improbable un origen unitari.<\/p><p>De l&#8217;antic Orient es coneixen accions de purificaci\u00f3 i protecci\u00f3 en les quals un lloc es delimitava escampant farina o tra\u00e7ant l\u00ednies. Els textos d&#8217;encanteris mesopot\u00e0mics esmenten l&#8217;acte d&#8217;envoltar un malalt o una casa amb una marca protectora.<\/p><p>En l&#8217;<span class=\"iwg-fachbegriff\" data-tooltip=\"\u00c8poca de la cultura grega i romana, aproximadament del 800 aC al 600 dC\" tabindex=\"0\">Antiguitat<\/span> grega i romana, els espais envoltats o delimitats tenien un paper en el <span class=\"iwg-fachbegriff\" data-tooltip=\"El conjunt d'accions de veneraci\u00f3 religiosa envers una divinitat o figura sagrada.\" tabindex=\"0\">culte<\/span> i en el dret. Els recintes sagrats es marcaven mitjan\u00e7ant fronteres, i caminar al voltant d&#8217;un territori servia per a la seva determinaci\u00f3 ritual.<\/p><p>A l&#8217;Europa medieval i en l&#8217;\u00e8poca moderna primerenca, el cercle tra\u00e7at apareix de manera destacada en llibres d&#8217;encanteris i de m\u00e0gia. All\u00e0 esdev\u00e9 el cercle de posici\u00f3 del mag, que ha de romandre dins de la l\u00ednia, mentre que a l&#8217;exterior es pensaven les forces invocades.<\/p><p>Paral\u00b7lelament, el cercle de protecci\u00f3 senzill va perdurar en el <span class=\"iwg-fachbegriff\" data-tooltip=\"Una acci\u00f3 transmesa i repetida regularment en una comunitat.\" tabindex=\"0\">costum<\/span> pag\u00e8s. Aqu\u00ed s&#8217;utilitzava sense doctrina d&#8217;encanteris erudita, per exemple com a l\u00ednia al voltant de la casa, l&#8217;estable o el bestiar. Aquesta l\u00ednia popular s&#8217;ha de distingir de la <span class=\"iwg-fachbegriff\" data-tooltip=\"Pr\u00e0ctiques que pretenen intervenir en el curs dels esdeveniments mitjan\u00e7ant accions o f\u00f3rmules especials.\" tabindex=\"0\">m\u00e0gia<\/span> erudita.<\/p><p>En conjunt, el cercle de protecci\u00f3 es mostra com un procediment documentat al llarg de mil\u00b7lennis i a trav\u00e9s de moltes cultures. La seva hist\u00f2ria \u00e9s menys la d&#8217;un motiu itinerant que la d&#8217;una forma b\u00e0sica sorgida repetidament de nou.<\/p>\t\t\t\t\t\t\t\t<\/div>\n\t\t\t\t<\/div>\n\t\t\t\t<\/div>\n\t\t\t\t\t<\/div>\n\t\t\t\t<\/div>\n\t\t<div class=\"elementor-element elementor-element-iwgs-schutzkreis-s2 e-flex e-con-boxed e-con e-parent\" data-id=\"iwgs-schutzkreis-s2\" data-element_type=\"container\" data-e-type=\"container\">\n\t\t\t\t\t<div class=\"e-con-inner\">\n\t\t\t\t<div class=\"elementor-element elementor-element-iwgs-schutzkreis-s2h elementor-widget elementor-widget-heading\" data-id=\"iwgs-schutzkreis-s2h\" data-element_type=\"widget\" data-e-type=\"widget\" data-widget_type=\"heading.default\">\n\t\t\t\t\t<h2 class=\"elementor-heading-title elementor-size-default\">La concepci\u00f3 subjacent de la frontera protectora<\/h2>\t\t\t\t<\/div>\n\t\t<div class=\"elementor-element elementor-element-iw-schutzkreis-s2-bw e-con-full e-flex e-con e-child\" data-id=\"iw-schutzkreis-s2-bw\" data-element_type=\"container\" data-e-type=\"container\">\n\t\t<div class=\"elementor-element elementor-element-iwgs-schutzkreis-s2box e-con-full e-flex e-con e-parent\" data-id=\"iwgs-schutzkreis-s2box\" data-element_type=\"container\" data-e-type=\"container\">\n\t\t\t\t<div class=\"elementor-element elementor-element-iwgs-schutzkreis-s2t elementor-widget elementor-widget-text-editor\" data-id=\"iwgs-schutzkreis-s2t\" data-element_type=\"widget\" data-e-type=\"widget\" data-widget_type=\"text-editor.default\">\n\t\t\t\t\t\t\t\t\t<p>El nucli de pensament del cercle de protecci\u00f3 \u00e9s la separaci\u00f3 entre l&#8217;interior i l&#8217;exterior. Molts sistemes de creences populars parteixen de la idea que les influ\u00e8ncies nocives han d&#8217;entrar en un espai per poder actuar. Una l\u00ednia tra\u00e7ada ha de precisament evitar aquesta entrada.<\/p><p>El cercle es considera una forma de l\u00edmit especialment apta perqu\u00e8 no t\u00e9 ni principi ni fi. Una l\u00ednia tancada no t\u00e9 cap punt on el l\u00edmit quedi obert. Aquesta continu\u00eftat sense escletxes es va entendre com la imatge d&#8217;una protecci\u00f3 completa.<\/p><p>En moltes tradicions \u00e9s important la ininterrupci\u00f3 de la l\u00ednia. Si la l\u00ednia es trenca en algun punt, el cercle es considera inefica\u00e7, perqu\u00e8 el l\u00edmit hi queda obert. Aquesta idea deixa clar que all\u00f2 essencial \u00e9s la forma tancada en si mateixa.<\/p><p>El material escollit t\u00e9 un significat propi. La sal, la cendra i el ferro es consideraven en moltes cultures subst\u00e0ncies repel\u00b7lents per si mateixes. Un cercle fet amb aquest tipus de material unia la idea del l\u00edmit amb la idea d&#8217;una subst\u00e0ncia efica\u00e7.<\/p><p>Tamb\u00e9 tenia import\u00e0ncia l&#8217;acte de tra\u00e7ar-lo. El cercle es formava mitjan\u00e7ant un moviment conscient, sovint acompanyat de paraules. Aquesta combinaci\u00f3 de moviment, l\u00ednia i paraula convertia el tra\u00e7at en un <span class=\"iwg-fachbegriff\" data-tooltip=\"Una seq\u00fc\u00e8ncia regulada d'accions simb\u00f2liques amb significat religi\u00f3s o cultural.\" tabindex=\"0\">ritual<\/span> i no nom\u00e9s en una simple marca.<\/p><p>La concepci\u00f3 aqu\u00ed descrita \u00e9s una explicaci\u00f3 d&#8217;hist\u00f2ria cultural sobre per qu\u00e8 el cercle es considerava protector. Descriu una creen\u00e7a, no un efecte demostrat. La recerca documenta la creen\u00e7a sense confirmar-la.<\/p>\t\t\t\t\t\t\t\t<\/div>\n\t\t\t\t<\/div>\n\t\t\t\t<\/div>\n\t\t\t\t\t<\/div>\n\t\t\t\t<\/div>\n\t\t<div class=\"elementor-element elementor-element-iwgs-schutzkreis-s3 e-flex e-con-boxed e-con e-parent\" data-id=\"iwgs-schutzkreis-s3\" data-element_type=\"container\" data-e-type=\"container\">\n\t\t\t\t\t<div class=\"e-con-inner\">\n\t\t\t\t<div class=\"elementor-element elementor-element-iwgs-schutzkreis-s3h elementor-widget elementor-widget-heading\" data-id=\"iwgs-schutzkreis-s3h\" data-element_type=\"widget\" data-e-type=\"widget\" data-widget_type=\"heading.default\">\n\t\t\t\t\t<h2 class=\"elementor-heading-title elementor-size-default\">Exemples de l'antiguitat i del Pr\u00f2xim Orient<\/h2>\t\t\t\t<\/div>\n\t\t<div class=\"elementor-element elementor-element-iw-schutzkreis-s3-bw e-con-full e-flex e-con e-child\" data-id=\"iw-schutzkreis-s3-bw\" data-element_type=\"container\" data-e-type=\"container\">\n\t\t<div class=\"elementor-element elementor-element-iwgs-schutzkreis-s3box e-con-full e-flex e-con e-parent\" data-id=\"iwgs-schutzkreis-s3box\" data-element_type=\"container\" data-e-type=\"container\">\n\t\t\t\t<div class=\"elementor-element elementor-element-iwgs-schutzkreis-s3t elementor-widget elementor-widget-text-editor\" data-id=\"iwgs-schutzkreis-s3t\" data-element_type=\"widget\" data-e-type=\"widget\" data-widget_type=\"text-editor.default\">\n\t\t\t\t\t\t\t\t\t<p>En els rituals d&#8217;encanteris mesopot\u00e0mics, sovint s&#8217;envoltava una persona malalta o un lloc en perill amb una l\u00ednia de farina. Aquesta l\u00ednia havia de delimitar una zona on no poguessin penetrar les forces nocives. Els textos descriuen el procediment exacte.<\/p><p>Les fonts mesopot\u00e0miques tamb\u00e9 coneixen la col\u00b7locaci\u00f3 de figures al llarg d&#8217;aquesta mena de l\u00edmit. Petites figures d&#8217;argila s&#8217;enterraven als llindars i al llarg de les l\u00ednies, i havien de refor\u00e7ar encara m\u00e9s la seguretat de la zona delimitada.<\/p><p>En el m\u00f3n grec, els recintes sagrats es marcaven amb fites i murs. L&#8217;acc\u00e9s a aquests espais estava subjecte a normes, i el l\u00edmit separava un espai consagrat d&#8217;un espai ordinari.<\/p><p>En el <span class=\"iwg-fachbegriff\" data-tooltip=\"Un costum transm\u00e8s i repetit regularment en una comunitat.\" tabindex=\"0\">costum<\/span> rom\u00e0, el fet de rec\u00f3rrer el per\u00edmetre d&#8217;un territori tenia un lloc fix en la fundaci\u00f3 de ciutats i en actes religiosos. La superf\u00edcie delimitada es considerava determinada i protegida contra intervencions externes.<\/p><p>De la m\u00e0gia antiga es coneixen textos d&#8217;encanteris en qu\u00e8 un lloc es delimitava mitjan\u00e7ant paraules o signes. Aquests textos combinen la l\u00ednia amb f\u00f3rmules pronunciades i amb signes inscrits.<\/p><p>Aquests exemples mostren que la superf\u00edcie delimitada tenia un paper en el <span class=\"iwg-fachbegriff\" data-tooltip=\"El conjunt d'actes de veneraci\u00f3 religiosa cap a una divinitat o figura sagrada.\" tabindex=\"0\">culte<\/span>, el dret i la <span class=\"iwg-fachbegriff\" data-tooltip=\"Pr\u00e0ctiques que pretenen intervenir en el curs dels fets mitjan\u00e7ant accions o f\u00f3rmules especials.\" tabindex=\"0\">m\u00e0gia<\/span> tant a la Mediterr\u00e0nia antiga com al Pr\u00f2xim Orient. El cercle de protecci\u00f3, doncs, no es limita a un \u00fanic \u00e0mbit.<\/p><p>Tamb\u00e9 de l&#8217;antic Egipte es documenten zones delimitades relacionades amb la protecci\u00f3 i la puresa. Els recintes dels temples i les tombes es separaven de l&#8217;espai circumdant mitjan\u00e7ant murs i l\u00ednies, i als l\u00edmits apareixen inscripcions que declaren l&#8217;espai interior com <span class=\"iwg-fachbegriff\" data-tooltip=\"Lliurat al sagrat mitjan\u00e7ant un acte religi\u00f3s i, per tant, separat de l'\u00e0mbit quotidi\u00e0.\" tabindex=\"0\">consagrat<\/span>.<\/p><p>Aquesta superf\u00edcie delimitada servia all\u00e0 tant per a la determinaci\u00f3 cultual com per a la defensa contra influ\u00e8ncies considerades impures.<\/p>\t\t\t\t\t\t\t\t<\/div>\n\t\t\t\t<\/div>\n\t\t\t\t<\/div>\n\t\t\t\t\t<\/div>\n\t\t\t\t<\/div>\n\t\t<div class=\"elementor-element elementor-element-iwgs-schutzkreis-s4 e-flex e-con-boxed e-con e-parent\" data-id=\"iwgs-schutzkreis-s4\" data-element_type=\"container\" data-e-type=\"container\">\n\t\t\t\t\t<div class=\"e-con-inner\">\n\t\t\t\t<div class=\"elementor-element elementor-element-iwgs-schutzkreis-s4h elementor-widget elementor-widget-heading\" data-id=\"iwgs-schutzkreis-s4h\" data-element_type=\"widget\" data-e-type=\"widget\" data-widget_type=\"heading.default\">\n\t\t\t\t\t<h2 class=\"elementor-heading-title elementor-size-default\">Exemples de la m\u00e0gia popular europea<\/h2>\t\t\t\t<\/div>\n\t\t<div class=\"elementor-element elementor-element-iw-schutzkreis-s4-bw e-con-full e-flex e-con e-child\" data-id=\"iw-schutzkreis-s4-bw\" data-element_type=\"container\" data-e-type=\"container\">\n\t\t<div class=\"elementor-element elementor-element-iwgs-schutzkreis-s4box e-con-full e-flex e-con e-parent\" data-id=\"iwgs-schutzkreis-s4box\" data-element_type=\"container\" data-e-type=\"container\">\n\t\t\t\t<div class=\"elementor-element elementor-element-iwgs-schutzkreis-s4t elementor-widget elementor-widget-text-editor\" data-id=\"iwgs-schutzkreis-s4t\" data-element_type=\"widget\" data-e-type=\"widget\" data-widget_type=\"text-editor.default\">\n\t\t\t\t\t\t\t\t\t<p>En la m\u00e0gia popular europea, el cercle de protecci\u00f3 est\u00e0 documentat en m\u00faltiples ocasions. Els reculls de folklore parlen de cercles tra\u00e7ats amb guix, cendra o sal al voltant de llits, bressols, estables i rebosts.<\/p><p>Sovint el cercle es tra\u00e7ava en moments determinats, per exemple durant nits a les quals s&#8217;atribu\u00efa un risc m\u00e9s elevat. Els encanteris acompanyants i l&#8217;elecci\u00f3 d&#8217;un material concret formaven part del <span class=\"iwg-fachbegriff\" data-tooltip=\"Un costum transm\u00e8s i repetit regularment en una comunitat.\" tabindex=\"0\">costum<\/span> en moltes regions.<\/p><p>De la m\u00e0gia erudita de l&#8217;\u00e8poca moderna primerenca es coneix el cercle d&#8217;invocaci\u00f3. Els llibres de m\u00e0gia descriuen un cercle dins del qual s&#8217;havia de situar la persona que el practicava, sovint amb noms i signes inscrits. Aquesta l\u00ednia servia per protegir qui invocava.<\/p><p>En el <span class=\"iwg-fachbegriff\" data-tooltip=\"Un costum transm\u00e8s i repetit regularment en una comunitat.\" tabindex=\"0\">costum<\/span> pag\u00e8s, el cercle s&#8217;utilitzava sense aquesta doctrina erudita. Aqu\u00ed havia de delimitar la casa, el corral i el bestiar de les influ\u00e8ncies considerades nocives. Aquesta l\u00ednia senzilla s&#8217;ha de distingir de la <span class=\"iwg-fachbegriff\" data-tooltip=\"Un ritual verbal destinat a invocar o retenir un poder.\" tabindex=\"0\">invocaci\u00f3<\/span> erudita.<\/p><p>Els testimonis sobre el cercle de protecci\u00f3 documenten les expectatives de qui el practicava, no un efecte comprovat. Mostren que tra\u00e7ar un l\u00edmit es percebia com un acte tranquil\u00b7litzador i generador de seguretat.<\/p><p>Amb el declivi dels costums m\u00e0gics dom\u00e8stics, el cercle de protecci\u00f3 va perdre el seu paper quotidi\u00e0. Es va conservar com a objecte de registres folkl\u00f2rics i en alguns costums transmesos localment.<\/p><p>Les fonts folkl\u00f2riques de l&#8217;\u00e0mbit de parla alemanya assenyalen, a m\u00e9s, que el cercle no nom\u00e9s es tra\u00e7ava al voltant de llocs, sin\u00f3 tamb\u00e9 al voltant d&#8217;accions concretes. En anar a buscar un indret d&#8217;herbes o en excavar per trobar un objecte considerat significatiu, de vegades es tra\u00e7ava primer una l\u00ednia. El diccionari manual de la superstici\u00f3 alemanya (Handw\u00f6rterbuch des deutschen Aberglaubens) registra aquests costums en diverses regions.<\/p>\t\t\t\t\t\t\t\t<\/div>\n\t\t\t\t<\/div>\n\t\t\t\t<\/div>\n\t\t\t\t\t<\/div>\n\t\t\t\t<\/div>\n\t\t<div class=\"elementor-element elementor-element-iwgs-schutzkreis-s5 e-flex e-con-boxed e-con e-parent\" data-id=\"iwgs-schutzkreis-s5\" data-element_type=\"container\" data-e-type=\"container\">\n\t\t\t\t\t<div class=\"e-con-inner\">\n\t\t\t\t<div class=\"elementor-element elementor-element-iwgs-schutzkreis-s5h elementor-widget elementor-widget-heading\" data-id=\"iwgs-schutzkreis-s5h\" data-element_type=\"widget\" data-e-type=\"widget\" data-widget_type=\"heading.default\">\n\t\t\t\t\t<h2 class=\"elementor-heading-title elementor-size-default\">Exemples de l'\u00c0sia i d'altres cultures<\/h2>\t\t\t\t<\/div>\n\t\t<div class=\"elementor-element elementor-element-iw-schutzkreis-s5-bw e-con-full e-flex e-con e-child\" data-id=\"iw-schutzkreis-s5-bw\" data-element_type=\"container\" data-e-type=\"container\">\n\t\t<div class=\"elementor-element elementor-element-iwgs-schutzkreis-s5box e-con-full e-flex e-con e-parent\" data-id=\"iwgs-schutzkreis-s5box\" data-element_type=\"container\" data-e-type=\"container\">\n\t\t\t\t<div class=\"elementor-element elementor-element-iwgs-schutzkreis-s5t elementor-widget elementor-widget-text-editor\" data-id=\"iwgs-schutzkreis-s5t\" data-element_type=\"widget\" data-e-type=\"widget\" data-widget_type=\"text-editor.default\">\n\t\t\t\t\t\t\t\t\t<p>Al sud d&#8217;\u00c0sia es coneixen des de l&#8217;\u00e0mbit dom\u00e8stic superf\u00edcies delimitades i decorades amb motius. Davant dels llindars es col\u00b7loquen dibuixos fets amb farina o pols de colors, que marquen i alhora decoren un espai determinat.<\/p><p>En la tradici\u00f3 tibetano-budista i en la tradici\u00f3 hind\u00fa, els diagrames de forma circular tenen un paper important en l&#8217;organitzaci\u00f3 i delimitaci\u00f3 d&#8217;un espai. Aquests diagrames formen part de la pr\u00e0ctica ritual i es creen nom\u00e9s per la durada d&#8217;un ritual.<\/p><p>En algunes zones d&#8217;\u00c0frica es documenta el tra\u00e7at de l\u00ednies i l&#8217;escampament de subst\u00e0ncies al voltant d&#8217;habitatges i de persones malaltes. La superf\u00edcie aix\u00ed delimitada s&#8217;ha de considerar un espai segur.<\/p><p>En costums dom\u00e8stics de l&#8217;\u00c0sia oriental, un espai es delimita de vegades escampant sal o col\u00b7locant signes als seus l\u00edmits. Aqu\u00ed tamb\u00e9 predomina la idea de frontera.<\/p><p>M\u00e9s enll\u00e0 d&#8217;aquests \u00e0mbits, es veu que la l\u00ednia de frontera tancada no \u00e9s un <span class=\"iwg-fachbegriff\" data-tooltip=\"Un element de contingut recurrent en l'art o en la narraci\u00f3.\" tabindex=\"0\">motiu<\/span> propi d&#8217;una \u00fanica cultura. Apareix en entorns religiosos molt diferents i s&#8217;associa cada vegada amb idees locals pr\u00f2pies.<\/p><p>La diversitat d&#8217;exemples deixa clar que el cercle de protecci\u00f3 s&#8217;ha d&#8217;entendre com una forma b\u00e0sica. Sorgeix arreu on les persones volen separar conscientment un espai d&#8217;un altre.<\/p><p>En la tradici\u00f3 japonesa, davant de solars de construcci\u00f3 i a les entrades, de vegades es marca un espai amb cordes esteses i tires de paper. Aquesta marca indica que una superf\u00edcie ha estat purificada i protegida. Segueix la mateixa idea b\u00e0sica de la frontera tra\u00e7ada conscientment que tamb\u00e9 fonamenta el cercle de protecci\u00f3 europeu.<\/p>\t\t\t\t\t\t\t\t<\/div>\n\t\t\t\t<\/div>\n\t\t\t\t<\/div>\n\t\t\t\t\t<\/div>\n\t\t\t\t<\/div>\n\t\t<div class=\"elementor-element elementor-element-iwgs-schutzkreis-s6 e-flex e-con-boxed e-con e-parent\" data-id=\"iwgs-schutzkreis-s6\" data-element_type=\"container\" data-e-type=\"container\">\n\t\t\t\t\t<div class=\"e-con-inner\">\n\t\t\t\t<div class=\"elementor-element elementor-element-iwgs-schutzkreis-s6h elementor-widget elementor-widget-heading\" data-id=\"iwgs-schutzkreis-s6h\" data-element_type=\"widget\" data-e-type=\"widget\" data-widget_type=\"heading.default\">\n\t\t\t\t\t<h2 class=\"elementor-heading-title elementor-size-default\">Aplicaci\u00f3 en el ritual i la vida quotidiana<\/h2>\t\t\t\t<\/div>\n\t\t<div class=\"elementor-element elementor-element-iw-schutzkreis-s6-bw e-con-full e-flex e-con e-child\" data-id=\"iw-schutzkreis-s6-bw\" data-element_type=\"container\" data-e-type=\"container\">\n\t\t<div class=\"elementor-element elementor-element-iwgs-schutzkreis-s6box e-con-full e-flex e-con e-parent\" data-id=\"iwgs-schutzkreis-s6box\" data-element_type=\"container\" data-e-type=\"container\">\n\t\t\t\t<div class=\"elementor-element elementor-element-iwgs-schutzkreis-s6t elementor-widget elementor-widget-text-editor\" data-id=\"iwgs-schutzkreis-s6t\" data-element_type=\"widget\" data-e-type=\"widget\" data-widget_type=\"text-editor.default\">\n\t\t\t\t\t\t\t\t\t<p>El cercle de protecci\u00f3 s&#8217;acostuma a tra\u00e7ar seguint un ordre determinat. Sovint es documenta una direcci\u00f3 fixa, per exemple seguint el curs del sol, aix\u00ed com un punt d&#8217;inici i de tancament clar de la l\u00ednia.<\/p><p>En contextos rituals, sovint un text parlat acompanya el tra\u00e7at. Paraula i moviment van units, i el cercle nom\u00e9s es considera complet quan la l\u00ednia est\u00e0 tancada i la f\u00f3rmula ha acabat.<\/p><p>En la vida quotidiana, el cercle es tra\u00e7ava sobretot en llocs considerats perillosos, com al voltant d&#8217;un bressol, d&#8217;un llit de malalt o d&#8217;un estable. La l\u00ednia havia de delimitar un espai determinat durant una nit o una ocasi\u00f3 concreta.<\/p><p>Els cercles permanents s\u00f3n menys freq\u00fcents, per\u00f2 estan documentats. Aix\u00ed, un edifici es podia envoltar simb\u00f2licament una vegada, o una l\u00ednia podia quedar-hi com a marca. En aquests casos, el cercle actuava com una frontera duradora.<\/p><p>La dissoluci\u00f3 del cercle era, en algunes tradicions, un pas propi. L&#8217;espai nom\u00e9s s&#8217;havia d&#8217;abandonar despr\u00e9s d&#8217;una obertura conscient. En altres costums, el cercle simplement desapareixia en esborrar-se la l\u00ednia.<\/p><p>No existeix un ordre ritual \u00fanic per al cercle de protecci\u00f3. La forma exacta depenia de la regi\u00f3, la tradici\u00f3 i l&#8217;ocasi\u00f3, tal com ha constatat repetidament la recerca etnol\u00f2gica.<\/p>\t\t\t\t\t\t\t\t<\/div>\n\t\t\t\t<\/div>\n\t\t\t\t<\/div>\n\t\t\t\t\t<\/div>\n\t\t\t\t<\/div>\n\t\t<div class=\"elementor-element elementor-element-iwgs-schutzkreis-s7 e-flex e-con-boxed e-con e-parent\" data-id=\"iwgs-schutzkreis-s7\" data-element_type=\"container\" data-e-type=\"container\">\n\t\t\t\t\t<div class=\"e-con-inner\">\n\t\t\t\t<div class=\"elementor-element elementor-element-iwgs-schutzkreis-s7h elementor-widget elementor-widget-heading\" data-id=\"iwgs-schutzkreis-s7h\" data-element_type=\"widget\" data-e-type=\"widget\" data-widget_type=\"heading.default\">\n\t\t\t\t\t<h2 class=\"elementor-heading-title elementor-size-default\">Formes de protecci\u00f3 relacionades i delimitaci\u00f3<\/h2>\t\t\t\t<\/div>\n\t\t<div class=\"elementor-element elementor-element-iw-schutzkreis-s7-bw e-con-full e-flex e-con e-child\" data-id=\"iw-schutzkreis-s7-bw\" data-element_type=\"container\" data-e-type=\"container\">\n\t\t<div class=\"elementor-element elementor-element-iwgs-schutzkreis-s7box e-con-full e-flex e-con e-parent\" data-id=\"iwgs-schutzkreis-s7box\" data-element_type=\"container\" data-e-type=\"container\">\n\t\t\t\t<div class=\"elementor-element elementor-element-iwgs-schutzkreis-s7t elementor-widget elementor-widget-text-editor\" data-id=\"iwgs-schutzkreis-s7t\" data-element_type=\"widget\" data-e-type=\"widget\" data-widget_type=\"text-editor.default\">\n\t\t\t\t\t\t\t\t\t<p>El cercle de protecci\u00f3 est\u00e0 estretament relacionat amb la protecci\u00f3 del llindar. Ambd\u00f3s treballen amb la idea de frontera. Mentre que el cercle envolta tot un espai, la protecci\u00f3 del llindar assegura l&#8217;obertura concreta per on s&#8217;entra en un espai.<\/p><p>Tamb\u00e9 hi ha una relaci\u00f3 amb l&#8217;\u00fas de sal i llimadures de ferro escampades. Aquestes subst\u00e0ncies s&#8217;aplicaven sovint seguint una l\u00ednia, unint aix\u00ed la idea de frontera amb la idea d&#8217;una subst\u00e0ncia apotropaica.<\/p><p>El cercle es distingeix clarament de l&#8217;amulet amb imatge. Els motius d&#8217;ulls, mans o animals actuen mitjan\u00e7ant una imatge reconeixible. El cercle, en canvi, \u00e9s una forma pura i un acte. Pertany al grup geom\u00e8tric, no al grup figuratiu dels <a href=\"https:\/\/iwell-guard.com\/ca\/simbols-de-proteccio\/\">s\u00edmbols de protecci\u00f3<\/a>.<\/p><p>Cal distingir el cercle de protecci\u00f3 del motiu circular purament decoratiu o figuratiu. Un cercle pintat o gravat com a ornament no comporta necess\u00e0riament una interpretaci\u00f3 protectora. El que compta \u00e9s la funci\u00f3 de frontera tra\u00e7ada conscientment.<\/p><p>Tamb\u00e9 hi ha una frontera respecte al recinte consagrat en el dret religi\u00f3s. Els espais sagrats tamb\u00e9 estan delimitats, per\u00f2 el seu l\u00edmit serveix sobretot a una designaci\u00f3 jur\u00eddica i cultual, no principalment a la defensa.<\/p><p>Situar-lo en aquest context ajuda a definir amb precisi\u00f3 el cercle de protecci\u00f3. Es tracta d&#8217;una l\u00ednia de frontera tancada, tra\u00e7ada conscientment, amb funci\u00f3 defensiva, i es diferencia dels amulets amb imatge, dels motius decoratius i dels recintes consagrats.<\/p>\t\t\t\t\t\t\t\t<\/div>\n\t\t\t\t<\/div>\n\t\t\t\t<\/div>\n\t\t\t\t\t<\/div>\n\t\t\t\t<\/div>\n\t\t<div class=\"elementor-element elementor-element-iwgs-schutzkreis-s8 e-flex e-con-boxed e-con e-parent\" data-id=\"iwgs-schutzkreis-s8\" data-element_type=\"container\" data-e-type=\"container\">\n\t\t\t\t\t<div class=\"e-con-inner\">\n\t\t\t\t<div class=\"elementor-element elementor-element-iwgs-schutzkreis-s8h elementor-widget elementor-widget-heading\" data-id=\"iwgs-schutzkreis-s8h\" data-element_type=\"widget\" data-e-type=\"widget\" data-widget_type=\"heading.default\">\n\t\t\t\t\t<h2 class=\"elementor-heading-title elementor-size-default\">Recepci\u00f3 actual del cercle de protecci\u00f3<\/h2>\t\t\t\t<\/div>\n\t\t<div class=\"elementor-element elementor-element-iw-schutzkreis-s8-bw e-con-full e-flex e-con e-child\" data-id=\"iw-schutzkreis-s8-bw\" data-element_type=\"container\" data-e-type=\"container\">\n\t\t<div class=\"elementor-element elementor-element-iwgs-schutzkreis-s8box e-con-full e-flex e-con e-parent\" data-id=\"iwgs-schutzkreis-s8box\" data-element_type=\"container\" data-e-type=\"container\">\n\t\t\t\t<div class=\"elementor-element elementor-element-iwgs-schutzkreis-s8t elementor-widget elementor-widget-text-editor\" data-id=\"iwgs-schutzkreis-s8t\" data-element_type=\"widget\" data-e-type=\"widget\" data-widget_type=\"text-editor.default\">\n\t\t\t\t\t\t\t\t\t<p>En l&#8217;<span class=\"iwg-fachbegriff\" data-tooltip=\"Terme gen\u00e8ric per a doctrines que reclamen un coneixement ocult, accessible nom\u00e9s als iniciats.\" tabindex=\"0\">esoterisme<\/span> modern, el cercle de protecci\u00f3 \u00e9s un element utilitzat sovint. En corrents neopagans i de m\u00e0gia ritual, tra\u00e7ar un cercle s&#8217;ent\u00e9n com l&#8217;obertura d&#8217;un acte ritual i de vegades s&#8217;associa a procediments fixos.<\/p><p>Aquestes pr\u00e0ctiques actuals sovint es remeten a models hist\u00f2rics, per\u00f2 els reformulen. La recerca en ci\u00e8ncies de la religi\u00f3 les descriu com una tradici\u00f3 moderna pr\u00f2pia, diferent dels antics costums etnol\u00f2gics.<\/p><p>Als rituals moderns amb cercles se&#8217;ls atribueixen de vegades certs efectes. Aquestes afirmacions no estan demostrades. El cercle s&#8217;ha d&#8217;entendre com un <span class=\"iwg-fachbegriff\" data-tooltip=\"Un signe que representa una idea o un significat.\" tabindex=\"0\">s\u00edmbol<\/span> cultural i com un acte ritual, no com un mitj\u00e0 de protecci\u00f3 comprovable.<\/p><p>En la cultura popular, el cercle de protecci\u00f3 apareix sovint en pel\u00b7l\u00edcules, novel\u00b7les i jocs, generalment com un cercle tra\u00e7at al voltant d&#8217;una persona que vol protegir-se d&#8217;una amena\u00e7a. Aquestes representacions recullen el <span class=\"iwg-fachbegriff\" data-tooltip=\"Un element de contingut recurrent en l'art o en la narraci\u00f3.\" tabindex=\"0\">motiu<\/span> i l&#8217;exageren.<\/p><p>Per a la <span class=\"iwg-fachbegriff\" data-tooltip=\"La ci\u00e8ncia que estudia les religions de manera comparativa i sense vincle de fe.\" tabindex=\"0\">ci\u00e8ncia de la religi\u00f3<\/span>, el cercle de protecci\u00f3 \u00e9s un exemple clar d&#8217;un principi de protecci\u00f3 basat en l&#8217;espai i la frontera. Mostra com una idea geom\u00e8trica senzilla va sorgir de manera independent en moltes cultures.<\/p><p>Qui s&#8217;interessi avui pel cercle de protecci\u00f3 hi trobar\u00e0 sobretot un tema d&#8217;hist\u00f2ria cultural. Un plantejament objectiu separa la hist\u00f2ria documentada del costum de les promeses modernes d&#8217;efectes, que no resisteixen una an\u00e0lisi rigorosa.<\/p><p>En la recerca sobre cultura material, les l\u00ednies circulars gravades o pintades al terra s\u00f3n objecte d&#8217;estudi, sempre que s&#8217;hagin conservat. Es documenten i s&#8217;interpreten com a testimonis de costums passats. D&#8217;aquesta manera, el cercle de protecci\u00f3 es mant\u00e9 present tamb\u00e9 all\u00e0 on la creen\u00e7a que li donava sentit ja no \u00e9s viva.<\/p>\t\t\t\t\t\t\t\t<\/div>\n\t\t\t\t<\/div>\n\t\t\t\t<\/div>\n\t\t\t\t\t<\/div>\n\t\t\t\t<\/div>\n\t\t<div class=\"elementor-element elementor-element-iwgs-schutzkreis-lit e-flex e-con-boxed e-con e-parent\" data-id=\"iwgs-schutzkreis-lit\" data-element_type=\"container\" data-e-type=\"container\">\n\t\t\t\t\t<div class=\"e-con-inner\">\n\t\t\t\t<div class=\"elementor-element elementor-element-iwgs-schutzkreis-lith elementor-widget elementor-widget-heading\" data-id=\"iwgs-schutzkreis-lith\" data-element_type=\"widget\" data-e-type=\"widget\" data-widget_type=\"heading.default\">\n\t\t\t\t\t<h2 class=\"elementor-heading-title elementor-size-default\">Bibliografia (selecci\u00f3)<\/h2>\t\t\t\t<\/div>\n\t\t<div class=\"elementor-element elementor-element-iw-schutzkreis-lit-bw e-con-full e-flex e-con e-child\" data-id=\"iw-schutzkreis-lit-bw\" data-element_type=\"container\" data-e-type=\"container\">\n\t\t<div class=\"elementor-element elementor-element-iwgs-schutzkreis-litbox e-con-full e-flex e-con e-parent\" data-id=\"iwgs-schutzkreis-litbox\" data-element_type=\"container\" data-e-type=\"container\">\n\t\t\t\t<div class=\"elementor-element elementor-element-iwgs-schutzkreis-litt elementor-widget elementor-widget-html\" data-id=\"iwgs-schutzkreis-litt\" data-element_type=\"widget\" data-e-type=\"widget\" data-widget_type=\"html.default\">\n\t\t\t\t\t<footer data-nosnippet=\"true\"><ul><li>Liselotte Hansmann, Lenz Kriss-Rettenbeck: <em>Amulett und Talisman. Erscheinungsform und Geschichte<\/em> (1966)<\/li><li>Mircea Eliade: <em>Das Heilige und das Profane<\/em> (1957)<\/li><li>Erich-Joachim Marg, Hanns B\u00e4chtold-St\u00e4ubli (Hrsg.): <em>Handw\u00f6rterbuch des deutschen Aberglaubens<\/em> (1927-1942)<\/li><li>Walter Burkert: <em>Griechische Religion der archaischen und klassischen Epoche<\/em> (1977)<\/li><li>Erica Reiner: <em>Astral Magic in Babylonia<\/em> (1995)<\/li><\/ul><\/footer>\t\t\t\t<\/div>\n\t\t\t\t<\/div>\n\t\t\t\t<\/div>\n\t\t\t\t\t<\/div>\n\t\t\t\t<\/div>\n\t\t<div class=\"elementor-element elementor-element-iwgs-schutzkreis-kwd e-flex e-con-boxed e-con e-parent\" data-id=\"iwgs-schutzkreis-kwd\" data-element_type=\"container\" data-e-type=\"container\">\n\t\t\t\t\t<div class=\"e-con-inner\">\n\t\t<div class=\"elementor-element elementor-element-iw-schutzkreis-kwd-bw e-con-full e-flex e-con e-child\" data-id=\"iw-schutzkreis-kwd-bw\" data-element_type=\"container\" data-e-type=\"container\">\n\t\t\t\t<div class=\"elementor-element elementor-element-iwgs-schutzkreis-kwdt elementor-widget elementor-widget-text-editor\" data-id=\"iwgs-schutzkreis-kwdt\" data-element_type=\"widget\" data-e-type=\"widget\" data-widget_type=\"text-editor.default\">\n\t\t\t\t\t\t\t\t\t<p><em>Conceptes clau relacionats: cercle de protecci\u00f3 cercle de conjur cercle d&#8217;invocaci\u00f3 l\u00ednia tra\u00e7ada l\u00edmit protector cercle de sal cercle de guix delimitaci\u00f3 <span class=\"iwg-fachbegriff\" data-tooltip=\"Que allunya la desgr\u00e0cia: dit de signes i objectes destinats a mantenir a dist\u00e0ncia les influ\u00e8ncies nocives.\" tabindex=\"0\">apotropaic<\/span> l\u00ednia tancada.<\/em><\/p>\t\t\t\t\t\t\t\t<\/div>\n\t\t\t\t<\/div>\n\t\t\t\t\t<\/div>\n\t\t\t\t<\/div>\n\t\t<div class=\"elementor-element elementor-element-iwgs-schutzkreis-cc e-flex e-con-boxed e-con e-parent\" data-id=\"iwgs-schutzkreis-cc\" data-element_type=\"container\" data-e-type=\"container\" id=\"iwg-cc-schutzkreis\">\n\t\t\t\t\t<div class=\"e-con-inner\">\n\t\t<div class=\"elementor-element elementor-element-iwgs-schutzkreis-ccinner e-flex e-con-boxed e-con e-parent\" data-id=\"iwgs-schutzkreis-ccinner\" data-element_type=\"container\" data-e-type=\"container\" data-settings=\"{&quot;background_background&quot;:&quot;classic&quot;}\">\n\t\t\t\t\t<div class=\"e-con-inner\">\n\t\t\t\t<div class=\"elementor-element elementor-element-iwgs-schutzkreis-cch elementor-widget elementor-widget-heading\" data-id=\"iwgs-schutzkreis-cch\" data-element_type=\"widget\" data-e-type=\"widget\" data-widget_type=\"heading.default\">\n\t\t\t\t\t<h2 class=\"elementor-heading-title elementor-size-default\">iWell Guard i tradicions de protecci\u00f3<\/h2>\t\t\t\t<\/div>\n\t\t\t\t<div class=\"elementor-element elementor-element-iwgs-schutzkreis-cct elementor-widget elementor-widget-text-editor\" data-id=\"iwgs-schutzkreis-cct\" data-element_type=\"widget\" data-e-type=\"widget\" data-widget_type=\"text-editor.default\">\n\t\t\t\t\t\t\t\t\t<p>iWell Guard s&#8217;inscriu en la l\u00ednia hist\u00f2rico-cultural d&#8217;objectes de protecci\u00f3 portables, a la qual pertany tamb\u00e9 el cercle de protecci\u00f3. Un company modern per a les persones que viuen amb s\u00edmbols de protecci\u00f3: fabricat a Alemanya, amb 41 capes d&#8217;or, plat\u00ed i plata aut\u00e8ntics, i 30 dies de dret de devoluci\u00f3.<\/p>\t\t\t\t\t\t\t\t<\/div>\n\t\t\t\t<div class=\"elementor-element elementor-element-iwgs-schutzkreis-ccb iwg-cc-button iwg-cc-cta-2026-05-13 elementor-widget elementor-widget-jet-button\" data-id=\"iwgs-schutzkreis-ccb\" data-element_type=\"widget\" data-e-type=\"widget\" data-widget_type=\"jet-button.default\">\n\t\t\t\t<div class=\"elementor-widget-container\">\n\t\t\t\t\t<div class=\"elementor-jet-button jet-elements\"><div class=\"jet-button__container\"><a class=\"jet-button__instance jet-button__instance--icon-left hover-effect-1\" href=\"\/schutzanhaenger-iwell-guard-kaufen\/?utm_source=iwell-guard.com&amp;utm_medium=info-box&amp;utm_campaign=schutzsymbole\"><div class=\"jet-button__plane jet-button__plane-normal\"><\/div><div class=\"jet-button__plane jet-button__plane-hover\"><\/div><div class=\"jet-button__state jet-button__state-normal\"><span class=\"jet-button__label\">M\u00e9s informaci\u00f3 sobre l'iWell Guard<\/span><\/div><div class=\"jet-button__state jet-button__state-hover\"><span class=\"jet-button__label\">M\u00e9s informaci\u00f3 sobre l'iWell Guard<\/span><\/div><\/a><\/div><\/div><style>.elementor-element.elementor-element-iwgs-schutzkreis-ccb .jet-button__instance{width:320px;height:56px;}.elementor-element.elementor-element-iwgs-schutzkreis-ccb .jet-button__state-normal .jet-button__label{text-align:center;margin:0px 0px 0px 0px;color:#1a1b20;font-family:Montserrat,sans-serif;font-size:13px;font-weight:400;letter-spacing:4px;line-height:1.714em;text-transform:uppercase;}.elementor-element.elementor-element-iwgs-schutzkreis-ccb .jet-button__state-hover .jet-button__label{text-align:center;margin:0px 0px 0px 0px;color:#FECC76;font-family:Montserrat,sans-serif;font-size:13px;font-weight:400;letter-spacing:4px;line-height:1.714em;text-transform:uppercase;}.elementor-element.elementor-element-iwgs-schutzkreis-ccb .jet-button__plane-normal{background-color:#FECC76;border-style:solid;border-color:#C99540;border-width:2px 2px 2px 2px;}.elementor-element.elementor-element-iwgs-schutzkreis-ccb .jet-button__plane-hover{background-color:rgba(0,0,0,0.55);border-style:solid;border-color:#FECC76;border-width:2px 2px 2px 2px;}<\/style>\t\t\t\t<\/div>\n\t\t\t\t<\/div>\n\t\t\t\t<div class=\"elementor-element elementor-element-iwgs-schutzkreis-ccd elementor-widget elementor-widget-text-editor\" data-id=\"iwgs-schutzkreis-ccd\" data-element_type=\"widget\" data-e-type=\"widget\" data-widget_type=\"text-editor.default\">\n\t\t\t\t\t\t\t\t\t<p style=\"text-align:center;font-size:13px;opacity:0.7;margin-top:14px\" data-nosnippet=\"true\">Les experi\u00e8ncies personals poden variar. No \u00e9s un producte sanitari. No es garanteix cap curaci\u00f3.<\/p>\t\t\t\t\t\t\t\t<\/div>\n\t\t\t\t\t<\/div>\n\t\t\t\t<\/div>\n\t\t\t\t\t<\/div>\n\t\t\t\t<\/div>\n\t\t<div class=\"elementor-element elementor-element-iwgs-schutzkreis-disc e-flex e-con-boxed e-con e-parent\" data-id=\"iwgs-schutzkreis-disc\" data-element_type=\"container\" data-e-type=\"container\">\n\t\t\t\t\t<div class=\"e-con-inner\">\n\t\t<div class=\"elementor-element elementor-element-iw-schutzkreis-disc-bw e-con-full e-flex e-con e-child\" data-id=\"iw-schutzkreis-disc-bw\" data-element_type=\"container\" data-e-type=\"container\">\n\t\t\t\t<div class=\"elementor-element elementor-element-iwgs-schutzkreis-discw elementor-widget elementor-widget-html\" data-id=\"iwgs-schutzkreis-discw\" data-element_type=\"widget\" data-e-type=\"widget\" data-widget_type=\"html.default\">\n\t\t\t\t\t<footer data-nosnippet=\"true\" class=\"iwg-disclaimer-block\"><p data-nosnippet=\"true\">iWell Guard <strong>no \u00e9s un producte sanitari<\/strong> i no substitueix cap tractament m\u00e8dic o psicoterap\u00e8utic. Els continguts presentats aqu\u00ed s\u00f3n una contextualitzaci\u00f3 des de la ci\u00e8ncia de les religions i la hist\u00f2ria cultural, no una promesa d'efecte espiritual.<\/p><\/footer>\t\t\t\t<\/div>\n\t\t\t\t<\/div>\n\t\t\t\t\t<\/div>\n\t\t\t\t<\/div>\n\t\t\t\t<\/div>\n\t\t","protected":false},"excerpt":{"rendered":"","protected":false},"author":3,"featured_media":3578,"parent":0,"menu_order":0,"comment_status":"closed","ping_status":"closed","template":"elementor_header_footer","meta":{"_yoast_wpseo_focuskw":"Cercle de protecci\u00f3","_yoast_wpseo_title":"El cercle de protecci\u00f3 com a delimitaci\u00f3","_yoast_wpseo_metadesc":"El cercle de protecci\u00f3 com a principi de protecci\u00f3 transcultural: origen, concepci\u00f3 de la frontera protectora i exemples de l'Antiguitat","_yoast_wpseo_meta-robots-noindex":"","_yoast_wpseo_canonical":"","_angie_page":false,"gefaehrdungsstufe":"","wesen_kultur":"","wesen_klasse":"","footnotes":""},"categories":[],"class_list":["post-172001","page","type-page","status-publish","has-post-thumbnail","hentry"],"yoast_head":"<!-- This site is optimized with the Yoast SEO Premium plugin v27.7 (Yoast SEO v28.3) - https:\/\/yoast.com\/product\/yoast-seo-premium-wordpress\/ -->\n<title>El cercle de protecci\u00f3 com a delimitaci\u00f3<\/title>\n<meta name=\"description\" content=\"El cercle de protecci\u00f3 com a principi de protecci\u00f3 transcultural: origen, concepci\u00f3 de la frontera protectora i exemples de l&#039;Antiguitat\" \/>\n<meta name=\"robots\" content=\"index, follow, max-snippet:-1, max-image-preview:large, max-video-preview:-1\" \/>\n<link rel=\"canonical\" href=\"https:\/\/iwell-guard.com\/ca\/cercle-de-proteccio-com-delimitacio-contra-el-mal\/\" \/>\n<meta property=\"og:locale\" content=\"ca_ES\" \/>\n<meta property=\"og:type\" content=\"article\" \/>\n<meta property=\"og:title\" content=\"El cercle de protecci\u00f3 com a delimitaci\u00f3 contra el mal\" \/>\n<meta property=\"og:description\" content=\"El cercle de protecci\u00f3 com a principi de protecci\u00f3 transcultural: origen, concepci\u00f3 de la frontera protectora i exemples de l&#039;Antiguitat\" \/>\n<meta property=\"og:url\" content=\"https:\/\/iwell-guard.com\/ca\/cercle-de-proteccio-com-delimitacio-contra-el-mal\/\" \/>\n<meta property=\"og:site_name\" content=\"iWell Guard\" \/>\n<meta property=\"article:modified_time\" content=\"2026-09-05T16:12:45+00:00\" \/>\n<meta property=\"og:image\" content=\"https:\/\/iwell-guard.com\/wp-content\/uploads\/2026\/05\/schutzsymbol_universell_schutzkreis.webp\" \/>\n\t<meta property=\"og:image:width\" content=\"1024\" \/>\n\t<meta property=\"og:image:height\" content=\"1536\" \/>\n\t<meta property=\"og:image:type\" content=\"image\/webp\" \/>\n<meta name=\"twitter:card\" content=\"summary_large_image\" \/>\n<script type=\"application\/ld+json\" class=\"yoast-schema-graph\">{\"@context\":\"https:\\\/\\\/schema.org\",\"@graph\":[{\"@type\":\"WebPage\",\"@id\":\"https:\\\/\\\/iwell-guard.com\\\/ca\\\/cercle-de-proteccio-com-delimitacio-contra-el-mal\\\/\",\"url\":\"https:\\\/\\\/iwell-guard.com\\\/ca\\\/cercle-de-proteccio-com-delimitacio-contra-el-mal\\\/\",\"name\":\"El cercle de protecci\u00f3 com a delimitaci\u00f3\",\"isPartOf\":{\"@id\":\"https:\\\/\\\/iwell-guard.com\\\/ca\\\/#website\"},\"primaryImageOfPage\":{\"@id\":\"https:\\\/\\\/iwell-guard.com\\\/ca\\\/cercle-de-proteccio-com-delimitacio-contra-el-mal\\\/#primaryimage\"},\"image\":{\"@id\":\"https:\\\/\\\/iwell-guard.com\\\/ca\\\/cercle-de-proteccio-com-delimitacio-contra-el-mal\\\/#primaryimage\"},\"thumbnailUrl\":\"https:\\\/\\\/iwell-guard.com\\\/wp-content\\\/uploads\\\/2026\\\/05\\\/schutzsymbol_universell_schutzkreis.webp\",\"datePublished\":\"2026-09-05T15:44:14+00:00\",\"dateModified\":\"2026-09-05T16:12:45+00:00\",\"description\":\"El cercle de protecci\u00f3 com a principi de protecci\u00f3 transcultural: origen, concepci\u00f3 de la frontera protectora i exemples de l'Antiguitat\",\"breadcrumb\":{\"@id\":\"https:\\\/\\\/iwell-guard.com\\\/ca\\\/cercle-de-proteccio-com-delimitacio-contra-el-mal\\\/#breadcrumb\"},\"inLanguage\":\"ca\",\"potentialAction\":[{\"@type\":\"ReadAction\",\"target\":[\"https:\\\/\\\/iwell-guard.com\\\/ca\\\/cercle-de-proteccio-com-delimitacio-contra-el-mal\\\/\"]}]},{\"@type\":\"ImageObject\",\"inLanguage\":\"ca\",\"@id\":\"https:\\\/\\\/iwell-guard.com\\\/ca\\\/cercle-de-proteccio-com-delimitacio-contra-el-mal\\\/#primaryimage\",\"url\":\"https:\\\/\\\/iwell-guard.com\\\/wp-content\\\/uploads\\\/2026\\\/05\\\/schutzsymbol_universell_schutzkreis.webp\",\"contentUrl\":\"https:\\\/\\\/iwell-guard.com\\\/wp-content\\\/uploads\\\/2026\\\/05\\\/schutzsymbol_universell_schutzkreis.webp\",\"width\":1024,\"height\":1536,\"caption\":\"S\u00edmbol de protecci\u00f3. Il\u00b7lustraci\u00f3 muse\u00edstica de bodeg\u00f3.\"},{\"@type\":\"BreadcrumbList\",\"@id\":\"https:\\\/\\\/iwell-guard.com\\\/ca\\\/cercle-de-proteccio-com-delimitacio-contra-el-mal\\\/#breadcrumb\",\"itemListElement\":[{\"@type\":\"ListItem\",\"position\":1,\"name\":\"Start\",\"item\":\"https:\\\/\\\/iwell-guard.com\\\/ca\\\/?page_id=171333\"},{\"@type\":\"ListItem\",\"position\":2,\"name\":\"El cercle de protecci\u00f3 com a delimitaci\u00f3 contra el mal\"}]},{\"@type\":\"WebSite\",\"@id\":\"https:\\\/\\\/iwell-guard.com\\\/ca\\\/#website\",\"url\":\"https:\\\/\\\/iwell-guard.com\\\/ca\\\/\",\"name\":\"iWell Guard\",\"description\":\"Schutz vor dunklen Einfl\u00fcssen\",\"publisher\":{\"@id\":\"https:\\\/\\\/iwell-guard.com\\\/ca\\\/#organization\"},\"potentialAction\":[{\"@type\":\"SearchAction\",\"target\":{\"@type\":\"EntryPoint\",\"urlTemplate\":\"https:\\\/\\\/iwell-guard.com\\\/ca\\\/?s={search_term_string}\"},\"query-input\":{\"@type\":\"PropertyValueSpecification\",\"valueRequired\":true,\"valueName\":\"search_term_string\"}}],\"inLanguage\":\"ca\"},{\"@type\":\"Organization\",\"@id\":\"https:\\\/\\\/iwell-guard.com\\\/ca\\\/#organization\",\"name\":\"Ittermann electronic GmbH\",\"url\":\"https:\\\/\\\/iwell-guard.com\\\/ca\\\/\",\"logo\":{\"@type\":\"ImageObject\",\"inLanguage\":\"ca\",\"@id\":\"https:\\\/\\\/iwell-guard.com\\\/ca\\\/#\\\/schema\\\/logo\\\/image\\\/\",\"url\":\"https:\\\/\\\/iwell-guard.com\\\/wp-content\\\/uploads\\\/2026\\\/05\\\/Ittermann-Logo-1182x237-1.png\",\"contentUrl\":\"https:\\\/\\\/iwell-guard.com\\\/wp-content\\\/uploads\\\/2026\\\/05\\\/Ittermann-Logo-1182x237-1.png\",\"width\":1182,\"height\":237,\"caption\":\"Ittermann electronic GmbH\"},\"image\":{\"@id\":\"https:\\\/\\\/iwell-guard.com\\\/ca\\\/#\\\/schema\\\/logo\\\/image\\\/\"},\"sameAs\":[\"https:\\\/\\\/pantip.com\\\/profile\\\/9367242\",\"https:\\\/\\\/micro.blog\\\/iwellguard\",\"https:\\\/\\\/www.diggerslist.com\\\/iwellguard\\\/about\",\"https:\\\/\\\/skitterphoto.com\\\/photographers\\\/2870314\\\/iwell-guard\",\"https:\\\/\\\/iwellguard.wordpress.com\\\/2026\\\/06\\\/06\\\/iwell-guard\\\/\",\"https:\\\/\\\/hub.docker.com\\\/u\\\/iwellguard\",\"https:\\\/\\\/www.pinterest.com\\\/iwellguard\\\/\",\"https:\\\/\\\/bit.ly\\\/m\\\/iwellguard\",\"https:\\\/\\\/entre-vos-mains.alsace.eu\\\/profiles\\\/iwellguard\\\/activity\",\"https:\\\/\\\/gravatar.com\\\/reallybeded8fd34\",\"https:\\\/\\\/naijamatta.com\\\/iwellguard\",\"https:\\\/\\\/www.goodreads.com\\\/iwellguard\",\"https:\\\/\\\/profile.hatena.ne.jp\\\/iwellguard\\\/\",\"https:\\\/\\\/experiment.com\\\/users\\\/iwellguard\",\"https:\\\/\\\/wakelet.com\\\/@iWellGuard82270\",\"https:\\\/\\\/www.chordie.com\\\/forum\\\/profile.php?id=2555664\",\"https:\\\/\\\/www.instapaper.com\\\/p\\\/17757966\",\"https:\\\/\\\/www.mapleprimes.com\\\/users\\\/iwellguard\",\"https:\\\/\\\/businesslistingplus.com\\\/profile\\\/iwell-guard\\\/\",\"https:\\\/\\\/telegra.ph\\\/iWell-Guard-06-06\",\"https:\\\/\\\/pbase.com\\\/iwellguard\\\/iwellguard\",\"https:\\\/\\\/b.hatena.ne.jp\\\/iwellguard\\\/20260607#bookmark-4788405196491818882\",\"https:\\\/\\\/fliphtml5.com\\\/home\\\/iwellguard\",\"https:\\\/\\\/anyflip.com\\\/homepage\\\/cmiwl#About\",\"https:\\\/\\\/transfur.com\\\/Users\\\/iwellguard\",\"http:\\\/\\\/delphi.larsbo.org\\\/user\\\/iwellguard\",\"https:\\\/\\\/jobs.lajobsportal.org\\\/profiles\\\/8380803-iwell-guard\",\"https:\\\/\\\/md.chaosdorf.de\\\/s\\\/jfbe5SBdJD\",\"https:\\\/\\\/www.lingvolive.com\\\/en-us\\\/profile\\\/9ecaeaca-ce11-4e51-9e71-01d55e2bff36\\\/translations\",\"https:\\\/\\\/www.fitday.com\\\/fitness\\\/forums\\\/members\\\/iwellguard.html\",\"https:\\\/\\\/www.mymeetbook.com\\\/iwellguard\",\"https:\\\/\\\/pxhere.com\\\/en\\\/photographer-me\\\/5040798\",\"https:\\\/\\\/disqus.com\\\/by\\\/iwellguard\\\/about\\\/\",\"https:\\\/\\\/pastelink.net\\\/hjwciqwq\",\"https:\\\/\\\/pubhtml5.com\\\/homepage\\\/scjhn\\\/\",\"https:\\\/\\\/www.bitchute.com\\\/channel\\\/2O2eOKzNqujT\",\"https:\\\/\\\/audiomack.com\\\/iwellguard\"]}]}<\/script>\n<!-- \/ Yoast SEO Premium plugin. -->","yoast_head_json":{"title":"El cercle de protecci\u00f3 com a delimitaci\u00f3","description":"El cercle de protecci\u00f3 com a principi de protecci\u00f3 transcultural: origen, concepci\u00f3 de la frontera protectora i exemples de l'Antiguitat","robots":{"index":"index","follow":"follow","max-snippet":"max-snippet:-1","max-image-preview":"max-image-preview:large","max-video-preview":"max-video-preview:-1"},"canonical":"https:\/\/iwell-guard.com\/ca\/cercle-de-proteccio-com-delimitacio-contra-el-mal\/","og_locale":"ca_ES","og_type":"article","og_title":"El cercle de protecci\u00f3 com a delimitaci\u00f3 contra el mal","og_description":"El cercle de protecci\u00f3 com a principi de protecci\u00f3 transcultural: origen, concepci\u00f3 de la frontera protectora i exemples de l'Antiguitat","og_url":"https:\/\/iwell-guard.com\/ca\/cercle-de-proteccio-com-delimitacio-contra-el-mal\/","og_site_name":"iWell Guard","article_modified_time":"2026-09-05T16:12:45+00:00","og_image":[{"width":1024,"height":1536,"url":"https:\/\/iwell-guard.com\/wp-content\/uploads\/2026\/05\/schutzsymbol_universell_schutzkreis.webp","type":"image\/webp"}],"twitter_card":"summary_large_image","schema":{"@context":"https:\/\/schema.org","@graph":[{"@type":"WebPage","@id":"https:\/\/iwell-guard.com\/ca\/cercle-de-proteccio-com-delimitacio-contra-el-mal\/","url":"https:\/\/iwell-guard.com\/ca\/cercle-de-proteccio-com-delimitacio-contra-el-mal\/","name":"El cercle de protecci\u00f3 com a delimitaci\u00f3","isPartOf":{"@id":"https:\/\/iwell-guard.com\/ca\/#website"},"primaryImageOfPage":{"@id":"https:\/\/iwell-guard.com\/ca\/cercle-de-proteccio-com-delimitacio-contra-el-mal\/#primaryimage"},"image":{"@id":"https:\/\/iwell-guard.com\/ca\/cercle-de-proteccio-com-delimitacio-contra-el-mal\/#primaryimage"},"thumbnailUrl":"https:\/\/iwell-guard.com\/wp-content\/uploads\/2026\/05\/schutzsymbol_universell_schutzkreis.webp","datePublished":"2026-09-05T15:44:14+00:00","dateModified":"2026-09-05T16:12:45+00:00","description":"El cercle de protecci\u00f3 com a principi de protecci\u00f3 transcultural: origen, concepci\u00f3 de la frontera protectora i exemples de l'Antiguitat","breadcrumb":{"@id":"https:\/\/iwell-guard.com\/ca\/cercle-de-proteccio-com-delimitacio-contra-el-mal\/#breadcrumb"},"inLanguage":"ca","potentialAction":[{"@type":"ReadAction","target":["https:\/\/iwell-guard.com\/ca\/cercle-de-proteccio-com-delimitacio-contra-el-mal\/"]}]},{"@type":"ImageObject","inLanguage":"ca","@id":"https:\/\/iwell-guard.com\/ca\/cercle-de-proteccio-com-delimitacio-contra-el-mal\/#primaryimage","url":"https:\/\/iwell-guard.com\/wp-content\/uploads\/2026\/05\/schutzsymbol_universell_schutzkreis.webp","contentUrl":"https:\/\/iwell-guard.com\/wp-content\/uploads\/2026\/05\/schutzsymbol_universell_schutzkreis.webp","width":1024,"height":1536,"caption":"S\u00edmbol de protecci\u00f3. Il\u00b7lustraci\u00f3 muse\u00edstica de bodeg\u00f3."},{"@type":"BreadcrumbList","@id":"https:\/\/iwell-guard.com\/ca\/cercle-de-proteccio-com-delimitacio-contra-el-mal\/#breadcrumb","itemListElement":[{"@type":"ListItem","position":1,"name":"Start","item":"https:\/\/iwell-guard.com\/ca\/?page_id=171333"},{"@type":"ListItem","position":2,"name":"El cercle de protecci\u00f3 com a delimitaci\u00f3 contra el mal"}]},{"@type":"WebSite","@id":"https:\/\/iwell-guard.com\/ca\/#website","url":"https:\/\/iwell-guard.com\/ca\/","name":"iWell Guard","description":"Schutz vor dunklen Einfl\u00fcssen","publisher":{"@id":"https:\/\/iwell-guard.com\/ca\/#organization"},"potentialAction":[{"@type":"SearchAction","target":{"@type":"EntryPoint","urlTemplate":"https:\/\/iwell-guard.com\/ca\/?s={search_term_string}"},"query-input":{"@type":"PropertyValueSpecification","valueRequired":true,"valueName":"search_term_string"}}],"inLanguage":"ca"},{"@type":"Organization","@id":"https:\/\/iwell-guard.com\/ca\/#organization","name":"Ittermann electronic GmbH","url":"https:\/\/iwell-guard.com\/ca\/","logo":{"@type":"ImageObject","inLanguage":"ca","@id":"https:\/\/iwell-guard.com\/ca\/#\/schema\/logo\/image\/","url":"https:\/\/iwell-guard.com\/wp-content\/uploads\/2026\/05\/Ittermann-Logo-1182x237-1.png","contentUrl":"https:\/\/iwell-guard.com\/wp-content\/uploads\/2026\/05\/Ittermann-Logo-1182x237-1.png","width":1182,"height":237,"caption":"Ittermann electronic GmbH"},"image":{"@id":"https:\/\/iwell-guard.com\/ca\/#\/schema\/logo\/image\/"},"sameAs":["https:\/\/pantip.com\/profile\/9367242","https:\/\/micro.blog\/iwellguard","https:\/\/www.diggerslist.com\/iwellguard\/about","https:\/\/skitterphoto.com\/photographers\/2870314\/iwell-guard","https:\/\/iwellguard.wordpress.com\/2026\/06\/06\/iwell-guard\/","https:\/\/hub.docker.com\/u\/iwellguard","https:\/\/www.pinterest.com\/iwellguard\/","https:\/\/bit.ly\/m\/iwellguard","https:\/\/entre-vos-mains.alsace.eu\/profiles\/iwellguard\/activity","https:\/\/gravatar.com\/reallybeded8fd34","https:\/\/naijamatta.com\/iwellguard","https:\/\/www.goodreads.com\/iwellguard","https:\/\/profile.hatena.ne.jp\/iwellguard\/","https:\/\/experiment.com\/users\/iwellguard","https:\/\/wakelet.com\/@iWellGuard82270","https:\/\/www.chordie.com\/forum\/profile.php?id=2555664","https:\/\/www.instapaper.com\/p\/17757966","https:\/\/www.mapleprimes.com\/users\/iwellguard","https:\/\/businesslistingplus.com\/profile\/iwell-guard\/","https:\/\/telegra.ph\/iWell-Guard-06-06","https:\/\/pbase.com\/iwellguard\/iwellguard","https:\/\/b.hatena.ne.jp\/iwellguard\/20260607#bookmark-4788405196491818882","https:\/\/fliphtml5.com\/home\/iwellguard","https:\/\/anyflip.com\/homepage\/cmiwl#About","https:\/\/transfur.com\/Users\/iwellguard","http:\/\/delphi.larsbo.org\/user\/iwellguard","https:\/\/jobs.lajobsportal.org\/profiles\/8380803-iwell-guard","https:\/\/md.chaosdorf.de\/s\/jfbe5SBdJD","https:\/\/www.lingvolive.com\/en-us\/profile\/9ecaeaca-ce11-4e51-9e71-01d55e2bff36\/translations","https:\/\/www.fitday.com\/fitness\/forums\/members\/iwellguard.html","https:\/\/www.mymeetbook.com\/iwellguard","https:\/\/pxhere.com\/en\/photographer-me\/5040798","https:\/\/disqus.com\/by\/iwellguard\/about\/","https:\/\/pastelink.net\/hjwciqwq","https:\/\/pubhtml5.com\/homepage\/scjhn\/","https:\/\/www.bitchute.com\/channel\/2O2eOKzNqujT","https:\/\/audiomack.com\/iwellguard"]}]}},"_links":{"self":[{"href":"https:\/\/iwell-guard.com\/ca\/wp-json\/wp\/v2\/pages\/172001","targetHints":{"allow":["GET"]}}],"collection":[{"href":"https:\/\/iwell-guard.com\/ca\/wp-json\/wp\/v2\/pages"}],"about":[{"href":"https:\/\/iwell-guard.com\/ca\/wp-json\/wp\/v2\/types\/page"}],"author":[{"embeddable":true,"href":"https:\/\/iwell-guard.com\/ca\/wp-json\/wp\/v2\/users\/3"}],"replies":[{"embeddable":true,"href":"https:\/\/iwell-guard.com\/ca\/wp-json\/wp\/v2\/comments?post=172001"}],"version-history":[{"count":0,"href":"https:\/\/iwell-guard.com\/ca\/wp-json\/wp\/v2\/pages\/172001\/revisions"}],"wp:featuredmedia":[{"embeddable":true,"href":"https:\/\/iwell-guard.com\/ca\/wp-json\/wp\/v2\/media\/3578"}],"wp:attachment":[{"href":"https:\/\/iwell-guard.com\/ca\/wp-json\/wp\/v2\/media?parent=172001"}],"wp:term":[{"taxonomy":"category","embeddable":true,"href":"https:\/\/iwell-guard.com\/ca\/wp-json\/wp\/v2\/categories?post=172001"}],"curies":[{"name":"wp","href":"https:\/\/api.w.org\/{rel}","templated":true}]}}