{"id":171997,"date":"2026-09-05T15:44:12","date_gmt":"2026-09-05T15:44:12","guid":{"rendered":"https:\/\/iwell-guard.com\/?page_id=171997"},"modified":"2026-09-05T16:12:39","modified_gmt":"2026-09-05T16:12:39","slug":"serbera-cacadors-arbre-fusta-proteccio","status":"publish","type":"page","link":"https:\/\/iwell-guard.com\/ca\/serbera-cacadors-arbre-fusta-proteccio\/","title":{"rendered":"Serbera de ca\u00e7adors \u2013 arbre i fusta de protecci\u00f3 de la m\u00e0gia popular"},"content":{"rendered":"\t\t<div data-elementor-type=\"wp-page\" data-elementor-id=\"171997\" class=\"elementor elementor-171997 elementor-3737 elementor-bc-flex-widget\" data-elementor-post-type=\"page\">\n\t\t\t\t<div class=\"elementor-element elementor-element-iwgs-eberesche-hero e-flex e-con-boxed e-con e-parent\" data-id=\"iwgs-eberesche-hero\" data-element_type=\"container\" data-e-type=\"container\">\n\t\t\t\t\t<div class=\"e-con-inner\">\n\t\t<div class=\"elementor-element elementor-element-iw-eberesche-hero-bw e-con-full e-flex e-con e-child\" data-id=\"iw-eberesche-hero-bw\" data-element_type=\"container\" data-e-type=\"container\">\n\t\t<div class=\"elementor-element elementor-element-iwgs-eberesche-hl e-flex e-con-boxed e-con e-parent\" data-id=\"iwgs-eberesche-hl\" data-element_type=\"container\" data-e-type=\"container\">\n\t\t\t\t\t<div class=\"e-con-inner\">\n\t\t<div class=\"elementor-element elementor-element-iwgs-eberesche-hlbox e-con-full e-flex e-con e-parent\" data-id=\"iwgs-eberesche-hlbox\" data-element_type=\"container\" data-e-type=\"container\">\n\t\t\t\t<div class=\"elementor-element elementor-element-iwgs-eberesche-h1 elementor-widget elementor-widget-heading\" data-id=\"iwgs-eberesche-h1\" data-element_type=\"widget\" data-e-type=\"widget\" data-widget_type=\"heading.default\">\n\t\t\t\t\t<h1 class=\"elementor-heading-title elementor-size-default\">La serbera de ca\u00e7adors: arbre i fusta de protecci\u00f3 de la m\u00e0gia popular europea<\/h1>\t\t\t\t<\/div>\n\t\t\t\t<div class=\"elementor-element elementor-element-iwgs-eberesche-lead elementor-widget elementor-widget-text-editor\" data-id=\"iwgs-eberesche-lead\" data-element_type=\"widget\" data-e-type=\"widget\" data-widget_type=\"text-editor.default\">\n\t\t\t\t\t\t\t\t\t<p>La serbera de ca\u00e7adors, tamb\u00e9 anomenada moixera de guilla, era considerada un arbre de protecci\u00f3 en la m\u00e0gia popular europea. A la seva fusta, a les seves branques i als seus baies vermelles i brillants se&#8217;ls atribu\u00efa una for\u00e7a protectora contra la bruixeria, els llamps i els maleficis.<\/p><p>Sobretot a l&#8217;Europa central i septentrional, aquest arbre estava lligat a nombrosos costums de protecci\u00f3. Des del punt de vista etnol\u00f2gic, la serbera de ca\u00e7adors forma part de les plantes protectores de la <span class=\"iwg-fachbegriff\" data-tooltip=\"La religiositat viscuda en la vida quotidiana, sovint al marge de la doctrina oficial.\" tabindex=\"0\">religiositat popular<\/span>. Aquest article presenta l&#8217;origen, el <span class=\"iwg-fachbegriff\" data-tooltip=\"Una acci\u00f3 transmesa i repetida regularment en una comunitat.\" tabindex=\"0\">costum<\/span> i la interpretaci\u00f3 d&#8217;aquest arbre protector.<\/p>\t\t\t\t\t\t\t\t<\/div>\n\t\t\t\t<\/div>\n\t\t\t\t<div class=\"elementor-element elementor-element-iwgs-eberesche-pills elementor-widget elementor-widget-html\" data-id=\"iwgs-eberesche-pills\" data-element_type=\"widget\" data-e-type=\"widget\" data-widget_type=\"html.default\">\n\t\t\t\t\t<div class=\"iwg-pill-row\"><span class=\"iwg-klasse-badge\" tabindex=\"0\" data-tooltip=\"S\u00edmbol de protecci\u00f3, amulet o objecte apotropaic.\">S\u00edmbol de protecci\u00f3<\/span><a href=\"https:\/\/iwell-guard.com\/ca\/simbols-de-proteccio\/\" class=\"iwg-kultur-badge\" tabindex=\"0\" data-tooltip=\"Tradici\u00f3 de protecci\u00f3: M\u00e0gia popular europea\">M\u00e0gia popular europea<\/a><span class=\"iwg-tradition-badge\" tabindex=\"0\" data-tooltip=\"Un tros de fusta al qual s'atribueix una for\u00e7a protectora.\">Fusta protectora<\/span><\/div>\t\t\t\t<\/div>\n\t\t\t\t\t<\/div>\n\t\t\t\t<\/div>\n\t\t<div class=\"elementor-element elementor-element-iwgs-eberesche-hr e-con-full e-flex e-con e-parent\" data-id=\"iwgs-eberesche-hr\" data-element_type=\"container\" data-e-type=\"container\">\n\t\t\t\t<div class=\"elementor-element elementor-element-iwgs-eberesche-himg iwg-hero-image elementor-widget elementor-widget-image\" data-id=\"iwgs-eberesche-himg\" data-element_type=\"widget\" data-e-type=\"widget\" data-widget_type=\"image.default\">\n\t\t\t\t\t\t\t\t\t\t\t\t\t\t\t<img fetchpriority=\"high\" decoding=\"async\" width=\"683\" height=\"1024\" src=\"https:\/\/iwell-guard.com\/wp-content\/uploads\/2026\/05\/schutzsymbol_volksmagie_eberesche-683x1024.webp\" class=\"attachment-large size-large wp-image-3573\" alt=\"Serbera de ca\u00e7adors \u2013 arbre i fusta de protecci\u00f3 de la m\u00e0gia popular\" srcset=\"https:\/\/iwell-guard.com\/wp-content\/uploads\/2026\/05\/schutzsymbol_volksmagie_eberesche-683x1024.webp 683w, https:\/\/iwell-guard.com\/wp-content\/uploads\/2026\/05\/schutzsymbol_volksmagie_eberesche-200x300.webp 200w, https:\/\/iwell-guard.com\/wp-content\/uploads\/2026\/05\/schutzsymbol_volksmagie_eberesche-768x1152.webp 768w, https:\/\/iwell-guard.com\/wp-content\/uploads\/2026\/05\/schutzsymbol_volksmagie_eberesche.webp 1024w\" sizes=\"(max-width: 683px) 100vw, 683px\" \/>\t\t\t\t\t\t\t\t\t\t\t\t\t\t\t<\/div>\n\t\t\t\t<\/div>\n\t\t\t\t<\/div>\n\t\t\t\t\t<\/div>\n\t\t\t\t<\/div>\n\t\t<div class=\"elementor-element elementor-element-iwgs-eberesche-s0 e-flex e-con-boxed e-con e-parent\" data-id=\"iwgs-eberesche-s0\" data-element_type=\"container\" data-e-type=\"container\">\n\t\t\t\t\t<div class=\"e-con-inner\">\n\t\t\t\t<div class=\"elementor-element elementor-element-iwgs-eberesche-s0h elementor-widget elementor-widget-heading\" data-id=\"iwgs-eberesche-s0h\" data-element_type=\"widget\" data-e-type=\"widget\" data-widget_type=\"heading.default\">\n\t\t\t\t\t<h2 class=\"elementor-heading-title elementor-size-default\">Introducci\u00f3<\/h2>\t\t\t\t<\/div>\n\t\t<div class=\"elementor-element elementor-element-iw-eberesche-s0-bw e-con-full e-flex e-con e-child\" data-id=\"iw-eberesche-s0-bw\" data-element_type=\"container\" data-e-type=\"container\">\n\t\t<div class=\"elementor-element elementor-element-iwgs-eberesche-s0box e-con-full e-flex e-con e-parent\" data-id=\"iwgs-eberesche-s0box\" data-element_type=\"container\" data-e-type=\"container\">\n\t\t\t\t<div class=\"elementor-element elementor-element-iwgs-eberesche-s0t elementor-widget elementor-widget-text-editor\" data-id=\"iwgs-eberesche-s0t\" data-element_type=\"widget\" data-e-type=\"widget\" data-widget_type=\"text-editor.default\">\n\t\t\t\t\t\t\t\t\t<p>La serbera de ca\u00e7adors, bot\u00e0nicament Sorbus aucuparia, \u00e9s un arbre de fulla caduca molt est\u00e8s a Europa. En la m\u00e0gia popular era considerada un dels arbres protectors m\u00e9s importants. Se li atribu\u00efa la for\u00e7a d&#8217;allunyar la bruixeria, els llamps i els poders perjudicials.<\/p><p>L&#8217;arbre porta nombrosos noms populars. Entre els m\u00e9s estesos hi ha moixera de guilla, arbre de les drudes i arbre dels grives. El nom moixera de guilla es refereix al fet que els ocells mengen les baies, mentre que el nom arbre de les drudes al\u00b7ludeix a la funci\u00f3 protectora que se li atribu\u00efa contra la Drude.<\/p><p>Des del punt de vista etnol\u00f2gic, la serbera de ca\u00e7adors forma part de les plantes protectores, un grup d&#8217;arbres i herbes als quals s&#8217;atribu\u00efa una for\u00e7a repel\u00b7lent. Es troba aix\u00ed en companyia del sa\u00fcc, el ginebre i l&#8217;avellaner.<\/p><p>A difer\u00e8ncia dels <a href=\"https:\/\/iwell-guard.com\/ca\/simbols-de-proteccio\/\">s\u00edmbols de protecci\u00f3<\/a> fabricats, la serbera de ca\u00e7adors era una protecci\u00f3 viva. Es podia utilitzar l&#8217;arbre sencer, branques soltes, la fusta o les baies, segons el <span class=\"iwg-fachbegriff\" data-tooltip=\"Una acci\u00f3 transmesa i repetida regularment en una comunitat.\" tabindex=\"0\">costum<\/span>.<\/p><p>El significat protector es repartia entre les diferents parts de la planta. La fusta servia per fabricar eines i bastons, les branques per col\u00b7locar-les a les cases i estables, i les baies vermelles com a ornament i mitj\u00e0 de protecci\u00f3.<\/p><p data-nosnippet=\"true\">Cal remarcar que l&#8217;efecte protector de la serbera de ca\u00e7adors descriu una creen\u00e7a hist\u00f2rica. L&#8217;arbre \u00e9s un testimoni etnol\u00f2gic, no un mitj\u00e0 de protecci\u00f3 efica\u00e7 en sentit cient\u00edfic. No hi ha associada cap promesa de curaci\u00f3.<\/p>\t\t\t\t\t\t\t\t<\/div>\n\t\t\t\t<\/div>\n\t\t\t\t<\/div>\n\t\t\t\t\t<\/div>\n\t\t\t\t<\/div>\n\t\t<div class=\"elementor-element elementor-element-iwgs-eberesche-s1 e-flex e-con-boxed e-con e-parent\" data-id=\"iwgs-eberesche-s1\" data-element_type=\"container\" data-e-type=\"container\">\n\t\t\t\t\t<div class=\"e-con-inner\">\n\t\t\t\t<div class=\"elementor-element elementor-element-iwgs-eberesche-s1h elementor-widget elementor-widget-heading\" data-id=\"iwgs-eberesche-s1h\" data-element_type=\"widget\" data-e-type=\"widget\" data-widget_type=\"heading.default\">\n\t\t\t\t\t<h2 class=\"elementor-heading-title elementor-size-default\">Origen i hist\u00f2ria<\/h2>\t\t\t\t<\/div>\n\t\t<div class=\"elementor-element elementor-element-iw-eberesche-s1-bw e-con-full e-flex e-con e-child\" data-id=\"iw-eberesche-s1-bw\" data-element_type=\"container\" data-e-type=\"container\">\n\t\t<div class=\"elementor-element elementor-element-iwgs-eberesche-s1box e-con-full e-flex e-con e-parent\" data-id=\"iwgs-eberesche-s1box\" data-element_type=\"container\" data-e-type=\"container\">\n\t\t\t\t<div class=\"elementor-element elementor-element-iwgs-eberesche-s1t elementor-widget elementor-widget-text-editor\" data-id=\"iwgs-eberesche-s1t\" data-element_type=\"widget\" data-e-type=\"widget\" data-widget_type=\"text-editor.default\">\n\t\t\t\t\t\t\t\t\t<p>La serbera de ca\u00e7adors creix a gaireb\u00e9 tota Europa, des de les terres baixes fins a la muntanya. La seva \u00e0mplia distribuci\u00f3 i la seva vistositat gr\u00e0cies a les baies vermelles la van convertir aviat en un arbre amb un paper especial dins la creen\u00e7a popular.<\/p><p>Ja en \u00e8poca precristiana l&#8217;arbre probablement tenia un significat cultual, encara que en aquest punt les fonts s\u00f3n escasses. En la <span class=\"iwg-fachbegriff\" data-tooltip=\"La transmissi\u00f3 de coneixements i relats a trav\u00e9s de generacions.\" tabindex=\"0\">tradici\u00f3<\/span> n\u00f2rdica, la serbera de ca\u00e7adors apareix relacionada amb el d\u00e9u Thor, la qual cosa apunta a una antiga estima per aquest arbre.<\/p><p>Els testimonis fiables dels costums de protecci\u00f3 provenen de l&#8217;edat mitjana i de l&#8217;\u00e8poca moderna primerenca. En aquest per\u00edode, la creen\u00e7a en la bruixeria estava molt estesa, i la serbera de ca\u00e7adors era considerada un mitj\u00e0 de protecci\u00f3 efica\u00e7 contra els poders perjudicials.<\/p><p>Les recopilacions etnol\u00f2giques del segle XIX documenten \u00e0mpliament els costums lligats a la serbera de ca\u00e7adors. Mostren que a Alemanya, Anglaterra, Escandin\u00e0via i la regi\u00f3 del B\u00e0ltic l&#8217;arbre estava associat a idees de protecci\u00f3 similars.<\/p><p>Sobretot a les zones rurals, el <span class=\"iwg-fachbegriff\" data-tooltip=\"Una acci\u00f3 transmesa i repetida regularment en una comunitat.\" tabindex=\"0\">costum<\/span> es va mantenir durant molt temps. Encara al segle XIX, i espor\u00e0dicament al segle XX, es col\u00b7locaven branques de serbera de ca\u00e7adors com a protecci\u00f3 a estables i cases, sobretot la nit de Walpurgis.<\/p><p>La hist\u00f2ria de la serbera de ca\u00e7adors com a arbre protector mostra una llarga continu\u00eftat. Des de suposat arbre cultual precristi\u00e0, passant pel mitj\u00e0 de protecci\u00f3 de l&#8217;\u00e8poca moderna primerenca, fins al <span class=\"iwg-fachbegriff\" data-tooltip=\"Una acci\u00f3 transmesa i repetida regularment en una comunitat.\" tabindex=\"0\">costum<\/span> documentat del segle XIX, se&#8217;n pot seguir el rastre.<\/p><p>En la <span class=\"iwg-fachbegriff\" data-tooltip=\"La transmissi\u00f3 de coneixements i relats a trav\u00e9s de generacions.\" tabindex=\"0\">tradici\u00f3<\/span> anglosaxona i n\u00f2rdica, la serbera de ca\u00e7adors apareix tamb\u00e9 en el relat segons el qual l&#8217;arbre hauria donat suport al d\u00e9u Thor en travessar un riu de corrent impetu\u00f3s.<\/p><p>Aquests motius narratius nom\u00e9s es documenten en escrits medievals i no permeten conclusions segures sobre un <span class=\"iwg-fachbegriff\" data-tooltip=\"El conjunt de pr\u00e0ctiques de veneraci\u00f3 religiosa dedicades a una divinitat o figura sagrada.\" tabindex=\"0\">culte<\/span> precristi\u00e0, per\u00f2 s\u00ed que mostren l&#8217;antiga associaci\u00f3 de l&#8217;arbre amb la idea de protecci\u00f3 i fermesa.<\/p>\t\t\t\t\t\t\t\t<\/div>\n\t\t\t\t<\/div>\n\t\t\t\t<\/div>\n\t\t\t\t\t<\/div>\n\t\t\t\t<\/div>\n\t\t<div class=\"elementor-element elementor-element-iwgs-eberesche-s2 e-flex e-con-boxed e-con e-parent\" data-id=\"iwgs-eberesche-s2\" data-element_type=\"container\" data-e-type=\"container\">\n\t\t\t\t\t<div class=\"e-con-inner\">\n\t\t\t\t<div class=\"elementor-element elementor-element-iwgs-eberesche-s2h elementor-widget elementor-widget-heading\" data-id=\"iwgs-eberesche-s2h\" data-element_type=\"widget\" data-e-type=\"widget\" data-widget_type=\"heading.default\">\n\t\t\t\t\t<h2 class=\"elementor-heading-title elementor-size-default\">Forma, material i elaboraci\u00f3<\/h2>\t\t\t\t<\/div>\n\t\t<div class=\"elementor-element elementor-element-iw-eberesche-s2-bw e-con-full e-flex e-con e-child\" data-id=\"iw-eberesche-s2-bw\" data-element_type=\"container\" data-e-type=\"container\">\n\t\t<div class=\"elementor-element elementor-element-iwgs-eberesche-s2box e-con-full e-flex e-con e-parent\" data-id=\"iwgs-eberesche-s2box\" data-element_type=\"container\" data-e-type=\"container\">\n\t\t\t\t<div class=\"elementor-element elementor-element-iwgs-eberesche-s2t elementor-widget elementor-widget-text-editor\" data-id=\"iwgs-eberesche-s2t\" data-element_type=\"widget\" data-e-type=\"widget\" data-widget_type=\"text-editor.default\">\n\t\t\t\t\t\t\t\t\t<p>El moixera de guilla \u00e9s un arbre de fulla caduca, petit a mitj\u00e0, amb fulles pinnades. Destaquen les baies vermelles brillants que pengen en umbels densos a la tardor. Aquestes baies vermelles tenen un paper important en la m\u00e0gia popular.<\/p><p>Se n&#8217;utilitzaven diverses parts de l&#8217;arbre. Les branques fresques amb fulles i baies servien per penjar-les. Es tallaven en moments determinats i es fixaven a portes, finestres i pals de l&#8217;estable.<\/p><p>La fusta del moixera de guilla \u00e9s resistent i el\u00e0stica. S&#8217;utilitzava per fer m\u00e0necs d&#8217;eines, bastons de passeig i de pastor, m\u00e0necs de fuet i petits estris. Als estris fets amb fusta de moixera de guilla se&#8217;ls atribu\u00efa una propietat protectora.<\/p><p>Amb les baies es podien enfilar collarets. Les cordes de baies vermelles de moixera de guilla es portaven com a ornament o es penjaven a la casa. El color vermell intens es considerava significatiu.<\/p><p>Normalment no calia cap elaboraci\u00f3 ritual especial. Tot i aix\u00f2, el moment adequat per tallar-les era important. Alguns costums indicaven que calia obtenir les branques en dies determinats o sense eines de ferro.<\/p><p>Tamb\u00e9 la ubicaci\u00f3 de l&#8217;arbre tenia import\u00e0ncia. Un moixera de guilla que creixia sobre una roca o en la forcalla d&#8217;un altre arbre, \u00e9s a dir, sense arrelar a terra, es considerava especialment poder\u00f3s. Aquests arbres es coneixien com a moixera de guilla voladora.<\/p><p>En alguns llocs, el moixera de guilla tamb\u00e9 es considerava un arbre meteorol\u00f2gic, la quantitat de baies del qual permetia treure conclusions sobre l&#8217;hivern que vindria. Segons aquesta creen\u00e7a, un arbre carregat de fruit anunciava una estaci\u00f3 dura i amb molta neu. Aquesta regla meteorol\u00f2gica no t\u00e9 relaci\u00f3 directa amb la funci\u00f3 protectora, per\u00f2 mostra fins a quin punt el moixera de guilla estava lligat al m\u00f3n de vida pagesa.<\/p>\t\t\t\t\t\t\t\t<\/div>\n\t\t\t\t<\/div>\n\t\t\t\t<\/div>\n\t\t\t\t\t<\/div>\n\t\t\t\t<\/div>\n\t\t<div class=\"elementor-element elementor-element-iwgs-eberesche-s3 e-flex e-con-boxed e-con e-parent\" data-id=\"iwgs-eberesche-s3\" data-element_type=\"container\" data-e-type=\"container\">\n\t\t\t\t\t<div class=\"e-con-inner\">\n\t\t\t\t<div class=\"elementor-element elementor-element-iwgs-eberesche-s3h elementor-widget elementor-widget-heading\" data-id=\"iwgs-eberesche-s3h\" data-element_type=\"widget\" data-e-type=\"widget\" data-widget_type=\"heading.default\">\n\t\t\t\t\t<h2 class=\"elementor-heading-title elementor-size-default\">Rerefons folkl\u00f2ric i creences<\/h2>\t\t\t\t<\/div>\n\t\t<div class=\"elementor-element elementor-element-iw-eberesche-s3-bw e-con-full e-flex e-con e-child\" data-id=\"iw-eberesche-s3-bw\" data-element_type=\"container\" data-e-type=\"container\">\n\t\t<div class=\"elementor-element elementor-element-iwgs-eberesche-s3box e-con-full e-flex e-con e-parent\" data-id=\"iwgs-eberesche-s3box\" data-element_type=\"container\" data-e-type=\"container\">\n\t\t\t\t<div class=\"elementor-element elementor-element-iwgs-eberesche-s3t elementor-widget elementor-widget-text-editor\" data-id=\"iwgs-eberesche-s3t\" data-element_type=\"widget\" data-e-type=\"widget\" data-widget_type=\"text-editor.default\">\n\t\t\t\t\t\t\t\t\t<p>Al moixera de guilla hi subjeia la idea de que certs arbres posse\u00efen una for\u00e7a protectora contr\u00e0ria a la bruixeria. El moixera de guilla es considerava un dels arbres m\u00e9s efica\u00e7os amb aquesta funci\u00f3.<\/p><p>El color vermell de les baies tenia un paper central. El vermell es considerava \u00e0mpliament en la m\u00e0gia popular europea un color protector, capa\u00e7 de mantenir allunyades les forces nocives i el mal d&#8217;ull. Les baies vermelles del moixera de guilla encarnaven aquest color protector en la naturalesa.<\/p><p>L&#8217;arbre s&#8217;utilitzava contra diverses amenaces. Havia de repel\u00b7lir les bruixes i els seus malefics, evitar l&#8217;ofec nocturn i protegir persones i bestiar del mal d&#8217;ull. Aquesta concentraci\u00f3 de funcions \u00e9s t\u00edpica de les plantes protectores.<\/p><p>Tamb\u00e9 contra el llamp el moixera de guilla es considerava una protecci\u00f3. En aquesta funci\u00f3 entrava en compet\u00e8ncia i relaci\u00f3 amb altres arbres als quals s&#8217;atribu\u00efa protecci\u00f3 contra els llamps. Aqu\u00ed ressona la relaci\u00f3 n\u00f2rdica amb el d\u00e9u del tro Thor.<\/p><p>La valoraci\u00f3 especial del moixera de guilla voladora, \u00e9s a dir, de l&#8217;arbre que no arrelava a terra, s&#8217;explica per una l\u00f2gica \u00e0mpliament estesa en la m\u00e0gia popular. All\u00f2 que havia crescut de manera extraordin\u00e0ria i semblava contradir l&#8217;ordre natural es considerava especialment poder\u00f3s.<\/p><p>El moixera de guilla combinava aix\u00ed diverses idees. Era un arbre protector contra la bruixeria, protecci\u00f3 contra el llamp i portador del significatiu color vermell. Aquesta riquesa de significats el va convertir en un dels arbres m\u00e9s importants de la m\u00e0gia popular.<\/p><p>Davant la mirada nociva existia la idea que una persona o un animal portador d&#8217;una branca de moixera de guilla quedava sostret al mal d&#8217;ull.<\/p><p>Segons aquesta l\u00f2gica, la branca atreia sobre si mateixa l&#8217;atenci\u00f3 nociva, de manera semblant a un <span class=\"iwg-fachbegriff\" data-tooltip=\"Un objecte portat al qual s'atribueix un efecte protector, allunyador del mal.\" tabindex=\"0\">amulet<\/span> cridaner, i aix\u00ed protegia el veritable portador. Aquesta idea vinculava l&#8217;arbre protector amb el vast camp de la defensa contra el mal d&#8217;ull.<\/p>\t\t\t\t\t\t\t\t<\/div>\n\t\t\t\t<\/div>\n\t\t\t\t<\/div>\n\t\t\t\t\t<\/div>\n\t\t\t\t<\/div>\n\t\t<div class=\"elementor-element elementor-element-iwgs-eberesche-s4 e-flex e-con-boxed e-con e-parent\" data-id=\"iwgs-eberesche-s4\" data-element_type=\"container\" data-e-type=\"container\">\n\t\t\t\t\t<div class=\"e-con-inner\">\n\t\t\t\t<div class=\"elementor-element elementor-element-iwgs-eberesche-s4h elementor-widget elementor-widget-heading\" data-id=\"iwgs-eberesche-s4h\" data-element_type=\"widget\" data-e-type=\"widget\" data-widget_type=\"heading.default\">\n\t\t\t\t\t<h2 class=\"elementor-heading-title elementor-size-default\">Aplicaci\u00f3 i costum<\/h2>\t\t\t\t<\/div>\n\t\t<div class=\"elementor-element elementor-element-iw-eberesche-s4-bw e-con-full e-flex e-con e-child\" data-id=\"iw-eberesche-s4-bw\" data-element_type=\"container\" data-e-type=\"container\">\n\t\t<div class=\"elementor-element elementor-element-iwgs-eberesche-s4box e-con-full e-flex e-con e-parent\" data-id=\"iwgs-eberesche-s4box\" data-element_type=\"container\" data-e-type=\"container\">\n\t\t\t\t<div class=\"elementor-element elementor-element-iwgs-eberesche-s4t elementor-widget elementor-widget-text-editor\" data-id=\"iwgs-eberesche-s4t\" data-element_type=\"widget\" data-e-type=\"widget\" data-widget_type=\"text-editor.default\">\n\t\t\t\t\t\t\t\t\t<p>Un <span class=\"iwg-fachbegriff\" data-tooltip=\"Una acci\u00f3 transmesa, repetida regularment en una comunitat.\" tabindex=\"0\">costum<\/span> molt est\u00e8s era penjar branques de moixera de guilla a la casa i a l&#8217;estable. Especialment durant la nit de Walpurgis, en qu\u00e8 es creia que les bruixes eren especialment actives, es fixaven branques fresques a portes i pals de l&#8217;estable.<\/p><p>A l&#8217;estable, el moixera de guilla havia de protegir el bestiar. Es col\u00b7locaven branques sobre les portes de l&#8217;estable o es ficaven a l&#8217;interior per protegir cavalls i bous de malalties, l&#8217;ofec nocturn i l&#8217;embruixament.<\/p><p>Els estris i bastons fets amb fusta de moixera de guilla tenien un significat propi. Un bast\u00f3 de pastor de fusta de moixera de guilla havia de protegir el ramat, un m\u00e0nec de fuet el bestiar de tir. Tamb\u00e9 les batedores i els estris per remenar fets amb aquesta fusta es consideraven avantatjosos.<\/p><p>A portes i llindars, el moixera de guilla s&#8217;utilitzava de manera semblant a altres mitjans de protecci\u00f3 de la construcci\u00f3. Una branca encaixada o un tros de fusta al llindar havia d&#8217;impedir l&#8217;entrada de forces nocives.<\/p><p>Les baies vermelles s&#8217;enfilaven en collarets que es penjaven al coll dels infants o dels animals. Aquestes cordes de baies vinculaven la protecci\u00f3 de l&#8217;arbre amb l&#8217;efecte protector del color vermell.<\/p><p>El <span class=\"iwg-fachbegriff\" data-tooltip=\"Una acci\u00f3 transmesa, repetida regularment en una comunitat.\" tabindex=\"0\">costum<\/span> era f\u00e0cil de dur a terme i no estava lligat a cap persona en particular. Qualsevol llar podia tallar branques i penjar-les. Aquesta facilitat va contribuir a l&#8217;\u00e0mplia difusi\u00f3 dels costums relacionats amb el moixera de guilla.<\/p><p>Tamb\u00e9 estava est\u00e8s el <span class=\"iwg-fachbegriff\" data-tooltip=\"Una acci\u00f3 transmesa, repetida regularment en una comunitat.\" tabindex=\"0\">costum<\/span> de remenar la mantega recentment batuda amb una batedora de fusta de moixera de guilla. Si la batuda fallava, sovint s&#8217;interpretava com l&#8217;obra d&#8217;una bruixa que havia extret la for\u00e7a de la llet. Un estri de remenar fet amb la fusta protectora havia de prevenir aquest malefici i assegurar l&#8217;\u00e8xit de la feina.<\/p>\t\t\t\t\t\t\t\t<\/div>\n\t\t\t\t<\/div>\n\t\t\t\t<\/div>\n\t\t\t\t\t<\/div>\n\t\t\t\t<\/div>\n\t\t<div class=\"elementor-element elementor-element-iwgs-eberesche-s5 e-flex e-con-boxed e-con e-parent\" data-id=\"iwgs-eberesche-s5\" data-element_type=\"container\" data-e-type=\"container\">\n\t\t\t\t\t<div class=\"e-con-inner\">\n\t\t\t\t<div class=\"elementor-element elementor-element-iwgs-eberesche-s5h elementor-widget elementor-widget-heading\" data-id=\"iwgs-eberesche-s5h\" data-element_type=\"widget\" data-e-type=\"widget\" data-widget_type=\"heading.default\">\n\t\t\t\t\t<h2 class=\"elementor-heading-title elementor-size-default\">Variants regionals i elements relacionats<\/h2>\t\t\t\t<\/div>\n\t\t<div class=\"elementor-element elementor-element-iw-eberesche-s5-bw e-con-full e-flex e-con e-child\" data-id=\"iw-eberesche-s5-bw\" data-element_type=\"container\" data-e-type=\"container\">\n\t\t<div class=\"elementor-element elementor-element-iwgs-eberesche-s5box e-con-full e-flex e-con e-parent\" data-id=\"iwgs-eberesche-s5box\" data-element_type=\"container\" data-e-type=\"container\">\n\t\t\t\t<div class=\"elementor-element elementor-element-iwgs-eberesche-s5t elementor-widget elementor-widget-text-editor\" data-id=\"iwgs-eberesche-s5t\" data-element_type=\"widget\" data-e-type=\"widget\" data-widget_type=\"text-editor.default\">\n\t\t\t\t\t\t\t\t\t<p>Els costums relacionats amb el moixig\u00e0 varien segons la regi\u00f3. Al nord d&#8217;Alemanya i a la zona del mar B\u00e0ltic, l&#8217;accent es posava en la protecci\u00f3 del bestiar mitjan\u00e7ant branques col\u00b7locades a l&#8217;entrada. A les serralades mitjanes s&#8217;emfasitzava m\u00e9s la protecci\u00f3 contra les bruixes i el malson.<\/p><p>A Esc\u00f2cia i Irlanda, el moixig\u00e0, all\u00e0 anomenat rowan, era considerat un arbre protector especialment poder\u00f3s. Les creus fetes amb dues branques de moixig\u00e0 lligades amb fil vermell eren un m\u00e8tode de protecci\u00f3 molt est\u00e8s.<\/p><p>A Escandin\u00e0via, el moixig\u00e0 estava estretament relacionat amb la protecci\u00f3 de la casa i la masia. Tamb\u00e9 all\u00e0 el moixig\u00e0 volador, l&#8217;arbre que creix sobre altres arbres, tenia un paper especial.<\/p><p>El moixig\u00e0 est\u00e0 emparentat amb altres plantes protectores de la m\u00e0gia popular europea. El sa\u00fcc era considerat un arbre protector de la llar, el ginebre una fusta purificadora per a fumigacions, i l&#8217;avellaner una vareta amb un poder especial.<\/p><p>Igual que la <a href=\"https:\/\/iwell-guard.com\/ca\/simbols-de-proteccio\/\">pedra de bruixa<\/a> (Hagstein), el moixig\u00e0 pertany als objectes naturals cuya for\u00e7a protectora no prov\u00e9 de la fabricaci\u00f3 humana, sin\u00f3 de la mateixa planta. Tots dos representen una m\u00e0gia protectora que es basa en la natura.<\/p><p>Malgrat les difer\u00e8ncies regionals, s&#8217;hi observa un patr\u00f3 com\u00fa. A tot arreu les baies vermelles es consideren significatives, a tot arreu la protecci\u00f3 s&#8217;orienta contra la bruixeria i el malson, i a tot arreu l&#8217;arbre t\u00e9 un lloc fix en la protecci\u00f3 de la casa i el bestiar.<\/p><p>A Gal\u00b7les, la fusta de moixig\u00e0 es feia servir per als m\u00e0necs de les varetes de saur\u00ed i per als fusos de filar, i en alguns cementiris es plantava aquest arbre expressament per assegurar el rep\u00f2s dels morts. Aquest \u00fas proper a l&#8217;esgl\u00e9sia mostra que el moixig\u00e0, igual que altres plantes protectores, es feia servir sense contradicci\u00f3 entre l&#8217;\u00e0mbit de la m\u00e0gia popular i l&#8217;\u00e0mbit cristi\u00e0.<\/p>\t\t\t\t\t\t\t\t<\/div>\n\t\t\t\t<\/div>\n\t\t\t\t<\/div>\n\t\t\t\t\t<\/div>\n\t\t\t\t<\/div>\n\t\t<div class=\"elementor-element elementor-element-iwgs-eberesche-s6 e-flex e-con-boxed e-con e-parent\" data-id=\"iwgs-eberesche-s6\" data-element_type=\"container\" data-e-type=\"container\">\n\t\t\t\t\t<div class=\"e-con-inner\">\n\t\t\t\t<div class=\"elementor-element elementor-element-iwgs-eberesche-s6h elementor-widget elementor-widget-heading\" data-id=\"iwgs-eberesche-s6h\" data-element_type=\"widget\" data-e-type=\"widget\" data-widget_type=\"heading.default\">\n\t\t\t\t\t<h2 class=\"elementor-heading-title elementor-size-default\">Significat com a amulet de protecci\u00f3<\/h2>\t\t\t\t<\/div>\n\t\t<div class=\"elementor-element elementor-element-iw-eberesche-s6-bw e-con-full e-flex e-con e-child\" data-id=\"iw-eberesche-s6-bw\" data-element_type=\"container\" data-e-type=\"container\">\n\t\t<div class=\"elementor-element elementor-element-iwgs-eberesche-s6box e-con-full e-flex e-con e-parent\" data-id=\"iwgs-eberesche-s6box\" data-element_type=\"container\" data-e-type=\"container\">\n\t\t\t\t<div class=\"elementor-element elementor-element-iwgs-eberesche-s6t elementor-widget elementor-widget-text-editor\" data-id=\"iwgs-eberesche-s6t\" data-element_type=\"widget\" data-e-type=\"widget\" data-widget_type=\"text-editor.default\">\n\t\t\t\t\t\t\t\t\t<p>El significat protector del moixig\u00e0 es basa en la combinaci\u00f3 de diverses idees. L&#8217;arbre es considerava per naturalesa oposat a la bruixeria, i les seves baies vermelles portaven el color protector per excel\u00b7l\u00e8ncia.<\/p><p>La protecci\u00f3 del bestiar tenia un paper central. Com que les malalties del bestiar sovint s&#8217;interpretaven com a conseq\u00fc\u00e8ncia de malefici, un mitj\u00e0 de defensa que es creia efica\u00e7 tenia una gran import\u00e0ncia per a l&#8217;economia pagesa. El moixig\u00e0 complia aquesta expectativa.<\/p><p>La protecci\u00f3 de la casa complementava la del bestiar. Les branques col\u00b7locades a portes i finestres havien de protegir tota la propietat contra la penetraci\u00f3 de forces nocives, de manera semblant als signes d&#8217;abast gravats.<\/p><p>La suposada protecci\u00f3 contra els llamps ampliava la funci\u00f3 protectora a un perill natural. En una \u00e8poca sense parallamps t\u00e8cnics, la creen\u00e7a en un arbre que allunyava els llamps tenia una import\u00e0ncia considerable per a la gent.<\/p><p>Per a les persones, el valor del moixig\u00e0 residia en la seva disponibilitat. L&#8217;arbre creixia gaireb\u00e9 a tot arreu, i les seves branques es podien tallar gratu\u00eftament. La protecci\u00f3 era, aix\u00ed, a l&#8217;abast de qualsevol llar.<\/p><p>Cal remarcar que aquest significat protector reflecteix creences hist\u00f2riques. No hi ha cap defensa real contra la malaltia, el malefici o els llamps associada al moixig\u00e0. El seu valor rau en l&#8217;aportaci\u00f3 cultural i hist\u00f2rica sobre un pensament del passat.<\/p>\t\t\t\t\t\t\t\t<\/div>\n\t\t\t\t<\/div>\n\t\t\t\t<\/div>\n\t\t\t\t\t<\/div>\n\t\t\t\t<\/div>\n\t\t<div class=\"elementor-element elementor-element-iwgs-eberesche-s7 e-flex e-con-boxed e-con e-parent\" data-id=\"iwgs-eberesche-s7\" data-element_type=\"container\" data-e-type=\"container\">\n\t\t\t\t\t<div class=\"e-con-inner\">\n\t\t\t\t<div class=\"elementor-element elementor-element-iwgs-eberesche-s7h elementor-widget elementor-widget-heading\" data-id=\"iwgs-eberesche-s7h\" data-element_type=\"widget\" data-e-type=\"widget\" data-widget_type=\"heading.default\">\n\t\t\t\t\t<h2 class=\"elementor-heading-title elementor-size-default\">Estat de les fonts i hist\u00f2ria de la investigaci\u00f3<\/h2>\t\t\t\t<\/div>\n\t\t<div class=\"elementor-element elementor-element-iw-eberesche-s7-bw e-con-full e-flex e-con e-child\" data-id=\"iw-eberesche-s7-bw\" data-element_type=\"container\" data-e-type=\"container\">\n\t\t<div class=\"elementor-element elementor-element-iwgs-eberesche-s7box e-con-full e-flex e-con e-parent\" data-id=\"iwgs-eberesche-s7box\" data-element_type=\"container\" data-e-type=\"container\">\n\t\t\t\t<div class=\"elementor-element elementor-element-iwgs-eberesche-s7t elementor-widget elementor-widget-text-editor\" data-id=\"iwgs-eberesche-s7t\" data-element_type=\"widget\" data-e-type=\"widget\" data-widget_type=\"text-editor.default\">\n\t\t\t\t\t\t\t\t\t<p>La documentaci\u00f3 sobre el moixig\u00e0 com a arbre protector \u00e9s abundant per a l&#8217;<span class=\"iwg-fachbegriff\" data-tooltip=\"\u00c8poca aproximadament del segle XV al XVIII.\" tabindex=\"0\">Edat Moderna primerenca<\/span> i el segle XIX, per\u00f2 presenta llacunes per a \u00e8poques m\u00e9s antigues. Molt del que es diu sobre l&#8217;\u00e8poca precristiana continua sent conjectura.<\/p><p>Pel que fa a la <span class=\"iwg-fachbegriff\" data-tooltip=\"La transmissi\u00f3 de coneixements i relats al llarg de generacions.\" tabindex=\"0\">tradici\u00f3<\/span> n\u00f2rdica, els escrits islandesos medievals ofereixen indicis sobre la import\u00e0ncia del moixig\u00e0 en relaci\u00f3 amb el d\u00e9u Thor. Tot i aix\u00f2, aquestes refer\u00e8ncies s\u00f3n escasses i s&#8217;han d&#8217;interpretar amb precauci\u00f3.<\/p><p>La base principal la constitueixen els reculls folkl\u00f2rics del segle XIX i principis del XX. Els investigadors van recopilar, mitjan\u00e7ant enquestes, un material dens sobre costums que mostra la diversitat regional dels costums relacionats amb el moixig\u00e0.<\/p><p>El diccionari manual de la superstici\u00f3 alemanya (Handw\u00f6rterbuch des deutschen Aberglaubens) ofereix una entrada detallada sobre el moixig\u00e0. Hi ordena els costums de manera sistem\u00e0tica i els relaciona amb les idees de bruixeria, malson i color protector.<\/p><p>Una dificultat metodol\u00f2gica \u00e9s la de deduir, a partir de costums m\u00e9s recents, un significat cultual precristi\u00e0. La investigaci\u00f3 aconsella prud\u00e8ncia en aquest punt, ja que els costums m\u00e9s tardans no es poden projectar sense m\u00e9s ni m\u00e9s cap a un passat lluny\u00e0.<\/p><p>La hist\u00f2ria de la investigaci\u00f3 mostra que el moixig\u00e0 \u00e9s un dels arbres protectors m\u00e9s ben documentats d&#8217;Europa. La tasca de recopilaci\u00f3 folkl\u00f2rica ha fet visible de manera exhaustiva el seu paper divers dins la m\u00e0gia popular.<\/p><p>Un problema recurrent en la investigaci\u00f3 \u00e9s la confusi\u00f3 del moixig\u00e0 amb altres arbres en textos antics. Els noms populars no s\u00f3n inequ\u00edvocs, i termes com Quitsche o Drudenbaum s&#8217;utilitzaven de manera diferent segons la regi\u00f3. Determinar amb precisi\u00f3 quin arbre es refereix en una font requereix, per tant, contrastar-ho amb l&#8217;\u00fas ling\u00fc\u00edstic regional.<\/p>\t\t\t\t\t\t\t\t<\/div>\n\t\t\t\t<\/div>\n\t\t\t\t<\/div>\n\t\t\t\t\t<\/div>\n\t\t\t\t<\/div>\n\t\t<div class=\"elementor-element elementor-element-iwgs-eberesche-s8 e-flex e-con-boxed e-con e-parent\" data-id=\"iwgs-eberesche-s8\" data-element_type=\"container\" data-e-type=\"container\">\n\t\t\t\t\t<div class=\"e-con-inner\">\n\t\t\t\t<div class=\"elementor-element elementor-element-iwgs-eberesche-s8h elementor-widget elementor-widget-heading\" data-id=\"iwgs-eberesche-s8h\" data-element_type=\"widget\" data-e-type=\"widget\" data-widget_type=\"heading.default\">\n\t\t\t\t\t<h2 class=\"elementor-heading-title elementor-size-default\">Recepci\u00f3 actual<\/h2>\t\t\t\t<\/div>\n\t\t<div class=\"elementor-element elementor-element-iw-eberesche-s8-bw e-con-full e-flex e-con e-child\" data-id=\"iw-eberesche-s8-bw\" data-element_type=\"container\" data-e-type=\"container\">\n\t\t<div class=\"elementor-element elementor-element-iwgs-eberesche-s8box e-con-full e-flex e-con e-parent\" data-id=\"iwgs-eberesche-s8box\" data-element_type=\"container\" data-e-type=\"container\">\n\t\t\t\t<div class=\"elementor-element elementor-element-iwgs-eberesche-s8t elementor-widget elementor-widget-text-editor\" data-id=\"iwgs-eberesche-s8t\" data-element_type=\"widget\" data-e-type=\"widget\" data-widget_type=\"text-editor.default\">\n\t\t\t\t\t\t\t\t\t<p>Avui dia, el freixe de muntanya (aur\u00f3) \u00e9s conegut sobretot com a arbre ornamental i de protecci\u00f3 d&#8217;aus. Les seves baies vermelles s\u00f3n una font d&#8217;alimentaci\u00f3 important per als ocells, cosa que el fa popular en jardins naturals.<\/p><p>En la naturopatia moderna i l&#8217;<span class=\"iwg-fachbegriff\" data-tooltip=\"Terme col\u00b7lectiu per a doctrines que reivindiquen un coneixement ocult, nom\u00e9s accessible als iniciats.\" tabindex=\"0\">esoterisme<\/span> es recupera de vegades el freixe de muntanya com a arbre protector. La literatura de divulgaci\u00f3 el descriu com un arbre amb for\u00e7a defensiva. Aquestes representacions enllacen amb les antigues concepcions, per\u00f2 cal distingir-les de la <span class=\"iwg-fachbegriff\" data-tooltip=\"La transmissi\u00f3 de coneixements i relats al llarg de generacions.\" tabindex=\"0\">tradici\u00f3<\/span> hist\u00f2rica.<\/p><p>En la conservaci\u00f3 de costums i en l&#8217;estudi de la cultura popular, el coneixement del freixe de muntanya com a arbre protector es mant\u00e9 viu. En la difusi\u00f3 de la cultura popular regional s&#8217;explica l&#8217;arbre i el seu antic <span class=\"iwg-fachbegriff\" data-tooltip=\"Una acci\u00f3 transmesa i repetida regularment en una comunitat.\" tabindex=\"0\">costum<\/span>.<\/p><p>En el paganisme modern inspirat en la tradici\u00f3 c\u00e8ltica, el freixe de muntanya t\u00e9 un paper sota el nom de Rowan. All\u00e0 se l&#8217;interpreta com a arbre protector, tot barrejant-se la <span class=\"iwg-fachbegriff\" data-tooltip=\"La transmissi\u00f3 de coneixements i relats al llarg de generacions.\" tabindex=\"0\">tradici\u00f3<\/span> hist\u00f2rica amb una reinterpretaci\u00f3 moderna.<\/p><div data-nosnippet=\"true\"><p>Qui vulgui comprendre millor el paper del freixe de muntanya en la creen\u00e7a popular n\u00f2rdica i c\u00e8ltica, hauria de rec\u00f3rrer a manuals d&#8217;etnografia i a un resum dels s\u00edmbols de protecci\u00f3. Les guies esot\u00e8riques sovint presenten la hist\u00f2ria de l&#8217;arbre protector d&#8217;una manera molt simplificada.<\/p><\/div><p>La recepci\u00f3 actual mostra, doncs, dues l\u00ednies. El freixe de muntanya \u00e9s un arbre apreciat en la natura, i alhora sobreviu com a arbre protector en la conservaci\u00f3 de costums i en el paganisme modern, encara que all\u00e0 amb una interpretaci\u00f3 renovada.<\/p>\t\t\t\t\t\t\t\t<\/div>\n\t\t\t\t<\/div>\n\t\t\t\t<\/div>\n\t\t\t\t\t<\/div>\n\t\t\t\t<\/div>\n\t\t<div class=\"elementor-element elementor-element-iwgs-eberesche-lit e-flex e-con-boxed e-con e-parent\" data-id=\"iwgs-eberesche-lit\" data-element_type=\"container\" data-e-type=\"container\">\n\t\t\t\t\t<div class=\"e-con-inner\">\n\t\t\t\t<div class=\"elementor-element elementor-element-iwgs-eberesche-lith elementor-widget elementor-widget-heading\" data-id=\"iwgs-eberesche-lith\" data-element_type=\"widget\" data-e-type=\"widget\" data-widget_type=\"heading.default\">\n\t\t\t\t\t<h2 class=\"elementor-heading-title elementor-size-default\">Bibliografia (selecci\u00f3)<\/h2>\t\t\t\t<\/div>\n\t\t<div class=\"elementor-element elementor-element-iw-eberesche-lit-bw e-con-full e-flex e-con e-child\" data-id=\"iw-eberesche-lit-bw\" data-element_type=\"container\" data-e-type=\"container\">\n\t\t<div class=\"elementor-element elementor-element-iwgs-eberesche-litbox e-con-full e-flex e-con e-parent\" data-id=\"iwgs-eberesche-litbox\" data-element_type=\"container\" data-e-type=\"container\">\n\t\t\t\t<div class=\"elementor-element elementor-element-iwgs-eberesche-litt elementor-widget elementor-widget-html\" data-id=\"iwgs-eberesche-litt\" data-element_type=\"widget\" data-e-type=\"widget\" data-widget_type=\"html.default\">\n\t\t\t\t\t<footer data-nosnippet=\"true\"><ul><li>Hanns B\u00e4chtold-St\u00e4ubli (ed.): <em>Handw\u00f6rterbuch des deutschen Aberglaubens<\/em> (1927-1942)<\/li><li>Heinrich Marzell: <em>W\u00f6rterbuch der deutschen Pflanzennamen<\/em> (1943-1979)<\/li><li>Adolf Wuttke: <em>Der deutsche Volksaberglaube der Gegenwart<\/em> (1869)<\/li><li>Wolf-Dieter Storl: <em>Pflanzen der Kelten<\/em> (2000)<\/li><li>Doris Laudert: <em>Mythos Baum. Geschichte, Brauchtum, 40 Baumportr\u00e4ts<\/em> (1998)<\/li><\/ul><\/footer>\t\t\t\t<\/div>\n\t\t\t\t<\/div>\n\t\t\t\t<\/div>\n\t\t\t\t\t<\/div>\n\t\t\t\t<\/div>\n\t\t<div class=\"elementor-element elementor-element-iwgs-eberesche-kwd e-flex e-con-boxed e-con e-parent\" data-id=\"iwgs-eberesche-kwd\" data-element_type=\"container\" data-e-type=\"container\">\n\t\t\t\t\t<div class=\"e-con-inner\">\n\t\t<div class=\"elementor-element elementor-element-iw-eberesche-kwd-bw e-con-full e-flex e-con e-child\" data-id=\"iw-eberesche-kwd-bw\" data-element_type=\"container\" data-e-type=\"container\">\n\t\t\t\t<div class=\"elementor-element elementor-element-iwgs-eberesche-kwdt elementor-widget elementor-widget-text-editor\" data-id=\"iwgs-eberesche-kwdt\" data-element_type=\"widget\" data-e-type=\"widget\" data-widget_type=\"text-editor.default\">\n\t\t\t\t\t\t\t\t\t<p><em>Termes clau relacionats: Vogelbeere Sorbus aucuparia arbre protector Drudenbaum Rowan Nit de Walpurgis protecci\u00f3 contra bruixes Flugeberesche fusta protectora protecci\u00f3 del bestiar protecci\u00f3 contra llamps.<\/em><\/p>\t\t\t\t\t\t\t\t<\/div>\n\t\t\t\t<\/div>\n\t\t\t\t\t<\/div>\n\t\t\t\t<\/div>\n\t\t<div class=\"elementor-element elementor-element-iwgs-eberesche-cc e-flex e-con-boxed e-con e-parent\" data-id=\"iwgs-eberesche-cc\" data-element_type=\"container\" data-e-type=\"container\" id=\"iwg-cc-eberesche\">\n\t\t\t\t\t<div class=\"e-con-inner\">\n\t\t<div class=\"elementor-element elementor-element-iwgs-eberesche-ccinner e-flex e-con-boxed e-con e-parent\" data-id=\"iwgs-eberesche-ccinner\" data-element_type=\"container\" data-e-type=\"container\" data-settings=\"{&quot;background_background&quot;:&quot;classic&quot;}\">\n\t\t\t\t\t<div class=\"e-con-inner\">\n\t\t\t\t<div class=\"elementor-element elementor-element-iwgs-eberesche-cch elementor-widget elementor-widget-heading\" data-id=\"iwgs-eberesche-cch\" data-element_type=\"widget\" data-e-type=\"widget\" data-widget_type=\"heading.default\">\n\t\t\t\t\t<h2 class=\"elementor-heading-title elementor-size-default\">iWell Guard i tradicions de protecci\u00f3<\/h2>\t\t\t\t<\/div>\n\t\t\t\t<div class=\"elementor-element elementor-element-iwgs-eberesche-cct elementor-widget elementor-widget-text-editor\" data-id=\"iwgs-eberesche-cct\" data-element_type=\"widget\" data-e-type=\"widget\" data-widget_type=\"text-editor.default\">\n\t\t\t\t\t\t\t\t\t<p>iWell Guard s&#8217;inscriu en la l\u00ednia historicocultural dels objectes de protecci\u00f3 portables, a la qual tamb\u00e9 pertany el freixe de muntanya. Un company modern per a persones que viuen amb s\u00edmbols de protecci\u00f3: fabricat a Alemanya, 41 capes d&#8217;or aut\u00e8ntic, plat\u00ed i plata, amb dret de devoluci\u00f3 de 30 dies.<\/p>\t\t\t\t\t\t\t\t<\/div>\n\t\t\t\t<div class=\"elementor-element elementor-element-iwgs-eberesche-ccb iwg-cc-button iwg-cc-cta-2026-05-13 elementor-widget elementor-widget-jet-button\" data-id=\"iwgs-eberesche-ccb\" data-element_type=\"widget\" data-e-type=\"widget\" data-widget_type=\"jet-button.default\">\n\t\t\t\t<div class=\"elementor-widget-container\">\n\t\t\t\t\t<div class=\"elementor-jet-button jet-elements\"><div class=\"jet-button__container\"><a class=\"jet-button__instance jet-button__instance--icon-left hover-effect-1\" href=\"\/schutzanhaenger-iwell-guard-kaufen\/?utm_source=iwell-guard.com&amp;utm_medium=info-box&amp;utm_campaign=schutzsymbole\"><div class=\"jet-button__plane jet-button__plane-normal\"><\/div><div class=\"jet-button__plane jet-button__plane-hover\"><\/div><div class=\"jet-button__state jet-button__state-normal\"><span class=\"jet-button__label\">M\u00e9s informaci\u00f3 sobre l'iWell Guard<\/span><\/div><div class=\"jet-button__state jet-button__state-hover\"><span class=\"jet-button__label\">M\u00e9s informaci\u00f3 sobre l'iWell Guard<\/span><\/div><\/a><\/div><\/div><style>.elementor-element.elementor-element-iwgs-eberesche-ccb .jet-button__instance{width:320px;height:56px;}.elementor-element.elementor-element-iwgs-eberesche-ccb .jet-button__state-normal .jet-button__label{text-align:center;margin:0px 0px 0px 0px;color:#1a1b20;font-family:Montserrat,sans-serif;font-size:13px;font-weight:400;letter-spacing:4px;line-height:1.714em;text-transform:uppercase;}.elementor-element.elementor-element-iwgs-eberesche-ccb .jet-button__state-hover .jet-button__label{text-align:center;margin:0px 0px 0px 0px;color:#FECC76;font-family:Montserrat,sans-serif;font-size:13px;font-weight:400;letter-spacing:4px;line-height:1.714em;text-transform:uppercase;}.elementor-element.elementor-element-iwgs-eberesche-ccb .jet-button__plane-normal{background-color:#FECC76;border-style:solid;border-color:#C99540;border-width:2px 2px 2px 2px;}.elementor-element.elementor-element-iwgs-eberesche-ccb .jet-button__plane-hover{background-color:rgba(0,0,0,0.55);border-style:solid;border-color:#FECC76;border-width:2px 2px 2px 2px;}<\/style>\t\t\t\t<\/div>\n\t\t\t\t<\/div>\n\t\t\t\t<div class=\"elementor-element elementor-element-iwgs-eberesche-ccd elementor-widget elementor-widget-text-editor\" data-id=\"iwgs-eberesche-ccd\" data-element_type=\"widget\" data-e-type=\"widget\" data-widget_type=\"text-editor.default\">\n\t\t\t\t\t\t\t\t\t<p style=\"text-align:center;font-size:13px;opacity:0.7;margin-top:14px\" data-nosnippet=\"true\">Les experi\u00e8ncies personals poden variar. No \u00e9s un producte sanitari. No es garanteix cap curaci\u00f3.<\/p>\t\t\t\t\t\t\t\t<\/div>\n\t\t\t\t\t<\/div>\n\t\t\t\t<\/div>\n\t\t\t\t\t<\/div>\n\t\t\t\t<\/div>\n\t\t<div class=\"elementor-element elementor-element-iwgs-eberesche-disc e-flex e-con-boxed e-con e-parent\" data-id=\"iwgs-eberesche-disc\" data-element_type=\"container\" data-e-type=\"container\">\n\t\t\t\t\t<div class=\"e-con-inner\">\n\t\t<div class=\"elementor-element elementor-element-iw-eberesche-disc-bw e-con-full e-flex e-con e-child\" data-id=\"iw-eberesche-disc-bw\" data-element_type=\"container\" data-e-type=\"container\">\n\t\t\t\t<div class=\"elementor-element elementor-element-iwgs-eberesche-discw elementor-widget elementor-widget-html\" data-id=\"iwgs-eberesche-discw\" data-element_type=\"widget\" data-e-type=\"widget\" data-widget_type=\"html.default\">\n\t\t\t\t\t<footer data-nosnippet=\"true\" class=\"iwg-disclaimer-block\"><p data-nosnippet=\"true\">iWell Guard <strong>no \u00e9s un producte sanitari<\/strong> i no substitueix cap tractament m\u00e8dic o psicoterap\u00e8utic. Els continguts presentats aqu\u00ed s\u00f3n una contextualitzaci\u00f3 des de la ci\u00e8ncia de les religions i la hist\u00f2ria cultural, no una promesa d'efecte espiritual.<\/p><\/footer>\t\t\t\t<\/div>\n\t\t\t\t<\/div>\n\t\t\t\t\t<\/div>\n\t\t\t\t<\/div>\n\t\t\t\t<\/div>\n\t\t","protected":false},"excerpt":{"rendered":"","protected":false},"author":3,"featured_media":3573,"parent":0,"menu_order":0,"comment_status":"closed","ping_status":"closed","template":"elementor_header_footer","meta":{"_yoast_wpseo_focuskw":"Serbera de ca\u00e7adors","_yoast_wpseo_title":"Serbera de ca\u00e7adors: arbre de protecci\u00f3 de la m\u00e0gia popular europea","_yoast_wpseo_metadesc":"La serbera de ca\u00e7adors era considerada arbre i fusta de protecci\u00f3 contra la bruixeria i els llamps. Origen, costum i interpretaci\u00f3 etnol\u00f2gica de l'arbre protector.","_yoast_wpseo_meta-robots-noindex":"","_yoast_wpseo_canonical":"","_angie_page":false,"gefaehrdungsstufe":"","wesen_kultur":"","wesen_klasse":"","footnotes":""},"categories":[],"class_list":["post-171997","page","type-page","status-publish","has-post-thumbnail","hentry"],"yoast_head":"<!-- This site is optimized with the Yoast SEO Premium plugin v27.7 (Yoast SEO v28.3) - https:\/\/yoast.com\/product\/yoast-seo-premium-wordpress\/ -->\n<title>Serbera de ca\u00e7adors: arbre de protecci\u00f3 de la m\u00e0gia popular europea<\/title>\n<meta name=\"description\" content=\"La serbera de ca\u00e7adors era considerada arbre i fusta de protecci\u00f3 contra la bruixeria i els llamps. Origen, costum i interpretaci\u00f3 etnol\u00f2gica de l&#039;arbre protector.\" \/>\n<meta name=\"robots\" content=\"index, follow, max-snippet:-1, max-image-preview:large, max-video-preview:-1\" \/>\n<link rel=\"canonical\" href=\"https:\/\/iwell-guard.com\/ca\/serbera-cacadors-arbre-fusta-proteccio\/\" \/>\n<meta property=\"og:locale\" content=\"ca_ES\" \/>\n<meta property=\"og:type\" content=\"article\" \/>\n<meta property=\"og:title\" content=\"Serbera de ca\u00e7adors \u2013 arbre i fusta de protecci\u00f3 de la m\u00e0gia popular\" \/>\n<meta property=\"og:description\" content=\"La serbera de ca\u00e7adors era considerada arbre i fusta de protecci\u00f3 contra la bruixeria i els llamps. Origen, costum i interpretaci\u00f3 etnol\u00f2gica de l&#039;arbre protector.\" \/>\n<meta property=\"og:url\" content=\"https:\/\/iwell-guard.com\/ca\/serbera-cacadors-arbre-fusta-proteccio\/\" \/>\n<meta property=\"og:site_name\" content=\"iWell Guard\" \/>\n<meta property=\"article:modified_time\" content=\"2026-09-05T16:12:39+00:00\" \/>\n<meta property=\"og:image\" content=\"https:\/\/iwell-guard.com\/wp-content\/uploads\/2026\/05\/schutzsymbol_volksmagie_eberesche.webp\" \/>\n\t<meta property=\"og:image:width\" content=\"1024\" \/>\n\t<meta property=\"og:image:height\" content=\"1536\" \/>\n\t<meta property=\"og:image:type\" content=\"image\/webp\" \/>\n<meta name=\"twitter:card\" content=\"summary_large_image\" \/>\n<script type=\"application\/ld+json\" class=\"yoast-schema-graph\">{\"@context\":\"https:\\\/\\\/schema.org\",\"@graph\":[{\"@type\":\"WebPage\",\"@id\":\"https:\\\/\\\/iwell-guard.com\\\/ca\\\/serbera-cacadors-arbre-fusta-proteccio\\\/\",\"url\":\"https:\\\/\\\/iwell-guard.com\\\/ca\\\/serbera-cacadors-arbre-fusta-proteccio\\\/\",\"name\":\"Serbera de ca\u00e7adors: arbre de protecci\u00f3 de la m\u00e0gia popular europea\",\"isPartOf\":{\"@id\":\"https:\\\/\\\/iwell-guard.com\\\/ca\\\/#website\"},\"primaryImageOfPage\":{\"@id\":\"https:\\\/\\\/iwell-guard.com\\\/ca\\\/serbera-cacadors-arbre-fusta-proteccio\\\/#primaryimage\"},\"image\":{\"@id\":\"https:\\\/\\\/iwell-guard.com\\\/ca\\\/serbera-cacadors-arbre-fusta-proteccio\\\/#primaryimage\"},\"thumbnailUrl\":\"https:\\\/\\\/iwell-guard.com\\\/wp-content\\\/uploads\\\/2026\\\/05\\\/schutzsymbol_volksmagie_eberesche.webp\",\"datePublished\":\"2026-09-05T15:44:12+00:00\",\"dateModified\":\"2026-09-05T16:12:39+00:00\",\"description\":\"La serbera de ca\u00e7adors era considerada arbre i fusta de protecci\u00f3 contra la bruixeria i els llamps. Origen, costum i interpretaci\u00f3 etnol\u00f2gica de l'arbre protector.\",\"breadcrumb\":{\"@id\":\"https:\\\/\\\/iwell-guard.com\\\/ca\\\/serbera-cacadors-arbre-fusta-proteccio\\\/#breadcrumb\"},\"inLanguage\":\"ca\",\"potentialAction\":[{\"@type\":\"ReadAction\",\"target\":[\"https:\\\/\\\/iwell-guard.com\\\/ca\\\/serbera-cacadors-arbre-fusta-proteccio\\\/\"]}]},{\"@type\":\"ImageObject\",\"inLanguage\":\"ca\",\"@id\":\"https:\\\/\\\/iwell-guard.com\\\/ca\\\/serbera-cacadors-arbre-fusta-proteccio\\\/#primaryimage\",\"url\":\"https:\\\/\\\/iwell-guard.com\\\/wp-content\\\/uploads\\\/2026\\\/05\\\/schutzsymbol_volksmagie_eberesche.webp\",\"contentUrl\":\"https:\\\/\\\/iwell-guard.com\\\/wp-content\\\/uploads\\\/2026\\\/05\\\/schutzsymbol_volksmagie_eberesche.webp\",\"width\":1024,\"height\":1536,\"caption\":\"S\u00edmbol de protecci\u00f3. Il\u00b7lustraci\u00f3 muse\u00edstica de bodeg\u00f3.\"},{\"@type\":\"BreadcrumbList\",\"@id\":\"https:\\\/\\\/iwell-guard.com\\\/ca\\\/serbera-cacadors-arbre-fusta-proteccio\\\/#breadcrumb\",\"itemListElement\":[{\"@type\":\"ListItem\",\"position\":1,\"name\":\"Start\",\"item\":\"https:\\\/\\\/iwell-guard.com\\\/ca\\\/?page_id=171333\"},{\"@type\":\"ListItem\",\"position\":2,\"name\":\"Serbera de ca\u00e7adors \u2013 arbre i fusta de protecci\u00f3 de la m\u00e0gia popular\"}]},{\"@type\":\"WebSite\",\"@id\":\"https:\\\/\\\/iwell-guard.com\\\/ca\\\/#website\",\"url\":\"https:\\\/\\\/iwell-guard.com\\\/ca\\\/\",\"name\":\"iWell Guard\",\"description\":\"Schutz vor dunklen Einfl\u00fcssen\",\"publisher\":{\"@id\":\"https:\\\/\\\/iwell-guard.com\\\/ca\\\/#organization\"},\"potentialAction\":[{\"@type\":\"SearchAction\",\"target\":{\"@type\":\"EntryPoint\",\"urlTemplate\":\"https:\\\/\\\/iwell-guard.com\\\/ca\\\/?s={search_term_string}\"},\"query-input\":{\"@type\":\"PropertyValueSpecification\",\"valueRequired\":true,\"valueName\":\"search_term_string\"}}],\"inLanguage\":\"ca\"},{\"@type\":\"Organization\",\"@id\":\"https:\\\/\\\/iwell-guard.com\\\/ca\\\/#organization\",\"name\":\"Ittermann electronic GmbH\",\"url\":\"https:\\\/\\\/iwell-guard.com\\\/ca\\\/\",\"logo\":{\"@type\":\"ImageObject\",\"inLanguage\":\"ca\",\"@id\":\"https:\\\/\\\/iwell-guard.com\\\/ca\\\/#\\\/schema\\\/logo\\\/image\\\/\",\"url\":\"https:\\\/\\\/iwell-guard.com\\\/wp-content\\\/uploads\\\/2026\\\/05\\\/Ittermann-Logo-1182x237-1.png\",\"contentUrl\":\"https:\\\/\\\/iwell-guard.com\\\/wp-content\\\/uploads\\\/2026\\\/05\\\/Ittermann-Logo-1182x237-1.png\",\"width\":1182,\"height\":237,\"caption\":\"Ittermann electronic GmbH\"},\"image\":{\"@id\":\"https:\\\/\\\/iwell-guard.com\\\/ca\\\/#\\\/schema\\\/logo\\\/image\\\/\"},\"sameAs\":[\"https:\\\/\\\/pantip.com\\\/profile\\\/9367242\",\"https:\\\/\\\/micro.blog\\\/iwellguard\",\"https:\\\/\\\/www.diggerslist.com\\\/iwellguard\\\/about\",\"https:\\\/\\\/skitterphoto.com\\\/photographers\\\/2870314\\\/iwell-guard\",\"https:\\\/\\\/iwellguard.wordpress.com\\\/2026\\\/06\\\/06\\\/iwell-guard\\\/\",\"https:\\\/\\\/hub.docker.com\\\/u\\\/iwellguard\",\"https:\\\/\\\/www.pinterest.com\\\/iwellguard\\\/\",\"https:\\\/\\\/bit.ly\\\/m\\\/iwellguard\",\"https:\\\/\\\/entre-vos-mains.alsace.eu\\\/profiles\\\/iwellguard\\\/activity\",\"https:\\\/\\\/gravatar.com\\\/reallybeded8fd34\",\"https:\\\/\\\/naijamatta.com\\\/iwellguard\",\"https:\\\/\\\/www.goodreads.com\\\/iwellguard\",\"https:\\\/\\\/profile.hatena.ne.jp\\\/iwellguard\\\/\",\"https:\\\/\\\/experiment.com\\\/users\\\/iwellguard\",\"https:\\\/\\\/wakelet.com\\\/@iWellGuard82270\",\"https:\\\/\\\/www.chordie.com\\\/forum\\\/profile.php?id=2555664\",\"https:\\\/\\\/www.instapaper.com\\\/p\\\/17757966\",\"https:\\\/\\\/www.mapleprimes.com\\\/users\\\/iwellguard\",\"https:\\\/\\\/businesslistingplus.com\\\/profile\\\/iwell-guard\\\/\",\"https:\\\/\\\/telegra.ph\\\/iWell-Guard-06-06\",\"https:\\\/\\\/pbase.com\\\/iwellguard\\\/iwellguard\",\"https:\\\/\\\/b.hatena.ne.jp\\\/iwellguard\\\/20260607#bookmark-4788405196491818882\",\"https:\\\/\\\/fliphtml5.com\\\/home\\\/iwellguard\",\"https:\\\/\\\/anyflip.com\\\/homepage\\\/cmiwl#About\",\"https:\\\/\\\/transfur.com\\\/Users\\\/iwellguard\",\"http:\\\/\\\/delphi.larsbo.org\\\/user\\\/iwellguard\",\"https:\\\/\\\/jobs.lajobsportal.org\\\/profiles\\\/8380803-iwell-guard\",\"https:\\\/\\\/md.chaosdorf.de\\\/s\\\/jfbe5SBdJD\",\"https:\\\/\\\/www.lingvolive.com\\\/en-us\\\/profile\\\/9ecaeaca-ce11-4e51-9e71-01d55e2bff36\\\/translations\",\"https:\\\/\\\/www.fitday.com\\\/fitness\\\/forums\\\/members\\\/iwellguard.html\",\"https:\\\/\\\/www.mymeetbook.com\\\/iwellguard\",\"https:\\\/\\\/pxhere.com\\\/en\\\/photographer-me\\\/5040798\",\"https:\\\/\\\/disqus.com\\\/by\\\/iwellguard\\\/about\\\/\",\"https:\\\/\\\/pastelink.net\\\/hjwciqwq\",\"https:\\\/\\\/pubhtml5.com\\\/homepage\\\/scjhn\\\/\",\"https:\\\/\\\/www.bitchute.com\\\/channel\\\/2O2eOKzNqujT\",\"https:\\\/\\\/audiomack.com\\\/iwellguard\"]}]}<\/script>\n<!-- \/ Yoast SEO Premium plugin. -->","yoast_head_json":{"title":"Serbera de ca\u00e7adors: arbre de protecci\u00f3 de la m\u00e0gia popular europea","description":"La serbera de ca\u00e7adors era considerada arbre i fusta de protecci\u00f3 contra la bruixeria i els llamps. Origen, costum i interpretaci\u00f3 etnol\u00f2gica de l'arbre protector.","robots":{"index":"index","follow":"follow","max-snippet":"max-snippet:-1","max-image-preview":"max-image-preview:large","max-video-preview":"max-video-preview:-1"},"canonical":"https:\/\/iwell-guard.com\/ca\/serbera-cacadors-arbre-fusta-proteccio\/","og_locale":"ca_ES","og_type":"article","og_title":"Serbera de ca\u00e7adors \u2013 arbre i fusta de protecci\u00f3 de la m\u00e0gia popular","og_description":"La serbera de ca\u00e7adors era considerada arbre i fusta de protecci\u00f3 contra la bruixeria i els llamps. Origen, costum i interpretaci\u00f3 etnol\u00f2gica de l'arbre protector.","og_url":"https:\/\/iwell-guard.com\/ca\/serbera-cacadors-arbre-fusta-proteccio\/","og_site_name":"iWell Guard","article_modified_time":"2026-09-05T16:12:39+00:00","og_image":[{"width":1024,"height":1536,"url":"https:\/\/iwell-guard.com\/wp-content\/uploads\/2026\/05\/schutzsymbol_volksmagie_eberesche.webp","type":"image\/webp"}],"twitter_card":"summary_large_image","schema":{"@context":"https:\/\/schema.org","@graph":[{"@type":"WebPage","@id":"https:\/\/iwell-guard.com\/ca\/serbera-cacadors-arbre-fusta-proteccio\/","url":"https:\/\/iwell-guard.com\/ca\/serbera-cacadors-arbre-fusta-proteccio\/","name":"Serbera de ca\u00e7adors: arbre de protecci\u00f3 de la m\u00e0gia popular europea","isPartOf":{"@id":"https:\/\/iwell-guard.com\/ca\/#website"},"primaryImageOfPage":{"@id":"https:\/\/iwell-guard.com\/ca\/serbera-cacadors-arbre-fusta-proteccio\/#primaryimage"},"image":{"@id":"https:\/\/iwell-guard.com\/ca\/serbera-cacadors-arbre-fusta-proteccio\/#primaryimage"},"thumbnailUrl":"https:\/\/iwell-guard.com\/wp-content\/uploads\/2026\/05\/schutzsymbol_volksmagie_eberesche.webp","datePublished":"2026-09-05T15:44:12+00:00","dateModified":"2026-09-05T16:12:39+00:00","description":"La serbera de ca\u00e7adors era considerada arbre i fusta de protecci\u00f3 contra la bruixeria i els llamps. Origen, costum i interpretaci\u00f3 etnol\u00f2gica de l'arbre protector.","breadcrumb":{"@id":"https:\/\/iwell-guard.com\/ca\/serbera-cacadors-arbre-fusta-proteccio\/#breadcrumb"},"inLanguage":"ca","potentialAction":[{"@type":"ReadAction","target":["https:\/\/iwell-guard.com\/ca\/serbera-cacadors-arbre-fusta-proteccio\/"]}]},{"@type":"ImageObject","inLanguage":"ca","@id":"https:\/\/iwell-guard.com\/ca\/serbera-cacadors-arbre-fusta-proteccio\/#primaryimage","url":"https:\/\/iwell-guard.com\/wp-content\/uploads\/2026\/05\/schutzsymbol_volksmagie_eberesche.webp","contentUrl":"https:\/\/iwell-guard.com\/wp-content\/uploads\/2026\/05\/schutzsymbol_volksmagie_eberesche.webp","width":1024,"height":1536,"caption":"S\u00edmbol de protecci\u00f3. Il\u00b7lustraci\u00f3 muse\u00edstica de bodeg\u00f3."},{"@type":"BreadcrumbList","@id":"https:\/\/iwell-guard.com\/ca\/serbera-cacadors-arbre-fusta-proteccio\/#breadcrumb","itemListElement":[{"@type":"ListItem","position":1,"name":"Start","item":"https:\/\/iwell-guard.com\/ca\/?page_id=171333"},{"@type":"ListItem","position":2,"name":"Serbera de ca\u00e7adors \u2013 arbre i fusta de protecci\u00f3 de la m\u00e0gia popular"}]},{"@type":"WebSite","@id":"https:\/\/iwell-guard.com\/ca\/#website","url":"https:\/\/iwell-guard.com\/ca\/","name":"iWell Guard","description":"Schutz vor dunklen Einfl\u00fcssen","publisher":{"@id":"https:\/\/iwell-guard.com\/ca\/#organization"},"potentialAction":[{"@type":"SearchAction","target":{"@type":"EntryPoint","urlTemplate":"https:\/\/iwell-guard.com\/ca\/?s={search_term_string}"},"query-input":{"@type":"PropertyValueSpecification","valueRequired":true,"valueName":"search_term_string"}}],"inLanguage":"ca"},{"@type":"Organization","@id":"https:\/\/iwell-guard.com\/ca\/#organization","name":"Ittermann electronic GmbH","url":"https:\/\/iwell-guard.com\/ca\/","logo":{"@type":"ImageObject","inLanguage":"ca","@id":"https:\/\/iwell-guard.com\/ca\/#\/schema\/logo\/image\/","url":"https:\/\/iwell-guard.com\/wp-content\/uploads\/2026\/05\/Ittermann-Logo-1182x237-1.png","contentUrl":"https:\/\/iwell-guard.com\/wp-content\/uploads\/2026\/05\/Ittermann-Logo-1182x237-1.png","width":1182,"height":237,"caption":"Ittermann electronic GmbH"},"image":{"@id":"https:\/\/iwell-guard.com\/ca\/#\/schema\/logo\/image\/"},"sameAs":["https:\/\/pantip.com\/profile\/9367242","https:\/\/micro.blog\/iwellguard","https:\/\/www.diggerslist.com\/iwellguard\/about","https:\/\/skitterphoto.com\/photographers\/2870314\/iwell-guard","https:\/\/iwellguard.wordpress.com\/2026\/06\/06\/iwell-guard\/","https:\/\/hub.docker.com\/u\/iwellguard","https:\/\/www.pinterest.com\/iwellguard\/","https:\/\/bit.ly\/m\/iwellguard","https:\/\/entre-vos-mains.alsace.eu\/profiles\/iwellguard\/activity","https:\/\/gravatar.com\/reallybeded8fd34","https:\/\/naijamatta.com\/iwellguard","https:\/\/www.goodreads.com\/iwellguard","https:\/\/profile.hatena.ne.jp\/iwellguard\/","https:\/\/experiment.com\/users\/iwellguard","https:\/\/wakelet.com\/@iWellGuard82270","https:\/\/www.chordie.com\/forum\/profile.php?id=2555664","https:\/\/www.instapaper.com\/p\/17757966","https:\/\/www.mapleprimes.com\/users\/iwellguard","https:\/\/businesslistingplus.com\/profile\/iwell-guard\/","https:\/\/telegra.ph\/iWell-Guard-06-06","https:\/\/pbase.com\/iwellguard\/iwellguard","https:\/\/b.hatena.ne.jp\/iwellguard\/20260607#bookmark-4788405196491818882","https:\/\/fliphtml5.com\/home\/iwellguard","https:\/\/anyflip.com\/homepage\/cmiwl#About","https:\/\/transfur.com\/Users\/iwellguard","http:\/\/delphi.larsbo.org\/user\/iwellguard","https:\/\/jobs.lajobsportal.org\/profiles\/8380803-iwell-guard","https:\/\/md.chaosdorf.de\/s\/jfbe5SBdJD","https:\/\/www.lingvolive.com\/en-us\/profile\/9ecaeaca-ce11-4e51-9e71-01d55e2bff36\/translations","https:\/\/www.fitday.com\/fitness\/forums\/members\/iwellguard.html","https:\/\/www.mymeetbook.com\/iwellguard","https:\/\/pxhere.com\/en\/photographer-me\/5040798","https:\/\/disqus.com\/by\/iwellguard\/about\/","https:\/\/pastelink.net\/hjwciqwq","https:\/\/pubhtml5.com\/homepage\/scjhn\/","https:\/\/www.bitchute.com\/channel\/2O2eOKzNqujT","https:\/\/audiomack.com\/iwellguard"]}]}},"_links":{"self":[{"href":"https:\/\/iwell-guard.com\/ca\/wp-json\/wp\/v2\/pages\/171997","targetHints":{"allow":["GET"]}}],"collection":[{"href":"https:\/\/iwell-guard.com\/ca\/wp-json\/wp\/v2\/pages"}],"about":[{"href":"https:\/\/iwell-guard.com\/ca\/wp-json\/wp\/v2\/types\/page"}],"author":[{"embeddable":true,"href":"https:\/\/iwell-guard.com\/ca\/wp-json\/wp\/v2\/users\/3"}],"replies":[{"embeddable":true,"href":"https:\/\/iwell-guard.com\/ca\/wp-json\/wp\/v2\/comments?post=171997"}],"version-history":[{"count":0,"href":"https:\/\/iwell-guard.com\/ca\/wp-json\/wp\/v2\/pages\/171997\/revisions"}],"wp:featuredmedia":[{"embeddable":true,"href":"https:\/\/iwell-guard.com\/ca\/wp-json\/wp\/v2\/media\/3573"}],"wp:attachment":[{"href":"https:\/\/iwell-guard.com\/ca\/wp-json\/wp\/v2\/media?parent=171997"}],"wp:term":[{"taxonomy":"category","embeddable":true,"href":"https:\/\/iwell-guard.com\/ca\/wp-json\/wp\/v2\/categories?post=171997"}],"curies":[{"name":"wp","href":"https:\/\/api.w.org\/{rel}","templated":true}]}}