{"id":171986,"date":"2026-09-05T15:44:07","date_gmt":"2026-09-05T15:44:07","guid":{"rendered":"https:\/\/iwell-guard.com\/?page_id=171986"},"modified":"2026-09-05T16:12:22","modified_gmt":"2026-09-05T16:12:22","slug":"mullu-petxina-sagrada-andes","status":"publish","type":"page","link":"https:\/\/iwell-guard.com\/ca\/mullu-petxina-sagrada-andes\/","title":{"rendered":"Mullu: la petxina sagrada de Spondylus dels Andes"},"content":{"rendered":"\t\t<div data-elementor-type=\"wp-page\" data-elementor-id=\"171986\" class=\"elementor elementor-171986 elementor-3726 elementor-bc-flex-widget\" data-elementor-post-type=\"page\">\n\t\t\t\t<div class=\"elementor-element elementor-element-iwgs-mullu-hero e-flex e-con-boxed e-con e-parent\" data-id=\"iwgs-mullu-hero\" data-element_type=\"container\" data-e-type=\"container\">\n\t\t\t\t\t<div class=\"e-con-inner\">\n\t\t<div class=\"elementor-element elementor-element-iwgs-mullu-hl e-flex e-con-boxed e-con e-parent\" data-id=\"iwgs-mullu-hl\" data-element_type=\"container\" data-e-type=\"container\">\n\t\t\t\t\t<div class=\"e-con-inner\">\n\t\t<div class=\"elementor-element elementor-element-iwgs-mullu-hlbox e-con-full e-flex e-con e-parent\" data-id=\"iwgs-mullu-hlbox\" data-element_type=\"container\" data-e-type=\"container\">\n\t\t\t\t<div class=\"elementor-element elementor-element-iwgs-mullu-h1 elementor-widget elementor-widget-heading\" data-id=\"iwgs-mullu-h1\" data-element_type=\"widget\" data-e-type=\"widget\" data-widget_type=\"heading.default\">\n\t\t\t\t\t<h1 class=\"elementor-heading-title elementor-size-default\">Mullu: la petxina sagrada de Spondylus com a material de protecci\u00f3 i ofrena dels Andes<\/h1>\t\t\t\t<\/div>\n\t\t\t\t<div class=\"elementor-element elementor-element-iwgs-mullu-lead elementor-widget elementor-widget-text-editor\" data-id=\"iwgs-mullu-lead\" data-element_type=\"widget\" data-e-type=\"widget\" data-widget_type=\"text-editor.default\">\n\t\t\t\t\t\t\t\t\t<p>Mullu \u00e9s la denominaci\u00f3 habitual als Andes per a la closca de les petxines espinoses del g\u00e8nere Spondylus, un mol\u00b7lusc mar\u00ed amb una coloraci\u00f3 vermella i taronja molt distintiva. En les cultures preespanyoles dels Andes, aquesta petxina era considerada un material sagrat de gran rang religi\u00f3s.<\/p><p>Es presentava com a <span class=\"iwg-fachbegriff\" data-tooltip=\"L'objecte concret o l'aliment que s'ofrena a una divinitat.\" tabindex=\"0\">ofrena<\/span>, es treballava per fer-ne joies i figures, i s&#8217;associava amb l&#8217;aigua, la fertilitat i el benestar de la comunitat. Des d&#8217;una perspectiva religiosa i cient\u00edfica, el mullu no \u00e9s tant un objecte de protecci\u00f3 individual com un material al qual s&#8217;atribu\u00efa una for\u00e7a especial. Aquest text descriu el seu origen, el seu \u00fas i el seu significat des d&#8217;una perspectiva externa. La tradici\u00f3 veu en el mullu, sobretot, un material d&#8217;ofrena important de les cultures andines.<\/p>\t\t\t\t\t\t\t\t<\/div>\n\t\t\t\t<\/div>\n\t\t\t\t<div class=\"elementor-element elementor-element-iwgs-mullu-pills elementor-widget elementor-widget-html\" data-id=\"iwgs-mullu-pills\" data-element_type=\"widget\" data-e-type=\"widget\" data-widget_type=\"html.default\">\n\t\t\t\t\t<div class=\"iwg-pill-row\"><span class=\"iwg-klasse-badge\" tabindex=\"0\" data-tooltip=\"S\u00edmbol de protecci\u00f3, amulet o objecte apotropaic.\">S\u00edmbol de protecci\u00f3<\/span><a href=\"https:\/\/iwell-guard.com\/ca\/cultures-andines-i-inques-inti-pachamama-viracocha\/\" class=\"iwg-kultur-badge\" tabindex=\"0\" data-tooltip=\"Tradici\u00f3 de protecci\u00f3: Andes\">Andes<\/a><span class=\"iwg-tradition-badge\" tabindex=\"0\" data-tooltip=\"Un material utilitzat per a ofrenes religioses.\">Material sagrat d'ofrena<\/span><\/div>\t\t\t\t<\/div>\n\t\t\t\t\t<\/div>\n\t\t\t\t<\/div>\n\t\t<div class=\"elementor-element elementor-element-iwgs-mullu-hr e-con-full e-flex e-con e-parent\" data-id=\"iwgs-mullu-hr\" data-element_type=\"container\" data-e-type=\"container\">\n\t\t\t\t<div class=\"elementor-element elementor-element-iwgs-mullu-himg iwg-hero-image elementor-widget elementor-widget-image\" data-id=\"iwgs-mullu-himg\" data-element_type=\"widget\" data-e-type=\"widget\" data-widget_type=\"image.default\">\n\t\t\t\t\t\t\t\t\t\t\t\t\t\t\t<img fetchpriority=\"high\" decoding=\"async\" width=\"683\" height=\"1024\" src=\"https:\/\/iwell-guard.com\/wp-content\/uploads\/2026\/05\/schutzsymbol_anden_mullu-683x1024.webp\" class=\"attachment-large size-large wp-image-173246\" alt=\"Mullu - s\u00edmbol de protecci\u00f3, il\u00b7lustraci\u00f3 de museu\" srcset=\"https:\/\/iwell-guard.com\/wp-content\/uploads\/2026\/05\/schutzsymbol_anden_mullu-683x1024.webp 683w, https:\/\/iwell-guard.com\/wp-content\/uploads\/2026\/05\/schutzsymbol_anden_mullu-200x300.webp 200w, https:\/\/iwell-guard.com\/wp-content\/uploads\/2026\/05\/schutzsymbol_anden_mullu-768x1152.webp 768w, https:\/\/iwell-guard.com\/wp-content\/uploads\/2026\/05\/schutzsymbol_anden_mullu.webp 1024w\" sizes=\"(max-width: 683px) 100vw, 683px\" \/>\t\t\t\t\t\t\t\t\t\t\t\t\t\t\t<\/div>\n\t\t\t\t<\/div>\n\t\t\t\t\t<\/div>\n\t\t\t\t<\/div>\n\t\t<div class=\"elementor-element elementor-element-iwgs-mullu-s0 e-flex e-con-boxed e-con e-parent\" data-id=\"iwgs-mullu-s0\" data-element_type=\"container\" data-e-type=\"container\">\n\t\t\t\t\t<div class=\"e-con-inner\">\n\t\t\t\t<div class=\"elementor-element elementor-element-iwgs-mullu-s0h elementor-widget elementor-widget-heading\" data-id=\"iwgs-mullu-s0h\" data-element_type=\"widget\" data-e-type=\"widget\" data-widget_type=\"heading.default\">\n\t\t\t\t\t<h2 class=\"elementor-heading-title elementor-size-default\">Classificaci\u00f3 del mullu<\/h2>\t\t\t\t<\/div>\n\t\t<div class=\"elementor-element elementor-element-iwgs-mullu-s0box e-con-full e-flex e-con e-parent\" data-id=\"iwgs-mullu-s0box\" data-element_type=\"container\" data-e-type=\"container\">\n\t\t\t\t<div class=\"elementor-element elementor-element-iwgs-mullu-s0t elementor-widget elementor-widget-text-editor\" data-id=\"iwgs-mullu-s0t\" data-element_type=\"widget\" data-e-type=\"widget\" data-widget_type=\"text-editor.default\">\n\t\t\t\t\t\t\t\t\t<p>Mullu designa, en les lleng\u00fces dels Andes, especialment en qu\u00edtxua, la closca de la petxina Spondylus. Aquest mol\u00b7lusc mar\u00ed viu en aig\u00fces c\u00e0lides del Pac\u00edfic i destaca per la seva coloraci\u00f3 intensa, entre vermella i taronja, i les seves closques espinoses.<\/p><p>En les cultures preespanyoles dels Andes, el mullu era un material de gran valor religi\u00f3s. No es considerava una mat\u00e8ria primera comuna, sin\u00f3 una subst\u00e0ncia sagrada, utilitzada en ofrenes, joies i objectes rituals.<\/p><p>A difer\u00e8ncia d&#8217;un <span class=\"iwg-fachbegriff\" data-tooltip=\"Un objecte portat al cos al qual s'atribueix un efecte protector i que allunya el mal.\" tabindex=\"0\">amulet<\/span> ja acabat, el mullu \u00e9s, en primer lloc, un material. Amb ell es fabricaven perles, penjolls, petites figures i incrustacions. Tamb\u00e9 s&#8217;oferien closques sense treballar i fragments. El significat residia en la mat\u00e8ria mateixa.<\/p><p>L&#8217;apreciaci\u00f3 del mullu s&#8217;estenia per una \u00e0mplia zona que compr\u00e8n els actuals estats del Per\u00fa, l&#8217;Equador, Bol\u00edvia i parts de Xile. A trav\u00e9s de llargues rutes comercials, la petxina arribava molt lluny cap a l&#8217;interior i fins a l&#8217;altipl\u00e0 dels Andes.<\/p><p>Des del punt de vista de la ci\u00e8ncia de la religi\u00f3, el mullu forma part del context m\u00e9s ampli dels <a href=\"https:\/\/iwell-guard.com\/ca\/simbols-de-proteccio\/\">s\u00edmbols de protecci\u00f3<\/a> i dels materials sagrats. Demostra que no nom\u00e9s els objectes individuals, sin\u00f3 tamb\u00e9 les mat\u00e8ries, poden ser considerades portadores d&#8217;una for\u00e7a especial.<\/p><p>Per a una descripci\u00f3 objectiva \u00e9s important la profunditat temporal. El mullu va ser significatiu durant diversos mil\u00b7lennis i en moltes cultures dels Andes. La seva hist\u00f2ria s&#8217;est\u00e9n des de les primeres cultures costaneres fins a l&#8217;Imperi inca i m\u00e9s enll\u00e0.<\/p><p>D&#8217;aquesta manera, el mullu es diferencia dels objectes de protecci\u00f3 ja formats. \u00c9s la mat\u00e8ria a la qual s&#8217;atribu\u00efa significat, i no una forma fixa. A partir d&#8217;aquesta mat\u00e8ria podien sorgir perles, figures i incrustacions, per\u00f2 l&#8217;apreciaci\u00f3 es dirigia primer al material.<\/p>\t\t\t\t\t\t\t\t<\/div>\n\t\t\t\t<\/div>\n\t\t\t\t\t<\/div>\n\t\t\t\t<\/div>\n\t\t<div class=\"elementor-element elementor-element-iwgs-mullu-s1 e-flex e-con-boxed e-con e-parent\" data-id=\"iwgs-mullu-s1\" data-element_type=\"container\" data-e-type=\"container\">\n\t\t\t\t\t<div class=\"e-con-inner\">\n\t\t\t\t<div class=\"elementor-element elementor-element-iwgs-mullu-s1h elementor-widget elementor-widget-heading\" data-id=\"iwgs-mullu-s1h\" data-element_type=\"widget\" data-e-type=\"widget\" data-widget_type=\"heading.default\">\n\t\t\t\t\t<h2 class=\"elementor-heading-title elementor-size-default\">Origen i hist\u00f2ria<\/h2>\t\t\t\t<\/div>\n\t\t<div class=\"elementor-element elementor-element-iwgs-mullu-s1box e-con-full e-flex e-con e-parent\" data-id=\"iwgs-mullu-s1box\" data-element_type=\"container\" data-e-type=\"container\">\n\t\t\t\t<div class=\"elementor-element elementor-element-iwgs-mullu-s1t elementor-widget elementor-widget-text-editor\" data-id=\"iwgs-mullu-s1t\" data-element_type=\"widget\" data-e-type=\"widget\" data-widget_type=\"text-editor.default\">\n\t\t\t\t\t\t\t\t\t<p>L&#8217;apreciaci\u00f3 del mullu \u00e9s molt antiga als Andes. Ja en les primeres cultures costaneres es treballava la petxina Spondylus i s&#8217;utilitzava en contextos religiosos. Diverses troballes documenten la seva import\u00e0ncia durant diversos mil\u00b7lennis.<\/p><p>El mol\u00b7lusc viu principalment en les aig\u00fces c\u00e0lides davant la costa de l&#8217;actual Equador. Des d&#8217;all\u00e0 arribava, a trav\u00e9s de xarxes comercials, cap al sud i fins a l&#8217;altipl\u00e0. Aquestes rutes comercials connectaven cultures molt distants entre elles.<\/p><p>En la cultura moche de la costa nord del Per\u00fa, i en altres cultures preespanyoles, el mullu est\u00e0 documentat en tombes, santuaris i obres d&#8217;art. Hi apareix com a ofrena de rang i com a material d&#8217;objectes valuosos.<\/p><p>En l&#8217;Imperi inca, la import\u00e0ncia del mullu va assolir el seu punt culminant. La petxina s&#8217;oferia com a <span class=\"iwg-fachbegriff\" data-tooltip=\"L'objecte concret o l'aliment que s'ofrena a una divinitat.\" tabindex=\"0\">ofrena<\/span> a les divinitats i als llocs sagrats. Sembla que hi havia responsables espec\u00edfics encarregats d&#8217;obtenir la petxina.<\/p><p>L&#8217;obtenci\u00f3 de la petxina Spondylus era complexa, ja que calia recuperar-la mitjan\u00e7ant capbussades en aig\u00fces profundes. Aquest esfor\u00e7 contribu\u00efa al seu valor. El mullu era aix\u00ed tamb\u00e9 un signe d&#8217;esfor\u00e7 i devoci\u00f3.<\/p><p>Les zones de capbussada davant la costa de l&#8217;actual Equador es trobaven molt allunyades dels llocs de consum a l&#8217;altipl\u00e0. La recuperaci\u00f3 de la petxina comportava, per tant, perill i llargues rutes de transport.<\/p><p>Les troballes arqueol\u00f2giques de Spondylus en llocs situats molt endins dels Andes evidencien fins a quin punt es comerciava aquest material i quin valor tenia en les xarxes d&#8217;intercanvi de l&#8217;\u00e8poca preespanyola.<\/p><p>Amb la conquesta espanyola, el paper ritual central del mullu va disminuir, sense arribar a desapar\u00e8ixer del tot. En la religiositat popular dels Andes es van mantenir vives idees que continuaven atribuint a la petxina un significat especial.<\/p>\t\t\t\t\t\t\t\t<\/div>\n\t\t\t\t<\/div>\n\t\t\t\t\t<\/div>\n\t\t\t\t<\/div>\n\t\t<div class=\"elementor-element elementor-element-iwgs-mullu-s2 e-flex e-con-boxed e-con e-parent\" data-id=\"iwgs-mullu-s2\" data-element_type=\"container\" data-e-type=\"container\">\n\t\t\t\t\t<div class=\"e-con-inner\">\n\t\t\t\t<div class=\"elementor-element elementor-element-iwgs-mullu-s2h elementor-widget elementor-widget-heading\" data-id=\"iwgs-mullu-s2h\" data-element_type=\"widget\" data-e-type=\"widget\" data-widget_type=\"heading.default\">\n\t\t\t\t\t<h2 class=\"elementor-heading-title elementor-size-default\">Forma, material i elaboraci\u00f3<\/h2>\t\t\t\t<\/div>\n\t\t<div class=\"elementor-element elementor-element-iwgs-mullu-s2box e-con-full e-flex e-con e-parent\" data-id=\"iwgs-mullu-s2box\" data-element_type=\"container\" data-e-type=\"container\">\n\t\t\t\t<div class=\"elementor-element elementor-element-iwgs-mullu-s2t elementor-widget elementor-widget-text-editor\" data-id=\"iwgs-mullu-s2t\" data-element_type=\"widget\" data-e-type=\"widget\" data-widget_type=\"text-editor.default\">\n\t\t\t\t\t\t\t\t\t<p>El material b\u00e0sic del mullu \u00e9s la closca de la petxina Spondylus. \u00c9s gruixuda, dura i coberta d&#8217;espines a l&#8217;exterior. La seva part interior sol mostrar una coloraci\u00f3 vermella o taronja intensa, i als vores tamb\u00e9 tons blancs i violetes.<\/p><p>Amb aquest material es fabricaven objectes molt diversos. Eren habituals les perles, enfilades en collarets, aix\u00ed com penjolls, petites figures de persones i animals, i plaquetes per a incrustacions.<\/p><p>El treball d&#8217;aquest material requeria destresa, ja que la closca dura s&#8217;havia de serrar, polir i foradar. Artesans especialitzats elaboraven amb mullu objectes de gran qualitat, que figuraven entre els b\u00e9ns m\u00e9s apreciats dels Andes.<\/p><p>A m\u00e9s dels objectes treballats, tamb\u00e9 s&#8217;utilitzaven closques sense elaborar, pols de petxina m\u00f2lta i fragments. El mullu m\u00f2lt es podia escampar o afegir a les ofrenes. La forma d&#8217;\u00fas era molt variada.<\/p><p>El color vermell de la petxina tenia una gran import\u00e0ncia per al seu valor. Als Andes, el vermell era un color de gran rang simb\u00f2lic. La combinaci\u00f3 d&#8217;un material valu\u00f3s amb un color significatiu refor\u00e7ava l&#8217;apreciaci\u00f3 religiosa.<\/p><p>Aquest text descriu el treball del mullu nom\u00e9s de manera general. Una guia per reproduir-lo no seria adequada, ja que el mullu era un material sagrat d&#8217;una religi\u00f3 aliena i, a m\u00e9s, la petxina Spondylus est\u00e0 avui subjecta a la protecci\u00f3 d&#8217;esp\u00e8cies.<\/p>\t\t\t\t\t\t\t\t<\/div>\n\t\t\t\t<\/div>\n\t\t\t\t\t<\/div>\n\t\t\t\t<\/div>\n\t\t<div class=\"elementor-element elementor-element-iwgs-mullu-s3 e-flex e-con-boxed e-con e-parent\" data-id=\"iwgs-mullu-s3\" data-element_type=\"container\" data-e-type=\"container\">\n\t\t\t\t\t<div class=\"e-con-inner\">\n\t\t\t\t<div class=\"elementor-element elementor-element-iwgs-mullu-s3h elementor-widget elementor-widget-heading\" data-id=\"iwgs-mullu-s3h\" data-element_type=\"widget\" data-e-type=\"widget\" data-widget_type=\"heading.default\">\n\t\t\t\t\t<h2 class=\"elementor-heading-title elementor-size-default\">Rerefons religi\u00f3s i mitol\u00f2gic<\/h2>\t\t\t\t<\/div>\n\t\t<div class=\"elementor-element elementor-element-iwgs-mullu-s3box e-con-full e-flex e-con e-parent\" data-id=\"iwgs-mullu-s3box\" data-element_type=\"container\" data-e-type=\"container\">\n\t\t\t\t<div class=\"elementor-element elementor-element-iwgs-mullu-s3t elementor-widget elementor-widget-text-editor\" data-id=\"iwgs-mullu-s3t\" data-element_type=\"widget\" data-e-type=\"widget\" data-widget_type=\"text-editor.default\">\n\t\t\t\t\t\t\t\t\t<p>En la religi\u00f3 dels Andes, el mullu estava estretament vinculat amb l&#8217;aigua i amb la pluja. Com que la petxina prov\u00e9 del mar, es considerava un do dels cursos d&#8217;aigua i un material relacionat amb la humitat i la fertilitat.<\/p><p>Els Andes es caracteritzen per la q\u00fcesti\u00f3 de disposar d&#8217;aigua suficient per als camps. En aquest context, el mullu va adquirir un significat especial. S&#8217;oferia per demanar pluja i un bon creixement de la collita.<\/p><p>El mullu tamb\u00e9 es considerava una menja o una ofrena benvinguda per a les divinitats i els llocs sagrats, anomenats huaca als Andes. Es dipositava en santuaris de muntanya, en fonts i en temples.<\/p><p>En el llenguatge visual de les cultures preespanyoles, la petxina Spondylus apareix sovint. Es representa en vasos, teixits i relleus, sovint en relaci\u00f3 amb divinitats, amb l&#8217;aigua i amb la fertilitat.<\/p><p>Especialment en l&#8217;art dels chim\u00fa i en cultures costaneres anteriors, la petxina es representa juntament amb bussejadors, embarcacions i aus aqu\u00e0tiques. Aquestes representacions vinculen l&#8217;origen mar\u00ed del mullu amb el seu \u00fas ritual.<\/p><p>Mostren que el significat d&#8217;aquest material en la religi\u00f3 dels Andes estava estretament lligat a les concepcions sobre el mar i els seus dons.<\/p><p>Des d&#8217;un punt de vista cient\u00edfic, el mullu es pot entendre com un material sagrat, la for\u00e7a del qual es derivava del seu origen, del seu color i de la seva connexi\u00f3 amb forces naturals vitals. Era portador d&#8217;una relaci\u00f3 entre l&#8217;\u00e9sser hum\u00e0 i el m\u00f3n que es vivia com a real.<\/p><p>Cal remarcar que el mullu no actuava per si sol, sin\u00f3 en el marc d&#8217;ofrenes, preg\u00e0ries i actes establerts. El seu significat nom\u00e9s es revelava en el context ritual, no pel material en si mateix.<\/p>\t\t\t\t\t\t\t\t<\/div>\n\t\t\t\t<\/div>\n\t\t\t\t\t<\/div>\n\t\t\t\t<\/div>\n\t\t<div class=\"elementor-element elementor-element-iwgs-mullu-s4 e-flex e-con-boxed e-con e-parent\" data-id=\"iwgs-mullu-s4\" data-element_type=\"container\" data-e-type=\"container\">\n\t\t\t\t\t<div class=\"e-con-inner\">\n\t\t\t\t<div class=\"elementor-element elementor-element-iwgs-mullu-s4h elementor-widget elementor-widget-heading\" data-id=\"iwgs-mullu-s4h\" data-element_type=\"widget\" data-e-type=\"widget\" data-widget_type=\"heading.default\">\n\t\t\t\t\t<h2 class=\"elementor-heading-title elementor-size-default\">\u00das ritual i portadors<\/h2>\t\t\t\t<\/div>\n\t\t<div class=\"elementor-element elementor-element-iwgs-mullu-s4box e-con-full e-flex e-con e-parent\" data-id=\"iwgs-mullu-s4box\" data-element_type=\"container\" data-e-type=\"container\">\n\t\t\t\t<div class=\"elementor-element elementor-element-iwgs-mullu-s4t elementor-widget elementor-widget-text-editor\" data-id=\"iwgs-mullu-s4t\" data-element_type=\"widget\" data-e-type=\"widget\" data-widget_type=\"text-editor.default\">\n\t\t\t\t\t\t\t\t\t<p>L&#8217;\u00fas ritual m\u00e9s important del mullu consistia en la seva presentaci\u00f3 com a <span class=\"iwg-fachbegriff\" data-tooltip=\"L'objecte o l'aliment concret que s'ofereix a una divinitat.\" tabindex=\"0\">ofrena<\/span>. Es dipositava en santuaris, s&#8217;escampava pels camps, s&#8217;incorporava en construccions o s&#8217;oferia juntament amb altres dons.<\/p><p>En les ofrenes per a la pluja i la fertilitat, el mullu ocupava un lloc destacat. S&#8217;oferia per afavorir les divinitats de les aig\u00fces i de la terra i aix\u00ed assegurar el creixement de la collita.<\/p><p>El mullu tamb\u00e9 es troba com a aixovar funerari. Acompanyava els difunts de rang elevat, la qual cosa evidencia la seva import\u00e0ncia en les concepcions sobre la mort i la perviv\u00e8ncia.<\/p><p>Els encarregats de la pr\u00e0ctica ritual eren especialistes religiosos, sacerdots i representants del poder. En l&#8217;imperi dels inques, l&#8217;obtenci\u00f3 i l&#8217;\u00fas del mullu formaven part de la religi\u00f3 dirigida per l&#8217;Estat.<\/p><p>El mullu treballat, com per exemple els collarets de perles i els penjolls, tamb\u00e9 es portava com a ornament. En aquesta forma indicava el rang de qui el portava i alhora estava vinculat al significat religi\u00f3s del material.<\/p><p>En la religiositat popular actual dels Andes encara persisteixen concepcions que atribueixen un significat especial a la petxina i al seu color. Aquestes concepcions, per\u00f2, s&#8217;han de distingir de la pr\u00e0ctica preespanyola i varien segons la regi\u00f3.<\/p>\t\t\t\t\t\t\t\t<\/div>\n\t\t\t\t<\/div>\n\t\t\t\t\t<\/div>\n\t\t\t\t<\/div>\n\t\t<div class=\"elementor-element elementor-element-iwgs-mullu-s5 e-flex e-con-boxed e-con e-parent\" data-id=\"iwgs-mullu-s5\" data-element_type=\"container\" data-e-type=\"container\">\n\t\t\t\t\t<div class=\"e-con-inner\">\n\t\t\t\t<div class=\"elementor-element elementor-element-iwgs-mullu-s5h elementor-widget elementor-widget-heading\" data-id=\"iwgs-mullu-s5h\" data-element_type=\"widget\" data-e-type=\"widget\" data-widget_type=\"heading.default\">\n\t\t\t\t\t<h2 class=\"elementor-heading-title elementor-size-default\">Variants regionals i elements relacionats<\/h2>\t\t\t\t<\/div>\n\t\t<div class=\"elementor-element elementor-element-iwgs-mullu-s5box e-con-full e-flex e-con e-parent\" data-id=\"iwgs-mullu-s5box\" data-element_type=\"container\" data-e-type=\"container\">\n\t\t\t\t<div class=\"elementor-element elementor-element-iwgs-mullu-s5t elementor-widget elementor-widget-text-editor\" data-id=\"iwgs-mullu-s5t\" data-element_type=\"widget\" data-e-type=\"widget\" data-widget_type=\"text-editor.default\">\n\t\t\t\t\t\t\t\t\t<p>L&#8217;apreci pel mullu estava molt est\u00e8s per tots els Andes, per\u00f2 el seu \u00fas concret variava d&#8217;una cultura a l&#8217;altra i d&#8217;una \u00e8poca a l&#8217;altra. Les primeres cultures costaneres, els moche, els chim\u00fa i els inques van fer servir el mullu de manera pr\u00f2pia a cadascuna.<\/p><p>La petxina Spondylus era un producte comercial important. Comerciants especialitzats, sobretot procedents de la costa de l&#8217;Equador, la transportaven a llargues dist\u00e0ncies. El mullu unia aix\u00ed la costa i l&#8217;altipl\u00e0 en una \u00e0mplia xarxa.<\/p><p>Relacionats amb el mullu pel seu significat hi ha altres materials preciosos dels Andes, com certes pedres, plomes i metalls. Tamb\u00e9 es consideraven portadors d&#8217;una for\u00e7a especial i s&#8217;utilitzaven en ofrenes i com a ornaments.<\/p><p>Des d&#8217;un punt de vista cient\u00edfic, el mullu es pot comparar amb materials sagrats d&#8217;altres cultures, com aquells que es consideraven especials pel seu color o pel seu origen. Aquestes comparacions serveixen per contextualitzar-lo, per\u00f2 no han d&#8217;amagar el car\u00e0cter propi dels Andes.<\/p><p>Dins l&#8217;\u00e0mbit dels <a href=\"https:\/\/iwell-guard.com\/ca\/simbols-de-proteccio\/\">s\u00edmbols de protecci\u00f3<\/a>, el mullu \u00e9s un exemple de material sagrat, a difer\u00e8ncia dels objectes ja elaborats. L&#8217;article sobre l&#8217;<a href=\"https:\/\/iwell-guard.com\/ca\/?page_id=171886\">amulet i el talism\u00e0<\/a> explica les distincions conceptuals corresponents.<\/p><p>Els objectes fets de mullu, com perles i figures, s&#8217;inscriuen alhora en una s\u00e8rie amb altres objectes de protecci\u00f3 i ornament treballats. El mullu mostra aix\u00ed com un material i els objectes fets a partir d&#8217;ell s&#8217;han de considerar conjuntament.<\/p>\t\t\t\t\t\t\t\t<\/div>\n\t\t\t\t<\/div>\n\t\t\t\t\t<\/div>\n\t\t\t\t<\/div>\n\t\t<div class=\"elementor-element elementor-element-iwgs-mullu-s6 e-flex e-con-boxed e-con e-parent\" data-id=\"iwgs-mullu-s6\" data-element_type=\"container\" data-e-type=\"container\">\n\t\t\t\t\t<div class=\"e-con-inner\">\n\t\t\t\t<div class=\"elementor-element elementor-element-iwgs-mullu-s6h elementor-widget elementor-widget-heading\" data-id=\"iwgs-mullu-s6h\" data-element_type=\"widget\" data-e-type=\"widget\" data-widget_type=\"heading.default\">\n\t\t\t\t\t<h2 class=\"elementor-heading-title elementor-size-default\">Significat com a objecte de protecci\u00f3<\/h2>\t\t\t\t<\/div>\n\t\t<div class=\"elementor-element elementor-element-iwgs-mullu-s6box e-con-full e-flex e-con e-parent\" data-id=\"iwgs-mullu-s6box\" data-element_type=\"container\" data-e-type=\"container\">\n\t\t\t\t<div class=\"elementor-element elementor-element-iwgs-mullu-s6t elementor-widget elementor-widget-text-editor\" data-id=\"iwgs-mullu-s6t\" data-element_type=\"widget\" data-e-type=\"widget\" data-widget_type=\"text-editor.default\">\n\t\t\t\t\t\t\t\t\t<p>Als Andes, s&#8217;atribu\u00efa al mullu un significat protector i de benedicci\u00f3, sobretot en relaci\u00f3 amb l&#8217;aigua, la fertilitat i el benestar de la comunitat. Aquesta protecci\u00f3 es dirigia sovint a la collita i, per tant, als mitjans de subsist\u00e8ncia.<\/p><p>La protecci\u00f3 no s&#8217;entenia com un efecte mec\u00e0nic del material, sin\u00f3 com a conseq\u00fc\u00e8ncia d&#8217;una relaci\u00f3 correcta amb les divinitats de les aig\u00fces i de la terra. El mullu era el mitj\u00e0 amb el qual es cultivava aquesta relaci\u00f3.<\/p><p>El mullu treballat i portat al cos, per exemple en forma de collaret de perles, tamb\u00e9 es podia entendre com un signe personal de protecci\u00f3 i de rang. Vinculava qui el portava amb la for\u00e7a atribu\u00efda al material.<\/p><p>Des d&#8217;un punt de vista cient\u00edfic, el significat protector del mullu es pot descriure com a part d&#8217;una manera d&#8217;afrontar la incertesa. En un m\u00f3n amena\u00e7at per la sequera i les males collites, l&#8217;ofrena de mullu oferia un acte ordenat davant la preocupaci\u00f3.<\/p><p data-nosnippet=\"true\">Aquest text no fa cap afirmaci\u00f3 sobre efectes reals. Nom\u00e9s es descriu quin significat atribu\u00efen les cultures dels Andes a aquest material. Queden expressament exclosos els guariments promesos i les atribucions d&#8217;efectes.<\/p><p>Cal remarcar que el significat protector del mullu estava lligat a la religi\u00f3 dels Andes. Fora d&#8217;aquest context, el mullu \u00e9s un material arqueol\u00f2gic i un objecte de protecci\u00f3 d&#8217;esp\u00e8cies, no un <span class=\"iwg-fachbegriff\" data-tooltip=\"Un objecte que es porta al cos i al qual s'atribueix un efecte protector i que allunya el mal.\" tabindex=\"0\">amulet<\/span> amb efecte propi.<\/p>\t\t\t\t\t\t\t\t<\/div>\n\t\t\t\t<\/div>\n\t\t\t\t\t<\/div>\n\t\t\t\t<\/div>\n\t\t<div class=\"elementor-element elementor-element-iwgs-mullu-s7 e-flex e-con-boxed e-con e-parent\" data-id=\"iwgs-mullu-s7\" data-element_type=\"container\" data-e-type=\"container\">\n\t\t\t\t\t<div class=\"e-con-inner\">\n\t\t\t\t<div class=\"elementor-element elementor-element-iwgs-mullu-s7h elementor-widget elementor-widget-heading\" data-id=\"iwgs-mullu-s7h\" data-element_type=\"widget\" data-e-type=\"widget\" data-widget_type=\"heading.default\">\n\t\t\t\t\t<h2 class=\"elementor-heading-title elementor-size-default\">Hist\u00f2ria de la recerca, q\u00fcestions \u00e8tiques i apropiaci\u00f3 cultural<\/h2>\t\t\t\t<\/div>\n\t\t<div class=\"elementor-element elementor-element-iwgs-mullu-s7box e-con-full e-flex e-con e-parent\" data-id=\"iwgs-mullu-s7box\" data-element_type=\"container\" data-e-type=\"container\">\n\t\t\t\t<div class=\"elementor-element elementor-element-iwgs-mullu-s7t elementor-widget elementor-widget-text-editor\" data-id=\"iwgs-mullu-s7t\" data-element_type=\"widget\" data-e-type=\"widget\" data-widget_type=\"text-editor.default\">\n\t\t\t\t\t\t\t\t\t<p>L&#8217;estudi del Mullu est\u00e0 \u00edntimament lligat a l&#8217;<span class=\"iwg-fachbegriff\" data-tooltip=\"Ci\u00e8ncia que investiga cultures passades a partir de restes materials.\" tabindex=\"0\">arqueologia<\/span> dels Andes. Troballes en tombes, santuaris i assentaments han posat de manifest el rang que va tenir la petxina Spondylus durant mil\u00b7lennis. Tamb\u00e9 fonts colonials informen del seu \u00fas.<\/p><p>Investigacions posteriors han estudiat les rutes comercials de la petxina, la seva representaci\u00f3 en l&#8217;art i el seu paper en la religi\u00f3. Mullu es va convertir aix\u00ed en un tema important per comprendre els Andes prehisp\u00e0nics.<\/p><p>Un problema \u00e8tic afecta el tractament de les troballes arqueol\u00f2giques. El pillatge de tombes i el comer\u00e7 il\u00b7legal d&#8217;objectes procedents dels Andes han destru\u00eft jaciments i han fet perdre coneixement. Els objectes de Mullu es veuen tamb\u00e9 afectats per aquest problema.<\/p><p>Un segon problema \u00e9s la protecci\u00f3 d&#8217;esp\u00e8cies. La petxina Spondylus t\u00e9 avui poblacions amena\u00e7ades i est\u00e0 subjecta a normes de protecci\u00f3. Per aix\u00f2, un \u00fas comercial de la petxina com a objecte esot\u00e8ric tamb\u00e9 seria rebutjable des d&#8217;un punt de vista ecol\u00f2gic.<\/p><p>En la literatura esot\u00e8rica, el Mullu es presenta de vegades com un material curatiu o protector dotat de gran poder. Cient\u00edficament, aix\u00f2 \u00e9s una atribuci\u00f3 moderna que cal distingir del significat prehisp\u00e0nic i que no compta amb cap prova d&#8217;efic\u00e0cia.<\/p><p>Des de finals del segle XX, la investigaci\u00f3 arqueol\u00f2gica ha estudiat les rutes comercials del Mullu amb m\u00e8todes cient\u00edfics. Les an\u00e0lisis de proced\u00e8ncia en troballes de petxines permeten atribuir peces concretes a trams costaners determinats. Aquests treballs han confirmat la imatge d&#8217;una \u00e0mplia xarxa d&#8217;intercanvi que va unir la costa i l&#8217;altipl\u00e0 durant llargs per\u00edodes.<\/p><p>Una presentaci\u00f3 rigorosa descriu el Mullu com un material sagrat dels Andes prehisp\u00e0nics, situa la recepci\u00f3 moderna de l&#8217;<span class=\"iwg-fachbegriff\" data-tooltip=\"Terme gen\u00e8ric per a doctrines que pretenen posseir un coneixement ocult, accessible nom\u00e9s a iniciats.\" tabindex=\"0\">esoterisme<\/span> com un fenomen a part i assenyala la protecci\u00f3 d&#8217;esp\u00e8cies. Evita qualsevol promoci\u00f3 de la petxina com a mercaderia.<\/p>\t\t\t\t\t\t\t\t<\/div>\n\t\t\t\t<\/div>\n\t\t\t\t\t<\/div>\n\t\t\t\t<\/div>\n\t\t<div class=\"elementor-element elementor-element-iwgs-mullu-s8 e-flex e-con-boxed e-con e-parent\" data-id=\"iwgs-mullu-s8\" data-element_type=\"container\" data-e-type=\"container\">\n\t\t\t\t\t<div class=\"e-con-inner\">\n\t\t\t\t<div class=\"elementor-element elementor-element-iwgs-mullu-s8h elementor-widget elementor-widget-heading\" data-id=\"iwgs-mullu-s8h\" data-element_type=\"widget\" data-e-type=\"widget\" data-widget_type=\"heading.default\">\n\t\t\t\t\t<h2 class=\"elementor-heading-title elementor-size-default\">Recepci\u00f3 actual<\/h2>\t\t\t\t<\/div>\n\t\t<div class=\"elementor-element elementor-element-iwgs-mullu-s8box e-con-full e-flex e-con e-parent\" data-id=\"iwgs-mullu-s8box\" data-element_type=\"container\" data-e-type=\"container\">\n\t\t\t\t<div class=\"elementor-element elementor-element-iwgs-mullu-s8t elementor-widget elementor-widget-text-editor\" data-id=\"iwgs-mullu-s8t\" data-element_type=\"widget\" data-e-type=\"widget\" data-widget_type=\"text-editor.default\">\n\t\t\t\t\t\t\t\t\t<p>En l&#8217;<span class=\"iwg-fachbegriff\" data-tooltip=\"Ci\u00e8ncia que investiga cultures passades a partir de restes materials.\" tabindex=\"0\">arqueologia<\/span> i en la <span class=\"iwg-fachbegriff\" data-tooltip=\"La ci\u00e8ncia que estudia les religions de manera comparativa i sense vincle de fe.\" tabindex=\"0\">ci\u00e8ncia de la religi\u00f3<\/span>, el Mullu \u00e9s un tema reconegut. Les troballes s&#8217;estudien, s&#8217;exposen i es situen en el context de la hist\u00f2ria andina. Museus del Per\u00fa, l&#8217;Equador i altres pa\u00efsos mostren objectes de Mullu.<\/p><p>En la religiositat popular dels Andes actuals persisteixen creences que atorguen un significat especial a la petxina i al color vermell. Aquestes creences varien segons la regi\u00f3 i s&#8217;inscriuen en una llarga tradici\u00f3.<\/p><p>En la recepci\u00f3 esot\u00e8rica i artesanal, el Mullu s&#8217;ofereix de vegades com a joia o com a material suposadament dotat de poder. Aquest \u00fas s&#8217;ha de separar del seu significat hist\u00f2ric, i la protecci\u00f3 d&#8217;esp\u00e8cies el fa encara m\u00e9s problem\u00e0tic.<\/p><p>La protecci\u00f3 d&#8217;esp\u00e8cies marca avui el tractament de la petxina Spondylus. Com que les seves poblacions estan amena\u00e7ades, el seu comer\u00e7 est\u00e0 restringit. Els prove\u00efdors responsables renuncien a l&#8217;\u00fas de petxines aut\u00e8ntiques amb finalitats decoratives.<\/p><p>Artistes andins recuperen de vegades el significat del Mullu per connectar amb la hist\u00f2ria prehisp\u00e0nica de la seva regi\u00f3. En aquest \u00fas art\u00edstic, el Mullu esdev\u00e9 un s\u00edmbol d&#8217;origen cultural.<\/p><p>Als lectors i lectores interessats se&#8217;ls recomana un tracte conscient. Adquirir coneixement sobre el Mullu \u00e9s leg\u00edtim, per\u00f2 l&#8217;adquisici\u00f3 de petxines Spondylus aut\u00e8ntiques no \u00e9s recomanable per motius de protecci\u00f3 d&#8217;esp\u00e8cies. L&#8217;apartat <a href=\"https:\/\/iwell-guard.com\/ca\/simbols-de-proteccio\/\">S\u00edmbols de protecci\u00f3<\/a> presenta altres objectes protectors.<\/p>\t\t\t\t\t\t\t\t<\/div>\n\t\t\t\t<\/div>\n\t\t\t\t\t<\/div>\n\t\t\t\t<\/div>\n\t\t<div class=\"elementor-element elementor-element-iwgs-mullu-lit e-flex e-con-boxed e-con e-parent\" data-id=\"iwgs-mullu-lit\" data-element_type=\"container\" data-e-type=\"container\">\n\t\t\t\t\t<div class=\"e-con-inner\">\n\t\t\t\t<div class=\"elementor-element elementor-element-iwgs-mullu-lith elementor-widget elementor-widget-heading\" data-id=\"iwgs-mullu-lith\" data-element_type=\"widget\" data-e-type=\"widget\" data-widget_type=\"heading.default\">\n\t\t\t\t\t<h2 class=\"elementor-heading-title elementor-size-default\">Bibliografia (selecci\u00f3)<\/h2>\t\t\t\t<\/div>\n\t\t<div class=\"elementor-element elementor-element-iwgs-mullu-litbox e-con-full e-flex e-con e-parent\" data-id=\"iwgs-mullu-litbox\" data-element_type=\"container\" data-e-type=\"container\">\n\t\t\t\t<div class=\"elementor-element elementor-element-iwgs-mullu-litt elementor-widget elementor-widget-html\" data-id=\"iwgs-mullu-litt\" data-element_type=\"widget\" data-e-type=\"widget\" data-widget_type=\"html.default\">\n\t\t\t\t\t<footer data-nosnippet=\"true\"><ul><li>Mar\u00eda Rostworowski: <em>Historia del Tahuantinsuyu<\/em> (1988)<\/li><li>Mary Helms: <em>Spondylus Shell in the Andes<\/em> (1986)<\/li><li>Henry Reichlen: <em>Recherches arch\u00e9ologiques dans les Andes<\/em> (1979)<\/li><li>Daniel Sandweiss: <em>The Archaeology of the Spondylus Shell Trade<\/em> (1996)<\/li><li>Izumi Shimada: <em>Pampa Grande and the Mochica Culture<\/em> (1994)<\/li><\/ul><\/footer>\t\t\t\t<\/div>\n\t\t\t\t<\/div>\n\t\t\t\t\t<\/div>\n\t\t\t\t<\/div>\n\t\t<div class=\"elementor-element elementor-element-iwgs-mullu-kwd e-flex e-con-boxed e-con e-parent\" data-id=\"iwgs-mullu-kwd\" data-element_type=\"container\" data-e-type=\"container\">\n\t\t\t\t\t<div class=\"e-con-inner\">\n\t\t\t\t<div class=\"elementor-element elementor-element-iwgs-mullu-kwdt elementor-widget elementor-widget-text-editor\" data-id=\"iwgs-mullu-kwdt\" data-element_type=\"widget\" data-e-type=\"widget\" data-widget_type=\"text-editor.default\">\n\t\t\t\t\t\t\t\t\t<p><em>Termes clau relacionats: Mullu Spondylus petxina Andes inques moche <span class=\"iwg-fachbegriff\" data-tooltip=\"L'objecte concret o el menjar que s'ofrena a una divinitat.\" tabindex=\"0\">ofrena<\/span> material sagrat qu\u00edtxua pluja fertilitat huaca.<\/em><\/p>\t\t\t\t\t\t\t\t<\/div>\n\t\t\t\t\t<\/div>\n\t\t\t\t<\/div>\n\t\t<div class=\"elementor-element elementor-element-iwgs-mullu-cc e-flex e-con-boxed e-con e-parent\" data-id=\"iwgs-mullu-cc\" data-element_type=\"container\" data-e-type=\"container\" id=\"iwg-cc-mullu\">\n\t\t\t\t\t<div class=\"e-con-inner\">\n\t\t<div class=\"elementor-element elementor-element-iwgs-mullu-ccinner e-flex e-con-boxed e-con e-parent\" data-id=\"iwgs-mullu-ccinner\" data-element_type=\"container\" data-e-type=\"container\" data-settings=\"{&quot;background_background&quot;:&quot;classic&quot;}\">\n\t\t\t\t\t<div class=\"e-con-inner\">\n\t\t\t\t<div class=\"elementor-element elementor-element-iwgs-mullu-cch elementor-widget elementor-widget-heading\" data-id=\"iwgs-mullu-cch\" data-element_type=\"widget\" data-e-type=\"widget\" data-widget_type=\"heading.default\">\n\t\t\t\t\t<h2 class=\"elementor-heading-title elementor-size-default\">iWell Guard i tradicions de protecci\u00f3<\/h2>\t\t\t\t<\/div>\n\t\t\t\t<div class=\"elementor-element elementor-element-iwgs-mullu-cct elementor-widget elementor-widget-text-editor\" data-id=\"iwgs-mullu-cct\" data-element_type=\"widget\" data-e-type=\"widget\" data-widget_type=\"text-editor.default\">\n\t\t\t\t\t\t\t\t\t<p>iWell Guard s&#8217;inscriu en la l\u00ednia hist\u00f2rico-cultural dels objectes de protecci\u00f3 port\u00e0tils, a la qual pertany tamb\u00e9 el Mullu. Un company modern per a persones que viuen amb s\u00edmbols de protecci\u00f3: fabricat a Alemanya, 41 capes d&#8217;or fi, plat\u00ed i plata, amb dret de devoluci\u00f3 de 30 dies.<\/p>\t\t\t\t\t\t\t\t<\/div>\n\t\t\t\t<div class=\"elementor-element elementor-element-iwgs-mullu-ccb iwg-cc-button iwg-cc-cta-2026-05-13 elementor-widget elementor-widget-jet-button\" data-id=\"iwgs-mullu-ccb\" data-element_type=\"widget\" data-e-type=\"widget\" data-widget_type=\"jet-button.default\">\n\t\t\t\t<div class=\"elementor-widget-container\">\n\t\t\t\t\t<div class=\"elementor-jet-button jet-elements\"><div class=\"jet-button__container\"><a class=\"jet-button__instance jet-button__instance--icon-left hover-effect-1\" href=\"\/schutzanhaenger-iwell-guard-kaufen\/?utm_source=iwell-guard.com&amp;utm_medium=info-box&amp;utm_campaign=schutzsymbole\"><div class=\"jet-button__plane jet-button__plane-normal\"><\/div><div class=\"jet-button__plane jet-button__plane-hover\"><\/div><div class=\"jet-button__state jet-button__state-normal\"><span class=\"jet-button__label\">M\u00e9s informaci\u00f3 sobre l'iWell Guard<\/span><\/div><div class=\"jet-button__state jet-button__state-hover\"><span class=\"jet-button__label\">M\u00e9s informaci\u00f3 sobre l'iWell Guard<\/span><\/div><\/a><\/div><\/div><style>.elementor-element.elementor-element-iwgs-mullu-ccb .jet-button__instance{width:320px;height:56px;}.elementor-element.elementor-element-iwgs-mullu-ccb .jet-button__state-normal .jet-button__label{text-align:center;margin:0px 0px 0px 0px;color:#1a1b20;font-family:Montserrat,sans-serif;font-size:13px;font-weight:400;letter-spacing:4px;line-height:1.714em;text-transform:uppercase;}.elementor-element.elementor-element-iwgs-mullu-ccb .jet-button__state-hover .jet-button__label{text-align:center;margin:0px 0px 0px 0px;color:#FECC76;font-family:Montserrat,sans-serif;font-size:13px;font-weight:400;letter-spacing:4px;line-height:1.714em;text-transform:uppercase;}.elementor-element.elementor-element-iwgs-mullu-ccb .jet-button__plane-normal{background-color:#FECC76;border-style:solid;border-color:#C99540;border-width:2px 2px 2px 2px;}.elementor-element.elementor-element-iwgs-mullu-ccb .jet-button__plane-hover{background-color:rgba(0,0,0,0.55);border-style:solid;border-color:#FECC76;border-width:2px 2px 2px 2px;}<\/style>\t\t\t\t<\/div>\n\t\t\t\t<\/div>\n\t\t\t\t<div class=\"elementor-element elementor-element-iwgs-mullu-ccd elementor-widget elementor-widget-text-editor\" data-id=\"iwgs-mullu-ccd\" data-element_type=\"widget\" data-e-type=\"widget\" data-widget_type=\"text-editor.default\">\n\t\t\t\t\t\t\t\t\t<p style=\"text-align:center;font-size:13px;opacity:0.7;margin-top:14px\" data-nosnippet=\"true\">Les experi\u00e8ncies personals poden variar. No \u00e9s un producte sanitari. No es garanteix cap curaci\u00f3.<\/p>\t\t\t\t\t\t\t\t<\/div>\n\t\t\t\t\t<\/div>\n\t\t\t\t<\/div>\n\t\t\t\t\t<\/div>\n\t\t\t\t<\/div>\n\t\t<div class=\"elementor-element elementor-element-iwgs-mullu-disc e-flex e-con-boxed e-con e-parent\" data-id=\"iwgs-mullu-disc\" data-element_type=\"container\" data-e-type=\"container\">\n\t\t\t\t\t<div class=\"e-con-inner\">\n\t\t\t\t<div class=\"elementor-element elementor-element-iwgs-mullu-discw elementor-widget elementor-widget-html\" data-id=\"iwgs-mullu-discw\" data-element_type=\"widget\" data-e-type=\"widget\" data-widget_type=\"html.default\">\n\t\t\t\t\t<footer data-nosnippet=\"true\" class=\"iwg-disclaimer-block\"><p data-nosnippet=\"true\">iWell Guard <strong>no \u00e9s un producte sanitari<\/strong> i no substitueix cap tractament m\u00e8dic o psicoterap\u00e8utic. Els continguts presentats aqu\u00ed s\u00f3n una contextualitzaci\u00f3 des de la ci\u00e8ncia de les religions i la hist\u00f2ria cultural, no una promesa d'efecte espiritual.<\/p><\/footer>\t\t\t\t<\/div>\n\t\t\t\t\t<\/div>\n\t\t\t\t<\/div>\n\t\t\t\t<\/div>\n\t\t","protected":false},"excerpt":{"rendered":"","protected":false},"author":3,"featured_media":3559,"parent":0,"menu_order":0,"comment_status":"closed","ping_status":"closed","template":"elementor_header_footer","meta":{"_yoast_wpseo_focuskw":"Mullu","_yoast_wpseo_title":"Mullu: la petxina sagrada de Spondylus dels Andes","_yoast_wpseo_metadesc":"Mullu, la petxina sagrada de Spondylus dels Andes: origen, significat religi\u00f3s i \u00fas com a material de protecci\u00f3 i ofrena, explicat de manera objectiva.","_yoast_wpseo_meta-robots-noindex":"","_yoast_wpseo_canonical":"","_angie_page":false,"gefaehrdungsstufe":"","wesen_kultur":"","wesen_klasse":"","footnotes":""},"categories":[],"class_list":["post-171986","page","type-page","status-publish","has-post-thumbnail","hentry"],"yoast_head":"<!-- This site is optimized with the Yoast SEO Premium plugin v27.7 (Yoast SEO v28.3) - https:\/\/yoast.com\/product\/yoast-seo-premium-wordpress\/ -->\n<title>Mullu: la petxina sagrada de Spondylus dels Andes<\/title>\n<meta name=\"description\" content=\"Mullu, la petxina sagrada de Spondylus dels Andes: origen, significat religi\u00f3s i \u00fas com a material de protecci\u00f3 i ofrena, explicat de manera objectiva.\" \/>\n<meta name=\"robots\" content=\"index, follow, max-snippet:-1, max-image-preview:large, max-video-preview:-1\" \/>\n<link rel=\"canonical\" href=\"https:\/\/iwell-guard.com\/ca\/mullu-petxina-sagrada-andes\/\" \/>\n<meta property=\"og:locale\" content=\"ca_ES\" \/>\n<meta property=\"og:type\" content=\"article\" \/>\n<meta property=\"og:title\" content=\"Mullu: la petxina sagrada de Spondylus dels Andes\" \/>\n<meta property=\"og:description\" content=\"Mullu, la petxina sagrada de Spondylus dels Andes: origen, significat religi\u00f3s i \u00fas com a material de protecci\u00f3 i ofrena, explicat de manera objectiva.\" \/>\n<meta property=\"og:url\" content=\"https:\/\/iwell-guard.com\/ca\/mullu-petxina-sagrada-andes\/\" \/>\n<meta property=\"og:site_name\" content=\"iWell Guard\" \/>\n<meta property=\"article:modified_time\" content=\"2026-09-05T16:12:22+00:00\" \/>\n<meta property=\"og:image\" content=\"https:\/\/iwell-guard.com\/wp-content\/uploads\/2026\/05\/schutzsymbol_anden_mullu.webp\" \/>\n\t<meta property=\"og:image:width\" content=\"1024\" \/>\n\t<meta property=\"og:image:height\" content=\"1536\" \/>\n\t<meta property=\"og:image:type\" content=\"image\/webp\" \/>\n<meta name=\"twitter:card\" content=\"summary_large_image\" \/>\n<script type=\"application\/ld+json\" class=\"yoast-schema-graph\">{\"@context\":\"https:\\\/\\\/schema.org\",\"@graph\":[{\"@type\":\"WebPage\",\"@id\":\"https:\\\/\\\/iwell-guard.com\\\/ca\\\/mullu-petxina-sagrada-andes\\\/\",\"url\":\"https:\\\/\\\/iwell-guard.com\\\/ca\\\/mullu-petxina-sagrada-andes\\\/\",\"name\":\"Mullu: la petxina sagrada de Spondylus dels Andes\",\"isPartOf\":{\"@id\":\"https:\\\/\\\/iwell-guard.com\\\/ca\\\/#website\"},\"primaryImageOfPage\":{\"@id\":\"https:\\\/\\\/iwell-guard.com\\\/ca\\\/mullu-petxina-sagrada-andes\\\/#primaryimage\"},\"image\":{\"@id\":\"https:\\\/\\\/iwell-guard.com\\\/ca\\\/mullu-petxina-sagrada-andes\\\/#primaryimage\"},\"thumbnailUrl\":\"https:\\\/\\\/iwell-guard.com\\\/wp-content\\\/uploads\\\/2026\\\/05\\\/schutzsymbol_anden_mullu.webp\",\"datePublished\":\"2026-09-05T15:44:07+00:00\",\"dateModified\":\"2026-09-05T16:12:22+00:00\",\"description\":\"Mullu, la petxina sagrada de Spondylus dels Andes: origen, significat religi\u00f3s i \u00fas com a material de protecci\u00f3 i ofrena, explicat de manera objectiva.\",\"breadcrumb\":{\"@id\":\"https:\\\/\\\/iwell-guard.com\\\/ca\\\/mullu-petxina-sagrada-andes\\\/#breadcrumb\"},\"inLanguage\":\"ca\",\"potentialAction\":[{\"@type\":\"ReadAction\",\"target\":[\"https:\\\/\\\/iwell-guard.com\\\/ca\\\/mullu-petxina-sagrada-andes\\\/\"]}]},{\"@type\":\"ImageObject\",\"inLanguage\":\"ca\",\"@id\":\"https:\\\/\\\/iwell-guard.com\\\/ca\\\/mullu-petxina-sagrada-andes\\\/#primaryimage\",\"url\":\"https:\\\/\\\/iwell-guard.com\\\/wp-content\\\/uploads\\\/2026\\\/05\\\/schutzsymbol_anden_mullu.webp\",\"contentUrl\":\"https:\\\/\\\/iwell-guard.com\\\/wp-content\\\/uploads\\\/2026\\\/05\\\/schutzsymbol_anden_mullu.webp\",\"width\":1024,\"height\":1536,\"caption\":\"S\u00edmbol de protecci\u00f3. Il\u00b7lustraci\u00f3 muse\u00edstica de bodeg\u00f3.\"},{\"@type\":\"BreadcrumbList\",\"@id\":\"https:\\\/\\\/iwell-guard.com\\\/ca\\\/mullu-petxina-sagrada-andes\\\/#breadcrumb\",\"itemListElement\":[{\"@type\":\"ListItem\",\"position\":1,\"name\":\"Start\",\"item\":\"https:\\\/\\\/iwell-guard.com\\\/ca\\\/?page_id=171333\"},{\"@type\":\"ListItem\",\"position\":2,\"name\":\"Mullu: la petxina sagrada de Spondylus dels Andes\"}]},{\"@type\":\"WebSite\",\"@id\":\"https:\\\/\\\/iwell-guard.com\\\/ca\\\/#website\",\"url\":\"https:\\\/\\\/iwell-guard.com\\\/ca\\\/\",\"name\":\"iWell Guard\",\"description\":\"Schutz vor dunklen Einfl\u00fcssen\",\"publisher\":{\"@id\":\"https:\\\/\\\/iwell-guard.com\\\/ca\\\/#organization\"},\"potentialAction\":[{\"@type\":\"SearchAction\",\"target\":{\"@type\":\"EntryPoint\",\"urlTemplate\":\"https:\\\/\\\/iwell-guard.com\\\/ca\\\/?s={search_term_string}\"},\"query-input\":{\"@type\":\"PropertyValueSpecification\",\"valueRequired\":true,\"valueName\":\"search_term_string\"}}],\"inLanguage\":\"ca\"},{\"@type\":\"Organization\",\"@id\":\"https:\\\/\\\/iwell-guard.com\\\/ca\\\/#organization\",\"name\":\"Ittermann electronic GmbH\",\"url\":\"https:\\\/\\\/iwell-guard.com\\\/ca\\\/\",\"logo\":{\"@type\":\"ImageObject\",\"inLanguage\":\"ca\",\"@id\":\"https:\\\/\\\/iwell-guard.com\\\/ca\\\/#\\\/schema\\\/logo\\\/image\\\/\",\"url\":\"https:\\\/\\\/iwell-guard.com\\\/wp-content\\\/uploads\\\/2026\\\/05\\\/Ittermann-Logo-1182x237-1.png\",\"contentUrl\":\"https:\\\/\\\/iwell-guard.com\\\/wp-content\\\/uploads\\\/2026\\\/05\\\/Ittermann-Logo-1182x237-1.png\",\"width\":1182,\"height\":237,\"caption\":\"Ittermann electronic GmbH\"},\"image\":{\"@id\":\"https:\\\/\\\/iwell-guard.com\\\/ca\\\/#\\\/schema\\\/logo\\\/image\\\/\"},\"sameAs\":[\"https:\\\/\\\/pantip.com\\\/profile\\\/9367242\",\"https:\\\/\\\/micro.blog\\\/iwellguard\",\"https:\\\/\\\/www.diggerslist.com\\\/iwellguard\\\/about\",\"https:\\\/\\\/skitterphoto.com\\\/photographers\\\/2870314\\\/iwell-guard\",\"https:\\\/\\\/iwellguard.wordpress.com\\\/2026\\\/06\\\/06\\\/iwell-guard\\\/\",\"https:\\\/\\\/hub.docker.com\\\/u\\\/iwellguard\",\"https:\\\/\\\/www.pinterest.com\\\/iwellguard\\\/\",\"https:\\\/\\\/bit.ly\\\/m\\\/iwellguard\",\"https:\\\/\\\/entre-vos-mains.alsace.eu\\\/profiles\\\/iwellguard\\\/activity\",\"https:\\\/\\\/gravatar.com\\\/reallybeded8fd34\",\"https:\\\/\\\/naijamatta.com\\\/iwellguard\",\"https:\\\/\\\/www.goodreads.com\\\/iwellguard\",\"https:\\\/\\\/profile.hatena.ne.jp\\\/iwellguard\\\/\",\"https:\\\/\\\/experiment.com\\\/users\\\/iwellguard\",\"https:\\\/\\\/wakelet.com\\\/@iWellGuard82270\",\"https:\\\/\\\/www.chordie.com\\\/forum\\\/profile.php?id=2555664\",\"https:\\\/\\\/www.instapaper.com\\\/p\\\/17757966\",\"https:\\\/\\\/www.mapleprimes.com\\\/users\\\/iwellguard\",\"https:\\\/\\\/businesslistingplus.com\\\/profile\\\/iwell-guard\\\/\",\"https:\\\/\\\/telegra.ph\\\/iWell-Guard-06-06\",\"https:\\\/\\\/pbase.com\\\/iwellguard\\\/iwellguard\",\"https:\\\/\\\/b.hatena.ne.jp\\\/iwellguard\\\/20260607#bookmark-4788405196491818882\",\"https:\\\/\\\/fliphtml5.com\\\/home\\\/iwellguard\",\"https:\\\/\\\/anyflip.com\\\/homepage\\\/cmiwl#About\",\"https:\\\/\\\/transfur.com\\\/Users\\\/iwellguard\",\"http:\\\/\\\/delphi.larsbo.org\\\/user\\\/iwellguard\",\"https:\\\/\\\/jobs.lajobsportal.org\\\/profiles\\\/8380803-iwell-guard\",\"https:\\\/\\\/md.chaosdorf.de\\\/s\\\/jfbe5SBdJD\",\"https:\\\/\\\/www.lingvolive.com\\\/en-us\\\/profile\\\/9ecaeaca-ce11-4e51-9e71-01d55e2bff36\\\/translations\",\"https:\\\/\\\/www.fitday.com\\\/fitness\\\/forums\\\/members\\\/iwellguard.html\",\"https:\\\/\\\/www.mymeetbook.com\\\/iwellguard\",\"https:\\\/\\\/pxhere.com\\\/en\\\/photographer-me\\\/5040798\",\"https:\\\/\\\/disqus.com\\\/by\\\/iwellguard\\\/about\\\/\",\"https:\\\/\\\/pastelink.net\\\/hjwciqwq\",\"https:\\\/\\\/pubhtml5.com\\\/homepage\\\/scjhn\\\/\",\"https:\\\/\\\/www.bitchute.com\\\/channel\\\/2O2eOKzNqujT\",\"https:\\\/\\\/audiomack.com\\\/iwellguard\"]}]}<\/script>\n<!-- \/ Yoast SEO Premium plugin. -->","yoast_head_json":{"title":"Mullu: la petxina sagrada de Spondylus dels Andes","description":"Mullu, la petxina sagrada de Spondylus dels Andes: origen, significat religi\u00f3s i \u00fas com a material de protecci\u00f3 i ofrena, explicat de manera objectiva.","robots":{"index":"index","follow":"follow","max-snippet":"max-snippet:-1","max-image-preview":"max-image-preview:large","max-video-preview":"max-video-preview:-1"},"canonical":"https:\/\/iwell-guard.com\/ca\/mullu-petxina-sagrada-andes\/","og_locale":"ca_ES","og_type":"article","og_title":"Mullu: la petxina sagrada de Spondylus dels Andes","og_description":"Mullu, la petxina sagrada de Spondylus dels Andes: origen, significat religi\u00f3s i \u00fas com a material de protecci\u00f3 i ofrena, explicat de manera objectiva.","og_url":"https:\/\/iwell-guard.com\/ca\/mullu-petxina-sagrada-andes\/","og_site_name":"iWell Guard","article_modified_time":"2026-09-05T16:12:22+00:00","og_image":[{"width":1024,"height":1536,"url":"https:\/\/iwell-guard.com\/wp-content\/uploads\/2026\/05\/schutzsymbol_anden_mullu.webp","type":"image\/webp"}],"twitter_card":"summary_large_image","schema":{"@context":"https:\/\/schema.org","@graph":[{"@type":"WebPage","@id":"https:\/\/iwell-guard.com\/ca\/mullu-petxina-sagrada-andes\/","url":"https:\/\/iwell-guard.com\/ca\/mullu-petxina-sagrada-andes\/","name":"Mullu: la petxina sagrada de Spondylus dels Andes","isPartOf":{"@id":"https:\/\/iwell-guard.com\/ca\/#website"},"primaryImageOfPage":{"@id":"https:\/\/iwell-guard.com\/ca\/mullu-petxina-sagrada-andes\/#primaryimage"},"image":{"@id":"https:\/\/iwell-guard.com\/ca\/mullu-petxina-sagrada-andes\/#primaryimage"},"thumbnailUrl":"https:\/\/iwell-guard.com\/wp-content\/uploads\/2026\/05\/schutzsymbol_anden_mullu.webp","datePublished":"2026-09-05T15:44:07+00:00","dateModified":"2026-09-05T16:12:22+00:00","description":"Mullu, la petxina sagrada de Spondylus dels Andes: origen, significat religi\u00f3s i \u00fas com a material de protecci\u00f3 i ofrena, explicat de manera objectiva.","breadcrumb":{"@id":"https:\/\/iwell-guard.com\/ca\/mullu-petxina-sagrada-andes\/#breadcrumb"},"inLanguage":"ca","potentialAction":[{"@type":"ReadAction","target":["https:\/\/iwell-guard.com\/ca\/mullu-petxina-sagrada-andes\/"]}]},{"@type":"ImageObject","inLanguage":"ca","@id":"https:\/\/iwell-guard.com\/ca\/mullu-petxina-sagrada-andes\/#primaryimage","url":"https:\/\/iwell-guard.com\/wp-content\/uploads\/2026\/05\/schutzsymbol_anden_mullu.webp","contentUrl":"https:\/\/iwell-guard.com\/wp-content\/uploads\/2026\/05\/schutzsymbol_anden_mullu.webp","width":1024,"height":1536,"caption":"S\u00edmbol de protecci\u00f3. Il\u00b7lustraci\u00f3 muse\u00edstica de bodeg\u00f3."},{"@type":"BreadcrumbList","@id":"https:\/\/iwell-guard.com\/ca\/mullu-petxina-sagrada-andes\/#breadcrumb","itemListElement":[{"@type":"ListItem","position":1,"name":"Start","item":"https:\/\/iwell-guard.com\/ca\/?page_id=171333"},{"@type":"ListItem","position":2,"name":"Mullu: la petxina sagrada de Spondylus dels Andes"}]},{"@type":"WebSite","@id":"https:\/\/iwell-guard.com\/ca\/#website","url":"https:\/\/iwell-guard.com\/ca\/","name":"iWell Guard","description":"Schutz vor dunklen Einfl\u00fcssen","publisher":{"@id":"https:\/\/iwell-guard.com\/ca\/#organization"},"potentialAction":[{"@type":"SearchAction","target":{"@type":"EntryPoint","urlTemplate":"https:\/\/iwell-guard.com\/ca\/?s={search_term_string}"},"query-input":{"@type":"PropertyValueSpecification","valueRequired":true,"valueName":"search_term_string"}}],"inLanguage":"ca"},{"@type":"Organization","@id":"https:\/\/iwell-guard.com\/ca\/#organization","name":"Ittermann electronic GmbH","url":"https:\/\/iwell-guard.com\/ca\/","logo":{"@type":"ImageObject","inLanguage":"ca","@id":"https:\/\/iwell-guard.com\/ca\/#\/schema\/logo\/image\/","url":"https:\/\/iwell-guard.com\/wp-content\/uploads\/2026\/05\/Ittermann-Logo-1182x237-1.png","contentUrl":"https:\/\/iwell-guard.com\/wp-content\/uploads\/2026\/05\/Ittermann-Logo-1182x237-1.png","width":1182,"height":237,"caption":"Ittermann electronic GmbH"},"image":{"@id":"https:\/\/iwell-guard.com\/ca\/#\/schema\/logo\/image\/"},"sameAs":["https:\/\/pantip.com\/profile\/9367242","https:\/\/micro.blog\/iwellguard","https:\/\/www.diggerslist.com\/iwellguard\/about","https:\/\/skitterphoto.com\/photographers\/2870314\/iwell-guard","https:\/\/iwellguard.wordpress.com\/2026\/06\/06\/iwell-guard\/","https:\/\/hub.docker.com\/u\/iwellguard","https:\/\/www.pinterest.com\/iwellguard\/","https:\/\/bit.ly\/m\/iwellguard","https:\/\/entre-vos-mains.alsace.eu\/profiles\/iwellguard\/activity","https:\/\/gravatar.com\/reallybeded8fd34","https:\/\/naijamatta.com\/iwellguard","https:\/\/www.goodreads.com\/iwellguard","https:\/\/profile.hatena.ne.jp\/iwellguard\/","https:\/\/experiment.com\/users\/iwellguard","https:\/\/wakelet.com\/@iWellGuard82270","https:\/\/www.chordie.com\/forum\/profile.php?id=2555664","https:\/\/www.instapaper.com\/p\/17757966","https:\/\/www.mapleprimes.com\/users\/iwellguard","https:\/\/businesslistingplus.com\/profile\/iwell-guard\/","https:\/\/telegra.ph\/iWell-Guard-06-06","https:\/\/pbase.com\/iwellguard\/iwellguard","https:\/\/b.hatena.ne.jp\/iwellguard\/20260607#bookmark-4788405196491818882","https:\/\/fliphtml5.com\/home\/iwellguard","https:\/\/anyflip.com\/homepage\/cmiwl#About","https:\/\/transfur.com\/Users\/iwellguard","http:\/\/delphi.larsbo.org\/user\/iwellguard","https:\/\/jobs.lajobsportal.org\/profiles\/8380803-iwell-guard","https:\/\/md.chaosdorf.de\/s\/jfbe5SBdJD","https:\/\/www.lingvolive.com\/en-us\/profile\/9ecaeaca-ce11-4e51-9e71-01d55e2bff36\/translations","https:\/\/www.fitday.com\/fitness\/forums\/members\/iwellguard.html","https:\/\/www.mymeetbook.com\/iwellguard","https:\/\/pxhere.com\/en\/photographer-me\/5040798","https:\/\/disqus.com\/by\/iwellguard\/about\/","https:\/\/pastelink.net\/hjwciqwq","https:\/\/pubhtml5.com\/homepage\/scjhn\/","https:\/\/www.bitchute.com\/channel\/2O2eOKzNqujT","https:\/\/audiomack.com\/iwellguard"]}]}},"_links":{"self":[{"href":"https:\/\/iwell-guard.com\/ca\/wp-json\/wp\/v2\/pages\/171986","targetHints":{"allow":["GET"]}}],"collection":[{"href":"https:\/\/iwell-guard.com\/ca\/wp-json\/wp\/v2\/pages"}],"about":[{"href":"https:\/\/iwell-guard.com\/ca\/wp-json\/wp\/v2\/types\/page"}],"author":[{"embeddable":true,"href":"https:\/\/iwell-guard.com\/ca\/wp-json\/wp\/v2\/users\/3"}],"replies":[{"embeddable":true,"href":"https:\/\/iwell-guard.com\/ca\/wp-json\/wp\/v2\/comments?post=171986"}],"version-history":[{"count":0,"href":"https:\/\/iwell-guard.com\/ca\/wp-json\/wp\/v2\/pages\/171986\/revisions"}],"wp:featuredmedia":[{"embeddable":true,"href":"https:\/\/iwell-guard.com\/ca\/wp-json\/wp\/v2\/media\/3559"}],"wp:attachment":[{"href":"https:\/\/iwell-guard.com\/ca\/wp-json\/wp\/v2\/media?parent=171986"}],"wp:term":[{"taxonomy":"category","embeddable":true,"href":"https:\/\/iwell-guard.com\/ca\/wp-json\/wp\/v2\/categories?post=171986"}],"curies":[{"name":"wp","href":"https:\/\/api.w.org\/{rel}","templated":true}]}}