{"id":171985,"date":"2026-09-05T15:44:06","date_gmt":"2026-09-05T15:44:06","guid":{"rendered":"https:\/\/iwell-guard.com\/?page_id=171985"},"modified":"2026-09-05T16:12:20","modified_gmt":"2026-09-05T16:12:20","slug":"milagros-plaquetes-votives-religiositat-popular","status":"publish","type":"page","link":"https:\/\/iwell-guard.com\/ca\/milagros-plaquetes-votives-religiositat-popular\/","title":{"rendered":"Milagros: plaquetes votives de la religiositat popular"},"content":{"rendered":"\t\t<div data-elementor-type=\"wp-page\" data-elementor-id=\"171985\" class=\"elementor elementor-171985 elementor-3725 elementor-bc-flex-widget\" data-elementor-post-type=\"page\">\n\t\t\t\t<div class=\"elementor-element elementor-element-iwgs-milagros-hero e-flex e-con-boxed e-con e-parent\" data-id=\"iwgs-milagros-hero\" data-element_type=\"container\" data-e-type=\"container\">\n\t\t\t\t\t<div class=\"e-con-inner\">\n\t\t<div class=\"elementor-element elementor-element-iwgs-milagros-hl e-flex e-con-boxed e-con e-parent\" data-id=\"iwgs-milagros-hl\" data-element_type=\"container\" data-e-type=\"container\">\n\t\t\t\t\t<div class=\"e-con-inner\">\n\t\t<div class=\"elementor-element elementor-element-iwgs-milagros-hlbox e-con-full e-flex e-con e-parent\" data-id=\"iwgs-milagros-hlbox\" data-element_type=\"container\" data-e-type=\"container\">\n\t\t\t\t<div class=\"elementor-element elementor-element-iwgs-milagros-h1 elementor-widget elementor-widget-heading\" data-id=\"iwgs-milagros-h1\" data-element_type=\"widget\" data-e-type=\"widget\" data-widget_type=\"heading.default\">\n\t\t\t\t\t<h1 class=\"elementor-heading-title elementor-size-default\">Milagros: petites plaquetes votives de metall de la religiositat popular llatinoamericana<\/h1>\t\t\t\t<\/div>\n\t\t\t\t<div class=\"elementor-element elementor-element-iwgs-milagros-lead elementor-widget elementor-widget-text-editor\" data-id=\"iwgs-milagros-lead\" data-element_type=\"widget\" data-e-type=\"widget\" data-widget_type=\"text-editor.default\">\n\t\t\t\t\t\t\t\t\t<p>Els milagros s\u00f3n petites plaquetes de metall, sovint figuratives, que s&#8217;utilitzen com a ofrenes votives en la <span class=\"iwg-fachbegriff\" data-tooltip=\"La religiositat viscuda en el dia a dia, sovint al costat de la doctrina oficial.\" tabindex=\"0\">religiositat popular<\/span> de l&#8217;Am\u00e8rica Llatina i del m\u00f3n ib\u00e8ric. El terme espanyol milagro significa miracle. Amb un milagro, una persona presenta una s\u00faplica o un agra\u00efment davant una figura de sant, sovint amb la forma d&#8217;una part del cos, d&#8217;un animal o d&#8217;un objecte que simbolitza la q\u00fcesti\u00f3 en joc.<\/p><p>Des del punt de vista de la ci\u00e8ncia de la religi\u00f3, els milagros s&#8217;inscriuen en la llarga hist\u00f2ria de la pr\u00e0ctica votiva, en la qual una petici\u00f3 es porta davant el sagrat mitjan\u00e7ant un objecte visible. Aquest text descriu l&#8217;origen, la forma i el significat dels milagros des d&#8217;una perspectiva externa i sense atribuir-los cap efic\u00e0cia garantida.<\/p>\n<p class=\"iwg-kwfix\">Els milagros s\u00f3n petites plaquetes votives que a l&#8217;Am\u00e8rica Llatina s&#8217;ofereixen per demanar protecci\u00f3 i guariment.<\/p>\t\t\t\t\t\t\t\t<\/div>\n\t\t\t\t<\/div>\n\t\t\t\t<div class=\"elementor-element elementor-element-iwgs-milagros-pills elementor-widget elementor-widget-html\" data-id=\"iwgs-milagros-pills\" data-element_type=\"widget\" data-e-type=\"widget\" data-widget_type=\"html.default\">\n\t\t\t\t\t<div class=\"iwg-pill-row\"><span class=\"iwg-klasse-badge\" tabindex=\"0\" data-tooltip=\"S\u00edmbol de protecci\u00f3, amulet o objecte apotropaic.\">S\u00edmbol de protecci\u00f3<\/span><a href=\"https:\/\/iwell-guard.com\/ca\/simbols-de-proteccio\/\" class=\"iwg-kultur-badge\" tabindex=\"0\" data-tooltip=\"Tradici\u00f3 de protecci\u00f3: religiositat popular de l'Am\u00e8rica Llatina\">Religiositat popular de l'Am\u00e8rica Llatina<\/a><span class=\"iwg-tradition-badge\" tabindex=\"0\" data-tooltip=\"Un objecte que s'ofereix a una divinitat en compliment d'una promesa.\">Ofrena votiva<\/span><\/div>\t\t\t\t<\/div>\n\t\t\t\t\t<\/div>\n\t\t\t\t<\/div>\n\t\t<div class=\"elementor-element elementor-element-iwgs-milagros-hr e-con-full e-flex e-con e-parent\" data-id=\"iwgs-milagros-hr\" data-element_type=\"container\" data-e-type=\"container\">\n\t\t\t\t<div class=\"elementor-element elementor-element-iwgs-milagros-himg iwg-hero-image elementor-widget elementor-widget-image\" data-id=\"iwgs-milagros-himg\" data-element_type=\"widget\" data-e-type=\"widget\" data-widget_type=\"image.default\">\n\t\t\t\t\t\t\t\t\t\t\t\t\t\t\t<img fetchpriority=\"high\" decoding=\"async\" width=\"683\" height=\"1024\" src=\"https:\/\/iwell-guard.com\/wp-content\/uploads\/2026\/05\/schutzsymbol_lateinamerika_milagros-683x1024.webp\" class=\"attachment-large size-large wp-image-3560\" alt=\"Milagros: plaquetes votives de la religiositat popular\" srcset=\"https:\/\/iwell-guard.com\/wp-content\/uploads\/2026\/05\/schutzsymbol_lateinamerika_milagros-683x1024.webp 683w, https:\/\/iwell-guard.com\/wp-content\/uploads\/2026\/05\/schutzsymbol_lateinamerika_milagros-200x300.webp 200w, https:\/\/iwell-guard.com\/wp-content\/uploads\/2026\/05\/schutzsymbol_lateinamerika_milagros-768x1152.webp 768w, https:\/\/iwell-guard.com\/wp-content\/uploads\/2026\/05\/schutzsymbol_lateinamerika_milagros.webp 1024w\" sizes=\"(max-width: 683px) 100vw, 683px\" \/>\t\t\t\t\t\t\t\t\t\t\t\t\t\t\t<\/div>\n\t\t\t\t<\/div>\n\t\t\t\t\t<\/div>\n\t\t\t\t<\/div>\n\t\t<div class=\"elementor-element elementor-element-iwgs-milagros-s0 e-flex e-con-boxed e-con e-parent\" data-id=\"iwgs-milagros-s0\" data-element_type=\"container\" data-e-type=\"container\">\n\t\t\t\t\t<div class=\"e-con-inner\">\n\t\t\t\t<div class=\"elementor-element elementor-element-iwgs-milagros-s0h elementor-widget elementor-widget-heading\" data-id=\"iwgs-milagros-s0h\" data-element_type=\"widget\" data-e-type=\"widget\" data-widget_type=\"heading.default\">\n\t\t\t\t\t<h2 class=\"elementor-heading-title elementor-size-default\">Classificaci\u00f3 dels milagros<\/h2>\t\t\t\t<\/div>\n\t\t<div class=\"elementor-element elementor-element-iwgs-milagros-s0box e-con-full e-flex e-con e-parent\" data-id=\"iwgs-milagros-s0box\" data-element_type=\"container\" data-e-type=\"container\">\n\t\t\t\t<div class=\"elementor-element elementor-element-iwgs-milagros-s0t elementor-widget elementor-widget-text-editor\" data-id=\"iwgs-milagros-s0t\" data-element_type=\"widget\" data-e-type=\"widget\" data-widget_type=\"text-editor.default\">\n\t\t\t\t\t\t\t\t\t<p>Els milagros s\u00f3n petits penjolls o plaquetes, normalment de metall, que s&#8217;utilitzen com a ofrenes votives en la <span class=\"iwg-fachbegriff\" data-tooltip=\"La religiositat viscuda en el dia a dia, sovint al costat de la doctrina oficial.\" tabindex=\"0\">religiositat popular<\/span>. La paraula espanyola milagro significa miracle i remet a la s\u00faplica d&#8217;ajuda o a l&#8217;agra\u00efment per l&#8217;ajuda rebuda que s&#8217;associa a l&#8217;objecte.<\/p><p>La majoria dels milagros tenen forma figurativa. Representen parts del cos com bra\u00e7os, cames, ulls o cors, aix\u00ed com animals, cases, vehicles o figures humanes completes. La figura indica el motiu de la petici\u00f3, per exemple la s\u00faplica de guariment d&#8217;una part concreta del cos.<\/p><p>Els milagros estan estesos sobretot a M\u00e8xic, en altres pa\u00efsos de l&#8217;Am\u00e8rica Llatina i tamb\u00e9 a Espanya, Portugal i parts de la Mediterr\u00e0nia. La pr\u00e0ctica t\u00e9 una empremta cat\u00f2lica, per\u00f2 es combina regionalment amb concepcions ind\u00edgenes i de religiositat popular.<\/p><p>Els milagros es fixen a figures de sants, a creus o a imatges, es deixen en llocs de pelegrinatge o es porten sobre el cos. En tots els casos, connecten una persona concreta amb la seva petici\u00f3 i amb una figura sagrada.<\/p><p>Des del punt de vista de la ci\u00e8ncia de la religi\u00f3, els milagros formen part del context m\u00e9s ampli dels <a href=\"https:\/\/iwell-guard.com\/ca\/simbols-de-proteccio\/\">s\u00edmbols de protecci\u00f3<\/a> i de les ofrenes votives. S\u00f3n un exemple de com la <span class=\"iwg-fachbegriff\" data-tooltip=\"L'actitud i la pr\u00e0ctica religiosa viscuda per una persona.\" tabindex=\"0\">pietat<\/span> s&#8217;expressa en objectes petits i quotidians.<\/p><p>Per a una descripci\u00f3 objectiva \u00e9s important assenyalar que els milagros apareixen tant com a ofrenes votives religioses com a peces de joieria i objectes de col\u00b7lecci\u00f3. Ambd\u00f3s usos coexisteixen i cal distingir-los en la descripci\u00f3.<\/p>\n<p class=\"iwg-kwfix\">Les plaquetes votives de metall, anomenades milagros o ex-votos a l&#8217;Am\u00e8rica Llatina, se solen estampar en l\u00e0mina fina d&#8217;estany, plata o llaut\u00f3 i tenen una forma estilitzada que es fixa a les figures de sants per fer visible un guariment esperat o ja produ\u00eft.<\/p>\t\t\t\t\t\t\t\t<\/div>\n\t\t\t\t<\/div>\n\t\t\t\t\t<\/div>\n\t\t\t\t<\/div>\n\t\t<div class=\"elementor-element elementor-element-iwgs-milagros-s1 e-flex e-con-boxed e-con e-parent\" data-id=\"iwgs-milagros-s1\" data-element_type=\"container\" data-e-type=\"container\">\n\t\t\t\t\t<div class=\"e-con-inner\">\n\t\t\t\t<div class=\"elementor-element elementor-element-iwgs-milagros-s1h elementor-widget elementor-widget-heading\" data-id=\"iwgs-milagros-s1h\" data-element_type=\"widget\" data-e-type=\"widget\" data-widget_type=\"heading.default\">\n\t\t\t\t\t<h2 class=\"elementor-heading-title elementor-size-default\">Origen i hist\u00f2ria<\/h2>\t\t\t\t<\/div>\n\t\t<div class=\"elementor-element elementor-element-iwgs-milagros-s1box e-con-full e-flex e-con e-parent\" data-id=\"iwgs-milagros-s1box\" data-element_type=\"container\" data-e-type=\"container\">\n\t\t\t\t<div class=\"elementor-element elementor-element-iwgs-milagros-s1t elementor-widget elementor-widget-text-editor\" data-id=\"iwgs-milagros-s1t\" data-element_type=\"widget\" data-e-type=\"widget\" data-widget_type=\"text-editor.default\">\n\t\t\t\t\t\t\t\t\t<p>La pr\u00e0ctica d&#8217;oferir ofrenes votives en forma de parts del cos o d&#8217;objectes \u00e9s molt antiga. Ja a l&#8217;<span class=\"iwg-fachbegriff\" data-tooltip=\"\u00c8poca de la cultura grega i romana, aproximadament del 800 a. C. al 600 d. C.\" tabindex=\"0\">Antiguitat<\/span>, la gent de la Mediterr\u00e0nia deixava aquestes ofrenes als santuaris per demanar guariment o per agrair-lo. Aquesta tradici\u00f3 es remunta molt enrere, fins a l&#8217;\u00e8poca precristiana.<\/p><p>Amb el cristianisme, la pr\u00e0ctica votiva es va incorporar a la veneraci\u00f3 dels sants i de la Mare de D\u00e9u. A Espanya i Portugal es va desenvolupar aix\u00ed una rica tradici\u00f3 de petites ofrenes votives, que es dipositaven davant imatges de gr\u00e0cia i en esgl\u00e9sies de pelegrinatge.<\/p><p>Amb la colonitzaci\u00f3, aquesta tradici\u00f3 va arribar a l&#8217;Am\u00e8rica Llatina. All\u00e0 es va combinar amb concepcions ind\u00edgenes de l&#8217;ofrena i la s\u00faplica. A M\u00e8xic, el Per\u00fa i altres pa\u00efsos va sorgir aix\u00ed una cultura del milagro pr\u00f2pia i molt diversa.<\/p><p>Amb el temps, la fabricaci\u00f3 de milagros es va convertir en un ofici propi. Els argenters i, m\u00e9s endavant, els tallers en van produir grans quantitats, de manera que van esdevenir accessibles per a amplis sectors de la poblaci\u00f3.<\/p><p>Als segles XIX i XX, els milagros van continuar essent una part important de la <span class=\"iwg-fachbegriff\" data-tooltip=\"La religiositat viscuda en el dia a dia, sovint al costat de la doctrina oficial.\" tabindex=\"0\">religiositat popular<\/span>. Alhora, van comen\u00e7ar a interessar-se per ells els col\u00b7leccionistes i el comer\u00e7 d&#8217;art. Aix\u00ed, al costat de l&#8217;\u00fas religi\u00f3s, van apar\u00e8ixer nous contextos, de car\u00e0cter secular.<\/p><p>Regionalment es van formar centres d&#8217;inter\u00e8s propis. A M\u00e8xic destaquen especialment els tallers dels voltants de llocs de pelegrinatge com San Juan de los Lagos, mentre que al Per\u00fa hi ha vincles amb l&#8217;orfebreria de les ciutats andines. Des de principis del segle XX, els investigadors de la <span class=\"iwg-fachbegriff\" data-tooltip=\"Disciplina que estudia la cultura quotidiana, els costums i les concepcions transmeses.\" tabindex=\"0\">folklor\u00edstica<\/span> han comen\u00e7at a distingir aquestes tradicions locals, en lloc de partir d&#8217;una \u00fanica cultura del milagro uniforme.<\/p><p>Avui dia, els milagros s&#8217;utilitzen tant de manera tradicional, com a ofrenes votives, com en forma de joieria, decoraci\u00f3 i objectes de col\u00b7lecci\u00f3. Aquesta diversitat \u00e9s el resultat d&#8217;una llarga hist\u00f2ria en la qual una pr\u00e0ctica votiva <span class=\"iwg-fachbegriff\" data-tooltip=\"\u00c8poca de la cultura grega i romana, aproximadament del 800 a. C. al 600 d. C.\" tabindex=\"0\">antiga<\/span> ha travessat moltes transformacions.<\/p>\t\t\t\t\t\t\t\t<\/div>\n\t\t\t\t<\/div>\n\t\t\t\t\t<\/div>\n\t\t\t\t<\/div>\n\t\t<div class=\"elementor-element elementor-element-iwgs-milagros-s2 e-flex e-con-boxed e-con e-parent\" data-id=\"iwgs-milagros-s2\" data-element_type=\"container\" data-e-type=\"container\">\n\t\t\t\t\t<div class=\"e-con-inner\">\n\t\t\t\t<div class=\"elementor-element elementor-element-iwgs-milagros-s2h elementor-widget elementor-widget-heading\" data-id=\"iwgs-milagros-s2h\" data-element_type=\"widget\" data-e-type=\"widget\" data-widget_type=\"heading.default\">\n\t\t\t\t\t<h2 class=\"elementor-heading-title elementor-size-default\">Forma, material i elaboraci\u00f3<\/h2>\t\t\t\t<\/div>\n\t\t<div class=\"elementor-element elementor-element-iwgs-milagros-s2box e-con-full e-flex e-con e-parent\" data-id=\"iwgs-milagros-s2box\" data-element_type=\"container\" data-e-type=\"container\">\n\t\t\t\t<div class=\"elementor-element elementor-element-iwgs-milagros-s2t elementor-widget elementor-widget-text-editor\" data-id=\"iwgs-milagros-s2t\" data-element_type=\"widget\" data-e-type=\"widget\" data-widget_type=\"text-editor.default\">\n\t\t\t\t\t\t\t\t\t<p>Els milagros solen ser petits, sovint de nom\u00e9s pocs cent\u00edmetres. Tenen una forma plana o lleugerament en relleu i sovint disposen d&#8217;un petit forat que permet fixar-los o penjar-los.<\/p><p>El material m\u00e9s habitual \u00e9s el metall. S\u00f3n freq\u00fcents l&#8217;estany, el llaut\u00f3, el metall platejat i, en peces de m\u00e9s qualitat, la plata o l&#8217;or. Els milagros senzills es fabriquen estampant una l\u00e0mina fina, mentre que els m\u00e9s elaborats es fan a m\u00e0.<\/p><p>Els motius comprenen parts del cos, animals, plantes, cases, vehicles, eines i figures humanes. Una cama representa la petici\u00f3 de curaci\u00f3 d&#8217;una cama, un cor els assumptes del sentiment o l&#8217;amor, un animal el benestar del bestiar.<\/p><p>Els milagros es fabriquen estampant, fonent o repussant el metall. En els tallers tradicionals, els artesans treballen amb motlles i eines senzilles. Els milagros de fabricaci\u00f3 industrial es produeixen en s\u00e8ries m\u00e9s grans.<\/p><p>L&#8217;elecci\u00f3 d&#8217;un milagro dep\u00e8n de la petici\u00f3. Qui demana la curaci\u00f3 dels ulls tria un milagro en forma d&#8217;ull. Aquesta correspond\u00e8ncia entre la figura i la petici\u00f3 \u00e9s el principi b\u00e0sic de la pr\u00e0ctica dels milagros.<\/p><p>A m\u00e9s dels milagros figuratius, hi ha tamb\u00e9 petites xapes sense representaci\u00f3 figurativa. Tamb\u00e9 formen part d&#8217;aquest entorn les taules votives pintades o escrites, anomenades retablos, encara que cal distingir-les dels petits milagros de metall.<\/p>\t\t\t\t\t\t\t\t<\/div>\n\t\t\t\t<\/div>\n\t\t\t\t\t<\/div>\n\t\t\t\t<\/div>\n\t\t<div class=\"elementor-element elementor-element-iwgs-milagros-s3 e-flex e-con-boxed e-con e-parent\" data-id=\"iwgs-milagros-s3\" data-element_type=\"container\" data-e-type=\"container\">\n\t\t\t\t\t<div class=\"e-con-inner\">\n\t\t\t\t<div class=\"elementor-element elementor-element-iwgs-milagros-s3h elementor-widget elementor-widget-heading\" data-id=\"iwgs-milagros-s3h\" data-element_type=\"widget\" data-e-type=\"widget\" data-widget_type=\"heading.default\">\n\t\t\t\t\t<h2 class=\"elementor-heading-title elementor-size-default\">Rerefons religi\u00f3s i mitol\u00f2gic<\/h2>\t\t\t\t<\/div>\n\t\t<div class=\"elementor-element elementor-element-iwgs-milagros-s3box e-con-full e-flex e-con e-parent\" data-id=\"iwgs-milagros-s3box\" data-element_type=\"container\" data-e-type=\"container\">\n\t\t\t\t<div class=\"elementor-element elementor-element-iwgs-milagros-s3t elementor-widget elementor-widget-text-editor\" data-id=\"iwgs-milagros-s3t\" data-element_type=\"widget\" data-e-type=\"widget\" data-widget_type=\"text-editor.default\">\n\t\t\t\t\t\t\t\t\t<p>La pr\u00e0ctica dels milagros es basa en la noci\u00f3 cat\u00f2lica de la intercessi\u00f3. Els sants, i especialment la Mare de D\u00e9u, es consideren mediadors que porten les peticions dels creients davant D\u00e9u. Un milagro s&#8217;adre\u00e7a a una d&#8217;aquestes figures mediadores.<\/p><p>El principi central \u00e9s el de petici\u00f3 i agra\u00efment. Una persona presenta amb el milagro una demanda, com la petici\u00f3 de curaci\u00f3, de protecci\u00f3 en un viatge o del benestar de la fam\u00edlia. Un cop la petici\u00f3 s&#8217;ha vist complerta, es pot oferir un altre milagro com a mostra d&#8217;agra\u00efment.<\/p><p>La forma figurativa fa visible la petici\u00f3. \u00c9s com si es mostr\u00e9s a la figura del sant la part del cos o l&#8217;\u00e0mbit de la vida afectat. L&#8217;objecte tradueix una preocupaci\u00f3 interior en un signe extern.<\/p><p>A l&#8217;Am\u00e8rica Llatina, aquesta base cat\u00f2lica sovint es combina amb concepcions ind\u00edgenes m\u00e9s antigues de do i contrad\u00f3. Per aix\u00f2, la pr\u00e0ctica dels milagros forma part sovint d&#8217;una <span class=\"iwg-fachbegriff\" data-tooltip=\"L'actitud i la pr\u00e0ctica religiosa viscuda per una persona.\" tabindex=\"0\">pietat<\/span> popular que uneix elements eclesi\u00e0stics i ind\u00edgenes.<\/p><p>Des del punt de vista acad\u00e8mic, els milagros es poden comparar amb altres ofrenes votives, com els objectes de fil dels wix\u00e1rika descrits a l&#8217;article sobre l&#8217;<a href=\"https:\/\/iwell-guard.com\/ca\/?page_id=171984\">Ull de D\u00e9u<\/a>. En ambd\u00f3s casos, una petici\u00f3 es porta en forma d&#8217;objecte davant una pot\u00e8ncia sagrada.<\/p><p>La idea de la intercessi\u00f3 tamb\u00e9 explica per qu\u00e8 els milagros s&#8217;atribueixen sovint a sants concrets. Els viatgers s&#8217;adrecen a patrons dels camins, els malalts a sants als quals la <span class=\"iwg-fachbegriff\" data-tooltip=\"La religiositat viscuda en la vida quotidiana, sovint al costat de la doctrina oficial.\" tabindex=\"0\">pietat popular<\/span> atribueix una proximitat a un determinat mal. L&#8217;elecci\u00f3 de la figura invocada \u00e9s, doncs, tan significativa com la forma mateixa del milagro.<\/p><p>El sentit religi\u00f3s dels milagros no rau tant en l&#8217;objecte en si mateix com en l&#8217;acte d&#8217;oferir-lo. El milagro \u00e9s el signe visible d&#8217;una relaci\u00f3 entre una persona, la seva petici\u00f3 i una figura venerada.<\/p>\t\t\t\t\t\t\t\t<\/div>\n\t\t\t\t<\/div>\n\t\t\t\t\t<\/div>\n\t\t\t\t<\/div>\n\t\t<div class=\"elementor-element elementor-element-iwgs-milagros-s4 e-flex e-con-boxed e-con e-parent\" data-id=\"iwgs-milagros-s4\" data-element_type=\"container\" data-e-type=\"container\">\n\t\t\t\t\t<div class=\"e-con-inner\">\n\t\t\t\t<div class=\"elementor-element elementor-element-iwgs-milagros-s4h elementor-widget elementor-widget-heading\" data-id=\"iwgs-milagros-s4h\" data-element_type=\"widget\" data-e-type=\"widget\" data-widget_type=\"heading.default\">\n\t\t\t\t\t<h2 class=\"elementor-heading-title elementor-size-default\">\u00das ritual i portadors<\/h2>\t\t\t\t<\/div>\n\t\t<div class=\"elementor-element elementor-element-iwgs-milagros-s4box e-con-full e-flex e-con e-parent\" data-id=\"iwgs-milagros-s4box\" data-element_type=\"container\" data-e-type=\"container\">\n\t\t\t\t<div class=\"elementor-element elementor-element-iwgs-milagros-s4t elementor-widget elementor-widget-text-editor\" data-id=\"iwgs-milagros-s4t\" data-element_type=\"widget\" data-e-type=\"widget\" data-widget_type=\"text-editor.default\">\n\t\t\t\t\t\t\t\t\t<p>L&#8217;\u00fas m\u00e9s habitual d&#8217;un milagro consisteix a fixar-lo a una figura de sant, a una imatge de gr\u00e0cia o a una creu. En els llocs de pelegrinatge m\u00e9s visitats, les figures de sants sovint estan cobertes de milagros.<\/p><p>L&#8217;ofrena pot anar acompanyada d&#8217;una <span class=\"iwg-fachbegriff\" data-tooltip=\"L'adre\u00e7a verbal de la persona a una divinitat.\" tabindex=\"0\">preg\u00e0ria<\/span>, d&#8217;una espelma o d&#8217;una promesa. Alguns creients associen el milagro a un <span class=\"iwg-fachbegriff\" data-tooltip=\"Un viatge motivat religiosament a un lloc sagrat.\" tabindex=\"0\">pelegrinatge<\/span>, mentre que d&#8217;altres l&#8217;ofereixen a l&#8217;esgl\u00e9sia parroquial de casa. El procediment segueix costums regionals.<\/p><p>Els milagros tamb\u00e9 es porten al cos, per exemple en una cadena, o es guarden a l&#8217;altar dom\u00e8stic. En aquesta forma, acompanyen una persona durant molt temps i recorden la petici\u00f3 o l&#8217;agra\u00efment.<\/p><p>Els practicants d&#8217;aquesta pr\u00e0ctica s\u00f3n creients de tots els estrats socials. La <span class=\"iwg-fachbegriff\" data-tooltip=\"L'actitud i la pr\u00e0ctica religiosa viscuda per una persona.\" tabindex=\"0\">pietat<\/span> dels milagros no est\u00e0 lligada als sacerdots, sin\u00f3 que forma part de la religi\u00f3 viscuda de fam\u00edlies i persones individuals. Es pot practicar sense mediaci\u00f3 eclesi\u00e0stica.<\/p><p>Les figures de sants de les cases particulars sovint es guarneixen amb milagros. Aix\u00ed, a l&#8217;altar dom\u00e8stic es crea un lloc on es reuneixen visiblement les peticions i els agra\u00efments de la fam\u00edlia.<\/p><p>El proc\u00e9s d&#8217;ofrena \u00e9s, en la majoria dels casos, senzill. Una persona fixa el milagro, diu una <span class=\"iwg-fachbegriff\" data-tooltip=\"L'adre\u00e7a verbal de la persona a una divinitat.\" tabindex=\"0\">preg\u00e0ria<\/span> o enc\u00e9n una espelma. Precisament aquesta senzillesa ha contribu\u00eft a l&#8217;\u00e0mplia difusi\u00f3 de la pr\u00e0ctica, ja que no requereix coneixements especials ni la pres\u00e8ncia d&#8217;un religi\u00f3s.<\/p><p>M\u00e9s enll\u00e0 del seu \u00fas religi\u00f3s, els milagros tamb\u00e9 s&#8217;utilitzen en artesania i joieria. Decoren capses, marcs i peces de vestir. En aquest \u00fas, el valor decoratiu passa a primer terme.<\/p>\t\t\t\t\t\t\t\t<\/div>\n\t\t\t\t<\/div>\n\t\t\t\t\t<\/div>\n\t\t\t\t<\/div>\n\t\t<div class=\"elementor-element elementor-element-iwgs-milagros-s5 e-flex e-con-boxed e-con e-parent\" data-id=\"iwgs-milagros-s5\" data-element_type=\"container\" data-e-type=\"container\">\n\t\t\t\t\t<div class=\"e-con-inner\">\n\t\t\t\t<div class=\"elementor-element elementor-element-iwgs-milagros-s5h elementor-widget elementor-widget-heading\" data-id=\"iwgs-milagros-s5h\" data-element_type=\"widget\" data-e-type=\"widget\" data-widget_type=\"heading.default\">\n\t\t\t\t\t<h2 class=\"elementor-heading-title elementor-size-default\">Variants regionals i elements relacionats<\/h2>\t\t\t\t<\/div>\n\t\t<div class=\"elementor-element elementor-element-iwgs-milagros-s5box e-con-full e-flex e-con e-parent\" data-id=\"iwgs-milagros-s5box\" data-element_type=\"container\" data-e-type=\"container\">\n\t\t\t\t<div class=\"elementor-element elementor-element-iwgs-milagros-s5t elementor-widget elementor-widget-text-editor\" data-id=\"iwgs-milagros-s5t\" data-element_type=\"widget\" data-e-type=\"widget\" data-widget_type=\"text-editor.default\">\n\t\t\t\t\t\t\t\t\t<p>A M\u00e8xic els milagros s\u00f3n especialment freq\u00fcents i es fabriquen en nombrosos tallers. All\u00e0 formen part natural de la <span class=\"iwg-fachbegriff\" data-tooltip=\"La religiositat viscuda en la vida quotidiana, sovint al costat de la doctrina oficial.\" tabindex=\"0\">religiositat popular<\/span> i de l&#8217;artesania. Tamb\u00e9 al Per\u00fa, al Brasil i en altres pa\u00efsos de l&#8217;Am\u00e8rica Llatina existeixen tradicions pr\u00f2pies de milagros.<\/p><p>A Espanya i Portugal la tradici\u00f3 de les petites ofrenes votives tamb\u00e9 \u00e9s viva. Aqu\u00ed sovint es designa amb noms propis. Les formes i els materials poden diferir dels milagros llatinoamericans.<\/p><p>Relacionades amb els milagros hi ha les taules votives pintades, els retaules o exvots. Mostren en imatge i escrit una ajuda rebuda i n&#8217;expressen agra\u00efment. Mentre que el milagro simbolitza breument la petici\u00f3, la taula votiva narra tot un fet.<\/p><p>Tamb\u00e9 a l&#8217;<span class=\"iwg-fachbegriff\" data-tooltip=\"\u00c8poca de la cultura grega i romana, aproximadament del 800 aC al 600 dC.\" tabindex=\"0\">Antiguitat<\/span> i a l&#8217;edat mitjana europea hi havia ofrenes votives en forma de parts del cos. Els milagros s&#8217;inscriuen aix\u00ed en una llarga i ramificada hist\u00f2ria d&#8217;ofrenes religioses que uneix moltes cultures.<\/p><p>Des del punt de vista cient\u00edfic, els milagros es poden comparar amb altres petits objectes de devoci\u00f3, com penjolls i medalles. L&#8217;article sobre <a href=\"https:\/\/iwell-guard.com\/ca\/?page_id=171886\">Amulet i talism\u00e0<\/a> explica les difer\u00e8ncies conceptuals.<\/p><p>Dins de l&#8217;\u00e0mbit dels <a href=\"https:\/\/iwell-guard.com\/ca\/simbols-de-proteccio\/\">s\u00edmbols de protecci\u00f3<\/a>, els milagros ocupen un lloc particular, ja que serveixen menys per allunyar el perill i m\u00e9s per a la petici\u00f3 i l&#8217;agra\u00efment. Mostren que la religiositat protectora pot prendre moltes formes.<\/p>\t\t\t\t\t\t\t\t<\/div>\n\t\t\t\t<\/div>\n\t\t\t\t\t<\/div>\n\t\t\t\t<\/div>\n\t\t<div class=\"elementor-element elementor-element-iwgs-milagros-s6 e-flex e-con-boxed e-con e-parent\" data-id=\"iwgs-milagros-s6\" data-element_type=\"container\" data-e-type=\"container\">\n\t\t\t\t\t<div class=\"e-con-inner\">\n\t\t\t\t<div class=\"elementor-element elementor-element-iwgs-milagros-s6h elementor-widget elementor-widget-heading\" data-id=\"iwgs-milagros-s6h\" data-element_type=\"widget\" data-e-type=\"widget\" data-widget_type=\"heading.default\">\n\t\t\t\t\t<h2 class=\"elementor-heading-title elementor-size-default\">Significat com a objecte de protecci\u00f3<\/h2>\t\t\t\t<\/div>\n\t\t<div class=\"elementor-element elementor-element-iwgs-milagros-s6box e-con-full e-flex e-con e-parent\" data-id=\"iwgs-milagros-s6box\" data-element_type=\"container\" data-e-type=\"container\">\n\t\t\t\t<div class=\"elementor-element elementor-element-iwgs-milagros-s6t elementor-widget elementor-widget-text-editor\" data-id=\"iwgs-milagros-s6t\" data-element_type=\"widget\" data-e-type=\"widget\" data-widget_type=\"text-editor.default\">\n\t\t\t\t\t\t\t\t\t<p>Els milagros tamb\u00e9 s&#8217;entenen en la <span class=\"iwg-fachbegriff\" data-tooltip=\"La religiositat viscuda en la vida quotidiana, sovint al costat de la doctrina oficial.\" tabindex=\"0\">religiositat popular<\/span> com a objectes de protecci\u00f3, per exemple quan demanen la salvaguarda en un viatge, la protecci\u00f3 d&#8217;un infant o la seguretat de la llar. En aquesta concepci\u00f3, la protecci\u00f3 s&#8217;espera de la figura sagrada invocada.<\/p><p>Segons aquesta idea, la protecci\u00f3 no es basa en el metall del milagro, sin\u00f3 en la intercessi\u00f3 que se li demana. L&#8217;objecte \u00e9s el signe d&#8217;una petici\u00f3, no un objecte que actua per si mateix. Aquesta distinci\u00f3 \u00e9s important per entendre-ho b\u00e9.<\/p><p>Des del punt de vista cient\u00edfic, el significat protector dels milagros es pot descriure com una manera d&#8217;afrontar la incertesa. La malaltia, els viatges i el benestar de la fam\u00edlia comporten preocupaci\u00f3, i el milagro ofereix una acci\u00f3 ordenada per expressar-la.<\/p><p data-nosnippet=\"true\">Aquest text no fa cap afirmaci\u00f3 sobre efectes reals de protecci\u00f3 o curaci\u00f3. Nom\u00e9s es descriu el significat que els creients atribueixen a l&#8217;objecte. Es descarten expressament les promeses de curaci\u00f3 i les garanties d&#8217;efecte.<\/p><p>Quan un milagro s&#8217;ofereix com a agra\u00efment, el seu significat es despla\u00e7a de la petici\u00f3 al testimoni. Aleshores testifica un fet viscut com una ajuda. En aquesta forma \u00e9s menys un objecte de protecci\u00f3 que un agra\u00efment visible.<\/p><p>Cal retenir que els milagros extreuen el seu significat protector del context religi\u00f3s de la veneraci\u00f3 dels sants. Fora d&#8217;aquest context, per exemple com a joia, del significat protector sol quedar-ne nom\u00e9s una al\u00b7lusi\u00f3 que el recorda.<\/p>\t\t\t\t\t\t\t\t<\/div>\n\t\t\t\t<\/div>\n\t\t\t\t\t<\/div>\n\t\t\t\t<\/div>\n\t\t<div class=\"elementor-element elementor-element-iwgs-milagros-s7 e-flex e-con-boxed e-con e-parent\" data-id=\"iwgs-milagros-s7\" data-element_type=\"container\" data-e-type=\"container\">\n\t\t\t\t\t<div class=\"e-con-inner\">\n\t\t\t\t<div class=\"elementor-element elementor-element-iwgs-milagros-s7h elementor-widget elementor-widget-heading\" data-id=\"iwgs-milagros-s7h\" data-element_type=\"widget\" data-e-type=\"widget\" data-widget_type=\"heading.default\">\n\t\t\t\t\t<h2 class=\"elementor-heading-title elementor-size-default\">Hist\u00f2ria de la recerca, q\u00fcestions \u00e8tiques i apropiaci\u00f3 cultural<\/h2>\t\t\t\t<\/div>\n\t\t<div class=\"elementor-element elementor-element-iwgs-milagros-s7box e-con-full e-flex e-con e-parent\" data-id=\"iwgs-milagros-s7box\" data-element_type=\"container\" data-e-type=\"container\">\n\t\t\t\t<div class=\"elementor-element elementor-element-iwgs-milagros-s7t elementor-widget elementor-widget-text-editor\" data-id=\"iwgs-milagros-s7t\" data-element_type=\"widget\" data-e-type=\"widget\" data-widget_type=\"text-editor.default\">\n\t\t\t\t\t\t\t\t\t<p>Els milagros fa temps que s\u00f3n objecte d&#8217;estudi de la <span class=\"iwg-fachbegriff\" data-tooltip=\"Ci\u00e8ncia que investiga la cultura quotidiana, els costums i les creences transmeses.\" tabindex=\"0\">folklor\u00edstica<\/span> i de la <span class=\"iwg-fachbegriff\" data-tooltip=\"La ci\u00e8ncia que investiga les religions de manera comparativa i sense vinculaci\u00f3 de fe.\" tabindex=\"0\">ci\u00e8ncia de la religi\u00f3<\/span>. Els investigadors els han estudiat com a exemples de la pr\u00e0ctica votiva i de la veneraci\u00f3 dels sants. Tamb\u00e9 la hist\u00f2ria de l&#8217;art s&#8217;ha interessat per les seves formes i la seva execuci\u00f3 artesanal.<\/p><p>Al segle XX els milagros van ser descoberts progressivament per col\u00b7leccionistes i pel comer\u00e7 d&#8217;art. Van arribar a museus, a col\u00b7leccions privades i a usos decoratius. Aix\u00ed, al costat de l&#8217;\u00fas religi\u00f3s van apar\u00e8ixer nous contextos.<\/p><p>Aquesta evoluci\u00f3 planteja preguntes. Quan un objecte religi\u00f3s es converteix en pura decoraci\u00f3, el seu sentit original pot passar a un segon terme. Alhora, la situaci\u00f3 \u00e9s menys delicada que en el cas d&#8217;objectes estrictament secrets, ja que els milagros han estat des de sempre ofrenes d&#8217;\u00fas p\u00fablic.<\/p><p>La fabricaci\u00f3 de milagros constitueix una base econ\u00f2mica per a molts tallers artesans de l&#8217;Am\u00e8rica Llatina. La venda tant a creients com a turistes assegura ingressos. El mercat pot, doncs, contribuir tamb\u00e9 a preservar l&#8217;artesania.<\/p><p>\u00c8ticament cal una presentaci\u00f3 precisa que distingeixi l&#8217;\u00fas religi\u00f3s del decoratiu i que indiqui l&#8217;origen dels milagros. Qui utilitza milagros com a joia hauria de con\u00e8ixer el seu origen religi\u00f3s.<\/p><p>Una presentaci\u00f3 seriosa evita presentar els milagros com a eines m\u00e0giques. Els descriu com all\u00f2 que s\u00f3n en la seva cultura d&#8217;origen: petites ofrenes votives d&#8217;una <span class=\"iwg-fachbegriff\" data-tooltip=\"La religiositat viscuda en la vida quotidiana, sovint al costat de la doctrina oficial.\" tabindex=\"0\">religiositat popular<\/span> ben viva.<\/p>\t\t\t\t\t\t\t\t<\/div>\n\t\t\t\t<\/div>\n\t\t\t\t\t<\/div>\n\t\t\t\t<\/div>\n\t\t<div class=\"elementor-element elementor-element-iwgs-milagros-s8 e-flex e-con-boxed e-con e-parent\" data-id=\"iwgs-milagros-s8\" data-element_type=\"container\" data-e-type=\"container\">\n\t\t\t\t\t<div class=\"e-con-inner\">\n\t\t\t\t<div class=\"elementor-element elementor-element-iwgs-milagros-s8h elementor-widget elementor-widget-heading\" data-id=\"iwgs-milagros-s8h\" data-element_type=\"widget\" data-e-type=\"widget\" data-widget_type=\"heading.default\">\n\t\t\t\t\t<h2 class=\"elementor-heading-title elementor-size-default\">Recepci\u00f3 actual<\/h2>\t\t\t\t<\/div>\n\t\t<div class=\"elementor-element elementor-element-iwgs-milagros-s8box e-con-full e-flex e-con e-parent\" data-id=\"iwgs-milagros-s8box\" data-element_type=\"container\" data-e-type=\"container\">\n\t\t\t\t<div class=\"elementor-element elementor-element-iwgs-milagros-s8t elementor-widget elementor-widget-text-editor\" data-id=\"iwgs-milagros-s8t\" data-element_type=\"widget\" data-e-type=\"widget\" data-widget_type=\"text-editor.default\">\n\t\t\t\t\t\t\t\t\t<p>A l&#8217;Am\u00e8rica Llatina i al m\u00f3n ib\u00e8ric, els milagros continuen sent part de la <span class=\"iwg-fachbegriff\" data-tooltip=\"La religiositat viscuda en la vida quotidiana, sovint al costat de la doctrina oficial.\" tabindex=\"0\">religiositat popular<\/span>. En llocs de pelegrinatge i en altars dom\u00e8stics encara es presenten com a ofrenes de petici\u00f3 i d&#8217;agra\u00efment. La tradici\u00f3 continua viva.<\/p><p>Alhora, els milagros s&#8217;han convertit en objectes de col\u00b7lecci\u00f3 i decoraci\u00f3 apreciats. En l&#8217;artesania, la decoraci\u00f3 d&#8217;interiors i la joieria es valoren per la seva forma i la seva varietat. Aquest \u00fas s&#8217;est\u00e9n molt m\u00e9s enll\u00e0 de l&#8217;Am\u00e8rica Llatina.<\/p><p>En la cultura de l&#8217;<span class=\"iwg-fachbegriff\" data-tooltip=\"Terme general per a doctrines que reclamen posseir un coneixement ocult, accessible nom\u00e9s a iniciats.\" tabindex=\"0\">esoterisme<\/span> i dels regals, els milagros de vegades s&#8217;ofereixen com a objectes de sort o de protecci\u00f3. Des del punt de vista cient\u00edfic, es tracta d&#8217;una forma de recepci\u00f3 moderna que adopta l&#8217;etiqueta d&#8217;objecte protector sense continuar la pr\u00e0ctica votiva cat\u00f2lica.<\/p><p>Artistes recorren als milagros en col\u00b7lages, joieria i instal\u00b7lacions. En aquest \u00fas art\u00edstic, els objectes esdevenen elements de noves obres que juguen amb el seu significat religi\u00f3s o el citen.<\/p><p>Els museus exhibeixen els milagros com a testimonis de la <span class=\"iwg-fachbegriff\" data-tooltip=\"La religiositat viscuda en la vida quotidiana, sovint al costat de la doctrina oficial.\" tabindex=\"0\">religiositat popular<\/span>. Aquestes exposicions poden afavorir la comprensi\u00f3 de la pr\u00e0ctica votiva, sempre que situ\u00efn el significat religi\u00f3s amb rigor i no es limitin a mostrar-ne la forma.<\/p><p>En la literatura cient\u00edfica, els milagros es tracten des dels treballs de <span class=\"iwg-fachbegriff\" data-tooltip=\"Ci\u00e8ncia que estudia la cultura quotidiana, els costums i les tradicions transmeses.\" tabindex=\"0\">folklor\u00edstica<\/span> del segle XX. Estudis de M\u00e8xic i dels Estats Units els han descrit tant com a font religiosa com a objecte de la cultura material. Aquesta doble perspectiva marca encara avui la manera com exposicions i col\u00b7leccions classifiquen aquests petits objectes met\u00e0l\u00b7lics.<\/p><p>Per a les lectores i lectors interessats, es recomana un tracte conscient. Qui adquireixi un milagro pot informar-se sobre el seu origen religi\u00f3s. L&#8217;apartat <a href=\"https:\/\/iwell-guard.com\/ca\/simbols-de-proteccio\/\">s\u00edmbols de protecci\u00f3<\/a> presenta altres objectes <span class=\"iwg-fachbegriff\" data-tooltip=\"Relatiu a un vot religi\u00f3s; una ofrena votiva es consagra a una divinitat.\" tabindex=\"0\">votius<\/span> i de protecci\u00f3.<\/p>\t\t\t\t\t\t\t\t<\/div>\n\t\t\t\t<\/div>\n\t\t\t\t\t<\/div>\n\t\t\t\t<\/div>\n\t\t<div class=\"elementor-element elementor-element-iwgs-milagros-lit e-flex e-con-boxed e-con e-parent\" data-id=\"iwgs-milagros-lit\" data-element_type=\"container\" data-e-type=\"container\">\n\t\t\t\t\t<div class=\"e-con-inner\">\n\t\t\t\t<div class=\"elementor-element elementor-element-iwgs-milagros-lith elementor-widget elementor-widget-heading\" data-id=\"iwgs-milagros-lith\" data-element_type=\"widget\" data-e-type=\"widget\" data-widget_type=\"heading.default\">\n\t\t\t\t\t<h2 class=\"elementor-heading-title elementor-size-default\">Bibliografia (selecci\u00f3)<\/h2>\t\t\t\t<\/div>\n\t\t<div class=\"elementor-element elementor-element-iwgs-milagros-litbox e-con-full e-flex e-con e-parent\" data-id=\"iwgs-milagros-litbox\" data-element_type=\"container\" data-e-type=\"container\">\n\t\t\t\t<div class=\"elementor-element elementor-element-iwgs-milagros-litt elementor-widget elementor-widget-html\" data-id=\"iwgs-milagros-litt\" data-element_type=\"widget\" data-e-type=\"widget\" data-widget_type=\"html.default\">\n\t\t\t\t\t<footer data-nosnippet=\"true\"><ul><li>Martha Egan: <em>Milagros: Votive Offerings from the Americas<\/em> (1991)<\/li><li>Frank Graziano: <em>Cultures of Devotion: Folk Saints of Spanish America<\/em> (2007)<\/li><li>Lenore Hoag Mulryan: <em>Mexican Folk Art<\/em> (2003)<\/li><li>Jorge Durand, Douglas S. Massey: <em>Miracles on the Border: Retablos of Mexican Migrants<\/em> (1995)<\/li><li>Elizabeth Wilder Weismann: <em>Art and Time in Mexico<\/em> (1985)<\/li><\/ul><\/footer>\t\t\t\t<\/div>\n\t\t\t\t<\/div>\n\t\t\t\t\t<\/div>\n\t\t\t\t<\/div>\n\t\t<div class=\"elementor-element elementor-element-iwgs-milagros-kwd e-flex e-con-boxed e-con e-parent\" data-id=\"iwgs-milagros-kwd\" data-element_type=\"container\" data-e-type=\"container\">\n\t\t\t\t\t<div class=\"e-con-inner\">\n\t\t\t\t<div class=\"elementor-element elementor-element-iwgs-milagros-kwdt elementor-widget elementor-widget-text-editor\" data-id=\"iwgs-milagros-kwdt\" data-element_type=\"widget\" data-e-type=\"widget\" data-widget_type=\"text-editor.default\">\n\t\t\t\t\t\t\t\t\t<p><em>Termes clau relacionats: Milagros <span class=\"iwg-fachbegriff\" data-tooltip=\"Un objecte que es dedica a una divinitat a causa d'un vot o com a agra\u00efment.\" tabindex=\"0\">ofrena votiva<\/span> Ex-vot <span class=\"iwg-fachbegriff\" data-tooltip=\"La religiositat viscuda en la vida quotidiana, sovint al costat de la doctrina oficial.\" tabindex=\"0\">religiositat popular<\/span> Am\u00e8rica Llatina M\u00e8xic veneraci\u00f3 de sants <span class=\"iwg-fachbegriff\" data-tooltip=\"Un viatge motivat religiosament cap a un lloc sagrat.\" tabindex=\"0\">pelegrinatge<\/span> plaquetes met\u00e0l\u00b7liques ofrena de petici\u00f3 ofrena d&#8217;agra\u00efment <span class=\"iwg-fachbegriff\" data-tooltip=\"L'actitud i la pr\u00e0ctica religiosa viscuda per una persona.\" tabindex=\"0\">pietat<\/span> cat\u00f2lica.<\/em><\/p>\t\t\t\t\t\t\t\t<\/div>\n\t\t\t\t\t<\/div>\n\t\t\t\t<\/div>\n\t\t<div class=\"elementor-element elementor-element-iwgs-milagros-cc e-flex e-con-boxed e-con e-parent\" data-id=\"iwgs-milagros-cc\" data-element_type=\"container\" data-e-type=\"container\" id=\"iwg-cc-milagros\">\n\t\t\t\t\t<div class=\"e-con-inner\">\n\t\t<div class=\"elementor-element elementor-element-iwgs-milagros-ccinner e-flex e-con-boxed e-con e-parent\" data-id=\"iwgs-milagros-ccinner\" data-element_type=\"container\" data-e-type=\"container\" data-settings=\"{&quot;background_background&quot;:&quot;classic&quot;}\">\n\t\t\t\t\t<div class=\"e-con-inner\">\n\t\t\t\t<div class=\"elementor-element elementor-element-iwgs-milagros-cch elementor-widget elementor-widget-heading\" data-id=\"iwgs-milagros-cch\" data-element_type=\"widget\" data-e-type=\"widget\" data-widget_type=\"heading.default\">\n\t\t\t\t\t<h2 class=\"elementor-heading-title elementor-size-default\">iWell Guard i tradicions de protecci\u00f3<\/h2>\t\t\t\t<\/div>\n\t\t\t\t<div class=\"elementor-element elementor-element-iwgs-milagros-cct elementor-widget elementor-widget-text-editor\" data-id=\"iwgs-milagros-cct\" data-element_type=\"widget\" data-e-type=\"widget\" data-widget_type=\"text-editor.default\">\n\t\t\t\t\t\t\t\t\t<p>iWell Guard s&#8217;inscriu en la l\u00ednia hist\u00f2rico-cultural dels objectes de protecci\u00f3 portables, a la qual tamb\u00e9 pertanyen els milagros. Un company modern per a persones que viuen amb s\u00edmbols de protecci\u00f3: fabricat a Alemanya, 41 capes d&#8217;or fi, plat\u00ed i plata, amb dret de devoluci\u00f3 de 30 dies.<\/p>\t\t\t\t\t\t\t\t<\/div>\n\t\t\t\t<div class=\"elementor-element elementor-element-iwgs-milagros-ccb iwg-cc-button iwg-cc-cta-2026-05-13 elementor-widget elementor-widget-jet-button\" data-id=\"iwgs-milagros-ccb\" data-element_type=\"widget\" data-e-type=\"widget\" data-widget_type=\"jet-button.default\">\n\t\t\t\t<div class=\"elementor-widget-container\">\n\t\t\t\t\t<div class=\"elementor-jet-button jet-elements\"><div class=\"jet-button__container\"><a class=\"jet-button__instance jet-button__instance--icon-left hover-effect-1\" href=\"\/schutzanhaenger-iwell-guard-kaufen\/?utm_source=iwell-guard.com&amp;utm_medium=info-box&amp;utm_campaign=schutzsymbole\"><div class=\"jet-button__plane jet-button__plane-normal\"><\/div><div class=\"jet-button__plane jet-button__plane-hover\"><\/div><div class=\"jet-button__state jet-button__state-normal\"><span class=\"jet-button__label\">M\u00e9s informaci\u00f3 sobre l'iWell Guard<\/span><\/div><div class=\"jet-button__state jet-button__state-hover\"><span class=\"jet-button__label\">M\u00e9s informaci\u00f3 sobre l'iWell Guard<\/span><\/div><\/a><\/div><\/div><style>.elementor-element.elementor-element-iwgs-milagros-ccb .jet-button__instance{width:320px;height:56px;}.elementor-element.elementor-element-iwgs-milagros-ccb .jet-button__state-normal .jet-button__label{text-align:center;margin:0px 0px 0px 0px;color:#1a1b20;font-family:Montserrat,sans-serif;font-size:13px;font-weight:400;letter-spacing:4px;line-height:1.714em;text-transform:uppercase;}.elementor-element.elementor-element-iwgs-milagros-ccb .jet-button__state-hover .jet-button__label{text-align:center;margin:0px 0px 0px 0px;color:#FECC76;font-family:Montserrat,sans-serif;font-size:13px;font-weight:400;letter-spacing:4px;line-height:1.714em;text-transform:uppercase;}.elementor-element.elementor-element-iwgs-milagros-ccb .jet-button__plane-normal{background-color:#FECC76;border-style:solid;border-color:#C99540;border-width:2px 2px 2px 2px;}.elementor-element.elementor-element-iwgs-milagros-ccb .jet-button__plane-hover{background-color:rgba(0,0,0,0.55);border-style:solid;border-color:#FECC76;border-width:2px 2px 2px 2px;}<\/style>\t\t\t\t<\/div>\n\t\t\t\t<\/div>\n\t\t\t\t<div class=\"elementor-element elementor-element-iwgs-milagros-ccd elementor-widget elementor-widget-text-editor\" data-id=\"iwgs-milagros-ccd\" data-element_type=\"widget\" data-e-type=\"widget\" data-widget_type=\"text-editor.default\">\n\t\t\t\t\t\t\t\t\t<p style=\"text-align:center;font-size:13px;opacity:0.7;margin-top:14px\" data-nosnippet=\"true\">Les experi\u00e8ncies personals poden variar. No \u00e9s un producte sanitari. No es garanteix cap curaci\u00f3.<\/p>\t\t\t\t\t\t\t\t<\/div>\n\t\t\t\t\t<\/div>\n\t\t\t\t<\/div>\n\t\t\t\t\t<\/div>\n\t\t\t\t<\/div>\n\t\t<div class=\"elementor-element elementor-element-iwgs-milagros-disc e-flex e-con-boxed e-con e-parent\" data-id=\"iwgs-milagros-disc\" data-element_type=\"container\" data-e-type=\"container\">\n\t\t\t\t\t<div class=\"e-con-inner\">\n\t\t\t\t<div class=\"elementor-element elementor-element-iwgs-milagros-discw elementor-widget elementor-widget-html\" data-id=\"iwgs-milagros-discw\" data-element_type=\"widget\" data-e-type=\"widget\" data-widget_type=\"html.default\">\n\t\t\t\t\t<footer data-nosnippet=\"true\" class=\"iwg-disclaimer-block\"><p data-nosnippet=\"true\">iWell Guard <strong>no \u00e9s un producte sanitari<\/strong> i no substitueix cap tractament m\u00e8dic o psicoterap\u00e8utic. Els continguts presentats aqu\u00ed s\u00f3n una contextualitzaci\u00f3 des de la ci\u00e8ncia de les religions i la hist\u00f2ria cultural, no una promesa d'efecte espiritual.<\/p><\/footer>\t\t\t\t<\/div>\n\t\t\t\t\t<\/div>\n\t\t\t\t<\/div>\n\t\t\t\t<\/div>\n\t\t","protected":false},"excerpt":{"rendered":"","protected":false},"author":3,"featured_media":3560,"parent":0,"menu_order":0,"comment_status":"closed","ping_status":"closed","template":"elementor_header_footer","meta":{"_yoast_wpseo_focuskw":"Milagros","_yoast_wpseo_title":"Milagros: plaquetes votives de l'Am\u00e8rica Llatina","_yoast_wpseo_metadesc":"Milagros, petites plaquetes votives de metall de la religiositat popular llatinoamericana: origen, forma i significat com a ofrena de protecci\u00f3 i s\u00faplica, explicats de manera objectiva.","_yoast_wpseo_meta-robots-noindex":"","_yoast_wpseo_canonical":"","_angie_page":false,"gefaehrdungsstufe":"","wesen_kultur":"","wesen_klasse":"","footnotes":""},"categories":[],"class_list":["post-171985","page","type-page","status-publish","has-post-thumbnail","hentry"],"yoast_head":"<!-- This site is optimized with the Yoast SEO Premium plugin v27.7 (Yoast SEO v28.3) - https:\/\/yoast.com\/product\/yoast-seo-premium-wordpress\/ -->\n<title>Milagros: plaquetes votives de l&#039;Am\u00e8rica Llatina<\/title>\n<meta name=\"description\" content=\"Milagros, petites plaquetes votives de metall de la religiositat popular llatinoamericana: origen, forma i significat com a ofrena de protecci\u00f3 i s\u00faplica, explicats de manera objectiva.\" \/>\n<meta name=\"robots\" content=\"index, follow, max-snippet:-1, max-image-preview:large, max-video-preview:-1\" \/>\n<link rel=\"canonical\" href=\"https:\/\/iwell-guard.com\/ca\/milagros-plaquetes-votives-religiositat-popular\/\" \/>\n<meta property=\"og:locale\" content=\"ca_ES\" \/>\n<meta property=\"og:type\" content=\"article\" \/>\n<meta property=\"og:title\" content=\"Milagros: plaquetes votives de la religiositat popular\" \/>\n<meta property=\"og:description\" content=\"Milagros, petites plaquetes votives de metall de la religiositat popular llatinoamericana: origen, forma i significat com a ofrena de protecci\u00f3 i s\u00faplica, explicats de manera objectiva.\" \/>\n<meta property=\"og:url\" content=\"https:\/\/iwell-guard.com\/ca\/milagros-plaquetes-votives-religiositat-popular\/\" \/>\n<meta property=\"og:site_name\" content=\"iWell Guard\" \/>\n<meta property=\"article:modified_time\" content=\"2026-09-05T16:12:20+00:00\" \/>\n<meta property=\"og:image\" content=\"https:\/\/iwell-guard.com\/wp-content\/uploads\/2026\/05\/schutzsymbol_lateinamerika_milagros.webp\" \/>\n\t<meta property=\"og:image:width\" content=\"1024\" \/>\n\t<meta property=\"og:image:height\" content=\"1536\" \/>\n\t<meta property=\"og:image:type\" content=\"image\/webp\" \/>\n<meta name=\"twitter:card\" content=\"summary_large_image\" \/>\n<script type=\"application\/ld+json\" class=\"yoast-schema-graph\">{\"@context\":\"https:\\\/\\\/schema.org\",\"@graph\":[{\"@type\":\"WebPage\",\"@id\":\"https:\\\/\\\/iwell-guard.com\\\/ca\\\/milagros-plaquetes-votives-religiositat-popular\\\/\",\"url\":\"https:\\\/\\\/iwell-guard.com\\\/ca\\\/milagros-plaquetes-votives-religiositat-popular\\\/\",\"name\":\"Milagros: plaquetes votives de l'Am\u00e8rica Llatina\",\"isPartOf\":{\"@id\":\"https:\\\/\\\/iwell-guard.com\\\/ca\\\/#website\"},\"primaryImageOfPage\":{\"@id\":\"https:\\\/\\\/iwell-guard.com\\\/ca\\\/milagros-plaquetes-votives-religiositat-popular\\\/#primaryimage\"},\"image\":{\"@id\":\"https:\\\/\\\/iwell-guard.com\\\/ca\\\/milagros-plaquetes-votives-religiositat-popular\\\/#primaryimage\"},\"thumbnailUrl\":\"https:\\\/\\\/iwell-guard.com\\\/wp-content\\\/uploads\\\/2026\\\/05\\\/schutzsymbol_lateinamerika_milagros.webp\",\"datePublished\":\"2026-09-05T15:44:06+00:00\",\"dateModified\":\"2026-09-05T16:12:20+00:00\",\"description\":\"Milagros, petites plaquetes votives de metall de la religiositat popular llatinoamericana: origen, forma i significat com a ofrena de protecci\u00f3 i s\u00faplica, explicats de manera objectiva.\",\"breadcrumb\":{\"@id\":\"https:\\\/\\\/iwell-guard.com\\\/ca\\\/milagros-plaquetes-votives-religiositat-popular\\\/#breadcrumb\"},\"inLanguage\":\"ca\",\"potentialAction\":[{\"@type\":\"ReadAction\",\"target\":[\"https:\\\/\\\/iwell-guard.com\\\/ca\\\/milagros-plaquetes-votives-religiositat-popular\\\/\"]}]},{\"@type\":\"ImageObject\",\"inLanguage\":\"ca\",\"@id\":\"https:\\\/\\\/iwell-guard.com\\\/ca\\\/milagros-plaquetes-votives-religiositat-popular\\\/#primaryimage\",\"url\":\"https:\\\/\\\/iwell-guard.com\\\/wp-content\\\/uploads\\\/2026\\\/05\\\/schutzsymbol_lateinamerika_milagros.webp\",\"contentUrl\":\"https:\\\/\\\/iwell-guard.com\\\/wp-content\\\/uploads\\\/2026\\\/05\\\/schutzsymbol_lateinamerika_milagros.webp\",\"width\":1024,\"height\":1536,\"caption\":\"S\u00edmbol de protecci\u00f3. Il\u00b7lustraci\u00f3 muse\u00edstica de bodeg\u00f3.\"},{\"@type\":\"BreadcrumbList\",\"@id\":\"https:\\\/\\\/iwell-guard.com\\\/ca\\\/milagros-plaquetes-votives-religiositat-popular\\\/#breadcrumb\",\"itemListElement\":[{\"@type\":\"ListItem\",\"position\":1,\"name\":\"Start\",\"item\":\"https:\\\/\\\/iwell-guard.com\\\/ca\\\/?page_id=171333\"},{\"@type\":\"ListItem\",\"position\":2,\"name\":\"Milagros: plaquetes votives de la religiositat popular\"}]},{\"@type\":\"WebSite\",\"@id\":\"https:\\\/\\\/iwell-guard.com\\\/ca\\\/#website\",\"url\":\"https:\\\/\\\/iwell-guard.com\\\/ca\\\/\",\"name\":\"iWell Guard\",\"description\":\"Schutz vor dunklen Einfl\u00fcssen\",\"publisher\":{\"@id\":\"https:\\\/\\\/iwell-guard.com\\\/ca\\\/#organization\"},\"potentialAction\":[{\"@type\":\"SearchAction\",\"target\":{\"@type\":\"EntryPoint\",\"urlTemplate\":\"https:\\\/\\\/iwell-guard.com\\\/ca\\\/?s={search_term_string}\"},\"query-input\":{\"@type\":\"PropertyValueSpecification\",\"valueRequired\":true,\"valueName\":\"search_term_string\"}}],\"inLanguage\":\"ca\"},{\"@type\":\"Organization\",\"@id\":\"https:\\\/\\\/iwell-guard.com\\\/ca\\\/#organization\",\"name\":\"Ittermann electronic GmbH\",\"url\":\"https:\\\/\\\/iwell-guard.com\\\/ca\\\/\",\"logo\":{\"@type\":\"ImageObject\",\"inLanguage\":\"ca\",\"@id\":\"https:\\\/\\\/iwell-guard.com\\\/ca\\\/#\\\/schema\\\/logo\\\/image\\\/\",\"url\":\"https:\\\/\\\/iwell-guard.com\\\/wp-content\\\/uploads\\\/2026\\\/05\\\/Ittermann-Logo-1182x237-1.png\",\"contentUrl\":\"https:\\\/\\\/iwell-guard.com\\\/wp-content\\\/uploads\\\/2026\\\/05\\\/Ittermann-Logo-1182x237-1.png\",\"width\":1182,\"height\":237,\"caption\":\"Ittermann electronic GmbH\"},\"image\":{\"@id\":\"https:\\\/\\\/iwell-guard.com\\\/ca\\\/#\\\/schema\\\/logo\\\/image\\\/\"},\"sameAs\":[\"https:\\\/\\\/pantip.com\\\/profile\\\/9367242\",\"https:\\\/\\\/micro.blog\\\/iwellguard\",\"https:\\\/\\\/www.diggerslist.com\\\/iwellguard\\\/about\",\"https:\\\/\\\/skitterphoto.com\\\/photographers\\\/2870314\\\/iwell-guard\",\"https:\\\/\\\/iwellguard.wordpress.com\\\/2026\\\/06\\\/06\\\/iwell-guard\\\/\",\"https:\\\/\\\/hub.docker.com\\\/u\\\/iwellguard\",\"https:\\\/\\\/www.pinterest.com\\\/iwellguard\\\/\",\"https:\\\/\\\/bit.ly\\\/m\\\/iwellguard\",\"https:\\\/\\\/entre-vos-mains.alsace.eu\\\/profiles\\\/iwellguard\\\/activity\",\"https:\\\/\\\/gravatar.com\\\/reallybeded8fd34\",\"https:\\\/\\\/naijamatta.com\\\/iwellguard\",\"https:\\\/\\\/www.goodreads.com\\\/iwellguard\",\"https:\\\/\\\/profile.hatena.ne.jp\\\/iwellguard\\\/\",\"https:\\\/\\\/experiment.com\\\/users\\\/iwellguard\",\"https:\\\/\\\/wakelet.com\\\/@iWellGuard82270\",\"https:\\\/\\\/www.chordie.com\\\/forum\\\/profile.php?id=2555664\",\"https:\\\/\\\/www.instapaper.com\\\/p\\\/17757966\",\"https:\\\/\\\/www.mapleprimes.com\\\/users\\\/iwellguard\",\"https:\\\/\\\/businesslistingplus.com\\\/profile\\\/iwell-guard\\\/\",\"https:\\\/\\\/telegra.ph\\\/iWell-Guard-06-06\",\"https:\\\/\\\/pbase.com\\\/iwellguard\\\/iwellguard\",\"https:\\\/\\\/b.hatena.ne.jp\\\/iwellguard\\\/20260607#bookmark-4788405196491818882\",\"https:\\\/\\\/fliphtml5.com\\\/home\\\/iwellguard\",\"https:\\\/\\\/anyflip.com\\\/homepage\\\/cmiwl#About\",\"https:\\\/\\\/transfur.com\\\/Users\\\/iwellguard\",\"http:\\\/\\\/delphi.larsbo.org\\\/user\\\/iwellguard\",\"https:\\\/\\\/jobs.lajobsportal.org\\\/profiles\\\/8380803-iwell-guard\",\"https:\\\/\\\/md.chaosdorf.de\\\/s\\\/jfbe5SBdJD\",\"https:\\\/\\\/www.lingvolive.com\\\/en-us\\\/profile\\\/9ecaeaca-ce11-4e51-9e71-01d55e2bff36\\\/translations\",\"https:\\\/\\\/www.fitday.com\\\/fitness\\\/forums\\\/members\\\/iwellguard.html\",\"https:\\\/\\\/www.mymeetbook.com\\\/iwellguard\",\"https:\\\/\\\/pxhere.com\\\/en\\\/photographer-me\\\/5040798\",\"https:\\\/\\\/disqus.com\\\/by\\\/iwellguard\\\/about\\\/\",\"https:\\\/\\\/pastelink.net\\\/hjwciqwq\",\"https:\\\/\\\/pubhtml5.com\\\/homepage\\\/scjhn\\\/\",\"https:\\\/\\\/www.bitchute.com\\\/channel\\\/2O2eOKzNqujT\",\"https:\\\/\\\/audiomack.com\\\/iwellguard\"]}]}<\/script>\n<!-- \/ Yoast SEO Premium plugin. -->","yoast_head_json":{"title":"Milagros: plaquetes votives de l'Am\u00e8rica Llatina","description":"Milagros, petites plaquetes votives de metall de la religiositat popular llatinoamericana: origen, forma i significat com a ofrena de protecci\u00f3 i s\u00faplica, explicats de manera objectiva.","robots":{"index":"index","follow":"follow","max-snippet":"max-snippet:-1","max-image-preview":"max-image-preview:large","max-video-preview":"max-video-preview:-1"},"canonical":"https:\/\/iwell-guard.com\/ca\/milagros-plaquetes-votives-religiositat-popular\/","og_locale":"ca_ES","og_type":"article","og_title":"Milagros: plaquetes votives de la religiositat popular","og_description":"Milagros, petites plaquetes votives de metall de la religiositat popular llatinoamericana: origen, forma i significat com a ofrena de protecci\u00f3 i s\u00faplica, explicats de manera objectiva.","og_url":"https:\/\/iwell-guard.com\/ca\/milagros-plaquetes-votives-religiositat-popular\/","og_site_name":"iWell Guard","article_modified_time":"2026-09-05T16:12:20+00:00","og_image":[{"width":1024,"height":1536,"url":"https:\/\/iwell-guard.com\/wp-content\/uploads\/2026\/05\/schutzsymbol_lateinamerika_milagros.webp","type":"image\/webp"}],"twitter_card":"summary_large_image","schema":{"@context":"https:\/\/schema.org","@graph":[{"@type":"WebPage","@id":"https:\/\/iwell-guard.com\/ca\/milagros-plaquetes-votives-religiositat-popular\/","url":"https:\/\/iwell-guard.com\/ca\/milagros-plaquetes-votives-religiositat-popular\/","name":"Milagros: plaquetes votives de l'Am\u00e8rica Llatina","isPartOf":{"@id":"https:\/\/iwell-guard.com\/ca\/#website"},"primaryImageOfPage":{"@id":"https:\/\/iwell-guard.com\/ca\/milagros-plaquetes-votives-religiositat-popular\/#primaryimage"},"image":{"@id":"https:\/\/iwell-guard.com\/ca\/milagros-plaquetes-votives-religiositat-popular\/#primaryimage"},"thumbnailUrl":"https:\/\/iwell-guard.com\/wp-content\/uploads\/2026\/05\/schutzsymbol_lateinamerika_milagros.webp","datePublished":"2026-09-05T15:44:06+00:00","dateModified":"2026-09-05T16:12:20+00:00","description":"Milagros, petites plaquetes votives de metall de la religiositat popular llatinoamericana: origen, forma i significat com a ofrena de protecci\u00f3 i s\u00faplica, explicats de manera objectiva.","breadcrumb":{"@id":"https:\/\/iwell-guard.com\/ca\/milagros-plaquetes-votives-religiositat-popular\/#breadcrumb"},"inLanguage":"ca","potentialAction":[{"@type":"ReadAction","target":["https:\/\/iwell-guard.com\/ca\/milagros-plaquetes-votives-religiositat-popular\/"]}]},{"@type":"ImageObject","inLanguage":"ca","@id":"https:\/\/iwell-guard.com\/ca\/milagros-plaquetes-votives-religiositat-popular\/#primaryimage","url":"https:\/\/iwell-guard.com\/wp-content\/uploads\/2026\/05\/schutzsymbol_lateinamerika_milagros.webp","contentUrl":"https:\/\/iwell-guard.com\/wp-content\/uploads\/2026\/05\/schutzsymbol_lateinamerika_milagros.webp","width":1024,"height":1536,"caption":"S\u00edmbol de protecci\u00f3. Il\u00b7lustraci\u00f3 muse\u00edstica de bodeg\u00f3."},{"@type":"BreadcrumbList","@id":"https:\/\/iwell-guard.com\/ca\/milagros-plaquetes-votives-religiositat-popular\/#breadcrumb","itemListElement":[{"@type":"ListItem","position":1,"name":"Start","item":"https:\/\/iwell-guard.com\/ca\/?page_id=171333"},{"@type":"ListItem","position":2,"name":"Milagros: plaquetes votives de la religiositat popular"}]},{"@type":"WebSite","@id":"https:\/\/iwell-guard.com\/ca\/#website","url":"https:\/\/iwell-guard.com\/ca\/","name":"iWell Guard","description":"Schutz vor dunklen Einfl\u00fcssen","publisher":{"@id":"https:\/\/iwell-guard.com\/ca\/#organization"},"potentialAction":[{"@type":"SearchAction","target":{"@type":"EntryPoint","urlTemplate":"https:\/\/iwell-guard.com\/ca\/?s={search_term_string}"},"query-input":{"@type":"PropertyValueSpecification","valueRequired":true,"valueName":"search_term_string"}}],"inLanguage":"ca"},{"@type":"Organization","@id":"https:\/\/iwell-guard.com\/ca\/#organization","name":"Ittermann electronic GmbH","url":"https:\/\/iwell-guard.com\/ca\/","logo":{"@type":"ImageObject","inLanguage":"ca","@id":"https:\/\/iwell-guard.com\/ca\/#\/schema\/logo\/image\/","url":"https:\/\/iwell-guard.com\/wp-content\/uploads\/2026\/05\/Ittermann-Logo-1182x237-1.png","contentUrl":"https:\/\/iwell-guard.com\/wp-content\/uploads\/2026\/05\/Ittermann-Logo-1182x237-1.png","width":1182,"height":237,"caption":"Ittermann electronic GmbH"},"image":{"@id":"https:\/\/iwell-guard.com\/ca\/#\/schema\/logo\/image\/"},"sameAs":["https:\/\/pantip.com\/profile\/9367242","https:\/\/micro.blog\/iwellguard","https:\/\/www.diggerslist.com\/iwellguard\/about","https:\/\/skitterphoto.com\/photographers\/2870314\/iwell-guard","https:\/\/iwellguard.wordpress.com\/2026\/06\/06\/iwell-guard\/","https:\/\/hub.docker.com\/u\/iwellguard","https:\/\/www.pinterest.com\/iwellguard\/","https:\/\/bit.ly\/m\/iwellguard","https:\/\/entre-vos-mains.alsace.eu\/profiles\/iwellguard\/activity","https:\/\/gravatar.com\/reallybeded8fd34","https:\/\/naijamatta.com\/iwellguard","https:\/\/www.goodreads.com\/iwellguard","https:\/\/profile.hatena.ne.jp\/iwellguard\/","https:\/\/experiment.com\/users\/iwellguard","https:\/\/wakelet.com\/@iWellGuard82270","https:\/\/www.chordie.com\/forum\/profile.php?id=2555664","https:\/\/www.instapaper.com\/p\/17757966","https:\/\/www.mapleprimes.com\/users\/iwellguard","https:\/\/businesslistingplus.com\/profile\/iwell-guard\/","https:\/\/telegra.ph\/iWell-Guard-06-06","https:\/\/pbase.com\/iwellguard\/iwellguard","https:\/\/b.hatena.ne.jp\/iwellguard\/20260607#bookmark-4788405196491818882","https:\/\/fliphtml5.com\/home\/iwellguard","https:\/\/anyflip.com\/homepage\/cmiwl#About","https:\/\/transfur.com\/Users\/iwellguard","http:\/\/delphi.larsbo.org\/user\/iwellguard","https:\/\/jobs.lajobsportal.org\/profiles\/8380803-iwell-guard","https:\/\/md.chaosdorf.de\/s\/jfbe5SBdJD","https:\/\/www.lingvolive.com\/en-us\/profile\/9ecaeaca-ce11-4e51-9e71-01d55e2bff36\/translations","https:\/\/www.fitday.com\/fitness\/forums\/members\/iwellguard.html","https:\/\/www.mymeetbook.com\/iwellguard","https:\/\/pxhere.com\/en\/photographer-me\/5040798","https:\/\/disqus.com\/by\/iwellguard\/about\/","https:\/\/pastelink.net\/hjwciqwq","https:\/\/pubhtml5.com\/homepage\/scjhn\/","https:\/\/www.bitchute.com\/channel\/2O2eOKzNqujT","https:\/\/audiomack.com\/iwellguard"]}]}},"_links":{"self":[{"href":"https:\/\/iwell-guard.com\/ca\/wp-json\/wp\/v2\/pages\/171985","targetHints":{"allow":["GET"]}}],"collection":[{"href":"https:\/\/iwell-guard.com\/ca\/wp-json\/wp\/v2\/pages"}],"about":[{"href":"https:\/\/iwell-guard.com\/ca\/wp-json\/wp\/v2\/types\/page"}],"author":[{"embeddable":true,"href":"https:\/\/iwell-guard.com\/ca\/wp-json\/wp\/v2\/users\/3"}],"replies":[{"embeddable":true,"href":"https:\/\/iwell-guard.com\/ca\/wp-json\/wp\/v2\/comments?post=171985"}],"version-history":[{"count":0,"href":"https:\/\/iwell-guard.com\/ca\/wp-json\/wp\/v2\/pages\/171985\/revisions"}],"wp:featuredmedia":[{"embeddable":true,"href":"https:\/\/iwell-guard.com\/ca\/wp-json\/wp\/v2\/media\/3560"}],"wp:attachment":[{"href":"https:\/\/iwell-guard.com\/ca\/wp-json\/wp\/v2\/media?parent=171985"}],"wp:term":[{"taxonomy":"category","embeddable":true,"href":"https:\/\/iwell-guard.com\/ca\/wp-json\/wp\/v2\/categories?post=171985"}],"curies":[{"name":"wp","href":"https:\/\/api.w.org\/{rel}","templated":true}]}}