{"id":171980,"date":"2026-09-05T15:44:04","date_gmt":"2026-09-05T15:44:04","guid":{"rendered":"https:\/\/iwell-guard.com\/?page_id=171980"},"modified":"2026-09-05T16:12:13","modified_gmt":"2026-09-05T16:12:13","slug":"schutzknoten-corda-beneida-tibet","status":"publish","type":"page","link":"https:\/\/iwell-guard.com\/ca\/schutzknoten-corda-beneida-tibet\/","title":{"rendered":"Schutzknoten \u2013 la corda bene\u00efda del Tibet"},"content":{"rendered":"\t\t<div data-elementor-type=\"wp-page\" data-elementor-id=\"171980\" class=\"elementor elementor-171980 elementor-3720 elementor-bc-flex-widget\" data-elementor-post-type=\"page\">\n\t\t\t\t<div class=\"elementor-element elementor-element-iwgs-schutzknoten-hero e-flex e-con-boxed e-con e-parent\" data-id=\"iwgs-schutzknoten-hero\" data-element_type=\"container\" data-e-type=\"container\">\n\t\t\t\t\t<div class=\"e-con-inner\">\n\t\t<div class=\"elementor-element elementor-element-iwgs-schutzknoten-hl e-flex e-con-boxed e-con e-parent\" data-id=\"iwgs-schutzknoten-hl\" data-element_type=\"container\" data-e-type=\"container\">\n\t\t\t\t\t<div class=\"e-con-inner\">\n\t\t<div class=\"elementor-element elementor-element-iwgs-schutzknoten-hlbox e-con-full e-flex e-con e-parent\" data-id=\"iwgs-schutzknoten-hlbox\" data-element_type=\"container\" data-e-type=\"container\">\n\t\t\t\t<div class=\"elementor-element elementor-element-iwgs-schutzknoten-h1 elementor-widget elementor-widget-heading\" data-id=\"iwgs-schutzknoten-h1\" data-element_type=\"widget\" data-e-type=\"widget\" data-widget_type=\"heading.default\">\n\t\t\t\t\t<h1 class=\"elementor-heading-title elementor-size-default\">Schutzknoten \u2013 la corda bene\u00efda del budisme tibet\u00e0<\/h1>\t\t\t\t<\/div>\n\t\t\t\t<div class=\"elementor-element elementor-element-iwgs-schutzknoten-lead elementor-widget elementor-widget-text-editor\" data-id=\"iwgs-schutzknoten-lead\" data-element_type=\"widget\" data-e-type=\"widget\" data-widget_type=\"text-editor.default\">\n\t\t\t\t\t\t\t\t\t<p>El Schutzknoten tibet\u00e0 \u00e9s una corda amb un nus que \u00e9s bene\u00efda per un lama. El nom tibet\u00e0 \u00e9s Srung-mdud, que significa aproximadament nus de protecci\u00f3. La corda bene\u00efda es porta al coll o al canell i es considera portadora de la benedicci\u00f3 i mitj\u00e0 de protecci\u00f3.<\/p>\t\t\t\t\t\t\t\t<\/div>\n\t\t\t\t<\/div>\n\t\t\t\t<div class=\"elementor-element elementor-element-iwgs-schutzknoten-pills elementor-widget elementor-widget-html\" data-id=\"iwgs-schutzknoten-pills\" data-element_type=\"widget\" data-e-type=\"widget\" data-widget_type=\"html.default\">\n\t\t\t\t\t<div class=\"iwg-pill-row\"><span class=\"iwg-klasse-badge\" tabindex=\"0\" data-tooltip=\"S\u00edmbol protector, amulet o objecte apotropaic.\">S\u00edmbol protector<\/span><a href=\"https:\/\/iwell-guard.com\/ca\/tibet\/\" class=\"iwg-kultur-badge\" tabindex=\"0\" data-tooltip=\"Tradici\u00f3 de protecci\u00f3: Tibet\">Tibet<\/a><span class=\"iwg-tradition-badge\" tabindex=\"0\" data-tooltip=\"Un nus destinat a lligar les influ\u00e8ncies nocives.\">Schutzknoten<\/span><\/div>\t\t\t\t<\/div>\n\t\t\t\t\t<\/div>\n\t\t\t\t<\/div>\n\t\t<div class=\"elementor-element elementor-element-iwgs-schutzknoten-hr e-con-full e-flex e-con e-parent\" data-id=\"iwgs-schutzknoten-hr\" data-element_type=\"container\" data-e-type=\"container\">\n\t\t\t\t<div class=\"elementor-element elementor-element-iwgs-schutzknoten-himg iwg-hero-image elementor-widget elementor-widget-image\" data-id=\"iwgs-schutzknoten-himg\" data-element_type=\"widget\" data-e-type=\"widget\" data-widget_type=\"image.default\">\n\t\t\t\t\t\t\t\t\t\t\t\t\t\t\t<img fetchpriority=\"high\" decoding=\"async\" width=\"683\" height=\"1024\" src=\"https:\/\/iwell-guard.com\/wp-content\/uploads\/2026\/05\/schutzsymbol_tibet_schutzknoten-683x1024.webp\" class=\"attachment-large size-large wp-image-3531\" alt=\"Schutzknoten \u2013 la corda bene\u00efda del Tibet\" srcset=\"https:\/\/iwell-guard.com\/wp-content\/uploads\/2026\/05\/schutzsymbol_tibet_schutzknoten-683x1024.webp 683w, https:\/\/iwell-guard.com\/wp-content\/uploads\/2026\/05\/schutzsymbol_tibet_schutzknoten-200x300.webp 200w, https:\/\/iwell-guard.com\/wp-content\/uploads\/2026\/05\/schutzsymbol_tibet_schutzknoten-768x1152.webp 768w, https:\/\/iwell-guard.com\/wp-content\/uploads\/2026\/05\/schutzsymbol_tibet_schutzknoten.webp 1024w\" sizes=\"(max-width: 683px) 100vw, 683px\" \/>\t\t\t\t\t\t\t\t\t\t\t\t\t\t\t<\/div>\n\t\t\t\t<\/div>\n\t\t\t\t\t<\/div>\n\t\t\t\t<\/div>\n\t\t<div class=\"elementor-element elementor-element-iwgs-schutzknoten-s0 e-flex e-con-boxed e-con e-parent\" data-id=\"iwgs-schutzknoten-s0\" data-element_type=\"container\" data-e-type=\"container\">\n\t\t\t\t\t<div class=\"e-con-inner\">\n\t\t\t\t<div class=\"elementor-element elementor-element-iwgs-schutzknoten-s0h elementor-widget elementor-widget-heading\" data-id=\"iwgs-schutzknoten-s0h\" data-element_type=\"widget\" data-e-type=\"widget\" data-widget_type=\"heading.default\">\n\t\t\t\t\t<h2 class=\"elementor-heading-title elementor-size-default\">Introducci\u00f3<\/h2>\t\t\t\t<\/div>\n\t\t<div class=\"elementor-element elementor-element-iwgs-schutzknoten-s0box e-con-full e-flex e-con e-parent\" data-id=\"iwgs-schutzknoten-s0box\" data-element_type=\"container\" data-e-type=\"container\">\n\t\t\t\t<div class=\"elementor-element elementor-element-iwgs-schutzknoten-s0t elementor-widget elementor-widget-text-editor\" data-id=\"iwgs-schutzknoten-s0t\" data-element_type=\"widget\" data-e-type=\"widget\" data-widget_type=\"text-editor.default\">\n\t\t\t\t\t\t\t\t\t<p>El Schutzknoten \u00e9s una corda amb nus procedent del m\u00f3n del budisme <a href=\"https:\/\/iwell-guard.com\/ca\/tibet\/\">tibet\u00e0<\/a>. El seu nom tibet\u00e0 \u00e9s Srung-mdud, que significa aproximadament nus de protecci\u00f3.<\/p><p>Es tracta d&#8217;una corda o cinta a la qual s&#8217;ha fet un o diversos nusos. La corda es porta al coll, al bra\u00e7 o al canell.<\/p><p>L&#8217;element essencial del Schutzknoten no \u00e9s el material, sin\u00f3 la <span class=\"iwg-fachbegriff\" data-tooltip=\"Paraules de benestar i protecci\u00f3, sovint amb una forma ling\u00fc\u00edstica fixa.\" tabindex=\"0\">benedicci\u00f3<\/span>. La corda \u00e9s bene\u00efda per un lama, \u00e9s a dir, per un mestre espiritual, abans de ser portada.<\/p><p>Gr\u00e0cies a aquesta <span class=\"iwg-fachbegriff\" data-tooltip=\"Paraules de benestar i protecci\u00f3, sovint amb una forma ling\u00fc\u00edstica fixa.\" tabindex=\"0\">benedicci\u00f3<\/span>, la simple corda es converteix en un objecte de protecci\u00f3. Es considera aleshores portadora de la benedicci\u00f3 que el lama hi ha dipositat.<\/p><p>El Schutzknoten est\u00e0 molt est\u00e8s en el budisme tibet\u00e0. Es lliura als creients en actes de benedicci\u00f3, en ensenyaments i en ocasions importants.<\/p><p>Des de la <span class=\"iwg-fachbegriff\" data-tooltip=\"La ci\u00e8ncia que estudia les religions de manera comparativa i sense vincle de fe.\" tabindex=\"0\">ci\u00e8ncia de la religi\u00f3<\/span>, el Schutzknoten \u00e9s un bon exemple d&#8217;un objecte de protecci\u00f3 cuya efic\u00e0cia dep\u00e8n de la <span class=\"iwg-fachbegriff\" data-tooltip=\"Paraules de benestar i protecci\u00f3, sovint amb una forma ling\u00fc\u00edstica fixa.\" tabindex=\"0\">benedicci\u00f3<\/span>. No \u00e9s el material, sin\u00f3 l&#8217;acte de benedicci\u00f3, el que converteix la corda en un mitj\u00e0 de protecci\u00f3.<\/p>\t\t\t\t\t\t\t\t<\/div>\n\t\t\t\t<\/div>\n\t\t\t\t\t<\/div>\n\t\t\t\t<\/div>\n\t\t<div class=\"elementor-element elementor-element-iwgs-schutzknoten-s1 e-flex e-con-boxed e-con e-parent\" data-id=\"iwgs-schutzknoten-s1\" data-element_type=\"container\" data-e-type=\"container\">\n\t\t\t\t\t<div class=\"e-con-inner\">\n\t\t\t\t<div class=\"elementor-element elementor-element-iwgs-schutzknoten-s1h elementor-widget elementor-widget-heading\" data-id=\"iwgs-schutzknoten-s1h\" data-element_type=\"widget\" data-e-type=\"widget\" data-widget_type=\"heading.default\">\n\t\t\t\t\t<h2 class=\"elementor-heading-title elementor-size-default\">Origen i context<\/h2>\t\t\t\t<\/div>\n\t\t<div class=\"elementor-element elementor-element-iwgs-schutzknoten-s1box e-con-full e-flex e-con e-parent\" data-id=\"iwgs-schutzknoten-s1box\" data-element_type=\"container\" data-e-type=\"container\">\n\t\t\t\t<div class=\"elementor-element elementor-element-iwgs-schutzknoten-s1t elementor-widget elementor-widget-text-editor\" data-id=\"iwgs-schutzknoten-s1t\" data-element_type=\"widget\" data-e-type=\"widget\" data-widget_type=\"text-editor.default\">\n\t\t\t\t\t\t\t\t\t<p>El Schutzknoten uneix dues idees antigues, la idea del nus i la idea de la <span class=\"iwg-fachbegriff\" data-tooltip=\"Paraules de benestar i protecci\u00f3, sovint amb una forma ling\u00fc\u00edstica fixa.\" tabindex=\"0\">benedicci\u00f3<\/span>. Totes dues es remunten molt enrere.<\/p><p>El nus \u00e9s un <span class=\"iwg-fachbegriff\" data-tooltip=\"Un element de contingut recurrent en l'art o la narrativa.\" tabindex=\"0\">motiu<\/span> antic i molt est\u00e8s. En moltes cultures, el nus es considera un mitj\u00e0 per lligar i retenir alguna cosa, i aix\u00ed assegurar-la o allunyar-la.<\/p><p>La idea de la benedicci\u00f3 forma part del nucli de la pr\u00e0ctica religiosa. Una <span class=\"iwg-fachbegriff\" data-tooltip=\"Paraules de benestar i protecci\u00f3, sovint amb una forma ling\u00fc\u00edstica fixa.\" tabindex=\"0\">benedicci\u00f3<\/span> \u00e9s una atenci\u00f3 espiritual que atorga b\u00e9 i protecci\u00f3 a una persona o a un objecte.<\/p><p>El budisme tibet\u00e0 uneix ambd\u00f3s fils. Una corda amb nusos s&#8217;associa a la <span class=\"iwg-fachbegriff\" data-tooltip=\"Paraules de benestar i protecci\u00f3, sovint amb una forma ling\u00fc\u00edstica fixa.\" tabindex=\"0\">benedicci\u00f3<\/span> d&#8217;un mestre, i d&#8217;aquesta uni\u00f3 sorgeix el Schutzknoten.<\/p><p>En el m\u00f3n religi\u00f3s m\u00e9s antic del Tibet, anterior al budisme, tamb\u00e9 es coneixen idees de lligar i protegir. El Schutzknoten budista se sustenta, doncs, sobre una base \u00e0mplia.<\/p><p>L&#8217;origen del Schutzknoten mostra aix\u00ed una converg\u00e8ncia. El <span class=\"iwg-fachbegriff\" data-tooltip=\"Un element de contingut recurrent en l'art o la narrativa.\" tabindex=\"0\">motiu<\/span> antic del nus que lliga i la idea religiosa de la benedicci\u00f3 es troben en la corda bene\u00efda.<\/p>\t\t\t\t\t\t\t\t<\/div>\n\t\t\t\t<\/div>\n\t\t\t\t\t<\/div>\n\t\t\t\t<\/div>\n\t\t<div class=\"elementor-element elementor-element-iwgs-schutzknoten-s2 e-flex e-con-boxed e-con e-parent\" data-id=\"iwgs-schutzknoten-s2\" data-element_type=\"container\" data-e-type=\"container\">\n\t\t\t\t\t<div class=\"e-con-inner\">\n\t\t\t\t<div class=\"elementor-element elementor-element-iwgs-schutzknoten-s2h elementor-widget elementor-widget-heading\" data-id=\"iwgs-schutzknoten-s2h\" data-element_type=\"widget\" data-e-type=\"widget\" data-widget_type=\"heading.default\">\n\t\t\t\t\t<h2 class=\"elementor-heading-title elementor-size-default\">El nus com a signe<\/h2>\t\t\t\t<\/div>\n\t\t<div class=\"elementor-element elementor-element-iwgs-schutzknoten-s2box e-con-full e-flex e-con e-parent\" data-id=\"iwgs-schutzknoten-s2box\" data-element_type=\"container\" data-e-type=\"container\">\n\t\t\t\t<div class=\"elementor-element elementor-element-iwgs-schutzknoten-s2t elementor-widget elementor-widget-text-editor\" data-id=\"iwgs-schutzknoten-s2t\" data-element_type=\"widget\" data-e-type=\"widget\" data-widget_type=\"text-editor.default\">\n\t\t\t\t\t\t\t\t\t<p>En el Schutzknoten, el nus no \u00e9s una simple casualitat de la fabricaci\u00f3, sin\u00f3 un signe significatiu. El mateix acte de fer el nus t\u00e9 un sentit.<\/p><p>Un nus lliga i ret\u00e9. En el nus, alguna cosa queda com fixada i assegurada. Aquesta propietat converteix el nus en una imatge de la retenci\u00f3 i de la conservaci\u00f3.<\/p><p>En el Schutzknoten, la <span class=\"iwg-fachbegriff\" data-tooltip=\"Paraules de benestar i protecci\u00f3, sovint amb una forma ling\u00fc\u00edstica fixa.\" tabindex=\"0\">benedicci\u00f3<\/span> queda com lligada dins del nus. El lama pronuncia oracions i mantres durant l&#8217;acte de benedicci\u00f3, i el nus ret\u00e9 aquesta <span class=\"iwg-fachbegriff\" data-tooltip=\"Paraules de benestar i protecci\u00f3, sovint amb una forma ling\u00fc\u00edstica fixa.\" tabindex=\"0\">benedicci\u00f3<\/span>.<\/p><p>El nus \u00e9s, doncs, un contenidor de la benedicci\u00f3. Igual que un recipient cont\u00e9 un contingut, el nus fet cont\u00e9 la <span class=\"iwg-fachbegriff\" data-tooltip=\"Paraules de benestar i protecci\u00f3, sovint amb una forma ling\u00fc\u00edstica fixa.\" tabindex=\"0\">benedicci\u00f3<\/span> que s&#8217;hi va pronunciar durant la seva <span class=\"iwg-fachbegriff\" data-tooltip=\"L'acte ritual pel qual s'atorga la benedicci\u00f3.\" tabindex=\"0\">consagraci\u00f3<\/span>.<\/p><p>Al mateix temps, el nus representa la protecci\u00f3 en el sentit de lligar. Les influ\u00e8ncies nocives han de quedar, en certa manera, lligades i allunyades, tal com el nus ret\u00e9 una cinta.<\/p><p>El nus uneix, doncs, dos significats. \u00c9s un contenidor que ret\u00e9 la <span class=\"iwg-fachbegriff\" data-tooltip=\"Paraules de benestar i protecci\u00f3, sovint amb una forma ling\u00fc\u00edstica fixa.\" tabindex=\"0\">benedicci\u00f3<\/span>, i un signe de lligar que ha d&#8217;allunyar el mal. Els dos significats actuen conjuntament en el Schutzknoten.<\/p>\t\t\t\t\t\t\t\t<\/div>\n\t\t\t\t<\/div>\n\t\t\t\t\t<\/div>\n\t\t\t\t<\/div>\n\t\t<div class=\"elementor-element elementor-element-iwgs-schutzknoten-s3 e-flex e-con-boxed e-con e-parent\" data-id=\"iwgs-schutzknoten-s3\" data-element_type=\"container\" data-e-type=\"container\">\n\t\t\t\t\t<div class=\"e-con-inner\">\n\t\t\t\t<div class=\"elementor-element elementor-element-iwgs-schutzknoten-s3h elementor-widget elementor-widget-heading\" data-id=\"iwgs-schutzknoten-s3h\" data-element_type=\"widget\" data-e-type=\"widget\" data-widget_type=\"heading.default\">\n\t\t\t\t\t<h2 class=\"elementor-heading-title elementor-size-default\">El nus en el budisme tibet\u00e0<\/h2>\t\t\t\t<\/div>\n\t\t<div class=\"elementor-element elementor-element-iwgs-schutzknoten-s3box e-con-full e-flex e-con e-parent\" data-id=\"iwgs-schutzknoten-s3box\" data-element_type=\"container\" data-e-type=\"container\">\n\t\t\t\t<div class=\"elementor-element elementor-element-iwgs-schutzknoten-s3t elementor-widget elementor-widget-text-editor\" data-id=\"iwgs-schutzknoten-s3t\" data-element_type=\"widget\" data-e-type=\"widget\" data-widget_type=\"text-editor.default\">\n\t\t\t\t\t\t\t\t\t<p>El motiu del nus \u00e9s rellevant en diversos punts del budisme tibet\u00e0. El nus de protecci\u00f3 no \u00e9s, doncs, un element a\u00efllat, sin\u00f3 que forma part d&#8217;un context m\u00e9s ampli.<\/p><p>El signe de nus m\u00e9s conegut del budisme \u00e9s el nus interminable. \u00c9s un dels vuit s\u00edmbols de bon auguri i representa la uni\u00f3 de totes les coses i la saviesa infinita.<\/p><p>A la p\u00e0gina sobre el <a href=\"https:\/\/iwell-guard.com\/ca\/?page_id=171896\">nus interminable<\/a> es presenta aquest signe amb detall. El nus interminable \u00e9s un <span class=\"iwg-fachbegriff\" data-tooltip=\"Una imatge il\u00b7lustrativa que representa una idea abstracta.\" tabindex=\"0\">s\u00edmbol<\/span> pintat o representat.<\/p><p>El nus de protecci\u00f3 s&#8217;ha de distingir d&#8217;ell. No \u00e9s un <span class=\"iwg-fachbegriff\" data-tooltip=\"Una imatge il\u00b7lustrativa que representa una idea abstracta.\" tabindex=\"0\">s\u00edmbol<\/span>, sin\u00f3 un objecte real, trenat i bene\u00eft, que es porta a sobre.<\/p><p>Tots dos pertanyen, per\u00f2, al mateix univers de motius de nusos. El nus interminable com a <span class=\"iwg-fachbegriff\" data-tooltip=\"Una imatge il\u00b7lustrativa que representa una idea abstracta.\" tabindex=\"0\">s\u00edmbol<\/span> i el nus de protecci\u00f3 com a objecte portat mostren la import\u00e0ncia del nus en el budisme tibet\u00e0.<\/p><p>El nus de protecci\u00f3 \u00e9s, per tant, la manifestaci\u00f3 portada i bene\u00efda del motiu del nus. Mentre que el nus interminable \u00e9s un signe doctrinal, el nus de protecci\u00f3 \u00e9s un objecte de protecci\u00f3 personal.<\/p>\t\t\t\t\t\t\t\t<\/div>\n\t\t\t\t<\/div>\n\t\t\t\t\t<\/div>\n\t\t\t\t<\/div>\n\t\t<div class=\"elementor-element elementor-element-iwgs-schutzknoten-s4 e-flex e-con-boxed e-con e-parent\" data-id=\"iwgs-schutzknoten-s4\" data-element_type=\"container\" data-e-type=\"container\">\n\t\t\t\t\t<div class=\"e-con-inner\">\n\t\t\t\t<div class=\"elementor-element elementor-element-iwgs-schutzknoten-s4h elementor-widget elementor-widget-heading\" data-id=\"iwgs-schutzknoten-s4h\" data-element_type=\"widget\" data-e-type=\"widget\" data-widget_type=\"heading.default\">\n\t\t\t\t\t<h2 class=\"elementor-heading-title elementor-size-default\">L'acte de benedicci\u00f3 del lama<\/h2>\t\t\t\t<\/div>\n\t\t<div class=\"elementor-element elementor-element-iwgs-schutzknoten-s4box e-con-full e-flex e-con e-parent\" data-id=\"iwgs-schutzknoten-s4box\" data-element_type=\"container\" data-e-type=\"container\">\n\t\t\t\t<div class=\"elementor-element elementor-element-iwgs-schutzknoten-s4t elementor-widget elementor-widget-text-editor\" data-id=\"iwgs-schutzknoten-s4t\" data-element_type=\"widget\" data-e-type=\"widget\" data-widget_type=\"text-editor.default\">\n\t\t\t\t\t\t\t\t\t<p>L&#8217;element decisiu del nus de protecci\u00f3 \u00e9s l&#8217;acte de benedicci\u00f3. Sense la <span class=\"iwg-fachbegriff\" data-tooltip=\"Concessi\u00f3 de benestar i protecci\u00f3, sovint en una forma ling\u00fc\u00edstica fixa.\" tabindex=\"0\">benedicci\u00f3<\/span> d&#8217;un lama, el cord\u00f3 trenat no seria un objecte de protecci\u00f3, sin\u00f3 simplement una cinta.<\/p><p>El lama \u00e9s un mestre espiritual format. Ha completat una formaci\u00f3 i est\u00e0 autoritzat a fer actes de benedicci\u00f3 i a impartir ensenyaments.<\/p><p>Durant la <span class=\"iwg-fachbegriff\" data-tooltip=\"L'acte ritual amb el qual es concedeix la benedicci\u00f3.\" tabindex=\"0\">benedicci\u00f3<\/span> del nus de protecci\u00f3, el lama pronuncia preg\u00e0ries i mantres sobre el cord\u00f3. Sovint anuda ell mateix el nus o l&#8217;acaba durant l&#8217;acte de benedicci\u00f3.<\/p><p>Mitjan\u00e7ant aquest acte, la <span class=\"iwg-fachbegriff\" data-tooltip=\"Concessi\u00f3 de benestar i protecci\u00f3, sovint en una forma ling\u00fc\u00edstica fixa.\" tabindex=\"0\">benedicci\u00f3<\/span> es transmet al cord\u00f3. El nus de protecci\u00f3 es considera a partir d&#8217;aquell moment portador de la benedicci\u00f3 que el lama ha pronunciat.<\/p><p>Sovint els nusos de protecci\u00f3 es lliuren en ocasions especials, per exemple despr\u00e9s d&#8217;un ensenyament, en una <span class=\"iwg-fachbegriff\" data-tooltip=\"L'acte ritual amb el qual es concedeix la benedicci\u00f3.\" tabindex=\"0\">benedicci\u00f3<\/span> col\u00b7lectiva o com a obsequi a visitants.<\/p><p>L&#8217;acte de benedicci\u00f3 \u00e9s, doncs, el que fa que el nus de protecci\u00f3 sigui el que \u00e9s. Transforma el cord\u00f3 en un objecte de protecci\u00f3 i el vincula amb el lama que l&#8217;ha bene\u00eft.<\/p>\t\t\t\t\t\t\t\t<\/div>\n\t\t\t\t<\/div>\n\t\t\t\t\t<\/div>\n\t\t\t\t<\/div>\n\t\t<div class=\"elementor-element elementor-element-iwgs-schutzknoten-s5 e-flex e-con-boxed e-con e-parent\" data-id=\"iwgs-schutzknoten-s5\" data-element_type=\"container\" data-e-type=\"container\">\n\t\t\t\t\t<div class=\"e-con-inner\">\n\t\t\t\t<div class=\"elementor-element elementor-element-iwgs-schutzknoten-s5h elementor-widget elementor-widget-heading\" data-id=\"iwgs-schutzknoten-s5h\" data-element_type=\"widget\" data-e-type=\"widget\" data-widget_type=\"heading.default\">\n\t\t\t\t\t<h2 class=\"elementor-heading-title elementor-size-default\">\u00das i manera de portar el nus de protecci\u00f3<\/h2>\t\t\t\t<\/div>\n\t\t<div class=\"elementor-element elementor-element-iwgs-schutzknoten-s5box e-con-full e-flex e-con e-parent\" data-id=\"iwgs-schutzknoten-s5box\" data-element_type=\"container\" data-e-type=\"container\">\n\t\t\t\t<div class=\"elementor-element elementor-element-iwgs-schutzknoten-s5t elementor-widget elementor-widget-text-editor\" data-id=\"iwgs-schutzknoten-s5t\" data-element_type=\"widget\" data-e-type=\"widget\" data-widget_type=\"text-editor.default\">\n\t\t\t\t\t\t\t\t\t<p>El nus de protecci\u00f3 es porta, i \u00e9s portant-lo que el seu sentit es desplega. Es porta a prop del cos i acompanya la persona en la vida quotidiana.<\/p><p>\u00c9s habitual portar-lo al coll. El cord\u00f3 bene\u00eft es col\u00b7loca com un collaret, de vegades amb un penjoll o un petit estoig d&#8217;amulet.<\/p><p>Igualment habitual \u00e9s portar-lo al canell o a la part superior del bra\u00e7. Com a cinta trenada al canell, el nus de protecci\u00f3 \u00e9s un company constant i discret.<\/p><p>El nus de protecci\u00f3 sovint es porta fins que es desf\u00e0 tot sol o es desgasta. El fet que es desfaci de vegades s&#8217;interpreta com que ha complert la seva funci\u00f3.<\/p><p>Un nus de protecci\u00f3 que es porta comporta respecte i una cura especial. Com a objecte bene\u00eft, no es tracta amb descuit ni es llen\u00e7a aix\u00ed com aix\u00ed.<\/p><p>L&#8217;\u00fas del nus de protecci\u00f3 mostra, doncs, que es tracta d&#8217;un objecte de protecci\u00f3 personal i portat. Acompanya una persona concreta i est\u00e0 lligat a la <span class=\"iwg-fachbegriff\" data-tooltip=\"Concessi\u00f3 de benestar i protecci\u00f3, sovint en una forma ling\u00fc\u00edstica fixa.\" tabindex=\"0\">benedicci\u00f3<\/span> que ha rebut per a ella.<\/p>\t\t\t\t\t\t\t\t<\/div>\n\t\t\t\t<\/div>\n\t\t\t\t\t<\/div>\n\t\t\t\t<\/div>\n\t\t<div class=\"elementor-element elementor-element-iwgs-schutzknoten-s6 e-flex e-con-boxed e-con e-parent\" data-id=\"iwgs-schutzknoten-s6\" data-element_type=\"container\" data-e-type=\"container\">\n\t\t\t\t\t<div class=\"e-con-inner\">\n\t\t\t\t<div class=\"elementor-element elementor-element-iwgs-schutzknoten-s6h elementor-widget elementor-widget-heading\" data-id=\"iwgs-schutzknoten-s6h\" data-element_type=\"widget\" data-e-type=\"widget\" data-widget_type=\"heading.default\">\n\t\t\t\t\t<h2 class=\"elementor-heading-title elementor-size-default\">El principi d'acci\u00f3 de la protecci\u00f3 bene\u00efda<\/h2>\t\t\t\t<\/div>\n\t\t<div class=\"elementor-element elementor-element-iwgs-schutzknoten-s6box e-con-full e-flex e-con e-parent\" data-id=\"iwgs-schutzknoten-s6box\" data-element_type=\"container\" data-e-type=\"container\">\n\t\t\t\t<div class=\"elementor-element elementor-element-iwgs-schutzknoten-s6t elementor-widget elementor-widget-text-editor\" data-id=\"iwgs-schutzknoten-s6t\" data-element_type=\"widget\" data-e-type=\"widget\" data-widget_type=\"text-editor.default\">\n\t\t\t\t\t\t\t\t\t<p>El nus de protecci\u00f3 segueix un principi d&#8217;acci\u00f3 propi. No allunya el mal mitjan\u00e7ant una imatge esfere\u00efdora ni porta cap f\u00f3rmula escrita. Actua a trav\u00e9s de la <span class=\"iwg-fachbegriff\" data-tooltip=\"Concessi\u00f3 de benestar i protecci\u00f3, sovint en una forma ling\u00fc\u00edstica fixa.\" tabindex=\"0\">benedicci\u00f3<\/span>.<\/p><p>Segons la comprensi\u00f3 budista, mitjan\u00e7ant l&#8217;acte de benedicci\u00f3 el nus queda vinculat a una for\u00e7a espiritual. La <span class=\"iwg-fachbegriff\" data-tooltip=\"Concessi\u00f3 de benestar i protecci\u00f3, sovint en una forma ling\u00fc\u00edstica fixa.\" tabindex=\"0\">benedicci\u00f3<\/span> del lama, recolzada en la <span class=\"iwg-fachbegriff\" data-tooltip=\"L'adre\u00e7a ling\u00fc\u00edstica de l'\u00e9sser hum\u00e0 a una divinitat.\" tabindex=\"0\">preg\u00e0ria<\/span> i el <span class=\"iwg-fachbegriff\" data-tooltip=\"Una s\u00edl\u00b7laba o f\u00f3rmula sagrada que es repeteix en l'hinduisme i el budisme.\" tabindex=\"0\">mantra<\/span>, queda com anudada dins el mateix nus.<\/p><p>La protecci\u00f3 no rau, doncs, en la mat\u00e8ria del cord\u00f3 ni en la forma del nus per si mateixa. Rau en la <span class=\"iwg-fachbegriff\" data-tooltip=\"Concessi\u00f3 de benestar i protecci\u00f3, sovint en una forma ling\u00fc\u00edstica fixa.\" tabindex=\"0\">benedicci\u00f3<\/span> que s&#8217;ha pronunciat sobre el cord\u00f3.<\/p><p>Aquesta distinci\u00f3 \u00e9s important. El nus de protecci\u00f3 no \u00e9s poder\u00f3s per si mateix. El seu significat dep\u00e8n de l&#8217;acte espiritual que l&#8217;ha convertit en objecte de protecci\u00f3.<\/p><p>Aix\u00ed, el nus de protecci\u00f3 tamb\u00e9 dep\u00e8n de la confian\u00e7a i de la pr\u00e0ctica de qui el porta. \u00c9s un signe del vincle amb el lama i amb l&#8217;ensenyament al qual el portador s&#8217;adhereix.<\/p><p>El nus de protecci\u00f3 \u00e9s, doncs, un bon exemple de protecci\u00f3 mitjan\u00e7ant la <span class=\"iwg-fachbegriff\" data-tooltip=\"Concessi\u00f3 de benestar i protecci\u00f3, sovint en una forma ling\u00fc\u00edstica fixa.\" tabindex=\"0\">benedicci\u00f3<\/span>. No \u00e9s un material ni una imatge, sin\u00f3 un acte espiritual el que d\u00f3na sentit a un simple cord\u00f3.<\/p>\t\t\t\t\t\t\t\t<\/div>\n\t\t\t\t<\/div>\n\t\t\t\t\t<\/div>\n\t\t\t\t<\/div>\n\t\t<div class=\"elementor-element elementor-element-iwgs-schutzknoten-s7 e-flex e-con-boxed e-con e-parent\" data-id=\"iwgs-schutzknoten-s7\" data-element_type=\"container\" data-e-type=\"container\">\n\t\t\t\t\t<div class=\"e-con-inner\">\n\t\t\t\t<div class=\"elementor-element elementor-element-iwgs-schutzknoten-s7h elementor-widget elementor-widget-heading\" data-id=\"iwgs-schutzknoten-s7h\" data-element_type=\"widget\" data-e-type=\"widget\" data-widget_type=\"heading.default\">\n\t\t\t\t\t<h2 class=\"elementor-heading-title elementor-size-default\">Cordons bene\u00efts a trav\u00e9s de les cultures<\/h2>\t\t\t\t<\/div>\n\t\t<div class=\"elementor-element elementor-element-iwgs-schutzknoten-s7box e-con-full e-flex e-con e-parent\" data-id=\"iwgs-schutzknoten-s7box\" data-element_type=\"container\" data-e-type=\"container\">\n\t\t\t\t<div class=\"elementor-element elementor-element-iwgs-schutzknoten-s7t elementor-widget elementor-widget-text-editor\" data-id=\"iwgs-schutzknoten-s7t\" data-element_type=\"widget\" data-e-type=\"widget\" data-widget_type=\"text-editor.default\">\n\t\t\t\t\t\t\t\t\t<p>El nus protector es pot considerar en el context m\u00e9s ampli dels cordons i cintes bene\u00efts. Aquestes cintes protectores s\u00f3n conegudes en moltes cultures.<\/p><p>En el m\u00f3n indi s\u00f3n habituals els fils i cintes bene\u00efts que es lliguen al canell durant actes religiosos i que han de proporcionar protecci\u00f3 i <span class=\"iwg-fachbegriff\" data-tooltip=\"Concessi\u00f3 de benestar i protecci\u00f3, sovint en una f\u00f3rmula ling\u00fc\u00edstica fixa.\" tabindex=\"0\">benedicci\u00f3<\/span>.<\/p><p>Tamb\u00e9 en altres religions i tradicions populars es coneixen cordons nuats o bene\u00efts com a mitj\u00e0 de protecci\u00f3. Es lliguen al bra\u00e7, al coll o al bressol d&#8217;un infant.<\/p><p>Totes aquestes cintes protectores es basen en una idea semblant. Una simple cinta es converteix en un objecte de protecci\u00f3 mitjan\u00e7ant un acte religi\u00f3s, una <span class=\"iwg-fachbegriff\" data-tooltip=\"Concessi\u00f3 de benestar i protecci\u00f3, sovint en una f\u00f3rmula ling\u00fc\u00edstica fixa.\" tabindex=\"0\">benedicci\u00f3<\/span> o el fet de nuar-la.<\/p><p>El nus protector tibet\u00e0 \u00e9s l&#8217;expressi\u00f3 budista d&#8217;aquesta idea tan estesa. La seva particularitat \u00e9s l&#8217;acte de benedicci\u00f3 per part del lama, que el vincula fermament al budisme tibet\u00e0.<\/p><p>El nus protector mostra aix\u00ed que la idea del cord\u00f3 bene\u00eft va ser entesa a trav\u00e9s de les cultures. La cinta bene\u00efda o nuada \u00e9s un mitj\u00e0 de protecci\u00f3 present arreu del m\u00f3n.<\/p>\t\t\t\t\t\t\t\t<\/div>\n\t\t\t\t<\/div>\n\t\t\t\t\t<\/div>\n\t\t\t\t<\/div>\n\t\t<div class=\"elementor-element elementor-element-iwgs-schutzknoten-s8 e-flex e-con-boxed e-con e-parent\" data-id=\"iwgs-schutzknoten-s8\" data-element_type=\"container\" data-e-type=\"container\">\n\t\t\t\t\t<div class=\"e-con-inner\">\n\t\t\t\t<div class=\"elementor-element elementor-element-iwgs-schutzknoten-s8h elementor-widget elementor-widget-heading\" data-id=\"iwgs-schutzknoten-s8h\" data-element_type=\"widget\" data-e-type=\"widget\" data-widget_type=\"heading.default\">\n\t\t\t\t\t<h2 class=\"elementor-heading-title elementor-size-default\">Recepci\u00f3 actual<\/h2>\t\t\t\t<\/div>\n\t\t<div class=\"elementor-element elementor-element-iwgs-schutzknoten-s8box e-con-full e-flex e-con e-parent\" data-id=\"iwgs-schutzknoten-s8box\" data-element_type=\"container\" data-e-type=\"container\">\n\t\t\t\t<div class=\"elementor-element elementor-element-iwgs-schutzknoten-s8t elementor-widget elementor-widget-text-editor\" data-id=\"iwgs-schutzknoten-s8t\" data-element_type=\"widget\" data-e-type=\"widget\" data-widget_type=\"text-editor.default\">\n\t\t\t\t\t\t\t\t\t<p>El nus protector continua sent avui dia un objecte de protecci\u00f3 viu i molt est\u00e8s en el budisme tibet\u00e0. Es beneeix i es porta de la mateixa manera que sempre.<\/p><p>En ensenyaments, benediccions i ocasions importants es lliuren nusos protectors als fidels. Als pa\u00efsos del budisme tibet\u00e0 s\u00f3n una imatge familiar.<\/p><p>M\u00e9s enll\u00e0 del m\u00f3n budista, el nus protector s&#8217;ha fet conegut tamb\u00e9 a Occident gr\u00e0cies a l&#8217;inter\u00e8s pel budisme tibet\u00e0. Qui assisteix a un ensenyament rep de vegades un cord\u00f3 bene\u00eft.<\/p><p>En aquesta difusi\u00f3 m\u00e9s \u00e0mplia, el nus protector pot portar-se com a record o com a ornament. El significat exacte de l&#8217;acte de benedicci\u00f3 passa aleshores sovint a un segon pla.<\/p><p>Tot i aix\u00f2, en la seva ess\u00e8ncia el nus protector continua sent el que ha estat sempre, un cord\u00f3 nuat que, mitjan\u00e7ant la <span class=\"iwg-fachbegriff\" data-tooltip=\"Concessi\u00f3 de benestar i protecci\u00f3, sovint en una f\u00f3rmula ling\u00fc\u00edstica fixa.\" tabindex=\"0\">benedicci\u00f3<\/span> d&#8217;un lama, es converteix en portador de benedicci\u00f3 i mitj\u00e0 de protecci\u00f3.<\/p><p>El nus protector \u00e9s aix\u00ed un exemple ben il\u00b7lustratiu d&#8217;un objecte de protecci\u00f3 que dep\u00e8n de la <span class=\"iwg-fachbegriff\" data-tooltip=\"Concessi\u00f3 de benestar i protecci\u00f3, sovint en una f\u00f3rmula ling\u00fc\u00edstica fixa.\" tabindex=\"0\">benedicci\u00f3<\/span>. En ell s&#8217;uneixen l&#8217;antic <span class=\"iwg-fachbegriff\" data-tooltip=\"Un element de contingut recurrent en l'art o la narrativa.\" tabindex=\"0\">motiu<\/span> del nus que lliga i l&#8217;acte espiritual de la benedicci\u00f3.<\/p>\t\t\t\t\t\t\t\t<\/div>\n\t\t\t\t<\/div>\n\t\t\t\t\t<\/div>\n\t\t\t\t<\/div>\n\t\t<div class=\"elementor-element elementor-element-iwgs-schutzknoten-lit e-flex e-con-boxed e-con e-parent\" data-id=\"iwgs-schutzknoten-lit\" data-element_type=\"container\" data-e-type=\"container\">\n\t\t\t\t\t<div class=\"e-con-inner\">\n\t\t\t\t<div class=\"elementor-element elementor-element-iwgs-schutzknoten-lith elementor-widget elementor-widget-heading\" data-id=\"iwgs-schutzknoten-lith\" data-element_type=\"widget\" data-e-type=\"widget\" data-widget_type=\"heading.default\">\n\t\t\t\t\t<h2 class=\"elementor-heading-title elementor-size-default\">Bibliografia (selecci\u00f3)<\/h2>\t\t\t\t<\/div>\n\t\t<div class=\"elementor-element elementor-element-iwgs-schutzknoten-litbox e-con-full e-flex e-con e-parent\" data-id=\"iwgs-schutzknoten-litbox\" data-element_type=\"container\" data-e-type=\"container\">\n\t\t\t\t<div class=\"elementor-element elementor-element-iwgs-schutzknoten-litt elementor-widget elementor-widget-html\" data-id=\"iwgs-schutzknoten-litt\" data-element_type=\"widget\" data-e-type=\"widget\" data-widget_type=\"html.default\">\n\t\t\t\t\t<footer data-nosnippet=\"true\"><ul><li>Robert Beer: <em>Die Symbole des tibetischen Buddhismus<\/em> (2003)<\/li><li>Giuseppe Tucci: <em>Die Religionen Tibets<\/em> (1970)<\/li><li>Detlef Ingo Lauf: <em>Geheimlehren tibetischer Malereien<\/em> (1979)<\/li><li>Loden Sherap Dagyab: <em>Buddhist Symbols in Tibetan Culture<\/em> (1995)<\/li><li>Ren\u00e9 de Nebesky-Wojkowitz: <em>Oracles and Demons of Tibet<\/em> (1956)<\/li><\/ul><\/footer>\t\t\t\t<\/div>\n\t\t\t\t<\/div>\n\t\t\t\t\t<\/div>\n\t\t\t\t<\/div>\n\t\t<div class=\"elementor-element elementor-element-iwgs-schutzknoten-kwd e-flex e-con-boxed e-con e-parent\" data-id=\"iwgs-schutzknoten-kwd\" data-element_type=\"container\" data-e-type=\"container\">\n\t\t\t\t\t<div class=\"e-con-inner\">\n\t\t\t\t<div class=\"elementor-element elementor-element-iwgs-schutzknoten-kwdt elementor-widget elementor-widget-text-editor\" data-id=\"iwgs-schutzknoten-kwdt\" data-element_type=\"widget\" data-e-type=\"widget\" data-widget_type=\"text-editor.default\">\n\t\t\t\t\t\t\t\t\t<p><em>Termes clau relacionats: nus protector Srung-mdud cord\u00f3 bene\u00eft lama Tibet budisme tibet\u00e0 <span class=\"iwg-fachbegriff\" data-tooltip=\"Concessi\u00f3 de benestar i protecci\u00f3, sovint en una f\u00f3rmula ling\u00fc\u00edstica fixa.\" tabindex=\"0\">benedicci\u00f3<\/span> nus.<\/em><\/p>\t\t\t\t\t\t\t\t<\/div>\n\t\t\t\t\t<\/div>\n\t\t\t\t<\/div>\n\t\t<div class=\"elementor-element elementor-element-iwgs-schutzknoten-cc e-flex e-con-boxed e-con e-parent\" data-id=\"iwgs-schutzknoten-cc\" data-element_type=\"container\" data-e-type=\"container\" id=\"iwg-cc-schutzknoten\">\n\t\t\t\t\t<div class=\"e-con-inner\">\n\t\t<div class=\"elementor-element elementor-element-iwgs-schutzknoten-ccinner e-flex e-con-boxed e-con e-parent\" data-id=\"iwgs-schutzknoten-ccinner\" data-element_type=\"container\" data-e-type=\"container\" data-settings=\"{&quot;background_background&quot;:&quot;classic&quot;}\">\n\t\t\t\t\t<div class=\"e-con-inner\">\n\t\t\t\t<div class=\"elementor-element elementor-element-iwgs-schutzknoten-cch elementor-widget elementor-widget-heading\" data-id=\"iwgs-schutzknoten-cch\" data-element_type=\"widget\" data-e-type=\"widget\" data-widget_type=\"heading.default\">\n\t\t\t\t\t<h2 class=\"elementor-heading-title elementor-size-default\">iWell Guard i tradicions de protecci\u00f3<\/h2>\t\t\t\t<\/div>\n\t\t\t\t<div class=\"elementor-element elementor-element-iwgs-schutzknoten-cct elementor-widget elementor-widget-text-editor\" data-id=\"iwgs-schutzknoten-cct\" data-element_type=\"widget\" data-e-type=\"widget\" data-widget_type=\"text-editor.default\">\n\t\t\t\t\t\t\t\t\t<p>iWell Guard s&#8217;inscriu en la tradici\u00f3 cultural i hist\u00f2rica dels objectes de protecci\u00f3 portables, a la qual pertany tamb\u00e9 el nus protector. Un company modern per a persones que viuen amb s\u00edmbols de protecci\u00f3: fabricat a Alemanya, 41 capes d&#8217;or de llei, plat\u00ed i plata, amb dret de devoluci\u00f3 de 30 dies.<\/p>\t\t\t\t\t\t\t\t<\/div>\n\t\t\t\t<div class=\"elementor-element elementor-element-iwgs-schutzknoten-ccb iwg-cc-button iwg-cc-cta-2026-05-13 elementor-widget elementor-widget-jet-button\" data-id=\"iwgs-schutzknoten-ccb\" data-element_type=\"widget\" data-e-type=\"widget\" data-widget_type=\"jet-button.default\">\n\t\t\t\t<div class=\"elementor-widget-container\">\n\t\t\t\t\t<div class=\"elementor-jet-button jet-elements\"><div class=\"jet-button__container\"><a class=\"jet-button__instance jet-button__instance--icon-left hover-effect-1\" href=\"\/schutzanhaenger-iwell-guard-kaufen\/?utm_source=iwell-guard.com&amp;utm_medium=info-box&amp;utm_campaign=schutzsymbole\"><div class=\"jet-button__plane jet-button__plane-normal\"><\/div><div class=\"jet-button__plane jet-button__plane-hover\"><\/div><div class=\"jet-button__state jet-button__state-normal\"><span class=\"jet-button__label\">M\u00e9s informaci\u00f3 sobre l'iWell Guard<\/span><\/div><div class=\"jet-button__state jet-button__state-hover\"><span class=\"jet-button__label\">M\u00e9s informaci\u00f3 sobre l'iWell Guard<\/span><\/div><\/a><\/div><\/div><style>.elementor-element.elementor-element-iwgs-schutzknoten-ccb .jet-button__instance{width:320px;height:56px;}.elementor-element.elementor-element-iwgs-schutzknoten-ccb .jet-button__state-normal .jet-button__label{text-align:center;margin:0px 0px 0px 0px;color:#1a1b20;font-family:Montserrat,sans-serif;font-size:13px;font-weight:400;letter-spacing:4px;line-height:1.714em;text-transform:uppercase;}.elementor-element.elementor-element-iwgs-schutzknoten-ccb .jet-button__state-hover .jet-button__label{text-align:center;margin:0px 0px 0px 0px;color:#FECC76;font-family:Montserrat,sans-serif;font-size:13px;font-weight:400;letter-spacing:4px;line-height:1.714em;text-transform:uppercase;}.elementor-element.elementor-element-iwgs-schutzknoten-ccb .jet-button__plane-normal{background-color:#FECC76;border-style:solid;border-color:#C99540;border-width:2px 2px 2px 2px;}.elementor-element.elementor-element-iwgs-schutzknoten-ccb .jet-button__plane-hover{background-color:rgba(0,0,0,0.55);border-style:solid;border-color:#FECC76;border-width:2px 2px 2px 2px;}<\/style>\t\t\t\t<\/div>\n\t\t\t\t<\/div>\n\t\t\t\t<div class=\"elementor-element elementor-element-iwgs-schutzknoten-ccd elementor-widget elementor-widget-text-editor\" data-id=\"iwgs-schutzknoten-ccd\" data-element_type=\"widget\" data-e-type=\"widget\" data-widget_type=\"text-editor.default\">\n\t\t\t\t\t\t\t\t\t<p style=\"text-align:center;font-size:13px;opacity:0.7;margin-top:14px\" data-nosnippet=\"true\">Les experi\u00e8ncies personals poden variar. No \u00e9s un producte sanitari. No es garanteix cap curaci\u00f3.<\/p>\t\t\t\t\t\t\t\t<\/div>\n\t\t\t\t\t<\/div>\n\t\t\t\t<\/div>\n\t\t\t\t\t<\/div>\n\t\t\t\t<\/div>\n\t\t<div class=\"elementor-element elementor-element-iwgs-schutzknoten-disc e-flex e-con-boxed e-con e-parent\" data-id=\"iwgs-schutzknoten-disc\" data-element_type=\"container\" data-e-type=\"container\">\n\t\t\t\t\t<div class=\"e-con-inner\">\n\t\t\t\t<div class=\"elementor-element elementor-element-iwgs-schutzknoten-discw elementor-widget elementor-widget-html\" data-id=\"iwgs-schutzknoten-discw\" data-element_type=\"widget\" data-e-type=\"widget\" data-widget_type=\"html.default\">\n\t\t\t\t\t<footer data-nosnippet=\"true\" class=\"iwg-disclaimer-block\"><p data-nosnippet=\"true\">iWell Guard <strong>no \u00e9s un producte sanitari<\/strong> i no substitueix cap tractament m\u00e8dic o psicoterap\u00e8utic. Els continguts presentats aqu\u00ed s\u00f3n una contextualitzaci\u00f3 des de la ci\u00e8ncia de les religions i la hist\u00f2ria cultural, no una promesa d'efecte espiritual.<\/p><\/footer>\t\t\t\t<\/div>\n\t\t\t\t\t<\/div>\n\t\t\t\t<\/div>\n\t\t\t\t<\/div>\n\t\t","protected":false},"excerpt":{"rendered":"","protected":false},"author":3,"featured_media":3531,"parent":0,"menu_order":0,"comment_status":"closed","ping_status":"closed","template":"elementor_header_footer","meta":{"_yoast_wpseo_focuskw":"Schutzknoten","_yoast_wpseo_title":"Schutzknoten \u2013 la corda bene\u00efda del Tibet","_yoast_wpseo_metadesc":"El Schutzknoten tibet\u00e0 \u00e9s una corda amb nusos bene\u00efda per un lama. Origen i significat explicats de manera comprensible.","_yoast_wpseo_meta-robots-noindex":"","_yoast_wpseo_canonical":"","_angie_page":false,"gefaehrdungsstufe":"","wesen_kultur":"","wesen_klasse":"","footnotes":""},"categories":[],"class_list":["post-171980","page","type-page","status-publish","has-post-thumbnail","hentry"],"yoast_head":"<!-- This site is optimized with the Yoast SEO Premium plugin v27.7 (Yoast SEO v28.3) - https:\/\/yoast.com\/product\/yoast-seo-premium-wordpress\/ -->\n<title>Schutzknoten \u2013 la corda bene\u00efda del Tibet<\/title>\n<meta name=\"description\" content=\"El Schutzknoten tibet\u00e0 \u00e9s una corda amb nusos bene\u00efda per un lama. Origen i significat explicats de manera comprensible.\" \/>\n<meta name=\"robots\" content=\"index, follow, max-snippet:-1, max-image-preview:large, max-video-preview:-1\" \/>\n<link rel=\"canonical\" href=\"https:\/\/iwell-guard.com\/ca\/schutzknoten-corda-beneida-tibet\/\" \/>\n<meta property=\"og:locale\" content=\"ca_ES\" \/>\n<meta property=\"og:type\" content=\"article\" \/>\n<meta property=\"og:title\" content=\"Schutzknoten \u2013 la corda bene\u00efda del Tibet\" \/>\n<meta property=\"og:description\" content=\"El Schutzknoten tibet\u00e0 \u00e9s una corda amb nusos bene\u00efda per un lama. Origen i significat explicats de manera comprensible.\" \/>\n<meta property=\"og:url\" content=\"https:\/\/iwell-guard.com\/ca\/schutzknoten-corda-beneida-tibet\/\" \/>\n<meta property=\"og:site_name\" content=\"iWell Guard\" \/>\n<meta property=\"article:modified_time\" content=\"2026-09-05T16:12:13+00:00\" \/>\n<meta property=\"og:image\" content=\"https:\/\/iwell-guard.com\/wp-content\/uploads\/2026\/05\/schutzsymbol_tibet_schutzknoten.webp\" \/>\n\t<meta property=\"og:image:width\" content=\"1024\" \/>\n\t<meta property=\"og:image:height\" content=\"1536\" \/>\n\t<meta property=\"og:image:type\" content=\"image\/webp\" \/>\n<meta name=\"twitter:card\" content=\"summary_large_image\" \/>\n<script type=\"application\/ld+json\" class=\"yoast-schema-graph\">{\"@context\":\"https:\\\/\\\/schema.org\",\"@graph\":[{\"@type\":\"WebPage\",\"@id\":\"https:\\\/\\\/iwell-guard.com\\\/ca\\\/schutzknoten-corda-beneida-tibet\\\/\",\"url\":\"https:\\\/\\\/iwell-guard.com\\\/ca\\\/schutzknoten-corda-beneida-tibet\\\/\",\"name\":\"Schutzknoten \u2013 la corda bene\u00efda del Tibet\",\"isPartOf\":{\"@id\":\"https:\\\/\\\/iwell-guard.com\\\/ca\\\/#website\"},\"primaryImageOfPage\":{\"@id\":\"https:\\\/\\\/iwell-guard.com\\\/ca\\\/schutzknoten-corda-beneida-tibet\\\/#primaryimage\"},\"image\":{\"@id\":\"https:\\\/\\\/iwell-guard.com\\\/ca\\\/schutzknoten-corda-beneida-tibet\\\/#primaryimage\"},\"thumbnailUrl\":\"https:\\\/\\\/iwell-guard.com\\\/wp-content\\\/uploads\\\/2026\\\/05\\\/schutzsymbol_tibet_schutzknoten.webp\",\"datePublished\":\"2026-09-05T15:44:04+00:00\",\"dateModified\":\"2026-09-05T16:12:13+00:00\",\"description\":\"El Schutzknoten tibet\u00e0 \u00e9s una corda amb nusos bene\u00efda per un lama. Origen i significat explicats de manera comprensible.\",\"breadcrumb\":{\"@id\":\"https:\\\/\\\/iwell-guard.com\\\/ca\\\/schutzknoten-corda-beneida-tibet\\\/#breadcrumb\"},\"inLanguage\":\"ca\",\"potentialAction\":[{\"@type\":\"ReadAction\",\"target\":[\"https:\\\/\\\/iwell-guard.com\\\/ca\\\/schutzknoten-corda-beneida-tibet\\\/\"]}]},{\"@type\":\"ImageObject\",\"inLanguage\":\"ca\",\"@id\":\"https:\\\/\\\/iwell-guard.com\\\/ca\\\/schutzknoten-corda-beneida-tibet\\\/#primaryimage\",\"url\":\"https:\\\/\\\/iwell-guard.com\\\/wp-content\\\/uploads\\\/2026\\\/05\\\/schutzsymbol_tibet_schutzknoten.webp\",\"contentUrl\":\"https:\\\/\\\/iwell-guard.com\\\/wp-content\\\/uploads\\\/2026\\\/05\\\/schutzsymbol_tibet_schutzknoten.webp\",\"width\":1024,\"height\":1536,\"caption\":\"S\u00edmbol de protecci\u00f3. Il\u00b7lustraci\u00f3 muse\u00edstica de bodeg\u00f3.\"},{\"@type\":\"BreadcrumbList\",\"@id\":\"https:\\\/\\\/iwell-guard.com\\\/ca\\\/schutzknoten-corda-beneida-tibet\\\/#breadcrumb\",\"itemListElement\":[{\"@type\":\"ListItem\",\"position\":1,\"name\":\"Start\",\"item\":\"https:\\\/\\\/iwell-guard.com\\\/ca\\\/?page_id=171333\"},{\"@type\":\"ListItem\",\"position\":2,\"name\":\"Schutzknoten \u2013 la corda bene\u00efda del Tibet\"}]},{\"@type\":\"WebSite\",\"@id\":\"https:\\\/\\\/iwell-guard.com\\\/ca\\\/#website\",\"url\":\"https:\\\/\\\/iwell-guard.com\\\/ca\\\/\",\"name\":\"iWell Guard\",\"description\":\"Schutz vor dunklen Einfl\u00fcssen\",\"publisher\":{\"@id\":\"https:\\\/\\\/iwell-guard.com\\\/ca\\\/#organization\"},\"potentialAction\":[{\"@type\":\"SearchAction\",\"target\":{\"@type\":\"EntryPoint\",\"urlTemplate\":\"https:\\\/\\\/iwell-guard.com\\\/ca\\\/?s={search_term_string}\"},\"query-input\":{\"@type\":\"PropertyValueSpecification\",\"valueRequired\":true,\"valueName\":\"search_term_string\"}}],\"inLanguage\":\"ca\"},{\"@type\":\"Organization\",\"@id\":\"https:\\\/\\\/iwell-guard.com\\\/ca\\\/#organization\",\"name\":\"Ittermann electronic GmbH\",\"url\":\"https:\\\/\\\/iwell-guard.com\\\/ca\\\/\",\"logo\":{\"@type\":\"ImageObject\",\"inLanguage\":\"ca\",\"@id\":\"https:\\\/\\\/iwell-guard.com\\\/ca\\\/#\\\/schema\\\/logo\\\/image\\\/\",\"url\":\"https:\\\/\\\/iwell-guard.com\\\/wp-content\\\/uploads\\\/2026\\\/05\\\/Ittermann-Logo-1182x237-1.png\",\"contentUrl\":\"https:\\\/\\\/iwell-guard.com\\\/wp-content\\\/uploads\\\/2026\\\/05\\\/Ittermann-Logo-1182x237-1.png\",\"width\":1182,\"height\":237,\"caption\":\"Ittermann electronic GmbH\"},\"image\":{\"@id\":\"https:\\\/\\\/iwell-guard.com\\\/ca\\\/#\\\/schema\\\/logo\\\/image\\\/\"},\"sameAs\":[\"https:\\\/\\\/pantip.com\\\/profile\\\/9367242\",\"https:\\\/\\\/micro.blog\\\/iwellguard\",\"https:\\\/\\\/www.diggerslist.com\\\/iwellguard\\\/about\",\"https:\\\/\\\/skitterphoto.com\\\/photographers\\\/2870314\\\/iwell-guard\",\"https:\\\/\\\/iwellguard.wordpress.com\\\/2026\\\/06\\\/06\\\/iwell-guard\\\/\",\"https:\\\/\\\/hub.docker.com\\\/u\\\/iwellguard\",\"https:\\\/\\\/www.pinterest.com\\\/iwellguard\\\/\",\"https:\\\/\\\/bit.ly\\\/m\\\/iwellguard\",\"https:\\\/\\\/entre-vos-mains.alsace.eu\\\/profiles\\\/iwellguard\\\/activity\",\"https:\\\/\\\/gravatar.com\\\/reallybeded8fd34\",\"https:\\\/\\\/naijamatta.com\\\/iwellguard\",\"https:\\\/\\\/www.goodreads.com\\\/iwellguard\",\"https:\\\/\\\/profile.hatena.ne.jp\\\/iwellguard\\\/\",\"https:\\\/\\\/experiment.com\\\/users\\\/iwellguard\",\"https:\\\/\\\/wakelet.com\\\/@iWellGuard82270\",\"https:\\\/\\\/www.chordie.com\\\/forum\\\/profile.php?id=2555664\",\"https:\\\/\\\/www.instapaper.com\\\/p\\\/17757966\",\"https:\\\/\\\/www.mapleprimes.com\\\/users\\\/iwellguard\",\"https:\\\/\\\/businesslistingplus.com\\\/profile\\\/iwell-guard\\\/\",\"https:\\\/\\\/telegra.ph\\\/iWell-Guard-06-06\",\"https:\\\/\\\/pbase.com\\\/iwellguard\\\/iwellguard\",\"https:\\\/\\\/b.hatena.ne.jp\\\/iwellguard\\\/20260607#bookmark-4788405196491818882\",\"https:\\\/\\\/fliphtml5.com\\\/home\\\/iwellguard\",\"https:\\\/\\\/anyflip.com\\\/homepage\\\/cmiwl#About\",\"https:\\\/\\\/transfur.com\\\/Users\\\/iwellguard\",\"http:\\\/\\\/delphi.larsbo.org\\\/user\\\/iwellguard\",\"https:\\\/\\\/jobs.lajobsportal.org\\\/profiles\\\/8380803-iwell-guard\",\"https:\\\/\\\/md.chaosdorf.de\\\/s\\\/jfbe5SBdJD\",\"https:\\\/\\\/www.lingvolive.com\\\/en-us\\\/profile\\\/9ecaeaca-ce11-4e51-9e71-01d55e2bff36\\\/translations\",\"https:\\\/\\\/www.fitday.com\\\/fitness\\\/forums\\\/members\\\/iwellguard.html\",\"https:\\\/\\\/www.mymeetbook.com\\\/iwellguard\",\"https:\\\/\\\/pxhere.com\\\/en\\\/photographer-me\\\/5040798\",\"https:\\\/\\\/disqus.com\\\/by\\\/iwellguard\\\/about\\\/\",\"https:\\\/\\\/pastelink.net\\\/hjwciqwq\",\"https:\\\/\\\/pubhtml5.com\\\/homepage\\\/scjhn\\\/\",\"https:\\\/\\\/www.bitchute.com\\\/channel\\\/2O2eOKzNqujT\",\"https:\\\/\\\/audiomack.com\\\/iwellguard\"]}]}<\/script>\n<!-- \/ Yoast SEO Premium plugin. -->","yoast_head_json":{"title":"Schutzknoten \u2013 la corda bene\u00efda del Tibet","description":"El Schutzknoten tibet\u00e0 \u00e9s una corda amb nusos bene\u00efda per un lama. Origen i significat explicats de manera comprensible.","robots":{"index":"index","follow":"follow","max-snippet":"max-snippet:-1","max-image-preview":"max-image-preview:large","max-video-preview":"max-video-preview:-1"},"canonical":"https:\/\/iwell-guard.com\/ca\/schutzknoten-corda-beneida-tibet\/","og_locale":"ca_ES","og_type":"article","og_title":"Schutzknoten \u2013 la corda bene\u00efda del Tibet","og_description":"El Schutzknoten tibet\u00e0 \u00e9s una corda amb nusos bene\u00efda per un lama. Origen i significat explicats de manera comprensible.","og_url":"https:\/\/iwell-guard.com\/ca\/schutzknoten-corda-beneida-tibet\/","og_site_name":"iWell Guard","article_modified_time":"2026-09-05T16:12:13+00:00","og_image":[{"width":1024,"height":1536,"url":"https:\/\/iwell-guard.com\/wp-content\/uploads\/2026\/05\/schutzsymbol_tibet_schutzknoten.webp","type":"image\/webp"}],"twitter_card":"summary_large_image","schema":{"@context":"https:\/\/schema.org","@graph":[{"@type":"WebPage","@id":"https:\/\/iwell-guard.com\/ca\/schutzknoten-corda-beneida-tibet\/","url":"https:\/\/iwell-guard.com\/ca\/schutzknoten-corda-beneida-tibet\/","name":"Schutzknoten \u2013 la corda bene\u00efda del Tibet","isPartOf":{"@id":"https:\/\/iwell-guard.com\/ca\/#website"},"primaryImageOfPage":{"@id":"https:\/\/iwell-guard.com\/ca\/schutzknoten-corda-beneida-tibet\/#primaryimage"},"image":{"@id":"https:\/\/iwell-guard.com\/ca\/schutzknoten-corda-beneida-tibet\/#primaryimage"},"thumbnailUrl":"https:\/\/iwell-guard.com\/wp-content\/uploads\/2026\/05\/schutzsymbol_tibet_schutzknoten.webp","datePublished":"2026-09-05T15:44:04+00:00","dateModified":"2026-09-05T16:12:13+00:00","description":"El Schutzknoten tibet\u00e0 \u00e9s una corda amb nusos bene\u00efda per un lama. Origen i significat explicats de manera comprensible.","breadcrumb":{"@id":"https:\/\/iwell-guard.com\/ca\/schutzknoten-corda-beneida-tibet\/#breadcrumb"},"inLanguage":"ca","potentialAction":[{"@type":"ReadAction","target":["https:\/\/iwell-guard.com\/ca\/schutzknoten-corda-beneida-tibet\/"]}]},{"@type":"ImageObject","inLanguage":"ca","@id":"https:\/\/iwell-guard.com\/ca\/schutzknoten-corda-beneida-tibet\/#primaryimage","url":"https:\/\/iwell-guard.com\/wp-content\/uploads\/2026\/05\/schutzsymbol_tibet_schutzknoten.webp","contentUrl":"https:\/\/iwell-guard.com\/wp-content\/uploads\/2026\/05\/schutzsymbol_tibet_schutzknoten.webp","width":1024,"height":1536,"caption":"S\u00edmbol de protecci\u00f3. Il\u00b7lustraci\u00f3 muse\u00edstica de bodeg\u00f3."},{"@type":"BreadcrumbList","@id":"https:\/\/iwell-guard.com\/ca\/schutzknoten-corda-beneida-tibet\/#breadcrumb","itemListElement":[{"@type":"ListItem","position":1,"name":"Start","item":"https:\/\/iwell-guard.com\/ca\/?page_id=171333"},{"@type":"ListItem","position":2,"name":"Schutzknoten \u2013 la corda bene\u00efda del Tibet"}]},{"@type":"WebSite","@id":"https:\/\/iwell-guard.com\/ca\/#website","url":"https:\/\/iwell-guard.com\/ca\/","name":"iWell Guard","description":"Schutz vor dunklen Einfl\u00fcssen","publisher":{"@id":"https:\/\/iwell-guard.com\/ca\/#organization"},"potentialAction":[{"@type":"SearchAction","target":{"@type":"EntryPoint","urlTemplate":"https:\/\/iwell-guard.com\/ca\/?s={search_term_string}"},"query-input":{"@type":"PropertyValueSpecification","valueRequired":true,"valueName":"search_term_string"}}],"inLanguage":"ca"},{"@type":"Organization","@id":"https:\/\/iwell-guard.com\/ca\/#organization","name":"Ittermann electronic GmbH","url":"https:\/\/iwell-guard.com\/ca\/","logo":{"@type":"ImageObject","inLanguage":"ca","@id":"https:\/\/iwell-guard.com\/ca\/#\/schema\/logo\/image\/","url":"https:\/\/iwell-guard.com\/wp-content\/uploads\/2026\/05\/Ittermann-Logo-1182x237-1.png","contentUrl":"https:\/\/iwell-guard.com\/wp-content\/uploads\/2026\/05\/Ittermann-Logo-1182x237-1.png","width":1182,"height":237,"caption":"Ittermann electronic GmbH"},"image":{"@id":"https:\/\/iwell-guard.com\/ca\/#\/schema\/logo\/image\/"},"sameAs":["https:\/\/pantip.com\/profile\/9367242","https:\/\/micro.blog\/iwellguard","https:\/\/www.diggerslist.com\/iwellguard\/about","https:\/\/skitterphoto.com\/photographers\/2870314\/iwell-guard","https:\/\/iwellguard.wordpress.com\/2026\/06\/06\/iwell-guard\/","https:\/\/hub.docker.com\/u\/iwellguard","https:\/\/www.pinterest.com\/iwellguard\/","https:\/\/bit.ly\/m\/iwellguard","https:\/\/entre-vos-mains.alsace.eu\/profiles\/iwellguard\/activity","https:\/\/gravatar.com\/reallybeded8fd34","https:\/\/naijamatta.com\/iwellguard","https:\/\/www.goodreads.com\/iwellguard","https:\/\/profile.hatena.ne.jp\/iwellguard\/","https:\/\/experiment.com\/users\/iwellguard","https:\/\/wakelet.com\/@iWellGuard82270","https:\/\/www.chordie.com\/forum\/profile.php?id=2555664","https:\/\/www.instapaper.com\/p\/17757966","https:\/\/www.mapleprimes.com\/users\/iwellguard","https:\/\/businesslistingplus.com\/profile\/iwell-guard\/","https:\/\/telegra.ph\/iWell-Guard-06-06","https:\/\/pbase.com\/iwellguard\/iwellguard","https:\/\/b.hatena.ne.jp\/iwellguard\/20260607#bookmark-4788405196491818882","https:\/\/fliphtml5.com\/home\/iwellguard","https:\/\/anyflip.com\/homepage\/cmiwl#About","https:\/\/transfur.com\/Users\/iwellguard","http:\/\/delphi.larsbo.org\/user\/iwellguard","https:\/\/jobs.lajobsportal.org\/profiles\/8380803-iwell-guard","https:\/\/md.chaosdorf.de\/s\/jfbe5SBdJD","https:\/\/www.lingvolive.com\/en-us\/profile\/9ecaeaca-ce11-4e51-9e71-01d55e2bff36\/translations","https:\/\/www.fitday.com\/fitness\/forums\/members\/iwellguard.html","https:\/\/www.mymeetbook.com\/iwellguard","https:\/\/pxhere.com\/en\/photographer-me\/5040798","https:\/\/disqus.com\/by\/iwellguard\/about\/","https:\/\/pastelink.net\/hjwciqwq","https:\/\/pubhtml5.com\/homepage\/scjhn\/","https:\/\/www.bitchute.com\/channel\/2O2eOKzNqujT","https:\/\/audiomack.com\/iwellguard"]}]}},"_links":{"self":[{"href":"https:\/\/iwell-guard.com\/ca\/wp-json\/wp\/v2\/pages\/171980","targetHints":{"allow":["GET"]}}],"collection":[{"href":"https:\/\/iwell-guard.com\/ca\/wp-json\/wp\/v2\/pages"}],"about":[{"href":"https:\/\/iwell-guard.com\/ca\/wp-json\/wp\/v2\/types\/page"}],"author":[{"embeddable":true,"href":"https:\/\/iwell-guard.com\/ca\/wp-json\/wp\/v2\/users\/3"}],"replies":[{"embeddable":true,"href":"https:\/\/iwell-guard.com\/ca\/wp-json\/wp\/v2\/comments?post=171980"}],"version-history":[{"count":0,"href":"https:\/\/iwell-guard.com\/ca\/wp-json\/wp\/v2\/pages\/171980\/revisions"}],"wp:featuredmedia":[{"embeddable":true,"href":"https:\/\/iwell-guard.com\/ca\/wp-json\/wp\/v2\/media\/3531"}],"wp:attachment":[{"href":"https:\/\/iwell-guard.com\/ca\/wp-json\/wp\/v2\/media?parent=171980"}],"wp:term":[{"taxonomy":"category","embeddable":true,"href":"https:\/\/iwell-guard.com\/ca\/wp-json\/wp\/v2\/categories?post=171980"}],"curies":[{"name":"wp","href":"https:\/\/api.w.org\/{rel}","templated":true}]}}