{"id":171979,"date":"2026-09-05T15:44:03","date_gmt":"2026-09-05T15:44:03","guid":{"rendered":"https:\/\/iwell-guard.com\/?page_id=171979"},"modified":"2026-09-05T16:12:11","modified_gmt":"2026-09-05T16:12:11","slug":"perles-dzi-agata-tibet","status":"publish","type":"page","link":"https:\/\/iwell-guard.com\/ca\/perles-dzi-agata-tibet\/","title":{"rendered":"Perles Dzi \u2013 les perles d&#8217;\u00e0gata del Tibet"},"content":{"rendered":"\t\t<div data-elementor-type=\"wp-page\" data-elementor-id=\"171979\" class=\"elementor elementor-171979 elementor-3719 elementor-bc-flex-widget\" data-elementor-post-type=\"page\">\n\t\t\t\t<div class=\"elementor-element elementor-element-iwgs-dziperlen-hero e-flex e-con-boxed e-con e-parent\" data-id=\"iwgs-dziperlen-hero\" data-element_type=\"container\" data-e-type=\"container\">\n\t\t\t\t\t<div class=\"e-con-inner\">\n\t\t<div class=\"elementor-element elementor-element-iwgs-dziperlen-hl e-flex e-con-boxed e-con e-parent\" data-id=\"iwgs-dziperlen-hl\" data-element_type=\"container\" data-e-type=\"container\">\n\t\t\t\t\t<div class=\"e-con-inner\">\n\t\t<div class=\"elementor-element elementor-element-iwgs-dziperlen-hlbox e-con-full e-flex e-con e-parent\" data-id=\"iwgs-dziperlen-hlbox\" data-element_type=\"container\" data-e-type=\"container\">\n\t\t\t\t<div class=\"elementor-element elementor-element-iwgs-dziperlen-h1 elementor-widget elementor-widget-heading\" data-id=\"iwgs-dziperlen-h1\" data-element_type=\"widget\" data-e-type=\"widget\" data-widget_type=\"heading.default\">\n\t\t\t\t\t<h1 class=\"elementor-heading-title elementor-size-default\">Perles Dzi \u2013 les perles d'\u00e0gata amb motius d'ull del Tibet<\/h1>\t\t\t\t<\/div>\n\t\t\t\t<div class=\"elementor-element elementor-element-iwgs-dziperlen-lead elementor-widget elementor-widget-text-editor\" data-id=\"iwgs-dziperlen-lead\" data-element_type=\"widget\" data-e-type=\"widget\" data-widget_type=\"text-editor.default\">\n\t\t\t\t\t\t\t\t\t<p>Les perles dzi s\u00f3n perles allargades d&#8217;\u00e0gata origin\u00e0ries de l&#8217;\u00e0mbit cultural tibet\u00e0, caracteritzades per motius clars en forma d&#8217;ull sobre un fons fosc. Es consideren perles de protecci\u00f3 i de bona sort molt apreciades. El seu origen nom\u00e9s es coneix parcialment i, en la <span class=\"iwg-fachbegriff\" data-tooltip=\"La transmissi\u00f3 de coneixements i relats al llarg de generacions.\" tabindex=\"0\">tradici\u00f3<\/span>, apareix envoltat de llegendes.<\/p>\n<p class=\"iwg-kwfix\">Les perles d&#8217;\u00e0gata amb motius d&#8217;ull, anomenades dzi, es consideren al Tibet una protecci\u00f3 especialment poderosa.<\/p>\t\t\t\t\t\t\t\t<\/div>\n\t\t\t\t<\/div>\n\t\t\t\t<div class=\"elementor-element elementor-element-iwgs-dziperlen-pills elementor-widget elementor-widget-html\" data-id=\"iwgs-dziperlen-pills\" data-element_type=\"widget\" data-e-type=\"widget\" data-widget_type=\"html.default\">\n\t\t\t\t\t<div class=\"iwg-pill-row\"><span class=\"iwg-klasse-badge\" tabindex=\"0\" data-tooltip=\"S\u00edmbol de protecci\u00f3, amulet o objecte apotropaic.\">S\u00edmbol de protecci\u00f3<\/span><a href=\"https:\/\/iwell-guard.com\/ca\/tibet\/\" class=\"iwg-kultur-badge\" tabindex=\"0\" data-tooltip=\"Tradici\u00f3 de protecci\u00f3: Tibet\">Tibet<\/a><span class=\"iwg-tradition-badge\" tabindex=\"0\" data-tooltip=\"Una perla a la qual s'atribueix un efecte protector.\">Perla amulet<\/span><\/div>\t\t\t\t<\/div>\n\t\t\t\t\t<\/div>\n\t\t\t\t<\/div>\n\t\t<div class=\"elementor-element elementor-element-iwgs-dziperlen-hr e-con-full e-flex e-con e-parent\" data-id=\"iwgs-dziperlen-hr\" data-element_type=\"container\" data-e-type=\"container\">\n\t\t\t\t<div class=\"elementor-element elementor-element-iwgs-dziperlen-himg iwg-hero-image elementor-widget elementor-widget-image\" data-id=\"iwgs-dziperlen-himg\" data-element_type=\"widget\" data-e-type=\"widget\" data-widget_type=\"image.default\">\n\t\t\t\t\t\t\t\t\t\t\t\t\t\t\t<img fetchpriority=\"high\" decoding=\"async\" width=\"683\" height=\"1024\" src=\"https:\/\/iwell-guard.com\/wp-content\/uploads\/2026\/05\/schutzsymbol_tibet_dzi-perlen-683x1024.webp\" class=\"attachment-large size-large wp-image-3526\" alt=\"Perles Dzi \u2013 les perles d\u2019\u00e0gata del Tibet\" srcset=\"https:\/\/iwell-guard.com\/wp-content\/uploads\/2026\/05\/schutzsymbol_tibet_dzi-perlen-683x1024.webp 683w, https:\/\/iwell-guard.com\/wp-content\/uploads\/2026\/05\/schutzsymbol_tibet_dzi-perlen-200x300.webp 200w, https:\/\/iwell-guard.com\/wp-content\/uploads\/2026\/05\/schutzsymbol_tibet_dzi-perlen-768x1152.webp 768w, https:\/\/iwell-guard.com\/wp-content\/uploads\/2026\/05\/schutzsymbol_tibet_dzi-perlen.webp 1024w\" sizes=\"(max-width: 683px) 100vw, 683px\" \/>\t\t\t\t\t\t\t\t\t\t\t\t\t\t\t<\/div>\n\t\t\t\t<\/div>\n\t\t\t\t\t<\/div>\n\t\t\t\t<\/div>\n\t\t<div class=\"elementor-element elementor-element-iwgs-dziperlen-s0 e-flex e-con-boxed e-con e-parent\" data-id=\"iwgs-dziperlen-s0\" data-element_type=\"container\" data-e-type=\"container\">\n\t\t\t\t\t<div class=\"e-con-inner\">\n\t\t\t\t<div class=\"elementor-element elementor-element-iwgs-dziperlen-s0h elementor-widget elementor-widget-heading\" data-id=\"iwgs-dziperlen-s0h\" data-element_type=\"widget\" data-e-type=\"widget\" data-widget_type=\"heading.default\">\n\t\t\t\t\t<h2 class=\"elementor-heading-title elementor-size-default\">Introducci\u00f3<\/h2>\t\t\t\t<\/div>\n\t\t<div class=\"elementor-element elementor-element-iwgs-dziperlen-s0box e-con-full e-flex e-con e-parent\" data-id=\"iwgs-dziperlen-s0box\" data-element_type=\"container\" data-e-type=\"container\">\n\t\t\t\t<div class=\"elementor-element elementor-element-iwgs-dziperlen-s0t elementor-widget elementor-widget-text-editor\" data-id=\"iwgs-dziperlen-s0t\" data-element_type=\"widget\" data-e-type=\"widget\" data-widget_type=\"text-editor.default\">\n\t\t\t\t\t\t\t\t\t<p>Les perles dzi s\u00f3n perles allargades origin\u00e0ries de l&#8217;\u00e0mbit cultural del <a href=\"https:\/\/iwell-guard.com\/ca\/tibet\/\">Tibet<\/a> i de les regions ve\u00efnes. Estan fetes d&#8217;\u00e0gata, una pedra que pertany al grup dels quars.<\/p><p>El tret caracter\u00edstic de les perles dzi \u00e9s el seu motiu. Sobre un fons generalment fosc apareixen dibuixos clars, sovint en forma d&#8217;anells o cercles, que recorden ulls.<\/p><p>Aquests dibuixos en forma d&#8217;ull es coneixen com els ulls de la perla. Una perla dzi es distingeix i s&#8217;anomena, entre altres coses, segons el nombre d&#8217;ulls que t\u00e9.<\/p><p>En l&#8217;\u00e0mbit cultural tibet\u00e0, les perles dzi es consideren perles de protecci\u00f3 i de bona sort molt apreciades. Es porten, es transmeten com a her\u00e8ncia i tenen un gran valor.<\/p><p>L&#8217;origen de les perles dzi nom\u00e9s s&#8217;ha aclarit parcialment. En la <span class=\"iwg-fachbegriff\" data-tooltip=\"La transmissi\u00f3 de coneixements i relats al llarg de generacions.\" tabindex=\"0\">tradici\u00f3<\/span> estan envoltades de llegendes, i precisament per aix\u00f2 cal separar amb cura l&#8217;evid\u00e8ncia de la interpretaci\u00f3.<\/p><p>En la <span class=\"iwg-fachbegriff\" data-tooltip=\"La ci\u00e8ncia que estudia les religions de manera comparativa i sense adscripci\u00f3 de fe.\" tabindex=\"0\">ci\u00e8ncia de la religi\u00f3<\/span>, les perles dzi s\u00f3n un bon exemple d&#8217;un objecte de protecci\u00f3 molt valorat per\u00f2 d&#8217;origen incert, i que per aix\u00f2 s&#8217;ha de situar amb honestedat.<\/p>\t\t\t\t\t\t\t\t<\/div>\n\t\t\t\t<\/div>\n\t\t\t\t\t<\/div>\n\t\t\t\t<\/div>\n\t\t<div class=\"elementor-element elementor-element-iwgs-dziperlen-s1 e-flex e-con-boxed e-con e-parent\" data-id=\"iwgs-dziperlen-s1\" data-element_type=\"container\" data-e-type=\"container\">\n\t\t\t\t\t<div class=\"e-con-inner\">\n\t\t\t\t<div class=\"elementor-element elementor-element-iwgs-dziperlen-s1h elementor-widget elementor-widget-heading\" data-id=\"iwgs-dziperlen-s1h\" data-element_type=\"widget\" data-e-type=\"widget\" data-widget_type=\"heading.default\">\n\t\t\t\t\t<h2 class=\"elementor-heading-title elementor-size-default\">Qu\u00e8 se sap de l'origen<\/h2>\t\t\t\t<\/div>\n\t\t<div class=\"elementor-element elementor-element-iwgs-dziperlen-s1box e-con-full e-flex e-con e-parent\" data-id=\"iwgs-dziperlen-s1box\" data-element_type=\"container\" data-e-type=\"container\">\n\t\t\t\t<div class=\"elementor-element elementor-element-iwgs-dziperlen-s1t elementor-widget elementor-widget-text-editor\" data-id=\"iwgs-dziperlen-s1t\" data-element_type=\"widget\" data-e-type=\"widget\" data-widget_type=\"text-editor.default\">\n\t\t\t\t\t\t\t\t\t<p>Sobre l&#8217;origen de les perles dzi se sap menys del que faria pensar la seva import\u00e0ncia en l&#8217;\u00e0mbit cultural tibet\u00e0. Aqu\u00ed cal prud\u00e8ncia i honestedat.<\/p><p>El que \u00e9s cert \u00e9s que es tracta de perles antigues d&#8217;\u00e0gata a les quals es va aplicar un procediment de decoraci\u00f3. Aquestes perles d&#8217;\u00e0gata amb motius es coneixen en diverses cultures antigues.<\/p><p>Els procediments per aplicar motius clars sobre l&#8217;\u00e0gata estan documentats des del m\u00f3n antic. Amb determinades subst\u00e0ncies i amb calor es poden generar dibuixos clars sobre la pedra.<\/p><p>Tanmateix, en molts casos \u00e9s incert quina antiguitat exacta tenen les diferents perles dzi tibetanes i on es van fabricar. Sovint falten proves fiables.<\/p><p>La recerca suposa que almenys una part de les perles \u00e9s molt antiga i va arribar a l&#8217;\u00e0mbit tibet\u00e0 a trav\u00e9s de rutes comercials. Fer afirmacions m\u00e9s precises en cada cas \u00e9s dif\u00edcil.<\/p><p>L&#8217;origen de les perles dzi \u00e9s aix\u00ed un exemple d&#8217;un objecte en el qual l&#8217;evid\u00e8ncia confirmada \u00e9s escassa. Una presentaci\u00f3 objectiva ho ha de recon\u00e8ixer obertament, en lloc de simular certesa.<\/p>\t\t\t\t\t\t\t\t<\/div>\n\t\t\t\t<\/div>\n\t\t\t\t\t<\/div>\n\t\t\t\t<\/div>\n\t\t<div class=\"elementor-element elementor-element-iwgs-dziperlen-s2 e-flex e-con-boxed e-con e-parent\" data-id=\"iwgs-dziperlen-s2\" data-element_type=\"container\" data-e-type=\"container\">\n\t\t\t\t\t<div class=\"e-con-inner\">\n\t\t\t\t<div class=\"elementor-element elementor-element-iwgs-dziperlen-s2h elementor-widget elementor-widget-heading\" data-id=\"iwgs-dziperlen-s2h\" data-element_type=\"widget\" data-e-type=\"widget\" data-widget_type=\"heading.default\">\n\t\t\t\t\t<h2 class=\"elementor-heading-title elementor-size-default\">Les llegendes sobre les perles dzi<\/h2>\t\t\t\t<\/div>\n\t\t<div class=\"elementor-element elementor-element-iwgs-dziperlen-s2box e-con-full e-flex e-con e-parent\" data-id=\"iwgs-dziperlen-s2box\" data-element_type=\"container\" data-e-type=\"container\">\n\t\t\t\t<div class=\"elementor-element elementor-element-iwgs-dziperlen-s2t elementor-widget elementor-widget-text-editor\" data-id=\"iwgs-dziperlen-s2t\" data-element_type=\"widget\" data-e-type=\"widget\" data-widget_type=\"text-editor.default\">\n\t\t\t\t\t\t\t\t\t<p>On falta coneixement segur, sovint hi apareixen llegendes. En el cas de les perles dzi, aix\u00f2 es dona d&#8217;una manera especialment marcada.<\/p><p>Una narraci\u00f3 tibetana molt estesa no ent\u00e9n les perles dzi com a fetes per l&#8217;home. En aquesta narraci\u00f3, es consideren objectes creats per \u00e9ssers superiors o deixats per ells.<\/p><p>Altres relats expliquen que les perles eren, en certa manera, \u00e9ssers vius que es van petrificar quan un hum\u00e0 els va veure. Uns altres les relacionen amb el cel o amb insectes.<\/p><p>Aquestes narracions s&#8217;han d&#8217;entendre com a llegendes. No reflecteixen l&#8217;origen real de les perles, sin\u00f3 que expressen l&#8217;alta estima que se&#8217;ls atorgava.<\/p><p>\u00c9s important separar la <span class=\"iwg-fachbegriff\" data-tooltip=\"Un relat edificant, generalment sobre la vida de sants.\" tabindex=\"0\">llegenda<\/span> de l&#8217;evid\u00e8ncia. Els relats diuen molt sobre el significat de les perles, per\u00f2 no aporten informaci\u00f3 sobre la seva veritable formaci\u00f3.<\/p><p>Les llegendes sobre les perles dzi mostren aix\u00ed un proc\u00e9s habitual. Un objecte apreciat per\u00f2 enigm\u00e0tic en el seu origen queda envoltat de relats que expliquen el seu rang especial.<\/p>\t\t\t\t\t\t\t\t<\/div>\n\t\t\t\t<\/div>\n\t\t\t\t\t<\/div>\n\t\t\t\t<\/div>\n\t\t<div class=\"elementor-element elementor-element-iwgs-dziperlen-s3 e-flex e-con-boxed e-con e-parent\" data-id=\"iwgs-dziperlen-s3\" data-element_type=\"container\" data-e-type=\"container\">\n\t\t\t\t\t<div class=\"e-con-inner\">\n\t\t\t\t<div class=\"elementor-element elementor-element-iwgs-dziperlen-s3h elementor-widget elementor-widget-heading\" data-id=\"iwgs-dziperlen-s3h\" data-element_type=\"widget\" data-e-type=\"widget\" data-widget_type=\"heading.default\">\n\t\t\t\t\t<h2 class=\"elementor-heading-title elementor-size-default\">Forma i motiu de les perles<\/h2>\t\t\t\t<\/div>\n\t\t<div class=\"elementor-element elementor-element-iwgs-dziperlen-s3box e-con-full e-flex e-con e-parent\" data-id=\"iwgs-dziperlen-s3box\" data-element_type=\"container\" data-e-type=\"container\">\n\t\t\t\t<div class=\"elementor-element elementor-element-iwgs-dziperlen-s3t elementor-widget elementor-widget-text-editor\" data-id=\"iwgs-dziperlen-s3t\" data-element_type=\"widget\" data-e-type=\"widget\" data-widget_type=\"text-editor.default\">\n\t\t\t\t\t\t\t\t\t<p>Les perles dzi tenen una forma caracter\u00edstica. Generalment s\u00f3n allargades, de vegades cil\u00edndriques o lleugerament panxudes, i perforades en sentit longitudinal.<\/p><p>El fons de la perla \u00e9s sovint fosc, negre o marr\u00f3 fosc. Sobre aquest fons fosc destaquen clarament els motius clars, sovint blanquinosos.<\/p><p>Els motius consisteixen en l\u00ednies, ratlles, rombes i, sobretot, anells. Un anell clar sobre un fons fosc recorda un ull i es coneix com l&#8217;ull de la perla.<\/p><p>Segons el nombre d&#8217;aquests ulls, es distingeixen les perles. N&#8217;hi ha amb un ull, amb dos, tres o m\u00e9s ulls. Cada nombre d&#8217;ulls s&#8217;associa a un significat propi.<\/p><p>A m\u00e9s de les perles amb ulls, hi ha dzi amb altres motius, com ratlles o dibuixos especials. Aquestes tamb\u00e9 tenen noms i significats propis.<\/p><p>La forma i el motiu determinen aix\u00ed el rang d&#8217;una perla dzi individual. El nombre d&#8217;ulls, la claredat del dibuix i l&#8217;estat de la perla decideixen la seva valoraci\u00f3.<\/p>\t\t\t\t\t\t\t\t<\/div>\n\t\t\t\t<\/div>\n\t\t\t\t\t<\/div>\n\t\t\t\t<\/div>\n\t\t<div class=\"elementor-element elementor-element-iwgs-dziperlen-s4 e-flex e-con-boxed e-con e-parent\" data-id=\"iwgs-dziperlen-s4\" data-element_type=\"container\" data-e-type=\"container\">\n\t\t\t\t\t<div class=\"e-con-inner\">\n\t\t\t\t<div class=\"elementor-element elementor-element-iwgs-dziperlen-s4h elementor-widget elementor-widget-heading\" data-id=\"iwgs-dziperlen-s4h\" data-element_type=\"widget\" data-e-type=\"widget\" data-widget_type=\"heading.default\">\n\t\t\t\t\t<h2 class=\"elementor-heading-title elementor-size-default\">L'ull com a motiu de protecci\u00f3<\/h2>\t\t\t\t<\/div>\n\t\t<div class=\"elementor-element elementor-element-iwgs-dziperlen-s4box e-con-full e-flex e-con e-parent\" data-id=\"iwgs-dziperlen-s4box\" data-element_type=\"container\" data-e-type=\"container\">\n\t\t\t\t<div class=\"elementor-element elementor-element-iwgs-dziperlen-s4t elementor-widget elementor-widget-text-editor\" data-id=\"iwgs-dziperlen-s4t\" data-element_type=\"widget\" data-e-type=\"widget\" data-widget_type=\"text-editor.default\">\n\t\t\t\t\t\t\t\t\t<p>La caracter\u00edstica m\u00e9s cridanera de les perles dzi \u00e9s el motiu semblant a un ull. Aquest motiu ocular \u00e9s essencial per al seu significat com a perles protectores.<\/p><p>L&#8217;ull \u00e9s un motiu protector molt est\u00e8s. En moltes cultures, l&#8217;ull representat es considera un mitj\u00e0 contra el mal d&#8217;ull i contra influ\u00e8ncies nocives.<\/p><p>Tamb\u00e9 en les perles dzi el motiu ocular s&#8217;ent\u00e9n en aquest sentit. Els ulls de la perla es consideren vigilants i protectors davant de tot all\u00f2 que pugui perjudicar el portador.<\/p><p>El nombre d&#8217;ulls es interpreta especialment. Diferents nombres d&#8217;ulls s&#8217;associen a diferents efectes, com la protecci\u00f3, la sort, la salut o la prosperitat.<\/p><p>El motiu ocular situa aix\u00ed les perles dzi dins d&#8217;una fam\u00edlia m\u00e9s \u00e0mplia d&#8217;amulets d&#8217;ull, a la qual pertany, per exemple, l&#8217;ull blau de vidre de la Mediterr\u00e0nia. Totes es basen en la idea de l&#8217;ull protector.<\/p><p>Les perles dzi s\u00f3n, doncs, la manifestaci\u00f3 tibetana de l&#8217;amulet d&#8217;ull. La particularitat \u00e9s que aqu\u00ed l&#8217;ull no est\u00e0 pintat ni engastat, sin\u00f3 inscrit en la mateixa pedra.<\/p>\t\t\t\t\t\t\t\t<\/div>\n\t\t\t\t<\/div>\n\t\t\t\t\t<\/div>\n\t\t\t\t<\/div>\n\t\t<div class=\"elementor-element elementor-element-iwgs-dziperlen-s5 e-flex e-con-boxed e-con e-parent\" data-id=\"iwgs-dziperlen-s5\" data-element_type=\"container\" data-e-type=\"container\">\n\t\t\t\t\t<div class=\"e-con-inner\">\n\t\t\t\t<div class=\"elementor-element elementor-element-iwgs-dziperlen-s5h elementor-widget elementor-widget-heading\" data-id=\"iwgs-dziperlen-s5h\" data-element_type=\"widget\" data-e-type=\"widget\" data-widget_type=\"heading.default\">\n\t\t\t\t\t<h2 class=\"elementor-heading-title elementor-size-default\">Les perles dzi en la vida de les persones<\/h2>\t\t\t\t<\/div>\n\t\t<div class=\"elementor-element elementor-element-iwgs-dziperlen-s5box e-con-full e-flex e-con e-parent\" data-id=\"iwgs-dziperlen-s5box\" data-element_type=\"container\" data-e-type=\"container\">\n\t\t\t\t<div class=\"elementor-element elementor-element-iwgs-dziperlen-s5t elementor-widget elementor-widget-text-editor\" data-id=\"iwgs-dziperlen-s5t\" data-element_type=\"widget\" data-e-type=\"widget\" data-widget_type=\"text-editor.default\">\n\t\t\t\t\t\t\t\t\t<p>En l&#8217;\u00e0mbit cultural tibet\u00e0, les perles dzi estan profundament integrades en la vida de les persones. S\u00f3n molt m\u00e9s que una simple joia.<\/p><p>Les perles dzi es porten al cos, sovint engastades en colls i combinades amb altres perles. Adornen el coll i, al mateix temps, han de protegir qui les porta.<\/p><p>Aquestes perles es consideren valuoses i es transmeten de generaci\u00f3 en generaci\u00f3. Una perla dzi que procedeix dels avantpassats vincula el portador amb la seva fam\u00edlia i la seva hist\u00f2ria.<\/p><p>Se&#8217;ls atribueix un efecte protector i favorable. Han de protegir contra la desgr\u00e0cia, afavorir la salut i propiciar la sort i la prosperitat.<\/p><p>Tamb\u00e9 en cas de malaltia i en situacions dif\u00edcils s&#8217;ha atribu\u00eft import\u00e0ncia a les perles dzi. En algunes concepcions, fins i tot es considerava que la pols fina de la perla tenia propietats curatives.<\/p><p>Les perles dzi s\u00f3n, doncs, un objecte de protecci\u00f3 i de sort que acompanya la vida de prop. Com a pe\u00e7a portada, transmesa i molt apreciada, formen part del patrimoni de les fam\u00edlies tibetanes.<\/p>\t\t\t\t\t\t\t\t<\/div>\n\t\t\t\t<\/div>\n\t\t\t\t\t<\/div>\n\t\t\t\t<\/div>\n\t\t<div class=\"elementor-element elementor-element-iwgs-dziperlen-s6 e-flex e-con-boxed e-con e-parent\" data-id=\"iwgs-dziperlen-s6\" data-element_type=\"container\" data-e-type=\"container\">\n\t\t\t\t\t<div class=\"e-con-inner\">\n\t\t\t\t<div class=\"elementor-element elementor-element-iwgs-dziperlen-s6h elementor-widget elementor-widget-heading\" data-id=\"iwgs-dziperlen-s6h\" data-element_type=\"widget\" data-e-type=\"widget\" data-widget_type=\"heading.default\">\n\t\t\t\t\t<h2 class=\"elementor-heading-title elementor-size-default\">Valor, autenticitat i el mercat actual<\/h2>\t\t\t\t<\/div>\n\t\t<div class=\"elementor-element elementor-element-iwgs-dziperlen-s6box e-con-full e-flex e-con e-parent\" data-id=\"iwgs-dziperlen-s6box\" data-element_type=\"container\" data-e-type=\"container\">\n\t\t\t\t<div class=\"elementor-element elementor-element-iwgs-dziperlen-s6t elementor-widget elementor-widget-text-editor\" data-id=\"iwgs-dziperlen-s6t\" data-element_type=\"widget\" data-e-type=\"widget\" data-widget_type=\"text-editor.default\">\n\t\t\t\t\t\t\t\t\t<p>L&#8217;alta valoraci\u00f3 de les perles dzi ha fet que esdevinguin objectes molt cobejats i molt cars. Amb aix\u00f2 sorgeixen q\u00fcestions pr\u00f2pies.<\/p><p>Les perles dzi antigues i aut\u00e8ntiques, amb patrons clars i molts ulls, arriben a preus elevats. Una perla antiga significativa pot tenir un valor extraordinari.<\/p><p>Aquests valors elevats han donat lloc a un mercat en el qual tamb\u00e9 es comercialitzen perles fabricades de nou. Existeixen r\u00e8pliques modernes que s&#8217;inspiren en les perles antigues.<\/p><p>La distinci\u00f3 entre perles antigues i noves \u00e9s sovint dif\u00edcil. Una determinaci\u00f3 segura de l&#8217;edat i de la proced\u00e8ncia nom\u00e9s \u00e9s possible per a experts i amb un esfor\u00e7 considerable.<\/p><p>Una presentaci\u00f3 honesta ho ha d&#8217;exposar obertament. Qui t\u00e9 davant seu una perla dzi, en molts casos no pot determinar amb certesa la seva edat ni la seva proced\u00e8ncia.<\/p><p>El mercat actual de les perles dzi mostra aix\u00ed una conseq\u00fc\u00e8ncia de la seva alta valoraci\u00f3. De la pe\u00e7a familiar apreciada s&#8217;ha convertit en un objecte de comer\u00e7 molt cobejat, l&#8217;autenticitat del qual sovint \u00e9s dif\u00edcil de verificar.<\/p>\t\t\t\t\t\t\t\t<\/div>\n\t\t\t\t<\/div>\n\t\t\t\t\t<\/div>\n\t\t\t\t<\/div>\n\t\t<div class=\"elementor-element elementor-element-iwgs-dziperlen-s7 e-flex e-con-boxed e-con e-parent\" data-id=\"iwgs-dziperlen-s7\" data-element_type=\"container\" data-e-type=\"container\">\n\t\t\t\t\t<div class=\"e-con-inner\">\n\t\t\t\t<div class=\"elementor-element elementor-element-iwgs-dziperlen-s7h elementor-widget elementor-widget-heading\" data-id=\"iwgs-dziperlen-s7h\" data-element_type=\"widget\" data-e-type=\"widget\" data-widget_type=\"heading.default\">\n\t\t\t\t\t<h2 class=\"elementor-heading-title elementor-size-default\">Separar clarament els fets de la interpretaci\u00f3<\/h2>\t\t\t\t<\/div>\n\t\t<div class=\"elementor-element elementor-element-iwgs-dziperlen-s7box e-con-full e-flex e-con e-parent\" data-id=\"iwgs-dziperlen-s7box\" data-element_type=\"container\" data-e-type=\"container\">\n\t\t\t\t<div class=\"elementor-element elementor-element-iwgs-dziperlen-s7t elementor-widget elementor-widget-text-editor\" data-id=\"iwgs-dziperlen-s7t\" data-element_type=\"widget\" data-e-type=\"widget\" data-widget_type=\"text-editor.default\">\n\t\t\t\t\t\t\t\t\t<p>Les perles dzi exigeixen, de manera especial, una separaci\u00f3 clara entre els fets i la interpretaci\u00f3. Aquesta separaci\u00f3 \u00e9s condici\u00f3 per a una presentaci\u00f3 objectiva.<\/p><p>Els fets s\u00f3n escassos. Es tracta de perles d&#8217;\u00e0gata antigues amb patrons, provinents de l&#8217;\u00e0mbit cultural tibet\u00e0. La seva edat exacta, el lloc de fabricaci\u00f3 i el seu recorregut sovint s\u00f3n incerts.<\/p><p>La interpretaci\u00f3 \u00e9s rica. En l&#8217;\u00e0mbit cultural tibet\u00e0, les perles es consideren objectes poderosos de protecci\u00f3 i de sort, envoltades de llegendes sobre un origen no hum\u00e0.<\/p><p>Ambdues coses no s&#8217;han de barrejar. La <span class=\"iwg-fachbegriff\" data-tooltip=\"Un relat edificant, generalment sobre la vida dels sants.\" tabindex=\"0\">llegenda<\/span> d&#8217;un origen celestial \u00e9s una interpretaci\u00f3, no un fet. Diu alguna cosa sobre la valoraci\u00f3 de les perles, no sobre el seu origen real.<\/p><p>Una presentaci\u00f3 objectiva anomena, per tant, les perles dzi com all\u00f2 que s\u00f3n segons el coneixement contrastat: perles d&#8217;\u00e0gata antigues amb patrons, molt apreciades a l&#8217;\u00e0mbit tibet\u00e0 com a perles protectores.<\/p><p>Les perles dzi s\u00f3n, doncs, un exemple instructiu. Mostren que un objecte de protecci\u00f3 es pot descriure de manera objectiva sense embellir la seva proced\u00e8ncia incerta ni presentar la <span class=\"iwg-fachbegriff\" data-tooltip=\"Un relat edificant, generalment sobre la vida dels sants.\" tabindex=\"0\">llegenda<\/span> com un fet.<\/p>\t\t\t\t\t\t\t\t<\/div>\n\t\t\t\t<\/div>\n\t\t\t\t\t<\/div>\n\t\t\t\t<\/div>\n\t\t<div class=\"elementor-element elementor-element-iwgs-dziperlen-s8 e-flex e-con-boxed e-con e-parent\" data-id=\"iwgs-dziperlen-s8\" data-element_type=\"container\" data-e-type=\"container\">\n\t\t\t\t\t<div class=\"e-con-inner\">\n\t\t\t\t<div class=\"elementor-element elementor-element-iwgs-dziperlen-s8h elementor-widget elementor-widget-heading\" data-id=\"iwgs-dziperlen-s8h\" data-element_type=\"widget\" data-e-type=\"widget\" data-widget_type=\"heading.default\">\n\t\t\t\t\t<h2 class=\"elementor-heading-title elementor-size-default\">Recepci\u00f3 actual<\/h2>\t\t\t\t<\/div>\n\t\t<div class=\"elementor-element elementor-element-iwgs-dziperlen-s8box e-con-full e-flex e-con e-parent\" data-id=\"iwgs-dziperlen-s8box\" data-element_type=\"container\" data-e-type=\"container\">\n\t\t\t\t<div class=\"elementor-element elementor-element-iwgs-dziperlen-s8t elementor-widget elementor-widget-text-editor\" data-id=\"iwgs-dziperlen-s8t\" data-element_type=\"widget\" data-e-type=\"widget\" data-widget_type=\"text-editor.default\">\n\t\t\t\t\t\t\t\t\t<p>Les perles dzi s\u00f3n, fins avui, molt apreciades a l&#8217;\u00e0mbit cultural tibet\u00e0. Com a perles portades i transmeses de protecci\u00f3 i de sort, han conservat el seu rang.<\/p><p>M\u00e9s enll\u00e0 del m\u00f3n tibet\u00e0, les perles dzi tamb\u00e9 s&#8217;han fet conegudes a Occident gr\u00e0cies a l&#8217;inter\u00e8s pel budisme tibet\u00e0 i per la cultura tibetana. Es comercialitzen i es col\u00b7leccionen.<\/p><p>En aquesta difusi\u00f3 m\u00e9s \u00e0mplia, les perles dzi es porten sovint com a joia i com a amulet de la sort. La seva integraci\u00f3 religiosa i cultural precisa sovint queda en segon terme.<\/p><p>Amb aquesta \u00e0mplia difusi\u00f3 tamb\u00e9 s&#8217;associa un comer\u00e7 actiu de noves r\u00e8pliques. Al mercat es poden trobar costat a costat perles antigues aut\u00e8ntiques i imitacions modernes.<\/p><p>Una presentaci\u00f3 objectiva anomena les perles dzi com all\u00f2 que s\u00f3n: perles d&#8217;\u00e0gata apreciades i amb patrons, pr\u00f2pies de l&#8217;\u00e0mbit tibet\u00e0, la proced\u00e8ncia de les quals s&#8217;ha transm\u00e8s en part de manera llegend\u00e0ria i no s&#8217;ha aclarit del tot.<\/p><p>Les perles dzi continuen sent, doncs, un exemple colpidor d&#8217;objecte de protecci\u00f3. En elles es combinen el patr\u00f3 semblant a un ull, la gran valoraci\u00f3 i un origen que cal recon\u00e8ixer honestament com a incert.<\/p>\t\t\t\t\t\t\t\t<\/div>\n\t\t\t\t<\/div>\n\t\t\t\t\t<\/div>\n\t\t\t\t<\/div>\n\t\t<div class=\"elementor-element elementor-element-iwgs-dziperlen-lit e-flex e-con-boxed e-con e-parent\" data-id=\"iwgs-dziperlen-lit\" data-element_type=\"container\" data-e-type=\"container\">\n\t\t\t\t\t<div class=\"e-con-inner\">\n\t\t\t\t<div class=\"elementor-element elementor-element-iwgs-dziperlen-lith elementor-widget elementor-widget-heading\" data-id=\"iwgs-dziperlen-lith\" data-element_type=\"widget\" data-e-type=\"widget\" data-widget_type=\"heading.default\">\n\t\t\t\t\t<h2 class=\"elementor-heading-title elementor-size-default\">Bibliografia (selecci\u00f3)<\/h2>\t\t\t\t<\/div>\n\t\t<div class=\"elementor-element elementor-element-iwgs-dziperlen-litbox e-con-full e-flex e-con e-parent\" data-id=\"iwgs-dziperlen-litbox\" data-element_type=\"container\" data-e-type=\"container\">\n\t\t\t\t<div class=\"elementor-element elementor-element-iwgs-dziperlen-litt elementor-widget elementor-widget-html\" data-id=\"iwgs-dziperlen-litt\" data-element_type=\"widget\" data-e-type=\"widget\" data-widget_type=\"html.default\">\n\t\t\t\t\t<footer data-nosnippet=\"true\"><ul><li>Robert Beer: <em>Die Symbole des tibetischen Buddhismus<\/em> (2003)<\/li><li>Lois Sherr Dubin: <em>The History of Beads<\/em> (1987)<\/li><li>Jamyang Wangmo und David Ebbinghouse: Studien zu tibetischen dZi-Perlen<\/li><li>Giuseppe Tucci: <em>Die Religionen Tibets<\/em> (1970)<\/li><li>Jonathan Gregson: <em>Tibet. Land der Kl\u00f6ster und der Perlen<\/em> (2003)<\/li><\/ul><\/footer>\t\t\t\t<\/div>\n\t\t\t\t<\/div>\n\t\t\t\t\t<\/div>\n\t\t\t\t<\/div>\n\t\t<div class=\"elementor-element elementor-element-iwgs-dziperlen-kwd e-flex e-con-boxed e-con e-parent\" data-id=\"iwgs-dziperlen-kwd\" data-element_type=\"container\" data-e-type=\"container\">\n\t\t\t\t\t<div class=\"e-con-inner\">\n\t\t\t\t<div class=\"elementor-element elementor-element-iwgs-dziperlen-kwdt elementor-widget elementor-widget-text-editor\" data-id=\"iwgs-dziperlen-kwdt\" data-element_type=\"widget\" data-e-type=\"widget\" data-widget_type=\"text-editor.default\">\n\t\t\t\t\t\t\t\t\t<p><em>Conceptes clau relacionats: perles dzi, perles d&#8217;\u00e0gata, Tibet, motiu ocular, perla protectora, perla de la sort, origen, <span class=\"iwg-fachbegriff\" data-tooltip=\"Un relat edificant, generalment sobre la vida dels sants.\" tabindex=\"0\">llegenda<\/span>, perla amulet.<\/em><\/p>\t\t\t\t\t\t\t\t<\/div>\n\t\t\t\t\t<\/div>\n\t\t\t\t<\/div>\n\t\t<div class=\"elementor-element elementor-element-iwgs-dziperlen-cc e-flex e-con-boxed e-con e-parent\" data-id=\"iwgs-dziperlen-cc\" data-element_type=\"container\" data-e-type=\"container\" id=\"iwg-cc-dzi-perlen\">\n\t\t\t\t\t<div class=\"e-con-inner\">\n\t\t<div class=\"elementor-element elementor-element-iwgs-dziperlen-ccinner e-flex e-con-boxed e-con e-parent\" data-id=\"iwgs-dziperlen-ccinner\" data-element_type=\"container\" data-e-type=\"container\" data-settings=\"{&quot;background_background&quot;:&quot;classic&quot;}\">\n\t\t\t\t\t<div class=\"e-con-inner\">\n\t\t\t\t<div class=\"elementor-element elementor-element-iwgs-dziperlen-cch elementor-widget elementor-widget-heading\" data-id=\"iwgs-dziperlen-cch\" data-element_type=\"widget\" data-e-type=\"widget\" data-widget_type=\"heading.default\">\n\t\t\t\t\t<h2 class=\"elementor-heading-title elementor-size-default\">iWell Guard i tradicions de protecci\u00f3<\/h2>\t\t\t\t<\/div>\n\t\t\t\t<div class=\"elementor-element elementor-element-iwgs-dziperlen-cct elementor-widget elementor-widget-text-editor\" data-id=\"iwgs-dziperlen-cct\" data-element_type=\"widget\" data-e-type=\"widget\" data-widget_type=\"text-editor.default\">\n\t\t\t\t\t\t\t\t\t<p>iWell Guard s&#8217;inscriu en la l\u00ednia culturalment hist\u00f2rica dels objectes de protecci\u00f3 portables, a la qual tamb\u00e9 pertanyen les perles dzi. Un company modern per a persones que viuen amb s\u00edmbols de protecci\u00f3: fabricat a Alemanya, 41 capes d&#8217;or fi, plat\u00ed i plata, amb dret de devoluci\u00f3 de 30 dies.<\/p>\t\t\t\t\t\t\t\t<\/div>\n\t\t\t\t<div class=\"elementor-element elementor-element-iwgs-dziperlen-ccb iwg-cc-button iwg-cc-cta-2026-05-13 elementor-widget elementor-widget-jet-button\" data-id=\"iwgs-dziperlen-ccb\" data-element_type=\"widget\" data-e-type=\"widget\" data-widget_type=\"jet-button.default\">\n\t\t\t\t<div class=\"elementor-widget-container\">\n\t\t\t\t\t<div class=\"elementor-jet-button jet-elements\"><div class=\"jet-button__container\"><a class=\"jet-button__instance jet-button__instance--icon-left hover-effect-1\" href=\"\/schutzanhaenger-iwell-guard-kaufen\/?utm_source=iwell-guard.com&amp;utm_medium=info-box&amp;utm_campaign=schutzsymbole\"><div class=\"jet-button__plane jet-button__plane-normal\"><\/div><div class=\"jet-button__plane jet-button__plane-hover\"><\/div><div class=\"jet-button__state jet-button__state-normal\"><span class=\"jet-button__label\">M\u00e9s informaci\u00f3 sobre l'iWell Guard<\/span><\/div><div class=\"jet-button__state jet-button__state-hover\"><span class=\"jet-button__label\">M\u00e9s informaci\u00f3 sobre l'iWell Guard<\/span><\/div><\/a><\/div><\/div><style>.elementor-element.elementor-element-iwgs-dziperlen-ccb .jet-button__instance{width:320px;height:56px;}.elementor-element.elementor-element-iwgs-dziperlen-ccb .jet-button__state-normal .jet-button__label{text-align:center;margin:0px 0px 0px 0px;color:#1a1b20;font-family:Montserrat,sans-serif;font-size:13px;font-weight:400;letter-spacing:4px;line-height:1.714em;text-transform:uppercase;}.elementor-element.elementor-element-iwgs-dziperlen-ccb .jet-button__state-hover .jet-button__label{text-align:center;margin:0px 0px 0px 0px;color:#FECC76;font-family:Montserrat,sans-serif;font-size:13px;font-weight:400;letter-spacing:4px;line-height:1.714em;text-transform:uppercase;}.elementor-element.elementor-element-iwgs-dziperlen-ccb .jet-button__plane-normal{background-color:#FECC76;border-style:solid;border-color:#C99540;border-width:2px 2px 2px 2px;}.elementor-element.elementor-element-iwgs-dziperlen-ccb .jet-button__plane-hover{background-color:rgba(0,0,0,0.55);border-style:solid;border-color:#FECC76;border-width:2px 2px 2px 2px;}<\/style>\t\t\t\t<\/div>\n\t\t\t\t<\/div>\n\t\t\t\t<div class=\"elementor-element elementor-element-iwgs-dziperlen-ccd elementor-widget elementor-widget-text-editor\" data-id=\"iwgs-dziperlen-ccd\" data-element_type=\"widget\" data-e-type=\"widget\" data-widget_type=\"text-editor.default\">\n\t\t\t\t\t\t\t\t\t<p style=\"text-align:center;font-size:13px;opacity:0.7;margin-top:14px\" data-nosnippet=\"true\">Les experi\u00e8ncies personals poden variar. No \u00e9s un producte sanitari. No es garanteix cap curaci\u00f3.<\/p>\t\t\t\t\t\t\t\t<\/div>\n\t\t\t\t\t<\/div>\n\t\t\t\t<\/div>\n\t\t\t\t\t<\/div>\n\t\t\t\t<\/div>\n\t\t<div class=\"elementor-element elementor-element-iwgs-dziperlen-disc e-flex e-con-boxed e-con e-parent\" data-id=\"iwgs-dziperlen-disc\" data-element_type=\"container\" data-e-type=\"container\">\n\t\t\t\t\t<div class=\"e-con-inner\">\n\t\t\t\t<div class=\"elementor-element elementor-element-iwgs-dziperlen-discw elementor-widget elementor-widget-html\" data-id=\"iwgs-dziperlen-discw\" data-element_type=\"widget\" data-e-type=\"widget\" data-widget_type=\"html.default\">\n\t\t\t\t\t<footer data-nosnippet=\"true\" class=\"iwg-disclaimer-block\"><p data-nosnippet=\"true\">iWell Guard <strong>no \u00e9s un producte sanitari<\/strong> i no substitueix cap tractament m\u00e8dic o psicoterap\u00e8utic. Els continguts presentats aqu\u00ed s\u00f3n una contextualitzaci\u00f3 des de la ci\u00e8ncia de les religions i la hist\u00f2ria cultural, no una promesa d'efecte espiritual.<\/p><\/footer>\t\t\t\t<\/div>\n\t\t\t\t\t<\/div>\n\t\t\t\t<\/div>\n\t\t\t\t<\/div>\n\t\t","protected":false},"excerpt":{"rendered":"","protected":false},"author":3,"featured_media":3526,"parent":0,"menu_order":0,"comment_status":"closed","ping_status":"closed","template":"elementor_header_footer","meta":{"_yoast_wpseo_focuskw":"Perles Dzi","_yoast_wpseo_title":"Perles Dzi \u2013 les perles d'\u00e0gata del Tibet","_yoast_wpseo_metadesc":"Les perles dzi s\u00f3n perles d'\u00e0gata del Tibet amb motius d'ulls. Origen en part llegendari, significat i evid\u00e8ncia explicats de manera objectiva.","_yoast_wpseo_meta-robots-noindex":"","_yoast_wpseo_canonical":"","_angie_page":false,"gefaehrdungsstufe":"","wesen_kultur":"","wesen_klasse":"","footnotes":""},"categories":[],"class_list":["post-171979","page","type-page","status-publish","has-post-thumbnail","hentry"],"yoast_head":"<!-- This site is optimized with the Yoast SEO Premium plugin v27.7 (Yoast SEO v28.3) - https:\/\/yoast.com\/product\/yoast-seo-premium-wordpress\/ -->\n<title>Perles Dzi \u2013 les perles d&#039;\u00e0gata del Tibet<\/title>\n<meta name=\"description\" content=\"Les perles dzi s\u00f3n perles d&#039;\u00e0gata del Tibet amb motius d&#039;ulls. Origen en part llegendari, significat i evid\u00e8ncia explicats de manera objectiva.\" \/>\n<meta name=\"robots\" content=\"index, follow, max-snippet:-1, max-image-preview:large, max-video-preview:-1\" \/>\n<link rel=\"canonical\" href=\"https:\/\/iwell-guard.com\/ca\/perles-dzi-agata-tibet\/\" \/>\n<meta property=\"og:locale\" content=\"ca_ES\" \/>\n<meta property=\"og:type\" content=\"article\" \/>\n<meta property=\"og:title\" content=\"Perles Dzi \u2013 les perles d&#039;\u00e0gata del Tibet\" \/>\n<meta property=\"og:description\" content=\"Les perles dzi s\u00f3n perles d&#039;\u00e0gata del Tibet amb motius d&#039;ulls. Origen en part llegendari, significat i evid\u00e8ncia explicats de manera objectiva.\" \/>\n<meta property=\"og:url\" content=\"https:\/\/iwell-guard.com\/ca\/perles-dzi-agata-tibet\/\" \/>\n<meta property=\"og:site_name\" content=\"iWell Guard\" \/>\n<meta property=\"article:modified_time\" content=\"2026-09-05T16:12:11+00:00\" \/>\n<meta property=\"og:image\" content=\"https:\/\/iwell-guard.com\/wp-content\/uploads\/2026\/05\/schutzsymbol_tibet_dzi-perlen.webp\" \/>\n\t<meta property=\"og:image:width\" content=\"1024\" \/>\n\t<meta property=\"og:image:height\" content=\"1536\" \/>\n\t<meta property=\"og:image:type\" content=\"image\/webp\" \/>\n<meta name=\"twitter:card\" content=\"summary_large_image\" \/>\n<script type=\"application\/ld+json\" class=\"yoast-schema-graph\">{\"@context\":\"https:\\\/\\\/schema.org\",\"@graph\":[{\"@type\":\"WebPage\",\"@id\":\"https:\\\/\\\/iwell-guard.com\\\/ca\\\/perles-dzi-agata-tibet\\\/\",\"url\":\"https:\\\/\\\/iwell-guard.com\\\/ca\\\/perles-dzi-agata-tibet\\\/\",\"name\":\"Perles Dzi \u2013 les perles d'\u00e0gata del Tibet\",\"isPartOf\":{\"@id\":\"https:\\\/\\\/iwell-guard.com\\\/ca\\\/#website\"},\"primaryImageOfPage\":{\"@id\":\"https:\\\/\\\/iwell-guard.com\\\/ca\\\/perles-dzi-agata-tibet\\\/#primaryimage\"},\"image\":{\"@id\":\"https:\\\/\\\/iwell-guard.com\\\/ca\\\/perles-dzi-agata-tibet\\\/#primaryimage\"},\"thumbnailUrl\":\"https:\\\/\\\/iwell-guard.com\\\/wp-content\\\/uploads\\\/2026\\\/05\\\/schutzsymbol_tibet_dzi-perlen.webp\",\"datePublished\":\"2026-09-05T15:44:03+00:00\",\"dateModified\":\"2026-09-05T16:12:11+00:00\",\"description\":\"Les perles dzi s\u00f3n perles d'\u00e0gata del Tibet amb motius d'ulls. Origen en part llegendari, significat i evid\u00e8ncia explicats de manera objectiva.\",\"breadcrumb\":{\"@id\":\"https:\\\/\\\/iwell-guard.com\\\/ca\\\/perles-dzi-agata-tibet\\\/#breadcrumb\"},\"inLanguage\":\"ca\",\"potentialAction\":[{\"@type\":\"ReadAction\",\"target\":[\"https:\\\/\\\/iwell-guard.com\\\/ca\\\/perles-dzi-agata-tibet\\\/\"]}]},{\"@type\":\"ImageObject\",\"inLanguage\":\"ca\",\"@id\":\"https:\\\/\\\/iwell-guard.com\\\/ca\\\/perles-dzi-agata-tibet\\\/#primaryimage\",\"url\":\"https:\\\/\\\/iwell-guard.com\\\/wp-content\\\/uploads\\\/2026\\\/05\\\/schutzsymbol_tibet_dzi-perlen.webp\",\"contentUrl\":\"https:\\\/\\\/iwell-guard.com\\\/wp-content\\\/uploads\\\/2026\\\/05\\\/schutzsymbol_tibet_dzi-perlen.webp\",\"width\":1024,\"height\":1536,\"caption\":\"S\u00edmbol de protecci\u00f3. Il\u00b7lustraci\u00f3 muse\u00edstica de bodeg\u00f3.\"},{\"@type\":\"BreadcrumbList\",\"@id\":\"https:\\\/\\\/iwell-guard.com\\\/ca\\\/perles-dzi-agata-tibet\\\/#breadcrumb\",\"itemListElement\":[{\"@type\":\"ListItem\",\"position\":1,\"name\":\"Start\",\"item\":\"https:\\\/\\\/iwell-guard.com\\\/ca\\\/?page_id=171333\"},{\"@type\":\"ListItem\",\"position\":2,\"name\":\"Perles Dzi \u2013 les perles d&#8217;\u00e0gata del Tibet\"}]},{\"@type\":\"WebSite\",\"@id\":\"https:\\\/\\\/iwell-guard.com\\\/ca\\\/#website\",\"url\":\"https:\\\/\\\/iwell-guard.com\\\/ca\\\/\",\"name\":\"iWell Guard\",\"description\":\"Schutz vor dunklen Einfl\u00fcssen\",\"publisher\":{\"@id\":\"https:\\\/\\\/iwell-guard.com\\\/ca\\\/#organization\"},\"potentialAction\":[{\"@type\":\"SearchAction\",\"target\":{\"@type\":\"EntryPoint\",\"urlTemplate\":\"https:\\\/\\\/iwell-guard.com\\\/ca\\\/?s={search_term_string}\"},\"query-input\":{\"@type\":\"PropertyValueSpecification\",\"valueRequired\":true,\"valueName\":\"search_term_string\"}}],\"inLanguage\":\"ca\"},{\"@type\":\"Organization\",\"@id\":\"https:\\\/\\\/iwell-guard.com\\\/ca\\\/#organization\",\"name\":\"Ittermann electronic GmbH\",\"url\":\"https:\\\/\\\/iwell-guard.com\\\/ca\\\/\",\"logo\":{\"@type\":\"ImageObject\",\"inLanguage\":\"ca\",\"@id\":\"https:\\\/\\\/iwell-guard.com\\\/ca\\\/#\\\/schema\\\/logo\\\/image\\\/\",\"url\":\"https:\\\/\\\/iwell-guard.com\\\/wp-content\\\/uploads\\\/2026\\\/05\\\/Ittermann-Logo-1182x237-1.png\",\"contentUrl\":\"https:\\\/\\\/iwell-guard.com\\\/wp-content\\\/uploads\\\/2026\\\/05\\\/Ittermann-Logo-1182x237-1.png\",\"width\":1182,\"height\":237,\"caption\":\"Ittermann electronic GmbH\"},\"image\":{\"@id\":\"https:\\\/\\\/iwell-guard.com\\\/ca\\\/#\\\/schema\\\/logo\\\/image\\\/\"},\"sameAs\":[\"https:\\\/\\\/pantip.com\\\/profile\\\/9367242\",\"https:\\\/\\\/micro.blog\\\/iwellguard\",\"https:\\\/\\\/www.diggerslist.com\\\/iwellguard\\\/about\",\"https:\\\/\\\/skitterphoto.com\\\/photographers\\\/2870314\\\/iwell-guard\",\"https:\\\/\\\/iwellguard.wordpress.com\\\/2026\\\/06\\\/06\\\/iwell-guard\\\/\",\"https:\\\/\\\/hub.docker.com\\\/u\\\/iwellguard\",\"https:\\\/\\\/www.pinterest.com\\\/iwellguard\\\/\",\"https:\\\/\\\/bit.ly\\\/m\\\/iwellguard\",\"https:\\\/\\\/entre-vos-mains.alsace.eu\\\/profiles\\\/iwellguard\\\/activity\",\"https:\\\/\\\/gravatar.com\\\/reallybeded8fd34\",\"https:\\\/\\\/naijamatta.com\\\/iwellguard\",\"https:\\\/\\\/www.goodreads.com\\\/iwellguard\",\"https:\\\/\\\/profile.hatena.ne.jp\\\/iwellguard\\\/\",\"https:\\\/\\\/experiment.com\\\/users\\\/iwellguard\",\"https:\\\/\\\/wakelet.com\\\/@iWellGuard82270\",\"https:\\\/\\\/www.chordie.com\\\/forum\\\/profile.php?id=2555664\",\"https:\\\/\\\/www.instapaper.com\\\/p\\\/17757966\",\"https:\\\/\\\/www.mapleprimes.com\\\/users\\\/iwellguard\",\"https:\\\/\\\/businesslistingplus.com\\\/profile\\\/iwell-guard\\\/\",\"https:\\\/\\\/telegra.ph\\\/iWell-Guard-06-06\",\"https:\\\/\\\/pbase.com\\\/iwellguard\\\/iwellguard\",\"https:\\\/\\\/b.hatena.ne.jp\\\/iwellguard\\\/20260607#bookmark-4788405196491818882\",\"https:\\\/\\\/fliphtml5.com\\\/home\\\/iwellguard\",\"https:\\\/\\\/anyflip.com\\\/homepage\\\/cmiwl#About\",\"https:\\\/\\\/transfur.com\\\/Users\\\/iwellguard\",\"http:\\\/\\\/delphi.larsbo.org\\\/user\\\/iwellguard\",\"https:\\\/\\\/jobs.lajobsportal.org\\\/profiles\\\/8380803-iwell-guard\",\"https:\\\/\\\/md.chaosdorf.de\\\/s\\\/jfbe5SBdJD\",\"https:\\\/\\\/www.lingvolive.com\\\/en-us\\\/profile\\\/9ecaeaca-ce11-4e51-9e71-01d55e2bff36\\\/translations\",\"https:\\\/\\\/www.fitday.com\\\/fitness\\\/forums\\\/members\\\/iwellguard.html\",\"https:\\\/\\\/www.mymeetbook.com\\\/iwellguard\",\"https:\\\/\\\/pxhere.com\\\/en\\\/photographer-me\\\/5040798\",\"https:\\\/\\\/disqus.com\\\/by\\\/iwellguard\\\/about\\\/\",\"https:\\\/\\\/pastelink.net\\\/hjwciqwq\",\"https:\\\/\\\/pubhtml5.com\\\/homepage\\\/scjhn\\\/\",\"https:\\\/\\\/www.bitchute.com\\\/channel\\\/2O2eOKzNqujT\",\"https:\\\/\\\/audiomack.com\\\/iwellguard\"]}]}<\/script>\n<!-- \/ Yoast SEO Premium plugin. -->","yoast_head_json":{"title":"Perles Dzi \u2013 les perles d'\u00e0gata del Tibet","description":"Les perles dzi s\u00f3n perles d'\u00e0gata del Tibet amb motius d'ulls. Origen en part llegendari, significat i evid\u00e8ncia explicats de manera objectiva.","robots":{"index":"index","follow":"follow","max-snippet":"max-snippet:-1","max-image-preview":"max-image-preview:large","max-video-preview":"max-video-preview:-1"},"canonical":"https:\/\/iwell-guard.com\/ca\/perles-dzi-agata-tibet\/","og_locale":"ca_ES","og_type":"article","og_title":"Perles Dzi \u2013 les perles d'\u00e0gata del Tibet","og_description":"Les perles dzi s\u00f3n perles d'\u00e0gata del Tibet amb motius d'ulls. Origen en part llegendari, significat i evid\u00e8ncia explicats de manera objectiva.","og_url":"https:\/\/iwell-guard.com\/ca\/perles-dzi-agata-tibet\/","og_site_name":"iWell Guard","article_modified_time":"2026-09-05T16:12:11+00:00","og_image":[{"width":1024,"height":1536,"url":"https:\/\/iwell-guard.com\/wp-content\/uploads\/2026\/05\/schutzsymbol_tibet_dzi-perlen.webp","type":"image\/webp"}],"twitter_card":"summary_large_image","schema":{"@context":"https:\/\/schema.org","@graph":[{"@type":"WebPage","@id":"https:\/\/iwell-guard.com\/ca\/perles-dzi-agata-tibet\/","url":"https:\/\/iwell-guard.com\/ca\/perles-dzi-agata-tibet\/","name":"Perles Dzi \u2013 les perles d'\u00e0gata del Tibet","isPartOf":{"@id":"https:\/\/iwell-guard.com\/ca\/#website"},"primaryImageOfPage":{"@id":"https:\/\/iwell-guard.com\/ca\/perles-dzi-agata-tibet\/#primaryimage"},"image":{"@id":"https:\/\/iwell-guard.com\/ca\/perles-dzi-agata-tibet\/#primaryimage"},"thumbnailUrl":"https:\/\/iwell-guard.com\/wp-content\/uploads\/2026\/05\/schutzsymbol_tibet_dzi-perlen.webp","datePublished":"2026-09-05T15:44:03+00:00","dateModified":"2026-09-05T16:12:11+00:00","description":"Les perles dzi s\u00f3n perles d'\u00e0gata del Tibet amb motius d'ulls. Origen en part llegendari, significat i evid\u00e8ncia explicats de manera objectiva.","breadcrumb":{"@id":"https:\/\/iwell-guard.com\/ca\/perles-dzi-agata-tibet\/#breadcrumb"},"inLanguage":"ca","potentialAction":[{"@type":"ReadAction","target":["https:\/\/iwell-guard.com\/ca\/perles-dzi-agata-tibet\/"]}]},{"@type":"ImageObject","inLanguage":"ca","@id":"https:\/\/iwell-guard.com\/ca\/perles-dzi-agata-tibet\/#primaryimage","url":"https:\/\/iwell-guard.com\/wp-content\/uploads\/2026\/05\/schutzsymbol_tibet_dzi-perlen.webp","contentUrl":"https:\/\/iwell-guard.com\/wp-content\/uploads\/2026\/05\/schutzsymbol_tibet_dzi-perlen.webp","width":1024,"height":1536,"caption":"S\u00edmbol de protecci\u00f3. Il\u00b7lustraci\u00f3 muse\u00edstica de bodeg\u00f3."},{"@type":"BreadcrumbList","@id":"https:\/\/iwell-guard.com\/ca\/perles-dzi-agata-tibet\/#breadcrumb","itemListElement":[{"@type":"ListItem","position":1,"name":"Start","item":"https:\/\/iwell-guard.com\/ca\/?page_id=171333"},{"@type":"ListItem","position":2,"name":"Perles Dzi \u2013 les perles d&#8217;\u00e0gata del Tibet"}]},{"@type":"WebSite","@id":"https:\/\/iwell-guard.com\/ca\/#website","url":"https:\/\/iwell-guard.com\/ca\/","name":"iWell Guard","description":"Schutz vor dunklen Einfl\u00fcssen","publisher":{"@id":"https:\/\/iwell-guard.com\/ca\/#organization"},"potentialAction":[{"@type":"SearchAction","target":{"@type":"EntryPoint","urlTemplate":"https:\/\/iwell-guard.com\/ca\/?s={search_term_string}"},"query-input":{"@type":"PropertyValueSpecification","valueRequired":true,"valueName":"search_term_string"}}],"inLanguage":"ca"},{"@type":"Organization","@id":"https:\/\/iwell-guard.com\/ca\/#organization","name":"Ittermann electronic GmbH","url":"https:\/\/iwell-guard.com\/ca\/","logo":{"@type":"ImageObject","inLanguage":"ca","@id":"https:\/\/iwell-guard.com\/ca\/#\/schema\/logo\/image\/","url":"https:\/\/iwell-guard.com\/wp-content\/uploads\/2026\/05\/Ittermann-Logo-1182x237-1.png","contentUrl":"https:\/\/iwell-guard.com\/wp-content\/uploads\/2026\/05\/Ittermann-Logo-1182x237-1.png","width":1182,"height":237,"caption":"Ittermann electronic GmbH"},"image":{"@id":"https:\/\/iwell-guard.com\/ca\/#\/schema\/logo\/image\/"},"sameAs":["https:\/\/pantip.com\/profile\/9367242","https:\/\/micro.blog\/iwellguard","https:\/\/www.diggerslist.com\/iwellguard\/about","https:\/\/skitterphoto.com\/photographers\/2870314\/iwell-guard","https:\/\/iwellguard.wordpress.com\/2026\/06\/06\/iwell-guard\/","https:\/\/hub.docker.com\/u\/iwellguard","https:\/\/www.pinterest.com\/iwellguard\/","https:\/\/bit.ly\/m\/iwellguard","https:\/\/entre-vos-mains.alsace.eu\/profiles\/iwellguard\/activity","https:\/\/gravatar.com\/reallybeded8fd34","https:\/\/naijamatta.com\/iwellguard","https:\/\/www.goodreads.com\/iwellguard","https:\/\/profile.hatena.ne.jp\/iwellguard\/","https:\/\/experiment.com\/users\/iwellguard","https:\/\/wakelet.com\/@iWellGuard82270","https:\/\/www.chordie.com\/forum\/profile.php?id=2555664","https:\/\/www.instapaper.com\/p\/17757966","https:\/\/www.mapleprimes.com\/users\/iwellguard","https:\/\/businesslistingplus.com\/profile\/iwell-guard\/","https:\/\/telegra.ph\/iWell-Guard-06-06","https:\/\/pbase.com\/iwellguard\/iwellguard","https:\/\/b.hatena.ne.jp\/iwellguard\/20260607#bookmark-4788405196491818882","https:\/\/fliphtml5.com\/home\/iwellguard","https:\/\/anyflip.com\/homepage\/cmiwl#About","https:\/\/transfur.com\/Users\/iwellguard","http:\/\/delphi.larsbo.org\/user\/iwellguard","https:\/\/jobs.lajobsportal.org\/profiles\/8380803-iwell-guard","https:\/\/md.chaosdorf.de\/s\/jfbe5SBdJD","https:\/\/www.lingvolive.com\/en-us\/profile\/9ecaeaca-ce11-4e51-9e71-01d55e2bff36\/translations","https:\/\/www.fitday.com\/fitness\/forums\/members\/iwellguard.html","https:\/\/www.mymeetbook.com\/iwellguard","https:\/\/pxhere.com\/en\/photographer-me\/5040798","https:\/\/disqus.com\/by\/iwellguard\/about\/","https:\/\/pastelink.net\/hjwciqwq","https:\/\/pubhtml5.com\/homepage\/scjhn\/","https:\/\/www.bitchute.com\/channel\/2O2eOKzNqujT","https:\/\/audiomack.com\/iwellguard"]}]}},"_links":{"self":[{"href":"https:\/\/iwell-guard.com\/ca\/wp-json\/wp\/v2\/pages\/171979","targetHints":{"allow":["GET"]}}],"collection":[{"href":"https:\/\/iwell-guard.com\/ca\/wp-json\/wp\/v2\/pages"}],"about":[{"href":"https:\/\/iwell-guard.com\/ca\/wp-json\/wp\/v2\/types\/page"}],"author":[{"embeddable":true,"href":"https:\/\/iwell-guard.com\/ca\/wp-json\/wp\/v2\/users\/3"}],"replies":[{"embeddable":true,"href":"https:\/\/iwell-guard.com\/ca\/wp-json\/wp\/v2\/comments?post=171979"}],"version-history":[{"count":0,"href":"https:\/\/iwell-guard.com\/ca\/wp-json\/wp\/v2\/pages\/171979\/revisions"}],"wp:featuredmedia":[{"embeddable":true,"href":"https:\/\/iwell-guard.com\/ca\/wp-json\/wp\/v2\/media\/3526"}],"wp:attachment":[{"href":"https:\/\/iwell-guard.com\/ca\/wp-json\/wp\/v2\/media?parent=171979"}],"wp:term":[{"taxonomy":"category","embeddable":true,"href":"https:\/\/iwell-guard.com\/ca\/wp-json\/wp\/v2\/categories?post=171979"}],"curies":[{"name":"wp","href":"https:\/\/api.w.org\/{rel}","templated":true}]}}