{"id":171968,"date":"2026-09-05T15:43:58","date_gmt":"2026-09-05T15:43:58","guid":{"rendered":"https:\/\/iwell-guard.com\/?page_id=171968"},"modified":"2026-09-05T16:11:55","modified_gmt":"2026-09-05T16:11:55","slug":"lunula-eslava-amulet-mitja-lluna","status":"publish","type":"page","link":"https:\/\/iwell-guard.com\/ca\/lunula-eslava-amulet-mitja-lluna\/","title":{"rendered":"La l\u00fanula eslava: l&#8217;amulet en forma de mitja lluna"},"content":{"rendered":"\t\t<div data-elementor-type=\"wp-page\" data-elementor-id=\"171968\" class=\"elementor elementor-171968 elementor-3708 elementor-bc-flex-widget\" data-elementor-post-type=\"page\">\n\t\t\t\t<div class=\"elementor-element elementor-element-iwgs-lunulaslawis-hero e-flex e-con-boxed e-con e-parent\" data-id=\"iwgs-lunulaslawis-hero\" data-element_type=\"container\" data-e-type=\"container\">\n\t\t\t\t\t<div class=\"e-con-inner\">\n\t\t<div class=\"elementor-element elementor-element-iwgs-lunulaslawis-hl e-flex e-con-boxed e-con e-parent\" data-id=\"iwgs-lunulaslawis-hl\" data-element_type=\"container\" data-e-type=\"container\">\n\t\t\t\t\t<div class=\"e-con-inner\">\n\t\t<div class=\"elementor-element elementor-element-iwgs-lunulaslawis-hlbox e-con-full e-flex e-con e-parent\" data-id=\"iwgs-lunulaslawis-hlbox\" data-element_type=\"container\" data-e-type=\"container\">\n\t\t\t\t<div class=\"elementor-element elementor-element-iwgs-lunulaslawis-h1 elementor-widget elementor-widget-heading\" data-id=\"iwgs-lunulaslawis-h1\" data-element_type=\"widget\" data-e-type=\"widget\" data-widget_type=\"heading.default\">\n\t\t\t\t\t<h1 class=\"elementor-heading-title elementor-size-default\">La l\u00fanula eslava: l'amulet lunar del m\u00f3n eslau<\/h1>\t\t\t\t<\/div>\n\t\t\t\t<div class=\"elementor-element elementor-element-iwgs-lunulaslawis-lead elementor-widget elementor-widget-text-editor\" data-id=\"iwgs-lunulaslawis-lead\" data-element_type=\"widget\" data-e-type=\"widget\" data-widget_type=\"text-editor.default\">\n\t\t\t\t\t\t\t\t\t<p>La l\u00fanula \u00e9s un <span class=\"iwg-fachbegriff\" data-tooltip=\"Un objecte portat al cos al qual s'atribueix un efecte protector i que allunya la desgr\u00e0cia.\" tabindex=\"0\">amulet<\/span> en forma de mitja lluna, est\u00e8s en el m\u00f3n eslau. Fet de metall i dut penjat en una cadena o com a ornament del cap, era utilitzat sobretot per dones i estava associat amb la lluna.<\/p>\t\t\t\t\t\t\t\t<\/div>\n\t\t\t\t<\/div>\n\t\t\t\t<div class=\"elementor-element elementor-element-iwgs-lunulaslawis-pills elementor-widget elementor-widget-html\" data-id=\"iwgs-lunulaslawis-pills\" data-element_type=\"widget\" data-e-type=\"widget\" data-widget_type=\"html.default\">\n\t\t\t\t\t<div class=\"iwg-pill-row\"><span class=\"iwg-klasse-badge\" tabindex=\"0\" data-tooltip=\"S\u00edmbol protector, amulet o objecte apotropaic.\">S\u00edmbol protector<\/span><a href=\"https:\/\/iwell-guard.com\/ca\/eslau\/\" class=\"iwg-kultur-badge\" tabindex=\"0\" data-tooltip=\"Tradici\u00f3 protectora: Eslava\">Eslau<\/a><span class=\"iwg-tradition-badge\" tabindex=\"0\" data-tooltip=\"Un amulet en forma de lluna amb significat protector.\">Amulet lunar<\/span><\/div>\t\t\t\t<\/div>\n\t\t\t\t\t<\/div>\n\t\t\t\t<\/div>\n\t\t<div class=\"elementor-element elementor-element-iwgs-lunulaslawis-hr e-con-full e-flex e-con e-parent\" data-id=\"iwgs-lunulaslawis-hr\" data-element_type=\"container\" data-e-type=\"container\">\n\t\t\t\t<div class=\"elementor-element elementor-element-iwgs-lunulaslawis-himg iwg-hero-image elementor-widget elementor-widget-image\" data-id=\"iwgs-lunulaslawis-himg\" data-element_type=\"widget\" data-e-type=\"widget\" data-widget_type=\"image.default\">\n\t\t\t\t\t\t\t\t\t\t\t\t\t\t\t<img fetchpriority=\"high\" decoding=\"async\" width=\"683\" height=\"1024\" src=\"https:\/\/iwell-guard.com\/wp-content\/uploads\/2026\/05\/schutzsymbol_slawisch_lunula-683x1024.webp\" class=\"attachment-large size-large wp-image-3496\" alt=\"La l\u00fanula eslava: l\u2019amulet en forma de mitja lluna\" srcset=\"https:\/\/iwell-guard.com\/wp-content\/uploads\/2026\/05\/schutzsymbol_slawisch_lunula-683x1024.webp 683w, https:\/\/iwell-guard.com\/wp-content\/uploads\/2026\/05\/schutzsymbol_slawisch_lunula-200x300.webp 200w, https:\/\/iwell-guard.com\/wp-content\/uploads\/2026\/05\/schutzsymbol_slawisch_lunula-768x1152.webp 768w, https:\/\/iwell-guard.com\/wp-content\/uploads\/2026\/05\/schutzsymbol_slawisch_lunula.webp 1024w\" sizes=\"(max-width: 683px) 100vw, 683px\" \/>\t\t\t\t\t\t\t\t\t\t\t\t\t\t\t<\/div>\n\t\t\t\t<\/div>\n\t\t\t\t\t<\/div>\n\t\t\t\t<\/div>\n\t\t<div class=\"elementor-element elementor-element-iwgs-lunulaslawis-s0 e-flex e-con-boxed e-con e-parent\" data-id=\"iwgs-lunulaslawis-s0\" data-element_type=\"container\" data-e-type=\"container\">\n\t\t\t\t\t<div class=\"e-con-inner\">\n\t\t\t\t<div class=\"elementor-element elementor-element-iwgs-lunulaslawis-s0h elementor-widget elementor-widget-heading\" data-id=\"iwgs-lunulaslawis-s0h\" data-element_type=\"widget\" data-e-type=\"widget\" data-widget_type=\"heading.default\">\n\t\t\t\t\t<h2 class=\"elementor-heading-title elementor-size-default\">Introducci\u00f3<\/h2>\t\t\t\t<\/div>\n\t\t<div class=\"elementor-element elementor-element-iwgs-lunulaslawis-s0box e-con-full e-flex e-con e-parent\" data-id=\"iwgs-lunulaslawis-s0box\" data-element_type=\"container\" data-e-type=\"container\">\n\t\t\t\t<div class=\"elementor-element elementor-element-iwgs-lunulaslawis-s0t elementor-widget elementor-widget-text-editor\" data-id=\"iwgs-lunulaslawis-s0t\" data-element_type=\"widget\" data-e-type=\"widget\" data-widget_type=\"text-editor.default\">\n\t\t\t\t\t\t\t\t\t<p>La l\u00fanula \u00e9s un penjoll ornamental i protector que va estar molt est\u00e8s en el m\u00f3n <a href=\"https:\/\/iwell-guard.com\/ca\/eslau\/\">eslau<\/a>. El nom prov\u00e9 d&#8217;una paraula llatina que designa la lluna petita.<\/p><p>El <span class=\"iwg-fachbegriff\" data-tooltip=\"Un objecte portat al cos al qual s'atribueix un efecte protector i que allunya la desgr\u00e0cia.\" tabindex=\"0\">amulet<\/span> t\u00e9 la forma d&#8217;una mitja lluna. \u00c9s un penjoll corbat que s&#8217;estreny als dos extrems, i el costat obert apunta cap amunt o cap avall segons com es dugui.<\/p><p>Les l\u00fanules es feien de metall, sovint de bronze o de plata. Es duien penjades d&#8217;una cadena al coll o en l&#8217;ornament del cap, i formaven part del conjunt de joies.<\/p><p>La l\u00fanula la duien sobretot les dones. Formava part de la joieria femenina i, per aix\u00f2, s&#8217;associa amb el m\u00f3n de les dones, amb la lluna i amb la fertilitat.<\/p><p>En <span class=\"iwg-fachbegriff\" data-tooltip=\"Ci\u00e8ncia que estudia les cultures del passat a partir de troballes materials.\" tabindex=\"0\">arqueologia<\/span> i en <span class=\"iwg-fachbegriff\" data-tooltip=\"La ci\u00e8ncia que estudia les religions de manera comparativa i sense vincle de fe.\" tabindex=\"0\">ci\u00e8ncia de les religions<\/span>, la l\u00fanula eslava \u00e9s un exemple ben documentat d&#8217;amulet lunar. Combina les funcions d&#8217;ornament i de protecci\u00f3.<\/p><p>Aquesta p\u00e0gina presenta la l\u00fanula eslava des del punt de vista de la protecci\u00f3. Descriu la forma, les troballes arqueol\u00f2giques, la relaci\u00f3 amb la lluna, l&#8217;\u00fas per part de les dones i la interpretaci\u00f3 del s\u00edmbol.<\/p>\t\t\t\t\t\t\t\t<\/div>\n\t\t\t\t<\/div>\n\t\t\t\t\t<\/div>\n\t\t\t\t<\/div>\n\t\t<div class=\"elementor-element elementor-element-iwgs-lunulaslawis-s1 e-flex e-con-boxed e-con e-parent\" data-id=\"iwgs-lunulaslawis-s1\" data-element_type=\"container\" data-e-type=\"container\">\n\t\t\t\t\t<div class=\"e-con-inner\">\n\t\t\t\t<div class=\"elementor-element elementor-element-iwgs-lunulaslawis-s1h elementor-widget elementor-widget-heading\" data-id=\"iwgs-lunulaslawis-s1h\" data-element_type=\"widget\" data-e-type=\"widget\" data-widget_type=\"heading.default\">\n\t\t\t\t\t<h2 class=\"elementor-heading-title elementor-size-default\">Forma i material<\/h2>\t\t\t\t<\/div>\n\t\t<div class=\"elementor-element elementor-element-iwgs-lunulaslawis-s1box e-con-full e-flex e-con e-parent\" data-id=\"iwgs-lunulaslawis-s1box\" data-element_type=\"container\" data-e-type=\"container\">\n\t\t\t\t<div class=\"elementor-element elementor-element-iwgs-lunulaslawis-s1t elementor-widget elementor-widget-text-editor\" data-id=\"iwgs-lunulaslawis-s1t\" data-element_type=\"widget\" data-e-type=\"widget\" data-widget_type=\"text-editor.default\">\n\t\t\t\t\t\t\t\t\t<p>La l\u00fanula t\u00e9 una forma ben definida. \u00c9s un penjoll corbat en forma de mitja lluna, amb els dos extrems que s&#8217;apropen l&#8217;un a l&#8217;altre.<\/p><p>Al punt superior de la mitja lluna hi ha normalment una petita anella. Servia per fixar el penjoll a una cadena. En dur-lo, les dues puntes de la mitja lluna apunten cap avall.<\/p><p>El material de la l\u00fanula \u00e9s el metall. El bronze i la plata eren els m\u00e9s habituals. El metall combinava la durabilitat de l&#8217;objecte amb la brillantor pr\u00f2pia de la joieria.<\/p><p>La superf\u00edcie de la l\u00fanula sovint estava decorada. S&#8217;hi troben motius gravats o aplicats, signes geom\u00e8trics, filades de punts i trenats. Algunes peces estan treballades amb molta cura.<\/p><p>La mida de les l\u00fanules varia. N&#8217;hi ha de petites i senzilles i d&#8217;altres m\u00e9s grans i molt decorades. Malgrat tot, la forma b\u00e0sica de la mitja lluna es mant\u00e9 reconeixible en totes les mides.<\/p><p>La l\u00fanula \u00e9s, doncs, un objecte de joieria ben definit. La seva forma, la mitja lluna, \u00e9s el seu tret essencial i alhora la clau del seu significat.<\/p>\t\t\t\t\t\t\t\t<\/div>\n\t\t\t\t<\/div>\n\t\t\t\t\t<\/div>\n\t\t\t\t<\/div>\n\t\t<div class=\"elementor-element elementor-element-iwgs-lunulaslawis-s2 e-flex e-con-boxed e-con e-parent\" data-id=\"iwgs-lunulaslawis-s2\" data-element_type=\"container\" data-e-type=\"container\">\n\t\t\t\t\t<div class=\"e-con-inner\">\n\t\t\t\t<div class=\"elementor-element elementor-element-iwgs-lunulaslawis-s2h elementor-widget elementor-widget-heading\" data-id=\"iwgs-lunulaslawis-s2h\" data-element_type=\"widget\" data-e-type=\"widget\" data-widget_type=\"heading.default\">\n\t\t\t\t\t<h2 class=\"elementor-heading-title elementor-size-default\">El registre arqueol\u00f2gic<\/h2>\t\t\t\t<\/div>\n\t\t<div class=\"elementor-element elementor-element-iwgs-lunulaslawis-s2box e-con-full e-flex e-con e-parent\" data-id=\"iwgs-lunulaslawis-s2box\" data-element_type=\"container\" data-e-type=\"container\">\n\t\t\t\t<div class=\"elementor-element elementor-element-iwgs-lunulaslawis-s2t elementor-widget elementor-widget-text-editor\" data-id=\"iwgs-lunulaslawis-s2t\" data-element_type=\"widget\" data-e-type=\"widget\" data-widget_type=\"text-editor.default\">\n\t\t\t\t\t\t\t\t\t<p>La l\u00fanula eslava \u00e9s coneguda sobretot gr\u00e0cies a troballes arqueol\u00f2giques. A difer\u00e8ncia d&#8217;altres s\u00edmbols eslaus, en aquest cas la documentaci\u00f3 \u00e9s relativament abundant.<\/p><p>Les l\u00fanules s&#8217;han trobat en tombes i assentaments eslaus. Es compten entre les troballes ornamentals m\u00e9s freq\u00fcents de l&#8217;edat mitjana eslava i estan documentades en \u00e0rees molt extenses.<\/p><p>Les troballes provenen sobretot de tombes de dones. Aquesta relaci\u00f3 amb els enterraments femenins \u00e9s un dels indicis m\u00e9s importants de que la l\u00fanula era un ornament de dones.<\/p><p>Les dades tamb\u00e9 mostren que la l\u00fanula es va dur durant un per\u00edode llarg. No va ser una pe\u00e7a ef\u00edmera, sin\u00f3 un ornament est\u00e8s al llarg de diverses generacions.<\/p><p>La l\u00fanula, per\u00f2, no \u00e9s exclusivament eslava. Tamb\u00e9 es coneixen penjolls en forma de mitja lluna d&#8217;altres cultures. Tot i aix\u00ed, en el m\u00f3n eslau aquest <span class=\"iwg-fachbegriff\" data-tooltip=\"Un element tem\u00e0tic recurrent en l'art o la narraci\u00f3.\" tabindex=\"0\">motiu<\/span> va assolir una difusi\u00f3 especialment \u00e0mplia.<\/p><p>Les troballes arqueol\u00f2giques converteixen aix\u00ed la l\u00fanula eslava en un objecte ben documentat. A difer\u00e8ncia de signes reconstru\u00efts modernament, aqu\u00ed es disposa d&#8217;una base de troballes for\u00e7a \u00e0mplia.<\/p>\t\t\t\t\t\t\t\t<\/div>\n\t\t\t\t<\/div>\n\t\t\t\t\t<\/div>\n\t\t\t\t<\/div>\n\t\t<div class=\"elementor-element elementor-element-iwgs-lunulaslawis-s3 e-flex e-con-boxed e-con e-parent\" data-id=\"iwgs-lunulaslawis-s3\" data-element_type=\"container\" data-e-type=\"container\">\n\t\t\t\t\t<div class=\"e-con-inner\">\n\t\t\t\t<div class=\"elementor-element elementor-element-iwgs-lunulaslawis-s3h elementor-widget elementor-widget-heading\" data-id=\"iwgs-lunulaslawis-s3h\" data-element_type=\"widget\" data-e-type=\"widget\" data-widget_type=\"heading.default\">\n\t\t\t\t\t<h2 class=\"elementor-heading-title elementor-size-default\">La l\u00fanula i la lluna<\/h2>\t\t\t\t<\/div>\n\t\t<div class=\"elementor-element elementor-element-iwgs-lunulaslawis-s3box e-con-full e-flex e-con e-parent\" data-id=\"iwgs-lunulaslawis-s3box\" data-element_type=\"container\" data-e-type=\"container\">\n\t\t\t\t<div class=\"elementor-element elementor-element-iwgs-lunulaslawis-s3t elementor-widget elementor-widget-text-editor\" data-id=\"iwgs-lunulaslawis-s3t\" data-element_type=\"widget\" data-e-type=\"widget\" data-widget_type=\"text-editor.default\">\n\t\t\t\t\t\t\t\t\t<p>La forma de la l\u00fanula \u00e9s la mitja lluna. Aix\u00ed, l&#8217;<span class=\"iwg-fachbegriff\" data-tooltip=\"Un objecte portat al cos al qual s'atribueix un efecte protector i que allunya la desgr\u00e0cia.\" tabindex=\"0\">amulet<\/span> est\u00e0 directament relacionat amb la lluna, i aquesta relaci\u00f3 \u00e9s l&#8217;ess\u00e8ncia del seu significat.<\/p><p>La lluna va ser en moltes cultures un astre significatiu. El seu creixement i decreixement regulars, la seva transformaci\u00f3 des de la fina mitja lluna fins al disc complet i de nou enrere, la van convertir en un s\u00edmbol del canvi i del retorn.<\/p><p>Sovint la lluna es relacionava amb el m\u00f3n de les dones. Es va posar en relaci\u00f3 el cicle lunar amb el ritme vital femen\u00ed. D&#8217;aix\u00f2 s&#8217;explica que la l\u00fanula fos duta sobretot per dones.<\/p><p>La lluna tamb\u00e9 es considerava relacionada amb la fertilitat. La seva llum creixent i decreixent es relacionava amb el creixement i la maduraci\u00f3 a la natura.<\/p><p>Sobre les idees concretes que els eslaus associaven amb la lluna, per\u00f2, se n&#8217;ha transm\u00e8s poca cosa amb certesa. Molt s&#8217;ha de deduir a partir de les troballes i de comparacions.<\/p><p>La l\u00fanula \u00e9s, doncs, un amulet lunar. Porta el s\u00edmbol de la lluna i, amb ell, els significats que s&#8217;atribu\u00efen a la lluna: el canvi, el retorn, el m\u00f3n de les dones i la fertilitat.<\/p>\t\t\t\t\t\t\t\t<\/div>\n\t\t\t\t<\/div>\n\t\t\t\t\t<\/div>\n\t\t\t\t<\/div>\n\t\t<div class=\"elementor-element elementor-element-iwgs-lunulaslawis-s4 e-flex e-con-boxed e-con e-parent\" data-id=\"iwgs-lunulaslawis-s4\" data-element_type=\"container\" data-e-type=\"container\">\n\t\t\t\t\t<div class=\"e-con-inner\">\n\t\t\t\t<div class=\"elementor-element elementor-element-iwgs-lunulaslawis-s4h elementor-widget elementor-widget-heading\" data-id=\"iwgs-lunulaslawis-s4h\" data-element_type=\"widget\" data-e-type=\"widget\" data-widget_type=\"heading.default\">\n\t\t\t\t\t<h2 class=\"elementor-heading-title elementor-size-default\">La l\u00fanula com a ornament femen\u00ed<\/h2>\t\t\t\t<\/div>\n\t\t<div class=\"elementor-element elementor-element-iwgs-lunulaslawis-s4box e-con-full e-flex e-con e-parent\" data-id=\"iwgs-lunulaslawis-s4box\" data-element_type=\"container\" data-e-type=\"container\">\n\t\t\t\t<div class=\"elementor-element elementor-element-iwgs-lunulaslawis-s4t elementor-widget elementor-widget-text-editor\" data-id=\"iwgs-lunulaslawis-s4t\" data-element_type=\"widget\" data-e-type=\"widget\" data-widget_type=\"text-editor.default\">\n\t\t\t\t\t\t\t\t\t<p>La lunula eslava era, sobretot, un ornament femen\u00ed. Aix\u00f2 es despr\u00e8n tant del registre arqueol\u00f2gic com de la seva vinculaci\u00f3 amb la lluna.<\/p><p>Les lunules es van trobar majorit\u00e0riament en tombes de dones. Formaven part de l&#8217;aixovar femen\u00ed i tamb\u00e9 s&#8217;inclo\u00efen com a ofrena funer\u00e0ria en les tombes de les dones.<\/p><p>La lunula es duia al collaret o com a ornament del cap. Sovint formava part d&#8217;un conjunt d&#8217;ornaments m\u00e9s ric, que inclo\u00efa diversos penjolls i cadenes.<\/p><p>La vinculaci\u00f3 amb les dones s&#8217;explica per la lluna. Com que la lluna es relacionava amb el m\u00f3n femen\u00ed i amb la fertilitat, l&#8217;amulet lunar era un ornament que corresponia especialment a les dones.<\/p><p>La lunula acompanyava aix\u00ed diverses etapes de la vida femenina. Es podia dur des de la infantesa fins a l&#8217;edat adulta, i estava vinculada a la protecci\u00f3 i al <span class=\"iwg-fachbegriff\" data-tooltip=\"Concessi\u00f3 de benestar i protecci\u00f3, sovint en una f\u00f3rmula ling\u00fc\u00edstica fixa.\" tabindex=\"0\">guariment<\/span> per a la vida de la dona.<\/p><p>La lunula \u00e9s, per tant, un bon exemple d&#8217;un ornament associat a un grup determinat. Com a ornament femen\u00ed, unia l&#8217;ornament, la protecci\u00f3 i la vinculaci\u00f3 amb la lluna.<\/p>\t\t\t\t\t\t\t\t<\/div>\n\t\t\t\t<\/div>\n\t\t\t\t\t<\/div>\n\t\t\t\t<\/div>\n\t\t<div class=\"elementor-element elementor-element-iwgs-lunulaslawis-s5 e-flex e-con-boxed e-con e-parent\" data-id=\"iwgs-lunulaslawis-s5\" data-element_type=\"container\" data-e-type=\"container\">\n\t\t\t\t\t<div class=\"e-con-inner\">\n\t\t\t\t<div class=\"elementor-element elementor-element-iwgs-lunulaslawis-s5h elementor-widget elementor-widget-heading\" data-id=\"iwgs-lunulaslawis-s5h\" data-element_type=\"widget\" data-e-type=\"widget\" data-widget_type=\"heading.default\">\n\t\t\t\t\t<h2 class=\"elementor-heading-title elementor-size-default\">Ornament i protecci\u00f3<\/h2>\t\t\t\t<\/div>\n\t\t<div class=\"elementor-element elementor-element-iwgs-lunulaslawis-s5box e-con-full e-flex e-con e-parent\" data-id=\"iwgs-lunulaslawis-s5box\" data-element_type=\"container\" data-e-type=\"container\">\n\t\t\t\t<div class=\"elementor-element elementor-element-iwgs-lunulaslawis-s5t elementor-widget elementor-widget-text-editor\" data-id=\"iwgs-lunulaslawis-s5t\" data-element_type=\"widget\" data-e-type=\"widget\" data-widget_type=\"text-editor.default\">\n\t\t\t\t\t\t\t\t\t<p>La lunula eslava reuneix dues funcions estretament lligades en la cultura popular eslava: l&#8217;ornament i la protecci\u00f3.<\/p><p>Com a ornament, la lunula embellia la seva portadora. La creixent lunar, treballada amb art en metall brillant, era un objecte de bellesa i un signe de posici\u00f3 social i de riquesa.<\/p><p>Alhora, segons una interpretaci\u00f3 estesa, la lunula era tamb\u00e9 un amulet protector. El signe lunar havia de vetllar per la seva portadora i transmetre-li el <span class=\"iwg-fachbegriff\" data-tooltip=\"Concessi\u00f3 de benestar i protecci\u00f3, sovint en una f\u00f3rmula ling\u00fc\u00edstica fixa.\" tabindex=\"0\">guariment<\/span> vinculat a la lluna.<\/p><p>Aquesta uni\u00f3 d&#8217;ornament i protecci\u00f3 no era res d&#8217;inusual en la cultura popular eslava. Igual que la brodadura protectora, presentada com a obereg en una p\u00e0gina pr\u00f2pia, l&#8217;ornament tamb\u00e9 era sovint alhora protecci\u00f3.<\/p><p>Tot i aix\u00f2, resulta dif\u00edcil valorar amb precisi\u00f3 el pes de cada funci\u00f3. El registre mostra la lunula com un ornament molt est\u00e8s. Fins a quin punt hi intervenia la idea de protecci\u00f3 en cada cas concret no sempre es pot determinar.<\/p><p>La lunula \u00e9s, per tant, un exemple de la relaci\u00f3 estreta entre ornament i protecci\u00f3. Era una pe\u00e7a bonica i, alhora, un amulet lunar. Ambdues facetes anaven unides.<\/p>\t\t\t\t\t\t\t\t<\/div>\n\t\t\t\t<\/div>\n\t\t\t\t\t<\/div>\n\t\t\t\t<\/div>\n\t\t<div class=\"elementor-element elementor-element-iwgs-lunulaslawis-s6 e-flex e-con-boxed e-con e-parent\" data-id=\"iwgs-lunulaslawis-s6\" data-element_type=\"container\" data-e-type=\"container\">\n\t\t\t\t\t<div class=\"e-con-inner\">\n\t\t\t\t<div class=\"elementor-element elementor-element-iwgs-lunulaslawis-s6h elementor-widget elementor-widget-heading\" data-id=\"iwgs-lunulaslawis-s6h\" data-element_type=\"widget\" data-e-type=\"widget\" data-widget_type=\"heading.default\">\n\t\t\t\t\t<h2 class=\"elementor-heading-title elementor-size-default\">Prud\u00e8ncia en la interpretaci\u00f3<\/h2>\t\t\t\t<\/div>\n\t\t<div class=\"elementor-element elementor-element-iwgs-lunulaslawis-s6box e-con-full e-flex e-con e-parent\" data-id=\"iwgs-lunulaslawis-s6box\" data-element_type=\"container\" data-e-type=\"container\">\n\t\t\t\t<div class=\"elementor-element elementor-element-iwgs-lunulaslawis-s6t elementor-widget elementor-widget-text-editor\" data-id=\"iwgs-lunulaslawis-s6t\" data-element_type=\"widget\" data-e-type=\"widget\" data-widget_type=\"text-editor.default\">\n\t\t\t\t\t\t\t\t\t<p>Tamb\u00e9 en el cas de la lunula eslava cal una certa prud\u00e8ncia en la interpretaci\u00f3, encara que el registre en aquest cas \u00e9s millor que en altres signes eslaus.<\/p><p>Ben documentat \u00e9s l&#8217;objecte en si. El registre arqueol\u00f2gic mostra l&#8217;<span class=\"iwg-fachbegriff\" data-tooltip=\"Objecte que es porta al cos i al qual s'atribueix un efecte protector contra el mal.\" tabindex=\"0\">amulet<\/span>, la seva forma, el seu material i la seva vinculaci\u00f3 amb les tombes femenines. Aquests fets estan ben establerts.<\/p><p>Tamb\u00e9 la relaci\u00f3 entre la forma de creixent i la lluna \u00e9s evident i ben fonamentada. La lunula \u00e9s, sense dubte, un signe lunar.<\/p><p>M\u00e9s dif\u00edcil \u00e9s determinar quines idees exactes associaven els eslaus a la lluna i a l&#8217;<span class=\"iwg-fachbegriff\" data-tooltip=\"Objecte que es porta al cos i al qual s'atribueix un efecte protector contra el mal.\" tabindex=\"0\">amulet<\/span>. Com que falten testimonis escrits, molt s&#8217;ha de deduir per comparaci\u00f3.<\/p><p>Les representacions actuals sovint atribueixen a la lunula significats molt precisos, com la vinculaci\u00f3 amb una determinada divinitat lunar. Aquestes atribucions tan concretes solen ser incertes.<\/p><p>Una presentaci\u00f3 honesta distingeix, doncs, tamb\u00e9 aqu\u00ed. L&#8217;objecte i la seva vinculaci\u00f3 amb la lluna estan ben establerts. Les idees religioses exactes dels eslaus continuen essent en gran part incertes.<\/p>\t\t\t\t\t\t\t\t<\/div>\n\t\t\t\t<\/div>\n\t\t\t\t\t<\/div>\n\t\t\t\t<\/div>\n\t\t<div class=\"elementor-element elementor-element-iwgs-lunulaslawis-s7 e-flex e-con-boxed e-con e-parent\" data-id=\"iwgs-lunulaslawis-s7\" data-element_type=\"container\" data-e-type=\"container\">\n\t\t\t\t\t<div class=\"e-con-inner\">\n\t\t\t\t<div class=\"elementor-element elementor-element-iwgs-lunulaslawis-s7h elementor-widget elementor-widget-heading\" data-id=\"iwgs-lunulaslawis-s7h\" data-element_type=\"widget\" data-e-type=\"widget\" data-widget_type=\"heading.default\">\n\t\t\t\t\t<h2 class=\"elementor-heading-title elementor-size-default\">La lunula al costat d'altres signes eslaus<\/h2>\t\t\t\t<\/div>\n\t\t<div class=\"elementor-element elementor-element-iwgs-lunulaslawis-s7box e-con-full e-flex e-con e-parent\" data-id=\"iwgs-lunulaslawis-s7box\" data-element_type=\"container\" data-e-type=\"container\">\n\t\t\t\t<div class=\"elementor-element elementor-element-iwgs-lunulaslawis-s7t elementor-widget elementor-widget-text-editor\" data-id=\"iwgs-lunulaslawis-s7t\" data-element_type=\"widget\" data-e-type=\"widget\" data-widget_type=\"text-editor.default\">\n\t\t\t\t\t\t\t\t\t<p>La lunula eslava s&#8217;inscriu al costat d&#8217;altres signes i mitjans de protecci\u00f3 eslaus. S&#8217;integra b\u00e9 en aquest quadre m\u00e9s ampli.<\/p><p>Com a objecte protector, la lunula pertany al grup dels oberegi, els mitjans de protecci\u00f3 eslaus. \u00c9s un membre concret i conegut per nom d&#8217;aquest grup.<\/p><p>Mentre la lunula porta el signe de la lluna, altres signes eslaus estan vinculats al sol. La roda solar, el <a href=\"https:\/\/iwell-guard.com\/ca\/?page_id=171907\">kolovrat<\/a>, \u00e9s un d&#8217;aquests signes solars.<\/p><p>Lluna i sol formen aix\u00ed una parella de signes astrals. La lunula pertany al costat de la lluna, el kolovrat al costat del sol.<\/p><p>Davant la lunula eslava, l&#8217;<span class=\"iwg-fachbegriff\" data-tooltip=\"Ci\u00e8ncia que estudia les cultures del passat a partir de troballes materials.\" tabindex=\"0\">arqueologia<\/span> t\u00e9 un avantatge important. A difer\u00e8ncia de signes com la M\u00e0 de D\u00e9u, la forma actual dels quals \u00e9s una reconstrucci\u00f3 moderna, la lunula est\u00e0 ben documentada gr\u00e0cies a troballes abundants.<\/p><p>La lunula \u00e9s, per tant, un <span class=\"iwg-fachbegriff\" data-tooltip=\"Objecte que es porta al cos i al qual s'atribueix un efecte protector contra el mal.\" tabindex=\"0\">amulet<\/span> eslau ben tangible. Mostra que el m\u00f3n eslau, al costat de signes transmesos amb incertesa, tamb\u00e9 coneixia objectes de protecci\u00f3 i ornament clarament documentats.<\/p>\t\t\t\t\t\t\t\t<\/div>\n\t\t\t\t<\/div>\n\t\t\t\t\t<\/div>\n\t\t\t\t<\/div>\n\t\t<div class=\"elementor-element elementor-element-iwgs-lunulaslawis-s8 e-flex e-con-boxed e-con e-parent\" data-id=\"iwgs-lunulaslawis-s8\" data-element_type=\"container\" data-e-type=\"container\">\n\t\t\t\t\t<div class=\"e-con-inner\">\n\t\t\t\t<div class=\"elementor-element elementor-element-iwgs-lunulaslawis-s8h elementor-widget elementor-widget-heading\" data-id=\"iwgs-lunulaslawis-s8h\" data-element_type=\"widget\" data-e-type=\"widget\" data-widget_type=\"heading.default\">\n\t\t\t\t\t<h2 class=\"elementor-heading-title elementor-size-default\">Recepci\u00f3 actual<\/h2>\t\t\t\t<\/div>\n\t\t<div class=\"elementor-element elementor-element-iwgs-lunulaslawis-s8box e-con-full e-flex e-con e-parent\" data-id=\"iwgs-lunulaslawis-s8box\" data-element_type=\"container\" data-e-type=\"container\">\n\t\t\t\t<div class=\"elementor-element elementor-element-iwgs-lunulaslawis-s8t elementor-widget elementor-widget-text-editor\" data-id=\"iwgs-lunulaslawis-s8t\" data-element_type=\"widget\" data-e-type=\"widget\" data-widget_type=\"text-editor.default\">\n\t\t\t\t\t\t\t\t\t<p>La lunula eslava \u00e9s avui, sobretot, un objecte arqueol\u00f2gic i d&#8217;hist\u00f2ria de les religions, per\u00f2 tamb\u00e9 ha trobat una recepci\u00f3 m\u00e9s recent.<\/p><p>A les col\u00b7leccions arqueol\u00f2giques dels pa\u00efsos de llengua eslava, les lunules hi s\u00f3n ben representades. Formen part de les troballes d&#8217;ornaments freq\u00fcents i reveladores de l&#8217;edat mitjana eslava.<\/p><p>En el moviment neoeslau i en l&#8217;artesania actual, la lunula es reprodueix avui en dia. Es fabriquen penjolls inspirats en les antigues troballes i es porten com a ornament eslau.<\/p><p>En aquest \u00fas modern, la lunula es troba en una posici\u00f3 relativament bona. Com que es tracta d&#8217;un objecte antic ben documentat, la seva reproducci\u00f3 es basa en una base de troballes s\u00f2lida.<\/p><p>Tot i aix\u00ed, tamb\u00e9 aqu\u00ed cal prud\u00e8ncia en la interpretaci\u00f3. Els significats precisos que s&#8217;atribueixen avui a una lunula solen ser interpretacions modernes, no documentades en fonts antigues.<\/p><p>La lunula eslava \u00e9s, per tant, un exemple notable d&#8217;un amulet lunar ben documentat. En ella s&#8217;uneixen la forma de la creixent lunar, el ric registre arqueol\u00f2gic, l&#8217;ornament femen\u00ed i el desig de protecci\u00f3 i <span class=\"iwg-fachbegriff\" data-tooltip=\"Concessi\u00f3 de benestar i protecci\u00f3, sovint en una f\u00f3rmula ling\u00fc\u00edstica fixa.\" tabindex=\"0\">guariment<\/span>.<\/p>\t\t\t\t\t\t\t\t<\/div>\n\t\t\t\t<\/div>\n\t\t\t\t\t<\/div>\n\t\t\t\t<\/div>\n\t\t<div class=\"elementor-element elementor-element-iwgs-lunulaslawis-lit e-flex e-con-boxed e-con e-parent\" data-id=\"iwgs-lunulaslawis-lit\" data-element_type=\"container\" data-e-type=\"container\">\n\t\t\t\t\t<div class=\"e-con-inner\">\n\t\t\t\t<div class=\"elementor-element elementor-element-iwgs-lunulaslawis-lith elementor-widget elementor-widget-heading\" data-id=\"iwgs-lunulaslawis-lith\" data-element_type=\"widget\" data-e-type=\"widget\" data-widget_type=\"heading.default\">\n\t\t\t\t\t<h2 class=\"elementor-heading-title elementor-size-default\">Bibliografia (selecci\u00f3)<\/h2>\t\t\t\t<\/div>\n\t\t<div class=\"elementor-element elementor-element-iwgs-lunulaslawis-litbox e-con-full e-flex e-con e-parent\" data-id=\"iwgs-lunulaslawis-litbox\" data-element_type=\"container\" data-e-type=\"container\">\n\t\t\t\t<div class=\"elementor-element elementor-element-iwgs-lunulaslawis-litt elementor-widget elementor-widget-html\" data-id=\"iwgs-lunulaslawis-litt\" data-element_type=\"widget\" data-e-type=\"widget\" data-widget_type=\"html.default\">\n\t\t\t\t\t<footer data-nosnippet=\"true\"><ul><li>Aleksander Gieysztor: <em>Mitologia S\u0142owian<\/em> (1982)<\/li><li>Andrzej Szyjewski: <em>Religia S\u0142owian<\/em> (2003)<\/li><li>Kazimierz Moszy\u0144ski: <em>Kultura ludowa S\u0142owian<\/em> (1929)<\/li><li>Linda J. Ivanits: <em>Russian Folk Belief<\/em> (1989)<\/li><li>Witold Hensel: <em>S\u0142owia\u0144szczyzna wczesno\u015bredniowieczna<\/em> (1956)<\/li><\/ul><\/footer>\t\t\t\t<\/div>\n\t\t\t\t<\/div>\n\t\t\t\t\t<\/div>\n\t\t\t\t<\/div>\n\t\t<div class=\"elementor-element elementor-element-iwgs-lunulaslawis-kwd e-flex e-con-boxed e-con e-parent\" data-id=\"iwgs-lunulaslawis-kwd\" data-element_type=\"container\" data-e-type=\"container\">\n\t\t\t\t\t<div class=\"e-con-inner\">\n\t\t\t\t<div class=\"elementor-element elementor-element-iwgs-lunulaslawis-kwdt elementor-widget elementor-widget-text-editor\" data-id=\"iwgs-lunulaslawis-kwdt\" data-element_type=\"widget\" data-e-type=\"widget\" data-widget_type=\"text-editor.default\">\n\t\t\t\t\t\t\t\t\t<p><em>Termes clau relacionats: l\u00fanula eslava, amulet lunar, mitja lluna, ornament femen\u00ed, edat mitjana eslava, troballa arqueol\u00f2gica, bronze, plata, obereg, lluna.<\/em><\/p>\t\t\t\t\t\t\t\t<\/div>\n\t\t\t\t\t<\/div>\n\t\t\t\t<\/div>\n\t\t<div class=\"elementor-element elementor-element-iwgs-lunulaslawis-cc e-flex e-con-boxed e-con e-parent\" data-id=\"iwgs-lunulaslawis-cc\" data-element_type=\"container\" data-e-type=\"container\" id=\"iwg-cc-lunula-slawisch\">\n\t\t\t\t\t<div class=\"e-con-inner\">\n\t\t<div class=\"elementor-element elementor-element-iwgs-lunulaslawis-ccinner e-flex e-con-boxed e-con e-parent\" data-id=\"iwgs-lunulaslawis-ccinner\" data-element_type=\"container\" data-e-type=\"container\" data-settings=\"{&quot;background_background&quot;:&quot;classic&quot;}\">\n\t\t\t\t\t<div class=\"e-con-inner\">\n\t\t\t\t<div class=\"elementor-element elementor-element-iwgs-lunulaslawis-cch elementor-widget elementor-widget-heading\" data-id=\"iwgs-lunulaslawis-cch\" data-element_type=\"widget\" data-e-type=\"widget\" data-widget_type=\"heading.default\">\n\t\t\t\t\t<h2 class=\"elementor-heading-title elementor-size-default\">iWell Guard i tradicions de protecci\u00f3<\/h2>\t\t\t\t<\/div>\n\t\t\t\t<div class=\"elementor-element elementor-element-iwgs-lunulaslawis-cct elementor-widget elementor-widget-text-editor\" data-id=\"iwgs-lunulaslawis-cct\" data-element_type=\"widget\" data-e-type=\"widget\" data-widget_type=\"text-editor.default\">\n\t\t\t\t\t\t\t\t\t<div data-nosnippet=\"true\"><p>iWell Guard s&#8217;inscriu en la l\u00ednia hist\u00f2rico-cultural dels objectes de protecci\u00f3 port\u00e0tils, a la qual tamb\u00e9 pertany la lunula. Un company modern per a persones que viuen amb s\u00edmbols de protecci\u00f3: fabricat a Alemanya, 41 capes d&#8217;or, plat\u00ed i plata aut\u00e8ntics, amb dret de devoluci\u00f3 de 30 dies.<\/p><\/div>\t\t\t\t\t\t\t\t<\/div>\n\t\t\t\t<div class=\"elementor-element elementor-element-iwgs-lunulaslawis-ccb iwg-cc-button iwg-cc-cta-2026-05-13 elementor-widget elementor-widget-jet-button\" data-id=\"iwgs-lunulaslawis-ccb\" data-element_type=\"widget\" data-e-type=\"widget\" data-widget_type=\"jet-button.default\">\n\t\t\t\t<div class=\"elementor-widget-container\">\n\t\t\t\t\t<div class=\"elementor-jet-button jet-elements\"><div class=\"jet-button__container\"><a class=\"jet-button__instance jet-button__instance--icon-left hover-effect-1\" href=\"\/schutzanhaenger-iwell-guard-kaufen\/?utm_source=iwell-guard.com&amp;utm_medium=info-box&amp;utm_campaign=schutzsymbole\"><div class=\"jet-button__plane jet-button__plane-normal\"><\/div><div class=\"jet-button__plane jet-button__plane-hover\"><\/div><div class=\"jet-button__state jet-button__state-normal\"><span class=\"jet-button__label\">M\u00e9s informaci\u00f3 sobre l'iWell Guard<\/span><\/div><div class=\"jet-button__state jet-button__state-hover\"><span class=\"jet-button__label\">M\u00e9s informaci\u00f3 sobre l'iWell Guard<\/span><\/div><\/a><\/div><\/div><style>.elementor-element.elementor-element-iwgs-lunulaslawis-ccb .jet-button__instance{width:320px;height:56px;}.elementor-element.elementor-element-iwgs-lunulaslawis-ccb .jet-button__state-normal .jet-button__label{text-align:center;margin:0px 0px 0px 0px;color:#1a1b20;font-family:Montserrat,sans-serif;font-size:13px;font-weight:400;letter-spacing:4px;line-height:1.714em;text-transform:uppercase;}.elementor-element.elementor-element-iwgs-lunulaslawis-ccb .jet-button__state-hover .jet-button__label{text-align:center;margin:0px 0px 0px 0px;color:#FECC76;font-family:Montserrat,sans-serif;font-size:13px;font-weight:400;letter-spacing:4px;line-height:1.714em;text-transform:uppercase;}.elementor-element.elementor-element-iwgs-lunulaslawis-ccb .jet-button__plane-normal{background-color:#FECC76;border-style:solid;border-color:#C99540;border-width:2px 2px 2px 2px;}.elementor-element.elementor-element-iwgs-lunulaslawis-ccb .jet-button__plane-hover{background-color:rgba(0,0,0,0.55);border-style:solid;border-color:#FECC76;border-width:2px 2px 2px 2px;}<\/style>\t\t\t\t<\/div>\n\t\t\t\t<\/div>\n\t\t\t\t<div class=\"elementor-element elementor-element-iwgs-lunulaslawis-ccd elementor-widget elementor-widget-text-editor\" data-id=\"iwgs-lunulaslawis-ccd\" data-element_type=\"widget\" data-e-type=\"widget\" data-widget_type=\"text-editor.default\">\n\t\t\t\t\t\t\t\t\t<p style=\"text-align:center;font-size:13px;opacity:0.7;margin-top:14px\" data-nosnippet=\"true\">Les experi\u00e8ncies personals poden variar. No \u00e9s un producte sanitari. No es garanteix cap curaci\u00f3.<\/p>\t\t\t\t\t\t\t\t<\/div>\n\t\t\t\t\t<\/div>\n\t\t\t\t<\/div>\n\t\t\t\t\t<\/div>\n\t\t\t\t<\/div>\n\t\t<div class=\"elementor-element elementor-element-iwgs-lunulaslawis-disc e-flex e-con-boxed e-con e-parent\" data-id=\"iwgs-lunulaslawis-disc\" data-element_type=\"container\" data-e-type=\"container\">\n\t\t\t\t\t<div class=\"e-con-inner\">\n\t\t\t\t<div class=\"elementor-element elementor-element-iwgs-lunulaslawis-discw elementor-widget elementor-widget-html\" data-id=\"iwgs-lunulaslawis-discw\" data-element_type=\"widget\" data-e-type=\"widget\" data-widget_type=\"html.default\">\n\t\t\t\t\t<footer data-nosnippet=\"true\" class=\"iwg-disclaimer-block\"><p data-nosnippet=\"true\">iWell Guard <strong>no \u00e9s un producte sanitari<\/strong> i no substitueix cap tractament m\u00e8dic o psicoterap\u00e8utic. Els continguts presentats aqu\u00ed s\u00f3n una contextualitzaci\u00f3 des de la ci\u00e8ncia de les religions i la hist\u00f2ria cultural, no una promesa d'efecte espiritual.<\/p><\/footer>\t\t\t\t<\/div>\n\t\t\t\t\t<\/div>\n\t\t\t\t<\/div>\n\t\t\t\t<\/div>\n\t\t","protected":false},"excerpt":{"rendered":"","protected":false},"author":3,"featured_media":3496,"parent":0,"menu_order":0,"comment_status":"closed","ping_status":"closed","template":"elementor_header_footer","meta":{"_yoast_wpseo_focuskw":"l\u00fanula eslava","_yoast_wpseo_title":"L\u00fanula eslava: l'amulet lunar","_yoast_wpseo_metadesc":"La l\u00fanula eslava \u00e9s un amulet en forma de mitja lluna, dut sobretot per dones. Origen i significat explicats de manera comprensible.","_yoast_wpseo_meta-robots-noindex":"","_yoast_wpseo_canonical":"","_angie_page":false,"gefaehrdungsstufe":"","wesen_kultur":"","wesen_klasse":"","footnotes":""},"categories":[],"class_list":["post-171968","page","type-page","status-publish","has-post-thumbnail","hentry"],"yoast_head":"<!-- This site is optimized with the Yoast SEO Premium plugin v27.7 (Yoast SEO v28.3) - https:\/\/yoast.com\/product\/yoast-seo-premium-wordpress\/ -->\n<title>L\u00fanula eslava: l&#039;amulet lunar<\/title>\n<meta name=\"description\" content=\"La l\u00fanula eslava \u00e9s un amulet en forma de mitja lluna, dut sobretot per dones. Origen i significat explicats de manera comprensible.\" \/>\n<meta name=\"robots\" content=\"index, follow, max-snippet:-1, max-image-preview:large, max-video-preview:-1\" \/>\n<link rel=\"canonical\" href=\"https:\/\/iwell-guard.com\/ca\/lunula-eslava-amulet-mitja-lluna\/\" \/>\n<meta property=\"og:locale\" content=\"ca_ES\" \/>\n<meta property=\"og:type\" content=\"article\" \/>\n<meta property=\"og:title\" content=\"La l\u00fanula eslava: l&#039;amulet en forma de mitja lluna\" \/>\n<meta property=\"og:description\" content=\"La l\u00fanula eslava \u00e9s un amulet en forma de mitja lluna, dut sobretot per dones. Origen i significat explicats de manera comprensible.\" \/>\n<meta property=\"og:url\" content=\"https:\/\/iwell-guard.com\/ca\/lunula-eslava-amulet-mitja-lluna\/\" \/>\n<meta property=\"og:site_name\" content=\"iWell Guard\" \/>\n<meta property=\"article:modified_time\" content=\"2026-09-05T16:11:55+00:00\" \/>\n<meta property=\"og:image\" content=\"https:\/\/iwell-guard.com\/wp-content\/uploads\/2026\/05\/schutzsymbol_slawisch_lunula.webp\" \/>\n\t<meta property=\"og:image:width\" content=\"1024\" \/>\n\t<meta property=\"og:image:height\" content=\"1536\" \/>\n\t<meta property=\"og:image:type\" content=\"image\/webp\" \/>\n<meta name=\"twitter:card\" content=\"summary_large_image\" \/>\n<script type=\"application\/ld+json\" class=\"yoast-schema-graph\">{\"@context\":\"https:\\\/\\\/schema.org\",\"@graph\":[{\"@type\":\"WebPage\",\"@id\":\"https:\\\/\\\/iwell-guard.com\\\/ca\\\/lunula-eslava-amulet-mitja-lluna\\\/\",\"url\":\"https:\\\/\\\/iwell-guard.com\\\/ca\\\/lunula-eslava-amulet-mitja-lluna\\\/\",\"name\":\"L\u00fanula eslava: l'amulet lunar\",\"isPartOf\":{\"@id\":\"https:\\\/\\\/iwell-guard.com\\\/ca\\\/#website\"},\"primaryImageOfPage\":{\"@id\":\"https:\\\/\\\/iwell-guard.com\\\/ca\\\/lunula-eslava-amulet-mitja-lluna\\\/#primaryimage\"},\"image\":{\"@id\":\"https:\\\/\\\/iwell-guard.com\\\/ca\\\/lunula-eslava-amulet-mitja-lluna\\\/#primaryimage\"},\"thumbnailUrl\":\"https:\\\/\\\/iwell-guard.com\\\/wp-content\\\/uploads\\\/2026\\\/05\\\/schutzsymbol_slawisch_lunula.webp\",\"datePublished\":\"2026-09-05T15:43:58+00:00\",\"dateModified\":\"2026-09-05T16:11:55+00:00\",\"description\":\"La l\u00fanula eslava \u00e9s un amulet en forma de mitja lluna, dut sobretot per dones. Origen i significat explicats de manera comprensible.\",\"breadcrumb\":{\"@id\":\"https:\\\/\\\/iwell-guard.com\\\/ca\\\/lunula-eslava-amulet-mitja-lluna\\\/#breadcrumb\"},\"inLanguage\":\"ca\",\"potentialAction\":[{\"@type\":\"ReadAction\",\"target\":[\"https:\\\/\\\/iwell-guard.com\\\/ca\\\/lunula-eslava-amulet-mitja-lluna\\\/\"]}]},{\"@type\":\"ImageObject\",\"inLanguage\":\"ca\",\"@id\":\"https:\\\/\\\/iwell-guard.com\\\/ca\\\/lunula-eslava-amulet-mitja-lluna\\\/#primaryimage\",\"url\":\"https:\\\/\\\/iwell-guard.com\\\/wp-content\\\/uploads\\\/2026\\\/05\\\/schutzsymbol_slawisch_lunula.webp\",\"contentUrl\":\"https:\\\/\\\/iwell-guard.com\\\/wp-content\\\/uploads\\\/2026\\\/05\\\/schutzsymbol_slawisch_lunula.webp\",\"width\":1024,\"height\":1536,\"caption\":\"S\u00edmbol de protecci\u00f3. Il\u00b7lustraci\u00f3 muse\u00edstica de bodeg\u00f3.\"},{\"@type\":\"BreadcrumbList\",\"@id\":\"https:\\\/\\\/iwell-guard.com\\\/ca\\\/lunula-eslava-amulet-mitja-lluna\\\/#breadcrumb\",\"itemListElement\":[{\"@type\":\"ListItem\",\"position\":1,\"name\":\"Start\",\"item\":\"https:\\\/\\\/iwell-guard.com\\\/ca\\\/?page_id=171333\"},{\"@type\":\"ListItem\",\"position\":2,\"name\":\"La l\u00fanula eslava: l&#8217;amulet en forma de mitja lluna\"}]},{\"@type\":\"WebSite\",\"@id\":\"https:\\\/\\\/iwell-guard.com\\\/ca\\\/#website\",\"url\":\"https:\\\/\\\/iwell-guard.com\\\/ca\\\/\",\"name\":\"iWell Guard\",\"description\":\"Schutz vor dunklen Einfl\u00fcssen\",\"publisher\":{\"@id\":\"https:\\\/\\\/iwell-guard.com\\\/ca\\\/#organization\"},\"potentialAction\":[{\"@type\":\"SearchAction\",\"target\":{\"@type\":\"EntryPoint\",\"urlTemplate\":\"https:\\\/\\\/iwell-guard.com\\\/ca\\\/?s={search_term_string}\"},\"query-input\":{\"@type\":\"PropertyValueSpecification\",\"valueRequired\":true,\"valueName\":\"search_term_string\"}}],\"inLanguage\":\"ca\"},{\"@type\":\"Organization\",\"@id\":\"https:\\\/\\\/iwell-guard.com\\\/ca\\\/#organization\",\"name\":\"Ittermann electronic GmbH\",\"url\":\"https:\\\/\\\/iwell-guard.com\\\/ca\\\/\",\"logo\":{\"@type\":\"ImageObject\",\"inLanguage\":\"ca\",\"@id\":\"https:\\\/\\\/iwell-guard.com\\\/ca\\\/#\\\/schema\\\/logo\\\/image\\\/\",\"url\":\"https:\\\/\\\/iwell-guard.com\\\/wp-content\\\/uploads\\\/2026\\\/05\\\/Ittermann-Logo-1182x237-1.png\",\"contentUrl\":\"https:\\\/\\\/iwell-guard.com\\\/wp-content\\\/uploads\\\/2026\\\/05\\\/Ittermann-Logo-1182x237-1.png\",\"width\":1182,\"height\":237,\"caption\":\"Ittermann electronic GmbH\"},\"image\":{\"@id\":\"https:\\\/\\\/iwell-guard.com\\\/ca\\\/#\\\/schema\\\/logo\\\/image\\\/\"},\"sameAs\":[\"https:\\\/\\\/pantip.com\\\/profile\\\/9367242\",\"https:\\\/\\\/micro.blog\\\/iwellguard\",\"https:\\\/\\\/www.diggerslist.com\\\/iwellguard\\\/about\",\"https:\\\/\\\/skitterphoto.com\\\/photographers\\\/2870314\\\/iwell-guard\",\"https:\\\/\\\/iwellguard.wordpress.com\\\/2026\\\/06\\\/06\\\/iwell-guard\\\/\",\"https:\\\/\\\/hub.docker.com\\\/u\\\/iwellguard\",\"https:\\\/\\\/www.pinterest.com\\\/iwellguard\\\/\",\"https:\\\/\\\/bit.ly\\\/m\\\/iwellguard\",\"https:\\\/\\\/entre-vos-mains.alsace.eu\\\/profiles\\\/iwellguard\\\/activity\",\"https:\\\/\\\/gravatar.com\\\/reallybeded8fd34\",\"https:\\\/\\\/naijamatta.com\\\/iwellguard\",\"https:\\\/\\\/www.goodreads.com\\\/iwellguard\",\"https:\\\/\\\/profile.hatena.ne.jp\\\/iwellguard\\\/\",\"https:\\\/\\\/experiment.com\\\/users\\\/iwellguard\",\"https:\\\/\\\/wakelet.com\\\/@iWellGuard82270\",\"https:\\\/\\\/www.chordie.com\\\/forum\\\/profile.php?id=2555664\",\"https:\\\/\\\/www.instapaper.com\\\/p\\\/17757966\",\"https:\\\/\\\/www.mapleprimes.com\\\/users\\\/iwellguard\",\"https:\\\/\\\/businesslistingplus.com\\\/profile\\\/iwell-guard\\\/\",\"https:\\\/\\\/telegra.ph\\\/iWell-Guard-06-06\",\"https:\\\/\\\/pbase.com\\\/iwellguard\\\/iwellguard\",\"https:\\\/\\\/b.hatena.ne.jp\\\/iwellguard\\\/20260607#bookmark-4788405196491818882\",\"https:\\\/\\\/fliphtml5.com\\\/home\\\/iwellguard\",\"https:\\\/\\\/anyflip.com\\\/homepage\\\/cmiwl#About\",\"https:\\\/\\\/transfur.com\\\/Users\\\/iwellguard\",\"http:\\\/\\\/delphi.larsbo.org\\\/user\\\/iwellguard\",\"https:\\\/\\\/jobs.lajobsportal.org\\\/profiles\\\/8380803-iwell-guard\",\"https:\\\/\\\/md.chaosdorf.de\\\/s\\\/jfbe5SBdJD\",\"https:\\\/\\\/www.lingvolive.com\\\/en-us\\\/profile\\\/9ecaeaca-ce11-4e51-9e71-01d55e2bff36\\\/translations\",\"https:\\\/\\\/www.fitday.com\\\/fitness\\\/forums\\\/members\\\/iwellguard.html\",\"https:\\\/\\\/www.mymeetbook.com\\\/iwellguard\",\"https:\\\/\\\/pxhere.com\\\/en\\\/photographer-me\\\/5040798\",\"https:\\\/\\\/disqus.com\\\/by\\\/iwellguard\\\/about\\\/\",\"https:\\\/\\\/pastelink.net\\\/hjwciqwq\",\"https:\\\/\\\/pubhtml5.com\\\/homepage\\\/scjhn\\\/\",\"https:\\\/\\\/www.bitchute.com\\\/channel\\\/2O2eOKzNqujT\",\"https:\\\/\\\/audiomack.com\\\/iwellguard\"]}]}<\/script>\n<!-- \/ Yoast SEO Premium plugin. -->","yoast_head_json":{"title":"L\u00fanula eslava: l'amulet lunar","description":"La l\u00fanula eslava \u00e9s un amulet en forma de mitja lluna, dut sobretot per dones. Origen i significat explicats de manera comprensible.","robots":{"index":"index","follow":"follow","max-snippet":"max-snippet:-1","max-image-preview":"max-image-preview:large","max-video-preview":"max-video-preview:-1"},"canonical":"https:\/\/iwell-guard.com\/ca\/lunula-eslava-amulet-mitja-lluna\/","og_locale":"ca_ES","og_type":"article","og_title":"La l\u00fanula eslava: l'amulet en forma de mitja lluna","og_description":"La l\u00fanula eslava \u00e9s un amulet en forma de mitja lluna, dut sobretot per dones. Origen i significat explicats de manera comprensible.","og_url":"https:\/\/iwell-guard.com\/ca\/lunula-eslava-amulet-mitja-lluna\/","og_site_name":"iWell Guard","article_modified_time":"2026-09-05T16:11:55+00:00","og_image":[{"width":1024,"height":1536,"url":"https:\/\/iwell-guard.com\/wp-content\/uploads\/2026\/05\/schutzsymbol_slawisch_lunula.webp","type":"image\/webp"}],"twitter_card":"summary_large_image","schema":{"@context":"https:\/\/schema.org","@graph":[{"@type":"WebPage","@id":"https:\/\/iwell-guard.com\/ca\/lunula-eslava-amulet-mitja-lluna\/","url":"https:\/\/iwell-guard.com\/ca\/lunula-eslava-amulet-mitja-lluna\/","name":"L\u00fanula eslava: l'amulet lunar","isPartOf":{"@id":"https:\/\/iwell-guard.com\/ca\/#website"},"primaryImageOfPage":{"@id":"https:\/\/iwell-guard.com\/ca\/lunula-eslava-amulet-mitja-lluna\/#primaryimage"},"image":{"@id":"https:\/\/iwell-guard.com\/ca\/lunula-eslava-amulet-mitja-lluna\/#primaryimage"},"thumbnailUrl":"https:\/\/iwell-guard.com\/wp-content\/uploads\/2026\/05\/schutzsymbol_slawisch_lunula.webp","datePublished":"2026-09-05T15:43:58+00:00","dateModified":"2026-09-05T16:11:55+00:00","description":"La l\u00fanula eslava \u00e9s un amulet en forma de mitja lluna, dut sobretot per dones. Origen i significat explicats de manera comprensible.","breadcrumb":{"@id":"https:\/\/iwell-guard.com\/ca\/lunula-eslava-amulet-mitja-lluna\/#breadcrumb"},"inLanguage":"ca","potentialAction":[{"@type":"ReadAction","target":["https:\/\/iwell-guard.com\/ca\/lunula-eslava-amulet-mitja-lluna\/"]}]},{"@type":"ImageObject","inLanguage":"ca","@id":"https:\/\/iwell-guard.com\/ca\/lunula-eslava-amulet-mitja-lluna\/#primaryimage","url":"https:\/\/iwell-guard.com\/wp-content\/uploads\/2026\/05\/schutzsymbol_slawisch_lunula.webp","contentUrl":"https:\/\/iwell-guard.com\/wp-content\/uploads\/2026\/05\/schutzsymbol_slawisch_lunula.webp","width":1024,"height":1536,"caption":"S\u00edmbol de protecci\u00f3. Il\u00b7lustraci\u00f3 muse\u00edstica de bodeg\u00f3."},{"@type":"BreadcrumbList","@id":"https:\/\/iwell-guard.com\/ca\/lunula-eslava-amulet-mitja-lluna\/#breadcrumb","itemListElement":[{"@type":"ListItem","position":1,"name":"Start","item":"https:\/\/iwell-guard.com\/ca\/?page_id=171333"},{"@type":"ListItem","position":2,"name":"La l\u00fanula eslava: l&#8217;amulet en forma de mitja lluna"}]},{"@type":"WebSite","@id":"https:\/\/iwell-guard.com\/ca\/#website","url":"https:\/\/iwell-guard.com\/ca\/","name":"iWell Guard","description":"Schutz vor dunklen Einfl\u00fcssen","publisher":{"@id":"https:\/\/iwell-guard.com\/ca\/#organization"},"potentialAction":[{"@type":"SearchAction","target":{"@type":"EntryPoint","urlTemplate":"https:\/\/iwell-guard.com\/ca\/?s={search_term_string}"},"query-input":{"@type":"PropertyValueSpecification","valueRequired":true,"valueName":"search_term_string"}}],"inLanguage":"ca"},{"@type":"Organization","@id":"https:\/\/iwell-guard.com\/ca\/#organization","name":"Ittermann electronic GmbH","url":"https:\/\/iwell-guard.com\/ca\/","logo":{"@type":"ImageObject","inLanguage":"ca","@id":"https:\/\/iwell-guard.com\/ca\/#\/schema\/logo\/image\/","url":"https:\/\/iwell-guard.com\/wp-content\/uploads\/2026\/05\/Ittermann-Logo-1182x237-1.png","contentUrl":"https:\/\/iwell-guard.com\/wp-content\/uploads\/2026\/05\/Ittermann-Logo-1182x237-1.png","width":1182,"height":237,"caption":"Ittermann electronic GmbH"},"image":{"@id":"https:\/\/iwell-guard.com\/ca\/#\/schema\/logo\/image\/"},"sameAs":["https:\/\/pantip.com\/profile\/9367242","https:\/\/micro.blog\/iwellguard","https:\/\/www.diggerslist.com\/iwellguard\/about","https:\/\/skitterphoto.com\/photographers\/2870314\/iwell-guard","https:\/\/iwellguard.wordpress.com\/2026\/06\/06\/iwell-guard\/","https:\/\/hub.docker.com\/u\/iwellguard","https:\/\/www.pinterest.com\/iwellguard\/","https:\/\/bit.ly\/m\/iwellguard","https:\/\/entre-vos-mains.alsace.eu\/profiles\/iwellguard\/activity","https:\/\/gravatar.com\/reallybeded8fd34","https:\/\/naijamatta.com\/iwellguard","https:\/\/www.goodreads.com\/iwellguard","https:\/\/profile.hatena.ne.jp\/iwellguard\/","https:\/\/experiment.com\/users\/iwellguard","https:\/\/wakelet.com\/@iWellGuard82270","https:\/\/www.chordie.com\/forum\/profile.php?id=2555664","https:\/\/www.instapaper.com\/p\/17757966","https:\/\/www.mapleprimes.com\/users\/iwellguard","https:\/\/businesslistingplus.com\/profile\/iwell-guard\/","https:\/\/telegra.ph\/iWell-Guard-06-06","https:\/\/pbase.com\/iwellguard\/iwellguard","https:\/\/b.hatena.ne.jp\/iwellguard\/20260607#bookmark-4788405196491818882","https:\/\/fliphtml5.com\/home\/iwellguard","https:\/\/anyflip.com\/homepage\/cmiwl#About","https:\/\/transfur.com\/Users\/iwellguard","http:\/\/delphi.larsbo.org\/user\/iwellguard","https:\/\/jobs.lajobsportal.org\/profiles\/8380803-iwell-guard","https:\/\/md.chaosdorf.de\/s\/jfbe5SBdJD","https:\/\/www.lingvolive.com\/en-us\/profile\/9ecaeaca-ce11-4e51-9e71-01d55e2bff36\/translations","https:\/\/www.fitday.com\/fitness\/forums\/members\/iwellguard.html","https:\/\/www.mymeetbook.com\/iwellguard","https:\/\/pxhere.com\/en\/photographer-me\/5040798","https:\/\/disqus.com\/by\/iwellguard\/about\/","https:\/\/pastelink.net\/hjwciqwq","https:\/\/pubhtml5.com\/homepage\/scjhn\/","https:\/\/www.bitchute.com\/channel\/2O2eOKzNqujT","https:\/\/audiomack.com\/iwellguard"]}]}},"_links":{"self":[{"href":"https:\/\/iwell-guard.com\/ca\/wp-json\/wp\/v2\/pages\/171968","targetHints":{"allow":["GET"]}}],"collection":[{"href":"https:\/\/iwell-guard.com\/ca\/wp-json\/wp\/v2\/pages"}],"about":[{"href":"https:\/\/iwell-guard.com\/ca\/wp-json\/wp\/v2\/types\/page"}],"author":[{"embeddable":true,"href":"https:\/\/iwell-guard.com\/ca\/wp-json\/wp\/v2\/users\/3"}],"replies":[{"embeddable":true,"href":"https:\/\/iwell-guard.com\/ca\/wp-json\/wp\/v2\/comments?post=171968"}],"version-history":[{"count":0,"href":"https:\/\/iwell-guard.com\/ca\/wp-json\/wp\/v2\/pages\/171968\/revisions"}],"wp:featuredmedia":[{"embeddable":true,"href":"https:\/\/iwell-guard.com\/ca\/wp-json\/wp\/v2\/media\/3496"}],"wp:attachment":[{"href":"https:\/\/iwell-guard.com\/ca\/wp-json\/wp\/v2\/media?parent=171968"}],"wp:term":[{"taxonomy":"category","embeddable":true,"href":"https:\/\/iwell-guard.com\/ca\/wp-json\/wp\/v2\/categories?post=171968"}],"curies":[{"name":"wp","href":"https:\/\/api.w.org\/{rel}","templated":true}]}}