{"id":171965,"date":"2026-09-05T15:43:56","date_gmt":"2026-09-05T15:43:56","guid":{"rendered":"https:\/\/iwell-guard.com\/?page_id=171965"},"modified":"2026-09-05T16:11:50","modified_gmt":"2026-09-05T16:11:50","slug":"nus-celta-patro-infinit","status":"publish","type":"page","link":"https:\/\/iwell-guard.com\/ca\/nus-celta-patro-infinit\/","title":{"rendered":"El nus celta \u2013 el patr\u00f3 de nusos infinit"},"content":{"rendered":"\t\t<div data-elementor-type=\"wp-page\" data-elementor-id=\"171965\" class=\"elementor elementor-171965 elementor-3705 elementor-bc-flex-widget\" data-elementor-post-type=\"page\">\n\t\t\t\t<div class=\"elementor-element elementor-element-iwgs-keltischerkn-hero e-flex e-con-boxed e-con e-parent\" data-id=\"iwgs-keltischerkn-hero\" data-element_type=\"container\" data-e-type=\"container\">\n\t\t\t\t\t<div class=\"e-con-inner\">\n\t\t<div class=\"elementor-element elementor-element-iwgs-keltischerkn-hl e-flex e-con-boxed e-con e-parent\" data-id=\"iwgs-keltischerkn-hl\" data-element_type=\"container\" data-e-type=\"container\">\n\t\t\t\t\t<div class=\"e-con-inner\">\n\t\t<div class=\"elementor-element elementor-element-iwgs-keltischerkn-hlbox e-con-full e-flex e-con e-parent\" data-id=\"iwgs-keltischerkn-hlbox\" data-element_type=\"container\" data-e-type=\"container\">\n\t\t\t\t<div class=\"elementor-element elementor-element-iwgs-keltischerkn-h1 elementor-widget elementor-widget-heading\" data-id=\"iwgs-keltischerkn-h1\" data-element_type=\"widget\" data-e-type=\"widget\" data-widget_type=\"heading.default\">\n\t\t\t\t\t<h1 class=\"elementor-heading-title elementor-size-default\">El nus celta \u2013 els patrons infinits de l'art insular<\/h1>\t\t\t\t<\/div>\n\t\t\t\t<div class=\"elementor-element elementor-element-iwgs-keltischerkn-lead elementor-widget elementor-widget-text-editor\" data-id=\"iwgs-keltischerkn-lead\" data-element_type=\"widget\" data-e-type=\"widget\" data-widget_type=\"text-editor.default\">\n\t\t\t\t\t\t\t\t\t<p>El nus celta designa els patrons entrella\u00e7ats de l&#8217;art insular. Formats a partir d&#8217;una \u00fanica cinta ininterrompuda, decoren manuscrits, creus de pedra i obres de metall de l&#8217;edat mitjana.<\/p>\t\t\t\t\t\t\t\t<\/div>\n\t\t\t\t<\/div>\n\t\t\t\t<div class=\"elementor-element elementor-element-iwgs-keltischerkn-pills elementor-widget elementor-widget-html\" data-id=\"iwgs-keltischerkn-pills\" data-element_type=\"widget\" data-e-type=\"widget\" data-widget_type=\"html.default\">\n\t\t\t\t\t<div class=\"iwg-pill-row\"><span class=\"iwg-klasse-badge\" tabindex=\"0\" data-tooltip=\"S\u00edmbol de protecci\u00f3, amulet u objecte apotropaic.\">S\u00edmbol de protecci\u00f3<\/span><a href=\"https:\/\/iwell-guard.com\/ca\/celtic\/\" class=\"iwg-kultur-badge\" tabindex=\"0\" data-tooltip=\"Tradici\u00f3 de protecci\u00f3: c\u00e8ltica\">C\u00e8ltica<\/a><span class=\"iwg-tradition-badge\" tabindex=\"0\" data-tooltip=\"Un s\u00edmbol de protecci\u00f3 en forma de nus entrella\u00e7at.\">S\u00edmbol de nus<\/span><\/div>\t\t\t\t<\/div>\n\t\t\t\t\t<\/div>\n\t\t\t\t<\/div>\n\t\t<div class=\"elementor-element elementor-element-iwgs-keltischerkn-hr e-con-full e-flex e-con e-parent\" data-id=\"iwgs-keltischerkn-hr\" data-element_type=\"container\" data-e-type=\"container\">\n\t\t\t\t<div class=\"elementor-element elementor-element-iwgs-keltischerkn-himg iwg-hero-image elementor-widget elementor-widget-image\" data-id=\"iwgs-keltischerkn-himg\" data-element_type=\"widget\" data-e-type=\"widget\" data-widget_type=\"image.default\">\n\t\t\t\t\t\t\t\t\t\t\t\t\t\t\t<img fetchpriority=\"high\" decoding=\"async\" width=\"683\" height=\"1024\" src=\"https:\/\/iwell-guard.com\/wp-content\/uploads\/2026\/05\/schutzsymbol_keltisch_keltischer-knoten-683x1024.webp\" class=\"attachment-large size-large wp-image-3484\" alt=\"El nus celta \u2013 el patr\u00f3 de nusos infinit\" srcset=\"https:\/\/iwell-guard.com\/wp-content\/uploads\/2026\/05\/schutzsymbol_keltisch_keltischer-knoten-683x1024.webp 683w, https:\/\/iwell-guard.com\/wp-content\/uploads\/2026\/05\/schutzsymbol_keltisch_keltischer-knoten-200x300.webp 200w, https:\/\/iwell-guard.com\/wp-content\/uploads\/2026\/05\/schutzsymbol_keltisch_keltischer-knoten-768x1152.webp 768w, https:\/\/iwell-guard.com\/wp-content\/uploads\/2026\/05\/schutzsymbol_keltisch_keltischer-knoten.webp 1024w\" sizes=\"(max-width: 683px) 100vw, 683px\" \/>\t\t\t\t\t\t\t\t\t\t\t\t\t\t\t<\/div>\n\t\t\t\t<\/div>\n\t\t\t\t\t<\/div>\n\t\t\t\t<\/div>\n\t\t<div class=\"elementor-element elementor-element-iwgs-keltischerkn-s0 e-flex e-con-boxed e-con e-parent\" data-id=\"iwgs-keltischerkn-s0\" data-element_type=\"container\" data-e-type=\"container\">\n\t\t\t\t\t<div class=\"e-con-inner\">\n\t\t\t\t<div class=\"elementor-element elementor-element-iwgs-keltischerkn-s0h elementor-widget elementor-widget-heading\" data-id=\"iwgs-keltischerkn-s0h\" data-element_type=\"widget\" data-e-type=\"widget\" data-widget_type=\"heading.default\">\n\t\t\t\t\t<h2 class=\"elementor-heading-title elementor-size-default\">Introducci\u00f3<\/h2>\t\t\t\t<\/div>\n\t\t<div class=\"elementor-element elementor-element-iwgs-keltischerkn-s0box e-con-full e-flex e-con e-parent\" data-id=\"iwgs-keltischerkn-s0box\" data-element_type=\"container\" data-e-type=\"container\">\n\t\t\t\t<div class=\"elementor-element elementor-element-iwgs-keltischerkn-s0t elementor-widget elementor-widget-text-editor\" data-id=\"iwgs-keltischerkn-s0t\" data-element_type=\"widget\" data-e-type=\"widget\" data-widget_type=\"text-editor.default\">\n\t\t\t\t\t\t\t\t\t<p>El nus celta \u00e9s un motiu ornamental associat al m\u00f3n <a href=\"https:\/\/iwell-guard.com\/ca\/celtic\/\">celta<\/a> i, m\u00e9s concretament, a l&#8217;art insular d&#8217;Irlanda i Brit\u00e0nia. \u00c9s una de les formes ornamentals m\u00e9s conegudes d&#8217;aquest art.<\/p><p>El patr\u00f3 es compon de cintes que s&#8217;entrellacen, s&#8217;encreuen i s&#8217;entrelliguen entre si. Sovint tot el teixit es forma a partir d&#8217;una \u00fanica cinta ininterrompuda, que no deixa recon\u00e8ixer ni principi ni final.<\/p><p>Aquests patrons de nusos decoren els grans manuscrits de l&#8217;alta edat mitjana, les creus de pedra, joies i obres de metall. Formen part del nucli de l&#8217;art ornamental insular.<\/p><p>El nus celta \u00e9s, en primer lloc, un motiu ornamental. En la majoria de casos no es pot documentar un significat religi\u00f3s fixat per als nusos individuals. En la interpretaci\u00f3 actual, la cinta infinita sovint es llegeix com un <span class=\"iwg-fachbegriff\" data-tooltip=\"Una imatge il\u00b7lustrativa que representa una idea abstracta.\" tabindex=\"0\">s\u00edmbol<\/span>.<\/p><p>En la <span class=\"iwg-fachbegriff\" data-tooltip=\"La ci\u00e8ncia que estudia les religions de manera comparativa i sense vincle de fe.\" tabindex=\"0\">ci\u00e8ncia de la religi\u00f3<\/span> i en la hist\u00f2ria de l&#8217;art, el nus celta \u00e9s un bon exemple de com una forma purament ornamental acaba rebent, m\u00e9s tard, significats que origin\u00e0riament no li eren propis.<\/p><p>Aquesta p\u00e0gina presenta el nus celta des del punt de vista de la protecci\u00f3 i el significat. Descriu els patrons, el seu origen, el seu \u00fas i la interpretaci\u00f3 actual de la cinta infinita.<\/p>\t\t\t\t\t\t\t\t<\/div>\n\t\t\t\t<\/div>\n\t\t\t\t\t<\/div>\n\t\t\t\t<\/div>\n\t\t<div class=\"elementor-element elementor-element-iwgs-keltischerkn-s1 e-flex e-con-boxed e-con e-parent\" data-id=\"iwgs-keltischerkn-s1\" data-element_type=\"container\" data-e-type=\"container\">\n\t\t\t\t\t<div class=\"e-con-inner\">\n\t\t\t\t<div class=\"elementor-element elementor-element-iwgs-keltischerkn-s1h elementor-widget elementor-widget-heading\" data-id=\"iwgs-keltischerkn-s1h\" data-element_type=\"widget\" data-e-type=\"widget\" data-widget_type=\"heading.default\">\n\t\t\t\t\t<h2 class=\"elementor-heading-title elementor-size-default\">La cinta infinita<\/h2>\t\t\t\t<\/div>\n\t\t<div class=\"elementor-element elementor-element-iwgs-keltischerkn-s1box e-con-full e-flex e-con e-parent\" data-id=\"iwgs-keltischerkn-s1box\" data-element_type=\"container\" data-e-type=\"container\">\n\t\t\t\t<div class=\"elementor-element elementor-element-iwgs-keltischerkn-s1t elementor-widget elementor-widget-text-editor\" data-id=\"iwgs-keltischerkn-s1t\" data-element_type=\"widget\" data-e-type=\"widget\" data-widget_type=\"text-editor.default\">\n\t\t\t\t\t\t\t\t\t<p>El tret m\u00e9s important del nus celta \u00e9s la cinta infinita. Molts d&#8217;aquests patrons estan dissenyats de manera que la cinta entrella\u00e7ada no t\u00e9 principi ni final.<\/p><p>Qui segueix un d&#8217;aquests patrons amb la mirada pot continuar seguint la cinta indefinidament sense arribar mai a un final. La cinta torna sempre sobre si mateixa i forma un teixit tancat.<\/p><p>Aquesta clausura \u00e9s el resultat d&#8217;una planificaci\u00f3 acurada. L&#8217;artista havia de guiar la cinta de manera que s&#8217;entrellac\u00e9s completament i, tot i aix\u00ed, segu\u00eds sent una \u00fanica l\u00ednia ininterrompuda.<\/p><p>Els patrons segueixen regles estrictes. Hi ha procediments fixos per determinar com una cinta passa per sobre i per sota d&#8217;altres cintes, de manera que resulti un teixit uniforme i ordenat.<\/p><p>Malgrat aquestes regles, la varietat de patrons \u00e9s gran. A partir de pocs procediments b\u00e0sics es poden formar innombrables nusos diferents, tant senzills com molt complexos.<\/p><p>La cinta infinita \u00e9s, doncs, el tret distintiu del nus celta. \u00c9s tamb\u00e9 el punt de partida de la interpretaci\u00f3 actual, que veu en la infinitud un <span class=\"iwg-fachbegriff\" data-tooltip=\"Una imatge il\u00b7lustrativa que representa una idea abstracta.\" tabindex=\"0\">s\u00edmbol<\/span> de l&#8217;infinit i de la perman\u00e8ncia.<\/p>\t\t\t\t\t\t\t\t<\/div>\n\t\t\t\t<\/div>\n\t\t\t\t\t<\/div>\n\t\t\t\t<\/div>\n\t\t<div class=\"elementor-element elementor-element-iwgs-keltischerkn-s2 e-flex e-con-boxed e-con e-parent\" data-id=\"iwgs-keltischerkn-s2\" data-element_type=\"container\" data-e-type=\"container\">\n\t\t\t\t\t<div class=\"e-con-inner\">\n\t\t\t\t<div class=\"elementor-element elementor-element-iwgs-keltischerkn-s2h elementor-widget elementor-widget-heading\" data-id=\"iwgs-keltischerkn-s2h\" data-element_type=\"widget\" data-e-type=\"widget\" data-widget_type=\"heading.default\">\n\t\t\t\t\t<h2 class=\"elementor-heading-title elementor-size-default\">Origen en l'art insular<\/h2>\t\t\t\t<\/div>\n\t\t<div class=\"elementor-element elementor-element-iwgs-keltischerkn-s2box e-con-full e-flex e-con e-parent\" data-id=\"iwgs-keltischerkn-s2box\" data-element_type=\"container\" data-e-type=\"container\">\n\t\t\t\t<div class=\"elementor-element elementor-element-iwgs-keltischerkn-s2t elementor-widget elementor-widget-text-editor\" data-id=\"iwgs-keltischerkn-s2t\" data-element_type=\"widget\" data-e-type=\"widget\" data-widget_type=\"text-editor.default\">\n\t\t\t\t\t\t\t\t\t<p>El nus celta t\u00e9 la seva expressi\u00f3 m\u00e9s coneguda en l&#8217;art insular. Aquest \u00e9s l&#8217;art que va sorgir a l&#8217;alta edat mitjana a Irlanda i Brit\u00e0nia.<\/p><p>L&#8217;art insular combina diverses arrels. Hi van confluir formes ornamentals celtes m\u00e9s antigues, juntament amb influ\u00e8ncies d&#8217;altres tradicions art\u00edstiques. D&#8217;aquesta combinaci\u00f3 va sorgir un estil propi i ric.<\/p><p>La cinta entrella\u00e7ada en si no \u00e9s un <span class=\"iwg-fachbegriff\" data-tooltip=\"Un element tem\u00e0tic recurrent en l'art o en la narrativa.\" tabindex=\"0\">motiu<\/span> exclusivament celta. Es troben cintes entrella\u00e7ades en diverses tradicions art\u00edstiques de l&#8217;<span class=\"iwg-fachbegriff\" data-tooltip=\"\u00c8poca de la cultura grega i romana, aproximadament del 800 aC al 600 dC.\" tabindex=\"0\">antiguitat<\/span> i de l&#8217;<span class=\"iwg-fachbegriff\" data-tooltip=\"\u00c8poca de transici\u00f3 entre l'antiguitat i l'edat mitjana, aproximadament del segle III al VII.\" tabindex=\"0\">antiguitat tardana<\/span>. L&#8217;art insular va recollir aquest <span class=\"iwg-fachbegriff\" data-tooltip=\"Un element tem\u00e0tic recurrent en l'art o en la narrativa.\" tabindex=\"0\">motiu<\/span> i el va desenvolupar de manera especialment rica.<\/p><p>L&#8217;art insular dels nusos va viure el seu apogeu a l&#8217;alta edat mitjana, en l&#8217;\u00e8poca en qu\u00e8 el cristianisme s&#8217;arrelava a Irlanda i Brit\u00e0nia. Moltes de les obres c\u00e8lebres es van crear en monestirs.<\/p><p>La denominaci\u00f3 de nus celta no \u00e9s, doncs, del tot exacta. Els patrons s\u00f3n m\u00e9s b\u00e9 una obra de l&#8217;art insular de l&#8217;edat mitjana cristiana que del m\u00f3n celta prerom\u00e0.<\/p><p>Una presentaci\u00f3 honesta ha de fer constar aquest fet. El nus celta est\u00e0 associat al m\u00f3n celta, per\u00f2 la seva expressi\u00f3 coneguda pertany a l&#8217;art insular de l&#8217;alta edat mitjana.<\/p>\t\t\t\t\t\t\t\t<\/div>\n\t\t\t\t<\/div>\n\t\t\t\t\t<\/div>\n\t\t\t\t<\/div>\n\t\t<div class=\"elementor-element elementor-element-iwgs-keltischerkn-s3 e-flex e-con-boxed e-con e-parent\" data-id=\"iwgs-keltischerkn-s3\" data-element_type=\"container\" data-e-type=\"container\">\n\t\t\t\t\t<div class=\"e-con-inner\">\n\t\t\t\t<div class=\"elementor-element elementor-element-iwgs-keltischerkn-s3h elementor-widget elementor-widget-heading\" data-id=\"iwgs-keltischerkn-s3h\" data-element_type=\"widget\" data-e-type=\"widget\" data-widget_type=\"heading.default\">\n\t\t\t\t\t<h2 class=\"elementor-heading-title elementor-size-default\">Nusos en manuscrits i sobre pedra<\/h2>\t\t\t\t<\/div>\n\t\t<div class=\"elementor-element elementor-element-iwgs-keltischerkn-s3box e-con-full e-flex e-con e-parent\" data-id=\"iwgs-keltischerkn-s3box\" data-element_type=\"container\" data-e-type=\"container\">\n\t\t\t\t<div class=\"elementor-element elementor-element-iwgs-keltischerkn-s3t elementor-widget elementor-widget-text-editor\" data-id=\"iwgs-keltischerkn-s3t\" data-element_type=\"widget\" data-e-type=\"widget\" data-widget_type=\"text-editor.default\">\n\t\t\t\t\t\t\t\t\t<p>El nus celta apareix sobretot en tres llocs, en els grans manuscrits, en les creus de pedra i en obres de metall.<\/p><p>Els c\u00e8lebres manuscrits de l&#8217;alta edat mitjana insular estan ricament decorats amb patrons de nusos. P\u00e0gines senceres estan cobertes de cintes entrella\u00e7ades, i tamb\u00e9 les grans inicials estan emmarcades en un treball de nusos.<\/p><p>Les creus de pedra tamb\u00e9 porten patrons de nusos. En aquestes grans creus aut\u00f2nomes, les cintes entrella\u00e7ades omplen les superf\u00edcies i emmarquen les escenes figuratives. La <a href=\"https:\/\/iwell-guard.com\/ca\/?page_id=171893\">creu celta<\/a> est\u00e0 estretament vinculada a aquest art.<\/p><p>Tamb\u00e9 les obres de metall, les joies i els objectes lit\u00fargics estan decorats amb treball de nusos. El treball fi dels orfebres executava el teixit de cintes a petita escala.<\/p><p>En tots aquests llocs, el nus compleix en primer lloc una funci\u00f3 ornamental. Omple superf\u00edcies, emmarca i estructura. L&#8217;art insular ha desenvolupat, a partir d&#8217;aquesta funci\u00f3, un ric sistema ornamental.<\/p><p>El nus celta \u00e9s, doncs, sobretot una forma ornamental de l&#8217;art insular cristi\u00e0. Els manuscrits, les creus de pedra i les obres de metall s\u00f3n les obres en qu\u00e8 assoleix la seva m\u00e0xima expressi\u00f3.<\/p>\t\t\t\t\t\t\t\t<\/div>\n\t\t\t\t<\/div>\n\t\t\t\t\t<\/div>\n\t\t\t\t<\/div>\n\t\t<div class=\"elementor-element elementor-element-iwgs-keltischerkn-s4 e-flex e-con-boxed e-con e-parent\" data-id=\"iwgs-keltischerkn-s4\" data-element_type=\"container\" data-e-type=\"container\">\n\t\t\t\t\t<div class=\"e-con-inner\">\n\t\t\t\t<div class=\"elementor-element elementor-element-iwgs-keltischerkn-s4h elementor-widget elementor-widget-heading\" data-id=\"iwgs-keltischerkn-s4h\" data-element_type=\"widget\" data-e-type=\"widget\" data-widget_type=\"heading.default\">\n\t\t\t\t\t<h2 class=\"elementor-heading-title elementor-size-default\">El nus al costat de l'espiral i la triqueta<\/h2>\t\t\t\t<\/div>\n\t\t<div class=\"elementor-element elementor-element-iwgs-keltischerkn-s4box e-con-full e-flex e-con e-parent\" data-id=\"iwgs-keltischerkn-s4box\" data-element_type=\"container\" data-e-type=\"container\">\n\t\t\t\t<div class=\"elementor-element elementor-element-iwgs-keltischerkn-s4t elementor-widget elementor-widget-text-editor\" data-id=\"iwgs-keltischerkn-s4t\" data-element_type=\"widget\" data-e-type=\"widget\" data-widget_type=\"text-editor.default\">\n\t\t\t\t\t\t\t\t\t<p>El nus c\u00e8ltic no \u00e9s un element a\u00efllat. Forma part d&#8217;un conjunt de motius i signes que, junts, constitueixen l&#8217;art ornamental insular.<\/p><p>A m\u00e9s del nus entrella\u00e7at, l&#8217;espiral \u00e9s un <span class=\"iwg-fachbegriff\" data-tooltip=\"Un element tem\u00e0tic recurrent en l'art o en la narraci\u00f3.\" tabindex=\"0\">motiu<\/span> important. Els motius en espiral es troben entre les formes ornamentals m\u00e9s antigues del m\u00f3n insular i es remunten a temps precristians.<\/p><p>Un signe propi, estretament emparentat, \u00e9s la triqueta, un nus triangular format per tres arcs entrella\u00e7ats. \u00c9s, en certa manera, un nus senzill i clarament definit, i es presenta a la p\u00e0gina sobre la <a href=\"https:\/\/iwell-guard.com\/ca\/?page_id=171892\">triqueta<\/a>.<\/p><p>Tamb\u00e9 les representacions d&#8217;animals entrella\u00e7ats formen part de l&#8217;art insular. En aquestes, els cossos, colls i extremitats dels animals s&#8217;entrellacen en un teixit emparentat amb els patrons de nusos.<\/p><p>Aquests diferents motius, el nus entrella\u00e7at, l&#8217;espiral, la triqueta i l&#8217;entrella\u00e7at animal, apareixen sovint junts. Junts formen el ric sistema ornamental dels manuscrits i les obres en pedra insulars.<\/p><p>El nus c\u00e8ltic \u00e9s, doncs, part d&#8217;un m\u00f3n ornamental complet. \u00c9s l&#8217;element m\u00e9s intricat i potser el m\u00e9s conegut d&#8217;aquest m\u00f3n, per\u00f2 sempre apareix en relaci\u00f3 amb l&#8217;espiral, la triqueta i l&#8217;entrella\u00e7at animal.<\/p>\t\t\t\t\t\t\t\t<\/div>\n\t\t\t\t<\/div>\n\t\t\t\t\t<\/div>\n\t\t\t\t<\/div>\n\t\t<div class=\"elementor-element elementor-element-iwgs-keltischerkn-s5 e-flex e-con-boxed e-con e-parent\" data-id=\"iwgs-keltischerkn-s5\" data-element_type=\"container\" data-e-type=\"container\">\n\t\t\t\t\t<div class=\"e-con-inner\">\n\t\t\t\t<div class=\"elementor-element elementor-element-iwgs-keltischerkn-s5h elementor-widget elementor-widget-heading\" data-id=\"iwgs-keltischerkn-s5h\" data-element_type=\"widget\" data-e-type=\"widget\" data-widget_type=\"heading.default\">\n\t\t\t\t\t<h2 class=\"elementor-heading-title elementor-size-default\">La q\u00fcesti\u00f3 del significat original<\/h2>\t\t\t\t<\/div>\n\t\t<div class=\"elementor-element elementor-element-iwgs-keltischerkn-s5box e-con-full e-flex e-con e-parent\" data-id=\"iwgs-keltischerkn-s5box\" data-element_type=\"container\" data-e-type=\"container\">\n\t\t\t\t<div class=\"elementor-element elementor-element-iwgs-keltischerkn-s5t elementor-widget elementor-widget-text-editor\" data-id=\"iwgs-keltischerkn-s5t\" data-element_type=\"widget\" data-e-type=\"widget\" data-widget_type=\"text-editor.default\">\n\t\t\t\t\t\t\t\t\t<p>Una pregunta important i sovint plantejada \u00e9s la del significat original del nus c\u00e8ltic. Tenia aquest patr\u00f3 un significat religi\u00f3s fixat per als seus creadors?<\/p><p>La resposta honesta \u00e9s que, per als nusos concrets, aquest significat fixat sol no poder-se demostrar. Els artistes no ens van transmetre cap interpretaci\u00f3 dels seus motius.<\/p><p>Molt suggereix que el nus era, en primer lloc, una forma ornamental. Omplia superf\u00edcies, decorava i estructurava. El seu valor rau en la seva bellesa i en la destresa art\u00edstica que exigia.<\/p><p>Alguns investigadors han suposat que a la cinta entrella\u00e7ada tamb\u00e9 se li atribu\u00efa un sentit protector. La idea que un entrella\u00e7at confon i lliga la desgr\u00e0cia \u00e9s coneguda d&#8217;altres cultures.<\/p><p>Tanmateix, aquest significat protector no es pot demostrar amb certesa per al nus c\u00e8ltic. Continua sent una hip\u00f2tesi basada en comparacions, no en testimonis transmesos.<\/p><p>Una presentaci\u00f3 objectiva exposa aquesta situaci\u00f3 amb claredat. El nus c\u00e8ltic est\u00e0 documentat com a forma ornamental. Un significat religi\u00f3s o protector fixat no es pot demostrar per a la seva \u00e8poca d&#8217;origen.<\/p>\t\t\t\t\t\t\t\t<\/div>\n\t\t\t\t<\/div>\n\t\t\t\t\t<\/div>\n\t\t\t\t<\/div>\n\t\t<div class=\"elementor-element elementor-element-iwgs-keltischerkn-s6 e-flex e-con-boxed e-con e-parent\" data-id=\"iwgs-keltischerkn-s6\" data-element_type=\"container\" data-e-type=\"container\">\n\t\t\t\t\t<div class=\"e-con-inner\">\n\t\t\t\t<div class=\"elementor-element elementor-element-iwgs-keltischerkn-s6h elementor-widget elementor-widget-heading\" data-id=\"iwgs-keltischerkn-s6h\" data-element_type=\"widget\" data-e-type=\"widget\" data-widget_type=\"heading.default\">\n\t\t\t\t\t<h2 class=\"elementor-heading-title elementor-size-default\">El motiu del nus i la idea de protecci\u00f3<\/h2>\t\t\t\t<\/div>\n\t\t<div class=\"elementor-element elementor-element-iwgs-keltischerkn-s6box e-con-full e-flex e-con e-parent\" data-id=\"iwgs-keltischerkn-s6box\" data-element_type=\"container\" data-e-type=\"container\">\n\t\t\t\t<div class=\"elementor-element elementor-element-iwgs-keltischerkn-s6t elementor-widget elementor-widget-text-editor\" data-id=\"iwgs-keltischerkn-s6t\" data-element_type=\"widget\" data-e-type=\"widget\" data-widget_type=\"text-editor.default\">\n\t\t\t\t\t\t\t\t\t<p>Encara que per al nus c\u00e8ltic mateix no es pugui demostrar amb certesa un significat protector, la idea del nus protector est\u00e0 ben documentada en altres cultures.<\/p><p>En nombroses tradicions, el nus era considerat un mitj\u00e0 de protecci\u00f3. La idea subjacent \u00e9s senzilla d&#8217;entendre. Un entrella\u00e7at complex ret\u00e9, lliga i confon.<\/p><p>Segons aquesta creen\u00e7a, la desgr\u00e0cia queda atrapada en els girs del nus. No pot seguir els camins entrella\u00e7ats i no arriba fins all\u00f2 que el nus envolta.<\/p><p>Una cinta infinita i ininterrompuda refor\u00e7a aquesta idea. Forma una l\u00ednia tancada sense escletxa per on la desgr\u00e0cia pugui penetrar.<\/p><p>\u00c9s possible que tamb\u00e9 l&#8217;art de nusos insular estigu\u00e9s influenciat per aquestes creences. Tanmateix, aix\u00f2 no es pot demostrar amb certesa. La idea de protecci\u00f3 continua sent una hip\u00f2tesi fonamentada.<\/p><p>El nus c\u00e8ltic \u00e9s, doncs, un bon exemple de la prud\u00e8ncia que exigeix una presentaci\u00f3 objectiva. El motiu del nus est\u00e0 vinculat a la protecci\u00f3 en altres contextos. Per al nus c\u00e8ltic mateix, aix\u00f2 no est\u00e0 demostrat.<\/p>\t\t\t\t\t\t\t\t<\/div>\n\t\t\t\t<\/div>\n\t\t\t\t\t<\/div>\n\t\t\t\t<\/div>\n\t\t<div class=\"elementor-element elementor-element-iwgs-keltischerkn-s7 e-flex e-con-boxed e-con e-parent\" data-id=\"iwgs-keltischerkn-s7\" data-element_type=\"container\" data-e-type=\"container\">\n\t\t\t\t\t<div class=\"e-con-inner\">\n\t\t\t\t<div class=\"elementor-element elementor-element-iwgs-keltischerkn-s7h elementor-widget elementor-widget-heading\" data-id=\"iwgs-keltischerkn-s7h\" data-element_type=\"widget\" data-e-type=\"widget\" data-widget_type=\"heading.default\">\n\t\t\t\t\t<h2 class=\"elementor-heading-title elementor-size-default\">La interpretaci\u00f3 moderna del nus<\/h2>\t\t\t\t<\/div>\n\t\t<div class=\"elementor-element elementor-element-iwgs-keltischerkn-s7box e-con-full e-flex e-con e-parent\" data-id=\"iwgs-keltischerkn-s7box\" data-element_type=\"container\" data-e-type=\"container\">\n\t\t\t\t<div class=\"elementor-element elementor-element-iwgs-keltischerkn-s7t elementor-widget elementor-widget-text-editor\" data-id=\"iwgs-keltischerkn-s7t\" data-element_type=\"widget\" data-e-type=\"widget\" data-widget_type=\"text-editor.default\">\n\t\t\t\t\t\t\t\t\t<p>M\u00e9s enll\u00e0 de la seva hist\u00f2ria documentada, el nus c\u00e8ltic ha rebut una rica interpretaci\u00f3 en l&#8217;\u00e8poca moderna. Aquesta interpretaci\u00f3 moderna cal distingir-la de l&#8217;art medieval.<\/p><p>En la comprensi\u00f3 moderna, la cinta infinita sovint es llegeix com a <span class=\"iwg-fachbegriff\" data-tooltip=\"Una imatge il\u00b7lustrativa que representa una idea abstracta.\" tabindex=\"0\">s\u00edmbol<\/span> de l&#8217;infinit. El nus sense principi ni fi passa llavors a representar l&#8217;etern, el permanent, all\u00f2 que mai no s&#8217;acaba.<\/p><p>Tamb\u00e9 \u00e9s habitual la interpretaci\u00f3 com a signe de connexi\u00f3. La cinta entrella\u00e7ada s&#8217;ent\u00e9n com una imatge d&#8217;un vincle indissoluble entre persones, per exemple entre dues persones enamorades.<\/p><p>En aquesta interpretaci\u00f3, el nus c\u00e8ltic s&#8217;ha convertit en un signe popular en casaments i relacions. La cinta infinita representa la uni\u00f3 duradora i ininterrompuda.<\/p><p>Aquestes interpretacions no s\u00f3n err\u00f2nies, per\u00f2 s\u00ed modernes. Interpreten la cinta infinita d&#8217;una manera que no est\u00e0 documentada per als artistes medievals.<\/p><p>Una presentaci\u00f3 honesta distingeix, doncs, dos nivells. El nus c\u00e8ltic \u00e9s una forma ornamental medieval. La interpretaci\u00f3 com a signe de l&#8217;infinit i de la connexi\u00f3 \u00e9s una atribuci\u00f3 posterior i moderna.<\/p>\t\t\t\t\t\t\t\t<\/div>\n\t\t\t\t<\/div>\n\t\t\t\t\t<\/div>\n\t\t\t\t<\/div>\n\t\t<div class=\"elementor-element elementor-element-iwgs-keltischerkn-s8 e-flex e-con-boxed e-con e-parent\" data-id=\"iwgs-keltischerkn-s8\" data-element_type=\"container\" data-e-type=\"container\">\n\t\t\t\t\t<div class=\"e-con-inner\">\n\t\t\t\t<div class=\"elementor-element elementor-element-iwgs-keltischerkn-s8h elementor-widget elementor-widget-heading\" data-id=\"iwgs-keltischerkn-s8h\" data-element_type=\"widget\" data-e-type=\"widget\" data-widget_type=\"heading.default\">\n\t\t\t\t\t<h2 class=\"elementor-heading-title elementor-size-default\">Recepci\u00f3 actual<\/h2>\t\t\t\t<\/div>\n\t\t<div class=\"elementor-element elementor-element-iwgs-keltischerkn-s8box e-con-full e-flex e-con e-parent\" data-id=\"iwgs-keltischerkn-s8box\" data-element_type=\"container\" data-e-type=\"container\">\n\t\t\t\t<div class=\"elementor-element elementor-element-iwgs-keltischerkn-s8t elementor-widget elementor-widget-text-editor\" data-id=\"iwgs-keltischerkn-s8t\" data-element_type=\"widget\" data-e-type=\"widget\" data-widget_type=\"text-editor.default\">\n\t\t\t\t\t\t\t\t\t<p>Avui el nus c\u00e8ltic \u00e9s un dels signes m\u00e9s coneguts i apreciats de l&#8217;\u00e0mbit c\u00e8ltic. S&#8217;ha est\u00e8s molt m\u00e9s enll\u00e0 d&#8217;Irlanda i Brit\u00e0nia.<\/p><p>Com a joia, el nus c\u00e8ltic \u00e9s especialment popular. Es fabriquen i es porten en gran nombre anells, penjolls i bra\u00e7alets amb patrons de nusos.<\/p><p>El nus c\u00e8ltic tamb\u00e9 t\u00e9 import\u00e0ncia com a signe d&#8217;identitat. En les comunitats irlandeses d&#8217;arreu del m\u00f3n, \u00e9s un signe distintiu que expressa la connexi\u00f3 amb la regi\u00f3 d&#8217;origen.<\/p><p>En l&#8217;\u00fas modern predomina sobretot la interpretaci\u00f3 com a signe de l&#8217;infinit i de la connexi\u00f3. El nus c\u00e8ltic s&#8217;ha convertit en un signe popular per als casaments.<\/p><p>Per a la hist\u00f2ria de l&#8217;art i per a la <span class=\"iwg-fachbegriff\" data-tooltip=\"La ci\u00e8ncia que estudia les religions de manera comparativa i sense vinculaci\u00f3 de fe.\" tabindex=\"0\">ci\u00e8ncia de la religi\u00f3<\/span>, el nus c\u00e8ltic segueix sent revelador. Mostra com una forma ornamental medieval es carrega, en l&#8217;\u00e8poca moderna, de nous significats.<\/p><p>El nus c\u00e8ltic \u00e9s, doncs, un exemple colpidor d&#8217;un signe amb dues hist\u00f2ries. \u00c9s una rica forma ornamental de l&#8217;art insular, i \u00e9s un <span class=\"iwg-fachbegriff\" data-tooltip=\"Una imatge il\u00b7lustrativa que representa una idea abstracta.\" tabindex=\"0\">s\u00edmbol<\/span> modern de l&#8217;infinit i de la connexi\u00f3.<\/p>\t\t\t\t\t\t\t\t<\/div>\n\t\t\t\t<\/div>\n\t\t\t\t\t<\/div>\n\t\t\t\t<\/div>\n\t\t<div class=\"elementor-element elementor-element-iwgs-keltischerkn-lit e-flex e-con-boxed e-con e-parent\" data-id=\"iwgs-keltischerkn-lit\" data-element_type=\"container\" data-e-type=\"container\">\n\t\t\t\t\t<div class=\"e-con-inner\">\n\t\t\t\t<div class=\"elementor-element elementor-element-iwgs-keltischerkn-lith elementor-widget elementor-widget-heading\" data-id=\"iwgs-keltischerkn-lith\" data-element_type=\"widget\" data-e-type=\"widget\" data-widget_type=\"heading.default\">\n\t\t\t\t\t<h2 class=\"elementor-heading-title elementor-size-default\">Bibliografia (selecci\u00f3)<\/h2>\t\t\t\t<\/div>\n\t\t<div class=\"elementor-element elementor-element-iwgs-keltischerkn-litbox e-con-full e-flex e-con e-parent\" data-id=\"iwgs-keltischerkn-litbox\" data-element_type=\"container\" data-e-type=\"container\">\n\t\t\t\t<div class=\"elementor-element elementor-element-iwgs-keltischerkn-litt elementor-widget elementor-widget-html\" data-id=\"iwgs-keltischerkn-litt\" data-element_type=\"widget\" data-e-type=\"widget\" data-widget_type=\"html.default\">\n\t\t\t\t\t<footer data-nosnippet=\"true\"><ul><li>George Bain: <em>Celtic Art. The Methods of Construction<\/em> (1951)<\/li><li>Ruth Megaw, Vincent Megaw: <em>Celtic Art. From its Beginnings to the Book of Kells<\/em> (1989)<\/li><li>Bernard Meehan: <em>The Book of Kells<\/em> (1994)<\/li><li>Hilary Richardson: <em>Celtic Art<\/em> (1996)<\/li><li>Nancy Edwards: <em>The Archaeology of Early Medieval Ireland<\/em> (1990)<\/li><\/ul><\/footer>\t\t\t\t<\/div>\n\t\t\t\t<\/div>\n\t\t\t\t\t<\/div>\n\t\t\t\t<\/div>\n\t\t<div class=\"elementor-element elementor-element-iwgs-keltischerkn-kwd e-flex e-con-boxed e-con e-parent\" data-id=\"iwgs-keltischerkn-kwd\" data-element_type=\"container\" data-e-type=\"container\">\n\t\t\t\t\t<div class=\"e-con-inner\">\n\t\t\t\t<div class=\"elementor-element elementor-element-iwgs-keltischerkn-kwdt elementor-widget elementor-widget-text-editor\" data-id=\"iwgs-keltischerkn-kwdt\" data-element_type=\"widget\" data-e-type=\"widget\" data-widget_type=\"text-editor.default\">\n\t\t\t\t\t\t\t\t\t<p><em>Termes clau relacionats: nus celta, patr\u00f3 de nusos, art insular, cinta sense fi, entrella\u00e7at, creu alta, triqueta, espiral, signe de nus, edat mitjana.<\/em><\/p>\t\t\t\t\t\t\t\t<\/div>\n\t\t\t\t\t<\/div>\n\t\t\t\t<\/div>\n\t\t<div class=\"elementor-element elementor-element-iwgs-keltischerkn-cc e-flex e-con-boxed e-con e-parent\" data-id=\"iwgs-keltischerkn-cc\" data-element_type=\"container\" data-e-type=\"container\" id=\"iwg-cc-keltischer-knoten\">\n\t\t\t\t\t<div class=\"e-con-inner\">\n\t\t<div class=\"elementor-element elementor-element-iwgs-keltischerkn-ccinner e-flex e-con-boxed e-con e-parent\" data-id=\"iwgs-keltischerkn-ccinner\" data-element_type=\"container\" data-e-type=\"container\" data-settings=\"{&quot;background_background&quot;:&quot;classic&quot;}\">\n\t\t\t\t\t<div class=\"e-con-inner\">\n\t\t\t\t<div class=\"elementor-element elementor-element-iwgs-keltischerkn-cch elementor-widget elementor-widget-heading\" data-id=\"iwgs-keltischerkn-cch\" data-element_type=\"widget\" data-e-type=\"widget\" data-widget_type=\"heading.default\">\n\t\t\t\t\t<h2 class=\"elementor-heading-title elementor-size-default\">iWell Guard i tradicions de protecci\u00f3<\/h2>\t\t\t\t<\/div>\n\t\t\t\t<div class=\"elementor-element elementor-element-iwgs-keltischerkn-cct elementor-widget elementor-widget-text-editor\" data-id=\"iwgs-keltischerkn-cct\" data-element_type=\"widget\" data-e-type=\"widget\" data-widget_type=\"text-editor.default\">\n\t\t\t\t\t\t\t\t\t<p>iWell Guard s&#8217;inscriu en la l\u00ednia historicocultural dels objectes de protecci\u00f3 portables, a la qual tamb\u00e9 pertany el nus celta. Un company modern per a persones que viuen amb s\u00edmbols de protecci\u00f3: fabricat a Alemanya, 41 capes d&#8217;or fi, plat\u00ed i plata, amb dret de devoluci\u00f3 de 30 dies.<\/p>\t\t\t\t\t\t\t\t<\/div>\n\t\t\t\t<div class=\"elementor-element elementor-element-iwgs-keltischerkn-ccb iwg-cc-button iwg-cc-cta-2026-05-13 elementor-widget elementor-widget-jet-button\" data-id=\"iwgs-keltischerkn-ccb\" data-element_type=\"widget\" data-e-type=\"widget\" data-widget_type=\"jet-button.default\">\n\t\t\t\t<div class=\"elementor-widget-container\">\n\t\t\t\t\t<div class=\"elementor-jet-button jet-elements\"><div class=\"jet-button__container\"><a class=\"jet-button__instance jet-button__instance--icon-left hover-effect-1\" href=\"\/schutzanhaenger-iwell-guard-kaufen\/?utm_source=iwell-guard.com&amp;utm_medium=info-box&amp;utm_campaign=schutzsymbole\"><div class=\"jet-button__plane jet-button__plane-normal\"><\/div><div class=\"jet-button__plane jet-button__plane-hover\"><\/div><div class=\"jet-button__state jet-button__state-normal\"><span class=\"jet-button__label\">M\u00e9s informaci\u00f3 sobre l'iWell Guard<\/span><\/div><div class=\"jet-button__state jet-button__state-hover\"><span class=\"jet-button__label\">M\u00e9s informaci\u00f3 sobre l'iWell Guard<\/span><\/div><\/a><\/div><\/div><style>.elementor-element.elementor-element-iwgs-keltischerkn-ccb .jet-button__instance{width:320px;height:56px;}.elementor-element.elementor-element-iwgs-keltischerkn-ccb .jet-button__state-normal .jet-button__label{text-align:center;margin:0px 0px 0px 0px;color:#1a1b20;font-family:Montserrat,sans-serif;font-size:13px;font-weight:400;letter-spacing:4px;line-height:1.714em;text-transform:uppercase;}.elementor-element.elementor-element-iwgs-keltischerkn-ccb .jet-button__state-hover .jet-button__label{text-align:center;margin:0px 0px 0px 0px;color:#FECC76;font-family:Montserrat,sans-serif;font-size:13px;font-weight:400;letter-spacing:4px;line-height:1.714em;text-transform:uppercase;}.elementor-element.elementor-element-iwgs-keltischerkn-ccb .jet-button__plane-normal{background-color:#FECC76;border-style:solid;border-color:#C99540;border-width:2px 2px 2px 2px;}.elementor-element.elementor-element-iwgs-keltischerkn-ccb .jet-button__plane-hover{background-color:rgba(0,0,0,0.55);border-style:solid;border-color:#FECC76;border-width:2px 2px 2px 2px;}<\/style>\t\t\t\t<\/div>\n\t\t\t\t<\/div>\n\t\t\t\t<div class=\"elementor-element elementor-element-iwgs-keltischerkn-ccd elementor-widget elementor-widget-text-editor\" data-id=\"iwgs-keltischerkn-ccd\" data-element_type=\"widget\" data-e-type=\"widget\" data-widget_type=\"text-editor.default\">\n\t\t\t\t\t\t\t\t\t<p style=\"text-align:center;font-size:13px;opacity:0.7;margin-top:14px\" data-nosnippet=\"true\">Les experi\u00e8ncies personals poden variar. No \u00e9s un producte sanitari. No es garanteix cap curaci\u00f3.<\/p>\t\t\t\t\t\t\t\t<\/div>\n\t\t\t\t\t<\/div>\n\t\t\t\t<\/div>\n\t\t\t\t\t<\/div>\n\t\t\t\t<\/div>\n\t\t<div class=\"elementor-element elementor-element-iwgs-keltischerkn-disc e-flex e-con-boxed e-con e-parent\" data-id=\"iwgs-keltischerkn-disc\" data-element_type=\"container\" data-e-type=\"container\">\n\t\t\t\t\t<div class=\"e-con-inner\">\n\t\t\t\t<div class=\"elementor-element elementor-element-iwgs-keltischerkn-discw elementor-widget elementor-widget-html\" data-id=\"iwgs-keltischerkn-discw\" data-element_type=\"widget\" data-e-type=\"widget\" data-widget_type=\"html.default\">\n\t\t\t\t\t<footer data-nosnippet=\"true\" class=\"iwg-disclaimer-block\"><p data-nosnippet=\"true\">iWell Guard <strong>no \u00e9s un producte sanitari<\/strong> i no substitueix cap tractament m\u00e8dic o psicoterap\u00e8utic. Els continguts presentats aqu\u00ed s\u00f3n una contextualitzaci\u00f3 des de la ci\u00e8ncia de les religions i la hist\u00f2ria cultural, no una promesa d'efecte espiritual.<\/p><\/footer>\t\t\t\t<\/div>\n\t\t\t\t\t<\/div>\n\t\t\t\t<\/div>\n\t\t\t\t<\/div>\n\t\t","protected":false},"excerpt":{"rendered":"","protected":false},"author":3,"featured_media":3484,"parent":0,"menu_order":0,"comment_status":"closed","ping_status":"closed","template":"elementor_header_footer","meta":{"_yoast_wpseo_focuskw":"nus celta","_yoast_wpseo_title":"Nus celta \u2013 el patr\u00f3 infinit","_yoast_wpseo_metadesc":"El nus celta \u00e9s el patr\u00f3 entrella\u00e7at i infinit de l'art insular. Origen i significat explicats de manera comprensible.","_yoast_wpseo_meta-robots-noindex":"","_yoast_wpseo_canonical":"","_angie_page":false,"gefaehrdungsstufe":"","wesen_kultur":"","wesen_klasse":"","footnotes":""},"categories":[],"class_list":["post-171965","page","type-page","status-publish","has-post-thumbnail","hentry"],"yoast_head":"<!-- This site is optimized with the Yoast SEO Premium plugin v27.7 (Yoast SEO v28.3) - https:\/\/yoast.com\/product\/yoast-seo-premium-wordpress\/ -->\n<title>Nus celta \u2013 el patr\u00f3 infinit<\/title>\n<meta name=\"description\" content=\"El nus celta \u00e9s el patr\u00f3 entrella\u00e7at i infinit de l&#039;art insular. Origen i significat explicats de manera comprensible.\" \/>\n<meta name=\"robots\" content=\"index, follow, max-snippet:-1, max-image-preview:large, max-video-preview:-1\" \/>\n<link rel=\"canonical\" href=\"https:\/\/iwell-guard.com\/ca\/nus-celta-patro-infinit\/\" \/>\n<meta property=\"og:locale\" content=\"ca_ES\" \/>\n<meta property=\"og:type\" content=\"article\" \/>\n<meta property=\"og:title\" content=\"El nus celta \u2013 el patr\u00f3 de nusos infinit\" \/>\n<meta property=\"og:description\" content=\"El nus celta \u00e9s el patr\u00f3 entrella\u00e7at i infinit de l&#039;art insular. Origen i significat explicats de manera comprensible.\" \/>\n<meta property=\"og:url\" content=\"https:\/\/iwell-guard.com\/ca\/nus-celta-patro-infinit\/\" \/>\n<meta property=\"og:site_name\" content=\"iWell Guard\" \/>\n<meta property=\"article:modified_time\" content=\"2026-09-05T16:11:50+00:00\" \/>\n<meta property=\"og:image\" content=\"https:\/\/iwell-guard.com\/wp-content\/uploads\/2026\/05\/schutzsymbol_keltisch_keltischer-knoten.webp\" \/>\n\t<meta property=\"og:image:width\" content=\"1024\" \/>\n\t<meta property=\"og:image:height\" content=\"1536\" \/>\n\t<meta property=\"og:image:type\" content=\"image\/webp\" \/>\n<meta name=\"twitter:card\" content=\"summary_large_image\" \/>\n<script type=\"application\/ld+json\" class=\"yoast-schema-graph\">{\"@context\":\"https:\\\/\\\/schema.org\",\"@graph\":[{\"@type\":\"WebPage\",\"@id\":\"https:\\\/\\\/iwell-guard.com\\\/ca\\\/nus-celta-patro-infinit\\\/\",\"url\":\"https:\\\/\\\/iwell-guard.com\\\/ca\\\/nus-celta-patro-infinit\\\/\",\"name\":\"Nus celta \u2013 el patr\u00f3 infinit\",\"isPartOf\":{\"@id\":\"https:\\\/\\\/iwell-guard.com\\\/ca\\\/#website\"},\"primaryImageOfPage\":{\"@id\":\"https:\\\/\\\/iwell-guard.com\\\/ca\\\/nus-celta-patro-infinit\\\/#primaryimage\"},\"image\":{\"@id\":\"https:\\\/\\\/iwell-guard.com\\\/ca\\\/nus-celta-patro-infinit\\\/#primaryimage\"},\"thumbnailUrl\":\"https:\\\/\\\/iwell-guard.com\\\/wp-content\\\/uploads\\\/2026\\\/05\\\/schutzsymbol_keltisch_keltischer-knoten.webp\",\"datePublished\":\"2026-09-05T15:43:56+00:00\",\"dateModified\":\"2026-09-05T16:11:50+00:00\",\"description\":\"El nus celta \u00e9s el patr\u00f3 entrella\u00e7at i infinit de l'art insular. Origen i significat explicats de manera comprensible.\",\"breadcrumb\":{\"@id\":\"https:\\\/\\\/iwell-guard.com\\\/ca\\\/nus-celta-patro-infinit\\\/#breadcrumb\"},\"inLanguage\":\"ca\",\"potentialAction\":[{\"@type\":\"ReadAction\",\"target\":[\"https:\\\/\\\/iwell-guard.com\\\/ca\\\/nus-celta-patro-infinit\\\/\"]}]},{\"@type\":\"ImageObject\",\"inLanguage\":\"ca\",\"@id\":\"https:\\\/\\\/iwell-guard.com\\\/ca\\\/nus-celta-patro-infinit\\\/#primaryimage\",\"url\":\"https:\\\/\\\/iwell-guard.com\\\/wp-content\\\/uploads\\\/2026\\\/05\\\/schutzsymbol_keltisch_keltischer-knoten.webp\",\"contentUrl\":\"https:\\\/\\\/iwell-guard.com\\\/wp-content\\\/uploads\\\/2026\\\/05\\\/schutzsymbol_keltisch_keltischer-knoten.webp\",\"width\":1024,\"height\":1536,\"caption\":\"S\u00edmbol de protecci\u00f3. Il\u00b7lustraci\u00f3 muse\u00edstica de bodeg\u00f3.\"},{\"@type\":\"BreadcrumbList\",\"@id\":\"https:\\\/\\\/iwell-guard.com\\\/ca\\\/nus-celta-patro-infinit\\\/#breadcrumb\",\"itemListElement\":[{\"@type\":\"ListItem\",\"position\":1,\"name\":\"Start\",\"item\":\"https:\\\/\\\/iwell-guard.com\\\/ca\\\/?page_id=171333\"},{\"@type\":\"ListItem\",\"position\":2,\"name\":\"El nus celta \u2013 el patr\u00f3 de nusos infinit\"}]},{\"@type\":\"WebSite\",\"@id\":\"https:\\\/\\\/iwell-guard.com\\\/ca\\\/#website\",\"url\":\"https:\\\/\\\/iwell-guard.com\\\/ca\\\/\",\"name\":\"iWell Guard\",\"description\":\"Schutz vor dunklen Einfl\u00fcssen\",\"publisher\":{\"@id\":\"https:\\\/\\\/iwell-guard.com\\\/ca\\\/#organization\"},\"potentialAction\":[{\"@type\":\"SearchAction\",\"target\":{\"@type\":\"EntryPoint\",\"urlTemplate\":\"https:\\\/\\\/iwell-guard.com\\\/ca\\\/?s={search_term_string}\"},\"query-input\":{\"@type\":\"PropertyValueSpecification\",\"valueRequired\":true,\"valueName\":\"search_term_string\"}}],\"inLanguage\":\"ca\"},{\"@type\":\"Organization\",\"@id\":\"https:\\\/\\\/iwell-guard.com\\\/ca\\\/#organization\",\"name\":\"Ittermann electronic GmbH\",\"url\":\"https:\\\/\\\/iwell-guard.com\\\/ca\\\/\",\"logo\":{\"@type\":\"ImageObject\",\"inLanguage\":\"ca\",\"@id\":\"https:\\\/\\\/iwell-guard.com\\\/ca\\\/#\\\/schema\\\/logo\\\/image\\\/\",\"url\":\"https:\\\/\\\/iwell-guard.com\\\/wp-content\\\/uploads\\\/2026\\\/05\\\/Ittermann-Logo-1182x237-1.png\",\"contentUrl\":\"https:\\\/\\\/iwell-guard.com\\\/wp-content\\\/uploads\\\/2026\\\/05\\\/Ittermann-Logo-1182x237-1.png\",\"width\":1182,\"height\":237,\"caption\":\"Ittermann electronic GmbH\"},\"image\":{\"@id\":\"https:\\\/\\\/iwell-guard.com\\\/ca\\\/#\\\/schema\\\/logo\\\/image\\\/\"},\"sameAs\":[\"https:\\\/\\\/pantip.com\\\/profile\\\/9367242\",\"https:\\\/\\\/micro.blog\\\/iwellguard\",\"https:\\\/\\\/www.diggerslist.com\\\/iwellguard\\\/about\",\"https:\\\/\\\/skitterphoto.com\\\/photographers\\\/2870314\\\/iwell-guard\",\"https:\\\/\\\/iwellguard.wordpress.com\\\/2026\\\/06\\\/06\\\/iwell-guard\\\/\",\"https:\\\/\\\/hub.docker.com\\\/u\\\/iwellguard\",\"https:\\\/\\\/www.pinterest.com\\\/iwellguard\\\/\",\"https:\\\/\\\/bit.ly\\\/m\\\/iwellguard\",\"https:\\\/\\\/entre-vos-mains.alsace.eu\\\/profiles\\\/iwellguard\\\/activity\",\"https:\\\/\\\/gravatar.com\\\/reallybeded8fd34\",\"https:\\\/\\\/naijamatta.com\\\/iwellguard\",\"https:\\\/\\\/www.goodreads.com\\\/iwellguard\",\"https:\\\/\\\/profile.hatena.ne.jp\\\/iwellguard\\\/\",\"https:\\\/\\\/experiment.com\\\/users\\\/iwellguard\",\"https:\\\/\\\/wakelet.com\\\/@iWellGuard82270\",\"https:\\\/\\\/www.chordie.com\\\/forum\\\/profile.php?id=2555664\",\"https:\\\/\\\/www.instapaper.com\\\/p\\\/17757966\",\"https:\\\/\\\/www.mapleprimes.com\\\/users\\\/iwellguard\",\"https:\\\/\\\/businesslistingplus.com\\\/profile\\\/iwell-guard\\\/\",\"https:\\\/\\\/telegra.ph\\\/iWell-Guard-06-06\",\"https:\\\/\\\/pbase.com\\\/iwellguard\\\/iwellguard\",\"https:\\\/\\\/b.hatena.ne.jp\\\/iwellguard\\\/20260607#bookmark-4788405196491818882\",\"https:\\\/\\\/fliphtml5.com\\\/home\\\/iwellguard\",\"https:\\\/\\\/anyflip.com\\\/homepage\\\/cmiwl#About\",\"https:\\\/\\\/transfur.com\\\/Users\\\/iwellguard\",\"http:\\\/\\\/delphi.larsbo.org\\\/user\\\/iwellguard\",\"https:\\\/\\\/jobs.lajobsportal.org\\\/profiles\\\/8380803-iwell-guard\",\"https:\\\/\\\/md.chaosdorf.de\\\/s\\\/jfbe5SBdJD\",\"https:\\\/\\\/www.lingvolive.com\\\/en-us\\\/profile\\\/9ecaeaca-ce11-4e51-9e71-01d55e2bff36\\\/translations\",\"https:\\\/\\\/www.fitday.com\\\/fitness\\\/forums\\\/members\\\/iwellguard.html\",\"https:\\\/\\\/www.mymeetbook.com\\\/iwellguard\",\"https:\\\/\\\/pxhere.com\\\/en\\\/photographer-me\\\/5040798\",\"https:\\\/\\\/disqus.com\\\/by\\\/iwellguard\\\/about\\\/\",\"https:\\\/\\\/pastelink.net\\\/hjwciqwq\",\"https:\\\/\\\/pubhtml5.com\\\/homepage\\\/scjhn\\\/\",\"https:\\\/\\\/www.bitchute.com\\\/channel\\\/2O2eOKzNqujT\",\"https:\\\/\\\/audiomack.com\\\/iwellguard\"]}]}<\/script>\n<!-- \/ Yoast SEO Premium plugin. -->","yoast_head_json":{"title":"Nus celta \u2013 el patr\u00f3 infinit","description":"El nus celta \u00e9s el patr\u00f3 entrella\u00e7at i infinit de l'art insular. Origen i significat explicats de manera comprensible.","robots":{"index":"index","follow":"follow","max-snippet":"max-snippet:-1","max-image-preview":"max-image-preview:large","max-video-preview":"max-video-preview:-1"},"canonical":"https:\/\/iwell-guard.com\/ca\/nus-celta-patro-infinit\/","og_locale":"ca_ES","og_type":"article","og_title":"El nus celta \u2013 el patr\u00f3 de nusos infinit","og_description":"El nus celta \u00e9s el patr\u00f3 entrella\u00e7at i infinit de l'art insular. Origen i significat explicats de manera comprensible.","og_url":"https:\/\/iwell-guard.com\/ca\/nus-celta-patro-infinit\/","og_site_name":"iWell Guard","article_modified_time":"2026-09-05T16:11:50+00:00","og_image":[{"width":1024,"height":1536,"url":"https:\/\/iwell-guard.com\/wp-content\/uploads\/2026\/05\/schutzsymbol_keltisch_keltischer-knoten.webp","type":"image\/webp"}],"twitter_card":"summary_large_image","schema":{"@context":"https:\/\/schema.org","@graph":[{"@type":"WebPage","@id":"https:\/\/iwell-guard.com\/ca\/nus-celta-patro-infinit\/","url":"https:\/\/iwell-guard.com\/ca\/nus-celta-patro-infinit\/","name":"Nus celta \u2013 el patr\u00f3 infinit","isPartOf":{"@id":"https:\/\/iwell-guard.com\/ca\/#website"},"primaryImageOfPage":{"@id":"https:\/\/iwell-guard.com\/ca\/nus-celta-patro-infinit\/#primaryimage"},"image":{"@id":"https:\/\/iwell-guard.com\/ca\/nus-celta-patro-infinit\/#primaryimage"},"thumbnailUrl":"https:\/\/iwell-guard.com\/wp-content\/uploads\/2026\/05\/schutzsymbol_keltisch_keltischer-knoten.webp","datePublished":"2026-09-05T15:43:56+00:00","dateModified":"2026-09-05T16:11:50+00:00","description":"El nus celta \u00e9s el patr\u00f3 entrella\u00e7at i infinit de l'art insular. Origen i significat explicats de manera comprensible.","breadcrumb":{"@id":"https:\/\/iwell-guard.com\/ca\/nus-celta-patro-infinit\/#breadcrumb"},"inLanguage":"ca","potentialAction":[{"@type":"ReadAction","target":["https:\/\/iwell-guard.com\/ca\/nus-celta-patro-infinit\/"]}]},{"@type":"ImageObject","inLanguage":"ca","@id":"https:\/\/iwell-guard.com\/ca\/nus-celta-patro-infinit\/#primaryimage","url":"https:\/\/iwell-guard.com\/wp-content\/uploads\/2026\/05\/schutzsymbol_keltisch_keltischer-knoten.webp","contentUrl":"https:\/\/iwell-guard.com\/wp-content\/uploads\/2026\/05\/schutzsymbol_keltisch_keltischer-knoten.webp","width":1024,"height":1536,"caption":"S\u00edmbol de protecci\u00f3. Il\u00b7lustraci\u00f3 muse\u00edstica de bodeg\u00f3."},{"@type":"BreadcrumbList","@id":"https:\/\/iwell-guard.com\/ca\/nus-celta-patro-infinit\/#breadcrumb","itemListElement":[{"@type":"ListItem","position":1,"name":"Start","item":"https:\/\/iwell-guard.com\/ca\/?page_id=171333"},{"@type":"ListItem","position":2,"name":"El nus celta \u2013 el patr\u00f3 de nusos infinit"}]},{"@type":"WebSite","@id":"https:\/\/iwell-guard.com\/ca\/#website","url":"https:\/\/iwell-guard.com\/ca\/","name":"iWell Guard","description":"Schutz vor dunklen Einfl\u00fcssen","publisher":{"@id":"https:\/\/iwell-guard.com\/ca\/#organization"},"potentialAction":[{"@type":"SearchAction","target":{"@type":"EntryPoint","urlTemplate":"https:\/\/iwell-guard.com\/ca\/?s={search_term_string}"},"query-input":{"@type":"PropertyValueSpecification","valueRequired":true,"valueName":"search_term_string"}}],"inLanguage":"ca"},{"@type":"Organization","@id":"https:\/\/iwell-guard.com\/ca\/#organization","name":"Ittermann electronic GmbH","url":"https:\/\/iwell-guard.com\/ca\/","logo":{"@type":"ImageObject","inLanguage":"ca","@id":"https:\/\/iwell-guard.com\/ca\/#\/schema\/logo\/image\/","url":"https:\/\/iwell-guard.com\/wp-content\/uploads\/2026\/05\/Ittermann-Logo-1182x237-1.png","contentUrl":"https:\/\/iwell-guard.com\/wp-content\/uploads\/2026\/05\/Ittermann-Logo-1182x237-1.png","width":1182,"height":237,"caption":"Ittermann electronic GmbH"},"image":{"@id":"https:\/\/iwell-guard.com\/ca\/#\/schema\/logo\/image\/"},"sameAs":["https:\/\/pantip.com\/profile\/9367242","https:\/\/micro.blog\/iwellguard","https:\/\/www.diggerslist.com\/iwellguard\/about","https:\/\/skitterphoto.com\/photographers\/2870314\/iwell-guard","https:\/\/iwellguard.wordpress.com\/2026\/06\/06\/iwell-guard\/","https:\/\/hub.docker.com\/u\/iwellguard","https:\/\/www.pinterest.com\/iwellguard\/","https:\/\/bit.ly\/m\/iwellguard","https:\/\/entre-vos-mains.alsace.eu\/profiles\/iwellguard\/activity","https:\/\/gravatar.com\/reallybeded8fd34","https:\/\/naijamatta.com\/iwellguard","https:\/\/www.goodreads.com\/iwellguard","https:\/\/profile.hatena.ne.jp\/iwellguard\/","https:\/\/experiment.com\/users\/iwellguard","https:\/\/wakelet.com\/@iWellGuard82270","https:\/\/www.chordie.com\/forum\/profile.php?id=2555664","https:\/\/www.instapaper.com\/p\/17757966","https:\/\/www.mapleprimes.com\/users\/iwellguard","https:\/\/businesslistingplus.com\/profile\/iwell-guard\/","https:\/\/telegra.ph\/iWell-Guard-06-06","https:\/\/pbase.com\/iwellguard\/iwellguard","https:\/\/b.hatena.ne.jp\/iwellguard\/20260607#bookmark-4788405196491818882","https:\/\/fliphtml5.com\/home\/iwellguard","https:\/\/anyflip.com\/homepage\/cmiwl#About","https:\/\/transfur.com\/Users\/iwellguard","http:\/\/delphi.larsbo.org\/user\/iwellguard","https:\/\/jobs.lajobsportal.org\/profiles\/8380803-iwell-guard","https:\/\/md.chaosdorf.de\/s\/jfbe5SBdJD","https:\/\/www.lingvolive.com\/en-us\/profile\/9ecaeaca-ce11-4e51-9e71-01d55e2bff36\/translations","https:\/\/www.fitday.com\/fitness\/forums\/members\/iwellguard.html","https:\/\/www.mymeetbook.com\/iwellguard","https:\/\/pxhere.com\/en\/photographer-me\/5040798","https:\/\/disqus.com\/by\/iwellguard\/about\/","https:\/\/pastelink.net\/hjwciqwq","https:\/\/pubhtml5.com\/homepage\/scjhn\/","https:\/\/www.bitchute.com\/channel\/2O2eOKzNqujT","https:\/\/audiomack.com\/iwellguard"]}]}},"_links":{"self":[{"href":"https:\/\/iwell-guard.com\/ca\/wp-json\/wp\/v2\/pages\/171965","targetHints":{"allow":["GET"]}}],"collection":[{"href":"https:\/\/iwell-guard.com\/ca\/wp-json\/wp\/v2\/pages"}],"about":[{"href":"https:\/\/iwell-guard.com\/ca\/wp-json\/wp\/v2\/types\/page"}],"author":[{"embeddable":true,"href":"https:\/\/iwell-guard.com\/ca\/wp-json\/wp\/v2\/users\/3"}],"replies":[{"embeddable":true,"href":"https:\/\/iwell-guard.com\/ca\/wp-json\/wp\/v2\/comments?post=171965"}],"version-history":[{"count":0,"href":"https:\/\/iwell-guard.com\/ca\/wp-json\/wp\/v2\/pages\/171965\/revisions"}],"wp:featuredmedia":[{"embeddable":true,"href":"https:\/\/iwell-guard.com\/ca\/wp-json\/wp\/v2\/media\/3484"}],"wp:attachment":[{"href":"https:\/\/iwell-guard.com\/ca\/wp-json\/wp\/v2\/media?parent=171965"}],"wp:term":[{"taxonomy":"category","embeddable":true,"href":"https:\/\/iwell-guard.com\/ca\/wp-json\/wp\/v2\/categories?post=171965"}],"curies":[{"name":"wp","href":"https:\/\/api.w.org\/{rel}","templated":true}]}}