{"id":171964,"date":"2026-09-05T15:43:56","date_gmt":"2026-09-05T15:43:56","guid":{"rendered":"https:\/\/iwell-guard.com\/?page_id=171964"},"modified":"2026-09-05T16:11:49","modified_gmt":"2026-09-05T16:11:49","slug":"azabache-el-puny-de-gagat-negre-contra-el-mal-dull","status":"publish","type":"page","link":"https:\/\/iwell-guard.com\/ca\/azabache-el-puny-de-gagat-negre-contra-el-mal-dull\/","title":{"rendered":"Azabache \u2013 el puny de gagat negre contra el mal d&#8217;ull"},"content":{"rendered":"\t\t<div data-elementor-type=\"wp-page\" data-elementor-id=\"171964\" class=\"elementor elementor-171964 elementor-3704 elementor-bc-flex-widget\" data-elementor-post-type=\"page\">\n\t\t\t\t<div class=\"elementor-element elementor-element-iwgs-azabache-hero e-flex e-con-boxed e-con e-parent\" data-id=\"iwgs-azabache-hero\" data-element_type=\"container\" data-e-type=\"container\">\n\t\t\t\t\t<div class=\"e-con-inner\">\n\t\t<div class=\"elementor-element elementor-element-iwgs-azabache-hl e-flex e-con-boxed e-con e-parent\" data-id=\"iwgs-azabache-hl\" data-element_type=\"container\" data-e-type=\"container\">\n\t\t\t\t\t<div class=\"e-con-inner\">\n\t\t<div class=\"elementor-element elementor-element-iwgs-azabache-hlbox e-con-full e-flex e-con e-parent\" data-id=\"iwgs-azabache-hlbox\" data-element_type=\"container\" data-e-type=\"container\">\n\t\t\t\t<div class=\"elementor-element elementor-element-iwgs-azabache-h1 elementor-widget elementor-widget-heading\" data-id=\"iwgs-azabache-h1\" data-element_type=\"widget\" data-e-type=\"widget\" data-widget_type=\"heading.default\">\n\t\t\t\t\t<h1 class=\"elementor-heading-title elementor-size-default\">Azabache \u2013 el puny de gagat negre com a protecci\u00f3 infantil<\/h1>\t\t\t\t<\/div>\n\t\t\t\t<div class=\"elementor-element elementor-element-iwgs-azabache-lead elementor-widget elementor-widget-text-editor\" data-id=\"iwgs-azabache-lead\" data-element_type=\"widget\" data-e-type=\"widget\" data-widget_type=\"text-editor.default\">\n\t\t\t\t\t\t\t\t\t<p>Azabache designa un amulet protector fet de gagat negre, un material f\u00f2ssil. A Espanya i a l&#8217;Am\u00e8rica Llatina es col\u00b7loca als infants amb la forma d&#8217;un petit puny tancat, per protegir-los del mal d&#8217;ull.<\/p>\t\t\t\t\t\t\t\t<\/div>\n\t\t\t\t<\/div>\n\t\t\t\t<div class=\"elementor-element elementor-element-iwgs-azabache-pills elementor-widget elementor-widget-html\" data-id=\"iwgs-azabache-pills\" data-element_type=\"widget\" data-e-type=\"widget\" data-widget_type=\"html.default\">\n\t\t\t\t\t<div class=\"iwg-pill-row\"><span class=\"iwg-klasse-badge\" tabindex=\"0\" data-tooltip=\"S\u00edmbol de protecci\u00f3, amulet o objecte apotropaic.\">S\u00edmbol de protecci\u00f3<\/span><a href=\"https:\/\/iwell-guard.com\/ca\/simbols-de-proteccio\/\" class=\"iwg-kultur-badge\" tabindex=\"0\" data-tooltip=\"Tradici\u00f3 de protecci\u00f3: Mediterr\u00e0nia\">Mediterr\u00e0nia<\/a><span class=\"iwg-tradition-badge\" tabindex=\"0\" data-tooltip=\"Un objecte o signe destinat a allunyar la desgr\u00e0cia i les influ\u00e8ncies nocives.\">Apotropaic<\/span><\/div>\t\t\t\t<\/div>\n\t\t\t\t\t<\/div>\n\t\t\t\t<\/div>\n\t\t<div class=\"elementor-element elementor-element-iwgs-azabache-hr e-con-full e-flex e-con e-parent\" data-id=\"iwgs-azabache-hr\" data-element_type=\"container\" data-e-type=\"container\">\n\t\t\t\t<div class=\"elementor-element elementor-element-iwgs-azabache-himg iwg-hero-image elementor-widget elementor-widget-image\" data-id=\"iwgs-azabache-himg\" data-element_type=\"widget\" data-e-type=\"widget\" data-widget_type=\"image.default\">\n\t\t\t\t\t\t\t\t\t\t\t\t\t\t\t<img fetchpriority=\"high\" decoding=\"async\" width=\"683\" height=\"1024\" src=\"https:\/\/iwell-guard.com\/wp-content\/uploads\/2026\/05\/schutzsymbol_lateinamerika_azabache-683x1024.webp\" class=\"attachment-large size-large wp-image-3475\" alt=\"Azabache \u2013 el puny de gagat negre contra el mal d\u2019ull\" srcset=\"https:\/\/iwell-guard.com\/wp-content\/uploads\/2026\/05\/schutzsymbol_lateinamerika_azabache-683x1024.webp 683w, https:\/\/iwell-guard.com\/wp-content\/uploads\/2026\/05\/schutzsymbol_lateinamerika_azabache-200x300.webp 200w, https:\/\/iwell-guard.com\/wp-content\/uploads\/2026\/05\/schutzsymbol_lateinamerika_azabache-768x1152.webp 768w, https:\/\/iwell-guard.com\/wp-content\/uploads\/2026\/05\/schutzsymbol_lateinamerika_azabache.webp 1024w\" sizes=\"(max-width: 683px) 100vw, 683px\" \/>\t\t\t\t\t\t\t\t\t\t\t\t\t\t\t<\/div>\n\t\t\t\t<\/div>\n\t\t\t\t\t<\/div>\n\t\t\t\t<\/div>\n\t\t<div class=\"elementor-element elementor-element-iwgs-azabache-s0 e-flex e-con-boxed e-con e-parent\" data-id=\"iwgs-azabache-s0\" data-element_type=\"container\" data-e-type=\"container\">\n\t\t\t\t\t<div class=\"e-con-inner\">\n\t\t\t\t<div class=\"elementor-element elementor-element-iwgs-azabache-s0h elementor-widget elementor-widget-heading\" data-id=\"iwgs-azabache-s0h\" data-element_type=\"widget\" data-e-type=\"widget\" data-widget_type=\"heading.default\">\n\t\t\t\t\t<h2 class=\"elementor-heading-title elementor-size-default\">Introducci\u00f3<\/h2>\t\t\t\t<\/div>\n\t\t<div class=\"elementor-element elementor-element-iwgs-azabache-s0box e-con-full e-flex e-con e-parent\" data-id=\"iwgs-azabache-s0box\" data-element_type=\"container\" data-e-type=\"container\">\n\t\t\t\t<div class=\"elementor-element elementor-element-iwgs-azabache-s0t elementor-widget elementor-widget-text-editor\" data-id=\"iwgs-azabache-s0t\" data-element_type=\"widget\" data-e-type=\"widget\" data-widget_type=\"text-editor.default\">\n\t\t\t\t\t\t\t\t\t<p>L&#8217;Azabache \u00e9s un amulet protector de l&#8217;\u00e0mbit espanyol i llatinoameric\u00e0. El mot designa a la vegada el material, el gagat, i l&#8217;<span class=\"iwg-fachbegriff\" data-tooltip=\"Un objecte que es porta al cos i al qual s'atribueix un efecte protector, allunyador del mal.\" tabindex=\"0\">amulet<\/span> fabricat amb ell. Forma part dels <a href=\"https:\/\/iwell-guard.com\/ca\/simbols-de-proteccio\/\">s\u00edmbols protectors<\/a> m\u00e9s estesos d&#8217;aquestes regions.<\/p><p>El gagat \u00e9s un material f\u00f2ssil de color negre intens. Es forma a partir de fusta antiga transformada sota pressi\u00f3 al llarg del temps i est\u00e0 emparentat amb el carb\u00f3. Per la seva color negra i la bona treballabilitat, s&#8217;ha utilitzat des de fa molt de temps per fer joies i amulets.<\/p><p>L&#8217;Azabache s&#8217;elabora sovint en forma de petit puny tancat. Aquest puny \u00e9s un gest protector antic. Tot i aix\u00f2, tamb\u00e9 existeixen altres formes, com una simple perla negra.<\/p><p>L&#8217;Azabache s&#8217;utilitza sobretot per als infants. Es col\u00b7loca al nad\u00f3 i al petit, en una polsera, en una cadena o cosit a la roba.<\/p><p>La seva funci\u00f3 \u00e9s allunyar el mal d&#8217;ull. En la <span class=\"iwg-fachbegriff\" data-tooltip=\"Ci\u00e8ncia que estudia la cultura quotidiana, els costums i les tradicions transmeses.\" tabindex=\"0\">folklor\u00edstica<\/span> de l&#8217;\u00e0mbit espanyol i llatinoameric\u00e0, l&#8217;Azabache \u00e9s considerat el mitj\u00e0 de protecci\u00f3 familiar de la primera inf\u00e0ncia.<\/p><p>Aquesta p\u00e0gina presenta l&#8217;Azabache des del punt de vista de la protecci\u00f3. Descriu el material gagat, la forma del puny, l&#8217;\u00fas per als infants, el principi d&#8217;acci\u00f3 i la difusi\u00f3 de l&#8217;amulet.<\/p>\t\t\t\t\t\t\t\t<\/div>\n\t\t\t\t<\/div>\n\t\t\t\t\t<\/div>\n\t\t\t\t<\/div>\n\t\t<div class=\"elementor-element elementor-element-iwgs-azabache-s1 e-flex e-con-boxed e-con e-parent\" data-id=\"iwgs-azabache-s1\" data-element_type=\"container\" data-e-type=\"container\">\n\t\t\t\t\t<div class=\"e-con-inner\">\n\t\t\t\t<div class=\"elementor-element elementor-element-iwgs-azabache-s1h elementor-widget elementor-widget-heading\" data-id=\"iwgs-azabache-s1h\" data-element_type=\"widget\" data-e-type=\"widget\" data-widget_type=\"heading.default\">\n\t\t\t\t\t<h2 class=\"elementor-heading-title elementor-size-default\">El material gagat<\/h2>\t\t\t\t<\/div>\n\t\t<div class=\"elementor-element elementor-element-iwgs-azabache-s1box e-con-full e-flex e-con e-parent\" data-id=\"iwgs-azabache-s1box\" data-element_type=\"container\" data-e-type=\"container\">\n\t\t\t\t<div class=\"elementor-element elementor-element-iwgs-azabache-s1t elementor-widget elementor-widget-text-editor\" data-id=\"iwgs-azabache-s1t\" data-element_type=\"widget\" data-e-type=\"widget\" data-widget_type=\"text-editor.default\">\n\t\t\t\t\t\t\t\t\t<p>El material de l&#8217;Azabache \u00e9s el gagat, una mat\u00e8ria f\u00f2ssil de color negre intens. En castell\u00e0, aquest material s&#8217;anomena precisament azabache, i l&#8217;<span class=\"iwg-fachbegriff\" data-tooltip=\"Un objecte que es porta al cos i al qual s'atribueix un efecte protector, allunyador del mal.\" tabindex=\"0\">amulet<\/span> pren el seu nom d&#8217;ell.<\/p><p>El gagat es forma a partir de fusta antiga transformada sota pressi\u00f3 durant llargs per\u00edodes de temps. \u00c9s una forma especial i molt densa de mat\u00e8ria f\u00f2ssil, emparentada amb el carb\u00f3.<\/p><p>El material \u00e9s lleuger, t\u00e9 una sensaci\u00f3 c\u00e0lida al tacte i es pot treballar i polir b\u00e9. Un cop polit, adquireix una brillantor negra profunda que el va fer molt apreciat com a material de joieria.<\/p><p>El gagat s&#8217;ha utilitzat des de fa molt de temps per a joies i amulets. En diverses regions d&#8217;Europa hi va haver importants jaciments, i el material es va comercialitzar \u00e0mpliament.<\/p><p>Per a l&#8217;Azabache, el color negre del gagat \u00e9s essencial. El negre es considerava en la <span class=\"iwg-fachbegriff\" data-tooltip=\"Ci\u00e8ncia que estudia la cultura quotidiana, els costums i les tradicions transmeses.\" tabindex=\"0\">folklor\u00edstica<\/span> de la Mediterr\u00e0nia un color protector. Un <span class=\"iwg-fachbegriff\" data-tooltip=\"Un objecte que es porta al cos i al qual s'atribueix un efecte protector, allunyador del mal.\" tabindex=\"0\">amulet<\/span> negre havia de retenir i desviar el mal.<\/p><p>L&#8217;Azabache \u00e9s, doncs, un amulet de material. El seu sentit protector est\u00e0 estretament lligat al gagat, al seu color negre intens i al poder protector que s&#8217;atribu\u00efa a aquest color.<\/p>\t\t\t\t\t\t\t\t<\/div>\n\t\t\t\t<\/div>\n\t\t\t\t\t<\/div>\n\t\t\t\t<\/div>\n\t\t<div class=\"elementor-element elementor-element-iwgs-azabache-s2 e-flex e-con-boxed e-con e-parent\" data-id=\"iwgs-azabache-s2\" data-element_type=\"container\" data-e-type=\"container\">\n\t\t\t\t\t<div class=\"e-con-inner\">\n\t\t\t\t<div class=\"elementor-element elementor-element-iwgs-azabache-s2h elementor-widget elementor-widget-heading\" data-id=\"iwgs-azabache-s2h\" data-element_type=\"widget\" data-e-type=\"widget\" data-widget_type=\"heading.default\">\n\t\t\t\t\t<h2 class=\"elementor-heading-title elementor-size-default\">La forma del puny tancat<\/h2>\t\t\t\t<\/div>\n\t\t<div class=\"elementor-element elementor-element-iwgs-azabache-s2box e-con-full e-flex e-con e-parent\" data-id=\"iwgs-azabache-s2box\" data-element_type=\"container\" data-e-type=\"container\">\n\t\t\t\t<div class=\"elementor-element elementor-element-iwgs-azabache-s2t elementor-widget elementor-widget-text-editor\" data-id=\"iwgs-azabache-s2t\" data-element_type=\"widget\" data-e-type=\"widget\" data-widget_type=\"text-editor.default\">\n\t\t\t\t\t\t\t\t\t<p>La forma m\u00e9s coneguda de l&#8217;Azabache \u00e9s el petit puny tancat. Aquesta forma s&#8217;anomena en castell\u00e0 Higa.<\/p><p>El puny de l&#8217;Azabache mostra sovint una posici\u00f3 determinada de la m\u00e0. El polze es col\u00b7loca entre l&#8217;\u00edndex i el dit del mig, de manera que la punta sobresurt. Aquest \u00e9s el gest de la m\u00e0 de figa.<\/p><p>Aquest gest \u00e9s conegut de la Mano fico italiana. A la p\u00e0gina sobre la Mano fico, la m\u00e0 de figa es presenta detalladament com un antic gest protector de la Mediterr\u00e0nia.<\/p><p>En l&#8217;Azabache espanyol, aquest gest es fixa de manera permanent en el gagat negre. L&#8217;<span class=\"iwg-fachbegriff\" data-tooltip=\"Un objecte que es porta al cos i al qual s'atribueix un efecte protector, allunyador del mal.\" tabindex=\"0\">amulet<\/span> uneix aix\u00ed l&#8217;antic gest protector de la m\u00e0 de figa amb el material protector del gagat.<\/p><p>A m\u00e9s del puny, hi ha altres formes d&#8217;Azabache. \u00c9s habitual una simple perla negra de gagat. Tamb\u00e9 s&#8217;han fabricat altres petits s\u00edmbols amb aquest material.<\/p><p>Tot i aix\u00f2, el puny tancat continua sent la forma caracter\u00edstica. Uneix dues idees protectores, la for\u00e7a del gest de la m\u00e0 de figa i el poder protector del material negre, en un \u00fanic <span class=\"iwg-fachbegriff\" data-tooltip=\"Un objecte que es porta al cos i al qual s'atribueix un efecte protector, allunyador del mal.\" tabindex=\"0\">amulet<\/span>.<\/p>\t\t\t\t\t\t\t\t<\/div>\n\t\t\t\t<\/div>\n\t\t\t\t\t<\/div>\n\t\t\t\t<\/div>\n\t\t<div class=\"elementor-element elementor-element-iwgs-azabache-s3 e-flex e-con-boxed e-con e-parent\" data-id=\"iwgs-azabache-s3\" data-element_type=\"container\" data-e-type=\"container\">\n\t\t\t\t\t<div class=\"e-con-inner\">\n\t\t\t\t<div class=\"elementor-element elementor-element-iwgs-azabache-s3h elementor-widget elementor-widget-heading\" data-id=\"iwgs-azabache-s3h\" data-element_type=\"widget\" data-e-type=\"widget\" data-widget_type=\"heading.default\">\n\t\t\t\t\t<h2 class=\"elementor-heading-title elementor-size-default\">L'Azabache com a protecci\u00f3 infantil<\/h2>\t\t\t\t<\/div>\n\t\t<div class=\"elementor-element elementor-element-iwgs-azabache-s3box e-con-full e-flex e-con e-parent\" data-id=\"iwgs-azabache-s3box\" data-element_type=\"container\" data-e-type=\"container\">\n\t\t\t\t<div class=\"elementor-element elementor-element-iwgs-azabache-s3t elementor-widget elementor-widget-text-editor\" data-id=\"iwgs-azabache-s3t\" data-element_type=\"widget\" data-e-type=\"widget\" data-widget_type=\"text-editor.default\">\n\t\t\t\t\t\t\t\t\t<p>L&#8217;Azabache \u00e9s sobretot un mitj\u00e0 de protecci\u00f3 per als infants. Es col\u00b7loca al nad\u00f3 i al petit, i forma part dels elements propis de la primera inf\u00e0ncia.<\/p><p>Sovint el nen rep una polsera amb un Azabache. El petit puny negre es lliga al canell del nad\u00f3 i l&#8217;acompanya durant els primers mesos i anys de vida.<\/p><p>L&#8217;Azabache tamb\u00e9 es pot cosir a la roba o portar-se en una cadena. En cada forma, el prop\u00f2sit \u00e9s el mateix: protegir el nen del mal d&#8217;ull.<\/p><p>El nad\u00f3 es considerava especialment vulnerable. Un infant sa i bonic despertava admiraci\u00f3, i, segons la creen\u00e7a, l&#8217;admiraci\u00f3 podia convertir-se en una mirada perjudicial.<\/p><p>L&#8217;Azabache \u00e9s sovint un regal. Es dona al nen en n\u00e9ixer o en el bateig, unint aix\u00ed la idea de protecci\u00f3 amb l&#8217;expressi\u00f3 de bons desitjos.<\/p><p>L&#8217;Azabache est\u00e0, doncs, estretament lligat a l&#8217;inici de la vida. \u00c9s el mitj\u00e0 de protecci\u00f3 familiar de la primera inf\u00e0ncia i acompanya el nen durant aquest primer per\u00edode considerat vulnerable.<\/p>\t\t\t\t\t\t\t\t<\/div>\n\t\t\t\t<\/div>\n\t\t\t\t\t<\/div>\n\t\t\t\t<\/div>\n\t\t<div class=\"elementor-element elementor-element-iwgs-azabache-s4 e-flex e-con-boxed e-con e-parent\" data-id=\"iwgs-azabache-s4\" data-element_type=\"container\" data-e-type=\"container\">\n\t\t\t\t\t<div class=\"e-con-inner\">\n\t\t\t\t<div class=\"elementor-element elementor-element-iwgs-azabache-s4h elementor-widget elementor-widget-heading\" data-id=\"iwgs-azabache-s4h\" data-element_type=\"widget\" data-e-type=\"widget\" data-widget_type=\"heading.default\">\n\t\t\t\t\t<h2 class=\"elementor-heading-title elementor-size-default\">El mal d'ull i la seva defensa<\/h2>\t\t\t\t<\/div>\n\t\t<div class=\"elementor-element elementor-element-iwgs-azabache-s4box e-con-full e-flex e-con e-parent\" data-id=\"iwgs-azabache-s4box\" data-element_type=\"container\" data-e-type=\"container\">\n\t\t\t\t<div class=\"elementor-element elementor-element-iwgs-azabache-s4t elementor-widget elementor-widget-text-editor\" data-id=\"iwgs-azabache-s4t\" data-element_type=\"widget\" data-e-type=\"widget\" data-widget_type=\"text-editor.default\">\n\t\t\t\t\t\t\t\t\t<p>La funci\u00f3 de l&#8217;azabache \u00e9s la protecci\u00f3 contra el mal d&#8217;ull. En l&#8217;\u00e0mbit espanyol, aquest s&#8217;anomena Mal de ojo, que literalment significa mal de l&#8217;ull.<\/p><p>Segons aquesta creen\u00e7a, una mirada pot causar dany. Sovint el mal d&#8217;ull s&#8217;associa a l&#8217;enveja. Per\u00f2 tamb\u00e9 la mirada admirativa es considerava perillosa, especialment per als infants.<\/p><p>La creen\u00e7a en el mal d&#8217;ull est\u00e0 estesa per tota la Mediterr\u00e0nia i es descriu amb detall a la p\u00e0gina sobre el <a href=\"https:\/\/iwell-guard.com\/ca\/mal-d-ull\/\">mal d&#8217;ull<\/a>. Amb l&#8217;emigraci\u00f3 espanyola, aquesta creen\u00e7a tamb\u00e9 va arribar a l&#8217;Am\u00e8rica Llatina.<\/p><p>L&#8217;azabache s&#8217;oposa a aquesta creen\u00e7a com a mitj\u00e0 de protecci\u00f3. Qui posa un azabache a un infant el protegeix, segons la <span class=\"iwg-fachbegriff\" data-tooltip=\"La transmissi\u00f3 de coneixements i relats al llarg de generacions.\" tabindex=\"0\">tradici\u00f3<\/span>, contra el Mal de ojo.<\/p><p>L&#8217;<span class=\"iwg-fachbegriff\" data-tooltip=\"Un objecte portat al qual s'atribueix un efecte protector contra la desgr\u00e0cia.\" tabindex=\"0\">amulet<\/span> ofereix una protecci\u00f3 permanent. No cal activar-lo de manera especial, sin\u00f3 que acompanya l&#8217;infant constantment, ja que va lligat al bra\u00e7 o a la roba.<\/p><p>L&#8217;azabache queda aix\u00ed fermament integrat en la creen\u00e7a del mal d&#8217;ull. D\u00f3na una resposta visible i permanent a la por, molt estesa, pel benestar dels infants.<\/p>\t\t\t\t\t\t\t\t<\/div>\n\t\t\t\t<\/div>\n\t\t\t\t\t<\/div>\n\t\t\t\t<\/div>\n\t\t<div class=\"elementor-element elementor-element-iwgs-azabache-s5 e-flex e-con-boxed e-con e-parent\" data-id=\"iwgs-azabache-s5\" data-element_type=\"container\" data-e-type=\"container\">\n\t\t\t\t\t<div class=\"e-con-inner\">\n\t\t\t\t<div class=\"elementor-element elementor-element-iwgs-azabache-s5h elementor-widget elementor-widget-heading\" data-id=\"iwgs-azabache-s5h\" data-element_type=\"widget\" data-e-type=\"widget\" data-widget_type=\"heading.default\">\n\t\t\t\t\t<h2 class=\"elementor-heading-title elementor-size-default\">El principi d'acci\u00f3 de l'azabache<\/h2>\t\t\t\t<\/div>\n\t\t<div class=\"elementor-element elementor-element-iwgs-azabache-s5box e-con-full e-flex e-con e-parent\" data-id=\"iwgs-azabache-s5box\" data-element_type=\"container\" data-e-type=\"container\">\n\t\t\t\t<div class=\"elementor-element elementor-element-iwgs-azabache-s5t elementor-widget elementor-widget-text-editor\" data-id=\"iwgs-azabache-s5t\" data-element_type=\"widget\" data-e-type=\"widget\" data-widget_type=\"text-editor.default\">\n\t\t\t\t\t\t\t\t\t<p>L&#8217;azabache segueix un principi d&#8217;acci\u00f3 compost. La seva for\u00e7a protectora es basa en diverses idees que conflueixen en aquest <span class=\"iwg-fachbegriff\" data-tooltip=\"Un objecte portat al qual s'atribueix un efecte protector contra la desgr\u00e0cia.\" tabindex=\"0\">amulet<\/span>.<\/p><p>La primera idea \u00e9s el material. L&#8217;atzabeja negra es considerava protectora. El negre era un color que havia de retenir i desviar la desgr\u00e0cia, en lloc d&#8217;atreure-la.<\/p><p>La segona idea \u00e9s la forma. El puny tancat amb el polze sortint \u00e9s la m\u00e0 figa, un gest de protecci\u00f3 antic. L&#8217;<span class=\"iwg-fachbegriff\" data-tooltip=\"Un objecte portat al qual s'atribueix un efecte protector contra la desgr\u00e0cia.\" tabindex=\"0\">amulet<\/span> fixa aquest gest poder\u00f3s de manera permanent.<\/p><p>La tercera idea t\u00e9 a veure amb la distracci\u00f3. Un <span class=\"iwg-fachbegriff\" data-tooltip=\"Un objecte portat al qual s'atribueix un efecte protector contra la desgr\u00e0cia.\" tabindex=\"0\">amulet<\/span> negre i cridaner sobre l&#8217;infant capta la mirada de l&#8217;observador. La mirada cau primer sobre l&#8217;azabache i no sobre l&#8217;infant.<\/p><p>S&#8217;hi afegeix una antiga creen\u00e7a curativa. A l&#8217;atzabeja, m\u00e9s enll\u00e0 de la protecci\u00f3 contra el mal d&#8217;ull, se li atribu\u00efa una for\u00e7a protectora general.<\/p><p>L&#8217;azabache actua aix\u00ed mitjan\u00e7ant la interacci\u00f3 del material, la forma i la distracci\u00f3. \u00c9s un <span class=\"iwg-fachbegriff\" data-tooltip=\"Un objecte portat al qual s'atribueix un efecte protector contra la desgr\u00e0cia.\" tabindex=\"0\">amulet<\/span> compost, en el qual s&#8217;uneixen la for\u00e7a de l&#8217;atzabeja negra i la for\u00e7a de la m\u00e0 figa.<\/p>\t\t\t\t\t\t\t\t<\/div>\n\t\t\t\t<\/div>\n\t\t\t\t\t<\/div>\n\t\t\t\t<\/div>\n\t\t<div class=\"elementor-element elementor-element-iwgs-azabache-s6 e-flex e-con-boxed e-con e-parent\" data-id=\"iwgs-azabache-s6\" data-element_type=\"container\" data-e-type=\"container\">\n\t\t\t\t\t<div class=\"e-con-inner\">\n\t\t\t\t<div class=\"elementor-element elementor-element-iwgs-azabache-s6h elementor-widget elementor-widget-heading\" data-id=\"iwgs-azabache-s6h\" data-element_type=\"widget\" data-e-type=\"widget\" data-widget_type=\"heading.default\">\n\t\t\t\t\t<h2 class=\"elementor-heading-title elementor-size-default\">L'azabache i amulets relacionats<\/h2>\t\t\t\t<\/div>\n\t\t<div class=\"elementor-element elementor-element-iwgs-azabache-s6box e-con-full e-flex e-con e-parent\" data-id=\"iwgs-azabache-s6box\" data-element_type=\"container\" data-e-type=\"container\">\n\t\t\t\t<div class=\"elementor-element elementor-element-iwgs-azabache-s6t elementor-widget elementor-widget-text-editor\" data-id=\"iwgs-azabache-s6t\" data-element_type=\"widget\" data-e-type=\"widget\" data-widget_type=\"text-editor.default\">\n\t\t\t\t\t\t\t\t\t<p>L&#8217;azabache pertany a la fam\u00edlia dels amulets protectors de la Mediterr\u00e0nia. Dins d&#8217;aquesta fam\u00edlia ocupa una posici\u00f3 pr\u00f2pia gr\u00e0cies al seu material.<\/p><p>Per la forma del puny, est\u00e0 estretament relacionat amb la mano fico italiana, la m\u00e0 figa. Tots dos reprodueixen el mateix gest. L&#8217;azabache es distingeix sobretot per l&#8217;atzabeja negra.<\/p><p>Per la seva funci\u00f3, se situa al costat del cornicello, la mano cornuta i la cimaruta. Tots aquests amulets serveixen per protegir-se del mal d&#8217;ull a la Mediterr\u00e0nia occidental.<\/p><p>Pel seu \u00fas en infants, l&#8217;azabache s&#8217;assembla a la cimaruta, que tamb\u00e9 servia principalment per protegir els infants. Ambd\u00f3s formen part de l&#8217;aixovar de la primera inf\u00e0ncia.<\/p><p>M\u00e9s enll\u00e0 de la Mediterr\u00e0nia, l&#8217;azabache es pot comparar amb la <a href=\"https:\/\/iwell-guard.com\/ca\/hamsa\/\">hamsa<\/a> i amb altres amulets de protecci\u00f3 infantil que, en moltes cultures, acompanyen la vida jove.<\/p><p>L&#8217;azabache forma part, aix\u00ed, d&#8217;un ric conjunt d&#8217;amulets protectors. El que el distingeix \u00e9s la uni\u00f3 del gest de la m\u00e0 figa amb el material especial i negre de l&#8217;atzabeja.<\/p>\t\t\t\t\t\t\t\t<\/div>\n\t\t\t\t<\/div>\n\t\t\t\t\t<\/div>\n\t\t\t\t<\/div>\n\t\t<div class=\"elementor-element elementor-element-iwgs-azabache-s7 e-flex e-con-boxed e-con e-parent\" data-id=\"iwgs-azabache-s7\" data-element_type=\"container\" data-e-type=\"container\">\n\t\t\t\t\t<div class=\"e-con-inner\">\n\t\t\t\t<div class=\"elementor-element elementor-element-iwgs-azabache-s7h elementor-widget elementor-widget-heading\" data-id=\"iwgs-azabache-s7h\" data-element_type=\"widget\" data-e-type=\"widget\" data-widget_type=\"heading.default\">\n\t\t\t\t\t<h2 class=\"elementor-heading-title elementor-size-default\">Difusi\u00f3 a Espanya i l'Am\u00e8rica Llatina<\/h2>\t\t\t\t<\/div>\n\t\t<div class=\"elementor-element elementor-element-iwgs-azabache-s7box e-con-full e-flex e-con e-parent\" data-id=\"iwgs-azabache-s7box\" data-element_type=\"container\" data-e-type=\"container\">\n\t\t\t\t<div class=\"elementor-element elementor-element-iwgs-azabache-s7t elementor-widget elementor-widget-text-editor\" data-id=\"iwgs-azabache-s7t\" data-element_type=\"widget\" data-e-type=\"widget\" data-widget_type=\"text-editor.default\">\n\t\t\t\t\t\t\t\t\t<p>L&#8217;azabache t\u00e9 el seu origen a l&#8217;\u00e0mbit espanyol i des d&#8217;all\u00e0 va arribar a l&#8217;Am\u00e8rica Llatina. En ambdues regions continua viu avui dia.<\/p><p>A Espanya, l&#8217;atzabeja va ser des de temps antics un material molt apreciat. Determinades regions eren conegudes per treballar l&#8217;atzabeja en joies i amulets.<\/p><p>Amb l&#8217;emigraci\u00f3 espanyola, el material, l&#8217;<span class=\"iwg-fachbegriff\" data-tooltip=\"Un objecte portat al qual s'atribueix un efecte protector contra la desgr\u00e0cia.\" tabindex=\"0\">amulet<\/span> i la creen\u00e7a en el mal d&#8217;ull van arribar a l&#8217;Am\u00e8rica Llatina. All\u00e0, l&#8217;azabache es va combinar amb els costums locals.<\/p><p>En molts pa\u00efsos de l&#8217;Am\u00e8rica Llatina, l&#8217;azabache forma part de l&#8217;aixovar del nad\u00f3. El bra\u00e7alet amb el petit puny negre \u00e9s un regal habitual en el naixement i en el bateig.<\/p><p>En algunes regions, l&#8217;azabache es va combinar amb altres elements protectors, com corals vermells, petites imatges de sants o altres signes que penjaven junts d&#8217;un bra\u00e7alet.<\/p><p>L&#8217;azabache \u00e9s, doncs, un mitj\u00e0 de protecci\u00f3 que ha travessat l&#8217;Atl\u00e0ntic. Mostra com un <span class=\"iwg-fachbegriff\" data-tooltip=\"Un objecte portat al qual s'atribueix un efecte protector contra la desgr\u00e0cia.\" tabindex=\"0\">amulet<\/span> arriba a noves regions amb l&#8217;emigraci\u00f3 d&#8217;una poblaci\u00f3 i hi continua vivint.<\/p>\t\t\t\t\t\t\t\t<\/div>\n\t\t\t\t<\/div>\n\t\t\t\t\t<\/div>\n\t\t\t\t<\/div>\n\t\t<div class=\"elementor-element elementor-element-iwgs-azabache-s8 e-flex e-con-boxed e-con e-parent\" data-id=\"iwgs-azabache-s8\" data-element_type=\"container\" data-e-type=\"container\">\n\t\t\t\t\t<div class=\"e-con-inner\">\n\t\t\t\t<div class=\"elementor-element elementor-element-iwgs-azabache-s8h elementor-widget elementor-widget-heading\" data-id=\"iwgs-azabache-s8h\" data-element_type=\"widget\" data-e-type=\"widget\" data-widget_type=\"heading.default\">\n\t\t\t\t\t<h2 class=\"elementor-heading-title elementor-size-default\">Recepci\u00f3 actual<\/h2>\t\t\t\t<\/div>\n\t\t<div class=\"elementor-element elementor-element-iwgs-azabache-s8box e-con-full e-flex e-con e-parent\" data-id=\"iwgs-azabache-s8box\" data-element_type=\"container\" data-e-type=\"container\">\n\t\t\t\t<div class=\"elementor-element elementor-element-iwgs-azabache-s8t elementor-widget elementor-widget-text-editor\" data-id=\"iwgs-azabache-s8t\" data-element_type=\"widget\" data-e-type=\"widget\" data-widget_type=\"text-editor.default\">\n\t\t\t\t\t\t\t\t\t<p>L&#8217;Azabache continua present avui dia a l&#8217;\u00e0mbit espanyol i llatinoameric\u00e0. Com a amulet de protecci\u00f3 de la primera inf\u00e0ncia, forma part del <span class=\"iwg-fachbegriff\" data-tooltip=\"El conjunt de costums transmesos d'una comunitat.\" tabindex=\"0\">costumari<\/span> familiar.<\/p><p>El bra\u00e7alet amb el petit puny negre continua col\u00b7locant-se als nadons. \u00c9s un regal habitual amb motiu del naixement i del bateig, i acompanya l&#8217;infant durant els primers anys.<\/p><p>Com a joia, l&#8217;Azabache tamb\u00e9 el porten els adults. En aquest \u00fas pot ser un signe de vinculaci\u00f3 amb l&#8217;origen i amb la <span class=\"iwg-fachbegriff\" data-tooltip=\"La transmissi\u00f3 de coneixements i relats al llarg de generacions.\" tabindex=\"0\">tradici\u00f3<\/span>.<\/p><p>En les comunitats llatinoamericanes d&#8217;arreu del m\u00f3n, el <span class=\"iwg-fachbegriff\" data-tooltip=\"Una acci\u00f3 transmesa i repetida regularment en una comunitat.\" tabindex=\"0\">costum<\/span> es mant\u00e9 viu. L&#8217;Azabache viatja amb les fam\u00edlies i conserva el vincle amb la regi\u00f3 d&#8217;origen.<\/p><p>Per a la <span class=\"iwg-fachbegriff\" data-tooltip=\"Ci\u00e8ncia que estudia la cultura popular, els costums i les creences transmeses.\" tabindex=\"0\">etnologia<\/span>, l&#8217;Azabache continua sent un objecte revelador. Mostra com un material, un gest protector i una creen\u00e7a en el mal d&#8217;ull es conjuguen en un <span class=\"iwg-fachbegriff\" data-tooltip=\"Un objecte portat al qual s'atribueix un efecte protector i preventiu contra el mal.\" tabindex=\"0\">amulet<\/span>.<\/p><p>L&#8217;Azabache \u00e9s, doncs, un exemple viu d&#8217;amulet de protecci\u00f3 infantil. En ell es conjuguen l&#8217;atzabeja negra, l&#8217;antic gest de la figa i el desig, encara present avui, de preservar la vida jove del mal d&#8217;ull.<\/p>\t\t\t\t\t\t\t\t<\/div>\n\t\t\t\t<\/div>\n\t\t\t\t\t<\/div>\n\t\t\t\t<\/div>\n\t\t<div class=\"elementor-element elementor-element-iwgs-azabache-lit e-flex e-con-boxed e-con e-parent\" data-id=\"iwgs-azabache-lit\" data-element_type=\"container\" data-e-type=\"container\">\n\t\t\t\t\t<div class=\"e-con-inner\">\n\t\t\t\t<div class=\"elementor-element elementor-element-iwgs-azabache-lith elementor-widget elementor-widget-heading\" data-id=\"iwgs-azabache-lith\" data-element_type=\"widget\" data-e-type=\"widget\" data-widget_type=\"heading.default\">\n\t\t\t\t\t<h2 class=\"elementor-heading-title elementor-size-default\">Bibliografia (selecci\u00f3)<\/h2>\t\t\t\t<\/div>\n\t\t<div class=\"elementor-element elementor-element-iwgs-azabache-litbox e-con-full e-flex e-con e-parent\" data-id=\"iwgs-azabache-litbox\" data-element_type=\"container\" data-e-type=\"container\">\n\t\t\t\t<div class=\"elementor-element elementor-element-iwgs-azabache-litt elementor-widget elementor-widget-html\" data-id=\"iwgs-azabache-litt\" data-element_type=\"widget\" data-e-type=\"widget\" data-widget_type=\"html.default\">\n\t\t\t\t\t<footer data-nosnippet=\"true\"><ul><li>Alan Dundes (ed.): <em>The Evil Eye. A Casebook<\/em> (1981)<\/li><li>Frederick Thomas Elworthy: <em>The Evil Eye<\/em> (1895)<\/li><li>Julio Caro Baroja: <em>El mundo de los muertos y otros estudios<\/em> (1990)<\/li><li>Liselotte Hansmann, Lenz Kriss-Rettenbeck: <em>Amulett und Talisman<\/em> (1966)<\/li><li>William Jones: <em>Finger-Ring Lore<\/em> (1877)<\/li><\/ul><\/footer>\t\t\t\t<\/div>\n\t\t\t\t<\/div>\n\t\t\t\t\t<\/div>\n\t\t\t\t<\/div>\n\t\t<div class=\"elementor-element elementor-element-iwgs-azabache-kwd e-flex e-con-boxed e-con e-parent\" data-id=\"iwgs-azabache-kwd\" data-element_type=\"container\" data-e-type=\"container\">\n\t\t\t\t\t<div class=\"e-con-inner\">\n\t\t\t\t<div class=\"elementor-element elementor-element-iwgs-azabache-kwdt elementor-widget elementor-widget-text-editor\" data-id=\"iwgs-azabache-kwdt\" data-element_type=\"widget\" data-e-type=\"widget\" data-widget_type=\"text-editor.default\">\n\t\t\t\t\t\t\t\t\t<p><em>Conceptes clau relacionats: Azabache, atzabeja, puny negre, <span class=\"iwg-fachbegriff\" data-tooltip=\"Creen\u00e7a estesa segons la qual una mirada envejosa d'una altra persona pot causar dany.\" tabindex=\"0\">mal d&#8217;ull<\/span>, Mal de ojo, Espanya, Llatinoam\u00e8rica, protecci\u00f3 infantil, Higa, <span class=\"iwg-fachbegriff\" data-tooltip=\"Terme de la ci\u00e8ncia de la religi\u00f3 per a un objecte o signe amb funci\u00f3 de prevenci\u00f3 del mal.\" tabindex=\"0\">apotropaic<\/span>.<\/em><\/p>\t\t\t\t\t\t\t\t<\/div>\n\t\t\t\t\t<\/div>\n\t\t\t\t<\/div>\n\t\t<div class=\"elementor-element elementor-element-iwgs-azabache-cc e-flex e-con-boxed e-con e-parent\" data-id=\"iwgs-azabache-cc\" data-element_type=\"container\" data-e-type=\"container\" id=\"iwg-cc-azabache\">\n\t\t\t\t\t<div class=\"e-con-inner\">\n\t\t<div class=\"elementor-element elementor-element-iwgs-azabache-ccinner e-flex e-con-boxed e-con e-parent\" data-id=\"iwgs-azabache-ccinner\" data-element_type=\"container\" data-e-type=\"container\" data-settings=\"{&quot;background_background&quot;:&quot;classic&quot;}\">\n\t\t\t\t\t<div class=\"e-con-inner\">\n\t\t\t\t<div class=\"elementor-element elementor-element-iwgs-azabache-cch elementor-widget elementor-widget-heading\" data-id=\"iwgs-azabache-cch\" data-element_type=\"widget\" data-e-type=\"widget\" data-widget_type=\"heading.default\">\n\t\t\t\t\t<h2 class=\"elementor-heading-title elementor-size-default\">iWell Guard i tradicions de protecci\u00f3<\/h2>\t\t\t\t<\/div>\n\t\t\t\t<div class=\"elementor-element elementor-element-iwgs-azabache-cct elementor-widget elementor-widget-text-editor\" data-id=\"iwgs-azabache-cct\" data-element_type=\"widget\" data-e-type=\"widget\" data-widget_type=\"text-editor.default\">\n\t\t\t\t\t\t\t\t\t<p>iWell Guard s&#8217;inscriu en la l\u00ednia hist\u00f2rico-cultural dels objectes de protecci\u00f3 portables, a la qual tamb\u00e9 pertany l&#8217;Azabache. Un company modern per a persones que viuen amb s\u00edmbols de protecci\u00f3: fabricat a Alemanya, 41 capes d&#8217;or veritable, plat\u00ed i plata, amb dret de devoluci\u00f3 de 30 dies.<\/p>\t\t\t\t\t\t\t\t<\/div>\n\t\t\t\t<div class=\"elementor-element elementor-element-iwgs-azabache-ccb iwg-cc-button iwg-cc-cta-2026-05-13 elementor-widget elementor-widget-jet-button\" data-id=\"iwgs-azabache-ccb\" data-element_type=\"widget\" data-e-type=\"widget\" data-widget_type=\"jet-button.default\">\n\t\t\t\t<div class=\"elementor-widget-container\">\n\t\t\t\t\t<div class=\"elementor-jet-button jet-elements\"><div class=\"jet-button__container\"><a class=\"jet-button__instance jet-button__instance--icon-left hover-effect-1\" href=\"\/schutzanhaenger-iwell-guard-kaufen\/?utm_source=iwell-guard.com&amp;utm_medium=info-box&amp;utm_campaign=schutzsymbole\"><div class=\"jet-button__plane jet-button__plane-normal\"><\/div><div class=\"jet-button__plane jet-button__plane-hover\"><\/div><div class=\"jet-button__state jet-button__state-normal\"><span class=\"jet-button__label\">M\u00e9s informaci\u00f3 sobre l'iWell Guard<\/span><\/div><div class=\"jet-button__state jet-button__state-hover\"><span class=\"jet-button__label\">M\u00e9s informaci\u00f3 sobre l'iWell Guard<\/span><\/div><\/a><\/div><\/div><style>.elementor-element.elementor-element-iwgs-azabache-ccb .jet-button__instance{width:320px;height:56px;}.elementor-element.elementor-element-iwgs-azabache-ccb .jet-button__state-normal .jet-button__label{text-align:center;margin:0px 0px 0px 0px;color:#1a1b20;font-family:Montserrat,sans-serif;font-size:13px;font-weight:400;letter-spacing:4px;line-height:1.714em;text-transform:uppercase;}.elementor-element.elementor-element-iwgs-azabache-ccb .jet-button__state-hover .jet-button__label{text-align:center;margin:0px 0px 0px 0px;color:#FECC76;font-family:Montserrat,sans-serif;font-size:13px;font-weight:400;letter-spacing:4px;line-height:1.714em;text-transform:uppercase;}.elementor-element.elementor-element-iwgs-azabache-ccb .jet-button__plane-normal{background-color:#FECC76;border-style:solid;border-color:#C99540;border-width:2px 2px 2px 2px;}.elementor-element.elementor-element-iwgs-azabache-ccb .jet-button__plane-hover{background-color:rgba(0,0,0,0.55);border-style:solid;border-color:#FECC76;border-width:2px 2px 2px 2px;}<\/style>\t\t\t\t<\/div>\n\t\t\t\t<\/div>\n\t\t\t\t<div class=\"elementor-element elementor-element-iwgs-azabache-ccd elementor-widget elementor-widget-text-editor\" data-id=\"iwgs-azabache-ccd\" data-element_type=\"widget\" data-e-type=\"widget\" data-widget_type=\"text-editor.default\">\n\t\t\t\t\t\t\t\t\t<p style=\"text-align:center;font-size:13px;opacity:0.7;margin-top:14px\" data-nosnippet=\"true\">Les experi\u00e8ncies personals poden variar. No \u00e9s un producte sanitari. No es garanteix cap curaci\u00f3.<\/p>\t\t\t\t\t\t\t\t<\/div>\n\t\t\t\t\t<\/div>\n\t\t\t\t<\/div>\n\t\t\t\t\t<\/div>\n\t\t\t\t<\/div>\n\t\t<div class=\"elementor-element elementor-element-iwgs-azabache-disc e-flex e-con-boxed e-con e-parent\" data-id=\"iwgs-azabache-disc\" data-element_type=\"container\" data-e-type=\"container\">\n\t\t\t\t\t<div class=\"e-con-inner\">\n\t\t\t\t<div class=\"elementor-element elementor-element-iwgs-azabache-discw elementor-widget elementor-widget-html\" data-id=\"iwgs-azabache-discw\" data-element_type=\"widget\" data-e-type=\"widget\" data-widget_type=\"html.default\">\n\t\t\t\t\t<footer data-nosnippet=\"true\" class=\"iwg-disclaimer-block\"><p data-nosnippet=\"true\">iWell Guard <strong>no \u00e9s un producte sanitari<\/strong> i no substitueix cap tractament m\u00e8dic o psicoterap\u00e8utic. Els continguts presentats aqu\u00ed s\u00f3n una contextualitzaci\u00f3 des de la ci\u00e8ncia de les religions i la hist\u00f2ria cultural, no una promesa d'efecte espiritual.<\/p><\/footer>\t\t\t\t<\/div>\n\t\t\t\t\t<\/div>\n\t\t\t\t<\/div>\n\t\t\t\t<\/div>\n\t\t","protected":false},"excerpt":{"rendered":"","protected":false},"author":3,"featured_media":3475,"parent":0,"menu_order":0,"comment_status":"closed","ping_status":"closed","template":"elementor_header_footer","meta":{"_yoast_wpseo_focuskw":"Azabache","_yoast_wpseo_title":"Azabache \u2013 el puny de gagat com a protecci\u00f3","_yoast_wpseo_metadesc":"L'Azabache \u00e9s el petit puny de gagat negre que a Espanya i a l'Am\u00e8rica Llatina es col\u00b7loca als infants contra el mal d'ull. Significat explicat.","_yoast_wpseo_meta-robots-noindex":"","_yoast_wpseo_canonical":"","_angie_page":false,"gefaehrdungsstufe":"","wesen_kultur":"","wesen_klasse":"","footnotes":""},"categories":[],"class_list":["post-171964","page","type-page","status-publish","has-post-thumbnail","hentry"],"yoast_head":"<!-- This site is optimized with the Yoast SEO Premium plugin v27.7 (Yoast SEO v28.3) - https:\/\/yoast.com\/product\/yoast-seo-premium-wordpress\/ -->\n<title>Azabache \u2013 el puny de gagat com a protecci\u00f3<\/title>\n<meta name=\"description\" content=\"L&#039;Azabache \u00e9s el petit puny de gagat negre que a Espanya i a l&#039;Am\u00e8rica Llatina es col\u00b7loca als infants contra el mal d&#039;ull. Significat explicat.\" \/>\n<meta name=\"robots\" content=\"index, follow, max-snippet:-1, max-image-preview:large, max-video-preview:-1\" \/>\n<link rel=\"canonical\" href=\"https:\/\/iwell-guard.com\/ca\/azabache-el-puny-de-gagat-negre-contra-el-mal-dull\/\" \/>\n<meta property=\"og:locale\" content=\"ca_ES\" \/>\n<meta property=\"og:type\" content=\"article\" \/>\n<meta property=\"og:title\" content=\"Azabache \u2013 el puny de gagat negre contra el mal d&#039;ull\" \/>\n<meta property=\"og:description\" content=\"L&#039;Azabache \u00e9s el petit puny de gagat negre que a Espanya i a l&#039;Am\u00e8rica Llatina es col\u00b7loca als infants contra el mal d&#039;ull. Significat explicat.\" \/>\n<meta property=\"og:url\" content=\"https:\/\/iwell-guard.com\/ca\/azabache-el-puny-de-gagat-negre-contra-el-mal-dull\/\" \/>\n<meta property=\"og:site_name\" content=\"iWell Guard\" \/>\n<meta property=\"article:modified_time\" content=\"2026-09-05T16:11:49+00:00\" \/>\n<meta property=\"og:image\" content=\"https:\/\/iwell-guard.com\/wp-content\/uploads\/2026\/05\/schutzsymbol_lateinamerika_azabache.webp\" \/>\n\t<meta property=\"og:image:width\" content=\"1024\" \/>\n\t<meta property=\"og:image:height\" content=\"1536\" \/>\n\t<meta property=\"og:image:type\" content=\"image\/webp\" \/>\n<meta name=\"twitter:card\" content=\"summary_large_image\" \/>\n<script type=\"application\/ld+json\" class=\"yoast-schema-graph\">{\"@context\":\"https:\\\/\\\/schema.org\",\"@graph\":[{\"@type\":\"WebPage\",\"@id\":\"https:\\\/\\\/iwell-guard.com\\\/ca\\\/azabache-el-puny-de-gagat-negre-contra-el-mal-dull\\\/\",\"url\":\"https:\\\/\\\/iwell-guard.com\\\/ca\\\/azabache-el-puny-de-gagat-negre-contra-el-mal-dull\\\/\",\"name\":\"Azabache \u2013 el puny de gagat com a protecci\u00f3\",\"isPartOf\":{\"@id\":\"https:\\\/\\\/iwell-guard.com\\\/ca\\\/#website\"},\"primaryImageOfPage\":{\"@id\":\"https:\\\/\\\/iwell-guard.com\\\/ca\\\/azabache-el-puny-de-gagat-negre-contra-el-mal-dull\\\/#primaryimage\"},\"image\":{\"@id\":\"https:\\\/\\\/iwell-guard.com\\\/ca\\\/azabache-el-puny-de-gagat-negre-contra-el-mal-dull\\\/#primaryimage\"},\"thumbnailUrl\":\"https:\\\/\\\/iwell-guard.com\\\/wp-content\\\/uploads\\\/2026\\\/05\\\/schutzsymbol_lateinamerika_azabache.webp\",\"datePublished\":\"2026-09-05T15:43:56+00:00\",\"dateModified\":\"2026-09-05T16:11:49+00:00\",\"description\":\"L'Azabache \u00e9s el petit puny de gagat negre que a Espanya i a l'Am\u00e8rica Llatina es col\u00b7loca als infants contra el mal d'ull. Significat explicat.\",\"breadcrumb\":{\"@id\":\"https:\\\/\\\/iwell-guard.com\\\/ca\\\/azabache-el-puny-de-gagat-negre-contra-el-mal-dull\\\/#breadcrumb\"},\"inLanguage\":\"ca\",\"potentialAction\":[{\"@type\":\"ReadAction\",\"target\":[\"https:\\\/\\\/iwell-guard.com\\\/ca\\\/azabache-el-puny-de-gagat-negre-contra-el-mal-dull\\\/\"]}]},{\"@type\":\"ImageObject\",\"inLanguage\":\"ca\",\"@id\":\"https:\\\/\\\/iwell-guard.com\\\/ca\\\/azabache-el-puny-de-gagat-negre-contra-el-mal-dull\\\/#primaryimage\",\"url\":\"https:\\\/\\\/iwell-guard.com\\\/wp-content\\\/uploads\\\/2026\\\/05\\\/schutzsymbol_lateinamerika_azabache.webp\",\"contentUrl\":\"https:\\\/\\\/iwell-guard.com\\\/wp-content\\\/uploads\\\/2026\\\/05\\\/schutzsymbol_lateinamerika_azabache.webp\",\"width\":1024,\"height\":1536,\"caption\":\"S\u00edmbol de protecci\u00f3. Il\u00b7lustraci\u00f3 muse\u00edstica de bodeg\u00f3.\"},{\"@type\":\"BreadcrumbList\",\"@id\":\"https:\\\/\\\/iwell-guard.com\\\/ca\\\/azabache-el-puny-de-gagat-negre-contra-el-mal-dull\\\/#breadcrumb\",\"itemListElement\":[{\"@type\":\"ListItem\",\"position\":1,\"name\":\"Start\",\"item\":\"https:\\\/\\\/iwell-guard.com\\\/ca\\\/?page_id=171333\"},{\"@type\":\"ListItem\",\"position\":2,\"name\":\"Azabache \u2013 el puny de gagat negre contra el mal d&#8217;ull\"}]},{\"@type\":\"WebSite\",\"@id\":\"https:\\\/\\\/iwell-guard.com\\\/ca\\\/#website\",\"url\":\"https:\\\/\\\/iwell-guard.com\\\/ca\\\/\",\"name\":\"iWell Guard\",\"description\":\"Schutz vor dunklen Einfl\u00fcssen\",\"publisher\":{\"@id\":\"https:\\\/\\\/iwell-guard.com\\\/ca\\\/#organization\"},\"potentialAction\":[{\"@type\":\"SearchAction\",\"target\":{\"@type\":\"EntryPoint\",\"urlTemplate\":\"https:\\\/\\\/iwell-guard.com\\\/ca\\\/?s={search_term_string}\"},\"query-input\":{\"@type\":\"PropertyValueSpecification\",\"valueRequired\":true,\"valueName\":\"search_term_string\"}}],\"inLanguage\":\"ca\"},{\"@type\":\"Organization\",\"@id\":\"https:\\\/\\\/iwell-guard.com\\\/ca\\\/#organization\",\"name\":\"Ittermann electronic GmbH\",\"url\":\"https:\\\/\\\/iwell-guard.com\\\/ca\\\/\",\"logo\":{\"@type\":\"ImageObject\",\"inLanguage\":\"ca\",\"@id\":\"https:\\\/\\\/iwell-guard.com\\\/ca\\\/#\\\/schema\\\/logo\\\/image\\\/\",\"url\":\"https:\\\/\\\/iwell-guard.com\\\/wp-content\\\/uploads\\\/2026\\\/05\\\/Ittermann-Logo-1182x237-1.png\",\"contentUrl\":\"https:\\\/\\\/iwell-guard.com\\\/wp-content\\\/uploads\\\/2026\\\/05\\\/Ittermann-Logo-1182x237-1.png\",\"width\":1182,\"height\":237,\"caption\":\"Ittermann electronic GmbH\"},\"image\":{\"@id\":\"https:\\\/\\\/iwell-guard.com\\\/ca\\\/#\\\/schema\\\/logo\\\/image\\\/\"},\"sameAs\":[\"https:\\\/\\\/pantip.com\\\/profile\\\/9367242\",\"https:\\\/\\\/micro.blog\\\/iwellguard\",\"https:\\\/\\\/www.diggerslist.com\\\/iwellguard\\\/about\",\"https:\\\/\\\/skitterphoto.com\\\/photographers\\\/2870314\\\/iwell-guard\",\"https:\\\/\\\/iwellguard.wordpress.com\\\/2026\\\/06\\\/06\\\/iwell-guard\\\/\",\"https:\\\/\\\/hub.docker.com\\\/u\\\/iwellguard\",\"https:\\\/\\\/www.pinterest.com\\\/iwellguard\\\/\",\"https:\\\/\\\/bit.ly\\\/m\\\/iwellguard\",\"https:\\\/\\\/entre-vos-mains.alsace.eu\\\/profiles\\\/iwellguard\\\/activity\",\"https:\\\/\\\/gravatar.com\\\/reallybeded8fd34\",\"https:\\\/\\\/naijamatta.com\\\/iwellguard\",\"https:\\\/\\\/www.goodreads.com\\\/iwellguard\",\"https:\\\/\\\/profile.hatena.ne.jp\\\/iwellguard\\\/\",\"https:\\\/\\\/experiment.com\\\/users\\\/iwellguard\",\"https:\\\/\\\/wakelet.com\\\/@iWellGuard82270\",\"https:\\\/\\\/www.chordie.com\\\/forum\\\/profile.php?id=2555664\",\"https:\\\/\\\/www.instapaper.com\\\/p\\\/17757966\",\"https:\\\/\\\/www.mapleprimes.com\\\/users\\\/iwellguard\",\"https:\\\/\\\/businesslistingplus.com\\\/profile\\\/iwell-guard\\\/\",\"https:\\\/\\\/telegra.ph\\\/iWell-Guard-06-06\",\"https:\\\/\\\/pbase.com\\\/iwellguard\\\/iwellguard\",\"https:\\\/\\\/b.hatena.ne.jp\\\/iwellguard\\\/20260607#bookmark-4788405196491818882\",\"https:\\\/\\\/fliphtml5.com\\\/home\\\/iwellguard\",\"https:\\\/\\\/anyflip.com\\\/homepage\\\/cmiwl#About\",\"https:\\\/\\\/transfur.com\\\/Users\\\/iwellguard\",\"http:\\\/\\\/delphi.larsbo.org\\\/user\\\/iwellguard\",\"https:\\\/\\\/jobs.lajobsportal.org\\\/profiles\\\/8380803-iwell-guard\",\"https:\\\/\\\/md.chaosdorf.de\\\/s\\\/jfbe5SBdJD\",\"https:\\\/\\\/www.lingvolive.com\\\/en-us\\\/profile\\\/9ecaeaca-ce11-4e51-9e71-01d55e2bff36\\\/translations\",\"https:\\\/\\\/www.fitday.com\\\/fitness\\\/forums\\\/members\\\/iwellguard.html\",\"https:\\\/\\\/www.mymeetbook.com\\\/iwellguard\",\"https:\\\/\\\/pxhere.com\\\/en\\\/photographer-me\\\/5040798\",\"https:\\\/\\\/disqus.com\\\/by\\\/iwellguard\\\/about\\\/\",\"https:\\\/\\\/pastelink.net\\\/hjwciqwq\",\"https:\\\/\\\/pubhtml5.com\\\/homepage\\\/scjhn\\\/\",\"https:\\\/\\\/www.bitchute.com\\\/channel\\\/2O2eOKzNqujT\",\"https:\\\/\\\/audiomack.com\\\/iwellguard\"]}]}<\/script>\n<!-- \/ Yoast SEO Premium plugin. -->","yoast_head_json":{"title":"Azabache \u2013 el puny de gagat com a protecci\u00f3","description":"L'Azabache \u00e9s el petit puny de gagat negre que a Espanya i a l'Am\u00e8rica Llatina es col\u00b7loca als infants contra el mal d'ull. Significat explicat.","robots":{"index":"index","follow":"follow","max-snippet":"max-snippet:-1","max-image-preview":"max-image-preview:large","max-video-preview":"max-video-preview:-1"},"canonical":"https:\/\/iwell-guard.com\/ca\/azabache-el-puny-de-gagat-negre-contra-el-mal-dull\/","og_locale":"ca_ES","og_type":"article","og_title":"Azabache \u2013 el puny de gagat negre contra el mal d'ull","og_description":"L'Azabache \u00e9s el petit puny de gagat negre que a Espanya i a l'Am\u00e8rica Llatina es col\u00b7loca als infants contra el mal d'ull. Significat explicat.","og_url":"https:\/\/iwell-guard.com\/ca\/azabache-el-puny-de-gagat-negre-contra-el-mal-dull\/","og_site_name":"iWell Guard","article_modified_time":"2026-09-05T16:11:49+00:00","og_image":[{"width":1024,"height":1536,"url":"https:\/\/iwell-guard.com\/wp-content\/uploads\/2026\/05\/schutzsymbol_lateinamerika_azabache.webp","type":"image\/webp"}],"twitter_card":"summary_large_image","schema":{"@context":"https:\/\/schema.org","@graph":[{"@type":"WebPage","@id":"https:\/\/iwell-guard.com\/ca\/azabache-el-puny-de-gagat-negre-contra-el-mal-dull\/","url":"https:\/\/iwell-guard.com\/ca\/azabache-el-puny-de-gagat-negre-contra-el-mal-dull\/","name":"Azabache \u2013 el puny de gagat com a protecci\u00f3","isPartOf":{"@id":"https:\/\/iwell-guard.com\/ca\/#website"},"primaryImageOfPage":{"@id":"https:\/\/iwell-guard.com\/ca\/azabache-el-puny-de-gagat-negre-contra-el-mal-dull\/#primaryimage"},"image":{"@id":"https:\/\/iwell-guard.com\/ca\/azabache-el-puny-de-gagat-negre-contra-el-mal-dull\/#primaryimage"},"thumbnailUrl":"https:\/\/iwell-guard.com\/wp-content\/uploads\/2026\/05\/schutzsymbol_lateinamerika_azabache.webp","datePublished":"2026-09-05T15:43:56+00:00","dateModified":"2026-09-05T16:11:49+00:00","description":"L'Azabache \u00e9s el petit puny de gagat negre que a Espanya i a l'Am\u00e8rica Llatina es col\u00b7loca als infants contra el mal d'ull. Significat explicat.","breadcrumb":{"@id":"https:\/\/iwell-guard.com\/ca\/azabache-el-puny-de-gagat-negre-contra-el-mal-dull\/#breadcrumb"},"inLanguage":"ca","potentialAction":[{"@type":"ReadAction","target":["https:\/\/iwell-guard.com\/ca\/azabache-el-puny-de-gagat-negre-contra-el-mal-dull\/"]}]},{"@type":"ImageObject","inLanguage":"ca","@id":"https:\/\/iwell-guard.com\/ca\/azabache-el-puny-de-gagat-negre-contra-el-mal-dull\/#primaryimage","url":"https:\/\/iwell-guard.com\/wp-content\/uploads\/2026\/05\/schutzsymbol_lateinamerika_azabache.webp","contentUrl":"https:\/\/iwell-guard.com\/wp-content\/uploads\/2026\/05\/schutzsymbol_lateinamerika_azabache.webp","width":1024,"height":1536,"caption":"S\u00edmbol de protecci\u00f3. Il\u00b7lustraci\u00f3 muse\u00edstica de bodeg\u00f3."},{"@type":"BreadcrumbList","@id":"https:\/\/iwell-guard.com\/ca\/azabache-el-puny-de-gagat-negre-contra-el-mal-dull\/#breadcrumb","itemListElement":[{"@type":"ListItem","position":1,"name":"Start","item":"https:\/\/iwell-guard.com\/ca\/?page_id=171333"},{"@type":"ListItem","position":2,"name":"Azabache \u2013 el puny de gagat negre contra el mal d&#8217;ull"}]},{"@type":"WebSite","@id":"https:\/\/iwell-guard.com\/ca\/#website","url":"https:\/\/iwell-guard.com\/ca\/","name":"iWell Guard","description":"Schutz vor dunklen Einfl\u00fcssen","publisher":{"@id":"https:\/\/iwell-guard.com\/ca\/#organization"},"potentialAction":[{"@type":"SearchAction","target":{"@type":"EntryPoint","urlTemplate":"https:\/\/iwell-guard.com\/ca\/?s={search_term_string}"},"query-input":{"@type":"PropertyValueSpecification","valueRequired":true,"valueName":"search_term_string"}}],"inLanguage":"ca"},{"@type":"Organization","@id":"https:\/\/iwell-guard.com\/ca\/#organization","name":"Ittermann electronic GmbH","url":"https:\/\/iwell-guard.com\/ca\/","logo":{"@type":"ImageObject","inLanguage":"ca","@id":"https:\/\/iwell-guard.com\/ca\/#\/schema\/logo\/image\/","url":"https:\/\/iwell-guard.com\/wp-content\/uploads\/2026\/05\/Ittermann-Logo-1182x237-1.png","contentUrl":"https:\/\/iwell-guard.com\/wp-content\/uploads\/2026\/05\/Ittermann-Logo-1182x237-1.png","width":1182,"height":237,"caption":"Ittermann electronic GmbH"},"image":{"@id":"https:\/\/iwell-guard.com\/ca\/#\/schema\/logo\/image\/"},"sameAs":["https:\/\/pantip.com\/profile\/9367242","https:\/\/micro.blog\/iwellguard","https:\/\/www.diggerslist.com\/iwellguard\/about","https:\/\/skitterphoto.com\/photographers\/2870314\/iwell-guard","https:\/\/iwellguard.wordpress.com\/2026\/06\/06\/iwell-guard\/","https:\/\/hub.docker.com\/u\/iwellguard","https:\/\/www.pinterest.com\/iwellguard\/","https:\/\/bit.ly\/m\/iwellguard","https:\/\/entre-vos-mains.alsace.eu\/profiles\/iwellguard\/activity","https:\/\/gravatar.com\/reallybeded8fd34","https:\/\/naijamatta.com\/iwellguard","https:\/\/www.goodreads.com\/iwellguard","https:\/\/profile.hatena.ne.jp\/iwellguard\/","https:\/\/experiment.com\/users\/iwellguard","https:\/\/wakelet.com\/@iWellGuard82270","https:\/\/www.chordie.com\/forum\/profile.php?id=2555664","https:\/\/www.instapaper.com\/p\/17757966","https:\/\/www.mapleprimes.com\/users\/iwellguard","https:\/\/businesslistingplus.com\/profile\/iwell-guard\/","https:\/\/telegra.ph\/iWell-Guard-06-06","https:\/\/pbase.com\/iwellguard\/iwellguard","https:\/\/b.hatena.ne.jp\/iwellguard\/20260607#bookmark-4788405196491818882","https:\/\/fliphtml5.com\/home\/iwellguard","https:\/\/anyflip.com\/homepage\/cmiwl#About","https:\/\/transfur.com\/Users\/iwellguard","http:\/\/delphi.larsbo.org\/user\/iwellguard","https:\/\/jobs.lajobsportal.org\/profiles\/8380803-iwell-guard","https:\/\/md.chaosdorf.de\/s\/jfbe5SBdJD","https:\/\/www.lingvolive.com\/en-us\/profile\/9ecaeaca-ce11-4e51-9e71-01d55e2bff36\/translations","https:\/\/www.fitday.com\/fitness\/forums\/members\/iwellguard.html","https:\/\/www.mymeetbook.com\/iwellguard","https:\/\/pxhere.com\/en\/photographer-me\/5040798","https:\/\/disqus.com\/by\/iwellguard\/about\/","https:\/\/pastelink.net\/hjwciqwq","https:\/\/pubhtml5.com\/homepage\/scjhn\/","https:\/\/www.bitchute.com\/channel\/2O2eOKzNqujT","https:\/\/audiomack.com\/iwellguard"]}]}},"_links":{"self":[{"href":"https:\/\/iwell-guard.com\/ca\/wp-json\/wp\/v2\/pages\/171964","targetHints":{"allow":["GET"]}}],"collection":[{"href":"https:\/\/iwell-guard.com\/ca\/wp-json\/wp\/v2\/pages"}],"about":[{"href":"https:\/\/iwell-guard.com\/ca\/wp-json\/wp\/v2\/types\/page"}],"author":[{"embeddable":true,"href":"https:\/\/iwell-guard.com\/ca\/wp-json\/wp\/v2\/users\/3"}],"replies":[{"embeddable":true,"href":"https:\/\/iwell-guard.com\/ca\/wp-json\/wp\/v2\/comments?post=171964"}],"version-history":[{"count":0,"href":"https:\/\/iwell-guard.com\/ca\/wp-json\/wp\/v2\/pages\/171964\/revisions"}],"wp:featuredmedia":[{"embeddable":true,"href":"https:\/\/iwell-guard.com\/ca\/wp-json\/wp\/v2\/media\/3475"}],"wp:attachment":[{"href":"https:\/\/iwell-guard.com\/ca\/wp-json\/wp\/v2\/media?parent=171964"}],"wp:term":[{"taxonomy":"category","embeddable":true,"href":"https:\/\/iwell-guard.com\/ca\/wp-json\/wp\/v2\/categories?post=171964"}],"curies":[{"name":"wp","href":"https:\/\/api.w.org\/{rel}","templated":true}]}}