{"id":171961,"date":"2026-09-05T15:43:55","date_gmt":"2026-09-05T15:43:55","guid":{"rendered":"https:\/\/iwell-guard.com\/?page_id=171961"},"modified":"2026-09-05T16:11:44","modified_gmt":"2026-09-05T16:11:44","slug":"mano-fico-la-ma-de-la-figa","status":"publish","type":"page","link":"https:\/\/iwell-guard.com\/ca\/mano-fico-la-ma-de-la-figa\/","title":{"rendered":"Mano fico \u2013 la m\u00e0 de la figa com a amulet protector"},"content":{"rendered":"\t\t<div data-elementor-type=\"wp-page\" data-elementor-id=\"171961\" class=\"elementor elementor-171961 elementor-3701 elementor-bc-flex-widget\" data-elementor-post-type=\"page\">\n\t\t\t\t<div class=\"elementor-element elementor-element-iwgs-manofico-hero e-flex e-con-boxed e-con e-parent\" data-id=\"iwgs-manofico-hero\" data-element_type=\"container\" data-e-type=\"container\">\n\t\t\t\t\t<div class=\"e-con-inner\">\n\t\t<div class=\"elementor-element elementor-element-iwgs-manofico-hl e-flex e-con-boxed e-con e-parent\" data-id=\"iwgs-manofico-hl\" data-element_type=\"container\" data-e-type=\"container\">\n\t\t\t\t\t<div class=\"e-con-inner\">\n\t\t<div class=\"elementor-element elementor-element-iwgs-manofico-hlbox e-con-full e-flex e-con e-parent\" data-id=\"iwgs-manofico-hlbox\" data-element_type=\"container\" data-e-type=\"container\">\n\t\t\t\t<div class=\"elementor-element elementor-element-iwgs-manofico-h1 elementor-widget elementor-widget-heading\" data-id=\"iwgs-manofico-h1\" data-element_type=\"widget\" data-e-type=\"widget\" data-widget_type=\"heading.default\">\n\t\t\t\t\t<h1 class=\"elementor-heading-title elementor-size-default\">Mano fico \u2013 la m\u00e0 de la figa contra el mal d'ull<\/h1>\t\t\t\t<\/div>\n\t\t\t\t<div class=\"elementor-element elementor-element-iwgs-manofico-lead elementor-widget elementor-widget-text-editor\" data-id=\"iwgs-manofico-lead\" data-element_type=\"widget\" data-e-type=\"widget\" data-widget_type=\"text-editor.default\">\n\t\t\t\t\t\t\t\t\t<p>El mano fico \u00e9s un gest i un <span class=\"iwg-fachbegriff\" data-tooltip=\"Un objecte portat al qual s'atribueix un efecte protector i preventiu contra el mal.\" tabindex=\"0\">amulet<\/span> propi de la Mediterr\u00e0nia. Un puny deixa sortir el polze entre l&#8217;\u00edndex i el dit del mig. Com a m\u00e0 de la figa serveix per protegir-se del mal d&#8217;ull i es considera un antic signe de protecci\u00f3.<\/p>\t\t\t\t\t\t\t\t<\/div>\n\t\t\t\t<\/div>\n\t\t\t\t<div class=\"elementor-element elementor-element-iwgs-manofico-pills elementor-widget elementor-widget-html\" data-id=\"iwgs-manofico-pills\" data-element_type=\"widget\" data-e-type=\"widget\" data-widget_type=\"html.default\">\n\t\t\t\t\t<div class=\"iwg-pill-row\"><span class=\"iwg-klasse-badge\" tabindex=\"0\" data-tooltip=\"S\u00edmbol de protecci\u00f3, amulet o objecte apotropaic.\">S\u00edmbol de protecci\u00f3<\/span><a href=\"https:\/\/iwell-guard.com\/ca\/simbols-de-proteccio\/\" class=\"iwg-kultur-badge\" tabindex=\"0\" data-tooltip=\"Tradici\u00f3 de protecci\u00f3: Mediterrani\">Mediterrani<\/a><span class=\"iwg-tradition-badge\" tabindex=\"0\" data-tooltip=\"Un moviment de m\u00e0 amb significat protector.\">Gest de protecci\u00f3<\/span><\/div>\t\t\t\t<\/div>\n\t\t\t\t\t<\/div>\n\t\t\t\t<\/div>\n\t\t<div class=\"elementor-element elementor-element-iwgs-manofico-hr e-con-full e-flex e-con e-parent\" data-id=\"iwgs-manofico-hr\" data-element_type=\"container\" data-e-type=\"container\">\n\t\t\t\t<div class=\"elementor-element elementor-element-iwgs-manofico-himg iwg-hero-image elementor-widget elementor-widget-image\" data-id=\"iwgs-manofico-himg\" data-element_type=\"widget\" data-e-type=\"widget\" data-widget_type=\"image.default\">\n\t\t\t\t\t\t\t\t\t\t\t\t\t\t\t<img fetchpriority=\"high\" decoding=\"async\" width=\"683\" height=\"1024\" src=\"https:\/\/iwell-guard.com\/wp-content\/uploads\/2026\/05\/schutzsymbol_italien_mano-fico-683x1024.webp\" class=\"attachment-large size-large wp-image-173331\" alt=\"Mano Fico - s\u00edmbol de protecci\u00f3, il\u00b7lustraci\u00f3 de museu\" srcset=\"https:\/\/iwell-guard.com\/wp-content\/uploads\/2026\/05\/schutzsymbol_italien_mano-fico-683x1024.webp 683w, https:\/\/iwell-guard.com\/wp-content\/uploads\/2026\/05\/schutzsymbol_italien_mano-fico-200x300.webp 200w, https:\/\/iwell-guard.com\/wp-content\/uploads\/2026\/05\/schutzsymbol_italien_mano-fico-768x1152.webp 768w, https:\/\/iwell-guard.com\/wp-content\/uploads\/2026\/05\/schutzsymbol_italien_mano-fico.webp 1024w\" sizes=\"(max-width: 683px) 100vw, 683px\" \/>\t\t\t\t\t\t\t\t\t\t\t\t\t\t\t<\/div>\n\t\t\t\t<\/div>\n\t\t\t\t\t<\/div>\n\t\t\t\t<\/div>\n\t\t<div class=\"elementor-element elementor-element-iwgs-manofico-s0 e-flex e-con-boxed e-con e-parent\" data-id=\"iwgs-manofico-s0\" data-element_type=\"container\" data-e-type=\"container\">\n\t\t\t\t\t<div class=\"e-con-inner\">\n\t\t\t\t<div class=\"elementor-element elementor-element-iwgs-manofico-s0h elementor-widget elementor-widget-heading\" data-id=\"iwgs-manofico-s0h\" data-element_type=\"widget\" data-e-type=\"widget\" data-widget_type=\"heading.default\">\n\t\t\t\t\t<h2 class=\"elementor-heading-title elementor-size-default\">Introducci\u00f3<\/h2>\t\t\t\t<\/div>\n\t\t<div class=\"elementor-element elementor-element-iwgs-manofico-s0box e-con-full e-flex e-con e-parent\" data-id=\"iwgs-manofico-s0box\" data-element_type=\"container\" data-e-type=\"container\">\n\t\t\t\t<div class=\"elementor-element elementor-element-iwgs-manofico-s0t elementor-widget elementor-widget-text-editor\" data-id=\"iwgs-manofico-s0t\" data-element_type=\"widget\" data-e-type=\"widget\" data-widget_type=\"text-editor.default\">\n\t\t\t\t\t\t\t\t\t<p>El mano fico \u00e9s un gest de protecci\u00f3 i un amulet protector propi de la Mediterr\u00e0nia. El nom significa m\u00e0 de la figa. Forma part dels antics <a href=\"https:\/\/iwell-guard.com\/ca\/simbols-de-proteccio\/\">s\u00edmbols de protecci\u00f3<\/a> d&#8217;aquesta regi\u00f3.<\/p><p>El gest consisteix en un puny tancat en el qual el polze s&#8217;introdueix entre l&#8217;\u00edndex i el dit del mig. La punta del polze surt entre els dits.<\/p><p>Aquesta posici\u00f3 de la m\u00e0 es denomina figa. La punta del polze que sobresurt es va comparar amb el fruit de la figuera, i d&#8217;aquesta comparaci\u00f3 deriva el nom del gest.<\/p><p>El mano fico es presenta en dues formes. \u00c9s un gest que es fa amb la m\u00e0 viva, i \u00e9s un <span class=\"iwg-fachbegriff\" data-tooltip=\"Un objecte portat al qual s'atribueix un efecte protector i preventiu contra el mal.\" tabindex=\"0\">amulet<\/span> que reprodueix la m\u00e0 de la figa en un material s\u00f2lid.<\/p><p>La seva funci\u00f3 \u00e9s protegir del mal d&#8217;ull i de la dissort. En la <span class=\"iwg-fachbegriff\" data-tooltip=\"La ci\u00e8ncia que estudia les religions de manera comparativa i sense vincle confessional.\" tabindex=\"0\">ci\u00e8ncia de la religi\u00f3<\/span> i en el <span class=\"iwg-fachbegriff\" data-tooltip=\"Ci\u00e8ncia que estudia la cultura quotidiana, els costums i les creences transmeses.\" tabindex=\"0\">folklore<\/span> el mano fico es considera un dels amulets de m\u00e0 m\u00e9s antics i m\u00e9s estesos de la Mediterr\u00e0nia.<\/p><p>Aquesta p\u00e0gina presenta el mano fico des del punt de vista de la protecci\u00f3. Descriu el gest, l&#8217;<span class=\"iwg-fachbegriff\" data-tooltip=\"Un objecte portat al qual s'atribueix un efecte protector i preventiu contra el mal.\" tabindex=\"0\">amulet<\/span>, el seu origen, el seu principi d&#8217;acci\u00f3 i el seu lloc entre altres gestos de m\u00e0 relacionats.<\/p>\t\t\t\t\t\t\t\t<\/div>\n\t\t\t\t<\/div>\n\t\t\t\t\t<\/div>\n\t\t\t\t<\/div>\n\t\t<div class=\"elementor-element elementor-element-iwgs-manofico-s1 e-flex e-con-boxed e-con e-parent\" data-id=\"iwgs-manofico-s1\" data-element_type=\"container\" data-e-type=\"container\">\n\t\t\t\t\t<div class=\"e-con-inner\">\n\t\t\t\t<div class=\"elementor-element elementor-element-iwgs-manofico-s1h elementor-widget elementor-widget-heading\" data-id=\"iwgs-manofico-s1h\" data-element_type=\"widget\" data-e-type=\"widget\" data-widget_type=\"heading.default\">\n\t\t\t\t\t<h2 class=\"elementor-heading-title elementor-size-default\">El gest de la m\u00e0 de la figa<\/h2>\t\t\t\t<\/div>\n\t\t<div class=\"elementor-element elementor-element-iwgs-manofico-s1box e-con-full e-flex e-con e-parent\" data-id=\"iwgs-manofico-s1box\" data-element_type=\"container\" data-e-type=\"container\">\n\t\t\t\t<div class=\"elementor-element elementor-element-iwgs-manofico-s1t elementor-widget elementor-widget-text-editor\" data-id=\"iwgs-manofico-s1t\" data-element_type=\"widget\" data-e-type=\"widget\" data-widget_type=\"text-editor.default\">\n\t\t\t\t\t\t\t\t\t<p>El mano fico \u00e9s, en primer lloc, un gest amb la m\u00e0. Es pot fer amb qualsevol m\u00e0 sense cap ajut, per la qual cosa est\u00e0 sempre a disposici\u00f3.<\/p><p>En el gest, la m\u00e0 es tanca en puny. El polze no es col\u00b7loca a l&#8217;exterior, sin\u00f3 que s&#8217;introdueix entre l&#8217;\u00edndex i el dit del mig, de manera que la seva punta sobresurt.<\/p><p>Aquesta punta del polze que sobresurt \u00e9s el tret distintiu del gest. Va donar a la posici\u00f3 de la m\u00e0 el nom de figa, perqu\u00e8 recordava la forma del fruit de la figuera.<\/p><p>El gest \u00e9s clar i f\u00e0cil de recordar. Es reconeix des de lluny i es pot fer r\u00e0pidament i discretament, caracter\u00edstiques que el van fer apte com a gest de protecci\u00f3 instantani.<\/p><p>Com a <span class=\"iwg-fachbegriff\" data-tooltip=\"Un objecte portat al qual s'atribueix un efecte protector i preventiu contra el mal.\" tabindex=\"0\">amulet<\/span> es reprodueix exactament aquesta posici\u00f3 de la m\u00e0. Es fabrica un petit puny modelat amb el polze sobresortint a partir de corall, os, metall, ambre o un altre material.<\/p><p>La forma del mano fico queda aix\u00ed clarament determinada. Tant si \u00e9s un gest viu com un <span class=\"iwg-fachbegriff\" data-tooltip=\"Un objecte portat al qual s'atribueix un efecte protector i preventiu contra el mal.\" tabindex=\"0\">amulet<\/span> modelat, el tret distintiu \u00e9s sempre el puny amb el polze que sobresurt entre els dits.<\/p>\t\t\t\t\t\t\t\t<\/div>\n\t\t\t\t<\/div>\n\t\t\t\t\t<\/div>\n\t\t\t\t<\/div>\n\t\t<div class=\"elementor-element elementor-element-iwgs-manofico-s2 e-flex e-con-boxed e-con e-parent\" data-id=\"iwgs-manofico-s2\" data-element_type=\"container\" data-e-type=\"container\">\n\t\t\t\t\t<div class=\"e-con-inner\">\n\t\t\t\t<div class=\"elementor-element elementor-element-iwgs-manofico-s2h elementor-widget elementor-widget-heading\" data-id=\"iwgs-manofico-s2h\" data-element_type=\"widget\" data-e-type=\"widget\" data-widget_type=\"heading.default\">\n\t\t\t\t\t<h2 class=\"elementor-heading-title elementor-size-default\">Origen i antiguitat<\/h2>\t\t\t\t<\/div>\n\t\t<div class=\"elementor-element elementor-element-iwgs-manofico-s2box e-con-full e-flex e-con e-parent\" data-id=\"iwgs-manofico-s2box\" data-element_type=\"container\" data-e-type=\"container\">\n\t\t\t\t<div class=\"elementor-element elementor-element-iwgs-manofico-s2t elementor-widget elementor-widget-text-editor\" data-id=\"iwgs-manofico-s2t\" data-element_type=\"widget\" data-e-type=\"widget\" data-widget_type=\"text-editor.default\">\n\t\t\t\t\t\t\t\t\t<p>El mano fico \u00e9s un signe antic. El gest de la m\u00e0 de la figa i l&#8217;<span class=\"iwg-fachbegriff\" data-tooltip=\"Un objecte portat al qual s'atribueix un efecte protector i preventiu contra el mal.\" tabindex=\"0\">amulet<\/span> corresponent estan documentats a la Mediterr\u00e0nia des de l&#8217;<span class=\"iwg-fachbegriff\" data-tooltip=\"\u00c8poca de la cultura grega i romana, aproximadament del 800 a.C. al 600 d.C.\" tabindex=\"0\">Antiguitat<\/span>.<\/p><p>S&#8217;han trobat amulets amb forma de m\u00e0 de la figa en excavacions arqueol\u00f2giques. Formen part de les proves que aquest signe amb la m\u00e0 ja servia com a mitj\u00e0 de protecci\u00f3 en l&#8217;<span class=\"iwg-fachbegriff\" data-tooltip=\"\u00c8poca de la cultura grega i romana, aproximadament del 800 a.C. al 600 d.C.\" tabindex=\"0\">Antiguitat<\/span>.<\/p><p>El gest es va associar a la fertilitat i a la for\u00e7a vital. Aquesta associaci\u00f3 explica alhora el seu sentit protector, ja que la for\u00e7a vital es considerava apta per fer front a la dissort.<\/p><p>De l&#8217;<span class=\"iwg-fachbegriff\" data-tooltip=\"\u00c8poca de la cultura grega i romana, aproximadament del 800 a.C. al 600 d.C.\" tabindex=\"0\">Antiguitat<\/span>, el mano fico va passar al <span class=\"iwg-fachbegriff\" data-tooltip=\"El conjunt de costums transmesos d'una comunitat.\" tabindex=\"0\">costumari<\/span> posterior de la Mediterr\u00e0nia. Especialment en l&#8217;\u00e0mbit itali\u00e0 i ib\u00e8ric va perdurar viu com a gest de protecci\u00f3 i com a <span class=\"iwg-fachbegriff\" data-tooltip=\"Un objecte portat al qual s'atribueix un efecte protector i preventiu contra el mal.\" tabindex=\"0\">amulet<\/span>.<\/p><p>Cal dir sincerament que no tots els passos d&#8217;aquesta llarga hist\u00f2ria es poden documentar sense llacunes. El que \u00e9s cert \u00e9s l&#8217;elevada antiguitat del signe. Els camins exactes de la seva <span class=\"iwg-fachbegriff\" data-tooltip=\"La transmissi\u00f3 de coneixements i relats al llarg de les generacions.\" tabindex=\"0\">transmissi\u00f3<\/span> al llarg dels segles no es poden reconstruir en tots els punts.<\/p><p>El mano fico \u00e9s, doncs, un signe amb arrels antigues i una llarga hist\u00f2ria. Una descripci\u00f3 objectiva ha d&#8217;esmentar tant l&#8217;antiguitat confirmada com els buits en la <span class=\"iwg-fachbegriff\" data-tooltip=\"La transmissi\u00f3 de coneixements i relats al llarg de les generacions.\" tabindex=\"0\">transmissi\u00f3<\/span>.<\/p>\t\t\t\t\t\t\t\t<\/div>\n\t\t\t\t<\/div>\n\t\t\t\t\t<\/div>\n\t\t\t\t<\/div>\n\t\t<div class=\"elementor-element elementor-element-iwgs-manofico-s3 e-flex e-con-boxed e-con e-parent\" data-id=\"iwgs-manofico-s3\" data-element_type=\"container\" data-e-type=\"container\">\n\t\t\t\t\t<div class=\"e-con-inner\">\n\t\t\t\t<div class=\"elementor-element elementor-element-iwgs-manofico-s3h elementor-widget elementor-widget-heading\" data-id=\"iwgs-manofico-s3h\" data-element_type=\"widget\" data-e-type=\"widget\" data-widget_type=\"heading.default\">\n\t\t\t\t\t<h2 class=\"elementor-heading-title elementor-size-default\">Defensa contra el mal d'ull<\/h2>\t\t\t\t<\/div>\n\t\t<div class=\"elementor-element elementor-element-iwgs-manofico-s3box e-con-full e-flex e-con e-parent\" data-id=\"iwgs-manofico-s3box\" data-element_type=\"container\" data-e-type=\"container\">\n\t\t\t\t<div class=\"elementor-element elementor-element-iwgs-manofico-s3t elementor-widget elementor-widget-text-editor\" data-id=\"iwgs-manofico-s3t\" data-element_type=\"widget\" data-e-type=\"widget\" data-widget_type=\"text-editor.default\">\n\t\t\t\t\t\t\t\t\t<p>La tasca principal de la Mano fico \u00e9s rebutjar el mal d&#8217;ull. A l&#8217;\u00e0mbit itali\u00e0 aquest \u00e9s conegut com a Malocchio, que literalment significa mal ull.<\/p><div data-nosnippet=\"true\"><p>La Mano fico s&#8217;oposa al mal d&#8217;ull, al qual la tradici\u00f3 popular atribueix la capacitat de causar dany a trav\u00e9s de l&#8217;enveja. El gest de la figa havia de desviar la mirada nociva i, a It\u00e0lia, especialment al sud, tamb\u00e9 es va portar com a penjoll de corall o banya sobre el cos. Com va sorgir aquesta creen\u00e7a a la Mediterr\u00e0nia ho explica la p\u00e0gina sobre el mal d&#8217;ull.<\/p><\/div><p>La Mano fico s&#8217;oposa a aquesta creen\u00e7a com a mitj\u00e0 de protecci\u00f3. Segons la <span class=\"iwg-fachbegriff\" data-tooltip=\"La transmissi\u00f3 de coneixements i relats al llarg de generacions.\" tabindex=\"0\">tradici\u00f3<\/span>, qui fa el gest o porta l&#8217;<span class=\"iwg-fachbegriff\" data-tooltip=\"Un objecte portat al qual s'atribueix un efecte protector que allunya el mal.\" tabindex=\"0\">amulet<\/span> queda protegit contra el Malocchio i altres desgr\u00e0cies.<\/p><p>Com a gest, la Mano fico es fa en un moment de perill. Quan alg\u00fa es troba amb una persona de qui tem un mal, forma discretament la m\u00e0 de la figa per protegir-se.<\/p><p>Com a <span class=\"iwg-fachbegriff\" data-tooltip=\"Un objecte portat al qual s'atribueix un efecte protector que allunya el mal.\" tabindex=\"0\">amulet<\/span>, la Mano fico ofereix una protecci\u00f3 duradora. Es col\u00b7locava especialment als infants, considerats vulnerables, i els acompanyava durant els primers anys de vida, els m\u00e9s fr\u00e0gils.<\/p><p>La Mano fico est\u00e0 aix\u00ed profundament arrelada a la creen\u00e7a en el mal d&#8217;ull. Dona a una por molt estesa un senzill signe de protecci\u00f3, disponible en tot moment com a gest i efica\u00e7 de manera duradora com a <span class=\"iwg-fachbegriff\" data-tooltip=\"Un objecte portat al qual s'atribueix un efecte protector que allunya el mal.\" tabindex=\"0\">amulet<\/span>.<\/p>\t\t\t\t\t\t\t\t<\/div>\n\t\t\t\t<\/div>\n\t\t\t\t\t<\/div>\n\t\t\t\t<\/div>\n\t\t<div class=\"elementor-element elementor-element-iwgs-manofico-s4 e-flex e-con-boxed e-con e-parent\" data-id=\"iwgs-manofico-s4\" data-element_type=\"container\" data-e-type=\"container\">\n\t\t\t\t\t<div class=\"e-con-inner\">\n\t\t\t\t<div class=\"elementor-element elementor-element-iwgs-manofico-s4h elementor-widget elementor-widget-heading\" data-id=\"iwgs-manofico-s4h\" data-element_type=\"widget\" data-e-type=\"widget\" data-widget_type=\"heading.default\">\n\t\t\t\t\t<h2 class=\"elementor-heading-title elementor-size-default\">El principi d'acci\u00f3 de la Mano fico<\/h2>\t\t\t\t<\/div>\n\t\t<div class=\"elementor-element elementor-element-iwgs-manofico-s4box e-con-full e-flex e-con e-parent\" data-id=\"iwgs-manofico-s4box\" data-element_type=\"container\" data-e-type=\"container\">\n\t\t\t\t<div class=\"elementor-element elementor-element-iwgs-manofico-s4t elementor-widget elementor-widget-text-editor\" data-id=\"iwgs-manofico-s4t\" data-element_type=\"widget\" data-e-type=\"widget\" data-widget_type=\"text-editor.default\">\n\t\t\t\t\t\t\t\t\t<p>La Mano fico segueix un principi d&#8217;acci\u00f3 propi. No capta l&#8217;ull dolent com fa un amulet en forma d&#8217;ull, sin\u00f3 que el rebutja mitjan\u00e7ant all\u00f2 que el gest representa.<\/p><p>La recerca relaciona la m\u00e0 en figa amb una antiga idea iconogr\u00e0fica. El gest s&#8217;ha interpretat com la representaci\u00f3 de la uni\u00f3 entre el mascul\u00ed i el femen\u00ed, i per tant com a senyal de fertilitat i de for\u00e7a vital.<\/p><p>D&#8217;aquesta relaci\u00f3 deriva el seu sentit protector. La for\u00e7a vital es considerava el contrari, i per tant el remei, de la desgr\u00e0cia. Un senyal de fertilitat podia allunyar la ru\u00efna.<\/p><p>S&#8217;hi afegeix la idea que un gest vigor\u00f3s i rude atreu l&#8217;atenci\u00f3 sobre si mateix. La mirada nociva es dirigeix cap al senyal cridaner i deixa lliure la persona realment protegida.<\/p><p>Tamb\u00e9 \u00e9s essencial la m\u00e0 en si mateixa. La m\u00e0 humana \u00e9s un antic i poder\u00f3s senyal de protecci\u00f3 que representa l&#8217;acci\u00f3, la defensa i la <span class=\"iwg-fachbegriff\" data-tooltip=\"Desig de sort i protecci\u00f3, sovint en una forma verbal fixa.\" tabindex=\"0\">benedicci\u00f3<\/span>, tal com es mostra en la <a href=\"https:\/\/iwell-guard.com\/ca\/hamsa\/\">Hamsa<\/a>.<\/p><p>La Mano fico actua, doncs, mitjan\u00e7ant la uni\u00f3 de la m\u00e0 i el senyal de fertilitat. No \u00e9s ni una imatge d&#8217;espant ni un mirall, sin\u00f3 un senyal que oposa la for\u00e7a vital a la desgr\u00e0cia.<\/p>\t\t\t\t\t\t\t\t<\/div>\n\t\t\t\t<\/div>\n\t\t\t\t\t<\/div>\n\t\t\t\t<\/div>\n\t\t<div class=\"elementor-element elementor-element-iwgs-manofico-s5 e-flex e-con-boxed e-con e-parent\" data-id=\"iwgs-manofico-s5\" data-element_type=\"container\" data-e-type=\"container\">\n\t\t\t\t\t<div class=\"e-con-inner\">\n\t\t\t\t<div class=\"elementor-element elementor-element-iwgs-manofico-s5h elementor-widget elementor-widget-heading\" data-id=\"iwgs-manofico-s5h\" data-element_type=\"widget\" data-e-type=\"widget\" data-widget_type=\"heading.default\">\n\t\t\t\t\t<h2 class=\"elementor-heading-title elementor-size-default\">La Mano fico i els senyals afins<\/h2>\t\t\t\t<\/div>\n\t\t<div class=\"elementor-element elementor-element-iwgs-manofico-s5box e-con-full e-flex e-con e-parent\" data-id=\"iwgs-manofico-s5box\" data-element_type=\"container\" data-e-type=\"container\">\n\t\t\t\t<div class=\"elementor-element elementor-element-iwgs-manofico-s5t elementor-widget elementor-widget-text-editor\" data-id=\"iwgs-manofico-s5t\" data-element_type=\"widget\" data-e-type=\"widget\" data-widget_type=\"text-editor.default\">\n\t\t\t\t\t\t\t\t\t<p>La Mano fico pertany a una fam\u00edlia de gestos de m\u00e0 que, a la Mediterr\u00e0nia, serveixen per protegir de l&#8217;ull dolent. Dins d&#8217;aquesta fam\u00edlia no \u00e9s pas l&#8217;\u00fanica.<\/p><p>Molt propera hi \u00e9s la m\u00e0 banyuda, la Mano cornuta, en la qual s&#8217;estenen l&#8217;index i el dit petit. Mano fico i Mano cornuta formen una parella de gestos que sovint es citen junts.<\/p><p>Ambd\u00f3s gestos difereixen en la seva forma. La Mano cornuta es basa en el motiu de la banya, mentre que la Mano fico es basa en el motiu de la figa i de la fertilitat. Tot i aix\u00f2, ambd\u00f3s serveixen a la mateixa finalitat.<\/p><p>Tamb\u00e9 hi \u00e9s emparentat l&#8217;<span class=\"iwg-fachbegriff\" data-tooltip=\"Un objecte portat al qual s'atribueix un efecte protector i que allunya la desgr\u00e0cia.\" tabindex=\"0\">amulet<\/span> en forma de banya, el Cornicello, que, com la Mano cornuta, es basa en el motiu de la banya. Cornicello, Mano cornuta i Mano fico formen junts el nucli dels senyals de protecci\u00f3 italians.<\/p><p>M\u00e9s enll\u00e0 d&#8217;It\u00e0lia, la Mano fico es pot comparar amb la Hamsa, l&#8217;amulet en forma de m\u00e0 de la Mediterr\u00e0nia. Tamb\u00e9 la Hamsa \u00e9s una m\u00e0 orientada contra l&#8217;ull dolent.<\/p><p>La Mano fico forma part, doncs, d&#8217;un ric conjunt de gestos i amulets de protecci\u00f3. Amb la Mano cornuta, el Cornicello i la Hamsa comparteix la finalitat, la protecci\u00f3 contra l&#8217;ull dolent, i complementa aquests senyals en la vida quotidiana.<\/p>\t\t\t\t\t\t\t\t<\/div>\n\t\t\t\t<\/div>\n\t\t\t\t\t<\/div>\n\t\t\t\t<\/div>\n\t\t<div class=\"elementor-element elementor-element-iwgs-manofico-s6 e-flex e-con-boxed e-con e-parent\" data-id=\"iwgs-manofico-s6\" data-element_type=\"container\" data-e-type=\"container\">\n\t\t\t\t\t<div class=\"e-con-inner\">\n\t\t\t\t<div class=\"elementor-element elementor-element-iwgs-manofico-s6h elementor-widget elementor-widget-heading\" data-id=\"iwgs-manofico-s6h\" data-element_type=\"widget\" data-e-type=\"widget\" data-widget_type=\"heading.default\">\n\t\t\t\t\t<h2 class=\"elementor-heading-title elementor-size-default\">El gest en la gestualitat i en el llenguatge<\/h2>\t\t\t\t<\/div>\n\t\t<div class=\"elementor-element elementor-element-iwgs-manofico-s6box e-con-full e-flex e-con e-parent\" data-id=\"iwgs-manofico-s6box\" data-element_type=\"container\" data-e-type=\"container\">\n\t\t\t\t<div class=\"elementor-element elementor-element-iwgs-manofico-s6t elementor-widget elementor-widget-text-editor\" data-id=\"iwgs-manofico-s6t\" data-element_type=\"widget\" data-e-type=\"widget\" data-widget_type=\"text-editor.default\">\n\t\t\t\t\t\t\t\t\t<p>La Mano fico t\u00e9 una hist\u00f2ria doble. \u00c9s un antic gest de protecci\u00f3, i alhora s&#8217;ha convertit en un gest amb un segon sentit, ofensiu.<\/p><p>En l&#8217;\u00fas antic, la m\u00e0 en figa era sobretot un senyal de protecci\u00f3. Es dirigia contra l&#8217;ull dolent i contra la desgr\u00e0cia, al servei de la defensa.<\/p><p>Al costat d&#8217;aix\u00f2 es va desenvolupar un segon \u00fas. El gest tamb\u00e9 es podia utilitzar de manera grollera, despectiva o ofensiva contra una persona. Ambd\u00f3s sentits estan molt propers.<\/p><p>Aquesta doble significaci\u00f3 \u00e9s comprensible. Un gest que allunya i rebutja la desgr\u00e0cia pot igualment servir per rebutjar de manera brusca una persona. Protecci\u00f3 i rebuig estan emparentats.<\/p><p>Tamb\u00e9 en el llenguatge la figa ha deixat el seu rastre. En diverses lleng\u00fces de la Mediterr\u00e0nia hi ha expressions que es remunten al gest de la m\u00e0 en figa.<\/p><p>La Mano fico \u00e9s, doncs, un bon exemple de com un senyal pot portar diversos sentits. Una descripci\u00f3 objectiva n&#8217;anomena tots dos: l&#8217;antic sentit protector i el segon \u00fas, groller i de rebuig.<\/p>\t\t\t\t\t\t\t\t<\/div>\n\t\t\t\t<\/div>\n\t\t\t\t\t<\/div>\n\t\t\t\t<\/div>\n\t\t<div class=\"elementor-element elementor-element-iwgs-manofico-s7 e-flex e-con-boxed e-con e-parent\" data-id=\"iwgs-manofico-s7\" data-element_type=\"container\" data-e-type=\"container\">\n\t\t\t\t\t<div class=\"e-con-inner\">\n\t\t\t\t<div class=\"elementor-element elementor-element-iwgs-manofico-s7h elementor-widget elementor-widget-heading\" data-id=\"iwgs-manofico-s7h\" data-element_type=\"widget\" data-e-type=\"widget\" data-widget_type=\"heading.default\">\n\t\t\t\t\t<h2 class=\"elementor-heading-title elementor-size-default\">La Mano fico en les tradicions populars<\/h2>\t\t\t\t<\/div>\n\t\t<div class=\"elementor-element elementor-element-iwgs-manofico-s7box e-con-full e-flex e-con e-parent\" data-id=\"iwgs-manofico-s7box\" data-element_type=\"container\" data-e-type=\"container\">\n\t\t\t\t<div class=\"elementor-element elementor-element-iwgs-manofico-s7t elementor-widget elementor-widget-text-editor\" data-id=\"iwgs-manofico-s7t\" data-element_type=\"widget\" data-e-type=\"widget\" data-widget_type=\"text-editor.default\">\n\t\t\t\t\t\t\t\t\t<p>La mano fico estava fermament arrelada en el <span class=\"iwg-fachbegriff\" data-tooltip=\"El conjunt dels costums transmesos d'una comunitat.\" tabindex=\"0\">costumari<\/span> de la Mediterr\u00e0nia. S&#8217;emprava com a gest i com a <span class=\"iwg-fachbegriff\" data-tooltip=\"Un objecte que es porta al cos i al qual s'atribueix un efecte protector contra el mal.\" tabindex=\"0\">amulet<\/span>, integrada de moltes maneres en la vida quotidiana.<\/p><p>Com a <span class=\"iwg-fachbegriff\" data-tooltip=\"Un objecte que es porta al cos i al qual s'atribueix un efecte protector contra el mal.\" tabindex=\"0\">amulet<\/span>, la m\u00e0 de figa es col\u00b7locava especialment als infants. El petit <span class=\"iwg-fachbegriff\" data-tooltip=\"Un objecte que es porta al cos i al qual s'atribueix un efecte protector contra el mal.\" tabindex=\"0\">amulet<\/span> de corall, d&#8217;ambre o d&#8217;os havia d&#8217;acompanyar el nen durant els primers anys vulnerables de la vida i protegir-lo del mal d&#8217;ull.<\/p><p>L&#8217;elecci\u00f3 del material tenia un significat especial. El corall i l&#8217;ambre es consideraven ja de per si protectors. Una mano fico feta d&#8217;aquests materials unia la for\u00e7a del gest amb la for\u00e7a del material.<\/p><p>Com a gest, la mano fico es feia en moments de perill. Sovint es feia d&#8217;amagat, a la butxaca o darrere l&#8217;esquena, per no ofendre obertament l&#8217;altra persona.<\/p><p>La mano fico s&#8217;utilitzava sovint juntament amb altres talismans. Es combinava amb el cornicello, amb la mano cornuta i amb altres amulets, que es refor\u00e7aven m\u00fatuament.<\/p><p>La mano fico no \u00e9s, doncs, nom\u00e9s un signe a\u00efllat, sin\u00f3 part d&#8217;un costumari viu. El gest, l&#8217;<span class=\"iwg-fachbegriff\" data-tooltip=\"Un objecte que es porta al cos i al qual s'atribueix un efecte protector contra el mal.\" tabindex=\"0\">amulet<\/span> i l&#8217;elecci\u00f3 del material s&#8217;entrella\u00e7aven i formaven junts una densa xarxa de protecci\u00f3.<\/p>\t\t\t\t\t\t\t\t<\/div>\n\t\t\t\t<\/div>\n\t\t\t\t\t<\/div>\n\t\t\t\t<\/div>\n\t\t<div class=\"elementor-element elementor-element-iwgs-manofico-s8 e-flex e-con-boxed e-con e-parent\" data-id=\"iwgs-manofico-s8\" data-element_type=\"container\" data-e-type=\"container\">\n\t\t\t\t\t<div class=\"e-con-inner\">\n\t\t\t\t<div class=\"elementor-element elementor-element-iwgs-manofico-s8h elementor-widget elementor-widget-heading\" data-id=\"iwgs-manofico-s8h\" data-element_type=\"widget\" data-e-type=\"widget\" data-widget_type=\"heading.default\">\n\t\t\t\t\t<h2 class=\"elementor-heading-title elementor-size-default\">Recepci\u00f3 actual<\/h2>\t\t\t\t<\/div>\n\t\t<div class=\"elementor-element elementor-element-iwgs-manofico-s8box e-con-full e-flex e-con e-parent\" data-id=\"iwgs-manofico-s8box\" data-element_type=\"container\" data-e-type=\"container\">\n\t\t\t\t<div class=\"elementor-element elementor-element-iwgs-manofico-s8t elementor-widget elementor-widget-text-editor\" data-id=\"iwgs-manofico-s8t\" data-element_type=\"widget\" data-e-type=\"widget\" data-widget_type=\"text-editor.default\">\n\t\t\t\t\t\t\t\t\t<p>La mano fico encara \u00e9s coneguda avui dia a la Mediterr\u00e0nia, encara que el seu \u00fas ha disminu\u00eft respecte a \u00e8poques anteriors.<\/p><p>Com a <span class=\"iwg-fachbegriff\" data-tooltip=\"Un objecte que es porta al cos i al qual s'atribueix un efecte protector contra el mal.\" tabindex=\"0\">amulet<\/span>, la m\u00e0 de figa encara es fabrica i es porta, sovint de corall, plata o ambre. Es pot trobar en parades de joieria i de records de la zona italiana i ib\u00e8rica.<\/p><p>Com a gest, la mano fico encara \u00e9s coneguda per moltes persones, per\u00f2 sobretot en el seu segon sentit, m\u00e9s aviat despectiu. El sentit protector antic s&#8217;ha esva\u00eft en la vida quotidiana m\u00e9s que l&#8217;\u00fas ofensiu.<\/p><p>Per a la <span class=\"iwg-fachbegriff\" data-tooltip=\"Ci\u00e8ncia que estudia la cultura popular, els costums i les creences transmeses.\" tabindex=\"0\">folklor\u00edstica<\/span> i la <span class=\"iwg-fachbegriff\" data-tooltip=\"La ci\u00e8ncia que estudia les religions de manera comparativa i sense vincle confessional.\" tabindex=\"0\">ci\u00e8ncia de les religions<\/span>, la mano fico continua sent un objecte revelador. \u00c9s un dels amulets de m\u00e0 m\u00e9s antics de la Mediterr\u00e0nia i est\u00e0 ben documentat en col\u00b7leccions arqueol\u00f2giques.<\/p><p>Especialment reveladora \u00e9s la doble significaci\u00f3 de la mano fico. Mostra com un signe protector i un gest groller poden coincidir en una sola posici\u00f3 de la m\u00e0.<\/p><p>La mano fico \u00e9s, doncs, un exemple impressionant d&#8217;un amulet de m\u00e0 antic. En ella s&#8217;uneixen l&#8217;antic motiu de la fertilitat, la for\u00e7a del gest de la m\u00e0 i el desig d&#8217;allunyar el mal d&#8217;ull i la desgr\u00e0cia.<\/p>\t\t\t\t\t\t\t\t<\/div>\n\t\t\t\t<\/div>\n\t\t\t\t\t<\/div>\n\t\t\t\t<\/div>\n\t\t<div class=\"elementor-element elementor-element-iwgs-manofico-lit e-flex e-con-boxed e-con e-parent\" data-id=\"iwgs-manofico-lit\" data-element_type=\"container\" data-e-type=\"container\">\n\t\t\t\t\t<div class=\"e-con-inner\">\n\t\t\t\t<div class=\"elementor-element elementor-element-iwgs-manofico-lith elementor-widget elementor-widget-heading\" data-id=\"iwgs-manofico-lith\" data-element_type=\"widget\" data-e-type=\"widget\" data-widget_type=\"heading.default\">\n\t\t\t\t\t<h2 class=\"elementor-heading-title elementor-size-default\">Bibliografia (selecci\u00f3)<\/h2>\t\t\t\t<\/div>\n\t\t<div class=\"elementor-element elementor-element-iwgs-manofico-litbox e-con-full e-flex e-con e-parent\" data-id=\"iwgs-manofico-litbox\" data-element_type=\"container\" data-e-type=\"container\">\n\t\t\t\t<div class=\"elementor-element elementor-element-iwgs-manofico-litt elementor-widget elementor-widget-html\" data-id=\"iwgs-manofico-litt\" data-element_type=\"widget\" data-e-type=\"widget\" data-widget_type=\"html.default\">\n\t\t\t\t\t<footer data-nosnippet=\"true\"><ul><li>Alan Dundes (Ed.): <em>The Evil Eye. A Casebook<\/em> (1981)<\/li><li>Frederick Thomas Elworthy: <em>The Evil Eye<\/em> (1895)<\/li><li>Andrea De Jorio: <em>La mimica degli antichi investigata nel gestire napoletano<\/em> (1832)<\/li><li>Liselotte Hansmann, Lenz Kriss-Rettenbeck: <em>Amulett und Talisman<\/em> (1966)<\/li><li>Ernesto De Martino: <em>Sud e magia<\/em> (1959)<\/li><\/ul><\/footer>\t\t\t\t<\/div>\n\t\t\t\t<\/div>\n\t\t\t\t\t<\/div>\n\t\t\t\t<\/div>\n\t\t<div class=\"elementor-element elementor-element-iwgs-manofico-kwd e-flex e-con-boxed e-con e-parent\" data-id=\"iwgs-manofico-kwd\" data-element_type=\"container\" data-e-type=\"container\">\n\t\t\t\t\t<div class=\"e-con-inner\">\n\t\t\t\t<div class=\"elementor-element elementor-element-iwgs-manofico-kwdt elementor-widget elementor-widget-text-editor\" data-id=\"iwgs-manofico-kwdt\" data-element_type=\"widget\" data-e-type=\"widget\" data-widget_type=\"text-editor.default\">\n\t\t\t\t\t\t\t\t\t<p><em>Conceptes clau relacionats: Mano fico M\u00e0 de figa Gest de protecci\u00f3 <span class=\"iwg-fachbegriff\" data-tooltip=\"Creen\u00e7a estesa segons la qual una mirada envejosa d'una altra persona pot causar dany.\" tabindex=\"0\">mal d&#8217;ull<\/span> Malocchio Amulet de m\u00e0 Corall Cornicello Mediterr\u00e0nia <span class=\"iwg-fachbegriff\" data-tooltip=\"\u00c8poca de la cultura grega i romana, aproximadament del 800 aC al 600 dC.\" tabindex=\"0\">Antiguitat<\/span>.<\/em><\/p>\t\t\t\t\t\t\t\t<\/div>\n\t\t\t\t\t<\/div>\n\t\t\t\t<\/div>\n\t\t<div class=\"elementor-element elementor-element-iwgs-manofico-cc e-flex e-con-boxed e-con e-parent\" data-id=\"iwgs-manofico-cc\" data-element_type=\"container\" data-e-type=\"container\" id=\"iwg-cc-mano-fico\">\n\t\t\t\t\t<div class=\"e-con-inner\">\n\t\t<div class=\"elementor-element elementor-element-iwgs-manofico-ccinner e-flex e-con-boxed e-con e-parent\" data-id=\"iwgs-manofico-ccinner\" data-element_type=\"container\" data-e-type=\"container\" data-settings=\"{&quot;background_background&quot;:&quot;classic&quot;}\">\n\t\t\t\t\t<div class=\"e-con-inner\">\n\t\t\t\t<div class=\"elementor-element elementor-element-iwgs-manofico-cch elementor-widget elementor-widget-heading\" data-id=\"iwgs-manofico-cch\" data-element_type=\"widget\" data-e-type=\"widget\" data-widget_type=\"heading.default\">\n\t\t\t\t\t<h2 class=\"elementor-heading-title elementor-size-default\">iWell Guard i tradicions de protecci\u00f3<\/h2>\t\t\t\t<\/div>\n\t\t\t\t<div class=\"elementor-element elementor-element-iwgs-manofico-cct elementor-widget elementor-widget-text-editor\" data-id=\"iwgs-manofico-cct\" data-element_type=\"widget\" data-e-type=\"widget\" data-widget_type=\"text-editor.default\">\n\t\t\t\t\t\t\t\t\t<p>iWell Guard s&#8217;inscriu en la l\u00ednia hist\u00f2rico-cultural dels objectes de protecci\u00f3 portats al cos, a la qual pertany tamb\u00e9 la mano fico. Un company modern per a persones que viuen amb s\u00edmbols de protecci\u00f3: fabricat a Alemanya, 41 capes d&#8217;or, plat\u00ed i plata aut\u00e8ntics, amb dret de devoluci\u00f3 de 30 dies.<\/p>\t\t\t\t\t\t\t\t<\/div>\n\t\t\t\t<div class=\"elementor-element elementor-element-iwgs-manofico-ccb iwg-cc-button iwg-cc-cta-2026-05-13 elementor-widget elementor-widget-jet-button\" data-id=\"iwgs-manofico-ccb\" data-element_type=\"widget\" data-e-type=\"widget\" data-widget_type=\"jet-button.default\">\n\t\t\t\t<div class=\"elementor-widget-container\">\n\t\t\t\t\t<div class=\"elementor-jet-button jet-elements\"><div class=\"jet-button__container\"><a class=\"jet-button__instance jet-button__instance--icon-left hover-effect-1\" href=\"\/schutzanhaenger-iwell-guard-kaufen\/?utm_source=iwell-guard.com&amp;utm_medium=info-box&amp;utm_campaign=schutzsymbole\"><div class=\"jet-button__plane jet-button__plane-normal\"><\/div><div class=\"jet-button__plane jet-button__plane-hover\"><\/div><div class=\"jet-button__state jet-button__state-normal\"><span class=\"jet-button__label\">M\u00e9s informaci\u00f3 sobre l'iWell Guard<\/span><\/div><div class=\"jet-button__state jet-button__state-hover\"><span class=\"jet-button__label\">M\u00e9s informaci\u00f3 sobre l'iWell Guard<\/span><\/div><\/a><\/div><\/div><style>.elementor-element.elementor-element-iwgs-manofico-ccb .jet-button__instance{width:320px;height:56px;}.elementor-element.elementor-element-iwgs-manofico-ccb .jet-button__state-normal .jet-button__label{text-align:center;margin:0px 0px 0px 0px;color:#1a1b20;font-family:Montserrat,sans-serif;font-size:13px;font-weight:400;letter-spacing:4px;line-height:1.714em;text-transform:uppercase;}.elementor-element.elementor-element-iwgs-manofico-ccb .jet-button__state-hover .jet-button__label{text-align:center;margin:0px 0px 0px 0px;color:#FECC76;font-family:Montserrat,sans-serif;font-size:13px;font-weight:400;letter-spacing:4px;line-height:1.714em;text-transform:uppercase;}.elementor-element.elementor-element-iwgs-manofico-ccb .jet-button__plane-normal{background-color:#FECC76;border-style:solid;border-color:#C99540;border-width:2px 2px 2px 2px;}.elementor-element.elementor-element-iwgs-manofico-ccb .jet-button__plane-hover{background-color:rgba(0,0,0,0.55);border-style:solid;border-color:#FECC76;border-width:2px 2px 2px 2px;}<\/style>\t\t\t\t<\/div>\n\t\t\t\t<\/div>\n\t\t\t\t<div class=\"elementor-element elementor-element-iwgs-manofico-ccd elementor-widget elementor-widget-text-editor\" data-id=\"iwgs-manofico-ccd\" data-element_type=\"widget\" data-e-type=\"widget\" data-widget_type=\"text-editor.default\">\n\t\t\t\t\t\t\t\t\t<p style=\"text-align:center;font-size:13px;opacity:0.7;margin-top:14px\" data-nosnippet=\"true\">Les experi\u00e8ncies personals poden variar. No \u00e9s un producte sanitari. No es garanteix cap curaci\u00f3.<\/p>\t\t\t\t\t\t\t\t<\/div>\n\t\t\t\t\t<\/div>\n\t\t\t\t<\/div>\n\t\t\t\t\t<\/div>\n\t\t\t\t<\/div>\n\t\t<div class=\"elementor-element elementor-element-iwgs-manofico-disc e-flex e-con-boxed e-con e-parent\" data-id=\"iwgs-manofico-disc\" data-element_type=\"container\" data-e-type=\"container\">\n\t\t\t\t\t<div class=\"e-con-inner\">\n\t\t\t\t<div class=\"elementor-element elementor-element-iwgs-manofico-discw elementor-widget elementor-widget-html\" data-id=\"iwgs-manofico-discw\" data-element_type=\"widget\" data-e-type=\"widget\" data-widget_type=\"html.default\">\n\t\t\t\t\t<footer data-nosnippet=\"true\" class=\"iwg-disclaimer-block\"><p data-nosnippet=\"true\">iWell Guard <strong>no \u00e9s un producte sanitari<\/strong> i no substitueix cap tractament m\u00e8dic o psicoterap\u00e8utic. Els continguts presentats aqu\u00ed s\u00f3n una contextualitzaci\u00f3 des de la ci\u00e8ncia de les religions i la hist\u00f2ria cultural, no una promesa d'efecte espiritual.<\/p><\/footer>\t\t\t\t<\/div>\n\t\t\t\t\t<\/div>\n\t\t\t\t<\/div>\n\t\t\t\t<\/div>\n\t\t","protected":false},"excerpt":{"rendered":"","protected":false},"author":3,"featured_media":3474,"parent":0,"menu_order":0,"comment_status":"closed","ping_status":"closed","template":"elementor_header_footer","meta":{"_yoast_wpseo_focuskw":"Mano fico","_yoast_wpseo_title":"Mano fico \u2013 la m\u00e0 de la figa com a amulet","_yoast_wpseo_metadesc":"El mano fico \u00e9s l'amulet de la m\u00e0 de la figa, un puny amb el polze introdu\u00eft entre els dits, contra el mal d'ull. S'explica el seu origen i significat.","_yoast_wpseo_meta-robots-noindex":"","_yoast_wpseo_canonical":"","_angie_page":false,"gefaehrdungsstufe":"","wesen_kultur":"","wesen_klasse":"","footnotes":""},"categories":[],"class_list":["post-171961","page","type-page","status-publish","has-post-thumbnail","hentry"],"yoast_head":"<!-- This site is optimized with the Yoast SEO Premium plugin v27.7 (Yoast SEO v28.3) - https:\/\/yoast.com\/product\/yoast-seo-premium-wordpress\/ -->\n<title>Mano fico \u2013 la m\u00e0 de la figa com a amulet<\/title>\n<meta name=\"description\" content=\"El mano fico \u00e9s l&#039;amulet de la m\u00e0 de la figa, un puny amb el polze introdu\u00eft entre els dits, contra el mal d&#039;ull. S&#039;explica el seu origen i significat.\" \/>\n<meta name=\"robots\" content=\"index, follow, max-snippet:-1, max-image-preview:large, max-video-preview:-1\" \/>\n<link rel=\"canonical\" href=\"https:\/\/iwell-guard.com\/ca\/mano-fico-la-ma-de-la-figa\/\" \/>\n<meta property=\"og:locale\" content=\"ca_ES\" \/>\n<meta property=\"og:type\" content=\"article\" \/>\n<meta property=\"og:title\" content=\"Mano fico \u2013 la m\u00e0 de la figa com a amulet protector\" \/>\n<meta property=\"og:description\" content=\"El mano fico \u00e9s l&#039;amulet de la m\u00e0 de la figa, un puny amb el polze introdu\u00eft entre els dits, contra el mal d&#039;ull. S&#039;explica el seu origen i significat.\" \/>\n<meta property=\"og:url\" content=\"https:\/\/iwell-guard.com\/ca\/mano-fico-la-ma-de-la-figa\/\" \/>\n<meta property=\"og:site_name\" content=\"iWell Guard\" \/>\n<meta property=\"article:modified_time\" content=\"2026-09-05T16:11:44+00:00\" \/>\n<meta property=\"og:image\" content=\"https:\/\/iwell-guard.com\/wp-content\/uploads\/2026\/05\/schutzsymbol_italien_mano-fico.webp\" \/>\n\t<meta property=\"og:image:width\" content=\"1024\" \/>\n\t<meta property=\"og:image:height\" content=\"1536\" \/>\n\t<meta property=\"og:image:type\" content=\"image\/webp\" \/>\n<meta name=\"twitter:card\" content=\"summary_large_image\" \/>\n<script type=\"application\/ld+json\" class=\"yoast-schema-graph\">{\"@context\":\"https:\\\/\\\/schema.org\",\"@graph\":[{\"@type\":\"WebPage\",\"@id\":\"https:\\\/\\\/iwell-guard.com\\\/ca\\\/mano-fico-la-ma-de-la-figa\\\/\",\"url\":\"https:\\\/\\\/iwell-guard.com\\\/ca\\\/mano-fico-la-ma-de-la-figa\\\/\",\"name\":\"Mano fico \u2013 la m\u00e0 de la figa com a amulet\",\"isPartOf\":{\"@id\":\"https:\\\/\\\/iwell-guard.com\\\/ca\\\/#website\"},\"primaryImageOfPage\":{\"@id\":\"https:\\\/\\\/iwell-guard.com\\\/ca\\\/mano-fico-la-ma-de-la-figa\\\/#primaryimage\"},\"image\":{\"@id\":\"https:\\\/\\\/iwell-guard.com\\\/ca\\\/mano-fico-la-ma-de-la-figa\\\/#primaryimage\"},\"thumbnailUrl\":\"https:\\\/\\\/iwell-guard.com\\\/wp-content\\\/uploads\\\/2026\\\/05\\\/schutzsymbol_italien_mano-fico.webp\",\"datePublished\":\"2026-09-05T15:43:55+00:00\",\"dateModified\":\"2026-09-05T16:11:44+00:00\",\"description\":\"El mano fico \u00e9s l'amulet de la m\u00e0 de la figa, un puny amb el polze introdu\u00eft entre els dits, contra el mal d'ull. S'explica el seu origen i significat.\",\"breadcrumb\":{\"@id\":\"https:\\\/\\\/iwell-guard.com\\\/ca\\\/mano-fico-la-ma-de-la-figa\\\/#breadcrumb\"},\"inLanguage\":\"ca\",\"potentialAction\":[{\"@type\":\"ReadAction\",\"target\":[\"https:\\\/\\\/iwell-guard.com\\\/ca\\\/mano-fico-la-ma-de-la-figa\\\/\"]}]},{\"@type\":\"ImageObject\",\"inLanguage\":\"ca\",\"@id\":\"https:\\\/\\\/iwell-guard.com\\\/ca\\\/mano-fico-la-ma-de-la-figa\\\/#primaryimage\",\"url\":\"https:\\\/\\\/iwell-guard.com\\\/wp-content\\\/uploads\\\/2026\\\/05\\\/schutzsymbol_italien_mano-fico.webp\",\"contentUrl\":\"https:\\\/\\\/iwell-guard.com\\\/wp-content\\\/uploads\\\/2026\\\/05\\\/schutzsymbol_italien_mano-fico.webp\",\"width\":1024,\"height\":1536,\"caption\":\"S\u00edmbol de protecci\u00f3. Il\u00b7lustraci\u00f3 muse\u00edstica de bodeg\u00f3.\"},{\"@type\":\"BreadcrumbList\",\"@id\":\"https:\\\/\\\/iwell-guard.com\\\/ca\\\/mano-fico-la-ma-de-la-figa\\\/#breadcrumb\",\"itemListElement\":[{\"@type\":\"ListItem\",\"position\":1,\"name\":\"Start\",\"item\":\"https:\\\/\\\/iwell-guard.com\\\/ca\\\/?page_id=171333\"},{\"@type\":\"ListItem\",\"position\":2,\"name\":\"Mano fico \u2013 la m\u00e0 de la figa com a amulet protector\"}]},{\"@type\":\"WebSite\",\"@id\":\"https:\\\/\\\/iwell-guard.com\\\/ca\\\/#website\",\"url\":\"https:\\\/\\\/iwell-guard.com\\\/ca\\\/\",\"name\":\"iWell Guard\",\"description\":\"Schutz vor dunklen Einfl\u00fcssen\",\"publisher\":{\"@id\":\"https:\\\/\\\/iwell-guard.com\\\/ca\\\/#organization\"},\"potentialAction\":[{\"@type\":\"SearchAction\",\"target\":{\"@type\":\"EntryPoint\",\"urlTemplate\":\"https:\\\/\\\/iwell-guard.com\\\/ca\\\/?s={search_term_string}\"},\"query-input\":{\"@type\":\"PropertyValueSpecification\",\"valueRequired\":true,\"valueName\":\"search_term_string\"}}],\"inLanguage\":\"ca\"},{\"@type\":\"Organization\",\"@id\":\"https:\\\/\\\/iwell-guard.com\\\/ca\\\/#organization\",\"name\":\"Ittermann electronic GmbH\",\"url\":\"https:\\\/\\\/iwell-guard.com\\\/ca\\\/\",\"logo\":{\"@type\":\"ImageObject\",\"inLanguage\":\"ca\",\"@id\":\"https:\\\/\\\/iwell-guard.com\\\/ca\\\/#\\\/schema\\\/logo\\\/image\\\/\",\"url\":\"https:\\\/\\\/iwell-guard.com\\\/wp-content\\\/uploads\\\/2026\\\/05\\\/Ittermann-Logo-1182x237-1.png\",\"contentUrl\":\"https:\\\/\\\/iwell-guard.com\\\/wp-content\\\/uploads\\\/2026\\\/05\\\/Ittermann-Logo-1182x237-1.png\",\"width\":1182,\"height\":237,\"caption\":\"Ittermann electronic GmbH\"},\"image\":{\"@id\":\"https:\\\/\\\/iwell-guard.com\\\/ca\\\/#\\\/schema\\\/logo\\\/image\\\/\"},\"sameAs\":[\"https:\\\/\\\/pantip.com\\\/profile\\\/9367242\",\"https:\\\/\\\/micro.blog\\\/iwellguard\",\"https:\\\/\\\/www.diggerslist.com\\\/iwellguard\\\/about\",\"https:\\\/\\\/skitterphoto.com\\\/photographers\\\/2870314\\\/iwell-guard\",\"https:\\\/\\\/iwellguard.wordpress.com\\\/2026\\\/06\\\/06\\\/iwell-guard\\\/\",\"https:\\\/\\\/hub.docker.com\\\/u\\\/iwellguard\",\"https:\\\/\\\/www.pinterest.com\\\/iwellguard\\\/\",\"https:\\\/\\\/bit.ly\\\/m\\\/iwellguard\",\"https:\\\/\\\/entre-vos-mains.alsace.eu\\\/profiles\\\/iwellguard\\\/activity\",\"https:\\\/\\\/gravatar.com\\\/reallybeded8fd34\",\"https:\\\/\\\/naijamatta.com\\\/iwellguard\",\"https:\\\/\\\/www.goodreads.com\\\/iwellguard\",\"https:\\\/\\\/profile.hatena.ne.jp\\\/iwellguard\\\/\",\"https:\\\/\\\/experiment.com\\\/users\\\/iwellguard\",\"https:\\\/\\\/wakelet.com\\\/@iWellGuard82270\",\"https:\\\/\\\/www.chordie.com\\\/forum\\\/profile.php?id=2555664\",\"https:\\\/\\\/www.instapaper.com\\\/p\\\/17757966\",\"https:\\\/\\\/www.mapleprimes.com\\\/users\\\/iwellguard\",\"https:\\\/\\\/businesslistingplus.com\\\/profile\\\/iwell-guard\\\/\",\"https:\\\/\\\/telegra.ph\\\/iWell-Guard-06-06\",\"https:\\\/\\\/pbase.com\\\/iwellguard\\\/iwellguard\",\"https:\\\/\\\/b.hatena.ne.jp\\\/iwellguard\\\/20260607#bookmark-4788405196491818882\",\"https:\\\/\\\/fliphtml5.com\\\/home\\\/iwellguard\",\"https:\\\/\\\/anyflip.com\\\/homepage\\\/cmiwl#About\",\"https:\\\/\\\/transfur.com\\\/Users\\\/iwellguard\",\"http:\\\/\\\/delphi.larsbo.org\\\/user\\\/iwellguard\",\"https:\\\/\\\/jobs.lajobsportal.org\\\/profiles\\\/8380803-iwell-guard\",\"https:\\\/\\\/md.chaosdorf.de\\\/s\\\/jfbe5SBdJD\",\"https:\\\/\\\/www.lingvolive.com\\\/en-us\\\/profile\\\/9ecaeaca-ce11-4e51-9e71-01d55e2bff36\\\/translations\",\"https:\\\/\\\/www.fitday.com\\\/fitness\\\/forums\\\/members\\\/iwellguard.html\",\"https:\\\/\\\/www.mymeetbook.com\\\/iwellguard\",\"https:\\\/\\\/pxhere.com\\\/en\\\/photographer-me\\\/5040798\",\"https:\\\/\\\/disqus.com\\\/by\\\/iwellguard\\\/about\\\/\",\"https:\\\/\\\/pastelink.net\\\/hjwciqwq\",\"https:\\\/\\\/pubhtml5.com\\\/homepage\\\/scjhn\\\/\",\"https:\\\/\\\/www.bitchute.com\\\/channel\\\/2O2eOKzNqujT\",\"https:\\\/\\\/audiomack.com\\\/iwellguard\"]}]}<\/script>\n<!-- \/ Yoast SEO Premium plugin. -->","yoast_head_json":{"title":"Mano fico \u2013 la m\u00e0 de la figa com a amulet","description":"El mano fico \u00e9s l'amulet de la m\u00e0 de la figa, un puny amb el polze introdu\u00eft entre els dits, contra el mal d'ull. S'explica el seu origen i significat.","robots":{"index":"index","follow":"follow","max-snippet":"max-snippet:-1","max-image-preview":"max-image-preview:large","max-video-preview":"max-video-preview:-1"},"canonical":"https:\/\/iwell-guard.com\/ca\/mano-fico-la-ma-de-la-figa\/","og_locale":"ca_ES","og_type":"article","og_title":"Mano fico \u2013 la m\u00e0 de la figa com a amulet protector","og_description":"El mano fico \u00e9s l'amulet de la m\u00e0 de la figa, un puny amb el polze introdu\u00eft entre els dits, contra el mal d'ull. S'explica el seu origen i significat.","og_url":"https:\/\/iwell-guard.com\/ca\/mano-fico-la-ma-de-la-figa\/","og_site_name":"iWell Guard","article_modified_time":"2026-09-05T16:11:44+00:00","og_image":[{"width":1024,"height":1536,"url":"https:\/\/iwell-guard.com\/wp-content\/uploads\/2026\/05\/schutzsymbol_italien_mano-fico.webp","type":"image\/webp"}],"twitter_card":"summary_large_image","schema":{"@context":"https:\/\/schema.org","@graph":[{"@type":"WebPage","@id":"https:\/\/iwell-guard.com\/ca\/mano-fico-la-ma-de-la-figa\/","url":"https:\/\/iwell-guard.com\/ca\/mano-fico-la-ma-de-la-figa\/","name":"Mano fico \u2013 la m\u00e0 de la figa com a amulet","isPartOf":{"@id":"https:\/\/iwell-guard.com\/ca\/#website"},"primaryImageOfPage":{"@id":"https:\/\/iwell-guard.com\/ca\/mano-fico-la-ma-de-la-figa\/#primaryimage"},"image":{"@id":"https:\/\/iwell-guard.com\/ca\/mano-fico-la-ma-de-la-figa\/#primaryimage"},"thumbnailUrl":"https:\/\/iwell-guard.com\/wp-content\/uploads\/2026\/05\/schutzsymbol_italien_mano-fico.webp","datePublished":"2026-09-05T15:43:55+00:00","dateModified":"2026-09-05T16:11:44+00:00","description":"El mano fico \u00e9s l'amulet de la m\u00e0 de la figa, un puny amb el polze introdu\u00eft entre els dits, contra el mal d'ull. S'explica el seu origen i significat.","breadcrumb":{"@id":"https:\/\/iwell-guard.com\/ca\/mano-fico-la-ma-de-la-figa\/#breadcrumb"},"inLanguage":"ca","potentialAction":[{"@type":"ReadAction","target":["https:\/\/iwell-guard.com\/ca\/mano-fico-la-ma-de-la-figa\/"]}]},{"@type":"ImageObject","inLanguage":"ca","@id":"https:\/\/iwell-guard.com\/ca\/mano-fico-la-ma-de-la-figa\/#primaryimage","url":"https:\/\/iwell-guard.com\/wp-content\/uploads\/2026\/05\/schutzsymbol_italien_mano-fico.webp","contentUrl":"https:\/\/iwell-guard.com\/wp-content\/uploads\/2026\/05\/schutzsymbol_italien_mano-fico.webp","width":1024,"height":1536,"caption":"S\u00edmbol de protecci\u00f3. Il\u00b7lustraci\u00f3 muse\u00edstica de bodeg\u00f3."},{"@type":"BreadcrumbList","@id":"https:\/\/iwell-guard.com\/ca\/mano-fico-la-ma-de-la-figa\/#breadcrumb","itemListElement":[{"@type":"ListItem","position":1,"name":"Start","item":"https:\/\/iwell-guard.com\/ca\/?page_id=171333"},{"@type":"ListItem","position":2,"name":"Mano fico \u2013 la m\u00e0 de la figa com a amulet protector"}]},{"@type":"WebSite","@id":"https:\/\/iwell-guard.com\/ca\/#website","url":"https:\/\/iwell-guard.com\/ca\/","name":"iWell Guard","description":"Schutz vor dunklen Einfl\u00fcssen","publisher":{"@id":"https:\/\/iwell-guard.com\/ca\/#organization"},"potentialAction":[{"@type":"SearchAction","target":{"@type":"EntryPoint","urlTemplate":"https:\/\/iwell-guard.com\/ca\/?s={search_term_string}"},"query-input":{"@type":"PropertyValueSpecification","valueRequired":true,"valueName":"search_term_string"}}],"inLanguage":"ca"},{"@type":"Organization","@id":"https:\/\/iwell-guard.com\/ca\/#organization","name":"Ittermann electronic GmbH","url":"https:\/\/iwell-guard.com\/ca\/","logo":{"@type":"ImageObject","inLanguage":"ca","@id":"https:\/\/iwell-guard.com\/ca\/#\/schema\/logo\/image\/","url":"https:\/\/iwell-guard.com\/wp-content\/uploads\/2026\/05\/Ittermann-Logo-1182x237-1.png","contentUrl":"https:\/\/iwell-guard.com\/wp-content\/uploads\/2026\/05\/Ittermann-Logo-1182x237-1.png","width":1182,"height":237,"caption":"Ittermann electronic GmbH"},"image":{"@id":"https:\/\/iwell-guard.com\/ca\/#\/schema\/logo\/image\/"},"sameAs":["https:\/\/pantip.com\/profile\/9367242","https:\/\/micro.blog\/iwellguard","https:\/\/www.diggerslist.com\/iwellguard\/about","https:\/\/skitterphoto.com\/photographers\/2870314\/iwell-guard","https:\/\/iwellguard.wordpress.com\/2026\/06\/06\/iwell-guard\/","https:\/\/hub.docker.com\/u\/iwellguard","https:\/\/www.pinterest.com\/iwellguard\/","https:\/\/bit.ly\/m\/iwellguard","https:\/\/entre-vos-mains.alsace.eu\/profiles\/iwellguard\/activity","https:\/\/gravatar.com\/reallybeded8fd34","https:\/\/naijamatta.com\/iwellguard","https:\/\/www.goodreads.com\/iwellguard","https:\/\/profile.hatena.ne.jp\/iwellguard\/","https:\/\/experiment.com\/users\/iwellguard","https:\/\/wakelet.com\/@iWellGuard82270","https:\/\/www.chordie.com\/forum\/profile.php?id=2555664","https:\/\/www.instapaper.com\/p\/17757966","https:\/\/www.mapleprimes.com\/users\/iwellguard","https:\/\/businesslistingplus.com\/profile\/iwell-guard\/","https:\/\/telegra.ph\/iWell-Guard-06-06","https:\/\/pbase.com\/iwellguard\/iwellguard","https:\/\/b.hatena.ne.jp\/iwellguard\/20260607#bookmark-4788405196491818882","https:\/\/fliphtml5.com\/home\/iwellguard","https:\/\/anyflip.com\/homepage\/cmiwl#About","https:\/\/transfur.com\/Users\/iwellguard","http:\/\/delphi.larsbo.org\/user\/iwellguard","https:\/\/jobs.lajobsportal.org\/profiles\/8380803-iwell-guard","https:\/\/md.chaosdorf.de\/s\/jfbe5SBdJD","https:\/\/www.lingvolive.com\/en-us\/profile\/9ecaeaca-ce11-4e51-9e71-01d55e2bff36\/translations","https:\/\/www.fitday.com\/fitness\/forums\/members\/iwellguard.html","https:\/\/www.mymeetbook.com\/iwellguard","https:\/\/pxhere.com\/en\/photographer-me\/5040798","https:\/\/disqus.com\/by\/iwellguard\/about\/","https:\/\/pastelink.net\/hjwciqwq","https:\/\/pubhtml5.com\/homepage\/scjhn\/","https:\/\/www.bitchute.com\/channel\/2O2eOKzNqujT","https:\/\/audiomack.com\/iwellguard"]}]}},"_links":{"self":[{"href":"https:\/\/iwell-guard.com\/ca\/wp-json\/wp\/v2\/pages\/171961","targetHints":{"allow":["GET"]}}],"collection":[{"href":"https:\/\/iwell-guard.com\/ca\/wp-json\/wp\/v2\/pages"}],"about":[{"href":"https:\/\/iwell-guard.com\/ca\/wp-json\/wp\/v2\/types\/page"}],"author":[{"embeddable":true,"href":"https:\/\/iwell-guard.com\/ca\/wp-json\/wp\/v2\/users\/3"}],"replies":[{"embeddable":true,"href":"https:\/\/iwell-guard.com\/ca\/wp-json\/wp\/v2\/comments?post=171961"}],"version-history":[{"count":0,"href":"https:\/\/iwell-guard.com\/ca\/wp-json\/wp\/v2\/pages\/171961\/revisions"}],"wp:featuredmedia":[{"embeddable":true,"href":"https:\/\/iwell-guard.com\/ca\/wp-json\/wp\/v2\/media\/3474"}],"wp:attachment":[{"href":"https:\/\/iwell-guard.com\/ca\/wp-json\/wp\/v2\/media?parent=171961"}],"wp:term":[{"taxonomy":"category","embeddable":true,"href":"https:\/\/iwell-guard.com\/ca\/wp-json\/wp\/v2\/categories?post=171961"}],"curies":[{"name":"wp","href":"https:\/\/api.w.org\/{rel}","templated":true}]}}