{"id":171952,"date":"2026-09-05T15:43:50","date_gmt":"2026-09-05T15:43:50","guid":{"rendered":"https:\/\/iwell-guard.com\/?page_id=171952"},"modified":"2026-09-05T16:11:30","modified_gmt":"2026-09-05T16:11:30","slug":"fusta-de-presseguer-xina-dimonis","status":"publish","type":"page","link":"https:\/\/iwell-guard.com\/ca\/fusta-de-presseguer-xina-dimonis\/","title":{"rendered":"Fusta de pr\u00e9ssec: la fusta que allunya els dimonis a la Xina"},"content":{"rendered":"\t\t<div data-elementor-type=\"wp-page\" data-elementor-id=\"171952\" class=\"elementor elementor-171952 elementor-3691 elementor-bc-flex-widget\" data-elementor-post-type=\"page\">\n\t\t\t\t<div class=\"elementor-element elementor-element-iwgs-pfirsichholz-hero e-flex e-con-boxed e-con e-parent\" data-id=\"iwgs-pfirsichholz-hero\" data-element_type=\"container\" data-e-type=\"container\">\n\t\t\t\t\t<div class=\"e-con-inner\">\n\t\t<div class=\"elementor-element elementor-element-iwgs-pfirsichholz-hl e-flex e-con-boxed e-con e-parent\" data-id=\"iwgs-pfirsichholz-hl\" data-element_type=\"container\" data-e-type=\"container\">\n\t\t\t\t\t<div class=\"e-con-inner\">\n\t\t<div class=\"elementor-element elementor-element-iwgs-pfirsichholz-hlbox e-con-full e-flex e-con e-parent\" data-id=\"iwgs-pfirsichholz-hlbox\" data-element_type=\"container\" data-e-type=\"container\">\n\t\t\t\t<div class=\"elementor-element elementor-element-iwgs-pfirsichholz-h1 elementor-widget elementor-widget-heading\" data-id=\"iwgs-pfirsichholz-h1\" data-element_type=\"widget\" data-e-type=\"widget\" data-widget_type=\"heading.default\">\n\t\t\t\t\t<h1 class=\"elementor-heading-title elementor-size-default\">Fusta de pr\u00e9ssec: la fusta amb poder d'allunyar els dimonis<\/h1>\t\t\t\t<\/div>\n\t\t\t\t<div class=\"elementor-element elementor-element-iwgs-pfirsichholz-lead elementor-widget elementor-widget-text-editor\" data-id=\"iwgs-pfirsichholz-lead\" data-element_type=\"widget\" data-e-type=\"widget\" data-widget_type=\"text-editor.default\">\n\t\t\t\t\t\t\t\t\t<p>A la fusta de pr\u00e9ssec se li atribueix des de fa molt temps a la Xina un poder d&#8217;allunyar els dimonis. Amb ella es feien tauletes de fusta, talles, espases i amulets destinats a mantenir allunyats els esperits nocius i la mala sort.<\/p>\n<p class=\"iwg-kwfix\">La fusta de pr\u00e9ssec \u00e9s una fusta que allunya els dimonis; la seva fama d&#8217;allunyar els dimonis es remunta molt enrere a la Xina.<\/p>\t\t\t\t\t\t\t\t<\/div>\n\t\t\t\t<\/div>\n\t\t\t\t<div class=\"elementor-element elementor-element-iwgs-pfirsichholz-pills elementor-widget elementor-widget-html\" data-id=\"iwgs-pfirsichholz-pills\" data-element_type=\"widget\" data-e-type=\"widget\" data-widget_type=\"html.default\">\n\t\t\t\t\t<div class=\"iwg-pill-row\"><span class=\"iwg-klasse-badge\" tabindex=\"0\" data-tooltip=\"S\u00edmbol de protecci\u00f3, amulet o objecte apotropaic.\">S\u00edmbol de protecci\u00f3<\/span><a href=\"https:\/\/iwell-guard.com\/ca\/china\/\" class=\"iwg-kultur-badge\" tabindex=\"0\" data-tooltip=\"Tradici\u00f3 de protecci\u00f3: Xina\">Xina<\/a><span class=\"iwg-tradition-badge\" tabindex=\"0\" data-tooltip=\"Un objecte al qual s'atribueix un efecte protector.\">Objecte de protecci\u00f3<\/span><\/div>\t\t\t\t<\/div>\n\t\t\t\t\t<\/div>\n\t\t\t\t<\/div>\n\t\t<div class=\"elementor-element elementor-element-iwgs-pfirsichholz-hr e-con-full e-flex e-con e-parent\" data-id=\"iwgs-pfirsichholz-hr\" data-element_type=\"container\" data-e-type=\"container\">\n\t\t\t\t<div class=\"elementor-element elementor-element-iwgs-pfirsichholz-himg iwg-hero-image elementor-widget elementor-widget-image\" data-id=\"iwgs-pfirsichholz-himg\" data-element_type=\"widget\" data-e-type=\"widget\" data-widget_type=\"image.default\">\n\t\t\t\t\t\t\t\t\t\t\t\t\t\t\t<img fetchpriority=\"high\" decoding=\"async\" width=\"683\" height=\"1024\" src=\"https:\/\/iwell-guard.com\/wp-content\/uploads\/2026\/05\/schutzsymbol_china_pfirsichholz-683x1024.webp\" class=\"attachment-large size-large wp-image-3539\" alt=\"Fusta de pr\u00e9ssec: la fusta que allunya els dimonis a la Xina\" srcset=\"https:\/\/iwell-guard.com\/wp-content\/uploads\/2026\/05\/schutzsymbol_china_pfirsichholz-683x1024.webp 683w, https:\/\/iwell-guard.com\/wp-content\/uploads\/2026\/05\/schutzsymbol_china_pfirsichholz-200x300.webp 200w, https:\/\/iwell-guard.com\/wp-content\/uploads\/2026\/05\/schutzsymbol_china_pfirsichholz-768x1152.webp 768w, https:\/\/iwell-guard.com\/wp-content\/uploads\/2026\/05\/schutzsymbol_china_pfirsichholz.webp 1024w\" sizes=\"(max-width: 683px) 100vw, 683px\" \/>\t\t\t\t\t\t\t\t\t\t\t\t\t\t\t<\/div>\n\t\t\t\t<\/div>\n\t\t\t\t\t<\/div>\n\t\t\t\t<\/div>\n\t\t<div class=\"elementor-element elementor-element-iwgs-pfirsichholz-s0 e-flex e-con-boxed e-con e-parent\" data-id=\"iwgs-pfirsichholz-s0\" data-element_type=\"container\" data-e-type=\"container\">\n\t\t\t\t\t<div class=\"e-con-inner\">\n\t\t\t\t<div class=\"elementor-element elementor-element-iwgs-pfirsichholz-s0h elementor-widget elementor-widget-heading\" data-id=\"iwgs-pfirsichholz-s0h\" data-element_type=\"widget\" data-e-type=\"widget\" data-widget_type=\"heading.default\">\n\t\t\t\t\t<h2 class=\"elementor-heading-title elementor-size-default\">Introducci\u00f3<\/h2>\t\t\t\t<\/div>\n\t\t<div class=\"elementor-element elementor-element-iwgs-pfirsichholz-s0box e-con-full e-flex e-con e-parent\" data-id=\"iwgs-pfirsichholz-s0box\" data-element_type=\"container\" data-e-type=\"container\">\n\t\t\t\t<div class=\"elementor-element elementor-element-iwgs-pfirsichholz-s0t elementor-widget elementor-widget-text-editor\" data-id=\"iwgs-pfirsichholz-s0t\" data-element_type=\"widget\" data-e-type=\"widget\" data-widget_type=\"text-editor.default\">\n\t\t\t\t\t\t\t\t\t<p>La fusta de pr\u00e9ssec \u00e9s la fusta del presseguer. En la tradici\u00f3 de la <a href=\"https:\/\/iwell-guard.com\/ca\/china\/\">Xina<\/a> s&#8217;atribueix a aquesta fusta un poder especial d&#8217;allunyar els dimonis.<\/p><p>El presseguer ocupa un lloc destacat en la cultura xinesa. La flor del presseguer, el fruit del pr\u00e9ssec i la fusta de pr\u00e9ssec tenen cadascun un significat propi i favorable.<\/p><p>A la fusta de l&#8217;arbre li correspon sobretot un significat protector. La fusta de pr\u00e9ssec es considerava adequada per allunyar els esperits nocius i la mala sort.<\/p><p>D&#8217;aquesta idea va sorgir una s\u00e8rie d&#8217;objectes de protecci\u00f3 fets de fusta de pr\u00e9ssec. Es fabricaven amb aquesta fusta tauletes, talles, petites espases i amulets.<\/p><p>En les <span class=\"iwg-fachbegriff\" data-tooltip=\"La ci\u00e8ncia que estudia les religions de manera comparativa i sense vincle de fe.\" tabindex=\"0\">ci\u00e8ncies de la religi\u00f3<\/span>, la fusta de pr\u00e9ssec \u00e9s un bon exemple d&#8217;un mitj\u00e0 de protecci\u00f3 que resideix en la mat\u00e8ria mateixa. Aqu\u00ed no \u00e9s una imatge o un signe el que es considera efica\u00e7, sin\u00f3 el material.<\/p><p>Aquesta p\u00e0gina presenta la fusta de pr\u00e9ssec com a mitj\u00e0 de protecci\u00f3. Descriu el seu significat, els objectes que se&#8217;n fabriquen i el seu \u00fas, i la situa dins la tradici\u00f3 protectora de la Xina.<\/p>\t\t\t\t\t\t\t\t<\/div>\n\t\t\t\t<\/div>\n\t\t\t\t\t<\/div>\n\t\t\t\t<\/div>\n\t\t<div class=\"elementor-element elementor-element-iwgs-pfirsichholz-s1 e-flex e-con-boxed e-con e-parent\" data-id=\"iwgs-pfirsichholz-s1\" data-element_type=\"container\" data-e-type=\"container\">\n\t\t\t\t\t<div class=\"e-con-inner\">\n\t\t\t\t<div class=\"elementor-element elementor-element-iwgs-pfirsichholz-s1h elementor-widget elementor-widget-heading\" data-id=\"iwgs-pfirsichholz-s1h\" data-element_type=\"widget\" data-e-type=\"widget\" data-widget_type=\"heading.default\">\n\t\t\t\t\t<h2 class=\"elementor-heading-title elementor-size-default\">El presseguer en la cultura xinesa<\/h2>\t\t\t\t<\/div>\n\t\t<div class=\"elementor-element elementor-element-iwgs-pfirsichholz-s1box e-con-full e-flex e-con e-parent\" data-id=\"iwgs-pfirsichholz-s1box\" data-element_type=\"container\" data-e-type=\"container\">\n\t\t\t\t<div class=\"elementor-element elementor-element-iwgs-pfirsichholz-s1t elementor-widget elementor-widget-text-editor\" data-id=\"iwgs-pfirsichholz-s1t\" data-element_type=\"widget\" data-e-type=\"widget\" data-widget_type=\"text-editor.default\">\n\t\t\t\t\t\t\t\t\t<p>Per entendre la fusta de pr\u00e9ssec cal con\u00e8ixer la posici\u00f3 del presseguer en la cultura xinesa. Aquest arbre est\u00e0 lligat a molts significats favorables.<\/p><p>La flor del presseguer \u00e9s un signe de la primavera i de la renovaci\u00f3. Floreix aviat a l&#8217;any i es considera una imatge de la nova vida.<\/p><p>El fruit del pr\u00e9ssec \u00e9s sobretot un signe de longevitat. En la <span class=\"iwg-fachbegriff\" data-tooltip=\"La transmissi\u00f3 de coneixements i relats al llarg de generacions.\" tabindex=\"0\">tradici\u00f3<\/span> xinesa hi ha relats de pr\u00e9ssecs que confereixen una vida extraordin\u00e0riament llarga.<\/p><p>Aquests relats vinculen el pr\u00e9ssec amb un m\u00f3n celestial. Segons una <span class=\"iwg-fachbegriff\" data-tooltip=\"La transmissi\u00f3 de coneixements i relats al llarg de generacions.\" tabindex=\"0\">tradici\u00f3<\/span> coneguda, en un jard\u00ed celestial creixen pr\u00e9ssecs que nom\u00e9s rarament maduren i als quals correspon un poder especial.<\/p><p>El presseguer porta aix\u00ed, en la imaginaci\u00f3 xinesa, un vincle amb el m\u00f3n dels poders superiors i amb la longevitat. No \u00e9s un arbre qualsevol.<\/p><p>D&#8217;aquesta posici\u00f3 elevada de l&#8217;arbre s&#8217;explica tamb\u00e9 el significat de la seva fusta. Un arbre lligat a la longevitat i al m\u00f3n celestial dona una fusta a la qual s&#8217;atribueix un poder propi.<\/p>\t\t\t\t\t\t\t\t<\/div>\n\t\t\t\t<\/div>\n\t\t\t\t\t<\/div>\n\t\t\t\t<\/div>\n\t\t<div class=\"elementor-element elementor-element-iwgs-pfirsichholz-s2 e-flex e-con-boxed e-con e-parent\" data-id=\"iwgs-pfirsichholz-s2\" data-element_type=\"container\" data-e-type=\"container\">\n\t\t\t\t\t<div class=\"e-con-inner\">\n\t\t\t\t<div class=\"elementor-element elementor-element-iwgs-pfirsichholz-s2h elementor-widget elementor-widget-heading\" data-id=\"iwgs-pfirsichholz-s2h\" data-element_type=\"widget\" data-e-type=\"widget\" data-widget_type=\"heading.default\">\n\t\t\t\t\t<h2 class=\"elementor-heading-title elementor-size-default\">El poder d'allunyar els dimonis<\/h2>\t\t\t\t<\/div>\n\t\t<div class=\"elementor-element elementor-element-iwgs-pfirsichholz-s2box e-con-full e-flex e-con e-parent\" data-id=\"iwgs-pfirsichholz-s2box\" data-element_type=\"container\" data-e-type=\"container\">\n\t\t\t\t<div class=\"elementor-element elementor-element-iwgs-pfirsichholz-s2t elementor-widget elementor-widget-text-editor\" data-id=\"iwgs-pfirsichholz-s2t\" data-element_type=\"widget\" data-e-type=\"widget\" data-widget_type=\"text-editor.default\">\n\t\t\t\t\t\t\t\t\t<p>A la fusta de pr\u00e9ssec se li atribueix sobretot un poder d&#8217;allunyar els dimonis. Aquesta idea \u00e9s antiga i est\u00e0 \u00e0mpliament documentada a la Xina.<\/p><p>Segons aquesta idea, els esperits nocius eviten la fusta de pr\u00e9ssec. Un objecte fet d&#8217;aquesta fusta pot allunyar-los o mantenir-los lluny d&#8217;un lloc.<\/p><p>Sobre l&#8217;origen d&#8217;aquesta idea hi ha diverses tradicions. Un relat est\u00e8s vincula la fusta de pr\u00e9ssec amb dos guardians espirituals i amb un presseguer sota el qual els esperits nocius eren vigilats i neutralitzats.<\/p><p>D&#8217;aquests relats s&#8217;explica per qu\u00e8 precisament a la fusta de pr\u00e9ssec se li va atribuir el poder d&#8217;allunyar el mal. La fusta es va vincular amb la vigil\u00e0ncia i el domini dels esperits nocius.<\/p><p>Una presentaci\u00f3 honesta ha de recon\u00e8ixer que l&#8217;origen exacte d&#8217;aquesta idea no es pot determinar amb precisi\u00f3. Diverses tradicions i idees s&#8217;han anat fonent aqu\u00ed al llarg del temps.<\/p><p>El que es va mantenir constant al llarg del temps \u00e9s la idea de base. La fusta de pr\u00e9ssec es considerava una mat\u00e8ria davant la qual el mal i els esperits nocius retrocedeixen, i en aquesta idea es fonamenten tots els objectes de protecci\u00f3 fets de fusta de pr\u00e9ssec.<\/p>\t\t\t\t\t\t\t\t<\/div>\n\t\t\t\t<\/div>\n\t\t\t\t\t<\/div>\n\t\t\t\t<\/div>\n\t\t<div class=\"elementor-element elementor-element-iwgs-pfirsichholz-s3 e-flex e-con-boxed e-con e-parent\" data-id=\"iwgs-pfirsichholz-s3\" data-element_type=\"container\" data-e-type=\"container\">\n\t\t\t\t\t<div class=\"e-con-inner\">\n\t\t\t\t<div class=\"elementor-element elementor-element-iwgs-pfirsichholz-s3h elementor-widget elementor-widget-heading\" data-id=\"iwgs-pfirsichholz-s3h\" data-element_type=\"widget\" data-e-type=\"widget\" data-widget_type=\"heading.default\">\n\t\t\t\t\t<h2 class=\"elementor-heading-title elementor-size-default\">Tauletes de fusta de pr\u00e9ssec<\/h2>\t\t\t\t<\/div>\n\t\t<div class=\"elementor-element elementor-element-iwgs-pfirsichholz-s3box e-con-full e-flex e-con e-parent\" data-id=\"iwgs-pfirsichholz-s3box\" data-element_type=\"container\" data-e-type=\"container\">\n\t\t\t\t<div class=\"elementor-element elementor-element-iwgs-pfirsichholz-s3t elementor-widget elementor-widget-text-editor\" data-id=\"iwgs-pfirsichholz-s3t\" data-element_type=\"widget\" data-e-type=\"widget\" data-widget_type=\"text-editor.default\">\n\t\t\t\t\t\t\t\t\t<p>Un \u00fas important de la fusta de pr\u00e9ssec eren les tauletes de fusta. Amb aquesta fusta es fabricaven tauletes que es col\u00b7locaven a la porta de casa.<\/p><p>Aquestes tauletes de fusta de pr\u00e9ssec es penjaven a banda i banda de la porta. Havien de mantenir allunyats els esperits nocius del llindar i protegir la casa.<\/p><p>Sovint les tauletes portaven una inscripci\u00f3. S&#8217;hi escrivien els noms o les imatges de guardians espirituals que havien de refor\u00e7ar la protecci\u00f3 de la porta.<\/p><p>Aquestes tauletes de fusta de pr\u00e9ssec inscrites formen part de la prehist\u00f2ria d&#8217;un costum encara viu avui dia. D&#8217;elles es van desenvolupar les tires de paper amb versos de bona fortuna que es col\u00b7loquen a la porta per Cap d&#8217;Any.<\/p><p>Aix\u00ed es mostra, a trav\u00e9s de la fusta de pr\u00e9ssec, un fragment de la hist\u00f2ria cultural. De les antigues tauletes protectores de fusta de pr\u00e9ssec va n\u00e9ixer, amb el temps, la familiar decoraci\u00f3 de porta del Cap d&#8217;Any xin\u00e8s.<\/p><p>Les tauletes de fusta s\u00f3n, doncs, un \u00fas especialment influent de la fusta de pr\u00e9ssec. En elles es combinen la protecci\u00f3 del llindar amb el poder d&#8217;allunyar els dimonis propi de la fusta.<\/p>\t\t\t\t\t\t\t\t<\/div>\n\t\t\t\t<\/div>\n\t\t\t\t\t<\/div>\n\t\t\t\t<\/div>\n\t\t<div class=\"elementor-element elementor-element-iwgs-pfirsichholz-s4 e-flex e-con-boxed e-con e-parent\" data-id=\"iwgs-pfirsichholz-s4\" data-element_type=\"container\" data-e-type=\"container\">\n\t\t\t\t\t<div class=\"e-con-inner\">\n\t\t\t\t<div class=\"elementor-element elementor-element-iwgs-pfirsichholz-s4h elementor-widget elementor-widget-heading\" data-id=\"iwgs-pfirsichholz-s4h\" data-element_type=\"widget\" data-e-type=\"widget\" data-widget_type=\"heading.default\">\n\t\t\t\t\t<h2 class=\"elementor-heading-title elementor-size-default\">Espases, talles i amulets<\/h2>\t\t\t\t<\/div>\n\t\t<div class=\"elementor-element elementor-element-iwgs-pfirsichholz-s4box e-con-full e-flex e-con e-parent\" data-id=\"iwgs-pfirsichholz-s4box\" data-element_type=\"container\" data-e-type=\"container\">\n\t\t\t\t<div class=\"elementor-element elementor-element-iwgs-pfirsichholz-s4t elementor-widget elementor-widget-text-editor\" data-id=\"iwgs-pfirsichholz-s4t\" data-element_type=\"widget\" data-e-type=\"widget\" data-widget_type=\"text-editor.default\">\n\t\t\t\t\t\t\t\t\t<p>A m\u00e9s de les tauletes de fusta, amb fusta de pr\u00e9ssec es van elaborar tota una s\u00e8rie d&#8217;altres objectes de protecci\u00f3. Tots comparteixen la for\u00e7a defensiva de la fusta.<\/p><p>\u00c9s coneguda l&#8217;espasa de fusta de pr\u00e9ssec. No \u00e9s una arma real, sin\u00f3 una espasa de fusta que en la pr\u00e0ctica taoista s&#8217;utilitzava com a eina d&#8217;expulsi\u00f3 d&#8217;esperits.<\/p><p>En aquesta espasa de fusta de pr\u00e9ssec es combinen dues forces defensives. La forma de l&#8217;espasa representa la defensa, i la fusta del presseguer hi afegeix la seva pr\u00f2pia for\u00e7a, capa\u00e7 d&#8217;allunyar dimonis.<\/p><p>Amb fusta de pr\u00e9ssec tamb\u00e9 es van fer talles. Petites figures esculpides, penjolls i objectes decoratius d&#8217;aquesta fusta portaven la for\u00e7a defensiva en una forma pr\u00e0ctica.<\/p><p>Sovint es tallaven amulets de fusta de pr\u00e9ssec que es portaven a sobre. Aquests amulets de fusta de pr\u00e9ssec s&#8217;utilitzaven especialment per als infants, considerats vulnerables.<\/p><p>En tots aquests objectes actua la mateixa idea. La mateixa fusta porta la for\u00e7a protectora, i segons la forma, com a espasa, com a figura o com a <span class=\"iwg-fachbegriff\" data-tooltip=\"Un objecte portat al qual s'atribueix un efecte protector i allunyador del mal.\" tabindex=\"0\">amulet<\/span>, aquesta for\u00e7a es dirigeix cap a un lloc o cap a una persona.<\/p>\t\t\t\t\t\t\t\t<\/div>\n\t\t\t\t<\/div>\n\t\t\t\t\t<\/div>\n\t\t\t\t<\/div>\n\t\t<div class=\"elementor-element elementor-element-iwgs-pfirsichholz-s5 e-flex e-con-boxed e-con e-parent\" data-id=\"iwgs-pfirsichholz-s5\" data-element_type=\"container\" data-e-type=\"container\">\n\t\t\t\t\t<div class=\"e-con-inner\">\n\t\t\t\t<div class=\"elementor-element elementor-element-iwgs-pfirsichholz-s5h elementor-widget elementor-widget-heading\" data-id=\"iwgs-pfirsichholz-s5h\" data-element_type=\"widget\" data-e-type=\"widget\" data-widget_type=\"heading.default\">\n\t\t\t\t\t<h2 class=\"elementor-heading-title elementor-size-default\">Protecci\u00f3 a trav\u00e9s del material<\/h2>\t\t\t\t<\/div>\n\t\t<div class=\"elementor-element elementor-element-iwgs-pfirsichholz-s5box e-con-full e-flex e-con e-parent\" data-id=\"iwgs-pfirsichholz-s5box\" data-element_type=\"container\" data-e-type=\"container\">\n\t\t\t\t<div class=\"elementor-element elementor-element-iwgs-pfirsichholz-s5t elementor-widget elementor-widget-text-editor\" data-id=\"iwgs-pfirsichholz-s5t\" data-element_type=\"widget\" data-e-type=\"widget\" data-widget_type=\"text-editor.default\">\n\t\t\t\t\t\t\t\t\t<p>La fusta de pr\u00e9ssec segueix un principi d&#8217;acci\u00f3 propi. A difer\u00e8ncia d&#8217;un <span class=\"iwg-fachbegriff\" data-tooltip=\"Un objecte al qual s'atribueix un efecte que porta sort o \u00e8xit.\" tabindex=\"0\">talism\u00e0<\/span> o d&#8217;una imatge protectora, no actua mitjan\u00e7ant un signe, sin\u00f3 a trav\u00e9s del mateix material.<\/p><p>En un <span class=\"iwg-fachbegriff\" data-tooltip=\"Un objecte al qual s'atribueix un efecte que porta sort o \u00e8xit.\" tabindex=\"0\">talism\u00e0<\/span> escrit, la for\u00e7a es troba en els signes. En una imatge protectora, es troba en la imatge. En canvi, en la fusta de pr\u00e9ssec, la for\u00e7a es troba en el material, en la fusta del presseguer.<\/p><p>Aix\u00f2 significa que ja la simple fusta de pr\u00e9ssec es considera protectora, fins i tot sense inscripci\u00f3 i sense imatge. Segons aquesta idea, un simple tros d&#8217;aquesta fusta porta en si mateix la for\u00e7a defensiva.<\/p><p>Sovint, per\u00f2, aquesta for\u00e7a del material es combina amb altres mitjans. Una tauleta de fusta de pr\u00e9ssec pot, a m\u00e9s, portar una inscripci\u00f3, i una figura de fusta de pr\u00e9ssec pot estar treballada amb art.<\/p><p>En aquests casos actuen dues coses conjuntament. La for\u00e7a del material i la for\u00e7a del signe o de la forma es reforcen m\u00fatuament.<\/p><p>La fusta de pr\u00e9ssec \u00e9s, doncs, un bon exemple d&#8217;un mitj\u00e0 de protecci\u00f3 la for\u00e7a del qual rau en el material. Mostra que, segons una idea molt estesa, no nom\u00e9s els signes i les imatges, sin\u00f3 tamb\u00e9 certs materials, poden considerar-se protectors.<\/p>\t\t\t\t\t\t\t\t<\/div>\n\t\t\t\t<\/div>\n\t\t\t\t\t<\/div>\n\t\t\t\t<\/div>\n\t\t<div class=\"elementor-element elementor-element-iwgs-pfirsichholz-s6 e-flex e-con-boxed e-con e-parent\" data-id=\"iwgs-pfirsichholz-s6\" data-element_type=\"container\" data-e-type=\"container\">\n\t\t\t\t\t<div class=\"e-con-inner\">\n\t\t\t\t<div class=\"elementor-element elementor-element-iwgs-pfirsichholz-s6h elementor-widget elementor-widget-heading\" data-id=\"iwgs-pfirsichholz-s6h\" data-element_type=\"widget\" data-e-type=\"widget\" data-widget_type=\"heading.default\">\n\t\t\t\t\t<h2 class=\"elementor-heading-title elementor-size-default\">La fusta de pr\u00e9ssec en la tradici\u00f3 taoista<\/h2>\t\t\t\t<\/div>\n\t\t<div class=\"elementor-element elementor-element-iwgs-pfirsichholz-s6box e-con-full e-flex e-con e-parent\" data-id=\"iwgs-pfirsichholz-s6box\" data-element_type=\"container\" data-e-type=\"container\">\n\t\t\t\t<div class=\"elementor-element elementor-element-iwgs-pfirsichholz-s6t elementor-widget elementor-widget-text-editor\" data-id=\"iwgs-pfirsichholz-s6t\" data-element_type=\"widget\" data-e-type=\"widget\" data-widget_type=\"text-editor.default\">\n\t\t\t\t\t\t\t\t\t<p>La fusta de pr\u00e9ssec ocupa un lloc ferm en la tradici\u00f3 taoista. El <span class=\"iwg-fachbegriff\" data-tooltip=\"Tradici\u00f3 religiosa i filos\u00f2fica xinesa orientada al Dao, el Cam\u00ed.\" tabindex=\"0\">taoisme<\/span> religi\u00f3s va recollir l&#8217;antiga idea de la for\u00e7a de la fusta i la va incorporar a la seva pr\u00e0ctica.<\/p><p>En la pr\u00e0ctica taoista d&#8217;expulsi\u00f3 d&#8217;esperits, la fusta de pr\u00e9ssec s&#8217;utilitzava de maneres molt diverses. L&#8217;espasa de fusta de pr\u00e9ssec n&#8217;\u00e9s l&#8217;exemple m\u00e9s conegut.<\/p><p>Tamb\u00e9 altres eines de la pr\u00e0ctica taoista podien estar fetes de fusta de pr\u00e9ssec. Aquesta fusta es considerava un material adequat per a objectes destinats a allunyar esperits nocius.<\/p><p>Aix\u00ed, la fusta de pr\u00e9ssec s&#8217;integra en la s\u00e8rie de mitjans de protecci\u00f3 taoistes. Al costat del <a href=\"https:\/\/iwell-guard.com\/ca\/?page_id=171947\">talism\u00e0 fu<\/a>, l&#8217;espasa de monedes i el mirall bagua, forma part dels mitjans d&#8217;expulsi\u00f3 d&#8217;esperits.<\/p><p>Dins d&#8217;aquesta s\u00e8rie, la fusta de pr\u00e9ssec ocupa una posici\u00f3 pr\u00f2pia. No \u00e9s un signe ni una forma determinada, sin\u00f3 un material a partir del qual es poden fabricar diversos objectes de protecci\u00f3.<\/p><p>La fusta de pr\u00e9ssec mostra, doncs, com la tradici\u00f3 taoista va recollir i elaborar idees antigues. D&#8217;una idea molt estesa sobre la for\u00e7a de la fusta va sorgir un element fix de la pr\u00e0ctica protectora taoista.<\/p>\t\t\t\t\t\t\t\t<\/div>\n\t\t\t\t<\/div>\n\t\t\t\t\t<\/div>\n\t\t\t\t<\/div>\n\t\t<div class=\"elementor-element elementor-element-iwgs-pfirsichholz-s7 e-flex e-con-boxed e-con e-parent\" data-id=\"iwgs-pfirsichholz-s7\" data-element_type=\"container\" data-e-type=\"container\">\n\t\t\t\t\t<div class=\"e-con-inner\">\n\t\t\t\t<div class=\"elementor-element elementor-element-iwgs-pfirsichholz-s7h elementor-widget elementor-widget-heading\" data-id=\"iwgs-pfirsichholz-s7h\" data-element_type=\"widget\" data-e-type=\"widget\" data-widget_type=\"heading.default\">\n\t\t\t\t\t<h2 class=\"elementor-heading-title elementor-size-default\">La for\u00e7a d'alguns materials en les cultures<\/h2>\t\t\t\t<\/div>\n\t\t<div class=\"elementor-element elementor-element-iwgs-pfirsichholz-s7box e-con-full e-flex e-con e-parent\" data-id=\"iwgs-pfirsichholz-s7box\" data-element_type=\"container\" data-e-type=\"container\">\n\t\t\t\t<div class=\"elementor-element elementor-element-iwgs-pfirsichholz-s7t elementor-widget elementor-widget-text-editor\" data-id=\"iwgs-pfirsichholz-s7t\" data-element_type=\"widget\" data-e-type=\"widget\" data-widget_type=\"text-editor.default\">\n\t\t\t\t\t\t\t\t\t<p>La fusta de pr\u00e9ssec es pot considerar en un context m\u00e9s ampli. La idea que certs materials porten una for\u00e7a protectora \u00e9s present en moltes cultures.<\/p><p>Nombroses cultures atribueixen a determinades fustes, metalls o pedres una for\u00e7a protectora o defensiva. El material mateix es considera aleshores efica\u00e7, independentment de la forma que se li doni.<\/p><p>Sovint es tracta de fustes d&#8217;arbres concrets, als quals s&#8217;atribueix aquesta for\u00e7a. L&#8217;arbre en q\u00fcesti\u00f3 sol estar lligat, aleshores, a un significat propi i elevat.<\/p><p>La fusta de pr\u00e9ssec pertany a aquest grup. \u00c9s la fusta d&#8217;un arbre que a la Xina est\u00e0 vinculat a la llarga vida i al m\u00f3n celestial, i d&#8217;aquesta vinculaci\u00f3 deriva la seva for\u00e7a.<\/p><p>El que fa especial la fusta de pr\u00e9ssec \u00e9s el vincle estret amb el ric significat del presseguer. La flor, el fruit i la fusta d&#8217;aquest arbre porten cadascun un significat propi, favorable o protector.<\/p><p>La fusta de pr\u00e9ssec \u00e9s, doncs, l&#8217;expressi\u00f3 xinesa d&#8217;una idea molt estesa. Mostra com un arbre altament valorat proporciona una fusta a la qual, a trav\u00e9s de les cultures, s&#8217;atribueix una for\u00e7a protectora comprensible.<\/p>\t\t\t\t\t\t\t\t<\/div>\n\t\t\t\t<\/div>\n\t\t\t\t\t<\/div>\n\t\t\t\t<\/div>\n\t\t<div class=\"elementor-element elementor-element-iwgs-pfirsichholz-s8 e-flex e-con-boxed e-con e-parent\" data-id=\"iwgs-pfirsichholz-s8\" data-element_type=\"container\" data-e-type=\"container\">\n\t\t\t\t\t<div class=\"e-con-inner\">\n\t\t\t\t<div class=\"elementor-element elementor-element-iwgs-pfirsichholz-s8h elementor-widget elementor-widget-heading\" data-id=\"iwgs-pfirsichholz-s8h\" data-element_type=\"widget\" data-e-type=\"widget\" data-widget_type=\"heading.default\">\n\t\t\t\t\t<h2 class=\"elementor-heading-title elementor-size-default\">Recepci\u00f3 actual<\/h2>\t\t\t\t<\/div>\n\t\t<div class=\"elementor-element elementor-element-iwgs-pfirsichholz-s8box e-con-full e-flex e-con e-parent\" data-id=\"iwgs-pfirsichholz-s8box\" data-element_type=\"container\" data-e-type=\"container\">\n\t\t\t\t<div class=\"elementor-element elementor-element-iwgs-pfirsichholz-s8t elementor-widget elementor-widget-text-editor\" data-id=\"iwgs-pfirsichholz-s8t\" data-element_type=\"widget\" data-e-type=\"widget\" data-widget_type=\"text-editor.default\">\n\t\t\t\t\t\t\t\t\t<p>La fusta de pr\u00e9ssec continua vinculada, fins avui, a la idea de l&#8217;expulsi\u00f3 d&#8217;esperits. A la Xina i en les comunitats xineses, aquesta idea encara \u00e9s coneguda.<\/p><p>Encara es fabriquen i s&#8217;utilitzen objectes de fusta de pr\u00e9ssec, penjolls, figures esculpides i petites espases. Formen part del conjunt de la pr\u00e0ctica protectora xinesa.<\/p><p>La fusta de pr\u00e9ssec ha deixat un rastre especialment influent en la cultura festiva. De les antigues tauletes de fusta de pr\u00e9ssec van sorgir les tires escrites que avui es pengen a les portes per a l&#8217;Any Nou.<\/p><p>Per a la <span class=\"iwg-fachbegriff\" data-tooltip=\"La ci\u00e8ncia que estudia les religions de manera comparativa i sense vincle de fe.\" tabindex=\"0\">ci\u00e8ncia de la religi\u00f3<\/span>, la fusta de pr\u00e9ssec \u00e9s un objecte revelador. Mostra com s&#8217;atribueix una for\u00e7a protectora a un material determinat i com d&#8217;aquesta idea poden sorgir costums duradors.<\/p><p>Una descripci\u00f3 objectiva anomena la fusta de pr\u00e9ssec pel que \u00e9s: la fusta d&#8217;un arbre molt valorat, al qual la tradici\u00f3 xinesa atribueix una for\u00e7a capa\u00e7 d&#8217;allunyar dimonis.<\/p><p>La fusta de pr\u00e9ssec \u00e9s, doncs, un exemple contundent d&#8217;un mitj\u00e0 de protecci\u00f3 xin\u00e8s. En ella es combinen el gran significat del presseguer, la creen\u00e7a en la for\u00e7a del material i els nombrosos objectes que, amb aquesta fusta, s&#8217;han fabricat per a la protecci\u00f3.<\/p>\t\t\t\t\t\t\t\t<\/div>\n\t\t\t\t<\/div>\n\t\t\t\t\t<\/div>\n\t\t\t\t<\/div>\n\t\t<div class=\"elementor-element elementor-element-iwgs-pfirsichholz-lit e-flex e-con-boxed e-con e-parent\" data-id=\"iwgs-pfirsichholz-lit\" data-element_type=\"container\" data-e-type=\"container\">\n\t\t\t\t\t<div class=\"e-con-inner\">\n\t\t\t\t<div class=\"elementor-element elementor-element-iwgs-pfirsichholz-lith elementor-widget elementor-widget-heading\" data-id=\"iwgs-pfirsichholz-lith\" data-element_type=\"widget\" data-e-type=\"widget\" data-widget_type=\"heading.default\">\n\t\t\t\t\t<h2 class=\"elementor-heading-title elementor-size-default\">Bibliografia (selecci\u00f3)<\/h2>\t\t\t\t<\/div>\n\t\t<div class=\"elementor-element elementor-element-iwgs-pfirsichholz-litbox e-con-full e-flex e-con e-parent\" data-id=\"iwgs-pfirsichholz-litbox\" data-element_type=\"container\" data-e-type=\"container\">\n\t\t\t\t<div class=\"elementor-element elementor-element-iwgs-pfirsichholz-litt elementor-widget elementor-widget-html\" data-id=\"iwgs-pfirsichholz-litt\" data-element_type=\"widget\" data-e-type=\"widget\" data-widget_type=\"html.default\">\n\t\t\t\t\t<footer data-nosnippet=\"true\"><ul><li>Wolfram Eberhard: <em>Lexikon chinesischer Symbole<\/em> (1983)<\/li><li>C. A. S. Williams: <em>Chinese Symbolism and Art Motifs<\/em> (1941)<\/li><li>Florian C. Reiter: <em>Religionen in China. Geschichte, Alltag, Kultur<\/em> (2002)<\/li><li>Wolfram Eberhard: <em>Chinese Festivals<\/em> (1952)<\/li><li>Marcel Granet: <em>Die chinesische Zivilisation<\/em> (1929)<\/li><\/ul><\/footer>\t\t\t\t<\/div>\n\t\t\t\t<\/div>\n\t\t\t\t\t<\/div>\n\t\t\t\t<\/div>\n\t\t<div class=\"elementor-element elementor-element-iwgs-pfirsichholz-kwd e-flex e-con-boxed e-con e-parent\" data-id=\"iwgs-pfirsichholz-kwd\" data-element_type=\"container\" data-e-type=\"container\">\n\t\t\t\t\t<div class=\"e-con-inner\">\n\t\t\t\t<div class=\"elementor-element elementor-element-iwgs-pfirsichholz-kwdt elementor-widget elementor-widget-text-editor\" data-id=\"iwgs-pfirsichholz-kwdt\" data-element_type=\"widget\" data-e-type=\"widget\" data-widget_type=\"text-editor.default\">\n\t\t\t\t\t\t\t\t\t<p><em>Termes clau relacionats: fusta de presseguer arbre de presseguer repel\u00b7lent de dimonis protecci\u00f3 contra esperits tauleta de fusta espasa de fusta de presseguer <span class=\"iwg-fachbegriff\" data-tooltip=\"Tradici\u00f3 religiosa i filos\u00f2fica xinesa orientada al Dao, el Cam\u00ed.\" tabindex=\"0\">Taoisme<\/span> Xina fusta protectora.<\/em><\/p>\t\t\t\t\t\t\t\t<\/div>\n\t\t\t\t\t<\/div>\n\t\t\t\t<\/div>\n\t\t<div class=\"elementor-element elementor-element-iwgs-pfirsichholz-cc e-flex e-con-boxed e-con e-parent\" data-id=\"iwgs-pfirsichholz-cc\" data-element_type=\"container\" data-e-type=\"container\" id=\"iwg-cc-pfirsichholz\">\n\t\t\t\t\t<div class=\"e-con-inner\">\n\t\t<div class=\"elementor-element elementor-element-iwgs-pfirsichholz-ccinner e-flex e-con-boxed e-con e-parent\" data-id=\"iwgs-pfirsichholz-ccinner\" data-element_type=\"container\" data-e-type=\"container\" data-settings=\"{&quot;background_background&quot;:&quot;classic&quot;}\">\n\t\t\t\t\t<div class=\"e-con-inner\">\n\t\t\t\t<div class=\"elementor-element elementor-element-iwgs-pfirsichholz-cch elementor-widget elementor-widget-heading\" data-id=\"iwgs-pfirsichholz-cch\" data-element_type=\"widget\" data-e-type=\"widget\" data-widget_type=\"heading.default\">\n\t\t\t\t\t<h2 class=\"elementor-heading-title elementor-size-default\">iWell Guard i tradicions de protecci\u00f3<\/h2>\t\t\t\t<\/div>\n\t\t\t\t<div class=\"elementor-element elementor-element-iwgs-pfirsichholz-cct elementor-widget elementor-widget-text-editor\" data-id=\"iwgs-pfirsichholz-cct\" data-element_type=\"widget\" data-e-type=\"widget\" data-widget_type=\"text-editor.default\">\n\t\t\t\t\t\t\t\t\t<p>iWell Guard s&#8217;inscriu en la l\u00ednia cultural i hist\u00f2rica dels objectes de protecci\u00f3 port\u00e0tils, a la qual pertany tamb\u00e9 la fusta de presseguer. Un company modern per a persones que viuen amb s\u00edmbols de protecci\u00f3: fabricat a Alemanya, 41 capes d&#8217;or fi, plat\u00ed i plata, amb dret de devoluci\u00f3 de 30 dies.<\/p>\t\t\t\t\t\t\t\t<\/div>\n\t\t\t\t<div class=\"elementor-element elementor-element-iwgs-pfirsichholz-ccb iwg-cc-button iwg-cc-cta-2026-05-13 elementor-widget elementor-widget-jet-button\" data-id=\"iwgs-pfirsichholz-ccb\" data-element_type=\"widget\" data-e-type=\"widget\" data-widget_type=\"jet-button.default\">\n\t\t\t\t<div class=\"elementor-widget-container\">\n\t\t\t\t\t<div class=\"elementor-jet-button jet-elements\"><div class=\"jet-button__container\"><a class=\"jet-button__instance jet-button__instance--icon-left hover-effect-1\" href=\"\/schutzanhaenger-iwell-guard-kaufen\/?utm_source=iwell-guard.com&amp;utm_medium=info-box&amp;utm_campaign=schutzsymbole\"><div class=\"jet-button__plane jet-button__plane-normal\"><\/div><div class=\"jet-button__plane jet-button__plane-hover\"><\/div><div class=\"jet-button__state jet-button__state-normal\"><span class=\"jet-button__label\">M\u00e9s informaci\u00f3 sobre l'iWell Guard<\/span><\/div><div class=\"jet-button__state jet-button__state-hover\"><span class=\"jet-button__label\">M\u00e9s informaci\u00f3 sobre l'iWell Guard<\/span><\/div><\/a><\/div><\/div><style>.elementor-element.elementor-element-iwgs-pfirsichholz-ccb .jet-button__instance{width:320px;height:56px;}.elementor-element.elementor-element-iwgs-pfirsichholz-ccb .jet-button__state-normal .jet-button__label{text-align:center;margin:0px 0px 0px 0px;color:#1a1b20;font-family:Montserrat,sans-serif;font-size:13px;font-weight:400;letter-spacing:4px;line-height:1.714em;text-transform:uppercase;}.elementor-element.elementor-element-iwgs-pfirsichholz-ccb .jet-button__state-hover .jet-button__label{text-align:center;margin:0px 0px 0px 0px;color:#FECC76;font-family:Montserrat,sans-serif;font-size:13px;font-weight:400;letter-spacing:4px;line-height:1.714em;text-transform:uppercase;}.elementor-element.elementor-element-iwgs-pfirsichholz-ccb .jet-button__plane-normal{background-color:#FECC76;border-style:solid;border-color:#C99540;border-width:2px 2px 2px 2px;}.elementor-element.elementor-element-iwgs-pfirsichholz-ccb .jet-button__plane-hover{background-color:rgba(0,0,0,0.55);border-style:solid;border-color:#FECC76;border-width:2px 2px 2px 2px;}<\/style>\t\t\t\t<\/div>\n\t\t\t\t<\/div>\n\t\t\t\t<div class=\"elementor-element elementor-element-iwgs-pfirsichholz-ccd elementor-widget elementor-widget-text-editor\" data-id=\"iwgs-pfirsichholz-ccd\" data-element_type=\"widget\" data-e-type=\"widget\" data-widget_type=\"text-editor.default\">\n\t\t\t\t\t\t\t\t\t<p style=\"text-align:center;font-size:13px;opacity:0.7;margin-top:14px\" data-nosnippet=\"true\">Les experi\u00e8ncies personals poden variar. No \u00e9s un producte sanitari. No es garanteix cap curaci\u00f3.<\/p>\t\t\t\t\t\t\t\t<\/div>\n\t\t\t\t\t<\/div>\n\t\t\t\t<\/div>\n\t\t\t\t\t<\/div>\n\t\t\t\t<\/div>\n\t\t<div class=\"elementor-element elementor-element-iwgs-pfirsichholz-disc e-flex e-con-boxed e-con e-parent\" data-id=\"iwgs-pfirsichholz-disc\" data-element_type=\"container\" data-e-type=\"container\">\n\t\t\t\t\t<div class=\"e-con-inner\">\n\t\t\t\t<div class=\"elementor-element elementor-element-iwgs-pfirsichholz-discw elementor-widget elementor-widget-html\" data-id=\"iwgs-pfirsichholz-discw\" data-element_type=\"widget\" data-e-type=\"widget\" data-widget_type=\"html.default\">\n\t\t\t\t\t<footer data-nosnippet=\"true\" class=\"iwg-disclaimer-block\"><p data-nosnippet=\"true\">iWell Guard <strong>no \u00e9s un producte sanitari<\/strong> i no substitueix cap tractament m\u00e8dic o psicoterap\u00e8utic. Els continguts presentats aqu\u00ed s\u00f3n una contextualitzaci\u00f3 des de la ci\u00e8ncia de les religions i la hist\u00f2ria cultural, no una promesa d'efecte espiritual.<\/p><\/footer>\t\t\t\t<\/div>\n\t\t\t\t\t<\/div>\n\t\t\t\t<\/div>\n\t\t\t\t<\/div>\n\t\t","protected":false},"excerpt":{"rendered":"","protected":false},"author":3,"featured_media":3539,"parent":0,"menu_order":0,"comment_status":"closed","ping_status":"closed","template":"elementor_header_footer","meta":{"_yoast_wpseo_focuskw":"Fusta de pr\u00e9ssec","_yoast_wpseo_title":"Fusta de pr\u00e9ssec: fusta que allunya els dimonis a la Xina","_yoast_wpseo_metadesc":"La fusta de pr\u00e9ssec es considera a la Xina protectora contra els dimonis. Tauletes i talles de fusta de pr\u00e9ssec serveixen de protecci\u00f3. Significat explicat.","_yoast_wpseo_meta-robots-noindex":"","_yoast_wpseo_canonical":"","_angie_page":false,"gefaehrdungsstufe":"","wesen_kultur":"","wesen_klasse":"","footnotes":""},"categories":[],"class_list":["post-171952","page","type-page","status-publish","has-post-thumbnail","hentry"],"yoast_head":"<!-- This site is optimized with the Yoast SEO Premium plugin v27.7 (Yoast SEO v28.3) - https:\/\/yoast.com\/product\/yoast-seo-premium-wordpress\/ -->\n<title>Fusta de pr\u00e9ssec: fusta que allunya els dimonis a la Xina<\/title>\n<meta name=\"description\" content=\"La fusta de pr\u00e9ssec es considera a la Xina protectora contra els dimonis. Tauletes i talles de fusta de pr\u00e9ssec serveixen de protecci\u00f3. Significat explicat.\" \/>\n<meta name=\"robots\" content=\"index, follow, max-snippet:-1, max-image-preview:large, max-video-preview:-1\" \/>\n<link rel=\"canonical\" href=\"https:\/\/iwell-guard.com\/ca\/fusta-de-presseguer-xina-dimonis\/\" \/>\n<meta property=\"og:locale\" content=\"ca_ES\" \/>\n<meta property=\"og:type\" content=\"article\" \/>\n<meta property=\"og:title\" content=\"Fusta de pr\u00e9ssec: la fusta que allunya els dimonis a la Xina\" \/>\n<meta property=\"og:description\" content=\"La fusta de pr\u00e9ssec es considera a la Xina protectora contra els dimonis. Tauletes i talles de fusta de pr\u00e9ssec serveixen de protecci\u00f3. Significat explicat.\" \/>\n<meta property=\"og:url\" content=\"https:\/\/iwell-guard.com\/ca\/fusta-de-presseguer-xina-dimonis\/\" \/>\n<meta property=\"og:site_name\" content=\"iWell Guard\" \/>\n<meta property=\"article:modified_time\" content=\"2026-09-05T16:11:30+00:00\" \/>\n<meta property=\"og:image\" content=\"https:\/\/iwell-guard.com\/wp-content\/uploads\/2026\/05\/schutzsymbol_china_pfirsichholz.webp\" \/>\n\t<meta property=\"og:image:width\" content=\"1024\" \/>\n\t<meta property=\"og:image:height\" content=\"1536\" \/>\n\t<meta property=\"og:image:type\" content=\"image\/webp\" \/>\n<meta name=\"twitter:card\" content=\"summary_large_image\" \/>\n<script type=\"application\/ld+json\" class=\"yoast-schema-graph\">{\"@context\":\"https:\\\/\\\/schema.org\",\"@graph\":[{\"@type\":\"WebPage\",\"@id\":\"https:\\\/\\\/iwell-guard.com\\\/ca\\\/fusta-de-presseguer-xina-dimonis\\\/\",\"url\":\"https:\\\/\\\/iwell-guard.com\\\/ca\\\/fusta-de-presseguer-xina-dimonis\\\/\",\"name\":\"Fusta de pr\u00e9ssec: fusta que allunya els dimonis a la Xina\",\"isPartOf\":{\"@id\":\"https:\\\/\\\/iwell-guard.com\\\/ca\\\/#website\"},\"primaryImageOfPage\":{\"@id\":\"https:\\\/\\\/iwell-guard.com\\\/ca\\\/fusta-de-presseguer-xina-dimonis\\\/#primaryimage\"},\"image\":{\"@id\":\"https:\\\/\\\/iwell-guard.com\\\/ca\\\/fusta-de-presseguer-xina-dimonis\\\/#primaryimage\"},\"thumbnailUrl\":\"https:\\\/\\\/iwell-guard.com\\\/wp-content\\\/uploads\\\/2026\\\/05\\\/schutzsymbol_china_pfirsichholz.webp\",\"datePublished\":\"2026-09-05T15:43:50+00:00\",\"dateModified\":\"2026-09-05T16:11:30+00:00\",\"description\":\"La fusta de pr\u00e9ssec es considera a la Xina protectora contra els dimonis. Tauletes i talles de fusta de pr\u00e9ssec serveixen de protecci\u00f3. Significat explicat.\",\"breadcrumb\":{\"@id\":\"https:\\\/\\\/iwell-guard.com\\\/ca\\\/fusta-de-presseguer-xina-dimonis\\\/#breadcrumb\"},\"inLanguage\":\"ca\",\"potentialAction\":[{\"@type\":\"ReadAction\",\"target\":[\"https:\\\/\\\/iwell-guard.com\\\/ca\\\/fusta-de-presseguer-xina-dimonis\\\/\"]}]},{\"@type\":\"ImageObject\",\"inLanguage\":\"ca\",\"@id\":\"https:\\\/\\\/iwell-guard.com\\\/ca\\\/fusta-de-presseguer-xina-dimonis\\\/#primaryimage\",\"url\":\"https:\\\/\\\/iwell-guard.com\\\/wp-content\\\/uploads\\\/2026\\\/05\\\/schutzsymbol_china_pfirsichholz.webp\",\"contentUrl\":\"https:\\\/\\\/iwell-guard.com\\\/wp-content\\\/uploads\\\/2026\\\/05\\\/schutzsymbol_china_pfirsichholz.webp\",\"width\":1024,\"height\":1536,\"caption\":\"S\u00edmbol de protecci\u00f3. Il\u00b7lustraci\u00f3 muse\u00edstica de bodeg\u00f3.\"},{\"@type\":\"BreadcrumbList\",\"@id\":\"https:\\\/\\\/iwell-guard.com\\\/ca\\\/fusta-de-presseguer-xina-dimonis\\\/#breadcrumb\",\"itemListElement\":[{\"@type\":\"ListItem\",\"position\":1,\"name\":\"Start\",\"item\":\"https:\\\/\\\/iwell-guard.com\\\/ca\\\/?page_id=171333\"},{\"@type\":\"ListItem\",\"position\":2,\"name\":\"Fusta de pr\u00e9ssec: la fusta que allunya els dimonis a la Xina\"}]},{\"@type\":\"WebSite\",\"@id\":\"https:\\\/\\\/iwell-guard.com\\\/ca\\\/#website\",\"url\":\"https:\\\/\\\/iwell-guard.com\\\/ca\\\/\",\"name\":\"iWell Guard\",\"description\":\"Schutz vor dunklen Einfl\u00fcssen\",\"publisher\":{\"@id\":\"https:\\\/\\\/iwell-guard.com\\\/ca\\\/#organization\"},\"potentialAction\":[{\"@type\":\"SearchAction\",\"target\":{\"@type\":\"EntryPoint\",\"urlTemplate\":\"https:\\\/\\\/iwell-guard.com\\\/ca\\\/?s={search_term_string}\"},\"query-input\":{\"@type\":\"PropertyValueSpecification\",\"valueRequired\":true,\"valueName\":\"search_term_string\"}}],\"inLanguage\":\"ca\"},{\"@type\":\"Organization\",\"@id\":\"https:\\\/\\\/iwell-guard.com\\\/ca\\\/#organization\",\"name\":\"Ittermann electronic GmbH\",\"url\":\"https:\\\/\\\/iwell-guard.com\\\/ca\\\/\",\"logo\":{\"@type\":\"ImageObject\",\"inLanguage\":\"ca\",\"@id\":\"https:\\\/\\\/iwell-guard.com\\\/ca\\\/#\\\/schema\\\/logo\\\/image\\\/\",\"url\":\"https:\\\/\\\/iwell-guard.com\\\/wp-content\\\/uploads\\\/2026\\\/05\\\/Ittermann-Logo-1182x237-1.png\",\"contentUrl\":\"https:\\\/\\\/iwell-guard.com\\\/wp-content\\\/uploads\\\/2026\\\/05\\\/Ittermann-Logo-1182x237-1.png\",\"width\":1182,\"height\":237,\"caption\":\"Ittermann electronic GmbH\"},\"image\":{\"@id\":\"https:\\\/\\\/iwell-guard.com\\\/ca\\\/#\\\/schema\\\/logo\\\/image\\\/\"},\"sameAs\":[\"https:\\\/\\\/pantip.com\\\/profile\\\/9367242\",\"https:\\\/\\\/micro.blog\\\/iwellguard\",\"https:\\\/\\\/www.diggerslist.com\\\/iwellguard\\\/about\",\"https:\\\/\\\/skitterphoto.com\\\/photographers\\\/2870314\\\/iwell-guard\",\"https:\\\/\\\/iwellguard.wordpress.com\\\/2026\\\/06\\\/06\\\/iwell-guard\\\/\",\"https:\\\/\\\/hub.docker.com\\\/u\\\/iwellguard\",\"https:\\\/\\\/www.pinterest.com\\\/iwellguard\\\/\",\"https:\\\/\\\/bit.ly\\\/m\\\/iwellguard\",\"https:\\\/\\\/entre-vos-mains.alsace.eu\\\/profiles\\\/iwellguard\\\/activity\",\"https:\\\/\\\/gravatar.com\\\/reallybeded8fd34\",\"https:\\\/\\\/naijamatta.com\\\/iwellguard\",\"https:\\\/\\\/www.goodreads.com\\\/iwellguard\",\"https:\\\/\\\/profile.hatena.ne.jp\\\/iwellguard\\\/\",\"https:\\\/\\\/experiment.com\\\/users\\\/iwellguard\",\"https:\\\/\\\/wakelet.com\\\/@iWellGuard82270\",\"https:\\\/\\\/www.chordie.com\\\/forum\\\/profile.php?id=2555664\",\"https:\\\/\\\/www.instapaper.com\\\/p\\\/17757966\",\"https:\\\/\\\/www.mapleprimes.com\\\/users\\\/iwellguard\",\"https:\\\/\\\/businesslistingplus.com\\\/profile\\\/iwell-guard\\\/\",\"https:\\\/\\\/telegra.ph\\\/iWell-Guard-06-06\",\"https:\\\/\\\/pbase.com\\\/iwellguard\\\/iwellguard\",\"https:\\\/\\\/b.hatena.ne.jp\\\/iwellguard\\\/20260607#bookmark-4788405196491818882\",\"https:\\\/\\\/fliphtml5.com\\\/home\\\/iwellguard\",\"https:\\\/\\\/anyflip.com\\\/homepage\\\/cmiwl#About\",\"https:\\\/\\\/transfur.com\\\/Users\\\/iwellguard\",\"http:\\\/\\\/delphi.larsbo.org\\\/user\\\/iwellguard\",\"https:\\\/\\\/jobs.lajobsportal.org\\\/profiles\\\/8380803-iwell-guard\",\"https:\\\/\\\/md.chaosdorf.de\\\/s\\\/jfbe5SBdJD\",\"https:\\\/\\\/www.lingvolive.com\\\/en-us\\\/profile\\\/9ecaeaca-ce11-4e51-9e71-01d55e2bff36\\\/translations\",\"https:\\\/\\\/www.fitday.com\\\/fitness\\\/forums\\\/members\\\/iwellguard.html\",\"https:\\\/\\\/www.mymeetbook.com\\\/iwellguard\",\"https:\\\/\\\/pxhere.com\\\/en\\\/photographer-me\\\/5040798\",\"https:\\\/\\\/disqus.com\\\/by\\\/iwellguard\\\/about\\\/\",\"https:\\\/\\\/pastelink.net\\\/hjwciqwq\",\"https:\\\/\\\/pubhtml5.com\\\/homepage\\\/scjhn\\\/\",\"https:\\\/\\\/www.bitchute.com\\\/channel\\\/2O2eOKzNqujT\",\"https:\\\/\\\/audiomack.com\\\/iwellguard\"]}]}<\/script>\n<!-- \/ Yoast SEO Premium plugin. -->","yoast_head_json":{"title":"Fusta de pr\u00e9ssec: fusta que allunya els dimonis a la Xina","description":"La fusta de pr\u00e9ssec es considera a la Xina protectora contra els dimonis. Tauletes i talles de fusta de pr\u00e9ssec serveixen de protecci\u00f3. Significat explicat.","robots":{"index":"index","follow":"follow","max-snippet":"max-snippet:-1","max-image-preview":"max-image-preview:large","max-video-preview":"max-video-preview:-1"},"canonical":"https:\/\/iwell-guard.com\/ca\/fusta-de-presseguer-xina-dimonis\/","og_locale":"ca_ES","og_type":"article","og_title":"Fusta de pr\u00e9ssec: la fusta que allunya els dimonis a la Xina","og_description":"La fusta de pr\u00e9ssec es considera a la Xina protectora contra els dimonis. Tauletes i talles de fusta de pr\u00e9ssec serveixen de protecci\u00f3. Significat explicat.","og_url":"https:\/\/iwell-guard.com\/ca\/fusta-de-presseguer-xina-dimonis\/","og_site_name":"iWell Guard","article_modified_time":"2026-09-05T16:11:30+00:00","og_image":[{"width":1024,"height":1536,"url":"https:\/\/iwell-guard.com\/wp-content\/uploads\/2026\/05\/schutzsymbol_china_pfirsichholz.webp","type":"image\/webp"}],"twitter_card":"summary_large_image","schema":{"@context":"https:\/\/schema.org","@graph":[{"@type":"WebPage","@id":"https:\/\/iwell-guard.com\/ca\/fusta-de-presseguer-xina-dimonis\/","url":"https:\/\/iwell-guard.com\/ca\/fusta-de-presseguer-xina-dimonis\/","name":"Fusta de pr\u00e9ssec: fusta que allunya els dimonis a la Xina","isPartOf":{"@id":"https:\/\/iwell-guard.com\/ca\/#website"},"primaryImageOfPage":{"@id":"https:\/\/iwell-guard.com\/ca\/fusta-de-presseguer-xina-dimonis\/#primaryimage"},"image":{"@id":"https:\/\/iwell-guard.com\/ca\/fusta-de-presseguer-xina-dimonis\/#primaryimage"},"thumbnailUrl":"https:\/\/iwell-guard.com\/wp-content\/uploads\/2026\/05\/schutzsymbol_china_pfirsichholz.webp","datePublished":"2026-09-05T15:43:50+00:00","dateModified":"2026-09-05T16:11:30+00:00","description":"La fusta de pr\u00e9ssec es considera a la Xina protectora contra els dimonis. Tauletes i talles de fusta de pr\u00e9ssec serveixen de protecci\u00f3. Significat explicat.","breadcrumb":{"@id":"https:\/\/iwell-guard.com\/ca\/fusta-de-presseguer-xina-dimonis\/#breadcrumb"},"inLanguage":"ca","potentialAction":[{"@type":"ReadAction","target":["https:\/\/iwell-guard.com\/ca\/fusta-de-presseguer-xina-dimonis\/"]}]},{"@type":"ImageObject","inLanguage":"ca","@id":"https:\/\/iwell-guard.com\/ca\/fusta-de-presseguer-xina-dimonis\/#primaryimage","url":"https:\/\/iwell-guard.com\/wp-content\/uploads\/2026\/05\/schutzsymbol_china_pfirsichholz.webp","contentUrl":"https:\/\/iwell-guard.com\/wp-content\/uploads\/2026\/05\/schutzsymbol_china_pfirsichholz.webp","width":1024,"height":1536,"caption":"S\u00edmbol de protecci\u00f3. Il\u00b7lustraci\u00f3 muse\u00edstica de bodeg\u00f3."},{"@type":"BreadcrumbList","@id":"https:\/\/iwell-guard.com\/ca\/fusta-de-presseguer-xina-dimonis\/#breadcrumb","itemListElement":[{"@type":"ListItem","position":1,"name":"Start","item":"https:\/\/iwell-guard.com\/ca\/?page_id=171333"},{"@type":"ListItem","position":2,"name":"Fusta de pr\u00e9ssec: la fusta que allunya els dimonis a la Xina"}]},{"@type":"WebSite","@id":"https:\/\/iwell-guard.com\/ca\/#website","url":"https:\/\/iwell-guard.com\/ca\/","name":"iWell Guard","description":"Schutz vor dunklen Einfl\u00fcssen","publisher":{"@id":"https:\/\/iwell-guard.com\/ca\/#organization"},"potentialAction":[{"@type":"SearchAction","target":{"@type":"EntryPoint","urlTemplate":"https:\/\/iwell-guard.com\/ca\/?s={search_term_string}"},"query-input":{"@type":"PropertyValueSpecification","valueRequired":true,"valueName":"search_term_string"}}],"inLanguage":"ca"},{"@type":"Organization","@id":"https:\/\/iwell-guard.com\/ca\/#organization","name":"Ittermann electronic GmbH","url":"https:\/\/iwell-guard.com\/ca\/","logo":{"@type":"ImageObject","inLanguage":"ca","@id":"https:\/\/iwell-guard.com\/ca\/#\/schema\/logo\/image\/","url":"https:\/\/iwell-guard.com\/wp-content\/uploads\/2026\/05\/Ittermann-Logo-1182x237-1.png","contentUrl":"https:\/\/iwell-guard.com\/wp-content\/uploads\/2026\/05\/Ittermann-Logo-1182x237-1.png","width":1182,"height":237,"caption":"Ittermann electronic GmbH"},"image":{"@id":"https:\/\/iwell-guard.com\/ca\/#\/schema\/logo\/image\/"},"sameAs":["https:\/\/pantip.com\/profile\/9367242","https:\/\/micro.blog\/iwellguard","https:\/\/www.diggerslist.com\/iwellguard\/about","https:\/\/skitterphoto.com\/photographers\/2870314\/iwell-guard","https:\/\/iwellguard.wordpress.com\/2026\/06\/06\/iwell-guard\/","https:\/\/hub.docker.com\/u\/iwellguard","https:\/\/www.pinterest.com\/iwellguard\/","https:\/\/bit.ly\/m\/iwellguard","https:\/\/entre-vos-mains.alsace.eu\/profiles\/iwellguard\/activity","https:\/\/gravatar.com\/reallybeded8fd34","https:\/\/naijamatta.com\/iwellguard","https:\/\/www.goodreads.com\/iwellguard","https:\/\/profile.hatena.ne.jp\/iwellguard\/","https:\/\/experiment.com\/users\/iwellguard","https:\/\/wakelet.com\/@iWellGuard82270","https:\/\/www.chordie.com\/forum\/profile.php?id=2555664","https:\/\/www.instapaper.com\/p\/17757966","https:\/\/www.mapleprimes.com\/users\/iwellguard","https:\/\/businesslistingplus.com\/profile\/iwell-guard\/","https:\/\/telegra.ph\/iWell-Guard-06-06","https:\/\/pbase.com\/iwellguard\/iwellguard","https:\/\/b.hatena.ne.jp\/iwellguard\/20260607#bookmark-4788405196491818882","https:\/\/fliphtml5.com\/home\/iwellguard","https:\/\/anyflip.com\/homepage\/cmiwl#About","https:\/\/transfur.com\/Users\/iwellguard","http:\/\/delphi.larsbo.org\/user\/iwellguard","https:\/\/jobs.lajobsportal.org\/profiles\/8380803-iwell-guard","https:\/\/md.chaosdorf.de\/s\/jfbe5SBdJD","https:\/\/www.lingvolive.com\/en-us\/profile\/9ecaeaca-ce11-4e51-9e71-01d55e2bff36\/translations","https:\/\/www.fitday.com\/fitness\/forums\/members\/iwellguard.html","https:\/\/www.mymeetbook.com\/iwellguard","https:\/\/pxhere.com\/en\/photographer-me\/5040798","https:\/\/disqus.com\/by\/iwellguard\/about\/","https:\/\/pastelink.net\/hjwciqwq","https:\/\/pubhtml5.com\/homepage\/scjhn\/","https:\/\/www.bitchute.com\/channel\/2O2eOKzNqujT","https:\/\/audiomack.com\/iwellguard"]}]}},"_links":{"self":[{"href":"https:\/\/iwell-guard.com\/ca\/wp-json\/wp\/v2\/pages\/171952","targetHints":{"allow":["GET"]}}],"collection":[{"href":"https:\/\/iwell-guard.com\/ca\/wp-json\/wp\/v2\/pages"}],"about":[{"href":"https:\/\/iwell-guard.com\/ca\/wp-json\/wp\/v2\/types\/page"}],"author":[{"embeddable":true,"href":"https:\/\/iwell-guard.com\/ca\/wp-json\/wp\/v2\/users\/3"}],"replies":[{"embeddable":true,"href":"https:\/\/iwell-guard.com\/ca\/wp-json\/wp\/v2\/comments?post=171952"}],"version-history":[{"count":0,"href":"https:\/\/iwell-guard.com\/ca\/wp-json\/wp\/v2\/pages\/171952\/revisions"}],"wp:featuredmedia":[{"embeddable":true,"href":"https:\/\/iwell-guard.com\/ca\/wp-json\/wp\/v2\/media\/3539"}],"wp:attachment":[{"href":"https:\/\/iwell-guard.com\/ca\/wp-json\/wp\/v2\/media?parent=171952"}],"wp:term":[{"taxonomy":"category","embeddable":true,"href":"https:\/\/iwell-guard.com\/ca\/wp-json\/wp\/v2\/categories?post=171952"}],"curies":[{"name":"wp","href":"https:\/\/api.w.org\/{rel}","templated":true}]}}