{"id":171951,"date":"2026-09-05T15:43:49","date_gmt":"2026-09-05T15:43:49","guid":{"rendered":"https:\/\/iwell-guard.com\/?page_id=171951"},"modified":"2026-09-05T16:11:30","modified_gmt":"2026-09-05T16:11:30","slug":"menshen-deus-xinesos-de-la-porta","status":"publish","type":"page","link":"https:\/\/iwell-guard.com\/ca\/menshen-deus-xinesos-de-la-porta\/","title":{"rendered":"Menshen \u2013 els d\u00e9us xinesos de la porta"},"content":{"rendered":"\t\t<div data-elementor-type=\"wp-page\" data-elementor-id=\"171951\" class=\"elementor elementor-171951 elementor-3690 elementor-bc-flex-widget\" data-elementor-post-type=\"page\">\n\t\t\t\t<div class=\"elementor-element elementor-element-iwgs-tuergoetter-hero e-flex e-con-boxed e-con e-parent\" data-id=\"iwgs-tuergoetter-hero\" data-element_type=\"container\" data-e-type=\"container\">\n\t\t\t\t\t<div class=\"e-con-inner\">\n\t\t<div class=\"elementor-element elementor-element-iwgs-tuergoetter-hl e-flex e-con-boxed e-con e-parent\" data-id=\"iwgs-tuergoetter-hl\" data-element_type=\"container\" data-e-type=\"container\">\n\t\t\t\t\t<div class=\"e-con-inner\">\n\t\t<div class=\"elementor-element elementor-element-iwgs-tuergoetter-hlbox e-con-full e-flex e-con e-parent\" data-id=\"iwgs-tuergoetter-hlbox\" data-element_type=\"container\" data-e-type=\"container\">\n\t\t\t\t<div class=\"elementor-element elementor-element-iwgs-tuergoetter-h1 elementor-widget elementor-widget-heading\" data-id=\"iwgs-tuergoetter-h1\" data-element_type=\"widget\" data-e-type=\"widget\" data-widget_type=\"heading.default\">\n\t\t\t\t\t<h1 class=\"elementor-heading-title elementor-size-default\">Menshen \u2013 els d\u00e9us de la porta i les seves imatges protectores a les portes d'entrada<\/h1>\t\t\t\t<\/div>\n\t\t\t\t<div class=\"elementor-element elementor-element-iwgs-tuergoetter-lead elementor-widget elementor-widget-text-editor\" data-id=\"iwgs-tuergoetter-lead\" data-element_type=\"widget\" data-e-type=\"widget\" data-widget_type=\"text-editor.default\">\n\t\t\t\t\t\t\t\t\t<p>Els Menshen s\u00f3n els d\u00e9us de la porta de la religi\u00f3 popular xinesa. Les seves imatges protectores es col\u00b7loquen en parella als dos batents de la porta d&#8217;entrada. Com a guardians del llindar, han d&#8217;allunyar de la casa els esperits nocius i la desgr\u00e0cia.<\/p>\t\t\t\t\t\t\t\t<\/div>\n\t\t\t\t<\/div>\n\t\t\t\t<div class=\"elementor-element elementor-element-iwgs-tuergoetter-pills elementor-widget elementor-widget-html\" data-id=\"iwgs-tuergoetter-pills\" data-element_type=\"widget\" data-e-type=\"widget\" data-widget_type=\"html.default\">\n\t\t\t\t\t<div class=\"iwg-pill-row\"><span class=\"iwg-klasse-badge\" tabindex=\"0\" data-tooltip=\"S\u00edmbol protector, amulet o objecte apotropaic.\">S\u00edmbol protector<\/span><a href=\"https:\/\/iwell-guard.com\/ca\/china\/\" class=\"iwg-kultur-badge\" tabindex=\"0\" data-tooltip=\"Tradici\u00f3 protectora: Xina\">Xina<\/a><span class=\"iwg-tradition-badge\" tabindex=\"0\" data-tooltip=\"Un senyal protector col\u00b7locat a la porta.\">Protecci\u00f3 de la porta<\/span><\/div>\t\t\t\t<\/div>\n\t\t\t\t\t<\/div>\n\t\t\t\t<\/div>\n\t\t<div class=\"elementor-element elementor-element-iwgs-tuergoetter-hr e-con-full e-flex e-con e-parent\" data-id=\"iwgs-tuergoetter-hr\" data-element_type=\"container\" data-e-type=\"container\">\n\t\t\t\t<div class=\"elementor-element elementor-element-iwgs-tuergoetter-himg iwg-hero-image elementor-widget elementor-widget-image\" data-id=\"iwgs-tuergoetter-himg\" data-element_type=\"widget\" data-e-type=\"widget\" data-widget_type=\"image.default\">\n\t\t\t\t\t\t\t\t\t\t\t\t\t\t\t<img fetchpriority=\"high\" decoding=\"async\" width=\"683\" height=\"1024\" src=\"https:\/\/iwell-guard.com\/wp-content\/uploads\/2026\/05\/schutzsymbol_china_tuergoetter-683x1024.webp\" class=\"attachment-large size-large wp-image-3538\" alt=\"Menshen \u2013 els d\u00e9us xinesos de la porta\" srcset=\"https:\/\/iwell-guard.com\/wp-content\/uploads\/2026\/05\/schutzsymbol_china_tuergoetter-683x1024.webp 683w, https:\/\/iwell-guard.com\/wp-content\/uploads\/2026\/05\/schutzsymbol_china_tuergoetter-200x300.webp 200w, https:\/\/iwell-guard.com\/wp-content\/uploads\/2026\/05\/schutzsymbol_china_tuergoetter-768x1152.webp 768w, https:\/\/iwell-guard.com\/wp-content\/uploads\/2026\/05\/schutzsymbol_china_tuergoetter.webp 1024w\" sizes=\"(max-width: 683px) 100vw, 683px\" \/>\t\t\t\t\t\t\t\t\t\t\t\t\t\t\t<\/div>\n\t\t\t\t<\/div>\n\t\t\t\t\t<\/div>\n\t\t\t\t<\/div>\n\t\t<div class=\"elementor-element elementor-element-iwgs-tuergoetter-s0 e-flex e-con-boxed e-con e-parent\" data-id=\"iwgs-tuergoetter-s0\" data-element_type=\"container\" data-e-type=\"container\">\n\t\t\t\t\t<div class=\"e-con-inner\">\n\t\t\t\t<div class=\"elementor-element elementor-element-iwgs-tuergoetter-s0h elementor-widget elementor-widget-heading\" data-id=\"iwgs-tuergoetter-s0h\" data-element_type=\"widget\" data-e-type=\"widget\" data-widget_type=\"heading.default\">\n\t\t\t\t\t<h2 class=\"elementor-heading-title elementor-size-default\">Introducci\u00f3<\/h2>\t\t\t\t<\/div>\n\t\t<div class=\"elementor-element elementor-element-iwgs-tuergoetter-s0box e-con-full e-flex e-con e-parent\" data-id=\"iwgs-tuergoetter-s0box\" data-element_type=\"container\" data-e-type=\"container\">\n\t\t\t\t<div class=\"elementor-element elementor-element-iwgs-tuergoetter-s0t elementor-widget elementor-widget-text-editor\" data-id=\"iwgs-tuergoetter-s0t\" data-element_type=\"widget\" data-e-type=\"widget\" data-widget_type=\"text-editor.default\">\n\t\t\t\t\t\t\t\t\t<p>Els Menshen s\u00f3n els d\u00e9us de la porta de la religi\u00f3 popular de <a href=\"https:\/\/iwell-guard.com\/ca\/china\/\">la Xina<\/a>. La paraula xinesa que els designa significa aproximadament d\u00e9us de la porta.<\/p><p>Els Menshen no s\u00f3n una \u00fanica <span class=\"iwg-fachbegriff\" data-tooltip=\"Un \u00e9sser venerat com a div\u00ed dins d'una religi\u00f3.\" tabindex=\"0\">divinitat<\/span>, sin\u00f3 un grup de figures protectores associades a la porta. Diverses figures poden assumir la funci\u00f3 de d\u00e9us de la porta.<\/p><p>A la pr\u00e0ctica, els d\u00e9us de la porta apareixen sobretot com a imatges. Aquestes imatges es col\u00b7loquen als dos batents de la porta d&#8217;entrada, una figura a cada batent.<\/p><p>La funci\u00f3 dels Menshen \u00e9s protegir el llindar. Com a guardians de la porta, han d&#8217;evitar que els esperits nocius i la desgr\u00e0cia entrin a la casa.<\/p><p>En l&#8217;\u00e0mbit de la <span class=\"iwg-fachbegriff\" data-tooltip=\"La ci\u00e8ncia que estudia les religions de manera comparativa i sense vincle confessional.\" tabindex=\"0\">ci\u00e8ncia de les religions<\/span>, els Menshen s\u00f3n un bon exemple de protecci\u00f3 del llindar. La porta \u00e9s la frontera entre l&#8217;exterior i l&#8217;interior, i es protegeix mitjan\u00e7ant figures protectores pr\u00f2pies.<\/p><p>Aquesta p\u00e0gina presenta els Menshen com a protecci\u00f3 de la porta. Descriu el seu origen, la seva forma i el seu \u00fas, i els situa dins la tradici\u00f3 protectora de la Xina.<\/p>\t\t\t\t\t\t\t\t<\/div>\n\t\t\t\t<\/div>\n\t\t\t\t\t<\/div>\n\t\t\t\t<\/div>\n\t\t<div class=\"elementor-element elementor-element-iwgs-tuergoetter-s1 e-flex e-con-boxed e-con e-parent\" data-id=\"iwgs-tuergoetter-s1\" data-element_type=\"container\" data-e-type=\"container\">\n\t\t\t\t\t<div class=\"e-con-inner\">\n\t\t\t\t<div class=\"elementor-element elementor-element-iwgs-tuergoetter-s1h elementor-widget elementor-widget-heading\" data-id=\"iwgs-tuergoetter-s1h\" data-element_type=\"widget\" data-e-type=\"widget\" data-widget_type=\"heading.default\">\n\t\t\t\t\t<h2 class=\"elementor-heading-title elementor-size-default\">La porta com a llindar protegit<\/h2>\t\t\t\t<\/div>\n\t\t<div class=\"elementor-element elementor-element-iwgs-tuergoetter-s1box e-con-full e-flex e-con e-parent\" data-id=\"iwgs-tuergoetter-s1box\" data-element_type=\"container\" data-e-type=\"container\">\n\t\t\t\t<div class=\"elementor-element elementor-element-iwgs-tuergoetter-s1t elementor-widget elementor-widget-text-editor\" data-id=\"iwgs-tuergoetter-s1t\" data-element_type=\"widget\" data-e-type=\"widget\" data-widget_type=\"text-editor.default\">\n\t\t\t\t\t\t\t\t\t<p>Els Menshen nom\u00e9s es poden entendre si es coneix el significat de la porta. La porta \u00e9s m\u00e9s que un simple pas.<\/p><p>La porta \u00e9s la frontera entre l&#8217;exterior i l&#8217;interior, entre el m\u00f3n de fora i l&#8217;espai protegit de la casa. En aquest l\u00edmit es decideix qui i qu\u00e8 pot entrar a la casa.<\/p><p>Precisament en aquest punt la casa es considerava vulnerable. On alguna cosa pot entrar, tamb\u00e9 pot entrar la desgr\u00e0cia. El llindar \u00e9s, per tant, un lloc que requereix una protecci\u00f3 especial.<\/p><p>Aquesta idea no es limita a la Xina. Moltes cultures tenen una protecci\u00f3 pr\u00f2pia de la porta i del llindar, mitjan\u00e7ant signes, objectes o figures protectores.<\/p><p>A la Xina, aquesta protecci\u00f3 del llindar s&#8217;ha desenvolupat d&#8217;una manera especialment rica. A m\u00e9s dels Menshen, hi formen part talismans a la porta, f\u00f3rmules protectores i altres senyals.<\/p><p>Els Menshen s\u00f3n la forma m\u00e9s important d&#8217;aquesta protecci\u00f3 de la porta. Com a d\u00e9us de la porta, tenen la funci\u00f3 espec\u00edfica de vigilar i assegurar el llindar vulnerable de la casa.<\/p>\t\t\t\t\t\t\t\t<\/div>\n\t\t\t\t<\/div>\n\t\t\t\t\t<\/div>\n\t\t\t\t<\/div>\n\t\t<div class=\"elementor-element elementor-element-iwgs-tuergoetter-s2 e-flex e-con-boxed e-con e-parent\" data-id=\"iwgs-tuergoetter-s2\" data-element_type=\"container\" data-e-type=\"container\">\n\t\t\t\t\t<div class=\"e-con-inner\">\n\t\t\t\t<div class=\"elementor-element elementor-element-iwgs-tuergoetter-s2h elementor-widget elementor-widget-heading\" data-id=\"iwgs-tuergoetter-s2h\" data-element_type=\"widget\" data-e-type=\"widget\" data-widget_type=\"heading.default\">\n\t\t\t\t\t<h2 class=\"elementor-heading-title elementor-size-default\">Origen dels d\u00e9us de la porta<\/h2>\t\t\t\t<\/div>\n\t\t<div class=\"elementor-element elementor-element-iwgs-tuergoetter-s2box e-con-full e-flex e-con e-parent\" data-id=\"iwgs-tuergoetter-s2box\" data-element_type=\"container\" data-e-type=\"container\">\n\t\t\t\t<div class=\"elementor-element elementor-element-iwgs-tuergoetter-s2t elementor-widget elementor-widget-text-editor\" data-id=\"iwgs-tuergoetter-s2t\" data-element_type=\"widget\" data-e-type=\"widget\" data-widget_type=\"text-editor.default\">\n\t\t\t\t\t\t\t\t\t<p>La idea de figures protectores a la porta \u00e9s antiga a la Xina. Ja des de temps antics, la <span class=\"iwg-fachbegriff\" data-tooltip=\"La transmissi\u00f3 de coneixements i relats al llarg de generacions.\" tabindex=\"0\">tradici\u00f3<\/span> xinesa coneixia figures associades a la porta.<\/p><p>Una <span class=\"iwg-fachbegriff\" data-tooltip=\"La transmissi\u00f3 de coneixements i relats al llarg de generacions.\" tabindex=\"0\">tradici\u00f3<\/span> antiga parla de dues figures que vigilaven i neutralitzaven els esperits nocius. Les seves imatges o noms es col\u00b7locaven a la porta per protegir la casa.<\/p><p>Amb el temps, s&#8217;hi van afegir m\u00e9s figures com a d\u00e9us de la porta. Sovint, personatges hist\u00f2rics o llegendaris coneguts per la seva valentia es convertien en d\u00e9us de la porta.<\/p><p>Una <span class=\"iwg-fachbegriff\" data-tooltip=\"La transmissi\u00f3 de coneixements i relats al llarg de generacions.\" tabindex=\"0\">tradici\u00f3<\/span> coneguda associa una parella de d\u00e9us de la porta amb dos valents generals. Se suposa que van servir com a guardians d&#8217;un governant, i les seves imatges a la porta havien de vetllar pel seu son.<\/p><p>Aquestes tradicions mostren un patr\u00f3 b\u00e0sic. Qui en vida era considerat un guardi\u00e0 valent podia, despr\u00e9s de la seva mort, convertir-se en un d\u00e9u de la porta i vigilar la casa des del llindar.<\/p><p>Els Menshen han crescut, doncs, a partir de diverses arrels. Antigues idees sobre guardians d&#8217;esperits i la veneraci\u00f3 de valents personatges hist\u00f2rics es van fondre en la idea dels d\u00e9us de la porta.<\/p>\t\t\t\t\t\t\t\t<\/div>\n\t\t\t\t<\/div>\n\t\t\t\t\t<\/div>\n\t\t\t\t<\/div>\n\t\t<div class=\"elementor-element elementor-element-iwgs-tuergoetter-s3 e-flex e-con-boxed e-con e-parent\" data-id=\"iwgs-tuergoetter-s3\" data-element_type=\"container\" data-e-type=\"container\">\n\t\t\t\t\t<div class=\"e-con-inner\">\n\t\t\t\t<div class=\"elementor-element elementor-element-iwgs-tuergoetter-s3h elementor-widget elementor-widget-heading\" data-id=\"iwgs-tuergoetter-s3h\" data-element_type=\"widget\" data-e-type=\"widget\" data-widget_type=\"heading.default\">\n\t\t\t\t\t<h2 class=\"elementor-heading-title elementor-size-default\">La forma de les imatges dels d\u00e9us de la porta<\/h2>\t\t\t\t<\/div>\n\t\t<div class=\"elementor-element elementor-element-iwgs-tuergoetter-s3box e-con-full e-flex e-con e-parent\" data-id=\"iwgs-tuergoetter-s3box\" data-element_type=\"container\" data-e-type=\"container\">\n\t\t\t\t<div class=\"elementor-element elementor-element-iwgs-tuergoetter-s3t elementor-widget elementor-widget-text-editor\" data-id=\"iwgs-tuergoetter-s3t\" data-element_type=\"widget\" data-e-type=\"widget\" data-widget_type=\"text-editor.default\">\n\t\t\t\t\t\t\t\t\t<p>Els Menshen apareixen sobretot com a imatges. Aquestes imatges dels d\u00e9us de la porta tenen una forma caracter\u00edstica.<\/p><p>Els d\u00e9us de la porta se solen representar com a guerrers poderosos. Porten armadura i armes i adopten una postura defensiva i imponent.<\/p><p>El seu aspecte \u00e9s impressionant i de vegades esfere\u00efdor. Amb un semblant seri\u00f3s, trets vigorosos i, de vegades, una barba llarga, han d&#8217;infondre por als esperits nocius.<\/p><p>Les imatges s\u00f3n colorides i molt elaborades. Colors intensos, sobretot el vermell, i un ornament exuberant en les vestimentes i les armadures caracteritzen les representacions.<\/p><p>Els d\u00e9us de la porta apareixen sempre en parella. A cada un dels dos batents es col\u00b7loca una figura, i sovint estan orientades l&#8217;una cap a l&#8217;altra o representades de manera sim\u00e8trica.<\/p><p>Aquesta forma de les imatges dels d\u00e9us de la porta, la parella de guerrers defensius en colors intensos, s&#8217;ha anat desenvolupant al llarg del temps. Combina l&#8217;efecte dissuasiu de la figura defensiva amb l&#8217;ornament festiu de la porta d&#8217;entrada.<\/p>\t\t\t\t\t\t\t\t<\/div>\n\t\t\t\t<\/div>\n\t\t\t\t\t<\/div>\n\t\t\t\t<\/div>\n\t\t<div class=\"elementor-element elementor-element-iwgs-tuergoetter-s4 e-flex e-con-boxed e-con e-parent\" data-id=\"iwgs-tuergoetter-s4\" data-element_type=\"container\" data-e-type=\"container\">\n\t\t\t\t\t<div class=\"e-con-inner\">\n\t\t\t\t<div class=\"elementor-element elementor-element-iwgs-tuergoetter-s4h elementor-widget elementor-widget-heading\" data-id=\"iwgs-tuergoetter-s4h\" data-element_type=\"widget\" data-e-type=\"widget\" data-widget_type=\"heading.default\">\n\t\t\t\t\t<h2 class=\"elementor-heading-title elementor-size-default\">Els d\u00e9us de la porta al llarg de l'any<\/h2>\t\t\t\t<\/div>\n\t\t<div class=\"elementor-element elementor-element-iwgs-tuergoetter-s4box e-con-full e-flex e-con e-parent\" data-id=\"iwgs-tuergoetter-s4box\" data-element_type=\"container\" data-e-type=\"container\">\n\t\t\t\t<div class=\"elementor-element elementor-element-iwgs-tuergoetter-s4t elementor-widget elementor-widget-text-editor\" data-id=\"iwgs-tuergoetter-s4t\" data-element_type=\"widget\" data-e-type=\"widget\" data-widget_type=\"text-editor.default\">\n\t\t\t\t\t\t\t\t\t<p>Els Menshen estan estretament vinculats al calendari xin\u00e8s, especialment a la festa de Cap d&#8217;Any. Col\u00b7locar les imatges dels d\u00e9us de la porta forma part dels costums del canvi d&#8217;any.<\/p><p>Per al Cap d&#8217;Any xin\u00e8s, la casa es decora i es prepara per al nou any. Aquest guarniment inclou les imatges dels d\u00e9us de la porta, que s&#8217;enganxen a la porta d&#8217;entrada.<\/p><p>Sovint les imatges es renoven en el canvi d&#8217;any. Les imatges velles de l&#8217;any anterior se substitueixen per imatges noves, perqu\u00e8 el nou any comenci sota una protecci\u00f3 fresca.<\/p><p>A m\u00e9s de les imatges dels d\u00e9us de la porta, per Cap d&#8217;Any tamb\u00e9 es col\u00b7loquen altres signes de protecci\u00f3 i de bona sort a la porta. Entre aquests hi ha tires de paper amb versos de bon auguri i altres senyals.<\/p><p>Aix\u00ed, els Menshen formen part dels costums que acompanyen el canvi d&#8217;any. Col\u00b7locar les imatges \u00e9s un acte recurrent i festiu.<\/p><p>Aquest vincle amb el calendari anual d\u00f3na als Menshen un lloc estable en la vida quotidiana. No s\u00f3n nom\u00e9s imatges protectores, sin\u00f3 tamb\u00e9 una part familiar de la cultura festiva de la Xina.<\/p>\t\t\t\t\t\t\t\t<\/div>\n\t\t\t\t<\/div>\n\t\t\t\t\t<\/div>\n\t\t\t\t<\/div>\n\t\t<div class=\"elementor-element elementor-element-iwgs-tuergoetter-s5 e-flex e-con-boxed e-con e-parent\" data-id=\"iwgs-tuergoetter-s5\" data-element_type=\"container\" data-e-type=\"container\">\n\t\t\t\t\t<div class=\"e-con-inner\">\n\t\t\t\t<div class=\"elementor-element elementor-element-iwgs-tuergoetter-s5h elementor-widget elementor-widget-heading\" data-id=\"iwgs-tuergoetter-s5h\" data-element_type=\"widget\" data-e-type=\"widget\" data-widget_type=\"heading.default\">\n\t\t\t\t\t<h2 class=\"elementor-heading-title elementor-size-default\">Els Menshen com a guardians<\/h2>\t\t\t\t<\/div>\n\t\t<div class=\"elementor-element elementor-element-iwgs-tuergoetter-s5box e-con-full e-flex e-con e-parent\" data-id=\"iwgs-tuergoetter-s5box\" data-element_type=\"container\" data-e-type=\"container\">\n\t\t\t\t<div class=\"elementor-element elementor-element-iwgs-tuergoetter-s5t elementor-widget elementor-widget-text-editor\" data-id=\"iwgs-tuergoetter-s5t\" data-element_type=\"widget\" data-e-type=\"widget\" data-widget_type=\"text-editor.default\">\n\t\t\t\t\t\t\t\t\t<p>La tasca dels Menshen \u00e9s la d&#8217;un guardi\u00e0. Es situen a la porta com a sentinelles davant d&#8217;un portal i controlen qui i qu\u00e8 hi entra.<\/p><p>L&#8217;efecte protector dels d\u00e9us de la porta es basa en la seva aparen\u00e7a bel\u00b7licosa. Com a guerrers vigorosos i armats, han d&#8217;infondre por als esperits nocius i mantenir-los allunyats de la porta.<\/p><p>Per aix\u00f2, els Menshen pertanyen als mitjans de protecci\u00f3 defensius. Actuen mitjan\u00e7ant la seva figura impressionant, de vegades esfere\u00efdora, que espanta el mal.<\/p><p>Alhora, els d\u00e9us de la porta s\u00f3n figures de veneraci\u00f3. S\u00f3n d\u00e9us de la religi\u00f3 popular, als quals l&#8217;\u00e9sser hum\u00e0 es dirigeix confiant en la seva protecci\u00f3.<\/p><p>En aquesta doble condici\u00f3, els Menshen s&#8217;assemblen als guardians de portes i llindars d&#8217;altres cultures. En molts llocs, l&#8217;entrada es protegeix mitjan\u00e7ant figures guardianes bel\u00b7licoses.<\/p><p>Els Menshen s\u00f3n la forma xinesa d&#8217;aquest guardi\u00e0 del llindar. Com a d\u00e9us de la porta, uneixen la gu\u00e0rdia dissuasiva amb la veneraci\u00f3 que es dedica a una <span class=\"iwg-fachbegriff\" data-tooltip=\"Un \u00e9sser venerat com a div\u00ed dins d'una religi\u00f3.\" tabindex=\"0\">divinitat<\/span> protectora.<\/p>\t\t\t\t\t\t\t\t<\/div>\n\t\t\t\t<\/div>\n\t\t\t\t\t<\/div>\n\t\t\t\t<\/div>\n\t\t<div class=\"elementor-element elementor-element-iwgs-tuergoetter-s6 e-flex e-con-boxed e-con e-parent\" data-id=\"iwgs-tuergoetter-s6\" data-element_type=\"container\" data-e-type=\"container\">\n\t\t\t\t\t<div class=\"e-con-inner\">\n\t\t\t\t<div class=\"elementor-element elementor-element-iwgs-tuergoetter-s6h elementor-widget elementor-widget-heading\" data-id=\"iwgs-tuergoetter-s6h\" data-element_type=\"widget\" data-e-type=\"widget\" data-widget_type=\"heading.default\">\n\t\t\t\t\t<h2 class=\"elementor-heading-title elementor-size-default\">Els d\u00e9us de la porta i altres mitjans de protecci\u00f3 de la porta<\/h2>\t\t\t\t<\/div>\n\t\t<div class=\"elementor-element elementor-element-iwgs-tuergoetter-s6box e-con-full e-flex e-con e-parent\" data-id=\"iwgs-tuergoetter-s6box\" data-element_type=\"container\" data-e-type=\"container\">\n\t\t\t\t<div class=\"elementor-element elementor-element-iwgs-tuergoetter-s6t elementor-widget elementor-widget-text-editor\" data-id=\"iwgs-tuergoetter-s6t\" data-element_type=\"widget\" data-e-type=\"widget\" data-widget_type=\"text-editor.default\">\n\t\t\t\t\t\t\t\t\t<p>Els Menshen no s\u00f3n l&#8217;\u00fanic mitj\u00e0 de protecci\u00f3 de la porta xinesa. La porta es va protegir mitjan\u00e7ant una s\u00e8rie de signes i objectes.<\/p><p>Entre aquests altres mitjans de protecci\u00f3 de la porta hi ha el mirall bagua, que sovint es col\u00b7loca sobre la porta. A la p\u00e0gina sobre el <a href=\"https:\/\/iwell-guard.com\/ca\/?page_id=171898\">mirall bagua<\/a> es presenta amb m\u00e9s detall aquest mitj\u00e0 de protecci\u00f3.<\/p><p>Igualment, les tires de cal\u00b7ligrafia amb versos de bona sort pertanyen als mitjans de protecci\u00f3 de la porta. Es col\u00b7loquen a banda i banda de la porta i uneixen la protecci\u00f3 amb el desig d&#8217;un bon any.<\/p><p>Tamb\u00e9 el <a href=\"https:\/\/iwell-guard.com\/ca\/?page_id=171947\">talism\u00e0 Fu<\/a>, el talism\u00e0 de paper daoista, es col\u00b7loca a la porta. Pertany als mitjans de protecci\u00f3 escrits del llindar.<\/p><p>Sovint s&#8217;utilitzen diversos d&#8217;aquests mitjans conjuntament. Una porta d&#8217;entrada pot dur alhora les imatges dels d\u00e9us de la porta als batents, un mirall a sobre i tires de cal\u00b7ligrafia als costats.<\/p><p>Els Menshen s\u00f3n, dins d&#8217;aquests mitjans, la forma m\u00e9s important. Mentre que els miralls i el <span class=\"iwg-fachbegriff\" data-tooltip=\"Un objecte al qual s'atribueix un efecte que porta sort o \u00e8xit.\" tabindex=\"0\">talism\u00e0<\/span> s\u00f3n sobretot signes i objectes, els d\u00e9us de la porta s\u00f3n figures protectores a les quals s&#8217;encomana espec\u00edficament la gu\u00e0rdia del llindar.<\/p>\t\t\t\t\t\t\t\t<\/div>\n\t\t\t\t<\/div>\n\t\t\t\t\t<\/div>\n\t\t\t\t<\/div>\n\t\t<div class=\"elementor-element elementor-element-iwgs-tuergoetter-s7 e-flex e-con-boxed e-con e-parent\" data-id=\"iwgs-tuergoetter-s7\" data-element_type=\"container\" data-e-type=\"container\">\n\t\t\t\t\t<div class=\"e-con-inner\">\n\t\t\t\t<div class=\"elementor-element elementor-element-iwgs-tuergoetter-s7h elementor-widget elementor-widget-heading\" data-id=\"iwgs-tuergoetter-s7h\" data-element_type=\"widget\" data-e-type=\"widget\" data-widget_type=\"heading.default\">\n\t\t\t\t\t<h2 class=\"elementor-heading-title elementor-size-default\">La protecci\u00f3 del llindar en les cultures<\/h2>\t\t\t\t<\/div>\n\t\t<div class=\"elementor-element elementor-element-iwgs-tuergoetter-s7box e-con-full e-flex e-con e-parent\" data-id=\"iwgs-tuergoetter-s7box\" data-element_type=\"container\" data-e-type=\"container\">\n\t\t\t\t<div class=\"elementor-element elementor-element-iwgs-tuergoetter-s7t elementor-widget elementor-widget-text-editor\" data-id=\"iwgs-tuergoetter-s7t\" data-element_type=\"widget\" data-e-type=\"widget\" data-widget_type=\"text-editor.default\">\n\t\t\t\t\t\t\t\t\t<p>Els Menshen es poden observar en el context m\u00e9s ampli de la protecci\u00f3 del llindar. La protecci\u00f3 de la porta \u00e9s una idea estesa que apareix en moltes cultures.<\/p><p>Nombroses cultures tenen una forma pr\u00f2pia de protecci\u00f3 de la porta i el llindar. Utilitzen per a aix\u00f2 signes, objectes o figures protectores que es col\u00b7loquen a l&#8217;entrada.<\/p><p>Sovint s\u00f3n figures guardianes bel\u00b7licoses les que protegeixen l&#8217;entrada. A temples, palaus i cases, en molts llocs hi ha figures guardianes poderoses a banda i banda de la porta.<\/p><p>Els Menshen pertanyen a aquest grup de guardians del llindar. Protegeixen la porta d&#8217;entrada, tal com en altres llocs les figures guardianes o els signes protectors protegeixen l&#8217;entrada.<\/p><p>El que \u00e9s particular dels Menshen \u00e9s la seva forma. No s\u00f3n figures pl\u00e0stiques, sin\u00f3 imatges impreses o pintades que s&#8217;enganxen en parelles als batents de la porta.<\/p><p>Els Menshen s\u00f3n, doncs, la forma xinesa de la protecci\u00f3 del llindar. Uneixen la idea estesa del guardi\u00e0 del llindar amb la pr\u00f2pia forma xinesa de la imatge aparellada dels d\u00e9us de la porta.<\/p>\t\t\t\t\t\t\t\t<\/div>\n\t\t\t\t<\/div>\n\t\t\t\t\t<\/div>\n\t\t\t\t<\/div>\n\t\t<div class=\"elementor-element elementor-element-iwgs-tuergoetter-s8 e-flex e-con-boxed e-con e-parent\" data-id=\"iwgs-tuergoetter-s8\" data-element_type=\"container\" data-e-type=\"container\">\n\t\t\t\t\t<div class=\"e-con-inner\">\n\t\t\t\t<div class=\"elementor-element elementor-element-iwgs-tuergoetter-s8h elementor-widget elementor-widget-heading\" data-id=\"iwgs-tuergoetter-s8h\" data-element_type=\"widget\" data-e-type=\"widget\" data-widget_type=\"heading.default\">\n\t\t\t\t\t<h2 class=\"elementor-heading-title elementor-size-default\">Recepci\u00f3 actual<\/h2>\t\t\t\t<\/div>\n\t\t<div class=\"elementor-element elementor-element-iwgs-tuergoetter-s8box e-con-full e-flex e-con e-parent\" data-id=\"iwgs-tuergoetter-s8box\" data-element_type=\"container\" data-e-type=\"container\">\n\t\t\t\t<div class=\"elementor-element elementor-element-iwgs-tuergoetter-s8t elementor-widget elementor-widget-text-editor\" data-id=\"iwgs-tuergoetter-s8t\" data-element_type=\"widget\" data-e-type=\"widget\" data-widget_type=\"text-editor.default\">\n\t\t\t\t\t\t\t\t\t<p>Els Menshen s\u00f3n fins avui una part viva de la cultura xinesa. Especialment durant l&#8217;Any Nou, les imatges dels d\u00e9us de la porta es poden veure a moltes portes d&#8217;entrada.<\/p><p>Avui les imatges s&#8217;imprimeixen i es venen en gran quantitat. A l&#8217;inici de l&#8217;any s&#8217;adquireixen i s&#8217;enganxen a les portes d&#8217;entrada, tant a la Xina com a les comunitats xineses de tot el m\u00f3n.<\/p><p>Les imatges dels d\u00e9us de la porta s\u00f3n alhora un objecte de l&#8217;art popular xin\u00e8s. El gravat en fusta tradicional amb qu\u00e8 es feien les imatges \u00e9s una forma d&#8217;art pr\u00f2pia i apreciada.<\/p><p>Per a la <span class=\"iwg-fachbegriff\" data-tooltip=\"La ci\u00e8ncia que estudia les religions de manera comparativa i sense vinculaci\u00f3 de fe.\" tabindex=\"0\">ci\u00e8ncia de les religions<\/span>, els Menshen s\u00f3n un exemple revelador. Mostren com la protecci\u00f3 del llindar, la veneraci\u00f3 de figures protectores i la cultura festiva del canvi d&#8217;any estan connectades entre si.<\/p><p>Una descripci\u00f3 objectiva anomena els Menshen pel que s\u00f3n: figures protectores de la religi\u00f3 popular xinesa, les imatges de les quals vigilen la porta d&#8217;entrada i han de mantenir la desgr\u00e0cia allunyada del llindar.<\/p><p>Els Menshen s\u00f3n, doncs, un exemple impressionant de protecci\u00f3 xinesa de la porta. En ells s&#8217;uneixen la veneraci\u00f3 de figures guardianes valentes, la protecci\u00f3 del llindar vulnerable i l&#8217;ornamentaci\u00f3 festiva de la porta d&#8217;entrada durant el canvi d&#8217;any.<\/p>\t\t\t\t\t\t\t\t<\/div>\n\t\t\t\t<\/div>\n\t\t\t\t\t<\/div>\n\t\t\t\t<\/div>\n\t\t<div class=\"elementor-element elementor-element-iwgs-tuergoetter-lit e-flex e-con-boxed e-con e-parent\" data-id=\"iwgs-tuergoetter-lit\" data-element_type=\"container\" data-e-type=\"container\">\n\t\t\t\t\t<div class=\"e-con-inner\">\n\t\t\t\t<div class=\"elementor-element elementor-element-iwgs-tuergoetter-lith elementor-widget elementor-widget-heading\" data-id=\"iwgs-tuergoetter-lith\" data-element_type=\"widget\" data-e-type=\"widget\" data-widget_type=\"heading.default\">\n\t\t\t\t\t<h2 class=\"elementor-heading-title elementor-size-default\">Bibliografia (selecci\u00f3)<\/h2>\t\t\t\t<\/div>\n\t\t<div class=\"elementor-element elementor-element-iwgs-tuergoetter-litbox e-con-full e-flex e-con e-parent\" data-id=\"iwgs-tuergoetter-litbox\" data-element_type=\"container\" data-e-type=\"container\">\n\t\t\t\t<div class=\"elementor-element elementor-element-iwgs-tuergoetter-litt elementor-widget elementor-widget-html\" data-id=\"iwgs-tuergoetter-litt\" data-element_type=\"widget\" data-e-type=\"widget\" data-widget_type=\"html.default\">\n\t\t\t\t\t<footer data-nosnippet=\"true\"><ul><li>Wolfram Eberhard: <em>Lexikon chinesischer Symbole<\/em> (1983)<\/li><li>Wolfram Eberhard: <em>Chinese Festivals<\/em> (1952)<\/li><li>C. A. S. Williams: <em>Chinese Symbolism and Art Motifs<\/em> (1941)<\/li><li>Florian C. Reiter: <em>Religionen in China. Geschichte, Alltag, Kultur<\/em> (2002)<\/li><li>Anne Swann Goodrich: <em>Peking Paper Gods. A Look at Home Worship<\/em> (1991)<\/li><\/ul><\/footer>\t\t\t\t<\/div>\n\t\t\t\t<\/div>\n\t\t\t\t\t<\/div>\n\t\t\t\t<\/div>\n\t\t<div class=\"elementor-element elementor-element-iwgs-tuergoetter-kwd e-flex e-con-boxed e-con e-parent\" data-id=\"iwgs-tuergoetter-kwd\" data-element_type=\"container\" data-e-type=\"container\">\n\t\t\t\t\t<div class=\"e-con-inner\">\n\t\t\t\t<div class=\"elementor-element elementor-element-iwgs-tuergoetter-kwdt elementor-widget elementor-widget-text-editor\" data-id=\"iwgs-tuergoetter-kwdt\" data-element_type=\"widget\" data-e-type=\"widget\" data-widget_type=\"text-editor.default\">\n\t\t\t\t\t\t\t\t\t<p><em>Termes clau relacionats: Menshen d\u00e9us de la porta imatges protectores porta d&#8217;entrada protecci\u00f3 del llindar Any Nou guardi\u00e0 Xina imatge del d\u00e9u de la porta.<\/em><\/p>\t\t\t\t\t\t\t\t<\/div>\n\t\t\t\t\t<\/div>\n\t\t\t\t<\/div>\n\t\t<div class=\"elementor-element elementor-element-iwgs-tuergoetter-cc e-flex e-con-boxed e-con e-parent\" data-id=\"iwgs-tuergoetter-cc\" data-element_type=\"container\" data-e-type=\"container\" id=\"iwg-cc-tuergoetter\">\n\t\t\t\t\t<div class=\"e-con-inner\">\n\t\t<div class=\"elementor-element elementor-element-iwgs-tuergoetter-ccinner e-flex e-con-boxed e-con e-parent\" data-id=\"iwgs-tuergoetter-ccinner\" data-element_type=\"container\" data-e-type=\"container\" data-settings=\"{&quot;background_background&quot;:&quot;classic&quot;}\">\n\t\t\t\t\t<div class=\"e-con-inner\">\n\t\t\t\t<div class=\"elementor-element elementor-element-iwgs-tuergoetter-cch elementor-widget elementor-widget-heading\" data-id=\"iwgs-tuergoetter-cch\" data-element_type=\"widget\" data-e-type=\"widget\" data-widget_type=\"heading.default\">\n\t\t\t\t\t<h2 class=\"elementor-heading-title elementor-size-default\">iWell Guard i tradicions de protecci\u00f3<\/h2>\t\t\t\t<\/div>\n\t\t\t\t<div class=\"elementor-element elementor-element-iwgs-tuergoetter-cct elementor-widget elementor-widget-text-editor\" data-id=\"iwgs-tuergoetter-cct\" data-element_type=\"widget\" data-e-type=\"widget\" data-widget_type=\"text-editor.default\">\n\t\t\t\t\t\t\t\t\t<p>iWell Guard s&#8217;inscriu en la l\u00ednia hist\u00f2rico-cultural dels objectes de protecci\u00f3 port\u00e0tils, a la qual tamb\u00e9 pertanyen els Menshen. Un company modern per a les persones que viuen amb s\u00edmbols protectors: fabricat a Alemanya, 41 capes d&#8217;or, plat\u00ed i plata aut\u00e8ntics, amb dret de devoluci\u00f3 de 30 dies.<\/p>\t\t\t\t\t\t\t\t<\/div>\n\t\t\t\t<div class=\"elementor-element elementor-element-iwgs-tuergoetter-ccb iwg-cc-button iwg-cc-cta-2026-05-13 elementor-widget elementor-widget-jet-button\" data-id=\"iwgs-tuergoetter-ccb\" data-element_type=\"widget\" data-e-type=\"widget\" data-widget_type=\"jet-button.default\">\n\t\t\t\t<div class=\"elementor-widget-container\">\n\t\t\t\t\t<div class=\"elementor-jet-button jet-elements\"><div class=\"jet-button__container\"><a class=\"jet-button__instance jet-button__instance--icon-left hover-effect-1\" href=\"\/schutzanhaenger-iwell-guard-kaufen\/?utm_source=iwell-guard.com&amp;utm_medium=info-box&amp;utm_campaign=schutzsymbole\"><div class=\"jet-button__plane jet-button__plane-normal\"><\/div><div class=\"jet-button__plane jet-button__plane-hover\"><\/div><div class=\"jet-button__state jet-button__state-normal\"><span class=\"jet-button__label\">M\u00e9s informaci\u00f3 sobre l'iWell Guard<\/span><\/div><div class=\"jet-button__state jet-button__state-hover\"><span class=\"jet-button__label\">M\u00e9s informaci\u00f3 sobre l'iWell Guard<\/span><\/div><\/a><\/div><\/div><style>.elementor-element.elementor-element-iwgs-tuergoetter-ccb .jet-button__instance{width:320px;height:56px;}.elementor-element.elementor-element-iwgs-tuergoetter-ccb .jet-button__state-normal .jet-button__label{text-align:center;margin:0px 0px 0px 0px;color:#1a1b20;font-family:Montserrat,sans-serif;font-size:13px;font-weight:400;letter-spacing:4px;line-height:1.714em;text-transform:uppercase;}.elementor-element.elementor-element-iwgs-tuergoetter-ccb .jet-button__state-hover .jet-button__label{text-align:center;margin:0px 0px 0px 0px;color:#FECC76;font-family:Montserrat,sans-serif;font-size:13px;font-weight:400;letter-spacing:4px;line-height:1.714em;text-transform:uppercase;}.elementor-element.elementor-element-iwgs-tuergoetter-ccb .jet-button__plane-normal{background-color:#FECC76;border-style:solid;border-color:#C99540;border-width:2px 2px 2px 2px;}.elementor-element.elementor-element-iwgs-tuergoetter-ccb .jet-button__plane-hover{background-color:rgba(0,0,0,0.55);border-style:solid;border-color:#FECC76;border-width:2px 2px 2px 2px;}<\/style>\t\t\t\t<\/div>\n\t\t\t\t<\/div>\n\t\t\t\t<div class=\"elementor-element elementor-element-iwgs-tuergoetter-ccd elementor-widget elementor-widget-text-editor\" data-id=\"iwgs-tuergoetter-ccd\" data-element_type=\"widget\" data-e-type=\"widget\" data-widget_type=\"text-editor.default\">\n\t\t\t\t\t\t\t\t\t<p style=\"text-align:center;font-size:13px;opacity:0.7;margin-top:14px\" data-nosnippet=\"true\">Les experi\u00e8ncies personals poden variar. No \u00e9s un producte sanitari. No es garanteix cap curaci\u00f3.<\/p>\t\t\t\t\t\t\t\t<\/div>\n\t\t\t\t\t<\/div>\n\t\t\t\t<\/div>\n\t\t\t\t\t<\/div>\n\t\t\t\t<\/div>\n\t\t<div class=\"elementor-element elementor-element-iwgs-tuergoetter-disc e-flex e-con-boxed e-con e-parent\" data-id=\"iwgs-tuergoetter-disc\" data-element_type=\"container\" data-e-type=\"container\">\n\t\t\t\t\t<div class=\"e-con-inner\">\n\t\t\t\t<div class=\"elementor-element elementor-element-iwgs-tuergoetter-discw elementor-widget elementor-widget-html\" data-id=\"iwgs-tuergoetter-discw\" data-element_type=\"widget\" data-e-type=\"widget\" data-widget_type=\"html.default\">\n\t\t\t\t\t<footer data-nosnippet=\"true\" class=\"iwg-disclaimer-block\"><p data-nosnippet=\"true\">iWell Guard <strong>no \u00e9s un producte sanitari<\/strong> i no substitueix cap tractament m\u00e8dic o psicoterap\u00e8utic. Els continguts presentats aqu\u00ed s\u00f3n una contextualitzaci\u00f3 des de la ci\u00e8ncia de les religions i la hist\u00f2ria cultural, no una promesa d'efecte espiritual.<\/p><\/footer>\t\t\t\t<\/div>\n\t\t\t\t\t<\/div>\n\t\t\t\t<\/div>\n\t\t\t\t<\/div>\n\t\t","protected":false},"excerpt":{"rendered":"","protected":false},"author":3,"featured_media":3538,"parent":0,"menu_order":0,"comment_status":"closed","ping_status":"closed","template":"elementor_header_footer","meta":{"_yoast_wpseo_focuskw":"Menshen","_yoast_wpseo_title":"Menshen \u2013 els d\u00e9us xinesos de la porta","_yoast_wpseo_metadesc":"Els Menshen s\u00f3n els d\u00e9us xinesos de la porta, les imatges protectores de les portes d'entrada que allunyen la desgr\u00e0cia. S'explica el seu origen i significat.","_yoast_wpseo_meta-robots-noindex":"","_yoast_wpseo_canonical":"","_angie_page":false,"gefaehrdungsstufe":"","wesen_kultur":"","wesen_klasse":"","footnotes":""},"categories":[],"class_list":["post-171951","page","type-page","status-publish","has-post-thumbnail","hentry"],"yoast_head":"<!-- This site is optimized with the Yoast SEO Premium plugin v27.7 (Yoast SEO v28.3) - https:\/\/yoast.com\/product\/yoast-seo-premium-wordpress\/ -->\n<title>Menshen \u2013 els d\u00e9us xinesos de la porta<\/title>\n<meta name=\"description\" content=\"Els Menshen s\u00f3n els d\u00e9us xinesos de la porta, les imatges protectores de les portes d&#039;entrada que allunyen la desgr\u00e0cia. S&#039;explica el seu origen i significat.\" \/>\n<meta name=\"robots\" content=\"index, follow, max-snippet:-1, max-image-preview:large, max-video-preview:-1\" \/>\n<link rel=\"canonical\" href=\"https:\/\/iwell-guard.com\/ca\/menshen-deus-xinesos-de-la-porta\/\" \/>\n<meta property=\"og:locale\" content=\"ca_ES\" \/>\n<meta property=\"og:type\" content=\"article\" \/>\n<meta property=\"og:title\" content=\"Menshen \u2013 els d\u00e9us xinesos de la porta\" \/>\n<meta property=\"og:description\" content=\"Els Menshen s\u00f3n els d\u00e9us xinesos de la porta, les imatges protectores de les portes d&#039;entrada que allunyen la desgr\u00e0cia. S&#039;explica el seu origen i significat.\" \/>\n<meta property=\"og:url\" content=\"https:\/\/iwell-guard.com\/ca\/menshen-deus-xinesos-de-la-porta\/\" \/>\n<meta property=\"og:site_name\" content=\"iWell Guard\" \/>\n<meta property=\"article:modified_time\" content=\"2026-09-05T16:11:30+00:00\" \/>\n<meta property=\"og:image\" content=\"https:\/\/iwell-guard.com\/wp-content\/uploads\/2026\/05\/schutzsymbol_china_tuergoetter.webp\" \/>\n\t<meta property=\"og:image:width\" content=\"1024\" \/>\n\t<meta property=\"og:image:height\" content=\"1536\" \/>\n\t<meta property=\"og:image:type\" content=\"image\/webp\" \/>\n<meta name=\"twitter:card\" content=\"summary_large_image\" \/>\n<script type=\"application\/ld+json\" class=\"yoast-schema-graph\">{\"@context\":\"https:\\\/\\\/schema.org\",\"@graph\":[{\"@type\":\"WebPage\",\"@id\":\"https:\\\/\\\/iwell-guard.com\\\/ca\\\/menshen-deus-xinesos-de-la-porta\\\/\",\"url\":\"https:\\\/\\\/iwell-guard.com\\\/ca\\\/menshen-deus-xinesos-de-la-porta\\\/\",\"name\":\"Menshen \u2013 els d\u00e9us xinesos de la porta\",\"isPartOf\":{\"@id\":\"https:\\\/\\\/iwell-guard.com\\\/ca\\\/#website\"},\"primaryImageOfPage\":{\"@id\":\"https:\\\/\\\/iwell-guard.com\\\/ca\\\/menshen-deus-xinesos-de-la-porta\\\/#primaryimage\"},\"image\":{\"@id\":\"https:\\\/\\\/iwell-guard.com\\\/ca\\\/menshen-deus-xinesos-de-la-porta\\\/#primaryimage\"},\"thumbnailUrl\":\"https:\\\/\\\/iwell-guard.com\\\/wp-content\\\/uploads\\\/2026\\\/05\\\/schutzsymbol_china_tuergoetter.webp\",\"datePublished\":\"2026-09-05T15:43:49+00:00\",\"dateModified\":\"2026-09-05T16:11:30+00:00\",\"description\":\"Els Menshen s\u00f3n els d\u00e9us xinesos de la porta, les imatges protectores de les portes d'entrada que allunyen la desgr\u00e0cia. S'explica el seu origen i significat.\",\"breadcrumb\":{\"@id\":\"https:\\\/\\\/iwell-guard.com\\\/ca\\\/menshen-deus-xinesos-de-la-porta\\\/#breadcrumb\"},\"inLanguage\":\"ca\",\"potentialAction\":[{\"@type\":\"ReadAction\",\"target\":[\"https:\\\/\\\/iwell-guard.com\\\/ca\\\/menshen-deus-xinesos-de-la-porta\\\/\"]}]},{\"@type\":\"ImageObject\",\"inLanguage\":\"ca\",\"@id\":\"https:\\\/\\\/iwell-guard.com\\\/ca\\\/menshen-deus-xinesos-de-la-porta\\\/#primaryimage\",\"url\":\"https:\\\/\\\/iwell-guard.com\\\/wp-content\\\/uploads\\\/2026\\\/05\\\/schutzsymbol_china_tuergoetter.webp\",\"contentUrl\":\"https:\\\/\\\/iwell-guard.com\\\/wp-content\\\/uploads\\\/2026\\\/05\\\/schutzsymbol_china_tuergoetter.webp\",\"width\":1024,\"height\":1536,\"caption\":\"S\u00edmbol de protecci\u00f3. Il\u00b7lustraci\u00f3 muse\u00edstica de bodeg\u00f3.\"},{\"@type\":\"BreadcrumbList\",\"@id\":\"https:\\\/\\\/iwell-guard.com\\\/ca\\\/menshen-deus-xinesos-de-la-porta\\\/#breadcrumb\",\"itemListElement\":[{\"@type\":\"ListItem\",\"position\":1,\"name\":\"Start\",\"item\":\"https:\\\/\\\/iwell-guard.com\\\/ca\\\/?page_id=171333\"},{\"@type\":\"ListItem\",\"position\":2,\"name\":\"Menshen \u2013 els d\u00e9us xinesos de la porta\"}]},{\"@type\":\"WebSite\",\"@id\":\"https:\\\/\\\/iwell-guard.com\\\/ca\\\/#website\",\"url\":\"https:\\\/\\\/iwell-guard.com\\\/ca\\\/\",\"name\":\"iWell Guard\",\"description\":\"Schutz vor dunklen Einfl\u00fcssen\",\"publisher\":{\"@id\":\"https:\\\/\\\/iwell-guard.com\\\/ca\\\/#organization\"},\"potentialAction\":[{\"@type\":\"SearchAction\",\"target\":{\"@type\":\"EntryPoint\",\"urlTemplate\":\"https:\\\/\\\/iwell-guard.com\\\/ca\\\/?s={search_term_string}\"},\"query-input\":{\"@type\":\"PropertyValueSpecification\",\"valueRequired\":true,\"valueName\":\"search_term_string\"}}],\"inLanguage\":\"ca\"},{\"@type\":\"Organization\",\"@id\":\"https:\\\/\\\/iwell-guard.com\\\/ca\\\/#organization\",\"name\":\"Ittermann electronic GmbH\",\"url\":\"https:\\\/\\\/iwell-guard.com\\\/ca\\\/\",\"logo\":{\"@type\":\"ImageObject\",\"inLanguage\":\"ca\",\"@id\":\"https:\\\/\\\/iwell-guard.com\\\/ca\\\/#\\\/schema\\\/logo\\\/image\\\/\",\"url\":\"https:\\\/\\\/iwell-guard.com\\\/wp-content\\\/uploads\\\/2026\\\/05\\\/Ittermann-Logo-1182x237-1.png\",\"contentUrl\":\"https:\\\/\\\/iwell-guard.com\\\/wp-content\\\/uploads\\\/2026\\\/05\\\/Ittermann-Logo-1182x237-1.png\",\"width\":1182,\"height\":237,\"caption\":\"Ittermann electronic GmbH\"},\"image\":{\"@id\":\"https:\\\/\\\/iwell-guard.com\\\/ca\\\/#\\\/schema\\\/logo\\\/image\\\/\"},\"sameAs\":[\"https:\\\/\\\/pantip.com\\\/profile\\\/9367242\",\"https:\\\/\\\/micro.blog\\\/iwellguard\",\"https:\\\/\\\/www.diggerslist.com\\\/iwellguard\\\/about\",\"https:\\\/\\\/skitterphoto.com\\\/photographers\\\/2870314\\\/iwell-guard\",\"https:\\\/\\\/iwellguard.wordpress.com\\\/2026\\\/06\\\/06\\\/iwell-guard\\\/\",\"https:\\\/\\\/hub.docker.com\\\/u\\\/iwellguard\",\"https:\\\/\\\/www.pinterest.com\\\/iwellguard\\\/\",\"https:\\\/\\\/bit.ly\\\/m\\\/iwellguard\",\"https:\\\/\\\/entre-vos-mains.alsace.eu\\\/profiles\\\/iwellguard\\\/activity\",\"https:\\\/\\\/gravatar.com\\\/reallybeded8fd34\",\"https:\\\/\\\/naijamatta.com\\\/iwellguard\",\"https:\\\/\\\/www.goodreads.com\\\/iwellguard\",\"https:\\\/\\\/profile.hatena.ne.jp\\\/iwellguard\\\/\",\"https:\\\/\\\/experiment.com\\\/users\\\/iwellguard\",\"https:\\\/\\\/wakelet.com\\\/@iWellGuard82270\",\"https:\\\/\\\/www.chordie.com\\\/forum\\\/profile.php?id=2555664\",\"https:\\\/\\\/www.instapaper.com\\\/p\\\/17757966\",\"https:\\\/\\\/www.mapleprimes.com\\\/users\\\/iwellguard\",\"https:\\\/\\\/businesslistingplus.com\\\/profile\\\/iwell-guard\\\/\",\"https:\\\/\\\/telegra.ph\\\/iWell-Guard-06-06\",\"https:\\\/\\\/pbase.com\\\/iwellguard\\\/iwellguard\",\"https:\\\/\\\/b.hatena.ne.jp\\\/iwellguard\\\/20260607#bookmark-4788405196491818882\",\"https:\\\/\\\/fliphtml5.com\\\/home\\\/iwellguard\",\"https:\\\/\\\/anyflip.com\\\/homepage\\\/cmiwl#About\",\"https:\\\/\\\/transfur.com\\\/Users\\\/iwellguard\",\"http:\\\/\\\/delphi.larsbo.org\\\/user\\\/iwellguard\",\"https:\\\/\\\/jobs.lajobsportal.org\\\/profiles\\\/8380803-iwell-guard\",\"https:\\\/\\\/md.chaosdorf.de\\\/s\\\/jfbe5SBdJD\",\"https:\\\/\\\/www.lingvolive.com\\\/en-us\\\/profile\\\/9ecaeaca-ce11-4e51-9e71-01d55e2bff36\\\/translations\",\"https:\\\/\\\/www.fitday.com\\\/fitness\\\/forums\\\/members\\\/iwellguard.html\",\"https:\\\/\\\/www.mymeetbook.com\\\/iwellguard\",\"https:\\\/\\\/pxhere.com\\\/en\\\/photographer-me\\\/5040798\",\"https:\\\/\\\/disqus.com\\\/by\\\/iwellguard\\\/about\\\/\",\"https:\\\/\\\/pastelink.net\\\/hjwciqwq\",\"https:\\\/\\\/pubhtml5.com\\\/homepage\\\/scjhn\\\/\",\"https:\\\/\\\/www.bitchute.com\\\/channel\\\/2O2eOKzNqujT\",\"https:\\\/\\\/audiomack.com\\\/iwellguard\"]}]}<\/script>\n<!-- \/ Yoast SEO Premium plugin. -->","yoast_head_json":{"title":"Menshen \u2013 els d\u00e9us xinesos de la porta","description":"Els Menshen s\u00f3n els d\u00e9us xinesos de la porta, les imatges protectores de les portes d'entrada que allunyen la desgr\u00e0cia. S'explica el seu origen i significat.","robots":{"index":"index","follow":"follow","max-snippet":"max-snippet:-1","max-image-preview":"max-image-preview:large","max-video-preview":"max-video-preview:-1"},"canonical":"https:\/\/iwell-guard.com\/ca\/menshen-deus-xinesos-de-la-porta\/","og_locale":"ca_ES","og_type":"article","og_title":"Menshen \u2013 els d\u00e9us xinesos de la porta","og_description":"Els Menshen s\u00f3n els d\u00e9us xinesos de la porta, les imatges protectores de les portes d'entrada que allunyen la desgr\u00e0cia. S'explica el seu origen i significat.","og_url":"https:\/\/iwell-guard.com\/ca\/menshen-deus-xinesos-de-la-porta\/","og_site_name":"iWell Guard","article_modified_time":"2026-09-05T16:11:30+00:00","og_image":[{"width":1024,"height":1536,"url":"https:\/\/iwell-guard.com\/wp-content\/uploads\/2026\/05\/schutzsymbol_china_tuergoetter.webp","type":"image\/webp"}],"twitter_card":"summary_large_image","schema":{"@context":"https:\/\/schema.org","@graph":[{"@type":"WebPage","@id":"https:\/\/iwell-guard.com\/ca\/menshen-deus-xinesos-de-la-porta\/","url":"https:\/\/iwell-guard.com\/ca\/menshen-deus-xinesos-de-la-porta\/","name":"Menshen \u2013 els d\u00e9us xinesos de la porta","isPartOf":{"@id":"https:\/\/iwell-guard.com\/ca\/#website"},"primaryImageOfPage":{"@id":"https:\/\/iwell-guard.com\/ca\/menshen-deus-xinesos-de-la-porta\/#primaryimage"},"image":{"@id":"https:\/\/iwell-guard.com\/ca\/menshen-deus-xinesos-de-la-porta\/#primaryimage"},"thumbnailUrl":"https:\/\/iwell-guard.com\/wp-content\/uploads\/2026\/05\/schutzsymbol_china_tuergoetter.webp","datePublished":"2026-09-05T15:43:49+00:00","dateModified":"2026-09-05T16:11:30+00:00","description":"Els Menshen s\u00f3n els d\u00e9us xinesos de la porta, les imatges protectores de les portes d'entrada que allunyen la desgr\u00e0cia. S'explica el seu origen i significat.","breadcrumb":{"@id":"https:\/\/iwell-guard.com\/ca\/menshen-deus-xinesos-de-la-porta\/#breadcrumb"},"inLanguage":"ca","potentialAction":[{"@type":"ReadAction","target":["https:\/\/iwell-guard.com\/ca\/menshen-deus-xinesos-de-la-porta\/"]}]},{"@type":"ImageObject","inLanguage":"ca","@id":"https:\/\/iwell-guard.com\/ca\/menshen-deus-xinesos-de-la-porta\/#primaryimage","url":"https:\/\/iwell-guard.com\/wp-content\/uploads\/2026\/05\/schutzsymbol_china_tuergoetter.webp","contentUrl":"https:\/\/iwell-guard.com\/wp-content\/uploads\/2026\/05\/schutzsymbol_china_tuergoetter.webp","width":1024,"height":1536,"caption":"S\u00edmbol de protecci\u00f3. Il\u00b7lustraci\u00f3 muse\u00edstica de bodeg\u00f3."},{"@type":"BreadcrumbList","@id":"https:\/\/iwell-guard.com\/ca\/menshen-deus-xinesos-de-la-porta\/#breadcrumb","itemListElement":[{"@type":"ListItem","position":1,"name":"Start","item":"https:\/\/iwell-guard.com\/ca\/?page_id=171333"},{"@type":"ListItem","position":2,"name":"Menshen \u2013 els d\u00e9us xinesos de la porta"}]},{"@type":"WebSite","@id":"https:\/\/iwell-guard.com\/ca\/#website","url":"https:\/\/iwell-guard.com\/ca\/","name":"iWell Guard","description":"Schutz vor dunklen Einfl\u00fcssen","publisher":{"@id":"https:\/\/iwell-guard.com\/ca\/#organization"},"potentialAction":[{"@type":"SearchAction","target":{"@type":"EntryPoint","urlTemplate":"https:\/\/iwell-guard.com\/ca\/?s={search_term_string}"},"query-input":{"@type":"PropertyValueSpecification","valueRequired":true,"valueName":"search_term_string"}}],"inLanguage":"ca"},{"@type":"Organization","@id":"https:\/\/iwell-guard.com\/ca\/#organization","name":"Ittermann electronic GmbH","url":"https:\/\/iwell-guard.com\/ca\/","logo":{"@type":"ImageObject","inLanguage":"ca","@id":"https:\/\/iwell-guard.com\/ca\/#\/schema\/logo\/image\/","url":"https:\/\/iwell-guard.com\/wp-content\/uploads\/2026\/05\/Ittermann-Logo-1182x237-1.png","contentUrl":"https:\/\/iwell-guard.com\/wp-content\/uploads\/2026\/05\/Ittermann-Logo-1182x237-1.png","width":1182,"height":237,"caption":"Ittermann electronic GmbH"},"image":{"@id":"https:\/\/iwell-guard.com\/ca\/#\/schema\/logo\/image\/"},"sameAs":["https:\/\/pantip.com\/profile\/9367242","https:\/\/micro.blog\/iwellguard","https:\/\/www.diggerslist.com\/iwellguard\/about","https:\/\/skitterphoto.com\/photographers\/2870314\/iwell-guard","https:\/\/iwellguard.wordpress.com\/2026\/06\/06\/iwell-guard\/","https:\/\/hub.docker.com\/u\/iwellguard","https:\/\/www.pinterest.com\/iwellguard\/","https:\/\/bit.ly\/m\/iwellguard","https:\/\/entre-vos-mains.alsace.eu\/profiles\/iwellguard\/activity","https:\/\/gravatar.com\/reallybeded8fd34","https:\/\/naijamatta.com\/iwellguard","https:\/\/www.goodreads.com\/iwellguard","https:\/\/profile.hatena.ne.jp\/iwellguard\/","https:\/\/experiment.com\/users\/iwellguard","https:\/\/wakelet.com\/@iWellGuard82270","https:\/\/www.chordie.com\/forum\/profile.php?id=2555664","https:\/\/www.instapaper.com\/p\/17757966","https:\/\/www.mapleprimes.com\/users\/iwellguard","https:\/\/businesslistingplus.com\/profile\/iwell-guard\/","https:\/\/telegra.ph\/iWell-Guard-06-06","https:\/\/pbase.com\/iwellguard\/iwellguard","https:\/\/b.hatena.ne.jp\/iwellguard\/20260607#bookmark-4788405196491818882","https:\/\/fliphtml5.com\/home\/iwellguard","https:\/\/anyflip.com\/homepage\/cmiwl#About","https:\/\/transfur.com\/Users\/iwellguard","http:\/\/delphi.larsbo.org\/user\/iwellguard","https:\/\/jobs.lajobsportal.org\/profiles\/8380803-iwell-guard","https:\/\/md.chaosdorf.de\/s\/jfbe5SBdJD","https:\/\/www.lingvolive.com\/en-us\/profile\/9ecaeaca-ce11-4e51-9e71-01d55e2bff36\/translations","https:\/\/www.fitday.com\/fitness\/forums\/members\/iwellguard.html","https:\/\/www.mymeetbook.com\/iwellguard","https:\/\/pxhere.com\/en\/photographer-me\/5040798","https:\/\/disqus.com\/by\/iwellguard\/about\/","https:\/\/pastelink.net\/hjwciqwq","https:\/\/pubhtml5.com\/homepage\/scjhn\/","https:\/\/www.bitchute.com\/channel\/2O2eOKzNqujT","https:\/\/audiomack.com\/iwellguard"]}]}},"_links":{"self":[{"href":"https:\/\/iwell-guard.com\/ca\/wp-json\/wp\/v2\/pages\/171951","targetHints":{"allow":["GET"]}}],"collection":[{"href":"https:\/\/iwell-guard.com\/ca\/wp-json\/wp\/v2\/pages"}],"about":[{"href":"https:\/\/iwell-guard.com\/ca\/wp-json\/wp\/v2\/types\/page"}],"author":[{"embeddable":true,"href":"https:\/\/iwell-guard.com\/ca\/wp-json\/wp\/v2\/users\/3"}],"replies":[{"embeddable":true,"href":"https:\/\/iwell-guard.com\/ca\/wp-json\/wp\/v2\/comments?post=171951"}],"version-history":[{"count":0,"href":"https:\/\/iwell-guard.com\/ca\/wp-json\/wp\/v2\/pages\/171951\/revisions"}],"wp:featuredmedia":[{"embeddable":true,"href":"https:\/\/iwell-guard.com\/ca\/wp-json\/wp\/v2\/media\/3538"}],"wp:attachment":[{"href":"https:\/\/iwell-guard.com\/ca\/wp-json\/wp\/v2\/media?parent=171951"}],"wp:term":[{"taxonomy":"category","embeddable":true,"href":"https:\/\/iwell-guard.com\/ca\/wp-json\/wp\/v2\/categories?post=171951"}],"curies":[{"name":"wp","href":"https:\/\/api.w.org\/{rel}","templated":true}]}}