{"id":171936,"date":"2026-09-05T15:43:42","date_gmt":"2026-09-05T15:43:42","guid":{"rendered":"https:\/\/iwell-guard.com\/?page_id=171936"},"modified":"2026-09-05T16:11:04","modified_gmt":"2026-09-05T16:11:04","slug":"segell-de-salomo-el-signe-sobre-els-esperits","status":"publish","type":"page","link":"https:\/\/iwell-guard.com\/ca\/segell-de-salomo-el-signe-sobre-els-esperits\/","title":{"rendered":"Segell de Salom\u00f3 \u2013 el signe sobre els esperits"},"content":{"rendered":"\t\t<div data-elementor-type=\"wp-page\" data-elementor-id=\"171936\" class=\"elementor elementor-171936 elementor-3674 elementor-bc-flex-widget\" data-elementor-post-type=\"page\">\n\t\t\t\t<div class=\"elementor-element elementor-element-iwgs-siegelsalomo-hero e-flex e-con-boxed e-con e-parent\" data-id=\"iwgs-siegelsalomo-hero\" data-element_type=\"container\" data-e-type=\"container\">\n\t\t\t\t\t<div class=\"e-con-inner\">\n\t\t<div class=\"elementor-element elementor-element-iwgs-siegelsalomo-hl e-flex e-con-boxed e-con e-parent\" data-id=\"iwgs-siegelsalomo-hl\" data-element_type=\"container\" data-e-type=\"container\">\n\t\t\t\t\t<div class=\"e-con-inner\">\n\t\t<div class=\"elementor-element elementor-element-iwgs-siegelsalomo-hlbox e-con-full e-flex e-con e-parent\" data-id=\"iwgs-siegelsalomo-hlbox\" data-element_type=\"container\" data-e-type=\"container\">\n\t\t\t\t<div class=\"elementor-element elementor-element-iwgs-siegelsalomo-h1 elementor-widget elementor-widget-heading\" data-id=\"iwgs-siegelsalomo-h1\" data-element_type=\"widget\" data-e-type=\"widget\" data-widget_type=\"heading.default\">\n\t\t\t\t\t<h1 class=\"elementor-heading-title elementor-size-default\">El Segell de Salom\u00f3 \u2013 el signe sobre els esperits<\/h1>\t\t\t\t<\/div>\n\t\t\t\t<div class=\"elementor-element elementor-element-iwgs-siegelsalomo-lead elementor-widget elementor-widget-text-editor\" data-id=\"iwgs-siegelsalomo-lead\" data-element_type=\"widget\" data-e-type=\"widget\" data-widget_type=\"text-editor.default\">\n\t\t\t\t\t\t\t\t\t<p>El Segell de Salom\u00f3 \u00e9s un signe protector que es remunta a una <span class=\"iwg-fachbegriff\" data-tooltip=\"Un relat edificant, generalment sobre la vida de sants.\" tabindex=\"0\">llegenda<\/span>. Amb un anell segellat, segons explica, el rei Salom\u00f3 va dominar els esperits. El signe va passar a trav\u00e9s de la tradici\u00f3 jueva, la isl\u00e0mica i la m\u00e0gica.<\/p>\t\t\t\t\t\t\t\t<\/div>\n\t\t\t\t<\/div>\n\t\t\t\t<div class=\"elementor-element elementor-element-iwgs-siegelsalomo-pills elementor-widget elementor-widget-html\" data-id=\"iwgs-siegelsalomo-pills\" data-element_type=\"widget\" data-e-type=\"widget\" data-widget_type=\"html.default\">\n\t\t\t\t\t<div class=\"iwg-pill-row\"><span class=\"iwg-klasse-badge\" tabindex=\"0\" data-tooltip=\"S\u00edmbol de protecci\u00f3, amulet o objecte apotropaic.\">S\u00edmbol de protecci\u00f3<\/span><a href=\"https:\/\/iwell-guard.com\/ca\/judaisme\/\" class=\"iwg-kultur-badge\" tabindex=\"0\" data-tooltip=\"Tradici\u00f3 de protecci\u00f3: Judaisme\">Judaisme<\/a><span class=\"iwg-tradition-badge\" tabindex=\"0\" data-tooltip=\"Un signe que ha de conferir o indicar protecci\u00f3.\">Signe de protecci\u00f3<\/span><\/div>\t\t\t\t<\/div>\n\t\t\t\t\t<\/div>\n\t\t\t\t<\/div>\n\t\t<div class=\"elementor-element elementor-element-iwgs-siegelsalomo-hr e-con-full e-flex e-con e-parent\" data-id=\"iwgs-siegelsalomo-hr\" data-element_type=\"container\" data-e-type=\"container\">\n\t\t\t\t<div class=\"elementor-element elementor-element-iwgs-siegelsalomo-himg iwg-hero-image elementor-widget elementor-widget-image\" data-id=\"iwgs-siegelsalomo-himg\" data-element_type=\"widget\" data-e-type=\"widget\" data-widget_type=\"image.default\">\n\t\t\t\t\t\t\t\t\t\t\t\t\t\t\t<img fetchpriority=\"high\" decoding=\"async\" width=\"683\" height=\"1024\" src=\"https:\/\/iwell-guard.com\/wp-content\/uploads\/2026\/05\/schutzsymbol_judentum_siegel-salomos-683x1024.webp\" class=\"attachment-large size-large wp-image-3512\" alt=\"Segell de Salom\u00f3 \u2013 el signe sobre els esperits\" srcset=\"https:\/\/iwell-guard.com\/wp-content\/uploads\/2026\/05\/schutzsymbol_judentum_siegel-salomos-683x1024.webp 683w, https:\/\/iwell-guard.com\/wp-content\/uploads\/2026\/05\/schutzsymbol_judentum_siegel-salomos-200x300.webp 200w, https:\/\/iwell-guard.com\/wp-content\/uploads\/2026\/05\/schutzsymbol_judentum_siegel-salomos-768x1152.webp 768w, https:\/\/iwell-guard.com\/wp-content\/uploads\/2026\/05\/schutzsymbol_judentum_siegel-salomos.webp 1024w\" sizes=\"(max-width: 683px) 100vw, 683px\" \/>\t\t\t\t\t\t\t\t\t\t\t\t\t\t\t<\/div>\n\t\t\t\t<\/div>\n\t\t\t\t\t<\/div>\n\t\t\t\t<\/div>\n\t\t<div class=\"elementor-element elementor-element-iwgs-siegelsalomo-s0 e-flex e-con-boxed e-con e-parent\" data-id=\"iwgs-siegelsalomo-s0\" data-element_type=\"container\" data-e-type=\"container\">\n\t\t\t\t\t<div class=\"e-con-inner\">\n\t\t\t\t<div class=\"elementor-element elementor-element-iwgs-siegelsalomo-s0h elementor-widget elementor-widget-heading\" data-id=\"iwgs-siegelsalomo-s0h\" data-element_type=\"widget\" data-e-type=\"widget\" data-widget_type=\"heading.default\">\n\t\t\t\t\t<h2 class=\"elementor-heading-title elementor-size-default\">Introducci\u00f3<\/h2>\t\t\t\t<\/div>\n\t\t<div class=\"elementor-element elementor-element-iwgs-siegelsalomo-s0box e-con-full e-flex e-con e-parent\" data-id=\"iwgs-siegelsalomo-s0box\" data-element_type=\"container\" data-e-type=\"container\">\n\t\t\t\t<div class=\"elementor-element elementor-element-iwgs-siegelsalomo-s0t elementor-widget elementor-widget-text-editor\" data-id=\"iwgs-siegelsalomo-s0t\" data-element_type=\"widget\" data-e-type=\"widget\" data-widget_type=\"text-editor.default\">\n\t\t\t\t\t\t\t\t\t<p>El segell de Salom\u00f3 \u00e9s un signe de protecci\u00f3 l&#8217;origen del qual es troba en una <span class=\"iwg-fachbegriff\" data-tooltip=\"Un relat edificant, generalment sobre la vida de sants.\" tabindex=\"0\">llegenda<\/span>. Est\u00e0 vinculat al rei Salom\u00f3, una figura de la B\u00edblia hebrea a qui s&#8217;atribueix una saviesa i un poder extraordinaris.<\/p><p>Segons la <span class=\"iwg-fachbegriff\" data-tooltip=\"Un relat edificant, generalment sobre la vida de sants.\" tabindex=\"0\">llegenda<\/span>, Salom\u00f3 posse\u00efa un anell de segell. Amb aquest anell, el segell de Salom\u00f3, dominava els esperits i dimonis i els for\u00e7ava al seu servei.<\/p><p>El segell de Salom\u00f3 \u00e9s aix\u00ed un signe de poder sobre els esperits. Se suposa que lliga, domina i allunya les forces nocives. En aix\u00f2 rau el seu significat com a signe de protecci\u00f3.<\/p><p>El signe no es limita a una \u00fanica cultura. T\u00e9 el seu origen en la <span class=\"iwg-fachbegriff\" data-tooltip=\"La transmissi\u00f3 de coneixements i relats al llarg de generacions.\" tabindex=\"0\">tradici\u00f3<\/span> jueva i des d&#8217;all\u00e0 ha passat a la tradici\u00f3 isl\u00e0mica i a la <span class=\"iwg-fachbegriff\" data-tooltip=\"Pr\u00e0ctiques que pretenen intervenir en el curs dels esdeveniments mitjan\u00e7ant accions o f\u00f3rmules especials.\" tabindex=\"0\">m\u00e0gia<\/span> occidental.<\/p><p>En la <span class=\"iwg-fachbegriff\" data-tooltip=\"La ci\u00e8ncia que estudia les religions de manera comparativa i sense vinculaci\u00f3 confessional.\" tabindex=\"0\">ci\u00e8ncia de les religions<\/span>, el segell de Salom\u00f3 \u00e9s un bon exemple d&#8217;un signe que va viatjar m\u00e9s enll\u00e0 de les fronteres de diverses religions. La seva hist\u00f2ria uneix la <span class=\"iwg-fachbegriff\" data-tooltip=\"La transmissi\u00f3 de coneixements i relats al llarg de generacions.\" tabindex=\"0\">tradici\u00f3<\/span> jueva, la isl\u00e0mica i la m\u00e0gica d&#8217;arrel cristiana.<\/p><p>El segell de Salom\u00f3 mostra, a m\u00e9s, que un signe de protecci\u00f3 pot estar vinculat a un relat. La seva for\u00e7a prov\u00e9 de la <span class=\"iwg-fachbegriff\" data-tooltip=\"Un relat edificant, generalment sobre la vida de sants.\" tabindex=\"0\">llegenda<\/span> de Salom\u00f3 i el seu poder sobre els esperits.<\/p>\t\t\t\t\t\t\t\t<\/div>\n\t\t\t\t<\/div>\n\t\t\t\t\t<\/div>\n\t\t\t\t<\/div>\n\t\t<div class=\"elementor-element elementor-element-iwgs-siegelsalomo-s1 e-flex e-con-boxed e-con e-parent\" data-id=\"iwgs-siegelsalomo-s1\" data-element_type=\"container\" data-e-type=\"container\">\n\t\t\t\t\t<div class=\"e-con-inner\">\n\t\t\t\t<div class=\"elementor-element elementor-element-iwgs-siegelsalomo-s1h elementor-widget elementor-widget-heading\" data-id=\"iwgs-siegelsalomo-s1h\" data-element_type=\"widget\" data-e-type=\"widget\" data-widget_type=\"heading.default\">\n\t\t\t\t\t<h2 class=\"elementor-heading-title elementor-size-default\">El rei Salom\u00f3<\/h2>\t\t\t\t<\/div>\n\t\t<div class=\"elementor-element elementor-element-iwgs-siegelsalomo-s1box e-con-full e-flex e-con e-parent\" data-id=\"iwgs-siegelsalomo-s1box\" data-element_type=\"container\" data-e-type=\"container\">\n\t\t\t\t<div class=\"elementor-element elementor-element-iwgs-siegelsalomo-s1t elementor-widget elementor-widget-text-editor\" data-id=\"iwgs-siegelsalomo-s1t\" data-element_type=\"widget\" data-e-type=\"widget\" data-widget_type=\"text-editor.default\">\n\t\t\t\t\t\t\t\t\t<p>El Segell de Salom\u00f3 est\u00e0 lligat al rei Salom\u00f3. Salom\u00f3 \u00e9s una figura important de la B\u00edblia hebrea, un rei de l&#8217;antic Israel.<\/p><p>La B\u00edblia el descriu com un rei d&#8217;una saviesa extraordin\u00e0ria. Aquesta saviesa \u00e9s el seu tret distintiu, i nombrosos relats giren al seu voltant.<\/p><p>Salom\u00f3 tamb\u00e9 \u00e9s considerat el constructor del Temple de Jerusalem. La construcci\u00f3 d&#8217;aquest temple \u00e9s una de les grans obres que se li atribueixen.<\/p><p>M\u00e9s enll\u00e0 del relat b\u00edblic, va sorgir una rica tradici\u00f3 llegend\u00e0ria al voltant de Salom\u00f3. En aquestes llegendes, la seva saviesa s&#8217;amplia fins a convertir-se en un coneixement que inclou fins i tot el llenguatge dels animals i el m\u00f3n dels esperits.<\/p><p>En aquesta tradici\u00f3 llegend\u00e0ria, Salom\u00f3 es converteix en un sobir\u00e0 amb poder sobre els esperits i els dimonis. Exerceix aquest poder amb l&#8217;ajuda del seu anell segellat.<\/p><p>El Segell de Salom\u00f3 pertany, doncs, a aquesta figura ampliada i llegend\u00e0ria del rei. \u00c9s el signe del seu poder sobre les forces invisibles, un poder que li atribueix la <span class=\"iwg-fachbegriff\" data-tooltip=\"Un relat edificant, generalment sobre la vida de sants.\" tabindex=\"0\">llegenda<\/span>, no la B\u00edblia.<\/p>\t\t\t\t\t\t\t\t<\/div>\n\t\t\t\t<\/div>\n\t\t\t\t\t<\/div>\n\t\t\t\t<\/div>\n\t\t<div class=\"elementor-element elementor-element-iwgs-siegelsalomo-s2 e-flex e-con-boxed e-con e-parent\" data-id=\"iwgs-siegelsalomo-s2\" data-element_type=\"container\" data-e-type=\"container\">\n\t\t\t\t\t<div class=\"e-con-inner\">\n\t\t\t\t<div class=\"elementor-element elementor-element-iwgs-siegelsalomo-s2h elementor-widget elementor-widget-heading\" data-id=\"iwgs-siegelsalomo-s2h\" data-element_type=\"widget\" data-e-type=\"widget\" data-widget_type=\"heading.default\">\n\t\t\t\t\t<h2 class=\"elementor-heading-title elementor-size-default\">La llegenda de l'anell segellat<\/h2>\t\t\t\t<\/div>\n\t\t<div class=\"elementor-element elementor-element-iwgs-siegelsalomo-s2box e-con-full e-flex e-con e-parent\" data-id=\"iwgs-siegelsalomo-s2box\" data-element_type=\"container\" data-e-type=\"container\">\n\t\t\t\t<div class=\"elementor-element elementor-element-iwgs-siegelsalomo-s2t elementor-widget elementor-widget-text-editor\" data-id=\"iwgs-siegelsalomo-s2t\" data-element_type=\"widget\" data-e-type=\"widget\" data-widget_type=\"text-editor.default\">\n\t\t\t\t\t\t\t\t\t<p>Al centre hi ha la <span class=\"iwg-fachbegriff\" data-tooltip=\"Un relat edificant, generalment sobre la vida de sants.\" tabindex=\"0\">llegenda<\/span> de l&#8217;anell segellat de Salom\u00f3. Aquesta <span class=\"iwg-fachbegriff\" data-tooltip=\"Un relat edificant, generalment sobre la vida de sants.\" tabindex=\"0\">llegenda<\/span> explica d&#8217;on venia el poder del segell sobre els esperits.<\/p><p>Segons el relat, Salom\u00f3 va rebre l&#8217;anell de D\u00e9u o per mediaci\u00f3 divina. L&#8217;anell no era, doncs, una simple joia, sin\u00f3 un objecte d&#8217;origen div\u00ed.<\/p><p>Amb aquest anell, Salom\u00f3 podia dominar els esperits i els dimonis. Podia cridar-los, interrogar-los i obligar-los a servir-lo.<\/p><p>Un relat est\u00e8s explica que Salom\u00f3 va emprar els esperits amb l&#8217;ajuda de l&#8217;anell en la construcci\u00f3 del Temple. Les forces invisibles van haver de col\u00b7laborar en aquesta gran obra.<\/p><p>L&#8217;anell portava un segell, i era aquest segell el que realment tenia el poder. Amb el segell, Salom\u00f3 segellava i lligava els esperits. D&#8217;aquest segell de l&#8217;anell prov\u00e9 el nom del signe.<\/p><p>Una versi\u00f3 detallada d&#8217;aquesta <span class=\"iwg-fachbegriff\" data-tooltip=\"Un relat edificant, generalment sobre la vida de sants.\" tabindex=\"0\">llegenda<\/span> es troba en un text antic conegut com el Testament de Salom\u00f3. All\u00e0 s&#8217;explica com Salom\u00f3, amb l&#8217;anell, interroga i lliga els dimonis un per un.<\/p>\t\t\t\t\t\t\t\t<\/div>\n\t\t\t\t<\/div>\n\t\t\t\t\t<\/div>\n\t\t\t\t<\/div>\n\t\t<div class=\"elementor-element elementor-element-iwgs-siegelsalomo-s3 e-flex e-con-boxed e-con e-parent\" data-id=\"iwgs-siegelsalomo-s3\" data-element_type=\"container\" data-e-type=\"container\">\n\t\t\t\t\t<div class=\"e-con-inner\">\n\t\t\t\t<div class=\"elementor-element elementor-element-iwgs-siegelsalomo-s3h elementor-widget elementor-widget-heading\" data-id=\"iwgs-siegelsalomo-s3h\" data-element_type=\"widget\" data-e-type=\"widget\" data-widget_type=\"heading.default\">\n\t\t\t\t\t<h2 class=\"elementor-heading-title elementor-size-default\">Forma del signe<\/h2>\t\t\t\t<\/div>\n\t\t<div class=\"elementor-element elementor-element-iwgs-siegelsalomo-s3box e-con-full e-flex e-con e-parent\" data-id=\"iwgs-siegelsalomo-s3box\" data-element_type=\"container\" data-e-type=\"container\">\n\t\t\t\t<div class=\"elementor-element elementor-element-iwgs-siegelsalomo-s3t elementor-widget elementor-widget-text-editor\" data-id=\"iwgs-siegelsalomo-s3t\" data-element_type=\"widget\" data-e-type=\"widget\" data-widget_type=\"text-editor.default\">\n\t\t\t\t\t\t\t\t\t<p>Pel que fa a la forma del segell de Salom\u00f3 cal anar amb compte, ja que el signe no est\u00e0 definit de manera un\u00edvoca. El terme s&#8217;ha utilitzat per a diverses figures.<\/p><p>Sovint el segell de Salom\u00f3 es representa com un hexagrama, un estel de sis puntes format per dos triangles entrella\u00e7ats. En aquesta forma coincideix amb la figura tamb\u00e9 coneguda com a estel de David.<\/p><p>Igualment sovint, per\u00f2, el segell de Salom\u00f3 s&#8217;ha ent\u00e8s com un pentagrama, un estel de cinc puntes. En nombroses fonts, especialment en la <span class=\"iwg-fachbegriff\" data-tooltip=\"La transmissi\u00f3 de coneixements i relats al llarg de generacions.\" tabindex=\"0\">tradici\u00f3<\/span> m\u00e0gica, el terme designa l&#8217;estel de cinc puntes.<\/p><p>Aquesta manca d&#8217;unitat \u00e9s caracter\u00edstica. El segell de Salom\u00f3 \u00e9s menys una figura determinada que un nom que s&#8217;ha associat a diversos signes geom\u00e8trics poderosos.<\/p><p>Aquests signes, tant l&#8217;hexagrama com el pentagrama, tenen en com\u00fa que es consideraven dotats de poder. Tots dos s\u00f3n figures estel\u00b7lars regulars i tancades sobre si mateixes, a les quals s&#8217;atribu\u00efa una for\u00e7a vinculant.<\/p><p>Per a una descripci\u00f3 precisa, \u00e9s important esmentar aquesta manca d&#8217;unitat. El segell de Salom\u00f3 no t\u00e9 una \u00fanica forma fixa. \u00c9s un nom sota el qual s&#8217;agrupen diversos signes estel\u00b7lars poderosos.<\/p>\t\t\t\t\t\t\t\t<\/div>\n\t\t\t\t<\/div>\n\t\t\t\t\t<\/div>\n\t\t\t\t<\/div>\n\t\t<div class=\"elementor-element elementor-element-iwgs-siegelsalomo-s4 e-flex e-con-boxed e-con e-parent\" data-id=\"iwgs-siegelsalomo-s4\" data-element_type=\"container\" data-e-type=\"container\">\n\t\t\t\t\t<div class=\"e-con-inner\">\n\t\t\t\t<div class=\"elementor-element elementor-element-iwgs-siegelsalomo-s4h elementor-widget elementor-widget-heading\" data-id=\"iwgs-siegelsalomo-s4h\" data-element_type=\"widget\" data-e-type=\"widget\" data-widget_type=\"heading.default\">\n\t\t\t\t\t<h2 class=\"elementor-heading-title elementor-size-default\">Poder sobre els esperits<\/h2>\t\t\t\t<\/div>\n\t\t<div class=\"elementor-element elementor-element-iwgs-siegelsalomo-s4box e-con-full e-flex e-con e-parent\" data-id=\"iwgs-siegelsalomo-s4box\" data-element_type=\"container\" data-e-type=\"container\">\n\t\t\t\t<div class=\"elementor-element elementor-element-iwgs-siegelsalomo-s4t elementor-widget elementor-widget-text-editor\" data-id=\"iwgs-siegelsalomo-s4t\" data-element_type=\"widget\" data-e-type=\"widget\" data-widget_type=\"text-editor.default\">\n\t\t\t\t\t\t\t\t\t<p>El significat del segell de Salom\u00f3 gira al voltant del poder sobre els esperits. El signe ha de vincular, dominar i mantenir allunyats els poders nocius.<\/p><p>Aquesta idea \u00e9s una concepci\u00f3 pr\u00f2pia dins de les creences de protecci\u00f3. El segell de Salom\u00f3 no repel\u00b7leix els esperits mitjan\u00e7ant una imatge esfere\u00efdora ni captura cap mirada. Ell vincula els esperits i els sotmet.<\/p><p>La concepci\u00f3 que hi ha al darrere \u00e9s la d&#8217;un domini leg\u00edtim. Igual que Salom\u00f3, amb l&#8217;anell, va manar leg\u00edtimament sobre els esperits, el segell ha de mantenir els esperits a ratlla i donar-los ordres.<\/p><p>Aquesta idea de la vinculaci\u00f3 i el domini dels esperits ha esdevingut especialment important en la <span class=\"iwg-fachbegriff\" data-tooltip=\"La transmissi\u00f3 de coneixements i relats al llarg de generacions.\" tabindex=\"0\">tradici\u00f3<\/span> m\u00e0gica. All\u00e0 el segell de Salom\u00f3 era considerat un mitj\u00e0 per invocar i for\u00e7ar els esperits.<\/p><p>Alhora, el segell de Salom\u00f3 servia per a la protecci\u00f3. Un signe que atorga poder sobre els esperits pot mantenir allunyats i repel\u00b7lir els esperits nocius.<\/p><p>El segell de Salom\u00f3 pertany, doncs, als signes de protecci\u00f3 que actuen mitjan\u00e7ant la vinculaci\u00f3. Vincula els poders invisibles, i en aquesta vinculaci\u00f3 rau la protecci\u00f3 que ofereix.<\/p>\t\t\t\t\t\t\t\t<\/div>\n\t\t\t\t<\/div>\n\t\t\t\t\t<\/div>\n\t\t\t\t<\/div>\n\t\t<div class=\"elementor-element elementor-element-iwgs-siegelsalomo-s5 e-flex e-con-boxed e-con e-parent\" data-id=\"iwgs-siegelsalomo-s5\" data-element_type=\"container\" data-e-type=\"container\">\n\t\t\t\t\t<div class=\"e-con-inner\">\n\t\t\t\t<div class=\"elementor-element elementor-element-iwgs-siegelsalomo-s5h elementor-widget elementor-widget-heading\" data-id=\"iwgs-siegelsalomo-s5h\" data-element_type=\"widget\" data-e-type=\"widget\" data-widget_type=\"heading.default\">\n\t\t\t\t\t<h2 class=\"elementor-heading-title elementor-size-default\">El segell de Salom\u00f3 a l'islam<\/h2>\t\t\t\t<\/div>\n\t\t<div class=\"elementor-element elementor-element-iwgs-siegelsalomo-s5box e-con-full e-flex e-con e-parent\" data-id=\"iwgs-siegelsalomo-s5box\" data-element_type=\"container\" data-e-type=\"container\">\n\t\t\t\t<div class=\"elementor-element elementor-element-iwgs-siegelsalomo-s5t elementor-widget elementor-widget-text-editor\" data-id=\"iwgs-siegelsalomo-s5t\" data-element_type=\"widget\" data-e-type=\"widget\" data-widget_type=\"text-editor.default\">\n\t\t\t\t\t\t\t\t\t<p>El segell de Salom\u00f3 no s&#8217;ha limitat a la tradici\u00f3 jueva. Des d&#8217;all\u00e0 ha passat a la <span class=\"iwg-fachbegriff\" data-tooltip=\"La transmissi\u00f3 de coneixements i relats al llarg de generacions.\" tabindex=\"0\">tradici\u00f3<\/span> isl\u00e0mica.<\/p><p>A l&#8217;islam, Salom\u00f3 \u00e9s conegut amb el nom de Sulaim\u00e1n. Se&#8217;l considera un profeta, i tamb\u00e9 la <span class=\"iwg-fachbegriff\" data-tooltip=\"La transmissi\u00f3 de coneixements i relats al llarg de generacions.\" tabindex=\"0\">tradici\u00f3<\/span> isl\u00e0mica li atribueix el poder sobre els esperits.<\/p><p>Segons la creen\u00e7a isl\u00e0mica, Sulaim\u00e1n dominava els genis (djinn), els \u00e9ssers espirituals que existeixen al costat dels humans. Tamb\u00e9 aqu\u00ed l&#8217;anell de segell \u00e9s el mitj\u00e0 d&#8217;aquest domini.<\/p><p>El segell de Salom\u00f3, sovint anomenat a l&#8217;islam el segell de Sulaim\u00e1n, es va convertir aix\u00ed tamb\u00e9 al m\u00f3n isl\u00e0mic en un signe important. Apareix en amulets i en la <span class=\"iwg-fachbegriff\" data-tooltip=\"La transmissi\u00f3 de coneixements i relats al llarg de generacions.\" tabindex=\"0\">tradici\u00f3<\/span> m\u00e0gica.<\/p><p>A la p\u00e0gina sobre l&#8217;<a href=\"https:\/\/iwell-guard.com\/ca\/islam\/\">islam<\/a> es presenta amb m\u00e9s detall el m\u00f3n dels genis. El segell de Sulaim\u00e1n \u00e9s un dels signes amb qu\u00e8 la <span class=\"iwg-fachbegriff\" data-tooltip=\"La religiositat viscuda en la vida quotidiana, sovint al marge de la doctrina oficial.\" tabindex=\"0\">religiositat popular<\/span> isl\u00e0mica buscava protecci\u00f3 davant els genis.<\/p><p>El segell de Salom\u00f3 mostra aix\u00ed com de vinculades estan, en alguns aspectes, la <span class=\"iwg-fachbegriff\" data-tooltip=\"La transmissi\u00f3 de coneixements i relats al llarg de generacions.\" tabindex=\"0\">tradici\u00f3<\/span> jueva i la isl\u00e0mica. La mateixa figura, el mateix anell, el mateix poder sobre els esperits apareixen en totes dues tradicions.<\/p>\t\t\t\t\t\t\t\t<\/div>\n\t\t\t\t<\/div>\n\t\t\t\t\t<\/div>\n\t\t\t\t<\/div>\n\t\t<div class=\"elementor-element elementor-element-iwgs-siegelsalomo-s6 e-flex e-con-boxed e-con e-parent\" data-id=\"iwgs-siegelsalomo-s6\" data-element_type=\"container\" data-e-type=\"container\">\n\t\t\t\t\t<div class=\"e-con-inner\">\n\t\t\t\t<div class=\"elementor-element elementor-element-iwgs-siegelsalomo-s6h elementor-widget elementor-widget-heading\" data-id=\"iwgs-siegelsalomo-s6h\" data-element_type=\"widget\" data-e-type=\"widget\" data-widget_type=\"heading.default\">\n\t\t\t\t\t<h2 class=\"elementor-heading-title elementor-size-default\">El segell en la m\u00e0gia occidental<\/h2>\t\t\t\t<\/div>\n\t\t<div class=\"elementor-element elementor-element-iwgs-siegelsalomo-s6box e-con-full e-flex e-con e-parent\" data-id=\"iwgs-siegelsalomo-s6box\" data-element_type=\"container\" data-e-type=\"container\">\n\t\t\t\t<div class=\"elementor-element elementor-element-iwgs-siegelsalomo-s6t elementor-widget elementor-widget-text-editor\" data-id=\"iwgs-siegelsalomo-s6t\" data-element_type=\"widget\" data-e-type=\"widget\" data-widget_type=\"text-editor.default\">\n\t\t\t\t\t\t\t\t\t<p>Una tercera l\u00ednia porta el segell de Salom\u00f3 cap a la <span class=\"iwg-fachbegriff\" data-tooltip=\"La transmissi\u00f3 de coneixements i relats al llarg de generacions.\" tabindex=\"0\">tradici\u00f3<\/span> m\u00e0gica occidental. Tamb\u00e9 all\u00e0 exerceix un paper important.<\/p><p>En la <span class=\"iwg-fachbegriff\" data-tooltip=\"Pr\u00e0ctiques que pretenen intervenir en el curs de les coses mitjan\u00e7ant accions o f\u00f3rmules especials.\" tabindex=\"0\">m\u00e0gia<\/span> medieval i moderna primerenca van sorgir manuals que ensenyaven a invocar i dominar els esperits. Aquests manuals s&#8217;anomenen grimoris.<\/p><p>Diversos d&#8217;aquests manuals invoquen Salom\u00f3 i el seu segell. Porten el seu nom al t\u00edtol i se situen dins la tradici\u00f3 del seu poder sobre els esperits.<\/p><p>En aquests manuals, el segell de Salom\u00f3 apareix com un signe amb el qual el mag lliga i for\u00e7a els esperits. Pertany als signes m\u00e9s importants d&#8217;aquesta <span class=\"iwg-fachbegriff\" data-tooltip=\"La transmissi\u00f3 de coneixements i relats al llarg de generacions.\" tabindex=\"0\">tradici\u00f3<\/span>.<\/p><p>Aquest \u00fas m\u00e0gic queda fora de la religi\u00f3 jueva i de la isl\u00e0mica. \u00c9s una l\u00ednia pr\u00f2pia, occidental, que invoca la <span class=\"iwg-fachbegriff\" data-tooltip=\"Un relat edificant, generalment sobre la vida de sants.\" tabindex=\"0\">llegenda<\/span> de Salom\u00f3.<\/p><p>El segell de Salom\u00f3 t\u00e9, doncs, una triple hist\u00f2ria d&#8217;influ\u00e8ncia. Pertany a la <span class=\"iwg-fachbegriff\" data-tooltip=\"La transmissi\u00f3 de coneixements i relats al llarg de generacions.\" tabindex=\"0\">tradici\u00f3<\/span> jueva, a la <span class=\"iwg-fachbegriff\" data-tooltip=\"La transmissi\u00f3 de coneixements i relats al llarg de generacions.\" tabindex=\"0\">tradici\u00f3<\/span> isl\u00e0mica i a la <span class=\"iwg-fachbegriff\" data-tooltip=\"Pr\u00e0ctiques que pretenen intervenir en el curs de les coses mitjan\u00e7ant accions o f\u00f3rmules especials.\" tabindex=\"0\">m\u00e0gia<\/span> occidental. Pocs signes de protecci\u00f3 tenen una hist\u00f2ria tan ramificada.<\/p>\t\t\t\t\t\t\t\t<\/div>\n\t\t\t\t<\/div>\n\t\t\t\t\t<\/div>\n\t\t\t\t<\/div>\n\t\t<div class=\"elementor-element elementor-element-iwgs-siegelsalomo-s7 e-flex e-con-boxed e-con e-parent\" data-id=\"iwgs-siegelsalomo-s7\" data-element_type=\"container\" data-e-type=\"container\">\n\t\t\t\t\t<div class=\"e-con-inner\">\n\t\t\t\t<div class=\"elementor-element elementor-element-iwgs-siegelsalomo-s7h elementor-widget elementor-widget-heading\" data-id=\"iwgs-siegelsalomo-s7h\" data-element_type=\"widget\" data-e-type=\"widget\" data-widget_type=\"heading.default\">\n\t\t\t\t\t<h2 class=\"elementor-heading-title elementor-size-default\">Segell de Salom\u00f3 i estel de David<\/h2>\t\t\t\t<\/div>\n\t\t<div class=\"elementor-element elementor-element-iwgs-siegelsalomo-s7box e-con-full e-flex e-con e-parent\" data-id=\"iwgs-siegelsalomo-s7box\" data-element_type=\"container\" data-e-type=\"container\">\n\t\t\t\t<div class=\"elementor-element elementor-element-iwgs-siegelsalomo-s7t elementor-widget elementor-widget-text-editor\" data-id=\"iwgs-siegelsalomo-s7t\" data-element_type=\"widget\" data-e-type=\"widget\" data-widget_type=\"text-editor.default\">\n\t\t\t\t\t\t\t\t\t<p>El segell de Salom\u00f3 i l&#8217;estel de David es confonen sovint, ja que tots dos s&#8217;associen amb l&#8217;hexagrama. La seva relaci\u00f3 mereix una consideraci\u00f3 precisa.<\/p><p>L&#8217;hexagrama, l&#8217;estel de sis puntes, \u00e9s una figura antiga i molt difosa. Durant molt de temps no va ser un signe inequ\u00edvocament jueu, sin\u00f3 que es va utilitzar en molts contextos diferents.<\/p><p>En l&#8217;\u00fas m\u00e0gic i amul\u00e8tic, l&#8217;hexagrama va ser anomenat segell de Salom\u00f3. En aquest sentit, era un signe del poder sobre els esperits.<\/p><p>Nom\u00e9s m\u00e9s tard, sobretot al segle XIX, l&#8217;hexagrama es va convertir en l&#8217;estel de David, el signe general del judaisme. A la p\u00e0gina sobre l&#8217;<a href=\"https:\/\/iwell-guard.com\/ca\/?page_id=171894\">estel de David<\/a> es presenta amb m\u00e9s detall aquest proc\u00e9s.<\/p><p>L&#8217;hexagrama t\u00e9 aix\u00ed dos noms i dos significats que coexisteixen. Com a segell de Salom\u00f3, \u00e9s un signe de domini sobre els esperits; com a estel de David, un signe del judaisme.<\/p><p>Per a una representaci\u00f3 precisa, aquesta distinci\u00f3 \u00e9s important. El segell de Salom\u00f3 i l&#8217;estel de David poden ser la mateixa figura, per\u00f2 porten noms diferents, hist\u00f2ries diferents i significats diferents.<\/p>\t\t\t\t\t\t\t\t<\/div>\n\t\t\t\t<\/div>\n\t\t\t\t\t<\/div>\n\t\t\t\t<\/div>\n\t\t<div class=\"elementor-element elementor-element-iwgs-siegelsalomo-s8 e-flex e-con-boxed e-con e-parent\" data-id=\"iwgs-siegelsalomo-s8\" data-element_type=\"container\" data-e-type=\"container\">\n\t\t\t\t\t<div class=\"e-con-inner\">\n\t\t\t\t<div class=\"elementor-element elementor-element-iwgs-siegelsalomo-s8h elementor-widget elementor-widget-heading\" data-id=\"iwgs-siegelsalomo-s8h\" data-element_type=\"widget\" data-e-type=\"widget\" data-widget_type=\"heading.default\">\n\t\t\t\t\t<h2 class=\"elementor-heading-title elementor-size-default\">Recepci\u00f3 actual<\/h2>\t\t\t\t<\/div>\n\t\t<div class=\"elementor-element elementor-element-iwgs-siegelsalomo-s8box e-con-full e-flex e-con e-parent\" data-id=\"iwgs-siegelsalomo-s8box\" data-element_type=\"container\" data-e-type=\"container\">\n\t\t\t\t<div class=\"elementor-element elementor-element-iwgs-siegelsalomo-s8t elementor-widget elementor-widget-text-editor\" data-id=\"iwgs-siegelsalomo-s8t\" data-element_type=\"widget\" data-e-type=\"widget\" data-widget_type=\"text-editor.default\">\n\t\t\t\t\t\t\t\t\t<p>El Segell de Salom\u00f3 \u00e9s avui conegut sobretot com a signe hist\u00f2ric i llegendari. La seva rica hist\u00f2ria, que travessa tres tradicions, en fa un objecte molt comentat.<\/p><p>En l&#8217;estudi de la <span class=\"iwg-fachbegriff\" data-tooltip=\"La transmissi\u00f3 de coneixements i relats al llarg de generacions.\" tabindex=\"0\">tradici\u00f3<\/span> jueva, isl\u00e0mica i occidental m\u00e0gica, el Segell de Salom\u00f3 \u00e9s un tema important. En ell es pot seguir com un signe viatja travessant fronteres culturals.<\/p><p>Com a amulet portat sobre el cos, el Segell de Salom\u00f3 apareix en formes diverses, de vegades com a hexagrama, de vegades com a pentagrama. En aquest \u00fas, el seu significat exacte sovint s&#8217;ha esva\u00eft.<\/p><p>En cercles esot\u00e8rics i interessats en la m\u00e0gia, el Segell de Salom\u00f3 continua sent conegut. All\u00e0 s&#8217;ent\u00e9n, seguint el sentit de l&#8217;antiga <span class=\"iwg-fachbegriff\" data-tooltip=\"La transmissi\u00f3 de coneixements i relats al llarg de generacions.\" tabindex=\"0\">tradici\u00f3<\/span>, com un signe de poder sobre els esperits.<\/p><p>Una presentaci\u00f3 objectiva descriu el Segell de Salom\u00f3 tal com \u00e9s: un signe protector llegendari basat en el relat del poder de Salom\u00f3 sobre els esperits, que ha viatjat a trav\u00e9s de tres grans tradicions.<\/p><p>El Segell de Salom\u00f3 \u00e9s aix\u00ed un exemple contundent d&#8217;un signe protector viatger. En ell s&#8217;uneixen la <span class=\"iwg-fachbegriff\" data-tooltip=\"Un relat edificant, generalment sobre la vida de sants.\" tabindex=\"0\">llegenda<\/span> del rei savi, la idea de l&#8217;empresonament dels esperits i una hist\u00f2ria d&#8217;efectes que s&#8217;est\u00e9n m\u00e9s enll\u00e0 de les fronteres de les religions.<\/p>\t\t\t\t\t\t\t\t<\/div>\n\t\t\t\t<\/div>\n\t\t\t\t\t<\/div>\n\t\t\t\t<\/div>\n\t\t<div class=\"elementor-element elementor-element-iwgs-siegelsalomo-lit e-flex e-con-boxed e-con e-parent\" data-id=\"iwgs-siegelsalomo-lit\" data-element_type=\"container\" data-e-type=\"container\">\n\t\t\t\t\t<div class=\"e-con-inner\">\n\t\t\t\t<div class=\"elementor-element elementor-element-iwgs-siegelsalomo-lith elementor-widget elementor-widget-heading\" data-id=\"iwgs-siegelsalomo-lith\" data-element_type=\"widget\" data-e-type=\"widget\" data-widget_type=\"heading.default\">\n\t\t\t\t\t<h2 class=\"elementor-heading-title elementor-size-default\">Bibliografia (selecci\u00f3)<\/h2>\t\t\t\t<\/div>\n\t\t<div class=\"elementor-element elementor-element-iwgs-siegelsalomo-litbox e-con-full e-flex e-con e-parent\" data-id=\"iwgs-siegelsalomo-litbox\" data-element_type=\"container\" data-e-type=\"container\">\n\t\t\t\t<div class=\"elementor-element elementor-element-iwgs-siegelsalomo-litt elementor-widget elementor-widget-html\" data-id=\"iwgs-siegelsalomo-litt\" data-element_type=\"widget\" data-e-type=\"widget\" data-widget_type=\"html.default\">\n\t\t\t\t\t<footer data-nosnippet=\"true\"><ul><li>Pablo A. Torijano: <em>Solomon the Esoteric King<\/em> (2002)<\/li><li>Joshua Trachtenberg: <em>Jewish Magic and Superstition<\/em> (1939)<\/li><li>Gershom Scholem: <em>Das Davidschild. Geschichte eines Symbols<\/em> (1963)<\/li><li>Venetia Porter: <em>Arabic and Persian Seals and Amulets in the British Museum<\/em> (2011)<\/li><li><em>Das Testament Salomos<\/em> (escrit de l'antiguitat tardana)<\/li><\/ul><\/footer>\t\t\t\t<\/div>\n\t\t\t\t<\/div>\n\t\t\t\t\t<\/div>\n\t\t\t\t<\/div>\n\t\t<div class=\"elementor-element elementor-element-iwgs-siegelsalomo-kwd e-flex e-con-boxed e-con e-parent\" data-id=\"iwgs-siegelsalomo-kwd\" data-element_type=\"container\" data-e-type=\"container\">\n\t\t\t\t\t<div class=\"e-con-inner\">\n\t\t\t\t<div class=\"elementor-element elementor-element-iwgs-siegelsalomo-kwdt elementor-widget elementor-widget-text-editor\" data-id=\"iwgs-siegelsalomo-kwdt\" data-element_type=\"widget\" data-e-type=\"widget\" data-widget_type=\"text-editor.default\">\n\t\t\t\t\t\t\t\t\t<p><em>Conceptes clau relacionats: Segell de Salom\u00f3, Salom\u00f3, Sulaiman, anell segellador, esperits, ginn, hexagrama, grimori.<\/em><\/p>\t\t\t\t\t\t\t\t<\/div>\n\t\t\t\t\t<\/div>\n\t\t\t\t<\/div>\n\t\t<div class=\"elementor-element elementor-element-iwgs-siegelsalomo-cc e-flex e-con-boxed e-con e-parent\" data-id=\"iwgs-siegelsalomo-cc\" data-element_type=\"container\" data-e-type=\"container\" id=\"iwg-cc-siegel-salomos\">\n\t\t\t\t\t<div class=\"e-con-inner\">\n\t\t<div class=\"elementor-element elementor-element-iwgs-siegelsalomo-ccinner e-flex e-con-boxed e-con e-parent\" data-id=\"iwgs-siegelsalomo-ccinner\" data-element_type=\"container\" data-e-type=\"container\" data-settings=\"{&quot;background_background&quot;:&quot;classic&quot;}\">\n\t\t\t\t\t<div class=\"e-con-inner\">\n\t\t\t\t<div class=\"elementor-element elementor-element-iwgs-siegelsalomo-cch elementor-widget elementor-widget-heading\" data-id=\"iwgs-siegelsalomo-cch\" data-element_type=\"widget\" data-e-type=\"widget\" data-widget_type=\"heading.default\">\n\t\t\t\t\t<h2 class=\"elementor-heading-title elementor-size-default\">iWell Guard i tradicions de protecci\u00f3<\/h2>\t\t\t\t<\/div>\n\t\t\t\t<div class=\"elementor-element elementor-element-iwgs-siegelsalomo-cct elementor-widget elementor-widget-text-editor\" data-id=\"iwgs-siegelsalomo-cct\" data-element_type=\"widget\" data-e-type=\"widget\" data-widget_type=\"text-editor.default\">\n\t\t\t\t\t\t\t\t\t<p>iWell Guard s&#8217;inscriu en la l\u00ednia hist\u00f2rico-cultural dels objectes protectors portats sobre el cos, a la qual tamb\u00e9 pertany el Segell de Salom\u00f3. Un company modern per a persones que conviuen amb s\u00edmbols protectors: fabricat a Alemanya, 41 capes d&#8217;or, plat\u00ed i plata aut\u00e8ntics, amb dret de devoluci\u00f3 de 30 dies.<\/p>\t\t\t\t\t\t\t\t<\/div>\n\t\t\t\t<div class=\"elementor-element elementor-element-iwgs-siegelsalomo-ccb iwg-cc-button iwg-cc-cta-2026-05-13 elementor-widget elementor-widget-jet-button\" data-id=\"iwgs-siegelsalomo-ccb\" data-element_type=\"widget\" data-e-type=\"widget\" data-widget_type=\"jet-button.default\">\n\t\t\t\t<div class=\"elementor-widget-container\">\n\t\t\t\t\t<div class=\"elementor-jet-button jet-elements\"><div class=\"jet-button__container\"><a class=\"jet-button__instance jet-button__instance--icon-left hover-effect-1\" href=\"\/schutzanhaenger-iwell-guard-kaufen\/?utm_source=iwell-guard.com&amp;utm_medium=info-box&amp;utm_campaign=schutzsymbole\"><div class=\"jet-button__plane jet-button__plane-normal\"><\/div><div class=\"jet-button__plane jet-button__plane-hover\"><\/div><div class=\"jet-button__state jet-button__state-normal\"><span class=\"jet-button__label\">M\u00e9s informaci\u00f3 sobre l'iWell Guard<\/span><\/div><div class=\"jet-button__state jet-button__state-hover\"><span class=\"jet-button__label\">M\u00e9s informaci\u00f3 sobre l'iWell Guard<\/span><\/div><\/a><\/div><\/div><style>.elementor-element.elementor-element-iwgs-siegelsalomo-ccb .jet-button__instance{width:320px;height:56px;}.elementor-element.elementor-element-iwgs-siegelsalomo-ccb .jet-button__state-normal .jet-button__label{text-align:center;margin:0px 0px 0px 0px;color:#1a1b20;font-family:Montserrat,sans-serif;font-size:13px;font-weight:400;letter-spacing:4px;line-height:1.714em;text-transform:uppercase;}.elementor-element.elementor-element-iwgs-siegelsalomo-ccb .jet-button__state-hover .jet-button__label{text-align:center;margin:0px 0px 0px 0px;color:#FECC76;font-family:Montserrat,sans-serif;font-size:13px;font-weight:400;letter-spacing:4px;line-height:1.714em;text-transform:uppercase;}.elementor-element.elementor-element-iwgs-siegelsalomo-ccb .jet-button__plane-normal{background-color:#FECC76;border-style:solid;border-color:#C99540;border-width:2px 2px 2px 2px;}.elementor-element.elementor-element-iwgs-siegelsalomo-ccb .jet-button__plane-hover{background-color:rgba(0,0,0,0.55);border-style:solid;border-color:#FECC76;border-width:2px 2px 2px 2px;}<\/style>\t\t\t\t<\/div>\n\t\t\t\t<\/div>\n\t\t\t\t<div class=\"elementor-element elementor-element-iwgs-siegelsalomo-ccd elementor-widget elementor-widget-text-editor\" data-id=\"iwgs-siegelsalomo-ccd\" data-element_type=\"widget\" data-e-type=\"widget\" data-widget_type=\"text-editor.default\">\n\t\t\t\t\t\t\t\t\t<p style=\"text-align:center;font-size:13px;opacity:0.7;margin-top:14px\" data-nosnippet=\"true\">Les experi\u00e8ncies personals poden variar. No \u00e9s un producte sanitari. No es garanteix cap curaci\u00f3.<\/p>\t\t\t\t\t\t\t\t<\/div>\n\t\t\t\t\t<\/div>\n\t\t\t\t<\/div>\n\t\t\t\t\t<\/div>\n\t\t\t\t<\/div>\n\t\t<div class=\"elementor-element elementor-element-iwgs-siegelsalomo-disc e-flex e-con-boxed e-con e-parent\" data-id=\"iwgs-siegelsalomo-disc\" data-element_type=\"container\" data-e-type=\"container\">\n\t\t\t\t\t<div class=\"e-con-inner\">\n\t\t\t\t<div class=\"elementor-element elementor-element-iwgs-siegelsalomo-discw elementor-widget elementor-widget-html\" data-id=\"iwgs-siegelsalomo-discw\" data-element_type=\"widget\" data-e-type=\"widget\" data-widget_type=\"html.default\">\n\t\t\t\t\t<footer data-nosnippet=\"true\" class=\"iwg-disclaimer-block\"><p data-nosnippet=\"true\">iWell Guard <strong>no \u00e9s un producte sanitari<\/strong> i no substitueix cap tractament m\u00e8dic o psicoterap\u00e8utic. Els continguts presentats aqu\u00ed s\u00f3n una contextualitzaci\u00f3 des de la ci\u00e8ncia de les religions i la hist\u00f2ria cultural, no una promesa d'efecte espiritual.<\/p><\/footer>\t\t\t\t<\/div>\n\t\t\t\t\t<\/div>\n\t\t\t\t<\/div>\n\t\t\t\t<\/div>\n\t\t","protected":false},"excerpt":{"rendered":"","protected":false},"author":3,"featured_media":3512,"parent":0,"menu_order":0,"comment_status":"closed","ping_status":"closed","template":"elementor_header_footer","meta":{"_yoast_wpseo_focuskw":"Segell de Salom\u00f3","_yoast_wpseo_title":"Segell de Salom\u00f3 \u2013 signe sobre els esperits","_yoast_wpseo_metadesc":"El Segell de Salom\u00f3 \u00e9s un signe protector amb el qual, segons la llegenda, el rei Salom\u00f3 va dominar els esperits. S'explica el seu origen i significat.","_yoast_wpseo_meta-robots-noindex":"","_yoast_wpseo_canonical":"","_angie_page":false,"gefaehrdungsstufe":"","wesen_kultur":"","wesen_klasse":"","footnotes":""},"categories":[],"class_list":["post-171936","page","type-page","status-publish","has-post-thumbnail","hentry"],"yoast_head":"<!-- This site is optimized with the Yoast SEO Premium plugin v27.7 (Yoast SEO v28.3) - https:\/\/yoast.com\/product\/yoast-seo-premium-wordpress\/ -->\n<title>Segell de Salom\u00f3 \u2013 signe sobre els esperits<\/title>\n<meta name=\"description\" content=\"El Segell de Salom\u00f3 \u00e9s un signe protector amb el qual, segons la llegenda, el rei Salom\u00f3 va dominar els esperits. S&#039;explica el seu origen i significat.\" \/>\n<meta name=\"robots\" content=\"index, follow, max-snippet:-1, max-image-preview:large, max-video-preview:-1\" \/>\n<link rel=\"canonical\" href=\"https:\/\/iwell-guard.com\/ca\/segell-de-salomo-el-signe-sobre-els-esperits\/\" \/>\n<meta property=\"og:locale\" content=\"ca_ES\" \/>\n<meta property=\"og:type\" content=\"article\" \/>\n<meta property=\"og:title\" content=\"Segell de Salom\u00f3 \u2013 el signe sobre els esperits\" \/>\n<meta property=\"og:description\" content=\"El Segell de Salom\u00f3 \u00e9s un signe protector amb el qual, segons la llegenda, el rei Salom\u00f3 va dominar els esperits. S&#039;explica el seu origen i significat.\" \/>\n<meta property=\"og:url\" content=\"https:\/\/iwell-guard.com\/ca\/segell-de-salomo-el-signe-sobre-els-esperits\/\" \/>\n<meta property=\"og:site_name\" content=\"iWell Guard\" \/>\n<meta property=\"article:modified_time\" content=\"2026-09-05T16:11:04+00:00\" \/>\n<meta property=\"og:image\" content=\"https:\/\/iwell-guard.com\/wp-content\/uploads\/2026\/05\/schutzsymbol_judentum_siegel-salomos.webp\" \/>\n\t<meta property=\"og:image:width\" content=\"1024\" \/>\n\t<meta property=\"og:image:height\" content=\"1536\" \/>\n\t<meta property=\"og:image:type\" content=\"image\/webp\" \/>\n<meta name=\"twitter:card\" content=\"summary_large_image\" \/>\n<script type=\"application\/ld+json\" class=\"yoast-schema-graph\">{\"@context\":\"https:\\\/\\\/schema.org\",\"@graph\":[{\"@type\":\"WebPage\",\"@id\":\"https:\\\/\\\/iwell-guard.com\\\/ca\\\/segell-de-salomo-el-signe-sobre-els-esperits\\\/\",\"url\":\"https:\\\/\\\/iwell-guard.com\\\/ca\\\/segell-de-salomo-el-signe-sobre-els-esperits\\\/\",\"name\":\"Segell de Salom\u00f3 \u2013 signe sobre els esperits\",\"isPartOf\":{\"@id\":\"https:\\\/\\\/iwell-guard.com\\\/ca\\\/#website\"},\"primaryImageOfPage\":{\"@id\":\"https:\\\/\\\/iwell-guard.com\\\/ca\\\/segell-de-salomo-el-signe-sobre-els-esperits\\\/#primaryimage\"},\"image\":{\"@id\":\"https:\\\/\\\/iwell-guard.com\\\/ca\\\/segell-de-salomo-el-signe-sobre-els-esperits\\\/#primaryimage\"},\"thumbnailUrl\":\"https:\\\/\\\/iwell-guard.com\\\/wp-content\\\/uploads\\\/2026\\\/05\\\/schutzsymbol_judentum_siegel-salomos.webp\",\"datePublished\":\"2026-09-05T15:43:42+00:00\",\"dateModified\":\"2026-09-05T16:11:04+00:00\",\"description\":\"El Segell de Salom\u00f3 \u00e9s un signe protector amb el qual, segons la llegenda, el rei Salom\u00f3 va dominar els esperits. S'explica el seu origen i significat.\",\"breadcrumb\":{\"@id\":\"https:\\\/\\\/iwell-guard.com\\\/ca\\\/segell-de-salomo-el-signe-sobre-els-esperits\\\/#breadcrumb\"},\"inLanguage\":\"ca\",\"potentialAction\":[{\"@type\":\"ReadAction\",\"target\":[\"https:\\\/\\\/iwell-guard.com\\\/ca\\\/segell-de-salomo-el-signe-sobre-els-esperits\\\/\"]}]},{\"@type\":\"ImageObject\",\"inLanguage\":\"ca\",\"@id\":\"https:\\\/\\\/iwell-guard.com\\\/ca\\\/segell-de-salomo-el-signe-sobre-els-esperits\\\/#primaryimage\",\"url\":\"https:\\\/\\\/iwell-guard.com\\\/wp-content\\\/uploads\\\/2026\\\/05\\\/schutzsymbol_judentum_siegel-salomos.webp\",\"contentUrl\":\"https:\\\/\\\/iwell-guard.com\\\/wp-content\\\/uploads\\\/2026\\\/05\\\/schutzsymbol_judentum_siegel-salomos.webp\",\"width\":1024,\"height\":1536,\"caption\":\"S\u00edmbol de protecci\u00f3. Il\u00b7lustraci\u00f3 muse\u00edstica de bodeg\u00f3.\"},{\"@type\":\"BreadcrumbList\",\"@id\":\"https:\\\/\\\/iwell-guard.com\\\/ca\\\/segell-de-salomo-el-signe-sobre-els-esperits\\\/#breadcrumb\",\"itemListElement\":[{\"@type\":\"ListItem\",\"position\":1,\"name\":\"Start\",\"item\":\"https:\\\/\\\/iwell-guard.com\\\/ca\\\/?page_id=171333\"},{\"@type\":\"ListItem\",\"position\":2,\"name\":\"Segell de Salom\u00f3 \u2013 el signe sobre els esperits\"}]},{\"@type\":\"WebSite\",\"@id\":\"https:\\\/\\\/iwell-guard.com\\\/ca\\\/#website\",\"url\":\"https:\\\/\\\/iwell-guard.com\\\/ca\\\/\",\"name\":\"iWell Guard\",\"description\":\"Schutz vor dunklen Einfl\u00fcssen\",\"publisher\":{\"@id\":\"https:\\\/\\\/iwell-guard.com\\\/ca\\\/#organization\"},\"potentialAction\":[{\"@type\":\"SearchAction\",\"target\":{\"@type\":\"EntryPoint\",\"urlTemplate\":\"https:\\\/\\\/iwell-guard.com\\\/ca\\\/?s={search_term_string}\"},\"query-input\":{\"@type\":\"PropertyValueSpecification\",\"valueRequired\":true,\"valueName\":\"search_term_string\"}}],\"inLanguage\":\"ca\"},{\"@type\":\"Organization\",\"@id\":\"https:\\\/\\\/iwell-guard.com\\\/ca\\\/#organization\",\"name\":\"Ittermann electronic GmbH\",\"url\":\"https:\\\/\\\/iwell-guard.com\\\/ca\\\/\",\"logo\":{\"@type\":\"ImageObject\",\"inLanguage\":\"ca\",\"@id\":\"https:\\\/\\\/iwell-guard.com\\\/ca\\\/#\\\/schema\\\/logo\\\/image\\\/\",\"url\":\"https:\\\/\\\/iwell-guard.com\\\/wp-content\\\/uploads\\\/2026\\\/05\\\/Ittermann-Logo-1182x237-1.png\",\"contentUrl\":\"https:\\\/\\\/iwell-guard.com\\\/wp-content\\\/uploads\\\/2026\\\/05\\\/Ittermann-Logo-1182x237-1.png\",\"width\":1182,\"height\":237,\"caption\":\"Ittermann electronic GmbH\"},\"image\":{\"@id\":\"https:\\\/\\\/iwell-guard.com\\\/ca\\\/#\\\/schema\\\/logo\\\/image\\\/\"},\"sameAs\":[\"https:\\\/\\\/pantip.com\\\/profile\\\/9367242\",\"https:\\\/\\\/micro.blog\\\/iwellguard\",\"https:\\\/\\\/www.diggerslist.com\\\/iwellguard\\\/about\",\"https:\\\/\\\/skitterphoto.com\\\/photographers\\\/2870314\\\/iwell-guard\",\"https:\\\/\\\/iwellguard.wordpress.com\\\/2026\\\/06\\\/06\\\/iwell-guard\\\/\",\"https:\\\/\\\/hub.docker.com\\\/u\\\/iwellguard\",\"https:\\\/\\\/www.pinterest.com\\\/iwellguard\\\/\",\"https:\\\/\\\/bit.ly\\\/m\\\/iwellguard\",\"https:\\\/\\\/entre-vos-mains.alsace.eu\\\/profiles\\\/iwellguard\\\/activity\",\"https:\\\/\\\/gravatar.com\\\/reallybeded8fd34\",\"https:\\\/\\\/naijamatta.com\\\/iwellguard\",\"https:\\\/\\\/www.goodreads.com\\\/iwellguard\",\"https:\\\/\\\/profile.hatena.ne.jp\\\/iwellguard\\\/\",\"https:\\\/\\\/experiment.com\\\/users\\\/iwellguard\",\"https:\\\/\\\/wakelet.com\\\/@iWellGuard82270\",\"https:\\\/\\\/www.chordie.com\\\/forum\\\/profile.php?id=2555664\",\"https:\\\/\\\/www.instapaper.com\\\/p\\\/17757966\",\"https:\\\/\\\/www.mapleprimes.com\\\/users\\\/iwellguard\",\"https:\\\/\\\/businesslistingplus.com\\\/profile\\\/iwell-guard\\\/\",\"https:\\\/\\\/telegra.ph\\\/iWell-Guard-06-06\",\"https:\\\/\\\/pbase.com\\\/iwellguard\\\/iwellguard\",\"https:\\\/\\\/b.hatena.ne.jp\\\/iwellguard\\\/20260607#bookmark-4788405196491818882\",\"https:\\\/\\\/fliphtml5.com\\\/home\\\/iwellguard\",\"https:\\\/\\\/anyflip.com\\\/homepage\\\/cmiwl#About\",\"https:\\\/\\\/transfur.com\\\/Users\\\/iwellguard\",\"http:\\\/\\\/delphi.larsbo.org\\\/user\\\/iwellguard\",\"https:\\\/\\\/jobs.lajobsportal.org\\\/profiles\\\/8380803-iwell-guard\",\"https:\\\/\\\/md.chaosdorf.de\\\/s\\\/jfbe5SBdJD\",\"https:\\\/\\\/www.lingvolive.com\\\/en-us\\\/profile\\\/9ecaeaca-ce11-4e51-9e71-01d55e2bff36\\\/translations\",\"https:\\\/\\\/www.fitday.com\\\/fitness\\\/forums\\\/members\\\/iwellguard.html\",\"https:\\\/\\\/www.mymeetbook.com\\\/iwellguard\",\"https:\\\/\\\/pxhere.com\\\/en\\\/photographer-me\\\/5040798\",\"https:\\\/\\\/disqus.com\\\/by\\\/iwellguard\\\/about\\\/\",\"https:\\\/\\\/pastelink.net\\\/hjwciqwq\",\"https:\\\/\\\/pubhtml5.com\\\/homepage\\\/scjhn\\\/\",\"https:\\\/\\\/www.bitchute.com\\\/channel\\\/2O2eOKzNqujT\",\"https:\\\/\\\/audiomack.com\\\/iwellguard\"]}]}<\/script>\n<!-- \/ Yoast SEO Premium plugin. -->","yoast_head_json":{"title":"Segell de Salom\u00f3 \u2013 signe sobre els esperits","description":"El Segell de Salom\u00f3 \u00e9s un signe protector amb el qual, segons la llegenda, el rei Salom\u00f3 va dominar els esperits. S'explica el seu origen i significat.","robots":{"index":"index","follow":"follow","max-snippet":"max-snippet:-1","max-image-preview":"max-image-preview:large","max-video-preview":"max-video-preview:-1"},"canonical":"https:\/\/iwell-guard.com\/ca\/segell-de-salomo-el-signe-sobre-els-esperits\/","og_locale":"ca_ES","og_type":"article","og_title":"Segell de Salom\u00f3 \u2013 el signe sobre els esperits","og_description":"El Segell de Salom\u00f3 \u00e9s un signe protector amb el qual, segons la llegenda, el rei Salom\u00f3 va dominar els esperits. S'explica el seu origen i significat.","og_url":"https:\/\/iwell-guard.com\/ca\/segell-de-salomo-el-signe-sobre-els-esperits\/","og_site_name":"iWell Guard","article_modified_time":"2026-09-05T16:11:04+00:00","og_image":[{"width":1024,"height":1536,"url":"https:\/\/iwell-guard.com\/wp-content\/uploads\/2026\/05\/schutzsymbol_judentum_siegel-salomos.webp","type":"image\/webp"}],"twitter_card":"summary_large_image","schema":{"@context":"https:\/\/schema.org","@graph":[{"@type":"WebPage","@id":"https:\/\/iwell-guard.com\/ca\/segell-de-salomo-el-signe-sobre-els-esperits\/","url":"https:\/\/iwell-guard.com\/ca\/segell-de-salomo-el-signe-sobre-els-esperits\/","name":"Segell de Salom\u00f3 \u2013 signe sobre els esperits","isPartOf":{"@id":"https:\/\/iwell-guard.com\/ca\/#website"},"primaryImageOfPage":{"@id":"https:\/\/iwell-guard.com\/ca\/segell-de-salomo-el-signe-sobre-els-esperits\/#primaryimage"},"image":{"@id":"https:\/\/iwell-guard.com\/ca\/segell-de-salomo-el-signe-sobre-els-esperits\/#primaryimage"},"thumbnailUrl":"https:\/\/iwell-guard.com\/wp-content\/uploads\/2026\/05\/schutzsymbol_judentum_siegel-salomos.webp","datePublished":"2026-09-05T15:43:42+00:00","dateModified":"2026-09-05T16:11:04+00:00","description":"El Segell de Salom\u00f3 \u00e9s un signe protector amb el qual, segons la llegenda, el rei Salom\u00f3 va dominar els esperits. S'explica el seu origen i significat.","breadcrumb":{"@id":"https:\/\/iwell-guard.com\/ca\/segell-de-salomo-el-signe-sobre-els-esperits\/#breadcrumb"},"inLanguage":"ca","potentialAction":[{"@type":"ReadAction","target":["https:\/\/iwell-guard.com\/ca\/segell-de-salomo-el-signe-sobre-els-esperits\/"]}]},{"@type":"ImageObject","inLanguage":"ca","@id":"https:\/\/iwell-guard.com\/ca\/segell-de-salomo-el-signe-sobre-els-esperits\/#primaryimage","url":"https:\/\/iwell-guard.com\/wp-content\/uploads\/2026\/05\/schutzsymbol_judentum_siegel-salomos.webp","contentUrl":"https:\/\/iwell-guard.com\/wp-content\/uploads\/2026\/05\/schutzsymbol_judentum_siegel-salomos.webp","width":1024,"height":1536,"caption":"S\u00edmbol de protecci\u00f3. Il\u00b7lustraci\u00f3 muse\u00edstica de bodeg\u00f3."},{"@type":"BreadcrumbList","@id":"https:\/\/iwell-guard.com\/ca\/segell-de-salomo-el-signe-sobre-els-esperits\/#breadcrumb","itemListElement":[{"@type":"ListItem","position":1,"name":"Start","item":"https:\/\/iwell-guard.com\/ca\/?page_id=171333"},{"@type":"ListItem","position":2,"name":"Segell de Salom\u00f3 \u2013 el signe sobre els esperits"}]},{"@type":"WebSite","@id":"https:\/\/iwell-guard.com\/ca\/#website","url":"https:\/\/iwell-guard.com\/ca\/","name":"iWell Guard","description":"Schutz vor dunklen Einfl\u00fcssen","publisher":{"@id":"https:\/\/iwell-guard.com\/ca\/#organization"},"potentialAction":[{"@type":"SearchAction","target":{"@type":"EntryPoint","urlTemplate":"https:\/\/iwell-guard.com\/ca\/?s={search_term_string}"},"query-input":{"@type":"PropertyValueSpecification","valueRequired":true,"valueName":"search_term_string"}}],"inLanguage":"ca"},{"@type":"Organization","@id":"https:\/\/iwell-guard.com\/ca\/#organization","name":"Ittermann electronic GmbH","url":"https:\/\/iwell-guard.com\/ca\/","logo":{"@type":"ImageObject","inLanguage":"ca","@id":"https:\/\/iwell-guard.com\/ca\/#\/schema\/logo\/image\/","url":"https:\/\/iwell-guard.com\/wp-content\/uploads\/2026\/05\/Ittermann-Logo-1182x237-1.png","contentUrl":"https:\/\/iwell-guard.com\/wp-content\/uploads\/2026\/05\/Ittermann-Logo-1182x237-1.png","width":1182,"height":237,"caption":"Ittermann electronic GmbH"},"image":{"@id":"https:\/\/iwell-guard.com\/ca\/#\/schema\/logo\/image\/"},"sameAs":["https:\/\/pantip.com\/profile\/9367242","https:\/\/micro.blog\/iwellguard","https:\/\/www.diggerslist.com\/iwellguard\/about","https:\/\/skitterphoto.com\/photographers\/2870314\/iwell-guard","https:\/\/iwellguard.wordpress.com\/2026\/06\/06\/iwell-guard\/","https:\/\/hub.docker.com\/u\/iwellguard","https:\/\/www.pinterest.com\/iwellguard\/","https:\/\/bit.ly\/m\/iwellguard","https:\/\/entre-vos-mains.alsace.eu\/profiles\/iwellguard\/activity","https:\/\/gravatar.com\/reallybeded8fd34","https:\/\/naijamatta.com\/iwellguard","https:\/\/www.goodreads.com\/iwellguard","https:\/\/profile.hatena.ne.jp\/iwellguard\/","https:\/\/experiment.com\/users\/iwellguard","https:\/\/wakelet.com\/@iWellGuard82270","https:\/\/www.chordie.com\/forum\/profile.php?id=2555664","https:\/\/www.instapaper.com\/p\/17757966","https:\/\/www.mapleprimes.com\/users\/iwellguard","https:\/\/businesslistingplus.com\/profile\/iwell-guard\/","https:\/\/telegra.ph\/iWell-Guard-06-06","https:\/\/pbase.com\/iwellguard\/iwellguard","https:\/\/b.hatena.ne.jp\/iwellguard\/20260607#bookmark-4788405196491818882","https:\/\/fliphtml5.com\/home\/iwellguard","https:\/\/anyflip.com\/homepage\/cmiwl#About","https:\/\/transfur.com\/Users\/iwellguard","http:\/\/delphi.larsbo.org\/user\/iwellguard","https:\/\/jobs.lajobsportal.org\/profiles\/8380803-iwell-guard","https:\/\/md.chaosdorf.de\/s\/jfbe5SBdJD","https:\/\/www.lingvolive.com\/en-us\/profile\/9ecaeaca-ce11-4e51-9e71-01d55e2bff36\/translations","https:\/\/www.fitday.com\/fitness\/forums\/members\/iwellguard.html","https:\/\/www.mymeetbook.com\/iwellguard","https:\/\/pxhere.com\/en\/photographer-me\/5040798","https:\/\/disqus.com\/by\/iwellguard\/about\/","https:\/\/pastelink.net\/hjwciqwq","https:\/\/pubhtml5.com\/homepage\/scjhn\/","https:\/\/www.bitchute.com\/channel\/2O2eOKzNqujT","https:\/\/audiomack.com\/iwellguard"]}]}},"_links":{"self":[{"href":"https:\/\/iwell-guard.com\/ca\/wp-json\/wp\/v2\/pages\/171936","targetHints":{"allow":["GET"]}}],"collection":[{"href":"https:\/\/iwell-guard.com\/ca\/wp-json\/wp\/v2\/pages"}],"about":[{"href":"https:\/\/iwell-guard.com\/ca\/wp-json\/wp\/v2\/types\/page"}],"author":[{"embeddable":true,"href":"https:\/\/iwell-guard.com\/ca\/wp-json\/wp\/v2\/users\/3"}],"replies":[{"embeddable":true,"href":"https:\/\/iwell-guard.com\/ca\/wp-json\/wp\/v2\/comments?post=171936"}],"version-history":[{"count":0,"href":"https:\/\/iwell-guard.com\/ca\/wp-json\/wp\/v2\/pages\/171936\/revisions"}],"wp:featuredmedia":[{"embeddable":true,"href":"https:\/\/iwell-guard.com\/ca\/wp-json\/wp\/v2\/media\/3512"}],"wp:attachment":[{"href":"https:\/\/iwell-guard.com\/ca\/wp-json\/wp\/v2\/media?parent=171936"}],"wp:term":[{"taxonomy":"category","embeddable":true,"href":"https:\/\/iwell-guard.com\/ca\/wp-json\/wp\/v2\/categories?post=171936"}],"curies":[{"name":"wp","href":"https:\/\/api.w.org\/{rel}","templated":true}]}}