{"id":171935,"date":"2026-09-05T15:43:42","date_gmt":"2026-09-05T15:43:42","guid":{"rendered":"https:\/\/iwell-guard.com\/?page_id=171935"},"modified":"2026-09-05T16:11:03","modified_gmt":"2026-09-05T16:11:03","slug":"schiwiti-tafel-imatge-devocional-jueva","status":"publish","type":"page","link":"https:\/\/iwell-guard.com\/ca\/schiwiti-tafel-imatge-devocional-jueva\/","title":{"rendered":"Taula de Schiwiti \u2013 la imatge devocional i protectora jueva"},"content":{"rendered":"\t\t<div data-elementor-type=\"wp-page\" data-elementor-id=\"171935\" class=\"elementor elementor-171935 elementor-3673 elementor-bc-flex-widget\" data-elementor-post-type=\"page\">\n\t\t\t\t<div class=\"elementor-element elementor-element-iwgs-schiwititafe-hero e-flex e-con-boxed e-con e-parent\" data-id=\"iwgs-schiwititafe-hero\" data-element_type=\"container\" data-e-type=\"container\">\n\t\t\t\t\t<div class=\"e-con-inner\">\n\t\t<div class=\"elementor-element elementor-element-iwgs-schiwititafe-hl e-flex e-con-boxed e-con e-parent\" data-id=\"iwgs-schiwititafe-hl\" data-element_type=\"container\" data-e-type=\"container\">\n\t\t\t\t\t<div class=\"e-con-inner\">\n\t\t<div class=\"elementor-element elementor-element-iwgs-schiwititafe-hlbox e-con-full e-flex e-con e-parent\" data-id=\"iwgs-schiwititafe-hlbox\" data-element_type=\"container\" data-e-type=\"container\">\n\t\t\t\t<div class=\"elementor-element elementor-element-iwgs-schiwititafe-h1 elementor-widget elementor-widget-heading\" data-id=\"iwgs-schiwititafe-h1\" data-element_type=\"widget\" data-e-type=\"widget\" data-widget_type=\"heading.default\">\n\t\t\t\t\t<h1 class=\"elementor-heading-title elementor-size-default\">La taula de Schiwiti \u2013 la imatge devocional i protectora jueva<\/h1>\t\t\t\t<\/div>\n\t\t\t\t<div class=\"elementor-element elementor-element-iwgs-schiwititafe-lead elementor-widget elementor-widget-text-editor\" data-id=\"iwgs-schiwititafe-lead\" data-element_type=\"widget\" data-e-type=\"widget\" data-widget_type=\"text-editor.default\">\n\t\t\t\t\t\t\t\t\t<p>La taula de Schiwiti \u00e9s una imatge devocional jueva. El seu nom prov\u00e9 d&#8217;un vers dels Salms, i t\u00e9 la funci\u00f3 de recordar al qui prega la pres\u00e8ncia constant de D\u00e9u. En els seus noms de D\u00e9u hi ha alhora un tret protector.<\/p>\n<p class=\"iwg-kwfix\">La taula de Schiwiti \u00e9s alhora imatge devocional i imatge protectora en la llar jueva.<\/p>\t\t\t\t\t\t\t\t<\/div>\n\t\t\t\t<\/div>\n\t\t\t\t<div class=\"elementor-element elementor-element-iwgs-schiwititafe-pills elementor-widget elementor-widget-html\" data-id=\"iwgs-schiwititafe-pills\" data-element_type=\"widget\" data-e-type=\"widget\" data-widget_type=\"html.default\">\n\t\t\t\t\t<div class=\"iwg-pill-row\"><span class=\"iwg-klasse-badge\" tabindex=\"0\" data-tooltip=\"S\u00edmbol protector, amulet o objecte apotropaic.\">S\u00edmbol protector<\/span><a href=\"https:\/\/iwell-guard.com\/ca\/judaisme\/\" class=\"iwg-kultur-badge\" tabindex=\"0\" data-tooltip=\"Tradici\u00f3 protectora: Judaisme\">Judaisme<\/a><span class=\"iwg-tradition-badge\" tabindex=\"0\" data-tooltip=\"Una imatge per a la contemplaci\u00f3 religiosa personal.\">Imatge devocional<\/span><\/div>\t\t\t\t<\/div>\n\t\t\t\t\t<\/div>\n\t\t\t\t<\/div>\n\t\t<div class=\"elementor-element elementor-element-iwgs-schiwititafe-hr e-con-full e-flex e-con e-parent\" data-id=\"iwgs-schiwititafe-hr\" data-element_type=\"container\" data-e-type=\"container\">\n\t\t\t\t<div class=\"elementor-element elementor-element-iwgs-schiwititafe-himg iwg-hero-image elementor-widget elementor-widget-image\" data-id=\"iwgs-schiwititafe-himg\" data-element_type=\"widget\" data-e-type=\"widget\" data-widget_type=\"image.default\">\n\t\t\t\t\t\t\t\t\t\t\t\t\t\t\t<img fetchpriority=\"high\" decoding=\"async\" width=\"683\" height=\"1024\" src=\"https:\/\/iwell-guard.com\/wp-content\/uploads\/2026\/05\/schutzsymbol_judentum_schiwiti-683x1024.webp\" class=\"attachment-large size-large wp-image-3501\" alt=\"Taula de Schiwiti \u2013 la imatge devocional i protectora jueva\" srcset=\"https:\/\/iwell-guard.com\/wp-content\/uploads\/2026\/05\/schutzsymbol_judentum_schiwiti-683x1024.webp 683w, https:\/\/iwell-guard.com\/wp-content\/uploads\/2026\/05\/schutzsymbol_judentum_schiwiti-200x300.webp 200w, https:\/\/iwell-guard.com\/wp-content\/uploads\/2026\/05\/schutzsymbol_judentum_schiwiti-768x1152.webp 768w, https:\/\/iwell-guard.com\/wp-content\/uploads\/2026\/05\/schutzsymbol_judentum_schiwiti.webp 1024w\" sizes=\"(max-width: 683px) 100vw, 683px\" \/>\t\t\t\t\t\t\t\t\t\t\t\t\t\t\t<\/div>\n\t\t\t\t<\/div>\n\t\t\t\t\t<\/div>\n\t\t\t\t<\/div>\n\t\t<div class=\"elementor-element elementor-element-iwgs-schiwititafe-s0 e-flex e-con-boxed e-con e-parent\" data-id=\"iwgs-schiwititafe-s0\" data-element_type=\"container\" data-e-type=\"container\">\n\t\t\t\t\t<div class=\"e-con-inner\">\n\t\t\t\t<div class=\"elementor-element elementor-element-iwgs-schiwititafe-s0h elementor-widget elementor-widget-heading\" data-id=\"iwgs-schiwititafe-s0h\" data-element_type=\"widget\" data-e-type=\"widget\" data-widget_type=\"heading.default\">\n\t\t\t\t\t<h2 class=\"elementor-heading-title elementor-size-default\">Introducci\u00f3<\/h2>\t\t\t\t<\/div>\n\t\t<div class=\"elementor-element elementor-element-iwgs-schiwititafe-s0box e-con-full e-flex e-con e-parent\" data-id=\"iwgs-schiwititafe-s0box\" data-element_type=\"container\" data-e-type=\"container\">\n\t\t\t\t<div class=\"elementor-element elementor-element-iwgs-schiwititafe-s0t elementor-widget elementor-widget-text-editor\" data-id=\"iwgs-schiwititafe-s0t\" data-element_type=\"widget\" data-e-type=\"widget\" data-widget_type=\"text-editor.default\">\n\t\t\t\t\t\t\t\t\t<p>La taula de Schiwiti \u00e9s una imatge devocional de la tradici\u00f3 jueva. \u00c9s una tauleta o un full emmarcat, decorat amb paraules i signes sagrats.<\/p><p>La taula de Schiwiti rep el seu nom d&#8217;una paraula dels Salms. La paraula hebrea amb la qual comen\u00e7a un determinat vers dels Salms \u00e9s Schiwiti, i d&#8217;aqu\u00ed prov\u00e9 el nom de la taula.<\/p><p>La taula de Schiwiti \u00e9s, en primer lloc, una imatge devocional. T\u00e9 la funci\u00f3 de recollir el qui prega i recordar-li la pres\u00e8ncia constant de D\u00e9u.<\/p><p>M\u00e9s enll\u00e0 d&#8217;aquesta funci\u00f3 devocional, la taula de Schiwiti t\u00e9 un tret protector. Cont\u00e9 noms de D\u00e9u i paraules sagrades a les quals la tradici\u00f3 jueva atribueix una for\u00e7a preservadora.<\/p><p>En les <span class=\"iwg-fachbegriff\" data-tooltip=\"La ci\u00e8ncia que estudia les religions de manera comparativa i sense vinculaci\u00f3 de fe.\" tabindex=\"0\">ci\u00e8ncies de la religi\u00f3<\/span>, la taula de Schiwiti \u00e9s un bon exemple d&#8217;un objecte en el qual <span class=\"iwg-fachbegriff\" data-tooltip=\"Un moment breu de recolliment religi\u00f3s personal o comunitari.\" tabindex=\"0\">devoci\u00f3<\/span> i protecci\u00f3 s&#8217;entrellacen. \u00c9s menys un <span class=\"iwg-fachbegriff\" data-tooltip=\"Un objecte portat al cos al qual s'atribueix un efecte protector i que allunya la desgr\u00e0cia.\" tabindex=\"0\">amulet<\/span> defensiu que una imatge de recolliment que alhora protegeix.<\/p><p>La taula de Schiwiti mostra aix\u00ed que la frontera entre imatge devocional i signe protector no \u00e9s n\u00edtida. Una imatge que orienta cap a D\u00e9u pot alhora entendre&#8217;s com una protecci\u00f3.<\/p>\t\t\t\t\t\t\t\t<\/div>\n\t\t\t\t<\/div>\n\t\t\t\t\t<\/div>\n\t\t\t\t<\/div>\n\t\t<div class=\"elementor-element elementor-element-iwgs-schiwititafe-s1 e-flex e-con-boxed e-con e-parent\" data-id=\"iwgs-schiwititafe-s1\" data-element_type=\"container\" data-e-type=\"container\">\n\t\t\t\t\t<div class=\"e-con-inner\">\n\t\t\t\t<div class=\"elementor-element elementor-element-iwgs-schiwititafe-s1h elementor-widget elementor-widget-heading\" data-id=\"iwgs-schiwititafe-s1h\" data-element_type=\"widget\" data-e-type=\"widget\" data-widget_type=\"heading.default\">\n\t\t\t\t\t<h2 class=\"elementor-heading-title elementor-size-default\">El vers dels Salms Schiwiti<\/h2>\t\t\t\t<\/div>\n\t\t<div class=\"elementor-element elementor-element-iwgs-schiwititafe-s1box e-con-full e-flex e-con e-parent\" data-id=\"iwgs-schiwititafe-s1box\" data-element_type=\"container\" data-e-type=\"container\">\n\t\t\t\t<div class=\"elementor-element elementor-element-iwgs-schiwititafe-s1t elementor-widget elementor-widget-text-editor\" data-id=\"iwgs-schiwititafe-s1t\" data-element_type=\"widget\" data-e-type=\"widget\" data-widget_type=\"text-editor.default\">\n\t\t\t\t\t\t\t\t\t<p>Al centre de la taula de Schiwiti hi ha un vers concret dels Salms. \u00c9s un vers que parla de l&#8217;orientaci\u00f3 constant de l&#8217;\u00e9sser hum\u00e0 cap a D\u00e9u.<\/p><p>El vers diu, en ess\u00e8ncia, que el qui prega es posa D\u00e9u davant els ulls cont\u00ednuament. La persona mant\u00e9 present davant els ulls la pres\u00e8ncia de D\u00e9u sense parar, en tot el que fa.<\/p><p>Amb aquesta paraula, Schiwiti, comen\u00e7a el vers hebreu. Significa quelcom com jo he posat o em poso davant els ulls. Aquesta primera paraula va donar nom a la taula.<\/p><p>El vers expressa una actitud fonamental de la <span class=\"iwg-fachbegriff\" data-tooltip=\"L'actitud i la pr\u00e0ctica religiosa viscuda d'una persona.\" tabindex=\"0\">pietat<\/span> jueva. La persona ha de viure amb la consci\u00e8ncia que D\u00e9u \u00e9s sempre present i que els seus actes tenen lloc davant D\u00e9u.<\/p><p>La taula de Schiwiti fa visible aquesta actitud fonamental. \u00c9s, per dir-ho aix\u00ed, el vers dels Salms en forma d&#8217;imatge, un objecte que fa present l&#8217;orientaci\u00f3 constant cap a D\u00e9u.<\/p><p>D&#8217;aquest vers deriva la funci\u00f3 de la taula. Ha de recordar al qui prega que es posi D\u00e9u davant els ulls cont\u00ednuament, i ha d&#8217;ajudar-lo en aix\u00f2.<\/p>\t\t\t\t\t\t\t\t<\/div>\n\t\t\t\t<\/div>\n\t\t\t\t\t<\/div>\n\t\t\t\t<\/div>\n\t\t<div class=\"elementor-element elementor-element-iwgs-schiwititafe-s2 e-flex e-con-boxed e-con e-parent\" data-id=\"iwgs-schiwititafe-s2\" data-element_type=\"container\" data-e-type=\"container\">\n\t\t\t\t\t<div class=\"e-con-inner\">\n\t\t\t\t<div class=\"elementor-element elementor-element-iwgs-schiwititafe-s2h elementor-widget elementor-widget-heading\" data-id=\"iwgs-schiwititafe-s2h\" data-element_type=\"widget\" data-e-type=\"widget\" data-widget_type=\"heading.default\">\n\t\t\t\t\t<h2 class=\"elementor-heading-title elementor-size-default\">Forma de la taula<\/h2>\t\t\t\t<\/div>\n\t\t<div class=\"elementor-element elementor-element-iwgs-schiwititafe-s2box e-con-full e-flex e-con e-parent\" data-id=\"iwgs-schiwititafe-s2box\" data-element_type=\"container\" data-e-type=\"container\">\n\t\t\t\t<div class=\"elementor-element elementor-element-iwgs-schiwititafe-s2t elementor-widget elementor-widget-text-editor\" data-id=\"iwgs-schiwititafe-s2t\" data-element_type=\"widget\" data-e-type=\"widget\" data-widget_type=\"text-editor.default\">\n\t\t\t\t\t\t\t\t\t<p>La taula de Schiwiti \u00e9s, en la majoria dels casos, un full emmarcat o una tauleta que es penja a la paret. La seva composici\u00f3 \u00e9s art\u00edstica i segueix determinats patrons transmesos.<\/p><p>Al centre hi ha sovint el nom de D\u00e9u, representat de manera destacada i sovint amb lletres grans. Al voltant seu s&#8217;ordenen altres paraules sagrades, versets i noms.<\/p><p>Un patr\u00f3 de composici\u00f3 especialment est\u00e8s \u00e9s la forma del canelobre de set bra\u00e7os. Un salm s&#8217;hi escriu de manera que les seves l\u00ednies reprodueixen la forma del canelobre.<\/p><p>Aquesta escriptura en forma d&#8217;imatge s&#8217;anomena micrografia. A partir de lletres escrites min\u00fasculament es formen imatges i patrons. La taula de Schiwiti \u00e9s un exemple conegut d&#8217;aquest art.<\/p><p>Les taules podien estar ricament decorades. A m\u00e9s de l&#8217;escriptura, portaven patrons, ornaments i altres signes de la tradici\u00f3 iconogr\u00e0fica jueva.<\/p><p>En la uni\u00f3 art\u00edstica d&#8217;escriptura sagrada i imatge hi ha un tret essencial de la taula de Schiwiti. \u00c9s alhora escriptura i imatge, una imatge devocional configurada a partir de paraules sagrades.<\/p>\t\t\t\t\t\t\t\t<\/div>\n\t\t\t\t<\/div>\n\t\t\t\t\t<\/div>\n\t\t\t\t<\/div>\n\t\t<div class=\"elementor-element elementor-element-iwgs-schiwititafe-s3 e-flex e-con-boxed e-con e-parent\" data-id=\"iwgs-schiwititafe-s3\" data-element_type=\"container\" data-e-type=\"container\">\n\t\t\t\t\t<div class=\"e-con-inner\">\n\t\t\t\t<div class=\"elementor-element elementor-element-iwgs-schiwititafe-s3h elementor-widget elementor-widget-heading\" data-id=\"iwgs-schiwititafe-s3h\" data-element_type=\"widget\" data-e-type=\"widget\" data-widget_type=\"heading.default\">\n\t\t\t\t\t<h2 class=\"elementor-heading-title elementor-size-default\">La taula de Schiwiti a la sinagoga<\/h2>\t\t\t\t<\/div>\n\t\t<div class=\"elementor-element elementor-element-iwgs-schiwititafe-s3box e-con-full e-flex e-con e-parent\" data-id=\"iwgs-schiwititafe-s3box\" data-element_type=\"container\" data-e-type=\"container\">\n\t\t\t\t<div class=\"elementor-element elementor-element-iwgs-schiwititafe-s3t elementor-widget elementor-widget-text-editor\" data-id=\"iwgs-schiwititafe-s3t\" data-element_type=\"widget\" data-e-type=\"widget\" data-widget_type=\"text-editor.default\">\n\t\t\t\t\t\t\t\t\t<p>La taula de Schiwiti t\u00e9 el seu lloc sobretot a la sinagoga, l&#8217;espai jueu de reuni\u00f3 i preg\u00e0ria.<\/p><p>A la sinagoga, la taula es col\u00b7loca sovint al lloc on es troba el rab\u00ed que dirigeix la preg\u00e0ria. Aquest dirigeix el <span class=\"iwg-fachbegriff\" data-tooltip=\"La direcci\u00f3 verbal d'una persona cap a una divinitat.\" tabindex=\"0\">resar<\/span> comunitari, i davant seu penja la taula de Schiwiti.<\/p><p>Per a qui dirigeix la preg\u00e0ria, la taula compleix una funci\u00f3 precisa. Li mant\u00e9 davant els ulls el vers dels Salms i el nom de D\u00e9u, i li recorda que ha de dur a terme el seu <span class=\"iwg-fachbegriff\" data-tooltip=\"La direcci\u00f3 verbal d'una persona cap a una divinitat.\" tabindex=\"0\">resar<\/span> amb l&#8217;actitud correcta i orientat cap a D\u00e9u.<\/p><p>La taula de Schiwiti \u00e9s, doncs, un instrument de <span class=\"iwg-fachbegriff\" data-tooltip=\"Un moment breu de recolliment religi\u00f3s personal o comunitari.\" tabindex=\"0\">devoci\u00f3<\/span>. Ajuda el recolliment del qui prega i orienta el seu <span class=\"iwg-fachbegriff\" data-tooltip=\"Un \u00e9sser sense cos al qual s'atribueix efecte en el m\u00f3n.\" tabindex=\"0\">esperit<\/span> cap al <span class=\"iwg-fachbegriff\" data-tooltip=\"La direcci\u00f3 verbal d'una persona cap a una divinitat.\" tabindex=\"0\">resar<\/span>.<\/p><p>A m\u00e9s del lloc de qui dirigeix la preg\u00e0ria, la taula de Schiwiti tamb\u00e9 es podia col\u00b7locar en altres punts de la sinagoga. Sempre servia la mateixa finalitat, l&#8217;orientaci\u00f3 cap a la pres\u00e8ncia de D\u00e9u.<\/p><p>La taula de Schiwiti forma part, doncs, del parament de l&#8217;espai de preg\u00e0ria jueu. \u00c9s una imatge devocional que acompanya i sost\u00e9 el <span class=\"iwg-fachbegriff\" data-tooltip=\"La direcci\u00f3 verbal d'una persona cap a una divinitat.\" tabindex=\"0\">resar<\/span> comunitari i personal.<\/p>\t\t\t\t\t\t\t\t<\/div>\n\t\t\t\t<\/div>\n\t\t\t\t\t<\/div>\n\t\t\t\t<\/div>\n\t\t<div class=\"elementor-element elementor-element-iwgs-schiwititafe-s4 e-flex e-con-boxed e-con e-parent\" data-id=\"iwgs-schiwititafe-s4\" data-element_type=\"container\" data-e-type=\"container\">\n\t\t\t\t\t<div class=\"e-con-inner\">\n\t\t\t\t<div class=\"elementor-element elementor-element-iwgs-schiwititafe-s4h elementor-widget elementor-widget-heading\" data-id=\"iwgs-schiwititafe-s4h\" data-element_type=\"widget\" data-e-type=\"widget\" data-widget_type=\"heading.default\">\n\t\t\t\t\t<h2 class=\"elementor-heading-title elementor-size-default\">La taula de Schiwiti a la llar<\/h2>\t\t\t\t<\/div>\n\t\t<div class=\"elementor-element elementor-element-iwgs-schiwititafe-s4box e-con-full e-flex e-con e-parent\" data-id=\"iwgs-schiwititafe-s4box\" data-element_type=\"container\" data-e-type=\"container\">\n\t\t\t\t<div class=\"elementor-element elementor-element-iwgs-schiwititafe-s4t elementor-widget elementor-widget-text-editor\" data-id=\"iwgs-schiwititafe-s4t\" data-element_type=\"widget\" data-e-type=\"widget\" data-widget_type=\"text-editor.default\">\n\t\t\t\t\t\t\t\t\t<p>La taula Schiwiti no es limitava a la sinagoga. Tamb\u00e9 a les cases i habitatges hi trobava el seu lloc.<\/p><p>Col\u00b7locada a la casa, la taula recordava als habitants la pres\u00e8ncia constant de D\u00e9u. Traspassava l&#8217;actitud del vers del salm de l&#8217;espai de preg\u00e0ria a l&#8217;espai dom\u00e8stic.<\/p><p>Una taula Schiwiti a la casa posava l&#8217;espai dom\u00e8stic sota el signe de la pres\u00e8ncia de D\u00e9u. Qui la veia era recordat de la seva fe i de l&#8217;actitud de vida correcta.<\/p><p>En aquest \u00fas dom\u00e8stic, el tret protector de la taula es fa m\u00e9s evident. Una casa on s\u00f3n presents el nom de D\u00e9u i el vers del salm es considerava bene\u00efda i protegida.<\/p><p>Amb aix\u00f2, la taula Schiwiti s&#8217;acosta a altres signes dom\u00e8stics jueus, especialment a la mezuz\u00e0, la c\u00e0psula d&#8217;escriptura al muntant de la porta. Totes dues posen la casa sota el signe de les paraules sagrades.<\/p><p>La taula Schiwiti cobreix aix\u00ed tots dos \u00e0mbits, l&#8217;espai de preg\u00e0ria i la casa. En tots dos compleix la mateixa funci\u00f3, l&#8217;orientaci\u00f3 cap a la pres\u00e8ncia de D\u00e9u.<\/p>\t\t\t\t\t\t\t\t<\/div>\n\t\t\t\t<\/div>\n\t\t\t\t\t<\/div>\n\t\t\t\t<\/div>\n\t\t<div class=\"elementor-element elementor-element-iwgs-schiwititafe-s5 e-flex e-con-boxed e-con e-parent\" data-id=\"iwgs-schiwititafe-s5\" data-element_type=\"container\" data-e-type=\"container\">\n\t\t\t\t\t<div class=\"e-con-inner\">\n\t\t\t\t<div class=\"elementor-element elementor-element-iwgs-schiwititafe-s5h elementor-widget elementor-widget-heading\" data-id=\"iwgs-schiwititafe-s5h\" data-element_type=\"widget\" data-e-type=\"widget\" data-widget_type=\"heading.default\">\n\t\t\t\t\t<h2 class=\"elementor-heading-title elementor-size-default\">Devoci\u00f3 i protecci\u00f3<\/h2>\t\t\t\t<\/div>\n\t\t<div class=\"elementor-element elementor-element-iwgs-schiwititafe-s5box e-con-full e-flex e-con e-parent\" data-id=\"iwgs-schiwititafe-s5box\" data-element_type=\"container\" data-e-type=\"container\">\n\t\t\t\t<div class=\"elementor-element elementor-element-iwgs-schiwititafe-s5t elementor-widget elementor-widget-text-editor\" data-id=\"iwgs-schiwititafe-s5t\" data-element_type=\"widget\" data-e-type=\"widget\" data-widget_type=\"text-editor.default\">\n\t\t\t\t\t\t\t\t\t<p>La taula Schiwiti \u00e9s, en primer lloc, una imatge devocional. La seva funci\u00f3 principal \u00e9s la concentraci\u00f3 de qui prega i el record de la pres\u00e8ncia de D\u00e9u.<\/p><p>Alhora, la taula porta un tret protector. Aquest deriva del seu contingut, ja que la taula cont\u00e9 noms de D\u00e9u i paraules sagrades.<\/p><p>En la tradici\u00f3 jueva s&#8217;atribueix als noms de D\u00e9u i a les paraules sagrades una for\u00e7a preservadora. Un espai on s\u00f3n presents es considera posat sota protecci\u00f3.<\/p><p>La taula Schiwiti actua aix\u00ed de manera semblant a un signe de benedicci\u00f3. No repel\u00b7leix mitjan\u00e7ant una imatge esfere\u00efdora ni captura cap mirada. Santifica un espai fent present la pres\u00e8ncia de D\u00e9u.<\/p><p><span class=\"iwg-fachbegriff\" data-tooltip=\"Una breu reflexi\u00f3 religiosa, personal o comunit\u00e0ria.\" tabindex=\"0\">Devoci\u00f3<\/span> i protecci\u00f3 s&#8217;entrellacen en la taula Schiwiti. L&#8217;orientaci\u00f3 cap a D\u00e9u \u00e9s alhora una col\u00b7locaci\u00f3 sota la seva protecci\u00f3. Qui es posa D\u00e9u davant els ulls se sap resguardat en la seva proximitat.<\/p><p>La taula Schiwiti \u00e9s aix\u00ed un bon exemple de com una imatge devocional i un signe de protecci\u00f3 poden estar molt a prop. \u00c9s totes dues coses, una imatge de concentraci\u00f3 i un signe de protecci\u00f3 a trav\u00e9s de la pres\u00e8ncia de D\u00e9u.<\/p>\t\t\t\t\t\t\t\t<\/div>\n\t\t\t\t<\/div>\n\t\t\t\t\t<\/div>\n\t\t\t\t<\/div>\n\t\t<div class=\"elementor-element elementor-element-iwgs-schiwititafe-s6 e-flex e-con-boxed e-con e-parent\" data-id=\"iwgs-schiwititafe-s6\" data-element_type=\"container\" data-e-type=\"container\">\n\t\t\t\t\t<div class=\"e-con-inner\">\n\t\t\t\t<div class=\"elementor-element elementor-element-iwgs-schiwititafe-s6h elementor-widget elementor-widget-heading\" data-id=\"iwgs-schiwititafe-s6h\" data-element_type=\"widget\" data-e-type=\"widget\" data-widget_type=\"heading.default\">\n\t\t\t\t\t<h2 class=\"elementor-heading-title elementor-size-default\">La taula Schiwiti i la mezuz\u00e0<\/h2>\t\t\t\t<\/div>\n\t\t<div class=\"elementor-element elementor-element-iwgs-schiwititafe-s6box e-con-full e-flex e-con e-parent\" data-id=\"iwgs-schiwititafe-s6box\" data-element_type=\"container\" data-e-type=\"container\">\n\t\t\t\t<div class=\"elementor-element elementor-element-iwgs-schiwititafe-s6t elementor-widget elementor-widget-text-editor\" data-id=\"iwgs-schiwititafe-s6t\" data-element_type=\"widget\" data-e-type=\"widget\" data-widget_type=\"text-editor.default\">\n\t\t\t\t\t\t\t\t\t<p>La taula Schiwiti es pot comparar b\u00e9 amb un altre signe dom\u00e8stic jueu, la mezuz\u00e0. Totes dues posen una casa o un espai sota el signe de les paraules sagrades.<\/p><p>La mezuz\u00e0 \u00e9s una petita c\u00e0psula al muntant de la porta que cont\u00e9 un pergam\u00ed escrit amb paraules de la <span class=\"iwg-fachbegriff\" data-tooltip=\"Els cinc llibres de Mois\u00e8s, el fons escriptural fonamental del judaisme.\" tabindex=\"0\">Tor\u00e0<\/span>. Marca el llindar de la casa jueva.<\/p><p>La taula Schiwiti, en canvi, \u00e9s una imatge devocional m\u00e9s gran i visible a l&#8217;interior de l&#8217;espai. No est\u00e0 col\u00b7locada al llindar, sin\u00f3 all\u00e0 on cau la mirada de qui prega.<\/p><p>Totes dues pertanyen a la tradici\u00f3 jueva de les paraules sagrades en l&#8217;espai dom\u00e8stic i de preg\u00e0ria. Totes dues uneixen la pres\u00e8ncia de les paraules sagrades amb la protecci\u00f3 i amb l&#8217;actitud de vida correcta.<\/p><p>Es complementen m\u00fatuament. La mezuz\u00e0 assegura el llindar, la taula Schiwiti orienta a l&#8217;interior l&#8217;<span class=\"iwg-fachbegriff\" data-tooltip=\"Un \u00e9sser incorpori al qual s'atribueix efecte en el m\u00f3n.\" tabindex=\"0\">esperit<\/span> cap a D\u00e9u. Juntes posen la casa sota el signe de les paraules sagrades.<\/p><p>La taula Schiwiti i la mezuz\u00e0 mostren aix\u00ed com la tradici\u00f3 jueva configurava l&#8217;espai dom\u00e8stic i de preg\u00e0ria. Paraules sagrades al llindar i a l&#8217;interior de l&#8217;espai acompanyaven la vida quotidiana.<\/p>\t\t\t\t\t\t\t\t<\/div>\n\t\t\t\t<\/div>\n\t\t\t\t\t<\/div>\n\t\t\t\t<\/div>\n\t\t<div class=\"elementor-element elementor-element-iwgs-schiwititafe-s7 e-flex e-con-boxed e-con e-parent\" data-id=\"iwgs-schiwititafe-s7\" data-element_type=\"container\" data-e-type=\"container\">\n\t\t\t\t\t<div class=\"e-con-inner\">\n\t\t\t\t<div class=\"elementor-element elementor-element-iwgs-schiwititafe-s7h elementor-widget elementor-widget-heading\" data-id=\"iwgs-schiwititafe-s7h\" data-element_type=\"widget\" data-e-type=\"widget\" data-widget_type=\"heading.default\">\n\t\t\t\t\t<h2 class=\"elementor-heading-title elementor-size-default\">L'escriptura com a imatge<\/h2>\t\t\t\t<\/div>\n\t\t<div class=\"elementor-element elementor-element-iwgs-schiwititafe-s7box e-con-full e-flex e-con e-parent\" data-id=\"iwgs-schiwititafe-s7box\" data-element_type=\"container\" data-e-type=\"container\">\n\t\t\t\t<div class=\"elementor-element elementor-element-iwgs-schiwititafe-s7t elementor-widget elementor-widget-text-editor\" data-id=\"iwgs-schiwititafe-s7t\" data-element_type=\"widget\" data-e-type=\"widget\" data-widget_type=\"text-editor.default\">\n\t\t\t\t\t\t\t\t\t<p>Una particularitat de la taula Schiwiti \u00e9s la combinaci\u00f3 art\u00edstica d&#8217;escriptura i imatge. En moltes taules, l&#8217;escriptura sagrada mateixa esdev\u00e9 imatge.<\/p><p>L&#8217;exemple m\u00e9s est\u00e8s \u00e9s la disposici\u00f3 en forma del canelobre de set bra\u00e7os. Tot un salm es disposa llavors en una escriptura min\u00fascula de manera que les seves l\u00ednies dibuixen el canelobre.<\/p><p>Aquest art de la micrografia est\u00e0 est\u00e8s en la tradici\u00f3 jueva. Amb lletres escrites min\u00fasculament es formen imatges, motius i formes.<\/p><p>La micrografia es basa en una actitud particular. En la tradici\u00f3 jueva, la representaci\u00f3 figurativa es tracta amb reserva. L&#8217;escriptura, en canvi, gaudeix d&#8217;una alta consideraci\u00f3. La micrografia uneix ambdues coses, ja que crea imatges formades enterament d&#8217;escriptura.<\/p><p>La taula Schiwiti \u00e9s un exemple conegut d&#8217;aquest art. En ella es formen el canelobre i altres formes a partir de les paraules dels salms i dels noms sagrats.<\/p><p>En aquesta uni\u00f3 d&#8217;escriptura i imatge hi ha un encant propi de la taula Schiwiti. \u00c9s una imatge feta enterament de paraules sagrades i, per tant, un exemple il\u00b7lustratiu de l&#8217;aprecio jueu per l&#8217;escriptura.<\/p>\t\t\t\t\t\t\t\t<\/div>\n\t\t\t\t<\/div>\n\t\t\t\t\t<\/div>\n\t\t\t\t<\/div>\n\t\t<div class=\"elementor-element elementor-element-iwgs-schiwititafe-s8 e-flex e-con-boxed e-con e-parent\" data-id=\"iwgs-schiwititafe-s8\" data-element_type=\"container\" data-e-type=\"container\">\n\t\t\t\t\t<div class=\"e-con-inner\">\n\t\t\t\t<div class=\"elementor-element elementor-element-iwgs-schiwititafe-s8h elementor-widget elementor-widget-heading\" data-id=\"iwgs-schiwititafe-s8h\" data-element_type=\"widget\" data-e-type=\"widget\" data-widget_type=\"heading.default\">\n\t\t\t\t\t<h2 class=\"elementor-heading-title elementor-size-default\">Recepci\u00f3 actual<\/h2>\t\t\t\t<\/div>\n\t\t<div class=\"elementor-element elementor-element-iwgs-schiwititafe-s8box e-con-full e-flex e-con e-parent\" data-id=\"iwgs-schiwititafe-s8box\" data-element_type=\"container\" data-e-type=\"container\">\n\t\t\t\t<div class=\"elementor-element elementor-element-iwgs-schiwititafe-s8t elementor-widget elementor-widget-text-editor\" data-id=\"iwgs-schiwititafe-s8t\" data-element_type=\"widget\" data-e-type=\"widget\" data-widget_type=\"text-editor.default\">\n\t\t\t\t\t\t\t\t\t<p>La taula Xiviti continua utilitzant-se avui dia. En moltes sinagogues es pot veure al lloc de l&#8217;oficiant, i tamb\u00e9 continua col\u00b7locant-se a les cases.<\/p><p>En les col\u00b7leccions de molts museus es conserven taules Xiviti d&#8217;una gran elaboraci\u00f3 art\u00edstica. Testimonien l&#8217;art de la micrografia i la tradici\u00f3 jueva de la paraula sagrada configurada gr\u00e0ficament.<\/p><p>Per a l&#8217;estudi de la <span class=\"iwg-fachbegriff\" data-tooltip=\"L'actitud i la pr\u00e0ctica religiosa viscudes per una persona.\" tabindex=\"0\">pietat<\/span> i l&#8217;art jueus, la taula Xiviti \u00e9s un objecte molt valu\u00f3s. Mostra com el <span class=\"iwg-fachbegriff\" data-tooltip=\"Un recolliment religi\u00f3s breu, personal o comunitari.\" tabindex=\"0\">recolliment<\/span>, l&#8217;escriptura i la imatge s&#8217;articulen conjuntament en la tradici\u00f3 jueva.<\/p><p>La taula Xiviti \u00e9s, a m\u00e9s, un bon exemple que no tot objecte religi\u00f3s \u00e9s un amulet de protecci\u00f3 pur. \u00c9s, en primer lloc, una imatge de devoci\u00f3 que porta en si un tret protector.<\/p><p>Aix\u00ed, la taula Xiviti completa la imatge de la cultura jueva de protecci\u00f3 i devoci\u00f3. Al costat dels amulets i dels senyals de llindar hi ha la imatge de devoci\u00f3, que orienta l&#8217;<span class=\"iwg-fachbegriff\" data-tooltip=\"Un \u00e9sser sense cos al qual s'atribueix acci\u00f3 en el m\u00f3n.\" tabindex=\"0\">esperit<\/span> cap a D\u00e9u.<\/p><p>La taula Xiviti continua sent un exemple colpidor. En ella es combinen el vers del salm sobre la pres\u00e8ncia de D\u00e9u, l&#8217;art de l&#8217;escriptura i la idea que l&#8217;orientaci\u00f3 cap a D\u00e9u significa alhora protecci\u00f3 i seguretat.<\/p><p>P\u00e0gines relacionades al l\u00e8xic: una visi\u00f3 general dels <a href=\"https:\/\/iwell-guard.com\/ca\/simbols-de-proteccio\/\">s\u00edmbols de protecci\u00f3<\/a>, aix\u00ed com la p\u00e0gina sobre l&#8217;<a href=\"https:\/\/iwell-guard.com\/ca\/?page_id=171934\">amulet cabal\u00edstic<\/a>.<\/p>\t\t\t\t\t\t\t\t<\/div>\n\t\t\t\t<\/div>\n\t\t\t\t\t<\/div>\n\t\t\t\t<\/div>\n\t\t<div class=\"elementor-element elementor-element-iwgs-schiwititafe-lit e-flex e-con-boxed e-con e-parent\" data-id=\"iwgs-schiwititafe-lit\" data-element_type=\"container\" data-e-type=\"container\">\n\t\t\t\t\t<div class=\"e-con-inner\">\n\t\t\t\t<div class=\"elementor-element elementor-element-iwgs-schiwititafe-lith elementor-widget elementor-widget-heading\" data-id=\"iwgs-schiwititafe-lith\" data-element_type=\"widget\" data-e-type=\"widget\" data-widget_type=\"heading.default\">\n\t\t\t\t\t<h2 class=\"elementor-heading-title elementor-size-default\">Bibliografia (selecci\u00f3)<\/h2>\t\t\t\t<\/div>\n\t\t<div class=\"elementor-element elementor-element-iwgs-schiwititafe-litbox e-con-full e-flex e-con e-parent\" data-id=\"iwgs-schiwititafe-litbox\" data-element_type=\"container\" data-e-type=\"container\">\n\t\t\t\t<div class=\"elementor-element elementor-element-iwgs-schiwititafe-litt elementor-widget elementor-widget-html\" data-id=\"iwgs-schiwititafe-litt\" data-element_type=\"widget\" data-e-type=\"widget\" data-widget_type=\"html.default\">\n\t\t\t\t\t<footer data-nosnippet=\"true\"><ul><li>Joseph Gutmann: <em>The Jewish Sanctuary<\/em> (1983)<\/li><li>Joshua Trachtenberg: <em>Jewish Magic and Superstition<\/em> (1939)<\/li><li>Lexikon des Judentums, article sobre sinagoga i devoci\u00f3<\/li><li>Vivian Mann: <em>Jewish Texts on the Visual Arts<\/em> (2000)<\/li><li>Hans Biedermann: <em>Knaurs Lexikon der Symbole<\/em> (1989)<\/li><\/ul><\/footer>\t\t\t\t<\/div>\n\t\t\t\t<\/div>\n\t\t\t\t\t<\/div>\n\t\t\t\t<\/div>\n\t\t<div class=\"elementor-element elementor-element-iwgs-schiwititafe-kwd e-flex e-con-boxed e-con e-parent\" data-id=\"iwgs-schiwititafe-kwd\" data-element_type=\"container\" data-e-type=\"container\">\n\t\t\t\t\t<div class=\"e-con-inner\">\n\t\t\t\t<div class=\"elementor-element elementor-element-iwgs-schiwititafe-kwdt elementor-widget elementor-widget-text-editor\" data-id=\"iwgs-schiwititafe-kwdt\" data-element_type=\"widget\" data-e-type=\"widget\" data-widget_type=\"text-editor.default\">\n\t\t\t\t\t\t\t\t\t<p><em>Conceptes clau relacionats: Schiwiti imatge devocional salm nom de D\u00e9u micrografia sinagoga mezuz\u00e0 judaisme.<\/em><\/p>\t\t\t\t\t\t\t\t<\/div>\n\t\t\t\t\t<\/div>\n\t\t\t\t<\/div>\n\t\t<div class=\"elementor-element elementor-element-iwgs-schiwititafe-cc e-flex e-con-boxed e-con e-parent\" data-id=\"iwgs-schiwititafe-cc\" data-element_type=\"container\" data-e-type=\"container\" id=\"iwg-cc-schiwiti-tafel\">\n\t\t\t\t\t<div class=\"e-con-inner\">\n\t\t<div class=\"elementor-element elementor-element-iwgs-schiwititafe-ccinner e-flex e-con-boxed e-con e-parent\" data-id=\"iwgs-schiwititafe-ccinner\" data-element_type=\"container\" data-e-type=\"container\" data-settings=\"{&quot;background_background&quot;:&quot;classic&quot;}\">\n\t\t\t\t\t<div class=\"e-con-inner\">\n\t\t\t\t<div class=\"elementor-element elementor-element-iwgs-schiwititafe-cch elementor-widget elementor-widget-heading\" data-id=\"iwgs-schiwititafe-cch\" data-element_type=\"widget\" data-e-type=\"widget\" data-widget_type=\"heading.default\">\n\t\t\t\t\t<h2 class=\"elementor-heading-title elementor-size-default\">iWell Guard i tradicions de protecci\u00f3<\/h2>\t\t\t\t<\/div>\n\t\t\t\t<div class=\"elementor-element elementor-element-iwgs-schiwititafe-cct elementor-widget elementor-widget-text-editor\" data-id=\"iwgs-schiwititafe-cct\" data-element_type=\"widget\" data-e-type=\"widget\" data-widget_type=\"text-editor.default\">\n\t\t\t\t\t\t\t\t\t<p>iWell Guard s&#8217;inscriu en la l\u00ednia hist\u00f2rico-cultural dels objectes de protecci\u00f3 port\u00e0tils, a la qual tamb\u00e9 pertany la taula de Schiwiti. Un company modern per a les persones que viuen amb s\u00edmbols protectors: fabricat a Alemanya, 41 capes d&#8217;or, plat\u00ed i plata aut\u00e8ntics, amb dret de devoluci\u00f3 de 30 dies.<\/p>\t\t\t\t\t\t\t\t<\/div>\n\t\t\t\t<div class=\"elementor-element elementor-element-iwgs-schiwititafe-ccb iwg-cc-button iwg-cc-cta-2026-05-13 elementor-widget elementor-widget-jet-button\" data-id=\"iwgs-schiwititafe-ccb\" data-element_type=\"widget\" data-e-type=\"widget\" data-widget_type=\"jet-button.default\">\n\t\t\t\t<div class=\"elementor-widget-container\">\n\t\t\t\t\t<div class=\"elementor-jet-button jet-elements\"><div class=\"jet-button__container\"><a class=\"jet-button__instance jet-button__instance--icon-left hover-effect-1\" href=\"\/schutzanhaenger-iwell-guard-kaufen\/?utm_source=iwell-guard.com&amp;utm_medium=info-box&amp;utm_campaign=schutzsymbole\"><div class=\"jet-button__plane jet-button__plane-normal\"><\/div><div class=\"jet-button__plane jet-button__plane-hover\"><\/div><div class=\"jet-button__state jet-button__state-normal\"><span class=\"jet-button__label\">M\u00e9s informaci\u00f3 sobre l'iWell Guard<\/span><\/div><div class=\"jet-button__state jet-button__state-hover\"><span class=\"jet-button__label\">M\u00e9s informaci\u00f3 sobre l'iWell Guard<\/span><\/div><\/a><\/div><\/div><style>.elementor-element.elementor-element-iwgs-schiwititafe-ccb .jet-button__instance{width:320px;height:56px;}.elementor-element.elementor-element-iwgs-schiwititafe-ccb .jet-button__state-normal .jet-button__label{text-align:center;margin:0px 0px 0px 0px;color:#1a1b20;font-family:Montserrat,sans-serif;font-size:13px;font-weight:400;letter-spacing:4px;line-height:1.714em;text-transform:uppercase;}.elementor-element.elementor-element-iwgs-schiwititafe-ccb .jet-button__state-hover .jet-button__label{text-align:center;margin:0px 0px 0px 0px;color:#FECC76;font-family:Montserrat,sans-serif;font-size:13px;font-weight:400;letter-spacing:4px;line-height:1.714em;text-transform:uppercase;}.elementor-element.elementor-element-iwgs-schiwititafe-ccb .jet-button__plane-normal{background-color:#FECC76;border-style:solid;border-color:#C99540;border-width:2px 2px 2px 2px;}.elementor-element.elementor-element-iwgs-schiwititafe-ccb .jet-button__plane-hover{background-color:rgba(0,0,0,0.55);border-style:solid;border-color:#FECC76;border-width:2px 2px 2px 2px;}<\/style>\t\t\t\t<\/div>\n\t\t\t\t<\/div>\n\t\t\t\t<div class=\"elementor-element elementor-element-iwgs-schiwititafe-ccd elementor-widget elementor-widget-text-editor\" data-id=\"iwgs-schiwititafe-ccd\" data-element_type=\"widget\" data-e-type=\"widget\" data-widget_type=\"text-editor.default\">\n\t\t\t\t\t\t\t\t\t<p style=\"text-align:center;font-size:13px;opacity:0.7;margin-top:14px\" data-nosnippet=\"true\">Les experi\u00e8ncies personals poden variar. No \u00e9s un producte sanitari. No es garanteix cap curaci\u00f3.<\/p>\t\t\t\t\t\t\t\t<\/div>\n\t\t\t\t\t<\/div>\n\t\t\t\t<\/div>\n\t\t\t\t\t<\/div>\n\t\t\t\t<\/div>\n\t\t<div class=\"elementor-element elementor-element-iwgs-schiwititafe-disc e-flex e-con-boxed e-con e-parent\" data-id=\"iwgs-schiwititafe-disc\" data-element_type=\"container\" data-e-type=\"container\">\n\t\t\t\t\t<div class=\"e-con-inner\">\n\t\t\t\t<div class=\"elementor-element elementor-element-iwgs-schiwititafe-discw elementor-widget elementor-widget-html\" data-id=\"iwgs-schiwititafe-discw\" data-element_type=\"widget\" data-e-type=\"widget\" data-widget_type=\"html.default\">\n\t\t\t\t\t<footer data-nosnippet=\"true\" class=\"iwg-disclaimer-block\"><p data-nosnippet=\"true\">iWell Guard <strong>no \u00e9s un producte sanitari<\/strong> i no substitueix cap tractament m\u00e8dic o psicoterap\u00e8utic. Els continguts presentats aqu\u00ed s\u00f3n una contextualitzaci\u00f3 des de la ci\u00e8ncia de les religions i la hist\u00f2ria cultural, no una promesa d'efecte espiritual.<\/p><\/footer>\t\t\t\t<\/div>\n\t\t\t\t\t<\/div>\n\t\t\t\t<\/div>\n\t\t\t\t<\/div>\n\t\t","protected":false},"excerpt":{"rendered":"","protected":false},"author":3,"featured_media":3501,"parent":0,"menu_order":0,"comment_status":"closed","ping_status":"closed","template":"elementor_header_footer","meta":{"_yoast_wpseo_focuskw":"Schiwiti","_yoast_wpseo_title":"Taula de Schiwiti \u2013 imatge devocional jueva","_yoast_wpseo_metadesc":"La taula de Schiwiti \u00e9s una imatge devocional jueva amb noms de D\u00e9u i versets dels Salms. Origen i significat explicats de manera comprensible.","_yoast_wpseo_meta-robots-noindex":"","_yoast_wpseo_canonical":"","_angie_page":false,"gefaehrdungsstufe":"","wesen_kultur":"","wesen_klasse":"","footnotes":""},"categories":[],"class_list":["post-171935","page","type-page","status-publish","has-post-thumbnail","hentry"],"yoast_head":"<!-- This site is optimized with the Yoast SEO Premium plugin v27.7 (Yoast SEO v28.3) - https:\/\/yoast.com\/product\/yoast-seo-premium-wordpress\/ -->\n<title>Taula de Schiwiti \u2013 imatge devocional jueva<\/title>\n<meta name=\"description\" content=\"La taula de Schiwiti \u00e9s una imatge devocional jueva amb noms de D\u00e9u i versets dels Salms. Origen i significat explicats de manera comprensible.\" \/>\n<meta name=\"robots\" content=\"index, follow, max-snippet:-1, max-image-preview:large, max-video-preview:-1\" \/>\n<link rel=\"canonical\" href=\"https:\/\/iwell-guard.com\/ca\/schiwiti-tafel-imatge-devocional-jueva\/\" \/>\n<meta property=\"og:locale\" content=\"ca_ES\" \/>\n<meta property=\"og:type\" content=\"article\" \/>\n<meta property=\"og:title\" content=\"Taula de Schiwiti \u2013 la imatge devocional i protectora jueva\" \/>\n<meta property=\"og:description\" content=\"La taula de Schiwiti \u00e9s una imatge devocional jueva amb noms de D\u00e9u i versets dels Salms. Origen i significat explicats de manera comprensible.\" \/>\n<meta property=\"og:url\" content=\"https:\/\/iwell-guard.com\/ca\/schiwiti-tafel-imatge-devocional-jueva\/\" \/>\n<meta property=\"og:site_name\" content=\"iWell Guard\" \/>\n<meta property=\"article:modified_time\" content=\"2026-09-05T16:11:03+00:00\" \/>\n<meta property=\"og:image\" content=\"https:\/\/iwell-guard.com\/wp-content\/uploads\/2026\/05\/schutzsymbol_judentum_schiwiti.webp\" \/>\n\t<meta property=\"og:image:width\" content=\"1024\" \/>\n\t<meta property=\"og:image:height\" content=\"1536\" \/>\n\t<meta property=\"og:image:type\" content=\"image\/webp\" \/>\n<meta name=\"twitter:card\" content=\"summary_large_image\" \/>\n<script type=\"application\/ld+json\" class=\"yoast-schema-graph\">{\"@context\":\"https:\\\/\\\/schema.org\",\"@graph\":[{\"@type\":\"WebPage\",\"@id\":\"https:\\\/\\\/iwell-guard.com\\\/ca\\\/schiwiti-tafel-imatge-devocional-jueva\\\/\",\"url\":\"https:\\\/\\\/iwell-guard.com\\\/ca\\\/schiwiti-tafel-imatge-devocional-jueva\\\/\",\"name\":\"Taula de Schiwiti \u2013 imatge devocional jueva\",\"isPartOf\":{\"@id\":\"https:\\\/\\\/iwell-guard.com\\\/ca\\\/#website\"},\"primaryImageOfPage\":{\"@id\":\"https:\\\/\\\/iwell-guard.com\\\/ca\\\/schiwiti-tafel-imatge-devocional-jueva\\\/#primaryimage\"},\"image\":{\"@id\":\"https:\\\/\\\/iwell-guard.com\\\/ca\\\/schiwiti-tafel-imatge-devocional-jueva\\\/#primaryimage\"},\"thumbnailUrl\":\"https:\\\/\\\/iwell-guard.com\\\/wp-content\\\/uploads\\\/2026\\\/05\\\/schutzsymbol_judentum_schiwiti.webp\",\"datePublished\":\"2026-09-05T15:43:42+00:00\",\"dateModified\":\"2026-09-05T16:11:03+00:00\",\"description\":\"La taula de Schiwiti \u00e9s una imatge devocional jueva amb noms de D\u00e9u i versets dels Salms. Origen i significat explicats de manera comprensible.\",\"breadcrumb\":{\"@id\":\"https:\\\/\\\/iwell-guard.com\\\/ca\\\/schiwiti-tafel-imatge-devocional-jueva\\\/#breadcrumb\"},\"inLanguage\":\"ca\",\"potentialAction\":[{\"@type\":\"ReadAction\",\"target\":[\"https:\\\/\\\/iwell-guard.com\\\/ca\\\/schiwiti-tafel-imatge-devocional-jueva\\\/\"]}]},{\"@type\":\"ImageObject\",\"inLanguage\":\"ca\",\"@id\":\"https:\\\/\\\/iwell-guard.com\\\/ca\\\/schiwiti-tafel-imatge-devocional-jueva\\\/#primaryimage\",\"url\":\"https:\\\/\\\/iwell-guard.com\\\/wp-content\\\/uploads\\\/2026\\\/05\\\/schutzsymbol_judentum_schiwiti.webp\",\"contentUrl\":\"https:\\\/\\\/iwell-guard.com\\\/wp-content\\\/uploads\\\/2026\\\/05\\\/schutzsymbol_judentum_schiwiti.webp\",\"width\":1024,\"height\":1536,\"caption\":\"S\u00edmbol de protecci\u00f3. Il\u00b7lustraci\u00f3 muse\u00edstica de bodeg\u00f3.\"},{\"@type\":\"BreadcrumbList\",\"@id\":\"https:\\\/\\\/iwell-guard.com\\\/ca\\\/schiwiti-tafel-imatge-devocional-jueva\\\/#breadcrumb\",\"itemListElement\":[{\"@type\":\"ListItem\",\"position\":1,\"name\":\"Start\",\"item\":\"https:\\\/\\\/iwell-guard.com\\\/ca\\\/?page_id=171333\"},{\"@type\":\"ListItem\",\"position\":2,\"name\":\"Taula de Schiwiti \u2013 la imatge devocional i protectora jueva\"}]},{\"@type\":\"WebSite\",\"@id\":\"https:\\\/\\\/iwell-guard.com\\\/ca\\\/#website\",\"url\":\"https:\\\/\\\/iwell-guard.com\\\/ca\\\/\",\"name\":\"iWell Guard\",\"description\":\"Schutz vor dunklen Einfl\u00fcssen\",\"publisher\":{\"@id\":\"https:\\\/\\\/iwell-guard.com\\\/ca\\\/#organization\"},\"potentialAction\":[{\"@type\":\"SearchAction\",\"target\":{\"@type\":\"EntryPoint\",\"urlTemplate\":\"https:\\\/\\\/iwell-guard.com\\\/ca\\\/?s={search_term_string}\"},\"query-input\":{\"@type\":\"PropertyValueSpecification\",\"valueRequired\":true,\"valueName\":\"search_term_string\"}}],\"inLanguage\":\"ca\"},{\"@type\":\"Organization\",\"@id\":\"https:\\\/\\\/iwell-guard.com\\\/ca\\\/#organization\",\"name\":\"Ittermann electronic GmbH\",\"url\":\"https:\\\/\\\/iwell-guard.com\\\/ca\\\/\",\"logo\":{\"@type\":\"ImageObject\",\"inLanguage\":\"ca\",\"@id\":\"https:\\\/\\\/iwell-guard.com\\\/ca\\\/#\\\/schema\\\/logo\\\/image\\\/\",\"url\":\"https:\\\/\\\/iwell-guard.com\\\/wp-content\\\/uploads\\\/2026\\\/05\\\/Ittermann-Logo-1182x237-1.png\",\"contentUrl\":\"https:\\\/\\\/iwell-guard.com\\\/wp-content\\\/uploads\\\/2026\\\/05\\\/Ittermann-Logo-1182x237-1.png\",\"width\":1182,\"height\":237,\"caption\":\"Ittermann electronic GmbH\"},\"image\":{\"@id\":\"https:\\\/\\\/iwell-guard.com\\\/ca\\\/#\\\/schema\\\/logo\\\/image\\\/\"},\"sameAs\":[\"https:\\\/\\\/pantip.com\\\/profile\\\/9367242\",\"https:\\\/\\\/micro.blog\\\/iwellguard\",\"https:\\\/\\\/www.diggerslist.com\\\/iwellguard\\\/about\",\"https:\\\/\\\/skitterphoto.com\\\/photographers\\\/2870314\\\/iwell-guard\",\"https:\\\/\\\/iwellguard.wordpress.com\\\/2026\\\/06\\\/06\\\/iwell-guard\\\/\",\"https:\\\/\\\/hub.docker.com\\\/u\\\/iwellguard\",\"https:\\\/\\\/www.pinterest.com\\\/iwellguard\\\/\",\"https:\\\/\\\/bit.ly\\\/m\\\/iwellguard\",\"https:\\\/\\\/entre-vos-mains.alsace.eu\\\/profiles\\\/iwellguard\\\/activity\",\"https:\\\/\\\/gravatar.com\\\/reallybeded8fd34\",\"https:\\\/\\\/naijamatta.com\\\/iwellguard\",\"https:\\\/\\\/www.goodreads.com\\\/iwellguard\",\"https:\\\/\\\/profile.hatena.ne.jp\\\/iwellguard\\\/\",\"https:\\\/\\\/experiment.com\\\/users\\\/iwellguard\",\"https:\\\/\\\/wakelet.com\\\/@iWellGuard82270\",\"https:\\\/\\\/www.chordie.com\\\/forum\\\/profile.php?id=2555664\",\"https:\\\/\\\/www.instapaper.com\\\/p\\\/17757966\",\"https:\\\/\\\/www.mapleprimes.com\\\/users\\\/iwellguard\",\"https:\\\/\\\/businesslistingplus.com\\\/profile\\\/iwell-guard\\\/\",\"https:\\\/\\\/telegra.ph\\\/iWell-Guard-06-06\",\"https:\\\/\\\/pbase.com\\\/iwellguard\\\/iwellguard\",\"https:\\\/\\\/b.hatena.ne.jp\\\/iwellguard\\\/20260607#bookmark-4788405196491818882\",\"https:\\\/\\\/fliphtml5.com\\\/home\\\/iwellguard\",\"https:\\\/\\\/anyflip.com\\\/homepage\\\/cmiwl#About\",\"https:\\\/\\\/transfur.com\\\/Users\\\/iwellguard\",\"http:\\\/\\\/delphi.larsbo.org\\\/user\\\/iwellguard\",\"https:\\\/\\\/jobs.lajobsportal.org\\\/profiles\\\/8380803-iwell-guard\",\"https:\\\/\\\/md.chaosdorf.de\\\/s\\\/jfbe5SBdJD\",\"https:\\\/\\\/www.lingvolive.com\\\/en-us\\\/profile\\\/9ecaeaca-ce11-4e51-9e71-01d55e2bff36\\\/translations\",\"https:\\\/\\\/www.fitday.com\\\/fitness\\\/forums\\\/members\\\/iwellguard.html\",\"https:\\\/\\\/www.mymeetbook.com\\\/iwellguard\",\"https:\\\/\\\/pxhere.com\\\/en\\\/photographer-me\\\/5040798\",\"https:\\\/\\\/disqus.com\\\/by\\\/iwellguard\\\/about\\\/\",\"https:\\\/\\\/pastelink.net\\\/hjwciqwq\",\"https:\\\/\\\/pubhtml5.com\\\/homepage\\\/scjhn\\\/\",\"https:\\\/\\\/www.bitchute.com\\\/channel\\\/2O2eOKzNqujT\",\"https:\\\/\\\/audiomack.com\\\/iwellguard\"]}]}<\/script>\n<!-- \/ Yoast SEO Premium plugin. -->","yoast_head_json":{"title":"Taula de Schiwiti \u2013 imatge devocional jueva","description":"La taula de Schiwiti \u00e9s una imatge devocional jueva amb noms de D\u00e9u i versets dels Salms. Origen i significat explicats de manera comprensible.","robots":{"index":"index","follow":"follow","max-snippet":"max-snippet:-1","max-image-preview":"max-image-preview:large","max-video-preview":"max-video-preview:-1"},"canonical":"https:\/\/iwell-guard.com\/ca\/schiwiti-tafel-imatge-devocional-jueva\/","og_locale":"ca_ES","og_type":"article","og_title":"Taula de Schiwiti \u2013 la imatge devocional i protectora jueva","og_description":"La taula de Schiwiti \u00e9s una imatge devocional jueva amb noms de D\u00e9u i versets dels Salms. Origen i significat explicats de manera comprensible.","og_url":"https:\/\/iwell-guard.com\/ca\/schiwiti-tafel-imatge-devocional-jueva\/","og_site_name":"iWell Guard","article_modified_time":"2026-09-05T16:11:03+00:00","og_image":[{"width":1024,"height":1536,"url":"https:\/\/iwell-guard.com\/wp-content\/uploads\/2026\/05\/schutzsymbol_judentum_schiwiti.webp","type":"image\/webp"}],"twitter_card":"summary_large_image","schema":{"@context":"https:\/\/schema.org","@graph":[{"@type":"WebPage","@id":"https:\/\/iwell-guard.com\/ca\/schiwiti-tafel-imatge-devocional-jueva\/","url":"https:\/\/iwell-guard.com\/ca\/schiwiti-tafel-imatge-devocional-jueva\/","name":"Taula de Schiwiti \u2013 imatge devocional jueva","isPartOf":{"@id":"https:\/\/iwell-guard.com\/ca\/#website"},"primaryImageOfPage":{"@id":"https:\/\/iwell-guard.com\/ca\/schiwiti-tafel-imatge-devocional-jueva\/#primaryimage"},"image":{"@id":"https:\/\/iwell-guard.com\/ca\/schiwiti-tafel-imatge-devocional-jueva\/#primaryimage"},"thumbnailUrl":"https:\/\/iwell-guard.com\/wp-content\/uploads\/2026\/05\/schutzsymbol_judentum_schiwiti.webp","datePublished":"2026-09-05T15:43:42+00:00","dateModified":"2026-09-05T16:11:03+00:00","description":"La taula de Schiwiti \u00e9s una imatge devocional jueva amb noms de D\u00e9u i versets dels Salms. Origen i significat explicats de manera comprensible.","breadcrumb":{"@id":"https:\/\/iwell-guard.com\/ca\/schiwiti-tafel-imatge-devocional-jueva\/#breadcrumb"},"inLanguage":"ca","potentialAction":[{"@type":"ReadAction","target":["https:\/\/iwell-guard.com\/ca\/schiwiti-tafel-imatge-devocional-jueva\/"]}]},{"@type":"ImageObject","inLanguage":"ca","@id":"https:\/\/iwell-guard.com\/ca\/schiwiti-tafel-imatge-devocional-jueva\/#primaryimage","url":"https:\/\/iwell-guard.com\/wp-content\/uploads\/2026\/05\/schutzsymbol_judentum_schiwiti.webp","contentUrl":"https:\/\/iwell-guard.com\/wp-content\/uploads\/2026\/05\/schutzsymbol_judentum_schiwiti.webp","width":1024,"height":1536,"caption":"S\u00edmbol de protecci\u00f3. Il\u00b7lustraci\u00f3 muse\u00edstica de bodeg\u00f3."},{"@type":"BreadcrumbList","@id":"https:\/\/iwell-guard.com\/ca\/schiwiti-tafel-imatge-devocional-jueva\/#breadcrumb","itemListElement":[{"@type":"ListItem","position":1,"name":"Start","item":"https:\/\/iwell-guard.com\/ca\/?page_id=171333"},{"@type":"ListItem","position":2,"name":"Taula de Schiwiti \u2013 la imatge devocional i protectora jueva"}]},{"@type":"WebSite","@id":"https:\/\/iwell-guard.com\/ca\/#website","url":"https:\/\/iwell-guard.com\/ca\/","name":"iWell Guard","description":"Schutz vor dunklen Einfl\u00fcssen","publisher":{"@id":"https:\/\/iwell-guard.com\/ca\/#organization"},"potentialAction":[{"@type":"SearchAction","target":{"@type":"EntryPoint","urlTemplate":"https:\/\/iwell-guard.com\/ca\/?s={search_term_string}"},"query-input":{"@type":"PropertyValueSpecification","valueRequired":true,"valueName":"search_term_string"}}],"inLanguage":"ca"},{"@type":"Organization","@id":"https:\/\/iwell-guard.com\/ca\/#organization","name":"Ittermann electronic GmbH","url":"https:\/\/iwell-guard.com\/ca\/","logo":{"@type":"ImageObject","inLanguage":"ca","@id":"https:\/\/iwell-guard.com\/ca\/#\/schema\/logo\/image\/","url":"https:\/\/iwell-guard.com\/wp-content\/uploads\/2026\/05\/Ittermann-Logo-1182x237-1.png","contentUrl":"https:\/\/iwell-guard.com\/wp-content\/uploads\/2026\/05\/Ittermann-Logo-1182x237-1.png","width":1182,"height":237,"caption":"Ittermann electronic GmbH"},"image":{"@id":"https:\/\/iwell-guard.com\/ca\/#\/schema\/logo\/image\/"},"sameAs":["https:\/\/pantip.com\/profile\/9367242","https:\/\/micro.blog\/iwellguard","https:\/\/www.diggerslist.com\/iwellguard\/about","https:\/\/skitterphoto.com\/photographers\/2870314\/iwell-guard","https:\/\/iwellguard.wordpress.com\/2026\/06\/06\/iwell-guard\/","https:\/\/hub.docker.com\/u\/iwellguard","https:\/\/www.pinterest.com\/iwellguard\/","https:\/\/bit.ly\/m\/iwellguard","https:\/\/entre-vos-mains.alsace.eu\/profiles\/iwellguard\/activity","https:\/\/gravatar.com\/reallybeded8fd34","https:\/\/naijamatta.com\/iwellguard","https:\/\/www.goodreads.com\/iwellguard","https:\/\/profile.hatena.ne.jp\/iwellguard\/","https:\/\/experiment.com\/users\/iwellguard","https:\/\/wakelet.com\/@iWellGuard82270","https:\/\/www.chordie.com\/forum\/profile.php?id=2555664","https:\/\/www.instapaper.com\/p\/17757966","https:\/\/www.mapleprimes.com\/users\/iwellguard","https:\/\/businesslistingplus.com\/profile\/iwell-guard\/","https:\/\/telegra.ph\/iWell-Guard-06-06","https:\/\/pbase.com\/iwellguard\/iwellguard","https:\/\/b.hatena.ne.jp\/iwellguard\/20260607#bookmark-4788405196491818882","https:\/\/fliphtml5.com\/home\/iwellguard","https:\/\/anyflip.com\/homepage\/cmiwl#About","https:\/\/transfur.com\/Users\/iwellguard","http:\/\/delphi.larsbo.org\/user\/iwellguard","https:\/\/jobs.lajobsportal.org\/profiles\/8380803-iwell-guard","https:\/\/md.chaosdorf.de\/s\/jfbe5SBdJD","https:\/\/www.lingvolive.com\/en-us\/profile\/9ecaeaca-ce11-4e51-9e71-01d55e2bff36\/translations","https:\/\/www.fitday.com\/fitness\/forums\/members\/iwellguard.html","https:\/\/www.mymeetbook.com\/iwellguard","https:\/\/pxhere.com\/en\/photographer-me\/5040798","https:\/\/disqus.com\/by\/iwellguard\/about\/","https:\/\/pastelink.net\/hjwciqwq","https:\/\/pubhtml5.com\/homepage\/scjhn\/","https:\/\/www.bitchute.com\/channel\/2O2eOKzNqujT","https:\/\/audiomack.com\/iwellguard"]}]}},"_links":{"self":[{"href":"https:\/\/iwell-guard.com\/ca\/wp-json\/wp\/v2\/pages\/171935","targetHints":{"allow":["GET"]}}],"collection":[{"href":"https:\/\/iwell-guard.com\/ca\/wp-json\/wp\/v2\/pages"}],"about":[{"href":"https:\/\/iwell-guard.com\/ca\/wp-json\/wp\/v2\/types\/page"}],"author":[{"embeddable":true,"href":"https:\/\/iwell-guard.com\/ca\/wp-json\/wp\/v2\/users\/3"}],"replies":[{"embeddable":true,"href":"https:\/\/iwell-guard.com\/ca\/wp-json\/wp\/v2\/comments?post=171935"}],"version-history":[{"count":0,"href":"https:\/\/iwell-guard.com\/ca\/wp-json\/wp\/v2\/pages\/171935\/revisions"}],"wp:featuredmedia":[{"embeddable":true,"href":"https:\/\/iwell-guard.com\/ca\/wp-json\/wp\/v2\/media\/3501"}],"wp:attachment":[{"href":"https:\/\/iwell-guard.com\/ca\/wp-json\/wp\/v2\/media?parent=171935"}],"wp:term":[{"taxonomy":"category","embeddable":true,"href":"https:\/\/iwell-guard.com\/ca\/wp-json\/wp\/v2\/categories?post=171935"}],"curies":[{"name":"wp","href":"https:\/\/api.w.org\/{rel}","templated":true}]}}