{"id":171927,"date":"2026-09-05T15:43:37","date_gmt":"2026-09-05T15:43:37","guid":{"rendered":"https:\/\/iwell-guard.com\/?page_id=171927"},"modified":"2026-09-05T16:10:51","modified_gmt":"2026-09-05T16:10:51","slug":"awen-signe-inspiracio","status":"publish","type":"page","link":"https:\/\/iwell-guard.com\/ca\/awen-signe-inspiracio\/","title":{"rendered":"Awen \u2013 el signe de la inspiraci\u00f3"},"content":{"rendered":"\t\t<div data-elementor-type=\"wp-page\" data-elementor-id=\"171927\" class=\"elementor elementor-171927 elementor-3665 elementor-bc-flex-widget\" data-elementor-post-type=\"page\">\n\t\t\t\t<div class=\"elementor-element elementor-element-iwgs-awen-hero e-flex e-con-boxed e-con e-parent\" data-id=\"iwgs-awen-hero\" data-element_type=\"container\" data-e-type=\"container\">\n\t\t\t\t\t<div class=\"e-con-inner\">\n\t\t<div class=\"elementor-element elementor-element-iwgs-awen-hl e-flex e-con-boxed e-con e-parent\" data-id=\"iwgs-awen-hl\" data-element_type=\"container\" data-e-type=\"container\">\n\t\t\t\t\t<div class=\"e-con-inner\">\n\t\t<div class=\"elementor-element elementor-element-iwgs-awen-hlbox e-con-full e-flex e-con e-parent\" data-id=\"iwgs-awen-hlbox\" data-element_type=\"container\" data-e-type=\"container\">\n\t\t\t\t<div class=\"elementor-element elementor-element-iwgs-awen-h1 elementor-widget elementor-widget-heading\" data-id=\"iwgs-awen-h1\" data-element_type=\"widget\" data-e-type=\"widget\" data-widget_type=\"heading.default\">\n\t\t\t\t\t<h1 class=\"elementor-heading-title elementor-size-default\">L'Awen: el signe de la inspiraci\u00f3 po\u00e8tica<\/h1>\t\t\t\t<\/div>\n\t\t\t\t<div class=\"elementor-element elementor-element-iwgs-awen-lead elementor-widget elementor-widget-text-editor\" data-id=\"iwgs-awen-lead\" data-element_type=\"widget\" data-e-type=\"widget\" data-widget_type=\"text-editor.default\">\n\t\t\t\t\t\t\t\t\t<p>L&#8217;Awen \u00e9s un signe format per tres raigs, sovint amb tres punts a sobre. Representa la inspiraci\u00f3 po\u00e8tica. La paraula \u00e9s antiga, per\u00f2 el <span class=\"iwg-fachbegriff\" data-tooltip=\"Un signe que representa una idea o un significat.\" tabindex=\"0\">s\u00edmbol<\/span> en si mateix va n\u00e9ixer al segle XVIII.<\/p>\t\t\t\t\t\t\t\t<\/div>\n\t\t\t\t<\/div>\n\t\t\t\t<div class=\"elementor-element elementor-element-iwgs-awen-pills elementor-widget elementor-widget-html\" data-id=\"iwgs-awen-pills\" data-element_type=\"widget\" data-e-type=\"widget\" data-widget_type=\"html.default\">\n\t\t\t\t\t<div class=\"iwg-pill-row\"><span class=\"iwg-klasse-badge\" tabindex=\"0\" data-tooltip=\"S\u00edmbol de protecci\u00f3, amulet u objecte apotropaic.\">S\u00edmbol de protecci\u00f3<\/span><a href=\"https:\/\/iwell-guard.com\/ca\/celtic\/\" class=\"iwg-kultur-badge\" tabindex=\"0\" data-tooltip=\"Tradici\u00f3 de protecci\u00f3: Celta\">Celta<\/a><span class=\"iwg-tradition-badge\" tabindex=\"0\" data-tooltip=\"Un signe que representa un significat.\">S\u00edmbol<\/span><\/div>\t\t\t\t<\/div>\n\t\t\t\t\t<\/div>\n\t\t\t\t<\/div>\n\t\t<div class=\"elementor-element elementor-element-iwgs-awen-hr e-con-full e-flex e-con e-parent\" data-id=\"iwgs-awen-hr\" data-element_type=\"container\" data-e-type=\"container\">\n\t\t\t\t<div class=\"elementor-element elementor-element-iwgs-awen-himg iwg-hero-image elementor-widget elementor-widget-image\" data-id=\"iwgs-awen-himg\" data-element_type=\"widget\" data-e-type=\"widget\" data-widget_type=\"image.default\">\n\t\t\t\t\t\t\t\t\t\t\t\t\t\t\t<img fetchpriority=\"high\" decoding=\"async\" width=\"683\" height=\"1024\" src=\"https:\/\/iwell-guard.com\/wp-content\/uploads\/2026\/05\/schutzsymbol_keltisch_awen-683x1024.webp\" class=\"attachment-large size-large wp-image-3489\" alt=\"Awen \u2013 el signe de la inspiraci\u00f3\" srcset=\"https:\/\/iwell-guard.com\/wp-content\/uploads\/2026\/05\/schutzsymbol_keltisch_awen-683x1024.webp 683w, https:\/\/iwell-guard.com\/wp-content\/uploads\/2026\/05\/schutzsymbol_keltisch_awen-200x300.webp 200w, https:\/\/iwell-guard.com\/wp-content\/uploads\/2026\/05\/schutzsymbol_keltisch_awen-768x1152.webp 768w, https:\/\/iwell-guard.com\/wp-content\/uploads\/2026\/05\/schutzsymbol_keltisch_awen.webp 1024w\" sizes=\"(max-width: 683px) 100vw, 683px\" \/>\t\t\t\t\t\t\t\t\t\t\t\t\t\t\t<\/div>\n\t\t\t\t<\/div>\n\t\t\t\t\t<\/div>\n\t\t\t\t<\/div>\n\t\t<div class=\"elementor-element elementor-element-iwgs-awen-s0 e-flex e-con-boxed e-con e-parent\" data-id=\"iwgs-awen-s0\" data-element_type=\"container\" data-e-type=\"container\">\n\t\t\t\t\t<div class=\"e-con-inner\">\n\t\t\t\t<div class=\"elementor-element elementor-element-iwgs-awen-s0h elementor-widget elementor-widget-heading\" data-id=\"iwgs-awen-s0h\" data-element_type=\"widget\" data-e-type=\"widget\" data-widget_type=\"heading.default\">\n\t\t\t\t\t<h2 class=\"elementor-heading-title elementor-size-default\">Introducci\u00f3<\/h2>\t\t\t\t<\/div>\n\t\t<div class=\"elementor-element elementor-element-iwgs-awen-s0box e-con-full e-flex e-con e-parent\" data-id=\"iwgs-awen-s0box\" data-element_type=\"container\" data-e-type=\"container\">\n\t\t\t\t<div class=\"elementor-element elementor-element-iwgs-awen-s0t elementor-widget elementor-widget-text-editor\" data-id=\"iwgs-awen-s0t\" data-element_type=\"widget\" data-e-type=\"widget\" data-widget_type=\"text-editor.default\">\n\t\t\t\t\t\t\t\t\t<p>L&#8217;Awen \u00e9s un signe procedent de la tradici\u00f3 <a href=\"https:\/\/iwell-guard.com\/ca\/celtic\/\">c\u00e8ltica<\/a>, m\u00e9s concretament de la <span class=\"iwg-fachbegriff\" data-tooltip=\"La transmissi\u00f3 de coneixements i relats al llarg de generacions.\" tabindex=\"0\">tradici\u00f3<\/span> gal\u00b7lesa. Consisteix en tres raigs o l\u00ednies que s&#8217;obren cap avall, i normalment tres punts a sobre.<\/p><p>La paraula Awen prov\u00e9 del gal\u00b7l\u00e8s. Designa la inspiraci\u00f3 po\u00e8tica, l&#8217;impuls creatiu, com una mena d&#8217;al\u00e8 o buf del qual sorgeixen la poesia i el coneixement.<\/p><p>L&#8217;Awen \u00e9s, doncs, en primer lloc, un signe d&#8217;inspiraci\u00f3 i de for\u00e7a creativa. No es tracta d&#8217;un amulet de protecci\u00f3 en sentit estricte, sin\u00f3 d&#8217;un signe simb\u00f2lic.<\/p><p>En l&#8217;\u00fas actual, per\u00f2, l&#8217;Awen tamb\u00e9 porta un significat protector i de benedicci\u00f3. En els moviments dru\u00eddics moderns \u00e9s un signe de connexi\u00f3 espiritual, que tamb\u00e9 es porta com a signe de protecci\u00f3 i benedicci\u00f3.<\/p><p>Per situar correctament l&#8217;Awen cal fer una distinci\u00f3 precisa. La paraula Awen \u00e9s antiga i es remunta a la <span class=\"iwg-fachbegriff\" data-tooltip=\"La transmissi\u00f3 de coneixements i relats al llarg de generacions.\" tabindex=\"0\">tradici\u00f3<\/span> medieval gal\u00b7lesa. El <span class=\"iwg-fachbegriff\" data-tooltip=\"Un signe que representa una idea o un significat.\" tabindex=\"0\">s\u00edmbol<\/span> format per tres raigs \u00e9s, en canvi, molt m\u00e9s recent.<\/p><p>Aquesta distinci\u00f3 entre la paraula antiga i el <span class=\"iwg-fachbegriff\" data-tooltip=\"Un signe que representa una idea o un significat.\" tabindex=\"0\">s\u00edmbol<\/span> recent apareix al llarg de tota l&#8217;exposici\u00f3. \u00c9s especialment important perqu\u00e8 sovint es presenta l&#8217;Awen, de manera gen\u00e8rica, com un antic signe c\u00e8ltic.<\/p>\t\t\t\t\t\t\t\t<\/div>\n\t\t\t\t<\/div>\n\t\t\t\t\t<\/div>\n\t\t\t\t<\/div>\n\t\t<div class=\"elementor-element elementor-element-iwgs-awen-s1 e-flex e-con-boxed e-con e-parent\" data-id=\"iwgs-awen-s1\" data-element_type=\"container\" data-e-type=\"container\">\n\t\t\t\t\t<div class=\"e-con-inner\">\n\t\t\t\t<div class=\"elementor-element elementor-element-iwgs-awen-s1h elementor-widget elementor-widget-heading\" data-id=\"iwgs-awen-s1h\" data-element_type=\"widget\" data-e-type=\"widget\" data-widget_type=\"heading.default\">\n\t\t\t\t\t<h2 class=\"elementor-heading-title elementor-size-default\">La paraula Awen<\/h2>\t\t\t\t<\/div>\n\t\t<div class=\"elementor-element elementor-element-iwgs-awen-s1box e-con-full e-flex e-con e-parent\" data-id=\"iwgs-awen-s1box\" data-element_type=\"container\" data-e-type=\"container\">\n\t\t\t\t<div class=\"elementor-element elementor-element-iwgs-awen-s1t elementor-widget elementor-widget-text-editor\" data-id=\"iwgs-awen-s1t\" data-element_type=\"widget\" data-e-type=\"widget\" data-widget_type=\"text-editor.default\">\n\t\t\t\t\t\t\t\t\t<p>El terme Awen \u00e9s antic. Est\u00e0 documentat en la literatura gal\u00b7lesa medieval, on designa la inspiraci\u00f3 po\u00e8tica.<\/p><p>La <span class=\"iwg-fachbegriff\" data-tooltip=\"La transmissi\u00f3 de coneixements i relats al llarg de generacions.\" tabindex=\"0\">tradici\u00f3<\/span> gal\u00b7lesa coneixia la figura del bard, poeta i cantor. La poesia no es considerava un simple ofici, sin\u00f3 un do que arribava al poeta. Aquest do que arriba \u00e9s l&#8217;Awen.<\/p><p>L&#8217;Awen es concebia, doncs, com una for\u00e7a que ve de fora o de dalt. El poeta la rebia, no la generava tot sol. Era com un buf que l&#8217;omplia.<\/p><p>En els relats gal\u00b7lesos, l&#8217;Awen s&#8217;associa amb determinades figures. \u00c9s coneguda la narraci\u00f3 d&#8217;un calder\u00f3 del qual s&#8217;obt\u00e9 la inspiraci\u00f3, i d&#8217;un poeta que, gr\u00e0cies a aix\u00f2, esdev\u00e9 vident i cantor.<\/p><p>La paraula Awen pertany, doncs, a una tradici\u00f3 aut\u00e8ntica i antiga. La cultura gal\u00b7lesa coneixia el terme i la idea de la inspiraci\u00f3 po\u00e8tica que arriba des de fora.<\/p><p>El que la <span class=\"iwg-fachbegriff\" data-tooltip=\"La transmissi\u00f3 de coneixements i relats al llarg de generacions.\" tabindex=\"0\">tradici\u00f3<\/span> antiga no coneix, per\u00f2, \u00e9s un <span class=\"iwg-fachbegriff\" data-tooltip=\"Un signe que representa una idea o un significat.\" tabindex=\"0\">s\u00edmbol<\/span> gr\u00e0fic concret per a l&#8217;Awen. La paraula \u00e9s antiga, el signe de tres raigs no ho \u00e9s.<\/p>\t\t\t\t\t\t\t\t<\/div>\n\t\t\t\t<\/div>\n\t\t\t\t\t<\/div>\n\t\t\t\t<\/div>\n\t\t<div class=\"elementor-element elementor-element-iwgs-awen-s2 e-flex e-con-boxed e-con e-parent\" data-id=\"iwgs-awen-s2\" data-element_type=\"container\" data-e-type=\"container\">\n\t\t\t\t\t<div class=\"e-con-inner\">\n\t\t\t\t<div class=\"elementor-element elementor-element-iwgs-awen-s2h elementor-widget elementor-widget-heading\" data-id=\"iwgs-awen-s2h\" data-element_type=\"widget\" data-e-type=\"widget\" data-widget_type=\"heading.default\">\n\t\t\t\t\t<h2 class=\"elementor-heading-title elementor-size-default\">El s\u00edmbol dels tres raigs<\/h2>\t\t\t\t<\/div>\n\t\t<div class=\"elementor-element elementor-element-iwgs-awen-s2box e-con-full e-flex e-con e-parent\" data-id=\"iwgs-awen-s2box\" data-element_type=\"container\" data-e-type=\"container\">\n\t\t\t\t<div class=\"elementor-element elementor-element-iwgs-awen-s2t elementor-widget elementor-widget-text-editor\" data-id=\"iwgs-awen-s2t\" data-element_type=\"widget\" data-e-type=\"widget\" data-widget_type=\"text-editor.default\">\n\t\t\t\t\t\t\t\t\t<p>El <span class=\"iwg-fachbegriff\" data-tooltip=\"Un signe que representa una idea o un significat.\" tabindex=\"0\">s\u00edmbol<\/span> gr\u00e0fic de l&#8217;Awen consisteix en tres raigs. S&#8217;obren de dalt cap avall, i sobre ells hi ha normalment tres punts. Sovint tot el conjunt est\u00e0 envoltat per un o m\u00e9s cercles.<\/p><p>Aquest <span class=\"iwg-fachbegriff\" data-tooltip=\"Un signe que representa una idea o un significat.\" tabindex=\"0\">s\u00edmbol<\/span> no \u00e9s antic. Va n\u00e9ixer a finals del segle XVIII. El seu creador va ser el gal\u00b7l\u00e8s Edward Williams, conegut amb el nom d&#8217;Iolo Morganwg.<\/p><p>Iolo Morganwg era un poeta i col\u00b7leccionista que es va dedicar amb passi\u00f3 al llegat gal\u00b7l\u00e8s. Va fundar una assemblea de poetes gal\u00b7lesos i va desenvolupar per a aquest moviment un univers simb\u00f2lic propi.<\/p><p>Per a aquest moviment dru\u00eddic modern, Iolo Morganwg va crear el <span class=\"iwg-fachbegriff\" data-tooltip=\"Un signe que representa una idea o un significat.\" tabindex=\"0\">s\u00edmbol<\/span> de l&#8217;Awen amb els tres raigs. Va ser una creaci\u00f3 nova, encara que enlla\u00e7ava amb termes i idees antigues.<\/p><p>Iolo Morganwg va presentar com a antic all\u00f2 que ell mateix havia creat o desenvolupat. M\u00e9s endavant, la recerca ho va posar en evid\u00e8ncia. El <span class=\"iwg-fachbegriff\" data-tooltip=\"Un signe que representa una idea o un significat.\" tabindex=\"0\">s\u00edmbol<\/span> de l&#8217;Awen pertany a aquestes creacions del segle XVIII.<\/p><p>Cal, doncs, fer una distinci\u00f3 clara. La paraula Awen \u00e9s medieval i aut\u00e8ntica. El <span class=\"iwg-fachbegriff\" data-tooltip=\"Un signe que representa una idea o un significat.\" tabindex=\"0\">s\u00edmbol<\/span> gr\u00e0fic de tres raigs \u00e9s una creaci\u00f3 de finals del segle XVIII. Tots dos van units, per\u00f2 s\u00f3n d&#8217;\u00e8poca diferent.<\/p>\t\t\t\t\t\t\t\t<\/div>\n\t\t\t\t<\/div>\n\t\t\t\t\t<\/div>\n\t\t\t\t<\/div>\n\t\t<div class=\"elementor-element elementor-element-iwgs-awen-s3 e-flex e-con-boxed e-con e-parent\" data-id=\"iwgs-awen-s3\" data-element_type=\"container\" data-e-type=\"container\">\n\t\t\t\t\t<div class=\"e-con-inner\">\n\t\t\t\t<div class=\"elementor-element elementor-element-iwgs-awen-s3h elementor-widget elementor-widget-heading\" data-id=\"iwgs-awen-s3h\" data-element_type=\"widget\" data-e-type=\"widget\" data-widget_type=\"heading.default\">\n\t\t\t\t\t<h2 class=\"elementor-heading-title elementor-size-default\">Iolo Morganwg i el renaixement gal\u00b7l\u00e8s<\/h2>\t\t\t\t<\/div>\n\t\t<div class=\"elementor-element elementor-element-iwgs-awen-s3box e-con-full e-flex e-con e-parent\" data-id=\"iwgs-awen-s3box\" data-element_type=\"container\" data-e-type=\"container\">\n\t\t\t\t<div class=\"elementor-element elementor-element-iwgs-awen-s3t elementor-widget elementor-widget-text-editor\" data-id=\"iwgs-awen-s3t\" data-element_type=\"widget\" data-e-type=\"widget\" data-widget_type=\"text-editor.default\">\n\t\t\t\t\t\t\t\t\t<p>Per entendre el <span class=\"iwg-fachbegriff\" data-tooltip=\"Un signe que representa una idea o un significat.\" tabindex=\"0\">s\u00edmbol<\/span> de l&#8217;Awen, val la pena fixar-se en l&#8217;\u00e8poca en qu\u00e8 va sorgir. El final del segle XVIII va ser una \u00e8poca en qu\u00e8 l&#8217;inter\u00e8s per les cultures antigues de les Illes Brit\u00e0niques va cr\u00e9ixer molt.<\/p><p>A Gal\u00b7les va sorgir un moviment que volia conservar i revifar l&#8217;her\u00e8ncia gal\u00b7lesa, la llengua gal\u00b7lesa i la poesia gal\u00b7lesa. Iolo Morganwg va ser una de les figures impulsores d&#8217;aquest moviment.<\/p><p>Va fundar una assemblea solemne de poetes que enlla\u00e7ava amb antigues concepcions sobre bards i druides. Per a aquesta assemblea va crear costums, rituals i signes.<\/p><p>El <span class=\"iwg-fachbegriff\" data-tooltip=\"Un signe que representa una idea o un significat.\" tabindex=\"0\">s\u00edmbol<\/span> de l&#8217;Awen forma part d&#8217;aquesta creaci\u00f3. Des del principi va ser un signe del moviment dru\u00eddic modern, no un <span class=\"iwg-fachbegriff\" data-tooltip=\"Un signe que representa una idea o un significat.\" tabindex=\"0\">s\u00edmbol<\/span> antic transm\u00e8s des de temps remots.<\/p><p>Aquest moviment no era un simple engany. Estava impulsat per un entusiasme aut\u00e8ntic per l&#8217;her\u00e8ncia gal\u00b7lesa i ha contribu\u00eft molt a la conservaci\u00f3 de la cultura gal\u00b7lesa. Alguns dels seus costums encara existeixen avui dia.<\/p><p>Tot i aix\u00f2, va ser un moviment de l&#8217;\u00e8poca moderna que volia revifar l&#8217;antic i alhora crear coses noves. El <span class=\"iwg-fachbegriff\" data-tooltip=\"Un signe que representa una idea o un significat.\" tabindex=\"0\">s\u00edmbol<\/span> de l&#8217;Awen \u00e9s fruit d&#8217;aquest moviment, i \u00e9s honest anomenar-lo com a tal.<\/p>\t\t\t\t\t\t\t\t<\/div>\n\t\t\t\t<\/div>\n\t\t\t\t\t<\/div>\n\t\t\t\t<\/div>\n\t\t<div class=\"elementor-element elementor-element-iwgs-awen-s4 e-flex e-con-boxed e-con e-parent\" data-id=\"iwgs-awen-s4\" data-element_type=\"container\" data-e-type=\"container\">\n\t\t\t\t\t<div class=\"e-con-inner\">\n\t\t\t\t<div class=\"elementor-element elementor-element-iwgs-awen-s4h elementor-widget elementor-widget-heading\" data-id=\"iwgs-awen-s4h\" data-element_type=\"widget\" data-e-type=\"widget\" data-widget_type=\"heading.default\">\n\t\t\t\t\t<h2 class=\"elementor-heading-title elementor-size-default\">Interpretaci\u00f3 del signe<\/h2>\t\t\t\t<\/div>\n\t\t<div class=\"elementor-element elementor-element-iwgs-awen-s4box e-con-full e-flex e-con e-parent\" data-id=\"iwgs-awen-s4box\" data-element_type=\"container\" data-e-type=\"container\">\n\t\t\t\t<div class=\"elementor-element elementor-element-iwgs-awen-s4t elementor-widget elementor-widget-text-editor\" data-id=\"iwgs-awen-s4t\" data-element_type=\"widget\" data-e-type=\"widget\" data-widget_type=\"text-editor.default\">\n\t\t\t\t\t\t\t\t\t<p>El <span class=\"iwg-fachbegriff\" data-tooltip=\"Un signe que representa una idea o un significat.\" tabindex=\"0\">s\u00edmbol<\/span> de l&#8217;Awen, format per tres raigs, va lligat a una interpretaci\u00f3 que en descodifica els elements. Aquesta interpretaci\u00f3 pertany a la tradici\u00f3 dru\u00eddica moderna.<\/p><p>Els tres raigs s&#8217;interpreten de diverses maneres. Una interpretaci\u00f3 habitual els ent\u00e9n com tres raigs de llum o com tres aspectes de l&#8217;acci\u00f3 divina.<\/p><p>Els tres punts sobre els raigs tamb\u00e9 es interpreten, per exemple com els punts d&#8217;origen de la llum o com a s\u00edmbols de forces fonamentals. Els cercles que envolten el conjunt tamb\u00e9 tenen un significat.<\/p><p>En conjunt, el <span class=\"iwg-fachbegriff\" data-tooltip=\"Un signe que representa una idea o un significat.\" tabindex=\"0\">s\u00edmbol<\/span> de l&#8217;Awen representa la inspiraci\u00f3, l&#8217;impuls creatiu i l&#8217;acci\u00f3 harm\u00f2nica de diverses forces. \u00c9s un signe de for\u00e7a creativa espiritual.<\/p><p>Aquestes interpretacions estan ben elaborades i tenen un significat profund per als seguidors del moviment dru\u00eddic. Formen part de la vida actual del signe.<\/p><p>Cal saber, per\u00f2, que aquestes interpretacions formen part de la tradici\u00f3 dru\u00eddica moderna. No es tracta de coneixement antic transm\u00e8s, sin\u00f3 d&#8217;un univers simb\u00f2lic elaborat des del segle XVIII.<\/p>\t\t\t\t\t\t\t\t<\/div>\n\t\t\t\t<\/div>\n\t\t\t\t\t<\/div>\n\t\t\t\t<\/div>\n\t\t<div class=\"elementor-element elementor-element-iwgs-awen-s5 e-flex e-con-boxed e-con e-parent\" data-id=\"iwgs-awen-s5\" data-element_type=\"container\" data-e-type=\"container\">\n\t\t\t\t\t<div class=\"e-con-inner\">\n\t\t\t\t<div class=\"elementor-element elementor-element-iwgs-awen-s5h elementor-widget elementor-widget-heading\" data-id=\"iwgs-awen-s5h\" data-element_type=\"widget\" data-e-type=\"widget\" data-widget_type=\"heading.default\">\n\t\t\t\t\t<h2 class=\"elementor-heading-title elementor-size-default\">L'Awen com a signe de protecci\u00f3 i benedicci\u00f3<\/h2>\t\t\t\t<\/div>\n\t\t<div class=\"elementor-element elementor-element-iwgs-awen-s5box e-con-full e-flex e-con e-parent\" data-id=\"iwgs-awen-s5box\" data-element_type=\"container\" data-e-type=\"container\">\n\t\t\t\t<div class=\"elementor-element elementor-element-iwgs-awen-s5t elementor-widget elementor-widget-text-editor\" data-id=\"iwgs-awen-s5t\" data-element_type=\"widget\" data-e-type=\"widget\" data-widget_type=\"text-editor.default\">\n\t\t\t\t\t\t\t\t\t<p>L&#8217;Awen \u00e9s, sobretot, un signe d&#8217;inspiraci\u00f3, no pas un amulet de protecci\u00f3 defensiu. Tanmateix, en l&#8217;\u00fas actual tamb\u00e9 t\u00e9 un sentit protector i de benedicci\u00f3.<\/p><p>Als moviments dru\u00eddics moderns, l&#8217;Awen s&#8217;utilitza com a signe central de creen\u00e7a i de reconeixement. Qui el porta expressa la seva adhesi\u00f3 a aquesta tradici\u00f3 espiritual.<\/p><p>En aquest context, l&#8217;Awen adquireix una relaci\u00f3 amb la protecci\u00f3. Posa qui el porta sota el signe de la inspiraci\u00f3 i de la vinculaci\u00f3 espiritual, i es considera un signe de benedicci\u00f3 i de bona for\u00e7a.<\/p><p>Per aix\u00f2, l&#8217;Awen pertany menys als <span class=\"iwg-fachbegriff\" data-tooltip=\"Plural d'apotropaic: objectes i signes destinats a allunyar el mal.\" tabindex=\"0\">apotropaics<\/span> defensius que als signes de benedicci\u00f3. No allunya res amb esglai ni capta cap mirada, sin\u00f3 que posa alguna cosa sota una for\u00e7a bona i creativa.<\/p><p>En aquest sentit, l&#8217;Awen s&#8217;assembla a altres signes de benedicci\u00f3 que no defensen, sin\u00f3 que <span class=\"iwg-fachbegriff\" data-tooltip=\"Lliurar un objecte, lloc o persona al sagrat mitjan\u00e7ant un acte religi\u00f3s.\" tabindex=\"0\">consagren<\/span> i posen sota un bon auguri. La seva protecci\u00f3 \u00e9s la connexi\u00f3 amb la for\u00e7a inspiradora.<\/p><p>Per fer-ne una descripci\u00f3 precisa, cal situar l&#8217;Awen correctament. \u00c9s un signe modern d&#8217;inspiraci\u00f3 i de benedicci\u00f3 espiritual que, dins el moviment dru\u00eddic, ha adquirit tamb\u00e9 un sentit protector.<\/p>\t\t\t\t\t\t\t\t<\/div>\n\t\t\t\t<\/div>\n\t\t\t\t\t<\/div>\n\t\t\t\t<\/div>\n\t\t<div class=\"elementor-element elementor-element-iwgs-awen-s6 e-flex e-con-boxed e-con e-parent\" data-id=\"iwgs-awen-s6\" data-element_type=\"container\" data-e-type=\"container\">\n\t\t\t\t\t<div class=\"e-con-inner\">\n\t\t\t\t<div class=\"elementor-element elementor-element-iwgs-awen-s6h elementor-widget elementor-widget-heading\" data-id=\"iwgs-awen-s6h\" data-element_type=\"widget\" data-e-type=\"widget\" data-widget_type=\"heading.default\">\n\t\t\t\t\t<h2 class=\"elementor-heading-title elementor-size-default\">El moviment dru\u00eddic modern<\/h2>\t\t\t\t<\/div>\n\t\t<div class=\"elementor-element elementor-element-iwgs-awen-s6box e-con-full e-flex e-con e-parent\" data-id=\"iwgs-awen-s6box\" data-element_type=\"container\" data-e-type=\"container\">\n\t\t\t\t<div class=\"elementor-element elementor-element-iwgs-awen-s6t elementor-widget elementor-widget-text-editor\" data-id=\"iwgs-awen-s6t\" data-element_type=\"widget\" data-e-type=\"widget\" data-widget_type=\"text-editor.default\">\n\t\t\t\t\t\t\t\t\t<p>El <span class=\"iwg-fachbegriff\" data-tooltip=\"Un signe que representa una idea o un significat.\" tabindex=\"0\">s\u00edmbol<\/span> de l&#8217;Awen est\u00e0 estretament vinculat al moviment dru\u00eddic modern. Aquest moviment es basa en els antics druides, els sacerdots i erudits del m\u00f3n c\u00e8ltic.<\/p><p>Sobre els druides hist\u00f2rics se sap amb certesa molt poca cosa. No van deixar cap escrit propi. El coneixement que en tenim es basa en pocs testimonis externs, sobretot de la literatura de l&#8217;antiguitat.<\/p><p>El moviment dru\u00eddic modern va sorgir nom\u00e9s a l&#8217;\u00e8poca moderna, a partir del segle XVIII. No \u00e9s una continuaci\u00f3 ininterrompuda dels antics druides, sin\u00f3 una creaci\u00f3 de l&#8217;\u00e8poca moderna que es basa en aquesta figura antiga.<\/p><p>Dins d&#8217;aquest moviment hi ha diversos corrents. Alguns s&#8217;entenen com un moviment cultural per conservar l&#8217;her\u00e8ncia c\u00e8ltica, altres com una comunitat religiosa o espiritual.<\/p><p>En tots aquests corrents, l&#8217;Awen \u00e9s un signe unificador. \u00c9s, per dir-ho aix\u00ed, el signe distintiu del moviment dru\u00eddic modern, de manera semblant al que \u00e9s la creu per al cristianisme.<\/p><p>L&#8217;Awen \u00e9s, doncs, un bon exemple d&#8217;un signe creat per un moviment modern que ocupa una posici\u00f3 central dins d&#8217;aquest moviment. \u00c9s jove, per\u00f2 est\u00e0 ben arrelat dins la seva tradici\u00f3.<\/p>\t\t\t\t\t\t\t\t<\/div>\n\t\t\t\t<\/div>\n\t\t\t\t\t<\/div>\n\t\t\t\t<\/div>\n\t\t<div class=\"elementor-element elementor-element-iwgs-awen-s7 e-flex e-con-boxed e-con e-parent\" data-id=\"iwgs-awen-s7\" data-element_type=\"container\" data-e-type=\"container\">\n\t\t\t\t\t<div class=\"e-con-inner\">\n\t\t\t\t<div class=\"elementor-element elementor-element-iwgs-awen-s7h elementor-widget elementor-widget-heading\" data-id=\"iwgs-awen-s7h\" data-element_type=\"widget\" data-e-type=\"widget\" data-widget_type=\"heading.default\">\n\t\t\t\t\t<h2 class=\"elementor-heading-title elementor-size-default\">Paraula antiga, signe jove<\/h2>\t\t\t\t<\/div>\n\t\t<div class=\"elementor-element elementor-element-iwgs-awen-s7box e-con-full e-flex e-con e-parent\" data-id=\"iwgs-awen-s7box\" data-element_type=\"container\" data-e-type=\"container\">\n\t\t\t\t<div class=\"elementor-element elementor-element-iwgs-awen-s7t elementor-widget elementor-widget-text-editor\" data-id=\"iwgs-awen-s7t\" data-element_type=\"widget\" data-e-type=\"widget\" data-widget_type=\"text-editor.default\">\n\t\t\t\t\t\t\t\t\t<p>Pel que fa a l&#8217;Awen, la distinci\u00f3 entre paraula antiga i signe jove \u00e9s el punt decisiu. Els dos van units, per\u00f2 s\u00f3n d&#8217;edats diferents, i aix\u00f2 s&#8217;hauria de dir clarament.<\/p><p>La paraula Awen \u00e9s antiga. Est\u00e0 documentada en la literatura gal\u00b7lesa medieval, on designa la inspiraci\u00f3 po\u00e8tica. La idea del do creatiu que flueix cap a la persona \u00e9s aut\u00e8ntica i transmesa des d&#8217;antic.<\/p><p>El <span class=\"iwg-fachbegriff\" data-tooltip=\"Un signe que representa una idea o un significat.\" tabindex=\"0\">s\u00edmbol<\/span> dibuixat, format per tres raigs, \u00e9s en canvi jove. Va sorgir a finals del segle XVIII com a creaci\u00f3 d&#8217;Iolo Morganwg per al moviment dru\u00eddic modern.<\/p><p>Aquesta distinci\u00f3 no \u00e9s un detall secundari. En la imatge actual, el <span class=\"iwg-fachbegriff\" data-tooltip=\"Un signe que representa una idea o un significat.\" tabindex=\"0\">s\u00edmbol<\/span> de l&#8217;Awen sovint es presenta com un signe c\u00e8ltic o dru\u00eddic mil\u00b7lenari. Aquesta presentaci\u00f3 no es pot sostenir des del punt de vista dels fets.<\/p><p>El correcte \u00e9s m\u00e9s b\u00e9 aix\u00f2: una paraula antiga i una idea antiga es van unir al segle XVIII amb un <span class=\"iwg-fachbegriff\" data-tooltip=\"Un signe que representa una idea o un significat.\" tabindex=\"0\">s\u00edmbol<\/span> creat de nou. El <span class=\"iwg-fachbegriff\" data-tooltip=\"Un signe que representa una idea o un significat.\" tabindex=\"0\">s\u00edmbol<\/span> s&#8217;enlla\u00e7a amb all\u00f2 antic, per\u00f2 ell mateix \u00e9s una creaci\u00f3 nova.<\/p><p>Una presentaci\u00f3 honesta de l&#8217;Awen anomena totes dues coses. Reconeix la paraula antiga i la idea antiga de la inspiraci\u00f3, i situa clarament el <span class=\"iwg-fachbegriff\" data-tooltip=\"Un signe que representa una idea o un significat.\" tabindex=\"0\">s\u00edmbol<\/span> com una creaci\u00f3 de l&#8217;\u00e8poca moderna. Aix\u00ed l&#8217;Awen no s&#8217;envelleix artificialment ni es redueix en el seu significat.<\/p>\t\t\t\t\t\t\t\t<\/div>\n\t\t\t\t<\/div>\n\t\t\t\t\t<\/div>\n\t\t\t\t<\/div>\n\t\t<div class=\"elementor-element elementor-element-iwgs-awen-s8 e-flex e-con-boxed e-con e-parent\" data-id=\"iwgs-awen-s8\" data-element_type=\"container\" data-e-type=\"container\">\n\t\t\t\t\t<div class=\"e-con-inner\">\n\t\t\t\t<div class=\"elementor-element elementor-element-iwgs-awen-s8h elementor-widget elementor-widget-heading\" data-id=\"iwgs-awen-s8h\" data-element_type=\"widget\" data-e-type=\"widget\" data-widget_type=\"heading.default\">\n\t\t\t\t\t<h2 class=\"elementor-heading-title elementor-size-default\">Recepci\u00f3 actual<\/h2>\t\t\t\t<\/div>\n\t\t<div class=\"elementor-element elementor-element-iwgs-awen-s8box e-con-full e-flex e-con e-parent\" data-id=\"iwgs-awen-s8box\" data-element_type=\"container\" data-e-type=\"container\">\n\t\t\t\t<div class=\"elementor-element elementor-element-iwgs-awen-s8t elementor-widget elementor-widget-text-editor\" data-id=\"iwgs-awen-s8t\" data-element_type=\"widget\" data-e-type=\"widget\" data-widget_type=\"text-editor.default\">\n\t\t\t\t\t\t\t\t\t<p>El <span class=\"iwg-fachbegriff\" data-tooltip=\"Un signe que representa una idea o un significat.\" tabindex=\"0\">s\u00edmbol<\/span> de l&#8217;Awen \u00e9s avui molt dif\u00f3s. Apareix com a penjoll de joieria, com a tatuatge i com a <span class=\"iwg-fachbegriff\" data-tooltip=\"Un element de contingut recurrent en l'art o en la narrativa.\" tabindex=\"0\">motiu<\/span> decoratiu. \u00c9s especialment popular en relaci\u00f3 amb la cultura c\u00e8ltica i amb l&#8217;espiritualitat.<\/p><p>En el moviment dru\u00eddic modern, l&#8217;Awen ocupa un lloc fix com a signe central. All\u00e0 representa la inspiraci\u00f3, la connexi\u00f3 espiritual i el comprom\u00eds amb aquesta tradici\u00f3.<\/p><p>M\u00e9s enll\u00e0 del moviment dru\u00eddic, l&#8217;Awen es porta com a signe general d&#8217;inspiraci\u00f3, de creativitat i d&#8217;una espiritualitat connectada amb la natura. En aquest \u00fas, sovint no se&#8217;n coneix l&#8217;origen exacte.<\/p><p>Com passa amb molts signes, tamb\u00e9 en el cas de l&#8217;Awen \u00e9s important la valoraci\u00f3 objectiva. La paraula \u00e9s antiga, el signe \u00e9s jove. Qui representa l&#8217;Awen hauria de con\u00e8ixer i explicitar aquesta difer\u00e8ncia.<\/p><p>Aquesta valoraci\u00f3 no minva l&#8217;Awen. Continua sent un signe impactant, amb una forma bella i clara i un significat commovedor, el de la inspiraci\u00f3 creativa.<\/p><p>L&#8217;Awen \u00e9s, doncs, un exemple instructiu. Mostra com un moviment modern pot enlla\u00e7ar amb una paraula antiga i, a partir d&#8217;aqu\u00ed, crear un signe nou i viu que avui es porta \u00e0mpliament.<\/p>\t\t\t\t\t\t\t\t<\/div>\n\t\t\t\t<\/div>\n\t\t\t\t\t<\/div>\n\t\t\t\t<\/div>\n\t\t<div class=\"elementor-element elementor-element-iwgs-awen-lit e-flex e-con-boxed e-con e-parent\" data-id=\"iwgs-awen-lit\" data-element_type=\"container\" data-e-type=\"container\">\n\t\t\t\t\t<div class=\"e-con-inner\">\n\t\t\t\t<div class=\"elementor-element elementor-element-iwgs-awen-lith elementor-widget elementor-widget-heading\" data-id=\"iwgs-awen-lith\" data-element_type=\"widget\" data-e-type=\"widget\" data-widget_type=\"heading.default\">\n\t\t\t\t\t<h2 class=\"elementor-heading-title elementor-size-default\">Bibliografia (selecci\u00f3)<\/h2>\t\t\t\t<\/div>\n\t\t<div class=\"elementor-element elementor-element-iwgs-awen-litbox e-con-full e-flex e-con e-parent\" data-id=\"iwgs-awen-litbox\" data-element_type=\"container\" data-e-type=\"container\">\n\t\t\t\t<div class=\"elementor-element elementor-element-iwgs-awen-litt elementor-widget elementor-widget-html\" data-id=\"iwgs-awen-litt\" data-element_type=\"widget\" data-e-type=\"widget\" data-widget_type=\"html.default\">\n\t\t\t\t\t<footer data-nosnippet=\"true\"><ul><li>Ronald Hutton: <em>Blood and Mistletoe. The History of the Druids in Britain<\/em> (2009)<\/li><li>Ronald Hutton: <em>The Druids<\/em> (2007)<\/li><li>Bernhard Maier: <em>Die Religion der Kelten<\/em> (2001)<\/li><li>Geraint H. Jenkins (Hrsg.): <em>A Rattleskull Genius. The Many Faces of Iolo Morganwg<\/em> (2005)<\/li><li>Juliette Wood: estudis sobre la tradici\u00f3 gal\u00b7lesa<\/li><\/ul><\/footer>\t\t\t\t<\/div>\n\t\t\t\t<\/div>\n\t\t\t\t\t<\/div>\n\t\t\t\t<\/div>\n\t\t<div class=\"elementor-element elementor-element-iwgs-awen-kwd e-flex e-con-boxed e-con e-parent\" data-id=\"iwgs-awen-kwd\" data-element_type=\"container\" data-e-type=\"container\">\n\t\t\t\t\t<div class=\"e-con-inner\">\n\t\t\t\t<div class=\"elementor-element elementor-element-iwgs-awen-kwdt elementor-widget elementor-widget-text-editor\" data-id=\"iwgs-awen-kwdt\" data-element_type=\"widget\" data-e-type=\"widget\" data-widget_type=\"text-editor.default\">\n\t\t\t\t\t\t\t\t\t<p><em>Conceptes clau relacionats: Awen, inspiraci\u00f3, Iolo Morganwg, druides, Gal\u00b7les, tres raigs, bard, Gorsedd.<\/em><\/p>\t\t\t\t\t\t\t\t<\/div>\n\t\t\t\t\t<\/div>\n\t\t\t\t<\/div>\n\t\t<div class=\"elementor-element elementor-element-iwgs-awen-cc e-flex e-con-boxed e-con e-parent\" data-id=\"iwgs-awen-cc\" data-element_type=\"container\" data-e-type=\"container\" id=\"iwg-cc-awen\">\n\t\t\t\t\t<div class=\"e-con-inner\">\n\t\t<div class=\"elementor-element elementor-element-iwgs-awen-ccinner e-flex e-con-boxed e-con e-parent\" data-id=\"iwgs-awen-ccinner\" data-element_type=\"container\" data-e-type=\"container\" data-settings=\"{&quot;background_background&quot;:&quot;classic&quot;}\">\n\t\t\t\t\t<div class=\"e-con-inner\">\n\t\t\t\t<div class=\"elementor-element elementor-element-iwgs-awen-cch elementor-widget elementor-widget-heading\" data-id=\"iwgs-awen-cch\" data-element_type=\"widget\" data-e-type=\"widget\" data-widget_type=\"heading.default\">\n\t\t\t\t\t<h2 class=\"elementor-heading-title elementor-size-default\">iWell Guard i tradicions de protecci\u00f3<\/h2>\t\t\t\t<\/div>\n\t\t\t\t<div class=\"elementor-element elementor-element-iwgs-awen-cct elementor-widget elementor-widget-text-editor\" data-id=\"iwgs-awen-cct\" data-element_type=\"widget\" data-e-type=\"widget\" data-widget_type=\"text-editor.default\">\n\t\t\t\t\t\t\t\t\t<p>iWell Guard s&#8217;inscriu en la l\u00ednia historicocultural dels objectes de protecci\u00f3 que es porten a sobre, a la qual pertany tamb\u00e9 l&#8217;Awen. Un company modern per a les persones que conviuen amb s\u00edmbols de protecci\u00f3: fabricat a Alemanya, 41 capes d&#8217;or, plat\u00ed i plata aut\u00e8ntics, amb dret de devoluci\u00f3 de 30 dies.<\/p>\t\t\t\t\t\t\t\t<\/div>\n\t\t\t\t<div class=\"elementor-element elementor-element-iwgs-awen-ccb iwg-cc-button iwg-cc-cta-2026-05-13 elementor-widget elementor-widget-jet-button\" data-id=\"iwgs-awen-ccb\" data-element_type=\"widget\" data-e-type=\"widget\" data-widget_type=\"jet-button.default\">\n\t\t\t\t<div class=\"elementor-widget-container\">\n\t\t\t\t\t<div class=\"elementor-jet-button jet-elements\"><div class=\"jet-button__container\"><a class=\"jet-button__instance jet-button__instance--icon-left hover-effect-1\" href=\"\/schutzanhaenger-iwell-guard-kaufen\/?utm_source=iwell-guard.com&amp;utm_medium=info-box&amp;utm_campaign=schutzsymbole\"><div class=\"jet-button__plane jet-button__plane-normal\"><\/div><div class=\"jet-button__plane jet-button__plane-hover\"><\/div><div class=\"jet-button__state jet-button__state-normal\"><span class=\"jet-button__label\">M\u00e9s informaci\u00f3 sobre l'iWell Guard<\/span><\/div><div class=\"jet-button__state jet-button__state-hover\"><span class=\"jet-button__label\">M\u00e9s informaci\u00f3 sobre l'iWell Guard<\/span><\/div><\/a><\/div><\/div><style>.elementor-element.elementor-element-iwgs-awen-ccb .jet-button__instance{width:320px;height:56px;}.elementor-element.elementor-element-iwgs-awen-ccb .jet-button__state-normal .jet-button__label{text-align:center;margin:0px 0px 0px 0px;color:#1a1b20;font-family:Montserrat,sans-serif;font-size:13px;font-weight:400;letter-spacing:4px;line-height:1.714em;text-transform:uppercase;}.elementor-element.elementor-element-iwgs-awen-ccb .jet-button__state-hover .jet-button__label{text-align:center;margin:0px 0px 0px 0px;color:#FECC76;font-family:Montserrat,sans-serif;font-size:13px;font-weight:400;letter-spacing:4px;line-height:1.714em;text-transform:uppercase;}.elementor-element.elementor-element-iwgs-awen-ccb .jet-button__plane-normal{background-color:#FECC76;border-style:solid;border-color:#C99540;border-width:2px 2px 2px 2px;}.elementor-element.elementor-element-iwgs-awen-ccb .jet-button__plane-hover{background-color:rgba(0,0,0,0.55);border-style:solid;border-color:#FECC76;border-width:2px 2px 2px 2px;}<\/style>\t\t\t\t<\/div>\n\t\t\t\t<\/div>\n\t\t\t\t<div class=\"elementor-element elementor-element-iwgs-awen-ccd elementor-widget elementor-widget-text-editor\" data-id=\"iwgs-awen-ccd\" data-element_type=\"widget\" data-e-type=\"widget\" data-widget_type=\"text-editor.default\">\n\t\t\t\t\t\t\t\t\t<p style=\"text-align:center;font-size:13px;opacity:0.7;margin-top:14px\" data-nosnippet=\"true\">Les experi\u00e8ncies personals poden variar. No \u00e9s un producte sanitari. No es garanteix cap curaci\u00f3.<\/p>\t\t\t\t\t\t\t\t<\/div>\n\t\t\t\t\t<\/div>\n\t\t\t\t<\/div>\n\t\t\t\t\t<\/div>\n\t\t\t\t<\/div>\n\t\t<div class=\"elementor-element elementor-element-iwgs-awen-disc e-flex e-con-boxed e-con e-parent\" data-id=\"iwgs-awen-disc\" data-element_type=\"container\" data-e-type=\"container\">\n\t\t\t\t\t<div class=\"e-con-inner\">\n\t\t\t\t<div class=\"elementor-element elementor-element-iwgs-awen-discw elementor-widget elementor-widget-html\" data-id=\"iwgs-awen-discw\" data-element_type=\"widget\" data-e-type=\"widget\" data-widget_type=\"html.default\">\n\t\t\t\t\t<footer data-nosnippet=\"true\" class=\"iwg-disclaimer-block\"><p data-nosnippet=\"true\">iWell Guard <strong>no \u00e9s un producte sanitari<\/strong> i no substitueix cap tractament m\u00e8dic o psicoterap\u00e8utic. Els continguts presentats aqu\u00ed s\u00f3n una contextualitzaci\u00f3 des de la ci\u00e8ncia de les religions i la hist\u00f2ria cultural, no una promesa d'efecte espiritual.<\/p><\/footer>\t\t\t\t<\/div>\n\t\t\t\t\t<\/div>\n\t\t\t\t<\/div>\n\t\t\t\t<\/div>\n\t\t","protected":false},"excerpt":{"rendered":"","protected":false},"author":3,"featured_media":3489,"parent":0,"menu_order":0,"comment_status":"closed","ping_status":"closed","template":"elementor_header_footer","meta":{"_yoast_wpseo_focuskw":"Awen","_yoast_wpseo_title":"Awen \u2013 signe c\u00e8ltic de la inspiraci\u00f3","_yoast_wpseo_metadesc":"L'Awen \u00e9s un signe format per tres raigs que representa la inspiraci\u00f3. L'origen de la paraula i del s\u00edmbol, explicat de manera clara.","_yoast_wpseo_meta-robots-noindex":"","_yoast_wpseo_canonical":"","_angie_page":false,"gefaehrdungsstufe":"","wesen_kultur":"","wesen_klasse":"","footnotes":""},"categories":[],"class_list":["post-171927","page","type-page","status-publish","has-post-thumbnail","hentry"],"yoast_head":"<!-- This site is optimized with the Yoast SEO Premium plugin v27.7 (Yoast SEO v28.3) - https:\/\/yoast.com\/product\/yoast-seo-premium-wordpress\/ -->\n<title>Awen \u2013 signe c\u00e8ltic de la inspiraci\u00f3<\/title>\n<meta name=\"description\" content=\"L&#039;Awen \u00e9s un signe format per tres raigs que representa la inspiraci\u00f3. L&#039;origen de la paraula i del s\u00edmbol, explicat de manera clara.\" \/>\n<meta name=\"robots\" content=\"index, follow, max-snippet:-1, max-image-preview:large, max-video-preview:-1\" \/>\n<link rel=\"canonical\" href=\"https:\/\/iwell-guard.com\/ca\/awen-signe-inspiracio\/\" \/>\n<meta property=\"og:locale\" content=\"ca_ES\" \/>\n<meta property=\"og:type\" content=\"article\" \/>\n<meta property=\"og:title\" content=\"Awen \u2013 el signe de la inspiraci\u00f3\" \/>\n<meta property=\"og:description\" content=\"L&#039;Awen \u00e9s un signe format per tres raigs que representa la inspiraci\u00f3. L&#039;origen de la paraula i del s\u00edmbol, explicat de manera clara.\" \/>\n<meta property=\"og:url\" content=\"https:\/\/iwell-guard.com\/ca\/awen-signe-inspiracio\/\" \/>\n<meta property=\"og:site_name\" content=\"iWell Guard\" \/>\n<meta property=\"article:modified_time\" content=\"2026-09-05T16:10:51+00:00\" \/>\n<meta property=\"og:image\" content=\"https:\/\/iwell-guard.com\/wp-content\/uploads\/2026\/05\/schutzsymbol_keltisch_awen.webp\" \/>\n\t<meta property=\"og:image:width\" content=\"1024\" \/>\n\t<meta property=\"og:image:height\" content=\"1536\" \/>\n\t<meta property=\"og:image:type\" content=\"image\/webp\" \/>\n<meta name=\"twitter:card\" content=\"summary_large_image\" \/>\n<script type=\"application\/ld+json\" class=\"yoast-schema-graph\">{\"@context\":\"https:\\\/\\\/schema.org\",\"@graph\":[{\"@type\":\"WebPage\",\"@id\":\"https:\\\/\\\/iwell-guard.com\\\/ca\\\/awen-signe-inspiracio\\\/\",\"url\":\"https:\\\/\\\/iwell-guard.com\\\/ca\\\/awen-signe-inspiracio\\\/\",\"name\":\"Awen \u2013 signe c\u00e8ltic de la inspiraci\u00f3\",\"isPartOf\":{\"@id\":\"https:\\\/\\\/iwell-guard.com\\\/ca\\\/#website\"},\"primaryImageOfPage\":{\"@id\":\"https:\\\/\\\/iwell-guard.com\\\/ca\\\/awen-signe-inspiracio\\\/#primaryimage\"},\"image\":{\"@id\":\"https:\\\/\\\/iwell-guard.com\\\/ca\\\/awen-signe-inspiracio\\\/#primaryimage\"},\"thumbnailUrl\":\"https:\\\/\\\/iwell-guard.com\\\/wp-content\\\/uploads\\\/2026\\\/05\\\/schutzsymbol_keltisch_awen.webp\",\"datePublished\":\"2026-09-05T15:43:37+00:00\",\"dateModified\":\"2026-09-05T16:10:51+00:00\",\"description\":\"L'Awen \u00e9s un signe format per tres raigs que representa la inspiraci\u00f3. L'origen de la paraula i del s\u00edmbol, explicat de manera clara.\",\"breadcrumb\":{\"@id\":\"https:\\\/\\\/iwell-guard.com\\\/ca\\\/awen-signe-inspiracio\\\/#breadcrumb\"},\"inLanguage\":\"ca\",\"potentialAction\":[{\"@type\":\"ReadAction\",\"target\":[\"https:\\\/\\\/iwell-guard.com\\\/ca\\\/awen-signe-inspiracio\\\/\"]}]},{\"@type\":\"ImageObject\",\"inLanguage\":\"ca\",\"@id\":\"https:\\\/\\\/iwell-guard.com\\\/ca\\\/awen-signe-inspiracio\\\/#primaryimage\",\"url\":\"https:\\\/\\\/iwell-guard.com\\\/wp-content\\\/uploads\\\/2026\\\/05\\\/schutzsymbol_keltisch_awen.webp\",\"contentUrl\":\"https:\\\/\\\/iwell-guard.com\\\/wp-content\\\/uploads\\\/2026\\\/05\\\/schutzsymbol_keltisch_awen.webp\",\"width\":1024,\"height\":1536,\"caption\":\"S\u00edmbol de protecci\u00f3. Il\u00b7lustraci\u00f3 muse\u00edstica de bodeg\u00f3.\"},{\"@type\":\"BreadcrumbList\",\"@id\":\"https:\\\/\\\/iwell-guard.com\\\/ca\\\/awen-signe-inspiracio\\\/#breadcrumb\",\"itemListElement\":[{\"@type\":\"ListItem\",\"position\":1,\"name\":\"Start\",\"item\":\"https:\\\/\\\/iwell-guard.com\\\/ca\\\/?page_id=171333\"},{\"@type\":\"ListItem\",\"position\":2,\"name\":\"Awen \u2013 el signe de la inspiraci\u00f3\"}]},{\"@type\":\"WebSite\",\"@id\":\"https:\\\/\\\/iwell-guard.com\\\/ca\\\/#website\",\"url\":\"https:\\\/\\\/iwell-guard.com\\\/ca\\\/\",\"name\":\"iWell Guard\",\"description\":\"Schutz vor dunklen Einfl\u00fcssen\",\"publisher\":{\"@id\":\"https:\\\/\\\/iwell-guard.com\\\/ca\\\/#organization\"},\"potentialAction\":[{\"@type\":\"SearchAction\",\"target\":{\"@type\":\"EntryPoint\",\"urlTemplate\":\"https:\\\/\\\/iwell-guard.com\\\/ca\\\/?s={search_term_string}\"},\"query-input\":{\"@type\":\"PropertyValueSpecification\",\"valueRequired\":true,\"valueName\":\"search_term_string\"}}],\"inLanguage\":\"ca\"},{\"@type\":\"Organization\",\"@id\":\"https:\\\/\\\/iwell-guard.com\\\/ca\\\/#organization\",\"name\":\"Ittermann electronic GmbH\",\"url\":\"https:\\\/\\\/iwell-guard.com\\\/ca\\\/\",\"logo\":{\"@type\":\"ImageObject\",\"inLanguage\":\"ca\",\"@id\":\"https:\\\/\\\/iwell-guard.com\\\/ca\\\/#\\\/schema\\\/logo\\\/image\\\/\",\"url\":\"https:\\\/\\\/iwell-guard.com\\\/wp-content\\\/uploads\\\/2026\\\/05\\\/Ittermann-Logo-1182x237-1.png\",\"contentUrl\":\"https:\\\/\\\/iwell-guard.com\\\/wp-content\\\/uploads\\\/2026\\\/05\\\/Ittermann-Logo-1182x237-1.png\",\"width\":1182,\"height\":237,\"caption\":\"Ittermann electronic GmbH\"},\"image\":{\"@id\":\"https:\\\/\\\/iwell-guard.com\\\/ca\\\/#\\\/schema\\\/logo\\\/image\\\/\"},\"sameAs\":[\"https:\\\/\\\/pantip.com\\\/profile\\\/9367242\",\"https:\\\/\\\/micro.blog\\\/iwellguard\",\"https:\\\/\\\/www.diggerslist.com\\\/iwellguard\\\/about\",\"https:\\\/\\\/skitterphoto.com\\\/photographers\\\/2870314\\\/iwell-guard\",\"https:\\\/\\\/iwellguard.wordpress.com\\\/2026\\\/06\\\/06\\\/iwell-guard\\\/\",\"https:\\\/\\\/hub.docker.com\\\/u\\\/iwellguard\",\"https:\\\/\\\/www.pinterest.com\\\/iwellguard\\\/\",\"https:\\\/\\\/bit.ly\\\/m\\\/iwellguard\",\"https:\\\/\\\/entre-vos-mains.alsace.eu\\\/profiles\\\/iwellguard\\\/activity\",\"https:\\\/\\\/gravatar.com\\\/reallybeded8fd34\",\"https:\\\/\\\/naijamatta.com\\\/iwellguard\",\"https:\\\/\\\/www.goodreads.com\\\/iwellguard\",\"https:\\\/\\\/profile.hatena.ne.jp\\\/iwellguard\\\/\",\"https:\\\/\\\/experiment.com\\\/users\\\/iwellguard\",\"https:\\\/\\\/wakelet.com\\\/@iWellGuard82270\",\"https:\\\/\\\/www.chordie.com\\\/forum\\\/profile.php?id=2555664\",\"https:\\\/\\\/www.instapaper.com\\\/p\\\/17757966\",\"https:\\\/\\\/www.mapleprimes.com\\\/users\\\/iwellguard\",\"https:\\\/\\\/businesslistingplus.com\\\/profile\\\/iwell-guard\\\/\",\"https:\\\/\\\/telegra.ph\\\/iWell-Guard-06-06\",\"https:\\\/\\\/pbase.com\\\/iwellguard\\\/iwellguard\",\"https:\\\/\\\/b.hatena.ne.jp\\\/iwellguard\\\/20260607#bookmark-4788405196491818882\",\"https:\\\/\\\/fliphtml5.com\\\/home\\\/iwellguard\",\"https:\\\/\\\/anyflip.com\\\/homepage\\\/cmiwl#About\",\"https:\\\/\\\/transfur.com\\\/Users\\\/iwellguard\",\"http:\\\/\\\/delphi.larsbo.org\\\/user\\\/iwellguard\",\"https:\\\/\\\/jobs.lajobsportal.org\\\/profiles\\\/8380803-iwell-guard\",\"https:\\\/\\\/md.chaosdorf.de\\\/s\\\/jfbe5SBdJD\",\"https:\\\/\\\/www.lingvolive.com\\\/en-us\\\/profile\\\/9ecaeaca-ce11-4e51-9e71-01d55e2bff36\\\/translations\",\"https:\\\/\\\/www.fitday.com\\\/fitness\\\/forums\\\/members\\\/iwellguard.html\",\"https:\\\/\\\/www.mymeetbook.com\\\/iwellguard\",\"https:\\\/\\\/pxhere.com\\\/en\\\/photographer-me\\\/5040798\",\"https:\\\/\\\/disqus.com\\\/by\\\/iwellguard\\\/about\\\/\",\"https:\\\/\\\/pastelink.net\\\/hjwciqwq\",\"https:\\\/\\\/pubhtml5.com\\\/homepage\\\/scjhn\\\/\",\"https:\\\/\\\/www.bitchute.com\\\/channel\\\/2O2eOKzNqujT\",\"https:\\\/\\\/audiomack.com\\\/iwellguard\"]}]}<\/script>\n<!-- \/ Yoast SEO Premium plugin. -->","yoast_head_json":{"title":"Awen \u2013 signe c\u00e8ltic de la inspiraci\u00f3","description":"L'Awen \u00e9s un signe format per tres raigs que representa la inspiraci\u00f3. L'origen de la paraula i del s\u00edmbol, explicat de manera clara.","robots":{"index":"index","follow":"follow","max-snippet":"max-snippet:-1","max-image-preview":"max-image-preview:large","max-video-preview":"max-video-preview:-1"},"canonical":"https:\/\/iwell-guard.com\/ca\/awen-signe-inspiracio\/","og_locale":"ca_ES","og_type":"article","og_title":"Awen \u2013 el signe de la inspiraci\u00f3","og_description":"L'Awen \u00e9s un signe format per tres raigs que representa la inspiraci\u00f3. L'origen de la paraula i del s\u00edmbol, explicat de manera clara.","og_url":"https:\/\/iwell-guard.com\/ca\/awen-signe-inspiracio\/","og_site_name":"iWell Guard","article_modified_time":"2026-09-05T16:10:51+00:00","og_image":[{"width":1024,"height":1536,"url":"https:\/\/iwell-guard.com\/wp-content\/uploads\/2026\/05\/schutzsymbol_keltisch_awen.webp","type":"image\/webp"}],"twitter_card":"summary_large_image","schema":{"@context":"https:\/\/schema.org","@graph":[{"@type":"WebPage","@id":"https:\/\/iwell-guard.com\/ca\/awen-signe-inspiracio\/","url":"https:\/\/iwell-guard.com\/ca\/awen-signe-inspiracio\/","name":"Awen \u2013 signe c\u00e8ltic de la inspiraci\u00f3","isPartOf":{"@id":"https:\/\/iwell-guard.com\/ca\/#website"},"primaryImageOfPage":{"@id":"https:\/\/iwell-guard.com\/ca\/awen-signe-inspiracio\/#primaryimage"},"image":{"@id":"https:\/\/iwell-guard.com\/ca\/awen-signe-inspiracio\/#primaryimage"},"thumbnailUrl":"https:\/\/iwell-guard.com\/wp-content\/uploads\/2026\/05\/schutzsymbol_keltisch_awen.webp","datePublished":"2026-09-05T15:43:37+00:00","dateModified":"2026-09-05T16:10:51+00:00","description":"L'Awen \u00e9s un signe format per tres raigs que representa la inspiraci\u00f3. L'origen de la paraula i del s\u00edmbol, explicat de manera clara.","breadcrumb":{"@id":"https:\/\/iwell-guard.com\/ca\/awen-signe-inspiracio\/#breadcrumb"},"inLanguage":"ca","potentialAction":[{"@type":"ReadAction","target":["https:\/\/iwell-guard.com\/ca\/awen-signe-inspiracio\/"]}]},{"@type":"ImageObject","inLanguage":"ca","@id":"https:\/\/iwell-guard.com\/ca\/awen-signe-inspiracio\/#primaryimage","url":"https:\/\/iwell-guard.com\/wp-content\/uploads\/2026\/05\/schutzsymbol_keltisch_awen.webp","contentUrl":"https:\/\/iwell-guard.com\/wp-content\/uploads\/2026\/05\/schutzsymbol_keltisch_awen.webp","width":1024,"height":1536,"caption":"S\u00edmbol de protecci\u00f3. Il\u00b7lustraci\u00f3 muse\u00edstica de bodeg\u00f3."},{"@type":"BreadcrumbList","@id":"https:\/\/iwell-guard.com\/ca\/awen-signe-inspiracio\/#breadcrumb","itemListElement":[{"@type":"ListItem","position":1,"name":"Start","item":"https:\/\/iwell-guard.com\/ca\/?page_id=171333"},{"@type":"ListItem","position":2,"name":"Awen \u2013 el signe de la inspiraci\u00f3"}]},{"@type":"WebSite","@id":"https:\/\/iwell-guard.com\/ca\/#website","url":"https:\/\/iwell-guard.com\/ca\/","name":"iWell Guard","description":"Schutz vor dunklen Einfl\u00fcssen","publisher":{"@id":"https:\/\/iwell-guard.com\/ca\/#organization"},"potentialAction":[{"@type":"SearchAction","target":{"@type":"EntryPoint","urlTemplate":"https:\/\/iwell-guard.com\/ca\/?s={search_term_string}"},"query-input":{"@type":"PropertyValueSpecification","valueRequired":true,"valueName":"search_term_string"}}],"inLanguage":"ca"},{"@type":"Organization","@id":"https:\/\/iwell-guard.com\/ca\/#organization","name":"Ittermann electronic GmbH","url":"https:\/\/iwell-guard.com\/ca\/","logo":{"@type":"ImageObject","inLanguage":"ca","@id":"https:\/\/iwell-guard.com\/ca\/#\/schema\/logo\/image\/","url":"https:\/\/iwell-guard.com\/wp-content\/uploads\/2026\/05\/Ittermann-Logo-1182x237-1.png","contentUrl":"https:\/\/iwell-guard.com\/wp-content\/uploads\/2026\/05\/Ittermann-Logo-1182x237-1.png","width":1182,"height":237,"caption":"Ittermann electronic GmbH"},"image":{"@id":"https:\/\/iwell-guard.com\/ca\/#\/schema\/logo\/image\/"},"sameAs":["https:\/\/pantip.com\/profile\/9367242","https:\/\/micro.blog\/iwellguard","https:\/\/www.diggerslist.com\/iwellguard\/about","https:\/\/skitterphoto.com\/photographers\/2870314\/iwell-guard","https:\/\/iwellguard.wordpress.com\/2026\/06\/06\/iwell-guard\/","https:\/\/hub.docker.com\/u\/iwellguard","https:\/\/www.pinterest.com\/iwellguard\/","https:\/\/bit.ly\/m\/iwellguard","https:\/\/entre-vos-mains.alsace.eu\/profiles\/iwellguard\/activity","https:\/\/gravatar.com\/reallybeded8fd34","https:\/\/naijamatta.com\/iwellguard","https:\/\/www.goodreads.com\/iwellguard","https:\/\/profile.hatena.ne.jp\/iwellguard\/","https:\/\/experiment.com\/users\/iwellguard","https:\/\/wakelet.com\/@iWellGuard82270","https:\/\/www.chordie.com\/forum\/profile.php?id=2555664","https:\/\/www.instapaper.com\/p\/17757966","https:\/\/www.mapleprimes.com\/users\/iwellguard","https:\/\/businesslistingplus.com\/profile\/iwell-guard\/","https:\/\/telegra.ph\/iWell-Guard-06-06","https:\/\/pbase.com\/iwellguard\/iwellguard","https:\/\/b.hatena.ne.jp\/iwellguard\/20260607#bookmark-4788405196491818882","https:\/\/fliphtml5.com\/home\/iwellguard","https:\/\/anyflip.com\/homepage\/cmiwl#About","https:\/\/transfur.com\/Users\/iwellguard","http:\/\/delphi.larsbo.org\/user\/iwellguard","https:\/\/jobs.lajobsportal.org\/profiles\/8380803-iwell-guard","https:\/\/md.chaosdorf.de\/s\/jfbe5SBdJD","https:\/\/www.lingvolive.com\/en-us\/profile\/9ecaeaca-ce11-4e51-9e71-01d55e2bff36\/translations","https:\/\/www.fitday.com\/fitness\/forums\/members\/iwellguard.html","https:\/\/www.mymeetbook.com\/iwellguard","https:\/\/pxhere.com\/en\/photographer-me\/5040798","https:\/\/disqus.com\/by\/iwellguard\/about\/","https:\/\/pastelink.net\/hjwciqwq","https:\/\/pubhtml5.com\/homepage\/scjhn\/","https:\/\/www.bitchute.com\/channel\/2O2eOKzNqujT","https:\/\/audiomack.com\/iwellguard"]}]}},"_links":{"self":[{"href":"https:\/\/iwell-guard.com\/ca\/wp-json\/wp\/v2\/pages\/171927","targetHints":{"allow":["GET"]}}],"collection":[{"href":"https:\/\/iwell-guard.com\/ca\/wp-json\/wp\/v2\/pages"}],"about":[{"href":"https:\/\/iwell-guard.com\/ca\/wp-json\/wp\/v2\/types\/page"}],"author":[{"embeddable":true,"href":"https:\/\/iwell-guard.com\/ca\/wp-json\/wp\/v2\/users\/3"}],"replies":[{"embeddable":true,"href":"https:\/\/iwell-guard.com\/ca\/wp-json\/wp\/v2\/comments?post=171927"}],"version-history":[{"count":0,"href":"https:\/\/iwell-guard.com\/ca\/wp-json\/wp\/v2\/pages\/171927\/revisions"}],"wp:featuredmedia":[{"embeddable":true,"href":"https:\/\/iwell-guard.com\/ca\/wp-json\/wp\/v2\/media\/3489"}],"wp:attachment":[{"href":"https:\/\/iwell-guard.com\/ca\/wp-json\/wp\/v2\/media?parent=171927"}],"wp:term":[{"taxonomy":"category","embeddable":true,"href":"https:\/\/iwell-guard.com\/ca\/wp-json\/wp\/v2\/categories?post=171927"}],"curies":[{"name":"wp","href":"https:\/\/api.w.org\/{rel}","templated":true}]}}