{"id":171921,"date":"2026-09-05T15:43:34","date_gmt":"2026-09-05T15:43:34","guid":{"rendered":"https:\/\/iwell-guard.com\/?page_id=171921"},"modified":"2026-09-05T16:10:41","modified_gmt":"2026-09-05T16:10:41","slug":"aegishjalmur-elm-del-terror","status":"publish","type":"page","link":"https:\/\/iwell-guard.com\/ca\/aegishjalmur-elm-del-terror\/","title":{"rendered":"\u00c6gishj\u00e1lmur \u2013 l&#8217;Elm del Terror"},"content":{"rendered":"\t\t<div data-elementor-type=\"wp-page\" data-elementor-id=\"171921\" class=\"elementor elementor-171921 elementor-3659 elementor-bc-flex-widget\" data-elementor-post-type=\"page\">\n\t\t\t\t<div class=\"elementor-element elementor-element-iwgs-aegishjalmur-hero e-flex e-con-boxed e-con e-parent\" data-id=\"iwgs-aegishjalmur-hero\" data-element_type=\"container\" data-e-type=\"container\">\n\t\t\t\t\t<div class=\"e-con-inner\">\n\t\t<div class=\"elementor-element elementor-element-iwgs-aegishjalmur-hl e-flex e-con-boxed e-con e-parent\" data-id=\"iwgs-aegishjalmur-hl\" data-element_type=\"container\" data-e-type=\"container\">\n\t\t\t\t\t<div class=\"e-con-inner\">\n\t\t<div class=\"elementor-element elementor-element-iwgs-aegishjalmur-hlbox e-con-full e-flex e-con e-parent\" data-id=\"iwgs-aegishjalmur-hlbox\" data-element_type=\"container\" data-e-type=\"container\">\n\t\t\t\t<div class=\"elementor-element elementor-element-iwgs-aegishjalmur-h1 elementor-widget elementor-widget-heading\" data-id=\"iwgs-aegishjalmur-h1\" data-element_type=\"widget\" data-e-type=\"widget\" data-widget_type=\"heading.default\">\n\t\t\t\t\t<h1 class=\"elementor-heading-title elementor-size-default\">L'\u00c6gishj\u00e1lmur \u2013 el signe island\u00e8s de l'Elm del Terror<\/h1>\t\t\t\t<\/div>\n\t\t\t\t<div class=\"elementor-element elementor-element-iwgs-aegishjalmur-lead elementor-widget elementor-widget-text-editor\" data-id=\"iwgs-aegishjalmur-lead\" data-element_type=\"widget\" data-e-type=\"widget\" data-widget_type=\"text-editor.default\">\n\t\t\t\t\t\t\t\t\t<p>L&#8217;\u00c6gishj\u00e1lmur, l&#8217;Elm del Terror, \u00e9s un signe m\u00e0gic en forma d&#8217;estrella procedent de la <span class=\"iwg-fachbegriff\" data-tooltip=\"La transmissi\u00f3 de coneixements i relats al llarg de generacions.\" tabindex=\"0\">tradici\u00f3<\/span> islandesa. Se suposa que ha de proporcionar protecci\u00f3 i superioritat a qui el porta i infondre por als adversaris.<\/p>\t\t\t\t\t\t\t\t<\/div>\n\t\t\t\t<\/div>\n\t\t\t\t<div class=\"elementor-element elementor-element-iwgs-aegishjalmur-pills elementor-widget elementor-widget-html\" data-id=\"iwgs-aegishjalmur-pills\" data-element_type=\"widget\" data-e-type=\"widget\" data-widget_type=\"html.default\">\n\t\t\t\t\t<div class=\"iwg-pill-row\"><span class=\"iwg-klasse-badge\" tabindex=\"0\" data-tooltip=\"S\u00edmbol de protecci\u00f3, amulet o objecte apotropaic.\">S\u00edmbol de protecci\u00f3<\/span><a href=\"https:\/\/iwell-guard.com\/ca\/germanica\/\" class=\"iwg-kultur-badge\" tabindex=\"0\" data-tooltip=\"Tradici\u00f3 de protecci\u00f3: Germ\u00e0nica\">Germ\u00e0nica<\/a><span class=\"iwg-tradition-badge\" tabindex=\"0\" data-tooltip=\"Un signe al qual s'atribueix un efecte m\u00e0gic.\">Signe m\u00e0gic<\/span><\/div>\t\t\t\t<\/div>\n\t\t\t\t\t<\/div>\n\t\t\t\t<\/div>\n\t\t<div class=\"elementor-element elementor-element-iwgs-aegishjalmur-hr e-con-full e-flex e-con e-parent\" data-id=\"iwgs-aegishjalmur-hr\" data-element_type=\"container\" data-e-type=\"container\">\n\t\t\t\t<div class=\"elementor-element elementor-element-iwgs-aegishjalmur-himg iwg-hero-image elementor-widget elementor-widget-image\" data-id=\"iwgs-aegishjalmur-himg\" data-element_type=\"widget\" data-e-type=\"widget\" data-widget_type=\"image.default\">\n\t\t\t\t\t\t\t\t\t\t\t\t\t\t\t<img fetchpriority=\"high\" decoding=\"async\" width=\"683\" height=\"1024\" src=\"https:\/\/iwell-guard.com\/wp-content\/uploads\/2026\/05\/schutzsymbol_germanisch_aegishjalmur-683x1024.webp\" class=\"attachment-large size-large wp-image-3478\" alt=\"\u00c6gishj\u00e1lmur \u2013 l\u2019Elm del Terror\" srcset=\"https:\/\/iwell-guard.com\/wp-content\/uploads\/2026\/05\/schutzsymbol_germanisch_aegishjalmur-683x1024.webp 683w, https:\/\/iwell-guard.com\/wp-content\/uploads\/2026\/05\/schutzsymbol_germanisch_aegishjalmur-200x300.webp 200w, https:\/\/iwell-guard.com\/wp-content\/uploads\/2026\/05\/schutzsymbol_germanisch_aegishjalmur-768x1152.webp 768w, https:\/\/iwell-guard.com\/wp-content\/uploads\/2026\/05\/schutzsymbol_germanisch_aegishjalmur.webp 1024w\" sizes=\"(max-width: 683px) 100vw, 683px\" \/>\t\t\t\t\t\t\t\t\t\t\t\t\t\t\t<\/div>\n\t\t\t\t<\/div>\n\t\t\t\t\t<\/div>\n\t\t\t\t<\/div>\n\t\t<div class=\"elementor-element elementor-element-iwgs-aegishjalmur-s0 e-flex e-con-boxed e-con e-parent\" data-id=\"iwgs-aegishjalmur-s0\" data-element_type=\"container\" data-e-type=\"container\">\n\t\t\t\t\t<div class=\"e-con-inner\">\n\t\t\t\t<div class=\"elementor-element elementor-element-iwgs-aegishjalmur-s0h elementor-widget elementor-widget-heading\" data-id=\"iwgs-aegishjalmur-s0h\" data-element_type=\"widget\" data-e-type=\"widget\" data-widget_type=\"heading.default\">\n\t\t\t\t\t<h2 class=\"elementor-heading-title elementor-size-default\">Introducci\u00f3<\/h2>\t\t\t\t<\/div>\n\t\t<div class=\"elementor-element elementor-element-iwgs-aegishjalmur-s0box e-con-full e-flex e-con e-parent\" data-id=\"iwgs-aegishjalmur-s0box\" data-element_type=\"container\" data-e-type=\"container\">\n\t\t\t\t<div class=\"elementor-element elementor-element-iwgs-aegishjalmur-s0t elementor-widget elementor-widget-text-editor\" data-id=\"iwgs-aegishjalmur-s0t\" data-element_type=\"widget\" data-e-type=\"widget\" data-widget_type=\"text-editor.default\">\n\t\t\t\t\t\t\t\t\t<p>L&#8217;\u00c6gishj\u00e1lmur \u00e9s un signe m\u00e0gic de la tradici\u00f3 islandesa. Consisteix en diversos bra\u00e7os en forma de barra que parteixen d&#8217;un punt central com\u00fa i acaben en puntes bifurcades. La forma general \u00e9s estrictament estel\u00b7lar.<\/p><p>El seu nom es tradueix generalment com Elm del Terror, i de vegades tamb\u00e9 com Elm de l&#8217;Espant. Aquest nom ja suggereix la funci\u00f3 del signe, ja que est\u00e0 associat al terror, la protecci\u00f3 i la superioritat.<\/p><p>L&#8217;\u00c6gishj\u00e1lmur pertany al m\u00f3n <a href=\"https:\/\/iwell-guard.com\/ca\/germanica\/\">germ\u00e0nic-n\u00f2rdic<\/a> i est\u00e0 estretament relacionat amb el Vegv\u00edsir. Tots dos s\u00f3n signes m\u00e0gics islandesos, tots dos tenen una estructura estel\u00b7lar, i avui dia sovint es mencionen junts.<\/p><p>Per classificar correctament l&#8217;\u00c6gishj\u00e1lmur cal fer una distinci\u00f3 precisa. El nom i el concepte s\u00f3n antics i es remunten a la <span class=\"iwg-fachbegriff\" data-tooltip=\"La transmissi\u00f3 de coneixements i relats al llarg de generacions.\" tabindex=\"0\">tradici\u00f3<\/span> n\u00f2rdica antiga. En canvi, el signe m\u00e0gic tal com es dibuixa avui pertany a una \u00e8poca posterior.<\/p><p>Aquesta distinci\u00f3 entre el concepte antic i el signe posterior es mant\u00e9 al llarg de tota la descripci\u00f3. \u00c9s necess\u00e0ria perqu\u00e8 avui dia sovint es considera l&#8217;\u00c6gishj\u00e1lmur, de manera general, com un element de l&#8217;\u00e8poca vikinga.<\/p><p>En l&#8217;estudi de la m\u00e0gia popular, l&#8217;\u00c6gishj\u00e1lmur \u00e9s un bon exemple de com un concepte antic i un signe gr\u00e0fic posterior poden acabar fusionant-se. Ambdues capes formen part d&#8217;una descripci\u00f3 completa.<\/p>\t\t\t\t\t\t\t\t<\/div>\n\t\t\t\t<\/div>\n\t\t\t\t\t<\/div>\n\t\t\t\t<\/div>\n\t\t<div class=\"elementor-element elementor-element-iwgs-aegishjalmur-s1 e-flex e-con-boxed e-con e-parent\" data-id=\"iwgs-aegishjalmur-s1\" data-element_type=\"container\" data-e-type=\"container\">\n\t\t\t\t\t<div class=\"e-con-inner\">\n\t\t\t\t<div class=\"elementor-element elementor-element-iwgs-aegishjalmur-s1h elementor-widget elementor-widget-heading\" data-id=\"iwgs-aegishjalmur-s1h\" data-element_type=\"widget\" data-e-type=\"widget\" data-widget_type=\"heading.default\">\n\t\t\t\t\t<h2 class=\"elementor-heading-title elementor-size-default\">El nom en la tradici\u00f3 antiga<\/h2>\t\t\t\t<\/div>\n\t\t<div class=\"elementor-element elementor-element-iwgs-aegishjalmur-s1box e-con-full e-flex e-con e-parent\" data-id=\"iwgs-aegishjalmur-s1box\" data-element_type=\"container\" data-e-type=\"container\">\n\t\t\t\t<div class=\"elementor-element elementor-element-iwgs-aegishjalmur-s1t elementor-widget elementor-widget-text-editor\" data-id=\"iwgs-aegishjalmur-s1t\" data-element_type=\"widget\" data-e-type=\"widget\" data-widget_type=\"text-editor.default\">\n\t\t\t\t\t\t\t\t\t<p>El terme \u00c6gishj\u00e1lmur \u00e9s antic. Apareix a la literatura n\u00f2rdica antiga, \u00e9s a dir, als textos que transmeten els mites i les llegendes heroiques del nord.<\/p><p>L&#8217;\u00c6gishj\u00e1lmur \u00e9s especialment conegut a partir de la hist\u00f2ria del drac Fafnir. En aquesta llegenda heroica, el drac posseeix l&#8217;Elm del Terror, que li confereix un poder aterridor i aplastant.<\/p><p>En aquesta <span class=\"iwg-fachbegriff\" data-tooltip=\"La transmissi\u00f3 de coneixements i relats al llarg de generacions.\" tabindex=\"0\">tradici\u00f3<\/span>, l&#8217;\u00c6gishj\u00e1lmur no \u00e9s un signe dibuixat, sin\u00f3 un poder o un objecte que difon el terror. Qui el posseeix infon por als seus adversaris i els \u00e9s superior.<\/p><p>El nom s&#8217;associa ling\u00fc\u00edsticament amb la idea del terror i amb l&#8217;elm. L&#8217;elm \u00e9s una pe\u00e7a de l&#8217;equipament defensiu, i l&#8217;\u00c6gishj\u00e1lmur \u00e9s, en certa manera, un elm que no nom\u00e9s protegeix, sin\u00f3 que tamb\u00e9 irradia terror.<\/p><p>De la <span class=\"iwg-fachbegriff\" data-tooltip=\"La transmissi\u00f3 de coneixements i relats al llarg de generacions.\" tabindex=\"0\">tradici\u00f3<\/span> antiga procedeix, doncs, el terme i la idea, per\u00f2 no el signe m\u00e0gic dibuixat. La <span class=\"iwg-fachbegriff\" data-tooltip=\"Un relat transm\u00e8s amb sovint un nucli hist\u00f2ric i trets meravellosos.\" tabindex=\"0\">llegenda<\/span> parla d&#8217;un poder terrible, per\u00f2 no mostra cap signe en forma d&#8217;estrella.<\/p><p>Aquesta arrel antiga \u00e9s important. Mostra que la idea de l&#8217;elm protector i alhora aterridor es remunta efectivament al m\u00f3n n\u00f2rdic antic. El signe gr\u00e0fic, en canvi, es va afegir m\u00e9s tard.<\/p>\t\t\t\t\t\t\t\t<\/div>\n\t\t\t\t<\/div>\n\t\t\t\t\t<\/div>\n\t\t\t\t<\/div>\n\t\t<div class=\"elementor-element elementor-element-iwgs-aegishjalmur-s2 e-flex e-con-boxed e-con e-parent\" data-id=\"iwgs-aegishjalmur-s2\" data-element_type=\"container\" data-e-type=\"container\">\n\t\t\t\t\t<div class=\"e-con-inner\">\n\t\t\t\t<div class=\"elementor-element elementor-element-iwgs-aegishjalmur-s2h elementor-widget elementor-widget-heading\" data-id=\"iwgs-aegishjalmur-s2h\" data-element_type=\"widget\" data-e-type=\"widget\" data-widget_type=\"heading.default\">\n\t\t\t\t\t<h2 class=\"elementor-heading-title elementor-size-default\">Els bastons m\u00e0gics islandesos<\/h2>\t\t\t\t<\/div>\n\t\t<div class=\"elementor-element elementor-element-iwgs-aegishjalmur-s2box e-con-full e-flex e-con e-parent\" data-id=\"iwgs-aegishjalmur-s2box\" data-element_type=\"container\" data-e-type=\"container\">\n\t\t\t\t<div class=\"elementor-element elementor-element-iwgs-aegishjalmur-s2t elementor-widget elementor-widget-text-editor\" data-id=\"iwgs-aegishjalmur-s2t\" data-element_type=\"widget\" data-e-type=\"widget\" data-widget_type=\"text-editor.default\">\n\t\t\t\t\t\t\t\t\t<p>El signe dibuixat de l&#8217;\u00c6gishj\u00e1lmur pertany als bastons m\u00e0gics islandesos. En island\u00e8s es coneixen com galdrastafir. Es tracta de signes geom\u00e8trics fets de barres, l\u00ednies i bifurcacions.<\/p><p>Aquests bastons m\u00e0gics pertanyen a la m\u00e0gia popular islandesa de l&#8217;\u00e8poca posterior a l&#8217;edat mitjana. Es troben transmesos en col\u00b7leccions manuscrites que recollien coneixements m\u00e0gics, i hi apareixen al costat d&#8217;encanteris i instruccions.<\/p><p>Els galdrastafir no s\u00f3n una simple continuaci\u00f3 de la religi\u00f3 n\u00f2rdica antiga. En ells van influir diversos elements, entre ells idees cristianes i coneixements m\u00e0gics erudits procedents de l&#8217;Europa continental.<\/p><p>Dins d&#8217;aquest grup, l&#8217;\u00c6gishj\u00e1lmur \u00e9s un dels signes m\u00e9s coneguts. Es troba al costat del Vegv\u00edsir, el guia de cam\u00ed island\u00e8s, amb el qual comparteix la forma b\u00e0sica estel\u00b7lar.<\/p><p>Com el Vegv\u00edsir, tamb\u00e9 l&#8217;\u00c6gishj\u00e1lmur en aquesta forma nom\u00e9s es coneix amb certesa a partir dels manuscrits posteriors. La seva hist\u00f2ria documentada com a signe dibuixat, per tant, no comen\u00e7a a l&#8217;\u00e8poca vikinga.<\/p><p>L&#8217;\u00c6gishj\u00e1lmur \u00e9s, doncs, un terme n\u00f2rdic antic que va rebre una forma dibuixada en la posterior m\u00e0gia popular islandesa. Els galdrastafir van unir el nom antic amb una nova forma visible.<\/p>\t\t\t\t\t\t\t\t<\/div>\n\t\t\t\t<\/div>\n\t\t\t\t\t<\/div>\n\t\t\t\t<\/div>\n\t\t<div class=\"elementor-element elementor-element-iwgs-aegishjalmur-s3 e-flex e-con-boxed e-con e-parent\" data-id=\"iwgs-aegishjalmur-s3\" data-element_type=\"container\" data-e-type=\"container\">\n\t\t\t\t\t<div class=\"e-con-inner\">\n\t\t\t\t<div class=\"elementor-element elementor-element-iwgs-aegishjalmur-s3h elementor-widget elementor-widget-heading\" data-id=\"iwgs-aegishjalmur-s3h\" data-element_type=\"widget\" data-e-type=\"widget\" data-widget_type=\"heading.default\">\n\t\t\t\t\t<h2 class=\"elementor-heading-title elementor-size-default\">Forma del signe<\/h2>\t\t\t\t<\/div>\n\t\t<div class=\"elementor-element elementor-element-iwgs-aegishjalmur-s3box e-con-full e-flex e-con e-parent\" data-id=\"iwgs-aegishjalmur-s3box\" data-element_type=\"container\" data-e-type=\"container\">\n\t\t\t\t<div class=\"elementor-element elementor-element-iwgs-aegishjalmur-s3t elementor-widget elementor-widget-text-editor\" data-id=\"iwgs-aegishjalmur-s3t\" data-element_type=\"widget\" data-e-type=\"widget\" data-widget_type=\"text-editor.default\">\n\t\t\t\t\t\t\t\t\t<p>El signe dibuixat de l&#8217;\u00c6gishj\u00e1lmur t\u00e9 una estructura rigorosa. D&#8217;un punt central parteixen diversos bra\u00e7os que apunten uniformement en totes direccions. Sovint s\u00f3n vuit bra\u00e7os.<\/p><p>Cada bra\u00e7 no \u00e9s simplement una l\u00ednia recta. Al seu extrem i als seus costats presenta petites bifurcacions i puntes bifurcades. Aquestes bifurcacions s\u00f3n el tret m\u00e9s caracter\u00edstic del signe.<\/p><p>Els extrems bifurcats recorden tridents o puntes obertes. Donen a l&#8217;\u00c6gishj\u00e1lmur un aspecte defensiu, gaireb\u00e9 punxegut. El signe sembla que rebutgi els atacs en totes direccions.<\/p><p>La forma estel\u00b7lar rigorosa amb el punt central com\u00fa relaciona l&#8217;\u00c6gishj\u00e1lmur amb el Vegv\u00edsir. Tots dos estan formats per bra\u00e7os en forma de barra al voltant d&#8217;un centre. La difer\u00e8ncia rau en la configuraci\u00f3 dels bra\u00e7os i en el significat.<\/p><p>La forma clara i geom\u00e8trica ha fet que l&#8217;\u00c6gishj\u00e1lmur sigui f\u00e0cilment reconeixible. Es pot dibuixar, gravar i tatuar amb facilitat. Aquesta for\u00e7a visual ha contribu\u00eft a la seva difusi\u00f3 actual.<\/p><p>Algunes receptes dels manuscrits indiquen que cal col\u00b7locar el signe en un lloc determinat, per exemple al front. Amb aix\u00f2 es recupera la idea de l&#8217;elm, ja que l&#8217;elm se situa al cap.<\/p>\t\t\t\t\t\t\t\t<\/div>\n\t\t\t\t<\/div>\n\t\t\t\t\t<\/div>\n\t\t\t\t<\/div>\n\t\t<div class=\"elementor-element elementor-element-iwgs-aegishjalmur-s4 e-flex e-con-boxed e-con e-parent\" data-id=\"iwgs-aegishjalmur-s4\" data-element_type=\"container\" data-e-type=\"container\">\n\t\t\t\t\t<div class=\"e-con-inner\">\n\t\t\t\t<div class=\"elementor-element elementor-element-iwgs-aegishjalmur-s4h elementor-widget elementor-widget-heading\" data-id=\"iwgs-aegishjalmur-s4h\" data-element_type=\"widget\" data-e-type=\"widget\" data-widget_type=\"heading.default\">\n\t\t\t\t\t<h2 class=\"elementor-heading-title elementor-size-default\">Protecci\u00f3 i superioritat<\/h2>\t\t\t\t<\/div>\n\t\t<div class=\"elementor-element elementor-element-iwgs-aegishjalmur-s4box e-con-full e-flex e-con e-parent\" data-id=\"iwgs-aegishjalmur-s4box\" data-element_type=\"container\" data-e-type=\"container\">\n\t\t\t\t<div class=\"elementor-element elementor-element-iwgs-aegishjalmur-s4t elementor-widget elementor-widget-text-editor\" data-id=\"iwgs-aegishjalmur-s4t\" data-element_type=\"widget\" data-e-type=\"widget\" data-widget_type=\"text-editor.default\">\n\t\t\t\t\t\t\t\t\t<p>El significat de l&#8217;\u00c6gishj\u00e1lmur gira al voltant de la protecci\u00f3 i la superioritat. El signe ha de preservar el seu portador i alhora conferir-li una posici\u00f3 de for\u00e7a davant els altres.<\/p><p>L&#8217;\u00c6gishj\u00e1lmur es dirigeix especialment a situacions d&#8217;adversitat i confrontaci\u00f3. Qui s&#8217;enfronta a un enemic o a una situaci\u00f3 dif\u00edcil ha de guanyar, gr\u00e0cies al signe, fermesa i superioritat.<\/p><p>Una part del seu efecte rau en la por que el signe ha d&#8217;escampar. Segons la creen\u00e7a, l&#8217;elm de l&#8217;esglai infon por a l&#8217;adversari. Aquesta por debilita l&#8217;enemic i enforteix el portador.<\/p><p>D&#8217;aquesta manera, l&#8217;\u00c6gishj\u00e1lmur uneix la protecci\u00f3 amb la dissuasi\u00f3. Preserva el seu portador intimidant els enemics. El signe actua cap a fora, contra aquells que podrien ser perillosos per al portador.<\/p><p>En aquest punt, l&#8217;\u00c6gishj\u00e1lmur es diferencia del Vegv\u00edsir. El Vegv\u00edsir preserva de perdre&#8217;s, l&#8217;\u00c6gishj\u00e1lmur atorga protecci\u00f3 i superioritat en l&#8217;adversitat. Cada un dels dos signes t\u00e9 la seva pr\u00f2pia funci\u00f3.<\/p><p>L&#8217;\u00c6gishj\u00e1lmur pertany, doncs, als signes de protecci\u00f3 que no actuen per mitj\u00e0 d&#8217;una s\u00faplica o d&#8217;una <span class=\"iwg-fachbegriff\" data-tooltip=\"Invocaci\u00f3 de benedicci\u00f3 i protecci\u00f3, sovint amb una f\u00f3rmula ling\u00fc\u00edstica fixa.\" tabindex=\"0\">benedicci\u00f3<\/span>, sin\u00f3 per mitj\u00e0 d&#8217;una irradiaci\u00f3 de for\u00e7a i esglai. La seva protecci\u00f3 \u00e9s la superioritat aconseguida.<\/p>\t\t\t\t\t\t\t\t<\/div>\n\t\t\t\t<\/div>\n\t\t\t\t\t<\/div>\n\t\t\t\t<\/div>\n\t\t<div class=\"elementor-element elementor-element-iwgs-aegishjalmur-s5 e-flex e-con-boxed e-con e-parent\" data-id=\"iwgs-aegishjalmur-s5\" data-element_type=\"container\" data-e-type=\"container\">\n\t\t\t\t\t<div class=\"e-con-inner\">\n\t\t\t\t<div class=\"elementor-element elementor-element-iwgs-aegishjalmur-s5h elementor-widget elementor-widget-heading\" data-id=\"iwgs-aegishjalmur-s5h\" data-element_type=\"widget\" data-e-type=\"widget\" data-widget_type=\"heading.default\">\n\t\t\t\t\t<h2 class=\"elementor-heading-title elementor-size-default\">La q\u00fcesti\u00f3 de l'antiguitat<\/h2>\t\t\t\t<\/div>\n\t\t<div class=\"elementor-element elementor-element-iwgs-aegishjalmur-s5box e-con-full e-flex e-con e-parent\" data-id=\"iwgs-aegishjalmur-s5box\" data-element_type=\"container\" data-e-type=\"container\">\n\t\t\t\t<div class=\"elementor-element elementor-element-iwgs-aegishjalmur-s5t elementor-widget elementor-widget-text-editor\" data-id=\"iwgs-aegishjalmur-s5t\" data-element_type=\"widget\" data-e-type=\"widget\" data-widget_type=\"text-editor.default\">\n\t\t\t\t\t\t\t\t\t<p>Pel que fa a l&#8217;\u00c6gishj\u00e1lmur, la q\u00fcesti\u00f3 de l&#8217;antiguitat \u00e9s especialment important, de manera similar al Vegv\u00edsir. En la imatge actual, el signe se sol considerar de manera gen\u00e8rica com a propi de l&#8217;\u00e8poca vikinga. Aquesta idea requereix un examen acurat.<\/p><p>\u00c9s correcte que el terme \u00c6gishj\u00e1lmur \u00e9s antic. Apareix en la literatura n\u00f2rdica antiga, i la idea d&#8217;un elm protector i esglaiador es remunta al m\u00f3n n\u00f2rdic antic.<\/p><p>Tanmateix, el signe m\u00e0gic dibuixat en la seva forma estelada actual nom\u00e9s es coneix amb certesa a partir de manuscrits islandesos posteriors a l&#8217;edat mitjana. De l&#8217;\u00e8poca vikinga no hi ha cap testimoni d&#8217;aquest signe.<\/p><p>L&#8217;\u00c6gishj\u00e1lmur combina, doncs, dues capes. El nom i la idea s\u00f3n antics. El signe gr\u00e0fic pertany a la magia popular islandesa posterior.<\/p><p>Aquesta distinci\u00f3 no \u00e9s un detall secundari. Afecta el nucli d&#8217;un tractament honest del signe. No \u00e9s incorrecte parlar del terme antic, ni \u00e9s incorrecte parlar del signe posterior. Nom\u00e9s seria incorrecte presentar tots dos, sense distinci\u00f3, com a propis de l&#8217;\u00e8poca vikinga.<\/p><p>Una presentaci\u00f3 honesta anomena les dues capes. L&#8217;\u00c6gishj\u00e1lmur \u00e9s un terme n\u00f2rdic antic que, en la magia popular islandesa posterior, va trobar una forma gr\u00e0fica. Aquesta forma \u00e9s impressionant, per\u00f2 no \u00e9s de l&#8217;\u00e8poca vikinga.<\/p>\t\t\t\t\t\t\t\t<\/div>\n\t\t\t\t<\/div>\n\t\t\t\t\t<\/div>\n\t\t\t\t<\/div>\n\t\t<div class=\"elementor-element elementor-element-iwgs-aegishjalmur-s6 e-flex e-con-boxed e-con e-parent\" data-id=\"iwgs-aegishjalmur-s6\" data-element_type=\"container\" data-e-type=\"container\">\n\t\t\t\t\t<div class=\"e-con-inner\">\n\t\t\t\t<div class=\"elementor-element elementor-element-iwgs-aegishjalmur-s6h elementor-widget elementor-widget-heading\" data-id=\"iwgs-aegishjalmur-s6h\" data-element_type=\"widget\" data-e-type=\"widget\" data-widget_type=\"heading.default\">\n\t\t\t\t\t<h2 class=\"elementor-heading-title elementor-size-default\">\u00c6gishj\u00e1lmur i Vegv\u00edsir<\/h2>\t\t\t\t<\/div>\n\t\t<div class=\"elementor-element elementor-element-iwgs-aegishjalmur-s6box e-con-full e-flex e-con e-parent\" data-id=\"iwgs-aegishjalmur-s6box\" data-element_type=\"container\" data-e-type=\"container\">\n\t\t\t\t<div class=\"elementor-element elementor-element-iwgs-aegishjalmur-s6t elementor-widget elementor-widget-text-editor\" data-id=\"iwgs-aegishjalmur-s6t\" data-element_type=\"widget\" data-e-type=\"widget\" data-widget_type=\"text-editor.default\">\n\t\t\t\t\t\t\t\t\t<p>Avui l&#8217;\u00c6gishj\u00e1lmur gaireb\u00e9 sempre s&#8217;esmenta juntament amb el Vegv\u00edsir. Tots dos signes estan estretament relacionats i s\u00f3n els m\u00e9s coneguts entre els bastons m\u00e0gics islandesos.<\/p><p>Tots dos signes comparteixen la forma b\u00e0sica estelada. Des d&#8217;un punt central en surten bra\u00e7os en forma de barra. A primer cop d&#8217;ull, doncs, els dos signes semblen emparentats i similars.<\/p><p>Pel que fa al seu significat, per\u00f2, es diferencien clarament. El Vegv\u00edsir preserva de perdre&#8217;s i assegura el cam\u00ed correcte. L&#8217;\u00c6gishj\u00e1lmur atorga protecci\u00f3 i superioritat en l&#8217;adversitat.<\/p><p>Tots dos pertanyen al mateix m\u00f3n de la magia popular islandesa posterior a l&#8217;edat mitjana. Tots dos es transmeten en manuscrits, i per a tots dos val la mateixa distinci\u00f3 entre el terme antic i el signe posterior.<\/p><p>Qui vulgui entendre l&#8217;\u00c6gishj\u00e1lmur hauria de veure&#8217;l, per tant, en el context de tot el conjunt dels Galdrastafir. No \u00e9s un signe a\u00efllat, sin\u00f3 part d&#8217;una rica tradici\u00f3 islandesa de magia protectora pr\u00e0ctica.<\/p><p>Els Galdrastafir inclouen, a m\u00e9s de l&#8217;\u00c6gishj\u00e1lmur i el Vegv\u00edsir, molts altres signes per a diferents prop\u00f2sits. L&#8217;elm de l&#8217;esglai \u00e9s nom\u00e9s el m\u00e9s conegut entre els signes defensius i enfortidors d&#8217;aquest conjunt.<\/p>\t\t\t\t\t\t\t\t<\/div>\n\t\t\t\t<\/div>\n\t\t\t\t\t<\/div>\n\t\t\t\t<\/div>\n\t\t<div class=\"elementor-element elementor-element-iwgs-aegishjalmur-s7 e-flex e-con-boxed e-con e-parent\" data-id=\"iwgs-aegishjalmur-s7\" data-element_type=\"container\" data-e-type=\"container\">\n\t\t\t\t\t<div class=\"e-con-inner\">\n\t\t\t\t<div class=\"elementor-element elementor-element-iwgs-aegishjalmur-s7h elementor-widget elementor-widget-heading\" data-id=\"iwgs-aegishjalmur-s7h\" data-element_type=\"widget\" data-e-type=\"widget\" data-widget_type=\"heading.default\">\n\t\t\t\t\t<h2 class=\"elementor-heading-title elementor-size-default\">El principi d'acci\u00f3 de la dissuasi\u00f3<\/h2>\t\t\t\t<\/div>\n\t\t<div class=\"elementor-element elementor-element-iwgs-aegishjalmur-s7box e-con-full e-flex e-con e-parent\" data-id=\"iwgs-aegishjalmur-s7box\" data-element_type=\"container\" data-e-type=\"container\">\n\t\t\t\t<div class=\"elementor-element elementor-element-iwgs-aegishjalmur-s7t elementor-widget elementor-widget-text-editor\" data-id=\"iwgs-aegishjalmur-s7t\" data-element_type=\"widget\" data-e-type=\"widget\" data-widget_type=\"text-editor.default\">\n\t\t\t\t\t\t\t\t\t<p>L&#8217;\u00c6gishj\u00e1lmur es pot considerar dins el context m\u00e9s ampli dels signes de protecci\u00f3. Segueix, en part, el principi d&#8217;actuaci\u00f3 de la defensa mitjan\u00e7ant la dissuasi\u00f3.<\/p><p>Aquest principi es basa en la idea que l&#8217;esglai allunya els altres. Qui irradia por mant\u00e9 els enemics a dist\u00e0ncia. L&#8217;\u00c6gishj\u00e1lmur ha d&#8217;escampar precisament aquesta por.<\/p><p>D&#8217;aquesta manera, l&#8217;\u00c6gishj\u00e1lmur s&#8217;inscriu en una s\u00e8rie amb altres signes esglaiadors. El Gorgoneion grec es defensa mitjan\u00e7ant el cap terrible de la Medusa. L&#8217;<span class=\"iwg-fachbegriff\" data-tooltip=\"Un objecte portat al qual s'atribueix un efecte protector i allunyador del mal.\" tabindex=\"0\">amulet<\/span> de Pazuzu es defensa mitjan\u00e7ant el cap del dimoni. L&#8217;\u00c6gishj\u00e1lmur es defensa mitjan\u00e7ant el poder esglaiador de l&#8217;elm.<\/p><p>A difer\u00e8ncia del Gorgoneion i de l&#8217;<span class=\"iwg-fachbegriff\" data-tooltip=\"Un objecte portat al qual s'atribueix un efecte protector i allunyador del mal.\" tabindex=\"0\">amulet<\/span> de Pazuzu, per\u00f2, l&#8217;\u00c6gishj\u00e1lmur no mostra cap rostre ni cap forma. \u00c9s un signe abstracte i geom\u00e8tric. El seu esglai no rau en una imatge, sin\u00f3 en el poder que se li atribueix.<\/p><p>En aix\u00f2, l&#8217;\u00c6gishj\u00e1lmur s&#8217;assembla m\u00e9s al pentagrama, que tamb\u00e9 \u00e9s un signe abstracte amb significat protector. L&#8217;\u00c6gishj\u00e1lmur uneix la claredat geom\u00e8trica amb la idea de la dissuasi\u00f3.<\/p><p>L&#8217;\u00c6gishj\u00e1lmur \u00e9s, doncs, un cas propi dins dels signes esglaiadors. Es defensa mitjan\u00e7ant la dissuasi\u00f3, per\u00f2 no ho fa amb un rostre terror\u00edfic, sin\u00f3 amb un signe m\u00e0gic sever i estelat.<\/p>\t\t\t\t\t\t\t\t<\/div>\n\t\t\t\t<\/div>\n\t\t\t\t\t<\/div>\n\t\t\t\t<\/div>\n\t\t<div class=\"elementor-element elementor-element-iwgs-aegishjalmur-s8 e-flex e-con-boxed e-con e-parent\" data-id=\"iwgs-aegishjalmur-s8\" data-element_type=\"container\" data-e-type=\"container\">\n\t\t\t\t\t<div class=\"e-con-inner\">\n\t\t\t\t<div class=\"elementor-element elementor-element-iwgs-aegishjalmur-s8h elementor-widget elementor-widget-heading\" data-id=\"iwgs-aegishjalmur-s8h\" data-element_type=\"widget\" data-e-type=\"widget\" data-widget_type=\"heading.default\">\n\t\t\t\t\t<h2 class=\"elementor-heading-title elementor-size-default\">Recepci\u00f3 actual<\/h2>\t\t\t\t<\/div>\n\t\t<div class=\"elementor-element elementor-element-iwgs-aegishjalmur-s8box e-con-full e-flex e-con e-parent\" data-id=\"iwgs-aegishjalmur-s8box\" data-element_type=\"container\" data-e-type=\"container\">\n\t\t\t\t<div class=\"elementor-element elementor-element-iwgs-aegishjalmur-s8t elementor-widget elementor-widget-text-editor\" data-id=\"iwgs-aegishjalmur-s8t\" data-element_type=\"widget\" data-e-type=\"widget\" data-widget_type=\"text-editor.default\">\n\t\t\t\t\t\t\t\t\t<p>Avui l&#8217;\u00c6gishj\u00e1lmur est\u00e0 molt est\u00e8s. \u00c9s un dels signes m\u00e9s apreciats entre els que s&#8217;associen amb el m\u00f3n n\u00f2rdic, i \u00e9s especialment cercat com a tatuatge.<\/p><p>Aquesta popularitat es deu a la forma clara i impressionant de l&#8217;\u00c6gishj\u00e1lmur i al seu significat. La idea d&#8217;un signe que atorga protecci\u00f3 i superioritat atrau moltes persones.<\/p><p>En els moviments pagans moderns que es refereixen a la religi\u00f3 n\u00f2rdica, l&#8217;\u00c6gishj\u00e1lmur s&#8217;utilitza com a signe. All\u00e0 s&#8217;inscriu en una s\u00e8rie amb altres signes del nord.<\/p><p>Amb la seva difusi\u00f3, com passa amb el Vegv\u00edsir, es dona una atribuci\u00f3 err\u00f2nia molt estesa. Molt sovint es presenta l&#8217;\u00c6gishj\u00e1lmur com un antic signe vikinga. Aquesta representaci\u00f3 no \u00e9s sostenible des d&#8217;un punt de vista objectiu.<\/p><p>Una presentaci\u00f3 acurada ho aclareix, doncs. El terme \u00c6gishj\u00e1lmur \u00e9s n\u00f2rdic antic, el signe dibuixat pertany a la magia popular islandesa posterior. Totes dues capes s\u00f3n aut\u00e8ntiques, per\u00f2 pertanyen a \u00e8poques diferents.<\/p><p>L&#8217;\u00c6gishj\u00e1lmur segueix sent, doncs, un signe doblement interessant. \u00c9s un aut\u00e8ntic signe m\u00e0gic de la magia popular islandesa amb un significat clar, i \u00e9s un exemple de com els termes antics i els signes gr\u00e0fics posteriors s&#8217;entrellacen en la imatge actual de la hist\u00f2ria.<\/p>\t\t\t\t\t\t\t\t<\/div>\n\t\t\t\t<\/div>\n\t\t\t\t\t<\/div>\n\t\t\t\t<\/div>\n\t\t<div class=\"elementor-element elementor-element-iwgs-aegishjalmur-lit e-flex e-con-boxed e-con e-parent\" data-id=\"iwgs-aegishjalmur-lit\" data-element_type=\"container\" data-e-type=\"container\">\n\t\t\t\t\t<div class=\"e-con-inner\">\n\t\t\t\t<div class=\"elementor-element elementor-element-iwgs-aegishjalmur-lith elementor-widget elementor-widget-heading\" data-id=\"iwgs-aegishjalmur-lith\" data-element_type=\"widget\" data-e-type=\"widget\" data-widget_type=\"heading.default\">\n\t\t\t\t\t<h2 class=\"elementor-heading-title elementor-size-default\">Bibliografia (selecci\u00f3)<\/h2>\t\t\t\t<\/div>\n\t\t<div class=\"elementor-element elementor-element-iwgs-aegishjalmur-litbox e-con-full e-flex e-con e-parent\" data-id=\"iwgs-aegishjalmur-litbox\" data-element_type=\"container\" data-e-type=\"container\">\n\t\t\t\t<div class=\"elementor-element elementor-element-iwgs-aegishjalmur-litt elementor-widget elementor-widget-html\" data-id=\"iwgs-aegishjalmur-litt\" data-element_type=\"widget\" data-e-type=\"widget\" data-widget_type=\"html.default\">\n\t\t\t\t\t<footer data-nosnippet=\"true\"><ul><li>Magn\u00fas Rafnsson: <em>Two Icelandic Books of Magic<\/em> (2008)<\/li><li>Matth\u00edas Vi\u00f0ar S\u00e6mundsson: <em>Galdrar \u00e1 \u00cdslandi<\/em> (1992)<\/li><li>Stephen Flowers: <em>Icelandic Magic<\/em> (2016)<\/li><li>Rudolf Simek: <em>Lexikon der germanischen Mythologie<\/em> (2006)<\/li><li><em>V\u00f6lsunga saga<\/em> (saga heroica n\u00f2rdica antiga)<\/li><\/ul><\/footer>\t\t\t\t<\/div>\n\t\t\t\t<\/div>\n\t\t\t\t\t<\/div>\n\t\t\t\t<\/div>\n\t\t<div class=\"elementor-element elementor-element-iwgs-aegishjalmur-kwd e-flex e-con-boxed e-con e-parent\" data-id=\"iwgs-aegishjalmur-kwd\" data-element_type=\"container\" data-e-type=\"container\">\n\t\t\t\t\t<div class=\"e-con-inner\">\n\t\t\t\t<div class=\"elementor-element elementor-element-iwgs-aegishjalmur-kwdt elementor-widget elementor-widget-text-editor\" data-id=\"iwgs-aegishjalmur-kwdt\" data-element_type=\"widget\" data-e-type=\"widget\" data-widget_type=\"text-editor.default\">\n\t\t\t\t\t\t\t\t\t<p><em>Conceptes clau relacionats: \u00c6gishj\u00e1lmur, Elm del Terror, Galdrastafir, Bast\u00f3 M\u00e0gic, Isl\u00e0ndia, Vegv\u00edsir, m\u00e0gia popular, Fafnir.<\/em><\/p>\t\t\t\t\t\t\t\t<\/div>\n\t\t\t\t\t<\/div>\n\t\t\t\t<\/div>\n\t\t<div class=\"elementor-element elementor-element-iwgs-aegishjalmur-cc e-flex e-con-boxed e-con e-parent\" data-id=\"iwgs-aegishjalmur-cc\" data-element_type=\"container\" data-e-type=\"container\" id=\"iwg-cc-aegishjalmur\">\n\t\t\t\t\t<div class=\"e-con-inner\">\n\t\t<div class=\"elementor-element elementor-element-iwgs-aegishjalmur-ccinner e-flex e-con-boxed e-con e-parent\" data-id=\"iwgs-aegishjalmur-ccinner\" data-element_type=\"container\" data-e-type=\"container\" data-settings=\"{&quot;background_background&quot;:&quot;classic&quot;}\">\n\t\t\t\t\t<div class=\"e-con-inner\">\n\t\t\t\t<div class=\"elementor-element elementor-element-iwgs-aegishjalmur-cch elementor-widget elementor-widget-heading\" data-id=\"iwgs-aegishjalmur-cch\" data-element_type=\"widget\" data-e-type=\"widget\" data-widget_type=\"heading.default\">\n\t\t\t\t\t<h2 class=\"elementor-heading-title elementor-size-default\">iWell Guard i tradicions de protecci\u00f3<\/h2>\t\t\t\t<\/div>\n\t\t\t\t<div class=\"elementor-element elementor-element-iwgs-aegishjalmur-cct elementor-widget elementor-widget-text-editor\" data-id=\"iwgs-aegishjalmur-cct\" data-element_type=\"widget\" data-e-type=\"widget\" data-widget_type=\"text-editor.default\">\n\t\t\t\t\t\t\t\t\t<p>iWell Guard s&#8217;inscriu en la l\u00ednia hist\u00f2rico-cultural dels objectes protectors portables, a la qual tamb\u00e9 pertany l&#8217;\u00c6gishj\u00e1lmur. Un company modern per a persones que viuen amb s\u00edmbols de protecci\u00f3: fabricat a Alemanya, 41 capes d&#8217;or, plat\u00ed i plata aut\u00e8ntics, amb dret de devoluci\u00f3 de 30 dies.<\/p>\t\t\t\t\t\t\t\t<\/div>\n\t\t\t\t<div class=\"elementor-element elementor-element-iwgs-aegishjalmur-ccb iwg-cc-button iwg-cc-cta-2026-05-13 elementor-widget elementor-widget-jet-button\" data-id=\"iwgs-aegishjalmur-ccb\" data-element_type=\"widget\" data-e-type=\"widget\" data-widget_type=\"jet-button.default\">\n\t\t\t\t<div class=\"elementor-widget-container\">\n\t\t\t\t\t<div class=\"elementor-jet-button jet-elements\"><div class=\"jet-button__container\"><a class=\"jet-button__instance jet-button__instance--icon-left hover-effect-1\" href=\"\/schutzanhaenger-iwell-guard-kaufen\/?utm_source=iwell-guard.com&amp;utm_medium=info-box&amp;utm_campaign=schutzsymbole\"><div class=\"jet-button__plane jet-button__plane-normal\"><\/div><div class=\"jet-button__plane jet-button__plane-hover\"><\/div><div class=\"jet-button__state jet-button__state-normal\"><span class=\"jet-button__label\">M\u00e9s informaci\u00f3 sobre l'iWell Guard<\/span><\/div><div class=\"jet-button__state jet-button__state-hover\"><span class=\"jet-button__label\">M\u00e9s informaci\u00f3 sobre l'iWell Guard<\/span><\/div><\/a><\/div><\/div><style>.elementor-element.elementor-element-iwgs-aegishjalmur-ccb .jet-button__instance{width:320px;height:56px;}.elementor-element.elementor-element-iwgs-aegishjalmur-ccb .jet-button__state-normal .jet-button__label{text-align:center;margin:0px 0px 0px 0px;color:#1a1b20;font-family:Montserrat,sans-serif;font-size:13px;font-weight:400;letter-spacing:4px;line-height:1.714em;text-transform:uppercase;}.elementor-element.elementor-element-iwgs-aegishjalmur-ccb .jet-button__state-hover .jet-button__label{text-align:center;margin:0px 0px 0px 0px;color:#FECC76;font-family:Montserrat,sans-serif;font-size:13px;font-weight:400;letter-spacing:4px;line-height:1.714em;text-transform:uppercase;}.elementor-element.elementor-element-iwgs-aegishjalmur-ccb .jet-button__plane-normal{background-color:#FECC76;border-style:solid;border-color:#C99540;border-width:2px 2px 2px 2px;}.elementor-element.elementor-element-iwgs-aegishjalmur-ccb .jet-button__plane-hover{background-color:rgba(0,0,0,0.55);border-style:solid;border-color:#FECC76;border-width:2px 2px 2px 2px;}<\/style>\t\t\t\t<\/div>\n\t\t\t\t<\/div>\n\t\t\t\t<div class=\"elementor-element elementor-element-iwgs-aegishjalmur-ccd elementor-widget elementor-widget-text-editor\" data-id=\"iwgs-aegishjalmur-ccd\" data-element_type=\"widget\" data-e-type=\"widget\" data-widget_type=\"text-editor.default\">\n\t\t\t\t\t\t\t\t\t<p style=\"text-align:center;font-size:13px;opacity:0.7;margin-top:14px\" data-nosnippet=\"true\">Les experi\u00e8ncies personals poden variar. No \u00e9s un producte sanitari. No es garanteix cap curaci\u00f3.<\/p>\t\t\t\t\t\t\t\t<\/div>\n\t\t\t\t\t<\/div>\n\t\t\t\t<\/div>\n\t\t\t\t\t<\/div>\n\t\t\t\t<\/div>\n\t\t<div class=\"elementor-element elementor-element-iwgs-aegishjalmur-disc e-flex e-con-boxed e-con e-parent\" data-id=\"iwgs-aegishjalmur-disc\" data-element_type=\"container\" data-e-type=\"container\">\n\t\t\t\t\t<div class=\"e-con-inner\">\n\t\t\t\t<div class=\"elementor-element elementor-element-iwgs-aegishjalmur-discw elementor-widget elementor-widget-html\" data-id=\"iwgs-aegishjalmur-discw\" data-element_type=\"widget\" data-e-type=\"widget\" data-widget_type=\"html.default\">\n\t\t\t\t\t<footer data-nosnippet=\"true\" class=\"iwg-disclaimer-block\"><p data-nosnippet=\"true\">iWell Guard <strong>no \u00e9s un producte sanitari<\/strong> i no substitueix cap tractament m\u00e8dic o psicoterap\u00e8utic. Els continguts presentats aqu\u00ed s\u00f3n una contextualitzaci\u00f3 des de la ci\u00e8ncia de les religions i la hist\u00f2ria cultural, no una promesa d'efecte espiritual.<\/p><\/footer>\t\t\t\t<\/div>\n\t\t\t\t\t<\/div>\n\t\t\t\t<\/div>\n\t\t\t\t<\/div>\n\t\t","protected":false},"excerpt":{"rendered":"","protected":false},"author":3,"featured_media":3478,"parent":0,"menu_order":0,"comment_status":"closed","ping_status":"closed","template":"elementor_header_footer","meta":{"_yoast_wpseo_focuskw":"\u00c6gishj\u00e1lmur","_yoast_wpseo_title":"\u00c6gishj\u00e1lmur \u2013 Elm del Terror","_yoast_wpseo_metadesc":"L'\u00c6gishj\u00e1lmur, l'Elm del Terror, \u00e9s un signe m\u00e0gic island\u00e8s. Origen, forma i significat explicats de manera entenedora.","_yoast_wpseo_meta-robots-noindex":"","_yoast_wpseo_canonical":"","_angie_page":false,"gefaehrdungsstufe":"","wesen_kultur":"","wesen_klasse":"","footnotes":""},"categories":[],"class_list":["post-171921","page","type-page","status-publish","has-post-thumbnail","hentry"],"yoast_head":"<!-- This site is optimized with the Yoast SEO Premium plugin v27.7 (Yoast SEO v28.3) - https:\/\/yoast.com\/product\/yoast-seo-premium-wordpress\/ -->\n<title>\u00c6gishj\u00e1lmur \u2013 Elm del Terror<\/title>\n<meta name=\"description\" content=\"L&#039;\u00c6gishj\u00e1lmur, l&#039;Elm del Terror, \u00e9s un signe m\u00e0gic island\u00e8s. Origen, forma i significat explicats de manera entenedora.\" \/>\n<meta name=\"robots\" content=\"index, follow, max-snippet:-1, max-image-preview:large, max-video-preview:-1\" \/>\n<link rel=\"canonical\" href=\"https:\/\/iwell-guard.com\/ca\/aegishjalmur-elm-del-terror\/\" \/>\n<meta property=\"og:locale\" content=\"ca_ES\" \/>\n<meta property=\"og:type\" content=\"article\" \/>\n<meta property=\"og:title\" content=\"\u00c6gishj\u00e1lmur \u2013 l&#039;Elm del Terror\" \/>\n<meta property=\"og:description\" content=\"L&#039;\u00c6gishj\u00e1lmur, l&#039;Elm del Terror, \u00e9s un signe m\u00e0gic island\u00e8s. Origen, forma i significat explicats de manera entenedora.\" \/>\n<meta property=\"og:url\" content=\"https:\/\/iwell-guard.com\/ca\/aegishjalmur-elm-del-terror\/\" \/>\n<meta property=\"og:site_name\" content=\"iWell Guard\" \/>\n<meta property=\"article:modified_time\" content=\"2026-09-05T16:10:41+00:00\" \/>\n<meta property=\"og:image\" content=\"https:\/\/iwell-guard.com\/wp-content\/uploads\/2026\/05\/schutzsymbol_germanisch_aegishjalmur.webp\" \/>\n\t<meta property=\"og:image:width\" content=\"1024\" \/>\n\t<meta property=\"og:image:height\" content=\"1536\" \/>\n\t<meta property=\"og:image:type\" content=\"image\/webp\" \/>\n<meta name=\"twitter:card\" content=\"summary_large_image\" \/>\n<script type=\"application\/ld+json\" class=\"yoast-schema-graph\">{\"@context\":\"https:\\\/\\\/schema.org\",\"@graph\":[{\"@type\":\"WebPage\",\"@id\":\"https:\\\/\\\/iwell-guard.com\\\/ca\\\/aegishjalmur-elm-del-terror\\\/\",\"url\":\"https:\\\/\\\/iwell-guard.com\\\/ca\\\/aegishjalmur-elm-del-terror\\\/\",\"name\":\"\u00c6gishj\u00e1lmur \u2013 Elm del Terror\",\"isPartOf\":{\"@id\":\"https:\\\/\\\/iwell-guard.com\\\/ca\\\/#website\"},\"primaryImageOfPage\":{\"@id\":\"https:\\\/\\\/iwell-guard.com\\\/ca\\\/aegishjalmur-elm-del-terror\\\/#primaryimage\"},\"image\":{\"@id\":\"https:\\\/\\\/iwell-guard.com\\\/ca\\\/aegishjalmur-elm-del-terror\\\/#primaryimage\"},\"thumbnailUrl\":\"https:\\\/\\\/iwell-guard.com\\\/wp-content\\\/uploads\\\/2026\\\/05\\\/schutzsymbol_germanisch_aegishjalmur.webp\",\"datePublished\":\"2026-09-05T15:43:34+00:00\",\"dateModified\":\"2026-09-05T16:10:41+00:00\",\"description\":\"L'\u00c6gishj\u00e1lmur, l'Elm del Terror, \u00e9s un signe m\u00e0gic island\u00e8s. Origen, forma i significat explicats de manera entenedora.\",\"breadcrumb\":{\"@id\":\"https:\\\/\\\/iwell-guard.com\\\/ca\\\/aegishjalmur-elm-del-terror\\\/#breadcrumb\"},\"inLanguage\":\"ca\",\"potentialAction\":[{\"@type\":\"ReadAction\",\"target\":[\"https:\\\/\\\/iwell-guard.com\\\/ca\\\/aegishjalmur-elm-del-terror\\\/\"]}]},{\"@type\":\"ImageObject\",\"inLanguage\":\"ca\",\"@id\":\"https:\\\/\\\/iwell-guard.com\\\/ca\\\/aegishjalmur-elm-del-terror\\\/#primaryimage\",\"url\":\"https:\\\/\\\/iwell-guard.com\\\/wp-content\\\/uploads\\\/2026\\\/05\\\/schutzsymbol_germanisch_aegishjalmur.webp\",\"contentUrl\":\"https:\\\/\\\/iwell-guard.com\\\/wp-content\\\/uploads\\\/2026\\\/05\\\/schutzsymbol_germanisch_aegishjalmur.webp\",\"width\":1024,\"height\":1536,\"caption\":\"S\u00edmbol de protecci\u00f3. Il\u00b7lustraci\u00f3 muse\u00edstica de bodeg\u00f3.\"},{\"@type\":\"BreadcrumbList\",\"@id\":\"https:\\\/\\\/iwell-guard.com\\\/ca\\\/aegishjalmur-elm-del-terror\\\/#breadcrumb\",\"itemListElement\":[{\"@type\":\"ListItem\",\"position\":1,\"name\":\"Start\",\"item\":\"https:\\\/\\\/iwell-guard.com\\\/ca\\\/?page_id=171333\"},{\"@type\":\"ListItem\",\"position\":2,\"name\":\"\u00c6gishj\u00e1lmur \u2013 l&#8217;Elm del Terror\"}]},{\"@type\":\"WebSite\",\"@id\":\"https:\\\/\\\/iwell-guard.com\\\/ca\\\/#website\",\"url\":\"https:\\\/\\\/iwell-guard.com\\\/ca\\\/\",\"name\":\"iWell Guard\",\"description\":\"Schutz vor dunklen Einfl\u00fcssen\",\"publisher\":{\"@id\":\"https:\\\/\\\/iwell-guard.com\\\/ca\\\/#organization\"},\"potentialAction\":[{\"@type\":\"SearchAction\",\"target\":{\"@type\":\"EntryPoint\",\"urlTemplate\":\"https:\\\/\\\/iwell-guard.com\\\/ca\\\/?s={search_term_string}\"},\"query-input\":{\"@type\":\"PropertyValueSpecification\",\"valueRequired\":true,\"valueName\":\"search_term_string\"}}],\"inLanguage\":\"ca\"},{\"@type\":\"Organization\",\"@id\":\"https:\\\/\\\/iwell-guard.com\\\/ca\\\/#organization\",\"name\":\"Ittermann electronic GmbH\",\"url\":\"https:\\\/\\\/iwell-guard.com\\\/ca\\\/\",\"logo\":{\"@type\":\"ImageObject\",\"inLanguage\":\"ca\",\"@id\":\"https:\\\/\\\/iwell-guard.com\\\/ca\\\/#\\\/schema\\\/logo\\\/image\\\/\",\"url\":\"https:\\\/\\\/iwell-guard.com\\\/wp-content\\\/uploads\\\/2026\\\/05\\\/Ittermann-Logo-1182x237-1.png\",\"contentUrl\":\"https:\\\/\\\/iwell-guard.com\\\/wp-content\\\/uploads\\\/2026\\\/05\\\/Ittermann-Logo-1182x237-1.png\",\"width\":1182,\"height\":237,\"caption\":\"Ittermann electronic GmbH\"},\"image\":{\"@id\":\"https:\\\/\\\/iwell-guard.com\\\/ca\\\/#\\\/schema\\\/logo\\\/image\\\/\"},\"sameAs\":[\"https:\\\/\\\/pantip.com\\\/profile\\\/9367242\",\"https:\\\/\\\/micro.blog\\\/iwellguard\",\"https:\\\/\\\/www.diggerslist.com\\\/iwellguard\\\/about\",\"https:\\\/\\\/skitterphoto.com\\\/photographers\\\/2870314\\\/iwell-guard\",\"https:\\\/\\\/iwellguard.wordpress.com\\\/2026\\\/06\\\/06\\\/iwell-guard\\\/\",\"https:\\\/\\\/hub.docker.com\\\/u\\\/iwellguard\",\"https:\\\/\\\/www.pinterest.com\\\/iwellguard\\\/\",\"https:\\\/\\\/bit.ly\\\/m\\\/iwellguard\",\"https:\\\/\\\/entre-vos-mains.alsace.eu\\\/profiles\\\/iwellguard\\\/activity\",\"https:\\\/\\\/gravatar.com\\\/reallybeded8fd34\",\"https:\\\/\\\/naijamatta.com\\\/iwellguard\",\"https:\\\/\\\/www.goodreads.com\\\/iwellguard\",\"https:\\\/\\\/profile.hatena.ne.jp\\\/iwellguard\\\/\",\"https:\\\/\\\/experiment.com\\\/users\\\/iwellguard\",\"https:\\\/\\\/wakelet.com\\\/@iWellGuard82270\",\"https:\\\/\\\/www.chordie.com\\\/forum\\\/profile.php?id=2555664\",\"https:\\\/\\\/www.instapaper.com\\\/p\\\/17757966\",\"https:\\\/\\\/www.mapleprimes.com\\\/users\\\/iwellguard\",\"https:\\\/\\\/businesslistingplus.com\\\/profile\\\/iwell-guard\\\/\",\"https:\\\/\\\/telegra.ph\\\/iWell-Guard-06-06\",\"https:\\\/\\\/pbase.com\\\/iwellguard\\\/iwellguard\",\"https:\\\/\\\/b.hatena.ne.jp\\\/iwellguard\\\/20260607#bookmark-4788405196491818882\",\"https:\\\/\\\/fliphtml5.com\\\/home\\\/iwellguard\",\"https:\\\/\\\/anyflip.com\\\/homepage\\\/cmiwl#About\",\"https:\\\/\\\/transfur.com\\\/Users\\\/iwellguard\",\"http:\\\/\\\/delphi.larsbo.org\\\/user\\\/iwellguard\",\"https:\\\/\\\/jobs.lajobsportal.org\\\/profiles\\\/8380803-iwell-guard\",\"https:\\\/\\\/md.chaosdorf.de\\\/s\\\/jfbe5SBdJD\",\"https:\\\/\\\/www.lingvolive.com\\\/en-us\\\/profile\\\/9ecaeaca-ce11-4e51-9e71-01d55e2bff36\\\/translations\",\"https:\\\/\\\/www.fitday.com\\\/fitness\\\/forums\\\/members\\\/iwellguard.html\",\"https:\\\/\\\/www.mymeetbook.com\\\/iwellguard\",\"https:\\\/\\\/pxhere.com\\\/en\\\/photographer-me\\\/5040798\",\"https:\\\/\\\/disqus.com\\\/by\\\/iwellguard\\\/about\\\/\",\"https:\\\/\\\/pastelink.net\\\/hjwciqwq\",\"https:\\\/\\\/pubhtml5.com\\\/homepage\\\/scjhn\\\/\",\"https:\\\/\\\/www.bitchute.com\\\/channel\\\/2O2eOKzNqujT\",\"https:\\\/\\\/audiomack.com\\\/iwellguard\"]}]}<\/script>\n<!-- \/ Yoast SEO Premium plugin. -->","yoast_head_json":{"title":"\u00c6gishj\u00e1lmur \u2013 Elm del Terror","description":"L'\u00c6gishj\u00e1lmur, l'Elm del Terror, \u00e9s un signe m\u00e0gic island\u00e8s. Origen, forma i significat explicats de manera entenedora.","robots":{"index":"index","follow":"follow","max-snippet":"max-snippet:-1","max-image-preview":"max-image-preview:large","max-video-preview":"max-video-preview:-1"},"canonical":"https:\/\/iwell-guard.com\/ca\/aegishjalmur-elm-del-terror\/","og_locale":"ca_ES","og_type":"article","og_title":"\u00c6gishj\u00e1lmur \u2013 l'Elm del Terror","og_description":"L'\u00c6gishj\u00e1lmur, l'Elm del Terror, \u00e9s un signe m\u00e0gic island\u00e8s. Origen, forma i significat explicats de manera entenedora.","og_url":"https:\/\/iwell-guard.com\/ca\/aegishjalmur-elm-del-terror\/","og_site_name":"iWell Guard","article_modified_time":"2026-09-05T16:10:41+00:00","og_image":[{"width":1024,"height":1536,"url":"https:\/\/iwell-guard.com\/wp-content\/uploads\/2026\/05\/schutzsymbol_germanisch_aegishjalmur.webp","type":"image\/webp"}],"twitter_card":"summary_large_image","schema":{"@context":"https:\/\/schema.org","@graph":[{"@type":"WebPage","@id":"https:\/\/iwell-guard.com\/ca\/aegishjalmur-elm-del-terror\/","url":"https:\/\/iwell-guard.com\/ca\/aegishjalmur-elm-del-terror\/","name":"\u00c6gishj\u00e1lmur \u2013 Elm del Terror","isPartOf":{"@id":"https:\/\/iwell-guard.com\/ca\/#website"},"primaryImageOfPage":{"@id":"https:\/\/iwell-guard.com\/ca\/aegishjalmur-elm-del-terror\/#primaryimage"},"image":{"@id":"https:\/\/iwell-guard.com\/ca\/aegishjalmur-elm-del-terror\/#primaryimage"},"thumbnailUrl":"https:\/\/iwell-guard.com\/wp-content\/uploads\/2026\/05\/schutzsymbol_germanisch_aegishjalmur.webp","datePublished":"2026-09-05T15:43:34+00:00","dateModified":"2026-09-05T16:10:41+00:00","description":"L'\u00c6gishj\u00e1lmur, l'Elm del Terror, \u00e9s un signe m\u00e0gic island\u00e8s. Origen, forma i significat explicats de manera entenedora.","breadcrumb":{"@id":"https:\/\/iwell-guard.com\/ca\/aegishjalmur-elm-del-terror\/#breadcrumb"},"inLanguage":"ca","potentialAction":[{"@type":"ReadAction","target":["https:\/\/iwell-guard.com\/ca\/aegishjalmur-elm-del-terror\/"]}]},{"@type":"ImageObject","inLanguage":"ca","@id":"https:\/\/iwell-guard.com\/ca\/aegishjalmur-elm-del-terror\/#primaryimage","url":"https:\/\/iwell-guard.com\/wp-content\/uploads\/2026\/05\/schutzsymbol_germanisch_aegishjalmur.webp","contentUrl":"https:\/\/iwell-guard.com\/wp-content\/uploads\/2026\/05\/schutzsymbol_germanisch_aegishjalmur.webp","width":1024,"height":1536,"caption":"S\u00edmbol de protecci\u00f3. Il\u00b7lustraci\u00f3 muse\u00edstica de bodeg\u00f3."},{"@type":"BreadcrumbList","@id":"https:\/\/iwell-guard.com\/ca\/aegishjalmur-elm-del-terror\/#breadcrumb","itemListElement":[{"@type":"ListItem","position":1,"name":"Start","item":"https:\/\/iwell-guard.com\/ca\/?page_id=171333"},{"@type":"ListItem","position":2,"name":"\u00c6gishj\u00e1lmur \u2013 l&#8217;Elm del Terror"}]},{"@type":"WebSite","@id":"https:\/\/iwell-guard.com\/ca\/#website","url":"https:\/\/iwell-guard.com\/ca\/","name":"iWell Guard","description":"Schutz vor dunklen Einfl\u00fcssen","publisher":{"@id":"https:\/\/iwell-guard.com\/ca\/#organization"},"potentialAction":[{"@type":"SearchAction","target":{"@type":"EntryPoint","urlTemplate":"https:\/\/iwell-guard.com\/ca\/?s={search_term_string}"},"query-input":{"@type":"PropertyValueSpecification","valueRequired":true,"valueName":"search_term_string"}}],"inLanguage":"ca"},{"@type":"Organization","@id":"https:\/\/iwell-guard.com\/ca\/#organization","name":"Ittermann electronic GmbH","url":"https:\/\/iwell-guard.com\/ca\/","logo":{"@type":"ImageObject","inLanguage":"ca","@id":"https:\/\/iwell-guard.com\/ca\/#\/schema\/logo\/image\/","url":"https:\/\/iwell-guard.com\/wp-content\/uploads\/2026\/05\/Ittermann-Logo-1182x237-1.png","contentUrl":"https:\/\/iwell-guard.com\/wp-content\/uploads\/2026\/05\/Ittermann-Logo-1182x237-1.png","width":1182,"height":237,"caption":"Ittermann electronic GmbH"},"image":{"@id":"https:\/\/iwell-guard.com\/ca\/#\/schema\/logo\/image\/"},"sameAs":["https:\/\/pantip.com\/profile\/9367242","https:\/\/micro.blog\/iwellguard","https:\/\/www.diggerslist.com\/iwellguard\/about","https:\/\/skitterphoto.com\/photographers\/2870314\/iwell-guard","https:\/\/iwellguard.wordpress.com\/2026\/06\/06\/iwell-guard\/","https:\/\/hub.docker.com\/u\/iwellguard","https:\/\/www.pinterest.com\/iwellguard\/","https:\/\/bit.ly\/m\/iwellguard","https:\/\/entre-vos-mains.alsace.eu\/profiles\/iwellguard\/activity","https:\/\/gravatar.com\/reallybeded8fd34","https:\/\/naijamatta.com\/iwellguard","https:\/\/www.goodreads.com\/iwellguard","https:\/\/profile.hatena.ne.jp\/iwellguard\/","https:\/\/experiment.com\/users\/iwellguard","https:\/\/wakelet.com\/@iWellGuard82270","https:\/\/www.chordie.com\/forum\/profile.php?id=2555664","https:\/\/www.instapaper.com\/p\/17757966","https:\/\/www.mapleprimes.com\/users\/iwellguard","https:\/\/businesslistingplus.com\/profile\/iwell-guard\/","https:\/\/telegra.ph\/iWell-Guard-06-06","https:\/\/pbase.com\/iwellguard\/iwellguard","https:\/\/b.hatena.ne.jp\/iwellguard\/20260607#bookmark-4788405196491818882","https:\/\/fliphtml5.com\/home\/iwellguard","https:\/\/anyflip.com\/homepage\/cmiwl#About","https:\/\/transfur.com\/Users\/iwellguard","http:\/\/delphi.larsbo.org\/user\/iwellguard","https:\/\/jobs.lajobsportal.org\/profiles\/8380803-iwell-guard","https:\/\/md.chaosdorf.de\/s\/jfbe5SBdJD","https:\/\/www.lingvolive.com\/en-us\/profile\/9ecaeaca-ce11-4e51-9e71-01d55e2bff36\/translations","https:\/\/www.fitday.com\/fitness\/forums\/members\/iwellguard.html","https:\/\/www.mymeetbook.com\/iwellguard","https:\/\/pxhere.com\/en\/photographer-me\/5040798","https:\/\/disqus.com\/by\/iwellguard\/about\/","https:\/\/pastelink.net\/hjwciqwq","https:\/\/pubhtml5.com\/homepage\/scjhn\/","https:\/\/www.bitchute.com\/channel\/2O2eOKzNqujT","https:\/\/audiomack.com\/iwellguard"]}]}},"_links":{"self":[{"href":"https:\/\/iwell-guard.com\/ca\/wp-json\/wp\/v2\/pages\/171921","targetHints":{"allow":["GET"]}}],"collection":[{"href":"https:\/\/iwell-guard.com\/ca\/wp-json\/wp\/v2\/pages"}],"about":[{"href":"https:\/\/iwell-guard.com\/ca\/wp-json\/wp\/v2\/types\/page"}],"author":[{"embeddable":true,"href":"https:\/\/iwell-guard.com\/ca\/wp-json\/wp\/v2\/users\/3"}],"replies":[{"embeddable":true,"href":"https:\/\/iwell-guard.com\/ca\/wp-json\/wp\/v2\/comments?post=171921"}],"version-history":[{"count":0,"href":"https:\/\/iwell-guard.com\/ca\/wp-json\/wp\/v2\/pages\/171921\/revisions"}],"wp:featuredmedia":[{"embeddable":true,"href":"https:\/\/iwell-guard.com\/ca\/wp-json\/wp\/v2\/media\/3478"}],"wp:attachment":[{"href":"https:\/\/iwell-guard.com\/ca\/wp-json\/wp\/v2\/media?parent=171921"}],"wp:term":[{"taxonomy":"category","embeddable":true,"href":"https:\/\/iwell-guard.com\/ca\/wp-json\/wp\/v2\/categories?post=171921"}],"curies":[{"name":"wp","href":"https:\/\/api.w.org\/{rel}","templated":true}]}}