{"id":171920,"date":"2026-09-05T15:43:34","date_gmt":"2026-09-05T15:43:34","guid":{"rendered":"https:\/\/iwell-guard.com\/?page_id=171920"},"modified":"2026-09-05T16:10:39","modified_gmt":"2026-09-05T16:10:39","slug":"apkallu-figures-protectores-cases-mesopotamiques","status":"publish","type":"page","link":"https:\/\/iwell-guard.com\/ca\/apkallu-figures-protectores-cases-mesopotamiques\/","title":{"rendered":"Apkallu \u2013 les figures protectores de les cases mesopot\u00e0miques"},"content":{"rendered":"\t\t<div data-elementor-type=\"wp-page\" data-elementor-id=\"171920\" class=\"elementor elementor-171920 elementor-3657 elementor-bc-flex-widget\" data-elementor-post-type=\"page\">\n\t\t\t\t<div class=\"elementor-element elementor-element-iwgs-apkallu-hero e-flex e-con-boxed e-con e-parent\" data-id=\"iwgs-apkallu-hero\" data-element_type=\"container\" data-e-type=\"container\">\n\t\t\t\t\t<div class=\"e-con-inner\">\n\t\t<div class=\"elementor-element elementor-element-iwgs-apkallu-hl e-flex e-con-boxed e-con e-parent\" data-id=\"iwgs-apkallu-hl\" data-element_type=\"container\" data-e-type=\"container\">\n\t\t\t\t\t<div class=\"e-con-inner\">\n\t\t<div class=\"elementor-element elementor-element-iwgs-apkallu-hlbox e-con-full e-flex e-con e-parent\" data-id=\"iwgs-apkallu-hlbox\" data-element_type=\"container\" data-e-type=\"container\">\n\t\t\t\t<div class=\"elementor-element elementor-element-iwgs-apkallu-h1 elementor-widget elementor-widget-heading\" data-id=\"iwgs-apkallu-h1\" data-element_type=\"widget\" data-e-type=\"widget\" data-widget_type=\"heading.default\">\n\t\t\t\t\t<h1 class=\"elementor-heading-title elementor-size-default\">Els Apkallu \u2013 les s\u00e0vies figures protectores de l'Orient Antic<\/h1>\t\t\t\t<\/div>\n\t\t\t\t<div class=\"elementor-element elementor-element-iwgs-apkallu-lead elementor-widget elementor-widget-text-editor\" data-id=\"iwgs-apkallu-lead\" data-element_type=\"widget\" data-e-type=\"widget\" data-widget_type=\"text-editor.default\">\n\t\t\t\t\t\t\t\t\t<p>Els <span class=\"iwg-fachbegriff\" data-tooltip=\"\u00c9ssers h\u00edbrids i savis de la tradici\u00f3 mesopot\u00e0mica, col\u00b7locats com a figures protectores als edificis.\" tabindex=\"0\">Apkallu<\/span> s\u00f3n les s\u00e0vies figures protectores de l&#8217;Orient Antic. Com a petites figures, s&#8217;enterraven sota els terres de les cases mesopot\u00e0miques per protegir els seus habitants de poders nocius.<\/p>\t\t\t\t\t\t\t\t<\/div>\n\t\t\t\t<\/div>\n\t\t\t\t<div class=\"elementor-element elementor-element-iwgs-apkallu-pills elementor-widget elementor-widget-html\" data-id=\"iwgs-apkallu-pills\" data-element_type=\"widget\" data-e-type=\"widget\" data-widget_type=\"html.default\">\n\t\t\t\t\t<div class=\"iwg-pill-row\"><span class=\"iwg-klasse-badge\" tabindex=\"0\" data-tooltip=\"S\u00edmbol de protecci\u00f3, amulet o objecte apotropaic.\">S\u00edmbol de protecci\u00f3<\/span><a href=\"https:\/\/iwell-guard.com\/ca\/mesopotamia\/\" class=\"iwg-kultur-badge\" tabindex=\"0\" data-tooltip=\"Tradici\u00f3 de protecci\u00f3: Mesopot\u00e0mia\">Mesopot\u00e0mia<\/a><span class=\"iwg-tradition-badge\" tabindex=\"0\" data-tooltip=\"Una figura a la qual s'atribueix un efecte protector.\">Figura protectora<\/span><\/div>\t\t\t\t<\/div>\n\t\t\t\t\t<\/div>\n\t\t\t\t<\/div>\n\t\t<div class=\"elementor-element elementor-element-iwgs-apkallu-hr e-con-full e-flex e-con e-parent\" data-id=\"iwgs-apkallu-hr\" data-element_type=\"container\" data-e-type=\"container\">\n\t\t\t\t<div class=\"elementor-element elementor-element-iwgs-apkallu-himg iwg-hero-image elementor-widget elementor-widget-image\" data-id=\"iwgs-apkallu-himg\" data-element_type=\"widget\" data-e-type=\"widget\" data-widget_type=\"image.default\">\n\t\t\t\t\t\t\t\t\t\t\t\t\t\t\t<img fetchpriority=\"high\" decoding=\"async\" width=\"683\" height=\"1024\" src=\"https:\/\/iwell-guard.com\/wp-content\/uploads\/2026\/05\/schutzsymbol_mesopotamien_apkallu-683x1024.webp\" class=\"attachment-large size-large wp-image-3486\" alt=\"Apkallu \u2013 les figures protectores de les cases mesopot\u00e0miques\" srcset=\"https:\/\/iwell-guard.com\/wp-content\/uploads\/2026\/05\/schutzsymbol_mesopotamien_apkallu-683x1024.webp 683w, https:\/\/iwell-guard.com\/wp-content\/uploads\/2026\/05\/schutzsymbol_mesopotamien_apkallu-200x300.webp 200w, https:\/\/iwell-guard.com\/wp-content\/uploads\/2026\/05\/schutzsymbol_mesopotamien_apkallu-768x1152.webp 768w, https:\/\/iwell-guard.com\/wp-content\/uploads\/2026\/05\/schutzsymbol_mesopotamien_apkallu.webp 1024w\" sizes=\"(max-width: 683px) 100vw, 683px\" \/>\t\t\t\t\t\t\t\t\t\t\t\t\t\t\t<\/div>\n\t\t\t\t<\/div>\n\t\t\t\t\t<\/div>\n\t\t\t\t<\/div>\n\t\t<div class=\"elementor-element elementor-element-iwgs-apkallu-s0 e-flex e-con-boxed e-con e-parent\" data-id=\"iwgs-apkallu-s0\" data-element_type=\"container\" data-e-type=\"container\">\n\t\t\t\t\t<div class=\"e-con-inner\">\n\t\t\t\t<div class=\"elementor-element elementor-element-iwgs-apkallu-s0h elementor-widget elementor-widget-heading\" data-id=\"iwgs-apkallu-s0h\" data-element_type=\"widget\" data-e-type=\"widget\" data-widget_type=\"heading.default\">\n\t\t\t\t\t<h2 class=\"elementor-heading-title elementor-size-default\">Introducci\u00f3<\/h2>\t\t\t\t<\/div>\n\t\t<div class=\"elementor-element elementor-element-iwgs-apkallu-s0box e-con-full e-flex e-con e-parent\" data-id=\"iwgs-apkallu-s0box\" data-element_type=\"container\" data-e-type=\"container\">\n\t\t\t\t<div class=\"elementor-element elementor-element-iwgs-apkallu-s0t elementor-widget elementor-widget-text-editor\" data-id=\"iwgs-apkallu-s0t\" data-element_type=\"widget\" data-e-type=\"widget\" data-widget_type=\"text-editor.default\">\n\t\t\t\t\t\t\t\t\t<p>Els <span class=\"iwg-fachbegriff\" data-tooltip=\"\u00c9ssers h\u00edbrids i savis de la tradici\u00f3 mesopot\u00e0mica, col\u00b7locats com a figures protectores als edificis.\" tabindex=\"0\">Apkallu<\/span> s\u00f3n figures protectores de l&#8217;Orient Antic. En la concepci\u00f3 mesopot\u00e0mica eren \u00e9ssers savis, i petites figures amb la seva forma servien per protegir les cases de <a href=\"https:\/\/iwell-guard.com\/ca\/mesopotamia\/\">Mesopot\u00e0mia<\/a>.<\/p><p>El que fa especials les figures dels <span class=\"iwg-fachbegriff\" data-tooltip=\"\u00c9ssers h\u00edbrids i savis de la tradici\u00f3 mesopot\u00e0mica, col\u00b7locats com a figures protectores als edificis.\" tabindex=\"0\">Apkallu<\/span> \u00e9s la manera en qu\u00e8 s&#8217;utilitzaven. No es portaven ni es col\u00b7locaven a la vista, sin\u00f3 que es mantenien ocultes. S&#8217;enterraven sota els terres de les cases.<\/p><p>D&#8217;aquesta col\u00b7locaci\u00f3 oculta deriva la seva posici\u00f3 especial entre els objectes protectors. Els <span class=\"iwg-fachbegriff\" data-tooltip=\"\u00c9ssers h\u00edbrids i savis de la tradici\u00f3 mesopot\u00e0mica, col\u00b7locats com a figures protectores als edificis.\" tabindex=\"0\">Apkallu<\/span> actuaven de manera amagada. El seu poder protector era present sense ser visible.<\/p><p>Els <span class=\"iwg-fachbegriff\" data-tooltip=\"\u00c9ssers h\u00edbrids i savis de la tradici\u00f3 mesopot\u00e0mica, col\u00b7locats com a figures protectores als edificis.\" tabindex=\"0\">Apkallu<\/span> pertanyen al m\u00f3n dels esperits protectors mesopot\u00e0mics. Juntament amb els guardians alats de les portes i altres \u00e9ssers protectors, formaven un sistema que assegurava els edificis i els seus habitants.<\/p><p>En la <span class=\"iwg-fachbegriff\" data-tooltip=\"La ci\u00e8ncia que estudia les religions de manera comparativa i sense vinculaci\u00f3 confessional.\" tabindex=\"0\">ci\u00e8ncia de la religi\u00f3<\/span>, els <span class=\"iwg-fachbegriff\" data-tooltip=\"\u00c9ssers h\u00edbrids i savis de la tradici\u00f3 mesopot\u00e0mica, col\u00b7locats com a figures protectores als edificis.\" tabindex=\"0\">Apkallu<\/span> s\u00f3n un bon exemple de figures protectores ocultes, d&#8217;ofrenes de fonamentaci\u00f3 i de la protecci\u00f3 d&#8217;una casa des dels seus fonaments. Estan ben documentats mitjan\u00e7ant troballes arqueol\u00f2giques i textos.<\/p><p>El nom <span class=\"iwg-fachbegriff\" data-tooltip=\"\u00c9ssers h\u00edbrids i savis de la tradici\u00f3 mesopot\u00e0mica, col\u00b7locats com a figures protectores als edificis.\" tabindex=\"0\">Apkallu<\/span> remet a la saviesa. Els <span class=\"iwg-fachbegriff\" data-tooltip=\"\u00c9ssers h\u00edbrids i savis de la tradici\u00f3 mesopot\u00e0mica, col\u00b7locats com a figures protectores als edificis.\" tabindex=\"0\">Apkallu<\/span> eren considerats \u00e9ssers savis, i precisament la seva saviesa era part del seu poder protector. Aquesta relaci\u00f3 s&#8217;explica a continuaci\u00f3.<\/p>\t\t\t\t\t\t\t\t<\/div>\n\t\t\t\t<\/div>\n\t\t\t\t\t<\/div>\n\t\t\t\t<\/div>\n\t\t<div class=\"elementor-element elementor-element-iwgs-apkallu-s1 e-flex e-con-boxed e-con e-parent\" data-id=\"iwgs-apkallu-s1\" data-element_type=\"container\" data-e-type=\"container\">\n\t\t\t\t\t<div class=\"e-con-inner\">\n\t\t\t\t<div class=\"elementor-element elementor-element-iwgs-apkallu-s1h elementor-widget elementor-widget-heading\" data-id=\"iwgs-apkallu-s1h\" data-element_type=\"widget\" data-e-type=\"widget\" data-widget_type=\"heading.default\">\n\t\t\t\t\t<h2 class=\"elementor-heading-title elementor-size-default\">Els Set Savis<\/h2>\t\t\t\t<\/div>\n\t\t<div class=\"elementor-element elementor-element-iwgs-apkallu-s1box e-con-full e-flex e-con e-parent\" data-id=\"iwgs-apkallu-s1box\" data-element_type=\"container\" data-e-type=\"container\">\n\t\t\t\t<div class=\"elementor-element elementor-element-iwgs-apkallu-s1t elementor-widget elementor-widget-text-editor\" data-id=\"iwgs-apkallu-s1t\" data-element_type=\"widget\" data-e-type=\"widget\" data-widget_type=\"text-editor.default\">\n\t\t\t\t\t\t\t\t\t<p>En la <span class=\"iwg-fachbegriff\" data-tooltip=\"La transmissi\u00f3 de coneixement i narracions al llarg de generacions.\" tabindex=\"0\">tradici\u00f3<\/span> mesopot\u00e0mica, els <span class=\"iwg-fachbegriff\" data-tooltip=\"\u00c9ssers h\u00edbrids i savis de la tradici\u00f3 mesopot\u00e0mica, col\u00b7locats com a figures protectores als edificis.\" tabindex=\"0\">Apkallu<\/span> s\u00f3n coneguts sobretot com els Set Savis. Es tracta de set figures s\u00e0vies dels temps primigenis, d&#8217;abans del gran diluvi.<\/p><p>A aquests Set Savis se&#8217;ls atribu\u00efa haver portat a la humanitat els fonaments de la cultura. Eren considerats aquells que ensenyaven el coneixement, les arts i l&#8217;ordre de la civilitzaci\u00f3.<\/p><p>Els <span class=\"iwg-fachbegriff\" data-tooltip=\"\u00c9ssers h\u00edbrids i savis de la tradici\u00f3 mesopot\u00e0mica, col\u00b7locats com a figures protectores als edificis.\" tabindex=\"0\">Apkallu<\/span> es trobaven, doncs, a l&#8217;origen de la cultura. Eren els mestres primigenis que van transmetre als humans all\u00f2 que elevava la seva vida m\u00e9s enll\u00e0 de la simple exist\u00e8ncia.<\/p><p>Una figura coneguda dins d&#8217;aquest context \u00e9s un savi que va sorgir de l&#8217;aigua i va ensenyar la cultura als humans. En la <span class=\"iwg-fachbegriff\" data-tooltip=\"La transmissi\u00f3 de coneixement i narracions al llarg de generacions.\" tabindex=\"0\">tradici\u00f3<\/span> posterior \u00e9s conegut amb un nom grec.<\/p><p>Els Set Savis no eren humans corrents. Eren considerats \u00e9ssers d&#8217;una naturalesa superior, semidivins, d&#8217;una saviesa extraordin\u00e0ria i amb una relaci\u00f3 especial amb els d\u00e9us.<\/p><p>D&#8217;aquesta posici\u00f3 dels <span class=\"iwg-fachbegriff\" data-tooltip=\"\u00c9ssers h\u00edbrids i savis de la tradici\u00f3 mesopot\u00e0mica, col\u00b7locats com a figures protectores als edificis.\" tabindex=\"0\">Apkallu<\/span> com a portadors primigenis de la saviesa s&#8217;explica el seu poder protector. \u00c9ssers que encarnaven el coneixement i l&#8217;ordre del m\u00f3n podien allunyar el caos i la desgr\u00e0cia.<\/p>\t\t\t\t\t\t\t\t<\/div>\n\t\t\t\t<\/div>\n\t\t\t\t\t<\/div>\n\t\t\t\t<\/div>\n\t\t<div class=\"elementor-element elementor-element-iwgs-apkallu-s2 e-flex e-con-boxed e-con e-parent\" data-id=\"iwgs-apkallu-s2\" data-element_type=\"container\" data-e-type=\"container\">\n\t\t\t\t\t<div class=\"e-con-inner\">\n\t\t\t\t<div class=\"elementor-element elementor-element-iwgs-apkallu-s2h elementor-widget elementor-widget-heading\" data-id=\"iwgs-apkallu-s2h\" data-element_type=\"widget\" data-e-type=\"widget\" data-widget_type=\"heading.default\">\n\t\t\t\t\t<h2 class=\"elementor-heading-title elementor-size-default\">Forma de les figures dels Apkallu<\/h2>\t\t\t\t<\/div>\n\t\t<div class=\"elementor-element elementor-element-iwgs-apkallu-s2box e-con-full e-flex e-con e-parent\" data-id=\"iwgs-apkallu-s2box\" data-element_type=\"container\" data-e-type=\"container\">\n\t\t\t\t<div class=\"elementor-element elementor-element-iwgs-apkallu-s2t elementor-widget elementor-widget-text-editor\" data-id=\"iwgs-apkallu-s2t\" data-element_type=\"widget\" data-e-type=\"widget\" data-widget_type=\"text-editor.default\">\n\t\t\t\t\t\t\t\t\t<p>Els <span class=\"iwg-fachbegriff\" data-tooltip=\"\u00c9ssers mixtos savis de la tradici\u00f3 mesopot\u00e0mica, col\u00b7locats com a figures protectores als edificis.\" tabindex=\"0\">Apkallu<\/span> es representaven amb diverses formes. La recerca distingeix sobretot tres tipus, cadascun amb un aspecte propi.<\/p><p>El primer tipus \u00e9s l&#8217;<span class=\"iwg-fachbegriff\" data-tooltip=\"\u00c9ssers mixtos savis de la tradici\u00f3 mesopot\u00e0mica, col\u00b7locats com a figures protectores als edificis.\" tabindex=\"0\">Apkallu<\/span> vestit de peix. Aquesta figura \u00e9s un home que porta un peix com un mantell sobre el cap i l&#8217;esquena. El peix remet a la vinculaci\u00f3 dels savis amb l&#8217;aigua i amb la saviesa que en provenia.<\/p><p>El segon tipus \u00e9s l&#8217;<span class=\"iwg-fachbegriff\" data-tooltip=\"\u00c9ssers mixtos savis de la tradici\u00f3 mesopot\u00e0mica, col\u00b7locats com a figures protectores als edificis.\" tabindex=\"0\">Apkallu<\/span> amb cap d&#8217;ocell. Aquesta figura t\u00e9 el cos d&#8217;un home i el cap d&#8217;un ocell, sovint amb ales. Sovint sost\u00e9 a les mans objectes vinculats a la purificaci\u00f3 i a la <span class=\"iwg-fachbegriff\" data-tooltip=\"Concessi\u00f3 de benestar i protecci\u00f3, sovint amb una f\u00f3rmula ling\u00fc\u00edstica fixa.\" tabindex=\"0\">benedicci\u00f3<\/span>.<\/p><p>El tercer tipus \u00e9s l&#8217;<span class=\"iwg-fachbegriff\" data-tooltip=\"\u00c9ssers mixtos savis de la tradici\u00f3 mesopot\u00e0mica, col\u00b7locats com a figures protectores als edificis.\" tabindex=\"0\">Apkallu<\/span> de forma completament humana. Aquesta figura apareix com un home distingit, sovint tamb\u00e9 amb objectes a les mans que remeten a la seva funci\u00f3.<\/p><p>Les petites figures d&#8217;<span class=\"iwg-fachbegriff\" data-tooltip=\"\u00c9ssers mixtos savis de la tradici\u00f3 mesopot\u00e0mica, col\u00b7locats com a figures protectores als edificis.\" tabindex=\"0\">Apkallu<\/span> que s&#8217;enterraven a les cases eren fetes majorit\u00e0riament d&#8217;argila. Eren de factura senzilla, ja que el seu efecte no es basava en un material preci\u00f3s, sin\u00f3 en la seva forma i en la seva <span class=\"iwg-fachbegriff\" data-tooltip=\"Acte ritual pel qual un objecte, lloc o persona es lliura a l'\u00e0mbit religi\u00f3s.\" tabindex=\"0\">consagraci\u00f3<\/span>.<\/p><p>Aquests tres tipus d&#8217;<span class=\"iwg-fachbegriff\" data-tooltip=\"\u00c9ssers mixtos savis de la tradici\u00f3 mesopot\u00e0mica, col\u00b7locats com a figures protectores als edificis.\" tabindex=\"0\">Apkallu<\/span> mostren que no es tractava d&#8217;un \u00e9sser \u00fanic, sin\u00f3 d&#8217;un grup de figures protectores relacionades entre si. El que tenen en com\u00fa \u00e9s la vinculaci\u00f3 amb la saviesa i la protecci\u00f3.<\/p>\t\t\t\t\t\t\t\t<\/div>\n\t\t\t\t<\/div>\n\t\t\t\t\t<\/div>\n\t\t\t\t<\/div>\n\t\t<div class=\"elementor-element elementor-element-iwgs-apkallu-s3 e-flex e-con-boxed e-con e-parent\" data-id=\"iwgs-apkallu-s3\" data-element_type=\"container\" data-e-type=\"container\">\n\t\t\t\t\t<div class=\"e-con-inner\">\n\t\t\t\t<div class=\"elementor-element elementor-element-iwgs-apkallu-s3h elementor-widget elementor-widget-heading\" data-id=\"iwgs-apkallu-s3h\" data-element_type=\"widget\" data-e-type=\"widget\" data-widget_type=\"heading.default\">\n\t\t\t\t\t<h2 class=\"elementor-heading-title elementor-size-default\">Amagat sota el terra<\/h2>\t\t\t\t<\/div>\n\t\t<div class=\"elementor-element elementor-element-iwgs-apkallu-s3box e-con-full e-flex e-con e-parent\" data-id=\"iwgs-apkallu-s3box\" data-element_type=\"container\" data-e-type=\"container\">\n\t\t\t\t<div class=\"elementor-element elementor-element-iwgs-apkallu-s3t elementor-widget elementor-widget-text-editor\" data-id=\"iwgs-apkallu-s3t\" data-element_type=\"widget\" data-e-type=\"widget\" data-widget_type=\"text-editor.default\">\n\t\t\t\t\t\t\t\t\t<p>La manera caracter\u00edstica d&#8217;utilitzar les figures d&#8217;<span class=\"iwg-fachbegriff\" data-tooltip=\"\u00c9ssers mixtos savis de la tradici\u00f3 mesopot\u00e0mica, col\u00b7locats com a figures protectores als edificis.\" tabindex=\"0\">Apkallu<\/span> era enterrar-les. Es col\u00b7locaven sota el terra de les cases, sovint dins de petits recipients.<\/p><p>Les figures s&#8217;enterraven en grups. Sovint eren diverses figures juntes, dipositades en un mateix punt de la casa.<\/p><p>Certs llocs de la casa eren especialment importants. Les figures s&#8217;enterraven sobretot all\u00e0 on la protecci\u00f3 semblava m\u00e9s necess\u00e0ria, com als llindars, als racons de les habitacions i a prop de les entrades.<\/p><p>Aquests eren els punts de la casa considerats vulnerables. Els llindars i els racons es consideraven els llocs per on podien penetrar les forces nocives. Precisament all\u00e0 es col\u00b7locaven els <span class=\"iwg-fachbegriff\" data-tooltip=\"\u00c9ssers mixtos savis de la tradici\u00f3 mesopot\u00e0mica, col\u00b7locats com a figures protectores als edificis.\" tabindex=\"0\">Apkallu<\/span>.<\/p><p>Les figures actuaven aix\u00ed des de l&#8217;ocultaci\u00f3. Ning\u00fa les veia, per\u00f2 el seu poder protector impregnava la casa. La protecci\u00f3 era present sense ser visible.<\/p><p>Aquest enterrament de figures protectores \u00e9s un <span class=\"iwg-fachbegriff\" data-tooltip=\"Acci\u00f3 transmesa i repetida regularment en una comunitat.\" tabindex=\"0\">costum<\/span> conegut m\u00e9s enll\u00e0 de Mesopot\u00e0mia. En moltes cultures es col\u00b7locaven objectes amagats en la construcci\u00f3 d&#8217;edificis per assegurar-los.<\/p>\t\t\t\t\t\t\t\t<\/div>\n\t\t\t\t<\/div>\n\t\t\t\t\t<\/div>\n\t\t\t\t<\/div>\n\t\t<div class=\"elementor-element elementor-element-iwgs-apkallu-s4 e-flex e-con-boxed e-con e-parent\" data-id=\"iwgs-apkallu-s4\" data-element_type=\"container\" data-e-type=\"container\">\n\t\t\t\t\t<div class=\"e-con-inner\">\n\t\t\t\t<div class=\"elementor-element elementor-element-iwgs-apkallu-s4h elementor-widget elementor-widget-heading\" data-id=\"iwgs-apkallu-s4h\" data-element_type=\"widget\" data-e-type=\"widget\" data-widget_type=\"heading.default\">\n\t\t\t\t\t<h2 class=\"elementor-heading-title elementor-size-default\">Protecci\u00f3 de la llar<\/h2>\t\t\t\t<\/div>\n\t\t<div class=\"elementor-element elementor-element-iwgs-apkallu-s4box e-con-full e-flex e-con e-parent\" data-id=\"iwgs-apkallu-s4box\" data-element_type=\"container\" data-e-type=\"container\">\n\t\t\t\t<div class=\"elementor-element elementor-element-iwgs-apkallu-s4t elementor-widget elementor-widget-text-editor\" data-id=\"iwgs-apkallu-s4t\" data-element_type=\"widget\" data-e-type=\"widget\" data-widget_type=\"text-editor.default\">\n\t\t\t\t\t\t\t\t\t<p>Les figures d&#8217;<span class=\"iwg-fachbegriff\" data-tooltip=\"\u00c9ssers mixtos savis de la tradici\u00f3 mesopot\u00e0mica, col\u00b7locats com a figures protectores als edificis.\" tabindex=\"0\">Apkallu<\/span> servien per protegir la casa i els seus habitants. Havien de mantenir allunyats de la llar les forces nocives, els dimonis i les malalties.<\/p><p>La casa era l&#8217;espai vital de la fam\u00edlia. Protegir-la significava protegir les persones que hi vivien. La protecci\u00f3 de la llar era, per tant, una preocupaci\u00f3 central de la pr\u00e0ctica protectora mesopot\u00e0mica.<\/p><p>Els <span class=\"iwg-fachbegriff\" data-tooltip=\"\u00c9ssers mixtos savis de la tradici\u00f3 mesopot\u00e0mica, col\u00b7locats com a figures protectores als edificis.\" tabindex=\"0\">Apkallu<\/span> protegien la casa des dels fonaments. En ser enterrats sota el terra, el seu poder protector era present als fonaments mateixos de l&#8217;edifici. La casa reposava, en certa manera, sobre la protecci\u00f3 dels savis.<\/p><p>A difer\u00e8ncia d&#8217;un signe protector a la porta, que assegurava un \u00fanic punt, la protecci\u00f3 dels <span class=\"iwg-fachbegriff\" data-tooltip=\"\u00c9ssers mixtos savis de la tradici\u00f3 mesopot\u00e0mica, col\u00b7locats com a figures protectores als edificis.\" tabindex=\"0\">Apkallu<\/span> enterrats impregnava tot l&#8217;edifici. Protegien el terreny sobre el qual es desenvolupava la vida de la fam\u00edlia.<\/p><p>Sovint els <span class=\"iwg-fachbegriff\" data-tooltip=\"\u00c9ssers mixtos savis de la tradici\u00f3 mesopot\u00e0mica, col\u00b7locats com a figures protectores als edificis.\" tabindex=\"0\">Apkallu<\/span> actuaven juntament amb altres \u00e9ssers protectors. A les portes hi podien haver guardians alats, a les parets altres signes protectors, i sota els terres els <span class=\"iwg-fachbegriff\" data-tooltip=\"\u00c9ssers mixtos savis de la tradici\u00f3 mesopot\u00e0mica, col\u00b7locats com a figures protectores als edificis.\" tabindex=\"0\">Apkallu<\/span> enterrats.<\/p><p>La casa quedava aix\u00ed envoltada per tota una xarxa de poders protectors. Els <span class=\"iwg-fachbegriff\" data-tooltip=\"\u00c9ssers mixtos savis de la tradici\u00f3 mesopot\u00e0mica, col\u00b7locats com a figures protectores als edificis.\" tabindex=\"0\">Apkallu<\/span> eren la part oculta d&#8217;aquesta xarxa, la que actuava des dels fonaments.<\/p>\t\t\t\t\t\t\t\t<\/div>\n\t\t\t\t<\/div>\n\t\t\t\t\t<\/div>\n\t\t\t\t<\/div>\n\t\t<div class=\"elementor-element elementor-element-iwgs-apkallu-s5 e-flex e-con-boxed e-con e-parent\" data-id=\"iwgs-apkallu-s5\" data-element_type=\"container\" data-e-type=\"container\">\n\t\t\t\t\t<div class=\"e-con-inner\">\n\t\t\t\t<div class=\"elementor-element elementor-element-iwgs-apkallu-s5h elementor-widget elementor-widget-heading\" data-id=\"iwgs-apkallu-s5h\" data-element_type=\"widget\" data-e-type=\"widget\" data-widget_type=\"heading.default\">\n\t\t\t\t\t<h2 class=\"elementor-heading-title elementor-size-default\">El ritual de l'enterrament<\/h2>\t\t\t\t<\/div>\n\t\t<div class=\"elementor-element elementor-element-iwgs-apkallu-s5box e-con-full e-flex e-con e-parent\" data-id=\"iwgs-apkallu-s5box\" data-element_type=\"container\" data-e-type=\"container\">\n\t\t\t\t<div class=\"elementor-element elementor-element-iwgs-apkallu-s5t elementor-widget elementor-widget-text-editor\" data-id=\"iwgs-apkallu-s5t\" data-element_type=\"widget\" data-e-type=\"widget\" data-widget_type=\"text-editor.default\">\n\t\t\t\t\t\t\t\t\t<p>Enterrar les figures dels <span class=\"iwg-fachbegriff\" data-tooltip=\"\u00c9ssers mixtos savis de la tradici\u00f3 mesopot\u00e0mica, col\u00b7locats com a figures protectores als edificis.\" tabindex=\"0\">Apkallu<\/span> no era un acte casual. Estava vinculat a un <span class=\"iwg-fachbegriff\" data-tooltip=\"Una seq\u00fc\u00e8ncia reglada d'accions simb\u00f2liques amb significat religi\u00f3s o cultural.\" tabindex=\"0\">ritual<\/span> que seguia regles precises.<\/p><p>De Mesopot\u00e0mia s&#8217;han transm\u00e8s textos rituals que descriuen la fabricaci\u00f3 i l&#8217;enterrament de les figures dels <span class=\"iwg-fachbegriff\" data-tooltip=\"\u00c9ssers mixtos savis de la tradici\u00f3 mesopot\u00e0mica, col\u00b7locats com a figures protectores als edificis.\" tabindex=\"0\">Apkallu<\/span>. Aquests textos indiquen com fabricar les figures, com <span class=\"iwg-fachbegriff\" data-tooltip=\"Consagrar un objecte, lloc o persona al sagrat mitjan\u00e7ant un acte religi\u00f3s.\" tabindex=\"0\">consagrar-les<\/span> i on cal enterrar-les.<\/p><p>La fabricaci\u00f3 de les figures formava part del ritual. Es modelava l&#8217;argila, es donava forma a la figura, i mitjan\u00e7ant els actes de consagraci\u00f3 es convertia en un objecte protector efica\u00e7.<\/p><p>Tamb\u00e9 l&#8217;enterrament en si seguia pautes fixes. El nombre de figures, el lloc de l&#8217;enterrament i els actes que l&#8217;acompanyaven estaven regulats. Nom\u00e9s el procediment correcte feia efectiva la protecci\u00f3.<\/p><p>El <span class=\"iwg-fachbegriff\" data-tooltip=\"Una seq\u00fc\u00e8ncia reglada d'accions simb\u00f2liques amb significat religi\u00f3s o cultural.\" tabindex=\"0\">ritual<\/span> era executat per un especialista, un sacerdot exorcista. Ell coneixia els textos i els actes, i s&#8217;assegurava que l&#8217;enterrament dels <span class=\"iwg-fachbegriff\" data-tooltip=\"\u00c9ssers mixtos savis de la tradici\u00f3 mesopot\u00e0mica, col\u00b7locats com a figures protectores als edificis.\" tabindex=\"0\">Apkallu<\/span> desplegu\u00e9s el seu efecte.<\/p><p>Les figures dels <span class=\"iwg-fachbegriff\" data-tooltip=\"\u00c9ssers mixtos savis de la tradici\u00f3 mesopot\u00e0mica, col\u00b7locats com a figures protectores als edificis.\" tabindex=\"0\">Apkallu<\/span> mostren, doncs, que la pr\u00e0ctica protectora mesopot\u00e0mica estava regulada amb precisi\u00f3. L&#8217;objecte protector i el coneixement de la seva fabricaci\u00f3 i \u00fas correctes anaven inseparablement units.<\/p>\t\t\t\t\t\t\t\t<\/div>\n\t\t\t\t<\/div>\n\t\t\t\t\t<\/div>\n\t\t\t\t<\/div>\n\t\t<div class=\"elementor-element elementor-element-iwgs-apkallu-s6 e-flex e-con-boxed e-con e-parent\" data-id=\"iwgs-apkallu-s6\" data-element_type=\"container\" data-e-type=\"container\">\n\t\t\t\t\t<div class=\"e-con-inner\">\n\t\t\t\t<div class=\"elementor-element elementor-element-iwgs-apkallu-s6h elementor-widget elementor-widget-heading\" data-id=\"iwgs-apkallu-s6h\" data-element_type=\"widget\" data-e-type=\"widget\" data-widget_type=\"heading.default\">\n\t\t\t\t\t<h2 class=\"elementor-heading-title elementor-size-default\">La saviesa com a protecci\u00f3<\/h2>\t\t\t\t<\/div>\n\t\t<div class=\"elementor-element elementor-element-iwgs-apkallu-s6box e-con-full e-flex e-con e-parent\" data-id=\"iwgs-apkallu-s6box\" data-element_type=\"container\" data-e-type=\"container\">\n\t\t\t\t<div class=\"elementor-element elementor-element-iwgs-apkallu-s6t elementor-widget elementor-widget-text-editor\" data-id=\"iwgs-apkallu-s6t\" data-element_type=\"widget\" data-e-type=\"widget\" data-widget_type=\"text-editor.default\">\n\t\t\t\t\t\t\t\t\t<p>Una particularitat dels <span class=\"iwg-fachbegriff\" data-tooltip=\"\u00c9ssers mixtos savis de la tradici\u00f3 mesopot\u00e0mica, col\u00b7locats com a figures protectores als edificis.\" tabindex=\"0\">Apkallu<\/span> mereix una atenci\u00f3 especial. La seva protecci\u00f3 estava \u00edntimament lligada a la saviesa. Els <span class=\"iwg-fachbegriff\" data-tooltip=\"\u00c9ssers mixtos savis de la tradici\u00f3 mesopot\u00e0mica, col\u00b7locats com a figures protectores als edificis.\" tabindex=\"0\">Apkallu<\/span> eren els savis, i precisament la seva saviesa els convertia en protectors.<\/p><p>Al darrere hi ha una idea concreta. El mal, els dimonis i el caos es consideraven forces del desordre. La saviesa, en canvi, era la for\u00e7a de l&#8217;ordre, del coneixement i de la cultura.<\/p><p>Els <span class=\"iwg-fachbegriff\" data-tooltip=\"\u00c9ssers mixtos savis de la tradici\u00f3 mesopot\u00e0mica, col\u00b7locats com a figures protectores als edificis.\" tabindex=\"0\">Apkallu<\/span>, com a portadors de la saviesa primordial, encarnaven aquest ordre. La seva pres\u00e8ncia a la casa situava la casa al costat de l&#8217;ordre i en contra de les forces del caos.<\/p><p>Amb aix\u00f2, els <span class=\"iwg-fachbegriff\" data-tooltip=\"\u00c9ssers mixtos savis de la tradici\u00f3 mesopot\u00e0mica, col\u00b7locats com a figures protectores als edificis.\" tabindex=\"0\">Apkallu<\/span> es diferencien dels objectes protectors que actuen mitjan\u00e7ant una imatge terror\u00edfica. No es defensen a trav\u00e9s de la por, sin\u00f3 a trav\u00e9s de la for\u00e7a ordenadora de la saviesa.<\/p><p>Aquesta idea \u00e9s reveladora. Mostra que, a l&#8217;Orient Antic, la protecci\u00f3 es podia entendre no nom\u00e9s com a defensa mitjan\u00e7ant el terror, sin\u00f3 tamb\u00e9 com a preservaci\u00f3 mitjan\u00e7ant l&#8217;ordre i la saviesa.<\/p><p>Els <span class=\"iwg-fachbegriff\" data-tooltip=\"\u00c9ssers mixtos savis de la tradici\u00f3 mesopot\u00e0mica, col\u00b7locats com a figures protectores als edificis.\" tabindex=\"0\">Apkallu<\/span> constitueixen, doncs, un tipus propi d&#8217;\u00e9sser protector. La seva protecci\u00f3 \u00e9s la protecci\u00f3 dels savis que es trobaven a l&#8217;origen de la cultura i que encarnaven l&#8217;ordre contra el caos.<\/p>\t\t\t\t\t\t\t\t<\/div>\n\t\t\t\t<\/div>\n\t\t\t\t\t<\/div>\n\t\t\t\t<\/div>\n\t\t<div class=\"elementor-element elementor-element-iwgs-apkallu-s7 e-flex e-con-boxed e-con e-parent\" data-id=\"iwgs-apkallu-s7\" data-element_type=\"container\" data-e-type=\"container\">\n\t\t\t\t\t<div class=\"e-con-inner\">\n\t\t\t\t<div class=\"elementor-element elementor-element-iwgs-apkallu-s7h elementor-widget elementor-widget-heading\" data-id=\"iwgs-apkallu-s7h\" data-element_type=\"widget\" data-e-type=\"widget\" data-widget_type=\"heading.default\">\n\t\t\t\t\t<h2 class=\"elementor-heading-title elementor-size-default\">Els Apkallu i els esperits protectors mesopot\u00e0mics<\/h2>\t\t\t\t<\/div>\n\t\t<div class=\"elementor-element elementor-element-iwgs-apkallu-s7box e-con-full e-flex e-con e-parent\" data-id=\"iwgs-apkallu-s7box\" data-element_type=\"container\" data-e-type=\"container\">\n\t\t\t\t<div class=\"elementor-element elementor-element-iwgs-apkallu-s7t elementor-widget elementor-widget-text-editor\" data-id=\"iwgs-apkallu-s7t\" data-element_type=\"widget\" data-e-type=\"widget\" data-widget_type=\"text-editor.default\">\n\t\t\t\t\t\t\t\t\t<p>Els <span class=\"iwg-fachbegriff\" data-tooltip=\"\u00c9ssers mixtos savis de la tradici\u00f3 mesopot\u00e0mica, col\u00b7locats com a figures protectores als edificis.\" tabindex=\"0\">Apkallu<\/span> formen part de tot un m\u00f3n d&#8217;esperits protectors que coneixia l&#8217;Orient Antic. Aquests esperits protectors asseguraven conjuntament els edificis i les persones.<\/p><p>A aquest m\u00f3n pertanyen els guardians alats de les portes, representats com a grans figures de pedra que vigilaven les entrades. A la p\u00e0gina sobre el <a href=\"https:\/\/iwell-guard.com\/ca\/?page_id=171917\">Lamassu<\/a> es descriuen amb m\u00e9s detall. Mentre que el Lamassu es trobava visible a la porta, els <span class=\"iwg-fachbegriff\" data-tooltip=\"\u00c9ssers mixtos savis de la tradici\u00f3 mesopot\u00e0mica, col\u00b7locats com a figures protectores als edificis.\" tabindex=\"0\">Apkallu<\/span> actuaven ocults als fonaments.<\/p><p>Tamb\u00e9 l&#8217;<span class=\"iwg-fachbegriff\" data-tooltip=\"Un objecte que es porta al qual s'atribueix un efecte protector i que allunya el mal.\" tabindex=\"0\">amulet<\/span> de Pazuzu i la placa de <span class=\"iwg-fachbegriff\" data-tooltip=\"Dimonessa mesopot\u00e0mica que es considerava una amena\u00e7a per a les dones embarassades i els nadons.\" tabindex=\"0\">Lamashtu<\/span> pertanyen a aquest context. Estaven dirigits contra la dimonessa <span class=\"iwg-fachbegriff\" data-tooltip=\"Dimonessa mesopot\u00e0mica que es considerava una amena\u00e7a per a les dones embarassades i els nadons.\" tabindex=\"0\">Lamashtu<\/span> i protegien especialment la mare i el nad\u00f3.<\/p><p>Aquests diversos \u00e9ssers i objectes protectors formaven conjuntament un sistema. Diferents forces asseguraven diferents llocs i es dirigien contra diferents perills.<\/p><p>Els <span class=\"iwg-fachbegriff\" data-tooltip=\"\u00c9ssers mixtos savis de la tradici\u00f3 mesopot\u00e0mica, col\u00b7locats com a figures protectores als edificis.\" tabindex=\"0\">Apkallu<\/span> tenien un lloc fix dins aquest sistema. Eren la protecci\u00f3 oculta de la casa, els savis que actuaven sota terra i que asseguraven l&#8217;edifici des dels fonaments.<\/p><p>La pr\u00e0ctica protectora mesopot\u00e0mica no era, doncs, un conjunt lax de costums a\u00efllats, sin\u00f3 un tot ordenat. Els <span class=\"iwg-fachbegriff\" data-tooltip=\"\u00c9ssers mixtos savis de la tradici\u00f3 mesopot\u00e0mica, col\u00b7locats com a figures protectores als edificis.\" tabindex=\"0\">Apkallu<\/span> mostren com n&#8217;era de meditat aquest sistema de preservaci\u00f3 d&#8217;edificis i persones.<\/p>\t\t\t\t\t\t\t\t<\/div>\n\t\t\t\t<\/div>\n\t\t\t\t\t<\/div>\n\t\t\t\t<\/div>\n\t\t<div class=\"elementor-element elementor-element-iwgs-apkallu-s8 e-flex e-con-boxed e-con e-parent\" data-id=\"iwgs-apkallu-s8\" data-element_type=\"container\" data-e-type=\"container\">\n\t\t\t\t\t<div class=\"e-con-inner\">\n\t\t\t\t<div class=\"elementor-element elementor-element-iwgs-apkallu-s8h elementor-widget elementor-widget-heading\" data-id=\"iwgs-apkallu-s8h\" data-element_type=\"widget\" data-e-type=\"widget\" data-widget_type=\"heading.default\">\n\t\t\t\t\t<h2 class=\"elementor-heading-title elementor-size-default\">Recepci\u00f3 actual<\/h2>\t\t\t\t<\/div>\n\t\t<div class=\"elementor-element elementor-element-iwgs-apkallu-s8box e-con-full e-flex e-con e-parent\" data-id=\"iwgs-apkallu-s8box\" data-element_type=\"container\" data-e-type=\"container\">\n\t\t\t\t<div class=\"elementor-element elementor-element-iwgs-apkallu-s8t elementor-widget elementor-widget-text-editor\" data-id=\"iwgs-apkallu-s8t\" data-element_type=\"widget\" data-e-type=\"widget\" data-widget_type=\"text-editor.default\">\n\t\t\t\t\t\t\t\t\t<p>Els <span class=\"iwg-fachbegriff\" data-tooltip=\"\u00c9ssers mixtos savis de la tradici\u00f3 mesopot\u00e0mica, col\u00b7locats com a figures protectores als edificis.\" tabindex=\"0\">Apkallu<\/span> s\u00f3n avui coneguts sobretot pels experts en l&#8217;Orient Antic. No formen part dels s\u00edmbols \u00e0mpliament coneguts, per\u00f2 constitueixen un objecte d&#8217;estudi important i ben investigat dins l&#8217;orientalisme antic.<\/p><p>S&#8217;han trobat figures d&#8217;<span class=\"iwg-fachbegriff\" data-tooltip=\"\u00c9ssers mixtos savis de la tradici\u00f3 mesopot\u00e0mica, col\u00b7locats com a figures protectores als edificis.\" tabindex=\"0\">Apkallu<\/span> enterrades en excavacions a Mesopot\u00e0mia, sovint encara al seu lloc original sota els terres. Aquestes troballes es poden relacionar amb els textos rituals que ens han arribat.<\/p><p>De la combinaci\u00f3 de troballes i textos es despr\u00e8n una imatge precisa. Els <span class=\"iwg-fachbegriff\" data-tooltip=\"\u00c9ssers mixtos savis de la tradici\u00f3 mesopot\u00e0mica, col\u00b7locats com a figures protectores als edificis.\" tabindex=\"0\">Apkallu<\/span> s\u00f3n un dels millors exemples entesos de figures protectores amagades i d&#8217;ofrenes de fonamentaci\u00f3.<\/p><p>Per a l&#8217;estudi de la religi\u00f3 de l&#8217;Orient Antic, els <span class=\"iwg-fachbegriff\" data-tooltip=\"\u00c9ssers mixtos savis de la tradici\u00f3 mesopot\u00e0mica, col\u00b7locats com a figures protectores als edificis.\" tabindex=\"0\">Apkallu<\/span> tenen un gran valor. Mostren com s&#8217;entenia la protecci\u00f3 de la casa i com es posava en pr\u00e0ctica <span class=\"iwg-fachbegriff\" data-tooltip=\"Que pertany a una seq\u00fc\u00e8ncia d'actes religiosos establerta.\" tabindex=\"0\">ritualment<\/span>.<\/p><p>Els <span class=\"iwg-fachbegriff\" data-tooltip=\"\u00c9ssers mixtos savis de la tradici\u00f3 mesopot\u00e0mica, col\u00b7locats com a figures protectores als edificis.\" tabindex=\"0\">Apkallu<\/span> tamb\u00e9 s\u00f3n reveladors pel que fa a la concepci\u00f3 mesopot\u00e0mica de la saviesa. Uneixen la idea dels mestres primigenis de la cultura amb la idea de protecci\u00f3.<\/p><p>Aix\u00ed, els <span class=\"iwg-fachbegriff\" data-tooltip=\"\u00c9ssers mixtos savis de la tradici\u00f3 mesopot\u00e0mica, col\u00b7locats com a figures protectores als edificis.\" tabindex=\"0\">Apkallu<\/span> s\u00f3n un exemple impressionant d&#8217;un objecte de protecci\u00f3 d&#8217;un tipus particular. Protegien de manera amagada, des dels fonaments de la casa, i la seva protecci\u00f3 era la protecci\u00f3 de la saviesa contra el caos.<\/p>\t\t\t\t\t\t\t\t<\/div>\n\t\t\t\t<\/div>\n\t\t\t\t\t<\/div>\n\t\t\t\t<\/div>\n\t\t<div class=\"elementor-element elementor-element-iwgs-apkallu-lit e-flex e-con-boxed e-con e-parent\" data-id=\"iwgs-apkallu-lit\" data-element_type=\"container\" data-e-type=\"container\">\n\t\t\t\t\t<div class=\"e-con-inner\">\n\t\t\t\t<div class=\"elementor-element elementor-element-iwgs-apkallu-lith elementor-widget elementor-widget-heading\" data-id=\"iwgs-apkallu-lith\" data-element_type=\"widget\" data-e-type=\"widget\" data-widget_type=\"heading.default\">\n\t\t\t\t\t<h2 class=\"elementor-heading-title elementor-size-default\">Bibliografia (selecci\u00f3)<\/h2>\t\t\t\t<\/div>\n\t\t<div class=\"elementor-element elementor-element-iwgs-apkallu-litbox e-con-full e-flex e-con e-parent\" data-id=\"iwgs-apkallu-litbox\" data-element_type=\"container\" data-e-type=\"container\">\n\t\t\t\t<div class=\"elementor-element elementor-element-iwgs-apkallu-litt elementor-widget elementor-widget-html\" data-id=\"iwgs-apkallu-litt\" data-element_type=\"widget\" data-e-type=\"widget\" data-widget_type=\"html.default\">\n\t\t\t\t\t<footer data-nosnippet=\"true\"><ul><li>Frans A. M. Wiggermann: <em>Mesopotamian Protective Spirits. The Ritual Texts<\/em> (1992)<\/li><li>Anthony Green: <em>Neo-Assyrian Apotropaic Figures<\/em> (Studien)<\/li><li>Jeremy Black, Anthony Green: <em>Gods, Demons and Symbols of Ancient Mesopotamia<\/em> (1992)<\/li><li>Stephanie Dalley: <em>Myths from Mesopotamia<\/em> (1989)<\/li><li>Eckart Frahm (ed.): <em>A Companion to Assyria<\/em> (2017)<\/li><\/ul><\/footer>\t\t\t\t<\/div>\n\t\t\t\t<\/div>\n\t\t\t\t\t<\/div>\n\t\t\t\t<\/div>\n\t\t<div class=\"elementor-element elementor-element-iwgs-apkallu-kwd e-flex e-con-boxed e-con e-parent\" data-id=\"iwgs-apkallu-kwd\" data-element_type=\"container\" data-e-type=\"container\">\n\t\t\t\t\t<div class=\"e-con-inner\">\n\t\t\t\t<div class=\"elementor-element elementor-element-iwgs-apkallu-kwdt elementor-widget elementor-widget-text-editor\" data-id=\"iwgs-apkallu-kwdt\" data-element_type=\"widget\" data-e-type=\"widget\" data-widget_type=\"text-editor.default\">\n\t\t\t\t\t\t\t\t\t<p><em>Termes clau relacionats: <span class=\"iwg-fachbegriff\" data-tooltip=\"\u00c9ssers mixtos savis de la tradici\u00f3 mesopot\u00e0mica, col\u00b7locats com a figures protectores als edificis.\" tabindex=\"0\">Apkallu<\/span> Set Savis Figura protectora Ofrena de fonamentaci\u00f3 Mantell de peix <span class=\"iwg-fachbegriff\" data-tooltip=\"Un ritual ling\u00fc\u00edstic destinat a invocar o a subjectar un poder.\" tabindex=\"0\">Encanteri<\/span> Saviesa Mesopot\u00e0mia.<\/em><\/p>\t\t\t\t\t\t\t\t<\/div>\n\t\t\t\t\t<\/div>\n\t\t\t\t<\/div>\n\t\t<div class=\"elementor-element elementor-element-iwgs-apkallu-cc e-flex e-con-boxed e-con e-parent\" data-id=\"iwgs-apkallu-cc\" data-element_type=\"container\" data-e-type=\"container\" id=\"iwg-cc-apkallu\">\n\t\t\t\t\t<div class=\"e-con-inner\">\n\t\t<div class=\"elementor-element elementor-element-iwgs-apkallu-ccinner e-flex e-con-boxed e-con e-parent\" data-id=\"iwgs-apkallu-ccinner\" data-element_type=\"container\" data-e-type=\"container\" data-settings=\"{&quot;background_background&quot;:&quot;classic&quot;}\">\n\t\t\t\t\t<div class=\"e-con-inner\">\n\t\t\t\t<div class=\"elementor-element elementor-element-iwgs-apkallu-cch elementor-widget elementor-widget-heading\" data-id=\"iwgs-apkallu-cch\" data-element_type=\"widget\" data-e-type=\"widget\" data-widget_type=\"heading.default\">\n\t\t\t\t\t<h2 class=\"elementor-heading-title elementor-size-default\">iWell Guard i tradicions de protecci\u00f3<\/h2>\t\t\t\t<\/div>\n\t\t\t\t<div class=\"elementor-element elementor-element-iwgs-apkallu-cct elementor-widget elementor-widget-text-editor\" data-id=\"iwgs-apkallu-cct\" data-element_type=\"widget\" data-e-type=\"widget\" data-widget_type=\"text-editor.default\">\n\t\t\t\t\t\t\t\t\t<p>iWell Guard s&#8217;inscriu en la l\u00ednia hist\u00f2rico-cultural dels objectes de protecci\u00f3 port\u00e0tils, a la qual tamb\u00e9 pertanyen les figures d&#8217;<span class=\"iwg-fachbegriff\" data-tooltip=\"\u00c9ssers mixtos savis de la tradici\u00f3 mesopot\u00e0mica, col\u00b7locats com a figures protectores als edificis.\" tabindex=\"0\">Apkallu<\/span>. Un company modern per a persones que viuen amb s\u00edmbols de protecci\u00f3: fabricat a Alemanya, 41 capes d&#8217;or fi, plat\u00ed i plata, amb dret de devoluci\u00f3 de 30 dies.<\/p>\t\t\t\t\t\t\t\t<\/div>\n\t\t\t\t<div class=\"elementor-element elementor-element-iwgs-apkallu-ccb iwg-cc-button iwg-cc-cta-2026-05-13 elementor-widget elementor-widget-jet-button\" data-id=\"iwgs-apkallu-ccb\" data-element_type=\"widget\" data-e-type=\"widget\" data-widget_type=\"jet-button.default\">\n\t\t\t\t<div class=\"elementor-widget-container\">\n\t\t\t\t\t<div class=\"elementor-jet-button jet-elements\"><div class=\"jet-button__container\"><a class=\"jet-button__instance jet-button__instance--icon-left hover-effect-1\" href=\"\/schutzanhaenger-iwell-guard-kaufen\/?utm_source=iwell-guard.com&amp;utm_medium=info-box&amp;utm_campaign=schutzsymbole\"><div class=\"jet-button__plane jet-button__plane-normal\"><\/div><div class=\"jet-button__plane jet-button__plane-hover\"><\/div><div class=\"jet-button__state jet-button__state-normal\"><span class=\"jet-button__label\">M\u00e9s informaci\u00f3 sobre l'iWell Guard<\/span><\/div><div class=\"jet-button__state jet-button__state-hover\"><span class=\"jet-button__label\">M\u00e9s informaci\u00f3 sobre l'iWell Guard<\/span><\/div><\/a><\/div><\/div><style>.elementor-element.elementor-element-iwgs-apkallu-ccb .jet-button__instance{width:320px;height:56px;}.elementor-element.elementor-element-iwgs-apkallu-ccb .jet-button__state-normal .jet-button__label{text-align:center;margin:0px 0px 0px 0px;color:#1a1b20;font-family:Montserrat,sans-serif;font-size:13px;font-weight:400;letter-spacing:4px;line-height:1.714em;text-transform:uppercase;}.elementor-element.elementor-element-iwgs-apkallu-ccb .jet-button__state-hover .jet-button__label{text-align:center;margin:0px 0px 0px 0px;color:#FECC76;font-family:Montserrat,sans-serif;font-size:13px;font-weight:400;letter-spacing:4px;line-height:1.714em;text-transform:uppercase;}.elementor-element.elementor-element-iwgs-apkallu-ccb .jet-button__plane-normal{background-color:#FECC76;border-style:solid;border-color:#C99540;border-width:2px 2px 2px 2px;}.elementor-element.elementor-element-iwgs-apkallu-ccb .jet-button__plane-hover{background-color:rgba(0,0,0,0.55);border-style:solid;border-color:#FECC76;border-width:2px 2px 2px 2px;}<\/style>\t\t\t\t<\/div>\n\t\t\t\t<\/div>\n\t\t\t\t<div class=\"elementor-element elementor-element-iwgs-apkallu-ccd elementor-widget elementor-widget-text-editor\" data-id=\"iwgs-apkallu-ccd\" data-element_type=\"widget\" data-e-type=\"widget\" data-widget_type=\"text-editor.default\">\n\t\t\t\t\t\t\t\t\t<p style=\"text-align:center;font-size:13px;opacity:0.7;margin-top:14px\" data-nosnippet=\"true\">Les experi\u00e8ncies personals poden variar. No \u00e9s un producte sanitari. No es garanteix cap curaci\u00f3.<\/p>\t\t\t\t\t\t\t\t<\/div>\n\t\t\t\t\t<\/div>\n\t\t\t\t<\/div>\n\t\t\t\t\t<\/div>\n\t\t\t\t<\/div>\n\t\t<div class=\"elementor-element elementor-element-iwgs-apkallu-disc e-flex e-con-boxed e-con e-parent\" data-id=\"iwgs-apkallu-disc\" data-element_type=\"container\" data-e-type=\"container\">\n\t\t\t\t\t<div class=\"e-con-inner\">\n\t\t\t\t<div class=\"elementor-element elementor-element-iwgs-apkallu-discw elementor-widget elementor-widget-html\" data-id=\"iwgs-apkallu-discw\" data-element_type=\"widget\" data-e-type=\"widget\" data-widget_type=\"html.default\">\n\t\t\t\t\t<footer data-nosnippet=\"true\" class=\"iwg-disclaimer-block\"><p data-nosnippet=\"true\">iWell Guard <strong>no \u00e9s un producte sanitari<\/strong> i no substitueix cap tractament m\u00e8dic o psicoterap\u00e8utic. Els continguts presentats aqu\u00ed s\u00f3n una contextualitzaci\u00f3 des de la ci\u00e8ncia de les religions i la hist\u00f2ria cultural, no una promesa d'efecte espiritual.<\/p><\/footer>\t\t\t\t<\/div>\n\t\t\t\t\t<\/div>\n\t\t\t\t<\/div>\n\t\t\t\t<\/div>\n\t\t","protected":false},"excerpt":{"rendered":"","protected":false},"author":3,"featured_media":3486,"parent":0,"menu_order":0,"comment_status":"closed","ping_status":"closed","template":"elementor_header_footer","meta":{"_yoast_wpseo_focuskw":"Apkallu","_yoast_wpseo_title":"Apkallu \u2013 Figures protectores de Mesopot\u00e0mia","_yoast_wpseo_metadesc":"Els Apkallu eren figures protectores i s\u00e0vies que s'enterraven a les cases mesopot\u00e0miques. S'expliquen la seva forma, \u00fas i significat.","_yoast_wpseo_meta-robots-noindex":"","_yoast_wpseo_canonical":"","_angie_page":false,"gefaehrdungsstufe":"","wesen_kultur":"","wesen_klasse":"","footnotes":""},"categories":[],"class_list":["post-171920","page","type-page","status-publish","has-post-thumbnail","hentry"],"yoast_head":"<!-- This site is optimized with the Yoast SEO Premium plugin v27.7 (Yoast SEO v28.3) - https:\/\/yoast.com\/product\/yoast-seo-premium-wordpress\/ -->\n<title>Apkallu \u2013 Figures protectores de Mesopot\u00e0mia<\/title>\n<meta name=\"description\" content=\"Els Apkallu eren figures protectores i s\u00e0vies que s&#039;enterraven a les cases mesopot\u00e0miques. S&#039;expliquen la seva forma, \u00fas i significat.\" \/>\n<meta name=\"robots\" content=\"index, follow, max-snippet:-1, max-image-preview:large, max-video-preview:-1\" \/>\n<link rel=\"canonical\" href=\"https:\/\/iwell-guard.com\/ca\/apkallu-figures-protectores-cases-mesopotamiques\/\" \/>\n<meta property=\"og:locale\" content=\"ca_ES\" \/>\n<meta property=\"og:type\" content=\"article\" \/>\n<meta property=\"og:title\" content=\"Apkallu \u2013 les figures protectores de les cases mesopot\u00e0miques\" \/>\n<meta property=\"og:description\" content=\"Els Apkallu eren figures protectores i s\u00e0vies que s&#039;enterraven a les cases mesopot\u00e0miques. S&#039;expliquen la seva forma, \u00fas i significat.\" \/>\n<meta property=\"og:url\" content=\"https:\/\/iwell-guard.com\/ca\/apkallu-figures-protectores-cases-mesopotamiques\/\" \/>\n<meta property=\"og:site_name\" content=\"iWell Guard\" \/>\n<meta property=\"article:modified_time\" content=\"2026-09-05T16:10:39+00:00\" \/>\n<meta property=\"og:image\" content=\"https:\/\/iwell-guard.com\/wp-content\/uploads\/2026\/05\/schutzsymbol_mesopotamien_apkallu.webp\" \/>\n\t<meta property=\"og:image:width\" content=\"1024\" \/>\n\t<meta property=\"og:image:height\" content=\"1536\" \/>\n\t<meta property=\"og:image:type\" content=\"image\/webp\" \/>\n<meta name=\"twitter:card\" content=\"summary_large_image\" \/>\n<script type=\"application\/ld+json\" class=\"yoast-schema-graph\">{\"@context\":\"https:\\\/\\\/schema.org\",\"@graph\":[{\"@type\":\"WebPage\",\"@id\":\"https:\\\/\\\/iwell-guard.com\\\/ca\\\/apkallu-figures-protectores-cases-mesopotamiques\\\/\",\"url\":\"https:\\\/\\\/iwell-guard.com\\\/ca\\\/apkallu-figures-protectores-cases-mesopotamiques\\\/\",\"name\":\"Apkallu \u2013 Figures protectores de Mesopot\u00e0mia\",\"isPartOf\":{\"@id\":\"https:\\\/\\\/iwell-guard.com\\\/ca\\\/#website\"},\"primaryImageOfPage\":{\"@id\":\"https:\\\/\\\/iwell-guard.com\\\/ca\\\/apkallu-figures-protectores-cases-mesopotamiques\\\/#primaryimage\"},\"image\":{\"@id\":\"https:\\\/\\\/iwell-guard.com\\\/ca\\\/apkallu-figures-protectores-cases-mesopotamiques\\\/#primaryimage\"},\"thumbnailUrl\":\"https:\\\/\\\/iwell-guard.com\\\/wp-content\\\/uploads\\\/2026\\\/05\\\/schutzsymbol_mesopotamien_apkallu.webp\",\"datePublished\":\"2026-09-05T15:43:34+00:00\",\"dateModified\":\"2026-09-05T16:10:39+00:00\",\"description\":\"Els Apkallu eren figures protectores i s\u00e0vies que s'enterraven a les cases mesopot\u00e0miques. S'expliquen la seva forma, \u00fas i significat.\",\"breadcrumb\":{\"@id\":\"https:\\\/\\\/iwell-guard.com\\\/ca\\\/apkallu-figures-protectores-cases-mesopotamiques\\\/#breadcrumb\"},\"inLanguage\":\"ca\",\"potentialAction\":[{\"@type\":\"ReadAction\",\"target\":[\"https:\\\/\\\/iwell-guard.com\\\/ca\\\/apkallu-figures-protectores-cases-mesopotamiques\\\/\"]}]},{\"@type\":\"ImageObject\",\"inLanguage\":\"ca\",\"@id\":\"https:\\\/\\\/iwell-guard.com\\\/ca\\\/apkallu-figures-protectores-cases-mesopotamiques\\\/#primaryimage\",\"url\":\"https:\\\/\\\/iwell-guard.com\\\/wp-content\\\/uploads\\\/2026\\\/05\\\/schutzsymbol_mesopotamien_apkallu.webp\",\"contentUrl\":\"https:\\\/\\\/iwell-guard.com\\\/wp-content\\\/uploads\\\/2026\\\/05\\\/schutzsymbol_mesopotamien_apkallu.webp\",\"width\":1024,\"height\":1536,\"caption\":\"S\u00edmbol de protecci\u00f3. Il\u00b7lustraci\u00f3 muse\u00edstica de bodeg\u00f3.\"},{\"@type\":\"BreadcrumbList\",\"@id\":\"https:\\\/\\\/iwell-guard.com\\\/ca\\\/apkallu-figures-protectores-cases-mesopotamiques\\\/#breadcrumb\",\"itemListElement\":[{\"@type\":\"ListItem\",\"position\":1,\"name\":\"Start\",\"item\":\"https:\\\/\\\/iwell-guard.com\\\/ca\\\/?page_id=171333\"},{\"@type\":\"ListItem\",\"position\":2,\"name\":\"Apkallu \u2013 les figures protectores de les cases mesopot\u00e0miques\"}]},{\"@type\":\"WebSite\",\"@id\":\"https:\\\/\\\/iwell-guard.com\\\/ca\\\/#website\",\"url\":\"https:\\\/\\\/iwell-guard.com\\\/ca\\\/\",\"name\":\"iWell Guard\",\"description\":\"Schutz vor dunklen Einfl\u00fcssen\",\"publisher\":{\"@id\":\"https:\\\/\\\/iwell-guard.com\\\/ca\\\/#organization\"},\"potentialAction\":[{\"@type\":\"SearchAction\",\"target\":{\"@type\":\"EntryPoint\",\"urlTemplate\":\"https:\\\/\\\/iwell-guard.com\\\/ca\\\/?s={search_term_string}\"},\"query-input\":{\"@type\":\"PropertyValueSpecification\",\"valueRequired\":true,\"valueName\":\"search_term_string\"}}],\"inLanguage\":\"ca\"},{\"@type\":\"Organization\",\"@id\":\"https:\\\/\\\/iwell-guard.com\\\/ca\\\/#organization\",\"name\":\"Ittermann electronic GmbH\",\"url\":\"https:\\\/\\\/iwell-guard.com\\\/ca\\\/\",\"logo\":{\"@type\":\"ImageObject\",\"inLanguage\":\"ca\",\"@id\":\"https:\\\/\\\/iwell-guard.com\\\/ca\\\/#\\\/schema\\\/logo\\\/image\\\/\",\"url\":\"https:\\\/\\\/iwell-guard.com\\\/wp-content\\\/uploads\\\/2026\\\/05\\\/Ittermann-Logo-1182x237-1.png\",\"contentUrl\":\"https:\\\/\\\/iwell-guard.com\\\/wp-content\\\/uploads\\\/2026\\\/05\\\/Ittermann-Logo-1182x237-1.png\",\"width\":1182,\"height\":237,\"caption\":\"Ittermann electronic GmbH\"},\"image\":{\"@id\":\"https:\\\/\\\/iwell-guard.com\\\/ca\\\/#\\\/schema\\\/logo\\\/image\\\/\"},\"sameAs\":[\"https:\\\/\\\/pantip.com\\\/profile\\\/9367242\",\"https:\\\/\\\/micro.blog\\\/iwellguard\",\"https:\\\/\\\/www.diggerslist.com\\\/iwellguard\\\/about\",\"https:\\\/\\\/skitterphoto.com\\\/photographers\\\/2870314\\\/iwell-guard\",\"https:\\\/\\\/iwellguard.wordpress.com\\\/2026\\\/06\\\/06\\\/iwell-guard\\\/\",\"https:\\\/\\\/hub.docker.com\\\/u\\\/iwellguard\",\"https:\\\/\\\/www.pinterest.com\\\/iwellguard\\\/\",\"https:\\\/\\\/bit.ly\\\/m\\\/iwellguard\",\"https:\\\/\\\/entre-vos-mains.alsace.eu\\\/profiles\\\/iwellguard\\\/activity\",\"https:\\\/\\\/gravatar.com\\\/reallybeded8fd34\",\"https:\\\/\\\/naijamatta.com\\\/iwellguard\",\"https:\\\/\\\/www.goodreads.com\\\/iwellguard\",\"https:\\\/\\\/profile.hatena.ne.jp\\\/iwellguard\\\/\",\"https:\\\/\\\/experiment.com\\\/users\\\/iwellguard\",\"https:\\\/\\\/wakelet.com\\\/@iWellGuard82270\",\"https:\\\/\\\/www.chordie.com\\\/forum\\\/profile.php?id=2555664\",\"https:\\\/\\\/www.instapaper.com\\\/p\\\/17757966\",\"https:\\\/\\\/www.mapleprimes.com\\\/users\\\/iwellguard\",\"https:\\\/\\\/businesslistingplus.com\\\/profile\\\/iwell-guard\\\/\",\"https:\\\/\\\/telegra.ph\\\/iWell-Guard-06-06\",\"https:\\\/\\\/pbase.com\\\/iwellguard\\\/iwellguard\",\"https:\\\/\\\/b.hatena.ne.jp\\\/iwellguard\\\/20260607#bookmark-4788405196491818882\",\"https:\\\/\\\/fliphtml5.com\\\/home\\\/iwellguard\",\"https:\\\/\\\/anyflip.com\\\/homepage\\\/cmiwl#About\",\"https:\\\/\\\/transfur.com\\\/Users\\\/iwellguard\",\"http:\\\/\\\/delphi.larsbo.org\\\/user\\\/iwellguard\",\"https:\\\/\\\/jobs.lajobsportal.org\\\/profiles\\\/8380803-iwell-guard\",\"https:\\\/\\\/md.chaosdorf.de\\\/s\\\/jfbe5SBdJD\",\"https:\\\/\\\/www.lingvolive.com\\\/en-us\\\/profile\\\/9ecaeaca-ce11-4e51-9e71-01d55e2bff36\\\/translations\",\"https:\\\/\\\/www.fitday.com\\\/fitness\\\/forums\\\/members\\\/iwellguard.html\",\"https:\\\/\\\/www.mymeetbook.com\\\/iwellguard\",\"https:\\\/\\\/pxhere.com\\\/en\\\/photographer-me\\\/5040798\",\"https:\\\/\\\/disqus.com\\\/by\\\/iwellguard\\\/about\\\/\",\"https:\\\/\\\/pastelink.net\\\/hjwciqwq\",\"https:\\\/\\\/pubhtml5.com\\\/homepage\\\/scjhn\\\/\",\"https:\\\/\\\/www.bitchute.com\\\/channel\\\/2O2eOKzNqujT\",\"https:\\\/\\\/audiomack.com\\\/iwellguard\"]}]}<\/script>\n<!-- \/ Yoast SEO Premium plugin. -->","yoast_head_json":{"title":"Apkallu \u2013 Figures protectores de Mesopot\u00e0mia","description":"Els Apkallu eren figures protectores i s\u00e0vies que s'enterraven a les cases mesopot\u00e0miques. S'expliquen la seva forma, \u00fas i significat.","robots":{"index":"index","follow":"follow","max-snippet":"max-snippet:-1","max-image-preview":"max-image-preview:large","max-video-preview":"max-video-preview:-1"},"canonical":"https:\/\/iwell-guard.com\/ca\/apkallu-figures-protectores-cases-mesopotamiques\/","og_locale":"ca_ES","og_type":"article","og_title":"Apkallu \u2013 les figures protectores de les cases mesopot\u00e0miques","og_description":"Els Apkallu eren figures protectores i s\u00e0vies que s'enterraven a les cases mesopot\u00e0miques. S'expliquen la seva forma, \u00fas i significat.","og_url":"https:\/\/iwell-guard.com\/ca\/apkallu-figures-protectores-cases-mesopotamiques\/","og_site_name":"iWell Guard","article_modified_time":"2026-09-05T16:10:39+00:00","og_image":[{"width":1024,"height":1536,"url":"https:\/\/iwell-guard.com\/wp-content\/uploads\/2026\/05\/schutzsymbol_mesopotamien_apkallu.webp","type":"image\/webp"}],"twitter_card":"summary_large_image","schema":{"@context":"https:\/\/schema.org","@graph":[{"@type":"WebPage","@id":"https:\/\/iwell-guard.com\/ca\/apkallu-figures-protectores-cases-mesopotamiques\/","url":"https:\/\/iwell-guard.com\/ca\/apkallu-figures-protectores-cases-mesopotamiques\/","name":"Apkallu \u2013 Figures protectores de Mesopot\u00e0mia","isPartOf":{"@id":"https:\/\/iwell-guard.com\/ca\/#website"},"primaryImageOfPage":{"@id":"https:\/\/iwell-guard.com\/ca\/apkallu-figures-protectores-cases-mesopotamiques\/#primaryimage"},"image":{"@id":"https:\/\/iwell-guard.com\/ca\/apkallu-figures-protectores-cases-mesopotamiques\/#primaryimage"},"thumbnailUrl":"https:\/\/iwell-guard.com\/wp-content\/uploads\/2026\/05\/schutzsymbol_mesopotamien_apkallu.webp","datePublished":"2026-09-05T15:43:34+00:00","dateModified":"2026-09-05T16:10:39+00:00","description":"Els Apkallu eren figures protectores i s\u00e0vies que s'enterraven a les cases mesopot\u00e0miques. S'expliquen la seva forma, \u00fas i significat.","breadcrumb":{"@id":"https:\/\/iwell-guard.com\/ca\/apkallu-figures-protectores-cases-mesopotamiques\/#breadcrumb"},"inLanguage":"ca","potentialAction":[{"@type":"ReadAction","target":["https:\/\/iwell-guard.com\/ca\/apkallu-figures-protectores-cases-mesopotamiques\/"]}]},{"@type":"ImageObject","inLanguage":"ca","@id":"https:\/\/iwell-guard.com\/ca\/apkallu-figures-protectores-cases-mesopotamiques\/#primaryimage","url":"https:\/\/iwell-guard.com\/wp-content\/uploads\/2026\/05\/schutzsymbol_mesopotamien_apkallu.webp","contentUrl":"https:\/\/iwell-guard.com\/wp-content\/uploads\/2026\/05\/schutzsymbol_mesopotamien_apkallu.webp","width":1024,"height":1536,"caption":"S\u00edmbol de protecci\u00f3. Il\u00b7lustraci\u00f3 muse\u00edstica de bodeg\u00f3."},{"@type":"BreadcrumbList","@id":"https:\/\/iwell-guard.com\/ca\/apkallu-figures-protectores-cases-mesopotamiques\/#breadcrumb","itemListElement":[{"@type":"ListItem","position":1,"name":"Start","item":"https:\/\/iwell-guard.com\/ca\/?page_id=171333"},{"@type":"ListItem","position":2,"name":"Apkallu \u2013 les figures protectores de les cases mesopot\u00e0miques"}]},{"@type":"WebSite","@id":"https:\/\/iwell-guard.com\/ca\/#website","url":"https:\/\/iwell-guard.com\/ca\/","name":"iWell Guard","description":"Schutz vor dunklen Einfl\u00fcssen","publisher":{"@id":"https:\/\/iwell-guard.com\/ca\/#organization"},"potentialAction":[{"@type":"SearchAction","target":{"@type":"EntryPoint","urlTemplate":"https:\/\/iwell-guard.com\/ca\/?s={search_term_string}"},"query-input":{"@type":"PropertyValueSpecification","valueRequired":true,"valueName":"search_term_string"}}],"inLanguage":"ca"},{"@type":"Organization","@id":"https:\/\/iwell-guard.com\/ca\/#organization","name":"Ittermann electronic GmbH","url":"https:\/\/iwell-guard.com\/ca\/","logo":{"@type":"ImageObject","inLanguage":"ca","@id":"https:\/\/iwell-guard.com\/ca\/#\/schema\/logo\/image\/","url":"https:\/\/iwell-guard.com\/wp-content\/uploads\/2026\/05\/Ittermann-Logo-1182x237-1.png","contentUrl":"https:\/\/iwell-guard.com\/wp-content\/uploads\/2026\/05\/Ittermann-Logo-1182x237-1.png","width":1182,"height":237,"caption":"Ittermann electronic GmbH"},"image":{"@id":"https:\/\/iwell-guard.com\/ca\/#\/schema\/logo\/image\/"},"sameAs":["https:\/\/pantip.com\/profile\/9367242","https:\/\/micro.blog\/iwellguard","https:\/\/www.diggerslist.com\/iwellguard\/about","https:\/\/skitterphoto.com\/photographers\/2870314\/iwell-guard","https:\/\/iwellguard.wordpress.com\/2026\/06\/06\/iwell-guard\/","https:\/\/hub.docker.com\/u\/iwellguard","https:\/\/www.pinterest.com\/iwellguard\/","https:\/\/bit.ly\/m\/iwellguard","https:\/\/entre-vos-mains.alsace.eu\/profiles\/iwellguard\/activity","https:\/\/gravatar.com\/reallybeded8fd34","https:\/\/naijamatta.com\/iwellguard","https:\/\/www.goodreads.com\/iwellguard","https:\/\/profile.hatena.ne.jp\/iwellguard\/","https:\/\/experiment.com\/users\/iwellguard","https:\/\/wakelet.com\/@iWellGuard82270","https:\/\/www.chordie.com\/forum\/profile.php?id=2555664","https:\/\/www.instapaper.com\/p\/17757966","https:\/\/www.mapleprimes.com\/users\/iwellguard","https:\/\/businesslistingplus.com\/profile\/iwell-guard\/","https:\/\/telegra.ph\/iWell-Guard-06-06","https:\/\/pbase.com\/iwellguard\/iwellguard","https:\/\/b.hatena.ne.jp\/iwellguard\/20260607#bookmark-4788405196491818882","https:\/\/fliphtml5.com\/home\/iwellguard","https:\/\/anyflip.com\/homepage\/cmiwl#About","https:\/\/transfur.com\/Users\/iwellguard","http:\/\/delphi.larsbo.org\/user\/iwellguard","https:\/\/jobs.lajobsportal.org\/profiles\/8380803-iwell-guard","https:\/\/md.chaosdorf.de\/s\/jfbe5SBdJD","https:\/\/www.lingvolive.com\/en-us\/profile\/9ecaeaca-ce11-4e51-9e71-01d55e2bff36\/translations","https:\/\/www.fitday.com\/fitness\/forums\/members\/iwellguard.html","https:\/\/www.mymeetbook.com\/iwellguard","https:\/\/pxhere.com\/en\/photographer-me\/5040798","https:\/\/disqus.com\/by\/iwellguard\/about\/","https:\/\/pastelink.net\/hjwciqwq","https:\/\/pubhtml5.com\/homepage\/scjhn\/","https:\/\/www.bitchute.com\/channel\/2O2eOKzNqujT","https:\/\/audiomack.com\/iwellguard"]}]}},"_links":{"self":[{"href":"https:\/\/iwell-guard.com\/ca\/wp-json\/wp\/v2\/pages\/171920","targetHints":{"allow":["GET"]}}],"collection":[{"href":"https:\/\/iwell-guard.com\/ca\/wp-json\/wp\/v2\/pages"}],"about":[{"href":"https:\/\/iwell-guard.com\/ca\/wp-json\/wp\/v2\/types\/page"}],"author":[{"embeddable":true,"href":"https:\/\/iwell-guard.com\/ca\/wp-json\/wp\/v2\/users\/3"}],"replies":[{"embeddable":true,"href":"https:\/\/iwell-guard.com\/ca\/wp-json\/wp\/v2\/comments?post=171920"}],"version-history":[{"count":0,"href":"https:\/\/iwell-guard.com\/ca\/wp-json\/wp\/v2\/pages\/171920\/revisions"}],"wp:featuredmedia":[{"embeddable":true,"href":"https:\/\/iwell-guard.com\/ca\/wp-json\/wp\/v2\/media\/3486"}],"wp:attachment":[{"href":"https:\/\/iwell-guard.com\/ca\/wp-json\/wp\/v2\/media?parent=171920"}],"wp:term":[{"taxonomy":"category","embeddable":true,"href":"https:\/\/iwell-guard.com\/ca\/wp-json\/wp\/v2\/categories?post=171920"}],"curies":[{"name":"wp","href":"https:\/\/api.w.org\/{rel}","templated":true}]}}