{"id":171915,"date":"2026-09-05T15:43:31","date_gmt":"2026-09-05T15:43:31","guid":{"rendered":"https:\/\/iwell-guard.com\/?page_id=171915"},"modified":"2026-09-05T16:10:32","modified_gmt":"2026-09-05T16:10:32","slug":"nus-disis-amulet-tit-deessa-isis","status":"publish","type":"page","link":"https:\/\/iwell-guard.com\/ca\/nus-disis-amulet-tit-deessa-isis\/","title":{"rendered":"Nus d&#8217;Isis \u2013 l&#8217;amulet tit de la deessa Isis"},"content":{"rendered":"\t\t<div data-elementor-type=\"wp-page\" data-elementor-id=\"171915\" class=\"elementor elementor-171915 elementor-3653 elementor-bc-flex-widget\" data-elementor-post-type=\"page\">\n\t\t\t\t<div class=\"elementor-element elementor-element-iwgs-isisknoten-hero e-flex e-con-boxed e-con e-parent\" data-id=\"iwgs-isisknoten-hero\" data-element_type=\"container\" data-e-type=\"container\">\n\t\t\t\t\t<div class=\"e-con-inner\">\n\t\t<div class=\"elementor-element elementor-element-iwgs-isisknoten-hl e-flex e-con-boxed e-con e-parent\" data-id=\"iwgs-isisknoten-hl\" data-element_type=\"container\" data-e-type=\"container\">\n\t\t\t\t\t<div class=\"e-con-inner\">\n\t\t<div class=\"elementor-element elementor-element-iwgs-isisknoten-hlbox e-con-full e-flex e-con e-parent\" data-id=\"iwgs-isisknoten-hlbox\" data-element_type=\"container\" data-e-type=\"container\">\n\t\t\t\t<div class=\"elementor-element elementor-element-iwgs-isisknoten-h1 elementor-widget elementor-widget-heading\" data-id=\"iwgs-isisknoten-h1\" data-element_type=\"widget\" data-e-type=\"widget\" data-widget_type=\"heading.default\">\n\t\t\t\t\t<h1 class=\"elementor-heading-title elementor-size-default\">El nus d'Isis: l'amulet tit sota la protecci\u00f3 d'Isis<\/h1>\t\t\t\t<\/div>\n\t\t\t\t<div class=\"elementor-element elementor-element-iwgs-isisknoten-lead elementor-widget elementor-widget-text-editor\" data-id=\"iwgs-isisknoten-lead\" data-element_type=\"widget\" data-e-type=\"widget\" data-widget_type=\"text-editor.default\">\n\t\t\t\t\t\t\t\t\t<p>El nus d&#8217;Isis, anomenat tit en la llengua eg\u00edpcia, \u00e9s un amulet protector sota el signe de la deessa Isis. La seva forma entrella\u00e7ada i el seu color vermell s&#8217;associen amb la protecci\u00f3 i amb el poder de la gran deessa.<\/p>\t\t\t\t\t\t\t\t<\/div>\n\t\t\t\t<\/div>\n\t\t\t\t<div class=\"elementor-element elementor-element-iwgs-isisknoten-pills elementor-widget elementor-widget-html\" data-id=\"iwgs-isisknoten-pills\" data-element_type=\"widget\" data-e-type=\"widget\" data-widget_type=\"html.default\">\n\t\t\t\t\t<div class=\"iwg-pill-row\"><span class=\"iwg-klasse-badge\" tabindex=\"0\" data-tooltip=\"S\u00edmbol protector, amulet o objecte apotropaic.\">S\u00edmbol protector<\/span><a href=\"https:\/\/iwell-guard.com\/ca\/egipte\/\" class=\"iwg-kultur-badge\" tabindex=\"0\" data-tooltip=\"Tradici\u00f3 protectora: Egipte\">Egipte<\/a><span class=\"iwg-tradition-badge\" tabindex=\"0\" data-tooltip=\"Un objecte o signe destinat a allunyar la desgr\u00e0cia i les influ\u00e8ncies nocives.\">Apotropaic<\/span><\/div>\t\t\t\t<\/div>\n\t\t\t\t\t<\/div>\n\t\t\t\t<\/div>\n\t\t<div class=\"elementor-element elementor-element-iwgs-isisknoten-hr e-con-full e-flex e-con e-parent\" data-id=\"iwgs-isisknoten-hr\" data-element_type=\"container\" data-e-type=\"container\">\n\t\t\t\t<div class=\"elementor-element elementor-element-iwgs-isisknoten-himg iwg-hero-image elementor-widget elementor-widget-image\" data-id=\"iwgs-isisknoten-himg\" data-element_type=\"widget\" data-e-type=\"widget\" data-widget_type=\"image.default\">\n\t\t\t\t\t\t\t\t\t\t\t\t\t\t\t<img fetchpriority=\"high\" decoding=\"async\" width=\"683\" height=\"1024\" src=\"https:\/\/iwell-guard.com\/wp-content\/uploads\/2026\/05\/schutzsymbol_aegypten_isisknoten-683x1024.webp\" class=\"attachment-large size-large wp-image-3465\" alt=\"Nus d\u2019Isis \u2013 l\u2019amulet tit de la deessa Isis\" srcset=\"https:\/\/iwell-guard.com\/wp-content\/uploads\/2026\/05\/schutzsymbol_aegypten_isisknoten-683x1024.webp 683w, https:\/\/iwell-guard.com\/wp-content\/uploads\/2026\/05\/schutzsymbol_aegypten_isisknoten-200x300.webp 200w, https:\/\/iwell-guard.com\/wp-content\/uploads\/2026\/05\/schutzsymbol_aegypten_isisknoten-768x1152.webp 768w, https:\/\/iwell-guard.com\/wp-content\/uploads\/2026\/05\/schutzsymbol_aegypten_isisknoten.webp 1024w\" sizes=\"(max-width: 683px) 100vw, 683px\" \/>\t\t\t\t\t\t\t\t\t\t\t\t\t\t\t<\/div>\n\t\t\t\t<\/div>\n\t\t\t\t\t<\/div>\n\t\t\t\t<\/div>\n\t\t<div class=\"elementor-element elementor-element-iwgs-isisknoten-s0 e-flex e-con-boxed e-con e-parent\" data-id=\"iwgs-isisknoten-s0\" data-element_type=\"container\" data-e-type=\"container\">\n\t\t\t\t\t<div class=\"e-con-inner\">\n\t\t\t\t<div class=\"elementor-element elementor-element-iwgs-isisknoten-s0h elementor-widget elementor-widget-heading\" data-id=\"iwgs-isisknoten-s0h\" data-element_type=\"widget\" data-e-type=\"widget\" data-widget_type=\"heading.default\">\n\t\t\t\t\t<h2 class=\"elementor-heading-title elementor-size-default\">Introducci\u00f3<\/h2>\t\t\t\t<\/div>\n\t\t<div class=\"elementor-element elementor-element-iwgs-isisknoten-s0box e-con-full e-flex e-con e-parent\" data-id=\"iwgs-isisknoten-s0box\" data-element_type=\"container\" data-e-type=\"container\">\n\t\t\t\t<div class=\"elementor-element elementor-element-iwgs-isisknoten-s0t elementor-widget elementor-widget-text-editor\" data-id=\"iwgs-isisknoten-s0t\" data-element_type=\"widget\" data-e-type=\"widget\" data-widget_type=\"text-editor.default\">\n\t\t\t\t\t\t\t\t\t<p>El nus d&#8217;Isis \u00e9s un amulet protector de l&#8217;antic <a href=\"https:\/\/iwell-guard.com\/ca\/egipte\/\">Egipte<\/a>. En la llengua eg\u00edpcia rep el nom de tit. Pertany als amulets m\u00e9s estesos de la pr\u00e0ctica protectora eg\u00edpcia.<\/p><p>L&#8217;<span class=\"iwg-fachbegriff\" data-tooltip=\"Un objecte portat al cos al qual s'atribueix un efecte protector contra la desgr\u00e0cia.\" tabindex=\"0\">amulet<\/span> mostra un signe entrella\u00e7at que s&#8217;assembla a un lla\u00e7 o a un nus. Aquesta forma li ha donat, en alemany, el nom de nus d&#8217;Isis, ja que el signe est\u00e0 estretament lligat a la deessa Isis.<\/p><p>El nus d&#8217;Isis es trobava sota la protecci\u00f3 d&#8217;Isis, una de les deesses m\u00e9s grans i m\u00e9s venerades d&#8217;Egipte. Qui portava l&#8217;<span class=\"iwg-fachbegriff\" data-tooltip=\"Un objecte portat al cos al qual s'atribueix un efecte protector contra la desgr\u00e0cia.\" tabindex=\"0\">amulet<\/span> es posava sota la protecci\u00f3 d&#8217;aquesta poderosa deessa.<\/p><p>El nus d&#8217;Isis va tenir un paper especial en el culte funerari. All\u00e0 tenia una funci\u00f3 ben determinada, lligada a la protecci\u00f3 del difunt.<\/p><p>En la <span class=\"iwg-fachbegriff\" data-tooltip=\"La ci\u00e8ncia que investiga les religions de manera comparativa i sense vincle de fe.\" tabindex=\"0\">ci\u00e8ncia de les religions<\/span>, el nus d&#8217;Isis \u00e9s un bon exemple d&#8217;<span class=\"iwg-fachbegriff\" data-tooltip=\"Un objecte portat al cos al qual s'atribueix un efecte protector contra la desgr\u00e0cia.\" tabindex=\"0\">amulet<\/span> estretament lligat a una <span class=\"iwg-fachbegriff\" data-tooltip=\"Un \u00e9sser venerat com a div\u00ed dins d'una religi\u00f3.\" tabindex=\"0\">divinitat<\/span> concreta i a un color determinat. Tots dos, la deessa i el color, contribueixen al seu significat.<\/p><p>El nus d&#8217;Isis pertany, a m\u00e9s, a un grup de signes egipcis emparentats. Est\u00e0 especialment relacionat amb l&#8217;ankh i amb el pilar djed. Aquesta relaci\u00f3 s&#8217;explica a continuaci\u00f3.<\/p>\t\t\t\t\t\t\t\t<\/div>\n\t\t\t\t<\/div>\n\t\t\t\t\t<\/div>\n\t\t\t\t<\/div>\n\t\t<div class=\"elementor-element elementor-element-iwgs-isisknoten-s1 e-flex e-con-boxed e-con e-parent\" data-id=\"iwgs-isisknoten-s1\" data-element_type=\"container\" data-e-type=\"container\">\n\t\t\t\t\t<div class=\"e-con-inner\">\n\t\t\t\t<div class=\"elementor-element elementor-element-iwgs-isisknoten-s1h elementor-widget elementor-widget-heading\" data-id=\"iwgs-isisknoten-s1h\" data-element_type=\"widget\" data-e-type=\"widget\" data-widget_type=\"heading.default\">\n\t\t\t\t\t<h2 class=\"elementor-heading-title elementor-size-default\">Tit: el nus d'Isis<\/h2>\t\t\t\t<\/div>\n\t\t<div class=\"elementor-element elementor-element-iwgs-isisknoten-s1box e-con-full e-flex e-con e-parent\" data-id=\"iwgs-isisknoten-s1box\" data-element_type=\"container\" data-e-type=\"container\">\n\t\t\t\t<div class=\"elementor-element elementor-element-iwgs-isisknoten-s1t elementor-widget elementor-widget-text-editor\" data-id=\"iwgs-isisknoten-s1t\" data-element_type=\"widget\" data-e-type=\"widget\" data-widget_type=\"text-editor.default\">\n\t\t\t\t\t\t\t\t\t<p>El nom egipci de l&#8217;amulet \u00e9s tit. El significat original exacte d&#8217;aquesta paraula no est\u00e0 del tot confirmat, per\u00f2 el signe s&#8217;associa clarament amb la deessa Isis.<\/p><p>La denominaci\u00f3 en alemany, nus d&#8217;Isis, descriu el signe de manera visual. Sembla una cinta entrella\u00e7ada o un nus. Aquesta forma de nus \u00e9s el tret m\u00e9s caracter\u00edstic del signe.<\/p><p>Els nusos tenen en moltes cultures un significat protector. Nuar i lligar es consideren accions amb les quals es fixa la protecci\u00f3. Un signe en forma de nus pot representar aix\u00ed una for\u00e7a protectora lligada i retinguda.<\/p><p>En el nus d&#8217;Isis, aquest significat general del nus s&#8217;uneix amb la figura d&#8217;Isis. El signe \u00e9s el nus d&#8217;aquesta deessa concreta. En ell, la seva for\u00e7a protectora hi queda com lligada i present.<\/p><p>La relaci\u00f3 amb Isis dona rang a l&#8217;<span class=\"iwg-fachbegriff\" data-tooltip=\"Un objecte portat al cos al qual s'atribueix un efecte protector contra la desgr\u00e0cia.\" tabindex=\"0\">amulet<\/span>. Isis no era una <span class=\"iwg-fachbegriff\" data-tooltip=\"Un \u00e9sser venerat com a div\u00ed dins d'una religi\u00f3.\" tabindex=\"0\">divinitat<\/span> menor, sin\u00f3 una de les deesses m\u00e9s poderoses d&#8217;Egipte, coneguda per la seva protecci\u00f3 i pel seu poder curatiu.<\/p><p>El nus d&#8217;Isis \u00e9s, doncs, el signe portable d&#8217;una gran deessa. Qui se&#8217;l posava, s&#8217;unia a Isis i a tot all\u00f2 que representava, sobretot a la seva protecci\u00f3.<\/p>\t\t\t\t\t\t\t\t<\/div>\n\t\t\t\t<\/div>\n\t\t\t\t\t<\/div>\n\t\t\t\t<\/div>\n\t\t<div class=\"elementor-element elementor-element-iwgs-isisknoten-s2 e-flex e-con-boxed e-con e-parent\" data-id=\"iwgs-isisknoten-s2\" data-element_type=\"container\" data-e-type=\"container\">\n\t\t\t\t\t<div class=\"e-con-inner\">\n\t\t\t\t<div class=\"elementor-element elementor-element-iwgs-isisknoten-s2h elementor-widget elementor-widget-heading\" data-id=\"iwgs-isisknoten-s2h\" data-element_type=\"widget\" data-e-type=\"widget\" data-widget_type=\"heading.default\">\n\t\t\t\t\t<h2 class=\"elementor-heading-title elementor-size-default\">Forma i relaci\u00f3 amb l'ankh<\/h2>\t\t\t\t<\/div>\n\t\t<div class=\"elementor-element elementor-element-iwgs-isisknoten-s2box e-con-full e-flex e-con e-parent\" data-id=\"iwgs-isisknoten-s2box\" data-element_type=\"container\" data-e-type=\"container\">\n\t\t\t\t<div class=\"elementor-element elementor-element-iwgs-isisknoten-s2t elementor-widget elementor-widget-text-editor\" data-id=\"iwgs-isisknoten-s2t\" data-element_type=\"widget\" data-e-type=\"widget\" data-widget_type=\"text-editor.default\">\n\t\t\t\t\t\t\t\t\t<p>El nus d&#8217;Isis s&#8217;assembla en la seva forma a un altre signe egipci molt conegut, l&#8217;ankh. Aquesta semblan\u00e7a \u00e9s evident i important per entendre el signe.<\/p><p>L&#8217;ankh, el signe egipci de la vida, consisteix en una creu amb un lla\u00e7 al lloc de la barra superior. El nus d&#8217;Isis tamb\u00e9 t\u00e9 un lla\u00e7 a la part superior.<\/p><p>La difer\u00e8ncia es troba en els bra\u00e7os. Mentre que en l&#8217;ankh els bra\u00e7os laterals surten horitzontalment, en el nus d&#8217;Isis estan entrella\u00e7ats cap avall. Els bra\u00e7os del tit pengen cap a baix, com si estiguessin lligats.<\/p><p>D&#8217;aquesta proximitat amb l&#8217;ankh se&#8217;n deriva una relaci\u00f3 de significats. L&#8217;ankh representa la vida, i el nus d&#8217;Isis pertany al mateix \u00e0mbit de vida i protecci\u00f3. Els dos signes estan estretament emparentats.<\/p><p>El llenguatge visual egipci coneixia diversos signes de lla\u00e7 emparentats d&#8217;aquest tipus. Es complementaven entre ells i es podien utilitzar conjuntament. El nus d&#8217;Isis i l&#8217;ankh pertanyen a aquest grup.<\/p><p>La relaci\u00f3 amb l&#8217;ankh mostra que el nus d&#8217;Isis no \u00e9s un signe a\u00efllat. Forma part d&#8217;un sistema coherent de signes de protecci\u00f3 i vida egipcis, en el qual cada signe t\u00e9 el seu lloc.<\/p>\t\t\t\t\t\t\t\t<\/div>\n\t\t\t\t<\/div>\n\t\t\t\t\t<\/div>\n\t\t\t\t<\/div>\n\t\t<div class=\"elementor-element elementor-element-iwgs-isisknoten-s3 e-flex e-con-boxed e-con e-parent\" data-id=\"iwgs-isisknoten-s3\" data-element_type=\"container\" data-e-type=\"container\">\n\t\t\t\t\t<div class=\"e-con-inner\">\n\t\t\t\t<div class=\"elementor-element elementor-element-iwgs-isisknoten-s3h elementor-widget elementor-widget-heading\" data-id=\"iwgs-isisknoten-s3h\" data-element_type=\"widget\" data-e-type=\"widget\" data-widget_type=\"heading.default\">\n\t\t\t\t\t<h2 class=\"elementor-heading-title elementor-size-default\">La sang d'Isis<\/h2>\t\t\t\t<\/div>\n\t\t<div class=\"elementor-element elementor-element-iwgs-isisknoten-s3box e-con-full e-flex e-con e-parent\" data-id=\"iwgs-isisknoten-s3box\" data-element_type=\"container\" data-e-type=\"container\">\n\t\t\t\t<div class=\"elementor-element elementor-element-iwgs-isisknoten-s3t elementor-widget elementor-widget-text-editor\" data-id=\"iwgs-isisknoten-s3t\" data-element_type=\"widget\" data-e-type=\"widget\" data-widget_type=\"text-editor.default\">\n\t\t\t\t\t\t\t\t\t<p>Una caracter\u00edstica important del nus d&#8217;Isis \u00e9s el seu color. L&#8217;<span class=\"iwg-fachbegriff\" data-tooltip=\"Un objecte portat al qual s'atribueix un efecte protector, capa\u00e7 d'allunyar el mal.\" tabindex=\"0\">amulet<\/span> Tit es fabricava preferentment amb material vermell. Eren habituals la cornalina, el jaspi vermell i el vidre vermell.<\/p><p>Aquest color vermell no \u00e9s escollit a l&#8217;atzar. Vincula l&#8217;<span class=\"iwg-fachbegriff\" data-tooltip=\"Un objecte portat al qual s'atribueix un efecte protector, capa\u00e7 d'allunyar el mal.\" tabindex=\"0\">amulet<\/span> amb la sang. En els textos egipcis, el nus d&#8217;Isis es relaciona expl\u00edcitament amb la sang d&#8217;Isis.<\/p><p>La sang d&#8217;Isis representava la seva for\u00e7a vital i el seu poder protector. Un <span class=\"iwg-fachbegriff\" data-tooltip=\"Un objecte portat al qual s'atribueix un efecte protector, capa\u00e7 d'allunyar el mal.\" tabindex=\"0\">amulet<\/span> Tit vermell no portava, doncs, nom\u00e9s un color, sin\u00f3 tamb\u00e9 un significat. Portava en si la for\u00e7a de la deessa.<\/p><p>El color vermell vinculava alhora el nus d&#8217;Isis amb la protecci\u00f3. El vermell es considerava en moltes cultures, tamb\u00e9 a Egipte, un color poder\u00f3s i protector. En el nus d&#8217;Isis actua tamb\u00e9 aquest significat general del vermell.<\/p><p>Aix\u00ed, en el nus d&#8217;Isis es reforcen diversos significats alhora. La forma del nus, el vincle amb Isis i el color vermell com a color de la sang i de la protecci\u00f3 actuen conjuntament.<\/p><p>L&#8217;<span class=\"iwg-fachbegriff\" data-tooltip=\"Un objecte portat al qual s'atribueix un efecte protector, capa\u00e7 d'allunyar el mal.\" tabindex=\"0\">amulet<\/span> Tit vermell \u00e9s, per tant, un bon exemple de com material, color i significat poden estar estretament units en un objecte de protecci\u00f3. Aqu\u00ed el color no \u00e9s un ornament, sin\u00f3 part del missatge.<\/p>\t\t\t\t\t\t\t\t<\/div>\n\t\t\t\t<\/div>\n\t\t\t\t\t<\/div>\n\t\t\t\t<\/div>\n\t\t<div class=\"elementor-element elementor-element-iwgs-isisknoten-s4 e-flex e-con-boxed e-con e-parent\" data-id=\"iwgs-isisknoten-s4\" data-element_type=\"container\" data-e-type=\"container\">\n\t\t\t\t\t<div class=\"e-con-inner\">\n\t\t\t\t<div class=\"elementor-element elementor-element-iwgs-isisknoten-s4h elementor-widget elementor-widget-heading\" data-id=\"iwgs-isisknoten-s4h\" data-element_type=\"widget\" data-e-type=\"widget\" data-widget_type=\"heading.default\">\n\t\t\t\t\t<h2 class=\"elementor-heading-title elementor-size-default\">Isis com a deessa protectora<\/h2>\t\t\t\t<\/div>\n\t\t<div class=\"elementor-element elementor-element-iwgs-isisknoten-s4box e-con-full e-flex e-con e-parent\" data-id=\"iwgs-isisknoten-s4box\" data-element_type=\"container\" data-e-type=\"container\">\n\t\t\t\t<div class=\"elementor-element elementor-element-iwgs-isisknoten-s4t elementor-widget elementor-widget-text-editor\" data-id=\"iwgs-isisknoten-s4t\" data-element_type=\"widget\" data-e-type=\"widget\" data-widget_type=\"text-editor.default\">\n\t\t\t\t\t\t\t\t\t<p>El significat del nus d&#8217;Isis nom\u00e9s es pot entendre si es coneix la posici\u00f3 d&#8217;Isis. Isis va ser una de les divinitats m\u00e9s importants d&#8217;Egipte i, sobretot, una gran deessa de protecci\u00f3 i de curaci\u00f3.<\/p><p>En la <span class=\"iwg-fachbegriff\" data-tooltip=\"El conjunt de relats m\u00edtics transmesos sobre els d\u00e9us d'una cultura.\" tabindex=\"0\">mitologia<\/span>, Isis \u00e9s l&#8217;esposa d&#8217;Osiris i la mare d&#8217;Horus. Els relats la mostren repetidament com aquella que protegeix i salva. Va preservar el seu fill Horus dels seus enemics.<\/p><p>Isis era considerada extraordin\u00e0riament versada en el poder m\u00e0gic efica\u00e7 de la paraula. Les seves f\u00f3rmules podien curar i allunyar perills. En els textos curatius, com el cippus d&#8217;Horus, Isis \u00e9s una figura central.<\/p><p>Aquesta combinaci\u00f3 de maternitat, protecci\u00f3 i poder curatiu va fer d&#8217;Isis una deessa a la qual la gent es confiava amb especial gust. La seva protecci\u00f3 es considerava fiable i propera.<\/p><p>El nus d&#8217;Isis \u00e9s el signe port\u00e0til d&#8217;aquesta deessa. Qui el portava es posava sota la protecci\u00f3 d&#8217;Isis i sota tot all\u00f2 que ella representava: la seva cura maternal i el seu poder salvador.<\/p><p>La veneraci\u00f3 d&#8217;Isis es va estendre m\u00e9s tard molt m\u00e9s enll\u00e0 d&#8217;Egipte. Al m\u00f3n grecorom\u00e0, es va convertir en una de les divinitats m\u00e9s conegudes. Amb ella es va difondre tamb\u00e9 el signe del seu nus.<\/p>\t\t\t\t\t\t\t\t<\/div>\n\t\t\t\t<\/div>\n\t\t\t\t\t<\/div>\n\t\t\t\t<\/div>\n\t\t<div class=\"elementor-element elementor-element-iwgs-isisknoten-s5 e-flex e-con-boxed e-con e-parent\" data-id=\"iwgs-isisknoten-s5\" data-element_type=\"container\" data-e-type=\"container\">\n\t\t\t\t\t<div class=\"e-con-inner\">\n\t\t\t\t<div class=\"elementor-element elementor-element-iwgs-isisknoten-s5h elementor-widget elementor-widget-heading\" data-id=\"iwgs-isisknoten-s5h\" data-element_type=\"widget\" data-e-type=\"widget\" data-widget_type=\"heading.default\">\n\t\t\t\t\t<h2 class=\"elementor-heading-title elementor-size-default\">L'amulet en el culte funerari<\/h2>\t\t\t\t<\/div>\n\t\t<div class=\"elementor-element elementor-element-iwgs-isisknoten-s5box e-con-full e-flex e-con e-parent\" data-id=\"iwgs-isisknoten-s5box\" data-element_type=\"container\" data-e-type=\"container\">\n\t\t\t\t<div class=\"elementor-element elementor-element-iwgs-isisknoten-s5t elementor-widget elementor-widget-text-editor\" data-id=\"iwgs-isisknoten-s5t\" data-element_type=\"widget\" data-e-type=\"widget\" data-widget_type=\"text-editor.default\">\n\t\t\t\t\t\t\t\t\t<p>El nus d&#8217;Isis tenia un lloc fix i ben determinat en el culte funerari egipci. All\u00e0 era un dels amulets importants en l&#8217;aixovar del difunt.<\/p><p>El Llibre dels morts egipci, la col\u00b7lecci\u00f3 de f\u00f3rmules per a l&#8217;altra vida, cont\u00e9 una f\u00f3rmula pr\u00f2pia dedicada al nus d&#8217;Isis. Aquesta f\u00f3rmula vincula l&#8217;<span class=\"iwg-fachbegriff\" data-tooltip=\"Un objecte portat al qual s'atribueix un efecte protector, capa\u00e7 d'allunyar el mal.\" tabindex=\"0\">amulet<\/span> amb la protecci\u00f3 d&#8217;Isis.<\/p><p>Segons aquesta f\u00f3rmula, l&#8217;<span class=\"iwg-fachbegriff\" data-tooltip=\"Un objecte portat al qual s'atribueix un efecte protector, capa\u00e7 d'allunyar el mal.\" tabindex=\"0\">amulet<\/span> Tit havia d&#8217;assegurar al difunt la protecci\u00f3 d&#8217;Isis. La deessa havia d&#8217;envoltar el mort amb els seus bra\u00e7os i protegir-lo en el seu cam\u00ed cap a l&#8217;altra vida.<\/p><p>L&#8217;<span class=\"iwg-fachbegriff\" data-tooltip=\"Un objecte portat al qual s'atribueix un efecte protector, capa\u00e7 d'allunyar el mal.\" tabindex=\"0\">amulet<\/span> es col\u00b7locava al coll de la m\u00f2mia. Aquest lloc estava reservat a diversos amulets del culte funerari. El nus d&#8217;Isis al coll posava el difunt sota la protecci\u00f3 de la deessa.<\/p><p>Aix\u00ed, el nus d&#8217;Isis tenia una funci\u00f3 semblant a la d&#8217;altres amulets del culte funerari. De la mateixa manera que l&#8217;ankh assegurava la vida i el pilar djed donava fermesa, el nus d&#8217;Isis assegurava la protecci\u00f3 d&#8217;Isis.<\/p><p>El nus d&#8217;Isis mostra aix\u00ed, un cop m\u00e9s, un tret b\u00e0sic de la pr\u00e0ctica protectora eg\u00edpcia. La cura pels difunts era tan important com la cura pels vius. Tots dos \u00e0mbits tenien els seus propis amulets de protecci\u00f3.<\/p>\t\t\t\t\t\t\t\t<\/div>\n\t\t\t\t<\/div>\n\t\t\t\t\t<\/div>\n\t\t\t\t<\/div>\n\t\t<div class=\"elementor-element elementor-element-iwgs-isisknoten-s6 e-flex e-con-boxed e-con e-parent\" data-id=\"iwgs-isisknoten-s6\" data-element_type=\"container\" data-e-type=\"container\">\n\t\t\t\t\t<div class=\"e-con-inner\">\n\t\t\t\t<div class=\"elementor-element elementor-element-iwgs-isisknoten-s6h elementor-widget elementor-widget-heading\" data-id=\"iwgs-isisknoten-s6h\" data-element_type=\"widget\" data-e-type=\"widget\" data-widget_type=\"heading.default\">\n\t\t\t\t\t<h2 class=\"elementor-heading-title elementor-size-default\">El nus d'Isis i el pilar djed<\/h2>\t\t\t\t<\/div>\n\t\t<div class=\"elementor-element elementor-element-iwgs-isisknoten-s6box e-con-full e-flex e-con e-parent\" data-id=\"iwgs-isisknoten-s6box\" data-element_type=\"container\" data-e-type=\"container\">\n\t\t\t\t<div class=\"elementor-element elementor-element-iwgs-isisknoten-s6t elementor-widget elementor-widget-text-editor\" data-id=\"iwgs-isisknoten-s6t\" data-element_type=\"widget\" data-e-type=\"widget\" data-widget_type=\"text-editor.default\">\n\t\t\t\t\t\t\t\t\t<p>El nus d&#8217;Isis no apareix sovint sol, sin\u00f3 juntament amb el pilar djed. Aquests dos signes formen una parella que en l&#8217;art egipci apareix sovint una al costat de l&#8217;altra.<\/p><p>El pilar djed \u00e9s el signe de l&#8217;estabilitat i s&#8217;associa amb el d\u00e9u Osiris. El nus d&#8217;Isis \u00e9s el signe d&#8217;Isis. Per\u00f2 Osiris i Isis s\u00f3n, en la <span class=\"iwg-fachbegriff\" data-tooltip=\"El conjunt de relats m\u00edtics transmesos sobre els d\u00e9us d'una cultura.\" tabindex=\"0\">mitologia<\/span>, una parella, marit i muller.<\/p><p>Aix\u00ed, la parella de signes reflecteix la parella de d\u00e9us. El pilar djed d&#8217;Osiris i el nus d&#8217;Isis van junts, tal com les dues divinitats van juntes.<\/p><p>En l&#8217;equipament de les tombes i en l&#8217;art, aquests dos signes apareixen per aix\u00f2 sovint de manera alternada o l&#8217;un al costat de l&#8217;altre. Formen una s\u00e8rie i es complementen en el seu significat.<\/p><p>Junts representen la protecci\u00f3 i la fermesa que la parella de d\u00e9us concedeix. El djed dona suport i durada, el nus d&#8217;Isis la protecci\u00f3 d&#8217;Isis. Junts abasten una promesa de protecci\u00f3 completa.<\/p><p>Aquesta formaci\u00f3 de parelles \u00e9s un bon exemple de l&#8217;ordre del m\u00f3n simb\u00f2lic egipci. Els signes no estaven junts sense relaci\u00f3, sin\u00f3 que formaven grups i parelles que es corresponien entre si.<\/p>\t\t\t\t\t\t\t\t<\/div>\n\t\t\t\t<\/div>\n\t\t\t\t\t<\/div>\n\t\t\t\t<\/div>\n\t\t<div class=\"elementor-element elementor-element-iwgs-isisknoten-s7 e-flex e-con-boxed e-con e-parent\" data-id=\"iwgs-isisknoten-s7\" data-element_type=\"container\" data-e-type=\"container\">\n\t\t\t\t\t<div class=\"e-con-inner\">\n\t\t\t\t<div class=\"elementor-element elementor-element-iwgs-isisknoten-s7h elementor-widget elementor-widget-heading\" data-id=\"iwgs-isisknoten-s7h\" data-element_type=\"widget\" data-e-type=\"widget\" data-widget_type=\"heading.default\">\n\t\t\t\t\t<h2 class=\"elementor-heading-title elementor-size-default\">Material i color<\/h2>\t\t\t\t<\/div>\n\t\t<div class=\"elementor-element elementor-element-iwgs-isisknoten-s7box e-con-full e-flex e-con e-parent\" data-id=\"iwgs-isisknoten-s7box\" data-element_type=\"container\" data-e-type=\"container\">\n\t\t\t\t<div class=\"elementor-element elementor-element-iwgs-isisknoten-s7t elementor-widget elementor-widget-text-editor\" data-id=\"iwgs-isisknoten-s7t\" data-element_type=\"widget\" data-e-type=\"widget\" data-widget_type=\"text-editor.default\">\n\t\t\t\t\t\t\t\t\t<p>Com ja s&#8217;ha esmentat, el nus d&#8217;Isis es fabricava preferentment amb material de color vermell. Aquesta elecci\u00f3 de material est\u00e0 estretament relacionada amb el significat de l&#8217;amulet com a s\u00edmbol de la sang d&#8217;Isis.<\/p><p>La cornalina, una pedra semiprecosa vermella, era un material predilecte. Tamb\u00e9 s&#8217;utilitzaven el jaspi vermell i el vidre vermell. Tots aquests materials tenien el color vermell, que era el que importava en aquest <span class=\"iwg-fachbegriff\" data-tooltip=\"Un objecte portat al cos al qual s'atribueix un efecte protector, que allunya la desgr\u00e0cia.\" tabindex=\"0\">amulet<\/span>.<\/p><p>A m\u00e9s, tamb\u00e9 hi ha nusos d&#8217;Isis fets d&#8217;altres materials, com la faian\u00e7a. Per\u00f2 la versi\u00f3 vermella es considerava la pr\u00f2piament dita, la que millor corresponia al significat del s\u00edmbol.<\/p><p>Les mides dels nusos d&#8217;Isis eren variades. Com a <span class=\"iwg-fachbegriff\" data-tooltip=\"Un objecte portat al cos al qual s'atribueix un efecte protector, que allunya la desgr\u00e0cia.\" tabindex=\"0\">amulet<\/span>, el s\u00edmbol solia ser petit i manejable, apte per portar-se al cos o inserir-se entre les benes de la m\u00f2mia.<\/p><p>Sovint el nus d&#8217;Isis es portava juntament amb altres amulets o s&#8217;incorporava a joies. En la combinaci\u00f3 de diversos s\u00edmbols s&#8217;esperava que els efectes protectors s&#8217;acumulessin.<\/p><p>El material del nus d&#8217;Isis mostra fins a quin punt era precisa la pr\u00e0ctica protectora eg\u00edpcia. No nom\u00e9s la forma, sin\u00f3 tamb\u00e9 el material i el color d&#8217;un amulet eren significatius i s&#8217;escollien amb cura.<\/p>\t\t\t\t\t\t\t\t<\/div>\n\t\t\t\t<\/div>\n\t\t\t\t\t<\/div>\n\t\t\t\t<\/div>\n\t\t<div class=\"elementor-element elementor-element-iwgs-isisknoten-s8 e-flex e-con-boxed e-con e-parent\" data-id=\"iwgs-isisknoten-s8\" data-element_type=\"container\" data-e-type=\"container\">\n\t\t\t\t\t<div class=\"e-con-inner\">\n\t\t\t\t<div class=\"elementor-element elementor-element-iwgs-isisknoten-s8h elementor-widget elementor-widget-heading\" data-id=\"iwgs-isisknoten-s8h\" data-element_type=\"widget\" data-e-type=\"widget\" data-widget_type=\"heading.default\">\n\t\t\t\t\t<h2 class=\"elementor-heading-title elementor-size-default\">Recepci\u00f3 actual<\/h2>\t\t\t\t<\/div>\n\t\t<div class=\"elementor-element elementor-element-iwgs-isisknoten-s8box e-con-full e-flex e-con e-parent\" data-id=\"iwgs-isisknoten-s8box\" data-element_type=\"container\" data-e-type=\"container\">\n\t\t\t\t<div class=\"elementor-element elementor-element-iwgs-isisknoten-s8t elementor-widget elementor-widget-text-editor\" data-id=\"iwgs-isisknoten-s8t\" data-element_type=\"widget\" data-e-type=\"widget\" data-widget_type=\"text-editor.default\">\n\t\t\t\t\t\t\t\t\t<p>Avui dia el nus d&#8217;Isis \u00e9s menys conegut que l&#8217;ankh o l&#8217;ull d&#8217;Horus. Forma part dels s\u00edmbols egipcis que sobretot els coneixedors de la cultura eg\u00edpcia coneixen b\u00e9.<\/p><p>A les col\u00b7leccions eg\u00edpcies dels museus, el nus d&#8217;Isis hi \u00e9s ben representat. S&#8217;han conservat nombrosos amulets tit, molts d&#8217;ells de pedra vermella, que testimonien la difusi\u00f3 del s\u00edmbol.<\/p><p>Amb la veneraci\u00f3 extensa d&#8217;Isis, que va arribar fins al m\u00f3n grecorom\u00e0, tamb\u00e9 es va difondre el coneixement sobre el seu nus. El nus d&#8217;Isis pertany aix\u00ed a l&#8217;univers iconogr\u00e0fic d&#8217;una deessa coneguda m\u00e9s enll\u00e0 d&#8217;Egipte.<\/p><p>Com a motiu de joieria, el nus d&#8217;Isis \u00e9s represa ocasionalment, sobretot per persones amb un inter\u00e8s especial per Egipte o per la figura d&#8217;Isis. En aquest \u00fas es repr\u00e8n el seu significat antic.<\/p><p>Per a l&#8217;estudi de la religi\u00f3 eg\u00edpcia, el nus d&#8217;Isis \u00e9s un s\u00edmbol revelador. Mostra fins a quin punt un <span class=\"iwg-fachbegriff\" data-tooltip=\"Un objecte portat al cos al qual s'atribueix un efecte protector, que allunya la desgr\u00e0cia.\" tabindex=\"0\">amulet<\/span> podia estar vinculat a una <span class=\"iwg-fachbegriff\" data-tooltip=\"Un \u00e9sser venerat com a div\u00ed dins d'una religi\u00f3.\" tabindex=\"0\">divinitat<\/span> determinada, a un color i a un material.<\/p><p>El nus d&#8217;Isis \u00e9s, doncs, un exemple impressionant d&#8217;un amulet protector egipci ben pensat. En ell s&#8217;uneixen la forma del nus, el color vermell de la sang i la protecci\u00f3 de la gran deessa Isis en un \u00fanic s\u00edmbol ple de significat.<\/p>\t\t\t\t\t\t\t\t<\/div>\n\t\t\t\t<\/div>\n\t\t\t\t\t<\/div>\n\t\t\t\t<\/div>\n\t\t<div class=\"elementor-element elementor-element-iwgs-isisknoten-lit e-flex e-con-boxed e-con e-parent\" data-id=\"iwgs-isisknoten-lit\" data-element_type=\"container\" data-e-type=\"container\">\n\t\t\t\t\t<div class=\"e-con-inner\">\n\t\t\t\t<div class=\"elementor-element elementor-element-iwgs-isisknoten-lith elementor-widget elementor-widget-heading\" data-id=\"iwgs-isisknoten-lith\" data-element_type=\"widget\" data-e-type=\"widget\" data-widget_type=\"heading.default\">\n\t\t\t\t\t<h2 class=\"elementor-heading-title elementor-size-default\">Bibliografia (selecci\u00f3)<\/h2>\t\t\t\t<\/div>\n\t\t<div class=\"elementor-element elementor-element-iwgs-isisknoten-litbox e-con-full e-flex e-con e-parent\" data-id=\"iwgs-isisknoten-litbox\" data-element_type=\"container\" data-e-type=\"container\">\n\t\t\t\t<div class=\"elementor-element elementor-element-iwgs-isisknoten-litt elementor-widget elementor-widget-html\" data-id=\"iwgs-isisknoten-litt\" data-element_type=\"widget\" data-e-type=\"widget\" data-widget_type=\"html.default\">\n\t\t\t\t\t<footer data-nosnippet=\"true\"><ul><li>Carol Andrews: <em>Amulets of Ancient Egypt<\/em> (1994)<\/li><li>Erik Hornung: <em>Das Totenbuch der \u00c4gypter<\/em> (1979)<\/li><li>Jan Assmann: <em>Tod und Jenseits im Alten \u00c4gypten<\/em> (2001)<\/li><li>Richard H. Wilkinson: <em>Reading Egyptian Art<\/em> (1992)<\/li><li>Robert A. Armour: <em>Gods and Myths of Ancient Egypt<\/em> (1986)<\/li><\/ul><\/footer>\t\t\t\t<\/div>\n\t\t\t\t<\/div>\n\t\t\t\t\t<\/div>\n\t\t\t\t<\/div>\n\t\t<div class=\"elementor-element elementor-element-iwgs-isisknoten-kwd e-flex e-con-boxed e-con e-parent\" data-id=\"iwgs-isisknoten-kwd\" data-element_type=\"container\" data-e-type=\"container\">\n\t\t\t\t\t<div class=\"e-con-inner\">\n\t\t\t\t<div class=\"elementor-element elementor-element-iwgs-isisknoten-kwdt elementor-widget elementor-widget-text-editor\" data-id=\"iwgs-isisknoten-kwdt\" data-element_type=\"widget\" data-e-type=\"widget\" data-widget_type=\"text-editor.default\">\n\t\t\t\t\t\t\t\t\t<p><em>Termes clau relacionats: nus d&#8217;Isis, tit, Isis, sang d&#8217;Isis, cornalina, ankh, djed, Llibre dels Morts, Antic Egipte.<\/em><\/p>\t\t\t\t\t\t\t\t<\/div>\n\t\t\t\t\t<\/div>\n\t\t\t\t<\/div>\n\t\t<div class=\"elementor-element elementor-element-iwgs-isisknoten-cc e-flex e-con-boxed e-con e-parent\" data-id=\"iwgs-isisknoten-cc\" data-element_type=\"container\" data-e-type=\"container\" id=\"iwg-cc-isisknoten\">\n\t\t\t\t\t<div class=\"e-con-inner\">\n\t\t<div class=\"elementor-element elementor-element-iwgs-isisknoten-ccinner e-flex e-con-boxed e-con e-parent\" data-id=\"iwgs-isisknoten-ccinner\" data-element_type=\"container\" data-e-type=\"container\" data-settings=\"{&quot;background_background&quot;:&quot;classic&quot;}\">\n\t\t\t\t\t<div class=\"e-con-inner\">\n\t\t\t\t<div class=\"elementor-element elementor-element-iwgs-isisknoten-cch elementor-widget elementor-widget-heading\" data-id=\"iwgs-isisknoten-cch\" data-element_type=\"widget\" data-e-type=\"widget\" data-widget_type=\"heading.default\">\n\t\t\t\t\t<h2 class=\"elementor-heading-title elementor-size-default\">iWell Guard i tradicions de protecci\u00f3<\/h2>\t\t\t\t<\/div>\n\t\t\t\t<div class=\"elementor-element elementor-element-iwgs-isisknoten-cct elementor-widget elementor-widget-text-editor\" data-id=\"iwgs-isisknoten-cct\" data-element_type=\"widget\" data-e-type=\"widget\" data-widget_type=\"text-editor.default\">\n\t\t\t\t\t\t\t\t\t<p>iWell Guard s&#8217;inscriu en la l\u00ednia cultural i hist\u00f2rica dels objectes de protecci\u00f3 portables, a la qual tamb\u00e9 pertany el nus d&#8217;Isis. Un company modern per a persones que conviuen amb s\u00edmbols de protecci\u00f3: fabricat a Alemanya, 41 capes d&#8217;or veritable, plat\u00ed i plata, amb 30 dies de dret de devoluci\u00f3.<\/p>\t\t\t\t\t\t\t\t<\/div>\n\t\t\t\t<div class=\"elementor-element elementor-element-iwgs-isisknoten-ccb iwg-cc-button iwg-cc-cta-2026-05-13 elementor-widget elementor-widget-jet-button\" data-id=\"iwgs-isisknoten-ccb\" data-element_type=\"widget\" data-e-type=\"widget\" data-widget_type=\"jet-button.default\">\n\t\t\t\t<div class=\"elementor-widget-container\">\n\t\t\t\t\t<div class=\"elementor-jet-button jet-elements\"><div class=\"jet-button__container\"><a class=\"jet-button__instance jet-button__instance--icon-left hover-effect-1\" href=\"\/schutzanhaenger-iwell-guard-kaufen\/?utm_source=iwell-guard.com&amp;utm_medium=info-box&amp;utm_campaign=schutzsymbole\"><div class=\"jet-button__plane jet-button__plane-normal\"><\/div><div class=\"jet-button__plane jet-button__plane-hover\"><\/div><div class=\"jet-button__state jet-button__state-normal\"><span class=\"jet-button__label\">M\u00e9s informaci\u00f3 sobre l'iWell Guard<\/span><\/div><div class=\"jet-button__state jet-button__state-hover\"><span class=\"jet-button__label\">M\u00e9s informaci\u00f3 sobre l'iWell Guard<\/span><\/div><\/a><\/div><\/div><style>.elementor-element.elementor-element-iwgs-isisknoten-ccb .jet-button__instance{width:320px;height:56px;}.elementor-element.elementor-element-iwgs-isisknoten-ccb .jet-button__state-normal .jet-button__label{text-align:center;margin:0px 0px 0px 0px;color:#1a1b20;font-family:Montserrat,sans-serif;font-size:13px;font-weight:400;letter-spacing:4px;line-height:1.714em;text-transform:uppercase;}.elementor-element.elementor-element-iwgs-isisknoten-ccb .jet-button__state-hover .jet-button__label{text-align:center;margin:0px 0px 0px 0px;color:#FECC76;font-family:Montserrat,sans-serif;font-size:13px;font-weight:400;letter-spacing:4px;line-height:1.714em;text-transform:uppercase;}.elementor-element.elementor-element-iwgs-isisknoten-ccb .jet-button__plane-normal{background-color:#FECC76;border-style:solid;border-color:#C99540;border-width:2px 2px 2px 2px;}.elementor-element.elementor-element-iwgs-isisknoten-ccb .jet-button__plane-hover{background-color:rgba(0,0,0,0.55);border-style:solid;border-color:#FECC76;border-width:2px 2px 2px 2px;}<\/style>\t\t\t\t<\/div>\n\t\t\t\t<\/div>\n\t\t\t\t<div class=\"elementor-element elementor-element-iwgs-isisknoten-ccd elementor-widget elementor-widget-text-editor\" data-id=\"iwgs-isisknoten-ccd\" data-element_type=\"widget\" data-e-type=\"widget\" data-widget_type=\"text-editor.default\">\n\t\t\t\t\t\t\t\t\t<p style=\"text-align:center;font-size:13px;opacity:0.7;margin-top:14px\" data-nosnippet=\"true\">Les experi\u00e8ncies personals poden variar. No \u00e9s un producte sanitari. No es garanteix cap curaci\u00f3.<\/p>\t\t\t\t\t\t\t\t<\/div>\n\t\t\t\t\t<\/div>\n\t\t\t\t<\/div>\n\t\t\t\t\t<\/div>\n\t\t\t\t<\/div>\n\t\t<div class=\"elementor-element elementor-element-iwgs-isisknoten-disc e-flex e-con-boxed e-con e-parent\" data-id=\"iwgs-isisknoten-disc\" data-element_type=\"container\" data-e-type=\"container\">\n\t\t\t\t\t<div class=\"e-con-inner\">\n\t\t\t\t<div class=\"elementor-element elementor-element-iwgs-isisknoten-discw elementor-widget elementor-widget-html\" data-id=\"iwgs-isisknoten-discw\" data-element_type=\"widget\" data-e-type=\"widget\" data-widget_type=\"html.default\">\n\t\t\t\t\t<footer data-nosnippet=\"true\" class=\"iwg-disclaimer-block\"><p data-nosnippet=\"true\">iWell Guard <strong>no \u00e9s un producte sanitari<\/strong> i no substitueix cap tractament m\u00e8dic o psicoterap\u00e8utic. Els continguts presentats aqu\u00ed s\u00f3n una contextualitzaci\u00f3 des de la ci\u00e8ncia de les religions i la hist\u00f2ria cultural, no una promesa d'efecte espiritual.<\/p><\/footer>\t\t\t\t<\/div>\n\t\t\t\t\t<\/div>\n\t\t\t\t<\/div>\n\t\t\t\t<\/div>\n\t\t","protected":false},"excerpt":{"rendered":"","protected":false},"author":3,"featured_media":3465,"parent":0,"menu_order":0,"comment_status":"closed","ping_status":"closed","template":"elementor_header_footer","meta":{"_yoast_wpseo_focuskw":"Nus d'Isis","_yoast_wpseo_title":"Nus d'Isis \u2013 l'amulet tit d'Egipte","_yoast_wpseo_metadesc":"El nus d'Isis, l'amulet tit, es trobava sota la protecci\u00f3 de la deessa Isis. Forma, significat i \u00fas explicats de manera entenedora.","_yoast_wpseo_meta-robots-noindex":"","_yoast_wpseo_canonical":"","_angie_page":false,"gefaehrdungsstufe":"","wesen_kultur":"","wesen_klasse":"","footnotes":""},"categories":[],"class_list":["post-171915","page","type-page","status-publish","has-post-thumbnail","hentry"],"yoast_head":"<!-- This site is optimized with the Yoast SEO Premium plugin v27.7 (Yoast SEO v28.3) - https:\/\/yoast.com\/product\/yoast-seo-premium-wordpress\/ -->\n<title>Nus d&#039;Isis \u2013 l&#039;amulet tit d&#039;Egipte<\/title>\n<meta name=\"description\" content=\"El nus d&#039;Isis, l&#039;amulet tit, es trobava sota la protecci\u00f3 de la deessa Isis. Forma, significat i \u00fas explicats de manera entenedora.\" \/>\n<meta name=\"robots\" content=\"index, follow, max-snippet:-1, max-image-preview:large, max-video-preview:-1\" \/>\n<link rel=\"canonical\" href=\"https:\/\/iwell-guard.com\/ca\/nus-disis-amulet-tit-deessa-isis\/\" \/>\n<meta property=\"og:locale\" content=\"ca_ES\" \/>\n<meta property=\"og:type\" content=\"article\" \/>\n<meta property=\"og:title\" content=\"Nus d&#039;Isis \u2013 l&#039;amulet tit de la deessa Isis\" \/>\n<meta property=\"og:description\" content=\"El nus d&#039;Isis, l&#039;amulet tit, es trobava sota la protecci\u00f3 de la deessa Isis. Forma, significat i \u00fas explicats de manera entenedora.\" \/>\n<meta property=\"og:url\" content=\"https:\/\/iwell-guard.com\/ca\/nus-disis-amulet-tit-deessa-isis\/\" \/>\n<meta property=\"og:site_name\" content=\"iWell Guard\" \/>\n<meta property=\"article:modified_time\" content=\"2026-09-05T16:10:32+00:00\" \/>\n<meta property=\"og:image\" content=\"https:\/\/iwell-guard.com\/wp-content\/uploads\/2026\/05\/schutzsymbol_aegypten_isisknoten.webp\" \/>\n\t<meta property=\"og:image:width\" content=\"1024\" \/>\n\t<meta property=\"og:image:height\" content=\"1536\" \/>\n\t<meta property=\"og:image:type\" content=\"image\/webp\" \/>\n<meta name=\"twitter:card\" content=\"summary_large_image\" \/>\n<script type=\"application\/ld+json\" class=\"yoast-schema-graph\">{\"@context\":\"https:\\\/\\\/schema.org\",\"@graph\":[{\"@type\":\"WebPage\",\"@id\":\"https:\\\/\\\/iwell-guard.com\\\/ca\\\/nus-disis-amulet-tit-deessa-isis\\\/\",\"url\":\"https:\\\/\\\/iwell-guard.com\\\/ca\\\/nus-disis-amulet-tit-deessa-isis\\\/\",\"name\":\"Nus d'Isis \u2013 l'amulet tit d'Egipte\",\"isPartOf\":{\"@id\":\"https:\\\/\\\/iwell-guard.com\\\/ca\\\/#website\"},\"primaryImageOfPage\":{\"@id\":\"https:\\\/\\\/iwell-guard.com\\\/ca\\\/nus-disis-amulet-tit-deessa-isis\\\/#primaryimage\"},\"image\":{\"@id\":\"https:\\\/\\\/iwell-guard.com\\\/ca\\\/nus-disis-amulet-tit-deessa-isis\\\/#primaryimage\"},\"thumbnailUrl\":\"https:\\\/\\\/iwell-guard.com\\\/wp-content\\\/uploads\\\/2026\\\/05\\\/schutzsymbol_aegypten_isisknoten.webp\",\"datePublished\":\"2026-09-05T15:43:31+00:00\",\"dateModified\":\"2026-09-05T16:10:32+00:00\",\"description\":\"El nus d'Isis, l'amulet tit, es trobava sota la protecci\u00f3 de la deessa Isis. Forma, significat i \u00fas explicats de manera entenedora.\",\"breadcrumb\":{\"@id\":\"https:\\\/\\\/iwell-guard.com\\\/ca\\\/nus-disis-amulet-tit-deessa-isis\\\/#breadcrumb\"},\"inLanguage\":\"ca\",\"potentialAction\":[{\"@type\":\"ReadAction\",\"target\":[\"https:\\\/\\\/iwell-guard.com\\\/ca\\\/nus-disis-amulet-tit-deessa-isis\\\/\"]}]},{\"@type\":\"ImageObject\",\"inLanguage\":\"ca\",\"@id\":\"https:\\\/\\\/iwell-guard.com\\\/ca\\\/nus-disis-amulet-tit-deessa-isis\\\/#primaryimage\",\"url\":\"https:\\\/\\\/iwell-guard.com\\\/wp-content\\\/uploads\\\/2026\\\/05\\\/schutzsymbol_aegypten_isisknoten.webp\",\"contentUrl\":\"https:\\\/\\\/iwell-guard.com\\\/wp-content\\\/uploads\\\/2026\\\/05\\\/schutzsymbol_aegypten_isisknoten.webp\",\"width\":1024,\"height\":1536,\"caption\":\"S\u00edmbol de protecci\u00f3. Il\u00b7lustraci\u00f3 muse\u00edstica de bodeg\u00f3.\"},{\"@type\":\"BreadcrumbList\",\"@id\":\"https:\\\/\\\/iwell-guard.com\\\/ca\\\/nus-disis-amulet-tit-deessa-isis\\\/#breadcrumb\",\"itemListElement\":[{\"@type\":\"ListItem\",\"position\":1,\"name\":\"Start\",\"item\":\"https:\\\/\\\/iwell-guard.com\\\/ca\\\/?page_id=171333\"},{\"@type\":\"ListItem\",\"position\":2,\"name\":\"Nus d&#8217;Isis \u2013 l&#8217;amulet tit de la deessa Isis\"}]},{\"@type\":\"WebSite\",\"@id\":\"https:\\\/\\\/iwell-guard.com\\\/ca\\\/#website\",\"url\":\"https:\\\/\\\/iwell-guard.com\\\/ca\\\/\",\"name\":\"iWell Guard\",\"description\":\"Schutz vor dunklen Einfl\u00fcssen\",\"publisher\":{\"@id\":\"https:\\\/\\\/iwell-guard.com\\\/ca\\\/#organization\"},\"potentialAction\":[{\"@type\":\"SearchAction\",\"target\":{\"@type\":\"EntryPoint\",\"urlTemplate\":\"https:\\\/\\\/iwell-guard.com\\\/ca\\\/?s={search_term_string}\"},\"query-input\":{\"@type\":\"PropertyValueSpecification\",\"valueRequired\":true,\"valueName\":\"search_term_string\"}}],\"inLanguage\":\"ca\"},{\"@type\":\"Organization\",\"@id\":\"https:\\\/\\\/iwell-guard.com\\\/ca\\\/#organization\",\"name\":\"Ittermann electronic GmbH\",\"url\":\"https:\\\/\\\/iwell-guard.com\\\/ca\\\/\",\"logo\":{\"@type\":\"ImageObject\",\"inLanguage\":\"ca\",\"@id\":\"https:\\\/\\\/iwell-guard.com\\\/ca\\\/#\\\/schema\\\/logo\\\/image\\\/\",\"url\":\"https:\\\/\\\/iwell-guard.com\\\/wp-content\\\/uploads\\\/2026\\\/05\\\/Ittermann-Logo-1182x237-1.png\",\"contentUrl\":\"https:\\\/\\\/iwell-guard.com\\\/wp-content\\\/uploads\\\/2026\\\/05\\\/Ittermann-Logo-1182x237-1.png\",\"width\":1182,\"height\":237,\"caption\":\"Ittermann electronic GmbH\"},\"image\":{\"@id\":\"https:\\\/\\\/iwell-guard.com\\\/ca\\\/#\\\/schema\\\/logo\\\/image\\\/\"},\"sameAs\":[\"https:\\\/\\\/pantip.com\\\/profile\\\/9367242\",\"https:\\\/\\\/micro.blog\\\/iwellguard\",\"https:\\\/\\\/www.diggerslist.com\\\/iwellguard\\\/about\",\"https:\\\/\\\/skitterphoto.com\\\/photographers\\\/2870314\\\/iwell-guard\",\"https:\\\/\\\/iwellguard.wordpress.com\\\/2026\\\/06\\\/06\\\/iwell-guard\\\/\",\"https:\\\/\\\/hub.docker.com\\\/u\\\/iwellguard\",\"https:\\\/\\\/www.pinterest.com\\\/iwellguard\\\/\",\"https:\\\/\\\/bit.ly\\\/m\\\/iwellguard\",\"https:\\\/\\\/entre-vos-mains.alsace.eu\\\/profiles\\\/iwellguard\\\/activity\",\"https:\\\/\\\/gravatar.com\\\/reallybeded8fd34\",\"https:\\\/\\\/naijamatta.com\\\/iwellguard\",\"https:\\\/\\\/www.goodreads.com\\\/iwellguard\",\"https:\\\/\\\/profile.hatena.ne.jp\\\/iwellguard\\\/\",\"https:\\\/\\\/experiment.com\\\/users\\\/iwellguard\",\"https:\\\/\\\/wakelet.com\\\/@iWellGuard82270\",\"https:\\\/\\\/www.chordie.com\\\/forum\\\/profile.php?id=2555664\",\"https:\\\/\\\/www.instapaper.com\\\/p\\\/17757966\",\"https:\\\/\\\/www.mapleprimes.com\\\/users\\\/iwellguard\",\"https:\\\/\\\/businesslistingplus.com\\\/profile\\\/iwell-guard\\\/\",\"https:\\\/\\\/telegra.ph\\\/iWell-Guard-06-06\",\"https:\\\/\\\/pbase.com\\\/iwellguard\\\/iwellguard\",\"https:\\\/\\\/b.hatena.ne.jp\\\/iwellguard\\\/20260607#bookmark-4788405196491818882\",\"https:\\\/\\\/fliphtml5.com\\\/home\\\/iwellguard\",\"https:\\\/\\\/anyflip.com\\\/homepage\\\/cmiwl#About\",\"https:\\\/\\\/transfur.com\\\/Users\\\/iwellguard\",\"http:\\\/\\\/delphi.larsbo.org\\\/user\\\/iwellguard\",\"https:\\\/\\\/jobs.lajobsportal.org\\\/profiles\\\/8380803-iwell-guard\",\"https:\\\/\\\/md.chaosdorf.de\\\/s\\\/jfbe5SBdJD\",\"https:\\\/\\\/www.lingvolive.com\\\/en-us\\\/profile\\\/9ecaeaca-ce11-4e51-9e71-01d55e2bff36\\\/translations\",\"https:\\\/\\\/www.fitday.com\\\/fitness\\\/forums\\\/members\\\/iwellguard.html\",\"https:\\\/\\\/www.mymeetbook.com\\\/iwellguard\",\"https:\\\/\\\/pxhere.com\\\/en\\\/photographer-me\\\/5040798\",\"https:\\\/\\\/disqus.com\\\/by\\\/iwellguard\\\/about\\\/\",\"https:\\\/\\\/pastelink.net\\\/hjwciqwq\",\"https:\\\/\\\/pubhtml5.com\\\/homepage\\\/scjhn\\\/\",\"https:\\\/\\\/www.bitchute.com\\\/channel\\\/2O2eOKzNqujT\",\"https:\\\/\\\/audiomack.com\\\/iwellguard\"]}]}<\/script>\n<!-- \/ Yoast SEO Premium plugin. -->","yoast_head_json":{"title":"Nus d'Isis \u2013 l'amulet tit d'Egipte","description":"El nus d'Isis, l'amulet tit, es trobava sota la protecci\u00f3 de la deessa Isis. Forma, significat i \u00fas explicats de manera entenedora.","robots":{"index":"index","follow":"follow","max-snippet":"max-snippet:-1","max-image-preview":"max-image-preview:large","max-video-preview":"max-video-preview:-1"},"canonical":"https:\/\/iwell-guard.com\/ca\/nus-disis-amulet-tit-deessa-isis\/","og_locale":"ca_ES","og_type":"article","og_title":"Nus d'Isis \u2013 l'amulet tit de la deessa Isis","og_description":"El nus d'Isis, l'amulet tit, es trobava sota la protecci\u00f3 de la deessa Isis. Forma, significat i \u00fas explicats de manera entenedora.","og_url":"https:\/\/iwell-guard.com\/ca\/nus-disis-amulet-tit-deessa-isis\/","og_site_name":"iWell Guard","article_modified_time":"2026-09-05T16:10:32+00:00","og_image":[{"width":1024,"height":1536,"url":"https:\/\/iwell-guard.com\/wp-content\/uploads\/2026\/05\/schutzsymbol_aegypten_isisknoten.webp","type":"image\/webp"}],"twitter_card":"summary_large_image","schema":{"@context":"https:\/\/schema.org","@graph":[{"@type":"WebPage","@id":"https:\/\/iwell-guard.com\/ca\/nus-disis-amulet-tit-deessa-isis\/","url":"https:\/\/iwell-guard.com\/ca\/nus-disis-amulet-tit-deessa-isis\/","name":"Nus d'Isis \u2013 l'amulet tit d'Egipte","isPartOf":{"@id":"https:\/\/iwell-guard.com\/ca\/#website"},"primaryImageOfPage":{"@id":"https:\/\/iwell-guard.com\/ca\/nus-disis-amulet-tit-deessa-isis\/#primaryimage"},"image":{"@id":"https:\/\/iwell-guard.com\/ca\/nus-disis-amulet-tit-deessa-isis\/#primaryimage"},"thumbnailUrl":"https:\/\/iwell-guard.com\/wp-content\/uploads\/2026\/05\/schutzsymbol_aegypten_isisknoten.webp","datePublished":"2026-09-05T15:43:31+00:00","dateModified":"2026-09-05T16:10:32+00:00","description":"El nus d'Isis, l'amulet tit, es trobava sota la protecci\u00f3 de la deessa Isis. Forma, significat i \u00fas explicats de manera entenedora.","breadcrumb":{"@id":"https:\/\/iwell-guard.com\/ca\/nus-disis-amulet-tit-deessa-isis\/#breadcrumb"},"inLanguage":"ca","potentialAction":[{"@type":"ReadAction","target":["https:\/\/iwell-guard.com\/ca\/nus-disis-amulet-tit-deessa-isis\/"]}]},{"@type":"ImageObject","inLanguage":"ca","@id":"https:\/\/iwell-guard.com\/ca\/nus-disis-amulet-tit-deessa-isis\/#primaryimage","url":"https:\/\/iwell-guard.com\/wp-content\/uploads\/2026\/05\/schutzsymbol_aegypten_isisknoten.webp","contentUrl":"https:\/\/iwell-guard.com\/wp-content\/uploads\/2026\/05\/schutzsymbol_aegypten_isisknoten.webp","width":1024,"height":1536,"caption":"S\u00edmbol de protecci\u00f3. Il\u00b7lustraci\u00f3 muse\u00edstica de bodeg\u00f3."},{"@type":"BreadcrumbList","@id":"https:\/\/iwell-guard.com\/ca\/nus-disis-amulet-tit-deessa-isis\/#breadcrumb","itemListElement":[{"@type":"ListItem","position":1,"name":"Start","item":"https:\/\/iwell-guard.com\/ca\/?page_id=171333"},{"@type":"ListItem","position":2,"name":"Nus d&#8217;Isis \u2013 l&#8217;amulet tit de la deessa Isis"}]},{"@type":"WebSite","@id":"https:\/\/iwell-guard.com\/ca\/#website","url":"https:\/\/iwell-guard.com\/ca\/","name":"iWell Guard","description":"Schutz vor dunklen Einfl\u00fcssen","publisher":{"@id":"https:\/\/iwell-guard.com\/ca\/#organization"},"potentialAction":[{"@type":"SearchAction","target":{"@type":"EntryPoint","urlTemplate":"https:\/\/iwell-guard.com\/ca\/?s={search_term_string}"},"query-input":{"@type":"PropertyValueSpecification","valueRequired":true,"valueName":"search_term_string"}}],"inLanguage":"ca"},{"@type":"Organization","@id":"https:\/\/iwell-guard.com\/ca\/#organization","name":"Ittermann electronic GmbH","url":"https:\/\/iwell-guard.com\/ca\/","logo":{"@type":"ImageObject","inLanguage":"ca","@id":"https:\/\/iwell-guard.com\/ca\/#\/schema\/logo\/image\/","url":"https:\/\/iwell-guard.com\/wp-content\/uploads\/2026\/05\/Ittermann-Logo-1182x237-1.png","contentUrl":"https:\/\/iwell-guard.com\/wp-content\/uploads\/2026\/05\/Ittermann-Logo-1182x237-1.png","width":1182,"height":237,"caption":"Ittermann electronic GmbH"},"image":{"@id":"https:\/\/iwell-guard.com\/ca\/#\/schema\/logo\/image\/"},"sameAs":["https:\/\/pantip.com\/profile\/9367242","https:\/\/micro.blog\/iwellguard","https:\/\/www.diggerslist.com\/iwellguard\/about","https:\/\/skitterphoto.com\/photographers\/2870314\/iwell-guard","https:\/\/iwellguard.wordpress.com\/2026\/06\/06\/iwell-guard\/","https:\/\/hub.docker.com\/u\/iwellguard","https:\/\/www.pinterest.com\/iwellguard\/","https:\/\/bit.ly\/m\/iwellguard","https:\/\/entre-vos-mains.alsace.eu\/profiles\/iwellguard\/activity","https:\/\/gravatar.com\/reallybeded8fd34","https:\/\/naijamatta.com\/iwellguard","https:\/\/www.goodreads.com\/iwellguard","https:\/\/profile.hatena.ne.jp\/iwellguard\/","https:\/\/experiment.com\/users\/iwellguard","https:\/\/wakelet.com\/@iWellGuard82270","https:\/\/www.chordie.com\/forum\/profile.php?id=2555664","https:\/\/www.instapaper.com\/p\/17757966","https:\/\/www.mapleprimes.com\/users\/iwellguard","https:\/\/businesslistingplus.com\/profile\/iwell-guard\/","https:\/\/telegra.ph\/iWell-Guard-06-06","https:\/\/pbase.com\/iwellguard\/iwellguard","https:\/\/b.hatena.ne.jp\/iwellguard\/20260607#bookmark-4788405196491818882","https:\/\/fliphtml5.com\/home\/iwellguard","https:\/\/anyflip.com\/homepage\/cmiwl#About","https:\/\/transfur.com\/Users\/iwellguard","http:\/\/delphi.larsbo.org\/user\/iwellguard","https:\/\/jobs.lajobsportal.org\/profiles\/8380803-iwell-guard","https:\/\/md.chaosdorf.de\/s\/jfbe5SBdJD","https:\/\/www.lingvolive.com\/en-us\/profile\/9ecaeaca-ce11-4e51-9e71-01d55e2bff36\/translations","https:\/\/www.fitday.com\/fitness\/forums\/members\/iwellguard.html","https:\/\/www.mymeetbook.com\/iwellguard","https:\/\/pxhere.com\/en\/photographer-me\/5040798","https:\/\/disqus.com\/by\/iwellguard\/about\/","https:\/\/pastelink.net\/hjwciqwq","https:\/\/pubhtml5.com\/homepage\/scjhn\/","https:\/\/www.bitchute.com\/channel\/2O2eOKzNqujT","https:\/\/audiomack.com\/iwellguard"]}]}},"_links":{"self":[{"href":"https:\/\/iwell-guard.com\/ca\/wp-json\/wp\/v2\/pages\/171915","targetHints":{"allow":["GET"]}}],"collection":[{"href":"https:\/\/iwell-guard.com\/ca\/wp-json\/wp\/v2\/pages"}],"about":[{"href":"https:\/\/iwell-guard.com\/ca\/wp-json\/wp\/v2\/types\/page"}],"author":[{"embeddable":true,"href":"https:\/\/iwell-guard.com\/ca\/wp-json\/wp\/v2\/users\/3"}],"replies":[{"embeddable":true,"href":"https:\/\/iwell-guard.com\/ca\/wp-json\/wp\/v2\/comments?post=171915"}],"version-history":[{"count":0,"href":"https:\/\/iwell-guard.com\/ca\/wp-json\/wp\/v2\/pages\/171915\/revisions"}],"wp:featuredmedia":[{"embeddable":true,"href":"https:\/\/iwell-guard.com\/ca\/wp-json\/wp\/v2\/media\/3465"}],"wp:attachment":[{"href":"https:\/\/iwell-guard.com\/ca\/wp-json\/wp\/v2\/media?parent=171915"}],"wp:term":[{"taxonomy":"category","embeddable":true,"href":"https:\/\/iwell-guard.com\/ca\/wp-json\/wp\/v2\/categories?post=171915"}],"curies":[{"name":"wp","href":"https:\/\/api.w.org\/{rel}","templated":true}]}}