{"id":171912,"date":"2026-09-05T15:43:30","date_gmt":"2026-09-05T15:43:30","guid":{"rendered":"https:\/\/iwell-guard.com\/?page_id=171912"},"modified":"2026-09-05T16:10:27","modified_gmt":"2026-09-05T16:10:27","slug":"chakana-la-creu-andina","status":"publish","type":"page","link":"https:\/\/iwell-guard.com\/ca\/chakana-la-creu-andina\/","title":{"rendered":"Chakana: la creu andina"},"content":{"rendered":"\t\t<div data-elementor-type=\"wp-page\" data-elementor-id=\"171912\" class=\"elementor elementor-171912 elementor-3650 elementor-bc-flex-widget\" data-elementor-post-type=\"page\">\n\t\t\t\t<div class=\"elementor-element elementor-element-iwgs-chakana-hero e-flex e-con-boxed e-con e-parent\" data-id=\"iwgs-chakana-hero\" data-element_type=\"container\" data-e-type=\"container\">\n\t\t\t\t\t<div class=\"e-con-inner\">\n\t\t<div class=\"elementor-element elementor-element-iwgs-chakana-hl e-flex e-con-boxed e-con e-parent\" data-id=\"iwgs-chakana-hl\" data-element_type=\"container\" data-e-type=\"container\">\n\t\t\t\t\t<div class=\"e-con-inner\">\n\t\t<div class=\"elementor-element elementor-element-iwgs-chakana-hlbox e-con-full e-flex e-con e-parent\" data-id=\"iwgs-chakana-hlbox\" data-element_type=\"container\" data-e-type=\"container\">\n\t\t\t\t<div class=\"elementor-element elementor-element-iwgs-chakana-h1 elementor-widget elementor-widget-heading\" data-id=\"iwgs-chakana-h1\" data-element_type=\"widget\" data-e-type=\"widget\" data-widget_type=\"heading.default\">\n\t\t\t\t\t<h1 class=\"elementor-heading-title elementor-size-default\">La Chakana: la creu escalonada<\/h1>\t\t\t\t<\/div>\n\t\t\t\t<div class=\"elementor-element elementor-element-iwgs-chakana-lead elementor-widget elementor-widget-text-editor\" data-id=\"iwgs-chakana-lead\" data-element_type=\"widget\" data-e-type=\"widget\" data-widget_type=\"text-editor.default\">\n\t\t\t\t\t\t\t\t\t<p>La Chakana \u00e9s la creu escalonada, un signe propi de l&#8217;\u00e0mbit cultural dels Andes. La creu esglaonada t\u00e9 arrels antigues en l&#8217;art and\u00ed, per\u00f2 la seva interpretaci\u00f3 actual, tan elaborada, prov\u00e9 en gran part d&#8217;una \u00e8poca molt m\u00e9s recent.<\/p>\t\t\t\t\t\t\t\t<\/div>\n\t\t\t\t<\/div>\n\t\t\t\t<div class=\"elementor-element elementor-element-iwgs-chakana-pills elementor-widget elementor-widget-html\" data-id=\"iwgs-chakana-pills\" data-element_type=\"widget\" data-e-type=\"widget\" data-widget_type=\"html.default\">\n\t\t\t\t\t<div class=\"iwg-pill-row\"><span class=\"iwg-klasse-badge\" tabindex=\"0\" data-tooltip=\"S\u00edmbol protector, amulet o objecte apotropaic.\">S\u00edmbol protector<\/span><a href=\"https:\/\/iwell-guard.com\/ca\/cultures-andines-i-inques-inti-pachamama-viracocha\/\" class=\"iwg-kultur-badge\" tabindex=\"0\" data-tooltip=\"Tradici\u00f3 protectora: Andes\">Andes<\/a><span class=\"iwg-tradition-badge\" tabindex=\"0\" data-tooltip=\"Una creu amb el peu recolzat sobre un s\u00f2col esglaonat.\">Creu esglaonada<\/span><\/div>\t\t\t\t<\/div>\n\t\t\t\t\t<\/div>\n\t\t\t\t<\/div>\n\t\t<div class=\"elementor-element elementor-element-iwgs-chakana-hr e-con-full e-flex e-con e-parent\" data-id=\"iwgs-chakana-hr\" data-element_type=\"container\" data-e-type=\"container\">\n\t\t\t\t<div class=\"elementor-element elementor-element-iwgs-chakana-himg iwg-hero-image elementor-widget elementor-widget-image\" data-id=\"iwgs-chakana-himg\" data-element_type=\"widget\" data-e-type=\"widget\" data-widget_type=\"image.default\">\n\t\t\t\t\t\t\t\t\t\t\t\t\t\t\t<img fetchpriority=\"high\" decoding=\"async\" width=\"683\" height=\"1024\" src=\"https:\/\/iwell-guard.com\/wp-content\/uploads\/2026\/05\/schutzsymbol_anden_chakana-683x1024.webp\" class=\"attachment-large size-large wp-image-173247\" alt=\"Chakana - s\u00edmbol protector, il\u00b7lustraci\u00f3 de museu\" srcset=\"https:\/\/iwell-guard.com\/wp-content\/uploads\/2026\/05\/schutzsymbol_anden_chakana-683x1024.webp 683w, https:\/\/iwell-guard.com\/wp-content\/uploads\/2026\/05\/schutzsymbol_anden_chakana-200x300.webp 200w, https:\/\/iwell-guard.com\/wp-content\/uploads\/2026\/05\/schutzsymbol_anden_chakana-768x1152.webp 768w, https:\/\/iwell-guard.com\/wp-content\/uploads\/2026\/05\/schutzsymbol_anden_chakana.webp 1024w\" sizes=\"(max-width: 683px) 100vw, 683px\" \/>\t\t\t\t\t\t\t\t\t\t\t\t\t\t\t<\/div>\n\t\t\t\t<\/div>\n\t\t\t\t\t<\/div>\n\t\t\t\t<\/div>\n\t\t<div class=\"elementor-element elementor-element-iwgs-chakana-s0 e-flex e-con-boxed e-con e-parent\" data-id=\"iwgs-chakana-s0\" data-element_type=\"container\" data-e-type=\"container\">\n\t\t\t\t\t<div class=\"e-con-inner\">\n\t\t\t\t<div class=\"elementor-element elementor-element-iwgs-chakana-s0h elementor-widget elementor-widget-heading\" data-id=\"iwgs-chakana-s0h\" data-element_type=\"widget\" data-e-type=\"widget\" data-widget_type=\"heading.default\">\n\t\t\t\t\t<h2 class=\"elementor-heading-title elementor-size-default\">Introducci\u00f3<\/h2>\t\t\t\t<\/div>\n\t\t<div class=\"elementor-element elementor-element-iwgs-chakana-s0box e-con-full e-flex e-con e-parent\" data-id=\"iwgs-chakana-s0box\" data-element_type=\"container\" data-e-type=\"container\">\n\t\t\t\t<div class=\"elementor-element elementor-element-iwgs-chakana-s0t elementor-widget elementor-widget-text-editor\" data-id=\"iwgs-chakana-s0t\" data-element_type=\"widget\" data-e-type=\"widget\" data-widget_type=\"text-editor.default\">\n\t\t\t\t\t\t\t\t\t<p>La Chakana \u00e9s un signe propi de l&#8217;\u00e0mbit cultural dels <a href=\"https:\/\/iwell-guard.com\/ca\/cultures-andines-i-inques-inti-pachamama-viracocha\/\">Andes<\/a>. Sovint es coneix com a creu andina o creu inca. La seva forma \u00e9s una creu esglaonada, amb nombrosos angles.<\/p><p>La creu esglaonada \u00e9s un antic <span class=\"iwg-fachbegriff\" data-tooltip=\"Un element de contingut recurrent en l'art o en la narraci\u00f3.\" tabindex=\"0\">motiu<\/span> de l&#8217;art and\u00ed. Apareix en l&#8217;arquitectura, en els teixits i en la cer\u00e0mica de les cultures andines durant un llarg per\u00edode de temps. En aquest sentit, la Chakana t\u00e9 arrels veritablement antigues.<\/p><p>Alhora, la Chakana actual va associada a una interpretaci\u00f3 extensa i complexa. Aquesta interpretaci\u00f3 relaciona el signe amb la cosmovisi\u00f3 andina, amb els tres mons i amb les quatre direccions.<\/p><p>En la investigaci\u00f3, la Chakana \u00e9s un cas que requereix una distinci\u00f3 acurada. La creu esglaonada com a motiu iconogr\u00e0fic \u00e9s antiga. La interpretaci\u00f3 sistem\u00e0tica que avui s&#8217;associa al nom de Chakana, en canvi, \u00e9s en gran part una elaboraci\u00f3 moderna.<\/p><p>Una presentaci\u00f3 honesta mant\u00e9 separats aquests dos aspectes. Reconeix l&#8217;antiga creu esglaonada de l&#8217;art and\u00ed i, al mateix temps, assenyala que la interpretaci\u00f3 elaborada de la Chakana pertany essencialment al segle XX.<\/p><p>Aix\u00ed, la Chakana esdev\u00e9 un exemple instructiu. Mostra com un antic motiu iconogr\u00e0fic pot rebre avui un significat ric, i com \u00e9s important distingir l&#8217;antic <span class=\"iwg-fachbegriff\" data-tooltip=\"Un element de contingut recurrent en l'art o en la narraci\u00f3.\" tabindex=\"0\">motiu<\/span> de la nova interpretaci\u00f3.<\/p>\t\t\t\t\t\t\t\t<\/div>\n\t\t\t\t<\/div>\n\t\t\t\t\t<\/div>\n\t\t\t\t<\/div>\n\t\t<div class=\"elementor-element elementor-element-iwgs-chakana-s1 e-flex e-con-boxed e-con e-parent\" data-id=\"iwgs-chakana-s1\" data-element_type=\"container\" data-e-type=\"container\">\n\t\t\t\t\t<div class=\"e-con-inner\">\n\t\t\t\t<div class=\"elementor-element elementor-element-iwgs-chakana-s1h elementor-widget elementor-widget-heading\" data-id=\"iwgs-chakana-s1h\" data-element_type=\"widget\" data-e-type=\"widget\" data-widget_type=\"heading.default\">\n\t\t\t\t\t<h2 class=\"elementor-heading-title elementor-size-default\">La forma de la creu esglaonada<\/h2>\t\t\t\t<\/div>\n\t\t<div class=\"elementor-element elementor-element-iwgs-chakana-s1box e-con-full e-flex e-con e-parent\" data-id=\"iwgs-chakana-s1box\" data-element_type=\"container\" data-e-type=\"container\">\n\t\t\t\t<div class=\"elementor-element elementor-element-iwgs-chakana-s1t elementor-widget elementor-widget-text-editor\" data-id=\"iwgs-chakana-s1t\" data-element_type=\"widget\" data-e-type=\"widget\" data-widget_type=\"text-editor.default\">\n\t\t\t\t\t\t\t\t\t<p>La Chakana t\u00e9 una forma inconfusible. \u00c9s una creu els bra\u00e7os de la qual no acaben rectes, sin\u00f3 que estan articulats en esglaons. Cada bra\u00e7 acaba en un esglaonament en forma d&#8217;escala.<\/p><p>En conjunt, aix\u00f2 dona lloc a una figura amb nombrosos angles i una geometria estricta. La Chakana t\u00e9 una estructura sim\u00e8trica, ja que els quatre bra\u00e7os tenen la mateixa forma. Al centre, el signe sovint porta una obertura o un cercle.<\/p><p>El motiu esglaonat \u00e9s el tret distintiu pr\u00f2piament dit de la Chakana. \u00c9s una forma que estava molt estesa en l&#8217;art and\u00ed. L&#8217;escala o l&#8217;esgla\u00f3 \u00e9s un motiu b\u00e0sic del repertori formal and\u00ed.<\/p><p>La geometria estricta i clara de la Chakana la fa f\u00e0cilment reconeixible. Es pot executar b\u00e9 en pedra, en teixit i en metall. Aquesta claredat formal ha contribu\u00eft a la seva popularitat actual.<\/p><p>La forma esglaonada convida a interpretacions. Els esglaons es poden entendre com a pujada i baixada, com a connexi\u00f3 entre diferents nivells. Sobre aquestes consideracions es basa la interpretaci\u00f3 actual de la Chakana.<\/p><p>Malgrat tota la claredat de la forma, cal tenir en compte que la forma sola encara no determina un significat concret. Qu\u00e8 significava la creu esglaonada en l&#8217;antic art and\u00ed no es pot deduir nom\u00e9s de la seva forma.<\/p>\t\t\t\t\t\t\t\t<\/div>\n\t\t\t\t<\/div>\n\t\t\t\t\t<\/div>\n\t\t\t\t<\/div>\n\t\t<div class=\"elementor-element elementor-element-iwgs-chakana-s2 e-flex e-con-boxed e-con e-parent\" data-id=\"iwgs-chakana-s2\" data-element_type=\"container\" data-e-type=\"container\">\n\t\t\t\t\t<div class=\"e-con-inner\">\n\t\t\t\t<div class=\"elementor-element elementor-element-iwgs-chakana-s2h elementor-widget elementor-widget-heading\" data-id=\"iwgs-chakana-s2h\" data-element_type=\"widget\" data-e-type=\"widget\" data-widget_type=\"heading.default\">\n\t\t\t\t\t<h2 class=\"elementor-heading-title elementor-size-default\">La creu esglaonada en l'antic art and\u00ed<\/h2>\t\t\t\t<\/div>\n\t\t<div class=\"elementor-element elementor-element-iwgs-chakana-s2box e-con-full e-flex e-con e-parent\" data-id=\"iwgs-chakana-s2box\" data-element_type=\"container\" data-e-type=\"container\">\n\t\t\t\t<div class=\"elementor-element elementor-element-iwgs-chakana-s2t elementor-widget elementor-widget-text-editor\" data-id=\"iwgs-chakana-s2t\" data-element_type=\"widget\" data-e-type=\"widget\" data-widget_type=\"text-editor.default\">\n\t\t\t\t\t\t\t\t\t<p>El <span class=\"iwg-fachbegriff\" data-tooltip=\"Un element de contingut recurrent en l'art o en la narraci\u00f3.\" tabindex=\"0\">motiu<\/span> esglaonat t\u00e9 una llarga hist\u00f2ria en l&#8217;art and\u00ed. Es pot documentar al llarg de molts segles i en diverses cultures de l&#8217;\u00e0mbit and\u00ed.<\/p><p>El motiu esglaonat \u00e9s especialment conegut a la cultura de Tiwanaku, un centre important de l&#8217;altipl\u00e0 vora el llac Titicaca. En l&#8217;art l\u00edtic de Tiwanaku, el <span class=\"iwg-fachbegriff\" data-tooltip=\"Un element de contingut recurrent en l'art o en la narraci\u00f3.\" tabindex=\"0\">motiu<\/span> esglaonat apareix sovint.<\/p><p>Tamb\u00e9 en l&#8217;arquitectura inca l&#8217;esgla\u00f3 t\u00e9 un paper important. Els c\u00e8lebres murs de pedra i els complexos aterrassats dels inques mostren el motiu esglaonat. Forma part del repertori b\u00e0sic del llenguatge formal and\u00ed.<\/p><p>En els teixits de les cultures andines, entre els m\u00e9s refinats del m\u00f3n, el <span class=\"iwg-fachbegriff\" data-tooltip=\"Un element de contingut recurrent en l'art o en la narraci\u00f3.\" tabindex=\"0\">motiu<\/span> esglaonat tamb\u00e9 \u00e9s freq\u00fcent. Les teixidores i els teixidors de l&#8217;\u00e0mbit and\u00ed feien servir motius geom\u00e8trics, entre ells el motiu esglaonat.<\/p><p>La creu esglaonada est\u00e0, doncs, ben documentada com a motiu iconogr\u00e0fic en l&#8217;antic art and\u00ed. No \u00e9s una invenci\u00f3 moderna, sin\u00f3 un element veritable del repertori formal and\u00ed.<\/p><p>Ara b\u00e9, qu\u00e8 significaven exactament aquestes antigues creus esglaonades per a la gent d&#8217;aquella \u00e8poca no est\u00e0 tan ben establert. Les cultures andines no coneixien l&#8217;escriptura en el sentit habitual, i per aix\u00f2 falten textos que expliquin el <span class=\"iwg-fachbegriff\" data-tooltip=\"Un element de contingut recurrent en l'art o en la narraci\u00f3.\" tabindex=\"0\">motiu<\/span>.<\/p>\t\t\t\t\t\t\t\t<\/div>\n\t\t\t\t<\/div>\n\t\t\t\t\t<\/div>\n\t\t\t\t<\/div>\n\t\t<div class=\"elementor-element elementor-element-iwgs-chakana-s3 e-flex e-con-boxed e-con e-parent\" data-id=\"iwgs-chakana-s3\" data-element_type=\"container\" data-e-type=\"container\">\n\t\t\t\t\t<div class=\"e-con-inner\">\n\t\t\t\t<div class=\"elementor-element elementor-element-iwgs-chakana-s3h elementor-widget elementor-widget-heading\" data-id=\"iwgs-chakana-s3h\" data-element_type=\"widget\" data-e-type=\"widget\" data-widget_type=\"heading.default\">\n\t\t\t\t\t<h2 class=\"elementor-heading-title elementor-size-default\">Els tres mons<\/h2>\t\t\t\t<\/div>\n\t\t<div class=\"elementor-element elementor-element-iwgs-chakana-s3box e-con-full e-flex e-con e-parent\" data-id=\"iwgs-chakana-s3box\" data-element_type=\"container\" data-e-type=\"container\">\n\t\t\t\t<div class=\"elementor-element elementor-element-iwgs-chakana-s3t elementor-widget elementor-widget-text-editor\" data-id=\"iwgs-chakana-s3t\" data-element_type=\"widget\" data-e-type=\"widget\" data-widget_type=\"text-editor.default\">\n\t\t\t\t\t\t\t\t\t<p>La interpretaci\u00f3 actual de la Chakana relaciona el signe amb la cosmovisi\u00f3 andina. Un component important d&#8217;aquesta cosmovisi\u00f3 \u00e9s la idea de tres mons o tres \u00e0mbits de l&#8217;exist\u00e8ncia.<\/p><p>Aquests tres \u00e0mbits es designen en llengua qu\u00edtxua. Hi ha el m\u00f3n de dalt, relacionat amb el cel. Hi ha el m\u00f3n del mig, on viuen les persones. I hi ha el m\u00f3n de sota, relacionat amb l&#8217;interior de la terra.<\/p><p>Aquesta tripartici\u00f3 del cosmos est\u00e0 efectivament documentada en el pensament and\u00ed. La idea d&#8217;un m\u00f3n superior, un m\u00f3n mitj\u00e0 i un m\u00f3n inferior forma part de la cosmovisi\u00f3 transmesa per les cultures andines.<\/p><p>En la interpretaci\u00f3 moderna de la Chakana, els esglaons de la creu es relacionen amb aquests tres mons. La creu esglaonada apareix llavors com una imatge del cosmos tripartit i de la connexi\u00f3 entre els seus nivells.<\/p><p>Aquesta relaci\u00f3 entre la creu esglaonada i la doctrina dels tres mons \u00e9s coherent i t\u00e9 sentit. Els esglaons es poden llegir b\u00e9 com a pujada i baixada entre els mons.<\/p><p>Cal saber, per\u00f2, que aquesta relaci\u00f3 \u00e9s una interpretaci\u00f3. Que les antigues cultures andines entenguessin la creu esglaonada exactament d&#8217;aquesta manera no est\u00e0 documentat per fonts antigues, sin\u00f3 que es dedueix.<\/p>\t\t\t\t\t\t\t\t<\/div>\n\t\t\t\t<\/div>\n\t\t\t\t\t<\/div>\n\t\t\t\t<\/div>\n\t\t<div class=\"elementor-element elementor-element-iwgs-chakana-s4 e-flex e-con-boxed e-con e-parent\" data-id=\"iwgs-chakana-s4\" data-element_type=\"container\" data-e-type=\"container\">\n\t\t\t\t\t<div class=\"e-con-inner\">\n\t\t\t\t<div class=\"elementor-element elementor-element-iwgs-chakana-s4h elementor-widget elementor-widget-heading\" data-id=\"iwgs-chakana-s4h\" data-element_type=\"widget\" data-e-type=\"widget\" data-widget_type=\"heading.default\">\n\t\t\t\t\t<h2 class=\"elementor-heading-title elementor-size-default\">Les quatre direccions i la creu del sud<\/h2>\t\t\t\t<\/div>\n\t\t<div class=\"elementor-element elementor-element-iwgs-chakana-s4box e-con-full e-flex e-con e-parent\" data-id=\"iwgs-chakana-s4box\" data-element_type=\"container\" data-e-type=\"container\">\n\t\t\t\t<div class=\"elementor-element elementor-element-iwgs-chakana-s4t elementor-widget elementor-widget-text-editor\" data-id=\"iwgs-chakana-s4t\" data-element_type=\"widget\" data-e-type=\"widget\" data-widget_type=\"text-editor.default\">\n\t\t\t\t\t\t\t\t\t<p>A m\u00e9s de les tres esferes, la interpretaci\u00f3 actual tamb\u00e9 relaciona la chakana amb els quatre punts cardinals. La creu amb els seus quatre bra\u00e7os iguals es pot llegir f\u00e0cilment com a signe de les quatre direccions.<\/p><p>Aquesta interpretaci\u00f3 concorda amb un tret fonamental de l&#8217;Imperi inca. L&#8217;imperi estava dividit en quatre grans parts, i el seu nom expressava aquesta divisi\u00f3 quadripartida. El n\u00famero quatre tenia una posici\u00f3 important en el pensament and\u00ed.<\/p><p>Una altra l\u00ednia d&#8217;interpretaci\u00f3 relaciona la chakana amb una constel\u00b7laci\u00f3, la Creu del Sud. Aquesta constel\u00b7laci\u00f3 \u00e9s ben visible al cel de l&#8217;hemisferi sud i tenia import\u00e0ncia per a les cultures andines.<\/p><p>El nom chakana es relaciona amb un mot qu\u00edtxua vinculat al fet de travessar, unir i fer de pont. En aquesta interpretaci\u00f3, la chakana \u00e9s un signe d&#8217;uni\u00f3, un pont entre \u00e0mbits.<\/p><p>Aquestes interpretacions, la quadripartici\u00f3, la constel\u00b7laci\u00f3 i la idea del pont, formen conjuntament una imatge rica. La chakana apareix llavors com un signe que abasta el cosmos, les seves direccions i els seus nivells.<\/p><p>Tamb\u00e9 aqu\u00ed, per\u00f2, cal la deguda prud\u00e8ncia. Aquestes interpretacions s\u00f3n raonades i coherents en si mateixes, per\u00f2 en gran part s\u00f3n elaboracions modernes. Fins a quin punt es remunten a un saber and\u00ed antic \u00e9s dif\u00edcil de determinar en cada cas.<\/p>\t\t\t\t\t\t\t\t<\/div>\n\t\t\t\t<\/div>\n\t\t\t\t\t<\/div>\n\t\t\t\t<\/div>\n\t\t<div class=\"elementor-element elementor-element-iwgs-chakana-s5 e-flex e-con-boxed e-con e-parent\" data-id=\"iwgs-chakana-s5\" data-element_type=\"container\" data-e-type=\"container\">\n\t\t\t\t\t<div class=\"e-con-inner\">\n\t\t\t\t<div class=\"elementor-element elementor-element-iwgs-chakana-s5h elementor-widget elementor-widget-heading\" data-id=\"iwgs-chakana-s5h\" data-element_type=\"widget\" data-e-type=\"widget\" data-widget_type=\"heading.default\">\n\t\t\t\t\t<h2 class=\"elementor-heading-title elementor-size-default\">El nom i el seu significat<\/h2>\t\t\t\t<\/div>\n\t\t<div class=\"elementor-element elementor-element-iwgs-chakana-s5box e-con-full e-flex e-con e-parent\" data-id=\"iwgs-chakana-s5box\" data-element_type=\"container\" data-e-type=\"container\">\n\t\t\t\t<div class=\"elementor-element elementor-element-iwgs-chakana-s5t elementor-widget elementor-widget-text-editor\" data-id=\"iwgs-chakana-s5t\" data-element_type=\"widget\" data-e-type=\"widget\" data-widget_type=\"text-editor.default\">\n\t\t\t\t\t\t\t\t\t<p>El nom chakana prov\u00e9 del qu\u00edtxua, la llengua que es parlava a l&#8217;Imperi inca i que encara avui es parla a la regi\u00f3 andina. El nom es relaciona amb una arrel que designa el fet de travessar i d&#8217;unir.<\/p><p>D&#8217;aquesta connexi\u00f3 ling\u00fc\u00edstica sorgeix la interpretaci\u00f3 de la chakana com a pont o com a signe unificador. La chakana seria, doncs, all\u00f2 que uneix \u00e0mbits entre si, com les tres esferes del cosmos and\u00ed.<\/p><p>Aquesta interpretaci\u00f3 \u00e9s entenedora i s&#8217;adiu b\u00e9 amb la forma esglaonada, que es pot llegir com un ascens i un descens. \u00c9s una part important del significat actual de la chakana.<\/p><p>Tanmateix, no \u00e9s segur que l&#8217;antiga creu esglaonada de l&#8217;art and\u00ed ja port\u00e9s aquest nom o que ja es conceb\u00e9s exactament d&#8217;aquesta manera com a pont. El nom i la interpretaci\u00f3 podrien haver-se unit m\u00e9s tard.<\/p><p>Aquesta incertesa \u00e9s caracter\u00edstica de la chakana. Forma, nom i interpretaci\u00f3 es poden combinar avui en una imatge tancada, per\u00f2 si aquesta imatge \u00e9s antiga en aquesta coher\u00e8ncia \u00e9s una q\u00fcesti\u00f3 oberta.<\/p><p>Una presentaci\u00f3 honesta ha d&#8217;indicar aquesta obertura. Ha de mostrar la interpretaci\u00f3, per\u00f2 assenyalant-la com a interpretaci\u00f3 i no com a saber antic ja provat.<\/p>\t\t\t\t\t\t\t\t<\/div>\n\t\t\t\t<\/div>\n\t\t\t\t\t<\/div>\n\t\t\t\t<\/div>\n\t\t<div class=\"elementor-element elementor-element-iwgs-chakana-s6 e-flex e-con-boxed e-con e-parent\" data-id=\"iwgs-chakana-s6\" data-element_type=\"container\" data-e-type=\"container\">\n\t\t\t\t\t<div class=\"e-con-inner\">\n\t\t\t\t<div class=\"elementor-element elementor-element-iwgs-chakana-s6h elementor-widget elementor-widget-heading\" data-id=\"iwgs-chakana-s6h\" data-element_type=\"widget\" data-e-type=\"widget\" data-widget_type=\"heading.default\">\n\t\t\t\t\t<h2 class=\"elementor-heading-title elementor-size-default\">La q\u00fcesti\u00f3 de l'antiguitat<\/h2>\t\t\t\t<\/div>\n\t\t<div class=\"elementor-element elementor-element-iwgs-chakana-s6box e-con-full e-flex e-con e-parent\" data-id=\"iwgs-chakana-s6box\" data-element_type=\"container\" data-e-type=\"container\">\n\t\t\t\t<div class=\"elementor-element elementor-element-iwgs-chakana-s6t elementor-widget elementor-widget-text-editor\" data-id=\"iwgs-chakana-s6t\" data-element_type=\"widget\" data-e-type=\"widget\" data-widget_type=\"text-editor.default\">\n\t\t\t\t\t\t\t\t\t<p>En el cas de la chakana, la q\u00fcesti\u00f3 de l&#8217;antiguitat \u00e9s especialment important. En la imatge actual, la chakana sovint es considera un <span class=\"iwg-fachbegriff\" data-tooltip=\"Un signe que representa una idea o significat.\" tabindex=\"0\">s\u00edmbol<\/span> antiqu\u00edssim, plenament elaborat pels inques o pels seus predecessors. Aquesta idea requereix un examen acurat.<\/p><p>\u00c9s cert que el motiu de la creu esglaonada \u00e9s antic i est\u00e0 ben documentat en l&#8217;art and\u00ed. L&#8217;esgla\u00f3 i la creu esglaonada formen part del repertori formal antic i aut\u00e8ntic de les cultures andines.<\/p><p>Ara b\u00e9, la interpretaci\u00f3 elaborada de la chakana, que relaciona el signe amb les tres esferes, els quatre punts cardinals, la constel\u00b7laci\u00f3 i la idea del pont, \u00e9s en gran part una elaboraci\u00f3 del segle XX.<\/p><p>Investigadors i autors de temps m\u00e9s recents van recuperar l&#8217;antic motiu esglaonat i li van donar un significat sistem\u00e0tic i coherent. Es van basar en la cosmovisi\u00f3 andina transmesa, en observacions i en reflexions pr\u00f2pies.<\/p><p>La chakana actual \u00e9s, doncs, el resultat d&#8217;una combinaci\u00f3. Un motiu iconogr\u00e0fic antic i aut\u00e8ntic es va unir a una interpretaci\u00f3 moderna i raonada. Totes dues coses formen part de la chakana tal com s&#8217;ent\u00e9n avui.<\/p><p>Aquesta constataci\u00f3 no menyst\u00e9 la chakana. Nom\u00e9s la situa correctament. La chakana \u00e9s un signe amb arrels antigues i una interpretaci\u00f3 moderna, i una presentaci\u00f3 acurada ha d&#8217;assenyalar clarament totes dues cares.<\/p>\t\t\t\t\t\t\t\t<\/div>\n\t\t\t\t<\/div>\n\t\t\t\t\t<\/div>\n\t\t\t\t<\/div>\n\t\t<div class=\"elementor-element elementor-element-iwgs-chakana-s7 e-flex e-con-boxed e-con e-parent\" data-id=\"iwgs-chakana-s7\" data-element_type=\"container\" data-e-type=\"container\">\n\t\t\t\t\t<div class=\"e-con-inner\">\n\t\t\t\t<div class=\"elementor-element elementor-element-iwgs-chakana-s7h elementor-widget elementor-widget-heading\" data-id=\"iwgs-chakana-s7h\" data-element_type=\"widget\" data-e-type=\"widget\" data-widget_type=\"heading.default\">\n\t\t\t\t\t<h2 class=\"elementor-heading-title elementor-size-default\">Protecci\u00f3 i ordre<\/h2>\t\t\t\t<\/div>\n\t\t<div class=\"elementor-element elementor-element-iwgs-chakana-s7box e-con-full e-flex e-con e-parent\" data-id=\"iwgs-chakana-s7box\" data-element_type=\"container\" data-e-type=\"container\">\n\t\t\t\t<div class=\"elementor-element elementor-element-iwgs-chakana-s7t elementor-widget elementor-widget-text-editor\" data-id=\"iwgs-chakana-s7t\" data-element_type=\"widget\" data-e-type=\"widget\" data-widget_type=\"text-editor.default\">\n\t\t\t\t\t\t\t\t\t<p>Com a signe protector, la chakana pertany als signes que actuen mostrant un ordre. No allunya el mal mitjan\u00e7ant una imatge esfere\u00efdora ni capta la mirada. Mostra, m\u00e9s b\u00e9, una imatge del m\u00f3n ordenat.<\/p><p>En la interpretaci\u00f3 actual, la chakana \u00e9s una imatge del cosmos. Mostra les tres esferes, els quatre punts cardinals i la connexi\u00f3 entre els nivells. Representa, aix\u00ed, un ordre integral de l&#8217;exist\u00e8ncia.<\/p><p>Un signe que mostra un ordre integral pot transmetre suport i seguretat. Qui contempla o porta la chakana veu la imatge d&#8217;un m\u00f3n on tot t\u00e9 el seu lloc i on els nivells estan units entre si.<\/p><p>En aquest sentit, la chakana actua com a signe protector. La seva protecci\u00f3 no rau en allunyar un perill concret, sin\u00f3 en la representaci\u00f3 d&#8217;un m\u00f3n ordenat i ple de sentit.<\/p><p>Aix\u00ed, la chakana pertany als signes que actuen de manera similar a un <span class=\"iwg-fachbegriff\" data-tooltip=\"Un signe que representa una idea o significat.\" tabindex=\"0\">s\u00edmbol<\/span> de cosmovisi\u00f3. Ofereix a qui la porta una orientaci\u00f3 i el situa en un context m\u00e9s ampli i ordenat.<\/p><p>Aquesta manera d&#8217;actuar \u00e9s pr\u00f2pia de la chakana actual, tal com ha estat elaborada. Es basa en la interpretaci\u00f3 moderna del signe. Amb aquesta reserva, la chakana es pot situar amb sentit en el context dels signes protectors.<\/p>\t\t\t\t\t\t\t\t<\/div>\n\t\t\t\t<\/div>\n\t\t\t\t\t<\/div>\n\t\t\t\t<\/div>\n\t\t<div class=\"elementor-element elementor-element-iwgs-chakana-s8 e-flex e-con-boxed e-con e-parent\" data-id=\"iwgs-chakana-s8\" data-element_type=\"container\" data-e-type=\"container\">\n\t\t\t\t\t<div class=\"e-con-inner\">\n\t\t\t\t<div class=\"elementor-element elementor-element-iwgs-chakana-s8h elementor-widget elementor-widget-heading\" data-id=\"iwgs-chakana-s8h\" data-element_type=\"widget\" data-e-type=\"widget\" data-widget_type=\"heading.default\">\n\t\t\t\t\t<h2 class=\"elementor-heading-title elementor-size-default\">Recepci\u00f3 actual<\/h2>\t\t\t\t<\/div>\n\t\t<div class=\"elementor-element elementor-element-iwgs-chakana-s8box e-con-full e-flex e-con e-parent\" data-id=\"iwgs-chakana-s8box\" data-element_type=\"container\" data-e-type=\"container\">\n\t\t\t\t<div class=\"elementor-element elementor-element-iwgs-chakana-s8t elementor-widget elementor-widget-text-editor\" data-id=\"iwgs-chakana-s8t\" data-element_type=\"widget\" data-e-type=\"widget\" data-widget_type=\"text-editor.default\">\n\t\t\t\t\t\t\t\t\t<p>La chakana \u00e9s avui molt estesa a la regi\u00f3 andina. Al Per\u00fa, Bol\u00edvia i els pa\u00efsos ve\u00efns apareix en joieria, en teixits, en el disseny i com a signe d&#8217;identitat cultural.<\/p><p>Per a moltes persones de la regi\u00f3 andina, la chakana \u00e9s un signe de vinculaci\u00f3 amb el propi origen i amb l&#8217;her\u00e8ncia de les cultures andines. Representa la cosmovisi\u00f3 andina i una arrel que es remunta a l&#8217;\u00e8poca anterior a la colonitzaci\u00f3.<\/p><p>M\u00e9s enll\u00e0 de la regi\u00f3 andina, la chakana s&#8217;ha fet coneguda amb l&#8217;inter\u00e8s per les cultures andines i pels corrents espirituals. Es porta com a joia i s&#8217;utilitza com a <span class=\"iwg-fachbegriff\" data-tooltip=\"Un element de contingut recurrent en l'art o la narraci\u00f3.\" tabindex=\"0\">motiu<\/span>.<\/p><p>Amb aquesta difusi\u00f3, la chakana sovint s&#8217;interpreta amb gran seguretat, com si el seu significat detallat fos un coneixement antiqu\u00edssim i comprovat. Una presentaci\u00f3 objectiva contraposa a aix\u00f2 l&#8217;estat obert de les fonts.<\/p><p>La chakana continua sent, doncs, un signe doblement interessant. Es basa en un aut\u00e8ntic <span class=\"iwg-fachbegriff\" data-tooltip=\"Un element de contingut recurrent en l'art o la narraci\u00f3.\" tabindex=\"0\">motiu<\/span> antic de l&#8217;art and\u00ed, la creu escalonada. I alhora \u00e9s un exemple de com, en el present, un antic <span class=\"iwg-fachbegriff\" data-tooltip=\"Un element de contingut recurrent en l'art o la narraci\u00f3.\" tabindex=\"0\">motiu<\/span> es revesteix d&#8217;una interpretaci\u00f3 rica.<\/p><p>Una presentaci\u00f3 completa reconeix totes dues cares. Mostra la chakana com un signe que uneix arrels andines antigues amb una interpretaci\u00f3 moderna i reflexionada, i mant\u00e9 clara la difer\u00e8ncia entre ambdues.<\/p>\t\t\t\t\t\t\t\t<\/div>\n\t\t\t\t<\/div>\n\t\t\t\t\t<\/div>\n\t\t\t\t<\/div>\n\t\t<div class=\"elementor-element elementor-element-iwgs-chakana-lit e-flex e-con-boxed e-con e-parent\" data-id=\"iwgs-chakana-lit\" data-element_type=\"container\" data-e-type=\"container\">\n\t\t\t\t\t<div class=\"e-con-inner\">\n\t\t\t\t<div class=\"elementor-element elementor-element-iwgs-chakana-lith elementor-widget elementor-widget-heading\" data-id=\"iwgs-chakana-lith\" data-element_type=\"widget\" data-e-type=\"widget\" data-widget_type=\"heading.default\">\n\t\t\t\t\t<h2 class=\"elementor-heading-title elementor-size-default\">Bibliografia (selecci\u00f3)<\/h2>\t\t\t\t<\/div>\n\t\t<div class=\"elementor-element elementor-element-iwgs-chakana-litbox e-con-full e-flex e-con e-parent\" data-id=\"iwgs-chakana-litbox\" data-element_type=\"container\" data-e-type=\"container\">\n\t\t\t\t<div class=\"elementor-element elementor-element-iwgs-chakana-litt elementor-widget elementor-widget-html\" data-id=\"iwgs-chakana-litt\" data-element_type=\"widget\" data-e-type=\"widget\" data-widget_type=\"html.default\">\n\t\t\t\t\t<footer data-nosnippet=\"true\"><ul><li>Mary Strong: <em>Art, Nature, and Religion in the Central Andes<\/em> (2012)<\/li><li>Gary Urton: <em>At the Crossroads of the Earth and the Sky. An Andean Cosmology<\/em> (1981)<\/li><li>Catherine Allen: <em>The Hold Life Has. Coca and Cultural Identity in an Andean Community<\/em> (1988)<\/li><li>Henrique Urbano: Estudis sobre la mitologia i la cosmovisi\u00f3 andines<\/li><li>Tom Zuidema: <em>The Ceque System of Cuzco<\/em> (1964)<\/li><\/ul><\/footer>\t\t\t\t<\/div>\n\t\t\t\t<\/div>\n\t\t\t\t\t<\/div>\n\t\t\t\t<\/div>\n\t\t<div class=\"elementor-element elementor-element-iwgs-chakana-kwd e-flex e-con-boxed e-con e-parent\" data-id=\"iwgs-chakana-kwd\" data-element_type=\"container\" data-e-type=\"container\">\n\t\t\t\t\t<div class=\"e-con-inner\">\n\t\t\t\t<div class=\"elementor-element elementor-element-iwgs-chakana-kwdt elementor-widget elementor-widget-text-editor\" data-id=\"iwgs-chakana-kwdt\" data-element_type=\"widget\" data-e-type=\"widget\" data-widget_type=\"text-editor.default\">\n\t\t\t\t\t\t\t\t\t<p><em>Termes clau relacionats: Chakana Creu andina Inca Creu escalonada tres mons Qu\u00edtxua Tiwanaku Andes.<\/em><\/p>\t\t\t\t\t\t\t\t<\/div>\n\t\t\t\t\t<\/div>\n\t\t\t\t<\/div>\n\t\t<div class=\"elementor-element elementor-element-iwgs-chakana-cc e-flex e-con-boxed e-con e-parent\" data-id=\"iwgs-chakana-cc\" data-element_type=\"container\" data-e-type=\"container\" id=\"iwg-cc-chakana\">\n\t\t\t\t\t<div class=\"e-con-inner\">\n\t\t<div class=\"elementor-element elementor-element-iwgs-chakana-ccinner e-flex e-con-boxed e-con e-parent\" data-id=\"iwgs-chakana-ccinner\" data-element_type=\"container\" data-e-type=\"container\" data-settings=\"{&quot;background_background&quot;:&quot;classic&quot;}\">\n\t\t\t\t\t<div class=\"e-con-inner\">\n\t\t\t\t<div class=\"elementor-element elementor-element-iwgs-chakana-cch elementor-widget elementor-widget-heading\" data-id=\"iwgs-chakana-cch\" data-element_type=\"widget\" data-e-type=\"widget\" data-widget_type=\"heading.default\">\n\t\t\t\t\t<h2 class=\"elementor-heading-title elementor-size-default\">iWell Guard i tradicions de protecci\u00f3<\/h2>\t\t\t\t<\/div>\n\t\t\t\t<div class=\"elementor-element elementor-element-iwgs-chakana-cct elementor-widget elementor-widget-text-editor\" data-id=\"iwgs-chakana-cct\" data-element_type=\"widget\" data-e-type=\"widget\" data-widget_type=\"text-editor.default\">\n\t\t\t\t\t\t\t\t\t<p>iWell Guard s&#8217;inscriu en la l\u00ednia hist\u00f2rico-cultural dels objectes de protecci\u00f3 portables, a la qual tamb\u00e9 pertany la chakana. Un company modern per a les persones que viuen amb s\u00edmbols de protecci\u00f3: fabricat a Alemanya, 41 capes d&#8217;or fi, plat\u00ed i plata, amb dret de devoluci\u00f3 de 30 dies.<\/p>\t\t\t\t\t\t\t\t<\/div>\n\t\t\t\t<div class=\"elementor-element elementor-element-iwgs-chakana-ccb iwg-cc-button iwg-cc-cta-2026-05-13 elementor-widget elementor-widget-jet-button\" data-id=\"iwgs-chakana-ccb\" data-element_type=\"widget\" data-e-type=\"widget\" data-widget_type=\"jet-button.default\">\n\t\t\t\t<div class=\"elementor-widget-container\">\n\t\t\t\t\t<div class=\"elementor-jet-button jet-elements\"><div class=\"jet-button__container\"><a class=\"jet-button__instance jet-button__instance--icon-left hover-effect-1\" href=\"\/schutzanhaenger-iwell-guard-kaufen\/?utm_source=iwell-guard.com&amp;utm_medium=info-box&amp;utm_campaign=schutzsymbole\"><div class=\"jet-button__plane jet-button__plane-normal\"><\/div><div class=\"jet-button__plane jet-button__plane-hover\"><\/div><div class=\"jet-button__state jet-button__state-normal\"><span class=\"jet-button__label\">M\u00e9s informaci\u00f3 sobre l'iWell Guard<\/span><\/div><div class=\"jet-button__state jet-button__state-hover\"><span class=\"jet-button__label\">M\u00e9s informaci\u00f3 sobre l'iWell Guard<\/span><\/div><\/a><\/div><\/div><style>.elementor-element.elementor-element-iwgs-chakana-ccb .jet-button__instance{width:320px;height:56px;}.elementor-element.elementor-element-iwgs-chakana-ccb .jet-button__state-normal .jet-button__label{text-align:center;margin:0px 0px 0px 0px;color:#1a1b20;font-family:Montserrat,sans-serif;font-size:13px;font-weight:400;letter-spacing:4px;line-height:1.714em;text-transform:uppercase;}.elementor-element.elementor-element-iwgs-chakana-ccb .jet-button__state-hover .jet-button__label{text-align:center;margin:0px 0px 0px 0px;color:#FECC76;font-family:Montserrat,sans-serif;font-size:13px;font-weight:400;letter-spacing:4px;line-height:1.714em;text-transform:uppercase;}.elementor-element.elementor-element-iwgs-chakana-ccb .jet-button__plane-normal{background-color:#FECC76;border-style:solid;border-color:#C99540;border-width:2px 2px 2px 2px;}.elementor-element.elementor-element-iwgs-chakana-ccb .jet-button__plane-hover{background-color:rgba(0,0,0,0.55);border-style:solid;border-color:#FECC76;border-width:2px 2px 2px 2px;}<\/style>\t\t\t\t<\/div>\n\t\t\t\t<\/div>\n\t\t\t\t<div class=\"elementor-element elementor-element-iwgs-chakana-ccd elementor-widget elementor-widget-text-editor\" data-id=\"iwgs-chakana-ccd\" data-element_type=\"widget\" data-e-type=\"widget\" data-widget_type=\"text-editor.default\">\n\t\t\t\t\t\t\t\t\t<p style=\"text-align:center;font-size:13px;opacity:0.7;margin-top:14px\" data-nosnippet=\"true\">Les experi\u00e8ncies personals poden variar. No \u00e9s un producte sanitari. No es garanteix cap curaci\u00f3.<\/p>\t\t\t\t\t\t\t\t<\/div>\n\t\t\t\t\t<\/div>\n\t\t\t\t<\/div>\n\t\t\t\t\t<\/div>\n\t\t\t\t<\/div>\n\t\t<div class=\"elementor-element elementor-element-iwgs-chakana-disc e-flex e-con-boxed e-con e-parent\" data-id=\"iwgs-chakana-disc\" data-element_type=\"container\" data-e-type=\"container\">\n\t\t\t\t\t<div class=\"e-con-inner\">\n\t\t\t\t<div class=\"elementor-element elementor-element-iwgs-chakana-discw elementor-widget elementor-widget-html\" data-id=\"iwgs-chakana-discw\" data-element_type=\"widget\" data-e-type=\"widget\" data-widget_type=\"html.default\">\n\t\t\t\t\t<footer data-nosnippet=\"true\" class=\"iwg-disclaimer-block\"><p data-nosnippet=\"true\">iWell Guard <strong>no \u00e9s un producte sanitari<\/strong> i no substitueix cap tractament m\u00e8dic o psicoterap\u00e8utic. Els continguts presentats aqu\u00ed s\u00f3n una contextualitzaci\u00f3 des de la ci\u00e8ncia de les religions i la hist\u00f2ria cultural, no una promesa d'efecte espiritual.<\/p><\/footer>\t\t\t\t<\/div>\n\t\t\t\t\t<\/div>\n\t\t\t\t<\/div>\n\t\t\t\t<\/div>\n\t\t","protected":false},"excerpt":{"rendered":"","protected":false},"author":3,"featured_media":3558,"parent":0,"menu_order":0,"comment_status":"closed","ping_status":"closed","template":"elementor_header_footer","meta":{"_yoast_wpseo_focuskw":"Chakana","_yoast_wpseo_title":"Chakana: la creu andina","_yoast_wpseo_metadesc":"La chakana \u00e9s la creu escalonada dels Andes. La forma, les arrels antigues i la q\u00fcesti\u00f3 de la seva interpretaci\u00f3 explicades de manera comprensible.","_yoast_wpseo_meta-robots-noindex":"","_yoast_wpseo_canonical":"","_angie_page":false,"gefaehrdungsstufe":"","wesen_kultur":"","wesen_klasse":"","footnotes":""},"categories":[],"class_list":["post-171912","page","type-page","status-publish","has-post-thumbnail","hentry"],"yoast_head":"<!-- This site is optimized with the Yoast SEO Premium plugin v27.7 (Yoast SEO v28.3) - https:\/\/yoast.com\/product\/yoast-seo-premium-wordpress\/ -->\n<title>Chakana: la creu andina<\/title>\n<meta name=\"description\" content=\"La chakana \u00e9s la creu escalonada dels Andes. La forma, les arrels antigues i la q\u00fcesti\u00f3 de la seva interpretaci\u00f3 explicades de manera comprensible.\" \/>\n<meta name=\"robots\" content=\"index, follow, max-snippet:-1, max-image-preview:large, max-video-preview:-1\" \/>\n<link rel=\"canonical\" href=\"https:\/\/iwell-guard.com\/ca\/chakana-la-creu-andina\/\" \/>\n<meta property=\"og:locale\" content=\"ca_ES\" \/>\n<meta property=\"og:type\" content=\"article\" \/>\n<meta property=\"og:title\" content=\"Chakana: la creu andina\" \/>\n<meta property=\"og:description\" content=\"La chakana \u00e9s la creu escalonada dels Andes. La forma, les arrels antigues i la q\u00fcesti\u00f3 de la seva interpretaci\u00f3 explicades de manera comprensible.\" \/>\n<meta property=\"og:url\" content=\"https:\/\/iwell-guard.com\/ca\/chakana-la-creu-andina\/\" \/>\n<meta property=\"og:site_name\" content=\"iWell Guard\" \/>\n<meta property=\"article:modified_time\" content=\"2026-09-05T16:10:27+00:00\" \/>\n<meta property=\"og:image\" content=\"https:\/\/iwell-guard.com\/wp-content\/uploads\/2026\/05\/schutzsymbol_anden_chakana.webp\" \/>\n\t<meta property=\"og:image:width\" content=\"1024\" \/>\n\t<meta property=\"og:image:height\" content=\"1536\" \/>\n\t<meta property=\"og:image:type\" content=\"image\/webp\" \/>\n<meta name=\"twitter:card\" content=\"summary_large_image\" \/>\n<script type=\"application\/ld+json\" class=\"yoast-schema-graph\">{\"@context\":\"https:\\\/\\\/schema.org\",\"@graph\":[{\"@type\":\"WebPage\",\"@id\":\"https:\\\/\\\/iwell-guard.com\\\/ca\\\/chakana-la-creu-andina\\\/\",\"url\":\"https:\\\/\\\/iwell-guard.com\\\/ca\\\/chakana-la-creu-andina\\\/\",\"name\":\"Chakana: la creu andina\",\"isPartOf\":{\"@id\":\"https:\\\/\\\/iwell-guard.com\\\/ca\\\/#website\"},\"primaryImageOfPage\":{\"@id\":\"https:\\\/\\\/iwell-guard.com\\\/ca\\\/chakana-la-creu-andina\\\/#primaryimage\"},\"image\":{\"@id\":\"https:\\\/\\\/iwell-guard.com\\\/ca\\\/chakana-la-creu-andina\\\/#primaryimage\"},\"thumbnailUrl\":\"https:\\\/\\\/iwell-guard.com\\\/wp-content\\\/uploads\\\/2026\\\/05\\\/schutzsymbol_anden_chakana.webp\",\"datePublished\":\"2026-09-05T15:43:30+00:00\",\"dateModified\":\"2026-09-05T16:10:27+00:00\",\"description\":\"La chakana \u00e9s la creu escalonada dels Andes. La forma, les arrels antigues i la q\u00fcesti\u00f3 de la seva interpretaci\u00f3 explicades de manera comprensible.\",\"breadcrumb\":{\"@id\":\"https:\\\/\\\/iwell-guard.com\\\/ca\\\/chakana-la-creu-andina\\\/#breadcrumb\"},\"inLanguage\":\"ca\",\"potentialAction\":[{\"@type\":\"ReadAction\",\"target\":[\"https:\\\/\\\/iwell-guard.com\\\/ca\\\/chakana-la-creu-andina\\\/\"]}]},{\"@type\":\"ImageObject\",\"inLanguage\":\"ca\",\"@id\":\"https:\\\/\\\/iwell-guard.com\\\/ca\\\/chakana-la-creu-andina\\\/#primaryimage\",\"url\":\"https:\\\/\\\/iwell-guard.com\\\/wp-content\\\/uploads\\\/2026\\\/05\\\/schutzsymbol_anden_chakana.webp\",\"contentUrl\":\"https:\\\/\\\/iwell-guard.com\\\/wp-content\\\/uploads\\\/2026\\\/05\\\/schutzsymbol_anden_chakana.webp\",\"width\":1024,\"height\":1536,\"caption\":\"S\u00edmbol de protecci\u00f3. Il\u00b7lustraci\u00f3 muse\u00edstica de bodeg\u00f3.\"},{\"@type\":\"BreadcrumbList\",\"@id\":\"https:\\\/\\\/iwell-guard.com\\\/ca\\\/chakana-la-creu-andina\\\/#breadcrumb\",\"itemListElement\":[{\"@type\":\"ListItem\",\"position\":1,\"name\":\"Start\",\"item\":\"https:\\\/\\\/iwell-guard.com\\\/ca\\\/?page_id=171333\"},{\"@type\":\"ListItem\",\"position\":2,\"name\":\"Chakana: la creu andina\"}]},{\"@type\":\"WebSite\",\"@id\":\"https:\\\/\\\/iwell-guard.com\\\/ca\\\/#website\",\"url\":\"https:\\\/\\\/iwell-guard.com\\\/ca\\\/\",\"name\":\"iWell Guard\",\"description\":\"Schutz vor dunklen Einfl\u00fcssen\",\"publisher\":{\"@id\":\"https:\\\/\\\/iwell-guard.com\\\/ca\\\/#organization\"},\"potentialAction\":[{\"@type\":\"SearchAction\",\"target\":{\"@type\":\"EntryPoint\",\"urlTemplate\":\"https:\\\/\\\/iwell-guard.com\\\/ca\\\/?s={search_term_string}\"},\"query-input\":{\"@type\":\"PropertyValueSpecification\",\"valueRequired\":true,\"valueName\":\"search_term_string\"}}],\"inLanguage\":\"ca\"},{\"@type\":\"Organization\",\"@id\":\"https:\\\/\\\/iwell-guard.com\\\/ca\\\/#organization\",\"name\":\"Ittermann electronic GmbH\",\"url\":\"https:\\\/\\\/iwell-guard.com\\\/ca\\\/\",\"logo\":{\"@type\":\"ImageObject\",\"inLanguage\":\"ca\",\"@id\":\"https:\\\/\\\/iwell-guard.com\\\/ca\\\/#\\\/schema\\\/logo\\\/image\\\/\",\"url\":\"https:\\\/\\\/iwell-guard.com\\\/wp-content\\\/uploads\\\/2026\\\/05\\\/Ittermann-Logo-1182x237-1.png\",\"contentUrl\":\"https:\\\/\\\/iwell-guard.com\\\/wp-content\\\/uploads\\\/2026\\\/05\\\/Ittermann-Logo-1182x237-1.png\",\"width\":1182,\"height\":237,\"caption\":\"Ittermann electronic GmbH\"},\"image\":{\"@id\":\"https:\\\/\\\/iwell-guard.com\\\/ca\\\/#\\\/schema\\\/logo\\\/image\\\/\"},\"sameAs\":[\"https:\\\/\\\/pantip.com\\\/profile\\\/9367242\",\"https:\\\/\\\/micro.blog\\\/iwellguard\",\"https:\\\/\\\/www.diggerslist.com\\\/iwellguard\\\/about\",\"https:\\\/\\\/skitterphoto.com\\\/photographers\\\/2870314\\\/iwell-guard\",\"https:\\\/\\\/iwellguard.wordpress.com\\\/2026\\\/06\\\/06\\\/iwell-guard\\\/\",\"https:\\\/\\\/hub.docker.com\\\/u\\\/iwellguard\",\"https:\\\/\\\/www.pinterest.com\\\/iwellguard\\\/\",\"https:\\\/\\\/bit.ly\\\/m\\\/iwellguard\",\"https:\\\/\\\/entre-vos-mains.alsace.eu\\\/profiles\\\/iwellguard\\\/activity\",\"https:\\\/\\\/gravatar.com\\\/reallybeded8fd34\",\"https:\\\/\\\/naijamatta.com\\\/iwellguard\",\"https:\\\/\\\/www.goodreads.com\\\/iwellguard\",\"https:\\\/\\\/profile.hatena.ne.jp\\\/iwellguard\\\/\",\"https:\\\/\\\/experiment.com\\\/users\\\/iwellguard\",\"https:\\\/\\\/wakelet.com\\\/@iWellGuard82270\",\"https:\\\/\\\/www.chordie.com\\\/forum\\\/profile.php?id=2555664\",\"https:\\\/\\\/www.instapaper.com\\\/p\\\/17757966\",\"https:\\\/\\\/www.mapleprimes.com\\\/users\\\/iwellguard\",\"https:\\\/\\\/businesslistingplus.com\\\/profile\\\/iwell-guard\\\/\",\"https:\\\/\\\/telegra.ph\\\/iWell-Guard-06-06\",\"https:\\\/\\\/pbase.com\\\/iwellguard\\\/iwellguard\",\"https:\\\/\\\/b.hatena.ne.jp\\\/iwellguard\\\/20260607#bookmark-4788405196491818882\",\"https:\\\/\\\/fliphtml5.com\\\/home\\\/iwellguard\",\"https:\\\/\\\/anyflip.com\\\/homepage\\\/cmiwl#About\",\"https:\\\/\\\/transfur.com\\\/Users\\\/iwellguard\",\"http:\\\/\\\/delphi.larsbo.org\\\/user\\\/iwellguard\",\"https:\\\/\\\/jobs.lajobsportal.org\\\/profiles\\\/8380803-iwell-guard\",\"https:\\\/\\\/md.chaosdorf.de\\\/s\\\/jfbe5SBdJD\",\"https:\\\/\\\/www.lingvolive.com\\\/en-us\\\/profile\\\/9ecaeaca-ce11-4e51-9e71-01d55e2bff36\\\/translations\",\"https:\\\/\\\/www.fitday.com\\\/fitness\\\/forums\\\/members\\\/iwellguard.html\",\"https:\\\/\\\/www.mymeetbook.com\\\/iwellguard\",\"https:\\\/\\\/pxhere.com\\\/en\\\/photographer-me\\\/5040798\",\"https:\\\/\\\/disqus.com\\\/by\\\/iwellguard\\\/about\\\/\",\"https:\\\/\\\/pastelink.net\\\/hjwciqwq\",\"https:\\\/\\\/pubhtml5.com\\\/homepage\\\/scjhn\\\/\",\"https:\\\/\\\/www.bitchute.com\\\/channel\\\/2O2eOKzNqujT\",\"https:\\\/\\\/audiomack.com\\\/iwellguard\"]}]}<\/script>\n<!-- \/ Yoast SEO Premium plugin. -->","yoast_head_json":{"title":"Chakana: la creu andina","description":"La chakana \u00e9s la creu escalonada dels Andes. La forma, les arrels antigues i la q\u00fcesti\u00f3 de la seva interpretaci\u00f3 explicades de manera comprensible.","robots":{"index":"index","follow":"follow","max-snippet":"max-snippet:-1","max-image-preview":"max-image-preview:large","max-video-preview":"max-video-preview:-1"},"canonical":"https:\/\/iwell-guard.com\/ca\/chakana-la-creu-andina\/","og_locale":"ca_ES","og_type":"article","og_title":"Chakana: la creu andina","og_description":"La chakana \u00e9s la creu escalonada dels Andes. La forma, les arrels antigues i la q\u00fcesti\u00f3 de la seva interpretaci\u00f3 explicades de manera comprensible.","og_url":"https:\/\/iwell-guard.com\/ca\/chakana-la-creu-andina\/","og_site_name":"iWell Guard","article_modified_time":"2026-09-05T16:10:27+00:00","og_image":[{"width":1024,"height":1536,"url":"https:\/\/iwell-guard.com\/wp-content\/uploads\/2026\/05\/schutzsymbol_anden_chakana.webp","type":"image\/webp"}],"twitter_card":"summary_large_image","schema":{"@context":"https:\/\/schema.org","@graph":[{"@type":"WebPage","@id":"https:\/\/iwell-guard.com\/ca\/chakana-la-creu-andina\/","url":"https:\/\/iwell-guard.com\/ca\/chakana-la-creu-andina\/","name":"Chakana: la creu andina","isPartOf":{"@id":"https:\/\/iwell-guard.com\/ca\/#website"},"primaryImageOfPage":{"@id":"https:\/\/iwell-guard.com\/ca\/chakana-la-creu-andina\/#primaryimage"},"image":{"@id":"https:\/\/iwell-guard.com\/ca\/chakana-la-creu-andina\/#primaryimage"},"thumbnailUrl":"https:\/\/iwell-guard.com\/wp-content\/uploads\/2026\/05\/schutzsymbol_anden_chakana.webp","datePublished":"2026-09-05T15:43:30+00:00","dateModified":"2026-09-05T16:10:27+00:00","description":"La chakana \u00e9s la creu escalonada dels Andes. La forma, les arrels antigues i la q\u00fcesti\u00f3 de la seva interpretaci\u00f3 explicades de manera comprensible.","breadcrumb":{"@id":"https:\/\/iwell-guard.com\/ca\/chakana-la-creu-andina\/#breadcrumb"},"inLanguage":"ca","potentialAction":[{"@type":"ReadAction","target":["https:\/\/iwell-guard.com\/ca\/chakana-la-creu-andina\/"]}]},{"@type":"ImageObject","inLanguage":"ca","@id":"https:\/\/iwell-guard.com\/ca\/chakana-la-creu-andina\/#primaryimage","url":"https:\/\/iwell-guard.com\/wp-content\/uploads\/2026\/05\/schutzsymbol_anden_chakana.webp","contentUrl":"https:\/\/iwell-guard.com\/wp-content\/uploads\/2026\/05\/schutzsymbol_anden_chakana.webp","width":1024,"height":1536,"caption":"S\u00edmbol de protecci\u00f3. Il\u00b7lustraci\u00f3 muse\u00edstica de bodeg\u00f3."},{"@type":"BreadcrumbList","@id":"https:\/\/iwell-guard.com\/ca\/chakana-la-creu-andina\/#breadcrumb","itemListElement":[{"@type":"ListItem","position":1,"name":"Start","item":"https:\/\/iwell-guard.com\/ca\/?page_id=171333"},{"@type":"ListItem","position":2,"name":"Chakana: la creu andina"}]},{"@type":"WebSite","@id":"https:\/\/iwell-guard.com\/ca\/#website","url":"https:\/\/iwell-guard.com\/ca\/","name":"iWell Guard","description":"Schutz vor dunklen Einfl\u00fcssen","publisher":{"@id":"https:\/\/iwell-guard.com\/ca\/#organization"},"potentialAction":[{"@type":"SearchAction","target":{"@type":"EntryPoint","urlTemplate":"https:\/\/iwell-guard.com\/ca\/?s={search_term_string}"},"query-input":{"@type":"PropertyValueSpecification","valueRequired":true,"valueName":"search_term_string"}}],"inLanguage":"ca"},{"@type":"Organization","@id":"https:\/\/iwell-guard.com\/ca\/#organization","name":"Ittermann electronic GmbH","url":"https:\/\/iwell-guard.com\/ca\/","logo":{"@type":"ImageObject","inLanguage":"ca","@id":"https:\/\/iwell-guard.com\/ca\/#\/schema\/logo\/image\/","url":"https:\/\/iwell-guard.com\/wp-content\/uploads\/2026\/05\/Ittermann-Logo-1182x237-1.png","contentUrl":"https:\/\/iwell-guard.com\/wp-content\/uploads\/2026\/05\/Ittermann-Logo-1182x237-1.png","width":1182,"height":237,"caption":"Ittermann electronic GmbH"},"image":{"@id":"https:\/\/iwell-guard.com\/ca\/#\/schema\/logo\/image\/"},"sameAs":["https:\/\/pantip.com\/profile\/9367242","https:\/\/micro.blog\/iwellguard","https:\/\/www.diggerslist.com\/iwellguard\/about","https:\/\/skitterphoto.com\/photographers\/2870314\/iwell-guard","https:\/\/iwellguard.wordpress.com\/2026\/06\/06\/iwell-guard\/","https:\/\/hub.docker.com\/u\/iwellguard","https:\/\/www.pinterest.com\/iwellguard\/","https:\/\/bit.ly\/m\/iwellguard","https:\/\/entre-vos-mains.alsace.eu\/profiles\/iwellguard\/activity","https:\/\/gravatar.com\/reallybeded8fd34","https:\/\/naijamatta.com\/iwellguard","https:\/\/www.goodreads.com\/iwellguard","https:\/\/profile.hatena.ne.jp\/iwellguard\/","https:\/\/experiment.com\/users\/iwellguard","https:\/\/wakelet.com\/@iWellGuard82270","https:\/\/www.chordie.com\/forum\/profile.php?id=2555664","https:\/\/www.instapaper.com\/p\/17757966","https:\/\/www.mapleprimes.com\/users\/iwellguard","https:\/\/businesslistingplus.com\/profile\/iwell-guard\/","https:\/\/telegra.ph\/iWell-Guard-06-06","https:\/\/pbase.com\/iwellguard\/iwellguard","https:\/\/b.hatena.ne.jp\/iwellguard\/20260607#bookmark-4788405196491818882","https:\/\/fliphtml5.com\/home\/iwellguard","https:\/\/anyflip.com\/homepage\/cmiwl#About","https:\/\/transfur.com\/Users\/iwellguard","http:\/\/delphi.larsbo.org\/user\/iwellguard","https:\/\/jobs.lajobsportal.org\/profiles\/8380803-iwell-guard","https:\/\/md.chaosdorf.de\/s\/jfbe5SBdJD","https:\/\/www.lingvolive.com\/en-us\/profile\/9ecaeaca-ce11-4e51-9e71-01d55e2bff36\/translations","https:\/\/www.fitday.com\/fitness\/forums\/members\/iwellguard.html","https:\/\/www.mymeetbook.com\/iwellguard","https:\/\/pxhere.com\/en\/photographer-me\/5040798","https:\/\/disqus.com\/by\/iwellguard\/about\/","https:\/\/pastelink.net\/hjwciqwq","https:\/\/pubhtml5.com\/homepage\/scjhn\/","https:\/\/www.bitchute.com\/channel\/2O2eOKzNqujT","https:\/\/audiomack.com\/iwellguard"]}]}},"_links":{"self":[{"href":"https:\/\/iwell-guard.com\/ca\/wp-json\/wp\/v2\/pages\/171912","targetHints":{"allow":["GET"]}}],"collection":[{"href":"https:\/\/iwell-guard.com\/ca\/wp-json\/wp\/v2\/pages"}],"about":[{"href":"https:\/\/iwell-guard.com\/ca\/wp-json\/wp\/v2\/types\/page"}],"author":[{"embeddable":true,"href":"https:\/\/iwell-guard.com\/ca\/wp-json\/wp\/v2\/users\/3"}],"replies":[{"embeddable":true,"href":"https:\/\/iwell-guard.com\/ca\/wp-json\/wp\/v2\/comments?post=171912"}],"version-history":[{"count":0,"href":"https:\/\/iwell-guard.com\/ca\/wp-json\/wp\/v2\/pages\/171912\/revisions"}],"wp:featuredmedia":[{"embeddable":true,"href":"https:\/\/iwell-guard.com\/ca\/wp-json\/wp\/v2\/media\/3558"}],"wp:attachment":[{"href":"https:\/\/iwell-guard.com\/ca\/wp-json\/wp\/v2\/media?parent=171912"}],"wp:term":[{"taxonomy":"category","embeddable":true,"href":"https:\/\/iwell-guard.com\/ca\/wp-json\/wp\/v2\/categories?post=171912"}],"curies":[{"name":"wp","href":"https:\/\/api.w.org\/{rel}","templated":true}]}}