{"id":171897,"date":"2026-09-05T15:43:22","date_gmt":"2026-09-05T15:43:22","guid":{"rendered":"https:\/\/iwell-guard.com\/?page_id=171897"},"modified":"2026-09-05T16:10:03","modified_gmt":"2026-09-05T16:10:03","slug":"vajra-llamp-diamant-budisme","status":"publish","type":"page","link":"https:\/\/iwell-guard.com\/ca\/vajra-llamp-diamant-budisme\/","title":{"rendered":"Vajra \u2013 El llamp i el diamant en el budisme"},"content":{"rendered":"\t\t<div data-elementor-type=\"wp-page\" data-elementor-id=\"171897\" class=\"elementor elementor-171897 elementor-3623 elementor-bc-flex-widget\" data-elementor-post-type=\"page\">\n\t\t\t\t<div class=\"elementor-element elementor-element-iwgs-vajra-hero e-flex e-con-boxed e-con e-parent\" data-id=\"iwgs-vajra-hero\" data-element_type=\"container\" data-e-type=\"container\">\n\t\t\t\t\t<div class=\"e-con-inner\">\n\t\t<div class=\"elementor-element elementor-element-iwgs-vajra-hl e-flex e-con-boxed e-con e-parent\" data-id=\"iwgs-vajra-hl\" data-element_type=\"container\" data-e-type=\"container\">\n\t\t\t\t\t<div class=\"e-con-inner\">\n\t\t<div class=\"elementor-element elementor-element-iwgs-vajra-hlbox e-con-full e-flex e-con e-parent\" data-id=\"iwgs-vajra-hlbox\" data-element_type=\"container\" data-e-type=\"container\">\n\t\t\t\t<div class=\"elementor-element elementor-element-iwgs-vajra-h1 elementor-widget elementor-widget-heading\" data-id=\"iwgs-vajra-h1\" data-element_type=\"widget\" data-e-type=\"widget\" data-widget_type=\"heading.default\">\n\t\t\t\t\t<h1 class=\"elementor-heading-title elementor-size-default\">El vajra: el signe ritual indestructible del budisme<\/h1>\t\t\t\t<\/div>\n\t\t\t\t<div class=\"elementor-element elementor-element-iwgs-vajra-lead elementor-widget elementor-widget-text-editor\" data-id=\"iwgs-vajra-lead\" data-element_type=\"widget\" data-e-type=\"widget\" data-widget_type=\"text-editor.default\">\n\t\t\t\t\t\t\t\t\t<p>El vajra \u00e9s alhora un instrument ritual i un <span class=\"iwg-fachbegriff\" data-tooltip=\"Una imatge il\u00b7lustrativa que representa una idea abstracta.\" tabindex=\"0\">s\u00edmbol<\/span>. El seu nom designa el llamp i el diamant, i aix\u00ed uneix la idea d&#8217;una for\u00e7a irresistible amb la de la indestructibilitat. En el budisme tibet\u00e0 \u00e9s un dels signes m\u00e9s importants. El vajra es considera un signe ritual que uneix la idea de la for\u00e7a irresistible amb la de la indestructibilitat.<\/p>\t\t\t\t\t\t\t\t<\/div>\n\t\t\t\t<\/div>\n\t\t\t\t<div class=\"elementor-element elementor-element-iwgs-vajra-pills elementor-widget elementor-widget-html\" data-id=\"iwgs-vajra-pills\" data-element_type=\"widget\" data-e-type=\"widget\" data-widget_type=\"html.default\">\n\t\t\t\t\t<div class=\"iwg-pill-row\"><span class=\"iwg-klasse-badge\" tabindex=\"0\" data-tooltip=\"S\u00edmbol protector, amulet o objecte apotropaic.\">S\u00edmbol protector<\/span><a href=\"https:\/\/iwell-guard.com\/ca\/tibet\/\" class=\"iwg-kultur-badge\" tabindex=\"0\" data-tooltip=\"Tradici\u00f3 de protecci\u00f3: Tibet\">Tibet<\/a><span class=\"iwg-tradition-badge\" tabindex=\"0\" data-tooltip=\"Un s\u00edmbol utilitzat en rituals.\">Signe ritual<\/span><\/div>\t\t\t\t<\/div>\n\t\t\t\t\t<\/div>\n\t\t\t\t<\/div>\n\t\t<div class=\"elementor-element elementor-element-iwgs-vajra-hr e-con-full e-flex e-con e-parent\" data-id=\"iwgs-vajra-hr\" data-element_type=\"container\" data-e-type=\"container\">\n\t\t\t\t<div class=\"elementor-element elementor-element-iwgs-vajra-himg iwg-hero-image elementor-widget elementor-widget-image\" data-id=\"iwgs-vajra-himg\" data-element_type=\"widget\" data-e-type=\"widget\" data-widget_type=\"image.default\">\n\t\t\t\t\t\t\t\t\t\t\t\t\t\t\t<img fetchpriority=\"high\" decoding=\"async\" width=\"683\" height=\"1024\" src=\"https:\/\/iwell-guard.com\/wp-content\/uploads\/2026\/05\/schutzsymbol_tibet_vajra-683x1024.webp\" class=\"attachment-large size-large wp-image-3529\" alt=\"Vajra \u2013 El llamp i el diamant en el budisme\" srcset=\"https:\/\/iwell-guard.com\/wp-content\/uploads\/2026\/05\/schutzsymbol_tibet_vajra-683x1024.webp 683w, https:\/\/iwell-guard.com\/wp-content\/uploads\/2026\/05\/schutzsymbol_tibet_vajra-200x300.webp 200w, https:\/\/iwell-guard.com\/wp-content\/uploads\/2026\/05\/schutzsymbol_tibet_vajra-768x1152.webp 768w, https:\/\/iwell-guard.com\/wp-content\/uploads\/2026\/05\/schutzsymbol_tibet_vajra.webp 1024w\" sizes=\"(max-width: 683px) 100vw, 683px\" \/>\t\t\t\t\t\t\t\t\t\t\t\t\t\t\t<\/div>\n\t\t\t\t<\/div>\n\t\t\t\t\t<\/div>\n\t\t\t\t<\/div>\n\t\t<div class=\"elementor-element elementor-element-iwgs-vajra-s0 e-flex e-con-boxed e-con e-parent\" data-id=\"iwgs-vajra-s0\" data-element_type=\"container\" data-e-type=\"container\">\n\t\t\t\t\t<div class=\"e-con-inner\">\n\t\t\t\t<div class=\"elementor-element elementor-element-iwgs-vajra-s0h elementor-widget elementor-widget-heading\" data-id=\"iwgs-vajra-s0h\" data-element_type=\"widget\" data-e-type=\"widget\" data-widget_type=\"heading.default\">\n\t\t\t\t\t<h2 class=\"elementor-heading-title elementor-size-default\">Introducci\u00f3<\/h2>\t\t\t\t<\/div>\n\t\t<div class=\"elementor-element elementor-element-iwgs-vajra-s0box e-con-full e-flex e-con e-parent\" data-id=\"iwgs-vajra-s0box\" data-element_type=\"container\" data-e-type=\"container\">\n\t\t\t\t<div class=\"elementor-element elementor-element-iwgs-vajra-s0t elementor-widget elementor-widget-text-editor\" data-id=\"iwgs-vajra-s0t\" data-element_type=\"widget\" data-e-type=\"widget\" data-widget_type=\"text-editor.default\">\n\t\t\t\t\t\t\t\t\t<p>El vajra \u00e9s un petit instrument ritual de forma sim\u00e8trica que t\u00e9 un paper central en el budisme, especialment en el budisme <a href=\"https:\/\/iwell-guard.com\/ca\/tibet\/\">tibet\u00e0<\/a>. En llengua tibetana se l&#8217;anomena dorje. Es sost\u00e9 a la m\u00e0 durant els actes religiosos i \u00e9s alhora un <span class=\"iwg-fachbegriff\" data-tooltip=\"Una imatge il\u00b7lustrativa que representa una idea abstracta.\" tabindex=\"0\">s\u00edmbol<\/span> ple de significat.<\/p><p>El nom vajra porta un doble significat. D&#8217;una banda designa el llamp, el projectil llampegant que cau amb for\u00e7a irresistible. D&#8217;altra banda designa el diamant, la subst\u00e0ncia m\u00e9s dura i indestructible. Ambd\u00f3s significats actuen conjuntament en el concepte del vajra.<\/p><p>D&#8217;aquest doble significat es deriva el sentit del signe. El vajra representa una for\u00e7a que ho travessa tot i una perman\u00e8ncia que no es pot destruir per res. Uneix la idea de l&#8217;acci\u00f3 incontenible amb la de l&#8217;imperible.<\/p><p>Des de la <span class=\"iwg-fachbegriff\" data-tooltip=\"La ci\u00e8ncia que estudia les religions de manera comparativa i sense vincle de fe.\" tabindex=\"0\">ci\u00e8ncia de la religi\u00f3<\/span>, el vajra \u00e9s un bon exemple d&#8217;un signe que es va traspassar d&#8217;una tradici\u00f3 m\u00e9s antiga a una nova i que en el proc\u00e9s va ser reinterpretat. El seu recorregut va d&#8217;una arma dels d\u00e9us a un <span class=\"iwg-fachbegriff\" data-tooltip=\"Una imatge il\u00b7lustrativa que representa una idea abstracta.\" tabindex=\"0\">s\u00edmbol<\/span> de la il\u00b7luminaci\u00f3. Aquesta transformaci\u00f3 \u00e9s decisiva per entendre el vajra.<\/p><p>El vajra \u00e9s un petit instrument que cap a la m\u00e0. No \u00e9s una gran <span class=\"iwg-fachbegriff\" data-tooltip=\"Representaci\u00f3 ic\u00f2nica d'una divinitat venerada en un temple o santuari.\" tabindex=\"0\">imatge de culte<\/span>, sin\u00f3 un objecte ritual proper i personal. Aquesta manejabilitat \u00e9s significativa, perqu\u00e8 el vajra es sost\u00e9 i es mou durant el <span class=\"iwg-fachbegriff\" data-tooltip=\"Una seq\u00fc\u00e8ncia ordenada d'accions simb\u00f2liques amb significat religi\u00f3s o cultural.\" tabindex=\"0\">ritual<\/span>. \u00c9s un signe que literalment es \u00abcompr\u00e8n\u00bb amb les mans.<\/p>\t\t\t\t\t\t\t\t<\/div>\n\t\t\t\t<\/div>\n\t\t\t\t\t<\/div>\n\t\t\t\t<\/div>\n\t\t<div class=\"elementor-element elementor-element-iwgs-vajra-s1 e-flex e-con-boxed e-con e-parent\" data-id=\"iwgs-vajra-s1\" data-element_type=\"container\" data-e-type=\"container\">\n\t\t\t\t\t<div class=\"e-con-inner\">\n\t\t\t\t<div class=\"elementor-element elementor-element-iwgs-vajra-s1h elementor-widget elementor-widget-heading\" data-id=\"iwgs-vajra-s1h\" data-element_type=\"widget\" data-e-type=\"widget\" data-widget_type=\"heading.default\">\n\t\t\t\t\t<h2 class=\"elementor-heading-title elementor-size-default\">Del llamp al s\u00edmbol budista<\/h2>\t\t\t\t<\/div>\n\t\t<div class=\"elementor-element elementor-element-iwgs-vajra-s1box e-con-full e-flex e-con e-parent\" data-id=\"iwgs-vajra-s1box\" data-element_type=\"container\" data-e-type=\"container\">\n\t\t\t\t<div class=\"elementor-element elementor-element-iwgs-vajra-s1t elementor-widget elementor-widget-text-editor\" data-id=\"iwgs-vajra-s1t\" data-element_type=\"widget\" data-e-type=\"widget\" data-widget_type=\"text-editor.default\">\n\t\t\t\t\t\t\t\t\t<p>La hist\u00f2ria del vajra comen\u00e7a abans del budisme. En la tradici\u00f3 \u00edndia m\u00e9s antiga, en la religi\u00f3 v\u00e8dica, el vajra era l&#8217;arma del d\u00e9u Indra. Indra era un poder\u00f3s d\u00e9u del cel i del temps, i el vajra era el seu llamp.<\/p><p>Amb aquest llamp, Indra abatia els seus enemics. En aquesta \u00e8poca primerenca, el vajra era, doncs, sobretot una arma, un projectil de for\u00e7a immensa i irresistible. Pertanyia al m\u00f3n dels d\u00e9us i les seves batalles.<\/p><p>Amb l&#8217;aparici\u00f3 del budisme, el vajra va ser incorporat a una nova tradici\u00f3. En aquest proc\u00e9s, el seu significat va canviar de manera fonamental. De l&#8217;arma que destrueix va passar a ser un <span class=\"iwg-fachbegriff\" data-tooltip=\"Una imatge il\u00b7lustrativa que representa una idea abstracta.\" tabindex=\"0\">s\u00edmbol<\/span> d&#8217;all\u00f2 que no es pot destruir. L&#8217;orientaci\u00f3 del concepte va canviar de la destrucci\u00f3 a la indestructibilitat.<\/p><p>Aquesta reinterpretaci\u00f3 \u00e9s significativa. El budisme va prendre un signe existent i poder\u00f3s i el va omplir d&#8217;un nou contingut. La vella idea de la for\u00e7a irresistible es va mantenir, per\u00f2 es va aplicar a la veritat de la doctrina i a la il\u00b7luminaci\u00f3. Aix\u00ed, el vajra va passar de ser un projectil a un signe espiritual.<\/p><p>La <span class=\"iwg-fachbegriff\" data-tooltip=\"La transmissi\u00f3 de coneixements i relats al llarg de generacions.\" tabindex=\"0\">tradici\u00f3<\/span> m\u00e9s antiga explica que el llamp d&#8217;Indra va ser fabricat amb els ossos d&#8217;un vident. Aquests relats mostren com el vajra estava origin\u00e0riament arrelat en el m\u00f3n de les batalles divines. El budisme va desvincular el signe d&#8217;aquest context guerrer i li va donar un significat espiritual.<\/p>\t\t\t\t\t\t\t\t<\/div>\n\t\t\t\t<\/div>\n\t\t\t\t\t<\/div>\n\t\t\t\t<\/div>\n\t\t<div class=\"elementor-element elementor-element-iwgs-vajra-s2 e-flex e-con-boxed e-con e-parent\" data-id=\"iwgs-vajra-s2\" data-element_type=\"container\" data-e-type=\"container\">\n\t\t\t\t\t<div class=\"e-con-inner\">\n\t\t\t\t<div class=\"elementor-element elementor-element-iwgs-vajra-s2h elementor-widget elementor-widget-heading\" data-id=\"iwgs-vajra-s2h\" data-element_type=\"widget\" data-e-type=\"widget\" data-widget_type=\"heading.default\">\n\t\t\t\t\t<h2 class=\"elementor-heading-title elementor-size-default\">L'indestructible: diamant i llamp<\/h2>\t\t\t\t<\/div>\n\t\t<div class=\"elementor-element elementor-element-iwgs-vajra-s2box e-con-full e-flex e-con e-parent\" data-id=\"iwgs-vajra-s2box\" data-element_type=\"container\" data-e-type=\"container\">\n\t\t\t\t<div class=\"elementor-element elementor-element-iwgs-vajra-s2t elementor-widget elementor-widget-text-editor\" data-id=\"iwgs-vajra-s2t\" data-element_type=\"widget\" data-e-type=\"widget\" data-widget_type=\"text-editor.default\">\n\t\t\t\t\t\t\t\t\t<p>Al centre del significat budista del vajra hi ha la idea de l&#8217;indestructible. El diamant n&#8217;\u00e9s una imatge. \u00c9s la subst\u00e0ncia m\u00e9s dura, no es pot ratllar ni trencar. En ell s&#8217;encarna la idea d&#8217;una perman\u00e8ncia perfecta.<\/p><p>El budisme relaciona aquesta perman\u00e8ncia amb la veritat de la seva doctrina i amb la realitat de la il\u00b7luminaci\u00f3. Ambdues es consideren immutables i indestructibles. Igual que el diamant no es pot ratllar per res, la veritat reconeguda no es pot trontollar per res.<\/p><p>El llamp \u00e9s l&#8217;altra imatge. Representa una for\u00e7a que actua de manera sobtada i irresistible. Aplicat a la doctrina, designa l&#8217;acci\u00f3 penetrant de la comprensi\u00f3 que trenca la ignor\u00e0ncia d&#8217;un sol cop. El vajra uneix aix\u00ed dues imatges: la perman\u00e8ncia serena i l&#8217;acci\u00f3 fulminant.<\/p><p>En aquesta uni\u00f3 resideix la for\u00e7a del signe. El vajra \u00e9s alhora ferm i contundent, permanent i efica\u00e7. Representa una veritat que no es pot trontollar i que, alhora, actua amb poder sobre la realitat. Ambdues cares pertanyen indissolublement al vajra.<\/p><p>La paraula vajra apareix en nombrosos termes compostos del budisme. Es troba en el t\u00edtol del mestre ritual, en la denominaci\u00f3 del seient de la il\u00b7luminaci\u00f3 i en moltes altres paraules. Aquest \u00fas ampli del terme mostra fins a quin punt la idea de l&#8217;indestructible \u00e9s central per a la doctrina.<\/p>\t\t\t\t\t\t\t\t<\/div>\n\t\t\t\t<\/div>\n\t\t\t\t\t<\/div>\n\t\t\t\t<\/div>\n\t\t<div class=\"elementor-element elementor-element-iwgs-vajra-s3 e-flex e-con-boxed e-con e-parent\" data-id=\"iwgs-vajra-s3\" data-element_type=\"container\" data-e-type=\"container\">\n\t\t\t\t\t<div class=\"e-con-inner\">\n\t\t\t\t<div class=\"elementor-element elementor-element-iwgs-vajra-s3h elementor-widget elementor-widget-heading\" data-id=\"iwgs-vajra-s3h\" data-element_type=\"widget\" data-e-type=\"widget\" data-widget_type=\"heading.default\">\n\t\t\t\t\t<h2 class=\"elementor-heading-title elementor-size-default\">Forma de l'instrument ritual<\/h2>\t\t\t\t<\/div>\n\t\t<div class=\"elementor-element elementor-element-iwgs-vajra-s3box e-con-full e-flex e-con e-parent\" data-id=\"iwgs-vajra-s3box\" data-element_type=\"container\" data-e-type=\"container\">\n\t\t\t\t<div class=\"elementor-element elementor-element-iwgs-vajra-s3t elementor-widget elementor-widget-text-editor\" data-id=\"iwgs-vajra-s3t\" data-element_type=\"widget\" data-e-type=\"widget\" data-widget_type=\"text-editor.default\">\n\t\t\t\t\t\t\t\t\t<p>El vajra com a objecte ritual t\u00e9 una forma clara i sim\u00e8trica. Al centre hi ha una petita esfera que constitueix el nucli. Des d&#8217;aquesta esfera s&#8217;estenen cap als dos costats uns eixos curts, a l&#8217;extrem dels quals hi ha pues corbades.<\/p><p>Aquestes pues s\u00f3n el tret m\u00e9s caracter\u00edstic. Normalment hi ha cinc pues a cada extrem, quatre de les quals es corben al voltant d&#8217;una central. Les pues es troben per les seves puntes, de manera que cada extrem forma una figura tancada, semblant a un capoll. Tot l&#8217;objecte \u00e9s perfectament sim\u00e8tric respecte al seu centre.<\/p><p>Aquesta simetria \u00e9s significativa. El vajra no t\u00e9 davant ni darrere, ni dalt ni baix. \u00c9s igual en totes dues direccions. Aquest equilibri s&#8217;adiu amb el seu significat com a s\u00edmbol d&#8217;una realitat perfecta i en rep\u00f2s en si mateixa.<\/p><p>El vajra es fabrica amb metall, sovint bronze, i pot estar ricament decorat. El nombre de pues pot variar, per\u00f2 la forma de cinc pues \u00e9s la m\u00e9s estesa. A les seves pues se&#8217;ls atribueixen significats propis. La forma del vajra no \u00e9s, doncs, arbitr\u00e0ria, sin\u00f3 pensada fins al detall.<\/p><p>A les cinc pues de cada extrem del vajra se&#8217;ls atribueixen significats propis. Sovint es relacionen amb les cinc fam\u00edlies de Buda i amb cinc formes de saviesa. La forma del vajra est\u00e0 aix\u00ed pensada fins al nombre de pues i transmet la doctrina en els seus detalls.<\/p>\t\t\t\t\t\t\t\t<\/div>\n\t\t\t\t<\/div>\n\t\t\t\t\t<\/div>\n\t\t\t\t<\/div>\n\t\t<div class=\"elementor-element elementor-element-iwgs-vajra-s4 e-flex e-con-boxed e-con e-parent\" data-id=\"iwgs-vajra-s4\" data-element_type=\"container\" data-e-type=\"container\">\n\t\t\t\t\t<div class=\"e-con-inner\">\n\t\t\t\t<div class=\"elementor-element elementor-element-iwgs-vajra-s4h elementor-widget elementor-widget-heading\" data-id=\"iwgs-vajra-s4h\" data-element_type=\"widget\" data-e-type=\"widget\" data-widget_type=\"heading.default\">\n\t\t\t\t\t<h2 class=\"elementor-heading-title elementor-size-default\">El vajra i la campana<\/h2>\t\t\t\t<\/div>\n\t\t<div class=\"elementor-element elementor-element-iwgs-vajra-s4box e-con-full e-flex e-con e-parent\" data-id=\"iwgs-vajra-s4box\" data-element_type=\"container\" data-e-type=\"container\">\n\t\t\t\t<div class=\"elementor-element elementor-element-iwgs-vajra-s4t elementor-widget elementor-widget-text-editor\" data-id=\"iwgs-vajra-s4t\" data-element_type=\"widget\" data-e-type=\"widget\" data-widget_type=\"text-editor.default\">\n\t\t\t\t\t\t\t\t\t<p>El vajra apareix en el <span class=\"iwg-fachbegriff\" data-tooltip=\"Una seq\u00fc\u00e8ncia regulada d'accions simb\u00f2liques amb significat religi\u00f3s o cultural.\" tabindex=\"0\">ritual<\/span> gaireb\u00e9 sempre acompanyat d&#8217;un altre objecte, la campana. El vajra i la campana van junts com una parella. En l&#8217;acte religi\u00f3s, qui l&#8217;executa sost\u00e9 el vajra en una m\u00e0 i la campana en l&#8217;altra.<\/p><p>Normalment el vajra es sost\u00e9 amb la m\u00e0 dreta i la campana amb l&#8217;esquerra. A aquests dos objectes se&#8217;ls atribueixen significats diferents. El vajra a la m\u00e0 dreta representa el mitj\u00e0 efica\u00e7 i la compassi\u00f3. La campana a la m\u00e0 esquerra representa la saviesa.<\/p><p>En la interacci\u00f3 de les dues mans s&#8217;expressa aix\u00ed una idea central de la doctrina. El mitj\u00e0 i la saviesa, la compassi\u00f3 i la comprensi\u00f3 han d&#8217;actuar conjuntament. Qui executa el <span class=\"iwg-fachbegriff\" data-tooltip=\"Una seq\u00fc\u00e8ncia regulada d'accions simb\u00f2liques amb significat religi\u00f3s o cultural.\" tabindex=\"0\">ritual<\/span> sost\u00e9 tots dos alhora i representa aix\u00ed la seva indissociabilitat.<\/p><p>El vajra i la campana s\u00f3n, per tant, m\u00e9s que simples objectes. Junts formen un ensenyament visible. Qui observa el <span class=\"iwg-fachbegriff\" data-tooltip=\"Una seq\u00fc\u00e8ncia regulada d'accions simb\u00f2liques amb significat religi\u00f3s o cultural.\" tabindex=\"0\">ritual<\/span> veu en les dues mans la interacci\u00f3 de les forces fonamentals del cam\u00ed budista. El vajra \u00e9s, en aquesta parella, la part indispensable.<\/p><p>Sostenir alhora el vajra i la campana constitueix en si mateix un ensenyament. La posici\u00f3 de les dues mans expressa que el mitj\u00e0 i la saviesa no es poden separar. Aquest gest es realitza en innombrables rituals i fa visible per a tothom una idea central de la doctrina.<\/p>\t\t\t\t\t\t\t\t<\/div>\n\t\t\t\t<\/div>\n\t\t\t\t\t<\/div>\n\t\t\t\t<\/div>\n\t\t<div class=\"elementor-element elementor-element-iwgs-vajra-s5 e-flex e-con-boxed e-con e-parent\" data-id=\"iwgs-vajra-s5\" data-element_type=\"container\" data-e-type=\"container\">\n\t\t\t\t\t<div class=\"e-con-inner\">\n\t\t\t\t<div class=\"elementor-element elementor-element-iwgs-vajra-s5h elementor-widget elementor-widget-heading\" data-id=\"iwgs-vajra-s5h\" data-element_type=\"widget\" data-e-type=\"widget\" data-widget_type=\"heading.default\">\n\t\t\t\t\t<h2 class=\"elementor-heading-title elementor-size-default\">El Vajrayana<\/h2>\t\t\t\t<\/div>\n\t\t<div class=\"elementor-element elementor-element-iwgs-vajra-s5box e-con-full e-flex e-con e-parent\" data-id=\"iwgs-vajra-s5box\" data-element_type=\"container\" data-e-type=\"container\">\n\t\t\t\t<div class=\"elementor-element elementor-element-iwgs-vajra-s5t elementor-widget elementor-widget-text-editor\" data-id=\"iwgs-vajra-s5t\" data-element_type=\"widget\" data-e-type=\"widget\" data-widget_type=\"text-editor.default\">\n\t\t\t\t\t\t\t\t\t<p>El significat del Vajra \u00e9s tan gran que tota una branca del budisme rep el seu nom. Aquesta branca s&#8217;anomena Vajrayana, que es pot traduir com el vehicle del Vajra. \u00c9s la forma de budisme que es va estendre sobretot al Tibet i a les regions circumdants.<\/p><p>El nom Vajrayana expressa una pretensi\u00f3. Aquesta branca es concep com un cam\u00ed que treballa amb els mitjans del Vajra, \u00e9s a dir, amb una efic\u00e0cia irresistible i amb la refer\u00e8ncia a all\u00f2 indestructible. El Vajra no representa, doncs, un tema secundari, sin\u00f3 que dona nom a tota una tradici\u00f3.<\/p><p>El Vajrayana \u00e9s ric en rituals, en s\u00edmbols i en pr\u00e0ctiques particulars. En aquest m\u00f3n de signes i accions, el Vajra ocupa un lloc destacat. \u00c9s present en els rituals, apareix en l&#8217;art i dona nom a molts conceptes.<\/p><p>Qui vulgui entendre el Vajra hauria de veure&#8217;l, per tant, en relaci\u00f3 amb el Vajrayana. El Vajra no \u00e9s un objecte m\u00e9s entre molts, sin\u00f3 el signe distintiu de tota una branca budista. En ell es condensa all\u00f2 cap a qu\u00e8 tendeix aquest cam\u00ed.<\/p><p>El Vajrayana es va estendre des de l&#8217;\u00cdndia cap al Tibet, Mong\u00f2lia i altres regions. Arreu on va arribar aquesta branca, s&#8217;hi va endur el Vajra. Aix\u00ed, l&#8217;instrument ritual i el <span class=\"iwg-fachbegriff\" data-tooltip=\"Una imatge il\u00b7lustrativa que representa una idea abstracta.\" tabindex=\"0\">s\u00edmbol<\/span> es van fer coneguts en espais molt amplis i van conservar el seu significat fonamental.<\/p>\t\t\t\t\t\t\t\t<\/div>\n\t\t\t\t<\/div>\n\t\t\t\t\t<\/div>\n\t\t\t\t<\/div>\n\t\t<div class=\"elementor-element elementor-element-iwgs-vajra-s6 e-flex e-con-boxed e-con e-parent\" data-id=\"iwgs-vajra-s6\" data-element_type=\"container\" data-e-type=\"container\">\n\t\t\t\t\t<div class=\"e-con-inner\">\n\t\t\t\t<div class=\"elementor-element elementor-element-iwgs-vajra-s6h elementor-widget elementor-widget-heading\" data-id=\"iwgs-vajra-s6h\" data-element_type=\"widget\" data-e-type=\"widget\" data-widget_type=\"heading.default\">\n\t\t\t\t\t<h2 class=\"elementor-heading-title elementor-size-default\">Protecci\u00f3: la destrucci\u00f3 dels obstacles<\/h2>\t\t\t\t<\/div>\n\t\t<div class=\"elementor-element elementor-element-iwgs-vajra-s6box e-con-full e-flex e-con e-parent\" data-id=\"iwgs-vajra-s6box\" data-element_type=\"container\" data-e-type=\"container\">\n\t\t\t\t<div class=\"elementor-element elementor-element-iwgs-vajra-s6t elementor-widget elementor-widget-text-editor\" data-id=\"iwgs-vajra-s6t\" data-element_type=\"widget\" data-e-type=\"widget\" data-widget_type=\"text-editor.default\">\n\t\t\t\t\t\t\t\t\t<p>El vajra t\u00e9 tamb\u00e9 un significat que pertany a l&#8217;\u00e0mbit de la protecci\u00f3. Aquest significat es relaciona amb el seu origen antic com a raig. Com a s\u00edmbol poder\u00f3s, s&#8217;atribueix al vajra la capacitat d&#8217;eliminar obstacles i d&#8217;allunyar influ\u00e8ncies nocives.<\/p><p>Els obstacles que el vajra elimina s\u00f3n sobretot de naturalesa espiritual. Es tracta de la ignor\u00e0ncia, l&#8217;ofuscaci\u00f3 i les forces pertorbadores que s&#8217;oposen al cam\u00ed cap a la il\u00b7luminaci\u00f3. El vajra els travessa, tal com el llamp trenca la foscor.<\/p><p>En aquest significat, el vajra \u00e9s proper al phurba, un altre objecte ritual del budisme tibet\u00e0. El phurba \u00e9s un punyal ritual de tres cares al qual s&#8217;atribueix la capacitat de subjugar forces nocives. El vajra i el phurba pertanyen tots dos a l&#8217;\u00e0mbit dels objectes rituals poderosos i defensius.<\/p><p>La protecci\u00f3 que ofereix el vajra est\u00e0, doncs, estretament lligada al seu significat espiritual. No es defensa principalment de perills externs, sin\u00f3 que elimina els obstacles interns en el cam\u00ed. Tamb\u00e9 en aix\u00f2 es manifesta el car\u00e0cter particular del vajra com a s\u00edmbol de la doctrina.<\/p><p>El vajra talla la ignor\u00e0ncia, tal com un diamant talla altres materials. El veritable adversari no \u00e9s, doncs, un enemic extern, sin\u00f3 l&#8217;ofuscaci\u00f3 dins de la persona. La protecci\u00f3 que ofereix el vajra es dirigeix, per tant, principalment als obstacles de la ment pr\u00f2pia.<\/p>\t\t\t\t\t\t\t\t<\/div>\n\t\t\t\t<\/div>\n\t\t\t\t\t<\/div>\n\t\t\t\t<\/div>\n\t\t<div class=\"elementor-element elementor-element-iwgs-vajra-s7 e-flex e-con-boxed e-con e-parent\" data-id=\"iwgs-vajra-s7\" data-element_type=\"container\" data-e-type=\"container\">\n\t\t\t\t\t<div class=\"e-con-inner\">\n\t\t\t\t<div class=\"elementor-element elementor-element-iwgs-vajra-s7h elementor-widget elementor-widget-heading\" data-id=\"iwgs-vajra-s7h\" data-element_type=\"widget\" data-e-type=\"widget\" data-widget_type=\"heading.default\">\n\t\t\t\t\t<h2 class=\"elementor-heading-title elementor-size-default\">Objectes rituals relacionats<\/h2>\t\t\t\t<\/div>\n\t\t<div class=\"elementor-element elementor-element-iwgs-vajra-s7box e-con-full e-flex e-con e-parent\" data-id=\"iwgs-vajra-s7box\" data-element_type=\"container\" data-e-type=\"container\">\n\t\t\t\t<div class=\"elementor-element elementor-element-iwgs-vajra-s7t elementor-widget elementor-widget-text-editor\" data-id=\"iwgs-vajra-s7t\" data-element_type=\"widget\" data-e-type=\"widget\" data-widget_type=\"text-editor.default\">\n\t\t\t\t\t\t\t\t\t<p>El vajra no es troba sol dins el budisme tibet\u00e0. Pertany a tota una s\u00e8rie d&#8217;instruments rituals que s&#8217;utilitzen en les accions religioses. Aquests instruments formen conjuntament el parament del ritual.<\/p><p>L&#8217;objecte relacionat m\u00e9s important \u00e9s la campana ja esmentada, que forma parella amb el vajra. A m\u00e9s hi ha el phurba, el punyal ritual de tres cares. Tamb\u00e9 pertanyen al m\u00f3n dels objectes rituals tibetans els molins de preg\u00e0ries, els recipients d&#8217;ofrenes i altres instruments.<\/p><p>Molts d&#8217;aquests instruments porten en si mateixos la forma del vajra. El m\u00e0nec del phurba sovint t\u00e9 forma de vajra, i tamb\u00e9 altres instruments recullen aquesta forma. El vajra no \u00e9s, doncs, nom\u00e9s un objecte individual, sin\u00f3 un motiu formal que travessa tot el m\u00f3n ritual.<\/p><p>Aquesta integraci\u00f3 mostra la posici\u00f3 central del vajra. \u00c9s, en certa manera, el signe fonamental a partir del qual es pot entendre la resta del parament ritual. Qui coneix el vajra t\u00e9 a la m\u00e0 una clau per al ric m\u00f3n dels objectes rituals tibetans.<\/p><p>Una forma especial \u00e9s el doble vajra, en el qual dos vajres estan units en creu. Aquest signe encreuat representa fermesa i una base segura. Apareix sovint all\u00e0 on es vol representar un fonament o un terreny fiable.<\/p>\t\t\t\t\t\t\t\t<\/div>\n\t\t\t\t<\/div>\n\t\t\t\t\t<\/div>\n\t\t\t\t<\/div>\n\t\t<div class=\"elementor-element elementor-element-iwgs-vajra-s8 e-flex e-con-boxed e-con e-parent\" data-id=\"iwgs-vajra-s8\" data-element_type=\"container\" data-e-type=\"container\">\n\t\t\t\t\t<div class=\"e-con-inner\">\n\t\t\t\t<div class=\"elementor-element elementor-element-iwgs-vajra-s8h elementor-widget elementor-widget-heading\" data-id=\"iwgs-vajra-s8h\" data-element_type=\"widget\" data-e-type=\"widget\" data-widget_type=\"heading.default\">\n\t\t\t\t\t<h2 class=\"elementor-heading-title elementor-size-default\">Recepci\u00f3 actual<\/h2>\t\t\t\t<\/div>\n\t\t<div class=\"elementor-element elementor-element-iwgs-vajra-s8box e-con-full e-flex e-con e-parent\" data-id=\"iwgs-vajra-s8box\" data-element_type=\"container\" data-e-type=\"container\">\n\t\t\t\t<div class=\"elementor-element elementor-element-iwgs-vajra-s8t elementor-widget elementor-widget-text-editor\" data-id=\"iwgs-vajra-s8t\" data-element_type=\"widget\" data-e-type=\"widget\" data-widget_type=\"text-editor.default\">\n\t\t\t\t\t\t\t\t\t<p>Avui el vajra \u00e9s conegut molt m\u00e9s enll\u00e0 de l&#8217;\u00e0mbit budista. Amb la difusi\u00f3 del budisme tibet\u00e0 en molts pa\u00efsos, el vajra tamb\u00e9 s&#8217;ha fet familiar a un p\u00fablic ampli. Apareix tant en la pr\u00e0ctica budista com en representacions relacionades amb el Tibet.<\/p><p>Com a pe\u00e7a de joieria i com a <span class=\"iwg-fachbegriff\" data-tooltip=\"Una imatge il\u00b7lustrativa que representa una idea abstracta.\" tabindex=\"0\">s\u00edmbol<\/span>, el vajra tamb\u00e9 es porta fora de la pr\u00e0ctica religiosa. Per a algunes persones representa, en general, la fermesa interior, la claredat o una actitud espiritual. En aquest \u00fas, el significat ritual prec\u00eds passa a un segon terme.<\/p><p>Dins la pr\u00e0ctica budista mateixa, el vajra continua sent un instrument ritual de ple dret. S&#8217;utilitza en les accions religioses, i el seu significat com a signe de l&#8217;indestructible es mant\u00e9 plenament viu. Per als practicants \u00e9s un objecte de gran rang.<\/p><p>El vajra segueix sent, doncs, un signe de gran profunditat. Del llamp d&#8217;un d\u00e9u es va convertir en un <span class=\"iwg-fachbegriff\" data-tooltip=\"Una imatge il\u00b7lustrativa que representa una idea abstracta.\" tabindex=\"0\">s\u00edmbol<\/span> de la veritat inamovible i de la intu\u00efci\u00f3 penetrant. Aquesta transformaci\u00f3 de l&#8217;arma al signe espiritual fa del vajra un dels signes m\u00e9s impressionants del m\u00f3n budista.<\/p><p>El vajra es porta i es representa avui \u00e0mpliament, tamb\u00e9 fora de la pr\u00e0ctica ritual pr\u00f2piament dita. El seu nom s&#8217;ha fet molt conegut a trav\u00e9s del terme Vajrayana. Aix\u00ed, el vajra pertany als signes que representen visiblement el budisme tibet\u00e0 cap a l&#8217;exterior.<\/p>\t\t\t\t\t\t\t\t<\/div>\n\t\t\t\t<\/div>\n\t\t\t\t\t<\/div>\n\t\t\t\t<\/div>\n\t\t<div class=\"elementor-element elementor-element-iwgs-vajra-lit e-flex e-con-boxed e-con e-parent\" data-id=\"iwgs-vajra-lit\" data-element_type=\"container\" data-e-type=\"container\">\n\t\t\t\t\t<div class=\"e-con-inner\">\n\t\t\t\t<div class=\"elementor-element elementor-element-iwgs-vajra-lith elementor-widget elementor-widget-heading\" data-id=\"iwgs-vajra-lith\" data-element_type=\"widget\" data-e-type=\"widget\" data-widget_type=\"heading.default\">\n\t\t\t\t\t<h2 class=\"elementor-heading-title elementor-size-default\">Bibliografia (selecci\u00f3)<\/h2>\t\t\t\t<\/div>\n\t\t<div class=\"elementor-element elementor-element-iwgs-vajra-litbox e-con-full e-flex e-con e-parent\" data-id=\"iwgs-vajra-litbox\" data-element_type=\"container\" data-e-type=\"container\">\n\t\t\t\t<div class=\"elementor-element elementor-element-iwgs-vajra-litt elementor-widget elementor-widget-html\" data-id=\"iwgs-vajra-litt\" data-element_type=\"widget\" data-e-type=\"widget\" data-widget_type=\"html.default\">\n\t\t\t\t\t<footer data-nosnippet=\"true\"><ul><li>Robert Beer: <em>The Handbook of Tibetan Buddhist Symbols<\/em> (2003)<\/li><li>Detlef Ingo Lauf: <em>Geheimlehren tibetischer Malereien<\/em> (1979)<\/li><li>Hans Wolfgang Schumann: <em>Buddhistische Bilderwelt<\/em> (1986)<\/li><li>Giuseppe Tucci: <em>Die Religionen Tibets<\/em> (1970)<\/li><li>Loden Sherap Dagyab: <em>Buddhist Symbols in Tibetan Culture<\/em> (1995)<\/li><\/ul><\/footer>\t\t\t\t<\/div>\n\t\t\t\t<\/div>\n\t\t\t\t\t<\/div>\n\t\t\t\t<\/div>\n\t\t<div class=\"elementor-element elementor-element-iwgs-vajra-kwd e-flex e-con-boxed e-con e-parent\" data-id=\"iwgs-vajra-kwd\" data-element_type=\"container\" data-e-type=\"container\">\n\t\t\t\t\t<div class=\"e-con-inner\">\n\t\t\t\t<div class=\"elementor-element elementor-element-iwgs-vajra-kwdt elementor-widget elementor-widget-text-editor\" data-id=\"iwgs-vajra-kwdt\" data-element_type=\"widget\" data-e-type=\"widget\" data-widget_type=\"text-editor.default\">\n\t\t\t\t\t\t\t\t\t<p><em>Termes clau relacionats: Vajra Dorje Llamp Diamant Vajrayana Campana Indra Instrument ritual budisme tibet\u00e0.<\/em><\/p>\t\t\t\t\t\t\t\t<\/div>\n\t\t\t\t\t<\/div>\n\t\t\t\t<\/div>\n\t\t<div class=\"elementor-element elementor-element-iwgs-vajra-cc e-flex e-con-boxed e-con e-parent\" data-id=\"iwgs-vajra-cc\" data-element_type=\"container\" data-e-type=\"container\" id=\"iwg-cc-vajra\">\n\t\t\t\t\t<div class=\"e-con-inner\">\n\t\t<div class=\"elementor-element elementor-element-iwgs-vajra-ccinner e-flex e-con-boxed e-con e-parent\" data-id=\"iwgs-vajra-ccinner\" data-element_type=\"container\" data-e-type=\"container\" data-settings=\"{&quot;background_background&quot;:&quot;classic&quot;}\">\n\t\t\t\t\t<div class=\"e-con-inner\">\n\t\t\t\t<div class=\"elementor-element elementor-element-iwgs-vajra-cch elementor-widget elementor-widget-heading\" data-id=\"iwgs-vajra-cch\" data-element_type=\"widget\" data-e-type=\"widget\" data-widget_type=\"heading.default\">\n\t\t\t\t\t<h2 class=\"elementor-heading-title elementor-size-default\">iWell Guard i tradicions de protecci\u00f3<\/h2>\t\t\t\t<\/div>\n\t\t\t\t<div class=\"elementor-element elementor-element-iwgs-vajra-cct elementor-widget elementor-widget-text-editor\" data-id=\"iwgs-vajra-cct\" data-element_type=\"widget\" data-e-type=\"widget\" data-widget_type=\"text-editor.default\">\n\t\t\t\t\t\t\t\t\t<p>iWell Guard s&#8217;inscriu en la l\u00ednia cultural i hist\u00f2rica dels objectes de protecci\u00f3 portables, a la qual tamb\u00e9 pertany el vajra. Un company modern per a persones que viuen amb s\u00edmbols de protecci\u00f3: fabricat a Alemanya, 41 capes d&#8217;or fi, plat\u00ed i plata, amb dret de devoluci\u00f3 de 30 dies.<\/p>\t\t\t\t\t\t\t\t<\/div>\n\t\t\t\t<div class=\"elementor-element elementor-element-iwgs-vajra-ccb iwg-cc-button iwg-cc-cta-2026-05-13 elementor-widget elementor-widget-jet-button\" data-id=\"iwgs-vajra-ccb\" data-element_type=\"widget\" data-e-type=\"widget\" data-widget_type=\"jet-button.default\">\n\t\t\t\t<div class=\"elementor-widget-container\">\n\t\t\t\t\t<div class=\"elementor-jet-button jet-elements\"><div class=\"jet-button__container\"><a class=\"jet-button__instance jet-button__instance--icon-left hover-effect-1\" href=\"\/schutzanhaenger-iwell-guard-kaufen\/?utm_source=iwell-guard.com&amp;utm_medium=info-box&amp;utm_campaign=schutzsymbole\"><div class=\"jet-button__plane jet-button__plane-normal\"><\/div><div class=\"jet-button__plane jet-button__plane-hover\"><\/div><div class=\"jet-button__state jet-button__state-normal\"><span class=\"jet-button__label\">M\u00e9s informaci\u00f3 sobre l'iWell Guard<\/span><\/div><div class=\"jet-button__state jet-button__state-hover\"><span class=\"jet-button__label\">M\u00e9s informaci\u00f3 sobre l'iWell Guard<\/span><\/div><\/a><\/div><\/div><style>.elementor-element.elementor-element-iwgs-vajra-ccb .jet-button__instance{width:320px;height:56px;}.elementor-element.elementor-element-iwgs-vajra-ccb .jet-button__state-normal .jet-button__label{text-align:center;margin:0px 0px 0px 0px;color:#1a1b20;font-family:Montserrat,sans-serif;font-size:13px;font-weight:400;letter-spacing:4px;line-height:1.714em;text-transform:uppercase;}.elementor-element.elementor-element-iwgs-vajra-ccb .jet-button__state-hover .jet-button__label{text-align:center;margin:0px 0px 0px 0px;color:#FECC76;font-family:Montserrat,sans-serif;font-size:13px;font-weight:400;letter-spacing:4px;line-height:1.714em;text-transform:uppercase;}.elementor-element.elementor-element-iwgs-vajra-ccb .jet-button__plane-normal{background-color:#FECC76;border-style:solid;border-color:#C99540;border-width:2px 2px 2px 2px;}.elementor-element.elementor-element-iwgs-vajra-ccb .jet-button__plane-hover{background-color:rgba(0,0,0,0.55);border-style:solid;border-color:#FECC76;border-width:2px 2px 2px 2px;}<\/style>\t\t\t\t<\/div>\n\t\t\t\t<\/div>\n\t\t\t\t<div class=\"elementor-element elementor-element-iwgs-vajra-ccd elementor-widget elementor-widget-text-editor\" data-id=\"iwgs-vajra-ccd\" data-element_type=\"widget\" data-e-type=\"widget\" data-widget_type=\"text-editor.default\">\n\t\t\t\t\t\t\t\t\t<p style=\"text-align:center;font-size:13px;opacity:0.7;margin-top:14px\" data-nosnippet=\"true\">Les experi\u00e8ncies personals poden variar. No \u00e9s un producte sanitari. No es garanteix cap curaci\u00f3.<\/p>\t\t\t\t\t\t\t\t<\/div>\n\t\t\t\t\t<\/div>\n\t\t\t\t<\/div>\n\t\t\t\t\t<\/div>\n\t\t\t\t<\/div>\n\t\t<div class=\"elementor-element elementor-element-iwgs-vajra-disc e-flex e-con-boxed e-con e-parent\" data-id=\"iwgs-vajra-disc\" data-element_type=\"container\" data-e-type=\"container\">\n\t\t\t\t\t<div class=\"e-con-inner\">\n\t\t\t\t<div class=\"elementor-element elementor-element-iwgs-vajra-discw elementor-widget elementor-widget-html\" data-id=\"iwgs-vajra-discw\" data-element_type=\"widget\" data-e-type=\"widget\" data-widget_type=\"html.default\">\n\t\t\t\t\t<footer data-nosnippet=\"true\" class=\"iwg-disclaimer-block\"><p data-nosnippet=\"true\">iWell Guard <strong>no \u00e9s un producte sanitari<\/strong> i no substitueix cap tractament m\u00e8dic o psicoterap\u00e8utic. Els continguts presentats aqu\u00ed s\u00f3n una contextualitzaci\u00f3 des de la ci\u00e8ncia de les religions i la hist\u00f2ria cultural, no una promesa d'efecte espiritual.<\/p><\/footer>\t\t\t\t<\/div>\n\t\t\t\t\t<\/div>\n\t\t\t\t<\/div>\n\t\t\t\t<\/div>\n\t\t","protected":false},"excerpt":{"rendered":"","protected":false},"author":3,"featured_media":3529,"parent":0,"menu_order":0,"comment_status":"closed","ping_status":"closed","template":"elementor_header_footer","meta":{"_yoast_wpseo_focuskw":"Vajra","_yoast_wpseo_title":"Vajra \u2013 Llamp i signe ritual","_yoast_wpseo_metadesc":"El vajra, llamp i diamant, \u00e9s un signe ritual central del budisme tibet\u00e0. Origen i significat explicats.","_yoast_wpseo_meta-robots-noindex":"","_yoast_wpseo_canonical":"","_angie_page":false,"gefaehrdungsstufe":"","wesen_kultur":"","wesen_klasse":"","footnotes":""},"categories":[],"class_list":["post-171897","page","type-page","status-publish","has-post-thumbnail","hentry"],"yoast_head":"<!-- This site is optimized with the Yoast SEO Premium plugin v27.7 (Yoast SEO v28.3) - https:\/\/yoast.com\/product\/yoast-seo-premium-wordpress\/ -->\n<title>Vajra \u2013 Llamp i signe ritual<\/title>\n<meta name=\"description\" content=\"El vajra, llamp i diamant, \u00e9s un signe ritual central del budisme tibet\u00e0. Origen i significat explicats.\" \/>\n<meta name=\"robots\" content=\"index, follow, max-snippet:-1, max-image-preview:large, max-video-preview:-1\" \/>\n<link rel=\"canonical\" href=\"https:\/\/iwell-guard.com\/ca\/vajra-llamp-diamant-budisme\/\" \/>\n<meta property=\"og:locale\" content=\"ca_ES\" \/>\n<meta property=\"og:type\" content=\"article\" \/>\n<meta property=\"og:title\" content=\"Vajra \u2013 El llamp i el diamant en el budisme\" \/>\n<meta property=\"og:description\" content=\"El vajra, llamp i diamant, \u00e9s un signe ritual central del budisme tibet\u00e0. Origen i significat explicats.\" \/>\n<meta property=\"og:url\" content=\"https:\/\/iwell-guard.com\/ca\/vajra-llamp-diamant-budisme\/\" \/>\n<meta property=\"og:site_name\" content=\"iWell Guard\" \/>\n<meta property=\"article:modified_time\" content=\"2026-09-05T16:10:03+00:00\" \/>\n<meta property=\"og:image\" content=\"https:\/\/iwell-guard.com\/wp-content\/uploads\/2026\/05\/schutzsymbol_tibet_vajra.webp\" \/>\n\t<meta property=\"og:image:width\" content=\"1024\" \/>\n\t<meta property=\"og:image:height\" content=\"1536\" \/>\n\t<meta property=\"og:image:type\" content=\"image\/webp\" \/>\n<meta name=\"twitter:card\" content=\"summary_large_image\" \/>\n<script type=\"application\/ld+json\" class=\"yoast-schema-graph\">{\"@context\":\"https:\\\/\\\/schema.org\",\"@graph\":[{\"@type\":\"WebPage\",\"@id\":\"https:\\\/\\\/iwell-guard.com\\\/ca\\\/vajra-llamp-diamant-budisme\\\/\",\"url\":\"https:\\\/\\\/iwell-guard.com\\\/ca\\\/vajra-llamp-diamant-budisme\\\/\",\"name\":\"Vajra \u2013 Llamp i signe ritual\",\"isPartOf\":{\"@id\":\"https:\\\/\\\/iwell-guard.com\\\/ca\\\/#website\"},\"primaryImageOfPage\":{\"@id\":\"https:\\\/\\\/iwell-guard.com\\\/ca\\\/vajra-llamp-diamant-budisme\\\/#primaryimage\"},\"image\":{\"@id\":\"https:\\\/\\\/iwell-guard.com\\\/ca\\\/vajra-llamp-diamant-budisme\\\/#primaryimage\"},\"thumbnailUrl\":\"https:\\\/\\\/iwell-guard.com\\\/wp-content\\\/uploads\\\/2026\\\/05\\\/schutzsymbol_tibet_vajra.webp\",\"datePublished\":\"2026-09-05T15:43:22+00:00\",\"dateModified\":\"2026-09-05T16:10:03+00:00\",\"description\":\"El vajra, llamp i diamant, \u00e9s un signe ritual central del budisme tibet\u00e0. Origen i significat explicats.\",\"breadcrumb\":{\"@id\":\"https:\\\/\\\/iwell-guard.com\\\/ca\\\/vajra-llamp-diamant-budisme\\\/#breadcrumb\"},\"inLanguage\":\"ca\",\"potentialAction\":[{\"@type\":\"ReadAction\",\"target\":[\"https:\\\/\\\/iwell-guard.com\\\/ca\\\/vajra-llamp-diamant-budisme\\\/\"]}]},{\"@type\":\"ImageObject\",\"inLanguage\":\"ca\",\"@id\":\"https:\\\/\\\/iwell-guard.com\\\/ca\\\/vajra-llamp-diamant-budisme\\\/#primaryimage\",\"url\":\"https:\\\/\\\/iwell-guard.com\\\/wp-content\\\/uploads\\\/2026\\\/05\\\/schutzsymbol_tibet_vajra.webp\",\"contentUrl\":\"https:\\\/\\\/iwell-guard.com\\\/wp-content\\\/uploads\\\/2026\\\/05\\\/schutzsymbol_tibet_vajra.webp\",\"width\":1024,\"height\":1536,\"caption\":\"S\u00edmbol de protecci\u00f3. Il\u00b7lustraci\u00f3 muse\u00edstica de bodeg\u00f3.\"},{\"@type\":\"BreadcrumbList\",\"@id\":\"https:\\\/\\\/iwell-guard.com\\\/ca\\\/vajra-llamp-diamant-budisme\\\/#breadcrumb\",\"itemListElement\":[{\"@type\":\"ListItem\",\"position\":1,\"name\":\"Start\",\"item\":\"https:\\\/\\\/iwell-guard.com\\\/ca\\\/?page_id=171333\"},{\"@type\":\"ListItem\",\"position\":2,\"name\":\"Vajra \u2013 El llamp i el diamant en el budisme\"}]},{\"@type\":\"WebSite\",\"@id\":\"https:\\\/\\\/iwell-guard.com\\\/ca\\\/#website\",\"url\":\"https:\\\/\\\/iwell-guard.com\\\/ca\\\/\",\"name\":\"iWell Guard\",\"description\":\"Schutz vor dunklen Einfl\u00fcssen\",\"publisher\":{\"@id\":\"https:\\\/\\\/iwell-guard.com\\\/ca\\\/#organization\"},\"potentialAction\":[{\"@type\":\"SearchAction\",\"target\":{\"@type\":\"EntryPoint\",\"urlTemplate\":\"https:\\\/\\\/iwell-guard.com\\\/ca\\\/?s={search_term_string}\"},\"query-input\":{\"@type\":\"PropertyValueSpecification\",\"valueRequired\":true,\"valueName\":\"search_term_string\"}}],\"inLanguage\":\"ca\"},{\"@type\":\"Organization\",\"@id\":\"https:\\\/\\\/iwell-guard.com\\\/ca\\\/#organization\",\"name\":\"Ittermann electronic GmbH\",\"url\":\"https:\\\/\\\/iwell-guard.com\\\/ca\\\/\",\"logo\":{\"@type\":\"ImageObject\",\"inLanguage\":\"ca\",\"@id\":\"https:\\\/\\\/iwell-guard.com\\\/ca\\\/#\\\/schema\\\/logo\\\/image\\\/\",\"url\":\"https:\\\/\\\/iwell-guard.com\\\/wp-content\\\/uploads\\\/2026\\\/05\\\/Ittermann-Logo-1182x237-1.png\",\"contentUrl\":\"https:\\\/\\\/iwell-guard.com\\\/wp-content\\\/uploads\\\/2026\\\/05\\\/Ittermann-Logo-1182x237-1.png\",\"width\":1182,\"height\":237,\"caption\":\"Ittermann electronic GmbH\"},\"image\":{\"@id\":\"https:\\\/\\\/iwell-guard.com\\\/ca\\\/#\\\/schema\\\/logo\\\/image\\\/\"},\"sameAs\":[\"https:\\\/\\\/pantip.com\\\/profile\\\/9367242\",\"https:\\\/\\\/micro.blog\\\/iwellguard\",\"https:\\\/\\\/www.diggerslist.com\\\/iwellguard\\\/about\",\"https:\\\/\\\/skitterphoto.com\\\/photographers\\\/2870314\\\/iwell-guard\",\"https:\\\/\\\/iwellguard.wordpress.com\\\/2026\\\/06\\\/06\\\/iwell-guard\\\/\",\"https:\\\/\\\/hub.docker.com\\\/u\\\/iwellguard\",\"https:\\\/\\\/www.pinterest.com\\\/iwellguard\\\/\",\"https:\\\/\\\/bit.ly\\\/m\\\/iwellguard\",\"https:\\\/\\\/entre-vos-mains.alsace.eu\\\/profiles\\\/iwellguard\\\/activity\",\"https:\\\/\\\/gravatar.com\\\/reallybeded8fd34\",\"https:\\\/\\\/naijamatta.com\\\/iwellguard\",\"https:\\\/\\\/www.goodreads.com\\\/iwellguard\",\"https:\\\/\\\/profile.hatena.ne.jp\\\/iwellguard\\\/\",\"https:\\\/\\\/experiment.com\\\/users\\\/iwellguard\",\"https:\\\/\\\/wakelet.com\\\/@iWellGuard82270\",\"https:\\\/\\\/www.chordie.com\\\/forum\\\/profile.php?id=2555664\",\"https:\\\/\\\/www.instapaper.com\\\/p\\\/17757966\",\"https:\\\/\\\/www.mapleprimes.com\\\/users\\\/iwellguard\",\"https:\\\/\\\/businesslistingplus.com\\\/profile\\\/iwell-guard\\\/\",\"https:\\\/\\\/telegra.ph\\\/iWell-Guard-06-06\",\"https:\\\/\\\/pbase.com\\\/iwellguard\\\/iwellguard\",\"https:\\\/\\\/b.hatena.ne.jp\\\/iwellguard\\\/20260607#bookmark-4788405196491818882\",\"https:\\\/\\\/fliphtml5.com\\\/home\\\/iwellguard\",\"https:\\\/\\\/anyflip.com\\\/homepage\\\/cmiwl#About\",\"https:\\\/\\\/transfur.com\\\/Users\\\/iwellguard\",\"http:\\\/\\\/delphi.larsbo.org\\\/user\\\/iwellguard\",\"https:\\\/\\\/jobs.lajobsportal.org\\\/profiles\\\/8380803-iwell-guard\",\"https:\\\/\\\/md.chaosdorf.de\\\/s\\\/jfbe5SBdJD\",\"https:\\\/\\\/www.lingvolive.com\\\/en-us\\\/profile\\\/9ecaeaca-ce11-4e51-9e71-01d55e2bff36\\\/translations\",\"https:\\\/\\\/www.fitday.com\\\/fitness\\\/forums\\\/members\\\/iwellguard.html\",\"https:\\\/\\\/www.mymeetbook.com\\\/iwellguard\",\"https:\\\/\\\/pxhere.com\\\/en\\\/photographer-me\\\/5040798\",\"https:\\\/\\\/disqus.com\\\/by\\\/iwellguard\\\/about\\\/\",\"https:\\\/\\\/pastelink.net\\\/hjwciqwq\",\"https:\\\/\\\/pubhtml5.com\\\/homepage\\\/scjhn\\\/\",\"https:\\\/\\\/www.bitchute.com\\\/channel\\\/2O2eOKzNqujT\",\"https:\\\/\\\/audiomack.com\\\/iwellguard\"]}]}<\/script>\n<!-- \/ Yoast SEO Premium plugin. -->","yoast_head_json":{"title":"Vajra \u2013 Llamp i signe ritual","description":"El vajra, llamp i diamant, \u00e9s un signe ritual central del budisme tibet\u00e0. Origen i significat explicats.","robots":{"index":"index","follow":"follow","max-snippet":"max-snippet:-1","max-image-preview":"max-image-preview:large","max-video-preview":"max-video-preview:-1"},"canonical":"https:\/\/iwell-guard.com\/ca\/vajra-llamp-diamant-budisme\/","og_locale":"ca_ES","og_type":"article","og_title":"Vajra \u2013 El llamp i el diamant en el budisme","og_description":"El vajra, llamp i diamant, \u00e9s un signe ritual central del budisme tibet\u00e0. Origen i significat explicats.","og_url":"https:\/\/iwell-guard.com\/ca\/vajra-llamp-diamant-budisme\/","og_site_name":"iWell Guard","article_modified_time":"2026-09-05T16:10:03+00:00","og_image":[{"width":1024,"height":1536,"url":"https:\/\/iwell-guard.com\/wp-content\/uploads\/2026\/05\/schutzsymbol_tibet_vajra.webp","type":"image\/webp"}],"twitter_card":"summary_large_image","schema":{"@context":"https:\/\/schema.org","@graph":[{"@type":"WebPage","@id":"https:\/\/iwell-guard.com\/ca\/vajra-llamp-diamant-budisme\/","url":"https:\/\/iwell-guard.com\/ca\/vajra-llamp-diamant-budisme\/","name":"Vajra \u2013 Llamp i signe ritual","isPartOf":{"@id":"https:\/\/iwell-guard.com\/ca\/#website"},"primaryImageOfPage":{"@id":"https:\/\/iwell-guard.com\/ca\/vajra-llamp-diamant-budisme\/#primaryimage"},"image":{"@id":"https:\/\/iwell-guard.com\/ca\/vajra-llamp-diamant-budisme\/#primaryimage"},"thumbnailUrl":"https:\/\/iwell-guard.com\/wp-content\/uploads\/2026\/05\/schutzsymbol_tibet_vajra.webp","datePublished":"2026-09-05T15:43:22+00:00","dateModified":"2026-09-05T16:10:03+00:00","description":"El vajra, llamp i diamant, \u00e9s un signe ritual central del budisme tibet\u00e0. Origen i significat explicats.","breadcrumb":{"@id":"https:\/\/iwell-guard.com\/ca\/vajra-llamp-diamant-budisme\/#breadcrumb"},"inLanguage":"ca","potentialAction":[{"@type":"ReadAction","target":["https:\/\/iwell-guard.com\/ca\/vajra-llamp-diamant-budisme\/"]}]},{"@type":"ImageObject","inLanguage":"ca","@id":"https:\/\/iwell-guard.com\/ca\/vajra-llamp-diamant-budisme\/#primaryimage","url":"https:\/\/iwell-guard.com\/wp-content\/uploads\/2026\/05\/schutzsymbol_tibet_vajra.webp","contentUrl":"https:\/\/iwell-guard.com\/wp-content\/uploads\/2026\/05\/schutzsymbol_tibet_vajra.webp","width":1024,"height":1536,"caption":"S\u00edmbol de protecci\u00f3. Il\u00b7lustraci\u00f3 muse\u00edstica de bodeg\u00f3."},{"@type":"BreadcrumbList","@id":"https:\/\/iwell-guard.com\/ca\/vajra-llamp-diamant-budisme\/#breadcrumb","itemListElement":[{"@type":"ListItem","position":1,"name":"Start","item":"https:\/\/iwell-guard.com\/ca\/?page_id=171333"},{"@type":"ListItem","position":2,"name":"Vajra \u2013 El llamp i el diamant en el budisme"}]},{"@type":"WebSite","@id":"https:\/\/iwell-guard.com\/ca\/#website","url":"https:\/\/iwell-guard.com\/ca\/","name":"iWell Guard","description":"Schutz vor dunklen Einfl\u00fcssen","publisher":{"@id":"https:\/\/iwell-guard.com\/ca\/#organization"},"potentialAction":[{"@type":"SearchAction","target":{"@type":"EntryPoint","urlTemplate":"https:\/\/iwell-guard.com\/ca\/?s={search_term_string}"},"query-input":{"@type":"PropertyValueSpecification","valueRequired":true,"valueName":"search_term_string"}}],"inLanguage":"ca"},{"@type":"Organization","@id":"https:\/\/iwell-guard.com\/ca\/#organization","name":"Ittermann electronic GmbH","url":"https:\/\/iwell-guard.com\/ca\/","logo":{"@type":"ImageObject","inLanguage":"ca","@id":"https:\/\/iwell-guard.com\/ca\/#\/schema\/logo\/image\/","url":"https:\/\/iwell-guard.com\/wp-content\/uploads\/2026\/05\/Ittermann-Logo-1182x237-1.png","contentUrl":"https:\/\/iwell-guard.com\/wp-content\/uploads\/2026\/05\/Ittermann-Logo-1182x237-1.png","width":1182,"height":237,"caption":"Ittermann electronic GmbH"},"image":{"@id":"https:\/\/iwell-guard.com\/ca\/#\/schema\/logo\/image\/"},"sameAs":["https:\/\/pantip.com\/profile\/9367242","https:\/\/micro.blog\/iwellguard","https:\/\/www.diggerslist.com\/iwellguard\/about","https:\/\/skitterphoto.com\/photographers\/2870314\/iwell-guard","https:\/\/iwellguard.wordpress.com\/2026\/06\/06\/iwell-guard\/","https:\/\/hub.docker.com\/u\/iwellguard","https:\/\/www.pinterest.com\/iwellguard\/","https:\/\/bit.ly\/m\/iwellguard","https:\/\/entre-vos-mains.alsace.eu\/profiles\/iwellguard\/activity","https:\/\/gravatar.com\/reallybeded8fd34","https:\/\/naijamatta.com\/iwellguard","https:\/\/www.goodreads.com\/iwellguard","https:\/\/profile.hatena.ne.jp\/iwellguard\/","https:\/\/experiment.com\/users\/iwellguard","https:\/\/wakelet.com\/@iWellGuard82270","https:\/\/www.chordie.com\/forum\/profile.php?id=2555664","https:\/\/www.instapaper.com\/p\/17757966","https:\/\/www.mapleprimes.com\/users\/iwellguard","https:\/\/businesslistingplus.com\/profile\/iwell-guard\/","https:\/\/telegra.ph\/iWell-Guard-06-06","https:\/\/pbase.com\/iwellguard\/iwellguard","https:\/\/b.hatena.ne.jp\/iwellguard\/20260607#bookmark-4788405196491818882","https:\/\/fliphtml5.com\/home\/iwellguard","https:\/\/anyflip.com\/homepage\/cmiwl#About","https:\/\/transfur.com\/Users\/iwellguard","http:\/\/delphi.larsbo.org\/user\/iwellguard","https:\/\/jobs.lajobsportal.org\/profiles\/8380803-iwell-guard","https:\/\/md.chaosdorf.de\/s\/jfbe5SBdJD","https:\/\/www.lingvolive.com\/en-us\/profile\/9ecaeaca-ce11-4e51-9e71-01d55e2bff36\/translations","https:\/\/www.fitday.com\/fitness\/forums\/members\/iwellguard.html","https:\/\/www.mymeetbook.com\/iwellguard","https:\/\/pxhere.com\/en\/photographer-me\/5040798","https:\/\/disqus.com\/by\/iwellguard\/about\/","https:\/\/pastelink.net\/hjwciqwq","https:\/\/pubhtml5.com\/homepage\/scjhn\/","https:\/\/www.bitchute.com\/channel\/2O2eOKzNqujT","https:\/\/audiomack.com\/iwellguard"]}]}},"_links":{"self":[{"href":"https:\/\/iwell-guard.com\/ca\/wp-json\/wp\/v2\/pages\/171897","targetHints":{"allow":["GET"]}}],"collection":[{"href":"https:\/\/iwell-guard.com\/ca\/wp-json\/wp\/v2\/pages"}],"about":[{"href":"https:\/\/iwell-guard.com\/ca\/wp-json\/wp\/v2\/types\/page"}],"author":[{"embeddable":true,"href":"https:\/\/iwell-guard.com\/ca\/wp-json\/wp\/v2\/users\/3"}],"replies":[{"embeddable":true,"href":"https:\/\/iwell-guard.com\/ca\/wp-json\/wp\/v2\/comments?post=171897"}],"version-history":[{"count":0,"href":"https:\/\/iwell-guard.com\/ca\/wp-json\/wp\/v2\/pages\/171897\/revisions"}],"wp:featuredmedia":[{"embeddable":true,"href":"https:\/\/iwell-guard.com\/ca\/wp-json\/wp\/v2\/media\/3529"}],"wp:attachment":[{"href":"https:\/\/iwell-guard.com\/ca\/wp-json\/wp\/v2\/media?parent=171897"}],"wp:term":[{"taxonomy":"category","embeddable":true,"href":"https:\/\/iwell-guard.com\/ca\/wp-json\/wp\/v2\/categories?post=171897"}],"curies":[{"name":"wp","href":"https:\/\/api.w.org\/{rel}","templated":true}]}}