{"id":171895,"date":"2026-09-05T15:43:22","date_gmt":"2026-09-05T15:43:22","guid":{"rendered":"https:\/\/iwell-guard.com\/?page_id=171895"},"modified":"2026-09-05T16:09:58","modified_gmt":"2026-09-05T16:09:58","slug":"fil-vermell-cinta-protectora-mal-ull","status":"publish","type":"page","link":"https:\/\/iwell-guard.com\/ca\/fil-vermell-cinta-protectora-mal-ull\/","title":{"rendered":"Fil vermell \u2013 la cinta protectora contra el mal d&#8217;ull"},"content":{"rendered":"\t\t<div data-elementor-type=\"wp-page\" data-elementor-id=\"171895\" class=\"elementor elementor-171895 elementor-3621 elementor-bc-flex-widget\" data-elementor-post-type=\"page\">\n\t\t\t\t<div class=\"elementor-element elementor-element-iwgs-roterfaden-hero e-flex e-con-boxed e-con e-parent\" data-id=\"iwgs-roterfaden-hero\" data-element_type=\"container\" data-e-type=\"container\">\n\t\t\t\t\t<div class=\"e-con-inner\">\n\t\t<div class=\"elementor-element elementor-element-iwgs-roterfaden-hl e-flex e-con-boxed e-con e-parent\" data-id=\"iwgs-roterfaden-hl\" data-element_type=\"container\" data-e-type=\"container\">\n\t\t\t\t\t<div class=\"e-con-inner\">\n\t\t<div class=\"elementor-element elementor-element-iwgs-roterfaden-hlbox e-con-full e-flex e-con e-parent\" data-id=\"iwgs-roterfaden-hlbox\" data-element_type=\"container\" data-e-type=\"container\">\n\t\t\t\t<div class=\"elementor-element elementor-element-iwgs-roterfaden-h1 elementor-widget elementor-widget-heading\" data-id=\"iwgs-roterfaden-h1\" data-element_type=\"widget\" data-e-type=\"widget\" data-widget_type=\"heading.default\">\n\t\t\t\t\t<h1 class=\"elementor-heading-title elementor-size-default\">El fil vermell: la cinta protectora cabal\u00edstica contra el mal d'ull<\/h1>\t\t\t\t<\/div>\n\t\t\t\t<div class=\"elementor-element elementor-element-iwgs-roterfaden-lead elementor-widget elementor-widget-text-editor\" data-id=\"iwgs-roterfaden-lead\" data-element_type=\"widget\" data-e-type=\"widget\" data-widget_type=\"text-editor.default\">\n\t\t\t\t\t\t\t\t\t<p>El fil vermell \u00e9s la cinta protectora cabal\u00edstica de la <span class=\"iwg-fachbegriff\" data-tooltip=\"La transmissi\u00f3 de coneixements i relats al llarg de generacions.\" tabindex=\"0\">tradici\u00f3<\/span> jueva, que es porta al canell contra el mal d&#8217;ull. El fil vermell al canell es considera una protecci\u00f3 contra el mal d&#8217;ull.<\/p><p>Es va fer conegut sobretot gr\u00e0cies a la <span class=\"iwg-fachbegriff\" data-tooltip=\"Corrent de la m\u00edstica jueva amb obres principals com el Sefer Ietzir\u00e0 i el Zohar.\" tabindex=\"0\">Cabal\u00e0<\/span> popular, per\u00f2 la idea de repel\u00b7lir el mal amb el color vermell \u00e9s molt m\u00e9s antiga i es troba estesa en moltes cultures.<\/p>\t\t\t\t\t\t\t\t<\/div>\n\t\t\t\t<\/div>\n\t\t\t\t<div class=\"elementor-element elementor-element-iwgs-roterfaden-pills elementor-widget elementor-widget-html\" data-id=\"iwgs-roterfaden-pills\" data-element_type=\"widget\" data-e-type=\"widget\" data-widget_type=\"html.default\">\n\t\t\t\t\t<div class=\"iwg-pill-row\"><span class=\"iwg-klasse-badge\" tabindex=\"0\" data-tooltip=\"S\u00edmbol protector, amulet o objecte apotropaic.\">S\u00edmbol protector<\/span><a href=\"https:\/\/iwell-guard.com\/ca\/judaisme\/\" class=\"iwg-kultur-badge\" tabindex=\"0\" data-tooltip=\"Tradici\u00f3 protectora: Judaisme\">Judaisme<\/a><span class=\"iwg-tradition-badge\" tabindex=\"0\" data-tooltip=\"Una cinta a la qual s'atribueix un efecte protector.\">Cinta protectora<\/span><\/div>\t\t\t\t<\/div>\n\t\t\t\t\t<\/div>\n\t\t\t\t<\/div>\n\t\t<div class=\"elementor-element elementor-element-iwgs-roterfaden-hr e-con-full e-flex e-con e-parent\" data-id=\"iwgs-roterfaden-hr\" data-element_type=\"container\" data-e-type=\"container\">\n\t\t\t\t<div class=\"elementor-element elementor-element-iwgs-roterfaden-himg iwg-hero-image elementor-widget elementor-widget-image\" data-id=\"iwgs-roterfaden-himg\" data-element_type=\"widget\" data-e-type=\"widget\" data-widget_type=\"image.default\">\n\t\t\t\t\t\t\t\t\t\t\t\t\t\t\t<img fetchpriority=\"high\" decoding=\"async\" width=\"683\" height=\"1024\" src=\"https:\/\/iwell-guard.com\/wp-content\/uploads\/2026\/05\/schutzsymbol_judentum_roter-faden-683x1024.webp\" class=\"attachment-large size-large wp-image-3511\" alt=\"Fil vermell \u2013 la cinta protectora contra el mal d\u2019ull\" srcset=\"https:\/\/iwell-guard.com\/wp-content\/uploads\/2026\/05\/schutzsymbol_judentum_roter-faden-683x1024.webp 683w, https:\/\/iwell-guard.com\/wp-content\/uploads\/2026\/05\/schutzsymbol_judentum_roter-faden-200x300.webp 200w, https:\/\/iwell-guard.com\/wp-content\/uploads\/2026\/05\/schutzsymbol_judentum_roter-faden-768x1152.webp 768w, https:\/\/iwell-guard.com\/wp-content\/uploads\/2026\/05\/schutzsymbol_judentum_roter-faden.webp 1024w\" sizes=\"(max-width: 683px) 100vw, 683px\" \/>\t\t\t\t\t\t\t\t\t\t\t\t\t\t\t<\/div>\n\t\t\t\t<\/div>\n\t\t\t\t\t<\/div>\n\t\t\t\t<\/div>\n\t\t<div class=\"elementor-element elementor-element-iwgs-roterfaden-s0 e-flex e-con-boxed e-con e-parent\" data-id=\"iwgs-roterfaden-s0\" data-element_type=\"container\" data-e-type=\"container\">\n\t\t\t\t\t<div class=\"e-con-inner\">\n\t\t\t\t<div class=\"elementor-element elementor-element-iwgs-roterfaden-s0h elementor-widget elementor-widget-heading\" data-id=\"iwgs-roterfaden-s0h\" data-element_type=\"widget\" data-e-type=\"widget\" data-widget_type=\"heading.default\">\n\t\t\t\t\t<h2 class=\"elementor-heading-title elementor-size-default\">Introducci\u00f3<\/h2>\t\t\t\t<\/div>\n\t\t<div class=\"elementor-element elementor-element-iwgs-roterfaden-s0box e-con-full e-flex e-con e-parent\" data-id=\"iwgs-roterfaden-s0box\" data-element_type=\"container\" data-e-type=\"container\">\n\t\t\t\t<div class=\"elementor-element elementor-element-iwgs-roterfaden-s0t elementor-widget elementor-widget-text-editor\" data-id=\"iwgs-roterfaden-s0t\" data-element_type=\"widget\" data-e-type=\"widget\" data-widget_type=\"text-editor.default\">\n\t\t\t\t\t\t\t\t\t<p>El fil vermell \u00e9s un objecte de protecci\u00f3 senzill. Es tracta d&#8217;una cinta prima de llana vermella que es porta al voltant del canell. Malgrat la seva senzillesa, el fil vermell \u00e9s un dels signes protectors m\u00e9s coneguts, associat a la tradici\u00f3 jueva i, especialment, a la <span class=\"iwg-fachbegriff\" data-tooltip=\"Corrent de la m\u00edstica jueva amb obres principals com el Sefer Ietzir\u00e0 i el Zohar.\" tabindex=\"0\">Cabal\u00e0<\/span> popular.<\/p><p>La seva funci\u00f3 \u00e9s clara. El fil vermell ha de protegir qui el porta del mal d&#8217;ull. Es dirigeix aix\u00ed contra aquell efecte nociu de la mirada descrit en la <a href=\"https:\/\/iwell-guard.com\/ca\/mal-d-ull\/\">creen\u00e7a en el mal d&#8217;ull<\/a>. El fil \u00e9s un mitj\u00e0 de protecci\u00f3 per a la vida quotidiana.<\/p><p>En els estudis de <span class=\"iwg-fachbegriff\" data-tooltip=\"La ci\u00e8ncia que investiga les religions de forma comparativa i sense vincle confessional.\" tabindex=\"0\">religi\u00f3<\/span> comparada, el fil vermell s&#8217;analitza amb cura. La forma actualment estesa, la cinta procedent de la tomba de Raquel, \u00e9s un fenomen relativament recent. Tanmateix, la idea de fons, repel\u00b7lir el mal amb el color vermell, \u00e9s molt antiga. Ambdues capes formen part d&#8217;una descripci\u00f3 completa.<\/p><p>El fil vermell \u00e9s, a m\u00e9s, un bon exemple de com un costum protector pot anar m\u00e9s enll\u00e0 dels l\u00edmits d&#8217;una sola cultura. Els fils protectors vermells no nom\u00e9s es coneixen en l&#8217;\u00e0mbit jueu. Es troben en moltes parts del m\u00f3n i remeten a una idea molt estesa sobre el color vermell.<\/p><p>El fil vermell \u00e9s un dels objectes de protecci\u00f3 m\u00e9s senzills que existeixen. No porta cap <span class=\"iwg-fachbegriff\" data-tooltip=\"Un text gravat o esculpit en un suport s\u00f2lid.\" tabindex=\"0\">inscripci\u00f3<\/span> ni cap imatge, consisteix \u00fanicament en color i forma. Precisament aquesta senzillesa \u00e9s una de les seves virtuts. Un signe protector que requereix tan poc esfor\u00e7 \u00e9s accessible per a tothom i es pot transmetre f\u00e0cilment.<\/p>\t\t\t\t\t\t\t\t<\/div>\n\t\t\t\t<\/div>\n\t\t\t\t\t<\/div>\n\t\t\t\t<\/div>\n\t\t<div class=\"elementor-element elementor-element-iwgs-roterfaden-s1 e-flex e-con-boxed e-con e-parent\" data-id=\"iwgs-roterfaden-s1\" data-element_type=\"container\" data-e-type=\"container\">\n\t\t\t\t\t<div class=\"e-con-inner\">\n\t\t\t\t<div class=\"elementor-element elementor-element-iwgs-roterfaden-s1h elementor-widget elementor-widget-heading\" data-id=\"iwgs-roterfaden-s1h\" data-element_type=\"widget\" data-e-type=\"widget\" data-widget_type=\"heading.default\">\n\t\t\t\t\t<h2 class=\"elementor-heading-title elementor-size-default\">El color vermell com a color protector<\/h2>\t\t\t\t<\/div>\n\t\t<div class=\"elementor-element elementor-element-iwgs-roterfaden-s1box e-con-full e-flex e-con e-parent\" data-id=\"iwgs-roterfaden-s1box\" data-element_type=\"container\" data-e-type=\"container\">\n\t\t\t\t<div class=\"elementor-element elementor-element-iwgs-roterfaden-s1t elementor-widget elementor-widget-text-editor\" data-id=\"iwgs-roterfaden-s1t\" data-element_type=\"widget\" data-e-type=\"widget\" data-widget_type=\"text-editor.default\">\n\t\t\t\t\t\t\t\t\t<p>Al centre del significat del fil vermell hi ha el color. El vermell es considerava en nombroses cultures un color de for\u00e7a especial. S&#8217;associava amb la sang, amb la vida i amb el foc. D&#8217;aquesta associaci\u00f3 va n\u00e9ixer la idea que el vermell posseeix un efecte protector i repel\u00b7lent.<\/p><p>Aquesta idea es pot rastrejar molt enrere en el temps. Ja en \u00e8poques antigues, tombes i objectes es tenyien amb pigment vermell, i molt indica que hi era associat un significat protector. El color vermell era, doncs, des de temps antics, molt m\u00e9s que una simple coloraci\u00f3.<\/p><p>El vermell \u00e9s, a m\u00e9s, un color cridaner que atrau la mirada. Aquesta caracter\u00edstica encaixa b\u00e9 amb la repulsi\u00f3 del mal d&#8217;ull. Un signe vermell brillant atreu l&#8217;atenci\u00f3 cap a si mateix. Pot captar la mirada nociva abans que aquesta arribi a la persona protegida. Color i funci\u00f3 actuen aqu\u00ed conjuntament.<\/p><p>El fil vermell \u00e9s, per tant, principalment un signe protector de color. El seu efecte s&#8217;atribueix al color, no al material en si. La llana era un material com\u00fa i f\u00e0cilment disponible. El que era decisiu \u00e9s que el fil fos vermell, ja que, segons la creen\u00e7a estesa, era en el color on residia la for\u00e7a protectora.<\/p><p>El significat protector del color vermell es pot seguir fins a temps prehist\u00f2rics. Ja en enterraments antics s&#8217;utilitzava pigment vermell, i molt suggereix una intenci\u00f3 protectora. Tamb\u00e9 es documenten peces de roba vermelles per a infants com a costum protector en moltes regions europees. El color va transmetre aquest significat durant llarg temps.<\/p>\t\t\t\t\t\t\t\t<\/div>\n\t\t\t\t<\/div>\n\t\t\t\t\t<\/div>\n\t\t\t\t<\/div>\n\t\t<div class=\"elementor-element elementor-element-iwgs-roterfaden-s2 e-flex e-con-boxed e-con e-parent\" data-id=\"iwgs-roterfaden-s2\" data-element_type=\"container\" data-e-type=\"container\">\n\t\t\t\t\t<div class=\"e-con-inner\">\n\t\t\t\t<div class=\"elementor-element elementor-element-iwgs-roterfaden-s2h elementor-widget elementor-widget-heading\" data-id=\"iwgs-roterfaden-s2h\" data-element_type=\"widget\" data-e-type=\"widget\" data-widget_type=\"heading.default\">\n\t\t\t\t\t<h2 class=\"elementor-heading-title elementor-size-default\">El fil vermell i la Cabal\u00e0<\/h2>\t\t\t\t<\/div>\n\t\t<div class=\"elementor-element elementor-element-iwgs-roterfaden-s2box e-con-full e-flex e-con e-parent\" data-id=\"iwgs-roterfaden-s2box\" data-element_type=\"container\" data-e-type=\"container\">\n\t\t\t\t<div class=\"elementor-element elementor-element-iwgs-roterfaden-s2t elementor-widget elementor-widget-text-editor\" data-id=\"iwgs-roterfaden-s2t\" data-element_type=\"widget\" data-e-type=\"widget\" data-widget_type=\"text-editor.default\">\n\t\t\t\t\t\t\t\t\t<p>El fil vermell es va fer conegut sobretot en relaci\u00f3 amb la <span class=\"iwg-fachbegriff\" data-tooltip=\"Corrent de la m\u00edstica jueva amb obres principals com el Sefer Jetsir\u00e0 i el Zohar.\" tabindex=\"0\">Cabala<\/span>. La <span class=\"iwg-fachbegriff\" data-tooltip=\"Corrent de la m\u00edstica jueva amb obres principals com el Sefer Jetsir\u00e0 i el Zohar.\" tabindex=\"0\">Cabala<\/span> \u00e9s el corrent m\u00edstic del judaisme que s&#8217;ocupa dels significats amagats dels textos sagrats i de l&#8217;ess\u00e8ncia de D\u00e9u. En el seu entorn popular van sorgir nombrosos costums de protecci\u00f3.<\/p><p>El fil vermell pertany a aquests costums populars d&#8217;influ\u00e8ncia cabal\u00edstica. No \u00e9s una doctrina de la <span class=\"iwg-fachbegriff\" data-tooltip=\"Corrent de la m\u00edstica jueva amb obres principals com el Sefer Jetsir\u00e0 i el Zohar.\" tabindex=\"0\">Cabala<\/span> erudita, sin\u00f3 una pr\u00e0ctica sorgida en l&#8217;entorn d&#8217;aquest corrent. Aquests costums combinen idees m\u00edstiques amb les preocupacions de la vida quotidiana, com el desig de protecci\u00f3.<\/p><p>En les darreres d\u00e8cades el fil vermell ha experimentat una gran difusi\u00f3. Institucions que van transmetre el pensament cabal\u00edstic a un p\u00fablic ampli van fer con\u00e8ixer aquest <span class=\"iwg-fachbegriff\" data-tooltip=\"Una acci\u00f3 transmesa i repetida regularment en una comunitat.\" tabindex=\"0\">costum<\/span> internacionalment. Personalitats conegudes que portaven el fil vermell tamb\u00e9 van contribuir a la seva difusi\u00f3.<\/p><p>Aquesta popularitat moderna, per\u00f2, no ha d&#8217;enganyar respecte a l&#8217;antiguitat del costum. La forma actualment difosa del fil vermell \u00e9s un fenomen recent. El <span class=\"iwg-fachbegriff\" data-tooltip=\"Una acci\u00f3 transmesa i repetida regularment en una comunitat.\" tabindex=\"0\">costum<\/span> en la seva forma actual s&#8217;ha fet \u00e0mpliament visible nom\u00e9s fa poc temps, encara que es basa en idees m\u00e9s antigues.<\/p><p>La <span class=\"iwg-fachbegriff\" data-tooltip=\"Corrent de la m\u00edstica jueva amb obres principals com el Sefer Jetsir\u00e0 i el Zohar.\" tabindex=\"0\">Cabala<\/span> s&#8217;ocupa, entre altres coses, dels camins amagats pels quals la <span class=\"iwg-fachbegriff\" data-tooltip=\"Expressi\u00f3 de b\u00e9 i protecci\u00f3, sovint en una forma ling\u00fc\u00edstica fixa.\" tabindex=\"0\">benedicci\u00f3<\/span> divina arriba al m\u00f3n. En el seu entorn popular van sorgir nombrosos costums que volien fer servir aquesta <span class=\"iwg-fachbegriff\" data-tooltip=\"Expressi\u00f3 de b\u00e9 i protecci\u00f3, sovint en una forma ling\u00fc\u00edstica fixa.\" tabindex=\"0\">benedicci\u00f3<\/span> per a la vida quotidiana. El fil vermell \u00e9s un d&#8217;aquests <span class=\"iwg-fachbegriff\" data-tooltip=\"Una acci\u00f3 transmesa i repetida regularment en una comunitat.\" tabindex=\"0\">costums<\/span>, que uneix la idea m\u00edstica amb la necessitat pr\u00e0ctica de protecci\u00f3.<\/p>\t\t\t\t\t\t\t\t<\/div>\n\t\t\t\t<\/div>\n\t\t\t\t\t<\/div>\n\t\t\t\t<\/div>\n\t\t<div class=\"elementor-element elementor-element-iwgs-roterfaden-s3 e-flex e-con-boxed e-con e-parent\" data-id=\"iwgs-roterfaden-s3\" data-element_type=\"container\" data-e-type=\"container\">\n\t\t\t\t\t<div class=\"e-con-inner\">\n\t\t\t\t<div class=\"elementor-element elementor-element-iwgs-roterfaden-s3h elementor-widget elementor-widget-heading\" data-id=\"iwgs-roterfaden-s3h\" data-element_type=\"widget\" data-e-type=\"widget\" data-widget_type=\"heading.default\">\n\t\t\t\t\t<h2 class=\"elementor-heading-title elementor-size-default\">La tomba de Raquel<\/h2>\t\t\t\t<\/div>\n\t\t<div class=\"elementor-element elementor-element-iwgs-roterfaden-s3box e-con-full e-flex e-con e-parent\" data-id=\"iwgs-roterfaden-s3box\" data-element_type=\"container\" data-e-type=\"container\">\n\t\t\t\t<div class=\"elementor-element elementor-element-iwgs-roterfaden-s3t elementor-widget elementor-widget-text-editor\" data-id=\"iwgs-roterfaden-s3t\" data-element_type=\"widget\" data-e-type=\"widget\" data-widget_type=\"text-editor.default\">\n\t\t\t\t\t\t\t\t\t<p>La forma m\u00e9s coneguda avui dia del fil vermell est\u00e0 lligada a un lloc concret, la tomba de Raquel. Raquel \u00e9s una de les mares fundadores d&#8217;Israel, i la seva tomba tradicional es troba prop de Betlem. \u00c9s un lloc important de la <span class=\"iwg-fachbegriff\" data-tooltip=\"L'actitud i pr\u00e0ctica religiosa viscuda per una persona.\" tabindex=\"0\">pietat<\/span> jueva.<\/p><p>Segons el <span class=\"iwg-fachbegriff\" data-tooltip=\"Una acci\u00f3 transmesa i repetida regularment en una comunitat.\" tabindex=\"0\">costum<\/span> est\u00e8s, es cargola un fil vermell al voltant d&#8217;aquesta tomba. Mitjan\u00e7ant aquest contacte amb el lloc sagrat, el fil hauria d&#8217;adquirir una for\u00e7a protectora. Tot seguit, el fil llarg es talla en trossos curts, que serveixen com a cintes de protecci\u00f3 individuals.<\/p><p>Aquests trossos individuals es porten llavors com a bra\u00e7alet o es donen a altres persones. La relaci\u00f3 amb la tomba de Raquel dona al fil el seu significat especial. Ja no \u00e9s nom\u00e9s un fil de llana vermell, sin\u00f3 una cinta relacionada amb un lloc venerat.<\/p><p>Aquest <span class=\"iwg-fachbegriff\" data-tooltip=\"Una acci\u00f3 transmesa i repetida regularment en una comunitat.\" tabindex=\"0\">costum<\/span> mostra un patr\u00f3 recurrent en l&#8217;estudi dels amulets. Un objecte rep la seva for\u00e7a a trav\u00e9s del contacte amb un lloc sagrat o una persona sagrada. Tamb\u00e9 en altres tradicions es <span class=\"iwg-fachbegriff\" data-tooltip=\"Lliurat al sagrat mitjan\u00e7ant un acte religi\u00f3s i aix\u00ed elevat per damunt del quotidi\u00e0.\" tabindex=\"0\">consagren<\/span> cintes, robes i petits objectes en tombes i santuaris. El fil vermell de la tomba de Raquel segueix aquest patr\u00f3.<\/p><p>Raquel \u00e9s considerada en la <span class=\"iwg-fachbegriff\" data-tooltip=\"La transmissi\u00f3 de coneixements i relats al llarg de generacions.\" tabindex=\"0\">tradici\u00f3<\/span> jueva com la mare que plora, que intercedeix pels seus fills. Aquesta idea converteix la seva tomba en un lloc de consol i de petici\u00f3. El fil vermell, que es relaciona amb aquest lloc, absorbeix una part d&#8217;aquesta cura maternal.<\/p>\t\t\t\t\t\t\t\t<\/div>\n\t\t\t\t<\/div>\n\t\t\t\t\t<\/div>\n\t\t\t\t<\/div>\n\t\t<div class=\"elementor-element elementor-element-iwgs-roterfaden-s4 e-flex e-con-boxed e-con e-parent\" data-id=\"iwgs-roterfaden-s4\" data-element_type=\"container\" data-e-type=\"container\">\n\t\t\t\t\t<div class=\"e-con-inner\">\n\t\t\t\t<div class=\"elementor-element elementor-element-iwgs-roterfaden-s4h elementor-widget elementor-widget-heading\" data-id=\"iwgs-roterfaden-s4h\" data-element_type=\"widget\" data-e-type=\"widget\" data-widget_type=\"heading.default\">\n\t\t\t\t\t<h2 class=\"elementor-heading-title elementor-size-default\">Portat al canell esquerre<\/h2>\t\t\t\t<\/div>\n\t\t<div class=\"elementor-element elementor-element-iwgs-roterfaden-s4box e-con-full e-flex e-con e-parent\" data-id=\"iwgs-roterfaden-s4box\" data-element_type=\"container\" data-e-type=\"container\">\n\t\t\t\t<div class=\"elementor-element elementor-element-iwgs-roterfaden-s4t elementor-widget elementor-widget-text-editor\" data-id=\"iwgs-roterfaden-s4t\" data-element_type=\"widget\" data-e-type=\"widget\" data-widget_type=\"text-editor.default\">\n\t\t\t\t\t\t\t\t\t<p>Segons la creen\u00e7a estesa, el fil vermell es porta al canell esquerre. Aquesta determinaci\u00f3 no \u00e9s casual. En el pensament cabal\u00edstic, el costat esquerre \u00e9s el costat receptor de la persona.<\/p><p>El costat dret i el costat esquerre tenen, en aquest pensament, significats diferents. El costat dret es considera el que dona, l&#8217;esquerre el que rep. Qui vol rebre protecci\u00f3 i <span class=\"iwg-fachbegriff\" data-tooltip=\"Expressi\u00f3 de b\u00e9 i protecci\u00f3, sovint en una forma ling\u00fc\u00edstica fixa.\" tabindex=\"0\">benedicci\u00f3<\/span> porta, doncs, el signe al costat associat a aquesta recepci\u00f3.<\/p><p>En posar-se el fil sovint hi van associades breus oracions o paraules de benedicci\u00f3. La cinta es tanca llavors normalment amb diversos nusos. Els nusos tamb\u00e9 tenen un significat, ja que el nuar i el lligar formen part, en moltes tradicions, dels actes amb qu\u00e8 es fixa la protecci\u00f3.<\/p><p>Aquestes indicacions precises, el costat, els nusos, les paraules que hi van associades, mostren que el fil vermell \u00e9s m\u00e9s que una simple cinta. Forma part d&#8217;una pr\u00e0ctica ordenada. Segons la creen\u00e7a del costum, portar-lo correctament forma part de l&#8217;efic\u00e0cia de la protecci\u00f3.<\/p><p>En posar-se el fil vermell sovint es fan set nusos, i a cada nus es pot dir una paraula de benedicci\u00f3. El n\u00famero set es considera significatiu en moltes tradicions. El fet de fer els nusos no \u00e9s secundari, ja que el lligar i el fixar formen part dels actes habituals de la pr\u00e0ctica de protecci\u00f3.<\/p>\t\t\t\t\t\t\t\t<\/div>\n\t\t\t\t<\/div>\n\t\t\t\t\t<\/div>\n\t\t\t\t<\/div>\n\t\t<div class=\"elementor-element elementor-element-iwgs-roterfaden-s5 e-flex e-con-boxed e-con e-parent\" data-id=\"iwgs-roterfaden-s5\" data-element_type=\"container\" data-e-type=\"container\">\n\t\t\t\t\t<div class=\"e-con-inner\">\n\t\t\t\t<div class=\"elementor-element elementor-element-iwgs-roterfaden-s5h elementor-widget elementor-widget-heading\" data-id=\"iwgs-roterfaden-s5h\" data-element_type=\"widget\" data-e-type=\"widget\" data-widget_type=\"heading.default\">\n\t\t\t\t\t<h2 class=\"elementor-heading-title elementor-size-default\">Protecci\u00f3 contra el mal d'ull<\/h2>\t\t\t\t<\/div>\n\t\t<div class=\"elementor-element elementor-element-iwgs-roterfaden-s5box e-con-full e-flex e-con e-parent\" data-id=\"iwgs-roterfaden-s5box\" data-element_type=\"container\" data-e-type=\"container\">\n\t\t\t\t<div class=\"elementor-element elementor-element-iwgs-roterfaden-s5t elementor-widget elementor-widget-text-editor\" data-id=\"iwgs-roterfaden-s5t\" data-element_type=\"widget\" data-e-type=\"widget\" data-widget_type=\"text-editor.default\">\n\t\t\t\t\t\t\t\t\t<p>La funci\u00f3 principal del fil vermell \u00e9s protegir contra el mal d&#8217;ull. El mal d&#8217;ull \u00e9s la creen\u00e7a que una mirada pot causar dany, sovint alimentada per l&#8217;enveja. Segons aquesta creen\u00e7a, qui observa amb mal\u00edcia alguna cosa bella, saludable o reeixida pot perjudicar-la.<\/p><p>El fil vermell actua contra aquest dany. Com a senyal vermell vist\u00f3s al canell, ha d&#8217;atreure la mirada cap a ell i absorbir-ne la for\u00e7a nociva. En lloc d&#8217;afectar la persona protegida, l&#8217;atenci\u00f3 es dirigeix cap a la cinta vermella.<\/p><p>Aquest principi de funcionament el comparteix el fil vermell amb altres objectes de protecci\u00f3 contra el mal d&#8217;ull. Tamb\u00e9 el <a href=\"https:\/\/iwell-guard.com\/ca\/?page_id=171877\">Nazar Boncu\u011fu<\/a> blau actua atraient la mirada. Tots dos objectes segueixen la idea de contraposar a la mirada nociva un objecte cridaner que la distregui i la retingui.<\/p><p>El fil vermell pertany, doncs, a una gran fam\u00edlia transcultural. La creen\u00e7a en el mal d&#8217;ull est\u00e0 estesa per tota la Mediterr\u00e0nia i l&#8217;Orient Pr\u00f2xim, en l&#8217;entorn jueu, cristi\u00e0 i isl\u00e0mic. El fil vermell \u00e9s una de les respostes m\u00e9s senzilles i alhora m\u00e9s esteses davant aquesta antiga preocupaci\u00f3.<\/p><p>En la creen\u00e7a popular, el mal d&#8217;ull sovint es relaciona amb l&#8217;enveja. Per aix\u00f2 semblen especialment exposades les persones que atrauen atenci\u00f3 i admiraci\u00f3. El fil vermell es col\u00b7loca de bon grat precisament a nens petits, dones embarassades i persones en moments feli\u00e7os de la vida, perqu\u00e8 es consideren especialment visibles.<\/p>\t\t\t\t\t\t\t\t<\/div>\n\t\t\t\t<\/div>\n\t\t\t\t\t<\/div>\n\t\t\t\t<\/div>\n\t\t<div class=\"elementor-element elementor-element-iwgs-roterfaden-s6 e-flex e-con-boxed e-con e-parent\" data-id=\"iwgs-roterfaden-s6\" data-element_type=\"container\" data-e-type=\"container\">\n\t\t\t\t\t<div class=\"e-con-inner\">\n\t\t\t\t<div class=\"elementor-element elementor-element-iwgs-roterfaden-s6h elementor-widget elementor-widget-heading\" data-id=\"iwgs-roterfaden-s6h\" data-element_type=\"widget\" data-e-type=\"widget\" data-widget_type=\"heading.default\">\n\t\t\t\t\t<h2 class=\"elementor-heading-title elementor-size-default\">Fils vermells en altres cultures<\/h2>\t\t\t\t<\/div>\n\t\t<div class=\"elementor-element elementor-element-iwgs-roterfaden-s6box e-con-full e-flex e-con e-parent\" data-id=\"iwgs-roterfaden-s6box\" data-element_type=\"container\" data-e-type=\"container\">\n\t\t\t\t<div class=\"elementor-element elementor-element-iwgs-roterfaden-s6t elementor-widget elementor-widget-text-editor\" data-id=\"iwgs-roterfaden-s6t\" data-element_type=\"widget\" data-e-type=\"widget\" data-widget_type=\"text-editor.default\">\n\t\t\t\t\t\t\t\t\t<p>El fil vermell de protecci\u00f3 no es limita en absolut a l&#8217;entorn jueu. En molt\u00edssimes cultures es porten fils i cintes vermelles com a protecci\u00f3. Aquesta \u00e0mplia difusi\u00f3 \u00e9s un indici important de l&#8217;antiguitat i de la generalitat d&#8217;aquesta idea.<\/p><p>En la tradici\u00f3 hinduista es lliguen al canell fils consagrats, sovint en tons vermells i grocs. Es col\u00b7loquen en actes religiosos i es consideren senyal de benedicci\u00f3 i de protecci\u00f3. Tamb\u00e9 aqu\u00ed el fil \u00e9s un objecte de protecci\u00f3 senzill que es porta sobre el cos.<\/p><p>En les tradicions eslaves i en altres tradicions europees, els fils vermells tamb\u00e9 s\u00f3n coneguts com a protecci\u00f3 per a infants i per al bestiar. En parts de l&#8217;\u00c0sia Oriental, els cordons vermells tenen un paper en creences pr\u00f2pies. Els detalls varien, per\u00f2 la idea b\u00e0sica \u00e9s sorprenentment semblant.<\/p><p>Aquesta difusi\u00f3 transcultural mostra que el fil vermell es basa en una idea molt fonamental. La relaci\u00f3 entre el color vermell i la protecci\u00f3 no \u00e9s patrimoni d&#8217;una sola cultura. El fil vermell de la tradici\u00f3 cabal\u00edstica \u00e9s una manifestaci\u00f3 particular d&#8217;un costum de protecci\u00f3 est\u00e8s per tot el m\u00f3n.<\/p><p>Un exemple il\u00b7lustratiu de la relaci\u00f3 entre aquests costums \u00e9s el fil de protecci\u00f3 hinduista, que es lliga al canell en actes religiosos. Sol ser vermell o vermell i groc, i segueix una idea semblant. Aquests paral\u00b7lelismes mostren que el fil vermell de protecci\u00f3 t\u00e9 una base molt \u00e0mplia i transcultural.<\/p>\t\t\t\t\t\t\t\t<\/div>\n\t\t\t\t<\/div>\n\t\t\t\t\t<\/div>\n\t\t\t\t<\/div>\n\t\t<div class=\"elementor-element elementor-element-iwgs-roterfaden-s7 e-flex e-con-boxed e-con e-parent\" data-id=\"iwgs-roterfaden-s7\" data-element_type=\"container\" data-e-type=\"container\">\n\t\t\t\t\t<div class=\"e-con-inner\">\n\t\t\t\t<div class=\"elementor-element elementor-element-iwgs-roterfaden-s7h elementor-widget elementor-widget-heading\" data-id=\"iwgs-roterfaden-s7h\" data-element_type=\"widget\" data-e-type=\"widget\" data-widget_type=\"heading.default\">\n\t\t\t\t\t<h2 class=\"elementor-heading-title elementor-size-default\">Arrels antigues i difusi\u00f3 moderna<\/h2>\t\t\t\t<\/div>\n\t\t<div class=\"elementor-element elementor-element-iwgs-roterfaden-s7box e-con-full e-flex e-con e-parent\" data-id=\"iwgs-roterfaden-s7box\" data-element_type=\"container\" data-e-type=\"container\">\n\t\t\t\t<div class=\"elementor-element elementor-element-iwgs-roterfaden-s7t elementor-widget elementor-widget-text-editor\" data-id=\"iwgs-roterfaden-s7t\" data-element_type=\"widget\" data-e-type=\"widget\" data-widget_type=\"text-editor.default\">\n\t\t\t\t\t\t\t\t\t<p>A l&#8217;hora de presentar el fil vermell, cal distingir dos plans. Un fa refer\u00e8ncia a les arrels antigues, l&#8217;altre a la difusi\u00f3 moderna. Els dos van units, per\u00f2 no s\u00f3n el mateix.<\/p><p>Les arrels antigues es troben en la creen\u00e7a en la for\u00e7a protectora del color vermell i en els costums transmesos de repel\u00b7lir el mal amb fils vermells. Tamb\u00e9 la B\u00edblia hebrea coneix el fil vermell o d&#8217;escarlata en alguns contextos. La idea de base \u00e9s, doncs, antiga i est\u00e0 ben documentada.<\/p><p>La difusi\u00f3 moderna, en canvi, es refereix a la forma coneguda avui, la polsera de la tomba de Rachel. Aquesta manifestaci\u00f3 concreta del costum s&#8217;ha fet \u00e0mpliament visible nom\u00e9s en les darreres d\u00e8cades. Es deu sobretot a la transmissi\u00f3 del pensament cabal\u00edstic a un p\u00fablic ampli i internacional.<\/p><p>Una presentaci\u00f3 precisa distingeix els dos plans. Reconeix les arrels antigues del fil vermell de protecci\u00f3 i alhora assenyala que la forma actual, \u00e0mpliament coneguda, \u00e9s recent. Aix\u00ed el fil vermell no s&#8217;envelleix artificialment ni es redueix el seu significat.<\/p><p>Tamb\u00e9 la B\u00edblia hebrea coneix el fil d&#8217;escarlata en algunes narracions, per exemple com a senyal en una finestra o a una m\u00e0. Aquests passatges mostren que el fil vermell \u00e9s antic com a signe carregat de significat. Tot i aix\u00f2, no s&#8217;han d&#8217;equiparar amb la polsera de protecci\u00f3 actual, que \u00e9s una manifestaci\u00f3 posterior.<\/p>\t\t\t\t\t\t\t\t<\/div>\n\t\t\t\t<\/div>\n\t\t\t\t\t<\/div>\n\t\t\t\t<\/div>\n\t\t<div class=\"elementor-element elementor-element-iwgs-roterfaden-s8 e-flex e-con-boxed e-con e-parent\" data-id=\"iwgs-roterfaden-s8\" data-element_type=\"container\" data-e-type=\"container\">\n\t\t\t\t\t<div class=\"e-con-inner\">\n\t\t\t\t<div class=\"elementor-element elementor-element-iwgs-roterfaden-s8h elementor-widget elementor-widget-heading\" data-id=\"iwgs-roterfaden-s8h\" data-element_type=\"widget\" data-e-type=\"widget\" data-widget_type=\"heading.default\">\n\t\t\t\t\t<h2 class=\"elementor-heading-title elementor-size-default\">Recepci\u00f3 actual<\/h2>\t\t\t\t<\/div>\n\t\t<div class=\"elementor-element elementor-element-iwgs-roterfaden-s8box e-con-full e-flex e-con e-parent\" data-id=\"iwgs-roterfaden-s8box\" data-element_type=\"container\" data-e-type=\"container\">\n\t\t\t\t<div class=\"elementor-element elementor-element-iwgs-roterfaden-s8t elementor-widget elementor-widget-text-editor\" data-id=\"iwgs-roterfaden-s8t\" data-element_type=\"widget\" data-e-type=\"widget\" data-widget_type=\"text-editor.default\">\n\t\t\t\t\t\t\t\t\t<p>Avui el fil vermell est\u00e0 est\u00e8s arreu del m\u00f3n. Com a polsera vermella senzilla, \u00e9s f\u00e0cil de fabricar, f\u00e0cil de portar i comprensible m\u00e9s enll\u00e0 de les fronteres culturals. Aquesta senzillesa ha contribu\u00eft decisivament a la seva r\u00e0pida difusi\u00f3.<\/p><p>Per a uns, el fil vermell \u00e9s un senyal amb un rerefons religi\u00f3s i cabal\u00edstic clar. Per a altres, s&#8217;ha convertit en una cinta general de protecci\u00f3 i de sort que es porta sense con\u00e8ixer-ne b\u00e9 l&#8217;origen. En la moda, la cinta vermella apareix sovint com un simple element decoratiu.<\/p><p>Aquest canvi de significat \u00e9s freq\u00fcent en els signes de protecci\u00f3 molt estesos. D&#8217;un signe amb un significat religi\u00f3s fix passa a ser un signe general de protecci\u00f3, de sort o d&#8217;una actitud espiritual. El fil vermell ha recorregut aquest cam\u00ed en poc temps.<\/p><p>Tanmateix, en el seu nucli, el fil vermell continua sent el que ha estat sempre, una senzilla cinta de color com a protecci\u00f3. Recorda que els signes de protecci\u00f3 no cal que siguin valuosos ni elaborats. Un fil vermell prim al canell ja n&#8217;hi ha prou per fer visible una idea molt antiga i molt estesa.<\/p><p>Un avantatge del fil vermell en l&#8217;actualitat \u00e9s la seva discreci\u00f3. S&#8217;adapta sense cridar l&#8217;atenci\u00f3 al canell i, per tant, s&#8217;integra b\u00e9 en una vida quotidiana moderna, on no sempre es vol un ornament vist\u00f3s. Aquesta pres\u00e8ncia discreta ha contribu\u00eft a la persistent popularitat d&#8217;aquesta cinta senzilla.<\/p>\t\t\t\t\t\t\t\t<\/div>\n\t\t\t\t<\/div>\n\t\t\t\t\t<\/div>\n\t\t\t\t<\/div>\n\t\t<div class=\"elementor-element elementor-element-iwgs-roterfaden-lit e-flex e-con-boxed e-con e-parent\" data-id=\"iwgs-roterfaden-lit\" data-element_type=\"container\" data-e-type=\"container\">\n\t\t\t\t\t<div class=\"e-con-inner\">\n\t\t\t\t<div class=\"elementor-element elementor-element-iwgs-roterfaden-lith elementor-widget elementor-widget-heading\" data-id=\"iwgs-roterfaden-lith\" data-element_type=\"widget\" data-e-type=\"widget\" data-widget_type=\"heading.default\">\n\t\t\t\t\t<h2 class=\"elementor-heading-title elementor-size-default\">Bibliografia (selecci\u00f3)<\/h2>\t\t\t\t<\/div>\n\t\t<div class=\"elementor-element elementor-element-iwgs-roterfaden-litbox e-con-full e-flex e-con e-parent\" data-id=\"iwgs-roterfaden-litbox\" data-element_type=\"container\" data-e-type=\"container\">\n\t\t\t\t<div class=\"elementor-element elementor-element-iwgs-roterfaden-litt elementor-widget elementor-widget-html\" data-id=\"iwgs-roterfaden-litt\" data-element_type=\"widget\" data-e-type=\"widget\" data-widget_type=\"html.default\">\n\t\t\t\t\t<footer data-nosnippet=\"true\"><ul><li>Joshua Trachtenberg: <em>Jewish Magic and Superstition<\/em> (1939)<\/li><li>Alan Dundes (Hrsg.): <em>The Evil Eye. A Casebook<\/em> (1981)<\/li><li>T. Schrire: <em>Hebrew Amulets<\/em> (1966)<\/li><li>Siegfried Seligmann: <em>Der b\u00f6se Blick und Verwandtes<\/em> (1910)<\/li><li>Enciclop\u00e8dia del judaisme, article sobre costums populars i amulets<\/li><\/ul><\/footer>\t\t\t\t<\/div>\n\t\t\t\t<\/div>\n\t\t\t\t\t<\/div>\n\t\t\t\t<\/div>\n\t\t<div class=\"elementor-element elementor-element-iwgs-roterfaden-kwd e-flex e-con-boxed e-con e-parent\" data-id=\"iwgs-roterfaden-kwd\" data-element_type=\"container\" data-e-type=\"container\">\n\t\t\t\t\t<div class=\"e-con-inner\">\n\t\t\t\t<div class=\"elementor-element elementor-element-iwgs-roterfaden-kwdt elementor-widget elementor-widget-text-editor\" data-id=\"iwgs-roterfaden-kwdt\" data-element_type=\"widget\" data-e-type=\"widget\" data-widget_type=\"text-editor.default\">\n\t\t\t\t\t\t\t\t\t<p><em>Conceptes clau relacionats: fil vermell cinta de protecci\u00f3 <span class=\"iwg-fachbegriff\" data-tooltip=\"Creen\u00e7a estesa segons la qual una mirada enveja d'una altra persona pot causar dany.\" tabindex=\"0\">mal d&#8217;ull<\/span> <span class=\"iwg-fachbegriff\" data-tooltip=\"Corrent de la m\u00edstica jueva amb obres principals com el Sefer Yetsir\u00e0 i el Zohar.\" tabindex=\"0\">cabala<\/span> Rachel canell llana color protector vermell.<\/em><\/p>\t\t\t\t\t\t\t\t<\/div>\n\t\t\t\t\t<\/div>\n\t\t\t\t<\/div>\n\t\t<div class=\"elementor-element elementor-element-iwgs-roterfaden-cc e-flex e-con-boxed e-con e-parent\" data-id=\"iwgs-roterfaden-cc\" data-element_type=\"container\" data-e-type=\"container\" id=\"iwg-cc-roter-faden\">\n\t\t\t\t\t<div class=\"e-con-inner\">\n\t\t<div class=\"elementor-element elementor-element-iwgs-roterfaden-ccinner e-flex e-con-boxed e-con e-parent\" data-id=\"iwgs-roterfaden-ccinner\" data-element_type=\"container\" data-e-type=\"container\" data-settings=\"{&quot;background_background&quot;:&quot;classic&quot;}\">\n\t\t\t\t\t<div class=\"e-con-inner\">\n\t\t\t\t<div class=\"elementor-element elementor-element-iwgs-roterfaden-cch elementor-widget elementor-widget-heading\" data-id=\"iwgs-roterfaden-cch\" data-element_type=\"widget\" data-e-type=\"widget\" data-widget_type=\"heading.default\">\n\t\t\t\t\t<h2 class=\"elementor-heading-title elementor-size-default\">iWell Guard i tradicions de protecci\u00f3<\/h2>\t\t\t\t<\/div>\n\t\t\t\t<div class=\"elementor-element elementor-element-iwgs-roterfaden-cct elementor-widget elementor-widget-text-editor\" data-id=\"iwgs-roterfaden-cct\" data-element_type=\"widget\" data-e-type=\"widget\" data-widget_type=\"text-editor.default\">\n\t\t\t\t\t\t\t\t\t<p>iWell Guard s&#8217;inscriu en la l\u00ednia culturohist\u00f2rica dels objectes de protecci\u00f3 portables, a la qual pertany tamb\u00e9 el fil vermell. Un company modern per a persones que viuen amb s\u00edmbols de protecci\u00f3: fabricat a Alemanya, 41 capes d&#8217;or aut\u00e8ntic, plat\u00ed i plata, amb dret de devoluci\u00f3 de 30 dies.<\/p>\t\t\t\t\t\t\t\t<\/div>\n\t\t\t\t<div class=\"elementor-element elementor-element-iwgs-roterfaden-ccb iwg-cc-button iwg-cc-cta-2026-05-13 elementor-widget elementor-widget-jet-button\" data-id=\"iwgs-roterfaden-ccb\" data-element_type=\"widget\" data-e-type=\"widget\" data-widget_type=\"jet-button.default\">\n\t\t\t\t<div class=\"elementor-widget-container\">\n\t\t\t\t\t<div class=\"elementor-jet-button jet-elements\"><div class=\"jet-button__container\"><a class=\"jet-button__instance jet-button__instance--icon-left hover-effect-1\" href=\"\/schutzanhaenger-iwell-guard-kaufen\/?utm_source=iwell-guard.com&amp;utm_medium=info-box&amp;utm_campaign=schutzsymbole\"><div class=\"jet-button__plane jet-button__plane-normal\"><\/div><div class=\"jet-button__plane jet-button__plane-hover\"><\/div><div class=\"jet-button__state jet-button__state-normal\"><span class=\"jet-button__label\">M\u00e9s informaci\u00f3 sobre l'iWell Guard<\/span><\/div><div class=\"jet-button__state jet-button__state-hover\"><span class=\"jet-button__label\">M\u00e9s informaci\u00f3 sobre l'iWell Guard<\/span><\/div><\/a><\/div><\/div><style>.elementor-element.elementor-element-iwgs-roterfaden-ccb .jet-button__instance{width:320px;height:56px;}.elementor-element.elementor-element-iwgs-roterfaden-ccb .jet-button__state-normal .jet-button__label{text-align:center;margin:0px 0px 0px 0px;color:#1a1b20;font-family:Montserrat,sans-serif;font-size:13px;font-weight:400;letter-spacing:4px;line-height:1.714em;text-transform:uppercase;}.elementor-element.elementor-element-iwgs-roterfaden-ccb .jet-button__state-hover .jet-button__label{text-align:center;margin:0px 0px 0px 0px;color:#FECC76;font-family:Montserrat,sans-serif;font-size:13px;font-weight:400;letter-spacing:4px;line-height:1.714em;text-transform:uppercase;}.elementor-element.elementor-element-iwgs-roterfaden-ccb .jet-button__plane-normal{background-color:#FECC76;border-style:solid;border-color:#C99540;border-width:2px 2px 2px 2px;}.elementor-element.elementor-element-iwgs-roterfaden-ccb .jet-button__plane-hover{background-color:rgba(0,0,0,0.55);border-style:solid;border-color:#FECC76;border-width:2px 2px 2px 2px;}<\/style>\t\t\t\t<\/div>\n\t\t\t\t<\/div>\n\t\t\t\t<div class=\"elementor-element elementor-element-iwgs-roterfaden-ccd elementor-widget elementor-widget-text-editor\" data-id=\"iwgs-roterfaden-ccd\" data-element_type=\"widget\" data-e-type=\"widget\" data-widget_type=\"text-editor.default\">\n\t\t\t\t\t\t\t\t\t<p style=\"text-align:center;font-size:13px;opacity:0.7;margin-top:14px\" data-nosnippet=\"true\">Les experi\u00e8ncies personals poden variar. No \u00e9s un producte sanitari. No es garanteix cap curaci\u00f3.<\/p>\t\t\t\t\t\t\t\t<\/div>\n\t\t\t\t\t<\/div>\n\t\t\t\t<\/div>\n\t\t\t\t\t<\/div>\n\t\t\t\t<\/div>\n\t\t<div class=\"elementor-element elementor-element-iwgs-roterfaden-disc e-flex e-con-boxed e-con e-parent\" data-id=\"iwgs-roterfaden-disc\" data-element_type=\"container\" data-e-type=\"container\">\n\t\t\t\t\t<div class=\"e-con-inner\">\n\t\t\t\t<div class=\"elementor-element elementor-element-iwgs-roterfaden-discw elementor-widget elementor-widget-html\" data-id=\"iwgs-roterfaden-discw\" data-element_type=\"widget\" data-e-type=\"widget\" data-widget_type=\"html.default\">\n\t\t\t\t\t<footer data-nosnippet=\"true\" class=\"iwg-disclaimer-block\"><p data-nosnippet=\"true\">iWell Guard <strong>no \u00e9s un producte sanitari<\/strong> i no substitueix cap tractament m\u00e8dic o psicoterap\u00e8utic. Els continguts presentats aqu\u00ed s\u00f3n una contextualitzaci\u00f3 des de la ci\u00e8ncia de les religions i la hist\u00f2ria cultural, no una promesa d'efecte espiritual.<\/p><\/footer>\t\t\t\t<\/div>\n\t\t\t\t\t<\/div>\n\t\t\t\t<\/div>\n\t\t\t\t<\/div>\n\t\t","protected":false},"excerpt":{"rendered":"","protected":false},"author":3,"featured_media":3511,"parent":0,"menu_order":0,"comment_status":"closed","ping_status":"closed","template":"elementor_header_footer","meta":{"_yoast_wpseo_focuskw":"fil vermell","_yoast_wpseo_title":"Fil vermell \u2013 cinta protectora de la Cabal\u00e0","_yoast_wpseo_metadesc":"El fil vermell al canell es considera una protecci\u00f3 contra el mal d'ull. S'explica el seu origen, el fons cabal\u00edstic i el seu significat.","_yoast_wpseo_meta-robots-noindex":"","_yoast_wpseo_canonical":"","_angie_page":false,"gefaehrdungsstufe":"","wesen_kultur":"","wesen_klasse":"","footnotes":""},"categories":[],"class_list":["post-171895","page","type-page","status-publish","has-post-thumbnail","hentry"],"yoast_head":"<!-- This site is optimized with the Yoast SEO Premium plugin v27.7 (Yoast SEO v28.3) - https:\/\/yoast.com\/product\/yoast-seo-premium-wordpress\/ -->\n<title>Fil vermell \u2013 cinta protectora de la Cabal\u00e0<\/title>\n<meta name=\"description\" content=\"El fil vermell al canell es considera una protecci\u00f3 contra el mal d&#039;ull. S&#039;explica el seu origen, el fons cabal\u00edstic i el seu significat.\" \/>\n<meta name=\"robots\" content=\"index, follow, max-snippet:-1, max-image-preview:large, max-video-preview:-1\" \/>\n<link rel=\"canonical\" href=\"https:\/\/iwell-guard.com\/ca\/fil-vermell-cinta-protectora-mal-ull\/\" \/>\n<meta property=\"og:locale\" content=\"ca_ES\" \/>\n<meta property=\"og:type\" content=\"article\" \/>\n<meta property=\"og:title\" content=\"Fil vermell \u2013 la cinta protectora contra el mal d&#039;ull\" \/>\n<meta property=\"og:description\" content=\"El fil vermell al canell es considera una protecci\u00f3 contra el mal d&#039;ull. S&#039;explica el seu origen, el fons cabal\u00edstic i el seu significat.\" \/>\n<meta property=\"og:url\" content=\"https:\/\/iwell-guard.com\/ca\/fil-vermell-cinta-protectora-mal-ull\/\" \/>\n<meta property=\"og:site_name\" content=\"iWell Guard\" \/>\n<meta property=\"article:modified_time\" content=\"2026-09-05T16:09:58+00:00\" \/>\n<meta property=\"og:image\" content=\"https:\/\/iwell-guard.com\/wp-content\/uploads\/2026\/05\/schutzsymbol_judentum_roter-faden.webp\" \/>\n\t<meta property=\"og:image:width\" content=\"1024\" \/>\n\t<meta property=\"og:image:height\" content=\"1536\" \/>\n\t<meta property=\"og:image:type\" content=\"image\/webp\" \/>\n<meta name=\"twitter:card\" content=\"summary_large_image\" \/>\n<script type=\"application\/ld+json\" class=\"yoast-schema-graph\">{\"@context\":\"https:\\\/\\\/schema.org\",\"@graph\":[{\"@type\":\"WebPage\",\"@id\":\"https:\\\/\\\/iwell-guard.com\\\/ca\\\/fil-vermell-cinta-protectora-mal-ull\\\/\",\"url\":\"https:\\\/\\\/iwell-guard.com\\\/ca\\\/fil-vermell-cinta-protectora-mal-ull\\\/\",\"name\":\"Fil vermell \u2013 cinta protectora de la Cabal\u00e0\",\"isPartOf\":{\"@id\":\"https:\\\/\\\/iwell-guard.com\\\/ca\\\/#website\"},\"primaryImageOfPage\":{\"@id\":\"https:\\\/\\\/iwell-guard.com\\\/ca\\\/fil-vermell-cinta-protectora-mal-ull\\\/#primaryimage\"},\"image\":{\"@id\":\"https:\\\/\\\/iwell-guard.com\\\/ca\\\/fil-vermell-cinta-protectora-mal-ull\\\/#primaryimage\"},\"thumbnailUrl\":\"https:\\\/\\\/iwell-guard.com\\\/wp-content\\\/uploads\\\/2026\\\/05\\\/schutzsymbol_judentum_roter-faden.webp\",\"datePublished\":\"2026-09-05T15:43:22+00:00\",\"dateModified\":\"2026-09-05T16:09:58+00:00\",\"description\":\"El fil vermell al canell es considera una protecci\u00f3 contra el mal d'ull. S'explica el seu origen, el fons cabal\u00edstic i el seu significat.\",\"breadcrumb\":{\"@id\":\"https:\\\/\\\/iwell-guard.com\\\/ca\\\/fil-vermell-cinta-protectora-mal-ull\\\/#breadcrumb\"},\"inLanguage\":\"ca\",\"potentialAction\":[{\"@type\":\"ReadAction\",\"target\":[\"https:\\\/\\\/iwell-guard.com\\\/ca\\\/fil-vermell-cinta-protectora-mal-ull\\\/\"]}]},{\"@type\":\"ImageObject\",\"inLanguage\":\"ca\",\"@id\":\"https:\\\/\\\/iwell-guard.com\\\/ca\\\/fil-vermell-cinta-protectora-mal-ull\\\/#primaryimage\",\"url\":\"https:\\\/\\\/iwell-guard.com\\\/wp-content\\\/uploads\\\/2026\\\/05\\\/schutzsymbol_judentum_roter-faden.webp\",\"contentUrl\":\"https:\\\/\\\/iwell-guard.com\\\/wp-content\\\/uploads\\\/2026\\\/05\\\/schutzsymbol_judentum_roter-faden.webp\",\"width\":1024,\"height\":1536,\"caption\":\"S\u00edmbol de protecci\u00f3. Il\u00b7lustraci\u00f3 muse\u00edstica de bodeg\u00f3.\"},{\"@type\":\"BreadcrumbList\",\"@id\":\"https:\\\/\\\/iwell-guard.com\\\/ca\\\/fil-vermell-cinta-protectora-mal-ull\\\/#breadcrumb\",\"itemListElement\":[{\"@type\":\"ListItem\",\"position\":1,\"name\":\"Start\",\"item\":\"https:\\\/\\\/iwell-guard.com\\\/ca\\\/?page_id=171333\"},{\"@type\":\"ListItem\",\"position\":2,\"name\":\"Fil vermell \u2013 la cinta protectora contra el mal d&#8217;ull\"}]},{\"@type\":\"WebSite\",\"@id\":\"https:\\\/\\\/iwell-guard.com\\\/ca\\\/#website\",\"url\":\"https:\\\/\\\/iwell-guard.com\\\/ca\\\/\",\"name\":\"iWell Guard\",\"description\":\"Schutz vor dunklen Einfl\u00fcssen\",\"publisher\":{\"@id\":\"https:\\\/\\\/iwell-guard.com\\\/ca\\\/#organization\"},\"potentialAction\":[{\"@type\":\"SearchAction\",\"target\":{\"@type\":\"EntryPoint\",\"urlTemplate\":\"https:\\\/\\\/iwell-guard.com\\\/ca\\\/?s={search_term_string}\"},\"query-input\":{\"@type\":\"PropertyValueSpecification\",\"valueRequired\":true,\"valueName\":\"search_term_string\"}}],\"inLanguage\":\"ca\"},{\"@type\":\"Organization\",\"@id\":\"https:\\\/\\\/iwell-guard.com\\\/ca\\\/#organization\",\"name\":\"Ittermann electronic GmbH\",\"url\":\"https:\\\/\\\/iwell-guard.com\\\/ca\\\/\",\"logo\":{\"@type\":\"ImageObject\",\"inLanguage\":\"ca\",\"@id\":\"https:\\\/\\\/iwell-guard.com\\\/ca\\\/#\\\/schema\\\/logo\\\/image\\\/\",\"url\":\"https:\\\/\\\/iwell-guard.com\\\/wp-content\\\/uploads\\\/2026\\\/05\\\/Ittermann-Logo-1182x237-1.png\",\"contentUrl\":\"https:\\\/\\\/iwell-guard.com\\\/wp-content\\\/uploads\\\/2026\\\/05\\\/Ittermann-Logo-1182x237-1.png\",\"width\":1182,\"height\":237,\"caption\":\"Ittermann electronic GmbH\"},\"image\":{\"@id\":\"https:\\\/\\\/iwell-guard.com\\\/ca\\\/#\\\/schema\\\/logo\\\/image\\\/\"},\"sameAs\":[\"https:\\\/\\\/pantip.com\\\/profile\\\/9367242\",\"https:\\\/\\\/micro.blog\\\/iwellguard\",\"https:\\\/\\\/www.diggerslist.com\\\/iwellguard\\\/about\",\"https:\\\/\\\/skitterphoto.com\\\/photographers\\\/2870314\\\/iwell-guard\",\"https:\\\/\\\/iwellguard.wordpress.com\\\/2026\\\/06\\\/06\\\/iwell-guard\\\/\",\"https:\\\/\\\/hub.docker.com\\\/u\\\/iwellguard\",\"https:\\\/\\\/www.pinterest.com\\\/iwellguard\\\/\",\"https:\\\/\\\/bit.ly\\\/m\\\/iwellguard\",\"https:\\\/\\\/entre-vos-mains.alsace.eu\\\/profiles\\\/iwellguard\\\/activity\",\"https:\\\/\\\/gravatar.com\\\/reallybeded8fd34\",\"https:\\\/\\\/naijamatta.com\\\/iwellguard\",\"https:\\\/\\\/www.goodreads.com\\\/iwellguard\",\"https:\\\/\\\/profile.hatena.ne.jp\\\/iwellguard\\\/\",\"https:\\\/\\\/experiment.com\\\/users\\\/iwellguard\",\"https:\\\/\\\/wakelet.com\\\/@iWellGuard82270\",\"https:\\\/\\\/www.chordie.com\\\/forum\\\/profile.php?id=2555664\",\"https:\\\/\\\/www.instapaper.com\\\/p\\\/17757966\",\"https:\\\/\\\/www.mapleprimes.com\\\/users\\\/iwellguard\",\"https:\\\/\\\/businesslistingplus.com\\\/profile\\\/iwell-guard\\\/\",\"https:\\\/\\\/telegra.ph\\\/iWell-Guard-06-06\",\"https:\\\/\\\/pbase.com\\\/iwellguard\\\/iwellguard\",\"https:\\\/\\\/b.hatena.ne.jp\\\/iwellguard\\\/20260607#bookmark-4788405196491818882\",\"https:\\\/\\\/fliphtml5.com\\\/home\\\/iwellguard\",\"https:\\\/\\\/anyflip.com\\\/homepage\\\/cmiwl#About\",\"https:\\\/\\\/transfur.com\\\/Users\\\/iwellguard\",\"http:\\\/\\\/delphi.larsbo.org\\\/user\\\/iwellguard\",\"https:\\\/\\\/jobs.lajobsportal.org\\\/profiles\\\/8380803-iwell-guard\",\"https:\\\/\\\/md.chaosdorf.de\\\/s\\\/jfbe5SBdJD\",\"https:\\\/\\\/www.lingvolive.com\\\/en-us\\\/profile\\\/9ecaeaca-ce11-4e51-9e71-01d55e2bff36\\\/translations\",\"https:\\\/\\\/www.fitday.com\\\/fitness\\\/forums\\\/members\\\/iwellguard.html\",\"https:\\\/\\\/www.mymeetbook.com\\\/iwellguard\",\"https:\\\/\\\/pxhere.com\\\/en\\\/photographer-me\\\/5040798\",\"https:\\\/\\\/disqus.com\\\/by\\\/iwellguard\\\/about\\\/\",\"https:\\\/\\\/pastelink.net\\\/hjwciqwq\",\"https:\\\/\\\/pubhtml5.com\\\/homepage\\\/scjhn\\\/\",\"https:\\\/\\\/www.bitchute.com\\\/channel\\\/2O2eOKzNqujT\",\"https:\\\/\\\/audiomack.com\\\/iwellguard\"]}]}<\/script>\n<!-- \/ Yoast SEO Premium plugin. -->","yoast_head_json":{"title":"Fil vermell \u2013 cinta protectora de la Cabal\u00e0","description":"El fil vermell al canell es considera una protecci\u00f3 contra el mal d'ull. S'explica el seu origen, el fons cabal\u00edstic i el seu significat.","robots":{"index":"index","follow":"follow","max-snippet":"max-snippet:-1","max-image-preview":"max-image-preview:large","max-video-preview":"max-video-preview:-1"},"canonical":"https:\/\/iwell-guard.com\/ca\/fil-vermell-cinta-protectora-mal-ull\/","og_locale":"ca_ES","og_type":"article","og_title":"Fil vermell \u2013 la cinta protectora contra el mal d'ull","og_description":"El fil vermell al canell es considera una protecci\u00f3 contra el mal d'ull. S'explica el seu origen, el fons cabal\u00edstic i el seu significat.","og_url":"https:\/\/iwell-guard.com\/ca\/fil-vermell-cinta-protectora-mal-ull\/","og_site_name":"iWell Guard","article_modified_time":"2026-09-05T16:09:58+00:00","og_image":[{"width":1024,"height":1536,"url":"https:\/\/iwell-guard.com\/wp-content\/uploads\/2026\/05\/schutzsymbol_judentum_roter-faden.webp","type":"image\/webp"}],"twitter_card":"summary_large_image","schema":{"@context":"https:\/\/schema.org","@graph":[{"@type":"WebPage","@id":"https:\/\/iwell-guard.com\/ca\/fil-vermell-cinta-protectora-mal-ull\/","url":"https:\/\/iwell-guard.com\/ca\/fil-vermell-cinta-protectora-mal-ull\/","name":"Fil vermell \u2013 cinta protectora de la Cabal\u00e0","isPartOf":{"@id":"https:\/\/iwell-guard.com\/ca\/#website"},"primaryImageOfPage":{"@id":"https:\/\/iwell-guard.com\/ca\/fil-vermell-cinta-protectora-mal-ull\/#primaryimage"},"image":{"@id":"https:\/\/iwell-guard.com\/ca\/fil-vermell-cinta-protectora-mal-ull\/#primaryimage"},"thumbnailUrl":"https:\/\/iwell-guard.com\/wp-content\/uploads\/2026\/05\/schutzsymbol_judentum_roter-faden.webp","datePublished":"2026-09-05T15:43:22+00:00","dateModified":"2026-09-05T16:09:58+00:00","description":"El fil vermell al canell es considera una protecci\u00f3 contra el mal d'ull. S'explica el seu origen, el fons cabal\u00edstic i el seu significat.","breadcrumb":{"@id":"https:\/\/iwell-guard.com\/ca\/fil-vermell-cinta-protectora-mal-ull\/#breadcrumb"},"inLanguage":"ca","potentialAction":[{"@type":"ReadAction","target":["https:\/\/iwell-guard.com\/ca\/fil-vermell-cinta-protectora-mal-ull\/"]}]},{"@type":"ImageObject","inLanguage":"ca","@id":"https:\/\/iwell-guard.com\/ca\/fil-vermell-cinta-protectora-mal-ull\/#primaryimage","url":"https:\/\/iwell-guard.com\/wp-content\/uploads\/2026\/05\/schutzsymbol_judentum_roter-faden.webp","contentUrl":"https:\/\/iwell-guard.com\/wp-content\/uploads\/2026\/05\/schutzsymbol_judentum_roter-faden.webp","width":1024,"height":1536,"caption":"S\u00edmbol de protecci\u00f3. Il\u00b7lustraci\u00f3 muse\u00edstica de bodeg\u00f3."},{"@type":"BreadcrumbList","@id":"https:\/\/iwell-guard.com\/ca\/fil-vermell-cinta-protectora-mal-ull\/#breadcrumb","itemListElement":[{"@type":"ListItem","position":1,"name":"Start","item":"https:\/\/iwell-guard.com\/ca\/?page_id=171333"},{"@type":"ListItem","position":2,"name":"Fil vermell \u2013 la cinta protectora contra el mal d&#8217;ull"}]},{"@type":"WebSite","@id":"https:\/\/iwell-guard.com\/ca\/#website","url":"https:\/\/iwell-guard.com\/ca\/","name":"iWell Guard","description":"Schutz vor dunklen Einfl\u00fcssen","publisher":{"@id":"https:\/\/iwell-guard.com\/ca\/#organization"},"potentialAction":[{"@type":"SearchAction","target":{"@type":"EntryPoint","urlTemplate":"https:\/\/iwell-guard.com\/ca\/?s={search_term_string}"},"query-input":{"@type":"PropertyValueSpecification","valueRequired":true,"valueName":"search_term_string"}}],"inLanguage":"ca"},{"@type":"Organization","@id":"https:\/\/iwell-guard.com\/ca\/#organization","name":"Ittermann electronic GmbH","url":"https:\/\/iwell-guard.com\/ca\/","logo":{"@type":"ImageObject","inLanguage":"ca","@id":"https:\/\/iwell-guard.com\/ca\/#\/schema\/logo\/image\/","url":"https:\/\/iwell-guard.com\/wp-content\/uploads\/2026\/05\/Ittermann-Logo-1182x237-1.png","contentUrl":"https:\/\/iwell-guard.com\/wp-content\/uploads\/2026\/05\/Ittermann-Logo-1182x237-1.png","width":1182,"height":237,"caption":"Ittermann electronic GmbH"},"image":{"@id":"https:\/\/iwell-guard.com\/ca\/#\/schema\/logo\/image\/"},"sameAs":["https:\/\/pantip.com\/profile\/9367242","https:\/\/micro.blog\/iwellguard","https:\/\/www.diggerslist.com\/iwellguard\/about","https:\/\/skitterphoto.com\/photographers\/2870314\/iwell-guard","https:\/\/iwellguard.wordpress.com\/2026\/06\/06\/iwell-guard\/","https:\/\/hub.docker.com\/u\/iwellguard","https:\/\/www.pinterest.com\/iwellguard\/","https:\/\/bit.ly\/m\/iwellguard","https:\/\/entre-vos-mains.alsace.eu\/profiles\/iwellguard\/activity","https:\/\/gravatar.com\/reallybeded8fd34","https:\/\/naijamatta.com\/iwellguard","https:\/\/www.goodreads.com\/iwellguard","https:\/\/profile.hatena.ne.jp\/iwellguard\/","https:\/\/experiment.com\/users\/iwellguard","https:\/\/wakelet.com\/@iWellGuard82270","https:\/\/www.chordie.com\/forum\/profile.php?id=2555664","https:\/\/www.instapaper.com\/p\/17757966","https:\/\/www.mapleprimes.com\/users\/iwellguard","https:\/\/businesslistingplus.com\/profile\/iwell-guard\/","https:\/\/telegra.ph\/iWell-Guard-06-06","https:\/\/pbase.com\/iwellguard\/iwellguard","https:\/\/b.hatena.ne.jp\/iwellguard\/20260607#bookmark-4788405196491818882","https:\/\/fliphtml5.com\/home\/iwellguard","https:\/\/anyflip.com\/homepage\/cmiwl#About","https:\/\/transfur.com\/Users\/iwellguard","http:\/\/delphi.larsbo.org\/user\/iwellguard","https:\/\/jobs.lajobsportal.org\/profiles\/8380803-iwell-guard","https:\/\/md.chaosdorf.de\/s\/jfbe5SBdJD","https:\/\/www.lingvolive.com\/en-us\/profile\/9ecaeaca-ce11-4e51-9e71-01d55e2bff36\/translations","https:\/\/www.fitday.com\/fitness\/forums\/members\/iwellguard.html","https:\/\/www.mymeetbook.com\/iwellguard","https:\/\/pxhere.com\/en\/photographer-me\/5040798","https:\/\/disqus.com\/by\/iwellguard\/about\/","https:\/\/pastelink.net\/hjwciqwq","https:\/\/pubhtml5.com\/homepage\/scjhn\/","https:\/\/www.bitchute.com\/channel\/2O2eOKzNqujT","https:\/\/audiomack.com\/iwellguard"]}]}},"_links":{"self":[{"href":"https:\/\/iwell-guard.com\/ca\/wp-json\/wp\/v2\/pages\/171895","targetHints":{"allow":["GET"]}}],"collection":[{"href":"https:\/\/iwell-guard.com\/ca\/wp-json\/wp\/v2\/pages"}],"about":[{"href":"https:\/\/iwell-guard.com\/ca\/wp-json\/wp\/v2\/types\/page"}],"author":[{"embeddable":true,"href":"https:\/\/iwell-guard.com\/ca\/wp-json\/wp\/v2\/users\/3"}],"replies":[{"embeddable":true,"href":"https:\/\/iwell-guard.com\/ca\/wp-json\/wp\/v2\/comments?post=171895"}],"version-history":[{"count":0,"href":"https:\/\/iwell-guard.com\/ca\/wp-json\/wp\/v2\/pages\/171895\/revisions"}],"wp:featuredmedia":[{"embeddable":true,"href":"https:\/\/iwell-guard.com\/ca\/wp-json\/wp\/v2\/media\/3511"}],"wp:attachment":[{"href":"https:\/\/iwell-guard.com\/ca\/wp-json\/wp\/v2\/media?parent=171895"}],"wp:term":[{"taxonomy":"category","embeddable":true,"href":"https:\/\/iwell-guard.com\/ca\/wp-json\/wp\/v2\/categories?post=171895"}],"curies":[{"name":"wp","href":"https:\/\/api.w.org\/{rel}","templated":true}]}}