{"id":171894,"date":"2026-09-05T15:43:21","date_gmt":"2026-09-05T15:43:21","guid":{"rendered":"https:\/\/iwell-guard.com\/?page_id=171894"},"modified":"2026-09-05T16:09:57","modified_gmt":"2026-09-05T16:09:57","slug":"estrella-de-david-signe-de-proteccio","status":"publish","type":"page","link":"https:\/\/iwell-guard.com\/ca\/estrella-de-david-signe-de-proteccio\/","title":{"rendered":"L&#8217;Estrella de David \u2013 el Magen David com a signe de protecci\u00f3"},"content":{"rendered":"\t\t<div data-elementor-type=\"wp-page\" data-elementor-id=\"171894\" class=\"elementor elementor-171894 elementor-3620 elementor-bc-flex-widget\" data-elementor-post-type=\"page\">\n\t\t\t\t<div class=\"elementor-element elementor-element-iwgs-davidstern-hero e-flex e-con-boxed e-con e-parent\" data-id=\"iwgs-davidstern-hero\" data-element_type=\"container\" data-e-type=\"container\">\n\t\t\t\t\t<div class=\"e-con-inner\">\n\t\t<div class=\"elementor-element elementor-element-iwgs-davidstern-hl e-flex e-con-boxed e-con e-parent\" data-id=\"iwgs-davidstern-hl\" data-element_type=\"container\" data-e-type=\"container\">\n\t\t\t\t\t<div class=\"e-con-inner\">\n\t\t<div class=\"elementor-element elementor-element-iwgs-davidstern-hlbox e-con-full e-flex e-con e-parent\" data-id=\"iwgs-davidstern-hlbox\" data-element_type=\"container\" data-e-type=\"container\">\n\t\t\t\t<div class=\"elementor-element elementor-element-iwgs-davidstern-h1 elementor-widget elementor-widget-heading\" data-id=\"iwgs-davidstern-h1\" data-element_type=\"widget\" data-e-type=\"widget\" data-widget_type=\"heading.default\">\n\t\t\t\t\t<h1 class=\"elementor-heading-title elementor-size-default\">L'Estrella de David \u2013 el Magen David, l'escut de David<\/h1>\t\t\t\t<\/div>\n\t\t\t\t<div class=\"elementor-element elementor-element-iwgs-davidstern-lead elementor-widget elementor-widget-text-editor\" data-id=\"iwgs-davidstern-lead\" data-element_type=\"widget\" data-e-type=\"widget\" data-widget_type=\"text-editor.default\">\n\t\t\t\t\t\t\t\t\t<p>L&#8217;Estrella de David, en hebreu Magen David, \u00e9s avui el signe m\u00e9s conegut del judaisme. El seu nom significa escut de David, i amb aix\u00f2 ja porta en el seu propi nom la idea de protecci\u00f3. La seva hist\u00f2ria com a signe jueu, per\u00f2, \u00e9s m\u00e9s recent del que molts pensen.<\/p>\t\t\t\t\t\t\t\t<\/div>\n\t\t\t\t<\/div>\n\t\t\t\t<div class=\"elementor-element elementor-element-iwgs-davidstern-pills elementor-widget elementor-widget-html\" data-id=\"iwgs-davidstern-pills\" data-element_type=\"widget\" data-e-type=\"widget\" data-widget_type=\"html.default\">\n\t\t\t\t\t<div class=\"iwg-pill-row\"><span class=\"iwg-klasse-badge\" tabindex=\"0\" data-tooltip=\"S\u00edmbol de protecci\u00f3, amulet o objecte apotropaic.\">S\u00edmbol de protecci\u00f3<\/span><a href=\"https:\/\/iwell-guard.com\/ca\/judaisme\/\" class=\"iwg-kultur-badge\" tabindex=\"0\" data-tooltip=\"Tradici\u00f3 de protecci\u00f3: Judaisme\">Judaisme<\/a><span class=\"iwg-tradition-badge\" tabindex=\"0\" data-tooltip=\"Un signe que ha de conferir o indicar protecci\u00f3.\">Signe de protecci\u00f3<\/span><\/div>\t\t\t\t<\/div>\n\t\t\t\t\t<\/div>\n\t\t\t\t<\/div>\n\t\t<div class=\"elementor-element elementor-element-iwgs-davidstern-hr e-con-full e-flex e-con e-parent\" data-id=\"iwgs-davidstern-hr\" data-element_type=\"container\" data-e-type=\"container\">\n\t\t\t\t<div class=\"elementor-element elementor-element-iwgs-davidstern-himg iwg-hero-image elementor-widget elementor-widget-image\" data-id=\"iwgs-davidstern-himg\" data-element_type=\"widget\" data-e-type=\"widget\" data-widget_type=\"image.default\">\n\t\t\t\t\t\t\t\t\t\t\t\t\t\t\t<img fetchpriority=\"high\" decoding=\"async\" width=\"683\" height=\"1024\" src=\"https:\/\/iwell-guard.com\/wp-content\/uploads\/2026\/05\/schutzsymbol_judentum_davidstern-683x1024.webp\" class=\"attachment-large size-large wp-image-3499\" alt=\"L\u2019Estrella de David \u2013 el Magen David com a signe de protecci\u00f3\" srcset=\"https:\/\/iwell-guard.com\/wp-content\/uploads\/2026\/05\/schutzsymbol_judentum_davidstern-683x1024.webp 683w, https:\/\/iwell-guard.com\/wp-content\/uploads\/2026\/05\/schutzsymbol_judentum_davidstern-200x300.webp 200w, https:\/\/iwell-guard.com\/wp-content\/uploads\/2026\/05\/schutzsymbol_judentum_davidstern-768x1152.webp 768w, https:\/\/iwell-guard.com\/wp-content\/uploads\/2026\/05\/schutzsymbol_judentum_davidstern.webp 1024w\" sizes=\"(max-width: 683px) 100vw, 683px\" \/>\t\t\t\t\t\t\t\t\t\t\t\t\t\t\t<\/div>\n\t\t\t\t<\/div>\n\t\t\t\t\t<\/div>\n\t\t\t\t<\/div>\n\t\t<div class=\"elementor-element elementor-element-iwgs-davidstern-s0 e-flex e-con-boxed e-con e-parent\" data-id=\"iwgs-davidstern-s0\" data-element_type=\"container\" data-e-type=\"container\">\n\t\t\t\t\t<div class=\"e-con-inner\">\n\t\t\t\t<div class=\"elementor-element elementor-element-iwgs-davidstern-s0h elementor-widget elementor-widget-heading\" data-id=\"iwgs-davidstern-s0h\" data-element_type=\"widget\" data-e-type=\"widget\" data-widget_type=\"heading.default\">\n\t\t\t\t\t<h2 class=\"elementor-heading-title elementor-size-default\">Introducci\u00f3<\/h2>\t\t\t\t<\/div>\n\t\t<div class=\"elementor-element elementor-element-iwgs-davidstern-s0box e-con-full e-flex e-con e-parent\" data-id=\"iwgs-davidstern-s0box\" data-element_type=\"container\" data-e-type=\"container\">\n\t\t\t\t<div class=\"elementor-element elementor-element-iwgs-davidstern-s0t elementor-widget elementor-widget-text-editor\" data-id=\"iwgs-davidstern-s0t\" data-element_type=\"widget\" data-e-type=\"widget\" data-widget_type=\"text-editor.default\">\n\t\t\t\t\t\t\t\t\t<p>L&#8217;Estrella de David \u00e9s una estrella de sis puntes formada per dos triangles equil\u00e0ters superposats. Un triangle t\u00e9 la punta cap amunt, l&#8217;altre cap avall. Aquesta figura es coneix com a hexagrama. En el <a href=\"https:\/\/iwell-guard.com\/ca\/judaisme\/\">judaisme<\/a> porta el nom de Magen David.<\/p><p>Avui l&#8217;Estrella de David \u00e9s el signe m\u00e9s conegut del judaisme en general. Apareix en sinagogues, en objectes religiosos i en la bandera de l&#8217;Estat d&#8217;Israel. Qui veu el signe l&#8217;associa immediatament amb el judaisme. Aquesta identificaci\u00f3 clara \u00e9s \u00e0mpliament coneguda.<\/p><p>Menys conegut \u00e9s el fet que aquesta estreta vinculaci\u00f3 entre l&#8217;hexagrama i el judaisme es va formar nom\u00e9s al llarg de la hist\u00f2ria. La figura de l&#8217;hex\u00e0gon \u00e9s molt antiga i durant molt temps no va ser cap signe jueu especial. Nom\u00e9s al llarg de diversos segles es va convertir en el que \u00e9s avui.<\/p><p>El nom Magen David, l&#8217;escut de David, remet a la idea de protecci\u00f3. Un escut \u00e9s un objecte de defensa, i per aix\u00f2 l&#8217;Estrella de David tamb\u00e9 s&#8217;inscriu en el context dels signes de protecci\u00f3. La seva hist\u00f2ria uneix el significat com a signe de fe amb un \u00fas anterior en l&#8217;\u00e0mbit de la protecci\u00f3.<\/p>\t\t\t\t\t\t\t\t<\/div>\n\t\t\t\t<\/div>\n\t\t\t\t\t<\/div>\n\t\t\t\t<\/div>\n\t\t<div class=\"elementor-element elementor-element-iwgs-davidstern-s1 e-flex e-con-boxed e-con e-parent\" data-id=\"iwgs-davidstern-s1\" data-element_type=\"container\" data-e-type=\"container\">\n\t\t\t\t\t<div class=\"e-con-inner\">\n\t\t\t\t<div class=\"elementor-element elementor-element-iwgs-davidstern-s1h elementor-widget elementor-widget-heading\" data-id=\"iwgs-davidstern-s1h\" data-element_type=\"widget\" data-e-type=\"widget\" data-widget_type=\"heading.default\">\n\t\t\t\t\t<h2 class=\"elementor-heading-title elementor-size-default\">Magen David: l'escut de David<\/h2>\t\t\t\t<\/div>\n\t\t<div class=\"elementor-element elementor-element-iwgs-davidstern-s1box e-con-full e-flex e-con e-parent\" data-id=\"iwgs-davidstern-s1box\" data-element_type=\"container\" data-e-type=\"container\">\n\t\t\t\t<div class=\"elementor-element elementor-element-iwgs-davidstern-s1t elementor-widget elementor-widget-text-editor\" data-id=\"iwgs-davidstern-s1t\" data-element_type=\"widget\" data-e-type=\"widget\" data-widget_type=\"text-editor.default\">\n\t\t\t\t\t\t\t\t\t<p>El nom hebreu del signe \u00e9s Magen David. La paraula magen significa escut, David \u00e9s el nom del rei b\u00edblic. Tradu\u00eft literalment, el signe significa doncs escut de David. Ja en el nom hi \u00e9s present la idea de protecci\u00f3.<\/p><p>El rei David \u00e9s una figura central de la B\u00edblia hebrea. Es considera l&#8217;avantpassat d&#8217;un llinatge reial, i el seu nom porta associades grans esperances de la <span class=\"iwg-fachbegriff\" data-tooltip=\"La transmissi\u00f3 de coneixement i relats al llarg de generacions.\" tabindex=\"0\">tradici\u00f3<\/span> jueva. Per qu\u00e8 l&#8217;hexagrama es va associar precisament amb David no es pot dir amb certesa. Les fonts no donen una resposta clara sobre aix\u00f2.<\/p><p>L&#8217;expressi\u00f3 escut de David, en la <span class=\"iwg-fachbegriff\" data-tooltip=\"La transmissi\u00f3 de coneixement i relats al llarg de generacions.\" tabindex=\"0\">tradici\u00f3<\/span> jueva, no estava inicialment lligada a l&#8217;hexagrama. Apareix com a expressi\u00f3 en la <span class=\"iwg-fachbegriff\" data-tooltip=\"L'adre\u00e7a verbal de l'\u00e9sser hum\u00e0 a una divinitat.\" tabindex=\"0\">preg\u00e0ria<\/span>, on D\u00e9u \u00e9s invocat com a escut de David. La transfer\u00e8ncia del nom a la figura geom\u00e8trica \u00e9s un proc\u00e9s posterior.<\/p><p>Per comprendre l&#8217;Estrella de David com a signe de protecci\u00f3, el nom continua sent important. Un signe que es diu escut porta en si mateix la idea de defensa. Aquest significat va resultar especialment efica\u00e7 al llarg de la hist\u00f2ria en l&#8217;\u00fas de l&#8217;hexagrama com a <span class=\"iwg-fachbegriff\" data-tooltip=\"Un objecte portat al qual s'atribueix un efecte protector i allunyador de mal.\" tabindex=\"0\">amulet<\/span>.<\/p>\t\t\t\t\t\t\t\t<\/div>\n\t\t\t\t<\/div>\n\t\t\t\t\t<\/div>\n\t\t\t\t<\/div>\n\t\t<div class=\"elementor-element elementor-element-iwgs-davidstern-s2 e-flex e-con-boxed e-con e-parent\" data-id=\"iwgs-davidstern-s2\" data-element_type=\"container\" data-e-type=\"container\">\n\t\t\t\t\t<div class=\"e-con-inner\">\n\t\t\t\t<div class=\"elementor-element elementor-element-iwgs-davidstern-s2h elementor-widget elementor-widget-heading\" data-id=\"iwgs-davidstern-s2h\" data-element_type=\"widget\" data-e-type=\"widget\" data-widget_type=\"heading.default\">\n\t\t\t\t\t<h2 class=\"elementor-heading-title elementor-size-default\">L'hexagrama abans del seu significat jueu<\/h2>\t\t\t\t<\/div>\n\t\t<div class=\"elementor-element elementor-element-iwgs-davidstern-s2box e-con-full e-flex e-con e-parent\" data-id=\"iwgs-davidstern-s2box\" data-element_type=\"container\" data-e-type=\"container\">\n\t\t\t\t<div class=\"elementor-element elementor-element-iwgs-davidstern-s2t elementor-widget elementor-widget-text-editor\" data-id=\"iwgs-davidstern-s2t\" data-element_type=\"widget\" data-e-type=\"widget\" data-widget_type=\"text-editor.default\">\n\t\t\t\t\t\t\t\t\t<p>La figura de l&#8217;hexagrama \u00e9s molt m\u00e9s antiga que el seu significat com a signe jueu. L&#8217;hex\u00e0gon format per dos triangles \u00e9s una forma geom\u00e8trica senzilla i clara. Aquestes formes sorgeixen f\u00e0cilment i s&#8217;han utilitzat de manera independent en moltes cultures.<\/p><p>A l&#8217;<span class=\"iwg-fachbegriff\" data-tooltip=\"\u00c8poca de la cultura grega i romana, aproximadament del 800 a. C. al 600 d. C.\" tabindex=\"0\">Antiguitat<\/span> i a l&#8217;Edat Mitjana, l&#8217;hexagrama apareix com a ornament i com a signe en contextos molt diversos. Es troba en el m\u00f3n cristi\u00e0, en l&#8217;isl\u00e0mic i en el jueu. En aquell moment no era un signe clarament associat a una sola religi\u00f3.<\/p><p>L&#8217;hexagrama va tenir un paper important en la <span class=\"iwg-fachbegriff\" data-tooltip=\"Pr\u00e0ctiques que pretenen intervenir en el curs de les coses mitjan\u00e7ant accions o f\u00f3rmules especials.\" tabindex=\"0\">m\u00e0gia<\/span> i en l&#8217;\u00fas d&#8217;amulets. Aqu\u00ed apareix sovint juntament amb l&#8217;estrella de cinc puntes. Ambdues figures es consideraven signes poderosos, als quals s&#8217;atribu\u00efa un efecte protector o vinculant. En aquest context, l&#8217;hexagrama s&#8217;usava m\u00e9s enll\u00e0 de fronteres culturals.<\/p><p>D&#8217;aix\u00f2 se&#8217;n deriva una constataci\u00f3 important. Durant molt temps, l&#8217;hexagrama va ser un signe \u00e0mpliament dif\u00f3s i no un signe distintiu especial del judaisme. La seva atribuci\u00f3 posterior i clara al judaisme \u00e9s el resultat d&#8217;un desenvolupament hist\u00f2ric, no un estat original.<\/p>\t\t\t\t\t\t\t\t<\/div>\n\t\t\t\t<\/div>\n\t\t\t\t\t<\/div>\n\t\t\t\t<\/div>\n\t\t<div class=\"elementor-element elementor-element-iwgs-davidstern-s3 e-flex e-con-boxed e-con e-parent\" data-id=\"iwgs-davidstern-s3\" data-element_type=\"container\" data-e-type=\"container\">\n\t\t\t\t\t<div class=\"e-con-inner\">\n\t\t\t\t<div class=\"elementor-element elementor-element-iwgs-davidstern-s3h elementor-widget elementor-widget-heading\" data-id=\"iwgs-davidstern-s3h\" data-element_type=\"widget\" data-e-type=\"widget\" data-widget_type=\"heading.default\">\n\t\t\t\t\t<h2 class=\"elementor-heading-title elementor-size-default\">El cam\u00ed cap al signe jueu<\/h2>\t\t\t\t<\/div>\n\t\t<div class=\"elementor-element elementor-element-iwgs-davidstern-s3box e-con-full e-flex e-con e-parent\" data-id=\"iwgs-davidstern-s3box\" data-element_type=\"container\" data-e-type=\"container\">\n\t\t\t\t<div class=\"elementor-element elementor-element-iwgs-davidstern-s3t elementor-widget elementor-widget-text-editor\" data-id=\"iwgs-davidstern-s3t\" data-element_type=\"widget\" data-e-type=\"widget\" data-widget_type=\"text-editor.default\">\n\t\t\t\t\t\t\t\t\t<p>El cam\u00ed de l&#8217;hexagrama fins a convertir-se en el signe inequ\u00edvoc del judaisme es va estendre al llarg de diversos segles. Una estaci\u00f3 important va ser la comunitat jueva de Praga. All\u00e0, l&#8217;hexagrama es va utilitzar com a signe de la comunitat des de finals de l&#8217;Edat Mitjana i l&#8217;inici de l&#8217;edat moderna.<\/p><p>La comunitat de Praga portava el signe en una bandera i en el seu segell. Amb aix\u00f2, l&#8217;hexagrama es va convertir en un signe distintiu d&#8217;una comunitat jueva concreta. Des de Praga, aquest \u00fas es va anar estenent gradualment, i altres comunitats van adoptar el signe.<\/p><p>D&#8217;aquesta manera, l&#8217;hexagrama es va convertir, pas a pas, en un signe jueu. Primer va ser el signe de comunitats individuals, despr\u00e9s el signe de les comunitats jueves en general. Aquest proc\u00e9s es va estendre al llarg de molt temps i no va ser una decisi\u00f3 puntual.<\/p><p>El pas decisiu cap a l&#8217;atribuci\u00f3 clara es va produir al segle XIX. En aquella \u00e8poca, el judaisme buscava un signe comprensible de manera general, comparable a la creu del cristianisme. L&#8217;hexagrama va resultar adequat perqu\u00e8 ja era \u00e0mpliament conegut com a signe jueu. Aix\u00ed el Magen David es va convertir en el signe del judaisme en conjunt.<\/p>\t\t\t\t\t\t\t\t<\/div>\n\t\t\t\t<\/div>\n\t\t\t\t\t<\/div>\n\t\t\t\t<\/div>\n\t\t<div class=\"elementor-element elementor-element-iwgs-davidstern-s4 e-flex e-con-boxed e-con e-parent\" data-id=\"iwgs-davidstern-s4\" data-element_type=\"container\" data-e-type=\"container\">\n\t\t\t\t\t<div class=\"e-con-inner\">\n\t\t\t\t<div class=\"elementor-element elementor-element-iwgs-davidstern-s4h elementor-widget elementor-widget-heading\" data-id=\"iwgs-davidstern-s4h\" data-element_type=\"widget\" data-e-type=\"widget\" data-widget_type=\"heading.default\">\n\t\t\t\t\t<h2 class=\"elementor-heading-title elementor-size-default\">L'Estrella de David en amulets<\/h2>\t\t\t\t<\/div>\n\t\t<div class=\"elementor-element elementor-element-iwgs-davidstern-s4box e-con-full e-flex e-con e-parent\" data-id=\"iwgs-davidstern-s4box\" data-element_type=\"container\" data-e-type=\"container\">\n\t\t\t\t<div class=\"elementor-element elementor-element-iwgs-davidstern-s4t elementor-widget elementor-widget-text-editor\" data-id=\"iwgs-davidstern-s4t\" data-element_type=\"widget\" data-e-type=\"widget\" data-widget_type=\"text-editor.default\">\n\t\t\t\t\t\t\t\t\t<p>Una arrel important de l&#8217;estel de David es troba en l&#8217;\u00e0mbit dels amulets. L&#8217;hexagrama va ser utilitzat durant molt temps com a signe de protecci\u00f3 en amulets. En aquest \u00fas s&#8217;apropa especialment a la idea de l&#8217;escut, que ja ressona en el nom Magen David.<\/p><p>En la tradici\u00f3 jueva hi ha una rica <span class=\"iwg-fachbegriff\" data-tooltip=\"La transmissi\u00f3 de coneixement i relats a trav\u00e9s de generacions.\" tabindex=\"0\">tradici\u00f3<\/span> d&#8217;amulets protectors. Aquests amulets portaven noms de D\u00e9u, versicles i signes, i entre aquests signes tamb\u00e9 es troba l&#8217;hexagrama. Es considerava un signe poder\u00f3s que podia allunyar la desgr\u00e0cia. Especialment freq\u00fcent era el prop\u00f2sit de protegir la mare i el fill durant el part.<\/p><p>En aquest \u00fas amb car\u00e0cter d&#8217;amulet, l&#8217;hexagrama no es limitava al judaisme. Tamb\u00e9 es va associar amb el nom del rei Salom\u00f3, a qui s&#8217;atribu\u00efa un poder especial sobre els esperits. L&#8217;anomenat segell de Salom\u00f3 podia designar tant l&#8217;estel de cinc puntes com el de sis. Aqu\u00ed es toquen diverses tradicions.<\/p><p>Aquest passat com a amulet resulta revelador per entendre l&#8217;estel de David. Mostra que l&#8217;hexagrama ja estava associat des de feia temps amb la protecci\u00f3, molt abans de convertir-se en el signe general del judaisme. La idea de l&#8217;escut, de la defensa, pertany aix\u00ed a la hist\u00f2ria m\u00e9s antiga del signe.<\/p>\t\t\t\t\t\t\t\t<\/div>\n\t\t\t\t<\/div>\n\t\t\t\t\t<\/div>\n\t\t\t\t<\/div>\n\t\t<div class=\"elementor-element elementor-element-iwgs-davidstern-s5 e-flex e-con-boxed e-con e-parent\" data-id=\"iwgs-davidstern-s5\" data-element_type=\"container\" data-e-type=\"container\">\n\t\t\t\t\t<div class=\"e-con-inner\">\n\t\t\t\t<div class=\"elementor-element elementor-element-iwgs-davidstern-s5h elementor-widget elementor-widget-heading\" data-id=\"iwgs-davidstern-s5h\" data-element_type=\"widget\" data-e-type=\"widget\" data-widget_type=\"heading.default\">\n\t\t\t\t\t<h2 class=\"elementor-heading-title elementor-size-default\">El signe del judaisme<\/h2>\t\t\t\t<\/div>\n\t\t<div class=\"elementor-element elementor-element-iwgs-davidstern-s5box e-con-full e-flex e-con e-parent\" data-id=\"iwgs-davidstern-s5box\" data-element_type=\"container\" data-e-type=\"container\">\n\t\t\t\t<div class=\"elementor-element elementor-element-iwgs-davidstern-s5t elementor-widget elementor-widget-text-editor\" data-id=\"iwgs-davidstern-s5t\" data-element_type=\"widget\" data-e-type=\"widget\" data-widget_type=\"text-editor.default\">\n\t\t\t\t\t\t\t\t\t<p>Amb el segle XIX, l&#8217;estel de David es va convertir definitivament en el signe del judaisme. En aquesta \u00e8poca va canviar la situaci\u00f3 dels jueus en molts pa\u00efsos d&#8217;Europa. Les comunitats jueves es van integrar m\u00e9s en la vida p\u00fablica, i amb aix\u00f2 va cr\u00e9ixer la necessitat d&#8217;un signe clar i comprensible per a tothom.<\/p><p>L&#8217;estel de David va satisfer aquesta necessitat. Es va col\u00b7locar a les sinagogues, que aleshores sovint es constru\u00efen com a edificis visibles dins del paisatge urb\u00e0. Va apar\u00e8ixer en objectes religiosos, en llibres i en segells comunitaris. D&#8217;aquesta manera, l&#8217;estel de David es va convertir en el signe fix i visible de les comunitats jueves.<\/p><p>L&#8217;estel de David va adquirir un significat especial en el moviment sionista, sorgit a finals del segle XIX. Aquest moviment va escollir l&#8217;hexagrama com el seu signe. Aix\u00ed, l&#8217;estel de David va esdevenir, m\u00e9s enll\u00e0 del signe religi\u00f3s, tamb\u00e9 un signe d&#8217;esperan\u00e7a nacional jueva.<\/p><p>D&#8217;aquesta evoluci\u00f3 s&#8217;explica que avui l&#8217;estel de David figuri a la bandera de l&#8217;Estat d&#8217;Israel. El signe que un temps encap\u00e7alava la comunitat de Praga es va convertir aix\u00ed en el signe d&#8217;una comunitat mundial i finalment d&#8217;un estat. Aquesta hist\u00f2ria mostra com un signe pot guanyar significat al llarg dels segles.<\/p>\t\t\t\t\t\t\t\t<\/div>\n\t\t\t\t<\/div>\n\t\t\t\t\t<\/div>\n\t\t\t\t<\/div>\n\t\t<div class=\"elementor-element elementor-element-iwgs-davidstern-s6 e-flex e-con-boxed e-con e-parent\" data-id=\"iwgs-davidstern-s6\" data-element_type=\"container\" data-e-type=\"container\">\n\t\t\t\t\t<div class=\"e-con-inner\">\n\t\t\t\t<div class=\"elementor-element elementor-element-iwgs-davidstern-s6h elementor-widget elementor-widget-heading\" data-id=\"iwgs-davidstern-s6h\" data-element_type=\"widget\" data-e-type=\"widget\" data-widget_type=\"heading.default\">\n\t\t\t\t\t<h2 class=\"elementor-heading-title elementor-size-default\">L'estel de David en la hist\u00f2ria recent<\/h2>\t\t\t\t<\/div>\n\t\t<div class=\"elementor-element elementor-element-iwgs-davidstern-s6box e-con-full e-flex e-con e-parent\" data-id=\"iwgs-davidstern-s6box\" data-element_type=\"container\" data-e-type=\"container\">\n\t\t\t\t<div class=\"elementor-element elementor-element-iwgs-davidstern-s6t elementor-widget elementor-widget-text-editor\" data-id=\"iwgs-davidstern-s6t\" data-element_type=\"widget\" data-e-type=\"widget\" data-widget_type=\"text-editor.default\">\n\t\t\t\t\t\t\t\t\t<p>La hist\u00f2ria de l&#8217;estel de David en el segle XX est\u00e0 marcada per dos cap\u00edtols molt diferents. Un d&#8217;ells \u00e9s un dels cap\u00edtols m\u00e9s foscos de tota la hist\u00f2ria europea. Durant la persecuci\u00f3 nacionalsocialista, els jueus i les jueves van ser obligats a portar una estrella groga amb la forma de l&#8217;estel de David.<\/p><p>Aquesta estrella groga era un signe d&#8217;exclusi\u00f3 i de privaci\u00f3 de drets. Marcava les persones per exposar-les a la persecuci\u00f3. Aix\u00ed, un signe que representava la pertinen\u00e7a a una comunitat de fe es va girar en contra de les persones que el portaven. Aquesta hist\u00f2ria forma part del significat de l&#8217;estel de David i no es pot passar per alt.<\/p><p>Despr\u00e9s de la Xo\u00e0, l&#8217;estel de David va recuperar una posici\u00f3 diferent i digna. Amb la fundaci\u00f3 de l&#8217;Estat d&#8217;Israel, va passar a formar part de la bandera nacional. Del signe imposat de la persecuci\u00f3 va tornar a sorgir un signe escollit de pertinen\u00e7a, de dignitat pr\u00f2pia i d&#8217;esperan\u00e7a.<\/p><p>L&#8217;estel de David porta, doncs, una hist\u00f2ria especialment greu. \u00c9s un signe de fe i de comunitat, i alhora est\u00e0 lligat al record de la persecuci\u00f3. Una presentaci\u00f3 objectiva ha d&#8217;esmentar totes dues cares. Mostra l&#8217;estel de David tal com \u00e9s: un signe de gran dignitat i de profund pes hist\u00f2ric.<\/p>\t\t\t\t\t\t\t\t<\/div>\n\t\t\t\t<\/div>\n\t\t\t\t\t<\/div>\n\t\t\t\t<\/div>\n\t\t<div class=\"elementor-element elementor-element-iwgs-davidstern-s7 e-flex e-con-boxed e-con e-parent\" data-id=\"iwgs-davidstern-s7\" data-element_type=\"container\" data-e-type=\"container\">\n\t\t\t\t\t<div class=\"e-con-inner\">\n\t\t\t\t<div class=\"elementor-element elementor-element-iwgs-davidstern-s7h elementor-widget elementor-widget-heading\" data-id=\"iwgs-davidstern-s7h\" data-element_type=\"widget\" data-e-type=\"widget\" data-widget_type=\"heading.default\">\n\t\t\t\t\t<h2 class=\"elementor-heading-title elementor-size-default\">Significat i interpretaci\u00f3 de la forma<\/h2>\t\t\t\t<\/div>\n\t\t<div class=\"elementor-element elementor-element-iwgs-davidstern-s7box e-con-full e-flex e-con e-parent\" data-id=\"iwgs-davidstern-s7box\" data-element_type=\"container\" data-e-type=\"container\">\n\t\t\t\t<div class=\"elementor-element elementor-element-iwgs-davidstern-s7t elementor-widget elementor-widget-text-editor\" data-id=\"iwgs-davidstern-s7t\" data-element_type=\"widget\" data-e-type=\"widget\" data-widget_type=\"text-editor.default\">\n\t\t\t\t\t\t\t\t\t<p>La forma de l&#8217;estel de David ha rebut moltes interpretacions al llarg del temps. Els dos triangles entrella\u00e7ats conviden a aquestes interpretacions, perqu\u00e8 mostren la interacci\u00f3 de dues parts iguals. Cap d&#8217;aquestes interpretacions, per\u00f2, est\u00e0 documentada com l&#8217;original i la \u00fanica v\u00e0lida.<\/p><p>Una interpretaci\u00f3 estesa veu en els dos triangles la interacci\u00f3 entre el cel i la terra, o entre D\u00e9u i l&#8217;\u00e9sser hum\u00e0. El triangle que apunta cap amunt representaria l&#8217;un, i el que apunta cap avall l&#8217;altre. El seu encaix expressa la uni\u00f3 d&#8217;ambd\u00f3s \u00e0mbits.<\/p><p>Altres interpretacions destaquen les sis puntes i la zona central i els atribueixen un significat propi. Tamb\u00e9 s&#8217;ha proposat una relaci\u00f3 amb les tribus d&#8217;Israel o amb atributs de D\u00e9u. Aquestes interpretacions s\u00f3n riques i variades, per\u00f2 s\u00f3n explicacions posteriors.<\/p><p>Per a una descripci\u00f3 precisa \u00e9s important assenyalar aquestes interpretacions com el que s\u00f3n. S\u00f3n explicacions que donen un sentit a la forma, no un contingut fixat des del principi. L&#8217;estel de David va rebre el seu significat sobretot a trav\u00e9s de la seva hist\u00f2ria i del seu \u00fas, m\u00e9s que d&#8217;una \u00fanica interpretaci\u00f3 original de la forma.<\/p>\t\t\t\t\t\t\t\t<\/div>\n\t\t\t\t<\/div>\n\t\t\t\t\t<\/div>\n\t\t\t\t<\/div>\n\t\t<div class=\"elementor-element elementor-element-iwgs-davidstern-s8 e-flex e-con-boxed e-con e-parent\" data-id=\"iwgs-davidstern-s8\" data-element_type=\"container\" data-e-type=\"container\">\n\t\t\t\t\t<div class=\"e-con-inner\">\n\t\t\t\t<div class=\"elementor-element elementor-element-iwgs-davidstern-s8h elementor-widget elementor-widget-heading\" data-id=\"iwgs-davidstern-s8h\" data-element_type=\"widget\" data-e-type=\"widget\" data-widget_type=\"heading.default\">\n\t\t\t\t\t<h2 class=\"elementor-heading-title elementor-size-default\">Recepci\u00f3 actual<\/h2>\t\t\t\t<\/div>\n\t\t<div class=\"elementor-element elementor-element-iwgs-davidstern-s8box e-con-full e-flex e-con e-parent\" data-id=\"iwgs-davidstern-s8box\" data-element_type=\"container\" data-e-type=\"container\">\n\t\t\t\t<div class=\"elementor-element elementor-element-iwgs-davidstern-s8t elementor-widget elementor-widget-text-editor\" data-id=\"iwgs-davidstern-s8t\" data-element_type=\"widget\" data-e-type=\"widget\" data-widget_type=\"text-editor.default\">\n\t\t\t\t\t\t\t\t\t<p>Avui l&#8217;estel de David \u00e9s conegut arreu del m\u00f3n com a signe del judaisme. Es troba a les sinagogues, a la bandera de l&#8217;Estat d&#8217;Israel i en innombrables objectes religiosos i culturals. La seva identificaci\u00f3 \u00e9s clara i universalment entesa.<\/p><p>Com a signe portat, l&#8217;estel de David est\u00e0 molt est\u00e8s. Moltes persones el porten com a penjoll, com a professi\u00f3 de la seva fe, del seu origen i de la seva pertinen\u00e7a. En aquest \u00fas, el signe es connecta amb el seu antic significat com a escut de David, ja que expressa vincle i autoafirmaci\u00f3.<\/p><p>Alhora, l&#8217;estel de David forma part dels signes que cal tractar amb especial seriositat. La seva hist\u00f2ria inclou persecuci\u00f3 i esperan\u00e7a, sofriment i dignitat. Qui representa aquest signe hauria de ser conscient d&#8217;aquest pes i tractar-lo amb respecte.<\/p><p>Dins la gran fam\u00edlia dels signes de protecci\u00f3, l&#8217;estel de David ocupa aix\u00ed una posici\u00f3 pr\u00f2pia. El seu nom, l&#8217;escut de David, el vincula amb la idea de protecci\u00f3, i el seu passat com a amulet confirma aquesta relaci\u00f3. Alhora, s&#8217;ha convertit en molt m\u00e9s que un signe de protecci\u00f3: en el signe global d&#8217;una religi\u00f3 i d&#8217;una comunitat.<\/p>\t\t\t\t\t\t\t\t<\/div>\n\t\t\t\t<\/div>\n\t\t\t\t\t<\/div>\n\t\t\t\t<\/div>\n\t\t<div class=\"elementor-element elementor-element-iwgs-davidstern-lit e-flex e-con-boxed e-con e-parent\" data-id=\"iwgs-davidstern-lit\" data-element_type=\"container\" data-e-type=\"container\">\n\t\t\t\t\t<div class=\"e-con-inner\">\n\t\t\t\t<div class=\"elementor-element elementor-element-iwgs-davidstern-lith elementor-widget elementor-widget-heading\" data-id=\"iwgs-davidstern-lith\" data-element_type=\"widget\" data-e-type=\"widget\" data-widget_type=\"heading.default\">\n\t\t\t\t\t<h2 class=\"elementor-heading-title elementor-size-default\">Bibliografia (selecci\u00f3)<\/h2>\t\t\t\t<\/div>\n\t\t<div class=\"elementor-element elementor-element-iwgs-davidstern-litbox e-con-full e-flex e-con e-parent\" data-id=\"iwgs-davidstern-litbox\" data-element_type=\"container\" data-e-type=\"container\">\n\t\t\t\t<div class=\"elementor-element elementor-element-iwgs-davidstern-litt elementor-widget elementor-widget-html\" data-id=\"iwgs-davidstern-litt\" data-element_type=\"widget\" data-e-type=\"widget\" data-widget_type=\"html.default\">\n\t\t\t\t\t<footer data-nosnippet=\"true\"><ul><li>Gershom Scholem: <em>Das Davidschild. Geschichte eines Symbols<\/em> (1963)<\/li><li>Gerbern Oegema: <em>The History of the Shield of David<\/em> (1996)<\/li><li>Hans Biedermann: <em>Knaurs Lexikon der Symbole<\/em> (1989)<\/li><li>Joseph Gutmann: <em>The Jewish Sanctuary<\/em> (1983)<\/li><li>L\u00e8xic del judaisme, article <em>Magen David<\/em><\/li><\/ul><\/footer>\t\t\t\t<\/div>\n\t\t\t\t<\/div>\n\t\t\t\t\t<\/div>\n\t\t\t\t<\/div>\n\t\t<div class=\"elementor-element elementor-element-iwgs-davidstern-kwd e-flex e-con-boxed e-con e-parent\" data-id=\"iwgs-davidstern-kwd\" data-element_type=\"container\" data-e-type=\"container\">\n\t\t\t\t\t<div class=\"e-con-inner\">\n\t\t\t\t<div class=\"elementor-element elementor-element-iwgs-davidstern-kwdt elementor-widget elementor-widget-text-editor\" data-id=\"iwgs-davidstern-kwdt\" data-element_type=\"widget\" data-e-type=\"widget\" data-widget_type=\"text-editor.default\">\n\t\t\t\t\t\t\t\t\t<p><em>Termes clau relacionats: Estel de David Magen David Hexagrama Judaisme Praga Segell de Salom\u00f3 <span class=\"iwg-fachbegriff\" data-tooltip=\"Un objecte que es porta al cos i al qual s'atribueix un efecte protector i que allunya la desgr\u00e0cia.\" tabindex=\"0\">Amulet<\/span> Escut.<\/em><\/p>\t\t\t\t\t\t\t\t<\/div>\n\t\t\t\t\t<\/div>\n\t\t\t\t<\/div>\n\t\t<div class=\"elementor-element elementor-element-iwgs-davidstern-cc e-flex e-con-boxed e-con e-parent\" data-id=\"iwgs-davidstern-cc\" data-element_type=\"container\" data-e-type=\"container\" id=\"iwg-cc-davidstern\">\n\t\t\t\t\t<div class=\"e-con-inner\">\n\t\t<div class=\"elementor-element elementor-element-iwgs-davidstern-ccinner e-flex e-con-boxed e-con e-parent\" data-id=\"iwgs-davidstern-ccinner\" data-element_type=\"container\" data-e-type=\"container\" data-settings=\"{&quot;background_background&quot;:&quot;classic&quot;}\">\n\t\t\t\t\t<div class=\"e-con-inner\">\n\t\t\t\t<div class=\"elementor-element elementor-element-iwgs-davidstern-cch elementor-widget elementor-widget-heading\" data-id=\"iwgs-davidstern-cch\" data-element_type=\"widget\" data-e-type=\"widget\" data-widget_type=\"heading.default\">\n\t\t\t\t\t<h2 class=\"elementor-heading-title elementor-size-default\">iWell Guard i tradicions de protecci\u00f3<\/h2>\t\t\t\t<\/div>\n\t\t\t\t<div class=\"elementor-element elementor-element-iwgs-davidstern-cct elementor-widget elementor-widget-text-editor\" data-id=\"iwgs-davidstern-cct\" data-element_type=\"widget\" data-e-type=\"widget\" data-widget_type=\"text-editor.default\">\n\t\t\t\t\t\t\t\t\t<p>iWell Guard s&#8217;inscriu en la l\u00ednia cultural i hist\u00f2rica dels objectes de protecci\u00f3 portables, a la qual tamb\u00e9 pertany l&#8217;estel de David. Un company modern per a persones que viuen amb s\u00edmbols de protecci\u00f3: fabricat a Alemanya, 41 capes d&#8217;or, plat\u00ed i plata aut\u00e8ntics, amb 30 dies de dret de devoluci\u00f3.<\/p>\t\t\t\t\t\t\t\t<\/div>\n\t\t\t\t<div class=\"elementor-element elementor-element-iwgs-davidstern-ccb iwg-cc-button iwg-cc-cta-2026-05-13 elementor-widget elementor-widget-jet-button\" data-id=\"iwgs-davidstern-ccb\" data-element_type=\"widget\" data-e-type=\"widget\" data-widget_type=\"jet-button.default\">\n\t\t\t\t<div class=\"elementor-widget-container\">\n\t\t\t\t\t<div class=\"elementor-jet-button jet-elements\"><div class=\"jet-button__container\"><a class=\"jet-button__instance jet-button__instance--icon-left hover-effect-1\" href=\"\/schutzanhaenger-iwell-guard-kaufen\/?utm_source=iwell-guard.com&amp;utm_medium=info-box&amp;utm_campaign=schutzsymbole\"><div class=\"jet-button__plane jet-button__plane-normal\"><\/div><div class=\"jet-button__plane jet-button__plane-hover\"><\/div><div class=\"jet-button__state jet-button__state-normal\"><span class=\"jet-button__label\">M\u00e9s informaci\u00f3 sobre l'iWell Guard<\/span><\/div><div class=\"jet-button__state jet-button__state-hover\"><span class=\"jet-button__label\">M\u00e9s informaci\u00f3 sobre l'iWell Guard<\/span><\/div><\/a><\/div><\/div><style>.elementor-element.elementor-element-iwgs-davidstern-ccb .jet-button__instance{width:320px;height:56px;}.elementor-element.elementor-element-iwgs-davidstern-ccb .jet-button__state-normal .jet-button__label{text-align:center;margin:0px 0px 0px 0px;color:#1a1b20;font-family:Montserrat,sans-serif;font-size:13px;font-weight:400;letter-spacing:4px;line-height:1.714em;text-transform:uppercase;}.elementor-element.elementor-element-iwgs-davidstern-ccb .jet-button__state-hover .jet-button__label{text-align:center;margin:0px 0px 0px 0px;color:#FECC76;font-family:Montserrat,sans-serif;font-size:13px;font-weight:400;letter-spacing:4px;line-height:1.714em;text-transform:uppercase;}.elementor-element.elementor-element-iwgs-davidstern-ccb .jet-button__plane-normal{background-color:#FECC76;border-style:solid;border-color:#C99540;border-width:2px 2px 2px 2px;}.elementor-element.elementor-element-iwgs-davidstern-ccb .jet-button__plane-hover{background-color:rgba(0,0,0,0.55);border-style:solid;border-color:#FECC76;border-width:2px 2px 2px 2px;}<\/style>\t\t\t\t<\/div>\n\t\t\t\t<\/div>\n\t\t\t\t<div class=\"elementor-element elementor-element-iwgs-davidstern-ccd elementor-widget elementor-widget-text-editor\" data-id=\"iwgs-davidstern-ccd\" data-element_type=\"widget\" data-e-type=\"widget\" data-widget_type=\"text-editor.default\">\n\t\t\t\t\t\t\t\t\t<p style=\"text-align:center;font-size:13px;opacity:0.7;margin-top:14px\" data-nosnippet=\"true\">Les experi\u00e8ncies personals poden variar. No \u00e9s un producte sanitari. No es garanteix cap curaci\u00f3.<\/p>\t\t\t\t\t\t\t\t<\/div>\n\t\t\t\t\t<\/div>\n\t\t\t\t<\/div>\n\t\t\t\t\t<\/div>\n\t\t\t\t<\/div>\n\t\t<div class=\"elementor-element elementor-element-iwgs-davidstern-disc e-flex e-con-boxed e-con e-parent\" data-id=\"iwgs-davidstern-disc\" data-element_type=\"container\" data-e-type=\"container\">\n\t\t\t\t\t<div class=\"e-con-inner\">\n\t\t\t\t<div class=\"elementor-element elementor-element-iwgs-davidstern-discw elementor-widget elementor-widget-html\" data-id=\"iwgs-davidstern-discw\" data-element_type=\"widget\" data-e-type=\"widget\" data-widget_type=\"html.default\">\n\t\t\t\t\t<footer data-nosnippet=\"true\" class=\"iwg-disclaimer-block\"><p data-nosnippet=\"true\">iWell Guard <strong>no \u00e9s un producte sanitari<\/strong> i no substitueix cap tractament m\u00e8dic o psicoterap\u00e8utic. Els continguts presentats aqu\u00ed s\u00f3n una contextualitzaci\u00f3 des de la ci\u00e8ncia de les religions i la hist\u00f2ria cultural, no una promesa d'efecte espiritual.<\/p><\/footer>\t\t\t\t<\/div>\n\t\t\t\t\t<\/div>\n\t\t\t\t<\/div>\n\t\t\t\t<\/div>\n\t\t","protected":false},"excerpt":{"rendered":"","protected":false},"author":3,"featured_media":3499,"parent":0,"menu_order":0,"comment_status":"closed","ping_status":"closed","template":"elementor_header_footer","meta":{"_yoast_wpseo_focuskw":"Estrella de David","_yoast_wpseo_title":"L'Estrella de David \u2013 el Magen David explicat","_yoast_wpseo_metadesc":"L'Estrella de David, en hebreu Magen David, \u00e9s el signe del judaisme. Hist\u00f2ria, significat i tradici\u00f3 de protecci\u00f3 explicats de manera comprensible.","_yoast_wpseo_meta-robots-noindex":"","_yoast_wpseo_canonical":"","_angie_page":false,"gefaehrdungsstufe":"","wesen_kultur":"","wesen_klasse":"","footnotes":""},"categories":[],"class_list":["post-171894","page","type-page","status-publish","has-post-thumbnail","hentry"],"yoast_head":"<!-- This site is optimized with the Yoast SEO Premium plugin v27.7 (Yoast SEO v28.3) - https:\/\/yoast.com\/product\/yoast-seo-premium-wordpress\/ -->\n<title>L&#039;Estrella de David \u2013 el Magen David explicat<\/title>\n<meta name=\"description\" content=\"L&#039;Estrella de David, en hebreu Magen David, \u00e9s el signe del judaisme. Hist\u00f2ria, significat i tradici\u00f3 de protecci\u00f3 explicats de manera comprensible.\" \/>\n<meta name=\"robots\" content=\"index, follow, max-snippet:-1, max-image-preview:large, max-video-preview:-1\" \/>\n<link rel=\"canonical\" href=\"https:\/\/iwell-guard.com\/ca\/estrella-de-david-signe-de-proteccio\/\" \/>\n<meta property=\"og:locale\" content=\"ca_ES\" \/>\n<meta property=\"og:type\" content=\"article\" \/>\n<meta property=\"og:title\" content=\"L&#039;Estrella de David \u2013 el Magen David com a signe de protecci\u00f3\" \/>\n<meta property=\"og:description\" content=\"L&#039;Estrella de David, en hebreu Magen David, \u00e9s el signe del judaisme. Hist\u00f2ria, significat i tradici\u00f3 de protecci\u00f3 explicats de manera comprensible.\" \/>\n<meta property=\"og:url\" content=\"https:\/\/iwell-guard.com\/ca\/estrella-de-david-signe-de-proteccio\/\" \/>\n<meta property=\"og:site_name\" content=\"iWell Guard\" \/>\n<meta property=\"article:modified_time\" content=\"2026-09-05T16:09:57+00:00\" \/>\n<meta property=\"og:image\" content=\"https:\/\/iwell-guard.com\/wp-content\/uploads\/2026\/05\/schutzsymbol_judentum_davidstern.webp\" \/>\n\t<meta property=\"og:image:width\" content=\"1024\" \/>\n\t<meta property=\"og:image:height\" content=\"1536\" \/>\n\t<meta property=\"og:image:type\" content=\"image\/webp\" \/>\n<meta name=\"twitter:card\" content=\"summary_large_image\" \/>\n<script type=\"application\/ld+json\" class=\"yoast-schema-graph\">{\"@context\":\"https:\\\/\\\/schema.org\",\"@graph\":[{\"@type\":\"WebPage\",\"@id\":\"https:\\\/\\\/iwell-guard.com\\\/ca\\\/estrella-de-david-signe-de-proteccio\\\/\",\"url\":\"https:\\\/\\\/iwell-guard.com\\\/ca\\\/estrella-de-david-signe-de-proteccio\\\/\",\"name\":\"L'Estrella de David \u2013 el Magen David explicat\",\"isPartOf\":{\"@id\":\"https:\\\/\\\/iwell-guard.com\\\/ca\\\/#website\"},\"primaryImageOfPage\":{\"@id\":\"https:\\\/\\\/iwell-guard.com\\\/ca\\\/estrella-de-david-signe-de-proteccio\\\/#primaryimage\"},\"image\":{\"@id\":\"https:\\\/\\\/iwell-guard.com\\\/ca\\\/estrella-de-david-signe-de-proteccio\\\/#primaryimage\"},\"thumbnailUrl\":\"https:\\\/\\\/iwell-guard.com\\\/wp-content\\\/uploads\\\/2026\\\/05\\\/schutzsymbol_judentum_davidstern.webp\",\"datePublished\":\"2026-09-05T15:43:21+00:00\",\"dateModified\":\"2026-09-05T16:09:57+00:00\",\"description\":\"L'Estrella de David, en hebreu Magen David, \u00e9s el signe del judaisme. Hist\u00f2ria, significat i tradici\u00f3 de protecci\u00f3 explicats de manera comprensible.\",\"breadcrumb\":{\"@id\":\"https:\\\/\\\/iwell-guard.com\\\/ca\\\/estrella-de-david-signe-de-proteccio\\\/#breadcrumb\"},\"inLanguage\":\"ca\",\"potentialAction\":[{\"@type\":\"ReadAction\",\"target\":[\"https:\\\/\\\/iwell-guard.com\\\/ca\\\/estrella-de-david-signe-de-proteccio\\\/\"]}]},{\"@type\":\"ImageObject\",\"inLanguage\":\"ca\",\"@id\":\"https:\\\/\\\/iwell-guard.com\\\/ca\\\/estrella-de-david-signe-de-proteccio\\\/#primaryimage\",\"url\":\"https:\\\/\\\/iwell-guard.com\\\/wp-content\\\/uploads\\\/2026\\\/05\\\/schutzsymbol_judentum_davidstern.webp\",\"contentUrl\":\"https:\\\/\\\/iwell-guard.com\\\/wp-content\\\/uploads\\\/2026\\\/05\\\/schutzsymbol_judentum_davidstern.webp\",\"width\":1024,\"height\":1536,\"caption\":\"S\u00edmbol de protecci\u00f3. Il\u00b7lustraci\u00f3 muse\u00edstica de bodeg\u00f3.\"},{\"@type\":\"BreadcrumbList\",\"@id\":\"https:\\\/\\\/iwell-guard.com\\\/ca\\\/estrella-de-david-signe-de-proteccio\\\/#breadcrumb\",\"itemListElement\":[{\"@type\":\"ListItem\",\"position\":1,\"name\":\"Start\",\"item\":\"https:\\\/\\\/iwell-guard.com\\\/ca\\\/?page_id=171333\"},{\"@type\":\"ListItem\",\"position\":2,\"name\":\"L&#8217;Estrella de David \u2013 el Magen David com a signe de protecci\u00f3\"}]},{\"@type\":\"WebSite\",\"@id\":\"https:\\\/\\\/iwell-guard.com\\\/ca\\\/#website\",\"url\":\"https:\\\/\\\/iwell-guard.com\\\/ca\\\/\",\"name\":\"iWell Guard\",\"description\":\"Schutz vor dunklen Einfl\u00fcssen\",\"publisher\":{\"@id\":\"https:\\\/\\\/iwell-guard.com\\\/ca\\\/#organization\"},\"potentialAction\":[{\"@type\":\"SearchAction\",\"target\":{\"@type\":\"EntryPoint\",\"urlTemplate\":\"https:\\\/\\\/iwell-guard.com\\\/ca\\\/?s={search_term_string}\"},\"query-input\":{\"@type\":\"PropertyValueSpecification\",\"valueRequired\":true,\"valueName\":\"search_term_string\"}}],\"inLanguage\":\"ca\"},{\"@type\":\"Organization\",\"@id\":\"https:\\\/\\\/iwell-guard.com\\\/ca\\\/#organization\",\"name\":\"Ittermann electronic GmbH\",\"url\":\"https:\\\/\\\/iwell-guard.com\\\/ca\\\/\",\"logo\":{\"@type\":\"ImageObject\",\"inLanguage\":\"ca\",\"@id\":\"https:\\\/\\\/iwell-guard.com\\\/ca\\\/#\\\/schema\\\/logo\\\/image\\\/\",\"url\":\"https:\\\/\\\/iwell-guard.com\\\/wp-content\\\/uploads\\\/2026\\\/05\\\/Ittermann-Logo-1182x237-1.png\",\"contentUrl\":\"https:\\\/\\\/iwell-guard.com\\\/wp-content\\\/uploads\\\/2026\\\/05\\\/Ittermann-Logo-1182x237-1.png\",\"width\":1182,\"height\":237,\"caption\":\"Ittermann electronic GmbH\"},\"image\":{\"@id\":\"https:\\\/\\\/iwell-guard.com\\\/ca\\\/#\\\/schema\\\/logo\\\/image\\\/\"},\"sameAs\":[\"https:\\\/\\\/pantip.com\\\/profile\\\/9367242\",\"https:\\\/\\\/micro.blog\\\/iwellguard\",\"https:\\\/\\\/www.diggerslist.com\\\/iwellguard\\\/about\",\"https:\\\/\\\/skitterphoto.com\\\/photographers\\\/2870314\\\/iwell-guard\",\"https:\\\/\\\/iwellguard.wordpress.com\\\/2026\\\/06\\\/06\\\/iwell-guard\\\/\",\"https:\\\/\\\/hub.docker.com\\\/u\\\/iwellguard\",\"https:\\\/\\\/www.pinterest.com\\\/iwellguard\\\/\",\"https:\\\/\\\/bit.ly\\\/m\\\/iwellguard\",\"https:\\\/\\\/entre-vos-mains.alsace.eu\\\/profiles\\\/iwellguard\\\/activity\",\"https:\\\/\\\/gravatar.com\\\/reallybeded8fd34\",\"https:\\\/\\\/naijamatta.com\\\/iwellguard\",\"https:\\\/\\\/www.goodreads.com\\\/iwellguard\",\"https:\\\/\\\/profile.hatena.ne.jp\\\/iwellguard\\\/\",\"https:\\\/\\\/experiment.com\\\/users\\\/iwellguard\",\"https:\\\/\\\/wakelet.com\\\/@iWellGuard82270\",\"https:\\\/\\\/www.chordie.com\\\/forum\\\/profile.php?id=2555664\",\"https:\\\/\\\/www.instapaper.com\\\/p\\\/17757966\",\"https:\\\/\\\/www.mapleprimes.com\\\/users\\\/iwellguard\",\"https:\\\/\\\/businesslistingplus.com\\\/profile\\\/iwell-guard\\\/\",\"https:\\\/\\\/telegra.ph\\\/iWell-Guard-06-06\",\"https:\\\/\\\/pbase.com\\\/iwellguard\\\/iwellguard\",\"https:\\\/\\\/b.hatena.ne.jp\\\/iwellguard\\\/20260607#bookmark-4788405196491818882\",\"https:\\\/\\\/fliphtml5.com\\\/home\\\/iwellguard\",\"https:\\\/\\\/anyflip.com\\\/homepage\\\/cmiwl#About\",\"https:\\\/\\\/transfur.com\\\/Users\\\/iwellguard\",\"http:\\\/\\\/delphi.larsbo.org\\\/user\\\/iwellguard\",\"https:\\\/\\\/jobs.lajobsportal.org\\\/profiles\\\/8380803-iwell-guard\",\"https:\\\/\\\/md.chaosdorf.de\\\/s\\\/jfbe5SBdJD\",\"https:\\\/\\\/www.lingvolive.com\\\/en-us\\\/profile\\\/9ecaeaca-ce11-4e51-9e71-01d55e2bff36\\\/translations\",\"https:\\\/\\\/www.fitday.com\\\/fitness\\\/forums\\\/members\\\/iwellguard.html\",\"https:\\\/\\\/www.mymeetbook.com\\\/iwellguard\",\"https:\\\/\\\/pxhere.com\\\/en\\\/photographer-me\\\/5040798\",\"https:\\\/\\\/disqus.com\\\/by\\\/iwellguard\\\/about\\\/\",\"https:\\\/\\\/pastelink.net\\\/hjwciqwq\",\"https:\\\/\\\/pubhtml5.com\\\/homepage\\\/scjhn\\\/\",\"https:\\\/\\\/www.bitchute.com\\\/channel\\\/2O2eOKzNqujT\",\"https:\\\/\\\/audiomack.com\\\/iwellguard\"]}]}<\/script>\n<!-- \/ Yoast SEO Premium plugin. -->","yoast_head_json":{"title":"L'Estrella de David \u2013 el Magen David explicat","description":"L'Estrella de David, en hebreu Magen David, \u00e9s el signe del judaisme. Hist\u00f2ria, significat i tradici\u00f3 de protecci\u00f3 explicats de manera comprensible.","robots":{"index":"index","follow":"follow","max-snippet":"max-snippet:-1","max-image-preview":"max-image-preview:large","max-video-preview":"max-video-preview:-1"},"canonical":"https:\/\/iwell-guard.com\/ca\/estrella-de-david-signe-de-proteccio\/","og_locale":"ca_ES","og_type":"article","og_title":"L'Estrella de David \u2013 el Magen David com a signe de protecci\u00f3","og_description":"L'Estrella de David, en hebreu Magen David, \u00e9s el signe del judaisme. Hist\u00f2ria, significat i tradici\u00f3 de protecci\u00f3 explicats de manera comprensible.","og_url":"https:\/\/iwell-guard.com\/ca\/estrella-de-david-signe-de-proteccio\/","og_site_name":"iWell Guard","article_modified_time":"2026-09-05T16:09:57+00:00","og_image":[{"width":1024,"height":1536,"url":"https:\/\/iwell-guard.com\/wp-content\/uploads\/2026\/05\/schutzsymbol_judentum_davidstern.webp","type":"image\/webp"}],"twitter_card":"summary_large_image","schema":{"@context":"https:\/\/schema.org","@graph":[{"@type":"WebPage","@id":"https:\/\/iwell-guard.com\/ca\/estrella-de-david-signe-de-proteccio\/","url":"https:\/\/iwell-guard.com\/ca\/estrella-de-david-signe-de-proteccio\/","name":"L'Estrella de David \u2013 el Magen David explicat","isPartOf":{"@id":"https:\/\/iwell-guard.com\/ca\/#website"},"primaryImageOfPage":{"@id":"https:\/\/iwell-guard.com\/ca\/estrella-de-david-signe-de-proteccio\/#primaryimage"},"image":{"@id":"https:\/\/iwell-guard.com\/ca\/estrella-de-david-signe-de-proteccio\/#primaryimage"},"thumbnailUrl":"https:\/\/iwell-guard.com\/wp-content\/uploads\/2026\/05\/schutzsymbol_judentum_davidstern.webp","datePublished":"2026-09-05T15:43:21+00:00","dateModified":"2026-09-05T16:09:57+00:00","description":"L'Estrella de David, en hebreu Magen David, \u00e9s el signe del judaisme. Hist\u00f2ria, significat i tradici\u00f3 de protecci\u00f3 explicats de manera comprensible.","breadcrumb":{"@id":"https:\/\/iwell-guard.com\/ca\/estrella-de-david-signe-de-proteccio\/#breadcrumb"},"inLanguage":"ca","potentialAction":[{"@type":"ReadAction","target":["https:\/\/iwell-guard.com\/ca\/estrella-de-david-signe-de-proteccio\/"]}]},{"@type":"ImageObject","inLanguage":"ca","@id":"https:\/\/iwell-guard.com\/ca\/estrella-de-david-signe-de-proteccio\/#primaryimage","url":"https:\/\/iwell-guard.com\/wp-content\/uploads\/2026\/05\/schutzsymbol_judentum_davidstern.webp","contentUrl":"https:\/\/iwell-guard.com\/wp-content\/uploads\/2026\/05\/schutzsymbol_judentum_davidstern.webp","width":1024,"height":1536,"caption":"S\u00edmbol de protecci\u00f3. Il\u00b7lustraci\u00f3 muse\u00edstica de bodeg\u00f3."},{"@type":"BreadcrumbList","@id":"https:\/\/iwell-guard.com\/ca\/estrella-de-david-signe-de-proteccio\/#breadcrumb","itemListElement":[{"@type":"ListItem","position":1,"name":"Start","item":"https:\/\/iwell-guard.com\/ca\/?page_id=171333"},{"@type":"ListItem","position":2,"name":"L&#8217;Estrella de David \u2013 el Magen David com a signe de protecci\u00f3"}]},{"@type":"WebSite","@id":"https:\/\/iwell-guard.com\/ca\/#website","url":"https:\/\/iwell-guard.com\/ca\/","name":"iWell Guard","description":"Schutz vor dunklen Einfl\u00fcssen","publisher":{"@id":"https:\/\/iwell-guard.com\/ca\/#organization"},"potentialAction":[{"@type":"SearchAction","target":{"@type":"EntryPoint","urlTemplate":"https:\/\/iwell-guard.com\/ca\/?s={search_term_string}"},"query-input":{"@type":"PropertyValueSpecification","valueRequired":true,"valueName":"search_term_string"}}],"inLanguage":"ca"},{"@type":"Organization","@id":"https:\/\/iwell-guard.com\/ca\/#organization","name":"Ittermann electronic GmbH","url":"https:\/\/iwell-guard.com\/ca\/","logo":{"@type":"ImageObject","inLanguage":"ca","@id":"https:\/\/iwell-guard.com\/ca\/#\/schema\/logo\/image\/","url":"https:\/\/iwell-guard.com\/wp-content\/uploads\/2026\/05\/Ittermann-Logo-1182x237-1.png","contentUrl":"https:\/\/iwell-guard.com\/wp-content\/uploads\/2026\/05\/Ittermann-Logo-1182x237-1.png","width":1182,"height":237,"caption":"Ittermann electronic GmbH"},"image":{"@id":"https:\/\/iwell-guard.com\/ca\/#\/schema\/logo\/image\/"},"sameAs":["https:\/\/pantip.com\/profile\/9367242","https:\/\/micro.blog\/iwellguard","https:\/\/www.diggerslist.com\/iwellguard\/about","https:\/\/skitterphoto.com\/photographers\/2870314\/iwell-guard","https:\/\/iwellguard.wordpress.com\/2026\/06\/06\/iwell-guard\/","https:\/\/hub.docker.com\/u\/iwellguard","https:\/\/www.pinterest.com\/iwellguard\/","https:\/\/bit.ly\/m\/iwellguard","https:\/\/entre-vos-mains.alsace.eu\/profiles\/iwellguard\/activity","https:\/\/gravatar.com\/reallybeded8fd34","https:\/\/naijamatta.com\/iwellguard","https:\/\/www.goodreads.com\/iwellguard","https:\/\/profile.hatena.ne.jp\/iwellguard\/","https:\/\/experiment.com\/users\/iwellguard","https:\/\/wakelet.com\/@iWellGuard82270","https:\/\/www.chordie.com\/forum\/profile.php?id=2555664","https:\/\/www.instapaper.com\/p\/17757966","https:\/\/www.mapleprimes.com\/users\/iwellguard","https:\/\/businesslistingplus.com\/profile\/iwell-guard\/","https:\/\/telegra.ph\/iWell-Guard-06-06","https:\/\/pbase.com\/iwellguard\/iwellguard","https:\/\/b.hatena.ne.jp\/iwellguard\/20260607#bookmark-4788405196491818882","https:\/\/fliphtml5.com\/home\/iwellguard","https:\/\/anyflip.com\/homepage\/cmiwl#About","https:\/\/transfur.com\/Users\/iwellguard","http:\/\/delphi.larsbo.org\/user\/iwellguard","https:\/\/jobs.lajobsportal.org\/profiles\/8380803-iwell-guard","https:\/\/md.chaosdorf.de\/s\/jfbe5SBdJD","https:\/\/www.lingvolive.com\/en-us\/profile\/9ecaeaca-ce11-4e51-9e71-01d55e2bff36\/translations","https:\/\/www.fitday.com\/fitness\/forums\/members\/iwellguard.html","https:\/\/www.mymeetbook.com\/iwellguard","https:\/\/pxhere.com\/en\/photographer-me\/5040798","https:\/\/disqus.com\/by\/iwellguard\/about\/","https:\/\/pastelink.net\/hjwciqwq","https:\/\/pubhtml5.com\/homepage\/scjhn\/","https:\/\/www.bitchute.com\/channel\/2O2eOKzNqujT","https:\/\/audiomack.com\/iwellguard"]}]}},"_links":{"self":[{"href":"https:\/\/iwell-guard.com\/ca\/wp-json\/wp\/v2\/pages\/171894","targetHints":{"allow":["GET"]}}],"collection":[{"href":"https:\/\/iwell-guard.com\/ca\/wp-json\/wp\/v2\/pages"}],"about":[{"href":"https:\/\/iwell-guard.com\/ca\/wp-json\/wp\/v2\/types\/page"}],"author":[{"embeddable":true,"href":"https:\/\/iwell-guard.com\/ca\/wp-json\/wp\/v2\/users\/3"}],"replies":[{"embeddable":true,"href":"https:\/\/iwell-guard.com\/ca\/wp-json\/wp\/v2\/comments?post=171894"}],"version-history":[{"count":0,"href":"https:\/\/iwell-guard.com\/ca\/wp-json\/wp\/v2\/pages\/171894\/revisions"}],"wp:featuredmedia":[{"embeddable":true,"href":"https:\/\/iwell-guard.com\/ca\/wp-json\/wp\/v2\/media\/3499"}],"wp:attachment":[{"href":"https:\/\/iwell-guard.com\/ca\/wp-json\/wp\/v2\/media?parent=171894"}],"wp:term":[{"taxonomy":"category","embeddable":true,"href":"https:\/\/iwell-guard.com\/ca\/wp-json\/wp\/v2\/categories?post=171894"}],"curies":[{"name":"wp","href":"https:\/\/api.w.org\/{rel}","templated":true}]}}